{"id":99272,"date":"2024-01-10T20:19:01","date_gmt":"2024-01-10T20:19:01","guid":{"rendered":"https:\/\/www.federacao-triatlo.pt\/ftp2015\/?page_id=99272"},"modified":"2024-10-18T12:36:13","modified_gmt":"2024-10-18T11:36:13","slug":"calendario-litoral-interior-centro-2024","status":"publish","type":"page","link":"https:\/\/www.federacao-triatlo.pt\/ftp2015\/competicoes\/calendario\/calendario-2024\/calendario-litoral-interior-centro-2024\/","title":{"rendered":"Calend\u00e1rio Litoral e Interior Centro 2024"},"content":{"rendered":"<p><img decoding=\"async\" class=\"attachment-full size-full wp-post-image\" src=\"https:\/\/www.federacao-triatlo.pt\/ftp2015\/wp-content\/uploads\/2023\/01\/mapa-regioes-litoral-interior-centro-2023.png\" alt=\"Mapa de Regi\u00f5es da Federa\u00e7\u00e3o de Triatlo de Portugal - Litoral e Interior Centro\" \/><\/p>\n<div class=\"documents-list\">\n<div class=\"results-list__item\">\n    <a href=\"https:\/\/www.federacao-triatlo.pt\/ftp2015\/wp-content\/uploads\/2024\/10\/guia-calendario-regional-2024-litoral-interior-centro-rev-02.pdf\" target=\"_blank\" rel=\"noopener\"><span class=\"fa fa-file-pdf fa-2x\"><\/span><span class=\"documents-list__title\">Guia do Calend\u00e1rio \u2013 Litoral Interior Centro<\/span><\/a>\n  <\/div>\n<\/div>\n<div id='evcal_calendar_149' class='ajde_evcal_calendar  ul' ><div class='evo-data' data-cyear=\"2024\" data-cmonth=\"1\" data-runajax=\"1\" data-evc_open=\"0\" data-cal_ver=\"2.6\" data-mapscroll=\"true\" data-mapformat=\"roadmap\" data-mapzoom=\"14\" data-mapiconurl=\"\" data-ev_cnt=\"0\" data-show_limit=\"no\" data-tiles=\"no\" data-sort_by=\"sort_date\" data-filters_on=\"true\" data-range_start=\"0\" data-range_end=\"0\" data-send_unix=\"0\" data-ux_val=\"0\" data-accord=\"0\" data-rtl=\"no\"  ><\/div><div id='evcal_head' class='calendar_header ' ><div class='evo_cal_above'><span class='evo-gototoday-btn' style='display:none' data-mo='1' data-yr='2024' data-dy=''>Dia de Hoje<\/span><\/div><div class='evo_cal_above_content'><\/div><div class='cal_arguments' style='display:none' data-hide_past=\"no\" data-show_et_ft_img=\"no\" data-event_order=\"ASC\" data-ft_event_priority=\"no\" data-lang=\"L1\" data-month_incre=\"0\" data-only_ft=\"no\" data-evc_open=\"no\" data-show_limit=\"no\" data-etc_override=\"no\" data-show_limit_redir=\"0\" data-tiles=\"no\" data-tile_height=\"0\" data-tile_bg=\"0\" data-tile_count=\"2\" data-tile_style=\"0\" data-s=\"\" data-members_only=\"no\" data-ux_val=\"0\" data-show_limit_ajax=\"no\" data-show_limit_paged=\"1\" ><\/div><div class='clear'><\/div><\/div><div class='evcal_month_line'><p>Janeiro 2024<\/p><\/div><div id='evcal_list' class='evcal_list_month eventon_events_list '><div id=\"event_99261\" class=\"eventon_list_event evo_eventtop past_event event\" data-event_id=\"99261\" data-time=\"1706400001-1706486399\" data-colr=\"#0092e0\" itemscope itemtype='http:\/\/schema.org\/Event' 1><div class=\"evo_event_schema\" style=\"display:none\" ><a itemprop='url'  href='https:\/\/www.federacao-triatlo.pt\/ftp2015\/events\/xiv-duatlo-cross-joao-campos-campeonato-litoral-e-interior-centro-jovem\/'><\/a><span itemprop='name'  >XIV Duatlo Cross Jo\u00e3o Campos - Campeonato Litoral e Interior Centro Jovem<\/span><meta itemprop='image'  ><\/meta><meta itemprop='description' content='\r\n  \r\n    Regulamento\r\n  \r\n  \r\n    ' ><\/meta><meta itemprop='startDate' content='2024-1-28' ><\/meta><meta itemprop='endDate' content='2024-1-28' ><\/meta><meta itemprop='eventStatus' content='on-schedule' ><\/meta><script type=\"application\/ld+json\">{\t\"@context\": \"http:\/\/schema.org\",\r\n\t\t\t\t\t\t\t  \t\"@type\": \"Event\",\r\n\t\t\t\t\t\t\t  \t\"name\": \"XIV Duatlo Cross Jo\u00e3o Campos - Campeonato Litoral e Interior Centro Jovem\",\r\n\t\t\t\t\t\t\t  \t\"startDate\": \"2024-1-28T00-00-00-00\",\r\n\t\t\t\t\t\t\t  \t\"endDate\": \"2024-1-28T23-23-59-00\",\r\n\t\t\t\t\t\t\t  \t\"image\":,\r\n\t\t\t\t\t\t\t  \t\"description\":\"\r\n  \r\n    Regulamento\r\n  \r\n  \r\n    \",\r\n\t\t\t\t\t\t\t  \t\r\n\t\t\t\t\t\t\t }\r\n\t\t\t\t\t\t\t<\/script><\/div>\r\n\t\t\t\t<p class=\"desc_trig_outter\"><a data-gmap_status=\"null\" data-exlk=\"0\" style=\"border-color: #0092e0;\" id=\"evc_170640000199261\" class=\"desc_trig evo_litoral-interior-centro-competicao-regional sin_val evcal_list_a\" data-ux_val=\"1\"  ><span class='evcal_cblock ' data-bgcolor='#0092e0' data-smon='Janeiro' data-syr='2024'><span class='evo_start '><em class='date'>28<\/em><em class='month'>jan<\/em><em class='time'>allday<\/em><\/span><span class='evo_end only_time'><em class='time'>allday<\/em><\/span><em class='clear'><\/em><\/span><span class='evcal_desc evo_info hide_eventtopdata '  data-location_status=\"false\" ><span class='evo_above_title'><\/span><span class='evcal_desc2 evcal_event_title' itemprop='name'>XIV Duatlo Cross Jo\u00e3o Campos - Campeonato Litoral e Interior Centro Jovem<\/span><span class='evo_below_title'><\/span><span class='evcal_desc_info' ><\/span><span class='evcal_desc3'><span class='evcal_event_types ett1'><em><i>Tipo de Evento:<\/i><\/em><em data-filter='event_type'>Litoral e Interior Centro<\/em><i class='clear'><\/i><\/span><\/span><\/span><em class='clear'><\/em><\/p><\/a><div class='event_description evcal_eventcard ' style=\"display:none\"><div class='evo_metarow_details evorow evcal_evdata_row bordb evcal_event_details'>\r\n\t\t\t\t\t\t\t<div class=\"event_excerpt\" style=\"display:none\"><h3 class=\"padb5 evo_h3\">Detalhes do Evento<\/h3><p>\r\n  \r\n    Regulamento\r\n  \r\n  \r\n    <\/p><\/div><span class='evcal_evdata_icons'><i class='fa fa-align-justify'><\/i><\/span>\r\n\t\t\t\t\t\t\t\r\n\t\t\t\t\t\t\t<div class='evcal_evdata_cell '><div class='eventon_full_description'>\r\n\t\t\t\t\t\t\t\t\t<h3 class='padb5 evo_h3'><span class='evcal_evdata_icons'><i class='fa fa-align-justify'><\/i><\/span>Detalhes do Evento<\/h3><div class='eventon_desc_in' itemprop='description'>\r\n\t\t\t\t\t\t\t\t\t<div class=\"documents-list\">\n<div class=\"documents-list__item\">\n    <a href=\"https:\/\/api-files.federacao-triatlo.pt\/v1\/files\/2024\/events\/20240128FTP001\/event-files\/20240128FTP001-REG002-01.pdf\" target=\"_blank\" rel=\"noopener\"><span class=\"fa fa-file-pdf fa-2x\"><\/span><span class=\"documents-list__title\">Regulamento<\/span><\/a>\n  <\/div>\n<div class=\"documents-list__item\">\n    <a href=\"https:\/\/api-files.federacao-triatlo.pt\/v1\/files\/2024\/events\/20240128FTP001\/event-files\/20240128FTP001-MAP002-01.pdf\" target=\"_blank\" rel=\"noopener\"><span class=\"fa fa-file-pdf fa-2x\"><\/span><span class=\"documents-list__title\">Percursos<\/span><\/a>\n  <\/div>\n<div class=\"documents-list__item\">\n    <a href=\"https:\/\/api-files.federacao-triatlo.pt\/v1\/files\/2024\/events\/20240128FTP001\/event-files\/20240128FTP001-STL002-01.pdf\" target=\"_blank\" rel=\"noopener\"><span class=\"fa fa-list fa-2x\"><\/span><span class=\"documents-list__title\">Lista de Inscritos Campeonato Litoral e Interior Centro Jovem<\/span><\/a>\n  <\/div>\n<\/div>\n<\/div><div class='clear'><\/div>\r\n\t\t\t\t\t\t\t\t<\/div>\r\n\t\t\t\t\t\t\t<\/div>\r\n\t\t\t\t\t\t<\/div><div class='evo_metarow_time evorow evcal_evdata_row bordb evcal_evrow_sm '>\r\n\t\t\t\t\t\t\t<span class='evcal_evdata_icons'><i class='fa fa-clock-o'><\/i><\/span>\r\n\t\t\t\t\t\t\t<div class='evcal_evdata_cell'>\t\t\t\t\t\t\t\r\n\t\t\t\t\t\t\t\t<h3 class='evo_h3'><span class='evcal_evdata_icons'><i class='fa fa-clock-o'><\/i><\/span>Hor\u00e1rio<\/h3><p>Todo o dia (Domingo)<\/p>\r\n\t\t\t\t\t\t\t<\/div>\r\n\t\t\t\t\t\t<\/div>\t\t\t\t\t\t<div class='evo_metarow_ICS evorow bordb evcal_evdata_row'>\r\n\t\t\t\t\t\t\t<span class=\"evcal_evdata_icons\"><i class=\"fa fa-calendar\"><\/i><\/span>\r\n\t\t\t\t\t\t\t<div class='evcal_evdata_cell'>\r\n\t\t\t\t\t\t\t\t<p><a href='https:\/\/www.federacao-triatlo.pt\/ftp2015\/wp-admin\/admin-ajax.php?action=eventon_ics_download&amp;event_id=99261&amp;sunix=20240127T230000Z&amp;eunix=20240128T225900Z&amp;loca=&amp;locn=' class='evo_ics_nCal' title='Adicionar ao seu calend\u00e1rio'>Calend\u00e1rio<\/a><a href='\/\/www.google.com\/calendar\/event?action=TEMPLATE&amp;text=XIV+Duatlo+Cross+Jo%C3%A3o+Campos+-+Campeonato+Litoral+e+Interior+Centro+Jovem&amp;dates=20240127T230000Z\/20240128T225900Z&amp;details=%0D%0A++%0D%0A++++Regulamento%0D%0A++%0D%0A++%0D%0A++++&amp;location= - ' target='_blank' class='evo_ics_gCal' title='Adicionar ao calend\u00e1rio Google'>GoogleCal<\/a><\/p>\t\r\n\t\t\t\t\t\t\t<\/div>\t\t\t\t\t\t<\/div>\r\n\t\t\t\t\t\t<\/div><div class='clear end'><\/div><\/div><\/div><div class='evcal_month_line'><p>Abril 2024<\/p><\/div><div id='evcal_list' class='evcal_list_month eventon_events_list '><div id=\"event_99588\" class=\"eventon_list_event evo_eventtop past_event event\" data-event_id=\"99588\" data-time=\"1713700800-1713700800\" data-colr=\"#0092e0\" itemscope itemtype='http:\/\/schema.org\/Event' 1><div class=\"evo_event_schema\" style=\"display:none\" ><a itemprop='url'  href='https:\/\/www.federacao-triatlo.pt\/ftp2015\/events\/xterra-golega\/'><\/a><span itemprop='name'  >XTerra Youth - Campeonato Litoral e Interior Centro Jovem<\/span><meta itemprop='image' content='https:\/\/www.federacao-triatlo.pt\/ftp2015\/wp-content\/uploads\/2024\/02\/Cartaz24-212x300.jpg' ><\/meta><meta itemprop='description' content='\r\n  \r\n    Regulamento\r\n  \r\n  \r\n    ' ><\/meta><meta itemprop='startDate' content='2024-4-21' ><\/meta><meta itemprop='endDate' content='2024-4-21' ><\/meta><meta itemprop='eventStatus' content='on-schedule' ><\/meta><script type=\"application\/ld+json\">{\t\"@context\": \"http:\/\/schema.org\",\r\n\t\t\t\t\t\t\t  \t\"@type\": \"Event\",\r\n\t\t\t\t\t\t\t  \t\"name\": \"XTerra Youth - Campeonato Litoral e Interior Centro Jovem\",\r\n\t\t\t\t\t\t\t  \t\"startDate\": \"2024-4-21T12-12-00-00\",\r\n\t\t\t\t\t\t\t  \t\"endDate\": \"2024-4-21T12-12-00-00\",\r\n\t\t\t\t\t\t\t  \t\"image\":\"https:\/\/www.federacao-triatlo.pt\/ftp2015\/wp-content\/uploads\/2024\/02\/Cartaz24-212x300.jpg\",\r\n\t\t\t\t\t\t\t  \t\"description\":\"\r\n  \r\n    Regulamento\r\n  \r\n  \r\n    \",\r\n\t\t\t\t\t\t\t  \t\r\n\t\t\t\t\t\t\t }\r\n\t\t\t\t\t\t\t<\/script><\/div>\r\n\t\t\t\t<p class=\"desc_trig_outter\"><a data-gmap_status=\"null\" data-exlk=\"0\" style=\"border-color: #0092e0;\" id=\"evc_171370080099588\" class=\"desc_trig evo_litoral-interior-centro-competicao-regional sin_val evcal_list_a\" data-ux_val=\"1\"  ><span class='evcal_cblock ' data-bgcolor='#0092e0' data-smon='Abril' data-syr='2024'><span class='evo_start '><em class='date'>21<\/em><em class='month'>abr<\/em><em class='time'>12:00<\/em><\/span><span class='evo_end only_time'><em class='time'>12:00<\/em><\/span><em class='clear'><\/em><\/span><span class='evcal_desc evo_info hide_eventtopdata '  data-location_status=\"false\" ><span class='evo_above_title'><\/span><span class='evcal_desc2 evcal_event_title' itemprop='name'>XTerra Youth - Campeonato Litoral e Interior Centro Jovem<\/span><span class='evo_below_title'><span class='evcal_event_subtitle' >CAMPEONATO LITORAL E INTERIOR CENTRO JOVEM<\/span><\/span><span class='evcal_desc_info' ><\/span><span class='evcal_desc3'><span class='evcal_event_types ett1'><em><i>Tipo de Evento:<\/i><\/em><em data-filter='event_type'>Litoral e Interior Centro<\/em><i class='clear'><\/i><\/span><\/span><\/span><em class='clear'><\/em><\/p><\/a><div class='event_description evcal_eventcard ' style=\"display:none\"><div class='evo_metarow_directimg'><img src='https:\/\/www.federacao-triatlo.pt\/ftp2015\/wp-content\/uploads\/2024\/02\/Cartaz24-scaled.jpg' \/><\/div><div class='evo_metarow_details evorow evcal_evdata_row bordb evcal_event_details'>\r\n\t\t\t\t\t\t\t<div class=\"event_excerpt\" style=\"display:none\"><h3 class=\"padb5 evo_h3\">Detalhes do Evento<\/h3><p>\r\n  \r\n    Regulamento\r\n  \r\n  \r\n    <\/p><\/div><span class='evcal_evdata_icons'><i class='fa fa-align-justify'><\/i><\/span>\r\n\t\t\t\t\t\t\t\r\n\t\t\t\t\t\t\t<div class='evcal_evdata_cell '><div class='eventon_full_description'>\r\n\t\t\t\t\t\t\t\t\t<h3 class='padb5 evo_h3'><span class='evcal_evdata_icons'><i class='fa fa-align-justify'><\/i><\/span>Detalhes do Evento<\/h3><div class='eventon_desc_in' itemprop='description'>\r\n\t\t\t\t\t\t\t\t\t<div class=\"documents-list\">\n<div class=\"documents-list__item\">\n    <a href=\"https:\/\/api-files.federacao-triatlo.pt\/v1\/files\/2024\/events\/20240420FTP001\/event-files\/20240420FTP001-REG002-02.pdf\" target=\"_blank\" rel=\"noopener\"><span class=\"fa fa-file-pdf fa-2x\"><\/span><span class=\"documents-list__title\">Regulamento<\/span><\/a>\n  <\/div>\n<div class=\"documents-list__item\">\n    <a href=\"https:\/\/api-files.federacao-triatlo.pt\/v1\/files\/2024\/events\/20240420FTP001\/event-files\/20240420FTP001-MAP003-02.pdf\" target=\"_blank\" rel=\"noopener\"><span class=\"fa fa-file-pdf fa-2x\"><\/span><span class=\"documents-list__title\">Percursos<\/span><\/a>\n  <\/div>\n<div class=\"documents-list__item\">\n    <a href=\"https:\/\/api-files.federacao-triatlo.pt\/v1\/files\/2024\/events\/20240420FTP001\/event-files\/20240420FTP001-STL004-03.pdf\" target=\"_blank\" rel=\"noopener\"><span class=\"fa fa-file-pdf fa-2x\"><\/span><span class=\"documents-list__title\">Lista de Inscritos Campeonato Litoral e Interior Centro Jovem<\/span><\/a>\n  <\/div>\n<\/div>\n<\/div><div class='clear'><\/div>\r\n\t\t\t\t\t\t\t\t<\/div>\r\n\t\t\t\t\t\t\t<\/div>\r\n\t\t\t\t\t\t<\/div><div class='evo_metarow_time evorow evcal_evdata_row bordb evcal_evrow_sm '>\r\n\t\t\t\t\t\t\t<span class='evcal_evdata_icons'><i class='fa fa-clock-o'><\/i><\/span>\r\n\t\t\t\t\t\t\t<div class='evcal_evdata_cell'>\t\t\t\t\t\t\t\r\n\t\t\t\t\t\t\t\t<h3 class='evo_h3'><span class='evcal_evdata_icons'><i class='fa fa-clock-o'><\/i><\/span>Hor\u00e1rio<\/h3><p>(Domingo) 12:00 - 12:00<\/p>\r\n\t\t\t\t\t\t\t<\/div>\r\n\t\t\t\t\t\t<\/div>\t\t\t\t\t\t<div class='evo_metarow_ICS evorow bordb evcal_evdata_row'>\r\n\t\t\t\t\t\t\t<span class=\"evcal_evdata_icons\"><i class=\"fa fa-calendar\"><\/i><\/span>\r\n\t\t\t\t\t\t\t<div class='evcal_evdata_cell'>\r\n\t\t\t\t\t\t\t\t<p><a href='https:\/\/www.federacao-triatlo.pt\/ftp2015\/wp-admin\/admin-ajax.php?action=eventon_ics_download&amp;event_id=99588&amp;sunix=20240421T110000Z&amp;eunix=20240421T110000Z&amp;loca=&amp;locn=' class='evo_ics_nCal' title='Adicionar ao seu calend\u00e1rio'>Calend\u00e1rio<\/a><a href='\/\/www.google.com\/calendar\/event?action=TEMPLATE&amp;text=XTerra+Youth+-+Campeonato+Litoral+e+Interior+Centro+Jovem&amp;dates=20240421T110000Z\/20240421T110000Z&amp;details=%0D%0A++%0D%0A++++Regulamento%0D%0A++%0D%0A++%0D%0A++++&amp;location= - ' target='_blank' class='evo_ics_gCal' title='Adicionar ao calend\u00e1rio Google'>GoogleCal<\/a><\/p>\t\r\n\t\t\t\t\t\t\t<\/div>\t\t\t\t\t\t<\/div>\r\n\t\t\t\t\t\t<\/div><div class='clear end'><\/div><\/div><\/div><div class='evcal_month_line'><p>Maio 2024<\/p><\/div><div id='evcal_list' class='evcal_list_month eventon_events_list '><div id=\"event_99583\" class=\"eventon_list_event evo_eventtop past_event event\" data-event_id=\"99583\" data-time=\"1714564260-1714564260\" data-colr=\"#0092e0\" itemscope itemtype='http:\/\/schema.org\/Event' 1><div class=\"evo_event_schema\" style=\"display:none\" ><a itemprop='url'  href='https:\/\/www.federacao-triatlo.pt\/ftp2015\/events\/aquatlo-da-ortiga\/'><\/a><span itemprop='name'  >I Aquatlo Munic\u00edpio de Ma\u00e7\u00e3o<\/span><meta itemprop='image'  ><\/meta><meta itemprop='description' content='\r\n  \r\n    Regulamento\r\n  \r\n  \r\n    ' ><\/meta><meta itemprop='startDate' content='2024-5-1' ><\/meta><meta itemprop='endDate' content='2024-5-1' ><\/meta><meta itemprop='eventStatus' content='on-schedule' ><\/meta><script type=\"application\/ld+json\">{\t\"@context\": \"http:\/\/schema.org\",\r\n\t\t\t\t\t\t\t  \t\"@type\": \"Event\",\r\n\t\t\t\t\t\t\t  \t\"name\": \"I Aquatlo Munic\u00edpio de Ma\u00e7\u00e3o\",\r\n\t\t\t\t\t\t\t  \t\"startDate\": \"2024-5-1T11-11-51-00\",\r\n\t\t\t\t\t\t\t  \t\"endDate\": \"2024-5-1T11-11-51-00\",\r\n\t\t\t\t\t\t\t  \t\"image\":,\r\n\t\t\t\t\t\t\t  \t\"description\":\"\r\n  \r\n    Regulamento\r\n  \r\n  \r\n    \",\r\n\t\t\t\t\t\t\t  \t\r\n\t\t\t\t\t\t\t }\r\n\t\t\t\t\t\t\t<\/script><\/div>\r\n\t\t\t\t<p class=\"desc_trig_outter\"><a data-gmap_status=\"null\" data-exlk=\"0\" style=\"border-color: #0092e0;\" id=\"evc_171456426099583\" class=\"desc_trig evo_litoral-interior-centro-competicao-regional sin_val evcal_list_a\" data-ux_val=\"1\"  ><span class='evcal_cblock ' data-bgcolor='#0092e0' data-smon='Maio' data-syr='2024'><span class='evo_start '><em class='date'>01<\/em><em class='month'>mai<\/em><em class='time'>11:51<\/em><\/span><span class='evo_end only_time'><em class='time'>11:51<\/em><\/span><em class='clear'><\/em><\/span><span class='evcal_desc evo_info hide_eventtopdata '  data-location_status=\"false\" ><span class='evo_above_title'><\/span><span class='evcal_desc2 evcal_event_title' itemprop='name'>I Aquatlo Munic\u00edpio de Ma\u00e7\u00e3o<\/span><span class='evo_below_title'><span class='evcal_event_subtitle' >CAMPEONATO LITORAL E INTERIOR CENTRO<\/span><\/span><span class='evcal_desc_info' ><\/span><span class='evcal_desc3'><span class='evcal_event_types ett1'><em><i>Tipo de Evento:<\/i><\/em><em data-filter='event_type'>Litoral e Interior Centro<\/em><i class='clear'><\/i><\/span><\/span><\/span><em class='clear'><\/em><\/p><\/a><div class='event_description evcal_eventcard ' style=\"display:none\"><div class='evo_metarow_details evorow evcal_evdata_row bordb evcal_event_details'>\r\n\t\t\t\t\t\t\t<div class=\"event_excerpt\" style=\"display:none\"><h3 class=\"padb5 evo_h3\">Detalhes do Evento<\/h3><p>\r\n  \r\n    Regulamento\r\n  \r\n  \r\n    <\/p><\/div><span class='evcal_evdata_icons'><i class='fa fa-align-justify'><\/i><\/span>\r\n\t\t\t\t\t\t\t\r\n\t\t\t\t\t\t\t<div class='evcal_evdata_cell '><div class='eventon_full_description'>\r\n\t\t\t\t\t\t\t\t\t<h3 class='padb5 evo_h3'><span class='evcal_evdata_icons'><i class='fa fa-align-justify'><\/i><\/span>Detalhes do Evento<\/h3><div class='eventon_desc_in' itemprop='description'>\r\n\t\t\t\t\t\t\t\t\t<div class=\"documents-list\">\n<div class=\"documents-list__item\">\n    <a href=\"https:\/\/api-files.federacao-triatlo.pt\/v1\/files\/2024\/events\/20240501LIC001\/event-files\/20240501LIC001-REG001-01.pdf\" target=\"_blank\" rel=\"noopener\"><span class=\"fa fa-file-pdf fa-2x\"><\/span><span class=\"documents-list__title\">Regulamento<\/span><\/a>\n  <\/div>\n<div class=\"documents-list__item\">\n    <a href=\"https:\/\/api-files.federacao-triatlo.pt\/v1\/files\/2024\/events\/20240501LIC001\/event-files\/20240501LIC001-MAP001-01.pdf\" target=\"_blank\" rel=\"noopener\"><span class=\"fa fa-file-pdf fa-2x\"><\/span><span class=\"documents-list__title\">Percursos<\/span><\/a>\n  <\/div>\n<div class=\"documents-list__item\">\n    <a href=\"https:\/\/api-files.federacao-triatlo.pt\/v1\/files\/2024\/events\/20240501LIC001\/event-files\/20240501LIC001-STL001-02.pdf\" target=\"_blank\" rel=\"noopener\"><span class=\"fa fa-file-pdf fa-2x\"><\/span><span class=\"documents-list__title\">Lista de Inscritos Campeonato Litoral e Interior Centro<\/span><\/a>\n  <\/div>\n<\/div>\n<\/div><div class='clear'><\/div>\r\n\t\t\t\t\t\t\t\t<\/div>\r\n\t\t\t\t\t\t\t<\/div>\r\n\t\t\t\t\t\t<\/div><div class='evo_metarow_time evorow evcal_evdata_row bordb evcal_evrow_sm '>\r\n\t\t\t\t\t\t\t<span class='evcal_evdata_icons'><i class='fa fa-clock-o'><\/i><\/span>\r\n\t\t\t\t\t\t\t<div class='evcal_evdata_cell'>\t\t\t\t\t\t\t\r\n\t\t\t\t\t\t\t\t<h3 class='evo_h3'><span class='evcal_evdata_icons'><i class='fa fa-clock-o'><\/i><\/span>Hor\u00e1rio<\/h3><p>(Quarta-feira) 11:51 - 11:51<\/p>\r\n\t\t\t\t\t\t\t<\/div>\r\n\t\t\t\t\t\t<\/div>\t\t\t\t\t\t<div class='evo_metarow_ICS evorow bordb evcal_evdata_row'>\r\n\t\t\t\t\t\t\t<span class=\"evcal_evdata_icons\"><i class=\"fa fa-calendar\"><\/i><\/span>\r\n\t\t\t\t\t\t\t<div class='evcal_evdata_cell'>\r\n\t\t\t\t\t\t\t\t<p><a href='https:\/\/www.federacao-triatlo.pt\/ftp2015\/wp-admin\/admin-ajax.php?action=eventon_ics_download&amp;event_id=99583&amp;sunix=20240501T105100Z&amp;eunix=20240501T105100Z&amp;loca=&amp;locn=' class='evo_ics_nCal' title='Adicionar ao seu calend\u00e1rio'>Calend\u00e1rio<\/a><a href='\/\/www.google.com\/calendar\/event?action=TEMPLATE&amp;text=I+Aquatlo+Munic%C3%ADpio+de+Ma%C3%A7%C3%A3o&amp;dates=20240501T105100Z\/20240501T105100Z&amp;details=%0D%0A++%0D%0A++++Regulamento%0D%0A++%0D%0A++%0D%0A++++&amp;location= - ' target='_blank' class='evo_ics_gCal' title='Adicionar ao calend\u00e1rio Google'>GoogleCal<\/a><\/p>\t\r\n\t\t\t\t\t\t\t<\/div>\t\t\t\t\t\t<\/div>\r\n\t\t\t\t\t\t<\/div><div class='clear end'><\/div><\/div><div id=\"event_99589\" class=\"eventon_list_event evo_eventtop past_event event\" data-event_id=\"99589\" data-time=\"1715515320-1715515320\" data-colr=\"#0092e0\" itemscope itemtype='http:\/\/schema.org\/Event' 2><div class=\"evo_event_schema\" style=\"display:none\" ><a itemprop='url'  href='https:\/\/www.federacao-triatlo.pt\/ftp2015\/events\/v-triatlo-das-caldas-da-rainha\/'><\/a><span itemprop='name'  >V Triatlo das Caldas da Rainha<\/span><meta itemprop='image'  ><\/meta><meta itemprop='description' content='\r\n  \r\n    Regulamento\r\n  \r\n  \r\n    ' ><\/meta><meta itemprop='startDate' content='2024-5-12' ><\/meta><meta itemprop='endDate' content='2024-5-12' ><\/meta><meta itemprop='eventStatus' content='on-schedule' ><\/meta><script type=\"application\/ld+json\">{\t\"@context\": \"http:\/\/schema.org\",\r\n\t\t\t\t\t\t\t  \t\"@type\": \"Event\",\r\n\t\t\t\t\t\t\t  \t\"name\": \"V Triatlo das Caldas da Rainha\",\r\n\t\t\t\t\t\t\t  \t\"startDate\": \"2024-5-12T12-12-02-00\",\r\n\t\t\t\t\t\t\t  \t\"endDate\": \"2024-5-12T12-12-02-00\",\r\n\t\t\t\t\t\t\t  \t\"image\":,\r\n\t\t\t\t\t\t\t  \t\"description\":\"\r\n  \r\n    Regulamento\r\n  \r\n  \r\n    \",\r\n\t\t\t\t\t\t\t  \t\r\n\t\t\t\t\t\t\t }\r\n\t\t\t\t\t\t\t<\/script><\/div>\r\n\t\t\t\t<p class=\"desc_trig_outter\"><a data-gmap_status=\"null\" data-exlk=\"0\" style=\"border-color: #0092e0;\" id=\"evc_171551532099589\" class=\"desc_trig evo_litoral-interior-centro-competicao-regional sin_val evcal_list_a\" data-ux_val=\"1\"  ><span class='evcal_cblock ' data-bgcolor='#0092e0' data-smon='Maio' data-syr='2024'><span class='evo_start '><em class='date'>12<\/em><em class='month'>mai<\/em><em class='time'>12:02<\/em><\/span><span class='evo_end only_time'><em class='time'>12:02<\/em><\/span><em class='clear'><\/em><\/span><span class='evcal_desc evo_info hide_eventtopdata '  data-location_status=\"false\" ><span class='evo_above_title'><\/span><span class='evcal_desc2 evcal_event_title' itemprop='name'>V Triatlo das Caldas da Rainha<\/span><span class='evo_below_title'><span class='evcal_event_subtitle' >CAMPEONATO LITORAL E INTERIOR CENTRO JOVEM<\/span><\/span><span class='evcal_desc_info' ><\/span><span class='evcal_desc3'><span class='evcal_event_types ett1'><em><i>Tipo de Evento:<\/i><\/em><em data-filter='event_type'>Litoral e Interior Centro<\/em><i class='clear'><\/i><\/span><\/span><\/span><em class='clear'><\/em><\/p><\/a><div class='event_description evcal_eventcard ' style=\"display:none\"><div class='evo_metarow_details evorow evcal_evdata_row bordb evcal_event_details'>\r\n\t\t\t\t\t\t\t<div class=\"event_excerpt\" style=\"display:none\"><h3 class=\"padb5 evo_h3\">Detalhes do Evento<\/h3><p>\r\n  \r\n    Regulamento\r\n  \r\n  \r\n    <\/p><\/div><span class='evcal_evdata_icons'><i class='fa fa-align-justify'><\/i><\/span>\r\n\t\t\t\t\t\t\t\r\n\t\t\t\t\t\t\t<div class='evcal_evdata_cell '><div class='eventon_full_description'>\r\n\t\t\t\t\t\t\t\t\t<h3 class='padb5 evo_h3'><span class='evcal_evdata_icons'><i class='fa fa-align-justify'><\/i><\/span>Detalhes do Evento<\/h3><div class='eventon_desc_in' itemprop='description'>\r\n\t\t\t\t\t\t\t\t\t<div class=\"documents-list\">\n<div class=\"documents-list__item\">\n    <a href=\"https:\/\/api-files.federacao-triatlo.pt\/v1\/files\/2024\/events\/20241006FTP001\/event-files\/20241006FTP001-REG001-02.pdf\" target=\"_blank\" rel=\"noopener\"><span class=\"fa fa-file-pdf fa-2x\"><\/span><span class=\"documents-list__title\">Regulamento<\/span><\/a>\n  <\/div>\n<div class=\"documents-list__item\">\n    <a href=\"https:\/\/api-files.federacao-triatlo.pt\/v1\/files\/2024\/events\/20241006FTP001\/event-files\/20241006FTP001-MAP001-02.pdf\" target=\"_blank\" rel=\"noopener\"><span class=\"fa fa-file-pdf fa-2x\"><\/span><span class=\"documents-list__title\">Percursos<\/span><\/a>\n  <\/div>\n<div class=\"documents-list__item\">\n    <a href=\"https:\/\/api-files.federacao-triatlo.pt\/v1\/files\/2024\/events\/20241006FTP001\/event-files\/20241006FTP001-STL001-01.pdf\" target=\"_blank\" rel=\"noopener\"><span class=\"fa fa-list fa-2x\"><\/span><span class=\"documents-list__title\">Lista de Inscritos Campeonato Nacional de Clubes de Triatlo Longo<\/span><\/a>\n  <\/div>\n<\/div>\n<\/div><div class='clear'><\/div>\r\n\t\t\t\t\t\t\t\t<\/div>\r\n\t\t\t\t\t\t\t<\/div>\r\n\t\t\t\t\t\t<\/div><div class='evo_metarow_time evorow evcal_evdata_row bordb evcal_evrow_sm '>\r\n\t\t\t\t\t\t\t<span class='evcal_evdata_icons'><i class='fa fa-clock-o'><\/i><\/span>\r\n\t\t\t\t\t\t\t<div class='evcal_evdata_cell'>\t\t\t\t\t\t\t\r\n\t\t\t\t\t\t\t\t<h3 class='evo_h3'><span class='evcal_evdata_icons'><i class='fa fa-clock-o'><\/i><\/span>Hor\u00e1rio<\/h3><p>(Domingo) 12:02 - 12:02<\/p>\r\n\t\t\t\t\t\t\t<\/div>\r\n\t\t\t\t\t\t<\/div>\t\t\t\t\t\t<div class='evo_metarow_ICS evorow bordb evcal_evdata_row'>\r\n\t\t\t\t\t\t\t<span class=\"evcal_evdata_icons\"><i class=\"fa fa-calendar\"><\/i><\/span>\r\n\t\t\t\t\t\t\t<div class='evcal_evdata_cell'>\r\n\t\t\t\t\t\t\t\t<p><a href='https:\/\/www.federacao-triatlo.pt\/ftp2015\/wp-admin\/admin-ajax.php?action=eventon_ics_download&amp;event_id=99589&amp;sunix=20240512T110200Z&amp;eunix=20240512T110200Z&amp;loca=&amp;locn=' class='evo_ics_nCal' title='Adicionar ao seu calend\u00e1rio'>Calend\u00e1rio<\/a><a href='\/\/www.google.com\/calendar\/event?action=TEMPLATE&amp;text=V+Triatlo+das+Caldas+da+Rainha&amp;dates=20240512T110200Z\/20240512T110200Z&amp;details=%0D%0A++%0D%0A++++Regulamento%0D%0A++%0D%0A++%0D%0A++++&amp;location= - ' target='_blank' class='evo_ics_gCal' title='Adicionar ao calend\u00e1rio Google'>GoogleCal<\/a><\/p>\t\r\n\t\t\t\t\t\t\t<\/div>\t\t\t\t\t\t<\/div>\r\n\t\t\t\t\t\t<\/div><div class='clear end'><\/div><\/div><\/div><div class='evcal_month_line'><p>Junho 2024<\/p><\/div><div id='evcal_list' class='evcal_list_month eventon_events_list '><div id=\"event_99584\" class=\"eventon_list_event evo_eventtop past_event event\" data-event_id=\"99584\" data-time=\"1719662040-1719662040\" data-colr=\"#0092e0\" itemscope itemtype='http:\/\/schema.org\/Event' 1><div class=\"evo_event_schema\" style=\"display:none\" ><a itemprop='url'  href='https:\/\/www.federacao-triatlo.pt\/ftp2015\/events\/ii-triatlo-da-casconha\/'><\/a><span itemprop='name'  >II Triatlo da Casconha & I Aquatlo Jovem da Casconha<\/span><meta itemprop='image'  ><\/meta><meta itemprop='description' content='\r\n  \r\n    Regulamento\r\n  \r\n  \r\n    ' ><\/meta><meta itemprop='startDate' content='2024-6-29' ><\/meta><meta itemprop='endDate' content='2024-6-29' ><\/meta><meta itemprop='eventStatus' content='on-schedule' ><\/meta><script type=\"application\/ld+json\">{\t\"@context\": \"http:\/\/schema.org\",\r\n\t\t\t\t\t\t\t  \t\"@type\": \"Event\",\r\n\t\t\t\t\t\t\t  \t\"name\": \"II Triatlo da Casconha & I Aquatlo Jovem da Casconha\",\r\n\t\t\t\t\t\t\t  \t\"startDate\": \"2024-6-29T11-11-54-00\",\r\n\t\t\t\t\t\t\t  \t\"endDate\": \"2024-6-29T11-11-54-00\",\r\n\t\t\t\t\t\t\t  \t\"image\":,\r\n\t\t\t\t\t\t\t  \t\"description\":\"\r\n  \r\n    Regulamento\r\n  \r\n  \r\n    \",\r\n\t\t\t\t\t\t\t  \t\r\n\t\t\t\t\t\t\t }\r\n\t\t\t\t\t\t\t<\/script><\/div>\r\n\t\t\t\t<p class=\"desc_trig_outter\"><a data-gmap_status=\"null\" data-exlk=\"0\" style=\"border-color: #0092e0;\" id=\"evc_171966204099584\" class=\"desc_trig evo_litoral-interior-centro-competicao-regional sin_val evcal_list_a\" data-ux_val=\"1\"  ><span class='evcal_cblock ' data-bgcolor='#0092e0' data-smon='Junho' data-syr='2024'><span class='evo_start '><em class='date'>29<\/em><em class='month'>jun<\/em><em class='time'>11:54<\/em><\/span><span class='evo_end only_time'><em class='time'>11:54<\/em><\/span><em class='clear'><\/em><\/span><span class='evcal_desc evo_info hide_eventtopdata '  data-location_status=\"false\" ><span class='evo_above_title'><\/span><span class='evcal_desc2 evcal_event_title' itemprop='name'>II Triatlo da Casconha & I Aquatlo Jovem da Casconha<\/span><span class='evo_below_title'><span class='evcal_event_subtitle' >CAMPEONATO LITORAL E INTERIOR CENTRO - CAMPEONATO LITORAL E INTERIOR CENTRO JOVEM<\/span><\/span><span class='evcal_desc_info' ><\/span><span class='evcal_desc3'><span class='evcal_event_types ett1'><em><i>Tipo de Evento:<\/i><\/em><em data-filter='event_type'>Litoral e Interior Centro<\/em><i class='clear'><\/i><\/span><\/span><\/span><em class='clear'><\/em><\/p><\/a><div class='event_description evcal_eventcard ' style=\"display:none\"><div class='evo_metarow_details evorow evcal_evdata_row bordb evcal_event_details'>\r\n\t\t\t\t\t\t\t<div class=\"event_excerpt\" style=\"display:none\"><h3 class=\"padb5 evo_h3\">Detalhes do Evento<\/h3><p>\r\n  \r\n    Regulamento\r\n  \r\n  \r\n    <\/p><\/div><span class='evcal_evdata_icons'><i class='fa fa-align-justify'><\/i><\/span>\r\n\t\t\t\t\t\t\t\r\n\t\t\t\t\t\t\t<div class='evcal_evdata_cell '><div class='eventon_full_description'>\r\n\t\t\t\t\t\t\t\t\t<h3 class='padb5 evo_h3'><span class='evcal_evdata_icons'><i class='fa fa-align-justify'><\/i><\/span>Detalhes do Evento<\/h3><div class='eventon_desc_in' itemprop='description'>\r\n\t\t\t\t\t\t\t\t\t<div class=\"documents-list\">\n<div class=\"documents-list__item\">\n    <a href=\"https:\/\/api-files.federacao-triatlo.pt\/v1\/files\/2024\/events\/20240629LIC001\/event-files\/20240629LIC001-REG001-03.pdf\" target=\"_blank\" rel=\"noopener\"><span class=\"fa fa-file-pdf fa-2x\"><\/span><span class=\"documents-list__title\">Regulamento<\/span><\/a>\n  <\/div>\n<div class=\"documents-list__item\">\n    <a href=\"https:\/\/api-files.federacao-triatlo.pt\/v1\/files\/2024\/events\/20240629LIC001\/event-files\/20240629LIC001-MAP001-01.pdf\" target=\"_blank\" rel=\"noopener\"><span class=\"fa fa-file-pdf fa-2x\"><\/span><span class=\"documents-list__title\">Percursos II Triatlo da Casconha<\/span><\/a>\n  <\/div>\n<div class=\"documents-list__item\">\n    <a href=\"https:\/\/api-files.federacao-triatlo.pt\/v1\/files\/2024\/events\/20240629LIC001\/event-files\/20240629LIC001-MAP002-01.pdf\" target=\"_blank\" rel=\"noopener\"><span class=\"fa fa-file-pdf fa-2x\"><\/span><span class=\"documents-list__title\">Percursos Prova Apuramento Youth<\/span><\/a>\n  <\/div>\n<div class=\"documents-list__item\">\n    <a href=\"https:\/\/api-files.federacao-triatlo.pt\/v1\/files\/2024\/events\/20240629LIC001\/event-files\/20240629LIC001-MAP003-01.pdf\" target=\"_blank\" rel=\"noopener\"><span class=\"fa fa-file-pdf fa-2x\"><\/span><span class=\"documents-list__title\">Percursos I Aquatlo Jovem da Casconha<\/span><\/a>\n  <\/div>\n<div class=\"documents-list__item\">\n    <a href=\"https:\/\/api-files.federacao-triatlo.pt\/v1\/files\/2024\/events\/20240629LIC001\/event-files\/20240629LIC001-STL001-01.pdf\" target=\"_blank\" rel=\"noopener\"><span class=\"fa fa-list fa-2x\"><\/span><span class=\"documents-list__title\">Lista de Inscritos Campeonato Litoral e Interior Centro<\/span><\/a>\n  <\/div>\n<div class=\"documents-list__item\">\n    <a href=\"https:\/\/api-files.federacao-triatlo.pt\/v1\/files\/2024\/events\/20240629LIC001\/event-files\/20240629LIC001-STL002-01.pdf\" target=\"_blank\" rel=\"noopener\"><span class=\"fa fa-list fa-2x\"><\/span><span class=\"documents-list__title\">Lista de Inscritos Prova Aberta<\/span><\/a>\n  <\/div>\n<div class=\"documents-list__item\">\n    <a href=\"https:\/\/api-files.federacao-triatlo.pt\/v1\/files\/2024\/events\/20240629LIC001\/event-files\/20240629LIC001-STL003-01.pdf\" target=\"_blank\" rel=\"noopener\"><span class=\"fa fa-list fa-2x\"><\/span><span class=\"documents-list__title\">Lista de Inscritos Prova Apuramento Youth<\/span><\/a>\n  <\/div>\n<div class=\"documents-list__item\">\n    <a href=\"https:\/\/api-files.federacao-triatlo.pt\/v1\/files\/2024\/events\/20240629LIC001\/event-files\/20240629LIC001-STL004-01.pdf\" target=\"_blank\" rel=\"noopener\"><span class=\"fa fa-list fa-2x\"><\/span><span class=\"documents-list__title\">Lista de Inscritos Campeonato Litoral e Interior Centro Jovem<\/span><\/a>\n  <\/div>\n<\/div>\n<\/div><div class='clear'><\/div>\r\n\t\t\t\t\t\t\t\t<\/div>\r\n\t\t\t\t\t\t\t<\/div>\r\n\t\t\t\t\t\t<\/div><div class='evo_metarow_time evorow evcal_evdata_row bordb evcal_evrow_sm '>\r\n\t\t\t\t\t\t\t<span class='evcal_evdata_icons'><i class='fa fa-clock-o'><\/i><\/span>\r\n\t\t\t\t\t\t\t<div class='evcal_evdata_cell'>\t\t\t\t\t\t\t\r\n\t\t\t\t\t\t\t\t<h3 class='evo_h3'><span class='evcal_evdata_icons'><i class='fa fa-clock-o'><\/i><\/span>Hor\u00e1rio<\/h3><p>(S\u00e1bado) 11:54 - 11:54<\/p>\r\n\t\t\t\t\t\t\t<\/div>\r\n\t\t\t\t\t\t<\/div>\t\t\t\t\t\t<div class='evo_metarow_ICS evorow bordb evcal_evdata_row'>\r\n\t\t\t\t\t\t\t<span class=\"evcal_evdata_icons\"><i class=\"fa fa-calendar\"><\/i><\/span>\r\n\t\t\t\t\t\t\t<div class='evcal_evdata_cell'>\r\n\t\t\t\t\t\t\t\t<p><a href='https:\/\/www.federacao-triatlo.pt\/ftp2015\/wp-admin\/admin-ajax.php?action=eventon_ics_download&amp;event_id=99584&amp;sunix=20240629T105400Z&amp;eunix=20240629T105400Z&amp;loca=&amp;locn=' class='evo_ics_nCal' title='Adicionar ao seu calend\u00e1rio'>Calend\u00e1rio<\/a><a href='\/\/www.google.com\/calendar\/event?action=TEMPLATE&amp;text=II+Triatlo+da+Casconha+%26+I+Aquatlo+Jovem+da+Casconha&amp;dates=20240629T105400Z\/20240629T105400Z&amp;details=%0D%0A++%0D%0A++++Regulamento%0D%0A++%0D%0A++%0D%0A++++&amp;location= - ' target='_blank' class='evo_ics_gCal' title='Adicionar ao calend\u00e1rio Google'>GoogleCal<\/a><\/p>\t\r\n\t\t\t\t\t\t\t<\/div>\t\t\t\t\t\t<\/div>\r\n\t\t\t\t\t\t<\/div><div class='clear end'><\/div><\/div><\/div><div class='evcal_month_line'><p>Setembro 2024<\/p><\/div><div id='evcal_list' class='evcal_list_month eventon_events_list '><div id=\"event_99585\" class=\"eventon_list_event evo_eventtop past_event event\" data-event_id=\"99585\" data-time=\"1726401360-1726401360\" data-colr=\"#0092e0\" itemscope itemtype='http:\/\/schema.org\/Event' 1><div class=\"evo_event_schema\" style=\"display:none\" ><a itemprop='url'  href='https:\/\/www.federacao-triatlo.pt\/ftp2015\/events\/duatlo-de-pedrogao\/'><\/a><span itemprop='name'  >Duatlo de Pedrog\u00e3o<\/span><meta itemprop='image'  ><\/meta><meta itemprop='description' content='\r\n  \r\n    Regulamento\r\n  \r\n  \r\n    ' ><\/meta><meta itemprop='startDate' content='2024-9-15' ><\/meta><meta itemprop='endDate' content='2024-9-15' ><\/meta><meta itemprop='eventStatus' content='on-schedule' ><\/meta><script type=\"application\/ld+json\">{\t\"@context\": \"http:\/\/schema.org\",\r\n\t\t\t\t\t\t\t  \t\"@type\": \"Event\",\r\n\t\t\t\t\t\t\t  \t\"name\": \"Duatlo de Pedrog\u00e3o\",\r\n\t\t\t\t\t\t\t  \t\"startDate\": \"2024-9-15T11-11-56-00\",\r\n\t\t\t\t\t\t\t  \t\"endDate\": \"2024-9-15T11-11-56-00\",\r\n\t\t\t\t\t\t\t  \t\"image\":,\r\n\t\t\t\t\t\t\t  \t\"description\":\"\r\n  \r\n    Regulamento\r\n  \r\n  \r\n    \",\r\n\t\t\t\t\t\t\t  \t\r\n\t\t\t\t\t\t\t }\r\n\t\t\t\t\t\t\t<\/script><\/div>\r\n\t\t\t\t<p class=\"desc_trig_outter\"><a data-gmap_status=\"null\" data-exlk=\"0\" style=\"border-color: #0092e0;\" id=\"evc_172640136099585\" class=\"desc_trig evo_litoral-interior-centro-competicao-regional sin_val evcal_list_a\" data-ux_val=\"1\"  ><span class='evcal_cblock ' data-bgcolor='#0092e0' data-smon='Setembro' data-syr='2024'><span class='evo_start '><em class='date'>15<\/em><em class='month'>set<\/em><em class='time'>11:56<\/em><\/span><span class='evo_end only_time'><em class='time'>11:56<\/em><\/span><em class='clear'><\/em><\/span><span class='evcal_desc evo_info hide_eventtopdata '  data-location_status=\"false\" ><span class='evo_above_title'><\/span><span class='evcal_desc2 evcal_event_title' itemprop='name'>Duatlo de Pedrog\u00e3o<\/span><span class='evo_below_title'><span class='evcal_event_subtitle' >CAMPEONATO LITORAL E INTERIOR CENTRO - CAMPEONATO LITORAL E INTERIOR CENTRO JOVEM<\/span><\/span><span class='evcal_desc_info' ><\/span><span class='evcal_desc3'><span class='evcal_event_types ett1'><em><i>Tipo de Evento:<\/i><\/em><em data-filter='event_type'>Litoral e Interior Centro<\/em><i class='clear'><\/i><\/span><\/span><\/span><em class='clear'><\/em><\/p><\/a><div class='event_description evcal_eventcard ' style=\"display:none\"><div class='evo_metarow_details evorow evcal_evdata_row bordb evcal_event_details'>\r\n\t\t\t\t\t\t\t<div class=\"event_excerpt\" style=\"display:none\"><h3 class=\"padb5 evo_h3\">Detalhes do Evento<\/h3><p>\r\n  \r\n    Regulamento\r\n  \r\n  \r\n    <\/p><\/div><span class='evcal_evdata_icons'><i class='fa fa-align-justify'><\/i><\/span>\r\n\t\t\t\t\t\t\t\r\n\t\t\t\t\t\t\t<div class='evcal_evdata_cell '><div class='eventon_full_description'>\r\n\t\t\t\t\t\t\t\t\t<h3 class='padb5 evo_h3'><span class='evcal_evdata_icons'><i class='fa fa-align-justify'><\/i><\/span>Detalhes do Evento<\/h3><div class='eventon_desc_in' itemprop='description'>\r\n\t\t\t\t\t\t\t\t\t<div class=\"documents-list\">\n<div class=\"documents-list__item\">\n    <a href=\"https:\/\/api-files.federacao-triatlo.pt\/v1\/files\/2024\/events\/20240915LIC001\/event-files\/20240915LIC001-REG001-02.pdf\" target=\"_blank\" rel=\"noopener\"><span class=\"fa fa-file-pdf fa-2x\"><\/span><span class=\"documents-list__title\">Regulamento<\/span><\/a>\n  <\/div>\n<div class=\"documents-list__item\">\n    <a href=\"https:\/\/api-files.federacao-triatlo.pt\/v1\/files\/2024\/events\/20240915LIC001\/event-files\/20240915LIC001-MAP001-02.pdf\" target=\"_blank\" rel=\"noopener\"><span class=\"fa fa-file-pdf fa-2x\"><\/span><span class=\"documents-list__title\">Percursos Campeonato Absoluto Litoral e Interior Centro<\/span><\/a>\n  <\/div>\n<div class=\"documents-list__item\">\n    <a href=\"https:\/\/api-files.federacao-triatlo.pt\/v1\/files\/2024\/events\/20240915LIC001\/event-files\/20240915LIC001-MAP002-02.pdf\" target=\"_blank\" rel=\"noopener\"><span class=\"fa fa-file-pdf fa-2x\"><\/span><span class=\"documents-list__title\">Percursos Campeonato Litoral e Interior Centro Jovem de Clubes<\/span><\/a>\n  <\/div>\n<div class=\"documents-list__item\">\n    <a href=\"https:\/\/api-files.federacao-triatlo.pt\/v1\/files\/2024\/events\/20240915LIC001\/event-files\/20240915LIC001-STL001-01.pdf\" target=\"_blank\" rel=\"noopener\"><span class=\"fa fa-list fa-2x\"><\/span><span class=\"documents-list__title\">Lista de Inscritos Campeonato Absoluto Litoral e Interior Centro<\/span><\/a>\n  <\/div>\n<div class=\"documents-list__item\">\n    <a href=\"https:\/\/api-files.federacao-triatlo.pt\/v1\/files\/2024\/events\/20240915LIC001\/event-files\/20240915LIC001-STL002-01.pdf\" target=\"_blank\" rel=\"noopener\"><span class=\"fa fa-list fa-2x\"><\/span><span class=\"documents-list__title\">Lista de Inscritos Campeonato Litoral e Interior Centro Jovem de Clubes<\/span><\/a>\n  <\/div>\n<\/div>\n<\/div><div class='clear'><\/div>\r\n\t\t\t\t\t\t\t\t<\/div>\r\n\t\t\t\t\t\t\t<\/div>\r\n\t\t\t\t\t\t<\/div><div class='evo_metarow_time evorow evcal_evdata_row bordb evcal_evrow_sm '>\r\n\t\t\t\t\t\t\t<span class='evcal_evdata_icons'><i class='fa fa-clock-o'><\/i><\/span>\r\n\t\t\t\t\t\t\t<div class='evcal_evdata_cell'>\t\t\t\t\t\t\t\r\n\t\t\t\t\t\t\t\t<h3 class='evo_h3'><span class='evcal_evdata_icons'><i class='fa fa-clock-o'><\/i><\/span>Hor\u00e1rio<\/h3><p>(Domingo) 11:56 - 11:56<\/p>\r\n\t\t\t\t\t\t\t<\/div>\r\n\t\t\t\t\t\t<\/div>\t\t\t\t\t\t<div class='evo_metarow_ICS evorow bordb evcal_evdata_row'>\r\n\t\t\t\t\t\t\t<span class=\"evcal_evdata_icons\"><i class=\"fa fa-calendar\"><\/i><\/span>\r\n\t\t\t\t\t\t\t<div class='evcal_evdata_cell'>\r\n\t\t\t\t\t\t\t\t<p><a href='https:\/\/www.federacao-triatlo.pt\/ftp2015\/wp-admin\/admin-ajax.php?action=eventon_ics_download&amp;event_id=99585&amp;sunix=20240915T105600Z&amp;eunix=20240915T105600Z&amp;loca=&amp;locn=' class='evo_ics_nCal' title='Adicionar ao seu calend\u00e1rio'>Calend\u00e1rio<\/a><a href='\/\/www.google.com\/calendar\/event?action=TEMPLATE&amp;text=Duatlo+de+Pedrog%C3%A3o&amp;dates=20240915T105600Z\/20240915T105600Z&amp;details=%0D%0A++%0D%0A++++Regulamento%0D%0A++%0D%0A++%0D%0A++++&amp;location= - ' target='_blank' class='evo_ics_gCal' title='Adicionar ao calend\u00e1rio Google'>GoogleCal<\/a><\/p>\t\r\n\t\t\t\t\t\t\t<\/div>\t\t\t\t\t\t<\/div>\r\n\t\t\t\t\t\t<\/div><div class='clear end'><\/div><\/div><div id=\"event_99586\" class=\"eventon_list_event evo_eventtop past_event event\" data-event_id=\"99586\" data-time=\"1727524620-1727611020\" data-colr=\"#0092e0\" itemscope itemtype='http:\/\/schema.org\/Event' 2><div class=\"evo_event_schema\" style=\"display:none\" ><a itemprop='url'  href='https:\/\/www.federacao-triatlo.pt\/ftp2015\/events\/duatlo-de-fatima-3\/'><\/a><span itemprop='name'  >VIII Duatlo de F\u00e1tima<\/span><meta itemprop='image'  ><\/meta><meta itemprop='description' content='\r\n  \r\n    Regulamento\r\n  \r\n  \r\n    ' ><\/meta><meta itemprop='startDate' content='2024-9-28' ><\/meta><meta itemprop='endDate' content='2024-9-29' ><\/meta><meta itemprop='eventStatus' content='on-schedule' ><\/meta><script type=\"application\/ld+json\">{\t\"@context\": \"http:\/\/schema.org\",\r\n\t\t\t\t\t\t\t  \t\"@type\": \"Event\",\r\n\t\t\t\t\t\t\t  \t\"name\": \"VIII Duatlo de F\u00e1tima\",\r\n\t\t\t\t\t\t\t  \t\"startDate\": \"2024-9-28T11-11-57-00\",\r\n\t\t\t\t\t\t\t  \t\"endDate\": \"2024-9-29T11-11-57-00\",\r\n\t\t\t\t\t\t\t  \t\"image\":,\r\n\t\t\t\t\t\t\t  \t\"description\":\"\r\n  \r\n    Regulamento\r\n  \r\n  \r\n    \",\r\n\t\t\t\t\t\t\t  \t\r\n\t\t\t\t\t\t\t }\r\n\t\t\t\t\t\t\t<\/script><\/div>\r\n\t\t\t\t<p class=\"desc_trig_outter\"><a data-gmap_status=\"null\" data-exlk=\"0\" style=\"border-color: #0092e0;\" id=\"evc_172752462099586\" class=\"desc_trig evo_litoral-interior-centro-competicao-regional mul_val evcal_list_a\" data-ux_val=\"1\"  ><span class='evcal_cblock ' data-bgcolor='#0092e0' data-smon='Setembro' data-syr='2024'><span class='evo_start '><em class='date'>28<\/em><em class='month'>set<\/em><em class='time'><i t=\"y\">(set 28)<\/i>11:57<\/em><\/span><span class='evo_end '><em class='date'>29<\/em><em class='time'><i t=\"y\">(set 29)<\/i>11:57<\/em><\/span><em class='clear'><\/em><\/span><span class='evcal_desc evo_info hide_eventtopdata '  data-location_status=\"false\" ><span class='evo_above_title'><\/span><span class='evcal_desc2 evcal_event_title' itemprop='name'>VIII Duatlo de F\u00e1tima<\/span><span class='evo_below_title'><span class='evcal_event_subtitle' >CAMPEONATO LITORAL E INTERIOR CENTRO JOVEM - CAMPEONATO LITORAL E INTERIOR CENTRO<\/span><\/span><span class='evcal_desc_info' ><\/span><span class='evcal_desc3'><span class='evcal_event_types ett1'><em><i>Tipo de Evento:<\/i><\/em><em data-filter='event_type'>Litoral e Interior Centro<\/em><i class='clear'><\/i><\/span><\/span><\/span><em class='clear'><\/em><\/p><\/a><div class='event_description evcal_eventcard ' style=\"display:none\"><div class='evo_metarow_details evorow evcal_evdata_row bordb evcal_event_details'>\r\n\t\t\t\t\t\t\t<div class=\"event_excerpt\" style=\"display:none\"><h3 class=\"padb5 evo_h3\">Detalhes do Evento<\/h3><p>\r\n  \r\n    Regulamento\r\n  \r\n  \r\n    <\/p><\/div><span class='evcal_evdata_icons'><i class='fa fa-align-justify'><\/i><\/span>\r\n\t\t\t\t\t\t\t\r\n\t\t\t\t\t\t\t<div class='evcal_evdata_cell '><div class='eventon_full_description'>\r\n\t\t\t\t\t\t\t\t\t<h3 class='padb5 evo_h3'><span class='evcal_evdata_icons'><i class='fa fa-align-justify'><\/i><\/span>Detalhes do Evento<\/h3><div class='eventon_desc_in' itemprop='description'>\r\n\t\t\t\t\t\t\t\t\t<div class=\"documents-list\">\n<div class=\"documents-list__item\">\n    <a href=\"https:\/\/api-files.federacao-triatlo.pt\/v1\/files\/2024\/events\/20240928LIC001\/event-files\/20240928LIC001-REG001-01.pdf\" target=\"_blank\" rel=\"noopener\"><span class=\"fa fa-file-pdf fa-2x\"><\/span><span class=\"documents-list__title\">Regulamento<\/span><\/a>\n  <\/div>\n<div class=\"documents-list__item\">\n    <a href=\"https:\/\/api-files.federacao-triatlo.pt\/v1\/files\/2024\/events\/20240928LIC001\/event-files\/20240928LIC001-MAP001-01.pdf\" target=\"_blank\" rel=\"noopener\"><span class=\"fa fa-file-pdf fa-2x\"><\/span><span class=\"documents-list__title\">Percursos Campeonato Absoluto Litoral e Interior Centro<\/span><\/a>\n  <\/div>\n<div class=\"documents-list__item\">\n    <a href=\"https:\/\/api-files.federacao-triatlo.pt\/v1\/files\/2024\/events\/20240928LIC001\/event-files\/20240928LIC001-MAP002-01.pdf\" target=\"_blank\" rel=\"noopener\"><span class=\"fa fa-file-pdf fa-2x\"><\/span><span class=\"documents-list__title\">Percursos Campeonato Litoral e Interior Centro Jovem de Clubes<\/span><\/a>\n  <\/div>\n<div class=\"documents-list__item\">\n    <a href=\"https:\/\/api-files.federacao-triatlo.pt\/v1\/files\/2024\/events\/20240928LIC001\/event-files\/20240928LIC001-STL001-01.pdf\" target=\"_blank\" rel=\"noopener\"><span class=\"fa fa-list fa-2x\"><\/span><span class=\"documents-list__title\">Lista de Inscritos Campeonato Absoluto Litoral e Interior Centro<\/span><\/a>\n  <\/div>\n<div class=\"documents-list__item\">\n    <a href=\"https:\/\/api-files.federacao-triatlo.pt\/v1\/files\/2024\/events\/20240928LIC001\/event-files\/20240928LIC001-STL002-01.pdf\" target=\"_blank\" rel=\"noopener\"><span class=\"fa fa-list fa-2x\"><\/span><span class=\"documents-list__title\">Lista de Inscritos Campeonato Litoral e Interior Centro Jovem de Clubes<\/span><\/a>\n  <\/div>\n<\/div>\n<\/div><div class='clear'><\/div>\r\n\t\t\t\t\t\t\t\t<\/div>\r\n\t\t\t\t\t\t\t<\/div>\r\n\t\t\t\t\t\t<\/div><div class='evo_metarow_time evorow evcal_evdata_row bordb evcal_evrow_sm '>\r\n\t\t\t\t\t\t\t<span class='evcal_evdata_icons'><i class='fa fa-clock-o'><\/i><\/span>\r\n\t\t\t\t\t\t\t<div class='evcal_evdata_cell'>\t\t\t\t\t\t\t\r\n\t\t\t\t\t\t\t\t<h3 class='evo_h3'><span class='evcal_evdata_icons'><i class='fa fa-clock-o'><\/i><\/span>Hor\u00e1rio<\/h3><p>28 (S\u00e1bado) 11:57 - 29 (Domingo) 11:57<\/p>\r\n\t\t\t\t\t\t\t<\/div>\r\n\t\t\t\t\t\t<\/div>\t\t\t\t\t\t<div class='evo_metarow_ICS evorow bordb evcal_evdata_row'>\r\n\t\t\t\t\t\t\t<span class=\"evcal_evdata_icons\"><i class=\"fa fa-calendar\"><\/i><\/span>\r\n\t\t\t\t\t\t\t<div class='evcal_evdata_cell'>\r\n\t\t\t\t\t\t\t\t<p><a href='https:\/\/www.federacao-triatlo.pt\/ftp2015\/wp-admin\/admin-ajax.php?action=eventon_ics_download&amp;event_id=99586&amp;sunix=20240928T105700Z&amp;eunix=20240929T105700Z&amp;loca=&amp;locn=' class='evo_ics_nCal' title='Adicionar ao seu calend\u00e1rio'>Calend\u00e1rio<\/a><a href='\/\/www.google.com\/calendar\/event?action=TEMPLATE&amp;text=VIII+Duatlo+de+F%C3%A1tima&amp;dates=20240928T105700Z\/20240929T105700Z&amp;details=%0D%0A++%0D%0A++++Regulamento%0D%0A++%0D%0A++%0D%0A++++&amp;location= - ' target='_blank' class='evo_ics_gCal' title='Adicionar ao calend\u00e1rio Google'>GoogleCal<\/a><\/p>\t\r\n\t\t\t\t\t\t\t<\/div>\t\t\t\t\t\t<\/div>\r\n\t\t\t\t\t\t<\/div><div class='clear end'><\/div><\/div><\/div><div class='clear'><\/div><\/div><!-- ajde_evcal_calendar-->\n","protected":false},"excerpt":{"rendered":"<p>Guia do Calend\u00e1rio \u2013 Litoral Interior Centro<\/p>\n","protected":false},"author":15430,"featured_media":0,"parent":99065,"menu_order":5,"comment_status":"closed","ping_status":"closed","template":"","meta":{"footnotes":""},"_links":{"self":[{"href":"https:\/\/www.federacao-triatlo.pt\/ftp2015\/wp-json\/wp\/v2\/pages\/99272"}],"collection":[{"href":"https:\/\/www.federacao-triatlo.pt\/ftp2015\/wp-json\/wp\/v2\/pages"}],"about":[{"href":"https:\/\/www.federacao-triatlo.pt\/ftp2015\/wp-json\/wp\/v2\/types\/page"}],"author":[{"embeddable":true,"href":"https:\/\/www.federacao-triatlo.pt\/ftp2015\/wp-json\/wp\/v2\/users\/15430"}],"replies":[{"embeddable":true,"href":"https:\/\/www.federacao-triatlo.pt\/ftp2015\/wp-json\/wp\/v2\/comments?post=99272"}],"version-history":[{"count":6,"href":"https:\/\/www.federacao-triatlo.pt\/ftp2015\/wp-json\/wp\/v2\/pages\/99272\/revisions"}],"predecessor-version":[{"id":101409,"href":"https:\/\/www.federacao-triatlo.pt\/ftp2015\/wp-json\/wp\/v2\/pages\/99272\/revisions\/101409"}],"up":[{"embeddable":true,"href":"https:\/\/www.federacao-triatlo.pt\/ftp2015\/wp-json\/wp\/v2\/pages\/99065"}],"wp:attachment":[{"href":"https:\/\/www.federacao-triatlo.pt\/ftp2015\/wp-json\/wp\/v2\/media?parent=99272"}],"curies":[{"name":"wp","href":"https:\/\/api.w.org\/{rel}","templated":true}]}}