{"id":99269,"date":"2024-01-10T20:15:55","date_gmt":"2024-01-10T20:15:55","guid":{"rendered":"https:\/\/www.federacao-triatlo.pt\/ftp2015\/?page_id=99269"},"modified":"2024-03-10T11:20:14","modified_gmt":"2024-03-10T11:20:14","slug":"calendario-douro-norte-2024","status":"publish","type":"page","link":"https:\/\/www.federacao-triatlo.pt\/ftp2015\/competicoes\/calendario\/calendario-2024\/calendario-douro-norte-2024\/","title":{"rendered":"Calend\u00e1rio Douro Norte 2024"},"content":{"rendered":"<p><img decoding=\"async\" class=\"attachment-full size-full wp-post-image\" src=\"https:\/\/www.federacao-triatlo.pt\/ftp2015\/wp-content\/uploads\/2023\/01\/mapa-regioes-douro-norte-2023.png\" alt=\"Mapa de Regi\u00f5es da Federa\u00e7\u00e3o de Triatlo de Portugal - Douro Norte\" \/><\/p>\n<div class=\"documents-list\">\n<div class=\"results-list__item\">\n    <a href=\"https:\/\/www.federacao-triatlo.pt\/ftp2015\/wp-content\/uploads\/2024\/03\/guia-calendario-regional-2024-douro-norte-rev-01.pdf\" target=\"_blank\" rel=\"noopener\"><span class=\"fa fa-file-pdf fa-2x\"><\/span><span class=\"documents-list__title\">Guia do Calend\u00e1rio \u2013 Douro Norte<\/span><\/a>\n  <\/div>\n<\/div>\n<div id='evcal_calendar_802' class='ajde_evcal_calendar  ul' ><div class='evo-data' data-cyear=\"2024\" data-cmonth=\"1\" data-runajax=\"1\" data-evc_open=\"0\" data-cal_ver=\"2.6\" data-mapscroll=\"true\" data-mapformat=\"roadmap\" data-mapzoom=\"14\" data-mapiconurl=\"\" data-ev_cnt=\"0\" data-show_limit=\"no\" data-tiles=\"no\" data-sort_by=\"sort_date\" data-filters_on=\"true\" data-range_start=\"0\" data-range_end=\"0\" data-send_unix=\"0\" data-ux_val=\"0\" data-accord=\"0\" data-rtl=\"no\"  ><\/div><div id='evcal_head' class='calendar_header ' ><div class='evo_cal_above'><span class='evo-gototoday-btn' style='display:none' data-mo='1' data-yr='2024' data-dy=''>Dia de Hoje<\/span><\/div><div class='evo_cal_above_content'><\/div><div class='cal_arguments' style='display:none' data-hide_past=\"no\" data-show_et_ft_img=\"no\" data-event_order=\"ASC\" data-ft_event_priority=\"no\" data-lang=\"L1\" data-month_incre=\"0\" data-only_ft=\"no\" data-evc_open=\"no\" data-show_limit=\"no\" data-etc_override=\"no\" data-show_limit_redir=\"0\" data-tiles=\"no\" data-tile_height=\"0\" data-tile_bg=\"0\" data-tile_count=\"2\" data-tile_style=\"0\" data-s=\"\" data-members_only=\"no\" data-ux_val=\"0\" data-show_limit_ajax=\"no\" data-show_limit_paged=\"1\" ><\/div><div class='clear'><\/div><\/div><div class='evcal_month_line'><p>Abril 2024<\/p><\/div><div id='evcal_list' class='evcal_list_month eventon_events_list '><div id=\"event_99744\" class=\"eventon_list_event evo_eventtop past_event event\" data-event_id=\"99744\" data-time=\"1713115200-1713115200\" data-colr=\"#0092e0\" itemscope itemtype='http:\/\/schema.org\/Event' 1><div class=\"evo_event_schema\" style=\"display:none\" ><a itemprop='url'  href='https:\/\/www.federacao-triatlo.pt\/ftp2015\/events\/duatlo-de-famalicao-3\/'><\/a><span itemprop='name'  >Duatlo de Famalic\u00e3o<\/span><meta itemprop='image' content='https:\/\/www.federacao-triatlo.pt\/ftp2015\/wp-content\/uploads\/2024\/02\/VIHO3228-212x300.jpg' ><\/meta><meta itemprop='description' content='\r\n  \r\n    Regulamento\r\n  \r\n  \r\n    ' ><\/meta><meta itemprop='startDate' content='2024-4-14' ><\/meta><meta itemprop='endDate' content='2024-4-14' ><\/meta><meta itemprop='eventStatus' content='on-schedule' ><\/meta><script type=\"application\/ld+json\">{\t\"@context\": \"http:\/\/schema.org\",\r\n\t\t\t\t\t\t\t  \t\"@type\": \"Event\",\r\n\t\t\t\t\t\t\t  \t\"name\": \"Duatlo de Famalic\u00e3o\",\r\n\t\t\t\t\t\t\t  \t\"startDate\": \"2024-4-14T17-17-20-00\",\r\n\t\t\t\t\t\t\t  \t\"endDate\": \"2024-4-14T17-17-20-00\",\r\n\t\t\t\t\t\t\t  \t\"image\":\"https:\/\/www.federacao-triatlo.pt\/ftp2015\/wp-content\/uploads\/2024\/02\/VIHO3228-212x300.jpg\",\r\n\t\t\t\t\t\t\t  \t\"description\":\"\r\n  \r\n    Regulamento\r\n  \r\n  \r\n    \",\r\n\t\t\t\t\t\t\t  \t\r\n\t\t\t\t\t\t\t }\r\n\t\t\t\t\t\t\t<\/script><\/div>\r\n\t\t\t\t<p class=\"desc_trig_outter\"><a data-gmap_status=\"null\" data-exlk=\"0\" style=\"border-color: #0092e0;\" id=\"evc_171311520099744\" class=\"desc_trig evo_douro-norte-competicao-regional sin_val evcal_list_a\" data-ux_val=\"1\"  ><span class='evcal_cblock ' data-bgcolor='#0092e0' data-smon='Abril' data-syr='2024'><span class='evo_start '><em class='date'>14<\/em><em class='month'>abr<\/em><em class='time'>17:20<\/em><\/span><span class='evo_end only_time'><em class='time'>17:20<\/em><\/span><em class='clear'><\/em><\/span><span class='evcal_desc evo_info hide_eventtopdata '  data-location_status=\"false\" ><span class='evo_above_title'><\/span><span class='evcal_desc2 evcal_event_title' itemprop='name'>Duatlo de Famalic\u00e3o<\/span><span class='evo_below_title'><span class='evcal_event_subtitle' >CAMPEONATO DOURO NORTE<\/span><\/span><span class='evcal_desc_info' ><\/span><span class='evcal_desc3'><span class='evcal_event_types ett1'><em><i>Tipo de Evento:<\/i><\/em><em data-filter='event_type'>Douro Norte<\/em><i class='clear'><\/i><\/span><\/span><\/span><em class='clear'><\/em><\/p><\/a><div class='event_description evcal_eventcard ' style=\"display:none\"><div class='evo_metarow_directimg'><img src='https:\/\/www.federacao-triatlo.pt\/ftp2015\/wp-content\/uploads\/2024\/02\/VIHO3228.jpg' \/><\/div><div class='evo_metarow_details evorow evcal_evdata_row bordb evcal_event_details'>\r\n\t\t\t\t\t\t\t<div class=\"event_excerpt\" style=\"display:none\"><h3 class=\"padb5 evo_h3\">Detalhes do Evento<\/h3><p>\r\n  \r\n    Regulamento\r\n  \r\n  \r\n    <\/p><\/div><span class='evcal_evdata_icons'><i class='fa fa-align-justify'><\/i><\/span>\r\n\t\t\t\t\t\t\t\r\n\t\t\t\t\t\t\t<div class='evcal_evdata_cell '><div class='eventon_full_description'>\r\n\t\t\t\t\t\t\t\t\t<h3 class='padb5 evo_h3'><span class='evcal_evdata_icons'><i class='fa fa-align-justify'><\/i><\/span>Detalhes do Evento<\/h3><div class='eventon_desc_in' itemprop='description'>\r\n\t\t\t\t\t\t\t\t\t<div class=\"documents-list\">\n<div class=\"documents-list__item\">\n    <a href=\"https:\/\/api-files.federacao-triatlo.pt\/v1\/files\/2024\/events\/20240414RDN001\/event-files\/20240414RDN001-REG001-02.pdf\" target=\"_blank\" rel=\"noopener\"><span class=\"fa fa-file-pdf fa-2x\"><\/span><span class=\"documents-list__title\">Regulamento<\/span><\/a>\n  <\/div>\n<div class=\"documents-list__item\">\n    <a href=\"https:\/\/api-files.federacao-triatlo.pt\/v1\/files\/2024\/events\/20240414RDN001\/event-files\/20240414RDN001-MAP001-02.pdf\" target=\"_blank\" rel=\"noopener\"><span class=\"fa fa-file-pdf fa-2x\"><\/span><span class=\"documents-list__title\">Percursos<\/span><\/a>\n  <\/div>\n<div class=\"documents-list__item\">\n    <a href=\"https:\/\/api-files.federacao-triatlo.pt\/v1\/files\/2024\/events\/20240414RDN001\/event-files\/20240414RDN001-STL001-02.pdf\" target=\"_blank\" rel=\"noopener\"><span class=\"fa fa-list fa-2x\"><\/span><span class=\"documents-list__title\">Lista de Inscritos Campeonato Douro Norte<\/span><\/a>\n  <\/div>\n<\/div>\n<\/div><div class='clear'><\/div>\r\n\t\t\t\t\t\t\t\t<\/div>\r\n\t\t\t\t\t\t\t<\/div>\r\n\t\t\t\t\t\t<\/div><div class='evo_metarow_time evorow evcal_evdata_row bordb evcal_evrow_sm '>\r\n\t\t\t\t\t\t\t<span class='evcal_evdata_icons'><i class='fa fa-clock-o'><\/i><\/span>\r\n\t\t\t\t\t\t\t<div class='evcal_evdata_cell'>\t\t\t\t\t\t\t\r\n\t\t\t\t\t\t\t\t<h3 class='evo_h3'><span class='evcal_evdata_icons'><i class='fa fa-clock-o'><\/i><\/span>Hor\u00e1rio<\/h3><p>(Domingo) 17:20 - 17:20<\/p>\r\n\t\t\t\t\t\t\t<\/div>\r\n\t\t\t\t\t\t<\/div>\t\t\t\t\t\t<div class='evo_metarow_ICS evorow bordb evcal_evdata_row'>\r\n\t\t\t\t\t\t\t<span class=\"evcal_evdata_icons\"><i class=\"fa fa-calendar\"><\/i><\/span>\r\n\t\t\t\t\t\t\t<div class='evcal_evdata_cell'>\r\n\t\t\t\t\t\t\t\t<p><a href='https:\/\/www.federacao-triatlo.pt\/ftp2015\/wp-admin\/admin-ajax.php?action=eventon_ics_download&amp;event_id=99744&amp;sunix=20240414T162000Z&amp;eunix=20240414T162000Z&amp;loca=&amp;locn=' class='evo_ics_nCal' title='Adicionar ao seu calend\u00e1rio'>Calend\u00e1rio<\/a><a href='\/\/www.google.com\/calendar\/event?action=TEMPLATE&amp;text=Duatlo+de+Famalic%C3%A3o&amp;dates=20240414T162000Z\/20240414T162000Z&amp;details=%0D%0A++%0D%0A++++Regulamento%0D%0A++%0D%0A++%0D%0A++++&amp;location= - ' target='_blank' class='evo_ics_gCal' title='Adicionar ao calend\u00e1rio Google'>GoogleCal<\/a><\/p>\t\r\n\t\t\t\t\t\t\t<\/div>\t\t\t\t\t\t<\/div>\r\n\t\t\t\t\t\t<\/div><div class='clear end'><\/div><\/div><\/div><div class='evcal_month_line'><p>Outubro 2024<\/p><\/div><div id='evcal_list' class='evcal_list_month eventon_events_list '><div id=\"event_100798\" class=\"eventon_list_event evo_eventtop past_event event\" data-event_id=\"100798\" data-time=\"1728809760-1728809760\" data-colr=\"#0092e0\" itemscope itemtype='http:\/\/schema.org\/Event' 1><div class=\"evo_event_schema\" style=\"display:none\" ><a itemprop='url'  href='https:\/\/www.federacao-triatlo.pt\/ftp2015\/events\/iii-triatlo-verde-de-paredes\/'><\/a><span itemprop='name'  >III Triatlo Verde de Paredes<\/span><meta itemprop='image'  ><\/meta><meta itemprop='description' content='\r\n  \r\n    Regulamento\r\n  \r\n  \r\n    ' ><\/meta><meta itemprop='startDate' content='2024-10-13' ><\/meta><meta itemprop='endDate' content='2024-10-13' ><\/meta><meta itemprop='eventStatus' content='on-schedule' ><\/meta><script type=\"application\/ld+json\">{\t\"@context\": \"http:\/\/schema.org\",\r\n\t\t\t\t\t\t\t  \t\"@type\": \"Event\",\r\n\t\t\t\t\t\t\t  \t\"name\": \"III Triatlo Verde de Paredes\",\r\n\t\t\t\t\t\t\t  \t\"startDate\": \"2024-10-13T08-08-56-00\",\r\n\t\t\t\t\t\t\t  \t\"endDate\": \"2024-10-13T08-08-56-00\",\r\n\t\t\t\t\t\t\t  \t\"image\":,\r\n\t\t\t\t\t\t\t  \t\"description\":\"\r\n  \r\n    Regulamento\r\n  \r\n  \r\n    \",\r\n\t\t\t\t\t\t\t  \t\r\n\t\t\t\t\t\t\t }\r\n\t\t\t\t\t\t\t<\/script><\/div>\r\n\t\t\t\t<p class=\"desc_trig_outter\"><a data-gmap_status=\"null\" data-exlk=\"0\" style=\"border-color: #0092e0;\" id=\"evc_1728809760100798\" class=\"desc_trig evo_douro-norte-competicao-regional sin_val evcal_list_a\" data-ux_val=\"1\"  ><span class='evcal_cblock ' data-bgcolor='#0092e0' data-smon='Outubro' data-syr='2024'><span class='evo_start '><em class='date'>13<\/em><em class='month'>out<\/em><em class='time'>8:56<\/em><\/span><span class='evo_end only_time'><em class='time'>8:56<\/em><\/span><em class='clear'><\/em><\/span><span class='evcal_desc evo_info hide_eventtopdata '  data-location_status=\"false\" ><span class='evo_above_title'><\/span><span class='evcal_desc2 evcal_event_title' itemprop='name'>III Triatlo Verde de Paredes<\/span><span class='evo_below_title'><span class='evcal_event_subtitle' >CAMPEONATO DOURO NORTE JOVEM<\/span><\/span><span class='evcal_desc_info' ><\/span><span class='evcal_desc3'><span class='evcal_event_types ett1'><em><i>Tipo de Evento:<\/i><\/em><em data-filter='event_type'>Douro Norte<\/em><i class='clear'><\/i><\/span><\/span><\/span><em class='clear'><\/em><\/p><\/a><div class='event_description evcal_eventcard ' style=\"display:none\"><div class='evo_metarow_details evorow evcal_evdata_row bordb evcal_event_details'>\r\n\t\t\t\t\t\t\t<div class=\"event_excerpt\" style=\"display:none\"><h3 class=\"padb5 evo_h3\">Detalhes do Evento<\/h3><p>\r\n  \r\n    Regulamento\r\n  \r\n  \r\n    <\/p><\/div><span class='evcal_evdata_icons'><i class='fa fa-align-justify'><\/i><\/span>\r\n\t\t\t\t\t\t\t\r\n\t\t\t\t\t\t\t<div class='evcal_evdata_cell '><div class='eventon_full_description'>\r\n\t\t\t\t\t\t\t\t\t<h3 class='padb5 evo_h3'><span class='evcal_evdata_icons'><i class='fa fa-align-justify'><\/i><\/span>Detalhes do Evento<\/h3><div class='eventon_desc_in' itemprop='description'>\r\n\t\t\t\t\t\t\t\t\t<div class=\"documents-list\">\n<div class=\"documents-list__item\">\n    <a href=\"https:\/\/api-files.federacao-triatlo.pt\/v1\/files\/2024\/events\/20241013RDN001\/event-files\/20241013RDN001-REG001-02.pdf\" target=\"_blank\" rel=\"noopener\"><span class=\"fa fa-file-pdf fa-2x\"><\/span><span class=\"documents-list__title\">Regulamento<\/span><\/a>\n  <\/div>\n<div class=\"documents-list__item\">\n    <a href=\"https:\/\/api-files.federacao-triatlo.pt\/v1\/files\/2024\/events\/20241013RDN001\/event-files\/20241013RDN001-MAP001-01.pdf\" target=\"_blank\" rel=\"noopener\"><span class=\"fa fa-file-pdf fa-2x\"><\/span><span class=\"documents-list__title\">Percursos<\/span><\/a>\n  <\/div>\n<div class=\"documents-list__item\">\n    <a href=\"https:\/\/api-files.federacao-triatlo.pt\/v1\/files\/2024\/events\/20241013RDN001\/event-files\/20241013RDN001-STL001-01.pdf\" target=\"_blank\" rel=\"noopener\"><span class=\"fa fa-list fa-2x\"><\/span><span class=\"documents-list__title\">Lista de Inscritos Campeonato Douro Norte Jovem<\/span><\/a>\n  <\/div>\n<div class=\"documents-list__item\">\n    <a href=\"https:\/\/api-files.federacao-triatlo.pt\/v1\/files\/2024\/events\/20241013RDN001\/event-files\/20241013RDN001-STL002-01.pdf\" target=\"_blank\" rel=\"noopener\"><span class=\"fa fa-list fa-2x\"><\/span><span class=\"documents-list__title\">Lista de Inscritos Prova Aberta<\/span><\/a>\n  <\/div>\n<\/div>\n<\/div><div class='clear'><\/div>\r\n\t\t\t\t\t\t\t\t<\/div>\r\n\t\t\t\t\t\t\t<\/div>\r\n\t\t\t\t\t\t<\/div><div class='evo_metarow_time evorow evcal_evdata_row bordb evcal_evrow_sm '>\r\n\t\t\t\t\t\t\t<span class='evcal_evdata_icons'><i class='fa fa-clock-o'><\/i><\/span>\r\n\t\t\t\t\t\t\t<div class='evcal_evdata_cell'>\t\t\t\t\t\t\t\r\n\t\t\t\t\t\t\t\t<h3 class='evo_h3'><span class='evcal_evdata_icons'><i class='fa fa-clock-o'><\/i><\/span>Hor\u00e1rio<\/h3><p>(Domingo) 8:56 - 8:56<\/p>\r\n\t\t\t\t\t\t\t<\/div>\r\n\t\t\t\t\t\t<\/div>\t\t\t\t\t\t<div class='evo_metarow_ICS evorow bordb evcal_evdata_row'>\r\n\t\t\t\t\t\t\t<span class=\"evcal_evdata_icons\"><i class=\"fa fa-calendar\"><\/i><\/span>\r\n\t\t\t\t\t\t\t<div class='evcal_evdata_cell'>\r\n\t\t\t\t\t\t\t\t<p><a href='https:\/\/www.federacao-triatlo.pt\/ftp2015\/wp-admin\/admin-ajax.php?action=eventon_ics_download&amp;event_id=100798&amp;sunix=20241013T075600Z&amp;eunix=20241013T075600Z&amp;loca=&amp;locn=' class='evo_ics_nCal' title='Adicionar ao seu calend\u00e1rio'>Calend\u00e1rio<\/a><a href='\/\/www.google.com\/calendar\/event?action=TEMPLATE&amp;text=III+Triatlo+Verde+de+Paredes&amp;dates=20241013T075600Z\/20241013T075600Z&amp;details=%0D%0A++%0D%0A++++Regulamento%0D%0A++%0D%0A++%0D%0A++++&amp;location= - ' target='_blank' class='evo_ics_gCal' title='Adicionar ao calend\u00e1rio Google'>GoogleCal<\/a><\/p>\t\r\n\t\t\t\t\t\t\t<\/div>\t\t\t\t\t\t<\/div>\r\n\t\t\t\t\t\t<\/div><div class='clear end'><\/div><\/div><\/div><div class='clear'><\/div><\/div><!-- ajde_evcal_calendar-->\n","protected":false},"excerpt":{"rendered":"<p>Guia do Calend\u00e1rio \u2013 Douro Norte<\/p>\n","protected":false},"author":15430,"featured_media":0,"parent":99065,"menu_order":3,"comment_status":"closed","ping_status":"closed","template":"","meta":{"footnotes":""},"_links":{"self":[{"href":"https:\/\/www.federacao-triatlo.pt\/ftp2015\/wp-json\/wp\/v2\/pages\/99269"}],"collection":[{"href":"https:\/\/www.federacao-triatlo.pt\/ftp2015\/wp-json\/wp\/v2\/pages"}],"about":[{"href":"https:\/\/www.federacao-triatlo.pt\/ftp2015\/wp-json\/wp\/v2\/types\/page"}],"author":[{"embeddable":true,"href":"https:\/\/www.federacao-triatlo.pt\/ftp2015\/wp-json\/wp\/v2\/users\/15430"}],"replies":[{"embeddable":true,"href":"https:\/\/www.federacao-triatlo.pt\/ftp2015\/wp-json\/wp\/v2\/comments?post=99269"}],"version-history":[{"count":2,"href":"https:\/\/www.federacao-triatlo.pt\/ftp2015\/wp-json\/wp\/v2\/pages\/99269\/revisions"}],"predecessor-version":[{"id":99841,"href":"https:\/\/www.federacao-triatlo.pt\/ftp2015\/wp-json\/wp\/v2\/pages\/99269\/revisions\/99841"}],"up":[{"embeddable":true,"href":"https:\/\/www.federacao-triatlo.pt\/ftp2015\/wp-json\/wp\/v2\/pages\/99065"}],"wp:attachment":[{"href":"https:\/\/www.federacao-triatlo.pt\/ftp2015\/wp-json\/wp\/v2\/media?parent=99269"}],"curies":[{"name":"wp","href":"https:\/\/api.w.org\/{rel}","templated":true}]}}