{"id":99065,"date":"2023-11-26T15:24:37","date_gmt":"2023-11-26T15:24:37","guid":{"rendered":"https:\/\/www.federacao-triatlo.pt\/ftp2015\/?page_id=99065"},"modified":"2023-11-26T15:32:20","modified_gmt":"2023-11-26T15:32:20","slug":"calendario-2024","status":"publish","type":"page","link":"https:\/\/www.federacao-triatlo.pt\/ftp2015\/competicoes\/calendario\/calendario-2024\/","title":{"rendered":"Calend\u00e1rio 2024"},"content":{"rendered":"<div id='evcal_calendar_229' class='ajde_evcal_calendar  ul' ><div class='evo-data' data-cyear=\"2024\" data-cmonth=\"1\" data-runajax=\"1\" data-evc_open=\"0\" data-cal_ver=\"2.6\" data-mapscroll=\"true\" data-mapformat=\"roadmap\" data-mapzoom=\"14\" data-mapiconurl=\"\" data-ev_cnt=\"0\" data-show_limit=\"no\" data-tiles=\"no\" data-sort_by=\"sort_date\" data-filters_on=\"true\" data-range_start=\"0\" data-range_end=\"0\" data-send_unix=\"0\" data-ux_val=\"0\" data-accord=\"0\" data-rtl=\"no\"  ><\/div><div id='evcal_head' class='calendar_header ' ><div class='evo_cal_above'><span class='evo-gototoday-btn' style='display:none' data-mo='1' data-yr='2024' data-dy=''>Dia de Hoje<\/span><\/div><div class='evo_cal_above_content'><\/div><div class='cal_arguments' style='display:none' data-hide_past=\"no\" data-show_et_ft_img=\"no\" data-event_order=\"ASC\" data-ft_event_priority=\"no\" data-lang=\"L1\" data-month_incre=\"0\" data-only_ft=\"no\" data-evc_open=\"no\" data-show_limit=\"no\" data-etc_override=\"no\" data-show_limit_redir=\"0\" data-tiles=\"no\" data-tile_height=\"0\" data-tile_bg=\"0\" data-tile_count=\"2\" data-tile_style=\"0\" data-s=\"\" data-members_only=\"no\" data-ux_val=\"0\" data-show_limit_ajax=\"no\" data-show_limit_paged=\"1\" ><\/div><div class='clear'><\/div><\/div><div class='evcal_month_line'><p>Janeiro 2024<\/p><\/div><div id='evcal_list' class='evcal_list_month eventon_events_list '><div id=\"event_99095\" class=\"eventon_list_event evo_eventtop past_event event\" data-event_id=\"99095\" data-time=\"1706400001-1706486399\" data-colr=\"#007230\" itemscope itemtype='http:\/\/schema.org\/Event' 1><div class=\"evo_event_schema\" style=\"display:none\" ><a itemprop='url'  href='https:\/\/www.federacao-triatlo.pt\/ftp2015\/events\/xiv-duatlo-cross-joao-campos\/'><\/a><span itemprop='name'  >XIV Duatlo Cross Jo\u00e3o Campos<\/span><meta itemprop='image'  ><\/meta><meta itemprop='description' content='\r\n  \r\n    Regulamento\r\n  \r\n  \r\n    ' ><\/meta><meta itemprop='startDate' content='2024-1-28' ><\/meta><meta itemprop='endDate' content='2024-1-28' ><\/meta><meta itemprop='eventStatus' content='on-schedule' ><\/meta><script type=\"application\/ld+json\">{\t\"@context\": \"http:\/\/schema.org\",\r\n\t\t\t\t\t\t\t  \t\"@type\": \"Event\",\r\n\t\t\t\t\t\t\t  \t\"name\": \"XIV Duatlo Cross Jo\u00e3o Campos\",\r\n\t\t\t\t\t\t\t  \t\"startDate\": \"2024-1-28T00-00-00-00\",\r\n\t\t\t\t\t\t\t  \t\"endDate\": \"2024-1-28T23-23-59-00\",\r\n\t\t\t\t\t\t\t  \t\"image\":,\r\n\t\t\t\t\t\t\t  \t\"description\":\"\r\n  \r\n    Regulamento\r\n  \r\n  \r\n    \",\r\n\t\t\t\t\t\t\t  \t\r\n\t\t\t\t\t\t\t }\r\n\t\t\t\t\t\t\t<\/script><\/div>\r\n\t\t\t\t<p class=\"desc_trig_outter\"><a data-gmap_status=\"null\" data-exlk=\"0\" style=\"border-color: #007230;\" id=\"evc_170640000199095\" class=\"desc_trig evo_competicao-nacional sin_val evcal_list_a\" data-ux_val=\"1\"  ><span class='evcal_cblock ' data-bgcolor='#007230' data-smon='Janeiro' data-syr='2024'><span class='evo_start '><em class='date'>28<\/em><em class='month'>jan<\/em><em class='time'>allday<\/em><\/span><span class='evo_end only_time'><em class='time'>allday<\/em><\/span><em class='clear'><\/em><\/span><span class='evcal_desc evo_info hide_eventtopdata '  data-location_status=\"false\" ><span class='evo_above_title'><\/span><span class='evcal_desc2 evcal_event_title' itemprop='name'>XIV Duatlo Cross Jo\u00e3o Campos<\/span><span class='evo_below_title'><span class='evcal_event_subtitle' >Campeonato Nacional de Clubes Cross<\/span><\/span><span class='evcal_desc_info' ><\/span><span class='evcal_desc3'><span class='evcal_event_types ett1'><em><i>Tipo de Evento:<\/i><\/em><em data-filter='event_type'>Competi\u00e7\u00e3o Nacional<\/em><i class='clear'><\/i><\/span><\/span><\/span><em class='clear'><\/em><\/p><\/a><div class='event_description evcal_eventcard ' style=\"display:none\"><div class='evo_metarow_details evorow evcal_evdata_row bordb evcal_event_details'>\r\n\t\t\t\t\t\t\t<div class=\"event_excerpt\" style=\"display:none\"><h3 class=\"padb5 evo_h3\">Detalhes do Evento<\/h3><p>\r\n  \r\n    Regulamento\r\n  \r\n  \r\n    <\/p><\/div><span class='evcal_evdata_icons'><i class='fa fa-align-justify'><\/i><\/span>\r\n\t\t\t\t\t\t\t\r\n\t\t\t\t\t\t\t<div class='evcal_evdata_cell '><div class='eventon_full_description'>\r\n\t\t\t\t\t\t\t\t\t<h3 class='padb5 evo_h3'><span class='evcal_evdata_icons'><i class='fa fa-align-justify'><\/i><\/span>Detalhes do Evento<\/h3><div class='eventon_desc_in' itemprop='description'>\r\n\t\t\t\t\t\t\t\t\t<div class=\"documents-list\">\n<div class=\"documents-list__item\">\n    <a href=\"https:\/\/api-files.federacao-triatlo.pt\/v1\/files\/2024\/events\/20240128FTP001\/event-files\/20240128FTP001-REG001-01.pdf\" target=\"_blank\" rel=\"noopener\"><span class=\"fa fa-file-pdf fa-2x\"><\/span><span class=\"documents-list__title\">Regulamento<\/span><\/a>\n  <\/div>\n<div class=\"documents-list__item\">\n    <a href=\"https:\/\/api-files.federacao-triatlo.pt\/v1\/files\/2024\/\/events\/20240128FTP001\/event-files\/20240128FTP001-MAP001-01.pdf\" target=\"_blank\" rel=\"noopener\"><span class=\"fa fa-file-pdf fa-2x\"><\/span><span class=\"documents-list__title\">Percursos<\/span><\/a>\n  <\/div>\n<div class=\"documents-list__item\">\n    <a href=\"https:\/\/api-files.federacao-triatlo.pt\/v1\/files\/2024\/\/events\/20240128FTP001\/event-files\/20240128FTP001-STL001-01.pdf\" target=\"_blank\" rel=\"noopener\"><span class=\"fa fa-list fa-2x\"><\/span><span class=\"documents-list__title\">Lista de Inscritos Campeonato Nacional de Clubes Cross<\/span><\/a>\n  <\/div>\n<div class=\"documents-list__item\">\n    <a href=\"https:\/\/api-files.federacao-triatlo.pt\/v1\/files\/2024\/events\/20240128FTP001\/event-files\/20240128FTP001-STL002-01.pdf\" target=\"_blank\" rel=\"noopener\"><span class=\"fa fa-list fa-2x\"><\/span><span class=\"documents-list__title\">Lista de Inscritos Prova Aberta<\/span><\/a>\n  <\/div>\n<\/div>\n<\/div><div class='clear'><\/div>\r\n\t\t\t\t\t\t\t\t<\/div>\r\n\t\t\t\t\t\t\t<\/div>\r\n\t\t\t\t\t\t<\/div><div class='evo_metarow_time evorow evcal_evdata_row bordb evcal_evrow_sm '>\r\n\t\t\t\t\t\t\t<span class='evcal_evdata_icons'><i class='fa fa-clock-o'><\/i><\/span>\r\n\t\t\t\t\t\t\t<div class='evcal_evdata_cell'>\t\t\t\t\t\t\t\r\n\t\t\t\t\t\t\t\t<h3 class='evo_h3'><span class='evcal_evdata_icons'><i class='fa fa-clock-o'><\/i><\/span>Hor\u00e1rio<\/h3><p>Todo o dia (Domingo)<\/p>\r\n\t\t\t\t\t\t\t<\/div>\r\n\t\t\t\t\t\t<\/div>\t\t\t\t\t\t<div class='evo_metarow_ICS evorow bordb evcal_evdata_row'>\r\n\t\t\t\t\t\t\t<span class=\"evcal_evdata_icons\"><i class=\"fa fa-calendar\"><\/i><\/span>\r\n\t\t\t\t\t\t\t<div class='evcal_evdata_cell'>\r\n\t\t\t\t\t\t\t\t<p><a href='https:\/\/www.federacao-triatlo.pt\/ftp2015\/wp-admin\/admin-ajax.php?action=eventon_ics_download&amp;event_id=99095&amp;sunix=20240127T230000Z&amp;eunix=20240128T225900Z&amp;loca=&amp;locn=' class='evo_ics_nCal' title='Adicionar ao seu calend\u00e1rio'>Calend\u00e1rio<\/a><a href='\/\/www.google.com\/calendar\/event?action=TEMPLATE&amp;text=XIV+Duatlo+Cross+Jo%C3%A3o+Campos&amp;dates=20240127T230000Z\/20240128T225900Z&amp;details=%0D%0A++%0D%0A++++Regulamento%0D%0A++%0D%0A++%0D%0A++++&amp;location= - ' target='_blank' class='evo_ics_gCal' title='Adicionar ao calend\u00e1rio Google'>GoogleCal<\/a><\/p>\t\r\n\t\t\t\t\t\t\t<\/div>\t\t\t\t\t\t<\/div>\r\n\t\t\t\t\t\t<\/div><div class='clear end'><\/div><\/div><div id=\"event_99261\" class=\"eventon_list_event evo_eventtop past_event event\" data-event_id=\"99261\" data-time=\"1706400001-1706486399\" data-colr=\"#0092e0\" itemscope itemtype='http:\/\/schema.org\/Event' 2><div class=\"evo_event_schema\" style=\"display:none\" ><a itemprop='url'  href='https:\/\/www.federacao-triatlo.pt\/ftp2015\/events\/xiv-duatlo-cross-joao-campos-campeonato-litoral-e-interior-centro-jovem\/'><\/a><span itemprop='name'  >XIV Duatlo Cross Jo\u00e3o Campos - Campeonato Litoral e Interior Centro Jovem<\/span><meta itemprop='image'  ><\/meta><meta itemprop='description' content='\r\n  \r\n    Regulamento\r\n  \r\n  \r\n    ' ><\/meta><meta itemprop='startDate' content='2024-1-28' ><\/meta><meta itemprop='endDate' content='2024-1-28' ><\/meta><meta itemprop='eventStatus' content='on-schedule' ><\/meta><script type=\"application\/ld+json\">{\t\"@context\": \"http:\/\/schema.org\",\r\n\t\t\t\t\t\t\t  \t\"@type\": \"Event\",\r\n\t\t\t\t\t\t\t  \t\"name\": \"XIV Duatlo Cross Jo\u00e3o Campos - Campeonato Litoral e Interior Centro Jovem\",\r\n\t\t\t\t\t\t\t  \t\"startDate\": \"2024-1-28T00-00-00-00\",\r\n\t\t\t\t\t\t\t  \t\"endDate\": \"2024-1-28T23-23-59-00\",\r\n\t\t\t\t\t\t\t  \t\"image\":,\r\n\t\t\t\t\t\t\t  \t\"description\":\"\r\n  \r\n    Regulamento\r\n  \r\n  \r\n    \",\r\n\t\t\t\t\t\t\t  \t\r\n\t\t\t\t\t\t\t }\r\n\t\t\t\t\t\t\t<\/script><\/div>\r\n\t\t\t\t<p class=\"desc_trig_outter\"><a data-gmap_status=\"null\" data-exlk=\"0\" style=\"border-color: #0092e0;\" id=\"evc_170640000199261\" class=\"desc_trig evo_litoral-interior-centro-competicao-regional sin_val evcal_list_a\" data-ux_val=\"1\"  ><span class='evcal_cblock ' data-bgcolor='#0092e0' data-smon='Janeiro' data-syr='2024'><span class='evo_start '><em class='date'>28<\/em><em class='month'>jan<\/em><em class='time'>allday<\/em><\/span><span class='evo_end only_time'><em class='time'>allday<\/em><\/span><em class='clear'><\/em><\/span><span class='evcal_desc evo_info hide_eventtopdata '  data-location_status=\"false\" ><span class='evo_above_title'><\/span><span class='evcal_desc2 evcal_event_title' itemprop='name'>XIV Duatlo Cross Jo\u00e3o Campos - Campeonato Litoral e Interior Centro Jovem<\/span><span class='evo_below_title'><\/span><span class='evcal_desc_info' ><\/span><span class='evcal_desc3'><span class='evcal_event_types ett1'><em><i>Tipo de Evento:<\/i><\/em><em data-filter='event_type'>Litoral e Interior Centro<\/em><i class='clear'><\/i><\/span><\/span><\/span><em class='clear'><\/em><\/p><\/a><div class='event_description evcal_eventcard ' style=\"display:none\"><div class='evo_metarow_details evorow evcal_evdata_row bordb evcal_event_details'>\r\n\t\t\t\t\t\t\t<div class=\"event_excerpt\" style=\"display:none\"><h3 class=\"padb5 evo_h3\">Detalhes do Evento<\/h3><p>\r\n  \r\n    Regulamento\r\n  \r\n  \r\n    <\/p><\/div><span class='evcal_evdata_icons'><i class='fa fa-align-justify'><\/i><\/span>\r\n\t\t\t\t\t\t\t\r\n\t\t\t\t\t\t\t<div class='evcal_evdata_cell '><div class='eventon_full_description'>\r\n\t\t\t\t\t\t\t\t\t<h3 class='padb5 evo_h3'><span class='evcal_evdata_icons'><i class='fa fa-align-justify'><\/i><\/span>Detalhes do Evento<\/h3><div class='eventon_desc_in' itemprop='description'>\r\n\t\t\t\t\t\t\t\t\t<div class=\"documents-list\">\n<div class=\"documents-list__item\">\n    <a href=\"https:\/\/api-files.federacao-triatlo.pt\/v1\/files\/2024\/events\/20240128FTP001\/event-files\/20240128FTP001-REG002-01.pdf\" target=\"_blank\" rel=\"noopener\"><span class=\"fa fa-file-pdf fa-2x\"><\/span><span class=\"documents-list__title\">Regulamento<\/span><\/a>\n  <\/div>\n<div class=\"documents-list__item\">\n    <a href=\"https:\/\/api-files.federacao-triatlo.pt\/v1\/files\/2024\/events\/20240128FTP001\/event-files\/20240128FTP001-MAP002-01.pdf\" target=\"_blank\" rel=\"noopener\"><span class=\"fa fa-file-pdf fa-2x\"><\/span><span class=\"documents-list__title\">Percursos<\/span><\/a>\n  <\/div>\n<div class=\"documents-list__item\">\n    <a href=\"https:\/\/api-files.federacao-triatlo.pt\/v1\/files\/2024\/events\/20240128FTP001\/event-files\/20240128FTP001-STL002-01.pdf\" target=\"_blank\" rel=\"noopener\"><span class=\"fa fa-list fa-2x\"><\/span><span class=\"documents-list__title\">Lista de Inscritos Campeonato Litoral e Interior Centro Jovem<\/span><\/a>\n  <\/div>\n<\/div>\n<\/div><div class='clear'><\/div>\r\n\t\t\t\t\t\t\t\t<\/div>\r\n\t\t\t\t\t\t\t<\/div>\r\n\t\t\t\t\t\t<\/div><div class='evo_metarow_time evorow evcal_evdata_row bordb evcal_evrow_sm '>\r\n\t\t\t\t\t\t\t<span class='evcal_evdata_icons'><i class='fa fa-clock-o'><\/i><\/span>\r\n\t\t\t\t\t\t\t<div class='evcal_evdata_cell'>\t\t\t\t\t\t\t\r\n\t\t\t\t\t\t\t\t<h3 class='evo_h3'><span class='evcal_evdata_icons'><i class='fa fa-clock-o'><\/i><\/span>Hor\u00e1rio<\/h3><p>Todo o dia (Domingo)<\/p>\r\n\t\t\t\t\t\t\t<\/div>\r\n\t\t\t\t\t\t<\/div>\t\t\t\t\t\t<div class='evo_metarow_ICS evorow bordb evcal_evdata_row'>\r\n\t\t\t\t\t\t\t<span class=\"evcal_evdata_icons\"><i class=\"fa fa-calendar\"><\/i><\/span>\r\n\t\t\t\t\t\t\t<div class='evcal_evdata_cell'>\r\n\t\t\t\t\t\t\t\t<p><a href='https:\/\/www.federacao-triatlo.pt\/ftp2015\/wp-admin\/admin-ajax.php?action=eventon_ics_download&amp;event_id=99261&amp;sunix=20240127T230000Z&amp;eunix=20240128T225900Z&amp;loca=&amp;locn=' class='evo_ics_nCal' title='Adicionar ao seu calend\u00e1rio'>Calend\u00e1rio<\/a><a href='\/\/www.google.com\/calendar\/event?action=TEMPLATE&amp;text=XIV+Duatlo+Cross+Jo%C3%A3o+Campos+-+Campeonato+Litoral+e+Interior+Centro+Jovem&amp;dates=20240127T230000Z\/20240128T225900Z&amp;details=%0D%0A++%0D%0A++++Regulamento%0D%0A++%0D%0A++%0D%0A++++&amp;location= - ' target='_blank' class='evo_ics_gCal' title='Adicionar ao calend\u00e1rio Google'>GoogleCal<\/a><\/p>\t\r\n\t\t\t\t\t\t\t<\/div>\t\t\t\t\t\t<\/div>\r\n\t\t\t\t\t\t<\/div><div class='clear end'><\/div><\/div><\/div><div class='evcal_month_line'><p>Fevereiro 2024<\/p><\/div><div id='evcal_list' class='evcal_list_month eventon_events_list '><div id=\"event_99097\" class=\"eventon_list_event evo_eventtop past_event event\" data-event_id=\"99097\" data-time=\"1708214401-1708300799\" data-colr=\"#007230\" itemscope itemtype='http:\/\/schema.org\/Event' 1><div class=\"evo_event_schema\" style=\"display:none\" ><a itemprop='url'  href='https:\/\/www.federacao-triatlo.pt\/ftp2015\/events\/iii-triatlo-de-santo-andre\/'><\/a><span itemprop='name'  >III Triatlo de Santo Andr\u00e9<\/span><meta itemprop='image'  ><\/meta><meta itemprop='description' content='\r\n  \r\n    Regulamento\r\n  \r\n  \r\n    ' ><\/meta><meta itemprop='startDate' content='2024-2-18' ><\/meta><meta itemprop='endDate' content='2024-2-18' ><\/meta><meta itemprop='eventStatus' content='on-schedule' ><\/meta><script type=\"application\/ld+json\">{\t\"@context\": \"http:\/\/schema.org\",\r\n\t\t\t\t\t\t\t  \t\"@type\": \"Event\",\r\n\t\t\t\t\t\t\t  \t\"name\": \"III Triatlo de Santo Andr\u00e9\",\r\n\t\t\t\t\t\t\t  \t\"startDate\": \"2024-2-18T00-00-00-00\",\r\n\t\t\t\t\t\t\t  \t\"endDate\": \"2024-2-18T23-23-59-00\",\r\n\t\t\t\t\t\t\t  \t\"image\":,\r\n\t\t\t\t\t\t\t  \t\"description\":\"\r\n  \r\n    Regulamento\r\n  \r\n  \r\n    \",\r\n\t\t\t\t\t\t\t  \t\r\n\t\t\t\t\t\t\t }\r\n\t\t\t\t\t\t\t<\/script><\/div>\r\n\t\t\t\t<p class=\"desc_trig_outter\"><a data-gmap_status=\"null\" data-exlk=\"0\" style=\"border-color: #007230;\" id=\"evc_170821440199097\" class=\"desc_trig evo_competicao-nacional sin_val evcal_list_a\" data-ux_val=\"1\"  ><span class='evcal_cblock ' data-bgcolor='#007230' data-smon='Fevereiro' data-syr='2024'><span class='evo_start '><em class='date'>18<\/em><em class='month'>fev<\/em><em class='time'>allday<\/em><\/span><span class='evo_end only_time'><em class='time'>allday<\/em><\/span><em class='clear'><\/em><\/span><span class='evcal_desc evo_info hide_eventtopdata '  data-location_status=\"false\" ><span class='evo_above_title'><\/span><span class='evcal_desc2 evcal_event_title' itemprop='name'>III Triatlo de Santo Andr\u00e9<\/span><span class='evo_below_title'><span class='evcal_event_subtitle' >Ta\u00e7a de Portugal<\/span><\/span><span class='evcal_desc_info' ><\/span><span class='evcal_desc3'><span class='evcal_event_types ett1'><em><i>Tipo de Evento:<\/i><\/em><em data-filter='event_type'>Competi\u00e7\u00e3o Nacional<\/em><i class='clear'><\/i><\/span><\/span><\/span><em class='clear'><\/em><\/p><\/a><div class='event_description evcal_eventcard ' style=\"display:none\"><div class='evo_metarow_details evorow evcal_evdata_row bordb evcal_event_details'>\r\n\t\t\t\t\t\t\t<div class=\"event_excerpt\" style=\"display:none\"><h3 class=\"padb5 evo_h3\">Detalhes do Evento<\/h3><p>\r\n  \r\n    Regulamento\r\n  \r\n  \r\n    <\/p><\/div><span class='evcal_evdata_icons'><i class='fa fa-align-justify'><\/i><\/span>\r\n\t\t\t\t\t\t\t\r\n\t\t\t\t\t\t\t<div class='evcal_evdata_cell '><div class='eventon_full_description'>\r\n\t\t\t\t\t\t\t\t\t<h3 class='padb5 evo_h3'><span class='evcal_evdata_icons'><i class='fa fa-align-justify'><\/i><\/span>Detalhes do Evento<\/h3><div class='eventon_desc_in' itemprop='description'>\r\n\t\t\t\t\t\t\t\t\t<div class=\"documents-list\">\n<div class=\"documents-list__item\">\n    <a href=\"https:\/\/api-files.federacao-triatlo.pt\/v1\/files\/2024\/events\/20240218FTP001\/event-files\/20240218FTP001-REG001-03.pdf\" target=\"_blank\" rel=\"noopener\"><span class=\"fa fa-file-pdf fa-2x\"><\/span><span class=\"documents-list__title\">Regulamento<\/span><\/a>\n  <\/div>\n<div class=\"documents-list__item\">\n    <a href=\"https:\/\/api-files.federacao-triatlo.pt\/v1\/files\/2024\/events\/20240218FTP001\/event-files\/20240218FTP001-MAP001-03.pdf\" target=\"_blank\" rel=\"noopener\"><span class=\"fa fa-file-pdf fa-2x\"><\/span><span class=\"documents-list__title\">Percursos<\/span><\/a>\n  <\/div>\n<div class=\"documents-list__item\">\n    <a href=\"https:\/\/api-files.federacao-triatlo.pt\/v1\/files\/2024\/events\/20240218FTP001\/event-files\/20240218FTP001-STL001-01.pdf\" target=\"_blank\" rel=\"noopener\"><span class=\"fa fa-list fa-2x\"><\/span><span class=\"documents-list__title\">Lista de Inscritos Ta\u00e7a de Portugal<\/span><\/a>\n  <\/div>\n<\/div>\n<\/div><div class='clear'><\/div>\r\n\t\t\t\t\t\t\t\t<\/div>\r\n\t\t\t\t\t\t\t<\/div>\r\n\t\t\t\t\t\t<\/div><div class='evo_metarow_time evorow evcal_evdata_row bordb evcal_evrow_sm '>\r\n\t\t\t\t\t\t\t<span class='evcal_evdata_icons'><i class='fa fa-clock-o'><\/i><\/span>\r\n\t\t\t\t\t\t\t<div class='evcal_evdata_cell'>\t\t\t\t\t\t\t\r\n\t\t\t\t\t\t\t\t<h3 class='evo_h3'><span class='evcal_evdata_icons'><i class='fa fa-clock-o'><\/i><\/span>Hor\u00e1rio<\/h3><p>Todo o dia (Domingo)<\/p>\r\n\t\t\t\t\t\t\t<\/div>\r\n\t\t\t\t\t\t<\/div>\t\t\t\t\t\t<div class='evo_metarow_ICS evorow bordb evcal_evdata_row'>\r\n\t\t\t\t\t\t\t<span class=\"evcal_evdata_icons\"><i class=\"fa fa-calendar\"><\/i><\/span>\r\n\t\t\t\t\t\t\t<div class='evcal_evdata_cell'>\r\n\t\t\t\t\t\t\t\t<p><a href='https:\/\/www.federacao-triatlo.pt\/ftp2015\/wp-admin\/admin-ajax.php?action=eventon_ics_download&amp;event_id=99097&amp;sunix=20240217T230000Z&amp;eunix=20240218T225900Z&amp;loca=&amp;locn=' class='evo_ics_nCal' title='Adicionar ao seu calend\u00e1rio'>Calend\u00e1rio<\/a><a href='\/\/www.google.com\/calendar\/event?action=TEMPLATE&amp;text=III+Triatlo+de+Santo+Andr%C3%A9&amp;dates=20240217T230000Z\/20240218T225900Z&amp;details=%0D%0A++%0D%0A++++Regulamento%0D%0A++%0D%0A++%0D%0A++++&amp;location= - ' target='_blank' class='evo_ics_gCal' title='Adicionar ao calend\u00e1rio Google'>GoogleCal<\/a><\/p>\t\r\n\t\t\t\t\t\t\t<\/div>\t\t\t\t\t\t<\/div>\r\n\t\t\t\t\t\t<\/div><div class='clear end'><\/div><\/div><div id=\"event_99594\" class=\"eventon_list_event evo_eventtop past_event event\" data-event_id=\"99594\" data-time=\"1708776540-1708776540\" data-colr=\"#0092e0\" itemscope itemtype='http:\/\/schema.org\/Event' 2><div class=\"evo_event_schema\" style=\"display:none\" ><a itemprop='url'  href='https:\/\/www.federacao-triatlo.pt\/ftp2015\/events\/iii-duatlo-jovem-da-amora\/'><\/a><span itemprop='name'  >III Duatlo Jovem da Amora<\/span><meta itemprop='image'  ><\/meta><meta itemprop='description' content='\r\n  \r\n    Regulamento\r\n  \r\n  \r\n    ' ><\/meta><meta itemprop='startDate' content='2024-2-24' ><\/meta><meta itemprop='endDate' content='2024-2-24' ><\/meta><meta itemprop='eventStatus' content='on-schedule' ><\/meta><script type=\"application\/ld+json\">{\t\"@context\": \"http:\/\/schema.org\",\r\n\t\t\t\t\t\t\t  \t\"@type\": \"Event\",\r\n\t\t\t\t\t\t\t  \t\"name\": \"III Duatlo Jovem da Amora\",\r\n\t\t\t\t\t\t\t  \t\"startDate\": \"2024-2-24T12-12-09-00\",\r\n\t\t\t\t\t\t\t  \t\"endDate\": \"2024-2-24T12-12-09-00\",\r\n\t\t\t\t\t\t\t  \t\"image\":,\r\n\t\t\t\t\t\t\t  \t\"description\":\"\r\n  \r\n    Regulamento\r\n  \r\n  \r\n    \",\r\n\t\t\t\t\t\t\t  \t\r\n\t\t\t\t\t\t\t }\r\n\t\t\t\t\t\t\t<\/script><\/div>\r\n\t\t\t\t<p class=\"desc_trig_outter\"><a data-gmap_status=\"null\" data-exlk=\"0\" style=\"border-color: #0092e0;\" id=\"evc_170877654099594\" class=\"desc_trig evo_lisboa-alto-alentejo-competicao-regional sin_val evcal_list_a\" data-ux_val=\"1\"  ><span class='evcal_cblock ' data-bgcolor='#0092e0' data-smon='Fevereiro' data-syr='2024'><span class='evo_start '><em class='date'>24<\/em><em class='month'>fev<\/em><em class='time'>12:09<\/em><\/span><span class='evo_end only_time'><em class='time'>12:09<\/em><\/span><em class='clear'><\/em><\/span><span class='evcal_desc evo_info hide_eventtopdata '  data-location_status=\"false\" ><span class='evo_above_title'><\/span><span class='evcal_desc2 evcal_event_title' itemprop='name'>III Duatlo Jovem da Amora<\/span><span class='evo_below_title'><span class='evcal_event_subtitle' >CAMPEONATO LISBOA E ALTO ALENTEJO JOVEM<\/span><\/span><span class='evcal_desc_info' ><\/span><span class='evcal_desc3'><span class='evcal_event_types ett1'><em><i>Tipo de Evento:<\/i><\/em><em data-filter='event_type'>Lisboa e Alto Alentejo<\/em><i class='clear'><\/i><\/span><\/span><\/span><em class='clear'><\/em><\/p><\/a><div class='event_description evcal_eventcard ' style=\"display:none\"><div class='evo_metarow_details evorow evcal_evdata_row bordb evcal_event_details'>\r\n\t\t\t\t\t\t\t<div class=\"event_excerpt\" style=\"display:none\"><h3 class=\"padb5 evo_h3\">Detalhes do Evento<\/h3><p>\r\n  \r\n    Regulamento\r\n  \r\n  \r\n    <\/p><\/div><span class='evcal_evdata_icons'><i class='fa fa-align-justify'><\/i><\/span>\r\n\t\t\t\t\t\t\t\r\n\t\t\t\t\t\t\t<div class='evcal_evdata_cell '><div class='eventon_full_description'>\r\n\t\t\t\t\t\t\t\t\t<h3 class='padb5 evo_h3'><span class='evcal_evdata_icons'><i class='fa fa-align-justify'><\/i><\/span>Detalhes do Evento<\/h3><div class='eventon_desc_in' itemprop='description'>\r\n\t\t\t\t\t\t\t\t\t<div class=\"documents-list\">\n<div class=\"documents-list__item\">\n    <a href=\"https:\/\/api-files.federacao-triatlo.pt\/v1\/files\/2024\/events\/20240224LAA001\/event-files\/20240224LAA001-REG001-01.pdf\" target=\"_blank\" rel=\"noopener\"><span class=\"fa fa-file-pdf fa-2x\"><\/span><span class=\"documents-list__title\">Regulamento<\/span><\/a>\n  <\/div>\n<div class=\"documents-list__item\">\n    <a href=\"https:\/\/api-files.federacao-triatlo.pt\/v1\/files\/2024\/events\/20240224LAA001\/event-files\/20240224LAA001-MAP001-01.pdf\" target=\"_blank\" rel=\"noopener\"><span class=\"fa fa-file-pdf fa-2x\"><\/span><span class=\"documents-list__title\">Percursos<\/span><\/a>\n  <\/div>\n<div class=\"documents-list__item\">\n    <a href=\"https:\/\/api-files.federacao-triatlo.pt\/v1\/files\/2024\/events\/20240224LAA001\/event-files\/20240224LAA001-STL001-02.pdf\" target=\"_blank\" rel=\"noopener\"><span class=\"fa fa-list fa-2x\"><\/span><span class=\"documents-list__title\">Lista de Inscritos Campeonato Lisboa e Alto Alentejo Jovem<\/span><\/a>\n  <\/div>\n<\/div>\n<\/div><div class='clear'><\/div>\r\n\t\t\t\t\t\t\t\t<\/div>\r\n\t\t\t\t\t\t\t<\/div>\r\n\t\t\t\t\t\t<\/div><div class='evo_metarow_time evorow evcal_evdata_row bordb evcal_evrow_sm '>\r\n\t\t\t\t\t\t\t<span class='evcal_evdata_icons'><i class='fa fa-clock-o'><\/i><\/span>\r\n\t\t\t\t\t\t\t<div class='evcal_evdata_cell'>\t\t\t\t\t\t\t\r\n\t\t\t\t\t\t\t\t<h3 class='evo_h3'><span class='evcal_evdata_icons'><i class='fa fa-clock-o'><\/i><\/span>Hor\u00e1rio<\/h3><p>(S\u00e1bado) 12:09 - 12:09<\/p>\r\n\t\t\t\t\t\t\t<\/div>\r\n\t\t\t\t\t\t<\/div>\t\t\t\t\t\t<div class='evo_metarow_ICS evorow bordb evcal_evdata_row'>\r\n\t\t\t\t\t\t\t<span class=\"evcal_evdata_icons\"><i class=\"fa fa-calendar\"><\/i><\/span>\r\n\t\t\t\t\t\t\t<div class='evcal_evdata_cell'>\r\n\t\t\t\t\t\t\t\t<p><a href='https:\/\/www.federacao-triatlo.pt\/ftp2015\/wp-admin\/admin-ajax.php?action=eventon_ics_download&amp;event_id=99594&amp;sunix=20240224T110900Z&amp;eunix=20240224T110900Z&amp;loca=&amp;locn=' class='evo_ics_nCal' title='Adicionar ao seu calend\u00e1rio'>Calend\u00e1rio<\/a><a href='\/\/www.google.com\/calendar\/event?action=TEMPLATE&amp;text=III+Duatlo+Jovem+da+Amora&amp;dates=20240224T110900Z\/20240224T110900Z&amp;details=%0D%0A++%0D%0A++++Regulamento%0D%0A++%0D%0A++%0D%0A++++&amp;location= - ' target='_blank' class='evo_ics_gCal' title='Adicionar ao calend\u00e1rio Google'>GoogleCal<\/a><\/p>\t\r\n\t\t\t\t\t\t\t<\/div>\t\t\t\t\t\t<\/div>\r\n\t\t\t\t\t\t<\/div><div class='clear end'><\/div><\/div><div id=\"event_99098\" class=\"eventon_list_event evo_eventtop past_event event\" data-event_id=\"99098\" data-time=\"1708819201-1708905599\" data-colr=\"#007230\" itemscope itemtype='http:\/\/schema.org\/Event' 3><div class=\"evo_event_schema\" style=\"display:none\" ><a itemprop='url'  href='https:\/\/www.federacao-triatlo.pt\/ftp2015\/events\/i-duatlo-cross-da-raia\/'><\/a><span itemprop='name'  >I Duatlo Cross Raia Ib\u00e9rica<\/span><meta itemprop='image'  ><\/meta><meta itemprop='description' content='\r\n  \r\n    Regulamento\r\n  \r\n  \r\n    ' ><\/meta><meta itemprop='startDate' content='2024-2-25' ><\/meta><meta itemprop='endDate' content='2024-2-25' ><\/meta><meta itemprop='eventStatus' content='on-schedule' ><\/meta><script type=\"application\/ld+json\">{\t\"@context\": \"http:\/\/schema.org\",\r\n\t\t\t\t\t\t\t  \t\"@type\": \"Event\",\r\n\t\t\t\t\t\t\t  \t\"name\": \"I Duatlo Cross Raia Ib\u00e9rica\",\r\n\t\t\t\t\t\t\t  \t\"startDate\": \"2024-2-25T00-00-00-00\",\r\n\t\t\t\t\t\t\t  \t\"endDate\": \"2024-2-25T23-23-59-00\",\r\n\t\t\t\t\t\t\t  \t\"image\":,\r\n\t\t\t\t\t\t\t  \t\"description\":\"\r\n  \r\n    Regulamento\r\n  \r\n  \r\n    \",\r\n\t\t\t\t\t\t\t  \t\r\n\t\t\t\t\t\t\t }\r\n\t\t\t\t\t\t\t<\/script><\/div>\r\n\t\t\t\t<p class=\"desc_trig_outter\"><a data-gmap_status=\"null\" data-exlk=\"0\" style=\"border-color: #007230;\" id=\"evc_170881920199098\" class=\"desc_trig evo_competicao-nacional sin_val evcal_list_a\" data-ux_val=\"1\"  ><span class='evcal_cblock ' data-bgcolor='#007230' data-smon='Fevereiro' data-syr='2024'><span class='evo_start '><em class='date'>25<\/em><em class='month'>fev<\/em><em class='time'>allday<\/em><\/span><span class='evo_end only_time'><em class='time'>allday<\/em><\/span><em class='clear'><\/em><\/span><span class='evcal_desc evo_info hide_eventtopdata '  data-location_status=\"false\" ><span class='evo_above_title'><\/span><span class='evcal_desc2 evcal_event_title' itemprop='name'>I Duatlo Cross Raia Ib\u00e9rica<\/span><span class='evo_below_title'><span class='evcal_event_subtitle' >Campeonato Nacional de Clubes Cross - Campeonato Nacional Individual de Duatlo Cross - Campeonato Nacional de Duatlo Cross de Juniores - Campeonato Nacional de Duatlo Cross de Cadetes - Campeonato Nacional de Duatlo Cross de Paratriatlo<\/span><\/span><span class='evcal_desc_info' ><\/span><span class='evcal_desc3'><span class='evcal_event_types ett1'><em><i>Tipo de Evento:<\/i><\/em><em data-filter='event_type'>Competi\u00e7\u00e3o Nacional<\/em><i class='clear'><\/i><\/span><\/span><\/span><em class='clear'><\/em><\/p><\/a><div class='event_description evcal_eventcard ' style=\"display:none\"><div class='evo_metarow_details evorow evcal_evdata_row bordb evcal_event_details'>\r\n\t\t\t\t\t\t\t<div class=\"event_excerpt\" style=\"display:none\"><h3 class=\"padb5 evo_h3\">Detalhes do Evento<\/h3><p>\r\n  \r\n    Regulamento\r\n  \r\n  \r\n    <\/p><\/div><span class='evcal_evdata_icons'><i class='fa fa-align-justify'><\/i><\/span>\r\n\t\t\t\t\t\t\t\r\n\t\t\t\t\t\t\t<div class='evcal_evdata_cell '><div class='eventon_full_description'>\r\n\t\t\t\t\t\t\t\t\t<h3 class='padb5 evo_h3'><span class='evcal_evdata_icons'><i class='fa fa-align-justify'><\/i><\/span>Detalhes do Evento<\/h3><div class='eventon_desc_in' itemprop='description'>\r\n\t\t\t\t\t\t\t\t\t<div class=\"documents-list\">\n<div class=\"documents-list__item\">\n    <a href=\"https:\/\/api-files.federacao-triatlo.pt\/v1\/files\/2024\/events\/20240225FTP001\/event-files\/20240225FTP001-REG001-01.pdf\" target=\"_blank\" rel=\"noopener\"><span class=\"fa fa-file-pdf fa-2x\"><\/span><span class=\"documents-list__title\">Regulamento<\/span><\/a>\n  <\/div>\n<div class=\"documents-list__item\">\n    <a href=\"https:\/\/api-files.federacao-triatlo.pt\/v1\/files\/2024\/events\/20240225FTP001\/event-files\/20240225FTP001-MAP001-01.pdf\" target=\"_blank\" rel=\"noopener\"><span class=\"fa fa-file-pdf fa-2x\"><\/span><span class=\"documents-list__title\">Percursos<\/span><\/a>\n  <\/div>\n<div class=\"documents-list__item\">\n    <a href=\"https:\/\/www.plotaroute.com\/route\/2500181\" target=\"_blank\" rel=\"noopener\"><span class=\"fa fa-map fa-2x\"><\/span><span class=\"documents-list__title\">Track do percurso da primeira corrida<\/span><\/a>\n  <\/div>\n<div class=\"documents-list__item\">\n    <a href=\"https:\/\/www.plotaroute.com\/route\/2500185\" target=\"_blank\" rel=\"noopener\"><span class=\"fa fa-map fa-2x\"><\/span><span class=\"documents-list__title\">Track do percurso de ciclismo<\/span><\/a>\n  <\/div>\n<div class=\"documents-list__item\">\n    <a href=\"https:\/\/www.plotaroute.com\/route\/2500188\" target=\"_blank\" rel=\"noopener\"><span class=\"fa fa-map fa-2x\"><\/span><span class=\"documents-list__title\">Track do percurso da segunda corrida<\/span><\/a>\n  <\/div>\n<div class=\"documents-list__item\">\n    <a href=\"https:\/\/docs.google.com\/forms\/d\/e\/1FAIpQLSe2WboLo10MitAChOrAraiIS4bw_hhgldunGPTFm9FUopJilQ\/viewform\" target=\"_blank\" rel=\"noopener\"><span class=\"fa fa-pencil-square-o fa-2x\"><\/span><span class=\"documents-list__title\">Formul\u00e1rio de inscri\u00e7\u00e3o para atletas n\u00e3o licenciados<\/span><\/a>\n  <\/div>\n<div class=\"documents-list__item\">\n    <a href=\"https:\/\/docs.google.com\/forms\/d\/e\/1FAIpQLSe2WboLo10MitAChOrAraiIS4bw_hhgldunGPTFm9FUopJilQ\/viewform\" target=\"_blank\" rel=\"noopener\"><span class=\"fa fa-pencil-square-o fa-2x\"><\/span><span class=\"documents-list__title\">Formul\u00e1rio de inscri\u00e7\u00e3o para a Past Party (jantar do dia 24) e almo\u00e7o do dia 25<\/span><\/a>\n  <\/div>\n<div class=\"documents-list__item\">\n    <a href=\"https:\/\/api-files.federacao-triatlo.pt\/v1\/files\/2024\/events\/20240225FTP001\/event-files\/20240225FTP001-STL001-02.pdf\" target=\"_blank\" rel=\"noopener\"><span class=\"fa fa-list fa-2x\"><\/span><span class=\"documents-list__title\">Lista de Inscritos Campeonato Nacional Individual de Cross<\/span><\/a>\n  <\/div>\n<div class=\"documents-list__item\">\n    <a href=\"https:\/\/api-files.federacao-triatlo.pt\/v1\/files\/2024\/events\/20240225FTP001\/event-files\/20240225FTP001-STL002-01.pdf\" target=\"_blank\" rel=\"noopener\"><span class=\"fa fa-list fa-2x\"><\/span><span class=\"documents-list__title\">Lista de Inscritos Campeonato Nacional Individual Paratriatlo<\/span><\/a>\n  <\/div>\n<div class=\"documents-list__item\">\n    <a href=\"https:\/\/api-files.federacao-triatlo.pt\/v1\/files\/2024\/events\/20240225FTP001\/event-files\/20240225FTP001-STL003-02.pdf\" target=\"_blank\" rel=\"noopener\"><span class=\"fa fa-list fa-2x\"><\/span><span class=\"documents-list__title\">Lista de Inscritos Prova Aberta<\/span><\/a>\n  <\/div>\n<\/div>\n<\/div><div class='clear'><\/div>\r\n\t\t\t\t\t\t\t\t<\/div>\r\n\t\t\t\t\t\t\t<\/div>\r\n\t\t\t\t\t\t<\/div><div class='evo_metarow_time evorow evcal_evdata_row bordb evcal_evrow_sm '>\r\n\t\t\t\t\t\t\t<span class='evcal_evdata_icons'><i class='fa fa-clock-o'><\/i><\/span>\r\n\t\t\t\t\t\t\t<div class='evcal_evdata_cell'>\t\t\t\t\t\t\t\r\n\t\t\t\t\t\t\t\t<h3 class='evo_h3'><span class='evcal_evdata_icons'><i class='fa fa-clock-o'><\/i><\/span>Hor\u00e1rio<\/h3><p>Todo o dia (Domingo)<\/p>\r\n\t\t\t\t\t\t\t<\/div>\r\n\t\t\t\t\t\t<\/div>\t\t\t\t\t\t<div class='evo_metarow_ICS evorow bordb evcal_evdata_row'>\r\n\t\t\t\t\t\t\t<span class=\"evcal_evdata_icons\"><i class=\"fa fa-calendar\"><\/i><\/span>\r\n\t\t\t\t\t\t\t<div class='evcal_evdata_cell'>\r\n\t\t\t\t\t\t\t\t<p><a href='https:\/\/www.federacao-triatlo.pt\/ftp2015\/wp-admin\/admin-ajax.php?action=eventon_ics_download&amp;event_id=99098&amp;sunix=20240224T230000Z&amp;eunix=20240225T225900Z&amp;loca=&amp;locn=' class='evo_ics_nCal' title='Adicionar ao seu calend\u00e1rio'>Calend\u00e1rio<\/a><a href='\/\/www.google.com\/calendar\/event?action=TEMPLATE&amp;text=I+Duatlo+Cross+Raia+Ib%C3%A9rica&amp;dates=20240224T230000Z\/20240225T225900Z&amp;details=%0D%0A++%0D%0A++++Regulamento%0D%0A++%0D%0A++%0D%0A++++&amp;location= - ' target='_blank' class='evo_ics_gCal' title='Adicionar ao calend\u00e1rio Google'>GoogleCal<\/a><\/p>\t\r\n\t\t\t\t\t\t\t<\/div>\t\t\t\t\t\t<\/div>\r\n\t\t\t\t\t\t<\/div><div class='clear end'><\/div><\/div><\/div><div class='evcal_month_line'><p>Mar\u00e7o 2024<\/p><\/div><div id='evcal_list' class='evcal_list_month eventon_events_list '><div id=\"event_99099\" class=\"eventon_list_event evo_eventtop past_event event\" data-event_id=\"99099\" data-time=\"1709337601-1709423999\" data-colr=\"#007230\" itemscope itemtype='http:\/\/schema.org\/Event' 1><div class=\"evo_event_schema\" style=\"display:none\" ><a itemprop='url'  href='https:\/\/www.federacao-triatlo.pt\/ftp2015\/events\/xxviii-duatlo-de-grandola\/'><\/a><span itemprop='name'  >XXVIII Duatlo de Gr\u00e2ndola<\/span><meta itemprop='image'  ><\/meta><meta itemprop='description' content='\r\n  \r\n    Regulamento\r\n  \r\n  \r\n    ' ><\/meta><meta itemprop='startDate' content='2024-3-2' ><\/meta><meta itemprop='endDate' content='2024-3-2' ><\/meta><meta itemprop='eventStatus' content='on-schedule' ><\/meta><script type=\"application\/ld+json\">{\t\"@context\": \"http:\/\/schema.org\",\r\n\t\t\t\t\t\t\t  \t\"@type\": \"Event\",\r\n\t\t\t\t\t\t\t  \t\"name\": \"XXVIII Duatlo de Gr\u00e2ndola\",\r\n\t\t\t\t\t\t\t  \t\"startDate\": \"2024-3-2T00-00-00-00\",\r\n\t\t\t\t\t\t\t  \t\"endDate\": \"2024-3-2T23-23-59-00\",\r\n\t\t\t\t\t\t\t  \t\"image\":,\r\n\t\t\t\t\t\t\t  \t\"description\":\"\r\n  \r\n    Regulamento\r\n  \r\n  \r\n    \",\r\n\t\t\t\t\t\t\t  \t\r\n\t\t\t\t\t\t\t }\r\n\t\t\t\t\t\t\t<\/script><\/div>\r\n\t\t\t\t<p class=\"desc_trig_outter\"><a data-gmap_status=\"null\" data-exlk=\"0\" style=\"border-color: #007230;\" id=\"evc_170933760199099\" class=\"desc_trig evo_competicao-nacional sin_val evcal_list_a\" data-ux_val=\"1\"  ><span class='evcal_cblock ' data-bgcolor='#007230' data-smon='Mar\u00e7o' data-syr='2024'><span class='evo_start '><em class='date'>02<\/em><em class='month'>mar<\/em><em class='time'>allday<\/em><\/span><span class='evo_end only_time'><em class='time'>allday<\/em><\/span><em class='clear'><\/em><\/span><span class='evcal_desc evo_info hide_eventtopdata '  data-location_status=\"false\" ><span class='evo_above_title'><\/span><span class='evcal_desc2 evcal_event_title' itemprop='name'>XXVIII Duatlo de Gr\u00e2ndola<\/span><span class='evo_below_title'><span class='evcal_event_subtitle' >Campeonato Nacional de Clubes de Duatlo - Campeonato Nacional Individual de Duatlo Sprint - Campeonato Nacional de Duatlo de Juniores - Campeonato Nacional de Duatlo de Cadetes - Campeonato Nacional de Duatlo de Paratriatlo - Campeonato Nacional Universit\u00e1rio - Campeonato Nacional Jovem - Campeonato Nacional de Juvenis - Prova Aberta<\/span><\/span><span class='evcal_desc_info' ><\/span><span class='evcal_desc3'><span class='evcal_event_types ett1'><em><i>Tipo de Evento:<\/i><\/em><em data-filter='event_type'>Competi\u00e7\u00e3o Nacional<\/em><i class='clear'><\/i><\/span><\/span><\/span><em class='clear'><\/em><\/p><\/a><div class='event_description evcal_eventcard ' style=\"display:none\"><div class='evo_metarow_details evorow evcal_evdata_row bordb evcal_event_details'>\r\n\t\t\t\t\t\t\t<div class=\"event_excerpt\" style=\"display:none\"><h3 class=\"padb5 evo_h3\">Detalhes do Evento<\/h3><p>\r\n  \r\n    Regulamento\r\n  \r\n  \r\n    <\/p><\/div><span class='evcal_evdata_icons'><i class='fa fa-align-justify'><\/i><\/span>\r\n\t\t\t\t\t\t\t\r\n\t\t\t\t\t\t\t<div class='evcal_evdata_cell '><div class='eventon_full_description'>\r\n\t\t\t\t\t\t\t\t\t<h3 class='padb5 evo_h3'><span class='evcal_evdata_icons'><i class='fa fa-align-justify'><\/i><\/span>Detalhes do Evento<\/h3><div class='eventon_desc_in' itemprop='description'>\r\n\t\t\t\t\t\t\t\t\t<div class=\"documents-list\">\n<div class=\"documents-list__item\">\n    <a href=\"https:\/\/api-files.federacao-triatlo.pt\/v1\/files\/2024\/events\/20240302FTP001\/event-files\/20240302FTP001-REG001-02.pdf\" target=\"_blank\" rel=\"noopener\"><span class=\"fa fa-file-pdf fa-2x\"><\/span><span class=\"documents-list__title\">Regulamento<\/span><\/a>\n  <\/div>\n<div class=\"documents-list__item\">\n    <a href=\"https:\/\/api-files.federacao-triatlo.pt\/v1\/files\/2024\/events\/20240302FTP001\/event-files\/20240302FTP001-MAP001-03.pdf\" target=\"_blank\" rel=\"noopener\"><span class=\"fa fa-file-pdf fa-2x\"><\/span><span class=\"documents-list__title\">Percursos Campeonato Nacional de Clubes<\/span><\/a>\n  <\/div>\n<div class=\"documents-list__item\">\n    <a href=\"https:\/\/api-files.federacao-triatlo.pt\/v1\/files\/2024\/events\/20240302FTP001\/event-files\/20240302FTP001-MAP002-02.pdf\" target=\"_blank\" rel=\"noopener\"><span class=\"fa fa-file-pdf fa-2x\"><\/span><span class=\"documents-list__title\">Percursos Campeonato Nacional Jovem<\/span><\/a>\n  <\/div>\n<div class=\"documents-list__item\">\n    <a href=\"https:\/\/api-files.federacao-triatlo.pt\/v1\/files\/2024\/events\/20240302FTP001\/event-files\/20240302FTP001-STL001-02.pdf\" target=\"_blank\" rel=\"noopener\"><span class=\"fa fa-list fa-2x\"><\/span><span class=\"documents-list__title\">Lista de Inscritos Campeonato Nacional Individual de Duatlo<\/span><\/a>\n  <\/div>\n<div class=\"documents-list__item\">\n    <a href=\"https:\/\/api-files.federacao-triatlo.pt\/v1\/files\/2024\/events\/20240302FTP001\/event-files\/20240302FTP001-STL002-02.pdf\" target=\"_blank\" rel=\"noopener\"><span class=\"fa fa-list fa-2x\"><\/span><span class=\"documents-list__title\">Lista de Inscritos Campeonato Nacional Individual Paratriatlo<\/span><\/a>\n  <\/div>\n<div class=\"documents-list__item\">\n    <a href=\"https:\/\/api-files.federacao-triatlo.pt\/v1\/files\/2024\/events\/20240302FTP001\/event-files\/20240302FTP001-STL003-02.pdf\" target=\"_blank\" rel=\"noopener\"><span class=\"fa fa-list fa-2x\"><\/span><span class=\"documents-list__title\">Lista de Inscritos Prova Aberta<\/span><\/a>\n  <\/div>\n<div class=\"documents-list__item\">\n    <a href=\"https:\/\/api-files.federacao-triatlo.pt\/v1\/files\/2024\/events\/20240302FTP001\/event-files\/20240302FTP001-STL004-02.pdf\" target=\"_blank\" rel=\"noopener\"><span class=\"fa fa-list fa-2x\"><\/span><span class=\"documents-list__title\">Lista de Inscritos Campeonato Nacional Jovem<\/span><\/a>\n  <\/div>\n<\/div>\n<\/div><div class='clear'><\/div>\r\n\t\t\t\t\t\t\t\t<\/div>\r\n\t\t\t\t\t\t\t<\/div>\r\n\t\t\t\t\t\t<\/div><div class='evo_metarow_time evorow evcal_evdata_row bordb evcal_evrow_sm '>\r\n\t\t\t\t\t\t\t<span class='evcal_evdata_icons'><i class='fa fa-clock-o'><\/i><\/span>\r\n\t\t\t\t\t\t\t<div class='evcal_evdata_cell'>\t\t\t\t\t\t\t\r\n\t\t\t\t\t\t\t\t<h3 class='evo_h3'><span class='evcal_evdata_icons'><i class='fa fa-clock-o'><\/i><\/span>Hor\u00e1rio<\/h3><p>Todo o dia (S\u00e1bado)<\/p>\r\n\t\t\t\t\t\t\t<\/div>\r\n\t\t\t\t\t\t<\/div>\t\t\t\t\t\t<div class='evo_metarow_ICS evorow bordb evcal_evdata_row'>\r\n\t\t\t\t\t\t\t<span class=\"evcal_evdata_icons\"><i class=\"fa fa-calendar\"><\/i><\/span>\r\n\t\t\t\t\t\t\t<div class='evcal_evdata_cell'>\r\n\t\t\t\t\t\t\t\t<p><a href='https:\/\/www.federacao-triatlo.pt\/ftp2015\/wp-admin\/admin-ajax.php?action=eventon_ics_download&amp;event_id=99099&amp;sunix=20240301T230000Z&amp;eunix=20240302T225900Z&amp;loca=&amp;locn=' class='evo_ics_nCal' title='Adicionar ao seu calend\u00e1rio'>Calend\u00e1rio<\/a><a href='\/\/www.google.com\/calendar\/event?action=TEMPLATE&amp;text=XXVIII+Duatlo+de+Gr%C3%A2ndola&amp;dates=20240301T230000Z\/20240302T225900Z&amp;details=%0D%0A++%0D%0A++++Regulamento%0D%0A++%0D%0A++%0D%0A++++&amp;location= - ' target='_blank' class='evo_ics_gCal' title='Adicionar ao calend\u00e1rio Google'>GoogleCal<\/a><\/p>\t\r\n\t\t\t\t\t\t\t<\/div>\t\t\t\t\t\t<\/div>\r\n\t\t\t\t\t\t<\/div><div class='clear end'><\/div><\/div><div id=\"event_99100\" class=\"eventon_list_event evo_eventtop past_event event\" data-event_id=\"99100\" data-time=\"1710547201-1710633599\" data-colr=\"#007230\" itemscope itemtype='http:\/\/schema.org\/Event' 2><div class=\"evo_event_schema\" style=\"display:none\" ><a itemprop='url'  href='https:\/\/www.federacao-triatlo.pt\/ftp2015\/events\/xvi-duatlo-de-arronches\/'><\/a><span itemprop='name'  >XVI Duatlo de Arronches<\/span><meta itemprop='image' content='https:\/\/www.federacao-triatlo.pt\/ftp2015\/wp-content\/uploads\/2023\/12\/cartaz-212x300.jpg' ><\/meta><meta itemprop='description' content='\r\n  \r\n    Regulamento\r\n  \r\n  \r\n    ' ><\/meta><meta itemprop='startDate' content='2024-3-16' ><\/meta><meta itemprop='endDate' content='2024-3-16' ><\/meta><meta itemprop='eventStatus' content='on-schedule' ><\/meta><script type=\"application\/ld+json\">{\t\"@context\": \"http:\/\/schema.org\",\r\n\t\t\t\t\t\t\t  \t\"@type\": \"Event\",\r\n\t\t\t\t\t\t\t  \t\"name\": \"XVI Duatlo de Arronches\",\r\n\t\t\t\t\t\t\t  \t\"startDate\": \"2024-3-16T00-00-00-00\",\r\n\t\t\t\t\t\t\t  \t\"endDate\": \"2024-3-16T23-23-59-00\",\r\n\t\t\t\t\t\t\t  \t\"image\":\"https:\/\/www.federacao-triatlo.pt\/ftp2015\/wp-content\/uploads\/2023\/12\/cartaz-212x300.jpg\",\r\n\t\t\t\t\t\t\t  \t\"description\":\"\r\n  \r\n    Regulamento\r\n  \r\n  \r\n    \",\r\n\t\t\t\t\t\t\t  \t\r\n\t\t\t\t\t\t\t }\r\n\t\t\t\t\t\t\t<\/script><\/div>\r\n\t\t\t\t<p class=\"desc_trig_outter\"><a data-gmap_status=\"null\" data-exlk=\"0\" style=\"border-color: #007230;\" id=\"evc_171054720199100\" class=\"desc_trig evo_competicao-nacional sin_val evcal_list_a\" data-ux_val=\"1\"  ><span class='evcal_cblock ' data-bgcolor='#007230' data-smon='Mar\u00e7o' data-syr='2024'><span class='evo_start '><em class='date'>16<\/em><em class='month'>mar<\/em><em class='time'>allday<\/em><\/span><span class='evo_end only_time'><em class='time'>allday<\/em><\/span><em class='clear'><\/em><\/span><span class='evcal_desc evo_info hide_eventtopdata '  data-location_status=\"false\" ><span class='evo_above_title'><\/span><span class='evcal_desc2 evcal_event_title' itemprop='name'>XVI Duatlo de Arronches<\/span><span class='evo_below_title'><span class='evcal_event_subtitle' >Campeonato Nacional de Clubes de Duatlo<\/span><\/span><span class='evcal_desc_info' ><\/span><span class='evcal_desc3'><span class='evcal_event_types ett1'><em><i>Tipo de Evento:<\/i><\/em><em data-filter='event_type'>Competi\u00e7\u00e3o Nacional<\/em><i class='clear'><\/i><\/span><\/span><\/span><em class='clear'><\/em><\/p><\/a><div class='event_description evcal_eventcard ' style=\"display:none\"><div class='evo_metarow_directimg'><img src='https:\/\/www.federacao-triatlo.pt\/ftp2015\/wp-content\/uploads\/2023\/12\/cartaz-scaled.jpg' \/><\/div><div class='evo_metarow_details evorow evcal_evdata_row bordb evcal_event_details'>\r\n\t\t\t\t\t\t\t<div class=\"event_excerpt\" style=\"display:none\"><h3 class=\"padb5 evo_h3\">Detalhes do Evento<\/h3><p>\r\n  \r\n    Regulamento\r\n  \r\n  \r\n    <\/p><\/div><span class='evcal_evdata_icons'><i class='fa fa-align-justify'><\/i><\/span>\r\n\t\t\t\t\t\t\t\r\n\t\t\t\t\t\t\t<div class='evcal_evdata_cell '><div class='eventon_full_description'>\r\n\t\t\t\t\t\t\t\t\t<h3 class='padb5 evo_h3'><span class='evcal_evdata_icons'><i class='fa fa-align-justify'><\/i><\/span>Detalhes do Evento<\/h3><div class='eventon_desc_in' itemprop='description'>\r\n\t\t\t\t\t\t\t\t\t<div class=\"documents-list\">\n<div class=\"documents-list__item\">\n    <a href=\"https:\/\/api-files.federacao-triatlo.pt\/v1\/files\/2024\/events\/20240316FTP001\/event-files\/20240316FTP001-REG001-04.pdf\" target=\"_blank\" rel=\"noopener\"><span class=\"fa fa-file-pdf fa-2x\"><\/span><span class=\"documents-list__title\">Regulamento<\/span><\/a>\n  <\/div>\n<div class=\"documents-list__item\">\n    <a href=\"https:\/\/api-files.federacao-triatlo.pt\/v1\/files\/2024\/events\/20240316FTP001\/event-files\/20240316FTP001-MAP001-01.pdf\" target=\"_blank\" rel=\"noopener\"><span class=\"fa fa-file-pdf fa-2x\"><\/span><span class=\"documents-list__title\">Percursos<\/span><\/a>\n  <\/div>\n<div class=\"documents-list__item\">\n    <a href=\"https:\/\/api-files.federacao-triatlo.pt\/v1\/files\/2024\/events\/20240316FTP001\/event-files\/20240316FTP001-STL001-03.pdf\" target=\"_blank\" rel=\"noopener\"><span class=\"fa fa-list fa-2x\"><\/span><span class=\"documents-list__title\">Lista de Inscritos Campeonato Nacional de Clubes<\/span><\/a>\n  <\/div>\n<div class=\"documents-list__item\">\n    <a href=\"https:\/\/api-files.federacao-triatlo.pt\/v1\/files\/2024\/events\/20240316FTP001\/event-files\/20240316FTP001-STL002-02.pdf\" target=\"_blank\" rel=\"noopener\"><span class=\"fa fa-list fa-2x\"><\/span><span class=\"documents-list__title\">Lista de Inscritos da Prova Aberta<\/span><\/a>\n  <\/div>\n<\/div>\n<\/div><div class='clear'><\/div>\r\n\t\t\t\t\t\t\t\t<\/div>\r\n\t\t\t\t\t\t\t<\/div>\r\n\t\t\t\t\t\t<\/div><div class='evo_metarow_time evorow evcal_evdata_row bordb evcal_evrow_sm '>\r\n\t\t\t\t\t\t\t<span class='evcal_evdata_icons'><i class='fa fa-clock-o'><\/i><\/span>\r\n\t\t\t\t\t\t\t<div class='evcal_evdata_cell'>\t\t\t\t\t\t\t\r\n\t\t\t\t\t\t\t\t<h3 class='evo_h3'><span class='evcal_evdata_icons'><i class='fa fa-clock-o'><\/i><\/span>Hor\u00e1rio<\/h3><p>Todo o dia (S\u00e1bado)<\/p>\r\n\t\t\t\t\t\t\t<\/div>\r\n\t\t\t\t\t\t<\/div>\t\t\t\t\t\t<div class='evo_metarow_ICS evorow bordb evcal_evdata_row'>\r\n\t\t\t\t\t\t\t<span class=\"evcal_evdata_icons\"><i class=\"fa fa-calendar\"><\/i><\/span>\r\n\t\t\t\t\t\t\t<div class='evcal_evdata_cell'>\r\n\t\t\t\t\t\t\t\t<p><a href='https:\/\/www.federacao-triatlo.pt\/ftp2015\/wp-admin\/admin-ajax.php?action=eventon_ics_download&amp;event_id=99100&amp;sunix=20240315T230000Z&amp;eunix=20240316T225900Z&amp;loca=&amp;locn=' class='evo_ics_nCal' title='Adicionar ao seu calend\u00e1rio'>Calend\u00e1rio<\/a><a href='\/\/www.google.com\/calendar\/event?action=TEMPLATE&amp;text=XVI+Duatlo+de+Arronches&amp;dates=20240315T230000Z\/20240316T225900Z&amp;details=%0D%0A++%0D%0A++++Regulamento%0D%0A++%0D%0A++%0D%0A++++&amp;location= - ' target='_blank' class='evo_ics_gCal' title='Adicionar ao calend\u00e1rio Google'>GoogleCal<\/a><\/p>\t\r\n\t\t\t\t\t\t\t<\/div>\t\t\t\t\t\t<\/div>\r\n\t\t\t\t\t\t<\/div><div class='clear end'><\/div><\/div><div id=\"event_99101\" class=\"eventon_list_event evo_eventtop past_event event\" data-event_id=\"99101\" data-time=\"1711152001-1711238399\" data-colr=\"#ffd900\" itemscope itemtype='http:\/\/schema.org\/Event' 3><div class=\"evo_event_schema\" style=\"display:none\" ><a itemprop='url'  href='https:\/\/www.federacao-triatlo.pt\/ftp2015\/events\/xxi-triatlo-internacional-de-quarteira\/'><\/a><span itemprop='name'  >XXI Triatlo Internacional de Quarteira<\/span><meta itemprop='image'  ><\/meta><meta itemprop='description' content='XXI Triatlo Internacional de Quarteira' ><\/meta><meta itemprop='startDate' content='2024-3-23' ><\/meta><meta itemprop='endDate' content='2024-3-23' ><\/meta><meta itemprop='eventStatus' content='on-schedule' ><\/meta><script type=\"application\/ld+json\">{\t\"@context\": \"http:\/\/schema.org\",\r\n\t\t\t\t\t\t\t  \t\"@type\": \"Event\",\r\n\t\t\t\t\t\t\t  \t\"name\": \"XXI Triatlo Internacional de Quarteira\",\r\n\t\t\t\t\t\t\t  \t\"startDate\": \"2024-3-23T00-00-00-00\",\r\n\t\t\t\t\t\t\t  \t\"endDate\": \"2024-3-23T23-23-59-00\",\r\n\t\t\t\t\t\t\t  \t\"image\":,\r\n\t\t\t\t\t\t\t  \t\"description\":\"XXI Triatlo Internacional de Quarteira\",\r\n\t\t\t\t\t\t\t  \t\r\n\t\t\t\t\t\t\t }\r\n\t\t\t\t\t\t\t<\/script><\/div>\r\n\t\t\t\t<p class=\"desc_trig_outter\"><a data-gmap_status=\"null\" data-exlk=\"0\" style=\"border-color: #ffd900;\" id=\"evc_171115200199101\" class=\"desc_trig evo_competicao-internacional sin_val evcal_list_a\" data-ux_val=\"1\"  ><span class='evcal_cblock ' data-bgcolor='#ffd900' data-smon='Mar\u00e7o' data-syr='2024'><span class='evo_start '><em class='date'>23<\/em><em class='month'>mar<\/em><em class='time'>allday<\/em><\/span><span class='evo_end only_time'><em class='time'>allday<\/em><\/span><em class='clear'><\/em><\/span><span class='evcal_desc evo_info hide_eventtopdata '  data-location_status=\"false\" ><span class='evo_above_title'><\/span><span class='evcal_desc2 evcal_event_title' itemprop='name'>XXI Triatlo Internacional de Quarteira<\/span><span class='evo_below_title'><span class='evcal_event_subtitle' >Ta\u00e7a da Europa de Elites - Ta\u00e7a da Europa de Juniores<\/span><\/span><span class='evcal_desc_info' ><\/span><span class='evcal_desc3'><span class='evcal_event_types ett1'><em><i>Tipo de Evento:<\/i><\/em><em data-filter='event_type'>Competi\u00e7\u00e3o Internacional<\/em><i class='clear'><\/i><\/span><\/span><\/span><em class='clear'><\/em><\/p><\/a><div class='event_description evcal_eventcard ' style=\"display:none\"><div class='evo_metarow_time evorow evcal_evdata_row bordb evcal_evrow_sm '>\r\n\t\t\t\t\t\t\t<span class='evcal_evdata_icons'><i class='fa fa-clock-o'><\/i><\/span>\r\n\t\t\t\t\t\t\t<div class='evcal_evdata_cell'>\t\t\t\t\t\t\t\r\n\t\t\t\t\t\t\t\t<h3 class='evo_h3'><span class='evcal_evdata_icons'><i class='fa fa-clock-o'><\/i><\/span>Hor\u00e1rio<\/h3><p>Todo o dia (S\u00e1bado)<\/p>\r\n\t\t\t\t\t\t\t<\/div>\r\n\t\t\t\t\t\t<\/div>\t\t\t\t\t\t<div class='evo_metarow_ICS evorow bordb evcal_evdata_row'>\r\n\t\t\t\t\t\t\t<span class=\"evcal_evdata_icons\"><i class=\"fa fa-calendar\"><\/i><\/span>\r\n\t\t\t\t\t\t\t<div class='evcal_evdata_cell'>\r\n\t\t\t\t\t\t\t\t<p><a href='https:\/\/www.federacao-triatlo.pt\/ftp2015\/wp-admin\/admin-ajax.php?action=eventon_ics_download&amp;event_id=99101&amp;sunix=20240322T230000Z&amp;eunix=20240323T225900Z&amp;loca=&amp;locn=' class='evo_ics_nCal' title='Adicionar ao seu calend\u00e1rio'>Calend\u00e1rio<\/a><a href='\/\/www.google.com\/calendar\/event?action=TEMPLATE&amp;text=XXI+Triatlo+Internacional+de+Quarteira&amp;dates=20240322T230000Z\/20240323T225900Z&amp;details=XXI+Triatlo+Internacional+de+Quarteira&amp;location= - ' target='_blank' class='evo_ics_gCal' title='Adicionar ao calend\u00e1rio Google'>GoogleCal<\/a><\/p>\t\r\n\t\t\t\t\t\t\t<\/div>\t\t\t\t\t\t<\/div>\r\n\t\t\t\t\t\t<\/div><div class='clear end'><\/div><\/div><div id=\"event_99102\" class=\"eventon_list_event evo_eventtop past_event event\" data-event_id=\"99102\" data-time=\"1711238401-1711324799\" data-colr=\"#007230\" itemscope itemtype='http:\/\/schema.org\/Event' 4><div class=\"evo_event_schema\" style=\"display:none\" ><a itemprop='url'  href='https:\/\/www.federacao-triatlo.pt\/ftp2015\/events\/xxii-triatlo-cidade-de-quarteira\/'><\/a><span itemprop='name'  >XXII Triatlo Cidade de Quarteira<\/span><meta itemprop='image'  ><\/meta><meta itemprop='description' content='\r\n  \r\n    Regulamento\r\n  \r\n  \r\n    ' ><\/meta><meta itemprop='startDate' content='2024-3-24' ><\/meta><meta itemprop='endDate' content='2024-3-24' ><\/meta><meta itemprop='eventStatus' content='on-schedule' ><\/meta><script type=\"application\/ld+json\">{\t\"@context\": \"http:\/\/schema.org\",\r\n\t\t\t\t\t\t\t  \t\"@type\": \"Event\",\r\n\t\t\t\t\t\t\t  \t\"name\": \"XXII Triatlo Cidade de Quarteira\",\r\n\t\t\t\t\t\t\t  \t\"startDate\": \"2024-3-24T00-00-00-00\",\r\n\t\t\t\t\t\t\t  \t\"endDate\": \"2024-3-24T23-23-59-00\",\r\n\t\t\t\t\t\t\t  \t\"image\":,\r\n\t\t\t\t\t\t\t  \t\"description\":\"\r\n  \r\n    Regulamento\r\n  \r\n  \r\n    \",\r\n\t\t\t\t\t\t\t  \t\r\n\t\t\t\t\t\t\t }\r\n\t\t\t\t\t\t\t<\/script><\/div>\r\n\t\t\t\t<p class=\"desc_trig_outter\"><a data-gmap_status=\"null\" data-exlk=\"0\" style=\"border-color: #007230;\" id=\"evc_171123840199102\" class=\"desc_trig evo_competicao-nacional sin_val evcal_list_a\" data-ux_val=\"1\"  ><span class='evcal_cblock ' data-bgcolor='#007230' data-smon='Mar\u00e7o' data-syr='2024'><span class='evo_start '><em class='date'>24<\/em><em class='month'>mar<\/em><em class='time'>allday<\/em><\/span><span class='evo_end only_time'><em class='time'>allday<\/em><\/span><em class='clear'><\/em><\/span><span class='evcal_desc evo_info hide_eventtopdata '  data-location_status=\"false\" ><span class='evo_above_title'><\/span><span class='evcal_desc2 evcal_event_title' itemprop='name'>XXII Triatlo Cidade de Quarteira<\/span><span class='evo_below_title'><span class='evcal_event_subtitle' >Ta\u00e7a de Portugal<\/span><\/span><span class='evcal_desc_info' ><\/span><span class='evcal_desc3'><span class='evcal_event_types ett1'><em><i>Tipo de Evento:<\/i><\/em><em data-filter='event_type'>Competi\u00e7\u00e3o Nacional<\/em><i class='clear'><\/i><\/span><\/span><\/span><em class='clear'><\/em><\/p><\/a><div class='event_description evcal_eventcard ' style=\"display:none\"><div class='evo_metarow_details evorow evcal_evdata_row bordb evcal_event_details'>\r\n\t\t\t\t\t\t\t<div class=\"event_excerpt\" style=\"display:none\"><h3 class=\"padb5 evo_h3\">Detalhes do Evento<\/h3><p>\r\n  \r\n    Regulamento\r\n  \r\n  \r\n    <\/p><\/div><span class='evcal_evdata_icons'><i class='fa fa-align-justify'><\/i><\/span>\r\n\t\t\t\t\t\t\t\r\n\t\t\t\t\t\t\t<div class='evcal_evdata_cell '><div class='eventon_full_description'>\r\n\t\t\t\t\t\t\t\t\t<h3 class='padb5 evo_h3'><span class='evcal_evdata_icons'><i class='fa fa-align-justify'><\/i><\/span>Detalhes do Evento<\/h3><div class='eventon_desc_in' itemprop='description'>\r\n\t\t\t\t\t\t\t\t\t<div class=\"documents-list\">\n<div class=\"documents-list__item\">\n    <a href=\"https:\/\/api-files.federacao-triatlo.pt\/v1\/files\/2024\/events\/20240323FTP001\/event-files\/20240323FTP001-REG001-01.pdf\" target=\"_blank\" rel=\"noopener\"><span class=\"fa fa-file-pdf fa-2x\"><\/span><span class=\"documents-list__title\">Regulamento<\/span><\/a>\n  <\/div>\n<div class=\"documents-list__item\">\n    <a href=\"https:\/\/api-files.federacao-triatlo.pt\/v1\/files\/2024\/events\/20240323FTP001\/event-files\/20240323FTP001-MAP001-01.pdf\" target=\"_blank\" rel=\"noopener\"><span class=\"fa fa-file-pdf fa-2x\"><\/span><span class=\"documents-list__title\">Percursos<\/span><\/a>\n  <\/div>\n<div class=\"documents-list__item\">\n    <a href=\"https:\/\/api-files.federacao-triatlo.pt\/v1\/files\/2024\/events\/20240323FTP001\/event-files\/20240323FTP001-STL001-04.pdf\" target=\"_blank\" rel=\"noopener\"><span class=\"fa fa-list fa-2x\"><\/span><span class=\"documents-list__title\">Lista de Inscritos Ta\u00e7a de Portugal<\/span><\/a>\n  <\/div>\n<\/div>\n<\/div><div class='clear'><\/div>\r\n\t\t\t\t\t\t\t\t<\/div>\r\n\t\t\t\t\t\t\t<\/div>\r\n\t\t\t\t\t\t<\/div><div class='evo_metarow_time evorow evcal_evdata_row bordb evcal_evrow_sm '>\r\n\t\t\t\t\t\t\t<span class='evcal_evdata_icons'><i class='fa fa-clock-o'><\/i><\/span>\r\n\t\t\t\t\t\t\t<div class='evcal_evdata_cell'>\t\t\t\t\t\t\t\r\n\t\t\t\t\t\t\t\t<h3 class='evo_h3'><span class='evcal_evdata_icons'><i class='fa fa-clock-o'><\/i><\/span>Hor\u00e1rio<\/h3><p>Todo o dia (Domingo)<\/p>\r\n\t\t\t\t\t\t\t<\/div>\r\n\t\t\t\t\t\t<\/div>\t\t\t\t\t\t<div class='evo_metarow_ICS evorow bordb evcal_evdata_row'>\r\n\t\t\t\t\t\t\t<span class=\"evcal_evdata_icons\"><i class=\"fa fa-calendar\"><\/i><\/span>\r\n\t\t\t\t\t\t\t<div class='evcal_evdata_cell'>\r\n\t\t\t\t\t\t\t\t<p><a href='https:\/\/www.federacao-triatlo.pt\/ftp2015\/wp-admin\/admin-ajax.php?action=eventon_ics_download&amp;event_id=99102&amp;sunix=20240323T230000Z&amp;eunix=20240324T225900Z&amp;loca=&amp;locn=' class='evo_ics_nCal' title='Adicionar ao seu calend\u00e1rio'>Calend\u00e1rio<\/a><a href='\/\/www.google.com\/calendar\/event?action=TEMPLATE&amp;text=XXII+Triatlo+Cidade+de+Quarteira&amp;dates=20240323T230000Z\/20240324T225900Z&amp;details=%0D%0A++%0D%0A++++Regulamento%0D%0A++%0D%0A++%0D%0A++++&amp;location= - ' target='_blank' class='evo_ics_gCal' title='Adicionar ao calend\u00e1rio Google'>GoogleCal<\/a><\/p>\t\r\n\t\t\t\t\t\t\t<\/div>\t\t\t\t\t\t<\/div>\r\n\t\t\t\t\t\t<\/div><div class='clear end'><\/div><\/div><\/div><div class='evcal_month_line'><p>Abril 2024<\/p><\/div><div id='evcal_list' class='evcal_list_month eventon_events_list '><div id=\"event_99103\" class=\"eventon_list_event evo_eventtop past_event event\" data-event_id=\"99103\" data-time=\"1712361601-1712447999\" data-colr=\"#007230\" itemscope itemtype='http:\/\/schema.org\/Event' 1><div class=\"evo_event_schema\" style=\"display:none\" ><a itemprop='url'  href='https:\/\/www.federacao-triatlo.pt\/ftp2015\/events\/iii-triatlo-longo-de-moura\/'><\/a><span itemprop='name'  >III Triatlo de Moura<\/span><meta itemprop='image'  ><\/meta><meta itemprop='description' content='\r\n  \r\n    Regulamento\r\n  \r\n  \r\n    ' ><\/meta><meta itemprop='startDate' content='2024-4-6' ><\/meta><meta itemprop='endDate' content='2024-4-6' ><\/meta><meta itemprop='eventStatus' content='on-schedule' ><\/meta><script type=\"application\/ld+json\">{\t\"@context\": \"http:\/\/schema.org\",\r\n\t\t\t\t\t\t\t  \t\"@type\": \"Event\",\r\n\t\t\t\t\t\t\t  \t\"name\": \"III Triatlo de Moura\",\r\n\t\t\t\t\t\t\t  \t\"startDate\": \"2024-4-6T00-00-00-00\",\r\n\t\t\t\t\t\t\t  \t\"endDate\": \"2024-4-6T23-23-59-00\",\r\n\t\t\t\t\t\t\t  \t\"image\":,\r\n\t\t\t\t\t\t\t  \t\"description\":\"\r\n  \r\n    Regulamento\r\n  \r\n  \r\n    \",\r\n\t\t\t\t\t\t\t  \t\r\n\t\t\t\t\t\t\t }\r\n\t\t\t\t\t\t\t<\/script><\/div>\r\n\t\t\t\t<p class=\"desc_trig_outter\"><a data-gmap_status=\"null\" data-exlk=\"0\" style=\"border-color: #007230;\" id=\"evc_171236160199103\" class=\"desc_trig evo_competicao-nacional sin_val evcal_list_a\" data-ux_val=\"1\"  ><span class='evcal_cblock ' data-bgcolor='#007230' data-smon='Abril' data-syr='2024'><span class='evo_start '><em class='date'>06<\/em><em class='month'>abr<\/em><em class='time'>allday<\/em><\/span><span class='evo_end only_time'><em class='time'>allday<\/em><\/span><em class='clear'><\/em><\/span><span class='evcal_desc evo_info hide_eventtopdata '  data-location_status=\"false\" ><span class='evo_above_title'><\/span><span class='evcal_desc2 evcal_event_title' itemprop='name'>III Triatlo de Moura<\/span><span class='evo_below_title'><span class='evcal_event_subtitle' >Campeonato Nacional de Clubes de Triatlo Contrarrel\u00f3gio Equipas<\/span><\/span><span class='evcal_desc_info' ><\/span><span class='evcal_desc3'><span class='evcal_event_types ett1'><em><i>Tipo de Evento:<\/i><\/em><em data-filter='event_type'>Competi\u00e7\u00e3o Nacional<\/em><i class='clear'><\/i><\/span><\/span><\/span><em class='clear'><\/em><\/p><\/a><div class='event_description evcal_eventcard ' style=\"display:none\"><div class='evo_metarow_details evorow evcal_evdata_row bordb evcal_event_details'>\r\n\t\t\t\t\t\t\t<div class=\"event_excerpt\" style=\"display:none\"><h3 class=\"padb5 evo_h3\">Detalhes do Evento<\/h3><p>\r\n  \r\n    Regulamento\r\n  \r\n  \r\n    <\/p><\/div><span class='evcal_evdata_icons'><i class='fa fa-align-justify'><\/i><\/span>\r\n\t\t\t\t\t\t\t\r\n\t\t\t\t\t\t\t<div class='evcal_evdata_cell '><div class='eventon_full_description'>\r\n\t\t\t\t\t\t\t\t\t<h3 class='padb5 evo_h3'><span class='evcal_evdata_icons'><i class='fa fa-align-justify'><\/i><\/span>Detalhes do Evento<\/h3><div class='eventon_desc_in' itemprop='description'>\r\n\t\t\t\t\t\t\t\t\t<div class=\"documents-list\">\n<div class=\"documents-list__item\">\n    <a href=\"https:\/\/api-files.federacao-triatlo.pt\/v1\/files\/2024\/events\/20240406FTP001\/event-files\/20240406FTP001-REG001-03.pdf\" target=\"_blank\" rel=\"noopener\"><span class=\"fa fa-file-pdf fa-2x\"><\/span><span class=\"documents-list__title\">Regulamento<\/span><\/a>\n  <\/div>\n<div class=\"documents-list__item\">\n    <a href=\"https:\/\/api-files.federacao-triatlo.pt\/v1\/files\/2024\/events\/20240406FTP001\/event-files\/20240406FTP001-MAP001-01.pdf\" target=\"_blank\" rel=\"noopener\"><span class=\"fa fa-file-pdf fa-2x\"><\/span><span class=\"documents-list__title\">Percursos<\/span><\/a>\n  <\/div>\n<div class=\"documents-list__item\">\n    <a href=\"https:\/\/api-files.federacao-triatlo.pt\/v1\/files\/2024\/events\/20240406FTP001\/event-files\/20240406FTP001-STL001-06.pdf\" target=\"_blank\" rel=\"noopener\"><span class=\"fa fa-list fa-2x\"><\/span><span class=\"documents-list__title\">Lista de Inscritos Campeonato Nacional de Clubes de Triatlo<\/span><\/a>\n  <\/div>\n<\/div>\n<\/div><div class='clear'><\/div>\r\n\t\t\t\t\t\t\t\t<\/div>\r\n\t\t\t\t\t\t\t<\/div>\r\n\t\t\t\t\t\t<\/div><div class='evo_metarow_time evorow evcal_evdata_row bordb evcal_evrow_sm '>\r\n\t\t\t\t\t\t\t<span class='evcal_evdata_icons'><i class='fa fa-clock-o'><\/i><\/span>\r\n\t\t\t\t\t\t\t<div class='evcal_evdata_cell'>\t\t\t\t\t\t\t\r\n\t\t\t\t\t\t\t\t<h3 class='evo_h3'><span class='evcal_evdata_icons'><i class='fa fa-clock-o'><\/i><\/span>Hor\u00e1rio<\/h3><p>Todo o dia (S\u00e1bado)<\/p>\r\n\t\t\t\t\t\t\t<\/div>\r\n\t\t\t\t\t\t<\/div>\t\t\t\t\t\t<div class='evo_metarow_ICS evorow bordb evcal_evdata_row'>\r\n\t\t\t\t\t\t\t<span class=\"evcal_evdata_icons\"><i class=\"fa fa-calendar\"><\/i><\/span>\r\n\t\t\t\t\t\t\t<div class='evcal_evdata_cell'>\r\n\t\t\t\t\t\t\t\t<p><a href='https:\/\/www.federacao-triatlo.pt\/ftp2015\/wp-admin\/admin-ajax.php?action=eventon_ics_download&amp;event_id=99103&amp;sunix=20240405T230000Z&amp;eunix=20240406T225900Z&amp;loca=&amp;locn=' class='evo_ics_nCal' title='Adicionar ao seu calend\u00e1rio'>Calend\u00e1rio<\/a><a href='\/\/www.google.com\/calendar\/event?action=TEMPLATE&amp;text=III+Triatlo+de+Moura&amp;dates=20240405T230000Z\/20240406T225900Z&amp;details=%0D%0A++%0D%0A++++Regulamento%0D%0A++%0D%0A++%0D%0A++++&amp;location= - ' target='_blank' class='evo_ics_gCal' title='Adicionar ao calend\u00e1rio Google'>GoogleCal<\/a><\/p>\t\r\n\t\t\t\t\t\t\t<\/div>\t\t\t\t\t\t<\/div>\r\n\t\t\t\t\t\t<\/div><div class='clear end'><\/div><\/div><div id=\"event_99595\" class=\"eventon_list_event evo_eventtop past_event event\" data-event_id=\"99595\" data-time=\"1713010260-1713010260\" data-colr=\"#0092e0\" itemscope itemtype='http:\/\/schema.org\/Event' 2><div class=\"evo_event_schema\" style=\"display:none\" ><a itemprop='url'  href='https:\/\/www.federacao-triatlo.pt\/ftp2015\/events\/ii-aquatlo-de-vila-franca-de-xira\/'><\/a><span itemprop='name'  >II Aquatlo Jovem de Vila Franca de Xira<\/span><meta itemprop='image'  ><\/meta><meta itemprop='description' content='\r\n  \r\n    Regulamento\r\n  \r\n  \r\n    ' ><\/meta><meta itemprop='startDate' content='2024-4-13' ><\/meta><meta itemprop='endDate' content='2024-4-13' ><\/meta><meta itemprop='eventStatus' content='on-schedule' ><\/meta><script type=\"application\/ld+json\">{\t\"@context\": \"http:\/\/schema.org\",\r\n\t\t\t\t\t\t\t  \t\"@type\": \"Event\",\r\n\t\t\t\t\t\t\t  \t\"name\": \"II Aquatlo Jovem de Vila Franca de Xira\",\r\n\t\t\t\t\t\t\t  \t\"startDate\": \"2024-4-13T12-12-11-00\",\r\n\t\t\t\t\t\t\t  \t\"endDate\": \"2024-4-13T12-12-11-00\",\r\n\t\t\t\t\t\t\t  \t\"image\":,\r\n\t\t\t\t\t\t\t  \t\"description\":\"\r\n  \r\n    Regulamento\r\n  \r\n  \r\n    \",\r\n\t\t\t\t\t\t\t  \t\r\n\t\t\t\t\t\t\t }\r\n\t\t\t\t\t\t\t<\/script><\/div>\r\n\t\t\t\t<p class=\"desc_trig_outter\"><a data-gmap_status=\"null\" data-exlk=\"0\" style=\"border-color: #0092e0;\" id=\"evc_171301026099595\" class=\"desc_trig evo_lisboa-alto-alentejo-competicao-regional sin_val evcal_list_a\" data-ux_val=\"1\"  ><span class='evcal_cblock ' data-bgcolor='#0092e0' data-smon='Abril' data-syr='2024'><span class='evo_start '><em class='date'>13<\/em><em class='month'>abr<\/em><em class='time'>12:11<\/em><\/span><span class='evo_end only_time'><em class='time'>12:11<\/em><\/span><em class='clear'><\/em><\/span><span class='evcal_desc evo_info hide_eventtopdata '  data-location_status=\"false\" ><span class='evo_above_title'><\/span><span class='evcal_desc2 evcal_event_title' itemprop='name'>II Aquatlo Jovem de Vila Franca de Xira<\/span><span class='evo_below_title'><span class='evcal_event_subtitle' >CAMPEONATO LISBOA E ALTO ALENTEJO JOVEM<\/span><\/span><span class='evcal_desc_info' ><\/span><span class='evcal_desc3'><span class='evcal_event_types ett1'><em><i>Tipo de Evento:<\/i><\/em><em data-filter='event_type'>Lisboa e Alto Alentejo<\/em><i class='clear'><\/i><\/span><\/span><\/span><em class='clear'><\/em><\/p><\/a><div class='event_description evcal_eventcard ' style=\"display:none\"><div class='evo_metarow_details evorow evcal_evdata_row bordb evcal_event_details'>\r\n\t\t\t\t\t\t\t<div class=\"event_excerpt\" style=\"display:none\"><h3 class=\"padb5 evo_h3\">Detalhes do Evento<\/h3><p>\r\n  \r\n    Regulamento\r\n  \r\n  \r\n    <\/p><\/div><span class='evcal_evdata_icons'><i class='fa fa-align-justify'><\/i><\/span>\r\n\t\t\t\t\t\t\t\r\n\t\t\t\t\t\t\t<div class='evcal_evdata_cell '><div class='eventon_full_description'>\r\n\t\t\t\t\t\t\t\t\t<h3 class='padb5 evo_h3'><span class='evcal_evdata_icons'><i class='fa fa-align-justify'><\/i><\/span>Detalhes do Evento<\/h3><div class='eventon_desc_in' itemprop='description'>\r\n\t\t\t\t\t\t\t\t\t<div class=\"documents-list\">\n<div class=\"documents-list__item\">\n    <a href=\"https:\/\/api-files.federacao-triatlo.pt\/v1\/files\/2024\/events\/20240413LAA001\/event-files\/20240413LAA001-REG001-02.pdf\" target=\"_blank\" rel=\"noopener\"><span class=\"fa fa-file-pdf fa-2x\"><\/span><span class=\"documents-list__title\">Regulamento<\/span><\/a>\n  <\/div>\n<div class=\"documents-list__item\">\n    <a href=\"https:\/\/api-files.federacao-triatlo.pt\/v1\/files\/2024\/events\/20240413LAA001\/event-files\/20240413LAA001-MAP001-01.pdf\" target=\"_blank\" rel=\"noopener\"><span class=\"fa fa-file-pdf fa-2x\"><\/span><span class=\"documents-list__title\">Percursos<\/span><\/a>\n  <\/div>\n<div class=\"documents-list__item\">\n    <a href=\"https:\/\/api-files.federacao-triatlo.pt\/v1\/files\/2024\/events\/20240413LAA001\/event-files\/20240413LAA001-STL001-03.pdf\" target=\"_blank\" rel=\"noopener\"><span class=\"fa fa-list fa-2x\"><\/span><span class=\"documents-list__title\">Lista de Inscritos Campeonato Lisboa e Alto Alentejo Jovem<\/span><\/a>\n  <\/div>\n<\/div>\n<\/div><div class='clear'><\/div>\r\n\t\t\t\t\t\t\t\t<\/div>\r\n\t\t\t\t\t\t\t<\/div>\r\n\t\t\t\t\t\t<\/div><div class='evo_metarow_time evorow evcal_evdata_row bordb evcal_evrow_sm '>\r\n\t\t\t\t\t\t\t<span class='evcal_evdata_icons'><i class='fa fa-clock-o'><\/i><\/span>\r\n\t\t\t\t\t\t\t<div class='evcal_evdata_cell'>\t\t\t\t\t\t\t\r\n\t\t\t\t\t\t\t\t<h3 class='evo_h3'><span class='evcal_evdata_icons'><i class='fa fa-clock-o'><\/i><\/span>Hor\u00e1rio<\/h3><p>(S\u00e1bado) 12:11 - 12:11<\/p>\r\n\t\t\t\t\t\t\t<\/div>\r\n\t\t\t\t\t\t<\/div>\t\t\t\t\t\t<div class='evo_metarow_ICS evorow bordb evcal_evdata_row'>\r\n\t\t\t\t\t\t\t<span class=\"evcal_evdata_icons\"><i class=\"fa fa-calendar\"><\/i><\/span>\r\n\t\t\t\t\t\t\t<div class='evcal_evdata_cell'>\r\n\t\t\t\t\t\t\t\t<p><a href='https:\/\/www.federacao-triatlo.pt\/ftp2015\/wp-admin\/admin-ajax.php?action=eventon_ics_download&amp;event_id=99595&amp;sunix=20240413T111100Z&amp;eunix=20240413T111100Z&amp;loca=&amp;locn=' class='evo_ics_nCal' title='Adicionar ao seu calend\u00e1rio'>Calend\u00e1rio<\/a><a href='\/\/www.google.com\/calendar\/event?action=TEMPLATE&amp;text=II+Aquatlo+Jovem+de+Vila+Franca+de+Xira&amp;dates=20240413T111100Z\/20240413T111100Z&amp;details=%0D%0A++%0D%0A++++Regulamento%0D%0A++%0D%0A++%0D%0A++++&amp;location= - ' target='_blank' class='evo_ics_gCal' title='Adicionar ao calend\u00e1rio Google'>GoogleCal<\/a><\/p>\t\r\n\t\t\t\t\t\t\t<\/div>\t\t\t\t\t\t<\/div>\r\n\t\t\t\t\t\t<\/div><div class='clear end'><\/div><\/div><div id=\"event_99744\" class=\"eventon_list_event evo_eventtop past_event event\" data-event_id=\"99744\" data-time=\"1713115200-1713115200\" data-colr=\"#0092e0\" itemscope itemtype='http:\/\/schema.org\/Event' 3><div class=\"evo_event_schema\" style=\"display:none\" ><a itemprop='url'  href='https:\/\/www.federacao-triatlo.pt\/ftp2015\/events\/duatlo-de-famalicao-3\/'><\/a><span itemprop='name'  >Duatlo de Famalic\u00e3o<\/span><meta itemprop='image' content='https:\/\/www.federacao-triatlo.pt\/ftp2015\/wp-content\/uploads\/2024\/02\/VIHO3228-212x300.jpg' ><\/meta><meta itemprop='description' content='\r\n  \r\n    Regulamento\r\n  \r\n  \r\n    ' ><\/meta><meta itemprop='startDate' content='2024-4-14' ><\/meta><meta itemprop='endDate' content='2024-4-14' ><\/meta><meta itemprop='eventStatus' content='on-schedule' ><\/meta><script type=\"application\/ld+json\">{\t\"@context\": \"http:\/\/schema.org\",\r\n\t\t\t\t\t\t\t  \t\"@type\": \"Event\",\r\n\t\t\t\t\t\t\t  \t\"name\": \"Duatlo de Famalic\u00e3o\",\r\n\t\t\t\t\t\t\t  \t\"startDate\": \"2024-4-14T17-17-20-00\",\r\n\t\t\t\t\t\t\t  \t\"endDate\": \"2024-4-14T17-17-20-00\",\r\n\t\t\t\t\t\t\t  \t\"image\":\"https:\/\/www.federacao-triatlo.pt\/ftp2015\/wp-content\/uploads\/2024\/02\/VIHO3228-212x300.jpg\",\r\n\t\t\t\t\t\t\t  \t\"description\":\"\r\n  \r\n    Regulamento\r\n  \r\n  \r\n    \",\r\n\t\t\t\t\t\t\t  \t\r\n\t\t\t\t\t\t\t }\r\n\t\t\t\t\t\t\t<\/script><\/div>\r\n\t\t\t\t<p class=\"desc_trig_outter\"><a data-gmap_status=\"null\" data-exlk=\"0\" style=\"border-color: #0092e0;\" id=\"evc_171311520099744\" class=\"desc_trig evo_douro-norte-competicao-regional sin_val evcal_list_a\" data-ux_val=\"1\"  ><span class='evcal_cblock ' data-bgcolor='#0092e0' data-smon='Abril' data-syr='2024'><span class='evo_start '><em class='date'>14<\/em><em class='month'>abr<\/em><em class='time'>17:20<\/em><\/span><span class='evo_end only_time'><em class='time'>17:20<\/em><\/span><em class='clear'><\/em><\/span><span class='evcal_desc evo_info hide_eventtopdata '  data-location_status=\"false\" ><span class='evo_above_title'><\/span><span class='evcal_desc2 evcal_event_title' itemprop='name'>Duatlo de Famalic\u00e3o<\/span><span class='evo_below_title'><span class='evcal_event_subtitle' >CAMPEONATO DOURO NORTE<\/span><\/span><span class='evcal_desc_info' ><\/span><span class='evcal_desc3'><span class='evcal_event_types ett1'><em><i>Tipo de Evento:<\/i><\/em><em data-filter='event_type'>Douro Norte<\/em><i class='clear'><\/i><\/span><\/span><\/span><em class='clear'><\/em><\/p><\/a><div class='event_description evcal_eventcard ' style=\"display:none\"><div class='evo_metarow_directimg'><img src='https:\/\/www.federacao-triatlo.pt\/ftp2015\/wp-content\/uploads\/2024\/02\/VIHO3228.jpg' \/><\/div><div class='evo_metarow_details evorow evcal_evdata_row bordb evcal_event_details'>\r\n\t\t\t\t\t\t\t<div class=\"event_excerpt\" style=\"display:none\"><h3 class=\"padb5 evo_h3\">Detalhes do Evento<\/h3><p>\r\n  \r\n    Regulamento\r\n  \r\n  \r\n    <\/p><\/div><span class='evcal_evdata_icons'><i class='fa fa-align-justify'><\/i><\/span>\r\n\t\t\t\t\t\t\t\r\n\t\t\t\t\t\t\t<div class='evcal_evdata_cell '><div class='eventon_full_description'>\r\n\t\t\t\t\t\t\t\t\t<h3 class='padb5 evo_h3'><span class='evcal_evdata_icons'><i class='fa fa-align-justify'><\/i><\/span>Detalhes do Evento<\/h3><div class='eventon_desc_in' itemprop='description'>\r\n\t\t\t\t\t\t\t\t\t<div class=\"documents-list\">\n<div class=\"documents-list__item\">\n    <a href=\"https:\/\/api-files.federacao-triatlo.pt\/v1\/files\/2024\/events\/20240414RDN001\/event-files\/20240414RDN001-REG001-02.pdf\" target=\"_blank\" rel=\"noopener\"><span class=\"fa fa-file-pdf fa-2x\"><\/span><span class=\"documents-list__title\">Regulamento<\/span><\/a>\n  <\/div>\n<div class=\"documents-list__item\">\n    <a href=\"https:\/\/api-files.federacao-triatlo.pt\/v1\/files\/2024\/events\/20240414RDN001\/event-files\/20240414RDN001-MAP001-02.pdf\" target=\"_blank\" rel=\"noopener\"><span class=\"fa fa-file-pdf fa-2x\"><\/span><span class=\"documents-list__title\">Percursos<\/span><\/a>\n  <\/div>\n<div class=\"documents-list__item\">\n    <a href=\"https:\/\/api-files.federacao-triatlo.pt\/v1\/files\/2024\/events\/20240414RDN001\/event-files\/20240414RDN001-STL001-02.pdf\" target=\"_blank\" rel=\"noopener\"><span class=\"fa fa-list fa-2x\"><\/span><span class=\"documents-list__title\">Lista de Inscritos Campeonato Douro Norte<\/span><\/a>\n  <\/div>\n<\/div>\n<\/div><div class='clear'><\/div>\r\n\t\t\t\t\t\t\t\t<\/div>\r\n\t\t\t\t\t\t\t<\/div>\r\n\t\t\t\t\t\t<\/div><div class='evo_metarow_time evorow evcal_evdata_row bordb evcal_evrow_sm '>\r\n\t\t\t\t\t\t\t<span class='evcal_evdata_icons'><i class='fa fa-clock-o'><\/i><\/span>\r\n\t\t\t\t\t\t\t<div class='evcal_evdata_cell'>\t\t\t\t\t\t\t\r\n\t\t\t\t\t\t\t\t<h3 class='evo_h3'><span class='evcal_evdata_icons'><i class='fa fa-clock-o'><\/i><\/span>Hor\u00e1rio<\/h3><p>(Domingo) 17:20 - 17:20<\/p>\r\n\t\t\t\t\t\t\t<\/div>\r\n\t\t\t\t\t\t<\/div>\t\t\t\t\t\t<div class='evo_metarow_ICS evorow bordb evcal_evdata_row'>\r\n\t\t\t\t\t\t\t<span class=\"evcal_evdata_icons\"><i class=\"fa fa-calendar\"><\/i><\/span>\r\n\t\t\t\t\t\t\t<div class='evcal_evdata_cell'>\r\n\t\t\t\t\t\t\t\t<p><a href='https:\/\/www.federacao-triatlo.pt\/ftp2015\/wp-admin\/admin-ajax.php?action=eventon_ics_download&amp;event_id=99744&amp;sunix=20240414T162000Z&amp;eunix=20240414T162000Z&amp;loca=&amp;locn=' class='evo_ics_nCal' title='Adicionar ao seu calend\u00e1rio'>Calend\u00e1rio<\/a><a href='\/\/www.google.com\/calendar\/event?action=TEMPLATE&amp;text=Duatlo+de+Famalic%C3%A3o&amp;dates=20240414T162000Z\/20240414T162000Z&amp;details=%0D%0A++%0D%0A++++Regulamento%0D%0A++%0D%0A++%0D%0A++++&amp;location= - ' target='_blank' class='evo_ics_gCal' title='Adicionar ao calend\u00e1rio Google'>GoogleCal<\/a><\/p>\t\r\n\t\t\t\t\t\t\t<\/div>\t\t\t\t\t\t<\/div>\r\n\t\t\t\t\t\t<\/div><div class='clear end'><\/div><\/div><div id=\"event_99107\" class=\"eventon_list_event evo_eventtop past_event event\" data-event_id=\"99107\" data-time=\"1713571201-1713657599\" data-colr=\"#007230\" itemscope itemtype='http:\/\/schema.org\/Event' 4><div class=\"evo_event_schema\" style=\"display:none\" ><a itemprop='url'  href='https:\/\/www.federacao-triatlo.pt\/ftp2015\/events\/xterra-portugal-2024\/'><\/a><span itemprop='name'  >XTERRA PORTUGAL 2024<\/span><meta itemprop='image' content='https:\/\/www.federacao-triatlo.pt\/ftp2015\/wp-content\/uploads\/2024\/02\/Cartaz24-212x300.jpg' ><\/meta><meta itemprop='description' content='\r\n  \r\n    Regulamento do Campeonato Nacional Individual\r\n  \r\n  \r\n    ' ><\/meta><meta itemprop='startDate' content='2024-4-20' ><\/meta><meta itemprop='endDate' content='2024-4-20' ><\/meta><meta itemprop='eventStatus' content='on-schedule' ><\/meta><script type=\"application\/ld+json\">{\t\"@context\": \"http:\/\/schema.org\",\r\n\t\t\t\t\t\t\t  \t\"@type\": \"Event\",\r\n\t\t\t\t\t\t\t  \t\"name\": \"XTERRA PORTUGAL 2024\",\r\n\t\t\t\t\t\t\t  \t\"startDate\": \"2024-4-20T00-00-00-00\",\r\n\t\t\t\t\t\t\t  \t\"endDate\": \"2024-4-20T23-23-59-00\",\r\n\t\t\t\t\t\t\t  \t\"image\":\"https:\/\/www.federacao-triatlo.pt\/ftp2015\/wp-content\/uploads\/2024\/02\/Cartaz24-212x300.jpg\",\r\n\t\t\t\t\t\t\t  \t\"description\":\"\r\n  \r\n    Regulamento do Campeonato Nacional Individual\r\n  \r\n  \r\n    \",\r\n\t\t\t\t\t\t\t  \t\r\n\t\t\t\t\t\t\t }\r\n\t\t\t\t\t\t\t<\/script><\/div>\r\n\t\t\t\t<p class=\"desc_trig_outter\"><a data-gmap_status=\"null\" data-exlk=\"0\" style=\"border-color: #007230;\" id=\"evc_171357120199107\" class=\"desc_trig evo_competicao-nacional sin_val evcal_list_a\" data-ux_val=\"1\"  ><span class='evcal_cblock ' data-bgcolor='#007230' data-smon='Abril' data-syr='2024'><span class='evo_start '><em class='date'>20<\/em><em class='month'>abr<\/em><em class='time'>allday<\/em><\/span><span class='evo_end only_time'><em class='time'>allday<\/em><\/span><em class='clear'><\/em><\/span><span class='evcal_desc evo_info hide_eventtopdata '  data-location_status=\"false\" ><span class='evo_above_title'><\/span><span class='evcal_desc2 evcal_event_title' itemprop='name'>XTERRA PORTUGAL 2024<\/span><span class='evo_below_title'><span class='evcal_event_subtitle' >Campeonato Nacional de Clubes Cross - Campeonato Nacional Individual de Triatlo Cross<\/span><\/span><span class='evcal_desc_info' ><\/span><span class='evcal_desc3'><span class='evcal_event_types ett1'><em><i>Tipo de Evento:<\/i><\/em><em data-filter='event_type'>Competi\u00e7\u00e3o Nacional<\/em><i class='clear'><\/i><\/span><\/span><\/span><em class='clear'><\/em><\/p><\/a><div class='event_description evcal_eventcard ' style=\"display:none\"><div class='evo_metarow_directimg'><img src='https:\/\/www.federacao-triatlo.pt\/ftp2015\/wp-content\/uploads\/2024\/02\/Cartaz24-scaled.jpg' \/><\/div><div class='evo_metarow_details evorow evcal_evdata_row bordb evcal_event_details'>\r\n\t\t\t\t\t\t\t<div class=\"event_excerpt\" style=\"display:none\"><h3 class=\"padb5 evo_h3\">Detalhes do Evento<\/h3><p>\r\n  \r\n    Regulamento do Campeonato Nacional Individual\r\n  \r\n  \r\n    <\/p><\/div><span class='evcal_evdata_icons'><i class='fa fa-align-justify'><\/i><\/span>\r\n\t\t\t\t\t\t\t\r\n\t\t\t\t\t\t\t<div class='evcal_evdata_cell '><div class='eventon_full_description'>\r\n\t\t\t\t\t\t\t\t\t<h3 class='padb5 evo_h3'><span class='evcal_evdata_icons'><i class='fa fa-align-justify'><\/i><\/span>Detalhes do Evento<\/h3><div class='eventon_desc_in' itemprop='description'>\r\n\t\t\t\t\t\t\t\t\t<div class=\"documents-list\">\n<div class=\"documents-list__item\">\n    <a href=\"https:\/\/api-files.federacao-triatlo.pt\/v1\/files\/2024\/events\/20240420FTP001\/event-files\/20240420FTP001-REG001-01.pdf\" target=\"_blank\" rel=\"noopener\"><span class=\"fa fa-file-pdf fa-2x\"><\/span><span class=\"documents-list__title\">Regulamento do Campeonato Nacional Individual<\/span><\/a>\n  <\/div>\n<div class=\"documents-list__item\">\n    <a href=\"https:\/\/api-files.federacao-triatlo.pt\/v1\/files\/2024\/events\/20240420FTP001\/event-files\/20240420FTP001-REG002-02.pdf\" target=\"_blank\" rel=\"noopener\"><span class=\"fa fa-file-pdf fa-2x\"><\/span><span class=\"documents-list__title\">Regulamento da Prova Aberta e da Prova de Apuramento<\/span><\/a>\n  <\/div>\n<div class=\"documents-list__item\">\n    <a href=\"https:\/\/api-files.federacao-triatlo.pt\/v1\/files\/2024\/events\/20240420FTP001\/event-files\/20240420FTP001-MAP001-02.pdf\" target=\"_blank\" rel=\"noopener\"><span class=\"fa fa-file-pdf fa-2x\"><\/span><span class=\"documents-list__title\">Percursos do Campeonato Nacional Individual<\/span><\/a>\n  <\/div>\n<div class=\"documents-list__item\">\n    <a href=\"https:\/\/api-files.federacao-triatlo.pt\/v1\/files\/2024\/events\/20240420FTP001\/event-files\/20240420FTP001-MAP002-02.pdf\" target=\"_blank\" rel=\"noopener\"><span class=\"fa fa-file-pdf fa-2x\"><\/span><span class=\"documents-list__title\">Percursos da Prova Aberta e da Prova de Apuramento<\/span><\/a>\n  <\/div>\n<div class=\"documents-list__item\">\n    <a href=\"https:\/\/api-files.federacao-triatlo.pt\/v1\/files\/2024\/events\/20240420FTP001\/event-files\/20240420FTP001-STL001-01.pdf\" target=\"_blank\" rel=\"noopener\"><span class=\"fa fa-file-pdf fa-2x\"><\/span><span class=\"documents-list__title\">Lista de Inscritos Campeonato Nacional Individual<\/span><\/a>\n  <\/div>\n<div class=\"documents-list__item\">\n    <a href=\"https:\/\/api-files.federacao-triatlo.pt\/v1\/files\/2024\/events\/20240420FTP001\/event-files\/20240420FTP001-STL002-01.pdf\" target=\"_blank\" rel=\"noopener\"><span class=\"fa fa-file-pdf fa-2x\"><\/span><span class=\"documents-list__title\">Lista de Inscritos Prova Apuramento<\/span><\/a>\n  <\/div>\n<div class=\"documents-list__item\">\n    <a href=\"https:\/\/api-files.federacao-triatlo.pt\/v1\/files\/2024\/events\/20240420FTP001\/event-files\/20240420FTP001-STL003-02.pdf\" target=\"_blank\" rel=\"noopener\"><span class=\"fa fa-file-pdf fa-2x\"><\/span><span class=\"documents-list__title\">Lista de Inscritos Prova Aberta<\/span><\/a>\n  <\/div>\n<\/div>\n<\/div><div class='clear'><\/div>\r\n\t\t\t\t\t\t\t\t<\/div>\r\n\t\t\t\t\t\t\t<\/div>\r\n\t\t\t\t\t\t<\/div><div class='evo_metarow_time evorow evcal_evdata_row bordb evcal_evrow_sm '>\r\n\t\t\t\t\t\t\t<span class='evcal_evdata_icons'><i class='fa fa-clock-o'><\/i><\/span>\r\n\t\t\t\t\t\t\t<div class='evcal_evdata_cell'>\t\t\t\t\t\t\t\r\n\t\t\t\t\t\t\t\t<h3 class='evo_h3'><span class='evcal_evdata_icons'><i class='fa fa-clock-o'><\/i><\/span>Hor\u00e1rio<\/h3><p>Todo o dia (S\u00e1bado)<\/p>\r\n\t\t\t\t\t\t\t<\/div>\r\n\t\t\t\t\t\t<\/div>\t\t\t\t\t\t<div class='evo_metarow_ICS evorow bordb evcal_evdata_row'>\r\n\t\t\t\t\t\t\t<span class=\"evcal_evdata_icons\"><i class=\"fa fa-calendar\"><\/i><\/span>\r\n\t\t\t\t\t\t\t<div class='evcal_evdata_cell'>\r\n\t\t\t\t\t\t\t\t<p><a href='https:\/\/www.federacao-triatlo.pt\/ftp2015\/wp-admin\/admin-ajax.php?action=eventon_ics_download&amp;event_id=99107&amp;sunix=20240419T230000Z&amp;eunix=20240420T225900Z&amp;loca=&amp;locn=' class='evo_ics_nCal' title='Adicionar ao seu calend\u00e1rio'>Calend\u00e1rio<\/a><a href='\/\/www.google.com\/calendar\/event?action=TEMPLATE&amp;text=XTERRA+PORTUGAL+2024&amp;dates=20240419T230000Z\/20240420T225900Z&amp;details=%0D%0A++%0D%0A++++Regulamento+do+Campeonato+Nacional+Individual%0D%0A++%0D%0A++%0D%0A++++&amp;location= - ' target='_blank' class='evo_ics_gCal' title='Adicionar ao calend\u00e1rio Google'>GoogleCal<\/a><\/p>\t\r\n\t\t\t\t\t\t\t<\/div>\t\t\t\t\t\t<\/div>\r\n\t\t\t\t\t\t<\/div><div class='clear end'><\/div><\/div><div id=\"event_99818\" class=\"eventon_list_event evo_eventtop past_event event\" data-event_id=\"99818\" data-time=\"1713609480-1713609480\" data-colr=\"#0092e0\" itemscope itemtype='http:\/\/schema.org\/Event' 5><div class=\"evo_event_schema\" style=\"display:none\" ><a itemprop='url'  href='https:\/\/www.federacao-triatlo.pt\/ftp2015\/events\/vi-duatlo-jovem-da-mexiolheira-grande\/'><\/a><span itemprop='name'  >VI Duatlo Jovem da Mexilhoeira Grande<\/span><meta itemprop='image'  ><\/meta><meta itemprop='description' content='\r\n  \r\n    Regulamento\r\n  \r\n  \r\n    ' ><\/meta><meta itemprop='startDate' content='2024-4-20' ><\/meta><meta itemprop='endDate' content='2024-4-20' ><\/meta><meta itemprop='eventStatus' content='on-schedule' ><\/meta><script type=\"application\/ld+json\">{\t\"@context\": \"http:\/\/schema.org\",\r\n\t\t\t\t\t\t\t  \t\"@type\": \"Event\",\r\n\t\t\t\t\t\t\t  \t\"name\": \"VI Duatlo Jovem da Mexilhoeira Grande\",\r\n\t\t\t\t\t\t\t  \t\"startDate\": \"2024-4-20T10-10-38-00\",\r\n\t\t\t\t\t\t\t  \t\"endDate\": \"2024-4-20T10-10-38-00\",\r\n\t\t\t\t\t\t\t  \t\"image\":,\r\n\t\t\t\t\t\t\t  \t\"description\":\"\r\n  \r\n    Regulamento\r\n  \r\n  \r\n    \",\r\n\t\t\t\t\t\t\t  \t\r\n\t\t\t\t\t\t\t }\r\n\t\t\t\t\t\t\t<\/script><\/div>\r\n\t\t\t\t<p class=\"desc_trig_outter\"><a data-gmap_status=\"null\" data-exlk=\"0\" style=\"border-color: #0092e0;\" id=\"evc_171360948099818\" class=\"desc_trig evo_algarve-baixo-alentejo-competicao-regional sin_val evcal_list_a\" data-ux_val=\"1\"  ><span class='evcal_cblock ' data-bgcolor='#0092e0' data-smon='Abril' data-syr='2024'><span class='evo_start '><em class='date'>20<\/em><em class='month'>abr<\/em><em class='time'>10:38<\/em><\/span><span class='evo_end only_time'><em class='time'>10:38<\/em><\/span><em class='clear'><\/em><\/span><span class='evcal_desc evo_info hide_eventtopdata '  data-location_status=\"false\" ><span class='evo_above_title'><\/span><span class='evcal_desc2 evcal_event_title' itemprop='name'>VI Duatlo Jovem da Mexilhoeira Grande<\/span><span class='evo_below_title'><span class='evcal_event_subtitle' >CAMPEONATO ALGARVE E BAIXO ALENTEJO JOVEM<\/span><\/span><span class='evcal_desc_info' ><\/span><span class='evcal_desc3'><span class='evcal_event_types ett1'><em><i>Tipo de Evento:<\/i><\/em><em data-filter='event_type'>Algarve e Baixo Alentejo<\/em><i class='clear'><\/i><\/span><\/span><\/span><em class='clear'><\/em><\/p><\/a><div class='event_description evcal_eventcard ' style=\"display:none\"><div class='evo_metarow_details evorow evcal_evdata_row bordb evcal_event_details'>\r\n\t\t\t\t\t\t\t<div class=\"event_excerpt\" style=\"display:none\"><h3 class=\"padb5 evo_h3\">Detalhes do Evento<\/h3><p>\r\n  \r\n    Regulamento\r\n  \r\n  \r\n    <\/p><\/div><span class='evcal_evdata_icons'><i class='fa fa-align-justify'><\/i><\/span>\r\n\t\t\t\t\t\t\t\r\n\t\t\t\t\t\t\t<div class='evcal_evdata_cell '><div class='eventon_full_description'>\r\n\t\t\t\t\t\t\t\t\t<h3 class='padb5 evo_h3'><span class='evcal_evdata_icons'><i class='fa fa-align-justify'><\/i><\/span>Detalhes do Evento<\/h3><div class='eventon_desc_in' itemprop='description'>\r\n\t\t\t\t\t\t\t\t\t<div class=\"documents-list\">\n<div class=\"documents-list__item\">\n    <a href=\"https:\/\/api-files.federacao-triatlo.pt\/v1\/files\/2024\/events\/20240420ABA001\/event-files\/20240420ABA001-REG001-01.pdf\" target=\"_blank\" rel=\"noopener\"><span class=\"fa fa-file-pdf fa-2x\"><\/span><span class=\"documents-list__title\">Regulamento<\/span><\/a>\n  <\/div>\n<div class=\"documents-list__item\">\n    <a href=\"https:\/\/api-files.federacao-triatlo.pt\/v1\/files\/2024\/events\/20240420ABA001\/event-files\/20240420ABA001-MAP001-01.pdf\" target=\"_blank\" rel=\"noopener\"><span class=\"fa fa-file-pdf fa-2x\"><\/span><span class=\"documents-list__title\">Percursos<\/span><\/a>\n  <\/div>\n<div class=\"documents-list__item\">\n    <a href=\"https:\/\/api-files.federacao-triatlo.pt\/v1\/files\/2024\/events\/20240420ABA001\/event-files\/20240420ABA001-STL001-02.pdf\" target=\"_blank\" rel=\"noopener\"><span class=\"fa fa-list fa-2x\"><\/span><span class=\"documents-list__title\">Lista de Inscritos Campeonato Algarve e Baixo Alentejo Jovem<\/span><\/a>\n  <\/div>\n<\/div>\n<\/div><div class='clear'><\/div>\r\n\t\t\t\t\t\t\t\t<\/div>\r\n\t\t\t\t\t\t\t<\/div>\r\n\t\t\t\t\t\t<\/div><div class='evo_metarow_time evorow evcal_evdata_row bordb evcal_evrow_sm '>\r\n\t\t\t\t\t\t\t<span class='evcal_evdata_icons'><i class='fa fa-clock-o'><\/i><\/span>\r\n\t\t\t\t\t\t\t<div class='evcal_evdata_cell'>\t\t\t\t\t\t\t\r\n\t\t\t\t\t\t\t\t<h3 class='evo_h3'><span class='evcal_evdata_icons'><i class='fa fa-clock-o'><\/i><\/span>Hor\u00e1rio<\/h3><p>(S\u00e1bado) 10:38 - 10:38<\/p>\r\n\t\t\t\t\t\t\t<\/div>\r\n\t\t\t\t\t\t<\/div>\t\t\t\t\t\t<div class='evo_metarow_ICS evorow bordb evcal_evdata_row'>\r\n\t\t\t\t\t\t\t<span class=\"evcal_evdata_icons\"><i class=\"fa fa-calendar\"><\/i><\/span>\r\n\t\t\t\t\t\t\t<div class='evcal_evdata_cell'>\r\n\t\t\t\t\t\t\t\t<p><a href='https:\/\/www.federacao-triatlo.pt\/ftp2015\/wp-admin\/admin-ajax.php?action=eventon_ics_download&amp;event_id=99818&amp;sunix=20240420T093800Z&amp;eunix=20240420T093800Z&amp;loca=&amp;locn=' class='evo_ics_nCal' title='Adicionar ao seu calend\u00e1rio'>Calend\u00e1rio<\/a><a href='\/\/www.google.com\/calendar\/event?action=TEMPLATE&amp;text=VI+Duatlo+Jovem+da+Mexilhoeira+Grande&amp;dates=20240420T093800Z\/20240420T093800Z&amp;details=%0D%0A++%0D%0A++++Regulamento%0D%0A++%0D%0A++%0D%0A++++&amp;location= - ' target='_blank' class='evo_ics_gCal' title='Adicionar ao calend\u00e1rio Google'>GoogleCal<\/a><\/p>\t\r\n\t\t\t\t\t\t\t<\/div>\t\t\t\t\t\t<\/div>\r\n\t\t\t\t\t\t<\/div><div class='clear end'><\/div><\/div><div id=\"event_99588\" class=\"eventon_list_event evo_eventtop past_event event\" data-event_id=\"99588\" data-time=\"1713700800-1713700800\" data-colr=\"#0092e0\" itemscope itemtype='http:\/\/schema.org\/Event' 6><div class=\"evo_event_schema\" style=\"display:none\" ><a itemprop='url'  href='https:\/\/www.federacao-triatlo.pt\/ftp2015\/events\/xterra-golega\/'><\/a><span itemprop='name'  >XTerra Youth - Campeonato Litoral e Interior Centro Jovem<\/span><meta itemprop='image' content='https:\/\/www.federacao-triatlo.pt\/ftp2015\/wp-content\/uploads\/2024\/02\/Cartaz24-212x300.jpg' ><\/meta><meta itemprop='description' content='\r\n  \r\n    Regulamento\r\n  \r\n  \r\n    ' ><\/meta><meta itemprop='startDate' content='2024-4-21' ><\/meta><meta itemprop='endDate' content='2024-4-21' ><\/meta><meta itemprop='eventStatus' content='on-schedule' ><\/meta><script type=\"application\/ld+json\">{\t\"@context\": \"http:\/\/schema.org\",\r\n\t\t\t\t\t\t\t  \t\"@type\": \"Event\",\r\n\t\t\t\t\t\t\t  \t\"name\": \"XTerra Youth - Campeonato Litoral e Interior Centro Jovem\",\r\n\t\t\t\t\t\t\t  \t\"startDate\": \"2024-4-21T12-12-00-00\",\r\n\t\t\t\t\t\t\t  \t\"endDate\": \"2024-4-21T12-12-00-00\",\r\n\t\t\t\t\t\t\t  \t\"image\":\"https:\/\/www.federacao-triatlo.pt\/ftp2015\/wp-content\/uploads\/2024\/02\/Cartaz24-212x300.jpg\",\r\n\t\t\t\t\t\t\t  \t\"description\":\"\r\n  \r\n    Regulamento\r\n  \r\n  \r\n    \",\r\n\t\t\t\t\t\t\t  \t\r\n\t\t\t\t\t\t\t }\r\n\t\t\t\t\t\t\t<\/script><\/div>\r\n\t\t\t\t<p class=\"desc_trig_outter\"><a data-gmap_status=\"null\" data-exlk=\"0\" style=\"border-color: #0092e0;\" id=\"evc_171370080099588\" class=\"desc_trig evo_litoral-interior-centro-competicao-regional sin_val evcal_list_a\" data-ux_val=\"1\"  ><span class='evcal_cblock ' data-bgcolor='#0092e0' data-smon='Abril' data-syr='2024'><span class='evo_start '><em class='date'>21<\/em><em class='month'>abr<\/em><em class='time'>12:00<\/em><\/span><span class='evo_end only_time'><em class='time'>12:00<\/em><\/span><em class='clear'><\/em><\/span><span class='evcal_desc evo_info hide_eventtopdata '  data-location_status=\"false\" ><span class='evo_above_title'><\/span><span class='evcal_desc2 evcal_event_title' itemprop='name'>XTerra Youth - Campeonato Litoral e Interior Centro Jovem<\/span><span class='evo_below_title'><span class='evcal_event_subtitle' >CAMPEONATO LITORAL E INTERIOR CENTRO JOVEM<\/span><\/span><span class='evcal_desc_info' ><\/span><span class='evcal_desc3'><span class='evcal_event_types ett1'><em><i>Tipo de Evento:<\/i><\/em><em data-filter='event_type'>Litoral e Interior Centro<\/em><i class='clear'><\/i><\/span><\/span><\/span><em class='clear'><\/em><\/p><\/a><div class='event_description evcal_eventcard ' style=\"display:none\"><div class='evo_metarow_directimg'><img src='https:\/\/www.federacao-triatlo.pt\/ftp2015\/wp-content\/uploads\/2024\/02\/Cartaz24-scaled.jpg' \/><\/div><div class='evo_metarow_details evorow evcal_evdata_row bordb evcal_event_details'>\r\n\t\t\t\t\t\t\t<div class=\"event_excerpt\" style=\"display:none\"><h3 class=\"padb5 evo_h3\">Detalhes do Evento<\/h3><p>\r\n  \r\n    Regulamento\r\n  \r\n  \r\n    <\/p><\/div><span class='evcal_evdata_icons'><i class='fa fa-align-justify'><\/i><\/span>\r\n\t\t\t\t\t\t\t\r\n\t\t\t\t\t\t\t<div class='evcal_evdata_cell '><div class='eventon_full_description'>\r\n\t\t\t\t\t\t\t\t\t<h3 class='padb5 evo_h3'><span class='evcal_evdata_icons'><i class='fa fa-align-justify'><\/i><\/span>Detalhes do Evento<\/h3><div class='eventon_desc_in' itemprop='description'>\r\n\t\t\t\t\t\t\t\t\t<div class=\"documents-list\">\n<div class=\"documents-list__item\">\n    <a href=\"https:\/\/api-files.federacao-triatlo.pt\/v1\/files\/2024\/events\/20240420FTP001\/event-files\/20240420FTP001-REG002-02.pdf\" target=\"_blank\" rel=\"noopener\"><span class=\"fa fa-file-pdf fa-2x\"><\/span><span class=\"documents-list__title\">Regulamento<\/span><\/a>\n  <\/div>\n<div class=\"documents-list__item\">\n    <a href=\"https:\/\/api-files.federacao-triatlo.pt\/v1\/files\/2024\/events\/20240420FTP001\/event-files\/20240420FTP001-MAP003-02.pdf\" target=\"_blank\" rel=\"noopener\"><span class=\"fa fa-file-pdf fa-2x\"><\/span><span class=\"documents-list__title\">Percursos<\/span><\/a>\n  <\/div>\n<div class=\"documents-list__item\">\n    <a href=\"https:\/\/api-files.federacao-triatlo.pt\/v1\/files\/2024\/events\/20240420FTP001\/event-files\/20240420FTP001-STL004-03.pdf\" target=\"_blank\" rel=\"noopener\"><span class=\"fa fa-file-pdf fa-2x\"><\/span><span class=\"documents-list__title\">Lista de Inscritos Campeonato Litoral e Interior Centro Jovem<\/span><\/a>\n  <\/div>\n<\/div>\n<\/div><div class='clear'><\/div>\r\n\t\t\t\t\t\t\t\t<\/div>\r\n\t\t\t\t\t\t\t<\/div>\r\n\t\t\t\t\t\t<\/div><div class='evo_metarow_time evorow evcal_evdata_row bordb evcal_evrow_sm '>\r\n\t\t\t\t\t\t\t<span class='evcal_evdata_icons'><i class='fa fa-clock-o'><\/i><\/span>\r\n\t\t\t\t\t\t\t<div class='evcal_evdata_cell'>\t\t\t\t\t\t\t\r\n\t\t\t\t\t\t\t\t<h3 class='evo_h3'><span class='evcal_evdata_icons'><i class='fa fa-clock-o'><\/i><\/span>Hor\u00e1rio<\/h3><p>(Domingo) 12:00 - 12:00<\/p>\r\n\t\t\t\t\t\t\t<\/div>\r\n\t\t\t\t\t\t<\/div>\t\t\t\t\t\t<div class='evo_metarow_ICS evorow bordb evcal_evdata_row'>\r\n\t\t\t\t\t\t\t<span class=\"evcal_evdata_icons\"><i class=\"fa fa-calendar\"><\/i><\/span>\r\n\t\t\t\t\t\t\t<div class='evcal_evdata_cell'>\r\n\t\t\t\t\t\t\t\t<p><a href='https:\/\/www.federacao-triatlo.pt\/ftp2015\/wp-admin\/admin-ajax.php?action=eventon_ics_download&amp;event_id=99588&amp;sunix=20240421T110000Z&amp;eunix=20240421T110000Z&amp;loca=&amp;locn=' class='evo_ics_nCal' title='Adicionar ao seu calend\u00e1rio'>Calend\u00e1rio<\/a><a href='\/\/www.google.com\/calendar\/event?action=TEMPLATE&amp;text=XTerra+Youth+-+Campeonato+Litoral+e+Interior+Centro+Jovem&amp;dates=20240421T110000Z\/20240421T110000Z&amp;details=%0D%0A++%0D%0A++++Regulamento%0D%0A++%0D%0A++%0D%0A++++&amp;location= - ' target='_blank' class='evo_ics_gCal' title='Adicionar ao calend\u00e1rio Google'>GoogleCal<\/a><\/p>\t\r\n\t\t\t\t\t\t\t<\/div>\t\t\t\t\t\t<\/div>\r\n\t\t\t\t\t\t<\/div><div class='clear end'><\/div><\/div><div id=\"event_99811\" class=\"eventon_list_event evo_eventtop past_event event\" data-event_id=\"99811\" data-time=\"1714040760-1714040760\" data-colr=\"#0092e0\" itemscope itemtype='http:\/\/schema.org\/Event' 7><div class=\"evo_event_schema\" style=\"display:none\" ><a itemprop='url'  href='https:\/\/www.federacao-triatlo.pt\/ftp2015\/events\/x-triatlo-de-albufeira\/'><\/a><span itemprop='name'  >X Triatlo de Albufeira<\/span><meta itemprop='image'  ><\/meta><meta itemprop='description' content='\r\n  \r\n    Regulamento\r\n  \r\n  \r\n    ' ><\/meta><meta itemprop='startDate' content='2024-4-25' ><\/meta><meta itemprop='endDate' content='2024-4-25' ><\/meta><meta itemprop='eventStatus' content='on-schedule' ><\/meta><script type=\"application\/ld+json\">{\t\"@context\": \"http:\/\/schema.org\",\r\n\t\t\t\t\t\t\t  \t\"@type\": \"Event\",\r\n\t\t\t\t\t\t\t  \t\"name\": \"X Triatlo de Albufeira\",\r\n\t\t\t\t\t\t\t  \t\"startDate\": \"2024-4-25T10-10-26-00\",\r\n\t\t\t\t\t\t\t  \t\"endDate\": \"2024-4-25T10-10-26-00\",\r\n\t\t\t\t\t\t\t  \t\"image\":,\r\n\t\t\t\t\t\t\t  \t\"description\":\"\r\n  \r\n    Regulamento\r\n  \r\n  \r\n    \",\r\n\t\t\t\t\t\t\t  \t\r\n\t\t\t\t\t\t\t }\r\n\t\t\t\t\t\t\t<\/script><\/div>\r\n\t\t\t\t<p class=\"desc_trig_outter\"><a data-gmap_status=\"null\" data-exlk=\"0\" style=\"border-color: #0092e0;\" id=\"evc_171404076099811\" class=\"desc_trig evo_algarve-baixo-alentejo-competicao-regional sin_val evcal_list_a\" data-ux_val=\"1\"  ><span class='evcal_cblock ' data-bgcolor='#0092e0' data-smon='Abril' data-syr='2024'><span class='evo_start '><em class='date'>25<\/em><em class='month'>abr<\/em><em class='time'>10:26<\/em><\/span><span class='evo_end only_time'><em class='time'>10:26<\/em><\/span><em class='clear'><\/em><\/span><span class='evcal_desc evo_info hide_eventtopdata '  data-location_status=\"false\" ><span class='evo_above_title'><\/span><span class='evcal_desc2 evcal_event_title' itemprop='name'>X Triatlo de Albufeira<\/span><span class='evo_below_title'><span class='evcal_event_subtitle' >CAMPEONATO ALGARVE E BAIXO ALENTEJO<\/span><\/span><span class='evcal_desc_info' ><\/span><span class='evcal_desc3'><span class='evcal_event_types ett1'><em><i>Tipo de Evento:<\/i><\/em><em data-filter='event_type'>Algarve e Baixo Alentejo<\/em><i class='clear'><\/i><\/span><\/span><\/span><em class='clear'><\/em><\/p><\/a><div class='event_description evcal_eventcard ' style=\"display:none\"><div class='evo_metarow_details evorow evcal_evdata_row bordb evcal_event_details'>\r\n\t\t\t\t\t\t\t<div class=\"event_excerpt\" style=\"display:none\"><h3 class=\"padb5 evo_h3\">Detalhes do Evento<\/h3><p>\r\n  \r\n    Regulamento\r\n  \r\n  \r\n    <\/p><\/div><span class='evcal_evdata_icons'><i class='fa fa-align-justify'><\/i><\/span>\r\n\t\t\t\t\t\t\t\r\n\t\t\t\t\t\t\t<div class='evcal_evdata_cell '><div class='eventon_full_description'>\r\n\t\t\t\t\t\t\t\t\t<h3 class='padb5 evo_h3'><span class='evcal_evdata_icons'><i class='fa fa-align-justify'><\/i><\/span>Detalhes do Evento<\/h3><div class='eventon_desc_in' itemprop='description'>\r\n\t\t\t\t\t\t\t\t\t<div class=\"documents-list\">\n<div class=\"documents-list__item\">\n    <a href=\"https:\/\/api-files.federacao-triatlo.pt\/v1\/files\/2024\/events\/20240425ABA001\/event-files\/20240425ABA001-REG001-03.pdf\" target=\"_blank\" rel=\"noopener\"><span class=\"fa fa-file-pdf fa-2x\"><\/span><span class=\"documents-list__title\">Regulamento<\/span><\/a>\n  <\/div>\n<div class=\"documents-list__item\">\n    <a href=\"https:\/\/api-files.federacao-triatlo.pt\/v1\/files\/2024\/events\/20240425ABA001\/event-files\/20240425ABA001-MAP001-02.pdf\" target=\"_blank\" rel=\"noopener\"><span class=\"fa fa-file-pdf fa-2x\"><\/span><span class=\"documents-list__title\">Percursos<\/span><\/a>\n  <\/div>\n<div class=\"documents-list__item\">\n    <a href=\"https:\/\/api-files.federacao-triatlo.pt\/v1\/files\/2024\/events\/20240425ABA001\/event-files\/20240425ABA001-STL001-01.pdf\" target=\"_blank\" rel=\"noopener\"><span class=\"fa fa-file-pdf fa-2x\"><\/span><span class=\"documents-list__title\">Lista de Inscritos Campeonato Algarve e Baixo Alentejo<\/span><\/a>\n  <\/div>\n<\/div>\n<\/div><div class='clear'><\/div>\r\n\t\t\t\t\t\t\t\t<\/div>\r\n\t\t\t\t\t\t\t<\/div>\r\n\t\t\t\t\t\t<\/div><div class='evo_metarow_time evorow evcal_evdata_row bordb evcal_evrow_sm '>\r\n\t\t\t\t\t\t\t<span class='evcal_evdata_icons'><i class='fa fa-clock-o'><\/i><\/span>\r\n\t\t\t\t\t\t\t<div class='evcal_evdata_cell'>\t\t\t\t\t\t\t\r\n\t\t\t\t\t\t\t\t<h3 class='evo_h3'><span class='evcal_evdata_icons'><i class='fa fa-clock-o'><\/i><\/span>Hor\u00e1rio<\/h3><p>(Quinta-feira) 10:26 - 10:26<\/p>\r\n\t\t\t\t\t\t\t<\/div>\r\n\t\t\t\t\t\t<\/div>\t\t\t\t\t\t<div class='evo_metarow_ICS evorow bordb evcal_evdata_row'>\r\n\t\t\t\t\t\t\t<span class=\"evcal_evdata_icons\"><i class=\"fa fa-calendar\"><\/i><\/span>\r\n\t\t\t\t\t\t\t<div class='evcal_evdata_cell'>\r\n\t\t\t\t\t\t\t\t<p><a href='https:\/\/www.federacao-triatlo.pt\/ftp2015\/wp-admin\/admin-ajax.php?action=eventon_ics_download&amp;event_id=99811&amp;sunix=20240425T092600Z&amp;eunix=20240425T092600Z&amp;loca=&amp;locn=' class='evo_ics_nCal' title='Adicionar ao seu calend\u00e1rio'>Calend\u00e1rio<\/a><a href='\/\/www.google.com\/calendar\/event?action=TEMPLATE&amp;text=X+Triatlo+de+Albufeira&amp;dates=20240425T092600Z\/20240425T092600Z&amp;details=%0D%0A++%0D%0A++++Regulamento%0D%0A++%0D%0A++%0D%0A++++&amp;location= - ' target='_blank' class='evo_ics_gCal' title='Adicionar ao calend\u00e1rio Google'>GoogleCal<\/a><\/p>\t\r\n\t\t\t\t\t\t\t<\/div>\t\t\t\t\t\t<\/div>\r\n\t\t\t\t\t\t<\/div><div class='clear end'><\/div><\/div><div id=\"event_99747\" class=\"eventon_list_event evo_eventtop past_event event\" data-event_id=\"99747\" data-time=\"1714066500-1714066500\" data-colr=\"#0092e0\" itemscope itemtype='http:\/\/schema.org\/Event' 8><div class=\"evo_event_schema\" style=\"display:none\" ><a itemprop='url'  href='https:\/\/www.federacao-triatlo.pt\/ftp2015\/events\/duatlo-de-viseu\/'><\/a><span itemprop='name'  >Duatlo 25 de Abril<\/span><meta itemprop='image' content='https:\/\/www.federacao-triatlo.pt\/ftp2015\/wp-content\/uploads\/2024\/02\/Cartaz_Duatlo25Abril-212x300.jpg' ><\/meta><meta itemprop='description' content='\r\n  \r\n    Regulamento\r\n  \r\n  \r\n    ' ><\/meta><meta itemprop='startDate' content='2024-4-25' ><\/meta><meta itemprop='endDate' content='2024-4-25' ><\/meta><meta itemprop='eventStatus' content='on-schedule' ><\/meta><script type=\"application\/ld+json\">{\t\"@context\": \"http:\/\/schema.org\",\r\n\t\t\t\t\t\t\t  \t\"@type\": \"Event\",\r\n\t\t\t\t\t\t\t  \t\"name\": \"Duatlo 25 de Abril\",\r\n\t\t\t\t\t\t\t  \t\"startDate\": \"2024-4-25T17-17-35-00\",\r\n\t\t\t\t\t\t\t  \t\"endDate\": \"2024-4-25T17-17-35-00\",\r\n\t\t\t\t\t\t\t  \t\"image\":\"https:\/\/www.federacao-triatlo.pt\/ftp2015\/wp-content\/uploads\/2024\/02\/Cartaz_Duatlo25Abril-212x300.jpg\",\r\n\t\t\t\t\t\t\t  \t\"description\":\"\r\n  \r\n    Regulamento\r\n  \r\n  \r\n    \",\r\n\t\t\t\t\t\t\t  \t\r\n\t\t\t\t\t\t\t }\r\n\t\t\t\t\t\t\t<\/script><\/div>\r\n\t\t\t\t<p class=\"desc_trig_outter\"><a data-gmap_status=\"null\" data-exlk=\"0\" style=\"border-color: #0092e0;\" id=\"evc_171406650099747\" class=\"desc_trig evo_litoral-interior-norte-competicao-regional sin_val evcal_list_a\" data-ux_val=\"1\"  ><span class='evcal_cblock ' data-bgcolor='#0092e0' data-smon='Abril' data-syr='2024'><span class='evo_start '><em class='date'>25<\/em><em class='month'>abr<\/em><em class='time'>17:35<\/em><\/span><span class='evo_end only_time'><em class='time'>17:35<\/em><\/span><em class='clear'><\/em><\/span><span class='evcal_desc evo_info hide_eventtopdata '  data-location_status=\"false\" ><span class='evo_above_title'><\/span><span class='evcal_desc2 evcal_event_title' itemprop='name'>Duatlo 25 de Abril<\/span><span class='evo_below_title'><span class='evcal_event_subtitle' >CAMPEONATO LITORAL E INTERIOR NORTE<\/span><\/span><span class='evcal_desc_info' ><\/span><span class='evcal_desc3'><span class='evcal_event_types ett1'><em><i>Tipo de Evento:<\/i><\/em><em data-filter='event_type'>Litoral e Interior Norte<\/em><i class='clear'><\/i><\/span><\/span><\/span><em class='clear'><\/em><\/p><\/a><div class='event_description evcal_eventcard ' style=\"display:none\"><div class='evo_metarow_directimg'><img src='https:\/\/www.federacao-triatlo.pt\/ftp2015\/wp-content\/uploads\/2024\/02\/Cartaz_Duatlo25Abril.jpg' \/><\/div><div class='evo_metarow_details evorow evcal_evdata_row bordb evcal_event_details'>\r\n\t\t\t\t\t\t\t<div class=\"event_excerpt\" style=\"display:none\"><h3 class=\"padb5 evo_h3\">Detalhes do Evento<\/h3><p>\r\n  \r\n    Regulamento\r\n  \r\n  \r\n    <\/p><\/div><span class='evcal_evdata_icons'><i class='fa fa-align-justify'><\/i><\/span>\r\n\t\t\t\t\t\t\t\r\n\t\t\t\t\t\t\t<div class='evcal_evdata_cell '><div class='eventon_full_description'>\r\n\t\t\t\t\t\t\t\t\t<h3 class='padb5 evo_h3'><span class='evcal_evdata_icons'><i class='fa fa-align-justify'><\/i><\/span>Detalhes do Evento<\/h3><div class='eventon_desc_in' itemprop='description'>\r\n\t\t\t\t\t\t\t\t\t<div class=\"documents-list\">\n<div class=\"documents-list__item\">\n    <a href=\"https:\/\/api-files.federacao-triatlo.pt\/v1\/files\/2024\/events\/20240425LIN001\/event-files\/20240425LIN001-REG001-02.pdf\" target=\"_blank\" rel=\"noopener\"><span class=\"fa fa-file-pdf fa-2x\"><\/span><span class=\"documents-list__title\">Regulamento<\/span><\/a>\n  <\/div>\n<div class=\"documents-list__item\">\n    <a href=\"https:\/\/api-files.federacao-triatlo.pt\/v1\/files\/2024\/events\/20240425LIN001\/event-files\/20240425LIN001-MAP001-01.pdf\" target=\"_blank\" rel=\"noopener\"><span class=\"fa fa-file-pdf fa-2x\"><\/span><span class=\"documents-list__title\">Percursos<\/span><\/a>\n  <\/div>\n<div class=\"documents-list__item\">\n    <a href=\"https:\/\/api-files.federacao-triatlo.pt\/v1\/files\/2024\/events\/20240425LIN001\/event-files\/20240425LIN001-STL001-01.pdf\" target=\"_blank\" rel=\"noopener\"><span class=\"fa fa-list fa-2x\"><\/span><span class=\"documents-list__title\">Lista de Inscritos Campeonato Litoral e Interior Norte<\/span><\/a>\n  <\/div>\n<\/div>\n<\/div><div class='clear'><\/div>\r\n\t\t\t\t\t\t\t\t<\/div>\r\n\t\t\t\t\t\t\t<\/div>\r\n\t\t\t\t\t\t<\/div><div class='evo_metarow_time evorow evcal_evdata_row bordb evcal_evrow_sm '>\r\n\t\t\t\t\t\t\t<span class='evcal_evdata_icons'><i class='fa fa-clock-o'><\/i><\/span>\r\n\t\t\t\t\t\t\t<div class='evcal_evdata_cell'>\t\t\t\t\t\t\t\r\n\t\t\t\t\t\t\t\t<h3 class='evo_h3'><span class='evcal_evdata_icons'><i class='fa fa-clock-o'><\/i><\/span>Hor\u00e1rio<\/h3><p>(Quinta-feira) 17:35 - 17:35<\/p>\r\n\t\t\t\t\t\t\t<\/div>\r\n\t\t\t\t\t\t<\/div>\t\t\t\t\t\t<div class='evo_metarow_ICS evorow bordb evcal_evdata_row'>\r\n\t\t\t\t\t\t\t<span class=\"evcal_evdata_icons\"><i class=\"fa fa-calendar\"><\/i><\/span>\r\n\t\t\t\t\t\t\t<div class='evcal_evdata_cell'>\r\n\t\t\t\t\t\t\t\t<p><a href='https:\/\/www.federacao-triatlo.pt\/ftp2015\/wp-admin\/admin-ajax.php?action=eventon_ics_download&amp;event_id=99747&amp;sunix=20240425T163500Z&amp;eunix=20240425T163500Z&amp;loca=&amp;locn=' class='evo_ics_nCal' title='Adicionar ao seu calend\u00e1rio'>Calend\u00e1rio<\/a><a href='\/\/www.google.com\/calendar\/event?action=TEMPLATE&amp;text=Duatlo+25+de+Abril&amp;dates=20240425T163500Z\/20240425T163500Z&amp;details=%0D%0A++%0D%0A++++Regulamento%0D%0A++%0D%0A++%0D%0A++++&amp;location= - ' target='_blank' class='evo_ics_gCal' title='Adicionar ao calend\u00e1rio Google'>GoogleCal<\/a><\/p>\t\r\n\t\t\t\t\t\t\t<\/div>\t\t\t\t\t\t<\/div>\r\n\t\t\t\t\t\t<\/div><div class='clear end'><\/div><\/div><div id=\"event_99105\" class=\"eventon_list_event evo_eventtop past_event event\" data-event_id=\"99105\" data-time=\"1714262401-1714348799\" data-colr=\"#007230\" itemscope itemtype='http:\/\/schema.org\/Event' 9><div class=\"evo_event_schema\" style=\"display:none\" ><a itemprop='url'  href='https:\/\/www.federacao-triatlo.pt\/ftp2015\/events\/iv-triatlo-de-cuba\/'><\/a><span itemprop='name'  >IV Triatlo de Cuba<\/span><meta itemprop='image'  ><\/meta><meta itemprop='description' content='\r\n  \r\n    Regulamento\r\n  \r\n  \r\n    ' ><\/meta><meta itemprop='startDate' content='2024-4-28' ><\/meta><meta itemprop='endDate' content='2024-4-28' ><\/meta><meta itemprop='eventStatus' content='on-schedule' ><\/meta><script type=\"application\/ld+json\">{\t\"@context\": \"http:\/\/schema.org\",\r\n\t\t\t\t\t\t\t  \t\"@type\": \"Event\",\r\n\t\t\t\t\t\t\t  \t\"name\": \"IV Triatlo de Cuba\",\r\n\t\t\t\t\t\t\t  \t\"startDate\": \"2024-4-28T00-00-00-00\",\r\n\t\t\t\t\t\t\t  \t\"endDate\": \"2024-4-28T23-23-59-00\",\r\n\t\t\t\t\t\t\t  \t\"image\":,\r\n\t\t\t\t\t\t\t  \t\"description\":\"\r\n  \r\n    Regulamento\r\n  \r\n  \r\n    \",\r\n\t\t\t\t\t\t\t  \t\r\n\t\t\t\t\t\t\t }\r\n\t\t\t\t\t\t\t<\/script><\/div>\r\n\t\t\t\t<p class=\"desc_trig_outter\"><a data-gmap_status=\"null\" data-exlk=\"0\" style=\"border-color: #007230;\" id=\"evc_171426240199105\" class=\"desc_trig evo_competicao-nacional sin_val evcal_list_a\" data-ux_val=\"1\"  ><span class='evcal_cblock ' data-bgcolor='#007230' data-smon='Abril' data-syr='2024'><span class='evo_start '><em class='date'>28<\/em><em class='month'>abr<\/em><em class='time'>allday<\/em><\/span><span class='evo_end only_time'><em class='time'>allday<\/em><\/span><em class='clear'><\/em><\/span><span class='evcal_desc evo_info hide_eventtopdata '  data-location_status=\"false\" ><span class='evo_above_title'><\/span><span class='evcal_desc2 evcal_event_title' itemprop='name'>IV Triatlo de Cuba<\/span><span class='evo_below_title'><span class='evcal_event_subtitle' >Campeonato Nacional Jovem - Ta\u00e7a de Portugal<\/span><\/span><span class='evcal_desc_info' ><\/span><span class='evcal_desc3'><span class='evcal_event_types ett1'><em><i>Tipo de Evento:<\/i><\/em><em data-filter='event_type'>Competi\u00e7\u00e3o Nacional<\/em><i class='clear'><\/i><\/span><\/span><\/span><em class='clear'><\/em><\/p><\/a><div class='event_description evcal_eventcard ' style=\"display:none\"><div class='evo_metarow_details evorow evcal_evdata_row bordb evcal_event_details'>\r\n\t\t\t\t\t\t\t<div class=\"event_excerpt\" style=\"display:none\"><h3 class=\"padb5 evo_h3\">Detalhes do Evento<\/h3><p>\r\n  \r\n    Regulamento\r\n  \r\n  \r\n    <\/p><\/div><span class='evcal_evdata_icons'><i class='fa fa-align-justify'><\/i><\/span>\r\n\t\t\t\t\t\t\t\r\n\t\t\t\t\t\t\t<div class='evcal_evdata_cell '><div class='eventon_full_description'>\r\n\t\t\t\t\t\t\t\t\t<h3 class='padb5 evo_h3'><span class='evcal_evdata_icons'><i class='fa fa-align-justify'><\/i><\/span>Detalhes do Evento<\/h3><div class='eventon_desc_in' itemprop='description'>\r\n\t\t\t\t\t\t\t\t\t<div class=\"documents-list\">\n<div class=\"documents-list__item\">\n    <a href=\"https:\/\/api-files.federacao-triatlo.pt\/v1\/files\/2024\/events\/20240428FTP001\/event-files\/20240428FTP001-REG001-01.pdf\" target=\"_blank\" rel=\"noopener\"><span class=\"fa fa-file-pdf fa-2x\"><\/span><span class=\"documents-list__title\">Regulamento<\/span><\/a>\n  <\/div>\n<div class=\"documents-list__item\">\n    <a href=\"https:\/\/api-files.federacao-triatlo.pt\/v1\/files\/2024\/events\/20240428FTP001\/event-files\/20240428FTP001-MAP001-01.pdf\" target=\"_blank\" rel=\"noopener\"><span class=\"fa fa-file-pdf fa-2x\"><\/span><span class=\"documents-list__title\">Percursos Ta\u00e7a de Portugal<\/span><\/a>\n  <\/div>\n<div class=\"documents-list__item\">\n    <a href=\"https:\/\/api-files.federacao-triatlo.pt\/v1\/files\/2024\/events\/20240428FTP001\/event-files\/20240428FTP001-MAP002-01.pdf\" target=\"_blank\" rel=\"noopener\"><span class=\"fa fa-file-pdf fa-2x\"><\/span><span class=\"documents-list__title\">Percursos Campeonato Nacional de Juvenis de Triatlo<\/span><\/a>\n  <\/div>\n<div class=\"documents-list__item\">\n    <a href=\"https:\/\/api-files.federacao-triatlo.pt\/v1\/files\/2024\/events\/20240428FTP001\/event-files\/20240428FTP001-MAP003-01.pdf\" target=\"_blank\" rel=\"noopener\"><span class=\"fa fa-file-pdf fa-2x\"><\/span><span class=\"documents-list__title\">Percursos Campeonato Nacional Jovem <\/span><\/a>\n  <\/div>\n<div class=\"documents-list__item\">\n    <a href=\"https:\/\/api-files.federacao-triatlo.pt\/v1\/files\/2024\/events\/20240428FTP001\/event-files\/20240428FTP001-STL001-03.pdf\" target=\"_blank\" rel=\"noopener\"><span class=\"fa fa-list fa-2x\"><\/span><span class=\"documents-list__title\">Lista de Inscritos Ta\u00e7a de Portugal<\/span><\/a>\n  <\/div>\n<div class=\"documents-list__item\">\n    <a href=\"https:\/\/api-files.federacao-triatlo.pt\/v1\/files\/2024\/events\/20240428FTP001\/event-files\/20240428FTP001-STL002-03.pdf\" target=\"_blank\" rel=\"noopener\"><span class=\"fa fa-list fa-2x\"><\/span><span class=\"documents-list__title\">Lista de Inscritos Campeonato Nacional de Juvenis de Triatlo<\/span><\/a>\n  <\/div>\n<div class=\"documents-list__item\">\n    <a href=\"https:\/\/api-files.federacao-triatlo.pt\/v1\/files\/2024\/events\/20240428FTP001\/event-files\/20240428FTP001-STL003-03.pdf\" target=\"_blank\" rel=\"noopener\"><span class=\"fa fa-list fa-2x\"><\/span><span class=\"documents-list__title\">Lista de Inscritos Campeonato Nacional Jovem<\/span><\/a>\n  <\/div>\n<\/div>\n<\/div><div class='clear'><\/div>\r\n\t\t\t\t\t\t\t\t<\/div>\r\n\t\t\t\t\t\t\t<\/div>\r\n\t\t\t\t\t\t<\/div><div class='evo_metarow_time evorow evcal_evdata_row bordb evcal_evrow_sm '>\r\n\t\t\t\t\t\t\t<span class='evcal_evdata_icons'><i class='fa fa-clock-o'><\/i><\/span>\r\n\t\t\t\t\t\t\t<div class='evcal_evdata_cell'>\t\t\t\t\t\t\t\r\n\t\t\t\t\t\t\t\t<h3 class='evo_h3'><span class='evcal_evdata_icons'><i class='fa fa-clock-o'><\/i><\/span>Hor\u00e1rio<\/h3><p>Todo o dia (Domingo)<\/p>\r\n\t\t\t\t\t\t\t<\/div>\r\n\t\t\t\t\t\t<\/div>\t\t\t\t\t\t<div class='evo_metarow_ICS evorow bordb evcal_evdata_row'>\r\n\t\t\t\t\t\t\t<span class=\"evcal_evdata_icons\"><i class=\"fa fa-calendar\"><\/i><\/span>\r\n\t\t\t\t\t\t\t<div class='evcal_evdata_cell'>\r\n\t\t\t\t\t\t\t\t<p><a href='https:\/\/www.federacao-triatlo.pt\/ftp2015\/wp-admin\/admin-ajax.php?action=eventon_ics_download&amp;event_id=99105&amp;sunix=20240427T230000Z&amp;eunix=20240428T225900Z&amp;loca=&amp;locn=' class='evo_ics_nCal' title='Adicionar ao seu calend\u00e1rio'>Calend\u00e1rio<\/a><a href='\/\/www.google.com\/calendar\/event?action=TEMPLATE&amp;text=IV+Triatlo+de+Cuba&amp;dates=20240427T230000Z\/20240428T225900Z&amp;details=%0D%0A++%0D%0A++++Regulamento%0D%0A++%0D%0A++%0D%0A++++&amp;location= - ' target='_blank' class='evo_ics_gCal' title='Adicionar ao calend\u00e1rio Google'>GoogleCal<\/a><\/p>\t\r\n\t\t\t\t\t\t\t<\/div>\t\t\t\t\t\t<\/div>\r\n\t\t\t\t\t\t<\/div><div class='clear end'><\/div><\/div><\/div><div class='evcal_month_line'><p>Maio 2024<\/p><\/div><div id='evcal_list' class='evcal_list_month eventon_events_list '><div id=\"event_99583\" class=\"eventon_list_event evo_eventtop past_event event\" data-event_id=\"99583\" data-time=\"1714564260-1714564260\" data-colr=\"#0092e0\" itemscope itemtype='http:\/\/schema.org\/Event' 1><div class=\"evo_event_schema\" style=\"display:none\" ><a itemprop='url'  href='https:\/\/www.federacao-triatlo.pt\/ftp2015\/events\/aquatlo-da-ortiga\/'><\/a><span itemprop='name'  >I Aquatlo Munic\u00edpio de Ma\u00e7\u00e3o<\/span><meta itemprop='image'  ><\/meta><meta itemprop='description' content='\r\n  \r\n    Regulamento\r\n  \r\n  \r\n    ' ><\/meta><meta itemprop='startDate' content='2024-5-1' ><\/meta><meta itemprop='endDate' content='2024-5-1' ><\/meta><meta itemprop='eventStatus' content='on-schedule' ><\/meta><script type=\"application\/ld+json\">{\t\"@context\": \"http:\/\/schema.org\",\r\n\t\t\t\t\t\t\t  \t\"@type\": \"Event\",\r\n\t\t\t\t\t\t\t  \t\"name\": \"I Aquatlo Munic\u00edpio de Ma\u00e7\u00e3o\",\r\n\t\t\t\t\t\t\t  \t\"startDate\": \"2024-5-1T11-11-51-00\",\r\n\t\t\t\t\t\t\t  \t\"endDate\": \"2024-5-1T11-11-51-00\",\r\n\t\t\t\t\t\t\t  \t\"image\":,\r\n\t\t\t\t\t\t\t  \t\"description\":\"\r\n  \r\n    Regulamento\r\n  \r\n  \r\n    \",\r\n\t\t\t\t\t\t\t  \t\r\n\t\t\t\t\t\t\t }\r\n\t\t\t\t\t\t\t<\/script><\/div>\r\n\t\t\t\t<p class=\"desc_trig_outter\"><a data-gmap_status=\"null\" data-exlk=\"0\" style=\"border-color: #0092e0;\" id=\"evc_171456426099583\" class=\"desc_trig evo_litoral-interior-centro-competicao-regional sin_val evcal_list_a\" data-ux_val=\"1\"  ><span class='evcal_cblock ' data-bgcolor='#0092e0' data-smon='Maio' data-syr='2024'><span class='evo_start '><em class='date'>01<\/em><em class='month'>mai<\/em><em class='time'>11:51<\/em><\/span><span class='evo_end only_time'><em class='time'>11:51<\/em><\/span><em class='clear'><\/em><\/span><span class='evcal_desc evo_info hide_eventtopdata '  data-location_status=\"false\" ><span class='evo_above_title'><\/span><span class='evcal_desc2 evcal_event_title' itemprop='name'>I Aquatlo Munic\u00edpio de Ma\u00e7\u00e3o<\/span><span class='evo_below_title'><span class='evcal_event_subtitle' >CAMPEONATO LITORAL E INTERIOR CENTRO<\/span><\/span><span class='evcal_desc_info' ><\/span><span class='evcal_desc3'><span class='evcal_event_types ett1'><em><i>Tipo de Evento:<\/i><\/em><em data-filter='event_type'>Litoral e Interior Centro<\/em><i class='clear'><\/i><\/span><\/span><\/span><em class='clear'><\/em><\/p><\/a><div class='event_description evcal_eventcard ' style=\"display:none\"><div class='evo_metarow_details evorow evcal_evdata_row bordb evcal_event_details'>\r\n\t\t\t\t\t\t\t<div class=\"event_excerpt\" style=\"display:none\"><h3 class=\"padb5 evo_h3\">Detalhes do Evento<\/h3><p>\r\n  \r\n    Regulamento\r\n  \r\n  \r\n    <\/p><\/div><span class='evcal_evdata_icons'><i class='fa fa-align-justify'><\/i><\/span>\r\n\t\t\t\t\t\t\t\r\n\t\t\t\t\t\t\t<div class='evcal_evdata_cell '><div class='eventon_full_description'>\r\n\t\t\t\t\t\t\t\t\t<h3 class='padb5 evo_h3'><span class='evcal_evdata_icons'><i class='fa fa-align-justify'><\/i><\/span>Detalhes do Evento<\/h3><div class='eventon_desc_in' itemprop='description'>\r\n\t\t\t\t\t\t\t\t\t<div class=\"documents-list\">\n<div class=\"documents-list__item\">\n    <a href=\"https:\/\/api-files.federacao-triatlo.pt\/v1\/files\/2024\/events\/20240501LIC001\/event-files\/20240501LIC001-REG001-01.pdf\" target=\"_blank\" rel=\"noopener\"><span class=\"fa fa-file-pdf fa-2x\"><\/span><span class=\"documents-list__title\">Regulamento<\/span><\/a>\n  <\/div>\n<div class=\"documents-list__item\">\n    <a href=\"https:\/\/api-files.federacao-triatlo.pt\/v1\/files\/2024\/events\/20240501LIC001\/event-files\/20240501LIC001-MAP001-01.pdf\" target=\"_blank\" rel=\"noopener\"><span class=\"fa fa-file-pdf fa-2x\"><\/span><span class=\"documents-list__title\">Percursos<\/span><\/a>\n  <\/div>\n<div class=\"documents-list__item\">\n    <a href=\"https:\/\/api-files.federacao-triatlo.pt\/v1\/files\/2024\/events\/20240501LIC001\/event-files\/20240501LIC001-STL001-02.pdf\" target=\"_blank\" rel=\"noopener\"><span class=\"fa fa-file-pdf fa-2x\"><\/span><span class=\"documents-list__title\">Lista de Inscritos Campeonato Litoral e Interior Centro<\/span><\/a>\n  <\/div>\n<\/div>\n<\/div><div class='clear'><\/div>\r\n\t\t\t\t\t\t\t\t<\/div>\r\n\t\t\t\t\t\t\t<\/div>\r\n\t\t\t\t\t\t<\/div><div class='evo_metarow_time evorow evcal_evdata_row bordb evcal_evrow_sm '>\r\n\t\t\t\t\t\t\t<span class='evcal_evdata_icons'><i class='fa fa-clock-o'><\/i><\/span>\r\n\t\t\t\t\t\t\t<div class='evcal_evdata_cell'>\t\t\t\t\t\t\t\r\n\t\t\t\t\t\t\t\t<h3 class='evo_h3'><span class='evcal_evdata_icons'><i class='fa fa-clock-o'><\/i><\/span>Hor\u00e1rio<\/h3><p>(Quarta-feira) 11:51 - 11:51<\/p>\r\n\t\t\t\t\t\t\t<\/div>\r\n\t\t\t\t\t\t<\/div>\t\t\t\t\t\t<div class='evo_metarow_ICS evorow bordb evcal_evdata_row'>\r\n\t\t\t\t\t\t\t<span class=\"evcal_evdata_icons\"><i class=\"fa fa-calendar\"><\/i><\/span>\r\n\t\t\t\t\t\t\t<div class='evcal_evdata_cell'>\r\n\t\t\t\t\t\t\t\t<p><a href='https:\/\/www.federacao-triatlo.pt\/ftp2015\/wp-admin\/admin-ajax.php?action=eventon_ics_download&amp;event_id=99583&amp;sunix=20240501T105100Z&amp;eunix=20240501T105100Z&amp;loca=&amp;locn=' class='evo_ics_nCal' title='Adicionar ao seu calend\u00e1rio'>Calend\u00e1rio<\/a><a href='\/\/www.google.com\/calendar\/event?action=TEMPLATE&amp;text=I+Aquatlo+Munic%C3%ADpio+de+Ma%C3%A7%C3%A3o&amp;dates=20240501T105100Z\/20240501T105100Z&amp;details=%0D%0A++%0D%0A++++Regulamento%0D%0A++%0D%0A++%0D%0A++++&amp;location= - ' target='_blank' class='evo_ics_gCal' title='Adicionar ao calend\u00e1rio Google'>GoogleCal<\/a><\/p>\t\r\n\t\t\t\t\t\t\t<\/div>\t\t\t\t\t\t<\/div>\r\n\t\t\t\t\t\t<\/div><div class='clear end'><\/div><\/div><div id=\"event_99106\" class=\"eventon_list_event evo_eventtop past_event event\" data-event_id=\"99106\" data-time=\"1714867201-1714953599\" data-colr=\"#007230\" itemscope itemtype='http:\/\/schema.org\/Event' 2><div class=\"evo_event_schema\" style=\"display:none\" ><a itemprop='url'  href='https:\/\/www.federacao-triatlo.pt\/ftp2015\/events\/triatlo-oeiras-2024\/'><\/a><span itemprop='name'  >XXXVII Triatlo de Oeiras<\/span><meta itemprop='image'  ><\/meta><meta itemprop='description' content='\r\n  \r\n    Regulamento\r\n  \r\n  \r\n    ' ><\/meta><meta itemprop='startDate' content='2024-5-5' ><\/meta><meta itemprop='endDate' content='2024-5-5' ><\/meta><meta itemprop='eventStatus' content='on-schedule' ><\/meta><script type=\"application\/ld+json\">{\t\"@context\": \"http:\/\/schema.org\",\r\n\t\t\t\t\t\t\t  \t\"@type\": \"Event\",\r\n\t\t\t\t\t\t\t  \t\"name\": \"XXXVII Triatlo de Oeiras\",\r\n\t\t\t\t\t\t\t  \t\"startDate\": \"2024-5-5T00-00-00-00\",\r\n\t\t\t\t\t\t\t  \t\"endDate\": \"2024-5-5T23-23-59-00\",\r\n\t\t\t\t\t\t\t  \t\"image\":,\r\n\t\t\t\t\t\t\t  \t\"description\":\"\r\n  \r\n    Regulamento\r\n  \r\n  \r\n    \",\r\n\t\t\t\t\t\t\t  \t\r\n\t\t\t\t\t\t\t }\r\n\t\t\t\t\t\t\t<\/script><\/div>\r\n\t\t\t\t<p class=\"desc_trig_outter\"><a data-gmap_status=\"null\" data-exlk=\"0\" style=\"border-color: #007230;\" id=\"evc_171486720199106\" class=\"desc_trig evo_competicao-nacional sin_val evcal_list_a\" data-ux_val=\"1\"  ><span class='evcal_cblock ' data-bgcolor='#007230' data-smon='Maio' data-syr='2024'><span class='evo_start '><em class='date'>05<\/em><em class='month'>mai<\/em><em class='time'>allday<\/em><\/span><span class='evo_end only_time'><em class='time'>allday<\/em><\/span><em class='clear'><\/em><\/span><span class='evcal_desc evo_info hide_eventtopdata '  data-location_status=\"false\" ><span class='evo_above_title'><\/span><span class='evcal_desc2 evcal_event_title' itemprop='name'>XXXVII Triatlo de Oeiras<\/span><span class='evo_below_title'><span class='evcal_event_subtitle' >Campeonato Nacional Individual de Triatlo Sprint - Campeonato Nacional de Triatlo Sprint de Juniores - Campeonato Nacional de Triatlo de Cadetes - Campeonato Nacional Individual de Paratriatlo - Prova Aberta<\/span><\/span><span class='evcal_desc_info' ><\/span><span class='evcal_desc3'><span class='evcal_event_types ett1'><em><i>Tipo de Evento:<\/i><\/em><em data-filter='event_type'>Competi\u00e7\u00e3o Nacional<\/em><i class='clear'><\/i><\/span><\/span><\/span><em class='clear'><\/em><\/p><\/a><div class='event_description evcal_eventcard ' style=\"display:none\"><div class='evo_metarow_details evorow evcal_evdata_row bordb evcal_event_details'>\r\n\t\t\t\t\t\t\t<div class=\"event_excerpt\" style=\"display:none\"><h3 class=\"padb5 evo_h3\">Detalhes do Evento<\/h3><p>\r\n  \r\n    Regulamento\r\n  \r\n  \r\n    <\/p><\/div><span class='evcal_evdata_icons'><i class='fa fa-align-justify'><\/i><\/span>\r\n\t\t\t\t\t\t\t\r\n\t\t\t\t\t\t\t<div class='evcal_evdata_cell '><div class='eventon_full_description'>\r\n\t\t\t\t\t\t\t\t\t<h3 class='padb5 evo_h3'><span class='evcal_evdata_icons'><i class='fa fa-align-justify'><\/i><\/span>Detalhes do Evento<\/h3><div class='eventon_desc_in' itemprop='description'>\r\n\t\t\t\t\t\t\t\t\t<div class=\"documents-list\">\n<div class=\"documents-list__item\">\n    <a href=\"https:\/\/api-files.federacao-triatlo.pt\/v1\/files\/2024\/events\/20240505FTP001\/event-files\/20240505FTP001-REG001-04.pdf\" target=\"_blank\" rel=\"noopener\"><span class=\"fa fa-file-pdf fa-2x\"><\/span><span class=\"documents-list__title\">Regulamento<\/span><\/a>\n  <\/div>\n<div class=\"documents-list__item\">\n    <a href=\"https:\/\/api-files.federacao-triatlo.pt\/v1\/files\/2024\/events\/20240505FTP001\/event-files\/20240505FTP001-MAP001-01.pdf\" target=\"_blank\" rel=\"noopener\"><span class=\"fa fa-file-pdf fa-2x\"><\/span><span class=\"documents-list__title\">Percursos do Campeonato Nacional Individual Elites e Juniores<\/span><\/a>\n  <\/div>\n<div class=\"documents-list__item\">\n    <a href=\"https:\/\/api-files.federacao-triatlo.pt\/v1\/files\/2024\/events\/20240505FTP001\/event-files\/20240505FTP001-MAP002-01.pdf\" target=\"_blank\" rel=\"noopener\"><span class=\"fa fa-file-pdf fa-2x\"><\/span><span class=\"documents-list__title\">Percursos do Campeonato Nacional Individual Grupos de Idade e Paratriatlo<\/span><\/a>\n  <\/div>\n<div class=\"documents-list__item\">\n    <a href=\"https:\/\/api-files.federacao-triatlo.pt\/v1\/files\/2024\/events\/20240505FTP001\/event-files\/20240505FTP001-MAP003-01.pdf\" target=\"_blank\" rel=\"noopener\"><span class=\"fa fa-file-pdf fa-2x\"><\/span><span class=\"documents-list__title\">Percursos do Campeonato Nacional de Cadetes e Prova Aberta<\/span><\/a>\n  <\/div>\n<div class=\"documents-list__item\">\n    <a href=\"https:\/\/api-files.federacao-triatlo.pt\/v1\/files\/2024\/events\/20240505FTP001\/event-files\/20240505FTP001-STL001-02.pdf\" target=\"_blank\" rel=\"noopener\"><span class=\"fa fa-list fa-2x\"><\/span><span class=\"documents-list__title\">Lista de Inscritos Campeonato Nacional Individual Elites<\/span><\/a>\n  <\/div>\n<div class=\"documents-list__item\">\n    <a href=\"https:\/\/api-files.federacao-triatlo.pt\/v1\/files\/2024\/events\/20240505FTP001\/event-files\/20240505FTP001-STL002-03.pdf\" target=\"_blank\" rel=\"noopener\"><span class=\"fa fa-list fa-2x\"><\/span><span class=\"documents-list__title\">Lista de Inscritos Campeonato Nacional Individual Grupos de Idade<\/span><\/a>\n  <\/div>\n<div class=\"documents-list__item\">\n    <a href=\"https:\/\/api-files.federacao-triatlo.pt\/v1\/files\/2024\/events\/20240505FTP001\/event-files\/20240505FTP001-STL003-02.pdf\" target=\"_blank\" rel=\"noopener\"><span class=\"fa fa-list fa-2x\"><\/span><span class=\"documents-list__title\">Lista de Inscritos Campeonato Nacional Individual Paratriatlo<\/span><\/a>\n  <\/div>\n<div class=\"documents-list__item\">\n    <a href=\"https:\/\/api-files.federacao-triatlo.pt\/v1\/files\/2024\/events\/20240505FTP001\/event-files\/20240505FTP001-STL004-03.pdf\" target=\"_blank\" rel=\"noopener\"><span class=\"fa fa-list fa-2x\"><\/span><span class=\"documents-list__title\">Lista de Inscritos Campeonato Nacional Individual Cadetes<\/span><\/a>\n  <\/div>\n<div class=\"documents-list__item\">\n    <a href=\"https:\/\/api-files.federacao-triatlo.pt\/v1\/files\/2024\/events\/20240505FTP001\/event-files\/20240505FTP001-STL005-02.pdf\" target=\"_blank\" rel=\"noopener\"><span class=\"fa fa-list fa-2x\"><\/span><span class=\"documents-list__title\">Lista de Inscritos Prova Aberta<\/span><\/a>\n  <\/div>\n<\/div>\n<\/div><div class='clear'><\/div>\r\n\t\t\t\t\t\t\t\t<\/div>\r\n\t\t\t\t\t\t\t<\/div>\r\n\t\t\t\t\t\t<\/div><div class='evo_metarow_time evorow evcal_evdata_row bordb evcal_evrow_sm '>\r\n\t\t\t\t\t\t\t<span class='evcal_evdata_icons'><i class='fa fa-clock-o'><\/i><\/span>\r\n\t\t\t\t\t\t\t<div class='evcal_evdata_cell'>\t\t\t\t\t\t\t\r\n\t\t\t\t\t\t\t\t<h3 class='evo_h3'><span class='evcal_evdata_icons'><i class='fa fa-clock-o'><\/i><\/span>Hor\u00e1rio<\/h3><p>Todo o dia (Domingo)<\/p>\r\n\t\t\t\t\t\t\t<\/div>\r\n\t\t\t\t\t\t<\/div>\t\t\t\t\t\t<div class='evo_metarow_ICS evorow bordb evcal_evdata_row'>\r\n\t\t\t\t\t\t\t<span class=\"evcal_evdata_icons\"><i class=\"fa fa-calendar\"><\/i><\/span>\r\n\t\t\t\t\t\t\t<div class='evcal_evdata_cell'>\r\n\t\t\t\t\t\t\t\t<p><a href='https:\/\/www.federacao-triatlo.pt\/ftp2015\/wp-admin\/admin-ajax.php?action=eventon_ics_download&amp;event_id=99106&amp;sunix=20240504T230000Z&amp;eunix=20240505T225900Z&amp;loca=&amp;locn=' class='evo_ics_nCal' title='Adicionar ao seu calend\u00e1rio'>Calend\u00e1rio<\/a><a href='\/\/www.google.com\/calendar\/event?action=TEMPLATE&amp;text=XXXVII+Triatlo+de+Oeiras&amp;dates=20240504T230000Z\/20240505T225900Z&amp;details=%0D%0A++%0D%0A++++Regulamento%0D%0A++%0D%0A++%0D%0A++++&amp;location= - ' target='_blank' class='evo_ics_gCal' title='Adicionar ao calend\u00e1rio Google'>GoogleCal<\/a><\/p>\t\r\n\t\t\t\t\t\t\t<\/div>\t\t\t\t\t\t<\/div>\r\n\t\t\t\t\t\t<\/div><div class='clear end'><\/div><\/div><div id=\"event_99104\" class=\"eventon_list_event evo_eventtop past_event event\" data-event_id=\"99104\" data-time=\"1715385601-1715471999\" data-colr=\"#007230\" itemscope itemtype='http:\/\/schema.org\/Event' 3><div class=\"evo_event_schema\" style=\"display:none\" ><a itemprop='url'  href='https:\/\/www.federacao-triatlo.pt\/ftp2015\/events\/aquatlo-do-funchal\/'><\/a><span itemprop='name'  >Aquatlo de Santa Cruz<\/span><meta itemprop='image'  ><\/meta><meta itemprop='description' content='\r\n  \r\n    Regulamento\r\n  \r\n  \r\n    ' ><\/meta><meta itemprop='startDate' content='2024-5-11' ><\/meta><meta itemprop='endDate' content='2024-5-11' ><\/meta><meta itemprop='eventStatus' content='on-schedule' ><\/meta><script type=\"application\/ld+json\">{\t\"@context\": \"http:\/\/schema.org\",\r\n\t\t\t\t\t\t\t  \t\"@type\": \"Event\",\r\n\t\t\t\t\t\t\t  \t\"name\": \"Aquatlo de Santa Cruz\",\r\n\t\t\t\t\t\t\t  \t\"startDate\": \"2024-5-11T00-00-00-00\",\r\n\t\t\t\t\t\t\t  \t\"endDate\": \"2024-5-11T23-23-59-00\",\r\n\t\t\t\t\t\t\t  \t\"image\":,\r\n\t\t\t\t\t\t\t  \t\"description\":\"\r\n  \r\n    Regulamento\r\n  \r\n  \r\n    \",\r\n\t\t\t\t\t\t\t  \t\r\n\t\t\t\t\t\t\t }\r\n\t\t\t\t\t\t\t<\/script><\/div>\r\n\t\t\t\t<p class=\"desc_trig_outter\"><a data-gmap_status=\"null\" data-exlk=\"0\" style=\"border-color: #007230;\" id=\"evc_171538560199104\" class=\"desc_trig evo_competicao-nacional sin_val evcal_list_a\" data-ux_val=\"1\"  ><span class='evcal_cblock ' data-bgcolor='#007230' data-smon='Maio' data-syr='2024'><span class='evo_start '><em class='date'>11<\/em><em class='month'>mai<\/em><em class='time'>allday<\/em><\/span><span class='evo_end only_time'><em class='time'>allday<\/em><\/span><em class='clear'><\/em><\/span><span class='evcal_desc evo_info hide_eventtopdata '  data-location_status=\"false\" ><span class='evo_above_title'><\/span><span class='evcal_desc2 evcal_event_title' itemprop='name'>Aquatlo de Santa Cruz<\/span><span class='evo_below_title'><span class='evcal_event_subtitle' >Campeonato Nacional Individual de Aquatlo - Campeonato Nacional de Aquatlo de Juniores - Campeonato Nacional de Aquatlo de Cadetes - Campeonato Nacional Individual de Paratriatlo<\/span><\/span><span class='evcal_desc_info' ><\/span><span class='evcal_desc3'><span class='evcal_event_types ett1'><em><i>Tipo de Evento:<\/i><\/em><em data-filter='event_type'>Competi\u00e7\u00e3o Nacional<\/em><i class='clear'><\/i><\/span><\/span><\/span><em class='clear'><\/em><\/p><\/a><div class='event_description evcal_eventcard ' style=\"display:none\"><div class='evo_metarow_details evorow evcal_evdata_row bordb evcal_event_details'>\r\n\t\t\t\t\t\t\t<div class=\"event_excerpt\" style=\"display:none\"><h3 class=\"padb5 evo_h3\">Detalhes do Evento<\/h3><p>\r\n  \r\n    Regulamento\r\n  \r\n  \r\n    <\/p><\/div><span class='evcal_evdata_icons'><i class='fa fa-align-justify'><\/i><\/span>\r\n\t\t\t\t\t\t\t\r\n\t\t\t\t\t\t\t<div class='evcal_evdata_cell '><div class='eventon_full_description'>\r\n\t\t\t\t\t\t\t\t\t<h3 class='padb5 evo_h3'><span class='evcal_evdata_icons'><i class='fa fa-align-justify'><\/i><\/span>Detalhes do Evento<\/h3><div class='eventon_desc_in' itemprop='description'>\r\n\t\t\t\t\t\t\t\t\t<div class=\"documents-list\">\n<div class=\"documents-list__item\">\n    <a href=\"https:\/\/api-files.federacao-triatlo.pt\/v1\/files\/2024\/events\/20240511FTP001\/event-files\/20240511FTP001-REG001-03.pdf\" target=\"_blank\" rel=\"noopener\"><span class=\"fa fa-file-pdf fa-2x\"><\/span><span class=\"documents-list__title\">Regulamento<\/span><\/a>\n  <\/div>\n<div class=\"documents-list__item\">\n    <a href=\"https:\/\/api-files.federacao-triatlo.pt\/v1\/files\/2024\/events\/20240511FTP001\/event-files\/20240511FTP001-MAP001-02.pdf\" target=\"_blank\" rel=\"noopener\"><span class=\"fa fa-file-pdf fa-2x\"><\/span><span class=\"documents-list__title\">Percursos<\/span><\/a>\n  <\/div>\n<div class=\"documents-list__item\">\n    <a href=\"https:\/\/api-files.federacao-triatlo.pt\/v1\/files\/2024\/events\/20240511FTP001\/event-files\/20240511FTP001-STL001-01.pdf\" target=\"_blank\" rel=\"noopener\"><span class=\"fa fa-list fa-2x\"><\/span><span class=\"documents-list__title\">Lista de Inscritos Campeonato Nacional Individual de Aquatlo<\/span><\/a>\n  <\/div>\n<div class=\"documents-list__item\">\n    <a href=\"https:\/\/api-files.federacao-triatlo.pt\/v1\/files\/2024\/events\/20240511FTP001\/event-files\/20240511FTP001-STL002-01.pdf\" target=\"_blank\" rel=\"noopener\"><span class=\"fa fa-list fa-2x\"><\/span><span class=\"documents-list__title\">Lista de Inscritos Campeonato Nacional de Paratriatlo<\/span><\/a>\n  <\/div>\n<\/div>\n<\/div><div class='clear'><\/div>\r\n\t\t\t\t\t\t\t\t<\/div>\r\n\t\t\t\t\t\t\t<\/div>\r\n\t\t\t\t\t\t<\/div><div class='evo_metarow_time evorow evcal_evdata_row bordb evcal_evrow_sm '>\r\n\t\t\t\t\t\t\t<span class='evcal_evdata_icons'><i class='fa fa-clock-o'><\/i><\/span>\r\n\t\t\t\t\t\t\t<div class='evcal_evdata_cell'>\t\t\t\t\t\t\t\r\n\t\t\t\t\t\t\t\t<h3 class='evo_h3'><span class='evcal_evdata_icons'><i class='fa fa-clock-o'><\/i><\/span>Hor\u00e1rio<\/h3><p>Todo o dia (S\u00e1bado)<\/p>\r\n\t\t\t\t\t\t\t<\/div>\r\n\t\t\t\t\t\t<\/div>\t\t\t\t\t\t<div class='evo_metarow_ICS evorow bordb evcal_evdata_row'>\r\n\t\t\t\t\t\t\t<span class=\"evcal_evdata_icons\"><i class=\"fa fa-calendar\"><\/i><\/span>\r\n\t\t\t\t\t\t\t<div class='evcal_evdata_cell'>\r\n\t\t\t\t\t\t\t\t<p><a href='https:\/\/www.federacao-triatlo.pt\/ftp2015\/wp-admin\/admin-ajax.php?action=eventon_ics_download&amp;event_id=99104&amp;sunix=20240510T230000Z&amp;eunix=20240511T225900Z&amp;loca=&amp;locn=' class='evo_ics_nCal' title='Adicionar ao seu calend\u00e1rio'>Calend\u00e1rio<\/a><a href='\/\/www.google.com\/calendar\/event?action=TEMPLATE&amp;text=Aquatlo+de+Santa+Cruz&amp;dates=20240510T230000Z\/20240511T225900Z&amp;details=%0D%0A++%0D%0A++++Regulamento%0D%0A++%0D%0A++%0D%0A++++&amp;location= - ' target='_blank' class='evo_ics_gCal' title='Adicionar ao calend\u00e1rio Google'>GoogleCal<\/a><\/p>\t\r\n\t\t\t\t\t\t\t<\/div>\t\t\t\t\t\t<\/div>\r\n\t\t\t\t\t\t<\/div><div class='clear end'><\/div><\/div><div id=\"event_99819\" class=\"eventon_list_event evo_eventtop past_event event\" data-event_id=\"99819\" data-time=\"1715424000-1715424000\" data-colr=\"#0092e0\" itemscope itemtype='http:\/\/schema.org\/Event' 4><div class=\"evo_event_schema\" style=\"display:none\" ><a itemprop='url'  href='https:\/\/www.federacao-triatlo.pt\/ftp2015\/events\/iii-duatlo-jovem-do-lusitano\/'><\/a><span itemprop='name'  >III Duatlo Jovem do Lusitano<\/span><meta itemprop='image'  ><\/meta><meta itemprop='description' content='\r\n  \r\n    Regulamento\r\n  \r\n  \r\n    ' ><\/meta><meta itemprop='startDate' content='2024-5-11' ><\/meta><meta itemprop='endDate' content='2024-5-11' ><\/meta><meta itemprop='eventStatus' content='on-schedule' ><\/meta><script type=\"application\/ld+json\">{\t\"@context\": \"http:\/\/schema.org\",\r\n\t\t\t\t\t\t\t  \t\"@type\": \"Event\",\r\n\t\t\t\t\t\t\t  \t\"name\": \"III Duatlo Jovem do Lusitano\",\r\n\t\t\t\t\t\t\t  \t\"startDate\": \"2024-5-11T10-10-40-00\",\r\n\t\t\t\t\t\t\t  \t\"endDate\": \"2024-5-11T10-10-40-00\",\r\n\t\t\t\t\t\t\t  \t\"image\":,\r\n\t\t\t\t\t\t\t  \t\"description\":\"\r\n  \r\n    Regulamento\r\n  \r\n  \r\n    \",\r\n\t\t\t\t\t\t\t  \t\r\n\t\t\t\t\t\t\t }\r\n\t\t\t\t\t\t\t<\/script><\/div>\r\n\t\t\t\t<p class=\"desc_trig_outter\"><a data-gmap_status=\"null\" data-exlk=\"0\" style=\"border-color: #0092e0;\" id=\"evc_171542400099819\" class=\"desc_trig evo_algarve-baixo-alentejo-competicao-regional sin_val evcal_list_a\" data-ux_val=\"1\"  ><span class='evcal_cblock ' data-bgcolor='#0092e0' data-smon='Maio' data-syr='2024'><span class='evo_start '><em class='date'>11<\/em><em class='month'>mai<\/em><em class='time'>10:40<\/em><\/span><span class='evo_end only_time'><em class='time'>10:40<\/em><\/span><em class='clear'><\/em><\/span><span class='evcal_desc evo_info hide_eventtopdata '  data-location_status=\"false\" ><span class='evo_above_title'><\/span><span class='evcal_desc2 evcal_event_title' itemprop='name'>III Duatlo Jovem do Lusitano<\/span><span class='evo_below_title'><span class='evcal_event_subtitle' >CAMPEONATO ALGARVE E BAIXO ALENTEJO JOVEM<\/span><\/span><span class='evcal_desc_info' ><\/span><span class='evcal_desc3'><span class='evcal_event_types ett1'><em><i>Tipo de Evento:<\/i><\/em><em data-filter='event_type'>Algarve e Baixo Alentejo<\/em><i class='clear'><\/i><\/span><\/span><\/span><em class='clear'><\/em><\/p><\/a><div class='event_description evcal_eventcard ' style=\"display:none\"><div class='evo_metarow_details evorow evcal_evdata_row bordb evcal_event_details'>\r\n\t\t\t\t\t\t\t<div class=\"event_excerpt\" style=\"display:none\"><h3 class=\"padb5 evo_h3\">Detalhes do Evento<\/h3><p>\r\n  \r\n    Regulamento\r\n  \r\n  \r\n    <\/p><\/div><span class='evcal_evdata_icons'><i class='fa fa-align-justify'><\/i><\/span>\r\n\t\t\t\t\t\t\t\r\n\t\t\t\t\t\t\t<div class='evcal_evdata_cell '><div class='eventon_full_description'>\r\n\t\t\t\t\t\t\t\t\t<h3 class='padb5 evo_h3'><span class='evcal_evdata_icons'><i class='fa fa-align-justify'><\/i><\/span>Detalhes do Evento<\/h3><div class='eventon_desc_in' itemprop='description'>\r\n\t\t\t\t\t\t\t\t\t<div class=\"documents-list\">\n<div class=\"documents-list__item\">\n    <a href=\"https:\/\/api-files.federacao-triatlo.pt\/v1\/files\/2024\/events\/20240511ABA001\/event-files\/20240511ABA001-REG001-01.pdf\" target=\"_blank\" rel=\"noopener\"><span class=\"fa fa-file-pdf fa-2x\"><\/span><span class=\"documents-list__title\">Regulamento<\/span><\/a>\n  <\/div>\n<div class=\"documents-list__item\">\n    <a href=\"https:\/\/api-files.federacao-triatlo.pt\/v1\/files\/2024\/events\/20240511ABA001\/event-files\/20240511ABA001-MAP001-01.pdf\" target=\"_blank\" rel=\"noopener\"><span class=\"fa fa-file-pdf fa-2x\"><\/span><span class=\"documents-list__title\">Percursos<\/span><\/a>\n  <\/div>\n<div class=\"documents-list__item\">\n    <a href=\"https:\/\/api-files.federacao-triatlo.pt\/v1\/files\/2024\/events\/20240511ABA001\/event-files\/20240511ABA001-STL001-01.pdf\" target=\"_blank\" rel=\"noopener\"><span class=\"fa fa-list fa-2x\"><\/span><span class=\"documents-list__title\">Lista de Inscritos Campeonato Algarve e Baixo Alentejo Jovem<\/span><\/a>\n  <\/div>\n<\/div>\n<\/div><div class='clear'><\/div>\r\n\t\t\t\t\t\t\t\t<\/div>\r\n\t\t\t\t\t\t\t<\/div>\r\n\t\t\t\t\t\t<\/div><div class='evo_metarow_time evorow evcal_evdata_row bordb evcal_evrow_sm '>\r\n\t\t\t\t\t\t\t<span class='evcal_evdata_icons'><i class='fa fa-clock-o'><\/i><\/span>\r\n\t\t\t\t\t\t\t<div class='evcal_evdata_cell'>\t\t\t\t\t\t\t\r\n\t\t\t\t\t\t\t\t<h3 class='evo_h3'><span class='evcal_evdata_icons'><i class='fa fa-clock-o'><\/i><\/span>Hor\u00e1rio<\/h3><p>(S\u00e1bado) 10:40 - 10:40<\/p>\r\n\t\t\t\t\t\t\t<\/div>\r\n\t\t\t\t\t\t<\/div>\t\t\t\t\t\t<div class='evo_metarow_ICS evorow bordb evcal_evdata_row'>\r\n\t\t\t\t\t\t\t<span class=\"evcal_evdata_icons\"><i class=\"fa fa-calendar\"><\/i><\/span>\r\n\t\t\t\t\t\t\t<div class='evcal_evdata_cell'>\r\n\t\t\t\t\t\t\t\t<p><a href='https:\/\/www.federacao-triatlo.pt\/ftp2015\/wp-admin\/admin-ajax.php?action=eventon_ics_download&amp;event_id=99819&amp;sunix=20240511T094000Z&amp;eunix=20240511T094000Z&amp;loca=&amp;locn=' class='evo_ics_nCal' title='Adicionar ao seu calend\u00e1rio'>Calend\u00e1rio<\/a><a href='\/\/www.google.com\/calendar\/event?action=TEMPLATE&amp;text=III+Duatlo+Jovem+do+Lusitano&amp;dates=20240511T094000Z\/20240511T094000Z&amp;details=%0D%0A++%0D%0A++++Regulamento%0D%0A++%0D%0A++%0D%0A++++&amp;location= - ' target='_blank' class='evo_ics_gCal' title='Adicionar ao calend\u00e1rio Google'>GoogleCal<\/a><\/p>\t\r\n\t\t\t\t\t\t\t<\/div>\t\t\t\t\t\t<\/div>\r\n\t\t\t\t\t\t<\/div><div class='clear end'><\/div><\/div><div id=\"event_99589\" class=\"eventon_list_event evo_eventtop past_event event\" data-event_id=\"99589\" data-time=\"1715515320-1715515320\" data-colr=\"#0092e0\" itemscope itemtype='http:\/\/schema.org\/Event' 5><div class=\"evo_event_schema\" style=\"display:none\" ><a itemprop='url'  href='https:\/\/www.federacao-triatlo.pt\/ftp2015\/events\/v-triatlo-das-caldas-da-rainha\/'><\/a><span itemprop='name'  >V Triatlo das Caldas da Rainha<\/span><meta itemprop='image'  ><\/meta><meta itemprop='description' content='\r\n  \r\n    Regulamento\r\n  \r\n  \r\n    ' ><\/meta><meta itemprop='startDate' content='2024-5-12' ><\/meta><meta itemprop='endDate' content='2024-5-12' ><\/meta><meta itemprop='eventStatus' content='on-schedule' ><\/meta><script type=\"application\/ld+json\">{\t\"@context\": \"http:\/\/schema.org\",\r\n\t\t\t\t\t\t\t  \t\"@type\": \"Event\",\r\n\t\t\t\t\t\t\t  \t\"name\": \"V Triatlo das Caldas da Rainha\",\r\n\t\t\t\t\t\t\t  \t\"startDate\": \"2024-5-12T12-12-02-00\",\r\n\t\t\t\t\t\t\t  \t\"endDate\": \"2024-5-12T12-12-02-00\",\r\n\t\t\t\t\t\t\t  \t\"image\":,\r\n\t\t\t\t\t\t\t  \t\"description\":\"\r\n  \r\n    Regulamento\r\n  \r\n  \r\n    \",\r\n\t\t\t\t\t\t\t  \t\r\n\t\t\t\t\t\t\t }\r\n\t\t\t\t\t\t\t<\/script><\/div>\r\n\t\t\t\t<p class=\"desc_trig_outter\"><a data-gmap_status=\"null\" data-exlk=\"0\" style=\"border-color: #0092e0;\" id=\"evc_171551532099589\" class=\"desc_trig evo_litoral-interior-centro-competicao-regional sin_val evcal_list_a\" data-ux_val=\"1\"  ><span class='evcal_cblock ' data-bgcolor='#0092e0' data-smon='Maio' data-syr='2024'><span class='evo_start '><em class='date'>12<\/em><em class='month'>mai<\/em><em class='time'>12:02<\/em><\/span><span class='evo_end only_time'><em class='time'>12:02<\/em><\/span><em class='clear'><\/em><\/span><span class='evcal_desc evo_info hide_eventtopdata '  data-location_status=\"false\" ><span class='evo_above_title'><\/span><span class='evcal_desc2 evcal_event_title' itemprop='name'>V Triatlo das Caldas da Rainha<\/span><span class='evo_below_title'><span class='evcal_event_subtitle' >CAMPEONATO LITORAL E INTERIOR CENTRO JOVEM<\/span><\/span><span class='evcal_desc_info' ><\/span><span class='evcal_desc3'><span class='evcal_event_types ett1'><em><i>Tipo de Evento:<\/i><\/em><em data-filter='event_type'>Litoral e Interior Centro<\/em><i class='clear'><\/i><\/span><\/span><\/span><em class='clear'><\/em><\/p><\/a><div class='event_description evcal_eventcard ' style=\"display:none\"><div class='evo_metarow_details evorow evcal_evdata_row bordb evcal_event_details'>\r\n\t\t\t\t\t\t\t<div class=\"event_excerpt\" style=\"display:none\"><h3 class=\"padb5 evo_h3\">Detalhes do Evento<\/h3><p>\r\n  \r\n    Regulamento\r\n  \r\n  \r\n    <\/p><\/div><span class='evcal_evdata_icons'><i class='fa fa-align-justify'><\/i><\/span>\r\n\t\t\t\t\t\t\t\r\n\t\t\t\t\t\t\t<div class='evcal_evdata_cell '><div class='eventon_full_description'>\r\n\t\t\t\t\t\t\t\t\t<h3 class='padb5 evo_h3'><span class='evcal_evdata_icons'><i class='fa fa-align-justify'><\/i><\/span>Detalhes do Evento<\/h3><div class='eventon_desc_in' itemprop='description'>\r\n\t\t\t\t\t\t\t\t\t<div class=\"documents-list\">\n<div class=\"documents-list__item\">\n    <a href=\"https:\/\/api-files.federacao-triatlo.pt\/v1\/files\/2024\/events\/20241006FTP001\/event-files\/20241006FTP001-REG001-02.pdf\" target=\"_blank\" rel=\"noopener\"><span class=\"fa fa-file-pdf fa-2x\"><\/span><span class=\"documents-list__title\">Regulamento<\/span><\/a>\n  <\/div>\n<div class=\"documents-list__item\">\n    <a href=\"https:\/\/api-files.federacao-triatlo.pt\/v1\/files\/2024\/events\/20241006FTP001\/event-files\/20241006FTP001-MAP001-02.pdf\" target=\"_blank\" rel=\"noopener\"><span class=\"fa fa-file-pdf fa-2x\"><\/span><span class=\"documents-list__title\">Percursos<\/span><\/a>\n  <\/div>\n<div class=\"documents-list__item\">\n    <a href=\"https:\/\/api-files.federacao-triatlo.pt\/v1\/files\/2024\/events\/20241006FTP001\/event-files\/20241006FTP001-STL001-01.pdf\" target=\"_blank\" rel=\"noopener\"><span class=\"fa fa-list fa-2x\"><\/span><span class=\"documents-list__title\">Lista de Inscritos Campeonato Nacional de Clubes de Triatlo Longo<\/span><\/a>\n  <\/div>\n<\/div>\n<\/div><div class='clear'><\/div>\r\n\t\t\t\t\t\t\t\t<\/div>\r\n\t\t\t\t\t\t\t<\/div>\r\n\t\t\t\t\t\t<\/div><div class='evo_metarow_time evorow evcal_evdata_row bordb evcal_evrow_sm '>\r\n\t\t\t\t\t\t\t<span class='evcal_evdata_icons'><i class='fa fa-clock-o'><\/i><\/span>\r\n\t\t\t\t\t\t\t<div class='evcal_evdata_cell'>\t\t\t\t\t\t\t\r\n\t\t\t\t\t\t\t\t<h3 class='evo_h3'><span class='evcal_evdata_icons'><i class='fa fa-clock-o'><\/i><\/span>Hor\u00e1rio<\/h3><p>(Domingo) 12:02 - 12:02<\/p>\r\n\t\t\t\t\t\t\t<\/div>\r\n\t\t\t\t\t\t<\/div>\t\t\t\t\t\t<div class='evo_metarow_ICS evorow bordb evcal_evdata_row'>\r\n\t\t\t\t\t\t\t<span class=\"evcal_evdata_icons\"><i class=\"fa fa-calendar\"><\/i><\/span>\r\n\t\t\t\t\t\t\t<div class='evcal_evdata_cell'>\r\n\t\t\t\t\t\t\t\t<p><a href='https:\/\/www.federacao-triatlo.pt\/ftp2015\/wp-admin\/admin-ajax.php?action=eventon_ics_download&amp;event_id=99589&amp;sunix=20240512T110200Z&amp;eunix=20240512T110200Z&amp;loca=&amp;locn=' class='evo_ics_nCal' title='Adicionar ao seu calend\u00e1rio'>Calend\u00e1rio<\/a><a href='\/\/www.google.com\/calendar\/event?action=TEMPLATE&amp;text=V+Triatlo+das+Caldas+da+Rainha&amp;dates=20240512T110200Z\/20240512T110200Z&amp;details=%0D%0A++%0D%0A++++Regulamento%0D%0A++%0D%0A++%0D%0A++++&amp;location= - ' target='_blank' class='evo_ics_gCal' title='Adicionar ao calend\u00e1rio Google'>GoogleCal<\/a><\/p>\t\r\n\t\t\t\t\t\t\t<\/div>\t\t\t\t\t\t<\/div>\r\n\t\t\t\t\t\t<\/div><div class='clear end'><\/div><\/div><div id=\"event_99785\" class=\"eventon_list_event evo_eventtop past_event event\" data-event_id=\"99785\" data-time=\"1715526240-1715526240\" data-colr=\"#0092e0\" itemscope itemtype='http:\/\/schema.org\/Event' 6><div class=\"evo_event_schema\" style=\"display:none\" ><a itemprop='url'  href='https:\/\/www.federacao-triatlo.pt\/ftp2015\/events\/triatlo-do-fontelo\/'><\/a><span itemprop='name'  >Triatlo do Fontelo<\/span><meta itemprop='image' content='https:\/\/www.federacao-triatlo.pt\/ftp2015\/wp-content\/uploads\/2024\/03\/12MAIO_PUBLICACAO-300x300.jpg' ><\/meta><meta itemprop='description' content='\r\n  \r\n    Regulamento\r\n  \r\n  \r\n    ' ><\/meta><meta itemprop='startDate' content='2024-5-12' ><\/meta><meta itemprop='endDate' content='2024-5-12' ><\/meta><meta itemprop='eventStatus' content='on-schedule' ><\/meta><script type=\"application\/ld+json\">{\t\"@context\": \"http:\/\/schema.org\",\r\n\t\t\t\t\t\t\t  \t\"@type\": \"Event\",\r\n\t\t\t\t\t\t\t  \t\"name\": \"Triatlo do Fontelo\",\r\n\t\t\t\t\t\t\t  \t\"startDate\": \"2024-5-12T15-15-04-00\",\r\n\t\t\t\t\t\t\t  \t\"endDate\": \"2024-5-12T15-15-04-00\",\r\n\t\t\t\t\t\t\t  \t\"image\":\"https:\/\/www.federacao-triatlo.pt\/ftp2015\/wp-content\/uploads\/2024\/03\/12MAIO_PUBLICACAO-300x300.jpg\",\r\n\t\t\t\t\t\t\t  \t\"description\":\"\r\n  \r\n    Regulamento\r\n  \r\n  \r\n    \",\r\n\t\t\t\t\t\t\t  \t\r\n\t\t\t\t\t\t\t }\r\n\t\t\t\t\t\t\t<\/script><\/div>\r\n\t\t\t\t<p class=\"desc_trig_outter\"><a data-gmap_status=\"null\" data-exlk=\"0\" style=\"border-color: #0092e0;\" id=\"evc_171552624099785\" class=\"desc_trig evo_litoral-interior-norte-competicao-regional sin_val evcal_list_a\" data-ux_val=\"1\"  ><span class='evcal_cblock ' data-bgcolor='#0092e0' data-smon='Maio' data-syr='2024'><span class='evo_start '><em class='date'>12<\/em><em class='month'>mai<\/em><em class='time'>15:04<\/em><\/span><span class='evo_end only_time'><em class='time'>15:04<\/em><\/span><em class='clear'><\/em><\/span><span class='evcal_desc evo_info hide_eventtopdata '  data-location_status=\"false\" ><span class='evo_above_title'><\/span><span class='evcal_desc2 evcal_event_title' itemprop='name'>Triatlo do Fontelo<\/span><span class='evo_below_title'><span class='evcal_event_subtitle' >CAMPEONATO LITORAL E INTERIOR NORTE JOVEM<\/span><\/span><span class='evcal_desc_info' ><\/span><span class='evcal_desc3'><span class='evcal_event_types ett1'><em><i>Tipo de Evento:<\/i><\/em><em data-filter='event_type'>Litoral e Interior Norte<\/em><i class='clear'><\/i><\/span><\/span><\/span><em class='clear'><\/em><\/p><\/a><div class='event_description evcal_eventcard ' style=\"display:none\"><div class='evo_metarow_directimg'><img src='https:\/\/www.federacao-triatlo.pt\/ftp2015\/wp-content\/uploads\/2024\/03\/12MAIO_PUBLICACAO.jpg' \/><\/div><div class='evo_metarow_details evorow evcal_evdata_row bordb evcal_event_details'>\r\n\t\t\t\t\t\t\t<div class=\"event_excerpt\" style=\"display:none\"><h3 class=\"padb5 evo_h3\">Detalhes do Evento<\/h3><p>\r\n  \r\n    Regulamento\r\n  \r\n  \r\n    <\/p><\/div><span class='evcal_evdata_icons'><i class='fa fa-align-justify'><\/i><\/span>\r\n\t\t\t\t\t\t\t\r\n\t\t\t\t\t\t\t<div class='evcal_evdata_cell '><div class='eventon_full_description'>\r\n\t\t\t\t\t\t\t\t\t<h3 class='padb5 evo_h3'><span class='evcal_evdata_icons'><i class='fa fa-align-justify'><\/i><\/span>Detalhes do Evento<\/h3><div class='eventon_desc_in' itemprop='description'>\r\n\t\t\t\t\t\t\t\t\t<div class=\"documents-list\">\n<div class=\"documents-list__item\">\n    <a href=\"https:\/\/api-files.federacao-triatlo.pt\/v1\/files\/2024\/events\/20240512LIN001\/event-files\/20240512LIN001-REG001-01.pdf\" target=\"_blank\" rel=\"noopener\"><span class=\"fa fa-file-pdf fa-2x\"><\/span><span class=\"documents-list__title\">Regulamento<\/span><\/a>\n  <\/div>\n<div class=\"documents-list__item\">\n    <a href=\"https:\/\/api-files.federacao-triatlo.pt\/v1\/files\/2024\/events\/20240512LIN001\/event-files\/20240512LIN001-MAP001-01.pdf\" target=\"_blank\" rel=\"noopener\"><span class=\"fa fa-file-pdf fa-2x\"><\/span><span class=\"documents-list__title\">Percursos<\/span><\/a>\n  <\/div>\n<div class=\"documents-list__item\">\n    <a href=\"https:\/\/api-files.federacao-triatlo.pt\/v1\/files\/2024\/events\/20240512LIN001\/event-files\/20240512LIN001-STL001-02.pdf\" target=\"_blank\" rel=\"noopener\"><span class=\"fa fa-list fa-2x\"><\/span><span class=\"documents-list__title\">Lista de Inscritos Campeonato Litoral e Interior Norte Jovem<\/span><\/a>\n  <\/div>\n<\/div>\n<\/div><div class='clear'><\/div>\r\n\t\t\t\t\t\t\t\t<\/div>\r\n\t\t\t\t\t\t\t<\/div>\r\n\t\t\t\t\t\t<\/div><div class='evo_metarow_time evorow evcal_evdata_row bordb evcal_evrow_sm '>\r\n\t\t\t\t\t\t\t<span class='evcal_evdata_icons'><i class='fa fa-clock-o'><\/i><\/span>\r\n\t\t\t\t\t\t\t<div class='evcal_evdata_cell'>\t\t\t\t\t\t\t\r\n\t\t\t\t\t\t\t\t<h3 class='evo_h3'><span class='evcal_evdata_icons'><i class='fa fa-clock-o'><\/i><\/span>Hor\u00e1rio<\/h3><p>(Domingo) 15:04 - 15:04<\/p>\r\n\t\t\t\t\t\t\t<\/div>\r\n\t\t\t\t\t\t<\/div>\t\t\t\t\t\t<div class='evo_metarow_ICS evorow bordb evcal_evdata_row'>\r\n\t\t\t\t\t\t\t<span class=\"evcal_evdata_icons\"><i class=\"fa fa-calendar\"><\/i><\/span>\r\n\t\t\t\t\t\t\t<div class='evcal_evdata_cell'>\r\n\t\t\t\t\t\t\t\t<p><a href='https:\/\/www.federacao-triatlo.pt\/ftp2015\/wp-admin\/admin-ajax.php?action=eventon_ics_download&amp;event_id=99785&amp;sunix=20240512T140400Z&amp;eunix=20240512T140400Z&amp;loca=&amp;locn=' class='evo_ics_nCal' title='Adicionar ao seu calend\u00e1rio'>Calend\u00e1rio<\/a><a href='\/\/www.google.com\/calendar\/event?action=TEMPLATE&amp;text=Triatlo+do+Fontelo&amp;dates=20240512T140400Z\/20240512T140400Z&amp;details=%0D%0A++%0D%0A++++Regulamento%0D%0A++%0D%0A++%0D%0A++++&amp;location= - ' target='_blank' class='evo_ics_gCal' title='Adicionar ao calend\u00e1rio Google'>GoogleCal<\/a><\/p>\t\r\n\t\t\t\t\t\t\t<\/div>\t\t\t\t\t\t<\/div>\r\n\t\t\t\t\t\t<\/div><div class='clear end'><\/div><\/div><div id=\"event_99108\" class=\"eventon_list_event evo_eventtop past_event event\" data-event_id=\"99108\" data-time=\"1715990401-1716076799\" data-colr=\"#007230\" itemscope itemtype='http:\/\/schema.org\/Event' 7><div class=\"evo_event_schema\" style=\"display:none\" ><a itemprop='url'  href='https:\/\/www.federacao-triatlo.pt\/ftp2015\/events\/xii-triatlo-longo-de-caminha\/'><\/a><span itemprop='name'  >XII Triatlo Longo de Caminha<\/span><meta itemprop='image' content='https:\/\/www.federacao-triatlo.pt\/ftp2015\/wp-content\/uploads\/2023\/12\/image0-300x111.jpeg' ><\/meta><meta itemprop='description' content='\r\n  \r\n    Regulamento\r\n  \r\n  \r\n    ' ><\/meta><meta itemprop='startDate' content='2024-5-18' ><\/meta><meta itemprop='endDate' content='2024-5-18' ><\/meta><meta itemprop='eventStatus' content='on-schedule' ><\/meta><script type=\"application\/ld+json\">{\t\"@context\": \"http:\/\/schema.org\",\r\n\t\t\t\t\t\t\t  \t\"@type\": \"Event\",\r\n\t\t\t\t\t\t\t  \t\"name\": \"XII Triatlo Longo de Caminha\",\r\n\t\t\t\t\t\t\t  \t\"startDate\": \"2024-5-18T00-00-00-00\",\r\n\t\t\t\t\t\t\t  \t\"endDate\": \"2024-5-18T23-23-59-00\",\r\n\t\t\t\t\t\t\t  \t\"image\":\"https:\/\/www.federacao-triatlo.pt\/ftp2015\/wp-content\/uploads\/2023\/12\/image0-300x111.jpeg\",\r\n\t\t\t\t\t\t\t  \t\"description\":\"\r\n  \r\n    Regulamento\r\n  \r\n  \r\n    \",\r\n\t\t\t\t\t\t\t  \t\r\n\t\t\t\t\t\t\t }\r\n\t\t\t\t\t\t\t<\/script><\/div>\r\n\t\t\t\t<p class=\"desc_trig_outter\"><a data-gmap_status=\"null\" data-exlk=\"0\" style=\"border-color: #007230;\" id=\"evc_171599040199108\" class=\"desc_trig evo_competicao-nacional sin_val evcal_list_a\" data-ux_val=\"1\"  ><span class='evcal_cblock ' data-bgcolor='#007230' data-smon='Maio' data-syr='2024'><span class='evo_start '><em class='date'>18<\/em><em class='month'>mai<\/em><em class='time'>allday<\/em><\/span><span class='evo_end only_time'><em class='time'>allday<\/em><\/span><em class='clear'><\/em><\/span><span class='evcal_desc evo_info hide_eventtopdata '  data-location_status=\"false\" ><span class='evo_above_title'><\/span><span class='evcal_desc2 evcal_event_title' itemprop='name'>XII Triatlo Longo de Caminha<\/span><span class='evo_below_title'><span class='evcal_event_subtitle' >Campeonato Nacional Individual de Triatlo de M\u00e9dia Dist\u00e2ncia - Prova Aberta<\/span><\/span><span class='evcal_desc_info' ><\/span><span class='evcal_desc3'><span class='evcal_event_types ett1'><em><i>Tipo de Evento:<\/i><\/em><em data-filter='event_type'>Competi\u00e7\u00e3o Nacional<\/em><i class='clear'><\/i><\/span><\/span><\/span><em class='clear'><\/em><\/p><\/a><div class='event_description evcal_eventcard ' style=\"display:none\"><div class='evo_metarow_directimg'><img src='https:\/\/www.federacao-triatlo.pt\/ftp2015\/wp-content\/uploads\/2023\/12\/image0.jpeg' \/><\/div><div class='evo_metarow_details evorow evcal_evdata_row bordb evcal_event_details'>\r\n\t\t\t\t\t\t\t<div class=\"event_excerpt\" style=\"display:none\"><h3 class=\"padb5 evo_h3\">Detalhes do Evento<\/h3><p>\r\n  \r\n    Regulamento\r\n  \r\n  \r\n    <\/p><\/div><span class='evcal_evdata_icons'><i class='fa fa-align-justify'><\/i><\/span>\r\n\t\t\t\t\t\t\t\r\n\t\t\t\t\t\t\t<div class='evcal_evdata_cell '><div class='eventon_full_description'>\r\n\t\t\t\t\t\t\t\t\t<h3 class='padb5 evo_h3'><span class='evcal_evdata_icons'><i class='fa fa-align-justify'><\/i><\/span>Detalhes do Evento<\/h3><div class='eventon_desc_in' itemprop='description'>\r\n\t\t\t\t\t\t\t\t\t<div class=\"documents-list\">\n<div class=\"documents-list__item\">\n    <a href=\"https:\/\/api-files.federacao-triatlo.pt\/v1\/files\/2024\/events\/20240518FTP001\/event-files\/20240518FTP001-REG001-01.pdf\" target=\"_blank\" rel=\"noopener\"><span class=\"fa fa-file-pdf fa-2x\"><\/span><span class=\"documents-list__title\">Regulamento<\/span><\/a>\n  <\/div>\n<div class=\"documents-list__item\">\n    <a href=\"https:\/\/api-files.federacao-triatlo.pt\/v1\/files\/2024\/events\/20240518FTP001\/event-files\/20240518FTP001-MAP001-02.pdf\" target=\"_blank\" rel=\"noopener\"><span class=\"fa fa-file-pdf fa-2x\"><\/span><span class=\"documents-list__title\">Percursos do Campeonato Nacional Individual de M\u00e9dia Dist\u00e2ncia<\/span><\/a>\n  <\/div>\n<div class=\"documents-list__item\">\n    <a href=\"https:\/\/api-files.federacao-triatlo.pt\/v1\/files\/2024\/events\/20240518FTP001\/event-files\/20240518FTP001-MAP002-02.pdf\" target=\"_blank\" rel=\"noopener\"><span class=\"fa fa-file-pdf fa-2x\"><\/span><span class=\"documents-list__title\">Percursos da Prova Aberta<\/span><\/a>\n  <\/div>\n<div class=\"documents-list__item\">\n    <a href=\"https:\/\/api-files.federacao-triatlo.pt\/v1\/files\/2024\/events\/20240518FTP001\/event-files\/20240518FTP001-STL001-07.pdf\" target=\"_blank\" rel=\"noopener\"><span class=\"fa fa-list fa-2x\"><\/span><span class=\"documents-list__title\">Lista de Inscritos Campeonato Nacional Individual de M\u00e9dia Dist\u00e2ncia<\/span><\/a>\n  <\/div>\n<div class=\"documents-list__item\">\n    <a href=\"https:\/\/api-files.federacao-triatlo.pt\/v1\/files\/2024\/events\/20240518FTP001\/event-files\/20240518FTP001-STL002-07.pdf\" target=\"_blank\" rel=\"noopener\"><span class=\"fa fa-list fa-2x\"><\/span><span class=\"documents-list__title\">Lista de Inscritos Prova Aberta<\/span><\/a>\n  <\/div>\n<div class=\"documents-list__item\">\n    <a href=\"https:\/\/api-files.federacao-triatlo.pt\/v1\/files\/2024\/events\/20240518FTP001\/event-files\/20240518FTP001-STL003-01.pdf\" target=\"_blank\" rel=\"noopener\"><span class=\"fa fa-list fa-2x\"><\/span><span class=\"documents-list__title\">Lista de Inscritos Campeonato Nacional de Paratriatlo<\/span><\/a>\n  <\/div>\n<div class=\"documents-list__item\">\n    <a href=\"https:\/\/api-files.federacao-triatlo.pt\/v1\/files\/2024\/events\/20240518FTP001\/event-files\/20240518FTP001-GUI001-01.pdf\" target=\"_blank\" rel=\"noopener\"><span class=\"fa fa-file-pdf fa-2x\"><\/span><span class=\"documents-list__title\">Briefing<\/span><\/a>\n  <\/div>\n<\/div>\n<\/div><div class='clear'><\/div>\r\n\t\t\t\t\t\t\t\t<\/div>\r\n\t\t\t\t\t\t\t<\/div>\r\n\t\t\t\t\t\t<\/div><div class='evo_metarow_time evorow evcal_evdata_row bordb evcal_evrow_sm '>\r\n\t\t\t\t\t\t\t<span class='evcal_evdata_icons'><i class='fa fa-clock-o'><\/i><\/span>\r\n\t\t\t\t\t\t\t<div class='evcal_evdata_cell'>\t\t\t\t\t\t\t\r\n\t\t\t\t\t\t\t\t<h3 class='evo_h3'><span class='evcal_evdata_icons'><i class='fa fa-clock-o'><\/i><\/span>Hor\u00e1rio<\/h3><p>Todo o dia (S\u00e1bado)<\/p>\r\n\t\t\t\t\t\t\t<\/div>\r\n\t\t\t\t\t\t<\/div>\t\t\t\t\t\t<div class='evo_metarow_ICS evorow bordb evcal_evdata_row'>\r\n\t\t\t\t\t\t\t<span class=\"evcal_evdata_icons\"><i class=\"fa fa-calendar\"><\/i><\/span>\r\n\t\t\t\t\t\t\t<div class='evcal_evdata_cell'>\r\n\t\t\t\t\t\t\t\t<p><a href='https:\/\/www.federacao-triatlo.pt\/ftp2015\/wp-admin\/admin-ajax.php?action=eventon_ics_download&amp;event_id=99108&amp;sunix=20240517T230000Z&amp;eunix=20240518T225900Z&amp;loca=&amp;locn=' class='evo_ics_nCal' title='Adicionar ao seu calend\u00e1rio'>Calend\u00e1rio<\/a><a href='\/\/www.google.com\/calendar\/event?action=TEMPLATE&amp;text=XII+Triatlo+Longo+de+Caminha&amp;dates=20240517T230000Z\/20240518T225900Z&amp;details=%0D%0A++%0D%0A++++Regulamento%0D%0A++%0D%0A++%0D%0A++++&amp;location= - ' target='_blank' class='evo_ics_gCal' title='Adicionar ao calend\u00e1rio Google'>GoogleCal<\/a><\/p>\t\r\n\t\t\t\t\t\t\t<\/div>\t\t\t\t\t\t<\/div>\r\n\t\t\t\t\t\t<\/div><div class='clear end'><\/div><\/div><div id=\"event_99596\" class=\"eventon_list_event evo_eventtop past_event event\" data-event_id=\"99596\" data-time=\"1716639180-1716639180\" data-colr=\"#0092e0\" itemscope itemtype='http:\/\/schema.org\/Event' 8><div class=\"evo_event_schema\" style=\"display:none\" ><a itemprop='url'  href='https:\/\/www.federacao-triatlo.pt\/ftp2015\/events\/viii-duatlo-cross-da-amadora\/'><\/a><span itemprop='name'  >VIII Duatlo Cross da Amadora<\/span><meta itemprop='image'  ><\/meta><meta itemprop='description' content='\r\n  \r\n    Regulamento\r\n  \r\n  \r\n    ' ><\/meta><meta itemprop='startDate' content='2024-5-25' ><\/meta><meta itemprop='endDate' content='2024-5-25' ><\/meta><meta itemprop='eventStatus' content='on-schedule' ><\/meta><script type=\"application\/ld+json\">{\t\"@context\": \"http:\/\/schema.org\",\r\n\t\t\t\t\t\t\t  \t\"@type\": \"Event\",\r\n\t\t\t\t\t\t\t  \t\"name\": \"VIII Duatlo Cross da Amadora\",\r\n\t\t\t\t\t\t\t  \t\"startDate\": \"2024-5-25T12-12-13-00\",\r\n\t\t\t\t\t\t\t  \t\"endDate\": \"2024-5-25T12-12-13-00\",\r\n\t\t\t\t\t\t\t  \t\"image\":,\r\n\t\t\t\t\t\t\t  \t\"description\":\"\r\n  \r\n    Regulamento\r\n  \r\n  \r\n    \",\r\n\t\t\t\t\t\t\t  \t\r\n\t\t\t\t\t\t\t }\r\n\t\t\t\t\t\t\t<\/script><\/div>\r\n\t\t\t\t<p class=\"desc_trig_outter\"><a data-gmap_status=\"null\" data-exlk=\"0\" style=\"border-color: #0092e0;\" id=\"evc_171663918099596\" class=\"desc_trig evo_lisboa-alto-alentejo-competicao-regional sin_val evcal_list_a\" data-ux_val=\"1\"  ><span class='evcal_cblock ' data-bgcolor='#0092e0' data-smon='Maio' data-syr='2024'><span class='evo_start '><em class='date'>25<\/em><em class='month'>mai<\/em><em class='time'>12:13<\/em><\/span><span class='evo_end only_time'><em class='time'>12:13<\/em><\/span><em class='clear'><\/em><\/span><span class='evcal_desc evo_info hide_eventtopdata '  data-location_status=\"false\" ><span class='evo_above_title'><\/span><span class='evcal_desc2 evcal_event_title' itemprop='name'>VIII Duatlo Cross da Amadora<\/span><span class='evo_below_title'><span class='evcal_event_subtitle' >CAMPEONATO LISBOA E ALTO ALENTEJO JOVEM<\/span><\/span><span class='evcal_desc_info' ><\/span><span class='evcal_desc3'><span class='evcal_event_types ett1'><em><i>Tipo de Evento:<\/i><\/em><em data-filter='event_type'>Lisboa e Alto Alentejo<\/em><i class='clear'><\/i><\/span><\/span><\/span><em class='clear'><\/em><\/p><\/a><div class='event_description evcal_eventcard ' style=\"display:none\"><div class='evo_metarow_details evorow evcal_evdata_row bordb evcal_event_details'>\r\n\t\t\t\t\t\t\t<div class=\"event_excerpt\" style=\"display:none\"><h3 class=\"padb5 evo_h3\">Detalhes do Evento<\/h3><p>\r\n  \r\n    Regulamento\r\n  \r\n  \r\n    <\/p><\/div><span class='evcal_evdata_icons'><i class='fa fa-align-justify'><\/i><\/span>\r\n\t\t\t\t\t\t\t\r\n\t\t\t\t\t\t\t<div class='evcal_evdata_cell '><div class='eventon_full_description'>\r\n\t\t\t\t\t\t\t\t\t<h3 class='padb5 evo_h3'><span class='evcal_evdata_icons'><i class='fa fa-align-justify'><\/i><\/span>Detalhes do Evento<\/h3><div class='eventon_desc_in' itemprop='description'>\r\n\t\t\t\t\t\t\t\t\t<div class=\"documents-list\">\n<div class=\"documents-list__item\">\n    <a href=\"https:\/\/api-files.federacao-triatlo.pt\/v1\/files\/2024\/events\/20240525LAA001\/event-files\/20240525LAA001-REG001-01.pdf\" target=\"_blank\" rel=\"noopener\"><span class=\"fa fa-file-pdf fa-2x\"><\/span><span class=\"documents-list__title\">Regulamento<\/span><\/a>\n  <\/div>\n<div class=\"documents-list__item\">\n    <a href=\"https:\/\/api-files.federacao-triatlo.pt\/v1\/files\/2024\/events\/20240525LAA001\/event-files\/20240525LAA001-MAP001-01.pdf\" target=\"_blank\" rel=\"noopener\"><span class=\"fa fa-file-pdf fa-2x\"><\/span><span class=\"documents-list__title\">Percursos<\/span><\/a>\n  <\/div>\n<div class=\"documents-list__item\">\n    <a href=\"https:\/\/www.federacao-triatlo.pt\/ftp2015\/wp-content\/uploads\/2024\/02\/Anexo-B-DISTICO-DE-PARQUEAMENTO-PARA-ENTIDA.pdf\" target=\"_blank\" rel=\"noopener\"><span class=\"fa fa-pencil-square-o fa-2x\"><\/span><span class=\"documents-list__title\">Anexo B \u2013 D\u00cdSTICO DE PARQUEAMENTO<\/span><\/a>\n  <\/div>\n<div class=\"documents-list__item\">\n    <a href=\"https:\/\/api-files.federacao-triatlo.pt\/v1\/files\/2024\/events\/20240525LAA001\/event-files\/20240525LAA001-STL001-01.pdf\" target=\"_blank\" rel=\"noopener\"><span class=\"fa fa-list fa-2x\"><\/span><span class=\"documents-list__title\">Lista de Inscritos<\/span><\/a>\n  <\/div>\n<\/div>\n<\/div><div class='clear'><\/div>\r\n\t\t\t\t\t\t\t\t<\/div>\r\n\t\t\t\t\t\t\t<\/div>\r\n\t\t\t\t\t\t<\/div><div class='evo_metarow_time evorow evcal_evdata_row bordb evcal_evrow_sm '>\r\n\t\t\t\t\t\t\t<span class='evcal_evdata_icons'><i class='fa fa-clock-o'><\/i><\/span>\r\n\t\t\t\t\t\t\t<div class='evcal_evdata_cell'>\t\t\t\t\t\t\t\r\n\t\t\t\t\t\t\t\t<h3 class='evo_h3'><span class='evcal_evdata_icons'><i class='fa fa-clock-o'><\/i><\/span>Hor\u00e1rio<\/h3><p>(S\u00e1bado) 12:13 - 12:13<\/p>\r\n\t\t\t\t\t\t\t<\/div>\r\n\t\t\t\t\t\t<\/div>\t\t\t\t\t\t<div class='evo_metarow_ICS evorow bordb evcal_evdata_row'>\r\n\t\t\t\t\t\t\t<span class=\"evcal_evdata_icons\"><i class=\"fa fa-calendar\"><\/i><\/span>\r\n\t\t\t\t\t\t\t<div class='evcal_evdata_cell'>\r\n\t\t\t\t\t\t\t\t<p><a href='https:\/\/www.federacao-triatlo.pt\/ftp2015\/wp-admin\/admin-ajax.php?action=eventon_ics_download&amp;event_id=99596&amp;sunix=20240525T111300Z&amp;eunix=20240525T111300Z&amp;loca=&amp;locn=' class='evo_ics_nCal' title='Adicionar ao seu calend\u00e1rio'>Calend\u00e1rio<\/a><a href='\/\/www.google.com\/calendar\/event?action=TEMPLATE&amp;text=VIII+Duatlo+Cross+da+Amadora&amp;dates=20240525T111300Z\/20240525T111300Z&amp;details=%0D%0A++%0D%0A++++Regulamento%0D%0A++%0D%0A++%0D%0A++++&amp;location= - ' target='_blank' class='evo_ics_gCal' title='Adicionar ao calend\u00e1rio Google'>GoogleCal<\/a><\/p>\t\r\n\t\t\t\t\t\t\t<\/div>\t\t\t\t\t\t<\/div>\r\n\t\t\t\t\t\t<\/div><div class='clear end'><\/div><\/div><div id=\"event_99812\" class=\"eventon_list_event evo_eventtop past_event event\" data-event_id=\"99812\" data-time=\"1716719220-1716719220\" data-colr=\"#0092e0\" itemscope itemtype='http:\/\/schema.org\/Event' 9><div class=\"evo_event_schema\" style=\"display:none\" ><a itemprop='url'  href='https:\/\/www.federacao-triatlo.pt\/ftp2015\/events\/ix-triatlo-de-altura\/'><\/a><span itemprop='name'  >IX Triatlo de Altura<\/span><meta itemprop='image'  ><\/meta><meta itemprop='description' content='\r\n  \r\n    Regulamento\r\n  \r\n  \r\n    ' ><\/meta><meta itemprop='startDate' content='2024-5-26' ><\/meta><meta itemprop='endDate' content='2024-5-26' ><\/meta><meta itemprop='eventStatus' content='on-schedule' ><\/meta><script type=\"application\/ld+json\">{\t\"@context\": \"http:\/\/schema.org\",\r\n\t\t\t\t\t\t\t  \t\"@type\": \"Event\",\r\n\t\t\t\t\t\t\t  \t\"name\": \"IX Triatlo de Altura\",\r\n\t\t\t\t\t\t\t  \t\"startDate\": \"2024-5-26T10-10-27-00\",\r\n\t\t\t\t\t\t\t  \t\"endDate\": \"2024-5-26T10-10-27-00\",\r\n\t\t\t\t\t\t\t  \t\"image\":,\r\n\t\t\t\t\t\t\t  \t\"description\":\"\r\n  \r\n    Regulamento\r\n  \r\n  \r\n    \",\r\n\t\t\t\t\t\t\t  \t\r\n\t\t\t\t\t\t\t }\r\n\t\t\t\t\t\t\t<\/script><\/div>\r\n\t\t\t\t<p class=\"desc_trig_outter\"><a data-gmap_status=\"null\" data-exlk=\"0\" style=\"border-color: #0092e0;\" id=\"evc_171671922099812\" class=\"desc_trig evo_algarve-baixo-alentejo-competicao-regional sin_val evcal_list_a\" data-ux_val=\"1\"  ><span class='evcal_cblock ' data-bgcolor='#0092e0' data-smon='Maio' data-syr='2024'><span class='evo_start '><em class='date'>26<\/em><em class='month'>mai<\/em><em class='time'>10:27<\/em><\/span><span class='evo_end only_time'><em class='time'>10:27<\/em><\/span><em class='clear'><\/em><\/span><span class='evcal_desc evo_info hide_eventtopdata '  data-location_status=\"false\" ><span class='evo_above_title'><\/span><span class='evcal_desc2 evcal_event_title' itemprop='name'>IX Triatlo de Altura<\/span><span class='evo_below_title'><span class='evcal_event_subtitle' >CAMPEONATO ALGARVE E BAIXO ALENTEJO<\/span><\/span><span class='evcal_desc_info' ><\/span><span class='evcal_desc3'><span class='evcal_event_types ett1'><em><i>Tipo de Evento:<\/i><\/em><em data-filter='event_type'>Algarve e Baixo Alentejo<\/em><i class='clear'><\/i><\/span><\/span><\/span><em class='clear'><\/em><\/p><\/a><div class='event_description evcal_eventcard ' style=\"display:none\"><div class='evo_metarow_details evorow evcal_evdata_row bordb evcal_event_details'>\r\n\t\t\t\t\t\t\t<div class=\"event_excerpt\" style=\"display:none\"><h3 class=\"padb5 evo_h3\">Detalhes do Evento<\/h3><p>\r\n  \r\n    Regulamento\r\n  \r\n  \r\n    <\/p><\/div><span class='evcal_evdata_icons'><i class='fa fa-align-justify'><\/i><\/span>\r\n\t\t\t\t\t\t\t\r\n\t\t\t\t\t\t\t<div class='evcal_evdata_cell '><div class='eventon_full_description'>\r\n\t\t\t\t\t\t\t\t\t<h3 class='padb5 evo_h3'><span class='evcal_evdata_icons'><i class='fa fa-align-justify'><\/i><\/span>Detalhes do Evento<\/h3><div class='eventon_desc_in' itemprop='description'>\r\n\t\t\t\t\t\t\t\t\t<div class=\"documents-list\">\n<div class=\"documents-list__item\">\n    <a href=\"https:\/\/api-files.federacao-triatlo.pt\/v1\/files\/2024\/events\/20240526ABA001\/event-files\/20240526ABA001-REG001-02.pdf\" target=\"_blank\" rel=\"noopener\"><span class=\"fa fa-file-pdf fa-2x\"><\/span><span class=\"documents-list__title\">Regulamento<\/span><\/a>\n  <\/div>\n<div class=\"documents-list__item\">\n    <a href=\"https:\/\/api-files.federacao-triatlo.pt\/v1\/files\/2024\/events\/20240526ABA001\/event-files\/20240526ABA001-MAP001-01.pdf\" target=\"_blank\" rel=\"noopener\"><span class=\"fa fa-file-pdf fa-2x\"><\/span><span class=\"documents-list__title\">Percursos<\/span><\/a>\n  <\/div>\n<div class=\"documents-list__item\">\n    <a href=\"https:\/\/api-files.federacao-triatlo.pt\/v1\/files\/2024\/events\/20240526ABA001\/event-files\/20240526ABA001-STL001-01.pdf\" target=\"_blank\" rel=\"noopener\"><span class=\"fa fa-list fa-2x\"><\/span><span class=\"documents-list__title\">Lista de Inscritos<\/span><\/a>\n  <\/div>\n<\/div>\n<\/div><div class='clear'><\/div>\r\n\t\t\t\t\t\t\t\t<\/div>\r\n\t\t\t\t\t\t\t<\/div>\r\n\t\t\t\t\t\t<\/div><div class='evo_metarow_time evorow evcal_evdata_row bordb evcal_evrow_sm '>\r\n\t\t\t\t\t\t\t<span class='evcal_evdata_icons'><i class='fa fa-clock-o'><\/i><\/span>\r\n\t\t\t\t\t\t\t<div class='evcal_evdata_cell'>\t\t\t\t\t\t\t\r\n\t\t\t\t\t\t\t\t<h3 class='evo_h3'><span class='evcal_evdata_icons'><i class='fa fa-clock-o'><\/i><\/span>Hor\u00e1rio<\/h3><p>(Domingo) 10:27 - 10:27<\/p>\r\n\t\t\t\t\t\t\t<\/div>\r\n\t\t\t\t\t\t<\/div>\t\t\t\t\t\t<div class='evo_metarow_ICS evorow bordb evcal_evdata_row'>\r\n\t\t\t\t\t\t\t<span class=\"evcal_evdata_icons\"><i class=\"fa fa-calendar\"><\/i><\/span>\r\n\t\t\t\t\t\t\t<div class='evcal_evdata_cell'>\r\n\t\t\t\t\t\t\t\t<p><a href='https:\/\/www.federacao-triatlo.pt\/ftp2015\/wp-admin\/admin-ajax.php?action=eventon_ics_download&amp;event_id=99812&amp;sunix=20240526T092700Z&amp;eunix=20240526T092700Z&amp;loca=&amp;locn=' class='evo_ics_nCal' title='Adicionar ao seu calend\u00e1rio'>Calend\u00e1rio<\/a><a href='\/\/www.google.com\/calendar\/event?action=TEMPLATE&amp;text=IX+Triatlo+de+Altura&amp;dates=20240526T092700Z\/20240526T092700Z&amp;details=%0D%0A++%0D%0A++++Regulamento%0D%0A++%0D%0A++%0D%0A++++&amp;location= - ' target='_blank' class='evo_ics_gCal' title='Adicionar ao calend\u00e1rio Google'>GoogleCal<\/a><\/p>\t\r\n\t\t\t\t\t\t\t<\/div>\t\t\t\t\t\t<\/div>\r\n\t\t\t\t\t\t<\/div><div class='clear end'><\/div><\/div><\/div><div class='evcal_month_line'><p>Junho 2024<\/p><\/div><div id='evcal_list' class='evcal_list_month eventon_events_list '><div id=\"event_99109\" class=\"eventon_list_event evo_eventtop past_event event\" data-event_id=\"99109\" data-time=\"1717200001-1717286399\" data-colr=\"#007230\" itemscope itemtype='http:\/\/schema.org\/Event' 1><div class=\"evo_event_schema\" style=\"display:none\" ><a itemprop='url'  href='https:\/\/www.federacao-triatlo.pt\/ftp2015\/events\/xxxix-triatlo-cidade-de-peniche\/'><\/a><span itemprop='name'  >XXXIX Triatlo Cidade de Peniche<\/span><meta itemprop='image'  ><\/meta><meta itemprop='description' content='\r\n  \r\n    Regulamento\r\n  \r\n  \r\n    ' ><\/meta><meta itemprop='startDate' content='2024-6-1' ><\/meta><meta itemprop='endDate' content='2024-6-1' ><\/meta><meta itemprop='eventStatus' content='on-schedule' ><\/meta><script type=\"application\/ld+json\">{\t\"@context\": \"http:\/\/schema.org\",\r\n\t\t\t\t\t\t\t  \t\"@type\": \"Event\",\r\n\t\t\t\t\t\t\t  \t\"name\": \"XXXIX Triatlo Cidade de Peniche\",\r\n\t\t\t\t\t\t\t  \t\"startDate\": \"2024-6-1T00-00-00-00\",\r\n\t\t\t\t\t\t\t  \t\"endDate\": \"2024-6-1T23-23-59-00\",\r\n\t\t\t\t\t\t\t  \t\"image\":,\r\n\t\t\t\t\t\t\t  \t\"description\":\"\r\n  \r\n    Regulamento\r\n  \r\n  \r\n    \",\r\n\t\t\t\t\t\t\t  \t\r\n\t\t\t\t\t\t\t }\r\n\t\t\t\t\t\t\t<\/script><\/div>\r\n\t\t\t\t<p class=\"desc_trig_outter\"><a data-gmap_status=\"null\" data-exlk=\"0\" style=\"border-color: #007230;\" id=\"evc_171720000199109\" class=\"desc_trig evo_competicao-nacional sin_val evcal_list_a\" data-ux_val=\"1\"  ><span class='evcal_cblock ' data-bgcolor='#007230' data-smon='Junho' data-syr='2024'><span class='evo_start '><em class='date'>01<\/em><em class='month'>jun<\/em><em class='time'>allday<\/em><\/span><span class='evo_end only_time'><em class='time'>allday<\/em><\/span><em class='clear'><\/em><\/span><span class='evcal_desc evo_info hide_eventtopdata '  data-location_status=\"false\" ><span class='evo_above_title'><\/span><span class='evcal_desc2 evcal_event_title' itemprop='name'>XXXIX Triatlo Cidade de Peniche<\/span><span class='evo_below_title'><span class='evcal_event_subtitle' >Campeonato Nacional de Clubes de Triatlo - Campeonato Nacional Jovem<\/span><\/span><span class='evcal_desc_info' ><\/span><span class='evcal_desc3'><span class='evcal_event_types ett1'><em><i>Tipo de Evento:<\/i><\/em><em data-filter='event_type'>Competi\u00e7\u00e3o Nacional<\/em><i class='clear'><\/i><\/span><\/span><\/span><em class='clear'><\/em><\/p><\/a><div class='event_description evcal_eventcard ' style=\"display:none\"><div class='evo_metarow_details evorow evcal_evdata_row bordb evcal_event_details'>\r\n\t\t\t\t\t\t\t<div class=\"event_excerpt\" style=\"display:none\"><h3 class=\"padb5 evo_h3\">Detalhes do Evento<\/h3><p>\r\n  \r\n    Regulamento\r\n  \r\n  \r\n    <\/p><\/div><span class='evcal_evdata_icons'><i class='fa fa-align-justify'><\/i><\/span>\r\n\t\t\t\t\t\t\t\r\n\t\t\t\t\t\t\t<div class='evcal_evdata_cell '><div class='eventon_full_description'>\r\n\t\t\t\t\t\t\t\t\t<h3 class='padb5 evo_h3'><span class='evcal_evdata_icons'><i class='fa fa-align-justify'><\/i><\/span>Detalhes do Evento<\/h3><div class='eventon_desc_in' itemprop='description'>\r\n\t\t\t\t\t\t\t\t\t<div class=\"documents-list\">\n<div class=\"documents-list__item\">\n    <a href=\"https:\/\/api-files.federacao-triatlo.pt\/v1\/files\/2024\/events\/20240601FTP001\/event-files\/20240601FTP001-REG001-03.pdf\" target=\"_blank\" rel=\"noopener\"><span class=\"fa fa-file-pdf fa-2x\"><\/span><span class=\"documents-list__title\">Regulamento<\/span><\/a>\n  <\/div>\n<div class=\"documents-list__item\">\n    <a href=\"https:\/\/api-files.federacao-triatlo.pt\/v1\/files\/2024\/events\/20240601FTP001\/event-files\/20240601FTP001-MAP001-02.pdf\" target=\"_blank\" rel=\"noopener\"><span class=\"fa fa-file-pdf fa-2x\"><\/span><span class=\"documents-list__title\">Percursos do Campeonato Nacional de Clubes<\/span><\/a>\n  <\/div>\n<div class=\"documents-list__item\">\n    <a href=\"https:\/\/api-files.federacao-triatlo.pt\/v1\/files\/2024\/events\/20240601FTP001\/event-files\/20240601FTP001-MAP002-01.pdf\" target=\"_blank\" rel=\"noopener\"><span class=\"fa fa-file-pdf fa-2x\"><\/span><span class=\"documents-list__title\">Percursos do Campeonato Nacional Jovem<\/span><\/a>\n  <\/div>\n<div class=\"documents-list__item\">\n    <a href=\"https:\/\/api-files.federacao-triatlo.pt\/v1\/files\/2024\/events\/20240601FTP001\/event-files\/20240601FTP001-MAP003-02.pdf\" target=\"_blank\" rel=\"noopener\"><span class=\"fa fa-file-pdf fa-2x\"><\/span><span class=\"documents-list__title\">Percursos da Prova Aberta<\/span><\/a>\n  <\/div>\n<div class=\"documents-list__item\">\n    <a href=\"https:\/\/www.federacao-triatlo.pt\/ftp2015\/wp-content\/uploads\/2024\/05\/2024-06-01-triatlo-peniche-estacionamento.pdf\" target=\"_blank\" rel=\"noopener\"><span class=\"fa fa-map fa-2x\"><\/span><span class=\"documents-list__title\">Estacionamento Triatlo de Peniche<\/span><\/a>\n  <\/div>\n<div class=\"documents-list__item\">\n    <a href=\"https:\/\/api-files.federacao-triatlo.pt\/v1\/files\/2024\/events\/20240601FTP001\/event-files\/20240601FTP001-STL001-02.pdf\" target=\"_blank\" rel=\"noopener\"><span class=\"fa fa-list fa-2x\"><\/span><span class=\"documents-list__title\">Lista de Inscritos Campeonato Nacional de Clubes<\/span><\/a>\n  <\/div>\n<div class=\"documents-list__item\">\n    <a href=\"https:\/\/api-files.federacao-triatlo.pt\/v1\/files\/2024\/events\/20240601FTP001\/event-files\/20240601FTP001-STL002-01.pdf\" target=\"_blank\" rel=\"noopener\"><span class=\"fa fa-list fa-2x\"><\/span><span class=\"documents-list__title\">Lista de Inscritos Campeonato Nacional Universit\u00e1rio<\/span><\/a>\n  <\/div>\n<div class=\"documents-list__item\">\n    <a href=\"https:\/\/api-files.federacao-triatlo.pt\/v1\/files\/2024\/events\/20240601FTP001\/event-files\/20240601FTP001-STL003-02.pdf\" target=\"_blank\" rel=\"noopener\"><span class=\"fa fa-list fa-2x\"><\/span><span class=\"documents-list__title\">Lista de Inscritos Campeonato Nacional Jovem<\/span><\/a>\n  <\/div>\n<div class=\"documents-list__item\">\n    <a href=\"https:\/\/api-files.federacao-triatlo.pt\/v1\/files\/2024\/events\/20240601FTP001\/event-files\/20240601FTP001-STL004-02.pdf\" target=\"_blank\" rel=\"noopener\"><span class=\"fa fa-list fa-2x\"><\/span><span class=\"documents-list__title\">Lista de Inscritos Prova Aberta<\/span><\/a>\n  <\/div>\n<\/div>\n<\/div><div class='clear'><\/div>\r\n\t\t\t\t\t\t\t\t<\/div>\r\n\t\t\t\t\t\t\t<\/div>\r\n\t\t\t\t\t\t<\/div><div class='evo_metarow_time evorow evcal_evdata_row bordb evcal_evrow_sm '>\r\n\t\t\t\t\t\t\t<span class='evcal_evdata_icons'><i class='fa fa-clock-o'><\/i><\/span>\r\n\t\t\t\t\t\t\t<div class='evcal_evdata_cell'>\t\t\t\t\t\t\t\r\n\t\t\t\t\t\t\t\t<h3 class='evo_h3'><span class='evcal_evdata_icons'><i class='fa fa-clock-o'><\/i><\/span>Hor\u00e1rio<\/h3><p>Todo o dia (S\u00e1bado)<\/p>\r\n\t\t\t\t\t\t\t<\/div>\r\n\t\t\t\t\t\t<\/div>\t\t\t\t\t\t<div class='evo_metarow_ICS evorow bordb evcal_evdata_row'>\r\n\t\t\t\t\t\t\t<span class=\"evcal_evdata_icons\"><i class=\"fa fa-calendar\"><\/i><\/span>\r\n\t\t\t\t\t\t\t<div class='evcal_evdata_cell'>\r\n\t\t\t\t\t\t\t\t<p><a href='https:\/\/www.federacao-triatlo.pt\/ftp2015\/wp-admin\/admin-ajax.php?action=eventon_ics_download&amp;event_id=99109&amp;sunix=20240531T230000Z&amp;eunix=20240601T225900Z&amp;loca=&amp;locn=' class='evo_ics_nCal' title='Adicionar ao seu calend\u00e1rio'>Calend\u00e1rio<\/a><a href='\/\/www.google.com\/calendar\/event?action=TEMPLATE&amp;text=XXXIX+Triatlo+Cidade+de+Peniche&amp;dates=20240531T230000Z\/20240601T225900Z&amp;details=%0D%0A++%0D%0A++++Regulamento%0D%0A++%0D%0A++%0D%0A++++&amp;location= - ' target='_blank' class='evo_ics_gCal' title='Adicionar ao calend\u00e1rio Google'>GoogleCal<\/a><\/p>\t\r\n\t\t\t\t\t\t\t<\/div>\t\t\t\t\t\t<\/div>\r\n\t\t\t\t\t\t<\/div><div class='clear end'><\/div><\/div><div id=\"event_99110\" class=\"eventon_list_event evo_eventtop past_event event\" data-event_id=\"99110\" data-time=\"1717804801-1717891199\" data-colr=\"#007230\" itemscope itemtype='http:\/\/schema.org\/Event' 2><div class=\"evo_event_schema\" style=\"display:none\" ><a itemprop='url'  href='https:\/\/www.federacao-triatlo.pt\/ftp2015\/events\/ii-triatlo-de-coruche\/'><\/a><span itemprop='name'  >Triatlo de Coruche<\/span><meta itemprop='image' content='https:\/\/www.federacao-triatlo.pt\/ftp2015\/wp-content\/uploads\/2023\/12\/20240608FTP001-IMG001-01-212x300.jpg' ><\/meta><meta itemprop='description' content='\r\n  \r\n    Regulamento\r\n  \r\n  \r\n    ' ><\/meta><meta itemprop='startDate' content='2024-6-8' ><\/meta><meta itemprop='endDate' content='2024-6-8' ><\/meta><meta itemprop='eventStatus' content='on-schedule' ><\/meta><script type=\"application\/ld+json\">{\t\"@context\": \"http:\/\/schema.org\",\r\n\t\t\t\t\t\t\t  \t\"@type\": \"Event\",\r\n\t\t\t\t\t\t\t  \t\"name\": \"Triatlo de Coruche\",\r\n\t\t\t\t\t\t\t  \t\"startDate\": \"2024-6-8T00-00-00-00\",\r\n\t\t\t\t\t\t\t  \t\"endDate\": \"2024-6-8T23-23-59-00\",\r\n\t\t\t\t\t\t\t  \t\"image\":\"https:\/\/www.federacao-triatlo.pt\/ftp2015\/wp-content\/uploads\/2023\/12\/20240608FTP001-IMG001-01-212x300.jpg\",\r\n\t\t\t\t\t\t\t  \t\"description\":\"\r\n  \r\n    Regulamento\r\n  \r\n  \r\n    \",\r\n\t\t\t\t\t\t\t  \t\r\n\t\t\t\t\t\t\t }\r\n\t\t\t\t\t\t\t<\/script><\/div>\r\n\t\t\t\t<p class=\"desc_trig_outter\"><a data-gmap_status=\"null\" data-exlk=\"0\" style=\"border-color: #007230;\" id=\"evc_171780480199110\" class=\"desc_trig evo_competicao-nacional sin_val evcal_list_a\" data-ux_val=\"1\"  ><span class='evcal_cblock ' data-bgcolor='#007230' data-smon='Junho' data-syr='2024'><span class='evo_start '><em class='date'>08<\/em><em class='month'>jun<\/em><em class='time'>allday<\/em><\/span><span class='evo_end only_time'><em class='time'>allday<\/em><\/span><em class='clear'><\/em><\/span><span class='evcal_desc evo_info hide_eventtopdata '  data-location_status=\"false\" ><span class='evo_above_title'><\/span><span class='evcal_desc2 evcal_event_title' itemprop='name'>Triatlo de Coruche<\/span><span class='evo_below_title'><span class='evcal_event_subtitle' >Campeonato Nacional de Clubes de Estafetas Mistas - Campeonato Nacional Jovem<\/span><\/span><span class='evcal_desc_info' ><\/span><span class='evcal_desc3'><span class='evcal_event_types ett1'><em><i>Tipo de Evento:<\/i><\/em><em data-filter='event_type'>Competi\u00e7\u00e3o Nacional<\/em><i class='clear'><\/i><\/span><\/span><\/span><em class='clear'><\/em><\/p><\/a><div class='event_description evcal_eventcard ' style=\"display:none\"><div class='evo_metarow_directimg'><img src='https:\/\/www.federacao-triatlo.pt\/ftp2015\/wp-content\/uploads\/2023\/12\/20240608FTP001-IMG001-01-scaled.jpg' \/><\/div><div class='evo_metarow_details evorow evcal_evdata_row bordb evcal_event_details'>\r\n\t\t\t\t\t\t\t<div class=\"event_excerpt\" style=\"display:none\"><h3 class=\"padb5 evo_h3\">Detalhes do Evento<\/h3><p>\r\n  \r\n    Regulamento\r\n  \r\n  \r\n    <\/p><\/div><span class='evcal_evdata_icons'><i class='fa fa-align-justify'><\/i><\/span>\r\n\t\t\t\t\t\t\t\r\n\t\t\t\t\t\t\t<div class='evcal_evdata_cell '><div class='eventon_full_description'>\r\n\t\t\t\t\t\t\t\t\t<h3 class='padb5 evo_h3'><span class='evcal_evdata_icons'><i class='fa fa-align-justify'><\/i><\/span>Detalhes do Evento<\/h3><div class='eventon_desc_in' itemprop='description'>\r\n\t\t\t\t\t\t\t\t\t<div class=\"documents-list\">\n<div class=\"documents-list__item\">\n    <a href=\"https:\/\/api-files.federacao-triatlo.pt\/v1\/files\/2024\/events\/20240608FTP001\/event-files\/20240608FTP001-REG001-05.pdf\" target=\"_blank\" rel=\"noopener\"><span class=\"fa fa-file-pdf fa-2x\"><\/span><span class=\"documents-list__title\">Regulamento<\/span><\/a>\n  <\/div>\n<div class=\"documents-list__item\">\n    <a href=\"https:\/\/api-files.federacao-triatlo.pt\/v1\/files\/2024\/events\/20240608FTP001\/event-files\/20240608FTP001-MAP001-02.pdf\" target=\"_blank\" rel=\"noopener\"><span class=\"fa fa-file-pdf fa-2x\"><\/span><span class=\"documents-list__title\">Percursos do Campeonato Nacional de Clubes<\/span><\/a>\n  <\/div>\n<div class=\"documents-list__item\">\n    <a href=\"https:\/\/api-files.federacao-triatlo.pt\/v1\/files\/2024\/events\/20240608FTP001\/event-files\/20240608FTP001-MAP002-02.pdf\" target=\"_blank\" rel=\"noopener\"><span class=\"fa fa-file-pdf fa-2x\"><\/span><span class=\"documents-list__title\">Percursos do Campeonato Nacional Jovem &#8211; Agrupamento 1<\/span><\/a>\n  <\/div>\n<div class=\"documents-list__item\">\n    <a href=\"https:\/\/api-files.federacao-triatlo.pt\/v1\/files\/2024\/events\/20240608FTP001\/event-files\/20240608FTP001-MAP003-02.pdf\" target=\"_blank\" rel=\"noopener\"><span class=\"fa fa-file-pdf fa-2x\"><\/span><span class=\"documents-list__title\">Percursos do Campeonato Nacional Jovem &#8211; Agrupamento 2<\/span><\/a>\n  <\/div>\n<div class=\"documents-list__item\">\n    <a href=\"https:\/\/api-files.federacao-triatlo.pt\/v1\/files\/2024\/events\/20240608FTP001\/event-files\/20240608FTP001-STL001-02.pdf\" target=\"_blank\" rel=\"noopener\"><span class=\"fa fa-list fa-2x\"><\/span><span class=\"documents-list__title\">Lista de Inscritos Campeonato Nacional de Clubes de Estafetas Mistas<\/span><\/a>\n  <\/div>\n<div class=\"documents-list__item\">\n    <a href=\"https:\/\/api-files.federacao-triatlo.pt\/v1\/files\/2024\/events\/20240608FTP001\/event-files\/20240608FTP001-STL002-03.pdf\" target=\"_blank\" rel=\"noopener\"><span class=\"fa fa-list fa-2x\"><\/span><span class=\"documents-list__title\">Lista de Inscritos Campeonato Nacional Jovem<\/span><\/a>\n  <\/div>\n<\/div>\n<\/div><div class='clear'><\/div>\r\n\t\t\t\t\t\t\t\t<\/div>\r\n\t\t\t\t\t\t\t<\/div>\r\n\t\t\t\t\t\t<\/div><div class='evo_metarow_time evorow evcal_evdata_row bordb evcal_evrow_sm '>\r\n\t\t\t\t\t\t\t<span class='evcal_evdata_icons'><i class='fa fa-clock-o'><\/i><\/span>\r\n\t\t\t\t\t\t\t<div class='evcal_evdata_cell'>\t\t\t\t\t\t\t\r\n\t\t\t\t\t\t\t\t<h3 class='evo_h3'><span class='evcal_evdata_icons'><i class='fa fa-clock-o'><\/i><\/span>Hor\u00e1rio<\/h3><p>Todo o dia (S\u00e1bado)<\/p>\r\n\t\t\t\t\t\t\t<\/div>\r\n\t\t\t\t\t\t<\/div>\t\t\t\t\t\t<div class='evo_metarow_ICS evorow bordb evcal_evdata_row'>\r\n\t\t\t\t\t\t\t<span class=\"evcal_evdata_icons\"><i class=\"fa fa-calendar\"><\/i><\/span>\r\n\t\t\t\t\t\t\t<div class='evcal_evdata_cell'>\r\n\t\t\t\t\t\t\t\t<p><a href='https:\/\/www.federacao-triatlo.pt\/ftp2015\/wp-admin\/admin-ajax.php?action=eventon_ics_download&amp;event_id=99110&amp;sunix=20240607T230000Z&amp;eunix=20240608T225900Z&amp;loca=&amp;locn=' class='evo_ics_nCal' title='Adicionar ao seu calend\u00e1rio'>Calend\u00e1rio<\/a><a href='\/\/www.google.com\/calendar\/event?action=TEMPLATE&amp;text=Triatlo+de+Coruche&amp;dates=20240607T230000Z\/20240608T225900Z&amp;details=%0D%0A++%0D%0A++++Regulamento%0D%0A++%0D%0A++%0D%0A++++&amp;location= - ' target='_blank' class='evo_ics_gCal' title='Adicionar ao calend\u00e1rio Google'>GoogleCal<\/a><\/p>\t\r\n\t\t\t\t\t\t\t<\/div>\t\t\t\t\t\t<\/div>\r\n\t\t\t\t\t\t<\/div><div class='clear end'><\/div><\/div><div id=\"event_99111\" class=\"eventon_list_event evo_eventtop past_event event\" data-event_id=\"99111\" data-time=\"1718409601-1719100799\" data-colr=\"#ffd900\" itemscope itemtype='http:\/\/schema.org\/Event' 3><div class=\"evo_event_schema\" style=\"display:none\" ><a itemprop='url'  href='https:\/\/www.federacao-triatlo.pt\/ftp2015\/events\/multisport-european-championships\/'><\/a><span itemprop='name'  >Multisport European Championships<\/span><meta itemprop='image'  ><\/meta><meta itemprop='description' content='Multisport European Championships' ><\/meta><meta itemprop='startDate' content='2024-6-15' ><\/meta><meta itemprop='endDate' content='2024-6-22' ><\/meta><meta itemprop='eventStatus' content='on-schedule' ><\/meta><script type=\"application\/ld+json\">{\t\"@context\": \"http:\/\/schema.org\",\r\n\t\t\t\t\t\t\t  \t\"@type\": \"Event\",\r\n\t\t\t\t\t\t\t  \t\"name\": \"Multisport European Championships\",\r\n\t\t\t\t\t\t\t  \t\"startDate\": \"2024-6-15T00-00-00-00\",\r\n\t\t\t\t\t\t\t  \t\"endDate\": \"2024-6-22T23-23-59-00\",\r\n\t\t\t\t\t\t\t  \t\"image\":,\r\n\t\t\t\t\t\t\t  \t\"description\":\"Multisport European Championships\",\r\n\t\t\t\t\t\t\t  \t\r\n\t\t\t\t\t\t\t }\r\n\t\t\t\t\t\t\t<\/script><\/div>\r\n\t\t\t\t<p class=\"desc_trig_outter\"><a data-gmap_status=\"null\" data-exlk=\"0\" style=\"border-color: #ffd900;\" id=\"evc_171840960199111\" class=\"desc_trig evo_competicao-internacional mul_val evcal_list_a\" data-ux_val=\"1\"  ><span class='evcal_cblock ' data-bgcolor='#ffd900' data-smon='Junho' data-syr='2024'><span class='evo_start '><em class='date'>15<\/em><em class='month'>jun<\/em><em class='time'>allday<\/em><\/span><span class='evo_end '><em class='date'>22<\/em><em class='time'>allday<\/em><\/span><em class='clear'><\/em><\/span><span class='evcal_desc evo_info hide_eventtopdata '  data-location_status=\"false\" ><span class='evo_above_title'><\/span><span class='evcal_desc2 evcal_event_title' itemprop='name'>Multisport European Championships<\/span><span class='evo_below_title'><\/span><span class='evcal_desc_info' ><\/span><span class='evcal_desc3'><span class='evcal_event_types ett1'><em><i>Tipo de Evento:<\/i><\/em><em data-filter='event_type'>Competi\u00e7\u00e3o Internacional<\/em><i class='clear'><\/i><\/span><\/span><\/span><em class='clear'><\/em><\/p><\/a><div class='event_description evcal_eventcard ' style=\"display:none\"><div class='evo_metarow_time evorow evcal_evdata_row bordb evcal_evrow_sm '>\r\n\t\t\t\t\t\t\t<span class='evcal_evdata_icons'><i class='fa fa-clock-o'><\/i><\/span>\r\n\t\t\t\t\t\t\t<div class='evcal_evdata_cell'>\t\t\t\t\t\t\t\r\n\t\t\t\t\t\t\t\t<h3 class='evo_h3'><span class='evcal_evdata_icons'><i class='fa fa-clock-o'><\/i><\/span>Hor\u00e1rio<\/h3><p>Junho 15 (S\u00e1bado) - 22 (S\u00e1bado)<\/p>\r\n\t\t\t\t\t\t\t<\/div>\r\n\t\t\t\t\t\t<\/div>\t\t\t\t\t\t<div class='evo_metarow_ICS evorow bordb evcal_evdata_row'>\r\n\t\t\t\t\t\t\t<span class=\"evcal_evdata_icons\"><i class=\"fa fa-calendar\"><\/i><\/span>\r\n\t\t\t\t\t\t\t<div class='evcal_evdata_cell'>\r\n\t\t\t\t\t\t\t\t<p><a href='https:\/\/www.federacao-triatlo.pt\/ftp2015\/wp-admin\/admin-ajax.php?action=eventon_ics_download&amp;event_id=99111&amp;sunix=20240614T230000Z&amp;eunix=20240622T225900Z&amp;loca=&amp;locn=' class='evo_ics_nCal' title='Adicionar ao seu calend\u00e1rio'>Calend\u00e1rio<\/a><a href='\/\/www.google.com\/calendar\/event?action=TEMPLATE&amp;text=Multisport+European+Championships&amp;dates=20240614T230000Z\/20240622T225900Z&amp;details=Multisport+European+Championships&amp;location= - ' target='_blank' class='evo_ics_gCal' title='Adicionar ao calend\u00e1rio Google'>GoogleCal<\/a><\/p>\t\r\n\t\t\t\t\t\t\t<\/div>\t\t\t\t\t\t<\/div>\r\n\t\t\t\t\t\t<\/div><div class='clear end'><\/div><\/div><div id=\"event_99820\" class=\"eventon_list_event evo_eventtop past_event event\" data-event_id=\"99820\" data-time=\"1718448060-1718448060\" data-colr=\"#0092e0\" itemscope itemtype='http:\/\/schema.org\/Event' 4><div class=\"evo_event_schema\" style=\"display:none\" ><a itemprop='url'  href='https:\/\/www.federacao-triatlo.pt\/ftp2015\/events\/vi-aquatlo-jovem-de-alvor\/'><\/a><span itemprop='name'  >VI Aquatlo Jovem de Alvor<\/span><meta itemprop='image' content='https:\/\/www.federacao-triatlo.pt\/ftp2015\/wp-content\/uploads\/2024\/03\/PROVA-AQUATLO-VI_page-0001-212x300.jpg' ><\/meta><meta itemprop='description' content='\r\n  \r\n    Regulamento\r\n  \r\n  \r\n    ' ><\/meta><meta itemprop='startDate' content='2024-6-15' ><\/meta><meta itemprop='endDate' content='2024-6-15' ><\/meta><meta itemprop='eventStatus' content='on-schedule' ><\/meta><script type=\"application\/ld+json\">{\t\"@context\": \"http:\/\/schema.org\",\r\n\t\t\t\t\t\t\t  \t\"@type\": \"Event\",\r\n\t\t\t\t\t\t\t  \t\"name\": \"VI Aquatlo Jovem de Alvor\",\r\n\t\t\t\t\t\t\t  \t\"startDate\": \"2024-6-15T10-10-41-00\",\r\n\t\t\t\t\t\t\t  \t\"endDate\": \"2024-6-15T10-10-41-00\",\r\n\t\t\t\t\t\t\t  \t\"image\":\"https:\/\/www.federacao-triatlo.pt\/ftp2015\/wp-content\/uploads\/2024\/03\/PROVA-AQUATLO-VI_page-0001-212x300.jpg\",\r\n\t\t\t\t\t\t\t  \t\"description\":\"\r\n  \r\n    Regulamento\r\n  \r\n  \r\n    \",\r\n\t\t\t\t\t\t\t  \t\r\n\t\t\t\t\t\t\t }\r\n\t\t\t\t\t\t\t<\/script><\/div>\r\n\t\t\t\t<p class=\"desc_trig_outter\"><a data-gmap_status=\"null\" data-exlk=\"0\" style=\"border-color: #0092e0;\" id=\"evc_171844806099820\" class=\"desc_trig evo_algarve-baixo-alentejo-competicao-regional sin_val evcal_list_a\" data-ux_val=\"1\"  ><span class='evcal_cblock ' data-bgcolor='#0092e0' data-smon='Junho' data-syr='2024'><span class='evo_start '><em class='date'>15<\/em><em class='month'>jun<\/em><em class='time'>10:41<\/em><\/span><span class='evo_end only_time'><em class='time'>10:41<\/em><\/span><em class='clear'><\/em><\/span><span class='evcal_desc evo_info hide_eventtopdata '  data-location_status=\"false\" ><span class='evo_above_title'><\/span><span class='evcal_desc2 evcal_event_title' itemprop='name'>VI Aquatlo Jovem de Alvor<\/span><span class='evo_below_title'><span class='evcal_event_subtitle' > CAMPEONATO ALGARVE E BAIXO ALENTEJO JOVEM<\/span><\/span><span class='evcal_desc_info' ><\/span><span class='evcal_desc3'><span class='evcal_event_types ett1'><em><i>Tipo de Evento:<\/i><\/em><em data-filter='event_type'>Algarve e Baixo Alentejo<\/em><i class='clear'><\/i><\/span><\/span><\/span><em class='clear'><\/em><\/p><\/a><div class='event_description evcal_eventcard ' style=\"display:none\"><div class='evo_metarow_directimg'><img src='https:\/\/www.federacao-triatlo.pt\/ftp2015\/wp-content\/uploads\/2024\/03\/PROVA-AQUATLO-VI_page-0001.jpg' \/><\/div><div class='evo_metarow_details evorow evcal_evdata_row bordb evcal_event_details'>\r\n\t\t\t\t\t\t\t<div class=\"event_excerpt\" style=\"display:none\"><h3 class=\"padb5 evo_h3\">Detalhes do Evento<\/h3><p>\r\n  \r\n    Regulamento\r\n  \r\n  \r\n    <\/p><\/div><span class='evcal_evdata_icons'><i class='fa fa-align-justify'><\/i><\/span>\r\n\t\t\t\t\t\t\t\r\n\t\t\t\t\t\t\t<div class='evcal_evdata_cell '><div class='eventon_full_description'>\r\n\t\t\t\t\t\t\t\t\t<h3 class='padb5 evo_h3'><span class='evcal_evdata_icons'><i class='fa fa-align-justify'><\/i><\/span>Detalhes do Evento<\/h3><div class='eventon_desc_in' itemprop='description'>\r\n\t\t\t\t\t\t\t\t\t<div class=\"documents-list\">\n<div class=\"documents-list__item\">\n    <a href=\"https:\/\/api-files.federacao-triatlo.pt\/v1\/files\/2024\/events\/20240615ABA001\/event-files\/20240615ABA001-REG001-01.pdf\" target=\"_blank\" rel=\"noopener\"><span class=\"fa fa-file-pdf fa-2x\"><\/span><span class=\"documents-list__title\">Regulamento<\/span><\/a>\n  <\/div>\n<div class=\"documents-list__item\">\n    <a href=\"https:\/\/api-files.federacao-triatlo.pt\/v1\/files\/2024\/events\/20240615ABA001\/event-files\/20240615ABA001-MAP001-01.pdf\" target=\"_blank\" rel=\"noopener\"><span class=\"fa fa-file-pdf fa-2x\"><\/span><span class=\"documents-list__title\">Percursos<\/span><\/a>\n  <\/div>\n<div class=\"documents-list__item\">\n    <a href=\"https:\/\/api-files.federacao-triatlo.pt\/v1\/files\/2024\/events\/20240615ABA001\/event-files\/20240615ABA001-STL001-02.pdf\" target=\"_blank\" rel=\"noopener\"><span class=\"fa fa-list fa-2x\"><\/span><span class=\"documents-list__title\">Lista de Inscritos Campeonato Algarve e Baixo Alentejo Jovem<\/span><\/a>\n  <\/div>\n<\/div>\n<\/div><div class='clear'><\/div>\r\n\t\t\t\t\t\t\t\t<\/div>\r\n\t\t\t\t\t\t\t<\/div>\r\n\t\t\t\t\t\t<\/div><div class='evo_metarow_time evorow evcal_evdata_row bordb evcal_evrow_sm '>\r\n\t\t\t\t\t\t\t<span class='evcal_evdata_icons'><i class='fa fa-clock-o'><\/i><\/span>\r\n\t\t\t\t\t\t\t<div class='evcal_evdata_cell'>\t\t\t\t\t\t\t\r\n\t\t\t\t\t\t\t\t<h3 class='evo_h3'><span class='evcal_evdata_icons'><i class='fa fa-clock-o'><\/i><\/span>Hor\u00e1rio<\/h3><p>(S\u00e1bado) 10:41 - 10:41<\/p>\r\n\t\t\t\t\t\t\t<\/div>\r\n\t\t\t\t\t\t<\/div>\t\t\t\t\t\t<div class='evo_metarow_ICS evorow bordb evcal_evdata_row'>\r\n\t\t\t\t\t\t\t<span class=\"evcal_evdata_icons\"><i class=\"fa fa-calendar\"><\/i><\/span>\r\n\t\t\t\t\t\t\t<div class='evcal_evdata_cell'>\r\n\t\t\t\t\t\t\t\t<p><a href='https:\/\/www.federacao-triatlo.pt\/ftp2015\/wp-admin\/admin-ajax.php?action=eventon_ics_download&amp;event_id=99820&amp;sunix=20240615T094100Z&amp;eunix=20240615T094100Z&amp;loca=&amp;locn=' class='evo_ics_nCal' title='Adicionar ao seu calend\u00e1rio'>Calend\u00e1rio<\/a><a href='\/\/www.google.com\/calendar\/event?action=TEMPLATE&amp;text=VI+Aquatlo+Jovem+de+Alvor&amp;dates=20240615T094100Z\/20240615T094100Z&amp;details=%0D%0A++%0D%0A++++Regulamento%0D%0A++%0D%0A++%0D%0A++++&amp;location= - ' target='_blank' class='evo_ics_gCal' title='Adicionar ao calend\u00e1rio Google'>GoogleCal<\/a><\/p>\t\r\n\t\t\t\t\t\t\t<\/div>\t\t\t\t\t\t<\/div>\r\n\t\t\t\t\t\t<\/div><div class='clear end'><\/div><\/div><div id=\"event_99112\" class=\"eventon_list_event evo_eventtop past_event event\" data-event_id=\"99112\" data-time=\"1719100800-1719187140\" data-colr=\"#007230\" itemscope itemtype='http:\/\/schema.org\/Event' 5><div class=\"evo_event_schema\" style=\"display:none\" ><a itemprop='url'  href='https:\/\/www.federacao-triatlo.pt\/ftp2015\/events\/multisport-coimbra-2024\/'><\/a><span itemprop='name'  >Multisport Coimbra<\/span><meta itemprop='image'  ><\/meta><meta itemprop='description' content='\r\n  \r\n    Regulamento\r\n  \r\n  \r\n    ' ><\/meta><meta itemprop='startDate' content='2024-6-23' ><\/meta><meta itemprop='endDate' content='2024-6-23' ><\/meta><meta itemprop='eventStatus' content='on-schedule' ><\/meta><script type=\"application\/ld+json\">{\t\"@context\": \"http:\/\/schema.org\",\r\n\t\t\t\t\t\t\t  \t\"@type\": \"Event\",\r\n\t\t\t\t\t\t\t  \t\"name\": \"Multisport Coimbra\",\r\n\t\t\t\t\t\t\t  \t\"startDate\": \"2024-6-23T00-00-00-00\",\r\n\t\t\t\t\t\t\t  \t\"endDate\": \"2024-6-23T23-23-59-00\",\r\n\t\t\t\t\t\t\t  \t\"image\":,\r\n\t\t\t\t\t\t\t  \t\"description\":\"\r\n  \r\n    Regulamento\r\n  \r\n  \r\n    \",\r\n\t\t\t\t\t\t\t  \t\r\n\t\t\t\t\t\t\t }\r\n\t\t\t\t\t\t\t<\/script><\/div>\r\n\t\t\t\t<p class=\"desc_trig_outter\"><a data-gmap_status=\"null\" data-exlk=\"0\" style=\"border-color: #007230;\" id=\"evc_171910080099112\" class=\"desc_trig evo_competicao-nacional sin_val evcal_list_a\" data-ux_val=\"1\"  ><span class='evcal_cblock ' data-bgcolor='#007230' data-smon='Junho' data-syr='2024'><span class='evo_start '><em class='date'>23<\/em><em class='month'>jun<\/em><em class='time'>0:00<\/em><\/span><span class='evo_end only_time'><em class='time'>23:59<\/em><\/span><em class='clear'><\/em><\/span><span class='evcal_desc evo_info hide_eventtopdata '  data-location_status=\"false\" ><span class='evo_above_title'><\/span><span class='evcal_desc2 evcal_event_title' itemprop='name'>Multisport Coimbra<\/span><span class='evo_below_title'><span class='evcal_event_subtitle' >Campeonato Nacional Individual de Triatlo de Longa Dist\u00e2ncia<\/span><\/span><span class='evcal_desc_info' ><\/span><span class='evcal_desc3'><span class='evcal_event_types ett1'><em><i>Tipo de Evento:<\/i><\/em><em data-filter='event_type'>Competi\u00e7\u00e3o Nacional<\/em><i class='clear'><\/i><\/span><\/span><\/span><em class='clear'><\/em><\/p><\/a><div class='event_description evcal_eventcard ' style=\"display:none\"><div class='evo_metarow_details evorow evcal_evdata_row bordb evcal_event_details'>\r\n\t\t\t\t\t\t\t<div class=\"event_excerpt\" style=\"display:none\"><h3 class=\"padb5 evo_h3\">Detalhes do Evento<\/h3><p>\r\n  \r\n    Regulamento\r\n  \r\n  \r\n    <\/p><\/div><span class='evcal_evdata_icons'><i class='fa fa-align-justify'><\/i><\/span>\r\n\t\t\t\t\t\t\t\r\n\t\t\t\t\t\t\t<div class='evcal_evdata_cell '><div class='eventon_full_description'>\r\n\t\t\t\t\t\t\t\t\t<h3 class='padb5 evo_h3'><span class='evcal_evdata_icons'><i class='fa fa-align-justify'><\/i><\/span>Detalhes do Evento<\/h3><div class='eventon_desc_in' itemprop='description'>\r\n\t\t\t\t\t\t\t\t\t<div class=\"documents-list\">\n<div class=\"documents-list__item\">\n    <a href=\"https:\/\/api-files.federacao-triatlo.pt\/v1\/files\/2024\/events\/20240623FTP001\/event-files\/20240623FTP001-REG001-01.pdf\" target=\"_blank\" rel=\"noopener\"><span class=\"fa fa-file-pdf fa-2x\"><\/span><span class=\"documents-list__title\">Regulamento<\/span><\/a>\n  <\/div>\n<div class=\"documents-list__item\">\n    <a href=\"https:\/\/api-files.federacao-triatlo.pt\/v1\/files\/2024\/events\/20240623FTP001\/event-files\/20240623FTP001-STL001-02.pdf\" target=\"_blank\" rel=\"noopener\"><span class=\"fa fa-list fa-2x\"><\/span><span class=\"documents-list__title\">Lista de Inscritos Campeonato Nacional Individual de Triatlo de Longa Dist\u00e2ncia<\/span><\/a>\n  <\/div>\n<\/div>\n<\/div><div class='clear'><\/div>\r\n\t\t\t\t\t\t\t\t<\/div>\r\n\t\t\t\t\t\t\t<\/div>\r\n\t\t\t\t\t\t<\/div><div class='evo_metarow_time evorow evcal_evdata_row bordb evcal_evrow_sm '>\r\n\t\t\t\t\t\t\t<span class='evcal_evdata_icons'><i class='fa fa-clock-o'><\/i><\/span>\r\n\t\t\t\t\t\t\t<div class='evcal_evdata_cell'>\t\t\t\t\t\t\t\r\n\t\t\t\t\t\t\t\t<h3 class='evo_h3'><span class='evcal_evdata_icons'><i class='fa fa-clock-o'><\/i><\/span>Hor\u00e1rio<\/h3><p>(Domingo) 0:00 - 23:59<\/p>\r\n\t\t\t\t\t\t\t<\/div>\r\n\t\t\t\t\t\t<\/div>\t\t\t\t\t\t<div class='evo_metarow_ICS evorow bordb evcal_evdata_row'>\r\n\t\t\t\t\t\t\t<span class=\"evcal_evdata_icons\"><i class=\"fa fa-calendar\"><\/i><\/span>\r\n\t\t\t\t\t\t\t<div class='evcal_evdata_cell'>\r\n\t\t\t\t\t\t\t\t<p><a href='https:\/\/www.federacao-triatlo.pt\/ftp2015\/wp-admin\/admin-ajax.php?action=eventon_ics_download&amp;event_id=99112&amp;sunix=20240622T230000Z&amp;eunix=20240623T225900Z&amp;loca=&amp;locn=' class='evo_ics_nCal' title='Adicionar ao seu calend\u00e1rio'>Calend\u00e1rio<\/a><a href='\/\/www.google.com\/calendar\/event?action=TEMPLATE&amp;text=Multisport+Coimbra&amp;dates=20240622T230000Z\/20240623T225900Z&amp;details=%0D%0A++%0D%0A++++Regulamento%0D%0A++%0D%0A++%0D%0A++++&amp;location= - ' target='_blank' class='evo_ics_gCal' title='Adicionar ao calend\u00e1rio Google'>GoogleCal<\/a><\/p>\t\r\n\t\t\t\t\t\t\t<\/div>\t\t\t\t\t\t<\/div>\r\n\t\t\t\t\t\t<\/div><div class='clear end'><\/div><\/div><div id=\"event_99584\" class=\"eventon_list_event evo_eventtop past_event event\" data-event_id=\"99584\" data-time=\"1719662040-1719662040\" data-colr=\"#0092e0\" itemscope itemtype='http:\/\/schema.org\/Event' 6><div class=\"evo_event_schema\" style=\"display:none\" ><a itemprop='url'  href='https:\/\/www.federacao-triatlo.pt\/ftp2015\/events\/ii-triatlo-da-casconha\/'><\/a><span itemprop='name'  >II Triatlo da Casconha & I Aquatlo Jovem da Casconha<\/span><meta itemprop='image'  ><\/meta><meta itemprop='description' content='\r\n  \r\n    Regulamento\r\n  \r\n  \r\n    ' ><\/meta><meta itemprop='startDate' content='2024-6-29' ><\/meta><meta itemprop='endDate' content='2024-6-29' ><\/meta><meta itemprop='eventStatus' content='on-schedule' ><\/meta><script type=\"application\/ld+json\">{\t\"@context\": \"http:\/\/schema.org\",\r\n\t\t\t\t\t\t\t  \t\"@type\": \"Event\",\r\n\t\t\t\t\t\t\t  \t\"name\": \"II Triatlo da Casconha & I Aquatlo Jovem da Casconha\",\r\n\t\t\t\t\t\t\t  \t\"startDate\": \"2024-6-29T11-11-54-00\",\r\n\t\t\t\t\t\t\t  \t\"endDate\": \"2024-6-29T11-11-54-00\",\r\n\t\t\t\t\t\t\t  \t\"image\":,\r\n\t\t\t\t\t\t\t  \t\"description\":\"\r\n  \r\n    Regulamento\r\n  \r\n  \r\n    \",\r\n\t\t\t\t\t\t\t  \t\r\n\t\t\t\t\t\t\t }\r\n\t\t\t\t\t\t\t<\/script><\/div>\r\n\t\t\t\t<p class=\"desc_trig_outter\"><a data-gmap_status=\"null\" data-exlk=\"0\" style=\"border-color: #0092e0;\" id=\"evc_171966204099584\" class=\"desc_trig evo_litoral-interior-centro-competicao-regional sin_val evcal_list_a\" data-ux_val=\"1\"  ><span class='evcal_cblock ' data-bgcolor='#0092e0' data-smon='Junho' data-syr='2024'><span class='evo_start '><em class='date'>29<\/em><em class='month'>jun<\/em><em class='time'>11:54<\/em><\/span><span class='evo_end only_time'><em class='time'>11:54<\/em><\/span><em class='clear'><\/em><\/span><span class='evcal_desc evo_info hide_eventtopdata '  data-location_status=\"false\" ><span class='evo_above_title'><\/span><span class='evcal_desc2 evcal_event_title' itemprop='name'>II Triatlo da Casconha & I Aquatlo Jovem da Casconha<\/span><span class='evo_below_title'><span class='evcal_event_subtitle' >CAMPEONATO LITORAL E INTERIOR CENTRO - CAMPEONATO LITORAL E INTERIOR CENTRO JOVEM<\/span><\/span><span class='evcal_desc_info' ><\/span><span class='evcal_desc3'><span class='evcal_event_types ett1'><em><i>Tipo de Evento:<\/i><\/em><em data-filter='event_type'>Litoral e Interior Centro<\/em><i class='clear'><\/i><\/span><\/span><\/span><em class='clear'><\/em><\/p><\/a><div class='event_description evcal_eventcard ' style=\"display:none\"><div class='evo_metarow_details evorow evcal_evdata_row bordb evcal_event_details'>\r\n\t\t\t\t\t\t\t<div class=\"event_excerpt\" style=\"display:none\"><h3 class=\"padb5 evo_h3\">Detalhes do Evento<\/h3><p>\r\n  \r\n    Regulamento\r\n  \r\n  \r\n    <\/p><\/div><span class='evcal_evdata_icons'><i class='fa fa-align-justify'><\/i><\/span>\r\n\t\t\t\t\t\t\t\r\n\t\t\t\t\t\t\t<div class='evcal_evdata_cell '><div class='eventon_full_description'>\r\n\t\t\t\t\t\t\t\t\t<h3 class='padb5 evo_h3'><span class='evcal_evdata_icons'><i class='fa fa-align-justify'><\/i><\/span>Detalhes do Evento<\/h3><div class='eventon_desc_in' itemprop='description'>\r\n\t\t\t\t\t\t\t\t\t<div class=\"documents-list\">\n<div class=\"documents-list__item\">\n    <a href=\"https:\/\/api-files.federacao-triatlo.pt\/v1\/files\/2024\/events\/20240629LIC001\/event-files\/20240629LIC001-REG001-03.pdf\" target=\"_blank\" rel=\"noopener\"><span class=\"fa fa-file-pdf fa-2x\"><\/span><span class=\"documents-list__title\">Regulamento<\/span><\/a>\n  <\/div>\n<div class=\"documents-list__item\">\n    <a href=\"https:\/\/api-files.federacao-triatlo.pt\/v1\/files\/2024\/events\/20240629LIC001\/event-files\/20240629LIC001-MAP001-01.pdf\" target=\"_blank\" rel=\"noopener\"><span class=\"fa fa-file-pdf fa-2x\"><\/span><span class=\"documents-list__title\">Percursos II Triatlo da Casconha<\/span><\/a>\n  <\/div>\n<div class=\"documents-list__item\">\n    <a href=\"https:\/\/api-files.federacao-triatlo.pt\/v1\/files\/2024\/events\/20240629LIC001\/event-files\/20240629LIC001-MAP002-01.pdf\" target=\"_blank\" rel=\"noopener\"><span class=\"fa fa-file-pdf fa-2x\"><\/span><span class=\"documents-list__title\">Percursos Prova Apuramento Youth<\/span><\/a>\n  <\/div>\n<div class=\"documents-list__item\">\n    <a href=\"https:\/\/api-files.federacao-triatlo.pt\/v1\/files\/2024\/events\/20240629LIC001\/event-files\/20240629LIC001-MAP003-01.pdf\" target=\"_blank\" rel=\"noopener\"><span class=\"fa fa-file-pdf fa-2x\"><\/span><span class=\"documents-list__title\">Percursos I Aquatlo Jovem da Casconha<\/span><\/a>\n  <\/div>\n<div class=\"documents-list__item\">\n    <a href=\"https:\/\/api-files.federacao-triatlo.pt\/v1\/files\/2024\/events\/20240629LIC001\/event-files\/20240629LIC001-STL001-01.pdf\" target=\"_blank\" rel=\"noopener\"><span class=\"fa fa-list fa-2x\"><\/span><span class=\"documents-list__title\">Lista de Inscritos Campeonato Litoral e Interior Centro<\/span><\/a>\n  <\/div>\n<div class=\"documents-list__item\">\n    <a href=\"https:\/\/api-files.federacao-triatlo.pt\/v1\/files\/2024\/events\/20240629LIC001\/event-files\/20240629LIC001-STL002-01.pdf\" target=\"_blank\" rel=\"noopener\"><span class=\"fa fa-list fa-2x\"><\/span><span class=\"documents-list__title\">Lista de Inscritos Prova Aberta<\/span><\/a>\n  <\/div>\n<div class=\"documents-list__item\">\n    <a href=\"https:\/\/api-files.federacao-triatlo.pt\/v1\/files\/2024\/events\/20240629LIC001\/event-files\/20240629LIC001-STL003-01.pdf\" target=\"_blank\" rel=\"noopener\"><span class=\"fa fa-list fa-2x\"><\/span><span class=\"documents-list__title\">Lista de Inscritos Prova Apuramento Youth<\/span><\/a>\n  <\/div>\n<div class=\"documents-list__item\">\n    <a href=\"https:\/\/api-files.federacao-triatlo.pt\/v1\/files\/2024\/events\/20240629LIC001\/event-files\/20240629LIC001-STL004-01.pdf\" target=\"_blank\" rel=\"noopener\"><span class=\"fa fa-list fa-2x\"><\/span><span class=\"documents-list__title\">Lista de Inscritos Campeonato Litoral e Interior Centro Jovem<\/span><\/a>\n  <\/div>\n<\/div>\n<\/div><div class='clear'><\/div>\r\n\t\t\t\t\t\t\t\t<\/div>\r\n\t\t\t\t\t\t\t<\/div>\r\n\t\t\t\t\t\t<\/div><div class='evo_metarow_time evorow evcal_evdata_row bordb evcal_evrow_sm '>\r\n\t\t\t\t\t\t\t<span class='evcal_evdata_icons'><i class='fa fa-clock-o'><\/i><\/span>\r\n\t\t\t\t\t\t\t<div class='evcal_evdata_cell'>\t\t\t\t\t\t\t\r\n\t\t\t\t\t\t\t\t<h3 class='evo_h3'><span class='evcal_evdata_icons'><i class='fa fa-clock-o'><\/i><\/span>Hor\u00e1rio<\/h3><p>(S\u00e1bado) 11:54 - 11:54<\/p>\r\n\t\t\t\t\t\t\t<\/div>\r\n\t\t\t\t\t\t<\/div>\t\t\t\t\t\t<div class='evo_metarow_ICS evorow bordb evcal_evdata_row'>\r\n\t\t\t\t\t\t\t<span class=\"evcal_evdata_icons\"><i class=\"fa fa-calendar\"><\/i><\/span>\r\n\t\t\t\t\t\t\t<div class='evcal_evdata_cell'>\r\n\t\t\t\t\t\t\t\t<p><a href='https:\/\/www.federacao-triatlo.pt\/ftp2015\/wp-admin\/admin-ajax.php?action=eventon_ics_download&amp;event_id=99584&amp;sunix=20240629T105400Z&amp;eunix=20240629T105400Z&amp;loca=&amp;locn=' class='evo_ics_nCal' title='Adicionar ao seu calend\u00e1rio'>Calend\u00e1rio<\/a><a href='\/\/www.google.com\/calendar\/event?action=TEMPLATE&amp;text=II+Triatlo+da+Casconha+%26+I+Aquatlo+Jovem+da+Casconha&amp;dates=20240629T105400Z\/20240629T105400Z&amp;details=%0D%0A++%0D%0A++++Regulamento%0D%0A++%0D%0A++%0D%0A++++&amp;location= - ' target='_blank' class='evo_ics_gCal' title='Adicionar ao calend\u00e1rio Google'>GoogleCal<\/a><\/p>\t\r\n\t\t\t\t\t\t\t<\/div>\t\t\t\t\t\t<\/div>\r\n\t\t\t\t\t\t<\/div><div class='clear end'><\/div><\/div><div id=\"event_100444\" class=\"eventon_list_event evo_eventtop past_event event\" data-event_id=\"100444\" data-time=\"1719705601-1719791999\" data-colr=\"#0092e0\" itemscope itemtype='http:\/\/schema.org\/Event' 7><div class=\"evo_event_schema\" style=\"display:none\" ><a itemprop='url'  href='https:\/\/www.federacao-triatlo.pt\/ftp2015\/events\/tricross-do-alva-2024\/'><\/a><span itemprop='name'  >TriCross do Alva 2024<\/span><meta itemprop='image'  ><\/meta><meta itemprop='description' content='\r\n  \r\n    Regulamento\r\n  \r\n  \r\n    ' ><\/meta><meta itemprop='startDate' content='2024-6-30' ><\/meta><meta itemprop='endDate' content='2024-6-30' ><\/meta><meta itemprop='eventStatus' content='on-schedule' ><\/meta><script type=\"application\/ld+json\">{\t\"@context\": \"http:\/\/schema.org\",\r\n\t\t\t\t\t\t\t  \t\"@type\": \"Event\",\r\n\t\t\t\t\t\t\t  \t\"name\": \"TriCross do Alva 2024\",\r\n\t\t\t\t\t\t\t  \t\"startDate\": \"2024-6-30T00-00-00-00\",\r\n\t\t\t\t\t\t\t  \t\"endDate\": \"2024-6-30T23-23-59-00\",\r\n\t\t\t\t\t\t\t  \t\"image\":,\r\n\t\t\t\t\t\t\t  \t\"description\":\"\r\n  \r\n    Regulamento\r\n  \r\n  \r\n    \",\r\n\t\t\t\t\t\t\t  \t\r\n\t\t\t\t\t\t\t }\r\n\t\t\t\t\t\t\t<\/script><\/div>\r\n\t\t\t\t<p class=\"desc_trig_outter\"><a data-gmap_status=\"null\" data-exlk=\"0\" style=\"border-color: #0092e0;\" id=\"evc_1719705601100444\" class=\"desc_trig evo_litoral-interior-norte-competicao-regional sin_val evcal_list_a\" data-ux_val=\"1\"  ><span class='evcal_cblock ' data-bgcolor='#0092e0' data-smon='Junho' data-syr='2024'><span class='evo_start '><em class='date'>30<\/em><em class='month'>jun<\/em><em class='time'>allday<\/em><\/span><span class='evo_end only_time'><em class='time'>allday<\/em><\/span><em class='clear'><\/em><\/span><span class='evcal_desc evo_info hide_eventtopdata '  data-location_status=\"false\" ><span class='evo_above_title'><\/span><span class='evcal_desc2 evcal_event_title' itemprop='name'>TriCross do Alva 2024<\/span><span class='evo_below_title'><span class='evcal_event_subtitle' >CAMPEONATO LITORAL E INTERIOR NORTE JOVEM<\/span><\/span><span class='evcal_desc_info' ><\/span><span class='evcal_desc3'><span class='evcal_event_types ett1'><em><i>Tipo de Evento:<\/i><\/em><em data-filter='event_type'>Litoral e Interior Norte<\/em><i class='clear'><\/i><\/span><\/span><\/span><em class='clear'><\/em><\/p><\/a><div class='event_description evcal_eventcard ' style=\"display:none\"><div class='evo_metarow_details evorow evcal_evdata_row bordb evcal_event_details'>\r\n\t\t\t\t\t\t\t<div class=\"event_excerpt\" style=\"display:none\"><h3 class=\"padb5 evo_h3\">Detalhes do Evento<\/h3><p>\r\n  \r\n    Regulamento\r\n  \r\n  \r\n    <\/p><\/div><span class='evcal_evdata_icons'><i class='fa fa-align-justify'><\/i><\/span>\r\n\t\t\t\t\t\t\t\r\n\t\t\t\t\t\t\t<div class='evcal_evdata_cell '><div class='eventon_full_description'>\r\n\t\t\t\t\t\t\t\t\t<h3 class='padb5 evo_h3'><span class='evcal_evdata_icons'><i class='fa fa-align-justify'><\/i><\/span>Detalhes do Evento<\/h3><div class='eventon_desc_in' itemprop='description'>\r\n\t\t\t\t\t\t\t\t\t<div class=\"documents-list\">\n<div class=\"documents-list__item\">\n    <a href=\"https:\/\/api-files.federacao-triatlo.pt\/v1\/files\/2024\/events\/20240630LIN001\/event-files\/20240630LIN001-REG001-02.pdf\" target=\"_blank\" rel=\"noopener\"><span class=\"fa fa-file-pdf fa-2x\"><\/span><span class=\"documents-list__title\">Regulamento<\/span><\/a>\n  <\/div>\n<div class=\"documents-list__item\">\n    <a href=\"https:\/\/api-files.federacao-triatlo.pt\/v1\/files\/2024\/events\/20240630LIN001\/event-files\/20240630LIN001-MAP001-01.pdf\" target=\"_blank\" rel=\"noopener\"><span class=\"fa fa-file-pdf fa-2x\"><\/span><span class=\"documents-list__title\">Percursos<\/span><\/a>\n  <\/div>\n<div class=\"documents-list__item\">\n    <a href=\"https:\/\/api-files.federacao-triatlo.pt\/v1\/files\/2024\/events\/20240630LIN001\/event-files\/20240630LIN001-STL001-01.pdf\" target=\"_blank\" rel=\"noopener\"><span class=\"fa fa-list fa-2x\"><\/span><span class=\"documents-list__title\">Lista de Inscritos Campeonato Litoral e Interior Norte Jovem<\/span><\/a>\n  <\/div>\n<\/div>\n<\/div><div class='clear'><\/div>\r\n\t\t\t\t\t\t\t\t<\/div>\r\n\t\t\t\t\t\t\t<\/div>\r\n\t\t\t\t\t\t<\/div><div class='evo_metarow_time evorow evcal_evdata_row bordb evcal_evrow_sm '>\r\n\t\t\t\t\t\t\t<span class='evcal_evdata_icons'><i class='fa fa-clock-o'><\/i><\/span>\r\n\t\t\t\t\t\t\t<div class='evcal_evdata_cell'>\t\t\t\t\t\t\t\r\n\t\t\t\t\t\t\t\t<h3 class='evo_h3'><span class='evcal_evdata_icons'><i class='fa fa-clock-o'><\/i><\/span>Hor\u00e1rio<\/h3><p>Todo o dia (Domingo)<\/p>\r\n\t\t\t\t\t\t\t<\/div>\r\n\t\t\t\t\t\t<\/div>\t\t\t\t\t\t<div class='evo_metarow_ICS evorow bordb evcal_evdata_row'>\r\n\t\t\t\t\t\t\t<span class=\"evcal_evdata_icons\"><i class=\"fa fa-calendar\"><\/i><\/span>\r\n\t\t\t\t\t\t\t<div class='evcal_evdata_cell'>\r\n\t\t\t\t\t\t\t\t<p><a href='https:\/\/www.federacao-triatlo.pt\/ftp2015\/wp-admin\/admin-ajax.php?action=eventon_ics_download&amp;event_id=100444&amp;sunix=20240629T230000Z&amp;eunix=20240630T225900Z&amp;loca=&amp;locn=' class='evo_ics_nCal' title='Adicionar ao seu calend\u00e1rio'>Calend\u00e1rio<\/a><a href='\/\/www.google.com\/calendar\/event?action=TEMPLATE&amp;text=TriCross+do+Alva+2024&amp;dates=20240629T230000Z\/20240630T225900Z&amp;details=%0D%0A++%0D%0A++++Regulamento%0D%0A++%0D%0A++%0D%0A++++&amp;location= - ' target='_blank' class='evo_ics_gCal' title='Adicionar ao calend\u00e1rio Google'>GoogleCal<\/a><\/p>\t\r\n\t\t\t\t\t\t\t<\/div>\t\t\t\t\t\t<\/div>\r\n\t\t\t\t\t\t<\/div><div class='clear end'><\/div><\/div><div id=\"event_99813\" class=\"eventon_list_event evo_eventtop past_event event\" data-event_id=\"99813\" data-time=\"1719743400-1719743400\" data-colr=\"#0092e0\" itemscope itemtype='http:\/\/schema.org\/Event' 8><div class=\"evo_event_schema\" style=\"display:none\" ><a itemprop='url'  href='https:\/\/www.federacao-triatlo.pt\/ftp2015\/events\/iv-triatlo-de-tavira\/'><\/a><span itemprop='name'  >I Triatlo Sprint de Tavira<\/span><meta itemprop='image'  ><\/meta><meta itemprop='description' content='\r\n  \r\n    Regulamento\r\n  \r\n  \r\n    ' ><\/meta><meta itemprop='startDate' content='2024-6-30' ><\/meta><meta itemprop='endDate' content='2024-6-30' ><\/meta><meta itemprop='eventStatus' content='on-schedule' ><\/meta><script type=\"application\/ld+json\">{\t\"@context\": \"http:\/\/schema.org\",\r\n\t\t\t\t\t\t\t  \t\"@type\": \"Event\",\r\n\t\t\t\t\t\t\t  \t\"name\": \"I Triatlo Sprint de Tavira\",\r\n\t\t\t\t\t\t\t  \t\"startDate\": \"2024-6-30T10-10-30-00\",\r\n\t\t\t\t\t\t\t  \t\"endDate\": \"2024-6-30T10-10-30-00\",\r\n\t\t\t\t\t\t\t  \t\"image\":,\r\n\t\t\t\t\t\t\t  \t\"description\":\"\r\n  \r\n    Regulamento\r\n  \r\n  \r\n    \",\r\n\t\t\t\t\t\t\t  \t\r\n\t\t\t\t\t\t\t }\r\n\t\t\t\t\t\t\t<\/script><\/div>\r\n\t\t\t\t<p class=\"desc_trig_outter\"><a data-gmap_status=\"null\" data-exlk=\"0\" style=\"border-color: #0092e0;\" id=\"evc_171974340099813\" class=\"desc_trig evo_algarve-baixo-alentejo-competicao-regional sin_val evcal_list_a\" data-ux_val=\"1\"  ><span class='evcal_cblock ' data-bgcolor='#0092e0' data-smon='Junho' data-syr='2024'><span class='evo_start '><em class='date'>30<\/em><em class='month'>jun<\/em><em class='time'>10:30<\/em><\/span><span class='evo_end only_time'><em class='time'>10:30<\/em><\/span><em class='clear'><\/em><\/span><span class='evcal_desc evo_info hide_eventtopdata '  data-location_status=\"false\" ><span class='evo_above_title'><\/span><span class='evcal_desc2 evcal_event_title' itemprop='name'>I Triatlo Sprint de Tavira<\/span><span class='evo_below_title'><span class='evcal_event_subtitle' >CAMPEONATO ALGARVE E BAIXO ALENTEJO<\/span><\/span><span class='evcal_desc_info' ><\/span><span class='evcal_desc3'><span class='evcal_event_types ett1'><em><i>Tipo de Evento:<\/i><\/em><em data-filter='event_type'>Algarve e Baixo Alentejo<\/em><i class='clear'><\/i><\/span><\/span><\/span><em class='clear'><\/em><\/p><\/a><div class='event_description evcal_eventcard ' style=\"display:none\"><div class='evo_metarow_details evorow evcal_evdata_row bordb evcal_event_details'>\r\n\t\t\t\t\t\t\t<div class=\"event_excerpt\" style=\"display:none\"><h3 class=\"padb5 evo_h3\">Detalhes do Evento<\/h3><p>\r\n  \r\n    Regulamento\r\n  \r\n  \r\n    <\/p><\/div><span class='evcal_evdata_icons'><i class='fa fa-align-justify'><\/i><\/span>\r\n\t\t\t\t\t\t\t\r\n\t\t\t\t\t\t\t<div class='evcal_evdata_cell '><div class='eventon_full_description'>\r\n\t\t\t\t\t\t\t\t\t<h3 class='padb5 evo_h3'><span class='evcal_evdata_icons'><i class='fa fa-align-justify'><\/i><\/span>Detalhes do Evento<\/h3><div class='eventon_desc_in' itemprop='description'>\r\n\t\t\t\t\t\t\t\t\t<div class=\"documents-list\">\n<div class=\"documents-list__item\">\n    <a href=\"https:\/\/api-files.federacao-triatlo.pt\/v1\/files\/2024\/events\/20240630ABA001\/event-files\/20240630ABA001-REG001-01.pdf\" target=\"_blank\" rel=\"noopener\"><span class=\"fa fa-file-pdf fa-2x\"><\/span><span class=\"documents-list__title\">Regulamento<\/span><\/a>\n  <\/div>\n<div class=\"documents-list__item\">\n    <a href=\"https:\/\/api-files.federacao-triatlo.pt\/v1\/files\/2024\/events\/20240630ABA001\/event-files\/20240630ABA001-MAP001-02.pdf\" target=\"_blank\" rel=\"noopener\"><span class=\"fa fa-file-pdf fa-2x\"><\/span><span class=\"documents-list__title\">Percursos<\/span><\/a>\n  <\/div>\n<div class=\"documents-list__item\">\n    <a href=\"https:\/\/api-files.federacao-triatlo.pt\/v1\/files\/2024\/events\/20240630ABA001\/event-files\/20240630ABA001-STL001-02.pdf\" target=\"_blank\" rel=\"noopener\"><span class=\"fa fa-list fa-2x\"><\/span><span class=\"documents-list__title\">Lista de Inscritos Campeonato Algarve e Baixo Alentejo<\/span><\/a>\n  <\/div>\n<\/div>\n<\/div><div class='clear'><\/div>\r\n\t\t\t\t\t\t\t\t<\/div>\r\n\t\t\t\t\t\t\t<\/div>\r\n\t\t\t\t\t\t<\/div><div class='evo_metarow_time evorow evcal_evdata_row bordb evcal_evrow_sm '>\r\n\t\t\t\t\t\t\t<span class='evcal_evdata_icons'><i class='fa fa-clock-o'><\/i><\/span>\r\n\t\t\t\t\t\t\t<div class='evcal_evdata_cell'>\t\t\t\t\t\t\t\r\n\t\t\t\t\t\t\t\t<h3 class='evo_h3'><span class='evcal_evdata_icons'><i class='fa fa-clock-o'><\/i><\/span>Hor\u00e1rio<\/h3><p>(Domingo) 10:30 - 10:30<\/p>\r\n\t\t\t\t\t\t\t<\/div>\r\n\t\t\t\t\t\t<\/div>\t\t\t\t\t\t<div class='evo_metarow_ICS evorow bordb evcal_evdata_row'>\r\n\t\t\t\t\t\t\t<span class=\"evcal_evdata_icons\"><i class=\"fa fa-calendar\"><\/i><\/span>\r\n\t\t\t\t\t\t\t<div class='evcal_evdata_cell'>\r\n\t\t\t\t\t\t\t\t<p><a href='https:\/\/www.federacao-triatlo.pt\/ftp2015\/wp-admin\/admin-ajax.php?action=eventon_ics_download&amp;event_id=99813&amp;sunix=20240630T093000Z&amp;eunix=20240630T093000Z&amp;loca=&amp;locn=' class='evo_ics_nCal' title='Adicionar ao seu calend\u00e1rio'>Calend\u00e1rio<\/a><a href='\/\/www.google.com\/calendar\/event?action=TEMPLATE&amp;text=I+Triatlo+Sprint+de+Tavira&amp;dates=20240630T093000Z\/20240630T093000Z&amp;details=%0D%0A++%0D%0A++++Regulamento%0D%0A++%0D%0A++%0D%0A++++&amp;location= - ' target='_blank' class='evo_ics_gCal' title='Adicionar ao calend\u00e1rio Google'>GoogleCal<\/a><\/p>\t\r\n\t\t\t\t\t\t\t<\/div>\t\t\t\t\t\t<\/div>\r\n\t\t\t\t\t\t<\/div><div class='clear end'><\/div><\/div><\/div><div class='evcal_month_line'><p>Julho 2024<\/p><\/div><div id='evcal_list' class='evcal_list_month eventon_events_list '><div id=\"event_99113\" class=\"eventon_list_event evo_eventtop past_event event\" data-event_id=\"99113\" data-time=\"1720224001-1720396799\" data-colr=\"#007230\" itemscope itemtype='http:\/\/schema.org\/Event' 1><div class=\"evo_event_schema\" style=\"display:none\" ><a itemprop='url'  href='https:\/\/www.federacao-triatlo.pt\/ftp2015\/events\/xii-triatlo-jovem-de-amora-v-aquatlo-de-amora\/'><\/a><span itemprop='name'  >XII Triatlo Jovem de Amora & V Aquatlo de Amora<\/span><meta itemprop='image'  ><\/meta><meta itemprop='description' content='\r\n  \r\n    Regulamento\r\n  \r\n  \r\n    ' ><\/meta><meta itemprop='startDate' content='2024-7-6' ><\/meta><meta itemprop='endDate' content='2024-7-7' ><\/meta><meta itemprop='eventStatus' content='on-schedule' ><\/meta><script type=\"application\/ld+json\">{\t\"@context\": \"http:\/\/schema.org\",\r\n\t\t\t\t\t\t\t  \t\"@type\": \"Event\",\r\n\t\t\t\t\t\t\t  \t\"name\": \"XII Triatlo Jovem de Amora & V Aquatlo de Amora\",\r\n\t\t\t\t\t\t\t  \t\"startDate\": \"2024-7-6T00-00-00-00\",\r\n\t\t\t\t\t\t\t  \t\"endDate\": \"2024-7-7T23-23-59-00\",\r\n\t\t\t\t\t\t\t  \t\"image\":,\r\n\t\t\t\t\t\t\t  \t\"description\":\"\r\n  \r\n    Regulamento\r\n  \r\n  \r\n    \",\r\n\t\t\t\t\t\t\t  \t\r\n\t\t\t\t\t\t\t }\r\n\t\t\t\t\t\t\t<\/script><\/div>\r\n\t\t\t\t<p class=\"desc_trig_outter\"><a data-gmap_status=\"null\" data-exlk=\"0\" style=\"border-color: #007230;\" id=\"evc_172022400199113\" class=\"desc_trig evo_competicao-nacional mul_val evcal_list_a\" data-ux_val=\"1\"  ><span class='evcal_cblock ' data-bgcolor='#007230' data-smon='Julho' data-syr='2024'><span class='evo_start '><em class='date'>06<\/em><em class='month'>jul<\/em><em class='time'>allday<\/em><\/span><span class='evo_end '><em class='date'>07<\/em><em class='time'>allday<\/em><\/span><em class='clear'><\/em><\/span><span class='evcal_desc evo_info hide_eventtopdata '  data-location_status=\"false\" ><span class='evo_above_title'><\/span><span class='evcal_desc2 evcal_event_title' itemprop='name'>XII Triatlo Jovem de Amora & V Aquatlo de Amora<\/span><span class='evo_below_title'><span class='evcal_event_subtitle' >Campeonato Nacional Jovem - Campeonato Nacional de Clubes de Aquatlo<\/span><\/span><span class='evcal_desc_info' ><\/span><span class='evcal_desc3'><span class='evcal_event_types ett1'><em><i>Tipo de Evento:<\/i><\/em><em data-filter='event_type'>Competi\u00e7\u00e3o Nacional<\/em><i class='clear'><\/i><\/span><\/span><\/span><em class='clear'><\/em><\/p><\/a><div class='event_description evcal_eventcard ' style=\"display:none\"><div class='evo_metarow_details evorow evcal_evdata_row bordb evcal_event_details'>\r\n\t\t\t\t\t\t\t<div class=\"event_excerpt\" style=\"display:none\"><h3 class=\"padb5 evo_h3\">Detalhes do Evento<\/h3><p>\r\n  \r\n    Regulamento\r\n  \r\n  \r\n    <\/p><\/div><span class='evcal_evdata_icons'><i class='fa fa-align-justify'><\/i><\/span>\r\n\t\t\t\t\t\t\t\r\n\t\t\t\t\t\t\t<div class='evcal_evdata_cell '><div class='eventon_full_description'>\r\n\t\t\t\t\t\t\t\t\t<h3 class='padb5 evo_h3'><span class='evcal_evdata_icons'><i class='fa fa-align-justify'><\/i><\/span>Detalhes do Evento<\/h3><div class='eventon_desc_in' itemprop='description'>\r\n\t\t\t\t\t\t\t\t\t<div class=\"documents-list\">\n<div class=\"documents-list__item\">\n    <a href=\"https:\/\/api-files.federacao-triatlo.pt\/v1\/files\/2024\/events\/20240706FTP001\/event-files\/20240706FTP001-REG001-03.pdf\" target=\"_blank\" rel=\"noopener\"><span class=\"fa fa-file-pdf fa-2x\"><\/span><span class=\"documents-list__title\">Regulamento<\/span><\/a>\n  <\/div>\n<div class=\"documents-list__item\">\n    <a href=\"https:\/\/api-files.federacao-triatlo.pt\/v1\/files\/2024\/events\/20240706FTP001\/event-files\/20240706FTP001-MAP001-02.pdf\" target=\"_blank\" rel=\"noopener\"><span class=\"fa fa-file-pdf fa-2x\"><\/span><span class=\"documents-list__title\">Percursos do Campeonato Nacional de Clubes<\/span><\/a>\n  <\/div>\n<div class=\"documents-list__item\">\n    <a href=\"https:\/\/api-files.federacao-triatlo.pt\/v1\/files\/2024\/events\/20240706FTP001\/event-files\/20240706FTP001-MAP002-02.pdf\" target=\"_blank\" rel=\"noopener\"><span class=\"fa fa-file-pdf fa-2x\"><\/span><span class=\"documents-list__title\">Percursos do Campeonato Nacional Jovem<\/span><\/a>\n  <\/div>\n<div class=\"documents-list__item\">\n    <a href=\"https:\/\/api-files.federacao-triatlo.pt\/v1\/files\/2024\/events\/20240706FTP001\/event-files\/20240706FTP001-MAP003-03.pdf\" target=\"_blank\" rel=\"noopener\"><span class=\"fa fa-file-pdf fa-2x\"><\/span><span class=\"documents-list__title\">Percursos da Prova Sele\u00e7\u00e3o Juniores<\/span><\/a>\n  <\/div>\n<div class=\"documents-list__item\">\n    <a href=\"https:\/\/api-files.federacao-triatlo.pt\/v1\/files\/2024\/events\/20240706FTP001\/event-files\/20240706FTP001-STL001-02.pdf\" target=\"_blank\" rel=\"noopener\"><span class=\"fa fa-list fa-2x\"><\/span><span class=\"documents-list__title\">Lista de Inscritos Campeonato Nacional de Clubes<\/span><\/a>\n  <\/div>\n<div class=\"documents-list__item\">\n    <a href=\"https:\/\/api-files.federacao-triatlo.pt\/v1\/files\/2024\/events\/20240706FTP001\/event-files\/20240706FTP001-STL002-02.pdf\" target=\"_blank\" rel=\"noopener\"><span class=\"fa fa-list fa-2x\"><\/span><span class=\"documents-list__title\">Lista de Inscritos Campeonato Nacional Jovem<\/span><\/a>\n  <\/div>\n<div class=\"documents-list__item\">\n    <a href=\"https:\/\/api-files.federacao-triatlo.pt\/v1\/files\/2024\/events\/20240706FTP001\/event-files\/20240706FTP001-STL003-02.pdf\" target=\"_blank\" rel=\"noopener\"><span class=\"fa fa-list fa-2x\"><\/span><span class=\"documents-list__title\">Lista de Inscritos Prova de Sele\u00e7\u00e3o Campeonato do Mundo de Juniores<\/span><\/a>\n  <\/div>\n<\/div>\n<\/div><div class='clear'><\/div>\r\n\t\t\t\t\t\t\t\t<\/div>\r\n\t\t\t\t\t\t\t<\/div>\r\n\t\t\t\t\t\t<\/div><div class='evo_metarow_time evorow evcal_evdata_row bordb evcal_evrow_sm '>\r\n\t\t\t\t\t\t\t<span class='evcal_evdata_icons'><i class='fa fa-clock-o'><\/i><\/span>\r\n\t\t\t\t\t\t\t<div class='evcal_evdata_cell'>\t\t\t\t\t\t\t\r\n\t\t\t\t\t\t\t\t<h3 class='evo_h3'><span class='evcal_evdata_icons'><i class='fa fa-clock-o'><\/i><\/span>Hor\u00e1rio<\/h3><p>Julho 6 (S\u00e1bado) - 7 (Domingo)<\/p>\r\n\t\t\t\t\t\t\t<\/div>\r\n\t\t\t\t\t\t<\/div>\t\t\t\t\t\t<div class='evo_metarow_ICS evorow bordb evcal_evdata_row'>\r\n\t\t\t\t\t\t\t<span class=\"evcal_evdata_icons\"><i class=\"fa fa-calendar\"><\/i><\/span>\r\n\t\t\t\t\t\t\t<div class='evcal_evdata_cell'>\r\n\t\t\t\t\t\t\t\t<p><a href='https:\/\/www.federacao-triatlo.pt\/ftp2015\/wp-admin\/admin-ajax.php?action=eventon_ics_download&amp;event_id=99113&amp;sunix=20240705T230000Z&amp;eunix=20240707T225900Z&amp;loca=&amp;locn=' class='evo_ics_nCal' title='Adicionar ao seu calend\u00e1rio'>Calend\u00e1rio<\/a><a href='\/\/www.google.com\/calendar\/event?action=TEMPLATE&amp;text=XII+Triatlo+Jovem+de+Amora+%26+V+Aquatlo+de+Amora&amp;dates=20240705T230000Z\/20240707T225900Z&amp;details=%0D%0A++%0D%0A++++Regulamento%0D%0A++%0D%0A++%0D%0A++++&amp;location= - ' target='_blank' class='evo_ics_gCal' title='Adicionar ao calend\u00e1rio Google'>GoogleCal<\/a><\/p>\t\r\n\t\t\t\t\t\t\t<\/div>\t\t\t\t\t\t<\/div>\r\n\t\t\t\t\t\t<\/div><div class='clear end'><\/div><\/div><div id=\"event_99826\" class=\"eventon_list_event evo_eventtop past_event event\" data-event_id=\"99826\" data-time=\"1720868580-1720868580\" data-colr=\"#0092e0\" itemscope itemtype='http:\/\/schema.org\/Event' 2><div class=\"evo_event_schema\" style=\"display:none\" ><a itemprop='url'  href='https:\/\/www.federacao-triatlo.pt\/ftp2015\/events\/v-aquatlo-jovem-da-amadora\/'><\/a><span itemprop='name'  >V Aquatlo Jovem da Amadora<\/span><meta itemprop='image'  ><\/meta><meta itemprop='description' content='\r\n  \r\n    Regulamento\r\n  \r\n  \r\n    ' ><\/meta><meta itemprop='startDate' content='2024-7-13' ><\/meta><meta itemprop='endDate' content='2024-7-13' ><\/meta><meta itemprop='eventStatus' content='on-schedule' ><\/meta><script type=\"application\/ld+json\">{\t\"@context\": \"http:\/\/schema.org\",\r\n\t\t\t\t\t\t\t  \t\"@type\": \"Event\",\r\n\t\t\t\t\t\t\t  \t\"name\": \"V Aquatlo Jovem da Amadora\",\r\n\t\t\t\t\t\t\t  \t\"startDate\": \"2024-7-13T11-11-03-00\",\r\n\t\t\t\t\t\t\t  \t\"endDate\": \"2024-7-13T11-11-03-00\",\r\n\t\t\t\t\t\t\t  \t\"image\":,\r\n\t\t\t\t\t\t\t  \t\"description\":\"\r\n  \r\n    Regulamento\r\n  \r\n  \r\n    \",\r\n\t\t\t\t\t\t\t  \t\r\n\t\t\t\t\t\t\t }\r\n\t\t\t\t\t\t\t<\/script><\/div>\r\n\t\t\t\t<p class=\"desc_trig_outter\"><a data-gmap_status=\"null\" data-exlk=\"0\" style=\"border-color: #0092e0;\" id=\"evc_172086858099826\" class=\"desc_trig evo_lisboa-alto-alentejo-competicao-regional sin_val evcal_list_a\" data-ux_val=\"1\"  ><span class='evcal_cblock ' data-bgcolor='#0092e0' data-smon='Julho' data-syr='2024'><span class='evo_start '><em class='date'>13<\/em><em class='month'>jul<\/em><em class='time'>11:03<\/em><\/span><span class='evo_end only_time'><em class='time'>11:03<\/em><\/span><em class='clear'><\/em><\/span><span class='evcal_desc evo_info hide_eventtopdata '  data-location_status=\"false\" ><span class='evo_above_title'><\/span><span class='evcal_desc2 evcal_event_title' itemprop='name'>V Aquatlo Jovem da Amadora<\/span><span class='evo_below_title'><span class='evcal_event_subtitle' >CAMPEONATO LISBOA E ALTO ALENTEJO JOVEM<\/span><\/span><span class='evcal_desc_info' ><\/span><span class='evcal_desc3'><span class='evcal_event_types ett1'><em><i>Tipo de Evento:<\/i><\/em><em data-filter='event_type'>Lisboa e Alto Alentejo<\/em><i class='clear'><\/i><\/span><\/span><\/span><em class='clear'><\/em><\/p><\/a><div class='event_description evcal_eventcard ' style=\"display:none\"><div class='evo_metarow_details evorow evcal_evdata_row bordb evcal_event_details'>\r\n\t\t\t\t\t\t\t<div class=\"event_excerpt\" style=\"display:none\"><h3 class=\"padb5 evo_h3\">Detalhes do Evento<\/h3><p>\r\n  \r\n    Regulamento\r\n  \r\n  \r\n    <\/p><\/div><span class='evcal_evdata_icons'><i class='fa fa-align-justify'><\/i><\/span>\r\n\t\t\t\t\t\t\t\r\n\t\t\t\t\t\t\t<div class='evcal_evdata_cell '><div class='eventon_full_description'>\r\n\t\t\t\t\t\t\t\t\t<h3 class='padb5 evo_h3'><span class='evcal_evdata_icons'><i class='fa fa-align-justify'><\/i><\/span>Detalhes do Evento<\/h3><div class='eventon_desc_in' itemprop='description'>\r\n\t\t\t\t\t\t\t\t\t<div class=\"documents-list\">\n<div class=\"documents-list__item\">\n    <a href=\"https:\/\/api-files.federacao-triatlo.pt\/v1\/files\/2024\/events\/20240713LAA001\/event-files\/20240713LAA001-REG001-01.pdf\" target=\"_blank\" rel=\"noopener\"><span class=\"fa fa-file-pdf fa-2x\"><\/span><span class=\"documents-list__title\">Regulamento<\/span><\/a>\n  <\/div>\n<div class=\"documents-list__item\">\n    <a href=\"https:\/\/api-files.federacao-triatlo.pt\/v1\/files\/2024\/events\/20240713LAA001\/event-files\/20240713LAA001-MAP001-01.pdf\" target=\"_blank\" rel=\"noopener\"><span class=\"fa fa-file-pdf fa-2x\"><\/span><span class=\"documents-list__title\">Percursos<\/span><\/a>\n  <\/div>\n<div class=\"documents-list__item\">\n    <a href=\"https:\/\/api-files.federacao-triatlo.pt\/v1\/files\/2024\/events\/20240713LAA001\/event-files\/20240713LAA001-STL001-02.pdf\" target=\"_blank\" rel=\"noopener\"><span class=\"fa fa-list fa-2x\"><\/span><span class=\"documents-list__title\">Lista de Inscritos Campeonato Lisboa e Alto Alentejo Jovem<\/span><\/a>\n  <\/div>\n<\/div>\n<\/div><div class='clear'><\/div>\r\n\t\t\t\t\t\t\t\t<\/div>\r\n\t\t\t\t\t\t\t<\/div>\r\n\t\t\t\t\t\t<\/div><div class='evo_metarow_time evorow evcal_evdata_row bordb evcal_evrow_sm '>\r\n\t\t\t\t\t\t\t<span class='evcal_evdata_icons'><i class='fa fa-clock-o'><\/i><\/span>\r\n\t\t\t\t\t\t\t<div class='evcal_evdata_cell'>\t\t\t\t\t\t\t\r\n\t\t\t\t\t\t\t\t<h3 class='evo_h3'><span class='evcal_evdata_icons'><i class='fa fa-clock-o'><\/i><\/span>Hor\u00e1rio<\/h3><p>(S\u00e1bado) 11:03 - 11:03<\/p>\r\n\t\t\t\t\t\t\t<\/div>\r\n\t\t\t\t\t\t<\/div>\t\t\t\t\t\t<div class='evo_metarow_ICS evorow bordb evcal_evdata_row'>\r\n\t\t\t\t\t\t\t<span class=\"evcal_evdata_icons\"><i class=\"fa fa-calendar\"><\/i><\/span>\r\n\t\t\t\t\t\t\t<div class='evcal_evdata_cell'>\r\n\t\t\t\t\t\t\t\t<p><a href='https:\/\/www.federacao-triatlo.pt\/ftp2015\/wp-admin\/admin-ajax.php?action=eventon_ics_download&amp;event_id=99826&amp;sunix=20240713T100300Z&amp;eunix=20240713T100300Z&amp;loca=&amp;locn=' class='evo_ics_nCal' title='Adicionar ao seu calend\u00e1rio'>Calend\u00e1rio<\/a><a href='\/\/www.google.com\/calendar\/event?action=TEMPLATE&amp;text=V+Aquatlo+Jovem+da+Amadora&amp;dates=20240713T100300Z\/20240713T100300Z&amp;details=%0D%0A++%0D%0A++++Regulamento%0D%0A++%0D%0A++%0D%0A++++&amp;location= - ' target='_blank' class='evo_ics_gCal' title='Adicionar ao calend\u00e1rio Google'>GoogleCal<\/a><\/p>\t\r\n\t\t\t\t\t\t\t<\/div>\t\t\t\t\t\t<\/div>\r\n\t\t\t\t\t\t<\/div><div class='clear end'><\/div><\/div><div id=\"event_100492\" class=\"eventon_list_event evo_eventtop past_event event\" data-event_id=\"100492\" data-time=\"1720882200-1720882200\" data-colr=\"#0092e0\" itemscope itemtype='http:\/\/schema.org\/Event' 3><div class=\"evo_event_schema\" style=\"display:none\" ><a itemprop='url'  href='https:\/\/www.federacao-triatlo.pt\/ftp2015\/events\/rios-ibericos-goldimoveis-duatlo-jovem-2\/'><\/a><span itemprop='name'  >Rios Ib\u00e9ricos GoldIm\u00f3veis Duatlo Jovem<\/span><meta itemprop='image'  ><\/meta><meta itemprop='description' content='\r\n  \r\n    Regulamento\r\n  \r\n  \r\n    ' ><\/meta><meta itemprop='startDate' content='2024-7-13' ><\/meta><meta itemprop='endDate' content='2024-7-13' ><\/meta><meta itemprop='eventStatus' content='on-schedule' ><\/meta><script type=\"application\/ld+json\">{\t\"@context\": \"http:\/\/schema.org\",\r\n\t\t\t\t\t\t\t  \t\"@type\": \"Event\",\r\n\t\t\t\t\t\t\t  \t\"name\": \"Rios Ib\u00e9ricos GoldIm\u00f3veis Duatlo Jovem\",\r\n\t\t\t\t\t\t\t  \t\"startDate\": \"2024-7-13T14-14-50-00\",\r\n\t\t\t\t\t\t\t  \t\"endDate\": \"2024-7-13T14-14-50-00\",\r\n\t\t\t\t\t\t\t  \t\"image\":,\r\n\t\t\t\t\t\t\t  \t\"description\":\"\r\n  \r\n    Regulamento\r\n  \r\n  \r\n    \",\r\n\t\t\t\t\t\t\t  \t\r\n\t\t\t\t\t\t\t }\r\n\t\t\t\t\t\t\t<\/script><\/div>\r\n\t\t\t\t<p class=\"desc_trig_outter\"><a data-gmap_status=\"null\" data-exlk=\"0\" style=\"border-color: #0092e0;\" id=\"evc_1720882200100492\" class=\"desc_trig evo_litoral-interior-norte-competicao-regional sin_val evcal_list_a\" data-ux_val=\"1\"  ><span class='evcal_cblock ' data-bgcolor='#0092e0' data-smon='Julho' data-syr='2024'><span class='evo_start '><em class='date'>13<\/em><em class='month'>jul<\/em><em class='time'>14:50<\/em><\/span><span class='evo_end only_time'><em class='time'>14:50<\/em><\/span><em class='clear'><\/em><\/span><span class='evcal_desc evo_info hide_eventtopdata '  data-location_status=\"false\" ><span class='evo_above_title'><\/span><span class='evcal_desc2 evcal_event_title' itemprop='name'>Rios Ib\u00e9ricos GoldIm\u00f3veis Duatlo Jovem<\/span><span class='evo_below_title'><span class='evcal_event_subtitle' >CAMPEONATO LITORAL E INTERIOR NORTE JOVEM<\/span><\/span><span class='evcal_desc_info' ><\/span><span class='evcal_desc3'><span class='evcal_event_types ett1'><em><i>Tipo de Evento:<\/i><\/em><em data-filter='event_type'>Litoral e Interior Norte<\/em><i class='clear'><\/i><\/span><\/span><\/span><em class='clear'><\/em><\/p><\/a><div class='event_description evcal_eventcard ' style=\"display:none\"><div class='evo_metarow_details evorow evcal_evdata_row bordb evcal_event_details'>\r\n\t\t\t\t\t\t\t<div class=\"event_excerpt\" style=\"display:none\"><h3 class=\"padb5 evo_h3\">Detalhes do Evento<\/h3><p>\r\n  \r\n    Regulamento\r\n  \r\n  \r\n    <\/p><\/div><span class='evcal_evdata_icons'><i class='fa fa-align-justify'><\/i><\/span>\r\n\t\t\t\t\t\t\t\r\n\t\t\t\t\t\t\t<div class='evcal_evdata_cell '><div class='eventon_full_description'>\r\n\t\t\t\t\t\t\t\t\t<h3 class='padb5 evo_h3'><span class='evcal_evdata_icons'><i class='fa fa-align-justify'><\/i><\/span>Detalhes do Evento<\/h3><div class='eventon_desc_in' itemprop='description'>\r\n\t\t\t\t\t\t\t\t\t<div class=\"documents-list\">\n<div class=\"documents-list__item\">\n    <a href=\"https:\/\/api-files.federacao-triatlo.pt\/v1\/files\/2024\/events\/20240713LIN001\/event-files\/20240713LIN001-REG001-02.pdf\" target=\"_blank\" rel=\"noopener\"><span class=\"fa fa-file-pdf fa-2x\"><\/span><span class=\"documents-list__title\">Regulamento<\/span><\/a>\n  <\/div>\n<div class=\"documents-list__item\">\n    <a href=\"https:\/\/api-files.federacao-triatlo.pt\/v1\/files\/2024\/events\/20240713LIN001\/event-files\/20240713LIN001-MAP001-01.pdf\" target=\"_blank\" rel=\"noopener\"><span class=\"fa fa-file-pdf fa-2x\"><\/span><span class=\"documents-list__title\">Percursos<\/span><\/a>\n  <\/div>\n<div class=\"documents-list__item\">\n    <a href=\"https:\/\/api-files.federacao-triatlo.pt\/v1\/files\/2024\/events\/20240713LIN001\/event-files\/20240713LIN001-STL001-01.pdf\" target=\"_blank\" rel=\"noopener\"><span class=\"fa fa-list fa-2x\"><\/span><span class=\"documents-list__title\">Lista de Inscritos Campeonato Litoral e Interior Norte Jovem<\/span><\/a>\n  <\/div>\n<\/div>\n<\/div><div class='clear'><\/div>\r\n\t\t\t\t\t\t\t\t<\/div>\r\n\t\t\t\t\t\t\t<\/div>\r\n\t\t\t\t\t\t<\/div><div class='evo_metarow_time evorow evcal_evdata_row bordb evcal_evrow_sm '>\r\n\t\t\t\t\t\t\t<span class='evcal_evdata_icons'><i class='fa fa-clock-o'><\/i><\/span>\r\n\t\t\t\t\t\t\t<div class='evcal_evdata_cell'>\t\t\t\t\t\t\t\r\n\t\t\t\t\t\t\t\t<h3 class='evo_h3'><span class='evcal_evdata_icons'><i class='fa fa-clock-o'><\/i><\/span>Hor\u00e1rio<\/h3><p>(S\u00e1bado) 14:50 - 14:50<\/p>\r\n\t\t\t\t\t\t\t<\/div>\r\n\t\t\t\t\t\t<\/div>\t\t\t\t\t\t<div class='evo_metarow_ICS evorow bordb evcal_evdata_row'>\r\n\t\t\t\t\t\t\t<span class=\"evcal_evdata_icons\"><i class=\"fa fa-calendar\"><\/i><\/span>\r\n\t\t\t\t\t\t\t<div class='evcal_evdata_cell'>\r\n\t\t\t\t\t\t\t\t<p><a href='https:\/\/www.federacao-triatlo.pt\/ftp2015\/wp-admin\/admin-ajax.php?action=eventon_ics_download&amp;event_id=100492&amp;sunix=20240713T135000Z&amp;eunix=20240713T135000Z&amp;loca=&amp;locn=' class='evo_ics_nCal' title='Adicionar ao seu calend\u00e1rio'>Calend\u00e1rio<\/a><a href='\/\/www.google.com\/calendar\/event?action=TEMPLATE&amp;text=Rios+Ib%C3%A9ricos+GoldIm%C3%B3veis+Duatlo+Jovem&amp;dates=20240713T135000Z\/20240713T135000Z&amp;details=%0D%0A++%0D%0A++++Regulamento%0D%0A++%0D%0A++%0D%0A++++&amp;location= - ' target='_blank' class='evo_ics_gCal' title='Adicionar ao calend\u00e1rio Google'>GoogleCal<\/a><\/p>\t\r\n\t\t\t\t\t\t\t<\/div>\t\t\t\t\t\t<\/div>\r\n\t\t\t\t\t\t<\/div><div class='clear end'><\/div><\/div><div id=\"event_99114\" class=\"eventon_list_event evo_eventtop past_event event\" data-event_id=\"99114\" data-time=\"1720915201-1721001599\" data-colr=\"#007230\" itemscope itemtype='http:\/\/schema.org\/Event' 4><div class=\"evo_event_schema\" style=\"display:none\" ><a itemprop='url'  href='https:\/\/www.federacao-triatlo.pt\/ftp2015\/events\/triatlo-de-castelo-de-paiva\/'><\/a><span itemprop='name'  >Rios Ib\u00e9ricos GoldIm\u00f3veis<\/span><meta itemprop='image' content='https:\/\/www.federacao-triatlo.pt\/ftp2015\/wp-content\/uploads\/2023\/12\/Cartaz-Rios-Ibericos-300x180.png' ><\/meta><meta itemprop='description' content='\r\n  \r\n    Regulamento\r\n  \r\n  \r\n    ' ><\/meta><meta itemprop='startDate' content='2024-7-14' ><\/meta><meta itemprop='endDate' content='2024-7-14' ><\/meta><meta itemprop='eventStatus' content='on-schedule' ><\/meta><script type=\"application\/ld+json\">{\t\"@context\": \"http:\/\/schema.org\",\r\n\t\t\t\t\t\t\t  \t\"@type\": \"Event\",\r\n\t\t\t\t\t\t\t  \t\"name\": \"Rios Ib\u00e9ricos GoldIm\u00f3veis\",\r\n\t\t\t\t\t\t\t  \t\"startDate\": \"2024-7-14T00-00-00-00\",\r\n\t\t\t\t\t\t\t  \t\"endDate\": \"2024-7-14T23-23-59-00\",\r\n\t\t\t\t\t\t\t  \t\"image\":\"https:\/\/www.federacao-triatlo.pt\/ftp2015\/wp-content\/uploads\/2023\/12\/Cartaz-Rios-Ibericos-300x180.png\",\r\n\t\t\t\t\t\t\t  \t\"description\":\"\r\n  \r\n    Regulamento\r\n  \r\n  \r\n    \",\r\n\t\t\t\t\t\t\t  \t\r\n\t\t\t\t\t\t\t }\r\n\t\t\t\t\t\t\t<\/script><\/div>\r\n\t\t\t\t<p class=\"desc_trig_outter\"><a data-gmap_status=\"null\" data-exlk=\"0\" style=\"border-color: #007230;\" id=\"evc_172091520199114\" class=\"desc_trig evo_competicao-nacional sin_val evcal_list_a\" data-ux_val=\"1\"  ><span class='evcal_cblock ' data-bgcolor='#007230' data-smon='Julho' data-syr='2024'><span class='evo_start '><em class='date'>14<\/em><em class='month'>jul<\/em><em class='time'>allday<\/em><\/span><span class='evo_end only_time'><em class='time'>allday<\/em><\/span><em class='clear'><\/em><\/span><span class='evcal_desc evo_info hide_eventtopdata '  data-location_status=\"false\" ><span class='evo_above_title'><\/span><span class='evcal_desc2 evcal_event_title' itemprop='name'>Rios Ib\u00e9ricos GoldIm\u00f3veis<\/span><span class='evo_below_title'><span class='evcal_event_subtitle' >Ta\u00e7a de Portugal<\/span><\/span><span class='evcal_desc_info' ><\/span><span class='evcal_desc3'><span class='evcal_event_types ett1'><em><i>Tipo de Evento:<\/i><\/em><em data-filter='event_type'>Competi\u00e7\u00e3o Nacional<\/em><i class='clear'><\/i><\/span><\/span><\/span><em class='clear'><\/em><\/p><\/a><div class='event_description evcal_eventcard ' style=\"display:none\"><div class='evo_metarow_directimg'><img src='https:\/\/www.federacao-triatlo.pt\/ftp2015\/wp-content\/uploads\/2023\/12\/Cartaz-Rios-Ibericos.png' \/><\/div><div class='evo_metarow_details evorow evcal_evdata_row bordb evcal_event_details'>\r\n\t\t\t\t\t\t\t<div class=\"event_excerpt\" style=\"display:none\"><h3 class=\"padb5 evo_h3\">Detalhes do Evento<\/h3><p>\r\n  \r\n    Regulamento\r\n  \r\n  \r\n    <\/p><\/div><span class='evcal_evdata_icons'><i class='fa fa-align-justify'><\/i><\/span>\r\n\t\t\t\t\t\t\t\r\n\t\t\t\t\t\t\t<div class='evcal_evdata_cell '><div class='eventon_full_description'>\r\n\t\t\t\t\t\t\t\t\t<h3 class='padb5 evo_h3'><span class='evcal_evdata_icons'><i class='fa fa-align-justify'><\/i><\/span>Detalhes do Evento<\/h3><div class='eventon_desc_in' itemprop='description'>\r\n\t\t\t\t\t\t\t\t\t<div class=\"documents-list\">\n<div class=\"documents-list__item\">\n    <a href=\"https:\/\/api-files.federacao-triatlo.pt\/v1\/files\/2024\/events\/20240714FTP001\/event-files\/20240714FTP001-REG001-03.pdf\" target=\"_blank\" rel=\"noopener\"><span class=\"fa fa-file-pdf fa-2x\"><\/span><span class=\"documents-list__title\">Regulamento<\/span><\/a>\n  <\/div>\n<div class=\"documents-list__item\">\n    <a href=\"https:\/\/api-files.federacao-triatlo.pt\/v1\/files\/2024\/events\/20240714FTP001\/event-files\/20240714FTP001-MAP001-02.pdf\" target=\"_blank\" rel=\"noopener\"><span class=\"fa fa-file-pdf fa-2x\"><\/span><span class=\"documents-list__title\">Percursos da Ta\u00e7a de Portugal<\/span><\/a>\n  <\/div>\n<div class=\"documents-list__item\">\n    <a href=\"https:\/\/api-files.federacao-triatlo.pt\/v1\/files\/2024\/events\/20240714FTP001\/event-files\/20240714FTP001-MAP002-06.pdf\" target=\"_blank\" rel=\"noopener\"><span class=\"fa fa-file-pdf fa-2x\"><\/span><span class=\"documents-list__title\">Percursos do Campeonato Nacional de Cadetes e Triatlo Promo\u00e7\u00e3o<\/span><\/a>\n  <\/div>\n<div class=\"documents-list__item\">\n    <a href=\"https:\/\/api-files.federacao-triatlo.pt\/v1\/files\/2024\/events\/20240714FTP001\/event-files\/20240714FTP001-MAP003-04.pdf\" target=\"_blank\" rel=\"noopener\"><span class=\"fa fa-file-pdf fa-2x\"><\/span><span class=\"documents-list__title\">Percursos do Duatlo Promo\u00e7\u00e3o<\/span><\/a>\n  <\/div>\n<div class=\"documents-list__item\">\n    <a href=\"https:\/\/api-files.federacao-triatlo.pt\/v1\/files\/2024\/events\/20240714FTP001\/event-files\/20240714FTP001-STL001-02.pdf\" target=\"_blank\" rel=\"noopener\"><span class=\"fa fa-list fa-2x\"><\/span><span class=\"documents-list__title\">Lista de Inscritos Ta\u00e7a de Portugal<\/span><\/a>\n  <\/div>\n<div class=\"documents-list__item\">\n    <a href=\"https:\/\/api-files.federacao-triatlo.pt\/v1\/files\/2024\/events\/20240714FTP001\/event-files\/20240714FTP001-STL002-02.pdf\" target=\"_blank\" rel=\"noopener\"><span class=\"fa fa-list fa-2x\"><\/span><span class=\"documents-list__title\">Lista de Inscritos Campeonato Nacional de Cadetes<\/span><\/a>\n  <\/div>\n<div class=\"documents-list__item\">\n    <a href=\"https:\/\/api-files.federacao-triatlo.pt\/v1\/files\/2024\/events\/20240714FTP001\/event-files\/20240714FTP001-STL003-02.pdf\" target=\"_blank\" rel=\"noopener\"><span class=\"fa fa-list fa-2x\"><\/span><span class=\"documents-list__title\">Lista de Inscritos Triatlo Promo\u00e7\u00e3o<\/span><\/a>\n  <\/div>\n<div class=\"documents-list__item\">\n    <a href=\"https:\/\/api-files.federacao-triatlo.pt\/v1\/files\/2024\/events\/20240714FTP001\/event-files\/20240714FTP001-STL004-02.pdf\" target=\"_blank\" rel=\"noopener\"><span class=\"fa fa-list fa-2x\"><\/span><span class=\"documents-list__title\">Lista de Inscritos Duatlo Promo\u00e7\u00e3o<\/span><\/a>\n  <\/div>\n<\/div>\n<\/div><div class='clear'><\/div>\r\n\t\t\t\t\t\t\t\t<\/div>\r\n\t\t\t\t\t\t\t<\/div>\r\n\t\t\t\t\t\t<\/div><div class='evo_metarow_time evorow evcal_evdata_row bordb evcal_evrow_sm '>\r\n\t\t\t\t\t\t\t<span class='evcal_evdata_icons'><i class='fa fa-clock-o'><\/i><\/span>\r\n\t\t\t\t\t\t\t<div class='evcal_evdata_cell'>\t\t\t\t\t\t\t\r\n\t\t\t\t\t\t\t\t<h3 class='evo_h3'><span class='evcal_evdata_icons'><i class='fa fa-clock-o'><\/i><\/span>Hor\u00e1rio<\/h3><p>Todo o dia (Domingo)<\/p>\r\n\t\t\t\t\t\t\t<\/div>\r\n\t\t\t\t\t\t<\/div>\t\t\t\t\t\t<div class='evo_metarow_ICS evorow bordb evcal_evdata_row'>\r\n\t\t\t\t\t\t\t<span class=\"evcal_evdata_icons\"><i class=\"fa fa-calendar\"><\/i><\/span>\r\n\t\t\t\t\t\t\t<div class='evcal_evdata_cell'>\r\n\t\t\t\t\t\t\t\t<p><a href='https:\/\/www.federacao-triatlo.pt\/ftp2015\/wp-admin\/admin-ajax.php?action=eventon_ics_download&amp;event_id=99114&amp;sunix=20240713T230000Z&amp;eunix=20240714T225900Z&amp;loca=&amp;locn=' class='evo_ics_nCal' title='Adicionar ao seu calend\u00e1rio'>Calend\u00e1rio<\/a><a href='\/\/www.google.com\/calendar\/event?action=TEMPLATE&amp;text=Rios+Ib%C3%A9ricos+GoldIm%C3%B3veis&amp;dates=20240713T230000Z\/20240714T225900Z&amp;details=%0D%0A++%0D%0A++++Regulamento%0D%0A++%0D%0A++%0D%0A++++&amp;location= - ' target='_blank' class='evo_ics_gCal' title='Adicionar ao calend\u00e1rio Google'>GoogleCal<\/a><\/p>\t\r\n\t\t\t\t\t\t\t<\/div>\t\t\t\t\t\t<\/div>\r\n\t\t\t\t\t\t<\/div><div class='clear end'><\/div><\/div><div id=\"event_99821\" class=\"eventon_list_event evo_eventtop past_event event\" data-event_id=\"99821\" data-time=\"1720953720-1720953720\" data-colr=\"#0092e0\" itemscope itemtype='http:\/\/schema.org\/Event' 5><div class=\"evo_event_schema\" style=\"display:none\" ><a itemprop='url'  href='https:\/\/www.federacao-triatlo.pt\/ftp2015\/events\/vi-aquatlo-jovem-de-lagos\/'><\/a><span itemprop='name'  >VI Aquatlo Jovem de Lagos<\/span><meta itemprop='image' content='https:\/\/www.federacao-triatlo.pt\/ftp2015\/wp-content\/uploads\/2024\/03\/IMG-20240627-WA0000-212x300.jpg' ><\/meta><meta itemprop='description' content='\r\n  \r\n    Regulamento\r\n  \r\n  \r\n    ' ><\/meta><meta itemprop='startDate' content='2024-7-14' ><\/meta><meta itemprop='endDate' content='2024-7-14' ><\/meta><meta itemprop='eventStatus' content='on-schedule' ><\/meta><script type=\"application\/ld+json\">{\t\"@context\": \"http:\/\/schema.org\",\r\n\t\t\t\t\t\t\t  \t\"@type\": \"Event\",\r\n\t\t\t\t\t\t\t  \t\"name\": \"VI Aquatlo Jovem de Lagos\",\r\n\t\t\t\t\t\t\t  \t\"startDate\": \"2024-7-14T10-10-42-00\",\r\n\t\t\t\t\t\t\t  \t\"endDate\": \"2024-7-14T10-10-42-00\",\r\n\t\t\t\t\t\t\t  \t\"image\":\"https:\/\/www.federacao-triatlo.pt\/ftp2015\/wp-content\/uploads\/2024\/03\/IMG-20240627-WA0000-212x300.jpg\",\r\n\t\t\t\t\t\t\t  \t\"description\":\"\r\n  \r\n    Regulamento\r\n  \r\n  \r\n    \",\r\n\t\t\t\t\t\t\t  \t\r\n\t\t\t\t\t\t\t }\r\n\t\t\t\t\t\t\t<\/script><\/div>\r\n\t\t\t\t<p class=\"desc_trig_outter\"><a data-gmap_status=\"null\" data-exlk=\"0\" style=\"border-color: #0092e0;\" id=\"evc_172095372099821\" class=\"desc_trig evo_algarve-baixo-alentejo-competicao-regional sin_val evcal_list_a\" data-ux_val=\"1\"  ><span class='evcal_cblock ' data-bgcolor='#0092e0' data-smon='Julho' data-syr='2024'><span class='evo_start '><em class='date'>14<\/em><em class='month'>jul<\/em><em class='time'>10:42<\/em><\/span><span class='evo_end only_time'><em class='time'>10:42<\/em><\/span><em class='clear'><\/em><\/span><span class='evcal_desc evo_info hide_eventtopdata '  data-location_status=\"false\" ><span class='evo_above_title'><\/span><span class='evcal_desc2 evcal_event_title' itemprop='name'>VI Aquatlo Jovem de Lagos<\/span><span class='evo_below_title'><span class='evcal_event_subtitle' > CAMPEONATO ALGARVE E BAIXO ALENTEJO JOVEM<\/span><\/span><span class='evcal_desc_info' ><\/span><span class='evcal_desc3'><span class='evcal_event_types ett1'><em><i>Tipo de Evento:<\/i><\/em><em data-filter='event_type'>Algarve e Baixo Alentejo<\/em><i class='clear'><\/i><\/span><\/span><\/span><em class='clear'><\/em><\/p><\/a><div class='event_description evcal_eventcard ' style=\"display:none\"><div class='evo_metarow_directimg'><img src='https:\/\/www.federacao-triatlo.pt\/ftp2015\/wp-content\/uploads\/2024\/03\/IMG-20240627-WA0000.jpg' \/><\/div><div class='evo_metarow_details evorow evcal_evdata_row bordb evcal_event_details'>\r\n\t\t\t\t\t\t\t<div class=\"event_excerpt\" style=\"display:none\"><h3 class=\"padb5 evo_h3\">Detalhes do Evento<\/h3><p>\r\n  \r\n    Regulamento\r\n  \r\n  \r\n    <\/p><\/div><span class='evcal_evdata_icons'><i class='fa fa-align-justify'><\/i><\/span>\r\n\t\t\t\t\t\t\t\r\n\t\t\t\t\t\t\t<div class='evcal_evdata_cell '><div class='eventon_full_description'>\r\n\t\t\t\t\t\t\t\t\t<h3 class='padb5 evo_h3'><span class='evcal_evdata_icons'><i class='fa fa-align-justify'><\/i><\/span>Detalhes do Evento<\/h3><div class='eventon_desc_in' itemprop='description'>\r\n\t\t\t\t\t\t\t\t\t<div class=\"documents-list\">\n<div class=\"documents-list__item\">\n    <a href=\"https:\/\/api-files.federacao-triatlo.pt\/v1\/files\/2024\/events\/20240714ABA001\/event-files\/20240714ABA001-REG001-01.pdf\" target=\"_blank\" rel=\"noopener\"><span class=\"fa fa-file-pdf fa-2x\"><\/span><span class=\"documents-list__title\">Regulamento<\/span><\/a>\n  <\/div>\n<div class=\"documents-list__item\">\n    <a href=\"https:\/\/api-files.federacao-triatlo.pt\/v1\/files\/2024\/events\/20240714ABA001\/event-files\/20240714ABA001-MAP001-01.pdf\" target=\"_blank\" rel=\"noopener\"><span class=\"fa fa-file-pdf fa-2x\"><\/span><span class=\"documents-list__title\">Percursos<\/span><\/a>\n  <\/div>\n<div class=\"documents-list__item\">\n    <a href=\"https:\/\/api-files.federacao-triatlo.pt\/v1\/files\/2024\/events\/20240714ABA001\/event-files\/20240714ABA001-STL001-01.pdf\" target=\"_blank\" rel=\"noopener\"><span class=\"fa fa-list fa-2x\"><\/span><span class=\"documents-list__title\">Lista de Inscritos Campeonato Algarve e Baixo Alentejo Jovem<\/span><\/a>\n  <\/div>\n<div class=\"documents-list__item\">\n    <a href=\"https:\/\/api-files.federacao-triatlo.pt\/v1\/files\/2024\/events\/20240714ABA001\/event-files\/20240714ABA001-STL002-01.pdf\" target=\"_blank\" rel=\"noopener\"><span class=\"fa fa-list fa-2x\"><\/span><span class=\"documents-list__title\">Lista de Inscritos Prova Aberta<\/span><\/a>\n  <\/div>\n<\/div>\n<\/div><div class='clear'><\/div>\r\n\t\t\t\t\t\t\t\t<\/div>\r\n\t\t\t\t\t\t\t<\/div>\r\n\t\t\t\t\t\t<\/div><div class='evo_metarow_time evorow evcal_evdata_row bordb evcal_evrow_sm '>\r\n\t\t\t\t\t\t\t<span class='evcal_evdata_icons'><i class='fa fa-clock-o'><\/i><\/span>\r\n\t\t\t\t\t\t\t<div class='evcal_evdata_cell'>\t\t\t\t\t\t\t\r\n\t\t\t\t\t\t\t\t<h3 class='evo_h3'><span class='evcal_evdata_icons'><i class='fa fa-clock-o'><\/i><\/span>Hor\u00e1rio<\/h3><p>(Domingo) 10:42 - 10:42<\/p>\r\n\t\t\t\t\t\t\t<\/div>\r\n\t\t\t\t\t\t<\/div>\t\t\t\t\t\t<div class='evo_metarow_ICS evorow bordb evcal_evdata_row'>\r\n\t\t\t\t\t\t\t<span class=\"evcal_evdata_icons\"><i class=\"fa fa-calendar\"><\/i><\/span>\r\n\t\t\t\t\t\t\t<div class='evcal_evdata_cell'>\r\n\t\t\t\t\t\t\t\t<p><a href='https:\/\/www.federacao-triatlo.pt\/ftp2015\/wp-admin\/admin-ajax.php?action=eventon_ics_download&amp;event_id=99821&amp;sunix=20240714T094200Z&amp;eunix=20240714T094200Z&amp;loca=&amp;locn=' class='evo_ics_nCal' title='Adicionar ao seu calend\u00e1rio'>Calend\u00e1rio<\/a><a href='\/\/www.google.com\/calendar\/event?action=TEMPLATE&amp;text=VI+Aquatlo+Jovem+de+Lagos&amp;dates=20240714T094200Z\/20240714T094200Z&amp;details=%0D%0A++%0D%0A++++Regulamento%0D%0A++%0D%0A++%0D%0A++++&amp;location= - ' target='_blank' class='evo_ics_gCal' title='Adicionar ao calend\u00e1rio Google'>GoogleCal<\/a><\/p>\t\r\n\t\t\t\t\t\t\t<\/div>\t\t\t\t\t\t<\/div>\r\n\t\t\t\t\t\t<\/div><div class='clear end'><\/div><\/div><div id=\"event_99115\" class=\"eventon_list_event evo_eventtop past_event event\" data-event_id=\"99115\" data-time=\"1721520001-1721606399\" data-colr=\"#007230\" itemscope itemtype='http:\/\/schema.org\/Event' 6><div class=\"evo_event_schema\" style=\"display:none\" ><a itemprop='url'  href='https:\/\/www.federacao-triatlo.pt\/ftp2015\/events\/ii-triatlo-cross-de-fornos-de-algodres\/'><\/a><span itemprop='name'  >II Triatlo Cross de Fornos de Algodres<\/span><meta itemprop='image'  ><\/meta><meta itemprop='description' content='\r\n  \r\n    Regulamento\r\n  \r\n  \r\n    ' ><\/meta><meta itemprop='startDate' content='2024-7-21' ><\/meta><meta itemprop='endDate' content='2024-7-21' ><\/meta><meta itemprop='eventStatus' content='on-schedule' ><\/meta><script type=\"application\/ld+json\">{\t\"@context\": \"http:\/\/schema.org\",\r\n\t\t\t\t\t\t\t  \t\"@type\": \"Event\",\r\n\t\t\t\t\t\t\t  \t\"name\": \"II Triatlo Cross de Fornos de Algodres\",\r\n\t\t\t\t\t\t\t  \t\"startDate\": \"2024-7-21T00-00-00-00\",\r\n\t\t\t\t\t\t\t  \t\"endDate\": \"2024-7-21T23-23-59-00\",\r\n\t\t\t\t\t\t\t  \t\"image\":,\r\n\t\t\t\t\t\t\t  \t\"description\":\"\r\n  \r\n    Regulamento\r\n  \r\n  \r\n    \",\r\n\t\t\t\t\t\t\t  \t\r\n\t\t\t\t\t\t\t }\r\n\t\t\t\t\t\t\t<\/script><\/div>\r\n\t\t\t\t<p class=\"desc_trig_outter\"><a data-gmap_status=\"null\" data-exlk=\"0\" style=\"border-color: #007230;\" id=\"evc_172152000199115\" class=\"desc_trig evo_competicao-nacional sin_val evcal_list_a\" data-ux_val=\"1\"  ><span class='evcal_cblock ' data-bgcolor='#007230' data-smon='Julho' data-syr='2024'><span class='evo_start '><em class='date'>21<\/em><em class='month'>jul<\/em><em class='time'>allday<\/em><\/span><span class='evo_end only_time'><em class='time'>allday<\/em><\/span><em class='clear'><\/em><\/span><span class='evcal_desc evo_info hide_eventtopdata '  data-location_status=\"false\" ><span class='evo_above_title'><\/span><span class='evcal_desc2 evcal_event_title' itemprop='name'>II Triatlo Cross de Fornos de Algodres<\/span><span class='evo_below_title'><span class='evcal_event_subtitle' >Campeonato Nacional de Clubes Cross<\/span><\/span><span class='evcal_desc_info' ><\/span><span class='evcal_desc3'><span class='evcal_event_types ett1'><em><i>Tipo de Evento:<\/i><\/em><em data-filter='event_type'>Competi\u00e7\u00e3o Nacional<\/em><i class='clear'><\/i><\/span><\/span><\/span><em class='clear'><\/em><\/p><\/a><div class='event_description evcal_eventcard ' style=\"display:none\"><div class='evo_metarow_details evorow evcal_evdata_row bordb evcal_event_details'>\r\n\t\t\t\t\t\t\t<div class=\"event_excerpt\" style=\"display:none\"><h3 class=\"padb5 evo_h3\">Detalhes do Evento<\/h3><p>\r\n  \r\n    Regulamento\r\n  \r\n  \r\n    <\/p><\/div><span class='evcal_evdata_icons'><i class='fa fa-align-justify'><\/i><\/span>\r\n\t\t\t\t\t\t\t\r\n\t\t\t\t\t\t\t<div class='evcal_evdata_cell '><div class='eventon_full_description'>\r\n\t\t\t\t\t\t\t\t\t<h3 class='padb5 evo_h3'><span class='evcal_evdata_icons'><i class='fa fa-align-justify'><\/i><\/span>Detalhes do Evento<\/h3><div class='eventon_desc_in' itemprop='description'>\r\n\t\t\t\t\t\t\t\t\t<div class=\"documents-list\">\n<div class=\"documents-list__item\">\n    <a href=\"https:\/\/api-files.federacao-triatlo.pt\/v1\/files\/2024\/events\/20240721FTP001\/event-files\/20240721FTP001-REG001-02.pdf\" target=\"_blank\" rel=\"noopener\"><span class=\"fa fa-file-pdf fa-2x\"><\/span><span class=\"documents-list__title\">Regulamento<\/span><\/a>\n  <\/div>\n<div class=\"documents-list__item\">\n    <a href=\"https:\/\/api-files.federacao-triatlo.pt\/v1\/files\/2024\/events\/20240721FTP001\/event-files\/20240721FTP001-MAP001-03.pdf\" target=\"_blank\" rel=\"noopener\"><span class=\"fa fa-file-pdf fa-2x\"><\/span><span class=\"documents-list__title\">Percursos<\/span><\/a>\n  <\/div>\n<div class=\"documents-list__item\">\n    <a href=\"https:\/\/api-files.federacao-triatlo.pt\/v1\/files\/2024\/events\/20240721FTP001\/event-files\/20240721FTP001-STL001-02.pdf\" target=\"_blank\" rel=\"noopener\"><span class=\"fa fa-list fa-2x\"><\/span><span class=\"documents-list__title\">Lista de Inscritos Campeonato Nacional de Clubes Cross<\/span><\/a>\n  <\/div>\n<div class=\"documents-list__item\">\n    <a href=\"https:\/\/api-files.federacao-triatlo.pt\/v1\/files\/2024\/events\/20240721FTP001\/event-files\/20240721FTP001-STL002-01.pdf\" target=\"_blank\" rel=\"noopener\"><span class=\"fa fa-list fa-2x\"><\/span><span class=\"documents-list__title\">Lista de Inscritos Campeonato Nacional de Paratriatlo<\/span><\/a>\n  <\/div>\n<div class=\"documents-list__item\">\n    <a href=\"https:\/\/api-files.federacao-triatlo.pt\/v1\/files\/2024\/events\/20240721FTP001\/event-files\/20240721FTP001-STL003-02.pdf\" target=\"_blank\" rel=\"noopener\"><span class=\"fa fa-list fa-2x\"><\/span><span class=\"documents-list__title\">Lista de Inscritos Prova Aberta<\/span><\/a>\n  <\/div>\n<\/div>\n<\/div><div class='clear'><\/div>\r\n\t\t\t\t\t\t\t\t<\/div>\r\n\t\t\t\t\t\t\t<\/div>\r\n\t\t\t\t\t\t<\/div><div class='evo_metarow_time evorow evcal_evdata_row bordb evcal_evrow_sm '>\r\n\t\t\t\t\t\t\t<span class='evcal_evdata_icons'><i class='fa fa-clock-o'><\/i><\/span>\r\n\t\t\t\t\t\t\t<div class='evcal_evdata_cell'>\t\t\t\t\t\t\t\r\n\t\t\t\t\t\t\t\t<h3 class='evo_h3'><span class='evcal_evdata_icons'><i class='fa fa-clock-o'><\/i><\/span>Hor\u00e1rio<\/h3><p>Todo o dia (Domingo)<\/p>\r\n\t\t\t\t\t\t\t<\/div>\r\n\t\t\t\t\t\t<\/div>\t\t\t\t\t\t<div class='evo_metarow_ICS evorow bordb evcal_evdata_row'>\r\n\t\t\t\t\t\t\t<span class=\"evcal_evdata_icons\"><i class=\"fa fa-calendar\"><\/i><\/span>\r\n\t\t\t\t\t\t\t<div class='evcal_evdata_cell'>\r\n\t\t\t\t\t\t\t\t<p><a href='https:\/\/www.federacao-triatlo.pt\/ftp2015\/wp-admin\/admin-ajax.php?action=eventon_ics_download&amp;event_id=99115&amp;sunix=20240720T230000Z&amp;eunix=20240721T225900Z&amp;loca=&amp;locn=' class='evo_ics_nCal' title='Adicionar ao seu calend\u00e1rio'>Calend\u00e1rio<\/a><a href='\/\/www.google.com\/calendar\/event?action=TEMPLATE&amp;text=II+Triatlo+Cross+de+Fornos+de+Algodres&amp;dates=20240720T230000Z\/20240721T225900Z&amp;details=%0D%0A++%0D%0A++++Regulamento%0D%0A++%0D%0A++%0D%0A++++&amp;location= - ' target='_blank' class='evo_ics_gCal' title='Adicionar ao calend\u00e1rio Google'>GoogleCal<\/a><\/p>\t\r\n\t\t\t\t\t\t\t<\/div>\t\t\t\t\t\t<\/div>\r\n\t\t\t\t\t\t<\/div><div class='clear end'><\/div><\/div><div id=\"event_99116\" class=\"eventon_list_event evo_eventtop past_event event\" data-event_id=\"99116\" data-time=\"1722038401-1722124799\" data-colr=\"#007230\" itemscope itemtype='http:\/\/schema.org\/Event' 7><div class=\"evo_event_schema\" style=\"display:none\" ><a itemprop='url'  href='https:\/\/www.federacao-triatlo.pt\/ftp2015\/events\/triatlo-4\/'><\/a><span itemprop='name'  >I Triatlo Cidade de Serpa<\/span><meta itemprop='image'  ><\/meta><meta itemprop='description' content='\r\n  \r\n    Regulamento\r\n  \r\n  \r\n    ' ><\/meta><meta itemprop='startDate' content='2024-7-27' ><\/meta><meta itemprop='endDate' content='2024-7-27' ><\/meta><meta itemprop='eventStatus' content='on-schedule' ><\/meta><script type=\"application\/ld+json\">{\t\"@context\": \"http:\/\/schema.org\",\r\n\t\t\t\t\t\t\t  \t\"@type\": \"Event\",\r\n\t\t\t\t\t\t\t  \t\"name\": \"I Triatlo Cidade de Serpa\",\r\n\t\t\t\t\t\t\t  \t\"startDate\": \"2024-7-27T00-00-00-00\",\r\n\t\t\t\t\t\t\t  \t\"endDate\": \"2024-7-27T23-23-59-00\",\r\n\t\t\t\t\t\t\t  \t\"image\":,\r\n\t\t\t\t\t\t\t  \t\"description\":\"\r\n  \r\n    Regulamento\r\n  \r\n  \r\n    \",\r\n\t\t\t\t\t\t\t  \t\r\n\t\t\t\t\t\t\t }\r\n\t\t\t\t\t\t\t<\/script><\/div>\r\n\t\t\t\t<p class=\"desc_trig_outter\"><a data-gmap_status=\"null\" data-exlk=\"0\" style=\"border-color: #007230;\" id=\"evc_172203840199116\" class=\"desc_trig evo_competicao-nacional sin_val evcal_list_a\" data-ux_val=\"1\"  ><span class='evcal_cblock ' data-bgcolor='#007230' data-smon='Julho' data-syr='2024'><span class='evo_start '><em class='date'>27<\/em><em class='month'>jul<\/em><em class='time'>allday<\/em><\/span><span class='evo_end only_time'><em class='time'>allday<\/em><\/span><em class='clear'><\/em><\/span><span class='evcal_desc evo_info hide_eventtopdata '  data-location_status=\"false\" ><span class='evo_above_title'><\/span><span class='evcal_desc2 evcal_event_title' itemprop='name'>I Triatlo Cidade de Serpa<\/span><span class='evo_below_title'><span class='evcal_event_subtitle' >Ta\u00e7a de Portugal<\/span><\/span><span class='evcal_desc_info' ><\/span><span class='evcal_desc3'><span class='evcal_event_types ett1'><em><i>Tipo de Evento:<\/i><\/em><em data-filter='event_type'>Competi\u00e7\u00e3o Nacional<\/em><i class='clear'><\/i><\/span><\/span><\/span><em class='clear'><\/em><\/p><\/a><div class='event_description evcal_eventcard ' style=\"display:none\"><div class='evo_metarow_details evorow evcal_evdata_row bordb evcal_event_details'>\r\n\t\t\t\t\t\t\t<div class=\"event_excerpt\" style=\"display:none\"><h3 class=\"padb5 evo_h3\">Detalhes do Evento<\/h3><p>\r\n  \r\n    Regulamento\r\n  \r\n  \r\n    <\/p><\/div><span class='evcal_evdata_icons'><i class='fa fa-align-justify'><\/i><\/span>\r\n\t\t\t\t\t\t\t\r\n\t\t\t\t\t\t\t<div class='evcal_evdata_cell '><div class='eventon_full_description'>\r\n\t\t\t\t\t\t\t\t\t<h3 class='padb5 evo_h3'><span class='evcal_evdata_icons'><i class='fa fa-align-justify'><\/i><\/span>Detalhes do Evento<\/h3><div class='eventon_desc_in' itemprop='description'>\r\n\t\t\t\t\t\t\t\t\t<div class=\"documents-list\">\n<div class=\"documents-list__item\">\n    <a href=\"https:\/\/api-files.federacao-triatlo.pt\/v1\/files\/2024\/events\/20240727FTP001\/event-files\/20240727FTP001-REG001-02.pdf\" target=\"_blank\" rel=\"noopener\"><span class=\"fa fa-file-pdf fa-2x\"><\/span><span class=\"documents-list__title\">Regulamento<\/span><\/a>\n  <\/div>\n<div class=\"documents-list__item\">\n    <a href=\"https:\/\/api-files.federacao-triatlo.pt\/v1\/files\/2024\/events\/20240727FTP001\/event-files\/20240727FTP001-MAP001-02.pdf\" target=\"_blank\" rel=\"noopener\"><span class=\"fa fa-file-pdf fa-2x\"><\/span><span class=\"documents-list__title\">Percursos da Ta\u00e7a de Portugal<\/span><\/a>\n  <\/div>\n<div class=\"documents-list__item\">\n    <a href=\"https:\/\/api-files.federacao-triatlo.pt\/v1\/files\/2024\/events\/20240727FTP001\/event-files\/20240727FTP001-STL001-02.pdf\" target=\"_blank\" rel=\"noopener\"><span class=\"fa fa-list fa-2x\"><\/span><span class=\"documents-list__title\">Lista de Inscritos Ta\u00e7a de Portugal<\/span><\/a>\n  <\/div>\n<\/div>\n<\/div><div class='clear'><\/div>\r\n\t\t\t\t\t\t\t\t<\/div>\r\n\t\t\t\t\t\t\t<\/div>\r\n\t\t\t\t\t\t<\/div><div class='evo_metarow_time evorow evcal_evdata_row bordb evcal_evrow_sm '>\r\n\t\t\t\t\t\t\t<span class='evcal_evdata_icons'><i class='fa fa-clock-o'><\/i><\/span>\r\n\t\t\t\t\t\t\t<div class='evcal_evdata_cell'>\t\t\t\t\t\t\t\r\n\t\t\t\t\t\t\t\t<h3 class='evo_h3'><span class='evcal_evdata_icons'><i class='fa fa-clock-o'><\/i><\/span>Hor\u00e1rio<\/h3><p>Todo o dia (S\u00e1bado)<\/p>\r\n\t\t\t\t\t\t\t<\/div>\r\n\t\t\t\t\t\t<\/div>\t\t\t\t\t\t<div class='evo_metarow_ICS evorow bordb evcal_evdata_row'>\r\n\t\t\t\t\t\t\t<span class=\"evcal_evdata_icons\"><i class=\"fa fa-calendar\"><\/i><\/span>\r\n\t\t\t\t\t\t\t<div class='evcal_evdata_cell'>\r\n\t\t\t\t\t\t\t\t<p><a href='https:\/\/www.federacao-triatlo.pt\/ftp2015\/wp-admin\/admin-ajax.php?action=eventon_ics_download&amp;event_id=99116&amp;sunix=20240726T230000Z&amp;eunix=20240727T225900Z&amp;loca=&amp;locn=' class='evo_ics_nCal' title='Adicionar ao seu calend\u00e1rio'>Calend\u00e1rio<\/a><a href='\/\/www.google.com\/calendar\/event?action=TEMPLATE&amp;text=I+Triatlo+Cidade+de+Serpa&amp;dates=20240726T230000Z\/20240727T225900Z&amp;details=%0D%0A++%0D%0A++++Regulamento%0D%0A++%0D%0A++%0D%0A++++&amp;location= - ' target='_blank' class='evo_ics_gCal' title='Adicionar ao calend\u00e1rio Google'>GoogleCal<\/a><\/p>\t\r\n\t\t\t\t\t\t\t<\/div>\t\t\t\t\t\t<\/div>\r\n\t\t\t\t\t\t<\/div><div class='clear end'><\/div><\/div><\/div><div class='evcal_month_line'><p>Setembro 2024<\/p><\/div><div id='evcal_list' class='evcal_list_month eventon_events_list '><div id=\"event_99118\" class=\"eventon_list_event evo_eventtop past_event event\" data-event_id=\"99118\" data-time=\"1725148801-1725235199\" data-colr=\"#007230\" itemscope itemtype='http:\/\/schema.org\/Event' 1><div class=\"evo_event_schema\" style=\"display:none\" ><a itemprop='url'  href='https:\/\/www.federacao-triatlo.pt\/ftp2015\/events\/triatlo-6\/'><\/a><span itemprop='name'  >Triatlo de Torres Novas<\/span><meta itemprop='image'  ><\/meta><meta itemprop='description' content='\r\n  \r\n    Regulamento\r\n  \r\n  \r\n    ' ><\/meta><meta itemprop='startDate' content='2024-9-1' ><\/meta><meta itemprop='endDate' content='2024-9-1' ><\/meta><meta itemprop='eventStatus' content='on-schedule' ><\/meta><script type=\"application\/ld+json\">{\t\"@context\": \"http:\/\/schema.org\",\r\n\t\t\t\t\t\t\t  \t\"@type\": \"Event\",\r\n\t\t\t\t\t\t\t  \t\"name\": \"Triatlo de Torres Novas\",\r\n\t\t\t\t\t\t\t  \t\"startDate\": \"2024-9-1T00-00-00-00\",\r\n\t\t\t\t\t\t\t  \t\"endDate\": \"2024-9-1T23-23-59-00\",\r\n\t\t\t\t\t\t\t  \t\"image\":,\r\n\t\t\t\t\t\t\t  \t\"description\":\"\r\n  \r\n    Regulamento\r\n  \r\n  \r\n    \",\r\n\t\t\t\t\t\t\t  \t\r\n\t\t\t\t\t\t\t }\r\n\t\t\t\t\t\t\t<\/script><\/div>\r\n\t\t\t\t<p class=\"desc_trig_outter\"><a data-gmap_status=\"null\" data-exlk=\"0\" style=\"border-color: #007230;\" id=\"evc_172514880199118\" class=\"desc_trig cancel_event 1 evo_competicao-nacional sin_val evcal_list_a\" data-ux_val=\"1\"  ><span class='evcal_cblock ' data-bgcolor='#007230' data-smon='Setembro' data-syr='2024'><span class='evo_start '><em class='date'>01<\/em><em class='month'>set<\/em><em class='time'>allday<\/em><\/span><span class='evo_end only_time'><em class='time'>allday<\/em><\/span><em class='clear'><\/em><\/span><span class='evcal_desc evo_info hide_eventtopdata '  data-location_status=\"false\" ><span class='evo_above_title'><span class='evo_event_headers canceled' title=''>Evento Cancelado<\/span><\/span><span class='evcal_desc2 evcal_event_title' itemprop='name'>Triatlo de Torres Novas<\/span><span class='evo_below_title'><span class='evcal_event_subtitle' >Campeonato Nacional Individual de Triatlo Standard<\/span><\/span><span class='evcal_desc_info' ><\/span><span class='evcal_desc3'><span class='evcal_event_types ett1'><em><i>Tipo de Evento:<\/i><\/em><em data-filter='event_type'>Competi\u00e7\u00e3o Nacional<\/em><i class='clear'><\/i><\/span><\/span><\/span><em class='clear'><\/em><\/p><\/a><div class='event_description evcal_eventcard ' style=\"display:none\"><div class='evo_metarow_details evorow evcal_evdata_row bordb evcal_event_details'>\r\n\t\t\t\t\t\t\t<div class=\"event_excerpt\" style=\"display:none\"><h3 class=\"padb5 evo_h3\">Detalhes do Evento<\/h3><p>\r\n  \r\n    Regulamento\r\n  \r\n  \r\n    <\/p><\/div><span class='evcal_evdata_icons'><i class='fa fa-align-justify'><\/i><\/span>\r\n\t\t\t\t\t\t\t\r\n\t\t\t\t\t\t\t<div class='evcal_evdata_cell '><div class='eventon_full_description'>\r\n\t\t\t\t\t\t\t\t\t<h3 class='padb5 evo_h3'><span class='evcal_evdata_icons'><i class='fa fa-align-justify'><\/i><\/span>Detalhes do Evento<\/h3><div class='eventon_desc_in' itemprop='description'>\r\n\t\t\t\t\t\t\t\t\t<div class=\"documents-list\">\n<div class=\"documents-list__item\">\n    <a href=\"https:\/\/api-files.federacao-triatlo.pt\/v1\/files\/2024\/events\/20240901FTP001\/event-files\/20240901FTP001-REG001-01.pdf\" target=\"_blank\" rel=\"noopener\"><span class=\"fa fa-file-pdf fa-2x\"><\/span><span class=\"documents-list__title\">Regulamento<\/span><\/a>\n  <\/div>\n<div class=\"documents-list__item\">\n    <a href=\"https:\/\/api-files.federacao-triatlo.pt\/v1\/files\/2024\/events\/20240901FTP001\/event-files\/20240901FTP001-MAP001-02.pdf\" target=\"_blank\" rel=\"noopener\"><span class=\"fa fa-file-pdf fa-2x\"><\/span><span class=\"documents-list__title\">Percursos do Campeonato Nacional Individual Elites e Juniores<\/span><\/a>\n  <\/div>\n<div class=\"documents-list__item\">\n    <a href=\"https:\/\/api-files.federacao-triatlo.pt\/v1\/files\/2024\/events\/20240901FTP001\/event-files\/20240901FTP001-MAP002-02.pdf\" target=\"_blank\" rel=\"noopener\"><span class=\"fa fa-file-pdf fa-2x\"><\/span><span class=\"documents-list__title\">Percursos do Campeonato Nacional Individual Grupos de Idade<\/span><\/a>\n  <\/div>\n<div class=\"documents-list__item\">\n    <a href=\"https:\/\/api-files.federacao-triatlo.pt\/v1\/files\/2024\/events\/20240901FTP001\/event-files\/20240901FTP001-MAP003-02.pdf\" target=\"_blank\" rel=\"noopener\"><span class=\"fa fa-file-pdf fa-2x\"><\/span><span class=\"documents-list__title\">Percursos do Campeonato Nacional de Cadetes<\/span><\/a>\n  <\/div>\n<\/div>\n<\/div><div class='clear'><\/div>\r\n\t\t\t\t\t\t\t\t<\/div>\r\n\t\t\t\t\t\t\t<\/div>\r\n\t\t\t\t\t\t<\/div><div class='evo_metarow_time evorow evcal_evdata_row bordb evcal_evrow_sm '>\r\n\t\t\t\t\t\t\t<span class='evcal_evdata_icons'><i class='fa fa-clock-o'><\/i><\/span>\r\n\t\t\t\t\t\t\t<div class='evcal_evdata_cell'>\t\t\t\t\t\t\t\r\n\t\t\t\t\t\t\t\t<h3 class='evo_h3'><span class='evcal_evdata_icons'><i class='fa fa-clock-o'><\/i><\/span>Hor\u00e1rio<\/h3><p>Todo o dia (Domingo)<\/p>\r\n\t\t\t\t\t\t\t<\/div>\r\n\t\t\t\t\t\t<\/div>\t\t\t\t\t\t<div class='evo_metarow_ICS evorow bordb evcal_evdata_row'>\r\n\t\t\t\t\t\t\t<span class=\"evcal_evdata_icons\"><i class=\"fa fa-calendar\"><\/i><\/span>\r\n\t\t\t\t\t\t\t<div class='evcal_evdata_cell'>\r\n\t\t\t\t\t\t\t\t<p><a href='https:\/\/www.federacao-triatlo.pt\/ftp2015\/wp-admin\/admin-ajax.php?action=eventon_ics_download&amp;event_id=99118&amp;sunix=20240831T230000Z&amp;eunix=20240901T225900Z&amp;loca=&amp;locn=' class='evo_ics_nCal' title='Adicionar ao seu calend\u00e1rio'>Calend\u00e1rio<\/a><a href='\/\/www.google.com\/calendar\/event?action=TEMPLATE&amp;text=Triatlo+de+Torres+Novas&amp;dates=20240831T230000Z\/20240901T225900Z&amp;details=%0D%0A++%0D%0A++++Regulamento%0D%0A++%0D%0A++%0D%0A++++&amp;location= - ' target='_blank' class='evo_ics_gCal' title='Adicionar ao calend\u00e1rio Google'>GoogleCal<\/a><\/p>\t\r\n\t\t\t\t\t\t\t<\/div>\t\t\t\t\t\t<\/div>\r\n\t\t\t\t\t\t<\/div><div class='clear end'><\/div><\/div><div id=\"event_100779\" class=\"eventon_list_event evo_eventtop past_event event\" data-event_id=\"100779\" data-time=\"1725789960-1725789960\" data-colr=\"#0092e0\" itemscope itemtype='http:\/\/schema.org\/Event' 2><div class=\"evo_event_schema\" style=\"display:none\" ><a itemprop='url'  href='https:\/\/www.federacao-triatlo.pt\/ftp2015\/events\/triatlo-jovem-do-jamor\/'><\/a><span itemprop='name'  >Triatlo Jovem do Jamor<\/span><meta itemprop='image'  ><\/meta><meta itemprop='description' content='\r\n  \r\n    Regulamento\r\n  \r\n  \r\n    ' ><\/meta><meta itemprop='startDate' content='2024-9-8' ><\/meta><meta itemprop='endDate' content='2024-9-8' ><\/meta><meta itemprop='eventStatus' content='on-schedule' ><\/meta><script type=\"application\/ld+json\">{\t\"@context\": \"http:\/\/schema.org\",\r\n\t\t\t\t\t\t\t  \t\"@type\": \"Event\",\r\n\t\t\t\t\t\t\t  \t\"name\": \"Triatlo Jovem do Jamor\",\r\n\t\t\t\t\t\t\t  \t\"startDate\": \"2024-9-8T10-10-06-00\",\r\n\t\t\t\t\t\t\t  \t\"endDate\": \"2024-9-8T10-10-06-00\",\r\n\t\t\t\t\t\t\t  \t\"image\":,\r\n\t\t\t\t\t\t\t  \t\"description\":\"\r\n  \r\n    Regulamento\r\n  \r\n  \r\n    \",\r\n\t\t\t\t\t\t\t  \t\r\n\t\t\t\t\t\t\t }\r\n\t\t\t\t\t\t\t<\/script><\/div>\r\n\t\t\t\t<p class=\"desc_trig_outter\"><a data-gmap_status=\"null\" data-exlk=\"0\" style=\"border-color: #0092e0;\" id=\"evc_1725789960100779\" class=\"desc_trig evo_lisboa-alto-alentejo-competicao-regional sin_val evcal_list_a\" data-ux_val=\"1\"  ><span class='evcal_cblock ' data-bgcolor='#0092e0' data-smon='Setembro' data-syr='2024'><span class='evo_start '><em class='date'>08<\/em><em class='month'>set<\/em><em class='time'>10:06<\/em><\/span><span class='evo_end only_time'><em class='time'>10:06<\/em><\/span><em class='clear'><\/em><\/span><span class='evcal_desc evo_info hide_eventtopdata '  data-location_status=\"false\" ><span class='evo_above_title'><\/span><span class='evcal_desc2 evcal_event_title' itemprop='name'>Triatlo Jovem do Jamor<\/span><span class='evo_below_title'><span class='evcal_event_subtitle' >CAMPEONATO LISBOA E ALTO ALENTEJO JOVEM<\/span><\/span><span class='evcal_desc_info' ><\/span><span class='evcal_desc3'><span class='evcal_event_types ett1'><em><i>Tipo de Evento:<\/i><\/em><em data-filter='event_type'>Lisboa e Alto Alentejo<\/em><i class='clear'><\/i><\/span><\/span><\/span><em class='clear'><\/em><\/p><\/a><div class='event_description evcal_eventcard ' style=\"display:none\"><div class='evo_metarow_details evorow evcal_evdata_row bordb evcal_event_details'>\r\n\t\t\t\t\t\t\t<div class=\"event_excerpt\" style=\"display:none\"><h3 class=\"padb5 evo_h3\">Detalhes do Evento<\/h3><p>\r\n  \r\n    Regulamento\r\n  \r\n  \r\n    <\/p><\/div><span class='evcal_evdata_icons'><i class='fa fa-align-justify'><\/i><\/span>\r\n\t\t\t\t\t\t\t\r\n\t\t\t\t\t\t\t<div class='evcal_evdata_cell '><div class='eventon_full_description'>\r\n\t\t\t\t\t\t\t\t\t<h3 class='padb5 evo_h3'><span class='evcal_evdata_icons'><i class='fa fa-align-justify'><\/i><\/span>Detalhes do Evento<\/h3><div class='eventon_desc_in' itemprop='description'>\r\n\t\t\t\t\t\t\t\t\t<div class=\"documents-list\">\n<div class=\"documents-list__item\">\n    <a href=\"https:\/\/api-files.federacao-triatlo.pt\/v1\/files\/2024\/events\/20240908LAA001\/event-files\/20240908LAA001-REG001-01.pdf\" target=\"_blank\" rel=\"noopener\"><span class=\"fa fa-file-pdf fa-2x\"><\/span><span class=\"documents-list__title\">Regulamento<\/span><\/a>\n  <\/div>\n<div class=\"documents-list__item\">\n    <a href=\"https:\/\/api-files.federacao-triatlo.pt\/v1\/files\/2024\/events\/20240908LAA001\/event-files\/20240908LAA001-MAP001-01.pdf\" target=\"_blank\" rel=\"noopener\"><span class=\"fa fa-file-pdf fa-2x\"><\/span><span class=\"documents-list__title\">Percursos<\/span><\/a>\n  <\/div>\n<div class=\"documents-list__item\">\n    <a href=\"https:\/\/api-files.federacao-triatlo.pt\/v1\/files\/2024\/events\/20240908LAA001\/event-files\/20240908LAA001-STL001-02.pdf\" target=\"_blank\" rel=\"noopener\"><span class=\"fa fa-list fa-2x\"><\/span><span class=\"documents-list__title\">Lista de Inscritos Campeonato Lisboa e Alto Alentejo Jovem<\/span><\/a>\n  <\/div>\n<\/div>\n<\/div><div class='clear'><\/div>\r\n\t\t\t\t\t\t\t\t<\/div>\r\n\t\t\t\t\t\t\t<\/div>\r\n\t\t\t\t\t\t<\/div><div class='evo_metarow_time evorow evcal_evdata_row bordb evcal_evrow_sm '>\r\n\t\t\t\t\t\t\t<span class='evcal_evdata_icons'><i class='fa fa-clock-o'><\/i><\/span>\r\n\t\t\t\t\t\t\t<div class='evcal_evdata_cell'>\t\t\t\t\t\t\t\r\n\t\t\t\t\t\t\t\t<h3 class='evo_h3'><span class='evcal_evdata_icons'><i class='fa fa-clock-o'><\/i><\/span>Hor\u00e1rio<\/h3><p>(Domingo) 10:06 - 10:06<\/p>\r\n\t\t\t\t\t\t\t<\/div>\r\n\t\t\t\t\t\t<\/div>\t\t\t\t\t\t<div class='evo_metarow_ICS evorow bordb evcal_evdata_row'>\r\n\t\t\t\t\t\t\t<span class=\"evcal_evdata_icons\"><i class=\"fa fa-calendar\"><\/i><\/span>\r\n\t\t\t\t\t\t\t<div class='evcal_evdata_cell'>\r\n\t\t\t\t\t\t\t\t<p><a href='https:\/\/www.federacao-triatlo.pt\/ftp2015\/wp-admin\/admin-ajax.php?action=eventon_ics_download&amp;event_id=100779&amp;sunix=20240908T090600Z&amp;eunix=20240908T090600Z&amp;loca=&amp;locn=' class='evo_ics_nCal' title='Adicionar ao seu calend\u00e1rio'>Calend\u00e1rio<\/a><a href='\/\/www.google.com\/calendar\/event?action=TEMPLATE&amp;text=Triatlo+Jovem+do+Jamor&amp;dates=20240908T090600Z\/20240908T090600Z&amp;details=%0D%0A++%0D%0A++++Regulamento%0D%0A++%0D%0A++%0D%0A++++&amp;location= - ' target='_blank' class='evo_ics_gCal' title='Adicionar ao calend\u00e1rio Google'>GoogleCal<\/a><\/p>\t\r\n\t\t\t\t\t\t\t<\/div>\t\t\t\t\t\t<\/div>\r\n\t\t\t\t\t\t<\/div><div class='clear end'><\/div><\/div><div id=\"event_99816\" class=\"eventon_list_event evo_eventtop past_event event\" data-event_id=\"99816\" data-time=\"1726396500-1726396500\" data-colr=\"#0092e0\" itemscope itemtype='http:\/\/schema.org\/Event' 3><div class=\"evo_event_schema\" style=\"display:none\" ><a itemprop='url'  href='https:\/\/www.federacao-triatlo.pt\/ftp2015\/events\/triatlo-de-vila-real-de-santo-antonio-3\/'><\/a><span itemprop='name'  >V Triatlo Foz do Guadiana<\/span><meta itemprop='image'  ><\/meta><meta itemprop='description' content='\r\n  \r\n    Regulamento\r\n  \r\n  \r\n    ' ><\/meta><meta itemprop='startDate' content='2024-9-15' ><\/meta><meta itemprop='endDate' content='2024-9-15' ><\/meta><meta itemprop='eventStatus' content='on-schedule' ><\/meta><script type=\"application\/ld+json\">{\t\"@context\": \"http:\/\/schema.org\",\r\n\t\t\t\t\t\t\t  \t\"@type\": \"Event\",\r\n\t\t\t\t\t\t\t  \t\"name\": \"V Triatlo Foz do Guadiana\",\r\n\t\t\t\t\t\t\t  \t\"startDate\": \"2024-9-15T10-10-35-00\",\r\n\t\t\t\t\t\t\t  \t\"endDate\": \"2024-9-15T10-10-35-00\",\r\n\t\t\t\t\t\t\t  \t\"image\":,\r\n\t\t\t\t\t\t\t  \t\"description\":\"\r\n  \r\n    Regulamento\r\n  \r\n  \r\n    \",\r\n\t\t\t\t\t\t\t  \t\r\n\t\t\t\t\t\t\t }\r\n\t\t\t\t\t\t\t<\/script><\/div>\r\n\t\t\t\t<p class=\"desc_trig_outter\"><a data-gmap_status=\"null\" data-exlk=\"0\" style=\"border-color: #0092e0;\" id=\"evc_172639650099816\" class=\"desc_trig evo_algarve-baixo-alentejo-competicao-regional sin_val evcal_list_a\" data-ux_val=\"1\"  ><span class='evcal_cblock ' data-bgcolor='#0092e0' data-smon='Setembro' data-syr='2024'><span class='evo_start '><em class='date'>15<\/em><em class='month'>set<\/em><em class='time'>10:35<\/em><\/span><span class='evo_end only_time'><em class='time'>10:35<\/em><\/span><em class='clear'><\/em><\/span><span class='evcal_desc evo_info hide_eventtopdata '  data-location_status=\"false\" ><span class='evo_above_title'><\/span><span class='evcal_desc2 evcal_event_title' itemprop='name'>V Triatlo Foz do Guadiana<\/span><span class='evo_below_title'><span class='evcal_event_subtitle' >CAMPEONATO ALGARVE E BAIXO ALENTEJO<\/span><\/span><span class='evcal_desc_info' ><\/span><span class='evcal_desc3'><span class='evcal_event_types ett1'><em><i>Tipo de Evento:<\/i><\/em><em data-filter='event_type'>Algarve e Baixo Alentejo<\/em><i class='clear'><\/i><\/span><\/span><\/span><em class='clear'><\/em><\/p><\/a><div class='event_description evcal_eventcard ' style=\"display:none\"><div class='evo_metarow_details evorow evcal_evdata_row bordb evcal_event_details'>\r\n\t\t\t\t\t\t\t<div class=\"event_excerpt\" style=\"display:none\"><h3 class=\"padb5 evo_h3\">Detalhes do Evento<\/h3><p>\r\n  \r\n    Regulamento\r\n  \r\n  \r\n    <\/p><\/div><span class='evcal_evdata_icons'><i class='fa fa-align-justify'><\/i><\/span>\r\n\t\t\t\t\t\t\t\r\n\t\t\t\t\t\t\t<div class='evcal_evdata_cell '><div class='eventon_full_description'>\r\n\t\t\t\t\t\t\t\t\t<h3 class='padb5 evo_h3'><span class='evcal_evdata_icons'><i class='fa fa-align-justify'><\/i><\/span>Detalhes do Evento<\/h3><div class='eventon_desc_in' itemprop='description'>\r\n\t\t\t\t\t\t\t\t\t<div class=\"documents-list\">\n<div class=\"documents-list__item\">\n    <a href=\"https:\/\/api-files.federacao-triatlo.pt\/v1\/files\/2024\/events\/20240915ABA001\/event-files\/20240915ABA001-REG001-01.pdf\" target=\"_blank\" rel=\"noopener\"><span class=\"fa fa-file-pdf fa-2x\"><\/span><span class=\"documents-list__title\">Regulamento<\/span><\/a>\n  <\/div>\n<div class=\"documents-list__item\">\n    <a href=\"https:\/\/api-files.federacao-triatlo.pt\/v1\/files\/2024\/events\/20240915ABA001\/event-files\/20240915ABA001-MAP001-01.pdf\" target=\"_blank\" rel=\"noopener\"><span class=\"fa fa-file-pdf fa-2x\"><\/span><span class=\"documents-list__title\">Percursos<\/span><\/a>\n  <\/div>\n<div class=\"documents-list__item\">\n    <a href=\"https:\/\/api-files.federacao-triatlo.pt\/v1\/files\/2024\/events\/20240915ABA001\/event-files\/20240915ABA001-STL001-01.pdf\" target=\"_blank\" rel=\"noopener\"><span class=\"fa fa-list fa-2x\"><\/span><span class=\"documents-list__title\">Lista de Inscritos<\/span><\/a>\n  <\/div>\n<\/div>\n<\/div><div class='clear'><\/div>\r\n\t\t\t\t\t\t\t\t<\/div>\r\n\t\t\t\t\t\t\t<\/div>\r\n\t\t\t\t\t\t<\/div><div class='evo_metarow_time evorow evcal_evdata_row bordb evcal_evrow_sm '>\r\n\t\t\t\t\t\t\t<span class='evcal_evdata_icons'><i class='fa fa-clock-o'><\/i><\/span>\r\n\t\t\t\t\t\t\t<div class='evcal_evdata_cell'>\t\t\t\t\t\t\t\r\n\t\t\t\t\t\t\t\t<h3 class='evo_h3'><span class='evcal_evdata_icons'><i class='fa fa-clock-o'><\/i><\/span>Hor\u00e1rio<\/h3><p>(Domingo) 10:35 - 10:35<\/p>\r\n\t\t\t\t\t\t\t<\/div>\r\n\t\t\t\t\t\t<\/div>\t\t\t\t\t\t<div class='evo_metarow_ICS evorow bordb evcal_evdata_row'>\r\n\t\t\t\t\t\t\t<span class=\"evcal_evdata_icons\"><i class=\"fa fa-calendar\"><\/i><\/span>\r\n\t\t\t\t\t\t\t<div class='evcal_evdata_cell'>\r\n\t\t\t\t\t\t\t\t<p><a href='https:\/\/www.federacao-triatlo.pt\/ftp2015\/wp-admin\/admin-ajax.php?action=eventon_ics_download&amp;event_id=99816&amp;sunix=20240915T093500Z&amp;eunix=20240915T093500Z&amp;loca=&amp;locn=' class='evo_ics_nCal' title='Adicionar ao seu calend\u00e1rio'>Calend\u00e1rio<\/a><a href='\/\/www.google.com\/calendar\/event?action=TEMPLATE&amp;text=V+Triatlo+Foz+do+Guadiana&amp;dates=20240915T093500Z\/20240915T093500Z&amp;details=%0D%0A++%0D%0A++++Regulamento%0D%0A++%0D%0A++%0D%0A++++&amp;location= - ' target='_blank' class='evo_ics_gCal' title='Adicionar ao calend\u00e1rio Google'>GoogleCal<\/a><\/p>\t\r\n\t\t\t\t\t\t\t<\/div>\t\t\t\t\t\t<\/div>\r\n\t\t\t\t\t\t<\/div><div class='clear end'><\/div><\/div><div id=\"event_99585\" class=\"eventon_list_event evo_eventtop past_event event\" data-event_id=\"99585\" data-time=\"1726401360-1726401360\" data-colr=\"#0092e0\" itemscope itemtype='http:\/\/schema.org\/Event' 4><div class=\"evo_event_schema\" style=\"display:none\" ><a itemprop='url'  href='https:\/\/www.federacao-triatlo.pt\/ftp2015\/events\/duatlo-de-pedrogao\/'><\/a><span itemprop='name'  >Duatlo de Pedrog\u00e3o<\/span><meta itemprop='image'  ><\/meta><meta itemprop='description' content='\r\n  \r\n    Regulamento\r\n  \r\n  \r\n    ' ><\/meta><meta itemprop='startDate' content='2024-9-15' ><\/meta><meta itemprop='endDate' content='2024-9-15' ><\/meta><meta itemprop='eventStatus' content='on-schedule' ><\/meta><script type=\"application\/ld+json\">{\t\"@context\": \"http:\/\/schema.org\",\r\n\t\t\t\t\t\t\t  \t\"@type\": \"Event\",\r\n\t\t\t\t\t\t\t  \t\"name\": \"Duatlo de Pedrog\u00e3o\",\r\n\t\t\t\t\t\t\t  \t\"startDate\": \"2024-9-15T11-11-56-00\",\r\n\t\t\t\t\t\t\t  \t\"endDate\": \"2024-9-15T11-11-56-00\",\r\n\t\t\t\t\t\t\t  \t\"image\":,\r\n\t\t\t\t\t\t\t  \t\"description\":\"\r\n  \r\n    Regulamento\r\n  \r\n  \r\n    \",\r\n\t\t\t\t\t\t\t  \t\r\n\t\t\t\t\t\t\t }\r\n\t\t\t\t\t\t\t<\/script><\/div>\r\n\t\t\t\t<p class=\"desc_trig_outter\"><a data-gmap_status=\"null\" data-exlk=\"0\" style=\"border-color: #0092e0;\" id=\"evc_172640136099585\" class=\"desc_trig evo_litoral-interior-centro-competicao-regional sin_val evcal_list_a\" data-ux_val=\"1\"  ><span class='evcal_cblock ' data-bgcolor='#0092e0' data-smon='Setembro' data-syr='2024'><span class='evo_start '><em class='date'>15<\/em><em class='month'>set<\/em><em class='time'>11:56<\/em><\/span><span class='evo_end only_time'><em class='time'>11:56<\/em><\/span><em class='clear'><\/em><\/span><span class='evcal_desc evo_info hide_eventtopdata '  data-location_status=\"false\" ><span class='evo_above_title'><\/span><span class='evcal_desc2 evcal_event_title' itemprop='name'>Duatlo de Pedrog\u00e3o<\/span><span class='evo_below_title'><span class='evcal_event_subtitle' >CAMPEONATO LITORAL E INTERIOR CENTRO - CAMPEONATO LITORAL E INTERIOR CENTRO JOVEM<\/span><\/span><span class='evcal_desc_info' ><\/span><span class='evcal_desc3'><span class='evcal_event_types ett1'><em><i>Tipo de Evento:<\/i><\/em><em data-filter='event_type'>Litoral e Interior Centro<\/em><i class='clear'><\/i><\/span><\/span><\/span><em class='clear'><\/em><\/p><\/a><div class='event_description evcal_eventcard ' style=\"display:none\"><div class='evo_metarow_details evorow evcal_evdata_row bordb evcal_event_details'>\r\n\t\t\t\t\t\t\t<div class=\"event_excerpt\" style=\"display:none\"><h3 class=\"padb5 evo_h3\">Detalhes do Evento<\/h3><p>\r\n  \r\n    Regulamento\r\n  \r\n  \r\n    <\/p><\/div><span class='evcal_evdata_icons'><i class='fa fa-align-justify'><\/i><\/span>\r\n\t\t\t\t\t\t\t\r\n\t\t\t\t\t\t\t<div class='evcal_evdata_cell '><div class='eventon_full_description'>\r\n\t\t\t\t\t\t\t\t\t<h3 class='padb5 evo_h3'><span class='evcal_evdata_icons'><i class='fa fa-align-justify'><\/i><\/span>Detalhes do Evento<\/h3><div class='eventon_desc_in' itemprop='description'>\r\n\t\t\t\t\t\t\t\t\t<div class=\"documents-list\">\n<div class=\"documents-list__item\">\n    <a href=\"https:\/\/api-files.federacao-triatlo.pt\/v1\/files\/2024\/events\/20240915LIC001\/event-files\/20240915LIC001-REG001-02.pdf\" target=\"_blank\" rel=\"noopener\"><span class=\"fa fa-file-pdf fa-2x\"><\/span><span class=\"documents-list__title\">Regulamento<\/span><\/a>\n  <\/div>\n<div class=\"documents-list__item\">\n    <a href=\"https:\/\/api-files.federacao-triatlo.pt\/v1\/files\/2024\/events\/20240915LIC001\/event-files\/20240915LIC001-MAP001-02.pdf\" target=\"_blank\" rel=\"noopener\"><span class=\"fa fa-file-pdf fa-2x\"><\/span><span class=\"documents-list__title\">Percursos Campeonato Absoluto Litoral e Interior Centro<\/span><\/a>\n  <\/div>\n<div class=\"documents-list__item\">\n    <a href=\"https:\/\/api-files.federacao-triatlo.pt\/v1\/files\/2024\/events\/20240915LIC001\/event-files\/20240915LIC001-MAP002-02.pdf\" target=\"_blank\" rel=\"noopener\"><span class=\"fa fa-file-pdf fa-2x\"><\/span><span class=\"documents-list__title\">Percursos Campeonato Litoral e Interior Centro Jovem de Clubes<\/span><\/a>\n  <\/div>\n<div class=\"documents-list__item\">\n    <a href=\"https:\/\/api-files.federacao-triatlo.pt\/v1\/files\/2024\/events\/20240915LIC001\/event-files\/20240915LIC001-STL001-01.pdf\" target=\"_blank\" rel=\"noopener\"><span class=\"fa fa-list fa-2x\"><\/span><span class=\"documents-list__title\">Lista de Inscritos Campeonato Absoluto Litoral e Interior Centro<\/span><\/a>\n  <\/div>\n<div class=\"documents-list__item\">\n    <a href=\"https:\/\/api-files.federacao-triatlo.pt\/v1\/files\/2024\/events\/20240915LIC001\/event-files\/20240915LIC001-STL002-01.pdf\" target=\"_blank\" rel=\"noopener\"><span class=\"fa fa-list fa-2x\"><\/span><span class=\"documents-list__title\">Lista de Inscritos Campeonato Litoral e Interior Centro Jovem de Clubes<\/span><\/a>\n  <\/div>\n<\/div>\n<\/div><div class='clear'><\/div>\r\n\t\t\t\t\t\t\t\t<\/div>\r\n\t\t\t\t\t\t\t<\/div>\r\n\t\t\t\t\t\t<\/div><div class='evo_metarow_time evorow evcal_evdata_row bordb evcal_evrow_sm '>\r\n\t\t\t\t\t\t\t<span class='evcal_evdata_icons'><i class='fa fa-clock-o'><\/i><\/span>\r\n\t\t\t\t\t\t\t<div class='evcal_evdata_cell'>\t\t\t\t\t\t\t\r\n\t\t\t\t\t\t\t\t<h3 class='evo_h3'><span class='evcal_evdata_icons'><i class='fa fa-clock-o'><\/i><\/span>Hor\u00e1rio<\/h3><p>(Domingo) 11:56 - 11:56<\/p>\r\n\t\t\t\t\t\t\t<\/div>\r\n\t\t\t\t\t\t<\/div>\t\t\t\t\t\t<div class='evo_metarow_ICS evorow bordb evcal_evdata_row'>\r\n\t\t\t\t\t\t\t<span class=\"evcal_evdata_icons\"><i class=\"fa fa-calendar\"><\/i><\/span>\r\n\t\t\t\t\t\t\t<div class='evcal_evdata_cell'>\r\n\t\t\t\t\t\t\t\t<p><a href='https:\/\/www.federacao-triatlo.pt\/ftp2015\/wp-admin\/admin-ajax.php?action=eventon_ics_download&amp;event_id=99585&amp;sunix=20240915T105600Z&amp;eunix=20240915T105600Z&amp;loca=&amp;locn=' class='evo_ics_nCal' title='Adicionar ao seu calend\u00e1rio'>Calend\u00e1rio<\/a><a href='\/\/www.google.com\/calendar\/event?action=TEMPLATE&amp;text=Duatlo+de+Pedrog%C3%A3o&amp;dates=20240915T105600Z\/20240915T105600Z&amp;details=%0D%0A++%0D%0A++++Regulamento%0D%0A++%0D%0A++%0D%0A++++&amp;location= - ' target='_blank' class='evo_ics_gCal' title='Adicionar ao calend\u00e1rio Google'>GoogleCal<\/a><\/p>\t\r\n\t\t\t\t\t\t\t<\/div>\t\t\t\t\t\t<\/div>\r\n\t\t\t\t\t\t<\/div><div class='clear end'><\/div><\/div><div id=\"event_99119\" class=\"eventon_list_event evo_eventtop past_event event\" data-event_id=\"99119\" data-time=\"1726876800-1727049540\" data-colr=\"#007230\" itemscope itemtype='http:\/\/schema.org\/Event' 5><div class=\"evo_event_schema\" style=\"display:none\" ><a itemprop='url'  href='https:\/\/www.federacao-triatlo.pt\/ftp2015\/events\/iii-triatlo-de-sao-martinho-do-porto\/'><\/a><span itemprop='name'  >III Triatlo de S\u00e3o Martinho do Porto<\/span><meta itemprop='image'  ><\/meta><meta itemprop='description' content='\r\n  \r\n    Regulamento\r\n  \r\n  \r\n    ' ><\/meta><meta itemprop='startDate' content='2024-9-21' ><\/meta><meta itemprop='endDate' content='2024-9-22' ><\/meta><meta itemprop='eventStatus' content='on-schedule' ><\/meta><script type=\"application\/ld+json\">{\t\"@context\": \"http:\/\/schema.org\",\r\n\t\t\t\t\t\t\t  \t\"@type\": \"Event\",\r\n\t\t\t\t\t\t\t  \t\"name\": \"III Triatlo de S\u00e3o Martinho do Porto\",\r\n\t\t\t\t\t\t\t  \t\"startDate\": \"2024-9-21T00-00-00-00\",\r\n\t\t\t\t\t\t\t  \t\"endDate\": \"2024-9-22T23-23-59-00\",\r\n\t\t\t\t\t\t\t  \t\"image\":,\r\n\t\t\t\t\t\t\t  \t\"description\":\"\r\n  \r\n    Regulamento\r\n  \r\n  \r\n    \",\r\n\t\t\t\t\t\t\t  \t\r\n\t\t\t\t\t\t\t }\r\n\t\t\t\t\t\t\t<\/script><\/div>\r\n\t\t\t\t<p class=\"desc_trig_outter\"><a data-gmap_status=\"null\" data-exlk=\"0\" style=\"border-color: #007230;\" id=\"evc_172687680099119\" class=\"desc_trig evo_competicao-nacional mul_val evcal_list_a\" data-ux_val=\"1\"  ><span class='evcal_cblock ' data-bgcolor='#007230' data-smon='Setembro' data-syr='2024'><span class='evo_start '><em class='date'>21<\/em><em class='month'>set<\/em><em class='time'><i t=\"y\">(set 21)<\/i>0:00<\/em><\/span><span class='evo_end '><em class='date'>22<\/em><em class='time'><i t=\"y\">(set 22)<\/i>23:59<\/em><\/span><em class='clear'><\/em><\/span><span class='evcal_desc evo_info hide_eventtopdata '  data-location_status=\"false\" ><span class='evo_above_title'><\/span><span class='evcal_desc2 evcal_event_title' itemprop='name'>III Triatlo de S\u00e3o Martinho do Porto<\/span><span class='evo_below_title'><span class='evcal_event_subtitle' >Campeonato Nacional de Clubes de Triatlo - Ta\u00e7a de Portugal<\/span><\/span><span class='evcal_desc_info' ><\/span><span class='evcal_desc3'><span class='evcal_event_types ett1'><em><i>Tipo de Evento:<\/i><\/em><em data-filter='event_type'>Competi\u00e7\u00e3o Nacional<\/em><i class='clear'><\/i><\/span><\/span><\/span><em class='clear'><\/em><\/p><\/a><div class='event_description evcal_eventcard ' style=\"display:none\"><div class='evo_metarow_details evorow evcal_evdata_row bordb evcal_event_details'>\r\n\t\t\t\t\t\t\t<div class=\"event_excerpt\" style=\"display:none\"><h3 class=\"padb5 evo_h3\">Detalhes do Evento<\/h3><p>\r\n  \r\n    Regulamento\r\n  \r\n  \r\n    <\/p><\/div><span class='evcal_evdata_icons'><i class='fa fa-align-justify'><\/i><\/span>\r\n\t\t\t\t\t\t\t\r\n\t\t\t\t\t\t\t<div class='evcal_evdata_cell '><div class='eventon_full_description'>\r\n\t\t\t\t\t\t\t\t\t<h3 class='padb5 evo_h3'><span class='evcal_evdata_icons'><i class='fa fa-align-justify'><\/i><\/span>Detalhes do Evento<\/h3><div class='eventon_desc_in' itemprop='description'>\r\n\t\t\t\t\t\t\t\t\t<div class=\"documents-list\">\n<div class=\"documents-list__item\">\n    <a href=\"https:\/\/api-files.federacao-triatlo.pt\/v1\/files\/2024\/events\/20240921FTP001\/event-files\/20240921FTP001-REG001-02.pdf\" target=\"_blank\" rel=\"noopener\"><span class=\"fa fa-file-pdf fa-2x\"><\/span><span class=\"documents-list__title\">Regulamento<\/span><\/a>\n  <\/div>\n<div class=\"documents-list__item\">\n    <a href=\"https:\/\/api-files.federacao-triatlo.pt\/v1\/files\/2024\/events\/20240921FTP001\/event-files\/20240921FTP001-MAP001-01.pdf\" target=\"_blank\" rel=\"noopener\"><span class=\"fa fa-file-pdf fa-2x\"><\/span><span class=\"documents-list__title\">Percursos do Campeonato Nacional de Clubes<\/span><\/a>\n  <\/div>\n<div class=\"documents-list__item\">\n    <a href=\"https:\/\/api-files.federacao-triatlo.pt\/v1\/files\/2024\/events\/20240921FTP001\/event-files\/20240921FTP001-MAP002-01.pdf\" target=\"_blank\" rel=\"noopener\"><span class=\"fa fa-file-pdf fa-2x\"><\/span><span class=\"documents-list__title\">Percursos da Ta\u00e7a de Portugal<\/span><\/a>\n  <\/div>\n<div class=\"documents-list__item\">\n    <a href=\"https:\/\/api-files.federacao-triatlo.pt\/v1\/files\/2024\/events\/20240921FTP001\/event-files\/20240921FTP001-STL001-04.pdf\" target=\"_blank\" rel=\"noopener\"><span class=\"fa fa-list fa-2x\"><\/span><span class=\"documents-list__title\">Lista de Inscritos CN Clubes<\/span><\/a>\n  <\/div>\n<div class=\"documents-list__item\">\n    <a href=\"https:\/\/api-files.federacao-triatlo.pt\/v1\/files\/2024\/events\/20240921FTP001\/event-files\/20240921FTP001-STL002-03.pdf\" target=\"_blank\" rel=\"noopener\"><span class=\"fa fa-list fa-2x\"><\/span><span class=\"documents-list__title\">Lista de Inscritos Ta\u00e7a de Portugal<\/span><\/a>\n  <\/div>\n<div class=\"documents-list__item\">\n    <a href=\"https:\/\/api-files.federacao-triatlo.pt\/v1\/files\/2024\/events\/20240921FTP001\/event-files\/20240921FTP001-STL003-02.pdf\" target=\"_blank\" rel=\"noopener\"><span class=\"fa fa-list fa-2x\"><\/span><span class=\"documents-list__title\">Lista de Inscritos Prova Aberta<\/span><\/a>\n  <\/div>\n<\/div>\n<h4>Inscri\u00e7\u00f5es na etapa do CN Clubes Triatlo disputada em Estafetas<\/h4>\n<p>Para formalizar as inscri\u00e7\u00f5es ter\u00e1 de se proceder ao preenchimento e envio da respetiva ficha at\u00e9 \u00e0s 23h59 do dia 09 de setembro:<\/p>\n<ul>\n<li><a href=\"https:\/\/www.federacao-triatlo.pt\/ftp2015\/wp-content\/uploads\/2023\/12\/Ficha-de-Inscricao-CNC-Estafetas.doc\">Ficha de Inscri\u00e7\u00e3o CNC Estafetas<\/a><\/li>\n<\/ul>\n<p>S\u00f3 ser\u00e3o aceites inscri\u00e7\u00f5es de equipas que componham a estafeta completa, no caso de estafetas masculinas compostas por 4 elementos e estafetas femininas compostas por 3 elementos.<\/p>\n<h4>Formas de pagamento<\/h4>\n<ul>\n<li>Transfer\u00eancia banc\u00e1ria no valor de 40\u20ac para o IBAN PT50 0045 5442 40331296628 30. Dever\u00e1 enviar comprovativo do pagamento identificando a prova para competicoes@federacao-triatlo.pt.<\/li>\n<\/ul>\n<\/div><div class='clear'><\/div>\r\n\t\t\t\t\t\t\t\t<\/div>\r\n\t\t\t\t\t\t\t<\/div>\r\n\t\t\t\t\t\t<\/div><div class='evo_metarow_time evorow evcal_evdata_row bordb evcal_evrow_sm '>\r\n\t\t\t\t\t\t\t<span class='evcal_evdata_icons'><i class='fa fa-clock-o'><\/i><\/span>\r\n\t\t\t\t\t\t\t<div class='evcal_evdata_cell'>\t\t\t\t\t\t\t\r\n\t\t\t\t\t\t\t\t<h3 class='evo_h3'><span class='evcal_evdata_icons'><i class='fa fa-clock-o'><\/i><\/span>Hor\u00e1rio<\/h3><p>21 (S\u00e1bado) 0:00 - 22 (Domingo) 23:59<\/p>\r\n\t\t\t\t\t\t\t<\/div>\r\n\t\t\t\t\t\t<\/div>\t\t\t\t\t\t<div class='evo_metarow_ICS evorow bordb evcal_evdata_row'>\r\n\t\t\t\t\t\t\t<span class=\"evcal_evdata_icons\"><i class=\"fa fa-calendar\"><\/i><\/span>\r\n\t\t\t\t\t\t\t<div class='evcal_evdata_cell'>\r\n\t\t\t\t\t\t\t\t<p><a href='https:\/\/www.federacao-triatlo.pt\/ftp2015\/wp-admin\/admin-ajax.php?action=eventon_ics_download&amp;event_id=99119&amp;sunix=20240920T230000Z&amp;eunix=20240922T225900Z&amp;loca=&amp;locn=' class='evo_ics_nCal' title='Adicionar ao seu calend\u00e1rio'>Calend\u00e1rio<\/a><a href='\/\/www.google.com\/calendar\/event?action=TEMPLATE&amp;text=III+Triatlo+de+S%C3%A3o+Martinho+do+Porto&amp;dates=20240920T230000Z\/20240922T225900Z&amp;details=%0D%0A++%0D%0A++++Regulamento%0D%0A++%0D%0A++%0D%0A++++&amp;location= - ' target='_blank' class='evo_ics_gCal' title='Adicionar ao calend\u00e1rio Google'>GoogleCal<\/a><\/p>\t\r\n\t\t\t\t\t\t\t<\/div>\t\t\t\t\t\t<\/div>\r\n\t\t\t\t\t\t<\/div><div class='clear end'><\/div><\/div><div id=\"event_99586\" class=\"eventon_list_event evo_eventtop past_event event\" data-event_id=\"99586\" data-time=\"1727524620-1727611020\" data-colr=\"#0092e0\" itemscope itemtype='http:\/\/schema.org\/Event' 6><div class=\"evo_event_schema\" style=\"display:none\" ><a itemprop='url'  href='https:\/\/www.federacao-triatlo.pt\/ftp2015\/events\/duatlo-de-fatima-3\/'><\/a><span itemprop='name'  >VIII Duatlo de F\u00e1tima<\/span><meta itemprop='image'  ><\/meta><meta itemprop='description' content='\r\n  \r\n    Regulamento\r\n  \r\n  \r\n    ' ><\/meta><meta itemprop='startDate' content='2024-9-28' ><\/meta><meta itemprop='endDate' content='2024-9-29' ><\/meta><meta itemprop='eventStatus' content='on-schedule' ><\/meta><script type=\"application\/ld+json\">{\t\"@context\": \"http:\/\/schema.org\",\r\n\t\t\t\t\t\t\t  \t\"@type\": \"Event\",\r\n\t\t\t\t\t\t\t  \t\"name\": \"VIII Duatlo de F\u00e1tima\",\r\n\t\t\t\t\t\t\t  \t\"startDate\": \"2024-9-28T11-11-57-00\",\r\n\t\t\t\t\t\t\t  \t\"endDate\": \"2024-9-29T11-11-57-00\",\r\n\t\t\t\t\t\t\t  \t\"image\":,\r\n\t\t\t\t\t\t\t  \t\"description\":\"\r\n  \r\n    Regulamento\r\n  \r\n  \r\n    \",\r\n\t\t\t\t\t\t\t  \t\r\n\t\t\t\t\t\t\t }\r\n\t\t\t\t\t\t\t<\/script><\/div>\r\n\t\t\t\t<p class=\"desc_trig_outter\"><a data-gmap_status=\"null\" data-exlk=\"0\" style=\"border-color: #0092e0;\" id=\"evc_172752462099586\" class=\"desc_trig evo_litoral-interior-centro-competicao-regional mul_val evcal_list_a\" data-ux_val=\"1\"  ><span class='evcal_cblock ' data-bgcolor='#0092e0' data-smon='Setembro' data-syr='2024'><span class='evo_start '><em class='date'>28<\/em><em class='month'>set<\/em><em class='time'><i t=\"y\">(set 28)<\/i>11:57<\/em><\/span><span class='evo_end '><em class='date'>29<\/em><em class='time'><i t=\"y\">(set 29)<\/i>11:57<\/em><\/span><em class='clear'><\/em><\/span><span class='evcal_desc evo_info hide_eventtopdata '  data-location_status=\"false\" ><span class='evo_above_title'><\/span><span class='evcal_desc2 evcal_event_title' itemprop='name'>VIII Duatlo de F\u00e1tima<\/span><span class='evo_below_title'><span class='evcal_event_subtitle' >CAMPEONATO LITORAL E INTERIOR CENTRO JOVEM - CAMPEONATO LITORAL E INTERIOR CENTRO<\/span><\/span><span class='evcal_desc_info' ><\/span><span class='evcal_desc3'><span class='evcal_event_types ett1'><em><i>Tipo de Evento:<\/i><\/em><em data-filter='event_type'>Litoral e Interior Centro<\/em><i class='clear'><\/i><\/span><\/span><\/span><em class='clear'><\/em><\/p><\/a><div class='event_description evcal_eventcard ' style=\"display:none\"><div class='evo_metarow_details evorow evcal_evdata_row bordb evcal_event_details'>\r\n\t\t\t\t\t\t\t<div class=\"event_excerpt\" style=\"display:none\"><h3 class=\"padb5 evo_h3\">Detalhes do Evento<\/h3><p>\r\n  \r\n    Regulamento\r\n  \r\n  \r\n    <\/p><\/div><span class='evcal_evdata_icons'><i class='fa fa-align-justify'><\/i><\/span>\r\n\t\t\t\t\t\t\t\r\n\t\t\t\t\t\t\t<div class='evcal_evdata_cell '><div class='eventon_full_description'>\r\n\t\t\t\t\t\t\t\t\t<h3 class='padb5 evo_h3'><span class='evcal_evdata_icons'><i class='fa fa-align-justify'><\/i><\/span>Detalhes do Evento<\/h3><div class='eventon_desc_in' itemprop='description'>\r\n\t\t\t\t\t\t\t\t\t<div class=\"documents-list\">\n<div class=\"documents-list__item\">\n    <a href=\"https:\/\/api-files.federacao-triatlo.pt\/v1\/files\/2024\/events\/20240928LIC001\/event-files\/20240928LIC001-REG001-01.pdf\" target=\"_blank\" rel=\"noopener\"><span class=\"fa fa-file-pdf fa-2x\"><\/span><span class=\"documents-list__title\">Regulamento<\/span><\/a>\n  <\/div>\n<div class=\"documents-list__item\">\n    <a href=\"https:\/\/api-files.federacao-triatlo.pt\/v1\/files\/2024\/events\/20240928LIC001\/event-files\/20240928LIC001-MAP001-01.pdf\" target=\"_blank\" rel=\"noopener\"><span class=\"fa fa-file-pdf fa-2x\"><\/span><span class=\"documents-list__title\">Percursos Campeonato Absoluto Litoral e Interior Centro<\/span><\/a>\n  <\/div>\n<div class=\"documents-list__item\">\n    <a href=\"https:\/\/api-files.federacao-triatlo.pt\/v1\/files\/2024\/events\/20240928LIC001\/event-files\/20240928LIC001-MAP002-01.pdf\" target=\"_blank\" rel=\"noopener\"><span class=\"fa fa-file-pdf fa-2x\"><\/span><span class=\"documents-list__title\">Percursos Campeonato Litoral e Interior Centro Jovem de Clubes<\/span><\/a>\n  <\/div>\n<div class=\"documents-list__item\">\n    <a href=\"https:\/\/api-files.federacao-triatlo.pt\/v1\/files\/2024\/events\/20240928LIC001\/event-files\/20240928LIC001-STL001-01.pdf\" target=\"_blank\" rel=\"noopener\"><span class=\"fa fa-list fa-2x\"><\/span><span class=\"documents-list__title\">Lista de Inscritos Campeonato Absoluto Litoral e Interior Centro<\/span><\/a>\n  <\/div>\n<div class=\"documents-list__item\">\n    <a href=\"https:\/\/api-files.federacao-triatlo.pt\/v1\/files\/2024\/events\/20240928LIC001\/event-files\/20240928LIC001-STL002-01.pdf\" target=\"_blank\" rel=\"noopener\"><span class=\"fa fa-list fa-2x\"><\/span><span class=\"documents-list__title\">Lista de Inscritos Campeonato Litoral e Interior Centro Jovem de Clubes<\/span><\/a>\n  <\/div>\n<\/div>\n<\/div><div class='clear'><\/div>\r\n\t\t\t\t\t\t\t\t<\/div>\r\n\t\t\t\t\t\t\t<\/div>\r\n\t\t\t\t\t\t<\/div><div class='evo_metarow_time evorow evcal_evdata_row bordb evcal_evrow_sm '>\r\n\t\t\t\t\t\t\t<span class='evcal_evdata_icons'><i class='fa fa-clock-o'><\/i><\/span>\r\n\t\t\t\t\t\t\t<div class='evcal_evdata_cell'>\t\t\t\t\t\t\t\r\n\t\t\t\t\t\t\t\t<h3 class='evo_h3'><span class='evcal_evdata_icons'><i class='fa fa-clock-o'><\/i><\/span>Hor\u00e1rio<\/h3><p>28 (S\u00e1bado) 11:57 - 29 (Domingo) 11:57<\/p>\r\n\t\t\t\t\t\t\t<\/div>\r\n\t\t\t\t\t\t<\/div>\t\t\t\t\t\t<div class='evo_metarow_ICS evorow bordb evcal_evdata_row'>\r\n\t\t\t\t\t\t\t<span class=\"evcal_evdata_icons\"><i class=\"fa fa-calendar\"><\/i><\/span>\r\n\t\t\t\t\t\t\t<div class='evcal_evdata_cell'>\r\n\t\t\t\t\t\t\t\t<p><a href='https:\/\/www.federacao-triatlo.pt\/ftp2015\/wp-admin\/admin-ajax.php?action=eventon_ics_download&amp;event_id=99586&amp;sunix=20240928T105700Z&amp;eunix=20240929T105700Z&amp;loca=&amp;locn=' class='evo_ics_nCal' title='Adicionar ao seu calend\u00e1rio'>Calend\u00e1rio<\/a><a href='\/\/www.google.com\/calendar\/event?action=TEMPLATE&amp;text=VIII+Duatlo+de+F%C3%A1tima&amp;dates=20240928T105700Z\/20240929T105700Z&amp;details=%0D%0A++%0D%0A++++Regulamento%0D%0A++%0D%0A++%0D%0A++++&amp;location= - ' target='_blank' class='evo_ics_gCal' title='Adicionar ao calend\u00e1rio Google'>GoogleCal<\/a><\/p>\t\r\n\t\t\t\t\t\t\t<\/div>\t\t\t\t\t\t<\/div>\r\n\t\t\t\t\t\t<\/div><div class='clear end'><\/div><\/div><div id=\"event_99598\" class=\"eventon_list_event evo_eventtop past_event event\" data-event_id=\"99598\" data-time=\"1727525700-1727525700\" data-colr=\"#0092e0\" itemscope itemtype='http:\/\/schema.org\/Event' 7><div class=\"evo_event_schema\" style=\"display:none\" ><a itemprop='url'  href='https:\/\/www.federacao-triatlo.pt\/ftp2015\/events\/i-aquatlo-de-leiao\/'><\/a><span itemprop='name'  >I Aquatlo de Lei\u00e3o<\/span><meta itemprop='image'  ><\/meta><meta itemprop='description' content='I Aquatlo de Lei\u00e3o' ><\/meta><meta itemprop='startDate' content='2024-9-28' ><\/meta><meta itemprop='endDate' content='2024-9-28' ><\/meta><meta itemprop='eventStatus' content='on-schedule' ><\/meta><script type=\"application\/ld+json\">{\t\"@context\": \"http:\/\/schema.org\",\r\n\t\t\t\t\t\t\t  \t\"@type\": \"Event\",\r\n\t\t\t\t\t\t\t  \t\"name\": \"I Aquatlo de Lei\u00e3o\",\r\n\t\t\t\t\t\t\t  \t\"startDate\": \"2024-9-28T12-12-15-00\",\r\n\t\t\t\t\t\t\t  \t\"endDate\": \"2024-9-28T12-12-15-00\",\r\n\t\t\t\t\t\t\t  \t\"image\":,\r\n\t\t\t\t\t\t\t  \t\"description\":\"I Aquatlo de Lei\u00e3o\",\r\n\t\t\t\t\t\t\t  \t\r\n\t\t\t\t\t\t\t }\r\n\t\t\t\t\t\t\t<\/script><\/div>\r\n\t\t\t\t<p class=\"desc_trig_outter\"><a data-gmap_status=\"null\" data-exlk=\"0\" style=\"border-color: #0092e0;\" id=\"evc_172752570099598\" class=\"desc_trig cancel_event 1 evo_lisboa-alto-alentejo-competicao-regional sin_val evcal_list_a\" data-ux_val=\"1\"  ><span class='evcal_cblock ' data-bgcolor='#0092e0' data-smon='Setembro' data-syr='2024'><span class='evo_start '><em class='date'>28<\/em><em class='month'>set<\/em><em class='time'>12:15<\/em><\/span><span class='evo_end only_time'><em class='time'>12:15<\/em><\/span><em class='clear'><\/em><\/span><span class='evcal_desc evo_info hide_eventtopdata '  data-location_status=\"false\" ><span class='evo_above_title'><span class='evo_event_headers canceled' title=''>Evento Cancelado<\/span><\/span><span class='evcal_desc2 evcal_event_title' itemprop='name'>I Aquatlo de Lei\u00e3o<\/span><span class='evo_below_title'><span class='evcal_event_subtitle' >CAMPEONATO LISBOA E ALTO ALENTEJO JOVEM<\/span><\/span><span class='evcal_desc_info' ><\/span><span class='evcal_desc3'><span class='evcal_event_types ett1'><em><i>Tipo de Evento:<\/i><\/em><em data-filter='event_type'>Lisboa e Alto Alentejo<\/em><i class='clear'><\/i><\/span><\/span><\/span><em class='clear'><\/em><\/p><\/a><div class='event_description evcal_eventcard ' style=\"display:none\"><div class='evo_metarow_time evorow evcal_evdata_row bordb evcal_evrow_sm '>\r\n\t\t\t\t\t\t\t<span class='evcal_evdata_icons'><i class='fa fa-clock-o'><\/i><\/span>\r\n\t\t\t\t\t\t\t<div class='evcal_evdata_cell'>\t\t\t\t\t\t\t\r\n\t\t\t\t\t\t\t\t<h3 class='evo_h3'><span class='evcal_evdata_icons'><i class='fa fa-clock-o'><\/i><\/span>Hor\u00e1rio<\/h3><p>(S\u00e1bado) 12:15 - 12:15<\/p>\r\n\t\t\t\t\t\t\t<\/div>\r\n\t\t\t\t\t\t<\/div>\t\t\t\t\t\t<div class='evo_metarow_ICS evorow bordb evcal_evdata_row'>\r\n\t\t\t\t\t\t\t<span class=\"evcal_evdata_icons\"><i class=\"fa fa-calendar\"><\/i><\/span>\r\n\t\t\t\t\t\t\t<div class='evcal_evdata_cell'>\r\n\t\t\t\t\t\t\t\t<p><a href='https:\/\/www.federacao-triatlo.pt\/ftp2015\/wp-admin\/admin-ajax.php?action=eventon_ics_download&amp;event_id=99598&amp;sunix=20240928T111500Z&amp;eunix=20240928T111500Z&amp;loca=&amp;locn=' class='evo_ics_nCal' title='Adicionar ao seu calend\u00e1rio'>Calend\u00e1rio<\/a><a href='\/\/www.google.com\/calendar\/event?action=TEMPLATE&amp;text=I+Aquatlo+de+Lei%C3%A3o&amp;dates=20240928T111500Z\/20240928T111500Z&amp;details=I+Aquatlo+de+Lei%C3%A3o&amp;location= - ' target='_blank' class='evo_ics_gCal' title='Adicionar ao calend\u00e1rio Google'>GoogleCal<\/a><\/p>\t\r\n\t\t\t\t\t\t\t<\/div>\t\t\t\t\t\t<\/div>\r\n\t\t\t\t\t\t<\/div><div class='clear end'><\/div><\/div><div id=\"event_100868\" class=\"eventon_list_event evo_eventtop past_event event\" data-event_id=\"100868\" data-time=\"1727528400-1727567400\" data-colr=\"#0092e0\" itemscope itemtype='http:\/\/schema.org\/Event' 8><div class=\"evo_event_schema\" style=\"display:none\" ><a itemprop='url'  href='https:\/\/www.federacao-triatlo.pt\/ftp2015\/events\/triatlo-jovem-do-louletano\/'><\/a><span itemprop='name'  >Triatlo Jovem do Louletano<\/span><meta itemprop='image'  ><\/meta><meta itemprop='description' content='\r\n  \r\n    Regulamento\r\n  \r\n  \r\n    ' ><\/meta><meta itemprop='startDate' content='2024-9-28' ><\/meta><meta itemprop='endDate' content='2024-9-28' ><\/meta><meta itemprop='eventStatus' content='on-schedule' ><\/meta><script type=\"application\/ld+json\">{\t\"@context\": \"http:\/\/schema.org\",\r\n\t\t\t\t\t\t\t  \t\"@type\": \"Event\",\r\n\t\t\t\t\t\t\t  \t\"name\": \"Triatlo Jovem do Louletano\",\r\n\t\t\t\t\t\t\t  \t\"startDate\": \"2024-9-28T13-13-00-00\",\r\n\t\t\t\t\t\t\t  \t\"endDate\": \"2024-9-28T23-23-50-00\",\r\n\t\t\t\t\t\t\t  \t\"image\":,\r\n\t\t\t\t\t\t\t  \t\"description\":\"\r\n  \r\n    Regulamento\r\n  \r\n  \r\n    \",\r\n\t\t\t\t\t\t\t  \t\r\n\t\t\t\t\t\t\t }\r\n\t\t\t\t\t\t\t<\/script><\/div>\r\n\t\t\t\t<p class=\"desc_trig_outter\"><a data-gmap_status=\"null\" data-exlk=\"0\" style=\"border-color: #0092e0;\" id=\"evc_1727528400100868\" class=\"desc_trig evo_algarve-baixo-alentejo-competicao-regional sin_val evcal_list_a\" data-ux_val=\"1\"  ><span class='evcal_cblock ' data-bgcolor='#0092e0' data-smon='Setembro' data-syr='2024'><span class='evo_start '><em class='date'>28<\/em><em class='month'>set<\/em><em class='time'>13:00<\/em><\/span><em class='clear'><\/em><\/span><span class='evcal_desc evo_info hide_eventtopdata '  data-location_status=\"false\" ><span class='evo_above_title'><\/span><span class='evcal_desc2 evcal_event_title' itemprop='name'>Triatlo Jovem do Louletano<\/span><span class='evo_below_title'><span class='evcal_event_subtitle' >CAMPEONATO ALGARVE E BAIXO ALENTEJO JOVEM<\/span><\/span><span class='evcal_desc_info' ><\/span><span class='evcal_desc3'><span class='evcal_event_types ett1'><em><i>Tipo de Evento:<\/i><\/em><em data-filter='event_type'>Algarve e Baixo Alentejo<\/em><i class='clear'><\/i><\/span><\/span><\/span><em class='clear'><\/em><\/p><\/a><div class='event_description evcal_eventcard ' style=\"display:none\"><div class='evo_metarow_details evorow evcal_evdata_row bordb evcal_event_details'>\r\n\t\t\t\t\t\t\t<div class=\"event_excerpt\" style=\"display:none\"><h3 class=\"padb5 evo_h3\">Detalhes do Evento<\/h3><p>\r\n  \r\n    Regulamento\r\n  \r\n  \r\n    <\/p><\/div><span class='evcal_evdata_icons'><i class='fa fa-align-justify'><\/i><\/span>\r\n\t\t\t\t\t\t\t\r\n\t\t\t\t\t\t\t<div class='evcal_evdata_cell '><div class='eventon_full_description'>\r\n\t\t\t\t\t\t\t\t\t<h3 class='padb5 evo_h3'><span class='evcal_evdata_icons'><i class='fa fa-align-justify'><\/i><\/span>Detalhes do Evento<\/h3><div class='eventon_desc_in' itemprop='description'>\r\n\t\t\t\t\t\t\t\t\t<div class=\"documents-list\">\n<div class=\"documents-list__item\">\n    <a href=\"https:\/\/api-files.federacao-triatlo.pt\/v1\/files\/2024\/events\/20240928ABA001\/event-files\/20240928ABA001-REG001-01.pdf\" target=\"_blank\" rel=\"noopener\"><span class=\"fa fa-file-pdf fa-2x\"><\/span><span class=\"documents-list__title\">Regulamento<\/span><\/a>\n  <\/div>\n<div class=\"documents-list__item\">\n    <a href=\"https:\/\/api-files.federacao-triatlo.pt\/v1\/files\/2024\/events\/20240928ABA001\/event-files\/20240928ABA001-MAP001-01.pdf\" target=\"_blank\" rel=\"noopener\"><span class=\"fa fa-file-pdf fa-2x\"><\/span><span class=\"documents-list__title\">Percursos<\/span><\/a>\n  <\/div>\n<div class=\"documents-list__item\">\n    <a href=\"https:\/\/api-files.federacao-triatlo.pt\/v1\/files\/2024\/events\/20240928ABA001\/event-files\/20240928ABA001-STL001-01.pdf\" target=\"_blank\" rel=\"noopener\"><span class=\"fa fa-list fa-2x\"><\/span><span class=\"documents-list__title\">Lista de Inscritos Campeonato Algarve e Baixo Alentejo Jovem<\/span><\/a>\n  <\/div>\n<\/div>\n<\/div><div class='clear'><\/div>\r\n\t\t\t\t\t\t\t\t<\/div>\r\n\t\t\t\t\t\t\t<\/div>\r\n\t\t\t\t\t\t<\/div><div class='evo_metarow_time evorow evcal_evdata_row bordb evcal_evrow_sm '>\r\n\t\t\t\t\t\t\t<span class='evcal_evdata_icons'><i class='fa fa-clock-o'><\/i><\/span>\r\n\t\t\t\t\t\t\t<div class='evcal_evdata_cell'>\t\t\t\t\t\t\t\r\n\t\t\t\t\t\t\t\t<h3 class='evo_h3'><span class='evcal_evdata_icons'><i class='fa fa-clock-o'><\/i><\/span>Hor\u00e1rio<\/h3><p>(S\u00e1bado) 13:00<\/p>\r\n\t\t\t\t\t\t\t<\/div>\r\n\t\t\t\t\t\t<\/div>\t\t\t\t\t\t<div class='evo_metarow_ICS evorow bordb evcal_evdata_row'>\r\n\t\t\t\t\t\t\t<span class=\"evcal_evdata_icons\"><i class=\"fa fa-calendar\"><\/i><\/span>\r\n\t\t\t\t\t\t\t<div class='evcal_evdata_cell'>\r\n\t\t\t\t\t\t\t\t<p><a href='https:\/\/www.federacao-triatlo.pt\/ftp2015\/wp-admin\/admin-ajax.php?action=eventon_ics_download&amp;event_id=100868&amp;sunix=20240928T120000Z&amp;eunix=20240928T225000Z&amp;loca=&amp;locn=' class='evo_ics_nCal' title='Adicionar ao seu calend\u00e1rio'>Calend\u00e1rio<\/a><a href='\/\/www.google.com\/calendar\/event?action=TEMPLATE&amp;text=Triatlo+Jovem+do+Louletano&amp;dates=20240928T120000Z\/20240928T225000Z&amp;details=%0D%0A++%0D%0A++++Regulamento%0D%0A++%0D%0A++%0D%0A++++&amp;location= - ' target='_blank' class='evo_ics_gCal' title='Adicionar ao calend\u00e1rio Google'>GoogleCal<\/a><\/p>\t\r\n\t\t\t\t\t\t\t<\/div>\t\t\t\t\t\t<\/div>\r\n\t\t\t\t\t\t<\/div><div class='clear end'><\/div><\/div><div id=\"event_99814\" class=\"eventon_list_event evo_eventtop past_event event\" data-event_id=\"99814\" data-time=\"1727605860-1727605860\" data-colr=\"#0092e0\" itemscope itemtype='http:\/\/schema.org\/Event' 9><div class=\"evo_event_schema\" style=\"display:none\" ><a itemprop='url'  href='https:\/\/www.federacao-triatlo.pt\/ftp2015\/events\/v-duatlo-do-azinhal\/'><\/a><span itemprop='name'  >V Duatlo do Azinhal<\/span><meta itemprop='image' content='https:\/\/www.federacao-triatlo.pt\/ftp2015\/wp-content\/uploads\/2024\/03\/V-Duatlo-Azinhal-2024-212x300.jpg' ><\/meta><meta itemprop='description' content='\r\n  \r\n    Regulamento\r\n  \r\n  \r\n    ' ><\/meta><meta itemprop='startDate' content='2024-9-29' ><\/meta><meta itemprop='endDate' content='2024-9-29' ><\/meta><meta itemprop='eventStatus' content='on-schedule' ><\/meta><script type=\"application\/ld+json\">{\t\"@context\": \"http:\/\/schema.org\",\r\n\t\t\t\t\t\t\t  \t\"@type\": \"Event\",\r\n\t\t\t\t\t\t\t  \t\"name\": \"V Duatlo do Azinhal\",\r\n\t\t\t\t\t\t\t  \t\"startDate\": \"2024-9-29T10-10-31-00\",\r\n\t\t\t\t\t\t\t  \t\"endDate\": \"2024-9-29T10-10-31-00\",\r\n\t\t\t\t\t\t\t  \t\"image\":\"https:\/\/www.federacao-triatlo.pt\/ftp2015\/wp-content\/uploads\/2024\/03\/V-Duatlo-Azinhal-2024-212x300.jpg\",\r\n\t\t\t\t\t\t\t  \t\"description\":\"\r\n  \r\n    Regulamento\r\n  \r\n  \r\n    \",\r\n\t\t\t\t\t\t\t  \t\r\n\t\t\t\t\t\t\t }\r\n\t\t\t\t\t\t\t<\/script><\/div>\r\n\t\t\t\t<p class=\"desc_trig_outter\"><a data-gmap_status=\"null\" data-exlk=\"0\" style=\"border-color: #0092e0;\" id=\"evc_172760586099814\" class=\"desc_trig evo_algarve-baixo-alentejo-competicao-regional sin_val evcal_list_a\" data-ux_val=\"1\"  ><span class='evcal_cblock ' data-bgcolor='#0092e0' data-smon='Setembro' data-syr='2024'><span class='evo_start '><em class='date'>29<\/em><em class='month'>set<\/em><em class='time'>10:31<\/em><\/span><span class='evo_end only_time'><em class='time'>10:31<\/em><\/span><em class='clear'><\/em><\/span><span class='evcal_desc evo_info hide_eventtopdata '  data-location_status=\"false\" ><span class='evo_above_title'><\/span><span class='evcal_desc2 evcal_event_title' itemprop='name'>V Duatlo do Azinhal<\/span><span class='evo_below_title'><span class='evcal_event_subtitle' >CAMPEONATO ALGARVE E BAIXO ALENTEJO<\/span><\/span><span class='evcal_desc_info' ><\/span><span class='evcal_desc3'><span class='evcal_event_types ett1'><em><i>Tipo de Evento:<\/i><\/em><em data-filter='event_type'>Algarve e Baixo Alentejo<\/em><i class='clear'><\/i><\/span><\/span><\/span><em class='clear'><\/em><\/p><\/a><div class='event_description evcal_eventcard ' style=\"display:none\"><div class='evo_metarow_directimg'><img src='https:\/\/www.federacao-triatlo.pt\/ftp2015\/wp-content\/uploads\/2024\/03\/V-Duatlo-Azinhal-2024-scaled.jpg' \/><\/div><div class='evo_metarow_details evorow evcal_evdata_row bordb evcal_event_details'>\r\n\t\t\t\t\t\t\t<div class=\"event_excerpt\" style=\"display:none\"><h3 class=\"padb5 evo_h3\">Detalhes do Evento<\/h3><p>\r\n  \r\n    Regulamento\r\n  \r\n  \r\n    <\/p><\/div><span class='evcal_evdata_icons'><i class='fa fa-align-justify'><\/i><\/span>\r\n\t\t\t\t\t\t\t\r\n\t\t\t\t\t\t\t<div class='evcal_evdata_cell '><div class='eventon_full_description'>\r\n\t\t\t\t\t\t\t\t\t<h3 class='padb5 evo_h3'><span class='evcal_evdata_icons'><i class='fa fa-align-justify'><\/i><\/span>Detalhes do Evento<\/h3><div class='eventon_desc_in' itemprop='description'>\r\n\t\t\t\t\t\t\t\t\t<div class=\"documents-list\">\n<div class=\"documents-list__item\">\n    <a href=\"https:\/\/api-files.federacao-triatlo.pt\/v1\/files\/2024\/events\/20240929ABA001\/event-files\/20240929ABA001-REG001-01.pdf\" target=\"_blank\" rel=\"noopener\"><span class=\"fa fa-file-pdf fa-2x\"><\/span><span class=\"documents-list__title\">Regulamento<\/span><\/a>\n  <\/div>\n<div class=\"documents-list__item\">\n    <a href=\"https:\/\/api-files.federacao-triatlo.pt\/v1\/files\/2024\/events\/20240929ABA001\/event-files\/20240929ABA001-MAP001-01.pdf\" target=\"_blank\" rel=\"noopener\"><span class=\"fa fa-file-pdf fa-2x\"><\/span><span class=\"documents-list__title\">Percursos<\/span><\/a>\n  <\/div>\n<div class=\"documents-list__item\">\n    <a href=\"https:\/\/api-files.federacao-triatlo.pt\/v1\/files\/2024\/events\/20240929ABA001\/event-files\/20240929ABA001-STL001-01.pdf\" target=\"_blank\" rel=\"noopener\"><span class=\"fa fa-list fa-2x\"><\/span><span class=\"documents-list__title\">Lista de Inscritos Campeonato Algarve e Baixo Alentejo<\/span><\/a>\n  <\/div>\n<\/div>\n<\/div><div class='clear'><\/div>\r\n\t\t\t\t\t\t\t\t<\/div>\r\n\t\t\t\t\t\t\t<\/div>\r\n\t\t\t\t\t\t<\/div><div class='evo_metarow_time evorow evcal_evdata_row bordb evcal_evrow_sm '>\r\n\t\t\t\t\t\t\t<span class='evcal_evdata_icons'><i class='fa fa-clock-o'><\/i><\/span>\r\n\t\t\t\t\t\t\t<div class='evcal_evdata_cell'>\t\t\t\t\t\t\t\r\n\t\t\t\t\t\t\t\t<h3 class='evo_h3'><span class='evcal_evdata_icons'><i class='fa fa-clock-o'><\/i><\/span>Hor\u00e1rio<\/h3><p>(Domingo) 10:31 - 10:31<\/p>\r\n\t\t\t\t\t\t\t<\/div>\r\n\t\t\t\t\t\t<\/div>\t\t\t\t\t\t<div class='evo_metarow_ICS evorow bordb evcal_evdata_row'>\r\n\t\t\t\t\t\t\t<span class=\"evcal_evdata_icons\"><i class=\"fa fa-calendar\"><\/i><\/span>\r\n\t\t\t\t\t\t\t<div class='evcal_evdata_cell'>\r\n\t\t\t\t\t\t\t\t<p><a href='https:\/\/www.federacao-triatlo.pt\/ftp2015\/wp-admin\/admin-ajax.php?action=eventon_ics_download&amp;event_id=99814&amp;sunix=20240929T093100Z&amp;eunix=20240929T093100Z&amp;loca=&amp;locn=' class='evo_ics_nCal' title='Adicionar ao seu calend\u00e1rio'>Calend\u00e1rio<\/a><a href='\/\/www.google.com\/calendar\/event?action=TEMPLATE&amp;text=V+Duatlo+do+Azinhal&amp;dates=20240929T093100Z\/20240929T093100Z&amp;details=%0D%0A++%0D%0A++++Regulamento%0D%0A++%0D%0A++%0D%0A++++&amp;location= - ' target='_blank' class='evo_ics_gCal' title='Adicionar ao calend\u00e1rio Google'>GoogleCal<\/a><\/p>\t\r\n\t\t\t\t\t\t\t<\/div>\t\t\t\t\t\t<\/div>\r\n\t\t\t\t\t\t<\/div><div class='clear end'><\/div><\/div><\/div><div class='evcal_month_line'><p>Outubro 2024<\/p><\/div><div id='evcal_list' class='evcal_list_month eventon_events_list '><div id=\"event_99120\" class=\"eventon_list_event evo_eventtop past_event event\" data-event_id=\"99120\" data-time=\"1728172801-1728259199\" data-colr=\"#007230\" itemscope itemtype='http:\/\/schema.org\/Event' 1><div class=\"evo_event_schema\" style=\"display:none\" ><a itemprop='url'  href='https:\/\/www.federacao-triatlo.pt\/ftp2015\/events\/triatlo-copy\/'><\/a><span itemprop='name'  >II Triatlo das Caldas da Rainha<\/span><meta itemprop='image' content='https:\/\/www.federacao-triatlo.pt\/ftp2015\/wp-content\/uploads\/2024\/02\/Cartaz-225x300.jpeg' ><\/meta><meta itemprop='description' content='\r\n  \r\n    Regulamento\r\n  \r\n  \r\n    ' ><\/meta><meta itemprop='startDate' content='2024-10-6' ><\/meta><meta itemprop='endDate' content='2024-10-6' ><\/meta><meta itemprop='eventStatus' content='on-schedule' ><\/meta><script type=\"application\/ld+json\">{\t\"@context\": \"http:\/\/schema.org\",\r\n\t\t\t\t\t\t\t  \t\"@type\": \"Event\",\r\n\t\t\t\t\t\t\t  \t\"name\": \"II Triatlo das Caldas da Rainha\",\r\n\t\t\t\t\t\t\t  \t\"startDate\": \"2024-10-6T00-00-00-00\",\r\n\t\t\t\t\t\t\t  \t\"endDate\": \"2024-10-6T23-23-59-00\",\r\n\t\t\t\t\t\t\t  \t\"image\":\"https:\/\/www.federacao-triatlo.pt\/ftp2015\/wp-content\/uploads\/2024\/02\/Cartaz-225x300.jpeg\",\r\n\t\t\t\t\t\t\t  \t\"description\":\"\r\n  \r\n    Regulamento\r\n  \r\n  \r\n    \",\r\n\t\t\t\t\t\t\t  \t\r\n\t\t\t\t\t\t\t }\r\n\t\t\t\t\t\t\t<\/script><\/div>\r\n\t\t\t\t<p class=\"desc_trig_outter\"><a data-gmap_status=\"null\" data-exlk=\"0\" style=\"border-color: #007230;\" id=\"evc_172817280199120\" class=\"desc_trig evo_competicao-nacional sin_val evcal_list_a\" data-ux_val=\"1\"  ><span class='evcal_cblock ' data-bgcolor='#007230' data-smon='Outubro' data-syr='2024'><span class='evo_start '><em class='date'>06<\/em><em class='month'>out<\/em><em class='time'>allday<\/em><\/span><span class='evo_end only_time'><em class='time'>allday<\/em><\/span><em class='clear'><\/em><\/span><span class='evcal_desc evo_info hide_eventtopdata '  data-location_status=\"false\" ><span class='evo_above_title'><\/span><span class='evcal_desc2 evcal_event_title' itemprop='name'>II Triatlo das Caldas da Rainha<\/span><span class='evo_below_title'><span class='evcal_event_subtitle' >Campeonato Nacional de Clubes de Triatlo Longo<\/span><\/span><span class='evcal_desc_info' ><\/span><span class='evcal_desc3'><span class='evcal_event_types ett1'><em><i>Tipo de Evento:<\/i><\/em><em data-filter='event_type'>Competi\u00e7\u00e3o Nacional<\/em><i class='clear'><\/i><\/span><\/span><\/span><em class='clear'><\/em><\/p><\/a><div class='event_description evcal_eventcard ' style=\"display:none\"><div class='evo_metarow_directimg'><img src='https:\/\/www.federacao-triatlo.pt\/ftp2015\/wp-content\/uploads\/2024\/02\/Cartaz.jpeg' \/><\/div><div class='evo_metarow_details evorow evcal_evdata_row bordb evcal_event_details'>\r\n\t\t\t\t\t\t\t<div class=\"event_excerpt\" style=\"display:none\"><h3 class=\"padb5 evo_h3\">Detalhes do Evento<\/h3><p>\r\n  \r\n    Regulamento\r\n  \r\n  \r\n    <\/p><\/div><span class='evcal_evdata_icons'><i class='fa fa-align-justify'><\/i><\/span>\r\n\t\t\t\t\t\t\t\r\n\t\t\t\t\t\t\t<div class='evcal_evdata_cell '><div class='eventon_full_description'>\r\n\t\t\t\t\t\t\t\t\t<h3 class='padb5 evo_h3'><span class='evcal_evdata_icons'><i class='fa fa-align-justify'><\/i><\/span>Detalhes do Evento<\/h3><div class='eventon_desc_in' itemprop='description'>\r\n\t\t\t\t\t\t\t\t\t<div class=\"documents-list\">\n<div class=\"documents-list__item\">\n    <a href=\"https:\/\/api-files.federacao-triatlo.pt\/v1\/files\/2024\/events\/20241006FTP001\/event-files\/20241006FTP001-REG001-02.pdf\" target=\"_blank\" rel=\"noopener\"><span class=\"fa fa-file-pdf fa-2x\"><\/span><span class=\"documents-list__title\">Regulamento<\/span><\/a>\n  <\/div>\n<div class=\"documents-list__item\">\n    <a href=\"https:\/\/api-files.federacao-triatlo.pt\/v1\/files\/2024\/events\/20241006FTP001\/event-files\/20241006FTP001-MAP001-02.pdf\" target=\"_blank\" rel=\"noopener\"><span class=\"fa fa-file-pdf fa-2x\"><\/span><span class=\"documents-list__title\">Percursos<\/span><\/a>\n  <\/div>\n<div class=\"documents-list__item\">\n    <a href=\"https:\/\/api-files.federacao-triatlo.pt\/v1\/files\/2024\/events\/20241006FTP001\/event-files\/20241006FTP001-GUI001-02.pdf\" target=\"_blank\" rel=\"noopener\"><span class=\"fa fa-file-pdf fa-2x\"><\/span><span class=\"documents-list__title\">Briefing<\/span><\/a>\n  <\/div>\n<div class=\"documents-list__item\">\n    <a href=\"https:\/\/api-files.federacao-triatlo.pt\/v1\/files\/2024\/events\/20241006FTP001\/event-files\/20241006FTP001-STL001-02.pdf\" target=\"_blank\" rel=\"noopener\"><span class=\"fa fa-list fa-2x\"><\/span><span class=\"documents-list__title\">Lista de Inscritos Campeonato Nacional de Clubes de Triatlo Longo<\/span><\/a>\n  <\/div>\n<\/div>\n<\/div><div class='clear'><\/div>\r\n\t\t\t\t\t\t\t\t<\/div>\r\n\t\t\t\t\t\t\t<\/div>\r\n\t\t\t\t\t\t<\/div><div class='evo_metarow_time evorow evcal_evdata_row bordb evcal_evrow_sm '>\r\n\t\t\t\t\t\t\t<span class='evcal_evdata_icons'><i class='fa fa-clock-o'><\/i><\/span>\r\n\t\t\t\t\t\t\t<div class='evcal_evdata_cell'>\t\t\t\t\t\t\t\r\n\t\t\t\t\t\t\t\t<h3 class='evo_h3'><span class='evcal_evdata_icons'><i class='fa fa-clock-o'><\/i><\/span>Hor\u00e1rio<\/h3><p>Todo o dia (Domingo)<\/p>\r\n\t\t\t\t\t\t\t<\/div>\r\n\t\t\t\t\t\t<\/div>\t\t\t\t\t\t<div class='evo_metarow_ICS evorow bordb evcal_evdata_row'>\r\n\t\t\t\t\t\t\t<span class=\"evcal_evdata_icons\"><i class=\"fa fa-calendar\"><\/i><\/span>\r\n\t\t\t\t\t\t\t<div class='evcal_evdata_cell'>\r\n\t\t\t\t\t\t\t\t<p><a href='https:\/\/www.federacao-triatlo.pt\/ftp2015\/wp-admin\/admin-ajax.php?action=eventon_ics_download&amp;event_id=99120&amp;sunix=20241005T230000Z&amp;eunix=20241006T225900Z&amp;loca=&amp;locn=' class='evo_ics_nCal' title='Adicionar ao seu calend\u00e1rio'>Calend\u00e1rio<\/a><a href='\/\/www.google.com\/calendar\/event?action=TEMPLATE&amp;text=II+Triatlo+das+Caldas+da+Rainha&amp;dates=20241005T230000Z\/20241006T225900Z&amp;details=%0D%0A++%0D%0A++++Regulamento%0D%0A++%0D%0A++%0D%0A++++&amp;location= - ' target='_blank' class='evo_ics_gCal' title='Adicionar ao calend\u00e1rio Google'>GoogleCal<\/a><\/p>\t\r\n\t\t\t\t\t\t\t<\/div>\t\t\t\t\t\t<\/div>\r\n\t\t\t\t\t\t<\/div><div class='clear end'><\/div><\/div><div id=\"event_99123\" class=\"eventon_list_event evo_eventtop past_event event\" data-event_id=\"99123\" data-time=\"1728691200-1728777540\" data-colr=\"#ffd900\" itemscope itemtype='http:\/\/schema.org\/Event' 2><div class=\"evo_event_schema\" style=\"display:none\" ><a itemprop='url'  href='https:\/\/www.federacao-triatlo.pt\/ftp2015\/events\/v-triatlo-internacional-de-alhandra\/'><\/a><span itemprop='name'  >V Triatlo Internacional de Alhandra<\/span><meta itemprop='image'  ><\/meta><meta itemprop='description' content='V Triatlo Internacional de Alhandra' ><\/meta><meta itemprop='startDate' content='2024-10-12' ><\/meta><meta itemprop='endDate' content='2024-10-12' ><\/meta><meta itemprop='eventStatus' content='on-schedule' ><\/meta><script type=\"application\/ld+json\">{\t\"@context\": \"http:\/\/schema.org\",\r\n\t\t\t\t\t\t\t  \t\"@type\": \"Event\",\r\n\t\t\t\t\t\t\t  \t\"name\": \"V Triatlo Internacional de Alhandra\",\r\n\t\t\t\t\t\t\t  \t\"startDate\": \"2024-10-12T00-00-00-00\",\r\n\t\t\t\t\t\t\t  \t\"endDate\": \"2024-10-12T23-23-59-00\",\r\n\t\t\t\t\t\t\t  \t\"image\":,\r\n\t\t\t\t\t\t\t  \t\"description\":\"V Triatlo Internacional de Alhandra\",\r\n\t\t\t\t\t\t\t  \t\r\n\t\t\t\t\t\t\t }\r\n\t\t\t\t\t\t\t<\/script><\/div>\r\n\t\t\t\t<p class=\"desc_trig_outter\"><a data-gmap_status=\"null\" data-exlk=\"0\" style=\"border-color: #ffd900;\" id=\"evc_172869120099123\" class=\"desc_trig evo_competicao-internacional sin_val evcal_list_a\" data-ux_val=\"1\"  ><span class='evcal_cblock ' data-bgcolor='#ffd900' data-smon='Outubro' data-syr='2024'><span class='evo_start '><em class='date'>12<\/em><em class='month'>out<\/em><em class='time'>0:00<\/em><\/span><span class='evo_end only_time'><em class='time'>23:59<\/em><\/span><em class='clear'><\/em><\/span><span class='evcal_desc evo_info hide_eventtopdata '  data-location_status=\"false\" ><span class='evo_above_title'><\/span><span class='evcal_desc2 evcal_event_title' itemprop='name'>V Triatlo Internacional de Alhandra<\/span><span class='evo_below_title'><span class='evcal_event_subtitle' >Ta\u00e7a do Mundo de Paratriatlo<\/span><\/span><span class='evcal_desc_info' ><em class=\"evcal_location\"  data-add_str=\"\"><em class=\"event_location_name\">Alhandra<\/em><\/em><\/span><span class='evcal_desc3'><span class='evcal_event_types ett1'><em><i>Tipo de Evento:<\/i><\/em><em data-filter='event_type'>Competi\u00e7\u00e3o Internacional<\/em><i class='clear'><\/i><\/span><\/span><\/span><em class='clear'><\/em><\/p><\/a><div class='event_description evcal_eventcard ' style=\"display:none\"><div class='evo_metarow_time_location evorow bordb '>\r\n\t\t\t\t\t\t<div class='tb' >\r\n\t\t\t\t\t\t\t<div class='tbrow'>\r\n\t\t\t\t\t\t\t<div class='evcal_col50 bordr'>\r\n\t\t\t\t\t\t\t\t<div class='evcal_evdata_row evo_time'>\r\n\t\t\t\t\t\t\t\t\t<span class='evcal_evdata_icons'><i class='fa fa-clock-o'><\/i><\/span>\r\n\t\t\t\t\t\t\t\t\t<div class='evcal_evdata_cell'>\t\t\t\t\t\t\t\r\n\t\t\t\t\t\t\t\t\t\t<h3 class='evo_h3'><span class='evcal_evdata_icons'><i class='fa fa-clock-o'><\/i><\/span>Hor\u00e1rio<\/h3>\r\n\t\t\t\t\t\t\t\t\t\t<p>(S\u00e1bado) 0:00 - 23:59<\/p>\r\n\t\t\t\t\t\t\t\t\t<\/div>\r\n\t\t\t\t\t\t\t\t<\/div>\r\n\t\t\t\t\t\t\t<\/div><div class='evcal_col50'>\r\n\t\t\t\t\t\t\t\t<div class='evcal_evdata_row evo_location'>\r\n\t\t\t\t\t\t\t\t\t<span class='evcal_evdata_icons'><i class='fa fa-map-marker'><\/i><\/span>\r\n\t\t\t\t\t\t\t\t\t<div class='evcal_evdata_cell' data-loc_tax_id='850'>\t\t\t\t\t\t\t\r\n\t\t\t\t\t\t\t\t\t\t<h3 class='evo_h3'><span class='evcal_evdata_icons'><i class='fa fa-map-marker'><\/i><\/span>Localiza\u00e7\u00e3o<\/h3><p class='evo_location_name'>Alhandra<\/p><p><\/p>\r\n\t\t\t\t\t\t\t\t\t<\/div>\r\n\t\t\t\t\t\t\t\t<\/div>\r\n\t\t\t\t\t\t\t<\/div><div class='clear'><\/div>\r\n\t\t\t\t\t\t\t<\/div><\/div>\r\n\t\t\t\t\t\t<\/div>\t\t\t\t\t\t<div class='evo_metarow_ICS evorow bordb evcal_evdata_row'>\r\n\t\t\t\t\t\t\t<span class=\"evcal_evdata_icons\"><i class=\"fa fa-calendar\"><\/i><\/span>\r\n\t\t\t\t\t\t\t<div class='evcal_evdata_cell'>\r\n\t\t\t\t\t\t\t\t<p><a href='https:\/\/www.federacao-triatlo.pt\/ftp2015\/wp-admin\/admin-ajax.php?action=eventon_ics_download&amp;event_id=99123&amp;sunix=20241011T230000Z&amp;eunix=20241012T225900Z&amp;loca=&amp;locn=Alhandra' class='evo_ics_nCal' title='Adicionar ao seu calend\u00e1rio'>Calend\u00e1rio<\/a><a href='\/\/www.google.com\/calendar\/event?action=TEMPLATE&amp;text=V+Triatlo+Internacional+de+Alhandra&amp;dates=20241011T230000Z\/20241012T225900Z&amp;details=V+Triatlo+Internacional+de+Alhandra&amp;location=Alhandra - ' target='_blank' class='evo_ics_gCal' title='Adicionar ao calend\u00e1rio Google'>GoogleCal<\/a><\/p>\t\r\n\t\t\t\t\t\t\t<\/div>\t\t\t\t\t\t<\/div>\r\n\t\t\t\t\t\t<\/div><div class='clear end'><\/div><\/div><div id=\"event_99815\" class=\"eventon_list_event evo_eventtop past_event event\" data-event_id=\"99815\" data-time=\"1728729180-1728729180\" data-colr=\"#0092e0\" itemscope itemtype='http:\/\/schema.org\/Event' 3><div class=\"evo_event_schema\" style=\"display:none\" ><a itemprop='url'  href='https:\/\/www.federacao-triatlo.pt\/ftp2015\/events\/duatlo-de-salir\/'><\/a><span itemprop='name'  >I Duatlo Cross de Salir<\/span><meta itemprop='image' content='https:\/\/www.federacao-triatlo.pt\/ftp2015\/wp-content\/uploads\/2024\/03\/WhatsApp-Image-2024-09-25-at-20.09.42-236x300.jpeg' ><\/meta><meta itemprop='description' content='\r\n  \r\n    Regulamento\r\n  \r\n  \r\n    ' ><\/meta><meta itemprop='startDate' content='2024-10-12' ><\/meta><meta itemprop='endDate' content='2024-10-12' ><\/meta><meta itemprop='eventStatus' content='on-schedule' ><\/meta><script type=\"application\/ld+json\">{\t\"@context\": \"http:\/\/schema.org\",\r\n\t\t\t\t\t\t\t  \t\"@type\": \"Event\",\r\n\t\t\t\t\t\t\t  \t\"name\": \"I Duatlo Cross de Salir\",\r\n\t\t\t\t\t\t\t  \t\"startDate\": \"2024-10-12T10-10-33-00\",\r\n\t\t\t\t\t\t\t  \t\"endDate\": \"2024-10-12T10-10-33-00\",\r\n\t\t\t\t\t\t\t  \t\"image\":\"https:\/\/www.federacao-triatlo.pt\/ftp2015\/wp-content\/uploads\/2024\/03\/WhatsApp-Image-2024-09-25-at-20.09.42-236x300.jpeg\",\r\n\t\t\t\t\t\t\t  \t\"description\":\"\r\n  \r\n    Regulamento\r\n  \r\n  \r\n    \",\r\n\t\t\t\t\t\t\t  \t\r\n\t\t\t\t\t\t\t }\r\n\t\t\t\t\t\t\t<\/script><\/div>\r\n\t\t\t\t<p class=\"desc_trig_outter\"><a data-gmap_status=\"null\" data-exlk=\"0\" style=\"border-color: #0092e0;\" id=\"evc_172872918099815\" class=\"desc_trig evo_algarve-baixo-alentejo-competicao-regional sin_val evcal_list_a\" data-ux_val=\"1\"  ><span class='evcal_cblock ' data-bgcolor='#0092e0' data-smon='Outubro' data-syr='2024'><span class='evo_start '><em class='date'>12<\/em><em class='month'>out<\/em><em class='time'>10:33<\/em><\/span><span class='evo_end only_time'><em class='time'>10:33<\/em><\/span><em class='clear'><\/em><\/span><span class='evcal_desc evo_info hide_eventtopdata '  data-location_status=\"false\" ><span class='evo_above_title'><\/span><span class='evcal_desc2 evcal_event_title' itemprop='name'>I Duatlo Cross de Salir<\/span><span class='evo_below_title'><span class='evcal_event_subtitle' >CAMPEONATO ALGARVE E BAIXO ALENTEJO<\/span><\/span><span class='evcal_desc_info' ><\/span><span class='evcal_desc3'><span class='evcal_event_types ett1'><em><i>Tipo de Evento:<\/i><\/em><em data-filter='event_type'>Algarve e Baixo Alentejo<\/em><i class='clear'><\/i><\/span><\/span><\/span><em class='clear'><\/em><\/p><\/a><div class='event_description evcal_eventcard ' style=\"display:none\"><div class='evo_metarow_directimg'><img src='https:\/\/www.federacao-triatlo.pt\/ftp2015\/wp-content\/uploads\/2024\/03\/WhatsApp-Image-2024-09-25-at-20.09.42.jpeg' \/><\/div><div class='evo_metarow_details evorow evcal_evdata_row bordb evcal_event_details'>\r\n\t\t\t\t\t\t\t<div class=\"event_excerpt\" style=\"display:none\"><h3 class=\"padb5 evo_h3\">Detalhes do Evento<\/h3><p>\r\n  \r\n    Regulamento\r\n  \r\n  \r\n    <\/p><\/div><span class='evcal_evdata_icons'><i class='fa fa-align-justify'><\/i><\/span>\r\n\t\t\t\t\t\t\t\r\n\t\t\t\t\t\t\t<div class='evcal_evdata_cell '><div class='eventon_full_description'>\r\n\t\t\t\t\t\t\t\t\t<h3 class='padb5 evo_h3'><span class='evcal_evdata_icons'><i class='fa fa-align-justify'><\/i><\/span>Detalhes do Evento<\/h3><div class='eventon_desc_in' itemprop='description'>\r\n\t\t\t\t\t\t\t\t\t<div class=\"documents-list\">\n<div class=\"documents-list__item\">\n    <a href=\"https:\/\/api-files.federacao-triatlo.pt\/v1\/files\/2024\/events\/20241012ABA001\/event-files\/20241012ABA001-REG001-02.pdf\" target=\"_blank\" rel=\"noopener\"><span class=\"fa fa-file-pdf fa-2x\"><\/span><span class=\"documents-list__title\">Regulamento<\/span><\/a>\n  <\/div>\n<div class=\"documents-list__item\">\n    <a href=\"https:\/\/api-files.federacao-triatlo.pt\/v1\/files\/2024\/events\/20241012ABA001\/event-files\/20241012ABA001-MAP001-01.pdf\" target=\"_blank\" rel=\"noopener\"><span class=\"fa fa-file-pdf fa-2x\"><\/span><span class=\"documents-list__title\">Percursos<\/span><\/a>\n  <\/div>\n<div class=\"documents-list__item\">\n    <a href=\"https:\/\/api-files.federacao-triatlo.pt\/v1\/files\/2024\/events\/20241012ABA001\/event-files\/20241012ABA001-STL001-01.pdf\" target=\"_blank\" rel=\"noopener\"><span class=\"fa fa-list fa-2x\"><\/span><span class=\"documents-list__title\">Lista de Inscritos Campeonato Algarve e Baixo Alentejo<\/span><\/a>\n  <\/div>\n<\/div>\n<\/div><div class='clear'><\/div>\r\n\t\t\t\t\t\t\t\t<\/div>\r\n\t\t\t\t\t\t\t<\/div>\r\n\t\t\t\t\t\t<\/div><div class='evo_metarow_time evorow evcal_evdata_row bordb evcal_evrow_sm '>\r\n\t\t\t\t\t\t\t<span class='evcal_evdata_icons'><i class='fa fa-clock-o'><\/i><\/span>\r\n\t\t\t\t\t\t\t<div class='evcal_evdata_cell'>\t\t\t\t\t\t\t\r\n\t\t\t\t\t\t\t\t<h3 class='evo_h3'><span class='evcal_evdata_icons'><i class='fa fa-clock-o'><\/i><\/span>Hor\u00e1rio<\/h3><p>(S\u00e1bado) 10:33 - 10:33<\/p>\r\n\t\t\t\t\t\t\t<\/div>\r\n\t\t\t\t\t\t<\/div>\t\t\t\t\t\t<div class='evo_metarow_ICS evorow bordb evcal_evdata_row'>\r\n\t\t\t\t\t\t\t<span class=\"evcal_evdata_icons\"><i class=\"fa fa-calendar\"><\/i><\/span>\r\n\t\t\t\t\t\t\t<div class='evcal_evdata_cell'>\r\n\t\t\t\t\t\t\t\t<p><a href='https:\/\/www.federacao-triatlo.pt\/ftp2015\/wp-admin\/admin-ajax.php?action=eventon_ics_download&amp;event_id=99815&amp;sunix=20241012T093300Z&amp;eunix=20241012T093300Z&amp;loca=&amp;locn=' class='evo_ics_nCal' title='Adicionar ao seu calend\u00e1rio'>Calend\u00e1rio<\/a><a href='\/\/www.google.com\/calendar\/event?action=TEMPLATE&amp;text=I+Duatlo+Cross+de+Salir&amp;dates=20241012T093300Z\/20241012T093300Z&amp;details=%0D%0A++%0D%0A++++Regulamento%0D%0A++%0D%0A++%0D%0A++++&amp;location= - ' target='_blank' class='evo_ics_gCal' title='Adicionar ao calend\u00e1rio Google'>GoogleCal<\/a><\/p>\t\r\n\t\t\t\t\t\t\t<\/div>\t\t\t\t\t\t<\/div>\r\n\t\t\t\t\t\t<\/div><div class='clear end'><\/div><\/div><div id=\"event_100798\" class=\"eventon_list_event evo_eventtop past_event event\" data-event_id=\"100798\" data-time=\"1728809760-1728809760\" data-colr=\"#0092e0\" itemscope itemtype='http:\/\/schema.org\/Event' 4><div class=\"evo_event_schema\" style=\"display:none\" ><a itemprop='url'  href='https:\/\/www.federacao-triatlo.pt\/ftp2015\/events\/iii-triatlo-verde-de-paredes\/'><\/a><span itemprop='name'  >III Triatlo Verde de Paredes<\/span><meta itemprop='image'  ><\/meta><meta itemprop='description' content='\r\n  \r\n    Regulamento\r\n  \r\n  \r\n    ' ><\/meta><meta itemprop='startDate' content='2024-10-13' ><\/meta><meta itemprop='endDate' content='2024-10-13' ><\/meta><meta itemprop='eventStatus' content='on-schedule' ><\/meta><script type=\"application\/ld+json\">{\t\"@context\": \"http:\/\/schema.org\",\r\n\t\t\t\t\t\t\t  \t\"@type\": \"Event\",\r\n\t\t\t\t\t\t\t  \t\"name\": \"III Triatlo Verde de Paredes\",\r\n\t\t\t\t\t\t\t  \t\"startDate\": \"2024-10-13T08-08-56-00\",\r\n\t\t\t\t\t\t\t  \t\"endDate\": \"2024-10-13T08-08-56-00\",\r\n\t\t\t\t\t\t\t  \t\"image\":,\r\n\t\t\t\t\t\t\t  \t\"description\":\"\r\n  \r\n    Regulamento\r\n  \r\n  \r\n    \",\r\n\t\t\t\t\t\t\t  \t\r\n\t\t\t\t\t\t\t }\r\n\t\t\t\t\t\t\t<\/script><\/div>\r\n\t\t\t\t<p class=\"desc_trig_outter\"><a data-gmap_status=\"null\" data-exlk=\"0\" style=\"border-color: #0092e0;\" id=\"evc_1728809760100798\" class=\"desc_trig evo_douro-norte-competicao-regional sin_val evcal_list_a\" data-ux_val=\"1\"  ><span class='evcal_cblock ' data-bgcolor='#0092e0' data-smon='Outubro' data-syr='2024'><span class='evo_start '><em class='date'>13<\/em><em class='month'>out<\/em><em class='time'>8:56<\/em><\/span><span class='evo_end only_time'><em class='time'>8:56<\/em><\/span><em class='clear'><\/em><\/span><span class='evcal_desc evo_info hide_eventtopdata '  data-location_status=\"false\" ><span class='evo_above_title'><\/span><span class='evcal_desc2 evcal_event_title' itemprop='name'>III Triatlo Verde de Paredes<\/span><span class='evo_below_title'><span class='evcal_event_subtitle' >CAMPEONATO DOURO NORTE JOVEM<\/span><\/span><span class='evcal_desc_info' ><\/span><span class='evcal_desc3'><span class='evcal_event_types ett1'><em><i>Tipo de Evento:<\/i><\/em><em data-filter='event_type'>Douro Norte<\/em><i class='clear'><\/i><\/span><\/span><\/span><em class='clear'><\/em><\/p><\/a><div class='event_description evcal_eventcard ' style=\"display:none\"><div class='evo_metarow_details evorow evcal_evdata_row bordb evcal_event_details'>\r\n\t\t\t\t\t\t\t<div class=\"event_excerpt\" style=\"display:none\"><h3 class=\"padb5 evo_h3\">Detalhes do Evento<\/h3><p>\r\n  \r\n    Regulamento\r\n  \r\n  \r\n    <\/p><\/div><span class='evcal_evdata_icons'><i class='fa fa-align-justify'><\/i><\/span>\r\n\t\t\t\t\t\t\t\r\n\t\t\t\t\t\t\t<div class='evcal_evdata_cell '><div class='eventon_full_description'>\r\n\t\t\t\t\t\t\t\t\t<h3 class='padb5 evo_h3'><span class='evcal_evdata_icons'><i class='fa fa-align-justify'><\/i><\/span>Detalhes do Evento<\/h3><div class='eventon_desc_in' itemprop='description'>\r\n\t\t\t\t\t\t\t\t\t<div class=\"documents-list\">\n<div class=\"documents-list__item\">\n    <a href=\"https:\/\/api-files.federacao-triatlo.pt\/v1\/files\/2024\/events\/20241013RDN001\/event-files\/20241013RDN001-REG001-02.pdf\" target=\"_blank\" rel=\"noopener\"><span class=\"fa fa-file-pdf fa-2x\"><\/span><span class=\"documents-list__title\">Regulamento<\/span><\/a>\n  <\/div>\n<div class=\"documents-list__item\">\n    <a href=\"https:\/\/api-files.federacao-triatlo.pt\/v1\/files\/2024\/events\/20241013RDN001\/event-files\/20241013RDN001-MAP001-01.pdf\" target=\"_blank\" rel=\"noopener\"><span class=\"fa fa-file-pdf fa-2x\"><\/span><span class=\"documents-list__title\">Percursos<\/span><\/a>\n  <\/div>\n<div class=\"documents-list__item\">\n    <a href=\"https:\/\/api-files.federacao-triatlo.pt\/v1\/files\/2024\/events\/20241013RDN001\/event-files\/20241013RDN001-STL001-01.pdf\" target=\"_blank\" rel=\"noopener\"><span class=\"fa fa-list fa-2x\"><\/span><span class=\"documents-list__title\">Lista de Inscritos Campeonato Douro Norte Jovem<\/span><\/a>\n  <\/div>\n<div class=\"documents-list__item\">\n    <a href=\"https:\/\/api-files.federacao-triatlo.pt\/v1\/files\/2024\/events\/20241013RDN001\/event-files\/20241013RDN001-STL002-01.pdf\" target=\"_blank\" rel=\"noopener\"><span class=\"fa fa-list fa-2x\"><\/span><span class=\"documents-list__title\">Lista de Inscritos Prova Aberta<\/span><\/a>\n  <\/div>\n<\/div>\n<\/div><div class='clear'><\/div>\r\n\t\t\t\t\t\t\t\t<\/div>\r\n\t\t\t\t\t\t\t<\/div>\r\n\t\t\t\t\t\t<\/div><div class='evo_metarow_time evorow evcal_evdata_row bordb evcal_evrow_sm '>\r\n\t\t\t\t\t\t\t<span class='evcal_evdata_icons'><i class='fa fa-clock-o'><\/i><\/span>\r\n\t\t\t\t\t\t\t<div class='evcal_evdata_cell'>\t\t\t\t\t\t\t\r\n\t\t\t\t\t\t\t\t<h3 class='evo_h3'><span class='evcal_evdata_icons'><i class='fa fa-clock-o'><\/i><\/span>Hor\u00e1rio<\/h3><p>(Domingo) 8:56 - 8:56<\/p>\r\n\t\t\t\t\t\t\t<\/div>\r\n\t\t\t\t\t\t<\/div>\t\t\t\t\t\t<div class='evo_metarow_ICS evorow bordb evcal_evdata_row'>\r\n\t\t\t\t\t\t\t<span class=\"evcal_evdata_icons\"><i class=\"fa fa-calendar\"><\/i><\/span>\r\n\t\t\t\t\t\t\t<div class='evcal_evdata_cell'>\r\n\t\t\t\t\t\t\t\t<p><a href='https:\/\/www.federacao-triatlo.pt\/ftp2015\/wp-admin\/admin-ajax.php?action=eventon_ics_download&amp;event_id=100798&amp;sunix=20241013T075600Z&amp;eunix=20241013T075600Z&amp;loca=&amp;locn=' class='evo_ics_nCal' title='Adicionar ao seu calend\u00e1rio'>Calend\u00e1rio<\/a><a href='\/\/www.google.com\/calendar\/event?action=TEMPLATE&amp;text=III+Triatlo+Verde+de+Paredes&amp;dates=20241013T075600Z\/20241013T075600Z&amp;details=%0D%0A++%0D%0A++++Regulamento%0D%0A++%0D%0A++%0D%0A++++&amp;location= - ' target='_blank' class='evo_ics_gCal' title='Adicionar ao calend\u00e1rio Google'>GoogleCal<\/a><\/p>\t\r\n\t\t\t\t\t\t\t<\/div>\t\t\t\t\t\t<\/div>\r\n\t\t\t\t\t\t<\/div><div class='clear end'><\/div><\/div><div id=\"event_99823\" class=\"eventon_list_event evo_eventtop past_event event\" data-event_id=\"99823\" data-time=\"1728816240-1728816240\" data-colr=\"#0092e0\" itemscope itemtype='http:\/\/schema.org\/Event' 5><div class=\"evo_event_schema\" style=\"display:none\" ><a itemprop='url'  href='https:\/\/www.federacao-triatlo.pt\/ftp2015\/events\/v-duatlo-jovem-das-acoteias\/'><\/a><span itemprop='name'  >V Duatlo Jovem das A\u00e7oteias<\/span><meta itemprop='image' content='https:\/\/www.federacao-triatlo.pt\/ftp2015\/wp-content\/uploads\/2024\/03\/FCF-MAPA-JOGOS-1_page-0001-240x300.jpg' ><\/meta><meta itemprop='description' content='\r\n  \r\n    Regulamento\r\n  \r\n  \r\n    ' ><\/meta><meta itemprop='startDate' content='2024-10-13' ><\/meta><meta itemprop='endDate' content='2024-10-13' ><\/meta><meta itemprop='eventStatus' content='on-schedule' ><\/meta><script type=\"application\/ld+json\">{\t\"@context\": \"http:\/\/schema.org\",\r\n\t\t\t\t\t\t\t  \t\"@type\": \"Event\",\r\n\t\t\t\t\t\t\t  \t\"name\": \"V Duatlo Jovem das A\u00e7oteias\",\r\n\t\t\t\t\t\t\t  \t\"startDate\": \"2024-10-13T10-10-44-00\",\r\n\t\t\t\t\t\t\t  \t\"endDate\": \"2024-10-13T10-10-44-00\",\r\n\t\t\t\t\t\t\t  \t\"image\":\"https:\/\/www.federacao-triatlo.pt\/ftp2015\/wp-content\/uploads\/2024\/03\/FCF-MAPA-JOGOS-1_page-0001-240x300.jpg\",\r\n\t\t\t\t\t\t\t  \t\"description\":\"\r\n  \r\n    Regulamento\r\n  \r\n  \r\n    \",\r\n\t\t\t\t\t\t\t  \t\r\n\t\t\t\t\t\t\t }\r\n\t\t\t\t\t\t\t<\/script><\/div>\r\n\t\t\t\t<p class=\"desc_trig_outter\"><a data-gmap_status=\"null\" data-exlk=\"0\" style=\"border-color: #0092e0;\" id=\"evc_172881624099823\" class=\"desc_trig evo_algarve-baixo-alentejo-competicao-regional sin_val evcal_list_a\" data-ux_val=\"1\"  ><span class='evcal_cblock ' data-bgcolor='#0092e0' data-smon='Outubro' data-syr='2024'><span class='evo_start '><em class='date'>13<\/em><em class='month'>out<\/em><em class='time'>10:44<\/em><\/span><span class='evo_end only_time'><em class='time'>10:44<\/em><\/span><em class='clear'><\/em><\/span><span class='evcal_desc evo_info hide_eventtopdata '  data-location_status=\"false\" ><span class='evo_above_title'><\/span><span class='evcal_desc2 evcal_event_title' itemprop='name'>V Duatlo Jovem das A\u00e7oteias<\/span><span class='evo_below_title'><span class='evcal_event_subtitle' >CAMPEONATO ALGARVE E BAIXO ALENTEJO JOVEM<\/span><\/span><span class='evcal_desc_info' ><\/span><span class='evcal_desc3'><span class='evcal_event_types ett1'><em><i>Tipo de Evento:<\/i><\/em><em data-filter='event_type'>Algarve e Baixo Alentejo<\/em><i class='clear'><\/i><\/span><\/span><\/span><em class='clear'><\/em><\/p><\/a><div class='event_description evcal_eventcard ' style=\"display:none\"><div class='evo_metarow_directimg'><img src='https:\/\/www.federacao-triatlo.pt\/ftp2015\/wp-content\/uploads\/2024\/03\/FCF-MAPA-JOGOS-1_page-0001.jpg' \/><\/div><div class='evo_metarow_details evorow evcal_evdata_row bordb evcal_event_details'>\r\n\t\t\t\t\t\t\t<div class=\"event_excerpt\" style=\"display:none\"><h3 class=\"padb5 evo_h3\">Detalhes do Evento<\/h3><p>\r\n  \r\n    Regulamento\r\n  \r\n  \r\n    <\/p><\/div><span class='evcal_evdata_icons'><i class='fa fa-align-justify'><\/i><\/span>\r\n\t\t\t\t\t\t\t\r\n\t\t\t\t\t\t\t<div class='evcal_evdata_cell '><div class='eventon_full_description'>\r\n\t\t\t\t\t\t\t\t\t<h3 class='padb5 evo_h3'><span class='evcal_evdata_icons'><i class='fa fa-align-justify'><\/i><\/span>Detalhes do Evento<\/h3><div class='eventon_desc_in' itemprop='description'>\r\n\t\t\t\t\t\t\t\t\t<div class=\"documents-list\">\n<div class=\"documents-list__item\">\n    <a href=\"https:\/\/api-files.federacao-triatlo.pt\/v1\/files\/2024\/events\/20241013ABA001\/event-files\/20241013ABA001-REG001-03.pdf\" target=\"_blank\" rel=\"noopener\"><span class=\"fa fa-file-pdf fa-2x\"><\/span><span class=\"documents-list__title\">Regulamento<\/span><\/a>\n  <\/div>\n<div class=\"documents-list__item\">\n    <a href=\"https:\/\/api-files.federacao-triatlo.pt\/v1\/files\/2024\/events\/20241013ABA001\/event-files\/20241013ABA001-MAP001-02.pdf\" target=\"_blank\" rel=\"noopener\"><span class=\"fa fa-file-pdf fa-2x\"><\/span><span class=\"documents-list__title\">Percursos<\/span><\/a>\n  <\/div>\n<div class=\"documents-list__item\">\n    <a href=\"https:\/\/api-files.federacao-triatlo.pt\/v1\/files\/2024\/events\/20241013ABA001\/event-files\/20241013ABA001-STL001-02.pdf\" target=\"_blank\" rel=\"noopener\"><span class=\"fa fa-list fa-2x\"><\/span><span class=\"documents-list__title\">Lista de Inscritos Campeonato Algarve e Baixo Alentejo Jovem<\/span><\/a>\n  <\/div>\n<\/div>\n<\/div><div class='clear'><\/div>\r\n\t\t\t\t\t\t\t\t<\/div>\r\n\t\t\t\t\t\t\t<\/div>\r\n\t\t\t\t\t\t<\/div><div class='evo_metarow_time evorow evcal_evdata_row bordb evcal_evrow_sm '>\r\n\t\t\t\t\t\t\t<span class='evcal_evdata_icons'><i class='fa fa-clock-o'><\/i><\/span>\r\n\t\t\t\t\t\t\t<div class='evcal_evdata_cell'>\t\t\t\t\t\t\t\r\n\t\t\t\t\t\t\t\t<h3 class='evo_h3'><span class='evcal_evdata_icons'><i class='fa fa-clock-o'><\/i><\/span>Hor\u00e1rio<\/h3><p>(Domingo) 10:44 - 10:44<\/p>\r\n\t\t\t\t\t\t\t<\/div>\r\n\t\t\t\t\t\t<\/div>\t\t\t\t\t\t<div class='evo_metarow_ICS evorow bordb evcal_evdata_row'>\r\n\t\t\t\t\t\t\t<span class=\"evcal_evdata_icons\"><i class=\"fa fa-calendar\"><\/i><\/span>\r\n\t\t\t\t\t\t\t<div class='evcal_evdata_cell'>\r\n\t\t\t\t\t\t\t\t<p><a href='https:\/\/www.federacao-triatlo.pt\/ftp2015\/wp-admin\/admin-ajax.php?action=eventon_ics_download&amp;event_id=99823&amp;sunix=20241013T094400Z&amp;eunix=20241013T094400Z&amp;loca=&amp;locn=' class='evo_ics_nCal' title='Adicionar ao seu calend\u00e1rio'>Calend\u00e1rio<\/a><a href='\/\/www.google.com\/calendar\/event?action=TEMPLATE&amp;text=V+Duatlo+Jovem+das+A%C3%A7oteias&amp;dates=20241013T094400Z\/20241013T094400Z&amp;details=%0D%0A++%0D%0A++++Regulamento%0D%0A++%0D%0A++%0D%0A++++&amp;location= - ' target='_blank' class='evo_ics_gCal' title='Adicionar ao calend\u00e1rio Google'>GoogleCal<\/a><\/p>\t\r\n\t\t\t\t\t\t\t<\/div>\t\t\t\t\t\t<\/div>\r\n\t\t\t\t\t\t<\/div><div class='clear end'><\/div><\/div><div id=\"event_99599\" class=\"eventon_list_event evo_eventtop past_event event\" data-event_id=\"99599\" data-time=\"1729426560-1729426560\" data-colr=\"#0092e0\" itemscope itemtype='http:\/\/schema.org\/Event' 6><div class=\"evo_event_schema\" style=\"display:none\" ><a itemprop='url'  href='https:\/\/www.federacao-triatlo.pt\/ftp2015\/events\/ii-duatlo-de-azeitao\/'><\/a><span itemprop='name'  >II Duatlo Jovem de Azeit\u00e3o<\/span><meta itemprop='image' content='https:\/\/www.federacao-triatlo.pt\/ftp2015\/wp-content\/uploads\/2024\/02\/WhatsApp-Image-2024-10-08-at-09.53.18-225x300.jpeg' ><\/meta><meta itemprop='description' content='\r\n  \r\n    Regulamento\r\n  \r\n  \r\n    ' ><\/meta><meta itemprop='startDate' content='2024-10-20' ><\/meta><meta itemprop='endDate' content='2024-10-20' ><\/meta><meta itemprop='eventStatus' content='on-schedule' ><\/meta><script type=\"application\/ld+json\">{\t\"@context\": \"http:\/\/schema.org\",\r\n\t\t\t\t\t\t\t  \t\"@type\": \"Event\",\r\n\t\t\t\t\t\t\t  \t\"name\": \"II Duatlo Jovem de Azeit\u00e3o\",\r\n\t\t\t\t\t\t\t  \t\"startDate\": \"2024-10-20T12-12-16-00\",\r\n\t\t\t\t\t\t\t  \t\"endDate\": \"2024-10-20T12-12-16-00\",\r\n\t\t\t\t\t\t\t  \t\"image\":\"https:\/\/www.federacao-triatlo.pt\/ftp2015\/wp-content\/uploads\/2024\/02\/WhatsApp-Image-2024-10-08-at-09.53.18-225x300.jpeg\",\r\n\t\t\t\t\t\t\t  \t\"description\":\"\r\n  \r\n    Regulamento\r\n  \r\n  \r\n    \",\r\n\t\t\t\t\t\t\t  \t\r\n\t\t\t\t\t\t\t }\r\n\t\t\t\t\t\t\t<\/script><\/div>\r\n\t\t\t\t<p class=\"desc_trig_outter\"><a data-gmap_status=\"null\" data-exlk=\"0\" style=\"border-color: #0092e0;\" id=\"evc_172942656099599\" class=\"desc_trig evo_lisboa-alto-alentejo-competicao-regional sin_val evcal_list_a\" data-ux_val=\"1\"  ><span class='evcal_cblock ' data-bgcolor='#0092e0' data-smon='Outubro' data-syr='2024'><span class='evo_start '><em class='date'>20<\/em><em class='month'>out<\/em><em class='time'>12:16<\/em><\/span><span class='evo_end only_time'><em class='time'>12:16<\/em><\/span><em class='clear'><\/em><\/span><span class='evcal_desc evo_info hide_eventtopdata '  data-location_status=\"false\" ><span class='evo_above_title'><\/span><span class='evcal_desc2 evcal_event_title' itemprop='name'>II Duatlo Jovem de Azeit\u00e3o<\/span><span class='evo_below_title'><span class='evcal_event_subtitle' >CAMPEONATO LISBOA E ALTO ALENTEJO JOVEM<\/span><\/span><span class='evcal_desc_info' ><\/span><span class='evcal_desc3'><span class='evcal_event_types ett1'><em><i>Tipo de Evento:<\/i><\/em><em data-filter='event_type'>Lisboa e Alto Alentejo<\/em><i class='clear'><\/i><\/span><\/span><\/span><em class='clear'><\/em><\/p><\/a><div class='event_description evcal_eventcard ' style=\"display:none\"><div class='evo_metarow_directimg'><img src='https:\/\/www.federacao-triatlo.pt\/ftp2015\/wp-content\/uploads\/2024\/02\/WhatsApp-Image-2024-10-08-at-09.53.18.jpeg' \/><\/div><div class='evo_metarow_details evorow evcal_evdata_row bordb evcal_event_details'>\r\n\t\t\t\t\t\t\t<div class=\"event_excerpt\" style=\"display:none\"><h3 class=\"padb5 evo_h3\">Detalhes do Evento<\/h3><p>\r\n  \r\n    Regulamento\r\n  \r\n  \r\n    <\/p><\/div><span class='evcal_evdata_icons'><i class='fa fa-align-justify'><\/i><\/span>\r\n\t\t\t\t\t\t\t\r\n\t\t\t\t\t\t\t<div class='evcal_evdata_cell '><div class='eventon_full_description'>\r\n\t\t\t\t\t\t\t\t\t<h3 class='padb5 evo_h3'><span class='evcal_evdata_icons'><i class='fa fa-align-justify'><\/i><\/span>Detalhes do Evento<\/h3><div class='eventon_desc_in' itemprop='description'>\r\n\t\t\t\t\t\t\t\t\t<div class=\"documents-list\">\n<div class=\"documents-list__item\">\n    <a href=\"https:\/\/api-files.federacao-triatlo.pt\/v1\/files\/2024\/events\/20241020LAA001\/event-files\/20241020LAA001-REG001-01.pdf\" target=\"_blank\" rel=\"noopener\"><span class=\"fa fa-file-pdf fa-2x\"><\/span><span class=\"documents-list__title\">Regulamento<\/span><\/a>\n  <\/div>\n<div class=\"documents-list__item\">\n    <a href=\"https:\/\/api-files.federacao-triatlo.pt\/v1\/files\/2024\/events\/20241020LAA001\/event-files\/20241020LAA001-MAP001-01.pdf\" target=\"_blank\" rel=\"noopener\"><span class=\"fa fa-file-pdf fa-2x\"><\/span><span class=\"documents-list__title\">Percursos<\/span><\/a>\n  <\/div>\n<div class=\"documents-list__item\">\n    <a href=\"https:\/\/api-files.federacao-triatlo.pt\/v1\/files\/2024\/events\/20241020LAA001\/event-files\/20241020LAA001-STL001-01.pdf\" target=\"_blank\" rel=\"noopener\"><span class=\"fa fa-list fa-2x\"><\/span><span class=\"documents-list__title\">Lista de Inscritos Campeonato Lisboa e Alto Alentejo Jovem<\/span><\/a>\n  <\/div>\n<\/div>\n<\/div><div class='clear'><\/div>\r\n\t\t\t\t\t\t\t\t<\/div>\r\n\t\t\t\t\t\t\t<\/div>\r\n\t\t\t\t\t\t<\/div><div class='evo_metarow_time evorow evcal_evdata_row bordb evcal_evrow_sm '>\r\n\t\t\t\t\t\t\t<span class='evcal_evdata_icons'><i class='fa fa-clock-o'><\/i><\/span>\r\n\t\t\t\t\t\t\t<div class='evcal_evdata_cell'>\t\t\t\t\t\t\t\r\n\t\t\t\t\t\t\t\t<h3 class='evo_h3'><span class='evcal_evdata_icons'><i class='fa fa-clock-o'><\/i><\/span>Hor\u00e1rio<\/h3><p>(Domingo) 12:16 - 12:16<\/p>\r\n\t\t\t\t\t\t\t<\/div>\r\n\t\t\t\t\t\t<\/div>\t\t\t\t\t\t<div class='evo_metarow_ICS evorow bordb evcal_evdata_row'>\r\n\t\t\t\t\t\t\t<span class=\"evcal_evdata_icons\"><i class=\"fa fa-calendar\"><\/i><\/span>\r\n\t\t\t\t\t\t\t<div class='evcal_evdata_cell'>\r\n\t\t\t\t\t\t\t\t<p><a href='https:\/\/www.federacao-triatlo.pt\/ftp2015\/wp-admin\/admin-ajax.php?action=eventon_ics_download&amp;event_id=99599&amp;sunix=20241020T111600Z&amp;eunix=20241020T111600Z&amp;loca=&amp;locn=' class='evo_ics_nCal' title='Adicionar ao seu calend\u00e1rio'>Calend\u00e1rio<\/a><a href='\/\/www.google.com\/calendar\/event?action=TEMPLATE&amp;text=II+Duatlo+Jovem+de+Azeit%C3%A3o&amp;dates=20241020T111600Z\/20241020T111600Z&amp;details=%0D%0A++%0D%0A++++Regulamento%0D%0A++%0D%0A++%0D%0A++++&amp;location= - ' target='_blank' class='evo_ics_gCal' title='Adicionar ao calend\u00e1rio Google'>GoogleCal<\/a><\/p>\t\r\n\t\t\t\t\t\t\t<\/div>\t\t\t\t\t\t<\/div>\r\n\t\t\t\t\t\t<\/div><div class='clear end'><\/div><\/div><div id=\"event_99124\" class=\"eventon_list_event evo_eventtop past_event event\" data-event_id=\"99124\" data-time=\"1729987201-1730073599\" data-colr=\"#007230\" itemscope itemtype='http:\/\/schema.org\/Event' 7><div class=\"evo_event_schema\" style=\"display:none\" ><a itemprop='url'  href='https:\/\/www.federacao-triatlo.pt\/ftp2015\/events\/iii-triatlo-de-sesimbra\/'><\/a><span itemprop='name'  >III Triatlo de Sesimbra<\/span><meta itemprop='image' content='https:\/\/www.federacao-triatlo.pt\/ftp2015\/wp-content\/uploads\/2023\/12\/Cartaz-Triatlo_page-0001-212x300.jpg' ><\/meta><meta itemprop='description' content='\r\n  \r\n    Regulamento\r\n  \r\n  \r\n    ' ><\/meta><meta itemprop='startDate' content='2024-10-27' ><\/meta><meta itemprop='endDate' content='2024-10-27' ><\/meta><meta itemprop='eventStatus' content='on-schedule' ><\/meta><script type=\"application\/ld+json\">{\t\"@context\": \"http:\/\/schema.org\",\r\n\t\t\t\t\t\t\t  \t\"@type\": \"Event\",\r\n\t\t\t\t\t\t\t  \t\"name\": \"III Triatlo de Sesimbra\",\r\n\t\t\t\t\t\t\t  \t\"startDate\": \"2024-10-27T00-00-00-00\",\r\n\t\t\t\t\t\t\t  \t\"endDate\": \"2024-10-27T23-23-59-00\",\r\n\t\t\t\t\t\t\t  \t\"image\":\"https:\/\/www.federacao-triatlo.pt\/ftp2015\/wp-content\/uploads\/2023\/12\/Cartaz-Triatlo_page-0001-212x300.jpg\",\r\n\t\t\t\t\t\t\t  \t\"description\":\"\r\n  \r\n    Regulamento\r\n  \r\n  \r\n    \",\r\n\t\t\t\t\t\t\t  \t\r\n\t\t\t\t\t\t\t }\r\n\t\t\t\t\t\t\t<\/script><\/div>\r\n\t\t\t\t<p class=\"desc_trig_outter\"><a data-gmap_status=\"null\" data-exlk=\"0\" style=\"border-color: #007230;\" id=\"evc_172998720199124\" class=\"desc_trig evo_competicao-nacional sin_val evcal_list_a\" data-ux_val=\"1\"  ><span class='evcal_cblock ' data-bgcolor='#007230' data-smon='Outubro' data-syr='2024'><span class='evo_start '><em class='date'>27<\/em><em class='month'>out<\/em><em class='time'>allday<\/em><\/span><span class='evo_end only_time'><em class='time'>allday<\/em><\/span><em class='clear'><\/em><\/span><span class='evcal_desc evo_info hide_eventtopdata '  data-location_status=\"false\" ><span class='evo_above_title'><\/span><span class='evcal_desc2 evcal_event_title' itemprop='name'>III Triatlo de Sesimbra<\/span><span class='evo_below_title'><span class='evcal_event_subtitle' >Ta\u00e7a de Portugal<\/span><\/span><span class='evcal_desc_info' ><\/span><span class='evcal_desc3'><span class='evcal_event_types ett1'><em><i>Tipo de Evento:<\/i><\/em><em data-filter='event_type'>Competi\u00e7\u00e3o Nacional<\/em><i class='clear'><\/i><\/span><\/span><\/span><em class='clear'><\/em><\/p><\/a><div class='event_description evcal_eventcard ' style=\"display:none\"><div class='evo_metarow_directimg'><img src='https:\/\/www.federacao-triatlo.pt\/ftp2015\/wp-content\/uploads\/2023\/12\/Cartaz-Triatlo_page-0001.jpg' \/><\/div><div class='evo_metarow_details evorow evcal_evdata_row bordb evcal_event_details'>\r\n\t\t\t\t\t\t\t<div class=\"event_excerpt\" style=\"display:none\"><h3 class=\"padb5 evo_h3\">Detalhes do Evento<\/h3><p>\r\n  \r\n    Regulamento\r\n  \r\n  \r\n    <\/p><\/div><span class='evcal_evdata_icons'><i class='fa fa-align-justify'><\/i><\/span>\r\n\t\t\t\t\t\t\t\r\n\t\t\t\t\t\t\t<div class='evcal_evdata_cell '><div class='eventon_full_description'>\r\n\t\t\t\t\t\t\t\t\t<h3 class='padb5 evo_h3'><span class='evcal_evdata_icons'><i class='fa fa-align-justify'><\/i><\/span>Detalhes do Evento<\/h3><div class='eventon_desc_in' itemprop='description'>\r\n\t\t\t\t\t\t\t\t\t<div class=\"documents-list\">\n<div class=\"documents-list__item\">\n    <a href=\"https:\/\/api-files.federacao-triatlo.pt\/v1\/files\/2024\/events\/20241027FTP001\/event-files\/20241027FTP001-REG001-04.pdf\" target=\"_blank\" rel=\"noopener\"><span class=\"fa fa-file-pdf fa-2x\"><\/span><span class=\"documents-list__title\">Regulamento<\/span><\/a>\n  <\/div>\n<div class=\"documents-list__item\">\n    <a href=\"https:\/\/api-files.federacao-triatlo.pt\/v1\/files\/2024\/events\/20241027FTP001\/event-files\/20241027FTP001-MAP001-01.pdf\" target=\"_blank\" rel=\"noopener\"><span class=\"fa fa-file-pdf fa-2x\"><\/span><span class=\"documents-list__title\">Percursos<\/span><\/a>\n  <\/div>\n<div class=\"documents-list__item\">\n    <a href=\"https:\/\/api-files.federacao-triatlo.pt\/v1\/files\/2024\/events\/20241027FTP001\/event-files\/20241027FTP001-STL001-02.pdf\" target=\"_blank\" rel=\"noopener\"><span class=\"fa fa-list fa-2x\"><\/span><span class=\"documents-list__title\">Lista de Inscritos Ta\u00e7a de Portugal<\/span><\/a>\n  <\/div>\n<div class=\"documents-list__item\">\n    <a href=\"https:\/\/api-files.federacao-triatlo.pt\/v1\/files\/2024\/events\/20241027FTP001\/event-files\/20241027FTP001-STL002-02.pdf\" target=\"_blank\" rel=\"noopener\"><span class=\"fa fa-list fa-2x\"><\/span><span class=\"documents-list__title\">Lista de Inscritos Prova Aberta<\/span><\/a>\n  <\/div>\n<\/div>\n<\/div><div class='clear'><\/div>\r\n\t\t\t\t\t\t\t\t<\/div>\r\n\t\t\t\t\t\t\t<\/div>\r\n\t\t\t\t\t\t<\/div><div class='evo_metarow_time evorow evcal_evdata_row bordb evcal_evrow_sm '>\r\n\t\t\t\t\t\t\t<span class='evcal_evdata_icons'><i class='fa fa-clock-o'><\/i><\/span>\r\n\t\t\t\t\t\t\t<div class='evcal_evdata_cell'>\t\t\t\t\t\t\t\r\n\t\t\t\t\t\t\t\t<h3 class='evo_h3'><span class='evcal_evdata_icons'><i class='fa fa-clock-o'><\/i><\/span>Hor\u00e1rio<\/h3><p>Todo o dia (Domingo)<\/p>\r\n\t\t\t\t\t\t\t<\/div>\r\n\t\t\t\t\t\t<\/div>\t\t\t\t\t\t<div class='evo_metarow_ICS evorow bordb evcal_evdata_row'>\r\n\t\t\t\t\t\t\t<span class=\"evcal_evdata_icons\"><i class=\"fa fa-calendar\"><\/i><\/span>\r\n\t\t\t\t\t\t\t<div class='evcal_evdata_cell'>\r\n\t\t\t\t\t\t\t\t<p><a href='https:\/\/www.federacao-triatlo.pt\/ftp2015\/wp-admin\/admin-ajax.php?action=eventon_ics_download&amp;event_id=99124&amp;sunix=20241026T230000Z&amp;eunix=20241027T225900Z&amp;loca=&amp;locn=' class='evo_ics_nCal' title='Adicionar ao seu calend\u00e1rio'>Calend\u00e1rio<\/a><a href='\/\/www.google.com\/calendar\/event?action=TEMPLATE&amp;text=III+Triatlo+de+Sesimbra&amp;dates=20241026T230000Z\/20241027T225900Z&amp;details=%0D%0A++%0D%0A++++Regulamento%0D%0A++%0D%0A++%0D%0A++++&amp;location= - ' target='_blank' class='evo_ics_gCal' title='Adicionar ao calend\u00e1rio Google'>GoogleCal<\/a><\/p>\t\r\n\t\t\t\t\t\t\t<\/div>\t\t\t\t\t\t<\/div>\r\n\t\t\t\t\t\t<\/div><div class='clear end'><\/div><\/div><\/div><div class='evcal_month_line'><p>Novembro 2024<\/p><\/div><div id='evcal_list' class='evcal_list_month eventon_events_list '><div id=\"event_100932\" class=\"eventon_list_event evo_eventtop past_event event\" data-event_id=\"100932\" data-time=\"1730472180-1730472180\" data-colr=\"#0092e0\" itemscope itemtype='http:\/\/schema.org\/Event' 1><div class=\"evo_event_schema\" style=\"display:none\" ><a itemprop='url'  href='https:\/\/www.federacao-triatlo.pt\/ftp2015\/events\/i-triatlo-de-faro\/'><\/a><span itemprop='name'  >I Triatlo de Faro<\/span><meta itemprop='image'  ><\/meta><meta itemprop='description' content='\r\n  \r\n    Regulamento\r\n  \r\n  \r\n    ' ><\/meta><meta itemprop='startDate' content='2024-11-1' ><\/meta><meta itemprop='endDate' content='2024-11-1' ><\/meta><meta itemprop='eventStatus' content='on-schedule' ><\/meta><script type=\"application\/ld+json\">{\t\"@context\": \"http:\/\/schema.org\",\r\n\t\t\t\t\t\t\t  \t\"@type\": \"Event\",\r\n\t\t\t\t\t\t\t  \t\"name\": \"I Triatlo de Faro\",\r\n\t\t\t\t\t\t\t  \t\"startDate\": \"2024-11-1T14-14-43-00\",\r\n\t\t\t\t\t\t\t  \t\"endDate\": \"2024-11-1T14-14-43-00\",\r\n\t\t\t\t\t\t\t  \t\"image\":,\r\n\t\t\t\t\t\t\t  \t\"description\":\"\r\n  \r\n    Regulamento\r\n  \r\n  \r\n    \",\r\n\t\t\t\t\t\t\t  \t\r\n\t\t\t\t\t\t\t }\r\n\t\t\t\t\t\t\t<\/script><\/div>\r\n\t\t\t\t<p class=\"desc_trig_outter\"><a data-gmap_status=\"null\" data-exlk=\"0\" style=\"border-color: #0092e0;\" id=\"evc_1730472180100932\" class=\"desc_trig evo_competicao-nacional sin_val evcal_list_a\" data-ux_val=\"1\"  ><span class='evcal_cblock ' data-bgcolor='#0092e0' data-smon='Novembro' data-syr='2024'><span class='evo_start '><em class='date'>01<\/em><em class='month'>nov<\/em><em class='time'>14:43<\/em><\/span><span class='evo_end only_time'><em class='time'>14:43<\/em><\/span><em class='clear'><\/em><\/span><span class='evcal_desc evo_info hide_eventtopdata '  data-location_status=\"false\" ><span class='evo_above_title'><\/span><span class='evcal_desc2 evcal_event_title' itemprop='name'>I Triatlo de Faro<\/span><span class='evo_below_title'><span class='evcal_event_subtitle' >Campeonato Nacional Individual de Triatlo Standard - Campeonato Nacional de Triatlo Standard de Juniores - Campeonato Nacional de Triatlo de Cadetes - Campeonato Nacional Militar<\/span><\/span><span class='evcal_desc_info' ><\/span><span class='evcal_desc3'><span class='evcal_event_types ett1'><em><i>Tipo de Evento:<\/i><\/em><em data-filter='event_type'>Competi\u00e7\u00e3o Nacional<\/em><i class='clear'><\/i><\/span><\/span><\/span><em class='clear'><\/em><\/p><\/a><div class='event_description evcal_eventcard ' style=\"display:none\"><div class='evo_metarow_details evorow evcal_evdata_row bordb evcal_event_details'>\r\n\t\t\t\t\t\t\t<div class=\"event_excerpt\" style=\"display:none\"><h3 class=\"padb5 evo_h3\">Detalhes do Evento<\/h3><p>\r\n  \r\n    Regulamento\r\n  \r\n  \r\n    <\/p><\/div><span class='evcal_evdata_icons'><i class='fa fa-align-justify'><\/i><\/span>\r\n\t\t\t\t\t\t\t\r\n\t\t\t\t\t\t\t<div class='evcal_evdata_cell '><div class='eventon_full_description'>\r\n\t\t\t\t\t\t\t\t\t<h3 class='padb5 evo_h3'><span class='evcal_evdata_icons'><i class='fa fa-align-justify'><\/i><\/span>Detalhes do Evento<\/h3><div class='eventon_desc_in' itemprop='description'>\r\n\t\t\t\t\t\t\t\t\t<div class=\"documents-list\">\n<div class=\"documents-list__item\">\n    <a href=\"https:\/\/api-files.federacao-triatlo.pt\/v1\/files\/2024\/events\/20241101FTP001\/event-files\/20241101FTP001-REG001-02.pdf\" target=\"_blank\" rel=\"noopener\"><span class=\"fa fa-file-pdf fa-2x\"><\/span><span class=\"documents-list__title\">Regulamento<\/span><\/a>\n  <\/div>\n<div class=\"documents-list__item\">\n    <a href=\"https:\/\/api-files.federacao-triatlo.pt\/v1\/files\/2024\/events\/20241101FTP001\/event-files\/20241101FTP001-MAP001-02.pdf\" target=\"_blank\" rel=\"noopener\"><span class=\"fa fa-file-pdf fa-2x\"><\/span><span class=\"documents-list__title\">Percursos Campeonato Nacional Individual de Triatlo Standard<\/span><\/a>\n  <\/div>\n<div class=\"documents-list__item\">\n    <a href=\"https:\/\/api-files.federacao-triatlo.pt\/v1\/files\/2024\/events\/20241101FTP001\/event-files\/20241101FTP001-MAP002-02.pdf\" target=\"_blank\" rel=\"noopener\"><span class=\"fa fa-file-pdf fa-2x\"><\/span><span class=\"documents-list__title\">Percursos Campeonato Nacional de Triatlo de Cadetes<\/span><\/a>\n  <\/div>\n<div class=\"documents-list__item\">\n    <a href=\"https:\/\/api-files.federacao-triatlo.pt\/v1\/files\/2024\/events\/20241101FTP001\/event-files\/20241101FTP001-STL001-02.pdf\" target=\"_blank\" rel=\"noopener\"><span class=\"fa fa-list fa-2x\"><\/span><span class=\"documents-list__title\">Lista de Inscritos Campeonato Nacional Individual de Triatlo Standard &#8211; Elites<\/span><\/a>\n  <\/div>\n<div class=\"documents-list__item\">\n    <a href=\"https:\/\/api-files.federacao-triatlo.pt\/v1\/files\/2024\/events\/20241101FTP001\/event-files\/20241101FTP001-STL002-02.pdf\" target=\"_blank\" rel=\"noopener\"><span class=\"fa fa-list fa-2x\"><\/span><span class=\"documents-list__title\">Lista de Inscritos Campeonato Nacional Individual de Triatlo Standard &#8211; Grupos de Idade<\/span><\/a>\n  <\/div>\n<div class=\"documents-list__item\">\n    <a href=\"https:\/\/api-files.federacao-triatlo.pt\/v1\/files\/2024\/events\/20241101FTP001\/event-files\/20241101FTP001-STL003-02.pdf\" target=\"_blank\" rel=\"noopener\"><span class=\"fa fa-list fa-2x\"><\/span><span class=\"documents-list__title\">Lista de Inscritos Campeonato Nacional de Cadetes<\/span><\/a>\n  <\/div>\n<div class=\"documents-list__item\">\n    <a href=\"https:\/\/api-files.federacao-triatlo.pt\/v1\/files\/2024\/events\/20241101FTP001\/event-files\/20241101FTP001-STL004-01.pdf\" target=\"_blank\" rel=\"noopener\"><span class=\"fa fa-list fa-2x\"><\/span><span class=\"documents-list__title\">Lista de Inscritos Campeonato Nacional Militar<\/span><\/a>\n  <\/div>\n<\/div>\n<\/div><div class='clear'><\/div>\r\n\t\t\t\t\t\t\t\t<\/div>\r\n\t\t\t\t\t\t\t<\/div>\r\n\t\t\t\t\t\t<\/div><div class='evo_metarow_time evorow evcal_evdata_row bordb evcal_evrow_sm '>\r\n\t\t\t\t\t\t\t<span class='evcal_evdata_icons'><i class='fa fa-clock-o'><\/i><\/span>\r\n\t\t\t\t\t\t\t<div class='evcal_evdata_cell'>\t\t\t\t\t\t\t\r\n\t\t\t\t\t\t\t\t<h3 class='evo_h3'><span class='evcal_evdata_icons'><i class='fa fa-clock-o'><\/i><\/span>Hor\u00e1rio<\/h3><p>(Sexta-feira) 14:43 - 14:43<\/p>\r\n\t\t\t\t\t\t\t<\/div>\r\n\t\t\t\t\t\t<\/div>\t\t\t\t\t\t<div class='evo_metarow_ICS evorow bordb evcal_evdata_row'>\r\n\t\t\t\t\t\t\t<span class=\"evcal_evdata_icons\"><i class=\"fa fa-calendar\"><\/i><\/span>\r\n\t\t\t\t\t\t\t<div class='evcal_evdata_cell'>\r\n\t\t\t\t\t\t\t\t<p><a href='https:\/\/www.federacao-triatlo.pt\/ftp2015\/wp-admin\/admin-ajax.php?action=eventon_ics_download&amp;event_id=100932&amp;sunix=20241101T134300Z&amp;eunix=20241101T134300Z&amp;loca=&amp;locn=' class='evo_ics_nCal' title='Adicionar ao seu calend\u00e1rio'>Calend\u00e1rio<\/a><a href='\/\/www.google.com\/calendar\/event?action=TEMPLATE&amp;text=I+Triatlo+de+Faro&amp;dates=20241101T134300Z\/20241101T134300Z&amp;details=%0D%0A++%0D%0A++++Regulamento%0D%0A++%0D%0A++%0D%0A++++&amp;location= - ' target='_blank' class='evo_ics_gCal' title='Adicionar ao calend\u00e1rio Google'>GoogleCal<\/a><\/p>\t\r\n\t\t\t\t\t\t\t<\/div>\t\t\t\t\t\t<\/div>\r\n\t\t\t\t\t\t<\/div><div class='clear end'><\/div><\/div><div id=\"event_99201\" class=\"eventon_list_event evo_eventtop past_event event\" data-event_id=\"99201\" data-time=\"1730592001-1730678399\" data-colr=\"#007230\" itemscope itemtype='http:\/\/schema.org\/Event' 2><div class=\"evo_event_schema\" style=\"display:none\" ><a itemprop='url'  href='https:\/\/www.federacao-triatlo.pt\/ftp2015\/events\/duatlo-2\/'><\/a><span itemprop='name'  >VII Duatlo de Ferreiras<\/span><meta itemprop='image'  ><\/meta><meta itemprop='description' content='\r\n  \r\n    Regulamento\r\n  \r\n  \r\n    ' ><\/meta><meta itemprop='startDate' content='2024-11-3' ><\/meta><meta itemprop='endDate' content='2024-11-3' ><\/meta><meta itemprop='eventStatus' content='on-schedule' ><\/meta><script type=\"application\/ld+json\">{\t\"@context\": \"http:\/\/schema.org\",\r\n\t\t\t\t\t\t\t  \t\"@type\": \"Event\",\r\n\t\t\t\t\t\t\t  \t\"name\": \"VII Duatlo de Ferreiras\",\r\n\t\t\t\t\t\t\t  \t\"startDate\": \"2024-11-3T00-00-00-00\",\r\n\t\t\t\t\t\t\t  \t\"endDate\": \"2024-11-3T23-23-59-00\",\r\n\t\t\t\t\t\t\t  \t\"image\":,\r\n\t\t\t\t\t\t\t  \t\"description\":\"\r\n  \r\n    Regulamento\r\n  \r\n  \r\n    \",\r\n\t\t\t\t\t\t\t  \t\r\n\t\t\t\t\t\t\t }\r\n\t\t\t\t\t\t\t<\/script><\/div>\r\n\t\t\t\t<p class=\"desc_trig_outter\"><a data-gmap_status=\"null\" data-exlk=\"0\" style=\"border-color: #007230;\" id=\"evc_173059200199201\" class=\"desc_trig evo_competicao-nacional sin_val evcal_list_a\" data-ux_val=\"1\"  ><span class='evcal_cblock ' data-bgcolor='#007230' data-smon='Novembro' data-syr='2024'><span class='evo_start '><em class='date'>03<\/em><em class='month'>nov<\/em><em class='time'>allday<\/em><\/span><span class='evo_end only_time'><em class='time'>allday<\/em><\/span><em class='clear'><\/em><\/span><span class='evcal_desc evo_info hide_eventtopdata '  data-location_status=\"false\" ><span class='evo_above_title'><\/span><span class='evcal_desc2 evcal_event_title' itemprop='name'>VII Duatlo de Ferreiras<\/span><span class='evo_below_title'><span class='evcal_event_subtitle' >Campeonato Nacional de Clubes de Duatlo<\/span><\/span><span class='evcal_desc_info' ><\/span><span class='evcal_desc3'><span class='evcal_event_types ett1'><em><i>Tipo de Evento:<\/i><\/em><em data-filter='event_type'>Competi\u00e7\u00e3o Nacional<\/em><i class='clear'><\/i><\/span><\/span><\/span><em class='clear'><\/em><\/p><\/a><div class='event_description evcal_eventcard ' style=\"display:none\"><div class='evo_metarow_details evorow evcal_evdata_row bordb evcal_event_details'>\r\n\t\t\t\t\t\t\t<div class=\"event_excerpt\" style=\"display:none\"><h3 class=\"padb5 evo_h3\">Detalhes do Evento<\/h3><p>\r\n  \r\n    Regulamento\r\n  \r\n  \r\n    <\/p><\/div><span class='evcal_evdata_icons'><i class='fa fa-align-justify'><\/i><\/span>\r\n\t\t\t\t\t\t\t\r\n\t\t\t\t\t\t\t<div class='evcal_evdata_cell '><div class='eventon_full_description'>\r\n\t\t\t\t\t\t\t\t\t<h3 class='padb5 evo_h3'><span class='evcal_evdata_icons'><i class='fa fa-align-justify'><\/i><\/span>Detalhes do Evento<\/h3><div class='eventon_desc_in' itemprop='description'>\r\n\t\t\t\t\t\t\t\t\t<div class=\"documents-list\">\n<div class=\"documents-list__item\">\n    <a href=\"https:\/\/api-files.federacao-triatlo.pt\/v1\/files\/2024\/events\/20241103FTP001\/event-files\/20241103FTP001-REG001-03.pdf\" target=\"_blank\" rel=\"noopener\"><span class=\"fa fa-file-pdf fa-2x\"><\/span><span class=\"documents-list__title\">Regulamento<\/span><\/a>\n  <\/div>\n<div class=\"documents-list__item\">\n    <a href=\"https:\/\/api-files.federacao-triatlo.pt\/v1\/files\/2024\/events\/20241103FTP001\/event-files\/20241103FTP001-MAP001-02.pdf\" target=\"_blank\" rel=\"noopener\"><span class=\"fa fa-file-pdf fa-2x\"><\/span><span class=\"documents-list__title\">Percursos<\/span><\/a>\n  <\/div>\n<div class=\"documents-list__item\">\n    <a href=\"https:\/\/api-files.federacao-triatlo.pt\/v1\/files\/2024\/events\/20241103FTP001\/event-files\/20241103FTP001-STL001-02.pdf\" target=\"_blank\" rel=\"noopener\"><span class=\"fa fa-list fa-2x\"><\/span><span class=\"documents-list__title\">Lista de Inscritos Campeonato Nacional de Clubes de Duatlo<\/span><\/a>\n  <\/div>\n<div class=\"documents-list__item\">\n    <a href=\"https:\/\/api-files.federacao-triatlo.pt\/v1\/files\/2024\/events\/20241103FTP001\/event-files\/20241103FTP001-STL002-02.pdf\" target=\"_blank\" rel=\"noopener\"><span class=\"fa fa-list fa-2x\"><\/span><span class=\"documents-list__title\">Lista de Inscritos Prova Aberta<\/span><\/a>\n  <\/div>\n<\/div>\n<\/div><div class='clear'><\/div>\r\n\t\t\t\t\t\t\t\t<\/div>\r\n\t\t\t\t\t\t\t<\/div>\r\n\t\t\t\t\t\t<\/div><div class='evo_metarow_time evorow evcal_evdata_row bordb evcal_evrow_sm '>\r\n\t\t\t\t\t\t\t<span class='evcal_evdata_icons'><i class='fa fa-clock-o'><\/i><\/span>\r\n\t\t\t\t\t\t\t<div class='evcal_evdata_cell'>\t\t\t\t\t\t\t\r\n\t\t\t\t\t\t\t\t<h3 class='evo_h3'><span class='evcal_evdata_icons'><i class='fa fa-clock-o'><\/i><\/span>Hor\u00e1rio<\/h3><p>Todo o dia (Domingo)<\/p>\r\n\t\t\t\t\t\t\t<\/div>\r\n\t\t\t\t\t\t<\/div>\t\t\t\t\t\t<div class='evo_metarow_ICS evorow bordb evcal_evdata_row'>\r\n\t\t\t\t\t\t\t<span class=\"evcal_evdata_icons\"><i class=\"fa fa-calendar\"><\/i><\/span>\r\n\t\t\t\t\t\t\t<div class='evcal_evdata_cell'>\r\n\t\t\t\t\t\t\t\t<p><a href='https:\/\/www.federacao-triatlo.pt\/ftp2015\/wp-admin\/admin-ajax.php?action=eventon_ics_download&amp;event_id=99201&amp;sunix=20241102T230000Z&amp;eunix=20241103T225900Z&amp;loca=&amp;locn=' class='evo_ics_nCal' title='Adicionar ao seu calend\u00e1rio'>Calend\u00e1rio<\/a><a href='\/\/www.google.com\/calendar\/event?action=TEMPLATE&amp;text=VII+Duatlo+de+Ferreiras&amp;dates=20241102T230000Z\/20241103T225900Z&amp;details=%0D%0A++%0D%0A++++Regulamento%0D%0A++%0D%0A++%0D%0A++++&amp;location= - ' target='_blank' class='evo_ics_gCal' title='Adicionar ao calend\u00e1rio Google'>GoogleCal<\/a><\/p>\t\r\n\t\t\t\t\t\t\t<\/div>\t\t\t\t\t\t<\/div>\r\n\t\t\t\t\t\t<\/div><div class='clear end'><\/div><\/div><div id=\"event_99817\" class=\"eventon_list_event evo_eventtop past_event event\" data-event_id=\"99817\" data-time=\"1731234960-1731234960\" data-colr=\"#0092e0\" itemscope itemtype='http:\/\/schema.org\/Event' 3><div class=\"evo_event_schema\" style=\"display:none\" ><a itemprop='url'  href='https:\/\/www.federacao-triatlo.pt\/ftp2015\/events\/vii-triatlo-the-campus\/'><\/a><span itemprop='name'  >VII Triatlo The Campus<\/span><meta itemprop='image'  ><\/meta><meta itemprop='description' content='\r\n  \r\n    Regulamento\r\n  \r\n  \r\n    ' ><\/meta><meta itemprop='startDate' content='2024-11-10' ><\/meta><meta itemprop='endDate' content='2024-11-10' ><\/meta><meta itemprop='eventStatus' content='on-schedule' ><\/meta><script type=\"application\/ld+json\">{\t\"@context\": \"http:\/\/schema.org\",\r\n\t\t\t\t\t\t\t  \t\"@type\": \"Event\",\r\n\t\t\t\t\t\t\t  \t\"name\": \"VII Triatlo The Campus\",\r\n\t\t\t\t\t\t\t  \t\"startDate\": \"2024-11-10T10-10-36-00\",\r\n\t\t\t\t\t\t\t  \t\"endDate\": \"2024-11-10T10-10-36-00\",\r\n\t\t\t\t\t\t\t  \t\"image\":,\r\n\t\t\t\t\t\t\t  \t\"description\":\"\r\n  \r\n    Regulamento\r\n  \r\n  \r\n    \",\r\n\t\t\t\t\t\t\t  \t\r\n\t\t\t\t\t\t\t }\r\n\t\t\t\t\t\t\t<\/script><\/div>\r\n\t\t\t\t<p class=\"desc_trig_outter\"><a data-gmap_status=\"null\" data-exlk=\"0\" style=\"border-color: #0092e0;\" id=\"evc_173123496099817\" class=\"desc_trig evo_algarve-baixo-alentejo-competicao-regional sin_val evcal_list_a\" data-ux_val=\"1\"  ><span class='evcal_cblock ' data-bgcolor='#0092e0' data-smon='Novembro' data-syr='2024'><span class='evo_start '><em class='date'>10<\/em><em class='month'>nov<\/em><em class='time'>10:36<\/em><\/span><span class='evo_end only_time'><em class='time'>10:36<\/em><\/span><em class='clear'><\/em><\/span><span class='evcal_desc evo_info hide_eventtopdata '  data-location_status=\"false\" ><span class='evo_above_title'><\/span><span class='evcal_desc2 evcal_event_title' itemprop='name'>VII Triatlo The Campus<\/span><span class='evo_below_title'><span class='evcal_event_subtitle' >CAMPEONATO ALGARVE E BAIXO ALENTEJO<\/span><\/span><span class='evcal_desc_info' ><\/span><span class='evcal_desc3'><span class='evcal_event_types ett1'><em><i>Tipo de Evento:<\/i><\/em><em data-filter='event_type'>Algarve e Baixo Alentejo<\/em><i class='clear'><\/i><\/span><\/span><\/span><em class='clear'><\/em><\/p><\/a><div class='event_description evcal_eventcard ' style=\"display:none\"><div class='evo_metarow_details evorow evcal_evdata_row bordb evcal_event_details'>\r\n\t\t\t\t\t\t\t<div class=\"event_excerpt\" style=\"display:none\"><h3 class=\"padb5 evo_h3\">Detalhes do Evento<\/h3><p>\r\n  \r\n    Regulamento\r\n  \r\n  \r\n    <\/p><\/div><span class='evcal_evdata_icons'><i class='fa fa-align-justify'><\/i><\/span>\r\n\t\t\t\t\t\t\t\r\n\t\t\t\t\t\t\t<div class='evcal_evdata_cell '><div class='eventon_full_description'>\r\n\t\t\t\t\t\t\t\t\t<h3 class='padb5 evo_h3'><span class='evcal_evdata_icons'><i class='fa fa-align-justify'><\/i><\/span>Detalhes do Evento<\/h3><div class='eventon_desc_in' itemprop='description'>\r\n\t\t\t\t\t\t\t\t\t<div class=\"documents-list\">\n<div class=\"documents-list__item\">\n    <a href=\"https:\/\/api-files.federacao-triatlo.pt\/v1\/files\/2024\/events\/20241110ABA001\/event-files\/20241110ABA001-REG001-01.pdf\" target=\"_blank\" rel=\"noopener\"><span class=\"fa fa-file-pdf fa-2x\"><\/span><span class=\"documents-list__title\">Regulamento<\/span><\/a>\n  <\/div>\n<div class=\"documents-list__item\">\n    <a href=\"https:\/\/api-files.federacao-triatlo.pt\/v1\/files\/2024\/events\/20241110ABA001\/event-files\/20241110ABA001-MAP001-01.pdf\" target=\"_blank\" rel=\"noopener\"><span class=\"fa fa-file-pdf fa-2x\"><\/span><span class=\"documents-list__title\">Percursos Campeonato Algarve e Baixo Alentejo<\/span><\/a>\n  <\/div>\n<div class=\"documents-list__item\">\n    <a href=\"https:\/\/api-files.federacao-triatlo.pt\/v1\/files\/2024\/events\/20241110ABA001\/event-files\/20241110ABA001-STL001-01.pdf\" target=\"_blank\" rel=\"noopener\"><span class=\"fa fa-list fa-2x\"><\/span><span class=\"documents-list__title\">Lista de Inscritos Campeonato Algarve e Baixo Alentejo<\/span><\/a>\n  <\/div>\n<div class=\"documents-list__item\">\n    <a href=\"https:\/\/api-files.federacao-triatlo.pt\/v1\/files\/2024\/events\/20241110ABA001\/event-files\/20241110ABA001-STL002-01.pdf\" target=\"_blank\" rel=\"noopener\"><span class=\"fa fa-list fa-2x\"><\/span><span class=\"documents-list__title\">Lista de Inscritos Prova Aberta<\/span><\/a>\n  <\/div>\n<\/div>\n<\/div><div class='clear'><\/div>\r\n\t\t\t\t\t\t\t\t<\/div>\r\n\t\t\t\t\t\t\t<\/div>\r\n\t\t\t\t\t\t<\/div><div class='evo_metarow_time evorow evcal_evdata_row bordb evcal_evrow_sm '>\r\n\t\t\t\t\t\t\t<span class='evcal_evdata_icons'><i class='fa fa-clock-o'><\/i><\/span>\r\n\t\t\t\t\t\t\t<div class='evcal_evdata_cell'>\t\t\t\t\t\t\t\r\n\t\t\t\t\t\t\t\t<h3 class='evo_h3'><span class='evcal_evdata_icons'><i class='fa fa-clock-o'><\/i><\/span>Hor\u00e1rio<\/h3><p>(Domingo) 10:36 - 10:36<\/p>\r\n\t\t\t\t\t\t\t<\/div>\r\n\t\t\t\t\t\t<\/div>\t\t\t\t\t\t<div class='evo_metarow_ICS evorow bordb evcal_evdata_row'>\r\n\t\t\t\t\t\t\t<span class=\"evcal_evdata_icons\"><i class=\"fa fa-calendar\"><\/i><\/span>\r\n\t\t\t\t\t\t\t<div class='evcal_evdata_cell'>\r\n\t\t\t\t\t\t\t\t<p><a href='https:\/\/www.federacao-triatlo.pt\/ftp2015\/wp-admin\/admin-ajax.php?action=eventon_ics_download&amp;event_id=99817&amp;sunix=20241110T093600Z&amp;eunix=20241110T093600Z&amp;loca=&amp;locn=' class='evo_ics_nCal' title='Adicionar ao seu calend\u00e1rio'>Calend\u00e1rio<\/a><a href='\/\/www.google.com\/calendar\/event?action=TEMPLATE&amp;text=VII+Triatlo+The+Campus&amp;dates=20241110T093600Z\/20241110T093600Z&amp;details=%0D%0A++%0D%0A++++Regulamento%0D%0A++%0D%0A++%0D%0A++++&amp;location= - ' target='_blank' class='evo_ics_gCal' title='Adicionar ao calend\u00e1rio Google'>GoogleCal<\/a><\/p>\t\r\n\t\t\t\t\t\t\t<\/div>\t\t\t\t\t\t<\/div>\r\n\t\t\t\t\t\t<\/div><div class='clear end'><\/div><\/div><\/div><div class='clear'><\/div><\/div><!-- ajde_evcal_calendar-->\n","protected":false},"excerpt":{"rendered":"","protected":false},"author":15430,"featured_media":0,"parent":89178,"menu_order":10,"comment_status":"closed","ping_status":"closed","template":"","meta":{"footnotes":""},"_links":{"self":[{"href":"https:\/\/www.federacao-triatlo.pt\/ftp2015\/wp-json\/wp\/v2\/pages\/99065"}],"collection":[{"href":"https:\/\/www.federacao-triatlo.pt\/ftp2015\/wp-json\/wp\/v2\/pages"}],"about":[{"href":"https:\/\/www.federacao-triatlo.pt\/ftp2015\/wp-json\/wp\/v2\/types\/page"}],"author":[{"embeddable":true,"href":"https:\/\/www.federacao-triatlo.pt\/ftp2015\/wp-json\/wp\/v2\/users\/15430"}],"replies":[{"embeddable":true,"href":"https:\/\/www.federacao-triatlo.pt\/ftp2015\/wp-json\/wp\/v2\/comments?post=99065"}],"version-history":[{"count":4,"href":"https:\/\/www.federacao-triatlo.pt\/ftp2015\/wp-json\/wp\/v2\/pages\/99065\/revisions"}],"predecessor-version":[{"id":99071,"href":"https:\/\/www.federacao-triatlo.pt\/ftp2015\/wp-json\/wp\/v2\/pages\/99065\/revisions\/99071"}],"up":[{"embeddable":true,"href":"https:\/\/www.federacao-triatlo.pt\/ftp2015\/wp-json\/wp\/v2\/pages\/89178"}],"wp:attachment":[{"href":"https:\/\/www.federacao-triatlo.pt\/ftp2015\/wp-json\/wp\/v2\/media?parent=99065"}],"curies":[{"name":"wp","href":"https:\/\/api.w.org\/{rel}","templated":true}]}}