{"id":94534,"date":"2023-04-11T20:03:58","date_gmt":"2023-04-11T20:03:58","guid":{"rendered":"https:\/\/www.federacao-triatlo.pt\/ftp2015\/?page_id=94534"},"modified":"2023-04-11T20:03:58","modified_gmt":"2023-04-11T20:03:58","slug":"19850815nac001","status":"publish","type":"page","link":"https:\/\/www.federacao-triatlo.pt\/ftp2015\/competicoes\/resultados\/resultados-1985\/19850815nac001\/","title":{"rendered":"Triatlo de Peniche"},"content":{"rendered":"<div class=\"table-container\">\n<table class=\"table is-striped is-narrow is-hoverable table is-fullwidth\">\n<thead>\n<tr>\n<th>#<\/th>\n<th>Dorsal<\/th>\n<th>Nome<\/th>\n<th>G\u00e9nero<\/th>\n<th>Nata\u00e7\u00e3o<\/th>\n<th>Ciclismo<\/th>\n<th>Corrida<\/th>\n<th>Total<\/th>\n<\/tr>\n<\/thead>\n<tbody>\n<tr>\n<td>1<\/td>\n<td>17<\/td>\n<td>Carlos Carmino<\/td>\n<td>M<\/td>\n<td>0:15:18<\/td>\n<td>0:55:51<\/td>\n<td>0:32:29<\/td>\n<td>1:43:38<\/td>\n<\/tr>\n<tr>\n<td>2<\/td>\n<td>16<\/td>\n<td>Paulo Paula Carvalho<\/td>\n<td>M<\/td>\n<td>0:12:56<\/td>\n<td>0:55:41<\/td>\n<td>0:38:16<\/td>\n<td>1:46:53<\/td>\n<\/tr>\n<tr>\n<td>3<\/td>\n<td>13<\/td>\n<td>Pedro Carvalho<\/td>\n<td>M<\/td>\n<td>0:15:44<\/td>\n<td>0:59:23<\/td>\n<td>0:36:03<\/td>\n<td>1:51:10<\/td>\n<\/tr>\n<tr>\n<td>4<\/td>\n<td>121<\/td>\n<td>Paulo Jorge Alves<\/td>\n<td>M<\/td>\n<td>0:19:57<\/td>\n<td>0:56:21<\/td>\n<td>0:35:02<\/td>\n<td>1:51:20<\/td>\n<\/tr>\n<tr>\n<td>5<\/td>\n<td>62<\/td>\n<td>Jos\u00e9 Lu\u00eds Ferreira<\/td>\n<td>M<\/td>\n<td>0:21:23<\/td>\n<td>0:56:55<\/td>\n<td>0:33:27<\/td>\n<td>1:51:45<\/td>\n<\/tr>\n<tr>\n<td>6<\/td>\n<td>105<\/td>\n<td>Rui Gomes<\/td>\n<td>M<\/td>\n<td>0:20:52<\/td>\n<td>0:57:37<\/td>\n<td>0:37:06<\/td>\n<td>1:55:35<\/td>\n<\/tr>\n<tr>\n<td>7<\/td>\n<td>46<\/td>\n<td>Francisco Santos<\/td>\n<td>M<\/td>\n<td>0:18:18<\/td>\n<td>0:57:58<\/td>\n<td>0:39:28<\/td>\n<td>1:55:44<\/td>\n<\/tr>\n<tr>\n<td>8<\/td>\n<td>21<\/td>\n<td>Jorge Gon\u00e7alves<\/td>\n<td>M<\/td>\n<td>0:16:52<\/td>\n<td>1:02:26<\/td>\n<td>0:37:09<\/td>\n<td>1:56:27<\/td>\n<\/tr>\n<tr>\n<td>9<\/td>\n<td>4<\/td>\n<td>Paulo Cavaleiro<\/td>\n<td>M<\/td>\n<td>0:18:04<\/td>\n<td>1:00:26<\/td>\n<td>0:39:19<\/td>\n<td>1:57:49<\/td>\n<\/tr>\n<tr>\n<td>10<\/td>\n<td>99<\/td>\n<td>Jo\u00e3o Teixeira<\/td>\n<td>M<\/td>\n<td>0:22:27<\/td>\n<td>0:55:51<\/td>\n<td>0:40:06<\/td>\n<td>1:58:24<\/td>\n<\/tr>\n<tr>\n<td>11<\/td>\n<td>18<\/td>\n<td>Carlos Reis<\/td>\n<td>M<\/td>\n<td>0:15:47<\/td>\n<td>1:03:52<\/td>\n<td>0:39:15<\/td>\n<td>1:58:54<\/td>\n<\/tr>\n<tr>\n<td>12<\/td>\n<td>30<\/td>\n<td>Manuel Correia<\/td>\n<td>M<\/td>\n<td>0:17:30<\/td>\n<td>1:03:47<\/td>\n<td>0:37:39<\/td>\n<td>1:58:56<\/td>\n<\/tr>\n<tr>\n<td>13<\/td>\n<td>89<\/td>\n<td>Jorge Justino<\/td>\n<td>M<\/td>\n<td>0:16:32<\/td>\n<td>1:02:27<\/td>\n<td>0:41:14<\/td>\n<td>2:00:13<\/td>\n<\/tr>\n<tr>\n<td>14<\/td>\n<td>11<\/td>\n<td>Rog\u00e9rio Taveira<\/td>\n<td>M<\/td>\n<td>0:14:11<\/td>\n<td>1:05:46<\/td>\n<td>0:40:53<\/td>\n<td>2:00:50<\/td>\n<\/tr>\n<tr>\n<td>15<\/td>\n<td>31<\/td>\n<td>M\u00e1rio Carvalho<\/td>\n<td>M<\/td>\n<td>0:23:43<\/td>\n<td>0:57:08<\/td>\n<td>0:40:12<\/td>\n<td>2:01:03<\/td>\n<\/tr>\n<tr>\n<td>16<\/td>\n<td>37<\/td>\n<td>Luis Gomes<\/td>\n<td>M<\/td>\n<td>0:23:40<\/td>\n<td>0:55:16<\/td>\n<td>0:42:22<\/td>\n<td>2:01:18<\/td>\n<\/tr>\n<tr>\n<td>17<\/td>\n<td>102<\/td>\n<td>Fernando Santos<\/td>\n<td>M<\/td>\n<td>0:20:43<\/td>\n<td>1:02:04<\/td>\n<td>0:38:41<\/td>\n<td>2:01:28<\/td>\n<\/tr>\n<tr>\n<td>18<\/td>\n<td>104<\/td>\n<td>Jo\u00e3o Gomes<\/td>\n<td>M<\/td>\n<td>0:19:34<\/td>\n<td>1:02:44<\/td>\n<td>0:40:30<\/td>\n<td>2:02:48<\/td>\n<\/tr>\n<tr>\n<td>19<\/td>\n<td>64<\/td>\n<td>Jo\u00e3o Lopes<\/td>\n<td>M<\/td>\n<td>0:19:30<\/td>\n<td>1:03:08<\/td>\n<td>0:40:37<\/td>\n<td>2:03:15<\/td>\n<\/tr>\n<tr>\n<td>20<\/td>\n<td>114<\/td>\n<td>Jos\u00e9 Raimundo<\/td>\n<td>M<\/td>\n<td>0:26:12<\/td>\n<td>1:02:31<\/td>\n<td>0:34:56<\/td>\n<td>2:03:39<\/td>\n<\/tr>\n<tr>\n<td>21<\/td>\n<td>71<\/td>\n<td>Jos\u00e9 Fonseca<\/td>\n<td>M<\/td>\n<td>0:24:33<\/td>\n<td>0:57:57<\/td>\n<td>0:41:11<\/td>\n<td>2:03:41<\/td>\n<\/tr>\n<tr>\n<td>22<\/td>\n<td>65<\/td>\n<td>Ant\u00f3nio Florenciano<\/td>\n<td>M<\/td>\n<td>0:30:09<\/td>\n<td>0:55:58<\/td>\n<td>0:37:42<\/td>\n<td>2:03:49<\/td>\n<\/tr>\n<tr>\n<td>23<\/td>\n<td>53<\/td>\n<td>Ricardo Jorge Aguiar<\/td>\n<td>M<\/td>\n<td>0:16:19<\/td>\n<td>1:02:37<\/td>\n<td>0:44:59<\/td>\n<td>2:03:55<\/td>\n<\/tr>\n<tr>\n<td>24<\/td>\n<td>43<\/td>\n<td>Paulo Gomes<\/td>\n<td>M<\/td>\n<td>0:18:38<\/td>\n<td>1:02:13<\/td>\n<td>0:43:07<\/td>\n<td>2:03:58<\/td>\n<\/tr>\n<tr>\n<td>25<\/td>\n<td>51<\/td>\n<td>Artur Parreira<\/td>\n<td>M<\/td>\n<td>0:29:09<\/td>\n<td>1:01:36<\/td>\n<td>0:33:58<\/td>\n<td>2:04:43<\/td>\n<\/tr>\n<tr>\n<td>26<\/td>\n<td>100<\/td>\n<td>Luis Gon\u00e7alves<\/td>\n<td>M<\/td>\n<td>0:24:27<\/td>\n<td>0:56:25<\/td>\n<td>0:44:47<\/td>\n<td>2:05:39<\/td>\n<\/tr>\n<tr>\n<td>27<\/td>\n<td>20<\/td>\n<td>Jos\u00e9 Filipe P. L. Mello<\/td>\n<td>M<\/td>\n<td>0:19:15<\/td>\n<td>1:05:02<\/td>\n<td>0:42:10<\/td>\n<td>2:06:27<\/td>\n<\/tr>\n<tr>\n<td>28<\/td>\n<td>60<\/td>\n<td>Luis Rafael<\/td>\n<td>M<\/td>\n<td>0:21:31<\/td>\n<td>0:59:03<\/td>\n<td>0:45:58<\/td>\n<td>2:06:32<\/td>\n<\/tr>\n<tr>\n<td>29<\/td>\n<td>12<\/td>\n<td>Miguel Martel Lima<\/td>\n<td>M<\/td>\n<td>0:24:14<\/td>\n<td>1:05:36<\/td>\n<td>0:38:26<\/td>\n<td>2:08:16<\/td>\n<\/tr>\n<tr>\n<td>30<\/td>\n<td>115<\/td>\n<td>Jo\u00e3o Godinho<\/td>\n<td>M<\/td>\n<td>0:29:36<\/td>\n<td>1:06:41<\/td>\n<td>0:33:42<\/td>\n<td>2:09:59<\/td>\n<\/tr>\n<tr>\n<td>31<\/td>\n<td>45<\/td>\n<td>Lu\u00eds Filipe M. Pereira Dias<\/td>\n<td>M<\/td>\n<td>0:23:48<\/td>\n<td>1:00:17<\/td>\n<td>0:46:07<\/td>\n<td>2:10:12<\/td>\n<\/tr>\n<tr>\n<td>32<\/td>\n<td>98<\/td>\n<td>Jo\u00e3o Manuel da S. Pinho<\/td>\n<td>M<\/td>\n<td>0:21:03<\/td>\n<td>1:04:50<\/td>\n<td>0:45:18<\/td>\n<td>2:11:11<\/td>\n<\/tr>\n<tr>\n<td>33<\/td>\n<td>50<\/td>\n<td>Jo\u00e3o Neves de Almeida<\/td>\n<td>M<\/td>\n<td>0:19:30<\/td>\n<td>1:04:32<\/td>\n<td>0:47:13<\/td>\n<td>2:11:15<\/td>\n<\/tr>\n<tr>\n<td>34<\/td>\n<td>57<\/td>\n<td>M\u00e1rio Vaz<\/td>\n<td>M<\/td>\n<td>0:19:19<\/td>\n<td>1:05:52<\/td>\n<td>0:46:56<\/td>\n<td>2:12:07<\/td>\n<\/tr>\n<tr>\n<td>35<\/td>\n<td>23<\/td>\n<td>Carlos Monteiro<\/td>\n<td>M<\/td>\n<td>0:27:06<\/td>\n<td>1:07:44<\/td>\n<td>0:37:35<\/td>\n<td>2:12:25<\/td>\n<\/tr>\n<tr>\n<td>36<\/td>\n<td>116<\/td>\n<td>Ant\u00f3nio Silva<\/td>\n<td>M<\/td>\n<td><\/td>\n<td><\/td>\n<td>0:37:21<\/td>\n<td>2:12:50<\/td>\n<\/tr>\n<tr>\n<td>37<\/td>\n<td>47<\/td>\n<td>Jo\u00e3o Martins<\/td>\n<td>M<\/td>\n<td>0:22:15<\/td>\n<td>1:10:15<\/td>\n<td>0:40:59<\/td>\n<td>2:13:29<\/td>\n<\/tr>\n<tr>\n<td>38<\/td>\n<td>76<\/td>\n<td>Jo\u00e3o Macedo<\/td>\n<td>M<\/td>\n<td>0:19:42<\/td>\n<td>1:10:39<\/td>\n<td>0:43:12<\/td>\n<td>2:13:33<\/td>\n<\/tr>\n<tr>\n<td>39<\/td>\n<td>19<\/td>\n<td>Carlos Neves Porf\u00edrio<\/td>\n<td>M<\/td>\n<td>0:23:48<\/td>\n<td>1:07:17<\/td>\n<td>0:42:56<\/td>\n<td>2:14:01<\/td>\n<\/tr>\n<tr>\n<td>40<\/td>\n<td>10<\/td>\n<td>Anabela Salgado<\/td>\n<td>F<\/td>\n<td>0:19:45<\/td>\n<td>1:12:45<\/td>\n<td>0:42:23<\/td>\n<td>2:14:53<\/td>\n<\/tr>\n<tr>\n<td>41<\/td>\n<td>107<\/td>\n<td>Ant\u00f3nio Jos\u00e9 Correia<\/td>\n<td>M<\/td>\n<td>0:28:20<\/td>\n<td>1:00:52<\/td>\n<td>0:47:03<\/td>\n<td>2:16:15<\/td>\n<\/tr>\n<tr>\n<td>42<\/td>\n<td>39<\/td>\n<td>Jos\u00e9 L\u00facio E. Gomes<\/td>\n<td>M<\/td>\n<td>0:26:20<\/td>\n<td>1:07:21<\/td>\n<td>0:42:38<\/td>\n<td>2:16:19<\/td>\n<\/tr>\n<tr>\n<td>43<\/td>\n<td>14<\/td>\n<td>Dora Cristina S. Pinto<\/td>\n<td>F<\/td>\n<td>0:20:32<\/td>\n<td>1:13:15<\/td>\n<td>0:43:31<\/td>\n<td>2:17:18<\/td>\n<\/tr>\n<tr>\n<td>44<\/td>\n<td>92<\/td>\n<td>Vitor Martins<\/td>\n<td>M<\/td>\n<td>0:24:20<\/td>\n<td>1:11:36<\/td>\n<td>0:42:18<\/td>\n<td>2:18:14<\/td>\n<\/tr>\n<tr>\n<td>45<\/td>\n<td>58<\/td>\n<td>Jos\u00e9 Sousa<\/td>\n<td>M<\/td>\n<td>0:25:14<\/td>\n<td>1:10:27<\/td>\n<td>0:42:43<\/td>\n<td>2:18:24<\/td>\n<\/tr>\n<tr>\n<td>46<\/td>\n<td>44<\/td>\n<td>S\u00e9rgio Condinho<\/td>\n<td>M<\/td>\n<td>0:20:34<\/td>\n<td>1:13:55<\/td>\n<td>0:43:57<\/td>\n<td>2:18:26<\/td>\n<\/tr>\n<tr>\n<td>47<\/td>\n<td>28<\/td>\n<td>Jorge Paula<\/td>\n<td>M<\/td>\n<td>0:20:24<\/td>\n<td>1:18:43<\/td>\n<td>0:39:47<\/td>\n<td>2:18:54<\/td>\n<\/tr>\n<tr>\n<td>48<\/td>\n<td>24<\/td>\n<td>Alfredo M. G. de Sousa<\/td>\n<td>M<\/td>\n<td>0:25:20<\/td>\n<td>1:13:33<\/td>\n<td>0:40:22<\/td>\n<td>2:19:15<\/td>\n<\/tr>\n<tr>\n<td>49<\/td>\n<td>27<\/td>\n<td>Nuno Bello Concei\u00e7\u00e3o<\/td>\n<td>M<\/td>\n<td>0:20:31<\/td>\n<td>1:13:05<\/td>\n<td>0:46:50<\/td>\n<td>2:20:26<\/td>\n<\/tr>\n<tr>\n<td>50<\/td>\n<td>85<\/td>\n<td>Gilberto Faria<\/td>\n<td>M<\/td>\n<td>0:26:15<\/td>\n<td>1:13:14<\/td>\n<td>0:41:08<\/td>\n<td>2:20:37<\/td>\n<\/tr>\n<tr>\n<td>51<\/td>\n<td>49<\/td>\n<td>Caetano Maria R. C. Reis<\/td>\n<td>M<\/td>\n<td>0:20:01<\/td>\n<td>1:13:40<\/td>\n<td>0:48:09<\/td>\n<td>2:21:50<\/td>\n<\/tr>\n<tr>\n<td>52<\/td>\n<td>91<\/td>\n<td>Francisco Dias<\/td>\n<td>M<\/td>\n<td>0:25:30<\/td>\n<td>1:14:07<\/td>\n<td>0:44:15<\/td>\n<td>2:23:52<\/td>\n<\/tr>\n<tr>\n<td>53<\/td>\n<td>55<\/td>\n<td>Jorge Faria<\/td>\n<td>M<\/td>\n<td>0:21:02<\/td>\n<td>1:15:33<\/td>\n<td>0:47:26<\/td>\n<td>2:24:01<\/td>\n<\/tr>\n<tr>\n<td>54<\/td>\n<td>68<\/td>\n<td>Virgulino Dam\u00e1sio<\/td>\n<td>M<\/td>\n<td>0:15:20<\/td>\n<td>1:26:35<\/td>\n<td>0:42:27<\/td>\n<td>2:24:22<\/td>\n<\/tr>\n<tr>\n<td>55<\/td>\n<td>22<\/td>\n<td>Luis Sousa<\/td>\n<td>M<\/td>\n<td>0:20:19<\/td>\n<td>1:25:45<\/td>\n<td>0:38:51<\/td>\n<td>2:24:55<\/td>\n<\/tr>\n<tr>\n<td>56<\/td>\n<td>117<\/td>\n<td>Vitor Rodrigues<\/td>\n<td>M<\/td>\n<td>0:20:25<\/td>\n<td>1:17:32<\/td>\n<td>0:49:52<\/td>\n<td>2:27:49<\/td>\n<\/tr>\n<tr>\n<td>57<\/td>\n<td>79<\/td>\n<td>Ant\u00f3nio Salva\u00e7\u00e3o<\/td>\n<td>M<\/td>\n<td>0:19:51<\/td>\n<td>1:19:05<\/td>\n<td>0:49:28<\/td>\n<td>2:28:24<\/td>\n<\/tr>\n<tr>\n<td>58<\/td>\n<td>75<\/td>\n<td>Joaquim Jos\u00e9 T. Ruela<\/td>\n<td>M<\/td>\n<td>0:20:17<\/td>\n<td>1:24:29<\/td>\n<td>0:43:46<\/td>\n<td>2:28:32<\/td>\n<\/tr>\n<tr>\n<td>59<\/td>\n<td>59<\/td>\n<td>Ramon Neto<\/td>\n<td>M<\/td>\n<td>0:23:27<\/td>\n<td>1:18:19<\/td>\n<td>0:47:08<\/td>\n<td>2:28:54<\/td>\n<\/tr>\n<tr>\n<td>60<\/td>\n<td>77<\/td>\n<td>Jorge Vaz<\/td>\n<td>M<\/td>\n<td>0:24:48<\/td>\n<td>1:23:07<\/td>\n<td>0:43:34<\/td>\n<td>2:31:29<\/td>\n<\/tr>\n<tr>\n<td>61<\/td>\n<td>78<\/td>\n<td>Manuel J. S. Constantino<\/td>\n<td>M<\/td>\n<td>0:23:34<\/td>\n<td>1:12:38<\/td>\n<td>0:56:34<\/td>\n<td>2:32:46<\/td>\n<\/tr>\n<tr>\n<td>62<\/td>\n<td>101<\/td>\n<td>Ant\u00f3nio Vieira<\/td>\n<td>M<\/td>\n<td>0:25:21<\/td>\n<td>1:31:05<\/td>\n<td>0:54:16<\/td>\n<td>2:50:42<\/td>\n<\/tr>\n<tr>\n<td>63<\/td>\n<td>74<\/td>\n<td>Diamantino Santos<\/td>\n<td>M<\/td>\n<td>0:26:51<\/td>\n<td>1:29:00<\/td>\n<td>0:55:01<\/td>\n<td>2:50:52<\/td>\n<\/tr>\n<tr>\n<td>64<\/td>\n<td>84<\/td>\n<td>Nuno Ribeiro<\/td>\n<td>M<\/td>\n<td>0:21:13<\/td>\n<td>1:34:38<\/td>\n<td>1:08:19<\/td>\n<td>3:04:10<\/td>\n<\/tr>\n<\/tbody>\n<\/table>\n<\/div>\n","protected":false},"excerpt":{"rendered":"<p># Dorsal Nome G\u00e9nero Nata\u00e7\u00e3o Ciclismo Corrida Total 1 17 [&hellip;]<\/p>\n","protected":false},"author":15430,"featured_media":0,"parent":94236,"menu_order":2,"comment_status":"closed","ping_status":"closed","template":"","meta":{"footnotes":""},"_links":{"self":[{"href":"https:\/\/www.federacao-triatlo.pt\/ftp2015\/wp-json\/wp\/v2\/pages\/94534"}],"collection":[{"href":"https:\/\/www.federacao-triatlo.pt\/ftp2015\/wp-json\/wp\/v2\/pages"}],"about":[{"href":"https:\/\/www.federacao-triatlo.pt\/ftp2015\/wp-json\/wp\/v2\/types\/page"}],"author":[{"embeddable":true,"href":"https:\/\/www.federacao-triatlo.pt\/ftp2015\/wp-json\/wp\/v2\/users\/15430"}],"replies":[{"embeddable":true,"href":"https:\/\/www.federacao-triatlo.pt\/ftp2015\/wp-json\/wp\/v2\/comments?post=94534"}],"version-history":[{"count":1,"href":"https:\/\/www.federacao-triatlo.pt\/ftp2015\/wp-json\/wp\/v2\/pages\/94534\/revisions"}],"predecessor-version":[{"id":94535,"href":"https:\/\/www.federacao-triatlo.pt\/ftp2015\/wp-json\/wp\/v2\/pages\/94534\/revisions\/94535"}],"up":[{"embeddable":true,"href":"https:\/\/www.federacao-triatlo.pt\/ftp2015\/wp-json\/wp\/v2\/pages\/94236"}],"wp:attachment":[{"href":"https:\/\/www.federacao-triatlo.pt\/ftp2015\/wp-json\/wp\/v2\/media?parent=94534"}],"curies":[{"name":"wp","href":"https:\/\/api.w.org\/{rel}","templated":true}]}}