{"id":930,"date":"2015-02-25T18:03:48","date_gmt":"2015-02-25T18:03:48","guid":{"rendered":"https:\/\/www.federacao-triatlo.pt\/ftp2015\/?page_id=930"},"modified":"2026-04-25T09:26:19","modified_gmt":"2026-04-25T08:26:19","slug":"assembleias-gerais","status":"publish","type":"page","link":"https:\/\/www.federacao-triatlo.pt\/ftp2015\/a-federacao\/assembleias-gerais\/","title":{"rendered":"Assembleias Gerais"},"content":{"rendered":"<div class=\"fusion-fullwidth fullwidth-box fusion-builder-row-1 fusion-flex-container nonhundred-percent-fullwidth non-hundred-percent-height-scrolling\" style=\"--awb-border-radius-top-left:0px;--awb-border-radius-top-right:0px;--awb-border-radius-bottom-right:0px;--awb-border-radius-bottom-left:0px;--awb-flex-wrap:wrap;\" ><div class=\"fusion-builder-row fusion-row fusion-flex-align-items-flex-start fusion-flex-content-wrap\" style=\"max-width:1476px;margin-left: calc(-23% \/ 2 );margin-right: calc(-23% \/ 2 );\"><div class=\"fusion-layout-column fusion_builder_column fusion-builder-column-0 fusion_builder_column_1_1 1_1 fusion-flex-column\" style=\"--awb-bg-blend:overlay;--awb-bg-size:cover;--awb-width-large:100%;--awb-margin-top-large:0px;--awb-spacing-right-large:8.855%;--awb-margin-bottom-large:0px;--awb-spacing-left-large:8.855%;--awb-width-medium:100%;--awb-spacing-right-medium:8.855%;--awb-spacing-left-medium:8.855%;--awb-width-small:100%;--awb-spacing-right-small:8.855%;--awb-spacing-left-small:8.855%;\"><div class=\"fusion-column-wrapper fusion-flex-justify-content-flex-start fusion-content-layout-column\"><div class=\"fusion-text fusion-text-1\"><h2><strong>2026<\/strong><\/h2>\n<h2><strong>Assembleia Geral Ordin\u00e1ria de 25 de Abril de 2026<\/strong><\/h2>\n<div class=\"documents-list__item\"><a href=\"https:\/\/www.federacao-triatlo.pt\/ftp2015\/wp-content\/uploads\/2026\/04\/Convocatoria-AG-Ordinaria-25-04-2026-002.pdf\" target=\" target=\" rel=\"noopener\"><span class=\"documents-list__title\">Convocat\u00f3ria Assembleia Geral Ordin\u00e1ria<\/span><\/a><\/div>\n<div class=\"documents-list__item\"><a href=\"https:\/\/www.federacao-triatlo.pt\/ftp2015\/wp-content\/uploads\/2026\/04\/F_FTP_FluxosCx_2025.pdf\" target=\" target=\" rel=\"noopener\"><span class=\"documents-list__title\">Demonstra\u00e7\u00e3o de Fluxos de Caixa<\/span><\/a><\/div>\n<div class=\"documents-list__item\"><a href=\"https:\/\/www.federacao-triatlo.pt\/ftp2015\/wp-content\/uploads\/2026\/04\/F_FTP_Anexo_DFs_2025.pdf\" target=\" target=\" rel=\"noopener\"><span class=\"documents-list__title\">Demonstra\u00e7\u00f5es Financeiras<\/span><\/a><\/div>\n<div class=\"documents-list__item\"><a href=\"https:\/\/www.federacao-triatlo.pt\/ftp2015\/wp-content\/uploads\/2026\/04\/F_FTP_Balancos_2025.pdf\" target=\" target=\" rel=\"noopener\"><span class=\"documents-list__title\">Balan\u00e7os em 31 de dezembro de 2025 e 31 de dezembro de 2024<\/span><\/a><\/div>\n<div class=\"documents-list__item\"><a href=\"https:\/\/www.federacao-triatlo.pt\/ftp2015\/wp-content\/uploads\/2026\/04\/F_FTP_DACP_2025.pdf\" target=\" target=\" rel=\"noopener\"><span class=\"documents-list__title\">Demonstra\u00e7\u00e3o das Altera\u00e7\u00f5es nos Fundos Patrimoniais<\/span><\/a><\/div>\n<div class=\"documents-list__item\"><a href=\"https:\/\/www.federacao-triatlo.pt\/ftp2015\/wp-content\/uploads\/2026\/04\/F_FTP_DR_2025.pdf\" target=\" target=\" rel=\"noopener\"><span class=\"documents-list__title\">Demonstra\u00e7\u00f5es dos Resultados por Naturezas<\/span><\/a><\/div>\n<div class=\"documents-list__item\"><a href=\"https:\/\/www.federacao-triatlo.pt\/ftp2015\/wp-content\/uploads\/2026\/04\/Relatorio-Atividades-e-Contas-2025.pdf\" rel=\"noopener\"><span class=\"documents-list__title\">Proposta de Relat\u00f3rio Atividades e Contas 2025<\/span><\/a><\/div>\n<div class=\"documents-list__item\"><a href=\"https:\/\/www.federacao-triatlo.pt\/ftp2015\/wp-content\/uploads\/2026\/04\/Parecer-CF-RC2025_signed.pdf\" rel=\"noopener\"><span class=\"documents-list__title\">Relat\u00f3rio e Parecer do Conselho Fiscal sobre o Relat\u00f3rio e Contas de 2025<\/span><\/a><\/div>\n<div class=\"documents-list__item\"><a href=\"https:\/\/www.federacao-triatlo.pt\/ftp2015\/wp-content\/uploads\/2026\/04\/CLC-2025-FTP.pdf\" rel=\"noopener\"><span class=\"documents-list__title\">Certifica\u00e7\u00e3o Legal das Contas<\/span><\/a><\/div>\n<div class=\"documents-list__item\"><a href=\"https:\/\/www.federacao-triatlo.pt\/ftp2015\/wp-content\/uploads\/2026\/04\/Ponto-3-da-Convocatoria-da-Assembleia-Geral-de-25_15348461178180689452.pdf\" rel=\"noopener\"><span class=\"documents-list__title\">Proposta de Altera\u00e7\u00e3o ao Regulamento Eleitoral<\/span><\/a><\/div>\n<\/div><div class=\"fusion-text fusion-text-2\"><h2 class=\"fusion-responsive-typography-calculated\" style=\"--fontsize: 24; line-height: 1.69;\" data-fontsize=\"24\" data-lineheight=\"40.560001px\"><strong>&nbsp;<\/strong><\/h2>\n<h2 class=\"fusion-responsive-typography-calculated\" style=\"--fontsize: 24; line-height: 1.69;\" data-fontsize=\"24\" data-lineheight=\"40.560001px\"><strong>2025<\/strong><\/h2>\n<h2 class=\"fusion-responsive-typography-calculated\" style=\"--fontsize: 24; line-height: 1.69;\" data-fontsize=\"24\" data-lineheight=\"40.560001px\"><strong>Assembleia Geral Ordin\u00e1ria de 11 de Dezembro de 2025<\/strong><\/h2>\n<div class=\"documents-list__item\"><a href=\"https:\/\/www.federacao-triatlo.pt\/ftp2015\/wp-content\/uploads\/2026\/04\/Ata-AGO_2025_12_11-2.pdf\" target=\" target=\" rel=\"noopener\"><span class=\"documents-list__title\">Ata da  Assembleia Geral Ordin\u00e1ria de 11 de Dezembro de 2025<\/span><\/a><\/div>\n<div class=\"documents-list__item\"><a href=\"https:\/\/www.federacao-triatlo.pt\/ftp2015\/wp-content\/uploads\/2025\/11\/2025-12-11-convocatoria-assembleia-geral-ordinaria-rev01.pdf\" target=\" target=\" rel=\"noopener\"><span class=\"documents-list__title\">Convocat\u00f3ria Assembleia Geral Ordin\u00e1ria<\/span><\/a><\/div>\n<div class=\"documents-list__item\"><a href=\"https:\/\/www.federacao-triatlo.pt\/ftp2015\/wp-content\/uploads\/2025\/12\/relatorio-parecer-conselho-fiscal.pdf\" target=\"_blank\" rel=\"noopener\"><span class=\"documents-list__title\">Relat\u00f3rio e Parecer do Conselho Fiscal<\/span><\/a><\/div>\n<h2 class=\"fusion-responsive-typography-calculated\" style=\"--fontsize: 24; line-height: 1.69;\" data-fontsize=\"24\" data-lineheight=\"40.560001px\"><strong>Assembleia Geral Eleitoral de 11 de Dezembro de 2025<\/strong><\/h2>\n<div class=\"documents-list__item\"><a href=\"https:\/\/www.federacao-triatlo.pt\/ftp2015\/wp-content\/uploads\/2026\/03\/2025-12-11-ata-eleicao-delegados-2025-2026-rev01.pdf\" target=\" target=\" rel=\"noopener\"><span class=\"documents-list__title\">Ata de Elei\u00e7\u00e3o de delegados 2025_2026<\/span><\/a><\/div>\n<div class=\"documents-list__item\"><a href=\"https:\/\/www.federacao-triatlo.pt\/ftp2015\/wp-content\/uploads\/2025\/11\/2025-11-11-assembleia-eleitoral-delegados-rev01.pdf\" target=\" target=\" rel=\"noopener\"><span class=\"documents-list__title\">Convocat\u00f3ria Assembleia Eleitoral<\/span><\/a><\/div>\n<div class=\"documents-list__item\"><a href=\"https:\/\/www.federacao-triatlo.pt\/ftp2015\/wp-content\/uploads\/2025\/12\/2025-12-11-caderno-eleitoral-rev01.pdf\" target=\" target=\" rel=\"noopener\"><span class=\"documents-list__title\">Caderno Eleitoral<\/span><\/a><\/div>\n<div class=\"documents-list__item\"><a href=\"https:\/\/www.federacao-triatlo.pt\/ftp2015\/wp-content\/uploads\/2025\/12\/2025-12-11-lista-candidatos-delegados-rev01.pdf\" target=\" target=\" rel=\"noopener\"><span class=\"documents-list__title\">Lista de Candidatos a Delegados<\/span><\/a><\/div>\n<h2 class=\"fusion-responsive-typography-calculated\" style=\"--fontsize: 24; line-height: 1.69;\" data-fontsize=\"24\" data-lineheight=\"40.560001px\"><strong>Assembleia Geral Eleitoral de 5 de Setembro de 2025<\/strong><\/h2>\n<div class=\"documents-list__item\"><a href=\"https:\/\/www.federacao-triatlo.pt\/ftp2015\/wp-content\/uploads\/2025\/08\/2025-09-05-convocatoria-assembleia-eleitoral-delegados-rev01.pdf\" target=\"_blank\" rel=\"noopener\"><span class=\"documents-list__title\">Convocat\u00f3ria Assembleia Eleitoral<\/span><\/a><\/div>\n<div class=\"documents-list__item\"><a href=\"https:\/\/www.federacao-triatlo.pt\/ftp2015\/wp-content\/uploads\/2025\/08\/2025-09-05-caderno-eleitoral-assembleia-eleitoral-rev01.pdf\" target=\"_blank\" rel=\"noopener\"><span class=\"documents-list__title\">Caderno Eleitoral<\/span><\/a><\/div>\n<div class=\"documents-list__item\"><a href=\"https:\/\/www.federacao-triatlo.pt\/ftp2015\/wp-content\/uploads\/2025\/08\/2025-09-05-lista-candidatos-delegados-rev01.pdf\" target=\"_blank\" rel=\"noopener\"><span class=\"documents-list__title\">Lista de Candidatos a Delegados<\/span><\/a><\/div>\n<h2 class=\"fusion-responsive-typography-calculated\" style=\"--fontsize: 24; line-height: 1.69;\" data-fontsize=\"24\" data-lineheight=\"40.560001px\"><strong>Assembleia Geral Extraordin\u00e1ria de 5 de setembro de 2025<\/strong><\/h2>\n<div class=\"documents-list__item\"><a href=\"https:\/\/www.federacao-triatlo.pt\/ftp2015\/wp-content\/uploads\/2025\/10\/2025-09-05-ata-assembleia-geral-extraordinaria-rev01.pdf\"><span class=\"documents-list__title\">Ata da Assembleia Geral Extraordin\u00e1ria de 5 de setembro de 2025<\/span><\/a><\/div>\n<div class=\"documents-list__item\"><a href=\"https:\/\/www.federacao-triatlo.pt\/ftp2015\/wp-content\/uploads\/2025\/08\/Convocatoria-AG-Extraordinaria-05-09-2025.pdf\"><span class=\"documents-list__title\">Convocat\u00f3ria Assembleia Geral de 5 de setembro de 2025<\/span><\/a><\/div>\n<div class=\"documents-list__item\"><a href=\"https:\/\/www.federacao-triatlo.pt\/ftp2015\/wp-content\/uploads\/2025\/08\/ATA-98-AG_15-de-marco-de-2025.pdf\"><span class=\"documents-list__title\">Ata da Assembleia Geral Ordin\u00e1ria de 15 de mar\u00e7o de 2025<\/span><\/a><\/div>\n<div class=\"documents-list__item\"><a href=\"https:\/\/www.federacao-triatlo.pt\/ftp2015\/wp-content\/uploads\/2025\/08\/Estatutos-versao-final-para-aprov-Ass-Geral-Extraordinaria.pdf\"><span class=\"documents-list__title\">Projeto de Altera\u00e7\u00e3o de Estatutos<\/span><\/a><\/div>\n<h2 class=\"fusion-responsive-typography-calculated\" style=\"--fontsize: 24; line-height: 1.69;\" data-fontsize=\"24\" data-lineheight=\"40.560001px\"><strong>Assembleia Geral Ordin\u00e1ria de 15 de Mar\u00e7o de 2025<\/strong><\/h2>\n<div class=\"documents-list\">\n<div class=\"documents-list__item\"><a href=\"https:\/\/www.federacao-triatlo.pt\/ftp2015\/wp-content\/uploads\/2025\/04\/AtaAGO_2025_03_15assinada_Signed_signed.pdf\" target=\"_blank\" rel=\"noopener\"><span class=\"documents-list__title\">Ata Assembleia Geral de 15 de mar\u00e7o de 2025<\/span><\/a><\/div>\n<div class=\"documents-list__item\"><a href=\"https:\/\/www.federacao-triatlo.pt\/ftp2015\/wp-content\/uploads\/2025\/03\/Regulamento-Disciplina.pdf\" target=\"_blank\" rel=\"noopener\"><span class=\"documents-list__title\">Regulamento de disciplina <\/span><\/a><\/div>\n<div class=\"documents-list__item\"><a href=\"https:\/\/www.federacao-triatlo.pt\/ftp2015\/wp-content\/uploads\/2025\/03\/relatorio-atividades-contas-2024-.pdf\" target=\"_blank\" rel=\"noopener\"><span class=\"documents-list__title\">Relat\u00f3rio de Actividades e Contas 2024<\/span><\/a><\/div>\n<div class=\"documents-list__item\"><a href=\"https:\/\/www.federacao-triatlo.pt\/ftp2015\/wp-content\/uploads\/2025\/03\/Parecer_CF_rac2024.pdf\" target=\"_blank\" rel=\"noopener\"><span class=\"documents-list__title\">Relat\u00f3rio e Parecer do Conselho Fiscal 2024 (ser\u00e1 assinado antes da AG)<\/span><\/a><\/div>\n<div class=\"documents-list__item\"><a href=\"https:\/\/www.federacao-triatlo.pt\/ftp2015\/wp-content\/uploads\/2025\/03\/balancos-2024_signed.pdf\" target=\"_blank\" rel=\"noopener\"><span class=\"documents-list__title\">Balan\u00e7os 2024<\/span><\/a><\/div>\n<div class=\"documents-list__item\"><a href=\"https:\/\/www.federacao-triatlo.pt\/ftp2015\/wp-content\/uploads\/2025\/03\/demonstracao-resultados-2024_signed.pdf\" target=\"_blank\" rel=\"noopener\"><span class=\"documents-list__title\">Demonstra\u00e7\u00e3o de Resultado 2024<\/span><\/a><\/div>\n<div class=\"documents-list__item\"><a href=\"https:\/\/www.federacao-triatlo.pt\/ftp2015\/wp-content\/uploads\/2025\/03\/demonstracao-alteracoes-fundos-patrimoniais-2024_signed.pdf\" target=\"_blank\" rel=\"noopener\"><span class=\"documents-list__title\">Demonstra\u00e7\u00e3o das Altera\u00e7\u00f5es de Fundos Patrimoniais 2024<\/span><\/a><\/div>\n<div class=\"documents-list__item\"><a href=\"https:\/\/www.federacao-triatlo.pt\/ftp2015\/wp-content\/uploads\/2025\/03\/demonstracao-fluxos-caixa-2024_signed.pdf\" target=\"_blank\" rel=\"noopener\"><span class=\"documents-list__title\">Demonstra\u00e7\u00e3o dos Fluxos de Caixa 2024<\/span><\/a><\/div>\n<div class=\"documents-list__item\"><a href=\"https:\/\/www.federacao-triatlo.pt\/ftp2015\/wp-content\/uploads\/2025\/03\/anexo-demonstracoes-financeiras-2024_signed.pdf\" target=\"_blank\" rel=\"noopener\"><span class=\"documents-list__title\">Anexo \u00e0s Demonstra\u00e7\u00e3o Financeiras 2024<\/span><\/a><\/div>\n<div class=\"documents-list__item\"><a href=\"https:\/\/www.federacao-triatlo.pt\/ftp2015\/wp-content\/uploads\/2025\/03\/CLC-2024-FTP.pdf\" target=\"_blank\" rel=\"noopener\"><span class=\"documents-list__title\">Certifica\u00e7\u00e3o Legal das Contas 2024<\/span><\/a><\/div>\n<\/div>\n<h3 class=\"\" data-fontsize=\"14\" data-lineheight=\"23.94px\"><strong>Assembleia Geral Eleitoral de 15 de Mar\u00e7o de 2025 \u2013 Delegados<\/strong><\/h3>\n<p><a href=\"https:\/\/www.federacao-triatlo.pt\/ftp2015\/wp-content\/uploads\/2025\/02\/Convocatoria-A.-Eleitoral-DELEGADOS-2025_2026.pdf\" target=\"_blank\" rel=\"noopener\">Convocat\u00f3ria Assembleia Eleitoral de Delegados de 15 de Mar\u00e7o de 2025<\/a><\/p>\n<p><a href=\"https:\/\/www.federacao-triatlo.pt\/ftp2015\/wp-content\/uploads\/2025\/03\/Caderno-Eleitoral-AGE-2025-03-15-Clubes.pdf\">Caderno Eleitoral AGE de 2025-03-15 &#8211; Clubes<\/a><br \/>\n<a href=\"https:\/\/www.federacao-triatlo.pt\/ftp2015\/wp-content\/uploads\/2025\/03\/Caderno-Eleitoral-AGE-2025-03-15-Treinadores.pdf\">Caderno Eleitoral AGE de 2025-03-15 &#8211; Treinadores<\/a><br \/>\n<a href=\"https:\/\/www.federacao-triatlo.pt\/ftp2015\/wp-content\/uploads\/2025\/03\/2025-03-15-Lista-de-Candidatos-a-Delegados-Clubes.pdf\">Lista de Candidatos a Delegados \u2013 Clubes<\/a><br \/>\n<a href=\"https:\/\/www.federacao-triatlo.pt\/ftp2015\/wp-content\/uploads\/2025\/03\/2025-03-15-Lista-de-Candidatos-a-Delegados-Treinadores.pdf\">Lista de Candidatos a Delegados \u2013 Treinadores<\/a><\/p>\n<h3 class=\"fusion-responsive-typography-calculated\" style=\"--fontsize: 14; line-height: 1.71; --minfontsize: 14;\" data-fontsize=\"14\" data-lineheight=\"23.940001px\"><strong>Assembleia Geral Ordin\u00e1ria de 25 de Janeiro de 2025<\/strong><\/h3>\n<p><a href=\"https:\/\/www.federacao-triatlo.pt\/ftp2015\/wp-content\/uploads\/2025\/01\/Convocatoria-AGO_2025_01_25.pdf\">Convocat\u00f3ria Assembleia Geral de 25 de Janeiro de 2025<\/a><br \/>\n<a href=\"https:\/\/www.federacao-triatlo.pt\/ftp2015\/wp-content\/uploads\/2025\/01\/Acta-n.o-96_de-2024-03-17.pdf\">Ata da Assembleia Geral Ordin\u00e1ria de 17 de Mar\u00e7o de 2024<\/a><br \/>\n<a href=\"https:\/\/www.federacao-triatlo.pt\/ftp2015\/wp-content\/uploads\/2025\/01\/plano-atividades-orcamento-2025vs2.pdf\">Proposta de Plano de Atividades e Or\u00e7amento 2025<\/a><br \/>\n<a href=\"https:\/\/www.federacao-triatlo.pt\/ftp2015\/wp-content\/uploads\/2025\/01\/AGO-2025_01_25-Projeto-de-alteracao-de-Estatutos.pdf\">Projecto de Altera\u00e7\u00e3o de Estatutos AGO 25 janeiro 2025<\/a><br \/>\n<a href=\"https:\/\/www.federacao-triatlo.pt\/ftp2015\/wp-content\/uploads\/2025\/01\/parecer-conselho-fiscal-PAO-2025_250124_115343.pdf\" target=\"_blank\" rel=\"noopener\">Parecer do Conselho Fiscal PAO 2025<\/a><\/p>\n<h3 class=\"fusion-responsive-typography-calculated\" style=\"--fontsize: 14; line-height: 1.71; --minfontsize: 14;\" data-fontsize=\"14\" data-lineheight=\"23.940001px\"><strong>Assembleia Geral Eleitoral de 25 de Janeiro de 2025 &#8211; Delegados<\/strong><\/h3>\n<p><a href=\"https:\/\/www.federacao-triatlo.pt\/ftp2015\/wp-content\/uploads\/2025\/01\/Resultados_Clubes.pdf\" target=\"_blank\" rel=\"noopener\">Resultados Eleitorais de Clubes<\/a><br \/>\n<a href=\"https:\/\/www.federacao-triatlo.pt\/ftp2015\/wp-content\/uploads\/2025\/01\/Resultados_Praticantes.pdf\" target=\"_blank\" rel=\"noopener\">Resultados Eleitorais dos Praticantes<\/a><br \/>\n<a href=\"https:\/\/www.federacao-triatlo.pt\/ftp2015\/wp-content\/uploads\/2025\/01\/20250130_resultados_treinadores_vs2.pdf\" target=\"_blank\" rel=\"noopener\">Resultados Eleitorais dos Treinadores<\/a><br \/>\n<a href=\"https:\/\/www.federacao-triatlo.pt\/ftp2015\/wp-content\/uploads\/2025\/01\/Resultados_Arbitros.pdf\" target=\"_blank\" rel=\"noopener\">Resultados Eleitorais dos \u00c1rbitros<\/a><br \/>\n<a href=\"https:\/\/www.federacao-triatlo.pt\/ftp2015\/wp-content\/uploads\/2025\/01\/Resultados_Praticantes-de-Alto-Rendimento.pdf\" target=\"_blank\" rel=\"noopener\">Resultados Eleitorais dos Praticantes de Alto Rendimento<\/a><\/p>\n<p><a href=\"https:\/\/www.federacao-triatlo.pt\/ftp2015\/wp-content\/uploads\/2025\/01\/lista-candidatos-arbitros-rev01.pdf\">Lista de Candidatos a Delegados &#8211; \u00c1rbitros<\/a><br \/>\n<a href=\"https:\/\/www.federacao-triatlo.pt\/ftp2015\/wp-content\/uploads\/2025\/01\/lista-candidatos-clubes-rev02.pdf\">Lista de Candidatos a Delegados &#8211; Clubes<\/a><br \/>\n<a href=\"https:\/\/www.federacao-triatlo.pt\/ftp2015\/wp-content\/uploads\/2025\/01\/lista-candidatos-praticantes-rev01.pdf\">Lista de Candidatos a Delegados &#8211; Praticantes<\/a><br \/>\n<a href=\"https:\/\/www.federacao-triatlo.pt\/ftp2015\/wp-content\/uploads\/2025\/01\/lista-candidatos-praticantes-alto-rendimento-rev01.pdf\">Lista de Candidatos a Delegados &#8211; Praticantes de Alto Rendimento<\/a><br \/>\n<a href=\"https:\/\/www.federacao-triatlo.pt\/ftp2015\/wp-content\/uploads\/2025\/01\/lista-candidatos-treinadores-rev01.pdf\">Lista de Candidatos a Delegados &#8211; Treinadores<\/a><\/p>\n<p><a href=\"https:\/\/www.federacao-triatlo.pt\/ftp2015\/wp-content\/uploads\/2025\/01\/circular-ag-eleitoral-25-jan-2025-rev01.pdf\">Circular &#8211; AG Eleitoral de 10 Fev 2024<\/a><br \/>\n<a href=\"https:\/\/www.federacao-triatlo.pt\/ftp2015\/wp-content\/uploads\/2025\/01\/circular-informativa-2025_01_20.pdf\">Circular Informativa &#8211; Assembleia Geral de 25 de Janeiro de 2025<\/a><br \/>\n<a href=\"https:\/\/www.federacao-triatlo.pt\/ftp2015\/wp-content\/uploads\/2025\/01\/Convocatoria-Assembl.-Eleitoral-DELEGADOS-2025_2026-versao-com-alteracao-de-local-1.pdf\">Convocat\u00f3ria AG Eleitoral de 25 Jan 2025 (altera\u00e7\u00e3o de local)<\/a><br \/>\n<a href=\"https:\/\/www.federacao-triatlo.pt\/ftp2015\/wp-content\/uploads\/2024\/12\/2025-01-25-convocatoria-assembleia-geral-eleitoral.pdf\">Convocat\u00f3ria AG Eleitoral de 25 Jan 2025<\/a><br \/>\n<a href=\"https:\/\/www.federacao-triatlo.pt\/ftp2015\/wp-content\/uploads\/2025\/01\/Caderno-Eleitoral_AGE_de-2025-01-25_ARBITROS.pdf\">Caderno Eleitoral AGE de 2025-01-25 \u00c1rbitros<\/a><br \/>\n<a href=\"https:\/\/www.federacao-triatlo.pt\/ftp2015\/wp-content\/uploads\/2025\/01\/Caderno-Eleitoral_AGE_de-2025-01-25_PRATICANTES.pdf\">Caderno Eleitoral AGE de 2025-01-25 Praticantes<\/a><br \/>\n<a href=\"https:\/\/www.federacao-triatlo.pt\/ftp2015\/wp-content\/uploads\/2025\/01\/Caderno-Eleitoral_AGE_de-2025-01-25_PRATICANTES-DE-ALTO-RENDIMENTO.pdf\">Caderno Eleitoral AGE de 2025-01-25 Praticantes de Alto Rendimento<\/a><br \/>\n<a href=\"https:\/\/www.federacao-triatlo.pt\/ftp2015\/wp-content\/uploads\/2025\/01\/Caderno-Eleitoral_AGE_de-2025-01-25_TREINADORES-versao-2.pdf\">Caderno Eleitoral AGE de 2025-01-25 Treinadores (vers\u00e3o 2)<\/a><br \/>\n<a href=\"https:\/\/www.federacao-triatlo.pt\/ftp2015\/wp-content\/uploads\/2025\/01\/AGE_de-2025-01-25_Clubes-com-no-max-de-candidatos-versao-2.pdf\">Caderno Eleitoral AGE de 2025-01-25 Clubes N\u00ba M\u00e1ximo Candidatos (vers\u00e3o 2)<\/a><\/p>\n<h2 class=\"fusion-responsive-typography-calculated\" style=\"--fontsize: 24; line-height: 1.69;\" data-fontsize=\"24\" data-lineheight=\"40.560001px\"><strong>2024<\/strong><\/h2>\n<h3 class=\"fusion-responsive-typography-calculated\" style=\"--fontsize: 14; line-height: 1.71; --minfontsize: 14;\" data-fontsize=\"14\" data-lineheight=\"23.940001px\">Assembleia Geral Eleitoral 08 de Novembro de 2024<\/h3>\n<div class=\"documents-list\">\n<div class=\"documents-list__item\"><a href=\"https:\/\/www.federacao-triatlo.pt\/ftp2015\/wp-content\/uploads\/2024\/09\/convocatoria-ag-eleitoral-2024-11-08.pdf\" target=\"_blank\" rel=\"noopener\"><span class=\"documents-list__title\">Convocat\u00f3ria Assembleia Geral Eleitoral \u2013 8 de Novembro de 2024<\/span><\/a><\/div>\n<div class=\"documents-list__item\"><a href=\"https:\/\/www.federacao-triatlo.pt\/ftp2015\/wp-content\/uploads\/2024\/09\/convocatoria-ag-eleitoral-2024-11-08-lista-delegados-eleitos.pdf\" target=\"_blank\" rel=\"noopener\"><span class=\"documents-list__title\">Lista de Delegados \u00e0 AG Eleitoral<\/span><\/a><\/div>\n<div class=\"documents-list__item\"><a href=\"https:\/\/www.federacao-triatlo.pt\/ftp2015\/wp-content\/uploads\/2024\/10\/candidatos-ag-eleitoral-2024-11-08-orgaos-sociais-lista-a.pdf\" target=\"_blank\" rel=\"noopener\"><span class=\"documents-list__title\">Candidatos \u00e0 Assembleia Geral Eleitoral de 8 de Novembro de 2024 \u2013 Elei\u00e7\u00e3o dos \u00d3rg\u00e3os Sociais 2025-2028 &#8211; Lista A<\/span><\/a><\/div>\n<div class=\"documents-list__item\"><a href=\"https:\/\/www.federacao-triatlo.pt\/ftp2015\/wp-content\/uploads\/2024\/10\/candidatos-ag-eleitoral-2024-11-08-orgaos-sociais-lista-b.pdf\" target=\"_blank\" rel=\"noopener\"><span class=\"documents-list__title\">Candidatos \u00e0 Assembleia Geral Eleitoral de 8 de Novembro de 2024 \u2013 Elei\u00e7\u00e3o dos \u00d3rg\u00e3os Sociais 2025-2028 &#8211; Lista B<\/span><\/a><\/div>\n<\/div>\n<h3 class=\"fusion-responsive-typography-calculated\" style=\"--fontsize: 14; line-height: 1.71; --minfontsize: 14;\" data-fontsize=\"14\" data-lineheight=\"23.940001px\"><strong>Assembleia Geral Eleitoral de 23 de Mar\u00e7o de 2024 &#8211; Delegados<\/strong><\/h3>\n<p><a href=\"https:\/\/www.federacao-triatlo.pt\/ftp2015\/wp-content\/uploads\/2024\/04\/2024-03-23-resultados-eleitorais-rev01.pdf\">Resultados Eleitorais de 23 de Mar\u00e7o de 2024<\/a><br \/>\n<a href=\"https:\/\/www.federacao-triatlo.pt\/ftp2015\/wp-content\/uploads\/2024\/04\/2024-03-23-ata-assembleia-geral-ordinaria-rev01.pdf\">Ata da Assembleia Geral Eleitoral de 23 de Mar\u00e7o de 2024<\/a><\/p>\n<p><a href=\"https:\/\/www.federacao-triatlo.pt\/ftp2015\/wp-content\/uploads\/2024\/03\/2024-03-23-lista-candidatos-delegados-clubes-rev01.pdf\">Lista de Candidatos a Delegados &#8211; Clubes<\/a><\/p>\n<p><a href=\"https:\/\/www.federacao-triatlo.pt\/ftp2015\/wp-content\/uploads\/2024\/02\/2024-03-23-caderno-eleitoral-assembleia-geral-eleitoral-clubes-rev01.pdf\">Caderno Eleitoral AGE de 2024-03-23 Clubes<\/a><br \/>\n<a href=\"https:\/\/www.federacao-triatlo.pt\/ftp2015\/wp-content\/uploads\/2024\/02\/2024-03-23-caderno-eleitoral-assembleia-geral-eleitoral-clubes-num-max-candidatos-rev01.pdf\">Caderno Eleitoral AGE de 2024-03-23 Clubes N\u00ba M\u00e1ximo Candidatos<\/a><\/p>\n<p><a href=\"https:\/\/www.federacao-triatlo.pt\/ftp2015\/wp-content\/uploads\/2024\/03\/2024-03-23-convocatoria-assembleia-geral-eleitoral-rev03.pdf\">Convocat\u00f3ria AG Eleitoral de 23 Mar 2024<\/a><br \/>\n<a href=\"https:\/\/www.federacao-triatlo.pt\/ftp2015\/wp-content\/uploads\/2024\/02\/2024-03-23-circular-assembleia-geral-eleitoral-rev01.pdf\">Circular &#8211; AG Eleitoral de 23 Mar 2024<\/a><\/p>\n<h3 class=\"fusion-responsive-typography-calculated\" style=\"--fontsize: 14; line-height: 1.71; --minfontsize: 14;\" data-fontsize=\"14\" data-lineheight=\"23.940001px\"><strong>Assembleia Geral Ordin\u00e1ria de 17 de Mar\u00e7o de 2024<\/strong><\/h3>\n<p><a href=\"https:\/\/www.federacao-triatlo.pt\/ftp2015\/wp-content\/uploads\/2024\/04\/2024-03-17-ata-assembleia-geral-ordinaria-rev01.pdf\">Ata da Assembleia Geral Ordin\u00e1ria de 17 de Mar\u00e7o de 2024<\/a><br \/>\n<a href=\"https:\/\/www.federacao-triatlo.pt\/ftp2015\/wp-content\/uploads\/2024\/04\/2024-03-17-declaracao-delegado-luis-duarte-rev01.pdf\">Declara\u00e7\u00e3o Delegado Lu\u00eds Duarte<\/a><\/p>\n<p><a href=\"https:\/\/www.federacao-triatlo.pt\/ftp2015\/wp-content\/uploads\/2024\/03\/2024-03-17-convocatoria-assembleia-geral-ordinaria-rev03.pdf\">Convocat\u00f3ria Assembleia Geral de 17 de Mar\u00e7o de 2024<\/a><br \/>\n<a href=\"https:\/\/www.federacao-triatlo.pt\/ftp2015\/wp-content\/uploads\/2024\/04\/2023-11-26-ata-assembleia-geral-ordinaria-rev02.pdf\">Ata da Assembleia Geral Ordin\u00e1ria de 26 de Novembro de 2023<\/a><\/p>\n<h3 class=\"fusion-responsive-typography-calculated\" style=\"--fontsize: 14; line-height: 1.71; --minfontsize: 14;\" data-fontsize=\"14\" data-lineheight=\"23.940001px\"><strong>Assembleia Geral Eleitoral de 10 de Fevereiro de 2024 &#8211; Delegados<\/strong><\/h3>\n<p><a href=\"https:\/\/www.federacao-triatlo.pt\/ftp2015\/wp-content\/uploads\/2024\/02\/2024-02-10-resultados-eleitorais-rev03.pdf\">Resultados Eleitorais de 10 de Fevereiro de 2024<\/a><br \/>\n<a href=\"https:\/\/www.federacao-triatlo.pt\/ftp2015\/wp-content\/uploads\/2024\/02\/2024-02-10-ata-assembleia-eleitoral-rev01.pdf\">Ata da Assembleia Geral Eleitoral de 10 de Fevereiro de 2024<\/a><\/p>\n<p><a href=\"https:\/\/www.federacao-triatlo.pt\/ftp2015\/wp-content\/uploads\/2024\/01\/2024-02-10-lista-candidatos-delegados-arbitros-rev01.pdf\">Lista de Candidatos a Delegados &#8211; \u00c1rbitros<\/a><br \/>\n<a href=\"https:\/\/www.federacao-triatlo.pt\/ftp2015\/wp-content\/uploads\/2024\/01\/2024-02-10-lista-candidatos-delegados-clubes-rev01.pdf\">Lista de Candidatos a Delegados &#8211; Clubes<\/a><br \/>\n<a href=\"https:\/\/www.federacao-triatlo.pt\/ftp2015\/wp-content\/uploads\/2024\/01\/2024-02-10-lista-candidatos-delegados-praticantes-rev01.pdf\">Lista de Candidatos a Delegados &#8211; Praticantes<\/a><br \/>\n<a href=\"https:\/\/www.federacao-triatlo.pt\/ftp2015\/wp-content\/uploads\/2024\/01\/2024-02-10-lista-candidatos-delegados-praticantes-alto-rendimento-rev01.pdf\">Lista de Candidatos a Delegados &#8211; Praticantes de Alto Rendimento<\/a><br \/>\n<a href=\"https:\/\/www.federacao-triatlo.pt\/ftp2015\/wp-content\/uploads\/2024\/01\/2024-02-10-lista-candidatos-delegados-treinadores-rev01.pdf\">Lista de Candidatos a Delegados &#8211; Treinadores<\/a><\/p>\n<p><a href=\"https:\/\/www.federacao-triatlo.pt\/ftp2015\/wp-content\/uploads\/2024\/01\/2024-01-13-circular-cancelamento-assembleia-geral.rev01.pdf\">Circular &#8211; Cancelamento da AG 13 Jan 2024<\/a><br \/>\n<a href=\"https:\/\/www.federacao-triatlo.pt\/ftp2015\/wp-content\/uploads\/2024\/01\/2024-02-10-convocatoria-assembleia-geral-eleitoral.rev01.pdf\">Convocat\u00f3ria AG Eleitoral de 10 Fev 2024<\/a><br \/>\n<a href=\"https:\/\/www.federacao-triatlo.pt\/ftp2015\/wp-content\/uploads\/2024\/01\/2024-02-10-circular-assembleia-geral-eleitoral.rev01.pdf\">Circular &#8211; AG Eleitoral de 10 Fev 2024<\/a><br \/>\n<a href=\"https:\/\/www.federacao-triatlo.pt\/ftp2015\/wp-content\/uploads\/2024\/01\/2024-02-10-caderno-eleitoral-assembleia-geral-eleitoral-clubes.rev01.pdf\">Caderno Eleitoral AGE de 2024-02-10 Clubes<\/a><br \/>\n<a href=\"https:\/\/www.federacao-triatlo.pt\/ftp2015\/wp-content\/uploads\/2024\/01\/2024-02-10-caderno-eleitoral-assembleia-geral-eleitoral-praticantes.rev02.pdf\">Caderno Eleitoral AGE de 2024-02-10 Praticantes (vers\u00e3o 2)<\/a><br \/>\n<a href=\"https:\/\/www.federacao-triatlo.pt\/ftp2015\/wp-content\/uploads\/2024\/01\/2024-02-10-caderno-eleitoral-assembleia-geral-eleitoral-praticantes-alto-rendimento.rev01.pdf\">Caderno Eleitoral AGE de 2024-02-10 Praticantes de Alto Rendimento<\/a><br \/>\n<a href=\"https:\/\/www.federacao-triatlo.pt\/ftp2015\/wp-content\/uploads\/2024\/01\/2024-02-10-caderno-eleitoral-assembleia-geral-eleitoral-arbitros.rev01.pdf\">Caderno Eleitoral AGE de 2024-02-10 \u00c1rbitros<\/a><br \/>\n<a href=\"https:\/\/www.federacao-triatlo.pt\/ftp2015\/wp-content\/uploads\/2024\/01\/2024-02-10-caderno-eleitoral-assembleia-geral-eleitoral-treinadores.rev01.pdf\">Caderno Eleitoral AGE de 2024-02-10 Treinadores<\/a><br \/>\n<a href=\"https:\/\/www.federacao-triatlo.pt\/ftp2015\/wp-content\/uploads\/2024\/01\/2024-02-10-caderno-eleitoral-assembleia-geral-eleitoral-clubes-num-max-candidatos.rev01.pdf\">Caderno Eleitoral AGE de 2024-02-10 Clubes N\u00ba M\u00e1ximo Candidatos<\/a><\/p>\n<h3 class=\"fusion-responsive-typography-calculated\" style=\"--fontsize: 14; line-height: 1.71; --minfontsize: 14;\" data-fontsize=\"14\" data-lineheight=\"23.940001px\"><strong>Assembleia Geral Eleitoral de 13 de Janeiro de 2024 &#8211; Delegados<\/strong><\/h3>\n<p><a href=\"https:\/\/www.federacao-triatlo.pt\/ftp2015\/wp-content\/uploads\/2024\/01\/2024-01-13-Lista-de-Candidatos-a-Delegados_Arbitros.pdf\">Lista de Candidatos a Delegados_\u00c1rbitros<\/a><br \/>\n<a href=\"https:\/\/www.federacao-triatlo.pt\/ftp2015\/wp-content\/uploads\/2024\/01\/2024-01-13-Lista-de-Candidatos-a-Delegados_Clubes.pdf\">Lista de Candidatos a Delegados_Clubes<\/a><br \/>\n<a href=\"https:\/\/www.federacao-triatlo.pt\/ftp2015\/wp-content\/uploads\/2024\/01\/2024-01-13-Lista-de-Candidatos-a-Delegados_Praticantes.pdf\">Lista de Candidatos a Delegados_Praticantes<\/a><br \/>\n<a href=\"https:\/\/www.federacao-triatlo.pt\/ftp2015\/wp-content\/uploads\/2024\/01\/2024-01-13-Lista-de-Candidatos-a-Delegados_Treinadores.pdf\">Lista de Candidatos a Delegados_Treinadores<\/a><\/p>\n<p><a href=\"https:\/\/www.federacao-triatlo.pt\/ftp2015\/wp-content\/uploads\/2023\/12\/2024-01-13-convocatoria-assembleia-geral-eleitoral.rev01.pdf\">Convocat\u00f3ria AGE 13 Janeiro 2024<\/a><br \/>\n<a href=\"https:\/\/www.federacao-triatlo.pt\/ftp2015\/wp-content\/uploads\/2023\/12\/2024-01-13-circular-assembleia-geral-eleitoral.rev01-1.pdf\">Circular AGE 13 Janeiro 2024<\/a><br \/>\n<a href=\"https:\/\/www.federacao-triatlo.pt\/ftp2015\/wp-content\/uploads\/2023\/12\/2024-01-13-caderno-eleitoral-assembleia-geral-eleitoral-clubes.rev01.pdf\">Caderno Eleitoral AGE de 2024-01-13 Clubes<\/a><br \/>\n<a href=\"https:\/\/www.federacao-triatlo.pt\/ftp2015\/wp-content\/uploads\/2023\/12\/2024-01-13-caderno-eleitoral-assembleia-geral-eleitoral-praticantes.rev01.pdf\">Caderno Eleitoral AGE de 2024-01-13 Praticantes<\/a><br \/>\n<a href=\"https:\/\/www.federacao-triatlo.pt\/ftp2015\/wp-content\/uploads\/2023\/12\/2024-01-13-caderno-eleitoral-assembleia-geral-eleitoral-praticantes-alto-rendimento.rev02-1.pdf\">Caderno Eleitoral AGE de 2024-01-13 Praticantes de Alto Rendimento<\/a><br \/>\n<a href=\"https:\/\/www.federacao-triatlo.pt\/ftp2015\/wp-content\/uploads\/2023\/12\/2024-01-13-caderno-eleitoral-assembleia-geral-eleitoral-arbitros.rev01.pdf\">Caderno Eleitoral AGE de 2024-01-13 \u00c1rbitros<\/a><br \/>\n<a href=\"https:\/\/www.federacao-triatlo.pt\/ftp2015\/wp-content\/uploads\/2023\/12\/Caderno-Eleitoral-AGE_de-2024-01-13_Treinadores_versao-4_28Dez.pdf\">Caderno Eleitoral AGE de 2024-01-13 Treinadores (vers\u00e3o 4)<\/a><br \/>\n<a href=\"https:\/\/www.federacao-triatlo.pt\/ftp2015\/wp-content\/uploads\/2023\/12\/2024-01-13-caderno-eleitoral-assembleia-geral-eleitoral-clubes-num-max-candidatos.rev01.pdf\">Caderno Eleitoral AGE de 2024-01-13 Clubes N\u00ba M\u00e1ximo Candidatos<\/a><\/p>\n<h2 class=\"fusion-responsive-typography-calculated\" style=\"--fontsize: 24; line-height: 1.69;\" data-fontsize=\"24\" data-lineheight=\"40.560001px\"><strong>2023<\/strong><\/h2>\n<h3 class=\"fusion-responsive-typography-calculated\" style=\"--fontsize: 14; line-height: 1.71; --minfontsize: 14;\" data-fontsize=\"14\" data-lineheight=\"23.940001px\"><strong>Assembleia Geral Ordin\u00e1ria de 26 de Novembro de 2023<\/strong><\/h3>\n<p><a href=\"https:\/\/www.federacao-triatlo.pt\/ftp2015\/wp-content\/uploads\/2023\/11\/Convocatoria-AG-Ordinaria-26-novembro-2023.pdf\" target=\"-blank\" rel=\"noopener noreferrer\">Convocat\u00f3ria Assembleia Geral de 26 Novembro 2023<\/a><br \/>\n<a href=\"https:\/\/www.federacao-triatlo.pt\/ftp2015\/wp-content\/uploads\/2023\/11\/Mensagem-do-Presidente-da-Mesa-da-Assembleia-Geral-2.pdf\" target=\"-blank\" rel=\"noopener noreferrer\">Mensagem do Presidente da Mesa da Assembleia Geral<\/a><br \/>\n<a href=\"https:\/\/www.federacao-triatlo.pt\/ftp2015\/wp-content\/uploads\/2023\/11\/2023_04_01-Ata-da-AGO-1.pdf\" target=\"-blank\" rel=\"noopener noreferrer\">Ata da Assembleia Geral Ordin\u00e1ria de 1 de Abril de 2023<\/a><\/p>\n<h3 class=\"fusion-responsive-typography-calculated\" style=\"--fontsize: 14; line-height: 1.71; --minfontsize: 14;\" data-fontsize=\"14\" data-lineheight=\"23.940001px\"><strong>Assembleia Geral Ordin\u00e1ria de 1 de Abril de 2023<\/strong><\/h3>\n<p><a href=\"https:\/\/www.federacao-triatlo.pt\/ftp2015\/wp-content\/uploads\/2023\/03\/Convocatoria-AG-1-Abril-2023.pdf\">Convocat\u00f3ria Assembleia Geral de 1 Abril 2023<\/a><br \/>\n<a href=\"https:\/\/www.federacao-triatlo.pt\/ftp2015\/a-federacao\/relatorios-e-contas\/\">Documentos do Relat\u00f3rio e Contas 2022<\/a><\/p>\n<h3 class=\"fusion-responsive-typography-calculated\" style=\"--fontsize: 14; line-height: 1.71; --minfontsize: 14;\" data-fontsize=\"14\" data-lineheight=\"23.940001px\"><strong>Assembleia Geral Ordin\u00e1ria de 15 de Janeiro de 2023<\/strong><\/h3>\n<p><a href=\"https:\/\/www.federacao-triatlo.pt\/ftp2015\/wp-content\/uploads\/2023\/02\/Convocatoria-AG-15-Janeiro-2023.pdf\">Convocat\u00f3ria AG 15 Janeiro 2023<\/a><br \/>\n<a href=\"https:\/\/www.federacao-triatlo.pt\/ftp2015\/wp-content\/uploads\/2023\/02\/2023_01_15-Ata_AG-Ordinaria.pdf\">Ata da Assembleia Geral Ordin\u00e1ria de 15 de Janeiro de 2023<\/a><\/p>\n<h2 class=\"fusion-responsive-typography-calculated\" style=\"--fontsize: 24; line-height: 1.69;\" data-fontsize=\"24\" data-lineheight=\"40.560001px\"><strong>2022<\/strong><\/h2>\n<h3 class=\"fusion-responsive-typography-calculated\" style=\"--fontsize: 14; line-height: 1.71; --minfontsize: 14;\" data-fontsize=\"14\" data-lineheight=\"23.940001px\">Assembleia Geral Eleitoral de 17 de Dezembro de 2022<\/h3>\n<p><a href=\"https:\/\/www.federacao-triatlo.pt\/ftp2015\/wp-content\/uploads\/2022\/11\/Convocatoria-AGEleitoral_2022_12_17.pdf\">Convocat\u00f3ria Assembleia Geral Eleitoral de 17 de Dezembro de 2022<\/a><br \/>\n<a href=\"https:\/\/www.federacao-triatlo.pt\/ftp2015\/wp-content\/uploads\/2022\/11\/Caderno-Eleitoral-AGE_de-2022-12-17.pdf\">Caderno Eleitoral &#8211; AGE 2022-12-17<\/a><br \/>\n<a href=\"https:\/\/www.federacao-triatlo.pt\/ftp2015\/wp-content\/uploads\/2022\/11\/Resultados-Eleitorais-26-nov-2.pdf\">Resultados Eleitorais de 26 de Novembro de 2022<\/a><br \/>\n<a href=\"https:\/\/www.federacao-triatlo.pt\/ftp2015\/wp-content\/uploads\/2022\/12\/Lista-de-candidatos-2022_12_17_Clubes-1.pdf\">Lista de candidatos &#8211; Clubes 2022-12-17<\/a><\/p>\n<h3 class=\"fusion-responsive-typography-calculated\" style=\"--fontsize: 14; line-height: 1.71; --minfontsize: 14;\" data-fontsize=\"14\" data-lineheight=\"23.940001px\">Assembleia Geral Eleitoral de 26 de Novembro de 2022<\/h3>\n<p><a href=\"https:\/\/www.federacao-triatlo.pt\/ftp2015\/wp-content\/uploads\/2022\/10\/Convocatoria-AGEleitoral_26_11_2022.pdf\">Convocat\u00f3ria Assembleia Geral Eleitoral de 26 de Novembro de 2022<\/a><br \/>\n<a href=\"https:\/\/www.federacao-triatlo.pt\/ftp2015\/wp-content\/uploads\/2022\/10\/Caderno-Eleitoral-AGE_de-2022-11-26_no-candidatos-p-clube.pdf\">Caderno Eleitoral &#8211; Clubes &#8211; AGE 2022-11-26<\/a><br \/>\n<a href=\"https:\/\/www.federacao-triatlo.pt\/ftp2015\/wp-content\/uploads\/2022\/10\/Caderno-Eleitoral-AGE_de-2022-11-26_Alto-rendimento.pdf\">Caderno Eleitoral &#8211; Alto Rendimento &#8211; AGE 2022-11-26<\/a><br \/>\n<a href=\"https:\/\/www.federacao-triatlo.pt\/ftp2015\/wp-content\/uploads\/2022\/10\/Resultados-Eleitorais-22-Outubro-de-2022.pdf\">Resultados Eleitorais de 22 Outubro de 2022<\/a><\/p>\n<h3 class=\"fusion-responsive-typography-calculated\" style=\"--fontsize: 14; line-height: 1.71; --minfontsize: 14;\" data-fontsize=\"14\" data-lineheight=\"23.940001px\">Assembleia Geral Eleitoral de 22 de Outubro de 2022<\/h3>\n<p><a href=\"https:\/\/www.federacao-triatlo.pt\/ftp2015\/wp-content\/uploads\/2022\/09\/Convocatoria-AGEleitoral_22_10_2022.pdf\">Convocat\u00f3ria Assembleia Geral Eleitoral de 22 de Outubro de 2002<\/a><br \/>\n<a href=\"https:\/\/www.federacao-triatlo.pt\/ftp2015\/wp-content\/uploads\/2022\/09\/Caderno-Eleitoral-AGE_de-2022-10-22.pdf\">Caderno Eleitoral &#8211; AGE 2022-10-22<\/a><br \/>\n<a href=\"https:\/\/www.federacao-triatlo.pt\/ftp2015\/wp-content\/uploads\/2022\/09\/Resultados-Eleitorais-de-28-de-maio-de-2022.pdf\">Resultados Eleitorais de 28 de maio de 2022<\/a><\/p>\n<h3 class=\"fusion-responsive-typography-calculated\" style=\"--fontsize: 14; line-height: 1.71; --minfontsize: 14;\" data-fontsize=\"14\" data-lineheight=\"23.940001px\">Assembleia Geral Ordin\u00e1ria 24 de Junho de 2022<\/h3>\n<p><a href=\"https:\/\/www.federacao-triatlo.pt\/ftp2015\/wp-content\/uploads\/2022\/06\/convocatoria-ag-ordinaria-2022-06-24.pdf\" target=\"-blank\" rel=\"noopener noreferrer\">Convocat\u00f3ria Assembleia Geral Ordin\u00e1ria de 24 de Junho de 2022<\/a><br \/>\n<a href=\"https:\/\/www.federacao-triatlo.pt\/ftp2015\/a-federacao\/relatorios-e-contas\/\">Documentos do Relat\u00f3rio e Conta 2021<\/a><\/p>\n<h3 class=\"fusion-responsive-typography-calculated\" style=\"--fontsize: 14; line-height: 1.71; --minfontsize: 14;\" data-fontsize=\"14\" data-lineheight=\"23.940001px\">Assembleia Geral Eleitoral 28 de Maio de 2022<\/h3>\n<p><a href=\"https:\/\/www.federacao-triatlo.pt\/ftp2015\/wp-content\/uploads\/2022\/06\/comunicado-resultados-ag-eleitoral-2022-05-28.pdf\" target=\"_blank\" rel=\"noopener noreferrer\">Comunicado Resultados Assembleia Geral Eleitoral &#8211; 30 de Maio de 2022<\/a><br \/>\n<a href=\"https:\/\/www.federacao-triatlo.pt\/ftp2015\/wp-content\/uploads\/2022\/06\/resultados-eleitorais-age-2022-05-28.pdf?v=2\" target=\"_blank\" rel=\"noopener noreferrer\">Resultados Assembleia Geral Eleitoral de 28 de Maio de 2022<\/a><br \/>\n<a href=\"https:\/\/www.federacao-triatlo.pt\/ftp2015\/wp-content\/uploads\/2022\/05\/circular-ag-eleitorar-2022-2023-30-maio.pdf\" target=\"_blank\" rel=\"noopener noreferrer\">Circular &#8211; Assembleia Geral Eleitoral &#8211; 30 de Maio de 2022<\/a><br \/>\n<a href=\"https:\/\/www.federacao-triatlo.pt\/ftp2015\/wp-content\/uploads\/2022\/05\/circular-ag-eleitorar-2022-2023.pdf\" target=\"_blank\" rel=\"noopener noreferrer\">Circular &#8211; Assembleia Geral Eleitoral &#8211; 28 de Maio de 2022<\/a><br \/>\n<a href=\"https:\/\/www.federacao-triatlo.pt\/ftp2015\/wp-content\/uploads\/2022\/05\/candidatos-delegados-age-2022-05-28-arbitros.pdf\" target=\"_blank\" rel=\"noopener noreferrer\">Lista Candidatos a Delegado AGE 28 de Maio de 2022 &#8211; \u00c1rbitros<\/a><br \/>\n<a href=\"https:\/\/www.federacao-triatlo.pt\/ftp2015\/wp-content\/uploads\/2022\/05\/candidatos-delegados-age-2022-05-28-clubes.pdf\" target=\"_blank\" rel=\"noopener noreferrer\">Lista Candidatos a Delegado AGE 28 de Maio de 2022 &#8211; Clubes<\/a><br \/>\n<a href=\"https:\/\/www.federacao-triatlo.pt\/ftp2015\/wp-content\/uploads\/2022\/05\/candidatos-delegados-age-2022-05-28-praticantes-alto-rendimento.pdf\" target=\"_blank\" rel=\"noopener noreferrer\">Lista Candidatos a Delegado AGE 28 de Maio de 2022 &#8211; Praticantes de Alto Rendimento<\/a><br \/>\n<a href=\"https:\/\/www.federacao-triatlo.pt\/ftp2015\/wp-content\/uploads\/2022\/05\/candidatos-delegados-age-2022-05-28-praticantes.pdf\" target=\"_blank\" rel=\"noopener noreferrer\">Lista Candidatos a Delegado AGE 28 de Maio de 2022 &#8211; Praticantes<\/a><br \/>\n<a href=\"https:\/\/www.federacao-triatlo.pt\/ftp2015\/wp-content\/uploads\/2022\/05\/candidatos-delegados-age-2022-05-28-treinadores.pdf\" target=\"_blank\" rel=\"noopener noreferrer\">Lista Candidatos a Delegado AGE 28 de Maio de 2022 &#8211; Treinadores<\/a><br \/>\n<a href=\"https:\/\/www.federacao-triatlo.pt\/ftp2015\/wp-content\/uploads\/2022\/04\/convocatoria-ag-eleitorar-2022-2023.pdf\" target=\"_blank\" rel=\"noopener noreferrer\">Convocat\u00f3ria Assembleia Geral Eleitoral &#8211; 28 de Maio de 2022<\/a><br \/>\n<a href=\"https:\/\/www.federacao-triatlo.pt\/ftp2015\/wp-content\/uploads\/2022\/05\/caderno-eleitoral-age-2022-05-28-arbitros.pdf\" target=\"_blank\" rel=\"noopener noreferrer\">Caderno Eleitoral AGE 28 de Maio de 2022 &#8211; \u00c1rbitros<\/a><br \/>\n<a href=\"https:\/\/www.federacao-triatlo.pt\/ftp2015\/wp-content\/uploads\/2022\/05\/caderno-eleitoral-age-2022-05-28-clubes.pdf\" target=\"_blank\" rel=\"noopener noreferrer\">Caderno Eleitoral AGE 28 de Maio de 2022 &#8211; Clubes<\/a><br \/>\n<a href=\"https:\/\/www.federacao-triatlo.pt\/ftp2015\/wp-content\/uploads\/2022\/05\/caderno-eleitoral-age-2022-05-28-praticantes-alto-rendimento.pdf\" target=\"_blank\" rel=\"noopener noreferrer\">Caderno Eleitoral AGE 28 de Maio de 2022 &#8211; Praticantes de Alto Rendimento<\/a><br \/>\n<a href=\"https:\/\/www.federacao-triatlo.pt\/ftp2015\/wp-content\/uploads\/2022\/05\/caderno-eleitoral-age-2022-05-28-praticantes.pdf\" target=\"_blank\" rel=\"noopener noreferrer\">Caderno Eleitoral AGE 28 de Maio de 2022 &#8211; Praticantes<\/a><br \/>\n<a href=\"https:\/\/www.federacao-triatlo.pt\/ftp2015\/wp-content\/uploads\/2022\/05\/caderno-eleitoral-age-2022-05-28-treinadores.pdf\" target=\"_blank\" rel=\"noopener noreferrer\">Caderno Eleitoral AGE 28 de Maio de 2022 &#8211; Treinadores<\/a><\/p>\n<h3 class=\"fusion-responsive-typography-calculated\" style=\"--fontsize: 14; line-height: 1.71; --minfontsize: 14;\" data-fontsize=\"14\" data-lineheight=\"23.940001px\">Assembleia Geral Ordin\u00e1ria 04 de Mar\u00e7o de 2022<\/h3>\n<p><a href=\"https:\/\/www.federacao-triatlo.pt\/ftp2015\/wp-content\/uploads\/2022\/02\/Convocatoria-AG_04_03_22.pdf\">Convocat\u00f3ria AG Ordin\u00e1ria &#8211; 04 de Mar\u00e7o de 2022<\/a><\/p>\n<h2 class=\"fusion-responsive-typography-calculated\" style=\"--fontsize: 24; line-height: 1.69;\" data-fontsize=\"24\" data-lineheight=\"40.560001px\"><strong>2021<\/strong><\/h2>\n<p><strong>Assembleia Geral Eleitoral 05 de Novembro de 2021<\/strong><\/p>\n<p><a href=\"https:\/\/www.federacao-triatlo.pt\/ftp2015\/wp-content\/uploads\/2021\/09\/Convocatoria-Assembleia-Geral-Eleitoral-05-de-Novembro-de-2021.pdf\" target=\"_blank\" rel=\"noopener noreferrer\">Convocat\u00f3ria Assembleia Geral Eleitoral &#8211; 05 de Novembro de 2021<\/a><\/p>\n<p><a href=\"https:\/\/www.federacao-triatlo.pt\/ftp2015\/wp-content\/uploads\/2021\/09\/Lista-de-Delegados-a-AG-Eleitoral.pdf\" target=\"_blank\" rel=\"noopener noreferrer\">Lista de Delegados \u00e0 AG Eleitoral<\/a><\/p>\n<p><a href=\"https:\/\/www.federacao-triatlo.pt\/ftp2015\/wp-content\/uploads\/2021\/10\/LISTA_CANDIDATURAS_FTP_ORGAOS_SOCIAIS_2021_2024-1.pdf\" target=\"_blank\" rel=\"noopener noreferrer\">Listas Candidatas \u00e0 Assembleia Geral Eleitoral de 5 de Novembro de 2021 &#8211; Elei\u00e7\u00e3o dos \u00d3rg\u00e3os Sociais 2021-2024<\/a><\/p>\n<p><strong>Assembleia Geral Ordin\u00e1ria 24 de Abril de 2021<\/strong><\/p>\n<p><a href=\"https:\/\/www.federacao-triatlo.pt\/ftp2015\/wp-content\/uploads\/2021\/04\/Convocatoria-AGO-2021_04_24.pdf\" target=\"_blank\" rel=\"noopener noreferrer\">Convocat\u00f3ria AG Ordin\u00e1ria &#8211; 24 de Abril de 2021<\/a><\/p>\n<p><strong>2020<\/strong><\/p>\n<p><strong>Assembleia Geral Ordin\u00e1ria 12 de Dezembro de 2020<\/strong><\/p>\n<p><a href=\"https:\/\/www.federacao-triatlo.pt\/ftp2015\/wp-content\/uploads\/2020\/11\/Convocatoria-AG_12_12_20.pdf\" target=\"_blank\" rel=\"noopener noreferrer\">Convocat\u00f3ria AG Ordin\u00e1ria &#8211; 12 de Dezembro de 2020<\/a><\/p>\n<p><strong>Assembleia Geral Ordin\u00e1ria 27 de Junho 2020<\/strong><\/p>\n<p><a href=\"https:\/\/www.federacao-triatlo.pt\/ftp2015\/wp-content\/uploads\/2020\/06\/Convocat\u00f3ria-AGO-20_06_27.pdf\" target=\"_blank\" rel=\"noopener noreferrer\">Convocat\u00f3ria AG Ordin\u00e1ria &#8211; 27 de Junho de 2020<\/a><\/p>\n<p><a href=\"https:\/\/www.federacao-triatlo.pt\/ftp2015\/wp-content\/uploads\/2020\/06\/Adenda-\u00e0-Convocat\u00f3ria-AGO-20_06_27.pdf\" target=\"_blank\" rel=\"noopener noreferrer\">Adenda \u00e0 Convocat\u00f3ria AGO &#8211; 27 de Junho de 2020<\/a><\/p>\n<p><strong>Assembleia Geral Extraordin\u00e1ria 27 de Junho 2020<\/strong><\/p>\n<p><a href=\"https:\/\/www.federacao-triatlo.pt\/ftp2015\/wp-content\/uploads\/2020\/06\/Convocat\u00f3ria-AGE-20_06_27.pdf\" target=\"_blank\" rel=\"noopener noreferrer\">Convocat\u00f3ria AG Extraordin\u00e1ria &#8211; 27 de Junho de 2020<\/a><\/p>\n<p><a href=\"https:\/\/www.federacao-triatlo.pt\/ftp2015\/wp-content\/uploads\/2020\/06\/Adenda-\u00e0-Convocat\u00f3ria-AGE-20_06_271.pdf\" target=\"_blank\" rel=\"noopener noreferrer\">Adenda \u00e0 Convocat\u00f3ria AGE &#8211; 27 de Junho de 2020<\/a><\/p>\n<h2 class=\"fusion-responsive-typography-calculated\" style=\"--fontsize: 24; line-height: 1.69;\" data-fontsize=\"24\" data-lineheight=\"40.560001px\"><strong>2019<\/strong><\/h2>\n<p><strong>Assembleia Geral Eleitoral 28 de Dezembro de 2019<\/strong><\/p>\n<p><a href=\"https:\/\/www.federacao-triatlo.pt\/ftp2015\/wp-content\/uploads\/2019\/11\/2019-12-28_Convocat\u00f3ria-AGE-CFiscal.pdf\" target=\"_blank\" rel=\"noopener noreferrer\">Convocat\u00f3ria AG Eleitoral &#8211; 28 de Dezembro de 2019<\/a><\/p>\n<p><a href=\"https:\/\/www.federacao-triatlo.pt\/ftp2015\/wp-content\/uploads\/2019\/12\/Listas-Candidatas-\u00e0-AGE-28.12.2019.pdf\" target=\"_blank\" rel=\"noopener noreferrer\">Lista Candidata \u00e0 AGE de 28 de Dezembro de 2019<\/a><\/p>\n<p><strong>Assembleia Geral Ordin\u00e1ria 14 de Dezembro de 2019<\/strong><\/p>\n<p><a href=\"https:\/\/www.federacao-triatlo.pt\/ftp2015\/wp-content\/uploads\/2019\/11\/Convocat\u00f3ria-AG_14_12_19.pdf\" target=\"_blank\" rel=\"noopener noreferrer\">Convocat\u00f3ria AG Ordin\u00e1ria &#8211; 14 de Dezembro de 2019<\/a><\/p>\n<p><a href=\"https:\/\/www.federacao-triatlo.pt\/ftp2015\/wp-content\/uploads\/2019\/12\/Plano-de-Actividades-e-Or\u00e7amento-2020.pdf\" target=\"_blank\" rel=\"noopener noreferrer\">Plano de Actividades e Or\u00e7amento 2020<\/a><\/p>\n<p><strong>Assembleia Geral Eleitoral 26 de Outubro de 2019<\/strong><\/p>\n<p><a href=\"https:\/\/www.federacao-triatlo.pt\/ftp2015\/wp-content\/uploads\/2019\/09\/2019-10-26_Convocat\u00f3ria-AGE-CFiscal.pdf\" target=\"_blank\" rel=\"noopener noreferrer\">Convocat\u00f3ria AG Eleitoral &#8211; 26 de Outubro de 2019<\/a><\/p>\n<p><strong>Assembleia Geral Eleitoral 05 de Outubro de 2019<\/strong><\/p>\n<p><a href=\"https:\/\/www.federacao-triatlo.pt\/ftp2015\/wp-content\/uploads\/2019\/08\/Convocatoria.pdf\" target=\"_blank\" rel=\"noopener noreferrer\">Convocat\u00f3ria AG Eleitoral &#8211; 5 de Outubro de 2019<\/a><\/p>\n<p><strong>Assembleia Geral Eleitoral 07 de Setembro de 2019<\/strong><\/p>\n<p><a href=\"https:\/\/www.federacao-triatlo.pt\/ftp2015\/wp-content\/uploads\/2019\/08\/2019-09-07_Convocat\u00f3ria-AGE-Delegados.pdf\" target=\"_blank\" rel=\"noopener noreferrer\">Convocat\u00f3ria AG Eleitoral &#8211; 7 de Setembro de 2019<\/a><\/p>\n<p><a href=\"https:\/\/www.federacao-triatlo.pt\/ftp2015\/wp-content\/uploads\/2019\/08\/Nr-Delegados-de-Clubes.pdf\" target=\"_blank\" rel=\"noopener noreferrer\">Nr Delegados por Clube<\/a><\/p>\n<p><a href=\"https:\/\/www.federacao-triatlo.pt\/ftp2015\/wp-content\/uploads\/2019\/08\/Caderno-Eleitoral-AGE-2019-09-07.pdf\" target=\"_blank\" rel=\"noopener noreferrer\">Caderno Eleitoral AGE 2019-09-07<\/a><\/p>\n<p><a href=\"https:\/\/www.federacao-triatlo.pt\/ftp2015\/wp-content\/uploads\/2019\/08\/Candidatos-a-Delegados-2019-2020-AGE-2019-09-07.pdf\" target=\"_blank\" rel=\"noopener noreferrer\">Candidatos a Delegados 2019-2020 AGE 2019-09-07<\/a><\/p>\n<p><a href=\"https:\/\/www.federacao-triatlo.pt\/ftp2015\/wp-content\/uploads\/2019\/09\/Resultados-Delegados-2019-2020_AGE_2019-09-07.pdf\" target=\"_blank\" rel=\"noopener noreferrer\">Resultados da Elei\u00e7\u00e3o de Delegados 2019-2020 \u2013 Clubes<\/a><\/p>\n<p><strong>Assembleia Geral Ordin\u00e1ria 30 de Junho de 2019<\/strong><\/p>\n<p><a href=\"https:\/\/www.federacao-triatlo.pt\/ftp2015\/wp-content\/uploads\/2019\/06\/Convocat\u00f3ria-AG-19_06_30.pdf\" target=\"_blank\" rel=\"noopener noreferrer\">Convocat\u00f3ria AG Ordin\u00e1ria &#8211; 30 de Junho de 2019<\/a><\/p>\n<p><strong>Assembleia Geral Extraordin\u00e1ria 07 de Abril de 2019<\/strong><\/p>\n<p><a href=\"https:\/\/www.federacao-triatlo.pt\/ftp2015\/wp-content\/uploads\/2019\/03\/Convocat\u00f3ria-AG_07_04_19.pdf\">Convocat\u00f3ria AG Extraordin\u00e1ria &#8211; 07 de Abril de 2019<\/a><\/p>\n<p><strong>Assembleia Geral Extraordin\u00e1ria 24 de Mar\u00e7o de 2019<\/strong><\/p>\n<p><a href=\"https:\/\/www.federacao-triatlo.pt\/ftp2015\/wp-content\/uploads\/2019\/03\/Convocat\u00f3ria-AG_24_03_19-1.pdf\">Convocat\u00f3ria AG Extraordin\u00e1ria &#8211; 24 de Mar\u00e7o de 2019<\/a><\/p>\n<p><strong>Assembleia Geral Eleitoral 23 de Mar\u00e7o de 2019<\/strong><\/p>\n<p><a href=\"https:\/\/www.federacao-triatlo.pt\/ftp2015\/wp-content\/uploads\/2019\/02\/Convocat\u00f3ria-AGE-de-23-de-Mar\u00e7o.pdf\">Convocat\u00f3ria AG Eleitoral &#8211; 23 de Mar\u00e7o de 2019<\/a><\/p>\n<p><a href=\"https:\/\/www.federacao-triatlo.pt\/ftp2015\/wp-content\/uploads\/2019\/02\/Caderno-Eleitorial-AG-Treinadores.pdf\">Caderno Eleitorial &#8211; AG &#8211; Treinadores<\/a><\/p>\n<p><a href=\"https:\/\/www.federacao-triatlo.pt\/ftp2015\/wp-content\/uploads\/2019\/02\/Caderno-Eleitorial-AG-Praticantes.pdf\">Caderno Eleitorial &#8211; AG &#8211; Praticantes<\/a><\/p>\n<p><a href=\"https:\/\/www.federacao-triatlo.pt\/ftp2015\/wp-content\/uploads\/2019\/02\/Caderno-Eleitorial-AG-Clubes.pdf\">Caderno Eleitorial &#8211; AG &#8211; Clubes<\/a><\/p>\n<p><a href=\"https:\/\/www.federacao-triatlo.pt\/ftp2015\/wp-content\/uploads\/2019\/03\/Nr-de-Delegados-por-Clube.pdf\">Nr de Delegados por Clube<\/a><\/p>\n<p><a href=\"https:\/\/www.federacao-triatlo.pt\/ftp2015\/wp-content\/uploads\/2019\/03\/Candidatos-a-Delegados-de-Clube-2019-2020.pdf\">Candidatos a Delegados de Clube 2019-2020<\/a><\/p>\n<p><a href=\"https:\/\/www.federacao-triatlo.pt\/ftp2015\/wp-content\/uploads\/2019\/03\/Resultados-da-Elei\u00e7\u00e3o-de-Delegados-2019-2020-\u2013-Treinadores.pdf\">Resultados da Elei\u00e7\u00e3o de Delegados 2019-2020 \u2013 Treinadores<\/a><\/p>\n<p><a href=\"https:\/\/www.federacao-triatlo.pt\/ftp2015\/wp-content\/uploads\/2019\/03\/Resultados-da-Elei\u00e7\u00e3o-de-Delegados-2019-2020-\u2013-Praticantes.pdf\">Resultados da Elei\u00e7\u00e3o de Delegados 2019-2020 \u2013 Praticantes<\/a><\/p>\n<p><a href=\"https:\/\/www.federacao-triatlo.pt\/ftp2015\/wp-content\/uploads\/2019\/03\/Resultados-da-Elei\u00e7\u00e3o-de-Delegados-2019-2020-\u2013-Clubes.pdf\">Resultados da Elei\u00e7\u00e3o de Delegados 2019-2020 \u2013 Clubes<\/a><\/p>\n<p><strong>Assembleia Geral Extraordin\u00e1ria 24 de Fevereiro de 2019<\/strong><\/p>\n<p><a href=\"https:\/\/www.federacao-triatlo.pt\/ftp2015\/wp-content\/uploads\/2019\/02\/Convocat%C3%B3ria-AG_24_02_19-1.pdf\">Convocat\u00f3ria Assembleia Geral Extraordin\u00e1ria &#8211; 24 de Fevereiro 2019<\/a><\/p>\n<p><a href=\"https:\/\/www.federacao-triatlo.pt\/ftp2015\/wp-content\/uploads\/2019\/02\/Plano-de-Recupera\u00e7\u00e3o-Financeira-da-Federa\u00e7\u00e3o-de-Triatlo-de-Portugal.pdf\">Plano de Recupera\u00e7\u00e3o Financeira da Federa\u00e7\u00e3o de Triatlo de Portugal<\/a><\/p>\n<p><strong>Assembleia Geral Eleitoral 9 de Fevereiro de 2019<\/strong><\/p>\n<p><a href=\"https:\/\/www.federacao-triatlo.pt\/ftp2015\/wp-content\/uploads\/2019\/01\/2019-02-09_Convocat%C3%B3ria-AGE-Delegados-v2.pdf\" target=\"_blank\" rel=\"noopener noreferrer\">Convocat\u00f3ria Assembleia Geral Eleitoral &#8211; 9 de Fevereiro de 2019<\/a><\/p>\n<p><a href=\"https:\/\/www.federacao-triatlo.pt\/ftp2015\/wp-content\/uploads\/2019\/01\/Caderno-Eleitorial-AG-Praticantes-1.pdf\" target=\"_blank\" rel=\"noopener noreferrer\">Caderno Eleitorial &#8211; AG &#8211; Praticantes<\/a><\/p>\n<p><a href=\"https:\/\/www.federacao-triatlo.pt\/ftp2015\/wp-content\/uploads\/2019\/01\/Caderno-Eleitorial-AG-Praticantes-de-AR-1.pdf\" target=\"_blank\" rel=\"noopener noreferrer\">Caderno Eleitorial &#8211; AG &#8211; Praticantes de AR<\/a><\/p>\n<p><a href=\"https:\/\/www.federacao-triatlo.pt\/ftp2015\/wp-content\/uploads\/2019\/01\/Caderno-Eleitorial-AG-Clubesv2.pdf\" target=\"_blank\" rel=\"noopener noreferrer\">Caderno Eleitorial &#8211; AG &#8211; Clubes (actualizado com o nr de delegados por clube)<\/a><\/p>\n<p><a href=\"https:\/\/www.federacao-triatlo.pt\/ftp2015\/wp-content\/uploads\/2019\/01\/Caderno-Eleitorial-AG-Treinadores-Actualizado-dia-14-01-2019-%C3%A0s-16h02.pdf\" target=\"_blank\" rel=\"noopener noreferrer\">Caderno Eleitorial &#8211; AG &#8211; Treinadores (actualizado dia 14\/01\/2019 \u00e0s 16h02)<\/a><\/p>\n<p><a href=\"https:\/\/www.federacao-triatlo.pt\/ftp2015\/wp-content\/uploads\/2019\/01\/Caderno-Eleitorial-AG-%C3%81rbitros-2.pdf\" target=\"_blank\" rel=\"noopener noreferrer\">Caderno Eleitorial &#8211; AG &#8211; \u00c1rbitros<\/a><\/p>\n<p><a href=\"https:\/\/www.federacao-triatlo.pt\/ftp2015\/wp-content\/uploads\/2019\/02\/Candidatos-a-Delegados-dos-Clubes-2019-2020-1.pdf\">Candidatos a Delegados dos Clubes 2019-2020<\/a><\/p>\n<p><a href=\"https:\/\/www.federacao-triatlo.pt\/ftp2015\/wp-content\/uploads\/2019\/01\/Candidatos-a-Delegados-dos-Praticantes-2019-2020.pdf\" target=\"_blank\" rel=\"noopener noreferrer\">Candidatos a Delegados dos Praticantes 2019-2020<\/a><\/p>\n<p><a href=\"https:\/\/www.federacao-triatlo.pt\/ftp2015\/wp-content\/uploads\/2019\/01\/Candidatos-a-Delegados-dos-Praticantes-de-Alto-Rendimento-2019-2020.pdf\" target=\"_blank\" rel=\"noopener noreferrer\">Candidatos a Delegados dos Praticantes de Alto Rendimento 2019-2020<\/a><\/p>\n<p><a href=\"https:\/\/www.federacao-triatlo.pt\/ftp2015\/wp-content\/uploads\/2019\/01\/Candidatos-a-Delegados-dos-Treinadores-2019-2020.pdf\" target=\"_blank\" rel=\"noopener noreferrer\">Candidatos a Delegados dos Treinadores 2019-2020<\/a><\/p>\n<p><a href=\"https:\/\/www.federacao-triatlo.pt\/ftp2015\/wp-content\/uploads\/2019\/01\/Candidatos-a-Delegados-dos-%C3%81rbitros-2019-2020.pdf\" target=\"_blank\" rel=\"noopener noreferrer\">Candidatos a Delegados dos \u00c1rbitros 2019-2020<\/a><\/p>\n<p><a href=\"https:\/\/www.federacao-triatlo.pt\/ftp2015\/wp-content\/uploads\/2019\/02\/Comunicado-da-MAG-AG-Eleitoral-de-9-de-Fevereiro.pdf\">Comunicado da MAG &#8211; AG Eleitoral de 9 de Fevereiro<\/a><\/p>\n<p><a href=\"https:\/\/www.federacao-triatlo.pt\/ftp2015\/wp-content\/uploads\/2019\/02\/Resultados-da-Elei%C3%A7%C3%A3o-de-Delegados-2019-2020-Alto-Rendimento.pdf\">Resultados da Elei\u00e7\u00e3o de Delegados 2019-2020 &#8211; Praticantes de Alto Rendimento<\/a><\/p>\n<p><a href=\"https:\/\/www.federacao-triatlo.pt\/ftp2015\/wp-content\/uploads\/2019\/02\/Resultados-da-Elei%C3%A7%C3%A3o-de-Delegados-2019-2020-Praticantes-1.pdf\">Resultados da Elei\u00e7\u00e3o de Delegados 2019-2020 &#8211; Praticantes<\/a><\/p>\n<p><a href=\"https:\/\/www.federacao-triatlo.pt\/ftp2015\/wp-content\/uploads\/2019\/02\/Resultados-da-Elei%C3%A7%C3%A3o-de-Delegados-2019-2020-Treinadores.pdf\">Resultados da Elei\u00e7\u00e3o de Delegados 2019-2020 &#8211; Treinadores<\/a><\/p>\n<p><a href=\"https:\/\/www.federacao-triatlo.pt\/ftp2015\/wp-content\/uploads\/2019\/02\/Resultados-da-Elei%C3%A7%C3%A3o-de-Delegados-2019-2020-%C3%81rbitros.pdf\">Resultados da Elei\u00e7\u00e3o de Delegados 2019-2020 &#8211; \u00c1rbitros<\/a><\/p>\n<p><a href=\"https:\/\/www.federacao-triatlo.pt\/ftp2015\/wp-content\/uploads\/2019\/02\/Resultados-da-Elei%C3%A7%C3%A3o-de-Delegados-2019-2020-Clubes.pdf\">Resultados da Elei\u00e7\u00e3o de Delegados 2019-2020 &#8211; Clubes<\/a><\/p>\n<p><strong>Assembleia Geral Ordin\u00e1ria 2 de Fevereiro de 2019<\/strong><\/p>\n<p><a href=\"https:\/\/www.federacao-triatlo.pt\/ftp2015\/wp-content\/uploads\/2019\/01\/Convocat%C3%B3ria-AG-Ordin%C3%A1ria-2-de-Fev-de-2019-1.pdf\" target=\"_blank\" rel=\"noopener noreferrer\">Convocat\u00f3ria Assembleia Geral Ordin\u00e1ria &#8211; 2 de Fev de 2019<\/a><\/p>\n<p><a href=\"https:\/\/www.federacao-triatlo.pt\/ftp2015\/wp-content\/uploads\/2019\/01\/PAO_2019-1.pdf\" target=\"_blank\" rel=\"noopener noreferrer\">Plano de Actividades e Or\u00e7amento 2019<\/a><\/p>\n<p><a href=\"https:\/\/www.federacao-triatlo.pt\/ftp2015\/wp-content\/uploads\/2019\/01\/Parecer-PAO-2019-1.pdf\" target=\"_blank\" rel=\"noopener noreferrer\">Parecer PAO 2019<\/a><\/p>\n<p><a href=\"https:\/\/www.federacao-triatlo.pt\/ftp2015\/wp-content\/uploads\/2019\/02\/Ata-nr-81.pdf\">Ata nr 81 &#8211; Assembleia Geral Ordin\u00e1ria de 2 de Fevereiro de 2019<\/a><\/p>\n<h2 class=\"fusion-responsive-typography-calculated\" style=\"--fontsize: 24; line-height: 1.69;\" data-fontsize=\"24\" data-lineheight=\"40.560001px\"><strong>2018<\/strong><\/h2>\n<p><strong>Assembleia Geral Eleitoral 3 de Mar\u00e7o de 2018<\/strong><\/p>\n<p><a href=\"https:\/\/www.federacao-triatlo.pt\/ftp2015\/wp-content\/uploads\/2015\/02\/Lista-de-Clubes-com-Delegados_AGE_2016-10-26Provis\u00f3ria-3.pdf\"><!--img src=\"https:\/\/www.federacao-triatlo.pt\/components\/com_docman\/themes\/default\/images\/icons\/16x16\/pdf.png\" alt=\"icon\" border=\"0\" \/--><\/a><a href=\"https:\/\/www.federacao-triatlo.pt\/ftp2015\/wp-content\/uploads\/2018\/02\/ConvocAGEleitoral-3-Mar\u00e7o-2018.pdf\">ConvocAGEleitoral &#8211; 3 Mar\u00e7o 2018<\/a><\/p>\n<p><a href=\"https:\/\/www.federacao-triatlo.pt\/ftp2015\/wp-content\/uploads\/2015\/02\/Lista-de-Clubes-com-Delegados_AGE_2016-10-26Provis\u00f3ria-3.pdf\"><!--img src=\"https:\/\/www.federacao-triatlo.pt\/components\/com_docman\/themes\/default\/images\/icons\/16x16\/pdf.png\" alt=\"icon\" border=\"0\" \/--><\/a><a href=\"https:\/\/www.federacao-triatlo.pt\/ftp2015\/wp-content\/uploads\/2018\/02\/Caderno-Eleitoral-AGE_2018-03-03-Candidatos-Praticantes.pdf\">Caderno Eleitoral AGE_2018-03-03 Candidatos Praticantes)<\/a><\/p>\n<p><a href=\"https:\/\/www.federacao-triatlo.pt\/ftp2015\/wp-content\/uploads\/2015\/02\/Lista-de-Clubes-com-Delegados_AGE_2016-10-26Provis\u00f3ria-3.pdf\"><!--img src=\"https:\/\/www.federacao-triatlo.pt\/components\/com_docman\/themes\/default\/images\/icons\/16x16\/pdf.png\" alt=\"icon\" border=\"0\" \/--><\/a><a href=\"https:\/\/www.federacao-triatlo.pt\/ftp2015\/wp-content\/uploads\/2018\/02\/Caderno-Eleitoral-AGE_2018-03-03-Clubes.pdf\">Caderno Eleitoral AGE_2018-03-03 (Clubes)<\/a><\/p>\n<p><a href=\"https:\/\/www.federacao-triatlo.pt\/ftp2015\/wp-content\/uploads\/2015\/02\/Lista-de-Clubes-com-Delegados_AGE_2016-10-26Provis\u00f3ria-3.pdf\"><!--img src=\"https:\/\/www.federacao-triatlo.pt\/components\/com_docman\/themes\/default\/images\/icons\/16x16\/pdf.png\" alt=\"icon\" border=\"0\" \/--><\/a><a href=\"https:\/\/www.federacao-triatlo.pt\/ftp2015\/wp-content\/uploads\/2018\/02\/Caderno-Eleitoral-AGE_2018-03-03-Candidatos-Treinadores.pdf\">Caderno Eleitoral AGE_2018-03-03 Candidatos (Treinadores)<\/a><\/p>\n<p><a href=\"https:\/\/www.federacao-triatlo.pt\/ftp2015\/wp-content\/uploads\/2015\/02\/Lista-de-Clubes-com-Delegados_AGE_2016-10-26Provis\u00f3ria-3.pdf\"><!--img src=\"https:\/\/www.federacao-triatlo.pt\/components\/com_docman\/themes\/default\/images\/icons\/16x16\/pdf.png\" alt=\"icon\" border=\"0\" \/--><\/a><a href=\"https:\/\/www.federacao-triatlo.pt\/ftp2015\/wp-content\/uploads\/2018\/02\/Candidatos-a-Delegados-2017-2019._AGE_2018-03-03.xlsx\">Candidatos a Delegados 2017-2019._AGE_2018-03-03<\/a><\/p>\n<p><a href=\"https:\/\/www.federacao-triatlo.pt\/ftp2015\/wp-content\/uploads\/2015\/02\/Lista-de-Clubes-com-Delegados_AGE_2016-10-26Provis\u00f3ria-3.pdf\"><!--img src=\"https:\/\/www.federacao-triatlo.pt\/components\/com_docman\/themes\/default\/images\/icons\/16x16\/pdf.png\" alt=\"icon\" border=\"0\" \/--><\/a><a href=\"https:\/\/www.federacao-triatlo.pt\/ftp2015\/wp-content\/uploads\/2018\/03\/Lista-delegados-eleitos-ap\u00f3s-03-mar\u00e7o-2018.pdf\">Lista delegados eleitos ap\u00f3s 03 mar\u00e7o 2018<\/a><\/p>\n<p><strong>Assembleia Geral Ordin\u00e1ria 1 de Dezembro de 2018<\/strong><\/p>\n<p><a href=\"https:\/\/www.federacao-triatlo.pt\/ftp2015\/wp-content\/uploads\/2015\/02\/Lista-de-Clubes-com-Delegados_AGE_2016-10-26Provis\u00f3ria-3.pdf\"><!--img src=\"https:\/\/www.federacao-triatlo.pt\/components\/com_docman\/themes\/default\/images\/icons\/16x16\/pdf.png\" alt=\"icon\" border=\"0\" \/--><\/a><a href=\"https:\/\/www.federacao-triatlo.pt\/ftp2015\/wp-content\/uploads\/2018\/11\/ConvocAGOrdin\u00e1ria-01-Dezembro-2018.pdf\">ConvocAGOrdin\u00e1ria &#8211; 01 Dezembro 2018<\/a><\/p>\n<p><a href=\"https:\/\/www.federacao-triatlo.pt\/ftp2015\/wp-content\/uploads\/2018\/11\/Altera\u00e7\u00e3o-\u00e0-Convocat\u00f3ra-AG-1-12.pdf\">Altera\u00e7\u00e3o \u00e0 Convocat\u00f3ra da Assembleia Geral &#8211; 1 de Dezembro de 2018<\/a><\/p>\n<p><a href=\"https:\/\/www.federacao-triatlo.pt\/ftp2015\/wp-content\/uploads\/2015\/02\/Lista-de-Clubes-com-Delegados_AGE_2016-10-26Provis\u00f3ria-3.pdf\"><!--img src=\"https:\/\/www.federacao-triatlo.pt\/components\/com_docman\/themes\/default\/images\/icons\/16x16\/pdf.png\" alt=\"icon\" border=\"0\" \/--><\/a> <a href=\"https:\/\/www.federacao-triatlo.pt\/ftp2015\/wp-content\/uploads\/2018\/11\/PAO_2019-1.pdf\">Proposta de Plano de Actividades e Or\u00e7amento 2019<\/a><\/p>\n<p><strong>Assembleia Geral Ordin\u00e1ria 3 de Mar\u00e7o de 2018<\/strong><\/p>\n<p><a href=\"https:\/\/www.federacao-triatlo.pt\/ftp2015\/wp-content\/uploads\/2015\/02\/Lista-de-Clubes-com-Delegados_AGE_2016-10-26Provis\u00f3ria-3.pdf\"><!--img src=\"https:\/\/www.federacao-triatlo.pt\/components\/com_docman\/themes\/default\/images\/icons\/16x16\/pdf.png\" alt=\"icon\" border=\"0\" \/--><\/a><a href=\"https:\/\/www.federacao-triatlo.pt\/ftp2015\/wp-content\/uploads\/2018\/02\/ConvocAGOrdin\u00e1ria-03-Mar\u00e7o-2018-2.pdf\">ConvocAGOrdin\u00e1ria &#8211; 03 Mar\u00e7o 2018<\/a><\/p>\n<p><a href=\"https:\/\/www.federacao-triatlo.pt\/ftp2015\/wp-content\/uploads\/2018\/02\/Caderno-Eleitoral-AGE_2018-03-03_Votantes.xlsx\">Caderno Eleitoral AGE_2018-03-03_Votantes<\/a><\/p>\n<p><a href=\"https:\/\/www.federacao-triatlo.pt\/ftp2015\/wp-content\/uploads\/2015\/02\/Lista-de-Clubes-com-Delegados_AGE_2016-10-26Provis\u00f3ria-3.pdf\"><!--img src=\"https:\/\/www.federacao-triatlo.pt\/components\/com_docman\/themes\/default\/images\/icons\/16x16\/pdf.png\" alt=\"icon\" border=\"0\" \/--><\/a><a href=\"https:\/\/www.federacao-triatlo.pt\/ftp2015\/wp-content\/uploads\/2018\/03\/AP-DESL-AG_03MAR18_DOC.pdf\">AP DESL AG_03MAR18_DOC<\/a><\/p>\n<p><a href=\"https:\/\/www.federacao-triatlo.pt\/ftp2015\/wp-content\/uploads\/2015\/02\/Lista-de-Clubes-com-Delegados_AGE_2016-10-26Provis\u00f3ria-3.pdf\"><!--img src=\"https:\/\/www.federacao-triatlo.pt\/components\/com_docman\/themes\/default\/images\/icons\/16x16\/pdf.png\" alt=\"icon\" border=\"0\" \/--><\/a><a href=\"https:\/\/www.federacao-triatlo.pt\/ftp2015\/wp-content\/uploads\/2018\/03\/relat\u00f3rio-2017-assinado.pdf\">relat\u00f3rio de Actividades 2017<\/a><\/p>\n<p><a href=\"https:\/\/www.federacao-triatlo.pt\/ftp2015\/wp-content\/uploads\/2015\/02\/Lista-de-Clubes-com-Delegados_AGE_2016-10-26Provis\u00f3ria-3.pdf\"><!--img src=\"https:\/\/www.federacao-triatlo.pt\/components\/com_docman\/themes\/default\/images\/icons\/16x16\/pdf.png\" alt=\"icon\" border=\"0\" \/--><\/a><a href=\"https:\/\/www.federacao-triatlo.pt\/ftp2015\/wp-content\/uploads\/2018\/03\/Relatorio-e-Parecer-do-Conselho-Fiscal-2018.pdf\">Relatorio e Parecer do Conselho Fiscal &#8211; 2018<\/a><\/p>\n<p><a href=\"https:\/\/www.federacao-triatlo.pt\/ftp2015\/wp-content\/uploads\/2015\/02\/Lista-de-Clubes-com-Delegados_AGE_2016-10-26Provis\u00f3ria-3.pdf\"><!--img src=\"https:\/\/www.federacao-triatlo.pt\/components\/com_docman\/themes\/default\/images\/icons\/16x16\/pdf.png\" alt=\"icon\" border=\"0\" \/--><\/a><a href=\"https:\/\/www.federacao-triatlo.pt\/ftp2015\/wp-content\/uploads\/2018\/03\/Balan\u00e7o-2017-assinado.pdf\">Balan\u00e7o 2017<\/a><\/p>\n<p><a href=\"https:\/\/www.federacao-triatlo.pt\/ftp2015\/wp-content\/uploads\/2015\/02\/Lista-de-Clubes-com-Delegados_AGE_2016-10-26Provis\u00f3ria-3.pdf\"><!--img src=\"https:\/\/www.federacao-triatlo.pt\/components\/com_docman\/themes\/default\/images\/icons\/16x16\/pdf.png\" alt=\"icon\" border=\"0\" \/--><\/a><a href=\"https:\/\/www.federacao-triatlo.pt\/ftp2015\/wp-content\/uploads\/2018\/03\/Demonstra\u00e7\u00e3o-de-Resultados-2017-assinado.pdf\">Demonstra\u00e7\u00e3o de Resultados 2017<\/a><\/p>\n<p><a href=\"https:\/\/www.federacao-triatlo.pt\/ftp2015\/wp-content\/uploads\/2015\/02\/Lista-de-Clubes-com-Delegados_AGE_2016-10-26Provis\u00f3ria-3.pdf\"><!--img src=\"https:\/\/www.federacao-triatlo.pt\/components\/com_docman\/themes\/default\/images\/icons\/16x16\/pdf.png\" alt=\"icon\" border=\"0\" \/--><\/a><a href=\"https:\/\/www.federacao-triatlo.pt\/ftp2015\/wp-content\/uploads\/2018\/03\/Demonstra\u00e7\u00e3o-das-Altera\u00e7\u00f5es-de-Fundos-Patrimoniais-2017-assinados.pdf\">Demonstra\u00e7\u00e3o das Altera\u00e7\u00f5es de Fundos Patrimoniais 2017<\/a><\/p>\n<p><a href=\"https:\/\/www.federacao-triatlo.pt\/ftp2015\/wp-content\/uploads\/2015\/02\/Lista-de-Clubes-com-Delegados_AGE_2016-10-26Provis\u00f3ria-3.pdf\"><!--img src=\"https:\/\/www.federacao-triatlo.pt\/components\/com_docman\/themes\/default\/images\/icons\/16x16\/pdf.png\" alt=\"icon\" border=\"0\" \/--><\/a><a href=\"https:\/\/www.federacao-triatlo.pt\/ftp2015\/wp-content\/uploads\/2018\/03\/Demonstra\u00e7\u00e3o-dos-Fluxos-de-caixa-2017-assinado.pdf\">Demonstra\u00e7\u00e3o dos Fluxos de caixa 2017<\/a><\/p>\n<p><a href=\"https:\/\/www.federacao-triatlo.pt\/ftp2015\/wp-content\/uploads\/2015\/02\/Lista-de-Clubes-com-Delegados_AGE_2016-10-26Provis\u00f3ria-3.pdf\"><!--img src=\"https:\/\/www.federacao-triatlo.pt\/components\/com_docman\/themes\/default\/images\/icons\/16x16\/pdf.png\" alt=\"icon\" border=\"0\" \/--><\/a><a href=\"https:\/\/www.federacao-triatlo.pt\/ftp2015\/wp-content\/uploads\/2018\/03\/Anexo-\u00e0s-Demonstra\u00e7\u00f5es-Financeiras-2017-assinado.pdf\">Anexo \u00e0s Demonstra\u00e7\u00f5es Financeiras 2017<\/a><\/p>\n<p><a href=\"https:\/\/www.federacao-triatlo.pt\/ftp2015\/wp-content\/uploads\/2015\/02\/Lista-de-Clubes-com-Delegados_AGE_2016-10-26Provis\u00f3ria-3.pdf\"><!--img src=\"https:\/\/www.federacao-triatlo.pt\/components\/com_docman\/themes\/default\/images\/icons\/16x16\/pdf.png\" alt=\"icon\" border=\"0\" \/--><\/a><a href=\"https:\/\/www.federacao-triatlo.pt\/ftp2015\/wp-content\/uploads\/2018\/03\/Certifica\u00e7\u00e3o-Legal-das-Contas-2017-assinado.pdf\">Certifica\u00e7\u00e3o Legal das Contas 2017<\/a><\/p>\n<p><a href=\"https:\/\/www.federacao-triatlo.pt\/ftp2015\/wp-content\/uploads\/2019\/02\/Acta-Assemblea-Geral-de-8-de-Mar%C3%A7o-de-2018.pdf\">Acta da Assembleia Geral Ordin\u00e1rio de 3 de Mar\u00e7o de 2018<\/a><\/p>\n<h2 class=\"fusion-responsive-typography-calculated\" style=\"--fontsize: 24; line-height: 1.69;\" data-fontsize=\"24\" data-lineheight=\"40.560001px\"><strong>2017<\/strong><\/h2>\n<p><strong>Assembleia Geral Ordin\u00e1ria 1 de Dezembro de 2017<\/strong><\/p>\n<p><a href=\"https:\/\/www.federacao-triatlo.pt\/ftp2015\/wp-content\/uploads\/2015\/02\/Lista-de-Clubes-com-Delegados_AGE_2016-10-26Provis\u00f3ria-3.pdf\"><!--img src=\"https:\/\/www.federacao-triatlo.pt\/components\/com_docman\/themes\/default\/images\/icons\/16x16\/pdf.png\" alt=\"icon\" border=\"0\" \/--><\/a><a href=\"https:\/\/www.federacao-triatlo.pt\/ftp2015\/wp-content\/uploads\/2018\/02\/Convocat\u00f3ria-AGOrdin\u00e1ria_01Dez2017.pdf\">Convocat\u00f3ria AGOrdin\u00e1ria_01Dez2017<\/a><\/p>\n<p><a href=\"https:\/\/www.federacao-triatlo.pt\/ftp2015\/wp-content\/uploads\/2015\/02\/Lista-de-Clubes-com-Delegados_AGE_2016-10-26Provis\u00f3ria-3.pdf\"><!--img src=\"https:\/\/www.federacao-triatlo.pt\/components\/com_docman\/themes\/default\/images\/icons\/16x16\/pdf.png\" alt=\"icon\" border=\"0\" \/--><\/a><a href=\"https:\/\/www.federacao-triatlo.pt\/ftp2015\/wp-content\/uploads\/2017\/12\/Plano-de-Atividades-e-Or\u00e7amento-2018.pdf\">Plano de Atividades e Or\u00e7amento 2018<\/a><\/p>\n<p><a href=\"https:\/\/www.federacao-triatlo.pt\/ftp2015\/wp-content\/uploads\/2015\/02\/Lista-de-Clubes-com-Delegados_AGE_2016-10-26Provis\u00f3ria-3.pdf\"><!--img src=\"https:\/\/www.federacao-triatlo.pt\/components\/com_docman\/themes\/default\/images\/icons\/16x16\/pdf.png\" alt=\"icon\" border=\"0\" \/--><\/a><a href=\"https:\/\/www.federacao-triatlo.pt\/ftp2015\/wp-content\/uploads\/2017\/12\/Relat\u00f3rio-e-Parecer-do-Conselho-Fiscal-PAO-2018.pdf\">Relat\u00f3rio e Parecer do Conselho Fiscal &#8211; PAO 2018<\/a><\/p>\n<p><a href=\"https:\/\/www.federacao-triatlo.pt\/ftp2015\/wp-content\/uploads\/2015\/02\/Lista-de-Clubes-com-Delegados_AGE_2016-10-26Provis\u00f3ria-3.pdf\"><!--img src=\"https:\/\/www.federacao-triatlo.pt\/components\/com_docman\/themes\/default\/images\/icons\/16x16\/pdf.png\" alt=\"icon\" border=\"0\" \/--><\/a><a href=\"https:\/\/www.federacao-triatlo.pt\/ftp2015\/wp-content\/uploads\/2018\/01\/Ata-AG-2017-12-01.pdf\">Ata 79 AG 2017-12-01<\/a><\/p>\n<p><strong>Assembleia geral ordin\u00e1ria de 25 de Mar\u00e7o de 2017<\/strong><\/p>\n<p><a href=\"https:\/\/www.federacao-triatlo.pt\/ftp2015\/wp-content\/uploads\/2015\/02\/Parecer-CF2016-20160320.doc.pdf\">Parecer CF2016 20160320.doc<\/a><\/p>\n<p><a href=\"https:\/\/www.federacao-triatlo.pt\/ftp2015\/wp-content\/uploads\/2015\/02\/Parecer-ROC-2016.pdf\">Parecer ROC 2016<\/a><\/p>\n<p><a href=\"https:\/\/www.federacao-triatlo.pt\/ftp2015\/wp-content\/uploads\/2015\/02\/Balan\u00e7o-2016-assinado.pdf\">Balan\u00e7o 2016 assinado<\/a><\/p>\n<p><a href=\"https:\/\/www.federacao-triatlo.pt\/ftp2015\/wp-content\/uploads\/2015\/02\/Demonstra\u00e7\u00e3o-de-Resultados-2016-assinado.pdf\">Demonstra\u00e7\u00e3o-de-Resultados-2016 assinado<\/a><\/p>\n<p><a href=\"https:\/\/www.federacao-triatlo.pt\/ftp2015\/wp-content\/uploads\/2015\/02\/Demonstra\u00e7\u00e3o-de-Altera\u00e7\u00f5es-de-Fundos-Patrimoniais_2016-asssinado.pdf\">Demonstra\u00e7\u00e3o-de-Altera\u00e7\u00f5es-de-Fundos-Patrimoniais_2016 assinado<\/a><\/p>\n<p><a href=\"https:\/\/www.federacao-triatlo.pt\/ftp2015\/wp-content\/uploads\/2015\/02\/Demonstra\u00e7\u00e3o-dos-Fluxos-de-Caixa-2016-assinado.pdf\">Demonstra\u00e7\u00e3o-dos-Fluxos-de-Caixa-2016 assinado<\/a><\/p>\n<p><a href=\"https:\/\/www.federacao-triatlo.pt\/ftp2015\/wp-content\/uploads\/2015\/02\/Anexo_Demonstra\u00e7\u00f5es-Financeiras_2016-assinado.pdf\">Anexo_Demonstra\u00e7\u00f5es Financeiras_2016 assinado<\/a><\/p>\n<p><a href=\"https:\/\/www.federacao-triatlo.pt\/ftp2015\/wp-content\/uploads\/2015\/02\/Apoio-\u00e0-desolca\u00e7\u00e3o-AG_25MAR_2017.pdf\">Apoio \u00e0 desloca\u00e7\u00e3o AG_25MAR_2017<\/a><\/p>\n<p><a href=\"https:\/\/www.federacao-triatlo.pt\/ftp2015\/wp-content\/uploads\/2015\/02\/Relat\u00f3rio-de-atividades-2016.pdf\">Relat\u00f3rio de atividades 2016<\/a><\/p>\n<p><a href=\"https:\/\/www.federacao-triatlo.pt\/ftp2015\/wp-content\/uploads\/2015\/02\/Convocat\u00f3ria-AGOrdin\u00e1ria_25-Mar\u00e7o-2017.pdf\">Convocat\u00f3ria AGOrdin\u00e1ria_25 Mar\u00e7o 2017<\/a><\/p>\n<p><a href=\"https:\/\/www.federacao-triatlo.pt\/ftp2015\/wp-content\/uploads\/2015\/02\/Lista-de-Clubes-com-Delegados_AGE_2016-10-26Provis\u00f3ria-3.pdf\"><!--img src=\"https:\/\/www.federacao-triatlo.pt\/components\/com_docman\/themes\/default\/images\/icons\/16x16\/pdf.png\" alt=\"icon\" border=\"0\" \/--><\/a><a href=\"https:\/\/www.federacao-triatlo.pt\/ftp2015\/wp-content\/uploads\/2018\/02\/2017_03_25-Ata-78.pdf\">2017_03_25 Ata 78<\/a><\/p>\n<p><strong>Assembleia geral eleitoral de 11 de Mar\u00e7o de 2017<\/strong><\/p>\n<p><a href=\"https:\/\/www.federacao-triatlo.pt\/ftp2015\/wp-content\/uploads\/2015\/02\/Lista-delegados-eleitos-at\u00e9-11-mar\u00e7o-2017.pdf\">Lista delegados eleitos at\u00e9 11 Mar\u00e7o 2017<\/a><\/p>\n<p><a href=\"https:\/\/www.federacao-triatlo.pt\/ftp2015\/wp-content\/uploads\/2015\/02\/Candidatos-a-Delegados-AGE-11-Mar\u00e7o-2017-s\u00f3-clubes-2.xlsx\">Candidatos-a-Delegados-AGE 11 Mar\u00e7o 2017 s\u00f3 clubes<\/a> (Alterado pela adi\u00e7\u00e3o de mais um clube)<\/p>\n<p><a href=\"https:\/\/www.federacao-triatlo.pt\/ftp2015\/wp-content\/uploads\/2015\/02\/Caderno-Eleitoral-para-AGE-de-11Mar\u00e7o-final-s\u00f3-clubes.xlsx\">Caderno-Eleitoral para AGE de 11Mar\u00e7o final s\u00f3 clubes<\/a><\/p>\n<p><a href=\"https:\/\/www.federacao-triatlo.pt\/ftp2015\/wp-content\/uploads\/2015\/02\/Convocat\u00f3ria-AGEleitoral_11Mar\u00e7o2017-2.pdf\">Convocat\u00f3ria AGEleitoral_11Mar\u00e7o2017 2<\/a><\/p>\n<p><strong>Assembleia geral ordin\u00e1ria de 29 de janeiro de 2017<\/strong><\/p>\n<p><a href=\"https:\/\/www.federacao-triatlo.pt\/ftp2015\/wp-content\/uploads\/2015\/02\/Ata-n\u00ba-77_Aprova\u00e7\u00e3o-Plano-Atividades-e-Or\u00e7amento-para-2017.pdf\">Ata n\u00ba 77_Aprova\u00e7\u00e3o Plano Atividades e Or\u00e7amento para 2017<\/a><\/p>\n<p><a href=\"https:\/\/www.federacao-triatlo.pt\/ftp2015\/wp-content\/uploads\/2015\/02\/Lista-de-Clubes-com-Delegados_AGE_2016-10-26Provis\u00f3ria-3.pdf\"><!--img src=\"https:\/\/www.federacao-triatlo.pt\/components\/com_docman\/themes\/default\/images\/icons\/16x16\/pdf.png\" alt=\"icon\" border=\"0\" \/--><\/a><a href=\"https:\/\/www.federacao-triatlo.pt\/ftp2015\/wp-content\/uploads\/2017\/01\/PAO_2017-Final-1.pdf\">Proposta de Plano de Atividades e Or\u00e7amento para 2017 &#8211; Vers\u00e3o revista<\/a><a href=\"https:\/\/www.federacao-triatlo.pt\/ftp2015\/wp-content\/uploads\/2015\/02\/Lista-de-Clubes-com-Delegados_AGE_2016-10-26Provis\u00f3ria-3.pdf\"><br \/>\n<\/a><a href=\"https:\/\/www.federacao-triatlo.pt\/ftp2015\/wp-content\/uploads\/2015\/02\/Lista-de-Clubes-com-Delegados_AGE_2016-10-26Provis\u00f3ria-3.pdf\"><!--img src=\"https:\/\/www.federacao-triatlo.pt\/components\/com_docman\/themes\/default\/images\/icons\/16x16\/pdf.png\" alt=\"icon\" border=\"0\" \/--><\/a><a href=\"https:\/\/www.federacao-triatlo.pt\/ftp2015\/wp-content\/uploads\/2017\/01\/Proposta-de-vencimento-do-Presidente-da-Federa\u00e7\u00e3o-de-Triatlo-de-Portugal....pdf\">Proposta de Vencimento do Presidente da Federa\u00e7\u00e3o de Triatlo de Portugal<\/a><a href=\"https:\/\/www.federacao-triatlo.pt\/ftp2015\/wp-content\/uploads\/2015\/02\/Lista-de-Clubes-com-Delegados_AGE_2016-10-26Provis\u00f3ria-3.pdf\"><br \/>\n<\/a><a href=\"https:\/\/www.federacao-triatlo.pt\/ftp2015\/wp-content\/uploads\/2015\/02\/2017-01-29_Convocat\u00f3ria-AGE-Delegados.pdf\">2017-01-29_Convocat\u00f3ria AGE Delegados<br \/>\n<\/a><a href=\"https:\/\/www.federacao-triatlo.pt\/ftp2015\/wp-content\/uploads\/2017\/01\/Caderno-Eleitoral-AGE_2017-01-29-2.xlsx\">Caderno Eleitoral AGE_2017-01-29<\/a><a href=\"https:\/\/www.federacao-triatlo.pt\/ftp2015\/wp-content\/uploads\/2017\/01\/Caderno-Eleitoral-AGE_2017-01-29-1.xlsx\"><br \/>\n<\/a><a href=\"https:\/\/www.federacao-triatlo.pt\/ftp2015\/wp-content\/uploads\/2015\/02\/2017-01-29-Convocat\u00f3ria_AGO.pdf\">2017-01-29 Convocat\u00f3ria_AGO<br \/>\n<\/a><a href=\"https:\/\/www.federacao-triatlo.pt\/ftp2015\/wp-content\/uploads\/2017\/01\/Candidatos-a-Delegados-2017-2019._AGE_2017-01-29-4.xlsx\">Candidatos a Delegados 2017-2019._AGE_2017-01-29<br \/>\n<\/a><a href=\"https:\/\/www.federacao-triatlo.pt\/ftp2015\/wp-content\/uploads\/2015\/02\/Lista-de-Clubes-com-Delegados_AGE_2016-10-26Provis\u00f3ria-3.pdf\"><!--img src=\"https:\/\/www.federacao-triatlo.pt\/components\/com_docman\/themes\/default\/images\/icons\/16x16\/pdf.png\" alt=\"icon\" border=\"0\" \/--><\/a><a href=\"https:\/\/www.federacao-triatlo.pt\/ftp2015\/wp-content\/uploads\/2017\/01\/PAO_2017-Final.pdf\">Proposta Plano de Atividades e Or\u00e7amento 2017<\/a><a href=\"https:\/\/www.federacao-triatlo.pt\/ftp2015\/wp-content\/uploads\/2017\/01\/Caderno-Eleitoral-AGE_2017-01-29-1.xlsx\"><br \/>\n<\/a><\/p>\n<p><a href=\"https:\/\/www.federacao-triatlo.pt\/ftp2015\/wp-content\/uploads\/2015\/02\/Designa\u00e7\u00e3o-membros-Mesas-AGE_29Janeiro2017.pdf\">Designa\u00e7\u00e3o membros Mesas AGE_29Janeiro2017<\/a><\/p>\n<p><!--strong>2016<\/strong>\n\nAssembleia de 18 de mar\u00e7o 2016\n<a class=\"doclink\" href=\"https:\/\/www.federacao-triatlo.pt\/index.php?option=com_docman&task=doc_download&gid=1367&Itemid=\"><img decoding=\"async\" src=\"https:\/\/www.federacao-triatlo.pt\/components\/com_docman\/themes\/default\/images\/icons\/16x16\/pdf.png\" alt=\"icon\" border=\"0\" \/><\/a>\u00a0<a href=\"https:\/\/www.federacao-triatlo.pt\/ftp2015\/wp-content\/uploads\/2015\/02\/Ata-75-Assembleia-Geral-de-18-Mar\u00e7o-de-2016-assinada.pdf\" rel=\"\">Ata 75 - Assembleia Geral de 18 Mar\u00e7o de 2016 - assinada<\/a>\n<a class=\"doclink\" href=\"https:\/\/www.federacao-triatlo.pt\/index.php?option=com_docman&task=doc_download&gid=1367&Itemid=\"><img decoding=\"async\" src=\"https:\/\/www.federacao-triatlo.pt\/components\/com_docman\/themes\/default\/images\/icons\/16x16\/pdf.png\" alt=\"icon\" border=\"0\" \/><\/a>\u00a0<a href=\"https:\/\/www.federacao-triatlo.pt\/ftp2015\/wp-content\/uploads\/2015\/02\/Convocat\u00f3ria-AGOrdin\u00e1ria_18-Mar\u00e7o-2016.pdf\" rel=\"\">Convocat\u00f3ria Assembleia Geral Ordin\u00e1ria de 18 mar\u00e7o 2016<\/a>\n<a class=\"doclink\" href=\"https:\/\/www.federacao-triatlo.pt\/index.php?option=com_docman&task=doc_download&gid=1367&Itemid=\"><img decoding=\"async\" src=\"https:\/\/www.federacao-triatlo.pt\/components\/com_docman\/themes\/default\/images\/icons\/16x16\/pdf.png\" alt=\"icon\" border=\"0\" \/><\/a>\u00a0<a href=\"https:\/\/www.federacao-triatlo.pt\/ftp2015\/wp-content\/uploads\/2015\/02\/Lista-de-Clubes-com-Delegados_AGO_2016-03-18.pdf\" rel=\"\">Lista de Clubes com Delegados Assembleia Geral Ordin\u00e1ria 18 de mar\u00e7o de 2016<\/a>\n<a class=\"doclink\" href=\"https:\/\/www.federacao-triatlo.pt\/index.php?option=com_docman&task=doc_download&gid=1367&Itemid=\"><img decoding=\"async\" src=\"https:\/\/www.federacao-triatlo.pt\/components\/com_docman\/themes\/default\/images\/icons\/16x16\/pdf.png\" alt=\"icon\" border=\"0\" \/><\/a>\u00a0<a href=\"https:\/\/www.federacao-triatlo.pt\/ftp2015\/wp-content\/uploads\/2015\/02\/PROPOSTA_ALT_REG_ElEITORAL_FTP_NOTA_JUSTIFICATIVA.pdf\" rel=\"\">Proposta Altera\u00e7\u00e3o do Regulamento Eleitoral FTP - Nota justificativa<\/a>\n<a class=\"doclink\" href=\"https:\/\/www.federacao-triatlo.pt\/index.php?option=com_docman&task=doc_download&gid=1367&Itemid=\"><img decoding=\"async\" src=\"https:\/\/www.federacao-triatlo.pt\/components\/com_docman\/themes\/default\/images\/icons\/16x16\/pdf.png\" alt=\"icon\" border=\"0\" \/><\/a>\u00a0<a href=\"https:\/\/www.federacao-triatlo.pt\/ftp2015\/wp-content\/uploads\/2015\/02\/Regulamento_Eleitoral_proposta_2016.pdf\" rel=\"\">Proposta de Regulamento Eleitoral 2016\n<\/a><a class=\"doclink\" href=\"https:\/\/www.federacao-triatlo.pt\/index.php?option=com_docman&task=doc_download&gid=1367&Itemid=\"><img decoding=\"async\" src=\"https:\/\/www.federacao-triatlo.pt\/components\/com_docman\/themes\/default\/images\/icons\/16x16\/pdf.png\" alt=\"icon\" border=\"0\" \/><\/a> <a href=\"https:\/\/www.federacao-triatlo.pt\/ftp2015\/wp-content\/uploads\/2015\/02\/Convocat\u00f3ria-Assembleia-Geral-Eleitoral-de-17-de-Dezembro-de-2016-1.pdf\">Convocat\u00f3ria Assembleia Geral Eleitoral de 19 de Dezembro de 2016<\/a><a href=\"https:\/\/www.federacao-triatlo.pt\/ftp2015\/wp-content\/uploads\/2015\/02\/Convocat\u00f3ria-Assembleia-Geral-Eleitoral-de-17-de-Dezembro-de-2016-1.pdf\">\n<\/a><a class=\"doclink\" href=\"https:\/\/www.federacao-triatlo.pt\/index.php?option=com_docman&task=doc_download&gid=1367&Itemid=\"><img decoding=\"async\" src=\"https:\/\/www.federacao-triatlo.pt\/components\/com_docman\/themes\/default\/images\/icons\/16x16\/pdf.png\" alt=\"icon\" border=\"0\" \/><\/a>\u00a0<a href=\"https:\/\/www.federacao-triatlo.pt\/ftp2015\/wp-content\/uploads\/2015\/02\/Lista-de-Clubes-com-Delegados_AGE_2016-11-14Provis\u00f3ria.pdf\">Lista de Clubes com Delegados AGE 2016-11-14 (Provis\u00f3ria)<\/a><a href=\"https:\/\/www.federacao-triatlo.pt\/ftp2015\/wp-content\/uploads\/2015\/02\/Lista-de-Clubes-com-Delegados_AGE_2016-10-26Provis\u00f3ria-3.pdf\">\n<\/a><a class=\"doclink\" href=\"https:\/\/www.federacao-triatlo.pt\/index.php?option=com_docman&task=doc_download&gid=1367&Itemid=\"><img decoding=\"async\" src=\"https:\/\/www.federacao-triatlo.pt\/components\/com_docman\/themes\/default\/images\/icons\/16x16\/pdf.png\" alt=\"icon\" border=\"0\" \/><\/a>\u00a0<a href=\"https:\/\/www.federacao-triatlo.pt\/ftp2015\/wp-content\/uploads\/2015\/02\/Declara\u00e7\u00e3o_de_Aceita\u00e7\u00e3o_\u00d3rg\u00e3o-Sociais-1.doc\">Declara\u00e7\u00e3o de Aceita\u00e7\u00e3o \u00d3rg\u00e3o Sociais\n<\/a><a class=\"doclink\" href=\"https:\/\/www.federacao-triatlo.pt\/index.php?option=com_docman&task=doc_download&gid=1367&Itemid=\"><img decoding=\"async\" src=\"https:\/\/www.federacao-triatlo.pt\/components\/com_docman\/themes\/default\/images\/icons\/16x16\/pdf.png\" alt=\"icon\" border=\"0\" \/><\/a>\u00a0<a href=\"https:\/\/www.federacao-triatlo.pt\/ftp2015\/wp-content\/uploads\/2015\/02\/CADERNO-ELEITORAL_AGE_2016-12-19-1.pdf\">CADERNO ELEITORAL AGE 2016-12-19<\/a>\n<img decoding=\"async\" src=\"https:\/\/www.federacao-triatlo.pt\/components\/com_docman\/themes\/default\/images\/icons\/16x16\/pdf.png\" alt=\"icon\" border=\"0\" \/>\u00a0<a href=\"https:\/\/www.federacao-triatlo.pt\/ftp2015\/wp-content\/uploads\/2015\/02\/Cronograma-Processo-Eleitoral-QUADRI\u00c9NIO-2017-2020.pdf\">Cronograma Processo Eleitoral - QUADRI\u00c9NIO 2017 - 2020<\/a>\n<a href=\"https:\/\/www.federacao-triatlo.pt\/ftp2015\/wp-content\/uploads\/2015\/02\/Lista-de-Clubes-com-Delegados_AGE_2016-10-26Provis\u00f3ria-3.pdf\"><img decoding=\"async\" src=\"https:\/\/www.federacao-triatlo.pt\/components\/com_docman\/themes\/default\/images\/icons\/16x16\/pdf.png\" alt=\"icon\" border=\"0\" \/><\/a>\u00a0<a href=\"https:\/\/www.federacao-triatlo.pt\/ftp2015\/wp-content\/uploads\/2015\/02\/AGE_2016-12-19_LISTA_COMPL_CAND-1.pdf\">Lista de Candidatos a AE de 19 de Dezembro de 2016<\/a><a href=\"https:\/\/www.federacao-triatlo.pt\/ftp2015\/wp-content\/uploads\/2015\/02\/Lista-de-Clubes-com-Delegados_AGE_2016-10-26Provis\u00f3ria-3.pdf\">\n<\/a><a href=\"https:\/\/www.federacao-triatlo.pt\/ftp2015\/wp-content\/uploads\/2015\/02\/Lista-de-Clubes-com-Delegados_AGE_2016-10-26Provis\u00f3ria-3.pdf\"><img decoding=\"async\" src=\"https:\/\/www.federacao-triatlo.pt\/components\/com_docman\/themes\/default\/images\/icons\/16x16\/pdf.png\" alt=\"icon\" border=\"0\" \/><\/a>\u00a0<a href=\"https:\/\/www.federacao-triatlo.pt\/ftp2015\/wp-content\/uploads\/2015\/02\/Lista-de-Delegados-\u00c1rbitros-Treinadores-Praticantes-e-Praticantes-AR_A....pdf\">Lista de Delegados \u00c1rbitros Treinadores Praticantes e Praticantes AR\n<\/a><a href=\"https:\/\/www.federacao-triatlo.pt\/ftp2015\/wp-content\/uploads\/2015\/02\/Lista-de-Clubes-com-Delegados_AGE_2016-10-26Provis\u00f3ria-3.pdf\"><img decoding=\"async\" src=\"https:\/\/www.federacao-triatlo.pt\/components\/com_docman\/themes\/default\/images\/icons\/16x16\/pdf.png\" alt=\"icon\" border=\"0\" \/><\/a>\u00a0<a href=\"https:\/\/www.federacao-triatlo.pt\/ftp2015\/wp-content\/uploads\/2015\/02\/Lista-de-delegados-de-Clubes_AGE_2016-12-19-3.pdf\">Lista de Delegados de Clubes AGE 2016-12-19\n<\/a><a href=\"https:\/\/www.federacao-triatlo.pt\/ftp2015\/wp-content\/uploads\/2015\/02\/Lista-de-delegados-de-Clubes_AGE_2016-12-19-3.pdf\">\n<\/a>--><\/p>\n<p><!--<b>2015<\/b>\n\n<a class=\"doclink\" href=\"https:\/\/www.federacao-triatlo.pt\/index.php?option=com_docman&task=doc_download&gid=1367&Itemid=\"><img decoding=\"async\" src=\"https:\/\/www.federacao-triatlo.pt\/components\/com_docman\/themes\/default\/images\/icons\/16x16\/pdf.png\" alt=\"icon\" border=\"0\" \/><\/a>\u00a0<a href=\"https:\/\/www.federacao-triatlo.pt\/ftp2015\/wp-content\/uploads\/2015\/02\/Acta-74-AG-21-NOV-2015_Assinada.pdf\" rel=\"\">Acta 74 -Assembleia Geral de 21 novembro de 2015 Assinada<\/a><a class=\"doclink\" href=\"https:\/\/www.federacao-triatlo.pt\/index.php?option=com_docman&task=doc_download&gid=1367&Itemid=\">\n<img decoding=\"async\" src=\"https:\/\/www.federacao-triatlo.pt\/components\/com_docman\/themes\/default\/images\/icons\/16x16\/pdf.png\" alt=\"icon\" border=\"0\" \/><\/a><a href=\"https:\/\/www.federacao-triatlo.pt\/ftp2015\/convocatoria-assembleia-geral-ordinaria\/\">Convocat\u00f3ria Assembleia Geral Ordin\u00e1ria - 21 Novembro 2015<\/a><a class=\"doclink\" href=\"https:\/\/www.federacao-triatlo.pt\/index.php?option=com_docman&task=doc_download&gid=1367&Itemid=\">\n<img decoding=\"async\" src=\"https:\/\/www.federacao-triatlo.pt\/components\/com_docman\/themes\/default\/images\/icons\/16x16\/pdf.png\" alt=\"icon\" border=\"0\" \/>\u00a0Lista Clubes com delegados_AGO_28 Fev 2015 (<span class=\"small\"> 2015-02-14 21:56:14<\/span>)<\/a>\n<a class=\"doclink\" href=\"https:\/\/www.federacao-triatlo.pt\/index.php?option=com_docman&task=doc_download&gid=1366&Itemid=\"><img decoding=\"async\" src=\"https:\/\/www.federacao-triatlo.pt\/components\/com_docman\/themes\/default\/images\/icons\/16x16\/pdf.png\" alt=\"icon\" border=\"0\" \/>\u00a0Convocat\u00f3ria AGOrdin\u00e1ria_28 Fevereiro 2015 (<span class=\"small\"> 2015-02-14 21:46:51<\/span>)<\/a>\n<a class=\"doclink\" href=\"https:\/\/www.federacao-triatlo.pt\/index.php?option=com_docman&task=doc_download&gid=1360&Itemid=\"><img decoding=\"async\" src=\"https:\/\/www.federacao-triatlo.pt\/components\/com_docman\/themes\/default\/images\/icons\/16x16\/pdf.png\" alt=\"icon\" border=\"0\" \/>\u00a0Delegados eleitos para o mandato 2015-2016 (<span class=\"small\"> 2015-01-26 10:26:27<\/span>)<\/a>\n<a class=\"doclink\" href=\"https:\/\/www.federacao-triatlo.pt\/index.php?option=com_docman&task=doc_download&gid=1358&Itemid=\"><img decoding=\"async\" src=\"https:\/\/www.federacao-triatlo.pt\/components\/com_docman\/themes\/default\/images\/icons\/16x16\/pdf.png\" alt=\"icon\" border=\"0\" \/>\u00a0Lista de CANDIDATOS Elei\u00e7\u00f5es 24Jan2015 (<span class=\"small\"> 2015-01-13 17:11:24<\/span>)<\/a>\n<a class=\"doclink\" href=\"https:\/\/www.federacao-triatlo.pt\/index.php?option=com_docman&task=doc_download&gid=1361&Itemid=\"><img decoding=\"async\" src=\"https:\/\/www.federacao-triatlo.pt\/components\/com_docman\/themes\/default\/images\/icons\/16x16\/pdf.png\" alt=\"icon\" border=\"0\" \/>\u00a0Caderno Eleitoral AG24Jan2015_Versao3 (<span class=\"small\"> 2015-01-26 10:38:24<\/span>)<\/a>\n<a class=\"doclink\" href=\"https:\/\/www.federacao-triatlo.pt\/index.php?option=com_docman&task=doc_download&gid=1348&Itemid=\"><img decoding=\"async\" src=\"https:\/\/www.federacao-triatlo.pt\/components\/com_docman\/themes\/default\/images\/icons\/16x16\/pdf.png\" alt=\"icon\" border=\"0\" \/>\u00a0Convocat\u00f3ria AGEleitoral_24Jan2015.pdf (<span class=\"small\"> 2014-12-25 10:02:09<\/span>)<\/a>\n<a class=\"doclink\" href=\"https:\/\/www.federacao-triatlo.pt\/index.php?option=com_docman&task=doc_download&gid=1353&Itemid=\"><img decoding=\"async\" src=\"https:\/\/www.federacao-triatlo.pt\/components\/com_docman\/themes\/default\/images\/icons\/16x16\/pdf.png\" alt=\"icon\" border=\"0\" \/>\u00a0Ata 71_AG18 OUT2014 (<span class=\"small\"> 2015-01-06 13:06:08<\/span>)<\/a>\n<a class=\"doclink\" href=\"https:\/\/www.federacao-triatlo.pt\/index.php?option=com_docman&task=doc_download&gid=1350&Itemid=\"><img decoding=\"async\" src=\"https:\/\/www.federacao-triatlo.pt\/components\/com_docman\/themes\/default\/images\/icons\/16x16\/pdf.png\" alt=\"icon\" border=\"0\" \/>\u00a0Lista de Delegados_AGOrdin\u00e1ria_10Janeiro2015.pdf (<span class=\"small\"> 2014-12-25 10:05:06<\/span>)<\/a>\n<a class=\"doclink\" href=\"https:\/\/www.federacao-triatlo.pt\/index.php?option=com_docman&task=doc_download&gid=1349&Itemid=\"><img decoding=\"async\" src=\"https:\/\/www.federacao-triatlo.pt\/components\/com_docman\/themes\/default\/images\/icons\/16x16\/pdf.png\" alt=\"icon\" border=\"0\" \/>\u00a0Convocat\u00f3ria AGOrdin\u00e1ria_10Jan2015.pdf (<span class=\"small\"> 2014-12-25 10:03:41<\/span>)<\/a>\n\n<b>2014<\/b>\n\n<a class=\"doclink\" href=\"https:\/\/www.federacao-triatlo.pt\/index.php?option=com_docman&task=doc_download&gid=1281&Itemid=\">Convocat\u00f3ria para Assembleia-Geral Extraordin\u00e1ria de 18 de outubro de 2014<\/a>\n<a class=\"doclink\" href=\"https:\/\/www.federacao-triatlo.pt\/index.php?option=com_docman&task=doc_download&gid=1177&Itemid=\" target=\"_self\" rel=\"noopener noreferrer\">Convocat\u00f3ria AG Ordin\u00e1ria de 22 de Mar\u00e7o de 2014<\/a>\n<a class=\"doclink\" href=\"https:\/\/www.federacao-triatlo.pt\/index.php?option=com_docman&task=doc_download&gid=1179&Itemid=\" target=\"_self\" rel=\"noopener noreferrer\">Lista de Delegados \u00e0 AG Ordin\u00e1ria de 22 de Mar\u00e7o de 2014<\/a>\n<a class=\"doclink\" href=\"https:\/\/www.federacao-triatlo.pt\/index.php?option=com_docman&task=doc_download&gid=1185&Itemid=\" target=\"_blank\" rel=\"noopener noreferrer\">Tabela de Apoio \u00e0 Desloca\u00e7\u00e3o \u00e0 AG Ordin\u00e1ria de 22 de Mar\u00e7o de 2014<\/a>\n<a class=\"doclink\" href=\"https:\/\/www.federacao-triatlo.pt\/index.php?option=com_docman&task=doc_download&gid=1119&Itemid=\" target=\"_self\" rel=\"noopener noreferrer\">Convocat\u00f3ria AG Ordin\u00e1ria de 11 de Janeiro de 2014<\/a>\n\n<b>2013<\/b>\n\n<a class=\"doclink\" href=\"https:\/\/www.federacao-triatlo.pt\/index.php?option=com_docman&task=doc_download&gid=964&Itemid=\">Convocat\u00f3ria AG Ordin\u00e1ria de 23 de Mar\u00e7o de 2013<\/a>\n<a class=\"doclink\" href=\"https:\/\/www.federacao-triatlo.pt\/index.php?option=com_docman&task=doc_download&gid=925&Itemid=\">Assembleia Geral para Elei\u00e7\u00e3o de Delegados de 26 de Janeiro de 2013<\/a>\n\n<b>2012<\/b>\n\n<a class=\"doclink\" href=\"https:\/\/www.federacao-triatlo.pt\/index.php?option=com_docman&task=doc_download&gid=916&Itemid=\">Organograma dos \u00d3rg\u00e3os Sociais 2012-2016<\/a>\n<a href=\"https:\/\/www.federacao-triatlo.pt\/index.php?option=com_content&task=view&id=1549&Itemid=119\">Novos \u00f3rg\u00e3os sociais da FTP empossados<\/a>\n<a href=\"https:\/\/www.federacao-triatlo.pt\/index.php?option=com_content&task=view&id=1548&Itemid=119\">Tomada de posse dos \u00d3rg\u00e3os Sociais da FTP<\/a>\n<a href=\"https:\/\/www.federacao-triatlo.pt\/index.php?option=com_content&task=view&id=1547&Itemid=119\">Elei\u00e7\u00f5es para os \u00d3rg\u00e3os Sociais da FTP<\/a>\n<a href=\"https:\/\/www.federacao-triatlo.pt\/index.php?option=com_content&task=view&id=1534&Itemid=119\">Assembleia Geral: Elei\u00e7\u00e3o de Corpos Sociais de 24 de Novembro de 2012<\/a>\n<a href=\"https:\/\/www.federacao-triatlo.pt\/index.php?option=com_content&task=view&id=1361&Itemid=119\">Assembleia Geral Ordin\u00e1ria de 31 de Mar\u00e7o de 2012<\/a>\n<a href=\"https:\/\/www.federacao-triatlo.pt\/index.php?option=com_content&task=view&id=1324&Itemid=119\">Convocat\u00f3ria Assembleia Geral Ordin\u00e1ria de 6 de Janeiro de 2012<\/a>\n\n<b>2011<\/b>\n\n<a href=\"https:\/\/www.federacao-triatlo.pt\/index.php?option=com_content&task=view&id=1115&Itemid=119\">Documentos para a Assembleia Geral de 2 de Abril de 2011<\/a>\n<a href=\"https:\/\/www.federacao-triatlo.pt\/index.php?option=com_content&task=view&id=1102&Itemid=119\">Convocat\u00f3ria Assembleia Geral Ordin\u00e1ria de 2 de Abril de 2011<\/a>\n<a href=\"https:\/\/www.federacao-triatlo.pt\/index.php?option=com_content&task=view&id=1057&Itemid=119\">Assembleia Geral Extraordin\u00e1ria de 28 de Janeiro de 2011- Informa\u00e7\u00f5es<\/a>\n<a href=\"https:\/\/www.federacao-triatlo.pt\/index.php?option=com_content&task=view&id=1033&Itemid=119\">Assembleia Geral Extraordin\u00e1ria de 28 de Janeiro de 2011<\/a>\n<a href=\"https:\/\/www.federacao-triatlo.pt\/index.php?option=com_content&task=view&id=1032&Itemid=119\">Assembleia Geral para Elei\u00e7\u00e3o de Delegados de 14 de Janeiro de 2011<\/a>\n\n<b>2010<\/b>\n\n<a href=\"https:\/\/www.federacao-triatlo.pt\/index.php?option=com_content&task=view&id=613&Itemid=119\">Assembleia Geral Ordin\u00e1ria de 26 de Fevereiro de 2010<\/a>\n\n<b>2009<\/b>\n\n<a href=\"https:\/\/www.federacao-triatlo.pt\/index.php?option=com_content&task=view&id=253&Itemid=119\">Assembleia Geral Ordin\u00e1ria de 31 de Mar\u00e7o de 2009<\/a>\n<a href=\"https:\/\/www.federacao-triatlo.pt\/index.php?option=com_content&task=view&id=171&Itemid=119\">Assembleias Gerais Eleitorais de 29 de Janeiro de 2009 e 13 de Fevereiro de 2009<\/a>\n<a href=\"https:\/\/www.federacao-triatlo.pt\/index.php?option=com_content&task=view&id=163&Itemid=119\">Assembleia Geral Extraordin\u00e1ria de 9 de Janeiro de 2009<\/a>--><\/p>\n<\/div><\/div><\/div><\/div><\/div>\n","protected":false},"excerpt":{"rendered":"","protected":false},"author":4,"featured_media":0,"parent":525,"menu_order":3,"comment_status":"closed","ping_status":"closed","template":"","meta":{"footnotes":""},"_links":{"self":[{"href":"https:\/\/www.federacao-triatlo.pt\/ftp2015\/wp-json\/wp\/v2\/pages\/930"}],"collection":[{"href":"https:\/\/www.federacao-triatlo.pt\/ftp2015\/wp-json\/wp\/v2\/pages"}],"about":[{"href":"https:\/\/www.federacao-triatlo.pt\/ftp2015\/wp-json\/wp\/v2\/types\/page"}],"author":[{"embeddable":true,"href":"https:\/\/www.federacao-triatlo.pt\/ftp2015\/wp-json\/wp\/v2\/users\/4"}],"replies":[{"embeddable":true,"href":"https:\/\/www.federacao-triatlo.pt\/ftp2015\/wp-json\/wp\/v2\/comments?post=930"}],"version-history":[{"count":146,"href":"https:\/\/www.federacao-triatlo.pt\/ftp2015\/wp-json\/wp\/v2\/pages\/930\/revisions"}],"predecessor-version":[{"id":107467,"href":"https:\/\/www.federacao-triatlo.pt\/ftp2015\/wp-json\/wp\/v2\/pages\/930\/revisions\/107467"}],"up":[{"embeddable":true,"href":"https:\/\/www.federacao-triatlo.pt\/ftp2015\/wp-json\/wp\/v2\/pages\/525"}],"wp:attachment":[{"href":"https:\/\/www.federacao-triatlo.pt\/ftp2015\/wp-json\/wp\/v2\/media?parent=930"}],"curies":[{"name":"wp","href":"https:\/\/api.w.org\/{rel}","templated":true}]}}