{"id":91302,"date":"2023-01-19T22:12:32","date_gmt":"2023-01-19T22:12:32","guid":{"rendered":"https:\/\/www.federacao-triatlo.pt\/ftp2015\/?page_id=91302"},"modified":"2023-06-21T20:42:26","modified_gmt":"2023-06-21T20:42:26","slug":"calendario-litoral-interior-norte-2023","status":"publish","type":"page","link":"https:\/\/www.federacao-triatlo.pt\/ftp2015\/competicoes\/calendario\/calendario-2023\/calendario-litoral-interior-norte-2023\/","title":{"rendered":"Calend\u00e1rio Litoral e Interior Norte 2023"},"content":{"rendered":"<p><img decoding=\"async\" class=\"attachment-full size-full wp-post-image\" src=\"https:\/\/www.federacao-triatlo.pt\/ftp2015\/wp-content\/uploads\/2023\/01\/mapa-regioes-litoral-interior-norte-2023.png\" alt=\"Mapa de Regi\u00f5es da Federa\u00e7\u00e3o de Triatlo de Portugal - Litoral e Interior Norte\" \/><\/p>\n<div id='evcal_calendar_848' class='ajde_evcal_calendar  ul' ><div class='evo-data' data-cyear=\"2023\" data-cmonth=\"1\" data-runajax=\"1\" data-evc_open=\"0\" data-cal_ver=\"2.6\" data-mapscroll=\"true\" data-mapformat=\"roadmap\" data-mapzoom=\"14\" data-mapiconurl=\"\" data-ev_cnt=\"0\" data-show_limit=\"no\" data-tiles=\"no\" data-sort_by=\"sort_date\" data-filters_on=\"true\" data-range_start=\"0\" data-range_end=\"0\" data-send_unix=\"0\" data-ux_val=\"0\" data-accord=\"0\" data-rtl=\"no\"  ><\/div><div id='evcal_head' class='calendar_header ' ><div class='evo_cal_above'><span class='evo-gototoday-btn' style='display:none' data-mo='1' data-yr='2023' data-dy=''>Dia de Hoje<\/span><\/div><div class='evo_cal_above_content'><\/div><div class='cal_arguments' style='display:none' data-hide_past=\"no\" data-show_et_ft_img=\"no\" data-event_order=\"ASC\" data-ft_event_priority=\"no\" data-lang=\"L1\" data-month_incre=\"0\" data-only_ft=\"no\" data-evc_open=\"no\" data-show_limit=\"no\" data-etc_override=\"no\" data-show_limit_redir=\"0\" data-tiles=\"no\" data-tile_height=\"0\" data-tile_bg=\"0\" data-tile_count=\"2\" data-tile_style=\"0\" data-s=\"\" data-members_only=\"no\" data-ux_val=\"0\" data-show_limit_ajax=\"no\" data-show_limit_paged=\"1\" ><\/div><div class='clear'><\/div><\/div><div class='evcal_month_line'><p>Julho 2023<\/p><\/div><div id='evcal_list' class='evcal_list_month eventon_events_list '><div id=\"event_97399\" class=\"eventon_list_event evo_eventtop past_event event\" data-event_id=\"97399\" data-time=\"1689517500-1689517500\" data-colr=\"#b71512\" itemscope itemtype='http:\/\/schema.org\/Event' 1><div class=\"evo_event_schema\" style=\"display:none\" ><a itemprop='url'  href='https:\/\/www.federacao-triatlo.pt\/ftp2015\/events\/aquatlo-jovem-de-oliveira-do-hospital\/'><\/a><span itemprop='name'  >Aquatlo Jovem de Oliveira do Hospital<\/span><meta itemprop='image'  ><\/meta><meta itemprop='description' content='Regulamento Aquatlo Jovem de Oliveira do Hospital\r\n\r\nPercursos Aquatlo Jovem de Oliveira do Hospital\r\n\r\nLista Inscritos Campeonato Litoral e Interior Norte Jovem' ><\/meta><meta itemprop='startDate' content='2023-7-16' ><\/meta><meta itemprop='endDate' content='2023-7-16' ><\/meta><meta itemprop='eventStatus' content='on-schedule' ><\/meta><script type=\"application\/ld+json\">{\t\"@context\": \"http:\/\/schema.org\",\r\n\t\t\t\t\t\t\t  \t\"@type\": \"Event\",\r\n\t\t\t\t\t\t\t  \t\"name\": \"Aquatlo Jovem de Oliveira do Hospital\",\r\n\t\t\t\t\t\t\t  \t\"startDate\": \"2023-7-16T14-14-25-00\",\r\n\t\t\t\t\t\t\t  \t\"endDate\": \"2023-7-16T14-14-25-00\",\r\n\t\t\t\t\t\t\t  \t\"image\":,\r\n\t\t\t\t\t\t\t  \t\"description\":\"Regulamento Aquatlo Jovem de Oliveira do Hospital\r\n\r\nPercursos Aquatlo Jovem de Oliveira do Hospital\r\n\r\nLista Inscritos Campeonato Litoral e Interior Norte Jovem\",\r\n\t\t\t\t\t\t\t  \t\r\n\t\t\t\t\t\t\t }\r\n\t\t\t\t\t\t\t<\/script><\/div>\r\n\t\t\t\t<p class=\"desc_trig_outter\"><a data-gmap_status=\"null\" data-exlk=\"0\" style=\"border-color: #b71512;\" id=\"evc_168951750097399\" class=\"desc_trig evo_litoral-interior-norte-competicao-regional sin_val evcal_list_a\" data-ux_val=\"1\"  ><span class='evcal_cblock ' data-bgcolor='#b71512' data-smon='Julho' data-syr='2023'><span class='evo_start '><em class='date'>16<\/em><em class='month'>jul<\/em><em class='time'>14:25<\/em><\/span><span class='evo_end only_time'><em class='time'>14:25<\/em><\/span><em class='clear'><\/em><\/span><span class='evcal_desc evo_info hide_eventtopdata '  data-location_status=\"false\" ><span class='evo_above_title'><\/span><span class='evcal_desc2 evcal_event_title' itemprop='name'>Aquatlo Jovem de Oliveira do Hospital<\/span><span class='evo_below_title'><span class='evcal_event_subtitle' >CAMPEONATO LITORAL E INTERIOR NORTE JOVEM<\/span><\/span><span class='evcal_desc_info' ><\/span><span class='evcal_desc3'><span class='evcal_event_types ett1'><em><i>Tipo de Evento:<\/i><\/em><em data-filter='event_type'>Litoral e Interior Norte<\/em><i class='clear'><\/i><\/span><\/span><\/span><em class='clear'><\/em><\/p><\/a><div class='event_description evcal_eventcard ' style=\"display:none\"><div class='evo_metarow_details evorow evcal_evdata_row bordb evcal_event_details'>\r\n\t\t\t\t\t\t\t<div class=\"event_excerpt\" style=\"display:none\"><h3 class=\"padb5 evo_h3\">Detalhes do Evento<\/h3><p>Regulamento Aquatlo Jovem de Oliveira do Hospital\r\n\r\nPercursos Aquatlo Jovem de Oliveira do Hospital\r\n\r\nLista Inscritos Campeonato Litoral e Interior Norte Jovem<\/p><\/div><span class='evcal_evdata_icons'><i class='fa fa-align-justify'><\/i><\/span>\r\n\t\t\t\t\t\t\t\r\n\t\t\t\t\t\t\t<div class='evcal_evdata_cell '><div class='eventon_full_description'>\r\n\t\t\t\t\t\t\t\t\t<h3 class='padb5 evo_h3'><span class='evcal_evdata_icons'><i class='fa fa-align-justify'><\/i><\/span>Detalhes do Evento<\/h3><div class='eventon_desc_in' itemprop='description'>\r\n\t\t\t\t\t\t\t\t\t<p><a href=\"https:\/\/www.federacao-triatlo.pt\/ftp2015\/wp-content\/uploads\/2023\/06\/2023-07-16-regulamento-aquatlo-jovem-de-oliveira-do-hospital.pdf.pdf\">Regulamento Aquatlo Jovem de Oliveira do Hospital<\/a><\/p>\n<p><a href=\"https:\/\/www.federacao-triatlo.pt\/ftp2015\/wp-content\/uploads\/2023\/06\/2023-07-16-percursos-aquatlo-jovem-de-oliveira-do-hospital.pdf.pdf\">Percursos Aquatlo Jovem de Oliveira do Hospital<\/a><\/p>\n<p><a href=\"https:\/\/www.federacao-triatlo.pt\/ftp2015\/wp-content\/uploads\/2023\/06\/lista-inscritos-campeonato-litoral-e-interior-norte-jovem.pdf.pdf\">Lista Inscritos Campeonato Litoral e Interior Norte Jovem<\/a><\/p>\n<\/div><div class='clear'><\/div>\r\n\t\t\t\t\t\t\t\t<\/div>\r\n\t\t\t\t\t\t\t<\/div>\r\n\t\t\t\t\t\t<\/div><div class='evo_metarow_time evorow evcal_evdata_row bordb evcal_evrow_sm '>\r\n\t\t\t\t\t\t\t<span class='evcal_evdata_icons'><i class='fa fa-clock-o'><\/i><\/span>\r\n\t\t\t\t\t\t\t<div class='evcal_evdata_cell'>\t\t\t\t\t\t\t\r\n\t\t\t\t\t\t\t\t<h3 class='evo_h3'><span class='evcal_evdata_icons'><i class='fa fa-clock-o'><\/i><\/span>Hor\u00e1rio<\/h3><p>(Domingo) 14:25 - 14:25<\/p>\r\n\t\t\t\t\t\t\t<\/div>\r\n\t\t\t\t\t\t<\/div>\t\t\t\t\t\t<div class='evo_metarow_ICS evorow bordb evcal_evdata_row'>\r\n\t\t\t\t\t\t\t<span class=\"evcal_evdata_icons\"><i class=\"fa fa-calendar\"><\/i><\/span>\r\n\t\t\t\t\t\t\t<div class='evcal_evdata_cell'>\r\n\t\t\t\t\t\t\t\t<p><a href='https:\/\/www.federacao-triatlo.pt\/ftp2015\/wp-admin\/admin-ajax.php?action=eventon_ics_download&amp;event_id=97399&amp;sunix=20230716T132500Z&amp;eunix=20230716T132500Z&amp;loca=&amp;locn=' class='evo_ics_nCal' title='Adicionar ao seu calend\u00e1rio'>Calend\u00e1rio<\/a><a href='\/\/www.google.com\/calendar\/event?action=TEMPLATE&amp;text=Aquatlo+Jovem+de+Oliveira+do+Hospital&amp;dates=20230716T132500Z\/20230716T132500Z&amp;details=Regulamento+Aquatlo+Jovem+de+Oliveira+do+Hospital%0D%0A%0D%0APercursos+Aquatlo+Jovem+de+Oliveira+do+Hospital%0D%0A%0D%0ALista+Inscritos+Campeonato+Litoral+e+Interior+Norte+Jovem&amp;location= - ' target='_blank' class='evo_ics_gCal' title='Adicionar ao calend\u00e1rio Google'>GoogleCal<\/a><\/p>\t\r\n\t\t\t\t\t\t\t<\/div>\t\t\t\t\t\t<\/div>\r\n\t\t\t\t\t\t<\/div><div class='clear end'><\/div><\/div><div id=\"event_97982\" class=\"eventon_list_event evo_eventtop past_event event\" data-event_id=\"97982\" data-time=\"1690019760-1690019760\" data-colr=\"#b71512\" itemscope itemtype='http:\/\/schema.org\/Event' 2><div class=\"evo_event_schema\" style=\"display:none\" ><a itemprop='url'  href='https:\/\/www.federacao-triatlo.pt\/ftp2015\/events\/rios-ibericos-goldimoveis-duatlo-jovem\/'><\/a><span itemprop='name'  >Rios Ib\u00e9ricos GoldIm\u00f3veis Duatlo Jovem<\/span><meta itemprop='image'  ><\/meta><meta itemprop='description' content='Regulamento Rios Ib\u00e9ricos GoldIm\u00f3veis Duatlo Jovem\r\n\r\nPercursos Rios Ib\u00e9ricos GoldIm\u00f3veis Duatlo Jovem\r\n\r\nLista Inscritos Campeonato Litoral e Interior Norte Jovem\r\n\r\nLista Inscritos Prova Aberta' ><\/meta><meta itemprop='startDate' content='2023-7-22' ><\/meta><meta itemprop='endDate' content='2023-7-22' ><\/meta><meta itemprop='eventStatus' content='on-schedule' ><\/meta><script type=\"application\/ld+json\">{\t\"@context\": \"http:\/\/schema.org\",\r\n\t\t\t\t\t\t\t  \t\"@type\": \"Event\",\r\n\t\t\t\t\t\t\t  \t\"name\": \"Rios Ib\u00e9ricos GoldIm\u00f3veis Duatlo Jovem\",\r\n\t\t\t\t\t\t\t  \t\"startDate\": \"2023-7-22T09-09-56-00\",\r\n\t\t\t\t\t\t\t  \t\"endDate\": \"2023-7-22T09-09-56-00\",\r\n\t\t\t\t\t\t\t  \t\"image\":,\r\n\t\t\t\t\t\t\t  \t\"description\":\"Regulamento Rios Ib\u00e9ricos GoldIm\u00f3veis Duatlo Jovem\r\n\r\nPercursos Rios Ib\u00e9ricos GoldIm\u00f3veis Duatlo Jovem\r\n\r\nLista Inscritos Campeonato Litoral e Interior Norte Jovem\r\n\r\nLista Inscritos Prova Aberta\",\r\n\t\t\t\t\t\t\t  \t\r\n\t\t\t\t\t\t\t }\r\n\t\t\t\t\t\t\t<\/script><\/div>\r\n\t\t\t\t<p class=\"desc_trig_outter\"><a data-gmap_status=\"null\" data-exlk=\"0\" style=\"border-color: #b71512;\" id=\"evc_169001976097982\" class=\"desc_trig evo_litoral-interior-norte-competicao-regional sin_val evcal_list_a\" data-ux_val=\"1\"  ><span class='evcal_cblock ' data-bgcolor='#b71512' data-smon='Julho' data-syr='2023'><span class='evo_start '><em class='date'>22<\/em><em class='month'>jul<\/em><em class='time'>9:56<\/em><\/span><span class='evo_end only_time'><em class='time'>9:56<\/em><\/span><em class='clear'><\/em><\/span><span class='evcal_desc evo_info hide_eventtopdata '  data-location_status=\"false\" ><span class='evo_above_title'><\/span><span class='evcal_desc2 evcal_event_title' itemprop='name'>Rios Ib\u00e9ricos GoldIm\u00f3veis Duatlo Jovem<\/span><span class='evo_below_title'><span class='evcal_event_subtitle' >CAMPEONATO LITORAL E INTERIOR NORTE JOVEM<\/span><\/span><span class='evcal_desc_info' ><\/span><span class='evcal_desc3'><span class='evcal_event_types ett1'><em><i>Tipo de Evento:<\/i><\/em><em data-filter='event_type'>Litoral e Interior Norte<\/em><i class='clear'><\/i><\/span><\/span><\/span><em class='clear'><\/em><\/p><\/a><div class='event_description evcal_eventcard ' style=\"display:none\"><div class='evo_metarow_details evorow evcal_evdata_row bordb evcal_event_details'>\r\n\t\t\t\t\t\t\t<div class=\"event_excerpt\" style=\"display:none\"><h3 class=\"padb5 evo_h3\">Detalhes do Evento<\/h3><p>Regulamento Rios Ib\u00e9ricos GoldIm\u00f3veis Duatlo Jovem\r\n\r\nPercursos Rios Ib\u00e9ricos GoldIm\u00f3veis Duatlo Jovem\r\n\r\nLista Inscritos Campeonato Litoral e Interior Norte Jovem\r\n\r\nLista Inscritos Prova Aberta<\/p><\/div><span class='evcal_evdata_icons'><i class='fa fa-align-justify'><\/i><\/span>\r\n\t\t\t\t\t\t\t\r\n\t\t\t\t\t\t\t<div class='evcal_evdata_cell '><div class='eventon_full_description'>\r\n\t\t\t\t\t\t\t\t\t<h3 class='padb5 evo_h3'><span class='evcal_evdata_icons'><i class='fa fa-align-justify'><\/i><\/span>Detalhes do Evento<\/h3><div class='eventon_desc_in' itemprop='description'>\r\n\t\t\t\t\t\t\t\t\t<p><a href=\"https:\/\/www.federacao-triatlo.pt\/ftp2015\/wp-content\/uploads\/2023\/07\/regulamento-duatlo-jovem-castelo-paiva-ver01.pdf\">Regulamento Rios Ib\u00e9ricos GoldIm\u00f3veis Duatlo Jovem<\/a><\/p>\n<p><a href=\"https:\/\/www.federacao-triatlo.pt\/ftp2015\/wp-content\/uploads\/2023\/07\/2023-07-22-percursos-rios-ibericos-goldImoveis-duatlo-jovem.pdf.pdf\">Percursos Rios Ib\u00e9ricos GoldIm\u00f3veis Duatlo Jovem<\/a><\/p>\n<p><a href=\"https:\/\/www.federacao-triatlo.pt\/ftp2015\/wp-content\/uploads\/2023\/07\/lista-inscritos-campeonato-litoral-e-interior-norte-jovem.pdf.pdf\">Lista Inscritos Campeonato Litoral e Interior Norte Jovem<\/a><\/p>\n<p><a href=\"https:\/\/www.federacao-triatlo.pt\/ftp2015\/wp-content\/uploads\/2023\/07\/lista-inscritos-prova-aberta.pdf\">Lista Inscritos Prova Aberta<\/a><\/p>\n<\/div><div class='clear'><\/div>\r\n\t\t\t\t\t\t\t\t<\/div>\r\n\t\t\t\t\t\t\t<\/div>\r\n\t\t\t\t\t\t<\/div><div class='evo_metarow_time evorow evcal_evdata_row bordb evcal_evrow_sm '>\r\n\t\t\t\t\t\t\t<span class='evcal_evdata_icons'><i class='fa fa-clock-o'><\/i><\/span>\r\n\t\t\t\t\t\t\t<div class='evcal_evdata_cell'>\t\t\t\t\t\t\t\r\n\t\t\t\t\t\t\t\t<h3 class='evo_h3'><span class='evcal_evdata_icons'><i class='fa fa-clock-o'><\/i><\/span>Hor\u00e1rio<\/h3><p>(S\u00e1bado) 9:56 - 9:56<\/p>\r\n\t\t\t\t\t\t\t<\/div>\r\n\t\t\t\t\t\t<\/div>\t\t\t\t\t\t<div class='evo_metarow_ICS evorow bordb evcal_evdata_row'>\r\n\t\t\t\t\t\t\t<span class=\"evcal_evdata_icons\"><i class=\"fa fa-calendar\"><\/i><\/span>\r\n\t\t\t\t\t\t\t<div class='evcal_evdata_cell'>\r\n\t\t\t\t\t\t\t\t<p><a href='https:\/\/www.federacao-triatlo.pt\/ftp2015\/wp-admin\/admin-ajax.php?action=eventon_ics_download&amp;event_id=97982&amp;sunix=20230722T085600Z&amp;eunix=20230722T085600Z&amp;loca=&amp;locn=' class='evo_ics_nCal' title='Adicionar ao seu calend\u00e1rio'>Calend\u00e1rio<\/a><a href='\/\/www.google.com\/calendar\/event?action=TEMPLATE&amp;text=Rios+Ib%C3%A9ricos+GoldIm%C3%B3veis+Duatlo+Jovem&amp;dates=20230722T085600Z\/20230722T085600Z&amp;details=Regulamento+Rios+Ib%C3%A9ricos+GoldIm%C3%B3veis+Duatlo+Jovem%0D%0A%0D%0APercursos+Rios+Ib%C3%A9ricos+GoldIm%C3%B3veis+Duatlo+Jovem%0D%0A%0D%0ALista+Inscritos+Campeonato+Litoral+e+Interior+Norte+Jovem%0D%0A%0D%0ALista+Inscritos+Prova+Aberta&amp;location= - ' target='_blank' class='evo_ics_gCal' title='Adicionar ao calend\u00e1rio Google'>GoogleCal<\/a><\/p>\t\r\n\t\t\t\t\t\t\t<\/div>\t\t\t\t\t\t<\/div>\r\n\t\t\t\t\t\t<\/div><div class='clear end'><\/div><\/div><\/div><div class='clear'><\/div><\/div><!-- ajde_evcal_calendar-->\n","protected":false},"excerpt":{"rendered":"","protected":false},"author":15430,"featured_media":0,"parent":89244,"menu_order":6,"comment_status":"closed","ping_status":"closed","template":"","meta":{"footnotes":""},"_links":{"self":[{"href":"https:\/\/www.federacao-triatlo.pt\/ftp2015\/wp-json\/wp\/v2\/pages\/91302"}],"collection":[{"href":"https:\/\/www.federacao-triatlo.pt\/ftp2015\/wp-json\/wp\/v2\/pages"}],"about":[{"href":"https:\/\/www.federacao-triatlo.pt\/ftp2015\/wp-json\/wp\/v2\/types\/page"}],"author":[{"embeddable":true,"href":"https:\/\/www.federacao-triatlo.pt\/ftp2015\/wp-json\/wp\/v2\/users\/15430"}],"replies":[{"embeddable":true,"href":"https:\/\/www.federacao-triatlo.pt\/ftp2015\/wp-json\/wp\/v2\/comments?post=91302"}],"version-history":[{"count":3,"href":"https:\/\/www.federacao-triatlo.pt\/ftp2015\/wp-json\/wp\/v2\/pages\/91302\/revisions"}],"predecessor-version":[{"id":97481,"href":"https:\/\/www.federacao-triatlo.pt\/ftp2015\/wp-json\/wp\/v2\/pages\/91302\/revisions\/97481"}],"up":[{"embeddable":true,"href":"https:\/\/www.federacao-triatlo.pt\/ftp2015\/wp-json\/wp\/v2\/pages\/89244"}],"wp:attachment":[{"href":"https:\/\/www.federacao-triatlo.pt\/ftp2015\/wp-json\/wp\/v2\/media?parent=91302"}],"curies":[{"name":"wp","href":"https:\/\/api.w.org\/{rel}","templated":true}]}}