{"id":89246,"date":"2022-11-21T21:31:52","date_gmt":"2022-11-21T21:31:52","guid":{"rendered":"https:\/\/www.federacao-triatlo.pt\/ftp2015\/?page_id=89246"},"modified":"2023-11-20T21:02:11","modified_gmt":"2023-11-20T21:02:11","slug":"calendario-nacional-2023","status":"publish","type":"page","link":"https:\/\/www.federacao-triatlo.pt\/ftp2015\/competicoes\/calendario\/calendario-2023\/calendario-nacional-2023\/","title":{"rendered":"Calend\u00e1rio Nacional 2023"},"content":{"rendered":"<div class=\"documents-list\">\n<div class=\"results-list__item\">\n    <a href=\"https:\/\/www.federacao-triatlo.pt\/ftp2015\/wp-content\/uploads\/2023\/09\/guia-calendario-nacional-2023-rev-07.pdf\" target=\"_blank\" rel=\"noopener\"><span class=\"fa fa-file-pdf fa-2x\"><\/span><span class=\"documents-list__title\">Guia do Calend\u00e1rio Nacional 2023 (Actualizado em 2023-09-20)<\/span><\/a>\n  <\/div>\n<div class=\"documents-list__item\">\n    <a href=\"https:\/\/www.federacao-triatlo.pt\/ftp2015\/wp-content\/uploads\/2023\/09\/calendario-nacional-2023-rev-07-2023-09-20.pdf\" target=\"_blank\" rel=\"noopener\"><span class=\"fa fa-file-pdf fa-2x\"><\/span><span class=\"documents-list__title\">Calend\u00e1rio Nacional 2023 (Actualizado em 2023-09-20)<\/span><\/a>\n  <\/div>\n<\/div>\n<div id='evcal_calendar_767' class='ajde_evcal_calendar  ul' ><div class='evo-data' data-cyear=\"2023\" data-cmonth=\"1\" data-runajax=\"1\" data-evc_open=\"0\" data-cal_ver=\"2.6\" data-mapscroll=\"true\" data-mapformat=\"roadmap\" data-mapzoom=\"14\" data-mapiconurl=\"\" data-ev_cnt=\"0\" data-show_limit=\"no\" data-tiles=\"no\" data-sort_by=\"sort_date\" data-filters_on=\"true\" data-range_start=\"0\" data-range_end=\"0\" data-send_unix=\"0\" data-ux_val=\"0\" data-accord=\"0\" data-rtl=\"no\"  ><\/div><div id='evcal_head' class='calendar_header ' ><div class='evo_cal_above'><span class='evo-gototoday-btn' style='display:none' data-mo='1' data-yr='2023' data-dy=''>Dia de Hoje<\/span><\/div><div class='evo_cal_above_content'><\/div><div class='cal_arguments' style='display:none' data-hide_past=\"no\" data-show_et_ft_img=\"no\" data-event_order=\"ASC\" data-ft_event_priority=\"no\" data-lang=\"L1\" data-month_incre=\"0\" data-only_ft=\"no\" data-evc_open=\"no\" data-show_limit=\"no\" data-etc_override=\"no\" data-show_limit_redir=\"0\" data-tiles=\"no\" data-tile_height=\"0\" data-tile_bg=\"0\" data-tile_count=\"2\" data-tile_style=\"0\" data-s=\"\" data-members_only=\"no\" data-ux_val=\"0\" data-show_limit_ajax=\"no\" data-show_limit_paged=\"1\" ><\/div><div class='clear'><\/div><\/div><div class='evcal_month_line'><p>Janeiro 2023<\/p><\/div><div id='evcal_list' class='evcal_list_month eventon_events_list '><div id=\"event_90505\" class=\"eventon_list_event evo_eventtop past_event event\" data-event_id=\"90505\" data-time=\"1674864001-1675036799\" data-colr=\"#007230\" itemscope itemtype='http:\/\/schema.org\/Event' 1><div class=\"evo_event_schema\" style=\"display:none\" ><a itemprop='url'  href='https:\/\/www.federacao-triatlo.pt\/ftp2015\/events\/xiii-duatlo-cross-joao-campos\/'><\/a><span itemprop='name'  >XIII Duatlo Cross Jo\u00e3o Campos<\/span><meta itemprop='image'  ><\/meta><meta itemprop='description' content='Regulamento XIII Duatlo Cross Jo\u00e3o Campos\r\n\r\nPercursos XIII Duatlo Cross Jo\u00e3o Campos - CN Jovem Clubes\r\n\r\nPercursos XIII Duatlo Cross Jo\u00e3o Campos - CN Clubes Cross\r\n\r\nLista Inscritos Camp.' ><\/meta><meta itemprop='startDate' content='2023-1-28' ><\/meta><meta itemprop='endDate' content='2023-1-29' ><\/meta><meta itemprop='eventStatus' content='on-schedule' ><\/meta><script type=\"application\/ld+json\">{\t\"@context\": \"http:\/\/schema.org\",\r\n\t\t\t\t\t\t\t  \t\"@type\": \"Event\",\r\n\t\t\t\t\t\t\t  \t\"name\": \"XIII Duatlo Cross Jo\u00e3o Campos\",\r\n\t\t\t\t\t\t\t  \t\"startDate\": \"2023-1-28T00-00-00-00\",\r\n\t\t\t\t\t\t\t  \t\"endDate\": \"2023-1-29T23-23-59-00\",\r\n\t\t\t\t\t\t\t  \t\"image\":,\r\n\t\t\t\t\t\t\t  \t\"description\":\"Regulamento XIII Duatlo Cross Jo\u00e3o Campos\r\n\r\nPercursos XIII Duatlo Cross Jo\u00e3o Campos - CN Jovem Clubes\r\n\r\nPercursos XIII Duatlo Cross Jo\u00e3o Campos - CN Clubes Cross\r\n\r\nLista Inscritos Camp.\",\r\n\t\t\t\t\t\t\t  \t\r\n\t\t\t\t\t\t\t }\r\n\t\t\t\t\t\t\t<\/script><\/div>\r\n\t\t\t\t<p class=\"desc_trig_outter\"><a data-gmap_status=\"null\" data-exlk=\"0\" style=\"border-color: #007230;\" id=\"evc_167486400190505\" class=\"desc_trig evo_competicao-nacional mul_val evcal_list_a\" data-ux_val=\"1\"  ><span class='evcal_cblock ' data-bgcolor='#007230' data-smon='Janeiro' data-syr='2023'><span class='evo_start '><em class='date'>28<\/em><em class='month'>jan<\/em><em class='time'>allday<\/em><\/span><span class='evo_end '><em class='date'>29<\/em><em class='time'>allday<\/em><\/span><em class='clear'><\/em><\/span><span class='evcal_desc evo_info hide_eventtopdata '  data-location_status=\"false\" ><span class='evo_above_title'><\/span><span class='evcal_desc2 evcal_event_title' itemprop='name'>XIII Duatlo Cross Jo\u00e3o Campos<\/span><span class='evo_below_title'><span class='evcal_event_subtitle' >Campeonato Nacional Jovem - Campeonato Nacional de Clubes Cross - Prova Aberta<\/span><\/span><span class='evcal_desc_info' ><\/span><span class='evcal_desc3'><span class='evcal_event_types ett1'><em><i>Tipo de Evento:<\/i><\/em><em data-filter='event_type'>Competi\u00e7\u00e3o Nacional<\/em><i class='clear'><\/i><\/span><\/span><\/span><em class='clear'><\/em><\/p><\/a><div class='event_description evcal_eventcard ' style=\"display:none\"><div class='evo_metarow_details evorow evcal_evdata_row bordb evcal_event_details'>\r\n\t\t\t\t\t\t\t<div class=\"event_excerpt\" style=\"display:none\"><h3 class=\"padb5 evo_h3\">Detalhes do Evento<\/h3><p>Regulamento XIII Duatlo Cross Jo\u00e3o Campos\r\n\r\nPercursos XIII Duatlo Cross Jo\u00e3o Campos - CN Jovem Clubes\r\n\r\nPercursos XIII Duatlo Cross Jo\u00e3o Campos - CN Clubes Cross\r\n\r\nLista Inscritos Camp.<\/p><\/div><span class='evcal_evdata_icons'><i class='fa fa-align-justify'><\/i><\/span>\r\n\t\t\t\t\t\t\t\r\n\t\t\t\t\t\t\t<div class='evcal_evdata_cell '><div class='eventon_full_description'>\r\n\t\t\t\t\t\t\t\t\t<h3 class='padb5 evo_h3'><span class='evcal_evdata_icons'><i class='fa fa-align-justify'><\/i><\/span>Detalhes do Evento<\/h3><div class='eventon_desc_in' itemprop='description'>\r\n\t\t\t\t\t\t\t\t\t<p><a href=\"https:\/\/www.federacao-triatlo.pt\/ftp2015\/wp-content\/uploads\/2023\/01\/2023-01-28-Regulamento-XIII-Duatlo-Joao-Campos.pdf\">Regulamento XIII Duatlo Cross Jo\u00e3o Campos<\/a><\/p>\n<p><a href=\"https:\/\/www.federacao-triatlo.pt\/ftp2015\/wp-content\/uploads\/2023\/01\/2023-01-28-Percursos-XIII-Duatlo-Cross-Joao-Campos-Prova-Jovem.pdf\">Percursos XIII Duatlo Cross Jo\u00e3o Campos &#8211; CN Jovem Clubes<\/a><\/p>\n<p><a href=\"https:\/\/www.federacao-triatlo.pt\/ftp2015\/wp-content\/uploads\/2023\/01\/2023-01-28-Percursos-XIII-Duatlo-Cross-Joao-Campos.pdf\">Percursos XIII Duatlo Cross Jo\u00e3o Campos &#8211; CN Clubes Cross<\/a><\/p>\n<p><a href=\"https:\/\/www.federacao-triatlo.pt\/ftp2015\/wp-content\/uploads\/2023\/01\/Lista-Inscritos-Camp.-Nac.-Clubes-Cross-1.pdf\">Lista Inscritos Camp. Nac. Clubes Cross<\/a><\/p>\n<p><a href=\"https:\/\/www.federacao-triatlo.pt\/ftp2015\/wp-content\/uploads\/2023\/01\/Lista-Inscritos-Campeonato-Nacional-Jovem-2.pdf\">Lista Inscritos Campeonato Nacional Jovem<\/a><\/p>\n<p><a href=\"https:\/\/www.federacao-triatlo.pt\/ftp2015\/wp-content\/uploads\/2023\/01\/Lista-Inscritos-Prova-Aberta.pdf\">Lista Inscritos Prova Aberta<\/a><\/p>\n<\/div><div class='clear'><\/div>\r\n\t\t\t\t\t\t\t\t<\/div>\r\n\t\t\t\t\t\t\t<\/div>\r\n\t\t\t\t\t\t<\/div><div class='evo_metarow_time evorow evcal_evdata_row bordb evcal_evrow_sm '>\r\n\t\t\t\t\t\t\t<span class='evcal_evdata_icons'><i class='fa fa-clock-o'><\/i><\/span>\r\n\t\t\t\t\t\t\t<div class='evcal_evdata_cell'>\t\t\t\t\t\t\t\r\n\t\t\t\t\t\t\t\t<h3 class='evo_h3'><span class='evcal_evdata_icons'><i class='fa fa-clock-o'><\/i><\/span>Hor\u00e1rio<\/h3><p>Janeiro 28 (S\u00e1bado) - 29 (Domingo)<\/p>\r\n\t\t\t\t\t\t\t<\/div>\r\n\t\t\t\t\t\t<\/div>\t\t\t\t\t\t<div class='evo_metarow_ICS evorow bordb evcal_evdata_row'>\r\n\t\t\t\t\t\t\t<span class=\"evcal_evdata_icons\"><i class=\"fa fa-calendar\"><\/i><\/span>\r\n\t\t\t\t\t\t\t<div class='evcal_evdata_cell'>\r\n\t\t\t\t\t\t\t\t<p><a href='https:\/\/www.federacao-triatlo.pt\/ftp2015\/wp-admin\/admin-ajax.php?action=eventon_ics_download&amp;event_id=90505&amp;sunix=20230127T230000Z&amp;eunix=20230129T225900Z&amp;loca=&amp;locn=' class='evo_ics_nCal' title='Adicionar ao seu calend\u00e1rio'>Calend\u00e1rio<\/a><a href='\/\/www.google.com\/calendar\/event?action=TEMPLATE&amp;text=XIII+Duatlo+Cross+Jo%C3%A3o+Campos&amp;dates=20230127T230000Z\/20230129T225900Z&amp;details=Regulamento+XIII+Duatlo+Cross+Jo%C3%A3o+Campos%0D%0A%0D%0APercursos+XIII+Duatlo+Cross+Jo%C3%A3o+Campos+-+CN+Jovem+Clubes%0D%0A%0D%0APercursos+XIII+Duatlo+Cross+Jo%C3%A3o+Campos+-+CN+Clubes+Cross%0D%0A%0D%0ALista+Inscritos+Camp.&amp;location= - ' target='_blank' class='evo_ics_gCal' title='Adicionar ao calend\u00e1rio Google'>GoogleCal<\/a><\/p>\t\r\n\t\t\t\t\t\t\t<\/div>\t\t\t\t\t\t<\/div>\r\n\t\t\t\t\t\t<\/div><div class='clear end'><\/div><\/div><\/div><div class='evcal_month_line'><p>Fevereiro 2023<\/p><\/div><div id='evcal_list' class='evcal_list_month eventon_events_list '><div id=\"event_90508\" class=\"eventon_list_event evo_eventtop past_event event\" data-event_id=\"90508\" data-time=\"1676073601-1676159999\" data-colr=\"#007230\" itemscope itemtype='http:\/\/schema.org\/Event' 1><div class=\"evo_event_schema\" style=\"display:none\" ><a itemprop='url'  href='https:\/\/www.federacao-triatlo.pt\/ftp2015\/events\/xv-duatlo-de-arronches\/'><\/a><span itemprop='name'  >XV Duatlo de Arronches<\/span><meta itemprop='image'  ><\/meta><meta itemprop='description' content='Regulamento XV Duatlo Arronches v04\r\n\r\nPercursos XV Duatlo de Arronches v01\r\n\r\nLista Inscritos Camp. Nac. Clubes Duatlo\r\n\r\nLista Inscritos Camp. Nac. Paratriatlo\r\n\r\nLista Inscritos Prova Aberta' ><\/meta><meta itemprop='startDate' content='2023-2-11' ><\/meta><meta itemprop='endDate' content='2023-2-11' ><\/meta><meta itemprop='eventStatus' content='on-schedule' ><\/meta><script type=\"application\/ld+json\">{\t\"@context\": \"http:\/\/schema.org\",\r\n\t\t\t\t\t\t\t  \t\"@type\": \"Event\",\r\n\t\t\t\t\t\t\t  \t\"name\": \"XV Duatlo de Arronches\",\r\n\t\t\t\t\t\t\t  \t\"startDate\": \"2023-2-11T00-00-00-00\",\r\n\t\t\t\t\t\t\t  \t\"endDate\": \"2023-2-11T23-23-59-00\",\r\n\t\t\t\t\t\t\t  \t\"image\":,\r\n\t\t\t\t\t\t\t  \t\"description\":\"Regulamento XV Duatlo Arronches v04\r\n\r\nPercursos XV Duatlo de Arronches v01\r\n\r\nLista Inscritos Camp. Nac. Clubes Duatlo\r\n\r\nLista Inscritos Camp. Nac. Paratriatlo\r\n\r\nLista Inscritos Prova Aberta\",\r\n\t\t\t\t\t\t\t  \t\r\n\t\t\t\t\t\t\t }\r\n\t\t\t\t\t\t\t<\/script><\/div>\r\n\t\t\t\t<p class=\"desc_trig_outter\"><a data-gmap_status=\"null\" data-exlk=\"0\" style=\"border-color: #007230;\" id=\"evc_167607360190508\" class=\"desc_trig evo_competicao-nacional sin_val evcal_list_a\" data-ux_val=\"1\"  ><span class='evcal_cblock ' data-bgcolor='#007230' data-smon='Fevereiro' data-syr='2023'><span class='evo_start '><em class='date'>11<\/em><em class='month'>fev<\/em><em class='time'>allday<\/em><\/span><span class='evo_end only_time'><em class='time'>allday<\/em><\/span><em class='clear'><\/em><\/span><span class='evcal_desc evo_info hide_eventtopdata '  data-location_status=\"false\" ><span class='evo_above_title'><\/span><span class='evcal_desc2 evcal_event_title' itemprop='name'>XV Duatlo de Arronches<\/span><span class='evo_below_title'><span class='evcal_event_subtitle' >Campeonato Nacional de Clubes de Duatlo - Campeonato Nacional Individual de Duatlo Sprint - Campeonato Nacional de Duatlo de Juniores - Campeonato Nacional de Duatlo de Cadetes - Campeonato Nacional Individual de Paratriatlo<\/span><\/span><span class='evcal_desc_info' ><\/span><span class='evcal_desc3'><span class='evcal_event_types ett1'><em><i>Tipo de Evento:<\/i><\/em><em data-filter='event_type'>Competi\u00e7\u00e3o Nacional<\/em><i class='clear'><\/i><\/span><\/span><\/span><em class='clear'><\/em><\/p><\/a><div class='event_description evcal_eventcard ' style=\"display:none\"><div class='evo_metarow_details evorow evcal_evdata_row bordb evcal_event_details'>\r\n\t\t\t\t\t\t\t<div class=\"event_excerpt\" style=\"display:none\"><h3 class=\"padb5 evo_h3\">Detalhes do Evento<\/h3><p>Regulamento XV Duatlo Arronches v04\r\n\r\nPercursos XV Duatlo de Arronches v01\r\n\r\nLista Inscritos Camp. Nac. Clubes Duatlo\r\n\r\nLista Inscritos Camp. Nac. Paratriatlo\r\n\r\nLista Inscritos Prova Aberta<\/p><\/div><span class='evcal_evdata_icons'><i class='fa fa-align-justify'><\/i><\/span>\r\n\t\t\t\t\t\t\t\r\n\t\t\t\t\t\t\t<div class='evcal_evdata_cell '><div class='eventon_full_description'>\r\n\t\t\t\t\t\t\t\t\t<h3 class='padb5 evo_h3'><span class='evcal_evdata_icons'><i class='fa fa-align-justify'><\/i><\/span>Detalhes do Evento<\/h3><div class='eventon_desc_in' itemprop='description'>\r\n\t\t\t\t\t\t\t\t\t<p><a href=\"https:\/\/www.federacao-triatlo.pt\/ftp2015\/wp-content\/uploads\/2023\/01\/2023-02-11-Regulamento-XV-Duatlo-Arronches-3.pdf\">Regulamento XV Duatlo Arronches v04<\/a><\/p>\n<p><a href=\"https:\/\/www.federacao-triatlo.pt\/ftp2015\/wp-content\/uploads\/2023\/01\/2023-02-11-Percursos-XV-Duatlo-de-Arronches.pdf\">Percursos XV Duatlo de Arronches v01<\/a><\/p>\n<p><a href=\"https:\/\/www.federacao-triatlo.pt\/ftp2015\/wp-content\/uploads\/2023\/01\/Lista-Inscritos-Camp.-Nac.-Clubes-Duatlo-4.pdf\">Lista Inscritos Camp. Nac. Clubes Duatlo<\/a><\/p>\n<p><a href=\"https:\/\/www.federacao-triatlo.pt\/ftp2015\/wp-content\/uploads\/2023\/01\/Lista-Inscritos-Camp.-Nac.-Paratriatlo.pdf\">Lista Inscritos Camp. Nac. Paratriatlo<\/a><\/p>\n<p><a href=\"https:\/\/www.federacao-triatlo.pt\/ftp2015\/wp-content\/uploads\/2023\/01\/Lista-Inscritos-Prova-Aberta-2.pdf\">Lista Inscritos Prova Aberta<\/a><\/p>\n<\/div><div class='clear'><\/div>\r\n\t\t\t\t\t\t\t\t<\/div>\r\n\t\t\t\t\t\t\t<\/div>\r\n\t\t\t\t\t\t<\/div><div class='evo_metarow_time evorow evcal_evdata_row bordb evcal_evrow_sm '>\r\n\t\t\t\t\t\t\t<span class='evcal_evdata_icons'><i class='fa fa-clock-o'><\/i><\/span>\r\n\t\t\t\t\t\t\t<div class='evcal_evdata_cell'>\t\t\t\t\t\t\t\r\n\t\t\t\t\t\t\t\t<h3 class='evo_h3'><span class='evcal_evdata_icons'><i class='fa fa-clock-o'><\/i><\/span>Hor\u00e1rio<\/h3><p>Todo o dia (S\u00e1bado)<\/p>\r\n\t\t\t\t\t\t\t<\/div>\r\n\t\t\t\t\t\t<\/div>\t\t\t\t\t\t<div class='evo_metarow_ICS evorow bordb evcal_evdata_row'>\r\n\t\t\t\t\t\t\t<span class=\"evcal_evdata_icons\"><i class=\"fa fa-calendar\"><\/i><\/span>\r\n\t\t\t\t\t\t\t<div class='evcal_evdata_cell'>\r\n\t\t\t\t\t\t\t\t<p><a href='https:\/\/www.federacao-triatlo.pt\/ftp2015\/wp-admin\/admin-ajax.php?action=eventon_ics_download&amp;event_id=90508&amp;sunix=20230210T230000Z&amp;eunix=20230211T225900Z&amp;loca=&amp;locn=' class='evo_ics_nCal' title='Adicionar ao seu calend\u00e1rio'>Calend\u00e1rio<\/a><a href='\/\/www.google.com\/calendar\/event?action=TEMPLATE&amp;text=XV+Duatlo+de+Arronches&amp;dates=20230210T230000Z\/20230211T225900Z&amp;details=Regulamento+XV+Duatlo+Arronches+v04%0D%0A%0D%0APercursos+XV+Duatlo+de+Arronches+v01%0D%0A%0D%0ALista+Inscritos+Camp.+Nac.+Clubes+Duatlo%0D%0A%0D%0ALista+Inscritos+Camp.+Nac.+Paratriatlo%0D%0A%0D%0ALista+Inscritos+Prova+Aberta&amp;location= - ' target='_blank' class='evo_ics_gCal' title='Adicionar ao calend\u00e1rio Google'>GoogleCal<\/a><\/p>\t\r\n\t\t\t\t\t\t\t<\/div>\t\t\t\t\t\t<\/div>\r\n\t\t\t\t\t\t<\/div><div class='clear end'><\/div><\/div><div id=\"event_90510\" class=\"eventon_list_event evo_eventtop past_event event\" data-event_id=\"90510\" data-time=\"1676764801-1676851199\" data-colr=\"#007230\" itemscope itemtype='http:\/\/schema.org\/Event' 2><div class=\"evo_event_schema\" style=\"display:none\" ><a itemprop='url'  href='https:\/\/www.federacao-triatlo.pt\/ftp2015\/events\/triatlo-de-santiago-do-cacem\/'><\/a><span itemprop='name'  >II Triatlo de Santo Andr\u00e9<\/span><meta itemprop='image'  ><\/meta><meta itemprop='description' content='Regulamento II Triatlo de Santo Andr\u00e9 v02\r\n\r\nPercursos II Triatlo de Santo Andr\u00e9 v01\r\n\r\nLista Inscritos Ta\u00e7a de Portugal' ><\/meta><meta itemprop='startDate' content='2023-2-19' ><\/meta><meta itemprop='endDate' content='2023-2-19' ><\/meta><meta itemprop='eventStatus' content='on-schedule' ><\/meta><script type=\"application\/ld+json\">{\t\"@context\": \"http:\/\/schema.org\",\r\n\t\t\t\t\t\t\t  \t\"@type\": \"Event\",\r\n\t\t\t\t\t\t\t  \t\"name\": \"II Triatlo de Santo Andr\u00e9\",\r\n\t\t\t\t\t\t\t  \t\"startDate\": \"2023-2-19T00-00-00-00\",\r\n\t\t\t\t\t\t\t  \t\"endDate\": \"2023-2-19T23-23-59-00\",\r\n\t\t\t\t\t\t\t  \t\"image\":,\r\n\t\t\t\t\t\t\t  \t\"description\":\"Regulamento II Triatlo de Santo Andr\u00e9 v02\r\n\r\nPercursos II Triatlo de Santo Andr\u00e9 v01\r\n\r\nLista Inscritos Ta\u00e7a de Portugal\",\r\n\t\t\t\t\t\t\t  \t\r\n\t\t\t\t\t\t\t }\r\n\t\t\t\t\t\t\t<\/script><\/div>\r\n\t\t\t\t<p class=\"desc_trig_outter\"><a data-gmap_status=\"null\" data-exlk=\"0\" style=\"border-color: #007230;\" id=\"evc_167676480190510\" class=\"desc_trig evo_competicao-nacional sin_val evcal_list_a\" data-ux_val=\"1\"  ><span class='evcal_cblock ' data-bgcolor='#007230' data-smon='Fevereiro' data-syr='2023'><span class='evo_start '><em class='date'>19<\/em><em class='month'>fev<\/em><em class='time'>allday<\/em><\/span><span class='evo_end only_time'><em class='time'>allday<\/em><\/span><em class='clear'><\/em><\/span><span class='evcal_desc evo_info hide_eventtopdata '  data-location_status=\"false\" ><span class='evo_above_title'><\/span><span class='evcal_desc2 evcal_event_title' itemprop='name'>II Triatlo de Santo Andr\u00e9<\/span><span class='evo_below_title'><span class='evcal_event_subtitle' >Ta\u00e7a de Portugal<\/span><\/span><span class='evcal_desc_info' ><\/span><span class='evcal_desc3'><span class='evcal_event_types ett1'><em><i>Tipo de Evento:<\/i><\/em><em data-filter='event_type'>Competi\u00e7\u00e3o Nacional<\/em><i class='clear'><\/i><\/span><\/span><\/span><em class='clear'><\/em><\/p><\/a><div class='event_description evcal_eventcard ' style=\"display:none\"><div class='evo_metarow_details evorow evcal_evdata_row bordb evcal_event_details'>\r\n\t\t\t\t\t\t\t<div class=\"event_excerpt\" style=\"display:none\"><h3 class=\"padb5 evo_h3\">Detalhes do Evento<\/h3><p>Regulamento II Triatlo de Santo Andr\u00e9 v02\r\n\r\nPercursos II Triatlo de Santo Andr\u00e9 v01\r\n\r\nLista Inscritos Ta\u00e7a de Portugal<\/p><\/div><span class='evcal_evdata_icons'><i class='fa fa-align-justify'><\/i><\/span>\r\n\t\t\t\t\t\t\t\r\n\t\t\t\t\t\t\t<div class='evcal_evdata_cell '><div class='eventon_full_description'>\r\n\t\t\t\t\t\t\t\t\t<h3 class='padb5 evo_h3'><span class='evcal_evdata_icons'><i class='fa fa-align-justify'><\/i><\/span>Detalhes do Evento<\/h3><div class='eventon_desc_in' itemprop='description'>\r\n\t\t\t\t\t\t\t\t\t<p><a href=\"https:\/\/www.federacao-triatlo.pt\/ftp2015\/wp-content\/uploads\/2023\/01\/2023-02-19-Regulamento-Santo-Andre-1-1.pdf\">Regulamento II Triatlo de Santo Andr\u00e9 v02<\/a><\/p>\n<p><a href=\"https:\/\/www.federacao-triatlo.pt\/ftp2015\/wp-content\/uploads\/2023\/01\/2023-02-19-Percursos-Triatlo-Santo-Andre.pdf\">Percursos II Triatlo de Santo Andr\u00e9 v01<\/a><\/p>\n<p><a href=\"https:\/\/www.federacao-triatlo.pt\/ftp2015\/wp-content\/uploads\/2023\/01\/Lista-Inscritos-Taca-de-Portugal.pdf\">Lista Inscritos Ta\u00e7a de Portugal<\/a><\/p>\n<\/div><div class='clear'><\/div>\r\n\t\t\t\t\t\t\t\t<\/div>\r\n\t\t\t\t\t\t\t<\/div>\r\n\t\t\t\t\t\t<\/div><div class='evo_metarow_time evorow evcal_evdata_row bordb evcal_evrow_sm '>\r\n\t\t\t\t\t\t\t<span class='evcal_evdata_icons'><i class='fa fa-clock-o'><\/i><\/span>\r\n\t\t\t\t\t\t\t<div class='evcal_evdata_cell'>\t\t\t\t\t\t\t\r\n\t\t\t\t\t\t\t\t<h3 class='evo_h3'><span class='evcal_evdata_icons'><i class='fa fa-clock-o'><\/i><\/span>Hor\u00e1rio<\/h3><p>Todo o dia (Domingo)<\/p>\r\n\t\t\t\t\t\t\t<\/div>\r\n\t\t\t\t\t\t<\/div>\t\t\t\t\t\t<div class='evo_metarow_ICS evorow bordb evcal_evdata_row'>\r\n\t\t\t\t\t\t\t<span class=\"evcal_evdata_icons\"><i class=\"fa fa-calendar\"><\/i><\/span>\r\n\t\t\t\t\t\t\t<div class='evcal_evdata_cell'>\r\n\t\t\t\t\t\t\t\t<p><a href='https:\/\/www.federacao-triatlo.pt\/ftp2015\/wp-admin\/admin-ajax.php?action=eventon_ics_download&amp;event_id=90510&amp;sunix=20230218T230000Z&amp;eunix=20230219T225900Z&amp;loca=&amp;locn=' class='evo_ics_nCal' title='Adicionar ao seu calend\u00e1rio'>Calend\u00e1rio<\/a><a href='\/\/www.google.com\/calendar\/event?action=TEMPLATE&amp;text=II+Triatlo+de+Santo+Andr%C3%A9&amp;dates=20230218T230000Z\/20230219T225900Z&amp;details=Regulamento+II+Triatlo+de+Santo+Andr%C3%A9+v02%0D%0A%0D%0APercursos+II+Triatlo+de+Santo+Andr%C3%A9+v01%0D%0A%0D%0ALista+Inscritos+Ta%C3%A7a+de+Portugal&amp;location= - ' target='_blank' class='evo_ics_gCal' title='Adicionar ao calend\u00e1rio Google'>GoogleCal<\/a><\/p>\t\r\n\t\t\t\t\t\t\t<\/div>\t\t\t\t\t\t<\/div>\r\n\t\t\t\t\t\t<\/div><div class='clear end'><\/div><\/div><div id=\"event_90511\" class=\"eventon_list_event evo_eventtop past_event event\" data-event_id=\"90511\" data-time=\"1677369601-1677455999\" data-colr=\"#007230\" itemscope itemtype='http:\/\/schema.org\/Event' 3><div class=\"evo_event_schema\" style=\"display:none\" ><a itemprop='url'  href='https:\/\/www.federacao-triatlo.pt\/ftp2015\/events\/duatlo-cross-de-lamego\/'><\/a><span itemprop='name'  >Duatlo Cross de Lamego<\/span><meta itemprop='image'  ><\/meta><meta itemprop='description' content='Regulamento IV Duatlo Lamego v02\r\n\r\nPercursos IV Duatlo de Lamego v01\r\n\r\nLista Inscritos Camp. Nac. Individual Duatlo Cross\r\n\r\nLista Inscritos Camp. Nac. Paratriatlo\r\n\r\nLista Inscritos Prova Aberta1\r\n\r\n&nbsp;' ><\/meta><meta itemprop='startDate' content='2023-2-26' ><\/meta><meta itemprop='endDate' content='2023-2-26' ><\/meta><meta itemprop='eventStatus' content='on-schedule' ><\/meta><script type=\"application\/ld+json\">{\t\"@context\": \"http:\/\/schema.org\",\r\n\t\t\t\t\t\t\t  \t\"@type\": \"Event\",\r\n\t\t\t\t\t\t\t  \t\"name\": \"Duatlo Cross de Lamego\",\r\n\t\t\t\t\t\t\t  \t\"startDate\": \"2023-2-26T00-00-00-00\",\r\n\t\t\t\t\t\t\t  \t\"endDate\": \"2023-2-26T23-23-59-00\",\r\n\t\t\t\t\t\t\t  \t\"image\":,\r\n\t\t\t\t\t\t\t  \t\"description\":\"Regulamento IV Duatlo Lamego v02\r\n\r\nPercursos IV Duatlo de Lamego v01\r\n\r\nLista Inscritos Camp. Nac. Individual Duatlo Cross\r\n\r\nLista Inscritos Camp. Nac. Paratriatlo\r\n\r\nLista Inscritos Prova Aberta1\r\n\r\n&nbsp;\",\r\n\t\t\t\t\t\t\t  \t\r\n\t\t\t\t\t\t\t }\r\n\t\t\t\t\t\t\t<\/script><\/div>\r\n\t\t\t\t<p class=\"desc_trig_outter\"><a data-gmap_status=\"null\" data-exlk=\"0\" style=\"border-color: #007230;\" id=\"evc_167736960190511\" class=\"desc_trig evo_competicao-nacional sin_val evcal_list_a\" data-ux_val=\"1\"  ><span class='evcal_cblock ' data-bgcolor='#007230' data-smon='Fevereiro' data-syr='2023'><span class='evo_start '><em class='date'>26<\/em><em class='month'>fev<\/em><em class='time'>allday<\/em><\/span><span class='evo_end only_time'><em class='time'>allday<\/em><\/span><em class='clear'><\/em><\/span><span class='evcal_desc evo_info hide_eventtopdata '  data-location_status=\"false\" ><span class='evo_above_title'><\/span><span class='evcal_desc2 evcal_event_title' itemprop='name'>Duatlo Cross de Lamego<\/span><span class='evo_below_title'><span class='evcal_event_subtitle' >Campeonato Nacional de Clubes Cross - Campeonato Nacional Individual de Duatlo Cross - Campeonato Nacional de Duatlo Cross de Juniores - Campeonato Nacional de Duatlo Cross de Cadetes - Campeonato Nacional Individual de Paratriatlo<\/span><\/span><span class='evcal_desc_info' ><\/span><span class='evcal_desc3'><span class='evcal_event_types ett1'><em><i>Tipo de Evento:<\/i><\/em><em data-filter='event_type'>Competi\u00e7\u00e3o Nacional<\/em><i class='clear'><\/i><\/span><\/span><\/span><em class='clear'><\/em><\/p><\/a><div class='event_description evcal_eventcard ' style=\"display:none\"><div class='evo_metarow_details evorow evcal_evdata_row bordb evcal_event_details'>\r\n\t\t\t\t\t\t\t<div class=\"event_excerpt\" style=\"display:none\"><h3 class=\"padb5 evo_h3\">Detalhes do Evento<\/h3><p>Regulamento IV Duatlo Lamego v02\r\n\r\nPercursos IV Duatlo de Lamego v01\r\n\r\nLista Inscritos Camp. Nac. Individual Duatlo Cross\r\n\r\nLista Inscritos Camp. Nac. Paratriatlo\r\n\r\nLista Inscritos Prova Aberta1\r\n\r\n&nbsp;<\/p><\/div><span class='evcal_evdata_icons'><i class='fa fa-align-justify'><\/i><\/span>\r\n\t\t\t\t\t\t\t\r\n\t\t\t\t\t\t\t<div class='evcal_evdata_cell '><div class='eventon_full_description'>\r\n\t\t\t\t\t\t\t\t\t<h3 class='padb5 evo_h3'><span class='evcal_evdata_icons'><i class='fa fa-align-justify'><\/i><\/span>Detalhes do Evento<\/h3><div class='eventon_desc_in' itemprop='description'>\r\n\t\t\t\t\t\t\t\t\t<p><a href=\"https:\/\/www.federacao-triatlo.pt\/ftp2015\/wp-content\/uploads\/2023\/01\/2023-02-26-Regulamento-IV-Duatlo-Lamego-2.pdf\">Regulamento IV Duatlo Lamego v02<\/a><\/p>\n<p><a href=\"https:\/\/www.federacao-triatlo.pt\/ftp2015\/wp-content\/uploads\/2023\/01\/2023-02-26-Percursos-IV-Duatlo-de-Lamego.pdf\">Percursos IV Duatlo de Lamego v01<\/a><\/p>\n<p><a href=\"https:\/\/www.federacao-triatlo.pt\/ftp2015\/wp-content\/uploads\/2023\/01\/Lista-Inscritos-Camp.-Nac.-Individual-Duatlo-Cross.pdf\">Lista Inscritos Camp. Nac. Individual Duatlo Cross<\/a><\/p>\n<p><a href=\"https:\/\/www.federacao-triatlo.pt\/ftp2015\/wp-content\/uploads\/2023\/01\/Lista-Inscritos-Camp.-Nac.-Paratriatlo-1.pdf\">Lista Inscritos Camp. Nac. Paratriatlo<\/a><\/p>\n<p><a href=\"https:\/\/www.federacao-triatlo.pt\/ftp2015\/wp-content\/uploads\/2023\/01\/Lista-Inscritos-Prova-Aberta1.pdf\">Lista Inscritos Prova Aberta1<\/a><\/p>\n<p>&nbsp;<\/p>\n<\/div><div class='clear'><\/div>\r\n\t\t\t\t\t\t\t\t<\/div>\r\n\t\t\t\t\t\t\t<\/div>\r\n\t\t\t\t\t\t<\/div><div class='evo_metarow_time evorow evcal_evdata_row bordb evcal_evrow_sm '>\r\n\t\t\t\t\t\t\t<span class='evcal_evdata_icons'><i class='fa fa-clock-o'><\/i><\/span>\r\n\t\t\t\t\t\t\t<div class='evcal_evdata_cell'>\t\t\t\t\t\t\t\r\n\t\t\t\t\t\t\t\t<h3 class='evo_h3'><span class='evcal_evdata_icons'><i class='fa fa-clock-o'><\/i><\/span>Hor\u00e1rio<\/h3><p>Todo o dia (Domingo)<\/p>\r\n\t\t\t\t\t\t\t<\/div>\r\n\t\t\t\t\t\t<\/div>\t\t\t\t\t\t<div class='evo_metarow_ICS evorow bordb evcal_evdata_row'>\r\n\t\t\t\t\t\t\t<span class=\"evcal_evdata_icons\"><i class=\"fa fa-calendar\"><\/i><\/span>\r\n\t\t\t\t\t\t\t<div class='evcal_evdata_cell'>\r\n\t\t\t\t\t\t\t\t<p><a href='https:\/\/www.federacao-triatlo.pt\/ftp2015\/wp-admin\/admin-ajax.php?action=eventon_ics_download&amp;event_id=90511&amp;sunix=20230225T230000Z&amp;eunix=20230226T225900Z&amp;loca=&amp;locn=' class='evo_ics_nCal' title='Adicionar ao seu calend\u00e1rio'>Calend\u00e1rio<\/a><a href='\/\/www.google.com\/calendar\/event?action=TEMPLATE&amp;text=Duatlo+Cross+de+Lamego&amp;dates=20230225T230000Z\/20230226T225900Z&amp;details=Regulamento+IV+Duatlo+Lamego+v02%0D%0A%0D%0APercursos+IV+Duatlo+de+Lamego+v01%0D%0A%0D%0ALista+Inscritos+Camp.+Nac.+Individual+Duatlo+Cross%0D%0A%0D%0ALista+Inscritos+Camp.+Nac.+Paratriatlo%0D%0A%0D%0ALista+Inscritos+Prova+Aberta1%0D%0A%0D%0A%26nbsp%3B&amp;location= - ' target='_blank' class='evo_ics_gCal' title='Adicionar ao calend\u00e1rio Google'>GoogleCal<\/a><\/p>\t\r\n\t\t\t\t\t\t\t<\/div>\t\t\t\t\t\t<\/div>\r\n\t\t\t\t\t\t<\/div><div class='clear end'><\/div><\/div><\/div><div class='evcal_month_line'><p>Mar\u00e7o 2023<\/p><\/div><div id='evcal_list' class='evcal_list_month eventon_events_list '><div id=\"event_90512\" class=\"eventon_list_event evo_eventtop past_event event\" data-event_id=\"90512\" data-time=\"1677888001-1678060799\" data-colr=\"#007230\" itemscope itemtype='http:\/\/schema.org\/Event' 1><div class=\"evo_event_schema\" style=\"display:none\" ><a itemprop='url'  href='https:\/\/www.federacao-triatlo.pt\/ftp2015\/events\/vii-duatlo-de-vila-nova-de-cerveira\/'><\/a><span itemprop='name'  >VII Duatlo de Vila Nova de Cerveira<\/span><meta itemprop='image'  ><\/meta><meta itemprop='description' content='Regulamento Duatlo Vila Nova Cerveira v04\r\n\r\nPercursos VII Duatlo Vila Nova de Cerveira - CN Jovem v02\r\n\r\nPercursos VII Duatlo Vila Nova de Cerveira v01\r\n\r\nLista Inscritos Camp. Nac.' ><\/meta><meta itemprop='startDate' content='2023-3-4' ><\/meta><meta itemprop='endDate' content='2023-3-5' ><\/meta><meta itemprop='eventStatus' content='on-schedule' ><\/meta><script type=\"application\/ld+json\">{\t\"@context\": \"http:\/\/schema.org\",\r\n\t\t\t\t\t\t\t  \t\"@type\": \"Event\",\r\n\t\t\t\t\t\t\t  \t\"name\": \"VII Duatlo de Vila Nova de Cerveira\",\r\n\t\t\t\t\t\t\t  \t\"startDate\": \"2023-3-4T00-00-00-00\",\r\n\t\t\t\t\t\t\t  \t\"endDate\": \"2023-3-5T23-23-59-00\",\r\n\t\t\t\t\t\t\t  \t\"image\":,\r\n\t\t\t\t\t\t\t  \t\"description\":\"Regulamento Duatlo Vila Nova Cerveira v04\r\n\r\nPercursos VII Duatlo Vila Nova de Cerveira - CN Jovem v02\r\n\r\nPercursos VII Duatlo Vila Nova de Cerveira v01\r\n\r\nLista Inscritos Camp. Nac.\",\r\n\t\t\t\t\t\t\t  \t\r\n\t\t\t\t\t\t\t }\r\n\t\t\t\t\t\t\t<\/script><\/div>\r\n\t\t\t\t<p class=\"desc_trig_outter\"><a data-gmap_status=\"null\" data-exlk=\"0\" style=\"border-color: #007230;\" id=\"evc_167788800190512\" class=\"desc_trig evo_competicao-nacional mul_val evcal_list_a\" data-ux_val=\"1\"  ><span class='evcal_cblock ' data-bgcolor='#007230' data-smon='Mar\u00e7o' data-syr='2023'><span class='evo_start '><em class='date'>04<\/em><em class='month'>mar<\/em><em class='time'>allday<\/em><\/span><span class='evo_end '><em class='date'>05<\/em><em class='time'>allday<\/em><\/span><em class='clear'><\/em><\/span><span class='evcal_desc evo_info hide_eventtopdata '  data-location_status=\"false\" ><span class='evo_above_title'><\/span><span class='evcal_desc2 evcal_event_title' itemprop='name'>VII Duatlo de Vila Nova de Cerveira<\/span><span class='evo_below_title'><span class='evcal_event_subtitle' >Campeonato Nacional Jovem - Campeonato Nacional de Juvenis - Campeonato Nacional de Clubes de Duatlo<\/span><\/span><span class='evcal_desc_info' ><\/span><span class='evcal_desc3'><span class='evcal_event_types ett1'><em><i>Tipo de Evento:<\/i><\/em><em data-filter='event_type'>Competi\u00e7\u00e3o Nacional<\/em><i class='clear'><\/i><\/span><\/span><\/span><em class='clear'><\/em><\/p><\/a><div class='event_description evcal_eventcard ' style=\"display:none\"><div class='evo_metarow_details evorow evcal_evdata_row bordb evcal_event_details'>\r\n\t\t\t\t\t\t\t<div class=\"event_excerpt\" style=\"display:none\"><h3 class=\"padb5 evo_h3\">Detalhes do Evento<\/h3><p>Regulamento Duatlo Vila Nova Cerveira v04\r\n\r\nPercursos VII Duatlo Vila Nova de Cerveira - CN Jovem v02\r\n\r\nPercursos VII Duatlo Vila Nova de Cerveira v01\r\n\r\nLista Inscritos Camp. Nac.<\/p><\/div><span class='evcal_evdata_icons'><i class='fa fa-align-justify'><\/i><\/span>\r\n\t\t\t\t\t\t\t\r\n\t\t\t\t\t\t\t<div class='evcal_evdata_cell '><div class='eventon_full_description'>\r\n\t\t\t\t\t\t\t\t\t<h3 class='padb5 evo_h3'><span class='evcal_evdata_icons'><i class='fa fa-align-justify'><\/i><\/span>Detalhes do Evento<\/h3><div class='eventon_desc_in' itemprop='description'>\r\n\t\t\t\t\t\t\t\t\t<p><a href=\"https:\/\/www.federacao-triatlo.pt\/ftp2015\/wp-content\/uploads\/2023\/01\/2023-03-04-Regulamento-Duatlo-Vila-Nova-Cerveira-3.pdf\">Regulamento Duatlo Vila Nova Cerveira v04<\/a><\/p>\n<p><a href=\"https:\/\/www.federacao-triatlo.pt\/ftp2015\/wp-content\/uploads\/2023\/01\/2023-03-04-Percursos-Duatlo-Vila-Nova-de-Cerveira-CN-Jovem.pdf\">Percursos VII Duatlo Vila Nova de Cerveira &#8211; CN Jovem v02<\/a><\/p>\n<p><a href=\"https:\/\/www.federacao-triatlo.pt\/ftp2015\/wp-content\/uploads\/2023\/01\/2023-03-05-Percursos-Duatlo-Vila-Nova-de-Cerveira.pdf\">Percursos VII Duatlo Vila Nova de Cerveira v01<\/a><\/p>\n<p><a href=\"https:\/\/www.federacao-triatlo.pt\/ftp2015\/wp-content\/uploads\/2023\/01\/Lista-Inscritos-Camp.-Nac.-Clubes-Duatlo_010323.pdf\">Lista Inscritos Camp. Nac. Clubes Duatlo_010323<\/a><\/p>\n<p><a href=\"https:\/\/www.federacao-triatlo.pt\/ftp2015\/wp-content\/uploads\/2023\/01\/Lista-Inscritos-Campeonato-Nacional-Jovem_010323.pdf\">Lista Inscritos Campeonato Nacional Jovem_010323<\/a><\/p>\n<p><a href=\"https:\/\/www.federacao-triatlo.pt\/ftp2015\/wp-content\/uploads\/2023\/01\/Lista-Inscritos-Prova-Aberta_010323.pdf\">Lista Inscritos Prova Aberta_010323<\/a><\/p>\n<div>\n<div dir=\"auto\" role=\"heading\"><b>INSCRI\u00c7\u00c3O ALOJAMENTO<\/b><\/div>\n<\/div>\n<div>Este formul\u00e1rio destina-se \u00e0 inscri\u00e7\u00e3o no alojamento disponibilizado gratuitamente pela organiza\u00e7\u00e3o do Duatlo de Cerveira.<\/div>\n<div>\n<div>O alojamento ser\u00e1 feito nas antigas instala\u00e7\u00f5es da escola prim\u00e1ria de Reboreda, em solo duro (devem trazer colch\u00e3o e saco cama), com acesso a casas de banho e balne\u00e1rios no espa\u00e7o exterior. Exclusivo para atletas e treinadores que participam na 7\u00aa edi\u00e7\u00e3o do Duatlo de Cerveira, com limite de inscri\u00e7\u00f5es para 100 pessoas.<\/div>\n<\/div>\n<p>Formul\u00e1rio: <a href=\"https:\/\/forms.gle\/BAP57jk2SnAj6Amb9\">https:\/\/forms.gle\/BAP57jk2SnAj6Amb9<\/a><\/p>\n<\/div><div class='clear'><\/div>\r\n\t\t\t\t\t\t\t\t<\/div>\r\n\t\t\t\t\t\t\t<\/div>\r\n\t\t\t\t\t\t<\/div><div class='evo_metarow_time evorow evcal_evdata_row bordb evcal_evrow_sm '>\r\n\t\t\t\t\t\t\t<span class='evcal_evdata_icons'><i class='fa fa-clock-o'><\/i><\/span>\r\n\t\t\t\t\t\t\t<div class='evcal_evdata_cell'>\t\t\t\t\t\t\t\r\n\t\t\t\t\t\t\t\t<h3 class='evo_h3'><span class='evcal_evdata_icons'><i class='fa fa-clock-o'><\/i><\/span>Hor\u00e1rio<\/h3><p>Mar\u00e7o 4 (S\u00e1bado) - 5 (Domingo)<\/p>\r\n\t\t\t\t\t\t\t<\/div>\r\n\t\t\t\t\t\t<\/div>\t\t\t\t\t\t<div class='evo_metarow_ICS evorow bordb evcal_evdata_row'>\r\n\t\t\t\t\t\t\t<span class=\"evcal_evdata_icons\"><i class=\"fa fa-calendar\"><\/i><\/span>\r\n\t\t\t\t\t\t\t<div class='evcal_evdata_cell'>\r\n\t\t\t\t\t\t\t\t<p><a href='https:\/\/www.federacao-triatlo.pt\/ftp2015\/wp-admin\/admin-ajax.php?action=eventon_ics_download&amp;event_id=90512&amp;sunix=20230303T230000Z&amp;eunix=20230305T225900Z&amp;loca=&amp;locn=' class='evo_ics_nCal' title='Adicionar ao seu calend\u00e1rio'>Calend\u00e1rio<\/a><a href='\/\/www.google.com\/calendar\/event?action=TEMPLATE&amp;text=VII+Duatlo+de+Vila+Nova+de+Cerveira&amp;dates=20230303T230000Z\/20230305T225900Z&amp;details=Regulamento+Duatlo+Vila+Nova+Cerveira+v04%0D%0A%0D%0APercursos+VII+Duatlo+Vila+Nova+de+Cerveira+-+CN+Jovem+v02%0D%0A%0D%0APercursos+VII+Duatlo+Vila+Nova+de+Cerveira+v01%0D%0A%0D%0ALista+Inscritos+Camp.+Nac.&amp;location= - ' target='_blank' class='evo_ics_gCal' title='Adicionar ao calend\u00e1rio Google'>GoogleCal<\/a><\/p>\t\r\n\t\t\t\t\t\t\t<\/div>\t\t\t\t\t\t<\/div>\r\n\t\t\t\t\t\t<\/div><div class='clear end'><\/div><\/div><div id=\"event_90513\" class=\"eventon_list_event evo_eventtop past_event event\" data-event_id=\"90513\" data-time=\"1679097601-1679183999\" data-colr=\"#007230\" itemscope itemtype='http:\/\/schema.org\/Event' 2><div class=\"evo_event_schema\" style=\"display:none\" ><a itemprop='url'  href='https:\/\/www.federacao-triatlo.pt\/ftp2015\/events\/triatlo-longo-de-porto-santo\/'><\/a><span itemprop='name'  >Triatlo Longo de Porto Santo<\/span><meta itemprop='image'  ><\/meta><meta itemprop='description' content='Regulamento Triatlo Longo de Porto Santo v03\r\n\r\nPercursos Triatlo Longo de Porto Santo v03\r\n\r\nGuia do Atleta - Triatlo Longo Porto Santo v02\r\n\r\nLista Inscritos Camp. Nac. Individual Triatlo' ><\/meta><meta itemprop='startDate' content='2023-3-18' ><\/meta><meta itemprop='endDate' content='2023-3-18' ><\/meta><meta itemprop='eventStatus' content='on-schedule' ><\/meta><script type=\"application\/ld+json\">{\t\"@context\": \"http:\/\/schema.org\",\r\n\t\t\t\t\t\t\t  \t\"@type\": \"Event\",\r\n\t\t\t\t\t\t\t  \t\"name\": \"Triatlo Longo de Porto Santo\",\r\n\t\t\t\t\t\t\t  \t\"startDate\": \"2023-3-18T00-00-00-00\",\r\n\t\t\t\t\t\t\t  \t\"endDate\": \"2023-3-18T23-23-59-00\",\r\n\t\t\t\t\t\t\t  \t\"image\":,\r\n\t\t\t\t\t\t\t  \t\"description\":\"Regulamento Triatlo Longo de Porto Santo v03\r\n\r\nPercursos Triatlo Longo de Porto Santo v03\r\n\r\nGuia do Atleta - Triatlo Longo Porto Santo v02\r\n\r\nLista Inscritos Camp. Nac. Individual Triatlo\",\r\n\t\t\t\t\t\t\t  \t\r\n\t\t\t\t\t\t\t }\r\n\t\t\t\t\t\t\t<\/script><\/div>\r\n\t\t\t\t<p class=\"desc_trig_outter\"><a data-gmap_status=\"null\" data-exlk=\"0\" style=\"border-color: #007230;\" id=\"evc_167909760190513\" class=\"desc_trig evo_competicao-nacional sin_val evcal_list_a\" data-ux_val=\"1\"  ><span class='evcal_cblock ' data-bgcolor='#007230' data-smon='Mar\u00e7o' data-syr='2023'><span class='evo_start '><em class='date'>18<\/em><em class='month'>mar<\/em><em class='time'>allday<\/em><\/span><span class='evo_end only_time'><em class='time'>allday<\/em><\/span><em class='clear'><\/em><\/span><span class='evcal_desc evo_info hide_eventtopdata '  data-location_status=\"false\" ><span class='evo_above_title'><\/span><span class='evcal_desc2 evcal_event_title' itemprop='name'>Triatlo Longo de Porto Santo<\/span><span class='evo_below_title'><span class='evcal_event_subtitle' >Campeonato Nacional de Clubes de Triatlo Longo - Campeonato Nacional Individual de Triatlo de M\u00e9dia Dist\u00e2ncia - Campeonato Nacional Individual de Paratriatlo<\/span><\/span><span class='evcal_desc_info' ><\/span><span class='evcal_desc3'><span class='evcal_event_types ett1'><em><i>Tipo de Evento:<\/i><\/em><em data-filter='event_type'>Competi\u00e7\u00e3o Nacional<\/em><i class='clear'><\/i><\/span><\/span><\/span><em class='clear'><\/em><\/p><\/a><div class='event_description evcal_eventcard ' style=\"display:none\"><div class='evo_metarow_details evorow evcal_evdata_row bordb evcal_event_details'>\r\n\t\t\t\t\t\t\t<div class=\"event_excerpt\" style=\"display:none\"><h3 class=\"padb5 evo_h3\">Detalhes do Evento<\/h3><p>Regulamento Triatlo Longo de Porto Santo v03\r\n\r\nPercursos Triatlo Longo de Porto Santo v03\r\n\r\nGuia do Atleta - Triatlo Longo Porto Santo v02\r\n\r\nLista Inscritos Camp. Nac. Individual Triatlo<\/p><\/div><span class='evcal_evdata_icons'><i class='fa fa-align-justify'><\/i><\/span>\r\n\t\t\t\t\t\t\t\r\n\t\t\t\t\t\t\t<div class='evcal_evdata_cell '><div class='eventon_full_description'>\r\n\t\t\t\t\t\t\t\t\t<h3 class='padb5 evo_h3'><span class='evcal_evdata_icons'><i class='fa fa-align-justify'><\/i><\/span>Detalhes do Evento<\/h3><div class='eventon_desc_in' itemprop='description'>\r\n\t\t\t\t\t\t\t\t\t<p><a href=\"https:\/\/www.federacao-triatlo.pt\/ftp2015\/wp-content\/uploads\/2023\/01\/2023-03-18-Regulamento-Triatlo-Longo-de-Porto-Santo-2.pdf\">Regulamento Triatlo Longo de Porto Santo v03<\/a><\/p>\n<p><a href=\"https:\/\/www.federacao-triatlo.pt\/ftp2015\/wp-content\/uploads\/2023\/01\/2023-03-18-Percursos-Triatlo-Longo-de-Porto-Santo-1-1.pdf\">Percursos Triatlo Longo de Porto Santo v03<\/a><\/p>\n<p><a href=\"https:\/\/www.federacao-triatlo.pt\/ftp2015\/wp-content\/uploads\/2023\/01\/Guia-do-Atleta-Triatlo-Longo-Porto-Santo-2023-03-03-2023.pdf\">Guia do Atleta &#8211; Triatlo Longo Porto Santo v02<\/a><\/p>\n<p><a href=\"https:\/\/www.federacao-triatlo.pt\/ftp2015\/wp-content\/uploads\/2023\/01\/Lista-Inscritos-Camp.-Nac.-Individual-Triatlo-Media-Distancia.pdf\">Lista Inscritos Camp. Nac. Individual Triatlo M\u00e9dia Dist\u00e2ncia<\/a><\/p>\n<p><a href=\"https:\/\/www.federacao-triatlo.pt\/ftp2015\/wp-content\/uploads\/2023\/01\/Lista-Inscritos-Camp.-Nac.-Paratriatlo-Media-Distancia.pdf\">Lista Inscritos Camp. Nac. Paratriatlo M\u00e9dia Dist\u00e2ncia<\/a><\/p>\n<\/div><div class='clear'><\/div>\r\n\t\t\t\t\t\t\t\t<\/div>\r\n\t\t\t\t\t\t\t<\/div>\r\n\t\t\t\t\t\t<\/div><div class='evo_metarow_time evorow evcal_evdata_row bordb evcal_evrow_sm '>\r\n\t\t\t\t\t\t\t<span class='evcal_evdata_icons'><i class='fa fa-clock-o'><\/i><\/span>\r\n\t\t\t\t\t\t\t<div class='evcal_evdata_cell'>\t\t\t\t\t\t\t\r\n\t\t\t\t\t\t\t\t<h3 class='evo_h3'><span class='evcal_evdata_icons'><i class='fa fa-clock-o'><\/i><\/span>Hor\u00e1rio<\/h3><p>Todo o dia (S\u00e1bado)<\/p>\r\n\t\t\t\t\t\t\t<\/div>\r\n\t\t\t\t\t\t<\/div>\t\t\t\t\t\t<div class='evo_metarow_ICS evorow bordb evcal_evdata_row'>\r\n\t\t\t\t\t\t\t<span class=\"evcal_evdata_icons\"><i class=\"fa fa-calendar\"><\/i><\/span>\r\n\t\t\t\t\t\t\t<div class='evcal_evdata_cell'>\r\n\t\t\t\t\t\t\t\t<p><a href='https:\/\/www.federacao-triatlo.pt\/ftp2015\/wp-admin\/admin-ajax.php?action=eventon_ics_download&amp;event_id=90513&amp;sunix=20230317T230000Z&amp;eunix=20230318T225900Z&amp;loca=&amp;locn=' class='evo_ics_nCal' title='Adicionar ao seu calend\u00e1rio'>Calend\u00e1rio<\/a><a href='\/\/www.google.com\/calendar\/event?action=TEMPLATE&amp;text=Triatlo+Longo+de+Porto+Santo&amp;dates=20230317T230000Z\/20230318T225900Z&amp;details=Regulamento+Triatlo+Longo+de+Porto+Santo+v03%0D%0A%0D%0APercursos+Triatlo+Longo+de+Porto+Santo+v03%0D%0A%0D%0AGuia+do+Atleta+-+Triatlo+Longo+Porto+Santo+v02%0D%0A%0D%0ALista+Inscritos+Camp.+Nac.+Individual+Triatlo&amp;location= - ' target='_blank' class='evo_ics_gCal' title='Adicionar ao calend\u00e1rio Google'>GoogleCal<\/a><\/p>\t\r\n\t\t\t\t\t\t\t<\/div>\t\t\t\t\t\t<\/div>\r\n\t\t\t\t\t\t<\/div><div class='clear end'><\/div><\/div><div id=\"event_90514\" class=\"eventon_list_event evo_eventtop past_event event\" data-event_id=\"90514\" data-time=\"1679702401-1679875199\" data-colr=\"#ffd900\" itemscope itemtype='http:\/\/schema.org\/Event' 3><div class=\"evo_event_schema\" style=\"display:none\" ><a itemprop='url'  href='https:\/\/www.federacao-triatlo.pt\/ftp2015\/events\/xx-triatlo-internacional-de-quarteira\/'><\/a><span itemprop='name'  >XX Triatlo Internacional de Quarteira<\/span><meta itemprop='image'  ><\/meta><meta itemprop='description' content='XX Triatlo Internacional de Quarteira' ><\/meta><meta itemprop='startDate' content='2023-3-25' ><\/meta><meta itemprop='endDate' content='2023-3-26' ><\/meta><meta itemprop='eventStatus' content='on-schedule' ><\/meta><script type=\"application\/ld+json\">{\t\"@context\": \"http:\/\/schema.org\",\r\n\t\t\t\t\t\t\t  \t\"@type\": \"Event\",\r\n\t\t\t\t\t\t\t  \t\"name\": \"XX Triatlo Internacional de Quarteira\",\r\n\t\t\t\t\t\t\t  \t\"startDate\": \"2023-3-25T00-00-00-00\",\r\n\t\t\t\t\t\t\t  \t\"endDate\": \"2023-3-26T23-23-59-00\",\r\n\t\t\t\t\t\t\t  \t\"image\":,\r\n\t\t\t\t\t\t\t  \t\"description\":\"XX Triatlo Internacional de Quarteira\",\r\n\t\t\t\t\t\t\t  \t\r\n\t\t\t\t\t\t\t }\r\n\t\t\t\t\t\t\t<\/script><\/div>\r\n\t\t\t\t<p class=\"desc_trig_outter\"><a data-gmap_status=\"null\" data-exlk=\"0\" style=\"border-color: #ffd900;\" id=\"evc_167970240190514\" class=\"desc_trig evo_competicao-internacional mul_val evcal_list_a\" data-ux_val=\"1\"  ><span class='evcal_cblock ' data-bgcolor='#ffd900' data-smon='Mar\u00e7o' data-syr='2023'><span class='evo_start '><em class='date'>25<\/em><em class='month'>mar<\/em><em class='time'>allday<\/em><\/span><span class='evo_end '><em class='date'>26<\/em><em class='time'>allday<\/em><\/span><em class='clear'><\/em><\/span><span class='evcal_desc evo_info hide_eventtopdata '  data-location_status=\"false\" ><span class='evo_above_title'><\/span><span class='evcal_desc2 evcal_event_title' itemprop='name'>XX Triatlo Internacional de Quarteira<\/span><span class='evo_below_title'><span class='evcal_event_subtitle' >Ta\u00e7a da Europa de Elites - Ta\u00e7a da Europa de Juniores<\/span><\/span><span class='evcal_desc_info' ><\/span><span class='evcal_desc3'><span class='evcal_event_types ett1'><em><i>Tipo de Evento:<\/i><\/em><em data-filter='event_type'>Competi\u00e7\u00e3o Internacional<\/em><i class='clear'><\/i><\/span><\/span><\/span><em class='clear'><\/em><\/p><\/a><div class='event_description evcal_eventcard ' style=\"display:none\"><div class='evo_metarow_time evorow evcal_evdata_row bordb evcal_evrow_sm '>\r\n\t\t\t\t\t\t\t<span class='evcal_evdata_icons'><i class='fa fa-clock-o'><\/i><\/span>\r\n\t\t\t\t\t\t\t<div class='evcal_evdata_cell'>\t\t\t\t\t\t\t\r\n\t\t\t\t\t\t\t\t<h3 class='evo_h3'><span class='evcal_evdata_icons'><i class='fa fa-clock-o'><\/i><\/span>Hor\u00e1rio<\/h3><p>Mar\u00e7o 25 (S\u00e1bado) - 26 (Domingo)<\/p>\r\n\t\t\t\t\t\t\t<\/div>\r\n\t\t\t\t\t\t<\/div>\t\t\t\t\t\t<div class='evo_metarow_ICS evorow bordb evcal_evdata_row'>\r\n\t\t\t\t\t\t\t<span class=\"evcal_evdata_icons\"><i class=\"fa fa-calendar\"><\/i><\/span>\r\n\t\t\t\t\t\t\t<div class='evcal_evdata_cell'>\r\n\t\t\t\t\t\t\t\t<p><a href='https:\/\/www.federacao-triatlo.pt\/ftp2015\/wp-admin\/admin-ajax.php?action=eventon_ics_download&amp;event_id=90514&amp;sunix=20230324T230000Z&amp;eunix=20230326T225900Z&amp;loca=&amp;locn=' class='evo_ics_nCal' title='Adicionar ao seu calend\u00e1rio'>Calend\u00e1rio<\/a><a href='\/\/www.google.com\/calendar\/event?action=TEMPLATE&amp;text=XX+Triatlo+Internacional+de+Quarteira&amp;dates=20230324T230000Z\/20230326T225900Z&amp;details=XX+Triatlo+Internacional+de+Quarteira&amp;location= - ' target='_blank' class='evo_ics_gCal' title='Adicionar ao calend\u00e1rio Google'>GoogleCal<\/a><\/p>\t\r\n\t\t\t\t\t\t\t<\/div>\t\t\t\t\t\t<\/div>\r\n\t\t\t\t\t\t<\/div><div class='clear end'><\/div><\/div><div id=\"event_90515\" class=\"eventon_list_event evo_eventtop past_event event\" data-event_id=\"90515\" data-time=\"1679788801-1679875199\" data-colr=\"#007230\" itemscope itemtype='http:\/\/schema.org\/Event' 4><div class=\"evo_event_schema\" style=\"display:none\" ><a itemprop='url'  href='https:\/\/www.federacao-triatlo.pt\/ftp2015\/events\/xxi-triatlo-cidade-de-quarteira\/'><\/a><span itemprop='name'  >XXI Triatlo Cidade de Quarteira<\/span><meta itemprop='image'  ><\/meta><meta itemprop='description' content='Regulamento XXI Triatlo Quarteira v02\r\n\r\nPercursos XXI Triatlo Quarteira v01\r\n\r\nLista Inscritos Campeonato Nacional Militar\r\n\r\nLista Inscritos Ta\u00e7a de Portugal' ><\/meta><meta itemprop='startDate' content='2023-3-26' ><\/meta><meta itemprop='endDate' content='2023-3-26' ><\/meta><meta itemprop='eventStatus' content='on-schedule' ><\/meta><script type=\"application\/ld+json\">{\t\"@context\": \"http:\/\/schema.org\",\r\n\t\t\t\t\t\t\t  \t\"@type\": \"Event\",\r\n\t\t\t\t\t\t\t  \t\"name\": \"XXI Triatlo Cidade de Quarteira\",\r\n\t\t\t\t\t\t\t  \t\"startDate\": \"2023-3-26T00-00-00-00\",\r\n\t\t\t\t\t\t\t  \t\"endDate\": \"2023-3-26T23-23-59-00\",\r\n\t\t\t\t\t\t\t  \t\"image\":,\r\n\t\t\t\t\t\t\t  \t\"description\":\"Regulamento XXI Triatlo Quarteira v02\r\n\r\nPercursos XXI Triatlo Quarteira v01\r\n\r\nLista Inscritos Campeonato Nacional Militar\r\n\r\nLista Inscritos Ta\u00e7a de Portugal\",\r\n\t\t\t\t\t\t\t  \t\r\n\t\t\t\t\t\t\t }\r\n\t\t\t\t\t\t\t<\/script><\/div>\r\n\t\t\t\t<p class=\"desc_trig_outter\"><a data-gmap_status=\"null\" data-exlk=\"0\" style=\"border-color: #007230;\" id=\"evc_167978880190515\" class=\"desc_trig evo_competicao-nacional sin_val evcal_list_a\" data-ux_val=\"1\"  ><span class='evcal_cblock ' data-bgcolor='#007230' data-smon='Mar\u00e7o' data-syr='2023'><span class='evo_start '><em class='date'>26<\/em><em class='month'>mar<\/em><em class='time'>allday<\/em><\/span><span class='evo_end only_time'><em class='time'>allday<\/em><\/span><em class='clear'><\/em><\/span><span class='evcal_desc evo_info hide_eventtopdata '  data-location_status=\"false\" ><span class='evo_above_title'><\/span><span class='evcal_desc2 evcal_event_title' itemprop='name'>XXI Triatlo Cidade de Quarteira<\/span><span class='evo_below_title'><span class='evcal_event_subtitle' >Ta\u00e7a de Portugal<\/span><\/span><span class='evcal_desc_info' ><\/span><span class='evcal_desc3'><span class='evcal_event_types ett1'><em><i>Tipo de Evento:<\/i><\/em><em data-filter='event_type'>Competi\u00e7\u00e3o Nacional<\/em><i class='clear'><\/i><\/span><\/span><\/span><em class='clear'><\/em><\/p><\/a><div class='event_description evcal_eventcard ' style=\"display:none\"><div class='evo_metarow_details evorow evcal_evdata_row bordb evcal_event_details'>\r\n\t\t\t\t\t\t\t<div class=\"event_excerpt\" style=\"display:none\"><h3 class=\"padb5 evo_h3\">Detalhes do Evento<\/h3><p>Regulamento XXI Triatlo Quarteira v02\r\n\r\nPercursos XXI Triatlo Quarteira v01\r\n\r\nLista Inscritos Campeonato Nacional Militar\r\n\r\nLista Inscritos Ta\u00e7a de Portugal<\/p><\/div><span class='evcal_evdata_icons'><i class='fa fa-align-justify'><\/i><\/span>\r\n\t\t\t\t\t\t\t\r\n\t\t\t\t\t\t\t<div class='evcal_evdata_cell '><div class='eventon_full_description'>\r\n\t\t\t\t\t\t\t\t\t<h3 class='padb5 evo_h3'><span class='evcal_evdata_icons'><i class='fa fa-align-justify'><\/i><\/span>Detalhes do Evento<\/h3><div class='eventon_desc_in' itemprop='description'>\r\n\t\t\t\t\t\t\t\t\t<p><a href=\"https:\/\/www.federacao-triatlo.pt\/ftp2015\/wp-content\/uploads\/2023\/01\/2023-03-26-Regulamento-XXI-Triatlo-Quarteira-1.pdf\">Regulamento XXI Triatlo Quarteira v02<\/a><\/p>\n<p><a href=\"https:\/\/www.federacao-triatlo.pt\/ftp2015\/wp-content\/uploads\/2023\/01\/2023-03-26-Percursos-XXI-Triatlo-Quarteira-1.pdf\">Percursos XXI Triatlo Quarteira v01<\/a><\/p>\n<p><a href=\"https:\/\/www.federacao-triatlo.pt\/ftp2015\/wp-content\/uploads\/2023\/01\/Lista-Inscritos-Campeonato-Nacional-Militar-1.pdf\">Lista Inscritos Campeonato Nacional Militar<\/a><\/p>\n<p><a href=\"https:\/\/www.federacao-triatlo.pt\/ftp2015\/wp-content\/uploads\/2023\/01\/Lista-Inscritos-Taca-de-Portugal-2.pdf\">Lista Inscritos Ta\u00e7a de Portugal<\/a><\/p>\n<\/div><div class='clear'><\/div>\r\n\t\t\t\t\t\t\t\t<\/div>\r\n\t\t\t\t\t\t\t<\/div>\r\n\t\t\t\t\t\t<\/div><div class='evo_metarow_time evorow evcal_evdata_row bordb evcal_evrow_sm '>\r\n\t\t\t\t\t\t\t<span class='evcal_evdata_icons'><i class='fa fa-clock-o'><\/i><\/span>\r\n\t\t\t\t\t\t\t<div class='evcal_evdata_cell'>\t\t\t\t\t\t\t\r\n\t\t\t\t\t\t\t\t<h3 class='evo_h3'><span class='evcal_evdata_icons'><i class='fa fa-clock-o'><\/i><\/span>Hor\u00e1rio<\/h3><p>Todo o dia (Domingo)<\/p>\r\n\t\t\t\t\t\t\t<\/div>\r\n\t\t\t\t\t\t<\/div>\t\t\t\t\t\t<div class='evo_metarow_ICS evorow bordb evcal_evdata_row'>\r\n\t\t\t\t\t\t\t<span class=\"evcal_evdata_icons\"><i class=\"fa fa-calendar\"><\/i><\/span>\r\n\t\t\t\t\t\t\t<div class='evcal_evdata_cell'>\r\n\t\t\t\t\t\t\t\t<p><a href='https:\/\/www.federacao-triatlo.pt\/ftp2015\/wp-admin\/admin-ajax.php?action=eventon_ics_download&amp;event_id=90515&amp;sunix=20230325T230000Z&amp;eunix=20230326T225900Z&amp;loca=&amp;locn=' class='evo_ics_nCal' title='Adicionar ao seu calend\u00e1rio'>Calend\u00e1rio<\/a><a href='\/\/www.google.com\/calendar\/event?action=TEMPLATE&amp;text=XXI+Triatlo+Cidade+de+Quarteira&amp;dates=20230325T230000Z\/20230326T225900Z&amp;details=Regulamento+XXI+Triatlo+Quarteira+v02%0D%0A%0D%0APercursos+XXI+Triatlo+Quarteira+v01%0D%0A%0D%0ALista+Inscritos+Campeonato+Nacional+Militar%0D%0A%0D%0ALista+Inscritos+Ta%C3%A7a+de+Portugal&amp;location= - ' target='_blank' class='evo_ics_gCal' title='Adicionar ao calend\u00e1rio Google'>GoogleCal<\/a><\/p>\t\r\n\t\t\t\t\t\t\t<\/div>\t\t\t\t\t\t<\/div>\r\n\t\t\t\t\t\t<\/div><div class='clear end'><\/div><\/div><\/div><div class='evcal_month_line'><p>Abril 2023<\/p><\/div><div id='evcal_list' class='evcal_list_month eventon_events_list '><div id=\"event_90516\" class=\"eventon_list_event evo_eventtop past_event event\" data-event_id=\"90516\" data-time=\"1681603201-1681689599\" data-colr=\"#007230\" itemscope itemtype='http:\/\/schema.org\/Event' 1><div class=\"evo_event_schema\" style=\"display:none\" ><a itemprop='url'  href='https:\/\/www.federacao-triatlo.pt\/ftp2015\/events\/xxxvi-triatlo-de-oeiras\/'><\/a><span itemprop='name'  >XXXVI Triatlo de Oeiras<\/span><meta itemprop='image' content='https:\/\/www.federacao-triatlo.pt\/ftp2015\/wp-content\/uploads\/2023\/01\/F_Cartaz_TRIATLO_OEIRAS_23-01-2-208x300.jpg' ><\/meta><meta itemprop='description' content='Regulamento XXXVI Triatlo de Oeiras v04\r\n\r\nPercursos XXXVI Triatlo de Oeiras - CN Grupos de Idade v02\r\n\r\nPercursos XXXVI Triatlo de Oeiras - CN Cadetes e Prova Aberta v01\r\n\r\n' ><\/meta><meta itemprop='startDate' content='2023-4-16' ><\/meta><meta itemprop='endDate' content='2023-4-16' ><\/meta><meta itemprop='eventStatus' content='on-schedule' ><\/meta><script type=\"application\/ld+json\">{\t\"@context\": \"http:\/\/schema.org\",\r\n\t\t\t\t\t\t\t  \t\"@type\": \"Event\",\r\n\t\t\t\t\t\t\t  \t\"name\": \"XXXVI Triatlo de Oeiras\",\r\n\t\t\t\t\t\t\t  \t\"startDate\": \"2023-4-16T00-00-00-00\",\r\n\t\t\t\t\t\t\t  \t\"endDate\": \"2023-4-16T23-23-59-00\",\r\n\t\t\t\t\t\t\t  \t\"image\":\"https:\/\/www.federacao-triatlo.pt\/ftp2015\/wp-content\/uploads\/2023\/01\/F_Cartaz_TRIATLO_OEIRAS_23-01-2-208x300.jpg\",\r\n\t\t\t\t\t\t\t  \t\"description\":\"Regulamento XXXVI Triatlo de Oeiras v04\r\n\r\nPercursos XXXVI Triatlo de Oeiras - CN Grupos de Idade v02\r\n\r\nPercursos XXXVI Triatlo de Oeiras - CN Cadetes e Prova Aberta v01\r\n\r\n\",\r\n\t\t\t\t\t\t\t  \t\r\n\t\t\t\t\t\t\t }\r\n\t\t\t\t\t\t\t<\/script><\/div>\r\n\t\t\t\t<p class=\"desc_trig_outter\"><a data-gmap_status=\"null\" data-exlk=\"0\" style=\"border-color: #007230;\" id=\"evc_168160320190516\" class=\"desc_trig evo_competicao-nacional sin_val evcal_list_a\" data-ux_val=\"1\"  ><span class='evcal_cblock ' data-bgcolor='#007230' data-smon='Abril' data-syr='2023'><span class='evo_start '><em class='date'>16<\/em><em class='month'>abr<\/em><em class='time'>allday<\/em><\/span><span class='evo_end only_time'><em class='time'>allday<\/em><\/span><em class='clear'><\/em><\/span><span class='evcal_desc evo_info hide_eventtopdata '  data-location_status=\"false\" ><span class='evo_above_title'><\/span><span class='evcal_desc2 evcal_event_title' itemprop='name'>XXXVI Triatlo de Oeiras<\/span><span class='evo_below_title'><span class='evcal_event_subtitle' >Campeonato Nacional Individual de Triatlo Sprint - Campeonato Nacional de Triatlo Sprint de Juniores - Campeonato Nacional de Triatlo de Cadetes - Campeonato Nacional Individual de Paratriatlo - Prova Aberta<\/span><\/span><span class='evcal_desc_info' ><\/span><span class='evcal_desc3'><span class='evcal_event_types ett1'><em><i>Tipo de Evento:<\/i><\/em><em data-filter='event_type'>Competi\u00e7\u00e3o Nacional<\/em><i class='clear'><\/i><\/span><\/span><\/span><em class='clear'><\/em><\/p><\/a><div class='event_description evcal_eventcard ' style=\"display:none\"><div class='evo_metarow_directimg'><img src='https:\/\/www.federacao-triatlo.pt\/ftp2015\/wp-content\/uploads\/2023\/01\/F_Cartaz_TRIATLO_OEIRAS_23-01-2.jpg' \/><\/div><div class='evo_metarow_details evorow evcal_evdata_row bordb evcal_event_details'>\r\n\t\t\t\t\t\t\t<div class=\"event_excerpt\" style=\"display:none\"><h3 class=\"padb5 evo_h3\">Detalhes do Evento<\/h3><p>Regulamento XXXVI Triatlo de Oeiras v04\r\n\r\nPercursos XXXVI Triatlo de Oeiras - CN Grupos de Idade v02\r\n\r\nPercursos XXXVI Triatlo de Oeiras - CN Cadetes e Prova Aberta v01\r\n\r\n<\/p><\/div><span class='evcal_evdata_icons'><i class='fa fa-align-justify'><\/i><\/span>\r\n\t\t\t\t\t\t\t\r\n\t\t\t\t\t\t\t<div class='evcal_evdata_cell '><div class='eventon_full_description'>\r\n\t\t\t\t\t\t\t\t\t<h3 class='padb5 evo_h3'><span class='evcal_evdata_icons'><i class='fa fa-align-justify'><\/i><\/span>Detalhes do Evento<\/h3><div class='eventon_desc_in' itemprop='description'>\r\n\t\t\t\t\t\t\t\t\t<p><a href=\"https:\/\/www.federacao-triatlo.pt\/ftp2015\/wp-content\/uploads\/2023\/01\/2023-04-16-Regulamento-XXXVI-Triatlo-de-Oeiras-6.pdf\">Regulamento XXXVI Triatlo de Oeiras v04<\/a><\/p>\n<p><a href=\"https:\/\/www.federacao-triatlo.pt\/ftp2015\/wp-content\/uploads\/2023\/01\/2023-04-16-Percursos-XXXVI-Triatlo-de-Oeiras-2.pdf\">Percursos XXXVI Triatlo de Oeiras &#8211; CN Grupos de Idade v02<\/a><\/p>\n<p><a href=\"https:\/\/www.federacao-triatlo.pt\/ftp2015\/wp-content\/uploads\/2023\/01\/2023-04-16-Percursos-XXXVI-Triatlo-de-Oeiras-Cadetes-e-Prova-Aberta-1.pdf\">Percursos XXXVI Triatlo de Oeiras &#8211; CN Cadetes e Prova Aberta v01<\/a><\/p>\n<p><a href=\"https:\/\/www.federacao-triatlo.pt\/ftp2015\/wp-content\/uploads\/2023\/01\/2023-04-16-Percursos-XXXVI-Triatlo-de-Oeiras-Elites-1.pdf\">Percursos XXXVI Triatlo de Oeiras &#8211; CN Elites v01<\/a><\/p>\n<p><a href=\"https:\/\/www.federacao-triatlo.pt\/ftp2015\/wp-content\/uploads\/2023\/01\/Lista-Inscritos-Camp.-Nac.-Cadetes-1.pdf\">Lista Inscritos Camp. Nac. Cadetes<\/a><\/p>\n<p><a href=\"https:\/\/www.federacao-triatlo.pt\/ftp2015\/wp-content\/uploads\/2023\/01\/Lista-Inscritos-Camp.-Nac.-Individual-Elites-3.pdf\">Lista Inscritos Camp. Nac. Individual &#8211; Elites<\/a><\/p>\n<p><a href=\"https:\/\/www.federacao-triatlo.pt\/ftp2015\/wp-content\/uploads\/2023\/01\/Lista-Inscritos-Camp.-Nac.-Individual-Grupos-de-Idade-1.pdf\">Lista Inscritos Camp. Nac. Individual &#8211; Grupos de Idade<\/a><\/p>\n<p><a href=\"https:\/\/www.federacao-triatlo.pt\/ftp2015\/wp-content\/uploads\/2023\/01\/Lista-Inscritos-Camp.-Nac.-Paratriatlo-1.pdf\">Lista Inscritos Camp. Nac. Paratriatlo<\/a><\/p>\n<p><a href=\"https:\/\/www.federacao-triatlo.pt\/ftp2015\/wp-content\/uploads\/2023\/01\/Lista-Inscritos-Prova-Aberta-1.pdf\">Lista Inscritos Prova Aberta<\/a><\/p>\n<\/div><div class='clear'><\/div>\r\n\t\t\t\t\t\t\t\t<\/div>\r\n\t\t\t\t\t\t\t<\/div>\r\n\t\t\t\t\t\t<\/div><div class='evo_metarow_time evorow evcal_evdata_row bordb evcal_evrow_sm '>\r\n\t\t\t\t\t\t\t<span class='evcal_evdata_icons'><i class='fa fa-clock-o'><\/i><\/span>\r\n\t\t\t\t\t\t\t<div class='evcal_evdata_cell'>\t\t\t\t\t\t\t\r\n\t\t\t\t\t\t\t\t<h3 class='evo_h3'><span class='evcal_evdata_icons'><i class='fa fa-clock-o'><\/i><\/span>Hor\u00e1rio<\/h3><p>Todo o dia (Domingo)<\/p>\r\n\t\t\t\t\t\t\t<\/div>\r\n\t\t\t\t\t\t<\/div>\t\t\t\t\t\t<div class='evo_metarow_ICS evorow bordb evcal_evdata_row'>\r\n\t\t\t\t\t\t\t<span class=\"evcal_evdata_icons\"><i class=\"fa fa-calendar\"><\/i><\/span>\r\n\t\t\t\t\t\t\t<div class='evcal_evdata_cell'>\r\n\t\t\t\t\t\t\t\t<p><a href='https:\/\/www.federacao-triatlo.pt\/ftp2015\/wp-admin\/admin-ajax.php?action=eventon_ics_download&amp;event_id=90516&amp;sunix=20230415T230000Z&amp;eunix=20230416T225900Z&amp;loca=&amp;locn=' class='evo_ics_nCal' title='Adicionar ao seu calend\u00e1rio'>Calend\u00e1rio<\/a><a href='\/\/www.google.com\/calendar\/event?action=TEMPLATE&amp;text=XXXVI+Triatlo+de+Oeiras&amp;dates=20230415T230000Z\/20230416T225900Z&amp;details=Regulamento+XXXVI+Triatlo+de+Oeiras+v04%0D%0A%0D%0APercursos+XXXVI+Triatlo+de+Oeiras+-+CN+Grupos+de+Idade+v02%0D%0A%0D%0APercursos+XXXVI+Triatlo+de+Oeiras+-+CN+Cadetes+e+Prova+Aberta+v01%0D%0A%0D%0A&amp;location= - ' target='_blank' class='evo_ics_gCal' title='Adicionar ao calend\u00e1rio Google'>GoogleCal<\/a><\/p>\t\r\n\t\t\t\t\t\t\t<\/div>\t\t\t\t\t\t<\/div>\r\n\t\t\t\t\t\t<\/div><div class='clear end'><\/div><\/div><div id=\"event_90517\" class=\"eventon_list_event evo_eventtop past_event event\" data-event_id=\"90517\" data-time=\"1682121601-1682207999\" data-colr=\"#007230\" itemscope itemtype='http:\/\/schema.org\/Event' 2><div class=\"evo_event_schema\" style=\"display:none\" ><a itemprop='url'  href='https:\/\/www.federacao-triatlo.pt\/ftp2015\/events\/xxvii-duatlo-de-grandola\/'><\/a><span itemprop='name'  >XXVII Duatlo de Gr\u00e2ndola<\/span><meta itemprop='image'  ><\/meta><meta itemprop='description' content='Regulamento XXVII Duatlo de Gr\u00e2ndola v01\r\n\r\nPercursos XXVII Duatlo de Gr\u00e2ndola v01\r\n\r\nParques de Estacionamento para Atletas\r\n\r\nLista Inscritos Camp. Nac. Clubes Duatlo\r\n\r\nLista Inscritos Prova Aberta\r\n\r\n&nbsp;\r\n\r\n&nbsp;' ><\/meta><meta itemprop='startDate' content='2023-4-22' ><\/meta><meta itemprop='endDate' content='2023-4-22' ><\/meta><meta itemprop='eventStatus' content='on-schedule' ><\/meta><script type=\"application\/ld+json\">{\t\"@context\": \"http:\/\/schema.org\",\r\n\t\t\t\t\t\t\t  \t\"@type\": \"Event\",\r\n\t\t\t\t\t\t\t  \t\"name\": \"XXVII Duatlo de Gr\u00e2ndola\",\r\n\t\t\t\t\t\t\t  \t\"startDate\": \"2023-4-22T00-00-00-00\",\r\n\t\t\t\t\t\t\t  \t\"endDate\": \"2023-4-22T23-23-59-00\",\r\n\t\t\t\t\t\t\t  \t\"image\":,\r\n\t\t\t\t\t\t\t  \t\"description\":\"Regulamento XXVII Duatlo de Gr\u00e2ndola v01\r\n\r\nPercursos XXVII Duatlo de Gr\u00e2ndola v01\r\n\r\nParques de Estacionamento para Atletas\r\n\r\nLista Inscritos Camp. Nac. Clubes Duatlo\r\n\r\nLista Inscritos Prova Aberta\r\n\r\n&nbsp;\r\n\r\n&nbsp;\",\r\n\t\t\t\t\t\t\t  \t\r\n\t\t\t\t\t\t\t }\r\n\t\t\t\t\t\t\t<\/script><\/div>\r\n\t\t\t\t<p class=\"desc_trig_outter\"><a data-gmap_status=\"null\" data-exlk=\"0\" style=\"border-color: #007230;\" id=\"evc_168212160190517\" class=\"desc_trig evo_competicao-nacional sin_val evcal_list_a\" data-ux_val=\"1\"  ><span class='evcal_cblock ' data-bgcolor='#007230' data-smon='Abril' data-syr='2023'><span class='evo_start '><em class='date'>22<\/em><em class='month'>abr<\/em><em class='time'>allday<\/em><\/span><span class='evo_end only_time'><em class='time'>allday<\/em><\/span><em class='clear'><\/em><\/span><span class='evcal_desc evo_info hide_eventtopdata '  data-location_status=\"false\" ><span class='evo_above_title'><\/span><span class='evcal_desc2 evcal_event_title' itemprop='name'>XXVII Duatlo de Gr\u00e2ndola<\/span><span class='evo_below_title'><span class='evcal_event_subtitle' >Campeonato Nacional de Clubes de Duatlo<\/span><\/span><span class='evcal_desc_info' ><\/span><span class='evcal_desc3'><span class='evcal_event_types ett1'><em><i>Tipo de Evento:<\/i><\/em><em data-filter='event_type'>Competi\u00e7\u00e3o Nacional<\/em><i class='clear'><\/i><\/span><\/span><\/span><em class='clear'><\/em><\/p><\/a><div class='event_description evcal_eventcard ' style=\"display:none\"><div class='evo_metarow_details evorow evcal_evdata_row bordb evcal_event_details'>\r\n\t\t\t\t\t\t\t<div class=\"event_excerpt\" style=\"display:none\"><h3 class=\"padb5 evo_h3\">Detalhes do Evento<\/h3><p>Regulamento XXVII Duatlo de Gr\u00e2ndola v01\r\n\r\nPercursos XXVII Duatlo de Gr\u00e2ndola v01\r\n\r\nParques de Estacionamento para Atletas\r\n\r\nLista Inscritos Camp. Nac. Clubes Duatlo\r\n\r\nLista Inscritos Prova Aberta\r\n\r\n&nbsp;\r\n\r\n&nbsp;<\/p><\/div><span class='evcal_evdata_icons'><i class='fa fa-align-justify'><\/i><\/span>\r\n\t\t\t\t\t\t\t\r\n\t\t\t\t\t\t\t<div class='evcal_evdata_cell '><div class='eventon_full_description'>\r\n\t\t\t\t\t\t\t\t\t<h3 class='padb5 evo_h3'><span class='evcal_evdata_icons'><i class='fa fa-align-justify'><\/i><\/span>Detalhes do Evento<\/h3><div class='eventon_desc_in' itemprop='description'>\r\n\t\t\t\t\t\t\t\t\t<p><a href=\"https:\/\/www.federacao-triatlo.pt\/ftp2015\/wp-content\/uploads\/2023\/01\/2023-04-22-Regulamento-XXVII-Duatlo-de-Grandola-.pdf\">Regulamento XXVII Duatlo de Gr\u00e2ndola v01<\/a><\/p>\n<p><a href=\"https:\/\/www.federacao-triatlo.pt\/ftp2015\/wp-content\/uploads\/2023\/01\/2023-04-22-Percursos-XXVII-Duatlo-de-Grandola.pdf\">Percursos XXVII Duatlo de Gr\u00e2ndola v01<\/a><\/p>\n<p><a href=\"https:\/\/www.federacao-triatlo.pt\/ftp2015\/wp-content\/uploads\/2023\/01\/Parques-de-Estacionamento-para-Atletas.pdf.pdf\">Parques de Estacionamento para Atletas<\/a><\/p>\n<p><a href=\"https:\/\/www.federacao-triatlo.pt\/ftp2015\/wp-content\/uploads\/2023\/01\/Lista-Inscritos-Camp.-Nac.-Clubes-Duatlo-2.pdf\">Lista Inscritos Camp. Nac. Clubes Duatlo<\/a><\/p>\n<p><a href=\"https:\/\/www.federacao-triatlo.pt\/ftp2015\/wp-content\/uploads\/2023\/01\/Lista-Inscritos-Prova-Aberta-3.pdf\">Lista Inscritos Prova Aberta<\/a><\/p>\n<p>&nbsp;<\/p>\n<p>&nbsp;<\/p>\n<\/div><div class='clear'><\/div>\r\n\t\t\t\t\t\t\t\t<\/div>\r\n\t\t\t\t\t\t\t<\/div>\r\n\t\t\t\t\t\t<\/div><div class='evo_metarow_time evorow evcal_evdata_row bordb evcal_evrow_sm '>\r\n\t\t\t\t\t\t\t<span class='evcal_evdata_icons'><i class='fa fa-clock-o'><\/i><\/span>\r\n\t\t\t\t\t\t\t<div class='evcal_evdata_cell'>\t\t\t\t\t\t\t\r\n\t\t\t\t\t\t\t\t<h3 class='evo_h3'><span class='evcal_evdata_icons'><i class='fa fa-clock-o'><\/i><\/span>Hor\u00e1rio<\/h3><p>Todo o dia (S\u00e1bado)<\/p>\r\n\t\t\t\t\t\t\t<\/div>\r\n\t\t\t\t\t\t<\/div>\t\t\t\t\t\t<div class='evo_metarow_ICS evorow bordb evcal_evdata_row'>\r\n\t\t\t\t\t\t\t<span class=\"evcal_evdata_icons\"><i class=\"fa fa-calendar\"><\/i><\/span>\r\n\t\t\t\t\t\t\t<div class='evcal_evdata_cell'>\r\n\t\t\t\t\t\t\t\t<p><a href='https:\/\/www.federacao-triatlo.pt\/ftp2015\/wp-admin\/admin-ajax.php?action=eventon_ics_download&amp;event_id=90517&amp;sunix=20230421T230000Z&amp;eunix=20230422T225900Z&amp;loca=&amp;locn=' class='evo_ics_nCal' title='Adicionar ao seu calend\u00e1rio'>Calend\u00e1rio<\/a><a href='\/\/www.google.com\/calendar\/event?action=TEMPLATE&amp;text=XXVII+Duatlo+de+Gr%C3%A2ndola&amp;dates=20230421T230000Z\/20230422T225900Z&amp;details=Regulamento+XXVII+Duatlo+de+Gr%C3%A2ndola+v01%0D%0A%0D%0APercursos+XXVII+Duatlo+de+Gr%C3%A2ndola+v01%0D%0A%0D%0AParques+de+Estacionamento+para+Atletas%0D%0A%0D%0ALista+Inscritos+Camp.+Nac.+Clubes+Duatlo%0D%0A%0D%0ALista+Inscritos+Prova+Aberta%0D%0A%0D%0A%26nbsp%3B%0D%0A%0D%0A%26nbsp%3B&amp;location= - ' target='_blank' class='evo_ics_gCal' title='Adicionar ao calend\u00e1rio Google'>GoogleCal<\/a><\/p>\t\r\n\t\t\t\t\t\t\t<\/div>\t\t\t\t\t\t<\/div>\r\n\t\t\t\t\t\t<\/div><div class='clear end'><\/div><\/div><\/div><div class='evcal_month_line'><p>Maio 2023<\/p><\/div><div id='evcal_list' class='evcal_list_month eventon_events_list '><div id=\"event_90518\" class=\"eventon_list_event evo_eventtop past_event event\" data-event_id=\"90518\" data-time=\"1683331201-1683417599\" data-colr=\"#007230\" itemscope itemtype='http:\/\/schema.org\/Event' 1><div class=\"evo_event_schema\" style=\"display:none\" ><a itemprop='url'  href='https:\/\/www.federacao-triatlo.pt\/ftp2015\/events\/xxxviii-triatlo-cidade-de-peniche\/'><\/a><span itemprop='name'  >XXXVIII Triatlo Cidade de Peniche<\/span><meta itemprop='image'  ><\/meta><meta itemprop='description' content='Regulamento XXXVIII Triatlo Cidade de Peniche v03\r\n\r\nPercursos XXXVIII Triatlo Cidade de Peniche - CN Jovem\r\n\r\nPercursos XXXVIII Triatlo Cidade de Peniche - Aquatlo Prova Aberta\r\n\r\nPercursos XXXVIII Triatlo' ><\/meta><meta itemprop='startDate' content='2023-5-6' ><\/meta><meta itemprop='endDate' content='2023-5-6' ><\/meta><meta itemprop='eventStatus' content='on-schedule' ><\/meta><script type=\"application\/ld+json\">{\t\"@context\": \"http:\/\/schema.org\",\r\n\t\t\t\t\t\t\t  \t\"@type\": \"Event\",\r\n\t\t\t\t\t\t\t  \t\"name\": \"XXXVIII Triatlo Cidade de Peniche\",\r\n\t\t\t\t\t\t\t  \t\"startDate\": \"2023-5-6T00-00-00-00\",\r\n\t\t\t\t\t\t\t  \t\"endDate\": \"2023-5-6T23-23-59-00\",\r\n\t\t\t\t\t\t\t  \t\"image\":,\r\n\t\t\t\t\t\t\t  \t\"description\":\"Regulamento XXXVIII Triatlo Cidade de Peniche v03\r\n\r\nPercursos XXXVIII Triatlo Cidade de Peniche - CN Jovem\r\n\r\nPercursos XXXVIII Triatlo Cidade de Peniche - Aquatlo Prova Aberta\r\n\r\nPercursos XXXVIII Triatlo\",\r\n\t\t\t\t\t\t\t  \t\r\n\t\t\t\t\t\t\t }\r\n\t\t\t\t\t\t\t<\/script><\/div>\r\n\t\t\t\t<p class=\"desc_trig_outter\"><a data-gmap_status=\"null\" data-exlk=\"0\" style=\"border-color: #007230;\" id=\"evc_168333120190518\" class=\"desc_trig evo_competicao-nacional sin_val evcal_list_a\" data-ux_val=\"1\"  ><span class='evcal_cblock ' data-bgcolor='#007230' data-smon='Maio' data-syr='2023'><span class='evo_start '><em class='date'>06<\/em><em class='month'>mai<\/em><em class='time'>allday<\/em><\/span><span class='evo_end only_time'><em class='time'>allday<\/em><\/span><em class='clear'><\/em><\/span><span class='evcal_desc evo_info hide_eventtopdata '  data-location_status=\"false\" ><span class='evo_above_title'><\/span><span class='evcal_desc2 evcal_event_title' itemprop='name'>XXXVIII Triatlo Cidade de Peniche<\/span><span class='evo_below_title'><span class='evcal_event_subtitle' >Campeonato Nacional de Clubes de Triatlo - Campeonato Nacional Jovem - Campeonato Nacional de Juvenis<\/span><\/span><span class='evcal_desc_info' ><\/span><span class='evcal_desc3'><span class='evcal_event_types ett1'><em><i>Tipo de Evento:<\/i><\/em><em data-filter='event_type'>Competi\u00e7\u00e3o Nacional<\/em><i class='clear'><\/i><\/span><\/span><\/span><em class='clear'><\/em><\/p><\/a><div class='event_description evcal_eventcard ' style=\"display:none\"><div class='evo_metarow_details evorow evcal_evdata_row bordb evcal_event_details'>\r\n\t\t\t\t\t\t\t<div class=\"event_excerpt\" style=\"display:none\"><h3 class=\"padb5 evo_h3\">Detalhes do Evento<\/h3><p>Regulamento XXXVIII Triatlo Cidade de Peniche v03\r\n\r\nPercursos XXXVIII Triatlo Cidade de Peniche - CN Jovem\r\n\r\nPercursos XXXVIII Triatlo Cidade de Peniche - Aquatlo Prova Aberta\r\n\r\nPercursos XXXVIII Triatlo<\/p><\/div><span class='evcal_evdata_icons'><i class='fa fa-align-justify'><\/i><\/span>\r\n\t\t\t\t\t\t\t\r\n\t\t\t\t\t\t\t<div class='evcal_evdata_cell '><div class='eventon_full_description'>\r\n\t\t\t\t\t\t\t\t\t<h3 class='padb5 evo_h3'><span class='evcal_evdata_icons'><i class='fa fa-align-justify'><\/i><\/span>Detalhes do Evento<\/h3><div class='eventon_desc_in' itemprop='description'>\r\n\t\t\t\t\t\t\t\t\t<p><a href=\"https:\/\/www.federacao-triatlo.pt\/ftp2015\/wp-content\/uploads\/2023\/01\/2023-05-06-Regulamento-XXXVIII-Triatlo-Cidade-de-Peniche-3.pdf\">Regulamento XXXVIII Triatlo Cidade de Peniche v03<\/a><\/p>\n<p><a href=\"https:\/\/www.federacao-triatlo.pt\/ftp2015\/wp-content\/uploads\/2023\/01\/2023-05-06-Percursos-Aquatlo-Jovem-de-Peniche.pdf\">Percursos XXXVIII Triatlo Cidade de Peniche &#8211; CN Jovem<\/a><\/p>\n<p><a href=\"https:\/\/www.federacao-triatlo.pt\/ftp2015\/wp-content\/uploads\/2023\/01\/2023-05-06-Percursos-Aquatlo-Prova-Aberta.pdf\">Percursos XXXVIII Triatlo Cidade de Peniche &#8211; Aquatlo Prova Aberta<\/a><\/p>\n<p><a href=\"https:\/\/www.federacao-triatlo.pt\/ftp2015\/wp-content\/uploads\/2023\/01\/2023-05-06-Percursos-XXXVIII-Triatlo-Cidade-de-Peniche.pdf\">Percursos XXXVIII Triatlo Cidade de Peniche &#8211; CN Clubes Triatlo<\/a><\/p>\n<p><a href=\"https:\/\/www.federacao-triatlo.pt\/ftp2015\/wp-content\/uploads\/2023\/01\/Lista-Inscritos-Camp.-Nac.-Clubes-Triatlo-1.pdf\">Lista Inscritos Camp. Nac. Clubes Triatlo<\/a><\/p>\n<p><a href=\"https:\/\/www.federacao-triatlo.pt\/ftp2015\/wp-content\/uploads\/2023\/01\/Lista-Inscritos-Campeonato-Nacional-Jovem-1.pdf\">Lista Inscritos Campeonato Nacional Jovem<\/a><\/p>\n<p><a href=\"https:\/\/www.federacao-triatlo.pt\/ftp2015\/wp-content\/uploads\/2023\/01\/Lista-Inscritos-Prova-Aberta-4.pdf\">Lista Inscritos Prova Aberta<\/a><\/p>\n<p><strong>Nota:\u00a0<\/strong>Dado o n\u00famero elevado de atletas inscritos no Campeonato Nacional Jovem, nos escal\u00f5es Benjamins, Infantis e Iniciados as partidas ser\u00e3o por vagas conforme as listas abaixo indicadas<\/p>\n<p><a href=\"https:\/\/www.federacao-triatlo.pt\/ftp2015\/wp-content\/uploads\/2023\/01\/CN-Jovem-Benjamins-Femininos-1a-Vaga-2.pdf\">CN Jovem &#8211; Benjamins Femininos 1\u00aa Vaga (05-05-2023)<\/a><\/p>\n<p><a href=\"https:\/\/www.federacao-triatlo.pt\/ftp2015\/wp-content\/uploads\/2023\/01\/CN-Jovem-Benjamins-Masculinos-1a-Vaga-2.pdf\">CN Jovem &#8211; Benjamins Masculinos 1\u00aa Vaga<\/a><a href=\"https:\/\/www.federacao-triatlo.pt\/ftp2015\/wp-content\/uploads\/2023\/01\/CN-Jovem-Benjamins-Femininos-1a-Vaga-2.pdf\"> (05-05-2023)<\/a><\/p>\n<p><a href=\"https:\/\/www.federacao-triatlo.pt\/ftp2015\/wp-content\/uploads\/2023\/01\/CN-Jovem-Benjamins-Masculinos-2a-Vaga-2.pdf\">CN Jovem &#8211; Benjamins Masculinos 2\u00aa Vaga<\/a><a href=\"https:\/\/www.federacao-triatlo.pt\/ftp2015\/wp-content\/uploads\/2023\/01\/CN-Jovem-Benjamins-Femininos-1a-Vaga-2.pdf\"> (05-05-2023)<\/a><\/p>\n<p><a href=\"https:\/\/www.federacao-triatlo.pt\/ftp2015\/wp-content\/uploads\/2023\/01\/CN-Jovem-Infantis-Femininos-1a-Vaga-2.pdf\">CN Jovem &#8211; Infantis Femininos 1\u00aa Vaga<\/a><a href=\"https:\/\/www.federacao-triatlo.pt\/ftp2015\/wp-content\/uploads\/2023\/01\/CN-Jovem-Benjamins-Femininos-1a-Vaga-2.pdf\"> (05-05-2023)<\/a><\/p>\n<p><a href=\"https:\/\/www.federacao-triatlo.pt\/ftp2015\/wp-content\/uploads\/2023\/01\/CN-Jovem-Infantis-Femininos-2a-Vaga-2.pdf\">CN Jovem &#8211; Infantis Femininos 2\u00aa Vaga<\/a><a href=\"https:\/\/www.federacao-triatlo.pt\/ftp2015\/wp-content\/uploads\/2023\/01\/CN-Jovem-Benjamins-Femininos-1a-Vaga-2.pdf\"> (05-05-2023)<\/a><\/p>\n<p><a href=\"https:\/\/www.federacao-triatlo.pt\/ftp2015\/wp-content\/uploads\/2023\/01\/CN-Jovem-Infantis-Masculinos-1a-Vaga-2.pdf\">CN Jovem &#8211; Infantis Masculinos 1\u00aa Vaga<\/a><a href=\"https:\/\/www.federacao-triatlo.pt\/ftp2015\/wp-content\/uploads\/2023\/01\/CN-Jovem-Benjamins-Femininos-1a-Vaga-2.pdf\"> (05-05-2023)<\/a><\/p>\n<p><a href=\"https:\/\/www.federacao-triatlo.pt\/ftp2015\/wp-content\/uploads\/2023\/01\/CN-Jovem-Infantis-Masculinos-2a-Vaga-2.pdf\">CN Jovem &#8211; Infantis Masculinos 2\u00aa Vaga<\/a><a href=\"https:\/\/www.federacao-triatlo.pt\/ftp2015\/wp-content\/uploads\/2023\/01\/CN-Jovem-Benjamins-Femininos-1a-Vaga-2.pdf\"> (05-05-2023)<\/a><\/p>\n<p><a href=\"https:\/\/www.federacao-triatlo.pt\/ftp2015\/wp-content\/uploads\/2023\/01\/CN-Jovem-Iniciados-Femininos-1a-Vaga-2.pdf\">CN Jovem &#8211; Iniciados Femininos 1\u00aa Vaga<\/a><a href=\"https:\/\/www.federacao-triatlo.pt\/ftp2015\/wp-content\/uploads\/2023\/01\/CN-Jovem-Benjamins-Femininos-1a-Vaga-2.pdf\"> (05-05-2023)<\/a><\/p>\n<p><a href=\"https:\/\/www.federacao-triatlo.pt\/ftp2015\/wp-content\/uploads\/2023\/01\/CN-Jovem-Iniciados-Femininos-2a-Vaga-2.pdf\">CN Jovem &#8211; Iniciados Femininos 2\u00aa Vaga<\/a><a href=\"https:\/\/www.federacao-triatlo.pt\/ftp2015\/wp-content\/uploads\/2023\/01\/CN-Jovem-Benjamins-Femininos-1a-Vaga-2.pdf\"> (05-05-2023)<\/a><\/p>\n<p><a href=\"https:\/\/www.federacao-triatlo.pt\/ftp2015\/wp-content\/uploads\/2023\/01\/CN-Jovem-Iniciados-Masculinos-1a-Vaga-2.pdf\">CN Jovem &#8211; Iniciados Masculinos 1\u00aa Vaga<\/a><a href=\"https:\/\/www.federacao-triatlo.pt\/ftp2015\/wp-content\/uploads\/2023\/01\/CN-Jovem-Benjamins-Femininos-1a-Vaga-2.pdf\"> (05-05-2023)<\/a><\/p>\n<p><a href=\"https:\/\/www.federacao-triatlo.pt\/ftp2015\/wp-content\/uploads\/2023\/01\/CN-Jovem-Iniciados-Masculinos-2a-Vaga-2.pdf\">CN Jovem &#8211; Iniciados Masculinos 2\u00aa Vaga<\/a><a href=\"https:\/\/www.federacao-triatlo.pt\/ftp2015\/wp-content\/uploads\/2023\/01\/CN-Jovem-Benjamins-Femininos-1a-Vaga-2.pdf\"> (05-05-2023)<\/a><\/p>\n<\/div><div class='clear'><\/div>\r\n\t\t\t\t\t\t\t\t<\/div>\r\n\t\t\t\t\t\t\t<\/div>\r\n\t\t\t\t\t\t<\/div><div class='evo_metarow_time evorow evcal_evdata_row bordb evcal_evrow_sm '>\r\n\t\t\t\t\t\t\t<span class='evcal_evdata_icons'><i class='fa fa-clock-o'><\/i><\/span>\r\n\t\t\t\t\t\t\t<div class='evcal_evdata_cell'>\t\t\t\t\t\t\t\r\n\t\t\t\t\t\t\t\t<h3 class='evo_h3'><span class='evcal_evdata_icons'><i class='fa fa-clock-o'><\/i><\/span>Hor\u00e1rio<\/h3><p>Todo o dia (S\u00e1bado)<\/p>\r\n\t\t\t\t\t\t\t<\/div>\r\n\t\t\t\t\t\t<\/div>\t\t\t\t\t\t<div class='evo_metarow_ICS evorow bordb evcal_evdata_row'>\r\n\t\t\t\t\t\t\t<span class=\"evcal_evdata_icons\"><i class=\"fa fa-calendar\"><\/i><\/span>\r\n\t\t\t\t\t\t\t<div class='evcal_evdata_cell'>\r\n\t\t\t\t\t\t\t\t<p><a href='https:\/\/www.federacao-triatlo.pt\/ftp2015\/wp-admin\/admin-ajax.php?action=eventon_ics_download&amp;event_id=90518&amp;sunix=20230505T230000Z&amp;eunix=20230506T225900Z&amp;loca=&amp;locn=' class='evo_ics_nCal' title='Adicionar ao seu calend\u00e1rio'>Calend\u00e1rio<\/a><a href='\/\/www.google.com\/calendar\/event?action=TEMPLATE&amp;text=XXXVIII+Triatlo+Cidade+de+Peniche&amp;dates=20230505T230000Z\/20230506T225900Z&amp;details=Regulamento+XXXVIII+Triatlo+Cidade+de+Peniche+v03%0D%0A%0D%0APercursos+XXXVIII+Triatlo+Cidade+de+Peniche+-+CN+Jovem%0D%0A%0D%0APercursos+XXXVIII+Triatlo+Cidade+de+Peniche+-+Aquatlo+Prova+Aberta%0D%0A%0D%0APercursos+XXXVIII+Triatlo&amp;location= - ' target='_blank' class='evo_ics_gCal' title='Adicionar ao calend\u00e1rio Google'>GoogleCal<\/a><\/p>\t\r\n\t\t\t\t\t\t\t<\/div>\t\t\t\t\t\t<\/div>\r\n\t\t\t\t\t\t<\/div><div class='clear end'><\/div><\/div><div id=\"event_90519\" class=\"eventon_list_event evo_eventtop past_event event\" data-event_id=\"90519\" data-time=\"1684540801-1684713599\" data-colr=\"#007230\" itemscope itemtype='http:\/\/schema.org\/Event' 2><div class=\"evo_event_schema\" style=\"display:none\" ><a itemprop='url'  href='https:\/\/www.federacao-triatlo.pt\/ftp2015\/events\/xterra-portugal-2023\/'><\/a><span itemprop='name'  >XTERRA PORTUGAL 2023<\/span><meta itemprop='image'  ><\/meta><meta itemprop='description' content='Regulamento XTerra v02\r\n\r\nPercursos XTERRA v02\r\n\r\nPercursos XTERRA Prova Aberta v02\r\n\r\nPercursos XTERRA Jovem v02\r\n\r\nLista Inscritos Campeonato Nacional Jovem\r\n\r\nLista Inscritos Prova Aberta' ><\/meta><meta itemprop='startDate' content='2023-5-20' ><\/meta><meta itemprop='endDate' content='2023-5-21' ><\/meta><meta itemprop='eventStatus' content='on-schedule' ><\/meta><script type=\"application\/ld+json\">{\t\"@context\": \"http:\/\/schema.org\",\r\n\t\t\t\t\t\t\t  \t\"@type\": \"Event\",\r\n\t\t\t\t\t\t\t  \t\"name\": \"XTERRA PORTUGAL 2023\",\r\n\t\t\t\t\t\t\t  \t\"startDate\": \"2023-5-20T00-00-00-00\",\r\n\t\t\t\t\t\t\t  \t\"endDate\": \"2023-5-21T23-23-59-00\",\r\n\t\t\t\t\t\t\t  \t\"image\":,\r\n\t\t\t\t\t\t\t  \t\"description\":\"Regulamento XTerra v02\r\n\r\nPercursos XTERRA v02\r\n\r\nPercursos XTERRA Prova Aberta v02\r\n\r\nPercursos XTERRA Jovem v02\r\n\r\nLista Inscritos Campeonato Nacional Jovem\r\n\r\nLista Inscritos Prova Aberta\",\r\n\t\t\t\t\t\t\t  \t\r\n\t\t\t\t\t\t\t }\r\n\t\t\t\t\t\t\t<\/script><\/div>\r\n\t\t\t\t<p class=\"desc_trig_outter\"><a data-gmap_status=\"null\" data-exlk=\"0\" style=\"border-color: #007230;\" id=\"evc_168454080190519\" class=\"desc_trig evo_competicao-nacional mul_val evcal_list_a\" data-ux_val=\"1\"  ><span class='evcal_cblock ' data-bgcolor='#007230' data-smon='Maio' data-syr='2023'><span class='evo_start '><em class='date'>20<\/em><em class='month'>mai<\/em><em class='time'>allday<\/em><\/span><span class='evo_end '><em class='date'>21<\/em><em class='time'>allday<\/em><\/span><em class='clear'><\/em><\/span><span class='evcal_desc evo_info hide_eventtopdata '  data-location_status=\"false\" ><span class='evo_above_title'><\/span><span class='evcal_desc2 evcal_event_title' itemprop='name'>XTERRA PORTUGAL 2023<\/span><span class='evo_below_title'><span class='evcal_event_subtitle' >Campeonato Nacional de Clubes Cross - Campeonato Nacional Individual de Triatlo Cross - Campeonato Nacional Jovem - Campeonato Nacional de Juvenis<\/span><\/span><span class='evcal_desc_info' ><\/span><span class='evcal_desc3'><span class='evcal_event_types ett1'><em><i>Tipo de Evento:<\/i><\/em><em data-filter='event_type'>Competi\u00e7\u00e3o Nacional<\/em><i class='clear'><\/i><\/span><\/span><\/span><em class='clear'><\/em><\/p><\/a><div class='event_description evcal_eventcard ' style=\"display:none\"><div class='evo_metarow_details evorow evcal_evdata_row bordb evcal_event_details'>\r\n\t\t\t\t\t\t\t<div class=\"event_excerpt\" style=\"display:none\"><h3 class=\"padb5 evo_h3\">Detalhes do Evento<\/h3><p>Regulamento XTerra v02\r\n\r\nPercursos XTERRA v02\r\n\r\nPercursos XTERRA Prova Aberta v02\r\n\r\nPercursos XTERRA Jovem v02\r\n\r\nLista Inscritos Campeonato Nacional Jovem\r\n\r\nLista Inscritos Prova Aberta<\/p><\/div><span class='evcal_evdata_icons'><i class='fa fa-align-justify'><\/i><\/span>\r\n\t\t\t\t\t\t\t\r\n\t\t\t\t\t\t\t<div class='evcal_evdata_cell '><div class='eventon_full_description'>\r\n\t\t\t\t\t\t\t\t\t<h3 class='padb5 evo_h3'><span class='evcal_evdata_icons'><i class='fa fa-align-justify'><\/i><\/span>Detalhes do Evento<\/h3><div class='eventon_desc_in' itemprop='description'>\r\n\t\t\t\t\t\t\t\t\t<p><a href=\"https:\/\/www.federacao-triatlo.pt\/ftp2015\/wp-content\/uploads\/2023\/01\/Regulamento-XTerra-Golega-1.pdf\">Regulamento XTerra v02<\/a><\/p>\n<p><a href=\"https:\/\/www.federacao-triatlo.pt\/ftp2015\/wp-content\/uploads\/2023\/01\/Percursos-XTERRA-2.pdf\">Percursos XTERRA v02<\/a><\/p>\n<p><a href=\"https:\/\/www.federacao-triatlo.pt\/ftp2015\/wp-content\/uploads\/2023\/01\/Percursos-XTERRA-Prova-Aberta-1.pdf\">Percursos XTERRA Prova Aberta v02<\/a><\/p>\n<p><a href=\"https:\/\/www.federacao-triatlo.pt\/ftp2015\/wp-content\/uploads\/2023\/01\/Percursos-XTERRA-Jovem-1.pdf\">Percursos XTERRA Jovem v02<\/a><\/p>\n<p><a href=\"https:\/\/www.federacao-triatlo.pt\/ftp2015\/wp-content\/uploads\/2023\/01\/Lista-Inscritos-Campeonato-Nacional-Jovem-2.pdf\">Lista Inscritos Campeonato Nacional Jovem<\/a><\/p>\n<p><a href=\"https:\/\/www.federacao-triatlo.pt\/ftp2015\/wp-content\/uploads\/2023\/01\/Lista-Inscritos-Prova-Aberta-5.pdf\">Lista Inscritos Prova Aberta<\/a><\/p>\n<\/div><div class='clear'><\/div>\r\n\t\t\t\t\t\t\t\t<\/div>\r\n\t\t\t\t\t\t\t<\/div>\r\n\t\t\t\t\t\t<\/div><div class='evo_metarow_time evorow evcal_evdata_row bordb evcal_evrow_sm '>\r\n\t\t\t\t\t\t\t<span class='evcal_evdata_icons'><i class='fa fa-clock-o'><\/i><\/span>\r\n\t\t\t\t\t\t\t<div class='evcal_evdata_cell'>\t\t\t\t\t\t\t\r\n\t\t\t\t\t\t\t\t<h3 class='evo_h3'><span class='evcal_evdata_icons'><i class='fa fa-clock-o'><\/i><\/span>Hor\u00e1rio<\/h3><p>Maio 20 (S\u00e1bado) - 21 (Domingo)<\/p>\r\n\t\t\t\t\t\t\t<\/div>\r\n\t\t\t\t\t\t<\/div>\t\t\t\t\t\t<div class='evo_metarow_ICS evorow bordb evcal_evdata_row'>\r\n\t\t\t\t\t\t\t<span class=\"evcal_evdata_icons\"><i class=\"fa fa-calendar\"><\/i><\/span>\r\n\t\t\t\t\t\t\t<div class='evcal_evdata_cell'>\r\n\t\t\t\t\t\t\t\t<p><a href='https:\/\/www.federacao-triatlo.pt\/ftp2015\/wp-admin\/admin-ajax.php?action=eventon_ics_download&amp;event_id=90519&amp;sunix=20230519T230000Z&amp;eunix=20230521T225900Z&amp;loca=&amp;locn=' class='evo_ics_nCal' title='Adicionar ao seu calend\u00e1rio'>Calend\u00e1rio<\/a><a href='\/\/www.google.com\/calendar\/event?action=TEMPLATE&amp;text=XTERRA+PORTUGAL+2023&amp;dates=20230519T230000Z\/20230521T225900Z&amp;details=Regulamento+XTerra+v02%0D%0A%0D%0APercursos+XTERRA+v02%0D%0A%0D%0APercursos+XTERRA+Prova+Aberta+v02%0D%0A%0D%0APercursos+XTERRA+Jovem+v02%0D%0A%0D%0ALista+Inscritos+Campeonato+Nacional+Jovem%0D%0A%0D%0ALista+Inscritos+Prova+Aberta&amp;location= - ' target='_blank' class='evo_ics_gCal' title='Adicionar ao calend\u00e1rio Google'>GoogleCal<\/a><\/p>\t\r\n\t\t\t\t\t\t\t<\/div>\t\t\t\t\t\t<\/div>\r\n\t\t\t\t\t\t<\/div><div class='clear end'><\/div><\/div><div id=\"event_90520\" class=\"eventon_list_event evo_eventtop past_event event\" data-event_id=\"90520\" data-time=\"1685145601-1685231999\" data-colr=\"#007230\" itemscope itemtype='http:\/\/schema.org\/Event' 3><div class=\"evo_event_schema\" style=\"display:none\" ><a itemprop='url'  href='https:\/\/www.federacao-triatlo.pt\/ftp2015\/events\/xi-triatlo-longo-de-caminha\/'><\/a><span itemprop='name'  >XI Triatlo Longo de Caminha<\/span><meta itemprop='image' content='https:\/\/www.federacao-triatlo.pt\/ftp2015\/wp-content\/uploads\/2023\/01\/88710f3e-f6f1-4a53-9235-8da47ad4d523-300x112.jpg' ><\/meta><meta itemprop='description' content='Regulamento XI Triatlo Longo de Caminha v02\r\n\r\nPercursos XI Triatlo Longo de Caminha Triatlo Longo CN Clubes v03\r\n\r\nPercursos XI Triatlo Longo de Caminha Prova Aberta v03\r\n\r\nLista Inscritos' ><\/meta><meta itemprop='startDate' content='2023-5-27' ><\/meta><meta itemprop='endDate' content='2023-5-27' ><\/meta><meta itemprop='eventStatus' content='on-schedule' ><\/meta><script type=\"application\/ld+json\">{\t\"@context\": \"http:\/\/schema.org\",\r\n\t\t\t\t\t\t\t  \t\"@type\": \"Event\",\r\n\t\t\t\t\t\t\t  \t\"name\": \"XI Triatlo Longo de Caminha\",\r\n\t\t\t\t\t\t\t  \t\"startDate\": \"2023-5-27T00-00-00-00\",\r\n\t\t\t\t\t\t\t  \t\"endDate\": \"2023-5-27T23-23-59-00\",\r\n\t\t\t\t\t\t\t  \t\"image\":\"https:\/\/www.federacao-triatlo.pt\/ftp2015\/wp-content\/uploads\/2023\/01\/88710f3e-f6f1-4a53-9235-8da47ad4d523-300x112.jpg\",\r\n\t\t\t\t\t\t\t  \t\"description\":\"Regulamento XI Triatlo Longo de Caminha v02\r\n\r\nPercursos XI Triatlo Longo de Caminha Triatlo Longo CN Clubes v03\r\n\r\nPercursos XI Triatlo Longo de Caminha Prova Aberta v03\r\n\r\nLista Inscritos\",\r\n\t\t\t\t\t\t\t  \t\r\n\t\t\t\t\t\t\t }\r\n\t\t\t\t\t\t\t<\/script><\/div>\r\n\t\t\t\t<p class=\"desc_trig_outter\"><a data-gmap_status=\"null\" data-exlk=\"0\" style=\"border-color: #007230;\" id=\"evc_168514560190520\" class=\"desc_trig evo_competicao-nacional sin_val evcal_list_a\" data-ux_val=\"1\"  ><span class='evcal_cblock ' data-bgcolor='#007230' data-smon='Maio' data-syr='2023'><span class='evo_start '><em class='date'>27<\/em><em class='month'>mai<\/em><em class='time'>allday<\/em><\/span><span class='evo_end only_time'><em class='time'>allday<\/em><\/span><em class='clear'><\/em><\/span><span class='evcal_desc evo_info hide_eventtopdata '  data-location_status=\"false\" ><span class='evo_above_title'><\/span><span class='evcal_desc2 evcal_event_title' itemprop='name'>XI Triatlo Longo de Caminha<\/span><span class='evo_below_title'><span class='evcal_event_subtitle' >Campeonato Nacional de Clubes de Triatlo Longo<\/span><\/span><span class='evcal_desc_info' ><\/span><span class='evcal_desc3'><span class='evcal_event_types ett1'><em><i>Tipo de Evento:<\/i><\/em><em data-filter='event_type'>Competi\u00e7\u00e3o Nacional<\/em><i class='clear'><\/i><\/span><\/span><\/span><em class='clear'><\/em><\/p><\/a><div class='event_description evcal_eventcard ' style=\"display:none\"><div class='evo_metarow_directimg'><img src='https:\/\/www.federacao-triatlo.pt\/ftp2015\/wp-content\/uploads\/2023\/01\/88710f3e-f6f1-4a53-9235-8da47ad4d523.jpg' \/><\/div><div class='evo_metarow_details evorow evcal_evdata_row bordb evcal_event_details'>\r\n\t\t\t\t\t\t\t<div class=\"event_excerpt\" style=\"display:none\"><h3 class=\"padb5 evo_h3\">Detalhes do Evento<\/h3><p>Regulamento XI Triatlo Longo de Caminha v02\r\n\r\nPercursos XI Triatlo Longo de Caminha Triatlo Longo CN Clubes v03\r\n\r\nPercursos XI Triatlo Longo de Caminha Prova Aberta v03\r\n\r\nLista Inscritos<\/p><\/div><span class='evcal_evdata_icons'><i class='fa fa-align-justify'><\/i><\/span>\r\n\t\t\t\t\t\t\t\r\n\t\t\t\t\t\t\t<div class='evcal_evdata_cell '><div class='eventon_full_description'>\r\n\t\t\t\t\t\t\t\t\t<h3 class='padb5 evo_h3'><span class='evcal_evdata_icons'><i class='fa fa-align-justify'><\/i><\/span>Detalhes do Evento<\/h3><div class='eventon_desc_in' itemprop='description'>\r\n\t\t\t\t\t\t\t\t\t<p><a href=\"https:\/\/www.federacao-triatlo.pt\/ftp2015\/wp-content\/uploads\/2023\/01\/2023-05-27-Regulamento-XI-Triatlo-Longo-de-Caminha-1.pdf\">Regulamento XI Triatlo Longo de Caminha v02<\/a><\/p>\n<p><a href=\"https:\/\/www.federacao-triatlo.pt\/ftp2015\/wp-content\/uploads\/2023\/01\/2023-05-27-Percursos-XI-Triatlo-Longo-de-Caminha_Versao2_Triatlo-Longo-CN-Clubes-1.pdf\">Percursos XI Triatlo Longo de Caminha Triatlo Longo CN Clubes v03<\/a><\/p>\n<p><a href=\"https:\/\/www.federacao-triatlo.pt\/ftp2015\/wp-content\/uploads\/2023\/01\/2023-05-27-Percursos-XI-Triatlo-Longo-de-Caminha_Versao2_Prova-Aberta-1.pdf\">Percursos XI Triatlo Longo de Caminha Prova Aberta v03<\/a><\/p>\n<p><a href=\"https:\/\/www.federacao-triatlo.pt\/ftp2015\/wp-content\/uploads\/2023\/01\/Lista-Inscritos-CN-Clubes-2.pdf\">Lista Inscritos &#8211; CN Clubes<\/a><\/p>\n<p><a href=\"https:\/\/www.federacao-triatlo.pt\/ftp2015\/wp-content\/uploads\/2023\/01\/Lista-Inscritos-Prova-Aberta-8.pdf\">Lista Inscritos &#8211; Prova Aberta<\/a><\/p>\n<p><a href=\"https:\/\/www.federacao-triatlo.pt\/ftp2015\/wp-content\/uploads\/2023\/01\/Briefing_XI-Triatlo-Caminha-2023.pdf\">Briefing_XI Triatlo Caminha 2023<\/a><\/p>\n<\/div><div class='clear'><\/div>\r\n\t\t\t\t\t\t\t\t<\/div>\r\n\t\t\t\t\t\t\t<\/div>\r\n\t\t\t\t\t\t<\/div><div class='evo_metarow_time evorow evcal_evdata_row bordb evcal_evrow_sm '>\r\n\t\t\t\t\t\t\t<span class='evcal_evdata_icons'><i class='fa fa-clock-o'><\/i><\/span>\r\n\t\t\t\t\t\t\t<div class='evcal_evdata_cell'>\t\t\t\t\t\t\t\r\n\t\t\t\t\t\t\t\t<h3 class='evo_h3'><span class='evcal_evdata_icons'><i class='fa fa-clock-o'><\/i><\/span>Hor\u00e1rio<\/h3><p>Todo o dia (S\u00e1bado)<\/p>\r\n\t\t\t\t\t\t\t<\/div>\r\n\t\t\t\t\t\t<\/div>\t\t\t\t\t\t<div class='evo_metarow_ICS evorow bordb evcal_evdata_row'>\r\n\t\t\t\t\t\t\t<span class=\"evcal_evdata_icons\"><i class=\"fa fa-calendar\"><\/i><\/span>\r\n\t\t\t\t\t\t\t<div class='evcal_evdata_cell'>\r\n\t\t\t\t\t\t\t\t<p><a href='https:\/\/www.federacao-triatlo.pt\/ftp2015\/wp-admin\/admin-ajax.php?action=eventon_ics_download&amp;event_id=90520&amp;sunix=20230526T230000Z&amp;eunix=20230527T225900Z&amp;loca=&amp;locn=' class='evo_ics_nCal' title='Adicionar ao seu calend\u00e1rio'>Calend\u00e1rio<\/a><a href='\/\/www.google.com\/calendar\/event?action=TEMPLATE&amp;text=XI+Triatlo+Longo+de+Caminha&amp;dates=20230526T230000Z\/20230527T225900Z&amp;details=Regulamento+XI+Triatlo+Longo+de+Caminha+v02%0D%0A%0D%0APercursos+XI+Triatlo+Longo+de+Caminha+Triatlo+Longo+CN+Clubes+v03%0D%0A%0D%0APercursos+XI+Triatlo+Longo+de+Caminha+Prova+Aberta+v03%0D%0A%0D%0ALista+Inscritos&amp;location= - ' target='_blank' class='evo_ics_gCal' title='Adicionar ao calend\u00e1rio Google'>GoogleCal<\/a><\/p>\t\r\n\t\t\t\t\t\t\t<\/div>\t\t\t\t\t\t<\/div>\r\n\t\t\t\t\t\t<\/div><div class='clear end'><\/div><\/div><\/div><div class='evcal_month_line'><p>Junho 2023<\/p><\/div><div id='evcal_list' class='evcal_list_month eventon_events_list '><div id=\"event_90521\" class=\"eventon_list_event evo_eventtop past_event event\" data-event_id=\"90521\" data-time=\"1685750401-1685836799\" data-colr=\"#007230\" itemscope itemtype='http:\/\/schema.org\/Event' 1><div class=\"evo_event_schema\" style=\"display:none\" ><a itemprop='url'  href='https:\/\/www.federacao-triatlo.pt\/ftp2015\/events\/triatlo-das-caldas-da-rainha-2\/'><\/a><span itemprop='name'  >I Triatlo das Caldas da Rainha<\/span><meta itemprop='image'  ><\/meta><meta itemprop='description' content='Regulamento I Triatlo das Caldas da Rainha v03 - Altera\u00e7\u00e3o Hor\u00e1rio da Partida CN Clubes\r\n\r\nPercursos I Triatlo das Caldas da Rainha_Super Sprint v01\r\n\r\nPercursos I Triatlo das Caldas' ><\/meta><meta itemprop='startDate' content='2023-6-3' ><\/meta><meta itemprop='endDate' content='2023-6-3' ><\/meta><meta itemprop='eventStatus' content='on-schedule' ><\/meta><script type=\"application\/ld+json\">{\t\"@context\": \"http:\/\/schema.org\",\r\n\t\t\t\t\t\t\t  \t\"@type\": \"Event\",\r\n\t\t\t\t\t\t\t  \t\"name\": \"I Triatlo das Caldas da Rainha\",\r\n\t\t\t\t\t\t\t  \t\"startDate\": \"2023-6-3T00-00-00-00\",\r\n\t\t\t\t\t\t\t  \t\"endDate\": \"2023-6-3T23-23-59-00\",\r\n\t\t\t\t\t\t\t  \t\"image\":,\r\n\t\t\t\t\t\t\t  \t\"description\":\"Regulamento I Triatlo das Caldas da Rainha v03 - Altera\u00e7\u00e3o Hor\u00e1rio da Partida CN Clubes\r\n\r\nPercursos I Triatlo das Caldas da Rainha_Super Sprint v01\r\n\r\nPercursos I Triatlo das Caldas\",\r\n\t\t\t\t\t\t\t  \t\r\n\t\t\t\t\t\t\t }\r\n\t\t\t\t\t\t\t<\/script><\/div>\r\n\t\t\t\t<p class=\"desc_trig_outter\"><a data-gmap_status=\"null\" data-exlk=\"0\" style=\"border-color: #007230;\" id=\"evc_168575040190521\" class=\"desc_trig evo_competicao-nacional sin_val evcal_list_a\" data-ux_val=\"1\"  ><span class='evcal_cblock ' data-bgcolor='#007230' data-smon='Junho' data-syr='2023'><span class='evo_start '><em class='date'>03<\/em><em class='month'>jun<\/em><em class='time'>allday<\/em><\/span><span class='evo_end only_time'><em class='time'>allday<\/em><\/span><em class='clear'><\/em><\/span><span class='evcal_desc evo_info hide_eventtopdata '  data-location_status=\"false\" ><span class='evo_above_title'><\/span><span class='evcal_desc2 evcal_event_title' itemprop='name'>I Triatlo das Caldas da Rainha<\/span><span class='evo_below_title'><span class='evcal_event_subtitle' >Campeonato Nacional de Clubes de Triatlo - Campeonato Nacional Universit\u00e1rio de Triatlo - Campeonato Nacional de Triatlo de Cadetes<\/span><\/span><span class='evcal_desc_info' ><\/span><span class='evcal_desc3'><span class='evcal_event_types ett1'><em><i>Tipo de Evento:<\/i><\/em><em data-filter='event_type'>Competi\u00e7\u00e3o Nacional<\/em><i class='clear'><\/i><\/span><\/span><\/span><em class='clear'><\/em><\/p><\/a><div class='event_description evcal_eventcard ' style=\"display:none\"><div class='evo_metarow_details evorow evcal_evdata_row bordb evcal_event_details'>\r\n\t\t\t\t\t\t\t<div class=\"event_excerpt\" style=\"display:none\"><h3 class=\"padb5 evo_h3\">Detalhes do Evento<\/h3><p>Regulamento I Triatlo das Caldas da Rainha v03 - Altera\u00e7\u00e3o Hor\u00e1rio da Partida CN Clubes\r\n\r\nPercursos I Triatlo das Caldas da Rainha_Super Sprint v01\r\n\r\nPercursos I Triatlo das Caldas<\/p><\/div><span class='evcal_evdata_icons'><i class='fa fa-align-justify'><\/i><\/span>\r\n\t\t\t\t\t\t\t\r\n\t\t\t\t\t\t\t<div class='evcal_evdata_cell '><div class='eventon_full_description'>\r\n\t\t\t\t\t\t\t\t\t<h3 class='padb5 evo_h3'><span class='evcal_evdata_icons'><i class='fa fa-align-justify'><\/i><\/span>Detalhes do Evento<\/h3><div class='eventon_desc_in' itemprop='description'>\r\n\t\t\t\t\t\t\t\t\t<p><a href=\"https:\/\/www.federacao-triatlo.pt\/ftp2015\/wp-content\/uploads\/2023\/01\/2023-06-03-Regulamento-I-Triatlo-das-Caldas-da-Rainha-5.pdf\">Regulamento I Triatlo das Caldas da Rainha v03 &#8211; Altera\u00e7\u00e3o Hor\u00e1rio da Partida CN Clubes<\/a><\/p>\n<p><a href=\"https:\/\/www.federacao-triatlo.pt\/ftp2015\/wp-content\/uploads\/2023\/01\/2023-06-3-Percursos-I-Triatlo-das-Caldas-da-Rainha_Super-Sprint-1.pdf\">Percursos I Triatlo das Caldas da Rainha_Super Sprint v01<\/a><\/p>\n<p><a href=\"https:\/\/www.federacao-triatlo.pt\/ftp2015\/wp-content\/uploads\/2023\/01\/2023-06-3-Percursos-I-Triatlo-das-Caldas-da-Rainha_Sprint-1.pdf\">Percursos I Triatlo das Caldas da Rainha_Sprint v01<\/a><\/p>\n<p><a href=\"https:\/\/www.federacao-triatlo.pt\/ftp2015\/wp-content\/uploads\/2023\/01\/Lista-Inscritos-Camp.-Nac.-Cadetes-2.pdf\">Lista Inscritos Camp. Nac. Cadetes<\/a><\/p>\n<p><a href=\"https:\/\/www.federacao-triatlo.pt\/ftp2015\/wp-content\/uploads\/2023\/01\/Lista-Inscritos-Camp.-Nac.-Clubes-Triatlo-3.pdf\">Lista Inscritos Camp. Nac. Clubes Triatlo<\/a><\/p>\n<p><a href=\"https:\/\/www.federacao-triatlo.pt\/ftp2015\/wp-content\/uploads\/2023\/01\/Lista-Inscritos-Camp.-Nac.-Universitario.pdf\">Lista Inscritos Camp. Nac. Universit\u00e1rio<\/a><\/p>\n<p><a href=\"https:\/\/www.federacao-triatlo.pt\/ftp2015\/wp-content\/uploads\/2023\/01\/Lista-Inscritos-Prova-Aberta-10.pdf\">Lista Inscritos Prova Aberta<\/a><\/p>\n<p>&nbsp;<\/p>\n<p>&nbsp;<\/p>\n<\/div><div class='clear'><\/div>\r\n\t\t\t\t\t\t\t\t<\/div>\r\n\t\t\t\t\t\t\t<\/div>\r\n\t\t\t\t\t\t<\/div><div class='evo_metarow_time evorow evcal_evdata_row bordb evcal_evrow_sm '>\r\n\t\t\t\t\t\t\t<span class='evcal_evdata_icons'><i class='fa fa-clock-o'><\/i><\/span>\r\n\t\t\t\t\t\t\t<div class='evcal_evdata_cell'>\t\t\t\t\t\t\t\r\n\t\t\t\t\t\t\t\t<h3 class='evo_h3'><span class='evcal_evdata_icons'><i class='fa fa-clock-o'><\/i><\/span>Hor\u00e1rio<\/h3><p>Todo o dia (S\u00e1bado)<\/p>\r\n\t\t\t\t\t\t\t<\/div>\r\n\t\t\t\t\t\t<\/div>\t\t\t\t\t\t<div class='evo_metarow_ICS evorow bordb evcal_evdata_row'>\r\n\t\t\t\t\t\t\t<span class=\"evcal_evdata_icons\"><i class=\"fa fa-calendar\"><\/i><\/span>\r\n\t\t\t\t\t\t\t<div class='evcal_evdata_cell'>\r\n\t\t\t\t\t\t\t\t<p><a href='https:\/\/www.federacao-triatlo.pt\/ftp2015\/wp-admin\/admin-ajax.php?action=eventon_ics_download&amp;event_id=90521&amp;sunix=20230602T230000Z&amp;eunix=20230603T225900Z&amp;loca=&amp;locn=' class='evo_ics_nCal' title='Adicionar ao seu calend\u00e1rio'>Calend\u00e1rio<\/a><a href='\/\/www.google.com\/calendar\/event?action=TEMPLATE&amp;text=I+Triatlo+das+Caldas+da+Rainha&amp;dates=20230602T230000Z\/20230603T225900Z&amp;details=Regulamento+I+Triatlo+das+Caldas+da+Rainha+v03+-+Altera%C3%A7%C3%A3o+Hor%C3%A1rio+da+Partida+CN+Clubes%0D%0A%0D%0APercursos+I+Triatlo+das+Caldas+da+Rainha_Super+Sprint+v01%0D%0A%0D%0APercursos+I+Triatlo+das+Caldas&amp;location= - ' target='_blank' class='evo_ics_gCal' title='Adicionar ao calend\u00e1rio Google'>GoogleCal<\/a><\/p>\t\r\n\t\t\t\t\t\t\t<\/div>\t\t\t\t\t\t<\/div>\r\n\t\t\t\t\t\t<\/div><div class='clear end'><\/div><\/div><div id=\"event_90522\" class=\"eventon_list_event evo_eventtop past_event event\" data-event_id=\"90522\" data-time=\"1686355201-1686441599\" data-colr=\"#007230\" itemscope itemtype='http:\/\/schema.org\/Event' 2><div class=\"evo_event_schema\" style=\"display:none\" ><a itemprop='url'  href='https:\/\/www.federacao-triatlo.pt\/ftp2015\/events\/triatlo-longo\/'><\/a><span itemprop='name'  >Multisport Coimbra<\/span><meta itemprop='image'  ><\/meta><meta itemprop='description' content='Regulamento Triatlo Longo de Coimbra v01\r\n\r\nPercursos Triatlo Longo de Coimbra v01' ><\/meta><meta itemprop='startDate' content='2023-6-10' ><\/meta><meta itemprop='endDate' content='2023-6-10' ><\/meta><meta itemprop='eventStatus' content='on-schedule' ><\/meta><script type=\"application\/ld+json\">{\t\"@context\": \"http:\/\/schema.org\",\r\n\t\t\t\t\t\t\t  \t\"@type\": \"Event\",\r\n\t\t\t\t\t\t\t  \t\"name\": \"Multisport Coimbra\",\r\n\t\t\t\t\t\t\t  \t\"startDate\": \"2023-6-10T00-00-00-00\",\r\n\t\t\t\t\t\t\t  \t\"endDate\": \"2023-6-10T23-23-59-00\",\r\n\t\t\t\t\t\t\t  \t\"image\":,\r\n\t\t\t\t\t\t\t  \t\"description\":\"Regulamento Triatlo Longo de Coimbra v01\r\n\r\nPercursos Triatlo Longo de Coimbra v01\",\r\n\t\t\t\t\t\t\t  \t\r\n\t\t\t\t\t\t\t }\r\n\t\t\t\t\t\t\t<\/script><\/div>\r\n\t\t\t\t<p class=\"desc_trig_outter\"><a data-gmap_status=\"null\" data-exlk=\"0\" style=\"border-color: #007230;\" id=\"evc_168635520190522\" class=\"desc_trig evo_competicao-nacional sin_val evcal_list_a\" data-ux_val=\"1\"  ><span class='evcal_cblock ' data-bgcolor='#007230' data-smon='Junho' data-syr='2023'><span class='evo_start '><em class='date'>10<\/em><em class='month'>jun<\/em><em class='time'>allday<\/em><\/span><span class='evo_end only_time'><em class='time'>allday<\/em><\/span><em class='clear'><\/em><\/span><span class='evcal_desc evo_info hide_eventtopdata '  data-location_status=\"false\" ><span class='evo_above_title'><\/span><span class='evcal_desc2 evcal_event_title' itemprop='name'>Multisport Coimbra<\/span><span class='evo_below_title'><span class='evcal_event_subtitle' >Campeonato Nacional Individual de Triatlo de Longa Dist\u00e2ncia<\/span><\/span><span class='evcal_desc_info' ><\/span><span class='evcal_desc3'><span class='evcal_event_types ett1'><em><i>Tipo de Evento:<\/i><\/em><em data-filter='event_type'>Competi\u00e7\u00e3o Nacional<\/em><i class='clear'><\/i><\/span><\/span><\/span><em class='clear'><\/em><\/p><\/a><div class='event_description evcal_eventcard ' style=\"display:none\"><div class='evo_metarow_details evorow evcal_evdata_row bordb evcal_event_details'>\r\n\t\t\t\t\t\t\t<div class=\"event_excerpt\" style=\"display:none\"><h3 class=\"padb5 evo_h3\">Detalhes do Evento<\/h3><p>Regulamento Triatlo Longo de Coimbra v01\r\n\r\nPercursos Triatlo Longo de Coimbra v01<\/p><\/div><span class='evcal_evdata_icons'><i class='fa fa-align-justify'><\/i><\/span>\r\n\t\t\t\t\t\t\t\r\n\t\t\t\t\t\t\t<div class='evcal_evdata_cell '><div class='eventon_full_description'>\r\n\t\t\t\t\t\t\t\t\t<h3 class='padb5 evo_h3'><span class='evcal_evdata_icons'><i class='fa fa-align-justify'><\/i><\/span>Detalhes do Evento<\/h3><div class='eventon_desc_in' itemprop='description'>\r\n\t\t\t\t\t\t\t\t\t<p><a href=\"https:\/\/www.federacao-triatlo.pt\/ftp2015\/wp-content\/uploads\/2023\/01\/2023-06-10-Regulamento-Triatlo-de-Coimbra-1.pdf\">Regulamento Triatlo Longo de Coimbra v01<\/a><\/p>\n<p><a href=\"https:\/\/www.federacao-triatlo.pt\/ftp2015\/wp-content\/uploads\/2023\/01\/1.3-Percursos-Triatlo-Coimbra.pdf\">Percursos Triatlo Longo de Coimbra v01<\/a><\/p>\n<\/div><div class='clear'><\/div>\r\n\t\t\t\t\t\t\t\t<\/div>\r\n\t\t\t\t\t\t\t<\/div>\r\n\t\t\t\t\t\t<\/div><div class='evo_metarow_time evorow evcal_evdata_row bordb evcal_evrow_sm '>\r\n\t\t\t\t\t\t\t<span class='evcal_evdata_icons'><i class='fa fa-clock-o'><\/i><\/span>\r\n\t\t\t\t\t\t\t<div class='evcal_evdata_cell'>\t\t\t\t\t\t\t\r\n\t\t\t\t\t\t\t\t<h3 class='evo_h3'><span class='evcal_evdata_icons'><i class='fa fa-clock-o'><\/i><\/span>Hor\u00e1rio<\/h3><p>Todo o dia (S\u00e1bado)<\/p>\r\n\t\t\t\t\t\t\t<\/div>\r\n\t\t\t\t\t\t<\/div>\t\t\t\t\t\t<div class='evo_metarow_ICS evorow bordb evcal_evdata_row'>\r\n\t\t\t\t\t\t\t<span class=\"evcal_evdata_icons\"><i class=\"fa fa-calendar\"><\/i><\/span>\r\n\t\t\t\t\t\t\t<div class='evcal_evdata_cell'>\r\n\t\t\t\t\t\t\t\t<p><a href='https:\/\/www.federacao-triatlo.pt\/ftp2015\/wp-admin\/admin-ajax.php?action=eventon_ics_download&amp;event_id=90522&amp;sunix=20230609T230000Z&amp;eunix=20230610T225900Z&amp;loca=&amp;locn=' class='evo_ics_nCal' title='Adicionar ao seu calend\u00e1rio'>Calend\u00e1rio<\/a><a href='\/\/www.google.com\/calendar\/event?action=TEMPLATE&amp;text=Multisport+Coimbra&amp;dates=20230609T230000Z\/20230610T225900Z&amp;details=Regulamento+Triatlo+Longo+de+Coimbra+v01%0D%0A%0D%0APercursos+Triatlo+Longo+de+Coimbra+v01&amp;location= - ' target='_blank' class='evo_ics_gCal' title='Adicionar ao calend\u00e1rio Google'>GoogleCal<\/a><\/p>\t\r\n\t\t\t\t\t\t\t<\/div>\t\t\t\t\t\t<\/div>\r\n\t\t\t\t\t\t<\/div><div class='clear end'><\/div><\/div><div id=\"event_90523\" class=\"eventon_list_event evo_eventtop past_event event\" data-event_id=\"90523\" data-time=\"1687651201-1687737599\" data-colr=\"#007230\" itemscope itemtype='http:\/\/schema.org\/Event' 3><div class=\"evo_event_schema\" style=\"display:none\" ><a itemprop='url'  href='https:\/\/www.federacao-triatlo.pt\/ftp2015\/events\/triatlo-de-coruche-2\/'><\/a><span itemprop='name'  >Triatlo de Coruche<\/span><meta itemprop='image'  ><\/meta><meta itemprop='description' content='Regulamento Triatlo de Coruche v02\r\n\r\nPercursos Triatlo de Coruche Campeonato Nacional Clubes Estafetas Mistas\r\n\r\nLista Inscritos Camp. Nac. Clubes Estafetas Mistas\r\n\r\nProcedimento de inscri\u00e7\u00e3o CN Jovem Estafetas:\r\n\r\nDever\u00e1 ser preenchido o' ><\/meta><meta itemprop='startDate' content='2023-6-25' ><\/meta><meta itemprop='endDate' content='2023-6-25' ><\/meta><meta itemprop='eventStatus' content='on-schedule' ><\/meta><script type=\"application\/ld+json\">{\t\"@context\": \"http:\/\/schema.org\",\r\n\t\t\t\t\t\t\t  \t\"@type\": \"Event\",\r\n\t\t\t\t\t\t\t  \t\"name\": \"Triatlo de Coruche\",\r\n\t\t\t\t\t\t\t  \t\"startDate\": \"2023-6-25T00-00-00-00\",\r\n\t\t\t\t\t\t\t  \t\"endDate\": \"2023-6-25T23-23-59-00\",\r\n\t\t\t\t\t\t\t  \t\"image\":,\r\n\t\t\t\t\t\t\t  \t\"description\":\"Regulamento Triatlo de Coruche v02\r\n\r\nPercursos Triatlo de Coruche Campeonato Nacional Clubes Estafetas Mistas\r\n\r\nLista Inscritos Camp. Nac. Clubes Estafetas Mistas\r\n\r\nProcedimento de inscri\u00e7\u00e3o CN Jovem Estafetas:\r\n\r\nDever\u00e1 ser preenchido o\",\r\n\t\t\t\t\t\t\t  \t\r\n\t\t\t\t\t\t\t }\r\n\t\t\t\t\t\t\t<\/script><\/div>\r\n\t\t\t\t<p class=\"desc_trig_outter\"><a data-gmap_status=\"null\" data-exlk=\"0\" style=\"border-color: #007230;\" id=\"evc_168765120190523\" class=\"desc_trig evo_competicao-nacional sin_val evcal_list_a\" data-ux_val=\"1\"  ><span class='evcal_cblock ' data-bgcolor='#007230' data-smon='Junho' data-syr='2023'><span class='evo_start '><em class='date'>25<\/em><em class='month'>jun<\/em><em class='time'>allday<\/em><\/span><span class='evo_end only_time'><em class='time'>allday<\/em><\/span><em class='clear'><\/em><\/span><span class='evcal_desc evo_info hide_eventtopdata '  data-location_status=\"false\" ><span class='evo_above_title'><\/span><span class='evcal_desc2 evcal_event_title' itemprop='name'>Triatlo de Coruche<\/span><span class='evo_below_title'><span class='evcal_event_subtitle' >Campeonato Nacional de Clubes de Estafetas Mistas - Campeonato Nacional Jovem<\/span><\/span><span class='evcal_desc_info' ><\/span><span class='evcal_desc3'><span class='evcal_event_types ett1'><em><i>Tipo de Evento:<\/i><\/em><em data-filter='event_type'>Competi\u00e7\u00e3o Nacional<\/em><i class='clear'><\/i><\/span><\/span><\/span><em class='clear'><\/em><\/p><\/a><div class='event_description evcal_eventcard ' style=\"display:none\"><div class='evo_metarow_details evorow evcal_evdata_row bordb evcal_event_details'>\r\n\t\t\t\t\t\t\t<div class=\"event_excerpt\" style=\"display:none\"><h3 class=\"padb5 evo_h3\">Detalhes do Evento<\/h3><p>Regulamento Triatlo de Coruche v02\r\n\r\nPercursos Triatlo de Coruche Campeonato Nacional Clubes Estafetas Mistas\r\n\r\nLista Inscritos Camp. Nac. Clubes Estafetas Mistas\r\n\r\nProcedimento de inscri\u00e7\u00e3o CN Jovem Estafetas:\r\n\r\nDever\u00e1 ser preenchido o<\/p><\/div><span class='evcal_evdata_icons'><i class='fa fa-align-justify'><\/i><\/span>\r\n\t\t\t\t\t\t\t\r\n\t\t\t\t\t\t\t<div class='evcal_evdata_cell '><div class='eventon_full_description'>\r\n\t\t\t\t\t\t\t\t\t<h3 class='padb5 evo_h3'><span class='evcal_evdata_icons'><i class='fa fa-align-justify'><\/i><\/span>Detalhes do Evento<\/h3><div class='eventon_desc_in' itemprop='description'>\r\n\t\t\t\t\t\t\t\t\t<p><a href=\"https:\/\/www.federacao-triatlo.pt\/ftp2015\/wp-content\/uploads\/2023\/01\/Regulamento-Triatlo-Coruche-rev02.pdf\">Regulamento Triatlo de Coruche v02<\/a><\/p>\n<p><a href=\"https:\/\/www.federacao-triatlo.pt\/ftp2015\/wp-content\/uploads\/2023\/01\/2023-06-25-Percursos-Triatlo-de-Coruche-Campeonato-Nacional-Clubes-Estafetas-Mistas.pdf\">Percursos Triatlo de Coruche Campeonato Nacional Clubes Estafetas Mistas<\/a><\/p>\n<p><a href=\"https:\/\/www.federacao-triatlo.pt\/ftp2015\/wp-content\/uploads\/2023\/01\/lista-inscritos-campeonato-nacional-clubes-estafetas-mistas-rev03.pdf.pdf\">Lista Inscritos Camp. Nac. Clubes Estafetas Mistas<\/a><\/p>\n<p><strong>Procedimento de inscri\u00e7\u00e3o CN Jovem Estafetas<\/strong>:<\/p>\n<p>Dever\u00e1 ser preenchido o formul\u00e1rio abaixo, e enviado para <a href=\"mailto:inscricoes@federacao-triatlo.pt\">competicoes@federacao-triatlo.pt<\/a>, at\u00e9 \u00e0s 23h59 do dia 18 de Junho.<\/p>\n<p><a href=\"https:\/\/www.federacao-triatlo.pt\/ftp2015\/wp-content\/uploads\/2023\/01\/Ficha-de-Inscricao-CNJovem-Estafetas.doc\">Ficha de Inscri\u00e7\u00e3o CNJovem Estafetas<\/a><\/p>\n<p>As equipas ter\u00e3o de ser compostas por atletas do mesmo g\u00e9nero ou mistas (equipas mistas contam como masculinas).<\/p>\n<p>A composi\u00e7\u00e3o da equipa e a ordem de competi\u00e7\u00e3o dos atletas ser\u00e1 determinada pelo clube no acto da inscri\u00e7\u00e3o.<\/p>\n<p>A troca na ordem de competi\u00e7\u00e3o ou a substitui\u00e7\u00e3o de atletas poder\u00e3o ser efetuadas por email (<a href=\"mailto:inscricoes@federacao-triatlo.pt\">competicoes@federacao-triatlo.pt<\/a>) at\u00e9 \u00e0s 23h59 do dia 21 de Junho.<\/p>\n<p>Depois desta data, a composi\u00e7\u00e3o e ordem da equipa n\u00e3o poder\u00e3o ser alteradas, o que, a verificar-se, implica a desclassifica\u00e7\u00e3o da equipa.<\/p>\n<p><strong>Procedimento de inscri\u00e7\u00e3o para CN Clubes Estafetas Mistas:<\/strong><\/p>\n<p>Cada clube dever\u00e1 inscrever via plataforma todos os atletas que deseja que participem na prova de Estafetas.<\/p>\n<p>O valor de inscri\u00e7\u00e3o por equipa \u00e9 de 40\u20ac, pelo que ser\u00e1 cobrado por cada atleta 10\u20ac pela presente plataforma.<\/p>\n<p>Posteriormente, ter\u00e1 de ser preenchido o formul\u00e1rio em baixo, e enviado para <a href=\"mailto:inscricoes@federacao-triatlo.pt\">competicoes@federacao-triatlo.pt<\/a>, at\u00e9 \u00e0s 23h59 do dia 18 de Junho.<\/p>\n<p><a href=\"https:\/\/www.federacao-triatlo.pt\/ftp2015\/wp-content\/uploads\/2023\/01\/Ficha-de-Inscricao-CNC-Estafetas-Mistas.doc\">Ficha de Inscri\u00e7\u00e3o CNC Estafetas Mistas<\/a><\/p>\n<p>S\u00f3 ser\u00e3o aceites inscri\u00e7\u00f5es de equipas que componham a estafeta completa (dois atletas masculinos e duas atletas femininas), mesmo que a inscri\u00e7\u00e3o repartida do atleta individualmente tenha sido feita e paga sem este estar associado a uma equipa completa.<\/p>\n<p>A troca na ordem de competi\u00e7\u00e3o ou a substitui\u00e7\u00e3o de atletas poder\u00e3o ser efetuadas por email (<a href=\"mailto:inscricoes@federacao-triatlo.pt\">competicoes@federacao-triatlo.pt<\/a>) at\u00e9 \u00e0s 23h59 do dia 21 de Junho.<\/p>\n<p>Depois desta data, a composi\u00e7\u00e3o e ordem da equipa n\u00e3o poder\u00e3o ser alteradas, o que, a verificar-se, implica a desclassifica\u00e7\u00e3o da equipa.<\/p>\n<\/div><div class='clear'><\/div>\r\n\t\t\t\t\t\t\t\t<\/div>\r\n\t\t\t\t\t\t\t<\/div>\r\n\t\t\t\t\t\t<\/div><div class='evo_metarow_time evorow evcal_evdata_row bordb evcal_evrow_sm '>\r\n\t\t\t\t\t\t\t<span class='evcal_evdata_icons'><i class='fa fa-clock-o'><\/i><\/span>\r\n\t\t\t\t\t\t\t<div class='evcal_evdata_cell'>\t\t\t\t\t\t\t\r\n\t\t\t\t\t\t\t\t<h3 class='evo_h3'><span class='evcal_evdata_icons'><i class='fa fa-clock-o'><\/i><\/span>Hor\u00e1rio<\/h3><p>Todo o dia (Domingo)<\/p>\r\n\t\t\t\t\t\t\t<\/div>\r\n\t\t\t\t\t\t<\/div>\t\t\t\t\t\t<div class='evo_metarow_ICS evorow bordb evcal_evdata_row'>\r\n\t\t\t\t\t\t\t<span class=\"evcal_evdata_icons\"><i class=\"fa fa-calendar\"><\/i><\/span>\r\n\t\t\t\t\t\t\t<div class='evcal_evdata_cell'>\r\n\t\t\t\t\t\t\t\t<p><a href='https:\/\/www.federacao-triatlo.pt\/ftp2015\/wp-admin\/admin-ajax.php?action=eventon_ics_download&amp;event_id=90523&amp;sunix=20230624T230000Z&amp;eunix=20230625T225900Z&amp;loca=&amp;locn=' class='evo_ics_nCal' title='Adicionar ao seu calend\u00e1rio'>Calend\u00e1rio<\/a><a href='\/\/www.google.com\/calendar\/event?action=TEMPLATE&amp;text=Triatlo+de+Coruche&amp;dates=20230624T230000Z\/20230625T225900Z&amp;details=Regulamento+Triatlo+de+Coruche+v02%0D%0A%0D%0APercursos+Triatlo+de+Coruche+Campeonato+Nacional+Clubes+Estafetas+Mistas%0D%0A%0D%0ALista+Inscritos+Camp.+Nac.+Clubes+Estafetas+Mistas%0D%0A%0D%0AProcedimento+de+inscri%C3%A7%C3%A3o+CN+Jovem+Estafetas%3A%0D%0A%0D%0ADever%C3%A1+ser+preenchido+o&amp;location= - ' target='_blank' class='evo_ics_gCal' title='Adicionar ao calend\u00e1rio Google'>GoogleCal<\/a><\/p>\t\r\n\t\t\t\t\t\t\t<\/div>\t\t\t\t\t\t<\/div>\r\n\t\t\t\t\t\t<\/div><div class='clear end'><\/div><\/div><\/div><div class='evcal_month_line'><p>Julho 2023<\/p><\/div><div id='evcal_list' class='evcal_list_month eventon_events_list '><div id=\"event_90524\" class=\"eventon_list_event evo_eventtop past_event event\" data-event_id=\"90524\" data-time=\"1688169601-1688342399\" data-colr=\"#007230\" itemscope itemtype='http:\/\/schema.org\/Event' 1><div class=\"evo_event_schema\" style=\"display:none\" ><a itemprop='url'  href='https:\/\/www.federacao-triatlo.pt\/ftp2015\/events\/xi-triatlo-jovem-de-amora\/'><\/a><span itemprop='name'  >XI Triatlo Jovem de Amora & IV Aquatlo de Amora<\/span><meta itemprop='image'  ><\/meta><meta itemprop='description' content='Regulamento XI Triatlo Jovem e IV Aquatlo da Amora\r\n\r\nPercursos CN Individual e CN Clubes de Aquatlo\r\n\r\nPercursos CN Jovem e CN Cadetes\r\n\r\nLista Inscritos Campeonato Nacional de Cadetes\r\n\r\n' ><\/meta><meta itemprop='startDate' content='2023-7-1' ><\/meta><meta itemprop='endDate' content='2023-7-2' ><\/meta><meta itemprop='eventStatus' content='on-schedule' ><\/meta><script type=\"application\/ld+json\">{\t\"@context\": \"http:\/\/schema.org\",\r\n\t\t\t\t\t\t\t  \t\"@type\": \"Event\",\r\n\t\t\t\t\t\t\t  \t\"name\": \"XI Triatlo Jovem de Amora & IV Aquatlo de Amora\",\r\n\t\t\t\t\t\t\t  \t\"startDate\": \"2023-7-1T00-00-00-00\",\r\n\t\t\t\t\t\t\t  \t\"endDate\": \"2023-7-2T23-23-59-00\",\r\n\t\t\t\t\t\t\t  \t\"image\":,\r\n\t\t\t\t\t\t\t  \t\"description\":\"Regulamento XI Triatlo Jovem e IV Aquatlo da Amora\r\n\r\nPercursos CN Individual e CN Clubes de Aquatlo\r\n\r\nPercursos CN Jovem e CN Cadetes\r\n\r\nLista Inscritos Campeonato Nacional de Cadetes\r\n\r\n\",\r\n\t\t\t\t\t\t\t  \t\r\n\t\t\t\t\t\t\t }\r\n\t\t\t\t\t\t\t<\/script><\/div>\r\n\t\t\t\t<p class=\"desc_trig_outter\"><a data-gmap_status=\"null\" data-exlk=\"0\" style=\"border-color: #007230;\" id=\"evc_168816960190524\" class=\"desc_trig evo_competicao-nacional mul_val evcal_list_a\" data-ux_val=\"1\"  ><span class='evcal_cblock ' data-bgcolor='#007230' data-smon='Julho' data-syr='2023'><span class='evo_start '><em class='date'>01<\/em><em class='month'>jul<\/em><em class='time'>allday<\/em><\/span><span class='evo_end '><em class='date'>02<\/em><em class='time'>allday<\/em><\/span><em class='clear'><\/em><\/span><span class='evcal_desc evo_info hide_eventtopdata '  data-location_status=\"false\" ><span class='evo_above_title'><\/span><span class='evcal_desc2 evcal_event_title' itemprop='name'>XI Triatlo Jovem de Amora & IV Aquatlo de Amora<\/span><span class='evo_below_title'><span class='evcal_event_subtitle' >Campeonato Nacional Jovem - Campeonato Nacional de Juvenis - Campeonato Nacional de Triatlo de Cadetes - Campeonato Nacional de Clubes de Aquatlo - Campeonato Nacional Individual de Aquatlo - Campeonato Nacional de Aquatlo de Juniores - Campeonato Nacional de Aquatlo de Cadetes - Campeonato Nacional Individual de Paratriatlo<\/span><\/span><span class='evcal_desc_info' ><\/span><span class='evcal_desc3'><span class='evcal_event_types ett1'><em><i>Tipo de Evento:<\/i><\/em><em data-filter='event_type'>Competi\u00e7\u00e3o Nacional<\/em><i class='clear'><\/i><\/span><\/span><\/span><em class='clear'><\/em><\/p><\/a><div class='event_description evcal_eventcard ' style=\"display:none\"><div class='evo_metarow_details evorow evcal_evdata_row bordb evcal_event_details'>\r\n\t\t\t\t\t\t\t<div class=\"event_excerpt\" style=\"display:none\"><h3 class=\"padb5 evo_h3\">Detalhes do Evento<\/h3><p>Regulamento XI Triatlo Jovem e IV Aquatlo da Amora\r\n\r\nPercursos CN Individual e CN Clubes de Aquatlo\r\n\r\nPercursos CN Jovem e CN Cadetes\r\n\r\nLista Inscritos Campeonato Nacional de Cadetes\r\n\r\n<\/p><\/div><span class='evcal_evdata_icons'><i class='fa fa-align-justify'><\/i><\/span>\r\n\t\t\t\t\t\t\t\r\n\t\t\t\t\t\t\t<div class='evcal_evdata_cell '><div class='eventon_full_description'>\r\n\t\t\t\t\t\t\t\t\t<h3 class='padb5 evo_h3'><span class='evcal_evdata_icons'><i class='fa fa-align-justify'><\/i><\/span>Detalhes do Evento<\/h3><div class='eventon_desc_in' itemprop='description'>\r\n\t\t\t\t\t\t\t\t\t<p><a href=\"https:\/\/www.federacao-triatlo.pt\/ftp2015\/wp-content\/uploads\/2023\/01\/2023-07-01-regulamento-xi-triatlo-jovem-e-iv-aquatlo-da-amora-rev02.pdf.pdf\">Regulamento XI Triatlo Jovem e IV Aquatlo da Amora<\/a><\/p>\n<p><a href=\"https:\/\/www.federacao-triatlo.pt\/ftp2015\/wp-content\/uploads\/2023\/01\/percursos-cn-individual-e-cn-paratriatlo-rev02.pdf.pdf\">Percursos CN Individual e CN Clubes de Aquatlo<\/a><\/p>\n<p><a href=\"https:\/\/www.federacao-triatlo.pt\/ftp2015\/wp-content\/uploads\/2023\/01\/percursos-cn-jovem-e-cn-cadetes-rev02.pdf.pdf\">Percursos CN Jovem e CN Cadetes<\/a><\/p>\n<p><a href=\"https:\/\/www.federacao-triatlo.pt\/ftp2015\/wp-content\/uploads\/2023\/01\/lista-inscritos-campeonato-nacional-cadetes.pdf.pdf\">Lista Inscritos Campeonato Nacional de Cadetes<\/a><\/p>\n<p><a href=\"https:\/\/www.federacao-triatlo.pt\/ftp2015\/wp-content\/uploads\/2023\/01\/lista-inscritos-campeonato-nacional-individual-rev01.pdf.pdf\">Lista Inscritos Campeonato Nacional Individual<\/a><\/p>\n<p><a href=\"https:\/\/www.federacao-triatlo.pt\/ftp2015\/wp-content\/uploads\/2023\/01\/lista-inscritos-campeonato-nacional-jovem.pdf.pdf\">Lista Inscritos Campeonato Nacional Jovem<\/a><\/p>\n<p><a href=\"https:\/\/www.federacao-triatlo.pt\/ftp2015\/wp-content\/uploads\/2023\/01\/lista-inscritos-campeonato-nacional-paratriatlo.pdf.pdf\">Lista Inscritos Campeonato Nacional de Paratriatlo<\/a><\/p>\n<p><a href=\"https:\/\/www.federacao-triatlo.pt\/ftp2015\/wp-content\/uploads\/2023\/01\/lista-inscritos-prova-aberta.pdf.pdf\">Lista Inscritos Prova Aberta<\/a><\/p>\n<\/div><div class='clear'><\/div>\r\n\t\t\t\t\t\t\t\t<\/div>\r\n\t\t\t\t\t\t\t<\/div>\r\n\t\t\t\t\t\t<\/div><div class='evo_metarow_time evorow evcal_evdata_row bordb evcal_evrow_sm '>\r\n\t\t\t\t\t\t\t<span class='evcal_evdata_icons'><i class='fa fa-clock-o'><\/i><\/span>\r\n\t\t\t\t\t\t\t<div class='evcal_evdata_cell'>\t\t\t\t\t\t\t\r\n\t\t\t\t\t\t\t\t<h3 class='evo_h3'><span class='evcal_evdata_icons'><i class='fa fa-clock-o'><\/i><\/span>Hor\u00e1rio<\/h3><p>Julho 1 (S\u00e1bado) - 2 (Domingo)<\/p>\r\n\t\t\t\t\t\t\t<\/div>\r\n\t\t\t\t\t\t<\/div>\t\t\t\t\t\t<div class='evo_metarow_ICS evorow bordb evcal_evdata_row'>\r\n\t\t\t\t\t\t\t<span class=\"evcal_evdata_icons\"><i class=\"fa fa-calendar\"><\/i><\/span>\r\n\t\t\t\t\t\t\t<div class='evcal_evdata_cell'>\r\n\t\t\t\t\t\t\t\t<p><a href='https:\/\/www.federacao-triatlo.pt\/ftp2015\/wp-admin\/admin-ajax.php?action=eventon_ics_download&amp;event_id=90524&amp;sunix=20230630T230000Z&amp;eunix=20230702T225900Z&amp;loca=&amp;locn=' class='evo_ics_nCal' title='Adicionar ao seu calend\u00e1rio'>Calend\u00e1rio<\/a><a href='\/\/www.google.com\/calendar\/event?action=TEMPLATE&amp;text=XI+Triatlo+Jovem+de+Amora+%26+IV+Aquatlo+de+Amora&amp;dates=20230630T230000Z\/20230702T225900Z&amp;details=Regulamento+XI+Triatlo+Jovem+e+IV+Aquatlo+da+Amora%0D%0A%0D%0APercursos+CN+Individual+e+CN+Clubes+de+Aquatlo%0D%0A%0D%0APercursos+CN+Jovem+e+CN+Cadetes%0D%0A%0D%0ALista+Inscritos+Campeonato+Nacional+de+Cadetes%0D%0A%0D%0A&amp;location= - ' target='_blank' class='evo_ics_gCal' title='Adicionar ao calend\u00e1rio Google'>GoogleCal<\/a><\/p>\t\r\n\t\t\t\t\t\t\t<\/div>\t\t\t\t\t\t<\/div>\r\n\t\t\t\t\t\t<\/div><div class='clear end'><\/div><\/div><div id=\"event_90526\" class=\"eventon_list_event evo_eventtop past_event event\" data-event_id=\"90526\" data-time=\"1688860801-1688947199\" data-colr=\"#007230\" itemscope itemtype='http:\/\/schema.org\/Event' 2><div class=\"evo_event_schema\" style=\"display:none\" ><a itemprop='url'  href='https:\/\/www.federacao-triatlo.pt\/ftp2015\/events\/duatlo\/'><\/a><span itemprop='name'  >I Duatlo de Avis<\/span><meta itemprop='image'  ><\/meta><meta itemprop='description' content='Regulamento I Duatlo Avis v02\r\n\r\nPercursos I Duatlo de Avis v02\r\n\r\nLista Inscritos Camp. Nac. Clubes Duatlo\r\n\r\nLista Inscritos Prova Aberta' ><\/meta><meta itemprop='startDate' content='2023-7-9' ><\/meta><meta itemprop='endDate' content='2023-7-9' ><\/meta><meta itemprop='eventStatus' content='on-schedule' ><\/meta><script type=\"application\/ld+json\">{\t\"@context\": \"http:\/\/schema.org\",\r\n\t\t\t\t\t\t\t  \t\"@type\": \"Event\",\r\n\t\t\t\t\t\t\t  \t\"name\": \"I Duatlo de Avis\",\r\n\t\t\t\t\t\t\t  \t\"startDate\": \"2023-7-9T00-00-00-00\",\r\n\t\t\t\t\t\t\t  \t\"endDate\": \"2023-7-9T23-23-59-00\",\r\n\t\t\t\t\t\t\t  \t\"image\":,\r\n\t\t\t\t\t\t\t  \t\"description\":\"Regulamento I Duatlo Avis v02\r\n\r\nPercursos I Duatlo de Avis v02\r\n\r\nLista Inscritos Camp. Nac. Clubes Duatlo\r\n\r\nLista Inscritos Prova Aberta\",\r\n\t\t\t\t\t\t\t  \t\r\n\t\t\t\t\t\t\t }\r\n\t\t\t\t\t\t\t<\/script><\/div>\r\n\t\t\t\t<p class=\"desc_trig_outter\"><a data-gmap_status=\"null\" data-exlk=\"0\" style=\"border-color: #007230;\" id=\"evc_168886080190526\" class=\"desc_trig evo_competicao-nacional sin_val evcal_list_a\" data-ux_val=\"1\"  ><span class='evcal_cblock ' data-bgcolor='#007230' data-smon='Julho' data-syr='2023'><span class='evo_start '><em class='date'>09<\/em><em class='month'>jul<\/em><em class='time'>allday<\/em><\/span><span class='evo_end only_time'><em class='time'>allday<\/em><\/span><em class='clear'><\/em><\/span><span class='evcal_desc evo_info hide_eventtopdata '  data-location_status=\"false\" ><span class='evo_above_title'><\/span><span class='evcal_desc2 evcal_event_title' itemprop='name'>I Duatlo de Avis<\/span><span class='evo_below_title'><span class='evcal_event_subtitle' >Campeonato Nacional de Clubes de Duatlo<\/span><\/span><span class='evcal_desc_info' ><\/span><span class='evcal_desc3'><span class='evcal_event_types ett1'><em><i>Tipo de Evento:<\/i><\/em><em data-filter='event_type'>Competi\u00e7\u00e3o Nacional<\/em><i class='clear'><\/i><\/span><\/span><\/span><em class='clear'><\/em><\/p><\/a><div class='event_description evcal_eventcard ' style=\"display:none\"><div class='evo_metarow_details evorow evcal_evdata_row bordb evcal_event_details'>\r\n\t\t\t\t\t\t\t<div class=\"event_excerpt\" style=\"display:none\"><h3 class=\"padb5 evo_h3\">Detalhes do Evento<\/h3><p>Regulamento I Duatlo Avis v02\r\n\r\nPercursos I Duatlo de Avis v02\r\n\r\nLista Inscritos Camp. Nac. Clubes Duatlo\r\n\r\nLista Inscritos Prova Aberta<\/p><\/div><span class='evcal_evdata_icons'><i class='fa fa-align-justify'><\/i><\/span>\r\n\t\t\t\t\t\t\t\r\n\t\t\t\t\t\t\t<div class='evcal_evdata_cell '><div class='eventon_full_description'>\r\n\t\t\t\t\t\t\t\t\t<h3 class='padb5 evo_h3'><span class='evcal_evdata_icons'><i class='fa fa-align-justify'><\/i><\/span>Detalhes do Evento<\/h3><div class='eventon_desc_in' itemprop='description'>\r\n\t\t\t\t\t\t\t\t\t<p><a href=\"https:\/\/www.federacao-triatlo.pt\/ftp2015\/wp-content\/uploads\/2023\/01\/regulamento-I-duatlo-avis-rev02.pdf\">Regulamento I Duatlo Avis v02<\/a><\/p>\n<p><a href=\"https:\/\/www.federacao-triatlo.pt\/ftp2015\/wp-content\/uploads\/2023\/01\/percursos-I-duatlo-avis-rev02.pdf\">Percursos I Duatlo de Avis v02<\/a><\/p>\n<p><a href=\"https:\/\/www.federacao-triatlo.pt\/ftp2015\/wp-content\/uploads\/2023\/01\/lista-inscritos-campeonato-nacional-clubes-duatlo.rev01.pdf.pdf\">Lista Inscritos Camp. Nac. Clubes Duatlo<\/a><\/p>\n<p><a href=\"https:\/\/www.federacao-triatlo.pt\/ftp2015\/wp-content\/uploads\/2023\/01\/lista-inscritos-prova-aberta-1.pdf-1.pdf\">Lista Inscritos Prova Aberta<\/a><\/p>\n<\/div><div class='clear'><\/div>\r\n\t\t\t\t\t\t\t\t<\/div>\r\n\t\t\t\t\t\t\t<\/div>\r\n\t\t\t\t\t\t<\/div><div class='evo_metarow_time evorow evcal_evdata_row bordb evcal_evrow_sm '>\r\n\t\t\t\t\t\t\t<span class='evcal_evdata_icons'><i class='fa fa-clock-o'><\/i><\/span>\r\n\t\t\t\t\t\t\t<div class='evcal_evdata_cell'>\t\t\t\t\t\t\t\r\n\t\t\t\t\t\t\t\t<h3 class='evo_h3'><span class='evcal_evdata_icons'><i class='fa fa-clock-o'><\/i><\/span>Hor\u00e1rio<\/h3><p>Todo o dia (Domingo)<\/p>\r\n\t\t\t\t\t\t\t<\/div>\r\n\t\t\t\t\t\t<\/div>\t\t\t\t\t\t<div class='evo_metarow_ICS evorow bordb evcal_evdata_row'>\r\n\t\t\t\t\t\t\t<span class=\"evcal_evdata_icons\"><i class=\"fa fa-calendar\"><\/i><\/span>\r\n\t\t\t\t\t\t\t<div class='evcal_evdata_cell'>\r\n\t\t\t\t\t\t\t\t<p><a href='https:\/\/www.federacao-triatlo.pt\/ftp2015\/wp-admin\/admin-ajax.php?action=eventon_ics_download&amp;event_id=90526&amp;sunix=20230708T230000Z&amp;eunix=20230709T225900Z&amp;loca=&amp;locn=' class='evo_ics_nCal' title='Adicionar ao seu calend\u00e1rio'>Calend\u00e1rio<\/a><a href='\/\/www.google.com\/calendar\/event?action=TEMPLATE&amp;text=I+Duatlo+de+Avis&amp;dates=20230708T230000Z\/20230709T225900Z&amp;details=Regulamento+I+Duatlo+Avis+v02%0D%0A%0D%0APercursos+I+Duatlo+de+Avis+v02%0D%0A%0D%0ALista+Inscritos+Camp.+Nac.+Clubes+Duatlo%0D%0A%0D%0ALista+Inscritos+Prova+Aberta&amp;location= - ' target='_blank' class='evo_ics_gCal' title='Adicionar ao calend\u00e1rio Google'>GoogleCal<\/a><\/p>\t\r\n\t\t\t\t\t\t\t<\/div>\t\t\t\t\t\t<\/div>\r\n\t\t\t\t\t\t<\/div><div class='clear end'><\/div><\/div><div id=\"event_90527\" class=\"eventon_list_event evo_eventtop past_event event\" data-event_id=\"90527\" data-time=\"1690070401-1690156799\" data-colr=\"#007230\" itemscope itemtype='http:\/\/schema.org\/Event' 3><div class=\"evo_event_schema\" style=\"display:none\" ><a itemprop='url'  href='https:\/\/www.federacao-triatlo.pt\/ftp2015\/events\/triatlo\/'><\/a><span itemprop='name'  >Rios Ib\u00e9ricos GoldIm\u00f3veis<\/span><meta itemprop='image' content='https:\/\/www.federacao-triatlo.pt\/ftp2015\/wp-content\/uploads\/2023\/01\/banner-evento-300x180.jpg' ><\/meta><meta itemprop='description' content='Regulamento Rios Ib\u00e9ricos GoldIm\u00f3veis v01\r\n\r\nPercursos Triatlo Entre-os-rios Standard v01\r\n\r\nPercursos Entre-os-rios Triatlo Sprint v01\r\n\r\nPercursos Entre-os-rios Duatlo Sprint v01\r\n\r\nRios Ib\u00e9ricos Gold Im\u00f3veis! TA\u00c7A de PORTUGAL - Domingo' ><\/meta><meta itemprop='startDate' content='2023-7-23' ><\/meta><meta itemprop='endDate' content='2023-7-23' ><\/meta><meta itemprop='eventStatus' content='on-schedule' ><\/meta><script type=\"application\/ld+json\">{\t\"@context\": \"http:\/\/schema.org\",\r\n\t\t\t\t\t\t\t  \t\"@type\": \"Event\",\r\n\t\t\t\t\t\t\t  \t\"name\": \"Rios Ib\u00e9ricos GoldIm\u00f3veis\",\r\n\t\t\t\t\t\t\t  \t\"startDate\": \"2023-7-23T00-00-00-00\",\r\n\t\t\t\t\t\t\t  \t\"endDate\": \"2023-7-23T23-23-59-00\",\r\n\t\t\t\t\t\t\t  \t\"image\":\"https:\/\/www.federacao-triatlo.pt\/ftp2015\/wp-content\/uploads\/2023\/01\/banner-evento-300x180.jpg\",\r\n\t\t\t\t\t\t\t  \t\"description\":\"Regulamento Rios Ib\u00e9ricos GoldIm\u00f3veis v01\r\n\r\nPercursos Triatlo Entre-os-rios Standard v01\r\n\r\nPercursos Entre-os-rios Triatlo Sprint v01\r\n\r\nPercursos Entre-os-rios Duatlo Sprint v01\r\n\r\nRios Ib\u00e9ricos Gold Im\u00f3veis! TA\u00c7A de PORTUGAL - Domingo\",\r\n\t\t\t\t\t\t\t  \t\r\n\t\t\t\t\t\t\t }\r\n\t\t\t\t\t\t\t<\/script><\/div>\r\n\t\t\t\t<p class=\"desc_trig_outter\"><a data-gmap_status=\"null\" data-exlk=\"0\" style=\"border-color: #007230;\" id=\"evc_169007040190527\" class=\"desc_trig evo_competicao-nacional sin_val evcal_list_a\" data-ux_val=\"1\"  ><span class='evcal_cblock ' data-bgcolor='#007230' data-smon='Julho' data-syr='2023'><span class='evo_start '><em class='date'>23<\/em><em class='month'>jul<\/em><em class='time'>allday<\/em><\/span><span class='evo_end only_time'><em class='time'>allday<\/em><\/span><em class='clear'><\/em><\/span><span class='evcal_desc evo_info hide_eventtopdata '  data-location_status=\"false\" ><span class='evo_above_title'><\/span><span class='evcal_desc2 evcal_event_title' itemprop='name'>Rios Ib\u00e9ricos GoldIm\u00f3veis<\/span><span class='evo_below_title'><span class='evcal_event_subtitle' >Ta\u00e7a de Portugal<\/span><\/span><span class='evcal_desc_info' ><\/span><span class='evcal_desc3'><span class='evcal_event_types ett1'><em><i>Tipo de Evento:<\/i><\/em><em data-filter='event_type'>Competi\u00e7\u00e3o Nacional<\/em><i class='clear'><\/i><\/span><\/span><\/span><em class='clear'><\/em><\/p><\/a><div class='event_description evcal_eventcard ' style=\"display:none\"><div class='evo_metarow_directimg'><img src='https:\/\/www.federacao-triatlo.pt\/ftp2015\/wp-content\/uploads\/2023\/01\/banner-evento.jpg' \/><\/div><div class='evo_metarow_details evorow evcal_evdata_row bordb evcal_event_details'>\r\n\t\t\t\t\t\t\t<div class=\"event_excerpt\" style=\"display:none\"><h3 class=\"padb5 evo_h3\">Detalhes do Evento<\/h3><p>Regulamento Rios Ib\u00e9ricos GoldIm\u00f3veis v01\r\n\r\nPercursos Triatlo Entre-os-rios Standard v01\r\n\r\nPercursos Entre-os-rios Triatlo Sprint v01\r\n\r\nPercursos Entre-os-rios Duatlo Sprint v01\r\n\r\nRios Ib\u00e9ricos Gold Im\u00f3veis! TA\u00c7A de PORTUGAL - Domingo<\/p><\/div><span class='evcal_evdata_icons'><i class='fa fa-align-justify'><\/i><\/span>\r\n\t\t\t\t\t\t\t\r\n\t\t\t\t\t\t\t<div class='evcal_evdata_cell '><div class='eventon_full_description'>\r\n\t\t\t\t\t\t\t\t\t<h3 class='padb5 evo_h3'><span class='evcal_evdata_icons'><i class='fa fa-align-justify'><\/i><\/span>Detalhes do Evento<\/h3><div class='eventon_desc_in' itemprop='description'>\r\n\t\t\t\t\t\t\t\t\t<p><a href=\"https:\/\/www.federacao-triatlo.pt\/ftp2015\/wp-content\/uploads\/2023\/01\/2023-07-23-Regulamento-Triatlo-Entre-os-rios-2.pdf\">Regulamento Rios Ib\u00e9ricos GoldIm\u00f3veis v01<\/a><\/p>\n<p><a href=\"https:\/\/www.federacao-triatlo.pt\/ftp2015\/wp-content\/uploads\/2023\/01\/2023-07-23-Percursos-Triatlo-Entre-os-rios-Standard-1.pdf\">Percursos Triatlo Entre-os-rios Standard v01<\/a><\/p>\n<p><a href=\"https:\/\/www.federacao-triatlo.pt\/ftp2015\/wp-content\/uploads\/2023\/01\/2023-07-23-Percursos-Entre-os-rios-Triatlo-Sprint-1.pdf\">Percursos Entre-os-rios Triatlo Sprint v01<\/a><\/p>\n<p><a href=\"https:\/\/www.federacao-triatlo.pt\/ftp2015\/wp-content\/uploads\/2023\/01\/2023-07-23-Percursos-Entre-os-rios-Duatlo-Sprint-1.pdf\">Percursos Entre-os-rios Duatlo Sprint v01<\/a><\/p>\n<p><a href=\"https:\/\/www.facebook.com\/riosibericostriathlon?__cft__%5b0%5d=AZV5h82b90JfW5sFgeDIJIgAxzsMp5FKLcG3IVizuH9MiV6Ks_PMuKvaKxF0HUKyGFpqLWYXaALfqehK9BE5sNjaMUj4AK3P_wjBWlJnpFA6EKLTM-Q2teQ0pSsWRNZmr1vo2ET3TfOmVM9sywoUwpcz4g-jBNgUXRauPP-5FKGMs1-9ZXf9TBSMAxoh7WcYdpY&amp;__tn__=-%5dK-R\">Rios Ib\u00e9ricos<\/a> Gold Im\u00f3veis! TA\u00c7A de PORTUGAL &#8211; Domingo &#8211; 23 de julho 2023 V\u00eddeo promocional<\/p>\n<p><a href=\"https:\/\/www.youtube.com\/watch?v=Qfb6YIiX9jA\">https:\/\/www.youtube.com\/watch?v=Qfb6YIiX9jA<\/a><\/p>\n<p><a href=\"https:\/\/www.federacao-triatlo.pt\/ftp2015\/wp-content\/uploads\/2023\/01\/lista-inscritos-duatlo-promocao.rev01.pdf.pdf\">Lista Inscritos Duatlo Promo\u00e7\u00e3o<\/a><\/p>\n<p><a href=\"https:\/\/www.federacao-triatlo.pt\/ftp2015\/wp-content\/uploads\/2023\/01\/lista-inscritos-taca-de-portugal.rev01.pdf.pdf\">Lista Inscritos Ta\u00e7a de Portugal<\/a><\/p>\n<p><a href=\"https:\/\/www.federacao-triatlo.pt\/ftp2015\/wp-content\/uploads\/2023\/01\/lista-inscritos-triatlo-promocao.rev01.pdf.pdf\">Lista Inscritos Triatlo Promo\u00e7\u00e3o<\/a><\/p>\n<p>&nbsp;<\/p>\n<\/div><div class='clear'><\/div>\r\n\t\t\t\t\t\t\t\t<\/div>\r\n\t\t\t\t\t\t\t<\/div>\r\n\t\t\t\t\t\t<\/div><div class='evo_metarow_time evorow evcal_evdata_row bordb evcal_evrow_sm '>\r\n\t\t\t\t\t\t\t<span class='evcal_evdata_icons'><i class='fa fa-clock-o'><\/i><\/span>\r\n\t\t\t\t\t\t\t<div class='evcal_evdata_cell'>\t\t\t\t\t\t\t\r\n\t\t\t\t\t\t\t\t<h3 class='evo_h3'><span class='evcal_evdata_icons'><i class='fa fa-clock-o'><\/i><\/span>Hor\u00e1rio<\/h3><p>Todo o dia (Domingo)<\/p>\r\n\t\t\t\t\t\t\t<\/div>\r\n\t\t\t\t\t\t<\/div>\t\t\t\t\t\t<div class='evo_metarow_ICS evorow bordb evcal_evdata_row'>\r\n\t\t\t\t\t\t\t<span class=\"evcal_evdata_icons\"><i class=\"fa fa-calendar\"><\/i><\/span>\r\n\t\t\t\t\t\t\t<div class='evcal_evdata_cell'>\r\n\t\t\t\t\t\t\t\t<p><a href='https:\/\/www.federacao-triatlo.pt\/ftp2015\/wp-admin\/admin-ajax.php?action=eventon_ics_download&amp;event_id=90527&amp;sunix=20230722T230000Z&amp;eunix=20230723T225900Z&amp;loca=&amp;locn=' class='evo_ics_nCal' title='Adicionar ao seu calend\u00e1rio'>Calend\u00e1rio<\/a><a href='\/\/www.google.com\/calendar\/event?action=TEMPLATE&amp;text=Rios+Ib%C3%A9ricos+GoldIm%C3%B3veis&amp;dates=20230722T230000Z\/20230723T225900Z&amp;details=Regulamento+Rios+Ib%C3%A9ricos+GoldIm%C3%B3veis+v01%0D%0A%0D%0APercursos+Triatlo+Entre-os-rios+Standard+v01%0D%0A%0D%0APercursos+Entre-os-rios+Triatlo+Sprint+v01%0D%0A%0D%0APercursos+Entre-os-rios+Duatlo+Sprint+v01%0D%0A%0D%0ARios+Ib%C3%A9ricos+Gold+Im%C3%B3veis%21+TA%C3%87A+de+PORTUGAL+-+Domingo&amp;location= - ' target='_blank' class='evo_ics_gCal' title='Adicionar ao calend\u00e1rio Google'>GoogleCal<\/a><\/p>\t\r\n\t\t\t\t\t\t\t<\/div>\t\t\t\t\t\t<\/div>\r\n\t\t\t\t\t\t<\/div><div class='clear end'><\/div><\/div><\/div><div class='evcal_month_line'><p>Setembro 2023<\/p><\/div><div id='evcal_list' class='evcal_list_month eventon_events_list '><div id=\"event_90529\" class=\"eventon_list_event evo_eventtop past_event event\" data-event_id=\"90529\" data-time=\"1693699201-1693785599\" data-colr=\"#007230\" itemscope itemtype='http:\/\/schema.org\/Event' 1><div class=\"evo_event_schema\" style=\"display:none\" ><a itemprop='url'  href='https:\/\/www.federacao-triatlo.pt\/ftp2015\/events\/triatlo-cross\/'><\/a><span itemprop='name'  >I Triatlo Cross de Fornos de Algodres<\/span><meta itemprop='image'  ><\/meta><meta itemprop='description' content='Regulamento I Triatlo Cross Fornos Algodres\r\n\r\nPercursos I Triatlo Cross de Fornos de Algodres\r\n\r\nLista Inscritos Campeonato Nacional de Clubes Cross\r\n\r\nLista Inscritos Campeonato Nacional de Paratriatlo\r\n\r\nLista Inscritos' ><\/meta><meta itemprop='startDate' content='2023-9-3' ><\/meta><meta itemprop='endDate' content='2023-9-3' ><\/meta><meta itemprop='eventStatus' content='on-schedule' ><\/meta><script type=\"application\/ld+json\">{\t\"@context\": \"http:\/\/schema.org\",\r\n\t\t\t\t\t\t\t  \t\"@type\": \"Event\",\r\n\t\t\t\t\t\t\t  \t\"name\": \"I Triatlo Cross de Fornos de Algodres\",\r\n\t\t\t\t\t\t\t  \t\"startDate\": \"2023-9-3T00-00-00-00\",\r\n\t\t\t\t\t\t\t  \t\"endDate\": \"2023-9-3T23-23-59-00\",\r\n\t\t\t\t\t\t\t  \t\"image\":,\r\n\t\t\t\t\t\t\t  \t\"description\":\"Regulamento I Triatlo Cross Fornos Algodres\r\n\r\nPercursos I Triatlo Cross de Fornos de Algodres\r\n\r\nLista Inscritos Campeonato Nacional de Clubes Cross\r\n\r\nLista Inscritos Campeonato Nacional de Paratriatlo\r\n\r\nLista Inscritos\",\r\n\t\t\t\t\t\t\t  \t\r\n\t\t\t\t\t\t\t }\r\n\t\t\t\t\t\t\t<\/script><\/div>\r\n\t\t\t\t<p class=\"desc_trig_outter\"><a data-gmap_status=\"null\" data-exlk=\"0\" style=\"border-color: #007230;\" id=\"evc_169369920190529\" class=\"desc_trig evo_competicao-nacional sin_val evcal_list_a\" data-ux_val=\"1\"  ><span class='evcal_cblock ' data-bgcolor='#007230' data-smon='Setembro' data-syr='2023'><span class='evo_start '><em class='date'>03<\/em><em class='month'>set<\/em><em class='time'>allday<\/em><\/span><span class='evo_end only_time'><em class='time'>allday<\/em><\/span><em class='clear'><\/em><\/span><span class='evcal_desc evo_info hide_eventtopdata '  data-location_status=\"false\" ><span class='evo_above_title'><\/span><span class='evcal_desc2 evcal_event_title' itemprop='name'>I Triatlo Cross de Fornos de Algodres<\/span><span class='evo_below_title'><span class='evcal_event_subtitle' >Campeonato Nacional de Clubes Cross - Campeonato Nacional de Triatlo Cross de Juniores - Campeonato Nacional de Triatlo Cross de Cadetes - Campeonato Nacional Individual de Paratriatlo<\/span><\/span><span class='evcal_desc_info' ><\/span><span class='evcal_desc3'><span class='evcal_event_types ett1'><em><i>Tipo de Evento:<\/i><\/em><em data-filter='event_type'>Competi\u00e7\u00e3o Nacional<\/em><i class='clear'><\/i><\/span><\/span><\/span><em class='clear'><\/em><\/p><\/a><div class='event_description evcal_eventcard ' style=\"display:none\"><div class='evo_metarow_details evorow evcal_evdata_row bordb evcal_event_details'>\r\n\t\t\t\t\t\t\t<div class=\"event_excerpt\" style=\"display:none\"><h3 class=\"padb5 evo_h3\">Detalhes do Evento<\/h3><p>Regulamento I Triatlo Cross Fornos Algodres\r\n\r\nPercursos I Triatlo Cross de Fornos de Algodres\r\n\r\nLista Inscritos Campeonato Nacional de Clubes Cross\r\n\r\nLista Inscritos Campeonato Nacional de Paratriatlo\r\n\r\nLista Inscritos<\/p><\/div><span class='evcal_evdata_icons'><i class='fa fa-align-justify'><\/i><\/span>\r\n\t\t\t\t\t\t\t\r\n\t\t\t\t\t\t\t<div class='evcal_evdata_cell '><div class='eventon_full_description'>\r\n\t\t\t\t\t\t\t\t\t<h3 class='padb5 evo_h3'><span class='evcal_evdata_icons'><i class='fa fa-align-justify'><\/i><\/span>Detalhes do Evento<\/h3><div class='eventon_desc_in' itemprop='description'>\r\n\t\t\t\t\t\t\t\t\t<p><a href=\"https:\/\/www.federacao-triatlo.pt\/ftp2015\/wp-content\/uploads\/2023\/01\/Regulamento-I-Triatlo-Cross-Fornos-Algodres-v02.pdf\">Regulamento I Triatlo Cross Fornos Algodres<\/a><\/p>\n<p><a href=\"https:\/\/www.federacao-triatlo.pt\/ftp2015\/wp-content\/uploads\/2023\/01\/2023-09-03-percursos-i-triatlo-fornos-de-algodres.pdf.pdf\">Percursos I Triatlo Cross de Fornos de Algodres<\/a><\/p>\n<p><a href=\"https:\/\/www.federacao-triatlo.pt\/ftp2015\/wp-content\/uploads\/2023\/01\/lista-inscritos-campeonato-nacional-clubes-cross.rev01.pdf\">Lista Inscritos Campeonato Nacional de Clubes Cross<\/a><\/p>\n<p><a href=\"https:\/\/www.federacao-triatlo.pt\/ftp2015\/wp-content\/uploads\/2023\/01\/lista-inscritos-campeonato-nacional-paratriatlo.rev01.pdf\">Lista Inscritos Campeonato Nacional de Paratriatlo<\/a><\/p>\n<p><a href=\"https:\/\/www.federacao-triatlo.pt\/ftp2015\/wp-content\/uploads\/2023\/01\/lista-inscritos-prova-aberta.rev01.pdf\">Lista Inscritos Prova Aberta<\/a><\/p>\n<\/div><div class='clear'><\/div>\r\n\t\t\t\t\t\t\t\t<\/div>\r\n\t\t\t\t\t\t\t<\/div>\r\n\t\t\t\t\t\t<\/div><div class='evo_metarow_time evorow evcal_evdata_row bordb evcal_evrow_sm '>\r\n\t\t\t\t\t\t\t<span class='evcal_evdata_icons'><i class='fa fa-clock-o'><\/i><\/span>\r\n\t\t\t\t\t\t\t<div class='evcal_evdata_cell'>\t\t\t\t\t\t\t\r\n\t\t\t\t\t\t\t\t<h3 class='evo_h3'><span class='evcal_evdata_icons'><i class='fa fa-clock-o'><\/i><\/span>Hor\u00e1rio<\/h3><p>Todo o dia (Domingo)<\/p>\r\n\t\t\t\t\t\t\t<\/div>\r\n\t\t\t\t\t\t<\/div>\t\t\t\t\t\t<div class='evo_metarow_ICS evorow bordb evcal_evdata_row'>\r\n\t\t\t\t\t\t\t<span class=\"evcal_evdata_icons\"><i class=\"fa fa-calendar\"><\/i><\/span>\r\n\t\t\t\t\t\t\t<div class='evcal_evdata_cell'>\r\n\t\t\t\t\t\t\t\t<p><a href='https:\/\/www.federacao-triatlo.pt\/ftp2015\/wp-admin\/admin-ajax.php?action=eventon_ics_download&amp;event_id=90529&amp;sunix=20230902T230000Z&amp;eunix=20230903T225900Z&amp;loca=&amp;locn=' class='evo_ics_nCal' title='Adicionar ao seu calend\u00e1rio'>Calend\u00e1rio<\/a><a href='\/\/www.google.com\/calendar\/event?action=TEMPLATE&amp;text=I+Triatlo+Cross+de+Fornos+de+Algodres&amp;dates=20230902T230000Z\/20230903T225900Z&amp;details=Regulamento+I+Triatlo+Cross+Fornos+Algodres%0D%0A%0D%0APercursos+I+Triatlo+Cross+de+Fornos+de+Algodres%0D%0A%0D%0ALista+Inscritos+Campeonato+Nacional+de+Clubes+Cross%0D%0A%0D%0ALista+Inscritos+Campeonato+Nacional+de+Paratriatlo%0D%0A%0D%0ALista+Inscritos&amp;location= - ' target='_blank' class='evo_ics_gCal' title='Adicionar ao calend\u00e1rio Google'>GoogleCal<\/a><\/p>\t\r\n\t\t\t\t\t\t\t<\/div>\t\t\t\t\t\t<\/div>\r\n\t\t\t\t\t\t<\/div><div class='clear end'><\/div><\/div><div id=\"event_90531\" class=\"eventon_list_event evo_eventtop past_event event\" data-event_id=\"90531\" data-time=\"1694822400-1694995140\" data-colr=\"#007230\" itemscope itemtype='http:\/\/schema.org\/Event' 2><div class=\"evo_event_schema\" style=\"display:none\" ><a itemprop='url'  href='https:\/\/www.federacao-triatlo.pt\/ftp2015\/events\/ii-triatlo-de-sao-martinho-do-porto\/'><\/a><span itemprop='name'  >II Triatlo de S\u00e3o Martinho do Porto<\/span><meta itemprop='image'  ><\/meta><meta itemprop='description' content='Regulamento II Triatlo de S\u00e3o Martinho do Porto\r\n\r\nPercursos II Triatlo de S\u00e3o Martinho do Porto - CN Clubes Triatlo Estafetas\r\n\r\nPercursos II Triatlo de S\u00e3o Martinho do Porto' ><\/meta><meta itemprop='startDate' content='2023-9-16' ><\/meta><meta itemprop='endDate' content='2023-9-17' ><\/meta><meta itemprop='eventStatus' content='on-schedule' ><\/meta><script type=\"application\/ld+json\">{\t\"@context\": \"http:\/\/schema.org\",\r\n\t\t\t\t\t\t\t  \t\"@type\": \"Event\",\r\n\t\t\t\t\t\t\t  \t\"name\": \"II Triatlo de S\u00e3o Martinho do Porto\",\r\n\t\t\t\t\t\t\t  \t\"startDate\": \"2023-9-16T00-00-00-00\",\r\n\t\t\t\t\t\t\t  \t\"endDate\": \"2023-9-17T23-23-59-00\",\r\n\t\t\t\t\t\t\t  \t\"image\":,\r\n\t\t\t\t\t\t\t  \t\"description\":\"Regulamento II Triatlo de S\u00e3o Martinho do Porto\r\n\r\nPercursos II Triatlo de S\u00e3o Martinho do Porto - CN Clubes Triatlo Estafetas\r\n\r\nPercursos II Triatlo de S\u00e3o Martinho do Porto\",\r\n\t\t\t\t\t\t\t  \t\r\n\t\t\t\t\t\t\t }\r\n\t\t\t\t\t\t\t<\/script><\/div>\r\n\t\t\t\t<p class=\"desc_trig_outter\"><a data-gmap_status=\"null\" data-exlk=\"0\" style=\"border-color: #007230;\" id=\"evc_169482240090531\" class=\"desc_trig evo_competicao-nacional mul_val evcal_list_a\" data-ux_val=\"1\"  ><span class='evcal_cblock ' data-bgcolor='#007230' data-smon='Setembro' data-syr='2023'><span class='evo_start '><em class='date'>16<\/em><em class='month'>set<\/em><em class='time'><i t=\"y\">(set 16)<\/i>0:00<\/em><\/span><span class='evo_end '><em class='date'>17<\/em><em class='time'><i t=\"y\">(set 17)<\/i>23:59<\/em><\/span><em class='clear'><\/em><\/span><span class='evcal_desc evo_info hide_eventtopdata '  data-location_status=\"false\" ><span class='evo_above_title'><\/span><span class='evcal_desc2 evcal_event_title' itemprop='name'>II Triatlo de S\u00e3o Martinho do Porto<\/span><span class='evo_below_title'><span class='evcal_event_subtitle' >Campeonato Nacional de Clubes de Triatlo - Ta\u00e7a de Portugal<\/span><\/span><span class='evcal_desc_info' ><\/span><span class='evcal_desc3'><span class='evcal_event_types ett1'><em><i>Tipo de Evento:<\/i><\/em><em data-filter='event_type'>Competi\u00e7\u00e3o Nacional<\/em><i class='clear'><\/i><\/span><\/span><\/span><em class='clear'><\/em><\/p><\/a><div class='event_description evcal_eventcard ' style=\"display:none\"><div class='evo_metarow_details evorow evcal_evdata_row bordb evcal_event_details'>\r\n\t\t\t\t\t\t\t<div class=\"event_excerpt\" style=\"display:none\"><h3 class=\"padb5 evo_h3\">Detalhes do Evento<\/h3><p>Regulamento II Triatlo de S\u00e3o Martinho do Porto\r\n\r\nPercursos II Triatlo de S\u00e3o Martinho do Porto - CN Clubes Triatlo Estafetas\r\n\r\nPercursos II Triatlo de S\u00e3o Martinho do Porto<\/p><\/div><span class='evcal_evdata_icons'><i class='fa fa-align-justify'><\/i><\/span>\r\n\t\t\t\t\t\t\t\r\n\t\t\t\t\t\t\t<div class='evcal_evdata_cell '><div class='eventon_full_description'>\r\n\t\t\t\t\t\t\t\t\t<h3 class='padb5 evo_h3'><span class='evcal_evdata_icons'><i class='fa fa-align-justify'><\/i><\/span>Detalhes do Evento<\/h3><div class='eventon_desc_in' itemprop='description'>\r\n\t\t\t\t\t\t\t\t\t<p><a href=\"https:\/\/www.federacao-triatlo.pt\/ftp2015\/wp-content\/uploads\/2023\/01\/2023-09-16-regulamento-ii-triatlo-sao-martinho-porto.pdf\">Regulamento II Triatlo de S\u00e3o Martinho do Porto<\/a><\/p>\n<p><a href=\"https:\/\/www.federacao-triatlo.pt\/ftp2015\/wp-content\/uploads\/2023\/01\/2023-09-16-CN-Clubes-Estafetas_Percursos-II-Triatlo-de-Sao-Martinho-do-Porto.pdf\">Percursos II Triatlo de S\u00e3o Martinho do Porto &#8211; CN Clubes Triatlo Estafetas<\/a><\/p>\n<p><a href=\"https:\/\/www.federacao-triatlo.pt\/ftp2015\/wp-content\/uploads\/2023\/01\/2023-09-17-Percursos-II-Triatlo-de-Sao-Martinho-do-Porto-_Taca-de-Portugal.pdf\">Percursos II Triatlo de S\u00e3o Martinho do Porto &#8211; Ta\u00e7a de Portugal<\/a><\/p>\n<p><a href=\"https:\/\/www.federacao-triatlo.pt\/ftp2015\/wp-content\/uploads\/2023\/01\/guia-atleta-triatlo-sao-martinho-porto-2023.pdf\">Guia do Atleta &#8211; II Triatlo de S\u00e3o Martinho do Porto<\/a><\/p>\n<p><a href=\"https:\/\/www.federacao-triatlo.pt\/ftp2015\/wp-content\/uploads\/2023\/01\/lista-inscritos-cn-clubes-estafetas.rev05.pdf\">Lista Inscritos Camp. Nac. Clubes Triatlo &#8211; Estafetas<\/a><\/p>\n<p><a href=\"https:\/\/www.federacao-triatlo.pt\/ftp2015\/wp-content\/uploads\/2023\/01\/lista-inscritos-cn-clubes-triatlo-estafeta-convidada.pdf\">Lista Inscritos Camp. Nac. Clubes Triatlo &#8211; Estafeta Convidada<\/a><\/p>\n<p><a href=\"https:\/\/www.federacao-triatlo.pt\/ftp2015\/wp-content\/uploads\/2023\/01\/lista-inscritos-taca-portugal.rev04.pdf\">Lista Inscritos Ta\u00e7a de Portugal<\/a><\/p>\n<p><a href=\"https:\/\/www.federacao-triatlo.pt\/ftp2015\/wp-content\/uploads\/2023\/01\/lista-inscritos-prova-aberta.rev02.pdf\">Lista Inscritos Prova Aberta<\/a><\/p>\n<p><strong>Inscri\u00e7\u00f5es CN Clubes Triatlo em Estafetas:<\/strong><\/p>\n<p>Para formalizar as inscri\u00e7\u00f5es ter\u00e1 de se proceder ao preenchimento e envio da respetiva ficha at\u00e9 \u00e0s 23h59 do dia 03 de setembro:<\/p>\n<p><a href=\"https:\/\/www.federacao-triatlo.pt\/ftp2015\/wp-content\/uploads\/2023\/01\/Ficha-de-Inscricao-CNC-Estafetas.doc\">Ficha de Inscri\u00e7\u00e3o CNC Estafetas<\/a><\/p>\n<p>S\u00f3 ser\u00e3o aceites inscri\u00e7\u00f5es de equipas que componham a estafeta completa, no caso de estafetas masculinas compostas por 4 elementos e estafetas femininas compostas por 3 elementos.<\/p>\n<p>Formas de pagamento:<br \/>\n\u2013 Transfer\u00eancia banc\u00e1ria no valor de 40\u20ac para o IBAN PT50 0045 5442 40331296628 30. Dever\u00e1 enviar<br \/>\ncomprovativo do pagamento identificando a prova para competicoes@federacao-triatlo.pt.<\/p>\n<\/div><div class='clear'><\/div>\r\n\t\t\t\t\t\t\t\t<\/div>\r\n\t\t\t\t\t\t\t<\/div>\r\n\t\t\t\t\t\t<\/div><div class='evo_metarow_time evorow evcal_evdata_row bordb evcal_evrow_sm '>\r\n\t\t\t\t\t\t\t<span class='evcal_evdata_icons'><i class='fa fa-clock-o'><\/i><\/span>\r\n\t\t\t\t\t\t\t<div class='evcal_evdata_cell'>\t\t\t\t\t\t\t\r\n\t\t\t\t\t\t\t\t<h3 class='evo_h3'><span class='evcal_evdata_icons'><i class='fa fa-clock-o'><\/i><\/span>Hor\u00e1rio<\/h3><p>16 (S\u00e1bado) 0:00 - 17 (Domingo) 23:59<\/p>\r\n\t\t\t\t\t\t\t<\/div>\r\n\t\t\t\t\t\t<\/div>\t\t\t\t\t\t<div class='evo_metarow_ICS evorow bordb evcal_evdata_row'>\r\n\t\t\t\t\t\t\t<span class=\"evcal_evdata_icons\"><i class=\"fa fa-calendar\"><\/i><\/span>\r\n\t\t\t\t\t\t\t<div class='evcal_evdata_cell'>\r\n\t\t\t\t\t\t\t\t<p><a href='https:\/\/www.federacao-triatlo.pt\/ftp2015\/wp-admin\/admin-ajax.php?action=eventon_ics_download&amp;event_id=90531&amp;sunix=20230915T230000Z&amp;eunix=20230917T225900Z&amp;loca=&amp;locn=' class='evo_ics_nCal' title='Adicionar ao seu calend\u00e1rio'>Calend\u00e1rio<\/a><a href='\/\/www.google.com\/calendar\/event?action=TEMPLATE&amp;text=II+Triatlo+de+S%C3%A3o+Martinho+do+Porto&amp;dates=20230915T230000Z\/20230917T225900Z&amp;details=Regulamento+II+Triatlo+de+S%C3%A3o+Martinho+do+Porto%0D%0A%0D%0APercursos+II+Triatlo+de+S%C3%A3o+Martinho+do+Porto+-+CN+Clubes+Triatlo+Estafetas%0D%0A%0D%0APercursos+II+Triatlo+de+S%C3%A3o+Martinho+do+Porto&amp;location= - ' target='_blank' class='evo_ics_gCal' title='Adicionar ao calend\u00e1rio Google'>GoogleCal<\/a><\/p>\t\r\n\t\t\t\t\t\t\t<\/div>\t\t\t\t\t\t<\/div>\r\n\t\t\t\t\t\t<\/div><div class='clear end'><\/div><\/div><div id=\"event_90532\" class=\"eventon_list_event evo_eventtop past_event event\" data-event_id=\"90532\" data-time=\"1695513600-1695599940\" data-colr=\"#007230\" itemscope itemtype='http:\/\/schema.org\/Event' 3><div class=\"evo_event_schema\" style=\"display:none\" ><a itemprop='url'  href='https:\/\/www.federacao-triatlo.pt\/ftp2015\/events\/ii-triatlo-longo-de-moura\/'><\/a><span itemprop='name'  >II Triatlo Longo de Moura<\/span><meta itemprop='image'  ><\/meta><meta itemprop='description' content='Regulamento do II Triatlo Longo de Moura\r\n\r\nPercursos II Triatlo Longo de Moura - CN Clubes\r\n\r\nPercursos II Triatlo Longo de Moura - Prova Aberta\r\n\r\nLista Inscritos Camp. Nac.' ><\/meta><meta itemprop='startDate' content='2023-9-24' ><\/meta><meta itemprop='endDate' content='2023-9-24' ><\/meta><meta itemprop='eventStatus' content='on-schedule' ><\/meta><script type=\"application\/ld+json\">{\t\"@context\": \"http:\/\/schema.org\",\r\n\t\t\t\t\t\t\t  \t\"@type\": \"Event\",\r\n\t\t\t\t\t\t\t  \t\"name\": \"II Triatlo Longo de Moura\",\r\n\t\t\t\t\t\t\t  \t\"startDate\": \"2023-9-24T00-00-00-00\",\r\n\t\t\t\t\t\t\t  \t\"endDate\": \"2023-9-24T23-23-59-00\",\r\n\t\t\t\t\t\t\t  \t\"image\":,\r\n\t\t\t\t\t\t\t  \t\"description\":\"Regulamento do II Triatlo Longo de Moura\r\n\r\nPercursos II Triatlo Longo de Moura - CN Clubes\r\n\r\nPercursos II Triatlo Longo de Moura - Prova Aberta\r\n\r\nLista Inscritos Camp. Nac.\",\r\n\t\t\t\t\t\t\t  \t\r\n\t\t\t\t\t\t\t }\r\n\t\t\t\t\t\t\t<\/script><\/div>\r\n\t\t\t\t<p class=\"desc_trig_outter\"><a data-gmap_status=\"null\" data-exlk=\"0\" style=\"border-color: #007230;\" id=\"evc_169551360090532\" class=\"desc_trig evo_competicao-nacional sin_val evcal_list_a\" data-ux_val=\"1\"  ><span class='evcal_cblock ' data-bgcolor='#007230' data-smon='Setembro' data-syr='2023'><span class='evo_start '><em class='date'>24<\/em><em class='month'>set<\/em><em class='time'>0:00<\/em><\/span><span class='evo_end only_time'><em class='time'>23:59<\/em><\/span><em class='clear'><\/em><\/span><span class='evcal_desc evo_info hide_eventtopdata '  data-location_status=\"false\" ><span class='evo_above_title'><\/span><span class='evcal_desc2 evcal_event_title' itemprop='name'>II Triatlo Longo de Moura<\/span><span class='evo_below_title'><span class='evcal_event_subtitle' >Campeonato Nacional de Clubes de Triatlo Longo<\/span><\/span><span class='evcal_desc_info' ><\/span><span class='evcal_desc3'><span class='evcal_event_types ett1'><em><i>Tipo de Evento:<\/i><\/em><em data-filter='event_type'>Competi\u00e7\u00e3o Nacional<\/em><i class='clear'><\/i><\/span><\/span><\/span><em class='clear'><\/em><\/p><\/a><div class='event_description evcal_eventcard ' style=\"display:none\"><div class='evo_metarow_details evorow evcal_evdata_row bordb evcal_event_details'>\r\n\t\t\t\t\t\t\t<div class=\"event_excerpt\" style=\"display:none\"><h3 class=\"padb5 evo_h3\">Detalhes do Evento<\/h3><p>Regulamento do II Triatlo Longo de Moura\r\n\r\nPercursos II Triatlo Longo de Moura - CN Clubes\r\n\r\nPercursos II Triatlo Longo de Moura - Prova Aberta\r\n\r\nLista Inscritos Camp. Nac.<\/p><\/div><span class='evcal_evdata_icons'><i class='fa fa-align-justify'><\/i><\/span>\r\n\t\t\t\t\t\t\t\r\n\t\t\t\t\t\t\t<div class='evcal_evdata_cell '><div class='eventon_full_description'>\r\n\t\t\t\t\t\t\t\t\t<h3 class='padb5 evo_h3'><span class='evcal_evdata_icons'><i class='fa fa-align-justify'><\/i><\/span>Detalhes do Evento<\/h3><div class='eventon_desc_in' itemprop='description'>\r\n\t\t\t\t\t\t\t\t\t<p><a href=\"https:\/\/www.federacao-triatlo.pt\/ftp2015\/wp-content\/uploads\/2023\/01\/2023-09-24-regulamento-ii-triatlo-longo-de-moura.pdf\">Regulamento do II Triatlo Longo de Moura<\/a><\/p>\n<p><a href=\"https:\/\/www.federacao-triatlo.pt\/ftp2015\/wp-content\/uploads\/2023\/01\/2023-09-24-percursos-ii-triatlo-longo-de-moura-cn-clubes.pdf\">Percursos II Triatlo Longo de Moura &#8211; CN Clubes<\/a><\/p>\n<p><a href=\"https:\/\/www.federacao-triatlo.pt\/ftp2015\/wp-content\/uploads\/2023\/01\/2023-09-24-percursos-ii-triatlo-longo-de-moura-prova-aberta.pdf\">Percursos II Triatlo Longo de Moura &#8211; Prova Aberta<\/a><\/p>\n<p><a href=\"https:\/\/www.federacao-triatlo.pt\/ftp2015\/wp-content\/uploads\/2023\/01\/lista-inscritos-cn-clubes.rev02-1.pdf\">Lista Inscritos Camp. Nac. Clubes<\/a><\/p>\n<p><a href=\"https:\/\/www.federacao-triatlo.pt\/ftp2015\/wp-content\/uploads\/2023\/01\/lista-inscritos-prova-aberta.rev02-1.pdf\">Lista Inscritos Prova Aberta<\/a><\/p>\n<p><a href=\"https:\/\/www.federacao-triatlo.pt\/ftp2015\/wp-content\/uploads\/2023\/01\/briefing-ii-triatlo-longo-moura.rev04.pdf\">Briefing II Triatlo Longo de Moura<\/a><\/p>\n<\/div><div class='clear'><\/div>\r\n\t\t\t\t\t\t\t\t<\/div>\r\n\t\t\t\t\t\t\t<\/div>\r\n\t\t\t\t\t\t<\/div><div class='evo_metarow_time evorow evcal_evdata_row bordb evcal_evrow_sm '>\r\n\t\t\t\t\t\t\t<span class='evcal_evdata_icons'><i class='fa fa-clock-o'><\/i><\/span>\r\n\t\t\t\t\t\t\t<div class='evcal_evdata_cell'>\t\t\t\t\t\t\t\r\n\t\t\t\t\t\t\t\t<h3 class='evo_h3'><span class='evcal_evdata_icons'><i class='fa fa-clock-o'><\/i><\/span>Hor\u00e1rio<\/h3><p>(Domingo) 0:00 - 23:59<\/p>\r\n\t\t\t\t\t\t\t<\/div>\r\n\t\t\t\t\t\t<\/div>\t\t\t\t\t\t<div class='evo_metarow_ICS evorow bordb evcal_evdata_row'>\r\n\t\t\t\t\t\t\t<span class=\"evcal_evdata_icons\"><i class=\"fa fa-calendar\"><\/i><\/span>\r\n\t\t\t\t\t\t\t<div class='evcal_evdata_cell'>\r\n\t\t\t\t\t\t\t\t<p><a href='https:\/\/www.federacao-triatlo.pt\/ftp2015\/wp-admin\/admin-ajax.php?action=eventon_ics_download&amp;event_id=90532&amp;sunix=20230923T230000Z&amp;eunix=20230924T225900Z&amp;loca=&amp;locn=' class='evo_ics_nCal' title='Adicionar ao seu calend\u00e1rio'>Calend\u00e1rio<\/a><a href='\/\/www.google.com\/calendar\/event?action=TEMPLATE&amp;text=II+Triatlo+Longo+de+Moura&amp;dates=20230923T230000Z\/20230924T225900Z&amp;details=Regulamento+do+II+Triatlo+Longo+de+Moura%0D%0A%0D%0APercursos+II+Triatlo+Longo+de+Moura+-+CN+Clubes%0D%0A%0D%0APercursos+II+Triatlo+Longo+de+Moura+-+Prova+Aberta%0D%0A%0D%0ALista+Inscritos+Camp.+Nac.&amp;location= - ' target='_blank' class='evo_ics_gCal' title='Adicionar ao calend\u00e1rio Google'>GoogleCal<\/a><\/p>\t\r\n\t\t\t\t\t\t\t<\/div>\t\t\t\t\t\t<\/div>\r\n\t\t\t\t\t\t<\/div><div class='clear end'><\/div><\/div><\/div><div class='evcal_month_line'><p>Outubro 2023<\/p><\/div><div id='evcal_list' class='evcal_list_month eventon_events_list '><div id=\"event_90533\" class=\"eventon_list_event evo_eventtop past_event event\" data-event_id=\"90533\" data-time=\"1696118400-1696204740\" data-colr=\"#007230\" itemscope itemtype='http:\/\/schema.org\/Event' 1><div class=\"evo_event_schema\" style=\"display:none\" ><a itemprop='url'  href='https:\/\/www.federacao-triatlo.pt\/ftp2015\/events\/triatlo-de-almodovar\/'><\/a><span itemprop='name'  >Triatlo de Almod\u00f4var<\/span><meta itemprop='image'  ><\/meta><meta itemprop='description' content='Triatlo de Almod\u00f4var' ><\/meta><meta itemprop='startDate' content='2023-10-1' ><\/meta><meta itemprop='endDate' content='2023-10-1' ><\/meta><meta itemprop='eventStatus' content='on-schedule' ><\/meta><script type=\"application\/ld+json\">{\t\"@context\": \"http:\/\/schema.org\",\r\n\t\t\t\t\t\t\t  \t\"@type\": \"Event\",\r\n\t\t\t\t\t\t\t  \t\"name\": \"Triatlo de Almod\u00f4var\",\r\n\t\t\t\t\t\t\t  \t\"startDate\": \"2023-10-1T00-00-00-00\",\r\n\t\t\t\t\t\t\t  \t\"endDate\": \"2023-10-1T23-23-59-00\",\r\n\t\t\t\t\t\t\t  \t\"image\":,\r\n\t\t\t\t\t\t\t  \t\"description\":\"Triatlo de Almod\u00f4var\",\r\n\t\t\t\t\t\t\t  \t\r\n\t\t\t\t\t\t\t }\r\n\t\t\t\t\t\t\t<\/script><\/div>\r\n\t\t\t\t<p class=\"desc_trig_outter\"><a data-gmap_status=\"null\" data-exlk=\"0\" style=\"border-color: #007230;\" id=\"evc_169611840090533\" class=\"desc_trig cancel_event 1 evo_competicao-nacional sin_val evcal_list_a\" data-ux_val=\"1\"  ><span class='evcal_cblock ' data-bgcolor='#007230' data-smon='Outubro' data-syr='2023'><span class='evo_start '><em class='date'>01<\/em><em class='month'>out<\/em><em class='time'>0:00<\/em><\/span><span class='evo_end only_time'><em class='time'>23:59<\/em><\/span><em class='clear'><\/em><\/span><span class='evcal_desc evo_info hide_eventtopdata '  data-location_status=\"false\" ><span class='evo_above_title'><span class='evo_event_headers canceled' title=''>Evento Cancelado<\/span><\/span><span class='evcal_desc2 evcal_event_title' itemprop='name'>Triatlo de Almod\u00f4var<\/span><span class='evo_below_title'><span class='evcal_event_subtitle' >Campeonato Nacional Individual de Triatlo Standard - Campeonato Nacional de Triatlo Standard de Juniores<\/span><\/span><span class='evcal_desc_info' ><\/span><span class='evcal_desc3'><span class='evcal_event_types ett1'><em><i>Tipo de Evento:<\/i><\/em><em data-filter='event_type'>Competi\u00e7\u00e3o Nacional<\/em><i class='clear'><\/i><\/span><\/span><\/span><em class='clear'><\/em><\/p><\/a><div class='event_description evcal_eventcard ' style=\"display:none\"><div class='evo_metarow_time evorow evcal_evdata_row bordb evcal_evrow_sm '>\r\n\t\t\t\t\t\t\t<span class='evcal_evdata_icons'><i class='fa fa-clock-o'><\/i><\/span>\r\n\t\t\t\t\t\t\t<div class='evcal_evdata_cell'>\t\t\t\t\t\t\t\r\n\t\t\t\t\t\t\t\t<h3 class='evo_h3'><span class='evcal_evdata_icons'><i class='fa fa-clock-o'><\/i><\/span>Hor\u00e1rio<\/h3><p>(Domingo) 0:00 - 23:59<\/p>\r\n\t\t\t\t\t\t\t<\/div>\r\n\t\t\t\t\t\t<\/div>\t\t\t\t\t\t<div class='evo_metarow_ICS evorow bordb evcal_evdata_row'>\r\n\t\t\t\t\t\t\t<span class=\"evcal_evdata_icons\"><i class=\"fa fa-calendar\"><\/i><\/span>\r\n\t\t\t\t\t\t\t<div class='evcal_evdata_cell'>\r\n\t\t\t\t\t\t\t\t<p><a href='https:\/\/www.federacao-triatlo.pt\/ftp2015\/wp-admin\/admin-ajax.php?action=eventon_ics_download&amp;event_id=90533&amp;sunix=20230930T230000Z&amp;eunix=20231001T225900Z&amp;loca=&amp;locn=' class='evo_ics_nCal' title='Adicionar ao seu calend\u00e1rio'>Calend\u00e1rio<\/a><a href='\/\/www.google.com\/calendar\/event?action=TEMPLATE&amp;text=Triatlo+de+Almod%C3%B4var&amp;dates=20230930T230000Z\/20231001T225900Z&amp;details=Triatlo+de+Almod%C3%B4var&amp;location= - ' target='_blank' class='evo_ics_gCal' title='Adicionar ao calend\u00e1rio Google'>GoogleCal<\/a><\/p>\t\r\n\t\t\t\t\t\t\t<\/div>\t\t\t\t\t\t<\/div>\r\n\t\t\t\t\t\t<\/div><div class='clear end'><\/div><\/div><div id=\"event_90534\" class=\"eventon_list_event evo_eventtop past_event event\" data-event_id=\"90534\" data-time=\"1696636800-1696809540\" data-colr=\"#ffd900\" itemscope itemtype='http:\/\/schema.org\/Event' 2><div class=\"evo_event_schema\" style=\"display:none\" ><a itemprop='url'  href='https:\/\/www.federacao-triatlo.pt\/ftp2015\/events\/taca-do-mundo-de-paratriatlo\/'><\/a><span itemprop='name'  >Ta\u00e7a do Mundo de Paratriatlo<\/span><meta itemprop='image'  ><\/meta><meta itemprop='description' content='Ta\u00e7a do Mundo de Paratriatlo' ><\/meta><meta itemprop='startDate' content='2023-10-7' ><\/meta><meta itemprop='endDate' content='2023-10-8' ><\/meta><meta itemprop='eventStatus' content='on-schedule' ><\/meta><script type=\"application\/ld+json\">{\t\"@context\": \"http:\/\/schema.org\",\r\n\t\t\t\t\t\t\t  \t\"@type\": \"Event\",\r\n\t\t\t\t\t\t\t  \t\"name\": \"Ta\u00e7a do Mundo de Paratriatlo\",\r\n\t\t\t\t\t\t\t  \t\"startDate\": \"2023-10-7T00-00-00-00\",\r\n\t\t\t\t\t\t\t  \t\"endDate\": \"2023-10-8T23-23-59-00\",\r\n\t\t\t\t\t\t\t  \t\"image\":,\r\n\t\t\t\t\t\t\t  \t\"description\":\"Ta\u00e7a do Mundo de Paratriatlo\",\r\n\t\t\t\t\t\t\t  \t\r\n\t\t\t\t\t\t\t }\r\n\t\t\t\t\t\t\t<\/script><\/div>\r\n\t\t\t\t<p class=\"desc_trig_outter\"><a data-gmap_status=\"null\" data-exlk=\"0\" style=\"border-color: #ffd900;\" id=\"evc_169663680090534\" class=\"desc_trig evo_competicao-internacional mul_val evcal_list_a\" data-ux_val=\"1\"  ><span class='evcal_cblock ' data-bgcolor='#ffd900' data-smon='Outubro' data-syr='2023'><span class='evo_start '><em class='date'>07<\/em><em class='month'>out<\/em><em class='time'><i t=\"y\">(out 7)<\/i>0:00<\/em><\/span><span class='evo_end '><em class='date'>08<\/em><em class='time'><i t=\"y\">(out 8)<\/i>23:59<\/em><\/span><em class='clear'><\/em><\/span><span class='evcal_desc evo_info hide_eventtopdata '  data-location_status=\"false\" ><span class='evo_above_title'><\/span><span class='evcal_desc2 evcal_event_title' itemprop='name'>Ta\u00e7a do Mundo de Paratriatlo<\/span><span class='evo_below_title'><span class='evcal_event_subtitle' >Ta\u00e7a do Mundo de Paratriatlo<\/span><\/span><span class='evcal_desc_info' ><\/span><span class='evcal_desc3'><span class='evcal_event_types ett1'><em><i>Tipo de Evento:<\/i><\/em><em data-filter='event_type'>Competi\u00e7\u00e3o Internacional<\/em><i class='clear'><\/i><\/span><\/span><\/span><em class='clear'><\/em><\/p><\/a><div class='event_description evcal_eventcard ' style=\"display:none\"><div class='evo_metarow_time evorow evcal_evdata_row bordb evcal_evrow_sm '>\r\n\t\t\t\t\t\t\t<span class='evcal_evdata_icons'><i class='fa fa-clock-o'><\/i><\/span>\r\n\t\t\t\t\t\t\t<div class='evcal_evdata_cell'>\t\t\t\t\t\t\t\r\n\t\t\t\t\t\t\t\t<h3 class='evo_h3'><span class='evcal_evdata_icons'><i class='fa fa-clock-o'><\/i><\/span>Hor\u00e1rio<\/h3><p>7 (S\u00e1bado) 0:00 - 8 (Domingo) 23:59<\/p>\r\n\t\t\t\t\t\t\t<\/div>\r\n\t\t\t\t\t\t<\/div>\t\t\t\t\t\t<div class='evo_metarow_ICS evorow bordb evcal_evdata_row'>\r\n\t\t\t\t\t\t\t<span class=\"evcal_evdata_icons\"><i class=\"fa fa-calendar\"><\/i><\/span>\r\n\t\t\t\t\t\t\t<div class='evcal_evdata_cell'>\r\n\t\t\t\t\t\t\t\t<p><a href='https:\/\/www.federacao-triatlo.pt\/ftp2015\/wp-admin\/admin-ajax.php?action=eventon_ics_download&amp;event_id=90534&amp;sunix=20231006T230000Z&amp;eunix=20231008T225900Z&amp;loca=&amp;locn=' class='evo_ics_nCal' title='Adicionar ao seu calend\u00e1rio'>Calend\u00e1rio<\/a><a href='\/\/www.google.com\/calendar\/event?action=TEMPLATE&amp;text=Ta%C3%A7a+do+Mundo+de+Paratriatlo&amp;dates=20231006T230000Z\/20231008T225900Z&amp;details=Ta%C3%A7a+do+Mundo+de+Paratriatlo&amp;location= - ' target='_blank' class='evo_ics_gCal' title='Adicionar ao calend\u00e1rio Google'>GoogleCal<\/a><\/p>\t\r\n\t\t\t\t\t\t\t<\/div>\t\t\t\t\t\t<\/div>\r\n\t\t\t\t\t\t<\/div><div class='clear end'><\/div><\/div><div id=\"event_90535\" class=\"eventon_list_event evo_eventtop past_event event\" data-event_id=\"90535\" data-time=\"1697328000-1697414340\" data-colr=\"#007230\" itemscope itemtype='http:\/\/schema.org\/Event' 3><div class=\"evo_event_schema\" style=\"display:none\" ><a itemprop='url'  href='https:\/\/www.federacao-triatlo.pt\/ftp2015\/events\/triatlo-2\/'><\/a><span itemprop='name'  >II Triatlo de Sesimbra<\/span><meta itemprop='image'  ><\/meta><meta itemprop='description' content='Regulamento II Triatlo de Sesimbra\r\n\r\nPercursos II Triatlo de Sesimbra\r\n\r\nLista Inscritos Ta\u00e7a de Portugal\r\n\r\nLista Inscritos Prova Aberta' ><\/meta><meta itemprop='startDate' content='2023-10-15' ><\/meta><meta itemprop='endDate' content='2023-10-15' ><\/meta><meta itemprop='eventStatus' content='on-schedule' ><\/meta><script type=\"application\/ld+json\">{\t\"@context\": \"http:\/\/schema.org\",\r\n\t\t\t\t\t\t\t  \t\"@type\": \"Event\",\r\n\t\t\t\t\t\t\t  \t\"name\": \"II Triatlo de Sesimbra\",\r\n\t\t\t\t\t\t\t  \t\"startDate\": \"2023-10-15T00-00-00-00\",\r\n\t\t\t\t\t\t\t  \t\"endDate\": \"2023-10-15T23-23-59-00\",\r\n\t\t\t\t\t\t\t  \t\"image\":,\r\n\t\t\t\t\t\t\t  \t\"description\":\"Regulamento II Triatlo de Sesimbra\r\n\r\nPercursos II Triatlo de Sesimbra\r\n\r\nLista Inscritos Ta\u00e7a de Portugal\r\n\r\nLista Inscritos Prova Aberta\",\r\n\t\t\t\t\t\t\t  \t\r\n\t\t\t\t\t\t\t }\r\n\t\t\t\t\t\t\t<\/script><\/div>\r\n\t\t\t\t<p class=\"desc_trig_outter\"><a data-gmap_status=\"null\" data-exlk=\"0\" style=\"border-color: #007230;\" id=\"evc_169732800090535\" class=\"desc_trig evo_competicao-nacional sin_val evcal_list_a\" data-ux_val=\"1\"  ><span class='evcal_cblock ' data-bgcolor='#007230' data-smon='Outubro' data-syr='2023'><span class='evo_start '><em class='date'>15<\/em><em class='month'>out<\/em><em class='time'>0:00<\/em><\/span><span class='evo_end only_time'><em class='time'>23:59<\/em><\/span><em class='clear'><\/em><\/span><span class='evcal_desc evo_info hide_eventtopdata '  data-location_status=\"false\" ><span class='evo_above_title'><\/span><span class='evcal_desc2 evcal_event_title' itemprop='name'>II Triatlo de Sesimbra<\/span><span class='evo_below_title'><span class='evcal_event_subtitle' >Ta\u00e7a de Portugal<\/span><\/span><span class='evcal_desc_info' ><\/span><span class='evcal_desc3'><span class='evcal_event_types ett1'><em><i>Tipo de Evento:<\/i><\/em><em data-filter='event_type'>Competi\u00e7\u00e3o Nacional<\/em><i class='clear'><\/i><\/span><\/span><\/span><em class='clear'><\/em><\/p><\/a><div class='event_description evcal_eventcard ' style=\"display:none\"><div class='evo_metarow_details evorow evcal_evdata_row bordb evcal_event_details'>\r\n\t\t\t\t\t\t\t<div class=\"event_excerpt\" style=\"display:none\"><h3 class=\"padb5 evo_h3\">Detalhes do Evento<\/h3><p>Regulamento II Triatlo de Sesimbra\r\n\r\nPercursos II Triatlo de Sesimbra\r\n\r\nLista Inscritos Ta\u00e7a de Portugal\r\n\r\nLista Inscritos Prova Aberta<\/p><\/div><span class='evcal_evdata_icons'><i class='fa fa-align-justify'><\/i><\/span>\r\n\t\t\t\t\t\t\t\r\n\t\t\t\t\t\t\t<div class='evcal_evdata_cell '><div class='eventon_full_description'>\r\n\t\t\t\t\t\t\t\t\t<h3 class='padb5 evo_h3'><span class='evcal_evdata_icons'><i class='fa fa-align-justify'><\/i><\/span>Detalhes do Evento<\/h3><div class='eventon_desc_in' itemprop='description'>\r\n\t\t\t\t\t\t\t\t\t<p><a href=\"https:\/\/www.federacao-triatlo.pt\/ftp2015\/wp-content\/uploads\/2023\/01\/2023-10-15-regulamento-ii-triatlo-sesimbra.rev02.pdf\">Regulamento II Triatlo de Sesimbra<\/a><\/p>\n<p><a href=\"https:\/\/www.federacao-triatlo.pt\/ftp2015\/wp-content\/uploads\/2023\/01\/2023-10-15-percursos-ii-triatlo-sesimbra.pdf\">Percursos II Triatlo de Sesimbra<\/a><\/p>\n<p><a href=\"https:\/\/www.federacao-triatlo.pt\/ftp2015\/wp-content\/uploads\/2023\/01\/lista-inscritos-taca-portugal-1.pdf\">Lista Inscritos Ta\u00e7a de Portugal<\/a><\/p>\n<p><a href=\"https:\/\/www.federacao-triatlo.pt\/ftp2015\/wp-content\/uploads\/2023\/01\/lista-inscritos-prova-aberta-2.pdf\">Lista Inscritos Prova Aberta<\/a><\/p>\n<\/div><div class='clear'><\/div>\r\n\t\t\t\t\t\t\t\t<\/div>\r\n\t\t\t\t\t\t\t<\/div>\r\n\t\t\t\t\t\t<\/div><div class='evo_metarow_time evorow evcal_evdata_row bordb evcal_evrow_sm '>\r\n\t\t\t\t\t\t\t<span class='evcal_evdata_icons'><i class='fa fa-clock-o'><\/i><\/span>\r\n\t\t\t\t\t\t\t<div class='evcal_evdata_cell'>\t\t\t\t\t\t\t\r\n\t\t\t\t\t\t\t\t<h3 class='evo_h3'><span class='evcal_evdata_icons'><i class='fa fa-clock-o'><\/i><\/span>Hor\u00e1rio<\/h3><p>(Domingo) 0:00 - 23:59<\/p>\r\n\t\t\t\t\t\t\t<\/div>\r\n\t\t\t\t\t\t<\/div>\t\t\t\t\t\t<div class='evo_metarow_ICS evorow bordb evcal_evdata_row'>\r\n\t\t\t\t\t\t\t<span class=\"evcal_evdata_icons\"><i class=\"fa fa-calendar\"><\/i><\/span>\r\n\t\t\t\t\t\t\t<div class='evcal_evdata_cell'>\r\n\t\t\t\t\t\t\t\t<p><a href='https:\/\/www.federacao-triatlo.pt\/ftp2015\/wp-admin\/admin-ajax.php?action=eventon_ics_download&amp;event_id=90535&amp;sunix=20231014T230000Z&amp;eunix=20231015T225900Z&amp;loca=&amp;locn=' class='evo_ics_nCal' title='Adicionar ao seu calend\u00e1rio'>Calend\u00e1rio<\/a><a href='\/\/www.google.com\/calendar\/event?action=TEMPLATE&amp;text=II+Triatlo+de+Sesimbra&amp;dates=20231014T230000Z\/20231015T225900Z&amp;details=Regulamento+II+Triatlo+de+Sesimbra%0D%0A%0D%0APercursos+II+Triatlo+de+Sesimbra%0D%0A%0D%0ALista+Inscritos+Ta%C3%A7a+de+Portugal%0D%0A%0D%0ALista+Inscritos+Prova+Aberta&amp;location= - ' target='_blank' class='evo_ics_gCal' title='Adicionar ao calend\u00e1rio Google'>GoogleCal<\/a><\/p>\t\r\n\t\t\t\t\t\t\t<\/div>\t\t\t\t\t\t<\/div>\r\n\t\t\t\t\t\t<\/div><div class='clear end'><\/div><\/div><div id=\"event_98675\" class=\"eventon_list_event evo_eventtop past_event event\" data-event_id=\"98675\" data-time=\"1698537600-1698623940\" data-colr=\"#007230\" itemscope itemtype='http:\/\/schema.org\/Event' 4><div class=\"evo_event_schema\" style=\"display:none\" ><a itemprop='url'  href='https:\/\/www.federacao-triatlo.pt\/ftp2015\/events\/triatlo-trafaria-2023\/'><\/a><span itemprop='name'  >II Triatlo da Caparica\/Trafaria<\/span><meta itemprop='image'  ><\/meta><meta itemprop='description' content='Regulamento II Triatlo da Caparica\/Trafaria\r\n\r\nPercursos II Triatlo da Caparica\/Trafaria\r\n\r\nLista Inscritos Camp. Nac. Individual - Elites\r\n\r\nLista Inscritos Camp. Nac. Individual - Grupos de Idade\r\n\r\n&nbsp;' ><\/meta><meta itemprop='startDate' content='2023-10-29' ><\/meta><meta itemprop='endDate' content='2023-10-29' ><\/meta><meta itemprop='eventStatus' content='on-schedule' ><\/meta><script type=\"application\/ld+json\">{\t\"@context\": \"http:\/\/schema.org\",\r\n\t\t\t\t\t\t\t  \t\"@type\": \"Event\",\r\n\t\t\t\t\t\t\t  \t\"name\": \"II Triatlo da Caparica\/Trafaria\",\r\n\t\t\t\t\t\t\t  \t\"startDate\": \"2023-10-29T00-00-00-00\",\r\n\t\t\t\t\t\t\t  \t\"endDate\": \"2023-10-29T23-23-59-00\",\r\n\t\t\t\t\t\t\t  \t\"image\":,\r\n\t\t\t\t\t\t\t  \t\"description\":\"Regulamento II Triatlo da Caparica\/Trafaria\r\n\r\nPercursos II Triatlo da Caparica\/Trafaria\r\n\r\nLista Inscritos Camp. Nac. Individual - Elites\r\n\r\nLista Inscritos Camp. Nac. Individual - Grupos de Idade\r\n\r\n&nbsp;\",\r\n\t\t\t\t\t\t\t  \t\r\n\t\t\t\t\t\t\t }\r\n\t\t\t\t\t\t\t<\/script><\/div>\r\n\t\t\t\t<p class=\"desc_trig_outter\"><a data-gmap_status=\"null\" data-exlk=\"0\" style=\"border-color: #007230;\" id=\"evc_169853760098675\" class=\"desc_trig evo_competicao-nacional sin_val evcal_list_a\" data-ux_val=\"1\"  ><span class='evcal_cblock ' data-bgcolor='#007230' data-smon='Outubro' data-syr='2023'><span class='evo_start '><em class='date'>29<\/em><em class='month'>out<\/em><em class='time'>0:00<\/em><\/span><span class='evo_end only_time'><em class='time'>23:59<\/em><\/span><em class='clear'><\/em><\/span><span class='evcal_desc evo_info hide_eventtopdata '  data-location_status=\"false\" ><span class='evo_above_title'><\/span><span class='evcal_desc2 evcal_event_title' itemprop='name'>II Triatlo da Caparica\/Trafaria<\/span><span class='evo_below_title'><span class='evcal_event_subtitle' >Campeonato Nacional Individual de Triatlo Standard - Campeonato Nacional de Triatlo Standard de Juniores<\/span><\/span><span class='evcal_desc_info' ><\/span><span class='evcal_desc3'><span class='evcal_event_types ett1'><em><i>Tipo de Evento:<\/i><\/em><em data-filter='event_type'>Competi\u00e7\u00e3o Nacional<\/em><i class='clear'><\/i><\/span><\/span><\/span><em class='clear'><\/em><\/p><\/a><div class='event_description evcal_eventcard ' style=\"display:none\"><div class='evo_metarow_details evorow evcal_evdata_row bordb evcal_event_details'>\r\n\t\t\t\t\t\t\t<div class=\"event_excerpt\" style=\"display:none\"><h3 class=\"padb5 evo_h3\">Detalhes do Evento<\/h3><p>Regulamento II Triatlo da Caparica\/Trafaria\r\n\r\nPercursos II Triatlo da Caparica\/Trafaria\r\n\r\nLista Inscritos Camp. Nac. Individual - Elites\r\n\r\nLista Inscritos Camp. Nac. Individual - Grupos de Idade\r\n\r\n&nbsp;<\/p><\/div><span class='evcal_evdata_icons'><i class='fa fa-align-justify'><\/i><\/span>\r\n\t\t\t\t\t\t\t\r\n\t\t\t\t\t\t\t<div class='evcal_evdata_cell '><div class='eventon_full_description'>\r\n\t\t\t\t\t\t\t\t\t<h3 class='padb5 evo_h3'><span class='evcal_evdata_icons'><i class='fa fa-align-justify'><\/i><\/span>Detalhes do Evento<\/h3><div class='eventon_desc_in' itemprop='description'>\r\n\t\t\t\t\t\t\t\t\t<p><a href=\"https:\/\/www.federacao-triatlo.pt\/ftp2015\/wp-content\/uploads\/2023\/09\/2023-10-29-regulamento-ii-triatlo-trafaria-rev-05.pdf\">Regulamento II Triatlo da Caparica\/Trafaria<\/a><\/p>\n<p><a href=\"https:\/\/www.federacao-triatlo.pt\/ftp2015\/wp-content\/uploads\/2023\/09\/2023-10-29-percursos-ii-triatlo-trafaria-rev-01.pdf\">Percursos II Triatlo da Caparica\/Trafaria<\/a><\/p>\n<p><a href=\"https:\/\/www.federacao-triatlo.pt\/ftp2015\/wp-content\/uploads\/2023\/09\/lista-inscritos-campeonato-nacional-individual-elites.rev03.pdf\">Lista Inscritos Camp. Nac. Individual &#8211; Elites<\/a><\/p>\n<p><a href=\"https:\/\/www.federacao-triatlo.pt\/ftp2015\/wp-content\/uploads\/2023\/09\/lista-inscritos-campeonato-nacional-individual-grupos-idade.rev02.pdf\">Lista Inscritos Camp. Nac. Individual &#8211; Grupos de Idade<\/a><\/p>\n<p>&nbsp;<\/p>\n<\/div><div class='clear'><\/div>\r\n\t\t\t\t\t\t\t\t<\/div>\r\n\t\t\t\t\t\t\t<\/div>\r\n\t\t\t\t\t\t<\/div><div class='evo_metarow_time evorow evcal_evdata_row bordb evcal_evrow_sm '>\r\n\t\t\t\t\t\t\t<span class='evcal_evdata_icons'><i class='fa fa-clock-o'><\/i><\/span>\r\n\t\t\t\t\t\t\t<div class='evcal_evdata_cell'>\t\t\t\t\t\t\t\r\n\t\t\t\t\t\t\t\t<h3 class='evo_h3'><span class='evcal_evdata_icons'><i class='fa fa-clock-o'><\/i><\/span>Hor\u00e1rio<\/h3><p>(Domingo) 0:00 - 23:59<\/p>\r\n\t\t\t\t\t\t\t<\/div>\r\n\t\t\t\t\t\t<\/div>\t\t\t\t\t\t<div class='evo_metarow_ICS evorow bordb evcal_evdata_row'>\r\n\t\t\t\t\t\t\t<span class=\"evcal_evdata_icons\"><i class=\"fa fa-calendar\"><\/i><\/span>\r\n\t\t\t\t\t\t\t<div class='evcal_evdata_cell'>\r\n\t\t\t\t\t\t\t\t<p><a href='https:\/\/www.federacao-triatlo.pt\/ftp2015\/wp-admin\/admin-ajax.php?action=eventon_ics_download&amp;event_id=98675&amp;sunix=20231028T230000Z&amp;eunix=20231029T225900Z&amp;loca=&amp;locn=' class='evo_ics_nCal' title='Adicionar ao seu calend\u00e1rio'>Calend\u00e1rio<\/a><a href='\/\/www.google.com\/calendar\/event?action=TEMPLATE&amp;text=II+Triatlo+da+Caparica%2FTrafaria&amp;dates=20231028T230000Z\/20231029T225900Z&amp;details=Regulamento+II+Triatlo+da+Caparica%2FTrafaria%0D%0A%0D%0APercursos+II+Triatlo+da+Caparica%2FTrafaria%0D%0A%0D%0ALista+Inscritos+Camp.+Nac.+Individual+-+Elites%0D%0A%0D%0ALista+Inscritos+Camp.+Nac.+Individual+-+Grupos+de+Idade%0D%0A%0D%0A%26nbsp%3B&amp;location= - ' target='_blank' class='evo_ics_gCal' title='Adicionar ao calend\u00e1rio Google'>GoogleCal<\/a><\/p>\t\r\n\t\t\t\t\t\t\t<\/div>\t\t\t\t\t\t<\/div>\r\n\t\t\t\t\t\t<\/div><div class='clear end'><\/div><\/div><\/div><div class='evcal_month_line'><p>Novembro 2023<\/p><\/div><div id='evcal_list' class='evcal_list_month eventon_events_list '><div id=\"event_98569\" class=\"eventon_list_event evo_eventtop past_event event\" data-event_id=\"98569\" data-time=\"1699094880-1699181280\" data-colr=\"#00de07\" itemscope itemtype='http:\/\/schema.org\/Event' 1><div class=\"evo_event_schema\" style=\"display:none\" ><a itemprop='url'  href='https:\/\/www.federacao-triatlo.pt\/ftp2015\/events\/encontro-nacional-jovem-de-triatlo-2\/'><\/a><span itemprop='name'  >XIV Encontro Nacional de Escolas de Triatlo<\/span><meta itemprop='image' content='https:\/\/www.federacao-triatlo.pt\/ftp2015\/wp-content\/uploads\/2023\/08\/XIV-Encontro-de-escolas_page-0001-212x300.jpg' ><\/meta><meta itemprop='description' content='Regulamento XIV Encontro Nacional de Escolas de Triatlo\r\n\r\nPercursos Duatlo Estafetas - Benjamins e Infantis\r\n\r\nPercursos Duatlo Estafetas - Iniciados, Juvenis e Cadetes\r\n\r\nLista Inscritos Encontro Nacional de Escolas' ><\/meta><meta itemprop='startDate' content='2023-11-4' ><\/meta><meta itemprop='endDate' content='2023-11-5' ><\/meta><meta itemprop='eventStatus' content='on-schedule' ><\/meta><script type=\"application\/ld+json\">{\t\"@context\": \"http:\/\/schema.org\",\r\n\t\t\t\t\t\t\t  \t\"@type\": \"Event\",\r\n\t\t\t\t\t\t\t  \t\"name\": \"XIV Encontro Nacional de Escolas de Triatlo\",\r\n\t\t\t\t\t\t\t  \t\"startDate\": \"2023-11-4T10-10-48-00\",\r\n\t\t\t\t\t\t\t  \t\"endDate\": \"2023-11-5T10-10-48-00\",\r\n\t\t\t\t\t\t\t  \t\"image\":\"https:\/\/www.federacao-triatlo.pt\/ftp2015\/wp-content\/uploads\/2023\/08\/XIV-Encontro-de-escolas_page-0001-212x300.jpg\",\r\n\t\t\t\t\t\t\t  \t\"description\":\"Regulamento XIV Encontro Nacional de Escolas de Triatlo\r\n\r\nPercursos Duatlo Estafetas - Benjamins e Infantis\r\n\r\nPercursos Duatlo Estafetas - Iniciados, Juvenis e Cadetes\r\n\r\nLista Inscritos Encontro Nacional de Escolas\",\r\n\t\t\t\t\t\t\t  \t\r\n\t\t\t\t\t\t\t }\r\n\t\t\t\t\t\t\t<\/script><\/div>\r\n\t\t\t\t<p class=\"desc_trig_outter\"><a data-gmap_status=\"null\" data-exlk=\"0\" style=\"border-color: #00de07;\" id=\"evc_169909488098569\" class=\"desc_trig evo_competicao-nacional mul_val evcal_list_a\" data-ux_val=\"1\"  ><span class='evcal_cblock ' data-bgcolor='#00de07' data-smon='Novembro' data-syr='2023'><span class='evo_start '><em class='date'>04<\/em><em class='month'>nov<\/em><em class='time'><i t=\"y\">(nov 4)<\/i>10:48<\/em><\/span><span class='evo_end '><em class='date'>05<\/em><em class='time'><i t=\"y\">(nov 5)<\/i>10:48<\/em><\/span><em class='clear'><\/em><\/span><span class='evcal_desc evo_info hide_eventtopdata '  data-location_status=\"false\" ><span class='evo_above_title'><\/span><span class='evcal_desc2 evcal_event_title' itemprop='name'>XIV Encontro Nacional de Escolas de Triatlo<\/span><span class='evo_below_title'><\/span><span class='evcal_desc_info' ><em class=\"evcal_location\"  data-add_str=\"\"><em class=\"event_location_name\">Salir do Porto, Caldas da Rainha<\/em><\/em><\/span><span class='evcal_desc3'><span class='evcal_event_types ett1'><em><i>Tipo de Evento:<\/i><\/em><em data-filter='event_type'>Competi\u00e7\u00e3o Nacional<\/em><i class='clear'><\/i><\/span><\/span><\/span><em class='clear'><\/em><\/p><\/a><div class='event_description evcal_eventcard ' style=\"display:none\"><div class='evo_metarow_directimg'><img src='https:\/\/www.federacao-triatlo.pt\/ftp2015\/wp-content\/uploads\/2023\/08\/XIV-Encontro-de-escolas_page-0001-scaled.jpg' \/><\/div><div class='evo_metarow_details evorow evcal_evdata_row bordb evcal_event_details'>\r\n\t\t\t\t\t\t\t<div class=\"event_excerpt\" style=\"display:none\"><h3 class=\"padb5 evo_h3\">Detalhes do Evento<\/h3><p>Regulamento XIV Encontro Nacional de Escolas de Triatlo\r\n\r\nPercursos Duatlo Estafetas - Benjamins e Infantis\r\n\r\nPercursos Duatlo Estafetas - Iniciados, Juvenis e Cadetes\r\n\r\nLista Inscritos Encontro Nacional de Escolas<\/p><\/div><span class='evcal_evdata_icons'><i class='fa fa-align-justify'><\/i><\/span>\r\n\t\t\t\t\t\t\t\r\n\t\t\t\t\t\t\t<div class='evcal_evdata_cell '><div class='eventon_full_description'>\r\n\t\t\t\t\t\t\t\t\t<h3 class='padb5 evo_h3'><span class='evcal_evdata_icons'><i class='fa fa-align-justify'><\/i><\/span>Detalhes do Evento<\/h3><div class='eventon_desc_in' itemprop='description'>\r\n\t\t\t\t\t\t\t\t\t<p><a href=\"https:\/\/www.federacao-triatlo.pt\/ftp2015\/wp-content\/uploads\/2023\/08\/xiv-encontro-nacional-escolas-triatlo.pdf\">Regulamento XIV Encontro Nacional de Escolas de Triatlo<\/a><\/p>\n<p><a href=\"https:\/\/www.federacao-triatlo.pt\/ftp2015\/wp-content\/uploads\/2023\/08\/Percursos-Duatlo-Estafetas_Benjamins-e-Infantis_2023.pdf\">Percursos Duatlo Estafetas &#8211; Benjamins e Infantis<\/a><\/p>\n<p><a href=\"https:\/\/www.federacao-triatlo.pt\/ftp2015\/wp-content\/uploads\/2023\/08\/Percursos-Duatlo-Estafetas_Iniciados_Juvenis-_Cadetes_2023.pdf\">Percursos Duatlo Estafetas &#8211; Iniciados, Juvenis e Cadetes<\/a><\/p>\n<p><a href=\"https:\/\/www.federacao-triatlo.pt\/ftp2015\/wp-content\/uploads\/2023\/08\/lista-inscritos-encontro-nacional-escolas-triatlo-rev02.pdf\">Lista Inscritos Encontro Nacional de Escolas de Triatlo<\/a><\/p>\n<\/div><div class='clear'><\/div>\r\n\t\t\t\t\t\t\t\t<\/div>\r\n\t\t\t\t\t\t\t<\/div>\r\n\t\t\t\t\t\t<\/div><div class='evo_metarow_time_location evorow bordb '>\r\n\t\t\t\t\t\t<div class='tb' >\r\n\t\t\t\t\t\t\t<div class='tbrow'>\r\n\t\t\t\t\t\t\t<div class='evcal_col50 bordr'>\r\n\t\t\t\t\t\t\t\t<div class='evcal_evdata_row evo_time'>\r\n\t\t\t\t\t\t\t\t\t<span class='evcal_evdata_icons'><i class='fa fa-clock-o'><\/i><\/span>\r\n\t\t\t\t\t\t\t\t\t<div class='evcal_evdata_cell'>\t\t\t\t\t\t\t\r\n\t\t\t\t\t\t\t\t\t\t<h3 class='evo_h3'><span class='evcal_evdata_icons'><i class='fa fa-clock-o'><\/i><\/span>Hor\u00e1rio<\/h3>\r\n\t\t\t\t\t\t\t\t\t\t<p>4 (S\u00e1bado) 10:48 - 5 (Domingo) 10:48<\/p>\r\n\t\t\t\t\t\t\t\t\t<\/div>\r\n\t\t\t\t\t\t\t\t<\/div>\r\n\t\t\t\t\t\t\t<\/div><div class='evcal_col50'>\r\n\t\t\t\t\t\t\t\t<div class='evcal_evdata_row evo_location'>\r\n\t\t\t\t\t\t\t\t\t<span class='evcal_evdata_icons'><i class='fa fa-map-marker'><\/i><\/span>\r\n\t\t\t\t\t\t\t\t\t<div class='evcal_evdata_cell' data-loc_tax_id='1351'>\t\t\t\t\t\t\t\r\n\t\t\t\t\t\t\t\t\t\t<h3 class='evo_h3'><span class='evcal_evdata_icons'><i class='fa fa-map-marker'><\/i><\/span>Localiza\u00e7\u00e3o<\/h3><p class='evo_location_name'>Salir do Porto, Caldas da Rainha<\/p><p><\/p>\r\n\t\t\t\t\t\t\t\t\t<\/div>\r\n\t\t\t\t\t\t\t\t<\/div>\r\n\t\t\t\t\t\t\t<\/div><div class='clear'><\/div>\r\n\t\t\t\t\t\t\t<\/div><\/div>\r\n\t\t\t\t\t\t<\/div>\t\t\t\t\t\t<div class='evo_metarow_ICS evorow bordb evcal_evdata_row'>\r\n\t\t\t\t\t\t\t<span class=\"evcal_evdata_icons\"><i class=\"fa fa-calendar\"><\/i><\/span>\r\n\t\t\t\t\t\t\t<div class='evcal_evdata_cell'>\r\n\t\t\t\t\t\t\t\t<p><a href='https:\/\/www.federacao-triatlo.pt\/ftp2015\/wp-admin\/admin-ajax.php?action=eventon_ics_download&amp;event_id=98569&amp;sunix=20231104T094800Z&amp;eunix=20231105T094800Z&amp;loca=&amp;locn=Salir do Porto, Caldas da Rainha' class='evo_ics_nCal' title='Adicionar ao seu calend\u00e1rio'>Calend\u00e1rio<\/a><a href='\/\/www.google.com\/calendar\/event?action=TEMPLATE&amp;text=XIV+Encontro+Nacional+de+Escolas+de+Triatlo&amp;dates=20231104T094800Z\/20231105T094800Z&amp;details=Regulamento+XIV+Encontro+Nacional+de+Escolas+de+Triatlo%0D%0A%0D%0APercursos+Duatlo+Estafetas+-+Benjamins+e+Infantis%0D%0A%0D%0APercursos+Duatlo+Estafetas+-+Iniciados%2C+Juvenis+e+Cadetes%0D%0A%0D%0ALista+Inscritos+Encontro+Nacional+de+Escolas&amp;location=Salir+do+Porto%2C+Caldas+da+Rainha - ' target='_blank' class='evo_ics_gCal' title='Adicionar ao calend\u00e1rio Google'>GoogleCal<\/a><\/p>\t\r\n\t\t\t\t\t\t\t<\/div>\t\t\t\t\t\t<\/div>\r\n\t\t\t\t\t\t<\/div><div class='clear end'><\/div><\/div><\/div><div class='clear'><\/div><\/div><!-- ajde_evcal_calendar-->\n","protected":false},"excerpt":{"rendered":"<p>Guia do Calend\u00e1rio Nacional 2023 (Actualizado em 2023-09-20) Calend\u00e1rio Nacional [&hellip;]<\/p>\n","protected":false},"author":15430,"featured_media":0,"parent":89244,"menu_order":1,"comment_status":"closed","ping_status":"closed","template":"","meta":{"footnotes":""},"_links":{"self":[{"href":"https:\/\/www.federacao-triatlo.pt\/ftp2015\/wp-json\/wp\/v2\/pages\/89246"}],"collection":[{"href":"https:\/\/www.federacao-triatlo.pt\/ftp2015\/wp-json\/wp\/v2\/pages"}],"about":[{"href":"https:\/\/www.federacao-triatlo.pt\/ftp2015\/wp-json\/wp\/v2\/types\/page"}],"author":[{"embeddable":true,"href":"https:\/\/www.federacao-triatlo.pt\/ftp2015\/wp-json\/wp\/v2\/users\/15430"}],"replies":[{"embeddable":true,"href":"https:\/\/www.federacao-triatlo.pt\/ftp2015\/wp-json\/wp\/v2\/comments?post=89246"}],"version-history":[{"count":8,"href":"https:\/\/www.federacao-triatlo.pt\/ftp2015\/wp-json\/wp\/v2\/pages\/89246\/revisions"}],"predecessor-version":[{"id":99056,"href":"https:\/\/www.federacao-triatlo.pt\/ftp2015\/wp-json\/wp\/v2\/pages\/89246\/revisions\/99056"}],"up":[{"embeddable":true,"href":"https:\/\/www.federacao-triatlo.pt\/ftp2015\/wp-json\/wp\/v2\/pages\/89244"}],"wp:attachment":[{"href":"https:\/\/www.federacao-triatlo.pt\/ftp2015\/wp-json\/wp\/v2\/media?parent=89246"}],"curies":[{"name":"wp","href":"https:\/\/api.w.org\/{rel}","templated":true}]}}