{"id":84,"date":"2014-12-26T12:25:31","date_gmt":"2014-12-26T12:25:31","guid":{"rendered":"https:\/\/www.federacao-triatlo.pt\/ftp2015\/?page_id=84"},"modified":"2022-11-20T23:04:38","modified_gmt":"2022-11-20T23:04:38","slug":"calendario-2016","status":"publish","type":"page","link":"https:\/\/www.federacao-triatlo.pt\/ftp2015\/competicoes\/calendario\/calendario-2016\/","title":{"rendered":"Calend\u00e1rio 2016"},"content":{"rendered":"<p><a href=\"https:\/\/www.federacao-triatlo.pt\/ftp2015\/wp-content\/uploads\/2014\/12\/Calend\u00e1rio-2016-v20160518.pdf\" rel=\"\">Calend\u00e1rio 2016 &#8211; Vers\u00e3o de 18\/05\/2016<\/a><\/p>\n<p><a href=\"https:\/\/www.federacao-triatlo.pt\/ftp2015\/wp-content\/uploads\/2014\/12\/Normas-do-Calend\u00e1rio-Nacional-2016-v20160120.pdf\">Normas do Calend\u00e1rio Nacional 2016 &#8211; Vers\u00e3o de 20\/01\/2016<\/a><\/p>\n<p>Nota: Em caso de discrep\u00e2ncia entre o calend\u00e1rio vers\u00e3o pdf e o calend\u00e1rio abaixo publicado, o que tem preced\u00eancia \u00e9 este \u00faltimo, pois \u00e9 o que mais cedo reflete altera\u00e7\u00f5es a que as organiza\u00e7\u00f5es tenham de proceder<\/p>\n<div id='evcal_calendar_854' class='ajde_evcal_calendar  ul' ><div class='evo-data' data-cyear=\"2016\" data-cmonth=\"1\" data-runajax=\"1\" data-evc_open=\"0\" data-cal_ver=\"2.6\" data-mapscroll=\"true\" data-mapformat=\"roadmap\" data-mapzoom=\"14\" data-mapiconurl=\"\" data-ev_cnt=\"0\" data-show_limit=\"no\" data-tiles=\"no\" data-sort_by=\"sort_date\" data-filters_on=\"true\" data-range_start=\"0\" data-range_end=\"0\" data-send_unix=\"0\" data-ux_val=\"0\" data-accord=\"0\" data-rtl=\"no\"  ><\/div><div id='evcal_head' class='calendar_header ' ><div class='evo_cal_above'><span class='evo-gototoday-btn' style='display:none' data-mo='1' data-yr='2016' data-dy=''>Dia de Hoje<\/span><\/div><div class='evo_cal_above_content'><\/div><div class='cal_arguments' style='display:none' data-hide_past=\"no\" data-show_et_ft_img=\"no\" data-event_order=\"ASC\" data-ft_event_priority=\"no\" data-lang=\"L1\" data-month_incre=\"0\" data-only_ft=\"no\" data-evc_open=\"no\" data-show_limit=\"no\" data-etc_override=\"no\" data-show_limit_redir=\"0\" data-tiles=\"no\" data-tile_height=\"0\" data-tile_bg=\"0\" data-tile_count=\"2\" data-tile_style=\"0\" data-s=\"\" data-members_only=\"no\" data-ux_val=\"0\" data-show_limit_ajax=\"no\" data-show_limit_paged=\"1\" ><\/div><div class='clear'><\/div><\/div><div class='evcal_month_line'><p>Janeiro 2016<\/p><\/div><div id='evcal_list' class='eventon_events_list '><div id=\"event_4618\" class=\"eventon_list_event evo_eventtop past_event event\" data-event_id=\"4618\" data-time=\"1453507500-1453593300\" data-colr=\"#bd8235\" itemscope itemtype='http:\/\/schema.org\/Event' 1><div class=\"evo_event_schema\" style=\"display:none\" ><a itemprop='url'  href='https:\/\/www.federacao-triatlo.pt\/ftp2015\/events\/duatlo-do-jamor-2\/'><\/a><span itemprop='name'  >Duatlo do Jamor<\/span><meta itemprop='image' content='https:\/\/www.federacao-triatlo.pt\/ftp2015\/wp-content\/uploads\/2015\/02\/Cartaz-Jamor-20152-260x300.jpg' ><\/meta><meta itemprop='description' content='Regulamento\r\n\r\nPercursos PORterra (actualizado a 18\/01\/2016)\r\n\r\nPercursos Prova Jovem\r\n\r\nPercurso Prova Aberta\r\n\r\nStart List Duatlo do Jamor - PORTerra\r\n\r\nStart List Duatlo do Jamor - Prova Aberta\r\n\r\nStart List' ><\/meta><meta itemprop='startDate' content='2016-1-23' ><\/meta><meta itemprop='endDate' content='2016-1-23' ><\/meta><meta itemprop='eventStatus' content='on-schedule' ><\/meta>\r\n\t\t\t\t\t\t\t\t\t<item style=\"display:none\" itemprop=\"location\" itemscope itemtype=\"http:\/\/schema.org\/Place\">\r\n\t\t\t\t\t\t\t\t\t\t<span itemprop=\"name\">Complexo Desportivo do Jamor<\/span>\r\n\t\t\t\t\t\t\t\t\t\t<span itemprop=\"address\" itemscope itemtype=\"http:\/\/schema.org\/PostalAddress\">\r\n\t\t\t\t\t\t\t\t\t\t\t<item itemprop=\"streetAddress\"><\/item>\r\n\t\t\t\t\t\t\t\t\t\t<\/span><\/item><script type=\"application\/ld+json\">{\t\"@context\": \"http:\/\/schema.org\",\r\n\t\t\t\t\t\t\t  \t\"@type\": \"Event\",\r\n\t\t\t\t\t\t\t  \t\"name\": \"Duatlo do Jamor\",\r\n\t\t\t\t\t\t\t  \t\"startDate\": \"2016-1-23T00-00-05-00\",\r\n\t\t\t\t\t\t\t  \t\"endDate\": \"2016-1-23T23-23-55-00\",\r\n\t\t\t\t\t\t\t  \t\"image\":\"https:\/\/www.federacao-triatlo.pt\/ftp2015\/wp-content\/uploads\/2015\/02\/Cartaz-Jamor-20152-260x300.jpg\",\r\n\t\t\t\t\t\t\t  \t\"description\":\"Regulamento\r\n\r\nPercursos PORterra (actualizado a 18\/01\/2016)\r\n\r\nPercursos Prova Jovem\r\n\r\nPercurso Prova Aberta\r\n\r\nStart List Duatlo do Jamor - PORTerra\r\n\r\nStart List Duatlo do Jamor - Prova Aberta\r\n\r\nStart List\",\r\n\t\t\t\t\t\t\t  \t\r\n\t\t\t\t\t\t\t }\r\n\t\t\t\t\t\t\t<\/script><\/div>\r\n\t\t\t\t<p class=\"desc_trig_outter\"><a data-gmtrig=\"1\" data-exlk=\"0\" style=\"border-color: #bd8235;\" id=\"evc_14535075004618\" class=\"desc_trig evo_camp-reg-jovem evo_prova-aberta evo_taca-portugal-porterra sin_val evcal_list_a\" data-ux_val=\"1\"  ><span class='evcal_cblock ' data-bgcolor='#bd8235' data-smon='Janeiro' data-syr='2016'><span class='evo_start '><em class='date'>23<\/em><em class='month'>jan<\/em><em class='time'>allday<\/em><\/span><span class='evo_end only_time'><em class='time'>allday<\/em><\/span><em class='clear'><\/em><\/span><span class='evcal_desc evo_info hide_eventtopdata ' data-latlng=\"38.708827,-9.258997\"  data-location_address=\"\" data-location_type=\"lonlat\" data-location_name=\"Complexo Desportivo do Jamor\" data-location_status=\"true\" ><span class='evo_above_title'><\/span><span class='evcal_desc2 evcal_event_title' itemprop='name'>Duatlo do Jamor<\/span><span class='evo_below_title'><\/span><span class='evcal_desc_info' ><em class=\"evcal_location\" data-latlng=\"38.708827,-9.258997\"  data-add_str=\"\"><em class=\"event_location_name\">Complexo Desportivo do Jamor<\/em><\/em><\/span><span class='evcal_desc3'><span class='evcal_event_types ett1'><em><i>Tipo de Evento:<\/i><\/em><em data-filter='event_type'>Camp. Reg. Jovem,<\/em><em data-filter='event_type'>Prova Aberta,<\/em><em data-filter='event_type'>Ta\u00e7a de Portugal PORTerra<\/em><i class='clear'><\/i><\/span><\/span><\/span><em class='clear'><\/em><\/p><\/a><div class='event_description evcal_eventcard ' style=\"display:none\"><div class='evo_metarow_directimg'><img src='https:\/\/www.federacao-triatlo.pt\/ftp2015\/wp-content\/uploads\/2015\/02\/Cartaz-Jamor-20152.jpg' \/><\/div><div class='evo_metarow_details evorow evcal_evdata_row bordb evcal_event_details'>\r\n\t\t\t\t\t\t\t<div class=\"event_excerpt\" style=\"display:none\"><h3 class=\"padb5 evo_h3\">Detalhes do Evento<\/h3><p>Regulamento\r\n\r\nPercursos PORterra (actualizado a 18\/01\/2016)\r\n\r\nPercursos Prova Jovem\r\n\r\nPercurso Prova Aberta\r\n\r\nStart List Duatlo do Jamor - PORTerra\r\n\r\nStart List Duatlo do Jamor - Prova Aberta\r\n\r\nStart List<\/p><\/div><span class='evcal_evdata_icons'><i class='fa fa-align-justify'><\/i><\/span>\r\n\t\t\t\t\t\t\t\r\n\t\t\t\t\t\t\t<div class='evcal_evdata_cell '><div class='eventon_full_description'>\r\n\t\t\t\t\t\t\t\t\t<h3 class='padb5 evo_h3'><span class='evcal_evdata_icons'><i class='fa fa-align-justify'><\/i><\/span>Detalhes do Evento<\/h3><div class='eventon_desc_in' itemprop='description'>\r\n\t\t\t\t\t\t\t\t\t<p><a href=\"https:\/\/www.federacao-triatlo.pt\/ftp2015\/wp-content\/uploads\/2016\/01\/Duatlo-do-Jamor-Regulamento.pdf\">Regulamento<\/a><\/p>\n<p><a href=\"https:\/\/www.federacao-triatlo.pt\/ftp2015\/wp-content\/uploads\/2016\/01\/23-01-2016-Duatlo-do-Jamor-Percursos-PORterra.pdf\">Percursos PORterra (actualizado a 18\/01\/2016)<\/a><\/p>\n<p><a href=\"https:\/\/www.federacao-triatlo.pt\/ftp2015\/wp-content\/uploads\/2015\/02\/23-01-2016-Duatlo-do-Jamor-Percursos-Prova-Jovem.pdf\">Percursos Prova Jovem<\/a><\/p>\n<p><a href=\"https:\/\/www.federacao-triatlo.pt\/ftp2015\/wp-content\/uploads\/2015\/02\/23-01-2016-Duatlo-do-Jamor-Percurso-Prova-Aberta.pdf\">Percurso Prova Aberta<\/a><\/p>\n<p><a href=\"https:\/\/www.federacao-triatlo.pt\/ftp2015\/wp-content\/uploads\/2016\/01\/Start-List-Duatlo-do-Jamor-PORTerra.pdf\">Start List Duatlo do Jamor &#8211; PORTerra<\/a><\/p>\n<p><a href=\"https:\/\/www.federacao-triatlo.pt\/ftp2015\/wp-content\/uploads\/2016\/01\/Start-List-Duatlo-do-Jamor-Prova-Aberta.pdf\">Start List Duatlo do Jamor &#8211; Prova Aberta<\/a><\/p>\n<p><a href=\"https:\/\/www.federacao-triatlo.pt\/ftp2015\/wp-content\/uploads\/2016\/01\/Start-List-Duatlo-do-Jamor-Prova-Jovem2.pdf\">Start List Duatlo do Jamor &#8211; Prova Jovem<\/a><\/p>\n<p><a href=\"https:\/\/www.federacao-triatlo.pt\/ftp2015\/resultados\/\" target=\"_blank\">Resultados<\/a><\/p>\n<p>&nbsp;<\/p>\n<\/div><div class='clear'><\/div>\r\n\t\t\t\t\t\t\t\t<\/div>\r\n\t\t\t\t\t\t\t<\/div>\r\n\t\t\t\t\t\t<\/div><div class='evo_metarow_gmap evorow evcal_gmaps bordb ' id='evc145350750069f3d176e776c4618_gmap' style='max-width:none'><\/div><div class='evo_metarow_getDr evorow evcal_evdata_row bordb evcal_evrow_sm getdirections'>\r\n\t\t\t\t\t\t<form action='https:\/\/maps.google.com\/maps' method='get' target='_blank'>\r\n\t\t\t\t\t\t<input type='hidden' name='daddr' value='38.708827,-9.258997'\/> \r\n\t\t\t\t\t\t<p><input class='evoInput' type='text' name='saddr' placeholder='Escreva a morada' value=''\/>\r\n\t\t\t\t\t\t<button type='submit' class='evcal_evdata_icons evcalicon_9' title='Clique aqui para obter as dire\u00e7\u00f5es'><i class='fa fa-road'><\/i><\/button>\r\n\t\t\t\t\t\t<\/p><\/form>\r\n\t\t\t\t\t<\/div><div class='evo_metarow_time_location evorow bordb '>\r\n\t\t\t\t\t\t<div class='tb' >\r\n\t\t\t\t\t\t\t<div class='tbrow'>\r\n\t\t\t\t\t\t\t<div class='evcal_col50 bordr'>\r\n\t\t\t\t\t\t\t\t<div class='evcal_evdata_row evo_time'>\r\n\t\t\t\t\t\t\t\t\t<span class='evcal_evdata_icons'><i class='fa fa-clock-o'><\/i><\/span>\r\n\t\t\t\t\t\t\t\t\t<div class='evcal_evdata_cell'>\t\t\t\t\t\t\t\r\n\t\t\t\t\t\t\t\t\t\t<h3 class='evo_h3'><span class='evcal_evdata_icons'><i class='fa fa-clock-o'><\/i><\/span>Hor\u00e1rio<\/h3>\r\n\t\t\t\t\t\t\t\t\t\t<p>Todo o dia (S\u00e1bado)<\/p>\r\n\t\t\t\t\t\t\t\t\t<\/div>\r\n\t\t\t\t\t\t\t\t<\/div>\r\n\t\t\t\t\t\t\t<\/div><div class='evcal_col50'>\r\n\t\t\t\t\t\t\t\t<div class='evcal_evdata_row evo_location'>\r\n\t\t\t\t\t\t\t\t\t<span class='evcal_evdata_icons'><i class='fa fa-map-marker'><\/i><\/span>\r\n\t\t\t\t\t\t\t\t\t<div class='evcal_evdata_cell' data-loc_tax_id='204'>\t\t\t\t\t\t\t\r\n\t\t\t\t\t\t\t\t\t\t<h3 class='evo_h3'><span class='evcal_evdata_icons'><i class='fa fa-map-marker'><\/i><\/span>Localiza\u00e7\u00e3o<\/h3><p class='evo_location_name'>Complexo Desportivo do Jamor<\/p><p><\/p>\r\n\t\t\t\t\t\t\t\t\t<\/div>\r\n\t\t\t\t\t\t\t\t<\/div>\r\n\t\t\t\t\t\t\t<\/div><div class='clear'><\/div>\r\n\t\t\t\t\t\t\t<\/div><\/div>\r\n\t\t\t\t\t\t<\/div>\t\t\t\t\t\t<div class='evo_metarow_ICS evorow bordb evcal_evdata_row'>\r\n\t\t\t\t\t\t\t<span class=\"evcal_evdata_icons\"><i class=\"fa fa-calendar\"><\/i><\/span>\r\n\t\t\t\t\t\t\t<div class='evcal_evdata_cell'>\r\n\t\t\t\t\t\t\t\t<p><a href='https:\/\/www.federacao-triatlo.pt\/ftp2015\/wp-admin\/admin-ajax.php?action=eventon_ics_download&amp;event_id=4618&amp;sunix=20160122T230500Z&amp;eunix=20160123T225500Z&amp;loca=&amp;locn=Complexo Desportivo do Jamor' class='evo_ics_nCal' title='Adicionar ao seu calend\u00e1rio'>Calend\u00e1rio<\/a><a href='\/\/www.google.com\/calendar\/event?action=TEMPLATE&amp;text=Duatlo+do+Jamor&amp;dates=20160122T230500Z\/20160123T225500Z&amp;details=Regulamento%0D%0A%0D%0APercursos+PORterra+%28actualizado+a+18%2F01%2F2016%29%0D%0A%0D%0APercursos+Prova+Jovem%0D%0A%0D%0APercurso+Prova+Aberta%0D%0A%0D%0AStart+List+Duatlo+do+Jamor+-+PORTerra%0D%0A%0D%0AStart+List+Duatlo+do+Jamor+-+Prova+Aberta%0D%0A%0D%0AStart+List&amp;location=Complexo+Desportivo+do+Jamor - ' target='_blank' class='evo_ics_gCal' title='Adicionar ao calend\u00e1rio Google'>GoogleCal<\/a><\/p>\t\r\n\t\t\t\t\t\t\t<\/div>\t\t\t\t\t\t<\/div>\r\n\t\t\t\t\t\t<\/div><div class='clear end'><\/div><\/div><div id=\"event_3917\" class=\"eventon_list_event evo_eventtop past_event event\" data-event_id=\"3917\" data-time=\"1454112300-1454198100\" data-colr=\"#bd8235\" itemscope itemtype='http:\/\/schema.org\/Event' 2><div class=\"evo_event_schema\" style=\"display:none\" ><a itemprop='url'  href='https:\/\/www.federacao-triatlo.pt\/ftp2015\/events\/duatlo-de-rio-maior\/'><\/a><span itemprop='name'  >Duatlo de Rio Maior<\/span><meta itemprop='image'  ><\/meta><meta itemprop='description' content='Duatlo de Rio Maior - Regulamento\r\n\r\nDuatlo de Rio Maior - Percursos CN Clubes e CN Universit\u00e1rio \r\n\r\nDuatlo de Rio Maior - Percursos Prova Aberta\r\n\r\nStart List CNC\r\n\r\n' ><\/meta><meta itemprop='startDate' content='2016-1-30' ><\/meta><meta itemprop='endDate' content='2016-1-30' ><\/meta><meta itemprop='eventStatus' content='on-schedule' ><\/meta><script type=\"application\/ld+json\">{\t\"@context\": \"http:\/\/schema.org\",\r\n\t\t\t\t\t\t\t  \t\"@type\": \"Event\",\r\n\t\t\t\t\t\t\t  \t\"name\": \"Duatlo de Rio Maior\",\r\n\t\t\t\t\t\t\t  \t\"startDate\": \"2016-1-30T00-00-05-00\",\r\n\t\t\t\t\t\t\t  \t\"endDate\": \"2016-1-30T23-23-55-00\",\r\n\t\t\t\t\t\t\t  \t\"image\":,\r\n\t\t\t\t\t\t\t  \t\"description\":\"Duatlo de Rio Maior - Regulamento\r\n\r\nDuatlo de Rio Maior - Percursos CN Clubes e CN Universit\u00e1rio \r\n\r\nDuatlo de Rio Maior - Percursos Prova Aberta\r\n\r\nStart List CNC\r\n\r\n\",\r\n\t\t\t\t\t\t\t  \t\r\n\t\t\t\t\t\t\t }\r\n\t\t\t\t\t\t\t<\/script><\/div>\r\n\t\t\t\t<p class=\"desc_trig_outter\"><a data-gmap_status=\"null\" data-gmtrig=\"1\" data-exlk=\"0\" style=\"border-color: #bd8235;\" id=\"evc_14541123003917\" class=\"desc_trig evo_camp-nac evo_camp-nac-universitario evo_prova-aberta sin_val evcal_list_a\" data-ux_val=\"1\"  ><span class='evcal_cblock ' data-bgcolor='#bd8235' data-smon='Janeiro' data-syr='2016'><span class='evo_start '><em class='date'>30<\/em><em class='month'>jan<\/em><em class='time'>allday<\/em><\/span><span class='evo_end only_time'><em class='time'>allday<\/em><\/span><em class='clear'><\/em><\/span><span class='evcal_desc evo_info hide_eventtopdata '  data-location_status=\"false\" ><span class='evo_above_title'><\/span><span class='evcal_desc2 evcal_event_title' itemprop='name'>Duatlo de Rio Maior<\/span><span class='evo_below_title'><\/span><span class='evcal_desc_info' ><\/span><span class='evcal_desc3'><span class='evcal_event_types ett1'><em><i>Tipo de Evento:<\/i><\/em><em data-filter='event_type'>Camp. Nac.,<\/em><em data-filter='event_type'>Camp. Nac. Universit\u00e1rio,<\/em><em data-filter='event_type'>Prova Aberta<\/em><i class='clear'><\/i><\/span><\/span><\/span><em class='clear'><\/em><\/p><\/a><div class='event_description evcal_eventcard ' style=\"display:none\"><div class='evo_metarow_details evorow evcal_evdata_row bordb evcal_event_details'>\r\n\t\t\t\t\t\t\t<div class=\"event_excerpt\" style=\"display:none\"><h3 class=\"padb5 evo_h3\">Detalhes do Evento<\/h3><p>Duatlo de Rio Maior - Regulamento\r\n\r\nDuatlo de Rio Maior - Percursos CN Clubes e CN Universit\u00e1rio \r\n\r\nDuatlo de Rio Maior - Percursos Prova Aberta\r\n\r\nStart List CNC\r\n\r\n<\/p><\/div><span class='evcal_evdata_icons'><i class='fa fa-align-justify'><\/i><\/span>\r\n\t\t\t\t\t\t\t\r\n\t\t\t\t\t\t\t<div class='evcal_evdata_cell '><div class='eventon_full_description'>\r\n\t\t\t\t\t\t\t\t\t<h3 class='padb5 evo_h3'><span class='evcal_evdata_icons'><i class='fa fa-align-justify'><\/i><\/span>Detalhes do Evento<\/h3><div class='eventon_desc_in' itemprop='description'>\r\n\t\t\t\t\t\t\t\t\t<p><a href=\"https:\/\/www.federacao-triatlo.pt\/ftp2015\/wp-content\/uploads\/2015\/12\/20160130-Duatlo-de-Rio-Maior-Regulamento-v201601123.pdf\">Duatlo de Rio Maior &#8211; Regulamento<\/a><\/p>\n<p><a href=\"https:\/\/www.federacao-triatlo.pt\/ftp2015\/wp-content\/uploads\/2015\/12\/Percursos-CN-Clubes.pdf\">Duatlo de Rio Maior &#8211; Percursos CN Clubes e CN Universit\u00e1rio <\/a><\/p>\n<p><a href=\"https:\/\/www.federacao-triatlo.pt\/ftp2015\/wp-content\/uploads\/2015\/12\/20160130-Duatlo-de-Rio-Maior-Percursos-da-Prova-Aberta-v20160110.pdf\">Duatlo de Rio Maior &#8211; Percursos Prova Aberta<\/a><\/p>\n<p><a href=\"https:\/\/www.federacao-triatlo.pt\/ftp2015\/wp-content\/uploads\/2015\/12\/Start-List-CNC1.pdf\">Start List CNC<\/a><\/p>\n<p><a href=\"https:\/\/www.federacao-triatlo.pt\/ftp2015\/wp-content\/uploads\/2015\/12\/Start-List-PAberta.pdf\">Start List PAberta<\/a><\/p>\n<\/div><div class='clear'><\/div>\r\n\t\t\t\t\t\t\t\t<\/div>\r\n\t\t\t\t\t\t\t<\/div>\r\n\t\t\t\t\t\t<\/div><div class='evo_metarow_time evorow evcal_evdata_row bordb evcal_evrow_sm '>\r\n\t\t\t\t\t\t\t<span class='evcal_evdata_icons'><i class='fa fa-clock-o'><\/i><\/span>\r\n\t\t\t\t\t\t\t<div class='evcal_evdata_cell'>\t\t\t\t\t\t\t\r\n\t\t\t\t\t\t\t\t<h3 class='evo_h3'><span class='evcal_evdata_icons'><i class='fa fa-clock-o'><\/i><\/span>Hor\u00e1rio<\/h3><p>Todo o dia (S\u00e1bado)<\/p>\r\n\t\t\t\t\t\t\t<\/div>\r\n\t\t\t\t\t\t<\/div><div class='evo_metarow_organizer evorow evcal_evdata_row bordb evcal_evrow_sm '>\r\n\t\t\t\t\t\t\t<span class='evcal_evdata_icons'><i class='fa fa-headphones'><\/i><\/span>\r\n\t\t\t\t\t\t\t<div class='evcal_evdata_cell'>\t\t\t\t\t\t\t\r\n\t\t\t\t\t\t\t\t<h3 class='evo_h3'>Evento organizado por<\/h3>\r\n\t\t\t\t\t\t\t\t\r\n\t\t\t\t\t\t\t\t<div class='evo_card_organizer'><p class='evo_data_val evo_card_organizer_name'>\r\n\t\t\t\t\t\t\t\t\t<span class='evo_card_organizer_name_t'><a  href='https:\/\/www.federacao-triatlo.pt\/ftp2015'>FTP<\/a><\/span><span class='evo_card_organizer_contact'>secretaria@federacao-triatlo.pt<\/span>\r\n\t\t\t\t\t\t\t\t\t\r\n\t\t\t\t\t\t\t\t\t<\/p><\/div><div class='clear'><\/div>\t\t\t\t\t\t\t\r\n\t\t\t\t\t\t\t<\/div>\r\n\t\t\t\t\t\t<\/div>\t\t\t\t\t\t<div class='evo_metarow_ICS evorow bordb evcal_evdata_row'>\r\n\t\t\t\t\t\t\t<span class=\"evcal_evdata_icons\"><i class=\"fa fa-calendar\"><\/i><\/span>\r\n\t\t\t\t\t\t\t<div class='evcal_evdata_cell'>\r\n\t\t\t\t\t\t\t\t<p><a href='https:\/\/www.federacao-triatlo.pt\/ftp2015\/wp-admin\/admin-ajax.php?action=eventon_ics_download&amp;event_id=3917&amp;sunix=20160129T230500Z&amp;eunix=20160130T225500Z&amp;loca=&amp;locn=' class='evo_ics_nCal' title='Adicionar ao seu calend\u00e1rio'>Calend\u00e1rio<\/a><a href='\/\/www.google.com\/calendar\/event?action=TEMPLATE&amp;text=Duatlo+de+Rio+Maior&amp;dates=20160129T230500Z\/20160130T225500Z&amp;details=Duatlo+de+Rio+Maior+-+Regulamento%0D%0A%0D%0ADuatlo+de+Rio+Maior+-+Percursos+CN+Clubes+e+CN+Universit%C3%A1rio+%0D%0A%0D%0ADuatlo+de+Rio+Maior+-+Percursos+Prova+Aberta%0D%0A%0D%0AStart+List+CNC%0D%0A%0D%0A&amp;location= - ' target='_blank' class='evo_ics_gCal' title='Adicionar ao calend\u00e1rio Google'>GoogleCal<\/a><\/p>\t\r\n\t\t\t\t\t\t\t<\/div>\t\t\t\t\t\t<\/div>\r\n\t\t\t\t\t\t<\/div><div class='clear end'><\/div><\/div><\/div><div class='clear'><\/div><\/div><!-- ajde_evcal_calendar-->\n<div id='evcal_calendar_699' class='ajde_evcal_calendar  ul' ><div class='evo-data' data-cyear=\"2016\" data-cmonth=\"2\" data-runajax=\"1\" data-evc_open=\"0\" data-cal_ver=\"2.6\" data-mapscroll=\"true\" data-mapformat=\"roadmap\" data-mapzoom=\"14\" data-mapiconurl=\"\" data-ev_cnt=\"0\" data-show_limit=\"no\" data-tiles=\"no\" data-sort_by=\"sort_date\" data-filters_on=\"true\" data-range_start=\"0\" data-range_end=\"0\" data-send_unix=\"0\" data-ux_val=\"0\" data-accord=\"0\" data-rtl=\"no\"  ><\/div><div id='evcal_head' class='calendar_header ' ><div class='evo_cal_above'><span class='evo-gototoday-btn' style='display:none' data-mo='2' data-yr='2016' data-dy=''>Dia de Hoje<\/span><\/div><div class='evo_cal_above_content'><\/div><div class='cal_arguments' style='display:none' data-hide_past=\"no\" data-show_et_ft_img=\"no\" data-event_order=\"ASC\" data-ft_event_priority=\"no\" data-lang=\"L1\" data-month_incre=\"0\" data-only_ft=\"no\" data-evc_open=\"no\" data-show_limit=\"no\" data-etc_override=\"no\" data-show_limit_redir=\"0\" data-tiles=\"no\" data-tile_height=\"0\" data-tile_bg=\"0\" data-tile_count=\"2\" data-tile_style=\"0\" data-s=\"\" data-members_only=\"no\" data-ux_val=\"0\" data-show_limit_ajax=\"no\" data-show_limit_paged=\"1\" ><\/div><div class='clear'><\/div><\/div><div class='evcal_month_line'><p>Fevereiro 2016<\/p><\/div><div id='evcal_list' class='eventon_events_list '><div id=\"event_351\" class=\"eventon_list_event evo_eventtop past_event event\" data-event_id=\"351\" data-time=\"1454716801-1454889599\" data-colr=\"#bd8235\" itemscope itemtype='http:\/\/schema.org\/Event' 1><div class=\"evo_event_schema\" style=\"display:none\" ><a itemprop='url'  href='https:\/\/www.federacao-triatlo.pt\/ftp2015\/events\/duatlo-das-lezirias\/'><\/a><span itemprop='name'  >Duatlo das Lez\u00edrias<\/span><meta itemprop='image' content='https:\/\/www.federacao-triatlo.pt\/ftp2015\/wp-content\/uploads\/2015\/01\/00_Cartaz_FinalFinal_AltaRes-214x300.jpg' ><\/meta><meta itemprop='description' content='Duatlo das Lez\u00edrias - Regulamento\r\n\r\nDuatlo das Lez\u00edrias - Percursos Ta\u00e7a de Portugal PORTerra\r\n\r\nDuatlo das Lez\u00edrias - Percursos CN Jovem\r\n\r\nDuatlo das Lez\u00edrias -' ><\/meta><meta itemprop='startDate' content='2016-2-6' ><\/meta><meta itemprop='endDate' content='2016-2-7' ><\/meta><meta itemprop='eventStatus' content='on-schedule' ><\/meta>\r\n\t\t\t\t\t\t\t\t\t<item style=\"display:none\" itemprop=\"location\" itemscope itemtype=\"http:\/\/schema.org\/Place\">\r\n\t\t\t\t\t\t\t\t\t\t<span itemprop=\"name\">Vila Franca de Xira<\/span>\r\n\t\t\t\t\t\t\t\t\t\t<span itemprop=\"address\" itemscope itemtype=\"http:\/\/schema.org\/PostalAddress\">\r\n\t\t\t\t\t\t\t\t\t\t\t<item itemprop=\"streetAddress\"><\/item>\r\n\t\t\t\t\t\t\t\t\t\t<\/span><\/item><script type=\"application\/ld+json\">{\t\"@context\": \"http:\/\/schema.org\",\r\n\t\t\t\t\t\t\t  \t\"@type\": \"Event\",\r\n\t\t\t\t\t\t\t  \t\"name\": \"Duatlo das Lez\u00edrias\",\r\n\t\t\t\t\t\t\t  \t\"startDate\": \"2016-2-6T00-00-00-00\",\r\n\t\t\t\t\t\t\t  \t\"endDate\": \"2016-2-7T23-23-59-00\",\r\n\t\t\t\t\t\t\t  \t\"image\":\"https:\/\/www.federacao-triatlo.pt\/ftp2015\/wp-content\/uploads\/2015\/01\/00_Cartaz_FinalFinal_AltaRes-214x300.jpg\",\r\n\t\t\t\t\t\t\t  \t\"description\":\"Duatlo das Lez\u00edrias - Regulamento\r\n\r\nDuatlo das Lez\u00edrias - Percursos Ta\u00e7a de Portugal PORTerra\r\n\r\nDuatlo das Lez\u00edrias - Percursos CN Jovem\r\n\r\nDuatlo das Lez\u00edrias -\",\r\n\t\t\t\t\t\t\t  \t\r\n\t\t\t\t\t\t\t }\r\n\t\t\t\t\t\t\t<\/script><\/div>\r\n\t\t\t\t<p class=\"desc_trig_outter\"><a data-gmtrig=\"1\" data-exlk=\"0\" style=\"border-color: #bd8235;\" id=\"evc_1454716801351\" class=\"desc_trig evo_camp-nac-jovem evo_prova-aberta evo_taca-portugal-porterra mul_val evcal_list_a\" data-ux_val=\"1\"  ><span class='evcal_cblock ' data-bgcolor='#bd8235' data-smon='Fevereiro' data-syr='2016'><span class='evo_start '><em class='date'>06<\/em><em class='month'>fev<\/em><em class='time'>allday<\/em><\/span><span class='evo_end '><em class='date'>07<\/em><em class='time'>allday<\/em><\/span><em class='clear'><\/em><\/span><span class='evcal_desc evo_info hide_eventtopdata ' data-latlng=\"38.953137,-8.977910\"  data-location_address=\"\" data-location_type=\"lonlat\" data-location_name=\"Vila Franca de Xira\" data-location_status=\"true\" ><span class='evo_above_title'><\/span><span class='evcal_desc2 evcal_event_title' itemprop='name'>Duatlo das Lez\u00edrias<\/span><span class='evo_below_title'><\/span><span class='evcal_desc_info' ><em class=\"evcal_location\" data-latlng=\"38.953137,-8.977910\"  data-add_str=\"\"><em class=\"event_location_name\">Vila Franca de Xira<\/em><\/em><\/span><span class='evcal_desc3'><span class='evcal_event_types ett1'><em><i>Tipo de Evento:<\/i><\/em><em data-filter='event_type'>Camp. Nac. Jovem,<\/em><em data-filter='event_type'>Prova Aberta,<\/em><em data-filter='event_type'>Ta\u00e7a de Portugal PORTerra<\/em><i class='clear'><\/i><\/span><\/span><\/span><em class='clear'><\/em><\/p><\/a><div class='event_description evcal_eventcard ' style=\"display:none\"><div class='evo_metarow_directimg'><img src='https:\/\/www.federacao-triatlo.pt\/ftp2015\/wp-content\/uploads\/2015\/01\/00_Cartaz_FinalFinal_AltaRes.jpg' \/><\/div><div class='evo_metarow_details evorow evcal_evdata_row bordb evcal_event_details'>\r\n\t\t\t\t\t\t\t<div class=\"event_excerpt\" style=\"display:none\"><h3 class=\"padb5 evo_h3\">Detalhes do Evento<\/h3><p>Duatlo das Lez\u00edrias - Regulamento\r\n\r\nDuatlo das Lez\u00edrias - Percursos Ta\u00e7a de Portugal PORTerra\r\n\r\nDuatlo das Lez\u00edrias - Percursos CN Jovem\r\n\r\nDuatlo das Lez\u00edrias -<\/p><\/div><span class='evcal_evdata_icons'><i class='fa fa-align-justify'><\/i><\/span>\r\n\t\t\t\t\t\t\t\r\n\t\t\t\t\t\t\t<div class='evcal_evdata_cell '><div class='eventon_full_description'>\r\n\t\t\t\t\t\t\t\t\t<h3 class='padb5 evo_h3'><span class='evcal_evdata_icons'><i class='fa fa-align-justify'><\/i><\/span>Detalhes do Evento<\/h3><div class='eventon_desc_in' itemprop='description'>\r\n\t\t\t\t\t\t\t\t\t<p><a href=\"https:\/\/www.federacao-triatlo.pt\/ftp2015\/wp-content\/uploads\/2015\/01\/20160206-e-07-Duatlo-das-Lez\u00edrias-Regulamento-v20160105-1.pdf\" rel=\"\">Duatlo das Lez\u00edrias &#8211; Regulamento<\/a><\/p>\n<p><a href=\"https:\/\/www.federacao-triatlo.pt\/ftp2015\/wp-content\/uploads\/2015\/01\/20160206-e-07-Duatlo-das-Lez\u00edrias-Percursos-Ta\u00e7a-de-Portugal-PORTerra-v2015.pdf\" rel=\"\">Duatlo das Lez\u00edrias &#8211; Percursos Ta\u00e7a de Portugal PORTerra<\/a><\/p>\n<p><a href=\"https:\/\/www.federacao-triatlo.pt\/ftp2015\/wp-content\/uploads\/2015\/01\/20160206-e-07-Duatlo-das-Lez\u00edrias-Percursos-CN-Jovem-v2015.pdf\" rel=\"\">Duatlo das Lez\u00edrias &#8211; Percursos CN Jovem<\/a><\/p>\n<p><a href=\"https:\/\/www.federacao-triatlo.pt\/ftp2015\/wp-content\/uploads\/2015\/01\/20160206-e-07-Duatlo-das-Lez\u00edrias-Percursos-Prova-Aberta-v2015.pdf\" rel=\"\">Duatlo das Lez\u00edrias &#8211; Percursos Prova Aberta<\/a><\/p>\n<p><a href=\"https:\/\/www.federacao-triatlo.pt\/ftp2015\/wp-content\/uploads\/2015\/01\/Duatlo-das-Lezirias-Ta\u00e7a-PORTerra-Start-List-1.pdf\" rel=\"\">Duatlo das Lezirias &#8211; Ta\u00e7a PORTerra (Start List)<\/a><\/p>\n<p><a href=\"https:\/\/www.federacao-triatlo.pt\/ftp2015\/wp-content\/uploads\/2015\/01\/Duatlo-das-Lezirias-Prova-Aberta-Start-List-2.pdf\" rel=\"\">Duatlo das Lezirias &#8211; Prova Aberta (Start List)<\/a><\/p>\n<p><a href=\"https:\/\/www.federacao-triatlo.pt\/ftp2015\/wp-content\/uploads\/2015\/01\/Duatlo-das-Lezirias-CN-Jovem-Start-List.pdf\" rel=\"\">Duatlo das Lezirias &#8211; CN Jovem (Start List)<\/a><\/p>\n<p>&nbsp;<\/p>\n<\/div><div class='clear'><\/div>\r\n\t\t\t\t\t\t\t\t<\/div>\r\n\t\t\t\t\t\t\t<\/div>\r\n\t\t\t\t\t\t<\/div><div class='evo_metarow_gmap evorow evcal_gmaps bordb ' id='evc145471680169f3d176eb6e5351_gmap' style='max-width:none'><\/div><div class='evo_metarow_getDr evorow evcal_evdata_row bordb evcal_evrow_sm getdirections'>\r\n\t\t\t\t\t\t<form action='https:\/\/maps.google.com\/maps' method='get' target='_blank'>\r\n\t\t\t\t\t\t<input type='hidden' name='daddr' value='38.953137,-8.977910'\/> \r\n\t\t\t\t\t\t<p><input class='evoInput' type='text' name='saddr' placeholder='Escreva a morada' value=''\/>\r\n\t\t\t\t\t\t<button type='submit' class='evcal_evdata_icons evcalicon_9' title='Clique aqui para obter as dire\u00e7\u00f5es'><i class='fa fa-road'><\/i><\/button>\r\n\t\t\t\t\t\t<\/p><\/form>\r\n\t\t\t\t\t<\/div><div class='evo_metarow_time_location evorow bordb '>\r\n\t\t\t\t\t\t<div class='tb' >\r\n\t\t\t\t\t\t\t<div class='tbrow'>\r\n\t\t\t\t\t\t\t<div class='evcal_col50 bordr'>\r\n\t\t\t\t\t\t\t\t<div class='evcal_evdata_row evo_time'>\r\n\t\t\t\t\t\t\t\t\t<span class='evcal_evdata_icons'><i class='fa fa-clock-o'><\/i><\/span>\r\n\t\t\t\t\t\t\t\t\t<div class='evcal_evdata_cell'>\t\t\t\t\t\t\t\r\n\t\t\t\t\t\t\t\t\t\t<h3 class='evo_h3'><span class='evcal_evdata_icons'><i class='fa fa-clock-o'><\/i><\/span>Hor\u00e1rio<\/h3>\r\n\t\t\t\t\t\t\t\t\t\t<p>Fevereiro 6 (S\u00e1bado) - 7 (Domingo)<\/p>\r\n\t\t\t\t\t\t\t\t\t<\/div>\r\n\t\t\t\t\t\t\t\t<\/div>\r\n\t\t\t\t\t\t\t<\/div><div class='evcal_col50'>\r\n\t\t\t\t\t\t\t\t<div class='evcal_evdata_row evo_location'>\r\n\t\t\t\t\t\t\t\t\t<span class='evcal_evdata_icons'><i class='fa fa-map-marker'><\/i><\/span>\r\n\t\t\t\t\t\t\t\t\t<div class='evcal_evdata_cell' data-loc_tax_id='31'>\t\t\t\t\t\t\t\r\n\t\t\t\t\t\t\t\t\t\t<h3 class='evo_h3'><span class='evcal_evdata_icons'><i class='fa fa-map-marker'><\/i><\/span>Localiza\u00e7\u00e3o<\/h3><p class='evo_location_name'>Vila Franca de Xira<\/p><p><\/p>\r\n\t\t\t\t\t\t\t\t\t<\/div>\r\n\t\t\t\t\t\t\t\t<\/div>\r\n\t\t\t\t\t\t\t<\/div><div class='clear'><\/div>\r\n\t\t\t\t\t\t\t<\/div><\/div>\r\n\t\t\t\t\t\t<\/div><div class='evo_metarow_organizer evorow evcal_evdata_row bordb evcal_evrow_sm '>\r\n\t\t\t\t\t\t\t<span class='evcal_evdata_icons'><i class='fa fa-headphones'><\/i><\/span>\r\n\t\t\t\t\t\t\t<div class='evcal_evdata_cell'>\t\t\t\t\t\t\t\r\n\t\t\t\t\t\t\t\t<h3 class='evo_h3'>Evento organizado por<\/h3>\r\n\t\t\t\t\t\t\t\t\r\n\t\t\t\t\t\t\t\t<div class='evo_card_organizer'><p class='evo_data_val evo_card_organizer_name'>\r\n\t\t\t\t\t\t\t\t\t<span class='evo_card_organizer_name_t'><a  href='https:\/\/www.federacao-triatlo.pt\/ftp2015'>FTP<\/a><\/span><span class='evo_card_organizer_contact'>secretaria@federacao-triatlo.pt<\/span>\r\n\t\t\t\t\t\t\t\t\t\r\n\t\t\t\t\t\t\t\t\t<\/p><\/div><div class='clear'><\/div>\t\t\t\t\t\t\t\r\n\t\t\t\t\t\t\t<\/div>\r\n\t\t\t\t\t\t<\/div>\t\t\t\t\t\t<div class='evo_metarow_ICS evorow bordb evcal_evdata_row'>\r\n\t\t\t\t\t\t\t<span class=\"evcal_evdata_icons\"><i class=\"fa fa-calendar\"><\/i><\/span>\r\n\t\t\t\t\t\t\t<div class='evcal_evdata_cell'>\r\n\t\t\t\t\t\t\t\t<p><a href='https:\/\/www.federacao-triatlo.pt\/ftp2015\/wp-admin\/admin-ajax.php?action=eventon_ics_download&amp;event_id=351&amp;sunix=20160205T230000Z&amp;eunix=20160207T225900Z&amp;loca=&amp;locn=Vila Franca de Xira' class='evo_ics_nCal' title='Adicionar ao seu calend\u00e1rio'>Calend\u00e1rio<\/a><a href='\/\/www.google.com\/calendar\/event?action=TEMPLATE&amp;text=Duatlo+das+Lez%C3%ADrias&amp;dates=20160205T230000Z\/20160207T225900Z&amp;details=Duatlo+das+Lez%C3%ADrias+-+Regulamento%0D%0A%0D%0ADuatlo+das+Lez%C3%ADrias+-+Percursos+Ta%C3%A7a+de+Portugal+PORTerra%0D%0A%0D%0ADuatlo+das+Lez%C3%ADrias+-+Percursos+CN+Jovem%0D%0A%0D%0ADuatlo+das+Lez%C3%ADrias+-&amp;location=Vila+Franca+de+Xira - ' target='_blank' class='evo_ics_gCal' title='Adicionar ao calend\u00e1rio Google'>GoogleCal<\/a><\/p>\t\r\n\t\t\t\t\t\t\t<\/div>\t\t\t\t\t\t<\/div>\r\n\t\t\t\t\t\t<\/div><div class='clear end'><\/div><\/div><div id=\"event_4554\" class=\"eventon_list_event evo_eventtop past_event event\" data-event_id=\"4554\" data-time=\"1455321900-1455407700\" data-colr=\"#0092e0\" itemscope itemtype='http:\/\/schema.org\/Event' 2><div class=\"evo_event_schema\" style=\"display:none\" ><a itemprop='url'  href='https:\/\/www.federacao-triatlo.pt\/ftp2015\/events\/duatlo-de-arronches-2\/'><\/a><span itemprop='name'  >Duatlo de Arronches<\/span><meta itemprop='image' content='https:\/\/www.federacao-triatlo.pt\/ftp2015\/wp-content\/uploads\/2016\/01\/bannerARR-300x128.jpg' ><\/meta><meta itemprop='description' content='Duatlo de Arronches - Regulamento\r\n\r\nDuatlo de Arronches - Percursos do Campeonato Nacional\r\n\r\nDuatlo de Arronches - Percursos da Prova Aberta\r\n\r\nStart List - Duatlo' ><\/meta><meta itemprop='startDate' content='2016-2-13' ><\/meta><meta itemprop='endDate' content='2016-2-13' ><\/meta><meta itemprop='eventStatus' content='on-schedule' ><\/meta>\r\n\t\t\t\t\t\t\t\t\t<item style=\"display:none\" itemprop=\"location\" itemscope itemtype=\"http:\/\/schema.org\/Place\">\r\n\t\t\t\t\t\t\t\t\t\t<span itemprop=\"name\">Arronches<\/span>\r\n\t\t\t\t\t\t\t\t\t\t<span itemprop=\"address\" itemscope itemtype=\"http:\/\/schema.org\/PostalAddress\">\r\n\t\t\t\t\t\t\t\t\t\t\t<item itemprop=\"streetAddress\">Arronches<\/item>\r\n\t\t\t\t\t\t\t\t\t\t<\/span><\/item><script type=\"application\/ld+json\">{\t\"@context\": \"http:\/\/schema.org\",\r\n\t\t\t\t\t\t\t  \t\"@type\": \"Event\",\r\n\t\t\t\t\t\t\t  \t\"name\": \"Duatlo de Arronches\",\r\n\t\t\t\t\t\t\t  \t\"startDate\": \"2016-2-13T00-00-05-00\",\r\n\t\t\t\t\t\t\t  \t\"endDate\": \"2016-2-13T23-23-55-00\",\r\n\t\t\t\t\t\t\t  \t\"image\":\"https:\/\/www.federacao-triatlo.pt\/ftp2015\/wp-content\/uploads\/2016\/01\/bannerARR-300x128.jpg\",\r\n\t\t\t\t\t\t\t  \t\"description\":\"Duatlo de Arronches - Regulamento\r\n\r\nDuatlo de Arronches - Percursos do Campeonato Nacional\r\n\r\nDuatlo de Arronches - Percursos da Prova Aberta\r\n\r\nStart List - Duatlo\",\r\n\t\t\t\t\t\t\t  \t\"location\":{\r\n\t\t\t\t\t\t\t\t\t\t\"@type\":\"Place\",\r\n\t\t\t\t\t\t\t\t\t\t\"name\":\"Arronches\",\r\n\t\t\t\t\t\t\t\t\t\t\"address\":\"Arronches\"\r\n\t\t\t\t\t\t\t  \t\t}\r\n\t\t\t\t\t\t\t }\r\n\t\t\t\t\t\t\t<\/script><\/div>\r\n\t\t\t\t<p class=\"desc_trig_outter\"><a data-gmtrig=\"1\" data-exlk=\"0\" style=\"border-color: #0092e0;\" id=\"evc_14553219004554\" class=\"desc_trig evo_camp-nac evo_camp-nac-cadetes evo_camp-nac-juniores evo_prova-aberta sin_val evcal_list_a\" data-ux_val=\"1\"  ><span class='evcal_cblock ' data-bgcolor='#0092e0' data-smon='Fevereiro' data-syr='2016'><span class='evo_start '><em class='date'>13<\/em><em class='month'>fev<\/em><em class='time'>allday<\/em><\/span><span class='evo_end only_time'><em class='time'>allday<\/em><\/span><em class='clear'><\/em><\/span><span class='evcal_desc evo_info hide_eventtopdata ' data-latlng=\"39.125890,-7.278469\"  data-location_address=\"Arronches\" data-location_type=\"lonlat\" data-location_name=\"Arronches\" data-location_status=\"true\" ><span class='evo_above_title'><\/span><span class='evcal_desc2 evcal_event_title' itemprop='name'>Duatlo de Arronches<\/span><span class='evo_below_title'><\/span><span class='evcal_desc_info' ><em class=\"evcal_location\" data-latlng=\"39.125890,-7.278469\"  data-add_str=\"\"><em class=\"event_location_name\">Arronches<\/em><\/em><\/span><span class='evcal_desc3'><span class='evcal_event_types ett1'><em><i>Tipo de Evento:<\/i><\/em><em data-filter='event_type'>Camp. Nac.,<\/em><em data-filter='event_type'>Camp. Nac. de Cadetes,<\/em><em data-filter='event_type'>Camp. Nac. de Juniores,<\/em><em data-filter='event_type'>Prova Aberta<\/em><i class='clear'><\/i><\/span><\/span><\/span><em class='clear'><\/em><\/p><\/a><div class='event_description evcal_eventcard ' style=\"display:none\"><div class='evo_metarow_directimg'><img src='https:\/\/www.federacao-triatlo.pt\/ftp2015\/wp-content\/uploads\/2016\/01\/bannerARR.jpg' \/><\/div><div class='evo_metarow_details evorow evcal_evdata_row bordb evcal_event_details'>\r\n\t\t\t\t\t\t\t<div class=\"event_excerpt\" style=\"display:none\"><h3 class=\"padb5 evo_h3\">Detalhes do Evento<\/h3><p>Duatlo de Arronches - Regulamento\r\n\r\nDuatlo de Arronches - Percursos do Campeonato Nacional\r\n\r\nDuatlo de Arronches - Percursos da Prova Aberta\r\n\r\nStart List - Duatlo<\/p><\/div><span class='evcal_evdata_icons'><i class='fa fa-align-justify'><\/i><\/span>\r\n\t\t\t\t\t\t\t\r\n\t\t\t\t\t\t\t<div class='evcal_evdata_cell '><div class='eventon_full_description'>\r\n\t\t\t\t\t\t\t\t\t<h3 class='padb5 evo_h3'><span class='evcal_evdata_icons'><i class='fa fa-align-justify'><\/i><\/span>Detalhes do Evento<\/h3><div class='eventon_desc_in' itemprop='description'>\r\n\t\t\t\t\t\t\t\t\t<p><a href=\"https:\/\/www.federacao-triatlo.pt\/ftp2015\/wp-content\/uploads\/2016\/01\/2016-02-13-Duatlo-de-Arronches-Regulamento-v20151223-1.pdf\" rel=\"\">Duatlo de Arronches &#8211; Regulamento<\/a><\/p>\n<p><a href=\"https:\/\/www.federacao-triatlo.pt\/ftp2015\/wp-content\/uploads\/2016\/01\/2016-02-13-Duatlo-de-Arronches-Percursos-do-Campeonato-Nacional-v2015.pdf\" rel=\"\">Duatlo de Arronches &#8211; Percursos do Campeonato Nacional<\/a><\/p>\n<p><a href=\"https:\/\/www.federacao-triatlo.pt\/ftp2015\/wp-content\/uploads\/2016\/01\/2016-02-13-Duatlo-de-Arronches-Percursos-Prova-Aberta-v2015.pdf\" rel=\"\">Duatlo de Arronches &#8211; Percursos da Prova Aberta<\/a><\/p>\n<p><a href=\"https:\/\/www.federacao-triatlo.pt\/ftp2015\/wp-content\/uploads\/2016\/01\/Start-List-Duatlo-de-Arronches-CN-Clubes-1.pdf\" rel=\"\">Start List &#8211; Duatlo de Arronches (CN Clubes)<\/a><\/p>\n<p><a href=\"https:\/\/www.federacao-triatlo.pt\/ftp2015\/wp-content\/uploads\/2016\/01\/Start-List-Duatlo-de-Arronches-Prova-Aberta-1.pdf\" rel=\"\">Start List &#8211; Duatlo de Arronches (Prova Aberta)<\/a><\/p>\n<p>&nbsp;<\/p>\n<\/div><div class='clear'><\/div>\r\n\t\t\t\t\t\t\t\t<\/div>\r\n\t\t\t\t\t\t\t<\/div>\r\n\t\t\t\t\t\t<\/div><div class='evo_metarow_gmap evorow evcal_gmaps bordb ' id='evc145532190069f3d176ec2934554_gmap' style='max-width:none'><\/div><div class='evo_metarow_getDr evorow evcal_evdata_row bordb evcal_evrow_sm getdirections'>\r\n\t\t\t\t\t\t<form action='https:\/\/maps.google.com\/maps' method='get' target='_blank'>\r\n\t\t\t\t\t\t<input type='hidden' name='daddr' value='Arronches'\/> \r\n\t\t\t\t\t\t<p><input class='evoInput' type='text' name='saddr' placeholder='Escreva a morada' value=''\/>\r\n\t\t\t\t\t\t<button type='submit' class='evcal_evdata_icons evcalicon_9' title='Clique aqui para obter as dire\u00e7\u00f5es'><i class='fa fa-road'><\/i><\/button>\r\n\t\t\t\t\t\t<\/p><\/form>\r\n\t\t\t\t\t<\/div><div class='evo_metarow_time_location evorow bordb '>\r\n\t\t\t\t\t\t<div class='tb' >\r\n\t\t\t\t\t\t\t<div class='tbrow'>\r\n\t\t\t\t\t\t\t<div class='evcal_col50 bordr'>\r\n\t\t\t\t\t\t\t\t<div class='evcal_evdata_row evo_time'>\r\n\t\t\t\t\t\t\t\t\t<span class='evcal_evdata_icons'><i class='fa fa-clock-o'><\/i><\/span>\r\n\t\t\t\t\t\t\t\t\t<div class='evcal_evdata_cell'>\t\t\t\t\t\t\t\r\n\t\t\t\t\t\t\t\t\t\t<h3 class='evo_h3'><span class='evcal_evdata_icons'><i class='fa fa-clock-o'><\/i><\/span>Hor\u00e1rio<\/h3>\r\n\t\t\t\t\t\t\t\t\t\t<p>Todo o dia (S\u00e1bado)<\/p>\r\n\t\t\t\t\t\t\t\t\t<\/div>\r\n\t\t\t\t\t\t\t\t<\/div>\r\n\t\t\t\t\t\t\t<\/div><div class='evcal_col50'>\r\n\t\t\t\t\t\t\t\t<div class='evcal_evdata_row evo_location'>\r\n\t\t\t\t\t\t\t\t\t<span class='evcal_evdata_icons'><i class='fa fa-map-marker'><\/i><\/span>\r\n\t\t\t\t\t\t\t\t\t<div class='evcal_evdata_cell' data-loc_tax_id='37'>\t\t\t\t\t\t\t\r\n\t\t\t\t\t\t\t\t\t\t<h3 class='evo_h3'><span class='evcal_evdata_icons'><i class='fa fa-map-marker'><\/i><\/span>Localiza\u00e7\u00e3o<\/h3><p class='evo_location_name'>Arronches<\/p><p>Arronches<\/p>\r\n\t\t\t\t\t\t\t\t\t<\/div>\r\n\t\t\t\t\t\t\t\t<\/div>\r\n\t\t\t\t\t\t\t<\/div><div class='clear'><\/div>\r\n\t\t\t\t\t\t\t<\/div><\/div>\r\n\t\t\t\t\t\t<\/div><div class='evo_metarow_organizer evorow evcal_evdata_row bordb evcal_evrow_sm '>\r\n\t\t\t\t\t\t\t<span class='evcal_evdata_icons'><i class='fa fa-headphones'><\/i><\/span>\r\n\t\t\t\t\t\t\t<div class='evcal_evdata_cell'>\t\t\t\t\t\t\t\r\n\t\t\t\t\t\t\t\t<h3 class='evo_h3'>Evento organizado por<\/h3>\r\n\t\t\t\t\t\t\t\t\r\n\t\t\t\t\t\t\t\t<div class='evo_card_organizer'><p class='evo_data_val evo_card_organizer_name'>\r\n\t\t\t\t\t\t\t\t\t<span class='evo_card_organizer_name_t'><a  href='https:\/\/www.federacao-triatlo.pt\/ftp2015'>FTP<\/a><\/span><span class='evo_card_organizer_contact'>secretaria@federacao-triatlo.pt<\/span>\r\n\t\t\t\t\t\t\t\t\t\r\n\t\t\t\t\t\t\t\t\t<\/p><\/div><div class='clear'><\/div>\t\t\t\t\t\t\t\r\n\t\t\t\t\t\t\t<\/div>\r\n\t\t\t\t\t\t<\/div>\t\t\t\t\t\t<div class='evo_metarow_ICS evorow bordb evcal_evdata_row'>\r\n\t\t\t\t\t\t\t<span class=\"evcal_evdata_icons\"><i class=\"fa fa-calendar\"><\/i><\/span>\r\n\t\t\t\t\t\t\t<div class='evcal_evdata_cell'>\r\n\t\t\t\t\t\t\t\t<p><a href='https:\/\/www.federacao-triatlo.pt\/ftp2015\/wp-admin\/admin-ajax.php?action=eventon_ics_download&amp;event_id=4554&amp;sunix=20160212T230500Z&amp;eunix=20160213T225500Z&amp;loca=Arronches&amp;locn=Arronches' class='evo_ics_nCal' title='Adicionar ao seu calend\u00e1rio'>Calend\u00e1rio<\/a><a href='\/\/www.google.com\/calendar\/event?action=TEMPLATE&amp;text=Duatlo+de+Arronches&amp;dates=20160212T230500Z\/20160213T225500Z&amp;details=Duatlo+de+Arronches+-+Regulamento%0D%0A%0D%0ADuatlo+de+Arronches+-+Percursos+do+Campeonato+Nacional%0D%0A%0D%0ADuatlo+de+Arronches+-+Percursos+da+Prova+Aberta%0D%0A%0D%0AStart+List+-+Duatlo&amp;location=Arronches - Arronches' target='_blank' class='evo_ics_gCal' title='Adicionar ao calend\u00e1rio Google'>GoogleCal<\/a><\/p>\t\r\n\t\t\t\t\t\t\t<\/div>\t\t\t\t\t\t<\/div>\r\n\t\t\t\t\t\t<\/div><div class='clear end'><\/div><\/div><div id=\"event_4454\" class=\"eventon_list_event evo_eventtop past_event event\" data-event_id=\"4454\" data-time=\"1456013100-1456098900\" data-colr=\"#0092e0\" itemscope itemtype='http:\/\/schema.org\/Event' 3><div class=\"evo_event_schema\" style=\"display:none\" ><a itemprop='url'  href='https:\/\/www.federacao-triatlo.pt\/ftp2015\/events\/duatlo-do-semideiro-chamusca\/'><\/a><span itemprop='name'  >Duatlo do Semideiro - Chamusca<\/span><meta itemprop='image'  ><\/meta><meta itemprop='description' content='Duatlo do Semideiro - Chamusca - Regulamento\r\n\r\nDuatlo do Semideiro - Chamusca - Percursos CN Jovem e Prova Aberta\r\n\r\nStart List Duatlo do Semideiro (CN Jovem)\r\n\r\n' ><\/meta><meta itemprop='startDate' content='2016-2-21' ><\/meta><meta itemprop='endDate' content='2016-2-21' ><\/meta><meta itemprop='eventStatus' content='on-schedule' ><\/meta>\r\n\t\t\t\t\t\t\t\t\t<item style=\"display:none\" itemprop=\"location\" itemscope itemtype=\"http:\/\/schema.org\/Place\">\r\n\t\t\t\t\t\t\t\t\t\t<span itemprop=\"name\">Chamusca<\/span>\r\n\t\t\t\t\t\t\t\t\t\t<span itemprop=\"address\" itemscope itemtype=\"http:\/\/schema.org\/PostalAddress\">\r\n\t\t\t\t\t\t\t\t\t\t\t<item itemprop=\"streetAddress\">Chamusca<\/item>\r\n\t\t\t\t\t\t\t\t\t\t<\/span><\/item><script type=\"application\/ld+json\">{\t\"@context\": \"http:\/\/schema.org\",\r\n\t\t\t\t\t\t\t  \t\"@type\": \"Event\",\r\n\t\t\t\t\t\t\t  \t\"name\": \"Duatlo do Semideiro - Chamusca\",\r\n\t\t\t\t\t\t\t  \t\"startDate\": \"2016-2-21T00-00-05-00\",\r\n\t\t\t\t\t\t\t  \t\"endDate\": \"2016-2-21T23-23-55-00\",\r\n\t\t\t\t\t\t\t  \t\"image\":,\r\n\t\t\t\t\t\t\t  \t\"description\":\"Duatlo do Semideiro - Chamusca - Regulamento\r\n\r\nDuatlo do Semideiro - Chamusca - Percursos CN Jovem e Prova Aberta\r\n\r\nStart List Duatlo do Semideiro (CN Jovem)\r\n\r\n\",\r\n\t\t\t\t\t\t\t  \t\"location\":{\r\n\t\t\t\t\t\t\t\t\t\t\"@type\":\"Place\",\r\n\t\t\t\t\t\t\t\t\t\t\"name\":\"Chamusca\",\r\n\t\t\t\t\t\t\t\t\t\t\"address\":\"Chamusca\"\r\n\t\t\t\t\t\t\t  \t\t}\r\n\t\t\t\t\t\t\t }\r\n\t\t\t\t\t\t\t<\/script><\/div>\r\n\t\t\t\t<p class=\"desc_trig_outter\"><a data-gmtrig=\"1\" data-exlk=\"0\" style=\"border-color: #0092e0;\" id=\"evc_14560131004454\" class=\"desc_trig evo_camp-nac-jovem evo_prova-aberta sin_val evcal_list_a\" data-ux_val=\"1\"  ><span class='evcal_cblock ' data-bgcolor='#0092e0' data-smon='Fevereiro' data-syr='2016'><span class='evo_start '><em class='date'>21<\/em><em class='month'>fev<\/em><em class='time'>allday<\/em><\/span><span class='evo_end only_time'><em class='time'>allday<\/em><\/span><em class='clear'><\/em><\/span><span class='evcal_desc evo_info hide_eventtopdata ' data-latlng=\"39.3564086,-8.4786825\"  data-location_address=\"Chamusca\" data-location_type=\"lonlat\" data-location_name=\"Chamusca\" data-location_status=\"true\" ><span class='evo_above_title'><\/span><span class='evcal_desc2 evcal_event_title' itemprop='name'>Duatlo do Semideiro - Chamusca<\/span><span class='evo_below_title'><\/span><span class='evcal_desc_info' ><em class=\"evcal_location\" data-latlng=\"39.3564086,-8.4786825\"  data-add_str=\"\"><em class=\"event_location_name\">Chamusca<\/em><\/em><\/span><span class='evcal_desc3'><span class='evcal_event_types ett1'><em><i>Tipo de Evento:<\/i><\/em><em data-filter='event_type'>Camp. Nac. Jovem,<\/em><em data-filter='event_type'>Prova Aberta<\/em><i class='clear'><\/i><\/span><\/span><\/span><em class='clear'><\/em><\/p><\/a><div class='event_description evcal_eventcard ' style=\"display:none\"><div class='evo_metarow_details evorow evcal_evdata_row bordb evcal_event_details'>\r\n\t\t\t\t\t\t\t<div class=\"event_excerpt\" style=\"display:none\"><h3 class=\"padb5 evo_h3\">Detalhes do Evento<\/h3><p>Duatlo do Semideiro - Chamusca - Regulamento\r\n\r\nDuatlo do Semideiro - Chamusca - Percursos CN Jovem e Prova Aberta\r\n\r\nStart List Duatlo do Semideiro (CN Jovem)\r\n\r\n<\/p><\/div><span class='evcal_evdata_icons'><i class='fa fa-align-justify'><\/i><\/span>\r\n\t\t\t\t\t\t\t\r\n\t\t\t\t\t\t\t<div class='evcal_evdata_cell '><div class='eventon_full_description'>\r\n\t\t\t\t\t\t\t\t\t<h3 class='padb5 evo_h3'><span class='evcal_evdata_icons'><i class='fa fa-align-justify'><\/i><\/span>Detalhes do Evento<\/h3><div class='eventon_desc_in' itemprop='description'>\r\n\t\t\t\t\t\t\t\t\t<p><a href=\"https:\/\/www.federacao-triatlo.pt\/ftp2015\/wp-content\/uploads\/2016\/01\/20160221-Duatlo-do-Semideiro-Chamusca-Regulamento-1.pdf\" rel=\"\">Duatlo do Semideiro &#8211; Chamusca &#8211; Regulamento<\/a><\/p>\n<p><a href=\"https:\/\/www.federacao-triatlo.pt\/ftp2015\/wp-content\/uploads\/2016\/01\/20160221-Duatlo-do-Semideiro-Chamusca-Percursos-CN-Jovem-e-Prova-Aberta-v20160114-1.pdf\" rel=\"\">Duatlo do Semideiro &#8211; Chamusca &#8211; Percursos CN Jovem e Prova Aberta<\/a><\/p>\n<p><a href=\"https:\/\/www.federacao-triatlo.pt\/ftp2015\/wp-content\/uploads\/2016\/01\/Start-List-Duatlo-do-Semideiro-CN-Jovem.pdf\" rel=\"\">Start List Duatlo do Semideiro (CN Jovem)<\/a><\/p>\n<p><a href=\"https:\/\/www.federacao-triatlo.pt\/ftp2015\/wp-content\/uploads\/2016\/01\/Start-List-Duatlo-do-Semideiro-Prova-Aberta.pdf\" rel=\"\">Start List Duatlo do Semideiro (Prova Aberta)<\/a><\/p>\n<\/div><div class='clear'><\/div>\r\n\t\t\t\t\t\t\t\t<\/div>\r\n\t\t\t\t\t\t\t<\/div>\r\n\t\t\t\t\t\t<\/div><div class='evo_metarow_gmap evorow evcal_gmaps bordb ' id='evc145601310069f3d176ece384454_gmap' style='max-width:none'><\/div><div class='evo_metarow_getDr evorow evcal_evdata_row bordb evcal_evrow_sm getdirections'>\r\n\t\t\t\t\t\t<form action='https:\/\/maps.google.com\/maps' method='get' target='_blank'>\r\n\t\t\t\t\t\t<input type='hidden' name='daddr' value='Chamusca'\/> \r\n\t\t\t\t\t\t<p><input class='evoInput' type='text' name='saddr' placeholder='Escreva a morada' value=''\/>\r\n\t\t\t\t\t\t<button type='submit' class='evcal_evdata_icons evcalicon_9' title='Clique aqui para obter as dire\u00e7\u00f5es'><i class='fa fa-road'><\/i><\/button>\r\n\t\t\t\t\t\t<\/p><\/form>\r\n\t\t\t\t\t<\/div><div class='evo_metarow_time_location evorow bordb '>\r\n\t\t\t\t\t\t<div class='tb' >\r\n\t\t\t\t\t\t\t<div class='tbrow'>\r\n\t\t\t\t\t\t\t<div class='evcal_col50 bordr'>\r\n\t\t\t\t\t\t\t\t<div class='evcal_evdata_row evo_time'>\r\n\t\t\t\t\t\t\t\t\t<span class='evcal_evdata_icons'><i class='fa fa-clock-o'><\/i><\/span>\r\n\t\t\t\t\t\t\t\t\t<div class='evcal_evdata_cell'>\t\t\t\t\t\t\t\r\n\t\t\t\t\t\t\t\t\t\t<h3 class='evo_h3'><span class='evcal_evdata_icons'><i class='fa fa-clock-o'><\/i><\/span>Hor\u00e1rio<\/h3>\r\n\t\t\t\t\t\t\t\t\t\t<p>Todo o dia (Domingo)<\/p>\r\n\t\t\t\t\t\t\t\t\t<\/div>\r\n\t\t\t\t\t\t\t\t<\/div>\r\n\t\t\t\t\t\t\t<\/div><div class='evcal_col50'>\r\n\t\t\t\t\t\t\t\t<div class='evcal_evdata_row evo_location'>\r\n\t\t\t\t\t\t\t\t\t<span class='evcal_evdata_icons'><i class='fa fa-map-marker'><\/i><\/span>\r\n\t\t\t\t\t\t\t\t\t<div class='evcal_evdata_cell' data-loc_tax_id='212'>\t\t\t\t\t\t\t\r\n\t\t\t\t\t\t\t\t\t\t<h3 class='evo_h3'><span class='evcal_evdata_icons'><i class='fa fa-map-marker'><\/i><\/span>Localiza\u00e7\u00e3o<\/h3><p class='evo_location_name'>Chamusca<\/p><p>Chamusca<\/p>\r\n\t\t\t\t\t\t\t\t\t<\/div>\r\n\t\t\t\t\t\t\t\t<\/div>\r\n\t\t\t\t\t\t\t<\/div><div class='clear'><\/div>\r\n\t\t\t\t\t\t\t<\/div><\/div>\r\n\t\t\t\t\t\t<\/div><div class='evo_metarow_organizer evorow evcal_evdata_row bordb evcal_evrow_sm '>\r\n\t\t\t\t\t\t\t<span class='evcal_evdata_icons'><i class='fa fa-headphones'><\/i><\/span>\r\n\t\t\t\t\t\t\t<div class='evcal_evdata_cell'>\t\t\t\t\t\t\t\r\n\t\t\t\t\t\t\t\t<h3 class='evo_h3'>Evento organizado por<\/h3>\r\n\t\t\t\t\t\t\t\t\r\n\t\t\t\t\t\t\t\t<div class='evo_card_organizer'><p class='evo_data_val evo_card_organizer_name'>\r\n\t\t\t\t\t\t\t\t\t<span class='evo_card_organizer_name_t'><a  href='https:\/\/www.federacao-triatlo.pt\/ftp2015'>FTP<\/a><\/span><span class='evo_card_organizer_contact'>secretaria@federacao-triatlo.pt<\/span>\r\n\t\t\t\t\t\t\t\t\t\r\n\t\t\t\t\t\t\t\t\t<\/p><\/div><div class='clear'><\/div>\t\t\t\t\t\t\t\r\n\t\t\t\t\t\t\t<\/div>\r\n\t\t\t\t\t\t<\/div>\t\t\t\t\t\t<div class='evo_metarow_ICS evorow bordb evcal_evdata_row'>\r\n\t\t\t\t\t\t\t<span class=\"evcal_evdata_icons\"><i class=\"fa fa-calendar\"><\/i><\/span>\r\n\t\t\t\t\t\t\t<div class='evcal_evdata_cell'>\r\n\t\t\t\t\t\t\t\t<p><a href='https:\/\/www.federacao-triatlo.pt\/ftp2015\/wp-admin\/admin-ajax.php?action=eventon_ics_download&amp;event_id=4454&amp;sunix=20160220T230500Z&amp;eunix=20160221T225500Z&amp;loca=Chamusca&amp;locn=Chamusca' class='evo_ics_nCal' title='Adicionar ao seu calend\u00e1rio'>Calend\u00e1rio<\/a><a href='\/\/www.google.com\/calendar\/event?action=TEMPLATE&amp;text=Duatlo+do+Semideiro+-+Chamusca&amp;dates=20160220T230500Z\/20160221T225500Z&amp;details=Duatlo+do+Semideiro+-+Chamusca+-+Regulamento%0D%0A%0D%0ADuatlo+do+Semideiro+-+Chamusca+-+Percursos+CN+Jovem+e+Prova+Aberta%0D%0A%0D%0AStart+List+Duatlo+do+Semideiro+%28CN+Jovem%29%0D%0A%0D%0A&amp;location=Chamusca - Chamusca' target='_blank' class='evo_ics_gCal' title='Adicionar ao calend\u00e1rio Google'>GoogleCal<\/a><\/p>\t\r\n\t\t\t\t\t\t\t<\/div>\t\t\t\t\t\t<\/div>\r\n\t\t\t\t\t\t<\/div><div class='clear end'><\/div><\/div><div id=\"event_6482\" class=\"eventon_list_event evo_eventtop past_event event\" data-event_id=\"6482\" data-time=\"1456531500-1456617300\" data-colr=\"#0092e0\" itemscope itemtype='http:\/\/schema.org\/Event' 4><div class=\"evo_event_schema\" style=\"display:none\" ><a itemprop='url'  href='https:\/\/www.federacao-triatlo.pt\/ftp2015\/events\/i-duatlo-vila-do-coronado-trofa\/'><\/a><span itemprop='name'  >I Duatlo Vila do Coronado - Trofa<\/span><meta itemprop='image' content='https:\/\/www.federacao-triatlo.pt\/ftp2015\/wp-content\/uploads\/2016\/02\/Cartaz-212x300.png' ><\/meta><meta itemprop='description' content='O I Duatlo Vila do Coronado - Trofa ter\u00e1 lugar no s\u00e1bado dia 27 de Fevereiro e abre a \u00e9poca desportiva da regi\u00e3o norte.\r\n\r\n\u00c9 uma prova de Promo\u00e7\u00e3o.\r\n\r\nMais informa\u00e7\u00f5es em\u00a0http:\/\/delegacaoregional.wix.com\/triatlonorte#!duatlo-vila-do-coronado\/rty84\r\n\r\nResultados' ><\/meta><meta itemprop='startDate' content='2016-2-27' ><\/meta><meta itemprop='endDate' content='2016-2-27' ><\/meta><meta itemprop='eventStatus' content='on-schedule' ><\/meta><script type=\"application\/ld+json\">{\t\"@context\": \"http:\/\/schema.org\",\r\n\t\t\t\t\t\t\t  \t\"@type\": \"Event\",\r\n\t\t\t\t\t\t\t  \t\"name\": \"I Duatlo Vila do Coronado - Trofa\",\r\n\t\t\t\t\t\t\t  \t\"startDate\": \"2016-2-27T00-00-05-00\",\r\n\t\t\t\t\t\t\t  \t\"endDate\": \"2016-2-27T23-23-55-00\",\r\n\t\t\t\t\t\t\t  \t\"image\":\"https:\/\/www.federacao-triatlo.pt\/ftp2015\/wp-content\/uploads\/2016\/02\/Cartaz-212x300.png\",\r\n\t\t\t\t\t\t\t  \t\"description\":\"O I Duatlo Vila do Coronado - Trofa ter\u00e1 lugar no s\u00e1bado dia 27 de Fevereiro e abre a \u00e9poca desportiva da regi\u00e3o norte.\r\n\r\n\u00c9 uma prova de Promo\u00e7\u00e3o.\r\n\r\nMais informa\u00e7\u00f5es em\u00a0http:\/\/delegacaoregional.wix.com\/triatlonorte#!duatlo-vila-do-coronado\/rty84\r\n\r\nResultados\",\r\n\t\t\t\t\t\t\t  \t\r\n\t\t\t\t\t\t\t }\r\n\t\t\t\t\t\t\t<\/script><\/div>\r\n\t\t\t\t<p class=\"desc_trig_outter\"><a data-gmap_status=\"null\" data-gmtrig=\"1\" data-exlk=\"0\" style=\"border-color: #0092e0;\" id=\"evc_14565315006482\" class=\"desc_trig evo_prova-aberta sin_val evcal_list_a\" data-ux_val=\"1\"  ><span class='evcal_cblock ' data-bgcolor='#0092e0' data-smon='Fevereiro' data-syr='2016'><span class='evo_start '><em class='date'>27<\/em><em class='month'>fev<\/em><em class='time'>allday<\/em><\/span><span class='evo_end only_time'><em class='time'>allday<\/em><\/span><em class='clear'><\/em><\/span><span class='evcal_desc evo_info hide_eventtopdata '  data-location_status=\"false\" ><span class='evo_above_title'><\/span><span class='evcal_desc2 evcal_event_title' itemprop='name'>I Duatlo Vila do Coronado - Trofa<\/span><span class='evo_below_title'><\/span><span class='evcal_desc_info' ><\/span><span class='evcal_desc3'><span class='evcal_event_types ett1'><em><i>Tipo de Evento:<\/i><\/em><em data-filter='event_type'>Prova Aberta<\/em><i class='clear'><\/i><\/span><\/span><\/span><em class='clear'><\/em><\/p><\/a><div class='event_description evcal_eventcard ' style=\"display:none\"><div class='evo_metarow_directimg'><img src='https:\/\/www.federacao-triatlo.pt\/ftp2015\/wp-content\/uploads\/2016\/02\/Cartaz.png' \/><\/div><div class='evo_metarow_details evorow evcal_evdata_row bordb evcal_event_details'>\r\n\t\t\t\t\t\t\t<div class=\"event_excerpt\" style=\"display:none\"><h3 class=\"padb5 evo_h3\">Detalhes do Evento<\/h3><p>O I Duatlo Vila do Coronado - Trofa ter\u00e1 lugar no s\u00e1bado dia 27 de Fevereiro e abre a \u00e9poca desportiva da regi\u00e3o norte.\r\n\r\n\u00c9 uma prova de Promo\u00e7\u00e3o.\r\n\r\nMais informa\u00e7\u00f5es em\u00a0http:\/\/delegacaoregional.wix.com\/triatlonorte#!duatlo-vila-do-coronado\/rty84\r\n\r\nResultados<\/p><\/div><span class='evcal_evdata_icons'><i class='fa fa-align-justify'><\/i><\/span>\r\n\t\t\t\t\t\t\t\r\n\t\t\t\t\t\t\t<div class='evcal_evdata_cell '><div class='eventon_full_description'>\r\n\t\t\t\t\t\t\t\t\t<h3 class='padb5 evo_h3'><span class='evcal_evdata_icons'><i class='fa fa-align-justify'><\/i><\/span>Detalhes do Evento<\/h3><div class='eventon_desc_in' itemprop='description'>\r\n\t\t\t\t\t\t\t\t\t<p>O I Duatlo Vila do Coronado &#8211; Trofa ter\u00e1 lugar no s\u00e1bado dia 27 de Fevereiro e abre a \u00e9poca desportiva da regi\u00e3o norte.<\/p>\n<p>\u00c9 uma prova de Promo\u00e7\u00e3o.<\/p>\n<p>Mais informa\u00e7\u00f5es em\u00a0http:\/\/delegacaoregional.wix.com\/triatlonorte#!duatlo-vila-do-coronado\/rty84<\/p>\n<p>Resultados em\u00a0http:\/\/delegacaoregional.wix.com\/triatlonorte#!resultados\/p0dg1<\/p>\n<p><a href=\"https:\/\/www.federacao-triatlo.pt\/ftp2015\/wp-content\/uploads\/2016\/02\/Classif-1\u00ba-Duatlo-Vila-do-Coronado_Masc-59.pdf\" rel=\"\">Classif 1\u00ba Duatlo Vila do Coronado_Masc<\/a><\/p>\n<p><a href=\"https:\/\/www.federacao-triatlo.pt\/ftp2015\/wp-content\/uploads\/2016\/02\/Classif-1\u00ba-Duatlo-Vila-do-Coronado_Estaf-13-equipas.pdf\" rel=\"\">Classif 1\u00ba Duatlo Vila do Coronado<\/a><a href=\"https:\/\/www.federacao-triatlo.pt\/ftp2015\/wp-content\/uploads\/2016\/02\/Classif-1\u00ba-Duatlo-Vila-do-Coronado_Estaf-13-equipas.pdf\" rel=\"\">Estaf<\/a><\/p>\n<p><a href=\"https:\/\/www.federacao-triatlo.pt\/ftp2015\/wp-content\/uploads\/2016\/02\/Classif-1\u00ba-Duatlo-Vila-do-Coronado_Fem-2.pdf\" rel=\"\">Classif 1\u00ba Duatlo Vila do Coronado_Fem<\/a><\/p>\n<\/div><div class='clear'><\/div>\r\n\t\t\t\t\t\t\t\t<\/div>\r\n\t\t\t\t\t\t\t<\/div>\r\n\t\t\t\t\t\t<\/div><div class='evo_metarow_time evorow evcal_evdata_row bordb evcal_evrow_sm '>\r\n\t\t\t\t\t\t\t<span class='evcal_evdata_icons'><i class='fa fa-clock-o'><\/i><\/span>\r\n\t\t\t\t\t\t\t<div class='evcal_evdata_cell'>\t\t\t\t\t\t\t\r\n\t\t\t\t\t\t\t\t<h3 class='evo_h3'><span class='evcal_evdata_icons'><i class='fa fa-clock-o'><\/i><\/span>Hor\u00e1rio<\/h3><p>Todo o dia (S\u00e1bado)<\/p>\r\n\t\t\t\t\t\t\t<\/div>\r\n\t\t\t\t\t\t<\/div>\t\t\t\t\t\t<div class='evo_metarow_ICS evorow bordb evcal_evdata_row'>\r\n\t\t\t\t\t\t\t<span class=\"evcal_evdata_icons\"><i class=\"fa fa-calendar\"><\/i><\/span>\r\n\t\t\t\t\t\t\t<div class='evcal_evdata_cell'>\r\n\t\t\t\t\t\t\t\t<p><a href='https:\/\/www.federacao-triatlo.pt\/ftp2015\/wp-admin\/admin-ajax.php?action=eventon_ics_download&amp;event_id=6482&amp;sunix=20160226T230500Z&amp;eunix=20160227T225500Z&amp;loca=&amp;locn=' class='evo_ics_nCal' title='Adicionar ao seu calend\u00e1rio'>Calend\u00e1rio<\/a><a href='\/\/www.google.com\/calendar\/event?action=TEMPLATE&amp;text=I+Duatlo+Vila+do+Coronado+-+Trofa&amp;dates=20160226T230500Z\/20160227T225500Z&amp;details=O+I+Duatlo+Vila+do+Coronado+-+Trofa+ter%C3%A1+lugar+no+s%C3%A1bado+dia+27+de+Fevereiro+e+abre+a+%C3%A9poca+desportiva+da+regi%C3%A3o+norte.%0D%0A%0D%0A%C3%89+uma+prova+de+Promo%C3%A7%C3%A3o.%0D%0A%0D%0AMais+informa%C3%A7%C3%B5es+em%C2%A0http%3A%2F%2Fdelegacaoregional.wix.com%2Ftriatlonorte%23%21duatlo-vila-do-coronado%2Frty84%0D%0A%0D%0AResultados&amp;location= - ' target='_blank' class='evo_ics_gCal' title='Adicionar ao calend\u00e1rio Google'>GoogleCal<\/a><\/p>\t\r\n\t\t\t\t\t\t\t<\/div>\t\t\t\t\t\t<\/div>\r\n\t\t\t\t\t\t<\/div><div class='clear end'><\/div><\/div><div id=\"event_1194\" class=\"eventon_list_event evo_eventtop past_event event\" data-event_id=\"1194\" data-time=\"1456617900-1456703700\" data-colr=\"#bd8235\" itemscope itemtype='http:\/\/schema.org\/Event' 5><div class=\"evo_event_schema\" style=\"display:none\" ><a itemprop='url'  href='https:\/\/www.federacao-triatlo.pt\/ftp2015\/events\/duatlo-btt-do-barreiro\/'><\/a><span itemprop='name'  >Duatlo BTT do Barreiro<\/span><meta itemprop='image'  ><\/meta><meta itemprop='description' content='Duatlo do Barreiro - Regulamento\r\n\r\nDuatlo do Barreiro - Percursos TP PORTerra\r\n\r\nDuatlo do Barreiro - Percursos Prova Aberta\r\n\r\n&nbsp;\r\n\r\nSL Duatlo do Barreiro (Ta\u00e7a PORTerra)\r\n\r\n' ><\/meta><meta itemprop='startDate' content='2016-2-28' ><\/meta><meta itemprop='endDate' content='2016-2-28' ><\/meta><meta itemprop='eventStatus' content='on-schedule' ><\/meta>\r\n\t\t\t\t\t\t\t\t\t<item style=\"display:none\" itemprop=\"location\" itemscope itemtype=\"http:\/\/schema.org\/Place\">\r\n\t\t\t\t\t\t\t\t\t\t<span itemprop=\"name\">Mata da Machada<\/span>\r\n\t\t\t\t\t\t\t\t\t\t<span itemprop=\"address\" itemscope itemtype=\"http:\/\/schema.org\/PostalAddress\">\r\n\t\t\t\t\t\t\t\t\t\t\t<item itemprop=\"streetAddress\">Mata da Machada<\/item>\r\n\t\t\t\t\t\t\t\t\t\t<\/span><\/item><script type=\"application\/ld+json\">{\t\"@context\": \"http:\/\/schema.org\",\r\n\t\t\t\t\t\t\t  \t\"@type\": \"Event\",\r\n\t\t\t\t\t\t\t  \t\"name\": \"Duatlo BTT do Barreiro\",\r\n\t\t\t\t\t\t\t  \t\"startDate\": \"2016-2-28T00-00-05-00\",\r\n\t\t\t\t\t\t\t  \t\"endDate\": \"2016-2-28T23-23-55-00\",\r\n\t\t\t\t\t\t\t  \t\"image\":,\r\n\t\t\t\t\t\t\t  \t\"description\":\"Duatlo do Barreiro - Regulamento\r\n\r\nDuatlo do Barreiro - Percursos TP PORTerra\r\n\r\nDuatlo do Barreiro - Percursos Prova Aberta\r\n\r\n&nbsp;\r\n\r\nSL Duatlo do Barreiro (Ta\u00e7a PORTerra)\r\n\r\n\",\r\n\t\t\t\t\t\t\t  \t\"location\":{\r\n\t\t\t\t\t\t\t\t\t\t\"@type\":\"Place\",\r\n\t\t\t\t\t\t\t\t\t\t\"name\":\"Mata da Machada\",\r\n\t\t\t\t\t\t\t\t\t\t\"address\":\"Mata da Machada\"\r\n\t\t\t\t\t\t\t  \t\t}\r\n\t\t\t\t\t\t\t }\r\n\t\t\t\t\t\t\t<\/script><\/div>\r\n\t\t\t\t<p class=\"desc_trig_outter\"><a data-gmtrig=\"1\" data-exlk=\"0\" style=\"border-color: #bd8235;\" id=\"evc_14566179001194\" class=\"desc_trig evo_prova-aberta evo_taca-portugal-porterra sin_val evcal_list_a\" data-ux_val=\"1\"  ><span class='evcal_cblock ' data-bgcolor='#bd8235' data-smon='Fevereiro' data-syr='2016'><span class='evo_start '><em class='date'>28<\/em><em class='month'>fev<\/em><em class='time'>allday<\/em><\/span><span class='evo_end only_time'><em class='time'>allday<\/em><\/span><em class='clear'><\/em><\/span><span class='evcal_desc evo_info hide_eventtopdata ' data-latlng=\"38.614199,-9.045669\"  data-location_address=\"Mata da Machada\" data-location_type=\"lonlat\" data-location_name=\"Mata da Machada\" data-location_status=\"true\" ><span class='evo_above_title'><\/span><span class='evcal_desc2 evcal_event_title' itemprop='name'>Duatlo BTT do Barreiro<\/span><span class='evo_below_title'><\/span><span class='evcal_desc_info' ><em class=\"evcal_location\" data-latlng=\"38.614199,-9.045669\"  data-add_str=\"\"><em class=\"event_location_name\">Mata da Machada<\/em><\/em><\/span><span class='evcal_desc3'><span class='evcal_event_types ett1'><em><i>Tipo de Evento:<\/i><\/em><em data-filter='event_type'>Prova Aberta,<\/em><em data-filter='event_type'>Ta\u00e7a de Portugal PORTerra<\/em><i class='clear'><\/i><\/span><\/span><\/span><em class='clear'><\/em><\/p><\/a><div class='event_description evcal_eventcard ' style=\"display:none\"><div class='evo_metarow_details evorow evcal_evdata_row bordb evcal_event_details'>\r\n\t\t\t\t\t\t\t<div class=\"event_excerpt\" style=\"display:none\"><h3 class=\"padb5 evo_h3\">Detalhes do Evento<\/h3><p>Duatlo do Barreiro - Regulamento\r\n\r\nDuatlo do Barreiro - Percursos TP PORTerra\r\n\r\nDuatlo do Barreiro - Percursos Prova Aberta\r\n\r\n&nbsp;\r\n\r\nSL Duatlo do Barreiro (Ta\u00e7a PORTerra)\r\n\r\n<\/p><\/div><span class='evcal_evdata_icons'><i class='fa fa-align-justify'><\/i><\/span>\r\n\t\t\t\t\t\t\t\r\n\t\t\t\t\t\t\t<div class='evcal_evdata_cell '><div class='eventon_full_description'>\r\n\t\t\t\t\t\t\t\t\t<h3 class='padb5 evo_h3'><span class='evcal_evdata_icons'><i class='fa fa-align-justify'><\/i><\/span>Detalhes do Evento<\/h3><div class='eventon_desc_in' itemprop='description'>\r\n\t\t\t\t\t\t\t\t\t<p><a href=\"https:\/\/www.federacao-triatlo.pt\/ftp2015\/wp-content\/uploads\/2015\/03\/20160228-Duatlo-do-Barreiro-Regulamento-4.pdf\" rel=\"\">Duatlo do Barreiro &#8211; Regulamento<\/a><\/p>\n<p><a href=\"https:\/\/www.federacao-triatlo.pt\/ftp2015\/wp-content\/uploads\/2015\/03\/20160228-Duatlo-do-Barreiro-Percursos-TP-PORTerra-2.pdf\" rel=\"\">Duatlo do Barreiro &#8211; Percursos TP PORTerra<\/a><\/p>\n<p><a href=\"https:\/\/www.federacao-triatlo.pt\/ftp2015\/wp-content\/uploads\/2015\/03\/20160228-Duatlo-do-Barreiro-Percursos-Prova-Aberta-2.pdf\" rel=\"\">Duatlo do Barreiro &#8211; Percursos Prova Aberta<\/a><\/p>\n<p>&nbsp;<\/p>\n<p><a href=\"https:\/\/www.federacao-triatlo.pt\/ftp2015\/wp-content\/uploads\/2015\/03\/SL-Duatlo-do-Barreiro-Ta\u00e7a-PORTerra-1.pdf\" rel=\"\">SL Duatlo do Barreiro (Ta\u00e7a PORTerra)<\/a><\/p>\n<p><a href=\"https:\/\/www.federacao-triatlo.pt\/ftp2015\/wp-content\/uploads\/2015\/03\/SL-Duatlo-do-Barreiro-Prova-Aberta-1.pdf\" rel=\"\">SL Duatlo do Barreiro (Prova Aberta)<\/a><\/p>\n<p>&nbsp;<\/p>\n<\/div><div class='clear'><\/div>\r\n\t\t\t\t\t\t\t\t<\/div>\r\n\t\t\t\t\t\t\t<\/div>\r\n\t\t\t\t\t\t<\/div><div class='evo_metarow_gmap evorow evcal_gmaps bordb ' id='evc145661790069f3d176edf161194_gmap' style='max-width:none'><\/div><div class='evo_metarow_getDr evorow evcal_evdata_row bordb evcal_evrow_sm getdirections'>\r\n\t\t\t\t\t\t<form action='https:\/\/maps.google.com\/maps' method='get' target='_blank'>\r\n\t\t\t\t\t\t<input type='hidden' name='daddr' value='Mata da Machada'\/> \r\n\t\t\t\t\t\t<p><input class='evoInput' type='text' name='saddr' placeholder='Escreva a morada' value=''\/>\r\n\t\t\t\t\t\t<button type='submit' class='evcal_evdata_icons evcalicon_9' title='Clique aqui para obter as dire\u00e7\u00f5es'><i class='fa fa-road'><\/i><\/button>\r\n\t\t\t\t\t\t<\/p><\/form>\r\n\t\t\t\t\t<\/div><div class='evo_metarow_time_location evorow bordb '>\r\n\t\t\t\t\t\t<div class='tb' >\r\n\t\t\t\t\t\t\t<div class='tbrow'>\r\n\t\t\t\t\t\t\t<div class='evcal_col50 bordr'>\r\n\t\t\t\t\t\t\t\t<div class='evcal_evdata_row evo_time'>\r\n\t\t\t\t\t\t\t\t\t<span class='evcal_evdata_icons'><i class='fa fa-clock-o'><\/i><\/span>\r\n\t\t\t\t\t\t\t\t\t<div class='evcal_evdata_cell'>\t\t\t\t\t\t\t\r\n\t\t\t\t\t\t\t\t\t\t<h3 class='evo_h3'><span class='evcal_evdata_icons'><i class='fa fa-clock-o'><\/i><\/span>Hor\u00e1rio<\/h3>\r\n\t\t\t\t\t\t\t\t\t\t<p>Todo o dia (Domingo)<\/p>\r\n\t\t\t\t\t\t\t\t\t<\/div>\r\n\t\t\t\t\t\t\t\t<\/div>\r\n\t\t\t\t\t\t\t<\/div><div class='evcal_col50'>\r\n\t\t\t\t\t\t\t\t<div class='evcal_evdata_row evo_location'>\r\n\t\t\t\t\t\t\t\t\t<span class='evcal_evdata_icons'><i class='fa fa-map-marker'><\/i><\/span>\r\n\t\t\t\t\t\t\t\t\t<div class='evcal_evdata_cell' data-loc_tax_id='106'>\t\t\t\t\t\t\t\r\n\t\t\t\t\t\t\t\t\t\t<h3 class='evo_h3'><span class='evcal_evdata_icons'><i class='fa fa-map-marker'><\/i><\/span>Localiza\u00e7\u00e3o<\/h3><p class='evo_location_name'>Mata da Machada<\/p><p>Mata da Machada<\/p>\r\n\t\t\t\t\t\t\t\t\t<\/div>\r\n\t\t\t\t\t\t\t\t<\/div>\r\n\t\t\t\t\t\t\t<\/div><div class='clear'><\/div>\r\n\t\t\t\t\t\t\t<\/div><\/div>\r\n\t\t\t\t\t\t<\/div>\t\t\t\t\t\t<div class='evo_metarow_ICS evorow bordb evcal_evdata_row'>\r\n\t\t\t\t\t\t\t<span class=\"evcal_evdata_icons\"><i class=\"fa fa-calendar\"><\/i><\/span>\r\n\t\t\t\t\t\t\t<div class='evcal_evdata_cell'>\r\n\t\t\t\t\t\t\t\t<p><a href='https:\/\/www.federacao-triatlo.pt\/ftp2015\/wp-admin\/admin-ajax.php?action=eventon_ics_download&amp;event_id=1194&amp;sunix=20160227T230500Z&amp;eunix=20160228T225500Z&amp;loca=Mata da Machada&amp;locn=Mata da Machada' class='evo_ics_nCal' title='Adicionar ao seu calend\u00e1rio'>Calend\u00e1rio<\/a><a href='\/\/www.google.com\/calendar\/event?action=TEMPLATE&amp;text=Duatlo+BTT+do+Barreiro&amp;dates=20160227T230500Z\/20160228T225500Z&amp;details=Duatlo+do+Barreiro+-+Regulamento%0D%0A%0D%0ADuatlo+do+Barreiro+-+Percursos+TP+PORTerra%0D%0A%0D%0ADuatlo+do+Barreiro+-+Percursos+Prova+Aberta%0D%0A%0D%0A%26nbsp%3B%0D%0A%0D%0ASL+Duatlo+do+Barreiro+%28Ta%C3%A7a+PORTerra%29%0D%0A%0D%0A&amp;location=Mata+da+Machada - Mata+da+Machada' target='_blank' class='evo_ics_gCal' title='Adicionar ao calend\u00e1rio Google'>GoogleCal<\/a><\/p>\t\r\n\t\t\t\t\t\t\t<\/div>\t\t\t\t\t\t<\/div>\r\n\t\t\t\t\t\t<\/div><div class='clear end'><\/div><\/div><\/div><div class='clear'><\/div><\/div><!-- ajde_evcal_calendar-->\n<div id='evcal_calendar_175' class='ajde_evcal_calendar  ul' ><div class='evo-data' data-cyear=\"2016\" data-cmonth=\"3\" data-runajax=\"1\" data-evc_open=\"0\" data-cal_ver=\"2.6\" data-mapscroll=\"true\" data-mapformat=\"roadmap\" data-mapzoom=\"14\" data-mapiconurl=\"\" data-ev_cnt=\"0\" data-show_limit=\"no\" data-tiles=\"no\" data-sort_by=\"sort_date\" data-filters_on=\"true\" data-range_start=\"0\" data-range_end=\"0\" data-send_unix=\"0\" data-ux_val=\"0\" data-accord=\"0\" data-rtl=\"no\"  ><\/div><div id='evcal_head' class='calendar_header ' ><div class='evo_cal_above'><span class='evo-gototoday-btn' style='display:none' data-mo='3' data-yr='2016' data-dy=''>Dia de Hoje<\/span><\/div><div class='evo_cal_above_content'><\/div><div class='cal_arguments' style='display:none' data-hide_past=\"no\" data-show_et_ft_img=\"no\" data-event_order=\"ASC\" data-ft_event_priority=\"no\" data-lang=\"L1\" data-month_incre=\"0\" data-only_ft=\"no\" data-evc_open=\"no\" data-show_limit=\"no\" data-etc_override=\"no\" data-show_limit_redir=\"0\" data-tiles=\"no\" data-tile_height=\"0\" data-tile_bg=\"0\" data-tile_count=\"2\" data-tile_style=\"0\" data-s=\"\" data-members_only=\"no\" data-ux_val=\"0\" data-show_limit_ajax=\"no\" data-show_limit_paged=\"1\" ><\/div><div class='clear'><\/div><\/div><div class='evcal_month_line'><p>Mar\u00e7o 2016<\/p><\/div><div id='evcal_list' class='eventon_events_list '><div id=\"event_4511\" class=\"eventon_list_event evo_eventtop past_event event\" data-event_id=\"4511\" data-time=\"1457222700-1457308500\" data-colr=\"#0092e0\" itemscope itemtype='http:\/\/schema.org\/Event' 1><div class=\"evo_event_schema\" style=\"display:none\" ><a itemprop='url'  href='https:\/\/www.federacao-triatlo.pt\/ftp2015\/events\/duatlo-do-cadaval-2\/'><\/a><span itemprop='name'  >Duatlo do Cadaval<\/span><meta itemprop='image'  ><\/meta><meta itemprop='description' content='Duatlo do Cadaval - Regulamento\r\n\r\nDuatlo do Cadaval - Percursos Campeonato Nacional\r\n\r\nDuatlo do Cadaval - Percursos Prova Aberta\r\n\r\nSL Duatlo do Cadaval (CN Clubes)\r\n\r\n' ><\/meta><meta itemprop='startDate' content='2016-3-6' ><\/meta><meta itemprop='endDate' content='2016-3-6' ><\/meta><meta itemprop='eventStatus' content='on-schedule' ><\/meta>\r\n\t\t\t\t\t\t\t\t\t<item style=\"display:none\" itemprop=\"location\" itemscope itemtype=\"http:\/\/schema.org\/Place\">\r\n\t\t\t\t\t\t\t\t\t\t<span itemprop=\"name\">Cadaval<\/span>\r\n\t\t\t\t\t\t\t\t\t\t<span itemprop=\"address\" itemscope itemtype=\"http:\/\/schema.org\/PostalAddress\">\r\n\t\t\t\t\t\t\t\t\t\t\t<item itemprop=\"streetAddress\">Cadaval<\/item>\r\n\t\t\t\t\t\t\t\t\t\t<\/span><\/item><script type=\"application\/ld+json\">{\t\"@context\": \"http:\/\/schema.org\",\r\n\t\t\t\t\t\t\t  \t\"@type\": \"Event\",\r\n\t\t\t\t\t\t\t  \t\"name\": \"Duatlo do Cadaval\",\r\n\t\t\t\t\t\t\t  \t\"startDate\": \"2016-3-6T00-00-05-00\",\r\n\t\t\t\t\t\t\t  \t\"endDate\": \"2016-3-6T23-23-55-00\",\r\n\t\t\t\t\t\t\t  \t\"image\":,\r\n\t\t\t\t\t\t\t  \t\"description\":\"Duatlo do Cadaval - Regulamento\r\n\r\nDuatlo do Cadaval - Percursos Campeonato Nacional\r\n\r\nDuatlo do Cadaval - Percursos Prova Aberta\r\n\r\nSL Duatlo do Cadaval (CN Clubes)\r\n\r\n\",\r\n\t\t\t\t\t\t\t  \t\"location\":{\r\n\t\t\t\t\t\t\t\t\t\t\"@type\":\"Place\",\r\n\t\t\t\t\t\t\t\t\t\t\"name\":\"Cadaval\",\r\n\t\t\t\t\t\t\t\t\t\t\"address\":\"Cadaval\"\r\n\t\t\t\t\t\t\t  \t\t}\r\n\t\t\t\t\t\t\t }\r\n\t\t\t\t\t\t\t<\/script><\/div>\r\n\t\t\t\t<p class=\"desc_trig_outter\"><a data-gmtrig=\"1\" data-exlk=\"0\" style=\"border-color: #0092e0;\" id=\"evc_14572227004511\" class=\"desc_trig evo_camp-nac evo_prova-aberta sin_val evcal_list_a\" data-ux_val=\"1\"  ><span class='evcal_cblock ' data-bgcolor='#0092e0' data-smon='Mar\u00e7o' data-syr='2016'><span class='evo_start '><em class='date'>06<\/em><em class='month'>mar<\/em><em class='time'>allday<\/em><\/span><span class='evo_end only_time'><em class='time'>allday<\/em><\/span><em class='clear'><\/em><\/span><span class='evcal_desc evo_info hide_eventtopdata ' data-latlng=\"39.239537,-9.101216\"  data-location_address=\"Cadaval\" data-location_type=\"lonlat\" data-location_name=\"Cadaval\" data-location_status=\"true\" ><span class='evo_above_title'><\/span><span class='evcal_desc2 evcal_event_title' itemprop='name'>Duatlo do Cadaval<\/span><span class='evo_below_title'><\/span><span class='evcal_desc_info' ><em class=\"evcal_location\" data-latlng=\"39.239537,-9.101216\"  data-add_str=\"\"><em class=\"event_location_name\">Cadaval<\/em><\/em><\/span><span class='evcal_desc3'><span class='evcal_event_types ett1'><em><i>Tipo de Evento:<\/i><\/em><em data-filter='event_type'>Camp. Nac.,<\/em><em data-filter='event_type'>Prova Aberta<\/em><i class='clear'><\/i><\/span><\/span><\/span><em class='clear'><\/em><\/p><\/a><div class='event_description evcal_eventcard ' style=\"display:none\"><div class='evo_metarow_details evorow evcal_evdata_row bordb evcal_event_details'>\r\n\t\t\t\t\t\t\t<div class=\"event_excerpt\" style=\"display:none\"><h3 class=\"padb5 evo_h3\">Detalhes do Evento<\/h3><p>Duatlo do Cadaval - Regulamento\r\n\r\nDuatlo do Cadaval - Percursos Campeonato Nacional\r\n\r\nDuatlo do Cadaval - Percursos Prova Aberta\r\n\r\nSL Duatlo do Cadaval (CN Clubes)\r\n\r\n<\/p><\/div><span class='evcal_evdata_icons'><i class='fa fa-align-justify'><\/i><\/span>\r\n\t\t\t\t\t\t\t\r\n\t\t\t\t\t\t\t<div class='evcal_evdata_cell '><div class='eventon_full_description'>\r\n\t\t\t\t\t\t\t\t\t<h3 class='padb5 evo_h3'><span class='evcal_evdata_icons'><i class='fa fa-align-justify'><\/i><\/span>Detalhes do Evento<\/h3><div class='eventon_desc_in' itemprop='description'>\r\n\t\t\t\t\t\t\t\t\t<p><a href=\"https:\/\/www.federacao-triatlo.pt\/ftp2015\/wp-content\/uploads\/2016\/01\/20160306-Duatlo-do-Cadaval-Regulamento-2.pdf\" rel=\"\">Duatlo do Cadaval &#8211; Regulamento<\/a><\/p>\n<p><a href=\"https:\/\/www.federacao-triatlo.pt\/ftp2015\/wp-content\/uploads\/2016\/01\/20160306-Duatlo-do-Cadaval-Percursos-CNC-v20160303.pdf\" rel=\"\">Duatlo do Cadaval &#8211; Percursos Campeonato Nacional<\/a><\/p>\n<p><a href=\"https:\/\/www.federacao-triatlo.pt\/ftp2015\/wp-content\/uploads\/2016\/01\/20160306-Duatlo-do-Cadaval-Percursos-Prova-Aberta-v20160303.pdf\" rel=\"\">Duatlo do Cadaval &#8211; Percursos Prova Aberta<\/a><\/p>\n<p><a href=\"https:\/\/www.federacao-triatlo.pt\/ftp2015\/wp-content\/uploads\/2016\/01\/SL-Duatlo-do-Cadaval-CN-Clubes-1.pdf\" rel=\"\">SL Duatlo do Cadaval (CN Clubes)<\/a><\/p>\n<p><a href=\"https:\/\/www.federacao-triatlo.pt\/ftp2015\/wp-content\/uploads\/2016\/01\/SL-Duatlo-do-Cadaval-Prova-Aberta.pdf\" rel=\"\">SL Duatlo do Cadaval (Prova Aberta)<\/a><\/p>\n<\/div><div class='clear'><\/div>\r\n\t\t\t\t\t\t\t\t<\/div>\r\n\t\t\t\t\t\t\t<\/div>\r\n\t\t\t\t\t\t<\/div><div class='evo_metarow_gmap evorow evcal_gmaps bordb ' id='evc145722270069f3d176f0eb34511_gmap' style='max-width:none'><\/div><div class='evo_metarow_getDr evorow evcal_evdata_row bordb evcal_evrow_sm getdirections'>\r\n\t\t\t\t\t\t<form action='https:\/\/maps.google.com\/maps' method='get' target='_blank'>\r\n\t\t\t\t\t\t<input type='hidden' name='daddr' value='Cadaval'\/> \r\n\t\t\t\t\t\t<p><input class='evoInput' type='text' name='saddr' placeholder='Escreva a morada' value=''\/>\r\n\t\t\t\t\t\t<button type='submit' class='evcal_evdata_icons evcalicon_9' title='Clique aqui para obter as dire\u00e7\u00f5es'><i class='fa fa-road'><\/i><\/button>\r\n\t\t\t\t\t\t<\/p><\/form>\r\n\t\t\t\t\t<\/div><div class='evo_metarow_time_location evorow bordb '>\r\n\t\t\t\t\t\t<div class='tb' >\r\n\t\t\t\t\t\t\t<div class='tbrow'>\r\n\t\t\t\t\t\t\t<div class='evcal_col50 bordr'>\r\n\t\t\t\t\t\t\t\t<div class='evcal_evdata_row evo_time'>\r\n\t\t\t\t\t\t\t\t\t<span class='evcal_evdata_icons'><i class='fa fa-clock-o'><\/i><\/span>\r\n\t\t\t\t\t\t\t\t\t<div class='evcal_evdata_cell'>\t\t\t\t\t\t\t\r\n\t\t\t\t\t\t\t\t\t\t<h3 class='evo_h3'><span class='evcal_evdata_icons'><i class='fa fa-clock-o'><\/i><\/span>Hor\u00e1rio<\/h3>\r\n\t\t\t\t\t\t\t\t\t\t<p>Todo o dia (Domingo)<\/p>\r\n\t\t\t\t\t\t\t\t\t<\/div>\r\n\t\t\t\t\t\t\t\t<\/div>\r\n\t\t\t\t\t\t\t<\/div><div class='evcal_col50'>\r\n\t\t\t\t\t\t\t\t<div class='evcal_evdata_row evo_location'>\r\n\t\t\t\t\t\t\t\t\t<span class='evcal_evdata_icons'><i class='fa fa-map-marker'><\/i><\/span>\r\n\t\t\t\t\t\t\t\t\t<div class='evcal_evdata_cell' data-loc_tax_id='43'>\t\t\t\t\t\t\t\r\n\t\t\t\t\t\t\t\t\t\t<h3 class='evo_h3'><span class='evcal_evdata_icons'><i class='fa fa-map-marker'><\/i><\/span>Localiza\u00e7\u00e3o<\/h3><p class='evo_location_name'>Cadaval<\/p><p>Cadaval<\/p>\r\n\t\t\t\t\t\t\t\t\t<\/div>\r\n\t\t\t\t\t\t\t\t<\/div>\r\n\t\t\t\t\t\t\t<\/div><div class='clear'><\/div>\r\n\t\t\t\t\t\t\t<\/div><\/div>\r\n\t\t\t\t\t\t<\/div><div class='evo_metarow_organizer evorow evcal_evdata_row bordb evcal_evrow_sm '>\r\n\t\t\t\t\t\t\t<span class='evcal_evdata_icons'><i class='fa fa-headphones'><\/i><\/span>\r\n\t\t\t\t\t\t\t<div class='evcal_evdata_cell'>\t\t\t\t\t\t\t\r\n\t\t\t\t\t\t\t\t<h3 class='evo_h3'>Evento organizado por<\/h3>\r\n\t\t\t\t\t\t\t\t\r\n\t\t\t\t\t\t\t\t<div class='evo_card_organizer'><p class='evo_data_val evo_card_organizer_name'>\r\n\t\t\t\t\t\t\t\t\t<span class='evo_card_organizer_name_t'><a  href='https:\/\/www.federacao-triatlo.pt\/ftp2015'>FTP<\/a><\/span><span class='evo_card_organizer_contact'>secretaria@federacao-triatlo.pt<\/span>\r\n\t\t\t\t\t\t\t\t\t\r\n\t\t\t\t\t\t\t\t\t<\/p><\/div><div class='clear'><\/div>\t\t\t\t\t\t\t\r\n\t\t\t\t\t\t\t<\/div>\r\n\t\t\t\t\t\t<\/div>\t\t\t\t\t\t<div class='evo_metarow_ICS evorow bordb evcal_evdata_row'>\r\n\t\t\t\t\t\t\t<span class=\"evcal_evdata_icons\"><i class=\"fa fa-calendar\"><\/i><\/span>\r\n\t\t\t\t\t\t\t<div class='evcal_evdata_cell'>\r\n\t\t\t\t\t\t\t\t<p><a href='https:\/\/www.federacao-triatlo.pt\/ftp2015\/wp-admin\/admin-ajax.php?action=eventon_ics_download&amp;event_id=4511&amp;sunix=20160305T230500Z&amp;eunix=20160306T225500Z&amp;loca=Cadaval&amp;locn=Cadaval' class='evo_ics_nCal' title='Adicionar ao seu calend\u00e1rio'>Calend\u00e1rio<\/a><a href='\/\/www.google.com\/calendar\/event?action=TEMPLATE&amp;text=Duatlo+do+Cadaval&amp;dates=20160305T230500Z\/20160306T225500Z&amp;details=Duatlo+do+Cadaval+-+Regulamento%0D%0A%0D%0ADuatlo+do+Cadaval+-+Percursos+Campeonato+Nacional%0D%0A%0D%0ADuatlo+do+Cadaval+-+Percursos+Prova+Aberta%0D%0A%0D%0ASL+Duatlo+do+Cadaval+%28CN+Clubes%29%0D%0A%0D%0A&amp;location=Cadaval - Cadaval' target='_blank' class='evo_ics_gCal' title='Adicionar ao calend\u00e1rio Google'>GoogleCal<\/a><\/p>\t\r\n\t\t\t\t\t\t\t<\/div>\t\t\t\t\t\t<\/div>\r\n\t\t\t\t\t\t<\/div><div class='clear end'><\/div><\/div><div id=\"event_4512\" class=\"eventon_list_event evo_eventtop past_event event\" data-event_id=\"4512\" data-time=\"1457222700-1457308500\" data-colr=\"#0092e0\" itemscope itemtype='http:\/\/schema.org\/Event' 2><div class=\"evo_event_schema\" style=\"display:none\" ><a itemprop='url'  href='https:\/\/www.federacao-triatlo.pt\/ftp2015\/events\/duatlo-de-famalicao-2\/'><\/a><span itemprop='name'  >Duatlo de Famalic\u00e3o<\/span><meta itemprop='image'  ><\/meta><meta itemprop='description' content='Duatlo de Famalic\u00e3o - Regulamento\r\n\r\nDuatlo de Famalic\u00e3o - Percursos' ><\/meta><meta itemprop='startDate' content='2016-3-6' ><\/meta><meta itemprop='endDate' content='2016-3-6' ><\/meta><meta itemprop='eventStatus' content='on-schedule' ><\/meta>\r\n\t\t\t\t\t\t\t\t\t<item style=\"display:none\" itemprop=\"location\" itemscope itemtype=\"http:\/\/schema.org\/Place\">\r\n\t\t\t\t\t\t\t\t\t\t<span itemprop=\"name\">Famalic\u00e3o<\/span>\r\n\t\t\t\t\t\t\t\t\t\t<span itemprop=\"address\" itemscope itemtype=\"http:\/\/schema.org\/PostalAddress\">\r\n\t\t\t\t\t\t\t\t\t\t\t<item itemprop=\"streetAddress\">Famalic\u00e3o<\/item>\r\n\t\t\t\t\t\t\t\t\t\t<\/span><\/item><script type=\"application\/ld+json\">{\t\"@context\": \"http:\/\/schema.org\",\r\n\t\t\t\t\t\t\t  \t\"@type\": \"Event\",\r\n\t\t\t\t\t\t\t  \t\"name\": \"Duatlo de Famalic\u00e3o\",\r\n\t\t\t\t\t\t\t  \t\"startDate\": \"2016-3-6T00-00-05-00\",\r\n\t\t\t\t\t\t\t  \t\"endDate\": \"2016-3-6T23-23-55-00\",\r\n\t\t\t\t\t\t\t  \t\"image\":,\r\n\t\t\t\t\t\t\t  \t\"description\":\"Duatlo de Famalic\u00e3o - Regulamento\r\n\r\nDuatlo de Famalic\u00e3o - Percursos\",\r\n\t\t\t\t\t\t\t  \t\"location\":{\r\n\t\t\t\t\t\t\t\t\t\t\"@type\":\"Place\",\r\n\t\t\t\t\t\t\t\t\t\t\"name\":\"Famalic\u00e3o\",\r\n\t\t\t\t\t\t\t\t\t\t\"address\":\"Famalic\u00e3o\"\r\n\t\t\t\t\t\t\t  \t\t}\r\n\t\t\t\t\t\t\t }\r\n\t\t\t\t\t\t\t<\/script><\/div>\r\n\t\t\t\t<p class=\"desc_trig_outter\"><a data-gmtrig=\"1\" data-exlk=\"0\" style=\"border-color: #0092e0;\" id=\"evc_14572227004512\" class=\"desc_trig evo_circuito-regional sin_val evcal_list_a\" data-ux_val=\"1\"  ><span class='evcal_cblock ' data-bgcolor='#0092e0' data-smon='Mar\u00e7o' data-syr='2016'><span class='evo_start '><em class='date'>06<\/em><em class='month'>mar<\/em><em class='time'>allday<\/em><\/span><span class='evo_end only_time'><em class='time'>allday<\/em><\/span><em class='clear'><\/em><\/span><span class='evcal_desc evo_info hide_eventtopdata ' data-latlng=\"41\u00b0 24,-8\u00b0 30\"  data-location_address=\"Famalic\u00e3o\" data-location_type=\"lonlat\" data-location_name=\"Famalic\u00e3o\" data-location_status=\"true\" ><span class='evo_above_title'><\/span><span class='evcal_desc2 evcal_event_title' itemprop='name'>Duatlo de Famalic\u00e3o<\/span><span class='evo_below_title'><\/span><span class='evcal_desc_info' ><em class=\"evcal_location\" data-latlng=\"41\u00b0 24,-8\u00b0 30\"  data-add_str=\"\"><em class=\"event_location_name\">Famalic\u00e3o<\/em><\/em><\/span><span class='evcal_desc3'><span class='evcal_event_types ett1'><em><i>Tipo de Evento:<\/i><\/em><em data-filter='event_type'>Circuito Regional<\/em><i class='clear'><\/i><\/span><\/span><\/span><em class='clear'><\/em><\/p><\/a><div class='event_description evcal_eventcard ' style=\"display:none\"><div class='evo_metarow_details evorow evcal_evdata_row bordb evcal_event_details'>\r\n\t\t\t\t\t\t\t<div class=\"event_excerpt\" style=\"display:none\"><h3 class=\"padb5 evo_h3\">Detalhes do Evento<\/h3><p>Duatlo de Famalic\u00e3o - Regulamento\r\n\r\nDuatlo de Famalic\u00e3o - Percursos<\/p><\/div><span class='evcal_evdata_icons'><i class='fa fa-align-justify'><\/i><\/span>\r\n\t\t\t\t\t\t\t\r\n\t\t\t\t\t\t\t<div class='evcal_evdata_cell '><div class='eventon_full_description'>\r\n\t\t\t\t\t\t\t\t\t<h3 class='padb5 evo_h3'><span class='evcal_evdata_icons'><i class='fa fa-align-justify'><\/i><\/span>Detalhes do Evento<\/h3><div class='eventon_desc_in' itemprop='description'>\r\n\t\t\t\t\t\t\t\t\t<p><a href=\"https:\/\/www.federacao-triatlo.pt\/ftp2015\/wp-content\/uploads\/2016\/01\/20160306-Duatlo-de-Famalic\u00e3o-Regulamento-v20160107-1.pdf\" rel=\"\">Duatlo de Famalic\u00e3o &#8211; Regulamento<\/a><\/p>\n<p><a href=\"https:\/\/www.federacao-triatlo.pt\/ftp2015\/wp-content\/uploads\/2016\/01\/20160306-Duatlo-de-Famalic\u00e3o-Percursos-v2015.pdf\" rel=\"\">Duatlo de Famalic\u00e3o &#8211; Percursos<\/a><\/p>\n<\/div><div class='clear'><\/div>\r\n\t\t\t\t\t\t\t\t<\/div>\r\n\t\t\t\t\t\t\t<\/div>\r\n\t\t\t\t\t\t<\/div><div class='evo_metarow_gmap evorow evcal_gmaps bordb ' id='evc145722270069f3d176f16c74512_gmap' style='max-width:none'><\/div><div class='evo_metarow_getDr evorow evcal_evdata_row bordb evcal_evrow_sm getdirections'>\r\n\t\t\t\t\t\t<form action='https:\/\/maps.google.com\/maps' method='get' target='_blank'>\r\n\t\t\t\t\t\t<input type='hidden' name='daddr' value='Famalic\u00e3o'\/> \r\n\t\t\t\t\t\t<p><input class='evoInput' type='text' name='saddr' placeholder='Escreva a morada' value=''\/>\r\n\t\t\t\t\t\t<button type='submit' class='evcal_evdata_icons evcalicon_9' title='Clique aqui para obter as dire\u00e7\u00f5es'><i class='fa fa-road'><\/i><\/button>\r\n\t\t\t\t\t\t<\/p><\/form>\r\n\t\t\t\t\t<\/div><div class='evo_metarow_time_location evorow bordb '>\r\n\t\t\t\t\t\t<div class='tb' >\r\n\t\t\t\t\t\t\t<div class='tbrow'>\r\n\t\t\t\t\t\t\t<div class='evcal_col50 bordr'>\r\n\t\t\t\t\t\t\t\t<div class='evcal_evdata_row evo_time'>\r\n\t\t\t\t\t\t\t\t\t<span class='evcal_evdata_icons'><i class='fa fa-clock-o'><\/i><\/span>\r\n\t\t\t\t\t\t\t\t\t<div class='evcal_evdata_cell'>\t\t\t\t\t\t\t\r\n\t\t\t\t\t\t\t\t\t\t<h3 class='evo_h3'><span class='evcal_evdata_icons'><i class='fa fa-clock-o'><\/i><\/span>Hor\u00e1rio<\/h3>\r\n\t\t\t\t\t\t\t\t\t\t<p>Todo o dia (Domingo)<\/p>\r\n\t\t\t\t\t\t\t\t\t<\/div>\r\n\t\t\t\t\t\t\t\t<\/div>\r\n\t\t\t\t\t\t\t<\/div><div class='evcal_col50'>\r\n\t\t\t\t\t\t\t\t<div class='evcal_evdata_row evo_location'>\r\n\t\t\t\t\t\t\t\t\t<span class='evcal_evdata_icons'><i class='fa fa-map-marker'><\/i><\/span>\r\n\t\t\t\t\t\t\t\t\t<div class='evcal_evdata_cell' data-loc_tax_id='118'>\t\t\t\t\t\t\t\r\n\t\t\t\t\t\t\t\t\t\t<h3 class='evo_h3'><span class='evcal_evdata_icons'><i class='fa fa-map-marker'><\/i><\/span>Localiza\u00e7\u00e3o<\/h3><p class='evo_location_name'>Famalic\u00e3o<\/p><p>Famalic\u00e3o<\/p>\r\n\t\t\t\t\t\t\t\t\t<\/div>\r\n\t\t\t\t\t\t\t\t<\/div>\r\n\t\t\t\t\t\t\t<\/div><div class='clear'><\/div>\r\n\t\t\t\t\t\t\t<\/div><\/div>\r\n\t\t\t\t\t\t<\/div><div class='evo_metarow_organizer evorow evcal_evdata_row bordb evcal_evrow_sm '>\r\n\t\t\t\t\t\t\t<span class='evcal_evdata_icons'><i class='fa fa-headphones'><\/i><\/span>\r\n\t\t\t\t\t\t\t<div class='evcal_evdata_cell'>\t\t\t\t\t\t\t\r\n\t\t\t\t\t\t\t\t<h3 class='evo_h3'>Evento organizado por<\/h3>\r\n\t\t\t\t\t\t\t\t\r\n\t\t\t\t\t\t\t\t<div class='evo_card_organizer'><p class='evo_data_val evo_card_organizer_name'>\r\n\t\t\t\t\t\t\t\t\t<span class='evo_card_organizer_name_t'><a  href='https:\/\/www.federacao-triatlo.pt\/ftp2015'>FTP<\/a><\/span><span class='evo_card_organizer_contact'>secretaria@federacao-triatlo.pt<\/span>\r\n\t\t\t\t\t\t\t\t\t\r\n\t\t\t\t\t\t\t\t\t<\/p><\/div><div class='clear'><\/div>\t\t\t\t\t\t\t\r\n\t\t\t\t\t\t\t<\/div>\r\n\t\t\t\t\t\t<\/div>\t\t\t\t\t\t<div class='evo_metarow_ICS evorow bordb evcal_evdata_row'>\r\n\t\t\t\t\t\t\t<span class=\"evcal_evdata_icons\"><i class=\"fa fa-calendar\"><\/i><\/span>\r\n\t\t\t\t\t\t\t<div class='evcal_evdata_cell'>\r\n\t\t\t\t\t\t\t\t<p><a href='https:\/\/www.federacao-triatlo.pt\/ftp2015\/wp-admin\/admin-ajax.php?action=eventon_ics_download&amp;event_id=4512&amp;sunix=20160305T230500Z&amp;eunix=20160306T225500Z&amp;loca=Famalic\u00e3o&amp;locn=Famalic\u00e3o' class='evo_ics_nCal' title='Adicionar ao seu calend\u00e1rio'>Calend\u00e1rio<\/a><a href='\/\/www.google.com\/calendar\/event?action=TEMPLATE&amp;text=Duatlo+de+Famalic%C3%A3o&amp;dates=20160305T230500Z\/20160306T225500Z&amp;details=Duatlo+de+Famalic%C3%A3o+-+Regulamento%0D%0A%0D%0ADuatlo+de+Famalic%C3%A3o+-+Percursos&amp;location=Famalic%C3%A3o - Famalic%C3%A3o' target='_blank' class='evo_ics_gCal' title='Adicionar ao calend\u00e1rio Google'>GoogleCal<\/a><\/p>\t\r\n\t\t\t\t\t\t\t<\/div>\t\t\t\t\t\t<\/div>\r\n\t\t\t\t\t\t<\/div><div class='clear end'><\/div><\/div><div id=\"event_4513\" class=\"eventon_list_event evo_eventtop past_event event\" data-event_id=\"4513\" data-time=\"1457740800-1457827200\" data-colr=\"#3feb21\" itemscope itemtype='http:\/\/schema.org\/Event' 3><div class=\"evo_event_schema\" style=\"display:none\" ><a itemprop='url'  href='https:\/\/www.federacao-triatlo.pt\/ftp2015\/events\/triatlo-de-vila-real-de-santo-antonio\/'><\/a><span itemprop='name'  >Triatlo de Vila Real de Santo Ant\u00f3nio<\/span><meta itemprop='image' content='https:\/\/www.federacao-triatlo.pt\/ftp2015\/wp-content\/uploads\/2016\/01\/Triatlo2016_Poster-212x300.jpg' ><\/meta><meta itemprop='description' content='Devido ao grande n\u00famero de participantes, para salvaguardar a seguran\u00e7a dos atletas, procederam-se a algumas altera\u00e7\u00f5es tanto no Regulamento como nos Percursos do Campeonato Nacional.\r\n\r\nObrigado pela compreens\u00e3o.\r\n\r\n10 de Mar\u00e7o de' ><\/meta><meta itemprop='startDate' content='2016-3-12' ><\/meta><meta itemprop='endDate' content='2016-3-13' ><\/meta><meta itemprop='eventStatus' content='on-schedule' ><\/meta>\r\n\t\t\t\t\t\t\t\t\t<item style=\"display:none\" itemprop=\"location\" itemscope itemtype=\"http:\/\/schema.org\/Place\">\r\n\t\t\t\t\t\t\t\t\t\t<span itemprop=\"name\">Vila Real de Santo Ant\u00f3nio<\/span>\r\n\t\t\t\t\t\t\t\t\t\t<span itemprop=\"address\" itemscope itemtype=\"http:\/\/schema.org\/PostalAddress\">\r\n\t\t\t\t\t\t\t\t\t\t\t<item itemprop=\"streetAddress\">Vila Real de Santo Ant\u00f3nio<\/item>\r\n\t\t\t\t\t\t\t\t\t\t<\/span><\/item><script type=\"application\/ld+json\">{\t\"@context\": \"http:\/\/schema.org\",\r\n\t\t\t\t\t\t\t  \t\"@type\": \"Event\",\r\n\t\t\t\t\t\t\t  \t\"name\": \"Triatlo de Vila Real de Santo Ant\u00f3nio\",\r\n\t\t\t\t\t\t\t  \t\"startDate\": \"2016-3-12T00-00-00-00\",\r\n\t\t\t\t\t\t\t  \t\"endDate\": \"2016-3-13T00-00-00-00\",\r\n\t\t\t\t\t\t\t  \t\"image\":\"https:\/\/www.federacao-triatlo.pt\/ftp2015\/wp-content\/uploads\/2016\/01\/Triatlo2016_Poster-212x300.jpg\",\r\n\t\t\t\t\t\t\t  \t\"description\":\"Devido ao grande n\u00famero de participantes, para salvaguardar a seguran\u00e7a dos atletas, procederam-se a algumas altera\u00e7\u00f5es tanto no Regulamento como nos Percursos do Campeonato Nacional.\r\n\r\nObrigado pela compreens\u00e3o.\r\n\r\n10 de Mar\u00e7o de\",\r\n\t\t\t\t\t\t\t  \t\"location\":{\r\n\t\t\t\t\t\t\t\t\t\t\"@type\":\"Place\",\r\n\t\t\t\t\t\t\t\t\t\t\"name\":\"Vila Real de Santo Ant\u00f3nio\",\r\n\t\t\t\t\t\t\t\t\t\t\"address\":\"Vila Real de Santo Ant\u00f3nio\"\r\n\t\t\t\t\t\t\t  \t\t}\r\n\t\t\t\t\t\t\t }\r\n\t\t\t\t\t\t\t<\/script><\/div>\r\n\t\t\t\t<p class=\"desc_trig_outter\"><a data-gmtrig=\"1\" data-exlk=\"0\" style=\"border-color: #3feb21;\" id=\"evc_14577408004513\" class=\"desc_trig evo_camp-nac evo_camp-nac-jovem evo_prova-aberta mul_val evcal_list_a\" data-ux_val=\"1\"  ><span class='evcal_cblock ' data-bgcolor='#3feb21' data-smon='Mar\u00e7o' data-syr='2016'><span class='evo_start '><em class='date'>12<\/em><em class='month'>mar<\/em><em class='time'><i t=\"y\">(mar 12)<\/i>0:00<\/em><\/span><span class='evo_end '><em class='date'>13<\/em><em class='time'><i t=\"y\">(mar 13)<\/i>0:00<\/em><\/span><em class='clear'><\/em><\/span><span class='evcal_desc evo_info hide_eventtopdata ' data-latlng=\"37.179182,-7.448195\"  data-location_address=\"Vila Real de Santo Ant\u00f3nio\" data-location_type=\"lonlat\" data-location_name=\"Vila Real de Santo Ant\u00f3nio\" data-location_status=\"true\" ><span class='evo_above_title'><\/span><span class='evcal_desc2 evcal_event_title' itemprop='name'>Triatlo de Vila Real de Santo Ant\u00f3nio<\/span><span class='evo_below_title'><\/span><span class='evcal_desc_info' ><em class=\"evcal_location\" data-latlng=\"37.179182,-7.448195\"  data-add_str=\"\"><em class=\"event_location_name\">Vila Real de Santo Ant\u00f3nio<\/em><\/em><\/span><span class='evcal_desc3'><span class='evcal_event_types ett1'><em><i>Tipo de Evento:<\/i><\/em><em data-filter='event_type'>Camp. Nac.,<\/em><em data-filter='event_type'>Camp. Nac. Jovem,<\/em><em data-filter='event_type'>Prova Aberta<\/em><i class='clear'><\/i><\/span><\/span><\/span><em class='clear'><\/em><\/p><\/a><div class='event_description evcal_eventcard ' style=\"display:none\"><div class='evo_metarow_directimg'><img src='https:\/\/www.federacao-triatlo.pt\/ftp2015\/wp-content\/uploads\/2016\/01\/Triatlo2016_Poster.jpg' \/><\/div><div class='evo_metarow_details evorow evcal_evdata_row bordb evcal_event_details'>\r\n\t\t\t\t\t\t\t<div class=\"event_excerpt\" style=\"display:none\"><h3 class=\"padb5 evo_h3\">Detalhes do Evento<\/h3><p>Devido ao grande n\u00famero de participantes, para salvaguardar a seguran\u00e7a dos atletas, procederam-se a algumas altera\u00e7\u00f5es tanto no Regulamento como nos Percursos do Campeonato Nacional.\r\n\r\nObrigado pela compreens\u00e3o.\r\n\r\n10 de Mar\u00e7o de<\/p><\/div><span class='evcal_evdata_icons'><i class='fa fa-align-justify'><\/i><\/span>\r\n\t\t\t\t\t\t\t\r\n\t\t\t\t\t\t\t<div class='evcal_evdata_cell '><div class='eventon_full_description'>\r\n\t\t\t\t\t\t\t\t\t<h3 class='padb5 evo_h3'><span class='evcal_evdata_icons'><i class='fa fa-align-justify'><\/i><\/span>Detalhes do Evento<\/h3><div class='eventon_desc_in' itemprop='description'>\r\n\t\t\t\t\t\t\t\t\t<p>Devido ao grande n\u00famero de participantes, para salvaguardar a seguran\u00e7a dos atletas, procederam-se a algumas altera\u00e7\u00f5es tanto no Regulamento como nos Percursos do Campeonato Nacional.<\/p>\n<p>Obrigado pela compreens\u00e3o.<\/p>\n<p>10 de Mar\u00e7o de 2016<\/p>\n<p><a href=\"https:\/\/www.federacao-triatlo.pt\/ftp2015\/wp-content\/uploads\/2016\/01\/20160312-e-13-Triatlo-de-VRSA-Regulamento-4.pdf\" rel=\"\">Triatlo de VRSA &#8211; Regulamento<\/a><\/p>\n<p><a href=\"https:\/\/www.federacao-triatlo.pt\/ftp2015\/wp-content\/uploads\/2016\/01\/20160312-e-13-Triatlo-de-VRSA-Percursos-CNC-2.pdf\" rel=\"\">Triatlo de VRSA &#8211; Percursos CN<\/a><\/p>\n<p><a href=\"https:\/\/www.federacao-triatlo.pt\/ftp2015\/wp-content\/uploads\/2016\/01\/20160312-e-13-Triatlo-de-VRSA-Percursos-CN-Jovem-2.pdf\" rel=\"\">Triatlo de VRSA &#8211; Percursos CN Jovem<\/a><\/p>\n<p><a href=\"https:\/\/www.federacao-triatlo.pt\/ftp2015\/wp-content\/uploads\/2016\/01\/20160312-e-13-Triatlo-de-VRSA-Percursos-Prova-Aberta-2.pdf\" rel=\"\">Triatlo de VRSA &#8211; Percursos Prova Aberta<\/a><\/p>\n<p><a href=\"https:\/\/www.federacao-triatlo.pt\/ftp2015\/wp-content\/uploads\/2016\/01\/SL-Duatlo-de-Vila-Real-de-Santo-Ant\u00f3nio-CN-Jovem.pdf\" rel=\"\">SL Duatlo de Vila Real de Santo Ant\u00f3nio (CN Jovem)<\/a><\/p>\n<p><a href=\"https:\/\/www.federacao-triatlo.pt\/ftp2015\/wp-content\/uploads\/2016\/01\/SL-Duatlo-de-Vila-Real-de-Santo-Ant\u00f3nio-Prova-Aberta.pdf\" rel=\"\">SL Duatlo de Vila Real de Santo Ant\u00f3nio (Prova Aberta)<\/a><\/p>\n<\/div><div class='clear'><\/div>\r\n\t\t\t\t\t\t\t\t<\/div>\r\n\t\t\t\t\t\t\t<\/div>\r\n\t\t\t\t\t\t<\/div><div class='evo_metarow_gmap evorow evcal_gmaps bordb ' id='evc145774080069f3d176f1e444513_gmap' style='max-width:none'><\/div><div class='evo_metarow_getDr evorow evcal_evdata_row bordb evcal_evrow_sm getdirections'>\r\n\t\t\t\t\t\t<form action='https:\/\/maps.google.com\/maps' method='get' target='_blank'>\r\n\t\t\t\t\t\t<input type='hidden' name='daddr' value='Vila Real de Santo Ant\u00f3nio'\/> \r\n\t\t\t\t\t\t<p><input class='evoInput' type='text' name='saddr' placeholder='Escreva a morada' value=''\/>\r\n\t\t\t\t\t\t<button type='submit' class='evcal_evdata_icons evcalicon_9' title='Clique aqui para obter as dire\u00e7\u00f5es'><i class='fa fa-road'><\/i><\/button>\r\n\t\t\t\t\t\t<\/p><\/form>\r\n\t\t\t\t\t<\/div><div class='evo_metarow_time_location evorow bordb '>\r\n\t\t\t\t\t\t<div class='tb' >\r\n\t\t\t\t\t\t\t<div class='tbrow'>\r\n\t\t\t\t\t\t\t<div class='evcal_col50 bordr'>\r\n\t\t\t\t\t\t\t\t<div class='evcal_evdata_row evo_time'>\r\n\t\t\t\t\t\t\t\t\t<span class='evcal_evdata_icons'><i class='fa fa-clock-o'><\/i><\/span>\r\n\t\t\t\t\t\t\t\t\t<div class='evcal_evdata_cell'>\t\t\t\t\t\t\t\r\n\t\t\t\t\t\t\t\t\t\t<h3 class='evo_h3'><span class='evcal_evdata_icons'><i class='fa fa-clock-o'><\/i><\/span>Hor\u00e1rio<\/h3>\r\n\t\t\t\t\t\t\t\t\t\t<p>12 (S\u00e1bado) 0:00 - 13 (Domingo) 0:00<\/p>\r\n\t\t\t\t\t\t\t\t\t<\/div>\r\n\t\t\t\t\t\t\t\t<\/div>\r\n\t\t\t\t\t\t\t<\/div><div class='evcal_col50'>\r\n\t\t\t\t\t\t\t\t<div class='evcal_evdata_row evo_location'>\r\n\t\t\t\t\t\t\t\t\t<span class='evcal_evdata_icons'><i class='fa fa-map-marker'><\/i><\/span>\r\n\t\t\t\t\t\t\t\t\t<div class='evcal_evdata_cell' data-loc_tax_id='42'>\t\t\t\t\t\t\t\r\n\t\t\t\t\t\t\t\t\t\t<h3 class='evo_h3'><span class='evcal_evdata_icons'><i class='fa fa-map-marker'><\/i><\/span>Localiza\u00e7\u00e3o<\/h3><p class='evo_location_name'>Vila Real de Santo Ant\u00f3nio<\/p><p>Vila Real de Santo Ant\u00f3nio<\/p>\r\n\t\t\t\t\t\t\t\t\t<\/div>\r\n\t\t\t\t\t\t\t\t<\/div>\r\n\t\t\t\t\t\t\t<\/div><div class='clear'><\/div>\r\n\t\t\t\t\t\t\t<\/div><\/div>\r\n\t\t\t\t\t\t<\/div><div class='evo_metarow_organizer evorow evcal_evdata_row bordb evcal_evrow_sm '>\r\n\t\t\t\t\t\t\t<span class='evcal_evdata_icons'><i class='fa fa-headphones'><\/i><\/span>\r\n\t\t\t\t\t\t\t<div class='evcal_evdata_cell'>\t\t\t\t\t\t\t\r\n\t\t\t\t\t\t\t\t<h3 class='evo_h3'>Evento organizado por<\/h3>\r\n\t\t\t\t\t\t\t\t\r\n\t\t\t\t\t\t\t\t<div class='evo_card_organizer'><p class='evo_data_val evo_card_organizer_name'>\r\n\t\t\t\t\t\t\t\t\t<span class='evo_card_organizer_name_t'><a  href='https:\/\/www.federacao-triatlo.pt\/ftp2015'>FTP<\/a><\/span><span class='evo_card_organizer_contact'>secretaria@federacao-triatlo.pt<\/span>\r\n\t\t\t\t\t\t\t\t\t\r\n\t\t\t\t\t\t\t\t\t<\/p><\/div><div class='clear'><\/div>\t\t\t\t\t\t\t\r\n\t\t\t\t\t\t\t<\/div>\r\n\t\t\t\t\t\t<\/div>\t\t\t\t\t\t<div class='evo_metarow_ICS evorow bordb evcal_evdata_row'>\r\n\t\t\t\t\t\t\t<span class=\"evcal_evdata_icons\"><i class=\"fa fa-calendar\"><\/i><\/span>\r\n\t\t\t\t\t\t\t<div class='evcal_evdata_cell'>\r\n\t\t\t\t\t\t\t\t<p><a href='https:\/\/www.federacao-triatlo.pt\/ftp2015\/wp-admin\/admin-ajax.php?action=eventon_ics_download&amp;event_id=4513&amp;sunix=20160311T230000Z&amp;eunix=20160312T230000Z&amp;loca=Vila Real de Santo Ant\u00f3nio&amp;locn=Vila Real de Santo Ant\u00f3nio' class='evo_ics_nCal' title='Adicionar ao seu calend\u00e1rio'>Calend\u00e1rio<\/a><a href='\/\/www.google.com\/calendar\/event?action=TEMPLATE&amp;text=Triatlo+de+Vila+Real+de+Santo+Ant%C3%B3nio&amp;dates=20160311T230000Z\/20160312T230000Z&amp;details=Devido+ao+grande+n%C3%BAmero+de+participantes%2C+para+salvaguardar+a+seguran%C3%A7a+dos+atletas%2C+procederam-se+a+algumas+altera%C3%A7%C3%B5es+tanto+no+Regulamento+como+nos+Percursos+do+Campeonato+Nacional.%0D%0A%0D%0AObrigado+pela+compreens%C3%A3o.%0D%0A%0D%0A10+de+Mar%C3%A7o+de&amp;location=Vila+Real+de+Santo+Ant%C3%B3nio - Vila+Real+de+Santo+Ant%C3%B3nio' target='_blank' class='evo_ics_gCal' title='Adicionar ao calend\u00e1rio Google'>GoogleCal<\/a><\/p>\t\r\n\t\t\t\t\t\t\t<\/div>\t\t\t\t\t\t<\/div>\r\n\t\t\t\t\t\t<\/div><div class='clear end'><\/div><\/div><div id=\"event_7339\" class=\"eventon_list_event evo_eventtop past_event event\" data-event_id=\"7339\" data-time=\"1457741100-1457826900\" data-colr=\"#0092e0\" itemscope itemtype='http:\/\/schema.org\/Event' 4><div class=\"evo_event_schema\" style=\"display:none\" ><a itemprop='url'  href='https:\/\/www.federacao-triatlo.pt\/ftp2015\/events\/i-duatlo-vila-de-lalim-lamego-promocao\/'><\/a><span itemprop='name'  >I Duatlo Vila de Lalim - Lamego - Promo\u00e7\u00e3o<\/span><meta itemprop='image' content='https:\/\/www.federacao-triatlo.pt\/ftp2015\/wp-content\/uploads\/2016\/03\/Cartaz-Duatlo-Lalim-212x300.jpg' ><\/meta><meta itemprop='description' content='O\u00a0I Duatlo Vila de Lalim - Lamego \u00e9 uma prova de promo\u00e7\u00e3o e ter\u00e1 lugar no dia 12 de Mar\u00e7o de 2016\r\n\r\nPercursos: https:\/\/www.google.pt\/maps\/@41.0407296,-7.8269786,2765m\/data=!3m1!1e3!4m2!6m1!1szq8dVeeQGy3A.kYm50D-640Uk\r\n\r\n2016_03_12 Reg I Duatlo de Lalim_Promo\u00e7\u00e3o\r\n\r\nMais' ><\/meta><meta itemprop='startDate' content='2016-3-12' ><\/meta><meta itemprop='endDate' content='2016-3-12' ><\/meta><meta itemprop='eventStatus' content='on-schedule' ><\/meta><script type=\"application\/ld+json\">{\t\"@context\": \"http:\/\/schema.org\",\r\n\t\t\t\t\t\t\t  \t\"@type\": \"Event\",\r\n\t\t\t\t\t\t\t  \t\"name\": \"I Duatlo Vila de Lalim - Lamego - Promo\u00e7\u00e3o\",\r\n\t\t\t\t\t\t\t  \t\"startDate\": \"2016-3-12T00-00-05-00\",\r\n\t\t\t\t\t\t\t  \t\"endDate\": \"2016-3-12T23-23-55-00\",\r\n\t\t\t\t\t\t\t  \t\"image\":\"https:\/\/www.federacao-triatlo.pt\/ftp2015\/wp-content\/uploads\/2016\/03\/Cartaz-Duatlo-Lalim-212x300.jpg\",\r\n\t\t\t\t\t\t\t  \t\"description\":\"O\u00a0I Duatlo Vila de Lalim - Lamego \u00e9 uma prova de promo\u00e7\u00e3o e ter\u00e1 lugar no dia 12 de Mar\u00e7o de 2016\r\n\r\nPercursos: https:\/\/www.google.pt\/maps\/@41.0407296,-7.8269786,2765m\/data=!3m1!1e3!4m2!6m1!1szq8dVeeQGy3A.kYm50D-640Uk\r\n\r\n2016_03_12 Reg I Duatlo de Lalim_Promo\u00e7\u00e3o\r\n\r\nMais\",\r\n\t\t\t\t\t\t\t  \t\r\n\t\t\t\t\t\t\t }\r\n\t\t\t\t\t\t\t<\/script><\/div>\r\n\t\t\t\t<p class=\"desc_trig_outter\"><a data-gmap_status=\"null\" data-gmtrig=\"1\" data-exlk=\"0\" style=\"border-color: #0092e0;\" id=\"evc_14577411007339\" class=\"desc_trig evo_prova-aberta sin_val evcal_list_a\" data-ux_val=\"1\"  ><span class='evcal_cblock ' data-bgcolor='#0092e0' data-smon='Mar\u00e7o' data-syr='2016'><span class='evo_start '><em class='date'>12<\/em><em class='month'>mar<\/em><em class='time'>allday<\/em><\/span><span class='evo_end only_time'><em class='time'>allday<\/em><\/span><em class='clear'><\/em><\/span><span class='evcal_desc evo_info hide_eventtopdata '  data-location_status=\"false\" ><span class='evo_above_title'><\/span><span class='evcal_desc2 evcal_event_title' itemprop='name'>I Duatlo Vila de Lalim - Lamego - Promo\u00e7\u00e3o<\/span><span class='evo_below_title'><\/span><span class='evcal_desc_info' ><\/span><span class='evcal_desc3'><span class='evcal_event_types ett1'><em><i>Tipo de Evento:<\/i><\/em><em data-filter='event_type'>Prova Aberta<\/em><i class='clear'><\/i><\/span><\/span><\/span><em class='clear'><\/em><\/p><\/a><div class='event_description evcal_eventcard ' style=\"display:none\"><div class='evo_metarow_directimg'><img src='https:\/\/www.federacao-triatlo.pt\/ftp2015\/wp-content\/uploads\/2016\/03\/Cartaz-Duatlo-Lalim.jpg' \/><\/div><div class='evo_metarow_details evorow evcal_evdata_row bordb evcal_event_details'>\r\n\t\t\t\t\t\t\t<div class=\"event_excerpt\" style=\"display:none\"><h3 class=\"padb5 evo_h3\">Detalhes do Evento<\/h3><p>O\u00a0I Duatlo Vila de Lalim - Lamego \u00e9 uma prova de promo\u00e7\u00e3o e ter\u00e1 lugar no dia 12 de Mar\u00e7o de 2016\r\n\r\nPercursos: https:\/\/www.google.pt\/maps\/@41.0407296,-7.8269786,2765m\/data=!3m1!1e3!4m2!6m1!1szq8dVeeQGy3A.kYm50D-640Uk\r\n\r\n2016_03_12 Reg I Duatlo de Lalim_Promo\u00e7\u00e3o\r\n\r\nMais<\/p><\/div><span class='evcal_evdata_icons'><i class='fa fa-align-justify'><\/i><\/span>\r\n\t\t\t\t\t\t\t\r\n\t\t\t\t\t\t\t<div class='evcal_evdata_cell '><div class='eventon_full_description'>\r\n\t\t\t\t\t\t\t\t\t<h3 class='padb5 evo_h3'><span class='evcal_evdata_icons'><i class='fa fa-align-justify'><\/i><\/span>Detalhes do Evento<\/h3><div class='eventon_desc_in' itemprop='description'>\r\n\t\t\t\t\t\t\t\t\t<p>O\u00a0I Duatlo Vila de Lalim &#8211; Lamego \u00e9 uma prova de promo\u00e7\u00e3o e ter\u00e1 lugar no dia 12 de Mar\u00e7o de 2016<\/p>\n<p>Percursos: https:\/\/www.google.pt\/maps\/@41.0407296,-7.8269786,2765m\/data=!3m1!1e3!4m2!6m1!1szq8dVeeQGy3A.kYm50D-640Uk<\/p>\n<p><a href=\"https:\/\/www.federacao-triatlo.pt\/ftp2015\/wp-content\/uploads\/2016\/03\/2016_03_12-Reg-I-Duatlo-de-Lalim_Promo\u00e7\u00e3o.pdf\" rel=\"\">2016_03_12 Reg I Duatlo de Lalim_Promo\u00e7\u00e3o<\/a><\/p>\n<p>Mais informa\u00e7\u00e3o em\u00a0http:\/\/delegacaoregional.wix.com\/triatlonorte#!duatlo-vila-de-lalim\/pz3kj<\/p>\n<p><a href=\"https:\/\/www.federacao-triatlo.pt\/ftp2015\/wp-content\/uploads\/2016\/03\/Classif-I-Duatlo-de-Lalim_Geral.pdf\" rel=\"\">Classif I Duatlo de Lalim_Geral<\/a><\/p>\n<p><a href=\"https:\/\/www.federacao-triatlo.pt\/ftp2015\/wp-content\/uploads\/2016\/03\/Classif-I-Duatlo-de-Lalim_Equipas.pdf\" rel=\"\">Classif I Duatlo de Lalim_Equipas<\/a><\/p>\n<p>&nbsp;<\/p>\n<\/div><div class='clear'><\/div>\r\n\t\t\t\t\t\t\t\t<\/div>\r\n\t\t\t\t\t\t\t<\/div>\r\n\t\t\t\t\t\t<\/div><div class='evo_metarow_time evorow evcal_evdata_row bordb evcal_evrow_sm '>\r\n\t\t\t\t\t\t\t<span class='evcal_evdata_icons'><i class='fa fa-clock-o'><\/i><\/span>\r\n\t\t\t\t\t\t\t<div class='evcal_evdata_cell'>\t\t\t\t\t\t\t\r\n\t\t\t\t\t\t\t\t<h3 class='evo_h3'><span class='evcal_evdata_icons'><i class='fa fa-clock-o'><\/i><\/span>Hor\u00e1rio<\/h3><p>Todo o dia (S\u00e1bado)<\/p>\r\n\t\t\t\t\t\t\t<\/div>\r\n\t\t\t\t\t\t<\/div>\t\t\t\t\t\t<div class='evo_metarow_ICS evorow bordb evcal_evdata_row'>\r\n\t\t\t\t\t\t\t<span class=\"evcal_evdata_icons\"><i class=\"fa fa-calendar\"><\/i><\/span>\r\n\t\t\t\t\t\t\t<div class='evcal_evdata_cell'>\r\n\t\t\t\t\t\t\t\t<p><a href='https:\/\/www.federacao-triatlo.pt\/ftp2015\/wp-admin\/admin-ajax.php?action=eventon_ics_download&amp;event_id=7339&amp;sunix=20160311T230500Z&amp;eunix=20160312T225500Z&amp;loca=&amp;locn=' class='evo_ics_nCal' title='Adicionar ao seu calend\u00e1rio'>Calend\u00e1rio<\/a><a href='\/\/www.google.com\/calendar\/event?action=TEMPLATE&amp;text=I+Duatlo+Vila+de+Lalim+-+Lamego+-+Promo%C3%A7%C3%A3o&amp;dates=20160311T230500Z\/20160312T225500Z&amp;details=O%C2%A0I+Duatlo+Vila+de+Lalim+-+Lamego+%C3%A9+uma+prova+de+promo%C3%A7%C3%A3o+e+ter%C3%A1+lugar+no+dia+12+de+Mar%C3%A7o+de+2016%0D%0A%0D%0APercursos%3A+https%3A%2F%2Fwww.google.pt%2Fmaps%2F%4041.0407296%2C-7.8269786%2C2765m%2Fdata%3D%213m1%211e3%214m2%216m1%211szq8dVeeQGy3A.kYm50D-640Uk%0D%0A%0D%0A2016_03_12+Reg+I+Duatlo+de+Lalim_Promo%C3%A7%C3%A3o%0D%0A%0D%0AMais&amp;location= - ' target='_blank' class='evo_ics_gCal' title='Adicionar ao calend\u00e1rio Google'>GoogleCal<\/a><\/p>\t\r\n\t\t\t\t\t\t\t<\/div>\t\t\t\t\t\t<\/div>\r\n\t\t\t\t\t\t<\/div><div class='clear end'><\/div><\/div><div id=\"event_4498\" class=\"eventon_list_event evo_eventtop past_event event\" data-event_id=\"4498\" data-time=\"1458345600-1458432000\" data-colr=\"#0092e0\" itemscope itemtype='http:\/\/schema.org\/Event' 5><div class=\"evo_event_schema\" style=\"display:none\" ><a itemprop='url'  href='https:\/\/www.federacao-triatlo.pt\/ftp2015\/events\/triatlo-de-altura-2\/'><\/a><span itemprop='name'  >Triatlo de Altura<\/span><meta itemprop='image' content='https:\/\/www.federacao-triatlo.pt\/ftp2015\/wp-content\/uploads\/2016\/01\/Triatlo-Altura-01-212x300.png' ><\/meta><meta itemprop='description' content='Devido ao grande n\u00famero de participantes, para salvaguardar a seguran\u00e7a dos atletas, procederam-se a algumas altera\u00e7\u00f5es tanto no Regulamento como nos Percursos.\r\n\r\nObrigado pela compreens\u00e3o.\r\n\r\n&nbsp;\r\n\r\nTriatlo de Altura - Regulamento\r\n\r\n' ><\/meta><meta itemprop='startDate' content='2016-3-19' ><\/meta><meta itemprop='endDate' content='2016-3-20' ><\/meta><meta itemprop='eventStatus' content='on-schedule' ><\/meta>\r\n\t\t\t\t\t\t\t\t\t<item style=\"display:none\" itemprop=\"location\" itemscope itemtype=\"http:\/\/schema.org\/Place\">\r\n\t\t\t\t\t\t\t\t\t\t<span itemprop=\"name\">Altura<\/span>\r\n\t\t\t\t\t\t\t\t\t\t<span itemprop=\"address\" itemscope itemtype=\"http:\/\/schema.org\/PostalAddress\">\r\n\t\t\t\t\t\t\t\t\t\t\t<item itemprop=\"streetAddress\">Altura<\/item>\r\n\t\t\t\t\t\t\t\t\t\t<\/span><\/item><script type=\"application\/ld+json\">{\t\"@context\": \"http:\/\/schema.org\",\r\n\t\t\t\t\t\t\t  \t\"@type\": \"Event\",\r\n\t\t\t\t\t\t\t  \t\"name\": \"Triatlo de Altura\",\r\n\t\t\t\t\t\t\t  \t\"startDate\": \"2016-3-19T00-00-00-00\",\r\n\t\t\t\t\t\t\t  \t\"endDate\": \"2016-3-20T00-00-00-00\",\r\n\t\t\t\t\t\t\t  \t\"image\":\"https:\/\/www.federacao-triatlo.pt\/ftp2015\/wp-content\/uploads\/2016\/01\/Triatlo-Altura-01-212x300.png\",\r\n\t\t\t\t\t\t\t  \t\"description\":\"Devido ao grande n\u00famero de participantes, para salvaguardar a seguran\u00e7a dos atletas, procederam-se a algumas altera\u00e7\u00f5es tanto no Regulamento como nos Percursos.\r\n\r\nObrigado pela compreens\u00e3o.\r\n\r\n&nbsp;\r\n\r\nTriatlo de Altura - Regulamento\r\n\r\n\",\r\n\t\t\t\t\t\t\t  \t\"location\":{\r\n\t\t\t\t\t\t\t\t\t\t\"@type\":\"Place\",\r\n\t\t\t\t\t\t\t\t\t\t\"name\":\"Altura\",\r\n\t\t\t\t\t\t\t\t\t\t\"address\":\"Altura\"\r\n\t\t\t\t\t\t\t  \t\t}\r\n\t\t\t\t\t\t\t }\r\n\t\t\t\t\t\t\t<\/script><\/div>\r\n\t\t\t\t<p class=\"desc_trig_outter\"><a data-gmtrig=\"1\" data-exlk=\"0\" style=\"border-color: #0092e0;\" id=\"evc_14583456004498\" class=\"desc_trig evo_camp-nac-de-estafetas-mistas evo_prova-aberta evo_taca-de-portugal mul_val evcal_list_a\" data-ux_val=\"1\"  ><span class='evcal_cblock ' data-bgcolor='#0092e0' data-smon='Mar\u00e7o' data-syr='2016'><span class='evo_start '><em class='date'>19<\/em><em class='month'>mar<\/em><em class='time'><i t=\"y\">(mar 19)<\/i>0:00<\/em><\/span><span class='evo_end '><em class='date'>20<\/em><em class='time'><i t=\"y\">(mar 20)<\/i>0:00<\/em><\/span><em class='clear'><\/em><\/span><span class='evcal_desc evo_info hide_eventtopdata ' data-latlng=\"37.176453,-7.499787\"  data-location_address=\"Altura\" data-location_type=\"lonlat\" data-location_name=\"Altura\" data-location_status=\"true\" ><span class='evo_above_title'><\/span><span class='evcal_desc2 evcal_event_title' itemprop='name'>Triatlo de Altura<\/span><span class='evo_below_title'><\/span><span class='evcal_desc_info' ><em class=\"evcal_location\" data-latlng=\"37.176453,-7.499787\"  data-add_str=\"\"><em class=\"event_location_name\">Altura<\/em><\/em><\/span><span class='evcal_desc3'><span class='evcal_event_types ett1'><em><i>Tipo de Evento:<\/i><\/em><em data-filter='event_type'>Camp. Nac. de Estafetas Mistas,<\/em><em data-filter='event_type'>Prova Aberta,<\/em><em data-filter='event_type'>Ta\u00e7a de Portugal de Triatlo<\/em><i class='clear'><\/i><\/span><\/span><\/span><em class='clear'><\/em><\/p><\/a><div class='event_description evcal_eventcard ' style=\"display:none\"><div class='evo_metarow_directimg'><img src='https:\/\/www.federacao-triatlo.pt\/ftp2015\/wp-content\/uploads\/2016\/01\/Triatlo-Altura-01.png' \/><\/div><div class='evo_metarow_details evorow evcal_evdata_row bordb evcal_event_details'>\r\n\t\t\t\t\t\t\t<div class=\"event_excerpt\" style=\"display:none\"><h3 class=\"padb5 evo_h3\">Detalhes do Evento<\/h3><p>Devido ao grande n\u00famero de participantes, para salvaguardar a seguran\u00e7a dos atletas, procederam-se a algumas altera\u00e7\u00f5es tanto no Regulamento como nos Percursos.\r\n\r\nObrigado pela compreens\u00e3o.\r\n\r\n&nbsp;\r\n\r\nTriatlo de Altura - Regulamento\r\n\r\n<\/p><\/div><span class='evcal_evdata_icons'><i class='fa fa-align-justify'><\/i><\/span>\r\n\t\t\t\t\t\t\t\r\n\t\t\t\t\t\t\t<div class='evcal_evdata_cell '><div class='eventon_full_description'>\r\n\t\t\t\t\t\t\t\t\t<h3 class='padb5 evo_h3'><span class='evcal_evdata_icons'><i class='fa fa-align-justify'><\/i><\/span>Detalhes do Evento<\/h3><div class='eventon_desc_in' itemprop='description'>\r\n\t\t\t\t\t\t\t\t\t<p>Devido ao grande n\u00famero de participantes, para salvaguardar a seguran\u00e7a dos atletas, procederam-se a algumas altera\u00e7\u00f5es tanto no Regulamento como nos Percursos.<\/p>\n<p>Obrigado pela compreens\u00e3o.<\/p>\n<p>&nbsp;<\/p>\n<p><a href=\"https:\/\/www.federacao-triatlo.pt\/ftp2015\/wp-content\/uploads\/2016\/01\/20160319-e-20-Triatlo-de-Altura-Regulamento-v20160318.pdf\" rel=\"\">Triatlo de Altura &#8211; Regulamento<\/a><\/p>\n<p><a href=\"https:\/\/www.federacao-triatlo.pt\/ftp2015\/wp-content\/uploads\/2016\/01\/20160319-e-20-Triatlo-de-Altura-Percursos-Prova-Aberta-PT-OE.pdf\" rel=\"\">Triatlo de Altura &#8211; Percursos Prova Aberta<\/a><\/p>\n<p><a href=\"https:\/\/www.federacao-triatlo.pt\/ftp2015\/wp-content\/uploads\/2016\/01\/20160319-e-20-Triatlo-de-Altura-Percursos-Ta\u00e7a-de-Portugal-PT-OE.pdf\" rel=\"\">Triatlo de Altura &#8211; Percursos Ta\u00e7a de Portugal<\/a><\/p>\n<p><a href=\"https:\/\/www.federacao-triatlo.pt\/ftp2015\/wp-content\/uploads\/2016\/01\/20160319-e-20-Triatlo-de-Altura-Percursos-CNC-Estafetas-PT-EO.pdf\" rel=\"\">Triatlo de Altura &#8211; Percursos CNC Estafetas<\/a><\/p>\n<p><a href=\"https:\/\/www.federacao-triatlo.pt\/ftp2015\/wp-content\/uploads\/2016\/01\/SL-Triatlo-de-Altura-Prova-Aberta.pdf\" rel=\"\">SL Triatlo de Altura &#8211; Prova Aberta<\/a><\/p>\n<p><a href=\"https:\/\/www.federacao-triatlo.pt\/ftp2015\/wp-content\/uploads\/2016\/01\/SL-Triatlo-de-Altura-Ta\u00e7a-de-Portugal.pdf\" rel=\"\">SL Triatlo de Altura &#8211; Ta\u00e7a de Portugal<\/a><\/p>\n<p><a href=\"https:\/\/www.federacao-triatlo.pt\/ftp2015\/wp-content\/uploads\/2016\/01\/SL-Triatlo-de-Altura-CNC-Estafetas.pdf\" rel=\"\">SL Triatlo de Altura &#8211; CNC Estafetas<\/a><\/p>\n<p><a href=\"https:\/\/www.federacao-triatlo.pt\/ftp2015\/wp-content\/uploads\/2014\/12\/v20160105-REGULAMENTO-ESPEC\u00cdFICO-DE-ESTAFETAS-MISTAS.pdf\">REGULAMENTO ESPEC\u00cdFICO DE ESTAFETAS MISTAS<\/a><\/p>\n<p>Procedimento de inscri\u00e7\u00e3o para CNC Estafetas:<\/p>\n<p>Cada clube dever\u00e1 inscrever via plataforma todos os atletas que deseja que participem na prova de Estafetas.<\/p>\n<p>O valor de inscri\u00e7\u00e3o por equipa \u00e9 de 50\u20ac, pelo que ser\u00e1 cobrado por cada atleta 12,5\u20ac pela presente plataforma.<\/p>\n<p>Posteriormente, ter\u00e1 de ser preenchido o formul\u00e1rio em baixo, e enviado para inscricoes@federacao-triatlo.pt, at\u00e9 ao dia 14 de Mar\u00e7o.<\/p>\n<p><a href=\"https:\/\/www.federacao-triatlo.pt\/ftp2015\/produto\/triatlo-de-altura-campeonato-nacional-de-clubes-de-estafetas\/ficha-de-inscricao-cnc-estafetas\/\" rel=\"attachment wp-att-7116\">Ficha de Inscri\u00e7\u00e3o CNC Estafetas<\/a><\/p>\n<p>S\u00f3 ser\u00e3o aceites inscri\u00e7\u00f5es de equipas que componham a estafeta completa (dois atletas masculinos e duas atletas femininas), mesmo que a inscri\u00e7\u00e3o repartida do atleta individualmente tenha sido feita e paga sem este estar associado a uma equipa completa<\/p>\n<\/div><div class='clear'><\/div>\r\n\t\t\t\t\t\t\t\t<\/div>\r\n\t\t\t\t\t\t\t<\/div>\r\n\t\t\t\t\t\t<\/div><div class='evo_metarow_gmap evorow evcal_gmaps bordb ' id='evc145834560069f3d176f31874498_gmap' style='max-width:none'><\/div><div class='evo_metarow_getDr evorow evcal_evdata_row bordb evcal_evrow_sm getdirections'>\r\n\t\t\t\t\t\t<form action='https:\/\/maps.google.com\/maps' method='get' target='_blank'>\r\n\t\t\t\t\t\t<input type='hidden' name='daddr' value='Altura'\/> \r\n\t\t\t\t\t\t<p><input class='evoInput' type='text' name='saddr' placeholder='Escreva a morada' value=''\/>\r\n\t\t\t\t\t\t<button type='submit' class='evcal_evdata_icons evcalicon_9' title='Clique aqui para obter as dire\u00e7\u00f5es'><i class='fa fa-road'><\/i><\/button>\r\n\t\t\t\t\t\t<\/p><\/form>\r\n\t\t\t\t\t<\/div><div class='evo_metarow_time_location evorow bordb '>\r\n\t\t\t\t\t\t<div class='tb' >\r\n\t\t\t\t\t\t\t<div class='tbrow'>\r\n\t\t\t\t\t\t\t<div class='evcal_col50 bordr'>\r\n\t\t\t\t\t\t\t\t<div class='evcal_evdata_row evo_time'>\r\n\t\t\t\t\t\t\t\t\t<span class='evcal_evdata_icons'><i class='fa fa-clock-o'><\/i><\/span>\r\n\t\t\t\t\t\t\t\t\t<div class='evcal_evdata_cell'>\t\t\t\t\t\t\t\r\n\t\t\t\t\t\t\t\t\t\t<h3 class='evo_h3'><span class='evcal_evdata_icons'><i class='fa fa-clock-o'><\/i><\/span>Hor\u00e1rio<\/h3>\r\n\t\t\t\t\t\t\t\t\t\t<p>19 (S\u00e1bado) 0:00 - 20 (Domingo) 0:00<\/p>\r\n\t\t\t\t\t\t\t\t\t<\/div>\r\n\t\t\t\t\t\t\t\t<\/div>\r\n\t\t\t\t\t\t\t<\/div><div class='evcal_col50'>\r\n\t\t\t\t\t\t\t\t<div class='evcal_evdata_row evo_location'>\r\n\t\t\t\t\t\t\t\t\t<span class='evcal_evdata_icons'><i class='fa fa-map-marker'><\/i><\/span>\r\n\t\t\t\t\t\t\t\t\t<div class='evcal_evdata_cell' data-loc_tax_id='38'>\t\t\t\t\t\t\t\r\n\t\t\t\t\t\t\t\t\t\t<h3 class='evo_h3'><span class='evcal_evdata_icons'><i class='fa fa-map-marker'><\/i><\/span>Localiza\u00e7\u00e3o<\/h3><p class='evo_location_name'>Altura<\/p><p>Altura<\/p>\r\n\t\t\t\t\t\t\t\t\t<\/div>\r\n\t\t\t\t\t\t\t\t<\/div>\r\n\t\t\t\t\t\t\t<\/div><div class='clear'><\/div>\r\n\t\t\t\t\t\t\t<\/div><\/div>\r\n\t\t\t\t\t\t<\/div><div class='evo_metarow_organizer evorow evcal_evdata_row bordb evcal_evrow_sm '>\r\n\t\t\t\t\t\t\t<span class='evcal_evdata_icons'><i class='fa fa-headphones'><\/i><\/span>\r\n\t\t\t\t\t\t\t<div class='evcal_evdata_cell'>\t\t\t\t\t\t\t\r\n\t\t\t\t\t\t\t\t<h3 class='evo_h3'>Evento organizado por<\/h3>\r\n\t\t\t\t\t\t\t\t\r\n\t\t\t\t\t\t\t\t<div class='evo_card_organizer'><p class='evo_data_val evo_card_organizer_name'>\r\n\t\t\t\t\t\t\t\t\t<span class='evo_card_organizer_name_t'><a  href='https:\/\/www.federacao-triatlo.pt\/ftp2015'>FTP<\/a><\/span><span class='evo_card_organizer_contact'>secretaria@federacao-triatlo.pt<\/span>\r\n\t\t\t\t\t\t\t\t\t\r\n\t\t\t\t\t\t\t\t\t<\/p><\/div><div class='clear'><\/div>\t\t\t\t\t\t\t\r\n\t\t\t\t\t\t\t<\/div>\r\n\t\t\t\t\t\t<\/div>\t\t\t\t\t\t<div class='evo_metarow_ICS evorow bordb evcal_evdata_row'>\r\n\t\t\t\t\t\t\t<span class=\"evcal_evdata_icons\"><i class=\"fa fa-calendar\"><\/i><\/span>\r\n\t\t\t\t\t\t\t<div class='evcal_evdata_cell'>\r\n\t\t\t\t\t\t\t\t<p><a href='https:\/\/www.federacao-triatlo.pt\/ftp2015\/wp-admin\/admin-ajax.php?action=eventon_ics_download&amp;event_id=4498&amp;sunix=20160318T230000Z&amp;eunix=20160319T230000Z&amp;loca=Altura&amp;locn=Altura' class='evo_ics_nCal' title='Adicionar ao seu calend\u00e1rio'>Calend\u00e1rio<\/a><a href='\/\/www.google.com\/calendar\/event?action=TEMPLATE&amp;text=Triatlo+de+Altura&amp;dates=20160318T230000Z\/20160319T230000Z&amp;details=Devido+ao+grande+n%C3%BAmero+de+participantes%2C+para+salvaguardar+a+seguran%C3%A7a+dos+atletas%2C+procederam-se+a+algumas+altera%C3%A7%C3%B5es+tanto+no+Regulamento+como+nos+Percursos.%0D%0A%0D%0AObrigado+pela+compreens%C3%A3o.%0D%0A%0D%0A%26nbsp%3B%0D%0A%0D%0ATriatlo+de+Altura+-+Regulamento%0D%0A%0D%0A&amp;location=Altura - Altura' target='_blank' class='evo_ics_gCal' title='Adicionar ao calend\u00e1rio Google'>GoogleCal<\/a><\/p>\t\r\n\t\t\t\t\t\t\t<\/div>\t\t\t\t\t\t<\/div>\r\n\t\t\t\t\t\t<\/div><div class='clear end'><\/div><\/div><div id=\"event_4546\" class=\"eventon_list_event evo_eventtop past_event event\" data-event_id=\"4546\" data-time=\"1458950700-1459036500\" data-colr=\"#0092e0\" itemscope itemtype='http:\/\/schema.org\/Event' 6><div class=\"evo_event_schema\" style=\"display:none\" ><a itemprop='url'  href='https:\/\/www.federacao-triatlo.pt\/ftp2015\/events\/duatlo-da-amadora-2\/'><\/a><span itemprop='name'  >II Duatlo da Amadora<\/span><meta itemprop='image' content='https:\/\/www.federacao-triatlo.pt\/ftp2015\/wp-content\/uploads\/2016\/01\/II_duatlo_amadora_edited-1-1-216x300.jpg' ><\/meta><meta itemprop='description' content='O II Duatlo da Amadora \u00e9 este ano prova \u00fanica de Campeonato Nacional de Grupos de Idade de Duatlo.\r\n\r\nIncluir\u00e1 tamb\u00e9m uma prova aberta pelas 14:00h.\r\n\r\nRegulamento vers\u00e3o 2:\u00a0Regulamento 2\r\n\r\nPercursos' ><\/meta><meta itemprop='startDate' content='2016-3-26' ><\/meta><meta itemprop='endDate' content='2016-3-26' ><\/meta><meta itemprop='eventStatus' content='on-schedule' ><\/meta>\r\n\t\t\t\t\t\t\t\t\t<item style=\"display:none\" itemprop=\"location\" itemscope itemtype=\"http:\/\/schema.org\/Place\">\r\n\t\t\t\t\t\t\t\t\t\t<span itemprop=\"name\">Amadora<\/span>\r\n\t\t\t\t\t\t\t\t\t\t<span itemprop=\"address\" itemscope itemtype=\"http:\/\/schema.org\/PostalAddress\">\r\n\t\t\t\t\t\t\t\t\t\t\t<item itemprop=\"streetAddress\">Amadora<\/item>\r\n\t\t\t\t\t\t\t\t\t\t<\/span><\/item><script type=\"application\/ld+json\">{\t\"@context\": \"http:\/\/schema.org\",\r\n\t\t\t\t\t\t\t  \t\"@type\": \"Event\",\r\n\t\t\t\t\t\t\t  \t\"name\": \"II Duatlo da Amadora\",\r\n\t\t\t\t\t\t\t  \t\"startDate\": \"2016-3-26T00-00-05-00\",\r\n\t\t\t\t\t\t\t  \t\"endDate\": \"2016-3-26T23-23-55-00\",\r\n\t\t\t\t\t\t\t  \t\"image\":\"https:\/\/www.federacao-triatlo.pt\/ftp2015\/wp-content\/uploads\/2016\/01\/II_duatlo_amadora_edited-1-1-216x300.jpg\",\r\n\t\t\t\t\t\t\t  \t\"description\":\"O II Duatlo da Amadora \u00e9 este ano prova \u00fanica de Campeonato Nacional de Grupos de Idade de Duatlo.\r\n\r\nIncluir\u00e1 tamb\u00e9m uma prova aberta pelas 14:00h.\r\n\r\nRegulamento vers\u00e3o 2:\u00a0Regulamento 2\r\n\r\nPercursos\",\r\n\t\t\t\t\t\t\t  \t\"location\":{\r\n\t\t\t\t\t\t\t\t\t\t\"@type\":\"Place\",\r\n\t\t\t\t\t\t\t\t\t\t\"name\":\"Amadora\",\r\n\t\t\t\t\t\t\t\t\t\t\"address\":\"Amadora\"\r\n\t\t\t\t\t\t\t  \t\t}\r\n\t\t\t\t\t\t\t }\r\n\t\t\t\t\t\t\t<\/script><\/div>\r\n\t\t\t\t<p class=\"desc_trig_outter\"><a data-gmtrig=\"1\" data-exlk=\"0\" style=\"border-color: #0092e0;\" id=\"evc_14589507004546\" class=\"desc_trig evo_campeonato-nacional-grupos-idade-duatlo sin_val evcal_list_a\" data-ux_val=\"1\"  ><span class='evcal_cblock ' data-bgcolor='#0092e0' data-smon='Mar\u00e7o' data-syr='2016'><span class='evo_start '><em class='date'>26<\/em><em class='month'>mar<\/em><em class='time'>allday<\/em><\/span><span class='evo_end only_time'><em class='time'>allday<\/em><\/span><em class='clear'><\/em><\/span><span class='evcal_desc evo_info hide_eventtopdata ' data-latlng=\"38.7577603,-9.2245474\"  data-location_address=\"Amadora\" data-location_type=\"lonlat\" data-location_name=\"Amadora\" data-location_status=\"true\" ><span class='evo_above_title'><\/span><span class='evcal_desc2 evcal_event_title' itemprop='name'>II Duatlo da Amadora<\/span><span class='evo_below_title'><\/span><span class='evcal_desc_info' ><em class=\"evcal_location\" data-latlng=\"38.7577603,-9.2245474\"  data-add_str=\"\"><em class=\"event_location_name\">Amadora<\/em><\/em><\/span><span class='evcal_desc3'><span class='evcal_event_types ett1'><em><i>Tipo de Evento:<\/i><\/em><em data-filter='event_type'>Camp. Nac. Grupos Idade Duatlo<\/em><i class='clear'><\/i><\/span><\/span><\/span><em class='clear'><\/em><\/p><\/a><div class='event_description evcal_eventcard ' style=\"display:none\"><div class='evo_metarow_directimg'><img src='https:\/\/www.federacao-triatlo.pt\/ftp2015\/wp-content\/uploads\/2016\/01\/II_duatlo_amadora_edited-1-1.jpg' \/><\/div><div class='evo_metarow_details evorow evcal_evdata_row bordb evcal_event_details'>\r\n\t\t\t\t\t\t\t<div class=\"event_excerpt\" style=\"display:none\"><h3 class=\"padb5 evo_h3\">Detalhes do Evento<\/h3><p>O II Duatlo da Amadora \u00e9 este ano prova \u00fanica de Campeonato Nacional de Grupos de Idade de Duatlo.\r\n\r\nIncluir\u00e1 tamb\u00e9m uma prova aberta pelas 14:00h.\r\n\r\nRegulamento vers\u00e3o 2:\u00a0Regulamento 2\r\n\r\nPercursos<\/p><\/div><span class='evcal_evdata_icons'><i class='fa fa-align-justify'><\/i><\/span>\r\n\t\t\t\t\t\t\t\r\n\t\t\t\t\t\t\t<div class='evcal_evdata_cell '><div class='eventon_full_description'>\r\n\t\t\t\t\t\t\t\t\t<h3 class='padb5 evo_h3'><span class='evcal_evdata_icons'><i class='fa fa-align-justify'><\/i><\/span>Detalhes do Evento<\/h3><div class='eventon_desc_in' itemprop='description'>\r\n\t\t\t\t\t\t\t\t\t<p>O II Duatlo da Amadora \u00e9 este ano prova \u00fanica de Campeonato Nacional de Grupos de Idade de Duatlo.<\/p>\n<p>Incluir\u00e1 tamb\u00e9m uma prova aberta pelas 14:00h.<\/p>\n<p>Regulamento vers\u00e3o 2:\u00a0<a href=\"https:\/\/www.federacao-triatlo.pt\/ftp2015\/wp-content\/uploads\/2016\/01\/Regulamento-2.pdf\" rel=\"\">Regulamento 2<\/a><\/p>\n<p>Percursos prova Sprint:\u00a0<a href=\"https:\/\/www.federacao-triatlo.pt\/ftp2015\/wp-content\/uploads\/2016\/01\/Percursos-GI.pptx\" rel=\"\">Percursos GI<\/a><\/p>\n<p>Percursos prova Aberta:\u00a0<a href=\"https:\/\/www.federacao-triatlo.pt\/ftp2015\/wp-content\/uploads\/2016\/01\/Percursos-PA.pptx\" rel=\"\">Percursos PA<\/a><\/p>\n<p><a href=\"https:\/\/www.federacao-triatlo.pt\/ftp2015\/wp-content\/uploads\/2016\/01\/SL-Duatlo-da-Amadora-CN-Grupos-de-Idade-1.pdf\" rel=\"\">SL Duatlo da Amadora (CN Grupos de Idade)<\/a><\/p>\n<p><a href=\"https:\/\/www.federacao-triatlo.pt\/ftp2015\/wp-content\/uploads\/2016\/01\/SL-Duatlo-da-Amadora-Prova-Aberta-1.pdf\" rel=\"\">SL Duatlo da Amadora (Prova Aberta)<\/a><\/p>\n<p>&nbsp;<\/p>\n<\/div><div class='clear'><\/div>\r\n\t\t\t\t\t\t\t\t<\/div>\r\n\t\t\t\t\t\t\t<\/div>\r\n\t\t\t\t\t\t<\/div><div class='evo_metarow_gmap evorow evcal_gmaps bordb ' id='evc145895070069f3d176f3bcd4546_gmap' style='max-width:none'><\/div><div class='evo_metarow_getDr evorow evcal_evdata_row bordb evcal_evrow_sm getdirections'>\r\n\t\t\t\t\t\t<form action='https:\/\/maps.google.com\/maps' method='get' target='_blank'>\r\n\t\t\t\t\t\t<input type='hidden' name='daddr' value='Amadora'\/> \r\n\t\t\t\t\t\t<p><input class='evoInput' type='text' name='saddr' placeholder='Escreva a morada' value=''\/>\r\n\t\t\t\t\t\t<button type='submit' class='evcal_evdata_icons evcalicon_9' title='Clique aqui para obter as dire\u00e7\u00f5es'><i class='fa fa-road'><\/i><\/button>\r\n\t\t\t\t\t\t<\/p><\/form>\r\n\t\t\t\t\t<\/div><div class='evo_metarow_time_location evorow bordb '>\r\n\t\t\t\t\t\t<div class='tb' >\r\n\t\t\t\t\t\t\t<div class='tbrow'>\r\n\t\t\t\t\t\t\t<div class='evcal_col50 bordr'>\r\n\t\t\t\t\t\t\t\t<div class='evcal_evdata_row evo_time'>\r\n\t\t\t\t\t\t\t\t\t<span class='evcal_evdata_icons'><i class='fa fa-clock-o'><\/i><\/span>\r\n\t\t\t\t\t\t\t\t\t<div class='evcal_evdata_cell'>\t\t\t\t\t\t\t\r\n\t\t\t\t\t\t\t\t\t\t<h3 class='evo_h3'><span class='evcal_evdata_icons'><i class='fa fa-clock-o'><\/i><\/span>Hor\u00e1rio<\/h3>\r\n\t\t\t\t\t\t\t\t\t\t<p>Todo o dia (S\u00e1bado)<\/p>\r\n\t\t\t\t\t\t\t\t\t<\/div>\r\n\t\t\t\t\t\t\t\t<\/div>\r\n\t\t\t\t\t\t\t<\/div><div class='evcal_col50'>\r\n\t\t\t\t\t\t\t\t<div class='evcal_evdata_row evo_location'>\r\n\t\t\t\t\t\t\t\t\t<span class='evcal_evdata_icons'><i class='fa fa-map-marker'><\/i><\/span>\r\n\t\t\t\t\t\t\t\t\t<div class='evcal_evdata_cell' data-loc_tax_id='47'>\t\t\t\t\t\t\t\r\n\t\t\t\t\t\t\t\t\t\t<h3 class='evo_h3'><span class='evcal_evdata_icons'><i class='fa fa-map-marker'><\/i><\/span>Localiza\u00e7\u00e3o<\/h3><p class='evo_location_name'>Amadora<\/p><p>Amadora<\/p>\r\n\t\t\t\t\t\t\t\t\t<\/div>\r\n\t\t\t\t\t\t\t\t<\/div>\r\n\t\t\t\t\t\t\t<\/div><div class='clear'><\/div>\r\n\t\t\t\t\t\t\t<\/div><\/div>\r\n\t\t\t\t\t\t<\/div><div class='evo_metarow_organizer evorow evcal_evdata_row bordb evcal_evrow_sm '>\r\n\t\t\t\t\t\t\t<span class='evcal_evdata_icons'><i class='fa fa-headphones'><\/i><\/span>\r\n\t\t\t\t\t\t\t<div class='evcal_evdata_cell'>\t\t\t\t\t\t\t\r\n\t\t\t\t\t\t\t\t<h3 class='evo_h3'>Evento organizado por<\/h3>\r\n\t\t\t\t\t\t\t\t\r\n\t\t\t\t\t\t\t\t<div class='evo_card_organizer'><p class='evo_data_val evo_card_organizer_name'>\r\n\t\t\t\t\t\t\t\t\t<span class='evo_card_organizer_name_t'><a  href='https:\/\/www.federacao-triatlo.pt\/ftp2015'>FTP<\/a><\/span><span class='evo_card_organizer_contact'>secretaria@federacao-triatlo.pt<\/span>\r\n\t\t\t\t\t\t\t\t\t\r\n\t\t\t\t\t\t\t\t\t<\/p><\/div><div class='clear'><\/div>\t\t\t\t\t\t\t\r\n\t\t\t\t\t\t\t<\/div>\r\n\t\t\t\t\t\t<\/div>\t\t\t\t\t\t<div class='evo_metarow_ICS evorow bordb evcal_evdata_row'>\r\n\t\t\t\t\t\t\t<span class=\"evcal_evdata_icons\"><i class=\"fa fa-calendar\"><\/i><\/span>\r\n\t\t\t\t\t\t\t<div class='evcal_evdata_cell'>\r\n\t\t\t\t\t\t\t\t<p><a href='https:\/\/www.federacao-triatlo.pt\/ftp2015\/wp-admin\/admin-ajax.php?action=eventon_ics_download&amp;event_id=4546&amp;sunix=20160325T230500Z&amp;eunix=20160326T225500Z&amp;loca=Amadora&amp;locn=Amadora' class='evo_ics_nCal' title='Adicionar ao seu calend\u00e1rio'>Calend\u00e1rio<\/a><a href='\/\/www.google.com\/calendar\/event?action=TEMPLATE&amp;text=II+Duatlo+da+Amadora&amp;dates=20160325T230500Z\/20160326T225500Z&amp;details=O+II+Duatlo+da+Amadora+%C3%A9+este+ano+prova+%C3%BAnica+de+Campeonato+Nacional+de+Grupos+de+Idade+de+Duatlo.%0D%0A%0D%0AIncluir%C3%A1+tamb%C3%A9m+uma+prova+aberta+pelas+14%3A00h.%0D%0A%0D%0ARegulamento+vers%C3%A3o+2%3A%C2%A0Regulamento+2%0D%0A%0D%0APercursos&amp;location=Amadora - Amadora' target='_blank' class='evo_ics_gCal' title='Adicionar ao calend\u00e1rio Google'>GoogleCal<\/a><\/p>\t\r\n\t\t\t\t\t\t\t<\/div>\t\t\t\t\t\t<\/div>\r\n\t\t\t\t\t\t<\/div><div class='clear end'><\/div><\/div><\/div><div class='clear'><\/div><\/div><!-- ajde_evcal_calendar-->\n<div id='evcal_calendar_291' class='ajde_evcal_calendar  ul' ><div class='evo-data' data-cyear=\"2016\" data-cmonth=\"4\" data-runajax=\"1\" data-evc_open=\"0\" data-cal_ver=\"2.6\" data-mapscroll=\"true\" data-mapformat=\"roadmap\" data-mapzoom=\"14\" data-mapiconurl=\"\" data-ev_cnt=\"0\" data-show_limit=\"no\" data-tiles=\"no\" data-sort_by=\"sort_date\" data-filters_on=\"true\" data-range_start=\"0\" data-range_end=\"0\" data-send_unix=\"0\" data-ux_val=\"0\" data-accord=\"0\" data-rtl=\"no\"  ><\/div><div id='evcal_head' class='calendar_header ' ><div class='evo_cal_above'><span class='evo-gototoday-btn' style='display:none' data-mo='4' data-yr='2016' data-dy=''>Dia de Hoje<\/span><\/div><div class='evo_cal_above_content'><\/div><div class='cal_arguments' style='display:none' data-hide_past=\"no\" data-show_et_ft_img=\"no\" data-event_order=\"ASC\" data-ft_event_priority=\"no\" data-lang=\"L1\" data-month_incre=\"0\" data-only_ft=\"no\" data-evc_open=\"no\" data-show_limit=\"no\" data-etc_override=\"no\" data-show_limit_redir=\"0\" data-tiles=\"no\" data-tile_height=\"0\" data-tile_bg=\"0\" data-tile_count=\"2\" data-tile_style=\"0\" data-s=\"\" data-members_only=\"no\" data-ux_val=\"0\" data-show_limit_ajax=\"no\" data-show_limit_paged=\"1\" ><\/div><div class='clear'><\/div><\/div><div class='evcal_month_line'><p>Abril 2016<\/p><\/div><div id='evcal_list' class='eventon_events_list '><div id=\"event_4547\" class=\"eventon_list_event evo_eventtop past_event event\" data-event_id=\"4547\" data-time=\"1459555200-1459641600\" data-colr=\"#0092e0\" itemscope itemtype='http:\/\/schema.org\/Event' 1><div class=\"evo_event_schema\" style=\"display:none\" ><a itemprop='url'  href='https:\/\/www.federacao-triatlo.pt\/ftp2015\/events\/triatlo-de-quarteira-2\/'><\/a><span itemprop='name'  >Triatlo de Quarteira<\/span><meta itemprop='image'  ><\/meta><meta itemprop='description' content='Triatlo de Quarteira - Regulamento\r\n\r\nTriatlo de Quarteira - Percursos da Ta\u00e7a de Portugal de Triatlo\r\n\r\nSL Triatlo de Quarteira (Ta\u00e7a de Portugal)' ><\/meta><meta itemprop='startDate' content='2016-4-2' ><\/meta><meta itemprop='endDate' content='2016-4-3' ><\/meta><meta itemprop='eventStatus' content='on-schedule' ><\/meta>\r\n\t\t\t\t\t\t\t\t\t<item style=\"display:none\" itemprop=\"location\" itemscope itemtype=\"http:\/\/schema.org\/Place\">\r\n\t\t\t\t\t\t\t\t\t\t<span itemprop=\"name\">Quarteira<\/span>\r\n\t\t\t\t\t\t\t\t\t\t<span itemprop=\"address\" itemscope itemtype=\"http:\/\/schema.org\/PostalAddress\">\r\n\t\t\t\t\t\t\t\t\t\t\t<item itemprop=\"streetAddress\">Avenida Infante de Sagres 141<\/item>\r\n\t\t\t\t\t\t\t\t\t\t<\/span><\/item><script type=\"application\/ld+json\">{\t\"@context\": \"http:\/\/schema.org\",\r\n\t\t\t\t\t\t\t  \t\"@type\": \"Event\",\r\n\t\t\t\t\t\t\t  \t\"name\": \"Triatlo de Quarteira\",\r\n\t\t\t\t\t\t\t  \t\"startDate\": \"2016-4-2T00-00-00-00\",\r\n\t\t\t\t\t\t\t  \t\"endDate\": \"2016-4-3T00-00-00-00\",\r\n\t\t\t\t\t\t\t  \t\"image\":,\r\n\t\t\t\t\t\t\t  \t\"description\":\"Triatlo de Quarteira - Regulamento\r\n\r\nTriatlo de Quarteira - Percursos da Ta\u00e7a de Portugal de Triatlo\r\n\r\nSL Triatlo de Quarteira (Ta\u00e7a de Portugal)\",\r\n\t\t\t\t\t\t\t  \t\"location\":{\r\n\t\t\t\t\t\t\t\t\t\t\"@type\":\"Place\",\r\n\t\t\t\t\t\t\t\t\t\t\"name\":\"Quarteira\",\r\n\t\t\t\t\t\t\t\t\t\t\"address\":\"Avenida Infante de Sagres 141\"\r\n\t\t\t\t\t\t\t  \t\t}\r\n\t\t\t\t\t\t\t }\r\n\t\t\t\t\t\t\t<\/script><\/div>\r\n\t\t\t\t<p class=\"desc_trig_outter\"><a data-gmtrig=\"1\" data-exlk=\"0\" style=\"border-color: #0092e0;\" id=\"evc_14595552004547\" class=\"desc_trig evo_taca-europa-triatlo evo_taca-de-portugal mul_val evcal_list_a\" data-ux_val=\"1\"  ><span class='evcal_cblock ' data-bgcolor='#0092e0' data-smon='Abril' data-syr='2016'><span class='evo_start '><em class='date'>02<\/em><em class='month'>abr<\/em><em class='time'><i t=\"y\">(abr 2)<\/i>0:00<\/em><\/span><span class='evo_end '><em class='date'>03<\/em><em class='time'><i t=\"y\">(abr 3)<\/i>0:00<\/em><\/span><em class='clear'><\/em><\/span><span class='evcal_desc evo_info hide_eventtopdata ' data-latlng=\"37.066127,-8.100064\"  data-location_address=\"Avenida Infante de Sagres 141\" data-location_type=\"lonlat\" data-location_name=\"Quarteira\" data-location_status=\"true\" ><span class='evo_above_title'><\/span><span class='evcal_desc2 evcal_event_title' itemprop='name'>Triatlo de Quarteira<\/span><span class='evo_below_title'><span class='evcal_event_subtitle' >Ta\u00e7a da Europa de Elites, Ta\u00e7a da Europa de Juniores e Ta\u00e7a de Portugal de Triatlo<\/span><\/span><span class='evcal_desc_info' ><em class=\"evcal_location\" data-latlng=\"37.066127,-8.100064\"  data-add_str=\"\"><em class=\"event_location_name\">Quarteira<\/em><\/em><\/span><span class='evcal_desc3'><span class='evcal_event_types ett1'><em><i>Tipo de Evento:<\/i><\/em><em data-filter='event_type'>Ta\u00e7a da Europa de Triatlo,<\/em><em data-filter='event_type'>Ta\u00e7a de Portugal de Triatlo<\/em><i class='clear'><\/i><\/span><\/span><\/span><em class='clear'><\/em><\/p><\/a><div class='event_description evcal_eventcard ' style=\"display:none\"><div class='evo_metarow_details evorow evcal_evdata_row bordb evcal_event_details'>\r\n\t\t\t\t\t\t\t<div class=\"event_excerpt\" style=\"display:none\"><h3 class=\"padb5 evo_h3\">Detalhes do Evento<\/h3><p>Triatlo de Quarteira - Regulamento\r\n\r\nTriatlo de Quarteira - Percursos da Ta\u00e7a de Portugal de Triatlo\r\n\r\nSL Triatlo de Quarteira (Ta\u00e7a de Portugal)<\/p><\/div><span class='evcal_evdata_icons'><i class='fa fa-align-justify'><\/i><\/span>\r\n\t\t\t\t\t\t\t\r\n\t\t\t\t\t\t\t<div class='evcal_evdata_cell '><div class='eventon_full_description'>\r\n\t\t\t\t\t\t\t\t\t<h3 class='padb5 evo_h3'><span class='evcal_evdata_icons'><i class='fa fa-align-justify'><\/i><\/span>Detalhes do Evento<\/h3><div class='eventon_desc_in' itemprop='description'>\r\n\t\t\t\t\t\t\t\t\t<p><a href=\"https:\/\/www.federacao-triatlo.pt\/ftp2015\/wp-content\/uploads\/2016\/01\/20160402-e-03-Triatlo-de-Quarteira-Regulamento-v20151221.pdf\" rel=\"\">Triatlo de Quarteira &#8211; Regulamento<\/a><\/p>\n<p><a href=\"https:\/\/www.federacao-triatlo.pt\/ftp2015\/wp-content\/uploads\/2016\/01\/20160402-e-03-Triatlo-de-Quarteira-Percursos-da-Ta\u00e7a-de-Portugal-de-Triatlo.pdf\" rel=\"\">Triatlo de Quarteira &#8211; Percursos da Ta\u00e7a de Portugal de Triatlo<\/a><\/p>\n<p><a href=\"https:\/\/www.federacao-triatlo.pt\/ftp2015\/wp-content\/uploads\/2016\/01\/SL-Triatlo-de-Quarteira-Ta\u00e7a-de-Portugal-1.pdf\" rel=\"\">SL Triatlo de Quarteira (Ta\u00e7a de Portugal)<\/a><\/p>\n<\/div><div class='clear'><\/div>\r\n\t\t\t\t\t\t\t\t<\/div>\r\n\t\t\t\t\t\t\t<\/div>\r\n\t\t\t\t\t\t<\/div><div class='evo_metarow_gmap evorow evcal_gmaps bordb ' id='evc145955520069f3d17702bce4547_gmap' style='max-width:none'><\/div><div class='evo_metarow_getDr evorow evcal_evdata_row bordb evcal_evrow_sm getdirections'>\r\n\t\t\t\t\t\t<form action='https:\/\/maps.google.com\/maps' method='get' target='_blank'>\r\n\t\t\t\t\t\t<input type='hidden' name='daddr' value='Avenida Infante de Sagres 141'\/> \r\n\t\t\t\t\t\t<p><input class='evoInput' type='text' name='saddr' placeholder='Escreva a morada' value=''\/>\r\n\t\t\t\t\t\t<button type='submit' class='evcal_evdata_icons evcalicon_9' title='Clique aqui para obter as dire\u00e7\u00f5es'><i class='fa fa-road'><\/i><\/button>\r\n\t\t\t\t\t\t<\/p><\/form>\r\n\t\t\t\t\t<\/div><div class='evo_metarow_time_location evorow bordb '>\r\n\t\t\t\t\t\t<div class='tb' >\r\n\t\t\t\t\t\t\t<div class='tbrow'>\r\n\t\t\t\t\t\t\t<div class='evcal_col50 bordr'>\r\n\t\t\t\t\t\t\t\t<div class='evcal_evdata_row evo_time'>\r\n\t\t\t\t\t\t\t\t\t<span class='evcal_evdata_icons'><i class='fa fa-clock-o'><\/i><\/span>\r\n\t\t\t\t\t\t\t\t\t<div class='evcal_evdata_cell'>\t\t\t\t\t\t\t\r\n\t\t\t\t\t\t\t\t\t\t<h3 class='evo_h3'><span class='evcal_evdata_icons'><i class='fa fa-clock-o'><\/i><\/span>Hor\u00e1rio<\/h3>\r\n\t\t\t\t\t\t\t\t\t\t<p>2 (S\u00e1bado) 0:00 - 3 (Domingo) 0:00<\/p>\r\n\t\t\t\t\t\t\t\t\t<\/div>\r\n\t\t\t\t\t\t\t\t<\/div>\r\n\t\t\t\t\t\t\t<\/div><div class='evcal_col50'>\r\n\t\t\t\t\t\t\t\t<div class='evcal_evdata_row evo_location'>\r\n\t\t\t\t\t\t\t\t\t<span class='evcal_evdata_icons'><i class='fa fa-map-marker'><\/i><\/span>\r\n\t\t\t\t\t\t\t\t\t<div class='evcal_evdata_cell' data-loc_tax_id='46'>\t\t\t\t\t\t\t\r\n\t\t\t\t\t\t\t\t\t\t<h3 class='evo_h3'><span class='evcal_evdata_icons'><i class='fa fa-map-marker'><\/i><\/span>Localiza\u00e7\u00e3o<\/h3><p class='evo_location_name'>Quarteira<\/p><p>Avenida Infante de Sagres 141<\/p>\r\n\t\t\t\t\t\t\t\t\t<\/div>\r\n\t\t\t\t\t\t\t\t<\/div>\r\n\t\t\t\t\t\t\t<\/div><div class='clear'><\/div>\r\n\t\t\t\t\t\t\t<\/div><\/div>\r\n\t\t\t\t\t\t<\/div><div class='evo_metarow_organizer evorow evcal_evdata_row bordb evcal_evrow_sm '>\r\n\t\t\t\t\t\t\t<span class='evcal_evdata_icons'><i class='fa fa-headphones'><\/i><\/span>\r\n\t\t\t\t\t\t\t<div class='evcal_evdata_cell'>\t\t\t\t\t\t\t\r\n\t\t\t\t\t\t\t\t<h3 class='evo_h3'>Evento organizado por<\/h3>\r\n\t\t\t\t\t\t\t\t\r\n\t\t\t\t\t\t\t\t<div class='evo_card_organizer'><p class='evo_data_val evo_card_organizer_name'>\r\n\t\t\t\t\t\t\t\t\t<span class='evo_card_organizer_name_t'>ETU<\/span>\r\n\t\t\t\t\t\t\t\t\t\r\n\t\t\t\t\t\t\t\t\t<\/p><\/div><div class='clear'><\/div>\t\t\t\t\t\t\t\r\n\t\t\t\t\t\t\t<\/div>\r\n\t\t\t\t\t\t<\/div>\t\t\t\t\t\t<div class='evo_metarow_ICS evorow bordb evcal_evdata_row'>\r\n\t\t\t\t\t\t\t<span class=\"evcal_evdata_icons\"><i class=\"fa fa-calendar\"><\/i><\/span>\r\n\t\t\t\t\t\t\t<div class='evcal_evdata_cell'>\r\n\t\t\t\t\t\t\t\t<p><a href='https:\/\/www.federacao-triatlo.pt\/ftp2015\/wp-admin\/admin-ajax.php?action=eventon_ics_download&amp;event_id=4547&amp;sunix=20160401T230000Z&amp;eunix=20160402T230000Z&amp;loca=Avenida Infante de Sagres 141&amp;locn=Quarteira' class='evo_ics_nCal' title='Adicionar ao seu calend\u00e1rio'>Calend\u00e1rio<\/a><a href='\/\/www.google.com\/calendar\/event?action=TEMPLATE&amp;text=Triatlo+de+Quarteira&amp;dates=20160401T230000Z\/20160402T230000Z&amp;details=Triatlo+de+Quarteira+-+Regulamento%0D%0A%0D%0ATriatlo+de+Quarteira+-+Percursos+da+Ta%C3%A7a+de+Portugal+de+Triatlo%0D%0A%0D%0ASL+Triatlo+de+Quarteira+%28Ta%C3%A7a+de+Portugal%29&amp;location=Quarteira - Avenida+Infante+de+Sagres+141' target='_blank' class='evo_ics_gCal' title='Adicionar ao calend\u00e1rio Google'>GoogleCal<\/a><\/p>\t\r\n\t\t\t\t\t\t\t<\/div>\t\t\t\t\t\t<\/div>\r\n\t\t\t\t\t\t<\/div><div class='clear end'><\/div><\/div><div id=\"event_8451\" class=\"eventon_list_event evo_eventtop past_event event\" data-event_id=\"8451\" data-time=\"1460160000-1460246400\" data-colr=\"#0092e0\" itemscope itemtype='http:\/\/schema.org\/Event' 2><div class=\"evo_event_schema\" style=\"display:none\" ><a itemprop='url'  href='https:\/\/www.federacao-triatlo.pt\/ftp2015\/events\/xiii-triatlo-do-porto-moniz-madeira\/'><\/a><span itemprop='name'  >XIII Triatlo do Porto Moniz - Madeira<\/span><meta itemprop='image' content='https:\/\/www.federacao-triatlo.pt\/ftp2015\/wp-content\/uploads\/2016\/03\/Cartaz-XIII-Tri-Porto-Moniz-212x300.jpg' ><\/meta><meta itemprop='description' content='O XIII Triatlo do Porto Moniz (encosta norte da ilha da Madeira) constitui\u00a0a \u00faltima\u00a0das 3 etapas de apuramento para os atletas dos Grupos de Idade para o seu Campeonato da' ><\/meta><meta itemprop='startDate' content='2016-4-9' ><\/meta><meta itemprop='endDate' content='2016-4-10' ><\/meta><meta itemprop='eventStatus' content='on-schedule' ><\/meta><script type=\"application\/ld+json\">{\t\"@context\": \"http:\/\/schema.org\",\r\n\t\t\t\t\t\t\t  \t\"@type\": \"Event\",\r\n\t\t\t\t\t\t\t  \t\"name\": \"XIII Triatlo do Porto Moniz - Madeira\",\r\n\t\t\t\t\t\t\t  \t\"startDate\": \"2016-4-9T00-00-00-00\",\r\n\t\t\t\t\t\t\t  \t\"endDate\": \"2016-4-10T00-00-00-00\",\r\n\t\t\t\t\t\t\t  \t\"image\":\"https:\/\/www.federacao-triatlo.pt\/ftp2015\/wp-content\/uploads\/2016\/03\/Cartaz-XIII-Tri-Porto-Moniz-212x300.jpg\",\r\n\t\t\t\t\t\t\t  \t\"description\":\"O XIII Triatlo do Porto Moniz (encosta norte da ilha da Madeira) constitui\u00a0a \u00faltima\u00a0das 3 etapas de apuramento para os atletas dos Grupos de Idade para o seu Campeonato da\",\r\n\t\t\t\t\t\t\t  \t\r\n\t\t\t\t\t\t\t }\r\n\t\t\t\t\t\t\t<\/script><\/div>\r\n\t\t\t\t<p class=\"desc_trig_outter\"><a data-gmap_status=\"null\" data-gmtrig=\"1\" data-exlk=\"0\" style=\"border-color: #0092e0;\" id=\"evc_14601600008451\" class=\"desc_trig evo_camp-reg evo_camp-reg-jovem mul_val evcal_list_a\" data-ux_val=\"1\"  ><span class='evcal_cblock ' data-bgcolor='#0092e0' data-smon='Abril' data-syr='2016'><span class='evo_start '><em class='date'>09<\/em><em class='month'>abr<\/em><em class='time'><i t=\"y\">(abr 9)<\/i>0:00<\/em><\/span><span class='evo_end '><em class='date'>10<\/em><em class='time'><i t=\"y\">(abr 10)<\/i>0:00<\/em><\/span><em class='clear'><\/em><\/span><span class='evcal_desc evo_info hide_eventtopdata '  data-location_status=\"false\" ><span class='evo_above_title'><\/span><span class='evcal_desc2 evcal_event_title' itemprop='name'>XIII Triatlo do Porto Moniz - Madeira<\/span><span class='evo_below_title'><\/span><span class='evcal_desc_info' ><\/span><span class='evcal_desc3'><span class='evcal_event_types ett1'><em><i>Tipo de Evento:<\/i><\/em><em data-filter='event_type'>Camp. Regional,<\/em><em data-filter='event_type'>Camp. Reg. Jovem<\/em><i class='clear'><\/i><\/span><\/span><\/span><em class='clear'><\/em><\/p><\/a><div class='event_description evcal_eventcard ' style=\"display:none\"><div class='evo_metarow_directimg'><img src='https:\/\/www.federacao-triatlo.pt\/ftp2015\/wp-content\/uploads\/2016\/03\/Cartaz-XIII-Tri-Porto-Moniz.jpg' \/><\/div><div class='evo_metarow_details evorow evcal_evdata_row bordb evcal_event_details'>\r\n\t\t\t\t\t\t\t<div class=\"event_excerpt\" style=\"display:none\"><h3 class=\"padb5 evo_h3\">Detalhes do Evento<\/h3><p>O XIII Triatlo do Porto Moniz (encosta norte da ilha da Madeira) constitui\u00a0a \u00faltima\u00a0das 3 etapas de apuramento para os atletas dos Grupos de Idade para o seu Campeonato da<\/p><\/div><span class='evcal_evdata_icons'><i class='fa fa-align-justify'><\/i><\/span>\r\n\t\t\t\t\t\t\t\r\n\t\t\t\t\t\t\t<div class='evcal_evdata_cell '><div class='eventon_full_description'>\r\n\t\t\t\t\t\t\t\t\t<h3 class='padb5 evo_h3'><span class='evcal_evdata_icons'><i class='fa fa-align-justify'><\/i><\/span>Detalhes do Evento<\/h3><div class='eventon_desc_in' itemprop='description'>\r\n\t\t\t\t\t\t\t\t\t<p>O XIII Triatlo do Porto Moniz (encosta norte da ilha da Madeira) constitui\u00a0a \u00faltima\u00a0das 3 etapas de apuramento para os atletas dos Grupos de Idade para o seu Campeonato da Europa de Triatlo a realizar em Lisboa de 27 a \u00a029 de Maio.<\/p>\n<p><a href=\"https:\/\/www.federacao-triatlo.pt\/ftp2015\/wp-content\/uploads\/2016\/03\/Regulamento-e-percursos-Tri-Porto-Moniz-2016.pdf\" rel=\"\">Regulamento e percursos Tri Porto Moniz 2016<\/a><\/p>\n<p><a href=\"https:\/\/www.federacao-triatlo.pt\/ftp2015\/wp-content\/uploads\/2016\/03\/Percuros-Provas-Jovens-Juvenis.pdf\" rel=\"\">Percuros Provas Jovens (Juvenis)<\/a><\/p>\n<p><a href=\"https:\/\/www.federacao-triatlo.pt\/ftp2015\/wp-content\/uploads\/2016\/03\/Percursos-Provas-Jovens-Ben-Inf-Ini1.pdf\" rel=\"\">Percursos-Provas-Jovens-Ben-Inf-Ini1<\/a><\/p>\n<p>Mais informa\u00e7\u00e3o em\u00a0http:\/\/triatlomadeira.com\/<\/p>\n<\/div><div class='clear'><\/div>\r\n\t\t\t\t\t\t\t\t<\/div>\r\n\t\t\t\t\t\t\t<\/div>\r\n\t\t\t\t\t\t<\/div><div class='evo_metarow_time evorow evcal_evdata_row bordb evcal_evrow_sm '>\r\n\t\t\t\t\t\t\t<span class='evcal_evdata_icons'><i class='fa fa-clock-o'><\/i><\/span>\r\n\t\t\t\t\t\t\t<div class='evcal_evdata_cell'>\t\t\t\t\t\t\t\r\n\t\t\t\t\t\t\t\t<h3 class='evo_h3'><span class='evcal_evdata_icons'><i class='fa fa-clock-o'><\/i><\/span>Hor\u00e1rio<\/h3><p>9 (S\u00e1bado) 0:00 - 10 (Domingo) 0:00<\/p>\r\n\t\t\t\t\t\t\t<\/div>\r\n\t\t\t\t\t\t<\/div>\t\t\t\t\t\t<div class='evo_metarow_ICS evorow bordb evcal_evdata_row'>\r\n\t\t\t\t\t\t\t<span class=\"evcal_evdata_icons\"><i class=\"fa fa-calendar\"><\/i><\/span>\r\n\t\t\t\t\t\t\t<div class='evcal_evdata_cell'>\r\n\t\t\t\t\t\t\t\t<p><a href='https:\/\/www.federacao-triatlo.pt\/ftp2015\/wp-admin\/admin-ajax.php?action=eventon_ics_download&amp;event_id=8451&amp;sunix=20160408T230000Z&amp;eunix=20160409T230000Z&amp;loca=&amp;locn=' class='evo_ics_nCal' title='Adicionar ao seu calend\u00e1rio'>Calend\u00e1rio<\/a><a href='\/\/www.google.com\/calendar\/event?action=TEMPLATE&amp;text=XIII+Triatlo+do+Porto+Moniz+-+Madeira&amp;dates=20160408T230000Z\/20160409T230000Z&amp;details=O+XIII+Triatlo+do+Porto+Moniz+%28encosta+norte+da+ilha+da+Madeira%29+constitui%C2%A0a+%C3%BAltima%C2%A0das+3+etapas+de+apuramento+para+os+atletas+dos+Grupos+de+Idade+para+o+seu+Campeonato+da&amp;location= - ' target='_blank' class='evo_ics_gCal' title='Adicionar ao calend\u00e1rio Google'>GoogleCal<\/a><\/p>\t\r\n\t\t\t\t\t\t\t<\/div>\t\t\t\t\t\t<\/div>\r\n\t\t\t\t\t\t<\/div><div class='clear end'><\/div><\/div><div id=\"event_4548\" class=\"eventon_list_event evo_eventtop past_event event\" data-event_id=\"4548\" data-time=\"1460160300-1460246100\" data-colr=\"#0092e0\" itemscope itemtype='http:\/\/schema.org\/Event' 3><div class=\"evo_event_schema\" style=\"display:none\" ><a itemprop='url'  href='https:\/\/www.federacao-triatlo.pt\/ftp2015\/events\/duatlo-de-s-lourenco-abrantes\/'><\/a><span itemprop='name'  >VI Duatlo de Abrantes - Jo\u00e3o Campos<\/span><meta itemprop='image' content='https:\/\/www.federacao-triatlo.pt\/ftp2015\/wp-content\/uploads\/2016\/01\/CARTAZ-1-212x300.jpg' ><\/meta><meta itemprop='description' content='Duatlo do Abrantes - Jo\u00e3o Campos - Regulamento\r\n\r\nDuatlo do Abrantes - Jo\u00e3o Campos - Percursos TP PORTerra\r\n\r\nDuatlo do Abrantes - Jo\u00e3o Campos - Percursos' ><\/meta><meta itemprop='startDate' content='2016-4-9' ><\/meta><meta itemprop='endDate' content='2016-4-9' ><\/meta><meta itemprop='eventStatus' content='on-schedule' ><\/meta>\r\n\t\t\t\t\t\t\t\t\t<item style=\"display:none\" itemprop=\"location\" itemscope itemtype=\"http:\/\/schema.org\/Place\">\r\n\t\t\t\t\t\t\t\t\t\t<span itemprop=\"name\">Abrantes<\/span>\r\n\t\t\t\t\t\t\t\t\t\t<span itemprop=\"address\" itemscope itemtype=\"http:\/\/schema.org\/PostalAddress\">\r\n\t\t\t\t\t\t\t\t\t\t\t<item itemprop=\"streetAddress\">Parque Urbano de S. Louren\u00e7o<\/item>\r\n\t\t\t\t\t\t\t\t\t\t<\/span><\/item><script type=\"application\/ld+json\">{\t\"@context\": \"http:\/\/schema.org\",\r\n\t\t\t\t\t\t\t  \t\"@type\": \"Event\",\r\n\t\t\t\t\t\t\t  \t\"name\": \"VI Duatlo de Abrantes - Jo\u00e3o Campos\",\r\n\t\t\t\t\t\t\t  \t\"startDate\": \"2016-4-9T00-00-05-00\",\r\n\t\t\t\t\t\t\t  \t\"endDate\": \"2016-4-9T23-23-55-00\",\r\n\t\t\t\t\t\t\t  \t\"image\":\"https:\/\/www.federacao-triatlo.pt\/ftp2015\/wp-content\/uploads\/2016\/01\/CARTAZ-1-212x300.jpg\",\r\n\t\t\t\t\t\t\t  \t\"description\":\"Duatlo do Abrantes - Jo\u00e3o Campos - Regulamento\r\n\r\nDuatlo do Abrantes - Jo\u00e3o Campos - Percursos TP PORTerra\r\n\r\nDuatlo do Abrantes - Jo\u00e3o Campos - Percursos\",\r\n\t\t\t\t\t\t\t  \t\"location\":{\r\n\t\t\t\t\t\t\t\t\t\t\"@type\":\"Place\",\r\n\t\t\t\t\t\t\t\t\t\t\"name\":\"Abrantes\",\r\n\t\t\t\t\t\t\t\t\t\t\"address\":\"Parque Urbano de S. Louren\u00e7o\"\r\n\t\t\t\t\t\t\t  \t\t}\r\n\t\t\t\t\t\t\t }\r\n\t\t\t\t\t\t\t<\/script><\/div>\r\n\t\t\t\t<p class=\"desc_trig_outter\"><a data-gmtrig=\"1\" data-exlk=\"0\" style=\"border-color: #0092e0;\" id=\"evc_14601603004548\" class=\"desc_trig evo_camp-nac-jovem evo_prova-aberta evo_taca-portugal-porterra sin_val evcal_list_a\" data-ux_val=\"1\"  ><span class='evcal_cblock ' data-bgcolor='#0092e0' data-smon='Abril' data-syr='2016'><span class='evo_start '><em class='date'>09<\/em><em class='month'>abr<\/em><em class='time'>allday<\/em><\/span><span class='evo_end only_time'><em class='time'>allday<\/em><\/span><em class='clear'><\/em><\/span><span class='evcal_desc evo_info hide_eventtopdata ' data-latlng=\"39.47532496720054 ,-8.217836879260222\"  data-location_address=\"Parque Urbano de S. Louren\u00e7o\" data-location_type=\"lonlat\" data-location_name=\"Abrantes\" data-location_status=\"true\" ><span class='evo_above_title'><\/span><span class='evcal_desc2 evcal_event_title' itemprop='name'>VI Duatlo de Abrantes - Jo\u00e3o Campos<\/span><span class='evo_below_title'><\/span><span class='evcal_desc_info' ><em class=\"evcal_location\" data-latlng=\"39.47532496720054 ,-8.217836879260222\"  data-add_str=\"\"><em class=\"event_location_name\">Abrantes<\/em><\/em><\/span><span class='evcal_desc3'><span class='evcal_event_types ett1'><em><i>Tipo de Evento:<\/i><\/em><em data-filter='event_type'>Camp. Nac. Jovem,<\/em><em data-filter='event_type'>Prova Aberta,<\/em><em data-filter='event_type'>Ta\u00e7a de Portugal PORTerra<\/em><i class='clear'><\/i><\/span><\/span><\/span><em class='clear'><\/em><\/p><\/a><div class='event_description evcal_eventcard ' style=\"display:none\"><div class='evo_metarow_directimg'><img src='https:\/\/www.federacao-triatlo.pt\/ftp2015\/wp-content\/uploads\/2016\/01\/CARTAZ-1.jpg' \/><\/div><div class='evo_metarow_details evorow evcal_evdata_row bordb evcal_event_details'>\r\n\t\t\t\t\t\t\t<div class=\"event_excerpt\" style=\"display:none\"><h3 class=\"padb5 evo_h3\">Detalhes do Evento<\/h3><p>Duatlo do Abrantes - Jo\u00e3o Campos - Regulamento\r\n\r\nDuatlo do Abrantes - Jo\u00e3o Campos - Percursos TP PORTerra\r\n\r\nDuatlo do Abrantes - Jo\u00e3o Campos - Percursos<\/p><\/div><span class='evcal_evdata_icons'><i class='fa fa-align-justify'><\/i><\/span>\r\n\t\t\t\t\t\t\t\r\n\t\t\t\t\t\t\t<div class='evcal_evdata_cell '><div class='eventon_full_description'>\r\n\t\t\t\t\t\t\t\t\t<h3 class='padb5 evo_h3'><span class='evcal_evdata_icons'><i class='fa fa-align-justify'><\/i><\/span>Detalhes do Evento<\/h3><div class='eventon_desc_in' itemprop='description'>\r\n\t\t\t\t\t\t\t\t\t<p><a href=\"https:\/\/www.federacao-triatlo.pt\/ftp2015\/wp-content\/uploads\/2016\/01\/20160409-Duatlo-do-Abrantes-Jo\u00e3o-Campos-Regulamento-3.pdf\" rel=\"\">Duatlo do Abrantes &#8211; Jo\u00e3o Campos &#8211; Regulamento<\/a><\/p>\n<p><a href=\"https:\/\/www.federacao-triatlo.pt\/ftp2015\/wp-content\/uploads\/2016\/01\/20160409-Duatlo-do-Abrantes-Jo\u00e3o-Campos-Percursos-TP-PORTerra-2.pdf\" rel=\"\">Duatlo do Abrantes &#8211; Jo\u00e3o Campos &#8211; Percursos TP PORTerra<\/a><\/p>\n<p><a href=\"https:\/\/www.federacao-triatlo.pt\/ftp2015\/wp-content\/uploads\/2016\/01\/20160409-Duatlo-do-Abrantes-Jo\u00e3o-Campos-Percursos-CN-Jovem-e-PROVA-ABERTA-1.pdf\" rel=\"\">Duatlo do Abrantes &#8211; Jo\u00e3o Campos &#8211; Percursos CN Jovem e PROVA ABERTA<\/a><\/p>\n<p><a href=\"https:\/\/www.federacao-triatlo.pt\/ftp2015\/wp-content\/uploads\/2016\/01\/SL-Duatlo-de-Abrantes-CN-Jovem.pdf\" rel=\"\">SL Duatlo de Abrantes &#8211; CN Jovem<\/a><\/p>\n<p><a href=\"https:\/\/www.federacao-triatlo.pt\/ftp2015\/wp-content\/uploads\/2016\/01\/SL-Duatlo-de-Abrantes-Prova-Aberta.pdf\" rel=\"\">SL Duatlo de Abrantes &#8211; Prova Aberta<\/a><\/p>\n<p><a href=\"https:\/\/www.federacao-triatlo.pt\/ftp2015\/wp-content\/uploads\/2016\/01\/SL-Duatlo-de-Abrantes-Ta\u00e7a-de-Portugal-1.pdf\" rel=\"\">SL Duatlo de Abrantes &#8211; Ta\u00e7a de Portugal<\/a><\/p>\n<\/div><div class='clear'><\/div>\r\n\t\t\t\t\t\t\t\t<\/div>\r\n\t\t\t\t\t\t\t<\/div>\r\n\t\t\t\t\t\t<\/div><div class='evo_metarow_gmap evorow evcal_gmaps bordb ' id='evc146016030069f3d17703c414548_gmap' style='max-width:none'><\/div><div class='evo_metarow_getDr evorow evcal_evdata_row bordb evcal_evrow_sm getdirections'>\r\n\t\t\t\t\t\t<form action='https:\/\/maps.google.com\/maps' method='get' target='_blank'>\r\n\t\t\t\t\t\t<input type='hidden' name='daddr' value='Parque Urbano de S. Louren\u00e7o'\/> \r\n\t\t\t\t\t\t<p><input class='evoInput' type='text' name='saddr' placeholder='Escreva a morada' value=''\/>\r\n\t\t\t\t\t\t<button type='submit' class='evcal_evdata_icons evcalicon_9' title='Clique aqui para obter as dire\u00e7\u00f5es'><i class='fa fa-road'><\/i><\/button>\r\n\t\t\t\t\t\t<\/p><\/form>\r\n\t\t\t\t\t<\/div><div class='evo_metarow_time_location evorow bordb '>\r\n\t\t\t\t\t\t<div class='tb' >\r\n\t\t\t\t\t\t\t<div class='tbrow'>\r\n\t\t\t\t\t\t\t<div class='evcal_col50 bordr'>\r\n\t\t\t\t\t\t\t\t<div class='evcal_evdata_row evo_time'>\r\n\t\t\t\t\t\t\t\t\t<span class='evcal_evdata_icons'><i class='fa fa-clock-o'><\/i><\/span>\r\n\t\t\t\t\t\t\t\t\t<div class='evcal_evdata_cell'>\t\t\t\t\t\t\t\r\n\t\t\t\t\t\t\t\t\t\t<h3 class='evo_h3'><span class='evcal_evdata_icons'><i class='fa fa-clock-o'><\/i><\/span>Hor\u00e1rio<\/h3>\r\n\t\t\t\t\t\t\t\t\t\t<p>Todo o dia (S\u00e1bado)<\/p>\r\n\t\t\t\t\t\t\t\t\t<\/div>\r\n\t\t\t\t\t\t\t\t<\/div>\r\n\t\t\t\t\t\t\t<\/div><div class='evcal_col50'>\r\n\t\t\t\t\t\t\t\t<div class='evcal_evdata_row evo_location'>\r\n\t\t\t\t\t\t\t\t\t<span class='evcal_evdata_icons'><i class='fa fa-map-marker'><\/i><\/span>\r\n\t\t\t\t\t\t\t\t\t<div class='evcal_evdata_cell' data-loc_tax_id='107'>\t\t\t\t\t\t\t\r\n\t\t\t\t\t\t\t\t\t\t<h3 class='evo_h3'><span class='evcal_evdata_icons'><i class='fa fa-map-marker'><\/i><\/span><a target=\"_blank\" href=\"https:\/\/goo.gl\/maps\/QYh16C1JxxEjREpH9\">Localiza\u00e7\u00e3o<\/a><\/h3><p class='evo_location_name'>Abrantes<\/p><p>Parque Urbano de S. Louren\u00e7o<\/p>\r\n\t\t\t\t\t\t\t\t\t<\/div>\r\n\t\t\t\t\t\t\t\t<\/div>\r\n\t\t\t\t\t\t\t<\/div><div class='clear'><\/div>\r\n\t\t\t\t\t\t\t<\/div><\/div>\r\n\t\t\t\t\t\t<\/div><div class='evo_metarow_organizer evorow evcal_evdata_row bordb evcal_evrow_sm '>\r\n\t\t\t\t\t\t\t<span class='evcal_evdata_icons'><i class='fa fa-headphones'><\/i><\/span>\r\n\t\t\t\t\t\t\t<div class='evcal_evdata_cell'>\t\t\t\t\t\t\t\r\n\t\t\t\t\t\t\t\t<h3 class='evo_h3'>Evento organizado por<\/h3>\r\n\t\t\t\t\t\t\t\t\r\n\t\t\t\t\t\t\t\t<div class='evo_card_organizer'><p class='evo_data_val evo_card_organizer_name'>\r\n\t\t\t\t\t\t\t\t\t<span class='evo_card_organizer_name_t'><a  href='https:\/\/www.federacao-triatlo.pt\/ftp2015'>FTP<\/a><\/span><span class='evo_card_organizer_contact'>secretaria@federacao-triatlo.pt<\/span>\r\n\t\t\t\t\t\t\t\t\t\r\n\t\t\t\t\t\t\t\t\t<\/p><\/div><div class='clear'><\/div>\t\t\t\t\t\t\t\r\n\t\t\t\t\t\t\t<\/div>\r\n\t\t\t\t\t\t<\/div>\t\t\t\t\t\t<div class='evo_metarow_ICS evorow bordb evcal_evdata_row'>\r\n\t\t\t\t\t\t\t<span class=\"evcal_evdata_icons\"><i class=\"fa fa-calendar\"><\/i><\/span>\r\n\t\t\t\t\t\t\t<div class='evcal_evdata_cell'>\r\n\t\t\t\t\t\t\t\t<p><a href='https:\/\/www.federacao-triatlo.pt\/ftp2015\/wp-admin\/admin-ajax.php?action=eventon_ics_download&amp;event_id=4548&amp;sunix=20160408T230500Z&amp;eunix=20160409T225500Z&amp;loca=Parque Urbano de S. Louren\u00e7o&amp;locn=Abrantes' class='evo_ics_nCal' title='Adicionar ao seu calend\u00e1rio'>Calend\u00e1rio<\/a><a href='\/\/www.google.com\/calendar\/event?action=TEMPLATE&amp;text=VI+Duatlo+de+Abrantes+-+Jo%C3%A3o+Campos&amp;dates=20160408T230500Z\/20160409T225500Z&amp;details=Duatlo+do+Abrantes+-+Jo%C3%A3o+Campos+-+Regulamento%0D%0A%0D%0ADuatlo+do+Abrantes+-+Jo%C3%A3o+Campos+-+Percursos+TP+PORTerra%0D%0A%0D%0ADuatlo+do+Abrantes+-+Jo%C3%A3o+Campos+-+Percursos&amp;location=Abrantes - Parque+Urbano+de+S.+Louren%C3%A7o' target='_blank' class='evo_ics_gCal' title='Adicionar ao calend\u00e1rio Google'>GoogleCal<\/a><\/p>\t\r\n\t\t\t\t\t\t\t<\/div>\t\t\t\t\t\t<\/div>\r\n\t\t\t\t\t\t<\/div><div class='clear end'><\/div><\/div><div id=\"event_7353\" class=\"eventon_list_event evo_eventtop past_event event\" data-event_id=\"7353\" data-time=\"1460246700-1460332500\" data-colr=\"#0092e0\" itemscope itemtype='http:\/\/schema.org\/Event' 4><div class=\"evo_event_schema\" style=\"display:none\" ><a itemprop='url'  href='https:\/\/www.federacao-triatlo.pt\/ftp2015\/events\/i-duatlo-btt-lobos-do-mar-povoa-de-varzim-promocao\/'><\/a><span itemprop='name'  >I DUATLO BTT LOBOS DO MAR - P\u00f3voa de Varzim - Promo\u00e7\u00e3o<\/span><meta itemprop='image' content='https:\/\/www.federacao-triatlo.pt\/ftp2015\/wp-content\/uploads\/2016\/03\/Cartaz-222x300.jpg' ><\/meta><meta itemprop='description' content='O\u00a0I Duatlo BTT LOBOS DO MAR - P\u00f3voa de Varzim \u00e9 uma prova de promo\u00e7\u00e3o e ter\u00e1 lugar no dia 10 de Abril de 2016\r\n\r\nMais informa\u00e7\u00e3o em www.duatlolobosdomar.pt e em\u00a0http:\/\/delegacaoregional.wix.com\/triatlonorte\r\n\r\nRegulamento:\r\n\r\n' ><\/meta><meta itemprop='startDate' content='2016-4-10' ><\/meta><meta itemprop='endDate' content='2016-4-10' ><\/meta><meta itemprop='eventStatus' content='on-schedule' ><\/meta><script type=\"application\/ld+json\">{\t\"@context\": \"http:\/\/schema.org\",\r\n\t\t\t\t\t\t\t  \t\"@type\": \"Event\",\r\n\t\t\t\t\t\t\t  \t\"name\": \"I DUATLO BTT LOBOS DO MAR - P\u00f3voa de Varzim - Promo\u00e7\u00e3o\",\r\n\t\t\t\t\t\t\t  \t\"startDate\": \"2016-4-10T00-00-05-00\",\r\n\t\t\t\t\t\t\t  \t\"endDate\": \"2016-4-10T23-23-55-00\",\r\n\t\t\t\t\t\t\t  \t\"image\":\"https:\/\/www.federacao-triatlo.pt\/ftp2015\/wp-content\/uploads\/2016\/03\/Cartaz-222x300.jpg\",\r\n\t\t\t\t\t\t\t  \t\"description\":\"O\u00a0I Duatlo BTT LOBOS DO MAR - P\u00f3voa de Varzim \u00e9 uma prova de promo\u00e7\u00e3o e ter\u00e1 lugar no dia 10 de Abril de 2016\r\n\r\nMais informa\u00e7\u00e3o em www.duatlolobosdomar.pt e em\u00a0http:\/\/delegacaoregional.wix.com\/triatlonorte\r\n\r\nRegulamento:\r\n\r\n\",\r\n\t\t\t\t\t\t\t  \t\r\n\t\t\t\t\t\t\t }\r\n\t\t\t\t\t\t\t<\/script><\/div>\r\n\t\t\t\t<p class=\"desc_trig_outter\"><a data-gmap_status=\"null\" data-gmtrig=\"1\" data-exlk=\"0\" style=\"border-color: #0092e0;\" id=\"evc_14602467007353\" class=\"desc_trig evo_prova-aberta sin_val evcal_list_a\" data-ux_val=\"1\"  ><span class='evcal_cblock ' data-bgcolor='#0092e0' data-smon='Abril' data-syr='2016'><span class='evo_start '><em class='date'>10<\/em><em class='month'>abr<\/em><em class='time'>allday<\/em><\/span><span class='evo_end only_time'><em class='time'>allday<\/em><\/span><em class='clear'><\/em><\/span><span class='evcal_desc evo_info hide_eventtopdata '  data-location_status=\"false\" ><span class='evo_above_title'><\/span><span class='evcal_desc2 evcal_event_title' itemprop='name'>I DUATLO BTT LOBOS DO MAR - P\u00f3voa de Varzim - Promo\u00e7\u00e3o<\/span><span class='evo_below_title'><\/span><span class='evcal_desc_info' ><\/span><span class='evcal_desc3'><span class='evcal_event_types ett1'><em><i>Tipo de Evento:<\/i><\/em><em data-filter='event_type'>Prova Aberta<\/em><i class='clear'><\/i><\/span><\/span><\/span><em class='clear'><\/em><\/p><\/a><div class='event_description evcal_eventcard ' style=\"display:none\"><div class='evo_metarow_directimg'><img src='https:\/\/www.federacao-triatlo.pt\/ftp2015\/wp-content\/uploads\/2016\/03\/Cartaz.jpg' \/><\/div><div class='evo_metarow_details evorow evcal_evdata_row bordb evcal_event_details'>\r\n\t\t\t\t\t\t\t<div class=\"event_excerpt\" style=\"display:none\"><h3 class=\"padb5 evo_h3\">Detalhes do Evento<\/h3><p>O\u00a0I Duatlo BTT LOBOS DO MAR - P\u00f3voa de Varzim \u00e9 uma prova de promo\u00e7\u00e3o e ter\u00e1 lugar no dia 10 de Abril de 2016\r\n\r\nMais informa\u00e7\u00e3o em www.duatlolobosdomar.pt e em\u00a0http:\/\/delegacaoregional.wix.com\/triatlonorte\r\n\r\nRegulamento:\r\n\r\n<\/p><\/div><span class='evcal_evdata_icons'><i class='fa fa-align-justify'><\/i><\/span>\r\n\t\t\t\t\t\t\t\r\n\t\t\t\t\t\t\t<div class='evcal_evdata_cell '><div class='eventon_full_description'>\r\n\t\t\t\t\t\t\t\t\t<h3 class='padb5 evo_h3'><span class='evcal_evdata_icons'><i class='fa fa-align-justify'><\/i><\/span>Detalhes do Evento<\/h3><div class='eventon_desc_in' itemprop='description'>\r\n\t\t\t\t\t\t\t\t\t<p>O\u00a0I Duatlo BTT LOBOS DO MAR &#8211; P\u00f3voa de Varzim \u00e9 uma prova de promo\u00e7\u00e3o e ter\u00e1 lugar no dia 10 de Abril de 2016<\/p>\n<p>Mais informa\u00e7\u00e3o em www.duatlolobosdomar.pt e em\u00a0http:\/\/delegacaoregional.wix.com\/triatlonorte<\/p>\n<p>Regulamento:<\/p>\n<p><a href=\"https:\/\/www.federacao-triatlo.pt\/ftp2015\/wp-content\/uploads\/2016\/03\/2016_04_10-Reg-I-Duatlo-Lobos-do-Mar-PVarzim_Promo\u00e7\u00e3o.pdf\" rel=\"\">2016_04_10 Reg I Duatlo Lobos do Mar PVarzim_Promo\u00e7\u00e3o<\/a><\/p>\n<\/div><div class='clear'><\/div>\r\n\t\t\t\t\t\t\t\t<\/div>\r\n\t\t\t\t\t\t\t<\/div>\r\n\t\t\t\t\t\t<\/div><div class='evo_metarow_time evorow evcal_evdata_row bordb evcal_evrow_sm '>\r\n\t\t\t\t\t\t\t<span class='evcal_evdata_icons'><i class='fa fa-clock-o'><\/i><\/span>\r\n\t\t\t\t\t\t\t<div class='evcal_evdata_cell'>\t\t\t\t\t\t\t\r\n\t\t\t\t\t\t\t\t<h3 class='evo_h3'><span class='evcal_evdata_icons'><i class='fa fa-clock-o'><\/i><\/span>Hor\u00e1rio<\/h3><p>Todo o dia (Domingo)<\/p>\r\n\t\t\t\t\t\t\t<\/div>\r\n\t\t\t\t\t\t<\/div>\t\t\t\t\t\t<div class='evo_metarow_ICS evorow bordb evcal_evdata_row'>\r\n\t\t\t\t\t\t\t<span class=\"evcal_evdata_icons\"><i class=\"fa fa-calendar\"><\/i><\/span>\r\n\t\t\t\t\t\t\t<div class='evcal_evdata_cell'>\r\n\t\t\t\t\t\t\t\t<p><a href='https:\/\/www.federacao-triatlo.pt\/ftp2015\/wp-admin\/admin-ajax.php?action=eventon_ics_download&amp;event_id=7353&amp;sunix=20160409T230500Z&amp;eunix=20160410T225500Z&amp;loca=&amp;locn=' class='evo_ics_nCal' title='Adicionar ao seu calend\u00e1rio'>Calend\u00e1rio<\/a><a href='\/\/www.google.com\/calendar\/event?action=TEMPLATE&amp;text=I+DUATLO+BTT+LOBOS+DO+MAR+-+P%C3%B3voa+de+Varzim+-+Promo%C3%A7%C3%A3o&amp;dates=20160409T230500Z\/20160410T225500Z&amp;details=O%C2%A0I+Duatlo+BTT+LOBOS+DO+MAR+-+P%C3%B3voa+de+Varzim+%C3%A9+uma+prova+de+promo%C3%A7%C3%A3o+e+ter%C3%A1+lugar+no+dia+10+de+Abril+de+2016%0D%0A%0D%0AMais+informa%C3%A7%C3%A3o+em+www.duatlolobosdomar.pt+e+em%C2%A0http%3A%2F%2Fdelegacaoregional.wix.com%2Ftriatlonorte%0D%0A%0D%0ARegulamento%3A%0D%0A%0D%0A&amp;location= - ' target='_blank' class='evo_ics_gCal' title='Adicionar ao calend\u00e1rio Google'>GoogleCal<\/a><\/p>\t\r\n\t\t\t\t\t\t\t<\/div>\t\t\t\t\t\t<\/div>\r\n\t\t\t\t\t\t<\/div><div class='clear end'><\/div><\/div><div id=\"event_4549\" class=\"eventon_list_event evo_eventtop past_event event\" data-event_id=\"4549\" data-time=\"1460765100-1460850900\" data-colr=\"#0092e0\" itemscope itemtype='http:\/\/schema.org\/Event' 5><div class=\"evo_event_schema\" style=\"display:none\" ><a itemprop='url'  href='https:\/\/www.federacao-triatlo.pt\/ftp2015\/events\/triatlo-da-amora-2\/'><\/a><span itemprop='name'  >Triatlo da Amora<\/span><meta itemprop='image' content='https:\/\/www.federacao-triatlo.pt\/ftp2015\/wp-content\/uploads\/2016\/01\/CARTAZ-01-212x300.jpg' ><\/meta><meta itemprop='description' content='Triatlo da Amora - Regulamento\r\n\r\nPercursos Prova Jovem\r\n\r\nPercursos Prova Aberta\r\n\r\nSL Triatlo da Amora (CN Jovem)\r\n\r\nSL Triatlo da Amora (Prova Aberta)' ><\/meta><meta itemprop='startDate' content='2016-4-16' ><\/meta><meta itemprop='endDate' content='2016-4-16' ><\/meta><meta itemprop='eventStatus' content='on-schedule' ><\/meta>\r\n\t\t\t\t\t\t\t\t\t<item style=\"display:none\" itemprop=\"location\" itemscope itemtype=\"http:\/\/schema.org\/Place\">\r\n\t\t\t\t\t\t\t\t\t\t<span itemprop=\"name\">Amora<\/span>\r\n\t\t\t\t\t\t\t\t\t\t<span itemprop=\"address\" itemscope itemtype=\"http:\/\/schema.org\/PostalAddress\">\r\n\t\t\t\t\t\t\t\t\t\t\t<item itemprop=\"streetAddress\"><\/item>\r\n\t\t\t\t\t\t\t\t\t\t<\/span><\/item><script type=\"application\/ld+json\">{\t\"@context\": \"http:\/\/schema.org\",\r\n\t\t\t\t\t\t\t  \t\"@type\": \"Event\",\r\n\t\t\t\t\t\t\t  \t\"name\": \"Triatlo da Amora\",\r\n\t\t\t\t\t\t\t  \t\"startDate\": \"2016-4-16T00-00-05-00\",\r\n\t\t\t\t\t\t\t  \t\"endDate\": \"2016-4-16T23-23-55-00\",\r\n\t\t\t\t\t\t\t  \t\"image\":\"https:\/\/www.federacao-triatlo.pt\/ftp2015\/wp-content\/uploads\/2016\/01\/CARTAZ-01-212x300.jpg\",\r\n\t\t\t\t\t\t\t  \t\"description\":\"Triatlo da Amora - Regulamento\r\n\r\nPercursos Prova Jovem\r\n\r\nPercursos Prova Aberta\r\n\r\nSL Triatlo da Amora (CN Jovem)\r\n\r\nSL Triatlo da Amora (Prova Aberta)\",\r\n\t\t\t\t\t\t\t  \t\r\n\t\t\t\t\t\t\t }\r\n\t\t\t\t\t\t\t<\/script><\/div>\r\n\t\t\t\t<p class=\"desc_trig_outter\"><a data-gmtrig=\"1\" data-exlk=\"0\" style=\"border-color: #0092e0;\" id=\"evc_14607651004549\" class=\"desc_trig evo_camp-nac-jovem evo_prova-aberta sin_val evcal_list_a\" data-ux_val=\"1\"  ><span class='evcal_cblock ' data-bgcolor='#0092e0' data-smon='Abril' data-syr='2016'><span class='evo_start '><em class='date'>16<\/em><em class='month'>abr<\/em><em class='time'>allday<\/em><\/span><span class='evo_end only_time'><em class='time'>allday<\/em><\/span><em class='clear'><\/em><\/span><span class='evcal_desc evo_info hide_eventtopdata ' data-latlng=\"38\u00b0 37,9\u00b0 6\"  data-location_address=\"\" data-location_type=\"lonlat\" data-location_name=\"Amora\" data-location_status=\"true\" ><span class='evo_above_title'><\/span><span class='evcal_desc2 evcal_event_title' itemprop='name'>Triatlo da Amora<\/span><span class='evo_below_title'><\/span><span class='evcal_desc_info' ><em class=\"evcal_location\" data-latlng=\"38\u00b0 37,9\u00b0 6\"  data-add_str=\"\"><em class=\"event_location_name\">Amora<\/em><\/em><\/span><span class='evcal_desc3'><span class='evcal_event_types ett1'><em><i>Tipo de Evento:<\/i><\/em><em data-filter='event_type'>Camp. Nac. Jovem,<\/em><em data-filter='event_type'>Prova Aberta<\/em><i class='clear'><\/i><\/span><\/span><\/span><em class='clear'><\/em><\/p><\/a><div class='event_description evcal_eventcard ' style=\"display:none\"><div class='evo_metarow_directimg'><img src='https:\/\/www.federacao-triatlo.pt\/ftp2015\/wp-content\/uploads\/2016\/01\/CARTAZ-01.jpg' \/><\/div><div class='evo_metarow_details evorow evcal_evdata_row bordb evcal_event_details'>\r\n\t\t\t\t\t\t\t<div class=\"event_excerpt\" style=\"display:none\"><h3 class=\"padb5 evo_h3\">Detalhes do Evento<\/h3><p>Triatlo da Amora - Regulamento\r\n\r\nPercursos Prova Jovem\r\n\r\nPercursos Prova Aberta\r\n\r\nSL Triatlo da Amora (CN Jovem)\r\n\r\nSL Triatlo da Amora (Prova Aberta)<\/p><\/div><span class='evcal_evdata_icons'><i class='fa fa-align-justify'><\/i><\/span>\r\n\t\t\t\t\t\t\t\r\n\t\t\t\t\t\t\t<div class='evcal_evdata_cell '><div class='eventon_full_description'>\r\n\t\t\t\t\t\t\t\t\t<h3 class='padb5 evo_h3'><span class='evcal_evdata_icons'><i class='fa fa-align-justify'><\/i><\/span>Detalhes do Evento<\/h3><div class='eventon_desc_in' itemprop='description'>\r\n\t\t\t\t\t\t\t\t\t<p><a href=\"https:\/\/www.federacao-triatlo.pt\/ftp2015\/wp-content\/uploads\/2016\/01\/20160416-Triatlo-da-Amora-Regulamento.pdf\" rel=\"\">Triatlo da Amora &#8211; Regulamento<\/a><\/p>\n<p><a href=\"https:\/\/www.federacao-triatlo.pt\/ftp2015\/wp-content\/uploads\/2016\/01\/Percursos-Prova-Jovem.pdf\" rel=\"\">Percursos Prova Jovem<\/a><\/p>\n<p><a href=\"https:\/\/www.federacao-triatlo.pt\/ftp2015\/wp-content\/uploads\/2016\/01\/Percursos-Prova-Aberta.pdf\" rel=\"\">Percursos Prova Aberta<\/a><\/p>\n<p><a href=\"https:\/\/www.federacao-triatlo.pt\/ftp2015\/wp-content\/uploads\/2016\/01\/SL-Triatlo-da-Amora-CN-Jovem.pdf\" rel=\"\">SL Triatlo da Amora (CN Jovem)<\/a><\/p>\n<p><a href=\"https:\/\/www.federacao-triatlo.pt\/ftp2015\/wp-content\/uploads\/2016\/01\/SL-Triatlo-da-Amora-Prova-Aberta.pdf\" rel=\"\">SL Triatlo da Amora (Prova Aberta)<\/a><\/p>\n<\/div><div class='clear'><\/div>\r\n\t\t\t\t\t\t\t\t<\/div>\r\n\t\t\t\t\t\t\t<\/div>\r\n\t\t\t\t\t\t<\/div><div class='evo_metarow_gmap evorow evcal_gmaps bordb ' id='evc146076510069f3d17704ea24549_gmap' style='max-width:none'><\/div><div class='evo_metarow_getDr evorow evcal_evdata_row bordb evcal_evrow_sm getdirections'>\r\n\t\t\t\t\t\t<form action='https:\/\/maps.google.com\/maps' method='get' target='_blank'>\r\n\t\t\t\t\t\t<input type='hidden' name='daddr' value='38\u00b0 37,9\u00b0 6'\/> \r\n\t\t\t\t\t\t<p><input class='evoInput' type='text' name='saddr' placeholder='Escreva a morada' value=''\/>\r\n\t\t\t\t\t\t<button type='submit' class='evcal_evdata_icons evcalicon_9' title='Clique aqui para obter as dire\u00e7\u00f5es'><i class='fa fa-road'><\/i><\/button>\r\n\t\t\t\t\t\t<\/p><\/form>\r\n\t\t\t\t\t<\/div><div class='evo_metarow_time_location evorow bordb '>\r\n\t\t\t\t\t\t<div class='tb' >\r\n\t\t\t\t\t\t\t<div class='tbrow'>\r\n\t\t\t\t\t\t\t<div class='evcal_col50 bordr'>\r\n\t\t\t\t\t\t\t\t<div class='evcal_evdata_row evo_time'>\r\n\t\t\t\t\t\t\t\t\t<span class='evcal_evdata_icons'><i class='fa fa-clock-o'><\/i><\/span>\r\n\t\t\t\t\t\t\t\t\t<div class='evcal_evdata_cell'>\t\t\t\t\t\t\t\r\n\t\t\t\t\t\t\t\t\t\t<h3 class='evo_h3'><span class='evcal_evdata_icons'><i class='fa fa-clock-o'><\/i><\/span>Hor\u00e1rio<\/h3>\r\n\t\t\t\t\t\t\t\t\t\t<p>Todo o dia (S\u00e1bado)<\/p>\r\n\t\t\t\t\t\t\t\t\t<\/div>\r\n\t\t\t\t\t\t\t\t<\/div>\r\n\t\t\t\t\t\t\t<\/div><div class='evcal_col50'>\r\n\t\t\t\t\t\t\t\t<div class='evcal_evdata_row evo_location'>\r\n\t\t\t\t\t\t\t\t\t<span class='evcal_evdata_icons'><i class='fa fa-map-marker'><\/i><\/span>\r\n\t\t\t\t\t\t\t\t\t<div class='evcal_evdata_cell' data-loc_tax_id='108'>\t\t\t\t\t\t\t\r\n\t\t\t\t\t\t\t\t\t\t<h3 class='evo_h3'><span class='evcal_evdata_icons'><i class='fa fa-map-marker'><\/i><\/span>Localiza\u00e7\u00e3o<\/h3><p class='evo_location_name'>Amora<\/p><p><\/p>\r\n\t\t\t\t\t\t\t\t\t<\/div>\r\n\t\t\t\t\t\t\t\t<\/div>\r\n\t\t\t\t\t\t\t<\/div><div class='clear'><\/div>\r\n\t\t\t\t\t\t\t<\/div><\/div>\r\n\t\t\t\t\t\t<\/div><div class='evo_metarow_organizer evorow evcal_evdata_row bordb evcal_evrow_sm '>\r\n\t\t\t\t\t\t\t<span class='evcal_evdata_icons'><i class='fa fa-headphones'><\/i><\/span>\r\n\t\t\t\t\t\t\t<div class='evcal_evdata_cell'>\t\t\t\t\t\t\t\r\n\t\t\t\t\t\t\t\t<h3 class='evo_h3'>Evento organizado por<\/h3>\r\n\t\t\t\t\t\t\t\t\r\n\t\t\t\t\t\t\t\t<div class='evo_card_organizer'><p class='evo_data_val evo_card_organizer_name'>\r\n\t\t\t\t\t\t\t\t\t<span class='evo_card_organizer_name_t'><a  href='https:\/\/www.federacao-triatlo.pt\/ftp2015'>FTP<\/a><\/span><span class='evo_card_organizer_contact'>secretaria@federacao-triatlo.pt<\/span>\r\n\t\t\t\t\t\t\t\t\t\r\n\t\t\t\t\t\t\t\t\t<\/p><\/div><div class='clear'><\/div>\t\t\t\t\t\t\t\r\n\t\t\t\t\t\t\t<\/div>\r\n\t\t\t\t\t\t<\/div>\t\t\t\t\t\t<div class='evo_metarow_ICS evorow bordb evcal_evdata_row'>\r\n\t\t\t\t\t\t\t<span class=\"evcal_evdata_icons\"><i class=\"fa fa-calendar\"><\/i><\/span>\r\n\t\t\t\t\t\t\t<div class='evcal_evdata_cell'>\r\n\t\t\t\t\t\t\t\t<p><a href='https:\/\/www.federacao-triatlo.pt\/ftp2015\/wp-admin\/admin-ajax.php?action=eventon_ics_download&amp;event_id=4549&amp;sunix=20160415T230500Z&amp;eunix=20160416T225500Z&amp;loca=&amp;locn=Amora' class='evo_ics_nCal' title='Adicionar ao seu calend\u00e1rio'>Calend\u00e1rio<\/a><a href='\/\/www.google.com\/calendar\/event?action=TEMPLATE&amp;text=Triatlo+da+Amora&amp;dates=20160415T230500Z\/20160416T225500Z&amp;details=Triatlo+da+Amora+-+Regulamento%0D%0A%0D%0APercursos+Prova+Jovem%0D%0A%0D%0APercursos+Prova+Aberta%0D%0A%0D%0ASL+Triatlo+da+Amora+%28CN+Jovem%29%0D%0A%0D%0ASL+Triatlo+da+Amora+%28Prova+Aberta%29&amp;location=Amora - ' target='_blank' class='evo_ics_gCal' title='Adicionar ao calend\u00e1rio Google'>GoogleCal<\/a><\/p>\t\r\n\t\t\t\t\t\t\t<\/div>\t\t\t\t\t\t<\/div>\r\n\t\t\t\t\t\t<\/div><div class='clear end'><\/div><\/div><div id=\"event_7465\" class=\"eventon_list_event evo_eventtop past_event event\" data-event_id=\"7465\" data-time=\"1460851500-1460937300\" data-colr=\"#0092e0\" itemscope itemtype='http:\/\/schema.org\/Event' 6><div class=\"evo_event_schema\" style=\"display:none\" ><a itemprop='url'  href='https:\/\/www.federacao-triatlo.pt\/ftp2015\/events\/i-duatlo-de-viana-do-castelo-promocao\/'><\/a><span itemprop='name'  >I Duatlo de Viana do Castelo - Promo\u00e7\u00e3o<\/span><meta itemprop='image' content='https:\/\/www.federacao-triatlo.pt\/ftp2015\/wp-content\/uploads\/2016\/03\/Cartaz-Duatlo-V-Castelo-196x300.jpg' ><\/meta><meta itemprop='description' content='No dia 17 de Abril, a cidade de Viana do Castelo ir\u00e1 ter\u00a0a sua prova de Duatlo em estrada.\r\n\r\nSer\u00e1 uma prova de promo\u00e7\u00e3o.\r\n\r\nRegulamento e percursos em breve em\u00a0http:\/\/www.vianacycles.pt\/\r\n\r\nMais informa\u00e7\u00e3o em\u00a0http:\/\/delegacaoregional.wix.com\/triatlonorte' ><\/meta><meta itemprop='startDate' content='2016-4-17' ><\/meta><meta itemprop='endDate' content='2016-4-17' ><\/meta><meta itemprop='eventStatus' content='on-schedule' ><\/meta><script type=\"application\/ld+json\">{\t\"@context\": \"http:\/\/schema.org\",\r\n\t\t\t\t\t\t\t  \t\"@type\": \"Event\",\r\n\t\t\t\t\t\t\t  \t\"name\": \"I Duatlo de Viana do Castelo - Promo\u00e7\u00e3o\",\r\n\t\t\t\t\t\t\t  \t\"startDate\": \"2016-4-17T00-00-05-00\",\r\n\t\t\t\t\t\t\t  \t\"endDate\": \"2016-4-17T23-23-55-00\",\r\n\t\t\t\t\t\t\t  \t\"image\":\"https:\/\/www.federacao-triatlo.pt\/ftp2015\/wp-content\/uploads\/2016\/03\/Cartaz-Duatlo-V-Castelo-196x300.jpg\",\r\n\t\t\t\t\t\t\t  \t\"description\":\"No dia 17 de Abril, a cidade de Viana do Castelo ir\u00e1 ter\u00a0a sua prova de Duatlo em estrada.\r\n\r\nSer\u00e1 uma prova de promo\u00e7\u00e3o.\r\n\r\nRegulamento e percursos em breve em\u00a0http:\/\/www.vianacycles.pt\/\r\n\r\nMais informa\u00e7\u00e3o em\u00a0http:\/\/delegacaoregional.wix.com\/triatlonorte\",\r\n\t\t\t\t\t\t\t  \t\r\n\t\t\t\t\t\t\t }\r\n\t\t\t\t\t\t\t<\/script><\/div>\r\n\t\t\t\t<p class=\"desc_trig_outter\"><a data-gmap_status=\"null\" data-gmtrig=\"1\" data-exlk=\"0\" style=\"border-color: #0092e0;\" id=\"evc_14608515007465\" class=\"desc_trig evo_prova-aberta sin_val evcal_list_a\" data-ux_val=\"1\"  ><span class='evcal_cblock ' data-bgcolor='#0092e0' data-smon='Abril' data-syr='2016'><span class='evo_start '><em class='date'>17<\/em><em class='month'>abr<\/em><em class='time'>allday<\/em><\/span><span class='evo_end only_time'><em class='time'>allday<\/em><\/span><em class='clear'><\/em><\/span><span class='evcal_desc evo_info hide_eventtopdata '  data-location_status=\"false\" ><span class='evo_above_title'><\/span><span class='evcal_desc2 evcal_event_title' itemprop='name'>I Duatlo de Viana do Castelo - Promo\u00e7\u00e3o<\/span><span class='evo_below_title'><\/span><span class='evcal_desc_info' ><\/span><span class='evcal_desc3'><span class='evcal_event_types ett1'><em><i>Tipo de Evento:<\/i><\/em><em data-filter='event_type'>Prova Aberta<\/em><i class='clear'><\/i><\/span><\/span><\/span><em class='clear'><\/em><\/p><\/a><div class='event_description evcal_eventcard ' style=\"display:none\"><div class='evo_metarow_directimg'><img src='https:\/\/www.federacao-triatlo.pt\/ftp2015\/wp-content\/uploads\/2016\/03\/Cartaz-Duatlo-V-Castelo.jpg' \/><\/div><div class='evo_metarow_details evorow evcal_evdata_row bordb evcal_event_details'>\r\n\t\t\t\t\t\t\t<div class=\"event_excerpt\" style=\"display:none\"><h3 class=\"padb5 evo_h3\">Detalhes do Evento<\/h3><p>No dia 17 de Abril, a cidade de Viana do Castelo ir\u00e1 ter\u00a0a sua prova de Duatlo em estrada.\r\n\r\nSer\u00e1 uma prova de promo\u00e7\u00e3o.\r\n\r\nRegulamento e percursos em breve em\u00a0http:\/\/www.vianacycles.pt\/\r\n\r\nMais informa\u00e7\u00e3o em\u00a0http:\/\/delegacaoregional.wix.com\/triatlonorte<\/p><\/div><span class='evcal_evdata_icons'><i class='fa fa-align-justify'><\/i><\/span>\r\n\t\t\t\t\t\t\t\r\n\t\t\t\t\t\t\t<div class='evcal_evdata_cell '><div class='eventon_full_description'>\r\n\t\t\t\t\t\t\t\t\t<h3 class='padb5 evo_h3'><span class='evcal_evdata_icons'><i class='fa fa-align-justify'><\/i><\/span>Detalhes do Evento<\/h3><div class='eventon_desc_in' itemprop='description'>\r\n\t\t\t\t\t\t\t\t\t<p>No dia 17 de Abril, a cidade de Viana do Castelo ir\u00e1 ter\u00a0a sua prova de Duatlo em estrada.<\/p>\n<p>Ser\u00e1 uma prova de promo\u00e7\u00e3o.<\/p>\n<p>Regulamento e percursos em breve em\u00a0http:\/\/www.vianacycles.pt\/<\/p>\n<p>Mais informa\u00e7\u00e3o em\u00a0http:\/\/delegacaoregional.wix.com\/triatlonorte<\/p>\n<\/div><div class='clear'><\/div>\r\n\t\t\t\t\t\t\t\t<\/div>\r\n\t\t\t\t\t\t\t<\/div>\r\n\t\t\t\t\t\t<\/div><div class='evo_metarow_time evorow evcal_evdata_row bordb evcal_evrow_sm '>\r\n\t\t\t\t\t\t\t<span class='evcal_evdata_icons'><i class='fa fa-clock-o'><\/i><\/span>\r\n\t\t\t\t\t\t\t<div class='evcal_evdata_cell'>\t\t\t\t\t\t\t\r\n\t\t\t\t\t\t\t\t<h3 class='evo_h3'><span class='evcal_evdata_icons'><i class='fa fa-clock-o'><\/i><\/span>Hor\u00e1rio<\/h3><p>Todo o dia (Domingo)<\/p>\r\n\t\t\t\t\t\t\t<\/div>\r\n\t\t\t\t\t\t<\/div>\t\t\t\t\t\t<div class='evo_metarow_ICS evorow bordb evcal_evdata_row'>\r\n\t\t\t\t\t\t\t<span class=\"evcal_evdata_icons\"><i class=\"fa fa-calendar\"><\/i><\/span>\r\n\t\t\t\t\t\t\t<div class='evcal_evdata_cell'>\r\n\t\t\t\t\t\t\t\t<p><a href='https:\/\/www.federacao-triatlo.pt\/ftp2015\/wp-admin\/admin-ajax.php?action=eventon_ics_download&amp;event_id=7465&amp;sunix=20160416T230500Z&amp;eunix=20160417T225500Z&amp;loca=&amp;locn=' class='evo_ics_nCal' title='Adicionar ao seu calend\u00e1rio'>Calend\u00e1rio<\/a><a href='\/\/www.google.com\/calendar\/event?action=TEMPLATE&amp;text=I+Duatlo+de+Viana+do+Castelo+-+Promo%C3%A7%C3%A3o&amp;dates=20160416T230500Z\/20160417T225500Z&amp;details=No+dia+17+de+Abril%2C+a+cidade+de+Viana+do+Castelo+ir%C3%A1+ter%C2%A0a+sua+prova+de+Duatlo+em+estrada.%0D%0A%0D%0ASer%C3%A1+uma+prova+de+promo%C3%A7%C3%A3o.%0D%0A%0D%0ARegulamento+e+percursos+em+breve+em%C2%A0http%3A%2F%2Fwww.vianacycles.pt%2F%0D%0A%0D%0AMais+informa%C3%A7%C3%A3o+em%C2%A0http%3A%2F%2Fdelegacaoregional.wix.com%2Ftriatlonorte&amp;location= - ' target='_blank' class='evo_ics_gCal' title='Adicionar ao calend\u00e1rio Google'>GoogleCal<\/a><\/p>\t\r\n\t\t\t\t\t\t\t<\/div>\t\t\t\t\t\t<\/div>\r\n\t\t\t\t\t\t<\/div><div class='clear end'><\/div><\/div><div id=\"event_4551\" class=\"eventon_list_event evo_eventtop past_event event\" data-event_id=\"4551\" data-time=\"1461369900-1461455700\" data-colr=\"#0092e0\" itemscope itemtype='http:\/\/schema.org\/Event' 7><div class=\"evo_event_schema\" style=\"display:none\" ><a itemprop='url'  href='https:\/\/www.federacao-triatlo.pt\/ftp2015\/events\/triatlo-da-praia-da-luz-2\/'><\/a><span itemprop='name'  >Triatlo da Praia da Luz<\/span><meta itemprop='image'  ><\/meta><meta itemprop='description' content='Resultados:\r\n\r\nSprint_P da Luz 2016\r\n\r\nOlimpic_P da Luz 2016 2\r\n\r\nA Praia da Luz ir\u00e1 receber em 23 de Abril de 2016 um evento promocional de Triatlo em 2' ><\/meta><meta itemprop='startDate' content='2016-4-23' ><\/meta><meta itemprop='endDate' content='2016-4-23' ><\/meta><meta itemprop='eventStatus' content='on-schedule' ><\/meta><script type=\"application\/ld+json\">{\t\"@context\": \"http:\/\/schema.org\",\r\n\t\t\t\t\t\t\t  \t\"@type\": \"Event\",\r\n\t\t\t\t\t\t\t  \t\"name\": \"Triatlo da Praia da Luz\",\r\n\t\t\t\t\t\t\t  \t\"startDate\": \"2016-4-23T00-00-05-00\",\r\n\t\t\t\t\t\t\t  \t\"endDate\": \"2016-4-23T23-23-55-00\",\r\n\t\t\t\t\t\t\t  \t\"image\":,\r\n\t\t\t\t\t\t\t  \t\"description\":\"Resultados:\r\n\r\nSprint_P da Luz 2016\r\n\r\nOlimpic_P da Luz 2016 2\r\n\r\nA Praia da Luz ir\u00e1 receber em 23 de Abril de 2016 um evento promocional de Triatlo em 2\",\r\n\t\t\t\t\t\t\t  \t\r\n\t\t\t\t\t\t\t }\r\n\t\t\t\t\t\t\t<\/script><\/div>\r\n\t\t\t\t<p class=\"desc_trig_outter\"><a data-gmap_status=\"null\" data-gmtrig=\"1\" data-exlk=\"0\" style=\"border-color: #0092e0;\" id=\"evc_14613699004551\" class=\"desc_trig evo_prova-aberta sin_val evcal_list_a\" data-ux_val=\"1\"  ><span class='evcal_cblock ' data-bgcolor='#0092e0' data-smon='Abril' data-syr='2016'><span class='evo_start '><em class='date'>23<\/em><em class='month'>abr<\/em><em class='time'>allday<\/em><\/span><span class='evo_end only_time'><em class='time'>allday<\/em><\/span><em class='clear'><\/em><\/span><span class='evcal_desc evo_info hide_eventtopdata '  data-location_status=\"false\" ><span class='evo_above_title'><\/span><span class='evcal_desc2 evcal_event_title' itemprop='name'>Triatlo da Praia da Luz<\/span><span class='evo_below_title'><\/span><span class='evcal_desc_info' ><em class=\"evcal_location\"  data-add_str=\"\"><em class=\"event_location_name\">Portugal<\/em><\/em><\/span><span class='evcal_desc3'><span class='evcal_event_types ett1'><em><i>Tipo de Evento:<\/i><\/em><em data-filter='event_type'>Prova Aberta<\/em><i class='clear'><\/i><\/span><\/span><\/span><em class='clear'><\/em><\/p><\/a><div class='event_description evcal_eventcard ' style=\"display:none\"><div class='evo_metarow_details evorow evcal_evdata_row bordb evcal_event_details'>\r\n\t\t\t\t\t\t\t<div class=\"event_excerpt\" style=\"display:none\"><h3 class=\"padb5 evo_h3\">Detalhes do Evento<\/h3><p>Resultados:\r\n\r\nSprint_P da Luz 2016\r\n\r\nOlimpic_P da Luz 2016 2\r\n\r\nA Praia da Luz ir\u00e1 receber em 23 de Abril de 2016 um evento promocional de Triatlo em 2<\/p><\/div><span class='evcal_evdata_icons'><i class='fa fa-align-justify'><\/i><\/span>\r\n\t\t\t\t\t\t\t\r\n\t\t\t\t\t\t\t<div class='evcal_evdata_cell '><div class='eventon_full_description'>\r\n\t\t\t\t\t\t\t\t\t<h3 class='padb5 evo_h3'><span class='evcal_evdata_icons'><i class='fa fa-align-justify'><\/i><\/span>Detalhes do Evento<\/h3><div class='eventon_desc_in' itemprop='description'>\r\n\t\t\t\t\t\t\t\t\t<p>Resultados:<\/p>\n<p><a href=\"https:\/\/www.federacao-triatlo.pt\/ftp2015\/wp-content\/uploads\/2016\/01\/Sprint_P-da-Luz-2016.xlsx\" rel=\"\">Sprint_P da Luz 2016<\/a><\/p>\n<p><a href=\"https:\/\/www.federacao-triatlo.pt\/ftp2015\/wp-content\/uploads\/2016\/01\/Olimpic_P-da-Luz-2016-2.xlsx\" rel=\"\">Olimpic_P da Luz 2016 2<\/a><\/p>\n<p>A Praia da Luz ir\u00e1 receber em 23 de Abril de 2016 um evento promocional de Triatlo em 2 dist\u00e2ncias, sprint e standard\/ol\u00edmpica.<\/p>\n<p>Informa\u00e7\u00f5es e inscri\u00e7\u00f5es: www.algarvetriathlons.com<\/p>\n<p><strong>Email:<\/strong>info@algarvetriathlons.com<\/p>\n<p><strong>Tel:<\/strong> (+351) 933 713 867<\/p>\n<\/div><div class='clear'><\/div>\r\n\t\t\t\t\t\t\t\t<\/div>\r\n\t\t\t\t\t\t\t<\/div>\r\n\t\t\t\t\t\t<\/div><div class='evo_metarow_time_location evorow bordb '>\r\n\t\t\t\t\t\t<div class='tb' >\r\n\t\t\t\t\t\t\t<div class='tbrow'>\r\n\t\t\t\t\t\t\t<div class='evcal_col50 bordr'>\r\n\t\t\t\t\t\t\t\t<div class='evcal_evdata_row evo_time'>\r\n\t\t\t\t\t\t\t\t\t<span class='evcal_evdata_icons'><i class='fa fa-clock-o'><\/i><\/span>\r\n\t\t\t\t\t\t\t\t\t<div class='evcal_evdata_cell'>\t\t\t\t\t\t\t\r\n\t\t\t\t\t\t\t\t\t\t<h3 class='evo_h3'><span class='evcal_evdata_icons'><i class='fa fa-clock-o'><\/i><\/span>Hor\u00e1rio<\/h3>\r\n\t\t\t\t\t\t\t\t\t\t<p>Todo o dia (S\u00e1bado)<\/p>\r\n\t\t\t\t\t\t\t\t\t<\/div>\r\n\t\t\t\t\t\t\t\t<\/div>\r\n\t\t\t\t\t\t\t<\/div><div class='evcal_col50'>\r\n\t\t\t\t\t\t\t\t<div class='evcal_evdata_row evo_location'>\r\n\t\t\t\t\t\t\t\t\t<span class='evcal_evdata_icons'><i class='fa fa-map-marker'><\/i><\/span>\r\n\t\t\t\t\t\t\t\t\t<div class='evcal_evdata_cell' data-loc_tax_id='217'>\t\t\t\t\t\t\t\r\n\t\t\t\t\t\t\t\t\t\t<h3 class='evo_h3'><span class='evcal_evdata_icons'><i class='fa fa-map-marker'><\/i><\/span>Localiza\u00e7\u00e3o<\/h3><p class='evo_location_name'>Portugal<\/p><p><\/p>\r\n\t\t\t\t\t\t\t\t\t<\/div>\r\n\t\t\t\t\t\t\t\t<\/div>\r\n\t\t\t\t\t\t\t<\/div><div class='clear'><\/div>\r\n\t\t\t\t\t\t\t<\/div><\/div>\r\n\t\t\t\t\t\t<\/div><div class='evo_metarow_organizer evorow evcal_evdata_row bordb evcal_evrow_sm '>\r\n\t\t\t\t\t\t\t<span class='evcal_evdata_icons'><i class='fa fa-headphones'><\/i><\/span>\r\n\t\t\t\t\t\t\t<div class='evcal_evdata_cell'>\t\t\t\t\t\t\t\r\n\t\t\t\t\t\t\t\t<h3 class='evo_h3'>Evento organizado por<\/h3>\r\n\t\t\t\t\t\t\t\t\r\n\t\t\t\t\t\t\t\t<div class='evo_card_organizer'><p class='evo_data_val evo_card_organizer_name'>\r\n\t\t\t\t\t\t\t\t\t<span class='evo_card_organizer_name_t'>www.algarvetriathlons.com<\/span>\r\n\t\t\t\t\t\t\t\t\t\r\n\t\t\t\t\t\t\t\t\t<\/p><\/div><div class='clear'><\/div>\t\t\t\t\t\t\t\r\n\t\t\t\t\t\t\t<\/div>\r\n\t\t\t\t\t\t<\/div>\t\t\t\t\t\t<div class='evo_metarow_ICS evorow bordb evcal_evdata_row'>\r\n\t\t\t\t\t\t\t<span class=\"evcal_evdata_icons\"><i class=\"fa fa-calendar\"><\/i><\/span>\r\n\t\t\t\t\t\t\t<div class='evcal_evdata_cell'>\r\n\t\t\t\t\t\t\t\t<p><a href='https:\/\/www.federacao-triatlo.pt\/ftp2015\/wp-admin\/admin-ajax.php?action=eventon_ics_download&amp;event_id=4551&amp;sunix=20160422T230500Z&amp;eunix=20160423T225500Z&amp;loca=&amp;locn=Portugal' class='evo_ics_nCal' title='Adicionar ao seu calend\u00e1rio'>Calend\u00e1rio<\/a><a href='\/\/www.google.com\/calendar\/event?action=TEMPLATE&amp;text=Triatlo+da+Praia+da+Luz&amp;dates=20160422T230500Z\/20160423T225500Z&amp;details=Resultados%3A%0D%0A%0D%0ASprint_P+da+Luz+2016%0D%0A%0D%0AOlimpic_P+da+Luz+2016+2%0D%0A%0D%0AA+Praia+da+Luz+ir%C3%A1+receber+em+23+de+Abril+de+2016+um+evento+promocional+de+Triatlo+em+2&amp;location=Portugal - ' target='_blank' class='evo_ics_gCal' title='Adicionar ao calend\u00e1rio Google'>GoogleCal<\/a><\/p>\t\r\n\t\t\t\t\t\t\t<\/div>\t\t\t\t\t\t<\/div>\r\n\t\t\t\t\t\t<\/div><div class='clear end'><\/div><\/div><div id=\"event_7467\" class=\"eventon_list_event evo_eventtop past_event event\" data-event_id=\"7467\" data-time=\"1461369900-1461455700\" data-colr=\"#0092e0\" itemscope itemtype='http:\/\/schema.org\/Event' 8><div class=\"evo_event_schema\" style=\"display:none\" ><a itemprop='url'  href='https:\/\/www.federacao-triatlo.pt\/ftp2015\/events\/ii-duatlo-de-lamego-campeonato-regional-norte\/'><\/a><span itemprop='name'  >II Duatlo de Lamego - Campeonato Regional Norte<\/span><meta itemprop='image' content='https:\/\/www.federacao-triatlo.pt\/ftp2015\/wp-content\/uploads\/2016\/03\/Cartaz-Duatlo-Lamego-211x300.png' ><\/meta><meta itemprop='description' content='O II Duatlo de Lamego acolher\u00e1 o Campeonato Regional Norte de Duatlo por Clubes, ir\u00e1 contar para o Circuito regional Norte de Duatlo e as provas para jovens contam para' ><\/meta><meta itemprop='startDate' content='2016-4-23' ><\/meta><meta itemprop='endDate' content='2016-4-23' ><\/meta><meta itemprop='eventStatus' content='on-schedule' ><\/meta><script type=\"application\/ld+json\">{\t\"@context\": \"http:\/\/schema.org\",\r\n\t\t\t\t\t\t\t  \t\"@type\": \"Event\",\r\n\t\t\t\t\t\t\t  \t\"name\": \"II Duatlo de Lamego - Campeonato Regional Norte\",\r\n\t\t\t\t\t\t\t  \t\"startDate\": \"2016-4-23T00-00-05-00\",\r\n\t\t\t\t\t\t\t  \t\"endDate\": \"2016-4-23T23-23-55-00\",\r\n\t\t\t\t\t\t\t  \t\"image\":\"https:\/\/www.federacao-triatlo.pt\/ftp2015\/wp-content\/uploads\/2016\/03\/Cartaz-Duatlo-Lamego-211x300.png\",\r\n\t\t\t\t\t\t\t  \t\"description\":\"O II Duatlo de Lamego acolher\u00e1 o Campeonato Regional Norte de Duatlo por Clubes, ir\u00e1 contar para o Circuito regional Norte de Duatlo e as provas para jovens contam para\",\r\n\t\t\t\t\t\t\t  \t\r\n\t\t\t\t\t\t\t }\r\n\t\t\t\t\t\t\t<\/script><\/div>\r\n\t\t\t\t<p class=\"desc_trig_outter\"><a data-gmap_status=\"null\" data-gmtrig=\"1\" data-exlk=\"0\" style=\"border-color: #0092e0;\" id=\"evc_14613699007467\" class=\"desc_trig evo_camp-reg evo_circuito-regional sin_val evcal_list_a\" data-ux_val=\"1\"  ><span class='evcal_cblock ' data-bgcolor='#0092e0' data-smon='Abril' data-syr='2016'><span class='evo_start '><em class='date'>23<\/em><em class='month'>abr<\/em><em class='time'>allday<\/em><\/span><span class='evo_end only_time'><em class='time'>allday<\/em><\/span><em class='clear'><\/em><\/span><span class='evcal_desc evo_info hide_eventtopdata '  data-location_status=\"false\" ><span class='evo_above_title'><\/span><span class='evcal_desc2 evcal_event_title' itemprop='name'>II Duatlo de Lamego - Campeonato Regional Norte<\/span><span class='evo_below_title'><\/span><span class='evcal_desc_info' ><\/span><span class='evcal_desc3'><span class='evcal_event_types ett1'><em><i>Tipo de Evento:<\/i><\/em><em data-filter='event_type'>Camp. Regional,<\/em><em data-filter='event_type'>Circuito Regional<\/em><i class='clear'><\/i><\/span><\/span><\/span><em class='clear'><\/em><\/p><\/a><div class='event_description evcal_eventcard ' style=\"display:none\"><div class='evo_metarow_directimg'><img src='https:\/\/www.federacao-triatlo.pt\/ftp2015\/wp-content\/uploads\/2016\/03\/Cartaz-Duatlo-Lamego.png' \/><\/div><div class='evo_metarow_details evorow evcal_evdata_row bordb evcal_event_details'>\r\n\t\t\t\t\t\t\t<div class=\"event_excerpt\" style=\"display:none\"><h3 class=\"padb5 evo_h3\">Detalhes do Evento<\/h3><p>O II Duatlo de Lamego acolher\u00e1 o Campeonato Regional Norte de Duatlo por Clubes, ir\u00e1 contar para o Circuito regional Norte de Duatlo e as provas para jovens contam para<\/p><\/div><span class='evcal_evdata_icons'><i class='fa fa-align-justify'><\/i><\/span>\r\n\t\t\t\t\t\t\t\r\n\t\t\t\t\t\t\t<div class='evcal_evdata_cell '><div class='eventon_full_description'>\r\n\t\t\t\t\t\t\t\t\t<h3 class='padb5 evo_h3'><span class='evcal_evdata_icons'><i class='fa fa-align-justify'><\/i><\/span>Detalhes do Evento<\/h3><div class='eventon_desc_in' itemprop='description'>\r\n\t\t\t\t\t\t\t\t\t<p>O II Duatlo de Lamego acolher\u00e1 o Campeonato Regional Norte de Duatlo por Clubes, ir\u00e1 contar para o Circuito regional Norte de Duatlo e as provas para jovens contam para o Circuito Regional Jovem e \u00a0ir\u00e1 ser disputado no s\u00e1bado dis 23 de Abril.<\/p>\n<p>Regulamento:<\/p>\n<p><a href=\"https:\/\/www.federacao-triatlo.pt\/ftp2015\/wp-content\/uploads\/2016\/03\/2016_04_23-Reg-II-Duatlo-de-Lamego.pdf\" rel=\"\">2016_04_23 Reg II Duatlo de Lamego<\/a><\/p>\n<\/div><div class='clear'><\/div>\r\n\t\t\t\t\t\t\t\t<\/div>\r\n\t\t\t\t\t\t\t<\/div>\r\n\t\t\t\t\t\t<\/div><div class='evo_metarow_time evorow evcal_evdata_row bordb evcal_evrow_sm '>\r\n\t\t\t\t\t\t\t<span class='evcal_evdata_icons'><i class='fa fa-clock-o'><\/i><\/span>\r\n\t\t\t\t\t\t\t<div class='evcal_evdata_cell'>\t\t\t\t\t\t\t\r\n\t\t\t\t\t\t\t\t<h3 class='evo_h3'><span class='evcal_evdata_icons'><i class='fa fa-clock-o'><\/i><\/span>Hor\u00e1rio<\/h3><p>Todo o dia (S\u00e1bado)<\/p>\r\n\t\t\t\t\t\t\t<\/div>\r\n\t\t\t\t\t\t<\/div>\t\t\t\t\t\t<div class='evo_metarow_ICS evorow bordb evcal_evdata_row'>\r\n\t\t\t\t\t\t\t<span class=\"evcal_evdata_icons\"><i class=\"fa fa-calendar\"><\/i><\/span>\r\n\t\t\t\t\t\t\t<div class='evcal_evdata_cell'>\r\n\t\t\t\t\t\t\t\t<p><a href='https:\/\/www.federacao-triatlo.pt\/ftp2015\/wp-admin\/admin-ajax.php?action=eventon_ics_download&amp;event_id=7467&amp;sunix=20160422T230500Z&amp;eunix=20160423T225500Z&amp;loca=&amp;locn=' class='evo_ics_nCal' title='Adicionar ao seu calend\u00e1rio'>Calend\u00e1rio<\/a><a href='\/\/www.google.com\/calendar\/event?action=TEMPLATE&amp;text=II+Duatlo+de+Lamego+-+Campeonato+Regional+Norte&amp;dates=20160422T230500Z\/20160423T225500Z&amp;details=O+II+Duatlo+de+Lamego+acolher%C3%A1+o+Campeonato+Regional+Norte+de+Duatlo+por+Clubes%2C+ir%C3%A1+contar+para+o+Circuito+regional+Norte+de+Duatlo+e+as+provas+para+jovens+contam+para&amp;location= - ' target='_blank' class='evo_ics_gCal' title='Adicionar ao calend\u00e1rio Google'>GoogleCal<\/a><\/p>\t\r\n\t\t\t\t\t\t\t<\/div>\t\t\t\t\t\t<\/div>\r\n\t\t\t\t\t\t<\/div><div class='clear end'><\/div><\/div><div id=\"event_6315\" class=\"eventon_list_event evo_eventtop past_event event\" data-event_id=\"6315\" data-time=\"1461542700-1461628500\" data-colr=\"#0092e0\" itemscope itemtype='http:\/\/schema.org\/Event' 9><div class=\"evo_event_schema\" style=\"display:none\" ><a itemprop='url'  href='https:\/\/www.federacao-triatlo.pt\/ftp2015\/events\/triatlo-de-alpiarca\/'><\/a><span itemprop='name'  >Duatlo de Alpiar\u00e7a<\/span><meta itemprop='image'  ><\/meta><meta itemprop='description' content='Pelo reduzido n\u00famero de inscri\u00e7\u00f5es na Prova Aberta, a organiza\u00e7\u00e3o decidiu juntar as provas do Circuito Regional Jovem escal\u00e3o de juvenis e a Prova Aberta. Decorre desta op\u00e7\u00e3o que a' ><\/meta><meta itemprop='startDate' content='2016-4-25' ><\/meta><meta itemprop='endDate' content='2016-4-25' ><\/meta><meta itemprop='eventStatus' content='on-schedule' ><\/meta>\r\n\t\t\t\t\t\t\t\t\t<item style=\"display:none\" itemprop=\"location\" itemscope itemtype=\"http:\/\/schema.org\/Place\">\r\n\t\t\t\t\t\t\t\t\t\t<span itemprop=\"name\">Alpiar\u00e7a - Barragem dos Patudos<\/span>\r\n\t\t\t\t\t\t\t\t\t\t<span itemprop=\"address\" itemscope itemtype=\"http:\/\/schema.org\/PostalAddress\">\r\n\t\t\t\t\t\t\t\t\t\t\t<item itemprop=\"streetAddress\"><\/item>\r\n\t\t\t\t\t\t\t\t\t\t<\/span><\/item><script type=\"application\/ld+json\">{\t\"@context\": \"http:\/\/schema.org\",\r\n\t\t\t\t\t\t\t  \t\"@type\": \"Event\",\r\n\t\t\t\t\t\t\t  \t\"name\": \"Duatlo de Alpiar\u00e7a\",\r\n\t\t\t\t\t\t\t  \t\"startDate\": \"2016-4-25T00-00-05-00\",\r\n\t\t\t\t\t\t\t  \t\"endDate\": \"2016-4-25T23-23-55-00\",\r\n\t\t\t\t\t\t\t  \t\"image\":,\r\n\t\t\t\t\t\t\t  \t\"description\":\"Pelo reduzido n\u00famero de inscri\u00e7\u00f5es na Prova Aberta, a organiza\u00e7\u00e3o decidiu juntar as provas do Circuito Regional Jovem escal\u00e3o de juvenis e a Prova Aberta. Decorre desta op\u00e7\u00e3o que a\",\r\n\t\t\t\t\t\t\t  \t\r\n\t\t\t\t\t\t\t }\r\n\t\t\t\t\t\t\t<\/script><\/div>\r\n\t\t\t\t<p class=\"desc_trig_outter\"><a data-gmtrig=\"1\" data-exlk=\"0\" style=\"border-color: #0092e0;\" id=\"evc_14615427006315\" class=\"desc_trig evo_camp-nac evo_camp-reg-jovem evo_prova-aberta sin_val evcal_list_a\" data-ux_val=\"1\"  ><span class='evcal_cblock ' data-bgcolor='#0092e0' data-smon='Abril' data-syr='2016'><span class='evo_start '><em class='date'>25<\/em><em class='month'>abr<\/em><em class='time'>allday<\/em><\/span><span class='evo_end only_time'><em class='time'>allday<\/em><\/span><em class='clear'><\/em><\/span><span class='evcal_desc evo_info hide_eventtopdata ' data-latlng=\"39.247744,-8.589512\"  data-location_address=\"\" data-location_type=\"lonlat\" data-location_name=\"Alpiar\u00e7a - Barragem dos Patudos\" data-location_status=\"true\" ><span class='evo_above_title'><\/span><span class='evcal_desc2 evcal_event_title' itemprop='name'>Duatlo de Alpiar\u00e7a<\/span><span class='evo_below_title'><\/span><span class='evcal_desc_info' ><em class=\"evcal_location\" data-latlng=\"39.247744,-8.589512\"  data-add_str=\"\"><em class=\"event_location_name\">Alpiar\u00e7a - Barragem dos Patudos<\/em><\/em><\/span><span class='evcal_desc3'><span class='evcal_event_types ett1'><em><i>Tipo de Evento:<\/i><\/em><em data-filter='event_type'>Camp. Nac.,<\/em><em data-filter='event_type'>Camp. Reg. Jovem,<\/em><em data-filter='event_type'>Prova Aberta<\/em><i class='clear'><\/i><\/span><\/span><\/span><em class='clear'><\/em><\/p><\/a><div class='event_description evcal_eventcard ' style=\"display:none\"><div class='evo_metarow_details evorow evcal_evdata_row bordb evcal_event_details'>\r\n\t\t\t\t\t\t\t<div class=\"event_excerpt\" style=\"display:none\"><h3 class=\"padb5 evo_h3\">Detalhes do Evento<\/h3><p>Pelo reduzido n\u00famero de inscri\u00e7\u00f5es na Prova Aberta, a organiza\u00e7\u00e3o decidiu juntar as provas do Circuito Regional Jovem escal\u00e3o de juvenis e a Prova Aberta. Decorre desta op\u00e7\u00e3o que a<\/p><\/div><span class='evcal_evdata_icons'><i class='fa fa-align-justify'><\/i><\/span>\r\n\t\t\t\t\t\t\t\r\n\t\t\t\t\t\t\t<div class='evcal_evdata_cell '><div class='eventon_full_description'>\r\n\t\t\t\t\t\t\t\t\t<h3 class='padb5 evo_h3'><span class='evcal_evdata_icons'><i class='fa fa-align-justify'><\/i><\/span>Detalhes do Evento<\/h3><div class='eventon_desc_in' itemprop='description'>\r\n\t\t\t\t\t\t\t\t\t<p>Pelo reduzido n\u00famero de inscri\u00e7\u00f5es na Prova Aberta, a organiza\u00e7\u00e3o decidiu juntar as provas do Circuito Regional Jovem escal\u00e3o de juvenis e a Prova Aberta. Decorre desta op\u00e7\u00e3o que a Prova Aberta poder\u00e1 ter in\u00edcio <strong>antes<\/strong> das 12h00. O Regulamento foi alterado de modo a reflectir esta mudan\u00e7a.<\/p>\n<p><a href=\"https:\/\/www.federacao-triatlo.pt\/ftp2015\/wp-content\/uploads\/2016\/02\/20160425-Duatlo-de-Alpiar\u00e7a-Regulamento-6.pdf\" rel=\"\">Duatlo de Alpiar\u00e7a &#8211; Regulamento<\/a><\/p>\n<p><a href=\"https:\/\/www.federacao-triatlo.pt\/ftp2015\/wp-content\/uploads\/2016\/02\/20160425-Duatlo-de-Alpiar\u00e7a-Percursos-Campeonato-Nacional-v20160418.pdf\" rel=\"\">Duatlo de Alpiar\u00e7a &#8211; Percursos Campeonato Nacional<\/a><\/p>\n<p><a href=\"https:\/\/www.federacao-triatlo.pt\/ftp2015\/wp-content\/uploads\/2016\/02\/20160425-Duatlo-de-Alpiar\u00e7a-Percursos-CR-Jovem-e-PROVA-ABERTA-v20160418.pdf\" rel=\"\">Duatlo de Alpiar\u00e7a &#8211; Percursos CR Jovem e PROVA ABERTA<\/a><\/p>\n<p><a href=\"https:\/\/www.federacao-triatlo.pt\/ftp2015\/wp-content\/uploads\/2016\/02\/SL-Duatlo-Alpiar\u00e7a-CN-Clubes-1.pdf\" rel=\"\">SL Duatlo Alpiar\u00e7a (CN Clubes)<\/a><\/p>\n<p><a href=\"https:\/\/www.federacao-triatlo.pt\/ftp2015\/wp-content\/uploads\/2016\/02\/SL-Duatlo-Alpiar\u00e7a-Prova-Aberta.pdf\" rel=\"\">SL Duatlo Alpiar\u00e7a (Prova Aberta)<\/a><\/p>\n<p><a href=\"https:\/\/www.federacao-triatlo.pt\/ftp2015\/wp-content\/uploads\/2016\/02\/SL-Duatlo-Alpiar\u00e7a-CR-Jovem-1.pdf\" rel=\"\">SL Duatlo Alpiar\u00e7a (CR Jovem)<\/a><\/p>\n<\/div><div class='clear'><\/div>\r\n\t\t\t\t\t\t\t\t<\/div>\r\n\t\t\t\t\t\t\t<\/div>\r\n\t\t\t\t\t\t<\/div><div class='evo_metarow_gmap evorow evcal_gmaps bordb ' id='evc146154270069f3d177070776315_gmap' style='max-width:none'><\/div><div class='evo_metarow_getDr evorow evcal_evdata_row bordb evcal_evrow_sm getdirections'>\r\n\t\t\t\t\t\t<form action='https:\/\/maps.google.com\/maps' method='get' target='_blank'>\r\n\t\t\t\t\t\t<input type='hidden' name='daddr' value='39.247744,-8.589512'\/> \r\n\t\t\t\t\t\t<p><input class='evoInput' type='text' name='saddr' placeholder='Escreva a morada' value=''\/>\r\n\t\t\t\t\t\t<button type='submit' class='evcal_evdata_icons evcalicon_9' title='Clique aqui para obter as dire\u00e7\u00f5es'><i class='fa fa-road'><\/i><\/button>\r\n\t\t\t\t\t\t<\/p><\/form>\r\n\t\t\t\t\t<\/div><div class='evo_metarow_time_location evorow bordb '>\r\n\t\t\t\t\t\t<div class='tb' >\r\n\t\t\t\t\t\t\t<div class='tbrow'>\r\n\t\t\t\t\t\t\t<div class='evcal_col50 bordr'>\r\n\t\t\t\t\t\t\t\t<div class='evcal_evdata_row evo_time'>\r\n\t\t\t\t\t\t\t\t\t<span class='evcal_evdata_icons'><i class='fa fa-clock-o'><\/i><\/span>\r\n\t\t\t\t\t\t\t\t\t<div class='evcal_evdata_cell'>\t\t\t\t\t\t\t\r\n\t\t\t\t\t\t\t\t\t\t<h3 class='evo_h3'><span class='evcal_evdata_icons'><i class='fa fa-clock-o'><\/i><\/span>Hor\u00e1rio<\/h3>\r\n\t\t\t\t\t\t\t\t\t\t<p>Todo o dia (Segunda-feira)<\/p>\r\n\t\t\t\t\t\t\t\t\t<\/div>\r\n\t\t\t\t\t\t\t\t<\/div>\r\n\t\t\t\t\t\t\t<\/div><div class='evcal_col50'>\r\n\t\t\t\t\t\t\t\t<div class='evcal_evdata_row evo_location'>\r\n\t\t\t\t\t\t\t\t\t<span class='evcal_evdata_icons'><i class='fa fa-map-marker'><\/i><\/span>\r\n\t\t\t\t\t\t\t\t\t<div class='evcal_evdata_cell' data-loc_tax_id='233'>\t\t\t\t\t\t\t\r\n\t\t\t\t\t\t\t\t\t\t<h3 class='evo_h3'><span class='evcal_evdata_icons'><i class='fa fa-map-marker'><\/i><\/span>Localiza\u00e7\u00e3o<\/h3><p class='evo_location_name'>Alpiar\u00e7a - Barragem dos Patudos<\/p><p><\/p>\r\n\t\t\t\t\t\t\t\t\t<\/div>\r\n\t\t\t\t\t\t\t\t<\/div>\r\n\t\t\t\t\t\t\t<\/div><div class='clear'><\/div>\r\n\t\t\t\t\t\t\t<\/div><\/div>\r\n\t\t\t\t\t\t<\/div>\t\t\t\t\t\t<div class='evo_metarow_ICS evorow bordb evcal_evdata_row'>\r\n\t\t\t\t\t\t\t<span class=\"evcal_evdata_icons\"><i class=\"fa fa-calendar\"><\/i><\/span>\r\n\t\t\t\t\t\t\t<div class='evcal_evdata_cell'>\r\n\t\t\t\t\t\t\t\t<p><a href='https:\/\/www.federacao-triatlo.pt\/ftp2015\/wp-admin\/admin-ajax.php?action=eventon_ics_download&amp;event_id=6315&amp;sunix=20160424T230500Z&amp;eunix=20160425T225500Z&amp;loca=&amp;locn=Alpiar\u00e7a - Barragem dos Patudos' class='evo_ics_nCal' title='Adicionar ao seu calend\u00e1rio'>Calend\u00e1rio<\/a><a href='\/\/www.google.com\/calendar\/event?action=TEMPLATE&amp;text=Duatlo+de+Alpiar%C3%A7a&amp;dates=20160424T230500Z\/20160425T225500Z&amp;details=Pelo+reduzido+n%C3%BAmero+de+inscri%C3%A7%C3%B5es+na+Prova+Aberta%2C+a+organiza%C3%A7%C3%A3o+decidiu+juntar+as+provas+do+Circuito+Regional+Jovem+escal%C3%A3o+de+juvenis+e+a+Prova+Aberta.+Decorre+desta+op%C3%A7%C3%A3o+que+a&amp;location=Alpiar%C3%A7a+-+Barragem+dos+Patudos - ' target='_blank' class='evo_ics_gCal' title='Adicionar ao calend\u00e1rio Google'>GoogleCal<\/a><\/p>\t\r\n\t\t\t\t\t\t\t<\/div>\t\t\t\t\t\t<\/div>\r\n\t\t\t\t\t\t<\/div><div class='clear end'><\/div><\/div><div id=\"event_9016\" class=\"eventon_list_event evo_eventtop past_event event\" data-event_id=\"9016\" data-time=\"1461542700-1461628500\" data-colr=\"#0092e0\" itemscope itemtype='http:\/\/schema.org\/Event' 10><div class=\"evo_event_schema\" style=\"display:none\" ><a itemprop='url'  href='https:\/\/www.federacao-triatlo.pt\/ftp2015\/events\/i-duatlo-de-ferreiras-albufeira\/'><\/a><span itemprop='name'  >I Duatlo de Ferreiras - Albufeira<\/span><meta itemprop='image' content='https:\/\/www.federacao-triatlo.pt\/ftp2015\/wp-content\/uploads\/2016\/04\/Duatlo-Prova-Aberta-212x300.png' ><\/meta><meta itemprop='description' content='I Duatlo de Ferreiras_Resultados\r\n\r\nO I Duatlo de Ferreiras ser\u00e1 uma prova de promo\u00e7\u00e3o aberta a todas as idades e ter\u00e1 lugar na segunda-feira dia 25 de Abril de' ><\/meta><meta itemprop='startDate' content='2016-4-25' ><\/meta><meta itemprop='endDate' content='2016-4-25' ><\/meta><meta itemprop='eventStatus' content='on-schedule' ><\/meta><script type=\"application\/ld+json\">{\t\"@context\": \"http:\/\/schema.org\",\r\n\t\t\t\t\t\t\t  \t\"@type\": \"Event\",\r\n\t\t\t\t\t\t\t  \t\"name\": \"I Duatlo de Ferreiras - Albufeira\",\r\n\t\t\t\t\t\t\t  \t\"startDate\": \"2016-4-25T00-00-05-00\",\r\n\t\t\t\t\t\t\t  \t\"endDate\": \"2016-4-25T23-23-55-00\",\r\n\t\t\t\t\t\t\t  \t\"image\":\"https:\/\/www.federacao-triatlo.pt\/ftp2015\/wp-content\/uploads\/2016\/04\/Duatlo-Prova-Aberta-212x300.png\",\r\n\t\t\t\t\t\t\t  \t\"description\":\"I Duatlo de Ferreiras_Resultados\r\n\r\nO I Duatlo de Ferreiras ser\u00e1 uma prova de promo\u00e7\u00e3o aberta a todas as idades e ter\u00e1 lugar na segunda-feira dia 25 de Abril de\",\r\n\t\t\t\t\t\t\t  \t\r\n\t\t\t\t\t\t\t }\r\n\t\t\t\t\t\t\t<\/script><\/div>\r\n\t\t\t\t<p class=\"desc_trig_outter\"><a data-gmap_status=\"null\" data-gmtrig=\"1\" data-exlk=\"0\" style=\"border-color: #0092e0;\" id=\"evc_14615427009016\" class=\"desc_trig evo_prova-aberta sin_val evcal_list_a\" data-ux_val=\"1\"  ><span class='evcal_cblock ' data-bgcolor='#0092e0' data-smon='Abril' data-syr='2016'><span class='evo_start '><em class='date'>25<\/em><em class='month'>abr<\/em><em class='time'>allday<\/em><\/span><span class='evo_end only_time'><em class='time'>allday<\/em><\/span><em class='clear'><\/em><\/span><span class='evcal_desc evo_info hide_eventtopdata '  data-location_status=\"false\" ><span class='evo_above_title'><\/span><span class='evcal_desc2 evcal_event_title' itemprop='name'>I Duatlo de Ferreiras - Albufeira<\/span><span class='evo_below_title'><\/span><span class='evcal_desc_info' ><\/span><span class='evcal_desc3'><span class='evcal_event_types ett1'><em><i>Tipo de Evento:<\/i><\/em><em data-filter='event_type'>Prova Aberta<\/em><i class='clear'><\/i><\/span><\/span><\/span><em class='clear'><\/em><\/p><\/a><div class='event_description evcal_eventcard ' style=\"display:none\"><div class='evo_metarow_directimg'><img src='https:\/\/www.federacao-triatlo.pt\/ftp2015\/wp-content\/uploads\/2016\/04\/Duatlo-Prova-Aberta.png' \/><\/div><div class='evo_metarow_details evorow evcal_evdata_row bordb evcal_event_details'>\r\n\t\t\t\t\t\t\t<div class=\"event_excerpt\" style=\"display:none\"><h3 class=\"padb5 evo_h3\">Detalhes do Evento<\/h3><p>I Duatlo de Ferreiras_Resultados\r\n\r\nO I Duatlo de Ferreiras ser\u00e1 uma prova de promo\u00e7\u00e3o aberta a todas as idades e ter\u00e1 lugar na segunda-feira dia 25 de Abril de<\/p><\/div><span class='evcal_evdata_icons'><i class='fa fa-align-justify'><\/i><\/span>\r\n\t\t\t\t\t\t\t\r\n\t\t\t\t\t\t\t<div class='evcal_evdata_cell '><div class='eventon_full_description'>\r\n\t\t\t\t\t\t\t\t\t<h3 class='padb5 evo_h3'><span class='evcal_evdata_icons'><i class='fa fa-align-justify'><\/i><\/span>Detalhes do Evento<\/h3><div class='eventon_desc_in' itemprop='description'>\r\n\t\t\t\t\t\t\t\t\t<p><a href=\"https:\/\/www.federacao-triatlo.pt\/ftp2015\/wp-content\/uploads\/2016\/04\/I-Duatlo-de-Ferreiras_Resultados.ods\" rel=\"\">I Duatlo de Ferreiras_Resultados<\/a><\/p>\n<p>O I Duatlo de Ferreiras ser\u00e1 uma prova de promo\u00e7\u00e3o aberta a todas as idades e ter\u00e1 lugar na segunda-feira dia 25 de Abril de 2016 junto ao est\u00e1dio da Nora, em Ferreiras.<\/p>\n<p><a href=\"https:\/\/www.federacao-triatlo.pt\/ftp2015\/wp-content\/uploads\/2016\/04\/Regulamento-I-Duatlo-de-Ferreiras-2016.pdf\" rel=\"\">Regulamento I Duatlo de Ferreiras 2016<\/a><\/p>\n<p>Percursos:\u00a0<a href=\"https:\/\/www.federacao-triatlo.pt\/ftp2015\/wp-content\/uploads\/2016\/04\/Mapas-I-Duatlo-Ferreiras-2016-2.ppt\" rel=\"\">Mapas I Duatlo Ferreiras 2016 2<\/a><\/p>\n<p>Inscri\u00e7\u00f5es:<\/p>\n<p>Forma, prazo normal e valores de inscri\u00e7\u00e3o e pagamento:<br \/>\nBenjamins a Juvenis: Para triatlo@fcferreiras.com at\u00e9 \u00e0s 24h00 de quinta-feira, dia 21 de Abril de 2016 \u2013 3\u20ac valor que cobre o seguro, pagos no secretariado da prova.<br \/>\nCadetes a Vet.: At\u00e9 \u00e0s 24h00 de quinta-feira, dia 21 de Abril de 2016:<br \/>\nAtrav\u00e9s da plataforma letsrun.pt utilizando o endere\u00e7o http:\/\/letsrun.pt\/event\/12\/view<\/p>\n<p><a href=\"https:\/\/www.federacao-triatlo.pt\/ftp2015\/wp-content\/uploads\/2016\/04\/Duatlo-Jovem.jpg\" rel=\"attachment wp-att-9017\"><img class=\"alignnone size-medium wp-image-9017\" src=\"https:\/\/www.federacao-triatlo.pt\/ftp2015\/wp-content\/uploads\/2016\/04\/Duatlo-Jovem-212x300.jpg\" alt=\"Duatlo Jovem\" width=\"212\" height=\"300\" \/><\/a> \u00a0<a href=\"https:\/\/www.federacao-triatlo.pt\/ftp2015\/wp-content\/uploads\/2016\/04\/Duatlo-Prova-Aberta.png\" rel=\"attachment wp-att-9019\"><img class=\"alignnone size-medium wp-image-9019\" src=\"https:\/\/www.federacao-triatlo.pt\/ftp2015\/wp-content\/uploads\/2016\/04\/Duatlo-Prova-Aberta-212x300.png\" alt=\"Duatlo Prova Aberta\" width=\"212\" height=\"300\" \/><\/a><\/p>\n<\/div><div class='clear'><\/div>\r\n\t\t\t\t\t\t\t\t<\/div>\r\n\t\t\t\t\t\t\t<\/div>\r\n\t\t\t\t\t\t<\/div><div class='evo_metarow_time evorow evcal_evdata_row bordb evcal_evrow_sm '>\r\n\t\t\t\t\t\t\t<span class='evcal_evdata_icons'><i class='fa fa-clock-o'><\/i><\/span>\r\n\t\t\t\t\t\t\t<div class='evcal_evdata_cell'>\t\t\t\t\t\t\t\r\n\t\t\t\t\t\t\t\t<h3 class='evo_h3'><span class='evcal_evdata_icons'><i class='fa fa-clock-o'><\/i><\/span>Hor\u00e1rio<\/h3><p>Todo o dia (Segunda-feira)<\/p>\r\n\t\t\t\t\t\t\t<\/div>\r\n\t\t\t\t\t\t<\/div><div class='evo_metarow_organizer evorow evcal_evdata_row bordb evcal_evrow_sm '>\r\n\t\t\t\t\t\t\t<span class='evcal_evdata_icons'><i class='fa fa-headphones'><\/i><\/span>\r\n\t\t\t\t\t\t\t<div class='evcal_evdata_cell'>\t\t\t\t\t\t\t\r\n\t\t\t\t\t\t\t\t<h3 class='evo_h3'>Evento organizado por<\/h3>\r\n\t\t\t\t\t\t\t\t\r\n\t\t\t\t\t\t\t\t<div class='evo_card_organizer'><p class='evo_data_val evo_card_organizer_name'>\r\n\t\t\t\t\t\t\t\t\t<span class='evo_card_organizer_name_t'>FC Ferreiras<\/span>\r\n\t\t\t\t\t\t\t\t\t\r\n\t\t\t\t\t\t\t\t\t<\/p><\/div><div class='clear'><\/div>\t\t\t\t\t\t\t\r\n\t\t\t\t\t\t\t<\/div>\r\n\t\t\t\t\t\t<\/div>\t\t\t\t\t\t<div class='evo_metarow_ICS evorow bordb evcal_evdata_row'>\r\n\t\t\t\t\t\t\t<span class=\"evcal_evdata_icons\"><i class=\"fa fa-calendar\"><\/i><\/span>\r\n\t\t\t\t\t\t\t<div class='evcal_evdata_cell'>\r\n\t\t\t\t\t\t\t\t<p><a href='https:\/\/www.federacao-triatlo.pt\/ftp2015\/wp-admin\/admin-ajax.php?action=eventon_ics_download&amp;event_id=9016&amp;sunix=20160424T230500Z&amp;eunix=20160425T225500Z&amp;loca=&amp;locn=' class='evo_ics_nCal' title='Adicionar ao seu calend\u00e1rio'>Calend\u00e1rio<\/a><a href='\/\/www.google.com\/calendar\/event?action=TEMPLATE&amp;text=I+Duatlo+de+Ferreiras+-+Albufeira&amp;dates=20160424T230500Z\/20160425T225500Z&amp;details=I+Duatlo+de+Ferreiras_Resultados%0D%0A%0D%0AO+I+Duatlo+de+Ferreiras+ser%C3%A1+uma+prova+de+promo%C3%A7%C3%A3o+aberta+a+todas+as+idades+e+ter%C3%A1+lugar+na+segunda-feira+dia+25+de+Abril+de&amp;location= - ' target='_blank' class='evo_ics_gCal' title='Adicionar ao calend\u00e1rio Google'>GoogleCal<\/a><\/p>\t\r\n\t\t\t\t\t\t\t<\/div>\t\t\t\t\t\t<\/div>\r\n\t\t\t\t\t\t<\/div><div class='clear end'><\/div><\/div><div id=\"event_7715\" class=\"eventon_list_event evo_eventtop past_event event\" data-event_id=\"7715\" data-time=\"1461974700-1462060500\" data-colr=\"#0092e0\" itemscope itemtype='http:\/\/schema.org\/Event' 11><div class=\"evo_event_schema\" style=\"display:none\" ><a itemprop='url'  href='https:\/\/www.federacao-triatlo.pt\/ftp2015\/events\/triatlo-de-ervedeira-leiria\/'><\/a><span itemprop='name'  >Triatlo da Lagoa da Ervedeira - Leiria<\/span><meta itemprop='image'  ><\/meta><meta itemprop='description' content='Devido ao grande n\u00famero de participantes, para salvaguardar a seguran\u00e7a dos atletas, procederam-se a algumas altera\u00e7\u00f5es nos percursos da prova da Ta\u00e7a de Portugal de Triatlo, que tamb\u00e9m se reflectiram' ><\/meta><meta itemprop='startDate' content='2016-4-30' ><\/meta><meta itemprop='endDate' content='2016-4-30' ><\/meta><meta itemprop='eventStatus' content='on-schedule' ><\/meta>\r\n\t\t\t\t\t\t\t\t\t<item style=\"display:none\" itemprop=\"location\" itemscope itemtype=\"http:\/\/schema.org\/Place\">\r\n\t\t\t\t\t\t\t\t\t\t<span itemprop=\"name\">Lagoa da Ervedeira - Leiria<\/span>\r\n\t\t\t\t\t\t\t\t\t\t<span itemprop=\"address\" itemscope itemtype=\"http:\/\/schema.org\/PostalAddress\">\r\n\t\t\t\t\t\t\t\t\t\t\t<item itemprop=\"streetAddress\">Lagoa da Ervedeira - Leiria<\/item>\r\n\t\t\t\t\t\t\t\t\t\t<\/span><\/item><script type=\"application\/ld+json\">{\t\"@context\": \"http:\/\/schema.org\",\r\n\t\t\t\t\t\t\t  \t\"@type\": \"Event\",\r\n\t\t\t\t\t\t\t  \t\"name\": \"Triatlo da Lagoa da Ervedeira - Leiria\",\r\n\t\t\t\t\t\t\t  \t\"startDate\": \"2016-4-30T00-00-05-00\",\r\n\t\t\t\t\t\t\t  \t\"endDate\": \"2016-4-30T23-23-55-00\",\r\n\t\t\t\t\t\t\t  \t\"image\":,\r\n\t\t\t\t\t\t\t  \t\"description\":\"Devido ao grande n\u00famero de participantes, para salvaguardar a seguran\u00e7a dos atletas, procederam-se a algumas altera\u00e7\u00f5es nos percursos da prova da Ta\u00e7a de Portugal de Triatlo, que tamb\u00e9m se reflectiram\",\r\n\t\t\t\t\t\t\t  \t\"location\":{\r\n\t\t\t\t\t\t\t\t\t\t\"@type\":\"Place\",\r\n\t\t\t\t\t\t\t\t\t\t\"name\":\"Lagoa da Ervedeira - Leiria\",\r\n\t\t\t\t\t\t\t\t\t\t\"address\":\"Lagoa da Ervedeira - Leiria\"\r\n\t\t\t\t\t\t\t  \t\t}\r\n\t\t\t\t\t\t\t }\r\n\t\t\t\t\t\t\t<\/script><\/div>\r\n\t\t\t\t<p class=\"desc_trig_outter\"><a data-gmtrig=\"1\" data-exlk=\"0\" style=\"border-color: #0092e0;\" id=\"evc_14619747007715\" class=\"desc_trig evo_prova-aberta evo_taca-de-portugal sin_val evcal_list_a\" data-ux_val=\"1\"  ><span class='evcal_cblock ' data-bgcolor='#0092e0' data-smon='Abril' data-syr='2016'><span class='evo_start '><em class='date'>30<\/em><em class='month'>abr<\/em><em class='time'>allday<\/em><\/span><span class='evo_end only_time'><em class='time'>allday<\/em><\/span><em class='clear'><\/em><\/span><span class='evcal_desc evo_info hide_eventtopdata ' data-latlng=\"39.932821,-8.894457\"  data-location_address=\"Lagoa da Ervedeira - Leiria\" data-location_type=\"lonlat\" data-location_name=\"Lagoa da Ervedeira - Leiria\" data-location_status=\"true\" ><span class='evo_above_title'><\/span><span class='evcal_desc2 evcal_event_title' itemprop='name'>Triatlo da Lagoa da Ervedeira - Leiria<\/span><span class='evo_below_title'><\/span><span class='evcal_desc_info' ><em class=\"evcal_location\" data-latlng=\"39.932821,-8.894457\"  data-add_str=\"\"><em class=\"event_location_name\">Lagoa da Ervedeira - Leiria<\/em><\/em><\/span><span class='evcal_desc3'><span class='evcal_event_types ett1'><em><i>Tipo de Evento:<\/i><\/em><em data-filter='event_type'>Prova Aberta,<\/em><em data-filter='event_type'>Ta\u00e7a de Portugal de Triatlo<\/em><i class='clear'><\/i><\/span><\/span><\/span><em class='clear'><\/em><\/p><\/a><div class='event_description evcal_eventcard ' style=\"display:none\"><div class='evo_metarow_details evorow evcal_evdata_row bordb evcal_event_details'>\r\n\t\t\t\t\t\t\t<div class=\"event_excerpt\" style=\"display:none\"><h3 class=\"padb5 evo_h3\">Detalhes do Evento<\/h3><p>Devido ao grande n\u00famero de participantes, para salvaguardar a seguran\u00e7a dos atletas, procederam-se a algumas altera\u00e7\u00f5es nos percursos da prova da Ta\u00e7a de Portugal de Triatlo, que tamb\u00e9m se reflectiram<\/p><\/div><span class='evcal_evdata_icons'><i class='fa fa-align-justify'><\/i><\/span>\r\n\t\t\t\t\t\t\t\r\n\t\t\t\t\t\t\t<div class='evcal_evdata_cell '><div class='eventon_full_description'>\r\n\t\t\t\t\t\t\t\t\t<h3 class='padb5 evo_h3'><span class='evcal_evdata_icons'><i class='fa fa-align-justify'><\/i><\/span>Detalhes do Evento<\/h3><div class='eventon_desc_in' itemprop='description'>\r\n\t\t\t\t\t\t\t\t\t<p>Devido ao grande n\u00famero de participantes, para salvaguardar a seguran\u00e7a dos atletas, procederam-se a algumas altera\u00e7\u00f5es nos percursos da prova da Ta\u00e7a de Portugal de Triatlo, que tamb\u00e9m se reflectiram no regulamento da prova.<\/p>\n<p>Obrigado pela compreens\u00e3o.<\/p>\n<p>28 de Abril de 2016<\/p>\n<p><a href=\"https:\/\/www.federacao-triatlo.pt\/ftp2015\/wp-content\/uploads\/2016\/03\/2016-07-22-Triatlo-da-Lagoa-da-Ervedeira-Leiria-Regulamento-7.pdf\" rel=\"\">Triatlo da Lagoa da Ervedeira &#8211; Leiria &#8211; Regulamento<\/a><\/p>\n<p><a href=\"https:\/\/www.federacao-triatlo.pt\/ftp2015\/wp-content\/uploads\/2016\/03\/2016-07-22-Triatlo-da-Lagoa-da-Ervedeira-Leiria-Percursos-TPT-4.pdf\" rel=\"\">Triatlo da Lagoa da Ervedeira &#8211; Leiria &#8211; Percursos TPT<\/a><\/p>\n<p><a href=\"https:\/\/www.federacao-triatlo.pt\/ftp2015\/wp-content\/uploads\/2016\/03\/2016-07-22-Triatlo-da-Lagoa-da-Ervedeira-Leiria-Percursos-Prova-Aberta-2.pdf\" rel=\"\">Triatlo da Lagoa da Ervedeira &#8211; Leiria &#8211; Percursos Prova Aberta<\/a><\/p>\n<p><a href=\"https:\/\/www.federacao-triatlo.pt\/ftp2015\/wp-content\/uploads\/2016\/03\/SL-Triatlo-Leiria-Prova-Aberta-1.pdf\" rel=\"\">SL Triatlo Leiria (Prova Aberta)<\/a><\/p>\n<p><a href=\"https:\/\/www.federacao-triatlo.pt\/ftp2015\/wp-content\/uploads\/2016\/03\/SL-Triatlo-Leiria-Ta\u00e7a-Portugal-1.pdf\" rel=\"\">SL Triatlo Leiria (Ta\u00e7a Portugal)<\/a><\/p>\n<p>&nbsp;<\/p>\n<\/div><div class='clear'><\/div>\r\n\t\t\t\t\t\t\t\t<\/div>\r\n\t\t\t\t\t\t\t<\/div>\r\n\t\t\t\t\t\t<\/div><div class='evo_metarow_gmap evorow evcal_gmaps bordb ' id='evc146197470069f3d1770801a7715_gmap' style='max-width:none'><\/div><div class='evo_metarow_getDr evorow evcal_evdata_row bordb evcal_evrow_sm getdirections'>\r\n\t\t\t\t\t\t<form action='https:\/\/maps.google.com\/maps' method='get' target='_blank'>\r\n\t\t\t\t\t\t<input type='hidden' name='daddr' value='Lagoa da Ervedeira - Leiria'\/> \r\n\t\t\t\t\t\t<p><input class='evoInput' type='text' name='saddr' placeholder='Escreva a morada' value=''\/>\r\n\t\t\t\t\t\t<button type='submit' class='evcal_evdata_icons evcalicon_9' title='Clique aqui para obter as dire\u00e7\u00f5es'><i class='fa fa-road'><\/i><\/button>\r\n\t\t\t\t\t\t<\/p><\/form>\r\n\t\t\t\t\t<\/div><div class='evo_metarow_time_location evorow bordb '>\r\n\t\t\t\t\t\t<div class='tb' >\r\n\t\t\t\t\t\t\t<div class='tbrow'>\r\n\t\t\t\t\t\t\t<div class='evcal_col50 bordr'>\r\n\t\t\t\t\t\t\t\t<div class='evcal_evdata_row evo_time'>\r\n\t\t\t\t\t\t\t\t\t<span class='evcal_evdata_icons'><i class='fa fa-clock-o'><\/i><\/span>\r\n\t\t\t\t\t\t\t\t\t<div class='evcal_evdata_cell'>\t\t\t\t\t\t\t\r\n\t\t\t\t\t\t\t\t\t\t<h3 class='evo_h3'><span class='evcal_evdata_icons'><i class='fa fa-clock-o'><\/i><\/span>Hor\u00e1rio<\/h3>\r\n\t\t\t\t\t\t\t\t\t\t<p>Todo o dia (S\u00e1bado)<\/p>\r\n\t\t\t\t\t\t\t\t\t<\/div>\r\n\t\t\t\t\t\t\t\t<\/div>\r\n\t\t\t\t\t\t\t<\/div><div class='evcal_col50'>\r\n\t\t\t\t\t\t\t\t<div class='evcal_evdata_row evo_location'>\r\n\t\t\t\t\t\t\t\t\t<span class='evcal_evdata_icons'><i class='fa fa-map-marker'><\/i><\/span>\r\n\t\t\t\t\t\t\t\t\t<div class='evcal_evdata_cell' data-loc_tax_id='234'>\t\t\t\t\t\t\t\r\n\t\t\t\t\t\t\t\t\t\t<h3 class='evo_h3'><span class='evcal_evdata_icons'><i class='fa fa-map-marker'><\/i><\/span>Localiza\u00e7\u00e3o<\/h3><p class='evo_location_name'>Lagoa da Ervedeira - Leiria<\/p><p>Lagoa da Ervedeira - Leiria<\/p>\r\n\t\t\t\t\t\t\t\t\t<\/div>\r\n\t\t\t\t\t\t\t\t<\/div>\r\n\t\t\t\t\t\t\t<\/div><div class='clear'><\/div>\r\n\t\t\t\t\t\t\t<\/div><\/div>\r\n\t\t\t\t\t\t<\/div><div class='evo_metarow_organizer evorow evcal_evdata_row bordb evcal_evrow_sm '>\r\n\t\t\t\t\t\t\t<span class='evcal_evdata_icons'><i class='fa fa-headphones'><\/i><\/span>\r\n\t\t\t\t\t\t\t<div class='evcal_evdata_cell'>\t\t\t\t\t\t\t\r\n\t\t\t\t\t\t\t\t<h3 class='evo_h3'>Evento organizado por<\/h3>\r\n\t\t\t\t\t\t\t\t\r\n\t\t\t\t\t\t\t\t<div class='evo_card_organizer'><p class='evo_data_val evo_card_organizer_name'>\r\n\t\t\t\t\t\t\t\t\t<span class='evo_card_organizer_name_t'><a  href='https:\/\/www.federacao-triatlo.pt\/ftp2015'>FTP<\/a><\/span><span class='evo_card_organizer_contact'>secretaria@federacao-triatlo.pt<\/span>\r\n\t\t\t\t\t\t\t\t\t\r\n\t\t\t\t\t\t\t\t\t<\/p><\/div><div class='clear'><\/div>\t\t\t\t\t\t\t\r\n\t\t\t\t\t\t\t<\/div>\r\n\t\t\t\t\t\t<\/div>\t\t\t\t\t\t<div class='evo_metarow_ICS evorow bordb evcal_evdata_row'>\r\n\t\t\t\t\t\t\t<span class=\"evcal_evdata_icons\"><i class=\"fa fa-calendar\"><\/i><\/span>\r\n\t\t\t\t\t\t\t<div class='evcal_evdata_cell'>\r\n\t\t\t\t\t\t\t\t<p><a href='https:\/\/www.federacao-triatlo.pt\/ftp2015\/wp-admin\/admin-ajax.php?action=eventon_ics_download&amp;event_id=7715&amp;sunix=20160429T230500Z&amp;eunix=20160430T225500Z&amp;loca=Lagoa da Ervedeira - Leiria&amp;locn=Lagoa da Ervedeira - Leiria' class='evo_ics_nCal' title='Adicionar ao seu calend\u00e1rio'>Calend\u00e1rio<\/a><a href='\/\/www.google.com\/calendar\/event?action=TEMPLATE&amp;text=Triatlo+da+Lagoa+da+Ervedeira+-+Leiria&amp;dates=20160429T230500Z\/20160430T225500Z&amp;details=Devido+ao+grande+n%C3%BAmero+de+participantes%2C+para+salvaguardar+a+seguran%C3%A7a+dos+atletas%2C+procederam-se+a+algumas+altera%C3%A7%C3%B5es+nos+percursos+da+prova+da+Ta%C3%A7a+de+Portugal+de+Triatlo%2C+que+tamb%C3%A9m+se+reflectiram&amp;location=Lagoa+da+Ervedeira+-+Leiria - Lagoa+da+Ervedeira+-+Leiria' target='_blank' class='evo_ics_gCal' title='Adicionar ao calend\u00e1rio Google'>GoogleCal<\/a><\/p>\t\r\n\t\t\t\t\t\t\t<\/div>\t\t\t\t\t\t<\/div>\r\n\t\t\t\t\t\t<\/div><div class='clear end'><\/div><\/div><div id=\"event_8584\" class=\"eventon_list_event evo_eventtop past_event event\" data-event_id=\"8584\" data-time=\"1461974700-1462060500\" data-colr=\"#0092e0\" itemscope itemtype='http:\/\/schema.org\/Event' 12><div class=\"evo_event_schema\" style=\"display:none\" ><a itemprop='url'  href='https:\/\/www.federacao-triatlo.pt\/ftp2015\/events\/ii-duatlo-cidade-do-cartaxo\/'><\/a><span itemprop='name'  >II Duatlo Cidade do Cartaxo - Circuito regional Centro Interior<\/span><meta itemprop='image' content='https:\/\/www.federacao-triatlo.pt\/ftp2015\/wp-content\/uploads\/2016\/03\/II_Duatlo_Cidade_do_Cartaxo-212x300.jpg' ><\/meta><meta itemprop='description' content='Resultados:\r\n\r\nII Duatlo do Cartaxo -Adultos\r\n\r\nII Duatlo do Cartaxo - Estafetas\r\n\r\nII Duatlo do Cartaxo - Jovens\r\n\r\nA contar para o Circuito regional do Centro Interior e' ><\/meta><meta itemprop='startDate' content='2016-4-30' ><\/meta><meta itemprop='endDate' content='2016-4-30' ><\/meta><meta itemprop='eventStatus' content='on-schedule' ><\/meta><script type=\"application\/ld+json\">{\t\"@context\": \"http:\/\/schema.org\",\r\n\t\t\t\t\t\t\t  \t\"@type\": \"Event\",\r\n\t\t\t\t\t\t\t  \t\"name\": \"II Duatlo Cidade do Cartaxo - Circuito regional Centro Interior\",\r\n\t\t\t\t\t\t\t  \t\"startDate\": \"2016-4-30T00-00-05-00\",\r\n\t\t\t\t\t\t\t  \t\"endDate\": \"2016-4-30T23-23-55-00\",\r\n\t\t\t\t\t\t\t  \t\"image\":\"https:\/\/www.federacao-triatlo.pt\/ftp2015\/wp-content\/uploads\/2016\/03\/II_Duatlo_Cidade_do_Cartaxo-212x300.jpg\",\r\n\t\t\t\t\t\t\t  \t\"description\":\"Resultados:\r\n\r\nII Duatlo do Cartaxo -Adultos\r\n\r\nII Duatlo do Cartaxo - Estafetas\r\n\r\nII Duatlo do Cartaxo - Jovens\r\n\r\nA contar para o Circuito regional do Centro Interior e\",\r\n\t\t\t\t\t\t\t  \t\r\n\t\t\t\t\t\t\t }\r\n\t\t\t\t\t\t\t<\/script><\/div>\r\n\t\t\t\t<p class=\"desc_trig_outter\"><a data-gmap_status=\"null\" data-gmtrig=\"1\" data-exlk=\"0\" style=\"border-color: #0092e0;\" id=\"evc_14619747008584\" class=\"desc_trig evo_circuito-regional sin_val evcal_list_a\" data-ux_val=\"1\"  ><span class='evcal_cblock ' data-bgcolor='#0092e0' data-smon='Abril' data-syr='2016'><span class='evo_start '><em class='date'>30<\/em><em class='month'>abr<\/em><em class='time'>allday<\/em><\/span><span class='evo_end only_time'><em class='time'>allday<\/em><\/span><em class='clear'><\/em><\/span><span class='evcal_desc evo_info hide_eventtopdata '  data-location_status=\"false\" ><span class='evo_above_title'><\/span><span class='evcal_desc2 evcal_event_title' itemprop='name'>II Duatlo Cidade do Cartaxo - Circuito regional Centro Interior<\/span><span class='evo_below_title'><\/span><span class='evcal_desc_info' ><\/span><span class='evcal_desc3'><span class='evcal_event_types ett1'><em><i>Tipo de Evento:<\/i><\/em><em data-filter='event_type'>Circuito Regional<\/em><i class='clear'><\/i><\/span><\/span><\/span><em class='clear'><\/em><\/p><\/a><div class='event_description evcal_eventcard ' style=\"display:none\"><div class='evo_metarow_directimg'><img src='https:\/\/www.federacao-triatlo.pt\/ftp2015\/wp-content\/uploads\/2016\/03\/II_Duatlo_Cidade_do_Cartaxo.jpg' \/><\/div><div class='evo_metarow_details evorow evcal_evdata_row bordb evcal_event_details'>\r\n\t\t\t\t\t\t\t<div class=\"event_excerpt\" style=\"display:none\"><h3 class=\"padb5 evo_h3\">Detalhes do Evento<\/h3><p>Resultados:\r\n\r\nII Duatlo do Cartaxo -Adultos\r\n\r\nII Duatlo do Cartaxo - Estafetas\r\n\r\nII Duatlo do Cartaxo - Jovens\r\n\r\nA contar para o Circuito regional do Centro Interior e<\/p><\/div><span class='evcal_evdata_icons'><i class='fa fa-align-justify'><\/i><\/span>\r\n\t\t\t\t\t\t\t\r\n\t\t\t\t\t\t\t<div class='evcal_evdata_cell '><div class='eventon_full_description'>\r\n\t\t\t\t\t\t\t\t\t<h3 class='padb5 evo_h3'><span class='evcal_evdata_icons'><i class='fa fa-align-justify'><\/i><\/span>Detalhes do Evento<\/h3><div class='eventon_desc_in' itemprop='description'>\r\n\t\t\t\t\t\t\t\t\t<p>Resultados:<\/p>\n<p><a href=\"https:\/\/www.federacao-triatlo.pt\/ftp2015\/wp-content\/uploads\/2016\/03\/II-Duatlo-do-Cartaxo-Adultos.xlsx\" rel=\"\">II Duatlo do Cartaxo -Adultos<\/a><\/p>\n<p><a href=\"https:\/\/www.federacao-triatlo.pt\/ftp2015\/wp-content\/uploads\/2016\/03\/II-Duatlo-do-Cartaxo-Estafetas-1.xlsx\" rel=\"\">II Duatlo do Cartaxo &#8211; Estafetas<\/a><\/p>\n<p><a href=\"https:\/\/www.federacao-triatlo.pt\/ftp2015\/wp-content\/uploads\/2016\/03\/II-Duatlo-do-Cartaxo-Jovens.xlsx\" rel=\"\">II Duatlo do Cartaxo &#8211; Jovens<\/a><\/p>\n<p>A contar para o Circuito regional do Centro Interior e com provas para todas as idades, ir\u00e1 ter lugar o II Duatlo Cidade do Cartaxo no s\u00e1bado dia 30 de Abril.<\/p>\n<p>Regulamento:\u00a0<a href=\"https:\/\/www.federacao-triatlo.pt\/ftp2015\/wp-content\/uploads\/2016\/03\/Regulamento-II-Duatlo-Cidade-do-Cartaxo-2016-6.doc\" rel=\"\">Regulamento-II-Duatlo-Cidade-do-Cartaxo-2016-6<\/a><\/p>\n<p><strong>\u00danica forma de inscri\u00e7\u00e3o:<\/strong> Preenchimento e envio de ficheiro excel abaixo e envio\u00a0para <u><a href=\"mailto:triatlocentrointerior@gmail.com\">triatlocentrointerior@gmail.com<\/a><\/u><\/p>\n<p><a href=\"https:\/\/www.federacao-triatlo.pt\/ftp2015\/wp-content\/uploads\/2016\/03\/2016_04_30_II-Duatlo-Cidade-do-Cartaxo-Inscri\u00e7\u00f5es.xlsx\" rel=\"\">2016_04_30_II Duatlo Cidade do Cartaxo &#8211; Inscri\u00e7\u00f5es<\/a><\/p>\n<p>Mapas de percursos:\u00a0<a href=\"https:\/\/www.federacao-triatlo.pt\/ftp2015\/wp-content\/uploads\/2016\/03\/Mapas-II-Duatlo-Cartaxo-2016.ppt\" rel=\"\">Mapas II Duatlo Cartaxo 2016<\/a><\/p>\n<\/div><div class='clear'><\/div>\r\n\t\t\t\t\t\t\t\t<\/div>\r\n\t\t\t\t\t\t\t<\/div>\r\n\t\t\t\t\t\t<\/div><div class='evo_metarow_time evorow evcal_evdata_row bordb evcal_evrow_sm '>\r\n\t\t\t\t\t\t\t<span class='evcal_evdata_icons'><i class='fa fa-clock-o'><\/i><\/span>\r\n\t\t\t\t\t\t\t<div class='evcal_evdata_cell'>\t\t\t\t\t\t\t\r\n\t\t\t\t\t\t\t\t<h3 class='evo_h3'><span class='evcal_evdata_icons'><i class='fa fa-clock-o'><\/i><\/span>Hor\u00e1rio<\/h3><p>Todo o dia (S\u00e1bado)<\/p>\r\n\t\t\t\t\t\t\t<\/div>\r\n\t\t\t\t\t\t<\/div>\t\t\t\t\t\t<div class='evo_metarow_ICS evorow bordb evcal_evdata_row'>\r\n\t\t\t\t\t\t\t<span class=\"evcal_evdata_icons\"><i class=\"fa fa-calendar\"><\/i><\/span>\r\n\t\t\t\t\t\t\t<div class='evcal_evdata_cell'>\r\n\t\t\t\t\t\t\t\t<p><a href='https:\/\/www.federacao-triatlo.pt\/ftp2015\/wp-admin\/admin-ajax.php?action=eventon_ics_download&amp;event_id=8584&amp;sunix=20160429T230500Z&amp;eunix=20160430T225500Z&amp;loca=&amp;locn=' class='evo_ics_nCal' title='Adicionar ao seu calend\u00e1rio'>Calend\u00e1rio<\/a><a href='\/\/www.google.com\/calendar\/event?action=TEMPLATE&amp;text=II+Duatlo+Cidade+do+Cartaxo+-+Circuito+regional+Centro+Interior&amp;dates=20160429T230500Z\/20160430T225500Z&amp;details=Resultados%3A%0D%0A%0D%0AII+Duatlo+do+Cartaxo+-Adultos%0D%0A%0D%0AII+Duatlo+do+Cartaxo+-+Estafetas%0D%0A%0D%0AII+Duatlo+do+Cartaxo+-+Jovens%0D%0A%0D%0AA+contar+para+o+Circuito+regional+do+Centro+Interior+e&amp;location= - ' target='_blank' class='evo_ics_gCal' title='Adicionar ao calend\u00e1rio Google'>GoogleCal<\/a><\/p>\t\r\n\t\t\t\t\t\t\t<\/div>\t\t\t\t\t\t<\/div>\r\n\t\t\t\t\t\t<\/div><div class='clear end'><\/div><\/div><\/div><div class='clear'><\/div><\/div><!-- ajde_evcal_calendar-->\n<div id='evcal_calendar_103' class='ajde_evcal_calendar  ul' ><div class='evo-data' data-cyear=\"2016\" data-cmonth=\"5\" data-runajax=\"1\" data-evc_open=\"0\" data-cal_ver=\"2.6\" data-mapscroll=\"true\" data-mapformat=\"roadmap\" data-mapzoom=\"14\" data-mapiconurl=\"\" data-ev_cnt=\"0\" data-show_limit=\"no\" data-tiles=\"no\" data-sort_by=\"sort_date\" data-filters_on=\"true\" data-range_start=\"0\" data-range_end=\"0\" data-send_unix=\"0\" data-ux_val=\"0\" data-accord=\"0\" data-rtl=\"no\"  ><\/div><div id='evcal_head' class='calendar_header ' ><div class='evo_cal_above'><span class='evo-gototoday-btn' style='display:none' data-mo='5' data-yr='2016' data-dy=''>Dia de Hoje<\/span><\/div><div class='evo_cal_above_content'><\/div><div class='cal_arguments' style='display:none' data-hide_past=\"no\" data-show_et_ft_img=\"no\" data-event_order=\"ASC\" data-ft_event_priority=\"no\" data-lang=\"L1\" data-month_incre=\"0\" data-only_ft=\"no\" data-evc_open=\"no\" data-show_limit=\"no\" data-etc_override=\"no\" data-show_limit_redir=\"0\" data-tiles=\"no\" data-tile_height=\"0\" data-tile_bg=\"0\" data-tile_count=\"2\" data-tile_style=\"0\" data-s=\"\" data-members_only=\"no\" data-ux_val=\"0\" data-show_limit_ajax=\"no\" data-show_limit_paged=\"1\" ><\/div><div class='clear'><\/div><\/div><div class='evcal_month_line'><p>Maio 2016<\/p><\/div><div id='evcal_list' class='eventon_events_list '><div id=\"event_8173\" class=\"eventon_list_event evo_eventtop past_event event\" data-event_id=\"8173\" data-time=\"1462579500-1462665300\" data-colr=\"#0092e0\" itemscope itemtype='http:\/\/schema.org\/Event' 1><div class=\"evo_event_schema\" style=\"display:none\" ><a itemprop='url'  href='https:\/\/www.federacao-triatlo.pt\/ftp2015\/events\/triatlo-longo-de-lisboa-2\/'><\/a><span itemprop='name'  >Triatlo Longo de Lisboa<\/span><meta itemprop='image'  ><\/meta><meta itemprop='description' content='Os atletas que se inscrevam a partir do dia 31 de Mar\u00e7o de 2016 atrav\u00e9s do s\u00edtio da FTP (e at\u00e9 ao dia 25 de Abril - data de fecho' ><\/meta><meta itemprop='startDate' content='2016-5-7' ><\/meta><meta itemprop='endDate' content='2016-5-7' ><\/meta><meta itemprop='eventStatus' content='on-schedule' ><\/meta><script type=\"application\/ld+json\">{\t\"@context\": \"http:\/\/schema.org\",\r\n\t\t\t\t\t\t\t  \t\"@type\": \"Event\",\r\n\t\t\t\t\t\t\t  \t\"name\": \"Triatlo Longo de Lisboa\",\r\n\t\t\t\t\t\t\t  \t\"startDate\": \"2016-5-7T00-00-05-00\",\r\n\t\t\t\t\t\t\t  \t\"endDate\": \"2016-5-7T23-23-55-00\",\r\n\t\t\t\t\t\t\t  \t\"image\":,\r\n\t\t\t\t\t\t\t  \t\"description\":\"Os atletas que se inscrevam a partir do dia 31 de Mar\u00e7o de 2016 atrav\u00e9s do s\u00edtio da FTP (e at\u00e9 ao dia 25 de Abril - data de fecho\",\r\n\t\t\t\t\t\t\t  \t\r\n\t\t\t\t\t\t\t }\r\n\t\t\t\t\t\t\t<\/script><\/div>\r\n\t\t\t\t<p class=\"desc_trig_outter\"><a data-gmap_status=\"null\" data-gmtrig=\"1\" data-exlk=\"0\" style=\"border-color: #0092e0;\" id=\"evc_14625795008173\" class=\"desc_trig evo_campeonato-nacional-de-triatlo-longo sin_val evcal_list_a\" data-ux_val=\"1\"  ><span class='evcal_cblock ' data-bgcolor='#0092e0' data-smon='Maio' data-syr='2016'><span class='evo_start '><em class='date'>07<\/em><em class='month'>mai<\/em><em class='time'>allday<\/em><\/span><span class='evo_end only_time'><em class='time'>allday<\/em><\/span><em class='clear'><\/em><\/span><span class='evcal_desc evo_info hide_eventtopdata '  data-location_status=\"false\" ><span class='evo_above_title'><\/span><span class='evcal_desc2 evcal_event_title' itemprop='name'>Triatlo Longo de Lisboa<\/span><span class='evo_below_title'><\/span><span class='evcal_desc_info' ><em class=\"evcal_location\"  data-add_str=\"\"><em class=\"event_location_name\">Lisboa<\/em><\/em><\/span><span class='evcal_desc3'><span class='evcal_event_types ett1'><em><i>Tipo de Evento:<\/i><\/em><em data-filter='event_type'>Campeonato Nacional de Clubes de Triatlo Longo<\/em><i class='clear'><\/i><\/span><\/span><\/span><em class='clear'><\/em><\/p><\/a><div class='event_description evcal_eventcard ' style=\"display:none\"><div class='evo_metarow_details evorow evcal_evdata_row bordb evcal_event_details'>\r\n\t\t\t\t\t\t\t<div class=\"event_excerpt\" style=\"display:none\"><h3 class=\"padb5 evo_h3\">Detalhes do Evento<\/h3><p>Os atletas que se inscrevam a partir do dia 31 de Mar\u00e7o de 2016 atrav\u00e9s do s\u00edtio da FTP (e at\u00e9 ao dia 25 de Abril - data de fecho<\/p><\/div><span class='evcal_evdata_icons'><i class='fa fa-align-justify'><\/i><\/span>\r\n\t\t\t\t\t\t\t\r\n\t\t\t\t\t\t\t<div class='evcal_evdata_cell '><div class='eventon_full_description'>\r\n\t\t\t\t\t\t\t\t\t<h3 class='padb5 evo_h3'><span class='evcal_evdata_icons'><i class='fa fa-align-justify'><\/i><\/span>Detalhes do Evento<\/h3><div class='eventon_desc_in' itemprop='description'>\r\n\t\t\t\t\t\t\t\t\t<p>Os atletas que se inscrevam a partir do dia 31 de Mar\u00e7o de 2016 atrav\u00e9s do s\u00edtio da FTP (e at\u00e9 ao dia 25 de Abril &#8211; data de fecho das mesmas inscri\u00e7\u00f5es), apenas o podem fazer na prova do Campeonato Nacional de Clubes\u00a0e pontuam somente para o mesmo\u00a0Campeonato Nacional de Clubes, n\u00e3o sendo ileg\u00edveis para os pr\u00e9mios finais individuais.<\/p>\n<\/div><div class='clear'><\/div>\r\n\t\t\t\t\t\t\t\t<\/div>\r\n\t\t\t\t\t\t\t<\/div>\r\n\t\t\t\t\t\t<\/div><div class='evo_metarow_time_location evorow bordb '>\r\n\t\t\t\t\t\t<div class='tb' >\r\n\t\t\t\t\t\t\t<div class='tbrow'>\r\n\t\t\t\t\t\t\t<div class='evcal_col50 bordr'>\r\n\t\t\t\t\t\t\t\t<div class='evcal_evdata_row evo_time'>\r\n\t\t\t\t\t\t\t\t\t<span class='evcal_evdata_icons'><i class='fa fa-clock-o'><\/i><\/span>\r\n\t\t\t\t\t\t\t\t\t<div class='evcal_evdata_cell'>\t\t\t\t\t\t\t\r\n\t\t\t\t\t\t\t\t\t\t<h3 class='evo_h3'><span class='evcal_evdata_icons'><i class='fa fa-clock-o'><\/i><\/span>Hor\u00e1rio<\/h3>\r\n\t\t\t\t\t\t\t\t\t\t<p>Todo o dia (S\u00e1bado)<\/p>\r\n\t\t\t\t\t\t\t\t\t<\/div>\r\n\t\t\t\t\t\t\t\t<\/div>\r\n\t\t\t\t\t\t\t<\/div><div class='evcal_col50'>\r\n\t\t\t\t\t\t\t\t<div class='evcal_evdata_row evo_location'>\r\n\t\t\t\t\t\t\t\t\t<span class='evcal_evdata_icons'><i class='fa fa-map-marker'><\/i><\/span>\r\n\t\t\t\t\t\t\t\t\t<div class='evcal_evdata_cell' data-loc_tax_id='13'>\t\t\t\t\t\t\t\r\n\t\t\t\t\t\t\t\t\t\t<h3 class='evo_h3'><span class='evcal_evdata_icons'><i class='fa fa-map-marker'><\/i><\/span>Localiza\u00e7\u00e3o<\/h3><p class='evo_location_name'>Lisboa<\/p><p><\/p>\r\n\t\t\t\t\t\t\t\t\t<\/div>\r\n\t\t\t\t\t\t\t\t<\/div>\r\n\t\t\t\t\t\t\t<\/div><div class='clear'><\/div>\r\n\t\t\t\t\t\t\t<\/div><\/div>\r\n\t\t\t\t\t\t<\/div><div class='evo_metarow_organizer evorow evcal_evdata_row bordb evcal_evrow_sm '>\r\n\t\t\t\t\t\t\t<span class='evcal_evdata_icons'><i class='fa fa-headphones'><\/i><\/span>\r\n\t\t\t\t\t\t\t<div class='evcal_evdata_cell'>\t\t\t\t\t\t\t\r\n\t\t\t\t\t\t\t\t<h3 class='evo_h3'>Evento organizado por<\/h3>\r\n\t\t\t\t\t\t\t\t\r\n\t\t\t\t\t\t\t\t<div class='evo_card_organizer'><p class='evo_data_val evo_card_organizer_name'>\r\n\t\t\t\t\t\t\t\t\t<span class='evo_card_organizer_name_t'><a  href='https:\/\/www.challenge-lisboa.com\/'>Sports 4 All<\/a><\/span><span class='evo_card_organizer_contact'>info@challenge-lisboa.com<\/span>\r\n\t\t\t\t\t\t\t\t\t\r\n\t\t\t\t\t\t\t\t\t<\/p><\/div><div class='clear'><\/div>\t\t\t\t\t\t\t\r\n\t\t\t\t\t\t\t<\/div>\r\n\t\t\t\t\t\t<\/div><div class='evo_metarow_locImg evorow bordb ' style='height:300px; background-image:url(https:\/\/www.federacao-triatlo.pt\/ftp2015\/wp-content\/uploads\/2014\/12\/slide1.jpg)' id='19_locimg' ><\/div>\t\t\t\t\t\t<div class='evo_metarow_ICS evorow bordb evcal_evdata_row'>\r\n\t\t\t\t\t\t\t<span class=\"evcal_evdata_icons\"><i class=\"fa fa-calendar\"><\/i><\/span>\r\n\t\t\t\t\t\t\t<div class='evcal_evdata_cell'>\r\n\t\t\t\t\t\t\t\t<p><a href='https:\/\/www.federacao-triatlo.pt\/ftp2015\/wp-admin\/admin-ajax.php?action=eventon_ics_download&amp;event_id=8173&amp;sunix=20160506T230500Z&amp;eunix=20160507T225500Z&amp;loca=&amp;locn=Lisboa' class='evo_ics_nCal' title='Adicionar ao seu calend\u00e1rio'>Calend\u00e1rio<\/a><a href='\/\/www.google.com\/calendar\/event?action=TEMPLATE&amp;text=Triatlo+Longo+de+Lisboa&amp;dates=20160506T230500Z\/20160507T225500Z&amp;details=Os+atletas+que+se+inscrevam+a+partir+do+dia+31+de+Mar%C3%A7o+de+2016+atrav%C3%A9s+do+s%C3%ADtio+da+FTP+%28e+at%C3%A9+ao+dia+25+de+Abril+-+data+de+fecho&amp;location=Lisboa - ' target='_blank' class='evo_ics_gCal' title='Adicionar ao calend\u00e1rio Google'>GoogleCal<\/a><\/p>\t\r\n\t\t\t\t\t\t\t<\/div>\t\t\t\t\t\t<\/div>\r\n\t\t\t\t\t\t<\/div><div class='clear end'><\/div><\/div><div id=\"event_8788\" class=\"eventon_list_event evo_eventtop past_event event\" data-event_id=\"8788\" data-time=\"1463184300-1463270100\" data-colr=\"#0092e0\" itemscope itemtype='http:\/\/schema.org\/Event' 2><div class=\"evo_event_schema\" style=\"display:none\" ><a itemprop='url'  href='https:\/\/www.federacao-triatlo.pt\/ftp2015\/events\/vii-triatlo-de-castelo-de-paiva-campeonato-regional-norte-2\/'><\/a><span itemprop='name'  >VII Triatlo de Castelo de Paiva - Campeonato Regional Norte<\/span><meta itemprop='image' content='https:\/\/www.federacao-triatlo.pt\/ftp2015\/wp-content\/uploads\/2016\/03\/Cartaz-7\u00ba-Triatlo-Cast-Paiva-213x300.jpg' ><\/meta><meta itemprop='description' content='O Campeonato Regional Norte de Triatlo ir\u00e1 ter lugar em Castelo de Paiva no dia 14 de Maio de 2016.\r\n\r\nMais informa\u00e7\u00f5es em:\u00a0http:\/\/delegacaoregional.wix.com\/triatlonorte#!triatlo-de-castelo-de-paiva\/mqxcr\r\n\r\n' ><\/meta><meta itemprop='startDate' content='2016-5-14' ><\/meta><meta itemprop='endDate' content='2016-5-14' ><\/meta><meta itemprop='eventStatus' content='on-schedule' ><\/meta><script type=\"application\/ld+json\">{\t\"@context\": \"http:\/\/schema.org\",\r\n\t\t\t\t\t\t\t  \t\"@type\": \"Event\",\r\n\t\t\t\t\t\t\t  \t\"name\": \"VII Triatlo de Castelo de Paiva - Campeonato Regional Norte\",\r\n\t\t\t\t\t\t\t  \t\"startDate\": \"2016-5-14T00-00-05-00\",\r\n\t\t\t\t\t\t\t  \t\"endDate\": \"2016-5-14T23-23-55-00\",\r\n\t\t\t\t\t\t\t  \t\"image\":\"https:\/\/www.federacao-triatlo.pt\/ftp2015\/wp-content\/uploads\/2016\/03\/Cartaz-7\u00ba-Triatlo-Cast-Paiva-213x300.jpg\",\r\n\t\t\t\t\t\t\t  \t\"description\":\"O Campeonato Regional Norte de Triatlo ir\u00e1 ter lugar em Castelo de Paiva no dia 14 de Maio de 2016.\r\n\r\nMais informa\u00e7\u00f5es em:\u00a0http:\/\/delegacaoregional.wix.com\/triatlonorte#!triatlo-de-castelo-de-paiva\/mqxcr\r\n\r\n\",\r\n\t\t\t\t\t\t\t  \t\r\n\t\t\t\t\t\t\t }\r\n\t\t\t\t\t\t\t<\/script><\/div>\r\n\t\t\t\t<p class=\"desc_trig_outter\"><a data-gmap_status=\"null\" data-gmtrig=\"1\" data-exlk=\"0\" style=\"border-color: #0092e0;\" id=\"evc_14631843008788\" class=\"desc_trig evo_camp-reg evo_camp-reg-jovem sin_val evcal_list_a\" data-ux_val=\"1\"  ><span class='evcal_cblock ' data-bgcolor='#0092e0' data-smon='Maio' data-syr='2016'><span class='evo_start '><em class='date'>14<\/em><em class='month'>mai<\/em><em class='time'>allday<\/em><\/span><span class='evo_end only_time'><em class='time'>allday<\/em><\/span><em class='clear'><\/em><\/span><span class='evcal_desc evo_info hide_eventtopdata '  data-location_status=\"false\" ><span class='evo_above_title'><\/span><span class='evcal_desc2 evcal_event_title' itemprop='name'>VII Triatlo de Castelo de Paiva - Campeonato Regional Norte<\/span><span class='evo_below_title'><\/span><span class='evcal_desc_info' ><\/span><span class='evcal_desc3'><span class='evcal_event_types ett1'><em><i>Tipo de Evento:<\/i><\/em><em data-filter='event_type'>Camp. Regional,<\/em><em data-filter='event_type'>Camp. Reg. Jovem<\/em><i class='clear'><\/i><\/span><\/span><\/span><em class='clear'><\/em><\/p><\/a><div class='event_description evcal_eventcard ' style=\"display:none\"><div class='evo_metarow_directimg'><img src='https:\/\/www.federacao-triatlo.pt\/ftp2015\/wp-content\/uploads\/2016\/03\/Cartaz-7\u00ba-Triatlo-Cast-Paiva.jpg' \/><\/div><div class='evo_metarow_details evorow evcal_evdata_row bordb evcal_event_details'>\r\n\t\t\t\t\t\t\t<div class=\"event_excerpt\" style=\"display:none\"><h3 class=\"padb5 evo_h3\">Detalhes do Evento<\/h3><p>O Campeonato Regional Norte de Triatlo ir\u00e1 ter lugar em Castelo de Paiva no dia 14 de Maio de 2016.\r\n\r\nMais informa\u00e7\u00f5es em:\u00a0http:\/\/delegacaoregional.wix.com\/triatlonorte#!triatlo-de-castelo-de-paiva\/mqxcr\r\n\r\n<\/p><\/div><span class='evcal_evdata_icons'><i class='fa fa-align-justify'><\/i><\/span>\r\n\t\t\t\t\t\t\t\r\n\t\t\t\t\t\t\t<div class='evcal_evdata_cell '><div class='eventon_full_description'>\r\n\t\t\t\t\t\t\t\t\t<h3 class='padb5 evo_h3'><span class='evcal_evdata_icons'><i class='fa fa-align-justify'><\/i><\/span>Detalhes do Evento<\/h3><div class='eventon_desc_in' itemprop='description'>\r\n\t\t\t\t\t\t\t\t\t<p>O Campeonato Regional Norte de Triatlo ir\u00e1 ter lugar em Castelo de Paiva no dia 14 de Maio de 2016.<\/p>\n<p>Mais informa\u00e7\u00f5es em:\u00a0<a href=\"http:\/\/delegacaoregional.wix.com\/triatlonorte#!triatlo-de-castelo-de-paiva\/mqxcr\">http:\/\/delegacaoregional.wix.com\/triatlonorte#!triatlo-de-castelo-de-paiva\/mqxcr<\/a><\/p>\n<p><a href=\"https:\/\/www.federacao-triatlo.pt\/ftp2015\/wp-content\/uploads\/2016\/03\/Cartaz-7\u00ba-Triatlo-Cast-Paiva.jpg\" rel=\"attachment wp-att-8631\"><img class=\"alignnone size-medium wp-image-8631\" src=\"https:\/\/www.federacao-triatlo.pt\/ftp2015\/wp-content\/uploads\/2016\/03\/Cartaz-7\u00ba-Triatlo-Cast-Paiva-213x300.jpg\" alt=\"Cartaz 7\u00ba Triatlo Cast Paiva\" width=\"213\" height=\"300\" \/><\/a>\u00a0 \u00a0 \u00a0 \u00a0\u00a0<a href=\"https:\/\/www.federacao-triatlo.pt\/ftp2015\/wp-content\/uploads\/2016\/03\/Cartaz-Duatlo-Jov-Pedorido.jpg\" rel=\"attachment wp-att-8632\"><img class=\"alignnone size-medium wp-image-8632\" src=\"https:\/\/www.federacao-triatlo.pt\/ftp2015\/wp-content\/uploads\/2016\/03\/Cartaz-Duatlo-Jov-Pedorido-214x300.jpg\" alt=\"Cartaz Duatlo Jov Pedorido\" width=\"214\" height=\"300\" \/><\/a><\/p>\n<\/div><div class='clear'><\/div>\r\n\t\t\t\t\t\t\t\t<\/div>\r\n\t\t\t\t\t\t\t<\/div>\r\n\t\t\t\t\t\t<\/div><div class='evo_metarow_time evorow evcal_evdata_row bordb evcal_evrow_sm '>\r\n\t\t\t\t\t\t\t<span class='evcal_evdata_icons'><i class='fa fa-clock-o'><\/i><\/span>\r\n\t\t\t\t\t\t\t<div class='evcal_evdata_cell'>\t\t\t\t\t\t\t\r\n\t\t\t\t\t\t\t\t<h3 class='evo_h3'><span class='evcal_evdata_icons'><i class='fa fa-clock-o'><\/i><\/span>Hor\u00e1rio<\/h3><p>Todo o dia (S\u00e1bado)<\/p>\r\n\t\t\t\t\t\t\t<\/div>\r\n\t\t\t\t\t\t<\/div>\t\t\t\t\t\t<div class='evo_metarow_ICS evorow bordb evcal_evdata_row'>\r\n\t\t\t\t\t\t\t<span class=\"evcal_evdata_icons\"><i class=\"fa fa-calendar\"><\/i><\/span>\r\n\t\t\t\t\t\t\t<div class='evcal_evdata_cell'>\r\n\t\t\t\t\t\t\t\t<p><a href='https:\/\/www.federacao-triatlo.pt\/ftp2015\/wp-admin\/admin-ajax.php?action=eventon_ics_download&amp;event_id=8788&amp;sunix=20160513T230500Z&amp;eunix=20160514T225500Z&amp;loca=&amp;locn=' class='evo_ics_nCal' title='Adicionar ao seu calend\u00e1rio'>Calend\u00e1rio<\/a><a href='\/\/www.google.com\/calendar\/event?action=TEMPLATE&amp;text=VII+Triatlo+de+Castelo+de+Paiva+-+Campeonato+Regional+Norte&amp;dates=20160513T230500Z\/20160514T225500Z&amp;details=O+Campeonato+Regional+Norte+de+Triatlo+ir%C3%A1+ter+lugar+em+Castelo+de+Paiva+no+dia+14+de+Maio+de+2016.%0D%0A%0D%0AMais+informa%C3%A7%C3%B5es+em%3A%C2%A0http%3A%2F%2Fdelegacaoregional.wix.com%2Ftriatlonorte%23%21triatlo-de-castelo-de-paiva%2Fmqxcr%0D%0A%0D%0A&amp;location= - ' target='_blank' class='evo_ics_gCal' title='Adicionar ao calend\u00e1rio Google'>GoogleCal<\/a><\/p>\t\r\n\t\t\t\t\t\t\t<\/div>\t\t\t\t\t\t<\/div>\r\n\t\t\t\t\t\t<\/div><div class='clear end'><\/div><\/div><div id=\"event_9193\" class=\"eventon_list_event evo_eventtop past_event event\" data-event_id=\"9193\" data-time=\"1463184300-1463270100\" data-colr=\"#0092e0\" itemscope itemtype='http:\/\/schema.org\/Event' 3><div class=\"evo_event_schema\" style=\"display:none\" ><a itemprop='url'  href='https:\/\/www.federacao-triatlo.pt\/ftp2015\/events\/ii-triatlo-de-albufeira-campeonato-regional-sul-2\/'><\/a><span itemprop='name'  >II Triatlo de Albufeira - Campeonato Regional do Algarve<\/span><meta itemprop='image' content='https:\/\/www.federacao-triatlo.pt\/ftp2015\/wp-content\/uploads\/2016\/04\/Cartaz-Triatlo-Albufeira-2016-2-212x300.jpg' ><\/meta><meta itemprop='description' content='O II Triatlo de Albufeira - Campeonato Regional Algarve ir\u00e1 ter lugar em 14 de Maio na Praia da Gal\u00e9.\r\n\r\nPercursos II Tri Albufeira\r\n\r\nRegulamento II Tri Albufeira' ><\/meta><meta itemprop='startDate' content='2016-5-14' ><\/meta><meta itemprop='endDate' content='2016-5-14' ><\/meta><meta itemprop='eventStatus' content='on-schedule' ><\/meta>\r\n\t\t\t\t\t\t\t\t\t<item style=\"display:none\" itemprop=\"location\" itemscope itemtype=\"http:\/\/schema.org\/Place\">\r\n\t\t\t\t\t\t\t\t\t\t<span itemprop=\"name\">Albufeira<\/span>\r\n\t\t\t\t\t\t\t\t\t\t<span itemprop=\"address\" itemscope itemtype=\"http:\/\/schema.org\/PostalAddress\">\r\n\t\t\t\t\t\t\t\t\t\t\t<item itemprop=\"streetAddress\">Praia da Gal\u00e9<\/item>\r\n\t\t\t\t\t\t\t\t\t\t<\/span><\/item><script type=\"application\/ld+json\">{\t\"@context\": \"http:\/\/schema.org\",\r\n\t\t\t\t\t\t\t  \t\"@type\": \"Event\",\r\n\t\t\t\t\t\t\t  \t\"name\": \"II Triatlo de Albufeira - Campeonato Regional do Algarve\",\r\n\t\t\t\t\t\t\t  \t\"startDate\": \"2016-5-14T00-00-05-00\",\r\n\t\t\t\t\t\t\t  \t\"endDate\": \"2016-5-14T23-23-55-00\",\r\n\t\t\t\t\t\t\t  \t\"image\":\"https:\/\/www.federacao-triatlo.pt\/ftp2015\/wp-content\/uploads\/2016\/04\/Cartaz-Triatlo-Albufeira-2016-2-212x300.jpg\",\r\n\t\t\t\t\t\t\t  \t\"description\":\"O II Triatlo de Albufeira - Campeonato Regional Algarve ir\u00e1 ter lugar em 14 de Maio na Praia da Gal\u00e9.\r\n\r\nPercursos II Tri Albufeira\r\n\r\nRegulamento II Tri Albufeira\",\r\n\t\t\t\t\t\t\t  \t\"location\":{\r\n\t\t\t\t\t\t\t\t\t\t\"@type\":\"Place\",\r\n\t\t\t\t\t\t\t\t\t\t\"name\":\"Albufeira\",\r\n\t\t\t\t\t\t\t\t\t\t\"address\":\"Praia da Gal\u00e9\"\r\n\t\t\t\t\t\t\t  \t\t}\r\n\t\t\t\t\t\t\t }\r\n\t\t\t\t\t\t\t<\/script><\/div>\r\n\t\t\t\t<p class=\"desc_trig_outter\"><a data-gmap_status=\"null\" data-exlk=\"0\" style=\"border-color: #0092e0;\" id=\"evc_14631843009193\" class=\"desc_trig evo_camp-reg evo_circuito-regional sin_val evcal_list_a\" data-ux_val=\"1\"  ><span class='evcal_cblock ' data-bgcolor='#0092e0' data-smon='Maio' data-syr='2016'><span class='evo_start '><em class='date'>14<\/em><em class='month'>mai<\/em><em class='time'>allday<\/em><\/span><span class='evo_end only_time'><em class='time'>allday<\/em><\/span><em class='clear'><\/em><\/span><span class='evcal_desc evo_info hide_eventtopdata ' data-latlng=\"37\u00b0 4,-8\u00b0 18\"  data-location_address=\"Praia da Gal\u00e9\" data-location_type=\"lonlat\" data-location_name=\"Albufeira\" data-location_status=\"true\" ><span class='evo_above_title'><\/span><span class='evcal_desc2 evcal_event_title' itemprop='name'>II Triatlo de Albufeira - Campeonato Regional do Algarve<\/span><span class='evo_below_title'><\/span><span class='evcal_desc_info' ><em class=\"evcal_location\" data-latlng=\"37\u00b0 4,-8\u00b0 18\"  data-add_str=\"\"><em class=\"event_location_name\">Albufeira<\/em><\/em><\/span><span class='evcal_desc3'><span class='evcal_event_types ett1'><em><i>Tipo de Evento:<\/i><\/em><em data-filter='event_type'>Camp. Regional,<\/em><em data-filter='event_type'>Circuito Regional<\/em><i class='clear'><\/i><\/span><\/span><\/span><em class='clear'><\/em><\/p><\/a><div class='event_description evcal_eventcard ' style=\"display:none\"><div class='evo_metarow_directimg'><img src='https:\/\/www.federacao-triatlo.pt\/ftp2015\/wp-content\/uploads\/2016\/04\/Cartaz-Triatlo-Albufeira-2016-2.jpg' \/><\/div><div class='evo_metarow_details evorow evcal_evdata_row bordb evcal_event_details'>\r\n\t\t\t\t\t\t\t<div class=\"event_excerpt\" style=\"display:none\"><h3 class=\"padb5 evo_h3\">Detalhes do Evento<\/h3><p>O II Triatlo de Albufeira - Campeonato Regional Algarve ir\u00e1 ter lugar em 14 de Maio na Praia da Gal\u00e9.\r\n\r\nPercursos II Tri Albufeira\r\n\r\nRegulamento II Tri Albufeira<\/p><\/div><span class='evcal_evdata_icons'><i class='fa fa-align-justify'><\/i><\/span>\r\n\t\t\t\t\t\t\t\r\n\t\t\t\t\t\t\t<div class='evcal_evdata_cell '><div class='eventon_full_description'>\r\n\t\t\t\t\t\t\t\t\t<h3 class='padb5 evo_h3'><span class='evcal_evdata_icons'><i class='fa fa-align-justify'><\/i><\/span>Detalhes do Evento<\/h3><div class='eventon_desc_in' itemprop='description'>\r\n\t\t\t\t\t\t\t\t\t<p>O II Triatlo de Albufeira &#8211; Campeonato Regional Algarve ir\u00e1 ter lugar em 14 de Maio na Praia da Gal\u00e9.<\/p>\n<p><a href=\"https:\/\/www.federacao-triatlo.pt\/ftp2015\/wp-content\/uploads\/2016\/04\/Percursos-II-Tri-Albufeira.pptx\" rel=\"\">Percursos II Tri Albufeira<\/a><\/p>\n<p><a href=\"https:\/\/www.federacao-triatlo.pt\/ftp2015\/wp-content\/uploads\/2016\/04\/Regulamento-II-Tri-Albufeira-2016-1.doc\" rel=\"\">Regulamento II Tri Albufeira 2016 (1)<\/a><\/p>\n<p><strong>Forma de inscri\u00e7\u00e3o:<\/strong> http:\/\/www.letsrun.pt\/event\/13\/view<\/p>\n<\/div><div class='clear'><\/div>\r\n\t\t\t\t\t\t\t\t<\/div>\r\n\t\t\t\t\t\t\t<\/div>\r\n\t\t\t\t\t\t<\/div><div class='evo_metarow_time_location evorow bordb '>\r\n\t\t\t\t\t\t<div class='tb' >\r\n\t\t\t\t\t\t\t<div class='tbrow'>\r\n\t\t\t\t\t\t\t<div class='evcal_col50 bordr'>\r\n\t\t\t\t\t\t\t\t<div class='evcal_evdata_row evo_time'>\r\n\t\t\t\t\t\t\t\t\t<span class='evcal_evdata_icons'><i class='fa fa-clock-o'><\/i><\/span>\r\n\t\t\t\t\t\t\t\t\t<div class='evcal_evdata_cell'>\t\t\t\t\t\t\t\r\n\t\t\t\t\t\t\t\t\t\t<h3 class='evo_h3'><span class='evcal_evdata_icons'><i class='fa fa-clock-o'><\/i><\/span>Hor\u00e1rio<\/h3>\r\n\t\t\t\t\t\t\t\t\t\t<p>Todo o dia (S\u00e1bado)<\/p>\r\n\t\t\t\t\t\t\t\t\t<\/div>\r\n\t\t\t\t\t\t\t\t<\/div>\r\n\t\t\t\t\t\t\t<\/div><div class='evcal_col50'>\r\n\t\t\t\t\t\t\t\t<div class='evcal_evdata_row evo_location'>\r\n\t\t\t\t\t\t\t\t\t<span class='evcal_evdata_icons'><i class='fa fa-map-marker'><\/i><\/span>\r\n\t\t\t\t\t\t\t\t\t<div class='evcal_evdata_cell' data-loc_tax_id='113'>\t\t\t\t\t\t\t\r\n\t\t\t\t\t\t\t\t\t\t<h3 class='evo_h3'><span class='evcal_evdata_icons'><i class='fa fa-map-marker'><\/i><\/span>Localiza\u00e7\u00e3o<\/h3><p class='evo_location_name'>Albufeira<\/p><p>Praia da Gal\u00e9<\/p>\r\n\t\t\t\t\t\t\t\t\t<\/div>\r\n\t\t\t\t\t\t\t\t<\/div>\r\n\t\t\t\t\t\t\t<\/div><div class='clear'><\/div>\r\n\t\t\t\t\t\t\t<\/div><\/div>\r\n\t\t\t\t\t\t<\/div><div class='evo_metarow_organizer evorow evcal_evdata_row bordb evcal_evrow_sm '>\r\n\t\t\t\t\t\t\t<span class='evcal_evdata_icons'><i class='fa fa-headphones'><\/i><\/span>\r\n\t\t\t\t\t\t\t<div class='evcal_evdata_cell'>\t\t\t\t\t\t\t\r\n\t\t\t\t\t\t\t\t<h3 class='evo_h3'>Evento organizado por<\/h3>\r\n\t\t\t\t\t\t\t\t\r\n\t\t\t\t\t\t\t\t<div class='evo_card_organizer'><p class='evo_data_val evo_card_organizer_name'>\r\n\t\t\t\t\t\t\t\t\t<span class='evo_card_organizer_name_t'>FC Ferreiras<\/span>\r\n\t\t\t\t\t\t\t\t\t\r\n\t\t\t\t\t\t\t\t\t<\/p><\/div><div class='clear'><\/div>\t\t\t\t\t\t\t\r\n\t\t\t\t\t\t\t<\/div>\r\n\t\t\t\t\t\t<\/div>\t\t\t\t\t\t<div class='evo_metarow_ICS evorow bordb evcal_evdata_row'>\r\n\t\t\t\t\t\t\t<span class=\"evcal_evdata_icons\"><i class=\"fa fa-calendar\"><\/i><\/span>\r\n\t\t\t\t\t\t\t<div class='evcal_evdata_cell'>\r\n\t\t\t\t\t\t\t\t<p><a href='https:\/\/www.federacao-triatlo.pt\/ftp2015\/wp-admin\/admin-ajax.php?action=eventon_ics_download&amp;event_id=9193&amp;sunix=20160513T230500Z&amp;eunix=20160514T225500Z&amp;loca=Praia da Gal\u00e9&amp;locn=Albufeira' class='evo_ics_nCal' title='Adicionar ao seu calend\u00e1rio'>Calend\u00e1rio<\/a><a href='\/\/www.google.com\/calendar\/event?action=TEMPLATE&amp;text=II+Triatlo+de+Albufeira+-+Campeonato+Regional+do+Algarve&amp;dates=20160513T230500Z\/20160514T225500Z&amp;details=O+II+Triatlo+de+Albufeira+-+Campeonato+Regional+Algarve+ir%C3%A1+ter+lugar+em+14+de+Maio+na+Praia+da+Gal%C3%A9.%0D%0A%0D%0APercursos+II+Tri+Albufeira%0D%0A%0D%0ARegulamento+II+Tri+Albufeira&amp;location=Albufeira - Praia+da+Gal%C3%A9' target='_blank' class='evo_ics_gCal' title='Adicionar ao calend\u00e1rio Google'>GoogleCal<\/a><\/p>\t\r\n\t\t\t\t\t\t\t<\/div>\t\t\t\t\t\t<\/div>\r\n\t\t\t\t\t\t<\/div><div class='clear end'><\/div><\/div><div id=\"event_8421\" class=\"eventon_list_event evo_eventtop past_event event\" data-event_id=\"8421\" data-time=\"1463270700-1463356500\" data-colr=\"#fa052e\" itemscope itemtype='http:\/\/schema.org\/Event' 4><div class=\"evo_event_schema\" style=\"display:none\" ><a itemprop='url'  href='https:\/\/www.federacao-triatlo.pt\/ftp2015\/events\/duatlo-de-torres-de-vedras\/'><\/a><span itemprop='name'  >Duatlo de Torres de Vedras<\/span><meta itemprop='image'  ><\/meta><meta itemprop='description' content='Duatlo de Torres Vedras - Regulamento\r\n\r\nDuatlo de Torres Vedras - Percursos CNI\r\n\r\nDuatlo de Torres Vedras - Percursos Prova Aberta\r\n\r\nSL Duatlo Torres Vedras' ><\/meta><meta itemprop='startDate' content='2016-5-15' ><\/meta><meta itemprop='endDate' content='2016-5-15' ><\/meta><meta itemprop='eventStatus' content='on-schedule' ><\/meta>\r\n\t\t\t\t\t\t\t\t\t<item style=\"display:none\" itemprop=\"location\" itemscope itemtype=\"http:\/\/schema.org\/Place\">\r\n\t\t\t\t\t\t\t\t\t\t<span itemprop=\"name\">Torres Vedras<\/span>\r\n\t\t\t\t\t\t\t\t\t\t<span itemprop=\"address\" itemscope itemtype=\"http:\/\/schema.org\/PostalAddress\">\r\n\t\t\t\t\t\t\t\t\t\t\t<item itemprop=\"streetAddress\">Torres Vedras<\/item>\r\n\t\t\t\t\t\t\t\t\t\t<\/span><\/item><script type=\"application\/ld+json\">{\t\"@context\": \"http:\/\/schema.org\",\r\n\t\t\t\t\t\t\t  \t\"@type\": \"Event\",\r\n\t\t\t\t\t\t\t  \t\"name\": \"Duatlo de Torres de Vedras\",\r\n\t\t\t\t\t\t\t  \t\"startDate\": \"2016-5-15T00-00-05-00\",\r\n\t\t\t\t\t\t\t  \t\"endDate\": \"2016-5-15T23-23-55-00\",\r\n\t\t\t\t\t\t\t  \t\"image\":,\r\n\t\t\t\t\t\t\t  \t\"description\":\"Duatlo de Torres Vedras - Regulamento\r\n\r\nDuatlo de Torres Vedras - Percursos CNI\r\n\r\nDuatlo de Torres Vedras - Percursos Prova Aberta\r\n\r\nSL Duatlo Torres Vedras\",\r\n\t\t\t\t\t\t\t  \t\"location\":{\r\n\t\t\t\t\t\t\t\t\t\t\"@type\":\"Place\",\r\n\t\t\t\t\t\t\t\t\t\t\"name\":\"Torres Vedras\",\r\n\t\t\t\t\t\t\t\t\t\t\"address\":\"Torres Vedras\"\r\n\t\t\t\t\t\t\t  \t\t}\r\n\t\t\t\t\t\t\t }\r\n\t\t\t\t\t\t\t<\/script><\/div>\r\n\t\t\t\t<p class=\"desc_trig_outter\"><a data-gmtrig=\"1\" data-exlk=\"0\" style=\"border-color: #fa052e;\" id=\"evc_14632707008421\" class=\"desc_trig evo_camp-nac sin_val evcal_list_a\" data-ux_val=\"1\"  ><span class='evcal_cblock ' data-bgcolor='#fa052e' data-smon='Maio' data-syr='2016'><span class='evo_start '><em class='date'>15<\/em><em class='month'>mai<\/em><em class='time'>allday<\/em><\/span><span class='evo_end only_time'><em class='time'>allday<\/em><\/span><em class='clear'><\/em><\/span><span class='evcal_desc evo_info hide_eventtopdata ' data-latlng=\"39.083932,-9.261839\"  data-location_address=\"Torres Vedras\" data-location_type=\"lonlat\" data-location_name=\"Torres Vedras\" data-location_status=\"true\" ><span class='evo_above_title'><\/span><span class='evcal_desc2 evcal_event_title' itemprop='name'>Duatlo de Torres de Vedras<\/span><span class='evo_below_title'><\/span><span class='evcal_desc_info' ><em class=\"evcal_location\" data-latlng=\"39.083932,-9.261839\"  data-add_str=\"\"><em class=\"event_location_name\">Torres Vedras<\/em><\/em><\/span><span class='evcal_desc3'><span class='evcal_event_types ett1'><em><i>Tipo de Evento:<\/i><\/em><em data-filter='event_type'>Camp. Nac.<\/em><i class='clear'><\/i><\/span><\/span><\/span><em class='clear'><\/em><\/p><\/a><div class='event_description evcal_eventcard ' style=\"display:none\"><div class='evo_metarow_details evorow evcal_evdata_row bordb evcal_event_details'>\r\n\t\t\t\t\t\t\t<div class=\"event_excerpt\" style=\"display:none\"><h3 class=\"padb5 evo_h3\">Detalhes do Evento<\/h3><p>Duatlo de Torres Vedras - Regulamento\r\n\r\nDuatlo de Torres Vedras - Percursos CNI\r\n\r\nDuatlo de Torres Vedras - Percursos Prova Aberta\r\n\r\nSL Duatlo Torres Vedras<\/p><\/div><span class='evcal_evdata_icons'><i class='fa fa-align-justify'><\/i><\/span>\r\n\t\t\t\t\t\t\t\r\n\t\t\t\t\t\t\t<div class='evcal_evdata_cell '><div class='eventon_full_description'>\r\n\t\t\t\t\t\t\t\t\t<h3 class='padb5 evo_h3'><span class='evcal_evdata_icons'><i class='fa fa-align-justify'><\/i><\/span>Detalhes do Evento<\/h3><div class='eventon_desc_in' itemprop='description'>\r\n\t\t\t\t\t\t\t\t\t<p><a href=\"https:\/\/www.federacao-triatlo.pt\/ftp2015\/wp-content\/uploads\/2016\/03\/2016-05-15-Duatlo-de-Torres-Vedras-Regulamento-1.pdf\" rel=\"\">Duatlo de Torres Vedras &#8211; Regulamento<\/a><\/p>\n<p><a href=\"https:\/\/www.federacao-triatlo.pt\/ftp2015\/wp-content\/uploads\/2016\/03\/2016-05-15-Duatlo-de-Torres-Vedras-Percursos-CNI.pdf\" rel=\"\">Duatlo de Torres Vedras &#8211; Percursos CNI<\/a><\/p>\n<p><a href=\"https:\/\/www.federacao-triatlo.pt\/ftp2015\/wp-content\/uploads\/2016\/03\/2016-05-15-Duatlo-de-Torres-Vedras-Percursos-Prova-Aberta.pdf\" rel=\"\">Duatlo de Torres Vedras &#8211; Percursos Prova Aberta<\/a><\/p>\n<p><a href=\"https:\/\/www.federacao-triatlo.pt\/ftp2015\/wp-content\/uploads\/2016\/03\/SL-Duatlo-Torres-Vedras-Prova-Aberta-1.pdf\" rel=\"\">SL Duatlo Torres Vedras (Prova Aberta)<\/a><\/p>\n<p><a href=\"https:\/\/www.federacao-triatlo.pt\/ftp2015\/wp-content\/uploads\/2016\/03\/SL-Duatlo-Torres-Vedras-CN-Individual-1.pdf\" rel=\"\">SL Duatlo Torres Vedras (CN Individual)<\/a><\/p>\n<\/div><div class='clear'><\/div>\r\n\t\t\t\t\t\t\t\t<\/div>\r\n\t\t\t\t\t\t\t<\/div>\r\n\t\t\t\t\t\t<\/div><div class='evo_metarow_gmap evorow evcal_gmaps bordb ' id='evc146327070069f3d1770d2368421_gmap' style='max-width:none'><\/div><div class='evo_metarow_getDr evorow evcal_evdata_row bordb evcal_evrow_sm getdirections'>\r\n\t\t\t\t\t\t<form action='https:\/\/maps.google.com\/maps' method='get' target='_blank'>\r\n\t\t\t\t\t\t<input type='hidden' name='daddr' value='Torres Vedras'\/> \r\n\t\t\t\t\t\t<p><input class='evoInput' type='text' name='saddr' placeholder='Escreva a morada' value=''\/>\r\n\t\t\t\t\t\t<button type='submit' class='evcal_evdata_icons evcalicon_9' title='Clique aqui para obter as dire\u00e7\u00f5es'><i class='fa fa-road'><\/i><\/button>\r\n\t\t\t\t\t\t<\/p><\/form>\r\n\t\t\t\t\t<\/div><div class='evo_metarow_time_location evorow bordb '>\r\n\t\t\t\t\t\t<div class='tb' >\r\n\t\t\t\t\t\t\t<div class='tbrow'>\r\n\t\t\t\t\t\t\t<div class='evcal_col50 bordr'>\r\n\t\t\t\t\t\t\t\t<div class='evcal_evdata_row evo_time'>\r\n\t\t\t\t\t\t\t\t\t<span class='evcal_evdata_icons'><i class='fa fa-clock-o'><\/i><\/span>\r\n\t\t\t\t\t\t\t\t\t<div class='evcal_evdata_cell'>\t\t\t\t\t\t\t\r\n\t\t\t\t\t\t\t\t\t\t<h3 class='evo_h3'><span class='evcal_evdata_icons'><i class='fa fa-clock-o'><\/i><\/span>Hor\u00e1rio<\/h3>\r\n\t\t\t\t\t\t\t\t\t\t<p>Todo o dia (Domingo)<\/p>\r\n\t\t\t\t\t\t\t\t\t<\/div>\r\n\t\t\t\t\t\t\t\t<\/div>\r\n\t\t\t\t\t\t\t<\/div><div class='evcal_col50'>\r\n\t\t\t\t\t\t\t\t<div class='evcal_evdata_row evo_location'>\r\n\t\t\t\t\t\t\t\t\t<span class='evcal_evdata_icons'><i class='fa fa-map-marker'><\/i><\/span>\r\n\t\t\t\t\t\t\t\t\t<div class='evcal_evdata_cell' data-loc_tax_id='119'>\t\t\t\t\t\t\t\r\n\t\t\t\t\t\t\t\t\t\t<h3 class='evo_h3'><span class='evcal_evdata_icons'><i class='fa fa-map-marker'><\/i><\/span>Localiza\u00e7\u00e3o<\/h3><p class='evo_location_name'>Torres Vedras<\/p><p>Torres Vedras<\/p>\r\n\t\t\t\t\t\t\t\t\t<\/div>\r\n\t\t\t\t\t\t\t\t<\/div>\r\n\t\t\t\t\t\t\t<\/div><div class='clear'><\/div>\r\n\t\t\t\t\t\t\t<\/div><\/div>\r\n\t\t\t\t\t\t<\/div><div class='evo_metarow_organizer evorow evcal_evdata_row bordb evcal_evrow_sm '>\r\n\t\t\t\t\t\t\t<span class='evcal_evdata_icons'><i class='fa fa-headphones'><\/i><\/span>\r\n\t\t\t\t\t\t\t<div class='evcal_evdata_cell'>\t\t\t\t\t\t\t\r\n\t\t\t\t\t\t\t\t<h3 class='evo_h3'>Evento organizado por<\/h3>\r\n\t\t\t\t\t\t\t\t\r\n\t\t\t\t\t\t\t\t<div class='evo_card_organizer'><p class='evo_data_val evo_card_organizer_name'>\r\n\t\t\t\t\t\t\t\t\t<span class='evo_card_organizer_name_t'>Associa\u00e7\u00e3o Moradores Cultura Recreio Fonte Grada<\/span>\r\n\t\t\t\t\t\t\t\t\t\r\n\t\t\t\t\t\t\t\t\t<\/p><\/div><div class='clear'><\/div>\t\t\t\t\t\t\t\r\n\t\t\t\t\t\t\t<\/div>\r\n\t\t\t\t\t\t<\/div>\t\t\t\t\t\t<div class='evo_metarow_ICS evorow bordb evcal_evdata_row'>\r\n\t\t\t\t\t\t\t<span class=\"evcal_evdata_icons\"><i class=\"fa fa-calendar\"><\/i><\/span>\r\n\t\t\t\t\t\t\t<div class='evcal_evdata_cell'>\r\n\t\t\t\t\t\t\t\t<p><a href='https:\/\/www.federacao-triatlo.pt\/ftp2015\/wp-admin\/admin-ajax.php?action=eventon_ics_download&amp;event_id=8421&amp;sunix=20160514T230500Z&amp;eunix=20160515T225500Z&amp;loca=Torres Vedras&amp;locn=Torres Vedras' class='evo_ics_nCal' title='Adicionar ao seu calend\u00e1rio'>Calend\u00e1rio<\/a><a href='\/\/www.google.com\/calendar\/event?action=TEMPLATE&amp;text=Duatlo+de+Torres+de+Vedras&amp;dates=20160514T230500Z\/20160515T225500Z&amp;details=Duatlo+de+Torres+Vedras+-+Regulamento%0D%0A%0D%0ADuatlo+de+Torres+Vedras+-+Percursos+CNI%0D%0A%0D%0ADuatlo+de+Torres+Vedras+-+Percursos+Prova+Aberta%0D%0A%0D%0ASL+Duatlo+Torres+Vedras&amp;location=Torres+Vedras - Torres+Vedras' target='_blank' class='evo_ics_gCal' title='Adicionar ao calend\u00e1rio Google'>GoogleCal<\/a><\/p>\t\r\n\t\t\t\t\t\t\t<\/div>\t\t\t\t\t\t<\/div>\r\n\t\t\t\t\t\t<\/div><div class='clear end'><\/div><\/div><div id=\"event_8422\" class=\"eventon_list_event evo_eventtop past_event event\" data-event_id=\"8422\" data-time=\"1463789100-1463961300\" data-colr=\"#bd8235\" itemscope itemtype='http:\/\/schema.org\/Event' 5><div class=\"evo_event_schema\" style=\"display:none\" ><a itemprop='url'  href='https:\/\/www.federacao-triatlo.pt\/ftp2015\/events\/triatlo-da-golega-x-terra-2\/'><\/a><span itemprop='name'  >Triatlo e Aquatlo da Goleg\u00e3 XTERRA<\/span><meta itemprop='image'  ><\/meta><meta itemprop='description' content='Triatlo e Aquatlo da Goleg\u00e3 XTERRA - Regulamento\r\n\r\nTriatlo da Goleg\u00e3 XTERRA - Percursos da Ta\u00e7a de Portugal PORTerra de Triatlo\r\n\r\nTriatlo da Goleg\u00e3' ><\/meta><meta itemprop='startDate' content='2016-5-21' ><\/meta><meta itemprop='endDate' content='2016-5-22' ><\/meta><meta itemprop='eventStatus' content='on-schedule' ><\/meta>\r\n\t\t\t\t\t\t\t\t\t<item style=\"display:none\" itemprop=\"location\" itemscope itemtype=\"http:\/\/schema.org\/Place\">\r\n\t\t\t\t\t\t\t\t\t\t<span itemprop=\"name\">Goleg\u00e3<\/span>\r\n\t\t\t\t\t\t\t\t\t\t<span itemprop=\"address\" itemscope itemtype=\"http:\/\/schema.org\/PostalAddress\">\r\n\t\t\t\t\t\t\t\t\t\t\t<item itemprop=\"streetAddress\">Equusp\u00f3lis<\/item>\r\n\t\t\t\t\t\t\t\t\t\t<\/span><\/item><script type=\"application\/ld+json\">{\t\"@context\": \"http:\/\/schema.org\",\r\n\t\t\t\t\t\t\t  \t\"@type\": \"Event\",\r\n\t\t\t\t\t\t\t  \t\"name\": \"Triatlo e Aquatlo da Goleg\u00e3 XTERRA\",\r\n\t\t\t\t\t\t\t  \t\"startDate\": \"2016-5-21T00-00-05-00\",\r\n\t\t\t\t\t\t\t  \t\"endDate\": \"2016-5-22T23-23-55-00\",\r\n\t\t\t\t\t\t\t  \t\"image\":,\r\n\t\t\t\t\t\t\t  \t\"description\":\"Triatlo e Aquatlo da Goleg\u00e3 XTERRA - Regulamento\r\n\r\nTriatlo da Goleg\u00e3 XTERRA - Percursos da Ta\u00e7a de Portugal PORTerra de Triatlo\r\n\r\nTriatlo da Goleg\u00e3\",\r\n\t\t\t\t\t\t\t  \t\"location\":{\r\n\t\t\t\t\t\t\t\t\t\t\"@type\":\"Place\",\r\n\t\t\t\t\t\t\t\t\t\t\"name\":\"Goleg\u00e3\",\r\n\t\t\t\t\t\t\t\t\t\t\"address\":\"Equusp\u00f3lis\"\r\n\t\t\t\t\t\t\t  \t\t}\r\n\t\t\t\t\t\t\t }\r\n\t\t\t\t\t\t\t<\/script><\/div>\r\n\t\t\t\t<p class=\"desc_trig_outter\"><a data-gmtrig=\"1\" data-exlk=\"0\" style=\"border-color: #bd8235;\" id=\"evc_14637891008422\" class=\"desc_trig evo_camp-nac-jovem evo_prova-aberta evo_taca-portugal-porterra mul_val evcal_list_a\" data-ux_val=\"1\"  ><span class='evcal_cblock ' data-bgcolor='#bd8235' data-smon='Maio' data-syr='2016'><span class='evo_start '><em class='date'>21<\/em><em class='month'>mai<\/em><em class='time'>allday<\/em><\/span><span class='evo_end '><em class='date'>22<\/em><em class='time'>allday<\/em><\/span><em class='clear'><\/em><\/span><span class='evcal_desc evo_info hide_eventtopdata ' data-latlng=\"39\u00b0 24,-8\u00b0 28\"  data-location_address=\"Equusp\u00f3lis\" data-location_type=\"lonlat\" data-location_name=\"Goleg\u00e3\" data-location_status=\"true\" ><span class='evo_above_title'><\/span><span class='evcal_desc2 evcal_event_title' itemprop='name'>Triatlo e Aquatlo da Goleg\u00e3 XTERRA<\/span><span class='evo_below_title'><\/span><span class='evcal_desc_info' ><em class=\"evcal_location\" data-latlng=\"39\u00b0 24,-8\u00b0 28\"  data-add_str=\"\"><em class=\"event_location_name\">Goleg\u00e3<\/em><\/em><\/span><span class='evcal_desc3'><span class='evcal_event_types ett1'><em><i>Tipo de Evento:<\/i><\/em><em data-filter='event_type'>Camp. Nac. Jovem,<\/em><em data-filter='event_type'>Prova Aberta,<\/em><em data-filter='event_type'>Ta\u00e7a de Portugal PORTerra<\/em><i class='clear'><\/i><\/span><\/span><\/span><em class='clear'><\/em><\/p><\/a><div class='event_description evcal_eventcard ' style=\"display:none\"><div class='evo_metarow_details evorow evcal_evdata_row bordb evcal_event_details'>\r\n\t\t\t\t\t\t\t<div class=\"event_excerpt\" style=\"display:none\"><h3 class=\"padb5 evo_h3\">Detalhes do Evento<\/h3><p>Triatlo e Aquatlo da Goleg\u00e3 XTERRA - Regulamento\r\n\r\nTriatlo da Goleg\u00e3 XTERRA - Percursos da Ta\u00e7a de Portugal PORTerra de Triatlo\r\n\r\nTriatlo da Goleg\u00e3<\/p><\/div><span class='evcal_evdata_icons'><i class='fa fa-align-justify'><\/i><\/span>\r\n\t\t\t\t\t\t\t\r\n\t\t\t\t\t\t\t<div class='evcal_evdata_cell '><div class='eventon_full_description'>\r\n\t\t\t\t\t\t\t\t\t<h3 class='padb5 evo_h3'><span class='evcal_evdata_icons'><i class='fa fa-align-justify'><\/i><\/span>Detalhes do Evento<\/h3><div class='eventon_desc_in' itemprop='description'>\r\n\t\t\t\t\t\t\t\t\t<p><a href=\"https:\/\/www.federacao-triatlo.pt\/ftp2015\/wp-content\/uploads\/2016\/03\/20160521-e-22-Triatlo-da-Goleg\u00e3-XTERRA-Regulamento-PROVIS\u00d3RIO-1.pdf\" rel=\"\">Triatlo e A<\/a><a href=\"https:\/\/www.federacao-triatlo.pt\/ftp2015\/wp-content\/uploads\/2016\/03\/20160521-e-22-Triatlo-da-Goleg\u00e3-XTERRA-Regulamento-PROVIS\u00d3RIO-1.pdf\" rel=\"\">quatlo da Goleg\u00e3 XTERRA &#8211; Regulamento<\/a><\/p>\n<p><a href=\"https:\/\/www.federacao-triatlo.pt\/ftp2015\/wp-content\/uploads\/2016\/03\/20160521-e-22-Triatlo-da-Goleg\u00e3-XTERRA-Percursos-da-Ta\u00e7a-de-Portugal-PORTerra-de-Triatlo.pdf\" rel=\"\">Triatlo da Goleg\u00e3 XTERRA &#8211; Percursos da Ta\u00e7a de Portugal PORTerra de Triatlo<\/a><\/p>\n<p><a href=\"https:\/\/www.federacao-triatlo.pt\/ftp2015\/wp-content\/uploads\/2016\/03\/20160521-e-22-Triatlo-da-Goleg\u00e3-XTERRA-Percursos-CN-Jovem-e-PROVA-ABERTA.pdf\" rel=\"\">Triatlo da Goleg\u00e3 XTERRA &#8211; Percursos CN Jovem e PROVA ABERTA<\/a><\/p>\n<p><a href=\"https:\/\/www.federacao-triatlo.pt\/ftp2015\/wp-content\/uploads\/2016\/03\/SL-Aquatlo-Goleg\u00e3-CN-Jovem.pdf\" rel=\"\">SL Aquatlo Goleg\u00e3 (CN Jovem)<\/a><\/p>\n<p><a href=\"https:\/\/www.federacao-triatlo.pt\/ftp2015\/wp-content\/uploads\/2016\/03\/SL-Aquatlo-Goleg\u00e3-Prova-Aberta.pdf\" rel=\"\">SL Aquatlo Goleg\u00e3 (Prova Aberta)<\/a><\/p>\n<p><a href=\"https:\/\/www.federacao-triatlo.pt\/ftp2015\/wp-content\/uploads\/2016\/03\/SL-Triatlo-Goleg\u00e3-Ta\u00e7a-Portugal-XTerra.pdf\" rel=\"\">SL Triatlo Goleg\u00e3 (Ta\u00e7a Portugal XTerra)<\/a><\/p>\n<p>&nbsp;<\/p>\n<\/div><div class='clear'><\/div>\r\n\t\t\t\t\t\t\t\t<\/div>\r\n\t\t\t\t\t\t\t<\/div>\r\n\t\t\t\t\t\t<\/div><div class='evo_metarow_gmap evorow evcal_gmaps bordb ' id='evc146378910069f3d1770da018422_gmap' style='max-width:none'><\/div><div class='evo_metarow_getDr evorow evcal_evdata_row bordb evcal_evrow_sm getdirections'>\r\n\t\t\t\t\t\t<form action='https:\/\/maps.google.com\/maps' method='get' target='_blank'>\r\n\t\t\t\t\t\t<input type='hidden' name='daddr' value='Equusp\u00f3lis'\/> \r\n\t\t\t\t\t\t<p><input class='evoInput' type='text' name='saddr' placeholder='Escreva a morada' value=''\/>\r\n\t\t\t\t\t\t<button type='submit' class='evcal_evdata_icons evcalicon_9' title='Clique aqui para obter as dire\u00e7\u00f5es'><i class='fa fa-road'><\/i><\/button>\r\n\t\t\t\t\t\t<\/p><\/form>\r\n\t\t\t\t\t<\/div><div class='evo_metarow_time_location evorow bordb '>\r\n\t\t\t\t\t\t<div class='tb' >\r\n\t\t\t\t\t\t\t<div class='tbrow'>\r\n\t\t\t\t\t\t\t<div class='evcal_col50 bordr'>\r\n\t\t\t\t\t\t\t\t<div class='evcal_evdata_row evo_time'>\r\n\t\t\t\t\t\t\t\t\t<span class='evcal_evdata_icons'><i class='fa fa-clock-o'><\/i><\/span>\r\n\t\t\t\t\t\t\t\t\t<div class='evcal_evdata_cell'>\t\t\t\t\t\t\t\r\n\t\t\t\t\t\t\t\t\t\t<h3 class='evo_h3'><span class='evcal_evdata_icons'><i class='fa fa-clock-o'><\/i><\/span>Hor\u00e1rio<\/h3>\r\n\t\t\t\t\t\t\t\t\t\t<p>Maio 21 (S\u00e1bado) - 22 (Domingo)<\/p>\r\n\t\t\t\t\t\t\t\t\t<\/div>\r\n\t\t\t\t\t\t\t\t<\/div>\r\n\t\t\t\t\t\t\t<\/div><div class='evcal_col50'>\r\n\t\t\t\t\t\t\t\t<div class='evcal_evdata_row evo_location'>\r\n\t\t\t\t\t\t\t\t\t<span class='evcal_evdata_icons'><i class='fa fa-map-marker'><\/i><\/span>\r\n\t\t\t\t\t\t\t\t\t<div class='evcal_evdata_cell' data-loc_tax_id='116'>\t\t\t\t\t\t\t\r\n\t\t\t\t\t\t\t\t\t\t<h3 class='evo_h3'><span class='evcal_evdata_icons'><i class='fa fa-map-marker'><\/i><\/span>Localiza\u00e7\u00e3o<\/h3><p class='evo_location_name'>Goleg\u00e3<\/p><p>Equusp\u00f3lis<\/p>\r\n\t\t\t\t\t\t\t\t\t<\/div>\r\n\t\t\t\t\t\t\t\t<\/div>\r\n\t\t\t\t\t\t\t<\/div><div class='clear'><\/div>\r\n\t\t\t\t\t\t\t<\/div><\/div>\r\n\t\t\t\t\t\t<\/div><div class='evo_metarow_organizer evorow evcal_evdata_row bordb evcal_evrow_sm '>\r\n\t\t\t\t\t\t\t<span class='evcal_evdata_icons'><i class='fa fa-headphones'><\/i><\/span>\r\n\t\t\t\t\t\t\t<div class='evcal_evdata_cell'>\t\t\t\t\t\t\t\r\n\t\t\t\t\t\t\t\t<h3 class='evo_h3'>Evento organizado por<\/h3>\r\n\t\t\t\t\t\t\t\t\r\n\t\t\t\t\t\t\t\t<div class='evo_card_organizer'><p class='evo_data_val evo_card_organizer_name'>\r\n\t\t\t\t\t\t\t\t\t<span class='evo_card_organizer_name_t'>FTP \/ C\u00e2mara Municipal da Goleg\u00e3 \/ N\u00facleo Sportinguista da Goleg\u00e3<\/span><span class='evo_card_organizer_contact'>inscricoes@federacao-triatlo.pt<\/span>\r\n\t\t\t\t\t\t\t\t\t\r\n\t\t\t\t\t\t\t\t\t<\/p><\/div><div class='clear'><\/div>\t\t\t\t\t\t\t\r\n\t\t\t\t\t\t\t<\/div>\r\n\t\t\t\t\t\t<\/div>\t\t\t\t\t\t<div class='evo_metarow_ICS evorow bordb evcal_evdata_row'>\r\n\t\t\t\t\t\t\t<span class=\"evcal_evdata_icons\"><i class=\"fa fa-calendar\"><\/i><\/span>\r\n\t\t\t\t\t\t\t<div class='evcal_evdata_cell'>\r\n\t\t\t\t\t\t\t\t<p><a href='https:\/\/www.federacao-triatlo.pt\/ftp2015\/wp-admin\/admin-ajax.php?action=eventon_ics_download&amp;event_id=8422&amp;sunix=20160520T230500Z&amp;eunix=20160522T225500Z&amp;loca=Equusp\u00f3lis&amp;locn=Goleg\u00e3' class='evo_ics_nCal' title='Adicionar ao seu calend\u00e1rio'>Calend\u00e1rio<\/a><a href='\/\/www.google.com\/calendar\/event?action=TEMPLATE&amp;text=Triatlo+e+Aquatlo+da+Goleg%C3%A3+XTERRA&amp;dates=20160520T230500Z\/20160522T225500Z&amp;details=Triatlo+e+Aquatlo+da+Goleg%C3%A3+XTERRA+-+Regulamento%0D%0A%0D%0ATriatlo+da+Goleg%C3%A3+XTERRA+-+Percursos+da+Ta%C3%A7a+de+Portugal+PORTerra+de+Triatlo%0D%0A%0D%0ATriatlo+da+Goleg%C3%A3&amp;location=Goleg%C3%A3 - Equusp%C3%B3lis' target='_blank' class='evo_ics_gCal' title='Adicionar ao calend\u00e1rio Google'>GoogleCal<\/a><\/p>\t\r\n\t\t\t\t\t\t\t<\/div>\t\t\t\t\t\t<\/div>\r\n\t\t\t\t\t\t<\/div><div class='clear end'><\/div><\/div><div id=\"event_9942\" class=\"eventon_list_event evo_eventtop past_event event\" data-event_id=\"9942\" data-time=\"1464480300-1464566100\" data-colr=\"#0092e0\" itemscope itemtype='http:\/\/schema.org\/Event' 6><div class=\"evo_event_schema\" style=\"display:none\" ><a itemprop='url'  href='https:\/\/www.federacao-triatlo.pt\/ftp2015\/events\/medis-lisboa-campeonato-da-europa-de-triatlo-etu-2016-prova-aberta\/'><\/a><span itemprop='name'  >M\u00e9dis Lisboa - Campeonato da Europa de Triatlo ETU 2016 - Prova Aberta<\/span><meta itemprop='image'  ><\/meta><meta itemprop='description' content='Mais informa\u00e7\u00f5es:\u00a0http:\/\/www.mediseurotrilisbon2016.com\/' ><\/meta><meta itemprop='startDate' content='2016-5-29' ><\/meta><meta itemprop='endDate' content='2016-5-29' ><\/meta><meta itemprop='eventStatus' content='on-schedule' ><\/meta>\r\n\t\t\t\t\t\t\t\t\t<item style=\"display:none\" itemprop=\"location\" itemscope itemtype=\"http:\/\/schema.org\/Place\">\r\n\t\t\t\t\t\t\t\t\t\t<span itemprop=\"name\">Parque das Na\u00e7\u00f5es, Lisboa<\/span>\r\n\t\t\t\t\t\t\t\t\t\t<span itemprop=\"address\" itemscope itemtype=\"http:\/\/schema.org\/PostalAddress\">\r\n\t\t\t\t\t\t\t\t\t\t\t<item itemprop=\"streetAddress\">Parque das Na\u00e7\u00f5es, Lisboa<\/item>\r\n\t\t\t\t\t\t\t\t\t\t<\/span><\/item><script type=\"application\/ld+json\">{\t\"@context\": \"http:\/\/schema.org\",\r\n\t\t\t\t\t\t\t  \t\"@type\": \"Event\",\r\n\t\t\t\t\t\t\t  \t\"name\": \"M\u00e9dis Lisboa - Campeonato da Europa de Triatlo ETU 2016 - Prova Aberta\",\r\n\t\t\t\t\t\t\t  \t\"startDate\": \"2016-5-29T00-00-05-00\",\r\n\t\t\t\t\t\t\t  \t\"endDate\": \"2016-5-29T23-23-55-00\",\r\n\t\t\t\t\t\t\t  \t\"image\":,\r\n\t\t\t\t\t\t\t  \t\"description\":\"Mais informa\u00e7\u00f5es:\u00a0http:\/\/www.mediseurotrilisbon2016.com\/\",\r\n\t\t\t\t\t\t\t  \t\"location\":{\r\n\t\t\t\t\t\t\t\t\t\t\"@type\":\"Place\",\r\n\t\t\t\t\t\t\t\t\t\t\"name\":\"Parque das Na\u00e7\u00f5es, Lisboa\",\r\n\t\t\t\t\t\t\t\t\t\t\"address\":\"Parque das Na\u00e7\u00f5es, Lisboa\"\r\n\t\t\t\t\t\t\t  \t\t}\r\n\t\t\t\t\t\t\t }\r\n\t\t\t\t\t\t\t<\/script><\/div>\r\n\t\t\t\t<p class=\"desc_trig_outter\"><a data-gmtrig=\"1\" data-exlk=\"0\" style=\"border-color: #0092e0;\" id=\"evc_14644803009942\" class=\"desc_trig evo_prova-aberta sin_val evcal_list_a\" data-ux_val=\"1\"  ><span class='evcal_cblock ' data-bgcolor='#0092e0' data-smon='Maio' data-syr='2016'><span class='evo_start '><em class='date'>29<\/em><em class='month'>mai<\/em><em class='time'>allday<\/em><\/span><span class='evo_end only_time'><em class='time'>allday<\/em><\/span><em class='clear'><\/em><\/span><span class='evcal_desc evo_info hide_eventtopdata ' data-latlng=\"38.765875,-9.095445\"  data-location_address=\"Parque das Na\u00e7\u00f5es, Lisboa\" data-location_type=\"lonlat\" data-location_name=\"Parque das Na\u00e7\u00f5es, Lisboa\" data-location_status=\"true\" ><span class='evo_above_title'><\/span><span class='evcal_desc2 evcal_event_title' itemprop='name'>M\u00e9dis Lisboa - Campeonato da Europa de Triatlo ETU 2016 - Prova Aberta<\/span><span class='evo_below_title'><\/span><span class='evcal_desc_info' ><em class=\"evcal_location\" data-latlng=\"38.765875,-9.095445\"  data-add_str=\"\"><em class=\"event_location_name\">Parque das Na\u00e7\u00f5es, Lisboa<\/em><\/em><\/span><span class='evcal_desc3'><span class='evcal_event_types ett1'><em><i>Tipo de Evento:<\/i><\/em><em data-filter='event_type'>Prova Aberta<\/em><i class='clear'><\/i><\/span><\/span><\/span><em class='clear'><\/em><\/p><\/a><div class='event_description evcal_eventcard ' style=\"display:none\"><div class='evo_metarow_details evorow evcal_evdata_row bordb evcal_event_details'>\r\n\t\t\t\t\t\t\t<div class=\"event_excerpt\" style=\"display:none\"><h3 class=\"padb5 evo_h3\">Detalhes do Evento<\/h3><p>Mais informa\u00e7\u00f5es:\u00a0http:\/\/www.mediseurotrilisbon2016.com\/<\/p><\/div><span class='evcal_evdata_icons'><i class='fa fa-align-justify'><\/i><\/span>\r\n\t\t\t\t\t\t\t\r\n\t\t\t\t\t\t\t<div class='evcal_evdata_cell '><div class='eventon_full_description'>\r\n\t\t\t\t\t\t\t\t\t<h3 class='padb5 evo_h3'><span class='evcal_evdata_icons'><i class='fa fa-align-justify'><\/i><\/span>Detalhes do Evento<\/h3><div class='eventon_desc_in' itemprop='description'>\r\n\t\t\t\t\t\t\t\t\t<p>Mais informa\u00e7\u00f5es:\u00a0<a href=\"http:\/\/www.mediseurotrilisbon2016.com\/\">http:\/\/www.mediseurotrilisbon2016.com\/<\/a><\/p>\n<\/div><div class='clear'><\/div>\r\n\t\t\t\t\t\t\t\t<\/div>\r\n\t\t\t\t\t\t\t<\/div>\r\n\t\t\t\t\t\t<\/div><div class='evo_metarow_gmap evorow evcal_gmaps bordb ' id='evc146448030069f3d1770e22d9942_gmap' style='max-width:none'><\/div><div class='evo_metarow_getDr evorow evcal_evdata_row bordb evcal_evrow_sm getdirections'>\r\n\t\t\t\t\t\t<form action='https:\/\/maps.google.com\/maps' method='get' target='_blank'>\r\n\t\t\t\t\t\t<input type='hidden' name='daddr' value='Parque das Na\u00e7\u00f5es, Lisboa'\/> \r\n\t\t\t\t\t\t<p><input class='evoInput' type='text' name='saddr' placeholder='Escreva a morada' value=''\/>\r\n\t\t\t\t\t\t<button type='submit' class='evcal_evdata_icons evcalicon_9' title='Clique aqui para obter as dire\u00e7\u00f5es'><i class='fa fa-road'><\/i><\/button>\r\n\t\t\t\t\t\t<\/p><\/form>\r\n\t\t\t\t\t<\/div><div class='evo_metarow_time_location evorow bordb '>\r\n\t\t\t\t\t\t<div class='tb' >\r\n\t\t\t\t\t\t\t<div class='tbrow'>\r\n\t\t\t\t\t\t\t<div class='evcal_col50 bordr'>\r\n\t\t\t\t\t\t\t\t<div class='evcal_evdata_row evo_time'>\r\n\t\t\t\t\t\t\t\t\t<span class='evcal_evdata_icons'><i class='fa fa-clock-o'><\/i><\/span>\r\n\t\t\t\t\t\t\t\t\t<div class='evcal_evdata_cell'>\t\t\t\t\t\t\t\r\n\t\t\t\t\t\t\t\t\t\t<h3 class='evo_h3'><span class='evcal_evdata_icons'><i class='fa fa-clock-o'><\/i><\/span>Hor\u00e1rio<\/h3>\r\n\t\t\t\t\t\t\t\t\t\t<p>Todo o dia (Domingo)<\/p>\r\n\t\t\t\t\t\t\t\t\t<\/div>\r\n\t\t\t\t\t\t\t\t<\/div>\r\n\t\t\t\t\t\t\t<\/div><div class='evcal_col50'>\r\n\t\t\t\t\t\t\t\t<div class='evcal_evdata_row evo_location'>\r\n\t\t\t\t\t\t\t\t\t<span class='evcal_evdata_icons'><i class='fa fa-map-marker'><\/i><\/span>\r\n\t\t\t\t\t\t\t\t\t<div class='evcal_evdata_cell' data-loc_tax_id='238'>\t\t\t\t\t\t\t\r\n\t\t\t\t\t\t\t\t\t\t<h3 class='evo_h3'><span class='evcal_evdata_icons'><i class='fa fa-map-marker'><\/i><\/span>Localiza\u00e7\u00e3o<\/h3><p class='evo_location_name'>Parque das Na\u00e7\u00f5es, Lisboa<\/p><p>Parque das Na\u00e7\u00f5es, Lisboa<\/p>\r\n\t\t\t\t\t\t\t\t\t<\/div>\r\n\t\t\t\t\t\t\t\t<\/div>\r\n\t\t\t\t\t\t\t<\/div><div class='clear'><\/div>\r\n\t\t\t\t\t\t\t<\/div><\/div>\r\n\t\t\t\t\t\t<\/div><div class='evo_metarow_organizer evorow evcal_evdata_row bordb evcal_evrow_sm '>\r\n\t\t\t\t\t\t\t<span class='evcal_evdata_icons'><i class='fa fa-headphones'><\/i><\/span>\r\n\t\t\t\t\t\t\t<div class='evcal_evdata_cell'>\t\t\t\t\t\t\t\r\n\t\t\t\t\t\t\t\t<h3 class='evo_h3'>Evento organizado por<\/h3>\r\n\t\t\t\t\t\t\t\t\r\n\t\t\t\t\t\t\t\t<div class='evo_card_organizer'><p class='evo_data_val evo_card_organizer_name'>\r\n\t\t\t\t\t\t\t\t\t<span class='evo_card_organizer_name_t'><a  href='https:\/\/www.federacao-triatlo.pt\/ftp2015'>FTP<\/a><\/span><span class='evo_card_organizer_contact'>secretaria@federacao-triatlo.pt<\/span>\r\n\t\t\t\t\t\t\t\t\t\r\n\t\t\t\t\t\t\t\t\t<\/p><\/div><div class='clear'><\/div>\t\t\t\t\t\t\t\r\n\t\t\t\t\t\t\t<\/div>\r\n\t\t\t\t\t\t<\/div><div class='evo_metarow_locImg evorow bordb ' style='height:300px; background-image:url(https:\/\/www.federacao-triatlo.pt\/ftp2015\/wp-content\/uploads\/2014\/12\/slide1.jpg)' id='19_locimg' ><\/div>\t\t\t\t\t\t<div class='evo_metarow_ICS evorow bordb evcal_evdata_row'>\r\n\t\t\t\t\t\t\t<span class=\"evcal_evdata_icons\"><i class=\"fa fa-calendar\"><\/i><\/span>\r\n\t\t\t\t\t\t\t<div class='evcal_evdata_cell'>\r\n\t\t\t\t\t\t\t\t<p><a href='https:\/\/www.federacao-triatlo.pt\/ftp2015\/wp-admin\/admin-ajax.php?action=eventon_ics_download&amp;event_id=9942&amp;sunix=20160528T230500Z&amp;eunix=20160529T225500Z&amp;loca=Parque das Na\u00e7\u00f5es, Lisboa&amp;locn=Parque das Na\u00e7\u00f5es, Lisboa' class='evo_ics_nCal' title='Adicionar ao seu calend\u00e1rio'>Calend\u00e1rio<\/a><a href='\/\/www.google.com\/calendar\/event?action=TEMPLATE&amp;text=M%C3%A9dis+Lisboa+-+Campeonato+da+Europa+de+Triatlo+ETU+2016+-+Prova+Aberta&amp;dates=20160528T230500Z\/20160529T225500Z&amp;details=Mais+informa%C3%A7%C3%B5es%3A%C2%A0http%3A%2F%2Fwww.mediseurotrilisbon2016.com%2F&amp;location=Parque+das+Na%C3%A7%C3%B5es%2C+Lisboa - Parque+das+Na%C3%A7%C3%B5es%2C+Lisboa' target='_blank' class='evo_ics_gCal' title='Adicionar ao calend\u00e1rio Google'>GoogleCal<\/a><\/p>\t\r\n\t\t\t\t\t\t\t<\/div>\t\t\t\t\t\t<\/div>\r\n\t\t\t\t\t\t<\/div><div class='clear end'><\/div><\/div><\/div><div class='clear'><\/div><\/div><!-- ajde_evcal_calendar-->\n<div id='evcal_calendar_289' class='ajde_evcal_calendar  ul' ><div class='evo-data' data-cyear=\"2016\" data-cmonth=\"6\" data-runajax=\"1\" data-evc_open=\"0\" data-cal_ver=\"2.6\" data-mapscroll=\"true\" data-mapformat=\"roadmap\" data-mapzoom=\"14\" data-mapiconurl=\"\" data-ev_cnt=\"0\" data-show_limit=\"no\" data-tiles=\"no\" data-sort_by=\"sort_date\" data-filters_on=\"true\" data-range_start=\"0\" data-range_end=\"0\" data-send_unix=\"0\" data-ux_val=\"0\" data-accord=\"0\" data-rtl=\"no\"  ><\/div><div id='evcal_head' class='calendar_header ' ><div class='evo_cal_above'><span class='evo-gototoday-btn' style='display:none' data-mo='6' data-yr='2016' data-dy=''>Dia de Hoje<\/span><\/div><div class='evo_cal_above_content'><\/div><div class='cal_arguments' style='display:none' data-hide_past=\"no\" data-show_et_ft_img=\"no\" data-event_order=\"ASC\" data-ft_event_priority=\"no\" data-lang=\"L1\" data-month_incre=\"0\" data-only_ft=\"no\" data-evc_open=\"no\" data-show_limit=\"no\" data-etc_override=\"no\" data-show_limit_redir=\"0\" data-tiles=\"no\" data-tile_height=\"0\" data-tile_bg=\"0\" data-tile_count=\"2\" data-tile_style=\"0\" data-s=\"\" data-members_only=\"no\" data-ux_val=\"0\" data-show_limit_ajax=\"no\" data-show_limit_paged=\"1\" ><\/div><div class='clear'><\/div><\/div><div class='evcal_month_line'><p>Junho 2016<\/p><\/div><div id='evcal_list' class='eventon_events_list '><div id=\"event_6043\" class=\"eventon_list_event evo_eventtop past_event event\" data-event_id=\"6043\" data-time=\"1464998700-1465170900\" data-colr=\"#0092e0\" itemscope itemtype='http:\/\/schema.org\/Event' 1><div class=\"evo_event_schema\" style=\"display:none\" ><a itemprop='url'  href='https:\/\/www.federacao-triatlo.pt\/ftp2015\/events\/triatlo-do-sabugal-2\/'><\/a><span itemprop='name'  >Triatlo do Sabugal<\/span><meta itemprop='image'  ><\/meta><meta itemprop='description' content='Triatlo do Sabugal - Regulamento\r\n\r\nTriatlo do Sabugal - Percursos Campeonato Nacional\r\n\r\nTriatlo do Sabugal - Percursos Campeonato Nacional - ESTAFETAS\r\n\r\nTriatlo do Sabugal -' ><\/meta><meta itemprop='startDate' content='2016-6-4' ><\/meta><meta itemprop='endDate' content='2016-6-5' ><\/meta><meta itemprop='eventStatus' content='on-schedule' ><\/meta>\r\n\t\t\t\t\t\t\t\t\t<item style=\"display:none\" itemprop=\"location\" itemscope itemtype=\"http:\/\/schema.org\/Place\">\r\n\t\t\t\t\t\t\t\t\t\t<span itemprop=\"name\">Sabugal<\/span>\r\n\t\t\t\t\t\t\t\t\t\t<span itemprop=\"address\" itemscope itemtype=\"http:\/\/schema.org\/PostalAddress\">\r\n\t\t\t\t\t\t\t\t\t\t\t<item itemprop=\"streetAddress\">Barragem do Sabugal<\/item>\r\n\t\t\t\t\t\t\t\t\t\t<\/span><\/item><script type=\"application\/ld+json\">{\t\"@context\": \"http:\/\/schema.org\",\r\n\t\t\t\t\t\t\t  \t\"@type\": \"Event\",\r\n\t\t\t\t\t\t\t  \t\"name\": \"Triatlo do Sabugal\",\r\n\t\t\t\t\t\t\t  \t\"startDate\": \"2016-6-4T00-00-05-00\",\r\n\t\t\t\t\t\t\t  \t\"endDate\": \"2016-6-5T23-23-55-00\",\r\n\t\t\t\t\t\t\t  \t\"image\":,\r\n\t\t\t\t\t\t\t  \t\"description\":\"Triatlo do Sabugal - Regulamento\r\n\r\nTriatlo do Sabugal - Percursos Campeonato Nacional\r\n\r\nTriatlo do Sabugal - Percursos Campeonato Nacional - ESTAFETAS\r\n\r\nTriatlo do Sabugal -\",\r\n\t\t\t\t\t\t\t  \t\"location\":{\r\n\t\t\t\t\t\t\t\t\t\t\"@type\":\"Place\",\r\n\t\t\t\t\t\t\t\t\t\t\"name\":\"Sabugal\",\r\n\t\t\t\t\t\t\t\t\t\t\"address\":\"Barragem do Sabugal\"\r\n\t\t\t\t\t\t\t  \t\t}\r\n\t\t\t\t\t\t\t }\r\n\t\t\t\t\t\t\t<\/script><\/div>\r\n\t\t\t\t<p class=\"desc_trig_outter\"><a data-gmtrig=\"1\" data-exlk=\"0\" style=\"border-color: #0092e0;\" id=\"evc_14649987006043\" class=\"desc_trig evo_camp-nac evo_prova-aberta mul_val evcal_list_a\" data-ux_val=\"1\"  ><span class='evcal_cblock ' data-bgcolor='#0092e0' data-smon='Junho' data-syr='2016'><span class='evo_start '><em class='date'>04<\/em><em class='month'>jun<\/em><em class='time'>allday<\/em><\/span><span class='evo_end '><em class='date'>05<\/em><em class='time'>allday<\/em><\/span><em class='clear'><\/em><\/span><span class='evcal_desc evo_info hide_eventtopdata ' data-latlng=\"40\u00b0 19,-7\u00b0 5\"  data-location_address=\"Barragem do Sabugal\" data-location_type=\"lonlat\" data-location_name=\"Sabugal\" data-location_status=\"true\" ><span class='evo_above_title'><\/span><span class='evcal_desc2 evcal_event_title' itemprop='name'>Triatlo do Sabugal<\/span><span class='evo_below_title'><\/span><span class='evcal_desc_info' ><em class=\"evcal_location\" data-latlng=\"40\u00b0 19,-7\u00b0 5\"  data-add_str=\"\"><em class=\"event_location_name\">Sabugal<\/em><\/em><\/span><span class='evcal_desc3'><span class='evcal_event_types ett1'><em><i>Tipo de Evento:<\/i><\/em><em data-filter='event_type'>Camp. Nac.,<\/em><em data-filter='event_type'>Prova Aberta<\/em><i class='clear'><\/i><\/span><\/span><\/span><em class='clear'><\/em><\/p><\/a><div class='event_description evcal_eventcard ' style=\"display:none\"><div class='evo_metarow_details evorow evcal_evdata_row bordb evcal_event_details'>\r\n\t\t\t\t\t\t\t<div class=\"event_excerpt\" style=\"display:none\"><h3 class=\"padb5 evo_h3\">Detalhes do Evento<\/h3><p>Triatlo do Sabugal - Regulamento\r\n\r\nTriatlo do Sabugal - Percursos Campeonato Nacional\r\n\r\nTriatlo do Sabugal - Percursos Campeonato Nacional - ESTAFETAS\r\n\r\nTriatlo do Sabugal -<\/p><\/div><span class='evcal_evdata_icons'><i class='fa fa-align-justify'><\/i><\/span>\r\n\t\t\t\t\t\t\t\r\n\t\t\t\t\t\t\t<div class='evcal_evdata_cell '><div class='eventon_full_description'>\r\n\t\t\t\t\t\t\t\t\t<h3 class='padb5 evo_h3'><span class='evcal_evdata_icons'><i class='fa fa-align-justify'><\/i><\/span>Detalhes do Evento<\/h3><div class='eventon_desc_in' itemprop='description'>\r\n\t\t\t\t\t\t\t\t\t<p><a href=\"https:\/\/www.federacao-triatlo.pt\/ftp2015\/wp-content\/uploads\/2016\/02\/20160604-e-05-Triatlo-do-Sabugal-Regulamento-2.pdf\" rel=\"\">Triatlo do Sabugal &#8211; Regulamento<\/a><\/p>\n<p><a href=\"https:\/\/www.federacao-triatlo.pt\/ftp2015\/wp-content\/uploads\/2016\/02\/20160604-e-05-Triatlo-do-Sabugal-Percursos-Campeonato-Nacional.pdf\" rel=\"\">Triatlo do Sabugal &#8211; Percursos Campeonato Nacional<\/a><\/p>\n<p><a href=\"https:\/\/www.federacao-triatlo.pt\/ftp2015\/wp-content\/uploads\/2016\/02\/20160604-e-05-Triatlo-do-Sabugal-Percursos-Campeonato-Nacional-ESTAFETAS.pdf\" rel=\"\">Triatlo do Sabugal &#8211; Percursos Campeonato Nacional &#8211; ESTAFETAS<\/a><\/p>\n<p><a href=\"https:\/\/www.federacao-triatlo.pt\/ftp2015\/wp-content\/uploads\/2016\/02\/20160604-e-05-Triatlo-do-Sabugal-Percursos-Prova-Aberta.pdf\" rel=\"\">Triatlo do Sabugal &#8211; Percursos Prova Aberta<\/a><\/p>\n<p><a href=\"https:\/\/www.federacao-triatlo.pt\/ftp2015\/wp-content\/uploads\/2016\/02\/SL-Triatlo-Sabugal-CN-Clubes.pdf\" rel=\"\">SL Triatlo Sabugal (CN Clubes)<\/a><\/p>\n<p><a href=\"https:\/\/www.federacao-triatlo.pt\/ftp2015\/wp-content\/uploads\/2016\/02\/SL-Triatlo-Sabugal-CN-Estafetas.pdf\" rel=\"\">SL Triatlo Sabugal (CN Estafetas)<\/a><\/p>\n<p><a href=\"https:\/\/www.federacao-triatlo.pt\/ftp2015\/wp-content\/uploads\/2016\/02\/SL-Triatlo-Sabugal-Prova-Aberta.pdf\" rel=\"\">SL Triatlo Sabugal (Prova Aberta)<\/a><\/p>\n<p>Procedimento de inscri\u00e7\u00e3o para CN Estafetas:<\/p>\n<p>Cada clube dever\u00e1 inscrever via plataforma todos os atletas que deseja que participem na prova de Estafetas.<\/p>\n<p>O valor de inscri\u00e7\u00e3o por equipa \u00e9 de 30\u20ac, pelo que ser\u00e1 cobrado por cada atleta 10\u20ac pela presente plataforma.<\/p>\n<p>Posteriormente, ter\u00e1 de ser preenchido o formul\u00e1rio em baixo, e enviado para inscricoes@federacao-triatlo.pt, at\u00e9 ao dia 30 de Maio.<\/p>\n<p><a href=\"https:\/\/www.federacao-triatlo.pt\/ftp2015\/wp-content\/uploads\/2016\/02\/20160604-e-05-Triatlo-do-Sabugal-Ficha-de-Inscri\u00e7\u00e3o-CNC-Estafetas.doc\" rel=\"\">Triatlo do Sabugal &#8211; Ficha de Inscri\u00e7\u00e3o CNC Estafetas<\/a><\/p>\n<p>S\u00f3 ser\u00e3o aceites inscri\u00e7\u00f5es de equipas que componham a estafeta completa, mesmo que a inscri\u00e7\u00e3o repartida do atleta individualmente tenha sido feita e paga sem este estar associado a uma equipa completa.<\/p>\n<\/div><div class='clear'><\/div>\r\n\t\t\t\t\t\t\t\t<\/div>\r\n\t\t\t\t\t\t\t<\/div>\r\n\t\t\t\t\t\t<\/div><div class='evo_metarow_gmap evorow evcal_gmaps bordb ' id='evc146499870069f3d177112486043_gmap' style='max-width:none'><\/div><div class='evo_metarow_getDr evorow evcal_evdata_row bordb evcal_evrow_sm getdirections'>\r\n\t\t\t\t\t\t<form action='https:\/\/maps.google.com\/maps' method='get' target='_blank'>\r\n\t\t\t\t\t\t<input type='hidden' name='daddr' value='Barragem do Sabugal'\/> \r\n\t\t\t\t\t\t<p><input class='evoInput' type='text' name='saddr' placeholder='Escreva a morada' value=''\/>\r\n\t\t\t\t\t\t<button type='submit' class='evcal_evdata_icons evcalicon_9' title='Clique aqui para obter as dire\u00e7\u00f5es'><i class='fa fa-road'><\/i><\/button>\r\n\t\t\t\t\t\t<\/p><\/form>\r\n\t\t\t\t\t<\/div><div class='evo_metarow_time_location evorow bordb '>\r\n\t\t\t\t\t\t<div class='tb' >\r\n\t\t\t\t\t\t\t<div class='tbrow'>\r\n\t\t\t\t\t\t\t<div class='evcal_col50 bordr'>\r\n\t\t\t\t\t\t\t\t<div class='evcal_evdata_row evo_time'>\r\n\t\t\t\t\t\t\t\t\t<span class='evcal_evdata_icons'><i class='fa fa-clock-o'><\/i><\/span>\r\n\t\t\t\t\t\t\t\t\t<div class='evcal_evdata_cell'>\t\t\t\t\t\t\t\r\n\t\t\t\t\t\t\t\t\t\t<h3 class='evo_h3'><span class='evcal_evdata_icons'><i class='fa fa-clock-o'><\/i><\/span>Hor\u00e1rio<\/h3>\r\n\t\t\t\t\t\t\t\t\t\t<p>Junho 4 (S\u00e1bado) - 5 (Domingo)<\/p>\r\n\t\t\t\t\t\t\t\t\t<\/div>\r\n\t\t\t\t\t\t\t\t<\/div>\r\n\t\t\t\t\t\t\t<\/div><div class='evcal_col50'>\r\n\t\t\t\t\t\t\t\t<div class='evcal_evdata_row evo_location'>\r\n\t\t\t\t\t\t\t\t\t<span class='evcal_evdata_icons'><i class='fa fa-map-marker'><\/i><\/span>\r\n\t\t\t\t\t\t\t\t\t<div class='evcal_evdata_cell' data-loc_tax_id='110'>\t\t\t\t\t\t\t\r\n\t\t\t\t\t\t\t\t\t\t<h3 class='evo_h3'><span class='evcal_evdata_icons'><i class='fa fa-map-marker'><\/i><\/span>Localiza\u00e7\u00e3o<\/h3><p class='evo_location_name'>Sabugal<\/p><p>Barragem do Sabugal<\/p>\r\n\t\t\t\t\t\t\t\t\t<\/div>\r\n\t\t\t\t\t\t\t\t<\/div>\r\n\t\t\t\t\t\t\t<\/div><div class='clear'><\/div>\r\n\t\t\t\t\t\t\t<\/div><\/div>\r\n\t\t\t\t\t\t<\/div><div class='evo_metarow_organizer evorow evcal_evdata_row bordb evcal_evrow_sm '>\r\n\t\t\t\t\t\t\t<span class='evcal_evdata_icons'><i class='fa fa-headphones'><\/i><\/span>\r\n\t\t\t\t\t\t\t<div class='evcal_evdata_cell'>\t\t\t\t\t\t\t\r\n\t\t\t\t\t\t\t\t<h3 class='evo_h3'>Evento organizado por<\/h3>\r\n\t\t\t\t\t\t\t\t\r\n\t\t\t\t\t\t\t\t<div class='evo_card_organizer'><p class='evo_data_val evo_card_organizer_name'>\r\n\t\t\t\t\t\t\t\t\t<span class='evo_card_organizer_name_t'>FTP \/ C\u00e2mara Municipal do Sabugal<\/span><span class='evo_card_organizer_contact'>inscricoes@federacao-triatlo.pt<\/span>\r\n\t\t\t\t\t\t\t\t\t\r\n\t\t\t\t\t\t\t\t\t<\/p><\/div><div class='clear'><\/div>\t\t\t\t\t\t\t\r\n\t\t\t\t\t\t\t<\/div>\r\n\t\t\t\t\t\t<\/div>\t\t\t\t\t\t<div class='evo_metarow_ICS evorow bordb evcal_evdata_row'>\r\n\t\t\t\t\t\t\t<span class=\"evcal_evdata_icons\"><i class=\"fa fa-calendar\"><\/i><\/span>\r\n\t\t\t\t\t\t\t<div class='evcal_evdata_cell'>\r\n\t\t\t\t\t\t\t\t<p><a href='https:\/\/www.federacao-triatlo.pt\/ftp2015\/wp-admin\/admin-ajax.php?action=eventon_ics_download&amp;event_id=6043&amp;sunix=20160603T230500Z&amp;eunix=20160605T225500Z&amp;loca=Barragem do Sabugal&amp;locn=Sabugal' class='evo_ics_nCal' title='Adicionar ao seu calend\u00e1rio'>Calend\u00e1rio<\/a><a href='\/\/www.google.com\/calendar\/event?action=TEMPLATE&amp;text=Triatlo+do+Sabugal&amp;dates=20160603T230500Z\/20160605T225500Z&amp;details=Triatlo+do+Sabugal+-+Regulamento%0D%0A%0D%0ATriatlo+do+Sabugal+-+Percursos+Campeonato+Nacional%0D%0A%0D%0ATriatlo+do+Sabugal+-+Percursos+Campeonato+Nacional+-+ESTAFETAS%0D%0A%0D%0ATriatlo+do+Sabugal+-&amp;location=Sabugal - Barragem+do+Sabugal' target='_blank' class='evo_ics_gCal' title='Adicionar ao calend\u00e1rio Google'>GoogleCal<\/a><\/p>\t\r\n\t\t\t\t\t\t\t<\/div>\t\t\t\t\t\t<\/div>\r\n\t\t\t\t\t\t<\/div><div class='clear end'><\/div><\/div><div id=\"event_8067\" class=\"eventon_list_event evo_eventtop past_event event\" data-event_id=\"8067\" data-time=\"1465517100-1465602900\" data-colr=\"#67e091\" itemscope itemtype='http:\/\/schema.org\/Event' 2><div class=\"evo_event_schema\" style=\"display:none\" ><a itemprop='url'  href='https:\/\/www.federacao-triatlo.pt\/ftp2015\/events\/triatlo-de-peniche-2\/'><\/a><span itemprop='name'  >Triatlo de Peniche<\/span><meta itemprop='image'  ><\/meta><meta itemprop='description' content='Triatlo de Peniche - Regulamento\r\n\r\nTriatlo de Peniche - Percursos CN Grupos de Idade e CN Universit\u00e1rio\r\n\r\nTriatlo de Peniche - Percursos Prova Aberta\r\n\r\nSL' ><\/meta><meta itemprop='startDate' content='2016-6-10' ><\/meta><meta itemprop='endDate' content='2016-6-10' ><\/meta><meta itemprop='eventStatus' content='on-schedule' ><\/meta>\r\n\t\t\t\t\t\t\t\t\t<item style=\"display:none\" itemprop=\"location\" itemscope itemtype=\"http:\/\/schema.org\/Place\">\r\n\t\t\t\t\t\t\t\t\t\t<span itemprop=\"name\">Peniche<\/span>\r\n\t\t\t\t\t\t\t\t\t\t<span itemprop=\"address\" itemscope itemtype=\"http:\/\/schema.org\/PostalAddress\">\r\n\t\t\t\t\t\t\t\t\t\t\t<item itemprop=\"streetAddress\">Peniche<\/item>\r\n\t\t\t\t\t\t\t\t\t\t<\/span><\/item><script type=\"application\/ld+json\">{\t\"@context\": \"http:\/\/schema.org\",\r\n\t\t\t\t\t\t\t  \t\"@type\": \"Event\",\r\n\t\t\t\t\t\t\t  \t\"name\": \"Triatlo de Peniche\",\r\n\t\t\t\t\t\t\t  \t\"startDate\": \"2016-6-10T00-00-05-00\",\r\n\t\t\t\t\t\t\t  \t\"endDate\": \"2016-6-10T23-23-55-00\",\r\n\t\t\t\t\t\t\t  \t\"image\":,\r\n\t\t\t\t\t\t\t  \t\"description\":\"Triatlo de Peniche - Regulamento\r\n\r\nTriatlo de Peniche - Percursos CN Grupos de Idade e CN Universit\u00e1rio\r\n\r\nTriatlo de Peniche - Percursos Prova Aberta\r\n\r\nSL\",\r\n\t\t\t\t\t\t\t  \t\"location\":{\r\n\t\t\t\t\t\t\t\t\t\t\"@type\":\"Place\",\r\n\t\t\t\t\t\t\t\t\t\t\"name\":\"Peniche\",\r\n\t\t\t\t\t\t\t\t\t\t\"address\":\"Peniche\"\r\n\t\t\t\t\t\t\t  \t\t}\r\n\t\t\t\t\t\t\t }\r\n\t\t\t\t\t\t\t<\/script><\/div>\r\n\t\t\t\t<p class=\"desc_trig_outter\"><a data-gmtrig=\"1\" data-exlk=\"0\" style=\"border-color: #67e091;\" id=\"evc_14655171008067\" class=\"desc_trig evo_campeonato-nacional-grupos-idade-duatlo evo_camp-nac-universitario evo_prova-aberta sin_val evcal_list_a\" data-ux_val=\"1\"  ><span class='evcal_cblock ' data-bgcolor='#67e091' data-smon='Junho' data-syr='2016'><span class='evo_start '><em class='date'>10<\/em><em class='month'>jun<\/em><em class='time'>allday<\/em><\/span><span class='evo_end only_time'><em class='time'>allday<\/em><\/span><em class='clear'><\/em><\/span><span class='evcal_desc evo_info hide_eventtopdata ' data-latlng=\"39.352933,-9.378449\"  data-location_address=\"Peniche\" data-location_type=\"lonlat\" data-location_name=\"Peniche\" data-location_status=\"true\" ><span class='evo_above_title'><\/span><span class='evcal_desc2 evcal_event_title' itemprop='name'>Triatlo de Peniche<\/span><span class='evo_below_title'><\/span><span class='evcal_desc_info' ><em class=\"evcal_location\" data-latlng=\"39.352933,-9.378449\"  data-add_str=\"\"><em class=\"event_location_name\">Peniche<\/em><\/em><\/span><span class='evcal_desc3'><span class='evcal_event_types ett1'><em><i>Tipo de Evento:<\/i><\/em><em data-filter='event_type'>Camp. Nac. Grupos Idade Duatlo,<\/em><em data-filter='event_type'>Camp. Nac. Universit\u00e1rio,<\/em><em data-filter='event_type'>Prova Aberta<\/em><i class='clear'><\/i><\/span><\/span><\/span><em class='clear'><\/em><\/p><\/a><div class='event_description evcal_eventcard ' style=\"display:none\"><div class='evo_metarow_details evorow evcal_evdata_row bordb evcal_event_details'>\r\n\t\t\t\t\t\t\t<div class=\"event_excerpt\" style=\"display:none\"><h3 class=\"padb5 evo_h3\">Detalhes do Evento<\/h3><p>Triatlo de Peniche - Regulamento\r\n\r\nTriatlo de Peniche - Percursos CN Grupos de Idade e CN Universit\u00e1rio\r\n\r\nTriatlo de Peniche - Percursos Prova Aberta\r\n\r\nSL<\/p><\/div><span class='evcal_evdata_icons'><i class='fa fa-align-justify'><\/i><\/span>\r\n\t\t\t\t\t\t\t\r\n\t\t\t\t\t\t\t<div class='evcal_evdata_cell '><div class='eventon_full_description'>\r\n\t\t\t\t\t\t\t\t\t<h3 class='padb5 evo_h3'><span class='evcal_evdata_icons'><i class='fa fa-align-justify'><\/i><\/span>Detalhes do Evento<\/h3><div class='eventon_desc_in' itemprop='description'>\r\n\t\t\t\t\t\t\t\t\t<p><a href=\"https:\/\/www.federacao-triatlo.pt\/ftp2015\/wp-content\/uploads\/2016\/03\/20160610-Triatlo-de-Peniche-Regulamento-3.pdf\" rel=\"\">Triatlo de Peniche &#8211; Regulamento<\/a><\/p>\n<p><a href=\"https:\/\/www.federacao-triatlo.pt\/ftp2015\/wp-content\/uploads\/2016\/03\/20160610-Triatlo-de-Peniche-Percursos-CN-Grupos-de-Idade-e-CN-Universit\u00e1rio-1.pdf\" rel=\"\">Triatlo de Peniche &#8211; Percursos CN Grupos de Idade e CN Universit\u00e1rio<\/a><\/p>\n<p><a href=\"https:\/\/www.federacao-triatlo.pt\/ftp2015\/wp-content\/uploads\/2016\/03\/20160610-Triatlo-de-Peniche-Percursos-Prova-Aberta-1.pdf\" rel=\"\">Triatlo de Peniche &#8211; Percursos Prova Aberta<\/a><\/p>\n<p><a href=\"https:\/\/www.federacao-triatlo.pt\/ftp2015\/wp-content\/uploads\/2016\/03\/SL-Triatlo-Peniche-CN-Grupos-Idade.pdf\" rel=\"\">SL Triatlo Peniche (CN Grupos Idade)<\/a><\/p>\n<p><a href=\"https:\/\/www.federacao-triatlo.pt\/ftp2015\/wp-content\/uploads\/2016\/03\/SL-Triatlo-Peniche-CN-Universit\u00e1rio.pdf\" rel=\"\">SL Triatlo Peniche (CN Universit\u00e1rio)<\/a><\/p>\n<p><a href=\"https:\/\/www.federacao-triatlo.pt\/ftp2015\/wp-content\/uploads\/2016\/03\/SL-Triatlo-Peniche-Prova-Aberta.pdf\" rel=\"\">SL Triatlo Peniche (Prova Aberta)<\/a><\/p>\n<\/div><div class='clear'><\/div>\r\n\t\t\t\t\t\t\t\t<\/div>\r\n\t\t\t\t\t\t\t<\/div>\r\n\t\t\t\t\t\t<\/div><div class='evo_metarow_gmap evorow evcal_gmaps bordb ' id='evc146551710069f3d17711a6b8067_gmap' style='max-width:none'><\/div><div class='evo_metarow_getDr evorow evcal_evdata_row bordb evcal_evrow_sm getdirections'>\r\n\t\t\t\t\t\t<form action='https:\/\/maps.google.com\/maps' method='get' target='_blank'>\r\n\t\t\t\t\t\t<input type='hidden' name='daddr' value='Peniche'\/> \r\n\t\t\t\t\t\t<p><input class='evoInput' type='text' name='saddr' placeholder='Escreva a morada' value=''\/>\r\n\t\t\t\t\t\t<button type='submit' class='evcal_evdata_icons evcalicon_9' title='Clique aqui para obter as dire\u00e7\u00f5es'><i class='fa fa-road'><\/i><\/button>\r\n\t\t\t\t\t\t<\/p><\/form>\r\n\t\t\t\t\t<\/div><div class='evo_metarow_time_location evorow bordb '>\r\n\t\t\t\t\t\t<div class='tb' >\r\n\t\t\t\t\t\t\t<div class='tbrow'>\r\n\t\t\t\t\t\t\t<div class='evcal_col50 bordr'>\r\n\t\t\t\t\t\t\t\t<div class='evcal_evdata_row evo_time'>\r\n\t\t\t\t\t\t\t\t\t<span class='evcal_evdata_icons'><i class='fa fa-clock-o'><\/i><\/span>\r\n\t\t\t\t\t\t\t\t\t<div class='evcal_evdata_cell'>\t\t\t\t\t\t\t\r\n\t\t\t\t\t\t\t\t\t\t<h3 class='evo_h3'><span class='evcal_evdata_icons'><i class='fa fa-clock-o'><\/i><\/span>Hor\u00e1rio<\/h3>\r\n\t\t\t\t\t\t\t\t\t\t<p>Todo o dia (Sexta-feira)<\/p>\r\n\t\t\t\t\t\t\t\t\t<\/div>\r\n\t\t\t\t\t\t\t\t<\/div>\r\n\t\t\t\t\t\t\t<\/div><div class='evcal_col50'>\r\n\t\t\t\t\t\t\t\t<div class='evcal_evdata_row evo_location'>\r\n\t\t\t\t\t\t\t\t\t<span class='evcal_evdata_icons'><i class='fa fa-map-marker'><\/i><\/span>\r\n\t\t\t\t\t\t\t\t\t<div class='evcal_evdata_cell' data-loc_tax_id='130'>\t\t\t\t\t\t\t\r\n\t\t\t\t\t\t\t\t\t\t<h3 class='evo_h3'><span class='evcal_evdata_icons'><i class='fa fa-map-marker'><\/i><\/span>Localiza\u00e7\u00e3o<\/h3><p class='evo_location_name'>Peniche<\/p><p>Peniche<\/p>\r\n\t\t\t\t\t\t\t\t\t<\/div>\r\n\t\t\t\t\t\t\t\t<\/div>\r\n\t\t\t\t\t\t\t<\/div><div class='clear'><\/div>\r\n\t\t\t\t\t\t\t<\/div><\/div>\r\n\t\t\t\t\t\t<\/div><div class='evo_metarow_organizer evorow evcal_evdata_row bordb evcal_evrow_sm '>\r\n\t\t\t\t\t\t\t<span class='evcal_evdata_icons'><i class='fa fa-headphones'><\/i><\/span>\r\n\t\t\t\t\t\t\t<div class='evcal_evdata_cell'>\t\t\t\t\t\t\t\r\n\t\t\t\t\t\t\t\t<h3 class='evo_h3'>Evento organizado por<\/h3>\r\n\t\t\t\t\t\t\t\t\r\n\t\t\t\t\t\t\t\t<div class='evo_card_organizer'><p class='evo_data_val evo_card_organizer_name'>\r\n\t\t\t\t\t\t\t\t\t<span class='evo_card_organizer_name_t'>FTP \/ C\u00e2mara de Peniche<\/span><span class='evo_card_organizer_contact'>inscricoes@federacao-triatlo.pt<\/span>\r\n\t\t\t\t\t\t\t\t\t\r\n\t\t\t\t\t\t\t\t\t<\/p><\/div><div class='clear'><\/div>\t\t\t\t\t\t\t\r\n\t\t\t\t\t\t\t<\/div>\r\n\t\t\t\t\t\t<\/div>\t\t\t\t\t\t<div class='evo_metarow_ICS evorow bordb evcal_evdata_row'>\r\n\t\t\t\t\t\t\t<span class=\"evcal_evdata_icons\"><i class=\"fa fa-calendar\"><\/i><\/span>\r\n\t\t\t\t\t\t\t<div class='evcal_evdata_cell'>\r\n\t\t\t\t\t\t\t\t<p><a href='https:\/\/www.federacao-triatlo.pt\/ftp2015\/wp-admin\/admin-ajax.php?action=eventon_ics_download&amp;event_id=8067&amp;sunix=20160609T230500Z&amp;eunix=20160610T225500Z&amp;loca=Peniche&amp;locn=Peniche' class='evo_ics_nCal' title='Adicionar ao seu calend\u00e1rio'>Calend\u00e1rio<\/a><a href='\/\/www.google.com\/calendar\/event?action=TEMPLATE&amp;text=Triatlo+de+Peniche&amp;dates=20160609T230500Z\/20160610T225500Z&amp;details=Triatlo+de+Peniche+-+Regulamento%0D%0A%0D%0ATriatlo+de+Peniche+-+Percursos+CN+Grupos+de+Idade+e+CN+Universit%C3%A1rio%0D%0A%0D%0ATriatlo+de+Peniche+-+Percursos+Prova+Aberta%0D%0A%0D%0ASL&amp;location=Peniche - Peniche' target='_blank' class='evo_ics_gCal' title='Adicionar ao calend\u00e1rio Google'>GoogleCal<\/a><\/p>\t\r\n\t\t\t\t\t\t\t<\/div>\t\t\t\t\t\t<\/div>\r\n\t\t\t\t\t\t<\/div><div class='clear end'><\/div><\/div><div id=\"event_11075\" class=\"eventon_list_event evo_eventtop past_event event\" data-event_id=\"11075\" data-time=\"1465517100-1465602900\" data-colr=\"#0092e0\" itemscope itemtype='http:\/\/schema.org\/Event' 3><div class=\"evo_event_schema\" style=\"display:none\" ><a itemprop='url'  href='https:\/\/www.federacao-triatlo.pt\/ftp2015\/events\/ii-triatlo-viriato-madeira-ribeira-grande-acores\/'><\/a><span itemprop='name'  >II Triatlo Viriato Madeira - Ribeira Grande - A\u00e7ores<\/span><meta itemprop='image' content='https:\/\/www.federacao-triatlo.pt\/ftp2015\/wp-content\/uploads\/2016\/06\/CARTAZ_TRIATLO_2016-213x300.jpg' ><\/meta><meta itemprop='description' content='O II Triatlo Viriato Madeira ter\u00e1 lugar no pr\u00f3ximo dia 10 de Junho em Sta B\u00e1rbara - Ribeira Grande - A\u00e7ores e \u00e9 uma organiza\u00e7\u00e3o do Clube Desportivo dos Bombeiros' ><\/meta><meta itemprop='startDate' content='2016-6-10' ><\/meta><meta itemprop='endDate' content='2016-6-10' ><\/meta><meta itemprop='eventStatus' content='on-schedule' ><\/meta><script type=\"application\/ld+json\">{\t\"@context\": \"http:\/\/schema.org\",\r\n\t\t\t\t\t\t\t  \t\"@type\": \"Event\",\r\n\t\t\t\t\t\t\t  \t\"name\": \"II Triatlo Viriato Madeira - Ribeira Grande - A\u00e7ores\",\r\n\t\t\t\t\t\t\t  \t\"startDate\": \"2016-6-10T00-00-05-00\",\r\n\t\t\t\t\t\t\t  \t\"endDate\": \"2016-6-10T23-23-55-00\",\r\n\t\t\t\t\t\t\t  \t\"image\":\"https:\/\/www.federacao-triatlo.pt\/ftp2015\/wp-content\/uploads\/2016\/06\/CARTAZ_TRIATLO_2016-213x300.jpg\",\r\n\t\t\t\t\t\t\t  \t\"description\":\"O II Triatlo Viriato Madeira ter\u00e1 lugar no pr\u00f3ximo dia 10 de Junho em Sta B\u00e1rbara - Ribeira Grande - A\u00e7ores e \u00e9 uma organiza\u00e7\u00e3o do Clube Desportivo dos Bombeiros\",\r\n\t\t\t\t\t\t\t  \t\r\n\t\t\t\t\t\t\t }\r\n\t\t\t\t\t\t\t<\/script><\/div>\r\n\t\t\t\t<p class=\"desc_trig_outter\"><a data-gmap_status=\"null\" data-gmtrig=\"1\" data-exlk=\"0\" style=\"border-color: #0092e0;\" id=\"evc_146551710011075\" class=\"desc_trig evo_prova-aberta sin_val evcal_list_a\" data-ux_val=\"1\"  ><span class='evcal_cblock ' data-bgcolor='#0092e0' data-smon='Junho' data-syr='2016'><span class='evo_start '><em class='date'>10<\/em><em class='month'>jun<\/em><em class='time'>allday<\/em><\/span><span class='evo_end only_time'><em class='time'>allday<\/em><\/span><em class='clear'><\/em><\/span><span class='evcal_desc evo_info hide_eventtopdata '  data-location_status=\"false\" ><span class='evo_above_title'><\/span><span class='evcal_desc2 evcal_event_title' itemprop='name'>II Triatlo Viriato Madeira - Ribeira Grande - A\u00e7ores<\/span><span class='evo_below_title'><\/span><span class='evcal_desc_info' ><\/span><span class='evcal_desc3'><span class='evcal_event_types ett1'><em><i>Tipo de Evento:<\/i><\/em><em data-filter='event_type'>Prova Aberta<\/em><i class='clear'><\/i><\/span><\/span><\/span><em class='clear'><\/em><\/p><\/a><div class='event_description evcal_eventcard ' style=\"display:none\"><div class='evo_metarow_directimg'><img src='https:\/\/www.federacao-triatlo.pt\/ftp2015\/wp-content\/uploads\/2016\/06\/CARTAZ_TRIATLO_2016.jpg' \/><\/div><div class='evo_metarow_details evorow evcal_evdata_row bordb evcal_event_details'>\r\n\t\t\t\t\t\t\t<div class=\"event_excerpt\" style=\"display:none\"><h3 class=\"padb5 evo_h3\">Detalhes do Evento<\/h3><p>O II Triatlo Viriato Madeira ter\u00e1 lugar no pr\u00f3ximo dia 10 de Junho em Sta B\u00e1rbara - Ribeira Grande - A\u00e7ores e \u00e9 uma organiza\u00e7\u00e3o do Clube Desportivo dos Bombeiros<\/p><\/div><span class='evcal_evdata_icons'><i class='fa fa-align-justify'><\/i><\/span>\r\n\t\t\t\t\t\t\t\r\n\t\t\t\t\t\t\t<div class='evcal_evdata_cell '><div class='eventon_full_description'>\r\n\t\t\t\t\t\t\t\t\t<h3 class='padb5 evo_h3'><span class='evcal_evdata_icons'><i class='fa fa-align-justify'><\/i><\/span>Detalhes do Evento<\/h3><div class='eventon_desc_in' itemprop='description'>\r\n\t\t\t\t\t\t\t\t\t<p>O II Triatlo Viriato Madeira ter\u00e1 lugar no pr\u00f3ximo dia 10 de Junho em Sta B\u00e1rbara &#8211; Ribeira Grande &#8211; A\u00e7ores e \u00e9 uma organiza\u00e7\u00e3o do Clube Desportivo dos Bombeiros de Ribeira Grande.<\/p>\n<p><a href=\"https:\/\/www.federacao-triatlo.pt\/ftp2015\/wp-content\/uploads\/2016\/06\/percurso-triatlo-2016.docx\" rel=\"\">percurso triatlo 2016<\/a><\/p>\n<p><a href=\"https:\/\/www.federacao-triatlo.pt\/ftp2015\/wp-content\/uploads\/2016\/06\/Regulamento-II-Triatlo-Viriato-Madeira-2016.docx\" rel=\"\">Regulamento II Triatlo Viriato Madeira 2016<\/a><\/p>\n<\/div><div class='clear'><\/div>\r\n\t\t\t\t\t\t\t\t<\/div>\r\n\t\t\t\t\t\t\t<\/div>\r\n\t\t\t\t\t\t<\/div><div class='evo_metarow_time evorow evcal_evdata_row bordb evcal_evrow_sm '>\r\n\t\t\t\t\t\t\t<span class='evcal_evdata_icons'><i class='fa fa-clock-o'><\/i><\/span>\r\n\t\t\t\t\t\t\t<div class='evcal_evdata_cell'>\t\t\t\t\t\t\t\r\n\t\t\t\t\t\t\t\t<h3 class='evo_h3'><span class='evcal_evdata_icons'><i class='fa fa-clock-o'><\/i><\/span>Hor\u00e1rio<\/h3><p>Todo o dia (Sexta-feira)<\/p>\r\n\t\t\t\t\t\t\t<\/div>\r\n\t\t\t\t\t\t<\/div>\t\t\t\t\t\t<div class='evo_metarow_ICS evorow bordb evcal_evdata_row'>\r\n\t\t\t\t\t\t\t<span class=\"evcal_evdata_icons\"><i class=\"fa fa-calendar\"><\/i><\/span>\r\n\t\t\t\t\t\t\t<div class='evcal_evdata_cell'>\r\n\t\t\t\t\t\t\t\t<p><a href='https:\/\/www.federacao-triatlo.pt\/ftp2015\/wp-admin\/admin-ajax.php?action=eventon_ics_download&amp;event_id=11075&amp;sunix=20160609T230500Z&amp;eunix=20160610T225500Z&amp;loca=&amp;locn=' class='evo_ics_nCal' title='Adicionar ao seu calend\u00e1rio'>Calend\u00e1rio<\/a><a href='\/\/www.google.com\/calendar\/event?action=TEMPLATE&amp;text=II+Triatlo+Viriato+Madeira+-+Ribeira+Grande+-+A%C3%A7ores&amp;dates=20160609T230500Z\/20160610T225500Z&amp;details=O+II+Triatlo+Viriato+Madeira+ter%C3%A1+lugar+no+pr%C3%B3ximo+dia+10+de+Junho+em+Sta+B%C3%A1rbara+-+Ribeira+Grande+-+A%C3%A7ores+e+%C3%A9+uma+organiza%C3%A7%C3%A3o+do+Clube+Desportivo+dos+Bombeiros&amp;location= - ' target='_blank' class='evo_ics_gCal' title='Adicionar ao calend\u00e1rio Google'>GoogleCal<\/a><\/p>\t\r\n\t\t\t\t\t\t\t<\/div>\t\t\t\t\t\t<\/div>\r\n\t\t\t\t\t\t<\/div><div class='clear end'><\/div><\/div><div id=\"event_8112\" class=\"eventon_list_event evo_eventtop past_event event\" data-event_id=\"8112\" data-time=\"1465689900-1465775700\" data-colr=\"#0092e0\" itemscope itemtype='http:\/\/schema.org\/Event' 4><div class=\"evo_event_schema\" style=\"display:none\" ><a itemprop='url'  href='https:\/\/www.federacao-triatlo.pt\/ftp2015\/events\/aquatlo-da-chamusca-arripiado-2\/'><\/a><span itemprop='name'  >Aquatlo do Arripiado - Chamusca<\/span><meta itemprop='image'  ><\/meta><meta itemprop='description' content='Aquatlo do Arripiado - Chamusca - Regulamento - PROVIS\u00d3RIO\r\n\r\nAquatlo do Arripiado - Chamusca - Percursos CN Jovem e Prova Aberta - PROVIS\u00d3RIO\r\n\r\nSL Aquatlo Chamusca' ><\/meta><meta itemprop='startDate' content='2016-6-12' ><\/meta><meta itemprop='endDate' content='2016-6-12' ><\/meta><meta itemprop='eventStatus' content='on-schedule' ><\/meta>\r\n\t\t\t\t\t\t\t\t\t<item style=\"display:none\" itemprop=\"location\" itemscope itemtype=\"http:\/\/schema.org\/Place\">\r\n\t\t\t\t\t\t\t\t\t\t<span itemprop=\"name\">Arripiada - Chamusca<\/span>\r\n\t\t\t\t\t\t\t\t\t\t<span itemprop=\"address\" itemscope itemtype=\"http:\/\/schema.org\/PostalAddress\">\r\n\t\t\t\t\t\t\t\t\t\t\t<item itemprop=\"streetAddress\">Parque da Frente Ribeirinha de Arripiado<\/item>\r\n\t\t\t\t\t\t\t\t\t\t<\/span><\/item><script type=\"application\/ld+json\">{\t\"@context\": \"http:\/\/schema.org\",\r\n\t\t\t\t\t\t\t  \t\"@type\": \"Event\",\r\n\t\t\t\t\t\t\t  \t\"name\": \"Aquatlo do Arripiado - Chamusca\",\r\n\t\t\t\t\t\t\t  \t\"startDate\": \"2016-6-12T00-00-05-00\",\r\n\t\t\t\t\t\t\t  \t\"endDate\": \"2016-6-12T23-23-55-00\",\r\n\t\t\t\t\t\t\t  \t\"image\":,\r\n\t\t\t\t\t\t\t  \t\"description\":\"Aquatlo do Arripiado - Chamusca - Regulamento - PROVIS\u00d3RIO\r\n\r\nAquatlo do Arripiado - Chamusca - Percursos CN Jovem e Prova Aberta - PROVIS\u00d3RIO\r\n\r\nSL Aquatlo Chamusca\",\r\n\t\t\t\t\t\t\t  \t\"location\":{\r\n\t\t\t\t\t\t\t\t\t\t\"@type\":\"Place\",\r\n\t\t\t\t\t\t\t\t\t\t\"name\":\"Arripiada - Chamusca\",\r\n\t\t\t\t\t\t\t\t\t\t\"address\":\"Parque da Frente Ribeirinha de Arripiado\"\r\n\t\t\t\t\t\t\t  \t\t}\r\n\t\t\t\t\t\t\t }\r\n\t\t\t\t\t\t\t<\/script><\/div>\r\n\t\t\t\t<p class=\"desc_trig_outter\"><a data-gmtrig=\"1\" data-exlk=\"0\" style=\"border-color: #0092e0;\" id=\"evc_14656899008112\" class=\"desc_trig evo_camp-nac-jovem evo_prova-aberta sin_val evcal_list_a\" data-ux_val=\"1\"  ><span class='evcal_cblock ' data-bgcolor='#0092e0' data-smon='Junho' data-syr='2016'><span class='evo_start '><em class='date'>12<\/em><em class='month'>jun<\/em><em class='time'>allday<\/em><\/span><span class='evo_end only_time'><em class='time'>allday<\/em><\/span><em class='clear'><\/em><\/span><span class='evcal_desc evo_info hide_eventtopdata ' data-latlng=\"39.455644,-8.398941\"  data-location_address=\"Parque da Frente Ribeirinha de Arripiado\" data-location_type=\"lonlat\" data-location_name=\"Arripiada - Chamusca\" data-location_status=\"true\" ><span class='evo_above_title'><\/span><span class='evcal_desc2 evcal_event_title' itemprop='name'>Aquatlo do Arripiado - Chamusca<\/span><span class='evo_below_title'><\/span><span class='evcal_desc_info' ><em class=\"evcal_location\" data-latlng=\"39.455644,-8.398941\"  data-add_str=\"\"><em class=\"event_location_name\">Arripiada - Chamusca<\/em><\/em><\/span><span class='evcal_desc3'><span class='evcal_event_types ett1'><em><i>Tipo de Evento:<\/i><\/em><em data-filter='event_type'>Camp. Nac. Jovem,<\/em><em data-filter='event_type'>Prova Aberta<\/em><i class='clear'><\/i><\/span><\/span><\/span><em class='clear'><\/em><\/p><\/a><div class='event_description evcal_eventcard ' style=\"display:none\"><div class='evo_metarow_details evorow evcal_evdata_row bordb evcal_event_details'>\r\n\t\t\t\t\t\t\t<div class=\"event_excerpt\" style=\"display:none\"><h3 class=\"padb5 evo_h3\">Detalhes do Evento<\/h3><p>Aquatlo do Arripiado - Chamusca - Regulamento - PROVIS\u00d3RIO\r\n\r\nAquatlo do Arripiado - Chamusca - Percursos CN Jovem e Prova Aberta - PROVIS\u00d3RIO\r\n\r\nSL Aquatlo Chamusca<\/p><\/div><span class='evcal_evdata_icons'><i class='fa fa-align-justify'><\/i><\/span>\r\n\t\t\t\t\t\t\t\r\n\t\t\t\t\t\t\t<div class='evcal_evdata_cell '><div class='eventon_full_description'>\r\n\t\t\t\t\t\t\t\t\t<h3 class='padb5 evo_h3'><span class='evcal_evdata_icons'><i class='fa fa-align-justify'><\/i><\/span>Detalhes do Evento<\/h3><div class='eventon_desc_in' itemprop='description'>\r\n\t\t\t\t\t\t\t\t\t<p><a href=\"https:\/\/www.federacao-triatlo.pt\/ftp2015\/wp-content\/uploads\/2016\/03\/20160612-Aquatlo-do-Arripiado-Chamusca-Regulamento-PROVIS\u00d3RIO.pdf\" rel=\"\">Aquatlo do Arripiado &#8211; Chamusca &#8211; Regulamento &#8211; PROVIS\u00d3RIO<\/a><\/p>\n<p><a href=\"https:\/\/www.federacao-triatlo.pt\/ftp2015\/wp-content\/uploads\/2016\/03\/20160612-Aquatlo-do-Arripiado-Chamusca-Percursos-CN-Jovem-e-Prova-Aberta-PROVIS\u00d3RIO.pdf\" rel=\"\">Aquatlo do Arripiado &#8211; Chamusca &#8211; Percursos CN Jovem e Prova Aberta &#8211; PROVIS\u00d3RIO<\/a><\/p>\n<p><a href=\"https:\/\/www.federacao-triatlo.pt\/ftp2015\/wp-content\/uploads\/2016\/03\/SL-Aquatlo-Chamusca-CN-Jovem.pdf\" rel=\"\">SL Aquatlo Chamusca (CN Jovem)<\/a><\/p>\n<p><a href=\"https:\/\/www.federacao-triatlo.pt\/ftp2015\/wp-content\/uploads\/2016\/03\/SL-Aquatlo-Chamusca-Prova-Aberta.pdf\" rel=\"\">SL Aquatlo Chamusca (Prova Aberta)<\/a><\/p>\n<\/div><div class='clear'><\/div>\r\n\t\t\t\t\t\t\t\t<\/div>\r\n\t\t\t\t\t\t\t<\/div>\r\n\t\t\t\t\t\t<\/div><div class='evo_metarow_gmap evorow evcal_gmaps bordb ' id='evc146568990069f3d17712b4a8112_gmap' style='max-width:none'><\/div><div class='evo_metarow_getDr evorow evcal_evdata_row bordb evcal_evrow_sm getdirections'>\r\n\t\t\t\t\t\t<form action='https:\/\/maps.google.com\/maps' method='get' target='_blank'>\r\n\t\t\t\t\t\t<input type='hidden' name='daddr' value='Parque da Frente Ribeirinha de Arripiado'\/> \r\n\t\t\t\t\t\t<p><input class='evoInput' type='text' name='saddr' placeholder='Escreva a morada' value=''\/>\r\n\t\t\t\t\t\t<button type='submit' class='evcal_evdata_icons evcalicon_9' title='Clique aqui para obter as dire\u00e7\u00f5es'><i class='fa fa-road'><\/i><\/button>\r\n\t\t\t\t\t\t<\/p><\/form>\r\n\t\t\t\t\t<\/div><div class='evo_metarow_time_location evorow bordb '>\r\n\t\t\t\t\t\t<div class='tb' >\r\n\t\t\t\t\t\t\t<div class='tbrow'>\r\n\t\t\t\t\t\t\t<div class='evcal_col50 bordr'>\r\n\t\t\t\t\t\t\t\t<div class='evcal_evdata_row evo_time'>\r\n\t\t\t\t\t\t\t\t\t<span class='evcal_evdata_icons'><i class='fa fa-clock-o'><\/i><\/span>\r\n\t\t\t\t\t\t\t\t\t<div class='evcal_evdata_cell'>\t\t\t\t\t\t\t\r\n\t\t\t\t\t\t\t\t\t\t<h3 class='evo_h3'><span class='evcal_evdata_icons'><i class='fa fa-clock-o'><\/i><\/span>Hor\u00e1rio<\/h3>\r\n\t\t\t\t\t\t\t\t\t\t<p>Todo o dia (Domingo)<\/p>\r\n\t\t\t\t\t\t\t\t\t<\/div>\r\n\t\t\t\t\t\t\t\t<\/div>\r\n\t\t\t\t\t\t\t<\/div><div class='evcal_col50'>\r\n\t\t\t\t\t\t\t\t<div class='evcal_evdata_row evo_location'>\r\n\t\t\t\t\t\t\t\t\t<span class='evcal_evdata_icons'><i class='fa fa-map-marker'><\/i><\/span>\r\n\t\t\t\t\t\t\t\t\t<div class='evcal_evdata_cell' data-loc_tax_id='156'>\t\t\t\t\t\t\t\r\n\t\t\t\t\t\t\t\t\t\t<h3 class='evo_h3'><span class='evcal_evdata_icons'><i class='fa fa-map-marker'><\/i><\/span>Localiza\u00e7\u00e3o<\/h3><p class='evo_location_name'>Arripiada - Chamusca<\/p><p>Parque da Frente Ribeirinha de Arripiado<\/p>\r\n\t\t\t\t\t\t\t\t\t<\/div>\r\n\t\t\t\t\t\t\t\t<\/div>\r\n\t\t\t\t\t\t\t<\/div><div class='clear'><\/div>\r\n\t\t\t\t\t\t\t<\/div><\/div>\r\n\t\t\t\t\t\t<\/div><div class='evo_metarow_organizer evorow evcal_evdata_row bordb evcal_evrow_sm '>\r\n\t\t\t\t\t\t\t<span class='evcal_evdata_icons'><i class='fa fa-headphones'><\/i><\/span>\r\n\t\t\t\t\t\t\t<div class='evcal_evdata_cell'>\t\t\t\t\t\t\t\r\n\t\t\t\t\t\t\t\t<h3 class='evo_h3'>Evento organizado por<\/h3>\r\n\t\t\t\t\t\t\t\t\r\n\t\t\t\t\t\t\t\t<div class='evo_card_organizer'><p class='evo_data_val evo_card_organizer_name'>\r\n\t\t\t\t\t\t\t\t\t<span class='evo_card_organizer_name_t'>FTP \/ C\u00e2mara Municipal da Chamusca<\/span><span class='evo_card_organizer_contact'>inscricoes@federacao-triatlo.pt<\/span>\r\n\t\t\t\t\t\t\t\t\t\r\n\t\t\t\t\t\t\t\t\t<\/p><\/div><div class='clear'><\/div>\t\t\t\t\t\t\t\r\n\t\t\t\t\t\t\t<\/div>\r\n\t\t\t\t\t\t<\/div>\t\t\t\t\t\t<div class='evo_metarow_ICS evorow bordb evcal_evdata_row'>\r\n\t\t\t\t\t\t\t<span class=\"evcal_evdata_icons\"><i class=\"fa fa-calendar\"><\/i><\/span>\r\n\t\t\t\t\t\t\t<div class='evcal_evdata_cell'>\r\n\t\t\t\t\t\t\t\t<p><a href='https:\/\/www.federacao-triatlo.pt\/ftp2015\/wp-admin\/admin-ajax.php?action=eventon_ics_download&amp;event_id=8112&amp;sunix=20160611T230500Z&amp;eunix=20160612T225500Z&amp;loca=Parque da Frente Ribeirinha de Arripiado&amp;locn=Arripiada - Chamusca' class='evo_ics_nCal' title='Adicionar ao seu calend\u00e1rio'>Calend\u00e1rio<\/a><a href='\/\/www.google.com\/calendar\/event?action=TEMPLATE&amp;text=Aquatlo+do+Arripiado+-+Chamusca&amp;dates=20160611T230500Z\/20160612T225500Z&amp;details=Aquatlo+do+Arripiado+-+Chamusca+-+Regulamento+-+PROVIS%C3%93RIO%0D%0A%0D%0AAquatlo+do+Arripiado+-+Chamusca+-+Percursos+CN+Jovem+e+Prova+Aberta+-+PROVIS%C3%93RIO%0D%0A%0D%0ASL+Aquatlo+Chamusca&amp;location=Arripiada+-+Chamusca - Parque+da+Frente+Ribeirinha+de+Arripiado' target='_blank' class='evo_ics_gCal' title='Adicionar ao calend\u00e1rio Google'>GoogleCal<\/a><\/p>\t\r\n\t\t\t\t\t\t\t<\/div>\t\t\t\t\t\t<\/div>\r\n\t\t\t\t\t\t<\/div><div class='clear end'><\/div><\/div><div id=\"event_10668\" class=\"eventon_list_event evo_eventtop past_event event\" data-event_id=\"10668\" data-time=\"1465689900-1465775700\" data-colr=\"#0092e0\" itemscope itemtype='http:\/\/schema.org\/Event' 5><div class=\"evo_event_schema\" style=\"display:none\" ><a itemprop='url'  href='https:\/\/www.federacao-triatlo.pt\/ftp2015\/events\/ii-duatlo-btt-de-tabuaco-circuito-regional-norte\/'><\/a><span itemprop='name'  >II DUATLO BTT DE TABUA\u00c7O - Circuito Regional Norte<\/span><meta itemprop='image' content='https:\/\/www.federacao-triatlo.pt\/ftp2015\/wp-content\/uploads\/2016\/06\/Cartaz-Du-Tabua\u00e7o-2-212x300.jpg' ><\/meta><meta itemprop='description' content='O II Duatlo BTT de Tabua\u00e7o ir\u00e1 ter lugar no domingo dia 12 de Junho de 2016.\r\n\r\nMais informa\u00e7\u00e3o e inscri\u00e7\u00f5es em:\r\n\r\nhttp:\/\/delegacaoregional.wix.com\/triatlonorte#!blank\/dd8gz\r\n\r\n' ><\/meta><meta itemprop='startDate' content='2016-6-12' ><\/meta><meta itemprop='endDate' content='2016-6-12' ><\/meta><meta itemprop='eventStatus' content='on-schedule' ><\/meta><script type=\"application\/ld+json\">{\t\"@context\": \"http:\/\/schema.org\",\r\n\t\t\t\t\t\t\t  \t\"@type\": \"Event\",\r\n\t\t\t\t\t\t\t  \t\"name\": \"II DUATLO BTT DE TABUA\u00c7O - Circuito Regional Norte\",\r\n\t\t\t\t\t\t\t  \t\"startDate\": \"2016-6-12T00-00-05-00\",\r\n\t\t\t\t\t\t\t  \t\"endDate\": \"2016-6-12T23-23-55-00\",\r\n\t\t\t\t\t\t\t  \t\"image\":\"https:\/\/www.federacao-triatlo.pt\/ftp2015\/wp-content\/uploads\/2016\/06\/Cartaz-Du-Tabua\u00e7o-2-212x300.jpg\",\r\n\t\t\t\t\t\t\t  \t\"description\":\"O II Duatlo BTT de Tabua\u00e7o ir\u00e1 ter lugar no domingo dia 12 de Junho de 2016.\r\n\r\nMais informa\u00e7\u00e3o e inscri\u00e7\u00f5es em:\r\n\r\nhttp:\/\/delegacaoregional.wix.com\/triatlonorte#!blank\/dd8gz\r\n\r\n\",\r\n\t\t\t\t\t\t\t  \t\r\n\t\t\t\t\t\t\t }\r\n\t\t\t\t\t\t\t<\/script><\/div>\r\n\t\t\t\t<p class=\"desc_trig_outter\"><a data-gmap_status=\"null\" data-gmtrig=\"1\" data-exlk=\"0\" style=\"border-color: #0092e0;\" id=\"evc_146568990010668\" class=\"desc_trig evo_circuito-regional sin_val evcal_list_a\" data-ux_val=\"1\"  ><span class='evcal_cblock ' data-bgcolor='#0092e0' data-smon='Junho' data-syr='2016'><span class='evo_start '><em class='date'>12<\/em><em class='month'>jun<\/em><em class='time'>allday<\/em><\/span><span class='evo_end only_time'><em class='time'>allday<\/em><\/span><em class='clear'><\/em><\/span><span class='evcal_desc evo_info hide_eventtopdata '  data-location_status=\"false\" ><span class='evo_above_title'><\/span><span class='evcal_desc2 evcal_event_title' itemprop='name'>II DUATLO BTT DE TABUA\u00c7O - Circuito Regional Norte<\/span><span class='evo_below_title'><\/span><span class='evcal_desc_info' ><\/span><span class='evcal_desc3'><span class='evcal_event_types ett1'><em><i>Tipo de Evento:<\/i><\/em><em data-filter='event_type'>Circuito Regional<\/em><i class='clear'><\/i><\/span><\/span><\/span><em class='clear'><\/em><\/p><\/a><div class='event_description evcal_eventcard ' style=\"display:none\"><div class='evo_metarow_directimg'><img src='https:\/\/www.federacao-triatlo.pt\/ftp2015\/wp-content\/uploads\/2016\/06\/Cartaz-Du-Tabua\u00e7o-2.jpg' \/><\/div><div class='evo_metarow_details evorow evcal_evdata_row bordb evcal_event_details'>\r\n\t\t\t\t\t\t\t<div class=\"event_excerpt\" style=\"display:none\"><h3 class=\"padb5 evo_h3\">Detalhes do Evento<\/h3><p>O II Duatlo BTT de Tabua\u00e7o ir\u00e1 ter lugar no domingo dia 12 de Junho de 2016.\r\n\r\nMais informa\u00e7\u00e3o e inscri\u00e7\u00f5es em:\r\n\r\nhttp:\/\/delegacaoregional.wix.com\/triatlonorte#!blank\/dd8gz\r\n\r\n<\/p><\/div><span class='evcal_evdata_icons'><i class='fa fa-align-justify'><\/i><\/span>\r\n\t\t\t\t\t\t\t\r\n\t\t\t\t\t\t\t<div class='evcal_evdata_cell '><div class='eventon_full_description'>\r\n\t\t\t\t\t\t\t\t\t<h3 class='padb5 evo_h3'><span class='evcal_evdata_icons'><i class='fa fa-align-justify'><\/i><\/span>Detalhes do Evento<\/h3><div class='eventon_desc_in' itemprop='description'>\r\n\t\t\t\t\t\t\t\t\t<p>O II Duatlo BTT de Tabua\u00e7o ir\u00e1 ter lugar no domingo dia 12 de Junho de 2016.<\/p>\n<p>Mais informa\u00e7\u00e3o e inscri\u00e7\u00f5es em:<\/p>\n<p>http:\/\/delegacaoregional.wix.com\/triatlonorte#!blank\/dd8gz<\/p>\n<p><a href=\"https:\/\/www.federacao-triatlo.pt\/ftp2015\/wp-content\/uploads\/2016\/06\/Cartaz-Du-Tabua\u00e7o-2.jpg\" rel=\"attachment wp-att-10669\"><img class=\"alignnone size-medium wp-image-10669\" src=\"https:\/\/www.federacao-triatlo.pt\/ftp2015\/wp-content\/uploads\/2016\/06\/Cartaz-Du-Tabua\u00e7o-2-212x300.jpg\" alt=\"Cartaz Du Tabua\u00e7o 2\" width=\"212\" height=\"300\" \/><\/a><\/p>\n<\/div><div class='clear'><\/div>\r\n\t\t\t\t\t\t\t\t<\/div>\r\n\t\t\t\t\t\t\t<\/div>\r\n\t\t\t\t\t\t<\/div><div class='evo_metarow_time evorow evcal_evdata_row bordb evcal_evrow_sm '>\r\n\t\t\t\t\t\t\t<span class='evcal_evdata_icons'><i class='fa fa-clock-o'><\/i><\/span>\r\n\t\t\t\t\t\t\t<div class='evcal_evdata_cell'>\t\t\t\t\t\t\t\r\n\t\t\t\t\t\t\t\t<h3 class='evo_h3'><span class='evcal_evdata_icons'><i class='fa fa-clock-o'><\/i><\/span>Hor\u00e1rio<\/h3><p>Todo o dia (Domingo)<\/p>\r\n\t\t\t\t\t\t\t<\/div>\r\n\t\t\t\t\t\t<\/div>\t\t\t\t\t\t<div class='evo_metarow_ICS evorow bordb evcal_evdata_row'>\r\n\t\t\t\t\t\t\t<span class=\"evcal_evdata_icons\"><i class=\"fa fa-calendar\"><\/i><\/span>\r\n\t\t\t\t\t\t\t<div class='evcal_evdata_cell'>\r\n\t\t\t\t\t\t\t\t<p><a href='https:\/\/www.federacao-triatlo.pt\/ftp2015\/wp-admin\/admin-ajax.php?action=eventon_ics_download&amp;event_id=10668&amp;sunix=20160611T230500Z&amp;eunix=20160612T225500Z&amp;loca=&amp;locn=' class='evo_ics_nCal' title='Adicionar ao seu calend\u00e1rio'>Calend\u00e1rio<\/a><a href='\/\/www.google.com\/calendar\/event?action=TEMPLATE&amp;text=II+DUATLO+BTT+DE+TABUA%C3%87O+-+Circuito+Regional+Norte&amp;dates=20160611T230500Z\/20160612T225500Z&amp;details=O+II+Duatlo+BTT+de+Tabua%C3%A7o+ir%C3%A1+ter+lugar+no+domingo+dia+12+de+Junho+de+2016.%0D%0A%0D%0AMais+informa%C3%A7%C3%A3o+e+inscri%C3%A7%C3%B5es+em%3A%0D%0A%0D%0Ahttp%3A%2F%2Fdelegacaoregional.wix.com%2Ftriatlonorte%23%21blank%2Fdd8gz%0D%0A%0D%0A&amp;location= - ' target='_blank' class='evo_ics_gCal' title='Adicionar ao calend\u00e1rio Google'>GoogleCal<\/a><\/p>\t\r\n\t\t\t\t\t\t\t<\/div>\t\t\t\t\t\t<\/div>\r\n\t\t\t\t\t\t<\/div><div class='clear end'><\/div><\/div><div id=\"event_11146\" class=\"eventon_list_event evo_eventtop past_event event\" data-event_id=\"11146\" data-time=\"1466208300-1466294100\" data-colr=\"#0092e0\" itemscope itemtype='http:\/\/schema.org\/Event' 6><div class=\"evo_event_schema\" style=\"display:none\" ><a itemprop='url'  href='https:\/\/www.federacao-triatlo.pt\/ftp2015\/events\/aquatlo-de-grandola-prova-aberta\/'><\/a><span itemprop='name'  >Aquatlo de Gr\u00e2ndola -Prova aberta<\/span><meta itemprop='image' content='https:\/\/www.federacao-triatlo.pt\/ftp2015\/wp-content\/uploads\/2016\/06\/Aquatlo-de-Gr\u00e2ndola-212x300.jpg' ><\/meta><meta itemprop='description' content='O Aquatlo de Gr\u00e2ndola destina-se a todas as idades e \u00e9 organizado pela C\u00e2mara Municipal de Gr\u00e2ndola e Clube Amiciclo contando com o apoio da delega\u00e7\u00e3o Alentejo da Federa\u00e7\u00e3o de' ><\/meta><meta itemprop='startDate' content='2016-6-18' ><\/meta><meta itemprop='endDate' content='2016-6-18' ><\/meta><meta itemprop='eventStatus' content='on-schedule' ><\/meta><script type=\"application\/ld+json\">{\t\"@context\": \"http:\/\/schema.org\",\r\n\t\t\t\t\t\t\t  \t\"@type\": \"Event\",\r\n\t\t\t\t\t\t\t  \t\"name\": \"Aquatlo de Gr\u00e2ndola -Prova aberta\",\r\n\t\t\t\t\t\t\t  \t\"startDate\": \"2016-6-18T00-00-05-00\",\r\n\t\t\t\t\t\t\t  \t\"endDate\": \"2016-6-18T23-23-55-00\",\r\n\t\t\t\t\t\t\t  \t\"image\":\"https:\/\/www.federacao-triatlo.pt\/ftp2015\/wp-content\/uploads\/2016\/06\/Aquatlo-de-Gr\u00e2ndola-212x300.jpg\",\r\n\t\t\t\t\t\t\t  \t\"description\":\"O Aquatlo de Gr\u00e2ndola destina-se a todas as idades e \u00e9 organizado pela C\u00e2mara Municipal de Gr\u00e2ndola e Clube Amiciclo contando com o apoio da delega\u00e7\u00e3o Alentejo da Federa\u00e7\u00e3o de\",\r\n\t\t\t\t\t\t\t  \t\r\n\t\t\t\t\t\t\t }\r\n\t\t\t\t\t\t\t<\/script><\/div>\r\n\t\t\t\t<p class=\"desc_trig_outter\"><a data-gmap_status=\"null\" data-gmtrig=\"1\" data-exlk=\"0\" style=\"border-color: #0092e0;\" id=\"evc_146620830011146\" class=\"desc_trig evo_prova-aberta sin_val evcal_list_a\" data-ux_val=\"1\"  ><span class='evcal_cblock ' data-bgcolor='#0092e0' data-smon='Junho' data-syr='2016'><span class='evo_start '><em class='date'>18<\/em><em class='month'>jun<\/em><em class='time'>allday<\/em><\/span><span class='evo_end only_time'><em class='time'>allday<\/em><\/span><em class='clear'><\/em><\/span><span class='evcal_desc evo_info hide_eventtopdata '  data-location_status=\"false\" ><span class='evo_above_title'><\/span><span class='evcal_desc2 evcal_event_title' itemprop='name'>Aquatlo de Gr\u00e2ndola -Prova aberta<\/span><span class='evo_below_title'><\/span><span class='evcal_desc_info' ><\/span><span class='evcal_desc3'><span class='evcal_event_types ett1'><em><i>Tipo de Evento:<\/i><\/em><em data-filter='event_type'>Prova Aberta<\/em><i class='clear'><\/i><\/span><\/span><\/span><em class='clear'><\/em><\/p><\/a><div class='event_description evcal_eventcard ' style=\"display:none\"><div class='evo_metarow_directimg'><img src='https:\/\/www.federacao-triatlo.pt\/ftp2015\/wp-content\/uploads\/2016\/06\/Aquatlo-de-Gr\u00e2ndola.jpg' \/><\/div><div class='evo_metarow_details evorow evcal_evdata_row bordb evcal_event_details'>\r\n\t\t\t\t\t\t\t<div class=\"event_excerpt\" style=\"display:none\"><h3 class=\"padb5 evo_h3\">Detalhes do Evento<\/h3><p>O Aquatlo de Gr\u00e2ndola destina-se a todas as idades e \u00e9 organizado pela C\u00e2mara Municipal de Gr\u00e2ndola e Clube Amiciclo contando com o apoio da delega\u00e7\u00e3o Alentejo da Federa\u00e7\u00e3o de<\/p><\/div><span class='evcal_evdata_icons'><i class='fa fa-align-justify'><\/i><\/span>\r\n\t\t\t\t\t\t\t\r\n\t\t\t\t\t\t\t<div class='evcal_evdata_cell '><div class='eventon_full_description'>\r\n\t\t\t\t\t\t\t\t\t<h3 class='padb5 evo_h3'><span class='evcal_evdata_icons'><i class='fa fa-align-justify'><\/i><\/span>Detalhes do Evento<\/h3><div class='eventon_desc_in' itemprop='description'>\r\n\t\t\t\t\t\t\t\t\t<p>O Aquatlo de Gr\u00e2ndola destina-se a todas as idades e \u00e9 organizado pela C\u00e2mara Municipal de Gr\u00e2ndola e Clube Amiciclo contando com o apoio da delega\u00e7\u00e3o Alentejo da Federa\u00e7\u00e3o de Triatlo de Portugal.<\/p>\n<p><a href=\"https:\/\/www.federacao-triatlo.pt\/ftp2015\/wp-content\/uploads\/2016\/06\/Regulamento_I\u00ba-AQUATLO-DE-GR\u00c2NDOLA_2016.pdf\" rel=\"\">Regulamento_I\u00ba AQUATLO DE GR\u00c2NDOLA_2016<\/a> <a href=\"https:\/\/www.federacao-triatlo.pt\/ftp2015\/wp-content\/uploads\/2016\/06\/Aquatlo-de-Gr\u00e2ndola.jpg\" rel=\"attachment wp-att-11148\"><img class=\"size-medium wp-image-11148 alignleft\" src=\"https:\/\/www.federacao-triatlo.pt\/ftp2015\/wp-content\/uploads\/2016\/06\/Aquatlo-de-Gr\u00e2ndola-212x300.jpg\" alt=\"Web\" width=\"212\" height=\"300\" \/><\/a><\/p>\n<\/div><div class='clear'><\/div>\r\n\t\t\t\t\t\t\t\t<\/div>\r\n\t\t\t\t\t\t\t<\/div>\r\n\t\t\t\t\t\t<\/div><div class='evo_metarow_time evorow evcal_evdata_row bordb evcal_evrow_sm '>\r\n\t\t\t\t\t\t\t<span class='evcal_evdata_icons'><i class='fa fa-clock-o'><\/i><\/span>\r\n\t\t\t\t\t\t\t<div class='evcal_evdata_cell'>\t\t\t\t\t\t\t\r\n\t\t\t\t\t\t\t\t<h3 class='evo_h3'><span class='evcal_evdata_icons'><i class='fa fa-clock-o'><\/i><\/span>Hor\u00e1rio<\/h3><p>Todo o dia (S\u00e1bado)<\/p>\r\n\t\t\t\t\t\t\t<\/div>\r\n\t\t\t\t\t\t<\/div>\t\t\t\t\t\t<div class='evo_metarow_ICS evorow bordb evcal_evdata_row'>\r\n\t\t\t\t\t\t\t<span class=\"evcal_evdata_icons\"><i class=\"fa fa-calendar\"><\/i><\/span>\r\n\t\t\t\t\t\t\t<div class='evcal_evdata_cell'>\r\n\t\t\t\t\t\t\t\t<p><a href='https:\/\/www.federacao-triatlo.pt\/ftp2015\/wp-admin\/admin-ajax.php?action=eventon_ics_download&amp;event_id=11146&amp;sunix=20160617T230500Z&amp;eunix=20160618T225500Z&amp;loca=&amp;locn=' class='evo_ics_nCal' title='Adicionar ao seu calend\u00e1rio'>Calend\u00e1rio<\/a><a href='\/\/www.google.com\/calendar\/event?action=TEMPLATE&amp;text=Aquatlo+de+Gr%C3%A2ndola+-Prova+aberta&amp;dates=20160617T230500Z\/20160618T225500Z&amp;details=O+Aquatlo+de+Gr%C3%A2ndola+destina-se+a+todas+as+idades+e+%C3%A9+organizado+pela+C%C3%A2mara+Municipal+de+Gr%C3%A2ndola+e+Clube+Amiciclo+contando+com+o+apoio+da+delega%C3%A7%C3%A3o+Alentejo+da+Federa%C3%A7%C3%A3o+de&amp;location= - ' target='_blank' class='evo_ics_gCal' title='Adicionar ao calend\u00e1rio Google'>GoogleCal<\/a><\/p>\t\r\n\t\t\t\t\t\t\t<\/div>\t\t\t\t\t\t<\/div>\r\n\t\t\t\t\t\t<\/div><div class='clear end'><\/div><\/div><div id=\"event_8172\" class=\"eventon_list_event evo_eventtop past_event event\" data-event_id=\"8172\" data-time=\"1466294700-1466380500\" data-colr=\"#67e091\" itemscope itemtype='http:\/\/schema.org\/Event' 7><div class=\"evo_event_schema\" style=\"display:none\" ><a itemprop='url'  href='https:\/\/www.federacao-triatlo.pt\/ftp2015\/events\/triatlo-de-oeiras-2\/'><\/a><span itemprop='name'  >Triatlo de Oeiras<\/span><meta itemprop='image'  ><\/meta><meta itemprop='description' content='Todos os atletas que se inscrevam numa das provas do Triatlo de Oeiras poder\u00e3o usufruir dos treinos da prova que ocorrer\u00e3o conjuntamente com os treinos do Trijamor. Para participar nestes' ><\/meta><meta itemprop='startDate' content='2016-6-19' ><\/meta><meta itemprop='endDate' content='2016-6-19' ><\/meta><meta itemprop='eventStatus' content='on-schedule' ><\/meta>\r\n\t\t\t\t\t\t\t\t\t<item style=\"display:none\" itemprop=\"location\" itemscope itemtype=\"http:\/\/schema.org\/Place\">\r\n\t\t\t\t\t\t\t\t\t\t<span itemprop=\"name\">Oeiras<\/span>\r\n\t\t\t\t\t\t\t\t\t\t<span itemprop=\"address\" itemscope itemtype=\"http:\/\/schema.org\/PostalAddress\">\r\n\t\t\t\t\t\t\t\t\t\t\t<item itemprop=\"streetAddress\">Oeiras<\/item>\r\n\t\t\t\t\t\t\t\t\t\t<\/span><\/item><script type=\"application\/ld+json\">{\t\"@context\": \"http:\/\/schema.org\",\r\n\t\t\t\t\t\t\t  \t\"@type\": \"Event\",\r\n\t\t\t\t\t\t\t  \t\"name\": \"Triatlo de Oeiras\",\r\n\t\t\t\t\t\t\t  \t\"startDate\": \"2016-6-19T00-00-05-00\",\r\n\t\t\t\t\t\t\t  \t\"endDate\": \"2016-6-19T23-23-55-00\",\r\n\t\t\t\t\t\t\t  \t\"image\":,\r\n\t\t\t\t\t\t\t  \t\"description\":\"Todos os atletas que se inscrevam numa das provas do Triatlo de Oeiras poder\u00e3o usufruir dos treinos da prova que ocorrer\u00e3o conjuntamente com os treinos do Trijamor. Para participar nestes\",\r\n\t\t\t\t\t\t\t  \t\"location\":{\r\n\t\t\t\t\t\t\t\t\t\t\"@type\":\"Place\",\r\n\t\t\t\t\t\t\t\t\t\t\"name\":\"Oeiras\",\r\n\t\t\t\t\t\t\t\t\t\t\"address\":\"Oeiras\"\r\n\t\t\t\t\t\t\t  \t\t}\r\n\t\t\t\t\t\t\t }\r\n\t\t\t\t\t\t\t<\/script><\/div>\r\n\t\t\t\t<p class=\"desc_trig_outter\"><a data-gmtrig=\"1\" data-exlk=\"0\" style=\"border-color: #67e091;\" id=\"evc_14662947008172\" class=\"desc_trig evo_prova-aberta evo_taca-de-portugal sin_val evcal_list_a\" data-ux_val=\"1\"  ><span class='evcal_cblock ' data-bgcolor='#67e091' data-smon='Junho' data-syr='2016'><span class='evo_start '><em class='date'>19<\/em><em class='month'>jun<\/em><em class='time'>allday<\/em><\/span><span class='evo_end only_time'><em class='time'>allday<\/em><\/span><em class='clear'><\/em><\/span><span class='evcal_desc evo_info hide_eventtopdata ' data-latlng=\"38.676787,-9.323453\"  data-location_address=\"Oeiras\" data-location_type=\"lonlat\" data-location_name=\"Oeiras\" data-location_status=\"true\" ><span class='evo_above_title'><\/span><span class='evcal_desc2 evcal_event_title' itemprop='name'>Triatlo de Oeiras<\/span><span class='evo_below_title'><\/span><span class='evcal_desc_info' ><em class=\"evcal_location\" data-latlng=\"38.676787,-9.323453\"  data-add_str=\"\"><em class=\"event_location_name\">Oeiras<\/em><\/em><\/span><span class='evcal_desc3'><span class='evcal_event_types ett1'><em><i>Tipo de Evento:<\/i><\/em><em data-filter='event_type'>Prova Aberta,<\/em><em data-filter='event_type'>Ta\u00e7a de Portugal de Triatlo<\/em><i class='clear'><\/i><\/span><\/span><\/span><em class='clear'><\/em><\/p><\/a><div class='event_description evcal_eventcard ' style=\"display:none\"><div class='evo_metarow_details evorow evcal_evdata_row bordb evcal_event_details'>\r\n\t\t\t\t\t\t\t<div class=\"event_excerpt\" style=\"display:none\"><h3 class=\"padb5 evo_h3\">Detalhes do Evento<\/h3><p>Todos os atletas que se inscrevam numa das provas do Triatlo de Oeiras poder\u00e3o usufruir dos treinos da prova que ocorrer\u00e3o conjuntamente com os treinos do Trijamor. Para participar nestes<\/p><\/div><span class='evcal_evdata_icons'><i class='fa fa-align-justify'><\/i><\/span>\r\n\t\t\t\t\t\t\t\r\n\t\t\t\t\t\t\t<div class='evcal_evdata_cell '><div class='eventon_full_description'>\r\n\t\t\t\t\t\t\t\t\t<h3 class='padb5 evo_h3'><span class='evcal_evdata_icons'><i class='fa fa-align-justify'><\/i><\/span>Detalhes do Evento<\/h3><div class='eventon_desc_in' itemprop='description'>\r\n\t\t\t\t\t\t\t\t\t<p><strong>Todos os atletas que se inscrevam numa das provas do Triatlo de Oeiras poder\u00e3o usufruir dos treinos da prova que ocorrer\u00e3o conjuntamente com os treinos do Trijamor. Para participar nestes treinos \u00e9 necess\u00e1rio possuir seguro desportivo apropriado a esta finalidade e que ser\u00e1 facultado, <u>sem custos extra para o atleta<\/u> (os atletas licenciados na FTP j\u00e1 o possuem), pela FTP. Para activa\u00e7\u00e3o deste seguro, os atletas interessados dever\u00e3o inscrever-se no programa de treinos (ver links abaixo) e enviar o <\/strong><strong>comprovativo do pagamento de inscri\u00e7\u00e3o na prova (devidamente identificado) para o email:<\/strong><\/p>\n<p><strong><a href=\"mailto:luis.ramos@federacao-triatlo.pt\">luis.ramos@federacao-triatlo.pt<\/a><\/strong><\/p>\n<p><strong>O seguro ficar\u00e1 activo no s\u00e1bado seguinte ao envio do comprovativo para a FTP.<\/strong><\/p>\n<p><strong>\u00a0<\/strong><\/p>\n<p><strong><u>Pede-se o favor aos atletas que tenham anteriormente adquirido o seguro para os treinos pelo valor de 5\u20ac, que entrem em contacto com a FTP para que lhes seja restitu\u00eddo esse valor.<\/u><\/strong><\/p>\n<p><strong>\u00a0<\/strong><\/p>\n<p><strong>Para mais informa\u00e7\u00f5es consultar:<\/strong><\/p>\n<p><strong><u><a href=\"http:\/\/triatlo.cm-oeiras.pt\/\">http:\/\/triatlo.cm-oeiras.pt\/<\/a><\/u><\/strong><\/p>\n<p><strong><u><a href=\"https:\/\/pt-pt.facebook.com\/Triatlo-de-Oeiras-383734498408106\/\">https:\/\/pt-pt.facebook.com\/Triatlo-de-Oeiras-383734498408106\/<\/a><\/u><\/strong><\/p>\n<p>&nbsp;<\/p>\n<p><a href=\"https:\/\/www.federacao-triatlo.pt\/ftp2015\/wp-content\/uploads\/2016\/03\/20160619-Triatlo-de-Oeiras-Regulamento-7.pdf\" rel=\"\">Triatlo de Oeiras &#8211; Regulamento<\/a><\/p>\n<p><a href=\"https:\/\/www.federacao-triatlo.pt\/ftp2015\/wp-content\/uploads\/2016\/03\/20160619-Triatlo-de-Oeiras-Percursos-TPT-1.pdf\" rel=\"\">Triatlo de Oeiras &#8211; Percursos TPT<\/a><\/p>\n<p><a href=\"https:\/\/www.federacao-triatlo.pt\/ftp2015\/wp-content\/uploads\/2016\/03\/20160619-Triatlo-de-Oeiras-Percursos-Prova-Aberta.pdf\" rel=\"\">Triatlo de Oeiras &#8211; Percursos Prova Aberta &#8211; PROVIS\u00d3RIO<\/a><\/p>\n<p><a href=\"https:\/\/www.federacao-triatlo.pt\/ftp2015\/wp-content\/uploads\/2016\/03\/SL-Triatlo-Oeiras-Prova-Aberta.pdf\" rel=\"\">SL Triatlo Oeiras (Prova Aberta)<\/a><\/p>\n<p><a href=\"https:\/\/www.federacao-triatlo.pt\/ftp2015\/wp-content\/uploads\/2016\/03\/SL-Triatlo-Oeiras-Ta\u00e7a-Portugal.pdf\" rel=\"\">SL Triatlo Oeiras (Ta\u00e7a Portugal)<\/a><\/p>\n<\/div><div class='clear'><\/div>\r\n\t\t\t\t\t\t\t\t<\/div>\r\n\t\t\t\t\t\t\t<\/div>\r\n\t\t\t\t\t\t<\/div><div class='evo_metarow_gmap evorow evcal_gmaps bordb ' id='evc146629470069f3d1771457d8172_gmap' style='max-width:none'><\/div><div class='evo_metarow_getDr evorow evcal_evdata_row bordb evcal_evrow_sm getdirections'>\r\n\t\t\t\t\t\t<form action='https:\/\/maps.google.com\/maps' method='get' target='_blank'>\r\n\t\t\t\t\t\t<input type='hidden' name='daddr' value='Oeiras'\/> \r\n\t\t\t\t\t\t<p><input class='evoInput' type='text' name='saddr' placeholder='Escreva a morada' value=''\/>\r\n\t\t\t\t\t\t<button type='submit' class='evcal_evdata_icons evcalicon_9' title='Clique aqui para obter as dire\u00e7\u00f5es'><i class='fa fa-road'><\/i><\/button>\r\n\t\t\t\t\t\t<\/p><\/form>\r\n\t\t\t\t\t<\/div><div class='evo_metarow_time_location evorow bordb '>\r\n\t\t\t\t\t\t<div class='tb' >\r\n\t\t\t\t\t\t\t<div class='tbrow'>\r\n\t\t\t\t\t\t\t<div class='evcal_col50 bordr'>\r\n\t\t\t\t\t\t\t\t<div class='evcal_evdata_row evo_time'>\r\n\t\t\t\t\t\t\t\t\t<span class='evcal_evdata_icons'><i class='fa fa-clock-o'><\/i><\/span>\r\n\t\t\t\t\t\t\t\t\t<div class='evcal_evdata_cell'>\t\t\t\t\t\t\t\r\n\t\t\t\t\t\t\t\t\t\t<h3 class='evo_h3'><span class='evcal_evdata_icons'><i class='fa fa-clock-o'><\/i><\/span>Hor\u00e1rio<\/h3>\r\n\t\t\t\t\t\t\t\t\t\t<p>Todo o dia (Domingo)<\/p>\r\n\t\t\t\t\t\t\t\t\t<\/div>\r\n\t\t\t\t\t\t\t\t<\/div>\r\n\t\t\t\t\t\t\t<\/div><div class='evcal_col50'>\r\n\t\t\t\t\t\t\t\t<div class='evcal_evdata_row evo_location'>\r\n\t\t\t\t\t\t\t\t\t<span class='evcal_evdata_icons'><i class='fa fa-map-marker'><\/i><\/span>\r\n\t\t\t\t\t\t\t\t\t<div class='evcal_evdata_cell' data-loc_tax_id='134'>\t\t\t\t\t\t\t\r\n\t\t\t\t\t\t\t\t\t\t<h3 class='evo_h3'><span class='evcal_evdata_icons'><i class='fa fa-map-marker'><\/i><\/span>Localiza\u00e7\u00e3o<\/h3><p class='evo_location_name'>Oeiras<\/p><p>Oeiras<\/p>\r\n\t\t\t\t\t\t\t\t\t<\/div>\r\n\t\t\t\t\t\t\t\t<\/div>\r\n\t\t\t\t\t\t\t<\/div><div class='clear'><\/div>\r\n\t\t\t\t\t\t\t<\/div><\/div>\r\n\t\t\t\t\t\t<\/div><div class='evo_metarow_organizer evorow evcal_evdata_row bordb evcal_evrow_sm '>\r\n\t\t\t\t\t\t\t<span class='evcal_evdata_icons'><i class='fa fa-headphones'><\/i><\/span>\r\n\t\t\t\t\t\t\t<div class='evcal_evdata_cell'>\t\t\t\t\t\t\t\r\n\t\t\t\t\t\t\t\t<h3 class='evo_h3'>Evento organizado por<\/h3>\r\n\t\t\t\t\t\t\t\t\r\n\t\t\t\t\t\t\t\t<div class='evo_card_organizer'><p class='evo_data_val evo_card_organizer_name'>\r\n\t\t\t\t\t\t\t\t\t<span class='evo_card_organizer_name_t'>FTP \/ C\u00e2mara Municipal de Oeiras<\/span><span class='evo_card_organizer_contact'>inscricoes@federacao-triatlo.pt<\/span>\r\n\t\t\t\t\t\t\t\t\t\r\n\t\t\t\t\t\t\t\t\t<\/p><\/div><div class='clear'><\/div>\t\t\t\t\t\t\t\r\n\t\t\t\t\t\t\t<\/div>\r\n\t\t\t\t\t\t<\/div>\t\t\t\t\t\t<div class='evo_metarow_ICS evorow bordb evcal_evdata_row'>\r\n\t\t\t\t\t\t\t<span class=\"evcal_evdata_icons\"><i class=\"fa fa-calendar\"><\/i><\/span>\r\n\t\t\t\t\t\t\t<div class='evcal_evdata_cell'>\r\n\t\t\t\t\t\t\t\t<p><a href='https:\/\/www.federacao-triatlo.pt\/ftp2015\/wp-admin\/admin-ajax.php?action=eventon_ics_download&amp;event_id=8172&amp;sunix=20160618T230500Z&amp;eunix=20160619T225500Z&amp;loca=Oeiras&amp;locn=Oeiras' class='evo_ics_nCal' title='Adicionar ao seu calend\u00e1rio'>Calend\u00e1rio<\/a><a href='\/\/www.google.com\/calendar\/event?action=TEMPLATE&amp;text=Triatlo+de+Oeiras&amp;dates=20160618T230500Z\/20160619T225500Z&amp;details=Todos+os+atletas+que+se+inscrevam+numa+das+provas+do+Triatlo+de+Oeiras+poder%C3%A3o+usufruir+dos+treinos+da+prova+que+ocorrer%C3%A3o+conjuntamente+com+os+treinos+do+Trijamor.+Para+participar+nestes&amp;location=Oeiras - Oeiras' target='_blank' class='evo_ics_gCal' title='Adicionar ao calend\u00e1rio Google'>GoogleCal<\/a><\/p>\t\r\n\t\t\t\t\t\t\t<\/div>\t\t\t\t\t\t<\/div>\r\n\t\t\t\t\t\t<\/div><div class='clear end'><\/div><\/div><div id=\"event_11082\" class=\"eventon_list_event evo_eventtop past_event event\" data-event_id=\"11082\" data-time=\"1466294700-1466380500\" data-colr=\"#0092e0\" itemscope itemtype='http:\/\/schema.org\/Event' 8><div class=\"evo_event_schema\" style=\"display:none\" ><a itemprop='url'  href='https:\/\/www.federacao-triatlo.pt\/ftp2015\/events\/vi-duatlo-btt-de-recardaes-circuito-regional-norte\/'><\/a><span itemprop='name'  >VI Duatlo BTT de Recard\u00e3es - Circuito Regional Norte<\/span><meta itemprop='image' content='https:\/\/www.federacao-triatlo.pt\/ftp2015\/wp-content\/uploads\/2016\/06\/RECARD\u00c3ES.2016-cartaz-233x300.png' ><\/meta><meta itemprop='description' content='O VI Duatlo BTT de Recard\u00e3es ir\u00e1 ter lugar j\u00e1 no dia 19 de Junho de 2016.\r\n\r\nInforma\u00e7\u00f5es e inscri\u00e7\u00f5es em http:\/\/delegacaoregional.wix.com\/triatlonorte' ><\/meta><meta itemprop='startDate' content='2016-6-19' ><\/meta><meta itemprop='endDate' content='2016-6-19' ><\/meta><meta itemprop='eventStatus' content='on-schedule' ><\/meta><script type=\"application\/ld+json\">{\t\"@context\": \"http:\/\/schema.org\",\r\n\t\t\t\t\t\t\t  \t\"@type\": \"Event\",\r\n\t\t\t\t\t\t\t  \t\"name\": \"VI Duatlo BTT de Recard\u00e3es - Circuito Regional Norte\",\r\n\t\t\t\t\t\t\t  \t\"startDate\": \"2016-6-19T00-00-05-00\",\r\n\t\t\t\t\t\t\t  \t\"endDate\": \"2016-6-19T23-23-55-00\",\r\n\t\t\t\t\t\t\t  \t\"image\":\"https:\/\/www.federacao-triatlo.pt\/ftp2015\/wp-content\/uploads\/2016\/06\/RECARD\u00c3ES.2016-cartaz-233x300.png\",\r\n\t\t\t\t\t\t\t  \t\"description\":\"O VI Duatlo BTT de Recard\u00e3es ir\u00e1 ter lugar j\u00e1 no dia 19 de Junho de 2016.\r\n\r\nInforma\u00e7\u00f5es e inscri\u00e7\u00f5es em http:\/\/delegacaoregional.wix.com\/triatlonorte\",\r\n\t\t\t\t\t\t\t  \t\r\n\t\t\t\t\t\t\t }\r\n\t\t\t\t\t\t\t<\/script><\/div>\r\n\t\t\t\t<p class=\"desc_trig_outter\"><a data-gmap_status=\"null\" data-gmtrig=\"1\" data-exlk=\"0\" style=\"border-color: #0092e0;\" id=\"evc_146629470011082\" class=\"desc_trig evo_circuito-regional sin_val evcal_list_a\" data-ux_val=\"1\"  ><span class='evcal_cblock ' data-bgcolor='#0092e0' data-smon='Junho' data-syr='2016'><span class='evo_start '><em class='date'>19<\/em><em class='month'>jun<\/em><em class='time'>allday<\/em><\/span><span class='evo_end only_time'><em class='time'>allday<\/em><\/span><em class='clear'><\/em><\/span><span class='evcal_desc evo_info hide_eventtopdata '  data-location_status=\"false\" ><span class='evo_above_title'><\/span><span class='evcal_desc2 evcal_event_title' itemprop='name'>VI Duatlo BTT de Recard\u00e3es - Circuito Regional Norte<\/span><span class='evo_below_title'><\/span><span class='evcal_desc_info' ><\/span><span class='evcal_desc3'><span class='evcal_event_types ett1'><em><i>Tipo de Evento:<\/i><\/em><em data-filter='event_type'>Circuito Regional<\/em><i class='clear'><\/i><\/span><\/span><\/span><em class='clear'><\/em><\/p><\/a><div class='event_description evcal_eventcard ' style=\"display:none\"><div class='evo_metarow_directimg'><img src='https:\/\/www.federacao-triatlo.pt\/ftp2015\/wp-content\/uploads\/2016\/06\/RECARD\u00c3ES.2016-cartaz.png' \/><\/div><div class='evo_metarow_details evorow evcal_evdata_row bordb evcal_event_details'>\r\n\t\t\t\t\t\t\t<div class=\"event_excerpt\" style=\"display:none\"><h3 class=\"padb5 evo_h3\">Detalhes do Evento<\/h3><p>O VI Duatlo BTT de Recard\u00e3es ir\u00e1 ter lugar j\u00e1 no dia 19 de Junho de 2016.\r\n\r\nInforma\u00e7\u00f5es e inscri\u00e7\u00f5es em http:\/\/delegacaoregional.wix.com\/triatlonorte<\/p><\/div><span class='evcal_evdata_icons'><i class='fa fa-align-justify'><\/i><\/span>\r\n\t\t\t\t\t\t\t\r\n\t\t\t\t\t\t\t<div class='evcal_evdata_cell '><div class='eventon_full_description'>\r\n\t\t\t\t\t\t\t\t\t<h3 class='padb5 evo_h3'><span class='evcal_evdata_icons'><i class='fa fa-align-justify'><\/i><\/span>Detalhes do Evento<\/h3><div class='eventon_desc_in' itemprop='description'>\r\n\t\t\t\t\t\t\t\t\t<p>O VI Duatlo BTT de Recard\u00e3es ir\u00e1 ter lugar j\u00e1 no dia 19 de Junho de 2016.<\/p>\n<p>Informa\u00e7\u00f5es e inscri\u00e7\u00f5es em http:\/\/delegacaoregional.wix.com\/triatlonorte<\/p>\n<\/div><div class='clear'><\/div>\r\n\t\t\t\t\t\t\t\t<\/div>\r\n\t\t\t\t\t\t\t<\/div>\r\n\t\t\t\t\t\t<\/div><div class='evo_metarow_time evorow evcal_evdata_row bordb evcal_evrow_sm '>\r\n\t\t\t\t\t\t\t<span class='evcal_evdata_icons'><i class='fa fa-clock-o'><\/i><\/span>\r\n\t\t\t\t\t\t\t<div class='evcal_evdata_cell'>\t\t\t\t\t\t\t\r\n\t\t\t\t\t\t\t\t<h3 class='evo_h3'><span class='evcal_evdata_icons'><i class='fa fa-clock-o'><\/i><\/span>Hor\u00e1rio<\/h3><p>Todo o dia (Domingo)<\/p>\r\n\t\t\t\t\t\t\t<\/div>\r\n\t\t\t\t\t\t<\/div>\t\t\t\t\t\t<div class='evo_metarow_ICS evorow bordb evcal_evdata_row'>\r\n\t\t\t\t\t\t\t<span class=\"evcal_evdata_icons\"><i class=\"fa fa-calendar\"><\/i><\/span>\r\n\t\t\t\t\t\t\t<div class='evcal_evdata_cell'>\r\n\t\t\t\t\t\t\t\t<p><a href='https:\/\/www.federacao-triatlo.pt\/ftp2015\/wp-admin\/admin-ajax.php?action=eventon_ics_download&amp;event_id=11082&amp;sunix=20160618T230500Z&amp;eunix=20160619T225500Z&amp;loca=&amp;locn=' class='evo_ics_nCal' title='Adicionar ao seu calend\u00e1rio'>Calend\u00e1rio<\/a><a href='\/\/www.google.com\/calendar\/event?action=TEMPLATE&amp;text=VI+Duatlo+BTT+de+Recard%C3%A3es+-+Circuito+Regional+Norte&amp;dates=20160618T230500Z\/20160619T225500Z&amp;details=O+VI+Duatlo+BTT+de+Recard%C3%A3es+ir%C3%A1+ter+lugar+j%C3%A1+no+dia+19+de+Junho+de+2016.%0D%0A%0D%0AInforma%C3%A7%C3%B5es+e+inscri%C3%A7%C3%B5es+em+http%3A%2F%2Fdelegacaoregional.wix.com%2Ftriatlonorte&amp;location= - ' target='_blank' class='evo_ics_gCal' title='Adicionar ao calend\u00e1rio Google'>GoogleCal<\/a><\/p>\t\r\n\t\t\t\t\t\t\t<\/div>\t\t\t\t\t\t<\/div>\r\n\t\t\t\t\t\t<\/div><div class='clear end'><\/div><\/div><div id=\"event_7828\" class=\"eventon_list_event evo_eventtop past_event event\" data-event_id=\"7828\" data-time=\"1466899500-1466985300\" data-colr=\"#67e091\" itemscope itemtype='http:\/\/schema.org\/Event' 9><div class=\"evo_event_schema\" style=\"display:none\" ><a itemprop='url'  href='https:\/\/www.federacao-triatlo.pt\/ftp2015\/events\/triatlo-longo-de-caminha-2\/'><\/a><span itemprop='name'  >Triatlo Longo de Caminha<\/span><meta itemprop='image'  ><\/meta><meta itemprop='description' content='Triatlo Longo de Caminha -\u00a0Regulamento\r\n\r\nTriatlo Longo de Caminha - Percursos CN Triatlo Longo - PROVIS\u00d3RIO\r\n\r\nTriatlo Longo de Caminha - Percursos Prova Aberta - PROVIS\u00d3RIO\r\n\r\n' ><\/meta><meta itemprop='startDate' content='2016-6-26' ><\/meta><meta itemprop='endDate' content='2016-6-26' ><\/meta><meta itemprop='eventStatus' content='on-schedule' ><\/meta>\r\n\t\t\t\t\t\t\t\t\t<item style=\"display:none\" itemprop=\"location\" itemscope itemtype=\"http:\/\/schema.org\/Place\">\r\n\t\t\t\t\t\t\t\t\t\t<span itemprop=\"name\">Caminha<\/span>\r\n\t\t\t\t\t\t\t\t\t\t<span itemprop=\"address\" itemscope itemtype=\"http:\/\/schema.org\/PostalAddress\">\r\n\t\t\t\t\t\t\t\t\t\t\t<item itemprop=\"streetAddress\">Caminha<\/item>\r\n\t\t\t\t\t\t\t\t\t\t<\/span><\/item><script type=\"application\/ld+json\">{\t\"@context\": \"http:\/\/schema.org\",\r\n\t\t\t\t\t\t\t  \t\"@type\": \"Event\",\r\n\t\t\t\t\t\t\t  \t\"name\": \"Triatlo Longo de Caminha\",\r\n\t\t\t\t\t\t\t  \t\"startDate\": \"2016-6-26T00-00-05-00\",\r\n\t\t\t\t\t\t\t  \t\"endDate\": \"2016-6-26T23-23-55-00\",\r\n\t\t\t\t\t\t\t  \t\"image\":,\r\n\t\t\t\t\t\t\t  \t\"description\":\"Triatlo Longo de Caminha -\u00a0Regulamento\r\n\r\nTriatlo Longo de Caminha - Percursos CN Triatlo Longo - PROVIS\u00d3RIO\r\n\r\nTriatlo Longo de Caminha - Percursos Prova Aberta - PROVIS\u00d3RIO\r\n\r\n\",\r\n\t\t\t\t\t\t\t  \t\"location\":{\r\n\t\t\t\t\t\t\t\t\t\t\"@type\":\"Place\",\r\n\t\t\t\t\t\t\t\t\t\t\"name\":\"Caminha\",\r\n\t\t\t\t\t\t\t\t\t\t\"address\":\"Caminha\"\r\n\t\t\t\t\t\t\t  \t\t}\r\n\t\t\t\t\t\t\t }\r\n\t\t\t\t\t\t\t<\/script><\/div>\r\n\t\t\t\t<p class=\"desc_trig_outter\"><a data-gmtrig=\"1\" data-exlk=\"0\" style=\"border-color: #67e091;\" id=\"evc_14668995007828\" class=\"desc_trig evo_campeonato-nacional-de-triatlo-longo evo_prova-aberta sin_val evcal_list_a\" data-ux_val=\"1\"  ><span class='evcal_cblock ' data-bgcolor='#67e091' data-smon='Junho' data-syr='2016'><span class='evo_start '><em class='date'>26<\/em><em class='month'>jun<\/em><em class='time'>allday<\/em><\/span><span class='evo_end only_time'><em class='time'>allday<\/em><\/span><em class='clear'><\/em><\/span><span class='evcal_desc evo_info hide_eventtopdata ' data-latlng=\"41.8732082,-8.8378454\"  data-location_address=\"Caminha\" data-location_type=\"lonlat\" data-location_name=\"Caminha\" data-location_status=\"true\" ><span class='evo_above_title'><\/span><span class='evcal_desc2 evcal_event_title' itemprop='name'>Triatlo Longo de Caminha<\/span><span class='evo_below_title'><\/span><span class='evcal_desc_info' ><em class=\"evcal_location\" data-latlng=\"41.8732082,-8.8378454\"  data-add_str=\"\"><em class=\"event_location_name\">Caminha<\/em><\/em><\/span><span class='evcal_desc3'><span class='evcal_event_types ett1'><em><i>Tipo de Evento:<\/i><\/em><em data-filter='event_type'>Campeonato Nacional de Clubes de Triatlo Longo,<\/em><em data-filter='event_type'>Prova Aberta<\/em><i class='clear'><\/i><\/span><\/span><\/span><em class='clear'><\/em><\/p><\/a><div class='event_description evcal_eventcard ' style=\"display:none\"><div class='evo_metarow_details evorow evcal_evdata_row bordb evcal_event_details'>\r\n\t\t\t\t\t\t\t<div class=\"event_excerpt\" style=\"display:none\"><h3 class=\"padb5 evo_h3\">Detalhes do Evento<\/h3><p>Triatlo Longo de Caminha -\u00a0Regulamento\r\n\r\nTriatlo Longo de Caminha - Percursos CN Triatlo Longo - PROVIS\u00d3RIO\r\n\r\nTriatlo Longo de Caminha - Percursos Prova Aberta - PROVIS\u00d3RIO\r\n\r\n<\/p><\/div><span class='evcal_evdata_icons'><i class='fa fa-align-justify'><\/i><\/span>\r\n\t\t\t\t\t\t\t\r\n\t\t\t\t\t\t\t<div class='evcal_evdata_cell '><div class='eventon_full_description'>\r\n\t\t\t\t\t\t\t\t\t<h3 class='padb5 evo_h3'><span class='evcal_evdata_icons'><i class='fa fa-align-justify'><\/i><\/span>Detalhes do Evento<\/h3><div class='eventon_desc_in' itemprop='description'>\r\n\t\t\t\t\t\t\t\t\t<p>Triatlo Longo de Caminha &#8211;\u00a0<a href=\"https:\/\/www.federacao-triatlo.pt\/ftp2015\/wp-content\/uploads\/2016\/03\/2016-06-26-Regulamento-3.pdf\" rel=\"\">Regulamento<\/a><\/p>\n<p><a href=\"https:\/\/www.federacao-triatlo.pt\/ftp2015\/wp-content\/uploads\/2016\/03\/2016-06-26-Triatlo-Longo-de-Caminha-Percursos-CN-Triatlo-Longo-PROVIS\u00d3RIO.pdf\" rel=\"\">Triatlo Longo de Caminha &#8211; Percursos CN Triatlo Longo &#8211; PROVIS\u00d3RIO<\/a><\/p>\n<p><a href=\"https:\/\/www.federacao-triatlo.pt\/ftp2015\/wp-content\/uploads\/2016\/03\/2016-06-26-Triatlo-Longo-de-Caminha-Percursos-Prova-Aberta-PROVIS\u00d3RIO.pdf\" rel=\"\">Triatlo Longo de Caminha &#8211; Percursos Prova Aberta &#8211; PROVIS\u00d3RIO<\/a><\/p>\n<p><a href=\"https:\/\/www.federacao-triatlo.pt\/ftp2015\/wp-content\/uploads\/2016\/03\/SL-Triatlo-Caminha-CN-Clubes.pdf\" rel=\"\">SL Triatlo Caminha (CN Clubes)<\/a><\/p>\n<p><a href=\"https:\/\/www.federacao-triatlo.pt\/ftp2015\/wp-content\/uploads\/2016\/03\/SL-Triatlo-Caminha-Prova-Aberta.pdf\" rel=\"\">SL Triatlo Caminha (Prova Aberta)<\/a><\/p>\n<p>&nbsp;<\/p>\n<\/div><div class='clear'><\/div>\r\n\t\t\t\t\t\t\t\t<\/div>\r\n\t\t\t\t\t\t\t<\/div>\r\n\t\t\t\t\t\t<\/div><div class='evo_metarow_gmap evorow evcal_gmaps bordb ' id='evc146689950069f3d177154707828_gmap' style='max-width:none'><\/div><div class='evo_metarow_getDr evorow evcal_evdata_row bordb evcal_evrow_sm getdirections'>\r\n\t\t\t\t\t\t<form action='https:\/\/maps.google.com\/maps' method='get' target='_blank'>\r\n\t\t\t\t\t\t<input type='hidden' name='daddr' value='Caminha'\/> \r\n\t\t\t\t\t\t<p><input class='evoInput' type='text' name='saddr' placeholder='Escreva a morada' value=''\/>\r\n\t\t\t\t\t\t<button type='submit' class='evcal_evdata_icons evcalicon_9' title='Clique aqui para obter as dire\u00e7\u00f5es'><i class='fa fa-road'><\/i><\/button>\r\n\t\t\t\t\t\t<\/p><\/form>\r\n\t\t\t\t\t<\/div><div class='evo_metarow_time_location evorow bordb '>\r\n\t\t\t\t\t\t<div class='tb' >\r\n\t\t\t\t\t\t\t<div class='tbrow'>\r\n\t\t\t\t\t\t\t<div class='evcal_col50 bordr'>\r\n\t\t\t\t\t\t\t\t<div class='evcal_evdata_row evo_time'>\r\n\t\t\t\t\t\t\t\t\t<span class='evcal_evdata_icons'><i class='fa fa-clock-o'><\/i><\/span>\r\n\t\t\t\t\t\t\t\t\t<div class='evcal_evdata_cell'>\t\t\t\t\t\t\t\r\n\t\t\t\t\t\t\t\t\t\t<h3 class='evo_h3'><span class='evcal_evdata_icons'><i class='fa fa-clock-o'><\/i><\/span>Hor\u00e1rio<\/h3>\r\n\t\t\t\t\t\t\t\t\t\t<p>Todo o dia (Domingo)<\/p>\r\n\t\t\t\t\t\t\t\t\t<\/div>\r\n\t\t\t\t\t\t\t\t<\/div>\r\n\t\t\t\t\t\t\t<\/div><div class='evcal_col50'>\r\n\t\t\t\t\t\t\t\t<div class='evcal_evdata_row evo_location'>\r\n\t\t\t\t\t\t\t\t\t<span class='evcal_evdata_icons'><i class='fa fa-map-marker'><\/i><\/span>\r\n\t\t\t\t\t\t\t\t\t<div class='evcal_evdata_cell' data-loc_tax_id='121'>\t\t\t\t\t\t\t\r\n\t\t\t\t\t\t\t\t\t\t<h3 class='evo_h3'><span class='evcal_evdata_icons'><i class='fa fa-map-marker'><\/i><\/span>Localiza\u00e7\u00e3o<\/h3><p class='evo_location_name'>Caminha<\/p><p>Caminha<\/p>\r\n\t\t\t\t\t\t\t\t\t<\/div>\r\n\t\t\t\t\t\t\t\t<\/div>\r\n\t\t\t\t\t\t\t<\/div><div class='clear'><\/div>\r\n\t\t\t\t\t\t\t<\/div><\/div>\r\n\t\t\t\t\t\t<\/div><div class='evo_metarow_organizer evorow evcal_evdata_row bordb evcal_evrow_sm '>\r\n\t\t\t\t\t\t\t<span class='evcal_evdata_icons'><i class='fa fa-headphones'><\/i><\/span>\r\n\t\t\t\t\t\t\t<div class='evcal_evdata_cell'>\t\t\t\t\t\t\t\r\n\t\t\t\t\t\t\t\t<h3 class='evo_h3'>Evento organizado por<\/h3>\r\n\t\t\t\t\t\t\t\t\r\n\t\t\t\t\t\t\t\t<div class='evo_card_organizer'><p class='evo_data_val evo_card_organizer_name'>\r\n\t\t\t\t\t\t\t\t\t<span class='evo_card_organizer_name_t'>FTP \/ C\u00e2mara Municipal da Caminha \/ Associa\u00e7\u00e3o Triatlo Caminha<\/span><span class='evo_card_organizer_contact'>inscricoes@federacao-triatlo.pt<\/span>\r\n\t\t\t\t\t\t\t\t\t\r\n\t\t\t\t\t\t\t\t\t<\/p><\/div><div class='clear'><\/div>\t\t\t\t\t\t\t\r\n\t\t\t\t\t\t\t<\/div>\r\n\t\t\t\t\t\t<\/div>\t\t\t\t\t\t<div class='evo_metarow_ICS evorow bordb evcal_evdata_row'>\r\n\t\t\t\t\t\t\t<span class=\"evcal_evdata_icons\"><i class=\"fa fa-calendar\"><\/i><\/span>\r\n\t\t\t\t\t\t\t<div class='evcal_evdata_cell'>\r\n\t\t\t\t\t\t\t\t<p><a href='https:\/\/www.federacao-triatlo.pt\/ftp2015\/wp-admin\/admin-ajax.php?action=eventon_ics_download&amp;event_id=7828&amp;sunix=20160625T230500Z&amp;eunix=20160626T225500Z&amp;loca=Caminha&amp;locn=Caminha' class='evo_ics_nCal' title='Adicionar ao seu calend\u00e1rio'>Calend\u00e1rio<\/a><a href='\/\/www.google.com\/calendar\/event?action=TEMPLATE&amp;text=Triatlo+Longo+de+Caminha&amp;dates=20160625T230500Z\/20160626T225500Z&amp;details=Triatlo+Longo+de+Caminha+-%C2%A0Regulamento%0D%0A%0D%0ATriatlo+Longo+de+Caminha+-+Percursos+CN+Triatlo+Longo+-+PROVIS%C3%93RIO%0D%0A%0D%0ATriatlo+Longo+de+Caminha+-+Percursos+Prova+Aberta+-+PROVIS%C3%93RIO%0D%0A%0D%0A&amp;location=Caminha - Caminha' target='_blank' class='evo_ics_gCal' title='Adicionar ao calend\u00e1rio Google'>GoogleCal<\/a><\/p>\t\r\n\t\t\t\t\t\t\t<\/div>\t\t\t\t\t\t<\/div>\r\n\t\t\t\t\t\t<\/div><div class='clear end'><\/div><\/div><\/div><div class='clear'><\/div><\/div><!-- ajde_evcal_calendar-->\n<div id='evcal_calendar_173' class='ajde_evcal_calendar  ul' ><div class='evo-data' data-cyear=\"2016\" data-cmonth=\"7\" data-runajax=\"1\" data-evc_open=\"0\" data-cal_ver=\"2.6\" data-mapscroll=\"true\" data-mapformat=\"roadmap\" data-mapzoom=\"14\" data-mapiconurl=\"\" data-ev_cnt=\"0\" data-show_limit=\"no\" data-tiles=\"no\" data-sort_by=\"sort_date\" data-filters_on=\"true\" data-range_start=\"0\" data-range_end=\"0\" data-send_unix=\"0\" data-ux_val=\"0\" data-accord=\"0\" data-rtl=\"no\"  ><\/div><div id='evcal_head' class='calendar_header ' ><div class='evo_cal_above'><span class='evo-gototoday-btn' style='display:none' data-mo='7' data-yr='2016' data-dy=''>Dia de Hoje<\/span><\/div><div class='evo_cal_above_content'><\/div><div class='cal_arguments' style='display:none' data-hide_past=\"no\" data-show_et_ft_img=\"no\" data-event_order=\"ASC\" data-ft_event_priority=\"no\" data-lang=\"L1\" data-month_incre=\"0\" data-only_ft=\"no\" data-evc_open=\"no\" data-show_limit=\"no\" data-etc_override=\"no\" data-show_limit_redir=\"0\" data-tiles=\"no\" data-tile_height=\"0\" data-tile_bg=\"0\" data-tile_count=\"2\" data-tile_style=\"0\" data-s=\"\" data-members_only=\"no\" data-ux_val=\"0\" data-show_limit_ajax=\"no\" data-show_limit_paged=\"1\" ><\/div><div class='clear'><\/div><\/div><div class='evcal_month_line'><p>Julho 2016<\/p><\/div><div id='evcal_list' class='eventon_events_list '><div id=\"event_9941\" class=\"eventon_list_event evo_eventtop past_event event\" data-event_id=\"9941\" data-time=\"1467417900-1467590100\" data-colr=\"#0092e0\" itemscope itemtype='http:\/\/schema.org\/Event' 1><div class=\"evo_event_schema\" style=\"display:none\" ><a itemprop='url'  href='https:\/\/www.federacao-triatlo.pt\/ftp2015\/events\/triatlo-de-badajoz-taca-iberica-de-triatlo\/'><\/a><span itemprop='name'  >Triatlo de Badajoz - Ta\u00e7a Ib\u00e9rica de Triatlo<\/span><meta itemprop='image'  ><\/meta><meta itemprop='description' content='Precios-licencias-fextri-2016\r\n\r\nValores de Inscri\u00e7\u00e3o ( Provis\u00f3ria )\r\n\r\nREGULAMENTO_CAMPEONATO_\u00cdBERICO_DE_TRIATLO_SPRINT\r\n\r\nREGLAMENTO_CTO_IBERICO_SPRINT_XIII_TRIATL\u00d3N_PUERTA_PALMAS_2016\r\n\r\nListado_de_inscritos_Provisionales_XIII_Triatlon_Puerta_de_Palmas_Badajoz_SuperSprint (1)\r\n\r\nListado_de_inscritos_Provisionales_Cto_Iberico_y_de_Extremadura_Triatlon_Sprint (1)\r\n\r\nPagina Web:http:\/\/triatlonextremadura.com\r\n\r\ninscricoes@federacao-triatlo.pt ---&gt; ( Inscri\u00e7\u00e3o para Portugueses )\r\n\r\n' ><\/meta><meta itemprop='startDate' content='2016-7-2' ><\/meta><meta itemprop='endDate' content='2016-7-3' ><\/meta><meta itemprop='eventStatus' content='on-schedule' ><\/meta>\r\n\t\t\t\t\t\t\t\t\t<item style=\"display:none\" itemprop=\"location\" itemscope itemtype=\"http:\/\/schema.org\/Place\">\r\n\t\t\t\t\t\t\t\t\t\t<span itemprop=\"name\">badajoz<\/span>\r\n\t\t\t\t\t\t\t\t\t\t<span itemprop=\"address\" itemscope itemtype=\"http:\/\/schema.org\/PostalAddress\">\r\n\t\t\t\t\t\t\t\t\t\t\t<item itemprop=\"streetAddress\">badajoz<\/item>\r\n\t\t\t\t\t\t\t\t\t\t<\/span><\/item><script type=\"application\/ld+json\">{\t\"@context\": \"http:\/\/schema.org\",\r\n\t\t\t\t\t\t\t  \t\"@type\": \"Event\",\r\n\t\t\t\t\t\t\t  \t\"name\": \"Triatlo de Badajoz - Ta\u00e7a Ib\u00e9rica de Triatlo\",\r\n\t\t\t\t\t\t\t  \t\"startDate\": \"2016-7-2T00-00-05-00\",\r\n\t\t\t\t\t\t\t  \t\"endDate\": \"2016-7-3T23-23-55-00\",\r\n\t\t\t\t\t\t\t  \t\"image\":,\r\n\t\t\t\t\t\t\t  \t\"description\":\"Precios-licencias-fextri-2016\r\n\r\nValores de Inscri\u00e7\u00e3o ( Provis\u00f3ria )\r\n\r\nREGULAMENTO_CAMPEONATO_\u00cdBERICO_DE_TRIATLO_SPRINT\r\n\r\nREGLAMENTO_CTO_IBERICO_SPRINT_XIII_TRIATL\u00d3N_PUERTA_PALMAS_2016\r\n\r\nListado_de_inscritos_Provisionales_XIII_Triatlon_Puerta_de_Palmas_Badajoz_SuperSprint (1)\r\n\r\nListado_de_inscritos_Provisionales_Cto_Iberico_y_de_Extremadura_Triatlon_Sprint (1)\r\n\r\nPagina Web:http:\/\/triatlonextremadura.com\r\n\r\ninscricoes@federacao-triatlo.pt ---&gt; ( Inscri\u00e7\u00e3o para Portugueses )\r\n\r\n\",\r\n\t\t\t\t\t\t\t  \t\"location\":{\r\n\t\t\t\t\t\t\t\t\t\t\"@type\":\"Place\",\r\n\t\t\t\t\t\t\t\t\t\t\"name\":\"badajoz\",\r\n\t\t\t\t\t\t\t\t\t\t\"address\":\"badajoz\"\r\n\t\t\t\t\t\t\t  \t\t}\r\n\t\t\t\t\t\t\t }\r\n\t\t\t\t\t\t\t<\/script><\/div>\r\n\t\t\t\t<p class=\"desc_trig_outter\"><a data-gmtrig=\"1\" data-exlk=\"0\" style=\"border-color: #0092e0;\" id=\"evc_14674179009941\" class=\"desc_trig evo_prova-aberta evo_taca-iberica-de-triatlo mul_val evcal_list_a\" data-ux_val=\"1\"  ><span class='evcal_cblock ' data-bgcolor='#0092e0' data-smon='Julho' data-syr='2016'><span class='evo_start '><em class='date'>02<\/em><em class='month'>jul<\/em><em class='time'>allday<\/em><\/span><span class='evo_end '><em class='date'>03<\/em><em class='time'>allday<\/em><\/span><em class='clear'><\/em><\/span><span class='evcal_desc evo_info hide_eventtopdata ' data-latlng=\"38.8794495,-6.9706535\"  data-location_address=\"badajoz\" data-location_type=\"lonlat\" data-location_name=\"badajoz\" data-location_status=\"true\" ><span class='evo_above_title'><\/span><span class='evcal_desc2 evcal_event_title' itemprop='name'>Triatlo de Badajoz - Ta\u00e7a Ib\u00e9rica de Triatlo<\/span><span class='evo_below_title'><\/span><span class='evcal_desc_info' ><em class=\"evcal_location\" data-latlng=\"38.8794495,-6.9706535\"  data-add_str=\"\"><em class=\"event_location_name\">badajoz<\/em><\/em><\/span><span class='evcal_desc3'><span class='evcal_event_types ett1'><em><i>Tipo de Evento:<\/i><\/em><em data-filter='event_type'>Prova Aberta,<\/em><em data-filter='event_type'>Ta\u00e7a Ib\u00e9rica de Triatlo<\/em><i class='clear'><\/i><\/span><\/span><\/span><em class='clear'><\/em><\/p><\/a><div class='event_description evcal_eventcard ' style=\"display:none\"><div class='evo_metarow_details evorow evcal_evdata_row bordb evcal_event_details'>\r\n\t\t\t\t\t\t\t<div class=\"event_excerpt\" style=\"display:none\"><h3 class=\"padb5 evo_h3\">Detalhes do Evento<\/h3><p>Precios-licencias-fextri-2016\r\n\r\nValores de Inscri\u00e7\u00e3o ( Provis\u00f3ria )\r\n\r\nREGULAMENTO_CAMPEONATO_\u00cdBERICO_DE_TRIATLO_SPRINT\r\n\r\nREGLAMENTO_CTO_IBERICO_SPRINT_XIII_TRIATL\u00d3N_PUERTA_PALMAS_2016\r\n\r\nListado_de_inscritos_Provisionales_XIII_Triatlon_Puerta_de_Palmas_Badajoz_SuperSprint (1)\r\n\r\nListado_de_inscritos_Provisionales_Cto_Iberico_y_de_Extremadura_Triatlon_Sprint (1)\r\n\r\nPagina Web:http:\/\/triatlonextremadura.com\r\n\r\ninscricoes@federacao-triatlo.pt ---&gt; ( Inscri\u00e7\u00e3o para Portugueses )\r\n\r\n<\/p><\/div><span class='evcal_evdata_icons'><i class='fa fa-align-justify'><\/i><\/span>\r\n\t\t\t\t\t\t\t\r\n\t\t\t\t\t\t\t<div class='evcal_evdata_cell '><div class='eventon_full_description'>\r\n\t\t\t\t\t\t\t\t\t<h3 class='padb5 evo_h3'><span class='evcal_evdata_icons'><i class='fa fa-align-justify'><\/i><\/span>Detalhes do Evento<\/h3><div class='eventon_desc_in' itemprop='description'>\r\n\t\t\t\t\t\t\t\t\t<p><a href=\"https:\/\/www.federacao-triatlo.pt\/ftp2015\/wp-content\/uploads\/2016\/05\/Precios-licencias-fextri-2016.pdf\" rel=\"\">Precios-licencias-fextri-2016<\/a><\/p>\n<p><a href=\"https:\/\/www.federacao-triatlo.pt\/ftp2015\/wp-content\/uploads\/2016\/05\/Valores-de-Inscri\u00e7\u00e3o-Provis\u00f3ria-.pdf\" rel=\"\">Valores de Inscri\u00e7\u00e3o ( Provis\u00f3ria )<\/a><\/p>\n<p><a href=\"https:\/\/www.federacao-triatlo.pt\/ftp2015\/wp-content\/uploads\/2016\/05\/REGULAMENTO_CAMPEONATO_\u00cdBERICO_DE_TRIATLO_SPRINT.pdf\" rel=\"\">REGULAMENTO_CAMPEONATO_\u00cdBERICO_DE_TRIATLO_SPRINT<\/a><\/p>\n<p><a href=\"https:\/\/www.federacao-triatlo.pt\/ftp2015\/wp-content\/uploads\/2016\/05\/REGLAMENTO_CTO_IBERICO_SPRINT_XIII_TRIATL\u00d3N_PUERTA_PALMAS_2016.pdf\" rel=\"\">REGLAMENTO_CTO_IBERICO_SPRINT_XIII_TRIATL\u00d3N_PUERTA_PALMAS_2016<\/a><\/p>\n<p><a href=\"https:\/\/www.federacao-triatlo.pt\/ftp2015\/wp-content\/uploads\/2016\/05\/Listado_de_inscritos_Provisionales_XIII_Triatlon_Puerta_de_Palmas_Badajoz_SuperSprint-1.pdf\" rel=\"\">Listado_de_inscritos_Provisionales_XIII_Triatlon_Puerta_de_Palmas_Badajoz_SuperSprint (1)<\/a><\/p>\n<p><a href=\"https:\/\/www.federacao-triatlo.pt\/ftp2015\/wp-content\/uploads\/2016\/05\/Listado_de_inscritos_Provisionales_Cto_Iberico_y_de_Extremadura_Triatlon_Sprint-1.pdf\" rel=\"\">Listado_de_inscritos_Provisionales_Cto_Iberico_y_de_Extremadura_Triatlon_Sprint (1)<\/a><\/p>\n<p>Pagina Web:<a href=\"http:\/\/triatlonextremadura.com\/\" target=\"_self\">http:\/\/triatlonextremadura.com<\/a><\/p>\n<p>inscricoes@federacao-triatlo.pt &#8212;&gt; ( Inscri\u00e7\u00e3o para Portugueses )<\/p>\n<p><a href=\"https:\/\/www.federacao-triatlo.pt\/ftp2015\/wp-content\/uploads\/2016\/05\/Cartel_Tri_Badajoz_Cto_Iberico_2016-1.jpg\" rel=\"attachment wp-att-11646\"><img class=\"alignnone size-medium wp-image-11646\" src=\"https:\/\/www.federacao-triatlo.pt\/ftp2015\/wp-content\/uploads\/2016\/05\/Cartel_Tri_Badajoz_Cto_Iberico_2016-1-212x300.jpg\" alt=\"Cartel_Tri_Badajoz_Cto_Iberico_2016\" width=\"212\" height=\"300\" \/><\/a>\u00a0 \u00a0 \u00a0 \u00a0\u00a0<a href=\"https:\/\/www.federacao-triatlo.pt\/ftp2015\/wp-content\/uploads\/2016\/05\/10659247_10152561067938283_1171329083156518010_n.jpg\" rel=\"attachment wp-att-11647\"><img class=\"alignnone size-full wp-image-11647\" src=\"https:\/\/www.federacao-triatlo.pt\/ftp2015\/wp-content\/uploads\/2016\/05\/10659247_10152561067938283_1171329083156518010_n.jpg\" alt=\"10659247_10152561067938283_1171329083156518010_n\" width=\"160\" height=\"160\" \/><\/a><\/p>\n<\/div><div class='clear'><\/div>\r\n\t\t\t\t\t\t\t\t<\/div>\r\n\t\t\t\t\t\t\t<\/div>\r\n\t\t\t\t\t\t<\/div><div class='evo_metarow_gmap evorow evcal_gmaps bordb ' id='evc146741790069f3d177184989941_gmap' style='max-width:none'><\/div><div class='evo_metarow_getDr evorow evcal_evdata_row bordb evcal_evrow_sm getdirections'>\r\n\t\t\t\t\t\t<form action='https:\/\/maps.google.com\/maps' method='get' target='_blank'>\r\n\t\t\t\t\t\t<input type='hidden' name='daddr' value='badajoz'\/> \r\n\t\t\t\t\t\t<p><input class='evoInput' type='text' name='saddr' placeholder='Escreva a morada' value=''\/>\r\n\t\t\t\t\t\t<button type='submit' class='evcal_evdata_icons evcalicon_9' title='Clique aqui para obter as dire\u00e7\u00f5es'><i class='fa fa-road'><\/i><\/button>\r\n\t\t\t\t\t\t<\/p><\/form>\r\n\t\t\t\t\t<\/div><div class='evo_metarow_time_location evorow bordb '>\r\n\t\t\t\t\t\t<div class='tb' >\r\n\t\t\t\t\t\t\t<div class='tbrow'>\r\n\t\t\t\t\t\t\t<div class='evcal_col50 bordr'>\r\n\t\t\t\t\t\t\t\t<div class='evcal_evdata_row evo_time'>\r\n\t\t\t\t\t\t\t\t\t<span class='evcal_evdata_icons'><i class='fa fa-clock-o'><\/i><\/span>\r\n\t\t\t\t\t\t\t\t\t<div class='evcal_evdata_cell'>\t\t\t\t\t\t\t\r\n\t\t\t\t\t\t\t\t\t\t<h3 class='evo_h3'><span class='evcal_evdata_icons'><i class='fa fa-clock-o'><\/i><\/span>Hor\u00e1rio<\/h3>\r\n\t\t\t\t\t\t\t\t\t\t<p>Julho 2 (S\u00e1bado) - 3 (Domingo)<\/p>\r\n\t\t\t\t\t\t\t\t\t<\/div>\r\n\t\t\t\t\t\t\t\t<\/div>\r\n\t\t\t\t\t\t\t<\/div><div class='evcal_col50'>\r\n\t\t\t\t\t\t\t\t<div class='evcal_evdata_row evo_location'>\r\n\t\t\t\t\t\t\t\t\t<span class='evcal_evdata_icons'><i class='fa fa-map-marker'><\/i><\/span>\r\n\t\t\t\t\t\t\t\t\t<div class='evcal_evdata_cell' data-loc_tax_id='275'>\t\t\t\t\t\t\t\r\n\t\t\t\t\t\t\t\t\t\t<h3 class='evo_h3'><span class='evcal_evdata_icons'><i class='fa fa-map-marker'><\/i><\/span>Localiza\u00e7\u00e3o<\/h3><p class='evo_location_name'>badajoz<\/p><p>badajoz<\/p>\r\n\t\t\t\t\t\t\t\t\t<\/div>\r\n\t\t\t\t\t\t\t\t<\/div>\r\n\t\t\t\t\t\t\t<\/div><div class='clear'><\/div>\r\n\t\t\t\t\t\t\t<\/div><\/div>\r\n\t\t\t\t\t\t<\/div><div class='evo_metarow_organizer evorow evcal_evdata_row bordb evcal_evrow_sm '>\r\n\t\t\t\t\t\t\t<span class='evcal_evdata_icons'><i class='fa fa-headphones'><\/i><\/span>\r\n\t\t\t\t\t\t\t<div class='evcal_evdata_cell'>\t\t\t\t\t\t\t\r\n\t\t\t\t\t\t\t\t<h3 class='evo_h3'>Evento organizado por<\/h3>\r\n\t\t\t\t\t\t\t\t\r\n\t\t\t\t\t\t\t\t<div class='evo_card_organizer'><p class='evo_data_val evo_card_organizer_name'>\r\n\t\t\t\t\t\t\t\t\t<span class='evo_card_organizer_name_t'><a  href='https:\/\/www.ibermantriatlon.es\/'>FTP\/FETRI<\/a><\/span><span class='evo_card_organizer_contact'>https:\/\/sportmaniacs.com\/es\/services\/inscription\/v-iberman-2017<\/span>\r\n\t\t\t\t\t\t\t\t\t\r\n\t\t\t\t\t\t\t\t\t<\/p><\/div><div class='clear'><\/div>\t\t\t\t\t\t\t\r\n\t\t\t\t\t\t\t<\/div>\r\n\t\t\t\t\t\t<\/div>\t\t\t\t\t\t<div class='evo_metarow_ICS evorow bordb evcal_evdata_row'>\r\n\t\t\t\t\t\t\t<span class=\"evcal_evdata_icons\"><i class=\"fa fa-calendar\"><\/i><\/span>\r\n\t\t\t\t\t\t\t<div class='evcal_evdata_cell'>\r\n\t\t\t\t\t\t\t\t<p><a href='https:\/\/www.federacao-triatlo.pt\/ftp2015\/wp-admin\/admin-ajax.php?action=eventon_ics_download&amp;event_id=9941&amp;sunix=20160701T230500Z&amp;eunix=20160703T225500Z&amp;loca=badajoz&amp;locn=badajoz' class='evo_ics_nCal' title='Adicionar ao seu calend\u00e1rio'>Calend\u00e1rio<\/a><a href='\/\/www.google.com\/calendar\/event?action=TEMPLATE&amp;text=Triatlo+de+Badajoz+-+Ta%C3%A7a+Ib%C3%A9rica+de+Triatlo&amp;dates=20160701T230500Z\/20160703T225500Z&amp;details=Precios-licencias-fextri-2016%0D%0A%0D%0AValores+de+Inscri%C3%A7%C3%A3o+%28+Provis%C3%B3ria+%29%0D%0A%0D%0AREGULAMENTO_CAMPEONATO_%C3%8DBERICO_DE_TRIATLO_SPRINT%0D%0A%0D%0AREGLAMENTO_CTO_IBERICO_SPRINT_XIII_TRIATL%C3%93N_PUERTA_PALMAS_2016%0D%0A%0D%0AListado_de_inscritos_Provisionales_XIII_Triatlon_Puerta_de_Palmas_Badajoz_SuperSprint+%281%29%0D%0A%0D%0AListado_de_inscritos_Provisionales_Cto_Iberico_y_de_Extremadura_Triatlon_Sprint+%281%29%0D%0A%0D%0APagina+Web%3Ahttp%3A%2F%2Ftriatlonextremadura.com%0D%0A%0D%0Ainscricoes%40federacao-triatlo.pt+---%26gt%3B+%28+Inscri%C3%A7%C3%A3o+para+Portugueses+%29%0D%0A%0D%0A&amp;location=badajoz - badajoz' target='_blank' class='evo_ics_gCal' title='Adicionar ao calend\u00e1rio Google'>GoogleCal<\/a><\/p>\t\r\n\t\t\t\t\t\t\t<\/div>\t\t\t\t\t\t<\/div>\r\n\t\t\t\t\t\t<\/div><div class='clear end'><\/div><\/div><div id=\"event_11038\" class=\"eventon_list_event evo_eventtop past_event event\" data-event_id=\"11038\" data-time=\"1467468000-1467468000\" data-colr=\"#0092e0\" itemscope itemtype='http:\/\/schema.org\/Event' 2><div class=\"evo_event_schema\" style=\"display:none\" ><a itemprop='url'  href='https:\/\/www.federacao-triatlo.pt\/ftp2015\/events\/xi-duatlo-da-ribeira-ovar\/'><\/a><span itemprop='name'  >XI Duatlo da Ribeira - Ovar<\/span><meta itemprop='image' content='https:\/\/www.federacao-triatlo.pt\/ftp2015\/wp-content\/uploads\/2016\/06\/Cartaz-Du-Ribeira-Ovar-2016-253x300.jpg' ><\/meta><meta itemprop='description' content='O XI Duatlo da Ribeira ir\u00e1 ter lugar j\u00e1 no dia 2 de Julho de 2016.\r\n\r\nInforma\u00e7\u00f5es e inscri\u00e7\u00f5es em http:\/\/delegacaoregional.wix.com\/triatlonorte' ><\/meta><meta itemprop='startDate' content='2016-7-2' ><\/meta><meta itemprop='endDate' content='2016-7-2' ><\/meta><meta itemprop='eventStatus' content='on-schedule' ><\/meta><script type=\"application\/ld+json\">{\t\"@context\": \"http:\/\/schema.org\",\r\n\t\t\t\t\t\t\t  \t\"@type\": \"Event\",\r\n\t\t\t\t\t\t\t  \t\"name\": \"XI Duatlo da Ribeira - Ovar\",\r\n\t\t\t\t\t\t\t  \t\"startDate\": \"2016-7-2T14-14-00-00\",\r\n\t\t\t\t\t\t\t  \t\"endDate\": \"2016-7-2T14-14-00-00\",\r\n\t\t\t\t\t\t\t  \t\"image\":\"https:\/\/www.federacao-triatlo.pt\/ftp2015\/wp-content\/uploads\/2016\/06\/Cartaz-Du-Ribeira-Ovar-2016-253x300.jpg\",\r\n\t\t\t\t\t\t\t  \t\"description\":\"O XI Duatlo da Ribeira ir\u00e1 ter lugar j\u00e1 no dia 2 de Julho de 2016.\r\n\r\nInforma\u00e7\u00f5es e inscri\u00e7\u00f5es em http:\/\/delegacaoregional.wix.com\/triatlonorte\",\r\n\t\t\t\t\t\t\t  \t\r\n\t\t\t\t\t\t\t }\r\n\t\t\t\t\t\t\t<\/script><\/div>\r\n\t\t\t\t<p class=\"desc_trig_outter\"><a data-gmap_status=\"null\" data-exlk=\"0\" style=\"border-color: #0092e0;\" id=\"evc_146746800011038\" class=\"desc_trig evo_circuito-regional sin_val evcal_list_a\" data-ux_val=\"1\"  ><span class='evcal_cblock ' data-bgcolor='#0092e0' data-smon='Julho' data-syr='2016'><span class='evo_start '><em class='date'>02<\/em><em class='month'>jul<\/em><em class='time'>14:00<\/em><\/span><span class='evo_end only_time'><em class='time'>14:00<\/em><\/span><em class='clear'><\/em><\/span><span class='evcal_desc evo_info hide_eventtopdata '  data-location_status=\"false\" ><span class='evo_above_title'><\/span><span class='evcal_desc2 evcal_event_title' itemprop='name'>XI Duatlo da Ribeira - Ovar<\/span><span class='evo_below_title'><\/span><span class='evcal_desc_info' ><\/span><span class='evcal_desc3'><span class='evcal_event_types ett1'><em><i>Tipo de Evento:<\/i><\/em><em data-filter='event_type'>Circuito Regional<\/em><i class='clear'><\/i><\/span><\/span><\/span><em class='clear'><\/em><\/p><\/a><div class='event_description evcal_eventcard ' style=\"display:none\"><div class='evo_metarow_directimg'><img src='https:\/\/www.federacao-triatlo.pt\/ftp2015\/wp-content\/uploads\/2016\/06\/Cartaz-Du-Ribeira-Ovar-2016.jpg' \/><\/div><div class='evo_metarow_details evorow evcal_evdata_row bordb evcal_event_details'>\r\n\t\t\t\t\t\t\t<div class=\"event_excerpt\" style=\"display:none\"><h3 class=\"padb5 evo_h3\">Detalhes do Evento<\/h3><p>O XI Duatlo da Ribeira ir\u00e1 ter lugar j\u00e1 no dia 2 de Julho de 2016.\r\n\r\nInforma\u00e7\u00f5es e inscri\u00e7\u00f5es em http:\/\/delegacaoregional.wix.com\/triatlonorte<\/p><\/div><span class='evcal_evdata_icons'><i class='fa fa-align-justify'><\/i><\/span>\r\n\t\t\t\t\t\t\t\r\n\t\t\t\t\t\t\t<div class='evcal_evdata_cell '><div class='eventon_full_description'>\r\n\t\t\t\t\t\t\t\t\t<h3 class='padb5 evo_h3'><span class='evcal_evdata_icons'><i class='fa fa-align-justify'><\/i><\/span>Detalhes do Evento<\/h3><div class='eventon_desc_in' itemprop='description'>\r\n\t\t\t\t\t\t\t\t\t<p>O XI Duatlo da Ribeira ir\u00e1 ter lugar j\u00e1 no dia 2 de Julho de 2016.<\/p>\n<p>Informa\u00e7\u00f5es e inscri\u00e7\u00f5es em http:\/\/delegacaoregional.wix.com\/triatlonorte<\/p>\n<\/div><div class='clear'><\/div>\r\n\t\t\t\t\t\t\t\t<\/div>\r\n\t\t\t\t\t\t\t<\/div>\r\n\t\t\t\t\t\t<\/div><div class='evo_metarow_time evorow evcal_evdata_row bordb evcal_evrow_sm '>\r\n\t\t\t\t\t\t\t<span class='evcal_evdata_icons'><i class='fa fa-clock-o'><\/i><\/span>\r\n\t\t\t\t\t\t\t<div class='evcal_evdata_cell'>\t\t\t\t\t\t\t\r\n\t\t\t\t\t\t\t\t<h3 class='evo_h3'><span class='evcal_evdata_icons'><i class='fa fa-clock-o'><\/i><\/span>Hor\u00e1rio<\/h3><p>(S\u00e1bado) 14:00 - 14:00<\/p>\r\n\t\t\t\t\t\t\t<\/div>\r\n\t\t\t\t\t\t<\/div>\t\t\t\t\t\t<div class='evo_metarow_ICS evorow bordb evcal_evdata_row'>\r\n\t\t\t\t\t\t\t<span class=\"evcal_evdata_icons\"><i class=\"fa fa-calendar\"><\/i><\/span>\r\n\t\t\t\t\t\t\t<div class='evcal_evdata_cell'>\r\n\t\t\t\t\t\t\t\t<p><a href='https:\/\/www.federacao-triatlo.pt\/ftp2015\/wp-admin\/admin-ajax.php?action=eventon_ics_download&amp;event_id=11038&amp;sunix=20160702T130000Z&amp;eunix=20160702T130000Z&amp;loca=&amp;locn=' class='evo_ics_nCal' title='Adicionar ao seu calend\u00e1rio'>Calend\u00e1rio<\/a><a href='\/\/www.google.com\/calendar\/event?action=TEMPLATE&amp;text=XI+Duatlo+da+Ribeira+-+Ovar&amp;dates=20160702T130000Z\/20160702T130000Z&amp;details=O+XI+Duatlo+da+Ribeira+ir%C3%A1+ter+lugar+j%C3%A1+no+dia+2+de+Julho+de+2016.%0D%0A%0D%0AInforma%C3%A7%C3%B5es+e+inscri%C3%A7%C3%B5es+em+http%3A%2F%2Fdelegacaoregional.wix.com%2Ftriatlonorte&amp;location= - ' target='_blank' class='evo_ics_gCal' title='Adicionar ao calend\u00e1rio Google'>GoogleCal<\/a><\/p>\t\r\n\t\t\t\t\t\t\t<\/div>\t\t\t\t\t\t<\/div>\r\n\t\t\t\t\t\t<\/div><div class='clear end'><\/div><\/div><div id=\"event_9419\" class=\"eventon_list_event evo_eventtop past_event event\" data-event_id=\"9419\" data-time=\"1468022700-1468194900\" data-colr=\"#0092e0\" itemscope itemtype='http:\/\/schema.org\/Event' 3><div class=\"evo_event_schema\" style=\"display:none\" ><a itemprop='url'  href='https:\/\/www.federacao-triatlo.pt\/ftp2015\/events\/triatlo-de-esposende-4\/'><\/a><span itemprop='name'  >Triatlo de Esposende<\/span><meta itemprop='image'  ><\/meta><meta itemprop='description' content='Triatlo de Esposende - Regulamento \u00a0\u00a0(Por motivos do assoreamento da \u00e1rea de partida e por indica\u00e7\u00e3o da policia mar\u00edtima, as partidas da Prova jovem \/ Prova Aberta \/' ><\/meta><meta itemprop='startDate' content='2016-7-9' ><\/meta><meta itemprop='endDate' content='2016-7-10' ><\/meta><meta itemprop='eventStatus' content='on-schedule' ><\/meta>\r\n\t\t\t\t\t\t\t\t\t<item style=\"display:none\" itemprop=\"location\" itemscope itemtype=\"http:\/\/schema.org\/Place\">\r\n\t\t\t\t\t\t\t\t\t\t<span itemprop=\"name\">Esposende<\/span>\r\n\t\t\t\t\t\t\t\t\t\t<span itemprop=\"address\" itemscope itemtype=\"http:\/\/schema.org\/PostalAddress\">\r\n\t\t\t\t\t\t\t\t\t\t\t<item itemprop=\"streetAddress\">Esposende<\/item>\r\n\t\t\t\t\t\t\t\t\t\t<\/span><\/item><script type=\"application\/ld+json\">{\t\"@context\": \"http:\/\/schema.org\",\r\n\t\t\t\t\t\t\t  \t\"@type\": \"Event\",\r\n\t\t\t\t\t\t\t  \t\"name\": \"Triatlo de Esposende\",\r\n\t\t\t\t\t\t\t  \t\"startDate\": \"2016-7-9T00-00-05-00\",\r\n\t\t\t\t\t\t\t  \t\"endDate\": \"2016-7-10T23-23-55-00\",\r\n\t\t\t\t\t\t\t  \t\"image\":,\r\n\t\t\t\t\t\t\t  \t\"description\":\"Triatlo de Esposende - Regulamento \u00a0\u00a0(Por motivos do assoreamento da \u00e1rea de partida e por indica\u00e7\u00e3o da policia mar\u00edtima, as partidas da Prova jovem \/ Prova Aberta \/\",\r\n\t\t\t\t\t\t\t  \t\"location\":{\r\n\t\t\t\t\t\t\t\t\t\t\"@type\":\"Place\",\r\n\t\t\t\t\t\t\t\t\t\t\"name\":\"Esposende\",\r\n\t\t\t\t\t\t\t\t\t\t\"address\":\"Esposende\"\r\n\t\t\t\t\t\t\t  \t\t}\r\n\t\t\t\t\t\t\t }\r\n\t\t\t\t\t\t\t<\/script><\/div>\r\n\t\t\t\t<p class=\"desc_trig_outter\"><a data-gmtrig=\"1\" data-exlk=\"0\" style=\"border-color: #0092e0;\" id=\"evc_14680227009419\" class=\"desc_trig evo_camp-nac-cadetes evo_camp-nac-juniores evo_camp-nac-jovem evo_prova-aberta evo_taca-de-portugal mul_val evcal_list_a\" data-ux_val=\"1\"  ><span class='evcal_cblock ' data-bgcolor='#0092e0' data-smon='Julho' data-syr='2016'><span class='evo_start '><em class='date'>09<\/em><em class='month'>jul<\/em><em class='time'>allday<\/em><\/span><span class='evo_end '><em class='date'>10<\/em><em class='time'>allday<\/em><\/span><em class='clear'><\/em><\/span><span class='evcal_desc evo_info hide_eventtopdata ' data-latlng=\"41.532439,-8.783795\"  data-location_address=\"Esposende\" data-location_type=\"lonlat\" data-location_name=\"Esposende\" data-location_status=\"true\" ><span class='evo_above_title'><\/span><span class='evcal_desc2 evcal_event_title' itemprop='name'>Triatlo de Esposende<\/span><span class='evo_below_title'><\/span><span class='evcal_desc_info' ><em class=\"evcal_location\" data-latlng=\"41.532439,-8.783795\"  data-add_str=\"\"><em class=\"event_location_name\">Esposende<\/em><\/em><\/span><span class='evcal_desc3'><span class='evcal_event_types ett1'><em><i>Tipo de Evento:<\/i><\/em><em data-filter='event_type'>Camp. Nac. de Cadetes,<\/em><em data-filter='event_type'>Camp. Nac. de Juniores,<\/em><em data-filter='event_type'>Camp. Nac. Jovem,<\/em><em data-filter='event_type'>Prova Aberta,<\/em><em data-filter='event_type'>Ta\u00e7a de Portugal de Triatlo<\/em><i class='clear'><\/i><\/span><\/span><\/span><em class='clear'><\/em><\/p><\/a><div class='event_description evcal_eventcard ' style=\"display:none\"><div class='evo_metarow_details evorow evcal_evdata_row bordb evcal_event_details'>\r\n\t\t\t\t\t\t\t<div class=\"event_excerpt\" style=\"display:none\"><h3 class=\"padb5 evo_h3\">Detalhes do Evento<\/h3><p>Triatlo de Esposende - Regulamento \u00a0\u00a0(Por motivos do assoreamento da \u00e1rea de partida e por indica\u00e7\u00e3o da policia mar\u00edtima, as partidas da Prova jovem \/ Prova Aberta \/<\/p><\/div><span class='evcal_evdata_icons'><i class='fa fa-align-justify'><\/i><\/span>\r\n\t\t\t\t\t\t\t\r\n\t\t\t\t\t\t\t<div class='evcal_evdata_cell '><div class='eventon_full_description'>\r\n\t\t\t\t\t\t\t\t\t<h3 class='padb5 evo_h3'><span class='evcal_evdata_icons'><i class='fa fa-align-justify'><\/i><\/span>Detalhes do Evento<\/h3><div class='eventon_desc_in' itemprop='description'>\r\n\t\t\t\t\t\t\t\t\t<p><a href=\"https:\/\/www.federacao-triatlo.pt\/ftp2015\/wp-content\/uploads\/2016\/04\/20160709-e-10-Triatlo-de-Esposende-Regulamento-v20160104-5.pdf\" rel=\"\">Triatlo de Esposende &#8211; Regulamento <\/a>\u00a0\u00a0<em>(Por motivos do assoreamento da \u00e1rea de partida e por indica\u00e7\u00e3o da policia mar\u00edtima, as partidas da Prova jovem \/ Prova Aberta \/ e Ta\u00e7a de Portugal Triatlo foram alteradas. Pedimos desculpa pelo incomodo.)<\/em><\/p>\n<p><a href=\"https:\/\/www.federacao-triatlo.pt\/ftp2015\/wp-content\/uploads\/2016\/04\/2015-07-18-Triatlo-de-Esposende-Percursos-TP.pdf\" rel=\"\">Triatlo de Esposende &#8211; Percursos TP<\/a><\/p>\n<p><a href=\"https:\/\/www.federacao-triatlo.pt\/ftp2015\/wp-content\/uploads\/2016\/04\/2015-07-18-Triatlo-de-Esposende-Percursos-CN-Jovem.pdf\" rel=\"\">Triatlo de Esposende &#8211; Percursos CN Jovem<\/a><\/p>\n<p><a href=\"https:\/\/www.federacao-triatlo.pt\/ftp2015\/wp-content\/uploads\/2016\/04\/2015-07-18-Triatlo-de-Esposende-Percursos-Prova-Aberta.pdf\" rel=\"\">Triatlo de Esposende &#8211; Percursos Prova Aberta<\/a><\/p>\n<p><a href=\"https:\/\/www.federacao-triatlo.pt\/ftp2015\/wp-content\/uploads\/2016\/04\/SL-Triatlo-Esposende-CN-Jovem.pdf\" rel=\"\">SL Triatlo Esposende (CN Jovem)<\/a><\/p>\n<p><a href=\"https:\/\/www.federacao-triatlo.pt\/ftp2015\/wp-content\/uploads\/2016\/04\/SL-Triatlo-Esposende-Prova-Aberta.pdf\" rel=\"\">SL Triatlo Esposende (Prova Aberta)<\/a><\/p>\n<p><a href=\"https:\/\/www.federacao-triatlo.pt\/ftp2015\/wp-content\/uploads\/2016\/04\/SL-Triatlo-Esposende-Ta\u00e7a-Portugal.pdf\" rel=\"\">SL Triatlo Esposende (Ta\u00e7a Portugal)<\/a><\/p>\n<p>&nbsp;<\/p>\n<p><a href=\"https:\/\/www.federacao-triatlo.pt\/ftp2015\/wp-content\/uploads\/2016\/04\/Imagem1.png\" rel=\"attachment wp-att-11655\"><img class=\"alignnone size-medium wp-image-11655\" src=\"https:\/\/www.federacao-triatlo.pt\/ftp2015\/wp-content\/uploads\/2016\/04\/Imagem1-300x145.png\" alt=\"Imagem1\" width=\"300\" height=\"145\" \/><\/a>\u00a0 \u00a0 \u00a0 \u00a0 \u00a0 \u00a0 \u00a0 \u00a0 \u00a0 \u00a0 \u00a0 \u00a0 \u00a0 \u00a0 \u00a0 \u00a0 \u00a0 \u00a0 \u00a0 \u00a0 \u00a0 \u00a0 \u00a0 \u00a0 \u00a0 \u00a0 \u00a0\u00a0<a href=\"https:\/\/www.federacao-triatlo.pt\/ftp2015\/wp-content\/uploads\/2016\/04\/LOGO_Camara-esposende.jpg\" rel=\"attachment wp-att-11654\"><img class=\"alignnone size-medium wp-image-11654\" src=\"https:\/\/www.federacao-triatlo.pt\/ftp2015\/wp-content\/uploads\/2016\/04\/LOGO_Camara-esposende-300x92.jpg\" alt=\"LOGO_Camara esposende\" width=\"300\" height=\"92\" \/><\/a><\/p>\n<p>&nbsp;<\/p>\n<\/div><div class='clear'><\/div>\r\n\t\t\t\t\t\t\t\t<\/div>\r\n\t\t\t\t\t\t\t<\/div>\r\n\t\t\t\t\t\t<\/div><div class='evo_metarow_gmap evorow evcal_gmaps bordb ' id='evc146802270069f3d177195479419_gmap' style='max-width:none'><\/div><div class='evo_metarow_getDr evorow evcal_evdata_row bordb evcal_evrow_sm getdirections'>\r\n\t\t\t\t\t\t<form action='https:\/\/maps.google.com\/maps' method='get' target='_blank'>\r\n\t\t\t\t\t\t<input type='hidden' name='daddr' value='Esposende'\/> \r\n\t\t\t\t\t\t<p><input class='evoInput' type='text' name='saddr' placeholder='Escreva a morada' value=''\/>\r\n\t\t\t\t\t\t<button type='submit' class='evcal_evdata_icons evcalicon_9' title='Clique aqui para obter as dire\u00e7\u00f5es'><i class='fa fa-road'><\/i><\/button>\r\n\t\t\t\t\t\t<\/p><\/form>\r\n\t\t\t\t\t<\/div><div class='evo_metarow_time_location evorow bordb '>\r\n\t\t\t\t\t\t<div class='tb' >\r\n\t\t\t\t\t\t\t<div class='tbrow'>\r\n\t\t\t\t\t\t\t<div class='evcal_col50 bordr'>\r\n\t\t\t\t\t\t\t\t<div class='evcal_evdata_row evo_time'>\r\n\t\t\t\t\t\t\t\t\t<span class='evcal_evdata_icons'><i class='fa fa-clock-o'><\/i><\/span>\r\n\t\t\t\t\t\t\t\t\t<div class='evcal_evdata_cell'>\t\t\t\t\t\t\t\r\n\t\t\t\t\t\t\t\t\t\t<h3 class='evo_h3'><span class='evcal_evdata_icons'><i class='fa fa-clock-o'><\/i><\/span>Hor\u00e1rio<\/h3>\r\n\t\t\t\t\t\t\t\t\t\t<p>Julho 9 (S\u00e1bado) - 10 (Domingo)<\/p>\r\n\t\t\t\t\t\t\t\t\t<\/div>\r\n\t\t\t\t\t\t\t\t<\/div>\r\n\t\t\t\t\t\t\t<\/div><div class='evcal_col50'>\r\n\t\t\t\t\t\t\t\t<div class='evcal_evdata_row evo_location'>\r\n\t\t\t\t\t\t\t\t\t<span class='evcal_evdata_icons'><i class='fa fa-map-marker'><\/i><\/span>\r\n\t\t\t\t\t\t\t\t\t<div class='evcal_evdata_cell' data-loc_tax_id='140'>\t\t\t\t\t\t\t\r\n\t\t\t\t\t\t\t\t\t\t<h3 class='evo_h3'><span class='evcal_evdata_icons'><i class='fa fa-map-marker'><\/i><\/span>Localiza\u00e7\u00e3o<\/h3><p class='evo_location_name'>Esposende<\/p><p>Esposende<\/p>\r\n\t\t\t\t\t\t\t\t\t<\/div>\r\n\t\t\t\t\t\t\t\t<\/div>\r\n\t\t\t\t\t\t\t<\/div><div class='clear'><\/div>\r\n\t\t\t\t\t\t\t<\/div><\/div>\r\n\t\t\t\t\t\t<\/div><div class='evo_metarow_organizer evorow evcal_evdata_row bordb evcal_evrow_sm '>\r\n\t\t\t\t\t\t\t<span class='evcal_evdata_icons'><i class='fa fa-headphones'><\/i><\/span>\r\n\t\t\t\t\t\t\t<div class='evcal_evdata_cell'>\t\t\t\t\t\t\t\r\n\t\t\t\t\t\t\t\t<h3 class='evo_h3'>Evento organizado por<\/h3>\r\n\t\t\t\t\t\t\t\t\r\n\t\t\t\t\t\t\t\t<div class='evo_card_organizer'><p class='evo_data_val evo_card_organizer_name'>\r\n\t\t\t\t\t\t\t\t\t<span class='evo_card_organizer_name_t'>FTP \/ C\u00e2mara Municipal de Esposende<\/span><span class='evo_card_organizer_contact'>inscricoes@federacao-triatlo.pt<\/span>\r\n\t\t\t\t\t\t\t\t\t\r\n\t\t\t\t\t\t\t\t\t<\/p><\/div><div class='clear'><\/div>\t\t\t\t\t\t\t\r\n\t\t\t\t\t\t\t<\/div>\r\n\t\t\t\t\t\t<\/div>\t\t\t\t\t\t<div class='evo_metarow_ICS evorow bordb evcal_evdata_row'>\r\n\t\t\t\t\t\t\t<span class=\"evcal_evdata_icons\"><i class=\"fa fa-calendar\"><\/i><\/span>\r\n\t\t\t\t\t\t\t<div class='evcal_evdata_cell'>\r\n\t\t\t\t\t\t\t\t<p><a href='https:\/\/www.federacao-triatlo.pt\/ftp2015\/wp-admin\/admin-ajax.php?action=eventon_ics_download&amp;event_id=9419&amp;sunix=20160708T230500Z&amp;eunix=20160710T225500Z&amp;loca=Esposende&amp;locn=Esposende' class='evo_ics_nCal' title='Adicionar ao seu calend\u00e1rio'>Calend\u00e1rio<\/a><a href='\/\/www.google.com\/calendar\/event?action=TEMPLATE&amp;text=Triatlo+de+Esposende&amp;dates=20160708T230500Z\/20160710T225500Z&amp;details=Triatlo+de+Esposende+-+Regulamento+%C2%A0%C2%A0%28Por+motivos+do+assoreamento+da+%C3%A1rea+de+partida+e+por+indica%C3%A7%C3%A3o+da+policia+mar%C3%ADtima%2C+as+partidas+da+Prova+jovem+%2F+Prova+Aberta+%2F&amp;location=Esposende - Esposende' target='_blank' class='evo_ics_gCal' title='Adicionar ao calend\u00e1rio Google'>GoogleCal<\/a><\/p>\t\r\n\t\t\t\t\t\t\t<\/div>\t\t\t\t\t\t<\/div>\r\n\t\t\t\t\t\t<\/div><div class='clear end'><\/div><\/div><div id=\"event_9940\" class=\"eventon_list_event evo_eventtop past_event event\" data-event_id=\"9940\" data-time=\"1468627500-1468713300\" data-colr=\"#0092e0\" itemscope itemtype='http:\/\/schema.org\/Event' 4><div class=\"evo_event_schema\" style=\"display:none\" ><a itemprop='url'  href='https:\/\/www.federacao-triatlo.pt\/ftp2015\/events\/triatlo-de-abrantes-taca-de-portugal-de-triatlo\/'><\/a><span itemprop='name'  >III Triatlo Cross de Abrantes - Ta\u00e7a de Portugal de Triatlo<\/span><meta itemprop='image'  ><\/meta><meta itemprop='description' content='Triatlo de Abrantes - Regulamento\u00a0( Provis\u00f3rio )\r\n\r\nTriatlo de Abrantes - Ta\u00e7a de Protugal PORterra - Percurso\u00a0\r\n\r\n&nbsp;\r\n\r\n&nbsp;\r\n\r\n&nbsp;\r\n\r\n\u00a0 \u00a0 \u00a0 \u00a0' ><\/meta><meta itemprop='startDate' content='2016-7-16' ><\/meta><meta itemprop='endDate' content='2016-7-16' ><\/meta><meta itemprop='eventStatus' content='on-schedule' ><\/meta>\r\n\t\t\t\t\t\t\t\t\t<item style=\"display:none\" itemprop=\"location\" itemscope itemtype=\"http:\/\/schema.org\/Place\">\r\n\t\t\t\t\t\t\t\t\t\t<span itemprop=\"name\">Abrantes<\/span>\r\n\t\t\t\t\t\t\t\t\t\t<span itemprop=\"address\" itemscope itemtype=\"http:\/\/schema.org\/PostalAddress\">\r\n\t\t\t\t\t\t\t\t\t\t\t<item itemprop=\"streetAddress\">Parque Urbano de S. Louren\u00e7o<\/item>\r\n\t\t\t\t\t\t\t\t\t\t<\/span><\/item><script type=\"application\/ld+json\">{\t\"@context\": \"http:\/\/schema.org\",\r\n\t\t\t\t\t\t\t  \t\"@type\": \"Event\",\r\n\t\t\t\t\t\t\t  \t\"name\": \"III Triatlo Cross de Abrantes - Ta\u00e7a de Portugal de Triatlo\",\r\n\t\t\t\t\t\t\t  \t\"startDate\": \"2016-7-16T00-00-05-00\",\r\n\t\t\t\t\t\t\t  \t\"endDate\": \"2016-7-16T23-23-55-00\",\r\n\t\t\t\t\t\t\t  \t\"image\":,\r\n\t\t\t\t\t\t\t  \t\"description\":\"Triatlo de Abrantes - Regulamento\u00a0( Provis\u00f3rio )\r\n\r\nTriatlo de Abrantes - Ta\u00e7a de Protugal PORterra - Percurso\u00a0\r\n\r\n&nbsp;\r\n\r\n&nbsp;\r\n\r\n&nbsp;\r\n\r\n\u00a0 \u00a0 \u00a0 \u00a0\",\r\n\t\t\t\t\t\t\t  \t\"location\":{\r\n\t\t\t\t\t\t\t\t\t\t\"@type\":\"Place\",\r\n\t\t\t\t\t\t\t\t\t\t\"name\":\"Abrantes\",\r\n\t\t\t\t\t\t\t\t\t\t\"address\":\"Parque Urbano de S. Louren\u00e7o\"\r\n\t\t\t\t\t\t\t  \t\t}\r\n\t\t\t\t\t\t\t }\r\n\t\t\t\t\t\t\t<\/script><\/div>\r\n\t\t\t\t<p class=\"desc_trig_outter\"><a data-gmtrig=\"1\" data-exlk=\"0\" style=\"border-color: #0092e0;\" id=\"evc_14686275009940\" class=\"desc_trig evo_taca-de-portugal sin_val evcal_list_a\" data-ux_val=\"1\"  ><span class='evcal_cblock ' data-bgcolor='#0092e0' data-smon='Julho' data-syr='2016'><span class='evo_start '><em class='date'>16<\/em><em class='month'>jul<\/em><em class='time'>allday<\/em><\/span><span class='evo_end only_time'><em class='time'>allday<\/em><\/span><em class='clear'><\/em><\/span><span class='evcal_desc evo_info hide_eventtopdata ' data-latlng=\"39.47532496720054 ,-8.217836879260222\"  data-location_address=\"Parque Urbano de S. Louren\u00e7o\" data-location_type=\"lonlat\" data-location_name=\"Abrantes\" data-location_status=\"true\" ><span class='evo_above_title'><\/span><span class='evcal_desc2 evcal_event_title' itemprop='name'>III Triatlo Cross de Abrantes - Ta\u00e7a de Portugal de Triatlo<\/span><span class='evo_below_title'><\/span><span class='evcal_desc_info' ><em class=\"evcal_location\" data-latlng=\"39.47532496720054 ,-8.217836879260222\"  data-add_str=\"\"><em class=\"event_location_name\">Abrantes<\/em><\/em><\/span><span class='evcal_desc3'><span class='evcal_event_types ett1'><em><i>Tipo de Evento:<\/i><\/em><em data-filter='event_type'>Ta\u00e7a de Portugal de Triatlo<\/em><i class='clear'><\/i><\/span><\/span><\/span><em class='clear'><\/em><\/p><\/a><div class='event_description evcal_eventcard ' style=\"display:none\"><div class='evo_metarow_details evorow evcal_evdata_row bordb evcal_event_details'>\r\n\t\t\t\t\t\t\t<div class=\"event_excerpt\" style=\"display:none\"><h3 class=\"padb5 evo_h3\">Detalhes do Evento<\/h3><p>Triatlo de Abrantes - Regulamento\u00a0( Provis\u00f3rio )\r\n\r\nTriatlo de Abrantes - Ta\u00e7a de Protugal PORterra - Percurso\u00a0\r\n\r\n&nbsp;\r\n\r\n&nbsp;\r\n\r\n&nbsp;\r\n\r\n\u00a0 \u00a0 \u00a0 \u00a0<\/p><\/div><span class='evcal_evdata_icons'><i class='fa fa-align-justify'><\/i><\/span>\r\n\t\t\t\t\t\t\t\r\n\t\t\t\t\t\t\t<div class='evcal_evdata_cell '><div class='eventon_full_description'>\r\n\t\t\t\t\t\t\t\t\t<h3 class='padb5 evo_h3'><span class='evcal_evdata_icons'><i class='fa fa-align-justify'><\/i><\/span>Detalhes do Evento<\/h3><div class='eventon_desc_in' itemprop='description'>\r\n\t\t\t\t\t\t\t\t\t<p><a href=\"https:\/\/www.federacao-triatlo.pt\/ftp2015\/wp-content\/uploads\/2016\/05\/2016-07-30-Triatlo-de-Abrantes-Regulamento.pdf\">Triatlo de Abrantes &#8211; Regulamento<\/a>\u00a0( Provis\u00f3rio )<\/p>\n<p><a href=\"https:\/\/www.federacao-triatlo.pt\/ftp2015\/wp-content\/uploads\/2016\/05\/2015-08-01-Triatlo-de-Abrantes-Ta\u00e7a-de-Protugal-PORterra-Percurso-1.pdf\">Triatlo de Abrantes &#8211; Ta\u00e7a de Protugal PORterra &#8211; Percurso\u00a0<\/a><\/p>\n<p>&nbsp;<\/p>\n<p>&nbsp;<\/p>\n<p>&nbsp;<\/p>\n<p><a href=\"https:\/\/www.federacao-triatlo.pt\/ftp2015\/wp-content\/uploads\/2016\/05\/logotipoassinatura.jpg\"><img class=\"alignnone size-medium wp-image-12397\" src=\"https:\/\/www.federacao-triatlo.pt\/ftp2015\/wp-content\/uploads\/2016\/05\/logotipoassinatura-300x185.jpg\" alt=\"logotipoassinatura\" width=\"300\" height=\"185\" \/><\/a>\u00a0 \u00a0 \u00a0 \u00a0 \u00a0 \u00a0 \u00a0 \u00a0 \u00a0 \u00a0 \u00a0 \u00a0 \u00a0 \u00a0 \u00a0 \u00a0 \u00a0 \u00a0 \u00a0 \u00a0 \u00a0 \u00a0 <a href=\"https:\/\/www.federacao-triatlo.pt\/ftp2015\/wp-content\/uploads\/2016\/05\/Imagem1.png\"><img class=\"alignnone size-medium wp-image-12398\" src=\"https:\/\/www.federacao-triatlo.pt\/ftp2015\/wp-content\/uploads\/2016\/05\/Imagem1-300x145.png\" alt=\"Imagem1\" width=\"300\" height=\"145\" \/><\/a><\/p>\n<\/div><div class='clear'><\/div>\r\n\t\t\t\t\t\t\t\t<\/div>\r\n\t\t\t\t\t\t\t<\/div>\r\n\t\t\t\t\t\t<\/div><div class='evo_metarow_gmap evorow evcal_gmaps bordb ' id='evc146862750069f3d17719cc39940_gmap' style='max-width:none'><\/div><div class='evo_metarow_getDr evorow evcal_evdata_row bordb evcal_evrow_sm getdirections'>\r\n\t\t\t\t\t\t<form action='https:\/\/maps.google.com\/maps' method='get' target='_blank'>\r\n\t\t\t\t\t\t<input type='hidden' name='daddr' value='Parque Urbano de S. Louren\u00e7o'\/> \r\n\t\t\t\t\t\t<p><input class='evoInput' type='text' name='saddr' placeholder='Escreva a morada' value=''\/>\r\n\t\t\t\t\t\t<button type='submit' class='evcal_evdata_icons evcalicon_9' title='Clique aqui para obter as dire\u00e7\u00f5es'><i class='fa fa-road'><\/i><\/button>\r\n\t\t\t\t\t\t<\/p><\/form>\r\n\t\t\t\t\t<\/div><div class='evo_metarow_time_location evorow bordb '>\r\n\t\t\t\t\t\t<div class='tb' >\r\n\t\t\t\t\t\t\t<div class='tbrow'>\r\n\t\t\t\t\t\t\t<div class='evcal_col50 bordr'>\r\n\t\t\t\t\t\t\t\t<div class='evcal_evdata_row evo_time'>\r\n\t\t\t\t\t\t\t\t\t<span class='evcal_evdata_icons'><i class='fa fa-clock-o'><\/i><\/span>\r\n\t\t\t\t\t\t\t\t\t<div class='evcal_evdata_cell'>\t\t\t\t\t\t\t\r\n\t\t\t\t\t\t\t\t\t\t<h3 class='evo_h3'><span class='evcal_evdata_icons'><i class='fa fa-clock-o'><\/i><\/span>Hor\u00e1rio<\/h3>\r\n\t\t\t\t\t\t\t\t\t\t<p>Todo o dia (S\u00e1bado)<\/p>\r\n\t\t\t\t\t\t\t\t\t<\/div>\r\n\t\t\t\t\t\t\t\t<\/div>\r\n\t\t\t\t\t\t\t<\/div><div class='evcal_col50'>\r\n\t\t\t\t\t\t\t\t<div class='evcal_evdata_row evo_location'>\r\n\t\t\t\t\t\t\t\t\t<span class='evcal_evdata_icons'><i class='fa fa-map-marker'><\/i><\/span>\r\n\t\t\t\t\t\t\t\t\t<div class='evcal_evdata_cell' data-loc_tax_id='107'>\t\t\t\t\t\t\t\r\n\t\t\t\t\t\t\t\t\t\t<h3 class='evo_h3'><span class='evcal_evdata_icons'><i class='fa fa-map-marker'><\/i><\/span><a target=\"_blank\" href=\"https:\/\/goo.gl\/maps\/QYh16C1JxxEjREpH9\">Localiza\u00e7\u00e3o<\/a><\/h3><p class='evo_location_name'>Abrantes<\/p><p>Parque Urbano de S. Louren\u00e7o<\/p>\r\n\t\t\t\t\t\t\t\t\t<\/div>\r\n\t\t\t\t\t\t\t\t<\/div>\r\n\t\t\t\t\t\t\t<\/div><div class='clear'><\/div>\r\n\t\t\t\t\t\t\t<\/div><\/div>\r\n\t\t\t\t\t\t<\/div><div class='evo_metarow_organizer evorow evcal_evdata_row bordb evcal_evrow_sm '>\r\n\t\t\t\t\t\t\t<span class='evcal_evdata_icons'><i class='fa fa-headphones'><\/i><\/span>\r\n\t\t\t\t\t\t\t<div class='evcal_evdata_cell'>\t\t\t\t\t\t\t\r\n\t\t\t\t\t\t\t\t<h3 class='evo_h3'>Evento organizado por<\/h3>\r\n\t\t\t\t\t\t\t\t\r\n\t\t\t\t\t\t\t\t<div class='evo_card_organizer'><p class='evo_data_val evo_card_organizer_name'>\r\n\t\t\t\t\t\t\t\t\t<span class='evo_card_organizer_name_t'>FTP \/ Camara municipal de Abrantes<\/span>\r\n\t\t\t\t\t\t\t\t\t\r\n\t\t\t\t\t\t\t\t\t<\/p><\/div><div class='clear'><\/div>\t\t\t\t\t\t\t\r\n\t\t\t\t\t\t\t<\/div>\r\n\t\t\t\t\t\t<\/div>\t\t\t\t\t\t<div class='evo_metarow_ICS evorow bordb evcal_evdata_row'>\r\n\t\t\t\t\t\t\t<span class=\"evcal_evdata_icons\"><i class=\"fa fa-calendar\"><\/i><\/span>\r\n\t\t\t\t\t\t\t<div class='evcal_evdata_cell'>\r\n\t\t\t\t\t\t\t\t<p><a href='https:\/\/www.federacao-triatlo.pt\/ftp2015\/wp-admin\/admin-ajax.php?action=eventon_ics_download&amp;event_id=9940&amp;sunix=20160715T230500Z&amp;eunix=20160716T225500Z&amp;loca=Parque Urbano de S. Louren\u00e7o&amp;locn=Abrantes' class='evo_ics_nCal' title='Adicionar ao seu calend\u00e1rio'>Calend\u00e1rio<\/a><a href='\/\/www.google.com\/calendar\/event?action=TEMPLATE&amp;text=III+Triatlo+Cross+de+Abrantes+-+Ta%C3%A7a+de+Portugal+de+Triatlo&amp;dates=20160715T230500Z\/20160716T225500Z&amp;details=Triatlo+de+Abrantes+-+Regulamento%C2%A0%28+Provis%C3%B3rio+%29%0D%0A%0D%0ATriatlo+de+Abrantes+-+Ta%C3%A7a+de+Protugal+PORterra+-+Percurso%C2%A0%0D%0A%0D%0A%26nbsp%3B%0D%0A%0D%0A%26nbsp%3B%0D%0A%0D%0A%26nbsp%3B%0D%0A%0D%0A%C2%A0+%C2%A0+%C2%A0+%C2%A0&amp;location=Abrantes - Parque+Urbano+de+S.+Louren%C3%A7o' target='_blank' class='evo_ics_gCal' title='Adicionar ao calend\u00e1rio Google'>GoogleCal<\/a><\/p>\t\r\n\t\t\t\t\t\t\t<\/div>\t\t\t\t\t\t<\/div>\r\n\t\t\t\t\t\t<\/div><div class='clear end'><\/div><\/div><div id=\"event_9440\" class=\"eventon_list_event evo_eventtop past_event event\" data-event_id=\"9440\" data-time=\"1468713900-1468799700\" data-colr=\"#0092e0\" itemscope itemtype='http:\/\/schema.org\/Event' 5><div class=\"evo_event_schema\" style=\"display:none\" ><a itemprop='url'  href='https:\/\/www.federacao-triatlo.pt\/ftp2015\/events\/aquatlo-da-madeira-3\/'><\/a><span itemprop='name'  >Aquatlo da Madeira - Camp. Nac. Jovem Clubes<\/span><meta itemprop='image' content='https:\/\/www.federacao-triatlo.pt\/ftp2015\/wp-content\/uploads\/2016\/04\/Cartaz-Coastel-4-212x300.jpg' ><\/meta><meta itemprop='description' content='Em 17 de Julho ir\u00e1 ocorrer no Funchal mais uma etapa do Campeonato Nacional Jovem de Clubes.\r\n\r\nRegulamento alterado:\r\n\r\nRegulamento de Prova - III Coastel Challenge 2016\r\n\r\nPercursos alterados:\r\n\r\nPercursos' ><\/meta><meta itemprop='startDate' content='2016-7-17' ><\/meta><meta itemprop='endDate' content='2016-7-17' ><\/meta><meta itemprop='eventStatus' content='on-schedule' ><\/meta>\r\n\t\t\t\t\t\t\t\t\t<item style=\"display:none\" itemprop=\"location\" itemscope itemtype=\"http:\/\/schema.org\/Place\">\r\n\t\t\t\t\t\t\t\t\t\t<span itemprop=\"name\">Madeira<\/span>\r\n\t\t\t\t\t\t\t\t\t\t<span itemprop=\"address\" itemscope itemtype=\"http:\/\/schema.org\/PostalAddress\">\r\n\t\t\t\t\t\t\t\t\t\t\t<item itemprop=\"streetAddress\">Madeira<\/item>\r\n\t\t\t\t\t\t\t\t\t\t<\/span><\/item><script type=\"application\/ld+json\">{\t\"@context\": \"http:\/\/schema.org\",\r\n\t\t\t\t\t\t\t  \t\"@type\": \"Event\",\r\n\t\t\t\t\t\t\t  \t\"name\": \"Aquatlo da Madeira - Camp. Nac. Jovem Clubes\",\r\n\t\t\t\t\t\t\t  \t\"startDate\": \"2016-7-17T00-00-05-00\",\r\n\t\t\t\t\t\t\t  \t\"endDate\": \"2016-7-17T23-23-55-00\",\r\n\t\t\t\t\t\t\t  \t\"image\":\"https:\/\/www.federacao-triatlo.pt\/ftp2015\/wp-content\/uploads\/2016\/04\/Cartaz-Coastel-4-212x300.jpg\",\r\n\t\t\t\t\t\t\t  \t\"description\":\"Em 17 de Julho ir\u00e1 ocorrer no Funchal mais uma etapa do Campeonato Nacional Jovem de Clubes.\r\n\r\nRegulamento alterado:\r\n\r\nRegulamento de Prova - III Coastel Challenge 2016\r\n\r\nPercursos alterados:\r\n\r\nPercursos\",\r\n\t\t\t\t\t\t\t  \t\"location\":{\r\n\t\t\t\t\t\t\t\t\t\t\"@type\":\"Place\",\r\n\t\t\t\t\t\t\t\t\t\t\"name\":\"Madeira\",\r\n\t\t\t\t\t\t\t\t\t\t\"address\":\"Madeira\"\r\n\t\t\t\t\t\t\t  \t\t}\r\n\t\t\t\t\t\t\t }\r\n\t\t\t\t\t\t\t<\/script><\/div>\r\n\t\t\t\t<p class=\"desc_trig_outter\"><a data-gmtrig=\"1\" data-exlk=\"0\" style=\"border-color: #0092e0;\" id=\"evc_14687139009440\" class=\"desc_trig evo_camp-nac-de-juvenis evo_camp-nac-jovem sin_val evcal_list_a\" data-ux_val=\"1\"  ><span class='evcal_cblock ' data-bgcolor='#0092e0' data-smon='Julho' data-syr='2016'><span class='evo_start '><em class='date'>17<\/em><em class='month'>jul<\/em><em class='time'>allday<\/em><\/span><span class='evo_end only_time'><em class='time'>allday<\/em><\/span><em class='clear'><\/em><\/span><span class='evcal_desc evo_info hide_eventtopdata '  data-location_address=\"Madeira\" data-location_type=\"address\" data-location_name=\"Madeira\" data-location_status=\"true\" ><span class='evo_above_title'><\/span><span class='evcal_desc2 evcal_event_title' itemprop='name'>Aquatlo da Madeira - Camp. Nac. Jovem Clubes<\/span><span class='evo_below_title'><\/span><span class='evcal_desc_info' ><em class=\"evcal_location\"  data-add_str=\"\"><em class=\"event_location_name\">Madeira<\/em><\/em><\/span><span class='evcal_desc3'><span class='evcal_event_types ett1'><em><i>Tipo de Evento:<\/i><\/em><em data-filter='event_type'>Camp. Nac. de Juvenis,<\/em><em data-filter='event_type'>Camp. Nac. Jovem<\/em><i class='clear'><\/i><\/span><\/span><\/span><em class='clear'><\/em><\/p><\/a><div class='event_description evcal_eventcard ' style=\"display:none\"><div class='evo_metarow_directimg'><img src='https:\/\/www.federacao-triatlo.pt\/ftp2015\/wp-content\/uploads\/2016\/04\/Cartaz-Coastel-4.jpg' \/><\/div><div class='evo_metarow_details evorow evcal_evdata_row bordb evcal_event_details'>\r\n\t\t\t\t\t\t\t<div class=\"event_excerpt\" style=\"display:none\"><h3 class=\"padb5 evo_h3\">Detalhes do Evento<\/h3><p>Em 17 de Julho ir\u00e1 ocorrer no Funchal mais uma etapa do Campeonato Nacional Jovem de Clubes.\r\n\r\nRegulamento alterado:\r\n\r\nRegulamento de Prova - III Coastel Challenge 2016\r\n\r\nPercursos alterados:\r\n\r\nPercursos<\/p><\/div><span class='evcal_evdata_icons'><i class='fa fa-align-justify'><\/i><\/span>\r\n\t\t\t\t\t\t\t\r\n\t\t\t\t\t\t\t<div class='evcal_evdata_cell '><div class='eventon_full_description'>\r\n\t\t\t\t\t\t\t\t\t<h3 class='padb5 evo_h3'><span class='evcal_evdata_icons'><i class='fa fa-align-justify'><\/i><\/span>Detalhes do Evento<\/h3><div class='eventon_desc_in' itemprop='description'>\r\n\t\t\t\t\t\t\t\t\t<p>Em 17 de Julho ir\u00e1 ocorrer no Funchal mais uma etapa do Campeonato Nacional Jovem de Clubes.<\/p>\n<p>Regulamento alterado:<\/p>\n<p><a href=\"https:\/\/www.federacao-triatlo.pt\/ftp2015\/wp-content\/uploads\/2016\/04\/Regulamento-de-Prova-III-Coastel-Challenge-2016-1.pdf\" rel=\"\">Regulamento de Prova &#8211; III Coastel Challenge 2016<\/a><\/p>\n<p>Percursos alterados:<\/p>\n<p><a href=\"https:\/\/www.federacao-triatlo.pt\/ftp2015\/wp-content\/uploads\/2016\/04\/Percursos-Jovens-2.pdf\" rel=\"\">Percursos Jovens 2<\/a><\/p>\n<p><a href=\"https:\/\/www.federacao-triatlo.pt\/ftp2015\/wp-content\/uploads\/2016\/04\/Ficha-de-Inscri\u00e7\u00e3o.xls\" rel=\"\">Ficha de Inscri\u00e7\u00e3o<\/a><\/p>\n<p><a href=\"https:\/\/www.federacao-triatlo.pt\/ftp2015\/wp-content\/uploads\/2016\/04\/Informa\u00e7\u00f5es.docx\" rel=\"\">Informa\u00e7\u00f5es<\/a><\/p>\n<\/div><div class='clear'><\/div>\r\n\t\t\t\t\t\t\t\t<\/div>\r\n\t\t\t\t\t\t\t<\/div>\r\n\t\t\t\t\t\t<\/div><div class='evo_metarow_gmap evorow evcal_gmaps bordb ' id='evc146871390069f3d1771a3de9440_gmap' style='max-width:none'><\/div><div class='evo_metarow_getDr evorow evcal_evdata_row bordb evcal_evrow_sm getdirections'>\r\n\t\t\t\t\t\t<form action='https:\/\/maps.google.com\/maps' method='get' target='_blank'>\r\n\t\t\t\t\t\t<input type='hidden' name='daddr' value='Madeira'\/> \r\n\t\t\t\t\t\t<p><input class='evoInput' type='text' name='saddr' placeholder='Escreva a morada' value=''\/>\r\n\t\t\t\t\t\t<button type='submit' class='evcal_evdata_icons evcalicon_9' title='Clique aqui para obter as dire\u00e7\u00f5es'><i class='fa fa-road'><\/i><\/button>\r\n\t\t\t\t\t\t<\/p><\/form>\r\n\t\t\t\t\t<\/div><div class='evo_metarow_time_location evorow bordb '>\r\n\t\t\t\t\t\t<div class='tb' >\r\n\t\t\t\t\t\t\t<div class='tbrow'>\r\n\t\t\t\t\t\t\t<div class='evcal_col50 bordr'>\r\n\t\t\t\t\t\t\t\t<div class='evcal_evdata_row evo_time'>\r\n\t\t\t\t\t\t\t\t\t<span class='evcal_evdata_icons'><i class='fa fa-clock-o'><\/i><\/span>\r\n\t\t\t\t\t\t\t\t\t<div class='evcal_evdata_cell'>\t\t\t\t\t\t\t\r\n\t\t\t\t\t\t\t\t\t\t<h3 class='evo_h3'><span class='evcal_evdata_icons'><i class='fa fa-clock-o'><\/i><\/span>Hor\u00e1rio<\/h3>\r\n\t\t\t\t\t\t\t\t\t\t<p>Todo o dia (Domingo)<\/p>\r\n\t\t\t\t\t\t\t\t\t<\/div>\r\n\t\t\t\t\t\t\t\t<\/div>\r\n\t\t\t\t\t\t\t<\/div><div class='evcal_col50'>\r\n\t\t\t\t\t\t\t\t<div class='evcal_evdata_row evo_location'>\r\n\t\t\t\t\t\t\t\t\t<span class='evcal_evdata_icons'><i class='fa fa-map-marker'><\/i><\/span>\r\n\t\t\t\t\t\t\t\t\t<div class='evcal_evdata_cell' data-loc_tax_id='245'>\t\t\t\t\t\t\t\r\n\t\t\t\t\t\t\t\t\t\t<h3 class='evo_h3'><span class='evcal_evdata_icons'><i class='fa fa-map-marker'><\/i><\/span>Localiza\u00e7\u00e3o<\/h3><p class='evo_location_name'>Madeira<\/p><p>Madeira<\/p>\r\n\t\t\t\t\t\t\t\t\t<\/div>\r\n\t\t\t\t\t\t\t\t<\/div>\r\n\t\t\t\t\t\t\t<\/div><div class='clear'><\/div>\r\n\t\t\t\t\t\t\t<\/div><\/div>\r\n\t\t\t\t\t\t<\/div><div class='evo_metarow_organizer evorow evcal_evdata_row bordb evcal_evrow_sm '>\r\n\t\t\t\t\t\t\t<span class='evcal_evdata_icons'><i class='fa fa-headphones'><\/i><\/span>\r\n\t\t\t\t\t\t\t<div class='evcal_evdata_cell'>\t\t\t\t\t\t\t\r\n\t\t\t\t\t\t\t\t<h3 class='evo_h3'>Evento organizado por<\/h3>\r\n\t\t\t\t\t\t\t\t\r\n\t\t\t\t\t\t\t\t<div class='evo_card_organizer'><p class='evo_data_val evo_card_organizer_name'>\r\n\t\t\t\t\t\t\t\t\t<span class='evo_card_organizer_name_t'><a  href='https:\/\/www.federacao-triatlo.pt\/ftp2015'>FTP<\/a><\/span><span class='evo_card_organizer_contact'>secretaria@federacao-triatlo.pt<\/span>\r\n\t\t\t\t\t\t\t\t\t\r\n\t\t\t\t\t\t\t\t\t<\/p><\/div><div class='clear'><\/div>\t\t\t\t\t\t\t\r\n\t\t\t\t\t\t\t<\/div>\r\n\t\t\t\t\t\t<\/div>\t\t\t\t\t\t<div class='evo_metarow_ICS evorow bordb evcal_evdata_row'>\r\n\t\t\t\t\t\t\t<span class=\"evcal_evdata_icons\"><i class=\"fa fa-calendar\"><\/i><\/span>\r\n\t\t\t\t\t\t\t<div class='evcal_evdata_cell'>\r\n\t\t\t\t\t\t\t\t<p><a href='https:\/\/www.federacao-triatlo.pt\/ftp2015\/wp-admin\/admin-ajax.php?action=eventon_ics_download&amp;event_id=9440&amp;sunix=20160716T230500Z&amp;eunix=20160717T225500Z&amp;loca=Madeira&amp;locn=Madeira' class='evo_ics_nCal' title='Adicionar ao seu calend\u00e1rio'>Calend\u00e1rio<\/a><a href='\/\/www.google.com\/calendar\/event?action=TEMPLATE&amp;text=Aquatlo+da+Madeira+-+Camp.+Nac.+Jovem+Clubes&amp;dates=20160716T230500Z\/20160717T225500Z&amp;details=Em+17+de+Julho+ir%C3%A1+ocorrer+no+Funchal+mais+uma+etapa+do+Campeonato+Nacional+Jovem+de+Clubes.%0D%0A%0D%0ARegulamento+alterado%3A%0D%0A%0D%0ARegulamento+de+Prova+-+III+Coastel+Challenge+2016%0D%0A%0D%0APercursos+alterados%3A%0D%0A%0D%0APercursos&amp;location=Madeira - Madeira' target='_blank' class='evo_ics_gCal' title='Adicionar ao calend\u00e1rio Google'>GoogleCal<\/a><\/p>\t\r\n\t\t\t\t\t\t\t<\/div>\t\t\t\t\t\t<\/div>\r\n\t\t\t\t\t\t<\/div><div class='clear end'><\/div><\/div><div id=\"event_11835\" class=\"eventon_list_event evo_eventtop past_event event\" data-event_id=\"11835\" data-time=\"1468713900-1468799700\" data-colr=\"#0092e0\" itemscope itemtype='http:\/\/schema.org\/Event' 6><div class=\"evo_event_schema\" style=\"display:none\" ><a itemprop='url'  href='https:\/\/www.federacao-triatlo.pt\/ftp2015\/events\/iii-duatlo-de-vila-real-camp-reg-norte-individual-de-duatlo-cross\/'><\/a><span itemprop='name'  >III Duatlo de Vila Real - Camp. Reg. Norte Individual de Duatlo Cross<\/span><meta itemprop='image' content='https:\/\/www.federacao-triatlo.pt\/ftp2015\/wp-content\/uploads\/2016\/07\/Cartaz-Du-Vila-Real-2016-212x300.jpg' ><\/meta><meta itemprop='description' content='O 3\u00ba Duatlo Cidade Vila Real \u00e9 uma organiza\u00e7\u00e3o da Associa\u00e7\u00e3o Desportiva e Recreativa MondimFut em parceria com a C\u00e2mara Municipal de Vila Real, Associa\u00e7\u00e3o de Atletismo de Vila Real' ><\/meta><meta itemprop='startDate' content='2016-7-17' ><\/meta><meta itemprop='endDate' content='2016-7-17' ><\/meta><meta itemprop='eventStatus' content='on-schedule' ><\/meta><script type=\"application\/ld+json\">{\t\"@context\": \"http:\/\/schema.org\",\r\n\t\t\t\t\t\t\t  \t\"@type\": \"Event\",\r\n\t\t\t\t\t\t\t  \t\"name\": \"III Duatlo de Vila Real - Camp. Reg. Norte Individual de Duatlo Cross\",\r\n\t\t\t\t\t\t\t  \t\"startDate\": \"2016-7-17T00-00-05-00\",\r\n\t\t\t\t\t\t\t  \t\"endDate\": \"2016-7-17T23-23-55-00\",\r\n\t\t\t\t\t\t\t  \t\"image\":\"https:\/\/www.federacao-triatlo.pt\/ftp2015\/wp-content\/uploads\/2016\/07\/Cartaz-Du-Vila-Real-2016-212x300.jpg\",\r\n\t\t\t\t\t\t\t  \t\"description\":\"O 3\u00ba Duatlo Cidade Vila Real \u00e9 uma organiza\u00e7\u00e3o da Associa\u00e7\u00e3o Desportiva e Recreativa MondimFut em parceria com a C\u00e2mara Municipal de Vila Real, Associa\u00e7\u00e3o de Atletismo de Vila Real\",\r\n\t\t\t\t\t\t\t  \t\r\n\t\t\t\t\t\t\t }\r\n\t\t\t\t\t\t\t<\/script><\/div>\r\n\t\t\t\t<p class=\"desc_trig_outter\"><a data-gmap_status=\"null\" data-gmtrig=\"1\" data-exlk=\"0\" style=\"border-color: #0092e0;\" id=\"evc_146871390011835\" class=\"desc_trig evo_camp-reg evo_circuito-regional sin_val evcal_list_a\" data-ux_val=\"1\"  ><span class='evcal_cblock ' data-bgcolor='#0092e0' data-smon='Julho' data-syr='2016'><span class='evo_start '><em class='date'>17<\/em><em class='month'>jul<\/em><em class='time'>allday<\/em><\/span><span class='evo_end only_time'><em class='time'>allday<\/em><\/span><em class='clear'><\/em><\/span><span class='evcal_desc evo_info hide_eventtopdata '  data-location_status=\"false\" ><span class='evo_above_title'><\/span><span class='evcal_desc2 evcal_event_title' itemprop='name'>III Duatlo de Vila Real - Camp. Reg. Norte Individual de Duatlo Cross<\/span><span class='evo_below_title'><\/span><span class='evcal_desc_info' ><\/span><span class='evcal_desc3'><span class='evcal_event_types ett1'><em><i>Tipo de Evento:<\/i><\/em><em data-filter='event_type'>Camp. Regional,<\/em><em data-filter='event_type'>Circuito Regional<\/em><i class='clear'><\/i><\/span><\/span><\/span><em class='clear'><\/em><\/p><\/a><div class='event_description evcal_eventcard ' style=\"display:none\"><div class='evo_metarow_directimg'><img src='https:\/\/www.federacao-triatlo.pt\/ftp2015\/wp-content\/uploads\/2016\/07\/Cartaz-Du-Vila-Real-2016.jpg' \/><\/div><div class='evo_metarow_details evorow evcal_evdata_row bordb evcal_event_details'>\r\n\t\t\t\t\t\t\t<div class=\"event_excerpt\" style=\"display:none\"><h3 class=\"padb5 evo_h3\">Detalhes do Evento<\/h3><p>O 3\u00ba Duatlo Cidade Vila Real \u00e9 uma organiza\u00e7\u00e3o da Associa\u00e7\u00e3o Desportiva e Recreativa MondimFut em parceria com a C\u00e2mara Municipal de Vila Real, Associa\u00e7\u00e3o de Atletismo de Vila Real<\/p><\/div><span class='evcal_evdata_icons'><i class='fa fa-align-justify'><\/i><\/span>\r\n\t\t\t\t\t\t\t\r\n\t\t\t\t\t\t\t<div class='evcal_evdata_cell '><div class='eventon_full_description'>\r\n\t\t\t\t\t\t\t\t\t<h3 class='padb5 evo_h3'><span class='evcal_evdata_icons'><i class='fa fa-align-justify'><\/i><\/span>Detalhes do Evento<\/h3><div class='eventon_desc_in' itemprop='description'>\r\n\t\t\t\t\t\t\t\t\t<p>O 3\u00ba Duatlo Cidade Vila Real \u00e9 uma organiza\u00e7\u00e3o da Associa\u00e7\u00e3o Desportiva e Recreativa MondimFut em parceria com a C\u00e2mara Municipal de Vila Real, Associa\u00e7\u00e3o de Atletismo de Vila Real e NERVIR, com o apoio da Delega\u00e7\u00e3o Regional Norte da Federa\u00e7\u00e3o de Triatlo de Portugal.<\/p>\n<p>Inscri\u00e7\u00f5es e mais informa\u00e7\u00f5es em\u00a0http:\/\/delegacaoregional.wix.com\/triatlonorte#!duatlo-cidade-de-vila-real\/cbbww<\/p>\n<\/div><div class='clear'><\/div>\r\n\t\t\t\t\t\t\t\t<\/div>\r\n\t\t\t\t\t\t\t<\/div>\r\n\t\t\t\t\t\t<\/div><div class='evo_metarow_time evorow evcal_evdata_row bordb evcal_evrow_sm '>\r\n\t\t\t\t\t\t\t<span class='evcal_evdata_icons'><i class='fa fa-clock-o'><\/i><\/span>\r\n\t\t\t\t\t\t\t<div class='evcal_evdata_cell'>\t\t\t\t\t\t\t\r\n\t\t\t\t\t\t\t\t<h3 class='evo_h3'><span class='evcal_evdata_icons'><i class='fa fa-clock-o'><\/i><\/span>Hor\u00e1rio<\/h3><p>Todo o dia (Domingo)<\/p>\r\n\t\t\t\t\t\t\t<\/div>\r\n\t\t\t\t\t\t<\/div>\t\t\t\t\t\t<div class='evo_metarow_ICS evorow bordb evcal_evdata_row'>\r\n\t\t\t\t\t\t\t<span class=\"evcal_evdata_icons\"><i class=\"fa fa-calendar\"><\/i><\/span>\r\n\t\t\t\t\t\t\t<div class='evcal_evdata_cell'>\r\n\t\t\t\t\t\t\t\t<p><a href='https:\/\/www.federacao-triatlo.pt\/ftp2015\/wp-admin\/admin-ajax.php?action=eventon_ics_download&amp;event_id=11835&amp;sunix=20160716T230500Z&amp;eunix=20160717T225500Z&amp;loca=&amp;locn=' class='evo_ics_nCal' title='Adicionar ao seu calend\u00e1rio'>Calend\u00e1rio<\/a><a href='\/\/www.google.com\/calendar\/event?action=TEMPLATE&amp;text=III+Duatlo+de+Vila+Real+-+Camp.+Reg.+Norte+Individual+de+Duatlo+Cross&amp;dates=20160716T230500Z\/20160717T225500Z&amp;details=O+3%C2%BA+Duatlo+Cidade+Vila+Real+%C3%A9+uma+organiza%C3%A7%C3%A3o+da+Associa%C3%A7%C3%A3o+Desportiva+e+Recreativa+MondimFut+em+parceria+com+a+C%C3%A2mara+Municipal+de+Vila+Real%2C+Associa%C3%A7%C3%A3o+de+Atletismo+de+Vila+Real&amp;location= - ' target='_blank' class='evo_ics_gCal' title='Adicionar ao calend\u00e1rio Google'>GoogleCal<\/a><\/p>\t\r\n\t\t\t\t\t\t\t<\/div>\t\t\t\t\t\t<\/div>\r\n\t\t\t\t\t\t<\/div><div class='clear end'><\/div><\/div><div id=\"event_9433\" class=\"eventon_list_event evo_eventtop past_event event\" data-event_id=\"9433\" data-time=\"1469232000-1469318400\" data-colr=\"#0092e0\" itemscope itemtype='http:\/\/schema.org\/Event' 7><div class=\"evo_event_schema\" style=\"display:none\" ><a itemprop='url'  href='https:\/\/www.federacao-triatlo.pt\/ftp2015\/events\/triatlo-e-aquatlo-de-setubal\/'><\/a><span itemprop='name'  >Triatlo e Aquatlo de Set\u00fabal<\/span><meta itemprop='image'  ><\/meta><meta itemprop='description' content='Triatlo e Aquatlo de Set\u00fabal - Regulamento - PROVIS\u00d3RIO\u00a0\r\n\r\nPercursosCNJovem\r\n\r\nPercursosPCNIndividual\r\n\r\nPercursosProvaAberta\r\n\r\nSL Triatlo e Aquatlo Set\u00fabal (CN Individual)\r\n\r\nSL Triatlo e Aquatlo Set\u00fabal (CN Jovem)\r\n\r\nSL Triatlo e' ><\/meta><meta itemprop='startDate' content='2016-7-23' ><\/meta><meta itemprop='endDate' content='2016-7-24' ><\/meta><meta itemprop='eventStatus' content='on-schedule' ><\/meta>\r\n\t\t\t\t\t\t\t\t\t<item style=\"display:none\" itemprop=\"location\" itemscope itemtype=\"http:\/\/schema.org\/Place\">\r\n\t\t\t\t\t\t\t\t\t\t<span itemprop=\"name\">Set\u00fabal<\/span>\r\n\t\t\t\t\t\t\t\t\t\t<span itemprop=\"address\" itemscope itemtype=\"http:\/\/schema.org\/PostalAddress\">\r\n\t\t\t\t\t\t\t\t\t\t\t<item itemprop=\"streetAddress\">Parque Urbano de Albarquel<\/item>\r\n\t\t\t\t\t\t\t\t\t\t<\/span><\/item><script type=\"application\/ld+json\">{\t\"@context\": \"http:\/\/schema.org\",\r\n\t\t\t\t\t\t\t  \t\"@type\": \"Event\",\r\n\t\t\t\t\t\t\t  \t\"name\": \"Triatlo e Aquatlo de Set\u00fabal\",\r\n\t\t\t\t\t\t\t  \t\"startDate\": \"2016-7-23T00-00-00-00\",\r\n\t\t\t\t\t\t\t  \t\"endDate\": \"2016-7-24T00-00-00-00\",\r\n\t\t\t\t\t\t\t  \t\"image\":,\r\n\t\t\t\t\t\t\t  \t\"description\":\"Triatlo e Aquatlo de Set\u00fabal - Regulamento - PROVIS\u00d3RIO\u00a0\r\n\r\nPercursosCNJovem\r\n\r\nPercursosPCNIndividual\r\n\r\nPercursosProvaAberta\r\n\r\nSL Triatlo e Aquatlo Set\u00fabal (CN Individual)\r\n\r\nSL Triatlo e Aquatlo Set\u00fabal (CN Jovem)\r\n\r\nSL Triatlo e\",\r\n\t\t\t\t\t\t\t  \t\"location\":{\r\n\t\t\t\t\t\t\t\t\t\t\"@type\":\"Place\",\r\n\t\t\t\t\t\t\t\t\t\t\"name\":\"Set\u00fabal\",\r\n\t\t\t\t\t\t\t\t\t\t\"address\":\"Parque Urbano de Albarquel\"\r\n\t\t\t\t\t\t\t  \t\t}\r\n\t\t\t\t\t\t\t }\r\n\t\t\t\t\t\t\t<\/script><\/div>\r\n\t\t\t\t<p class=\"desc_trig_outter\"><a data-gmtrig=\"1\" data-exlk=\"0\" style=\"border-color: #0092e0;\" id=\"evc_14692320009433\" class=\"desc_trig evo_camp-nac-de-juvenis evo_camp-nac-individual-triatlo evo_camp-nac-jovem evo_prova-aberta mul_val evcal_list_a\" data-ux_val=\"1\"  ><span class='evcal_cblock ' data-bgcolor='#0092e0' data-smon='Julho' data-syr='2016'><span class='evo_start '><em class='date'>23<\/em><em class='month'>jul<\/em><em class='time'><i t=\"y\">(jul 23)<\/i>0:00<\/em><\/span><span class='evo_end '><em class='date'>24<\/em><em class='time'><i t=\"y\">(jul 24)<\/i>0:00<\/em><\/span><em class='clear'><\/em><\/span><span class='evcal_desc evo_info hide_eventtopdata ' data-latlng=\"38\u00b0 30,-8\u00b0 54\"  data-location_address=\"Parque Urbano de Albarquel\" data-location_type=\"lonlat\" data-location_name=\"Set\u00fabal\" data-location_status=\"true\" ><span class='evo_above_title'><\/span><span class='evcal_desc2 evcal_event_title' itemprop='name'>Triatlo e Aquatlo de Set\u00fabal<\/span><span class='evo_below_title'><\/span><span class='evcal_desc_info' ><em class=\"evcal_location\" data-latlng=\"38\u00b0 30,-8\u00b0 54\"  data-add_str=\"\"><em class=\"event_location_name\">Set\u00fabal<\/em><\/em><\/span><span class='evcal_desc3'><span class='evcal_event_types ett1'><em><i>Tipo de Evento:<\/i><\/em><em data-filter='event_type'>Camp. Nac. de Juvenis,<\/em><em data-filter='event_type'>Camp. Nac. Individual Triatlo,<\/em><em data-filter='event_type'>Camp. Nac. Jovem,<\/em><em data-filter='event_type'>Prova Aberta<\/em><i class='clear'><\/i><\/span><\/span><\/span><em class='clear'><\/em><\/p><\/a><div class='event_description evcal_eventcard ' style=\"display:none\"><div class='evo_metarow_details evorow evcal_evdata_row bordb evcal_event_details'>\r\n\t\t\t\t\t\t\t<div class=\"event_excerpt\" style=\"display:none\"><h3 class=\"padb5 evo_h3\">Detalhes do Evento<\/h3><p>Triatlo e Aquatlo de Set\u00fabal - Regulamento - PROVIS\u00d3RIO\u00a0\r\n\r\nPercursosCNJovem\r\n\r\nPercursosPCNIndividual\r\n\r\nPercursosProvaAberta\r\n\r\nSL Triatlo e Aquatlo Set\u00fabal (CN Individual)\r\n\r\nSL Triatlo e Aquatlo Set\u00fabal (CN Jovem)\r\n\r\nSL Triatlo e<\/p><\/div><span class='evcal_evdata_icons'><i class='fa fa-align-justify'><\/i><\/span>\r\n\t\t\t\t\t\t\t\r\n\t\t\t\t\t\t\t<div class='evcal_evdata_cell '><div class='eventon_full_description'>\r\n\t\t\t\t\t\t\t\t\t<h3 class='padb5 evo_h3'><span class='evcal_evdata_icons'><i class='fa fa-align-justify'><\/i><\/span>Detalhes do Evento<\/h3><div class='eventon_desc_in' itemprop='description'>\r\n\t\t\t\t\t\t\t\t\t<p><a href=\"https:\/\/www.federacao-triatlo.pt\/ftp2015\/wp-content\/uploads\/2016\/04\/Triatlo-e-Aquatlo-de-Set\u00fabal-Regulamento-PROVIS\u00d3RIO-1-3.pdf\">Triatlo e Aquatlo de Set\u00fabal &#8211; Regulamento &#8211; PROVIS\u00d3RIO\u00a0<\/a><\/p>\n<p><a href=\"https:\/\/www.federacao-triatlo.pt\/ftp2015\/wp-content\/uploads\/2016\/04\/PercursosCNJovemV3.pdf\">PercursosCNJove<\/a>m<\/p>\n<p><a href=\"https:\/\/www.federacao-triatlo.pt\/ftp2015\/wp-content\/uploads\/2016\/04\/PercursosPCNIndividualV3.pdf\">PercursosPCNIndividual<\/a><\/p>\n<p><a href=\"https:\/\/www.federacao-triatlo.pt\/ftp2015\/wp-content\/uploads\/2016\/04\/PercursosProvaAbertaV3.pdf\">PercursosProvaAberta<\/a><\/p>\n<p><a href=\"https:\/\/www.federacao-triatlo.pt\/ftp2015\/wp-content\/uploads\/2016\/04\/SL-Triatlo-e-Aquatlo-Set\u00fabal-CN-Individual.pdf\">SL Triatlo e Aquatlo Set\u00fabal (CN Individual)<\/a><\/p>\n<p><a href=\"https:\/\/www.federacao-triatlo.pt\/ftp2015\/wp-content\/uploads\/2016\/04\/SL-Triatlo-e-Aquatlo-Set\u00fabal-CN-Jovem.pdf\">SL Triatlo e Aquatlo Set\u00fabal (CN Jovem)<\/a><\/p>\n<p><a href=\"https:\/\/www.federacao-triatlo.pt\/ftp2015\/wp-content\/uploads\/2016\/04\/SL-Triatlo-e-Aquatlo-Set\u00fabal-Prova-Aberta.pdf\">SL Triatlo e Aquatlo Set\u00fabal (Prova Aberta)<\/a><\/p>\n<p>&nbsp;<\/p>\n<p>&nbsp;<\/p>\n<p>&nbsp;<\/p>\n<p>&nbsp;<\/p>\n<p><a href=\"https:\/\/www.federacao-triatlo.pt\/ftp2015\/wp-content\/uploads\/2016\/04\/logoCMSetubal.png\"><img class=\"alignnone wp-image-12188\" src=\"https:\/\/www.federacao-triatlo.pt\/ftp2015\/wp-content\/uploads\/2016\/04\/logoCMSetubal.png\" alt=\"logoCMSetubal\" width=\"173\" height=\"119\" \/><\/a>\u00a0 \u00a0 \u00a0 \u00a0 \u00a0 \u00a0 \u00a0 \u00a0 \u00a0 \u00a0 \u00a0 \u00a0 \u00a0 \u00a0 \u00a0 \u00a0 \u00a0 \u00a0 \u00a0 \u00a0 \u00a0 \u00a0 \u00a0 \u00a0 \u00a0 \u00a0 \u00a0 \u00a0 \u00a0 \u00a0 \u00a0 \u00a0 \u00a0 \u00a0 \u00a0 \u00a0 \u00a0 \u00a0\u00a0<a href=\"https:\/\/www.federacao-triatlo.pt\/ftp2015\/wp-content\/uploads\/2016\/04\/Imagem1-1.png\"><img class=\"alignnone size-medium wp-image-12189\" src=\"https:\/\/www.federacao-triatlo.pt\/ftp2015\/wp-content\/uploads\/2016\/04\/Imagem1-1-300x145.png\" alt=\"Imagem1\" width=\"300\" height=\"145\" \/><\/a><\/p>\n<p>&nbsp;<\/p>\n<\/div><div class='clear'><\/div>\r\n\t\t\t\t\t\t\t\t<\/div>\r\n\t\t\t\t\t\t\t<\/div>\r\n\t\t\t\t\t\t<\/div><div class='evo_metarow_gmap evorow evcal_gmaps bordb ' id='evc146923200069f3d1771b4409433_gmap' style='max-width:none'><\/div><div class='evo_metarow_getDr evorow evcal_evdata_row bordb evcal_evrow_sm getdirections'>\r\n\t\t\t\t\t\t<form action='https:\/\/maps.google.com\/maps' method='get' target='_blank'>\r\n\t\t\t\t\t\t<input type='hidden' name='daddr' value='Parque Urbano de Albarquel'\/> \r\n\t\t\t\t\t\t<p><input class='evoInput' type='text' name='saddr' placeholder='Escreva a morada' value=''\/>\r\n\t\t\t\t\t\t<button type='submit' class='evcal_evdata_icons evcalicon_9' title='Clique aqui para obter as dire\u00e7\u00f5es'><i class='fa fa-road'><\/i><\/button>\r\n\t\t\t\t\t\t<\/p><\/form>\r\n\t\t\t\t\t<\/div><div class='evo_metarow_time_location evorow bordb '>\r\n\t\t\t\t\t\t<div class='tb' >\r\n\t\t\t\t\t\t\t<div class='tbrow'>\r\n\t\t\t\t\t\t\t<div class='evcal_col50 bordr'>\r\n\t\t\t\t\t\t\t\t<div class='evcal_evdata_row evo_time'>\r\n\t\t\t\t\t\t\t\t\t<span class='evcal_evdata_icons'><i class='fa fa-clock-o'><\/i><\/span>\r\n\t\t\t\t\t\t\t\t\t<div class='evcal_evdata_cell'>\t\t\t\t\t\t\t\r\n\t\t\t\t\t\t\t\t\t\t<h3 class='evo_h3'><span class='evcal_evdata_icons'><i class='fa fa-clock-o'><\/i><\/span>Hor\u00e1rio<\/h3>\r\n\t\t\t\t\t\t\t\t\t\t<p>23 (S\u00e1bado) 0:00 - 24 (Domingo) 0:00<\/p>\r\n\t\t\t\t\t\t\t\t\t<\/div>\r\n\t\t\t\t\t\t\t\t<\/div>\r\n\t\t\t\t\t\t\t<\/div><div class='evcal_col50'>\r\n\t\t\t\t\t\t\t\t<div class='evcal_evdata_row evo_location'>\r\n\t\t\t\t\t\t\t\t\t<span class='evcal_evdata_icons'><i class='fa fa-map-marker'><\/i><\/span>\r\n\t\t\t\t\t\t\t\t\t<div class='evcal_evdata_cell' data-loc_tax_id='123'>\t\t\t\t\t\t\t\r\n\t\t\t\t\t\t\t\t\t\t<h3 class='evo_h3'><span class='evcal_evdata_icons'><i class='fa fa-map-marker'><\/i><\/span>Localiza\u00e7\u00e3o<\/h3><p class='evo_location_name'>Set\u00fabal<\/p><p>Parque Urbano de Albarquel<\/p>\r\n\t\t\t\t\t\t\t\t\t<\/div>\r\n\t\t\t\t\t\t\t\t<\/div>\r\n\t\t\t\t\t\t\t<\/div><div class='clear'><\/div>\r\n\t\t\t\t\t\t\t<\/div><\/div>\r\n\t\t\t\t\t\t<\/div><div class='evo_metarow_organizer evorow evcal_evdata_row bordb evcal_evrow_sm '>\r\n\t\t\t\t\t\t\t<span class='evcal_evdata_icons'><i class='fa fa-headphones'><\/i><\/span>\r\n\t\t\t\t\t\t\t<div class='evcal_evdata_cell'>\t\t\t\t\t\t\t\r\n\t\t\t\t\t\t\t\t<h3 class='evo_h3'>Evento organizado por<\/h3>\r\n\t\t\t\t\t\t\t\t\r\n\t\t\t\t\t\t\t\t<div class='evo_card_organizer'><p class='evo_data_val evo_card_organizer_name'>\r\n\t\t\t\t\t\t\t\t\t<span class='evo_card_organizer_name_t'>FTP \/ C\u00e2mara Municipal de Set\u00fabal<\/span>\r\n\t\t\t\t\t\t\t\t\t\r\n\t\t\t\t\t\t\t\t\t<\/p><\/div><div class='clear'><\/div>\t\t\t\t\t\t\t\r\n\t\t\t\t\t\t\t<\/div>\r\n\t\t\t\t\t\t<\/div>\t\t\t\t\t\t<div class='evo_metarow_ICS evorow bordb evcal_evdata_row'>\r\n\t\t\t\t\t\t\t<span class=\"evcal_evdata_icons\"><i class=\"fa fa-calendar\"><\/i><\/span>\r\n\t\t\t\t\t\t\t<div class='evcal_evdata_cell'>\r\n\t\t\t\t\t\t\t\t<p><a href='https:\/\/www.federacao-triatlo.pt\/ftp2015\/wp-admin\/admin-ajax.php?action=eventon_ics_download&amp;event_id=9433&amp;sunix=20160722T230000Z&amp;eunix=20160723T230000Z&amp;loca=Parque Urbano de Albarquel&amp;locn=Set\u00fabal' class='evo_ics_nCal' title='Adicionar ao seu calend\u00e1rio'>Calend\u00e1rio<\/a><a href='\/\/www.google.com\/calendar\/event?action=TEMPLATE&amp;text=Triatlo+e+Aquatlo+de+Set%C3%BAbal&amp;dates=20160722T230000Z\/20160723T230000Z&amp;details=Triatlo+e+Aquatlo+de+Set%C3%BAbal+-+Regulamento+-+PROVIS%C3%93RIO%C2%A0%0D%0A%0D%0APercursosCNJovem%0D%0A%0D%0APercursosPCNIndividual%0D%0A%0D%0APercursosProvaAberta%0D%0A%0D%0ASL+Triatlo+e+Aquatlo+Set%C3%BAbal+%28CN+Individual%29%0D%0A%0D%0ASL+Triatlo+e+Aquatlo+Set%C3%BAbal+%28CN+Jovem%29%0D%0A%0D%0ASL+Triatlo+e&amp;location=Set%C3%BAbal - Parque+Urbano+de+Albarquel' target='_blank' class='evo_ics_gCal' title='Adicionar ao calend\u00e1rio Google'>GoogleCal<\/a><\/p>\t\r\n\t\t\t\t\t\t\t<\/div>\t\t\t\t\t\t<\/div>\r\n\t\t\t\t\t\t<\/div><div class='clear end'><\/div><\/div><div id=\"event_11837\" class=\"eventon_list_event evo_eventtop past_event event\" data-event_id=\"11837\" data-time=\"1469232300-1469318100\" data-colr=\"#0092e0\" itemscope itemtype='http:\/\/schema.org\/Event' 8><div class=\"evo_event_schema\" style=\"display:none\" ><a itemprop='url'  href='https:\/\/www.federacao-triatlo.pt\/ftp2015\/events\/ii-triatlo-das-andorinhas-p-lanhoso-circuito-regional-norte\/'><\/a><span itemprop='name'  >II Triatlo das Andorinhas - P. Lanhoso - Circuito Regional Norte<\/span><meta itemprop='image' content='https:\/\/www.federacao-triatlo.pt\/ftp2015\/wp-content\/uploads\/2016\/07\/Cartaz-Triatlo-das-Andorinhas-2016-212x300.jpg' ><\/meta><meta itemprop='description' content='O II Triatlo das Andorinhas, P\u00f3voa de Lanhoso,\u00a0ir\u00e1 ter lugar no dia 23 de Julho pr\u00f3ximo.\r\n\r\nInscri\u00e7\u00f5es e mais informa\u00e7\u00f5es em http:\/\/delegacaoregional.wix.com\/triatlonorte#!triatlo-das-andorinhas\/snd5v\r\n\r\n&nbsp;' ><\/meta><meta itemprop='startDate' content='2016-7-23' ><\/meta><meta itemprop='endDate' content='2016-7-23' ><\/meta><meta itemprop='eventStatus' content='on-schedule' ><\/meta><script type=\"application\/ld+json\">{\t\"@context\": \"http:\/\/schema.org\",\r\n\t\t\t\t\t\t\t  \t\"@type\": \"Event\",\r\n\t\t\t\t\t\t\t  \t\"name\": \"II Triatlo das Andorinhas - P. Lanhoso - Circuito Regional Norte\",\r\n\t\t\t\t\t\t\t  \t\"startDate\": \"2016-7-23T00-00-05-00\",\r\n\t\t\t\t\t\t\t  \t\"endDate\": \"2016-7-23T23-23-55-00\",\r\n\t\t\t\t\t\t\t  \t\"image\":\"https:\/\/www.federacao-triatlo.pt\/ftp2015\/wp-content\/uploads\/2016\/07\/Cartaz-Triatlo-das-Andorinhas-2016-212x300.jpg\",\r\n\t\t\t\t\t\t\t  \t\"description\":\"O II Triatlo das Andorinhas, P\u00f3voa de Lanhoso,\u00a0ir\u00e1 ter lugar no dia 23 de Julho pr\u00f3ximo.\r\n\r\nInscri\u00e7\u00f5es e mais informa\u00e7\u00f5es em http:\/\/delegacaoregional.wix.com\/triatlonorte#!triatlo-das-andorinhas\/snd5v\r\n\r\n&nbsp;\",\r\n\t\t\t\t\t\t\t  \t\r\n\t\t\t\t\t\t\t }\r\n\t\t\t\t\t\t\t<\/script><\/div>\r\n\t\t\t\t<p class=\"desc_trig_outter\"><a data-gmap_status=\"null\" data-gmtrig=\"1\" data-exlk=\"0\" style=\"border-color: #0092e0;\" id=\"evc_146923230011837\" class=\"desc_trig evo_circuito-regional evo_prova-aberta sin_val evcal_list_a\" data-ux_val=\"1\"  ><span class='evcal_cblock ' data-bgcolor='#0092e0' data-smon='Julho' data-syr='2016'><span class='evo_start '><em class='date'>23<\/em><em class='month'>jul<\/em><em class='time'>allday<\/em><\/span><span class='evo_end only_time'><em class='time'>allday<\/em><\/span><em class='clear'><\/em><\/span><span class='evcal_desc evo_info hide_eventtopdata '  data-location_status=\"false\" ><span class='evo_above_title'><\/span><span class='evcal_desc2 evcal_event_title' itemprop='name'>II Triatlo das Andorinhas - P. Lanhoso - Circuito Regional Norte<\/span><span class='evo_below_title'><\/span><span class='evcal_desc_info' ><\/span><span class='evcal_desc3'><span class='evcal_event_types ett1'><em><i>Tipo de Evento:<\/i><\/em><em data-filter='event_type'>Circuito Regional,<\/em><em data-filter='event_type'>Prova Aberta<\/em><i class='clear'><\/i><\/span><\/span><\/span><em class='clear'><\/em><\/p><\/a><div class='event_description evcal_eventcard ' style=\"display:none\"><div class='evo_metarow_directimg'><img src='https:\/\/www.federacao-triatlo.pt\/ftp2015\/wp-content\/uploads\/2016\/07\/Cartaz-Triatlo-das-Andorinhas-2016.jpg' \/><\/div><div class='evo_metarow_details evorow evcal_evdata_row bordb evcal_event_details'>\r\n\t\t\t\t\t\t\t<div class=\"event_excerpt\" style=\"display:none\"><h3 class=\"padb5 evo_h3\">Detalhes do Evento<\/h3><p>O II Triatlo das Andorinhas, P\u00f3voa de Lanhoso,\u00a0ir\u00e1 ter lugar no dia 23 de Julho pr\u00f3ximo.\r\n\r\nInscri\u00e7\u00f5es e mais informa\u00e7\u00f5es em http:\/\/delegacaoregional.wix.com\/triatlonorte#!triatlo-das-andorinhas\/snd5v\r\n\r\n&nbsp;<\/p><\/div><span class='evcal_evdata_icons'><i class='fa fa-align-justify'><\/i><\/span>\r\n\t\t\t\t\t\t\t\r\n\t\t\t\t\t\t\t<div class='evcal_evdata_cell '><div class='eventon_full_description'>\r\n\t\t\t\t\t\t\t\t\t<h3 class='padb5 evo_h3'><span class='evcal_evdata_icons'><i class='fa fa-align-justify'><\/i><\/span>Detalhes do Evento<\/h3><div class='eventon_desc_in' itemprop='description'>\r\n\t\t\t\t\t\t\t\t\t<p>O II Triatlo das Andorinhas, P\u00f3voa de Lanhoso,\u00a0ir\u00e1 ter lugar no dia 23 de Julho pr\u00f3ximo.<\/p>\n<p>Inscri\u00e7\u00f5es e mais informa\u00e7\u00f5es em http:\/\/delegacaoregional.wix.com\/triatlonorte#!triatlo-das-andorinhas\/snd5v<\/p>\n<p>&nbsp;<\/p>\n<\/div><div class='clear'><\/div>\r\n\t\t\t\t\t\t\t\t<\/div>\r\n\t\t\t\t\t\t\t<\/div>\r\n\t\t\t\t\t\t<\/div><div class='evo_metarow_time evorow evcal_evdata_row bordb evcal_evrow_sm '>\r\n\t\t\t\t\t\t\t<span class='evcal_evdata_icons'><i class='fa fa-clock-o'><\/i><\/span>\r\n\t\t\t\t\t\t\t<div class='evcal_evdata_cell'>\t\t\t\t\t\t\t\r\n\t\t\t\t\t\t\t\t<h3 class='evo_h3'><span class='evcal_evdata_icons'><i class='fa fa-clock-o'><\/i><\/span>Hor\u00e1rio<\/h3><p>Todo o dia (S\u00e1bado)<\/p>\r\n\t\t\t\t\t\t\t<\/div>\r\n\t\t\t\t\t\t<\/div>\t\t\t\t\t\t<div class='evo_metarow_ICS evorow bordb evcal_evdata_row'>\r\n\t\t\t\t\t\t\t<span class=\"evcal_evdata_icons\"><i class=\"fa fa-calendar\"><\/i><\/span>\r\n\t\t\t\t\t\t\t<div class='evcal_evdata_cell'>\r\n\t\t\t\t\t\t\t\t<p><a href='https:\/\/www.federacao-triatlo.pt\/ftp2015\/wp-admin\/admin-ajax.php?action=eventon_ics_download&amp;event_id=11837&amp;sunix=20160722T230500Z&amp;eunix=20160723T225500Z&amp;loca=&amp;locn=' class='evo_ics_nCal' title='Adicionar ao seu calend\u00e1rio'>Calend\u00e1rio<\/a><a href='\/\/www.google.com\/calendar\/event?action=TEMPLATE&amp;text=II+Triatlo+das+Andorinhas+-+P.+Lanhoso+-+Circuito+Regional+Norte&amp;dates=20160722T230500Z\/20160723T225500Z&amp;details=O+II+Triatlo+das+Andorinhas%2C+P%C3%B3voa+de+Lanhoso%2C%C2%A0ir%C3%A1+ter+lugar+no+dia+23+de+Julho+pr%C3%B3ximo.%0D%0A%0D%0AInscri%C3%A7%C3%B5es+e+mais+informa%C3%A7%C3%B5es+em+http%3A%2F%2Fdelegacaoregional.wix.com%2Ftriatlonorte%23%21triatlo-das-andorinhas%2Fsnd5v%0D%0A%0D%0A%26nbsp%3B&amp;location= - ' target='_blank' class='evo_ics_gCal' title='Adicionar ao calend\u00e1rio Google'>GoogleCal<\/a><\/p>\t\r\n\t\t\t\t\t\t\t<\/div>\t\t\t\t\t\t<\/div>\r\n\t\t\t\t\t\t<\/div><div class='clear end'><\/div><\/div><div id=\"event_11842\" class=\"eventon_list_event evo_eventtop past_event event\" data-event_id=\"11842\" data-time=\"1469318700-1469404500\" data-colr=\"#0092e0\" itemscope itemtype='http:\/\/schema.org\/Event' 9><div class=\"evo_event_schema\" style=\"display:none\" ><a itemprop='url'  href='https:\/\/www.federacao-triatlo.pt\/ftp2015\/events\/i-duatlo-margens-do-homem-soutelo-braga\/'><\/a><span itemprop='name'  >I Duatlo Margens do Homem - Soutelo - Braga<\/span><meta itemprop='image' content='https:\/\/www.federacao-triatlo.pt\/ftp2015\/wp-content\/uploads\/2016\/07\/Cartaz-Duatlo-Margens-do-Homem-2016-214x300.jpg' ><\/meta><meta itemprop='description' content='O\u00a0I Duatlo Margens do Homem - Soutelo - Braga ir\u00e1 ter lugar no dia 24 de Julho pr\u00f3ximo.\r\n\r\nInsric\u00f5es e informa\u00e7\u00f5es em http:\/\/delegacaoregional.wix.com\/triatlonorte#!duatlo-margens-do-homem\/y7ez8\r\n\r\n&nbsp;\r\n\r\n&nbsp;' ><\/meta><meta itemprop='startDate' content='2016-7-24' ><\/meta><meta itemprop='endDate' content='2016-7-24' ><\/meta><meta itemprop='eventStatus' content='on-schedule' ><\/meta><script type=\"application\/ld+json\">{\t\"@context\": \"http:\/\/schema.org\",\r\n\t\t\t\t\t\t\t  \t\"@type\": \"Event\",\r\n\t\t\t\t\t\t\t  \t\"name\": \"I Duatlo Margens do Homem - Soutelo - Braga\",\r\n\t\t\t\t\t\t\t  \t\"startDate\": \"2016-7-24T00-00-05-00\",\r\n\t\t\t\t\t\t\t  \t\"endDate\": \"2016-7-24T23-23-55-00\",\r\n\t\t\t\t\t\t\t  \t\"image\":\"https:\/\/www.federacao-triatlo.pt\/ftp2015\/wp-content\/uploads\/2016\/07\/Cartaz-Duatlo-Margens-do-Homem-2016-214x300.jpg\",\r\n\t\t\t\t\t\t\t  \t\"description\":\"O\u00a0I Duatlo Margens do Homem - Soutelo - Braga ir\u00e1 ter lugar no dia 24 de Julho pr\u00f3ximo.\r\n\r\nInsric\u00f5es e informa\u00e7\u00f5es em http:\/\/delegacaoregional.wix.com\/triatlonorte#!duatlo-margens-do-homem\/y7ez8\r\n\r\n&nbsp;\r\n\r\n&nbsp;\",\r\n\t\t\t\t\t\t\t  \t\r\n\t\t\t\t\t\t\t }\r\n\t\t\t\t\t\t\t<\/script><\/div>\r\n\t\t\t\t<p class=\"desc_trig_outter\"><a data-gmap_status=\"null\" data-gmtrig=\"1\" data-exlk=\"0\" style=\"border-color: #0092e0;\" id=\"evc_146931870011842\" class=\"desc_trig evo_circuito-regional evo_prova-aberta sin_val evcal_list_a\" data-ux_val=\"1\"  ><span class='evcal_cblock ' data-bgcolor='#0092e0' data-smon='Julho' data-syr='2016'><span class='evo_start '><em class='date'>24<\/em><em class='month'>jul<\/em><em class='time'>allday<\/em><\/span><span class='evo_end only_time'><em class='time'>allday<\/em><\/span><em class='clear'><\/em><\/span><span class='evcal_desc evo_info hide_eventtopdata '  data-location_status=\"false\" ><span class='evo_above_title'><\/span><span class='evcal_desc2 evcal_event_title' itemprop='name'>I Duatlo Margens do Homem - Soutelo - Braga<\/span><span class='evo_below_title'><\/span><span class='evcal_desc_info' ><\/span><span class='evcal_desc3'><span class='evcal_event_types ett1'><em><i>Tipo de Evento:<\/i><\/em><em data-filter='event_type'>Circuito Regional,<\/em><em data-filter='event_type'>Prova Aberta<\/em><i class='clear'><\/i><\/span><\/span><\/span><em class='clear'><\/em><\/p><\/a><div class='event_description evcal_eventcard ' style=\"display:none\"><div class='evo_metarow_directimg'><img src='https:\/\/www.federacao-triatlo.pt\/ftp2015\/wp-content\/uploads\/2016\/07\/Cartaz-Duatlo-Margens-do-Homem-2016.jpg' \/><\/div><div class='evo_metarow_details evorow evcal_evdata_row bordb evcal_event_details'>\r\n\t\t\t\t\t\t\t<div class=\"event_excerpt\" style=\"display:none\"><h3 class=\"padb5 evo_h3\">Detalhes do Evento<\/h3><p>O\u00a0I Duatlo Margens do Homem - Soutelo - Braga ir\u00e1 ter lugar no dia 24 de Julho pr\u00f3ximo.\r\n\r\nInsric\u00f5es e informa\u00e7\u00f5es em http:\/\/delegacaoregional.wix.com\/triatlonorte#!duatlo-margens-do-homem\/y7ez8\r\n\r\n&nbsp;\r\n\r\n&nbsp;<\/p><\/div><span class='evcal_evdata_icons'><i class='fa fa-align-justify'><\/i><\/span>\r\n\t\t\t\t\t\t\t\r\n\t\t\t\t\t\t\t<div class='evcal_evdata_cell '><div class='eventon_full_description'>\r\n\t\t\t\t\t\t\t\t\t<h3 class='padb5 evo_h3'><span class='evcal_evdata_icons'><i class='fa fa-align-justify'><\/i><\/span>Detalhes do Evento<\/h3><div class='eventon_desc_in' itemprop='description'>\r\n\t\t\t\t\t\t\t\t\t<p>O\u00a0I Duatlo Margens do Homem &#8211; Soutelo &#8211; Braga ir\u00e1 ter lugar no dia 24 de Julho pr\u00f3ximo.<\/p>\n<p>Insric\u00f5es e informa\u00e7\u00f5es em http:\/\/delegacaoregional.wix.com\/triatlonorte#!duatlo-margens-do-homem\/y7ez8<\/p>\n<p>&nbsp;<\/p>\n<p>&nbsp;<\/p>\n<\/div><div class='clear'><\/div>\r\n\t\t\t\t\t\t\t\t<\/div>\r\n\t\t\t\t\t\t\t<\/div>\r\n\t\t\t\t\t\t<\/div><div class='evo_metarow_time evorow evcal_evdata_row bordb evcal_evrow_sm '>\r\n\t\t\t\t\t\t\t<span class='evcal_evdata_icons'><i class='fa fa-clock-o'><\/i><\/span>\r\n\t\t\t\t\t\t\t<div class='evcal_evdata_cell'>\t\t\t\t\t\t\t\r\n\t\t\t\t\t\t\t\t<h3 class='evo_h3'><span class='evcal_evdata_icons'><i class='fa fa-clock-o'><\/i><\/span>Hor\u00e1rio<\/h3><p>Todo o dia (Domingo)<\/p>\r\n\t\t\t\t\t\t\t<\/div>\r\n\t\t\t\t\t\t<\/div>\t\t\t\t\t\t<div class='evo_metarow_ICS evorow bordb evcal_evdata_row'>\r\n\t\t\t\t\t\t\t<span class=\"evcal_evdata_icons\"><i class=\"fa fa-calendar\"><\/i><\/span>\r\n\t\t\t\t\t\t\t<div class='evcal_evdata_cell'>\r\n\t\t\t\t\t\t\t\t<p><a href='https:\/\/www.federacao-triatlo.pt\/ftp2015\/wp-admin\/admin-ajax.php?action=eventon_ics_download&amp;event_id=11842&amp;sunix=20160723T230500Z&amp;eunix=20160724T225500Z&amp;loca=&amp;locn=' class='evo_ics_nCal' title='Adicionar ao seu calend\u00e1rio'>Calend\u00e1rio<\/a><a href='\/\/www.google.com\/calendar\/event?action=TEMPLATE&amp;text=I+Duatlo+Margens+do+Homem+-+Soutelo+-+Braga&amp;dates=20160723T230500Z\/20160724T225500Z&amp;details=O%C2%A0I+Duatlo+Margens+do+Homem+-+Soutelo+-+Braga+ir%C3%A1+ter+lugar+no+dia+24+de+Julho+pr%C3%B3ximo.%0D%0A%0D%0AInsric%C3%B5es+e+informa%C3%A7%C3%B5es+em+http%3A%2F%2Fdelegacaoregional.wix.com%2Ftriatlonorte%23%21duatlo-margens-do-homem%2Fy7ez8%0D%0A%0D%0A%26nbsp%3B%0D%0A%0D%0A%26nbsp%3B&amp;location= - ' target='_blank' class='evo_ics_gCal' title='Adicionar ao calend\u00e1rio Google'>GoogleCal<\/a><\/p>\t\r\n\t\t\t\t\t\t\t<\/div>\t\t\t\t\t\t<\/div>\r\n\t\t\t\t\t\t<\/div><div class='clear end'><\/div><\/div><div id=\"event_9490\" class=\"eventon_list_event evo_eventtop past_event event\" data-event_id=\"9490\" data-time=\"1469837100-1469922900\" data-colr=\"#0092e0\" itemscope itemtype='http:\/\/schema.org\/Event' 10><div class=\"evo_event_schema\" style=\"display:none\" ><a itemprop='url'  href='https:\/\/www.federacao-triatlo.pt\/ftp2015\/events\/triatlo-de-abrantes-3\/'><\/a><span itemprop='name'  >III Ta\u00e7a de Portugal PORTerra ( Triatlo ) de Abrantes ( Aldeia do Mato )<\/span><meta itemprop='image'  ><\/meta><meta itemprop='description' content='Triatlo de Abrantes - Regulamento\u00a0( Provis\u00f3rio )\r\n\r\nTriatlo de Abrantes - Ta\u00e7a de Protugal PORterra - Percurso\r\n\r\nSL Triatlo de Abrantes (Ta\u00e7a Portugal PORTerra)\r\n\r\n&nbsp;\r\n\r\n&nbsp;\r\n\r\n&nbsp;\r\n\r\n' ><\/meta><meta itemprop='startDate' content='2016-7-30' ><\/meta><meta itemprop='endDate' content='2016-7-30' ><\/meta><meta itemprop='eventStatus' content='on-schedule' ><\/meta>\r\n\t\t\t\t\t\t\t\t\t<item style=\"display:none\" itemprop=\"location\" itemscope itemtype=\"http:\/\/schema.org\/Place\">\r\n\t\t\t\t\t\t\t\t\t\t<span itemprop=\"name\">Abrantes<\/span>\r\n\t\t\t\t\t\t\t\t\t\t<span itemprop=\"address\" itemscope itemtype=\"http:\/\/schema.org\/PostalAddress\">\r\n\t\t\t\t\t\t\t\t\t\t\t<item itemprop=\"streetAddress\">Parque Urbano de S. Louren\u00e7o<\/item>\r\n\t\t\t\t\t\t\t\t\t\t<\/span><\/item><script type=\"application\/ld+json\">{\t\"@context\": \"http:\/\/schema.org\",\r\n\t\t\t\t\t\t\t  \t\"@type\": \"Event\",\r\n\t\t\t\t\t\t\t  \t\"name\": \"III Ta\u00e7a de Portugal PORTerra ( Triatlo ) de Abrantes ( Aldeia do Mato )\",\r\n\t\t\t\t\t\t\t  \t\"startDate\": \"2016-7-30T00-00-05-00\",\r\n\t\t\t\t\t\t\t  \t\"endDate\": \"2016-7-30T23-23-55-00\",\r\n\t\t\t\t\t\t\t  \t\"image\":,\r\n\t\t\t\t\t\t\t  \t\"description\":\"Triatlo de Abrantes - Regulamento\u00a0( Provis\u00f3rio )\r\n\r\nTriatlo de Abrantes - Ta\u00e7a de Protugal PORterra - Percurso\r\n\r\nSL Triatlo de Abrantes (Ta\u00e7a Portugal PORTerra)\r\n\r\n&nbsp;\r\n\r\n&nbsp;\r\n\r\n&nbsp;\r\n\r\n\",\r\n\t\t\t\t\t\t\t  \t\"location\":{\r\n\t\t\t\t\t\t\t\t\t\t\"@type\":\"Place\",\r\n\t\t\t\t\t\t\t\t\t\t\"name\":\"Abrantes\",\r\n\t\t\t\t\t\t\t\t\t\t\"address\":\"Parque Urbano de S. Louren\u00e7o\"\r\n\t\t\t\t\t\t\t  \t\t}\r\n\t\t\t\t\t\t\t }\r\n\t\t\t\t\t\t\t<\/script><\/div>\r\n\t\t\t\t<p class=\"desc_trig_outter\"><a data-gmtrig=\"1\" data-exlk=\"0\" style=\"border-color: #0092e0;\" id=\"evc_14698371009490\" class=\"desc_trig evo_taca-portugal-porterra sin_val evcal_list_a\" data-ux_val=\"1\"  ><span class='evcal_cblock ' data-bgcolor='#0092e0' data-smon='Julho' data-syr='2016'><span class='evo_start '><em class='date'>30<\/em><em class='month'>jul<\/em><em class='time'>allday<\/em><\/span><span class='evo_end only_time'><em class='time'>allday<\/em><\/span><em class='clear'><\/em><\/span><span class='evcal_desc evo_info hide_eventtopdata ' data-latlng=\"39.47532496720054 ,-8.217836879260222\"  data-location_address=\"Parque Urbano de S. Louren\u00e7o\" data-location_type=\"lonlat\" data-location_name=\"Abrantes\" data-location_status=\"true\" ><span class='evo_above_title'><\/span><span class='evcal_desc2 evcal_event_title' itemprop='name'>III Ta\u00e7a de Portugal PORTerra ( Triatlo ) de Abrantes ( Aldeia do Mato )<\/span><span class='evo_below_title'><\/span><span class='evcal_desc_info' ><em class=\"evcal_location\" data-latlng=\"39.47532496720054 ,-8.217836879260222\"  data-add_str=\"\"><em class=\"event_location_name\">Abrantes<\/em><\/em><\/span><span class='evcal_desc3'><span class='evcal_event_types ett1'><em><i>Tipo de Evento:<\/i><\/em><em data-filter='event_type'>Ta\u00e7a de Portugal PORTerra<\/em><i class='clear'><\/i><\/span><\/span><\/span><em class='clear'><\/em><\/p><\/a><div class='event_description evcal_eventcard ' style=\"display:none\"><div class='evo_metarow_details evorow evcal_evdata_row bordb evcal_event_details'>\r\n\t\t\t\t\t\t\t<div class=\"event_excerpt\" style=\"display:none\"><h3 class=\"padb5 evo_h3\">Detalhes do Evento<\/h3><p>Triatlo de Abrantes - Regulamento\u00a0( Provis\u00f3rio )\r\n\r\nTriatlo de Abrantes - Ta\u00e7a de Protugal PORterra - Percurso\r\n\r\nSL Triatlo de Abrantes (Ta\u00e7a Portugal PORTerra)\r\n\r\n&nbsp;\r\n\r\n&nbsp;\r\n\r\n&nbsp;\r\n\r\n<\/p><\/div><span class='evcal_evdata_icons'><i class='fa fa-align-justify'><\/i><\/span>\r\n\t\t\t\t\t\t\t\r\n\t\t\t\t\t\t\t<div class='evcal_evdata_cell '><div class='eventon_full_description'>\r\n\t\t\t\t\t\t\t\t\t<h3 class='padb5 evo_h3'><span class='evcal_evdata_icons'><i class='fa fa-align-justify'><\/i><\/span>Detalhes do Evento<\/h3><div class='eventon_desc_in' itemprop='description'>\r\n\t\t\t\t\t\t\t\t\t<p><a href=\"https:\/\/www.federacao-triatlo.pt\/ftp2015\/wp-content\/uploads\/2016\/05\/2016-07-30-Triatlo-de-Abrantes-Regulamento.pdf\">Triatlo de Abrantes &#8211; Regulamento<\/a>\u00a0( Provis\u00f3rio )<\/p>\n<p><a href=\"https:\/\/www.federacao-triatlo.pt\/ftp2015\/wp-content\/uploads\/2016\/05\/2015-08-01-Triatlo-de-Abrantes-Ta\u00e7a-de-Protugal-PORterra-Percurso-1.pdf\">Triatlo de Abrantes &#8211; Ta\u00e7a de Protugal PORterra &#8211; Percurso<\/a><\/p>\n<p><a href=\"https:\/\/www.federacao-triatlo.pt\/ftp2015\/wp-content\/uploads\/2016\/04\/SL-Triatlo-de-Abrantes-Ta\u00e7a-Portugal-PORTerra.pdf\">SL Triatlo de Abrantes (Ta\u00e7a Portugal PORTerra)<\/a><\/p>\n<p>&nbsp;<\/p>\n<p>&nbsp;<\/p>\n<p>&nbsp;<\/p>\n<p><a href=\"https:\/\/www.federacao-triatlo.pt\/ftp2015\/wp-content\/uploads\/2016\/05\/logotipoassinatura.jpg\"><img class=\"alignnone size-medium wp-image-12397\" src=\"https:\/\/www.federacao-triatlo.pt\/ftp2015\/wp-content\/uploads\/2016\/05\/logotipoassinatura-300x185.jpg\" alt=\"logotipoassinatura\" width=\"300\" height=\"185\" \/><\/a>\u00a0 \u00a0 \u00a0 \u00a0 \u00a0 \u00a0 \u00a0 \u00a0 \u00a0 \u00a0 \u00a0 \u00a0 \u00a0 \u00a0 \u00a0 \u00a0 \u00a0 \u00a0 \u00a0 \u00a0\u00a0<a href=\"https:\/\/www.federacao-triatlo.pt\/ftp2015\/wp-content\/uploads\/2016\/05\/Imagem1.png\"><img class=\"alignnone size-medium wp-image-12398\" src=\"https:\/\/www.federacao-triatlo.pt\/ftp2015\/wp-content\/uploads\/2016\/05\/Imagem1-300x145.png\" alt=\"Imagem1\" width=\"300\" height=\"145\" \/><\/a><\/p>\n<\/div><div class='clear'><\/div>\r\n\t\t\t\t\t\t\t\t<\/div>\r\n\t\t\t\t\t\t\t<\/div>\r\n\t\t\t\t\t\t<\/div><div class='evo_metarow_gmap evorow evcal_gmaps bordb ' id='evc146983710069f3d1771cb1c9490_gmap' style='max-width:none'><\/div><div class='evo_metarow_getDr evorow evcal_evdata_row bordb evcal_evrow_sm getdirections'>\r\n\t\t\t\t\t\t<form action='https:\/\/maps.google.com\/maps' method='get' target='_blank'>\r\n\t\t\t\t\t\t<input type='hidden' name='daddr' value='Parque Urbano de S. Louren\u00e7o'\/> \r\n\t\t\t\t\t\t<p><input class='evoInput' type='text' name='saddr' placeholder='Escreva a morada' value=''\/>\r\n\t\t\t\t\t\t<button type='submit' class='evcal_evdata_icons evcalicon_9' title='Clique aqui para obter as dire\u00e7\u00f5es'><i class='fa fa-road'><\/i><\/button>\r\n\t\t\t\t\t\t<\/p><\/form>\r\n\t\t\t\t\t<\/div><div class='evo_metarow_time_location evorow bordb '>\r\n\t\t\t\t\t\t<div class='tb' >\r\n\t\t\t\t\t\t\t<div class='tbrow'>\r\n\t\t\t\t\t\t\t<div class='evcal_col50 bordr'>\r\n\t\t\t\t\t\t\t\t<div class='evcal_evdata_row evo_time'>\r\n\t\t\t\t\t\t\t\t\t<span class='evcal_evdata_icons'><i class='fa fa-clock-o'><\/i><\/span>\r\n\t\t\t\t\t\t\t\t\t<div class='evcal_evdata_cell'>\t\t\t\t\t\t\t\r\n\t\t\t\t\t\t\t\t\t\t<h3 class='evo_h3'><span class='evcal_evdata_icons'><i class='fa fa-clock-o'><\/i><\/span>Hor\u00e1rio<\/h3>\r\n\t\t\t\t\t\t\t\t\t\t<p>Todo o dia (S\u00e1bado)<\/p>\r\n\t\t\t\t\t\t\t\t\t<\/div>\r\n\t\t\t\t\t\t\t\t<\/div>\r\n\t\t\t\t\t\t\t<\/div><div class='evcal_col50'>\r\n\t\t\t\t\t\t\t\t<div class='evcal_evdata_row evo_location'>\r\n\t\t\t\t\t\t\t\t\t<span class='evcal_evdata_icons'><i class='fa fa-map-marker'><\/i><\/span>\r\n\t\t\t\t\t\t\t\t\t<div class='evcal_evdata_cell' data-loc_tax_id='107'>\t\t\t\t\t\t\t\r\n\t\t\t\t\t\t\t\t\t\t<h3 class='evo_h3'><span class='evcal_evdata_icons'><i class='fa fa-map-marker'><\/i><\/span><a target=\"_blank\" href=\"https:\/\/goo.gl\/maps\/QYh16C1JxxEjREpH9\">Localiza\u00e7\u00e3o<\/a><\/h3><p class='evo_location_name'>Abrantes<\/p><p>Parque Urbano de S. Louren\u00e7o<\/p>\r\n\t\t\t\t\t\t\t\t\t<\/div>\r\n\t\t\t\t\t\t\t\t<\/div>\r\n\t\t\t\t\t\t\t<\/div><div class='clear'><\/div>\r\n\t\t\t\t\t\t\t<\/div><\/div>\r\n\t\t\t\t\t\t<\/div><div class='evo_metarow_organizer evorow evcal_evdata_row bordb evcal_evrow_sm '>\r\n\t\t\t\t\t\t\t<span class='evcal_evdata_icons'><i class='fa fa-headphones'><\/i><\/span>\r\n\t\t\t\t\t\t\t<div class='evcal_evdata_cell'>\t\t\t\t\t\t\t\r\n\t\t\t\t\t\t\t\t<h3 class='evo_h3'>Evento organizado por<\/h3>\r\n\t\t\t\t\t\t\t\t\r\n\t\t\t\t\t\t\t\t<div class='evo_card_organizer'><p class='evo_data_val evo_card_organizer_name'>\r\n\t\t\t\t\t\t\t\t\t<span class='evo_card_organizer_name_t'>FTP \/ Camara municipal de Abrantes<\/span>\r\n\t\t\t\t\t\t\t\t\t\r\n\t\t\t\t\t\t\t\t\t<\/p><\/div><div class='clear'><\/div>\t\t\t\t\t\t\t\r\n\t\t\t\t\t\t\t<\/div>\r\n\t\t\t\t\t\t<\/div>\t\t\t\t\t\t<div class='evo_metarow_ICS evorow bordb evcal_evdata_row'>\r\n\t\t\t\t\t\t\t<span class=\"evcal_evdata_icons\"><i class=\"fa fa-calendar\"><\/i><\/span>\r\n\t\t\t\t\t\t\t<div class='evcal_evdata_cell'>\r\n\t\t\t\t\t\t\t\t<p><a href='https:\/\/www.federacao-triatlo.pt\/ftp2015\/wp-admin\/admin-ajax.php?action=eventon_ics_download&amp;event_id=9490&amp;sunix=20160729T230500Z&amp;eunix=20160730T225500Z&amp;loca=Parque Urbano de S. Louren\u00e7o&amp;locn=Abrantes' class='evo_ics_nCal' title='Adicionar ao seu calend\u00e1rio'>Calend\u00e1rio<\/a><a href='\/\/www.google.com\/calendar\/event?action=TEMPLATE&amp;text=III+Ta%C3%A7a+de+Portugal+PORTerra+%28+Triatlo+%29+de+Abrantes+%28+Aldeia+do+Mato+%29&amp;dates=20160729T230500Z\/20160730T225500Z&amp;details=Triatlo+de+Abrantes+-+Regulamento%C2%A0%28+Provis%C3%B3rio+%29%0D%0A%0D%0ATriatlo+de+Abrantes+-+Ta%C3%A7a+de+Protugal+PORterra+-+Percurso%0D%0A%0D%0ASL+Triatlo+de+Abrantes+%28Ta%C3%A7a+Portugal+PORTerra%29%0D%0A%0D%0A%26nbsp%3B%0D%0A%0D%0A%26nbsp%3B%0D%0A%0D%0A%26nbsp%3B%0D%0A%0D%0A&amp;location=Abrantes - Parque+Urbano+de+S.+Louren%C3%A7o' target='_blank' class='evo_ics_gCal' title='Adicionar ao calend\u00e1rio Google'>GoogleCal<\/a><\/p>\t\r\n\t\t\t\t\t\t\t<\/div>\t\t\t\t\t\t<\/div>\r\n\t\t\t\t\t\t<\/div><div class='clear end'><\/div><\/div><div id=\"event_11832\" class=\"eventon_list_event evo_eventtop past_event event\" data-event_id=\"11832\" data-time=\"1469837100-1469922900\" data-colr=\"#0092e0\" itemscope itemtype='http:\/\/schema.org\/Event' 11><div class=\"evo_event_schema\" style=\"display:none\" ><a itemprop='url'  href='https:\/\/www.federacao-triatlo.pt\/ftp2015\/events\/iii-triatlo-de-lamego\/'><\/a><span itemprop='name'  >III Triatlo de Lamego - Camp. Reg. Norte de Clubes<\/span><meta itemprop='image' content='https:\/\/www.federacao-triatlo.pt\/ftp2015\/wp-content\/uploads\/2016\/07\/Cartaz-III-Triatlo-LAMEGO-300x213.jpg' ><\/meta><meta itemprop='description' content='\r\n\r\n\r\nO 3\u00ba Triatlo de Lamego ser\u00e1 disputado\u00a0em BTT no dia 30\u00a0de Julho\u00a0de 2016 e \u00e9 uma' ><\/meta><meta itemprop='startDate' content='2016-7-30' ><\/meta><meta itemprop='endDate' content='2016-7-30' ><\/meta><meta itemprop='eventStatus' content='on-schedule' ><\/meta><script type=\"application\/ld+json\">{\t\"@context\": \"http:\/\/schema.org\",\r\n\t\t\t\t\t\t\t  \t\"@type\": \"Event\",\r\n\t\t\t\t\t\t\t  \t\"name\": \"III Triatlo de Lamego - Camp. Reg. Norte de Clubes\",\r\n\t\t\t\t\t\t\t  \t\"startDate\": \"2016-7-30T00-00-05-00\",\r\n\t\t\t\t\t\t\t  \t\"endDate\": \"2016-7-30T23-23-55-00\",\r\n\t\t\t\t\t\t\t  \t\"image\":\"https:\/\/www.federacao-triatlo.pt\/ftp2015\/wp-content\/uploads\/2016\/07\/Cartaz-III-Triatlo-LAMEGO-300x213.jpg\",\r\n\t\t\t\t\t\t\t  \t\"description\":\"\r\n\r\n\r\nO 3\u00ba Triatlo de Lamego ser\u00e1 disputado\u00a0em BTT no dia 30\u00a0de Julho\u00a0de 2016 e \u00e9 uma\",\r\n\t\t\t\t\t\t\t  \t\r\n\t\t\t\t\t\t\t }\r\n\t\t\t\t\t\t\t<\/script><\/div>\r\n\t\t\t\t<p class=\"desc_trig_outter\"><a data-gmap_status=\"null\" data-gmtrig=\"1\" data-exlk=\"0\" style=\"border-color: #0092e0;\" id=\"evc_146983710011832\" class=\"desc_trig evo_camp-reg evo_circuito-regional evo_prova-aberta sin_val evcal_list_a\" data-ux_val=\"1\"  ><span class='evcal_cblock ' data-bgcolor='#0092e0' data-smon='Julho' data-syr='2016'><span class='evo_start '><em class='date'>30<\/em><em class='month'>jul<\/em><em class='time'>allday<\/em><\/span><span class='evo_end only_time'><em class='time'>allday<\/em><\/span><em class='clear'><\/em><\/span><span class='evcal_desc evo_info hide_eventtopdata '  data-location_status=\"false\" ><span class='evo_above_title'><\/span><span class='evcal_desc2 evcal_event_title' itemprop='name'>III Triatlo de Lamego - Camp. Reg. Norte de Clubes<\/span><span class='evo_below_title'><\/span><span class='evcal_desc_info' ><\/span><span class='evcal_desc3'><span class='evcal_event_types ett1'><em><i>Tipo de Evento:<\/i><\/em><em data-filter='event_type'>Camp. Regional,<\/em><em data-filter='event_type'>Circuito Regional,<\/em><em data-filter='event_type'>Prova Aberta<\/em><i class='clear'><\/i><\/span><\/span><\/span><em class='clear'><\/em><\/p><\/a><div class='event_description evcal_eventcard ' style=\"display:none\"><div class='evo_metarow_directimg'><img src='https:\/\/www.federacao-triatlo.pt\/ftp2015\/wp-content\/uploads\/2016\/07\/Cartaz-III-Triatlo-LAMEGO.jpg' \/><\/div><div class='evo_metarow_details evorow evcal_evdata_row bordb evcal_event_details'>\r\n\t\t\t\t\t\t\t<div class=\"event_excerpt\" style=\"display:none\"><h3 class=\"padb5 evo_h3\">Detalhes do Evento<\/h3><p>\r\n\r\n\r\nO 3\u00ba Triatlo de Lamego ser\u00e1 disputado\u00a0em BTT no dia 30\u00a0de Julho\u00a0de 2016 e \u00e9 uma<\/p><\/div><span class='evcal_evdata_icons'><i class='fa fa-align-justify'><\/i><\/span>\r\n\t\t\t\t\t\t\t\r\n\t\t\t\t\t\t\t<div class='evcal_evdata_cell '><div class='eventon_full_description'>\r\n\t\t\t\t\t\t\t\t\t<h3 class='padb5 evo_h3'><span class='evcal_evdata_icons'><i class='fa fa-align-justify'><\/i><\/span>Detalhes do Evento<\/h3><div class='eventon_desc_in' itemprop='description'>\r\n\t\t\t\t\t\t\t\t\t<div id=\"ppPrt7-8uz_SinglePostMediaTop_MediaPost__0_0__type_MediaPost\" class=\" flex_vbox\" data-reactid=\".0.$SITE_ROOT.$desktop_siteRoot.$PAGES_CONTAINER.1.1.$SITE_PAGES.$cjds.1.$Cntnr1-wll.1.$ppPrt7-8uz.0.0.$child.$0.1.$1.$7\">\n<div id=\"ppPrt7-8uz_SinglePostMediaTop_MediaPost__0_0_mediaText\" class=\"s11\" data-proxy-name=\"MediaLabel\" data-reactid=\".0.$SITE_ROOT.$desktop_siteRoot.$PAGES_CONTAINER.1.1.$SITE_PAGES.$cjds.1.$Cntnr1-wll.1.$ppPrt7-8uz.0.0.$child.$0.1.$1.$7.$0\" data-width=\"675\">\n<div id=\"ppPrt7-8uz_SinglePostMediaTop_MediaPost__0_0_mediaTextrichTextContainer\" class=\"s11_richTextContainer s11richTextContainer\" data-reactid=\".0.$SITE_ROOT.$desktop_siteRoot.$PAGES_CONTAINER.1.1.$SITE_PAGES.$cjds.1.$Cntnr1-wll.1.$ppPrt7-8uz.0.0.$child.$0.1.$1.$7.$0.0\">\n<p class=\"font_8\">O 3\u00ba Triatlo de Lamego ser\u00e1 disputado\u00a0em BTT no dia 30\u00a0de Julho\u00a0de 2016 e \u00e9 uma organiza\u00e7\u00e3o da Associa\u00e7\u00e3o Triathlon Lamego Club em parceria com a Uni\u00e3o de Freguesias de Bigorne, Magueija e Pretarouca,\u00a0C\u00e2mara Municipal de Lamego e com o apoio da Delega\u00e7\u00e3o Regional Norte da\u00a0Federa\u00e7\u00e3o de Triatlo de Portugal.<\/p>\n<p class=\"font_8\">Consta de\u00a0um Duatlo Jovem pontu\u00e1vel para o CIRCUITO REGIONAL NORTE JOVEM e de um Triatlo Sprint\u00a0pontu\u00e1vel para o CAMPEONATO REGIONAL NORTE DE CLUBES em\u00a0TRIATLO e CIRCUITO REGIONAL NORTE em\u00a0TRIATLO.<\/p>\n<p class=\"font_8\">Haver\u00e1 lugar a um Duatlo Promo\u00e7\u00e3o BTT.<\/p>\n<p class=\"font_8\">Todas as provas s\u00e3o abertas a todos os interessados.<\/p>\n<\/div>\n<\/div>\n<\/div>\n<div id=\"ppPrt7-8uz_SinglePostMediaTop_MediaPost__0_0_def_23_true\" class=\" flex_vbox\" data-reactid=\".0.$SITE_ROOT.$desktop_siteRoot.$PAGES_CONTAINER.1.1.$SITE_PAGES.$cjds.1.$Cntnr1-wll.1.$ppPrt7-8uz.0.0.$child.$0.1.$1.$8\">\u00a0Inscri\u00e7\u00f5es e mais informa\u00e7\u00f5es em\u00a0http:\/\/delegacaoregional.wix.com\/triatlonorte<\/div>\n<\/div><div class='clear'><\/div>\r\n\t\t\t\t\t\t\t\t<\/div>\r\n\t\t\t\t\t\t\t<\/div>\r\n\t\t\t\t\t\t<\/div><div class='evo_metarow_time evorow evcal_evdata_row bordb evcal_evrow_sm '>\r\n\t\t\t\t\t\t\t<span class='evcal_evdata_icons'><i class='fa fa-clock-o'><\/i><\/span>\r\n\t\t\t\t\t\t\t<div class='evcal_evdata_cell'>\t\t\t\t\t\t\t\r\n\t\t\t\t\t\t\t\t<h3 class='evo_h3'><span class='evcal_evdata_icons'><i class='fa fa-clock-o'><\/i><\/span>Hor\u00e1rio<\/h3><p>Todo o dia (S\u00e1bado)<\/p>\r\n\t\t\t\t\t\t\t<\/div>\r\n\t\t\t\t\t\t<\/div>\t\t\t\t\t\t<div class='evo_metarow_ICS evorow bordb evcal_evdata_row'>\r\n\t\t\t\t\t\t\t<span class=\"evcal_evdata_icons\"><i class=\"fa fa-calendar\"><\/i><\/span>\r\n\t\t\t\t\t\t\t<div class='evcal_evdata_cell'>\r\n\t\t\t\t\t\t\t\t<p><a href='https:\/\/www.federacao-triatlo.pt\/ftp2015\/wp-admin\/admin-ajax.php?action=eventon_ics_download&amp;event_id=11832&amp;sunix=20160729T230500Z&amp;eunix=20160730T225500Z&amp;loca=&amp;locn=' class='evo_ics_nCal' title='Adicionar ao seu calend\u00e1rio'>Calend\u00e1rio<\/a><a href='\/\/www.google.com\/calendar\/event?action=TEMPLATE&amp;text=III+Triatlo+de+Lamego+-+Camp.+Reg.+Norte+de+Clubes&amp;dates=20160729T230500Z\/20160730T225500Z&amp;details=%0D%0A%0D%0A%0D%0AO+3%C2%BA+Triatlo+de+Lamego+ser%C3%A1+disputado%C2%A0em+BTT+no+dia+30%C2%A0de+Julho%C2%A0de+2016+e+%C3%A9+uma&amp;location= - ' target='_blank' class='evo_ics_gCal' title='Adicionar ao calend\u00e1rio Google'>GoogleCal<\/a><\/p>\t\r\n\t\t\t\t\t\t\t<\/div>\t\t\t\t\t\t<\/div>\r\n\t\t\t\t\t\t<\/div><div class='clear end'><\/div><\/div><div id=\"event_9422\" class=\"eventon_list_event evo_eventtop past_event event\" data-event_id=\"9422\" data-time=\"1469923200-1469923200\" data-colr=\"#0092e0\" itemscope itemtype='http:\/\/schema.org\/Event' 12><div class=\"evo_event_schema\" style=\"display:none\" ><a itemprop='url'  href='https:\/\/www.federacao-triatlo.pt\/ftp2015\/events\/aquatlo-de-setubal-2\/'><\/a><span itemprop='name'  >V Triatlo e Aquatlo de Coruche<\/span><meta itemprop='image'  ><\/meta><meta itemprop='description' content='Aquatlo de Coruche - Regulamento\u00a0( Provis\u00f3rio )\r\n\r\nPercursosPAbertaCoruche\u00a0\r\n\r\nPercursosPJovemCoruche\r\n\r\nPercursos CNI (Aquatlo)\r\n\r\nSL Triatlo e Aquatlo de Coruche (CN Individual)\r\n\r\nSL Triatlo e Aquatlo de Coruche (CN Jovem)\r\n\r\nSL' ><\/meta><meta itemprop='startDate' content='2016-7-31' ><\/meta><meta itemprop='endDate' content='2016-7-31' ><\/meta><meta itemprop='eventStatus' content='on-schedule' ><\/meta>\r\n\t\t\t\t\t\t\t\t\t<item style=\"display:none\" itemprop=\"location\" itemscope itemtype=\"http:\/\/schema.org\/Place\">\r\n\t\t\t\t\t\t\t\t\t\t<span itemprop=\"name\">Coruche<\/span>\r\n\t\t\t\t\t\t\t\t\t\t<span itemprop=\"address\" itemscope itemtype=\"http:\/\/schema.org\/PostalAddress\">\r\n\t\t\t\t\t\t\t\t\t\t\t<item itemprop=\"streetAddress\">Coruche<\/item>\r\n\t\t\t\t\t\t\t\t\t\t<\/span><\/item><script type=\"application\/ld+json\">{\t\"@context\": \"http:\/\/schema.org\",\r\n\t\t\t\t\t\t\t  \t\"@type\": \"Event\",\r\n\t\t\t\t\t\t\t  \t\"name\": \"V Triatlo e Aquatlo de Coruche\",\r\n\t\t\t\t\t\t\t  \t\"startDate\": \"2016-7-31T00-00-00-00\",\r\n\t\t\t\t\t\t\t  \t\"endDate\": \"2016-7-31T00-00-00-00\",\r\n\t\t\t\t\t\t\t  \t\"image\":,\r\n\t\t\t\t\t\t\t  \t\"description\":\"Aquatlo de Coruche - Regulamento\u00a0( Provis\u00f3rio )\r\n\r\nPercursosPAbertaCoruche\u00a0\r\n\r\nPercursosPJovemCoruche\r\n\r\nPercursos CNI (Aquatlo)\r\n\r\nSL Triatlo e Aquatlo de Coruche (CN Individual)\r\n\r\nSL Triatlo e Aquatlo de Coruche (CN Jovem)\r\n\r\nSL\",\r\n\t\t\t\t\t\t\t  \t\"location\":{\r\n\t\t\t\t\t\t\t\t\t\t\"@type\":\"Place\",\r\n\t\t\t\t\t\t\t\t\t\t\"name\":\"Coruche\",\r\n\t\t\t\t\t\t\t\t\t\t\"address\":\"Coruche\"\r\n\t\t\t\t\t\t\t  \t\t}\r\n\t\t\t\t\t\t\t }\r\n\t\t\t\t\t\t\t<\/script><\/div>\r\n\t\t\t\t<p class=\"desc_trig_outter\"><a data-gmtrig=\"1\" data-exlk=\"0\" style=\"border-color: #0092e0;\" id=\"evc_14699232009422\" class=\"desc_trig evo_camp-nac-cadetes evo_camp-nac-juniores evo_camp-nac-individual-triatlo evo_camp-nac-jovem sin_val evcal_list_a\" data-ux_val=\"1\"  ><span class='evcal_cblock ' data-bgcolor='#0092e0' data-smon='Julho' data-syr='2016'><span class='evo_start '><em class='date'>31<\/em><em class='month'>jul<\/em><em class='time'>0:00<\/em><\/span><span class='evo_end only_time'><em class='time'>0:00<\/em><\/span><em class='clear'><\/em><\/span><span class='evcal_desc evo_info hide_eventtopdata ' data-latlng=\"38.958250,-8.521869\"  data-location_address=\"Coruche\" data-location_type=\"lonlat\" data-location_name=\"Coruche\" data-location_status=\"true\" ><span class='evo_above_title'><\/span><span class='evcal_desc2 evcal_event_title' itemprop='name'>V Triatlo e Aquatlo de Coruche<\/span><span class='evo_below_title'><\/span><span class='evcal_desc_info' ><em class=\"evcal_location\" data-latlng=\"38.958250,-8.521869\"  data-add_str=\"\"><em class=\"event_location_name\">Coruche<\/em><\/em><\/span><span class='evcal_desc3'><span class='evcal_event_types ett1'><em><i>Tipo de Evento:<\/i><\/em><em data-filter='event_type'>Camp. Nac. de Cadetes,<\/em><em data-filter='event_type'>Camp. Nac. de Juniores,<\/em><em data-filter='event_type'>Camp. Nac. Individual Triatlo,<\/em><em data-filter='event_type'>Camp. Nac. Jovem<\/em><i class='clear'><\/i><\/span><\/span><\/span><em class='clear'><\/em><\/p><\/a><div class='event_description evcal_eventcard ' style=\"display:none\"><div class='evo_metarow_details evorow evcal_evdata_row bordb evcal_event_details'>\r\n\t\t\t\t\t\t\t<div class=\"event_excerpt\" style=\"display:none\"><h3 class=\"padb5 evo_h3\">Detalhes do Evento<\/h3><p>Aquatlo de Coruche - Regulamento\u00a0( Provis\u00f3rio )\r\n\r\nPercursosPAbertaCoruche\u00a0\r\n\r\nPercursosPJovemCoruche\r\n\r\nPercursos CNI (Aquatlo)\r\n\r\nSL Triatlo e Aquatlo de Coruche (CN Individual)\r\n\r\nSL Triatlo e Aquatlo de Coruche (CN Jovem)\r\n\r\nSL<\/p><\/div><span class='evcal_evdata_icons'><i class='fa fa-align-justify'><\/i><\/span>\r\n\t\t\t\t\t\t\t\r\n\t\t\t\t\t\t\t<div class='evcal_evdata_cell '><div class='eventon_full_description'>\r\n\t\t\t\t\t\t\t\t\t<h3 class='padb5 evo_h3'><span class='evcal_evdata_icons'><i class='fa fa-align-justify'><\/i><\/span>Detalhes do Evento<\/h3><div class='eventon_desc_in' itemprop='description'>\r\n\t\t\t\t\t\t\t\t\t<p><a href=\"https:\/\/www.federacao-triatlo.pt\/ftp2015\/wp-content\/uploads\/2016\/04\/Aquatlo-de-Coruche-Regulamento-2.pdf\">Aquatlo de Coruche &#8211; Regulamento<\/a>\u00a0( Provis\u00f3rio )<\/p>\n<p><a href=\"https:\/\/www.federacao-triatlo.pt\/ftp2015\/wp-content\/uploads\/2016\/04\/PercursosPAbertaCoruche-1.pdf\">PercursosPAbertaCoruche\u00a0<\/a><\/p>\n<p><a href=\"https:\/\/www.federacao-triatlo.pt\/ftp2015\/wp-content\/uploads\/2016\/04\/PercursosPJovemCoruche.pdf\">PercursosPJovemCoruche<\/a><\/p>\n<p><a href=\"https:\/\/www.federacao-triatlo.pt\/ftp2015\/wp-content\/uploads\/2016\/04\/AC-2015-Percursos-CNI-Aquatlo.pdf\">Percursos CNI (Aquatlo)<\/a><\/p>\n<p><a href=\"https:\/\/www.federacao-triatlo.pt\/ftp2015\/wp-content\/uploads\/2016\/04\/SL-Triatlo-e-Aquatlo-de-Coruche-CN-Individual.pdf\">SL Triatlo e Aquatlo de Coruche (CN Individual)<\/a><\/p>\n<p><a href=\"https:\/\/www.federacao-triatlo.pt\/ftp2015\/wp-content\/uploads\/2016\/04\/SL-Triatlo-e-Aquatlo-de-Coruche-CN-Jovem.pdf\">SL Triatlo e Aquatlo de Coruche (CN Jovem)<\/a><\/p>\n<p><a href=\"https:\/\/www.federacao-triatlo.pt\/ftp2015\/wp-content\/uploads\/2016\/04\/SL-Triatlo-e-Aquatlo-de-Coruche-Prova-Aberta.pdf\">SL Triatlo e Aquatlo de Coruche (Prova Aberta)<\/a><\/p>\n<p>&nbsp;<\/p>\n<p>&nbsp;<\/p>\n<p><a href=\"https:\/\/www.federacao-triatlo.pt\/ftp2015\/wp-content\/uploads\/2016\/04\/Camara-de-Coruche.jpg\" rel=\"attachment wp-att-12026\"><img class=\"alignnone size-full wp-image-12026\" src=\"https:\/\/www.federacao-triatlo.pt\/ftp2015\/wp-content\/uploads\/2016\/04\/Camara-de-Coruche.jpg\" alt=\"Camara de Coruche\" width=\"131\" height=\"108\" \/><\/a>\u00a0 \u00a0 \u00a0 \u00a0 \u00a0 \u00a0 \u00a0 \u00a0 \u00a0 \u00a0 \u00a0 \u00a0 \u00a0 \u00a0 \u00a0 \u00a0\u00a0<a href=\"https:\/\/www.federacao-triatlo.pt\/ftp2015\/wp-content\/uploads\/2016\/04\/Triatlo-e-Aquatlo-de-Coruche.jpg\"><img class=\"alignnone wp-image-12412\" src=\"https:\/\/www.federacao-triatlo.pt\/ftp2015\/wp-content\/uploads\/2016\/04\/Triatlo-e-Aquatlo-de-Coruche-212x300.jpg\" alt=\"Triatlo e Aquatlo de Coruche\" width=\"214\" height=\"303\" \/><\/a> \u00a0 \u00a0 \u00a0 \u00a0 \u00a0 \u00a0 \u00a0 \u00a0 \u00a0 \u00a0 \u00a0\u00a0<a href=\"https:\/\/www.federacao-triatlo.pt\/ftp2015\/wp-content\/uploads\/2016\/04\/Imagem1-1.png\" rel=\"attachment wp-att-12027\"><img class=\"alignnone wp-image-12027\" src=\"https:\/\/www.federacao-triatlo.pt\/ftp2015\/wp-content\/uploads\/2016\/04\/Imagem1-1-300x145.png\" alt=\"Imagem1\" width=\"267\" height=\"129\" \/><\/a><\/p>\n<\/div><div class='clear'><\/div>\r\n\t\t\t\t\t\t\t\t<\/div>\r\n\t\t\t\t\t\t\t<\/div>\r\n\t\t\t\t\t\t<\/div><div class='evo_metarow_gmap evorow evcal_gmaps bordb ' id='evc146992320069f3d1771de129422_gmap' style='max-width:none'><\/div><div class='evo_metarow_getDr evorow evcal_evdata_row bordb evcal_evrow_sm getdirections'>\r\n\t\t\t\t\t\t<form action='https:\/\/maps.google.com\/maps' method='get' target='_blank'>\r\n\t\t\t\t\t\t<input type='hidden' name='daddr' value='Coruche'\/> \r\n\t\t\t\t\t\t<p><input class='evoInput' type='text' name='saddr' placeholder='Escreva a morada' value=''\/>\r\n\t\t\t\t\t\t<button type='submit' class='evcal_evdata_icons evcalicon_9' title='Clique aqui para obter as dire\u00e7\u00f5es'><i class='fa fa-road'><\/i><\/button>\r\n\t\t\t\t\t\t<\/p><\/form>\r\n\t\t\t\t\t<\/div><div class='evo_metarow_time_location evorow bordb '>\r\n\t\t\t\t\t\t<div class='tb' >\r\n\t\t\t\t\t\t\t<div class='tbrow'>\r\n\t\t\t\t\t\t\t<div class='evcal_col50 bordr'>\r\n\t\t\t\t\t\t\t\t<div class='evcal_evdata_row evo_time'>\r\n\t\t\t\t\t\t\t\t\t<span class='evcal_evdata_icons'><i class='fa fa-clock-o'><\/i><\/span>\r\n\t\t\t\t\t\t\t\t\t<div class='evcal_evdata_cell'>\t\t\t\t\t\t\t\r\n\t\t\t\t\t\t\t\t\t\t<h3 class='evo_h3'><span class='evcal_evdata_icons'><i class='fa fa-clock-o'><\/i><\/span>Hor\u00e1rio<\/h3>\r\n\t\t\t\t\t\t\t\t\t\t<p>(Domingo) 0:00 - 0:00<\/p>\r\n\t\t\t\t\t\t\t\t\t<\/div>\r\n\t\t\t\t\t\t\t\t<\/div>\r\n\t\t\t\t\t\t\t<\/div><div class='evcal_col50'>\r\n\t\t\t\t\t\t\t\t<div class='evcal_evdata_row evo_location'>\r\n\t\t\t\t\t\t\t\t\t<span class='evcal_evdata_icons'><i class='fa fa-map-marker'><\/i><\/span>\r\n\t\t\t\t\t\t\t\t\t<div class='evcal_evdata_cell' data-loc_tax_id='141'>\t\t\t\t\t\t\t\r\n\t\t\t\t\t\t\t\t\t\t<h3 class='evo_h3'><span class='evcal_evdata_icons'><i class='fa fa-map-marker'><\/i><\/span>Localiza\u00e7\u00e3o<\/h3><p class='evo_location_name'>Coruche<\/p><p>Coruche<\/p>\r\n\t\t\t\t\t\t\t\t\t<\/div>\r\n\t\t\t\t\t\t\t\t<\/div>\r\n\t\t\t\t\t\t\t<\/div><div class='clear'><\/div>\r\n\t\t\t\t\t\t\t<\/div><\/div>\r\n\t\t\t\t\t\t<\/div><div class='evo_metarow_organizer evorow evcal_evdata_row bordb evcal_evrow_sm '>\r\n\t\t\t\t\t\t\t<span class='evcal_evdata_icons'><i class='fa fa-headphones'><\/i><\/span>\r\n\t\t\t\t\t\t\t<div class='evcal_evdata_cell'>\t\t\t\t\t\t\t\r\n\t\t\t\t\t\t\t\t<h3 class='evo_h3'>Evento organizado por<\/h3>\r\n\t\t\t\t\t\t\t\t\r\n\t\t\t\t\t\t\t\t<div class='evo_card_organizer'><p class='evo_data_val evo_card_organizer_name'>\r\n\t\t\t\t\t\t\t\t\t<span class='evo_card_organizer_name_t'>FTP \/ C\u00e2mara Municipal de Coruche<\/span><span class='evo_card_organizer_contact'>inscricoes@federacao-triatlo.pt<\/span>\r\n\t\t\t\t\t\t\t\t\t\r\n\t\t\t\t\t\t\t\t\t<\/p><\/div><div class='clear'><\/div>\t\t\t\t\t\t\t\r\n\t\t\t\t\t\t\t<\/div>\r\n\t\t\t\t\t\t<\/div>\t\t\t\t\t\t<div class='evo_metarow_ICS evorow bordb evcal_evdata_row'>\r\n\t\t\t\t\t\t\t<span class=\"evcal_evdata_icons\"><i class=\"fa fa-calendar\"><\/i><\/span>\r\n\t\t\t\t\t\t\t<div class='evcal_evdata_cell'>\r\n\t\t\t\t\t\t\t\t<p><a href='https:\/\/www.federacao-triatlo.pt\/ftp2015\/wp-admin\/admin-ajax.php?action=eventon_ics_download&amp;event_id=9422&amp;sunix=20160730T230000Z&amp;eunix=20160730T230000Z&amp;loca=Coruche&amp;locn=Coruche' class='evo_ics_nCal' title='Adicionar ao seu calend\u00e1rio'>Calend\u00e1rio<\/a><a href='\/\/www.google.com\/calendar\/event?action=TEMPLATE&amp;text=V+Triatlo+e+Aquatlo+de+Coruche&amp;dates=20160730T230000Z\/20160730T230000Z&amp;details=Aquatlo+de+Coruche+-+Regulamento%C2%A0%28+Provis%C3%B3rio+%29%0D%0A%0D%0APercursosPAbertaCoruche%C2%A0%0D%0A%0D%0APercursosPJovemCoruche%0D%0A%0D%0APercursos+CNI+%28Aquatlo%29%0D%0A%0D%0ASL+Triatlo+e+Aquatlo+de+Coruche+%28CN+Individual%29%0D%0A%0D%0ASL+Triatlo+e+Aquatlo+de+Coruche+%28CN+Jovem%29%0D%0A%0D%0ASL&amp;location=Coruche - Coruche' target='_blank' class='evo_ics_gCal' title='Adicionar ao calend\u00e1rio Google'>GoogleCal<\/a><\/p>\t\r\n\t\t\t\t\t\t\t<\/div>\t\t\t\t\t\t<\/div>\r\n\t\t\t\t\t\t<\/div><div class='clear end'><\/div><\/div><\/div><div class='clear'><\/div><\/div><!-- ajde_evcal_calendar-->\n<div id='evcal_calendar_778' class='ajde_evcal_calendar  ul' ><div class='evo-data' data-cyear=\"2016\" data-cmonth=\"8\" data-runajax=\"1\" data-evc_open=\"0\" data-cal_ver=\"2.6\" data-mapscroll=\"true\" data-mapformat=\"roadmap\" data-mapzoom=\"14\" data-mapiconurl=\"\" data-ev_cnt=\"0\" data-show_limit=\"no\" data-tiles=\"no\" data-sort_by=\"sort_date\" data-filters_on=\"true\" data-range_start=\"0\" data-range_end=\"0\" data-send_unix=\"0\" data-ux_val=\"0\" data-accord=\"0\" data-rtl=\"no\"  ><\/div><div id='evcal_head' class='calendar_header ' ><div class='evo_cal_above'><span class='evo-gototoday-btn' style='display:none' data-mo='8' data-yr='2016' data-dy=''>Dia de Hoje<\/span><\/div><div class='evo_cal_above_content'><\/div><div class='cal_arguments' style='display:none' data-hide_past=\"no\" data-show_et_ft_img=\"no\" data-event_order=\"ASC\" data-ft_event_priority=\"no\" data-lang=\"L1\" data-month_incre=\"0\" data-only_ft=\"no\" data-evc_open=\"no\" data-show_limit=\"no\" data-etc_override=\"no\" data-show_limit_redir=\"0\" data-tiles=\"no\" data-tile_height=\"0\" data-tile_bg=\"0\" data-tile_count=\"2\" data-tile_style=\"0\" data-s=\"\" data-members_only=\"no\" data-ux_val=\"0\" data-show_limit_ajax=\"no\" data-show_limit_paged=\"1\" ><\/div><div class='clear'><\/div><\/div><div class='evcal_month_line'><p>Agosto 2016<\/p><\/div><div id='evcal_list' class='eventon_events_list '><div id=\"event_12837\" class=\"eventon_list_event evo_eventtop past_event event\" data-event_id=\"12837\" data-time=\"1470441900-1470527700\" data-colr=\"#0092e0\" itemscope itemtype='http:\/\/schema.org\/Event' 1><div class=\"evo_event_schema\" style=\"display:none\" ><a itemprop='url'  href='https:\/\/www.federacao-triatlo.pt\/ftp2015\/events\/ii-duatlo-cross-da-murtosa\/'><\/a><span itemprop='name'  >II Duatlo Cross da Murtosa<\/span><meta itemprop='image' content='https:\/\/www.federacao-triatlo.pt\/ftp2015\/wp-content\/uploads\/2016\/07\/Cartaz-2016-212x300.jpg' ><\/meta><meta itemprop='description' content='O\u00a0II Duatlo Cross da Murtosa\u00a0ir\u00e1 ter lugar no dia 6 de Agosto pr\u00f3ximo.\r\n\r\nInscric\u00f5es e informa\u00e7\u00f5es em http:\/\/delegacaoregional.wix.com\/triatlonorte#!duatlo-cross-da-murtosa\/gips1' ><\/meta><meta itemprop='startDate' content='2016-8-6' ><\/meta><meta itemprop='endDate' content='2016-8-6' ><\/meta><meta itemprop='eventStatus' content='on-schedule' ><\/meta><script type=\"application\/ld+json\">{\t\"@context\": \"http:\/\/schema.org\",\r\n\t\t\t\t\t\t\t  \t\"@type\": \"Event\",\r\n\t\t\t\t\t\t\t  \t\"name\": \"II Duatlo Cross da Murtosa\",\r\n\t\t\t\t\t\t\t  \t\"startDate\": \"2016-8-6T00-00-05-00\",\r\n\t\t\t\t\t\t\t  \t\"endDate\": \"2016-8-6T23-23-55-00\",\r\n\t\t\t\t\t\t\t  \t\"image\":\"https:\/\/www.federacao-triatlo.pt\/ftp2015\/wp-content\/uploads\/2016\/07\/Cartaz-2016-212x300.jpg\",\r\n\t\t\t\t\t\t\t  \t\"description\":\"O\u00a0II Duatlo Cross da Murtosa\u00a0ir\u00e1 ter lugar no dia 6 de Agosto pr\u00f3ximo.\r\n\r\nInscric\u00f5es e informa\u00e7\u00f5es em http:\/\/delegacaoregional.wix.com\/triatlonorte#!duatlo-cross-da-murtosa\/gips1\",\r\n\t\t\t\t\t\t\t  \t\r\n\t\t\t\t\t\t\t }\r\n\t\t\t\t\t\t\t<\/script><\/div>\r\n\t\t\t\t<p class=\"desc_trig_outter\"><a data-gmap_status=\"null\" data-gmtrig=\"1\" data-exlk=\"0\" style=\"border-color: #0092e0;\" id=\"evc_147044190012837\" class=\"desc_trig evo_circuito-regional sin_val evcal_list_a\" data-ux_val=\"1\"  ><span class='evcal_cblock ' data-bgcolor='#0092e0' data-smon='Agosto' data-syr='2016'><span class='evo_start '><em class='date'>06<\/em><em class='month'>ago<\/em><em class='time'>allday<\/em><\/span><span class='evo_end only_time'><em class='time'>allday<\/em><\/span><em class='clear'><\/em><\/span><span class='evcal_desc evo_info hide_eventtopdata '  data-location_status=\"false\" ><span class='evo_above_title'><\/span><span class='evcal_desc2 evcal_event_title' itemprop='name'>II Duatlo Cross da Murtosa<\/span><span class='evo_below_title'><\/span><span class='evcal_desc_info' ><\/span><span class='evcal_desc3'><span class='evcal_event_types ett1'><em><i>Tipo de Evento:<\/i><\/em><em data-filter='event_type'>Circuito Regional<\/em><i class='clear'><\/i><\/span><\/span><\/span><em class='clear'><\/em><\/p><\/a><div class='event_description evcal_eventcard ' style=\"display:none\"><div class='evo_metarow_directimg'><img src='https:\/\/www.federacao-triatlo.pt\/ftp2015\/wp-content\/uploads\/2016\/07\/Cartaz-2016.jpg' \/><\/div><div class='evo_metarow_details evorow evcal_evdata_row bordb evcal_event_details'>\r\n\t\t\t\t\t\t\t<div class=\"event_excerpt\" style=\"display:none\"><h3 class=\"padb5 evo_h3\">Detalhes do Evento<\/h3><p>O\u00a0II Duatlo Cross da Murtosa\u00a0ir\u00e1 ter lugar no dia 6 de Agosto pr\u00f3ximo.\r\n\r\nInscric\u00f5es e informa\u00e7\u00f5es em http:\/\/delegacaoregional.wix.com\/triatlonorte#!duatlo-cross-da-murtosa\/gips1<\/p><\/div><span class='evcal_evdata_icons'><i class='fa fa-align-justify'><\/i><\/span>\r\n\t\t\t\t\t\t\t\r\n\t\t\t\t\t\t\t<div class='evcal_evdata_cell '><div class='eventon_full_description'>\r\n\t\t\t\t\t\t\t\t\t<h3 class='padb5 evo_h3'><span class='evcal_evdata_icons'><i class='fa fa-align-justify'><\/i><\/span>Detalhes do Evento<\/h3><div class='eventon_desc_in' itemprop='description'>\r\n\t\t\t\t\t\t\t\t\t<p>O\u00a0II Duatlo Cross da Murtosa\u00a0ir\u00e1 ter lugar no dia 6 de Agosto pr\u00f3ximo.<\/p>\n<p>Inscric\u00f5es e informa\u00e7\u00f5es em http:\/\/delegacaoregional.wix.com\/triatlonorte#!duatlo-cross-da-murtosa\/gips1<\/p>\n<\/div><div class='clear'><\/div>\r\n\t\t\t\t\t\t\t\t<\/div>\r\n\t\t\t\t\t\t\t<\/div>\r\n\t\t\t\t\t\t<\/div><div class='evo_metarow_time evorow evcal_evdata_row bordb evcal_evrow_sm '>\r\n\t\t\t\t\t\t\t<span class='evcal_evdata_icons'><i class='fa fa-clock-o'><\/i><\/span>\r\n\t\t\t\t\t\t\t<div class='evcal_evdata_cell'>\t\t\t\t\t\t\t\r\n\t\t\t\t\t\t\t\t<h3 class='evo_h3'><span class='evcal_evdata_icons'><i class='fa fa-clock-o'><\/i><\/span>Hor\u00e1rio<\/h3><p>Todo o dia (S\u00e1bado)<\/p>\r\n\t\t\t\t\t\t\t<\/div>\r\n\t\t\t\t\t\t<\/div>\t\t\t\t\t\t<div class='evo_metarow_ICS evorow bordb evcal_evdata_row'>\r\n\t\t\t\t\t\t\t<span class=\"evcal_evdata_icons\"><i class=\"fa fa-calendar\"><\/i><\/span>\r\n\t\t\t\t\t\t\t<div class='evcal_evdata_cell'>\r\n\t\t\t\t\t\t\t\t<p><a href='https:\/\/www.federacao-triatlo.pt\/ftp2015\/wp-admin\/admin-ajax.php?action=eventon_ics_download&amp;event_id=12837&amp;sunix=20160805T230500Z&amp;eunix=20160806T225500Z&amp;loca=&amp;locn=' class='evo_ics_nCal' title='Adicionar ao seu calend\u00e1rio'>Calend\u00e1rio<\/a><a href='\/\/www.google.com\/calendar\/event?action=TEMPLATE&amp;text=II+Duatlo+Cross+da+Murtosa&amp;dates=20160805T230500Z\/20160806T225500Z&amp;details=O%C2%A0II+Duatlo+Cross+da+Murtosa%C2%A0ir%C3%A1+ter+lugar+no+dia+6+de+Agosto+pr%C3%B3ximo.%0D%0A%0D%0AInscric%C3%B5es+e+informa%C3%A7%C3%B5es+em+http%3A%2F%2Fdelegacaoregional.wix.com%2Ftriatlonorte%23%21duatlo-cross-da-murtosa%2Fgips1&amp;location= - ' target='_blank' class='evo_ics_gCal' title='Adicionar ao calend\u00e1rio Google'>GoogleCal<\/a><\/p>\t\r\n\t\t\t\t\t\t\t<\/div>\t\t\t\t\t\t<\/div>\r\n\t\t\t\t\t\t<\/div><div class='clear end'><\/div><\/div><div id=\"event_12081\" class=\"eventon_list_event evo_eventtop past_event event\" data-event_id=\"12081\" data-time=\"1472256000-1472342400\" data-colr=\"#0092e0\" itemscope itemtype='http:\/\/schema.org\/Event' 2><div class=\"evo_event_schema\" style=\"display:none\" ><a itemprop='url'  href='https:\/\/www.federacao-triatlo.pt\/ftp2015\/events\/i-douro-triatlo-internacional-camp-nac-jovem-2\/'><\/a><span itemprop='name'  >I Douro Triatlo Internacional<\/span><meta itemprop='image'  ><\/meta><meta itemprop='description' content='http:\/\/www.dourotriatlo.pt\/\r\n\r\n\u00a0 \u00a0 \u00a0 \u00a0 \u00a0 \u00a0 \u00a0 \u00a0 \u00a0 \u00a0 \u00a0 \u00a0 \u00a0 \u00a0 \u00a0 \u00a0 \u00a0 \u00a0 \u00a0 \u00a0 \u00a0\u00a0' ><\/meta><meta itemprop='startDate' content='2016-8-27' ><\/meta><meta itemprop='endDate' content='2016-8-28' ><\/meta><meta itemprop='eventStatus' content='on-schedule' ><\/meta><script type=\"application\/ld+json\">{\t\"@context\": \"http:\/\/schema.org\",\r\n\t\t\t\t\t\t\t  \t\"@type\": \"Event\",\r\n\t\t\t\t\t\t\t  \t\"name\": \"I Douro Triatlo Internacional\",\r\n\t\t\t\t\t\t\t  \t\"startDate\": \"2016-8-27T00-00-00-00\",\r\n\t\t\t\t\t\t\t  \t\"endDate\": \"2016-8-28T00-00-00-00\",\r\n\t\t\t\t\t\t\t  \t\"image\":,\r\n\t\t\t\t\t\t\t  \t\"description\":\"http:\/\/www.dourotriatlo.pt\/\r\n\r\n\u00a0 \u00a0 \u00a0 \u00a0 \u00a0 \u00a0 \u00a0 \u00a0 \u00a0 \u00a0 \u00a0 \u00a0 \u00a0 \u00a0 \u00a0 \u00a0 \u00a0 \u00a0 \u00a0 \u00a0 \u00a0\u00a0\",\r\n\t\t\t\t\t\t\t  \t\r\n\t\t\t\t\t\t\t }\r\n\t\t\t\t\t\t\t<\/script><\/div>\r\n\t\t\t\t<p class=\"desc_trig_outter\"><a data-gmap_status=\"null\" data-gmtrig=\"1\" data-exlk=\"0\" style=\"border-color: #0092e0;\" id=\"evc_147225600012081\" class=\"desc_trig evo_camp-nac-grupos-idade evo_camp-nac-jovem mul_val evcal_list_a\" data-ux_val=\"1\"  ><span class='evcal_cblock ' data-bgcolor='#0092e0' data-smon='Agosto' data-syr='2016'><span class='evo_start '><em class='date'>27<\/em><em class='month'>ago<\/em><em class='time'><i t=\"y\">(ago 27)<\/i>0:00<\/em><\/span><span class='evo_end '><em class='date'>28<\/em><em class='time'><i t=\"y\">(ago 28)<\/i>0:00<\/em><\/span><em class='clear'><\/em><\/span><span class='evcal_desc evo_info hide_eventtopdata '  data-location_status=\"false\" ><span class='evo_above_title'><\/span><span class='evcal_desc2 evcal_event_title' itemprop='name'>I Douro Triatlo Internacional<\/span><span class='evo_below_title'><\/span><span class='evcal_desc_info' ><\/span><span class='evcal_desc3'><span class='evcal_event_types ett1'><em><i>Tipo de Evento:<\/i><\/em><em data-filter='event_type'>Camp. Nac. Grupos Idade,<\/em><em data-filter='event_type'>Camp. Nac. Jovem<\/em><i class='clear'><\/i><\/span><\/span><\/span><em class='clear'><\/em><\/p><\/a><div class='event_description evcal_eventcard ' style=\"display:none\"><div class='evo_metarow_details evorow evcal_evdata_row bordb evcal_event_details'>\r\n\t\t\t\t\t\t\t<div class=\"event_excerpt\" style=\"display:none\"><h3 class=\"padb5 evo_h3\">Detalhes do Evento<\/h3><p>http:\/\/www.dourotriatlo.pt\/\r\n\r\n\u00a0 \u00a0 \u00a0 \u00a0 \u00a0 \u00a0 \u00a0 \u00a0 \u00a0 \u00a0 \u00a0 \u00a0 \u00a0 \u00a0 \u00a0 \u00a0 \u00a0 \u00a0 \u00a0 \u00a0 \u00a0\u00a0<\/p><\/div><span class='evcal_evdata_icons'><i class='fa fa-align-justify'><\/i><\/span>\r\n\t\t\t\t\t\t\t\r\n\t\t\t\t\t\t\t<div class='evcal_evdata_cell '><div class='eventon_full_description'>\r\n\t\t\t\t\t\t\t\t\t<h3 class='padb5 evo_h3'><span class='evcal_evdata_icons'><i class='fa fa-align-justify'><\/i><\/span>Detalhes do Evento<\/h3><div class='eventon_desc_in' itemprop='description'>\r\n\t\t\t\t\t\t\t\t\t<p>http:\/\/www.dourotriatlo.pt\/<\/p>\n<p><a href=\"https:\/\/www.federacao-triatlo.pt\/ftp2015\/wp-content\/uploads\/2016\/07\/douro-triatlo.png\"><img class=\"alignnone size-medium wp-image-12596\" src=\"https:\/\/www.federacao-triatlo.pt\/ftp2015\/wp-content\/uploads\/2016\/07\/douro-triatlo-300x81.png\" alt=\"douro-triatlo\" width=\"300\" height=\"81\" \/><\/a>\u00a0 \u00a0 \u00a0 \u00a0 \u00a0 \u00a0 \u00a0 \u00a0 \u00a0 \u00a0 \u00a0 \u00a0 \u00a0 \u00a0 \u00a0 \u00a0 \u00a0 \u00a0 \u00a0 \u00a0 \u00a0\u00a0<a href=\"https:\/\/www.federacao-triatlo.pt\/ftp2015\/wp-content\/uploads\/2016\/07\/Imagem1.png\"><img class=\"alignnone size-medium wp-image-12594\" src=\"https:\/\/www.federacao-triatlo.pt\/ftp2015\/wp-content\/uploads\/2016\/07\/Imagem1-300x145.png\" alt=\"Imagem1\" width=\"300\" height=\"145\" \/><\/a><\/p>\n<p>&nbsp;<\/p>\n<p><a href=\"https:\/\/www.federacao-triatlo.pt\/ftp2015\/wp-content\/uploads\/2016\/07\/Regulamento-Triatlo-Douro.pdf\">Regulamento Triatlo Douro<\/a><\/p>\n<p><a href=\"https:\/\/www.federacao-triatlo.pt\/ftp2015\/wp-content\/uploads\/2016\/07\/SL-Triatlo-do-Douro-CN-Grupos-Idade.pdf\">SL Triatlo do Douro (CN Grupos Idade)<\/a><\/p>\n<p><a href=\"https:\/\/www.federacao-triatlo.pt\/ftp2015\/wp-content\/uploads\/2016\/07\/SL-Triatlo-do-Douro-CN-Jovem.pdf\">SL Triatlo do Douro (CN Jovem)<\/a><\/p>\n<p>&nbsp;<\/p>\n<\/div><div class='clear'><\/div>\r\n\t\t\t\t\t\t\t\t<\/div>\r\n\t\t\t\t\t\t\t<\/div>\r\n\t\t\t\t\t\t<\/div><div class='evo_metarow_time evorow evcal_evdata_row bordb evcal_evrow_sm '>\r\n\t\t\t\t\t\t\t<span class='evcal_evdata_icons'><i class='fa fa-clock-o'><\/i><\/span>\r\n\t\t\t\t\t\t\t<div class='evcal_evdata_cell'>\t\t\t\t\t\t\t\r\n\t\t\t\t\t\t\t\t<h3 class='evo_h3'><span class='evcal_evdata_icons'><i class='fa fa-clock-o'><\/i><\/span>Hor\u00e1rio<\/h3><p>27 (S\u00e1bado) 0:00 - 28 (Domingo) 0:00<\/p>\r\n\t\t\t\t\t\t\t<\/div>\r\n\t\t\t\t\t\t<\/div>\t\t\t\t\t\t<div class='evo_metarow_ICS evorow bordb evcal_evdata_row'>\r\n\t\t\t\t\t\t\t<span class=\"evcal_evdata_icons\"><i class=\"fa fa-calendar\"><\/i><\/span>\r\n\t\t\t\t\t\t\t<div class='evcal_evdata_cell'>\r\n\t\t\t\t\t\t\t\t<p><a href='https:\/\/www.federacao-triatlo.pt\/ftp2015\/wp-admin\/admin-ajax.php?action=eventon_ics_download&amp;event_id=12081&amp;sunix=20160826T230000Z&amp;eunix=20160827T230000Z&amp;loca=&amp;locn=' class='evo_ics_nCal' title='Adicionar ao seu calend\u00e1rio'>Calend\u00e1rio<\/a><a href='\/\/www.google.com\/calendar\/event?action=TEMPLATE&amp;text=I+Douro+Triatlo+Internacional&amp;dates=20160826T230000Z\/20160827T230000Z&amp;details=http%3A%2F%2Fwww.dourotriatlo.pt%2F%0D%0A%0D%0A%C2%A0+%C2%A0+%C2%A0+%C2%A0+%C2%A0+%C2%A0+%C2%A0+%C2%A0+%C2%A0+%C2%A0+%C2%A0+%C2%A0+%C2%A0+%C2%A0+%C2%A0+%C2%A0+%C2%A0+%C2%A0+%C2%A0+%C2%A0+%C2%A0%C2%A0&amp;location= - ' target='_blank' class='evo_ics_gCal' title='Adicionar ao calend\u00e1rio Google'>GoogleCal<\/a><\/p>\t\r\n\t\t\t\t\t\t\t<\/div>\t\t\t\t\t\t<\/div>\r\n\t\t\t\t\t\t<\/div><div class='clear end'><\/div><\/div><\/div><div class='clear'><\/div><\/div><!-- ajde_evcal_calendar-->\n<div id='evcal_calendar_680' class='ajde_evcal_calendar  ul' ><div class='evo-data' data-cyear=\"2016\" data-cmonth=\"9\" data-runajax=\"1\" data-evc_open=\"0\" data-cal_ver=\"2.6\" data-mapscroll=\"true\" data-mapformat=\"roadmap\" data-mapzoom=\"14\" data-mapiconurl=\"\" data-ev_cnt=\"0\" data-show_limit=\"no\" data-tiles=\"no\" data-sort_by=\"sort_date\" data-filters_on=\"true\" data-range_start=\"0\" data-range_end=\"0\" data-send_unix=\"0\" data-ux_val=\"0\" data-accord=\"0\" data-rtl=\"no\"  ><\/div><div id='evcal_head' class='calendar_header ' ><div class='evo_cal_above'><span class='evo-gototoday-btn' style='display:none' data-mo='9' data-yr='2016' data-dy=''>Dia de Hoje<\/span><\/div><div class='evo_cal_above_content'><\/div><div class='cal_arguments' style='display:none' data-hide_past=\"no\" data-show_et_ft_img=\"no\" data-event_order=\"ASC\" data-ft_event_priority=\"no\" data-lang=\"L1\" data-month_incre=\"0\" data-only_ft=\"no\" data-evc_open=\"no\" data-show_limit=\"no\" data-etc_override=\"no\" data-show_limit_redir=\"0\" data-tiles=\"no\" data-tile_height=\"0\" data-tile_bg=\"0\" data-tile_count=\"2\" data-tile_style=\"0\" data-s=\"\" data-members_only=\"no\" data-ux_val=\"0\" data-show_limit_ajax=\"no\" data-show_limit_paged=\"1\" ><\/div><div class='clear'><\/div><\/div><div class='evcal_month_line'><p>Setembro 2016<\/p><\/div><div id='evcal_list' class='eventon_events_list '><div id=\"event_9437\" class=\"eventon_list_event evo_eventtop past_event event\" data-event_id=\"9437\" data-time=\"1472861100-1473033300\" data-colr=\"#0092e0\" itemscope itemtype='http:\/\/schema.org\/Event' 1><div class=\"evo_event_schema\" style=\"display:none\" ><a itemprop='url'  href='https:\/\/www.federacao-triatlo.pt\/ftp2015\/events\/triatlo-montemor-o-velho\/'><\/a><span itemprop='name'  >Triatlo de Montemor-O-Velho<\/span><meta itemprop='image' content='https:\/\/www.federacao-triatlo.pt\/ftp2015\/wp-content\/uploads\/2016\/04\/Cartaz-Triatlo-MMVelho-2016-212x300.jpg' ><\/meta><meta itemprop='description' content='Montemor-O-Velho - Regulamento\u00a0\r\n\r\nPercursosTac\u0327aPortugal\r\n\r\nPercursosProvaJovemEstafetasV2\r\n\r\nProcedimento de inscri\u00e7\u00e3o para CN Jovem Estafetas:\r\n\r\nDever\u00e1 ser preenchido o formul\u00e1rio abaixo, e enviado para inscricoes@federacao-triatlo.pt, at\u00e9 ao dia 29 de Agosto.\r\n\r\nFicha-de-Inscri\u00e7\u00e3o-CNJovem-Estafetas\r\n\r\nAs equipas ter\u00e3o' ><\/meta><meta itemprop='startDate' content='2016-9-3' ><\/meta><meta itemprop='endDate' content='2016-9-4' ><\/meta><meta itemprop='eventStatus' content='on-schedule' ><\/meta>\r\n\t\t\t\t\t\t\t\t\t<item style=\"display:none\" itemprop=\"location\" itemscope itemtype=\"http:\/\/schema.org\/Place\">\r\n\t\t\t\t\t\t\t\t\t\t<span itemprop=\"name\">Montemor-O-Velho<\/span>\r\n\t\t\t\t\t\t\t\t\t\t<span itemprop=\"address\" itemscope itemtype=\"http:\/\/schema.org\/PostalAddress\">\r\n\t\t\t\t\t\t\t\t\t\t\t<item itemprop=\"streetAddress\">Montemor-O-Velho<\/item>\r\n\t\t\t\t\t\t\t\t\t\t<\/span><\/item><script type=\"application\/ld+json\">{\t\"@context\": \"http:\/\/schema.org\",\r\n\t\t\t\t\t\t\t  \t\"@type\": \"Event\",\r\n\t\t\t\t\t\t\t  \t\"name\": \"Triatlo de Montemor-O-Velho\",\r\n\t\t\t\t\t\t\t  \t\"startDate\": \"2016-9-3T00-00-05-00\",\r\n\t\t\t\t\t\t\t  \t\"endDate\": \"2016-9-4T23-23-55-00\",\r\n\t\t\t\t\t\t\t  \t\"image\":\"https:\/\/www.federacao-triatlo.pt\/ftp2015\/wp-content\/uploads\/2016\/04\/Cartaz-Triatlo-MMVelho-2016-212x300.jpg\",\r\n\t\t\t\t\t\t\t  \t\"description\":\"Montemor-O-Velho - Regulamento\u00a0\r\n\r\nPercursosTac\u0327aPortugal\r\n\r\nPercursosProvaJovemEstafetasV2\r\n\r\nProcedimento de inscri\u00e7\u00e3o para CN Jovem Estafetas:\r\n\r\nDever\u00e1 ser preenchido o formul\u00e1rio abaixo, e enviado para inscricoes@federacao-triatlo.pt, at\u00e9 ao dia 29 de Agosto.\r\n\r\nFicha-de-Inscri\u00e7\u00e3o-CNJovem-Estafetas\r\n\r\nAs equipas ter\u00e3o\",\r\n\t\t\t\t\t\t\t  \t\"location\":{\r\n\t\t\t\t\t\t\t\t\t\t\"@type\":\"Place\",\r\n\t\t\t\t\t\t\t\t\t\t\"name\":\"Montemor-O-Velho\",\r\n\t\t\t\t\t\t\t\t\t\t\"address\":\"Montemor-O-Velho\"\r\n\t\t\t\t\t\t\t  \t\t}\r\n\t\t\t\t\t\t\t }\r\n\t\t\t\t\t\t\t<\/script><\/div>\r\n\t\t\t\t<p class=\"desc_trig_outter\"><a data-gmtrig=\"1\" data-exlk=\"0\" style=\"border-color: #0092e0;\" id=\"evc_14728611009437\" class=\"desc_trig evo_prova-jovem-de-estafetas evo_taca-de-portugal mul_val evcal_list_a\" data-ux_val=\"1\"  ><span class='evcal_cblock ' data-bgcolor='#0092e0' data-smon='Setembro' data-syr='2016'><span class='evo_start '><em class='date'>03<\/em><em class='month'>set<\/em><em class='time'>allday<\/em><\/span><span class='evo_end '><em class='date'>04<\/em><em class='time'>allday<\/em><\/span><em class='clear'><\/em><\/span><span class='evcal_desc evo_info hide_eventtopdata ' data-latlng=\"40.17518,-8.655031\"  data-location_address=\"Montemor-O-Velho\" data-location_type=\"lonlat\" data-location_name=\"Montemor-O-Velho\" data-location_status=\"true\" ><span class='evo_above_title'><\/span><span class='evcal_desc2 evcal_event_title' itemprop='name'>Triatlo de Montemor-O-Velho<\/span><span class='evo_below_title'><\/span><span class='evcal_desc_info' ><em class=\"evcal_location\" data-latlng=\"40.17518,-8.655031\"  data-add_str=\"\"><em class=\"event_location_name\">Montemor-O-Velho<\/em><\/em><\/span><span class='evcal_desc3'><span class='evcal_event_types ett1'><em><i>Tipo de Evento:<\/i><\/em><em data-filter='event_type'>Prova Jovem de Estafetas,<\/em><em data-filter='event_type'>Ta\u00e7a de Portugal de Triatlo<\/em><i class='clear'><\/i><\/span><\/span><\/span><em class='clear'><\/em><\/p><\/a><div class='event_description evcal_eventcard ' style=\"display:none\"><div class='evo_metarow_directimg'><img src='https:\/\/www.federacao-triatlo.pt\/ftp2015\/wp-content\/uploads\/2016\/04\/Cartaz-Triatlo-MMVelho-2016.jpg' \/><\/div><div class='evo_metarow_details evorow evcal_evdata_row bordb evcal_event_details'>\r\n\t\t\t\t\t\t\t<div class=\"event_excerpt\" style=\"display:none\"><h3 class=\"padb5 evo_h3\">Detalhes do Evento<\/h3><p>Montemor-O-Velho - Regulamento\u00a0\r\n\r\nPercursosTac\u0327aPortugal\r\n\r\nPercursosProvaJovemEstafetasV2\r\n\r\nProcedimento de inscri\u00e7\u00e3o para CN Jovem Estafetas:\r\n\r\nDever\u00e1 ser preenchido o formul\u00e1rio abaixo, e enviado para inscricoes@federacao-triatlo.pt, at\u00e9 ao dia 29 de Agosto.\r\n\r\nFicha-de-Inscri\u00e7\u00e3o-CNJovem-Estafetas\r\n\r\nAs equipas ter\u00e3o<\/p><\/div><span class='evcal_evdata_icons'><i class='fa fa-align-justify'><\/i><\/span>\r\n\t\t\t\t\t\t\t\r\n\t\t\t\t\t\t\t<div class='evcal_evdata_cell '><div class='eventon_full_description'>\r\n\t\t\t\t\t\t\t\t\t<h3 class='padb5 evo_h3'><span class='evcal_evdata_icons'><i class='fa fa-align-justify'><\/i><\/span>Detalhes do Evento<\/h3><div class='eventon_desc_in' itemprop='description'>\r\n\t\t\t\t\t\t\t\t\t<p><a href=\"https:\/\/www.federacao-triatlo.pt\/ftp2015\/wp-content\/uploads\/2016\/04\/Montemor-O-Velho-Regulamento-1-1.pdf\">Montemor-O-Velho &#8211; Regulamento\u00a0<\/a><\/p>\n<p><a href=\"https:\/\/www.federacao-triatlo.pt\/ftp2015\/wp-content\/uploads\/2016\/04\/PercursosTac\u0327aPortugal.pdf\">PercursosTac\u0327aPortugal<\/a><\/p>\n<p><a href=\"https:\/\/www.federacao-triatlo.pt\/ftp2015\/wp-content\/uploads\/2016\/08\/PercursosProvaJovemEstafetasV2.pdf\">PercursosProvaJovemEstafetasV2<\/a><\/p>\n<p>Procedimento de inscri\u00e7\u00e3o para CN Jovem Estafetas:<\/p>\n<p>Dever\u00e1 ser preenchido o formul\u00e1rio abaixo, e enviado para inscricoes@federacao-triatlo.pt, at\u00e9 ao dia 29 de Agosto.<\/p>\n<p><a href=\"https:\/\/www.federacao-triatlo.pt\/ftp2015\/wp-content\/uploads\/2016\/04\/Ficha-de-Inscri\u00e7\u00e3o-CNJovem-Estafetas.doc\">Ficha-de-Inscri\u00e7\u00e3o-CNJovem-Estafetas<\/a><\/p>\n<p>As equipas ter\u00e3o de ser compostas por atletas do mesmo g\u00e9nero.<\/p>\n<p>A composi\u00e7\u00e3o da equipa e a ordem de competi\u00e7\u00e3o dos atletas ser\u00e1 determinada pelo clube no acto da inscri\u00e7\u00e3o. A inscri\u00e7\u00e3o, a troca na ordem de competi\u00e7\u00e3o ou a substitui\u00e7\u00e3o de atletas poder\u00e3o ser efectuadas por email (inscricoes@federacao-triatlo.pt) ou via fax (214 418 487), at\u00e9 \u00e0s 24h00 do dia 01 de Setembro. Depois desta data, a composi\u00e7\u00e3o e ordem da equipa n\u00e3o poder\u00e3o ser alteradas, o que, a verificar-se, implica a desclassifica\u00e7\u00e3o da equipa.<\/p>\n<p>&nbsp;<\/p>\n<p><a href=\"https:\/\/www.federacao-triatlo.pt\/ftp2015\/wp-content\/uploads\/2016\/04\/CartazV2.pdf\">CartazV2<\/a><\/p>\n<p><a href=\"https:\/\/www.federacao-triatlo.pt\/ftp2015\/wp-content\/uploads\/2016\/04\/SL-Triatlo-de-Montemor-o-Velho-CN-Jovem-Estafetas.pdf\">SL Triatlo de Montemor-o-Velho (CN Jovem Estafetas)<\/a><\/p>\n<p><a href=\"https:\/\/www.federacao-triatlo.pt\/ftp2015\/wp-content\/uploads\/2016\/04\/SL-Triatlo-de-Montemor-o-Velho-Ta\u00e7a-Portugal.pdf\">SL Triatlo de Montemor-o-Velho (Ta\u00e7a Portugal)<\/a><\/p>\n<p>&nbsp;<\/p>\n<p>&nbsp;<\/p>\n<p><a href=\"https:\/\/www.federacao-triatlo.pt\/ftp2015\/wp-content\/uploads\/2016\/07\/Imagem1.png\"><img class=\"alignnone wp-image-12594\" src=\"https:\/\/www.federacao-triatlo.pt\/ftp2015\/wp-content\/uploads\/2016\/07\/Imagem1-300x145.png\" alt=\"Imagem1\" width=\"251\" height=\"121\" \/><\/a>\u00a0 \u00a0 \u00a0 \u00a0 \u00a0 \u00a0 \u00a0 \u00a0 \u00a0 \u00a0 \u00a0 \u00a0 \u00a0 \u00a0 \u00a0 \u00a0 \u00a0 \u00a0 \u00a0 \u00a0 \u00a0 \u00a0 \u00a0 \u00a0 \u00a0 \u00a0 \u00a0 \u00a0 \u00a0 \u00a0 \u00a0 \u00a0 \u00a0 \u00a0<a href=\"https:\/\/www.federacao-triatlo.pt\/ftp2015\/wp-content\/uploads\/2016\/04\/13442411_803189653144937_7852953773095819213_n.jpg\"><img class=\"alignnone wp-image-12994\" src=\"https:\/\/www.federacao-triatlo.pt\/ftp2015\/wp-content\/uploads\/2016\/04\/13442411_803189653144937_7852953773095819213_n.jpg\" alt=\"13442411_803189653144937_7852953773095819213_n\" width=\"162\" height=\"162\" \/><\/a><\/p>\n<p>&nbsp;<\/p>\n<p>&nbsp;<\/p>\n<\/div><div class='clear'><\/div>\r\n\t\t\t\t\t\t\t\t<\/div>\r\n\t\t\t\t\t\t\t<\/div>\r\n\t\t\t\t\t\t<\/div><div class='evo_metarow_gmap evorow evcal_gmaps bordb ' id='evc147286110069f3d17724cd79437_gmap' style='max-width:none'><\/div><div class='evo_metarow_getDr evorow evcal_evdata_row bordb evcal_evrow_sm getdirections'>\r\n\t\t\t\t\t\t<form action='https:\/\/maps.google.com\/maps' method='get' target='_blank'>\r\n\t\t\t\t\t\t<input type='hidden' name='daddr' value='Montemor-O-Velho'\/> \r\n\t\t\t\t\t\t<p><input class='evoInput' type='text' name='saddr' placeholder='Escreva a morada' value=''\/>\r\n\t\t\t\t\t\t<button type='submit' class='evcal_evdata_icons evcalicon_9' title='Clique aqui para obter as dire\u00e7\u00f5es'><i class='fa fa-road'><\/i><\/button>\r\n\t\t\t\t\t\t<\/p><\/form>\r\n\t\t\t\t\t<\/div><div class='evo_metarow_time_location evorow bordb '>\r\n\t\t\t\t\t\t<div class='tb' >\r\n\t\t\t\t\t\t\t<div class='tbrow'>\r\n\t\t\t\t\t\t\t<div class='evcal_col50 bordr'>\r\n\t\t\t\t\t\t\t\t<div class='evcal_evdata_row evo_time'>\r\n\t\t\t\t\t\t\t\t\t<span class='evcal_evdata_icons'><i class='fa fa-clock-o'><\/i><\/span>\r\n\t\t\t\t\t\t\t\t\t<div class='evcal_evdata_cell'>\t\t\t\t\t\t\t\r\n\t\t\t\t\t\t\t\t\t\t<h3 class='evo_h3'><span class='evcal_evdata_icons'><i class='fa fa-clock-o'><\/i><\/span>Hor\u00e1rio<\/h3>\r\n\t\t\t\t\t\t\t\t\t\t<p>Setembro 3 (S\u00e1bado) - 4 (Domingo)<\/p>\r\n\t\t\t\t\t\t\t\t\t<\/div>\r\n\t\t\t\t\t\t\t\t<\/div>\r\n\t\t\t\t\t\t\t<\/div><div class='evcal_col50'>\r\n\t\t\t\t\t\t\t\t<div class='evcal_evdata_row evo_location'>\r\n\t\t\t\t\t\t\t\t\t<span class='evcal_evdata_icons'><i class='fa fa-map-marker'><\/i><\/span>\r\n\t\t\t\t\t\t\t\t\t<div class='evcal_evdata_cell' data-loc_tax_id='191'>\t\t\t\t\t\t\t\r\n\t\t\t\t\t\t\t\t\t\t<h3 class='evo_h3'><span class='evcal_evdata_icons'><i class='fa fa-map-marker'><\/i><\/span>Localiza\u00e7\u00e3o<\/h3><p class='evo_location_name'>Montemor-O-Velho<\/p><p>Montemor-O-Velho<\/p>\r\n\t\t\t\t\t\t\t\t\t<\/div>\r\n\t\t\t\t\t\t\t\t<\/div>\r\n\t\t\t\t\t\t\t<\/div><div class='clear'><\/div>\r\n\t\t\t\t\t\t\t<\/div><\/div>\r\n\t\t\t\t\t\t<\/div><div class='evo_metarow_organizer evorow evcal_evdata_row bordb evcal_evrow_sm '>\r\n\t\t\t\t\t\t\t<span class='evcal_evdata_icons'><i class='fa fa-headphones'><\/i><\/span>\r\n\t\t\t\t\t\t\t<div class='evcal_evdata_cell'>\t\t\t\t\t\t\t\r\n\t\t\t\t\t\t\t\t<h3 class='evo_h3'>Evento organizado por<\/h3>\r\n\t\t\t\t\t\t\t\t\r\n\t\t\t\t\t\t\t\t<div class='evo_card_organizer'><p class='evo_data_val evo_card_organizer_name'>\r\n\t\t\t\t\t\t\t\t\t<span class='evo_card_organizer_name_t'>FTP \/ C\u00e2mara Municipal de Montemor-O-Velho<\/span><span class='evo_card_organizer_contact'>inscricoes@federacao-triatlo.pt<\/span>\r\n\t\t\t\t\t\t\t\t\t\r\n\t\t\t\t\t\t\t\t\t<\/p><\/div><div class='clear'><\/div>\t\t\t\t\t\t\t\r\n\t\t\t\t\t\t\t<\/div>\r\n\t\t\t\t\t\t<\/div>\t\t\t\t\t\t<div class='evo_metarow_ICS evorow bordb evcal_evdata_row'>\r\n\t\t\t\t\t\t\t<span class=\"evcal_evdata_icons\"><i class=\"fa fa-calendar\"><\/i><\/span>\r\n\t\t\t\t\t\t\t<div class='evcal_evdata_cell'>\r\n\t\t\t\t\t\t\t\t<p><a href='https:\/\/www.federacao-triatlo.pt\/ftp2015\/wp-admin\/admin-ajax.php?action=eventon_ics_download&amp;event_id=9437&amp;sunix=20160902T230500Z&amp;eunix=20160904T225500Z&amp;loca=Montemor-O-Velho&amp;locn=Montemor-O-Velho' class='evo_ics_nCal' title='Adicionar ao seu calend\u00e1rio'>Calend\u00e1rio<\/a><a href='\/\/www.google.com\/calendar\/event?action=TEMPLATE&amp;text=Triatlo+de+Montemor-O-Velho&amp;dates=20160902T230500Z\/20160904T225500Z&amp;details=Montemor-O-Velho+-+Regulamento%C2%A0%0D%0A%0D%0APercursosTac%CC%A7aPortugal%0D%0A%0D%0APercursosProvaJovemEstafetasV2%0D%0A%0D%0AProcedimento+de+inscri%C3%A7%C3%A3o+para+CN+Jovem+Estafetas%3A%0D%0A%0D%0ADever%C3%A1+ser+preenchido+o+formul%C3%A1rio+abaixo%2C+e+enviado+para+inscricoes%40federacao-triatlo.pt%2C+at%C3%A9+ao+dia+29+de+Agosto.%0D%0A%0D%0AFicha-de-Inscri%C3%A7%C3%A3o-CNJovem-Estafetas%0D%0A%0D%0AAs+equipas+ter%C3%A3o&amp;location=Montemor-O-Velho - Montemor-O-Velho' target='_blank' class='evo_ics_gCal' title='Adicionar ao calend\u00e1rio Google'>GoogleCal<\/a><\/p>\t\r\n\t\t\t\t\t\t\t<\/div>\t\t\t\t\t\t<\/div>\r\n\t\t\t\t\t\t<\/div><div class='clear end'><\/div><\/div><div id=\"event_9460\" class=\"eventon_list_event evo_eventtop past_event event\" data-event_id=\"9460\" data-time=\"1473465900-1473551700\" data-colr=\"#0092e0\" itemscope itemtype='http:\/\/schema.org\/Event' 2><div class=\"evo_event_schema\" style=\"display:none\" ><a itemprop='url'  href='https:\/\/www.federacao-triatlo.pt\/ftp2015\/events\/triatlo-vila-nova-de-gaia\/'><\/a><span itemprop='name'  >Triatlo Vila Nova de Gaia<\/span><meta itemprop='image'  ><\/meta><meta itemprop='description' content='Triatlo Vila Nova de Gaia-Regulamento\r\n\r\nTriatlo Vila Nova de Gaia - Percursos - Ta\u00e7a de Portugal\r\n\r\nSL Triatlo de Vila Nova de Gaia (Ta\u00e7a de Portugal)' ><\/meta><meta itemprop='startDate' content='2016-9-10' ><\/meta><meta itemprop='endDate' content='2016-9-10' ><\/meta><meta itemprop='eventStatus' content='on-schedule' ><\/meta>\r\n\t\t\t\t\t\t\t\t\t<item style=\"display:none\" itemprop=\"location\" itemscope itemtype=\"http:\/\/schema.org\/Place\">\r\n\t\t\t\t\t\t\t\t\t\t<span itemprop=\"name\">Vila Nova de Gaia<\/span>\r\n\t\t\t\t\t\t\t\t\t\t<span itemprop=\"address\" itemscope itemtype=\"http:\/\/schema.org\/PostalAddress\">\r\n\t\t\t\t\t\t\t\t\t\t\t<item itemprop=\"streetAddress\">Vila Nova de Gaia<\/item>\r\n\t\t\t\t\t\t\t\t\t\t<\/span><\/item><script type=\"application\/ld+json\">{\t\"@context\": \"http:\/\/schema.org\",\r\n\t\t\t\t\t\t\t  \t\"@type\": \"Event\",\r\n\t\t\t\t\t\t\t  \t\"name\": \"Triatlo Vila Nova de Gaia\",\r\n\t\t\t\t\t\t\t  \t\"startDate\": \"2016-9-10T00-00-05-00\",\r\n\t\t\t\t\t\t\t  \t\"endDate\": \"2016-9-10T23-23-55-00\",\r\n\t\t\t\t\t\t\t  \t\"image\":,\r\n\t\t\t\t\t\t\t  \t\"description\":\"Triatlo Vila Nova de Gaia-Regulamento\r\n\r\nTriatlo Vila Nova de Gaia - Percursos - Ta\u00e7a de Portugal\r\n\r\nSL Triatlo de Vila Nova de Gaia (Ta\u00e7a de Portugal)\",\r\n\t\t\t\t\t\t\t  \t\"location\":{\r\n\t\t\t\t\t\t\t\t\t\t\"@type\":\"Place\",\r\n\t\t\t\t\t\t\t\t\t\t\"name\":\"Vila Nova de Gaia\",\r\n\t\t\t\t\t\t\t\t\t\t\"address\":\"Vila Nova de Gaia\"\r\n\t\t\t\t\t\t\t  \t\t}\r\n\t\t\t\t\t\t\t }\r\n\t\t\t\t\t\t\t<\/script><\/div>\r\n\t\t\t\t<p class=\"desc_trig_outter\"><a data-gmtrig=\"1\" data-exlk=\"0\" style=\"border-color: #0092e0;\" id=\"evc_14734659009460\" class=\"desc_trig evo_taca-de-portugal sin_val evcal_list_a\" data-ux_val=\"1\"  ><span class='evcal_cblock ' data-bgcolor='#0092e0' data-smon='Setembro' data-syr='2016'><span class='evo_start '><em class='date'>10<\/em><em class='month'>set<\/em><em class='time'>allday<\/em><\/span><span class='evo_end only_time'><em class='time'>allday<\/em><\/span><em class='clear'><\/em><\/span><span class='evcal_desc evo_info hide_eventtopdata ' data-latlng=\"41.142180,-8.649234\"  data-location_address=\"Vila Nova de Gaia\" data-location_type=\"lonlat\" data-location_name=\"Vila Nova de Gaia\" data-location_status=\"true\" ><span class='evo_above_title'><\/span><span class='evcal_desc2 evcal_event_title' itemprop='name'>Triatlo Vila Nova de Gaia<\/span><span class='evo_below_title'><\/span><span class='evcal_desc_info' ><em class=\"evcal_location\" data-latlng=\"41.142180,-8.649234\"  data-add_str=\"\"><em class=\"event_location_name\">Vila Nova de Gaia<\/em><\/em><\/span><span class='evcal_desc3'><span class='evcal_event_types ett1'><em><i>Tipo de Evento:<\/i><\/em><em data-filter='event_type'>Ta\u00e7a de Portugal de Triatlo<\/em><i class='clear'><\/i><\/span><\/span><\/span><em class='clear'><\/em><\/p><\/a><div class='event_description evcal_eventcard ' style=\"display:none\"><div class='evo_metarow_details evorow evcal_evdata_row bordb evcal_event_details'>\r\n\t\t\t\t\t\t\t<div class=\"event_excerpt\" style=\"display:none\"><h3 class=\"padb5 evo_h3\">Detalhes do Evento<\/h3><p>Triatlo Vila Nova de Gaia-Regulamento\r\n\r\nTriatlo Vila Nova de Gaia - Percursos - Ta\u00e7a de Portugal\r\n\r\nSL Triatlo de Vila Nova de Gaia (Ta\u00e7a de Portugal)<\/p><\/div><span class='evcal_evdata_icons'><i class='fa fa-align-justify'><\/i><\/span>\r\n\t\t\t\t\t\t\t\r\n\t\t\t\t\t\t\t<div class='evcal_evdata_cell '><div class='eventon_full_description'>\r\n\t\t\t\t\t\t\t\t\t<h3 class='padb5 evo_h3'><span class='evcal_evdata_icons'><i class='fa fa-align-justify'><\/i><\/span>Detalhes do Evento<\/h3><div class='eventon_desc_in' itemprop='description'>\r\n\t\t\t\t\t\t\t\t\t<p>T<a href=\"https:\/\/www.federacao-triatlo.pt\/ftp2015\/wp-content\/uploads\/2016\/04\/20160910-TriatloVilaNovaGaia-RegulamentoV3.pdf\">riatlo Vila Nova de Gaia-Regulamento<\/a><\/p>\n<p>T<a href=\"https:\/\/www.federacao-triatlo.pt\/ftp2015\/wp-content\/uploads\/2016\/04\/TriatloVNGaia10092016PercursosTacaPortugal-1.pdf\">riatlo Vila Nova de Gaia &#8211; Percursos &#8211; Ta\u00e7a de Portugal<\/a><\/p>\n<p><a href=\"https:\/\/www.federacao-triatlo.pt\/ftp2015\/wp-content\/uploads\/2016\/04\/SL-Triatlo-de-Vila-Nova-de-Gaia-Ta\u00e7a-de-Portugal.pdf\">SL Triatlo de Vila Nova de Gaia (Ta\u00e7a de Portugal)<\/a><\/p>\n<\/div><div class='clear'><\/div>\r\n\t\t\t\t\t\t\t\t<\/div>\r\n\t\t\t\t\t\t\t<\/div>\r\n\t\t\t\t\t\t<\/div><div class='evo_metarow_gmap evorow evcal_gmaps bordb ' id='evc147346590069f3d177259b29460_gmap' style='max-width:none'><\/div><div class='evo_metarow_getDr evorow evcal_evdata_row bordb evcal_evrow_sm getdirections'>\r\n\t\t\t\t\t\t<form action='https:\/\/maps.google.com\/maps' method='get' target='_blank'>\r\n\t\t\t\t\t\t<input type='hidden' name='daddr' value='Vila Nova de Gaia'\/> \r\n\t\t\t\t\t\t<p><input class='evoInput' type='text' name='saddr' placeholder='Escreva a morada' value=''\/>\r\n\t\t\t\t\t\t<button type='submit' class='evcal_evdata_icons evcalicon_9' title='Clique aqui para obter as dire\u00e7\u00f5es'><i class='fa fa-road'><\/i><\/button>\r\n\t\t\t\t\t\t<\/p><\/form>\r\n\t\t\t\t\t<\/div><div class='evo_metarow_time_location evorow bordb '>\r\n\t\t\t\t\t\t<div class='tb' >\r\n\t\t\t\t\t\t\t<div class='tbrow'>\r\n\t\t\t\t\t\t\t<div class='evcal_col50 bordr'>\r\n\t\t\t\t\t\t\t\t<div class='evcal_evdata_row evo_time'>\r\n\t\t\t\t\t\t\t\t\t<span class='evcal_evdata_icons'><i class='fa fa-clock-o'><\/i><\/span>\r\n\t\t\t\t\t\t\t\t\t<div class='evcal_evdata_cell'>\t\t\t\t\t\t\t\r\n\t\t\t\t\t\t\t\t\t\t<h3 class='evo_h3'><span class='evcal_evdata_icons'><i class='fa fa-clock-o'><\/i><\/span>Hor\u00e1rio<\/h3>\r\n\t\t\t\t\t\t\t\t\t\t<p>Todo o dia (S\u00e1bado)<\/p>\r\n\t\t\t\t\t\t\t\t\t<\/div>\r\n\t\t\t\t\t\t\t\t<\/div>\r\n\t\t\t\t\t\t\t<\/div><div class='evcal_col50'>\r\n\t\t\t\t\t\t\t\t<div class='evcal_evdata_row evo_location'>\r\n\t\t\t\t\t\t\t\t\t<span class='evcal_evdata_icons'><i class='fa fa-map-marker'><\/i><\/span>\r\n\t\t\t\t\t\t\t\t\t<div class='evcal_evdata_cell' data-loc_tax_id='246'>\t\t\t\t\t\t\t\r\n\t\t\t\t\t\t\t\t\t\t<h3 class='evo_h3'><span class='evcal_evdata_icons'><i class='fa fa-map-marker'><\/i><\/span>Localiza\u00e7\u00e3o<\/h3><p class='evo_location_name'>Vila Nova de Gaia<\/p><p>Vila Nova de Gaia<\/p>\r\n\t\t\t\t\t\t\t\t\t<\/div>\r\n\t\t\t\t\t\t\t\t<\/div>\r\n\t\t\t\t\t\t\t<\/div><div class='clear'><\/div>\r\n\t\t\t\t\t\t\t<\/div><\/div>\r\n\t\t\t\t\t\t<\/div><div class='evo_metarow_organizer evorow evcal_evdata_row bordb evcal_evrow_sm '>\r\n\t\t\t\t\t\t\t<span class='evcal_evdata_icons'><i class='fa fa-headphones'><\/i><\/span>\r\n\t\t\t\t\t\t\t<div class='evcal_evdata_cell'>\t\t\t\t\t\t\t\r\n\t\t\t\t\t\t\t\t<h3 class='evo_h3'>Evento organizado por<\/h3>\r\n\t\t\t\t\t\t\t\t\r\n\t\t\t\t\t\t\t\t<div class='evo_card_organizer'><p class='evo_data_val evo_card_organizer_name'>\r\n\t\t\t\t\t\t\t\t\t<span class='evo_card_organizer_name_t'>FTP \/ C\u00e2mara Municipal Vila Nova de Gaia<\/span><span class='evo_card_organizer_contact'>inscricoes@federacao-triatlo.pt<\/span>\r\n\t\t\t\t\t\t\t\t\t\r\n\t\t\t\t\t\t\t\t\t<\/p><\/div><div class='clear'><\/div>\t\t\t\t\t\t\t\r\n\t\t\t\t\t\t\t<\/div>\r\n\t\t\t\t\t\t<\/div>\t\t\t\t\t\t<div class='evo_metarow_ICS evorow bordb evcal_evdata_row'>\r\n\t\t\t\t\t\t\t<span class=\"evcal_evdata_icons\"><i class=\"fa fa-calendar\"><\/i><\/span>\r\n\t\t\t\t\t\t\t<div class='evcal_evdata_cell'>\r\n\t\t\t\t\t\t\t\t<p><a href='https:\/\/www.federacao-triatlo.pt\/ftp2015\/wp-admin\/admin-ajax.php?action=eventon_ics_download&amp;event_id=9460&amp;sunix=20160909T230500Z&amp;eunix=20160910T225500Z&amp;loca=Vila Nova de Gaia&amp;locn=Vila Nova de Gaia' class='evo_ics_nCal' title='Adicionar ao seu calend\u00e1rio'>Calend\u00e1rio<\/a><a href='\/\/www.google.com\/calendar\/event?action=TEMPLATE&amp;text=Triatlo+Vila+Nova+de+Gaia&amp;dates=20160909T230500Z\/20160910T225500Z&amp;details=Triatlo+Vila+Nova+de+Gaia-Regulamento%0D%0A%0D%0ATriatlo+Vila+Nova+de+Gaia+-+Percursos+-+Ta%C3%A7a+de+Portugal%0D%0A%0D%0ASL+Triatlo+de+Vila+Nova+de+Gaia+%28Ta%C3%A7a+de+Portugal%29&amp;location=Vila+Nova+de+Gaia - Vila+Nova+de+Gaia' target='_blank' class='evo_ics_gCal' title='Adicionar ao calend\u00e1rio Google'>GoogleCal<\/a><\/p>\t\r\n\t\t\t\t\t\t\t<\/div>\t\t\t\t\t\t<\/div>\r\n\t\t\t\t\t\t<\/div><div class='clear end'><\/div><\/div><div id=\"event_9894\" class=\"eventon_list_event evo_eventtop past_event event\" data-event_id=\"9894\" data-time=\"1473465900-1473551700\" data-colr=\"#0092e0\" itemscope itemtype='http:\/\/schema.org\/Event' 3><div class=\"evo_event_schema\" style=\"display:none\" ><a itemprop='url'  href='https:\/\/www.federacao-triatlo.pt\/ftp2015\/events\/duatlo-jumbo-2\/'><\/a><span itemprop='name'  >II Duatlo Jumbo - Prova Aberta<\/span><meta itemprop='image' content='https:\/\/www.federacao-triatlo.pt\/ftp2015\/wp-content\/uploads\/2016\/05\/Partida_Duatlo_2015-300x212.png' ><\/meta><meta itemprop='description' content='No dia 10 de Setembro ir\u00e1 ter lugar no Circuito do Estoril o II Duatlo Jumbo.\r\n\r\nInforma\u00e7\u00f5es: www.corridajumbo.pt\/site\/?local=insc_duatlo\r\n\r\nRegulamento com altera\u00e7\u00f5es a letra vermelha e fundo amarelo:\r\n\r\n2016_09_10-II Duatlo-Jumbo-Regulamento 3\r\n\r\n2016_09_10' ><\/meta><meta itemprop='startDate' content='2016-9-10' ><\/meta><meta itemprop='endDate' content='2016-9-10' ><\/meta><meta itemprop='eventStatus' content='on-schedule' ><\/meta>\r\n\t\t\t\t\t\t\t\t\t<item style=\"display:none\" itemprop=\"location\" itemscope itemtype=\"http:\/\/schema.org\/Place\">\r\n\t\t\t\t\t\t\t\t\t\t<span itemprop=\"name\">Aut\u00f3dromo do Estoril<\/span>\r\n\t\t\t\t\t\t\t\t\t\t<span itemprop=\"address\" itemscope itemtype=\"http:\/\/schema.org\/PostalAddress\">\r\n\t\t\t\t\t\t\t\t\t\t\t<item itemprop=\"streetAddress\"><\/item>\r\n\t\t\t\t\t\t\t\t\t\t<\/span><\/item><script type=\"application\/ld+json\">{\t\"@context\": \"http:\/\/schema.org\",\r\n\t\t\t\t\t\t\t  \t\"@type\": \"Event\",\r\n\t\t\t\t\t\t\t  \t\"name\": \"II Duatlo Jumbo - Prova Aberta\",\r\n\t\t\t\t\t\t\t  \t\"startDate\": \"2016-9-10T00-00-05-00\",\r\n\t\t\t\t\t\t\t  \t\"endDate\": \"2016-9-10T23-23-55-00\",\r\n\t\t\t\t\t\t\t  \t\"image\":\"https:\/\/www.federacao-triatlo.pt\/ftp2015\/wp-content\/uploads\/2016\/05\/Partida_Duatlo_2015-300x212.png\",\r\n\t\t\t\t\t\t\t  \t\"description\":\"No dia 10 de Setembro ir\u00e1 ter lugar no Circuito do Estoril o II Duatlo Jumbo.\r\n\r\nInforma\u00e7\u00f5es: www.corridajumbo.pt\/site\/?local=insc_duatlo\r\n\r\nRegulamento com altera\u00e7\u00f5es a letra vermelha e fundo amarelo:\r\n\r\n2016_09_10-II Duatlo-Jumbo-Regulamento 3\r\n\r\n2016_09_10\",\r\n\t\t\t\t\t\t\t  \t\r\n\t\t\t\t\t\t\t }\r\n\t\t\t\t\t\t\t<\/script><\/div>\r\n\t\t\t\t<p class=\"desc_trig_outter\"><a data-gmtrig=\"1\" data-exlk=\"0\" style=\"border-color: #0092e0;\" id=\"evc_14734659009894\" class=\"desc_trig evo_prova-aberta sin_val evcal_list_a\" data-ux_val=\"1\"  ><span class='evcal_cblock ' data-bgcolor='#0092e0' data-smon='Setembro' data-syr='2016'><span class='evo_start '><em class='date'>10<\/em><em class='month'>set<\/em><em class='time'>allday<\/em><\/span><span class='evo_end only_time'><em class='time'>allday<\/em><\/span><em class='clear'><\/em><\/span><span class='evcal_desc evo_info hide_eventtopdata ' data-latlng=\"38.744782,-9.393319\"  data-location_address=\"\" data-location_type=\"lonlat\" data-location_name=\"Aut\u00f3dromo do Estoril\" data-location_status=\"true\" ><span class='evo_above_title'><\/span><span class='evcal_desc2 evcal_event_title' itemprop='name'>II Duatlo Jumbo - Prova Aberta<\/span><span class='evo_below_title'><\/span><span class='evcal_desc_info' ><em class=\"evcal_location\" data-latlng=\"38.744782,-9.393319\"  data-add_str=\"\"><em class=\"event_location_name\">Aut\u00f3dromo do Estoril<\/em><\/em><\/span><span class='evcal_desc3'><span class='evcal_event_types ett1'><em><i>Tipo de Evento:<\/i><\/em><em data-filter='event_type'>Prova Aberta<\/em><i class='clear'><\/i><\/span><\/span><\/span><em class='clear'><\/em><\/p><\/a><div class='event_description evcal_eventcard ' style=\"display:none\"><div class='evo_metarow_directimg'><img src='https:\/\/www.federacao-triatlo.pt\/ftp2015\/wp-content\/uploads\/2016\/05\/Partida_Duatlo_2015.png' \/><\/div><div class='evo_metarow_details evorow evcal_evdata_row bordb evcal_event_details'>\r\n\t\t\t\t\t\t\t<div class=\"event_excerpt\" style=\"display:none\"><h3 class=\"padb5 evo_h3\">Detalhes do Evento<\/h3><p>No dia 10 de Setembro ir\u00e1 ter lugar no Circuito do Estoril o II Duatlo Jumbo.\r\n\r\nInforma\u00e7\u00f5es: www.corridajumbo.pt\/site\/?local=insc_duatlo\r\n\r\nRegulamento com altera\u00e7\u00f5es a letra vermelha e fundo amarelo:\r\n\r\n2016_09_10-II Duatlo-Jumbo-Regulamento 3\r\n\r\n2016_09_10<\/p><\/div><span class='evcal_evdata_icons'><i class='fa fa-align-justify'><\/i><\/span>\r\n\t\t\t\t\t\t\t\r\n\t\t\t\t\t\t\t<div class='evcal_evdata_cell '><div class='eventon_full_description'>\r\n\t\t\t\t\t\t\t\t\t<h3 class='padb5 evo_h3'><span class='evcal_evdata_icons'><i class='fa fa-align-justify'><\/i><\/span>Detalhes do Evento<\/h3><div class='eventon_desc_in' itemprop='description'>\r\n\t\t\t\t\t\t\t\t\t<p>No dia 10 de Setembro ir\u00e1 ter lugar no Circuito do Estoril o II Duatlo Jumbo.<\/p>\n<p>Informa\u00e7\u00f5es: www.corridajumbo.pt\/site\/?local=insc_duatlo<\/p>\n<p>Regulamento com altera\u00e7\u00f5es a letra vermelha e fundo amarelo:<\/p>\n<p><a href=\"https:\/\/www.federacao-triatlo.pt\/ftp2015\/wp-content\/uploads\/2016\/05\/2016_09_10-II-Duatlo-Jumbo-Regulamento-3-1.docx\">2016_09_10-II Duatlo-Jumbo-Regulamento 3<\/a><\/p>\n<p><a href=\"https:\/\/www.federacao-triatlo.pt\/ftp2015\/wp-content\/uploads\/2016\/05\/2016_09_10-Duatlo-Jumbo-Percursos.pptx\" rel=\"\">2016_09_10 Duatlo Jumbo &#8211; Percursos<\/a><\/p>\n<p><a href=\"https:\/\/www.federacao-triatlo.pt\/ftp2015\/wp-content\/uploads\/2016\/05\/SL-Duatlo-Jumbo-Prova-Aberta.pdf\">sl-duatlo-jumbo-prova-aberta<\/a><\/p>\n<p>&nbsp;<\/p>\n<\/div><div class='clear'><\/div>\r\n\t\t\t\t\t\t\t\t<\/div>\r\n\t\t\t\t\t\t\t<\/div>\r\n\t\t\t\t\t\t<\/div><div class='evo_metarow_gmap evorow evcal_gmaps bordb ' id='evc147346590069f3d177261ab9894_gmap' style='max-width:none'><\/div><div class='evo_metarow_getDr evorow evcal_evdata_row bordb evcal_evrow_sm getdirections'>\r\n\t\t\t\t\t\t<form action='https:\/\/maps.google.com\/maps' method='get' target='_blank'>\r\n\t\t\t\t\t\t<input type='hidden' name='daddr' value='38.744782,-9.393319'\/> \r\n\t\t\t\t\t\t<p><input class='evoInput' type='text' name='saddr' placeholder='Escreva a morada' value=''\/>\r\n\t\t\t\t\t\t<button type='submit' class='evcal_evdata_icons evcalicon_9' title='Clique aqui para obter as dire\u00e7\u00f5es'><i class='fa fa-road'><\/i><\/button>\r\n\t\t\t\t\t\t<\/p><\/form>\r\n\t\t\t\t\t<\/div><div class='evo_metarow_time_location evorow bordb '>\r\n\t\t\t\t\t\t<div class='tb' >\r\n\t\t\t\t\t\t\t<div class='tbrow'>\r\n\t\t\t\t\t\t\t<div class='evcal_col50 bordr'>\r\n\t\t\t\t\t\t\t\t<div class='evcal_evdata_row evo_time'>\r\n\t\t\t\t\t\t\t\t\t<span class='evcal_evdata_icons'><i class='fa fa-clock-o'><\/i><\/span>\r\n\t\t\t\t\t\t\t\t\t<div class='evcal_evdata_cell'>\t\t\t\t\t\t\t\r\n\t\t\t\t\t\t\t\t\t\t<h3 class='evo_h3'><span class='evcal_evdata_icons'><i class='fa fa-clock-o'><\/i><\/span>Hor\u00e1rio<\/h3>\r\n\t\t\t\t\t\t\t\t\t\t<p>Todo o dia (S\u00e1bado)<\/p>\r\n\t\t\t\t\t\t\t\t\t<\/div>\r\n\t\t\t\t\t\t\t\t<\/div>\r\n\t\t\t\t\t\t\t<\/div><div class='evcal_col50'>\r\n\t\t\t\t\t\t\t\t<div class='evcal_evdata_row evo_location'>\r\n\t\t\t\t\t\t\t\t\t<span class='evcal_evdata_icons'><i class='fa fa-map-marker'><\/i><\/span>\r\n\t\t\t\t\t\t\t\t\t<div class='evcal_evdata_cell' data-loc_tax_id='272'>\t\t\t\t\t\t\t\r\n\t\t\t\t\t\t\t\t\t\t<h3 class='evo_h3'><span class='evcal_evdata_icons'><i class='fa fa-map-marker'><\/i><\/span>Localiza\u00e7\u00e3o<\/h3><p class='evo_location_name'>Aut\u00f3dromo do Estoril<\/p><p><\/p>\r\n\t\t\t\t\t\t\t\t\t<\/div>\r\n\t\t\t\t\t\t\t\t<\/div>\r\n\t\t\t\t\t\t\t<\/div><div class='clear'><\/div>\r\n\t\t\t\t\t\t\t<\/div><\/div>\r\n\t\t\t\t\t\t<\/div><div class='evo_metarow_organizer evorow evcal_evdata_row bordb evcal_evrow_sm '>\r\n\t\t\t\t\t\t\t<span class='evcal_evdata_icons'><i class='fa fa-headphones'><\/i><\/span>\r\n\t\t\t\t\t\t\t<div class='evcal_evdata_cell'>\t\t\t\t\t\t\t\r\n\t\t\t\t\t\t\t\t<h3 class='evo_h3'>Evento organizado por<\/h3>\r\n\t\t\t\t\t\t\t\t\r\n\t\t\t\t\t\t\t\t<div class='evo_card_organizer'><p class='evo_data_val evo_card_organizer_name'>\r\n\t\t\t\t\t\t\t\t\t<span class='evo_card_organizer_name_t'><a  href='https:\/\/www.federacao-triatlo.pt\/ftp2015'>FTP<\/a><\/span><span class='evo_card_organizer_contact'>secretaria@federacao-triatlo.pt<\/span>\r\n\t\t\t\t\t\t\t\t\t\r\n\t\t\t\t\t\t\t\t\t<\/p><\/div><div class='clear'><\/div>\t\t\t\t\t\t\t\r\n\t\t\t\t\t\t\t<\/div>\r\n\t\t\t\t\t\t<\/div>\t\t\t\t\t\t<div class='evo_metarow_ICS evorow bordb evcal_evdata_row'>\r\n\t\t\t\t\t\t\t<span class=\"evcal_evdata_icons\"><i class=\"fa fa-calendar\"><\/i><\/span>\r\n\t\t\t\t\t\t\t<div class='evcal_evdata_cell'>\r\n\t\t\t\t\t\t\t\t<p><a href='https:\/\/www.federacao-triatlo.pt\/ftp2015\/wp-admin\/admin-ajax.php?action=eventon_ics_download&amp;event_id=9894&amp;sunix=20160909T230500Z&amp;eunix=20160910T225500Z&amp;loca=&amp;locn=Aut\u00f3dromo do Estoril' class='evo_ics_nCal' title='Adicionar ao seu calend\u00e1rio'>Calend\u00e1rio<\/a><a href='\/\/www.google.com\/calendar\/event?action=TEMPLATE&amp;text=II+Duatlo+Jumbo+-+Prova+Aberta&amp;dates=20160909T230500Z\/20160910T225500Z&amp;details=No+dia+10+de+Setembro+ir%C3%A1+ter+lugar+no+Circuito+do+Estoril+o+II+Duatlo+Jumbo.%0D%0A%0D%0AInforma%C3%A7%C3%B5es%3A+www.corridajumbo.pt%2Fsite%2F%3Flocal%3Dinsc_duatlo%0D%0A%0D%0ARegulamento+com+altera%C3%A7%C3%B5es+a+letra+vermelha+e+fundo+amarelo%3A%0D%0A%0D%0A2016_09_10-II+Duatlo-Jumbo-Regulamento+3%0D%0A%0D%0A2016_09_10&amp;location=Aut%C3%B3dromo+do+Estoril - ' target='_blank' class='evo_ics_gCal' title='Adicionar ao calend\u00e1rio Google'>GoogleCal<\/a><\/p>\t\r\n\t\t\t\t\t\t\t<\/div>\t\t\t\t\t\t<\/div>\r\n\t\t\t\t\t\t<\/div><div class='clear end'><\/div><\/div><div id=\"event_13114\" class=\"eventon_list_event evo_eventtop past_event event\" data-event_id=\"13114\" data-time=\"1473552300-1473638100\" data-colr=\"#0092e0\" itemscope itemtype='http:\/\/schema.org\/Event' 4><div class=\"evo_event_schema\" style=\"display:none\" ><a itemprop='url'  href='https:\/\/www.federacao-triatlo.pt\/ftp2015\/events\/i-triatlo-trilhos-da-lagoa-s-miguel-acores\/'><\/a><span itemprop='name'  >I Triatlo Trilhos da Lagoa - S. Miguel - A\u00e7ores<\/span><meta itemprop='image' content='https:\/\/www.federacao-triatlo.pt\/ftp2015\/wp-content\/uploads\/2016\/08\/cartaz-Triatlo-Trilhos-da-Lagoa-A\u00e7ores-212x300.jpg' ><\/meta><meta itemprop='description' content='O I Triatlo Trilhos da Lagoa ir\u00e1 decorrer em 11 de Setembro de 2016 em Lagoa, S. Miguel, A\u00e7ores.\r\n\r\nRegulamento I Triatlo Trilhos da Lagoa 2016\r\n\r\nPercursos Adultos I Triatlo' ><\/meta><meta itemprop='startDate' content='2016-9-11' ><\/meta><meta itemprop='endDate' content='2016-9-11' ><\/meta><meta itemprop='eventStatus' content='on-schedule' ><\/meta><script type=\"application\/ld+json\">{\t\"@context\": \"http:\/\/schema.org\",\r\n\t\t\t\t\t\t\t  \t\"@type\": \"Event\",\r\n\t\t\t\t\t\t\t  \t\"name\": \"I Triatlo Trilhos da Lagoa - S. Miguel - A\u00e7ores\",\r\n\t\t\t\t\t\t\t  \t\"startDate\": \"2016-9-11T00-00-05-00\",\r\n\t\t\t\t\t\t\t  \t\"endDate\": \"2016-9-11T23-23-55-00\",\r\n\t\t\t\t\t\t\t  \t\"image\":\"https:\/\/www.federacao-triatlo.pt\/ftp2015\/wp-content\/uploads\/2016\/08\/cartaz-Triatlo-Trilhos-da-Lagoa-A\u00e7ores-212x300.jpg\",\r\n\t\t\t\t\t\t\t  \t\"description\":\"O I Triatlo Trilhos da Lagoa ir\u00e1 decorrer em 11 de Setembro de 2016 em Lagoa, S. Miguel, A\u00e7ores.\r\n\r\nRegulamento I Triatlo Trilhos da Lagoa 2016\r\n\r\nPercursos Adultos I Triatlo\",\r\n\t\t\t\t\t\t\t  \t\r\n\t\t\t\t\t\t\t }\r\n\t\t\t\t\t\t\t<\/script><\/div>\r\n\t\t\t\t<p class=\"desc_trig_outter\"><a data-gmap_status=\"null\" data-gmtrig=\"1\" data-exlk=\"0\" style=\"border-color: #0092e0;\" id=\"evc_147355230013114\" class=\"desc_trig evo_prova-aberta sin_val evcal_list_a\" data-ux_val=\"1\"  ><span class='evcal_cblock ' data-bgcolor='#0092e0' data-smon='Setembro' data-syr='2016'><span class='evo_start '><em class='date'>11<\/em><em class='month'>set<\/em><em class='time'>allday<\/em><\/span><span class='evo_end only_time'><em class='time'>allday<\/em><\/span><em class='clear'><\/em><\/span><span class='evcal_desc evo_info hide_eventtopdata '  data-location_status=\"false\" ><span class='evo_above_title'><\/span><span class='evcal_desc2 evcal_event_title' itemprop='name'>I Triatlo Trilhos da Lagoa - S. Miguel - A\u00e7ores<\/span><span class='evo_below_title'><\/span><span class='evcal_desc_info' ><\/span><span class='evcal_desc3'><span class='evcal_event_types ett1'><em><i>Tipo de Evento:<\/i><\/em><em data-filter='event_type'>Prova Aberta<\/em><i class='clear'><\/i><\/span><\/span><\/span><em class='clear'><\/em><\/p><\/a><div class='event_description evcal_eventcard ' style=\"display:none\"><div class='evo_metarow_directimg'><img src='https:\/\/www.federacao-triatlo.pt\/ftp2015\/wp-content\/uploads\/2016\/08\/cartaz-Triatlo-Trilhos-da-Lagoa-A\u00e7ores.jpg' \/><\/div><div class='evo_metarow_details evorow evcal_evdata_row bordb evcal_event_details'>\r\n\t\t\t\t\t\t\t<div class=\"event_excerpt\" style=\"display:none\"><h3 class=\"padb5 evo_h3\">Detalhes do Evento<\/h3><p>O I Triatlo Trilhos da Lagoa ir\u00e1 decorrer em 11 de Setembro de 2016 em Lagoa, S. Miguel, A\u00e7ores.\r\n\r\nRegulamento I Triatlo Trilhos da Lagoa 2016\r\n\r\nPercursos Adultos I Triatlo<\/p><\/div><span class='evcal_evdata_icons'><i class='fa fa-align-justify'><\/i><\/span>\r\n\t\t\t\t\t\t\t\r\n\t\t\t\t\t\t\t<div class='evcal_evdata_cell '><div class='eventon_full_description'>\r\n\t\t\t\t\t\t\t\t\t<h3 class='padb5 evo_h3'><span class='evcal_evdata_icons'><i class='fa fa-align-justify'><\/i><\/span>Detalhes do Evento<\/h3><div class='eventon_desc_in' itemprop='description'>\r\n\t\t\t\t\t\t\t\t\t<p>O I Triatlo Trilhos da Lagoa ir\u00e1 decorrer em 11 de Setembro de 2016 em Lagoa, S. Miguel, A\u00e7ores.<\/p>\n<p><a href=\"https:\/\/www.federacao-triatlo.pt\/ftp2015\/wp-content\/uploads\/2016\/08\/Regulamento-I-Triatlo-Trilhos-da-Lagoa-2016.docx\">Regulamento I Triatlo Trilhos da Lagoa 2016<\/a><\/p>\n<p><a href=\"https:\/\/www.federacao-triatlo.pt\/ftp2015\/wp-content\/uploads\/2016\/08\/Percursos-Adultos-I-Triatlo-Trilhos-da-Lagoa-2016.docx\">Percursos Adultos I Triatlo Trilhos da Lagoa 2016<\/a><\/p>\n<p><a href=\"https:\/\/www.federacao-triatlo.pt\/ftp2015\/wp-content\/uploads\/2016\/08\/Ficha-de-inscri\u00e7\u00e3o-I-Triatlo-Trilhos-da-Lagoa-S.-Miguel.docx\">Ficha de inscri\u00e7\u00e3o I Triatlo Trilhos da Lagoa &#8211; S. Miguel<\/a><\/p>\n<p>Altimetria BTT:<\/p>\n<p><a href=\"https:\/\/www.federacao-triatlo.pt\/ftp2015\/wp-content\/uploads\/2016\/08\/Altimetria-BTT.jpg\"><img class=\"alignnone size-medium wp-image-13540\" src=\"https:\/\/www.federacao-triatlo.pt\/ftp2015\/wp-content\/uploads\/2016\/08\/Altimetria-BTT-300x73.jpg\" alt=\"Altimetria BTT\" width=\"300\" height=\"73\" \/><\/a><\/p>\n<p>Altimetria Corrida:<\/p>\n<p><a href=\"https:\/\/www.federacao-triatlo.pt\/ftp2015\/wp-content\/uploads\/2016\/08\/Altimetria-Corrida.jpg\"><img class=\"alignnone size-medium wp-image-13541\" src=\"https:\/\/www.federacao-triatlo.pt\/ftp2015\/wp-content\/uploads\/2016\/08\/Altimetria-Corrida-300x73.jpg\" alt=\"Altimetria Corrida\" width=\"300\" height=\"73\" \/><\/a><\/p>\n<p>&nbsp;<\/p>\n<\/div><div class='clear'><\/div>\r\n\t\t\t\t\t\t\t\t<\/div>\r\n\t\t\t\t\t\t\t<\/div>\r\n\t\t\t\t\t\t<\/div><div class='evo_metarow_time evorow evcal_evdata_row bordb evcal_evrow_sm '>\r\n\t\t\t\t\t\t\t<span class='evcal_evdata_icons'><i class='fa fa-clock-o'><\/i><\/span>\r\n\t\t\t\t\t\t\t<div class='evcal_evdata_cell'>\t\t\t\t\t\t\t\r\n\t\t\t\t\t\t\t\t<h3 class='evo_h3'><span class='evcal_evdata_icons'><i class='fa fa-clock-o'><\/i><\/span>Hor\u00e1rio<\/h3><p>Todo o dia (Domingo)<\/p>\r\n\t\t\t\t\t\t\t<\/div>\r\n\t\t\t\t\t\t<\/div>\t\t\t\t\t\t<div class='evo_metarow_ICS evorow bordb evcal_evdata_row'>\r\n\t\t\t\t\t\t\t<span class=\"evcal_evdata_icons\"><i class=\"fa fa-calendar\"><\/i><\/span>\r\n\t\t\t\t\t\t\t<div class='evcal_evdata_cell'>\r\n\t\t\t\t\t\t\t\t<p><a href='https:\/\/www.federacao-triatlo.pt\/ftp2015\/wp-admin\/admin-ajax.php?action=eventon_ics_download&amp;event_id=13114&amp;sunix=20160910T230500Z&amp;eunix=20160911T225500Z&amp;loca=&amp;locn=' class='evo_ics_nCal' title='Adicionar ao seu calend\u00e1rio'>Calend\u00e1rio<\/a><a href='\/\/www.google.com\/calendar\/event?action=TEMPLATE&amp;text=I+Triatlo+Trilhos+da+Lagoa+-+S.+Miguel+-+A%C3%A7ores&amp;dates=20160910T230500Z\/20160911T225500Z&amp;details=O+I+Triatlo+Trilhos+da+Lagoa+ir%C3%A1+decorrer+em+11+de+Setembro+de+2016+em+Lagoa%2C+S.+Miguel%2C+A%C3%A7ores.%0D%0A%0D%0ARegulamento+I+Triatlo+Trilhos+da+Lagoa+2016%0D%0A%0D%0APercursos+Adultos+I+Triatlo&amp;location= - ' target='_blank' class='evo_ics_gCal' title='Adicionar ao calend\u00e1rio Google'>GoogleCal<\/a><\/p>\t\r\n\t\t\t\t\t\t\t<\/div>\t\t\t\t\t\t<\/div>\r\n\t\t\t\t\t\t<\/div><div class='clear end'><\/div><\/div><div id=\"event_9463\" class=\"eventon_list_event evo_eventtop past_event event\" data-event_id=\"9463\" data-time=\"1474157100-1474242900\" data-colr=\"#0092e0\" itemscope itemtype='http:\/\/schema.org\/Event' 5><div class=\"evo_event_schema\" style=\"display:none\" ><a itemprop='url'  href='https:\/\/www.federacao-triatlo.pt\/ftp2015\/events\/triatlo-vila-nova-de-cerveira\/'><\/a><span itemprop='name'  >Triatlo da Amizade Vila Nova de Cerveira<\/span><meta itemprop='image'  ><\/meta><meta itemprop='description' content='vila-nova-de-cerveira-regulamento\r\n\r\nX TRIATLO DA AMIZADE-cg Absoluto\r\n\r\nTRIATLON DE MENORES- X TRIATLO DA AMIZADE\r\n\r\nPercursos\r\n\r\nPercursos 1\r\n\r\nPercursos Nata\u00e7\u00e3o Jovem\r\n\r\nsl-triatlo-de-vila-nova-de-cerveira-taca-de-portugal-porterra\r\n\r\n&nbsp;\r\n\r\n&nbsp;\r\n\r\n&nbsp;\r\n\r\n\u00a0' ><\/meta><meta itemprop='startDate' content='2016-9-18' ><\/meta><meta itemprop='endDate' content='2016-9-18' ><\/meta><meta itemprop='eventStatus' content='on-schedule' ><\/meta>\r\n\t\t\t\t\t\t\t\t\t<item style=\"display:none\" itemprop=\"location\" itemscope itemtype=\"http:\/\/schema.org\/Place\">\r\n\t\t\t\t\t\t\t\t\t\t<span itemprop=\"name\">Vila Nova de Cerveira<\/span>\r\n\t\t\t\t\t\t\t\t\t\t<span itemprop=\"address\" itemscope itemtype=\"http:\/\/schema.org\/PostalAddress\">\r\n\t\t\t\t\t\t\t\t\t\t\t<item itemprop=\"streetAddress\">Vila Nova de Cerveira<\/item>\r\n\t\t\t\t\t\t\t\t\t\t<\/span><\/item><script type=\"application\/ld+json\">{\t\"@context\": \"http:\/\/schema.org\",\r\n\t\t\t\t\t\t\t  \t\"@type\": \"Event\",\r\n\t\t\t\t\t\t\t  \t\"name\": \"Triatlo da Amizade Vila Nova de Cerveira\",\r\n\t\t\t\t\t\t\t  \t\"startDate\": \"2016-9-18T00-00-05-00\",\r\n\t\t\t\t\t\t\t  \t\"endDate\": \"2016-9-18T23-23-55-00\",\r\n\t\t\t\t\t\t\t  \t\"image\":,\r\n\t\t\t\t\t\t\t  \t\"description\":\"vila-nova-de-cerveira-regulamento\r\n\r\nX TRIATLO DA AMIZADE-cg Absoluto\r\n\r\nTRIATLON DE MENORES- X TRIATLO DA AMIZADE\r\n\r\nPercursos\r\n\r\nPercursos 1\r\n\r\nPercursos Nata\u00e7\u00e3o Jovem\r\n\r\nsl-triatlo-de-vila-nova-de-cerveira-taca-de-portugal-porterra\r\n\r\n&nbsp;\r\n\r\n&nbsp;\r\n\r\n&nbsp;\r\n\r\n\u00a0\",\r\n\t\t\t\t\t\t\t  \t\"location\":{\r\n\t\t\t\t\t\t\t\t\t\t\"@type\":\"Place\",\r\n\t\t\t\t\t\t\t\t\t\t\"name\":\"Vila Nova de Cerveira\",\r\n\t\t\t\t\t\t\t\t\t\t\"address\":\"Vila Nova de Cerveira\"\r\n\t\t\t\t\t\t\t  \t\t}\r\n\t\t\t\t\t\t\t }\r\n\t\t\t\t\t\t\t<\/script><\/div>\r\n\t\t\t\t<p class=\"desc_trig_outter\"><a data-gmtrig=\"1\" data-exlk=\"0\" style=\"border-color: #0092e0;\" id=\"evc_14741571009463\" class=\"desc_trig evo_taca-portugal-porterra sin_val evcal_list_a\" data-ux_val=\"1\"  ><span class='evcal_cblock ' data-bgcolor='#0092e0' data-smon='Setembro' data-syr='2016'><span class='evo_start '><em class='date'>18<\/em><em class='month'>set<\/em><em class='time'>allday<\/em><\/span><span class='evo_end only_time'><em class='time'>allday<\/em><\/span><em class='clear'><\/em><\/span><span class='evcal_desc evo_info hide_eventtopdata ' data-latlng=\"41.940816,-8.746235\"  data-location_address=\"Vila Nova de Cerveira\" data-location_type=\"lonlat\" data-location_name=\"Vila Nova de Cerveira\" data-location_status=\"true\" ><span class='evo_above_title'><\/span><span class='evcal_desc2 evcal_event_title' itemprop='name'>Triatlo da Amizade Vila Nova de Cerveira<\/span><span class='evo_below_title'><\/span><span class='evcal_desc_info' ><em class=\"evcal_location\" data-latlng=\"41.940816,-8.746235\"  data-add_str=\"\"><em class=\"event_location_name\">Vila Nova de Cerveira<\/em><\/em><\/span><span class='evcal_desc3'><span class='evcal_event_types ett1'><em><i>Tipo de Evento:<\/i><\/em><em data-filter='event_type'>Ta\u00e7a de Portugal PORTerra<\/em><i class='clear'><\/i><\/span><\/span><\/span><em class='clear'><\/em><\/p><\/a><div class='event_description evcal_eventcard ' style=\"display:none\"><div class='evo_metarow_details evorow evcal_evdata_row bordb evcal_event_details'>\r\n\t\t\t\t\t\t\t<div class=\"event_excerpt\" style=\"display:none\"><h3 class=\"padb5 evo_h3\">Detalhes do Evento<\/h3><p>vila-nova-de-cerveira-regulamento\r\n\r\nX TRIATLO DA AMIZADE-cg Absoluto\r\n\r\nTRIATLON DE MENORES- X TRIATLO DA AMIZADE\r\n\r\nPercursos\r\n\r\nPercursos 1\r\n\r\nPercursos Nata\u00e7\u00e3o Jovem\r\n\r\nsl-triatlo-de-vila-nova-de-cerveira-taca-de-portugal-porterra\r\n\r\n&nbsp;\r\n\r\n&nbsp;\r\n\r\n&nbsp;\r\n\r\n\u00a0<\/p><\/div><span class='evcal_evdata_icons'><i class='fa fa-align-justify'><\/i><\/span>\r\n\t\t\t\t\t\t\t\r\n\t\t\t\t\t\t\t<div class='evcal_evdata_cell '><div class='eventon_full_description'>\r\n\t\t\t\t\t\t\t\t\t<h3 class='padb5 evo_h3'><span class='evcal_evdata_icons'><i class='fa fa-align-justify'><\/i><\/span>Detalhes do Evento<\/h3><div class='eventon_desc_in' itemprop='description'>\r\n\t\t\t\t\t\t\t\t\t<p><a href=\"https:\/\/www.federacao-triatlo.pt\/ftp2015\/wp-content\/uploads\/2016\/04\/Vila-Nova-de-Cerveira-Regulamento-3.pdf\">vila-nova-de-cerveira-regulamento<\/a><\/p>\n<p><a href=\"https:\/\/www.federacao-triatlo.pt\/ftp2015\/wp-content\/uploads\/2016\/04\/X-TRIATLO-DA-AMIZADE-cg-Absoluto.doc\">X TRIATLO DA AMIZADE-cg Absoluto<\/a><\/p>\n<p><a href=\"https:\/\/www.federacao-triatlo.pt\/ftp2015\/wp-content\/uploads\/2016\/04\/TRIATLON-DE-MENORES-X-TRIATLO-DA-AMIZADE.doc\">TRIATLON DE MENORES- X TRIATLO DA AMIZADE<\/a><\/p>\n<p><a href=\"https:\/\/www.federacao-triatlo.pt\/ftp2015\/wp-content\/uploads\/2016\/04\/Percursos.pdf\">Percursos<\/a><\/p>\n<p><a href=\"https:\/\/www.federacao-triatlo.pt\/ftp2015\/wp-content\/uploads\/2016\/04\/Percursos-1.pdf\">Percursos 1<\/a><\/p>\n<p><a href=\"https:\/\/www.federacao-triatlo.pt\/ftp2015\/wp-content\/uploads\/2016\/04\/Percursos-Nata\u00e7\u00e3o-Jovem.pdf\">Percursos Nata\u00e7\u00e3o Jovem<\/a><\/p>\n<p><a href=\"https:\/\/www.federacao-triatlo.pt\/ftp2015\/wp-content\/uploads\/2016\/04\/SL-Triatlo-de-Vila-Nova-de-Cerveira-Ta\u00e7a-de-Portugal-PORTerra.pdf\">sl-triatlo-de-vila-nova-de-cerveira-taca-de-portugal-porterra<\/a><\/p>\n<p>&nbsp;<\/p>\n<p>&nbsp;<\/p>\n<p>&nbsp;<\/p>\n<p><a href=\"https:\/\/www.federacao-triatlo.pt\/ftp2015\/wp-content\/uploads\/2016\/04\/Federa\u00e7\u00e3oTriatlo-Portugal.png\"><img class=\"alignnone wp-image-13210\" src=\"https:\/\/www.federacao-triatlo.pt\/ftp2015\/wp-content\/uploads\/2016\/04\/Federa\u00e7\u00e3oTriatlo-Portugal-300x101.png\" alt=\"Federa\u00e7\u00e3oTriatlo Portugal\" width=\"226\" height=\"76\" \/><\/a>\u00a0 \u00a0 \u00a0 \u00a0 \u00a0\u00a0<a href=\"https:\/\/www.federacao-triatlo.pt\/ftp2015\/wp-content\/uploads\/2016\/04\/C\u00e2mara-Vila-Nova-de-Cerveira.jpg\"><img class=\"alignnone wp-image-13296\" src=\"https:\/\/www.federacao-triatlo.pt\/ftp2015\/wp-content\/uploads\/2016\/04\/C\u00e2mara-Vila-Nova-de-Cerveira.jpg\" alt=\"C\u00e2mara Vila Nova de Cerveira\" width=\"134\" height=\"134\" \/><\/a>\u00a0 \u00a0 \u00a0 \u00a0 <a href=\"https:\/\/www.federacao-triatlo.pt\/ftp2015\/wp-content\/uploads\/2016\/04\/Triatlo-da-Amizade.jpg\"><img class=\"alignnone wp-image-13297\" src=\"https:\/\/www.federacao-triatlo.pt\/ftp2015\/wp-content\/uploads\/2016\/04\/Triatlo-da-Amizade.jpg\" alt=\"Triatlo da Amizade\" width=\"184\" height=\"112\" \/><\/a>\u00a0 \u00a0 \u00a0 \u00a0 \u00a0\u00a0<a href=\"https:\/\/www.federacao-triatlo.pt\/ftp2015\/wp-content\/uploads\/2016\/04\/Federa\u00e7a\u00f5-Galega-de-Triatlo.jpg\"><img class=\"alignnone size-full wp-image-13298\" src=\"https:\/\/www.federacao-triatlo.pt\/ftp2015\/wp-content\/uploads\/2016\/04\/Federa\u00e7a\u00f5-Galega-de-Triatlo.jpg\" alt=\"Federa\u00e7a\u00f5 Galega de Triatlo\" width=\"150\" height=\"114\" \/><\/a><\/p>\n<\/div><div class='clear'><\/div>\r\n\t\t\t\t\t\t\t\t<\/div>\r\n\t\t\t\t\t\t\t<\/div>\r\n\t\t\t\t\t\t<\/div><div class='evo_metarow_gmap evorow evcal_gmaps bordb ' id='evc147415710069f3d177276dc9463_gmap' style='max-width:none'><\/div><div class='evo_metarow_getDr evorow evcal_evdata_row bordb evcal_evrow_sm getdirections'>\r\n\t\t\t\t\t\t<form action='https:\/\/maps.google.com\/maps' method='get' target='_blank'>\r\n\t\t\t\t\t\t<input type='hidden' name='daddr' value='Vila Nova de Cerveira'\/> \r\n\t\t\t\t\t\t<p><input class='evoInput' type='text' name='saddr' placeholder='Escreva a morada' value=''\/>\r\n\t\t\t\t\t\t<button type='submit' class='evcal_evdata_icons evcalicon_9' title='Clique aqui para obter as dire\u00e7\u00f5es'><i class='fa fa-road'><\/i><\/button>\r\n\t\t\t\t\t\t<\/p><\/form>\r\n\t\t\t\t\t<\/div><div class='evo_metarow_time_location evorow bordb '>\r\n\t\t\t\t\t\t<div class='tb' >\r\n\t\t\t\t\t\t\t<div class='tbrow'>\r\n\t\t\t\t\t\t\t<div class='evcal_col50 bordr'>\r\n\t\t\t\t\t\t\t\t<div class='evcal_evdata_row evo_time'>\r\n\t\t\t\t\t\t\t\t\t<span class='evcal_evdata_icons'><i class='fa fa-clock-o'><\/i><\/span>\r\n\t\t\t\t\t\t\t\t\t<div class='evcal_evdata_cell'>\t\t\t\t\t\t\t\r\n\t\t\t\t\t\t\t\t\t\t<h3 class='evo_h3'><span class='evcal_evdata_icons'><i class='fa fa-clock-o'><\/i><\/span>Hor\u00e1rio<\/h3>\r\n\t\t\t\t\t\t\t\t\t\t<p>Todo o dia (Domingo)<\/p>\r\n\t\t\t\t\t\t\t\t\t<\/div>\r\n\t\t\t\t\t\t\t\t<\/div>\r\n\t\t\t\t\t\t\t<\/div><div class='evcal_col50'>\r\n\t\t\t\t\t\t\t\t<div class='evcal_evdata_row evo_location'>\r\n\t\t\t\t\t\t\t\t\t<span class='evcal_evdata_icons'><i class='fa fa-map-marker'><\/i><\/span>\r\n\t\t\t\t\t\t\t\t\t<div class='evcal_evdata_cell' data-loc_tax_id='145'>\t\t\t\t\t\t\t\r\n\t\t\t\t\t\t\t\t\t\t<h3 class='evo_h3'><span class='evcal_evdata_icons'><i class='fa fa-map-marker'><\/i><\/span>Localiza\u00e7\u00e3o<\/h3><p class='evo_location_name'>Vila Nova de Cerveira<\/p><p>Vila Nova de Cerveira<\/p>\r\n\t\t\t\t\t\t\t\t\t<\/div>\r\n\t\t\t\t\t\t\t\t<\/div>\r\n\t\t\t\t\t\t\t<\/div><div class='clear'><\/div>\r\n\t\t\t\t\t\t\t<\/div><\/div>\r\n\t\t\t\t\t\t<\/div><div class='evo_metarow_organizer evorow evcal_evdata_row bordb evcal_evrow_sm '>\r\n\t\t\t\t\t\t\t<span class='evcal_evdata_icons'><i class='fa fa-headphones'><\/i><\/span>\r\n\t\t\t\t\t\t\t<div class='evcal_evdata_cell'>\t\t\t\t\t\t\t\r\n\t\t\t\t\t\t\t\t<h3 class='evo_h3'>Evento organizado por<\/h3>\r\n\t\t\t\t\t\t\t\t\r\n\t\t\t\t\t\t\t\t<div class='evo_card_organizer'><p class='evo_data_val evo_card_organizer_name'>\r\n\t\t\t\t\t\t\t\t\t<span class='evo_card_organizer_name_t'>FTP \/ C\u00e2mara Municipal Vila Nova de Cerveira<\/span><span class='evo_card_organizer_contact'>inscricoes@federacao-triatlo.pt<\/span>\r\n\t\t\t\t\t\t\t\t\t\r\n\t\t\t\t\t\t\t\t\t<\/p><\/div><div class='clear'><\/div>\t\t\t\t\t\t\t\r\n\t\t\t\t\t\t\t<\/div>\r\n\t\t\t\t\t\t<\/div>\t\t\t\t\t\t<div class='evo_metarow_ICS evorow bordb evcal_evdata_row'>\r\n\t\t\t\t\t\t\t<span class=\"evcal_evdata_icons\"><i class=\"fa fa-calendar\"><\/i><\/span>\r\n\t\t\t\t\t\t\t<div class='evcal_evdata_cell'>\r\n\t\t\t\t\t\t\t\t<p><a href='https:\/\/www.federacao-triatlo.pt\/ftp2015\/wp-admin\/admin-ajax.php?action=eventon_ics_download&amp;event_id=9463&amp;sunix=20160917T230500Z&amp;eunix=20160918T225500Z&amp;loca=Vila Nova de Cerveira&amp;locn=Vila Nova de Cerveira' class='evo_ics_nCal' title='Adicionar ao seu calend\u00e1rio'>Calend\u00e1rio<\/a><a href='\/\/www.google.com\/calendar\/event?action=TEMPLATE&amp;text=Triatlo+da+Amizade+Vila+Nova+de+Cerveira&amp;dates=20160917T230500Z\/20160918T225500Z&amp;details=vila-nova-de-cerveira-regulamento%0D%0A%0D%0AX+TRIATLO+DA+AMIZADE-cg+Absoluto%0D%0A%0D%0ATRIATLON+DE+MENORES-+X+TRIATLO+DA+AMIZADE%0D%0A%0D%0APercursos%0D%0A%0D%0APercursos+1%0D%0A%0D%0APercursos+Nata%C3%A7%C3%A3o+Jovem%0D%0A%0D%0Asl-triatlo-de-vila-nova-de-cerveira-taca-de-portugal-porterra%0D%0A%0D%0A%26nbsp%3B%0D%0A%0D%0A%26nbsp%3B%0D%0A%0D%0A%26nbsp%3B%0D%0A%0D%0A%C2%A0&amp;location=Vila+Nova+de+Cerveira - Vila+Nova+de+Cerveira' target='_blank' class='evo_ics_gCal' title='Adicionar ao calend\u00e1rio Google'>GoogleCal<\/a><\/p>\t\r\n\t\t\t\t\t\t\t<\/div>\t\t\t\t\t\t<\/div>\r\n\t\t\t\t\t\t<\/div><div class='clear end'><\/div><\/div><div id=\"event_13103\" class=\"eventon_list_event evo_eventtop past_event event\" data-event_id=\"13103\" data-time=\"1474157100-1474242900\" data-colr=\"#0092e0\" itemscope itemtype='http:\/\/schema.org\/Event' 6><div class=\"evo_event_schema\" style=\"display:none\" ><a itemprop='url'  href='https:\/\/www.federacao-triatlo.pt\/ftp2015\/events\/ii-aquatlo-hospital-s-goncalo-de-lagos\/'><\/a><span itemprop='name'  >II Aquatlo Hospital S. Gon\u00e7alo de Lagos<\/span><meta itemprop='image' content='https:\/\/www.federacao-triatlo.pt\/ftp2015\/wp-content\/uploads\/2016\/08\/Cartaz-Aquatlo-de-Lagos-300x225.jpg' ><\/meta><meta itemprop='description' content='A edi\u00e7\u00e3o do II Aquatlo Hospital S. Gon\u00e7alo de Lagos ter\u00e1 lugar na Meia Praia, em Lagos no domingo dia 18 de Setembro de 2016.\r\n\r\nRegulamento Aquatlo HSGL 2016\r\n\r\nPercursos:\r\n\r\n' ><\/meta><meta itemprop='startDate' content='2016-9-18' ><\/meta><meta itemprop='endDate' content='2016-9-18' ><\/meta><meta itemprop='eventStatus' content='on-schedule' ><\/meta><script type=\"application\/ld+json\">{\t\"@context\": \"http:\/\/schema.org\",\r\n\t\t\t\t\t\t\t  \t\"@type\": \"Event\",\r\n\t\t\t\t\t\t\t  \t\"name\": \"II Aquatlo Hospital S. Gon\u00e7alo de Lagos\",\r\n\t\t\t\t\t\t\t  \t\"startDate\": \"2016-9-18T00-00-05-00\",\r\n\t\t\t\t\t\t\t  \t\"endDate\": \"2016-9-18T23-23-55-00\",\r\n\t\t\t\t\t\t\t  \t\"image\":\"https:\/\/www.federacao-triatlo.pt\/ftp2015\/wp-content\/uploads\/2016\/08\/Cartaz-Aquatlo-de-Lagos-300x225.jpg\",\r\n\t\t\t\t\t\t\t  \t\"description\":\"A edi\u00e7\u00e3o do II Aquatlo Hospital S. Gon\u00e7alo de Lagos ter\u00e1 lugar na Meia Praia, em Lagos no domingo dia 18 de Setembro de 2016.\r\n\r\nRegulamento Aquatlo HSGL 2016\r\n\r\nPercursos:\r\n\r\n\",\r\n\t\t\t\t\t\t\t  \t\r\n\t\t\t\t\t\t\t }\r\n\t\t\t\t\t\t\t<\/script><\/div>\r\n\t\t\t\t<p class=\"desc_trig_outter\"><a data-gmap_status=\"null\" data-gmtrig=\"1\" data-exlk=\"0\" style=\"border-color: #0092e0;\" id=\"evc_147415710013103\" class=\"desc_trig evo_prova-aberta sin_val evcal_list_a\" data-ux_val=\"1\"  ><span class='evcal_cblock ' data-bgcolor='#0092e0' data-smon='Setembro' data-syr='2016'><span class='evo_start '><em class='date'>18<\/em><em class='month'>set<\/em><em class='time'>allday<\/em><\/span><span class='evo_end only_time'><em class='time'>allday<\/em><\/span><em class='clear'><\/em><\/span><span class='evcal_desc evo_info hide_eventtopdata '  data-location_status=\"false\" ><span class='evo_above_title'><\/span><span class='evcal_desc2 evcal_event_title' itemprop='name'>II Aquatlo Hospital S. Gon\u00e7alo de Lagos<\/span><span class='evo_below_title'><\/span><span class='evcal_desc_info' ><\/span><span class='evcal_desc3'><span class='evcal_event_types ett1'><em><i>Tipo de Evento:<\/i><\/em><em data-filter='event_type'>Prova Aberta<\/em><i class='clear'><\/i><\/span><\/span><\/span><em class='clear'><\/em><\/p><\/a><div class='event_description evcal_eventcard ' style=\"display:none\"><div class='evo_metarow_directimg'><img src='https:\/\/www.federacao-triatlo.pt\/ftp2015\/wp-content\/uploads\/2016\/08\/Cartaz-Aquatlo-de-Lagos.jpg' \/><\/div><div class='evo_metarow_details evorow evcal_evdata_row bordb evcal_event_details'>\r\n\t\t\t\t\t\t\t<div class=\"event_excerpt\" style=\"display:none\"><h3 class=\"padb5 evo_h3\">Detalhes do Evento<\/h3><p>A edi\u00e7\u00e3o do II Aquatlo Hospital S. Gon\u00e7alo de Lagos ter\u00e1 lugar na Meia Praia, em Lagos no domingo dia 18 de Setembro de 2016.\r\n\r\nRegulamento Aquatlo HSGL 2016\r\n\r\nPercursos:\r\n\r\n<\/p><\/div><span class='evcal_evdata_icons'><i class='fa fa-align-justify'><\/i><\/span>\r\n\t\t\t\t\t\t\t\r\n\t\t\t\t\t\t\t<div class='evcal_evdata_cell '><div class='eventon_full_description'>\r\n\t\t\t\t\t\t\t\t\t<h3 class='padb5 evo_h3'><span class='evcal_evdata_icons'><i class='fa fa-align-justify'><\/i><\/span>Detalhes do Evento<\/h3><div class='eventon_desc_in' itemprop='description'>\r\n\t\t\t\t\t\t\t\t\t<p>A edi\u00e7\u00e3o do II Aquatlo Hospital S. Gon\u00e7alo de Lagos ter\u00e1 lugar na Meia Praia, em Lagos no domingo dia 18 de Setembro de 2016.<\/p>\n<p><a href=\"https:\/\/www.federacao-triatlo.pt\/ftp2015\/wp-content\/uploads\/2016\/08\/Regulamento-Aquatlo-HSGL-2016.docx\">Regulamento Aquatlo HSGL 2016<\/a><\/p>\n<p>Percursos:<\/p>\n<p><a href=\"https:\/\/www.federacao-triatlo.pt\/ftp2015\/wp-content\/uploads\/2016\/08\/Meia-Praia-Corrida1.jpg\"><img class=\"alignnone size-medium wp-image-13106\" src=\"https:\/\/www.federacao-triatlo.pt\/ftp2015\/wp-content\/uploads\/2016\/08\/Meia-Praia-Corrida1-300x197.jpg\" alt=\"Meia Praia Corrida1\" width=\"300\" height=\"197\" \/><\/a> <a href=\"https:\/\/www.federacao-triatlo.pt\/ftp2015\/wp-content\/uploads\/2016\/08\/Meia-Praia-Natacao-1.jpg\"><img class=\"alignnone size-medium wp-image-13104\" src=\"https:\/\/www.federacao-triatlo.pt\/ftp2015\/wp-content\/uploads\/2016\/08\/Meia-Praia-Natacao-1-300x224.jpg\" alt=\"Meia Praia Natacao 1\" width=\"300\" height=\"224\" \/><\/a><\/p>\n<\/div><div class='clear'><\/div>\r\n\t\t\t\t\t\t\t\t<\/div>\r\n\t\t\t\t\t\t\t<\/div>\r\n\t\t\t\t\t\t<\/div><div class='evo_metarow_time evorow evcal_evdata_row bordb evcal_evrow_sm '>\r\n\t\t\t\t\t\t\t<span class='evcal_evdata_icons'><i class='fa fa-clock-o'><\/i><\/span>\r\n\t\t\t\t\t\t\t<div class='evcal_evdata_cell'>\t\t\t\t\t\t\t\r\n\t\t\t\t\t\t\t\t<h3 class='evo_h3'><span class='evcal_evdata_icons'><i class='fa fa-clock-o'><\/i><\/span>Hor\u00e1rio<\/h3><p>Todo o dia (Domingo)<\/p>\r\n\t\t\t\t\t\t\t<\/div>\r\n\t\t\t\t\t\t<\/div>\t\t\t\t\t\t<div class='evo_metarow_ICS evorow bordb evcal_evdata_row'>\r\n\t\t\t\t\t\t\t<span class=\"evcal_evdata_icons\"><i class=\"fa fa-calendar\"><\/i><\/span>\r\n\t\t\t\t\t\t\t<div class='evcal_evdata_cell'>\r\n\t\t\t\t\t\t\t\t<p><a href='https:\/\/www.federacao-triatlo.pt\/ftp2015\/wp-admin\/admin-ajax.php?action=eventon_ics_download&amp;event_id=13103&amp;sunix=20160917T230500Z&amp;eunix=20160918T225500Z&amp;loca=&amp;locn=' class='evo_ics_nCal' title='Adicionar ao seu calend\u00e1rio'>Calend\u00e1rio<\/a><a href='\/\/www.google.com\/calendar\/event?action=TEMPLATE&amp;text=II+Aquatlo+Hospital+S.+Gon%C3%A7alo+de+Lagos&amp;dates=20160917T230500Z\/20160918T225500Z&amp;details=A+edi%C3%A7%C3%A3o+do+II+Aquatlo+Hospital+S.+Gon%C3%A7alo+de+Lagos+ter%C3%A1+lugar+na+Meia+Praia%2C+em+Lagos+no+domingo+dia+18+de+Setembro+de+2016.%0D%0A%0D%0ARegulamento+Aquatlo+HSGL+2016%0D%0A%0D%0APercursos%3A%0D%0A%0D%0A&amp;location= - ' target='_blank' class='evo_ics_gCal' title='Adicionar ao calend\u00e1rio Google'>GoogleCal<\/a><\/p>\t\r\n\t\t\t\t\t\t\t<\/div>\t\t\t\t\t\t<\/div>\r\n\t\t\t\t\t\t<\/div><div class='clear end'><\/div><\/div><div id=\"event_13711\" class=\"eventon_list_event evo_eventtop past_event event\" data-event_id=\"13711\" data-time=\"1474675500-1474761300\" data-colr=\"#0092e0\" itemscope itemtype='http:\/\/schema.org\/Event' 7><div class=\"evo_event_schema\" style=\"display:none\" ><a itemprop='url'  href='https:\/\/www.federacao-triatlo.pt\/ftp2015\/events\/i-duatlo-btt-vale-varosa-tarouca\/'><\/a><span itemprop='name'  >I Duatlo BTT Vale Varosa - Tarouca<\/span><meta itemprop='image' content='https:\/\/www.federacao-triatlo.pt\/ftp2015\/wp-content\/uploads\/2016\/09\/Cartaz-Du-Vale-da-Rosa-Tarouca-2016-212x300.jpg' ><\/meta><meta itemprop='description' content='O I Duatlo Vale Varosa - Tarouca ter\u00e1 lugar no s\u00e1bado 24 de setembro.\r\n\r\nInscri\u00e7\u00f5es e informa\u00e7\u00f5es em\u00a0http:\/\/delegacaoregional.wixsite.com\/triatlonorte\/duatlo-de-tarouca\r\n\r\n&nbsp;\r\n\r\n&nbsp;\r\n\r\n&nbsp;' ><\/meta><meta itemprop='startDate' content='2016-9-24' ><\/meta><meta itemprop='endDate' content='2016-9-24' ><\/meta><meta itemprop='eventStatus' content='on-schedule' ><\/meta><script type=\"application\/ld+json\">{\t\"@context\": \"http:\/\/schema.org\",\r\n\t\t\t\t\t\t\t  \t\"@type\": \"Event\",\r\n\t\t\t\t\t\t\t  \t\"name\": \"I Duatlo BTT Vale Varosa - Tarouca\",\r\n\t\t\t\t\t\t\t  \t\"startDate\": \"2016-9-24T00-00-05-00\",\r\n\t\t\t\t\t\t\t  \t\"endDate\": \"2016-9-24T23-23-55-00\",\r\n\t\t\t\t\t\t\t  \t\"image\":\"https:\/\/www.federacao-triatlo.pt\/ftp2015\/wp-content\/uploads\/2016\/09\/Cartaz-Du-Vale-da-Rosa-Tarouca-2016-212x300.jpg\",\r\n\t\t\t\t\t\t\t  \t\"description\":\"O I Duatlo Vale Varosa - Tarouca ter\u00e1 lugar no s\u00e1bado 24 de setembro.\r\n\r\nInscri\u00e7\u00f5es e informa\u00e7\u00f5es em\u00a0http:\/\/delegacaoregional.wixsite.com\/triatlonorte\/duatlo-de-tarouca\r\n\r\n&nbsp;\r\n\r\n&nbsp;\r\n\r\n&nbsp;\",\r\n\t\t\t\t\t\t\t  \t\r\n\t\t\t\t\t\t\t }\r\n\t\t\t\t\t\t\t<\/script><\/div>\r\n\t\t\t\t<p class=\"desc_trig_outter\"><a data-gmap_status=\"null\" data-gmtrig=\"1\" data-exlk=\"0\" style=\"border-color: #0092e0;\" id=\"evc_147467550013711\" class=\"desc_trig evo_prova-aberta sin_val evcal_list_a\" data-ux_val=\"1\"  ><span class='evcal_cblock ' data-bgcolor='#0092e0' data-smon='Setembro' data-syr='2016'><span class='evo_start '><em class='date'>24<\/em><em class='month'>set<\/em><em class='time'>allday<\/em><\/span><span class='evo_end only_time'><em class='time'>allday<\/em><\/span><em class='clear'><\/em><\/span><span class='evcal_desc evo_info hide_eventtopdata '  data-location_status=\"false\" ><span class='evo_above_title'><\/span><span class='evcal_desc2 evcal_event_title' itemprop='name'>I Duatlo BTT Vale Varosa - Tarouca<\/span><span class='evo_below_title'><\/span><span class='evcal_desc_info' ><\/span><span class='evcal_desc3'><span class='evcal_event_types ett1'><em><i>Tipo de Evento:<\/i><\/em><em data-filter='event_type'>Prova Aberta<\/em><i class='clear'><\/i><\/span><\/span><\/span><em class='clear'><\/em><\/p><\/a><div class='event_description evcal_eventcard ' style=\"display:none\"><div class='evo_metarow_directimg'><img src='https:\/\/www.federacao-triatlo.pt\/ftp2015\/wp-content\/uploads\/2016\/09\/Cartaz-Du-Vale-da-Rosa-Tarouca-2016.jpg' \/><\/div><div class='evo_metarow_details evorow evcal_evdata_row bordb evcal_event_details'>\r\n\t\t\t\t\t\t\t<div class=\"event_excerpt\" style=\"display:none\"><h3 class=\"padb5 evo_h3\">Detalhes do Evento<\/h3><p>O I Duatlo Vale Varosa - Tarouca ter\u00e1 lugar no s\u00e1bado 24 de setembro.\r\n\r\nInscri\u00e7\u00f5es e informa\u00e7\u00f5es em\u00a0http:\/\/delegacaoregional.wixsite.com\/triatlonorte\/duatlo-de-tarouca\r\n\r\n&nbsp;\r\n\r\n&nbsp;\r\n\r\n&nbsp;<\/p><\/div><span class='evcal_evdata_icons'><i class='fa fa-align-justify'><\/i><\/span>\r\n\t\t\t\t\t\t\t\r\n\t\t\t\t\t\t\t<div class='evcal_evdata_cell '><div class='eventon_full_description'>\r\n\t\t\t\t\t\t\t\t\t<h3 class='padb5 evo_h3'><span class='evcal_evdata_icons'><i class='fa fa-align-justify'><\/i><\/span>Detalhes do Evento<\/h3><div class='eventon_desc_in' itemprop='description'>\r\n\t\t\t\t\t\t\t\t\t<p>O I Duatlo Vale Varosa &#8211; Tarouca ter\u00e1 lugar no s\u00e1bado 24 de setembro.<\/p>\n<p>Inscri\u00e7\u00f5es e informa\u00e7\u00f5es em\u00a0<a href=\"http:\/\/delegacaoregional.wixsite.com\/triatlonorte\/duatlo-de-tarouca\">http:\/\/delegacaoregional.wixsite.com\/triatlonorte\/duatlo-de-tarouca<\/a><\/p>\n<p>&nbsp;<\/p>\n<p>&nbsp;<\/p>\n<p>&nbsp;<\/p>\n<\/div><div class='clear'><\/div>\r\n\t\t\t\t\t\t\t\t<\/div>\r\n\t\t\t\t\t\t\t<\/div>\r\n\t\t\t\t\t\t<\/div><div class='evo_metarow_time evorow evcal_evdata_row bordb evcal_evrow_sm '>\r\n\t\t\t\t\t\t\t<span class='evcal_evdata_icons'><i class='fa fa-clock-o'><\/i><\/span>\r\n\t\t\t\t\t\t\t<div class='evcal_evdata_cell'>\t\t\t\t\t\t\t\r\n\t\t\t\t\t\t\t\t<h3 class='evo_h3'><span class='evcal_evdata_icons'><i class='fa fa-clock-o'><\/i><\/span>Hor\u00e1rio<\/h3><p>Todo o dia (S\u00e1bado)<\/p>\r\n\t\t\t\t\t\t\t<\/div>\r\n\t\t\t\t\t\t<\/div>\t\t\t\t\t\t<div class='evo_metarow_ICS evorow bordb evcal_evdata_row'>\r\n\t\t\t\t\t\t\t<span class=\"evcal_evdata_icons\"><i class=\"fa fa-calendar\"><\/i><\/span>\r\n\t\t\t\t\t\t\t<div class='evcal_evdata_cell'>\r\n\t\t\t\t\t\t\t\t<p><a href='https:\/\/www.federacao-triatlo.pt\/ftp2015\/wp-admin\/admin-ajax.php?action=eventon_ics_download&amp;event_id=13711&amp;sunix=20160923T230500Z&amp;eunix=20160924T225500Z&amp;loca=&amp;locn=' class='evo_ics_nCal' title='Adicionar ao seu calend\u00e1rio'>Calend\u00e1rio<\/a><a href='\/\/www.google.com\/calendar\/event?action=TEMPLATE&amp;text=I+Duatlo+BTT+Vale+Varosa+-+Tarouca&amp;dates=20160923T230500Z\/20160924T225500Z&amp;details=O+I+Duatlo+Vale+Varosa+-+Tarouca+ter%C3%A1+lugar+no+s%C3%A1bado+24+de+setembro.%0D%0A%0D%0AInscri%C3%A7%C3%B5es+e+informa%C3%A7%C3%B5es+em%C2%A0http%3A%2F%2Fdelegacaoregional.wixsite.com%2Ftriatlonorte%2Fduatlo-de-tarouca%0D%0A%0D%0A%26nbsp%3B%0D%0A%0D%0A%26nbsp%3B%0D%0A%0D%0A%26nbsp%3B&amp;location= - ' target='_blank' class='evo_ics_gCal' title='Adicionar ao calend\u00e1rio Google'>GoogleCal<\/a><\/p>\t\r\n\t\t\t\t\t\t\t<\/div>\t\t\t\t\t\t<\/div>\r\n\t\t\t\t\t\t<\/div><div class='clear end'><\/div><\/div><div id=\"event_9465\" class=\"eventon_list_event evo_eventtop past_event event\" data-event_id=\"9465\" data-time=\"1474675500-1474847700\" data-colr=\"#0092e0\" itemscope itemtype='http:\/\/schema.org\/Event' 8><div class=\"evo_event_schema\" style=\"display:none\" ><a itemprop='url'  href='https:\/\/www.federacao-triatlo.pt\/ftp2015\/events\/triatlo-de-cascais\/'><\/a><span itemprop='name'  >Triatlo Longo de Cascais<\/span><meta itemprop='image'  ><\/meta><meta itemprop='description' content='Triatlo Longo de Cascais' ><\/meta><meta itemprop='startDate' content='2016-9-24' ><\/meta><meta itemprop='endDate' content='2016-9-25' ><\/meta><meta itemprop='eventStatus' content='on-schedule' ><\/meta>\r\n\t\t\t\t\t\t\t\t\t<item style=\"display:none\" itemprop=\"location\" itemscope itemtype=\"http:\/\/schema.org\/Place\">\r\n\t\t\t\t\t\t\t\t\t\t<span itemprop=\"name\">Cascais<\/span>\r\n\t\t\t\t\t\t\t\t\t\t<span itemprop=\"address\" itemscope itemtype=\"http:\/\/schema.org\/PostalAddress\">\r\n\t\t\t\t\t\t\t\t\t\t\t<item itemprop=\"streetAddress\">Pra\u00e7a 5 de Outubro, Cascais, Portugal<\/item>\r\n\t\t\t\t\t\t\t\t\t\t<\/span><\/item><script type=\"application\/ld+json\">{\t\"@context\": \"http:\/\/schema.org\",\r\n\t\t\t\t\t\t\t  \t\"@type\": \"Event\",\r\n\t\t\t\t\t\t\t  \t\"name\": \"Triatlo Longo de Cascais\",\r\n\t\t\t\t\t\t\t  \t\"startDate\": \"2016-9-24T00-00-05-00\",\r\n\t\t\t\t\t\t\t  \t\"endDate\": \"2016-9-25T23-23-55-00\",\r\n\t\t\t\t\t\t\t  \t\"image\":,\r\n\t\t\t\t\t\t\t  \t\"description\":\"Triatlo Longo de Cascais\",\r\n\t\t\t\t\t\t\t  \t\"location\":{\r\n\t\t\t\t\t\t\t\t\t\t\"@type\":\"Place\",\r\n\t\t\t\t\t\t\t\t\t\t\"name\":\"Cascais\",\r\n\t\t\t\t\t\t\t\t\t\t\"address\":\"Pra\u00e7a 5 de Outubro, Cascais, Portugal\"\r\n\t\t\t\t\t\t\t  \t\t}\r\n\t\t\t\t\t\t\t }\r\n\t\t\t\t\t\t\t<\/script><\/div>\r\n\t\t\t\t<p class=\"desc_trig_outter\"><a data-gmtrig=\"1\" data-exlk=\"0\" style=\"border-color: #0092e0;\" id=\"evc_14746755009465\" class=\"desc_trig evo_campeonato-nacional-de-triatlo-longo evo_prova-aberta evo_taca-de-portugal mul_val evcal_list_a\" data-ux_val=\"1\"  ><span class='evcal_cblock ' data-bgcolor='#0092e0' data-smon='Setembro' data-syr='2016'><span class='evo_start '><em class='date'>24<\/em><em class='month'>set<\/em><em class='time'>allday<\/em><\/span><span class='evo_end '><em class='date'>25<\/em><em class='time'>allday<\/em><\/span><em class='clear'><\/em><\/span><span class='evcal_desc evo_info hide_eventtopdata ' data-latlng=\"38.697195,-9.420762\"  data-location_address=\"Pra\u00e7a 5 de Outubro, Cascais, Portugal\" data-location_type=\"lonlat\" data-location_name=\"Cascais\" data-location_status=\"true\" ><span class='evo_above_title'><\/span><span class='evcal_desc2 evcal_event_title' itemprop='name'>Triatlo Longo de Cascais<\/span><span class='evo_below_title'><\/span><span class='evcal_desc_info' ><em class=\"evcal_location\" data-latlng=\"38.697195,-9.420762\"  data-add_str=\"\"><em class=\"event_location_name\">Cascais<\/em><\/em><\/span><span class='evcal_desc3'><span class='evcal_event_types ett1'><em><i>Tipo de Evento:<\/i><\/em><em data-filter='event_type'>Campeonato Nacional de Clubes de Triatlo Longo,<\/em><em data-filter='event_type'>Prova Aberta,<\/em><em data-filter='event_type'>Ta\u00e7a de Portugal de Triatlo<\/em><i class='clear'><\/i><\/span><\/span><\/span><em class='clear'><\/em><\/p><\/a><div class='event_description evcal_eventcard ' style=\"display:none\"><div class='evo_metarow_gmap evorow evcal_gmaps bordb ' id='evc147467550069f3d17728ee59465_gmap' style='max-width:none'><\/div><div class='evo_metarow_getDr evorow evcal_evdata_row bordb evcal_evrow_sm getdirections'>\r\n\t\t\t\t\t\t<form action='https:\/\/maps.google.com\/maps' method='get' target='_blank'>\r\n\t\t\t\t\t\t<input type='hidden' name='daddr' value='Pra\u00e7a 5 de Outubro, Cascais, Portugal'\/> \r\n\t\t\t\t\t\t<p><input class='evoInput' type='text' name='saddr' placeholder='Escreva a morada' value=''\/>\r\n\t\t\t\t\t\t<button type='submit' class='evcal_evdata_icons evcalicon_9' title='Clique aqui para obter as dire\u00e7\u00f5es'><i class='fa fa-road'><\/i><\/button>\r\n\t\t\t\t\t\t<\/p><\/form>\r\n\t\t\t\t\t<\/div><div class='evo_metarow_time_location evorow bordb '>\r\n\t\t\t\t\t\t<div class='tb' >\r\n\t\t\t\t\t\t\t<div class='tbrow'>\r\n\t\t\t\t\t\t\t<div class='evcal_col50 bordr'>\r\n\t\t\t\t\t\t\t\t<div class='evcal_evdata_row evo_time'>\r\n\t\t\t\t\t\t\t\t\t<span class='evcal_evdata_icons'><i class='fa fa-clock-o'><\/i><\/span>\r\n\t\t\t\t\t\t\t\t\t<div class='evcal_evdata_cell'>\t\t\t\t\t\t\t\r\n\t\t\t\t\t\t\t\t\t\t<h3 class='evo_h3'><span class='evcal_evdata_icons'><i class='fa fa-clock-o'><\/i><\/span>Hor\u00e1rio<\/h3>\r\n\t\t\t\t\t\t\t\t\t\t<p>Setembro 24 (S\u00e1bado) - 25 (Domingo)<\/p>\r\n\t\t\t\t\t\t\t\t\t<\/div>\r\n\t\t\t\t\t\t\t\t<\/div>\r\n\t\t\t\t\t\t\t<\/div><div class='evcal_col50'>\r\n\t\t\t\t\t\t\t\t<div class='evcal_evdata_row evo_location'>\r\n\t\t\t\t\t\t\t\t\t<span class='evcal_evdata_icons'><i class='fa fa-map-marker'><\/i><\/span>\r\n\t\t\t\t\t\t\t\t\t<div class='evcal_evdata_cell' data-loc_tax_id='125'>\t\t\t\t\t\t\t\r\n\t\t\t\t\t\t\t\t\t\t<h3 class='evo_h3'><span class='evcal_evdata_icons'><i class='fa fa-map-marker'><\/i><\/span>Localiza\u00e7\u00e3o<\/h3><p class='evo_location_name'>Cascais<\/p><p>Pra\u00e7a 5 de Outubro, Cascais, Portugal<\/p>\r\n\t\t\t\t\t\t\t\t\t<\/div>\r\n\t\t\t\t\t\t\t\t<\/div>\r\n\t\t\t\t\t\t\t<\/div><div class='clear'><\/div>\r\n\t\t\t\t\t\t\t<\/div><\/div>\r\n\t\t\t\t\t\t<\/div><div class='evo_metarow_organizer evorow evcal_evdata_row bordb evcal_evrow_sm '>\r\n\t\t\t\t\t\t\t<span class='evcal_evdata_icons'><i class='fa fa-headphones'><\/i><\/span>\r\n\t\t\t\t\t\t\t<div class='evcal_evdata_cell'>\t\t\t\t\t\t\t\r\n\t\t\t\t\t\t\t\t<h3 class='evo_h3'>Evento organizado por<\/h3>\r\n\t\t\t\t\t\t\t\t\r\n\t\t\t\t\t\t\t\t<div class='evo_card_organizer'><p class='evo_data_val evo_card_organizer_name'>\r\n\t\t\t\t\t\t\t\t\t<span class='evo_card_organizer_name_t'>FTP \/ C\u00e2mara Municipal de Cascais \/ 3 Iron Sports<\/span><span class='evo_card_organizer_contact'>http:\/\/eu.ironman.com\/triathlon\/events\/emea\/ironman-70.3\/cascais\/register.aspx#axzz4jKOpzEee<\/span>\r\n\t\t\t\t\t\t\t\t\t\r\n\t\t\t\t\t\t\t\t\t<\/p><\/div><div class='clear'><\/div>\t\t\t\t\t\t\t\r\n\t\t\t\t\t\t\t<\/div>\r\n\t\t\t\t\t\t<\/div>\t\t\t\t\t\t<div class='evo_metarow_ICS evorow bordb evcal_evdata_row'>\r\n\t\t\t\t\t\t\t<span class=\"evcal_evdata_icons\"><i class=\"fa fa-calendar\"><\/i><\/span>\r\n\t\t\t\t\t\t\t<div class='evcal_evdata_cell'>\r\n\t\t\t\t\t\t\t\t<p><a href='https:\/\/www.federacao-triatlo.pt\/ftp2015\/wp-admin\/admin-ajax.php?action=eventon_ics_download&amp;event_id=9465&amp;sunix=20160923T230500Z&amp;eunix=20160925T225500Z&amp;loca=Pra\u00e7a 5 de Outubro, Cascais, Portugal&amp;locn=Cascais' class='evo_ics_nCal' title='Adicionar ao seu calend\u00e1rio'>Calend\u00e1rio<\/a><a href='\/\/www.google.com\/calendar\/event?action=TEMPLATE&amp;text=Triatlo+Longo+de+Cascais&amp;dates=20160923T230500Z\/20160925T225500Z&amp;details=Triatlo+Longo+de+Cascais&amp;location=Cascais - Pra%C3%A7a+5+de+Outubro%2C+Cascais%2C+Portugal' target='_blank' class='evo_ics_gCal' title='Adicionar ao calend\u00e1rio Google'>GoogleCal<\/a><\/p>\t\r\n\t\t\t\t\t\t\t<\/div>\t\t\t\t\t\t<\/div>\r\n\t\t\t\t\t\t<\/div><div class='clear end'><\/div><\/div><\/div><div class='clear'><\/div><\/div><!-- ajde_evcal_calendar-->\n<div id='evcal_calendar_900' class='ajde_evcal_calendar  ul' ><div class='evo-data' data-cyear=\"2016\" data-cmonth=\"10\" data-runajax=\"1\" data-evc_open=\"0\" data-cal_ver=\"2.6\" data-mapscroll=\"true\" data-mapformat=\"roadmap\" data-mapzoom=\"14\" data-mapiconurl=\"\" data-ev_cnt=\"0\" data-show_limit=\"no\" data-tiles=\"no\" data-sort_by=\"sort_date\" data-filters_on=\"true\" data-range_start=\"0\" data-range_end=\"0\" data-send_unix=\"0\" data-ux_val=\"0\" data-accord=\"0\" data-rtl=\"no\"  ><\/div><div id='evcal_head' class='calendar_header ' ><div class='evo_cal_above'><span class='evo-gototoday-btn' style='display:none' data-mo='10' data-yr='2016' data-dy=''>Dia de Hoje<\/span><\/div><div class='evo_cal_above_content'><\/div><div class='cal_arguments' style='display:none' data-hide_past=\"no\" data-show_et_ft_img=\"no\" data-event_order=\"ASC\" data-ft_event_priority=\"no\" data-lang=\"L1\" data-month_incre=\"0\" data-only_ft=\"no\" data-evc_open=\"no\" data-show_limit=\"no\" data-etc_override=\"no\" data-show_limit_redir=\"0\" data-tiles=\"no\" data-tile_height=\"0\" data-tile_bg=\"0\" data-tile_count=\"2\" data-tile_style=\"0\" data-s=\"\" data-members_only=\"no\" data-ux_val=\"0\" data-show_limit_ajax=\"no\" data-show_limit_paged=\"1\" ><\/div><div class='clear'><\/div><\/div><div class='evcal_month_line'><p>Outubro 2016<\/p><\/div><div id='evcal_list' class='eventon_events_list '><div id=\"event_4499\" class=\"eventon_list_event evo_eventtop past_event event\" data-event_id=\"4499\" data-time=\"1475280300-1475366100\" data-colr=\"#0092e0\" itemscope itemtype='http:\/\/schema.org\/Event' 1><div class=\"evo_event_schema\" style=\"display:none\" ><a itemprop='url'  href='https:\/\/www.federacao-triatlo.pt\/ftp2015\/events\/triatlo-da-figueira-da-foz-2\/'><\/a><span itemprop='name'  >Triatlo da Figueira da Foz<\/span><meta itemprop='image'  ><\/meta><meta itemprop='description' content='regras-da-competicao-de-triatlo-e-duatlo-por-contrarrelogio-em-equipas\r\n\r\nFicha-de-inscricao-Cn-clubes-contra-rel\u00f3gio\r\n\r\nfigueira-da-foz-regulamento\r\n\r\nCn-clubes-percursos\r\n\r\nsl-triatlo-figueira-da-foz-cn-clubes-cr-equipas\r\n\r\n&nbsp;\r\n\r\nOBS:\u00a0Por motivos de numero insuficiente de atletas,\u00a0a Prova Regional Jovem foi anulada\r\n\r\n&nbsp;\r\n\r\n&nbsp;\r\n\r\n\u00a0 \u00a0 \u00a0 \u00a0 \u00a0 \u00a0' ><\/meta><meta itemprop='startDate' content='2016-10-1' ><\/meta><meta itemprop='endDate' content='2016-10-1' ><\/meta><meta itemprop='eventStatus' content='on-schedule' ><\/meta>\r\n\t\t\t\t\t\t\t\t\t<item style=\"display:none\" itemprop=\"location\" itemscope itemtype=\"http:\/\/schema.org\/Place\">\r\n\t\t\t\t\t\t\t\t\t\t<span itemprop=\"name\">Figueira da Foz<\/span>\r\n\t\t\t\t\t\t\t\t\t\t<span itemprop=\"address\" itemscope itemtype=\"http:\/\/schema.org\/PostalAddress\">\r\n\t\t\t\t\t\t\t\t\t\t\t<item itemprop=\"streetAddress\">Figueira da Foz<\/item>\r\n\t\t\t\t\t\t\t\t\t\t<\/span><\/item><script type=\"application\/ld+json\">{\t\"@context\": \"http:\/\/schema.org\",\r\n\t\t\t\t\t\t\t  \t\"@type\": \"Event\",\r\n\t\t\t\t\t\t\t  \t\"name\": \"Triatlo da Figueira da Foz\",\r\n\t\t\t\t\t\t\t  \t\"startDate\": \"2016-10-1T00-00-05-00\",\r\n\t\t\t\t\t\t\t  \t\"endDate\": \"2016-10-1T23-23-55-00\",\r\n\t\t\t\t\t\t\t  \t\"image\":,\r\n\t\t\t\t\t\t\t  \t\"description\":\"regras-da-competicao-de-triatlo-e-duatlo-por-contrarrelogio-em-equipas\r\n\r\nFicha-de-inscricao-Cn-clubes-contra-rel\u00f3gio\r\n\r\nfigueira-da-foz-regulamento\r\n\r\nCn-clubes-percursos\r\n\r\nsl-triatlo-figueira-da-foz-cn-clubes-cr-equipas\r\n\r\n&nbsp;\r\n\r\nOBS:\u00a0Por motivos de numero insuficiente de atletas,\u00a0a Prova Regional Jovem foi anulada\r\n\r\n&nbsp;\r\n\r\n&nbsp;\r\n\r\n\u00a0 \u00a0 \u00a0 \u00a0 \u00a0 \u00a0\",\r\n\t\t\t\t\t\t\t  \t\"location\":{\r\n\t\t\t\t\t\t\t\t\t\t\"@type\":\"Place\",\r\n\t\t\t\t\t\t\t\t\t\t\"name\":\"Figueira da Foz\",\r\n\t\t\t\t\t\t\t\t\t\t\"address\":\"Figueira da Foz\"\r\n\t\t\t\t\t\t\t  \t\t}\r\n\t\t\t\t\t\t\t }\r\n\t\t\t\t\t\t\t<\/script><\/div>\r\n\t\t\t\t<p class=\"desc_trig_outter\"><a data-gmtrig=\"1\" data-exlk=\"0\" style=\"border-color: #0092e0;\" id=\"evc_14752803004499\" class=\"desc_trig evo_camp-nac-contrarrelogio-de-equipas evo_prova-regional-jovem sin_val evcal_list_a\" data-ux_val=\"1\"  ><span class='evcal_cblock ' data-bgcolor='#0092e0' data-smon='Outubro' data-syr='2016'><span class='evo_start '><em class='date'>01<\/em><em class='month'>out<\/em><em class='time'>allday<\/em><\/span><span class='evo_end only_time'><em class='time'>allday<\/em><\/span><em class='clear'><\/em><\/span><span class='evcal_desc evo_info hide_eventtopdata '  data-location_address=\"Figueira da Foz\" data-location_type=\"address\" data-location_name=\"Figueira da Foz\" data-location_status=\"true\" ><span class='evo_above_title'><\/span><span class='evcal_desc2 evcal_event_title' itemprop='name'>Triatlo da Figueira da Foz<\/span><span class='evo_below_title'><\/span><span class='evcal_desc_info' ><em class=\"evcal_location\"  data-add_str=\"\"><em class=\"event_location_name\">Figueira da Foz<\/em><\/em><\/span><span class='evcal_desc3'><span class='evcal_event_types ett1'><em><i>Tipo de Evento:<\/i><\/em><em data-filter='event_type'>Camp. Nac. - Contrarrel\u00f3gio de Equipas,<\/em><em data-filter='event_type'>Prova Regional Jovem<\/em><i class='clear'><\/i><\/span><\/span><\/span><em class='clear'><\/em><\/p><\/a><div class='event_description evcal_eventcard ' style=\"display:none\"><div class='evo_metarow_details evorow evcal_evdata_row bordb evcal_event_details'>\r\n\t\t\t\t\t\t\t<div class=\"event_excerpt\" style=\"display:none\"><h3 class=\"padb5 evo_h3\">Detalhes do Evento<\/h3><p>regras-da-competicao-de-triatlo-e-duatlo-por-contrarrelogio-em-equipas\r\n\r\nFicha-de-inscricao-Cn-clubes-contra-rel\u00f3gio\r\n\r\nfigueira-da-foz-regulamento\r\n\r\nCn-clubes-percursos\r\n\r\nsl-triatlo-figueira-da-foz-cn-clubes-cr-equipas\r\n\r\n&nbsp;\r\n\r\nOBS:\u00a0Por motivos de numero insuficiente de atletas,\u00a0a Prova Regional Jovem foi anulada\r\n\r\n&nbsp;\r\n\r\n&nbsp;\r\n\r\n\u00a0 \u00a0 \u00a0 \u00a0 \u00a0 \u00a0<\/p><\/div><span class='evcal_evdata_icons'><i class='fa fa-align-justify'><\/i><\/span>\r\n\t\t\t\t\t\t\t\r\n\t\t\t\t\t\t\t<div class='evcal_evdata_cell '><div class='eventon_full_description'>\r\n\t\t\t\t\t\t\t\t\t<h3 class='padb5 evo_h3'><span class='evcal_evdata_icons'><i class='fa fa-align-justify'><\/i><\/span>Detalhes do Evento<\/h3><div class='eventon_desc_in' itemprop='description'>\r\n\t\t\t\t\t\t\t\t\t<p><a href=\"https:\/\/www.federacao-triatlo.pt\/ftp2015\/wp-content\/uploads\/2016\/01\/v20160106-REGRAS-DA-COMPETI\u00c7\u00c3O-DE-TRIATLO-E-DUATLO-POR-CONTRARRELOGIO-EM-EQUIPAS.pdf\">regras-da-competicao-de-triatlo-e-duatlo-por-contrarrelogio-em-equipas<\/a><\/p>\n<p>F<a href=\"https:\/\/www.federacao-triatlo.pt\/ftp2015\/wp-content\/uploads\/2016\/01\/FICHA-DE-INSCRI\u00c7\u00c3O-CN-CLUBES-CONTA-REL\u00d3GIO.doc\">icha-de-inscricao-Cn-clubes-contra-rel\u00f3gio<\/a><\/p>\n<p><a href=\"https:\/\/www.federacao-triatlo.pt\/ftp2015\/wp-content\/uploads\/2016\/01\/2015-10-31-Figueira-da-Foz-Regulamento-v20151021-1.pdf\">figueira-da-foz-regulamento<\/a><\/p>\n<p>C<a href=\"https:\/\/www.federacao-triatlo.pt\/ftp2015\/wp-content\/uploads\/2016\/01\/CN.-CLUBES-Percursos.pdf\">n-clubes-percursos<\/a><\/p>\n<p><a href=\"https:\/\/www.federacao-triatlo.pt\/ftp2015\/wp-content\/uploads\/2016\/01\/SL-Triatlo-Figueira-da-Foz-CN-Clubes-CR-Equipas.pdf\">sl-triatlo-figueira-da-foz-cn-clubes-cr-equipas<\/a><\/p>\n<p>&nbsp;<\/p>\n<p><strong>OBS:<\/strong>\u00a0Por motivos de numero insuficiente de atletas,\u00a0a Prova Regional Jovem foi anulada<\/p>\n<p>&nbsp;<\/p>\n<p>&nbsp;<\/p>\n<p><a href=\"https:\/\/www.federacao-triatlo.pt\/ftp2015\/wp-content\/uploads\/2016\/01\/Federa\u00e7\u00e3oTriatlo-Portugal.png\"><img class=\"alignnone wp-image-13683\" src=\"https:\/\/www.federacao-triatlo.pt\/ftp2015\/wp-content\/uploads\/2016\/01\/Federa\u00e7\u00e3oTriatlo-Portugal-300x101.png\" alt=\"federacaotriatlo-portugal\" width=\"289\" height=\"97\" \/><\/a>\u00a0 \u00a0 \u00a0 \u00a0 \u00a0 \u00a0 \u00a0 \u00a0 \u00a0 \u00a0<a href=\"https:\/\/www.federacao-triatlo.pt\/ftp2015\/wp-content\/uploads\/2016\/01\/20151031-Figueira-da-Foz-LOGO.jpg\"><img class=\"alignnone wp-image-13682\" src=\"https:\/\/www.federacao-triatlo.pt\/ftp2015\/wp-content\/uploads\/2016\/01\/20151031-Figueira-da-Foz-LOGO-300x188.jpg\" alt=\"20151031-figueira-da-foz-logo\" width=\"191\" height=\"120\" \/><\/a>\u00a0 \u00a0 \u00a0 \u00a0 \u00a0 \u00a0 \u00a0 \u00a0 \u00a0 \u00a0 \u00a0 \u00a0\u00a0<a href=\"https:\/\/www.federacao-triatlo.pt\/ftp2015\/wp-content\/uploads\/2016\/01\/20151031-Figueira-da-Foz-LOGO.png\"><img class=\"alignnone wp-image-13681\" src=\"https:\/\/www.federacao-triatlo.pt\/ftp2015\/wp-content\/uploads\/2016\/01\/20151031-Figueira-da-Foz-LOGO-287x300.png\" alt=\"20151031-figueira-da-foz-logo\" width=\"120\" height=\"126\" \/><\/a><\/p>\n<\/div><div class='clear'><\/div>\r\n\t\t\t\t\t\t\t\t<\/div>\r\n\t\t\t\t\t\t\t<\/div>\r\n\t\t\t\t\t\t<\/div><div class='evo_metarow_gmap evorow evcal_gmaps bordb ' id='evc147528030069f3d1772bded4499_gmap' style='max-width:none'><\/div><div class='evo_metarow_getDr evorow evcal_evdata_row bordb evcal_evrow_sm getdirections'>\r\n\t\t\t\t\t\t<form action='https:\/\/maps.google.com\/maps' method='get' target='_blank'>\r\n\t\t\t\t\t\t<input type='hidden' name='daddr' value='Figueira da Foz'\/> \r\n\t\t\t\t\t\t<p><input class='evoInput' type='text' name='saddr' placeholder='Escreva a morada' value=''\/>\r\n\t\t\t\t\t\t<button type='submit' class='evcal_evdata_icons evcalicon_9' title='Clique aqui para obter as dire\u00e7\u00f5es'><i class='fa fa-road'><\/i><\/button>\r\n\t\t\t\t\t\t<\/p><\/form>\r\n\t\t\t\t\t<\/div><div class='evo_metarow_time_location evorow bordb '>\r\n\t\t\t\t\t\t<div class='tb' >\r\n\t\t\t\t\t\t\t<div class='tbrow'>\r\n\t\t\t\t\t\t\t<div class='evcal_col50 bordr'>\r\n\t\t\t\t\t\t\t\t<div class='evcal_evdata_row evo_time'>\r\n\t\t\t\t\t\t\t\t\t<span class='evcal_evdata_icons'><i class='fa fa-clock-o'><\/i><\/span>\r\n\t\t\t\t\t\t\t\t\t<div class='evcal_evdata_cell'>\t\t\t\t\t\t\t\r\n\t\t\t\t\t\t\t\t\t\t<h3 class='evo_h3'><span class='evcal_evdata_icons'><i class='fa fa-clock-o'><\/i><\/span>Hor\u00e1rio<\/h3>\r\n\t\t\t\t\t\t\t\t\t\t<p>Todo o dia (S\u00e1bado)<\/p>\r\n\t\t\t\t\t\t\t\t\t<\/div>\r\n\t\t\t\t\t\t\t\t<\/div>\r\n\t\t\t\t\t\t\t<\/div><div class='evcal_col50'>\r\n\t\t\t\t\t\t\t\t<div class='evcal_evdata_row evo_location'>\r\n\t\t\t\t\t\t\t\t\t<span class='evcal_evdata_icons'><i class='fa fa-map-marker'><\/i><\/span>\r\n\t\t\t\t\t\t\t\t\t<div class='evcal_evdata_cell' data-loc_tax_id='146'>\t\t\t\t\t\t\t\r\n\t\t\t\t\t\t\t\t\t\t<h3 class='evo_h3'><span class='evcal_evdata_icons'><i class='fa fa-map-marker'><\/i><\/span>Localiza\u00e7\u00e3o<\/h3><p class='evo_location_name'>Figueira da Foz<\/p><p>Figueira da Foz<\/p>\r\n\t\t\t\t\t\t\t\t\t<\/div>\r\n\t\t\t\t\t\t\t\t<\/div>\r\n\t\t\t\t\t\t\t<\/div><div class='clear'><\/div>\r\n\t\t\t\t\t\t\t<\/div><\/div>\r\n\t\t\t\t\t\t<\/div><div class='evo_metarow_organizer evorow evcal_evdata_row bordb evcal_evrow_sm '>\r\n\t\t\t\t\t\t\t<span class='evcal_evdata_icons'><i class='fa fa-headphones'><\/i><\/span>\r\n\t\t\t\t\t\t\t<div class='evcal_evdata_cell'>\t\t\t\t\t\t\t\r\n\t\t\t\t\t\t\t\t<h3 class='evo_h3'>Evento organizado por<\/h3>\r\n\t\t\t\t\t\t\t\t\r\n\t\t\t\t\t\t\t\t<div class='evo_card_organizer'><p class='evo_data_val evo_card_organizer_name'>\r\n\t\t\t\t\t\t\t\t\t<span class='evo_card_organizer_name_t'>FTP \/ C\u00e2mara Municipal da Figueira da Foz<\/span><span class='evo_card_organizer_contact'>inscricoes@federacao-triatlo.pt<\/span>\r\n\t\t\t\t\t\t\t\t\t\r\n\t\t\t\t\t\t\t\t\t<\/p><\/div><div class='clear'><\/div>\t\t\t\t\t\t\t\r\n\t\t\t\t\t\t\t<\/div>\r\n\t\t\t\t\t\t<\/div>\t\t\t\t\t\t<div class='evo_metarow_ICS evorow bordb evcal_evdata_row'>\r\n\t\t\t\t\t\t\t<span class=\"evcal_evdata_icons\"><i class=\"fa fa-calendar\"><\/i><\/span>\r\n\t\t\t\t\t\t\t<div class='evcal_evdata_cell'>\r\n\t\t\t\t\t\t\t\t<p><a href='https:\/\/www.federacao-triatlo.pt\/ftp2015\/wp-admin\/admin-ajax.php?action=eventon_ics_download&amp;event_id=4499&amp;sunix=20160930T230500Z&amp;eunix=20161001T225500Z&amp;loca=Figueira da Foz&amp;locn=Figueira da Foz' class='evo_ics_nCal' title='Adicionar ao seu calend\u00e1rio'>Calend\u00e1rio<\/a><a href='\/\/www.google.com\/calendar\/event?action=TEMPLATE&amp;text=Triatlo+da+Figueira+da+Foz&amp;dates=20160930T230500Z\/20161001T225500Z&amp;details=regras-da-competicao-de-triatlo-e-duatlo-por-contrarrelogio-em-equipas%0D%0A%0D%0AFicha-de-inscricao-Cn-clubes-contra-rel%C3%B3gio%0D%0A%0D%0Afigueira-da-foz-regulamento%0D%0A%0D%0ACn-clubes-percursos%0D%0A%0D%0Asl-triatlo-figueira-da-foz-cn-clubes-cr-equipas%0D%0A%0D%0A%26nbsp%3B%0D%0A%0D%0AOBS%3A%C2%A0Por+motivos+de+numero+insuficiente+de+atletas%2C%C2%A0a+Prova+Regional+Jovem+foi+anulada%0D%0A%0D%0A%26nbsp%3B%0D%0A%0D%0A%26nbsp%3B%0D%0A%0D%0A%C2%A0+%C2%A0+%C2%A0+%C2%A0+%C2%A0+%C2%A0&amp;location=Figueira+da+Foz - Figueira+da+Foz' target='_blank' class='evo_ics_gCal' title='Adicionar ao calend\u00e1rio Google'>GoogleCal<\/a><\/p>\t\r\n\t\t\t\t\t\t\t<\/div>\t\t\t\t\t\t<\/div>\r\n\t\t\t\t\t\t<\/div><div class='clear end'><\/div><\/div><div id=\"event_13713\" class=\"eventon_list_event evo_eventtop past_event event\" data-event_id=\"13713\" data-time=\"1475884800-1475884800\" data-colr=\"#0092e0\" itemscope itemtype='http:\/\/schema.org\/Event' 2><div class=\"evo_event_schema\" style=\"display:none\" ><a itemprop='url'  href='https:\/\/www.federacao-triatlo.pt\/ftp2015\/events\/viii-triatlo-varzim-lazer_circuito-regional-norte\/'><\/a><span itemprop='name'  >VIII Triatlo Varzim Lazer_Circuito Regional Norte<\/span><meta itemprop='image' content='https:\/\/www.federacao-triatlo.pt\/ftp2015\/wp-content\/uploads\/2016\/09\/Cartaz_VIII-Triatlo-Varzim-Lazer-2016-212x300.png' ><\/meta><meta itemprop='description' content='A oitava edi\u00e7\u00e3o do Triatlo Varzim Lazer ocorrer\u00e1 no s\u00e1bado dia 8 de Outubro.\r\n\r\nInscri\u00e7\u00f5es e informa\u00e7\u00f5es em\u00a0http:\/\/delegacaoregional.wixsite.com\/triatlonorte\/triatlo-varzim-lazer\r\n\r\nReg_viii-triatlo-varzim-lazer_2016_10_08\r\n\r\n&nbsp;' ><\/meta><meta itemprop='startDate' content='2016-10-8' ><\/meta><meta itemprop='endDate' content='2016-10-8' ><\/meta><meta itemprop='eventStatus' content='on-schedule' ><\/meta><script type=\"application\/ld+json\">{\t\"@context\": \"http:\/\/schema.org\",\r\n\t\t\t\t\t\t\t  \t\"@type\": \"Event\",\r\n\t\t\t\t\t\t\t  \t\"name\": \"VIII Triatlo Varzim Lazer_Circuito Regional Norte\",\r\n\t\t\t\t\t\t\t  \t\"startDate\": \"2016-10-8T00-00-00-00\",\r\n\t\t\t\t\t\t\t  \t\"endDate\": \"2016-10-8T00-00-00-00\",\r\n\t\t\t\t\t\t\t  \t\"image\":\"https:\/\/www.federacao-triatlo.pt\/ftp2015\/wp-content\/uploads\/2016\/09\/Cartaz_VIII-Triatlo-Varzim-Lazer-2016-212x300.png\",\r\n\t\t\t\t\t\t\t  \t\"description\":\"A oitava edi\u00e7\u00e3o do Triatlo Varzim Lazer ocorrer\u00e1 no s\u00e1bado dia 8 de Outubro.\r\n\r\nInscri\u00e7\u00f5es e informa\u00e7\u00f5es em\u00a0http:\/\/delegacaoregional.wixsite.com\/triatlonorte\/triatlo-varzim-lazer\r\n\r\nReg_viii-triatlo-varzim-lazer_2016_10_08\r\n\r\n&nbsp;\",\r\n\t\t\t\t\t\t\t  \t\r\n\t\t\t\t\t\t\t }\r\n\t\t\t\t\t\t\t<\/script><\/div>\r\n\t\t\t\t<p class=\"desc_trig_outter\"><a data-gmap_status=\"null\" data-gmtrig=\"1\" data-exlk=\"0\" style=\"border-color: #0092e0;\" id=\"evc_147588480013713\" class=\"desc_trig evo_circuito-regional sin_val evcal_list_a\" data-ux_val=\"1\"  ><span class='evcal_cblock ' data-bgcolor='#0092e0' data-smon='Outubro' data-syr='2016'><span class='evo_start '><em class='date'>08<\/em><em class='month'>out<\/em><em class='time'>0:00<\/em><\/span><span class='evo_end only_time'><em class='time'>0:00<\/em><\/span><em class='clear'><\/em><\/span><span class='evcal_desc evo_info hide_eventtopdata '  data-location_status=\"false\" ><span class='evo_above_title'><\/span><span class='evcal_desc2 evcal_event_title' itemprop='name'>VIII Triatlo Varzim Lazer_Circuito Regional Norte<\/span><span class='evo_below_title'><\/span><span class='evcal_desc_info' ><\/span><span class='evcal_desc3'><span class='evcal_event_types ett1'><em><i>Tipo de Evento:<\/i><\/em><em data-filter='event_type'>Circuito Regional<\/em><i class='clear'><\/i><\/span><\/span><\/span><em class='clear'><\/em><\/p><\/a><div class='event_description evcal_eventcard ' style=\"display:none\"><div class='evo_metarow_directimg'><img src='https:\/\/www.federacao-triatlo.pt\/ftp2015\/wp-content\/uploads\/2016\/09\/Cartaz_VIII-Triatlo-Varzim-Lazer-2016.png' \/><\/div><div class='evo_metarow_details evorow evcal_evdata_row bordb evcal_event_details'>\r\n\t\t\t\t\t\t\t<div class=\"event_excerpt\" style=\"display:none\"><h3 class=\"padb5 evo_h3\">Detalhes do Evento<\/h3><p>A oitava edi\u00e7\u00e3o do Triatlo Varzim Lazer ocorrer\u00e1 no s\u00e1bado dia 8 de Outubro.\r\n\r\nInscri\u00e7\u00f5es e informa\u00e7\u00f5es em\u00a0http:\/\/delegacaoregional.wixsite.com\/triatlonorte\/triatlo-varzim-lazer\r\n\r\nReg_viii-triatlo-varzim-lazer_2016_10_08\r\n\r\n&nbsp;<\/p><\/div><span class='evcal_evdata_icons'><i class='fa fa-align-justify'><\/i><\/span>\r\n\t\t\t\t\t\t\t\r\n\t\t\t\t\t\t\t<div class='evcal_evdata_cell '><div class='eventon_full_description'>\r\n\t\t\t\t\t\t\t\t\t<h3 class='padb5 evo_h3'><span class='evcal_evdata_icons'><i class='fa fa-align-justify'><\/i><\/span>Detalhes do Evento<\/h3><div class='eventon_desc_in' itemprop='description'>\r\n\t\t\t\t\t\t\t\t\t<p>A oitava edi\u00e7\u00e3o do Triatlo Varzim Lazer ocorrer\u00e1 no s\u00e1bado dia 8 de Outubro.<\/p>\n<p>Inscri\u00e7\u00f5es e informa\u00e7\u00f5es em\u00a0<a href=\"http:\/\/delegacaoregional.wixsite.com\/triatlonorte\/triatlo-varzim-lazer\">http:\/\/delegacaoregional.wixsite.com\/triatlonorte\/triatlo-varzim-lazer<\/a><\/p>\n<p>R<a href=\"https:\/\/www.federacao-triatlo.pt\/ftp2015\/wp-content\/uploads\/2016\/09\/Reg_VIII-Triatlo-Varzim-Lazer_2016_10_08.pdf\">eg_viii-triatlo-varzim-lazer_2016_10_08<\/a><\/p>\n<p>&nbsp;<\/p>\n<\/div><div class='clear'><\/div>\r\n\t\t\t\t\t\t\t\t<\/div>\r\n\t\t\t\t\t\t\t<\/div>\r\n\t\t\t\t\t\t<\/div><div class='evo_metarow_time evorow evcal_evdata_row bordb evcal_evrow_sm '>\r\n\t\t\t\t\t\t\t<span class='evcal_evdata_icons'><i class='fa fa-clock-o'><\/i><\/span>\r\n\t\t\t\t\t\t\t<div class='evcal_evdata_cell'>\t\t\t\t\t\t\t\r\n\t\t\t\t\t\t\t\t<h3 class='evo_h3'><span class='evcal_evdata_icons'><i class='fa fa-clock-o'><\/i><\/span>Hor\u00e1rio<\/h3><p>(S\u00e1bado) 0:00 - 0:00<\/p>\r\n\t\t\t\t\t\t\t<\/div>\r\n\t\t\t\t\t\t<\/div>\t\t\t\t\t\t<div class='evo_metarow_ICS evorow bordb evcal_evdata_row'>\r\n\t\t\t\t\t\t\t<span class=\"evcal_evdata_icons\"><i class=\"fa fa-calendar\"><\/i><\/span>\r\n\t\t\t\t\t\t\t<div class='evcal_evdata_cell'>\r\n\t\t\t\t\t\t\t\t<p><a href='https:\/\/www.federacao-triatlo.pt\/ftp2015\/wp-admin\/admin-ajax.php?action=eventon_ics_download&amp;event_id=13713&amp;sunix=20161007T230000Z&amp;eunix=20161007T230000Z&amp;loca=&amp;locn=' class='evo_ics_nCal' title='Adicionar ao seu calend\u00e1rio'>Calend\u00e1rio<\/a><a href='\/\/www.google.com\/calendar\/event?action=TEMPLATE&amp;text=VIII+Triatlo+Varzim+Lazer_Circuito+Regional+Norte&amp;dates=20161007T230000Z\/20161007T230000Z&amp;details=A+oitava+edi%C3%A7%C3%A3o+do+Triatlo+Varzim+Lazer+ocorrer%C3%A1+no+s%C3%A1bado+dia+8+de+Outubro.%0D%0A%0D%0AInscri%C3%A7%C3%B5es+e+informa%C3%A7%C3%B5es+em%C2%A0http%3A%2F%2Fdelegacaoregional.wixsite.com%2Ftriatlonorte%2Ftriatlo-varzim-lazer%0D%0A%0D%0AReg_viii-triatlo-varzim-lazer_2016_10_08%0D%0A%0D%0A%26nbsp%3B&amp;location= - ' target='_blank' class='evo_ics_gCal' title='Adicionar ao calend\u00e1rio Google'>GoogleCal<\/a><\/p>\t\r\n\t\t\t\t\t\t\t<\/div>\t\t\t\t\t\t<\/div>\r\n\t\t\t\t\t\t<\/div><div class='clear end'><\/div><\/div><div id=\"event_9470\" class=\"eventon_list_event evo_eventtop past_event event\" data-event_id=\"9470\" data-time=\"1476576300-1476662100\" data-colr=\"#0092e0\" itemscope itemtype='http:\/\/schema.org\/Event' 3><div class=\"evo_event_schema\" style=\"display:none\" ><a itemprop='url'  href='https:\/\/www.federacao-triatlo.pt\/ftp2015\/events\/duatlo-de-santarem-festibike\/'><\/a><span itemprop='name'  >IX Duatlo de Santar\u00e9m (Festibike)<\/span><meta itemprop='image' content='https:\/\/www.federacao-triatlo.pt\/ftp2015\/wp-content\/uploads\/2016\/04\/Duatlo-Festival-Bike-212x300.jpg' ><\/meta><meta itemprop='description' content='santarem-festival-bike-regulamento\u00a0( Provis\u00f3rio )\r\n\r\nPercursos Duatlo Festibike 2016\r\n\r\nSL Duatlo de Santar\u00e9m (Ta\u00e7a de Portugal PORTerra)\r\n\r\nNota: Alertamos todos os atletas que o Secretariado encontra-se tamb\u00e9m aberto S\u00e1bado dia 15 de' ><\/meta><meta itemprop='startDate' content='2016-10-16' ><\/meta><meta itemprop='endDate' content='2016-10-16' ><\/meta><meta itemprop='eventStatus' content='on-schedule' ><\/meta>\r\n\t\t\t\t\t\t\t\t\t<item style=\"display:none\" itemprop=\"location\" itemscope itemtype=\"http:\/\/schema.org\/Place\">\r\n\t\t\t\t\t\t\t\t\t\t<span itemprop=\"name\">Santar\u00e9m<\/span>\r\n\t\t\t\t\t\t\t\t\t\t<span itemprop=\"address\" itemscope itemtype=\"http:\/\/schema.org\/PostalAddress\">\r\n\t\t\t\t\t\t\t\t\t\t\t<item itemprop=\"streetAddress\">Santar\u00e9m<\/item>\r\n\t\t\t\t\t\t\t\t\t\t<\/span><\/item><script type=\"application\/ld+json\">{\t\"@context\": \"http:\/\/schema.org\",\r\n\t\t\t\t\t\t\t  \t\"@type\": \"Event\",\r\n\t\t\t\t\t\t\t  \t\"name\": \"IX Duatlo de Santar\u00e9m (Festibike)\",\r\n\t\t\t\t\t\t\t  \t\"startDate\": \"2016-10-16T00-00-05-00\",\r\n\t\t\t\t\t\t\t  \t\"endDate\": \"2016-10-16T23-23-55-00\",\r\n\t\t\t\t\t\t\t  \t\"image\":\"https:\/\/www.federacao-triatlo.pt\/ftp2015\/wp-content\/uploads\/2016\/04\/Duatlo-Festival-Bike-212x300.jpg\",\r\n\t\t\t\t\t\t\t  \t\"description\":\"santarem-festival-bike-regulamento\u00a0( Provis\u00f3rio )\r\n\r\nPercursos Duatlo Festibike 2016\r\n\r\nSL Duatlo de Santar\u00e9m (Ta\u00e7a de Portugal PORTerra)\r\n\r\nNota: Alertamos todos os atletas que o Secretariado encontra-se tamb\u00e9m aberto S\u00e1bado dia 15 de\",\r\n\t\t\t\t\t\t\t  \t\"location\":{\r\n\t\t\t\t\t\t\t\t\t\t\"@type\":\"Place\",\r\n\t\t\t\t\t\t\t\t\t\t\"name\":\"Santar\u00e9m\",\r\n\t\t\t\t\t\t\t\t\t\t\"address\":\"Santar\u00e9m\"\r\n\t\t\t\t\t\t\t  \t\t}\r\n\t\t\t\t\t\t\t }\r\n\t\t\t\t\t\t\t<\/script><\/div>\r\n\t\t\t\t<p class=\"desc_trig_outter\"><a data-gmtrig=\"1\" data-exlk=\"0\" style=\"border-color: #0092e0;\" id=\"evc_14765763009470\" class=\"desc_trig evo_taca-portugal-porterra sin_val evcal_list_a\" data-ux_val=\"1\"  ><span class='evcal_cblock ' data-bgcolor='#0092e0' data-smon='Outubro' data-syr='2016'><span class='evo_start '><em class='date'>16<\/em><em class='month'>out<\/em><em class='time'>allday<\/em><\/span><span class='evo_end only_time'><em class='time'>allday<\/em><\/span><em class='clear'><\/em><\/span><span class='evcal_desc evo_info hide_eventtopdata ' data-latlng=\"39.219705,-8.697315\"  data-location_address=\"Santar\u00e9m\" data-location_type=\"lonlat\" data-location_name=\"Santar\u00e9m\" data-location_status=\"true\" ><span class='evo_above_title'><\/span><span class='evcal_desc2 evcal_event_title' itemprop='name'>IX Duatlo de Santar\u00e9m (Festibike)<\/span><span class='evo_below_title'><\/span><span class='evcal_desc_info' ><em class=\"evcal_location\" data-latlng=\"39.219705,-8.697315\"  data-add_str=\"\"><em class=\"event_location_name\">Santar\u00e9m<\/em><\/em><\/span><span class='evcal_desc3'><span class='evcal_event_types ett1'><em><i>Tipo de Evento:<\/i><\/em><em data-filter='event_type'>Ta\u00e7a de Portugal PORTerra<\/em><i class='clear'><\/i><\/span><\/span><\/span><em class='clear'><\/em><\/p><\/a><div class='event_description evcal_eventcard ' style=\"display:none\"><div class='evo_metarow_directimg'><img src='https:\/\/www.federacao-triatlo.pt\/ftp2015\/wp-content\/uploads\/2016\/04\/Duatlo-Festival-Bike.jpg' \/><\/div><div class='evo_metarow_details evorow evcal_evdata_row bordb evcal_event_details'>\r\n\t\t\t\t\t\t\t<div class=\"event_excerpt\" style=\"display:none\"><h3 class=\"padb5 evo_h3\">Detalhes do Evento<\/h3><p>santarem-festival-bike-regulamento\u00a0( Provis\u00f3rio )\r\n\r\nPercursos Duatlo Festibike 2016\r\n\r\nSL Duatlo de Santar\u00e9m (Ta\u00e7a de Portugal PORTerra)\r\n\r\nNota: Alertamos todos os atletas que o Secretariado encontra-se tamb\u00e9m aberto S\u00e1bado dia 15 de<\/p><\/div><span class='evcal_evdata_icons'><i class='fa fa-align-justify'><\/i><\/span>\r\n\t\t\t\t\t\t\t\r\n\t\t\t\t\t\t\t<div class='evcal_evdata_cell '><div class='eventon_full_description'>\r\n\t\t\t\t\t\t\t\t\t<h3 class='padb5 evo_h3'><span class='evcal_evdata_icons'><i class='fa fa-align-justify'><\/i><\/span>Detalhes do Evento<\/h3><div class='eventon_desc_in' itemprop='description'>\r\n\t\t\t\t\t\t\t\t\t<p><a href=\"https:\/\/www.federacao-triatlo.pt\/ftp2015\/wp-content\/uploads\/2016\/04\/20151018-Santar\u00e9m-Festival-Bike-Regulamento-v20150930.pdf\">santarem-festival-bike-regulamento<\/a>\u00a0( Provis\u00f3rio )<\/p>\n<p><a href=\"https:\/\/www.federacao-triatlo.pt\/ftp2015\/wp-content\/uploads\/2016\/04\/Percursos-Duatlo-Festibike-2016.pdf\">Percursos Duatlo Festibike 2016<\/a><\/p>\n<p><a href=\"https:\/\/www.federacao-triatlo.pt\/ftp2015\/wp-content\/uploads\/2016\/04\/SL-Duatlo-de-Santar\u00e9m-Ta\u00e7a-de-Portugal-PORTerra.pdf\">SL Duatlo de Santar\u00e9m (Ta\u00e7a de Portugal PORTerra)<\/a><\/p>\n<p>Nota: Alertamos todos os atletas que o Secretariado encontra-se tamb\u00e9m aberto S\u00e1bado dia 15 de Outubro de 2016 das 14h \u00e0s 20h.<\/p>\n<p>&nbsp;<\/p>\n<p>&nbsp;<\/p>\n<p>&nbsp;<\/p>\n<p><a href=\"https:\/\/www.federacao-triatlo.pt\/ftp2015\/wp-content\/uploads\/2016\/04\/Federa\u00e7\u00e3oTriatlo-Portugal-1.png\"><img class=\"alignnone size-medium wp-image-13925\" src=\"https:\/\/www.federacao-triatlo.pt\/ftp2015\/wp-content\/uploads\/2016\/04\/Federa\u00e7\u00e3oTriatlo-Portugal-1-300x101.png\" alt=\"federacaotriatlo-portugal\" width=\"300\" height=\"101\" \/><\/a>\u00a0 \u00a0 \u00a0 \u00a0 \u00a0 \u00a0 \u00a0 \u00a0 \u00a0 \u00a0 \u00a0 \u00a0 \u00a0 \u00a0 \u00a0 \u00a0 \u00a0 \u00a0 \u00a0 \u00a0 \u00a0 \u00a0 \u00a0 \u00a0 \u00a0 \u00a0 \u00a0\u00a0<a href=\"https:\/\/www.federacao-triatlo.pt\/ftp2015\/wp-content\/uploads\/2016\/04\/Festival-Bike-Portugal-2016-santarem-2.jpg\"><img class=\"alignnone wp-image-13926\" src=\"https:\/\/www.federacao-triatlo.pt\/ftp2015\/wp-content\/uploads\/2016\/04\/Festival-Bike-Portugal-2016-santarem-2-300x208.jpg\" alt=\"festival-bike-portugal-2016-santarem-2\" width=\"234\" height=\"162\" \/><\/a><\/p>\n<\/div><div class='clear'><\/div>\r\n\t\t\t\t\t\t\t\t<\/div>\r\n\t\t\t\t\t\t\t<\/div>\r\n\t\t\t\t\t\t<\/div><div class='evo_metarow_gmap evorow evcal_gmaps bordb ' id='evc147657630069f3d1772cfb49470_gmap' style='max-width:none'><\/div><div class='evo_metarow_getDr evorow evcal_evdata_row bordb evcal_evrow_sm getdirections'>\r\n\t\t\t\t\t\t<form action='https:\/\/maps.google.com\/maps' method='get' target='_blank'>\r\n\t\t\t\t\t\t<input type='hidden' name='daddr' value='Santar\u00e9m'\/> \r\n\t\t\t\t\t\t<p><input class='evoInput' type='text' name='saddr' placeholder='Escreva a morada' value=''\/>\r\n\t\t\t\t\t\t<button type='submit' class='evcal_evdata_icons evcalicon_9' title='Clique aqui para obter as dire\u00e7\u00f5es'><i class='fa fa-road'><\/i><\/button>\r\n\t\t\t\t\t\t<\/p><\/form>\r\n\t\t\t\t\t<\/div><div class='evo_metarow_time_location evorow bordb '>\r\n\t\t\t\t\t\t<div class='tb' >\r\n\t\t\t\t\t\t\t<div class='tbrow'>\r\n\t\t\t\t\t\t\t<div class='evcal_col50 bordr'>\r\n\t\t\t\t\t\t\t\t<div class='evcal_evdata_row evo_time'>\r\n\t\t\t\t\t\t\t\t\t<span class='evcal_evdata_icons'><i class='fa fa-clock-o'><\/i><\/span>\r\n\t\t\t\t\t\t\t\t\t<div class='evcal_evdata_cell'>\t\t\t\t\t\t\t\r\n\t\t\t\t\t\t\t\t\t\t<h3 class='evo_h3'><span class='evcal_evdata_icons'><i class='fa fa-clock-o'><\/i><\/span>Hor\u00e1rio<\/h3>\r\n\t\t\t\t\t\t\t\t\t\t<p>Todo o dia (Domingo)<\/p>\r\n\t\t\t\t\t\t\t\t\t<\/div>\r\n\t\t\t\t\t\t\t\t<\/div>\r\n\t\t\t\t\t\t\t<\/div><div class='evcal_col50'>\r\n\t\t\t\t\t\t\t\t<div class='evcal_evdata_row evo_location'>\r\n\t\t\t\t\t\t\t\t\t<span class='evcal_evdata_icons'><i class='fa fa-map-marker'><\/i><\/span>\r\n\t\t\t\t\t\t\t\t\t<div class='evcal_evdata_cell' data-loc_tax_id='149'>\t\t\t\t\t\t\t\r\n\t\t\t\t\t\t\t\t\t\t<h3 class='evo_h3'><span class='evcal_evdata_icons'><i class='fa fa-map-marker'><\/i><\/span>Localiza\u00e7\u00e3o<\/h3><p class='evo_location_name'>Santar\u00e9m<\/p><p>Santar\u00e9m<\/p>\r\n\t\t\t\t\t\t\t\t\t<\/div>\r\n\t\t\t\t\t\t\t\t<\/div>\r\n\t\t\t\t\t\t\t<\/div><div class='clear'><\/div>\r\n\t\t\t\t\t\t\t<\/div><\/div>\r\n\t\t\t\t\t\t<\/div><div class='evo_metarow_organizer evorow evcal_evdata_row bordb evcal_evrow_sm '>\r\n\t\t\t\t\t\t\t<span class='evcal_evdata_icons'><i class='fa fa-headphones'><\/i><\/span>\r\n\t\t\t\t\t\t\t<div class='evcal_evdata_cell'>\t\t\t\t\t\t\t\r\n\t\t\t\t\t\t\t\t<h3 class='evo_h3'>Evento organizado por<\/h3>\r\n\t\t\t\t\t\t\t\t\r\n\t\t\t\t\t\t\t\t<div class='evo_card_organizer'><p class='evo_data_val evo_card_organizer_name'>\r\n\t\t\t\t\t\t\t\t\t<span class='evo_card_organizer_name_t'>FTP \/ Centro Nacional de Exposi\u00e7\u00f5es<\/span>\r\n\t\t\t\t\t\t\t\t\t\r\n\t\t\t\t\t\t\t\t\t<\/p><\/div><div class='clear'><\/div>\t\t\t\t\t\t\t\r\n\t\t\t\t\t\t\t<\/div>\r\n\t\t\t\t\t\t<\/div>\t\t\t\t\t\t<div class='evo_metarow_ICS evorow bordb evcal_evdata_row'>\r\n\t\t\t\t\t\t\t<span class=\"evcal_evdata_icons\"><i class=\"fa fa-calendar\"><\/i><\/span>\r\n\t\t\t\t\t\t\t<div class='evcal_evdata_cell'>\r\n\t\t\t\t\t\t\t\t<p><a href='https:\/\/www.federacao-triatlo.pt\/ftp2015\/wp-admin\/admin-ajax.php?action=eventon_ics_download&amp;event_id=9470&amp;sunix=20161015T230500Z&amp;eunix=20161016T225500Z&amp;loca=Santar\u00e9m&amp;locn=Santar\u00e9m' class='evo_ics_nCal' title='Adicionar ao seu calend\u00e1rio'>Calend\u00e1rio<\/a><a href='\/\/www.google.com\/calendar\/event?action=TEMPLATE&amp;text=IX+Duatlo+de+Santar%C3%A9m+%28Festibike%29&amp;dates=20161015T230500Z\/20161016T225500Z&amp;details=santarem-festival-bike-regulamento%C2%A0%28+Provis%C3%B3rio+%29%0D%0A%0D%0APercursos+Duatlo+Festibike+2016%0D%0A%0D%0ASL+Duatlo+de+Santar%C3%A9m+%28Ta%C3%A7a+de+Portugal+PORTerra%29%0D%0A%0D%0ANota%3A+Alertamos+todos+os+atletas+que+o+Secretariado+encontra-se+tamb%C3%A9m+aberto+S%C3%A1bado+dia+15+de&amp;location=Santar%C3%A9m - Santar%C3%A9m' target='_blank' class='evo_ics_gCal' title='Adicionar ao calend\u00e1rio Google'>GoogleCal<\/a><\/p>\t\r\n\t\t\t\t\t\t\t<\/div>\t\t\t\t\t\t<\/div>\r\n\t\t\t\t\t\t<\/div><div class='clear end'><\/div><\/div><\/div><div class='clear'><\/div><\/div><!-- ajde_evcal_calendar-->\n<div id='evcal_calendar_395' class='ajde_evcal_calendar  ul' ><div class='evo-data' data-cyear=\"2016\" data-cmonth=\"11\" data-runajax=\"1\" data-evc_open=\"0\" data-cal_ver=\"2.6\" data-mapscroll=\"true\" data-mapformat=\"roadmap\" data-mapzoom=\"14\" data-mapiconurl=\"\" data-ev_cnt=\"0\" data-show_limit=\"no\" data-tiles=\"no\" data-sort_by=\"sort_date\" data-filters_on=\"true\" data-range_start=\"0\" data-range_end=\"0\" data-send_unix=\"0\" data-ux_val=\"0\" data-accord=\"0\" data-rtl=\"no\"  ><\/div><div id='evcal_head' class='calendar_header ' ><div class='evo_cal_above'><span class='evo-gototoday-btn' style='display:none' data-mo='11' data-yr='2016' data-dy=''>Dia de Hoje<\/span><\/div><div class='evo_cal_above_content'><\/div><div class='cal_arguments' style='display:none' data-hide_past=\"no\" data-show_et_ft_img=\"no\" data-event_order=\"ASC\" data-ft_event_priority=\"no\" data-lang=\"L1\" data-month_incre=\"0\" data-only_ft=\"no\" data-evc_open=\"no\" data-show_limit=\"no\" data-etc_override=\"no\" data-show_limit_redir=\"0\" data-tiles=\"no\" data-tile_height=\"0\" data-tile_bg=\"0\" data-tile_count=\"2\" data-tile_style=\"0\" data-s=\"\" data-members_only=\"no\" data-ux_val=\"0\" data-show_limit_ajax=\"no\" data-show_limit_paged=\"1\" ><\/div><div class='clear'><\/div><\/div><div class='evcal_month_line'><p>Novembro 2016<\/p><\/div><div id='evcal_list' class='eventon_events_list '><div id=\"event_9484\" class=\"eventon_list_event evo_eventtop past_event event\" data-event_id=\"9484\" data-time=\"1478390700-1478476500\" data-colr=\"#0092e0\" itemscope itemtype='http:\/\/schema.org\/Event' 1><div class=\"evo_event_schema\" style=\"display:none\" ><a itemprop='url'  href='https:\/\/www.federacao-triatlo.pt\/ftp2015\/events\/triatlo-longo-ponta-delgada-4\/'><\/a><span itemprop='name'  >Triatlo Longo Ponta Delgada<\/span><meta itemprop='image' content='https:\/\/www.federacao-triatlo.pt\/ftp2015\/wp-content\/uploads\/2016\/04\/Triathlon-214x300.jpg' ><\/meta><meta itemprop='description' content='Regulamento-vii-Triathlon-Azores-Airlines\r\n\r\nCourses VII Triathlon Azores Longo\r\n\r\nCourses VII Triathlon Azores Sprint\r\n\r\npacote-participantes-2016\r\n\r\nSL Triatlo Longo de Ponta Delgada (CN Clubes)\r\n\r\n\u00a0' ><\/meta><meta itemprop='startDate' content='2016-11-6' ><\/meta><meta itemprop='endDate' content='2016-11-6' ><\/meta><meta itemprop='eventStatus' content='on-schedule' ><\/meta>\r\n\t\t\t\t\t\t\t\t\t<item style=\"display:none\" itemprop=\"location\" itemscope itemtype=\"http:\/\/schema.org\/Place\">\r\n\t\t\t\t\t\t\t\t\t\t<span itemprop=\"name\">Ponta Delgada<\/span>\r\n\t\t\t\t\t\t\t\t\t\t<span itemprop=\"address\" itemscope itemtype=\"http:\/\/schema.org\/PostalAddress\">\r\n\t\t\t\t\t\t\t\t\t\t\t<item itemprop=\"streetAddress\"><\/item>\r\n\t\t\t\t\t\t\t\t\t\t<\/span><\/item><script type=\"application\/ld+json\">{\t\"@context\": \"http:\/\/schema.org\",\r\n\t\t\t\t\t\t\t  \t\"@type\": \"Event\",\r\n\t\t\t\t\t\t\t  \t\"name\": \"Triatlo Longo Ponta Delgada\",\r\n\t\t\t\t\t\t\t  \t\"startDate\": \"2016-11-6T00-00-05-00\",\r\n\t\t\t\t\t\t\t  \t\"endDate\": \"2016-11-6T23-23-55-00\",\r\n\t\t\t\t\t\t\t  \t\"image\":\"https:\/\/www.federacao-triatlo.pt\/ftp2015\/wp-content\/uploads\/2016\/04\/Triathlon-214x300.jpg\",\r\n\t\t\t\t\t\t\t  \t\"description\":\"Regulamento-vii-Triathlon-Azores-Airlines\r\n\r\nCourses VII Triathlon Azores Longo\r\n\r\nCourses VII Triathlon Azores Sprint\r\n\r\npacote-participantes-2016\r\n\r\nSL Triatlo Longo de Ponta Delgada (CN Clubes)\r\n\r\n\u00a0\",\r\n\t\t\t\t\t\t\t  \t\r\n\t\t\t\t\t\t\t }\r\n\t\t\t\t\t\t\t<\/script><\/div>\r\n\t\t\t\t<p class=\"desc_trig_outter\"><a data-gmtrig=\"1\" data-exlk=\"0\" style=\"border-color: #0092e0;\" id=\"evc_14783907009484\" class=\"desc_trig evo_calendario-nacional sin_val evcal_list_a\" data-ux_val=\"1\"  ><span class='evcal_cblock ' data-bgcolor='#0092e0' data-smon='Novembro' data-syr='2016'><span class='evo_start '><em class='date'>06<\/em><em class='month'>nov<\/em><em class='time'>allday<\/em><\/span><span class='evo_end only_time'><em class='time'>allday<\/em><\/span><em class='clear'><\/em><\/span><span class='evcal_desc evo_info hide_eventtopdata ' data-latlng=\"37.738070,-25.669049\"  data-location_address=\"\" data-location_type=\"lonlat\" data-location_name=\"Ponta Delgada\" data-location_status=\"true\" ><span class='evo_above_title'><\/span><span class='evcal_desc2 evcal_event_title' itemprop='name'>Triatlo Longo Ponta Delgada<\/span><span class='evo_below_title'><\/span><span class='evcal_desc_info' ><em class=\"evcal_location\" data-latlng=\"37.738070,-25.669049\"  data-add_str=\"\"><em class=\"event_location_name\">Ponta Delgada<\/em><\/em><\/span><span class='evcal_desc3'><span class='evcal_event_types ett1'><em><i>Tipo de Evento:<\/i><\/em><em data-filter='event_type'>Calend\u00e1rio Nacional<\/em><i class='clear'><\/i><\/span><\/span><\/span><em class='clear'><\/em><\/p><\/a><div class='event_description evcal_eventcard ' style=\"display:none\"><div class='evo_metarow_directimg'><img src='https:\/\/www.federacao-triatlo.pt\/ftp2015\/wp-content\/uploads\/2016\/04\/Triathlon.jpg' \/><\/div><div class='evo_metarow_details evorow evcal_evdata_row bordb evcal_event_details'>\r\n\t\t\t\t\t\t\t<div class=\"event_excerpt\" style=\"display:none\"><h3 class=\"padb5 evo_h3\">Detalhes do Evento<\/h3><p>Regulamento-vii-Triathlon-Azores-Airlines\r\n\r\nCourses VII Triathlon Azores Longo\r\n\r\nCourses VII Triathlon Azores Sprint\r\n\r\npacote-participantes-2016\r\n\r\nSL Triatlo Longo de Ponta Delgada (CN Clubes)\r\n\r\n\u00a0<\/p><\/div><span class='evcal_evdata_icons'><i class='fa fa-align-justify'><\/i><\/span>\r\n\t\t\t\t\t\t\t\r\n\t\t\t\t\t\t\t<div class='evcal_evdata_cell '><div class='eventon_full_description'>\r\n\t\t\t\t\t\t\t\t\t<h3 class='padb5 evo_h3'><span class='evcal_evdata_icons'><i class='fa fa-align-justify'><\/i><\/span>Detalhes do Evento<\/h3><div class='eventon_desc_in' itemprop='description'>\r\n\t\t\t\t\t\t\t\t\t<p>R<a href=\"https:\/\/www.federacao-triatlo.pt\/ftp2015\/wp-content\/uploads\/2016\/04\/REGULAMENTO-VII-TRIATHLON-AZORES-AIRLINES-1-2.pdf\">egulamento-vii-Triathlon-Azores-Airlines<\/a><\/p>\n<p><a href=\"https:\/\/www.federacao-triatlo.pt\/ftp2015\/wp-content\/uploads\/2016\/04\/CoursesVIITriathlonAzoresLongo.pdf\">Courses VII Triathlon Azores Longo<\/a><\/p>\n<p><a href=\"https:\/\/www.federacao-triatlo.pt\/ftp2015\/wp-content\/uploads\/2016\/04\/CoursesVIITriathlonAzoresSprint.pdf\">Courses VII Triathlon Azores Sprint<\/a><\/p>\n<p><a href=\"https:\/\/www.federacao-triatlo.pt\/ftp2015\/wp-content\/uploads\/2016\/04\/PACOTE-PARTICIPANTES-2016.pdf\">pacote-participantes-2016<\/a><\/p>\n<p><a href=\"https:\/\/www.federacao-triatlo.pt\/ftp2015\/wp-content\/uploads\/2016\/04\/SL-Triatlo-Longo-de-Ponta-Delgada-CN-Clubes-1.pdf\">SL Triatlo Longo de Ponta Delgada (CN Clubes)<\/a><\/p>\n<p><a href=\"https:\/\/www.federacao-triatlo.pt\/ftp2015\/wp-content\/uploads\/2016\/04\/Federa\u00e7\u00e3oTriatlo-Portugal.png\"><img class=\"alignnone wp-image-13210\" src=\"https:\/\/www.federacao-triatlo.pt\/ftp2015\/wp-content\/uploads\/2016\/04\/Federa\u00e7\u00e3oTriatlo-Portugal-300x101.png\" alt=\"Federa\u00e7\u00e3oTriatlo Portugal\" width=\"235\" height=\"79\" \/><\/a>\u00a0 \u00a0\u00a0<a href=\"https:\/\/www.federacao-triatlo.pt\/ftp2015\/wp-content\/uploads\/2016\/04\/AZORES-AIRLINES.jpg\"><img class=\"alignnone wp-image-13208\" src=\"https:\/\/www.federacao-triatlo.pt\/ftp2015\/wp-content\/uploads\/2016\/04\/AZORES-AIRLINES-300x293.jpg\" alt=\"AZORES AIRLINES\" width=\"178\" height=\"174\" \/><\/a>\u00a0 \u00a0 \u00a0 \u00a0 \u00a0\u00a0<a href=\"https:\/\/www.federacao-triatlo.pt\/ftp2015\/wp-content\/uploads\/2016\/04\/12644871_958511327570715_3541470586420670915_n.jpg\"><img class=\"alignnone wp-image-13207\" src=\"https:\/\/www.federacao-triatlo.pt\/ftp2015\/wp-content\/uploads\/2016\/04\/12644871_958511327570715_3541470586420670915_n.jpg\" alt=\"12644871_958511327570715_3541470586420670915_n\" width=\"117\" height=\"117\" \/><\/a>\u00a0 \u00a0 \u00a0 \u00a0 \u00a0 \u00a0 \u00a0 \u00a0 \u00a0\u00a0\u00a0<a href=\"https:\/\/www.federacao-triatlo.pt\/ftp2015\/wp-content\/uploads\/2016\/04\/cattt.jpg\"><img class=\"alignnone wp-image-13209\" src=\"https:\/\/www.federacao-triatlo.pt\/ftp2015\/wp-content\/uploads\/2016\/04\/cattt-300x210.jpg\" alt=\"cattt\" width=\"148\" height=\"104\" \/><\/a><\/p>\n<\/div><div class='clear'><\/div>\r\n\t\t\t\t\t\t\t\t<\/div>\r\n\t\t\t\t\t\t\t<\/div>\r\n\t\t\t\t\t\t<\/div><div class='evo_metarow_gmap evorow evcal_gmaps bordb ' id='evc147839070069f3d177300cf9484_gmap' style='max-width:none'><\/div><div class='evo_metarow_getDr evorow evcal_evdata_row bordb evcal_evrow_sm getdirections'>\r\n\t\t\t\t\t\t<form action='https:\/\/maps.google.com\/maps' method='get' target='_blank'>\r\n\t\t\t\t\t\t<input type='hidden' name='daddr' value='37.738070,-25.669049'\/> \r\n\t\t\t\t\t\t<p><input class='evoInput' type='text' name='saddr' placeholder='Escreva a morada' value=''\/>\r\n\t\t\t\t\t\t<button type='submit' class='evcal_evdata_icons evcalicon_9' title='Clique aqui para obter as dire\u00e7\u00f5es'><i class='fa fa-road'><\/i><\/button>\r\n\t\t\t\t\t\t<\/p><\/form>\r\n\t\t\t\t\t<\/div><div class='evo_metarow_time_location evorow bordb '>\r\n\t\t\t\t\t\t<div class='tb' >\r\n\t\t\t\t\t\t\t<div class='tbrow'>\r\n\t\t\t\t\t\t\t<div class='evcal_col50 bordr'>\r\n\t\t\t\t\t\t\t\t<div class='evcal_evdata_row evo_time'>\r\n\t\t\t\t\t\t\t\t\t<span class='evcal_evdata_icons'><i class='fa fa-clock-o'><\/i><\/span>\r\n\t\t\t\t\t\t\t\t\t<div class='evcal_evdata_cell'>\t\t\t\t\t\t\t\r\n\t\t\t\t\t\t\t\t\t\t<h3 class='evo_h3'><span class='evcal_evdata_icons'><i class='fa fa-clock-o'><\/i><\/span>Hor\u00e1rio<\/h3>\r\n\t\t\t\t\t\t\t\t\t\t<p>Todo o dia (Domingo)<\/p>\r\n\t\t\t\t\t\t\t\t\t<\/div>\r\n\t\t\t\t\t\t\t\t<\/div>\r\n\t\t\t\t\t\t\t<\/div><div class='evcal_col50'>\r\n\t\t\t\t\t\t\t\t<div class='evcal_evdata_row evo_location'>\r\n\t\t\t\t\t\t\t\t\t<span class='evcal_evdata_icons'><i class='fa fa-map-marker'><\/i><\/span>\r\n\t\t\t\t\t\t\t\t\t<div class='evcal_evdata_cell' data-loc_tax_id='165'>\t\t\t\t\t\t\t\r\n\t\t\t\t\t\t\t\t\t\t<h3 class='evo_h3'><span class='evcal_evdata_icons'><i class='fa fa-map-marker'><\/i><\/span>Localiza\u00e7\u00e3o<\/h3><p class='evo_location_name'>Ponta Delgada<\/p><p><\/p>\r\n\t\t\t\t\t\t\t\t\t<\/div>\r\n\t\t\t\t\t\t\t\t<\/div>\r\n\t\t\t\t\t\t\t<\/div><div class='clear'><\/div>\r\n\t\t\t\t\t\t\t<\/div><\/div>\r\n\t\t\t\t\t\t<\/div><div class='evo_metarow_organizer evorow evcal_evdata_row bordb evcal_evrow_sm '>\r\n\t\t\t\t\t\t\t<span class='evcal_evdata_icons'><i class='fa fa-headphones'><\/i><\/span>\r\n\t\t\t\t\t\t\t<div class='evcal_evdata_cell'>\t\t\t\t\t\t\t\r\n\t\t\t\t\t\t\t\t<h3 class='evo_h3'>Evento organizado por<\/h3>\r\n\t\t\t\t\t\t\t\t\r\n\t\t\t\t\t\t\t\t<div class='evo_card_organizer'><p class='evo_data_val evo_card_organizer_name'>\r\n\t\t\t\t\t\t\t\t\t<span class='evo_card_organizer_name_t'><a  href='https:\/\/www.federacao-triatlo.pt\/ftp2015'>FTP<\/a><\/span><span class='evo_card_organizer_contact'>secretaria@federacao-triatlo.pt<\/span>\r\n\t\t\t\t\t\t\t\t\t\r\n\t\t\t\t\t\t\t\t\t<\/p><\/div><div class='clear'><\/div>\t\t\t\t\t\t\t\r\n\t\t\t\t\t\t\t<\/div>\r\n\t\t\t\t\t\t<\/div>\t\t\t\t\t\t<div class='evo_metarow_ICS evorow bordb evcal_evdata_row'>\r\n\t\t\t\t\t\t\t<span class=\"evcal_evdata_icons\"><i class=\"fa fa-calendar\"><\/i><\/span>\r\n\t\t\t\t\t\t\t<div class='evcal_evdata_cell'>\r\n\t\t\t\t\t\t\t\t<p><a href='https:\/\/www.federacao-triatlo.pt\/ftp2015\/wp-admin\/admin-ajax.php?action=eventon_ics_download&amp;event_id=9484&amp;sunix=20161105T230500Z&amp;eunix=20161106T225500Z&amp;loca=&amp;locn=Ponta Delgada' class='evo_ics_nCal' title='Adicionar ao seu calend\u00e1rio'>Calend\u00e1rio<\/a><a href='\/\/www.google.com\/calendar\/event?action=TEMPLATE&amp;text=Triatlo+Longo+Ponta+Delgada&amp;dates=20161105T230500Z\/20161106T225500Z&amp;details=Regulamento-vii-Triathlon-Azores-Airlines%0D%0A%0D%0ACourses+VII+Triathlon+Azores+Longo%0D%0A%0D%0ACourses+VII+Triathlon+Azores+Sprint%0D%0A%0D%0Apacote-participantes-2016%0D%0A%0D%0ASL+Triatlo+Longo+de+Ponta+Delgada+%28CN+Clubes%29%0D%0A%0D%0A%C2%A0&amp;location=Ponta+Delgada - ' target='_blank' class='evo_ics_gCal' title='Adicionar ao calend\u00e1rio Google'>GoogleCal<\/a><\/p>\t\r\n\t\t\t\t\t\t\t<\/div>\t\t\t\t\t\t<\/div>\r\n\t\t\t\t\t\t<\/div><div class='clear end'><\/div><\/div><div id=\"event_9479\" class=\"eventon_list_event evo_eventtop past_event event\" data-event_id=\"9479\" data-time=\"1480205100-1480290900\" data-colr=\"#0092e0\" itemscope itemtype='http:\/\/schema.org\/Event' 2><div class=\"evo_event_schema\" style=\"display:none\" ><a itemprop='url'  href='https:\/\/www.federacao-triatlo.pt\/ftp2015\/events\/triatlo-longo-vilamoura\/'><\/a><span itemprop='name'  >Triatlo Longo Vilamoura<\/span><meta itemprop='image'  ><\/meta><meta itemprop='description' content='Vilamoura - Regulamento\r\n\r\nPercursos Triatlo Vilamoura 2016\r\n\r\nSL Triatlo Longo de Vilamoura (CN Individual)\r\n\r\nOferta-Especial-de-Alojamento-para-o-Triatlo-Longo-de-Vilamoura\r\n\r\n&nbsp;\r\n\r\n\u00a0 \u00a0 \u00a0 \u00a0 \u00a0 \u00a0' ><\/meta><meta itemprop='startDate' content='2016-11-27' ><\/meta><meta itemprop='endDate' content='2016-11-27' ><\/meta><meta itemprop='eventStatus' content='on-schedule' ><\/meta>\r\n\t\t\t\t\t\t\t\t\t<item style=\"display:none\" itemprop=\"location\" itemscope itemtype=\"http:\/\/schema.org\/Place\">\r\n\t\t\t\t\t\t\t\t\t\t<span itemprop=\"name\">Vilamoura<\/span>\r\n\t\t\t\t\t\t\t\t\t\t<span itemprop=\"address\" itemscope itemtype=\"http:\/\/schema.org\/PostalAddress\">\r\n\t\t\t\t\t\t\t\t\t\t\t<item itemprop=\"streetAddress\">Vilamoura<\/item>\r\n\t\t\t\t\t\t\t\t\t\t<\/span><\/item><script type=\"application\/ld+json\">{\t\"@context\": \"http:\/\/schema.org\",\r\n\t\t\t\t\t\t\t  \t\"@type\": \"Event\",\r\n\t\t\t\t\t\t\t  \t\"name\": \"Triatlo Longo Vilamoura\",\r\n\t\t\t\t\t\t\t  \t\"startDate\": \"2016-11-27T00-00-05-00\",\r\n\t\t\t\t\t\t\t  \t\"endDate\": \"2016-11-27T23-23-55-00\",\r\n\t\t\t\t\t\t\t  \t\"image\":,\r\n\t\t\t\t\t\t\t  \t\"description\":\"Vilamoura - Regulamento\r\n\r\nPercursos Triatlo Vilamoura 2016\r\n\r\nSL Triatlo Longo de Vilamoura (CN Individual)\r\n\r\nOferta-Especial-de-Alojamento-para-o-Triatlo-Longo-de-Vilamoura\r\n\r\n&nbsp;\r\n\r\n\u00a0 \u00a0 \u00a0 \u00a0 \u00a0 \u00a0\",\r\n\t\t\t\t\t\t\t  \t\"location\":{\r\n\t\t\t\t\t\t\t\t\t\t\"@type\":\"Place\",\r\n\t\t\t\t\t\t\t\t\t\t\"name\":\"Vilamoura\",\r\n\t\t\t\t\t\t\t\t\t\t\"address\":\"Vilamoura\"\r\n\t\t\t\t\t\t\t  \t\t}\r\n\t\t\t\t\t\t\t }\r\n\t\t\t\t\t\t\t<\/script><\/div>\r\n\t\t\t\t<p class=\"desc_trig_outter\"><a data-gmtrig=\"1\" data-exlk=\"0\" style=\"border-color: #0092e0;\" id=\"evc_14802051009479\" class=\"desc_trig evo_camp-nac sin_val evcal_list_a\" data-ux_val=\"1\"  ><span class='evcal_cblock ' data-bgcolor='#0092e0' data-smon='Novembro' data-syr='2016'><span class='evo_start '><em class='date'>27<\/em><em class='month'>nov<\/em><em class='time'>allday<\/em><\/span><span class='evo_end only_time'><em class='time'>allday<\/em><\/span><em class='clear'><\/em><\/span><span class='evcal_desc evo_info hide_eventtopdata ' data-latlng=\"37.072828,-8.118650\"  data-location_address=\"Vilamoura\" data-location_type=\"lonlat\" data-location_name=\"Vilamoura\" data-location_status=\"true\" ><span class='evo_above_title'><\/span><span class='evcal_desc2 evcal_event_title' itemprop='name'>Triatlo Longo Vilamoura<\/span><span class='evo_below_title'><\/span><span class='evcal_desc_info' ><em class=\"evcal_location\" data-latlng=\"37.072828,-8.118650\"  data-add_str=\"\"><em class=\"event_location_name\">Vilamoura<\/em><\/em><\/span><span class='evcal_desc3'><span class='evcal_event_types ett1'><em><i>Tipo de Evento:<\/i><\/em><em data-filter='event_type'>Camp. Nac.<\/em><i class='clear'><\/i><\/span><\/span><\/span><em class='clear'><\/em><\/p><\/a><div class='event_description evcal_eventcard ' style=\"display:none\"><div class='evo_metarow_details evorow evcal_evdata_row bordb evcal_event_details'>\r\n\t\t\t\t\t\t\t<div class=\"event_excerpt\" style=\"display:none\"><h3 class=\"padb5 evo_h3\">Detalhes do Evento<\/h3><p>Vilamoura - Regulamento\r\n\r\nPercursos Triatlo Vilamoura 2016\r\n\r\nSL Triatlo Longo de Vilamoura (CN Individual)\r\n\r\nOferta-Especial-de-Alojamento-para-o-Triatlo-Longo-de-Vilamoura\r\n\r\n&nbsp;\r\n\r\n\u00a0 \u00a0 \u00a0 \u00a0 \u00a0 \u00a0<\/p><\/div><span class='evcal_evdata_icons'><i class='fa fa-align-justify'><\/i><\/span>\r\n\t\t\t\t\t\t\t\r\n\t\t\t\t\t\t\t<div class='evcal_evdata_cell '><div class='eventon_full_description'>\r\n\t\t\t\t\t\t\t\t\t<h3 class='padb5 evo_h3'><span class='evcal_evdata_icons'><i class='fa fa-align-justify'><\/i><\/span>Detalhes do Evento<\/h3><div class='eventon_desc_in' itemprop='description'>\r\n\t\t\t\t\t\t\t\t\t<p><a href=\"https:\/\/www.federacao-triatlo.pt\/ftp2015\/wp-content\/uploads\/2016\/04\/Vilamoura-Regulamento-1.pdf\">Vilamoura &#8211; Regulamento<\/a><\/p>\n<p><a href=\"https:\/\/www.federacao-triatlo.pt\/ftp2015\/wp-content\/uploads\/2016\/04\/PercursosTriatloVilamoura2016-1.pdf\">Percursos Triatlo Vilamoura 2016<\/a><\/p>\n<p><a href=\"https:\/\/www.federacao-triatlo.pt\/ftp2015\/wp-content\/uploads\/2016\/04\/SL-Triatlo-Longo-de-Vilamoura-CN-Individual-2.pdf\">SL Triatlo Longo de Vilamoura (CN Individual)<\/a><\/p>\n<p>O<a href=\"https:\/\/www.federacao-triatlo.pt\/ftp2015\/wp-content\/uploads\/2016\/04\/Oferta-Especial-de-Alojamento-para-o-Triatlo-Longo-de-Vilamoura.pdf\">ferta-Especial-de-Alojamento-para-o-Triatlo-Longo-de-Vilamoura<\/a><\/p>\n<p>&nbsp;<\/p>\n<p><a href=\"https:\/\/www.federacao-triatlo.pt\/ftp2015\/wp-content\/uploads\/2016\/04\/Federa\u00e7\u00e3oTriatlo-Portugal-2.png\"><img class=\"alignnone size-medium wp-image-14037\" src=\"https:\/\/www.federacao-triatlo.pt\/ftp2015\/wp-content\/uploads\/2016\/04\/Federa\u00e7\u00e3oTriatlo-Portugal-2-300x101.png\" alt=\"federacaotriatlo-portugal\" width=\"300\" height=\"101\" \/><\/a>\u00a0 \u00a0 \u00a0 \u00a0 \u00a0 \u00a0 \u00a0 \u00a0 \u00a0 \u00a0<a href=\"https:\/\/www.federacao-triatlo.pt\/ftp2015\/wp-content\/uploads\/2016\/04\/Compromisso-com-o-Desporto.jpg\"><img class=\"alignnone wp-image-14081\" src=\"https:\/\/www.federacao-triatlo.pt\/ftp2015\/wp-content\/uploads\/2016\/04\/Compromisso-com-o-Desporto-300x249.jpg\" alt=\"compromisso-com-o-desporto\" width=\"156\" height=\"130\" \/><\/a>\u00a0 \u00a0 \u00a0 \u00a0 \u00a0 \u00a0 \u00a0 \u00a0 \u00a0 \u00a0 \u00a0 \u00a0<a href=\"https:\/\/www.federacao-triatlo.pt\/ftp2015\/wp-content\/uploads\/2016\/04\/images.jpg\"><img class=\"alignnone wp-image-14036\" src=\"https:\/\/www.federacao-triatlo.pt\/ftp2015\/wp-content\/uploads\/2016\/04\/images.jpg\" alt=\"images\" width=\"178\" height=\"102\" \/><\/a><\/p>\n<\/div><div class='clear'><\/div>\r\n\t\t\t\t\t\t\t\t<\/div>\r\n\t\t\t\t\t\t\t<\/div>\r\n\t\t\t\t\t\t<\/div><div class='evo_metarow_gmap evorow evcal_gmaps bordb ' id='evc148020510069f3d17730b2c9479_gmap' style='max-width:none'><\/div><div class='evo_metarow_getDr evorow evcal_evdata_row bordb evcal_evrow_sm getdirections'>\r\n\t\t\t\t\t\t<form action='https:\/\/maps.google.com\/maps' method='get' target='_blank'>\r\n\t\t\t\t\t\t<input type='hidden' name='daddr' value='Vilamoura'\/> \r\n\t\t\t\t\t\t<p><input class='evoInput' type='text' name='saddr' placeholder='Escreva a morada' value=''\/>\r\n\t\t\t\t\t\t<button type='submit' class='evcal_evdata_icons evcalicon_9' title='Clique aqui para obter as dire\u00e7\u00f5es'><i class='fa fa-road'><\/i><\/button>\r\n\t\t\t\t\t\t<\/p><\/form>\r\n\t\t\t\t\t<\/div><div class='evo_metarow_time_location evorow bordb '>\r\n\t\t\t\t\t\t<div class='tb' >\r\n\t\t\t\t\t\t\t<div class='tbrow'>\r\n\t\t\t\t\t\t\t<div class='evcal_col50 bordr'>\r\n\t\t\t\t\t\t\t\t<div class='evcal_evdata_row evo_time'>\r\n\t\t\t\t\t\t\t\t\t<span class='evcal_evdata_icons'><i class='fa fa-clock-o'><\/i><\/span>\r\n\t\t\t\t\t\t\t\t\t<div class='evcal_evdata_cell'>\t\t\t\t\t\t\t\r\n\t\t\t\t\t\t\t\t\t\t<h3 class='evo_h3'><span class='evcal_evdata_icons'><i class='fa fa-clock-o'><\/i><\/span>Hor\u00e1rio<\/h3>\r\n\t\t\t\t\t\t\t\t\t\t<p>Todo o dia (Domingo)<\/p>\r\n\t\t\t\t\t\t\t\t\t<\/div>\r\n\t\t\t\t\t\t\t\t<\/div>\r\n\t\t\t\t\t\t\t<\/div><div class='evcal_col50'>\r\n\t\t\t\t\t\t\t\t<div class='evcal_evdata_row evo_location'>\r\n\t\t\t\t\t\t\t\t\t<span class='evcal_evdata_icons'><i class='fa fa-map-marker'><\/i><\/span>\r\n\t\t\t\t\t\t\t\t\t<div class='evcal_evdata_cell' data-loc_tax_id='162'>\t\t\t\t\t\t\t\r\n\t\t\t\t\t\t\t\t\t\t<h3 class='evo_h3'><span class='evcal_evdata_icons'><i class='fa fa-map-marker'><\/i><\/span>Localiza\u00e7\u00e3o<\/h3><p class='evo_location_name'>Vilamoura<\/p><p>Vilamoura<\/p>\r\n\t\t\t\t\t\t\t\t\t<\/div>\r\n\t\t\t\t\t\t\t\t<\/div>\r\n\t\t\t\t\t\t\t<\/div><div class='clear'><\/div>\r\n\t\t\t\t\t\t\t<\/div><\/div>\r\n\t\t\t\t\t\t<\/div><div class='evo_metarow_organizer evorow evcal_evdata_row bordb evcal_evrow_sm '>\r\n\t\t\t\t\t\t\t<span class='evcal_evdata_icons'><i class='fa fa-headphones'><\/i><\/span>\r\n\t\t\t\t\t\t\t<div class='evcal_evdata_cell'>\t\t\t\t\t\t\t\r\n\t\t\t\t\t\t\t\t<h3 class='evo_h3'>Evento organizado por<\/h3>\r\n\t\t\t\t\t\t\t\t\r\n\t\t\t\t\t\t\t\t<div class='evo_card_organizer'><p class='evo_data_val evo_card_organizer_name'>\r\n\t\t\t\t\t\t\t\t\t<span class='evo_card_organizer_name_t'><a  href='https:\/\/www.louledesporto.com\/tri-run\/'>FTP \/ C\u00e2mara Municipal de Loul\u00e9<\/a><\/span><span class='evo_card_organizer_contact'>inscricoes@federacao-triatlo.pt<\/span>\r\n\t\t\t\t\t\t\t\t\t\r\n\t\t\t\t\t\t\t\t\t<\/p><\/div><div class='clear'><\/div>\t\t\t\t\t\t\t\r\n\t\t\t\t\t\t\t<\/div>\r\n\t\t\t\t\t\t<\/div>\t\t\t\t\t\t<div class='evo_metarow_ICS evorow bordb evcal_evdata_row'>\r\n\t\t\t\t\t\t\t<span class=\"evcal_evdata_icons\"><i class=\"fa fa-calendar\"><\/i><\/span>\r\n\t\t\t\t\t\t\t<div class='evcal_evdata_cell'>\r\n\t\t\t\t\t\t\t\t<p><a href='https:\/\/www.federacao-triatlo.pt\/ftp2015\/wp-admin\/admin-ajax.php?action=eventon_ics_download&amp;event_id=9479&amp;sunix=20161126T230500Z&amp;eunix=20161127T225500Z&amp;loca=Vilamoura&amp;locn=Vilamoura' class='evo_ics_nCal' title='Adicionar ao seu calend\u00e1rio'>Calend\u00e1rio<\/a><a href='\/\/www.google.com\/calendar\/event?action=TEMPLATE&amp;text=Triatlo+Longo+Vilamoura&amp;dates=20161126T230500Z\/20161127T225500Z&amp;details=Vilamoura+-+Regulamento%0D%0A%0D%0APercursos+Triatlo+Vilamoura+2016%0D%0A%0D%0ASL+Triatlo+Longo+de+Vilamoura+%28CN+Individual%29%0D%0A%0D%0AOferta-Especial-de-Alojamento-para-o-Triatlo-Longo-de-Vilamoura%0D%0A%0D%0A%26nbsp%3B%0D%0A%0D%0A%C2%A0+%C2%A0+%C2%A0+%C2%A0+%C2%A0+%C2%A0&amp;location=Vilamoura - Vilamoura' target='_blank' class='evo_ics_gCal' title='Adicionar ao calend\u00e1rio Google'>GoogleCal<\/a><\/p>\t\r\n\t\t\t\t\t\t\t<\/div>\t\t\t\t\t\t<\/div>\r\n\t\t\t\t\t\t<\/div><div class='clear end'><\/div><\/div><\/div><div class='clear'><\/div><\/div><!-- ajde_evcal_calendar-->\n<div id='evcal_calendar_839' class='ajde_evcal_calendar  ul' ><div class='evo-data' data-cyear=\"2016\" data-cmonth=\"12\" data-runajax=\"1\" data-evc_open=\"0\" data-cal_ver=\"2.6\" data-mapscroll=\"true\" data-mapformat=\"roadmap\" data-mapzoom=\"14\" data-mapiconurl=\"\" data-ev_cnt=\"0\" data-show_limit=\"no\" data-tiles=\"no\" data-sort_by=\"sort_date\" data-filters_on=\"true\" data-range_start=\"0\" data-range_end=\"0\" data-send_unix=\"0\" data-ux_val=\"0\" data-accord=\"0\" data-rtl=\"no\"  ><\/div><div id='evcal_head' class='calendar_header ' ><div class='evo_cal_above'><span class='evo-gototoday-btn' style='display:none' data-mo='12' data-yr='2016' data-dy=''>Dia de Hoje<\/span><\/div><div class='evo_cal_above_content'><\/div><div class='cal_arguments' style='display:none' data-hide_past=\"no\" data-show_et_ft_img=\"no\" data-event_order=\"ASC\" data-ft_event_priority=\"no\" data-lang=\"L1\" data-month_incre=\"0\" data-only_ft=\"no\" data-evc_open=\"no\" data-show_limit=\"no\" data-etc_override=\"no\" data-show_limit_redir=\"0\" data-tiles=\"no\" data-tile_height=\"0\" data-tile_bg=\"0\" data-tile_count=\"2\" data-tile_style=\"0\" data-s=\"\" data-members_only=\"no\" data-ux_val=\"0\" data-show_limit_ajax=\"no\" data-show_limit_paged=\"1\" ><\/div><div class='clear'><\/div><\/div><p class='evo_list_noevents'>No Events on The List at This Time<\/p><div class='clear'><\/div><\/div><!-- ajde_evcal_calendar-->\n<p>&nbsp;<\/p>\n","protected":false},"excerpt":{"rendered":"<p>Calend\u00e1rio 2016 &#8211; Vers\u00e3o de 18\/05\/2016 Normas do Calend\u00e1rio Nacional [&hellip;]<\/p>\n","protected":false},"author":1,"featured_media":0,"parent":89178,"menu_order":2,"comment_status":"closed","ping_status":"closed","template":"","meta":{"footnotes":""},"_links":{"self":[{"href":"https:\/\/www.federacao-triatlo.pt\/ftp2015\/wp-json\/wp\/v2\/pages\/84"}],"collection":[{"href":"https:\/\/www.federacao-triatlo.pt\/ftp2015\/wp-json\/wp\/v2\/pages"}],"about":[{"href":"https:\/\/www.federacao-triatlo.pt\/ftp2015\/wp-json\/wp\/v2\/types\/page"}],"author":[{"embeddable":true,"href":"https:\/\/www.federacao-triatlo.pt\/ftp2015\/wp-json\/wp\/v2\/users\/1"}],"replies":[{"embeddable":true,"href":"https:\/\/www.federacao-triatlo.pt\/ftp2015\/wp-json\/wp\/v2\/comments?post=84"}],"version-history":[{"count":1,"href":"https:\/\/www.federacao-triatlo.pt\/ftp2015\/wp-json\/wp\/v2\/pages\/84\/revisions"}],"predecessor-version":[{"id":86991,"href":"https:\/\/www.federacao-triatlo.pt\/ftp2015\/wp-json\/wp\/v2\/pages\/84\/revisions\/86991"}],"up":[{"embeddable":true,"href":"https:\/\/www.federacao-triatlo.pt\/ftp2015\/wp-json\/wp\/v2\/pages\/89178"}],"wp:attachment":[{"href":"https:\/\/www.federacao-triatlo.pt\/ftp2015\/wp-json\/wp\/v2\/media?parent=84"}],"curies":[{"name":"wp","href":"https:\/\/api.w.org\/{rel}","templated":true}]}}