{"id":77344,"date":"2022-02-10T09:44:52","date_gmt":"2022-02-10T09:44:52","guid":{"rendered":"https:\/\/www.federacao-triatlo.pt\/ftp2015\/?page_id=77344"},"modified":"2023-01-19T22:14:04","modified_gmt":"2023-01-19T22:14:04","slug":"calendario-lisboa-e-alto-alentejo-2022","status":"publish","type":"page","link":"https:\/\/www.federacao-triatlo.pt\/ftp2015\/competicoes\/calendario\/calendario-2022\/calendario-lisboa-e-alto-alentejo-2022\/","title":{"rendered":"Calend\u00e1rio Lisboa e Alto Alentejo 2022"},"content":{"rendered":"<p><img decoding=\"async\" class=\"attachment-full size-full wp-post-image\" src=\"https:\/\/www.federacao-triatlo.pt\/ftp2015\/wp-content\/uploads\/2022\/02\/mapa-regioes-lisboa-alto-alentejo.png\" alt=\"Mapa de Regi\u00f5es da Federa\u00e7\u00e3o de Triatlo de Portugal - Lisboa e Alto Alentejo\" \/><\/p>\n<p>CALEND\u00c1RIO LISBOA E ALTO ALENTEJO<\/p>\n<p><a href=\"https:\/\/www.federacao-triatlo.pt\/ftp2015\/wp-content\/uploads\/2022\/06\/guia-calendario-regional-2022-lisboa-alto-alentejo-rev-06.pdf\" target=\"_blank\" rel=\"noopener noreferrer\">Guia do Calend\u00e1rio &#8211; Lisboa e Alto Alentejo<\/a><\/p>\n<div id='evcal_calendar_469' class='ajde_evcal_calendar  ul' ><div class='evo-data' data-cyear=\"2022\" data-cmonth=\"2\" data-runajax=\"1\" data-evc_open=\"0\" data-cal_ver=\"2.6\" data-mapscroll=\"true\" data-mapformat=\"roadmap\" data-mapzoom=\"14\" data-mapiconurl=\"\" data-ev_cnt=\"0\" data-show_limit=\"no\" data-tiles=\"no\" data-sort_by=\"sort_date\" data-filters_on=\"true\" data-range_start=\"0\" data-range_end=\"0\" data-send_unix=\"0\" data-ux_val=\"0\" data-accord=\"0\" data-rtl=\"no\"  ><\/div><div id='evcal_head' class='calendar_header ' ><div class='evo_cal_above'><span class='evo-gototoday-btn' style='display:none' data-mo='2' data-yr='2022' data-dy=''>Dia de Hoje<\/span><\/div><div class='evo_cal_above_content'><\/div><div class='cal_arguments' style='display:none' data-hide_past=\"no\" data-show_et_ft_img=\"yes\" data-event_order=\"ASC\" data-ft_event_priority=\"no\" data-lang=\"L1\" data-month_incre=\"0\" data-only_ft=\"no\" data-evc_open=\"no\" data-show_limit=\"no\" data-etc_override=\"no\" data-show_limit_redir=\"0\" data-tiles=\"no\" data-tile_height=\"0\" data-tile_bg=\"0\" data-tile_count=\"2\" data-tile_style=\"0\" data-s=\"\" data-members_only=\"no\" data-ux_val=\"0\" data-show_limit_ajax=\"no\" data-show_limit_paged=\"1\" ><\/div><div class='clear'><\/div><\/div><div class='evcal_month_line'><p>Fevereiro 2022<\/p><\/div><div id='evcal_list' class='eventon_events_list '><div id=\"event_77468\" class=\"eventon_list_event evo_eventtop past_event event\" data-event_id=\"77468\" data-time=\"1645833601-1645919999\" data-colr=\"#0092e0\" itemscope itemtype='http:\/\/schema.org\/Event' 1><div class=\"evo_event_schema\" style=\"display:none\" ><a itemprop='url'  href='https:\/\/www.federacao-triatlo.pt\/ftp2015\/events\/i-duatlo-da-amora\/'><\/a><span itemprop='name'  >I Duatlo da Amora<\/span><meta itemprop='image' content='https:\/\/www.federacao-triatlo.pt\/ftp2015\/wp-content\/uploads\/2022\/02\/cartaz-dualto-regional-amora-1_page-0001-300x169.jpg' ><\/meta><meta itemprop='description' content='Regulamento I Duatlo da Amora\r\n\r\nPercursos I Duatlo da Amora\r\n\r\nLista Inscritos Campeonato Regional Absoluto - Lisboa e Alto Alentejo\r\n\r\nLista Inscritos Campeonato Regional Jovem - Lisboa e Alto' ><\/meta><meta itemprop='startDate' content='2022-2-26' ><\/meta><meta itemprop='endDate' content='2022-2-26' ><\/meta><meta itemprop='eventStatus' content='on-schedule' ><\/meta><script type=\"application\/ld+json\">{\t\"@context\": \"http:\/\/schema.org\",\r\n\t\t\t\t\t\t\t  \t\"@type\": \"Event\",\r\n\t\t\t\t\t\t\t  \t\"name\": \"I Duatlo da Amora\",\r\n\t\t\t\t\t\t\t  \t\"startDate\": \"2022-2-26T00-00-00-00\",\r\n\t\t\t\t\t\t\t  \t\"endDate\": \"2022-2-26T23-23-59-00\",\r\n\t\t\t\t\t\t\t  \t\"image\":\"https:\/\/www.federacao-triatlo.pt\/ftp2015\/wp-content\/uploads\/2022\/02\/cartaz-dualto-regional-amora-1_page-0001-300x169.jpg\",\r\n\t\t\t\t\t\t\t  \t\"description\":\"Regulamento I Duatlo da Amora\r\n\r\nPercursos I Duatlo da Amora\r\n\r\nLista Inscritos Campeonato Regional Absoluto - Lisboa e Alto Alentejo\r\n\r\nLista Inscritos Campeonato Regional Jovem - Lisboa e Alto\",\r\n\t\t\t\t\t\t\t  \t\r\n\t\t\t\t\t\t\t }\r\n\t\t\t\t\t\t\t<\/script><\/div>\r\n\t\t\t\t<p class=\"desc_trig_outter\"><a data-gmap_status=\"null\" data-exlk=\"0\" style=\"border-color: #0092e0;\" id=\"evc_164583360177468\" class=\"hasFtIMG desc_trig evo_lisboa-alto-alentejo evo_benjamins evo_cadete evo_infantil evo_iniciado evo_juvenil evo_sprint sin_val evcal_list_a\" data-ux_val=\"1\"  ><span class='ev_ftImg' data-img='https:\/\/www.federacao-triatlo.pt\/ftp2015\/wp-content\/uploads\/2022\/02\/cartaz-dualto-regional-amora-1_page-0001-scaled.jpg' data-thumb='https:\/\/www.federacao-triatlo.pt\/ftp2015\/wp-content\/uploads\/2022\/02\/cartaz-dualto-regional-amora-1_page-0001-300x169.jpg' style='background-image:url(\"https:\/\/www.federacao-triatlo.pt\/ftp2015\/wp-content\/uploads\/2022\/02\/cartaz-dualto-regional-amora-1_page-0001-300x169.jpg\")'><\/span><span class='evcal_cblock ' data-bgcolor='#0092e0' data-smon='Fevereiro' data-syr='2022'><span class='evo_start '><em class='date'>26<\/em><em class='month'>fev<\/em><em class='time'>allday<\/em><\/span><span class='evo_end only_time'><em class='time'>allday<\/em><\/span><em class='clear'><\/em><\/span><span class='evcal_desc evo_info hide_eventtopdata '  data-location_status=\"false\" ><span class='evo_above_title'><\/span><span class='evcal_desc2 evcal_event_title' itemprop='name'>I Duatlo da Amora<\/span><span class='evo_below_title'><\/span><span class='evcal_desc_info' ><em class=\"evcal_location\"  data-add_str=\"\"><em class=\"event_location_name\">Amora, Seixal<\/em><\/em><\/span><span class='evcal_desc3'><span class='evcal_event_types ett1'><em><i>Tipo de Evento:<\/i><\/em><em data-filter='event_type'>Regi\u00e3o Lisboa e Alto Alentejo<\/em><i class='clear'><\/i><\/span><span class='evcal_event_types ett2'><em><i>Dist\u00e2ncia:<\/i><\/em><em data-filter='event_type_2'>Benjamim,<\/em><em data-filter='event_type_2'>Cadete,<\/em><em data-filter='event_type_2'>Infantil,<\/em><em data-filter='event_type_2'>Iniciado,<\/em><em data-filter='event_type_2'>Juvenil,<\/em><em data-filter='event_type_2'>Sprint<\/em><i class='clear'><\/i><\/span><\/span><\/span><em class='clear'><\/em><\/p><\/a><div class='event_description evcal_eventcard ' style=\"display:none\"><div class='evo_metarow_directimg'><img src='https:\/\/www.federacao-triatlo.pt\/ftp2015\/wp-content\/uploads\/2022\/02\/cartaz-dualto-regional-amora-1_page-0001-scaled.jpg' \/><\/div><div class='evo_metarow_details evorow evcal_evdata_row bordb evcal_event_details'>\r\n\t\t\t\t\t\t\t<div class=\"event_excerpt\" style=\"display:none\"><h3 class=\"padb5 evo_h3\">Detalhes do Evento<\/h3><p>Regulamento I Duatlo da Amora\r\n\r\nPercursos I Duatlo da Amora\r\n\r\nLista Inscritos Campeonato Regional Absoluto - Lisboa e Alto Alentejo\r\n\r\nLista Inscritos Campeonato Regional Jovem - Lisboa e Alto<\/p><\/div><span class='evcal_evdata_icons'><i class='fa fa-align-justify'><\/i><\/span>\r\n\t\t\t\t\t\t\t\r\n\t\t\t\t\t\t\t<div class='evcal_evdata_cell '><div class='eventon_full_description'>\r\n\t\t\t\t\t\t\t\t\t<h3 class='padb5 evo_h3'><span class='evcal_evdata_icons'><i class='fa fa-align-justify'><\/i><\/span>Detalhes do Evento<\/h3><div class='eventon_desc_in' itemprop='description'>\r\n\t\t\t\t\t\t\t\t\t<p><a href=\"https:\/\/www.federacao-triatlo.pt\/ftp2015\/wp-content\/uploads\/2022\/02\/I-DUATLO-DA-AMORA.pdf\">Regulamento I Duatlo da Amora<\/a><\/p>\n<p><a href=\"https:\/\/www.federacao-triatlo.pt\/ftp2015\/wp-content\/uploads\/2022\/02\/Percursos-I-DUATLO-DA-AMORA.pdf\">Percursos I Duatlo da Amora<\/a><\/p>\n<p><a href=\"https:\/\/www.federacao-triatlo.pt\/ftp2015\/wp-content\/uploads\/2022\/02\/Lista-Inscritos-Campeonato-Regional-Absoluto-Lisboa-e-Alto-Alentejo-2.pdf\">Lista Inscritos Campeonato Regional Absoluto &#8211; Lisboa e Alto Alentejo<\/a><\/p>\n<p><a href=\"https:\/\/www.federacao-triatlo.pt\/ftp2015\/wp-content\/uploads\/2022\/02\/Lista-Inscritos-Campeonato-Regional-Jovem-Lisboa-e-Alto-Alentejo-1.pdf\">Lista Inscritos Campeonato Regional Jovem &#8211; Lisboa e Alto Alentejo<\/a><\/p>\n<\/div><div class='clear'><\/div>\r\n\t\t\t\t\t\t\t\t<\/div>\r\n\t\t\t\t\t\t\t<\/div>\r\n\t\t\t\t\t\t<\/div><div class='evo_metarow_time_location evorow bordb '>\r\n\t\t\t\t\t\t<div class='tb' >\r\n\t\t\t\t\t\t\t<div class='tbrow'>\r\n\t\t\t\t\t\t\t<div class='evcal_col50 bordr'>\r\n\t\t\t\t\t\t\t\t<div class='evcal_evdata_row evo_time'>\r\n\t\t\t\t\t\t\t\t\t<span class='evcal_evdata_icons'><i class='fa fa-clock-o'><\/i><\/span>\r\n\t\t\t\t\t\t\t\t\t<div class='evcal_evdata_cell'>\t\t\t\t\t\t\t\r\n\t\t\t\t\t\t\t\t\t\t<h3 class='evo_h3'><span class='evcal_evdata_icons'><i class='fa fa-clock-o'><\/i><\/span>Hor\u00e1rio<\/h3>\r\n\t\t\t\t\t\t\t\t\t\t<p>Todo o dia (S\u00e1bado)<\/p>\r\n\t\t\t\t\t\t\t\t\t<\/div>\r\n\t\t\t\t\t\t\t\t<\/div>\r\n\t\t\t\t\t\t\t<\/div><div class='evcal_col50'>\r\n\t\t\t\t\t\t\t\t<div class='evcal_evdata_row evo_location'>\r\n\t\t\t\t\t\t\t\t\t<span class='evcal_evdata_icons'><i class='fa fa-map-marker'><\/i><\/span>\r\n\t\t\t\t\t\t\t\t\t<div class='evcal_evdata_cell' data-loc_tax_id='1286'>\t\t\t\t\t\t\t\r\n\t\t\t\t\t\t\t\t\t\t<h3 class='evo_h3'><span class='evcal_evdata_icons'><i class='fa fa-map-marker'><\/i><\/span>Localiza\u00e7\u00e3o<\/h3><p class='evo_location_name'>Amora, Seixal<\/p><p><\/p>\r\n\t\t\t\t\t\t\t\t\t<\/div>\r\n\t\t\t\t\t\t\t\t<\/div>\r\n\t\t\t\t\t\t\t<\/div><div class='clear'><\/div>\r\n\t\t\t\t\t\t\t<\/div><\/div>\r\n\t\t\t\t\t\t<\/div>\t\t\t\t\t\t<div class='evo_metarow_ICS evorow bordb evcal_evdata_row'>\r\n\t\t\t\t\t\t\t<span class=\"evcal_evdata_icons\"><i class=\"fa fa-calendar\"><\/i><\/span>\r\n\t\t\t\t\t\t\t<div class='evcal_evdata_cell'>\r\n\t\t\t\t\t\t\t\t<p><a href='https:\/\/www.federacao-triatlo.pt\/ftp2015\/wp-admin\/admin-ajax.php?action=eventon_ics_download&amp;event_id=77468&amp;sunix=20220225T230000Z&amp;eunix=20220226T225900Z&amp;loca=&amp;locn=Amora, Seixal' class='evo_ics_nCal' title='Adicionar ao seu calend\u00e1rio'>Calend\u00e1rio<\/a><a href='\/\/www.google.com\/calendar\/event?action=TEMPLATE&amp;text=I+Duatlo+da+Amora&amp;dates=20220225T230000Z\/20220226T225900Z&amp;details=Regulamento+I+Duatlo+da+Amora%0D%0A%0D%0APercursos+I+Duatlo+da+Amora%0D%0A%0D%0ALista+Inscritos+Campeonato+Regional+Absoluto+-+Lisboa+e+Alto+Alentejo%0D%0A%0D%0ALista+Inscritos+Campeonato+Regional+Jovem+-+Lisboa+e+Alto&amp;location=Amora%2C+Seixal - ' target='_blank' class='evo_ics_gCal' title='Adicionar ao calend\u00e1rio Google'>GoogleCal<\/a><\/p>\t\r\n\t\t\t\t\t\t\t<\/div>\t\t\t\t\t\t<\/div>\r\n\t\t\t\t\t\t<\/div><div class='clear end'><\/div><\/div><\/div><div class='clear'><\/div><\/div><!-- ajde_evcal_calendar-->\n<div id='evcal_calendar_202' class='ajde_evcal_calendar  ul' ><div class='evo-data' data-cyear=\"2022\" data-cmonth=\"3\" data-runajax=\"1\" data-evc_open=\"0\" data-cal_ver=\"2.6\" data-mapscroll=\"true\" data-mapformat=\"roadmap\" data-mapzoom=\"14\" data-mapiconurl=\"\" data-ev_cnt=\"0\" data-show_limit=\"no\" data-tiles=\"no\" data-sort_by=\"sort_date\" data-filters_on=\"true\" data-range_start=\"0\" data-range_end=\"0\" data-send_unix=\"0\" data-ux_val=\"0\" data-accord=\"0\" data-rtl=\"no\"  ><\/div><div id='evcal_head' class='calendar_header ' ><div class='evo_cal_above'><span class='evo-gototoday-btn' style='display:none' data-mo='3' data-yr='2022' data-dy=''>Dia de Hoje<\/span><\/div><div class='evo_cal_above_content'><\/div><div class='cal_arguments' style='display:none' data-hide_past=\"no\" data-show_et_ft_img=\"yes\" data-event_order=\"ASC\" data-ft_event_priority=\"no\" data-lang=\"L1\" data-month_incre=\"0\" data-only_ft=\"no\" data-evc_open=\"no\" data-show_limit=\"no\" data-etc_override=\"no\" data-show_limit_redir=\"0\" data-tiles=\"no\" data-tile_height=\"0\" data-tile_bg=\"0\" data-tile_count=\"2\" data-tile_style=\"0\" data-s=\"\" data-members_only=\"no\" data-ux_val=\"0\" data-show_limit_ajax=\"no\" data-show_limit_paged=\"1\" ><\/div><div class='clear'><\/div><\/div><div class='evcal_month_line'><p>Mar\u00e7o 2022<\/p><\/div><div id='evcal_list' class='eventon_events_list '><div id=\"event_77631\" class=\"eventon_list_event evo_eventtop past_event event\" data-event_id=\"77631\" data-time=\"1647043201-1647129599\" data-colr=\"#0092e0\" itemscope itemtype='http:\/\/schema.org\/Event' 1><div class=\"evo_event_schema\" style=\"display:none\" ><a itemprop='url'  href='https:\/\/www.federacao-triatlo.pt\/ftp2015\/events\/duatlo-de-santo-andre\/'><\/a><span itemprop='name'  >Duatlo de Santo Andr\u00e9<\/span><meta itemprop='image' content='https:\/\/www.federacao-triatlo.pt\/ftp2015\/wp-content\/uploads\/2022\/02\/Cartaz-Duatlo-Santo-Andre_page-0001-234x300.jpg' ><\/meta><meta itemprop='description' content='Regulamento Duatlo Jovem de Santo Andr\u00e9\r\n\r\nPercursos Duatlo Jovem de Santo Andr\u00e9\r\n\r\nLista Inscritos Campeonato Regional Jovem - Lisboa e Alto Alentejo' ><\/meta><meta itemprop='startDate' content='2022-3-12' ><\/meta><meta itemprop='endDate' content='2022-3-12' ><\/meta><meta itemprop='eventStatus' content='on-schedule' ><\/meta><script type=\"application\/ld+json\">{\t\"@context\": \"http:\/\/schema.org\",\r\n\t\t\t\t\t\t\t  \t\"@type\": \"Event\",\r\n\t\t\t\t\t\t\t  \t\"name\": \"Duatlo de Santo Andr\u00e9\",\r\n\t\t\t\t\t\t\t  \t\"startDate\": \"2022-3-12T00-00-00-00\",\r\n\t\t\t\t\t\t\t  \t\"endDate\": \"2022-3-12T23-23-59-00\",\r\n\t\t\t\t\t\t\t  \t\"image\":\"https:\/\/www.federacao-triatlo.pt\/ftp2015\/wp-content\/uploads\/2022\/02\/Cartaz-Duatlo-Santo-Andre_page-0001-234x300.jpg\",\r\n\t\t\t\t\t\t\t  \t\"description\":\"Regulamento Duatlo Jovem de Santo Andr\u00e9\r\n\r\nPercursos Duatlo Jovem de Santo Andr\u00e9\r\n\r\nLista Inscritos Campeonato Regional Jovem - Lisboa e Alto Alentejo\",\r\n\t\t\t\t\t\t\t  \t\r\n\t\t\t\t\t\t\t }\r\n\t\t\t\t\t\t\t<\/script><\/div>\r\n\t\t\t\t<p class=\"desc_trig_outter\"><a data-gmap_status=\"null\" data-exlk=\"0\" style=\"border-color: #0092e0;\" id=\"evc_164704320177631\" class=\"hasFtIMG desc_trig evo_lisboa-alto-alentejo evo_benjamins evo_cadete evo_infantil evo_iniciado evo_juvenil sin_val evcal_list_a\" data-ux_val=\"1\"  ><span class='ev_ftImg' data-img='https:\/\/www.federacao-triatlo.pt\/ftp2015\/wp-content\/uploads\/2022\/02\/Cartaz-Duatlo-Santo-Andre_page-0001-scaled.jpg' data-thumb='https:\/\/www.federacao-triatlo.pt\/ftp2015\/wp-content\/uploads\/2022\/02\/Cartaz-Duatlo-Santo-Andre_page-0001-234x300.jpg' style='background-image:url(\"https:\/\/www.federacao-triatlo.pt\/ftp2015\/wp-content\/uploads\/2022\/02\/Cartaz-Duatlo-Santo-Andre_page-0001-234x300.jpg\")'><\/span><span class='evcal_cblock ' data-bgcolor='#0092e0' data-smon='Mar\u00e7o' data-syr='2022'><span class='evo_start '><em class='date'>12<\/em><em class='month'>mar<\/em><em class='time'>allday<\/em><\/span><span class='evo_end only_time'><em class='time'>allday<\/em><\/span><em class='clear'><\/em><\/span><span class='evcal_desc evo_info hide_eventtopdata '  data-location_status=\"false\" ><span class='evo_above_title'><\/span><span class='evcal_desc2 evcal_event_title' itemprop='name'>Duatlo de Santo Andr\u00e9<\/span><span class='evo_below_title'><\/span><span class='evcal_desc_info' ><em class=\"evcal_location\"  data-add_str=\"\"><em class=\"event_location_name\">Vila Nova de Santo Andr\u00e9, Santiago do Cac\u00e9m<\/em><\/em><\/span><span class='evcal_desc3'><span class='evcal_event_types ett1'><em><i>Tipo de Evento:<\/i><\/em><em data-filter='event_type'>Regi\u00e3o Lisboa e Alto Alentejo<\/em><i class='clear'><\/i><\/span><span class='evcal_event_types ett2'><em><i>Dist\u00e2ncia:<\/i><\/em><em data-filter='event_type_2'>Benjamim,<\/em><em data-filter='event_type_2'>Cadete,<\/em><em data-filter='event_type_2'>Infantil,<\/em><em data-filter='event_type_2'>Iniciado,<\/em><em data-filter='event_type_2'>Juvenil<\/em><i class='clear'><\/i><\/span><\/span><\/span><em class='clear'><\/em><\/p><\/a><div class='event_description evcal_eventcard ' style=\"display:none\"><div class='evo_metarow_directimg'><img src='https:\/\/www.federacao-triatlo.pt\/ftp2015\/wp-content\/uploads\/2022\/02\/Cartaz-Duatlo-Santo-Andre_page-0001-scaled.jpg' \/><\/div><div class='evo_metarow_details evorow evcal_evdata_row bordb evcal_event_details'>\r\n\t\t\t\t\t\t\t<div class=\"event_excerpt\" style=\"display:none\"><h3 class=\"padb5 evo_h3\">Detalhes do Evento<\/h3><p>Regulamento Duatlo Jovem de Santo Andr\u00e9\r\n\r\nPercursos Duatlo Jovem de Santo Andr\u00e9\r\n\r\nLista Inscritos Campeonato Regional Jovem - Lisboa e Alto Alentejo<\/p><\/div><span class='evcal_evdata_icons'><i class='fa fa-align-justify'><\/i><\/span>\r\n\t\t\t\t\t\t\t\r\n\t\t\t\t\t\t\t<div class='evcal_evdata_cell '><div class='eventon_full_description'>\r\n\t\t\t\t\t\t\t\t\t<h3 class='padb5 evo_h3'><span class='evcal_evdata_icons'><i class='fa fa-align-justify'><\/i><\/span>Detalhes do Evento<\/h3><div class='eventon_desc_in' itemprop='description'>\r\n\t\t\t\t\t\t\t\t\t<p><a href=\"https:\/\/www.federacao-triatlo.pt\/ftp2015\/wp-content\/uploads\/2022\/02\/Regulamento-Duatlo-Jovem-Santo-Andre-II.pdf\">Regulamento Duatlo Jovem de Santo Andr\u00e9<\/a><\/p>\n<p><a href=\"https:\/\/www.federacao-triatlo.pt\/ftp2015\/wp-content\/uploads\/2022\/02\/Percursos-Duatlo-de-VN-Sto-Andre-II.pdf\">Percursos Duatlo Jovem de Santo Andr\u00e9<\/a><\/p>\n<p><a href=\"https:\/\/www.federacao-triatlo.pt\/ftp2015\/wp-content\/uploads\/2022\/02\/Lista-Inscritos-Campeonato-Regional-Jovem-Lisboa-e-Alto-Alentejo-3.pdf\">Lista Inscritos Campeonato Regional Jovem &#8211; Lisboa e Alto Alentejo<\/a><\/p>\n<\/div><div class='clear'><\/div>\r\n\t\t\t\t\t\t\t\t<\/div>\r\n\t\t\t\t\t\t\t<\/div>\r\n\t\t\t\t\t\t<\/div><div class='evo_metarow_time_location evorow bordb '>\r\n\t\t\t\t\t\t<div class='tb' >\r\n\t\t\t\t\t\t\t<div class='tbrow'>\r\n\t\t\t\t\t\t\t<div class='evcal_col50 bordr'>\r\n\t\t\t\t\t\t\t\t<div class='evcal_evdata_row evo_time'>\r\n\t\t\t\t\t\t\t\t\t<span class='evcal_evdata_icons'><i class='fa fa-clock-o'><\/i><\/span>\r\n\t\t\t\t\t\t\t\t\t<div class='evcal_evdata_cell'>\t\t\t\t\t\t\t\r\n\t\t\t\t\t\t\t\t\t\t<h3 class='evo_h3'><span class='evcal_evdata_icons'><i class='fa fa-clock-o'><\/i><\/span>Hor\u00e1rio<\/h3>\r\n\t\t\t\t\t\t\t\t\t\t<p>Todo o dia (S\u00e1bado)<\/p>\r\n\t\t\t\t\t\t\t\t\t<\/div>\r\n\t\t\t\t\t\t\t\t<\/div>\r\n\t\t\t\t\t\t\t<\/div><div class='evcal_col50'>\r\n\t\t\t\t\t\t\t\t<div class='evcal_evdata_row evo_location'>\r\n\t\t\t\t\t\t\t\t\t<span class='evcal_evdata_icons'><i class='fa fa-map-marker'><\/i><\/span>\r\n\t\t\t\t\t\t\t\t\t<div class='evcal_evdata_cell' data-loc_tax_id='1313'>\t\t\t\t\t\t\t\r\n\t\t\t\t\t\t\t\t\t\t<h3 class='evo_h3'><span class='evcal_evdata_icons'><i class='fa fa-map-marker'><\/i><\/span>Localiza\u00e7\u00e3o<\/h3><p class='evo_location_name'>Vila Nova de Santo Andr\u00e9, Santiago do Cac\u00e9m<\/p><p><\/p>\r\n\t\t\t\t\t\t\t\t\t<\/div>\r\n\t\t\t\t\t\t\t\t<\/div>\r\n\t\t\t\t\t\t\t<\/div><div class='clear'><\/div>\r\n\t\t\t\t\t\t\t<\/div><\/div>\r\n\t\t\t\t\t\t<\/div>\t\t\t\t\t\t<div class='evo_metarow_ICS evorow bordb evcal_evdata_row'>\r\n\t\t\t\t\t\t\t<span class=\"evcal_evdata_icons\"><i class=\"fa fa-calendar\"><\/i><\/span>\r\n\t\t\t\t\t\t\t<div class='evcal_evdata_cell'>\r\n\t\t\t\t\t\t\t\t<p><a href='https:\/\/www.federacao-triatlo.pt\/ftp2015\/wp-admin\/admin-ajax.php?action=eventon_ics_download&amp;event_id=77631&amp;sunix=20220311T230000Z&amp;eunix=20220312T225900Z&amp;loca=&amp;locn=Vila Nova de Santo Andr\u00e9, Santiago do Cac\u00e9m' class='evo_ics_nCal' title='Adicionar ao seu calend\u00e1rio'>Calend\u00e1rio<\/a><a href='\/\/www.google.com\/calendar\/event?action=TEMPLATE&amp;text=Duatlo+de+Santo+Andr%C3%A9&amp;dates=20220311T230000Z\/20220312T225900Z&amp;details=Regulamento+Duatlo+Jovem+de+Santo+Andr%C3%A9%0D%0A%0D%0APercursos+Duatlo+Jovem+de+Santo+Andr%C3%A9%0D%0A%0D%0ALista+Inscritos+Campeonato+Regional+Jovem+-+Lisboa+e+Alto+Alentejo&amp;location=Vila+Nova+de+Santo+Andr%C3%A9%2C+Santiago+do+Cac%C3%A9m - ' target='_blank' class='evo_ics_gCal' title='Adicionar ao calend\u00e1rio Google'>GoogleCal<\/a><\/p>\t\r\n\t\t\t\t\t\t\t<\/div>\t\t\t\t\t\t<\/div>\r\n\t\t\t\t\t\t<\/div><div class='clear end'><\/div><\/div><\/div><div class='clear'><\/div><\/div><!-- ajde_evcal_calendar-->\n<div id='evcal_calendar_544' class='ajde_evcal_calendar  ul' ><div class='evo-data' data-cyear=\"2022\" data-cmonth=\"4\" data-runajax=\"1\" data-evc_open=\"0\" data-cal_ver=\"2.6\" data-mapscroll=\"true\" data-mapformat=\"roadmap\" data-mapzoom=\"14\" data-mapiconurl=\"\" data-ev_cnt=\"0\" data-show_limit=\"no\" data-tiles=\"no\" data-sort_by=\"sort_date\" data-filters_on=\"true\" data-range_start=\"0\" data-range_end=\"0\" data-send_unix=\"0\" data-ux_val=\"0\" data-accord=\"0\" data-rtl=\"no\"  ><\/div><div id='evcal_head' class='calendar_header ' ><div class='evo_cal_above'><span class='evo-gototoday-btn' style='display:none' data-mo='4' data-yr='2022' data-dy=''>Dia de Hoje<\/span><\/div><div class='evo_cal_above_content'><\/div><div class='cal_arguments' style='display:none' data-hide_past=\"no\" data-show_et_ft_img=\"yes\" data-event_order=\"ASC\" data-ft_event_priority=\"no\" data-lang=\"L1\" data-month_incre=\"0\" data-only_ft=\"no\" data-evc_open=\"no\" data-show_limit=\"no\" data-etc_override=\"no\" data-show_limit_redir=\"0\" data-tiles=\"no\" data-tile_height=\"0\" data-tile_bg=\"0\" data-tile_count=\"2\" data-tile_style=\"0\" data-s=\"\" data-members_only=\"no\" data-ux_val=\"0\" data-show_limit_ajax=\"no\" data-show_limit_paged=\"1\" ><\/div><div class='clear'><\/div><\/div><div class='evcal_month_line'><p>Abril 2022<\/p><\/div><div id='evcal_list' class='eventon_events_list '><div id=\"event_77635\" class=\"eventon_list_event evo_eventtop past_event event\" data-event_id=\"77635\" data-time=\"1648944001-1649030399\" data-colr=\"#0092e0\" itemscope itemtype='http:\/\/schema.org\/Event' 1><div class=\"evo_event_schema\" style=\"display:none\" ><a itemprop='url'  href='https:\/\/www.federacao-triatlo.pt\/ftp2015\/events\/aquatlo-do-pinhal-novo\/'><\/a><span itemprop='name'  >Aquatlo Jovem de Pinhal Novo<\/span><meta itemprop='image' content='https:\/\/www.federacao-triatlo.pt\/ftp2015\/wp-content\/uploads\/2022\/02\/cartaz_AQUATLO_abril_2022_01-1_page-0001-212x300.jpg' ><\/meta><meta itemprop='description' content='Regulamento Aquatlo Jovem de Pinhal Novo\r\n\r\nPercursos Aquatlo Jovem de Pinhal Novo\r\n\r\nLista de Inscritos Aquatlo Jovem de Pinhal Novo' ><\/meta><meta itemprop='startDate' content='2022-4-3' ><\/meta><meta itemprop='endDate' content='2022-4-3' ><\/meta><meta itemprop='eventStatus' content='on-schedule' ><\/meta><script type=\"application\/ld+json\">{\t\"@context\": \"http:\/\/schema.org\",\r\n\t\t\t\t\t\t\t  \t\"@type\": \"Event\",\r\n\t\t\t\t\t\t\t  \t\"name\": \"Aquatlo Jovem de Pinhal Novo\",\r\n\t\t\t\t\t\t\t  \t\"startDate\": \"2022-4-3T00-00-00-00\",\r\n\t\t\t\t\t\t\t  \t\"endDate\": \"2022-4-3T23-23-59-00\",\r\n\t\t\t\t\t\t\t  \t\"image\":\"https:\/\/www.federacao-triatlo.pt\/ftp2015\/wp-content\/uploads\/2022\/02\/cartaz_AQUATLO_abril_2022_01-1_page-0001-212x300.jpg\",\r\n\t\t\t\t\t\t\t  \t\"description\":\"Regulamento Aquatlo Jovem de Pinhal Novo\r\n\r\nPercursos Aquatlo Jovem de Pinhal Novo\r\n\r\nLista de Inscritos Aquatlo Jovem de Pinhal Novo\",\r\n\t\t\t\t\t\t\t  \t\r\n\t\t\t\t\t\t\t }\r\n\t\t\t\t\t\t\t<\/script><\/div>\r\n\t\t\t\t<p class=\"desc_trig_outter\"><a data-gmap_status=\"null\" data-exlk=\"0\" style=\"border-color: #0092e0;\" id=\"evc_164894400177635\" class=\"hasFtIMG desc_trig evo_lisboa-alto-alentejo evo_benjamins evo_cadete evo_infantil evo_iniciado evo_juvenil sin_val evcal_list_a\" data-ux_val=\"1\"  ><span class='ev_ftImg' data-img='https:\/\/www.federacao-triatlo.pt\/ftp2015\/wp-content\/uploads\/2022\/02\/cartaz_AQUATLO_abril_2022_01-1_page-0001.jpg' data-thumb='https:\/\/www.federacao-triatlo.pt\/ftp2015\/wp-content\/uploads\/2022\/02\/cartaz_AQUATLO_abril_2022_01-1_page-0001-212x300.jpg' style='background-image:url(\"https:\/\/www.federacao-triatlo.pt\/ftp2015\/wp-content\/uploads\/2022\/02\/cartaz_AQUATLO_abril_2022_01-1_page-0001-212x300.jpg\")'><\/span><span class='evcal_cblock ' data-bgcolor='#0092e0' data-smon='Abril' data-syr='2022'><span class='evo_start '><em class='date'>03<\/em><em class='month'>abr<\/em><em class='time'>allday<\/em><\/span><span class='evo_end only_time'><em class='time'>allday<\/em><\/span><em class='clear'><\/em><\/span><span class='evcal_desc evo_info hide_eventtopdata '  data-location_status=\"false\" ><span class='evo_above_title'><\/span><span class='evcal_desc2 evcal_event_title' itemprop='name'>Aquatlo Jovem de Pinhal Novo<\/span><span class='evo_below_title'><\/span><span class='evcal_desc_info' ><em class=\"evcal_location\"  data-add_str=\"\"><em class=\"event_location_name\">Pinhal Novo, Palmela<\/em><\/em><\/span><span class='evcal_desc3'><span class='evcal_event_types ett1'><em><i>Tipo de Evento:<\/i><\/em><em data-filter='event_type'>Regi\u00e3o Lisboa e Alto Alentejo<\/em><i class='clear'><\/i><\/span><span class='evcal_event_types ett2'><em><i>Dist\u00e2ncia:<\/i><\/em><em data-filter='event_type_2'>Benjamim,<\/em><em data-filter='event_type_2'>Cadete,<\/em><em data-filter='event_type_2'>Infantil,<\/em><em data-filter='event_type_2'>Iniciado,<\/em><em data-filter='event_type_2'>Juvenil<\/em><i class='clear'><\/i><\/span><\/span><\/span><em class='clear'><\/em><\/p><\/a><div class='event_description evcal_eventcard ' style=\"display:none\"><div class='evo_metarow_directimg'><img src='https:\/\/www.federacao-triatlo.pt\/ftp2015\/wp-content\/uploads\/2022\/02\/cartaz_AQUATLO_abril_2022_01-1_page-0001.jpg' \/><\/div><div class='evo_metarow_details evorow evcal_evdata_row bordb evcal_event_details'>\r\n\t\t\t\t\t\t\t<div class=\"event_excerpt\" style=\"display:none\"><h3 class=\"padb5 evo_h3\">Detalhes do Evento<\/h3><p>Regulamento Aquatlo Jovem de Pinhal Novo\r\n\r\nPercursos Aquatlo Jovem de Pinhal Novo\r\n\r\nLista de Inscritos Aquatlo Jovem de Pinhal Novo<\/p><\/div><span class='evcal_evdata_icons'><i class='fa fa-align-justify'><\/i><\/span>\r\n\t\t\t\t\t\t\t\r\n\t\t\t\t\t\t\t<div class='evcal_evdata_cell '><div class='eventon_full_description'>\r\n\t\t\t\t\t\t\t\t\t<h3 class='padb5 evo_h3'><span class='evcal_evdata_icons'><i class='fa fa-align-justify'><\/i><\/span>Detalhes do Evento<\/h3><div class='eventon_desc_in' itemprop='description'>\r\n\t\t\t\t\t\t\t\t\t<p><a href=\"https:\/\/www.federacao-triatlo.pt\/ftp2015\/wp-content\/uploads\/2022\/02\/Regulamento-Aquatlo-Jovem-de-Pinhal-Novo.v1.pdf\">Regulamento Aquatlo Jovem de Pinhal Novo<\/a><\/p>\n<p><a href=\"https:\/\/www.federacao-triatlo.pt\/ftp2015\/wp-content\/uploads\/2022\/02\/Aquatlo-de-Pinhal-Novo.pdf\">Percursos Aquatlo Jovem de Pinhal Novo<\/a><\/p>\n<p><a href=\"https:\/\/www.federacao-triatlo.pt\/ftp2015\/wp-content\/uploads\/2022\/02\/Aquatlo-Jovem-de-Pinhal-Novo.pdf\">Lista de Inscritos Aquatlo Jovem de Pinhal Novo<\/a><\/p>\n<\/div><div class='clear'><\/div>\r\n\t\t\t\t\t\t\t\t<\/div>\r\n\t\t\t\t\t\t\t<\/div>\r\n\t\t\t\t\t\t<\/div><div class='evo_metarow_time_location evorow bordb '>\r\n\t\t\t\t\t\t<div class='tb' >\r\n\t\t\t\t\t\t\t<div class='tbrow'>\r\n\t\t\t\t\t\t\t<div class='evcal_col50 bordr'>\r\n\t\t\t\t\t\t\t\t<div class='evcal_evdata_row evo_time'>\r\n\t\t\t\t\t\t\t\t\t<span class='evcal_evdata_icons'><i class='fa fa-clock-o'><\/i><\/span>\r\n\t\t\t\t\t\t\t\t\t<div class='evcal_evdata_cell'>\t\t\t\t\t\t\t\r\n\t\t\t\t\t\t\t\t\t\t<h3 class='evo_h3'><span class='evcal_evdata_icons'><i class='fa fa-clock-o'><\/i><\/span>Hor\u00e1rio<\/h3>\r\n\t\t\t\t\t\t\t\t\t\t<p>Todo o dia (Domingo)<\/p>\r\n\t\t\t\t\t\t\t\t\t<\/div>\r\n\t\t\t\t\t\t\t\t<\/div>\r\n\t\t\t\t\t\t\t<\/div><div class='evcal_col50'>\r\n\t\t\t\t\t\t\t\t<div class='evcal_evdata_row evo_location'>\r\n\t\t\t\t\t\t\t\t\t<span class='evcal_evdata_icons'><i class='fa fa-map-marker'><\/i><\/span>\r\n\t\t\t\t\t\t\t\t\t<div class='evcal_evdata_cell' data-loc_tax_id='1314'>\t\t\t\t\t\t\t\r\n\t\t\t\t\t\t\t\t\t\t<h3 class='evo_h3'><span class='evcal_evdata_icons'><i class='fa fa-map-marker'><\/i><\/span>Localiza\u00e7\u00e3o<\/h3><p class='evo_location_name'>Pinhal Novo, Palmela<\/p><p><\/p>\r\n\t\t\t\t\t\t\t\t\t<\/div>\r\n\t\t\t\t\t\t\t\t<\/div>\r\n\t\t\t\t\t\t\t<\/div><div class='clear'><\/div>\r\n\t\t\t\t\t\t\t<\/div><\/div>\r\n\t\t\t\t\t\t<\/div>\t\t\t\t\t\t<div class='evo_metarow_ICS evorow bordb evcal_evdata_row'>\r\n\t\t\t\t\t\t\t<span class=\"evcal_evdata_icons\"><i class=\"fa fa-calendar\"><\/i><\/span>\r\n\t\t\t\t\t\t\t<div class='evcal_evdata_cell'>\r\n\t\t\t\t\t\t\t\t<p><a href='https:\/\/www.federacao-triatlo.pt\/ftp2015\/wp-admin\/admin-ajax.php?action=eventon_ics_download&amp;event_id=77635&amp;sunix=20220402T230000Z&amp;eunix=20220403T225900Z&amp;loca=&amp;locn=Pinhal Novo, Palmela' class='evo_ics_nCal' title='Adicionar ao seu calend\u00e1rio'>Calend\u00e1rio<\/a><a href='\/\/www.google.com\/calendar\/event?action=TEMPLATE&amp;text=Aquatlo+Jovem+de+Pinhal+Novo&amp;dates=20220402T230000Z\/20220403T225900Z&amp;details=Regulamento+Aquatlo+Jovem+de+Pinhal+Novo%0D%0A%0D%0APercursos+Aquatlo+Jovem+de+Pinhal+Novo%0D%0A%0D%0ALista+de+Inscritos+Aquatlo+Jovem+de+Pinhal+Novo&amp;location=Pinhal+Novo%2C+Palmela - ' target='_blank' class='evo_ics_gCal' title='Adicionar ao calend\u00e1rio Google'>GoogleCal<\/a><\/p>\t\r\n\t\t\t\t\t\t\t<\/div>\t\t\t\t\t\t<\/div>\r\n\t\t\t\t\t\t<\/div><div class='clear end'><\/div><\/div><div id=\"event_77628\" class=\"eventon_list_event evo_eventtop past_event event\" data-event_id=\"77628\" data-time=\"1650672001-1650758399\" data-colr=\"#0092e0\" itemscope itemtype='http:\/\/schema.org\/Event' 2><div class=\"evo_event_schema\" style=\"display:none\" ><a itemprop='url'  href='https:\/\/www.federacao-triatlo.pt\/ftp2015\/events\/duatlo-da-sfraa\/'><\/a><span itemprop='name'  >VI Duatlo da Amadora \/ SFRAA<\/span><meta itemprop='image' content='https:\/\/www.federacao-triatlo.pt\/ftp2015\/wp-content\/uploads\/2022\/02\/IMG-20220405-WA0001-212x300.jpg' ><\/meta><meta itemprop='description' content='Regulamento VI Duatlo da Amadora \/ SFRAA\r\n\r\nPercursos VI Duatlo da Amadora \/ SFRAA\r\n\r\nLista de inscritos VI Duatlo da Amadora SFRAA Absolutos\r\n\r\nLista de inscritos VI Duatlo da' ><\/meta><meta itemprop='startDate' content='2022-4-23' ><\/meta><meta itemprop='endDate' content='2022-4-23' ><\/meta><meta itemprop='eventStatus' content='on-schedule' ><\/meta>\r\n\t\t\t\t\t\t\t\t\t<item style=\"display:none\" itemprop=\"location\" itemscope itemtype=\"http:\/\/schema.org\/Place\">\r\n\t\t\t\t\t\t\t\t\t\t<span itemprop=\"name\">Amadora<\/span>\r\n\t\t\t\t\t\t\t\t\t\t<span itemprop=\"address\" itemscope itemtype=\"http:\/\/schema.org\/PostalAddress\">\r\n\t\t\t\t\t\t\t\t\t\t\t<item itemprop=\"streetAddress\">Amadora<\/item>\r\n\t\t\t\t\t\t\t\t\t\t<\/span><\/item><script type=\"application\/ld+json\">{\t\"@context\": \"http:\/\/schema.org\",\r\n\t\t\t\t\t\t\t  \t\"@type\": \"Event\",\r\n\t\t\t\t\t\t\t  \t\"name\": \"VI Duatlo da Amadora \/ SFRAA\",\r\n\t\t\t\t\t\t\t  \t\"startDate\": \"2022-4-23T00-00-00-00\",\r\n\t\t\t\t\t\t\t  \t\"endDate\": \"2022-4-23T23-23-59-00\",\r\n\t\t\t\t\t\t\t  \t\"image\":\"https:\/\/www.federacao-triatlo.pt\/ftp2015\/wp-content\/uploads\/2022\/02\/IMG-20220405-WA0001-212x300.jpg\",\r\n\t\t\t\t\t\t\t  \t\"description\":\"Regulamento VI Duatlo da Amadora \/ SFRAA\r\n\r\nPercursos VI Duatlo da Amadora \/ SFRAA\r\n\r\nLista de inscritos VI Duatlo da Amadora SFRAA Absolutos\r\n\r\nLista de inscritos VI Duatlo da\",\r\n\t\t\t\t\t\t\t  \t\"location\":{\r\n\t\t\t\t\t\t\t\t\t\t\"@type\":\"Place\",\r\n\t\t\t\t\t\t\t\t\t\t\"name\":\"Amadora\",\r\n\t\t\t\t\t\t\t\t\t\t\"address\":\"Amadora\"\r\n\t\t\t\t\t\t\t  \t\t}\r\n\t\t\t\t\t\t\t }\r\n\t\t\t\t\t\t\t<\/script><\/div>\r\n\t\t\t\t<p class=\"desc_trig_outter\"><a data-gmap_status=\"null\" data-exlk=\"0\" style=\"border-color: #0092e0;\" id=\"evc_165067200177628\" class=\"hasFtIMG desc_trig evo_lisboa-alto-alentejo evo_benjamins evo_cadete evo_infantil evo_iniciado evo_juvenil evo_sprint sin_val evcal_list_a\" data-ux_val=\"1\"  ><span class='ev_ftImg' data-img='https:\/\/www.federacao-triatlo.pt\/ftp2015\/wp-content\/uploads\/2022\/02\/IMG-20220405-WA0001.jpg' data-thumb='https:\/\/www.federacao-triatlo.pt\/ftp2015\/wp-content\/uploads\/2022\/02\/IMG-20220405-WA0001-212x300.jpg' style='background-image:url(\"https:\/\/www.federacao-triatlo.pt\/ftp2015\/wp-content\/uploads\/2022\/02\/IMG-20220405-WA0001-212x300.jpg\")'><\/span><span class='evcal_cblock ' data-bgcolor='#0092e0' data-smon='Abril' data-syr='2022'><span class='evo_start '><em class='date'>23<\/em><em class='month'>abr<\/em><em class='time'>allday<\/em><\/span><span class='evo_end only_time'><em class='time'>allday<\/em><\/span><em class='clear'><\/em><\/span><span class='evcal_desc evo_info hide_eventtopdata ' data-latlng=\"38.7577603,-9.2245474\"  data-location_address=\"Amadora\" data-location_type=\"lonlat\" data-location_name=\"Amadora\" data-location_status=\"true\" ><span class='evo_above_title'><\/span><span class='evcal_desc2 evcal_event_title' itemprop='name'>VI Duatlo da Amadora \/ SFRAA<\/span><span class='evo_below_title'><\/span><span class='evcal_desc_info' ><em class=\"evcal_location\" data-latlng=\"38.7577603,-9.2245474\"  data-add_str=\"\"><em class=\"event_location_name\">Amadora<\/em><\/em><\/span><span class='evcal_desc3'><span class='evcal_event_types ett1'><em><i>Tipo de Evento:<\/i><\/em><em data-filter='event_type'>Regi\u00e3o Lisboa e Alto Alentejo<\/em><i class='clear'><\/i><\/span><span class='evcal_event_types ett2'><em><i>Dist\u00e2ncia:<\/i><\/em><em data-filter='event_type_2'>Benjamim,<\/em><em data-filter='event_type_2'>Cadete,<\/em><em data-filter='event_type_2'>Infantil,<\/em><em data-filter='event_type_2'>Iniciado,<\/em><em data-filter='event_type_2'>Juvenil,<\/em><em data-filter='event_type_2'>Sprint<\/em><i class='clear'><\/i><\/span><\/span><\/span><em class='clear'><\/em><\/p><\/a><div class='event_description evcal_eventcard ' style=\"display:none\"><div class='evo_metarow_directimg'><img src='https:\/\/www.federacao-triatlo.pt\/ftp2015\/wp-content\/uploads\/2022\/02\/IMG-20220405-WA0001.jpg' \/><\/div><div class='evo_metarow_details evorow evcal_evdata_row bordb evcal_event_details'>\r\n\t\t\t\t\t\t\t<div class=\"event_excerpt\" style=\"display:none\"><h3 class=\"padb5 evo_h3\">Detalhes do Evento<\/h3><p>Regulamento VI Duatlo da Amadora \/ SFRAA\r\n\r\nPercursos VI Duatlo da Amadora \/ SFRAA\r\n\r\nLista de inscritos VI Duatlo da Amadora SFRAA Absolutos\r\n\r\nLista de inscritos VI Duatlo da<\/p><\/div><span class='evcal_evdata_icons'><i class='fa fa-align-justify'><\/i><\/span>\r\n\t\t\t\t\t\t\t\r\n\t\t\t\t\t\t\t<div class='evcal_evdata_cell '><div class='eventon_full_description'>\r\n\t\t\t\t\t\t\t\t\t<h3 class='padb5 evo_h3'><span class='evcal_evdata_icons'><i class='fa fa-align-justify'><\/i><\/span>Detalhes do Evento<\/h3><div class='eventon_desc_in' itemprop='description'>\r\n\t\t\t\t\t\t\t\t\t<p><a href=\"https:\/\/www.federacao-triatlo.pt\/ftp2015\/wp-content\/uploads\/2022\/02\/Regulamento-Duatlo-Amadora-SFRAA.pdf\">Regulamento VI Duatlo da Amadora \/ SFRAA<\/a><\/p>\n<p><a href=\"https:\/\/www.federacao-triatlo.pt\/ftp2015\/wp-content\/uploads\/2022\/02\/Percursos-Duatlo-da-Amadora-SFRAA.pdf\">Percursos VI Duatlo da Amadora \/ SFRAA<\/a><\/p>\n<p><a href=\"https:\/\/www.federacao-triatlo.pt\/ftp2015\/wp-content\/uploads\/2022\/02\/Lista-de-inscritos-VI-Duatlo-da-Amadora-SFRAA-Absolutos-1.pdf\">Lista de inscritos VI Duatlo da Amadora SFRAA Absolutos<\/a><\/p>\n<p><a href=\"https:\/\/www.federacao-triatlo.pt\/ftp2015\/wp-content\/uploads\/2022\/02\/Lista-de-inscritos-VI-Duatlo-da-Amadora-SFRAA-Jovem-2.pdf\">Lista de inscritos VI Duatlo da Amadora SFRAA Jovem<\/a><\/p>\n<\/div><div class='clear'><\/div>\r\n\t\t\t\t\t\t\t\t<\/div>\r\n\t\t\t\t\t\t\t<\/div>\r\n\t\t\t\t\t\t<\/div><div class='evo_metarow_time_location evorow bordb '>\r\n\t\t\t\t\t\t<div class='tb' >\r\n\t\t\t\t\t\t\t<div class='tbrow'>\r\n\t\t\t\t\t\t\t<div class='evcal_col50 bordr'>\r\n\t\t\t\t\t\t\t\t<div class='evcal_evdata_row evo_time'>\r\n\t\t\t\t\t\t\t\t\t<span class='evcal_evdata_icons'><i class='fa fa-clock-o'><\/i><\/span>\r\n\t\t\t\t\t\t\t\t\t<div class='evcal_evdata_cell'>\t\t\t\t\t\t\t\r\n\t\t\t\t\t\t\t\t\t\t<h3 class='evo_h3'><span class='evcal_evdata_icons'><i class='fa fa-clock-o'><\/i><\/span>Hor\u00e1rio<\/h3>\r\n\t\t\t\t\t\t\t\t\t\t<p>Todo o dia (S\u00e1bado)<\/p>\r\n\t\t\t\t\t\t\t\t\t<\/div>\r\n\t\t\t\t\t\t\t\t<\/div>\r\n\t\t\t\t\t\t\t<\/div><div class='evcal_col50'>\r\n\t\t\t\t\t\t\t\t<div class='evcal_evdata_row evo_location'>\r\n\t\t\t\t\t\t\t\t\t<span class='evcal_evdata_icons'><i class='fa fa-map-marker'><\/i><\/span>\r\n\t\t\t\t\t\t\t\t\t<div class='evcal_evdata_cell' data-loc_tax_id='47'>\t\t\t\t\t\t\t\r\n\t\t\t\t\t\t\t\t\t\t<h3 class='evo_h3'><span class='evcal_evdata_icons'><i class='fa fa-map-marker'><\/i><\/span>Localiza\u00e7\u00e3o<\/h3><p class='evo_location_name'>Amadora<\/p><p>Amadora<\/p>\r\n\t\t\t\t\t\t\t\t\t<\/div>\r\n\t\t\t\t\t\t\t\t<\/div>\r\n\t\t\t\t\t\t\t<\/div><div class='clear'><\/div>\r\n\t\t\t\t\t\t\t<\/div><\/div>\r\n\t\t\t\t\t\t<\/div>\t\t\t\t\t\t<div class='evo_metarow_ICS evorow bordb evcal_evdata_row'>\r\n\t\t\t\t\t\t\t<span class=\"evcal_evdata_icons\"><i class=\"fa fa-calendar\"><\/i><\/span>\r\n\t\t\t\t\t\t\t<div class='evcal_evdata_cell'>\r\n\t\t\t\t\t\t\t\t<p><a href='https:\/\/www.federacao-triatlo.pt\/ftp2015\/wp-admin\/admin-ajax.php?action=eventon_ics_download&amp;event_id=77628&amp;sunix=20220422T230000Z&amp;eunix=20220423T225900Z&amp;loca=Amadora&amp;locn=Amadora' class='evo_ics_nCal' title='Adicionar ao seu calend\u00e1rio'>Calend\u00e1rio<\/a><a href='\/\/www.google.com\/calendar\/event?action=TEMPLATE&amp;text=VI+Duatlo+da+Amadora+%2F+SFRAA&amp;dates=20220422T230000Z\/20220423T225900Z&amp;details=Regulamento+VI+Duatlo+da+Amadora+%2F+SFRAA%0D%0A%0D%0APercursos+VI+Duatlo+da+Amadora+%2F+SFRAA%0D%0A%0D%0ALista+de+inscritos+VI+Duatlo+da+Amadora+SFRAA+Absolutos%0D%0A%0D%0ALista+de+inscritos+VI+Duatlo+da&amp;location=Amadora - Amadora' target='_blank' class='evo_ics_gCal' title='Adicionar ao calend\u00e1rio Google'>GoogleCal<\/a><\/p>\t\r\n\t\t\t\t\t\t\t<\/div>\t\t\t\t\t\t<\/div>\r\n\t\t\t\t\t\t<\/div><div class='clear end'><\/div><\/div><\/div><div class='clear'><\/div><\/div><!-- ajde_evcal_calendar-->\n<div id='evcal_calendar_849' class='ajde_evcal_calendar  ul' ><div class='evo-data' data-cyear=\"2022\" data-cmonth=\"5\" data-runajax=\"1\" data-evc_open=\"0\" data-cal_ver=\"2.6\" data-mapscroll=\"true\" data-mapformat=\"roadmap\" data-mapzoom=\"14\" data-mapiconurl=\"\" data-ev_cnt=\"0\" data-show_limit=\"no\" data-tiles=\"no\" data-sort_by=\"sort_date\" data-filters_on=\"true\" data-range_start=\"0\" data-range_end=\"0\" data-send_unix=\"0\" data-ux_val=\"0\" data-accord=\"0\" data-rtl=\"no\"  ><\/div><div id='evcal_head' class='calendar_header ' ><div class='evo_cal_above'><span class='evo-gototoday-btn' style='display:none' data-mo='5' data-yr='2022' data-dy=''>Dia de Hoje<\/span><\/div><div class='evo_cal_above_content'><\/div><div class='cal_arguments' style='display:none' data-hide_past=\"no\" data-show_et_ft_img=\"yes\" data-event_order=\"ASC\" data-ft_event_priority=\"no\" data-lang=\"L1\" data-month_incre=\"0\" data-only_ft=\"no\" data-evc_open=\"no\" data-show_limit=\"no\" data-etc_override=\"no\" data-show_limit_redir=\"0\" data-tiles=\"no\" data-tile_height=\"0\" data-tile_bg=\"0\" data-tile_count=\"2\" data-tile_style=\"0\" data-s=\"\" data-members_only=\"no\" data-ux_val=\"0\" data-show_limit_ajax=\"no\" data-show_limit_paged=\"1\" ><\/div><div class='clear'><\/div><\/div><div class='evcal_month_line'><p>Maio 2022<\/p><\/div><div id='evcal_list' class='eventon_events_list '><div id=\"event_77629\" class=\"eventon_list_event evo_eventtop past_event event\" data-event_id=\"77629\" data-time=\"1651968001-1652054399\" data-colr=\"#0092e0\" itemscope itemtype='http:\/\/schema.org\/Event' 1><div class=\"evo_event_schema\" style=\"display:none\" ><a itemprop='url'  href='https:\/\/www.federacao-triatlo.pt\/ftp2015\/events\/aquatlo-de-alhandra\/'><\/a><span itemprop='name'  >I Aquatlo de Alhandra<\/span><meta itemprop='image' content='https:\/\/www.federacao-triatlo.pt\/ftp2015\/wp-content\/uploads\/2022\/02\/WhatsApp-Image-2022-04-23-at-00.06.06-212x300.jpeg' ><\/meta><meta itemprop='description' content='Regulamento Aquatlo de Alhandra\r\n\r\nPercursos Aquatlo de Alhandra\r\n\r\nLista de Inscritos Campeonato Absoluto\r\n\r\nLista de Inscritos Campeonato Jovem\r\n\r\nLista de Inscritos Para-Aquatlo' ><\/meta><meta itemprop='startDate' content='2022-5-8' ><\/meta><meta itemprop='endDate' content='2022-5-8' ><\/meta><meta itemprop='eventStatus' content='on-schedule' ><\/meta><script type=\"application\/ld+json\">{\t\"@context\": \"http:\/\/schema.org\",\r\n\t\t\t\t\t\t\t  \t\"@type\": \"Event\",\r\n\t\t\t\t\t\t\t  \t\"name\": \"I Aquatlo de Alhandra\",\r\n\t\t\t\t\t\t\t  \t\"startDate\": \"2022-5-8T00-00-00-00\",\r\n\t\t\t\t\t\t\t  \t\"endDate\": \"2022-5-8T23-23-59-00\",\r\n\t\t\t\t\t\t\t  \t\"image\":\"https:\/\/www.federacao-triatlo.pt\/ftp2015\/wp-content\/uploads\/2022\/02\/WhatsApp-Image-2022-04-23-at-00.06.06-212x300.jpeg\",\r\n\t\t\t\t\t\t\t  \t\"description\":\"Regulamento Aquatlo de Alhandra\r\n\r\nPercursos Aquatlo de Alhandra\r\n\r\nLista de Inscritos Campeonato Absoluto\r\n\r\nLista de Inscritos Campeonato Jovem\r\n\r\nLista de Inscritos Para-Aquatlo\",\r\n\t\t\t\t\t\t\t  \t\r\n\t\t\t\t\t\t\t }\r\n\t\t\t\t\t\t\t<\/script><\/div>\r\n\t\t\t\t<p class=\"desc_trig_outter\"><a data-gmap_status=\"null\" data-exlk=\"0\" style=\"border-color: #0092e0;\" id=\"evc_165196800177629\" class=\"hasFtIMG desc_trig evo_lisboa-alto-alentejo evo_benjamins evo_cadete evo_infantil evo_iniciado evo_juvenil evo_sprint sin_val evcal_list_a\" data-ux_val=\"1\"  ><span class='ev_ftImg' data-img='https:\/\/www.federacao-triatlo.pt\/ftp2015\/wp-content\/uploads\/2022\/02\/WhatsApp-Image-2022-04-23-at-00.06.06.jpeg' data-thumb='https:\/\/www.federacao-triatlo.pt\/ftp2015\/wp-content\/uploads\/2022\/02\/WhatsApp-Image-2022-04-23-at-00.06.06-212x300.jpeg' style='background-image:url(\"https:\/\/www.federacao-triatlo.pt\/ftp2015\/wp-content\/uploads\/2022\/02\/WhatsApp-Image-2022-04-23-at-00.06.06-212x300.jpeg\")'><\/span><span class='evcal_cblock ' data-bgcolor='#0092e0' data-smon='Maio' data-syr='2022'><span class='evo_start '><em class='date'>08<\/em><em class='month'>mai<\/em><em class='time'>allday<\/em><\/span><span class='evo_end only_time'><em class='time'>allday<\/em><\/span><em class='clear'><\/em><\/span><span class='evcal_desc evo_info hide_eventtopdata '  data-location_status=\"false\" ><span class='evo_above_title'><\/span><span class='evcal_desc2 evcal_event_title' itemprop='name'>I Aquatlo de Alhandra<\/span><span class='evo_below_title'><\/span><span class='evcal_desc_info' ><em class=\"evcal_location\"  data-add_str=\"\"><em class=\"event_location_name\">Alhandra<\/em><\/em><\/span><span class='evcal_desc3'><span class='evcal_event_types ett1'><em><i>Tipo de Evento:<\/i><\/em><em data-filter='event_type'>Regi\u00e3o Lisboa e Alto Alentejo<\/em><i class='clear'><\/i><\/span><span class='evcal_event_types ett2'><em><i>Dist\u00e2ncia:<\/i><\/em><em data-filter='event_type_2'>Benjamim,<\/em><em data-filter='event_type_2'>Cadete,<\/em><em data-filter='event_type_2'>Infantil,<\/em><em data-filter='event_type_2'>Iniciado,<\/em><em data-filter='event_type_2'>Juvenil,<\/em><em data-filter='event_type_2'>Sprint<\/em><i class='clear'><\/i><\/span><\/span><\/span><em class='clear'><\/em><\/p><\/a><div class='event_description evcal_eventcard ' style=\"display:none\"><div class='evo_metarow_directimg'><img src='https:\/\/www.federacao-triatlo.pt\/ftp2015\/wp-content\/uploads\/2022\/02\/WhatsApp-Image-2022-04-23-at-00.06.06.jpeg' \/><\/div><div class='evo_metarow_details evorow evcal_evdata_row bordb evcal_event_details'>\r\n\t\t\t\t\t\t\t<div class=\"event_excerpt\" style=\"display:none\"><h3 class=\"padb5 evo_h3\">Detalhes do Evento<\/h3><p>Regulamento Aquatlo de Alhandra\r\n\r\nPercursos Aquatlo de Alhandra\r\n\r\nLista de Inscritos Campeonato Absoluto\r\n\r\nLista de Inscritos Campeonato Jovem\r\n\r\nLista de Inscritos Para-Aquatlo<\/p><\/div><span class='evcal_evdata_icons'><i class='fa fa-align-justify'><\/i><\/span>\r\n\t\t\t\t\t\t\t\r\n\t\t\t\t\t\t\t<div class='evcal_evdata_cell '><div class='eventon_full_description'>\r\n\t\t\t\t\t\t\t\t\t<h3 class='padb5 evo_h3'><span class='evcal_evdata_icons'><i class='fa fa-align-justify'><\/i><\/span>Detalhes do Evento<\/h3><div class='eventon_desc_in' itemprop='description'>\r\n\t\t\t\t\t\t\t\t\t<p><a href=\"https:\/\/www.federacao-triatlo.pt\/ftp2015\/wp-content\/uploads\/2022\/02\/Regulamento-Aquatlo-de-Alhandra.pdf\">Regulamento Aquatlo de Alhandra<\/a><\/p>\n<p><a href=\"https:\/\/www.federacao-triatlo.pt\/ftp2015\/wp-content\/uploads\/2022\/02\/Percursos-Aquatlo-Alhandra.pdf\">Percursos Aquatlo de Alhandra<\/a><\/p>\n<p><a href=\"https:\/\/www.federacao-triatlo.pt\/ftp2015\/wp-content\/uploads\/2022\/02\/Lista-de-Inscritos-Campeonato-Absoluto-3.pdf\">Lista de Inscritos Campeonato Absoluto<\/a><\/p>\n<p><a href=\"https:\/\/www.federacao-triatlo.pt\/ftp2015\/wp-content\/uploads\/2022\/02\/Lista-de-Inscritos-Campeonato-Jovem-2.pdf\">Lista de Inscritos Campeonato Jovem<\/a><\/p>\n<p><a href=\"https:\/\/www.federacao-triatlo.pt\/ftp2015\/wp-content\/uploads\/2022\/02\/Lista-de-Inscritos-Para-Aquatlo.pdf\">Lista de Inscritos Para-Aquatlo<\/a><\/p>\n<\/div><div class='clear'><\/div>\r\n\t\t\t\t\t\t\t\t<\/div>\r\n\t\t\t\t\t\t\t<\/div>\r\n\t\t\t\t\t\t<\/div><div class='evo_metarow_time_location evorow bordb '>\r\n\t\t\t\t\t\t<div class='tb' >\r\n\t\t\t\t\t\t\t<div class='tbrow'>\r\n\t\t\t\t\t\t\t<div class='evcal_col50 bordr'>\r\n\t\t\t\t\t\t\t\t<div class='evcal_evdata_row evo_time'>\r\n\t\t\t\t\t\t\t\t\t<span class='evcal_evdata_icons'><i class='fa fa-clock-o'><\/i><\/span>\r\n\t\t\t\t\t\t\t\t\t<div class='evcal_evdata_cell'>\t\t\t\t\t\t\t\r\n\t\t\t\t\t\t\t\t\t\t<h3 class='evo_h3'><span class='evcal_evdata_icons'><i class='fa fa-clock-o'><\/i><\/span>Hor\u00e1rio<\/h3>\r\n\t\t\t\t\t\t\t\t\t\t<p>Todo o dia (Domingo)<\/p>\r\n\t\t\t\t\t\t\t\t\t<\/div>\r\n\t\t\t\t\t\t\t\t<\/div>\r\n\t\t\t\t\t\t\t<\/div><div class='evcal_col50'>\r\n\t\t\t\t\t\t\t\t<div class='evcal_evdata_row evo_location'>\r\n\t\t\t\t\t\t\t\t\t<span class='evcal_evdata_icons'><i class='fa fa-map-marker'><\/i><\/span>\r\n\t\t\t\t\t\t\t\t\t<div class='evcal_evdata_cell' data-loc_tax_id='850'>\t\t\t\t\t\t\t\r\n\t\t\t\t\t\t\t\t\t\t<h3 class='evo_h3'><span class='evcal_evdata_icons'><i class='fa fa-map-marker'><\/i><\/span>Localiza\u00e7\u00e3o<\/h3><p class='evo_location_name'>Alhandra<\/p><p><\/p>\r\n\t\t\t\t\t\t\t\t\t<\/div>\r\n\t\t\t\t\t\t\t\t<\/div>\r\n\t\t\t\t\t\t\t<\/div><div class='clear'><\/div>\r\n\t\t\t\t\t\t\t<\/div><\/div>\r\n\t\t\t\t\t\t<\/div>\t\t\t\t\t\t<div class='evo_metarow_ICS evorow bordb evcal_evdata_row'>\r\n\t\t\t\t\t\t\t<span class=\"evcal_evdata_icons\"><i class=\"fa fa-calendar\"><\/i><\/span>\r\n\t\t\t\t\t\t\t<div class='evcal_evdata_cell'>\r\n\t\t\t\t\t\t\t\t<p><a href='https:\/\/www.federacao-triatlo.pt\/ftp2015\/wp-admin\/admin-ajax.php?action=eventon_ics_download&amp;event_id=77629&amp;sunix=20220507T230000Z&amp;eunix=20220508T225900Z&amp;loca=&amp;locn=Alhandra' class='evo_ics_nCal' title='Adicionar ao seu calend\u00e1rio'>Calend\u00e1rio<\/a><a href='\/\/www.google.com\/calendar\/event?action=TEMPLATE&amp;text=I+Aquatlo+de+Alhandra&amp;dates=20220507T230000Z\/20220508T225900Z&amp;details=Regulamento+Aquatlo+de+Alhandra%0D%0A%0D%0APercursos+Aquatlo+de+Alhandra%0D%0A%0D%0ALista+de+Inscritos+Campeonato+Absoluto%0D%0A%0D%0ALista+de+Inscritos+Campeonato+Jovem%0D%0A%0D%0ALista+de+Inscritos+Para-Aquatlo&amp;location=Alhandra - ' target='_blank' class='evo_ics_gCal' title='Adicionar ao calend\u00e1rio Google'>GoogleCal<\/a><\/p>\t\r\n\t\t\t\t\t\t\t<\/div>\t\t\t\t\t\t<\/div>\r\n\t\t\t\t\t\t<\/div><div class='clear end'><\/div><\/div><\/div><div class='clear'><\/div><\/div><!-- ajde_evcal_calendar-->\n<div id='evcal_calendar_526' class='ajde_evcal_calendar  ul' ><div class='evo-data' data-cyear=\"2022\" data-cmonth=\"6\" data-runajax=\"1\" data-evc_open=\"0\" data-cal_ver=\"2.6\" data-mapscroll=\"true\" data-mapformat=\"roadmap\" data-mapzoom=\"14\" data-mapiconurl=\"\" data-ev_cnt=\"0\" data-show_limit=\"no\" data-tiles=\"no\" data-sort_by=\"sort_date\" data-filters_on=\"true\" data-range_start=\"0\" data-range_end=\"0\" data-send_unix=\"0\" data-ux_val=\"0\" data-accord=\"0\" data-rtl=\"no\"  ><\/div><div id='evcal_head' class='calendar_header ' ><div class='evo_cal_above'><span class='evo-gototoday-btn' style='display:none' data-mo='6' data-yr='2022' data-dy=''>Dia de Hoje<\/span><\/div><div class='evo_cal_above_content'><\/div><div class='cal_arguments' style='display:none' data-hide_past=\"no\" data-show_et_ft_img=\"yes\" data-event_order=\"ASC\" data-ft_event_priority=\"no\" data-lang=\"L1\" data-month_incre=\"0\" data-only_ft=\"no\" data-evc_open=\"no\" data-show_limit=\"no\" data-etc_override=\"no\" data-show_limit_redir=\"0\" data-tiles=\"no\" data-tile_height=\"0\" data-tile_bg=\"0\" data-tile_count=\"2\" data-tile_style=\"0\" data-s=\"\" data-members_only=\"no\" data-ux_val=\"0\" data-show_limit_ajax=\"no\" data-show_limit_paged=\"1\" ><\/div><div class='clear'><\/div><\/div><div class='evcal_month_line'><p>Junho 2022<\/p><\/div><div id='evcal_list' class='eventon_events_list '><div class='eventon_list_event'><p class='no_events' >Sem eventos<\/p><\/div><\/div><div class='clear'><\/div><\/div><!-- ajde_evcal_calendar-->\n<div id='evcal_calendar_181' class='ajde_evcal_calendar  ul' ><div class='evo-data' data-cyear=\"2022\" data-cmonth=\"7\" data-runajax=\"1\" data-evc_open=\"0\" data-cal_ver=\"2.6\" data-mapscroll=\"true\" data-mapformat=\"roadmap\" data-mapzoom=\"14\" data-mapiconurl=\"\" data-ev_cnt=\"0\" data-show_limit=\"no\" data-tiles=\"no\" data-sort_by=\"sort_date\" data-filters_on=\"true\" data-range_start=\"0\" data-range_end=\"0\" data-send_unix=\"0\" data-ux_val=\"0\" data-accord=\"0\" data-rtl=\"no\"  ><\/div><div id='evcal_head' class='calendar_header ' ><div class='evo_cal_above'><span class='evo-gototoday-btn' style='display:none' data-mo='7' data-yr='2022' data-dy=''>Dia de Hoje<\/span><\/div><div class='evo_cal_above_content'><\/div><div class='cal_arguments' style='display:none' data-hide_past=\"no\" data-show_et_ft_img=\"yes\" data-event_order=\"ASC\" data-ft_event_priority=\"no\" data-lang=\"L1\" data-month_incre=\"0\" data-only_ft=\"no\" data-evc_open=\"no\" data-show_limit=\"no\" data-etc_override=\"no\" data-show_limit_redir=\"0\" data-tiles=\"no\" data-tile_height=\"0\" data-tile_bg=\"0\" data-tile_count=\"2\" data-tile_style=\"0\" data-s=\"\" data-members_only=\"no\" data-ux_val=\"0\" data-show_limit_ajax=\"no\" data-show_limit_paged=\"1\" ><\/div><div class='clear'><\/div><\/div><div class='evcal_month_line'><p>Julho 2022<\/p><\/div><div id='evcal_list' class='eventon_events_list '><div class='eventon_list_event'><p class='no_events' >Sem eventos<\/p><\/div><\/div><div class='clear'><\/div><\/div><!-- ajde_evcal_calendar-->\n<div id='evcal_calendar_814' class='ajde_evcal_calendar  ul' ><div class='evo-data' data-cyear=\"2022\" data-cmonth=\"8\" data-runajax=\"1\" data-evc_open=\"0\" data-cal_ver=\"2.6\" data-mapscroll=\"true\" data-mapformat=\"roadmap\" data-mapzoom=\"14\" data-mapiconurl=\"\" data-ev_cnt=\"0\" data-show_limit=\"no\" data-tiles=\"no\" data-sort_by=\"sort_date\" data-filters_on=\"true\" data-range_start=\"0\" data-range_end=\"0\" data-send_unix=\"0\" data-ux_val=\"0\" data-accord=\"0\" data-rtl=\"no\"  ><\/div><div id='evcal_head' class='calendar_header ' ><div class='evo_cal_above'><span class='evo-gototoday-btn' style='display:none' data-mo='8' data-yr='2022' data-dy=''>Dia de Hoje<\/span><\/div><div class='evo_cal_above_content'><\/div><div class='cal_arguments' style='display:none' data-hide_past=\"no\" data-show_et_ft_img=\"yes\" data-event_order=\"ASC\" data-ft_event_priority=\"no\" data-lang=\"L1\" data-month_incre=\"0\" data-only_ft=\"no\" data-evc_open=\"no\" data-show_limit=\"no\" data-etc_override=\"no\" data-show_limit_redir=\"0\" data-tiles=\"no\" data-tile_height=\"0\" data-tile_bg=\"0\" data-tile_count=\"2\" data-tile_style=\"0\" data-s=\"\" data-members_only=\"no\" data-ux_val=\"0\" data-show_limit_ajax=\"no\" data-show_limit_paged=\"1\" ><\/div><div class='clear'><\/div><\/div><div class='evcal_month_line'><p>Agosto 2022<\/p><\/div><div id='evcal_list' class='eventon_events_list '><div class='eventon_list_event'><p class='no_events' >Sem eventos<\/p><\/div><\/div><div class='clear'><\/div><\/div><!-- ajde_evcal_calendar-->\n<div id='evcal_calendar_761' class='ajde_evcal_calendar  ul' ><div class='evo-data' data-cyear=\"2022\" data-cmonth=\"9\" data-runajax=\"1\" data-evc_open=\"0\" data-cal_ver=\"2.6\" data-mapscroll=\"true\" data-mapformat=\"roadmap\" data-mapzoom=\"14\" data-mapiconurl=\"\" data-ev_cnt=\"0\" data-show_limit=\"no\" data-tiles=\"no\" data-sort_by=\"sort_date\" data-filters_on=\"true\" data-range_start=\"0\" data-range_end=\"0\" data-send_unix=\"0\" data-ux_val=\"0\" data-accord=\"0\" data-rtl=\"no\"  ><\/div><div id='evcal_head' class='calendar_header ' ><div class='evo_cal_above'><span class='evo-gototoday-btn' style='display:none' data-mo='9' data-yr='2022' data-dy=''>Dia de Hoje<\/span><\/div><div class='evo_cal_above_content'><\/div><div class='cal_arguments' style='display:none' data-hide_past=\"no\" data-show_et_ft_img=\"yes\" data-event_order=\"ASC\" data-ft_event_priority=\"no\" data-lang=\"L1\" data-month_incre=\"0\" data-only_ft=\"no\" data-evc_open=\"no\" data-show_limit=\"no\" data-etc_override=\"no\" data-show_limit_redir=\"0\" data-tiles=\"no\" data-tile_height=\"0\" data-tile_bg=\"0\" data-tile_count=\"2\" data-tile_style=\"0\" data-s=\"\" data-members_only=\"no\" data-ux_val=\"0\" data-show_limit_ajax=\"no\" data-show_limit_paged=\"1\" ><\/div><div class='clear'><\/div><\/div><div class='evcal_month_line'><p>Setembro 2022<\/p><\/div><div id='evcal_list' class='eventon_events_list '><div id=\"event_77630\" class=\"eventon_list_event evo_eventtop past_event event\" data-event_id=\"77630\" data-time=\"1662163201-1662249599\" data-colr=\"#0092e0\" itemscope itemtype='http:\/\/schema.org\/Event' 1><div class=\"evo_event_schema\" style=\"display:none\" ><a itemprop='url'  href='https:\/\/www.federacao-triatlo.pt\/ftp2015\/events\/triatlo-de-porto-covo\/'><\/a><span itemprop='name'  >Triatlo de Porto Covo<\/span><meta itemprop='image' content='https:\/\/www.federacao-triatlo.pt\/ftp2015\/wp-content\/uploads\/2022\/02\/IMG-20220517-WA0003-212x300.jpg' ><\/meta><meta itemprop='description' content='Triatlo de Porto Covo' ><\/meta><meta itemprop='startDate' content='2022-9-3' ><\/meta><meta itemprop='endDate' content='2022-9-3' ><\/meta><meta itemprop='eventStatus' content='on-schedule' ><\/meta><script type=\"application\/ld+json\">{\t\"@context\": \"http:\/\/schema.org\",\r\n\t\t\t\t\t\t\t  \t\"@type\": \"Event\",\r\n\t\t\t\t\t\t\t  \t\"name\": \"Triatlo de Porto Covo\",\r\n\t\t\t\t\t\t\t  \t\"startDate\": \"2022-9-3T00-00-00-00\",\r\n\t\t\t\t\t\t\t  \t\"endDate\": \"2022-9-3T23-23-59-00\",\r\n\t\t\t\t\t\t\t  \t\"image\":\"https:\/\/www.federacao-triatlo.pt\/ftp2015\/wp-content\/uploads\/2022\/02\/IMG-20220517-WA0003-212x300.jpg\",\r\n\t\t\t\t\t\t\t  \t\"description\":\"Triatlo de Porto Covo\",\r\n\t\t\t\t\t\t\t  \t\r\n\t\t\t\t\t\t\t }\r\n\t\t\t\t\t\t\t<\/script><\/div>\r\n\t\t\t\t<p class=\"desc_trig_outter\"><a data-gmap_status=\"null\" data-exlk=\"0\" style=\"border-color: #0092e0;\" id=\"evc_166216320177630\" class=\"hasFtIMG desc_trig cancel_event 1 evo_lisboa-alto-alentejo sin_val evcal_list_a\" data-ux_val=\"1\"  ><span class='ev_ftImg' data-img='https:\/\/www.federacao-triatlo.pt\/ftp2015\/wp-content\/uploads\/2022\/02\/IMG-20220517-WA0003.jpg' data-thumb='https:\/\/www.federacao-triatlo.pt\/ftp2015\/wp-content\/uploads\/2022\/02\/IMG-20220517-WA0003-212x300.jpg' style='background-image:url(\"https:\/\/www.federacao-triatlo.pt\/ftp2015\/wp-content\/uploads\/2022\/02\/IMG-20220517-WA0003-212x300.jpg\")'><\/span><span class='evcal_cblock ' data-bgcolor='#0092e0' data-smon='Setembro' data-syr='2022'><span class='evo_start '><em class='date'>03<\/em><em class='month'>set<\/em><em class='time'>allday<\/em><\/span><span class='evo_end only_time'><em class='time'>allday<\/em><\/span><em class='clear'><\/em><\/span><span class='evcal_desc evo_info hide_eventtopdata '  data-location_status=\"false\" ><span class='evo_above_title'><span class='evo_event_headers canceled' title=''>Evento Cancelado<\/span><\/span><span class='evcal_desc2 evcal_event_title' itemprop='name'>Triatlo de Porto Covo<\/span><span class='evo_below_title'><\/span><span class='evcal_desc_info' ><em class=\"evcal_location\"  data-add_str=\"\"><em class=\"event_location_name\">Porto Covo, Sines<\/em><\/em><\/span><span class='evcal_desc3'><span class='evcal_event_types ett1'><em><i>Tipo de Evento:<\/i><\/em><em data-filter='event_type'>Regi\u00e3o Lisboa e Alto Alentejo<\/em><i class='clear'><\/i><\/span><\/span><\/span><em class='clear'><\/em><\/p><\/a><div class='event_description evcal_eventcard ' style=\"display:none\"><div class='evo_metarow_directimg'><img src='https:\/\/www.federacao-triatlo.pt\/ftp2015\/wp-content\/uploads\/2022\/02\/IMG-20220517-WA0003.jpg' \/><\/div><div class='evo_metarow_time_location evorow bordb '>\r\n\t\t\t\t\t\t<div class='tb' >\r\n\t\t\t\t\t\t\t<div class='tbrow'>\r\n\t\t\t\t\t\t\t<div class='evcal_col50 bordr'>\r\n\t\t\t\t\t\t\t\t<div class='evcal_evdata_row evo_time'>\r\n\t\t\t\t\t\t\t\t\t<span class='evcal_evdata_icons'><i class='fa fa-clock-o'><\/i><\/span>\r\n\t\t\t\t\t\t\t\t\t<div class='evcal_evdata_cell'>\t\t\t\t\t\t\t\r\n\t\t\t\t\t\t\t\t\t\t<h3 class='evo_h3'><span class='evcal_evdata_icons'><i class='fa fa-clock-o'><\/i><\/span>Hor\u00e1rio<\/h3>\r\n\t\t\t\t\t\t\t\t\t\t<p>Todo o dia (S\u00e1bado)<\/p>\r\n\t\t\t\t\t\t\t\t\t<\/div>\r\n\t\t\t\t\t\t\t\t<\/div>\r\n\t\t\t\t\t\t\t<\/div><div class='evcal_col50'>\r\n\t\t\t\t\t\t\t\t<div class='evcal_evdata_row evo_location'>\r\n\t\t\t\t\t\t\t\t\t<span class='evcal_evdata_icons'><i class='fa fa-map-marker'><\/i><\/span>\r\n\t\t\t\t\t\t\t\t\t<div class='evcal_evdata_cell' data-loc_tax_id='1312'>\t\t\t\t\t\t\t\r\n\t\t\t\t\t\t\t\t\t\t<h3 class='evo_h3'><span class='evcal_evdata_icons'><i class='fa fa-map-marker'><\/i><\/span>Localiza\u00e7\u00e3o<\/h3><p class='evo_location_name'>Porto Covo, Sines<\/p><p><\/p>\r\n\t\t\t\t\t\t\t\t\t<\/div>\r\n\t\t\t\t\t\t\t\t<\/div>\r\n\t\t\t\t\t\t\t<\/div><div class='clear'><\/div>\r\n\t\t\t\t\t\t\t<\/div><\/div>\r\n\t\t\t\t\t\t<\/div>\t\t\t\t\t\t<div class='evo_metarow_ICS evorow bordb evcal_evdata_row'>\r\n\t\t\t\t\t\t\t<span class=\"evcal_evdata_icons\"><i class=\"fa fa-calendar\"><\/i><\/span>\r\n\t\t\t\t\t\t\t<div class='evcal_evdata_cell'>\r\n\t\t\t\t\t\t\t\t<p><a href='https:\/\/www.federacao-triatlo.pt\/ftp2015\/wp-admin\/admin-ajax.php?action=eventon_ics_download&amp;event_id=77630&amp;sunix=20220902T230000Z&amp;eunix=20220903T225900Z&amp;loca=&amp;locn=Porto Covo, Sines' class='evo_ics_nCal' title='Adicionar ao seu calend\u00e1rio'>Calend\u00e1rio<\/a><a href='\/\/www.google.com\/calendar\/event?action=TEMPLATE&amp;text=Triatlo+de+Porto+Covo&amp;dates=20220902T230000Z\/20220903T225900Z&amp;details=Triatlo+de+Porto+Covo&amp;location=Porto+Covo%2C+Sines - ' target='_blank' class='evo_ics_gCal' title='Adicionar ao calend\u00e1rio Google'>GoogleCal<\/a><\/p>\t\r\n\t\t\t\t\t\t\t<\/div>\t\t\t\t\t\t<\/div>\r\n\t\t\t\t\t\t<\/div><div class='clear end'><\/div><\/div><\/div><div class='clear'><\/div><\/div><!-- ajde_evcal_calendar-->\n<div id='evcal_calendar_834' class='ajde_evcal_calendar  ul' ><div class='evo-data' data-cyear=\"2022\" data-cmonth=\"10\" data-runajax=\"1\" data-evc_open=\"0\" data-cal_ver=\"2.6\" data-mapscroll=\"true\" data-mapformat=\"roadmap\" data-mapzoom=\"14\" data-mapiconurl=\"\" data-ev_cnt=\"0\" data-show_limit=\"no\" data-tiles=\"no\" data-sort_by=\"sort_date\" data-filters_on=\"true\" data-range_start=\"0\" data-range_end=\"0\" data-send_unix=\"0\" data-ux_val=\"0\" data-accord=\"0\" data-rtl=\"no\"  ><\/div><div id='evcal_head' class='calendar_header ' ><div class='evo_cal_above'><span class='evo-gototoday-btn' style='display:none' data-mo='10' data-yr='2022' data-dy=''>Dia de Hoje<\/span><\/div><div class='evo_cal_above_content'><\/div><div class='cal_arguments' style='display:none' data-hide_past=\"no\" data-show_et_ft_img=\"yes\" data-event_order=\"ASC\" data-ft_event_priority=\"no\" data-lang=\"L1\" data-month_incre=\"0\" data-only_ft=\"no\" data-evc_open=\"no\" data-show_limit=\"no\" data-etc_override=\"no\" data-show_limit_redir=\"0\" data-tiles=\"no\" data-tile_height=\"0\" data-tile_bg=\"0\" data-tile_count=\"2\" data-tile_style=\"0\" data-s=\"\" data-members_only=\"no\" data-ux_val=\"0\" data-show_limit_ajax=\"no\" data-show_limit_paged=\"1\" ><\/div><div class='clear'><\/div><\/div><div class='evcal_month_line'><p>Outubro 2022<\/p><\/div><div id='evcal_list' class='eventon_events_list '><div class='eventon_list_event'><p class='no_events' >Sem eventos<\/p><\/div><\/div><div class='clear'><\/div><\/div><!-- ajde_evcal_calendar-->\n<div id='evcal_calendar_223' class='ajde_evcal_calendar  ul' ><div class='evo-data' data-cyear=\"2022\" data-cmonth=\"11\" data-runajax=\"1\" data-evc_open=\"0\" data-cal_ver=\"2.6\" data-mapscroll=\"true\" data-mapformat=\"roadmap\" data-mapzoom=\"14\" data-mapiconurl=\"\" data-ev_cnt=\"0\" data-show_limit=\"no\" data-tiles=\"no\" data-sort_by=\"sort_date\" data-filters_on=\"true\" data-range_start=\"0\" data-range_end=\"0\" data-send_unix=\"0\" data-ux_val=\"0\" data-accord=\"0\" data-rtl=\"no\"  ><\/div><div id='evcal_head' class='calendar_header ' ><div class='evo_cal_above'><span class='evo-gototoday-btn' style='display:none' data-mo='11' data-yr='2022' data-dy=''>Dia de Hoje<\/span><\/div><div class='evo_cal_above_content'><\/div><div class='cal_arguments' style='display:none' data-hide_past=\"no\" data-show_et_ft_img=\"yes\" data-event_order=\"ASC\" data-ft_event_priority=\"no\" data-lang=\"L1\" data-month_incre=\"0\" data-only_ft=\"no\" data-evc_open=\"no\" data-show_limit=\"no\" data-etc_override=\"no\" data-show_limit_redir=\"0\" data-tiles=\"no\" data-tile_height=\"0\" data-tile_bg=\"0\" data-tile_count=\"2\" data-tile_style=\"0\" data-s=\"\" data-members_only=\"no\" data-ux_val=\"0\" data-show_limit_ajax=\"no\" data-show_limit_paged=\"1\" ><\/div><div class='clear'><\/div><\/div><div class='evcal_month_line'><p>Novembro 2022<\/p><\/div><div id='evcal_list' class='eventon_events_list '><div class='eventon_list_event'><p class='no_events' >Sem eventos<\/p><\/div><\/div><div class='clear'><\/div><\/div><!-- ajde_evcal_calendar-->\n","protected":false},"excerpt":{"rendered":"<p>CALEND\u00c1RIO LISBOA E ALTO ALENTEJO Guia do Calend\u00e1rio &#8211; Lisboa [&hellip;]<\/p>\n","protected":false},"author":4707,"featured_media":0,"parent":89180,"menu_order":4,"comment_status":"closed","ping_status":"closed","template":"","meta":{"footnotes":""},"_links":{"self":[{"href":"https:\/\/www.federacao-triatlo.pt\/ftp2015\/wp-json\/wp\/v2\/pages\/77344"}],"collection":[{"href":"https:\/\/www.federacao-triatlo.pt\/ftp2015\/wp-json\/wp\/v2\/pages"}],"about":[{"href":"https:\/\/www.federacao-triatlo.pt\/ftp2015\/wp-json\/wp\/v2\/types\/page"}],"author":[{"embeddable":true,"href":"https:\/\/www.federacao-triatlo.pt\/ftp2015\/wp-json\/wp\/v2\/users\/4707"}],"replies":[{"embeddable":true,"href":"https:\/\/www.federacao-triatlo.pt\/ftp2015\/wp-json\/wp\/v2\/comments?post=77344"}],"version-history":[{"count":3,"href":"https:\/\/www.federacao-triatlo.pt\/ftp2015\/wp-json\/wp\/v2\/pages\/77344\/revisions"}],"predecessor-version":[{"id":91306,"href":"https:\/\/www.federacao-triatlo.pt\/ftp2015\/wp-json\/wp\/v2\/pages\/77344\/revisions\/91306"}],"up":[{"embeddable":true,"href":"https:\/\/www.federacao-triatlo.pt\/ftp2015\/wp-json\/wp\/v2\/pages\/89180"}],"wp:attachment":[{"href":"https:\/\/www.federacao-triatlo.pt\/ftp2015\/wp-json\/wp\/v2\/media?parent=77344"}],"curies":[{"name":"wp","href":"https:\/\/api.w.org\/{rel}","templated":true}]}}