{"id":55834,"date":"2019-11-11T11:45:22","date_gmt":"2019-11-11T11:45:22","guid":{"rendered":"https:\/\/www.federacao-triatlo.pt\/ftp2015\/?page_id=55834"},"modified":"2022-11-20T23:35:07","modified_gmt":"2022-11-20T23:35:07","slug":"calendario-nacional-2020","status":"publish","type":"page","link":"https:\/\/www.federacao-triatlo.pt\/ftp2015\/competicoes\/calendario\/calendario-2020\/calendario-nacional-2020\/","title":{"rendered":"Calend\u00e1rio Nacional 2020"},"content":{"rendered":"<p>CALEND\u00c1RIO NACIONAL<\/p>\n<p><a href=\"https:\/\/www.federacao-triatlo.pt\/ftp2015\/wp-content\/uploads\/2020\/07\/NORMAS_CALENDARIO_DESPORTIVO.pdf\" target=\"_blank\" rel=\"noopener noreferrer\">Guia do Calend\u00e1rio Nacional 2020<\/a><\/p>\n<p><a href=\"https:\/\/www.federacao-triatlo.pt\/ftp2015\/wp-content\/uploads\/2020\/07\/Guia-do-calend\u00e1rio-2020vr3_1.xlsx\">Etapas Calend\u00e1rio Nacional 2020<\/a><\/p>\n<p><a href=\"https:\/\/www.federacao-triatlo.pt\/ftp2015\/wp-content\/uploads\/2020\/07\/Calend\u00e1rio_Competitivo_2020_.pdf\">Calend\u00e1rio_Competitivo_2020<\/a><\/p>\n<p><a href=\"https:\/\/www.federacao-triatlo.pt\/ftp2015\/wp-content\/uploads\/2020\/08\/Recomenda\u00e7\u00f5es-COVID-19-Competi\u00e7\u00f5es-Desportivas.pdf\" target=\"_blank\" rel=\"noopener noreferrer\">Recomenda\u00e7\u00f5es COVID 19 Competi\u00e7\u00f5es Desportivas<\/a><\/p>\n<div id='evcal_calendar_182' class='ajde_evcal_calendar  ul' ><div class='evo-data' data-cyear=\"2020\" data-cmonth=\"1\" data-runajax=\"1\" data-evc_open=\"0\" data-cal_ver=\"2.6\" data-mapscroll=\"true\" data-mapformat=\"roadmap\" data-mapzoom=\"14\" data-mapiconurl=\"\" data-ev_cnt=\"0\" data-show_limit=\"no\" data-tiles=\"no\" data-sort_by=\"sort_date\" data-filters_on=\"true\" data-range_start=\"0\" data-range_end=\"0\" data-send_unix=\"0\" data-ux_val=\"0\" data-accord=\"0\" data-rtl=\"no\"  ><\/div><div id='evcal_head' class='calendar_header ' ><div class='evo_cal_above'><span class='evo-gototoday-btn' style='display:none' data-mo='1' data-yr='2020' data-dy=''>Dia de Hoje<\/span><\/div><div class='evo_cal_above_content'><\/div><div class='cal_arguments' style='display:none' data-hide_past=\"no\" data-show_et_ft_img=\"yes\" data-event_order=\"ASC\" data-ft_event_priority=\"no\" data-lang=\"L1\" data-month_incre=\"0\" data-only_ft=\"no\" data-evc_open=\"no\" data-show_limit=\"no\" data-etc_override=\"no\" data-show_limit_redir=\"0\" data-tiles=\"no\" data-tile_height=\"0\" data-tile_bg=\"0\" data-tile_count=\"2\" data-tile_style=\"0\" data-s=\"\" data-members_only=\"no\" data-ux_val=\"0\" data-show_limit_ajax=\"no\" data-show_limit_paged=\"1\" ><\/div><div class='clear'><\/div><\/div><div class='evcal_month_line'><p>Janeiro 2020<\/p><\/div><div id='evcal_list' class='eventon_events_list '><div id=\"event_56510\" class=\"eventon_list_event evo_eventtop past_event event\" data-event_id=\"56510\" data-time=\"1579996801-1580083199\" data-colr=\"#0092e0\" itemscope itemtype='http:\/\/schema.org\/Event' 1><div class=\"evo_event_schema\" style=\"display:none\" ><a itemprop='url'  href='https:\/\/www.federacao-triatlo.pt\/ftp2015\/events\/ii-duatlo-de-marvila\/'><\/a><span itemprop='name'  >II Duatlo de Marvila<\/span><meta itemprop='image' content='https:\/\/www.federacao-triatlo.pt\/ftp2015\/wp-content\/uploads\/2019\/11\/2.\u00ba-Duatlo-de-Marvila-V.3-2020-212x300.png' ><\/meta><meta itemprop='description' content='II Duatlo de Marvila - Regulamento\r\n\r\nII Duatlo de Marvila - Percursos\r\n\r\nLista Inscritos Camp. Nac. Clubes' ><\/meta><meta itemprop='startDate' content='2020-1-26' ><\/meta><meta itemprop='endDate' content='2020-1-26' ><\/meta><meta itemprop='eventStatus' content='on-schedule' ><\/meta><script type=\"application\/ld+json\">{\t\"@context\": \"http:\/\/schema.org\",\r\n\t\t\t\t\t\t\t  \t\"@type\": \"Event\",\r\n\t\t\t\t\t\t\t  \t\"name\": \"II Duatlo de Marvila\",\r\n\t\t\t\t\t\t\t  \t\"startDate\": \"2020-1-26T00-00-00-00\",\r\n\t\t\t\t\t\t\t  \t\"endDate\": \"2020-1-26T23-23-59-00\",\r\n\t\t\t\t\t\t\t  \t\"image\":\"https:\/\/www.federacao-triatlo.pt\/ftp2015\/wp-content\/uploads\/2019\/11\/2.\u00ba-Duatlo-de-Marvila-V.3-2020-212x300.png\",\r\n\t\t\t\t\t\t\t  \t\"description\":\"II Duatlo de Marvila - Regulamento\r\n\r\nII Duatlo de Marvila - Percursos\r\n\r\nLista Inscritos Camp. Nac. Clubes\",\r\n\t\t\t\t\t\t\t  \t\r\n\t\t\t\t\t\t\t }\r\n\t\t\t\t\t\t\t<\/script><\/div>\r\n\t\t\t\t<p class=\"desc_trig_outter\"><a data-gmap_status=\"null\" data-exlk=\"0\" style=\"border-color: #0092e0;\" id=\"evc_157999680156510\" class=\"hasFtIMG desc_trig evo_camp-nac-clubes-duatlo-cross sin_val evcal_list_a\" data-ux_val=\"1\"  ><span class='ev_ftImg' data-img='https:\/\/www.federacao-triatlo.pt\/ftp2015\/wp-content\/uploads\/2019\/11\/2.\u00ba-Duatlo-de-Marvila-V.3-2020.png' data-thumb='https:\/\/www.federacao-triatlo.pt\/ftp2015\/wp-content\/uploads\/2019\/11\/2.\u00ba-Duatlo-de-Marvila-V.3-2020-212x300.png' style='background-image:url(\"https:\/\/www.federacao-triatlo.pt\/ftp2015\/wp-content\/uploads\/2019\/11\/2.\u00ba-Duatlo-de-Marvila-V.3-2020-212x300.png\")'><\/span><span class='evcal_cblock ' data-bgcolor='#0092e0' data-smon='Janeiro' data-syr='2020'><span class='evo_start '><em class='date'>26<\/em><em class='month'>jan<\/em><em class='time'>allday<\/em><\/span><span class='evo_end only_time'><em class='time'>allday<\/em><\/span><em class='clear'><\/em><\/span><span class='evcal_desc evo_info hide_eventtopdata '  data-location_status=\"false\" ><span class='evo_above_title'><\/span><span class='evcal_desc2 evcal_event_title' itemprop='name'>II Duatlo de Marvila<\/span><span class='evo_below_title'><\/span><span class='evcal_desc_info' ><em class=\"evcal_location\"  data-add_str=\"\"><em class=\"event_location_name\">Parque da Bela Vista<\/em><\/em><\/span><span class='evcal_desc3'><span class='evcal_event_types ett1'><em><i>Tipo de Evento:<\/i><\/em><em data-filter='event_type'>Camp. Nac. Clubes Duatlo Cross<\/em><i class='clear'><\/i><\/span><\/span><\/span><em class='clear'><\/em><\/p><\/a><div class='event_description evcal_eventcard ' style=\"display:none\"><div class='evo_metarow_directimg'><img src='https:\/\/www.federacao-triatlo.pt\/ftp2015\/wp-content\/uploads\/2019\/11\/2.\u00ba-Duatlo-de-Marvila-V.3-2020.png' \/><\/div><div class='evo_metarow_details evorow evcal_evdata_row bordb evcal_event_details'>\r\n\t\t\t\t\t\t\t<div class=\"event_excerpt\" style=\"display:none\"><h3 class=\"padb5 evo_h3\">Detalhes do Evento<\/h3><p>II Duatlo de Marvila - Regulamento\r\n\r\nII Duatlo de Marvila - Percursos\r\n\r\nLista Inscritos Camp. Nac. Clubes<\/p><\/div><span class='evcal_evdata_icons'><i class='fa fa-align-justify'><\/i><\/span>\r\n\t\t\t\t\t\t\t\r\n\t\t\t\t\t\t\t<div class='evcal_evdata_cell '><div class='eventon_full_description'>\r\n\t\t\t\t\t\t\t\t\t<h3 class='padb5 evo_h3'><span class='evcal_evdata_icons'><i class='fa fa-align-justify'><\/i><\/span>Detalhes do Evento<\/h3><div class='eventon_desc_in' itemprop='description'>\r\n\t\t\t\t\t\t\t\t\t<p><a href=\"https:\/\/www.federacao-triatlo.pt\/ftp2015\/wp-content\/uploads\/2019\/11\/II-Duatlo-de-Marvila-Regulamento_2020_1.pdf\">II Duatlo de Marvila &#8211; Regulamento<\/a><\/p>\n<p><a href=\"https:\/\/www.federacao-triatlo.pt\/ftp2015\/wp-content\/uploads\/2019\/11\/II-DUATLO-DE-MARVILA-PERCURSOS.pdf\">II Duatlo de Marvila &#8211; Percursos<\/a><\/p>\n<p><a href=\"https:\/\/www.federacao-triatlo.pt\/ftp2015\/wp-content\/uploads\/2019\/11\/Lista-Inscritos-Camp.-Nac.-Clubes.pdf\">Lista Inscritos Camp. Nac. Clubes<\/a><\/p>\n<\/div><div class='clear'><\/div>\r\n\t\t\t\t\t\t\t\t<\/div>\r\n\t\t\t\t\t\t\t<\/div>\r\n\t\t\t\t\t\t<\/div><div class='evo_metarow_time_location evorow bordb '>\r\n\t\t\t\t\t\t<div class='tb' >\r\n\t\t\t\t\t\t\t<div class='tbrow'>\r\n\t\t\t\t\t\t\t<div class='evcal_col50 bordr'>\r\n\t\t\t\t\t\t\t\t<div class='evcal_evdata_row evo_time'>\r\n\t\t\t\t\t\t\t\t\t<span class='evcal_evdata_icons'><i class='fa fa-clock-o'><\/i><\/span>\r\n\t\t\t\t\t\t\t\t\t<div class='evcal_evdata_cell'>\t\t\t\t\t\t\t\r\n\t\t\t\t\t\t\t\t\t\t<h3 class='evo_h3'><span class='evcal_evdata_icons'><i class='fa fa-clock-o'><\/i><\/span>Hor\u00e1rio<\/h3>\r\n\t\t\t\t\t\t\t\t\t\t<p>Todo o dia (Domingo)<\/p>\r\n\t\t\t\t\t\t\t\t\t<\/div>\r\n\t\t\t\t\t\t\t\t<\/div>\r\n\t\t\t\t\t\t\t<\/div><div class='evcal_col50'>\r\n\t\t\t\t\t\t\t\t<div class='evcal_evdata_row evo_location'>\r\n\t\t\t\t\t\t\t\t\t<span class='evcal_evdata_icons'><i class='fa fa-map-marker'><\/i><\/span>\r\n\t\t\t\t\t\t\t\t\t<div class='evcal_evdata_cell' data-loc_tax_id='717'>\t\t\t\t\t\t\t\r\n\t\t\t\t\t\t\t\t\t\t<h3 class='evo_h3'><span class='evcal_evdata_icons'><i class='fa fa-map-marker'><\/i><\/span>Localiza\u00e7\u00e3o<\/h3><p class='evo_location_name'>Parque da Bela Vista<\/p><p><\/p>\r\n\t\t\t\t\t\t\t\t\t<\/div>\r\n\t\t\t\t\t\t\t\t<\/div>\r\n\t\t\t\t\t\t\t<\/div><div class='clear'><\/div>\r\n\t\t\t\t\t\t\t<\/div><\/div>\r\n\t\t\t\t\t\t<\/div><div class='evo_metarow_organizer evorow evcal_evdata_row bordb evcal_evrow_sm '>\r\n\t\t\t\t\t\t\t<span class='evcal_evdata_icons'><i class='fa fa-headphones'><\/i><\/span>\r\n\t\t\t\t\t\t\t<div class='evcal_evdata_cell'>\t\t\t\t\t\t\t\r\n\t\t\t\t\t\t\t\t<h3 class='evo_h3'>Evento organizado por<\/h3>\r\n\t\t\t\t\t\t\t\t\r\n\t\t\t\t\t\t\t\t<div class='evo_card_organizer'><p class='evo_data_val evo_card_organizer_name'>\r\n\t\t\t\t\t\t\t\t\t<span class='evo_card_organizer_name_t'>Federa\u00e7\u00e3o de Triatlo de Portugal e Grupo Recreativo Janz e Associados<\/span>\r\n\t\t\t\t\t\t\t\t\t\r\n\t\t\t\t\t\t\t\t\t<\/p><\/div><div class='clear'><\/div>\t\t\t\t\t\t\t\r\n\t\t\t\t\t\t\t<\/div>\r\n\t\t\t\t\t\t<\/div>\t\t\t\t\t\t<div class='evo_metarow_ICS evorow bordb evcal_evdata_row'>\r\n\t\t\t\t\t\t\t<span class=\"evcal_evdata_icons\"><i class=\"fa fa-calendar\"><\/i><\/span>\r\n\t\t\t\t\t\t\t<div class='evcal_evdata_cell'>\r\n\t\t\t\t\t\t\t\t<p><a href='https:\/\/www.federacao-triatlo.pt\/ftp2015\/wp-admin\/admin-ajax.php?action=eventon_ics_download&amp;event_id=56510&amp;sunix=20200125T230000Z&amp;eunix=20200126T225900Z&amp;loca=&amp;locn=Parque da Bela Vista' class='evo_ics_nCal' title='Adicionar ao seu calend\u00e1rio'>Calend\u00e1rio<\/a><a href='\/\/www.google.com\/calendar\/event?action=TEMPLATE&amp;text=II+Duatlo+de+Marvila&amp;dates=20200125T230000Z\/20200126T225900Z&amp;details=II+Duatlo+de+Marvila+-+Regulamento%0D%0A%0D%0AII+Duatlo+de+Marvila+-+Percursos%0D%0A%0D%0ALista+Inscritos+Camp.+Nac.+Clubes&amp;location=Parque+da+Bela+Vista - ' target='_blank' class='evo_ics_gCal' title='Adicionar ao calend\u00e1rio Google'>GoogleCal<\/a><\/p>\t\r\n\t\t\t\t\t\t\t<\/div>\t\t\t\t\t\t<\/div>\r\n\t\t\t\t\t\t<\/div><div class='clear end'><\/div><\/div><\/div><div class='clear'><\/div><\/div><!-- ajde_evcal_calendar-->\n<div id='evcal_calendar_701' class='ajde_evcal_calendar  ul' ><div class='evo-data' data-cyear=\"2020\" data-cmonth=\"2\" data-runajax=\"1\" data-evc_open=\"0\" data-cal_ver=\"2.6\" data-mapscroll=\"true\" data-mapformat=\"roadmap\" data-mapzoom=\"14\" data-mapiconurl=\"\" data-ev_cnt=\"0\" data-show_limit=\"no\" data-tiles=\"no\" data-sort_by=\"sort_date\" data-filters_on=\"true\" data-range_start=\"0\" data-range_end=\"0\" data-send_unix=\"0\" data-ux_val=\"0\" data-accord=\"0\" data-rtl=\"no\"  ><\/div><div id='evcal_head' class='calendar_header ' ><div class='evo_cal_above'><span class='evo-gototoday-btn' style='display:none' data-mo='2' data-yr='2020' data-dy=''>Dia de Hoje<\/span><\/div><div class='evo_cal_above_content'><\/div><div class='cal_arguments' style='display:none' data-hide_past=\"no\" data-show_et_ft_img=\"yes\" data-event_order=\"ASC\" data-ft_event_priority=\"no\" data-lang=\"L1\" data-month_incre=\"0\" data-only_ft=\"no\" data-evc_open=\"no\" data-show_limit=\"no\" data-etc_override=\"no\" data-show_limit_redir=\"0\" data-tiles=\"no\" data-tile_height=\"0\" data-tile_bg=\"0\" data-tile_count=\"2\" data-tile_style=\"0\" data-s=\"\" data-members_only=\"no\" data-ux_val=\"0\" data-show_limit_ajax=\"no\" data-show_limit_paged=\"1\" ><\/div><div class='clear'><\/div><\/div><div class='evcal_month_line'><p>Fevereiro 2020<\/p><\/div><div id='evcal_list' class='eventon_events_list '><div id=\"event_56692\" class=\"eventon_list_event evo_eventtop past_event event\" data-event_id=\"56692\" data-time=\"1580515201-1580601599\" data-colr=\"#0092e0\" itemscope itemtype='http:\/\/schema.org\/Event' 1><div class=\"evo_event_schema\" style=\"display:none\" ><a itemprop='url'  href='https:\/\/www.federacao-triatlo.pt\/ftp2015\/events\/vii-duatlo-de-rio-maior\/'><\/a><span itemprop='name'  >VII Duatlo de Rio Maior<\/span><meta itemprop='image' content='https:\/\/www.federacao-triatlo.pt\/ftp2015\/wp-content\/uploads\/2019\/12\/DUATLO-RIO-MAIOR_2020-212x300.jpg' ><\/meta><meta itemprop='description' content='Regulamento VII Duatlo de Rio Maior\r\n\r\nPercursos VII Duatlo de Rio Maior\r\n\r\nLista Inscritos Camp. Nac. Clubes\r\n\r\nLista Inscritos Camp. Nac. Universit\u00e1rio\r\n\r\nLista Inscritos Prova Aberta' ><\/meta><meta itemprop='startDate' content='2020-2-1' ><\/meta><meta itemprop='endDate' content='2020-2-1' ><\/meta><meta itemprop='eventStatus' content='on-schedule' ><\/meta><script type=\"application\/ld+json\">{\t\"@context\": \"http:\/\/schema.org\",\r\n\t\t\t\t\t\t\t  \t\"@type\": \"Event\",\r\n\t\t\t\t\t\t\t  \t\"name\": \"VII Duatlo de Rio Maior\",\r\n\t\t\t\t\t\t\t  \t\"startDate\": \"2020-2-1T00-00-00-00\",\r\n\t\t\t\t\t\t\t  \t\"endDate\": \"2020-2-1T23-23-59-00\",\r\n\t\t\t\t\t\t\t  \t\"image\":\"https:\/\/www.federacao-triatlo.pt\/ftp2015\/wp-content\/uploads\/2019\/12\/DUATLO-RIO-MAIOR_2020-212x300.jpg\",\r\n\t\t\t\t\t\t\t  \t\"description\":\"Regulamento VII Duatlo de Rio Maior\r\n\r\nPercursos VII Duatlo de Rio Maior\r\n\r\nLista Inscritos Camp. Nac. Clubes\r\n\r\nLista Inscritos Camp. Nac. Universit\u00e1rio\r\n\r\nLista Inscritos Prova Aberta\",\r\n\t\t\t\t\t\t\t  \t\r\n\t\t\t\t\t\t\t }\r\n\t\t\t\t\t\t\t<\/script><\/div>\r\n\t\t\t\t<p class=\"desc_trig_outter\"><a data-gmap_status=\"null\" data-gmtrig=\"1\" data-exlk=\"0\" style=\"border-color: #0092e0;\" id=\"evc_158051520156692\" class=\"hasFtIMG desc_trig evo_camp-nac-clubes-duatlo evo_camp-nac-cadetes evo_camp-nac-juniores evo_camp-nac-universitario sin_val evcal_list_a\" data-ux_val=\"1\"  ><span class='ev_ftImg' data-img='https:\/\/www.federacao-triatlo.pt\/ftp2015\/wp-content\/uploads\/2019\/12\/DUATLO-RIO-MAIOR_2020.jpg' data-thumb='https:\/\/www.federacao-triatlo.pt\/ftp2015\/wp-content\/uploads\/2019\/12\/DUATLO-RIO-MAIOR_2020-212x300.jpg' style='background-image:url(\"https:\/\/www.federacao-triatlo.pt\/ftp2015\/wp-content\/uploads\/2019\/12\/DUATLO-RIO-MAIOR_2020-212x300.jpg\")'><\/span><span class='evcal_cblock ' data-bgcolor='#0092e0' data-smon='Fevereiro' data-syr='2020'><span class='evo_start '><em class='date'>01<\/em><em class='month'>fev<\/em><em class='time'>allday<\/em><\/span><span class='evo_end only_time'><em class='time'>allday<\/em><\/span><em class='clear'><\/em><\/span><span class='evcal_desc evo_info hide_eventtopdata '  data-location_status=\"false\" ><span class='evo_above_title'><\/span><span class='evcal_desc2 evcal_event_title' itemprop='name'>VII Duatlo de Rio Maior<\/span><span class='evo_below_title'><\/span><span class='evcal_desc_info' ><em class=\"evcal_location\"  data-add_str=\"\"><em class=\"event_location_name\">Rio Maior<\/em><\/em><\/span><span class='evcal_desc3'><span class='evcal_event_types ett1'><em><i>Tipo de Evento:<\/i><\/em><em data-filter='event_type'>Camp. Nac. Clubes Duatlo,<\/em><em data-filter='event_type'>Camp. Nac. de Cadetes,<\/em><em data-filter='event_type'>Camp. Nac. de Juniores,<\/em><em data-filter='event_type'>Camp. Nac. Universit\u00e1rio<\/em><i class='clear'><\/i><\/span><\/span><\/span><em class='clear'><\/em><\/p><\/a><div class='event_description evcal_eventcard ' style=\"display:none\"><div class='evo_metarow_directimg'><img src='https:\/\/www.federacao-triatlo.pt\/ftp2015\/wp-content\/uploads\/2019\/12\/DUATLO-RIO-MAIOR_2020.jpg' \/><\/div><div class='evo_metarow_details evorow evcal_evdata_row bordb evcal_event_details'>\r\n\t\t\t\t\t\t\t<div class=\"event_excerpt\" style=\"display:none\"><h3 class=\"padb5 evo_h3\">Detalhes do Evento<\/h3><p>Regulamento VII Duatlo de Rio Maior\r\n\r\nPercursos VII Duatlo de Rio Maior\r\n\r\nLista Inscritos Camp. Nac. Clubes\r\n\r\nLista Inscritos Camp. Nac. Universit\u00e1rio\r\n\r\nLista Inscritos Prova Aberta<\/p><\/div><span class='evcal_evdata_icons'><i class='fa fa-align-justify'><\/i><\/span>\r\n\t\t\t\t\t\t\t\r\n\t\t\t\t\t\t\t<div class='evcal_evdata_cell '><div class='eventon_full_description'>\r\n\t\t\t\t\t\t\t\t\t<h3 class='padb5 evo_h3'><span class='evcal_evdata_icons'><i class='fa fa-align-justify'><\/i><\/span>Detalhes do Evento<\/h3><div class='eventon_desc_in' itemprop='description'>\r\n\t\t\t\t\t\t\t\t\t<p><a href=\"https:\/\/www.federacao-triatlo.pt\/ftp2015\/wp-content\/uploads\/2019\/12\/0_Regulamento_VII_Duatlo_Rio_Maior_1_Fev_2020_Draft_5.pdf\">Regulamento VII Duatlo de Rio Maior<\/a><\/p>\n<p><a href=\"https:\/\/www.federacao-triatlo.pt\/ftp2015\/wp-content\/uploads\/2019\/12\/Percursos-Duatlo-de-Rio-Maior-2020-1.pdf\" target=\"_blank\" rel=\"noopener noreferrer\">Percursos VII Duatlo de Rio Maior<\/a><\/p>\n<p><a href=\"https:\/\/www.federacao-triatlo.pt\/ftp2015\/wp-content\/uploads\/2019\/12\/Lista-Inscritos-Camp.-Nac.-Clubes_1.pdf\">Lista Inscritos Camp. Nac. Clubes<\/a><\/p>\n<p><a href=\"https:\/\/www.federacao-triatlo.pt\/ftp2015\/wp-content\/uploads\/2019\/12\/Lista-Inscritos-Camp.-Nac.-Universit\u00e1rio_1.pdf\">Lista Inscritos Camp. Nac. Universit\u00e1rio<\/a><\/p>\n<p><a href=\"https:\/\/www.federacao-triatlo.pt\/ftp2015\/wp-content\/uploads\/2019\/12\/Lista-Inscritos-Prova-Aberta_1.pdf\">Lista Inscritos Prova Aberta<\/a><\/p>\n<\/div><div class='clear'><\/div>\r\n\t\t\t\t\t\t\t\t<\/div>\r\n\t\t\t\t\t\t\t<\/div>\r\n\t\t\t\t\t\t<\/div><div class='evo_metarow_time_location evorow bordb '>\r\n\t\t\t\t\t\t<div class='tb' >\r\n\t\t\t\t\t\t\t<div class='tbrow'>\r\n\t\t\t\t\t\t\t<div class='evcal_col50 bordr'>\r\n\t\t\t\t\t\t\t\t<div class='evcal_evdata_row evo_time'>\r\n\t\t\t\t\t\t\t\t\t<span class='evcal_evdata_icons'><i class='fa fa-clock-o'><\/i><\/span>\r\n\t\t\t\t\t\t\t\t\t<div class='evcal_evdata_cell'>\t\t\t\t\t\t\t\r\n\t\t\t\t\t\t\t\t\t\t<h3 class='evo_h3'><span class='evcal_evdata_icons'><i class='fa fa-clock-o'><\/i><\/span>Hor\u00e1rio<\/h3>\r\n\t\t\t\t\t\t\t\t\t\t<p>Todo o dia (S\u00e1bado)<\/p>\r\n\t\t\t\t\t\t\t\t\t<\/div>\r\n\t\t\t\t\t\t\t\t<\/div>\r\n\t\t\t\t\t\t\t<\/div><div class='evcal_col50'>\r\n\t\t\t\t\t\t\t\t<div class='evcal_evdata_row evo_location'>\r\n\t\t\t\t\t\t\t\t\t<span class='evcal_evdata_icons'><i class='fa fa-map-marker'><\/i><\/span>\r\n\t\t\t\t\t\t\t\t\t<div class='evcal_evdata_cell' data-loc_tax_id='294'>\t\t\t\t\t\t\t\r\n\t\t\t\t\t\t\t\t\t\t<h3 class='evo_h3'><span class='evcal_evdata_icons'><i class='fa fa-map-marker'><\/i><\/span>Localiza\u00e7\u00e3o<\/h3><p class='evo_location_name'>Rio Maior<\/p><p><\/p>\r\n\t\t\t\t\t\t\t\t\t<\/div>\r\n\t\t\t\t\t\t\t\t<\/div>\r\n\t\t\t\t\t\t\t<\/div><div class='clear'><\/div>\r\n\t\t\t\t\t\t\t<\/div><\/div>\r\n\t\t\t\t\t\t<\/div><div class='evo_metarow_organizer evorow evcal_evdata_row bordb evcal_evrow_sm '>\r\n\t\t\t\t\t\t\t<span class='evcal_evdata_icons'><i class='fa fa-headphones'><\/i><\/span>\r\n\t\t\t\t\t\t\t<div class='evcal_evdata_cell'>\t\t\t\t\t\t\t\r\n\t\t\t\t\t\t\t\t<h3 class='evo_h3'>Evento organizado por<\/h3>\r\n\t\t\t\t\t\t\t\t\r\n\t\t\t\t\t\t\t\t<div class='evo_card_organizer'><p class='evo_data_val evo_card_organizer_name'>\r\n\t\t\t\t\t\t\t\t\t<span class='evo_card_organizer_name_t'>FTP \/ Desmor \/ C\u00e2mara Municipal de Rio Maior<\/span><span class='evo_card_organizer_contact'>inscricoes@federacao-triatlo.pt<\/span>\r\n\t\t\t\t\t\t\t\t\t\r\n\t\t\t\t\t\t\t\t\t<\/p><\/div><div class='clear'><\/div>\t\t\t\t\t\t\t\r\n\t\t\t\t\t\t\t<\/div>\r\n\t\t\t\t\t\t<\/div>\t\t\t\t\t\t<div class='evo_metarow_ICS evorow bordb evcal_evdata_row'>\r\n\t\t\t\t\t\t\t<span class=\"evcal_evdata_icons\"><i class=\"fa fa-calendar\"><\/i><\/span>\r\n\t\t\t\t\t\t\t<div class='evcal_evdata_cell'>\r\n\t\t\t\t\t\t\t\t<p><a href='https:\/\/www.federacao-triatlo.pt\/ftp2015\/wp-admin\/admin-ajax.php?action=eventon_ics_download&amp;event_id=56692&amp;sunix=20200131T230000Z&amp;eunix=20200201T225900Z&amp;loca=&amp;locn=Rio Maior' class='evo_ics_nCal' title='Adicionar ao seu calend\u00e1rio'>Calend\u00e1rio<\/a><a href='\/\/www.google.com\/calendar\/event?action=TEMPLATE&amp;text=VII+Duatlo+de+Rio+Maior&amp;dates=20200131T230000Z\/20200201T225900Z&amp;details=Regulamento+VII+Duatlo+de+Rio+Maior%0D%0A%0D%0APercursos+VII+Duatlo+de+Rio+Maior%0D%0A%0D%0ALista+Inscritos+Camp.+Nac.+Clubes%0D%0A%0D%0ALista+Inscritos+Camp.+Nac.+Universit%C3%A1rio%0D%0A%0D%0ALista+Inscritos+Prova+Aberta&amp;location=Rio+Maior - ' target='_blank' class='evo_ics_gCal' title='Adicionar ao calend\u00e1rio Google'>GoogleCal<\/a><\/p>\t\r\n\t\t\t\t\t\t\t<\/div>\t\t\t\t\t\t<\/div>\r\n\t\t\t\t\t\t<\/div><div class='clear end'><\/div><\/div><div id=\"event_56273\" class=\"eventon_list_event evo_eventtop past_event event\" data-event_id=\"56273\" data-time=\"1581811201-1581897599\" data-colr=\"#0092e0\" itemscope itemtype='http:\/\/schema.org\/Event' 2><div class=\"evo_event_schema\" style=\"display:none\" ><a itemprop='url'  href='https:\/\/www.federacao-triatlo.pt\/ftp2015\/events\/duatlo-powerman-mafra-portugal\/'><\/a><span itemprop='name'  >DUATLO POWERMAN MAFRA PORTUGAL<\/span><meta itemprop='image' content='https:\/\/www.federacao-triatlo.pt\/ftp2015\/wp-content\/uploads\/2019\/11\/pm_plataforma-300x191.png' ><\/meta><meta itemprop='description' content='Regulamento Duatlo Powerman Mafra Portugal\r\n\r\nPowerman - Percursos CNClubes\r\n\r\nPowerman - Percursos Powerkids\r\n\r\nLista Inscritos Camp. Nac. Clubes\r\n\r\nLista Inscritos' ><\/meta><meta itemprop='startDate' content='2020-2-16' ><\/meta><meta itemprop='endDate' content='2020-2-16' ><\/meta><meta itemprop='eventStatus' content='on-schedule' ><\/meta><script type=\"application\/ld+json\">{\t\"@context\": \"http:\/\/schema.org\",\r\n\t\t\t\t\t\t\t  \t\"@type\": \"Event\",\r\n\t\t\t\t\t\t\t  \t\"name\": \"DUATLO POWERMAN MAFRA PORTUGAL\",\r\n\t\t\t\t\t\t\t  \t\"startDate\": \"2020-2-16T00-00-00-00\",\r\n\t\t\t\t\t\t\t  \t\"endDate\": \"2020-2-16T23-23-59-00\",\r\n\t\t\t\t\t\t\t  \t\"image\":\"https:\/\/www.federacao-triatlo.pt\/ftp2015\/wp-content\/uploads\/2019\/11\/pm_plataforma-300x191.png\",\r\n\t\t\t\t\t\t\t  \t\"description\":\"Regulamento Duatlo Powerman Mafra Portugal\r\n\r\nPowerman - Percursos CNClubes\r\n\r\nPowerman - Percursos Powerkids\r\n\r\nLista Inscritos Camp. Nac. Clubes\r\n\r\nLista Inscritos\",\r\n\t\t\t\t\t\t\t  \t\r\n\t\t\t\t\t\t\t }\r\n\t\t\t\t\t\t\t<\/script><\/div>\r\n\t\t\t\t<p class=\"desc_trig_outter\"><a data-gmap_status=\"null\" data-exlk=\"0\" style=\"border-color: #0092e0;\" id=\"evc_158181120156273\" class=\"hasFtIMG desc_trig evo_camp-nac-clubes-duatlo evo_prova-aberta sin_val evcal_list_a\" data-ux_val=\"1\"  ><span class='ev_ftImg' data-img='https:\/\/www.federacao-triatlo.pt\/ftp2015\/wp-content\/uploads\/2019\/11\/pm_plataforma.png' data-thumb='https:\/\/www.federacao-triatlo.pt\/ftp2015\/wp-content\/uploads\/2019\/11\/pm_plataforma-300x191.png' style='background-image:url(\"https:\/\/www.federacao-triatlo.pt\/ftp2015\/wp-content\/uploads\/2019\/11\/pm_plataforma-300x191.png\")'><\/span><span class='evcal_cblock ' data-bgcolor='#0092e0' data-smon='Fevereiro' data-syr='2020'><span class='evo_start '><em class='date'>16<\/em><em class='month'>fev<\/em><em class='time'>allday<\/em><\/span><span class='evo_end only_time'><em class='time'>allday<\/em><\/span><em class='clear'><\/em><\/span><span class='evcal_desc evo_info hide_eventtopdata '  data-location_status=\"false\" ><span class='evo_above_title'><\/span><span class='evcal_desc2 evcal_event_title' itemprop='name'>DUATLO POWERMAN MAFRA PORTUGAL<\/span><span class='evo_below_title'><\/span><span class='evcal_desc_info' ><\/span><span class='evcal_desc3'><span class='evcal_event_types ett1'><em><i>Tipo de Evento:<\/i><\/em><em data-filter='event_type'>Camp. Nac. Clubes Duatlo,<\/em><em data-filter='event_type'>Prova Aberta<\/em><i class='clear'><\/i><\/span><\/span><\/span><em class='clear'><\/em><\/p><\/a><div class='event_description evcal_eventcard ' style=\"display:none\"><div class='evo_metarow_directimg'><img src='https:\/\/www.federacao-triatlo.pt\/ftp2015\/wp-content\/uploads\/2019\/11\/pm_plataforma.png' \/><\/div><div class='evo_metarow_details evorow evcal_evdata_row bordb evcal_event_details'>\r\n\t\t\t\t\t\t\t<div class=\"event_excerpt\" style=\"display:none\"><h3 class=\"padb5 evo_h3\">Detalhes do Evento<\/h3><p>Regulamento Duatlo Powerman Mafra Portugal\r\n\r\nPowerman - Percursos CNClubes\r\n\r\nPowerman - Percursos Powerkids\r\n\r\nLista Inscritos Camp. Nac. Clubes\r\n\r\nLista Inscritos<\/p><\/div><span class='evcal_evdata_icons'><i class='fa fa-align-justify'><\/i><\/span>\r\n\t\t\t\t\t\t\t\r\n\t\t\t\t\t\t\t<div class='evcal_evdata_cell '><div class='eventon_full_description'>\r\n\t\t\t\t\t\t\t\t\t<h3 class='padb5 evo_h3'><span class='evcal_evdata_icons'><i class='fa fa-align-justify'><\/i><\/span>Detalhes do Evento<\/h3><div class='eventon_desc_in' itemprop='description'>\r\n\t\t\t\t\t\t\t\t\t<p><a href=\"https:\/\/www.federacao-triatlo.pt\/ftp2015\/wp-content\/uploads\/2019\/11\/Regulamento-Duatlo-Powerman-Mafra-Portugal-Campeonato-Nacional-de-Clubes-de-Duatlo-Longo-2.pdf\" target=\"_blank\" rel=\"noopener noreferrer\">Regulamento Duatlo Powerman Mafra Portugal<\/a><\/p>\n<p><a href=\"https:\/\/www.federacao-triatlo.pt\/ftp2015\/wp-content\/uploads\/2019\/11\/percursos-CNClubes-1.pdf\" target=\"_blank\" rel=\"noopener noreferrer\">Powerman &#8211; Percursos CNClubes<\/a><\/p>\n<p><a href=\"https:\/\/www.federacao-triatlo.pt\/ftp2015\/wp-content\/uploads\/2019\/11\/powerkids-percursos.pdf\" target=\"_blank\" rel=\"noopener noreferrer\">Powerman &#8211; Percursos Powerkids<\/a><\/p>\n<p><a href=\"https:\/\/www.federacao-triatlo.pt\/ftp2015\/wp-content\/uploads\/2020\/02\/Lista-Inscritos-Camp.-Nac.-Clubes-1.pdf\">Lista Inscritos Camp. Nac. Clubes<\/a><\/p>\n<p><a href=\"https:\/\/www.federacao-triatlo.pt\/ftp2015\/wp-content\/uploads\/2020\/02\/Lista-Inscritos-Powerkids-1.pdf\">Lista Inscritos Powerkids<\/a><\/p>\n<p><a href=\"https:\/\/www.federacao-triatlo.pt\/ftp2015\/wp-content\/uploads\/2020\/02\/Lista-Inscritos-Powerman-Long-Distance-1.pdf\">Lista Inscritos Powerman Long Distance<\/a><\/p>\n<p><a href=\"https:\/\/www.federacao-triatlo.pt\/ftp2015\/wp-content\/uploads\/2020\/02\/Lista-Inscritos-Powerman-Sprint-Distance-1.pdf\">Lista Inscritos Powerman Sprint Distance<\/a><\/p>\n<\/div><div class='clear'><\/div>\r\n\t\t\t\t\t\t\t\t<\/div>\r\n\t\t\t\t\t\t\t<\/div>\r\n\t\t\t\t\t\t<\/div><div class='evo_metarow_time evorow evcal_evdata_row bordb evcal_evrow_sm '>\r\n\t\t\t\t\t\t\t<span class='evcal_evdata_icons'><i class='fa fa-clock-o'><\/i><\/span>\r\n\t\t\t\t\t\t\t<div class='evcal_evdata_cell'>\t\t\t\t\t\t\t\r\n\t\t\t\t\t\t\t\t<h3 class='evo_h3'><span class='evcal_evdata_icons'><i class='fa fa-clock-o'><\/i><\/span>Hor\u00e1rio<\/h3><p>Todo o dia (Domingo)<\/p>\r\n\t\t\t\t\t\t\t<\/div>\r\n\t\t\t\t\t\t<\/div>\t\t\t\t\t\t<div class='evo_metarow_ICS evorow bordb evcal_evdata_row'>\r\n\t\t\t\t\t\t\t<span class=\"evcal_evdata_icons\"><i class=\"fa fa-calendar\"><\/i><\/span>\r\n\t\t\t\t\t\t\t<div class='evcal_evdata_cell'>\r\n\t\t\t\t\t\t\t\t<p><a href='https:\/\/www.federacao-triatlo.pt\/ftp2015\/wp-admin\/admin-ajax.php?action=eventon_ics_download&amp;event_id=56273&amp;sunix=20200215T230000Z&amp;eunix=20200216T225900Z&amp;loca=&amp;locn=' class='evo_ics_nCal' title='Adicionar ao seu calend\u00e1rio'>Calend\u00e1rio<\/a><a href='\/\/www.google.com\/calendar\/event?action=TEMPLATE&amp;text=DUATLO+POWERMAN+MAFRA+PORTUGAL&amp;dates=20200215T230000Z\/20200216T225900Z&amp;details=Regulamento+Duatlo+Powerman+Mafra+Portugal%0D%0A%0D%0APowerman+-+Percursos+CNClubes%0D%0A%0D%0APowerman+-+Percursos+Powerkids%0D%0A%0D%0ALista+Inscritos+Camp.+Nac.+Clubes%0D%0A%0D%0ALista+Inscritos&amp;location= - ' target='_blank' class='evo_ics_gCal' title='Adicionar ao calend\u00e1rio Google'>GoogleCal<\/a><\/p>\t\r\n\t\t\t\t\t\t\t<\/div>\t\t\t\t\t\t<\/div>\r\n\t\t\t\t\t\t<\/div><div class='clear end'><\/div><\/div><div id=\"event_56693\" class=\"eventon_list_event evo_eventtop past_event event\" data-event_id=\"56693\" data-time=\"1582329601-1582415999\" data-colr=\"#0092e0\" itemscope itemtype='http:\/\/schema.org\/Event' 3><div class=\"evo_event_schema\" style=\"display:none\" ><a itemprop='url'  href='https:\/\/www.federacao-triatlo.pt\/ftp2015\/events\/duatlo-jovem-do-entroncamento\/'><\/a><span itemprop='name'  >Duatlo Jovem do Entroncamento<\/span><meta itemprop='image' content='https:\/\/www.federacao-triatlo.pt\/ftp2015\/wp-content\/uploads\/2020\/02\/Cartaz-Duatlo-do-Entroncamento-22-FEV-2020-212x300.jpg' ><\/meta><meta itemprop='description' content='Regulamento Duatlo Jovem do Entroncamento 2020\r\n\r\nPercursos Duatlo Jovem do Entroncament0 2020\r\n\r\nSL Duatlo Jovem do Entroncamento 2020' ><\/meta><meta itemprop='startDate' content='2020-2-22' ><\/meta><meta itemprop='endDate' content='2020-2-22' ><\/meta><meta itemprop='eventStatus' content='on-schedule' ><\/meta><script type=\"application\/ld+json\">{\t\"@context\": \"http:\/\/schema.org\",\r\n\t\t\t\t\t\t\t  \t\"@type\": \"Event\",\r\n\t\t\t\t\t\t\t  \t\"name\": \"Duatlo Jovem do Entroncamento\",\r\n\t\t\t\t\t\t\t  \t\"startDate\": \"2020-2-22T00-00-00-00\",\r\n\t\t\t\t\t\t\t  \t\"endDate\": \"2020-2-22T23-23-59-00\",\r\n\t\t\t\t\t\t\t  \t\"image\":\"https:\/\/www.federacao-triatlo.pt\/ftp2015\/wp-content\/uploads\/2020\/02\/Cartaz-Duatlo-do-Entroncamento-22-FEV-2020-212x300.jpg\",\r\n\t\t\t\t\t\t\t  \t\"description\":\"Regulamento Duatlo Jovem do Entroncamento 2020\r\n\r\nPercursos Duatlo Jovem do Entroncament0 2020\r\n\r\nSL Duatlo Jovem do Entroncamento 2020\",\r\n\t\t\t\t\t\t\t  \t\r\n\t\t\t\t\t\t\t }\r\n\t\t\t\t\t\t\t<\/script><\/div>\r\n\t\t\t\t<p class=\"desc_trig_outter\"><a data-gmap_status=\"null\" data-exlk=\"0\" style=\"border-color: #0092e0;\" id=\"evc_158232960156693\" class=\"hasFtIMG desc_trig evo_camp-nac-de-juvenis evo_camp-nac-jovem sin_val evcal_list_a\" data-ux_val=\"1\"  ><span class='ev_ftImg' data-img='https:\/\/www.federacao-triatlo.pt\/ftp2015\/wp-content\/uploads\/2020\/02\/Cartaz-Duatlo-do-Entroncamento-22-FEV-2020-scaled.jpg' data-thumb='https:\/\/www.federacao-triatlo.pt\/ftp2015\/wp-content\/uploads\/2020\/02\/Cartaz-Duatlo-do-Entroncamento-22-FEV-2020-212x300.jpg' style='background-image:url(\"https:\/\/www.federacao-triatlo.pt\/ftp2015\/wp-content\/uploads\/2020\/02\/Cartaz-Duatlo-do-Entroncamento-22-FEV-2020-212x300.jpg\")'><\/span><span class='evcal_cblock ' data-bgcolor='#0092e0' data-smon='Fevereiro' data-syr='2020'><span class='evo_start '><em class='date'>22<\/em><em class='month'>fev<\/em><em class='time'>allday<\/em><\/span><span class='evo_end only_time'><em class='time'>allday<\/em><\/span><em class='clear'><\/em><\/span><span class='evcal_desc evo_info hide_eventtopdata '  data-location_status=\"false\" ><span class='evo_above_title'><\/span><span class='evcal_desc2 evcal_event_title' itemprop='name'>Duatlo Jovem do Entroncamento<\/span><span class='evo_below_title'><\/span><span class='evcal_desc_info' ><\/span><span class='evcal_desc3'><span class='evcal_event_types ett1'><em><i>Tipo de Evento:<\/i><\/em><em data-filter='event_type'>Camp. Nac. de Juvenis,<\/em><em data-filter='event_type'>Camp. Nac. Jovem<\/em><i class='clear'><\/i><\/span><\/span><\/span><em class='clear'><\/em><\/p><\/a><div class='event_description evcal_eventcard ' style=\"display:none\"><div class='evo_metarow_directimg'><img src='https:\/\/www.federacao-triatlo.pt\/ftp2015\/wp-content\/uploads\/2020\/02\/Cartaz-Duatlo-do-Entroncamento-22-FEV-2020-scaled.jpg' \/><\/div><div class='evo_metarow_details evorow evcal_evdata_row bordb evcal_event_details'>\r\n\t\t\t\t\t\t\t<div class=\"event_excerpt\" style=\"display:none\"><h3 class=\"padb5 evo_h3\">Detalhes do Evento<\/h3><p>Regulamento Duatlo Jovem do Entroncamento 2020\r\n\r\nPercursos Duatlo Jovem do Entroncament0 2020\r\n\r\nSL Duatlo Jovem do Entroncamento 2020<\/p><\/div><span class='evcal_evdata_icons'><i class='fa fa-align-justify'><\/i><\/span>\r\n\t\t\t\t\t\t\t\r\n\t\t\t\t\t\t\t<div class='evcal_evdata_cell '><div class='eventon_full_description'>\r\n\t\t\t\t\t\t\t\t\t<h3 class='padb5 evo_h3'><span class='evcal_evdata_icons'><i class='fa fa-align-justify'><\/i><\/span>Detalhes do Evento<\/h3><div class='eventon_desc_in' itemprop='description'>\r\n\t\t\t\t\t\t\t\t\t<p><a href=\"https:\/\/www.federacao-triatlo.pt\/ftp2015\/wp-content\/uploads\/2020\/02\/Regulamento-Duatlo-Entroncamento_4.pdf\" target=\"_blank\" rel=\"noopener noreferrer\">Regulamento Duatlo Jovem do Entroncamento 2020<\/a><\/p>\n<p><a href=\"https:\/\/www.federacao-triatlo.pt\/ftp2015\/wp-content\/uploads\/2020\/02\/Percursos-Duatlo-Entroncamento_3.pdf\">Percursos Duatlo Jovem do Entroncament0 2020<\/a><\/p>\n<p><a href=\"https:\/\/www.federacao-triatlo.pt\/ftp2015\/wp-content\/uploads\/2020\/02\/SL-Duatlo-Jovem-do-Entroncamento-2020-2.pdf\" target=\"_blank\" rel=\"noopener noreferrer\">SL Duatlo Jovem do Entroncamento 2020<\/a><\/p>\n<\/div><div class='clear'><\/div>\r\n\t\t\t\t\t\t\t\t<\/div>\r\n\t\t\t\t\t\t\t<\/div>\r\n\t\t\t\t\t\t<\/div><div class='evo_metarow_time evorow evcal_evdata_row bordb evcal_evrow_sm '>\r\n\t\t\t\t\t\t\t<span class='evcal_evdata_icons'><i class='fa fa-clock-o'><\/i><\/span>\r\n\t\t\t\t\t\t\t<div class='evcal_evdata_cell'>\t\t\t\t\t\t\t\r\n\t\t\t\t\t\t\t\t<h3 class='evo_h3'><span class='evcal_evdata_icons'><i class='fa fa-clock-o'><\/i><\/span>Hor\u00e1rio<\/h3><p>Todo o dia (S\u00e1bado)<\/p>\r\n\t\t\t\t\t\t\t<\/div>\r\n\t\t\t\t\t\t<\/div><div class='evo_metarow_organizer evorow evcal_evdata_row bordb evcal_evrow_sm '>\r\n\t\t\t\t\t\t\t<span class='evcal_evdata_icons'><i class='fa fa-headphones'><\/i><\/span>\r\n\t\t\t\t\t\t\t<div class='evcal_evdata_cell'>\t\t\t\t\t\t\t\r\n\t\t\t\t\t\t\t\t<h3 class='evo_h3'>Evento organizado por<\/h3>\r\n\t\t\t\t\t\t\t\t\r\n\t\t\t\t\t\t\t\t<div class='evo_card_organizer'><p class='evo_data_val evo_card_organizer_name'>\r\n\t\t\t\t\t\t\t\t\t<span class='evo_card_organizer_name_t'>FTP \/ C\u00e2mara Municipal do Entroncamento<\/span>\r\n\t\t\t\t\t\t\t\t\t\r\n\t\t\t\t\t\t\t\t\t<\/p><\/div><div class='clear'><\/div>\t\t\t\t\t\t\t\r\n\t\t\t\t\t\t\t<\/div>\r\n\t\t\t\t\t\t<\/div>\t\t\t\t\t\t<div class='evo_metarow_ICS evorow bordb evcal_evdata_row'>\r\n\t\t\t\t\t\t\t<span class=\"evcal_evdata_icons\"><i class=\"fa fa-calendar\"><\/i><\/span>\r\n\t\t\t\t\t\t\t<div class='evcal_evdata_cell'>\r\n\t\t\t\t\t\t\t\t<p><a href='https:\/\/www.federacao-triatlo.pt\/ftp2015\/wp-admin\/admin-ajax.php?action=eventon_ics_download&amp;event_id=56693&amp;sunix=20200221T230000Z&amp;eunix=20200222T225900Z&amp;loca=&amp;locn=' class='evo_ics_nCal' title='Adicionar ao seu calend\u00e1rio'>Calend\u00e1rio<\/a><a href='\/\/www.google.com\/calendar\/event?action=TEMPLATE&amp;text=Duatlo+Jovem+do+Entroncamento&amp;dates=20200221T230000Z\/20200222T225900Z&amp;details=Regulamento+Duatlo+Jovem+do+Entroncamento+2020%0D%0A%0D%0APercursos+Duatlo+Jovem+do+Entroncament0+2020%0D%0A%0D%0ASL+Duatlo+Jovem+do+Entroncamento+2020&amp;location= - ' target='_blank' class='evo_ics_gCal' title='Adicionar ao calend\u00e1rio Google'>GoogleCal<\/a><\/p>\t\r\n\t\t\t\t\t\t\t<\/div>\t\t\t\t\t\t<\/div>\r\n\t\t\t\t\t\t<\/div><div class='clear end'><\/div><\/div><div id=\"event_56695\" class=\"eventon_list_event evo_eventtop past_event event\" data-event_id=\"56695\" data-time=\"1582416001-1582502399\" data-colr=\"#0092e0\" itemscope itemtype='http:\/\/schema.org\/Event' 4><div class=\"evo_event_schema\" style=\"display:none\" ><a itemprop='url'  href='https:\/\/www.federacao-triatlo.pt\/ftp2015\/events\/xii-duatlo-de-arronches\/'><\/a><span itemprop='name'  >XII Duatlo de Arronches<\/span><meta itemprop='image' content='https:\/\/www.federacao-triatlo.pt\/ftp2015\/wp-content\/uploads\/2019\/12\/cartaz-1-212x300.jpg' ><\/meta><meta itemprop='description' content='Regulamento XII Duatlo de Arronches\r\n\r\nPercursos XII Duatlo de Arronches\r\n\r\nSL Duatlo de Arronches 2020 - Campeonato Nacional de Clubes\r\n\r\n' ><\/meta><meta itemprop='startDate' content='2020-2-23' ><\/meta><meta itemprop='endDate' content='2020-2-23' ><\/meta><meta itemprop='eventStatus' content='on-schedule' ><\/meta>\r\n\t\t\t\t\t\t\t\t\t<item style=\"display:none\" itemprop=\"location\" itemscope itemtype=\"http:\/\/schema.org\/Place\">\r\n\t\t\t\t\t\t\t\t\t\t<span itemprop=\"name\">Arronches<\/span>\r\n\t\t\t\t\t\t\t\t\t\t<span itemprop=\"address\" itemscope itemtype=\"http:\/\/schema.org\/PostalAddress\">\r\n\t\t\t\t\t\t\t\t\t\t\t<item itemprop=\"streetAddress\">Arronches<\/item>\r\n\t\t\t\t\t\t\t\t\t\t<\/span><\/item><script type=\"application\/ld+json\">{\t\"@context\": \"http:\/\/schema.org\",\r\n\t\t\t\t\t\t\t  \t\"@type\": \"Event\",\r\n\t\t\t\t\t\t\t  \t\"name\": \"XII Duatlo de Arronches\",\r\n\t\t\t\t\t\t\t  \t\"startDate\": \"2020-2-23T00-00-00-00\",\r\n\t\t\t\t\t\t\t  \t\"endDate\": \"2020-2-23T23-23-59-00\",\r\n\t\t\t\t\t\t\t  \t\"image\":\"https:\/\/www.federacao-triatlo.pt\/ftp2015\/wp-content\/uploads\/2019\/12\/cartaz-1-212x300.jpg\",\r\n\t\t\t\t\t\t\t  \t\"description\":\"Regulamento XII Duatlo de Arronches\r\n\r\nPercursos XII Duatlo de Arronches\r\n\r\nSL Duatlo de Arronches 2020 - Campeonato Nacional de Clubes\r\n\r\n\",\r\n\t\t\t\t\t\t\t  \t\"location\":{\r\n\t\t\t\t\t\t\t\t\t\t\"@type\":\"Place\",\r\n\t\t\t\t\t\t\t\t\t\t\"name\":\"Arronches\",\r\n\t\t\t\t\t\t\t\t\t\t\"address\":\"Arronches\"\r\n\t\t\t\t\t\t\t  \t\t}\r\n\t\t\t\t\t\t\t }\r\n\t\t\t\t\t\t\t<\/script><\/div>\r\n\t\t\t\t<p class=\"desc_trig_outter\"><a data-gmtrig=\"1\" data-exlk=\"0\" style=\"border-color: #0092e0;\" id=\"evc_158241600156695\" class=\"hasFtIMG desc_trig evo_camp-nac-clubes-duatlo evo_camp-nac-paratriatlo evo_prova-aberta sin_val evcal_list_a\" data-ux_val=\"1\"  ><span class='ev_ftImg' data-img='https:\/\/www.federacao-triatlo.pt\/ftp2015\/wp-content\/uploads\/2019\/12\/cartaz-1.jpg' data-thumb='https:\/\/www.federacao-triatlo.pt\/ftp2015\/wp-content\/uploads\/2019\/12\/cartaz-1-212x300.jpg' style='background-image:url(\"https:\/\/www.federacao-triatlo.pt\/ftp2015\/wp-content\/uploads\/2019\/12\/cartaz-1-212x300.jpg\")'><\/span><span class='evcal_cblock ' data-bgcolor='#0092e0' data-smon='Fevereiro' data-syr='2020'><span class='evo_start '><em class='date'>23<\/em><em class='month'>fev<\/em><em class='time'>allday<\/em><\/span><span class='evo_end only_time'><em class='time'>allday<\/em><\/span><em class='clear'><\/em><\/span><span class='evcal_desc evo_info hide_eventtopdata ' data-latlng=\"39.125890,-7.278469\"  data-location_address=\"Arronches\" data-location_type=\"lonlat\" data-location_name=\"Arronches\" data-location_status=\"true\" ><span class='evo_above_title'><\/span><span class='evcal_desc2 evcal_event_title' itemprop='name'>XII Duatlo de Arronches<\/span><span class='evo_below_title'><\/span><span class='evcal_desc_info' ><em class=\"evcal_location\" data-latlng=\"39.125890,-7.278469\"  data-add_str=\"\"><em class=\"event_location_name\">Arronches<\/em><\/em><\/span><span class='evcal_desc3'><span class='evcal_event_types ett1'><em><i>Tipo de Evento:<\/i><\/em><em data-filter='event_type'>Camp. Nac. Clubes Duatlo,<\/em><em data-filter='event_type'>Camp. Nac. Paratriatlo,<\/em><em data-filter='event_type'>Prova Aberta<\/em><i class='clear'><\/i><\/span><\/span><\/span><em class='clear'><\/em><\/p><\/a><div class='event_description evcal_eventcard ' style=\"display:none\"><div class='evo_metarow_directimg'><img src='https:\/\/www.federacao-triatlo.pt\/ftp2015\/wp-content\/uploads\/2019\/12\/cartaz-1.jpg' \/><\/div><div class='evo_metarow_details evorow evcal_evdata_row bordb evcal_event_details'>\r\n\t\t\t\t\t\t\t<div class=\"event_excerpt\" style=\"display:none\"><h3 class=\"padb5 evo_h3\">Detalhes do Evento<\/h3><p>Regulamento XII Duatlo de Arronches\r\n\r\nPercursos XII Duatlo de Arronches\r\n\r\nSL Duatlo de Arronches 2020 - Campeonato Nacional de Clubes\r\n\r\n<\/p><\/div><span class='evcal_evdata_icons'><i class='fa fa-align-justify'><\/i><\/span>\r\n\t\t\t\t\t\t\t\r\n\t\t\t\t\t\t\t<div class='evcal_evdata_cell '><div class='eventon_full_description'>\r\n\t\t\t\t\t\t\t\t\t<h3 class='padb5 evo_h3'><span class='evcal_evdata_icons'><i class='fa fa-align-justify'><\/i><\/span>Detalhes do Evento<\/h3><div class='eventon_desc_in' itemprop='description'>\r\n\t\t\t\t\t\t\t\t\t<p><a href=\"https:\/\/www.federacao-triatlo.pt\/ftp2015\/wp-content\/uploads\/2019\/12\/0_Regulamento_XII_Duatlo_de_Arronches_23_Fev_2020_draft_3.pdf\">Regulamento XII Duatlo de Arronches<\/a><\/p>\n<p><a href=\"https:\/\/www.federacao-triatlo.pt\/ftp2015\/wp-content\/uploads\/2019\/12\/Percursos-Duatlo-de-Arronches-2020.pdf\" target=\"_blank\" rel=\"noopener noreferrer\">Percursos XII Duatlo de Arronches<\/a><\/p>\n<p><a href=\"https:\/\/www.federacao-triatlo.pt\/ftp2015\/wp-content\/uploads\/2020\/02\/SL-Duatlo-de-Arronches-2020-Campeonato-Nacional-de-Clubes-1.pdf\" target=\"_blank\" rel=\"noopener noreferrer\">SL Duatlo de Arronches 2020 &#8211; Campeonato Nacional de Clubes<\/a><\/p>\n<p><a href=\"https:\/\/www.federacao-triatlo.pt\/ftp2015\/wp-content\/uploads\/2020\/02\/SL-Duatlo-de-Arronches-2020-Prova-Aberta-2.pdf\" target=\"_blank\" rel=\"noopener noreferrer\">SL Duatlo de Arronches 2020 &#8211; Prova Aberta<\/a><\/p>\n<\/div><div class='clear'><\/div>\r\n\t\t\t\t\t\t\t\t<\/div>\r\n\t\t\t\t\t\t\t<\/div>\r\n\t\t\t\t\t\t<\/div><div class='evo_metarow_gmap evorow evcal_gmaps bordb ' id='evc158241600169f505918aefc56695_gmap' style='max-width:none'><\/div><div class='evo_metarow_getDr evorow evcal_evdata_row bordb evcal_evrow_sm getdirections'>\r\n\t\t\t\t\t\t<form action='https:\/\/maps.google.com\/maps' method='get' target='_blank'>\r\n\t\t\t\t\t\t<input type='hidden' name='daddr' value='Arronches'\/> \r\n\t\t\t\t\t\t<p><input class='evoInput' type='text' name='saddr' placeholder='Escreva a morada' value=''\/>\r\n\t\t\t\t\t\t<button type='submit' class='evcal_evdata_icons evcalicon_9' title='Clique aqui para obter as dire\u00e7\u00f5es'><i class='fa fa-road'><\/i><\/button>\r\n\t\t\t\t\t\t<\/p><\/form>\r\n\t\t\t\t\t<\/div><div class='evo_metarow_time_location evorow bordb '>\r\n\t\t\t\t\t\t<div class='tb' >\r\n\t\t\t\t\t\t\t<div class='tbrow'>\r\n\t\t\t\t\t\t\t<div class='evcal_col50 bordr'>\r\n\t\t\t\t\t\t\t\t<div class='evcal_evdata_row evo_time'>\r\n\t\t\t\t\t\t\t\t\t<span class='evcal_evdata_icons'><i class='fa fa-clock-o'><\/i><\/span>\r\n\t\t\t\t\t\t\t\t\t<div class='evcal_evdata_cell'>\t\t\t\t\t\t\t\r\n\t\t\t\t\t\t\t\t\t\t<h3 class='evo_h3'><span class='evcal_evdata_icons'><i class='fa fa-clock-o'><\/i><\/span>Hor\u00e1rio<\/h3>\r\n\t\t\t\t\t\t\t\t\t\t<p>Todo o dia (Domingo)<\/p>\r\n\t\t\t\t\t\t\t\t\t<\/div>\r\n\t\t\t\t\t\t\t\t<\/div>\r\n\t\t\t\t\t\t\t<\/div><div class='evcal_col50'>\r\n\t\t\t\t\t\t\t\t<div class='evcal_evdata_row evo_location'>\r\n\t\t\t\t\t\t\t\t\t<span class='evcal_evdata_icons'><i class='fa fa-map-marker'><\/i><\/span>\r\n\t\t\t\t\t\t\t\t\t<div class='evcal_evdata_cell' data-loc_tax_id='37'>\t\t\t\t\t\t\t\r\n\t\t\t\t\t\t\t\t\t\t<h3 class='evo_h3'><span class='evcal_evdata_icons'><i class='fa fa-map-marker'><\/i><\/span>Localiza\u00e7\u00e3o<\/h3><p class='evo_location_name'>Arronches<\/p><p>Arronches<\/p>\r\n\t\t\t\t\t\t\t\t\t<\/div>\r\n\t\t\t\t\t\t\t\t<\/div>\r\n\t\t\t\t\t\t\t<\/div><div class='clear'><\/div>\r\n\t\t\t\t\t\t\t<\/div><\/div>\r\n\t\t\t\t\t\t<\/div><div class='evo_metarow_organizer evorow evcal_evdata_row bordb evcal_evrow_sm '>\r\n\t\t\t\t\t\t\t<span class='evcal_evdata_icons'><i class='fa fa-headphones'><\/i><\/span>\r\n\t\t\t\t\t\t\t<div class='evcal_evdata_cell'>\t\t\t\t\t\t\t\r\n\t\t\t\t\t\t\t\t<h3 class='evo_h3'>Evento organizado por<\/h3>\r\n\t\t\t\t\t\t\t\t\r\n\t\t\t\t\t\t\t\t<div class='evo_card_organizer'><p class='evo_data_val evo_card_organizer_name'>\r\n\t\t\t\t\t\t\t\t\t<span class='evo_card_organizer_name_t'>FTP \/ C\u00e2mara Municipal de Arronches<\/span><span class='evo_card_organizer_contact'>inscricoes@federacao-triatlo.pt<\/span>\r\n\t\t\t\t\t\t\t\t\t\r\n\t\t\t\t\t\t\t\t\t<\/p><\/div><div class='clear'><\/div>\t\t\t\t\t\t\t\r\n\t\t\t\t\t\t\t<\/div>\r\n\t\t\t\t\t\t<\/div>\t\t\t\t\t\t<div class='evo_metarow_ICS evorow bordb evcal_evdata_row'>\r\n\t\t\t\t\t\t\t<span class=\"evcal_evdata_icons\"><i class=\"fa fa-calendar\"><\/i><\/span>\r\n\t\t\t\t\t\t\t<div class='evcal_evdata_cell'>\r\n\t\t\t\t\t\t\t\t<p><a href='https:\/\/www.federacao-triatlo.pt\/ftp2015\/wp-admin\/admin-ajax.php?action=eventon_ics_download&amp;event_id=56695&amp;sunix=20200222T230000Z&amp;eunix=20200223T225900Z&amp;loca=Arronches&amp;locn=Arronches' class='evo_ics_nCal' title='Adicionar ao seu calend\u00e1rio'>Calend\u00e1rio<\/a><a href='\/\/www.google.com\/calendar\/event?action=TEMPLATE&amp;text=XII+Duatlo+de+Arronches&amp;dates=20200222T230000Z\/20200223T225900Z&amp;details=Regulamento+XII+Duatlo+de+Arronches%0D%0A%0D%0APercursos+XII+Duatlo+de+Arronches%0D%0A%0D%0ASL+Duatlo+de+Arronches+2020+-+Campeonato+Nacional+de+Clubes%0D%0A%0D%0A&amp;location=Arronches - Arronches' target='_blank' class='evo_ics_gCal' title='Adicionar ao calend\u00e1rio Google'>GoogleCal<\/a><\/p>\t\r\n\t\t\t\t\t\t\t<\/div>\t\t\t\t\t\t<\/div>\r\n\t\t\t\t\t\t<\/div><div class='clear end'><\/div><\/div><div id=\"event_56696\" class=\"eventon_list_event evo_eventtop past_event event\" data-event_id=\"56696\" data-time=\"1582934401-1583020799\" data-colr=\"#0092e0\" itemscope itemtype='http:\/\/schema.org\/Event' 5><div class=\"evo_event_schema\" style=\"display:none\" ><a itemprop='url'  href='https:\/\/www.federacao-triatlo.pt\/ftp2015\/events\/triatlo-de-troia\/'><\/a><span itemprop='name'  >I Triatlo de Santo Andr\u00e9<\/span><meta itemprop='image' content='https:\/\/www.federacao-triatlo.pt\/ftp2015\/wp-content\/uploads\/2020\/02\/Triatlo-A3-212x300.jpg' ><\/meta><meta itemprop='description' content='Regulamento Triatlo de Santo Andr\u00e9\r\n\r\nPercursos Triatlo de Santo Andr\u00e9\r\n\r\nLista Inscritos Ta\u00e7a de Portugal\r\n\r\n&nbsp;' ><\/meta><meta itemprop='startDate' content='2020-2-29' ><\/meta><meta itemprop='endDate' content='2020-2-29' ><\/meta><meta itemprop='eventStatus' content='on-schedule' ><\/meta><script type=\"application\/ld+json\">{\t\"@context\": \"http:\/\/schema.org\",\r\n\t\t\t\t\t\t\t  \t\"@type\": \"Event\",\r\n\t\t\t\t\t\t\t  \t\"name\": \"I Triatlo de Santo Andr\u00e9\",\r\n\t\t\t\t\t\t\t  \t\"startDate\": \"2020-2-29T00-00-00-00\",\r\n\t\t\t\t\t\t\t  \t\"endDate\": \"2020-2-29T23-23-59-00\",\r\n\t\t\t\t\t\t\t  \t\"image\":\"https:\/\/www.federacao-triatlo.pt\/ftp2015\/wp-content\/uploads\/2020\/02\/Triatlo-A3-212x300.jpg\",\r\n\t\t\t\t\t\t\t  \t\"description\":\"Regulamento Triatlo de Santo Andr\u00e9\r\n\r\nPercursos Triatlo de Santo Andr\u00e9\r\n\r\nLista Inscritos Ta\u00e7a de Portugal\r\n\r\n&nbsp;\",\r\n\t\t\t\t\t\t\t  \t\r\n\t\t\t\t\t\t\t }\r\n\t\t\t\t\t\t\t<\/script><\/div>\r\n\t\t\t\t<p class=\"desc_trig_outter\"><a data-gmap_status=\"null\" data-exlk=\"0\" style=\"border-color: #0092e0;\" id=\"evc_158293440156696\" class=\"hasFtIMG desc_trig evo_taca-de-portugal sin_val evcal_list_a\" data-ux_val=\"1\"  ><span class='ev_ftImg' data-img='https:\/\/www.federacao-triatlo.pt\/ftp2015\/wp-content\/uploads\/2020\/02\/Triatlo-A3.jpg' data-thumb='https:\/\/www.federacao-triatlo.pt\/ftp2015\/wp-content\/uploads\/2020\/02\/Triatlo-A3-212x300.jpg' style='background-image:url(\"https:\/\/www.federacao-triatlo.pt\/ftp2015\/wp-content\/uploads\/2020\/02\/Triatlo-A3-212x300.jpg\")'><\/span><span class='evcal_cblock ' data-bgcolor='#0092e0' data-smon='Fevereiro' data-syr='2020'><span class='evo_start '><em class='date'>29<\/em><em class='month'>fev<\/em><em class='time'>allday<\/em><\/span><span class='evo_end only_time'><em class='time'>allday<\/em><\/span><em class='clear'><\/em><\/span><span class='evcal_desc evo_info hide_eventtopdata '  data-location_status=\"false\" ><span class='evo_above_title'><\/span><span class='evcal_desc2 evcal_event_title' itemprop='name'>I Triatlo de Santo Andr\u00e9<\/span><span class='evo_below_title'><\/span><span class='evcal_desc_info' ><em class=\"evcal_location\"  data-add_str=\"\"><em class=\"event_location_name\">Lagoa de Santo Andr\u00e9<\/em><\/em><\/span><span class='evcal_desc3'><span class='evcal_event_types ett1'><em><i>Tipo de Evento:<\/i><\/em><em data-filter='event_type'>Ta\u00e7a de Portugal de Triatlo<\/em><i class='clear'><\/i><\/span><\/span><\/span><em class='clear'><\/em><\/p><\/a><div class='event_description evcal_eventcard ' style=\"display:none\"><div class='evo_metarow_directimg'><img src='https:\/\/www.federacao-triatlo.pt\/ftp2015\/wp-content\/uploads\/2020\/02\/Triatlo-A3.jpg' \/><\/div><div class='evo_metarow_details evorow evcal_evdata_row bordb evcal_event_details'>\r\n\t\t\t\t\t\t\t<div class=\"event_excerpt\" style=\"display:none\"><h3 class=\"padb5 evo_h3\">Detalhes do Evento<\/h3><p>Regulamento Triatlo de Santo Andr\u00e9\r\n\r\nPercursos Triatlo de Santo Andr\u00e9\r\n\r\nLista Inscritos Ta\u00e7a de Portugal\r\n\r\n&nbsp;<\/p><\/div><span class='evcal_evdata_icons'><i class='fa fa-align-justify'><\/i><\/span>\r\n\t\t\t\t\t\t\t\r\n\t\t\t\t\t\t\t<div class='evcal_evdata_cell '><div class='eventon_full_description'>\r\n\t\t\t\t\t\t\t\t\t<h3 class='padb5 evo_h3'><span class='evcal_evdata_icons'><i class='fa fa-align-justify'><\/i><\/span>Detalhes do Evento<\/h3><div class='eventon_desc_in' itemprop='description'>\r\n\t\t\t\t\t\t\t\t\t<p><a href=\"https:\/\/www.federacao-triatlo.pt\/ftp2015\/wp-content\/uploads\/2020\/02\/Regulamento-Triatlo-de-Santo-Andr\u00e9_3.pdf\">Regulamento Triatlo de Santo Andr\u00e9<\/a><\/p>\n<p><a href=\"https:\/\/www.federacao-triatlo.pt\/ftp2015\/wp-content\/uploads\/2020\/02\/Percursos-Triatlo-de-Santo-Andr\u00e9_2.pdf\">Percursos Triatlo de Santo Andr\u00e9<\/a><\/p>\n<p><a href=\"https:\/\/www.federacao-triatlo.pt\/ftp2015\/wp-content\/uploads\/2020\/02\/Lista-Inscritos-Ta\u00e7a-de-Portugal.pdf\">Lista Inscritos Ta\u00e7a de Portugal<\/a><\/p>\n<p>&nbsp;<\/p>\n<\/div><div class='clear'><\/div>\r\n\t\t\t\t\t\t\t\t<\/div>\r\n\t\t\t\t\t\t\t<\/div>\r\n\t\t\t\t\t\t<\/div><div class='evo_metarow_time_location evorow bordb '>\r\n\t\t\t\t\t\t<div class='tb' >\r\n\t\t\t\t\t\t\t<div class='tbrow'>\r\n\t\t\t\t\t\t\t<div class='evcal_col50 bordr'>\r\n\t\t\t\t\t\t\t\t<div class='evcal_evdata_row evo_time'>\r\n\t\t\t\t\t\t\t\t\t<span class='evcal_evdata_icons'><i class='fa fa-clock-o'><\/i><\/span>\r\n\t\t\t\t\t\t\t\t\t<div class='evcal_evdata_cell'>\t\t\t\t\t\t\t\r\n\t\t\t\t\t\t\t\t\t\t<h3 class='evo_h3'><span class='evcal_evdata_icons'><i class='fa fa-clock-o'><\/i><\/span>Hor\u00e1rio<\/h3>\r\n\t\t\t\t\t\t\t\t\t\t<p>Todo o dia (S\u00e1bado)<\/p>\r\n\t\t\t\t\t\t\t\t\t<\/div>\r\n\t\t\t\t\t\t\t\t<\/div>\r\n\t\t\t\t\t\t\t<\/div><div class='evcal_col50'>\r\n\t\t\t\t\t\t\t\t<div class='evcal_evdata_row evo_location'>\r\n\t\t\t\t\t\t\t\t\t<span class='evcal_evdata_icons'><i class='fa fa-map-marker'><\/i><\/span>\r\n\t\t\t\t\t\t\t\t\t<div class='evcal_evdata_cell' data-loc_tax_id='955'>\t\t\t\t\t\t\t\r\n\t\t\t\t\t\t\t\t\t\t<h3 class='evo_h3'><span class='evcal_evdata_icons'><i class='fa fa-map-marker'><\/i><\/span>Localiza\u00e7\u00e3o<\/h3><p class='evo_location_name'>Lagoa de Santo Andr\u00e9<\/p><p><\/p>\r\n\t\t\t\t\t\t\t\t\t<\/div>\r\n\t\t\t\t\t\t\t\t<\/div>\r\n\t\t\t\t\t\t\t<\/div><div class='clear'><\/div>\r\n\t\t\t\t\t\t\t<\/div><\/div>\r\n\t\t\t\t\t\t<\/div><div class='evo_metarow_organizer evorow evcal_evdata_row bordb evcal_evrow_sm '>\r\n\t\t\t\t\t\t\t<span class='evcal_evdata_icons'><i class='fa fa-headphones'><\/i><\/span>\r\n\t\t\t\t\t\t\t<div class='evcal_evdata_cell'>\t\t\t\t\t\t\t\r\n\t\t\t\t\t\t\t\t<h3 class='evo_h3'>Evento organizado por<\/h3>\r\n\t\t\t\t\t\t\t\t\r\n\t\t\t\t\t\t\t\t<div class='evo_card_organizer'><p class='evo_data_val evo_card_organizer_name'>\r\n\t\t\t\t\t\t\t\t\t<span class='evo_card_organizer_name_t'>FTP \/ C\u00e2mara Municipal de Santiago do Cac\u00e9m \/ Junta de Freguesia de Santo Andr\u00e9<\/span>\r\n\t\t\t\t\t\t\t\t\t\r\n\t\t\t\t\t\t\t\t\t<\/p><\/div><div class='clear'><\/div>\t\t\t\t\t\t\t\r\n\t\t\t\t\t\t\t<\/div>\r\n\t\t\t\t\t\t<\/div>\t\t\t\t\t\t<div class='evo_metarow_ICS evorow bordb evcal_evdata_row'>\r\n\t\t\t\t\t\t\t<span class=\"evcal_evdata_icons\"><i class=\"fa fa-calendar\"><\/i><\/span>\r\n\t\t\t\t\t\t\t<div class='evcal_evdata_cell'>\r\n\t\t\t\t\t\t\t\t<p><a href='https:\/\/www.federacao-triatlo.pt\/ftp2015\/wp-admin\/admin-ajax.php?action=eventon_ics_download&amp;event_id=56696&amp;sunix=20200228T230000Z&amp;eunix=20200229T225900Z&amp;loca=&amp;locn=Lagoa de Santo Andr\u00e9' class='evo_ics_nCal' title='Adicionar ao seu calend\u00e1rio'>Calend\u00e1rio<\/a><a href='\/\/www.google.com\/calendar\/event?action=TEMPLATE&amp;text=I+Triatlo+de+Santo+Andr%C3%A9&amp;dates=20200228T230000Z\/20200229T225900Z&amp;details=Regulamento+Triatlo+de+Santo+Andr%C3%A9%0D%0A%0D%0APercursos+Triatlo+de+Santo+Andr%C3%A9%0D%0A%0D%0ALista+Inscritos+Ta%C3%A7a+de+Portugal%0D%0A%0D%0A%26nbsp%3B&amp;location=Lagoa+de+Santo+Andr%C3%A9 - ' target='_blank' class='evo_ics_gCal' title='Adicionar ao calend\u00e1rio Google'>GoogleCal<\/a><\/p>\t\r\n\t\t\t\t\t\t\t<\/div>\t\t\t\t\t\t<\/div>\r\n\t\t\t\t\t\t<\/div><div class='clear end'><\/div><\/div><\/div><div class='clear'><\/div><\/div><!-- ajde_evcal_calendar-->\n<div id='evcal_calendar_200' class='ajde_evcal_calendar  ul' ><div class='evo-data' data-cyear=\"2020\" data-cmonth=\"3\" data-runajax=\"1\" data-evc_open=\"0\" data-cal_ver=\"2.6\" data-mapscroll=\"true\" data-mapformat=\"roadmap\" data-mapzoom=\"14\" data-mapiconurl=\"\" data-ev_cnt=\"0\" data-show_limit=\"no\" data-tiles=\"no\" data-sort_by=\"sort_date\" data-filters_on=\"true\" data-range_start=\"0\" data-range_end=\"0\" data-send_unix=\"0\" data-ux_val=\"0\" data-accord=\"0\" data-rtl=\"no\"  ><\/div><div id='evcal_head' class='calendar_header ' ><div class='evo_cal_above'><span class='evo-gototoday-btn' style='display:none' data-mo='3' data-yr='2020' data-dy=''>Dia de Hoje<\/span><\/div><div class='evo_cal_above_content'><\/div><div class='cal_arguments' style='display:none' data-hide_past=\"no\" data-show_et_ft_img=\"yes\" data-event_order=\"ASC\" data-ft_event_priority=\"no\" data-lang=\"L1\" data-month_incre=\"0\" data-only_ft=\"no\" data-evc_open=\"no\" data-show_limit=\"no\" data-etc_override=\"no\" data-show_limit_redir=\"0\" data-tiles=\"no\" data-tile_height=\"0\" data-tile_bg=\"0\" data-tile_count=\"2\" data-tile_style=\"0\" data-s=\"\" data-members_only=\"no\" data-ux_val=\"0\" data-show_limit_ajax=\"no\" data-show_limit_paged=\"1\" ><\/div><div class='clear'><\/div><\/div><div class='evcal_month_line'><p>Mar\u00e7o 2020<\/p><\/div><div id='evcal_list' class='eventon_events_list '><div id=\"event_56697\" class=\"eventon_list_event evo_eventtop past_event event\" data-event_id=\"56697\" data-time=\"1583625601-1583711999\" data-colr=\"#0092e0\" itemscope itemtype='http:\/\/schema.org\/Event' 1><div class=\"evo_event_schema\" style=\"display:none\" ><a itemprop='url'  href='https:\/\/www.federacao-triatlo.pt\/ftp2015\/events\/ii-triatlo-de-portimao\/'><\/a><span itemprop='name'  >II Triatlo de Portim\u00e3o<\/span><meta itemprop='image' content='https:\/\/www.federacao-triatlo.pt\/ftp2015\/wp-content\/uploads\/2020\/02\/Cartaz-Portim\u00e3o-212x300.jpg' ><\/meta><meta itemprop='description' content='Regulamento II Triatlo_Portim\u00e3o\r\n\r\nPercursos Campeonato Nacional de Clubes de Triatlo Portim\u00e3o\r\n\r\nCondi\u00e7\u00f5es especiais de alojamento para os atletas e acompanhantes:\r\n\r\nTriatlo de Portim\u00e3o - Hotel Tivoli Marina Portim\u00e3o\r\n\r\n' ><\/meta><meta itemprop='startDate' content='2020-3-8' ><\/meta><meta itemprop='endDate' content='2020-3-8' ><\/meta><meta itemprop='eventStatus' content='on-schedule' ><\/meta><script type=\"application\/ld+json\">{\t\"@context\": \"http:\/\/schema.org\",\r\n\t\t\t\t\t\t\t  \t\"@type\": \"Event\",\r\n\t\t\t\t\t\t\t  \t\"name\": \"II Triatlo de Portim\u00e3o\",\r\n\t\t\t\t\t\t\t  \t\"startDate\": \"2020-3-8T00-00-00-00\",\r\n\t\t\t\t\t\t\t  \t\"endDate\": \"2020-3-8T23-23-59-00\",\r\n\t\t\t\t\t\t\t  \t\"image\":\"https:\/\/www.federacao-triatlo.pt\/ftp2015\/wp-content\/uploads\/2020\/02\/Cartaz-Portim\u00e3o-212x300.jpg\",\r\n\t\t\t\t\t\t\t  \t\"description\":\"Regulamento II Triatlo_Portim\u00e3o\r\n\r\nPercursos Campeonato Nacional de Clubes de Triatlo Portim\u00e3o\r\n\r\nCondi\u00e7\u00f5es especiais de alojamento para os atletas e acompanhantes:\r\n\r\nTriatlo de Portim\u00e3o - Hotel Tivoli Marina Portim\u00e3o\r\n\r\n\",\r\n\t\t\t\t\t\t\t  \t\r\n\t\t\t\t\t\t\t }\r\n\t\t\t\t\t\t\t<\/script><\/div>\r\n\t\t\t\t<p class=\"desc_trig_outter\"><a data-gmap_status=\"null\" data-exlk=\"0\" style=\"border-color: #0092e0;\" id=\"evc_158362560156697\" class=\"hasFtIMG desc_trig evo_camp-nac-clubes-triatlo sin_val evcal_list_a\" data-ux_val=\"1\"  ><span class='ev_ftImg' data-img='https:\/\/www.federacao-triatlo.pt\/ftp2015\/wp-content\/uploads\/2020\/02\/Cartaz-Portim\u00e3o-scaled.jpg' data-thumb='https:\/\/www.federacao-triatlo.pt\/ftp2015\/wp-content\/uploads\/2020\/02\/Cartaz-Portim\u00e3o-212x300.jpg' style='background-image:url(\"https:\/\/www.federacao-triatlo.pt\/ftp2015\/wp-content\/uploads\/2020\/02\/Cartaz-Portim\u00e3o-212x300.jpg\")'><\/span><span class='evcal_cblock ' data-bgcolor='#0092e0' data-smon='Mar\u00e7o' data-syr='2020'><span class='evo_start '><em class='date'>08<\/em><em class='month'>mar<\/em><em class='time'>allday<\/em><\/span><span class='evo_end only_time'><em class='time'>allday<\/em><\/span><em class='clear'><\/em><\/span><span class='evcal_desc evo_info hide_eventtopdata '  data-location_status=\"false\" ><span class='evo_above_title'><\/span><span class='evcal_desc2 evcal_event_title' itemprop='name'>II Triatlo de Portim\u00e3o<\/span><span class='evo_below_title'><\/span><span class='evcal_desc_info' ><\/span><span class='evcal_desc3'><span class='evcal_event_types ett1'><em><i>Tipo de Evento:<\/i><\/em><em data-filter='event_type'>Camp. Nac. Clubes Triatlo<\/em><i class='clear'><\/i><\/span><\/span><\/span><em class='clear'><\/em><\/p><\/a><div class='event_description evcal_eventcard ' style=\"display:none\"><div class='evo_metarow_directimg'><img src='https:\/\/www.federacao-triatlo.pt\/ftp2015\/wp-content\/uploads\/2020\/02\/Cartaz-Portim\u00e3o-scaled.jpg' \/><\/div><div class='evo_metarow_details evorow evcal_evdata_row bordb evcal_event_details'>\r\n\t\t\t\t\t\t\t<div class=\"event_excerpt\" style=\"display:none\"><h3 class=\"padb5 evo_h3\">Detalhes do Evento<\/h3><p>Regulamento II Triatlo_Portim\u00e3o\r\n\r\nPercursos Campeonato Nacional de Clubes de Triatlo Portim\u00e3o\r\n\r\nCondi\u00e7\u00f5es especiais de alojamento para os atletas e acompanhantes:\r\n\r\nTriatlo de Portim\u00e3o - Hotel Tivoli Marina Portim\u00e3o\r\n\r\n<\/p><\/div><span class='evcal_evdata_icons'><i class='fa fa-align-justify'><\/i><\/span>\r\n\t\t\t\t\t\t\t\r\n\t\t\t\t\t\t\t<div class='evcal_evdata_cell '><div class='eventon_full_description'>\r\n\t\t\t\t\t\t\t\t\t<h3 class='padb5 evo_h3'><span class='evcal_evdata_icons'><i class='fa fa-align-justify'><\/i><\/span>Detalhes do Evento<\/h3><div class='eventon_desc_in' itemprop='description'>\r\n\t\t\t\t\t\t\t\t\t<p><a href=\"https:\/\/www.federacao-triatlo.pt\/ftp2015\/wp-content\/uploads\/2020\/02\/Regulamento-II-Triatlo_Portim\u00e3o-1.pdf\">Regulamento II Triatlo_Portim\u00e3o<\/a><\/p>\n<p><a href=\"https:\/\/www.federacao-triatlo.pt\/ftp2015\/wp-content\/uploads\/2020\/02\/Percursos-Campeonato-Nacional-de-Clubes-de-Triatlo-Portim\u00e3o.pdf\">Percursos Campeonato Nacional de Clubes de Triatlo Portim\u00e3o<\/a><\/p>\n<p>Condi\u00e7\u00f5es especiais de alojamento para os atletas e acompanhantes:<\/p>\n<p><a href=\"https:\/\/www.federacao-triatlo.pt\/ftp2015\/wp-content\/uploads\/2020\/03\/campeonato-portugues-de-triatlo_tivoli-portimao.pdf\">Triatlo de Portim\u00e3o &#8211; Hotel Tivoli Marina Portim\u00e3o<\/a><\/p>\n<p><a href=\"https:\/\/www.federacao-triatlo.pt\/ftp2015\/wp-content\/uploads\/2019\/12\/SL-Triatlo-de-Portim\u00e3o-2020-Campeonato-Nacional-de-Clubes.pdf\" target=\"_blank\" rel=\"noopener noreferrer\">SL Triatlo de Portim\u00e3o 2020 &#8211; Campeonato Nacional de Clubes<\/a><\/p>\n<p><a href=\"https:\/\/www.federacao-triatlo.pt\/ftp2015\/wp-content\/uploads\/2020\/03\/SL-Triatlo-de-Portim\u00e3o-2020-Campeonato-Nacional-Militar.pdf\" target=\"_blank\" rel=\"noopener noreferrer\">SL Triatlo de Portim\u00e3o 2020 &#8211; Campeonato Nacional Militar<\/a><\/p>\n<\/div><div class='clear'><\/div>\r\n\t\t\t\t\t\t\t\t<\/div>\r\n\t\t\t\t\t\t\t<\/div>\r\n\t\t\t\t\t\t<\/div><div class='evo_metarow_time evorow evcal_evdata_row bordb evcal_evrow_sm '>\r\n\t\t\t\t\t\t\t<span class='evcal_evdata_icons'><i class='fa fa-clock-o'><\/i><\/span>\r\n\t\t\t\t\t\t\t<div class='evcal_evdata_cell'>\t\t\t\t\t\t\t\r\n\t\t\t\t\t\t\t\t<h3 class='evo_h3'><span class='evcal_evdata_icons'><i class='fa fa-clock-o'><\/i><\/span>Hor\u00e1rio<\/h3><p>Todo o dia (Domingo)<\/p>\r\n\t\t\t\t\t\t\t<\/div>\r\n\t\t\t\t\t\t<\/div><div class='evo_metarow_organizer evorow evcal_evdata_row bordb evcal_evrow_sm '>\r\n\t\t\t\t\t\t\t<span class='evcal_evdata_icons'><i class='fa fa-headphones'><\/i><\/span>\r\n\t\t\t\t\t\t\t<div class='evcal_evdata_cell'>\t\t\t\t\t\t\t\r\n\t\t\t\t\t\t\t\t<h3 class='evo_h3'>Evento organizado por<\/h3>\r\n\t\t\t\t\t\t\t\t\r\n\t\t\t\t\t\t\t\t<div class='evo_card_organizer'><p class='evo_data_val evo_card_organizer_name'>\r\n\t\t\t\t\t\t\t\t\t<span class='evo_card_organizer_name_t'>FTP \/ C\u00e2mara Municipal de Portim\u00e3o<\/span>\r\n\t\t\t\t\t\t\t\t\t\r\n\t\t\t\t\t\t\t\t\t<\/p><\/div><div class='clear'><\/div>\t\t\t\t\t\t\t\r\n\t\t\t\t\t\t\t<\/div>\r\n\t\t\t\t\t\t<\/div>\t\t\t\t\t\t<div class='evo_metarow_ICS evorow bordb evcal_evdata_row'>\r\n\t\t\t\t\t\t\t<span class=\"evcal_evdata_icons\"><i class=\"fa fa-calendar\"><\/i><\/span>\r\n\t\t\t\t\t\t\t<div class='evcal_evdata_cell'>\r\n\t\t\t\t\t\t\t\t<p><a href='https:\/\/www.federacao-triatlo.pt\/ftp2015\/wp-admin\/admin-ajax.php?action=eventon_ics_download&amp;event_id=56697&amp;sunix=20200307T230000Z&amp;eunix=20200308T225900Z&amp;loca=&amp;locn=' class='evo_ics_nCal' title='Adicionar ao seu calend\u00e1rio'>Calend\u00e1rio<\/a><a href='\/\/www.google.com\/calendar\/event?action=TEMPLATE&amp;text=II+Triatlo+de+Portim%C3%A3o&amp;dates=20200307T230000Z\/20200308T225900Z&amp;details=Regulamento+II+Triatlo_Portim%C3%A3o%0D%0A%0D%0APercursos+Campeonato+Nacional+de+Clubes+de+Triatlo+Portim%C3%A3o%0D%0A%0D%0ACondi%C3%A7%C3%B5es+especiais+de+alojamento+para+os+atletas+e+acompanhantes%3A%0D%0A%0D%0ATriatlo+de+Portim%C3%A3o+-+Hotel+Tivoli+Marina+Portim%C3%A3o%0D%0A%0D%0A&amp;location= - ' target='_blank' class='evo_ics_gCal' title='Adicionar ao calend\u00e1rio Google'>GoogleCal<\/a><\/p>\t\r\n\t\t\t\t\t\t\t<\/div>\t\t\t\t\t\t<\/div>\r\n\t\t\t\t\t\t<\/div><div class='clear end'><\/div><\/div><\/div><div class='clear'><\/div><\/div><!-- ajde_evcal_calendar-->\n<div id='evcal_calendar_515' class='ajde_evcal_calendar  ul' ><div class='evo-data' data-cyear=\"2020\" data-cmonth=\"6\" data-runajax=\"1\" data-evc_open=\"0\" data-cal_ver=\"2.6\" data-mapscroll=\"true\" data-mapformat=\"roadmap\" data-mapzoom=\"14\" data-mapiconurl=\"\" data-ev_cnt=\"0\" data-show_limit=\"no\" data-tiles=\"no\" data-sort_by=\"sort_date\" data-filters_on=\"true\" data-range_start=\"0\" data-range_end=\"0\" data-send_unix=\"0\" data-ux_val=\"0\" data-accord=\"0\" data-rtl=\"no\"  ><\/div><div id='evcal_head' class='calendar_header ' ><div class='evo_cal_above'><span class='evo-gototoday-btn' style='display:none' data-mo='6' data-yr='2020' data-dy=''>Dia de Hoje<\/span><\/div><div class='evo_cal_above_content'><\/div><div class='cal_arguments' style='display:none' data-hide_past=\"no\" data-show_et_ft_img=\"yes\" data-event_order=\"ASC\" data-ft_event_priority=\"no\" data-lang=\"L1\" data-month_incre=\"0\" data-only_ft=\"no\" data-evc_open=\"no\" data-show_limit=\"no\" data-etc_override=\"no\" data-show_limit_redir=\"0\" data-tiles=\"no\" data-tile_height=\"0\" data-tile_bg=\"0\" data-tile_count=\"2\" data-tile_style=\"0\" data-s=\"\" data-members_only=\"no\" data-ux_val=\"0\" data-show_limit_ajax=\"no\" data-show_limit_paged=\"1\" ><\/div><div class='clear'><\/div><\/div><div class='evcal_month_line'><p>Junho 2020<\/p><\/div><div id='evcal_list' class='eventon_events_list '><div id=\"event_62158\" class=\"eventon_list_event evo_eventtop past_event event\" data-event_id=\"62158\" data-time=\"1593302401-1593388799\" data-colr=\"#0092e0\" itemscope itemtype='http:\/\/schema.org\/Event' 1><div class=\"evo_event_schema\" style=\"display:none\" ><a itemprop='url'  href='https:\/\/www.federacao-triatlo.pt\/ftp2015\/events\/triatlo-sprint-de-montemor-o-velho-2\/'><\/a><span itemprop='name'  >Triatlo Sprint de Montemor-o-Velho<\/span><meta itemprop='image'  ><\/meta><meta itemprop='description' content='Regulamento Triatlo de Montemor-o-Velho_1\r\n\r\nPercursos Triatlo de Montemor-o-Velho_1\r\n\r\nStart List Triatlo Sprint de Montemor-o-Velho' ><\/meta><meta itemprop='startDate' content='2020-6-28' ><\/meta><meta itemprop='endDate' content='2020-6-28' ><\/meta><meta itemprop='eventStatus' content='on-schedule' ><\/meta>\r\n\t\t\t\t\t\t\t\t\t<item style=\"display:none\" itemprop=\"location\" itemscope itemtype=\"http:\/\/schema.org\/Place\">\r\n\t\t\t\t\t\t\t\t\t\t<span itemprop=\"name\">Montemor-O-Velho<\/span>\r\n\t\t\t\t\t\t\t\t\t\t<span itemprop=\"address\" itemscope itemtype=\"http:\/\/schema.org\/PostalAddress\">\r\n\t\t\t\t\t\t\t\t\t\t\t<item itemprop=\"streetAddress\">Montemor-O-Velho<\/item>\r\n\t\t\t\t\t\t\t\t\t\t<\/span><\/item><script type=\"application\/ld+json\">{\t\"@context\": \"http:\/\/schema.org\",\r\n\t\t\t\t\t\t\t  \t\"@type\": \"Event\",\r\n\t\t\t\t\t\t\t  \t\"name\": \"Triatlo Sprint de Montemor-o-Velho\",\r\n\t\t\t\t\t\t\t  \t\"startDate\": \"2020-6-28T00-00-00-00\",\r\n\t\t\t\t\t\t\t  \t\"endDate\": \"2020-6-28T23-23-59-00\",\r\n\t\t\t\t\t\t\t  \t\"image\":,\r\n\t\t\t\t\t\t\t  \t\"description\":\"Regulamento Triatlo de Montemor-o-Velho_1\r\n\r\nPercursos Triatlo de Montemor-o-Velho_1\r\n\r\nStart List Triatlo Sprint de Montemor-o-Velho\",\r\n\t\t\t\t\t\t\t  \t\"location\":{\r\n\t\t\t\t\t\t\t\t\t\t\"@type\":\"Place\",\r\n\t\t\t\t\t\t\t\t\t\t\"name\":\"Montemor-O-Velho\",\r\n\t\t\t\t\t\t\t\t\t\t\"address\":\"Montemor-O-Velho\"\r\n\t\t\t\t\t\t\t  \t\t}\r\n\t\t\t\t\t\t\t }\r\n\t\t\t\t\t\t\t<\/script><\/div>\r\n\t\t\t\t<p class=\"desc_trig_outter\"><a data-gmtrig=\"1\" data-exlk=\"0\" style=\"border-color: #0092e0;\" id=\"evc_159330240162158\" class=\"desc_trig evo_prova-fechada sin_val evcal_list_a\" data-ux_val=\"1\"  ><span class='evcal_cblock ' data-bgcolor='#0092e0' data-smon='Junho' data-syr='2020'><span class='evo_start '><em class='date'>28<\/em><em class='month'>jun<\/em><em class='time'>allday<\/em><\/span><span class='evo_end only_time'><em class='time'>allday<\/em><\/span><em class='clear'><\/em><\/span><span class='evcal_desc evo_info hide_eventtopdata ' data-latlng=\"40.17518,-8.655031\"  data-location_address=\"Montemor-O-Velho\" data-location_type=\"lonlat\" data-location_name=\"Montemor-O-Velho\" data-location_status=\"true\" ><span class='evo_above_title'><\/span><span class='evcal_desc2 evcal_event_title' itemprop='name'>Triatlo Sprint de Montemor-o-Velho<\/span><span class='evo_below_title'><\/span><span class='evcal_desc_info' ><em class=\"evcal_location\" data-latlng=\"40.17518,-8.655031\"  data-add_str=\"\"><em class=\"event_location_name\">Montemor-O-Velho<\/em><\/em><\/span><span class='evcal_desc3'><span class='evcal_event_types ett1'><em><i>Tipo de Evento:<\/i><\/em><em data-filter='event_type'>Prova Fechada<\/em><i class='clear'><\/i><\/span><\/span><\/span><em class='clear'><\/em><\/p><\/a><div class='event_description evcal_eventcard ' style=\"display:none\"><div class='evo_metarow_details evorow evcal_evdata_row bordb evcal_event_details'>\r\n\t\t\t\t\t\t\t<div class=\"event_excerpt\" style=\"display:none\"><h3 class=\"padb5 evo_h3\">Detalhes do Evento<\/h3><p>Regulamento Triatlo de Montemor-o-Velho_1\r\n\r\nPercursos Triatlo de Montemor-o-Velho_1\r\n\r\nStart List Triatlo Sprint de Montemor-o-Velho<\/p><\/div><span class='evcal_evdata_icons'><i class='fa fa-align-justify'><\/i><\/span>\r\n\t\t\t\t\t\t\t\r\n\t\t\t\t\t\t\t<div class='evcal_evdata_cell '><div class='eventon_full_description'>\r\n\t\t\t\t\t\t\t\t\t<h3 class='padb5 evo_h3'><span class='evcal_evdata_icons'><i class='fa fa-align-justify'><\/i><\/span>Detalhes do Evento<\/h3><div class='eventon_desc_in' itemprop='description'>\r\n\t\t\t\t\t\t\t\t\t<p><a href=\"https:\/\/www.federacao-triatlo.pt\/ftp2015\/wp-content\/uploads\/2020\/06\/RegulamentoMMV.pdf\" target=\"_blank\" rel=\"noopener noreferrer\">Regulamento Triatlo de Montemor-o-Velho_1<\/a><\/p>\n<p><a href=\"https:\/\/www.federacao-triatlo.pt\/ftp2015\/wp-content\/uploads\/2020\/06\/Percursos-Triatlo-de-Montemor-o-Velho_1.pdf\">Percursos Triatlo de Montemor-o-Velho_1<\/a><\/p>\n<p><a href=\"https:\/\/www.federacao-triatlo.pt\/ftp2015\/wp-content\/uploads\/2020\/06\/Start-List-Triatlo-Sprint-de-Montemor-o-Velho.pdf\" target=\"_blank\" rel=\"noopener noreferrer\">Start List Triatlo Sprint de Montemor-o-Velho<\/a><\/p>\n<\/div><div class='clear'><\/div>\r\n\t\t\t\t\t\t\t\t<\/div>\r\n\t\t\t\t\t\t\t<\/div>\r\n\t\t\t\t\t\t<\/div><div class='evo_metarow_gmap evorow evcal_gmaps bordb ' id='evc159330240169f5059190b2562158_gmap' style='max-width:none'><\/div><div class='evo_metarow_getDr evorow evcal_evdata_row bordb evcal_evrow_sm getdirections'>\r\n\t\t\t\t\t\t<form action='https:\/\/maps.google.com\/maps' method='get' target='_blank'>\r\n\t\t\t\t\t\t<input type='hidden' name='daddr' value='Montemor-O-Velho'\/> \r\n\t\t\t\t\t\t<p><input class='evoInput' type='text' name='saddr' placeholder='Escreva a morada' value=''\/>\r\n\t\t\t\t\t\t<button type='submit' class='evcal_evdata_icons evcalicon_9' title='Clique aqui para obter as dire\u00e7\u00f5es'><i class='fa fa-road'><\/i><\/button>\r\n\t\t\t\t\t\t<\/p><\/form>\r\n\t\t\t\t\t<\/div><div class='evo_metarow_time_location evorow bordb '>\r\n\t\t\t\t\t\t<div class='tb' >\r\n\t\t\t\t\t\t\t<div class='tbrow'>\r\n\t\t\t\t\t\t\t<div class='evcal_col50 bordr'>\r\n\t\t\t\t\t\t\t\t<div class='evcal_evdata_row evo_time'>\r\n\t\t\t\t\t\t\t\t\t<span class='evcal_evdata_icons'><i class='fa fa-clock-o'><\/i><\/span>\r\n\t\t\t\t\t\t\t\t\t<div class='evcal_evdata_cell'>\t\t\t\t\t\t\t\r\n\t\t\t\t\t\t\t\t\t\t<h3 class='evo_h3'><span class='evcal_evdata_icons'><i class='fa fa-clock-o'><\/i><\/span>Hor\u00e1rio<\/h3>\r\n\t\t\t\t\t\t\t\t\t\t<p>Todo o dia (Domingo)<\/p>\r\n\t\t\t\t\t\t\t\t\t<\/div>\r\n\t\t\t\t\t\t\t\t<\/div>\r\n\t\t\t\t\t\t\t<\/div><div class='evcal_col50'>\r\n\t\t\t\t\t\t\t\t<div class='evcal_evdata_row evo_location'>\r\n\t\t\t\t\t\t\t\t\t<span class='evcal_evdata_icons'><i class='fa fa-map-marker'><\/i><\/span>\r\n\t\t\t\t\t\t\t\t\t<div class='evcal_evdata_cell' data-loc_tax_id='191'>\t\t\t\t\t\t\t\r\n\t\t\t\t\t\t\t\t\t\t<h3 class='evo_h3'><span class='evcal_evdata_icons'><i class='fa fa-map-marker'><\/i><\/span>Localiza\u00e7\u00e3o<\/h3><p class='evo_location_name'>Montemor-O-Velho<\/p><p>Montemor-O-Velho<\/p>\r\n\t\t\t\t\t\t\t\t\t<\/div>\r\n\t\t\t\t\t\t\t\t<\/div>\r\n\t\t\t\t\t\t\t<\/div><div class='clear'><\/div>\r\n\t\t\t\t\t\t\t<\/div><\/div>\r\n\t\t\t\t\t\t<\/div><div class='evo_metarow_organizer evorow evcal_evdata_row bordb evcal_evrow_sm '>\r\n\t\t\t\t\t\t\t<span class='evcal_evdata_icons'><i class='fa fa-headphones'><\/i><\/span>\r\n\t\t\t\t\t\t\t<div class='evcal_evdata_cell'>\t\t\t\t\t\t\t\r\n\t\t\t\t\t\t\t\t<h3 class='evo_h3'>Evento organizado por<\/h3>\r\n\t\t\t\t\t\t\t\t\r\n\t\t\t\t\t\t\t\t<div class='evo_card_organizer'><p class='evo_data_val evo_card_organizer_name'>\r\n\t\t\t\t\t\t\t\t\t<span class='evo_card_organizer_name_t'>FTP \/ C\u00e2mara Municipal de Montemor-O-Velho<\/span><span class='evo_card_organizer_contact'>inscricoes@federacao-triatlo.pt<\/span>\r\n\t\t\t\t\t\t\t\t\t\r\n\t\t\t\t\t\t\t\t\t<\/p><\/div><div class='clear'><\/div>\t\t\t\t\t\t\t\r\n\t\t\t\t\t\t\t<\/div>\r\n\t\t\t\t\t\t<\/div>\t\t\t\t\t\t<div class='evo_metarow_ICS evorow bordb evcal_evdata_row'>\r\n\t\t\t\t\t\t\t<span class=\"evcal_evdata_icons\"><i class=\"fa fa-calendar\"><\/i><\/span>\r\n\t\t\t\t\t\t\t<div class='evcal_evdata_cell'>\r\n\t\t\t\t\t\t\t\t<p><a href='https:\/\/www.federacao-triatlo.pt\/ftp2015\/wp-admin\/admin-ajax.php?action=eventon_ics_download&amp;event_id=62158&amp;sunix=20200627T230000Z&amp;eunix=20200628T225900Z&amp;loca=Montemor-O-Velho&amp;locn=Montemor-O-Velho' class='evo_ics_nCal' title='Adicionar ao seu calend\u00e1rio'>Calend\u00e1rio<\/a><a href='\/\/www.google.com\/calendar\/event?action=TEMPLATE&amp;text=Triatlo+Sprint+de+Montemor-o-Velho&amp;dates=20200627T230000Z\/20200628T225900Z&amp;details=Regulamento+Triatlo+de+Montemor-o-Velho_1%0D%0A%0D%0APercursos+Triatlo+de+Montemor-o-Velho_1%0D%0A%0D%0AStart+List+Triatlo+Sprint+de+Montemor-o-Velho&amp;location=Montemor-O-Velho - Montemor-O-Velho' target='_blank' class='evo_ics_gCal' title='Adicionar ao calend\u00e1rio Google'>GoogleCal<\/a><\/p>\t\r\n\t\t\t\t\t\t\t<\/div>\t\t\t\t\t\t<\/div>\r\n\t\t\t\t\t\t<\/div><div class='clear end'><\/div><\/div><\/div><div class='clear'><\/div><\/div><!-- ajde_evcal_calendar-->\n<div id='evcal_calendar_368' class='ajde_evcal_calendar  ul' ><div class='evo-data' data-cyear=\"2020\" data-cmonth=\"7\" data-runajax=\"1\" data-evc_open=\"0\" data-cal_ver=\"2.6\" data-mapscroll=\"true\" data-mapformat=\"roadmap\" data-mapzoom=\"14\" data-mapiconurl=\"\" data-ev_cnt=\"0\" data-show_limit=\"no\" data-tiles=\"no\" data-sort_by=\"sort_date\" data-filters_on=\"true\" data-range_start=\"0\" data-range_end=\"0\" data-send_unix=\"0\" data-ux_val=\"0\" data-accord=\"0\" data-rtl=\"no\"  ><\/div><div id='evcal_head' class='calendar_header ' ><div class='evo_cal_above'><span class='evo-gototoday-btn' style='display:none' data-mo='7' data-yr='2020' data-dy=''>Dia de Hoje<\/span><\/div><div class='evo_cal_above_content'><\/div><div class='cal_arguments' style='display:none' data-hide_past=\"no\" data-show_et_ft_img=\"yes\" data-event_order=\"ASC\" data-ft_event_priority=\"no\" data-lang=\"L1\" data-month_incre=\"0\" data-only_ft=\"no\" data-evc_open=\"no\" data-show_limit=\"no\" data-etc_override=\"no\" data-show_limit_redir=\"0\" data-tiles=\"no\" data-tile_height=\"0\" data-tile_bg=\"0\" data-tile_count=\"2\" data-tile_style=\"0\" data-s=\"\" data-members_only=\"no\" data-ux_val=\"0\" data-show_limit_ajax=\"no\" data-show_limit_paged=\"1\" ><\/div><div class='clear'><\/div><\/div><div class='evcal_month_line'><p>Julho 2020<\/p><\/div><div id='evcal_list' class='eventon_events_list '><div id=\"event_62154\" class=\"eventon_list_event evo_eventtop past_event event\" data-event_id=\"62154\" data-time=\"1594512001-1594598399\" data-colr=\"#0092e0\" itemscope itemtype='http:\/\/schema.org\/Event' 1><div class=\"evo_event_schema\" style=\"display:none\" ><a itemprop='url'  href='https:\/\/www.federacao-triatlo.pt\/ftp2015\/events\/triatlo-sprint-de-montemor-o-velho\/'><\/a><span itemprop='name'  >Triatlo Sprint de Montemor-o-Velho<\/span><meta itemprop='image'  ><\/meta><meta itemprop='description' content='Regulamento Triatlo de Montemor-o-Velho_2\r\n\r\nPercursos Triatlo de Montemor-o-Velho_2\r\n\r\nTriatlo Sprint de Montemor-o-Velho 2 - Start List por Vagas\r\n\r\n&nbsp;' ><\/meta><meta itemprop='startDate' content='2020-7-12' ><\/meta><meta itemprop='endDate' content='2020-7-12' ><\/meta><meta itemprop='eventStatus' content='on-schedule' ><\/meta>\r\n\t\t\t\t\t\t\t\t\t<item style=\"display:none\" itemprop=\"location\" itemscope itemtype=\"http:\/\/schema.org\/Place\">\r\n\t\t\t\t\t\t\t\t\t\t<span itemprop=\"name\">Montemor-O-Velho<\/span>\r\n\t\t\t\t\t\t\t\t\t\t<span itemprop=\"address\" itemscope itemtype=\"http:\/\/schema.org\/PostalAddress\">\r\n\t\t\t\t\t\t\t\t\t\t\t<item itemprop=\"streetAddress\">Montemor-O-Velho<\/item>\r\n\t\t\t\t\t\t\t\t\t\t<\/span><\/item><script type=\"application\/ld+json\">{\t\"@context\": \"http:\/\/schema.org\",\r\n\t\t\t\t\t\t\t  \t\"@type\": \"Event\",\r\n\t\t\t\t\t\t\t  \t\"name\": \"Triatlo Sprint de Montemor-o-Velho\",\r\n\t\t\t\t\t\t\t  \t\"startDate\": \"2020-7-12T00-00-00-00\",\r\n\t\t\t\t\t\t\t  \t\"endDate\": \"2020-7-12T23-23-59-00\",\r\n\t\t\t\t\t\t\t  \t\"image\":,\r\n\t\t\t\t\t\t\t  \t\"description\":\"Regulamento Triatlo de Montemor-o-Velho_2\r\n\r\nPercursos Triatlo de Montemor-o-Velho_2\r\n\r\nTriatlo Sprint de Montemor-o-Velho 2 - Start List por Vagas\r\n\r\n&nbsp;\",\r\n\t\t\t\t\t\t\t  \t\"location\":{\r\n\t\t\t\t\t\t\t\t\t\t\"@type\":\"Place\",\r\n\t\t\t\t\t\t\t\t\t\t\"name\":\"Montemor-O-Velho\",\r\n\t\t\t\t\t\t\t\t\t\t\"address\":\"Montemor-O-Velho\"\r\n\t\t\t\t\t\t\t  \t\t}\r\n\t\t\t\t\t\t\t }\r\n\t\t\t\t\t\t\t<\/script><\/div>\r\n\t\t\t\t<p class=\"desc_trig_outter\"><a data-gmtrig=\"1\" data-exlk=\"0\" style=\"border-color: #0092e0;\" id=\"evc_159451200162154\" class=\"desc_trig evo_prova-fechada sin_val evcal_list_a\" data-ux_val=\"1\"  ><span class='evcal_cblock ' data-bgcolor='#0092e0' data-smon='Julho' data-syr='2020'><span class='evo_start '><em class='date'>12<\/em><em class='month'>jul<\/em><em class='time'>allday<\/em><\/span><span class='evo_end only_time'><em class='time'>allday<\/em><\/span><em class='clear'><\/em><\/span><span class='evcal_desc evo_info hide_eventtopdata ' data-latlng=\"40.17518,-8.655031\"  data-location_address=\"Montemor-O-Velho\" data-location_type=\"lonlat\" data-location_name=\"Montemor-O-Velho\" data-location_status=\"true\" ><span class='evo_above_title'><\/span><span class='evcal_desc2 evcal_event_title' itemprop='name'>Triatlo Sprint de Montemor-o-Velho<\/span><span class='evo_below_title'><\/span><span class='evcal_desc_info' ><em class=\"evcal_location\" data-latlng=\"40.17518,-8.655031\"  data-add_str=\"\"><em class=\"event_location_name\">Montemor-O-Velho<\/em><\/em><\/span><span class='evcal_desc3'><span class='evcal_event_types ett1'><em><i>Tipo de Evento:<\/i><\/em><em data-filter='event_type'>Prova Fechada<\/em><i class='clear'><\/i><\/span><\/span><\/span><em class='clear'><\/em><\/p><\/a><div class='event_description evcal_eventcard ' style=\"display:none\"><div class='evo_metarow_details evorow evcal_evdata_row bordb evcal_event_details'>\r\n\t\t\t\t\t\t\t<div class=\"event_excerpt\" style=\"display:none\"><h3 class=\"padb5 evo_h3\">Detalhes do Evento<\/h3><p>Regulamento Triatlo de Montemor-o-Velho_2\r\n\r\nPercursos Triatlo de Montemor-o-Velho_2\r\n\r\nTriatlo Sprint de Montemor-o-Velho 2 - Start List por Vagas\r\n\r\n&nbsp;<\/p><\/div><span class='evcal_evdata_icons'><i class='fa fa-align-justify'><\/i><\/span>\r\n\t\t\t\t\t\t\t\r\n\t\t\t\t\t\t\t<div class='evcal_evdata_cell '><div class='eventon_full_description'>\r\n\t\t\t\t\t\t\t\t\t<h3 class='padb5 evo_h3'><span class='evcal_evdata_icons'><i class='fa fa-align-justify'><\/i><\/span>Detalhes do Evento<\/h3><div class='eventon_desc_in' itemprop='description'>\r\n\t\t\t\t\t\t\t\t\t<p><a href=\"https:\/\/www.federacao-triatlo.pt\/ftp2015\/wp-content\/uploads\/2020\/06\/RegulamentoMMV1.pdf\">Regulamento Triatlo de Montemor-o-Velho_2<\/a><\/p>\n<p><a href=\"https:\/\/www.federacao-triatlo.pt\/ftp2015\/wp-content\/uploads\/2020\/06\/percurso-Montemor-o-Velho1.pdf\">Percursos Triatlo de Montemor-o-Velho_2<\/a><\/p>\n<p><a href=\"https:\/\/www.federacao-triatlo.pt\/ftp2015\/wp-content\/uploads\/2020\/06\/Triatlo-Sprint-de-Montemor-o-Velho-2-Start-List-por-Vagas.pdf\">Triatlo Sprint de Montemor-o-Velho 2 &#8211; Start List por Vagas<\/a><\/p>\n<p>&nbsp;<\/p>\n<\/div><div class='clear'><\/div>\r\n\t\t\t\t\t\t\t\t<\/div>\r\n\t\t\t\t\t\t\t<\/div>\r\n\t\t\t\t\t\t<\/div><div class='evo_metarow_gmap evorow evcal_gmaps bordb ' id='evc159451200169f505919328562154_gmap' style='max-width:none'><\/div><div class='evo_metarow_getDr evorow evcal_evdata_row bordb evcal_evrow_sm getdirections'>\r\n\t\t\t\t\t\t<form action='https:\/\/maps.google.com\/maps' method='get' target='_blank'>\r\n\t\t\t\t\t\t<input type='hidden' name='daddr' value='Montemor-O-Velho'\/> \r\n\t\t\t\t\t\t<p><input class='evoInput' type='text' name='saddr' placeholder='Escreva a morada' value=''\/>\r\n\t\t\t\t\t\t<button type='submit' class='evcal_evdata_icons evcalicon_9' title='Clique aqui para obter as dire\u00e7\u00f5es'><i class='fa fa-road'><\/i><\/button>\r\n\t\t\t\t\t\t<\/p><\/form>\r\n\t\t\t\t\t<\/div><div class='evo_metarow_time_location evorow bordb '>\r\n\t\t\t\t\t\t<div class='tb' >\r\n\t\t\t\t\t\t\t<div class='tbrow'>\r\n\t\t\t\t\t\t\t<div class='evcal_col50 bordr'>\r\n\t\t\t\t\t\t\t\t<div class='evcal_evdata_row evo_time'>\r\n\t\t\t\t\t\t\t\t\t<span class='evcal_evdata_icons'><i class='fa fa-clock-o'><\/i><\/span>\r\n\t\t\t\t\t\t\t\t\t<div class='evcal_evdata_cell'>\t\t\t\t\t\t\t\r\n\t\t\t\t\t\t\t\t\t\t<h3 class='evo_h3'><span class='evcal_evdata_icons'><i class='fa fa-clock-o'><\/i><\/span>Hor\u00e1rio<\/h3>\r\n\t\t\t\t\t\t\t\t\t\t<p>Todo o dia (Domingo)<\/p>\r\n\t\t\t\t\t\t\t\t\t<\/div>\r\n\t\t\t\t\t\t\t\t<\/div>\r\n\t\t\t\t\t\t\t<\/div><div class='evcal_col50'>\r\n\t\t\t\t\t\t\t\t<div class='evcal_evdata_row evo_location'>\r\n\t\t\t\t\t\t\t\t\t<span class='evcal_evdata_icons'><i class='fa fa-map-marker'><\/i><\/span>\r\n\t\t\t\t\t\t\t\t\t<div class='evcal_evdata_cell' data-loc_tax_id='191'>\t\t\t\t\t\t\t\r\n\t\t\t\t\t\t\t\t\t\t<h3 class='evo_h3'><span class='evcal_evdata_icons'><i class='fa fa-map-marker'><\/i><\/span>Localiza\u00e7\u00e3o<\/h3><p class='evo_location_name'>Montemor-O-Velho<\/p><p>Montemor-O-Velho<\/p>\r\n\t\t\t\t\t\t\t\t\t<\/div>\r\n\t\t\t\t\t\t\t\t<\/div>\r\n\t\t\t\t\t\t\t<\/div><div class='clear'><\/div>\r\n\t\t\t\t\t\t\t<\/div><\/div>\r\n\t\t\t\t\t\t<\/div><div class='evo_metarow_organizer evorow evcal_evdata_row bordb evcal_evrow_sm '>\r\n\t\t\t\t\t\t\t<span class='evcal_evdata_icons'><i class='fa fa-headphones'><\/i><\/span>\r\n\t\t\t\t\t\t\t<div class='evcal_evdata_cell'>\t\t\t\t\t\t\t\r\n\t\t\t\t\t\t\t\t<h3 class='evo_h3'>Evento organizado por<\/h3>\r\n\t\t\t\t\t\t\t\t\r\n\t\t\t\t\t\t\t\t<div class='evo_card_organizer'><p class='evo_data_val evo_card_organizer_name'>\r\n\t\t\t\t\t\t\t\t\t<span class='evo_card_organizer_name_t'>FTP \/ C\u00e2mara Municipal de Montemor-O-Velho<\/span><span class='evo_card_organizer_contact'>inscricoes@federacao-triatlo.pt<\/span>\r\n\t\t\t\t\t\t\t\t\t\r\n\t\t\t\t\t\t\t\t\t<\/p><\/div><div class='clear'><\/div>\t\t\t\t\t\t\t\r\n\t\t\t\t\t\t\t<\/div>\r\n\t\t\t\t\t\t<\/div>\t\t\t\t\t\t<div class='evo_metarow_ICS evorow bordb evcal_evdata_row'>\r\n\t\t\t\t\t\t\t<span class=\"evcal_evdata_icons\"><i class=\"fa fa-calendar\"><\/i><\/span>\r\n\t\t\t\t\t\t\t<div class='evcal_evdata_cell'>\r\n\t\t\t\t\t\t\t\t<p><a href='https:\/\/www.federacao-triatlo.pt\/ftp2015\/wp-admin\/admin-ajax.php?action=eventon_ics_download&amp;event_id=62154&amp;sunix=20200711T230000Z&amp;eunix=20200712T225900Z&amp;loca=Montemor-O-Velho&amp;locn=Montemor-O-Velho' class='evo_ics_nCal' title='Adicionar ao seu calend\u00e1rio'>Calend\u00e1rio<\/a><a href='\/\/www.google.com\/calendar\/event?action=TEMPLATE&amp;text=Triatlo+Sprint+de+Montemor-o-Velho&amp;dates=20200711T230000Z\/20200712T225900Z&amp;details=Regulamento+Triatlo+de+Montemor-o-Velho_2%0D%0A%0D%0APercursos+Triatlo+de+Montemor-o-Velho_2%0D%0A%0D%0ATriatlo+Sprint+de+Montemor-o-Velho+2+-+Start+List+por+Vagas%0D%0A%0D%0A%26nbsp%3B&amp;location=Montemor-O-Velho - Montemor-O-Velho' target='_blank' class='evo_ics_gCal' title='Adicionar ao calend\u00e1rio Google'>GoogleCal<\/a><\/p>\t\r\n\t\t\t\t\t\t\t<\/div>\t\t\t\t\t\t<\/div>\r\n\t\t\t\t\t\t<\/div><div class='clear end'><\/div><\/div><div id=\"event_62142\" class=\"eventon_list_event evo_eventtop past_event event\" data-event_id=\"62142\" data-time=\"1595030401-1595116799\" data-colr=\"#0092e0\" itemscope itemtype='http:\/\/schema.org\/Event' 2><div class=\"evo_event_schema\" style=\"display:none\" ><a itemprop='url'  href='https:\/\/www.federacao-triatlo.pt\/ftp2015\/events\/triatlo-de-abrantes-2020\/'><\/a><span itemprop='name'  >Triatlo de Abrantes 2020<\/span><meta itemprop='image'  ><\/meta><meta itemprop='description' content='Regulamento Triatlo Abrantes e X Duatlo Cross Jo\u00e3o Campos 2020\r\n\r\nRegulamento Prova Apuramento\r\n\r\nPercurso Prova Apuramento Triatlo Abrantes\r\n\r\nPercurso Triatlo Abrantes Ta\u00e7a Portugal Triatlo\r\n\r\nRecomenda\u00e7\u00f5es_COVID_19_Competi\u00e7\u00f5es_Desportivas\r\n\r\n' ><\/meta><meta itemprop='startDate' content='2020-7-18' ><\/meta><meta itemprop='endDate' content='2020-7-18' ><\/meta><meta itemprop='eventStatus' content='on-schedule' ><\/meta>\r\n\t\t\t\t\t\t\t\t\t<item style=\"display:none\" itemprop=\"location\" itemscope itemtype=\"http:\/\/schema.org\/Place\">\r\n\t\t\t\t\t\t\t\t\t\t<span itemprop=\"name\">Abrantes<\/span>\r\n\t\t\t\t\t\t\t\t\t\t<span itemprop=\"address\" itemscope itemtype=\"http:\/\/schema.org\/PostalAddress\">\r\n\t\t\t\t\t\t\t\t\t\t\t<item itemprop=\"streetAddress\">Parque Urbano de S. Louren\u00e7o<\/item>\r\n\t\t\t\t\t\t\t\t\t\t<\/span><\/item><script type=\"application\/ld+json\">{\t\"@context\": \"http:\/\/schema.org\",\r\n\t\t\t\t\t\t\t  \t\"@type\": \"Event\",\r\n\t\t\t\t\t\t\t  \t\"name\": \"Triatlo de Abrantes 2020\",\r\n\t\t\t\t\t\t\t  \t\"startDate\": \"2020-7-18T00-00-00-00\",\r\n\t\t\t\t\t\t\t  \t\"endDate\": \"2020-7-18T23-23-59-00\",\r\n\t\t\t\t\t\t\t  \t\"image\":,\r\n\t\t\t\t\t\t\t  \t\"description\":\"Regulamento Triatlo Abrantes e X Duatlo Cross Jo\u00e3o Campos 2020\r\n\r\nRegulamento Prova Apuramento\r\n\r\nPercurso Prova Apuramento Triatlo Abrantes\r\n\r\nPercurso Triatlo Abrantes Ta\u00e7a Portugal Triatlo\r\n\r\nRecomenda\u00e7\u00f5es_COVID_19_Competi\u00e7\u00f5es_Desportivas\r\n\r\n\",\r\n\t\t\t\t\t\t\t  \t\"location\":{\r\n\t\t\t\t\t\t\t\t\t\t\"@type\":\"Place\",\r\n\t\t\t\t\t\t\t\t\t\t\"name\":\"Abrantes\",\r\n\t\t\t\t\t\t\t\t\t\t\"address\":\"Parque Urbano de S. Louren\u00e7o\"\r\n\t\t\t\t\t\t\t  \t\t}\r\n\t\t\t\t\t\t\t }\r\n\t\t\t\t\t\t\t<\/script><\/div>\r\n\t\t\t\t<p class=\"desc_trig_outter\"><a data-gmtrig=\"1\" data-exlk=\"0\" style=\"border-color: #0092e0;\" id=\"evc_159503040162142\" class=\"desc_trig evo_taca-de-portugal sin_val evcal_list_a\" data-ux_val=\"1\"  ><span class='evcal_cblock ' data-bgcolor='#0092e0' data-smon='Julho' data-syr='2020'><span class='evo_start '><em class='date'>18<\/em><em class='month'>jul<\/em><em class='time'>allday<\/em><\/span><span class='evo_end only_time'><em class='time'>allday<\/em><\/span><em class='clear'><\/em><\/span><span class='evcal_desc evo_info hide_eventtopdata ' data-latlng=\"39.47532496720054 ,-8.217836879260222\"  data-location_address=\"Parque Urbano de S. Louren\u00e7o\" data-location_type=\"lonlat\" data-location_name=\"Abrantes\" data-location_status=\"true\" ><span class='evo_above_title'><\/span><span class='evcal_desc2 evcal_event_title' itemprop='name'>Triatlo de Abrantes 2020<\/span><span class='evo_below_title'><\/span><span class='evcal_desc_info' ><em class=\"evcal_location\" data-latlng=\"39.47532496720054 ,-8.217836879260222\"  data-add_str=\"\"><em class=\"event_location_name\">Abrantes<\/em><\/em><\/span><span class='evcal_desc3'><span class='evcal_event_types ett1'><em><i>Tipo de Evento:<\/i><\/em><em data-filter='event_type'>Ta\u00e7a de Portugal de Triatlo<\/em><i class='clear'><\/i><\/span><\/span><\/span><em class='clear'><\/em><\/p><\/a><div class='event_description evcal_eventcard ' style=\"display:none\"><div class='evo_metarow_details evorow evcal_evdata_row bordb evcal_event_details'>\r\n\t\t\t\t\t\t\t<div class=\"event_excerpt\" style=\"display:none\"><h3 class=\"padb5 evo_h3\">Detalhes do Evento<\/h3><p>Regulamento Triatlo Abrantes e X Duatlo Cross Jo\u00e3o Campos 2020\r\n\r\nRegulamento Prova Apuramento\r\n\r\nPercurso Prova Apuramento Triatlo Abrantes\r\n\r\nPercurso Triatlo Abrantes Ta\u00e7a Portugal Triatlo\r\n\r\nRecomenda\u00e7\u00f5es_COVID_19_Competi\u00e7\u00f5es_Desportivas\r\n\r\n<\/p><\/div><span class='evcal_evdata_icons'><i class='fa fa-align-justify'><\/i><\/span>\r\n\t\t\t\t\t\t\t\r\n\t\t\t\t\t\t\t<div class='evcal_evdata_cell '><div class='eventon_full_description'>\r\n\t\t\t\t\t\t\t\t\t<h3 class='padb5 evo_h3'><span class='evcal_evdata_icons'><i class='fa fa-align-justify'><\/i><\/span>Detalhes do Evento<\/h3><div class='eventon_desc_in' itemprop='description'>\r\n\t\t\t\t\t\t\t\t\t<p><a href=\"https:\/\/www.federacao-triatlo.pt\/ftp2015\/wp-content\/uploads\/2020\/06\/Regulamento-Triatlo-Abrantes-e-X-Duatlo-Cross-Jo\u00e3o-Campos-2020.pdf\" target=\"_blank\" rel=\"noopener noreferrer\">Regulamento Triatlo Abrantes e X Duatlo Cross Jo\u00e3o Campos 2020<\/a><\/p>\n<p><a href=\"https:\/\/www.federacao-triatlo.pt\/ftp2015\/wp-content\/uploads\/2020\/06\/Regulamento-Prova-Apuramento_4.pdf\">Regulamento Prova Apuramento<\/a><\/p>\n<p><a href=\"https:\/\/www.federacao-triatlo.pt\/ftp2015\/wp-content\/uploads\/2020\/06\/Percurso-Prova-Apuramento-Triatlo-Abrantes_1.pdf\">Percurso Prova Apuramento Triatlo Abrantes<\/a><\/p>\n<p><a href=\"https:\/\/www.federacao-triatlo.pt\/ftp2015\/wp-content\/uploads\/2020\/06\/Percurso-Triatlo-Abrantes-Ta\u00e7a-Portugal-Triatlo_1.pdf\">Percurso Triatlo Abrantes Ta\u00e7a Portugal Triatlo<\/a><\/p>\n<p><a href=\"https:\/\/www.federacao-triatlo.pt\/ftp2015\/wp-content\/uploads\/2020\/07\/Recomenda\u00e7\u00f5es_COVID_19_Competi\u00e7\u00f5es_Desportivas_1.pdf\">Recomenda\u00e7\u00f5es_COVID_19_Competi\u00e7\u00f5es_Desportivas<\/a><\/p>\n<p><a href=\"https:\/\/www.federacao-triatlo.pt\/ftp2015\/wp-content\/uploads\/2020\/06\/Start-List-Triatlo-de-Abrantes-2020-Ta\u00e7a-de-Portugal-2.pdf\" target=\"_blank\" rel=\"noopener noreferrer\">Start List Triatlo de Abrantes 2020 (Ta\u00e7a de Portugal)<\/a><\/p>\n<p><a href=\"https:\/\/www.federacao-triatlo.pt\/ftp2015\/wp-content\/uploads\/2020\/06\/Start-List-Triatlo-de-Abrantes-2020-Prova-de-Sele\u00e7\u00e3o-1.pdf\" target=\"_blank\" rel=\"noopener noreferrer\">Start List Triatlo de Abrantes 2020 (Prova de Sele\u00e7\u00e3o)<\/a><\/p>\n<p><a href=\"https:\/\/www.federacao-triatlo.pt\/ftp2015\/wp-content\/uploads\/2020\/06\/Triatlo-de-Abrantes-2020-Ordem-de-Checkin-actualizada.pdf\" target=\"_blank\" rel=\"noopener noreferrer\">Triatlo de Abrantes 2020 &#8211; Ordem de Checkin (actualizada)<\/a><\/p>\n<\/div><div class='clear'><\/div>\r\n\t\t\t\t\t\t\t\t<\/div>\r\n\t\t\t\t\t\t\t<\/div>\r\n\t\t\t\t\t\t<\/div><div class='evo_metarow_gmap evorow evcal_gmaps bordb ' id='evc159503040169f5059193af962142_gmap' style='max-width:none'><\/div><div class='evo_metarow_getDr evorow evcal_evdata_row bordb evcal_evrow_sm getdirections'>\r\n\t\t\t\t\t\t<form action='https:\/\/maps.google.com\/maps' method='get' target='_blank'>\r\n\t\t\t\t\t\t<input type='hidden' name='daddr' value='Parque Urbano de S. Louren\u00e7o'\/> \r\n\t\t\t\t\t\t<p><input class='evoInput' type='text' name='saddr' placeholder='Escreva a morada' value=''\/>\r\n\t\t\t\t\t\t<button type='submit' class='evcal_evdata_icons evcalicon_9' title='Clique aqui para obter as dire\u00e7\u00f5es'><i class='fa fa-road'><\/i><\/button>\r\n\t\t\t\t\t\t<\/p><\/form>\r\n\t\t\t\t\t<\/div><div class='evo_metarow_time_location evorow bordb '>\r\n\t\t\t\t\t\t<div class='tb' >\r\n\t\t\t\t\t\t\t<div class='tbrow'>\r\n\t\t\t\t\t\t\t<div class='evcal_col50 bordr'>\r\n\t\t\t\t\t\t\t\t<div class='evcal_evdata_row evo_time'>\r\n\t\t\t\t\t\t\t\t\t<span class='evcal_evdata_icons'><i class='fa fa-clock-o'><\/i><\/span>\r\n\t\t\t\t\t\t\t\t\t<div class='evcal_evdata_cell'>\t\t\t\t\t\t\t\r\n\t\t\t\t\t\t\t\t\t\t<h3 class='evo_h3'><span class='evcal_evdata_icons'><i class='fa fa-clock-o'><\/i><\/span>Hor\u00e1rio<\/h3>\r\n\t\t\t\t\t\t\t\t\t\t<p>Todo o dia (S\u00e1bado)<\/p>\r\n\t\t\t\t\t\t\t\t\t<\/div>\r\n\t\t\t\t\t\t\t\t<\/div>\r\n\t\t\t\t\t\t\t<\/div><div class='evcal_col50'>\r\n\t\t\t\t\t\t\t\t<div class='evcal_evdata_row evo_location'>\r\n\t\t\t\t\t\t\t\t\t<span class='evcal_evdata_icons'><i class='fa fa-map-marker'><\/i><\/span>\r\n\t\t\t\t\t\t\t\t\t<div class='evcal_evdata_cell' data-loc_tax_id='107'>\t\t\t\t\t\t\t\r\n\t\t\t\t\t\t\t\t\t\t<h3 class='evo_h3'><span class='evcal_evdata_icons'><i class='fa fa-map-marker'><\/i><\/span><a target=\"_blank\" href=\"https:\/\/goo.gl\/maps\/QYh16C1JxxEjREpH9\">Localiza\u00e7\u00e3o<\/a><\/h3><p class='evo_location_name'>Abrantes<\/p><p>Parque Urbano de S. Louren\u00e7o<\/p>\r\n\t\t\t\t\t\t\t\t\t<\/div>\r\n\t\t\t\t\t\t\t\t<\/div>\r\n\t\t\t\t\t\t\t<\/div><div class='clear'><\/div>\r\n\t\t\t\t\t\t\t<\/div><\/div>\r\n\t\t\t\t\t\t<\/div><div class='evo_metarow_organizer evorow evcal_evdata_row bordb evcal_evrow_sm '>\r\n\t\t\t\t\t\t\t<span class='evcal_evdata_icons'><i class='fa fa-headphones'><\/i><\/span>\r\n\t\t\t\t\t\t\t<div class='evcal_evdata_cell'>\t\t\t\t\t\t\t\r\n\t\t\t\t\t\t\t\t<h3 class='evo_h3'>Evento organizado por<\/h3>\r\n\t\t\t\t\t\t\t\t\r\n\t\t\t\t\t\t\t\t<div class='evo_card_organizer'><p class='evo_data_val evo_card_organizer_name'>\r\n\t\t\t\t\t\t\t\t\t<span class='evo_card_organizer_name_t'>FTP \/ C\u00e2mara Municipal de Abrantes<\/span><span class='evo_card_organizer_contact'>inscricoes@federacao-triatlo.pt<\/span>\r\n\t\t\t\t\t\t\t\t\t\r\n\t\t\t\t\t\t\t\t\t<\/p><\/div><div class='clear'><\/div>\t\t\t\t\t\t\t\r\n\t\t\t\t\t\t\t<\/div>\r\n\t\t\t\t\t\t<\/div>\t\t\t\t\t\t<div class='evo_metarow_ICS evorow bordb evcal_evdata_row'>\r\n\t\t\t\t\t\t\t<span class=\"evcal_evdata_icons\"><i class=\"fa fa-calendar\"><\/i><\/span>\r\n\t\t\t\t\t\t\t<div class='evcal_evdata_cell'>\r\n\t\t\t\t\t\t\t\t<p><a href='https:\/\/www.federacao-triatlo.pt\/ftp2015\/wp-admin\/admin-ajax.php?action=eventon_ics_download&amp;event_id=62142&amp;sunix=20200717T230000Z&amp;eunix=20200718T225900Z&amp;loca=Parque Urbano de S. Louren\u00e7o&amp;locn=Abrantes' class='evo_ics_nCal' title='Adicionar ao seu calend\u00e1rio'>Calend\u00e1rio<\/a><a href='\/\/www.google.com\/calendar\/event?action=TEMPLATE&amp;text=Triatlo+de+Abrantes+2020&amp;dates=20200717T230000Z\/20200718T225900Z&amp;details=Regulamento+Triatlo+Abrantes+e+X+Duatlo+Cross+Jo%C3%A3o+Campos+2020%0D%0A%0D%0ARegulamento+Prova+Apuramento%0D%0A%0D%0APercurso+Prova+Apuramento+Triatlo+Abrantes%0D%0A%0D%0APercurso+Triatlo+Abrantes+Ta%C3%A7a+Portugal+Triatlo%0D%0A%0D%0ARecomenda%C3%A7%C3%B5es_COVID_19_Competi%C3%A7%C3%B5es_Desportivas%0D%0A%0D%0A&amp;location=Abrantes - Parque+Urbano+de+S.+Louren%C3%A7o' target='_blank' class='evo_ics_gCal' title='Adicionar ao calend\u00e1rio Google'>GoogleCal<\/a><\/p>\t\r\n\t\t\t\t\t\t\t<\/div>\t\t\t\t\t\t<\/div>\r\n\t\t\t\t\t\t<\/div><div class='clear end'><\/div><\/div><div id=\"event_56722\" class=\"eventon_list_event evo_eventtop past_event event\" data-event_id=\"56722\" data-time=\"1595116801-1595203199\" data-colr=\"#0092e0\" itemscope itemtype='http:\/\/schema.org\/Event' 3><div class=\"evo_event_schema\" style=\"display:none\" ><a itemprop='url'  href='https:\/\/www.federacao-triatlo.pt\/ftp2015\/events\/x-duatlo-cross-de-abrantes\/'><\/a><span itemprop='name'  >X Duatlo Cross de Abrantes<\/span><meta itemprop='image'  ><\/meta><meta itemprop='description' content='Regulamento Triatlo Abrantes e X Duatlo Cross Jo\u00e3o Campos\r\n\r\nPercursos X Duatlo Cross Jo\u00e3o Campos\r\n\r\nRecomenda\u00e7\u00f5es_COVID_19_Competi\u00e7\u00f5es_Desportivas\r\n\r\nStart List Duatlo de Abrantes 2020\r\n\r\nDuatlo de Abrantes -' ><\/meta><meta itemprop='startDate' content='2020-7-19' ><\/meta><meta itemprop='endDate' content='2020-7-19' ><\/meta><meta itemprop='eventStatus' content='on-schedule' ><\/meta>\r\n\t\t\t\t\t\t\t\t\t<item style=\"display:none\" itemprop=\"location\" itemscope itemtype=\"http:\/\/schema.org\/Place\">\r\n\t\t\t\t\t\t\t\t\t\t<span itemprop=\"name\">Abrantes<\/span>\r\n\t\t\t\t\t\t\t\t\t\t<span itemprop=\"address\" itemscope itemtype=\"http:\/\/schema.org\/PostalAddress\">\r\n\t\t\t\t\t\t\t\t\t\t\t<item itemprop=\"streetAddress\">Parque Urbano de S. Louren\u00e7o<\/item>\r\n\t\t\t\t\t\t\t\t\t\t<\/span><\/item><script type=\"application\/ld+json\">{\t\"@context\": \"http:\/\/schema.org\",\r\n\t\t\t\t\t\t\t  \t\"@type\": \"Event\",\r\n\t\t\t\t\t\t\t  \t\"name\": \"X Duatlo Cross de Abrantes\",\r\n\t\t\t\t\t\t\t  \t\"startDate\": \"2020-7-19T00-00-00-00\",\r\n\t\t\t\t\t\t\t  \t\"endDate\": \"2020-7-19T23-23-59-00\",\r\n\t\t\t\t\t\t\t  \t\"image\":,\r\n\t\t\t\t\t\t\t  \t\"description\":\"Regulamento Triatlo Abrantes e X Duatlo Cross Jo\u00e3o Campos\r\n\r\nPercursos X Duatlo Cross Jo\u00e3o Campos\r\n\r\nRecomenda\u00e7\u00f5es_COVID_19_Competi\u00e7\u00f5es_Desportivas\r\n\r\nStart List Duatlo de Abrantes 2020\r\n\r\nDuatlo de Abrantes -\",\r\n\t\t\t\t\t\t\t  \t\"location\":{\r\n\t\t\t\t\t\t\t\t\t\t\"@type\":\"Place\",\r\n\t\t\t\t\t\t\t\t\t\t\"name\":\"Abrantes\",\r\n\t\t\t\t\t\t\t\t\t\t\"address\":\"Parque Urbano de S. Louren\u00e7o\"\r\n\t\t\t\t\t\t\t  \t\t}\r\n\t\t\t\t\t\t\t }\r\n\t\t\t\t\t\t\t<\/script><\/div>\r\n\t\t\t\t<p class=\"desc_trig_outter\"><a data-gmtrig=\"1\" data-exlk=\"0\" style=\"border-color: #0092e0;\" id=\"evc_159511680156722\" class=\"desc_trig evo_camp-nac-clubes-duatlo-cross sin_val evcal_list_a\" data-ux_val=\"1\"  ><span class='evcal_cblock ' data-bgcolor='#0092e0' data-smon='Julho' data-syr='2020'><span class='evo_start '><em class='date'>19<\/em><em class='month'>jul<\/em><em class='time'>allday<\/em><\/span><span class='evo_end only_time'><em class='time'>allday<\/em><\/span><em class='clear'><\/em><\/span><span class='evcal_desc evo_info hide_eventtopdata ' data-latlng=\"39.47532496720054 ,-8.217836879260222\"  data-location_address=\"Parque Urbano de S. Louren\u00e7o\" data-location_type=\"lonlat\" data-location_name=\"Abrantes\" data-location_status=\"true\" ><span class='evo_above_title'><\/span><span class='evcal_desc2 evcal_event_title' itemprop='name'>X Duatlo Cross de Abrantes<\/span><span class='evo_below_title'><\/span><span class='evcal_desc_info' ><em class=\"evcal_location\" data-latlng=\"39.47532496720054 ,-8.217836879260222\"  data-add_str=\"\"><em class=\"event_location_name\">Abrantes<\/em><\/em><\/span><span class='evcal_desc3'><span class='evcal_event_types ett1'><em><i>Tipo de Evento:<\/i><\/em><em data-filter='event_type'>Camp. Nac. Clubes Duatlo Cross<\/em><i class='clear'><\/i><\/span><\/span><\/span><em class='clear'><\/em><\/p><\/a><div class='event_description evcal_eventcard ' style=\"display:none\"><div class='evo_metarow_details evorow evcal_evdata_row bordb evcal_event_details'>\r\n\t\t\t\t\t\t\t<div class=\"event_excerpt\" style=\"display:none\"><h3 class=\"padb5 evo_h3\">Detalhes do Evento<\/h3><p>Regulamento Triatlo Abrantes e X Duatlo Cross Jo\u00e3o Campos\r\n\r\nPercursos X Duatlo Cross Jo\u00e3o Campos\r\n\r\nRecomenda\u00e7\u00f5es_COVID_19_Competi\u00e7\u00f5es_Desportivas\r\n\r\nStart List Duatlo de Abrantes 2020\r\n\r\nDuatlo de Abrantes -<\/p><\/div><span class='evcal_evdata_icons'><i class='fa fa-align-justify'><\/i><\/span>\r\n\t\t\t\t\t\t\t\r\n\t\t\t\t\t\t\t<div class='evcal_evdata_cell '><div class='eventon_full_description'>\r\n\t\t\t\t\t\t\t\t\t<h3 class='padb5 evo_h3'><span class='evcal_evdata_icons'><i class='fa fa-align-justify'><\/i><\/span>Detalhes do Evento<\/h3><div class='eventon_desc_in' itemprop='description'>\r\n\t\t\t\t\t\t\t\t\t<p><a href=\"https:\/\/www.federacao-triatlo.pt\/ftp2015\/wp-content\/uploads\/2020\/06\/Regulamento-Triatlo-Abrantes-e-X-Duatlo-Cross-Jo\u00e3o-Campos_6.pdf\">Regulamento Triatlo Abrantes e X Duatlo Cross Jo\u00e3o Campos<\/a><\/p>\n<p><a href=\"https:\/\/www.federacao-triatlo.pt\/ftp2015\/wp-content\/uploads\/2019\/12\/Percursos-X-Duatlo-Cross-Jo\u00e3o-Campos_1.pdf\">Percursos X Duatlo Cross Jo\u00e3o Campos<\/a><\/p>\n<p><a href=\"https:\/\/www.federacao-triatlo.pt\/ftp2015\/wp-content\/uploads\/2020\/07\/Recomenda\u00e7\u00f5es_COVID_19_Competi\u00e7\u00f5es_Desportivas_1.pdf\">Recomenda\u00e7\u00f5es_COVID_19_Competi\u00e7\u00f5es_Desportivas<\/a><\/p>\n<p><a href=\"https:\/\/www.federacao-triatlo.pt\/ftp2015\/wp-content\/uploads\/2019\/12\/Start-List-Duatlo-de-Abrantes-2020-3.pdf\" target=\"_blank\" rel=\"noopener noreferrer\">Start List Duatlo de Abrantes 2020<\/a><\/p>\n<p><a href=\"https:\/\/www.federacao-triatlo.pt\/ftp2015\/wp-content\/uploads\/2019\/12\/Duatlo-de-Abrantes-Ordem-de-Checkin.pdf\">Duatlo de Abrantes &#8211; Ordem de Checkin<\/a><\/p>\n<p><a href=\"https:\/\/www.federacao-triatlo.pt\/ftp2015\/wp-content\/uploads\/2019\/12\/Duatlo-de-Abrantes-Ordem-de-Partida.pdf\">Duatlo de Abrantes &#8211; Ordem de Partida<\/a><\/p>\n<\/div><div class='clear'><\/div>\r\n\t\t\t\t\t\t\t\t<\/div>\r\n\t\t\t\t\t\t\t<\/div>\r\n\t\t\t\t\t\t<\/div><div class='evo_metarow_gmap evorow evcal_gmaps bordb ' id='evc159511680169f505919435356722_gmap' style='max-width:none'><\/div><div class='evo_metarow_getDr evorow evcal_evdata_row bordb evcal_evrow_sm getdirections'>\r\n\t\t\t\t\t\t<form action='https:\/\/maps.google.com\/maps' method='get' target='_blank'>\r\n\t\t\t\t\t\t<input type='hidden' name='daddr' value='Parque Urbano de S. Louren\u00e7o'\/> \r\n\t\t\t\t\t\t<p><input class='evoInput' type='text' name='saddr' placeholder='Escreva a morada' value=''\/>\r\n\t\t\t\t\t\t<button type='submit' class='evcal_evdata_icons evcalicon_9' title='Clique aqui para obter as dire\u00e7\u00f5es'><i class='fa fa-road'><\/i><\/button>\r\n\t\t\t\t\t\t<\/p><\/form>\r\n\t\t\t\t\t<\/div><div class='evo_metarow_time_location evorow bordb '>\r\n\t\t\t\t\t\t<div class='tb' >\r\n\t\t\t\t\t\t\t<div class='tbrow'>\r\n\t\t\t\t\t\t\t<div class='evcal_col50 bordr'>\r\n\t\t\t\t\t\t\t\t<div class='evcal_evdata_row evo_time'>\r\n\t\t\t\t\t\t\t\t\t<span class='evcal_evdata_icons'><i class='fa fa-clock-o'><\/i><\/span>\r\n\t\t\t\t\t\t\t\t\t<div class='evcal_evdata_cell'>\t\t\t\t\t\t\t\r\n\t\t\t\t\t\t\t\t\t\t<h3 class='evo_h3'><span class='evcal_evdata_icons'><i class='fa fa-clock-o'><\/i><\/span>Hor\u00e1rio<\/h3>\r\n\t\t\t\t\t\t\t\t\t\t<p>Todo o dia (Domingo)<\/p>\r\n\t\t\t\t\t\t\t\t\t<\/div>\r\n\t\t\t\t\t\t\t\t<\/div>\r\n\t\t\t\t\t\t\t<\/div><div class='evcal_col50'>\r\n\t\t\t\t\t\t\t\t<div class='evcal_evdata_row evo_location'>\r\n\t\t\t\t\t\t\t\t\t<span class='evcal_evdata_icons'><i class='fa fa-map-marker'><\/i><\/span>\r\n\t\t\t\t\t\t\t\t\t<div class='evcal_evdata_cell' data-loc_tax_id='107'>\t\t\t\t\t\t\t\r\n\t\t\t\t\t\t\t\t\t\t<h3 class='evo_h3'><span class='evcal_evdata_icons'><i class='fa fa-map-marker'><\/i><\/span><a target=\"_blank\" href=\"https:\/\/goo.gl\/maps\/QYh16C1JxxEjREpH9\">Localiza\u00e7\u00e3o<\/a><\/h3><p class='evo_location_name'>Abrantes<\/p><p>Parque Urbano de S. Louren\u00e7o<\/p>\r\n\t\t\t\t\t\t\t\t\t<\/div>\r\n\t\t\t\t\t\t\t\t<\/div>\r\n\t\t\t\t\t\t\t<\/div><div class='clear'><\/div>\r\n\t\t\t\t\t\t\t<\/div><\/div>\r\n\t\t\t\t\t\t<\/div><div class='evo_metarow_organizer evorow evcal_evdata_row bordb evcal_evrow_sm '>\r\n\t\t\t\t\t\t\t<span class='evcal_evdata_icons'><i class='fa fa-headphones'><\/i><\/span>\r\n\t\t\t\t\t\t\t<div class='evcal_evdata_cell'>\t\t\t\t\t\t\t\r\n\t\t\t\t\t\t\t\t<h3 class='evo_h3'>Evento organizado por<\/h3>\r\n\t\t\t\t\t\t\t\t\r\n\t\t\t\t\t\t\t\t<div class='evo_card_organizer'><p class='evo_data_val evo_card_organizer_name'>\r\n\t\t\t\t\t\t\t\t\t<span class='evo_card_organizer_name_t'>FTP \/ C\u00e2mara Municipal de Abrantes<\/span><span class='evo_card_organizer_contact'>inscricoes@federacao-triatlo.pt<\/span>\r\n\t\t\t\t\t\t\t\t\t\r\n\t\t\t\t\t\t\t\t\t<\/p><\/div><div class='clear'><\/div>\t\t\t\t\t\t\t\r\n\t\t\t\t\t\t\t<\/div>\r\n\t\t\t\t\t\t<\/div>\t\t\t\t\t\t<div class='evo_metarow_ICS evorow bordb evcal_evdata_row'>\r\n\t\t\t\t\t\t\t<span class=\"evcal_evdata_icons\"><i class=\"fa fa-calendar\"><\/i><\/span>\r\n\t\t\t\t\t\t\t<div class='evcal_evdata_cell'>\r\n\t\t\t\t\t\t\t\t<p><a href='https:\/\/www.federacao-triatlo.pt\/ftp2015\/wp-admin\/admin-ajax.php?action=eventon_ics_download&amp;event_id=56722&amp;sunix=20200718T230000Z&amp;eunix=20200719T225900Z&amp;loca=Parque Urbano de S. Louren\u00e7o&amp;locn=Abrantes' class='evo_ics_nCal' title='Adicionar ao seu calend\u00e1rio'>Calend\u00e1rio<\/a><a href='\/\/www.google.com\/calendar\/event?action=TEMPLATE&amp;text=X+Duatlo+Cross+de+Abrantes&amp;dates=20200718T230000Z\/20200719T225900Z&amp;details=Regulamento+Triatlo+Abrantes+e+X+Duatlo+Cross+Jo%C3%A3o+Campos%0D%0A%0D%0APercursos+X+Duatlo+Cross+Jo%C3%A3o+Campos%0D%0A%0D%0ARecomenda%C3%A7%C3%B5es_COVID_19_Competi%C3%A7%C3%B5es_Desportivas%0D%0A%0D%0AStart+List+Duatlo+de+Abrantes+2020%0D%0A%0D%0ADuatlo+de+Abrantes+-&amp;location=Abrantes - Parque+Urbano+de+S.+Louren%C3%A7o' target='_blank' class='evo_ics_gCal' title='Adicionar ao calend\u00e1rio Google'>GoogleCal<\/a><\/p>\t\r\n\t\t\t\t\t\t\t<\/div>\t\t\t\t\t\t<\/div>\r\n\t\t\t\t\t\t<\/div><div class='clear end'><\/div><\/div><\/div><div class='clear'><\/div><\/div><!-- ajde_evcal_calendar-->\n<div id='evcal_calendar_615' class='ajde_evcal_calendar  ul' ><div class='evo-data' data-cyear=\"2020\" data-cmonth=\"8\" data-runajax=\"1\" data-evc_open=\"0\" data-cal_ver=\"2.6\" data-mapscroll=\"true\" data-mapformat=\"roadmap\" data-mapzoom=\"14\" data-mapiconurl=\"\" data-ev_cnt=\"0\" data-show_limit=\"no\" data-tiles=\"no\" data-sort_by=\"sort_date\" data-filters_on=\"true\" data-range_start=\"0\" data-range_end=\"0\" data-send_unix=\"0\" data-ux_val=\"0\" data-accord=\"0\" data-rtl=\"no\"  ><\/div><div id='evcal_head' class='calendar_header ' ><div class='evo_cal_above'><span class='evo-gototoday-btn' style='display:none' data-mo='8' data-yr='2020' data-dy=''>Dia de Hoje<\/span><\/div><div class='evo_cal_above_content'><\/div><div class='cal_arguments' style='display:none' data-hide_past=\"no\" data-show_et_ft_img=\"yes\" data-event_order=\"ASC\" data-ft_event_priority=\"no\" data-lang=\"L1\" data-month_incre=\"0\" data-only_ft=\"no\" data-evc_open=\"no\" data-show_limit=\"no\" data-etc_override=\"no\" data-show_limit_redir=\"0\" data-tiles=\"no\" data-tile_height=\"0\" data-tile_bg=\"0\" data-tile_count=\"2\" data-tile_style=\"0\" data-s=\"\" data-members_only=\"no\" data-ux_val=\"0\" data-show_limit_ajax=\"no\" data-show_limit_paged=\"1\" ><\/div><div class='clear'><\/div><\/div><div class='evcal_month_line'><p>Agosto 2020<\/p><\/div><div id='evcal_list' class='eventon_events_list '><div id=\"event_62155\" class=\"eventon_list_event evo_eventtop past_event event\" data-event_id=\"62155\" data-time=\"1596240000-1596412740\" data-colr=\"#0092e0\" itemscope itemtype='http:\/\/schema.org\/Event' 1><div class=\"evo_event_schema\" style=\"display:none\" ><a itemprop='url'  href='https:\/\/www.federacao-triatlo.pt\/ftp2015\/events\/triatlo-de-montemor-o-velho-2020\/'><\/a><span itemprop='name'  >Triatlo de Montemor-o-Velho 2020<\/span><meta itemprop='image'  ><\/meta><meta itemprop='description' content='Regulamento Triatlo de Montemor-o-Velho 2020\r\n\r\nPercursos CN Clubes Estafetas Mistas\r\n\r\nPercursos Prova Apuramento CE Youth\r\n\r\nLista Inscritos CN Clubes Estafetas Mistas\r\n\r\nLista Inscritos Prova Apuramento CE Youth\r\n\r\nProcedimento de inscri\u00e7\u00e3o' ><\/meta><meta itemprop='startDate' content='2020-8-1' ><\/meta><meta itemprop='endDate' content='2020-8-2' ><\/meta><meta itemprop='eventStatus' content='on-schedule' ><\/meta>\r\n\t\t\t\t\t\t\t\t\t<item style=\"display:none\" itemprop=\"location\" itemscope itemtype=\"http:\/\/schema.org\/Place\">\r\n\t\t\t\t\t\t\t\t\t\t<span itemprop=\"name\">Montemor-O-Velho<\/span>\r\n\t\t\t\t\t\t\t\t\t\t<span itemprop=\"address\" itemscope itemtype=\"http:\/\/schema.org\/PostalAddress\">\r\n\t\t\t\t\t\t\t\t\t\t\t<item itemprop=\"streetAddress\">Montemor-O-Velho<\/item>\r\n\t\t\t\t\t\t\t\t\t\t<\/span><\/item><script type=\"application\/ld+json\">{\t\"@context\": \"http:\/\/schema.org\",\r\n\t\t\t\t\t\t\t  \t\"@type\": \"Event\",\r\n\t\t\t\t\t\t\t  \t\"name\": \"Triatlo de Montemor-o-Velho 2020\",\r\n\t\t\t\t\t\t\t  \t\"startDate\": \"2020-8-1T00-00-00-00\",\r\n\t\t\t\t\t\t\t  \t\"endDate\": \"2020-8-2T23-23-59-00\",\r\n\t\t\t\t\t\t\t  \t\"image\":,\r\n\t\t\t\t\t\t\t  \t\"description\":\"Regulamento Triatlo de Montemor-o-Velho 2020\r\n\r\nPercursos CN Clubes Estafetas Mistas\r\n\r\nPercursos Prova Apuramento CE Youth\r\n\r\nLista Inscritos CN Clubes Estafetas Mistas\r\n\r\nLista Inscritos Prova Apuramento CE Youth\r\n\r\nProcedimento de inscri\u00e7\u00e3o\",\r\n\t\t\t\t\t\t\t  \t\"location\":{\r\n\t\t\t\t\t\t\t\t\t\t\"@type\":\"Place\",\r\n\t\t\t\t\t\t\t\t\t\t\"name\":\"Montemor-O-Velho\",\r\n\t\t\t\t\t\t\t\t\t\t\"address\":\"Montemor-O-Velho\"\r\n\t\t\t\t\t\t\t  \t\t}\r\n\t\t\t\t\t\t\t }\r\n\t\t\t\t\t\t\t<\/script><\/div>\r\n\t\t\t\t<p class=\"desc_trig_outter\"><a data-gmtrig=\"1\" data-exlk=\"0\" style=\"border-color: #0092e0;\" id=\"evc_159624000062155\" class=\"desc_trig evo_camp-nac-de-estafetas-mistas evo_prova-selecao mul_val evcal_list_a\" data-ux_val=\"1\"  ><span class='evcal_cblock ' data-bgcolor='#0092e0' data-smon='Agosto' data-syr='2020'><span class='evo_start '><em class='date'>01<\/em><em class='month'>ago<\/em><em class='time'>0:00<\/em><\/span><span class='evo_end '><em class='date'>02<\/em><em class='time'><i>(ago 2)<\/i>23:59<\/em><\/span><em class='clear'><\/em><\/span><span class='evcal_desc evo_info hide_eventtopdata ' data-latlng=\"40.17518,-8.655031\"  data-location_address=\"Montemor-O-Velho\" data-location_type=\"lonlat\" data-location_name=\"Montemor-O-Velho\" data-location_status=\"true\" ><span class='evo_above_title'><\/span><span class='evcal_desc2 evcal_event_title' itemprop='name'>Triatlo de Montemor-o-Velho 2020<\/span><span class='evo_below_title'><\/span><span class='evcal_desc_info' ><em class=\"evcal_location\" data-latlng=\"40.17518,-8.655031\"  data-add_str=\"\"><em class=\"event_location_name\">Montemor-O-Velho<\/em><\/em><\/span><span class='evcal_desc3'><span class='evcal_event_types ett1'><em><i>Tipo de Evento:<\/i><\/em><em data-filter='event_type'>Camp. Nac. de Estafetas Mistas,<\/em><em data-filter='event_type'>Prova de Sele\u00e7\u00e3o<\/em><i class='clear'><\/i><\/span><\/span><\/span><em class='clear'><\/em><\/p><\/a><div class='event_description evcal_eventcard ' style=\"display:none\"><div class='evo_metarow_details evorow evcal_evdata_row bordb evcal_event_details'>\r\n\t\t\t\t\t\t\t<div class=\"event_excerpt\" style=\"display:none\"><h3 class=\"padb5 evo_h3\">Detalhes do Evento<\/h3><p>Regulamento Triatlo de Montemor-o-Velho 2020\r\n\r\nPercursos CN Clubes Estafetas Mistas\r\n\r\nPercursos Prova Apuramento CE Youth\r\n\r\nLista Inscritos CN Clubes Estafetas Mistas\r\n\r\nLista Inscritos Prova Apuramento CE Youth\r\n\r\nProcedimento de inscri\u00e7\u00e3o<\/p><\/div><span class='evcal_evdata_icons'><i class='fa fa-align-justify'><\/i><\/span>\r\n\t\t\t\t\t\t\t\r\n\t\t\t\t\t\t\t<div class='evcal_evdata_cell '><div class='eventon_full_description'>\r\n\t\t\t\t\t\t\t\t\t<h3 class='padb5 evo_h3'><span class='evcal_evdata_icons'><i class='fa fa-align-justify'><\/i><\/span>Detalhes do Evento<\/h3><div class='eventon_desc_in' itemprop='description'>\r\n\t\t\t\t\t\t\t\t\t<p><a href=\"https:\/\/www.federacao-triatlo.pt\/ftp2015\/wp-content\/uploads\/2020\/06\/Regulamento-MMV3_1.pdf\">Regulamento Triatlo de Montemor-o-Velho 2020<\/a><\/p>\n<p><a href=\"https:\/\/www.federacao-triatlo.pt\/ftp2015\/wp-content\/uploads\/2020\/06\/Percursos-CN-Clubes-Estafetas-Mistas.pdf\">Percursos CN Clubes Estafetas Mistas<\/a><\/p>\n<p><a href=\"https:\/\/www.federacao-triatlo.pt\/ftp2015\/wp-content\/uploads\/2020\/06\/Percursos-Prova-Apuramento-CE-Youth.pdf\">Percursos Prova Apuramento CE Youth<\/a><\/p>\n<p><a href=\"https:\/\/www.federacao-triatlo.pt\/ftp2015\/wp-content\/uploads\/2020\/06\/Lista-Inscritos-CN-Clubes-Estafetas-Mistas_2.pdf\">Lista Inscritos CN Clubes Estafetas Mistas<\/a><\/p>\n<p><a href=\"https:\/\/www.federacao-triatlo.pt\/ftp2015\/wp-content\/uploads\/2020\/06\/Lista-Inscritos-Prova-Apuramento-CE-Youth_1.pdf\">Lista Inscritos Prova Apuramento CE Youth<\/a><\/p>\n<p>Procedimento de inscri\u00e7\u00e3o para CNC Estafetas:<\/p>\n<p>Cada clube dever\u00e1 inscrever via plataforma todos os atletas que deseja que participem na prova de Estafetas.<\/p>\n<p>O valor de inscri\u00e7\u00e3o por equipa \u00e9 de 30\u20ac, pelo que ser\u00e1 cobrado por cada atleta 7,5\u20ac pela presente plataforma.<\/p>\n<p>Posteriormente, ter\u00e1 de ser preenchido o formul\u00e1rio em baixo, e enviado para inscricoes@federacao-triatlo.pt, at\u00e9 ao dia 27 de Julho.<\/p>\n<p><a href=\"https:\/\/www.federacao-triatlo.pt\/ftp2015\/wp-content\/uploads\/2020\/06\/Ficha-de-Inscri\u00e7\u00e3o-CNC-Estafetas-Mistas.doc\">Ficha de Inscri\u00e7\u00e3o CNC Estafetas Mistas<\/a><\/p>\n<p>S\u00f3 ser\u00e3o aceites inscri\u00e7\u00f5es de equipas que componham a estafeta completa (dois atletas masculinos e duas atletas femininas), mesmo que a inscri\u00e7\u00e3o repartida do atleta individualmente tenha sido feita e paga sem este estar associado a uma equipa completa.<\/p>\n<p>&nbsp;<\/p>\n<\/div><div class='clear'><\/div>\r\n\t\t\t\t\t\t\t\t<\/div>\r\n\t\t\t\t\t\t\t<\/div>\r\n\t\t\t\t\t\t<\/div><div class='evo_metarow_gmap evorow evcal_gmaps bordb ' id='evc159624000069f5059196a6f62155_gmap' style='max-width:none'><\/div><div class='evo_metarow_getDr evorow evcal_evdata_row bordb evcal_evrow_sm getdirections'>\r\n\t\t\t\t\t\t<form action='https:\/\/maps.google.com\/maps' method='get' target='_blank'>\r\n\t\t\t\t\t\t<input type='hidden' name='daddr' value='Montemor-O-Velho'\/> \r\n\t\t\t\t\t\t<p><input class='evoInput' type='text' name='saddr' placeholder='Escreva a morada' value=''\/>\r\n\t\t\t\t\t\t<button type='submit' class='evcal_evdata_icons evcalicon_9' title='Clique aqui para obter as dire\u00e7\u00f5es'><i class='fa fa-road'><\/i><\/button>\r\n\t\t\t\t\t\t<\/p><\/form>\r\n\t\t\t\t\t<\/div><div class='evo_metarow_time_location evorow bordb '>\r\n\t\t\t\t\t\t<div class='tb' >\r\n\t\t\t\t\t\t\t<div class='tbrow'>\r\n\t\t\t\t\t\t\t<div class='evcal_col50 bordr'>\r\n\t\t\t\t\t\t\t\t<div class='evcal_evdata_row evo_time'>\r\n\t\t\t\t\t\t\t\t\t<span class='evcal_evdata_icons'><i class='fa fa-clock-o'><\/i><\/span>\r\n\t\t\t\t\t\t\t\t\t<div class='evcal_evdata_cell'>\t\t\t\t\t\t\t\r\n\t\t\t\t\t\t\t\t\t\t<h3 class='evo_h3'><span class='evcal_evdata_icons'><i class='fa fa-clock-o'><\/i><\/span>Hor\u00e1rio<\/h3>\r\n\t\t\t\t\t\t\t\t\t\t<p>1 (S\u00e1bado) 0:00 - 2 (Domingo) 23:59<\/p>\r\n\t\t\t\t\t\t\t\t\t<\/div>\r\n\t\t\t\t\t\t\t\t<\/div>\r\n\t\t\t\t\t\t\t<\/div><div class='evcal_col50'>\r\n\t\t\t\t\t\t\t\t<div class='evcal_evdata_row evo_location'>\r\n\t\t\t\t\t\t\t\t\t<span class='evcal_evdata_icons'><i class='fa fa-map-marker'><\/i><\/span>\r\n\t\t\t\t\t\t\t\t\t<div class='evcal_evdata_cell' data-loc_tax_id='191'>\t\t\t\t\t\t\t\r\n\t\t\t\t\t\t\t\t\t\t<h3 class='evo_h3'><span class='evcal_evdata_icons'><i class='fa fa-map-marker'><\/i><\/span>Localiza\u00e7\u00e3o<\/h3><p class='evo_location_name'>Montemor-O-Velho<\/p><p>Montemor-O-Velho<\/p>\r\n\t\t\t\t\t\t\t\t\t<\/div>\r\n\t\t\t\t\t\t\t\t<\/div>\r\n\t\t\t\t\t\t\t<\/div><div class='clear'><\/div>\r\n\t\t\t\t\t\t\t<\/div><\/div>\r\n\t\t\t\t\t\t<\/div><div class='evo_metarow_organizer evorow evcal_evdata_row bordb evcal_evrow_sm '>\r\n\t\t\t\t\t\t\t<span class='evcal_evdata_icons'><i class='fa fa-headphones'><\/i><\/span>\r\n\t\t\t\t\t\t\t<div class='evcal_evdata_cell'>\t\t\t\t\t\t\t\r\n\t\t\t\t\t\t\t\t<h3 class='evo_h3'>Evento organizado por<\/h3>\r\n\t\t\t\t\t\t\t\t\r\n\t\t\t\t\t\t\t\t<div class='evo_card_organizer'><p class='evo_data_val evo_card_organizer_name'>\r\n\t\t\t\t\t\t\t\t\t<span class='evo_card_organizer_name_t'>FTP \/ C\u00e2mara Municipal de Montemor-O-Velho<\/span><span class='evo_card_organizer_contact'>inscricoes@federacao-triatlo.pt<\/span>\r\n\t\t\t\t\t\t\t\t\t\r\n\t\t\t\t\t\t\t\t\t<\/p><\/div><div class='clear'><\/div>\t\t\t\t\t\t\t\r\n\t\t\t\t\t\t\t<\/div>\r\n\t\t\t\t\t\t<\/div>\t\t\t\t\t\t<div class='evo_metarow_ICS evorow bordb evcal_evdata_row'>\r\n\t\t\t\t\t\t\t<span class=\"evcal_evdata_icons\"><i class=\"fa fa-calendar\"><\/i><\/span>\r\n\t\t\t\t\t\t\t<div class='evcal_evdata_cell'>\r\n\t\t\t\t\t\t\t\t<p><a href='https:\/\/www.federacao-triatlo.pt\/ftp2015\/wp-admin\/admin-ajax.php?action=eventon_ics_download&amp;event_id=62155&amp;sunix=20200731T230000Z&amp;eunix=20200802T225900Z&amp;loca=Montemor-O-Velho&amp;locn=Montemor-O-Velho' class='evo_ics_nCal' title='Adicionar ao seu calend\u00e1rio'>Calend\u00e1rio<\/a><a href='\/\/www.google.com\/calendar\/event?action=TEMPLATE&amp;text=Triatlo+de+Montemor-o-Velho+2020&amp;dates=20200731T230000Z\/20200802T225900Z&amp;details=Regulamento+Triatlo+de+Montemor-o-Velho+2020%0D%0A%0D%0APercursos+CN+Clubes+Estafetas+Mistas%0D%0A%0D%0APercursos+Prova+Apuramento+CE+Youth%0D%0A%0D%0ALista+Inscritos+CN+Clubes+Estafetas+Mistas%0D%0A%0D%0ALista+Inscritos+Prova+Apuramento+CE+Youth%0D%0A%0D%0AProcedimento+de+inscri%C3%A7%C3%A3o&amp;location=Montemor-O-Velho - Montemor-O-Velho' target='_blank' class='evo_ics_gCal' title='Adicionar ao calend\u00e1rio Google'>GoogleCal<\/a><\/p>\t\r\n\t\t\t\t\t\t\t<\/div>\t\t\t\t\t\t<\/div>\r\n\t\t\t\t\t\t<\/div><div class='clear end'><\/div><\/div><\/div><div class='clear'><\/div><\/div><!-- ajde_evcal_calendar-->\n<div id='evcal_calendar_763' class='ajde_evcal_calendar  ul' ><div class='evo-data' data-cyear=\"2020\" data-cmonth=\"9\" data-runajax=\"1\" data-evc_open=\"0\" data-cal_ver=\"2.6\" data-mapscroll=\"true\" data-mapformat=\"roadmap\" data-mapzoom=\"14\" data-mapiconurl=\"\" data-ev_cnt=\"0\" data-show_limit=\"no\" data-tiles=\"no\" data-sort_by=\"sort_date\" data-filters_on=\"true\" data-range_start=\"0\" data-range_end=\"0\" data-send_unix=\"0\" data-ux_val=\"0\" data-accord=\"0\" data-rtl=\"no\"  ><\/div><div id='evcal_head' class='calendar_header ' ><div class='evo_cal_above'><span class='evo-gototoday-btn' style='display:none' data-mo='9' data-yr='2020' data-dy=''>Dia de Hoje<\/span><\/div><div class='evo_cal_above_content'><\/div><div class='cal_arguments' style='display:none' data-hide_past=\"no\" data-show_et_ft_img=\"yes\" data-event_order=\"ASC\" data-ft_event_priority=\"no\" data-lang=\"L1\" data-month_incre=\"0\" data-only_ft=\"no\" data-evc_open=\"no\" data-show_limit=\"no\" data-etc_override=\"no\" data-show_limit_redir=\"0\" data-tiles=\"no\" data-tile_height=\"0\" data-tile_bg=\"0\" data-tile_count=\"2\" data-tile_style=\"0\" data-s=\"\" data-members_only=\"no\" data-ux_val=\"0\" data-show_limit_ajax=\"no\" data-show_limit_paged=\"1\" ><\/div><div class='clear'><\/div><\/div><div class='evcal_month_line'><p>Setembro 2020<\/p><\/div><div id='evcal_list' class='eventon_events_list '><div id=\"event_56725\" class=\"eventon_list_event evo_eventtop past_event event\" data-event_id=\"56725\" data-time=\"1599264001-1599436799\" data-colr=\"#0092e0\" itemscope itemtype='http:\/\/schema.org\/Event' 1><div class=\"evo_event_schema\" style=\"display:none\" ><a itemprop='url'  href='https:\/\/www.federacao-triatlo.pt\/ftp2015\/events\/triatlo-de-lisboa-2020\/'><\/a><span itemprop='name'  >Triatlo de Lisboa 2020<\/span><meta itemprop='image'  ><\/meta><meta itemprop='description' content='Triatlo de Lisboa 2020 - Regulamento\r\n\r\nTriatlo de Lisboa 2020 - Percursos CN Clubes Estafetas\r\n\r\nTriatlo de Lisboa 2020 - Percursos CN Grupos Idade\r\n\r\nTriatlo de Lisboa 2020 -' ><\/meta><meta itemprop='startDate' content='2020-9-5' ><\/meta><meta itemprop='endDate' content='2020-9-6' ><\/meta><meta itemprop='eventStatus' content='on-schedule' ><\/meta><script type=\"application\/ld+json\">{\t\"@context\": \"http:\/\/schema.org\",\r\n\t\t\t\t\t\t\t  \t\"@type\": \"Event\",\r\n\t\t\t\t\t\t\t  \t\"name\": \"Triatlo de Lisboa 2020\",\r\n\t\t\t\t\t\t\t  \t\"startDate\": \"2020-9-5T00-00-00-00\",\r\n\t\t\t\t\t\t\t  \t\"endDate\": \"2020-9-6T23-23-59-00\",\r\n\t\t\t\t\t\t\t  \t\"image\":,\r\n\t\t\t\t\t\t\t  \t\"description\":\"Triatlo de Lisboa 2020 - Regulamento\r\n\r\nTriatlo de Lisboa 2020 - Percursos CN Clubes Estafetas\r\n\r\nTriatlo de Lisboa 2020 - Percursos CN Grupos Idade\r\n\r\nTriatlo de Lisboa 2020 -\",\r\n\t\t\t\t\t\t\t  \t\r\n\t\t\t\t\t\t\t }\r\n\t\t\t\t\t\t\t<\/script><\/div>\r\n\t\t\t\t<p class=\"desc_trig_outter\"><a data-gmap_status=\"null\" data-exlk=\"0\" style=\"border-color: #0092e0;\" id=\"evc_159926400156725\" class=\"desc_trig evo_camp-nac-clubes-triatlo-estafetas evo_camp-nac-de-juvenis evo_camp-nac-grupos-idade evo_camp-nac-individual-triatlo-standard mul_val evcal_list_a\" data-ux_val=\"1\"  ><span class='evcal_cblock ' data-bgcolor='#0092e0' data-smon='Setembro' data-syr='2020'><span class='evo_start '><em class='date'>05<\/em><em class='month'>set<\/em><em class='time'>allday<\/em><\/span><span class='evo_end '><em class='date'>06<\/em><em class='time'>allday<\/em><\/span><em class='clear'><\/em><\/span><span class='evcal_desc evo_info hide_eventtopdata '  data-location_status=\"false\" ><span class='evo_above_title'><\/span><span class='evcal_desc2 evcal_event_title' itemprop='name'>Triatlo de Lisboa 2020<\/span><span class='evo_below_title'><\/span><span class='evcal_desc_info' ><em class=\"evcal_location\"  data-add_str=\"\"><em class=\"event_location_name\">Lisboa<\/em><\/em><\/span><span class='evcal_desc3'><span class='evcal_event_types ett1'><em><i>Tipo de Evento:<\/i><\/em><em data-filter='event_type'>Camp. Nac. Clubes Triatlo Estafetas,<\/em><em data-filter='event_type'>Camp. Nac. de Juvenis,<\/em><em data-filter='event_type'>Camp. Nac. Grupos Idade,<\/em><em data-filter='event_type'>Camp. Nac. Individual Triatlo Standard<\/em><i class='clear'><\/i><\/span><\/span><\/span><em class='clear'><\/em><\/p><\/a><div class='event_description evcal_eventcard ' style=\"display:none\"><div class='evo_metarow_details evorow evcal_evdata_row bordb evcal_event_details'>\r\n\t\t\t\t\t\t\t<div class=\"event_excerpt\" style=\"display:none\"><h3 class=\"padb5 evo_h3\">Detalhes do Evento<\/h3><p>Triatlo de Lisboa 2020 - Regulamento\r\n\r\nTriatlo de Lisboa 2020 - Percursos CN Clubes Estafetas\r\n\r\nTriatlo de Lisboa 2020 - Percursos CN Grupos Idade\r\n\r\nTriatlo de Lisboa 2020 -<\/p><\/div><span class='evcal_evdata_icons'><i class='fa fa-align-justify'><\/i><\/span>\r\n\t\t\t\t\t\t\t\r\n\t\t\t\t\t\t\t<div class='evcal_evdata_cell '><div class='eventon_full_description'>\r\n\t\t\t\t\t\t\t\t\t<h3 class='padb5 evo_h3'><span class='evcal_evdata_icons'><i class='fa fa-align-justify'><\/i><\/span>Detalhes do Evento<\/h3><div class='eventon_desc_in' itemprop='description'>\r\n\t\t\t\t\t\t\t\t\t<p><a href=\"https:\/\/www.federacao-triatlo.pt\/ftp2015\/wp-content\/uploads\/2019\/12\/RegulamentoLx.pdf\">Triatlo de Lisboa 2020 &#8211; Regulamento<\/a><\/p>\n<p><a href=\"https:\/\/www.federacao-triatlo.pt\/ftp2015\/wp-content\/uploads\/2019\/12\/percurso-LX-CN-Clubes.pdf\">Triatlo de Lisboa 2020 &#8211; Percursos CN Clubes Estafetas<\/a><\/p>\n<p><a href=\"https:\/\/www.federacao-triatlo.pt\/ftp2015\/wp-content\/uploads\/2019\/12\/percurso-LX-GI.pdf\">Triatlo de Lisboa 2020 &#8211; Percursos CN Grupos Idade<\/a><\/p>\n<p><a href=\"https:\/\/www.federacao-triatlo.pt\/ftp2015\/wp-content\/uploads\/2019\/12\/percurso-LX-Elite.pdf\">Triatlo de Lisboa 2020 &#8211; Percursos CN Individual<\/a><\/p>\n<p><a href=\"https:\/\/www.federacao-triatlo.pt\/ftp2015\/wp-content\/uploads\/2019\/12\/percurso-LX-Aquatlo.pdf\">Triatlo de Lisboa 2020 &#8211; Percursos CN Juvenis Aquatlo<\/a><\/p>\n<p><a href=\"https:\/\/www.federacao-triatlo.pt\/ftp2015\/wp-content\/uploads\/2019\/12\/Lista-Inscritos-Camp.-Nac.-Clubes-Estafetas_1.pdf\">Lista Inscritos Camp. Nac. Clubes Estafetas<\/a><\/p>\n<p><a href=\"https:\/\/www.federacao-triatlo.pt\/ftp2015\/wp-content\/uploads\/2019\/12\/Lista-Inscritos-Camp.-Nac.-Individual-Elites_1.pdf\">Lista Inscritos Camp. Nac. Individual &#8211; Elites<\/a><\/p>\n<p><a href=\"https:\/\/www.federacao-triatlo.pt\/ftp2015\/wp-content\/uploads\/2019\/12\/Lista-Inscritos-Camp.-Nac.-Individual-Grupos-Idade_1.pdf\">Lista Inscritos Camp. Nac. Individual &#8211; Grupos Idade<\/a><\/p>\n<p><a href=\"https:\/\/www.federacao-triatlo.pt\/ftp2015\/wp-content\/uploads\/2019\/12\/Lista-Inscritos-Camp.-Nac.-Juvenis-Aquatlo_1.pdf\">Lista Inscritos Camp. Nac. Juvenis Aquatlo<\/a><\/p>\n<p>Procedimento de inscri\u00e7\u00e3o para CNC Estafetas:<\/p>\n<p>Cada clube dever\u00e1 inscrever via plataforma todos os atletas que deseja que participem na prova de Estafetas.<\/p>\n<p>O valor de inscri\u00e7\u00e3o por equipa \u00e9 de 30\u20ac, pelo que ser\u00e1 cobrado por cada atleta masculino 7,5\u20ac e 10\u20ac por cada atleta feminino, pela presente plataforma.<\/p>\n<p>Posteriormente, ter\u00e1 de ser preenchido o formul\u00e1rio em baixo, e enviado para inscricoes@federacao-triatlo.pt, at\u00e9 ao dia 31 de Agosto.<\/p>\n<p><a href=\"https:\/\/www.federacao-triatlo.pt\/ftp2015\/wp-content\/uploads\/2019\/12\/Ficha-de-Inscri\u00e7\u00e3o-CNC-Estafetas-2.doc\">Ficha de Inscri\u00e7\u00e3o CNC Estafetas<\/a><\/p>\n<p>S\u00f3 ser\u00e3o aceites inscri\u00e7\u00f5es de equipas que componham a estafeta completa, no caso de estafetas masculinas compostas por 4 elementos e estafetas femininas compostas por 3 elementos.<\/p>\n<\/div><div class='clear'><\/div>\r\n\t\t\t\t\t\t\t\t<\/div>\r\n\t\t\t\t\t\t\t<\/div>\r\n\t\t\t\t\t\t<\/div><div class='evo_metarow_time_location evorow bordb '>\r\n\t\t\t\t\t\t<div class='tb' >\r\n\t\t\t\t\t\t\t<div class='tbrow'>\r\n\t\t\t\t\t\t\t<div class='evcal_col50 bordr'>\r\n\t\t\t\t\t\t\t\t<div class='evcal_evdata_row evo_time'>\r\n\t\t\t\t\t\t\t\t\t<span class='evcal_evdata_icons'><i class='fa fa-clock-o'><\/i><\/span>\r\n\t\t\t\t\t\t\t\t\t<div class='evcal_evdata_cell'>\t\t\t\t\t\t\t\r\n\t\t\t\t\t\t\t\t\t\t<h3 class='evo_h3'><span class='evcal_evdata_icons'><i class='fa fa-clock-o'><\/i><\/span>Hor\u00e1rio<\/h3>\r\n\t\t\t\t\t\t\t\t\t\t<p>Setembro 5 (S\u00e1bado) - 6 (Domingo)<\/p>\r\n\t\t\t\t\t\t\t\t\t<\/div>\r\n\t\t\t\t\t\t\t\t<\/div>\r\n\t\t\t\t\t\t\t<\/div><div class='evcal_col50'>\r\n\t\t\t\t\t\t\t\t<div class='evcal_evdata_row evo_location'>\r\n\t\t\t\t\t\t\t\t\t<span class='evcal_evdata_icons'><i class='fa fa-map-marker'><\/i><\/span>\r\n\t\t\t\t\t\t\t\t\t<div class='evcal_evdata_cell' data-loc_tax_id='13'>\t\t\t\t\t\t\t\r\n\t\t\t\t\t\t\t\t\t\t<h3 class='evo_h3'><span class='evcal_evdata_icons'><i class='fa fa-map-marker'><\/i><\/span>Localiza\u00e7\u00e3o<\/h3><p class='evo_location_name'>Lisboa<\/p><p><\/p>\r\n\t\t\t\t\t\t\t\t\t<\/div>\r\n\t\t\t\t\t\t\t\t<\/div>\r\n\t\t\t\t\t\t\t<\/div><div class='clear'><\/div>\r\n\t\t\t\t\t\t\t<\/div><\/div>\r\n\t\t\t\t\t\t<\/div><div class='evo_metarow_organizer evorow evcal_evdata_row bordb evcal_evrow_sm '>\r\n\t\t\t\t\t\t\t<span class='evcal_evdata_icons'><i class='fa fa-headphones'><\/i><\/span>\r\n\t\t\t\t\t\t\t<div class='evcal_evdata_cell'>\t\t\t\t\t\t\t\r\n\t\t\t\t\t\t\t\t<h3 class='evo_h3'>Evento organizado por<\/h3>\r\n\t\t\t\t\t\t\t\t\r\n\t\t\t\t\t\t\t\t<div class='evo_card_organizer'><p class='evo_data_val evo_card_organizer_name'>\r\n\t\t\t\t\t\t\t\t\t<span class='evo_card_organizer_name_t'>FTP \/ C\u00e2mara Municipal de Lisboa<\/span>\r\n\t\t\t\t\t\t\t\t\t\r\n\t\t\t\t\t\t\t\t\t<\/p><\/div><div class='clear'><\/div>\t\t\t\t\t\t\t\r\n\t\t\t\t\t\t\t<\/div>\r\n\t\t\t\t\t\t<\/div><div class='evo_metarow_locImg evorow bordb ' style='height:300px; background-image:url(https:\/\/www.federacao-triatlo.pt\/ftp2015\/wp-content\/uploads\/2014\/12\/slide1.jpg)' id='19_locimg' ><\/div>\t\t\t\t\t\t<div class='evo_metarow_ICS evorow bordb evcal_evdata_row'>\r\n\t\t\t\t\t\t\t<span class=\"evcal_evdata_icons\"><i class=\"fa fa-calendar\"><\/i><\/span>\r\n\t\t\t\t\t\t\t<div class='evcal_evdata_cell'>\r\n\t\t\t\t\t\t\t\t<p><a href='https:\/\/www.federacao-triatlo.pt\/ftp2015\/wp-admin\/admin-ajax.php?action=eventon_ics_download&amp;event_id=56725&amp;sunix=20200904T230000Z&amp;eunix=20200906T225900Z&amp;loca=&amp;locn=Lisboa' class='evo_ics_nCal' title='Adicionar ao seu calend\u00e1rio'>Calend\u00e1rio<\/a><a href='\/\/www.google.com\/calendar\/event?action=TEMPLATE&amp;text=Triatlo+de+Lisboa+2020&amp;dates=20200904T230000Z\/20200906T225900Z&amp;details=Triatlo+de+Lisboa+2020+-+Regulamento%0D%0A%0D%0ATriatlo+de+Lisboa+2020+-+Percursos+CN+Clubes+Estafetas%0D%0A%0D%0ATriatlo+de+Lisboa+2020+-+Percursos+CN+Grupos+Idade%0D%0A%0D%0ATriatlo+de+Lisboa+2020+-&amp;location=Lisboa - ' target='_blank' class='evo_ics_gCal' title='Adicionar ao calend\u00e1rio Google'>GoogleCal<\/a><\/p>\t\r\n\t\t\t\t\t\t\t<\/div>\t\t\t\t\t\t<\/div>\r\n\t\t\t\t\t\t<\/div><div class='clear end'><\/div><\/div><div id=\"event_62146\" class=\"eventon_list_event evo_eventtop past_event event\" data-event_id=\"62146\" data-time=\"1599868801-1599955199\" data-colr=\"#0092e0\" itemscope itemtype='http:\/\/schema.org\/Event' 2><div class=\"evo_event_schema\" style=\"display:none\" ><a itemprop='url'  href='https:\/\/www.federacao-triatlo.pt\/ftp2015\/events\/aquatlo-da-amora\/'><\/a><span itemprop='name'  >Aquatlo da Amora<\/span><meta itemprop='image' content='https:\/\/www.federacao-triatlo.pt\/ftp2015\/wp-content\/uploads\/2019\/12\/CartazTriatlo-E-Aquatlo-2020-01-212x300.jpg' ><\/meta><meta itemprop='description' content='Regulamento Triatlo e Aquatlo da Amora 2020\r\n\r\nPercursos Aquatlo Amora 2020\r\n\r\nLista Inscritos Camp. Nac. Individual - Grupos Idade\r\n\r\nLista Inscritos Camp. Nac.' ><\/meta><meta itemprop='startDate' content='2020-9-12' ><\/meta><meta itemprop='endDate' content='2020-9-12' ><\/meta><meta itemprop='eventStatus' content='on-schedule' ><\/meta>\r\n\t\t\t\t\t\t\t\t\t<item style=\"display:none\" itemprop=\"location\" itemscope itemtype=\"http:\/\/schema.org\/Place\">\r\n\t\t\t\t\t\t\t\t\t\t<span itemprop=\"name\">Amora<\/span>\r\n\t\t\t\t\t\t\t\t\t\t<span itemprop=\"address\" itemscope itemtype=\"http:\/\/schema.org\/PostalAddress\">\r\n\t\t\t\t\t\t\t\t\t\t\t<item itemprop=\"streetAddress\"><\/item>\r\n\t\t\t\t\t\t\t\t\t\t<\/span><\/item><script type=\"application\/ld+json\">{\t\"@context\": \"http:\/\/schema.org\",\r\n\t\t\t\t\t\t\t  \t\"@type\": \"Event\",\r\n\t\t\t\t\t\t\t  \t\"name\": \"Aquatlo da Amora\",\r\n\t\t\t\t\t\t\t  \t\"startDate\": \"2020-9-12T00-00-00-00\",\r\n\t\t\t\t\t\t\t  \t\"endDate\": \"2020-9-12T23-23-59-00\",\r\n\t\t\t\t\t\t\t  \t\"image\":\"https:\/\/www.federacao-triatlo.pt\/ftp2015\/wp-content\/uploads\/2019\/12\/CartazTriatlo-E-Aquatlo-2020-01-212x300.jpg\",\r\n\t\t\t\t\t\t\t  \t\"description\":\"Regulamento Triatlo e Aquatlo da Amora 2020\r\n\r\nPercursos Aquatlo Amora 2020\r\n\r\nLista Inscritos Camp. Nac. Individual - Grupos Idade\r\n\r\nLista Inscritos Camp. Nac.\",\r\n\t\t\t\t\t\t\t  \t\r\n\t\t\t\t\t\t\t }\r\n\t\t\t\t\t\t\t<\/script><\/div>\r\n\t\t\t\t<p class=\"desc_trig_outter\"><a data-gmtrig=\"1\" data-exlk=\"0\" style=\"border-color: #0092e0;\" id=\"evc_159986880162146\" class=\"hasFtIMG desc_trig evo_camp-nac-clubes-aquatlo evo_camp-nac-cadetes evo_camp-nac-juniores evo_camp-nac-grupos-idade evo_camp-nac-individual-aquatlo evo_camp-nac-paratriatlo sin_val evcal_list_a\" data-ux_val=\"1\"  ><span class='ev_ftImg' data-img='https:\/\/www.federacao-triatlo.pt\/ftp2015\/wp-content\/uploads\/2019\/12\/CartazTriatlo-E-Aquatlo-2020-01.jpg' data-thumb='https:\/\/www.federacao-triatlo.pt\/ftp2015\/wp-content\/uploads\/2019\/12\/CartazTriatlo-E-Aquatlo-2020-01-212x300.jpg' style='background-image:url(\"https:\/\/www.federacao-triatlo.pt\/ftp2015\/wp-content\/uploads\/2019\/12\/CartazTriatlo-E-Aquatlo-2020-01-212x300.jpg\")'><\/span><span class='evcal_cblock ' data-bgcolor='#0092e0' data-smon='Setembro' data-syr='2020'><span class='evo_start '><em class='date'>12<\/em><em class='month'>set<\/em><em class='time'>allday<\/em><\/span><span class='evo_end only_time'><em class='time'>allday<\/em><\/span><em class='clear'><\/em><\/span><span class='evcal_desc evo_info hide_eventtopdata ' data-latlng=\"38\u00b0 37,9\u00b0 6\"  data-location_address=\"\" data-location_type=\"lonlat\" data-location_name=\"Amora\" data-location_status=\"true\" ><span class='evo_above_title'><\/span><span class='evcal_desc2 evcal_event_title' itemprop='name'>Aquatlo da Amora<\/span><span class='evo_below_title'><\/span><span class='evcal_desc_info' ><em class=\"evcal_location\" data-latlng=\"38\u00b0 37,9\u00b0 6\"  data-add_str=\"\"><em class=\"event_location_name\">Amora<\/em><\/em><\/span><span class='evcal_desc3'><span class='evcal_event_types ett1'><em><i>Tipo de Evento:<\/i><\/em><em data-filter='event_type'>Camp. Nac. Clubes Aquatlo,<\/em><em data-filter='event_type'>Camp. Nac. de Cadetes,<\/em><em data-filter='event_type'>Camp. Nac. de Juniores,<\/em><em data-filter='event_type'>Camp. Nac. Grupos Idade,<\/em><em data-filter='event_type'>Camp. Nac. Individual Aquatlo,<\/em><em data-filter='event_type'>Camp. Nac. Paratriatlo<\/em><i class='clear'><\/i><\/span><\/span><\/span><em class='clear'><\/em><\/p><\/a><div class='event_description evcal_eventcard ' style=\"display:none\"><div class='evo_metarow_directimg'><img src='https:\/\/www.federacao-triatlo.pt\/ftp2015\/wp-content\/uploads\/2019\/12\/CartazTriatlo-E-Aquatlo-2020-01.jpg' \/><\/div><div class='evo_metarow_details evorow evcal_evdata_row bordb evcal_event_details'>\r\n\t\t\t\t\t\t\t<div class=\"event_excerpt\" style=\"display:none\"><h3 class=\"padb5 evo_h3\">Detalhes do Evento<\/h3><p>Regulamento Triatlo e Aquatlo da Amora 2020\r\n\r\nPercursos Aquatlo Amora 2020\r\n\r\nLista Inscritos Camp. Nac. Individual - Grupos Idade\r\n\r\nLista Inscritos Camp. Nac.<\/p><\/div><span class='evcal_evdata_icons'><i class='fa fa-align-justify'><\/i><\/span>\r\n\t\t\t\t\t\t\t\r\n\t\t\t\t\t\t\t<div class='evcal_evdata_cell '><div class='eventon_full_description'>\r\n\t\t\t\t\t\t\t\t\t<h3 class='padb5 evo_h3'><span class='evcal_evdata_icons'><i class='fa fa-align-justify'><\/i><\/span>Detalhes do Evento<\/h3><div class='eventon_desc_in' itemprop='description'>\r\n\t\t\t\t\t\t\t\t\t<p><a href=\"https:\/\/www.federacao-triatlo.pt\/ftp2015\/wp-content\/uploads\/2020\/06\/Regulamento-Triatlo-e-Aquatlo-da-Amora-2020.pdf\" target=\"_blank\" rel=\"noopener noreferrer\">Regulamento Triatlo e Aquatlo da Amora 2020<\/a><\/p>\n<p><a href=\"https:\/\/www.federacao-triatlo.pt\/ftp2015\/wp-content\/uploads\/2020\/06\/Percursos-Aquatlo-Amora-2020.pdf\" target=\"_blank\" rel=\"noopener noreferrer\">Percursos Aquatlo Amora 2020<\/a><\/p>\n<p><a href=\"https:\/\/www.federacao-triatlo.pt\/ftp2015\/wp-content\/uploads\/2020\/06\/Lista-Inscritos-Camp.-Nac.-Individual-Grupos-Idade_1.pdf\">Lista Inscritos Camp. Nac. Individual &#8211; Grupos Idade<\/a><\/p>\n<p><a href=\"https:\/\/www.federacao-triatlo.pt\/ftp2015\/wp-content\/uploads\/2020\/06\/Lista-Inscritos-Camp.-Nac.-Paratriatlo.pdf\">Lista Inscritos Camp. Nac. Paratriatlo<\/a><\/p>\n<\/div><div class='clear'><\/div>\r\n\t\t\t\t\t\t\t\t<\/div>\r\n\t\t\t\t\t\t\t<\/div>\r\n\t\t\t\t\t\t<\/div><div class='evo_metarow_gmap evorow evcal_gmaps bordb ' id='evc159986880169f5059199c6d62146_gmap' style='max-width:none'><\/div><div class='evo_metarow_getDr evorow evcal_evdata_row bordb evcal_evrow_sm getdirections'>\r\n\t\t\t\t\t\t<form action='https:\/\/maps.google.com\/maps' method='get' target='_blank'>\r\n\t\t\t\t\t\t<input type='hidden' name='daddr' value='38\u00b0 37,9\u00b0 6'\/> \r\n\t\t\t\t\t\t<p><input class='evoInput' type='text' name='saddr' placeholder='Escreva a morada' value=''\/>\r\n\t\t\t\t\t\t<button type='submit' class='evcal_evdata_icons evcalicon_9' title='Clique aqui para obter as dire\u00e7\u00f5es'><i class='fa fa-road'><\/i><\/button>\r\n\t\t\t\t\t\t<\/p><\/form>\r\n\t\t\t\t\t<\/div><div class='evo_metarow_time_location evorow bordb '>\r\n\t\t\t\t\t\t<div class='tb' >\r\n\t\t\t\t\t\t\t<div class='tbrow'>\r\n\t\t\t\t\t\t\t<div class='evcal_col50 bordr'>\r\n\t\t\t\t\t\t\t\t<div class='evcal_evdata_row evo_time'>\r\n\t\t\t\t\t\t\t\t\t<span class='evcal_evdata_icons'><i class='fa fa-clock-o'><\/i><\/span>\r\n\t\t\t\t\t\t\t\t\t<div class='evcal_evdata_cell'>\t\t\t\t\t\t\t\r\n\t\t\t\t\t\t\t\t\t\t<h3 class='evo_h3'><span class='evcal_evdata_icons'><i class='fa fa-clock-o'><\/i><\/span>Hor\u00e1rio<\/h3>\r\n\t\t\t\t\t\t\t\t\t\t<p>Todo o dia (S\u00e1bado)<\/p>\r\n\t\t\t\t\t\t\t\t\t<\/div>\r\n\t\t\t\t\t\t\t\t<\/div>\r\n\t\t\t\t\t\t\t<\/div><div class='evcal_col50'>\r\n\t\t\t\t\t\t\t\t<div class='evcal_evdata_row evo_location'>\r\n\t\t\t\t\t\t\t\t\t<span class='evcal_evdata_icons'><i class='fa fa-map-marker'><\/i><\/span>\r\n\t\t\t\t\t\t\t\t\t<div class='evcal_evdata_cell' data-loc_tax_id='108'>\t\t\t\t\t\t\t\r\n\t\t\t\t\t\t\t\t\t\t<h3 class='evo_h3'><span class='evcal_evdata_icons'><i class='fa fa-map-marker'><\/i><\/span>Localiza\u00e7\u00e3o<\/h3><p class='evo_location_name'>Amora<\/p><p><\/p>\r\n\t\t\t\t\t\t\t\t\t<\/div>\r\n\t\t\t\t\t\t\t\t<\/div>\r\n\t\t\t\t\t\t\t<\/div><div class='clear'><\/div>\r\n\t\t\t\t\t\t\t<\/div><\/div>\r\n\t\t\t\t\t\t<\/div><div class='evo_metarow_organizer evorow evcal_evdata_row bordb evcal_evrow_sm '>\r\n\t\t\t\t\t\t\t<span class='evcal_evdata_icons'><i class='fa fa-headphones'><\/i><\/span>\r\n\t\t\t\t\t\t\t<div class='evcal_evdata_cell'>\t\t\t\t\t\t\t\r\n\t\t\t\t\t\t\t\t<h3 class='evo_h3'>Evento organizado por<\/h3>\r\n\t\t\t\t\t\t\t\t\r\n\t\t\t\t\t\t\t\t<div class='evo_card_organizer'><p class='evo_data_val evo_card_organizer_name'>\r\n\t\t\t\t\t\t\t\t\t<span class='evo_card_organizer_name_t'>FTP \/ Associa\u00e7\u00e3o Naval Amorense \/ Junta de Freguesia Amora<\/span><span class='evo_card_organizer_contact'>inscricoes@federacao-triatlo.pt<\/span>\r\n\t\t\t\t\t\t\t\t\t\r\n\t\t\t\t\t\t\t\t\t<\/p><\/div><div class='clear'><\/div>\t\t\t\t\t\t\t\r\n\t\t\t\t\t\t\t<\/div>\r\n\t\t\t\t\t\t<\/div>\t\t\t\t\t\t<div class='evo_metarow_ICS evorow bordb evcal_evdata_row'>\r\n\t\t\t\t\t\t\t<span class=\"evcal_evdata_icons\"><i class=\"fa fa-calendar\"><\/i><\/span>\r\n\t\t\t\t\t\t\t<div class='evcal_evdata_cell'>\r\n\t\t\t\t\t\t\t\t<p><a href='https:\/\/www.federacao-triatlo.pt\/ftp2015\/wp-admin\/admin-ajax.php?action=eventon_ics_download&amp;event_id=62146&amp;sunix=20200911T230000Z&amp;eunix=20200912T225900Z&amp;loca=&amp;locn=Amora' class='evo_ics_nCal' title='Adicionar ao seu calend\u00e1rio'>Calend\u00e1rio<\/a><a href='\/\/www.google.com\/calendar\/event?action=TEMPLATE&amp;text=Aquatlo+da+Amora&amp;dates=20200911T230000Z\/20200912T225900Z&amp;details=Regulamento+Triatlo+e+Aquatlo+da+Amora+2020%0D%0A%0D%0APercursos+Aquatlo+Amora+2020%0D%0A%0D%0ALista+Inscritos+Camp.+Nac.+Individual+-+Grupos+Idade%0D%0A%0D%0ALista+Inscritos+Camp.+Nac.&amp;location=Amora - ' target='_blank' class='evo_ics_gCal' title='Adicionar ao calend\u00e1rio Google'>GoogleCal<\/a><\/p>\t\r\n\t\t\t\t\t\t\t<\/div>\t\t\t\t\t\t<\/div>\r\n\t\t\t\t\t\t<\/div><div class='clear end'><\/div><\/div><\/div><div class='clear'><\/div><\/div><!-- ajde_evcal_calendar-->\n<div id='evcal_calendar_614' class='ajde_evcal_calendar  ul' ><div class='evo-data' data-cyear=\"2020\" data-cmonth=\"10\" data-runajax=\"1\" data-evc_open=\"0\" data-cal_ver=\"2.6\" data-mapscroll=\"true\" data-mapformat=\"roadmap\" data-mapzoom=\"14\" data-mapiconurl=\"\" data-ev_cnt=\"0\" data-show_limit=\"no\" data-tiles=\"no\" data-sort_by=\"sort_date\" data-filters_on=\"true\" data-range_start=\"0\" data-range_end=\"0\" data-send_unix=\"0\" data-ux_val=\"0\" data-accord=\"0\" data-rtl=\"no\"  ><\/div><div id='evcal_head' class='calendar_header ' ><div class='evo_cal_above'><span class='evo-gototoday-btn' style='display:none' data-mo='10' data-yr='2020' data-dy=''>Dia de Hoje<\/span><\/div><div class='evo_cal_above_content'><\/div><div class='cal_arguments' style='display:none' data-hide_past=\"no\" data-show_et_ft_img=\"yes\" data-event_order=\"ASC\" data-ft_event_priority=\"no\" data-lang=\"L1\" data-month_incre=\"0\" data-only_ft=\"no\" data-evc_open=\"no\" data-show_limit=\"no\" data-etc_override=\"no\" data-show_limit_redir=\"0\" data-tiles=\"no\" data-tile_height=\"0\" data-tile_bg=\"0\" data-tile_count=\"2\" data-tile_style=\"0\" data-s=\"\" data-members_only=\"no\" data-ux_val=\"0\" data-show_limit_ajax=\"no\" data-show_limit_paged=\"1\" ><\/div><div class='clear'><\/div><\/div><div class='evcal_month_line'><p>Outubro 2020<\/p><\/div><div id='evcal_list' class='eventon_events_list '><div id=\"event_56719\" class=\"eventon_list_event evo_eventtop past_event event\" data-event_id=\"56719\" data-time=\"1601683201-1601769599\" data-colr=\"#0092e0\" itemscope itemtype='http:\/\/schema.org\/Event' 1><div class=\"evo_event_schema\" style=\"display:none\" ><a itemprop='url'  href='https:\/\/www.federacao-triatlo.pt\/ftp2015\/events\/viii-triatlo-longo-de-caminha\/'><\/a><span itemprop='name'  >VIII Triatlo Longo de Caminha<\/span><meta itemprop='image' content='https:\/\/www.federacao-triatlo.pt\/ftp2015\/wp-content\/uploads\/2019\/12\/IMG_6355-300x111.jpg' ><\/meta><meta itemprop='description' content='Regulamento VIII Triatlo de Caminha 2020 (actualizado a 02\/10\/2020)\r\nBriefing VIII Triatlo Longo de Caminha 2020\r\nPercursos Prova Aberta Dist\u00e2ncia' ><\/meta><meta itemprop='startDate' content='2020-10-3' ><\/meta><meta itemprop='endDate' content='2020-10-3' ><\/meta><meta itemprop='eventStatus' content='on-schedule' ><\/meta>\r\n\t\t\t\t\t\t\t\t\t<item style=\"display:none\" itemprop=\"location\" itemscope itemtype=\"http:\/\/schema.org\/Place\">\r\n\t\t\t\t\t\t\t\t\t\t<span itemprop=\"name\">Caminha<\/span>\r\n\t\t\t\t\t\t\t\t\t\t<span itemprop=\"address\" itemscope itemtype=\"http:\/\/schema.org\/PostalAddress\">\r\n\t\t\t\t\t\t\t\t\t\t\t<item itemprop=\"streetAddress\">Caminha<\/item>\r\n\t\t\t\t\t\t\t\t\t\t<\/span><\/item><script type=\"application\/ld+json\">{\t\"@context\": \"http:\/\/schema.org\",\r\n\t\t\t\t\t\t\t  \t\"@type\": \"Event\",\r\n\t\t\t\t\t\t\t  \t\"name\": \"VIII Triatlo Longo de Caminha\",\r\n\t\t\t\t\t\t\t  \t\"startDate\": \"2020-10-3T00-00-00-00\",\r\n\t\t\t\t\t\t\t  \t\"endDate\": \"2020-10-3T23-23-59-00\",\r\n\t\t\t\t\t\t\t  \t\"image\":\"https:\/\/www.federacao-triatlo.pt\/ftp2015\/wp-content\/uploads\/2019\/12\/IMG_6355-300x111.jpg\",\r\n\t\t\t\t\t\t\t  \t\"description\":\"Regulamento VIII Triatlo de Caminha 2020 (actualizado a 02\/10\/2020)\r\nBriefing VIII Triatlo Longo de Caminha 2020\r\nPercursos Prova Aberta Dist\u00e2ncia\",\r\n\t\t\t\t\t\t\t  \t\"location\":{\r\n\t\t\t\t\t\t\t\t\t\t\"@type\":\"Place\",\r\n\t\t\t\t\t\t\t\t\t\t\"name\":\"Caminha\",\r\n\t\t\t\t\t\t\t\t\t\t\"address\":\"Caminha\"\r\n\t\t\t\t\t\t\t  \t\t}\r\n\t\t\t\t\t\t\t }\r\n\t\t\t\t\t\t\t<\/script><\/div>\r\n\t\t\t\t<p class=\"desc_trig_outter\"><a data-gmtrig=\"1\" data-exlk=\"0\" style=\"border-color: #0092e0;\" id=\"evc_160168320156719\" class=\"hasFtIMG desc_trig evo_camp-nac-clubes-triatlo-longa-distancia evo_camp-nac-individual-triatlo-longo evo_camp-nac-paratriatlo sin_val evcal_list_a\" data-ux_val=\"1\"  ><span class='ev_ftImg' data-img='https:\/\/www.federacao-triatlo.pt\/ftp2015\/wp-content\/uploads\/2019\/12\/IMG_6355.jpg' data-thumb='https:\/\/www.federacao-triatlo.pt\/ftp2015\/wp-content\/uploads\/2019\/12\/IMG_6355-300x111.jpg' style='background-image:url(\"https:\/\/www.federacao-triatlo.pt\/ftp2015\/wp-content\/uploads\/2019\/12\/IMG_6355-300x111.jpg\")'><\/span><span class='evcal_cblock ' data-bgcolor='#0092e0' data-smon='Outubro' data-syr='2020'><span class='evo_start '><em class='date'>03<\/em><em class='month'>out<\/em><em class='time'>allday<\/em><\/span><span class='evo_end only_time'><em class='time'>allday<\/em><\/span><em class='clear'><\/em><\/span><span class='evcal_desc evo_info hide_eventtopdata ' data-latlng=\"41.8732082,-8.8378454\"  data-location_address=\"Caminha\" data-location_type=\"lonlat\" data-location_name=\"Caminha\" data-location_status=\"true\" ><span class='evo_above_title'><\/span><span class='evcal_desc2 evcal_event_title' itemprop='name'>VIII Triatlo Longo de Caminha<\/span><span class='evo_below_title'><\/span><span class='evcal_desc_info' ><em class=\"evcal_location\" data-latlng=\"41.8732082,-8.8378454\"  data-add_str=\"\"><em class=\"event_location_name\">Caminha<\/em><\/em><\/span><span class='evcal_desc3'><span class='evcal_event_types ett1'><em><i>Tipo de Evento:<\/i><\/em><em data-filter='event_type'>Camp. Nac. Clubes Triatlo Longa Dist\u00e2ncia,<\/em><em data-filter='event_type'>Camp. Nac. Individual Triatlo Longo,<\/em><em data-filter='event_type'>Camp. Nac. Paratriatlo<\/em><i class='clear'><\/i><\/span><\/span><\/span><em class='clear'><\/em><\/p><\/a><div class='event_description evcal_eventcard ' style=\"display:none\"><div class='evo_metarow_directimg'><img src='https:\/\/www.federacao-triatlo.pt\/ftp2015\/wp-content\/uploads\/2019\/12\/IMG_6355.jpg' \/><\/div><div class='evo_metarow_details evorow evcal_evdata_row bordb evcal_event_details'>\r\n\t\t\t\t\t\t\t<div class=\"event_excerpt\" style=\"display:none\"><h3 class=\"padb5 evo_h3\">Detalhes do Evento<\/h3><p>Regulamento VIII Triatlo de Caminha 2020 (actualizado a 02\/10\/2020)\r\nBriefing VIII Triatlo Longo de Caminha 2020\r\nPercursos Prova Aberta Dist\u00e2ncia<\/p><\/div><span class='evcal_evdata_icons'><i class='fa fa-align-justify'><\/i><\/span>\r\n\t\t\t\t\t\t\t\r\n\t\t\t\t\t\t\t<div class='evcal_evdata_cell '><div class='eventon_full_description'>\r\n\t\t\t\t\t\t\t\t\t<h3 class='padb5 evo_h3'><span class='evcal_evdata_icons'><i class='fa fa-align-justify'><\/i><\/span>Detalhes do Evento<\/h3><div class='eventon_desc_in' itemprop='description'>\r\n\t\t\t\t\t\t\t\t\t<p><a href=\"https:\/\/www.federacao-triatlo.pt\/ftp2015\/wp-content\/uploads\/2019\/12\/Regulamento_VIII-Triatlo-de-Caminha-2020-1.pdf\" target=\"_blank\" rel=\"noopener noreferrer\">Regulamento VIII Triatlo de Caminha 2020 (actualizado a 02\/10\/2020)<\/a><\/p>\n<h4><a href=\"https:\/\/www.federacao-triatlo.pt\/ftp2015\/wp-content\/uploads\/2019\/12\/Briefing-Triatlo-Longo-de-Caminha-2020.pdf\" target=\"_blank\" rel=\"noopener noreferrer\"><strong>Briefing VIII Triatlo Longo de Caminha 2020<\/strong><\/a><\/h4>\n<p><a href=\"https:\/\/www.federacao-triatlo.pt\/ftp2015\/wp-content\/uploads\/2019\/12\/Percursos-Prova-Aberta-Dist\u00e2ncia-Standard-1.pdf\" target=\"_blank\" rel=\"noopener noreferrer\">Percursos Prova Aberta Dist\u00e2ncia Standard<\/a><\/p>\n<p><a href=\"https:\/\/www.federacao-triatlo.pt\/ftp2015\/wp-content\/uploads\/2019\/12\/Percursos-CN-Clubes-Dist\u00e2ncia-Longa.pdf\" target=\"_blank\" rel=\"noopener noreferrer\">Percursos CN Clubes Dist\u00e2ncia Longa<\/a><\/p>\n<p><a href=\"https:\/\/www.federacao-triatlo.pt\/ftp2015\/wp-content\/uploads\/2019\/12\/Lista-Inscritos-Camp.-Nac.-Clubes-1.pdf\">Lista Inscritos Camp. Nac. Clubes<\/a><\/p>\n<p><a href=\"https:\/\/www.federacao-triatlo.pt\/ftp2015\/wp-content\/uploads\/2019\/12\/Lista-Inscritos-Camp.-Nac.-Paratriatlo.pdf\">Lista Inscritos Camp. Nac. Paratriatlo<\/a><\/p>\n<p><a href=\"https:\/\/www.federacao-triatlo.pt\/ftp2015\/wp-content\/uploads\/2019\/12\/Lista-Inscritos-Prova-Aberta-1.pdf\">Lista Inscritos Prova Aberta<\/a><\/p>\n<p>Informa\u00e7\u00e3o:<\/p>\n<ul>\n<li><strong>Foreign Federated Athletes<\/strong>: All foreign federated athletes who want to participate in the Triatlo Longo de Caminha event and who have difficulty registering on our website, can register via email <u><a href=\"mailto:inscricoes@federacao-triatlo.pt\">inscricoes@federacao-triatlo.pt<\/a><\/u>, by sending their name , date of birth, copy of the triathlon licence, distance they wish to participate in and VAT number in case they want an invoice. Registration fees are \u20ac 40 for the Open Event (Olympic distance) and \u20ac 90 for the Champ. Nat. Clubs (medium distance). Payment must be made to IBAN PT50 0035 0277 0001 2426 730 59 and send proof of registration.<\/li>\n<\/ul>\n<\/div><div class='clear'><\/div>\r\n\t\t\t\t\t\t\t\t<\/div>\r\n\t\t\t\t\t\t\t<\/div>\r\n\t\t\t\t\t\t<\/div><div class='evo_metarow_gmap evorow evcal_gmaps bordb ' id='evc160168320169f505919c7f456719_gmap' style='max-width:none'><\/div><div class='evo_metarow_getDr evorow evcal_evdata_row bordb evcal_evrow_sm getdirections'>\r\n\t\t\t\t\t\t<form action='https:\/\/maps.google.com\/maps' method='get' target='_blank'>\r\n\t\t\t\t\t\t<input type='hidden' name='daddr' value='Caminha'\/> \r\n\t\t\t\t\t\t<p><input class='evoInput' type='text' name='saddr' placeholder='Escreva a morada' value=''\/>\r\n\t\t\t\t\t\t<button type='submit' class='evcal_evdata_icons evcalicon_9' title='Clique aqui para obter as dire\u00e7\u00f5es'><i class='fa fa-road'><\/i><\/button>\r\n\t\t\t\t\t\t<\/p><\/form>\r\n\t\t\t\t\t<\/div><div class='evo_metarow_time_location evorow bordb '>\r\n\t\t\t\t\t\t<div class='tb' >\r\n\t\t\t\t\t\t\t<div class='tbrow'>\r\n\t\t\t\t\t\t\t<div class='evcal_col50 bordr'>\r\n\t\t\t\t\t\t\t\t<div class='evcal_evdata_row evo_time'>\r\n\t\t\t\t\t\t\t\t\t<span class='evcal_evdata_icons'><i class='fa fa-clock-o'><\/i><\/span>\r\n\t\t\t\t\t\t\t\t\t<div class='evcal_evdata_cell'>\t\t\t\t\t\t\t\r\n\t\t\t\t\t\t\t\t\t\t<h3 class='evo_h3'><span class='evcal_evdata_icons'><i class='fa fa-clock-o'><\/i><\/span>Hor\u00e1rio<\/h3>\r\n\t\t\t\t\t\t\t\t\t\t<p>Todo o dia (S\u00e1bado)<\/p>\r\n\t\t\t\t\t\t\t\t\t<\/div>\r\n\t\t\t\t\t\t\t\t<\/div>\r\n\t\t\t\t\t\t\t<\/div><div class='evcal_col50'>\r\n\t\t\t\t\t\t\t\t<div class='evcal_evdata_row evo_location'>\r\n\t\t\t\t\t\t\t\t\t<span class='evcal_evdata_icons'><i class='fa fa-map-marker'><\/i><\/span>\r\n\t\t\t\t\t\t\t\t\t<div class='evcal_evdata_cell' data-loc_tax_id='121'>\t\t\t\t\t\t\t\r\n\t\t\t\t\t\t\t\t\t\t<h3 class='evo_h3'><span class='evcal_evdata_icons'><i class='fa fa-map-marker'><\/i><\/span>Localiza\u00e7\u00e3o<\/h3><p class='evo_location_name'>Caminha<\/p><p>Caminha<\/p>\r\n\t\t\t\t\t\t\t\t\t<\/div>\r\n\t\t\t\t\t\t\t\t<\/div>\r\n\t\t\t\t\t\t\t<\/div><div class='clear'><\/div>\r\n\t\t\t\t\t\t\t<\/div><\/div>\r\n\t\t\t\t\t\t<\/div><div class='evo_metarow_organizer evorow evcal_evdata_row bordb evcal_evrow_sm '>\r\n\t\t\t\t\t\t\t<span class='evcal_evdata_icons'><i class='fa fa-headphones'><\/i><\/span>\r\n\t\t\t\t\t\t\t<div class='evcal_evdata_cell'>\t\t\t\t\t\t\t\r\n\t\t\t\t\t\t\t\t<h3 class='evo_h3'>Evento organizado por<\/h3>\r\n\t\t\t\t\t\t\t\t\r\n\t\t\t\t\t\t\t\t<div class='evo_card_organizer'><p class='evo_data_val evo_card_organizer_name'>\r\n\t\t\t\t\t\t\t\t\t<span class='evo_card_organizer_name_t'>FTP \/ C\u00e2mara Municipal da Caminha \/ Associa\u00e7\u00e3o Triatlo Caminha<\/span><span class='evo_card_organizer_contact'>inscricoes@federacao-triatlo.pt<\/span>\r\n\t\t\t\t\t\t\t\t\t\r\n\t\t\t\t\t\t\t\t\t<\/p><\/div><div class='clear'><\/div>\t\t\t\t\t\t\t\r\n\t\t\t\t\t\t\t<\/div>\r\n\t\t\t\t\t\t<\/div>\t\t\t\t\t\t<div class='evo_metarow_ICS evorow bordb evcal_evdata_row'>\r\n\t\t\t\t\t\t\t<span class=\"evcal_evdata_icons\"><i class=\"fa fa-calendar\"><\/i><\/span>\r\n\t\t\t\t\t\t\t<div class='evcal_evdata_cell'>\r\n\t\t\t\t\t\t\t\t<p><a href='https:\/\/www.federacao-triatlo.pt\/ftp2015\/wp-admin\/admin-ajax.php?action=eventon_ics_download&amp;event_id=56719&amp;sunix=20201002T230000Z&amp;eunix=20201003T225900Z&amp;loca=Caminha&amp;locn=Caminha' class='evo_ics_nCal' title='Adicionar ao seu calend\u00e1rio'>Calend\u00e1rio<\/a><a href='\/\/www.google.com\/calendar\/event?action=TEMPLATE&amp;text=VIII+Triatlo+Longo+de+Caminha&amp;dates=20201002T230000Z\/20201003T225900Z&amp;details=Regulamento+VIII+Triatlo+de+Caminha+2020+%28actualizado+a+02%2F10%2F2020%29%0D%0ABriefing+VIII+Triatlo+Longo+de+Caminha+2020%0D%0APercursos+Prova+Aberta+Dist%C3%A2ncia&amp;location=Caminha - Caminha' target='_blank' class='evo_ics_gCal' title='Adicionar ao calend\u00e1rio Google'>GoogleCal<\/a><\/p>\t\r\n\t\t\t\t\t\t\t<\/div>\t\t\t\t\t\t<\/div>\r\n\t\t\t\t\t\t<\/div><div class='clear end'><\/div><\/div><div id=\"event_56730\" class=\"eventon_list_event evo_eventtop past_event event\" data-event_id=\"56730\" data-time=\"1602288001-1602460799\" data-colr=\"#0092e0\" itemscope itemtype='http:\/\/schema.org\/Event' 2><div class=\"evo_event_schema\" style=\"display:none\" ><a itemprop='url'  href='https:\/\/www.federacao-triatlo.pt\/ftp2015\/events\/ii-triatlo-internacional-de-alhandra\/'><\/a><span itemprop='name'  >II Triatlo Internacional de Alhandra<\/span><meta itemprop='image' content='https:\/\/www.federacao-triatlo.pt\/ftp2015\/wp-content\/uploads\/2019\/12\/23x16cm_Alhandra_2020-209x300.png' ><\/meta><meta itemprop='description' content='Regulamento Triatlo Internacional de Alhandra\r\n\r\nPercursos Campeonato Europa Clubes Estafetas Mistas\r\n\r\nPercursos Campeonato do Mediterr\u00e2neo\r\n\r\nPercursos Paratriathlon World Cup' ><\/meta><meta itemprop='startDate' content='2020-10-10' ><\/meta><meta itemprop='endDate' content='2020-10-11' ><\/meta><meta itemprop='eventStatus' content='on-schedule' ><\/meta><script type=\"application\/ld+json\">{\t\"@context\": \"http:\/\/schema.org\",\r\n\t\t\t\t\t\t\t  \t\"@type\": \"Event\",\r\n\t\t\t\t\t\t\t  \t\"name\": \"II Triatlo Internacional de Alhandra\",\r\n\t\t\t\t\t\t\t  \t\"startDate\": \"2020-10-10T00-00-00-00\",\r\n\t\t\t\t\t\t\t  \t\"endDate\": \"2020-10-11T23-23-59-00\",\r\n\t\t\t\t\t\t\t  \t\"image\":\"https:\/\/www.federacao-triatlo.pt\/ftp2015\/wp-content\/uploads\/2019\/12\/23x16cm_Alhandra_2020-209x300.png\",\r\n\t\t\t\t\t\t\t  \t\"description\":\"Regulamento Triatlo Internacional de Alhandra\r\n\r\nPercursos Campeonato Europa Clubes Estafetas Mistas\r\n\r\nPercursos Campeonato do Mediterr\u00e2neo\r\n\r\nPercursos Paratriathlon World Cup\",\r\n\t\t\t\t\t\t\t  \t\r\n\t\t\t\t\t\t\t }\r\n\t\t\t\t\t\t\t<\/script><\/div>\r\n\t\t\t\t<p class=\"desc_trig_outter\"><a data-gmap_status=\"null\" data-gmtrig=\"1\" data-exlk=\"0\" style=\"border-color: #0092e0;\" id=\"evc_160228800156730\" class=\"hasFtIMG desc_trig evo_camp-europa-clubes mul_val evcal_list_a\" data-ux_val=\"1\"  ><span class='ev_ftImg' data-img='https:\/\/www.federacao-triatlo.pt\/ftp2015\/wp-content\/uploads\/2019\/12\/23x16cm_Alhandra_2020.png' data-thumb='https:\/\/www.federacao-triatlo.pt\/ftp2015\/wp-content\/uploads\/2019\/12\/23x16cm_Alhandra_2020-209x300.png' style='background-image:url(\"https:\/\/www.federacao-triatlo.pt\/ftp2015\/wp-content\/uploads\/2019\/12\/23x16cm_Alhandra_2020-209x300.png\")'><\/span><span class='evcal_cblock ' data-bgcolor='#0092e0' data-smon='Outubro' data-syr='2020'><span class='evo_start '><em class='date'>10<\/em><em class='month'>out<\/em><em class='time'>allday<\/em><\/span><span class='evo_end '><em class='date'>11<\/em><em class='time'>allday<\/em><\/span><em class='clear'><\/em><\/span><span class='evcal_desc evo_info hide_eventtopdata '  data-location_status=\"false\" ><span class='evo_above_title'><\/span><span class='evcal_desc2 evcal_event_title' itemprop='name'>II Triatlo Internacional de Alhandra<\/span><span class='evo_below_title'><\/span><span class='evcal_desc_info' ><em class=\"evcal_location\"  data-add_str=\"\"><em class=\"event_location_name\">Alhandra<\/em><\/em><\/span><span class='evcal_desc3'><span class='evcal_event_types ett1'><em><i>Tipo de Evento:<\/i><\/em><em data-filter='event_type'>Camp. Europa Clubes<\/em><i class='clear'><\/i><\/span><\/span><\/span><em class='clear'><\/em><\/p><\/a><div class='event_description evcal_eventcard ' style=\"display:none\"><div class='evo_metarow_directimg'><img src='https:\/\/www.federacao-triatlo.pt\/ftp2015\/wp-content\/uploads\/2019\/12\/23x16cm_Alhandra_2020.png' \/><\/div><div class='evo_metarow_details evorow evcal_evdata_row bordb evcal_event_details'>\r\n\t\t\t\t\t\t\t<div class=\"event_excerpt\" style=\"display:none\"><h3 class=\"padb5 evo_h3\">Detalhes do Evento<\/h3><p>Regulamento Triatlo Internacional de Alhandra\r\n\r\nPercursos Campeonato Europa Clubes Estafetas Mistas\r\n\r\nPercursos Campeonato do Mediterr\u00e2neo\r\n\r\nPercursos Paratriathlon World Cup<\/p><\/div><span class='evcal_evdata_icons'><i class='fa fa-align-justify'><\/i><\/span>\r\n\t\t\t\t\t\t\t\r\n\t\t\t\t\t\t\t<div class='evcal_evdata_cell '><div class='eventon_full_description'>\r\n\t\t\t\t\t\t\t\t\t<h3 class='padb5 evo_h3'><span class='evcal_evdata_icons'><i class='fa fa-align-justify'><\/i><\/span>Detalhes do Evento<\/h3><div class='eventon_desc_in' itemprop='description'>\r\n\t\t\t\t\t\t\t\t\t<p><a href=\"https:\/\/www.federacao-triatlo.pt\/ftp2015\/wp-content\/uploads\/2019\/12\/Regulamento-Triatlo-Internacional-de-Alhandra.pdf\">Regulamento Triatlo Internacional de Alhandra<\/a><\/p>\n<p><a href=\"https:\/\/www.federacao-triatlo.pt\/ftp2015\/wp-content\/uploads\/2019\/12\/Percursos-Camp-Europa-Clubes_v_17082020.pdf\">Percursos Campeonato Europa Clubes Estafetas Mistas<\/a><\/p>\n<p><a href=\"https:\/\/www.federacao-triatlo.pt\/ftp2015\/wp-content\/uploads\/2019\/12\/Percursos-Camp-Mediterraneo.pdf\">Percursos Campeonato do Mediterr\u00e2neo<\/a><\/p>\n<p><a href=\"https:\/\/www.federacao-triatlo.pt\/ftp2015\/wp-content\/uploads\/2019\/12\/Percursos-Para-World-Cup.pdf\">Percursos Paratriathlon World Cup<\/a><\/p>\n<\/div><div class='clear'><\/div>\r\n\t\t\t\t\t\t\t\t<\/div>\r\n\t\t\t\t\t\t\t<\/div>\r\n\t\t\t\t\t\t<\/div><div class='evo_metarow_time_location evorow bordb '>\r\n\t\t\t\t\t\t<div class='tb' >\r\n\t\t\t\t\t\t\t<div class='tbrow'>\r\n\t\t\t\t\t\t\t<div class='evcal_col50 bordr'>\r\n\t\t\t\t\t\t\t\t<div class='evcal_evdata_row evo_time'>\r\n\t\t\t\t\t\t\t\t\t<span class='evcal_evdata_icons'><i class='fa fa-clock-o'><\/i><\/span>\r\n\t\t\t\t\t\t\t\t\t<div class='evcal_evdata_cell'>\t\t\t\t\t\t\t\r\n\t\t\t\t\t\t\t\t\t\t<h3 class='evo_h3'><span class='evcal_evdata_icons'><i class='fa fa-clock-o'><\/i><\/span>Hor\u00e1rio<\/h3>\r\n\t\t\t\t\t\t\t\t\t\t<p>Outubro 10 (S\u00e1bado) - 11 (Domingo)<\/p>\r\n\t\t\t\t\t\t\t\t\t<\/div>\r\n\t\t\t\t\t\t\t\t<\/div>\r\n\t\t\t\t\t\t\t<\/div><div class='evcal_col50'>\r\n\t\t\t\t\t\t\t\t<div class='evcal_evdata_row evo_location'>\r\n\t\t\t\t\t\t\t\t\t<span class='evcal_evdata_icons'><i class='fa fa-map-marker'><\/i><\/span>\r\n\t\t\t\t\t\t\t\t\t<div class='evcal_evdata_cell' data-loc_tax_id='850'>\t\t\t\t\t\t\t\r\n\t\t\t\t\t\t\t\t\t\t<h3 class='evo_h3'><span class='evcal_evdata_icons'><i class='fa fa-map-marker'><\/i><\/span>Localiza\u00e7\u00e3o<\/h3><p class='evo_location_name'>Alhandra<\/p><p><\/p>\r\n\t\t\t\t\t\t\t\t\t<\/div>\r\n\t\t\t\t\t\t\t\t<\/div>\r\n\t\t\t\t\t\t\t<\/div><div class='clear'><\/div>\r\n\t\t\t\t\t\t\t<\/div><\/div>\r\n\t\t\t\t\t\t<\/div><div class='evo_metarow_organizer evorow evcal_evdata_row bordb evcal_evrow_sm '>\r\n\t\t\t\t\t\t\t<span class='evcal_evdata_icons'><i class='fa fa-headphones'><\/i><\/span>\r\n\t\t\t\t\t\t\t<div class='evcal_evdata_cell'>\t\t\t\t\t\t\t\r\n\t\t\t\t\t\t\t\t<h3 class='evo_h3'>Evento organizado por<\/h3>\r\n\t\t\t\t\t\t\t\t\r\n\t\t\t\t\t\t\t\t<div class='evo_card_organizer'><p class='evo_data_val evo_card_organizer_name'>\r\n\t\t\t\t\t\t\t\t\t<span class='evo_card_organizer_name_t'>FTP \/ C\u00e2mara municipal de Vila Franca e Xira<\/span><span class='evo_card_organizer_contact'>inscricoes@federacao-triatlo.pt<\/span>\r\n\t\t\t\t\t\t\t\t\t\r\n\t\t\t\t\t\t\t\t\t<\/p><\/div><div class='clear'><\/div>\t\t\t\t\t\t\t\r\n\t\t\t\t\t\t\t<\/div>\r\n\t\t\t\t\t\t<\/div>\t\t\t\t\t\t<div class='evo_metarow_ICS evorow bordb evcal_evdata_row'>\r\n\t\t\t\t\t\t\t<span class=\"evcal_evdata_icons\"><i class=\"fa fa-calendar\"><\/i><\/span>\r\n\t\t\t\t\t\t\t<div class='evcal_evdata_cell'>\r\n\t\t\t\t\t\t\t\t<p><a href='https:\/\/www.federacao-triatlo.pt\/ftp2015\/wp-admin\/admin-ajax.php?action=eventon_ics_download&amp;event_id=56730&amp;sunix=20201009T230000Z&amp;eunix=20201011T225900Z&amp;loca=&amp;locn=Alhandra' class='evo_ics_nCal' title='Adicionar ao seu calend\u00e1rio'>Calend\u00e1rio<\/a><a href='\/\/www.google.com\/calendar\/event?action=TEMPLATE&amp;text=II+Triatlo+Internacional+de+Alhandra&amp;dates=20201009T230000Z\/20201011T225900Z&amp;details=Regulamento+Triatlo+Internacional+de+Alhandra%0D%0A%0D%0APercursos+Campeonato+Europa+Clubes+Estafetas+Mistas%0D%0A%0D%0APercursos+Campeonato+do+Mediterr%C3%A2neo%0D%0A%0D%0APercursos+Paratriathlon+World+Cup&amp;location=Alhandra - ' target='_blank' class='evo_ics_gCal' title='Adicionar ao calend\u00e1rio Google'>GoogleCal<\/a><\/p>\t\r\n\t\t\t\t\t\t\t<\/div>\t\t\t\t\t\t<\/div>\r\n\t\t\t\t\t\t<\/div><div class='clear end'><\/div><\/div><div id=\"event_56707\" class=\"eventon_list_event evo_eventtop past_event event\" data-event_id=\"56707\" data-time=\"1602979201-1603065599\" data-colr=\"#0092e0\" itemscope itemtype='http:\/\/schema.org\/Event' 3><div class=\"evo_event_schema\" style=\"display:none\" ><a itemprop='url'  href='https:\/\/www.federacao-triatlo.pt\/ftp2015\/events\/xxxiii-triatlo-de-oeiras\/'><\/a><span itemprop='name'  >XXXIII Triatlo de Oeiras<\/span><meta itemprop='image' content='https:\/\/www.federacao-triatlo.pt\/ftp2015\/wp-content\/uploads\/2019\/12\/FINAL_Cartaz_triatlo_20-01-208x300.jpg' ><\/meta><meta itemprop='description' content='Regulamento XXXIII Triatlo de Oeiras\r\n\r\nPercursos CN Individual Grupos de Idade\r\n\r\nPercursos CN Individual Elite\r\n\r\nLista Inscritos Camp. Nac. Individual - Elites\r\n\r\nLista Inscritos Camp. Nac. Individual - Grupos' ><\/meta><meta itemprop='startDate' content='2020-10-18' ><\/meta><meta itemprop='endDate' content='2020-10-18' ><\/meta><meta itemprop='eventStatus' content='on-schedule' ><\/meta>\r\n\t\t\t\t\t\t\t\t\t<item style=\"display:none\" itemprop=\"location\" itemscope itemtype=\"http:\/\/schema.org\/Place\">\r\n\t\t\t\t\t\t\t\t\t\t<span itemprop=\"name\">Oeiras<\/span>\r\n\t\t\t\t\t\t\t\t\t\t<span itemprop=\"address\" itemscope itemtype=\"http:\/\/schema.org\/PostalAddress\">\r\n\t\t\t\t\t\t\t\t\t\t\t<item itemprop=\"streetAddress\">Oeiras<\/item>\r\n\t\t\t\t\t\t\t\t\t\t<\/span><\/item><script type=\"application\/ld+json\">{\t\"@context\": \"http:\/\/schema.org\",\r\n\t\t\t\t\t\t\t  \t\"@type\": \"Event\",\r\n\t\t\t\t\t\t\t  \t\"name\": \"XXXIII Triatlo de Oeiras\",\r\n\t\t\t\t\t\t\t  \t\"startDate\": \"2020-10-18T00-00-00-00\",\r\n\t\t\t\t\t\t\t  \t\"endDate\": \"2020-10-18T23-23-59-00\",\r\n\t\t\t\t\t\t\t  \t\"image\":\"https:\/\/www.federacao-triatlo.pt\/ftp2015\/wp-content\/uploads\/2019\/12\/FINAL_Cartaz_triatlo_20-01-208x300.jpg\",\r\n\t\t\t\t\t\t\t  \t\"description\":\"Regulamento XXXIII Triatlo de Oeiras\r\n\r\nPercursos CN Individual Grupos de Idade\r\n\r\nPercursos CN Individual Elite\r\n\r\nLista Inscritos Camp. Nac. Individual - Elites\r\n\r\nLista Inscritos Camp. Nac. Individual - Grupos\",\r\n\t\t\t\t\t\t\t  \t\"location\":{\r\n\t\t\t\t\t\t\t\t\t\t\"@type\":\"Place\",\r\n\t\t\t\t\t\t\t\t\t\t\"name\":\"Oeiras\",\r\n\t\t\t\t\t\t\t\t\t\t\"address\":\"Oeiras\"\r\n\t\t\t\t\t\t\t  \t\t}\r\n\t\t\t\t\t\t\t }\r\n\t\t\t\t\t\t\t<\/script><\/div>\r\n\t\t\t\t<p class=\"desc_trig_outter\"><a data-gmtrig=\"1\" data-exlk=\"0\" style=\"border-color: #0092e0;\" id=\"evc_160297920156707\" class=\"hasFtIMG desc_trig evo_camp-nac-cadetes evo_camp-nac-juniores evo_camp-nac-grupos-idade evo_camp-nac-individual-triatlo-sprint evo_camp-nac-paratriatlo sin_val evcal_list_a\" data-ux_val=\"1\"  ><span class='ev_ftImg' data-img='https:\/\/www.federacao-triatlo.pt\/ftp2015\/wp-content\/uploads\/2019\/12\/FINAL_Cartaz_triatlo_20-01.jpg' data-thumb='https:\/\/www.federacao-triatlo.pt\/ftp2015\/wp-content\/uploads\/2019\/12\/FINAL_Cartaz_triatlo_20-01-208x300.jpg' style='background-image:url(\"https:\/\/www.federacao-triatlo.pt\/ftp2015\/wp-content\/uploads\/2019\/12\/FINAL_Cartaz_triatlo_20-01-208x300.jpg\")'><\/span><span class='evcal_cblock ' data-bgcolor='#0092e0' data-smon='Outubro' data-syr='2020'><span class='evo_start '><em class='date'>18<\/em><em class='month'>out<\/em><em class='time'>allday<\/em><\/span><span class='evo_end only_time'><em class='time'>allday<\/em><\/span><em class='clear'><\/em><\/span><span class='evcal_desc evo_info hide_eventtopdata ' data-latlng=\"38.676787,-9.323453\"  data-location_address=\"Oeiras\" data-location_type=\"lonlat\" data-location_name=\"Oeiras\" data-location_status=\"true\" ><span class='evo_above_title'><\/span><span class='evcal_desc2 evcal_event_title' itemprop='name'>XXXIII Triatlo de Oeiras<\/span><span class='evo_below_title'><\/span><span class='evcal_desc_info' ><em class=\"evcal_location\" data-latlng=\"38.676787,-9.323453\"  data-add_str=\"\"><em class=\"event_location_name\">Oeiras<\/em><\/em><\/span><span class='evcal_desc3'><span class='evcal_event_types ett1'><em><i>Tipo de Evento:<\/i><\/em><em data-filter='event_type'>Camp. Nac. de Cadetes,<\/em><em data-filter='event_type'>Camp. Nac. de Juniores,<\/em><em data-filter='event_type'>Camp. Nac. Grupos Idade,<\/em><em data-filter='event_type'>Camp. Nac. Individual Triatlo Sprint,<\/em><em data-filter='event_type'>Camp. Nac. Paratriatlo<\/em><i class='clear'><\/i><\/span><\/span><\/span><em class='clear'><\/em><\/p><\/a><div class='event_description evcal_eventcard ' style=\"display:none\"><div class='evo_metarow_directimg'><img src='https:\/\/www.federacao-triatlo.pt\/ftp2015\/wp-content\/uploads\/2019\/12\/FINAL_Cartaz_triatlo_20-01.jpg' \/><\/div><div class='evo_metarow_details evorow evcal_evdata_row bordb evcal_event_details'>\r\n\t\t\t\t\t\t\t<div class=\"event_excerpt\" style=\"display:none\"><h3 class=\"padb5 evo_h3\">Detalhes do Evento<\/h3><p>Regulamento XXXIII Triatlo de Oeiras\r\n\r\nPercursos CN Individual Grupos de Idade\r\n\r\nPercursos CN Individual Elite\r\n\r\nLista Inscritos Camp. Nac. Individual - Elites\r\n\r\nLista Inscritos Camp. Nac. Individual - Grupos<\/p><\/div><span class='evcal_evdata_icons'><i class='fa fa-align-justify'><\/i><\/span>\r\n\t\t\t\t\t\t\t\r\n\t\t\t\t\t\t\t<div class='evcal_evdata_cell '><div class='eventon_full_description'>\r\n\t\t\t\t\t\t\t\t\t<h3 class='padb5 evo_h3'><span class='evcal_evdata_icons'><i class='fa fa-align-justify'><\/i><\/span>Detalhes do Evento<\/h3><div class='eventon_desc_in' itemprop='description'>\r\n\t\t\t\t\t\t\t\t\t<p><a href=\"https:\/\/www.federacao-triatlo.pt\/ftp2015\/wp-content\/uploads\/2019\/12\/Regulamento-Triatlo-de-Oeiras.pdf\">Regulamento XXXIII Triatlo de Oeiras<\/a><\/p>\n<p><a href=\"https:\/\/www.federacao-triatlo.pt\/ftp2015\/wp-content\/uploads\/2019\/12\/Percursos-CNI-GI.pdf\">Percursos CN Individual Grupos de Idade<\/a><\/p>\n<p><a href=\"https:\/\/www.federacao-triatlo.pt\/ftp2015\/wp-content\/uploads\/2019\/12\/Percursos-CNI-Sprint-Elite.pdf\">Percursos CN Individual Elite<\/a><\/p>\n<p><a href=\"https:\/\/www.federacao-triatlo.pt\/ftp2015\/wp-content\/uploads\/2019\/12\/Lista-Inscritos-Camp.-Nac.-Individual-Elites-6.pdf\">Lista Inscritos Camp. Nac. Individual &#8211; Elites<\/a><\/p>\n<p><a href=\"https:\/\/www.federacao-triatlo.pt\/ftp2015\/wp-content\/uploads\/2019\/12\/Lista-Inscritos-Camp.-Nac.-Individual-Grupos-Idade-4.pdf\">Lista Inscritos Camp. Nac. Individual &#8211; Grupos Idade<\/a><\/p>\n<p><a href=\"https:\/\/www.federacao-triatlo.pt\/ftp2015\/wp-content\/uploads\/2019\/12\/Lista-Inscritos-Camp.-Nac.-Paratriatlo-1.pdf\">Lista Inscritos Camp. Nac. Paratriatlo<\/a><\/p>\n<\/div><div class='clear'><\/div>\r\n\t\t\t\t\t\t\t\t<\/div>\r\n\t\t\t\t\t\t\t<\/div>\r\n\t\t\t\t\t\t<\/div><div class='evo_metarow_gmap evorow evcal_gmaps bordb ' id='evc160297920169f505919de3456707_gmap' style='max-width:none'><\/div><div class='evo_metarow_getDr evorow evcal_evdata_row bordb evcal_evrow_sm getdirections'>\r\n\t\t\t\t\t\t<form action='https:\/\/maps.google.com\/maps' method='get' target='_blank'>\r\n\t\t\t\t\t\t<input type='hidden' name='daddr' value='Oeiras'\/> \r\n\t\t\t\t\t\t<p><input class='evoInput' type='text' name='saddr' placeholder='Escreva a morada' value=''\/>\r\n\t\t\t\t\t\t<button type='submit' class='evcal_evdata_icons evcalicon_9' title='Clique aqui para obter as dire\u00e7\u00f5es'><i class='fa fa-road'><\/i><\/button>\r\n\t\t\t\t\t\t<\/p><\/form>\r\n\t\t\t\t\t<\/div><div class='evo_metarow_time_location evorow bordb '>\r\n\t\t\t\t\t\t<div class='tb' >\r\n\t\t\t\t\t\t\t<div class='tbrow'>\r\n\t\t\t\t\t\t\t<div class='evcal_col50 bordr'>\r\n\t\t\t\t\t\t\t\t<div class='evcal_evdata_row evo_time'>\r\n\t\t\t\t\t\t\t\t\t<span class='evcal_evdata_icons'><i class='fa fa-clock-o'><\/i><\/span>\r\n\t\t\t\t\t\t\t\t\t<div class='evcal_evdata_cell'>\t\t\t\t\t\t\t\r\n\t\t\t\t\t\t\t\t\t\t<h3 class='evo_h3'><span class='evcal_evdata_icons'><i class='fa fa-clock-o'><\/i><\/span>Hor\u00e1rio<\/h3>\r\n\t\t\t\t\t\t\t\t\t\t<p>Todo o dia (Domingo)<\/p>\r\n\t\t\t\t\t\t\t\t\t<\/div>\r\n\t\t\t\t\t\t\t\t<\/div>\r\n\t\t\t\t\t\t\t<\/div><div class='evcal_col50'>\r\n\t\t\t\t\t\t\t\t<div class='evcal_evdata_row evo_location'>\r\n\t\t\t\t\t\t\t\t\t<span class='evcal_evdata_icons'><i class='fa fa-map-marker'><\/i><\/span>\r\n\t\t\t\t\t\t\t\t\t<div class='evcal_evdata_cell' data-loc_tax_id='134'>\t\t\t\t\t\t\t\r\n\t\t\t\t\t\t\t\t\t\t<h3 class='evo_h3'><span class='evcal_evdata_icons'><i class='fa fa-map-marker'><\/i><\/span>Localiza\u00e7\u00e3o<\/h3><p class='evo_location_name'>Oeiras<\/p><p>Oeiras<\/p>\r\n\t\t\t\t\t\t\t\t\t<\/div>\r\n\t\t\t\t\t\t\t\t<\/div>\r\n\t\t\t\t\t\t\t<\/div><div class='clear'><\/div>\r\n\t\t\t\t\t\t\t<\/div><\/div>\r\n\t\t\t\t\t\t<\/div><div class='evo_metarow_organizer evorow evcal_evdata_row bordb evcal_evrow_sm '>\r\n\t\t\t\t\t\t\t<span class='evcal_evdata_icons'><i class='fa fa-headphones'><\/i><\/span>\r\n\t\t\t\t\t\t\t<div class='evcal_evdata_cell'>\t\t\t\t\t\t\t\r\n\t\t\t\t\t\t\t\t<h3 class='evo_h3'>Evento organizado por<\/h3>\r\n\t\t\t\t\t\t\t\t\r\n\t\t\t\t\t\t\t\t<div class='evo_card_organizer'><p class='evo_data_val evo_card_organizer_name'>\r\n\t\t\t\t\t\t\t\t\t<span class='evo_card_organizer_name_t'>FTP \/ C\u00e2mara Municipal de Oeiras<\/span><span class='evo_card_organizer_contact'>inscricoes@federacao-triatlo.pt<\/span>\r\n\t\t\t\t\t\t\t\t\t\r\n\t\t\t\t\t\t\t\t\t<\/p><\/div><div class='clear'><\/div>\t\t\t\t\t\t\t\r\n\t\t\t\t\t\t\t<\/div>\r\n\t\t\t\t\t\t<\/div>\t\t\t\t\t\t<div class='evo_metarow_ICS evorow bordb evcal_evdata_row'>\r\n\t\t\t\t\t\t\t<span class=\"evcal_evdata_icons\"><i class=\"fa fa-calendar\"><\/i><\/span>\r\n\t\t\t\t\t\t\t<div class='evcal_evdata_cell'>\r\n\t\t\t\t\t\t\t\t<p><a href='https:\/\/www.federacao-triatlo.pt\/ftp2015\/wp-admin\/admin-ajax.php?action=eventon_ics_download&amp;event_id=56707&amp;sunix=20201017T230000Z&amp;eunix=20201018T225900Z&amp;loca=Oeiras&amp;locn=Oeiras' class='evo_ics_nCal' title='Adicionar ao seu calend\u00e1rio'>Calend\u00e1rio<\/a><a href='\/\/www.google.com\/calendar\/event?action=TEMPLATE&amp;text=XXXIII+Triatlo+de+Oeiras&amp;dates=20201017T230000Z\/20201018T225900Z&amp;details=Regulamento+XXXIII+Triatlo+de+Oeiras%0D%0A%0D%0APercursos+CN+Individual+Grupos+de+Idade%0D%0A%0D%0APercursos+CN+Individual+Elite%0D%0A%0D%0ALista+Inscritos+Camp.+Nac.+Individual+-+Elites%0D%0A%0D%0ALista+Inscritos+Camp.+Nac.+Individual+-+Grupos&amp;location=Oeiras - Oeiras' target='_blank' class='evo_ics_gCal' title='Adicionar ao calend\u00e1rio Google'>GoogleCal<\/a><\/p>\t\r\n\t\t\t\t\t\t\t<\/div>\t\t\t\t\t\t<\/div>\r\n\t\t\t\t\t\t<\/div><div class='clear end'><\/div><\/div><div id=\"event_56702\" class=\"eventon_list_event evo_eventtop past_event event\" data-event_id=\"56702\" data-time=\"1603584001-1603670399\" data-colr=\"#0092e0\" itemscope itemtype='http:\/\/schema.org\/Event' 4><div class=\"evo_event_schema\" style=\"display:none\" ><a itemprop='url'  href='https:\/\/www.federacao-triatlo.pt\/ftp2015\/events\/setubal-triathlon-2020\/'><\/a><span itemprop='name'  >Set\u00fabal Triathlon 2020<\/span><meta itemprop='image'  ><\/meta><meta itemprop='description' content='Set\u00fabal Triathlon 2020' ><\/meta><meta itemprop='startDate' content='2020-10-25' ><\/meta><meta itemprop='endDate' content='2020-10-25' ><\/meta><meta itemprop='eventStatus' content='on-schedule' ><\/meta>\r\n\t\t\t\t\t\t\t\t\t<item style=\"display:none\" itemprop=\"location\" itemscope itemtype=\"http:\/\/schema.org\/Place\">\r\n\t\t\t\t\t\t\t\t\t\t<span itemprop=\"name\">Set\u00fabal<\/span>\r\n\t\t\t\t\t\t\t\t\t\t<span itemprop=\"address\" itemscope itemtype=\"http:\/\/schema.org\/PostalAddress\">\r\n\t\t\t\t\t\t\t\t\t\t\t<item itemprop=\"streetAddress\">Parque Urbano de Albarquel<\/item>\r\n\t\t\t\t\t\t\t\t\t\t<\/span><\/item><script type=\"application\/ld+json\">{\t\"@context\": \"http:\/\/schema.org\",\r\n\t\t\t\t\t\t\t  \t\"@type\": \"Event\",\r\n\t\t\t\t\t\t\t  \t\"name\": \"Set\u00fabal Triathlon 2020\",\r\n\t\t\t\t\t\t\t  \t\"startDate\": \"2020-10-25T00-00-00-00\",\r\n\t\t\t\t\t\t\t  \t\"endDate\": \"2020-10-25T23-23-59-00\",\r\n\t\t\t\t\t\t\t  \t\"image\":,\r\n\t\t\t\t\t\t\t  \t\"description\":\"Set\u00fabal Triathlon 2020\",\r\n\t\t\t\t\t\t\t  \t\"location\":{\r\n\t\t\t\t\t\t\t\t\t\t\"@type\":\"Place\",\r\n\t\t\t\t\t\t\t\t\t\t\"name\":\"Set\u00fabal\",\r\n\t\t\t\t\t\t\t\t\t\t\"address\":\"Parque Urbano de Albarquel\"\r\n\t\t\t\t\t\t\t  \t\t}\r\n\t\t\t\t\t\t\t }\r\n\t\t\t\t\t\t\t<\/script><\/div>\r\n\t\t\t\t<p class=\"desc_trig_outter\"><a data-gmtrig=\"1\" data-exlk=\"0\" style=\"border-color: #0092e0;\" id=\"evc_160358400156702\" class=\"desc_trig evo_prova-aberta sin_val evcal_list_a\" data-ux_val=\"1\"  ><span class='evcal_cblock ' data-bgcolor='#0092e0' data-smon='Outubro' data-syr='2020'><span class='evo_start '><em class='date'>25<\/em><em class='month'>out<\/em><em class='time'>allday<\/em><\/span><span class='evo_end only_time'><em class='time'>allday<\/em><\/span><em class='clear'><\/em><\/span><span class='evcal_desc evo_info hide_eventtopdata ' data-latlng=\"38\u00b0 30,-8\u00b0 54\"  data-location_address=\"Parque Urbano de Albarquel\" data-location_type=\"lonlat\" data-location_name=\"Set\u00fabal\" data-location_status=\"true\" ><span class='evo_above_title'><\/span><span class='evcal_desc2 evcal_event_title' itemprop='name'>Set\u00fabal Triathlon 2020<\/span><span class='evo_below_title'><\/span><span class='evcal_desc_info' ><em class=\"evcal_location\" data-latlng=\"38\u00b0 30,-8\u00b0 54\"  data-add_str=\"\"><em class=\"event_location_name\">Set\u00fabal<\/em><\/em><\/span><span class='evcal_desc3'><span class='evcal_event_types ett1'><em><i>Tipo de Evento:<\/i><\/em><em data-filter='event_type'>Prova Aberta<\/em><i class='clear'><\/i><\/span><\/span><\/span><em class='clear'><\/em><\/p><\/a><div class='event_description evcal_eventcard ' style=\"display:none\"><div class='evo_metarow_gmap evorow evcal_gmaps bordb ' id='evc160358400169f505919e8b856702_gmap' style='max-width:none'><\/div><div class='evo_metarow_getDr evorow evcal_evdata_row bordb evcal_evrow_sm getdirections'>\r\n\t\t\t\t\t\t<form action='https:\/\/maps.google.com\/maps' method='get' target='_blank'>\r\n\t\t\t\t\t\t<input type='hidden' name='daddr' value='Parque Urbano de Albarquel'\/> \r\n\t\t\t\t\t\t<p><input class='evoInput' type='text' name='saddr' placeholder='Escreva a morada' value=''\/>\r\n\t\t\t\t\t\t<button type='submit' class='evcal_evdata_icons evcalicon_9' title='Clique aqui para obter as dire\u00e7\u00f5es'><i class='fa fa-road'><\/i><\/button>\r\n\t\t\t\t\t\t<\/p><\/form>\r\n\t\t\t\t\t<\/div><div class='evo_metarow_time_location evorow bordb '>\r\n\t\t\t\t\t\t<div class='tb' >\r\n\t\t\t\t\t\t\t<div class='tbrow'>\r\n\t\t\t\t\t\t\t<div class='evcal_col50 bordr'>\r\n\t\t\t\t\t\t\t\t<div class='evcal_evdata_row evo_time'>\r\n\t\t\t\t\t\t\t\t\t<span class='evcal_evdata_icons'><i class='fa fa-clock-o'><\/i><\/span>\r\n\t\t\t\t\t\t\t\t\t<div class='evcal_evdata_cell'>\t\t\t\t\t\t\t\r\n\t\t\t\t\t\t\t\t\t\t<h3 class='evo_h3'><span class='evcal_evdata_icons'><i class='fa fa-clock-o'><\/i><\/span>Hor\u00e1rio<\/h3>\r\n\t\t\t\t\t\t\t\t\t\t<p>Todo o dia (Domingo)<\/p>\r\n\t\t\t\t\t\t\t\t\t<\/div>\r\n\t\t\t\t\t\t\t\t<\/div>\r\n\t\t\t\t\t\t\t<\/div><div class='evcal_col50'>\r\n\t\t\t\t\t\t\t\t<div class='evcal_evdata_row evo_location'>\r\n\t\t\t\t\t\t\t\t\t<span class='evcal_evdata_icons'><i class='fa fa-map-marker'><\/i><\/span>\r\n\t\t\t\t\t\t\t\t\t<div class='evcal_evdata_cell' data-loc_tax_id='123'>\t\t\t\t\t\t\t\r\n\t\t\t\t\t\t\t\t\t\t<h3 class='evo_h3'><span class='evcal_evdata_icons'><i class='fa fa-map-marker'><\/i><\/span>Localiza\u00e7\u00e3o<\/h3><p class='evo_location_name'>Set\u00fabal<\/p><p>Parque Urbano de Albarquel<\/p>\r\n\t\t\t\t\t\t\t\t\t<\/div>\r\n\t\t\t\t\t\t\t\t<\/div>\r\n\t\t\t\t\t\t\t<\/div><div class='clear'><\/div>\r\n\t\t\t\t\t\t\t<\/div><\/div>\r\n\t\t\t\t\t\t<\/div><div class='evo_metarow_organizer evorow evcal_evdata_row bordb evcal_evrow_sm '>\r\n\t\t\t\t\t\t\t<span class='evcal_evdata_icons'><i class='fa fa-headphones'><\/i><\/span>\r\n\t\t\t\t\t\t\t<div class='evcal_evdata_cell'>\t\t\t\t\t\t\t\r\n\t\t\t\t\t\t\t\t<h3 class='evo_h3'>Evento organizado por<\/h3>\r\n\t\t\t\t\t\t\t\t\r\n\t\t\t\t\t\t\t\t<div class='evo_card_organizer'><p class='evo_data_val evo_card_organizer_name'>\r\n\t\t\t\t\t\t\t\t\t<span class='evo_card_organizer_name_t'>FTP \/ HMS Sports \/ C\u00e2mara Municipal de Set\u00fabal<\/span><span class='evo_card_organizer_contact'>setubaltriathlon.pt.<\/span>\r\n\t\t\t\t\t\t\t\t\t\r\n\t\t\t\t\t\t\t\t\t<\/p><\/div><div class='clear'><\/div>\t\t\t\t\t\t\t\r\n\t\t\t\t\t\t\t<\/div>\r\n\t\t\t\t\t\t<\/div>\t\t\t\t\t\t<div class='evo_metarow_ICS evorow bordb evcal_evdata_row'>\r\n\t\t\t\t\t\t\t<span class=\"evcal_evdata_icons\"><i class=\"fa fa-calendar\"><\/i><\/span>\r\n\t\t\t\t\t\t\t<div class='evcal_evdata_cell'>\r\n\t\t\t\t\t\t\t\t<p><a href='https:\/\/www.federacao-triatlo.pt\/ftp2015\/wp-admin\/admin-ajax.php?action=eventon_ics_download&amp;event_id=56702&amp;sunix=20201024T230000Z&amp;eunix=20201025T225900Z&amp;loca=Parque Urbano de Albarquel&amp;locn=Set\u00fabal' class='evo_ics_nCal' title='Adicionar ao seu calend\u00e1rio'>Calend\u00e1rio<\/a><a href='\/\/www.google.com\/calendar\/event?action=TEMPLATE&amp;text=Set%C3%BAbal+Triathlon+2020&amp;dates=20201024T230000Z\/20201025T225900Z&amp;details=Set%C3%BAbal+Triathlon+2020&amp;location=Set%C3%BAbal - Parque+Urbano+de+Albarquel' target='_blank' class='evo_ics_gCal' title='Adicionar ao calend\u00e1rio Google'>GoogleCal<\/a><\/p>\t\r\n\t\t\t\t\t\t\t<\/div>\t\t\t\t\t\t<\/div>\r\n\t\t\t\t\t\t<\/div><div class='clear end'><\/div><\/div><\/div><div class='clear'><\/div><\/div><!-- ajde_evcal_calendar-->\n<div id='evcal_calendar_721' class='ajde_evcal_calendar  ul' ><div class='evo-data' data-cyear=\"2020\" data-cmonth=\"11\" data-runajax=\"1\" data-evc_open=\"0\" data-cal_ver=\"2.6\" data-mapscroll=\"true\" data-mapformat=\"roadmap\" data-mapzoom=\"14\" data-mapiconurl=\"\" data-ev_cnt=\"0\" data-show_limit=\"no\" data-tiles=\"no\" data-sort_by=\"sort_date\" data-filters_on=\"true\" data-range_start=\"0\" data-range_end=\"0\" data-send_unix=\"0\" data-ux_val=\"0\" data-accord=\"0\" data-rtl=\"no\"  ><\/div><div id='evcal_head' class='calendar_header ' ><div class='evo_cal_above'><span class='evo-gototoday-btn' style='display:none' data-mo='11' data-yr='2020' data-dy=''>Dia de Hoje<\/span><\/div><div class='evo_cal_above_content'><\/div><div class='cal_arguments' style='display:none' data-hide_past=\"no\" data-show_et_ft_img=\"yes\" data-event_order=\"ASC\" data-ft_event_priority=\"no\" data-lang=\"L1\" data-month_incre=\"0\" data-only_ft=\"no\" data-evc_open=\"no\" data-show_limit=\"no\" data-etc_override=\"no\" data-show_limit_redir=\"0\" data-tiles=\"no\" data-tile_height=\"0\" data-tile_bg=\"0\" data-tile_count=\"2\" data-tile_style=\"0\" data-s=\"\" data-members_only=\"no\" data-ux_val=\"0\" data-show_limit_ajax=\"no\" data-show_limit_paged=\"1\" ><\/div><div class='clear'><\/div><\/div><p class='evo_list_noevents'>No Events on The List at This Time<\/p><div class='clear'><\/div><\/div><!-- ajde_evcal_calendar-->\n","protected":false},"excerpt":{"rendered":"<p>CALEND\u00c1RIO NACIONAL Guia do Calend\u00e1rio Nacional 2020 Etapas Calend\u00e1rio Nacional [&hellip;]<\/p>\n","protected":false},"author":4707,"featured_media":0,"parent":89200,"menu_order":1,"comment_status":"closed","ping_status":"closed","template":"","meta":{"footnotes":""},"_links":{"self":[{"href":"https:\/\/www.federacao-triatlo.pt\/ftp2015\/wp-json\/wp\/v2\/pages\/55834"}],"collection":[{"href":"https:\/\/www.federacao-triatlo.pt\/ftp2015\/wp-json\/wp\/v2\/pages"}],"about":[{"href":"https:\/\/www.federacao-triatlo.pt\/ftp2015\/wp-json\/wp\/v2\/types\/page"}],"author":[{"embeddable":true,"href":"https:\/\/www.federacao-triatlo.pt\/ftp2015\/wp-json\/wp\/v2\/users\/4707"}],"replies":[{"embeddable":true,"href":"https:\/\/www.federacao-triatlo.pt\/ftp2015\/wp-json\/wp\/v2\/comments?post=55834"}],"version-history":[{"count":2,"href":"https:\/\/www.federacao-triatlo.pt\/ftp2015\/wp-json\/wp\/v2\/pages\/55834\/revisions"}],"predecessor-version":[{"id":89188,"href":"https:\/\/www.federacao-triatlo.pt\/ftp2015\/wp-json\/wp\/v2\/pages\/55834\/revisions\/89188"}],"up":[{"embeddable":true,"href":"https:\/\/www.federacao-triatlo.pt\/ftp2015\/wp-json\/wp\/v2\/pages\/89200"}],"wp:attachment":[{"href":"https:\/\/www.federacao-triatlo.pt\/ftp2015\/wp-json\/wp\/v2\/media?parent=55834"}],"curies":[{"name":"wp","href":"https:\/\/api.w.org\/{rel}","templated":true}]}}