{"id":41653,"date":"2018-11-29T10:47:37","date_gmt":"2018-11-29T10:47:37","guid":{"rendered":"https:\/\/www.federacao-triatlo.pt\/ftp2015\/?page_id=41653"},"modified":"2022-11-20T00:27:10","modified_gmt":"2022-11-20T00:27:10","slug":"classificacao","status":"publish","type":"page","link":"https:\/\/www.federacao-triatlo.pt\/ftp2015\/triatlo-para-todos\/paratriatlo\/classificacao\/","title":{"rendered":"Classifica\u00e7\u00e3o"},"content":{"rendered":"<p>O m\u00e9todo de Classifica\u00e7\u00f5es praticado pela World Triathlon, aplica-se integralmente em Portugal. O objetivo principal consiste em construir uma estrutura igualit\u00e1ria para que qualquer desvantagem tenha o menor impacto poss\u00edvel ao longo da performance desportiva.<\/p>\n<p>A classifica\u00e7\u00e3o permite-nos construir uma estrutura competitiva para que os atletas alcancem o sucesso reconhecendo as suas <em>skills, <\/em>endurance, habilidade t\u00e9cnica, foco mental e prepara\u00e7\u00e3o f\u00edsica.<\/p>\n<p>Dentro das classifica\u00e7\u00f5es existem nove classes desportivas acabando por competir num total de seis provas diferenciadas:<\/p>\n<ul>\n<li><strong>PTWC1<\/strong>&#8211;<strong> Usu\u00e1rios de cadeiras de rodas<\/strong><\/li>\n<\/ul>\n<p>Abrange os atletas deficientes mais prejudicados. Os atletas no segmento de ciclismo devem usar uma bicicleta de m\u00e3o (<em>handcycle<\/em>), onde o corpo fica deitado, e no segmento de corrida devem utilizar uma cadeira de rodas de corrida. Inclui tamb\u00e9m atletas com limita\u00e7\u00e3o de mobilidade compar\u00e1vel e em casos de limita\u00e7\u00e3o de: pot\u00eancia muscular, defici\u00eancia de membros, hipertonia, atauxia ou atetose.<\/p>\n<p>&nbsp;<\/p>\n<ul>\n<li><strong>PTWC2- Usu\u00e1rios de cadeiras de rodas<\/strong><\/li>\n<\/ul>\n<p>Abrange os atletas deficientes menos prejudicados. Os atletas no segmento de ciclismo devem usar uma bicicleta de m\u00e3o (<em>handcycle<\/em>), onde o corpo fica deitado, e no segmento de corrida devem utilizar uma cadeira de rodas de corrida. Inclui tamb\u00e9m atletas com limita\u00e7\u00e3o de mobilidade compar\u00e1vel e em casos de limita\u00e7\u00e3o de: pot\u00eancia muscular, defici\u00eancia de membros, hipertonia, atauxia ou atetose.<\/p>\n<p>&nbsp;<\/p>\n<ul>\n<li><strong>PTS2- Defici\u00eancias graves<\/strong><\/li>\n<\/ul>\n<p>Inclui atletas com comprometimentos como: defici\u00eancia nos membros, hipertonia, ataxia e\/ou atetose, car\u00eancia de for\u00e7a muscular e amplitude de movimentos diminu\u00edda, entre outros. As condi\u00e7\u00f5es de sa\u00fade mais usuais podem ser: plexo braquial completo, amputado acima do cotovelo, dupla amputa\u00e7\u00e3o abaixo do joelho e paralisia cerebral severa.<\/p>\n<p>&nbsp;<\/p>\n<p>Nos segmentos de ciclismo e corrida, os atletas amputados podem utilizar pr\u00f3teses aprovadas ou outros dispositivos de apoio.<\/p>\n<p>&nbsp;<\/p>\n<ul>\n<li><strong>PTS3- Defici<\/strong><strong>\u00ea<\/strong><strong>ncias significativas<\/strong><\/li>\n<\/ul>\n<p>Inclui atletas com comprometimentos como: defici\u00eancia nos membros, hipertonia, ataxia e\/ou atetose, car\u00eancia de for\u00e7a muscular e amplitude de movimentos diminu\u00edda, entre outros.<\/p>\n<p>As condi\u00e7\u00f5es de sa\u00fade mais comuns podem ser: plexo braquial completo, amputado acima do cotovelo, dupla amputa\u00e7\u00e3o abaixo do joelho e paralisia cerebral leve.<\/p>\n<p>&nbsp;<\/p>\n<p>Nos segmentos de ciclismo e corrida, os atletas amputados podem utilizar pr\u00f3teses aprovadas ou outros dispositivos de apoio.<\/p>\n<p>&nbsp;<\/p>\n<ul>\n<li><strong>PTS4- Defici\u00eancias moderadas<\/strong><\/li>\n<\/ul>\n<p>Inclui atletas com comprometimentos como: defici\u00eancia nos membros, hipertonia, ataxia e\/ou atetose, car\u00eancia de for\u00e7a muscular e amplitude de movimentos diminu\u00edda, entre outros.<\/p>\n<p>As condi\u00e7\u00f5es de sa\u00fade mais comuns podem ser: amputado abaixo do joelho, amputado abaixo do cotovelo e paralisia cerebral leve.<\/p>\n<p>Nos segmentos de ciclismo e corrida, os atletas amputados podem utilizar pr\u00f3teses aprovadas ou outros dispositivos de apoio.<\/p>\n<p>&nbsp;<\/p>\n<ul>\n<li><strong>PTS5- Defici\u00eancias leves<\/strong><\/li>\n<\/ul>\n<p>Inclui atletas com comprometimentos como: defici\u00eancia nos membros, hipertonia, ataxia e\/ou atetose, car\u00eancia de for\u00e7a muscular e amplitude de movimentos diminu\u00edda, entre outros.<\/p>\n<p>As condi\u00e7\u00f5es de sa\u00fade mais comuns podem ser: amputado abaixo do joelho, amputado abaixo do cotovelo e paralisia cerebral leve.<\/p>\n<p>Nos segmentos de ciclismo e corrida, os atletas amputados podem utilizar pr\u00f3teses aprovadas ou outros dispositivos de apoio.<\/p>\n<p>&nbsp;<\/p>\n<ul>\n<li><strong>PTVI1- Defici\u00eancia Visual Total<\/strong><\/li>\n<\/ul>\n<p>Atletas completamente invisuais, sem perce\u00e7\u00e3o da luz em qualquer um dos olhos. \u00c9 obrigat\u00f3rio de acompanhamento de um guia durante a corrida, depois montado em conjunto durante o segmento de ciclismo.<\/p>\n<p>O guia deve ter a mesma nacionalidade e \u00e9 obrigat\u00f3rio pertencer ao mesmo g\u00eanero durante o segmento de corrida.<\/p>\n<p>&nbsp;<\/p>\n<ul>\n<li><strong>PTVI2- Defici\u00eancia Visual Parcial<\/strong><\/li>\n<\/ul>\n<p>Atletas parcialmente invisuais. \u00c9 obrigat\u00f3rio de acompanhamento de um guia durante a corrida, depois montado em conjunto durante o segmento de ciclismo.<\/p>\n<p>O guia deve ter a mesma nacionalidade e \u00e9 obrigat\u00f3rio pertencer ao mesmo g\u00eanero durante o segmento de corrida.<\/p>\n<p>&nbsp;<\/p>\n<ul>\n<li><strong>PTVI3- Defici\u00eancia Visual Parcial Menos Grave<\/strong><\/li>\n<\/ul>\n<p>Atletas parcialmente invisuais menos grave. \u00c9 obrigat\u00f3rio de acompanhamento de um guia durante a corrida, depois montado em conjunto durante o segmento de ciclismo.<\/p>\n<p>&nbsp;<\/p>\n<p>O guia deve ter a mesma nacionalidade e \u00e9 obrigat\u00f3rio pertencer ao mesmo g\u00eanero durante o segmento de corrida.<\/p>\n<p>&nbsp;<\/p>\n<ul>\n<li><strong>PTII- Defici\u00eancia intelectual<\/strong><\/li>\n<\/ul>\n<p>Atletas com defici\u00eancia intelectual caracterizado por um QI de 75 ou inferior e limita\u00e7\u00f5es do comportamento adaptativo.<\/p>\n<p>&nbsp;<\/p>\n<ul>\n<li><strong>PTHI- Defici\u00eancia auditiva <\/strong><\/li>\n<\/ul>\n<p class=\"p1\">Atletas com defici\u00eancia auditiva com uma perda de pelo menos 55 db no melhor ouvido.<\/p>\n","protected":false},"excerpt":{"rendered":"<p>O m\u00e9todo de Classifica\u00e7\u00f5es praticado pela World Triathlon, aplica-se integralmente [&hellip;]<\/p>\n","protected":false},"author":10002,"featured_media":0,"parent":41647,"menu_order":2,"comment_status":"closed","ping_status":"closed","template":"","meta":{"footnotes":""},"_links":{"self":[{"href":"https:\/\/www.federacao-triatlo.pt\/ftp2015\/wp-json\/wp\/v2\/pages\/41653"}],"collection":[{"href":"https:\/\/www.federacao-triatlo.pt\/ftp2015\/wp-json\/wp\/v2\/pages"}],"about":[{"href":"https:\/\/www.federacao-triatlo.pt\/ftp2015\/wp-json\/wp\/v2\/types\/page"}],"author":[{"embeddable":true,"href":"https:\/\/www.federacao-triatlo.pt\/ftp2015\/wp-json\/wp\/v2\/users\/10002"}],"replies":[{"embeddable":true,"href":"https:\/\/www.federacao-triatlo.pt\/ftp2015\/wp-json\/wp\/v2\/comments?post=41653"}],"version-history":[{"count":1,"href":"https:\/\/www.federacao-triatlo.pt\/ftp2015\/wp-json\/wp\/v2\/pages\/41653\/revisions"}],"predecessor-version":[{"id":89084,"href":"https:\/\/www.federacao-triatlo.pt\/ftp2015\/wp-json\/wp\/v2\/pages\/41653\/revisions\/89084"}],"up":[{"embeddable":true,"href":"https:\/\/www.federacao-triatlo.pt\/ftp2015\/wp-json\/wp\/v2\/pages\/41647"}],"wp:attachment":[{"href":"https:\/\/www.federacao-triatlo.pt\/ftp2015\/wp-json\/wp\/v2\/media?parent=41653"}],"curies":[{"name":"wp","href":"https:\/\/api.w.org\/{rel}","templated":true}]}}