{"id":28111,"date":"2017-11-29T16:48:51","date_gmt":"2017-11-29T16:48:51","guid":{"rendered":"https:\/\/www.federacao-triatlo.pt\/ftp2015\/?page_id=28111"},"modified":"2022-11-20T23:35:58","modified_gmt":"2022-11-20T23:35:58","slug":"calendario-nacional-2018","status":"publish","type":"page","link":"https:\/\/www.federacao-triatlo.pt\/ftp2015\/competicoes\/calendario\/calendario-2018-2\/calendario-nacional-2018\/","title":{"rendered":"Calend\u00e1rio Nacional 2018"},"content":{"rendered":"<p>CALEND\u00c1RIO NACIONAL<\/p>\n<p><a href=\"https:\/\/www.federacao-triatlo.pt\/ftp2015\/wp-content\/uploads\/2018\/04\/Guia-do-calendario_nacional_2018_vs20180411.pdf\">Guia do Calend\u00e1rio Nacional 2018<\/a>\u00a0(atualizado a 11 de abril de 2018)<\/p>\n<p><a href=\"https:\/\/www.federacao-triatlo.pt\/ftp2015\/wp-content\/uploads\/2018\/04\/Guia-do-calend\u00e1rio-2018-Excel.xlsx\">Guia-do-calend\u00e1rio-2018-Excel<\/a>\u00a0(atualizado a 10 setembro de 2018)<\/p>\n<div id='evcal_calendar_834' class='ajde_evcal_calendar  ul' ><div class='evo-data' data-cyear=\"2018\" data-cmonth=\"2\" data-runajax=\"1\" data-evc_open=\"0\" data-cal_ver=\"2.6\" data-mapscroll=\"true\" data-mapformat=\"roadmap\" data-mapzoom=\"14\" data-mapiconurl=\"\" data-ev_cnt=\"0\" data-show_limit=\"no\" data-tiles=\"no\" data-sort_by=\"sort_date\" data-filters_on=\"true\" data-range_start=\"0\" data-range_end=\"0\" data-send_unix=\"0\" data-ux_val=\"0\" data-accord=\"0\" data-rtl=\"no\"  ><\/div><div id='evcal_head' class='calendar_header ' ><div class='evo_cal_above'><span class='evo-gototoday-btn' style='display:none' data-mo='2' data-yr='2018' data-dy=''>Dia de Hoje<\/span><\/div><div class='evo_cal_above_content'><\/div><div class='cal_arguments' style='display:none' data-hide_past=\"no\" data-show_et_ft_img=\"yes\" data-event_order=\"ASC\" data-ft_event_priority=\"no\" data-lang=\"L1\" data-month_incre=\"0\" data-only_ft=\"no\" data-evc_open=\"no\" data-show_limit=\"no\" data-etc_override=\"no\" data-show_limit_redir=\"0\" data-tiles=\"no\" data-tile_height=\"0\" data-tile_bg=\"0\" data-tile_count=\"2\" data-tile_style=\"0\" data-s=\"\" data-members_only=\"no\" data-ux_val=\"0\" data-show_limit_ajax=\"no\" data-show_limit_paged=\"1\" ><\/div><div class='clear'><\/div><\/div><div class='evcal_month_line'><p>Fevereiro 2018<\/p><\/div><div id='evcal_list' class='eventon_events_list '><div id=\"event_28082\" class=\"eventon_list_event evo_eventtop past_event event\" data-event_id=\"28082\" data-time=\"1517616000-1517616000\" data-colr=\"#0092e0\" itemscope itemtype='http:\/\/schema.org\/Event' 1><div class=\"evo_event_schema\" style=\"display:none\" ><a itemprop='url'  href='https:\/\/www.federacao-triatlo.pt\/ftp2015\/events\/duatlo-de-rio-maior-2\/'><\/a><span itemprop='name'  >V Duatlo de Rio Maior<\/span><meta itemprop='image' content='https:\/\/www.federacao-triatlo.pt\/ftp2015\/wp-content\/uploads\/2017\/05\/DUATLO-RIO-MAIOR_2018-212x300.jpg' ><\/meta><meta itemprop='description' content='Regulamento V Duatlo de Rio Maior 03 Fev 2018 (atualizado a 11Jan2018)\r\n\r\nPercursos V Duatlo de Rio Maior 3 Fev 2018\r\n\r\nLista Inscritos Camp. Nac. Clubes\r\n\r\nLista Inscritos Camp.' ><\/meta><meta itemprop='startDate' content='2018-2-3' ><\/meta><meta itemprop='endDate' content='2018-2-3' ><\/meta><meta itemprop='eventStatus' content='on-schedule' ><\/meta><script type=\"application\/ld+json\">{\t\"@context\": \"http:\/\/schema.org\",\r\n\t\t\t\t\t\t\t  \t\"@type\": \"Event\",\r\n\t\t\t\t\t\t\t  \t\"name\": \"V Duatlo de Rio Maior\",\r\n\t\t\t\t\t\t\t  \t\"startDate\": \"2018-2-3T00-00-00-00\",\r\n\t\t\t\t\t\t\t  \t\"endDate\": \"2018-2-3T00-00-00-00\",\r\n\t\t\t\t\t\t\t  \t\"image\":\"https:\/\/www.federacao-triatlo.pt\/ftp2015\/wp-content\/uploads\/2017\/05\/DUATLO-RIO-MAIOR_2018-212x300.jpg\",\r\n\t\t\t\t\t\t\t  \t\"description\":\"Regulamento V Duatlo de Rio Maior 03 Fev 2018 (atualizado a 11Jan2018)\r\n\r\nPercursos V Duatlo de Rio Maior 3 Fev 2018\r\n\r\nLista Inscritos Camp. Nac. Clubes\r\n\r\nLista Inscritos Camp.\",\r\n\t\t\t\t\t\t\t  \t\r\n\t\t\t\t\t\t\t }\r\n\t\t\t\t\t\t\t<\/script><\/div>\r\n\t\t\t\t<p class=\"desc_trig_outter\"><a data-gmap_status=\"null\" data-gmtrig=\"1\" data-exlk=\"0\" style=\"border-color: #0092e0;\" id=\"evc_151761600028082\" class=\"hasFtIMG desc_trig evo_camp-nac-clubes-duatlo evo_camp-nac-cadetes evo_camp-nac-juniores evo_camp-nac-universitario sin_val evcal_list_a\" data-ux_val=\"1\"  ><span class='ev_ftImg' data-img='https:\/\/www.federacao-triatlo.pt\/ftp2015\/wp-content\/uploads\/2017\/05\/DUATLO-RIO-MAIOR_2018.jpg' data-thumb='https:\/\/www.federacao-triatlo.pt\/ftp2015\/wp-content\/uploads\/2017\/05\/DUATLO-RIO-MAIOR_2018-212x300.jpg' style='background-image:url(\"https:\/\/www.federacao-triatlo.pt\/ftp2015\/wp-content\/uploads\/2017\/05\/DUATLO-RIO-MAIOR_2018-212x300.jpg\")'><\/span><span class='evcal_cblock ' data-bgcolor='#0092e0' data-smon='Fevereiro' data-syr='2018'><span class='evo_start '><em class='date'>03<\/em><em class='month'>fev<\/em><em class='time'>0:00<\/em><\/span><span class='evo_end only_time'><em class='time'>0:00<\/em><\/span><em class='clear'><\/em><\/span><span class='evcal_desc evo_info hide_eventtopdata '  data-location_status=\"false\" ><span class='evo_above_title'><\/span><span class='evcal_desc2 evcal_event_title' itemprop='name'>V Duatlo de Rio Maior<\/span><span class='evo_below_title'><\/span><span class='evcal_desc_info' ><em class=\"evcal_location\"  data-add_str=\"\"><em class=\"event_location_name\">Rio Maior<\/em><\/em><\/span><span class='evcal_desc3'><span class='evcal_event_types ett1'><em><i>Tipo de Evento:<\/i><\/em><em data-filter='event_type'>Camp. Nac. Clubes Duatlo,<\/em><em data-filter='event_type'>Camp. Nac. de Cadetes,<\/em><em data-filter='event_type'>Camp. Nac. de Juniores,<\/em><em data-filter='event_type'>Camp. Nac. Universit\u00e1rio<\/em><i class='clear'><\/i><\/span><\/span><\/span><em class='clear'><\/em><\/p><\/a><div class='event_description evcal_eventcard ' style=\"display:none\"><div class='evo_metarow_directimg'><img src='https:\/\/www.federacao-triatlo.pt\/ftp2015\/wp-content\/uploads\/2017\/05\/DUATLO-RIO-MAIOR_2018.jpg' \/><\/div><div class='evo_metarow_details evorow evcal_evdata_row bordb evcal_event_details'>\r\n\t\t\t\t\t\t\t<div class=\"event_excerpt\" style=\"display:none\"><h3 class=\"padb5 evo_h3\">Detalhes do Evento<\/h3><p>Regulamento V Duatlo de Rio Maior 03 Fev 2018 (atualizado a 11Jan2018)\r\n\r\nPercursos V Duatlo de Rio Maior 3 Fev 2018\r\n\r\nLista Inscritos Camp. Nac. Clubes\r\n\r\nLista Inscritos Camp.<\/p><\/div><span class='evcal_evdata_icons'><i class='fa fa-align-justify'><\/i><\/span>\r\n\t\t\t\t\t\t\t\r\n\t\t\t\t\t\t\t<div class='evcal_evdata_cell '><div class='eventon_full_description'>\r\n\t\t\t\t\t\t\t\t\t<h3 class='padb5 evo_h3'><span class='evcal_evdata_icons'><i class='fa fa-align-justify'><\/i><\/span>Detalhes do Evento<\/h3><div class='eventon_desc_in' itemprop='description'>\r\n\t\t\t\t\t\t\t\t\t<p><a href=\"https:\/\/www.federacao-triatlo.pt\/ftp2015\/wp-content\/uploads\/2017\/11\/Regulamento_V_Duatlo_de_Rio-Maior_03_Fev_2018_V2.pdf\">Regulamento V Duatlo de Rio Maior 03 Fev 2018 (atualizado a 11Jan2018)<\/a><\/p>\n<p><a href=\"https:\/\/www.federacao-triatlo.pt\/ftp2015\/wp-content\/uploads\/2017\/11\/Percursos-CNClubes2018.pdf\">Percursos V Duatlo de Rio Maior 3 Fev 2018<\/a><\/p>\n<p><a href=\"https:\/\/www.federacao-triatlo.pt\/ftp2015\/wp-content\/uploads\/2017\/11\/Lista-Inscritos-Camp.-Nac.-Clubes.pdf\">Lista Inscritos Camp. Nac. Clubes<\/a><\/p>\n<p><a href=\"https:\/\/www.federacao-triatlo.pt\/ftp2015\/wp-content\/uploads\/2017\/11\/Lista-Inscritos-Camp.-Nac.-Universit\u00e1rio.pdf\">Lista Inscritos Camp. Nac. Universit\u00e1rio<\/a><\/p>\n<p>&nbsp;<\/p>\n<\/div><div class='clear'><\/div>\r\n\t\t\t\t\t\t\t\t<\/div>\r\n\t\t\t\t\t\t\t<\/div>\r\n\t\t\t\t\t\t<\/div><div class='evo_metarow_time_location evorow bordb '>\r\n\t\t\t\t\t\t<div class='tb' >\r\n\t\t\t\t\t\t\t<div class='tbrow'>\r\n\t\t\t\t\t\t\t<div class='evcal_col50 bordr'>\r\n\t\t\t\t\t\t\t\t<div class='evcal_evdata_row evo_time'>\r\n\t\t\t\t\t\t\t\t\t<span class='evcal_evdata_icons'><i class='fa fa-clock-o'><\/i><\/span>\r\n\t\t\t\t\t\t\t\t\t<div class='evcal_evdata_cell'>\t\t\t\t\t\t\t\r\n\t\t\t\t\t\t\t\t\t\t<h3 class='evo_h3'><span class='evcal_evdata_icons'><i class='fa fa-clock-o'><\/i><\/span>Hor\u00e1rio<\/h3>\r\n\t\t\t\t\t\t\t\t\t\t<p>(S\u00e1bado) 0:00 - 0:00<\/p>\r\n\t\t\t\t\t\t\t\t\t<\/div>\r\n\t\t\t\t\t\t\t\t<\/div>\r\n\t\t\t\t\t\t\t<\/div><div class='evcal_col50'>\r\n\t\t\t\t\t\t\t\t<div class='evcal_evdata_row evo_location'>\r\n\t\t\t\t\t\t\t\t\t<span class='evcal_evdata_icons'><i class='fa fa-map-marker'><\/i><\/span>\r\n\t\t\t\t\t\t\t\t\t<div class='evcal_evdata_cell' data-loc_tax_id='294'>\t\t\t\t\t\t\t\r\n\t\t\t\t\t\t\t\t\t\t<h3 class='evo_h3'><span class='evcal_evdata_icons'><i class='fa fa-map-marker'><\/i><\/span>Localiza\u00e7\u00e3o<\/h3><p class='evo_location_name'>Rio Maior<\/p><p><\/p>\r\n\t\t\t\t\t\t\t\t\t<\/div>\r\n\t\t\t\t\t\t\t\t<\/div>\r\n\t\t\t\t\t\t\t<\/div><div class='clear'><\/div>\r\n\t\t\t\t\t\t\t<\/div><\/div>\r\n\t\t\t\t\t\t<\/div><div class='evo_metarow_organizer evorow evcal_evdata_row bordb evcal_evrow_sm '>\r\n\t\t\t\t\t\t\t<span class='evcal_evdata_icons'><i class='fa fa-headphones'><\/i><\/span>\r\n\t\t\t\t\t\t\t<div class='evcal_evdata_cell'>\t\t\t\t\t\t\t\r\n\t\t\t\t\t\t\t\t<h3 class='evo_h3'>Evento organizado por<\/h3>\r\n\t\t\t\t\t\t\t\t\r\n\t\t\t\t\t\t\t\t<div class='evo_card_organizer'><p class='evo_data_val evo_card_organizer_name'>\r\n\t\t\t\t\t\t\t\t\t<span class='evo_card_organizer_name_t'>FTP \/ Desmor \/ C\u00e2mara Municipal de Rio Maior<\/span><span class='evo_card_organizer_contact'>inscricoes@federacao-triatlo.pt<\/span>\r\n\t\t\t\t\t\t\t\t\t\r\n\t\t\t\t\t\t\t\t\t<\/p><\/div><div class='clear'><\/div>\t\t\t\t\t\t\t\r\n\t\t\t\t\t\t\t<\/div>\r\n\t\t\t\t\t\t<\/div>\t\t\t\t\t\t<div class='evo_metarow_ICS evorow bordb evcal_evdata_row'>\r\n\t\t\t\t\t\t\t<span class=\"evcal_evdata_icons\"><i class=\"fa fa-calendar\"><\/i><\/span>\r\n\t\t\t\t\t\t\t<div class='evcal_evdata_cell'>\r\n\t\t\t\t\t\t\t\t<p><a href='https:\/\/www.federacao-triatlo.pt\/ftp2015\/wp-admin\/admin-ajax.php?action=eventon_ics_download&amp;event_id=28082&amp;sunix=20180202T230000Z&amp;eunix=20180202T230000Z&amp;loca=&amp;locn=Rio Maior' class='evo_ics_nCal' title='Adicionar ao seu calend\u00e1rio'>Calend\u00e1rio<\/a><a href='\/\/www.google.com\/calendar\/event?action=TEMPLATE&amp;text=V+Duatlo+de+Rio+Maior&amp;dates=20180202T230000Z\/20180202T230000Z&amp;details=Regulamento+V+Duatlo+de+Rio+Maior+03+Fev+2018+%28atualizado+a+11Jan2018%29%0D%0A%0D%0APercursos+V+Duatlo+de+Rio+Maior+3+Fev+2018%0D%0A%0D%0ALista+Inscritos+Camp.+Nac.+Clubes%0D%0A%0D%0ALista+Inscritos+Camp.&amp;location=Rio+Maior - ' target='_blank' class='evo_ics_gCal' title='Adicionar ao calend\u00e1rio Google'>GoogleCal<\/a><\/p>\t\r\n\t\t\t\t\t\t\t<\/div>\t\t\t\t\t\t<\/div>\r\n\t\t\t\t\t\t<\/div><div class='clear end'><\/div><\/div><div id=\"event_28091\" class=\"eventon_list_event evo_eventtop past_event event\" data-event_id=\"28091\" data-time=\"1518865200-1518886800\" data-colr=\"#0092e0\" itemscope itemtype='http:\/\/schema.org\/Event' 2><div class=\"evo_event_schema\" style=\"display:none\" ><a itemprop='url'  href='https:\/\/www.federacao-triatlo.pt\/ftp2015\/events\/duatlo-de-fatima-copy\/'><\/a><span itemprop='name'  >V Duatlo de F\u00e1tima - Campeonato Nacional Jovem - 1\u00aa etapa<\/span><meta itemprop='image' content='https:\/\/www.federacao-triatlo.pt\/ftp2015\/wp-content\/uploads\/2017\/11\/Cartaz-V-Duatlo-de-F\u00e1tima-2018-212x300.jpg' ><\/meta><meta itemprop='description' content='A 5\u00aa edi\u00e7\u00e3o do Duatlo de F\u00e1tima constitui a 1\u00aa etapa do campeonato Nacional Jovem de Clubes e de Iniciados. Tamb\u00e9m \u00e9 prova \u00fanica de Campeonato Nacional de Juvenis de' ><\/meta><meta itemprop='startDate' content='2018-2-17' ><\/meta><meta itemprop='endDate' content='2018-2-17' ><\/meta><meta itemprop='eventStatus' content='on-schedule' ><\/meta>\r\n\t\t\t\t\t\t\t\t\t<item style=\"display:none\" itemprop=\"location\" itemscope itemtype=\"http:\/\/schema.org\/Place\">\r\n\t\t\t\t\t\t\t\t\t\t<span itemprop=\"name\">F\u00e1tima<\/span>\r\n\t\t\t\t\t\t\t\t\t\t<span itemprop=\"address\" itemscope itemtype=\"http:\/\/schema.org\/PostalAddress\">\r\n\t\t\t\t\t\t\t\t\t\t\t<item itemprop=\"streetAddress\">F\u00e1tima<\/item>\r\n\t\t\t\t\t\t\t\t\t\t<\/span><\/item><script type=\"application\/ld+json\">{\t\"@context\": \"http:\/\/schema.org\",\r\n\t\t\t\t\t\t\t  \t\"@type\": \"Event\",\r\n\t\t\t\t\t\t\t  \t\"name\": \"V Duatlo de F\u00e1tima - Campeonato Nacional Jovem - 1\u00aa etapa\",\r\n\t\t\t\t\t\t\t  \t\"startDate\": \"2018-2-17T11-11-00-00\",\r\n\t\t\t\t\t\t\t  \t\"endDate\": \"2018-2-17T17-17-00-00\",\r\n\t\t\t\t\t\t\t  \t\"image\":\"https:\/\/www.federacao-triatlo.pt\/ftp2015\/wp-content\/uploads\/2017\/11\/Cartaz-V-Duatlo-de-F\u00e1tima-2018-212x300.jpg\",\r\n\t\t\t\t\t\t\t  \t\"description\":\"A 5\u00aa edi\u00e7\u00e3o do Duatlo de F\u00e1tima constitui a 1\u00aa etapa do campeonato Nacional Jovem de Clubes e de Iniciados. Tamb\u00e9m \u00e9 prova \u00fanica de Campeonato Nacional de Juvenis de\",\r\n\t\t\t\t\t\t\t  \t\"location\":{\r\n\t\t\t\t\t\t\t\t\t\t\"@type\":\"Place\",\r\n\t\t\t\t\t\t\t\t\t\t\"name\":\"F\u00e1tima\",\r\n\t\t\t\t\t\t\t\t\t\t\"address\":\"F\u00e1tima\"\r\n\t\t\t\t\t\t\t  \t\t}\r\n\t\t\t\t\t\t\t }\r\n\t\t\t\t\t\t\t<\/script><\/div>\r\n\t\t\t\t<p class=\"desc_trig_outter\"><a data-gmtrig=\"1\" data-exlk=\"0\" style=\"border-color: #0092e0;\" id=\"evc_151886520028091\" class=\"hasFtIMG desc_trig evo_camp-nac-de-juvenis evo_camp-nac-jovem evo_prova-aberta sin_val evcal_list_a\" data-ux_val=\"1\"  ><span class='ev_ftImg' data-img='https:\/\/www.federacao-triatlo.pt\/ftp2015\/wp-content\/uploads\/2017\/11\/Cartaz-V-Duatlo-de-F\u00e1tima-2018.jpg' data-thumb='https:\/\/www.federacao-triatlo.pt\/ftp2015\/wp-content\/uploads\/2017\/11\/Cartaz-V-Duatlo-de-F\u00e1tima-2018-212x300.jpg' style='background-image:url(\"https:\/\/www.federacao-triatlo.pt\/ftp2015\/wp-content\/uploads\/2017\/11\/Cartaz-V-Duatlo-de-F\u00e1tima-2018-212x300.jpg\")'><\/span><span class='evcal_cblock ' data-bgcolor='#0092e0' data-smon='Fevereiro' data-syr='2018'><span class='evo_start '><em class='date'>17<\/em><em class='month'>fev<\/em><em class='time'>11:00<\/em><\/span><span class='evo_end only_time'><em class='time'>17:00<\/em><\/span><em class='clear'><\/em><\/span><span class='evcal_desc evo_info hide_eventtopdata ' data-latlng=\"39\u00ba 36,8\u00ba 39\"  data-location_address=\"F\u00e1tima\" data-location_type=\"lonlat\" data-location_name=\"F\u00e1tima\" data-location_status=\"true\" ><span class='evo_above_title'><\/span><span class='evcal_desc2 evcal_event_title' itemprop='name'>V Duatlo de F\u00e1tima - Campeonato Nacional Jovem - 1\u00aa etapa<\/span><span class='evo_below_title'><\/span><span class='evcal_desc_info' ><em class=\"evcal_location\" data-latlng=\"39\u00ba 36,8\u00ba 39\"  data-add_str=\"\"><em class=\"event_location_name\">F\u00e1tima<\/em><\/em><\/span><span class='evcal_desc3'><span class='evcal_event_types ett1'><em><i>Tipo de Evento:<\/i><\/em><em data-filter='event_type'>Camp. Nac. de Juvenis,<\/em><em data-filter='event_type'>Camp. Nac. Jovem,<\/em><em data-filter='event_type'>Prova Aberta<\/em><i class='clear'><\/i><\/span><\/span><\/span><em class='clear'><\/em><\/p><\/a><div class='event_description evcal_eventcard ' style=\"display:none\"><div class='evo_metarow_directimg'><img src='https:\/\/www.federacao-triatlo.pt\/ftp2015\/wp-content\/uploads\/2017\/11\/Cartaz-V-Duatlo-de-F\u00e1tima-2018.jpg' \/><\/div><div class='evo_metarow_details evorow evcal_evdata_row bordb evcal_event_details'>\r\n\t\t\t\t\t\t\t<div class=\"event_excerpt\" style=\"display:none\"><h3 class=\"padb5 evo_h3\">Detalhes do Evento<\/h3><p>A 5\u00aa edi\u00e7\u00e3o do Duatlo de F\u00e1tima constitui a 1\u00aa etapa do campeonato Nacional Jovem de Clubes e de Iniciados. Tamb\u00e9m \u00e9 prova \u00fanica de Campeonato Nacional de Juvenis de<\/p><\/div><span class='evcal_evdata_icons'><i class='fa fa-align-justify'><\/i><\/span>\r\n\t\t\t\t\t\t\t\r\n\t\t\t\t\t\t\t<div class='evcal_evdata_cell '><div class='eventon_full_description'>\r\n\t\t\t\t\t\t\t\t\t<h3 class='padb5 evo_h3'><span class='evcal_evdata_icons'><i class='fa fa-align-justify'><\/i><\/span>Detalhes do Evento<\/h3><div class='eventon_desc_in' itemprop='description'>\r\n\t\t\t\t\t\t\t\t\t<p>A 5\u00aa edi\u00e7\u00e3o do Duatlo de F\u00e1tima constitui a 1\u00aa etapa do campeonato Nacional Jovem de Clubes e de Iniciados. Tamb\u00e9m \u00e9 prova \u00fanica de Campeonato Nacional de Juvenis de Duatlo.<\/p>\n<p>Ir\u00e1 decorrer junto ao Est\u00e1dio Papa Francisco.<\/p>\n<p><a href=\"https:\/\/www.federacao-triatlo.pt\/ftp2015\/wp-content\/uploads\/2017\/11\/Regulamento-V-Duatlo-de-F\u00e1tima-2018-Vers\u00e3o6.pdf\">Regulamento V Duatlo de F\u00e1tima 2018<\/a>(alterado em 31 Jan)<\/p>\n<p><a href=\"https:\/\/www.federacao-triatlo.pt\/ftp2015\/wp-content\/uploads\/2017\/11\/Percursos-V-Duatlo-de-F\u00e1tima-2018.pdf\">Percursos V Duatlo de F\u00e1tima 2018<\/a><\/p>\n<p><a href=\"https:\/\/www.federacao-triatlo.pt\/ftp2015\/wp-content\/uploads\/2017\/11\/Lista-Inscritos-Campeonato-Nacional-Jovem.pdf\">Lista Inscritos Campeonato Nacional Jovem<\/a><\/p>\n<p><a href=\"https:\/\/www.federacao-triatlo.pt\/ftp2015\/wp-content\/uploads\/2017\/11\/Lista-Inscritos-Prova-Aberta.pdf\">Lista Inscritos Prova Aberta<\/a><\/p>\n<p>&nbsp;<\/p>\n<\/div><div class='clear'><\/div>\r\n\t\t\t\t\t\t\t\t<\/div>\r\n\t\t\t\t\t\t\t<\/div>\r\n\t\t\t\t\t\t<\/div><div class='evo_metarow_gmap evorow evcal_gmaps bordb ' id='evc151886520069f3e02ee1adf28091_gmap' style='max-width:none'><\/div><div class='evo_metarow_getDr evorow evcal_evdata_row bordb evcal_evrow_sm getdirections'>\r\n\t\t\t\t\t\t<form action='https:\/\/maps.google.com\/maps' method='get' target='_blank'>\r\n\t\t\t\t\t\t<input type='hidden' name='daddr' value='F\u00e1tima'\/> \r\n\t\t\t\t\t\t<p><input class='evoInput' type='text' name='saddr' placeholder='Escreva a morada' value=''\/>\r\n\t\t\t\t\t\t<button type='submit' class='evcal_evdata_icons evcalicon_9' title='Clique aqui para obter as dire\u00e7\u00f5es'><i class='fa fa-road'><\/i><\/button>\r\n\t\t\t\t\t\t<\/p><\/form>\r\n\t\t\t\t\t<\/div><div class='evo_metarow_time_location evorow bordb '>\r\n\t\t\t\t\t\t<div class='tb' >\r\n\t\t\t\t\t\t\t<div class='tbrow'>\r\n\t\t\t\t\t\t\t<div class='evcal_col50 bordr'>\r\n\t\t\t\t\t\t\t\t<div class='evcal_evdata_row evo_time'>\r\n\t\t\t\t\t\t\t\t\t<span class='evcal_evdata_icons'><i class='fa fa-clock-o'><\/i><\/span>\r\n\t\t\t\t\t\t\t\t\t<div class='evcal_evdata_cell'>\t\t\t\t\t\t\t\r\n\t\t\t\t\t\t\t\t\t\t<h3 class='evo_h3'><span class='evcal_evdata_icons'><i class='fa fa-clock-o'><\/i><\/span>Hor\u00e1rio<\/h3>\r\n\t\t\t\t\t\t\t\t\t\t<p>(S\u00e1bado) 11:00 - 17:00<\/p>\r\n\t\t\t\t\t\t\t\t\t<\/div>\r\n\t\t\t\t\t\t\t\t<\/div>\r\n\t\t\t\t\t\t\t<\/div><div class='evcal_col50'>\r\n\t\t\t\t\t\t\t\t<div class='evcal_evdata_row evo_location'>\r\n\t\t\t\t\t\t\t\t\t<span class='evcal_evdata_icons'><i class='fa fa-map-marker'><\/i><\/span>\r\n\t\t\t\t\t\t\t\t\t<div class='evcal_evdata_cell' data-loc_tax_id='44'>\t\t\t\t\t\t\t\r\n\t\t\t\t\t\t\t\t\t\t<h3 class='evo_h3'><span class='evcal_evdata_icons'><i class='fa fa-map-marker'><\/i><\/span>Localiza\u00e7\u00e3o<\/h3><p class='evo_location_name'>F\u00e1tima<\/p><p>F\u00e1tima<\/p>\r\n\t\t\t\t\t\t\t\t\t<\/div>\r\n\t\t\t\t\t\t\t\t<\/div>\r\n\t\t\t\t\t\t\t<\/div><div class='clear'><\/div>\r\n\t\t\t\t\t\t\t<\/div><\/div>\r\n\t\t\t\t\t\t<\/div><div class='evo_metarow_organizer evorow evcal_evdata_row bordb evcal_evrow_sm '>\r\n\t\t\t\t\t\t\t<span class='evcal_evdata_icons'><i class='fa fa-headphones'><\/i><\/span>\r\n\t\t\t\t\t\t\t<div class='evcal_evdata_cell'>\t\t\t\t\t\t\t\r\n\t\t\t\t\t\t\t\t<h3 class='evo_h3'>Evento organizado por<\/h3>\r\n\t\t\t\t\t\t\t\t\r\n\t\t\t\t\t\t\t\t<div class='evo_card_organizer'><p class='evo_data_val evo_card_organizer_name'>\r\n\t\t\t\t\t\t\t\t\t<span class='evo_card_organizer_name_t'><a  href='https:\/\/www.federacao-triatlo.pt\/ftp2015'>FTP<\/a><\/span><span class='evo_card_organizer_contact'>secretaria@federacao-triatlo.pt<\/span>\r\n\t\t\t\t\t\t\t\t\t\r\n\t\t\t\t\t\t\t\t\t<\/p><\/div><div class='clear'><\/div>\t\t\t\t\t\t\t\r\n\t\t\t\t\t\t\t<\/div>\r\n\t\t\t\t\t\t<\/div>\t\t\t\t\t\t<div class='evo_metarow_ICS evorow bordb evcal_evdata_row'>\r\n\t\t\t\t\t\t\t<span class=\"evcal_evdata_icons\"><i class=\"fa fa-calendar\"><\/i><\/span>\r\n\t\t\t\t\t\t\t<div class='evcal_evdata_cell'>\r\n\t\t\t\t\t\t\t\t<p><a href='https:\/\/www.federacao-triatlo.pt\/ftp2015\/wp-admin\/admin-ajax.php?action=eventon_ics_download&amp;event_id=28091&amp;sunix=20180217T100000Z&amp;eunix=20180217T160000Z&amp;loca=F\u00e1tima&amp;locn=F\u00e1tima' class='evo_ics_nCal' title='Adicionar ao seu calend\u00e1rio'>Calend\u00e1rio<\/a><a href='\/\/www.google.com\/calendar\/event?action=TEMPLATE&amp;text=V+Duatlo+de+F%C3%A1tima+-+Campeonato+Nacional+Jovem+-+1%C2%AA+etapa&amp;dates=20180217T100000Z\/20180217T160000Z&amp;details=A+5%C2%AA+edi%C3%A7%C3%A3o+do+Duatlo+de+F%C3%A1tima+constitui+a+1%C2%AA+etapa+do+campeonato+Nacional+Jovem+de+Clubes+e+de+Iniciados.+Tamb%C3%A9m+%C3%A9+prova+%C3%BAnica+de+Campeonato+Nacional+de+Juvenis+de&amp;location=F%C3%A1tima - F%C3%A1tima' target='_blank' class='evo_ics_gCal' title='Adicionar ao calend\u00e1rio Google'>GoogleCal<\/a><\/p>\t\r\n\t\t\t\t\t\t\t<\/div>\t\t\t\t\t\t<\/div>\r\n\t\t\t\t\t\t<\/div><div class='clear end'><\/div><\/div><div id=\"event_28088\" class=\"eventon_list_event evo_eventtop past_event event\" data-event_id=\"28088\" data-time=\"1518948000-1518962400\" data-colr=\"#0092e0\" itemscope itemtype='http:\/\/schema.org\/Event' 3><div class=\"evo_event_schema\" style=\"display:none\" ><a itemprop='url'  href='https:\/\/www.federacao-triatlo.pt\/ftp2015\/events\/duatlo-btt-de-braga\/'><\/a><span itemprop='name'  >I Duatlo Cross de Braga FIRSTBIKE<\/span><meta itemprop='image' content='https:\/\/www.federacao-triatlo.pt\/ftp2015\/wp-content\/uploads\/2017\/11\/DUATLO-CROSS-DE-BRAGA-235x300.jpg' ><\/meta><meta itemprop='description' content='Percursos I Duatlo Cross Braga FirstBike 2018\r\n\r\nRegulamento Duatlo Cross Braga 2018\r\n\r\nLista Inscritos Campeonato Nacional Clubes\r\n\r\n&nbsp;' ><\/meta><meta itemprop='startDate' content='2018-2-18' ><\/meta><meta itemprop='endDate' content='2018-2-18' ><\/meta><meta itemprop='eventStatus' content='on-schedule' ><\/meta>\r\n\t\t\t\t\t\t\t\t\t<item style=\"display:none\" itemprop=\"location\" itemscope itemtype=\"http:\/\/schema.org\/Place\">\r\n\t\t\t\t\t\t\t\t\t\t<span itemprop=\"name\">Braga<\/span>\r\n\t\t\t\t\t\t\t\t\t\t<span itemprop=\"address\" itemscope itemtype=\"http:\/\/schema.org\/PostalAddress\">\r\n\t\t\t\t\t\t\t\t\t\t\t<item itemprop=\"streetAddress\">Braga<\/item>\r\n\t\t\t\t\t\t\t\t\t\t<\/span><\/item><script type=\"application\/ld+json\">{\t\"@context\": \"http:\/\/schema.org\",\r\n\t\t\t\t\t\t\t  \t\"@type\": \"Event\",\r\n\t\t\t\t\t\t\t  \t\"name\": \"I Duatlo Cross de Braga FIRSTBIKE\",\r\n\t\t\t\t\t\t\t  \t\"startDate\": \"2018-2-18T10-10-00-00\",\r\n\t\t\t\t\t\t\t  \t\"endDate\": \"2018-2-18T14-14-00-00\",\r\n\t\t\t\t\t\t\t  \t\"image\":\"https:\/\/www.federacao-triatlo.pt\/ftp2015\/wp-content\/uploads\/2017\/11\/DUATLO-CROSS-DE-BRAGA-235x300.jpg\",\r\n\t\t\t\t\t\t\t  \t\"description\":\"Percursos I Duatlo Cross Braga FirstBike 2018\r\n\r\nRegulamento Duatlo Cross Braga 2018\r\n\r\nLista Inscritos Campeonato Nacional Clubes\r\n\r\n&nbsp;\",\r\n\t\t\t\t\t\t\t  \t\"location\":{\r\n\t\t\t\t\t\t\t\t\t\t\"@type\":\"Place\",\r\n\t\t\t\t\t\t\t\t\t\t\"name\":\"Braga\",\r\n\t\t\t\t\t\t\t\t\t\t\"address\":\"Braga\"\r\n\t\t\t\t\t\t\t  \t\t}\r\n\t\t\t\t\t\t\t }\r\n\t\t\t\t\t\t\t<\/script><\/div>\r\n\t\t\t\t<p class=\"desc_trig_outter\"><a data-gmtrig=\"1\" data-exlk=\"0\" style=\"border-color: #0092e0;\" id=\"evc_151894800028088\" class=\"hasFtIMG desc_trig evo_camp-nac-clubes-duatlo-cross evo_prova-aberta sin_val evcal_list_a\" data-ux_val=\"1\"  ><span class='ev_ftImg' data-img='https:\/\/www.federacao-triatlo.pt\/ftp2015\/wp-content\/uploads\/2017\/11\/DUATLO-CROSS-DE-BRAGA.jpg' data-thumb='https:\/\/www.federacao-triatlo.pt\/ftp2015\/wp-content\/uploads\/2017\/11\/DUATLO-CROSS-DE-BRAGA-235x300.jpg' style='background-image:url(\"https:\/\/www.federacao-triatlo.pt\/ftp2015\/wp-content\/uploads\/2017\/11\/DUATLO-CROSS-DE-BRAGA-235x300.jpg\")'><\/span><span class='evcal_cblock ' data-bgcolor='#0092e0' data-smon='Fevereiro' data-syr='2018'><span class='evo_start '><em class='date'>18<\/em><em class='month'>fev<\/em><em class='time'>10:00<\/em><\/span><span class='evo_end only_time'><em class='time'>14:00<\/em><\/span><em class='clear'><\/em><\/span><span class='evcal_desc evo_info hide_eventtopdata ' data-latlng=\"41.5454486,-8.426507\"  data-location_address=\"Braga\" data-location_type=\"lonlat\" data-location_name=\"Braga\" data-location_status=\"true\" ><span class='evo_above_title'><\/span><span class='evcal_desc2 evcal_event_title' itemprop='name'>I Duatlo Cross de Braga FIRSTBIKE<\/span><span class='evo_below_title'><\/span><span class='evcal_desc_info' ><em class=\"evcal_location\" data-latlng=\"41.5454486,-8.426507\"  data-add_str=\"\"><em class=\"event_location_name\">Braga<\/em><\/em><\/span><span class='evcal_desc3'><span class='evcal_event_types ett1'><em><i>Tipo de Evento:<\/i><\/em><em data-filter='event_type'>Camp. Nac. Clubes Duatlo Cross,<\/em><em data-filter='event_type'>Prova Aberta<\/em><i class='clear'><\/i><\/span><\/span><\/span><em class='clear'><\/em><\/p><\/a><div class='event_description evcal_eventcard ' style=\"display:none\"><div class='evo_metarow_directimg'><img src='https:\/\/www.federacao-triatlo.pt\/ftp2015\/wp-content\/uploads\/2017\/11\/DUATLO-CROSS-DE-BRAGA.jpg' \/><\/div><div class='evo_metarow_details evorow evcal_evdata_row bordb evcal_event_details'>\r\n\t\t\t\t\t\t\t<div class=\"event_excerpt\" style=\"display:none\"><h3 class=\"padb5 evo_h3\">Detalhes do Evento<\/h3><p>Percursos I Duatlo Cross Braga FirstBike 2018\r\n\r\nRegulamento Duatlo Cross Braga 2018\r\n\r\nLista Inscritos Campeonato Nacional Clubes\r\n\r\n&nbsp;<\/p><\/div><span class='evcal_evdata_icons'><i class='fa fa-align-justify'><\/i><\/span>\r\n\t\t\t\t\t\t\t\r\n\t\t\t\t\t\t\t<div class='evcal_evdata_cell '><div class='eventon_full_description'>\r\n\t\t\t\t\t\t\t\t\t<h3 class='padb5 evo_h3'><span class='evcal_evdata_icons'><i class='fa fa-align-justify'><\/i><\/span>Detalhes do Evento<\/h3><div class='eventon_desc_in' itemprop='description'>\r\n\t\t\t\t\t\t\t\t\t<p><a href=\"https:\/\/www.federacao-triatlo.pt\/ftp2015\/wp-content\/uploads\/2017\/11\/Percursos-I-Duatlo-Cross-Braga-FirstBike-2018.pdf\">Percursos I Duatlo Cross Braga FirstBike 2018<\/a><\/p>\n<p><a href=\"https:\/\/www.federacao-triatlo.pt\/ftp2015\/wp-content\/uploads\/2017\/11\/Regulamento_Duatlo_Cross_Braga_18_Fev_2018.pdf\">Regulamento Duatlo Cross Braga 2018<\/a><\/p>\n<p><a href=\"https:\/\/www.federacao-triatlo.pt\/ftp2015\/wp-content\/uploads\/2017\/11\/Lista-Inscritos-Campeonato-Nacional-Clubes.pdf\">Lista Inscritos Campeonato Nacional Clubes<\/a><\/p>\n<p>&nbsp;<\/p>\n<\/div><div class='clear'><\/div>\r\n\t\t\t\t\t\t\t\t<\/div>\r\n\t\t\t\t\t\t\t<\/div>\r\n\t\t\t\t\t\t<\/div><div class='evo_metarow_gmap evorow evcal_gmaps bordb ' id='evc151894800069f3e02ee24c828088_gmap' style='max-width:none'><\/div><div class='evo_metarow_getDr evorow evcal_evdata_row bordb evcal_evrow_sm getdirections'>\r\n\t\t\t\t\t\t<form action='https:\/\/maps.google.com\/maps' method='get' target='_blank'>\r\n\t\t\t\t\t\t<input type='hidden' name='daddr' value='Braga'\/> \r\n\t\t\t\t\t\t<p><input class='evoInput' type='text' name='saddr' placeholder='Escreva a morada' value=''\/>\r\n\t\t\t\t\t\t<button type='submit' class='evcal_evdata_icons evcalicon_9' title='Clique aqui para obter as dire\u00e7\u00f5es'><i class='fa fa-road'><\/i><\/button>\r\n\t\t\t\t\t\t<\/p><\/form>\r\n\t\t\t\t\t<\/div><div class='evo_metarow_time_location evorow bordb '>\r\n\t\t\t\t\t\t<div class='tb' >\r\n\t\t\t\t\t\t\t<div class='tbrow'>\r\n\t\t\t\t\t\t\t<div class='evcal_col50 bordr'>\r\n\t\t\t\t\t\t\t\t<div class='evcal_evdata_row evo_time'>\r\n\t\t\t\t\t\t\t\t\t<span class='evcal_evdata_icons'><i class='fa fa-clock-o'><\/i><\/span>\r\n\t\t\t\t\t\t\t\t\t<div class='evcal_evdata_cell'>\t\t\t\t\t\t\t\r\n\t\t\t\t\t\t\t\t\t\t<h3 class='evo_h3'><span class='evcal_evdata_icons'><i class='fa fa-clock-o'><\/i><\/span>Hor\u00e1rio<\/h3>\r\n\t\t\t\t\t\t\t\t\t\t<p>(Domingo) 10:00 - 14:00<\/p>\r\n\t\t\t\t\t\t\t\t\t<\/div>\r\n\t\t\t\t\t\t\t\t<\/div>\r\n\t\t\t\t\t\t\t<\/div><div class='evcal_col50'>\r\n\t\t\t\t\t\t\t\t<div class='evcal_evdata_row evo_location'>\r\n\t\t\t\t\t\t\t\t\t<span class='evcal_evdata_icons'><i class='fa fa-map-marker'><\/i><\/span>\r\n\t\t\t\t\t\t\t\t\t<div class='evcal_evdata_cell' data-loc_tax_id='383'>\t\t\t\t\t\t\t\r\n\t\t\t\t\t\t\t\t\t\t<h3 class='evo_h3'><span class='evcal_evdata_icons'><i class='fa fa-map-marker'><\/i><\/span>Localiza\u00e7\u00e3o<\/h3><p class='evo_location_name'>Braga<\/p><p>Braga<\/p>\r\n\t\t\t\t\t\t\t\t\t<\/div>\r\n\t\t\t\t\t\t\t\t<\/div>\r\n\t\t\t\t\t\t\t<\/div><div class='clear'><\/div>\r\n\t\t\t\t\t\t\t<\/div><\/div>\r\n\t\t\t\t\t\t<\/div><div class='evo_metarow_organizer evorow evcal_evdata_row bordb evcal_evrow_sm '>\r\n\t\t\t\t\t\t\t<span class='evcal_evdata_icons'><i class='fa fa-headphones'><\/i><\/span>\r\n\t\t\t\t\t\t\t<div class='evcal_evdata_cell'>\t\t\t\t\t\t\t\r\n\t\t\t\t\t\t\t\t<h3 class='evo_h3'>Evento organizado por<\/h3>\r\n\t\t\t\t\t\t\t\t\r\n\t\t\t\t\t\t\t\t<div class='evo_card_organizer'><p class='evo_data_val evo_card_organizer_name'>\r\n\t\t\t\t\t\t\t\t\t<span class='evo_card_organizer_name_t'>FTP \/ C\u00e2mara Municipal de Braga \/ TRIBRAGA<\/span>\r\n\t\t\t\t\t\t\t\t\t\r\n\t\t\t\t\t\t\t\t\t<\/p><\/div><div class='clear'><\/div>\t\t\t\t\t\t\t\r\n\t\t\t\t\t\t\t<\/div>\r\n\t\t\t\t\t\t<\/div>\t\t\t\t\t\t<div class='evo_metarow_ICS evorow bordb evcal_evdata_row'>\r\n\t\t\t\t\t\t\t<span class=\"evcal_evdata_icons\"><i class=\"fa fa-calendar\"><\/i><\/span>\r\n\t\t\t\t\t\t\t<div class='evcal_evdata_cell'>\r\n\t\t\t\t\t\t\t\t<p><a href='https:\/\/www.federacao-triatlo.pt\/ftp2015\/wp-admin\/admin-ajax.php?action=eventon_ics_download&amp;event_id=28088&amp;sunix=20180218T090000Z&amp;eunix=20180218T130000Z&amp;loca=Braga&amp;locn=Braga' class='evo_ics_nCal' title='Adicionar ao seu calend\u00e1rio'>Calend\u00e1rio<\/a><a href='\/\/www.google.com\/calendar\/event?action=TEMPLATE&amp;text=I+Duatlo+Cross+de+Braga+FIRSTBIKE&amp;dates=20180218T090000Z\/20180218T130000Z&amp;details=Percursos+I+Duatlo+Cross+Braga+FirstBike+2018%0D%0A%0D%0ARegulamento+Duatlo+Cross+Braga+2018%0D%0A%0D%0ALista+Inscritos+Campeonato+Nacional+Clubes%0D%0A%0D%0A%26nbsp%3B&amp;location=Braga - Braga' target='_blank' class='evo_ics_gCal' title='Adicionar ao calend\u00e1rio Google'>GoogleCal<\/a><\/p>\t\r\n\t\t\t\t\t\t\t<\/div>\t\t\t\t\t\t<\/div>\r\n\t\t\t\t\t\t<\/div><div class='clear end'><\/div><\/div><div id=\"event_28083\" class=\"eventon_list_event evo_eventtop past_event event\" data-event_id=\"28083\" data-time=\"1519430400-1519430400\" data-colr=\"#0092e0\" itemscope itemtype='http:\/\/schema.org\/Event' 4><div class=\"evo_event_schema\" style=\"display:none\" ><a itemprop='url'  href='https:\/\/www.federacao-triatlo.pt\/ftp2015\/events\/duatlo-de-arronches\/'><\/a><span itemprop='name'  >X Duatlo de Arronches<\/span><meta itemprop='image' content='https:\/\/www.federacao-triatlo.pt\/ftp2015\/wp-content\/uploads\/2017\/05\/Cartaz-Arronches-189x300.jpg' ><\/meta><meta itemprop='description' content=' Regulamento X Duatlo de Arronches - 24 Fev 2018\r\n\r\nPercursos Duatlo Arronches Campeonato Nacional de Clubes - 24 Fev 2018\r\n\r\nPercursos Duatlo Arronches -Prova Aberta - 24 Fev' ><\/meta><meta itemprop='startDate' content='2018-2-24' ><\/meta><meta itemprop='endDate' content='2018-2-24' ><\/meta><meta itemprop='eventStatus' content='on-schedule' ><\/meta>\r\n\t\t\t\t\t\t\t\t\t<item style=\"display:none\" itemprop=\"location\" itemscope itemtype=\"http:\/\/schema.org\/Place\">\r\n\t\t\t\t\t\t\t\t\t\t<span itemprop=\"name\">Arronches<\/span>\r\n\t\t\t\t\t\t\t\t\t\t<span itemprop=\"address\" itemscope itemtype=\"http:\/\/schema.org\/PostalAddress\">\r\n\t\t\t\t\t\t\t\t\t\t\t<item itemprop=\"streetAddress\">Arronches<\/item>\r\n\t\t\t\t\t\t\t\t\t\t<\/span><\/item><script type=\"application\/ld+json\">{\t\"@context\": \"http:\/\/schema.org\",\r\n\t\t\t\t\t\t\t  \t\"@type\": \"Event\",\r\n\t\t\t\t\t\t\t  \t\"name\": \"X Duatlo de Arronches\",\r\n\t\t\t\t\t\t\t  \t\"startDate\": \"2018-2-24T00-00-00-00\",\r\n\t\t\t\t\t\t\t  \t\"endDate\": \"2018-2-24T00-00-00-00\",\r\n\t\t\t\t\t\t\t  \t\"image\":\"https:\/\/www.federacao-triatlo.pt\/ftp2015\/wp-content\/uploads\/2017\/05\/Cartaz-Arronches-189x300.jpg\",\r\n\t\t\t\t\t\t\t  \t\"description\":\" Regulamento X Duatlo de Arronches - 24 Fev 2018\r\n\r\nPercursos Duatlo Arronches Campeonato Nacional de Clubes - 24 Fev 2018\r\n\r\nPercursos Duatlo Arronches -Prova Aberta - 24 Fev\",\r\n\t\t\t\t\t\t\t  \t\"location\":{\r\n\t\t\t\t\t\t\t\t\t\t\"@type\":\"Place\",\r\n\t\t\t\t\t\t\t\t\t\t\"name\":\"Arronches\",\r\n\t\t\t\t\t\t\t\t\t\t\"address\":\"Arronches\"\r\n\t\t\t\t\t\t\t  \t\t}\r\n\t\t\t\t\t\t\t }\r\n\t\t\t\t\t\t\t<\/script><\/div>\r\n\t\t\t\t<p class=\"desc_trig_outter\"><a data-gmtrig=\"1\" data-exlk=\"0\" style=\"border-color: #0092e0;\" id=\"evc_151943040028083\" class=\"hasFtIMG desc_trig evo_camp-nac-clubes-duatlo evo_prova-aberta sin_val evcal_list_a\" data-ux_val=\"1\"  ><span class='ev_ftImg' data-img='https:\/\/www.federacao-triatlo.pt\/ftp2015\/wp-content\/uploads\/2017\/05\/Cartaz-Arronches.jpg' data-thumb='https:\/\/www.federacao-triatlo.pt\/ftp2015\/wp-content\/uploads\/2017\/05\/Cartaz-Arronches-189x300.jpg' style='background-image:url(\"https:\/\/www.federacao-triatlo.pt\/ftp2015\/wp-content\/uploads\/2017\/05\/Cartaz-Arronches-189x300.jpg\")'><\/span><span class='evcal_cblock ' data-bgcolor='#0092e0' data-smon='Fevereiro' data-syr='2018'><span class='evo_start '><em class='date'>24<\/em><em class='month'>fev<\/em><em class='time'>0:00<\/em><\/span><span class='evo_end only_time'><em class='time'>0:00<\/em><\/span><em class='clear'><\/em><\/span><span class='evcal_desc evo_info hide_eventtopdata ' data-latlng=\"39.125890,-7.278469\"  data-location_address=\"Arronches\" data-location_type=\"lonlat\" data-location_name=\"Arronches\" data-location_status=\"true\" ><span class='evo_above_title'><\/span><span class='evcal_desc2 evcal_event_title' itemprop='name'>X Duatlo de Arronches<\/span><span class='evo_below_title'><\/span><span class='evcal_desc_info' ><em class=\"evcal_location\" data-latlng=\"39.125890,-7.278469\"  data-add_str=\"\"><em class=\"event_location_name\">Arronches<\/em><\/em><\/span><span class='evcal_desc3'><span class='evcal_event_types ett1'><em><i>Tipo de Evento:<\/i><\/em><em data-filter='event_type'>Camp. Nac. Clubes Duatlo,<\/em><em data-filter='event_type'>Prova Aberta<\/em><i class='clear'><\/i><\/span><\/span><\/span><em class='clear'><\/em><\/p><\/a><div class='event_description evcal_eventcard ' style=\"display:none\"><div class='evo_metarow_directimg'><img src='https:\/\/www.federacao-triatlo.pt\/ftp2015\/wp-content\/uploads\/2017\/05\/Cartaz-Arronches.jpg' \/><\/div><div class='evo_metarow_details evorow evcal_evdata_row bordb evcal_event_details'>\r\n\t\t\t\t\t\t\t<div class=\"event_excerpt\" style=\"display:none\"><h3 class=\"padb5 evo_h3\">Detalhes do Evento<\/h3><p> Regulamento X Duatlo de Arronches - 24 Fev 2018\r\n\r\nPercursos Duatlo Arronches Campeonato Nacional de Clubes - 24 Fev 2018\r\n\r\nPercursos Duatlo Arronches -Prova Aberta - 24 Fev<\/p><\/div><span class='evcal_evdata_icons'><i class='fa fa-align-justify'><\/i><\/span>\r\n\t\t\t\t\t\t\t\r\n\t\t\t\t\t\t\t<div class='evcal_evdata_cell '><div class='eventon_full_description'>\r\n\t\t\t\t\t\t\t\t\t<h3 class='padb5 evo_h3'><span class='evcal_evdata_icons'><i class='fa fa-align-justify'><\/i><\/span>Detalhes do Evento<\/h3><div class='eventon_desc_in' itemprop='description'>\r\n\t\t\t\t\t\t\t\t\t<p><a href=\"https:\/\/www.federacao-triatlo.pt\/ftp2015\/wp-content\/uploads\/2017\/11\/Regulamento_X_Duatlo_de_Arronches_24_Fev_2018.pdf\"> Regulamento X Duatlo de Arronches &#8211; 24 Fev 2018<\/a><\/p>\n<p><a href=\"https:\/\/www.federacao-triatlo.pt\/ftp2015\/wp-content\/uploads\/2017\/11\/PercursosDuatloArronchesCNC_24_Fev_2018.pdf\">Percursos Duatlo Arronches Campeonato Nacional de Clubes &#8211; 24 Fev 2018<\/a><\/p>\n<p><a href=\"https:\/\/www.federacao-triatlo.pt\/ftp2015\/wp-content\/uploads\/2017\/11\/PercursosDuatloArronchesPAberta_24_Fev_2018.pdf\">Percursos Duatlo Arronches -Prova Aberta &#8211; 24 Fev 2018<\/a><\/p>\n<p><a href=\"https:\/\/www.federacao-triatlo.pt\/ftp2015\/wp-content\/uploads\/2017\/11\/Lista-Inscritos-Camp.-Nac.-Clubes-1.pdf\">Lista Inscritos Camp. Nac. Clubes<\/a><\/p>\n<p><a href=\"https:\/\/www.federacao-triatlo.pt\/ftp2015\/wp-content\/uploads\/2017\/11\/Lista-Inscritos-Prova-Aberta-1.pdf\">Lista Inscritos Prova Aberta<\/a><\/p>\n<\/div><div class='clear'><\/div>\r\n\t\t\t\t\t\t\t\t<\/div>\r\n\t\t\t\t\t\t\t<\/div>\r\n\t\t\t\t\t\t<\/div><div class='evo_metarow_gmap evorow evcal_gmaps bordb ' id='evc151943040069f3e02ee2e4328083_gmap' style='max-width:none'><\/div><div class='evo_metarow_getDr evorow evcal_evdata_row bordb evcal_evrow_sm getdirections'>\r\n\t\t\t\t\t\t<form action='https:\/\/maps.google.com\/maps' method='get' target='_blank'>\r\n\t\t\t\t\t\t<input type='hidden' name='daddr' value='Arronches'\/> \r\n\t\t\t\t\t\t<p><input class='evoInput' type='text' name='saddr' placeholder='Escreva a morada' value=''\/>\r\n\t\t\t\t\t\t<button type='submit' class='evcal_evdata_icons evcalicon_9' title='Clique aqui para obter as dire\u00e7\u00f5es'><i class='fa fa-road'><\/i><\/button>\r\n\t\t\t\t\t\t<\/p><\/form>\r\n\t\t\t\t\t<\/div><div class='evo_metarow_time_location evorow bordb '>\r\n\t\t\t\t\t\t<div class='tb' >\r\n\t\t\t\t\t\t\t<div class='tbrow'>\r\n\t\t\t\t\t\t\t<div class='evcal_col50 bordr'>\r\n\t\t\t\t\t\t\t\t<div class='evcal_evdata_row evo_time'>\r\n\t\t\t\t\t\t\t\t\t<span class='evcal_evdata_icons'><i class='fa fa-clock-o'><\/i><\/span>\r\n\t\t\t\t\t\t\t\t\t<div class='evcal_evdata_cell'>\t\t\t\t\t\t\t\r\n\t\t\t\t\t\t\t\t\t\t<h3 class='evo_h3'><span class='evcal_evdata_icons'><i class='fa fa-clock-o'><\/i><\/span>Hor\u00e1rio<\/h3>\r\n\t\t\t\t\t\t\t\t\t\t<p>(S\u00e1bado) 0:00 - 0:00<\/p>\r\n\t\t\t\t\t\t\t\t\t<\/div>\r\n\t\t\t\t\t\t\t\t<\/div>\r\n\t\t\t\t\t\t\t<\/div><div class='evcal_col50'>\r\n\t\t\t\t\t\t\t\t<div class='evcal_evdata_row evo_location'>\r\n\t\t\t\t\t\t\t\t\t<span class='evcal_evdata_icons'><i class='fa fa-map-marker'><\/i><\/span>\r\n\t\t\t\t\t\t\t\t\t<div class='evcal_evdata_cell' data-loc_tax_id='37'>\t\t\t\t\t\t\t\r\n\t\t\t\t\t\t\t\t\t\t<h3 class='evo_h3'><span class='evcal_evdata_icons'><i class='fa fa-map-marker'><\/i><\/span>Localiza\u00e7\u00e3o<\/h3><p class='evo_location_name'>Arronches<\/p><p>Arronches<\/p>\r\n\t\t\t\t\t\t\t\t\t<\/div>\r\n\t\t\t\t\t\t\t\t<\/div>\r\n\t\t\t\t\t\t\t<\/div><div class='clear'><\/div>\r\n\t\t\t\t\t\t\t<\/div><\/div>\r\n\t\t\t\t\t\t<\/div><div class='evo_metarow_organizer evorow evcal_evdata_row bordb evcal_evrow_sm '>\r\n\t\t\t\t\t\t\t<span class='evcal_evdata_icons'><i class='fa fa-headphones'><\/i><\/span>\r\n\t\t\t\t\t\t\t<div class='evcal_evdata_cell'>\t\t\t\t\t\t\t\r\n\t\t\t\t\t\t\t\t<h3 class='evo_h3'>Evento organizado por<\/h3>\r\n\t\t\t\t\t\t\t\t\r\n\t\t\t\t\t\t\t\t<div class='evo_card_organizer'><p class='evo_data_val evo_card_organizer_name'>\r\n\t\t\t\t\t\t\t\t\t<span class='evo_card_organizer_name_t'>FTP \/ C\u00e2mara Municipal de Arronches<\/span><span class='evo_card_organizer_contact'>inscricoes@federacao-triatlo.pt<\/span>\r\n\t\t\t\t\t\t\t\t\t\r\n\t\t\t\t\t\t\t\t\t<\/p><\/div><div class='clear'><\/div>\t\t\t\t\t\t\t\r\n\t\t\t\t\t\t\t<\/div>\r\n\t\t\t\t\t\t<\/div>\t\t\t\t\t\t<div class='evo_metarow_ICS evorow bordb evcal_evdata_row'>\r\n\t\t\t\t\t\t\t<span class=\"evcal_evdata_icons\"><i class=\"fa fa-calendar\"><\/i><\/span>\r\n\t\t\t\t\t\t\t<div class='evcal_evdata_cell'>\r\n\t\t\t\t\t\t\t\t<p><a href='https:\/\/www.federacao-triatlo.pt\/ftp2015\/wp-admin\/admin-ajax.php?action=eventon_ics_download&amp;event_id=28083&amp;sunix=20180223T230000Z&amp;eunix=20180223T230000Z&amp;loca=Arronches&amp;locn=Arronches' class='evo_ics_nCal' title='Adicionar ao seu calend\u00e1rio'>Calend\u00e1rio<\/a><a href='\/\/www.google.com\/calendar\/event?action=TEMPLATE&amp;text=X+Duatlo+de+Arronches&amp;dates=20180223T230000Z\/20180223T230000Z&amp;details=+Regulamento+X+Duatlo+de+Arronches+-+24+Fev+2018%0D%0A%0D%0APercursos+Duatlo+Arronches+Campeonato+Nacional+de+Clubes+-+24+Fev+2018%0D%0A%0D%0APercursos+Duatlo+Arronches+-Prova+Aberta+-+24+Fev&amp;location=Arronches - Arronches' target='_blank' class='evo_ics_gCal' title='Adicionar ao calend\u00e1rio Google'>GoogleCal<\/a><\/p>\t\r\n\t\t\t\t\t\t\t<\/div>\t\t\t\t\t\t<\/div>\r\n\t\t\t\t\t\t<\/div><div class='clear end'><\/div><\/div><\/div><div class='clear'><\/div><\/div><!-- ajde_evcal_calendar-->\n<div id='evcal_calendar_302' class='ajde_evcal_calendar  ul' ><div class='evo-data' data-cyear=\"2018\" data-cmonth=\"3\" data-runajax=\"1\" data-evc_open=\"0\" data-cal_ver=\"2.6\" data-mapscroll=\"true\" data-mapformat=\"roadmap\" data-mapzoom=\"14\" data-mapiconurl=\"\" data-ev_cnt=\"0\" data-show_limit=\"no\" data-tiles=\"no\" data-sort_by=\"sort_date\" data-filters_on=\"true\" data-range_start=\"0\" data-range_end=\"0\" data-send_unix=\"0\" data-ux_val=\"0\" data-accord=\"0\" data-rtl=\"no\"  ><\/div><div id='evcal_head' class='calendar_header ' ><div class='evo_cal_above'><span class='evo-gototoday-btn' style='display:none' data-mo='3' data-yr='2018' data-dy=''>Dia de Hoje<\/span><\/div><div class='evo_cal_above_content'><\/div><div class='cal_arguments' style='display:none' data-hide_past=\"no\" data-show_et_ft_img=\"yes\" data-event_order=\"ASC\" data-ft_event_priority=\"no\" data-lang=\"L1\" data-month_incre=\"0\" data-only_ft=\"no\" data-evc_open=\"no\" data-show_limit=\"no\" data-etc_override=\"no\" data-show_limit_redir=\"0\" data-tiles=\"no\" data-tile_height=\"0\" data-tile_bg=\"0\" data-tile_count=\"2\" data-tile_style=\"0\" data-s=\"\" data-members_only=\"no\" data-ux_val=\"0\" data-show_limit_ajax=\"no\" data-show_limit_paged=\"1\" ><\/div><div class='clear'><\/div><\/div><div class='evcal_month_line'><p>Mar\u00e7o 2018<\/p><\/div><div id='evcal_list' class='eventon_events_list '><div id=\"event_28092\" class=\"eventon_list_event evo_eventtop past_event event\" data-event_id=\"28092\" data-time=\"1520035200-1520035200\" data-colr=\"#0092e0\" itemscope itemtype='http:\/\/schema.org\/Event' 1><div class=\"evo_event_schema\" style=\"display:none\" ><a itemprop='url'  href='https:\/\/www.federacao-triatlo.pt\/ftp2015\/events\/triatlo-leiria\/'><\/a><span itemprop='name'  >Triatlo de Leiria - Lagoa da Ervedeira<\/span><meta itemprop='image' content='https:\/\/www.federacao-triatlo.pt\/ftp2015\/wp-content\/uploads\/2017\/11\/Triatlo_Lagoa_Ervideira_CARTAZ_triatlo_A3-212x300.jpg' ><\/meta><meta itemprop='description' content='PROVA SPRINT Percursos\r\n\r\nPROVA SUPER SPRINT Percursos\r\n\r\nRegulamento III TRIATLO DE LEIRIA\r\n\r\nSL Triatlo de Leiria-Lagoa da Ervedeira 2018 - Ta\u00e7a de Portugal\r\n\r\nSL Triatlo de Leiria-Lagoa da Ervedeira' ><\/meta><meta itemprop='startDate' content='2018-3-3' ><\/meta><meta itemprop='endDate' content='2018-3-3' ><\/meta><meta itemprop='eventStatus' content='on-schedule' ><\/meta>\r\n\t\t\t\t\t\t\t\t\t<item style=\"display:none\" itemprop=\"location\" itemscope itemtype=\"http:\/\/schema.org\/Place\">\r\n\t\t\t\t\t\t\t\t\t\t<span itemprop=\"name\">Lagoa da Ervedeira - Leiria<\/span>\r\n\t\t\t\t\t\t\t\t\t\t<span itemprop=\"address\" itemscope itemtype=\"http:\/\/schema.org\/PostalAddress\">\r\n\t\t\t\t\t\t\t\t\t\t\t<item itemprop=\"streetAddress\">Lagoa da Ervedeira - Leiria<\/item>\r\n\t\t\t\t\t\t\t\t\t\t<\/span><\/item><script type=\"application\/ld+json\">{\t\"@context\": \"http:\/\/schema.org\",\r\n\t\t\t\t\t\t\t  \t\"@type\": \"Event\",\r\n\t\t\t\t\t\t\t  \t\"name\": \"Triatlo de Leiria - Lagoa da Ervedeira\",\r\n\t\t\t\t\t\t\t  \t\"startDate\": \"2018-3-3T00-00-00-00\",\r\n\t\t\t\t\t\t\t  \t\"endDate\": \"2018-3-3T00-00-00-00\",\r\n\t\t\t\t\t\t\t  \t\"image\":\"https:\/\/www.federacao-triatlo.pt\/ftp2015\/wp-content\/uploads\/2017\/11\/Triatlo_Lagoa_Ervideira_CARTAZ_triatlo_A3-212x300.jpg\",\r\n\t\t\t\t\t\t\t  \t\"description\":\"PROVA SPRINT Percursos\r\n\r\nPROVA SUPER SPRINT Percursos\r\n\r\nRegulamento III TRIATLO DE LEIRIA\r\n\r\nSL Triatlo de Leiria-Lagoa da Ervedeira 2018 - Ta\u00e7a de Portugal\r\n\r\nSL Triatlo de Leiria-Lagoa da Ervedeira\",\r\n\t\t\t\t\t\t\t  \t\"location\":{\r\n\t\t\t\t\t\t\t\t\t\t\"@type\":\"Place\",\r\n\t\t\t\t\t\t\t\t\t\t\"name\":\"Lagoa da Ervedeira - Leiria\",\r\n\t\t\t\t\t\t\t\t\t\t\"address\":\"Lagoa da Ervedeira - Leiria\"\r\n\t\t\t\t\t\t\t  \t\t}\r\n\t\t\t\t\t\t\t }\r\n\t\t\t\t\t\t\t<\/script><\/div>\r\n\t\t\t\t<p class=\"desc_trig_outter\"><a data-gmtrig=\"1\" data-exlk=\"0\" style=\"border-color: #0092e0;\" id=\"evc_152003520028092\" class=\"hasFtIMG desc_trig evo_prova-aberta evo_taca-de-portugal sin_val evcal_list_a\" data-ux_val=\"1\"  ><span class='ev_ftImg' data-img='https:\/\/www.federacao-triatlo.pt\/ftp2015\/wp-content\/uploads\/2017\/11\/Triatlo_Lagoa_Ervideira_CARTAZ_triatlo_A3.jpg' data-thumb='https:\/\/www.federacao-triatlo.pt\/ftp2015\/wp-content\/uploads\/2017\/11\/Triatlo_Lagoa_Ervideira_CARTAZ_triatlo_A3-212x300.jpg' style='background-image:url(\"https:\/\/www.federacao-triatlo.pt\/ftp2015\/wp-content\/uploads\/2017\/11\/Triatlo_Lagoa_Ervideira_CARTAZ_triatlo_A3-212x300.jpg\")'><\/span><span class='evcal_cblock ' data-bgcolor='#0092e0' data-smon='Mar\u00e7o' data-syr='2018'><span class='evo_start '><em class='date'>03<\/em><em class='month'>mar<\/em><em class='time'>0:00<\/em><\/span><span class='evo_end only_time'><em class='time'>0:00<\/em><\/span><em class='clear'><\/em><\/span><span class='evcal_desc evo_info hide_eventtopdata ' data-latlng=\"39.932821,-8.894457\"  data-location_address=\"Lagoa da Ervedeira - Leiria\" data-location_type=\"lonlat\" data-location_name=\"Lagoa da Ervedeira - Leiria\" data-location_status=\"true\" ><span class='evo_above_title'><\/span><span class='evcal_desc2 evcal_event_title' itemprop='name'>Triatlo de Leiria - Lagoa da Ervedeira<\/span><span class='evo_below_title'><\/span><span class='evcal_desc_info' ><em class=\"evcal_location\" data-latlng=\"39.932821,-8.894457\"  data-add_str=\"\"><em class=\"event_location_name\">Lagoa da Ervedeira - Leiria<\/em><\/em><\/span><span class='evcal_desc3'><span class='evcal_event_types ett1'><em><i>Tipo de Evento:<\/i><\/em><em data-filter='event_type'>Prova Aberta,<\/em><em data-filter='event_type'>Ta\u00e7a de Portugal de Triatlo<\/em><i class='clear'><\/i><\/span><\/span><\/span><em class='clear'><\/em><\/p><\/a><div class='event_description evcal_eventcard ' style=\"display:none\"><div class='evo_metarow_directimg'><img src='https:\/\/www.federacao-triatlo.pt\/ftp2015\/wp-content\/uploads\/2017\/11\/Triatlo_Lagoa_Ervideira_CARTAZ_triatlo_A3.jpg' \/><\/div><div class='evo_metarow_details evorow evcal_evdata_row bordb evcal_event_details'>\r\n\t\t\t\t\t\t\t<div class=\"event_excerpt\" style=\"display:none\"><h3 class=\"padb5 evo_h3\">Detalhes do Evento<\/h3><p>PROVA SPRINT Percursos\r\n\r\nPROVA SUPER SPRINT Percursos\r\n\r\nRegulamento III TRIATLO DE LEIRIA\r\n\r\nSL Triatlo de Leiria-Lagoa da Ervedeira 2018 - Ta\u00e7a de Portugal\r\n\r\nSL Triatlo de Leiria-Lagoa da Ervedeira<\/p><\/div><span class='evcal_evdata_icons'><i class='fa fa-align-justify'><\/i><\/span>\r\n\t\t\t\t\t\t\t\r\n\t\t\t\t\t\t\t<div class='evcal_evdata_cell '><div class='eventon_full_description'>\r\n\t\t\t\t\t\t\t\t\t<h3 class='padb5 evo_h3'><span class='evcal_evdata_icons'><i class='fa fa-align-justify'><\/i><\/span>Detalhes do Evento<\/h3><div class='eventon_desc_in' itemprop='description'>\r\n\t\t\t\t\t\t\t\t\t<p><a href=\"https:\/\/www.federacao-triatlo.pt\/ftp2015\/wp-content\/uploads\/2017\/11\/PROVA-SPRINT-Percursos.pdf\">PROVA SPRINT Percursos<\/a><\/p>\n<p><a href=\"https:\/\/www.federacao-triatlo.pt\/ftp2015\/wp-content\/uploads\/2017\/11\/PROVA-SUPER-SPRINT-Percursos.pdf\">PROVA SUPER SPRINT Percursos<\/a><\/p>\n<p><a href=\"https:\/\/www.federacao-triatlo.pt\/ftp2015\/wp-content\/uploads\/2017\/11\/Regulamento-III-TRIATLO-DE-LEIRIA.pdf\">Regulamento III TRIATLO DE LEIRIA<\/a><\/p>\n<p><a href=\"https:\/\/www.federacao-triatlo.pt\/ftp2015\/wp-content\/uploads\/2017\/11\/SL-Triatlo-de-Leiria-Lagoa-da-Ervedeira-2018-Ta\u00e7a-de-Portugal.pdf\">SL Triatlo de Leiria-Lagoa da Ervedeira 2018 &#8211; Ta\u00e7a de Portugal<\/a><\/p>\n<p><a href=\"https:\/\/www.federacao-triatlo.pt\/ftp2015\/wp-content\/uploads\/2017\/11\/SL-Triatlo-de-Leiria-Lagoa-da-Ervedeira-2018-Prova-Aberta.pdf\">SL Triatlo de Leiria-Lagoa da Ervedeira 2018 &#8211; Prova Aberta<\/a><\/p>\n<\/div><div class='clear'><\/div>\r\n\t\t\t\t\t\t\t\t<\/div>\r\n\t\t\t\t\t\t\t<\/div>\r\n\t\t\t\t\t\t<\/div><div class='evo_metarow_gmap evorow evcal_gmaps bordb ' id='evc152003520069f3e02ee58fd28092_gmap' style='max-width:none'><\/div><div class='evo_metarow_getDr evorow evcal_evdata_row bordb evcal_evrow_sm getdirections'>\r\n\t\t\t\t\t\t<form action='https:\/\/maps.google.com\/maps' method='get' target='_blank'>\r\n\t\t\t\t\t\t<input type='hidden' name='daddr' value='Lagoa da Ervedeira - Leiria'\/> \r\n\t\t\t\t\t\t<p><input class='evoInput' type='text' name='saddr' placeholder='Escreva a morada' value=''\/>\r\n\t\t\t\t\t\t<button type='submit' class='evcal_evdata_icons evcalicon_9' title='Clique aqui para obter as dire\u00e7\u00f5es'><i class='fa fa-road'><\/i><\/button>\r\n\t\t\t\t\t\t<\/p><\/form>\r\n\t\t\t\t\t<\/div><div class='evo_metarow_time_location evorow bordb '>\r\n\t\t\t\t\t\t<div class='tb' >\r\n\t\t\t\t\t\t\t<div class='tbrow'>\r\n\t\t\t\t\t\t\t<div class='evcal_col50 bordr'>\r\n\t\t\t\t\t\t\t\t<div class='evcal_evdata_row evo_time'>\r\n\t\t\t\t\t\t\t\t\t<span class='evcal_evdata_icons'><i class='fa fa-clock-o'><\/i><\/span>\r\n\t\t\t\t\t\t\t\t\t<div class='evcal_evdata_cell'>\t\t\t\t\t\t\t\r\n\t\t\t\t\t\t\t\t\t\t<h3 class='evo_h3'><span class='evcal_evdata_icons'><i class='fa fa-clock-o'><\/i><\/span>Hor\u00e1rio<\/h3>\r\n\t\t\t\t\t\t\t\t\t\t<p>(S\u00e1bado) 0:00 - 0:00<\/p>\r\n\t\t\t\t\t\t\t\t\t<\/div>\r\n\t\t\t\t\t\t\t\t<\/div>\r\n\t\t\t\t\t\t\t<\/div><div class='evcal_col50'>\r\n\t\t\t\t\t\t\t\t<div class='evcal_evdata_row evo_location'>\r\n\t\t\t\t\t\t\t\t\t<span class='evcal_evdata_icons'><i class='fa fa-map-marker'><\/i><\/span>\r\n\t\t\t\t\t\t\t\t\t<div class='evcal_evdata_cell' data-loc_tax_id='234'>\t\t\t\t\t\t\t\r\n\t\t\t\t\t\t\t\t\t\t<h3 class='evo_h3'><span class='evcal_evdata_icons'><i class='fa fa-map-marker'><\/i><\/span>Localiza\u00e7\u00e3o<\/h3><p class='evo_location_name'>Lagoa da Ervedeira - Leiria<\/p><p>Lagoa da Ervedeira - Leiria<\/p>\r\n\t\t\t\t\t\t\t\t\t<\/div>\r\n\t\t\t\t\t\t\t\t<\/div>\r\n\t\t\t\t\t\t\t<\/div><div class='clear'><\/div>\r\n\t\t\t\t\t\t\t<\/div><\/div>\r\n\t\t\t\t\t\t<\/div><div class='evo_metarow_organizer evorow evcal_evdata_row bordb evcal_evrow_sm '>\r\n\t\t\t\t\t\t\t<span class='evcal_evdata_icons'><i class='fa fa-headphones'><\/i><\/span>\r\n\t\t\t\t\t\t\t<div class='evcal_evdata_cell'>\t\t\t\t\t\t\t\r\n\t\t\t\t\t\t\t\t<h3 class='evo_h3'>Evento organizado por<\/h3>\r\n\t\t\t\t\t\t\t\t\r\n\t\t\t\t\t\t\t\t<div class='evo_card_organizer'><p class='evo_data_val evo_card_organizer_name'>\r\n\t\t\t\t\t\t\t\t\t<span class='evo_card_organizer_name_t'>FTP \/ C\u00e2mara Municipal de Leiria<\/span><span class='evo_card_organizer_contact'>inscricoes@federacao-triatlo.pt<\/span>\r\n\t\t\t\t\t\t\t\t\t\r\n\t\t\t\t\t\t\t\t\t<\/p><\/div><div class='clear'><\/div>\t\t\t\t\t\t\t\r\n\t\t\t\t\t\t\t<\/div>\r\n\t\t\t\t\t\t<\/div>\t\t\t\t\t\t<div class='evo_metarow_ICS evorow bordb evcal_evdata_row'>\r\n\t\t\t\t\t\t\t<span class=\"evcal_evdata_icons\"><i class=\"fa fa-calendar\"><\/i><\/span>\r\n\t\t\t\t\t\t\t<div class='evcal_evdata_cell'>\r\n\t\t\t\t\t\t\t\t<p><a href='https:\/\/www.federacao-triatlo.pt\/ftp2015\/wp-admin\/admin-ajax.php?action=eventon_ics_download&amp;event_id=28092&amp;sunix=20180302T230000Z&amp;eunix=20180302T230000Z&amp;loca=Lagoa da Ervedeira - Leiria&amp;locn=Lagoa da Ervedeira - Leiria' class='evo_ics_nCal' title='Adicionar ao seu calend\u00e1rio'>Calend\u00e1rio<\/a><a href='\/\/www.google.com\/calendar\/event?action=TEMPLATE&amp;text=Triatlo+de+Leiria+-+Lagoa+da+Ervedeira&amp;dates=20180302T230000Z\/20180302T230000Z&amp;details=PROVA+SPRINT+Percursos%0D%0A%0D%0APROVA+SUPER+SPRINT+Percursos%0D%0A%0D%0ARegulamento+III+TRIATLO+DE+LEIRIA%0D%0A%0D%0ASL+Triatlo+de+Leiria-Lagoa+da+Ervedeira+2018+-+Ta%C3%A7a+de+Portugal%0D%0A%0D%0ASL+Triatlo+de+Leiria-Lagoa+da+Ervedeira&amp;location=Lagoa+da+Ervedeira+-+Leiria - Lagoa+da+Ervedeira+-+Leiria' target='_blank' class='evo_ics_gCal' title='Adicionar ao calend\u00e1rio Google'>GoogleCal<\/a><\/p>\t\r\n\t\t\t\t\t\t\t<\/div>\t\t\t\t\t\t<\/div>\r\n\t\t\t\t\t\t<\/div><div class='clear end'><\/div><\/div><div id=\"event_28094\" class=\"eventon_list_event evo_eventtop past_event event\" data-event_id=\"28094\" data-time=\"1521295200-1521309600\" data-colr=\"#0092e0\" itemscope itemtype='http:\/\/schema.org\/Event' 2><div class=\"evo_event_schema\" style=\"display:none\" ><a itemprop='url'  href='https:\/\/www.federacao-triatlo.pt\/ftp2015\/events\/aquatlo-de-machico-funchal\/'><\/a><span itemprop='name'  >IX Aquatlo de Machico - Madeira<\/span><meta itemprop='image' content='https:\/\/www.federacao-triatlo.pt\/ftp2015\/wp-content\/uploads\/2017\/11\/Aquatlo-de-Machico-212x300.jpg' ><\/meta><meta itemprop='description' content='A 2\u00aa etapa do Campeonato Nacional Jovem de Clubes e Iniciados, assim como etapa \u00fanica de Campeonato Nacional de Juvenis em Aquatlo, ir\u00e1 ter lugar em Machico no s\u00e1bado dia' ><\/meta><meta itemprop='startDate' content='2018-3-17' ><\/meta><meta itemprop='endDate' content='2018-3-17' ><\/meta><meta itemprop='eventStatus' content='on-schedule' ><\/meta>\r\n\t\t\t\t\t\t\t\t\t<item style=\"display:none\" itemprop=\"location\" itemscope itemtype=\"http:\/\/schema.org\/Place\">\r\n\t\t\t\t\t\t\t\t\t\t<span itemprop=\"name\">Madeira<\/span>\r\n\t\t\t\t\t\t\t\t\t\t<span itemprop=\"address\" itemscope itemtype=\"http:\/\/schema.org\/PostalAddress\">\r\n\t\t\t\t\t\t\t\t\t\t\t<item itemprop=\"streetAddress\">Madeira<\/item>\r\n\t\t\t\t\t\t\t\t\t\t<\/span><\/item><script type=\"application\/ld+json\">{\t\"@context\": \"http:\/\/schema.org\",\r\n\t\t\t\t\t\t\t  \t\"@type\": \"Event\",\r\n\t\t\t\t\t\t\t  \t\"name\": \"IX Aquatlo de Machico - Madeira\",\r\n\t\t\t\t\t\t\t  \t\"startDate\": \"2018-3-17T14-14-00-00\",\r\n\t\t\t\t\t\t\t  \t\"endDate\": \"2018-3-17T18-18-00-00\",\r\n\t\t\t\t\t\t\t  \t\"image\":\"https:\/\/www.federacao-triatlo.pt\/ftp2015\/wp-content\/uploads\/2017\/11\/Aquatlo-de-Machico-212x300.jpg\",\r\n\t\t\t\t\t\t\t  \t\"description\":\"A 2\u00aa etapa do Campeonato Nacional Jovem de Clubes e Iniciados, assim como etapa \u00fanica de Campeonato Nacional de Juvenis em Aquatlo, ir\u00e1 ter lugar em Machico no s\u00e1bado dia\",\r\n\t\t\t\t\t\t\t  \t\"location\":{\r\n\t\t\t\t\t\t\t\t\t\t\"@type\":\"Place\",\r\n\t\t\t\t\t\t\t\t\t\t\"name\":\"Madeira\",\r\n\t\t\t\t\t\t\t\t\t\t\"address\":\"Madeira\"\r\n\t\t\t\t\t\t\t  \t\t}\r\n\t\t\t\t\t\t\t }\r\n\t\t\t\t\t\t\t<\/script><\/div>\r\n\t\t\t\t<p class=\"desc_trig_outter\"><a data-gmtrig=\"1\" data-exlk=\"0\" style=\"border-color: #0092e0;\" id=\"evc_152129520028094\" class=\"hasFtIMG desc_trig evo_camp-nac-de-juvenis evo_camp-nac-jovem sin_val evcal_list_a\" data-ux_val=\"1\"  ><span class='ev_ftImg' data-img='https:\/\/www.federacao-triatlo.pt\/ftp2015\/wp-content\/uploads\/2017\/11\/Aquatlo-de-Machico.jpg' data-thumb='https:\/\/www.federacao-triatlo.pt\/ftp2015\/wp-content\/uploads\/2017\/11\/Aquatlo-de-Machico-212x300.jpg' style='background-image:url(\"https:\/\/www.federacao-triatlo.pt\/ftp2015\/wp-content\/uploads\/2017\/11\/Aquatlo-de-Machico-212x300.jpg\")'><\/span><span class='evcal_cblock ' data-bgcolor='#0092e0' data-smon='Mar\u00e7o' data-syr='2018'><span class='evo_start '><em class='date'>17<\/em><em class='month'>mar<\/em><em class='time'>14:00<\/em><\/span><span class='evo_end only_time'><em class='time'>18:00<\/em><\/span><em class='clear'><\/em><\/span><span class='evcal_desc evo_info hide_eventtopdata '  data-location_address=\"Madeira\" data-location_type=\"address\" data-location_name=\"Madeira\" data-location_status=\"true\" ><span class='evo_above_title'><\/span><span class='evcal_desc2 evcal_event_title' itemprop='name'>IX Aquatlo de Machico - Madeira<\/span><span class='evo_below_title'><\/span><span class='evcal_desc_info' ><em class=\"evcal_location\"  data-add_str=\"\"><em class=\"event_location_name\">Madeira<\/em><\/em><\/span><span class='evcal_desc3'><span class='evcal_event_types ett1'><em><i>Tipo de Evento:<\/i><\/em><em data-filter='event_type'>Camp. Nac. de Juvenis,<\/em><em data-filter='event_type'>Camp. Nac. Jovem<\/em><i class='clear'><\/i><\/span><\/span><\/span><em class='clear'><\/em><\/p><\/a><div class='event_description evcal_eventcard ' style=\"display:none\"><div class='evo_metarow_directimg'><img src='https:\/\/www.federacao-triatlo.pt\/ftp2015\/wp-content\/uploads\/2017\/11\/Aquatlo-de-Machico.jpg' \/><\/div><div class='evo_metarow_details evorow evcal_evdata_row bordb evcal_event_details'>\r\n\t\t\t\t\t\t\t<div class=\"event_excerpt\" style=\"display:none\"><h3 class=\"padb5 evo_h3\">Detalhes do Evento<\/h3><p>A 2\u00aa etapa do Campeonato Nacional Jovem de Clubes e Iniciados, assim como etapa \u00fanica de Campeonato Nacional de Juvenis em Aquatlo, ir\u00e1 ter lugar em Machico no s\u00e1bado dia<\/p><\/div><span class='evcal_evdata_icons'><i class='fa fa-align-justify'><\/i><\/span>\r\n\t\t\t\t\t\t\t\r\n\t\t\t\t\t\t\t<div class='evcal_evdata_cell '><div class='eventon_full_description'>\r\n\t\t\t\t\t\t\t\t\t<h3 class='padb5 evo_h3'><span class='evcal_evdata_icons'><i class='fa fa-align-justify'><\/i><\/span>Detalhes do Evento<\/h3><div class='eventon_desc_in' itemprop='description'>\r\n\t\t\t\t\t\t\t\t\t<p>A 2\u00aa etapa do Campeonato Nacional Jovem de Clubes e Iniciados, assim como etapa \u00fanica de Campeonato Nacional de Juvenis em Aquatlo, ir\u00e1 ter lugar em Machico no s\u00e1bado dia 17 de Mar\u00e7o de 2018 e ser\u00e1 uma organiza\u00e7\u00e3o da Associa\u00e7\u00e3o Regional de Triatlo da Madeira (ARTM).<\/p>\n<p>Os clubes devem contactar a ARTM at\u00e9 dia 28 de Fevereiro no caso de pretenderem alojamento e refei\u00e7\u00f5es.<\/p>\n<p><a href=\"https:\/\/www.federacao-triatlo.pt\/ftp2015\/wp-content\/uploads\/2017\/11\/Regulamento-e-Percursos-Aquatlo-Jovem-Machico-2018.pdf\">Regulamento e Percursos Aquatlo Jovem Machico 2018<\/a><\/p>\n<p><a href=\"https:\/\/www.federacao-triatlo.pt\/ftp2015\/wp-content\/uploads\/2017\/11\/Lista-Inscritos-Campeonato-Nacional-Jovem-1.pdf\">Lista Inscritos Campeonato Nacional Jovem<\/a><\/p>\n<\/div><div class='clear'><\/div>\r\n\t\t\t\t\t\t\t\t<\/div>\r\n\t\t\t\t\t\t\t<\/div>\r\n\t\t\t\t\t\t<\/div><div class='evo_metarow_gmap evorow evcal_gmaps bordb ' id='evc152129520069f3e02ee625028094_gmap' style='max-width:none'><\/div><div class='evo_metarow_getDr evorow evcal_evdata_row bordb evcal_evrow_sm getdirections'>\r\n\t\t\t\t\t\t<form action='https:\/\/maps.google.com\/maps' method='get' target='_blank'>\r\n\t\t\t\t\t\t<input type='hidden' name='daddr' value='Madeira'\/> \r\n\t\t\t\t\t\t<p><input class='evoInput' type='text' name='saddr' placeholder='Escreva a morada' value=''\/>\r\n\t\t\t\t\t\t<button type='submit' class='evcal_evdata_icons evcalicon_9' title='Clique aqui para obter as dire\u00e7\u00f5es'><i class='fa fa-road'><\/i><\/button>\r\n\t\t\t\t\t\t<\/p><\/form>\r\n\t\t\t\t\t<\/div><div class='evo_metarow_time_location evorow bordb '>\r\n\t\t\t\t\t\t<div class='tb' >\r\n\t\t\t\t\t\t\t<div class='tbrow'>\r\n\t\t\t\t\t\t\t<div class='evcal_col50 bordr'>\r\n\t\t\t\t\t\t\t\t<div class='evcal_evdata_row evo_time'>\r\n\t\t\t\t\t\t\t\t\t<span class='evcal_evdata_icons'><i class='fa fa-clock-o'><\/i><\/span>\r\n\t\t\t\t\t\t\t\t\t<div class='evcal_evdata_cell'>\t\t\t\t\t\t\t\r\n\t\t\t\t\t\t\t\t\t\t<h3 class='evo_h3'><span class='evcal_evdata_icons'><i class='fa fa-clock-o'><\/i><\/span>Hor\u00e1rio<\/h3>\r\n\t\t\t\t\t\t\t\t\t\t<p>(S\u00e1bado) 14:00 - 18:00<\/p>\r\n\t\t\t\t\t\t\t\t\t<\/div>\r\n\t\t\t\t\t\t\t\t<\/div>\r\n\t\t\t\t\t\t\t<\/div><div class='evcal_col50'>\r\n\t\t\t\t\t\t\t\t<div class='evcal_evdata_row evo_location'>\r\n\t\t\t\t\t\t\t\t\t<span class='evcal_evdata_icons'><i class='fa fa-map-marker'><\/i><\/span>\r\n\t\t\t\t\t\t\t\t\t<div class='evcal_evdata_cell' data-loc_tax_id='245'>\t\t\t\t\t\t\t\r\n\t\t\t\t\t\t\t\t\t\t<h3 class='evo_h3'><span class='evcal_evdata_icons'><i class='fa fa-map-marker'><\/i><\/span>Localiza\u00e7\u00e3o<\/h3><p class='evo_location_name'>Madeira<\/p><p>Madeira<\/p>\r\n\t\t\t\t\t\t\t\t\t<\/div>\r\n\t\t\t\t\t\t\t\t<\/div>\r\n\t\t\t\t\t\t\t<\/div><div class='clear'><\/div>\r\n\t\t\t\t\t\t\t<\/div><\/div>\r\n\t\t\t\t\t\t<\/div><div class='evo_metarow_organizer evorow evcal_evdata_row bordb evcal_evrow_sm '>\r\n\t\t\t\t\t\t\t<span class='evcal_evdata_icons'><i class='fa fa-headphones'><\/i><\/span>\r\n\t\t\t\t\t\t\t<div class='evcal_evdata_cell'>\t\t\t\t\t\t\t\r\n\t\t\t\t\t\t\t\t<h3 class='evo_h3'>Evento organizado por<\/h3>\r\n\t\t\t\t\t\t\t\t\r\n\t\t\t\t\t\t\t\t<div class='evo_card_organizer'><p class='evo_data_val evo_card_organizer_name'>\r\n\t\t\t\t\t\t\t\t\t<span class='evo_card_organizer_name_t'><a  href='https:\/\/www.federacao-triatlo.pt\/ftp2015'>FTP<\/a><\/span><span class='evo_card_organizer_contact'>secretaria@federacao-triatlo.pt<\/span>\r\n\t\t\t\t\t\t\t\t\t\r\n\t\t\t\t\t\t\t\t\t<\/p><\/div><div class='clear'><\/div>\t\t\t\t\t\t\t\r\n\t\t\t\t\t\t\t<\/div>\r\n\t\t\t\t\t\t<\/div>\t\t\t\t\t\t<div class='evo_metarow_ICS evorow bordb evcal_evdata_row'>\r\n\t\t\t\t\t\t\t<span class=\"evcal_evdata_icons\"><i class=\"fa fa-calendar\"><\/i><\/span>\r\n\t\t\t\t\t\t\t<div class='evcal_evdata_cell'>\r\n\t\t\t\t\t\t\t\t<p><a href='https:\/\/www.federacao-triatlo.pt\/ftp2015\/wp-admin\/admin-ajax.php?action=eventon_ics_download&amp;event_id=28094&amp;sunix=20180317T130000Z&amp;eunix=20180317T170000Z&amp;loca=Madeira&amp;locn=Madeira' class='evo_ics_nCal' title='Adicionar ao seu calend\u00e1rio'>Calend\u00e1rio<\/a><a href='\/\/www.google.com\/calendar\/event?action=TEMPLATE&amp;text=IX+Aquatlo+de+Machico+-+Madeira&amp;dates=20180317T130000Z\/20180317T170000Z&amp;details=A+2%C2%AA+etapa+do+Campeonato+Nacional+Jovem+de+Clubes+e+Iniciados%2C+assim+como+etapa+%C3%BAnica+de+Campeonato+Nacional+de+Juvenis+em+Aquatlo%2C+ir%C3%A1+ter+lugar+em+Machico+no+s%C3%A1bado+dia&amp;location=Madeira - Madeira' target='_blank' class='evo_ics_gCal' title='Adicionar ao calend\u00e1rio Google'>GoogleCal<\/a><\/p>\t\r\n\t\t\t\t\t\t\t<\/div>\t\t\t\t\t\t<\/div>\r\n\t\t\t\t\t\t<\/div><div class='clear end'><\/div><\/div><div id=\"event_28095\" class=\"eventon_list_event evo_eventtop past_event event\" data-event_id=\"28095\" data-time=\"1521331201-1521417599\" data-colr=\"#0092e0\" itemscope itemtype='http:\/\/schema.org\/Event' 3><div class=\"evo_event_schema\" style=\"display:none\" ><a itemprop='url'  href='https:\/\/www.federacao-triatlo.pt\/ftp2015\/events\/duatlo-de-grandola\/'><\/a><span itemprop='name'  >XXIV Duatlo de Gr\u00e2ndola 2018<\/span><meta itemprop='image' content='https:\/\/www.federacao-triatlo.pt\/ftp2015\/wp-content\/uploads\/2017\/11\/cartaz-grandola-2018-212x300.png' ><\/meta><meta itemprop='description' content='XXIV Duatlo Gr\u00e2ndola 2018 - Percursos (2018)\r\n\r\nRegulamento XXIV Duatlo de Gr\u00e2ndola 18 Mar 2018\r\n\r\nSL Duatlo de Gr\u00e2ndola (Com Horas de Partida)' ><\/meta><meta itemprop='startDate' content='2018-3-18' ><\/meta><meta itemprop='endDate' content='2018-3-18' ><\/meta><meta itemprop='eventStatus' content='on-schedule' ><\/meta><script type=\"application\/ld+json\">{\t\"@context\": \"http:\/\/schema.org\",\r\n\t\t\t\t\t\t\t  \t\"@type\": \"Event\",\r\n\t\t\t\t\t\t\t  \t\"name\": \"XXIV Duatlo de Gr\u00e2ndola 2018\",\r\n\t\t\t\t\t\t\t  \t\"startDate\": \"2018-3-18T00-00-00-00\",\r\n\t\t\t\t\t\t\t  \t\"endDate\": \"2018-3-18T23-23-59-00\",\r\n\t\t\t\t\t\t\t  \t\"image\":\"https:\/\/www.federacao-triatlo.pt\/ftp2015\/wp-content\/uploads\/2017\/11\/cartaz-grandola-2018-212x300.png\",\r\n\t\t\t\t\t\t\t  \t\"description\":\"XXIV Duatlo Gr\u00e2ndola 2018 - Percursos (2018)\r\n\r\nRegulamento XXIV Duatlo de Gr\u00e2ndola 18 Mar 2018\r\n\r\nSL Duatlo de Gr\u00e2ndola (Com Horas de Partida)\",\r\n\t\t\t\t\t\t\t  \t\r\n\t\t\t\t\t\t\t }\r\n\t\t\t\t\t\t\t<\/script><\/div>\r\n\t\t\t\t<p class=\"desc_trig_outter\"><a data-gmap_status=\"null\" data-exlk=\"0\" style=\"border-color: #0092e0;\" id=\"evc_152133120128095\" class=\"hasFtIMG desc_trig evo_taca-portugal-contra-relogio sin_val evcal_list_a\" data-ux_val=\"1\"  ><span class='ev_ftImg' data-img='https:\/\/www.federacao-triatlo.pt\/ftp2015\/wp-content\/uploads\/2017\/11\/cartaz-grandola-2018.png' data-thumb='https:\/\/www.federacao-triatlo.pt\/ftp2015\/wp-content\/uploads\/2017\/11\/cartaz-grandola-2018-212x300.png' style='background-image:url(\"https:\/\/www.federacao-triatlo.pt\/ftp2015\/wp-content\/uploads\/2017\/11\/cartaz-grandola-2018-212x300.png\")'><\/span><span class='evcal_cblock ' data-bgcolor='#0092e0' data-smon='Mar\u00e7o' data-syr='2018'><span class='evo_start '><em class='date'>18<\/em><em class='month'>mar<\/em><em class='time'>allday<\/em><\/span><span class='evo_end only_time'><em class='time'>allday<\/em><\/span><em class='clear'><\/em><\/span><span class='evcal_desc evo_info hide_eventtopdata '  data-location_status=\"false\" ><span class='evo_above_title'><\/span><span class='evcal_desc2 evcal_event_title' itemprop='name'>XXIV Duatlo de Gr\u00e2ndola 2018<\/span><span class='evo_below_title'><\/span><span class='evcal_desc_info' ><\/span><span class='evcal_desc3'><span class='evcal_event_types ett1'><em><i>Tipo de Evento:<\/i><\/em><em data-filter='event_type'>Ta\u00e7a Portugal Contra-Rel\u00f3gio<\/em><i class='clear'><\/i><\/span><\/span><\/span><em class='clear'><\/em><\/p><\/a><div class='event_description evcal_eventcard ' style=\"display:none\"><div class='evo_metarow_directimg'><img src='https:\/\/www.federacao-triatlo.pt\/ftp2015\/wp-content\/uploads\/2017\/11\/cartaz-grandola-2018.png' \/><\/div><div class='evo_metarow_details evorow evcal_evdata_row bordb evcal_event_details'>\r\n\t\t\t\t\t\t\t<div class=\"event_excerpt\" style=\"display:none\"><h3 class=\"padb5 evo_h3\">Detalhes do Evento<\/h3><p>XXIV Duatlo Gr\u00e2ndola 2018 - Percursos (2018)\r\n\r\nRegulamento XXIV Duatlo de Gr\u00e2ndola 18 Mar 2018\r\n\r\nSL Duatlo de Gr\u00e2ndola (Com Horas de Partida)<\/p><\/div><span class='evcal_evdata_icons'><i class='fa fa-align-justify'><\/i><\/span>\r\n\t\t\t\t\t\t\t\r\n\t\t\t\t\t\t\t<div class='evcal_evdata_cell '><div class='eventon_full_description'>\r\n\t\t\t\t\t\t\t\t\t<h3 class='padb5 evo_h3'><span class='evcal_evdata_icons'><i class='fa fa-align-justify'><\/i><\/span>Detalhes do Evento<\/h3><div class='eventon_desc_in' itemprop='description'>\r\n\t\t\t\t\t\t\t\t\t<p><a href=\"https:\/\/www.federacao-triatlo.pt\/ftp2015\/wp-content\/uploads\/2017\/11\/0_XXIV_Duatlo_Grandola_2018_Percursos_2018.pdf\">XXIV Duatlo Gr\u00e2ndola 2018 &#8211; Percursos (2018)<\/a><\/p>\n<p><a href=\"https:\/\/www.federacao-triatlo.pt\/ftp2015\/wp-content\/uploads\/2017\/11\/Regulamento_XXIV_Duatlo_de_Grandola_18_Mar_2018.pdf\" target=\"_blank\" rel=\"noopener\">Regulamento XXIV Duatlo de Gr\u00e2ndola 18 Mar 2018<\/a><\/p>\n<p><a href=\"https:\/\/www.federacao-triatlo.pt\/ftp2015\/wp-content\/uploads\/2017\/11\/SL-Duatlo-de-Gr\u00e2ndola-Com-Horas-de-Partida-1.pdf\">SL Duatlo de Gr\u00e2ndola (Com Horas de Partida)<\/a><\/p>\n<\/div><div class='clear'><\/div>\r\n\t\t\t\t\t\t\t\t<\/div>\r\n\t\t\t\t\t\t\t<\/div>\r\n\t\t\t\t\t\t<\/div><div class='evo_metarow_time evorow evcal_evdata_row bordb evcal_evrow_sm '>\r\n\t\t\t\t\t\t\t<span class='evcal_evdata_icons'><i class='fa fa-clock-o'><\/i><\/span>\r\n\t\t\t\t\t\t\t<div class='evcal_evdata_cell'>\t\t\t\t\t\t\t\r\n\t\t\t\t\t\t\t\t<h3 class='evo_h3'><span class='evcal_evdata_icons'><i class='fa fa-clock-o'><\/i><\/span>Hor\u00e1rio<\/h3><p>Todo o dia (Domingo)<\/p>\r\n\t\t\t\t\t\t\t<\/div>\r\n\t\t\t\t\t\t<\/div>\t\t\t\t\t\t<div class='evo_metarow_ICS evorow bordb evcal_evdata_row'>\r\n\t\t\t\t\t\t\t<span class=\"evcal_evdata_icons\"><i class=\"fa fa-calendar\"><\/i><\/span>\r\n\t\t\t\t\t\t\t<div class='evcal_evdata_cell'>\r\n\t\t\t\t\t\t\t\t<p><a href='https:\/\/www.federacao-triatlo.pt\/ftp2015\/wp-admin\/admin-ajax.php?action=eventon_ics_download&amp;event_id=28095&amp;sunix=20180317T230000Z&amp;eunix=20180318T225900Z&amp;loca=&amp;locn=' class='evo_ics_nCal' title='Adicionar ao seu calend\u00e1rio'>Calend\u00e1rio<\/a><a href='\/\/www.google.com\/calendar\/event?action=TEMPLATE&amp;text=XXIV+Duatlo+de+Gr%C3%A2ndola+2018&amp;dates=20180317T230000Z\/20180318T225900Z&amp;details=XXIV+Duatlo+Gr%C3%A2ndola+2018+-+Percursos+%282018%29%0D%0A%0D%0ARegulamento+XXIV+Duatlo+de+Gr%C3%A2ndola+18+Mar+2018%0D%0A%0D%0ASL+Duatlo+de+Gr%C3%A2ndola+%28Com+Horas+de+Partida%29&amp;location= - ' target='_blank' class='evo_ics_gCal' title='Adicionar ao calend\u00e1rio Google'>GoogleCal<\/a><\/p>\t\r\n\t\t\t\t\t\t\t<\/div>\t\t\t\t\t\t<\/div>\r\n\t\t\t\t\t\t<\/div><div class='clear end'><\/div><\/div><div id=\"event_28097\" class=\"eventon_list_event evo_eventtop past_event event\" data-event_id=\"28097\" data-time=\"1521849600-1521936000\" data-colr=\"#0092e0\" itemscope itemtype='http:\/\/schema.org\/Event' 4><div class=\"evo_event_schema\" style=\"display:none\" ><a itemprop='url'  href='https:\/\/www.federacao-triatlo.pt\/ftp2015\/events\/triatlo-de-quarteira-2018\/'><\/a><span itemprop='name'  >Triatlo de Quarteira<\/span><meta itemprop='image' content='https:\/\/www.federacao-triatlo.pt\/ftp2015\/wp-content\/uploads\/2017\/05\/Triatlo_2018-212x300.png' ><\/meta><meta itemprop='description' content='Regulamento XVII Triatlo Cidade de Quarteira 2018\r\n\r\nPercursos Ta\u00e7a de Portugal Triatlo Quarteira 2018\r\n\r\nLista Inscritos Ta\u00e7a de Portugal' ><\/meta><meta itemprop='startDate' content='2018-3-24' ><\/meta><meta itemprop='endDate' content='2018-3-25' ><\/meta><meta itemprop='eventStatus' content='on-schedule' ><\/meta>\r\n\t\t\t\t\t\t\t\t\t<item style=\"display:none\" itemprop=\"location\" itemscope itemtype=\"http:\/\/schema.org\/Place\">\r\n\t\t\t\t\t\t\t\t\t\t<span itemprop=\"name\">Quarteira<\/span>\r\n\t\t\t\t\t\t\t\t\t\t<span itemprop=\"address\" itemscope itemtype=\"http:\/\/schema.org\/PostalAddress\">\r\n\t\t\t\t\t\t\t\t\t\t\t<item itemprop=\"streetAddress\">Avenida Infante de Sagres 141<\/item>\r\n\t\t\t\t\t\t\t\t\t\t<\/span><\/item><script type=\"application\/ld+json\">{\t\"@context\": \"http:\/\/schema.org\",\r\n\t\t\t\t\t\t\t  \t\"@type\": \"Event\",\r\n\t\t\t\t\t\t\t  \t\"name\": \"Triatlo de Quarteira\",\r\n\t\t\t\t\t\t\t  \t\"startDate\": \"2018-3-24T00-00-00-00\",\r\n\t\t\t\t\t\t\t  \t\"endDate\": \"2018-3-25T00-00-00-00\",\r\n\t\t\t\t\t\t\t  \t\"image\":\"https:\/\/www.federacao-triatlo.pt\/ftp2015\/wp-content\/uploads\/2017\/05\/Triatlo_2018-212x300.png\",\r\n\t\t\t\t\t\t\t  \t\"description\":\"Regulamento XVII Triatlo Cidade de Quarteira 2018\r\n\r\nPercursos Ta\u00e7a de Portugal Triatlo Quarteira 2018\r\n\r\nLista Inscritos Ta\u00e7a de Portugal\",\r\n\t\t\t\t\t\t\t  \t\"location\":{\r\n\t\t\t\t\t\t\t\t\t\t\"@type\":\"Place\",\r\n\t\t\t\t\t\t\t\t\t\t\"name\":\"Quarteira\",\r\n\t\t\t\t\t\t\t\t\t\t\"address\":\"Avenida Infante de Sagres 141\"\r\n\t\t\t\t\t\t\t  \t\t}\r\n\t\t\t\t\t\t\t }\r\n\t\t\t\t\t\t\t<\/script><\/div>\r\n\t\t\t\t<p class=\"desc_trig_outter\"><a data-gmtrig=\"1\" data-exlk=\"0\" style=\"border-color: #0092e0;\" id=\"evc_152184960028097\" class=\"hasFtIMG desc_trig evo_taca-europa-triatlo evo_taca-de-portugal mul_val evcal_list_a\" data-ux_val=\"1\"  ><span class='ev_ftImg' data-img='https:\/\/www.federacao-triatlo.pt\/ftp2015\/wp-content\/uploads\/2017\/05\/Triatlo_2018.png' data-thumb='https:\/\/www.federacao-triatlo.pt\/ftp2015\/wp-content\/uploads\/2017\/05\/Triatlo_2018-212x300.png' style='background-image:url(\"https:\/\/www.federacao-triatlo.pt\/ftp2015\/wp-content\/uploads\/2017\/05\/Triatlo_2018-212x300.png\")'><\/span><span class='evcal_cblock ' data-bgcolor='#0092e0' data-smon='Mar\u00e7o' data-syr='2018'><span class='evo_start '><em class='date'>24<\/em><em class='month'>mar<\/em><em class='time'><i t=\"y\">(mar 24)<\/i>0:00<\/em><\/span><span class='evo_end '><em class='date'>25<\/em><em class='time'><i t=\"y\">(mar 25)<\/i>0:00<\/em><\/span><em class='clear'><\/em><\/span><span class='evcal_desc evo_info hide_eventtopdata ' data-latlng=\"37.066127,-8.100064\"  data-location_address=\"Avenida Infante de Sagres 141\" data-location_type=\"lonlat\" data-location_name=\"Quarteira\" data-location_status=\"true\" ><span class='evo_above_title'><\/span><span class='evcal_desc2 evcal_event_title' itemprop='name'>Triatlo de Quarteira<\/span><span class='evo_below_title'><\/span><span class='evcal_desc_info' ><em class=\"evcal_location\" data-latlng=\"37.066127,-8.100064\"  data-add_str=\"\"><em class=\"event_location_name\">Quarteira<\/em><\/em><\/span><span class='evcal_desc3'><span class='evcal_event_types ett1'><em><i>Tipo de Evento:<\/i><\/em><em data-filter='event_type'>Ta\u00e7a da Europa de Triatlo,<\/em><em data-filter='event_type'>Ta\u00e7a de Portugal de Triatlo<\/em><i class='clear'><\/i><\/span><\/span><\/span><em class='clear'><\/em><\/p><\/a><div class='event_description evcal_eventcard ' style=\"display:none\"><div class='evo_metarow_directimg'><img src='https:\/\/www.federacao-triatlo.pt\/ftp2015\/wp-content\/uploads\/2017\/05\/Triatlo_2018.png' \/><\/div><div class='evo_metarow_details evorow evcal_evdata_row bordb evcal_event_details'>\r\n\t\t\t\t\t\t\t<div class=\"event_excerpt\" style=\"display:none\"><h3 class=\"padb5 evo_h3\">Detalhes do Evento<\/h3><p>Regulamento XVII Triatlo Cidade de Quarteira 2018\r\n\r\nPercursos Ta\u00e7a de Portugal Triatlo Quarteira 2018\r\n\r\nLista Inscritos Ta\u00e7a de Portugal<\/p><\/div><span class='evcal_evdata_icons'><i class='fa fa-align-justify'><\/i><\/span>\r\n\t\t\t\t\t\t\t\r\n\t\t\t\t\t\t\t<div class='evcal_evdata_cell '><div class='eventon_full_description'>\r\n\t\t\t\t\t\t\t\t\t<h3 class='padb5 evo_h3'><span class='evcal_evdata_icons'><i class='fa fa-align-justify'><\/i><\/span>Detalhes do Evento<\/h3><div class='eventon_desc_in' itemprop='description'>\r\n\t\t\t\t\t\t\t\t\t<p><a href=\"https:\/\/www.federacao-triatlo.pt\/ftp2015\/wp-content\/uploads\/2017\/11\/Regulamento_XVII_Triatlo_Cidade_de_Quarteira_24_Mar_2018.pdf\">Regulamento XVII Triatlo Cidade de Quarteira 2018<\/a><\/p>\n<p><a href=\"https:\/\/www.federacao-triatlo.pt\/ftp2015\/wp-content\/uploads\/2017\/11\/PercursosTPTriatloQuarteira2018.pdf\">Percursos Ta\u00e7a de Portugal Triatlo Quarteira 2018<\/a><\/p>\n<p><a href=\"https:\/\/www.federacao-triatlo.pt\/ftp2015\/wp-content\/uploads\/2017\/11\/Lista-Inscritos-Ta\u00e7a-de-Portugal.pdf\">Lista Inscritos Ta\u00e7a de Portugal<\/a><\/p>\n<\/div><div class='clear'><\/div>\r\n\t\t\t\t\t\t\t\t<\/div>\r\n\t\t\t\t\t\t\t<\/div>\r\n\t\t\t\t\t\t<\/div><div class='evo_metarow_gmap evorow evcal_gmaps bordb ' id='evc152184960069f3e02ee746a28097_gmap' style='max-width:none'><\/div><div class='evo_metarow_getDr evorow evcal_evdata_row bordb evcal_evrow_sm getdirections'>\r\n\t\t\t\t\t\t<form action='https:\/\/maps.google.com\/maps' method='get' target='_blank'>\r\n\t\t\t\t\t\t<input type='hidden' name='daddr' value='Avenida Infante de Sagres 141'\/> \r\n\t\t\t\t\t\t<p><input class='evoInput' type='text' name='saddr' placeholder='Escreva a morada' value=''\/>\r\n\t\t\t\t\t\t<button type='submit' class='evcal_evdata_icons evcalicon_9' title='Clique aqui para obter as dire\u00e7\u00f5es'><i class='fa fa-road'><\/i><\/button>\r\n\t\t\t\t\t\t<\/p><\/form>\r\n\t\t\t\t\t<\/div><div class='evo_metarow_time_location evorow bordb '>\r\n\t\t\t\t\t\t<div class='tb' >\r\n\t\t\t\t\t\t\t<div class='tbrow'>\r\n\t\t\t\t\t\t\t<div class='evcal_col50 bordr'>\r\n\t\t\t\t\t\t\t\t<div class='evcal_evdata_row evo_time'>\r\n\t\t\t\t\t\t\t\t\t<span class='evcal_evdata_icons'><i class='fa fa-clock-o'><\/i><\/span>\r\n\t\t\t\t\t\t\t\t\t<div class='evcal_evdata_cell'>\t\t\t\t\t\t\t\r\n\t\t\t\t\t\t\t\t\t\t<h3 class='evo_h3'><span class='evcal_evdata_icons'><i class='fa fa-clock-o'><\/i><\/span>Hor\u00e1rio<\/h3>\r\n\t\t\t\t\t\t\t\t\t\t<p>24 (S\u00e1bado) 0:00 - 25 (Domingo) 0:00<\/p>\r\n\t\t\t\t\t\t\t\t\t<\/div>\r\n\t\t\t\t\t\t\t\t<\/div>\r\n\t\t\t\t\t\t\t<\/div><div class='evcal_col50'>\r\n\t\t\t\t\t\t\t\t<div class='evcal_evdata_row evo_location'>\r\n\t\t\t\t\t\t\t\t\t<span class='evcal_evdata_icons'><i class='fa fa-map-marker'><\/i><\/span>\r\n\t\t\t\t\t\t\t\t\t<div class='evcal_evdata_cell' data-loc_tax_id='46'>\t\t\t\t\t\t\t\r\n\t\t\t\t\t\t\t\t\t\t<h3 class='evo_h3'><span class='evcal_evdata_icons'><i class='fa fa-map-marker'><\/i><\/span>Localiza\u00e7\u00e3o<\/h3><p class='evo_location_name'>Quarteira<\/p><p>Avenida Infante de Sagres 141<\/p>\r\n\t\t\t\t\t\t\t\t\t<\/div>\r\n\t\t\t\t\t\t\t\t<\/div>\r\n\t\t\t\t\t\t\t<\/div><div class='clear'><\/div>\r\n\t\t\t\t\t\t\t<\/div><\/div>\r\n\t\t\t\t\t\t<\/div><div class='evo_metarow_organizer evorow evcal_evdata_row bordb evcal_evrow_sm '>\r\n\t\t\t\t\t\t\t<span class='evcal_evdata_icons'><i class='fa fa-headphones'><\/i><\/span>\r\n\t\t\t\t\t\t\t<div class='evcal_evdata_cell'>\t\t\t\t\t\t\t\r\n\t\t\t\t\t\t\t\t<h3 class='evo_h3'>Evento organizado por<\/h3>\r\n\t\t\t\t\t\t\t\t\r\n\t\t\t\t\t\t\t\t<div class='evo_card_organizer'><p class='evo_data_val evo_card_organizer_name'>\r\n\t\t\t\t\t\t\t\t\t<span class='evo_card_organizer_name_t'>FTP \/ C\u00e2mara Municipal de Loul\u00e9 \/ Junta de Freguesia de Quarteira<\/span><span class='evo_card_organizer_contact'>inscricoes@federacao-triatlo.pt<\/span>\r\n\t\t\t\t\t\t\t\t\t\r\n\t\t\t\t\t\t\t\t\t<\/p><\/div><div class='clear'><\/div>\t\t\t\t\t\t\t\r\n\t\t\t\t\t\t\t<\/div>\r\n\t\t\t\t\t\t<\/div>\t\t\t\t\t\t<div class='evo_metarow_ICS evorow bordb evcal_evdata_row'>\r\n\t\t\t\t\t\t\t<span class=\"evcal_evdata_icons\"><i class=\"fa fa-calendar\"><\/i><\/span>\r\n\t\t\t\t\t\t\t<div class='evcal_evdata_cell'>\r\n\t\t\t\t\t\t\t\t<p><a href='https:\/\/www.federacao-triatlo.pt\/ftp2015\/wp-admin\/admin-ajax.php?action=eventon_ics_download&amp;event_id=28097&amp;sunix=20180323T230000Z&amp;eunix=20180324T230000Z&amp;loca=Avenida Infante de Sagres 141&amp;locn=Quarteira' class='evo_ics_nCal' title='Adicionar ao seu calend\u00e1rio'>Calend\u00e1rio<\/a><a href='\/\/www.google.com\/calendar\/event?action=TEMPLATE&amp;text=Triatlo+de+Quarteira&amp;dates=20180323T230000Z\/20180324T230000Z&amp;details=Regulamento+XVII+Triatlo+Cidade+de+Quarteira+2018%0D%0A%0D%0APercursos+Ta%C3%A7a+de+Portugal+Triatlo+Quarteira+2018%0D%0A%0D%0ALista+Inscritos+Ta%C3%A7a+de+Portugal&amp;location=Quarteira - Avenida+Infante+de+Sagres+141' target='_blank' class='evo_ics_gCal' title='Adicionar ao calend\u00e1rio Google'>GoogleCal<\/a><\/p>\t\r\n\t\t\t\t\t\t\t<\/div>\t\t\t\t\t\t<\/div>\r\n\t\t\t\t\t\t<\/div><div class='clear end'><\/div><\/div><\/div><div class='clear'><\/div><\/div><!-- ajde_evcal_calendar-->\n<div id='evcal_calendar_581' class='ajde_evcal_calendar  ul' ><div class='evo-data' data-cyear=\"2018\" data-cmonth=\"4\" data-runajax=\"1\" data-evc_open=\"0\" data-cal_ver=\"2.6\" data-mapscroll=\"true\" data-mapformat=\"roadmap\" data-mapzoom=\"14\" data-mapiconurl=\"\" data-ev_cnt=\"0\" data-show_limit=\"no\" data-tiles=\"no\" data-sort_by=\"sort_date\" data-filters_on=\"true\" data-range_start=\"0\" data-range_end=\"0\" data-send_unix=\"0\" data-ux_val=\"0\" data-accord=\"0\" data-rtl=\"no\"  ><\/div><div id='evcal_head' class='calendar_header ' ><div class='evo_cal_above'><span class='evo-gototoday-btn' style='display:none' data-mo='4' data-yr='2018' data-dy=''>Dia de Hoje<\/span><\/div><div class='evo_cal_above_content'><\/div><div class='cal_arguments' style='display:none' data-hide_past=\"no\" data-show_et_ft_img=\"yes\" data-event_order=\"ASC\" data-ft_event_priority=\"no\" data-lang=\"L1\" data-month_incre=\"0\" data-only_ft=\"no\" data-evc_open=\"no\" data-show_limit=\"no\" data-etc_override=\"no\" data-show_limit_redir=\"0\" data-tiles=\"no\" data-tile_height=\"0\" data-tile_bg=\"0\" data-tile_count=\"2\" data-tile_style=\"0\" data-s=\"\" data-members_only=\"no\" data-ux_val=\"0\" data-show_limit_ajax=\"no\" data-show_limit_paged=\"1\" ><\/div><div class='clear'><\/div><\/div><div class='evcal_month_line'><p>Abril 2018<\/p><\/div><div id='evcal_list' class='eventon_events_list '><div id=\"event_28098\" class=\"eventon_list_event evo_eventtop past_event event\" data-event_id=\"28098\" data-time=\"1523165400-1523206800\" data-colr=\"#0092e0\" itemscope itemtype='http:\/\/schema.org\/Event' 1><div class=\"evo_event_schema\" style=\"display:none\" ><a itemprop='url'  href='https:\/\/www.federacao-triatlo.pt\/ftp2015\/events\/triatlo-longo-de-setubal-2\/'><\/a><span itemprop='name'  >Triatlo Longo de Set\u00fabal<\/span><meta itemprop='image' content='https:\/\/www.federacao-triatlo.pt\/ftp2015\/wp-content\/uploads\/2017\/11\/logo-evento-300x101.png' ><\/meta><meta itemprop='description' content='http:\/\/www.setubaltriathlon.pt\/site\/\r\n\r\nPercursos - Set\u00fabal Triathlon\r\n\r\nRegulamento - Set\u00fabal Triathlon' ><\/meta><meta itemprop='startDate' content='2018-4-8' ><\/meta><meta itemprop='endDate' content='2018-4-8' ><\/meta><meta itemprop='eventStatus' content='on-schedule' ><\/meta>\r\n\t\t\t\t\t\t\t\t\t<item style=\"display:none\" itemprop=\"location\" itemscope itemtype=\"http:\/\/schema.org\/Place\">\r\n\t\t\t\t\t\t\t\t\t\t<span itemprop=\"name\">Set\u00fabal<\/span>\r\n\t\t\t\t\t\t\t\t\t\t<span itemprop=\"address\" itemscope itemtype=\"http:\/\/schema.org\/PostalAddress\">\r\n\t\t\t\t\t\t\t\t\t\t\t<item itemprop=\"streetAddress\">Parque Urbano de Albarquel<\/item>\r\n\t\t\t\t\t\t\t\t\t\t<\/span><\/item><script type=\"application\/ld+json\">{\t\"@context\": \"http:\/\/schema.org\",\r\n\t\t\t\t\t\t\t  \t\"@type\": \"Event\",\r\n\t\t\t\t\t\t\t  \t\"name\": \"Triatlo Longo de Set\u00fabal\",\r\n\t\t\t\t\t\t\t  \t\"startDate\": \"2018-4-8T05-05-30-00\",\r\n\t\t\t\t\t\t\t  \t\"endDate\": \"2018-4-8T17-17-00-00\",\r\n\t\t\t\t\t\t\t  \t\"image\":\"https:\/\/www.federacao-triatlo.pt\/ftp2015\/wp-content\/uploads\/2017\/11\/logo-evento-300x101.png\",\r\n\t\t\t\t\t\t\t  \t\"description\":\"http:\/\/www.setubaltriathlon.pt\/site\/\r\n\r\nPercursos - Set\u00fabal Triathlon\r\n\r\nRegulamento - Set\u00fabal Triathlon\",\r\n\t\t\t\t\t\t\t  \t\"location\":{\r\n\t\t\t\t\t\t\t\t\t\t\"@type\":\"Place\",\r\n\t\t\t\t\t\t\t\t\t\t\"name\":\"Set\u00fabal\",\r\n\t\t\t\t\t\t\t\t\t\t\"address\":\"Parque Urbano de Albarquel\"\r\n\t\t\t\t\t\t\t  \t\t}\r\n\t\t\t\t\t\t\t }\r\n\t\t\t\t\t\t\t<\/script><\/div>\r\n\t\t\t\t<p class=\"desc_trig_outter\"><a data-gmtrig=\"1\" data-exlk=\"0\" style=\"border-color: #0092e0;\" id=\"evc_152316540028098\" class=\"hasFtIMG desc_trig evo_prova-aberta sin_val evcal_list_a\" data-ux_val=\"1\"  ><span class='ev_ftImg' data-img='https:\/\/www.federacao-triatlo.pt\/ftp2015\/wp-content\/uploads\/2017\/11\/logo-evento.png' data-thumb='https:\/\/www.federacao-triatlo.pt\/ftp2015\/wp-content\/uploads\/2017\/11\/logo-evento-300x101.png' style='background-image:url(\"https:\/\/www.federacao-triatlo.pt\/ftp2015\/wp-content\/uploads\/2017\/11\/logo-evento-300x101.png\")'><\/span><span class='evcal_cblock ' data-bgcolor='#0092e0' data-smon='Abril' data-syr='2018'><span class='evo_start '><em class='date'>08<\/em><em class='month'>abr<\/em><em class='time'>5:30<\/em><\/span><span class='evo_end only_time'><em class='time'>17:00<\/em><\/span><em class='clear'><\/em><\/span><span class='evcal_desc evo_info hide_eventtopdata ' data-latlng=\"38\u00b0 30,-8\u00b0 54\"  data-location_address=\"Parque Urbano de Albarquel\" data-location_type=\"lonlat\" data-location_name=\"Set\u00fabal\" data-location_status=\"true\" ><span class='evo_above_title'><\/span><span class='evcal_desc2 evcal_event_title' itemprop='name'>Triatlo Longo de Set\u00fabal<\/span><span class='evo_below_title'><\/span><span class='evcal_desc_info' ><em class=\"evcal_location\" data-latlng=\"38\u00b0 30,-8\u00b0 54\"  data-add_str=\"\"><em class=\"event_location_name\">Set\u00fabal<\/em><\/em><\/span><span class='evcal_desc3'><span class='evcal_event_types ett1'><em><i>Tipo de Evento:<\/i><\/em><em data-filter='event_type'>Prova Aberta<\/em><i class='clear'><\/i><\/span><\/span><\/span><em class='clear'><\/em><\/p><\/a><div class='event_description evcal_eventcard ' style=\"display:none\"><div class='evo_metarow_directimg'><img src='https:\/\/www.federacao-triatlo.pt\/ftp2015\/wp-content\/uploads\/2017\/11\/logo-evento.png' \/><\/div><div class='evo_metarow_details evorow evcal_evdata_row bordb evcal_event_details'>\r\n\t\t\t\t\t\t\t<div class=\"event_excerpt\" style=\"display:none\"><h3 class=\"padb5 evo_h3\">Detalhes do Evento<\/h3><p>http:\/\/www.setubaltriathlon.pt\/site\/\r\n\r\nPercursos - Set\u00fabal Triathlon\r\n\r\nRegulamento - Set\u00fabal Triathlon<\/p><\/div><span class='evcal_evdata_icons'><i class='fa fa-align-justify'><\/i><\/span>\r\n\t\t\t\t\t\t\t\r\n\t\t\t\t\t\t\t<div class='evcal_evdata_cell '><div class='eventon_full_description'>\r\n\t\t\t\t\t\t\t\t\t<h3 class='padb5 evo_h3'><span class='evcal_evdata_icons'><i class='fa fa-align-justify'><\/i><\/span>Detalhes do Evento<\/h3><div class='eventon_desc_in' itemprop='description'>\r\n\t\t\t\t\t\t\t\t\t<p><a href=\"http:\/\/www.setubaltriathlon.pt\/site\/\">http:\/\/www.setubaltriathlon.pt\/site\/<\/a><\/p>\n<p><a href=\"http:\/\/www.setubaltriathlon.pt\/site\/?local=info#\">Percursos &#8211; Set\u00fabal Triathlon<\/a><\/p>\n<p><a href=\"http:\/\/www.setubaltriathlon.pt\/site\/?local=regulations\">Regulamento &#8211; Set\u00fabal Triathlon<\/a><\/p>\n<\/div><div class='clear'><\/div>\r\n\t\t\t\t\t\t\t\t<\/div>\r\n\t\t\t\t\t\t\t<\/div>\r\n\t\t\t\t\t\t<\/div><div class='evo_metarow_gmap evorow evcal_gmaps bordb ' id='evc152316540069f3e02ee9e5e28098_gmap' style='max-width:none'><\/div><div class='evo_metarow_getDr evorow evcal_evdata_row bordb evcal_evrow_sm getdirections'>\r\n\t\t\t\t\t\t<form action='https:\/\/maps.google.com\/maps' method='get' target='_blank'>\r\n\t\t\t\t\t\t<input type='hidden' name='daddr' value='Parque Urbano de Albarquel'\/> \r\n\t\t\t\t\t\t<p><input class='evoInput' type='text' name='saddr' placeholder='Escreva a morada' value=''\/>\r\n\t\t\t\t\t\t<button type='submit' class='evcal_evdata_icons evcalicon_9' title='Clique aqui para obter as dire\u00e7\u00f5es'><i class='fa fa-road'><\/i><\/button>\r\n\t\t\t\t\t\t<\/p><\/form>\r\n\t\t\t\t\t<\/div><div class='evo_metarow_time_location evorow bordb '>\r\n\t\t\t\t\t\t<div class='tb' >\r\n\t\t\t\t\t\t\t<div class='tbrow'>\r\n\t\t\t\t\t\t\t<div class='evcal_col50 bordr'>\r\n\t\t\t\t\t\t\t\t<div class='evcal_evdata_row evo_time'>\r\n\t\t\t\t\t\t\t\t\t<span class='evcal_evdata_icons'><i class='fa fa-clock-o'><\/i><\/span>\r\n\t\t\t\t\t\t\t\t\t<div class='evcal_evdata_cell'>\t\t\t\t\t\t\t\r\n\t\t\t\t\t\t\t\t\t\t<h3 class='evo_h3'><span class='evcal_evdata_icons'><i class='fa fa-clock-o'><\/i><\/span>Hor\u00e1rio<\/h3>\r\n\t\t\t\t\t\t\t\t\t\t<p>(Domingo) 5:30 - 17:00<\/p>\r\n\t\t\t\t\t\t\t\t\t<\/div>\r\n\t\t\t\t\t\t\t\t<\/div>\r\n\t\t\t\t\t\t\t<\/div><div class='evcal_col50'>\r\n\t\t\t\t\t\t\t\t<div class='evcal_evdata_row evo_location'>\r\n\t\t\t\t\t\t\t\t\t<span class='evcal_evdata_icons'><i class='fa fa-map-marker'><\/i><\/span>\r\n\t\t\t\t\t\t\t\t\t<div class='evcal_evdata_cell' data-loc_tax_id='123'>\t\t\t\t\t\t\t\r\n\t\t\t\t\t\t\t\t\t\t<h3 class='evo_h3'><span class='evcal_evdata_icons'><i class='fa fa-map-marker'><\/i><\/span>Localiza\u00e7\u00e3o<\/h3><p class='evo_location_name'>Set\u00fabal<\/p><p>Parque Urbano de Albarquel<\/p>\r\n\t\t\t\t\t\t\t\t\t<\/div>\r\n\t\t\t\t\t\t\t\t<\/div>\r\n\t\t\t\t\t\t\t<\/div><div class='clear'><\/div>\r\n\t\t\t\t\t\t\t<\/div><\/div>\r\n\t\t\t\t\t\t<\/div><div class='evo_metarow_organizer evorow evcal_evdata_row bordb evcal_evrow_sm '>\r\n\t\t\t\t\t\t\t<span class='evcal_evdata_icons'><i class='fa fa-headphones'><\/i><\/span>\r\n\t\t\t\t\t\t\t<div class='evcal_evdata_cell'>\t\t\t\t\t\t\t\r\n\t\t\t\t\t\t\t\t<h3 class='evo_h3'>Evento organizado por<\/h3>\r\n\t\t\t\t\t\t\t\t\r\n\t\t\t\t\t\t\t\t<div class='evo_card_organizer'><p class='evo_data_val evo_card_organizer_name'>\r\n\t\t\t\t\t\t\t\t\t<span class='evo_card_organizer_name_t'>FTP \/ HMS Sports \/ C\u00e2mara Municipal de Set\u00fabal<\/span><span class='evo_card_organizer_contact'>setubaltriathlon.pt.<\/span>\r\n\t\t\t\t\t\t\t\t\t\r\n\t\t\t\t\t\t\t\t\t<\/p><\/div><div class='clear'><\/div>\t\t\t\t\t\t\t\r\n\t\t\t\t\t\t\t<\/div>\r\n\t\t\t\t\t\t<\/div>\t\t\t\t\t\t<div class='evo_metarow_ICS evorow bordb evcal_evdata_row'>\r\n\t\t\t\t\t\t\t<span class=\"evcal_evdata_icons\"><i class=\"fa fa-calendar\"><\/i><\/span>\r\n\t\t\t\t\t\t\t<div class='evcal_evdata_cell'>\r\n\t\t\t\t\t\t\t\t<p><a href='https:\/\/www.federacao-triatlo.pt\/ftp2015\/wp-admin\/admin-ajax.php?action=eventon_ics_download&amp;event_id=28098&amp;sunix=20180408T043000Z&amp;eunix=20180408T160000Z&amp;loca=Parque Urbano de Albarquel&amp;locn=Set\u00fabal' class='evo_ics_nCal' title='Adicionar ao seu calend\u00e1rio'>Calend\u00e1rio<\/a><a href='\/\/www.google.com\/calendar\/event?action=TEMPLATE&amp;text=Triatlo+Longo+de+Set%C3%BAbal&amp;dates=20180408T043000Z\/20180408T160000Z&amp;details=http%3A%2F%2Fwww.setubaltriathlon.pt%2Fsite%2F%0D%0A%0D%0APercursos+-+Set%C3%BAbal+Triathlon%0D%0A%0D%0ARegulamento+-+Set%C3%BAbal+Triathlon&amp;location=Set%C3%BAbal - Parque+Urbano+de+Albarquel' target='_blank' class='evo_ics_gCal' title='Adicionar ao calend\u00e1rio Google'>GoogleCal<\/a><\/p>\t\r\n\t\t\t\t\t\t\t<\/div>\t\t\t\t\t\t<\/div>\r\n\t\t\t\t\t\t<\/div><div class='clear end'><\/div><\/div><div id=\"event_28072\" class=\"eventon_list_event evo_eventtop past_event event\" data-event_id=\"28072\" data-time=\"1523664000-1523750400\" data-colr=\"#0092e0\" itemscope itemtype='http:\/\/schema.org\/Event' 2><div class=\"evo_event_schema\" style=\"display:none\" ><a itemprop='url'  href='https:\/\/www.federacao-triatlo.pt\/ftp2015\/events\/duatlo-de-braga\/'><\/a><span itemprop='name'  >Duatlo de Braga<\/span><meta itemprop='image' content='https:\/\/www.federacao-triatlo.pt\/ftp2015\/wp-content\/uploads\/2017\/11\/CARTAZ-DUATLO-29032018-218x300.png' ><\/meta><meta itemprop='description' content='Regulamento_Duatlo_Braga_14_15_Abr_2018\r\nPercursos Duatlo Braga 14 Abril 2018 Standard\r\nPercursos Duatlo Braga 15 Abril 2018 Super_Sprint\r\n\r\nProcedimento de inscri\u00e7\u00e3o para CNC Estafetas:\r\n\r\nCada clube dever\u00e1 inscrever via plataforma todos os atletas que' ><\/meta><meta itemprop='startDate' content='2018-4-14' ><\/meta><meta itemprop='endDate' content='2018-4-15' ><\/meta><meta itemprop='eventStatus' content='on-schedule' ><\/meta>\r\n\t\t\t\t\t\t\t\t\t<item style=\"display:none\" itemprop=\"location\" itemscope itemtype=\"http:\/\/schema.org\/Place\">\r\n\t\t\t\t\t\t\t\t\t\t<span itemprop=\"name\">Braga<\/span>\r\n\t\t\t\t\t\t\t\t\t\t<span itemprop=\"address\" itemscope itemtype=\"http:\/\/schema.org\/PostalAddress\">\r\n\t\t\t\t\t\t\t\t\t\t\t<item itemprop=\"streetAddress\">Braga<\/item>\r\n\t\t\t\t\t\t\t\t\t\t<\/span><\/item><script type=\"application\/ld+json\">{\t\"@context\": \"http:\/\/schema.org\",\r\n\t\t\t\t\t\t\t  \t\"@type\": \"Event\",\r\n\t\t\t\t\t\t\t  \t\"name\": \"Duatlo de Braga\",\r\n\t\t\t\t\t\t\t  \t\"startDate\": \"2018-4-14T00-00-00-00\",\r\n\t\t\t\t\t\t\t  \t\"endDate\": \"2018-4-15T00-00-00-00\",\r\n\t\t\t\t\t\t\t  \t\"image\":\"https:\/\/www.federacao-triatlo.pt\/ftp2015\/wp-content\/uploads\/2017\/11\/CARTAZ-DUATLO-29032018-218x300.png\",\r\n\t\t\t\t\t\t\t  \t\"description\":\"Regulamento_Duatlo_Braga_14_15_Abr_2018\r\nPercursos Duatlo Braga 14 Abril 2018 Standard\r\nPercursos Duatlo Braga 15 Abril 2018 Super_Sprint\r\n\r\nProcedimento de inscri\u00e7\u00e3o para CNC Estafetas:\r\n\r\nCada clube dever\u00e1 inscrever via plataforma todos os atletas que\",\r\n\t\t\t\t\t\t\t  \t\"location\":{\r\n\t\t\t\t\t\t\t\t\t\t\"@type\":\"Place\",\r\n\t\t\t\t\t\t\t\t\t\t\"name\":\"Braga\",\r\n\t\t\t\t\t\t\t\t\t\t\"address\":\"Braga\"\r\n\t\t\t\t\t\t\t  \t\t}\r\n\t\t\t\t\t\t\t }\r\n\t\t\t\t\t\t\t<\/script><\/div>\r\n\t\t\t\t<p class=\"desc_trig_outter\"><a data-gmtrig=\"1\" data-exlk=\"0\" style=\"border-color: #0092e0;\" id=\"evc_152366400028072\" class=\"hasFtIMG desc_trig evo_camp-nac-clubes-duatlo evo_camp-nac-clubes-duatlo-estafetas evo_campeonato-nacional-grupos-idade-duatlo evo_camp-nac-individual-duatlo-standard evo_prova-aberta mul_val evcal_list_a\" data-ux_val=\"1\"  ><span class='ev_ftImg' data-img='https:\/\/www.federacao-triatlo.pt\/ftp2015\/wp-content\/uploads\/2017\/11\/CARTAZ-DUATLO-29032018.png' data-thumb='https:\/\/www.federacao-triatlo.pt\/ftp2015\/wp-content\/uploads\/2017\/11\/CARTAZ-DUATLO-29032018-218x300.png' style='background-image:url(\"https:\/\/www.federacao-triatlo.pt\/ftp2015\/wp-content\/uploads\/2017\/11\/CARTAZ-DUATLO-29032018-218x300.png\")'><\/span><span class='evcal_cblock ' data-bgcolor='#0092e0' data-smon='Abril' data-syr='2018'><span class='evo_start '><em class='date'>14<\/em><em class='month'>abr<\/em><em class='time'><i t=\"y\">(abr 14)<\/i>0:00<\/em><\/span><span class='evo_end '><em class='date'>15<\/em><em class='time'><i t=\"y\">(abr 15)<\/i>0:00<\/em><\/span><em class='clear'><\/em><\/span><span class='evcal_desc evo_info hide_eventtopdata ' data-latlng=\"41.5454486,-8.426507\"  data-location_address=\"Braga\" data-location_type=\"lonlat\" data-location_name=\"Braga\" data-location_status=\"true\" ><span class='evo_above_title'><\/span><span class='evcal_desc2 evcal_event_title' itemprop='name'>Duatlo de Braga<\/span><span class='evo_below_title'><\/span><span class='evcal_desc_info' ><em class=\"evcal_location\" data-latlng=\"41.5454486,-8.426507\"  data-add_str=\"\"><em class=\"event_location_name\">Braga<\/em><\/em><\/span><span class='evcal_desc3'><span class='evcal_event_types ett1'><em><i>Tipo de Evento:<\/i><\/em><em data-filter='event_type'>Camp. Nac. Clubes Duatlo,<\/em><em data-filter='event_type'>Camp. Nac. Clubes Duatlo Estafetas,<\/em><em data-filter='event_type'>Camp. Nac. Grupos Idade Duatlo,<\/em><em data-filter='event_type'>Camp. Nac. Individual Duatlo Standard,<\/em><em data-filter='event_type'>Prova Aberta<\/em><i class='clear'><\/i><\/span><\/span><\/span><em class='clear'><\/em><\/p><\/a><div class='event_description evcal_eventcard ' style=\"display:none\"><div class='evo_metarow_directimg'><img src='https:\/\/www.federacao-triatlo.pt\/ftp2015\/wp-content\/uploads\/2017\/11\/CARTAZ-DUATLO-29032018.png' \/><\/div><div class='evo_metarow_details evorow evcal_evdata_row bordb evcal_event_details'>\r\n\t\t\t\t\t\t\t<div class=\"event_excerpt\" style=\"display:none\"><h3 class=\"padb5 evo_h3\">Detalhes do Evento<\/h3><p>Regulamento_Duatlo_Braga_14_15_Abr_2018\r\nPercursos Duatlo Braga 14 Abril 2018 Standard\r\nPercursos Duatlo Braga 15 Abril 2018 Super_Sprint\r\n\r\nProcedimento de inscri\u00e7\u00e3o para CNC Estafetas:\r\n\r\nCada clube dever\u00e1 inscrever via plataforma todos os atletas que<\/p><\/div><span class='evcal_evdata_icons'><i class='fa fa-align-justify'><\/i><\/span>\r\n\t\t\t\t\t\t\t\r\n\t\t\t\t\t\t\t<div class='evcal_evdata_cell '><div class='eventon_full_description'>\r\n\t\t\t\t\t\t\t\t\t<h3 class='padb5 evo_h3'><span class='evcal_evdata_icons'><i class='fa fa-align-justify'><\/i><\/span>Detalhes do Evento<\/h3><div class='eventon_desc_in' itemprop='description'>\r\n\t\t\t\t\t\t\t\t\t<p><a href=\"https:\/\/www.federacao-triatlo.pt\/ftp2015\/wp-content\/uploads\/2017\/11\/Regulamento_Duatlo_Braga_14_15_Abr_2018.pdf\">Regulamento_Duatlo_Braga_14_15_Abr_2018<\/a><br \/>\n<a href=\"https:\/\/www.federacao-triatlo.pt\/ftp2015\/wp-content\/uploads\/2017\/11\/Percursos-Duatlo-Braga-14-Abril-2018-Standard.pdf\">Percursos Duatlo Braga 14 Abril 2018 Standard<\/a><br \/>\n<a href=\"https:\/\/www.federacao-triatlo.pt\/ftp2015\/wp-content\/uploads\/2017\/11\/Percursos-Duatlo-Braga-15-Abril-2018-Super_Sprint.pdf\">Percursos Duatlo Braga 15 Abril 2018 Super_Sprint<\/a><\/p>\n<p>Procedimento de inscri\u00e7\u00e3o para CNC Estafetas:<\/p>\n<p>Cada clube dever\u00e1 inscrever via plataforma todos os atletas que deseja que participem na prova de Estafetas.<\/p>\n<p>O valor de inscri\u00e7\u00e3o por equipa \u00e9 de 30\u20ac, pelo que ser\u00e1 cobrado por cada atleta 10\u20ac pela presente plataforma.<\/p>\n<p>Posteriormente, ter\u00e1 de ser preenchido o formul\u00e1rio em baixo, e enviado para inscricoes@federacao-triatlo.pt, at\u00e9 ao dia 09 de Abril.<\/p>\n<p><a href=\"https:\/\/www.federacao-triatlo.pt\/ftp2015\/wp-content\/uploads\/2017\/11\/Ficha-de-Inscri\u00e7\u00e3o-CNC-Estafetas-3-elementos.doc\">Ficha de Inscri\u00e7\u00e3o CNC Estafetas (3 elementos)<\/a><\/p>\n<p>S\u00f3 ser\u00e3o aceites inscri\u00e7\u00f5es de equipas que componham a estafeta completa, mesmo que a inscri\u00e7\u00e3o repartida do atleta individualmente tenha sido feita e paga sem este estar associado a uma equipa completa.<\/p>\n<p><a href=\"https:\/\/www.federacao-triatlo.pt\/ftp2015\/wp-content\/uploads\/2017\/11\/CNCe.pdf\">Lista Inscritos Campeonato Nacional Clubes Estafetas<\/a><\/p>\n<p><a href=\"https:\/\/www.federacao-triatlo.pt\/ftp2015\/wp-content\/uploads\/2017\/11\/Lista-Inscritos-Campeonato-Nacional-Individual.pdf\">Lista Inscritos Campeonato Nacional Individual<\/a><\/p>\n<p><a href=\"https:\/\/www.federacao-triatlo.pt\/ftp2015\/wp-content\/uploads\/2017\/11\/Lista-Inscritos-Prova-Aberta-3.pdf\">Lista Inscritos Prova Aberta<\/a><\/p>\n<p>&nbsp;<\/p>\n<p><a href=\"https:\/\/www.federacao-triatlo.pt\/ftp2015\/wp-content\/uploads\/2016\/12\/Imagem1-4.png\"><img class=\"alignnone wp-image-17647\" src=\"https:\/\/www.federacao-triatlo.pt\/ftp2015\/wp-content\/uploads\/2016\/12\/Imagem1-4-300x145.png\" alt=\"\" width=\"226\" height=\"109\" \/><\/a><\/p>\n<\/div><div class='clear'><\/div>\r\n\t\t\t\t\t\t\t\t<\/div>\r\n\t\t\t\t\t\t\t<\/div>\r\n\t\t\t\t\t\t<\/div><div class='evo_metarow_gmap evorow evcal_gmaps bordb ' id='evc152366400069f3e02eea76428072_gmap' style='max-width:none'><\/div><div class='evo_metarow_getDr evorow evcal_evdata_row bordb evcal_evrow_sm getdirections'>\r\n\t\t\t\t\t\t<form action='https:\/\/maps.google.com\/maps' method='get' target='_blank'>\r\n\t\t\t\t\t\t<input type='hidden' name='daddr' value='Braga'\/> \r\n\t\t\t\t\t\t<p><input class='evoInput' type='text' name='saddr' placeholder='Escreva a morada' value=''\/>\r\n\t\t\t\t\t\t<button type='submit' class='evcal_evdata_icons evcalicon_9' title='Clique aqui para obter as dire\u00e7\u00f5es'><i class='fa fa-road'><\/i><\/button>\r\n\t\t\t\t\t\t<\/p><\/form>\r\n\t\t\t\t\t<\/div><div class='evo_metarow_time_location evorow bordb '>\r\n\t\t\t\t\t\t<div class='tb' >\r\n\t\t\t\t\t\t\t<div class='tbrow'>\r\n\t\t\t\t\t\t\t<div class='evcal_col50 bordr'>\r\n\t\t\t\t\t\t\t\t<div class='evcal_evdata_row evo_time'>\r\n\t\t\t\t\t\t\t\t\t<span class='evcal_evdata_icons'><i class='fa fa-clock-o'><\/i><\/span>\r\n\t\t\t\t\t\t\t\t\t<div class='evcal_evdata_cell'>\t\t\t\t\t\t\t\r\n\t\t\t\t\t\t\t\t\t\t<h3 class='evo_h3'><span class='evcal_evdata_icons'><i class='fa fa-clock-o'><\/i><\/span>Hor\u00e1rio<\/h3>\r\n\t\t\t\t\t\t\t\t\t\t<p>14 (S\u00e1bado) 0:00 - 15 (Domingo) 0:00<\/p>\r\n\t\t\t\t\t\t\t\t\t<\/div>\r\n\t\t\t\t\t\t\t\t<\/div>\r\n\t\t\t\t\t\t\t<\/div><div class='evcal_col50'>\r\n\t\t\t\t\t\t\t\t<div class='evcal_evdata_row evo_location'>\r\n\t\t\t\t\t\t\t\t\t<span class='evcal_evdata_icons'><i class='fa fa-map-marker'><\/i><\/span>\r\n\t\t\t\t\t\t\t\t\t<div class='evcal_evdata_cell' data-loc_tax_id='383'>\t\t\t\t\t\t\t\r\n\t\t\t\t\t\t\t\t\t\t<h3 class='evo_h3'><span class='evcal_evdata_icons'><i class='fa fa-map-marker'><\/i><\/span>Localiza\u00e7\u00e3o<\/h3><p class='evo_location_name'>Braga<\/p><p>Braga<\/p>\r\n\t\t\t\t\t\t\t\t\t<\/div>\r\n\t\t\t\t\t\t\t\t<\/div>\r\n\t\t\t\t\t\t\t<\/div><div class='clear'><\/div>\r\n\t\t\t\t\t\t\t<\/div><\/div>\r\n\t\t\t\t\t\t<\/div><div class='evo_metarow_organizer evorow evcal_evdata_row bordb evcal_evrow_sm '>\r\n\t\t\t\t\t\t\t<span class='evcal_evdata_icons'><i class='fa fa-headphones'><\/i><\/span>\r\n\t\t\t\t\t\t\t<div class='evcal_evdata_cell'>\t\t\t\t\t\t\t\r\n\t\t\t\t\t\t\t\t<h3 class='evo_h3'>Evento organizado por<\/h3>\r\n\t\t\t\t\t\t\t\t\r\n\t\t\t\t\t\t\t\t<div class='evo_card_organizer'><p class='evo_data_val evo_card_organizer_name'>\r\n\t\t\t\t\t\t\t\t\t<span class='evo_card_organizer_name_t'>FTP \/ C\u00e2mara Municipal de Braga \/ Triplagitada Clube de Triatlo<\/span>\r\n\t\t\t\t\t\t\t\t\t\r\n\t\t\t\t\t\t\t\t\t<\/p><\/div><div class='clear'><\/div>\t\t\t\t\t\t\t\r\n\t\t\t\t\t\t\t<\/div>\r\n\t\t\t\t\t\t<\/div>\t\t\t\t\t\t<div class='evo_metarow_ICS evorow bordb evcal_evdata_row'>\r\n\t\t\t\t\t\t\t<span class=\"evcal_evdata_icons\"><i class=\"fa fa-calendar\"><\/i><\/span>\r\n\t\t\t\t\t\t\t<div class='evcal_evdata_cell'>\r\n\t\t\t\t\t\t\t\t<p><a href='https:\/\/www.federacao-triatlo.pt\/ftp2015\/wp-admin\/admin-ajax.php?action=eventon_ics_download&amp;event_id=28072&amp;sunix=20180413T230000Z&amp;eunix=20180414T230000Z&amp;loca=Braga&amp;locn=Braga' class='evo_ics_nCal' title='Adicionar ao seu calend\u00e1rio'>Calend\u00e1rio<\/a><a href='\/\/www.google.com\/calendar\/event?action=TEMPLATE&amp;text=Duatlo+de+Braga&amp;dates=20180413T230000Z\/20180414T230000Z&amp;details=Regulamento_Duatlo_Braga_14_15_Abr_2018%0D%0APercursos+Duatlo+Braga+14+Abril+2018+Standard%0D%0APercursos+Duatlo+Braga+15+Abril+2018+Super_Sprint%0D%0A%0D%0AProcedimento+de+inscri%C3%A7%C3%A3o+para+CNC+Estafetas%3A%0D%0A%0D%0ACada+clube+dever%C3%A1+inscrever+via+plataforma+todos+os+atletas+que&amp;location=Braga - Braga' target='_blank' class='evo_ics_gCal' title='Adicionar ao calend\u00e1rio Google'>GoogleCal<\/a><\/p>\t\r\n\t\t\t\t\t\t\t<\/div>\t\t\t\t\t\t<\/div>\r\n\t\t\t\t\t\t<\/div><div class='clear end'><\/div><\/div><div id=\"event_29853\" class=\"eventon_list_event evo_eventtop past_event event\" data-event_id=\"29853\" data-time=\"1524268801-1524441599\" data-colr=\"#0092e0\" itemscope itemtype='http:\/\/schema.org\/Event' 3><div class=\"evo_event_schema\" style=\"display:none\" ><a itemprop='url'  href='https:\/\/www.federacao-triatlo.pt\/ftp2015\/events\/aquatlo-de-vila-nova-da-barquinha-2018\/'><\/a><span itemprop='name'  >Aquatlo de Vila Nova da Barquinha 2018<\/span><meta itemprop='image' content='https:\/\/www.federacao-triatlo.pt\/ftp2015\/wp-content\/uploads\/2017\/02\/Cartaz-Vila-Nova-da-Barquinha-212x300.jpg' ><\/meta><meta itemprop='description' content='Regulamento II Aquatlo de Vila Nova da Barquinha 2018\r\n\r\nPercursos II Aquatlo Vila Nova Barquinha 2018\r\n\r\nProcedimento de inscri\u00e7\u00e3o para CNC Estafetas:\r\n\r\nCada clube dever\u00e1 inscrever via plataforma todos os atletas' ><\/meta><meta itemprop='startDate' content='2018-4-21' ><\/meta><meta itemprop='endDate' content='2018-4-22' ><\/meta><meta itemprop='eventStatus' content='on-schedule' ><\/meta>\r\n\t\t\t\t\t\t\t\t\t<item style=\"display:none\" itemprop=\"location\" itemscope itemtype=\"http:\/\/schema.org\/Place\">\r\n\t\t\t\t\t\t\t\t\t\t<span itemprop=\"name\">Vila Nova da Barquinha<\/span>\r\n\t\t\t\t\t\t\t\t\t\t<span itemprop=\"address\" itemscope itemtype=\"http:\/\/schema.org\/PostalAddress\">\r\n\t\t\t\t\t\t\t\t\t\t\t<item itemprop=\"streetAddress\">Vila nova da Barquinha<\/item>\r\n\t\t\t\t\t\t\t\t\t\t<\/span><\/item><script type=\"application\/ld+json\">{\t\"@context\": \"http:\/\/schema.org\",\r\n\t\t\t\t\t\t\t  \t\"@type\": \"Event\",\r\n\t\t\t\t\t\t\t  \t\"name\": \"Aquatlo de Vila Nova da Barquinha 2018\",\r\n\t\t\t\t\t\t\t  \t\"startDate\": \"2018-4-21T00-00-00-00\",\r\n\t\t\t\t\t\t\t  \t\"endDate\": \"2018-4-22T23-23-59-00\",\r\n\t\t\t\t\t\t\t  \t\"image\":\"https:\/\/www.federacao-triatlo.pt\/ftp2015\/wp-content\/uploads\/2017\/02\/Cartaz-Vila-Nova-da-Barquinha-212x300.jpg\",\r\n\t\t\t\t\t\t\t  \t\"description\":\"Regulamento II Aquatlo de Vila Nova da Barquinha 2018\r\n\r\nPercursos II Aquatlo Vila Nova Barquinha 2018\r\n\r\nProcedimento de inscri\u00e7\u00e3o para CNC Estafetas:\r\n\r\nCada clube dever\u00e1 inscrever via plataforma todos os atletas\",\r\n\t\t\t\t\t\t\t  \t\"location\":{\r\n\t\t\t\t\t\t\t\t\t\t\"@type\":\"Place\",\r\n\t\t\t\t\t\t\t\t\t\t\"name\":\"Vila Nova da Barquinha\",\r\n\t\t\t\t\t\t\t\t\t\t\"address\":\"Vila nova da Barquinha\"\r\n\t\t\t\t\t\t\t  \t\t}\r\n\t\t\t\t\t\t\t }\r\n\t\t\t\t\t\t\t<\/script><\/div>\r\n\t\t\t\t<p class=\"desc_trig_outter\"><a data-gmtrig=\"1\" data-exlk=\"0\" style=\"border-color: #0092e0;\" id=\"evc_152426880129853\" class=\"hasFtIMG desc_trig evo_camp-nac evo_camp-nac-estafetas evo_camp-nac-clubes-aquatlo evo_camp-nac-cadetes evo_camp-nac-juniores evo_camp-nac-individual-aquatlo evo_prova-aberta mul_val evcal_list_a\" data-ux_val=\"1\"  ><span class='ev_ftImg' data-img='https:\/\/www.federacao-triatlo.pt\/ftp2015\/wp-content\/uploads\/2017\/02\/Cartaz-Vila-Nova-da-Barquinha.jpg' data-thumb='https:\/\/www.federacao-triatlo.pt\/ftp2015\/wp-content\/uploads\/2017\/02\/Cartaz-Vila-Nova-da-Barquinha-212x300.jpg' style='background-image:url(\"https:\/\/www.federacao-triatlo.pt\/ftp2015\/wp-content\/uploads\/2017\/02\/Cartaz-Vila-Nova-da-Barquinha-212x300.jpg\")'><\/span><span class='evcal_cblock ' data-bgcolor='#0092e0' data-smon='Abril' data-syr='2018'><span class='evo_start '><em class='date'>21<\/em><em class='month'>abr<\/em><em class='time'>allday<\/em><\/span><span class='evo_end '><em class='date'>22<\/em><em class='time'>allday<\/em><\/span><em class='clear'><\/em><\/span><span class='evcal_desc evo_info hide_eventtopdata '  data-location_address=\"Vila nova da Barquinha\" data-location_type=\"address\" data-location_name=\"Vila Nova da Barquinha\" data-location_status=\"true\" ><span class='evo_above_title'><\/span><span class='evcal_desc2 evcal_event_title' itemprop='name'>Aquatlo de Vila Nova da Barquinha 2018<\/span><span class='evo_below_title'><\/span><span class='evcal_desc_info' ><em class=\"evcal_location\"  data-add_str=\"\"><em class=\"event_location_name\">Vila Nova da Barquinha<\/em><\/em><\/span><span class='evcal_desc3'><span class='evcal_event_types ett1'><em><i>Tipo de Evento:<\/i><\/em><em data-filter='event_type'>Camp. Nac.,<\/em><em data-filter='event_type'>Camp. Nac. - Estafetas,<\/em><em data-filter='event_type'>Camp. Nac. Clubes Aquatlo,<\/em><em data-filter='event_type'>Camp. Nac. de Cadetes,<\/em><em data-filter='event_type'>Camp. Nac. de Juniores,<\/em><em data-filter='event_type'>Camp. Nac. Individual Aquatlo,<\/em><em data-filter='event_type'>Prova Aberta<\/em><i class='clear'><\/i><\/span><\/span><\/span><em class='clear'><\/em><\/p><\/a><div class='event_description evcal_eventcard ' style=\"display:none\"><div class='evo_metarow_directimg'><img src='https:\/\/www.federacao-triatlo.pt\/ftp2015\/wp-content\/uploads\/2017\/02\/Cartaz-Vila-Nova-da-Barquinha.jpg' \/><\/div><div class='evo_metarow_details evorow evcal_evdata_row bordb evcal_event_details'>\r\n\t\t\t\t\t\t\t<div class=\"event_excerpt\" style=\"display:none\"><h3 class=\"padb5 evo_h3\">Detalhes do Evento<\/h3><p>Regulamento II Aquatlo de Vila Nova da Barquinha 2018\r\n\r\nPercursos II Aquatlo Vila Nova Barquinha 2018\r\n\r\nProcedimento de inscri\u00e7\u00e3o para CNC Estafetas:\r\n\r\nCada clube dever\u00e1 inscrever via plataforma todos os atletas<\/p><\/div><span class='evcal_evdata_icons'><i class='fa fa-align-justify'><\/i><\/span>\r\n\t\t\t\t\t\t\t\r\n\t\t\t\t\t\t\t<div class='evcal_evdata_cell '><div class='eventon_full_description'>\r\n\t\t\t\t\t\t\t\t\t<h3 class='padb5 evo_h3'><span class='evcal_evdata_icons'><i class='fa fa-align-justify'><\/i><\/span>Detalhes do Evento<\/h3><div class='eventon_desc_in' itemprop='description'>\r\n\t\t\t\t\t\t\t\t\t<p><a href=\"https:\/\/www.federacao-triatlo.pt\/ftp2015\/wp-content\/uploads\/2018\/01\/Regulamento-II-Aquatlo-de-Vila-Nova-da-Barquinha-Vers\u00e3o8.pdf\">Regulamento II Aquatlo de Vila Nova da Barquinha 2018<\/a><\/p>\n<p><a href=\"https:\/\/www.federacao-triatlo.pt\/ftp2015\/wp-content\/uploads\/2018\/01\/Percursos-II-Aquatlo-Vila-Nova-Barquinha-2018-Vers\u00e3o3.pdf\">Percursos II Aquatlo Vila Nova Barquinha 2018<\/a><\/p>\n<p>Procedimento de inscri\u00e7\u00e3o para CNC Estafetas:<\/p>\n<p>Cada clube dever\u00e1 inscrever via plataforma todos os atletas que deseja que participem na prova de Estafetas.<\/p>\n<p>O valor de inscri\u00e7\u00e3o por equipa \u00e9 de 30\u20ac, pelo que ser\u00e1 cobrado por cada atleta 10\u20ac pela presente plataforma.<\/p>\n<p>Posteriormente, ter\u00e1 de ser preenchido o formul\u00e1rio em baixo, e enviado para inscricoes@federacao-triatlo.pt, at\u00e9 ao dia 16 de Abril.<\/p>\n<p><a href=\"https:\/\/www.federacao-triatlo.pt\/ftp2015\/wp-content\/uploads\/2018\/01\/Ficha-de-Inscri\u00e7\u00e3o-CNC-Estafetas-3-elementos.doc\">Ficha de Inscri\u00e7\u00e3o CNC Estafetas (3 elementos)<\/a><\/p>\n<p>S\u00f3 ser\u00e3o aceites inscri\u00e7\u00f5es de equipas que componham a estafeta completa, mesmo que a inscri\u00e7\u00e3o repartida do atleta individualmente tenha sido feita e paga sem este estar associado a uma equipa completa.<\/p>\n<p><a href=\"https:\/\/www.federacao-triatlo.pt\/ftp2015\/wp-content\/uploads\/2018\/01\/Lista-Inscritos-Campeonato-Nacional-Clubes-Estafetas.pdf\">Lista Inscritos Campeonato Nacional Clubes Estafetas<\/a><\/p>\n<p><a href=\"https:\/\/www.federacao-triatlo.pt\/ftp2015\/wp-content\/uploads\/2018\/01\/Lista-Inscritos-Campeonato-Nacional-Individual.pdf\">Lista Inscritos Campeonato Nacional Individual<\/a><\/p>\n<p><a href=\"https:\/\/www.federacao-triatlo.pt\/ftp2015\/wp-content\/uploads\/2018\/01\/Lista-Inscritos-Campeonato-Nacional-Paratriatlo.pdf\">Lista Inscritos Campeonato Nacional Paratriatlo<\/a><\/p>\n<p><a href=\"https:\/\/www.federacao-triatlo.pt\/ftp2015\/wp-content\/uploads\/2018\/01\/Lista-Inscritos-Prova-Aberta.pdf\">Lista Inscritos Prova Aberta<\/a><\/p>\n<p>&nbsp;<\/p>\n<\/div><div class='clear'><\/div>\r\n\t\t\t\t\t\t\t\t<\/div>\r\n\t\t\t\t\t\t\t<\/div>\r\n\t\t\t\t\t\t<\/div><div class='evo_metarow_gmap evorow evcal_gmaps bordb ' id='evc152426880169f3e02eeb1ee29853_gmap' style='max-width:none'><\/div><div class='evo_metarow_getDr evorow evcal_evdata_row bordb evcal_evrow_sm getdirections'>\r\n\t\t\t\t\t\t<form action='https:\/\/maps.google.com\/maps' method='get' target='_blank'>\r\n\t\t\t\t\t\t<input type='hidden' name='daddr' value='Vila nova da Barquinha'\/> \r\n\t\t\t\t\t\t<p><input class='evoInput' type='text' name='saddr' placeholder='Escreva a morada' value=''\/>\r\n\t\t\t\t\t\t<button type='submit' class='evcal_evdata_icons evcalicon_9' title='Clique aqui para obter as dire\u00e7\u00f5es'><i class='fa fa-road'><\/i><\/button>\r\n\t\t\t\t\t\t<\/p><\/form>\r\n\t\t\t\t\t<\/div><div class='evo_metarow_time_location evorow bordb '>\r\n\t\t\t\t\t\t<div class='tb' >\r\n\t\t\t\t\t\t\t<div class='tbrow'>\r\n\t\t\t\t\t\t\t<div class='evcal_col50 bordr'>\r\n\t\t\t\t\t\t\t\t<div class='evcal_evdata_row evo_time'>\r\n\t\t\t\t\t\t\t\t\t<span class='evcal_evdata_icons'><i class='fa fa-clock-o'><\/i><\/span>\r\n\t\t\t\t\t\t\t\t\t<div class='evcal_evdata_cell'>\t\t\t\t\t\t\t\r\n\t\t\t\t\t\t\t\t\t\t<h3 class='evo_h3'><span class='evcal_evdata_icons'><i class='fa fa-clock-o'><\/i><\/span>Hor\u00e1rio<\/h3>\r\n\t\t\t\t\t\t\t\t\t\t<p>Abril 21 (S\u00e1bado) - 22 (Domingo)<\/p>\r\n\t\t\t\t\t\t\t\t\t<\/div>\r\n\t\t\t\t\t\t\t\t<\/div>\r\n\t\t\t\t\t\t\t<\/div><div class='evcal_col50'>\r\n\t\t\t\t\t\t\t\t<div class='evcal_evdata_row evo_location'>\r\n\t\t\t\t\t\t\t\t\t<span class='evcal_evdata_icons'><i class='fa fa-map-marker'><\/i><\/span>\r\n\t\t\t\t\t\t\t\t\t<div class='evcal_evdata_cell' data-loc_tax_id='318'>\t\t\t\t\t\t\t\r\n\t\t\t\t\t\t\t\t\t\t<h3 class='evo_h3'><span class='evcal_evdata_icons'><i class='fa fa-map-marker'><\/i><\/span>Localiza\u00e7\u00e3o<\/h3><p class='evo_location_name'>Vila Nova da Barquinha<\/p><p>Vila nova da Barquinha<\/p>\r\n\t\t\t\t\t\t\t\t\t<\/div>\r\n\t\t\t\t\t\t\t\t<\/div>\r\n\t\t\t\t\t\t\t<\/div><div class='clear'><\/div>\r\n\t\t\t\t\t\t\t<\/div><\/div>\r\n\t\t\t\t\t\t<\/div><div class='evo_metarow_organizer evorow evcal_evdata_row bordb evcal_evrow_sm '>\r\n\t\t\t\t\t\t\t<span class='evcal_evdata_icons'><i class='fa fa-headphones'><\/i><\/span>\r\n\t\t\t\t\t\t\t<div class='evcal_evdata_cell'>\t\t\t\t\t\t\t\r\n\t\t\t\t\t\t\t\t<h3 class='evo_h3'>Evento organizado por<\/h3>\r\n\t\t\t\t\t\t\t\t\r\n\t\t\t\t\t\t\t\t<div class='evo_card_organizer'><p class='evo_data_val evo_card_organizer_name'>\r\n\t\t\t\t\t\t\t\t\t<span class='evo_card_organizer_name_t'>FTP \/ C\u00e2mara municipal de Vila Nova da Barquinha \/ Clube de Nata\u00e7\u00e3o de Torres Novas<\/span><span class='evo_card_organizer_contact'>inscricoes@federacao-triatlo.pt<\/span>\r\n\t\t\t\t\t\t\t\t\t\r\n\t\t\t\t\t\t\t\t\t<\/p><\/div><div class='clear'><\/div>\t\t\t\t\t\t\t\r\n\t\t\t\t\t\t\t<\/div>\r\n\t\t\t\t\t\t<\/div>\t\t\t\t\t\t<div class='evo_metarow_ICS evorow bordb evcal_evdata_row'>\r\n\t\t\t\t\t\t\t<span class=\"evcal_evdata_icons\"><i class=\"fa fa-calendar\"><\/i><\/span>\r\n\t\t\t\t\t\t\t<div class='evcal_evdata_cell'>\r\n\t\t\t\t\t\t\t\t<p><a href='https:\/\/www.federacao-triatlo.pt\/ftp2015\/wp-admin\/admin-ajax.php?action=eventon_ics_download&amp;event_id=29853&amp;sunix=20180420T230000Z&amp;eunix=20180422T225900Z&amp;loca=Vila nova da Barquinha&amp;locn=Vila Nova da Barquinha' class='evo_ics_nCal' title='Adicionar ao seu calend\u00e1rio'>Calend\u00e1rio<\/a><a href='\/\/www.google.com\/calendar\/event?action=TEMPLATE&amp;text=Aquatlo+de+Vila+Nova+da+Barquinha+2018&amp;dates=20180420T230000Z\/20180422T225900Z&amp;details=Regulamento+II+Aquatlo+de+Vila+Nova+da+Barquinha+2018%0D%0A%0D%0APercursos+II+Aquatlo+Vila+Nova+Barquinha+2018%0D%0A%0D%0AProcedimento+de+inscri%C3%A7%C3%A3o+para+CNC+Estafetas%3A%0D%0A%0D%0ACada+clube+dever%C3%A1+inscrever+via+plataforma+todos+os+atletas&amp;location=Vila+Nova+da+Barquinha - Vila+nova+da+Barquinha' target='_blank' class='evo_ics_gCal' title='Adicionar ao calend\u00e1rio Google'>GoogleCal<\/a><\/p>\t\r\n\t\t\t\t\t\t\t<\/div>\t\t\t\t\t\t<\/div>\r\n\t\t\t\t\t\t<\/div><div class='clear end'><\/div><\/div><div id=\"event_28185\" class=\"eventon_list_event evo_eventtop past_event event\" data-event_id=\"28185\" data-time=\"1524920400-1524942000\" data-colr=\"#0092e0\" itemscope itemtype='http:\/\/schema.org\/Event' 4><div class=\"evo_event_schema\" style=\"display:none\" ><a itemprop='url'  href='https:\/\/www.federacao-triatlo.pt\/ftp2015\/events\/triatlo-da-amora-copy\/'><\/a><span itemprop='name'  >IV Triatlo Jovem da Amora - Campeonato Nacional Jovem - 3\u00aa etapa<\/span><meta itemprop='image' content='https:\/\/www.federacao-triatlo.pt\/ftp2015\/wp-content\/uploads\/2017\/12\/Cartaz-VI-Triatlo-de-Amora-2018-212x300.jpg' ><\/meta><meta itemprop='description' content='A 6\u00aa edi\u00e7\u00e3o do Triatlo de Amora constitui a 3\u00aa etapa do Campeonato Nacional Jovem de Clubes e de Iniciados e a 1\u00aa de 3 etapas do Campeonato Nacional de' ><\/meta><meta itemprop='startDate' content='2018-4-28' ><\/meta><meta itemprop='endDate' content='2018-4-28' ><\/meta><meta itemprop='eventStatus' content='on-schedule' ><\/meta>\r\n\t\t\t\t\t\t\t\t\t<item style=\"display:none\" itemprop=\"location\" itemscope itemtype=\"http:\/\/schema.org\/Place\">\r\n\t\t\t\t\t\t\t\t\t\t<span itemprop=\"name\">Amora<\/span>\r\n\t\t\t\t\t\t\t\t\t\t<span itemprop=\"address\" itemscope itemtype=\"http:\/\/schema.org\/PostalAddress\">\r\n\t\t\t\t\t\t\t\t\t\t\t<item itemprop=\"streetAddress\"><\/item>\r\n\t\t\t\t\t\t\t\t\t\t<\/span><\/item><script type=\"application\/ld+json\">{\t\"@context\": \"http:\/\/schema.org\",\r\n\t\t\t\t\t\t\t  \t\"@type\": \"Event\",\r\n\t\t\t\t\t\t\t  \t\"name\": \"IV Triatlo Jovem da Amora - Campeonato Nacional Jovem - 3\u00aa etapa\",\r\n\t\t\t\t\t\t\t  \t\"startDate\": \"2018-4-28T13-13-00-00\",\r\n\t\t\t\t\t\t\t  \t\"endDate\": \"2018-4-28T19-19-00-00\",\r\n\t\t\t\t\t\t\t  \t\"image\":\"https:\/\/www.federacao-triatlo.pt\/ftp2015\/wp-content\/uploads\/2017\/12\/Cartaz-VI-Triatlo-de-Amora-2018-212x300.jpg\",\r\n\t\t\t\t\t\t\t  \t\"description\":\"A 6\u00aa edi\u00e7\u00e3o do Triatlo de Amora constitui a 3\u00aa etapa do Campeonato Nacional Jovem de Clubes e de Iniciados e a 1\u00aa de 3 etapas do Campeonato Nacional de\",\r\n\t\t\t\t\t\t\t  \t\r\n\t\t\t\t\t\t\t }\r\n\t\t\t\t\t\t\t<\/script><\/div>\r\n\t\t\t\t<p class=\"desc_trig_outter\"><a data-gmtrig=\"1\" data-exlk=\"0\" style=\"border-color: #0092e0;\" id=\"evc_152492040028185\" class=\"hasFtIMG desc_trig evo_camp-nac-de-juvenis evo_camp-nac-jovem evo_prova-aberta sin_val evcal_list_a\" data-ux_val=\"1\"  ><span class='ev_ftImg' data-img='https:\/\/www.federacao-triatlo.pt\/ftp2015\/wp-content\/uploads\/2017\/12\/Cartaz-VI-Triatlo-de-Amora-2018.jpg' data-thumb='https:\/\/www.federacao-triatlo.pt\/ftp2015\/wp-content\/uploads\/2017\/12\/Cartaz-VI-Triatlo-de-Amora-2018-212x300.jpg' style='background-image:url(\"https:\/\/www.federacao-triatlo.pt\/ftp2015\/wp-content\/uploads\/2017\/12\/Cartaz-VI-Triatlo-de-Amora-2018-212x300.jpg\")'><\/span><span class='evcal_cblock ' data-bgcolor='#0092e0' data-smon='Abril' data-syr='2018'><span class='evo_start '><em class='date'>28<\/em><em class='month'>abr<\/em><em class='time'>13:00<\/em><\/span><span class='evo_end only_time'><em class='time'>19:00<\/em><\/span><em class='clear'><\/em><\/span><span class='evcal_desc evo_info hide_eventtopdata ' data-latlng=\"38\u00b0 37,9\u00b0 6\"  data-location_address=\"\" data-location_type=\"lonlat\" data-location_name=\"Amora\" data-location_status=\"true\" ><span class='evo_above_title'><\/span><span class='evcal_desc2 evcal_event_title' itemprop='name'>IV Triatlo Jovem da Amora - Campeonato Nacional Jovem - 3\u00aa etapa<\/span><span class='evo_below_title'><\/span><span class='evcal_desc_info' ><em class=\"evcal_location\" data-latlng=\"38\u00b0 37,9\u00b0 6\"  data-add_str=\"\"><em class=\"event_location_name\">Amora<\/em><\/em><\/span><span class='evcal_desc3'><span class='evcal_event_types ett1'><em><i>Tipo de Evento:<\/i><\/em><em data-filter='event_type'>Camp. Nac. de Juvenis,<\/em><em data-filter='event_type'>Camp. Nac. Jovem,<\/em><em data-filter='event_type'>Prova Aberta<\/em><i class='clear'><\/i><\/span><\/span><\/span><em class='clear'><\/em><\/p><\/a><div class='event_description evcal_eventcard ' style=\"display:none\"><div class='evo_metarow_directimg'><img src='https:\/\/www.federacao-triatlo.pt\/ftp2015\/wp-content\/uploads\/2017\/12\/Cartaz-VI-Triatlo-de-Amora-2018.jpg' \/><\/div><div class='evo_metarow_details evorow evcal_evdata_row bordb evcal_event_details'>\r\n\t\t\t\t\t\t\t<div class=\"event_excerpt\" style=\"display:none\"><h3 class=\"padb5 evo_h3\">Detalhes do Evento<\/h3><p>A 6\u00aa edi\u00e7\u00e3o do Triatlo de Amora constitui a 3\u00aa etapa do Campeonato Nacional Jovem de Clubes e de Iniciados e a 1\u00aa de 3 etapas do Campeonato Nacional de<\/p><\/div><span class='evcal_evdata_icons'><i class='fa fa-align-justify'><\/i><\/span>\r\n\t\t\t\t\t\t\t\r\n\t\t\t\t\t\t\t<div class='evcal_evdata_cell '><div class='eventon_full_description'>\r\n\t\t\t\t\t\t\t\t\t<h3 class='padb5 evo_h3'><span class='evcal_evdata_icons'><i class='fa fa-align-justify'><\/i><\/span>Detalhes do Evento<\/h3><div class='eventon_desc_in' itemprop='description'>\r\n\t\t\t\t\t\t\t\t\t<p>A 6\u00aa edi\u00e7\u00e3o do Triatlo de Amora constitui a 3\u00aa etapa do Campeonato Nacional Jovem de Clubes e de Iniciados e a 1\u00aa de 3 etapas do Campeonato Nacional de Juvenis de Triatlo.<\/p>\n<p><a href=\"https:\/\/www.federacao-triatlo.pt\/ftp2015\/wp-content\/uploads\/2017\/12\/Regulamento-VI-Triatlo-de-Amora.pdf\">Regulamento VI Triatlo de Amora<\/a><\/p>\n<p><a href=\"https:\/\/www.federacao-triatlo.pt\/ftp2015\/wp-content\/uploads\/2017\/12\/Percursos-VI-Triatlo-Amora_Jovens.pdf\">Percursos VI Triatlo Amora_Jovens<\/a><\/p>\n<p><a href=\"https:\/\/www.federacao-triatlo.pt\/ftp2015\/wp-content\/uploads\/2017\/12\/Percursos-VI-Triatlo-Amora_Super-Sprint.pdf\">Percursos VI Triatlo Amora_Super Sprint<\/a><\/p>\n<p><a href=\"https:\/\/www.federacao-triatlo.pt\/ftp2015\/wp-content\/uploads\/2017\/12\/Lista-Inscritos-Campeonato-Nacional-Jovem.pdf\">Lista Inscritos Campeonato Nacional Jovem<\/a><\/p>\n<p><a href=\"https:\/\/www.federacao-triatlo.pt\/ftp2015\/wp-content\/uploads\/2017\/12\/Lista-Inscritos-Prova-Aberta.pdf\">Lista Inscritos Prova Aberta<\/a><\/p>\n<\/div><div class='clear'><\/div>\r\n\t\t\t\t\t\t\t\t<\/div>\r\n\t\t\t\t\t\t\t<\/div>\r\n\t\t\t\t\t\t<\/div><div class='evo_metarow_gmap evorow evcal_gmaps bordb ' id='evc152492040069f3e02eebcbc28185_gmap' style='max-width:none'><\/div><div class='evo_metarow_getDr evorow evcal_evdata_row bordb evcal_evrow_sm getdirections'>\r\n\t\t\t\t\t\t<form action='https:\/\/maps.google.com\/maps' method='get' target='_blank'>\r\n\t\t\t\t\t\t<input type='hidden' name='daddr' value='38\u00b0 37,9\u00b0 6'\/> \r\n\t\t\t\t\t\t<p><input class='evoInput' type='text' name='saddr' placeholder='Escreva a morada' value=''\/>\r\n\t\t\t\t\t\t<button type='submit' class='evcal_evdata_icons evcalicon_9' title='Clique aqui para obter as dire\u00e7\u00f5es'><i class='fa fa-road'><\/i><\/button>\r\n\t\t\t\t\t\t<\/p><\/form>\r\n\t\t\t\t\t<\/div><div class='evo_metarow_time_location evorow bordb '>\r\n\t\t\t\t\t\t<div class='tb' >\r\n\t\t\t\t\t\t\t<div class='tbrow'>\r\n\t\t\t\t\t\t\t<div class='evcal_col50 bordr'>\r\n\t\t\t\t\t\t\t\t<div class='evcal_evdata_row evo_time'>\r\n\t\t\t\t\t\t\t\t\t<span class='evcal_evdata_icons'><i class='fa fa-clock-o'><\/i><\/span>\r\n\t\t\t\t\t\t\t\t\t<div class='evcal_evdata_cell'>\t\t\t\t\t\t\t\r\n\t\t\t\t\t\t\t\t\t\t<h3 class='evo_h3'><span class='evcal_evdata_icons'><i class='fa fa-clock-o'><\/i><\/span>Hor\u00e1rio<\/h3>\r\n\t\t\t\t\t\t\t\t\t\t<p>(S\u00e1bado) 13:00 - 19:00<\/p>\r\n\t\t\t\t\t\t\t\t\t<\/div>\r\n\t\t\t\t\t\t\t\t<\/div>\r\n\t\t\t\t\t\t\t<\/div><div class='evcal_col50'>\r\n\t\t\t\t\t\t\t\t<div class='evcal_evdata_row evo_location'>\r\n\t\t\t\t\t\t\t\t\t<span class='evcal_evdata_icons'><i class='fa fa-map-marker'><\/i><\/span>\r\n\t\t\t\t\t\t\t\t\t<div class='evcal_evdata_cell' data-loc_tax_id='108'>\t\t\t\t\t\t\t\r\n\t\t\t\t\t\t\t\t\t\t<h3 class='evo_h3'><span class='evcal_evdata_icons'><i class='fa fa-map-marker'><\/i><\/span>Localiza\u00e7\u00e3o<\/h3><p class='evo_location_name'>Amora<\/p><p><\/p>\r\n\t\t\t\t\t\t\t\t\t<\/div>\r\n\t\t\t\t\t\t\t\t<\/div>\r\n\t\t\t\t\t\t\t<\/div><div class='clear'><\/div>\r\n\t\t\t\t\t\t\t<\/div><\/div>\r\n\t\t\t\t\t\t<\/div><div class='evo_metarow_organizer evorow evcal_evdata_row bordb evcal_evrow_sm '>\r\n\t\t\t\t\t\t\t<span class='evcal_evdata_icons'><i class='fa fa-headphones'><\/i><\/span>\r\n\t\t\t\t\t\t\t<div class='evcal_evdata_cell'>\t\t\t\t\t\t\t\r\n\t\t\t\t\t\t\t\t<h3 class='evo_h3'>Evento organizado por<\/h3>\r\n\t\t\t\t\t\t\t\t\r\n\t\t\t\t\t\t\t\t<div class='evo_card_organizer'><p class='evo_data_val evo_card_organizer_name'>\r\n\t\t\t\t\t\t\t\t\t<span class='evo_card_organizer_name_t'>FTP \/ Associa\u00e7\u00e3o Naval Amorense \/ Junta de Freguesia Amora<\/span><span class='evo_card_organizer_contact'>inscricoes@federacao-triatlo.pt<\/span>\r\n\t\t\t\t\t\t\t\t\t\r\n\t\t\t\t\t\t\t\t\t<\/p><\/div><div class='clear'><\/div>\t\t\t\t\t\t\t\r\n\t\t\t\t\t\t\t<\/div>\r\n\t\t\t\t\t\t<\/div>\t\t\t\t\t\t<div class='evo_metarow_ICS evorow bordb evcal_evdata_row'>\r\n\t\t\t\t\t\t\t<span class=\"evcal_evdata_icons\"><i class=\"fa fa-calendar\"><\/i><\/span>\r\n\t\t\t\t\t\t\t<div class='evcal_evdata_cell'>\r\n\t\t\t\t\t\t\t\t<p><a href='https:\/\/www.federacao-triatlo.pt\/ftp2015\/wp-admin\/admin-ajax.php?action=eventon_ics_download&amp;event_id=28185&amp;sunix=20180428T120000Z&amp;eunix=20180428T180000Z&amp;loca=&amp;locn=Amora' class='evo_ics_nCal' title='Adicionar ao seu calend\u00e1rio'>Calend\u00e1rio<\/a><a href='\/\/www.google.com\/calendar\/event?action=TEMPLATE&amp;text=IV+Triatlo+Jovem+da+Amora+-+Campeonato+Nacional+Jovem+-+3%C2%AA+etapa&amp;dates=20180428T120000Z\/20180428T180000Z&amp;details=A+6%C2%AA+edi%C3%A7%C3%A3o+do+Triatlo+de+Amora+constitui+a+3%C2%AA+etapa+do+Campeonato+Nacional+Jovem+de+Clubes+e+de+Iniciados+e+a+1%C2%AA+de+3+etapas+do+Campeonato+Nacional+de&amp;location=Amora - ' target='_blank' class='evo_ics_gCal' title='Adicionar ao calend\u00e1rio Google'>GoogleCal<\/a><\/p>\t\r\n\t\t\t\t\t\t\t<\/div>\t\t\t\t\t\t<\/div>\r\n\t\t\t\t\t\t<\/div><div class='clear end'><\/div><\/div><div id=\"event_29852\" class=\"eventon_list_event evo_eventtop past_event event\" data-event_id=\"29852\" data-time=\"1524960001-1525046399\" data-colr=\"#0092e0\" itemscope itemtype='http:\/\/schema.org\/Event' 5><div class=\"evo_event_schema\" style=\"display:none\" ><a itemprop='url'  href='https:\/\/www.federacao-triatlo.pt\/ftp2015\/events\/triatlo-de-lagoa\/'><\/a><span itemprop='name'  >Triatlo de Lagoa<\/span><meta itemprop='image'  ><\/meta><meta itemprop='description' content='Percursos I Triatlo de Lagoa\r\n\r\nRegulamento I Triatlo de Lagoa\r\n\r\nRestaurantes e Alojamento Recomendados\r\n\r\nLista Inscritos Camp. Nac. Clubes' ><\/meta><meta itemprop='startDate' content='2018-4-29' ><\/meta><meta itemprop='endDate' content='2018-4-29' ><\/meta><meta itemprop='eventStatus' content='on-schedule' ><\/meta><script type=\"application\/ld+json\">{\t\"@context\": \"http:\/\/schema.org\",\r\n\t\t\t\t\t\t\t  \t\"@type\": \"Event\",\r\n\t\t\t\t\t\t\t  \t\"name\": \"Triatlo de Lagoa\",\r\n\t\t\t\t\t\t\t  \t\"startDate\": \"2018-4-29T00-00-00-00\",\r\n\t\t\t\t\t\t\t  \t\"endDate\": \"2018-4-29T23-23-59-00\",\r\n\t\t\t\t\t\t\t  \t\"image\":,\r\n\t\t\t\t\t\t\t  \t\"description\":\"Percursos I Triatlo de Lagoa\r\n\r\nRegulamento I Triatlo de Lagoa\r\n\r\nRestaurantes e Alojamento Recomendados\r\n\r\nLista Inscritos Camp. Nac. Clubes\",\r\n\t\t\t\t\t\t\t  \t\r\n\t\t\t\t\t\t\t }\r\n\t\t\t\t\t\t\t<\/script><\/div>\r\n\t\t\t\t<p class=\"desc_trig_outter\"><a data-gmap_status=\"null\" data-exlk=\"0\" style=\"border-color: #0092e0;\" id=\"evc_152496000129852\" class=\"desc_trig evo_camp-nac-de-clubes sin_val evcal_list_a\" data-ux_val=\"1\"  ><span class='evcal_cblock ' data-bgcolor='#0092e0' data-smon='Abril' data-syr='2018'><span class='evo_start '><em class='date'>29<\/em><em class='month'>abr<\/em><em class='time'>allday<\/em><\/span><span class='evo_end only_time'><em class='time'>allday<\/em><\/span><em class='clear'><\/em><\/span><span class='evcal_desc evo_info hide_eventtopdata '  data-location_status=\"false\" ><span class='evo_above_title'><\/span><span class='evcal_desc2 evcal_event_title' itemprop='name'>Triatlo de Lagoa<\/span><span class='evo_below_title'><\/span><span class='evcal_desc_info' ><\/span><span class='evcal_desc3'><span class='evcal_event_types ett1'><em><i>Tipo de Evento:<\/i><\/em><em data-filter='event_type'>Camp. Nac. de Clubes<\/em><i class='clear'><\/i><\/span><\/span><\/span><em class='clear'><\/em><\/p><\/a><div class='event_description evcal_eventcard ' style=\"display:none\"><div class='evo_metarow_details evorow evcal_evdata_row bordb evcal_event_details'>\r\n\t\t\t\t\t\t\t<div class=\"event_excerpt\" style=\"display:none\"><h3 class=\"padb5 evo_h3\">Detalhes do Evento<\/h3><p>Percursos I Triatlo de Lagoa\r\n\r\nRegulamento I Triatlo de Lagoa\r\n\r\nRestaurantes e Alojamento Recomendados\r\n\r\nLista Inscritos Camp. Nac. Clubes<\/p><\/div><span class='evcal_evdata_icons'><i class='fa fa-align-justify'><\/i><\/span>\r\n\t\t\t\t\t\t\t\r\n\t\t\t\t\t\t\t<div class='evcal_evdata_cell '><div class='eventon_full_description'>\r\n\t\t\t\t\t\t\t\t\t<h3 class='padb5 evo_h3'><span class='evcal_evdata_icons'><i class='fa fa-align-justify'><\/i><\/span>Detalhes do Evento<\/h3><div class='eventon_desc_in' itemprop='description'>\r\n\t\t\t\t\t\t\t\t\t<p><a href=\"https:\/\/www.federacao-triatlo.pt\/ftp2015\/wp-content\/uploads\/2018\/01\/percursos-Lagoa.pdf\" target=\"_blank\" rel=\"noopener\">Percursos I Triatlo de Lagoa<\/a><\/p>\n<p><a href=\"https:\/\/www.federacao-triatlo.pt\/ftp2015\/wp-content\/uploads\/2018\/01\/Regulamento_I_Triatlo_Lagoa-1.pdf\" target=\"_blank\" rel=\"noopener\">Regulamento I Triatlo de Lagoa<\/a><\/p>\n<p><a href=\"https:\/\/www.federacao-triatlo.pt\/ftp2015\/wp-content\/uploads\/2018\/01\/Restaurantes.pdf\" target=\"_blank\" rel=\"noopener\">Restaurantes e Alojamento Recomendados<\/a><\/p>\n<p><a href=\"https:\/\/www.federacao-triatlo.pt\/ftp2015\/wp-content\/uploads\/2018\/01\/Lista-Inscritos-Camp.-Nac.-Clubes.pdf\">Lista Inscritos Camp. Nac. Clubes<\/a><\/p>\n<\/div><div class='clear'><\/div>\r\n\t\t\t\t\t\t\t\t<\/div>\r\n\t\t\t\t\t\t\t<\/div>\r\n\t\t\t\t\t\t<\/div><div class='evo_metarow_time evorow evcal_evdata_row bordb evcal_evrow_sm '>\r\n\t\t\t\t\t\t\t<span class='evcal_evdata_icons'><i class='fa fa-clock-o'><\/i><\/span>\r\n\t\t\t\t\t\t\t<div class='evcal_evdata_cell'>\t\t\t\t\t\t\t\r\n\t\t\t\t\t\t\t\t<h3 class='evo_h3'><span class='evcal_evdata_icons'><i class='fa fa-clock-o'><\/i><\/span>Hor\u00e1rio<\/h3><p>Todo o dia (Domingo)<\/p>\r\n\t\t\t\t\t\t\t<\/div>\r\n\t\t\t\t\t\t<\/div>\t\t\t\t\t\t<div class='evo_metarow_ICS evorow bordb evcal_evdata_row'>\r\n\t\t\t\t\t\t\t<span class=\"evcal_evdata_icons\"><i class=\"fa fa-calendar\"><\/i><\/span>\r\n\t\t\t\t\t\t\t<div class='evcal_evdata_cell'>\r\n\t\t\t\t\t\t\t\t<p><a href='https:\/\/www.federacao-triatlo.pt\/ftp2015\/wp-admin\/admin-ajax.php?action=eventon_ics_download&amp;event_id=29852&amp;sunix=20180428T230000Z&amp;eunix=20180429T225900Z&amp;loca=&amp;locn=' class='evo_ics_nCal' title='Adicionar ao seu calend\u00e1rio'>Calend\u00e1rio<\/a><a href='\/\/www.google.com\/calendar\/event?action=TEMPLATE&amp;text=Triatlo+de+Lagoa&amp;dates=20180428T230000Z\/20180429T225900Z&amp;details=Percursos+I+Triatlo+de+Lagoa%0D%0A%0D%0ARegulamento+I+Triatlo+de+Lagoa%0D%0A%0D%0ARestaurantes+e+Alojamento+Recomendados%0D%0A%0D%0ALista+Inscritos+Camp.+Nac.+Clubes&amp;location= - ' target='_blank' class='evo_ics_gCal' title='Adicionar ao calend\u00e1rio Google'>GoogleCal<\/a><\/p>\t\r\n\t\t\t\t\t\t\t<\/div>\t\t\t\t\t\t<\/div>\r\n\t\t\t\t\t\t<\/div><div class='clear end'><\/div><\/div><\/div><div class='clear'><\/div><\/div><!-- ajde_evcal_calendar-->\n<div id='evcal_calendar_708' class='ajde_evcal_calendar  ul' ><div class='evo-data' data-cyear=\"2018\" data-cmonth=\"5\" data-runajax=\"1\" data-evc_open=\"0\" data-cal_ver=\"2.6\" data-mapscroll=\"true\" data-mapformat=\"roadmap\" data-mapzoom=\"14\" data-mapiconurl=\"\" data-ev_cnt=\"0\" data-show_limit=\"no\" data-tiles=\"no\" data-sort_by=\"sort_date\" data-filters_on=\"true\" data-range_start=\"0\" data-range_end=\"0\" data-send_unix=\"0\" data-ux_val=\"0\" data-accord=\"0\" data-rtl=\"no\"  ><\/div><div id='evcal_head' class='calendar_header ' ><div class='evo_cal_above'><span class='evo-gototoday-btn' style='display:none' data-mo='5' data-yr='2018' data-dy=''>Dia de Hoje<\/span><\/div><div class='evo_cal_above_content'><\/div><div class='cal_arguments' style='display:none' data-hide_past=\"no\" data-show_et_ft_img=\"yes\" data-event_order=\"ASC\" data-ft_event_priority=\"no\" data-lang=\"L1\" data-month_incre=\"0\" data-only_ft=\"no\" data-evc_open=\"no\" data-show_limit=\"no\" data-etc_override=\"no\" data-show_limit_redir=\"0\" data-tiles=\"no\" data-tile_height=\"0\" data-tile_bg=\"0\" data-tile_count=\"2\" data-tile_style=\"0\" data-s=\"\" data-members_only=\"no\" data-ux_val=\"0\" data-show_limit_ajax=\"no\" data-show_limit_paged=\"1\" ><\/div><div class='clear'><\/div><\/div><div class='evcal_month_line'><p>Maio 2018<\/p><\/div><div id='evcal_list' class='eventon_events_list '><div id=\"event_28186\" class=\"eventon_list_event evo_eventtop past_event event\" data-event_id=\"28186\" data-time=\"1525564800-1525564800\" data-colr=\"#0092e0\" itemscope itemtype='http:\/\/schema.org\/Event' 1><div class=\"evo_event_schema\" style=\"display:none\" ><a itemprop='url'  href='https:\/\/www.federacao-triatlo.pt\/ftp2015\/events\/viii-duatlo-de-famalicao\/'><\/a><span itemprop='name'  >VIII Duatlo de Famalic\u00e3o<\/span><meta itemprop='image' content='https:\/\/www.federacao-triatlo.pt\/ftp2015\/wp-content\/uploads\/2017\/12\/Cartaz-Duatlo-Famalicao-212x300.jpg' ><\/meta><meta itemprop='description' content='Percursos VIII Duatlo de Famalic\u00e3o\r\n\r\nRegulamento VIII Duatlo de Famalic\u00e3o\r\n\r\nLista Inscritos Campeonato Nacional Individual\r\n\r\nLista Inscritos Campeonato Nacional Paratriatlo\r\n\r\nLista Inscritos Prova Aberta' ><\/meta><meta itemprop='startDate' content='2018-5-6' ><\/meta><meta itemprop='endDate' content='2018-5-6' ><\/meta><meta itemprop='eventStatus' content='on-schedule' ><\/meta>\r\n\t\t\t\t\t\t\t\t\t<item style=\"display:none\" itemprop=\"location\" itemscope itemtype=\"http:\/\/schema.org\/Place\">\r\n\t\t\t\t\t\t\t\t\t\t<span itemprop=\"name\">Famalic\u00e3o<\/span>\r\n\t\t\t\t\t\t\t\t\t\t<span itemprop=\"address\" itemscope itemtype=\"http:\/\/schema.org\/PostalAddress\">\r\n\t\t\t\t\t\t\t\t\t\t\t<item itemprop=\"streetAddress\">Famalic\u00e3o<\/item>\r\n\t\t\t\t\t\t\t\t\t\t<\/span><\/item><script type=\"application\/ld+json\">{\t\"@context\": \"http:\/\/schema.org\",\r\n\t\t\t\t\t\t\t  \t\"@type\": \"Event\",\r\n\t\t\t\t\t\t\t  \t\"name\": \"VIII Duatlo de Famalic\u00e3o\",\r\n\t\t\t\t\t\t\t  \t\"startDate\": \"2018-5-6T00-00-00-00\",\r\n\t\t\t\t\t\t\t  \t\"endDate\": \"2018-5-6T00-00-00-00\",\r\n\t\t\t\t\t\t\t  \t\"image\":\"https:\/\/www.federacao-triatlo.pt\/ftp2015\/wp-content\/uploads\/2017\/12\/Cartaz-Duatlo-Famalicao-212x300.jpg\",\r\n\t\t\t\t\t\t\t  \t\"description\":\"Percursos VIII Duatlo de Famalic\u00e3o\r\n\r\nRegulamento VIII Duatlo de Famalic\u00e3o\r\n\r\nLista Inscritos Campeonato Nacional Individual\r\n\r\nLista Inscritos Campeonato Nacional Paratriatlo\r\n\r\nLista Inscritos Prova Aberta\",\r\n\t\t\t\t\t\t\t  \t\"location\":{\r\n\t\t\t\t\t\t\t\t\t\t\"@type\":\"Place\",\r\n\t\t\t\t\t\t\t\t\t\t\"name\":\"Famalic\u00e3o\",\r\n\t\t\t\t\t\t\t\t\t\t\"address\":\"Famalic\u00e3o\"\r\n\t\t\t\t\t\t\t  \t\t}\r\n\t\t\t\t\t\t\t }\r\n\t\t\t\t\t\t\t<\/script><\/div>\r\n\t\t\t\t<p class=\"desc_trig_outter\"><a data-gmtrig=\"1\" data-exlk=\"0\" style=\"border-color: #0092e0;\" id=\"evc_152556480028186\" class=\"hasFtIMG desc_trig evo_campeonato-nacional-grupos-idade-duatlo evo_camp-nac-individual-duatlo-cross evo_prova-aberta sin_val evcal_list_a\" data-ux_val=\"1\"  ><span class='ev_ftImg' data-img='https:\/\/www.federacao-triatlo.pt\/ftp2015\/wp-content\/uploads\/2017\/12\/Cartaz-Duatlo-Famalicao.jpg' data-thumb='https:\/\/www.federacao-triatlo.pt\/ftp2015\/wp-content\/uploads\/2017\/12\/Cartaz-Duatlo-Famalicao-212x300.jpg' style='background-image:url(\"https:\/\/www.federacao-triatlo.pt\/ftp2015\/wp-content\/uploads\/2017\/12\/Cartaz-Duatlo-Famalicao-212x300.jpg\")'><\/span><span class='evcal_cblock ' data-bgcolor='#0092e0' data-smon='Maio' data-syr='2018'><span class='evo_start '><em class='date'>06<\/em><em class='month'>mai<\/em><em class='time'>0:00<\/em><\/span><span class='evo_end only_time'><em class='time'>0:00<\/em><\/span><em class='clear'><\/em><\/span><span class='evcal_desc evo_info hide_eventtopdata ' data-latlng=\"41\u00b0 24,-8\u00b0 30\"  data-location_address=\"Famalic\u00e3o\" data-location_type=\"lonlat\" data-location_name=\"Famalic\u00e3o\" data-location_status=\"true\" ><span class='evo_above_title'><\/span><span class='evcal_desc2 evcal_event_title' itemprop='name'>VIII Duatlo de Famalic\u00e3o<\/span><span class='evo_below_title'><\/span><span class='evcal_desc_info' ><em class=\"evcal_location\" data-latlng=\"41\u00b0 24,-8\u00b0 30\"  data-add_str=\"\"><em class=\"event_location_name\">Famalic\u00e3o<\/em><\/em><\/span><span class='evcal_desc3'><span class='evcal_event_types ett1'><em><i>Tipo de Evento:<\/i><\/em><em data-filter='event_type'>Camp. Nac. Grupos Idade Duatlo,<\/em><em data-filter='event_type'>Camp. Nac. Individual Duatlo Cross,<\/em><em data-filter='event_type'>Prova Aberta<\/em><i class='clear'><\/i><\/span><\/span><\/span><em class='clear'><\/em><\/p><\/a><div class='event_description evcal_eventcard ' style=\"display:none\"><div class='evo_metarow_directimg'><img src='https:\/\/www.federacao-triatlo.pt\/ftp2015\/wp-content\/uploads\/2017\/12\/Cartaz-Duatlo-Famalicao.jpg' \/><\/div><div class='evo_metarow_details evorow evcal_evdata_row bordb evcal_event_details'>\r\n\t\t\t\t\t\t\t<div class=\"event_excerpt\" style=\"display:none\"><h3 class=\"padb5 evo_h3\">Detalhes do Evento<\/h3><p>Percursos VIII Duatlo de Famalic\u00e3o\r\n\r\nRegulamento VIII Duatlo de Famalic\u00e3o\r\n\r\nLista Inscritos Campeonato Nacional Individual\r\n\r\nLista Inscritos Campeonato Nacional Paratriatlo\r\n\r\nLista Inscritos Prova Aberta<\/p><\/div><span class='evcal_evdata_icons'><i class='fa fa-align-justify'><\/i><\/span>\r\n\t\t\t\t\t\t\t\r\n\t\t\t\t\t\t\t<div class='evcal_evdata_cell '><div class='eventon_full_description'>\r\n\t\t\t\t\t\t\t\t\t<h3 class='padb5 evo_h3'><span class='evcal_evdata_icons'><i class='fa fa-align-justify'><\/i><\/span>Detalhes do Evento<\/h3><div class='eventon_desc_in' itemprop='description'>\r\n\t\t\t\t\t\t\t\t\t<p><a href=\"https:\/\/www.federacao-triatlo.pt\/ftp2015\/wp-content\/uploads\/2017\/12\/percursos.pdf\">Percursos VIII Duatlo de Famalic\u00e3o<\/a><\/p>\n<p><a href=\"https:\/\/www.federacao-triatlo.pt\/ftp2015\/wp-content\/uploads\/2017\/12\/Regulamento.pdf\">Regulamento VIII Duatlo de Famalic\u00e3o<\/a><\/p>\n<p><a href=\"https:\/\/www.federacao-triatlo.pt\/ftp2015\/wp-content\/uploads\/2017\/12\/Lista-Inscritos-Campeonato-Nacional-Individual.pdf\">Lista Inscritos Campeonato Nacional Individual<\/a><\/p>\n<p><a href=\"https:\/\/www.federacao-triatlo.pt\/ftp2015\/wp-content\/uploads\/2017\/12\/Lista-Inscritos-Campeonato-Nacional-Paratriatlo.pdf\">Lista Inscritos Campeonato Nacional Paratriatlo<\/a><\/p>\n<p><a href=\"https:\/\/www.federacao-triatlo.pt\/ftp2015\/wp-content\/uploads\/2017\/12\/Lista-Inscritos-Prova-Aberta-1.pdf\">Lista Inscritos Prova Aberta<\/a><\/p>\n<\/div><div class='clear'><\/div>\r\n\t\t\t\t\t\t\t\t<\/div>\r\n\t\t\t\t\t\t\t<\/div>\r\n\t\t\t\t\t\t<\/div><div class='evo_metarow_gmap evorow evcal_gmaps bordb ' id='evc152556480069f3e02eeed8328186_gmap' style='max-width:none'><\/div><div class='evo_metarow_getDr evorow evcal_evdata_row bordb evcal_evrow_sm getdirections'>\r\n\t\t\t\t\t\t<form action='https:\/\/maps.google.com\/maps' method='get' target='_blank'>\r\n\t\t\t\t\t\t<input type='hidden' name='daddr' value='Famalic\u00e3o'\/> \r\n\t\t\t\t\t\t<p><input class='evoInput' type='text' name='saddr' placeholder='Escreva a morada' value=''\/>\r\n\t\t\t\t\t\t<button type='submit' class='evcal_evdata_icons evcalicon_9' title='Clique aqui para obter as dire\u00e7\u00f5es'><i class='fa fa-road'><\/i><\/button>\r\n\t\t\t\t\t\t<\/p><\/form>\r\n\t\t\t\t\t<\/div><div class='evo_metarow_time_location evorow bordb '>\r\n\t\t\t\t\t\t<div class='tb' >\r\n\t\t\t\t\t\t\t<div class='tbrow'>\r\n\t\t\t\t\t\t\t<div class='evcal_col50 bordr'>\r\n\t\t\t\t\t\t\t\t<div class='evcal_evdata_row evo_time'>\r\n\t\t\t\t\t\t\t\t\t<span class='evcal_evdata_icons'><i class='fa fa-clock-o'><\/i><\/span>\r\n\t\t\t\t\t\t\t\t\t<div class='evcal_evdata_cell'>\t\t\t\t\t\t\t\r\n\t\t\t\t\t\t\t\t\t\t<h3 class='evo_h3'><span class='evcal_evdata_icons'><i class='fa fa-clock-o'><\/i><\/span>Hor\u00e1rio<\/h3>\r\n\t\t\t\t\t\t\t\t\t\t<p>(Domingo) 0:00 - 0:00<\/p>\r\n\t\t\t\t\t\t\t\t\t<\/div>\r\n\t\t\t\t\t\t\t\t<\/div>\r\n\t\t\t\t\t\t\t<\/div><div class='evcal_col50'>\r\n\t\t\t\t\t\t\t\t<div class='evcal_evdata_row evo_location'>\r\n\t\t\t\t\t\t\t\t\t<span class='evcal_evdata_icons'><i class='fa fa-map-marker'><\/i><\/span>\r\n\t\t\t\t\t\t\t\t\t<div class='evcal_evdata_cell' data-loc_tax_id='118'>\t\t\t\t\t\t\t\r\n\t\t\t\t\t\t\t\t\t\t<h3 class='evo_h3'><span class='evcal_evdata_icons'><i class='fa fa-map-marker'><\/i><\/span>Localiza\u00e7\u00e3o<\/h3><p class='evo_location_name'>Famalic\u00e3o<\/p><p>Famalic\u00e3o<\/p>\r\n\t\t\t\t\t\t\t\t\t<\/div>\r\n\t\t\t\t\t\t\t\t<\/div>\r\n\t\t\t\t\t\t\t<\/div><div class='clear'><\/div>\r\n\t\t\t\t\t\t\t<\/div><\/div>\r\n\t\t\t\t\t\t<\/div><div class='evo_metarow_organizer evorow evcal_evdata_row bordb evcal_evrow_sm '>\r\n\t\t\t\t\t\t\t<span class='evcal_evdata_icons'><i class='fa fa-headphones'><\/i><\/span>\r\n\t\t\t\t\t\t\t<div class='evcal_evdata_cell'>\t\t\t\t\t\t\t\r\n\t\t\t\t\t\t\t\t<h3 class='evo_h3'>Evento organizado por<\/h3>\r\n\t\t\t\t\t\t\t\t\r\n\t\t\t\t\t\t\t\t<div class='evo_card_organizer'><p class='evo_data_val evo_card_organizer_name'>\r\n\t\t\t\t\t\t\t\t\t<span class='evo_card_organizer_name_t'>FTP \/ Amigos do Pedal<\/span><span class='evo_card_organizer_contact'>inscricoes@federacao-triatlo.pt<\/span>\r\n\t\t\t\t\t\t\t\t\t\r\n\t\t\t\t\t\t\t\t\t<\/p><\/div><div class='clear'><\/div>\t\t\t\t\t\t\t\r\n\t\t\t\t\t\t\t<\/div>\r\n\t\t\t\t\t\t<\/div>\t\t\t\t\t\t<div class='evo_metarow_ICS evorow bordb evcal_evdata_row'>\r\n\t\t\t\t\t\t\t<span class=\"evcal_evdata_icons\"><i class=\"fa fa-calendar\"><\/i><\/span>\r\n\t\t\t\t\t\t\t<div class='evcal_evdata_cell'>\r\n\t\t\t\t\t\t\t\t<p><a href='https:\/\/www.federacao-triatlo.pt\/ftp2015\/wp-admin\/admin-ajax.php?action=eventon_ics_download&amp;event_id=28186&amp;sunix=20180505T230000Z&amp;eunix=20180505T230000Z&amp;loca=Famalic\u00e3o&amp;locn=Famalic\u00e3o' class='evo_ics_nCal' title='Adicionar ao seu calend\u00e1rio'>Calend\u00e1rio<\/a><a href='\/\/www.google.com\/calendar\/event?action=TEMPLATE&amp;text=VIII+Duatlo+de+Famalic%C3%A3o&amp;dates=20180505T230000Z\/20180505T230000Z&amp;details=Percursos+VIII+Duatlo+de+Famalic%C3%A3o%0D%0A%0D%0ARegulamento+VIII+Duatlo+de+Famalic%C3%A3o%0D%0A%0D%0ALista+Inscritos+Campeonato+Nacional+Individual%0D%0A%0D%0ALista+Inscritos+Campeonato+Nacional+Paratriatlo%0D%0A%0D%0ALista+Inscritos+Prova+Aberta&amp;location=Famalic%C3%A3o - Famalic%C3%A3o' target='_blank' class='evo_ics_gCal' title='Adicionar ao calend\u00e1rio Google'>GoogleCal<\/a><\/p>\t\r\n\t\t\t\t\t\t\t<\/div>\t\t\t\t\t\t<\/div>\r\n\t\t\t\t\t\t<\/div><div class='clear end'><\/div><\/div><div id=\"event_28106\" class=\"eventon_list_event evo_eventtop past_event event\" data-event_id=\"28106\" data-time=\"1526083201-1526255999\" data-colr=\"#0092e0\" itemscope itemtype='http:\/\/schema.org\/Event' 2><div class=\"evo_event_schema\" style=\"display:none\" ><a itemprop='url'  href='https:\/\/www.federacao-triatlo.pt\/ftp2015\/events\/triatlo-do-sabugal-4\/'><\/a><span itemprop='name'  >Triatlo do Sabugal<\/span><meta itemprop='image' content='https:\/\/www.federacao-triatlo.pt\/ftp2015\/wp-content\/uploads\/2017\/11\/triatlo_sabugal-212x300.jpg' ><\/meta><meta itemprop='description' content='2018 Triatlo de Sabugal - Percursos CNC Sprint\r\n\r\n2018 Triatlo de Sabugal - Percursos CNC Estafetas Mistas\r\n\r\nLista Inscritos Camp. Nac. Clubes\r\n\r\nLista Inscritos Campeonato Nacional Clubes Estafetas Mistas\r\n\r\n' ><\/meta><meta itemprop='startDate' content='2018-5-12' ><\/meta><meta itemprop='endDate' content='2018-5-13' ><\/meta><meta itemprop='eventStatus' content='on-schedule' ><\/meta>\r\n\t\t\t\t\t\t\t\t\t<item style=\"display:none\" itemprop=\"location\" itemscope itemtype=\"http:\/\/schema.org\/Place\">\r\n\t\t\t\t\t\t\t\t\t\t<span itemprop=\"name\">Sabugal<\/span>\r\n\t\t\t\t\t\t\t\t\t\t<span itemprop=\"address\" itemscope itemtype=\"http:\/\/schema.org\/PostalAddress\">\r\n\t\t\t\t\t\t\t\t\t\t\t<item itemprop=\"streetAddress\">Barragem do Sabugal<\/item>\r\n\t\t\t\t\t\t\t\t\t\t<\/span><\/item><script type=\"application\/ld+json\">{\t\"@context\": \"http:\/\/schema.org\",\r\n\t\t\t\t\t\t\t  \t\"@type\": \"Event\",\r\n\t\t\t\t\t\t\t  \t\"name\": \"Triatlo do Sabugal\",\r\n\t\t\t\t\t\t\t  \t\"startDate\": \"2018-5-12T00-00-00-00\",\r\n\t\t\t\t\t\t\t  \t\"endDate\": \"2018-5-13T23-23-59-00\",\r\n\t\t\t\t\t\t\t  \t\"image\":\"https:\/\/www.federacao-triatlo.pt\/ftp2015\/wp-content\/uploads\/2017\/11\/triatlo_sabugal-212x300.jpg\",\r\n\t\t\t\t\t\t\t  \t\"description\":\"2018 Triatlo de Sabugal - Percursos CNC Sprint\r\n\r\n2018 Triatlo de Sabugal - Percursos CNC Estafetas Mistas\r\n\r\nLista Inscritos Camp. Nac. Clubes\r\n\r\nLista Inscritos Campeonato Nacional Clubes Estafetas Mistas\r\n\r\n\",\r\n\t\t\t\t\t\t\t  \t\"location\":{\r\n\t\t\t\t\t\t\t\t\t\t\"@type\":\"Place\",\r\n\t\t\t\t\t\t\t\t\t\t\"name\":\"Sabugal\",\r\n\t\t\t\t\t\t\t\t\t\t\"address\":\"Barragem do Sabugal\"\r\n\t\t\t\t\t\t\t  \t\t}\r\n\t\t\t\t\t\t\t }\r\n\t\t\t\t\t\t\t<\/script><\/div>\r\n\t\t\t\t<p class=\"desc_trig_outter\"><a data-gmtrig=\"1\" data-exlk=\"0\" style=\"border-color: #0092e0;\" id=\"evc_152608320128106\" class=\"hasFtIMG desc_trig evo_camp-nac-clubes-triatlo evo_camp-nac-de-estafetas-mistas evo_prova-aberta mul_val evcal_list_a\" data-ux_val=\"1\"  ><span class='ev_ftImg' data-img='https:\/\/www.federacao-triatlo.pt\/ftp2015\/wp-content\/uploads\/2017\/11\/triatlo_sabugal.jpg' data-thumb='https:\/\/www.federacao-triatlo.pt\/ftp2015\/wp-content\/uploads\/2017\/11\/triatlo_sabugal-212x300.jpg' style='background-image:url(\"https:\/\/www.federacao-triatlo.pt\/ftp2015\/wp-content\/uploads\/2017\/11\/triatlo_sabugal-212x300.jpg\")'><\/span><span class='evcal_cblock ' data-bgcolor='#0092e0' data-smon='Maio' data-syr='2018'><span class='evo_start '><em class='date'>12<\/em><em class='month'>mai<\/em><em class='time'>allday<\/em><\/span><span class='evo_end '><em class='date'>13<\/em><em class='time'>allday<\/em><\/span><em class='clear'><\/em><\/span><span class='evcal_desc evo_info hide_eventtopdata ' data-latlng=\"40\u00b0 19,-7\u00b0 5\"  data-location_address=\"Barragem do Sabugal\" data-location_type=\"lonlat\" data-location_name=\"Sabugal\" data-location_status=\"true\" ><span class='evo_above_title'><\/span><span class='evcal_desc2 evcal_event_title' itemprop='name'>Triatlo do Sabugal<\/span><span class='evo_below_title'><\/span><span class='evcal_desc_info' ><em class=\"evcal_location\" data-latlng=\"40\u00b0 19,-7\u00b0 5\"  data-add_str=\"\"><em class=\"event_location_name\">Sabugal<\/em><\/em><\/span><span class='evcal_desc3'><span class='evcal_event_types ett1'><em><i>Tipo de Evento:<\/i><\/em><em data-filter='event_type'>Camp. Nac. Clubes Triatlo,<\/em><em data-filter='event_type'>Camp. Nac. de Estafetas Mistas,<\/em><em data-filter='event_type'>Prova Aberta<\/em><i class='clear'><\/i><\/span><\/span><\/span><em class='clear'><\/em><\/p><\/a><div class='event_description evcal_eventcard ' style=\"display:none\"><div class='evo_metarow_directimg'><img src='https:\/\/www.federacao-triatlo.pt\/ftp2015\/wp-content\/uploads\/2017\/11\/triatlo_sabugal.jpg' \/><\/div><div class='evo_metarow_details evorow evcal_evdata_row bordb evcal_event_details'>\r\n\t\t\t\t\t\t\t<div class=\"event_excerpt\" style=\"display:none\"><h3 class=\"padb5 evo_h3\">Detalhes do Evento<\/h3><p>2018 Triatlo de Sabugal - Percursos CNC Sprint\r\n\r\n2018 Triatlo de Sabugal - Percursos CNC Estafetas Mistas\r\n\r\nLista Inscritos Camp. Nac. Clubes\r\n\r\nLista Inscritos Campeonato Nacional Clubes Estafetas Mistas\r\n\r\n<\/p><\/div><span class='evcal_evdata_icons'><i class='fa fa-align-justify'><\/i><\/span>\r\n\t\t\t\t\t\t\t\r\n\t\t\t\t\t\t\t<div class='evcal_evdata_cell '><div class='eventon_full_description'>\r\n\t\t\t\t\t\t\t\t\t<h3 class='padb5 evo_h3'><span class='evcal_evdata_icons'><i class='fa fa-align-justify'><\/i><\/span>Detalhes do Evento<\/h3><div class='eventon_desc_in' itemprop='description'>\r\n\t\t\t\t\t\t\t\t\t<p><a href=\"https:\/\/www.federacao-triatlo.pt\/ftp2015\/wp-content\/uploads\/2017\/11\/2018-Triatlo-de-Sabugal-Percursos-CNC-Sprint.pdf\">2018 Triatlo de Sabugal &#8211; Percursos CNC Sprint<\/a><\/p>\n<p><a href=\"https:\/\/www.federacao-triatlo.pt\/ftp2015\/wp-content\/uploads\/2017\/11\/2018-Triatlo-de-Sabugal-Percursos-CNC-Estafetas-Mistas.pdf\">2018 Triatlo de Sabugal &#8211; Percursos CNC Estafetas Mistas<\/a><\/p>\n<p><a href=\"https:\/\/www.federacao-triatlo.pt\/ftp2015\/wp-content\/uploads\/2017\/11\/Lista-Inscritos-Camp.-Nac.-Clubes-2.pdf\">Lista Inscritos Camp. Nac. Clubes<\/a><\/p>\n<p><a href=\"https:\/\/www.federacao-triatlo.pt\/ftp2015\/wp-content\/uploads\/2017\/11\/Lista-Inscritos-Campeonato-Nacional-Clubes-Estafetas-Mistas.pdf\">Lista Inscritos Campeonato Nacional Clubes Estafetas Mistas<\/a><\/p>\n<p><a href=\"https:\/\/www.federacao-triatlo.pt\/ftp2015\/wp-content\/uploads\/2017\/11\/Regulamento-V-TRIATLO-DO-SABUGAL-1-1.pdf\">Regulamento V TRIATLO DO SABUGAL<\/a><\/p>\n<p>Procedimento de inscri\u00e7\u00e3o para CNC Estafetas:<\/p>\n<p>Cada clube dever\u00e1 inscrever via plataforma todos os atletas que deseja que participem na prova de Estafetas.<\/p>\n<p>O valor de inscri\u00e7\u00e3o por equipa \u00e9 de 30\u20ac, pelo que ser\u00e1 cobrado por cada atleta 7,5\u20ac pela presente plataforma.<\/p>\n<p>Posteriormente, ter\u00e1 de ser preenchido o formul\u00e1rio em baixo, e enviado para inscricoes@federacao-triatlo.pt, at\u00e9 ao dia 7 de Maio.<\/p>\n<p><a href=\"https:\/\/www.federacao-triatlo.pt\/ftp2015\/wp-content\/uploads\/2017\/11\/Ficha-de-Inscri\u00e7\u00e3o-CNC-Estafetas-4-elementos.doc\">Ficha de Inscri\u00e7\u00e3o CNC Estafetas (4 elementos)<\/a><\/p>\n<p>S\u00f3 ser\u00e3o aceites inscri\u00e7\u00f5es de equipas que componham a estafeta completa (dois atletas masculinos e duas atletas femininas), mesmo que a inscri\u00e7\u00e3o repartida do atleta individualmente tenha sido feita e paga sem este estar associado a uma equipa completa.<\/p>\n<\/div><div class='clear'><\/div>\r\n\t\t\t\t\t\t\t\t<\/div>\r\n\t\t\t\t\t\t\t<\/div>\r\n\t\t\t\t\t\t<\/div><div class='evo_metarow_gmap evorow evcal_gmaps bordb ' id='evc152608320169f3e02eef73a28106_gmap' style='max-width:none'><\/div><div class='evo_metarow_getDr evorow evcal_evdata_row bordb evcal_evrow_sm getdirections'>\r\n\t\t\t\t\t\t<form action='https:\/\/maps.google.com\/maps' method='get' target='_blank'>\r\n\t\t\t\t\t\t<input type='hidden' name='daddr' value='Barragem do Sabugal'\/> \r\n\t\t\t\t\t\t<p><input class='evoInput' type='text' name='saddr' placeholder='Escreva a morada' value=''\/>\r\n\t\t\t\t\t\t<button type='submit' class='evcal_evdata_icons evcalicon_9' title='Clique aqui para obter as dire\u00e7\u00f5es'><i class='fa fa-road'><\/i><\/button>\r\n\t\t\t\t\t\t<\/p><\/form>\r\n\t\t\t\t\t<\/div><div class='evo_metarow_time_location evorow bordb '>\r\n\t\t\t\t\t\t<div class='tb' >\r\n\t\t\t\t\t\t\t<div class='tbrow'>\r\n\t\t\t\t\t\t\t<div class='evcal_col50 bordr'>\r\n\t\t\t\t\t\t\t\t<div class='evcal_evdata_row evo_time'>\r\n\t\t\t\t\t\t\t\t\t<span class='evcal_evdata_icons'><i class='fa fa-clock-o'><\/i><\/span>\r\n\t\t\t\t\t\t\t\t\t<div class='evcal_evdata_cell'>\t\t\t\t\t\t\t\r\n\t\t\t\t\t\t\t\t\t\t<h3 class='evo_h3'><span class='evcal_evdata_icons'><i class='fa fa-clock-o'><\/i><\/span>Hor\u00e1rio<\/h3>\r\n\t\t\t\t\t\t\t\t\t\t<p>Maio 12 (S\u00e1bado) - 13 (Domingo)<\/p>\r\n\t\t\t\t\t\t\t\t\t<\/div>\r\n\t\t\t\t\t\t\t\t<\/div>\r\n\t\t\t\t\t\t\t<\/div><div class='evcal_col50'>\r\n\t\t\t\t\t\t\t\t<div class='evcal_evdata_row evo_location'>\r\n\t\t\t\t\t\t\t\t\t<span class='evcal_evdata_icons'><i class='fa fa-map-marker'><\/i><\/span>\r\n\t\t\t\t\t\t\t\t\t<div class='evcal_evdata_cell' data-loc_tax_id='110'>\t\t\t\t\t\t\t\r\n\t\t\t\t\t\t\t\t\t\t<h3 class='evo_h3'><span class='evcal_evdata_icons'><i class='fa fa-map-marker'><\/i><\/span>Localiza\u00e7\u00e3o<\/h3><p class='evo_location_name'>Sabugal<\/p><p>Barragem do Sabugal<\/p>\r\n\t\t\t\t\t\t\t\t\t<\/div>\r\n\t\t\t\t\t\t\t\t<\/div>\r\n\t\t\t\t\t\t\t<\/div><div class='clear'><\/div>\r\n\t\t\t\t\t\t\t<\/div><\/div>\r\n\t\t\t\t\t\t<\/div><div class='evo_metarow_organizer evorow evcal_evdata_row bordb evcal_evrow_sm '>\r\n\t\t\t\t\t\t\t<span class='evcal_evdata_icons'><i class='fa fa-headphones'><\/i><\/span>\r\n\t\t\t\t\t\t\t<div class='evcal_evdata_cell'>\t\t\t\t\t\t\t\r\n\t\t\t\t\t\t\t\t<h3 class='evo_h3'>Evento organizado por<\/h3>\r\n\t\t\t\t\t\t\t\t\r\n\t\t\t\t\t\t\t\t<div class='evo_card_organizer'><p class='evo_data_val evo_card_organizer_name'>\r\n\t\t\t\t\t\t\t\t\t<span class='evo_card_organizer_name_t'>FTP \/ C\u00e2mara Municipal do Sabugal<\/span><span class='evo_card_organizer_contact'>inscricoes@federacao-triatlo.pt<\/span>\r\n\t\t\t\t\t\t\t\t\t\r\n\t\t\t\t\t\t\t\t\t<\/p><\/div><div class='clear'><\/div>\t\t\t\t\t\t\t\r\n\t\t\t\t\t\t\t<\/div>\r\n\t\t\t\t\t\t<\/div>\t\t\t\t\t\t<div class='evo_metarow_ICS evorow bordb evcal_evdata_row'>\r\n\t\t\t\t\t\t\t<span class=\"evcal_evdata_icons\"><i class=\"fa fa-calendar\"><\/i><\/span>\r\n\t\t\t\t\t\t\t<div class='evcal_evdata_cell'>\r\n\t\t\t\t\t\t\t\t<p><a href='https:\/\/www.federacao-triatlo.pt\/ftp2015\/wp-admin\/admin-ajax.php?action=eventon_ics_download&amp;event_id=28106&amp;sunix=20180511T230000Z&amp;eunix=20180513T225900Z&amp;loca=Barragem do Sabugal&amp;locn=Sabugal' class='evo_ics_nCal' title='Adicionar ao seu calend\u00e1rio'>Calend\u00e1rio<\/a><a href='\/\/www.google.com\/calendar\/event?action=TEMPLATE&amp;text=Triatlo+do+Sabugal&amp;dates=20180511T230000Z\/20180513T225900Z&amp;details=2018+Triatlo+de+Sabugal+-+Percursos+CNC+Sprint%0D%0A%0D%0A2018+Triatlo+de+Sabugal+-+Percursos+CNC+Estafetas+Mistas%0D%0A%0D%0ALista+Inscritos+Camp.+Nac.+Clubes%0D%0A%0D%0ALista+Inscritos+Campeonato+Nacional+Clubes+Estafetas+Mistas%0D%0A%0D%0A&amp;location=Sabugal - Barragem+do+Sabugal' target='_blank' class='evo_ics_gCal' title='Adicionar ao calend\u00e1rio Google'>GoogleCal<\/a><\/p>\t\r\n\t\t\t\t\t\t\t<\/div>\t\t\t\t\t\t<\/div>\r\n\t\t\t\t\t\t<\/div><div class='clear end'><\/div><\/div><div id=\"event_28099\" class=\"eventon_list_event evo_eventtop past_event event\" data-event_id=\"28099\" data-time=\"1526688000-1526774400\" data-colr=\"#0092e0\" itemscope itemtype='http:\/\/schema.org\/Event' 3><div class=\"evo_event_schema\" style=\"display:none\" ><a itemprop='url'  href='https:\/\/www.federacao-triatlo.pt\/ftp2015\/events\/challenge-lisboa\/'><\/a><span itemprop='name'  >Challenge Lisboa<\/span><meta itemprop='image' content='https:\/\/www.federacao-triatlo.pt\/ftp2015\/wp-content\/uploads\/2017\/11\/vi7AJYFO_400x400.jpg' ><\/meta><meta itemprop='description' content='http:\/\/www.challenge-lisboa.com\/' ><\/meta><meta itemprop='startDate' content='2018-5-19' ><\/meta><meta itemprop='endDate' content='2018-5-20' ><\/meta><meta itemprop='eventStatus' content='on-schedule' ><\/meta><script type=\"application\/ld+json\">{\t\"@context\": \"http:\/\/schema.org\",\r\n\t\t\t\t\t\t\t  \t\"@type\": \"Event\",\r\n\t\t\t\t\t\t\t  \t\"name\": \"Challenge Lisboa\",\r\n\t\t\t\t\t\t\t  \t\"startDate\": \"2018-5-19T00-00-00-00\",\r\n\t\t\t\t\t\t\t  \t\"endDate\": \"2018-5-20T00-00-00-00\",\r\n\t\t\t\t\t\t\t  \t\"image\":\"https:\/\/www.federacao-triatlo.pt\/ftp2015\/wp-content\/uploads\/2017\/11\/vi7AJYFO_400x400.jpg\",\r\n\t\t\t\t\t\t\t  \t\"description\":\"http:\/\/www.challenge-lisboa.com\/\",\r\n\t\t\t\t\t\t\t  \t\r\n\t\t\t\t\t\t\t }\r\n\t\t\t\t\t\t\t<\/script><\/div>\r\n\t\t\t\t<p class=\"desc_trig_outter\"><a data-gmap_status=\"null\" data-gmtrig=\"1\" data-exlk=\"0\" style=\"border-color: #0092e0;\" id=\"evc_152668800028099\" class=\"hasFtIMG desc_trig evo_challenge evo_prova-aberta mul_val evcal_list_a\" data-ux_val=\"1\"  ><span class='ev_ftImg' data-img='https:\/\/www.federacao-triatlo.pt\/ftp2015\/wp-content\/uploads\/2017\/11\/vi7AJYFO_400x400.jpg' data-thumb='https:\/\/www.federacao-triatlo.pt\/ftp2015\/wp-content\/uploads\/2017\/11\/vi7AJYFO_400x400.jpg' style='background-image:url(\"https:\/\/www.federacao-triatlo.pt\/ftp2015\/wp-content\/uploads\/2017\/11\/vi7AJYFO_400x400.jpg\")'><\/span><span class='evcal_cblock ' data-bgcolor='#0092e0' data-smon='Maio' data-syr='2018'><span class='evo_start '><em class='date'>19<\/em><em class='month'>mai<\/em><em class='time'><i t=\"y\">(mai 19)<\/i>0:00<\/em><\/span><span class='evo_end '><em class='date'>20<\/em><em class='time'><i t=\"y\">(mai 20)<\/i>0:00<\/em><\/span><em class='clear'><\/em><\/span><span class='evcal_desc evo_info hide_eventtopdata '  data-location_status=\"false\" ><span class='evo_above_title'><\/span><span class='evcal_desc2 evcal_event_title' itemprop='name'>Challenge Lisboa<\/span><span class='evo_below_title'><\/span><span class='evcal_desc_info' ><em class=\"evcal_location\"  data-add_str=\"\"><em class=\"event_location_name\">Lisboa<\/em><\/em><\/span><span class='evcal_desc3'><span class='evcal_event_types ett1'><em><i>Tipo de Evento:<\/i><\/em><em data-filter='event_type'>Challenge,<\/em><em data-filter='event_type'>Prova Aberta<\/em><i class='clear'><\/i><\/span><\/span><\/span><em class='clear'><\/em><\/p><\/a><div class='event_description evcal_eventcard ' style=\"display:none\"><div class='evo_metarow_directimg'><img src='https:\/\/www.federacao-triatlo.pt\/ftp2015\/wp-content\/uploads\/2017\/11\/vi7AJYFO_400x400.jpg' \/><\/div><div class='evo_metarow_details evorow evcal_evdata_row bordb evcal_event_details'>\r\n\t\t\t\t\t\t\t<div class=\"event_excerpt\" style=\"display:none\"><h3 class=\"padb5 evo_h3\">Detalhes do Evento<\/h3><p>http:\/\/www.challenge-lisboa.com\/<\/p><\/div><span class='evcal_evdata_icons'><i class='fa fa-align-justify'><\/i><\/span>\r\n\t\t\t\t\t\t\t\r\n\t\t\t\t\t\t\t<div class='evcal_evdata_cell '><div class='eventon_full_description'>\r\n\t\t\t\t\t\t\t\t\t<h3 class='padb5 evo_h3'><span class='evcal_evdata_icons'><i class='fa fa-align-justify'><\/i><\/span>Detalhes do Evento<\/h3><div class='eventon_desc_in' itemprop='description'>\r\n\t\t\t\t\t\t\t\t\t<div class=\"video-shortcode\">\n<blockquote class=\"wp-embedded-content\" data-secret=\"J8SeALbIDs\"><p><a href=\"https:\/\/challenge-lisboa.com\/\">Homepage<\/a><\/p><\/blockquote>\n<p><iframe class=\"wp-embedded-content\" sandbox=\"allow-scripts\" security=\"restricted\" style=\"position: absolute; clip: rect(1px, 1px, 1px, 1px);\" title=\"&#8220;Homepage&#8221; &#8212; Challenge Lisboa\" src=\"https:\/\/challenge-lisboa.com\/embed\/#?secret=fnWQ4fAYae#?secret=J8SeALbIDs\" data-secret=\"J8SeALbIDs\" width=\"600\" height=\"338\" frameborder=\"0\" marginwidth=\"0\" marginheight=\"0\" scrolling=\"no\"><\/iframe><\/div>\n<\/div><div class='clear'><\/div>\r\n\t\t\t\t\t\t\t\t<\/div>\r\n\t\t\t\t\t\t\t<\/div>\r\n\t\t\t\t\t\t<\/div><div class='evo_metarow_time_location evorow bordb '>\r\n\t\t\t\t\t\t<div class='tb' >\r\n\t\t\t\t\t\t\t<div class='tbrow'>\r\n\t\t\t\t\t\t\t<div class='evcal_col50 bordr'>\r\n\t\t\t\t\t\t\t\t<div class='evcal_evdata_row evo_time'>\r\n\t\t\t\t\t\t\t\t\t<span class='evcal_evdata_icons'><i class='fa fa-clock-o'><\/i><\/span>\r\n\t\t\t\t\t\t\t\t\t<div class='evcal_evdata_cell'>\t\t\t\t\t\t\t\r\n\t\t\t\t\t\t\t\t\t\t<h3 class='evo_h3'><span class='evcal_evdata_icons'><i class='fa fa-clock-o'><\/i><\/span>Hor\u00e1rio<\/h3>\r\n\t\t\t\t\t\t\t\t\t\t<p>19 (S\u00e1bado) 0:00 - 20 (Domingo) 0:00<\/p>\r\n\t\t\t\t\t\t\t\t\t<\/div>\r\n\t\t\t\t\t\t\t\t<\/div>\r\n\t\t\t\t\t\t\t<\/div><div class='evcal_col50'>\r\n\t\t\t\t\t\t\t\t<div class='evcal_evdata_row evo_location'>\r\n\t\t\t\t\t\t\t\t\t<span class='evcal_evdata_icons'><i class='fa fa-map-marker'><\/i><\/span>\r\n\t\t\t\t\t\t\t\t\t<div class='evcal_evdata_cell' data-loc_tax_id='13'>\t\t\t\t\t\t\t\r\n\t\t\t\t\t\t\t\t\t\t<h3 class='evo_h3'><span class='evcal_evdata_icons'><i class='fa fa-map-marker'><\/i><\/span>Localiza\u00e7\u00e3o<\/h3><p class='evo_location_name'>Lisboa<\/p><p><\/p>\r\n\t\t\t\t\t\t\t\t\t<\/div>\r\n\t\t\t\t\t\t\t\t<\/div>\r\n\t\t\t\t\t\t\t<\/div><div class='clear'><\/div>\r\n\t\t\t\t\t\t\t<\/div><\/div>\r\n\t\t\t\t\t\t<\/div><div class='evo_metarow_organizer evorow evcal_evdata_row bordb evcal_evrow_sm '>\r\n\t\t\t\t\t\t\t<span class='evcal_evdata_icons'><i class='fa fa-headphones'><\/i><\/span>\r\n\t\t\t\t\t\t\t<div class='evcal_evdata_cell'>\t\t\t\t\t\t\t\r\n\t\t\t\t\t\t\t\t<h3 class='evo_h3'>Evento organizado por<\/h3>\r\n\t\t\t\t\t\t\t\t\r\n\t\t\t\t\t\t\t\t<div class='evo_card_organizer'><p class='evo_data_val evo_card_organizer_name'>\r\n\t\t\t\t\t\t\t\t\t<span class='evo_card_organizer_name_t'><a  href='https:\/\/www.challenge-lisboa.com\/'>Sports 4 All<\/a><\/span><span class='evo_card_organizer_contact'>info@challenge-lisboa.com<\/span>\r\n\t\t\t\t\t\t\t\t\t\r\n\t\t\t\t\t\t\t\t\t<\/p><\/div><div class='clear'><\/div>\t\t\t\t\t\t\t\r\n\t\t\t\t\t\t\t<\/div>\r\n\t\t\t\t\t\t<\/div><div class='evo_metarow_locImg evorow bordb ' style='height:300px; background-image:url(https:\/\/www.federacao-triatlo.pt\/ftp2015\/wp-content\/uploads\/2014\/12\/slide1.jpg)' id='19_locimg' ><\/div>\t\t\t\t\t\t<div class='evo_metarow_learnMICS evorow bordb '>\r\n\t\t\t\t\t\t<div class='tb'>\r\n\t\t\t\t\t\t\t<div class='tbrow'>\r\n\t\t\t\t\t\t\t<a class='evcal_col50 dark1 bordr evo_clik_row' href='http:\/\/www.challenge-lisboa.com\/' target=\"_blank\">\r\n\t\t\t\t\t\t\t\t<span class='evcal_evdata_row ' >\r\n\t\t\t\t\t\t\t\t\t<span class='evcal_evdata_icons'><i class='fa fa-link'><\/i><\/span>\r\n\t\t\t\t\t\t\t\t\t<h3 class='evo_h3'>Website<\/h3>\r\n\t\t\t\t\t\t\t\t<\/span>\r\n\t\t\t\t\t\t\t<\/a>\t\t\t\t\t\t\r\n\t\t\t\t\t\t\t<div class='evo_ics evcal_col50 dark1 evo_clik_row' >\r\n\t\t\t\t\t\t\t\t<div class='evcal_evdata_row'>\r\n\t\t\t\t\t\t\t\t\t<span class=\"evcal_evdata_icons\"><i class=\"fa fa-calendar\"><\/i><\/span>\r\n\t\t\t\t\t\t\t\t\t<div class='evcal_evdata_cell'>\r\n\t\t\t\t\t\t\t\t\t\t<p><a href='https:\/\/www.federacao-triatlo.pt\/ftp2015\/wp-admin\/admin-ajax.php?action=eventon_ics_download&amp;event_id=28099&amp;sunix=20180518T230000Z&amp;eunix=20180519T230000Z&amp;loca=&amp;locn=Lisboa' class='evo_ics_nCal' title='Adicionar ao seu calend\u00e1rio'>Calend\u00e1rio<\/a><a href='\/\/www.google.com\/calendar\/event?action=TEMPLATE&amp;text=Challenge+Lisboa&amp;dates=20180518T230000Z\/20180519T230000Z&amp;details=http%3A%2F%2Fwww.challenge-lisboa.com%2F&amp;location=Lisboa - ' target='_blank' class='evo_ics_gCal' title='Adicionar ao calend\u00e1rio Google'>GoogleCal<\/a><\/p>\t\r\n\t\t\t\t\t\t\t\t\t<\/div>\r\n\t\t\t\t\t\t\t\t<\/div>\r\n\t\t\t\t\t\t\t<\/div><\/div><\/div>\r\n\t\t\t\t\t\t<\/div>\r\n\t\t\t\t\t\t<\/div><div class='clear end'><\/div><\/div><div id=\"event_29854\" class=\"eventon_list_event evo_eventtop past_event event\" data-event_id=\"29854\" data-time=\"1526688001-1526774399\" data-colr=\"#0092e0\" itemscope itemtype='http:\/\/schema.org\/Event' 4><div class=\"evo_event_schema\" style=\"display:none\" ><a itemprop='url'  href='https:\/\/www.federacao-triatlo.pt\/ftp2015\/events\/triatlo-cross-jovem-da-chamusca-arripiado\/'><\/a><span itemprop='name'  >Triatlo Cross Jovem da Chamusca - Arripiado<\/span><meta itemprop='image' content='https:\/\/www.federacao-triatlo.pt\/ftp2015\/wp-content\/uploads\/2018\/01\/AquatloArripiado-3-212x300.jpg' ><\/meta><meta itemprop='description' content='Regulamento V Triatlo da Chamusca - Arripiado\r\n\r\nPercursos V Triatlo da Chamusca - Arripiado\r\n\r\nLista Inscritos Campeonato Nacional Jovem\r\n\r\nLista Inscritos Prova Aberta' ><\/meta><meta itemprop='startDate' content='2018-5-19' ><\/meta><meta itemprop='endDate' content='2018-5-19' ><\/meta><meta itemprop='eventStatus' content='on-schedule' ><\/meta><script type=\"application\/ld+json\">{\t\"@context\": \"http:\/\/schema.org\",\r\n\t\t\t\t\t\t\t  \t\"@type\": \"Event\",\r\n\t\t\t\t\t\t\t  \t\"name\": \"Triatlo Cross Jovem da Chamusca - Arripiado\",\r\n\t\t\t\t\t\t\t  \t\"startDate\": \"2018-5-19T00-00-00-00\",\r\n\t\t\t\t\t\t\t  \t\"endDate\": \"2018-5-19T23-23-59-00\",\r\n\t\t\t\t\t\t\t  \t\"image\":\"https:\/\/www.federacao-triatlo.pt\/ftp2015\/wp-content\/uploads\/2018\/01\/AquatloArripiado-3-212x300.jpg\",\r\n\t\t\t\t\t\t\t  \t\"description\":\"Regulamento V Triatlo da Chamusca - Arripiado\r\n\r\nPercursos V Triatlo da Chamusca - Arripiado\r\n\r\nLista Inscritos Campeonato Nacional Jovem\r\n\r\nLista Inscritos Prova Aberta\",\r\n\t\t\t\t\t\t\t  \t\r\n\t\t\t\t\t\t\t }\r\n\t\t\t\t\t\t\t<\/script><\/div>\r\n\t\t\t\t<p class=\"desc_trig_outter\"><a data-gmap_status=\"null\" data-exlk=\"0\" style=\"border-color: #0092e0;\" id=\"evc_152668800129854\" class=\"hasFtIMG desc_trig evo_camp-nac-de-juvenis evo_camp-nac-jovem evo_triatlo-super-sprint sin_val evcal_list_a\" data-ux_val=\"1\"  ><span class='ev_ftImg' data-img='https:\/\/www.federacao-triatlo.pt\/ftp2015\/wp-content\/uploads\/2018\/01\/AquatloArripiado-3.jpg' data-thumb='https:\/\/www.federacao-triatlo.pt\/ftp2015\/wp-content\/uploads\/2018\/01\/AquatloArripiado-3-212x300.jpg' style='background-image:url(\"https:\/\/www.federacao-triatlo.pt\/ftp2015\/wp-content\/uploads\/2018\/01\/AquatloArripiado-3-212x300.jpg\")'><\/span><span class='evcal_cblock ' data-bgcolor='#0092e0' data-smon='Maio' data-syr='2018'><span class='evo_start '><em class='date'>19<\/em><em class='month'>mai<\/em><em class='time'>allday<\/em><\/span><span class='evo_end only_time'><em class='time'>allday<\/em><\/span><em class='clear'><\/em><\/span><span class='evcal_desc evo_info hide_eventtopdata '  data-location_status=\"false\" ><span class='evo_above_title'><\/span><span class='evcal_desc2 evcal_event_title' itemprop='name'>Triatlo Cross Jovem da Chamusca - Arripiado<\/span><span class='evo_below_title'><\/span><span class='evcal_desc_info' ><\/span><span class='evcal_desc3'><span class='evcal_event_types ett1'><em><i>Tipo de Evento:<\/i><\/em><em data-filter='event_type'>Camp. Nac. de Juvenis,<\/em><em data-filter='event_type'>Camp. Nac. Jovem,<\/em><em data-filter='event_type'>Prova Aberta | Triatlo Super-Sprint<\/em><i class='clear'><\/i><\/span><\/span><\/span><em class='clear'><\/em><\/p><\/a><div class='event_description evcal_eventcard ' style=\"display:none\"><div class='evo_metarow_directimg'><img src='https:\/\/www.federacao-triatlo.pt\/ftp2015\/wp-content\/uploads\/2018\/01\/AquatloArripiado-3.jpg' \/><\/div><div class='evo_metarow_details evorow evcal_evdata_row bordb evcal_event_details'>\r\n\t\t\t\t\t\t\t<div class=\"event_excerpt\" style=\"display:none\"><h3 class=\"padb5 evo_h3\">Detalhes do Evento<\/h3><p>Regulamento V Triatlo da Chamusca - Arripiado\r\n\r\nPercursos V Triatlo da Chamusca - Arripiado\r\n\r\nLista Inscritos Campeonato Nacional Jovem\r\n\r\nLista Inscritos Prova Aberta<\/p><\/div><span class='evcal_evdata_icons'><i class='fa fa-align-justify'><\/i><\/span>\r\n\t\t\t\t\t\t\t\r\n\t\t\t\t\t\t\t<div class='evcal_evdata_cell '><div class='eventon_full_description'>\r\n\t\t\t\t\t\t\t\t\t<h3 class='padb5 evo_h3'><span class='evcal_evdata_icons'><i class='fa fa-align-justify'><\/i><\/span>Detalhes do Evento<\/h3><div class='eventon_desc_in' itemprop='description'>\r\n\t\t\t\t\t\t\t\t\t<p><a href=\"https:\/\/www.federacao-triatlo.pt\/ftp2015\/wp-content\/uploads\/2018\/01\/Regulamento-V-Triatlo-da-Chamusca-Arripiado_vers\u00e3o1.pdf\">Regulamento V Triatlo da Chamusca &#8211; Arripiado<\/a><\/p>\n<p><a href=\"https:\/\/www.federacao-triatlo.pt\/ftp2015\/wp-content\/uploads\/2018\/01\/Percursos-V-Triatlo-da-Chamusca2-Arripiado.pdf\">Percursos V Triatlo da Chamusca &#8211; Arripiado<\/a><\/p>\n<p><a href=\"https:\/\/www.federacao-triatlo.pt\/ftp2015\/wp-content\/uploads\/2018\/01\/Lista-Inscritos-Campeonato-Nacional-Jovem.pdf\">Lista Inscritos Campeonato Nacional Jovem<\/a><\/p>\n<p><a href=\"https:\/\/www.federacao-triatlo.pt\/ftp2015\/wp-content\/uploads\/2018\/01\/Lista-Inscritos-Prova-Aberta-1.pdf\">Lista Inscritos Prova Aberta<\/a><\/p>\n<\/div><div class='clear'><\/div>\r\n\t\t\t\t\t\t\t\t<\/div>\r\n\t\t\t\t\t\t\t<\/div>\r\n\t\t\t\t\t\t<\/div><div class='evo_metarow_time evorow evcal_evdata_row bordb evcal_evrow_sm '>\r\n\t\t\t\t\t\t\t<span class='evcal_evdata_icons'><i class='fa fa-clock-o'><\/i><\/span>\r\n\t\t\t\t\t\t\t<div class='evcal_evdata_cell'>\t\t\t\t\t\t\t\r\n\t\t\t\t\t\t\t\t<h3 class='evo_h3'><span class='evcal_evdata_icons'><i class='fa fa-clock-o'><\/i><\/span>Hor\u00e1rio<\/h3><p>Todo o dia (S\u00e1bado)<\/p>\r\n\t\t\t\t\t\t\t<\/div>\r\n\t\t\t\t\t\t<\/div>\t\t\t\t\t\t<div class='evo_metarow_ICS evorow bordb evcal_evdata_row'>\r\n\t\t\t\t\t\t\t<span class=\"evcal_evdata_icons\"><i class=\"fa fa-calendar\"><\/i><\/span>\r\n\t\t\t\t\t\t\t<div class='evcal_evdata_cell'>\r\n\t\t\t\t\t\t\t\t<p><a href='https:\/\/www.federacao-triatlo.pt\/ftp2015\/wp-admin\/admin-ajax.php?action=eventon_ics_download&amp;event_id=29854&amp;sunix=20180518T230000Z&amp;eunix=20180519T225900Z&amp;loca=&amp;locn=' class='evo_ics_nCal' title='Adicionar ao seu calend\u00e1rio'>Calend\u00e1rio<\/a><a href='\/\/www.google.com\/calendar\/event?action=TEMPLATE&amp;text=Triatlo+Cross+Jovem+da+Chamusca+-+Arripiado&amp;dates=20180518T230000Z\/20180519T225900Z&amp;details=Regulamento+V+Triatlo+da+Chamusca+-+Arripiado%0D%0A%0D%0APercursos+V+Triatlo+da+Chamusca+-+Arripiado%0D%0A%0D%0ALista+Inscritos+Campeonato+Nacional+Jovem%0D%0A%0D%0ALista+Inscritos+Prova+Aberta&amp;location= - ' target='_blank' class='evo_ics_gCal' title='Adicionar ao calend\u00e1rio Google'>GoogleCal<\/a><\/p>\t\r\n\t\t\t\t\t\t\t<\/div>\t\t\t\t\t\t<\/div>\r\n\t\t\t\t\t\t<\/div><div class='clear end'><\/div><\/div><div id=\"event_28066\" class=\"eventon_list_event evo_eventtop past_event event\" data-event_id=\"28066\" data-time=\"1527379200-1527379200\" data-colr=\"#0092e0\" itemscope itemtype='http:\/\/schema.org\/Event' 5><div class=\"evo_event_schema\" style=\"display:none\" ><a itemprop='url'  href='https:\/\/www.federacao-triatlo.pt\/ftp2015\/events\/triatlo-de-oeiras-4\/'><\/a><span itemprop='name'  >Triatlo de Oeiras<\/span><meta itemprop='image' content='https:\/\/www.federacao-triatlo.pt\/ftp2015\/wp-content\/uploads\/2017\/11\/Cartaz_triatlo_18-01-01-208x300.jpg' ><\/meta><meta itemprop='description' content='XXXI TRIATLO DE OEIRAS Regulamento_atualizado\r\n\r\nXXXI Triatlo de Oeiras - Percursos CNI Sprint\r\n\r\nXXXI Triatlo de Oeiras - Percursos Prova Aberta Super Sprint\r\n\r\nTreinos\r\n\r\nLista Inscritos Campeonato Nacional Grupos' ><\/meta><meta itemprop='startDate' content='2018-5-27' ><\/meta><meta itemprop='endDate' content='2018-5-27' ><\/meta><meta itemprop='eventStatus' content='on-schedule' ><\/meta>\r\n\t\t\t\t\t\t\t\t\t<item style=\"display:none\" itemprop=\"location\" itemscope itemtype=\"http:\/\/schema.org\/Place\">\r\n\t\t\t\t\t\t\t\t\t\t<span itemprop=\"name\">Oeiras<\/span>\r\n\t\t\t\t\t\t\t\t\t\t<span itemprop=\"address\" itemscope itemtype=\"http:\/\/schema.org\/PostalAddress\">\r\n\t\t\t\t\t\t\t\t\t\t\t<item itemprop=\"streetAddress\">Oeiras<\/item>\r\n\t\t\t\t\t\t\t\t\t\t<\/span><\/item><script type=\"application\/ld+json\">{\t\"@context\": \"http:\/\/schema.org\",\r\n\t\t\t\t\t\t\t  \t\"@type\": \"Event\",\r\n\t\t\t\t\t\t\t  \t\"name\": \"Triatlo de Oeiras\",\r\n\t\t\t\t\t\t\t  \t\"startDate\": \"2018-5-27T00-00-00-00\",\r\n\t\t\t\t\t\t\t  \t\"endDate\": \"2018-5-27T00-00-00-00\",\r\n\t\t\t\t\t\t\t  \t\"image\":\"https:\/\/www.federacao-triatlo.pt\/ftp2015\/wp-content\/uploads\/2017\/11\/Cartaz_triatlo_18-01-01-208x300.jpg\",\r\n\t\t\t\t\t\t\t  \t\"description\":\"XXXI TRIATLO DE OEIRAS Regulamento_atualizado\r\n\r\nXXXI Triatlo de Oeiras - Percursos CNI Sprint\r\n\r\nXXXI Triatlo de Oeiras - Percursos Prova Aberta Super Sprint\r\n\r\nTreinos\r\n\r\nLista Inscritos Campeonato Nacional Grupos\",\r\n\t\t\t\t\t\t\t  \t\"location\":{\r\n\t\t\t\t\t\t\t\t\t\t\"@type\":\"Place\",\r\n\t\t\t\t\t\t\t\t\t\t\"name\":\"Oeiras\",\r\n\t\t\t\t\t\t\t\t\t\t\"address\":\"Oeiras\"\r\n\t\t\t\t\t\t\t  \t\t}\r\n\t\t\t\t\t\t\t }\r\n\t\t\t\t\t\t\t<\/script><\/div>\r\n\t\t\t\t<p class=\"desc_trig_outter\"><a data-gmtrig=\"1\" data-exlk=\"0\" style=\"border-color: #0092e0;\" id=\"evc_152737920028066\" class=\"hasFtIMG desc_trig evo_camp-nac-cadetes evo_camp-nac-juniores evo_camp-nac-grupos-idade evo_camp-nac-individual-triatlo-elite evo_camp-nac-individual-triatlo-sprint evo_prova-aberta sin_val evcal_list_a\" data-ux_val=\"1\"  ><span class='ev_ftImg' data-img='https:\/\/www.federacao-triatlo.pt\/ftp2015\/wp-content\/uploads\/2017\/11\/Cartaz_triatlo_18-01-01.jpg' data-thumb='https:\/\/www.federacao-triatlo.pt\/ftp2015\/wp-content\/uploads\/2017\/11\/Cartaz_triatlo_18-01-01-208x300.jpg' style='background-image:url(\"https:\/\/www.federacao-triatlo.pt\/ftp2015\/wp-content\/uploads\/2017\/11\/Cartaz_triatlo_18-01-01-208x300.jpg\")'><\/span><span class='evcal_cblock ' data-bgcolor='#0092e0' data-smon='Maio' data-syr='2018'><span class='evo_start '><em class='date'>27<\/em><em class='month'>mai<\/em><em class='time'>0:00<\/em><\/span><span class='evo_end only_time'><em class='time'>0:00<\/em><\/span><em class='clear'><\/em><\/span><span class='evcal_desc evo_info hide_eventtopdata ' data-latlng=\"38.676787,-9.323453\"  data-location_address=\"Oeiras\" data-location_type=\"lonlat\" data-location_name=\"Oeiras\" data-location_status=\"true\" ><span class='evo_above_title'><\/span><span class='evcal_desc2 evcal_event_title' itemprop='name'>Triatlo de Oeiras<\/span><span class='evo_below_title'><\/span><span class='evcal_desc_info' ><em class=\"evcal_location\" data-latlng=\"38.676787,-9.323453\"  data-add_str=\"\"><em class=\"event_location_name\">Oeiras<\/em><\/em><\/span><span class='evcal_desc3'><span class='evcal_event_types ett1'><em><i>Tipo de Evento:<\/i><\/em><em data-filter='event_type'>Camp. Nac. de Cadetes,<\/em><em data-filter='event_type'>Camp. Nac. de Juniores,<\/em><em data-filter='event_type'>Camp. Nac. Grupos Idade,<\/em><em data-filter='event_type'>Camp. Nac. Individual Triatlo Elite,<\/em><em data-filter='event_type'>Camp. Nac. Individual Triatlo Sprint,<\/em><em data-filter='event_type'>Prova Aberta<\/em><i class='clear'><\/i><\/span><\/span><\/span><em class='clear'><\/em><\/p><\/a><div class='event_description evcal_eventcard ' style=\"display:none\"><div class='evo_metarow_directimg'><img src='https:\/\/www.federacao-triatlo.pt\/ftp2015\/wp-content\/uploads\/2017\/11\/Cartaz_triatlo_18-01-01.jpg' \/><\/div><div class='evo_metarow_details evorow evcal_evdata_row bordb evcal_event_details'>\r\n\t\t\t\t\t\t\t<div class=\"event_excerpt\" style=\"display:none\"><h3 class=\"padb5 evo_h3\">Detalhes do Evento<\/h3><p>XXXI TRIATLO DE OEIRAS Regulamento_atualizado\r\n\r\nXXXI Triatlo de Oeiras - Percursos CNI Sprint\r\n\r\nXXXI Triatlo de Oeiras - Percursos Prova Aberta Super Sprint\r\n\r\nTreinos\r\n\r\nLista Inscritos Campeonato Nacional Grupos<\/p><\/div><span class='evcal_evdata_icons'><i class='fa fa-align-justify'><\/i><\/span>\r\n\t\t\t\t\t\t\t\r\n\t\t\t\t\t\t\t<div class='evcal_evdata_cell '><div class='eventon_full_description'>\r\n\t\t\t\t\t\t\t\t\t<h3 class='padb5 evo_h3'><span class='evcal_evdata_icons'><i class='fa fa-align-justify'><\/i><\/span>Detalhes do Evento<\/h3><div class='eventon_desc_in' itemprop='description'>\r\n\t\t\t\t\t\t\t\t\t<p><a href=\"https:\/\/www.federacao-triatlo.pt\/ftp2015\/wp-content\/uploads\/2017\/11\/XXXI-TRIATLO-DE-OEIRAS-Regulamento_atualizado.pdf\">XXXI TRIATLO DE OEIRAS Regulamento_atualizado<\/a><\/p>\n<p><a href=\"https:\/\/www.federacao-triatlo.pt\/ftp2015\/wp-content\/uploads\/2017\/11\/XXXI-Triatlo-de-Oeiras-Percursos-CNI-Sprint.pdf\">XXXI Triatlo de Oeiras &#8211; Percursos CNI Sprint<\/a><\/p>\n<p><a href=\"https:\/\/www.federacao-triatlo.pt\/ftp2015\/wp-content\/uploads\/2017\/11\/XXXI-Triatlo-de-Oeiras-Percursos-Prova-Aberta-Super-Sprint.pdf\">XXXI Triatlo de Oeiras &#8211; Percursos Prova Aberta Super Sprint<\/a><\/p>\n<p><a href=\"https:\/\/www.facebook.com\/oeirastriatlo\/\">Treinos<\/a><\/p>\n<p><a href=\"https:\/\/www.federacao-triatlo.pt\/ftp2015\/wp-content\/uploads\/2017\/11\/Lista-Inscritos-Campeonato-Nacional-Grupos-Idade.pdf\">Lista Inscritos Campeonato Nacional Grupos Idade<\/a><\/p>\n<p><a href=\"https:\/\/www.federacao-triatlo.pt\/ftp2015\/wp-content\/uploads\/2017\/11\/Lista-Inscritos-Campeonato-Nacional-Individual-1.pdf\">Lista Inscritos Campeonato Nacional Individual<\/a><\/p>\n<p><a href=\"https:\/\/www.federacao-triatlo.pt\/ftp2015\/wp-content\/uploads\/2017\/11\/Lista-Inscritos-Campeonato-Nacional-Paratriatlo.pdf\">Lista Inscritos Campeonato Nacional Paratriatlo<\/a><\/p>\n<p><a href=\"https:\/\/www.federacao-triatlo.pt\/ftp2015\/wp-content\/uploads\/2017\/11\/Lista-Inscritos-Prova-Aberta-Sprint.pdf\">Lista Inscritos Prova Aberta Sprint<\/a><\/p>\n<p><a href=\"https:\/\/www.federacao-triatlo.pt\/ftp2015\/wp-content\/uploads\/2017\/11\/Lista-Inscritos-Prova-Aberta-Super-Sprint.pdf\">Lista Inscritos Prova Aberta Super-Sprint<\/a><\/p>\n<\/div><div class='clear'><\/div>\r\n\t\t\t\t\t\t\t\t<\/div>\r\n\t\t\t\t\t\t\t<\/div>\r\n\t\t\t\t\t\t<\/div><div class='evo_metarow_gmap evorow evcal_gmaps bordb ' id='evc152737920069f3e02ef160428066_gmap' style='max-width:none'><\/div><div class='evo_metarow_getDr evorow evcal_evdata_row bordb evcal_evrow_sm getdirections'>\r\n\t\t\t\t\t\t<form action='https:\/\/maps.google.com\/maps' method='get' target='_blank'>\r\n\t\t\t\t\t\t<input type='hidden' name='daddr' value='Oeiras'\/> \r\n\t\t\t\t\t\t<p><input class='evoInput' type='text' name='saddr' placeholder='Escreva a morada' value=''\/>\r\n\t\t\t\t\t\t<button type='submit' class='evcal_evdata_icons evcalicon_9' title='Clique aqui para obter as dire\u00e7\u00f5es'><i class='fa fa-road'><\/i><\/button>\r\n\t\t\t\t\t\t<\/p><\/form>\r\n\t\t\t\t\t<\/div><div class='evo_metarow_time_location evorow bordb '>\r\n\t\t\t\t\t\t<div class='tb' >\r\n\t\t\t\t\t\t\t<div class='tbrow'>\r\n\t\t\t\t\t\t\t<div class='evcal_col50 bordr'>\r\n\t\t\t\t\t\t\t\t<div class='evcal_evdata_row evo_time'>\r\n\t\t\t\t\t\t\t\t\t<span class='evcal_evdata_icons'><i class='fa fa-clock-o'><\/i><\/span>\r\n\t\t\t\t\t\t\t\t\t<div class='evcal_evdata_cell'>\t\t\t\t\t\t\t\r\n\t\t\t\t\t\t\t\t\t\t<h3 class='evo_h3'><span class='evcal_evdata_icons'><i class='fa fa-clock-o'><\/i><\/span>Hor\u00e1rio<\/h3>\r\n\t\t\t\t\t\t\t\t\t\t<p>(Domingo) 0:00 - 0:00<\/p>\r\n\t\t\t\t\t\t\t\t\t<\/div>\r\n\t\t\t\t\t\t\t\t<\/div>\r\n\t\t\t\t\t\t\t<\/div><div class='evcal_col50'>\r\n\t\t\t\t\t\t\t\t<div class='evcal_evdata_row evo_location'>\r\n\t\t\t\t\t\t\t\t\t<span class='evcal_evdata_icons'><i class='fa fa-map-marker'><\/i><\/span>\r\n\t\t\t\t\t\t\t\t\t<div class='evcal_evdata_cell' data-loc_tax_id='134'>\t\t\t\t\t\t\t\r\n\t\t\t\t\t\t\t\t\t\t<h3 class='evo_h3'><span class='evcal_evdata_icons'><i class='fa fa-map-marker'><\/i><\/span>Localiza\u00e7\u00e3o<\/h3><p class='evo_location_name'>Oeiras<\/p><p>Oeiras<\/p>\r\n\t\t\t\t\t\t\t\t\t<\/div>\r\n\t\t\t\t\t\t\t\t<\/div>\r\n\t\t\t\t\t\t\t<\/div><div class='clear'><\/div>\r\n\t\t\t\t\t\t\t<\/div><\/div>\r\n\t\t\t\t\t\t<\/div><div class='evo_metarow_organizer evorow evcal_evdata_row bordb evcal_evrow_sm '>\r\n\t\t\t\t\t\t\t<span class='evcal_evdata_icons'><i class='fa fa-headphones'><\/i><\/span>\r\n\t\t\t\t\t\t\t<div class='evcal_evdata_cell'>\t\t\t\t\t\t\t\r\n\t\t\t\t\t\t\t\t<h3 class='evo_h3'>Evento organizado por<\/h3>\r\n\t\t\t\t\t\t\t\t\r\n\t\t\t\t\t\t\t\t<div class='evo_card_organizer'><p class='evo_data_val evo_card_organizer_name'>\r\n\t\t\t\t\t\t\t\t\t<span class='evo_card_organizer_name_t'>FTP \/ C\u00e2mara Municipal de Oeiras<\/span><span class='evo_card_organizer_contact'>inscricoes@federacao-triatlo.pt<\/span>\r\n\t\t\t\t\t\t\t\t\t\r\n\t\t\t\t\t\t\t\t\t<\/p><\/div><div class='clear'><\/div>\t\t\t\t\t\t\t\r\n\t\t\t\t\t\t\t<\/div>\r\n\t\t\t\t\t\t<\/div>\t\t\t\t\t\t<div class='evo_metarow_ICS evorow bordb evcal_evdata_row'>\r\n\t\t\t\t\t\t\t<span class=\"evcal_evdata_icons\"><i class=\"fa fa-calendar\"><\/i><\/span>\r\n\t\t\t\t\t\t\t<div class='evcal_evdata_cell'>\r\n\t\t\t\t\t\t\t\t<p><a href='https:\/\/www.federacao-triatlo.pt\/ftp2015\/wp-admin\/admin-ajax.php?action=eventon_ics_download&amp;event_id=28066&amp;sunix=20180526T230000Z&amp;eunix=20180526T230000Z&amp;loca=Oeiras&amp;locn=Oeiras' class='evo_ics_nCal' title='Adicionar ao seu calend\u00e1rio'>Calend\u00e1rio<\/a><a href='\/\/www.google.com\/calendar\/event?action=TEMPLATE&amp;text=Triatlo+de+Oeiras&amp;dates=20180526T230000Z\/20180526T230000Z&amp;details=XXXI+TRIATLO+DE+OEIRAS+Regulamento_atualizado%0D%0A%0D%0AXXXI+Triatlo+de+Oeiras+-+Percursos+CNI+Sprint%0D%0A%0D%0AXXXI+Triatlo+de+Oeiras+-+Percursos+Prova+Aberta+Super+Sprint%0D%0A%0D%0ATreinos%0D%0A%0D%0ALista+Inscritos+Campeonato+Nacional+Grupos&amp;location=Oeiras - Oeiras' target='_blank' class='evo_ics_gCal' title='Adicionar ao calend\u00e1rio Google'>GoogleCal<\/a><\/p>\t\r\n\t\t\t\t\t\t\t<\/div>\t\t\t\t\t\t<\/div>\r\n\t\t\t\t\t\t<\/div><div class='clear end'><\/div><\/div><\/div><div class='clear'><\/div><\/div><!-- ajde_evcal_calendar-->\n<div id='evcal_calendar_731' class='ajde_evcal_calendar  ul' ><div class='evo-data' data-cyear=\"2018\" data-cmonth=\"6\" data-runajax=\"1\" data-evc_open=\"0\" data-cal_ver=\"2.6\" data-mapscroll=\"true\" data-mapformat=\"roadmap\" data-mapzoom=\"14\" data-mapiconurl=\"\" data-ev_cnt=\"0\" data-show_limit=\"no\" data-tiles=\"no\" data-sort_by=\"sort_date\" data-filters_on=\"true\" data-range_start=\"0\" data-range_end=\"0\" data-send_unix=\"0\" data-ux_val=\"0\" data-accord=\"0\" data-rtl=\"no\"  ><\/div><div id='evcal_head' class='calendar_header ' ><div class='evo_cal_above'><span class='evo-gototoday-btn' style='display:none' data-mo='6' data-yr='2018' data-dy=''>Dia de Hoje<\/span><\/div><div class='evo_cal_above_content'><\/div><div class='cal_arguments' style='display:none' data-hide_past=\"no\" data-show_et_ft_img=\"yes\" data-event_order=\"ASC\" data-ft_event_priority=\"no\" data-lang=\"L1\" data-month_incre=\"0\" data-only_ft=\"no\" data-evc_open=\"no\" data-show_limit=\"no\" data-etc_override=\"no\" data-show_limit_redir=\"0\" data-tiles=\"no\" data-tile_height=\"0\" data-tile_bg=\"0\" data-tile_count=\"2\" data-tile_style=\"0\" data-s=\"\" data-members_only=\"no\" data-ux_val=\"0\" data-show_limit_ajax=\"no\" data-show_limit_paged=\"1\" ><\/div><div class='clear'><\/div><\/div><div class='evcal_month_line'><p>Junho 2018<\/p><\/div><div id='evcal_list' class='eventon_events_list '><div id=\"event_28076\" class=\"eventon_list_event evo_eventtop past_event event\" data-event_id=\"28076\" data-time=\"1527897600-1527897600\" data-colr=\"#0092e0\" itemscope itemtype='http:\/\/schema.org\/Event' 1><div class=\"evo_event_schema\" style=\"display:none\" ><a itemprop='url'  href='https:\/\/www.federacao-triatlo.pt\/ftp2015\/events\/triatlo-da-golega\/'><\/a><span itemprop='name'  >Triatlo da Goleg\u00e3<\/span><meta itemprop='image'  ><\/meta><meta itemprop='description' content='Percursos Triatlo XTerra Goleg\u00e3 2018\r\n\r\nRegulamento XTerra 2018 - Goleg\u00e3\r\n\r\nSite da Prova\r\n\r\nSL Triatlo da Goleg\u00e3 - CN Triatlo Cross\r\n\r\nSL Triatlo da Goleg\u00e3 - Prova Aberta\r\n\r\nSL' ><\/meta><meta itemprop='startDate' content='2018-6-2' ><\/meta><meta itemprop='endDate' content='2018-6-2' ><\/meta><meta itemprop='eventStatus' content='on-schedule' ><\/meta>\r\n\t\t\t\t\t\t\t\t\t<item style=\"display:none\" itemprop=\"location\" itemscope itemtype=\"http:\/\/schema.org\/Place\">\r\n\t\t\t\t\t\t\t\t\t\t<span itemprop=\"name\">Goleg\u00e3<\/span>\r\n\t\t\t\t\t\t\t\t\t\t<span itemprop=\"address\" itemscope itemtype=\"http:\/\/schema.org\/PostalAddress\">\r\n\t\t\t\t\t\t\t\t\t\t\t<item itemprop=\"streetAddress\">Equusp\u00f3lis<\/item>\r\n\t\t\t\t\t\t\t\t\t\t<\/span><\/item><script type=\"application\/ld+json\">{\t\"@context\": \"http:\/\/schema.org\",\r\n\t\t\t\t\t\t\t  \t\"@type\": \"Event\",\r\n\t\t\t\t\t\t\t  \t\"name\": \"Triatlo da Goleg\u00e3\",\r\n\t\t\t\t\t\t\t  \t\"startDate\": \"2018-6-2T00-00-00-00\",\r\n\t\t\t\t\t\t\t  \t\"endDate\": \"2018-6-2T00-00-00-00\",\r\n\t\t\t\t\t\t\t  \t\"image\":,\r\n\t\t\t\t\t\t\t  \t\"description\":\"Percursos Triatlo XTerra Goleg\u00e3 2018\r\n\r\nRegulamento XTerra 2018 - Goleg\u00e3\r\n\r\nSite da Prova\r\n\r\nSL Triatlo da Goleg\u00e3 - CN Triatlo Cross\r\n\r\nSL Triatlo da Goleg\u00e3 - Prova Aberta\r\n\r\nSL\",\r\n\t\t\t\t\t\t\t  \t\"location\":{\r\n\t\t\t\t\t\t\t\t\t\t\"@type\":\"Place\",\r\n\t\t\t\t\t\t\t\t\t\t\"name\":\"Goleg\u00e3\",\r\n\t\t\t\t\t\t\t\t\t\t\"address\":\"Equusp\u00f3lis\"\r\n\t\t\t\t\t\t\t  \t\t}\r\n\t\t\t\t\t\t\t }\r\n\t\t\t\t\t\t\t<\/script><\/div>\r\n\t\t\t\t<p class=\"desc_trig_outter\"><a data-gmtrig=\"1\" data-exlk=\"0\" style=\"border-color: #0092e0;\" id=\"evc_152789760028076\" class=\"desc_trig evo_camp-nac-clubes-triatlo-cross evo_campeonato-nacional-grupos-idade-duatlo evo_camp-nac-individual-triatlo-cross sin_val evcal_list_a\" data-ux_val=\"1\"  ><span class='evcal_cblock ' data-bgcolor='#0092e0' data-smon='Junho' data-syr='2018'><span class='evo_start '><em class='date'>02<\/em><em class='month'>jun<\/em><em class='time'>0:00<\/em><\/span><span class='evo_end only_time'><em class='time'>0:00<\/em><\/span><em class='clear'><\/em><\/span><span class='evcal_desc evo_info hide_eventtopdata ' data-latlng=\"39\u00b0 24,-8\u00b0 28\"  data-location_address=\"Equusp\u00f3lis\" data-location_type=\"lonlat\" data-location_name=\"Goleg\u00e3\" data-location_status=\"true\" ><span class='evo_above_title'><\/span><span class='evcal_desc2 evcal_event_title' itemprop='name'>Triatlo da Goleg\u00e3<\/span><span class='evo_below_title'><\/span><span class='evcal_desc_info' ><em class=\"evcal_location\" data-latlng=\"39\u00b0 24,-8\u00b0 28\"  data-add_str=\"\"><em class=\"event_location_name\">Goleg\u00e3<\/em><\/em><\/span><span class='evcal_desc3'><span class='evcal_event_types ett1'><em><i>Tipo de Evento:<\/i><\/em><em data-filter='event_type'>Camp. Nac. Clubes Triatlo Cross,<\/em><em data-filter='event_type'>Camp. Nac. Grupos Idade Duatlo,<\/em><em data-filter='event_type'>Camp. Nac. Individual Triatlo Cross<\/em><i class='clear'><\/i><\/span><\/span><\/span><em class='clear'><\/em><\/p><\/a><div class='event_description evcal_eventcard ' style=\"display:none\"><div class='evo_metarow_details evorow evcal_evdata_row bordb evcal_event_details'>\r\n\t\t\t\t\t\t\t<div class=\"event_excerpt\" style=\"display:none\"><h3 class=\"padb5 evo_h3\">Detalhes do Evento<\/h3><p>Percursos Triatlo XTerra Goleg\u00e3 2018\r\n\r\nRegulamento XTerra 2018 - Goleg\u00e3\r\n\r\nSite da Prova\r\n\r\nSL Triatlo da Goleg\u00e3 - CN Triatlo Cross\r\n\r\nSL Triatlo da Goleg\u00e3 - Prova Aberta\r\n\r\nSL<\/p><\/div><span class='evcal_evdata_icons'><i class='fa fa-align-justify'><\/i><\/span>\r\n\t\t\t\t\t\t\t\r\n\t\t\t\t\t\t\t<div class='evcal_evdata_cell '><div class='eventon_full_description'>\r\n\t\t\t\t\t\t\t\t\t<h3 class='padb5 evo_h3'><span class='evcal_evdata_icons'><i class='fa fa-align-justify'><\/i><\/span>Detalhes do Evento<\/h3><div class='eventon_desc_in' itemprop='description'>\r\n\t\t\t\t\t\t\t\t\t<p><a href=\"https:\/\/www.federacao-triatlo.pt\/ftp2015\/wp-content\/uploads\/2017\/11\/Percursos-Triatlo-XTerra-Goleg\u00e3-2018.pdf\">Percursos Triatlo XTerra Goleg\u00e3 2018<\/a><\/p>\n<p><a href=\"https:\/\/www.federacao-triatlo.pt\/ftp2015\/wp-content\/uploads\/2017\/11\/Regulamento-XTerra-2018-Goleg\u00e3-3.pdf\">Regulamento XTerra 2018 &#8211; Goleg\u00e3<\/a><\/p>\n<p><a href=\"http:\/\/xterra-portugal.com\/\">Site da Prova<\/a><\/p>\n<p><a href=\"https:\/\/www.federacao-triatlo.pt\/ftp2015\/wp-content\/uploads\/2017\/11\/SL-Triatlo-da-Goleg\u00e3-CN-Triatlo-Cross.pdf\">SL Triatlo da Goleg\u00e3 &#8211; CN Triatlo Cross<\/a><\/p>\n<p><a href=\"https:\/\/www.federacao-triatlo.pt\/ftp2015\/wp-content\/uploads\/2017\/11\/SL-Triatlo-da-Goleg\u00e3-Prova-Aberta.pdf\">SL Triatlo da Goleg\u00e3 &#8211; Prova Aberta<\/a><\/p>\n<p><a href=\"https:\/\/www.federacao-triatlo.pt\/ftp2015\/wp-content\/uploads\/2017\/11\/SL-Triatlo-da-Goleg\u00e3-CR-Jovem.pdf\">SL Triatlo da Goleg\u00e3 &#8211; CR Jovem<\/a><\/p>\n<p>&nbsp;<\/p>\n<\/div><div class='clear'><\/div>\r\n\t\t\t\t\t\t\t\t<\/div>\r\n\t\t\t\t\t\t\t<\/div>\r\n\t\t\t\t\t\t<\/div><div class='evo_metarow_gmap evorow evcal_gmaps bordb ' id='evc152789760069f3e02ef422528076_gmap' style='max-width:none'><\/div><div class='evo_metarow_getDr evorow evcal_evdata_row bordb evcal_evrow_sm getdirections'>\r\n\t\t\t\t\t\t<form action='https:\/\/maps.google.com\/maps' method='get' target='_blank'>\r\n\t\t\t\t\t\t<input type='hidden' name='daddr' value='Equusp\u00f3lis'\/> \r\n\t\t\t\t\t\t<p><input class='evoInput' type='text' name='saddr' placeholder='Escreva a morada' value=''\/>\r\n\t\t\t\t\t\t<button type='submit' class='evcal_evdata_icons evcalicon_9' title='Clique aqui para obter as dire\u00e7\u00f5es'><i class='fa fa-road'><\/i><\/button>\r\n\t\t\t\t\t\t<\/p><\/form>\r\n\t\t\t\t\t<\/div><div class='evo_metarow_time_location evorow bordb '>\r\n\t\t\t\t\t\t<div class='tb' >\r\n\t\t\t\t\t\t\t<div class='tbrow'>\r\n\t\t\t\t\t\t\t<div class='evcal_col50 bordr'>\r\n\t\t\t\t\t\t\t\t<div class='evcal_evdata_row evo_time'>\r\n\t\t\t\t\t\t\t\t\t<span class='evcal_evdata_icons'><i class='fa fa-clock-o'><\/i><\/span>\r\n\t\t\t\t\t\t\t\t\t<div class='evcal_evdata_cell'>\t\t\t\t\t\t\t\r\n\t\t\t\t\t\t\t\t\t\t<h3 class='evo_h3'><span class='evcal_evdata_icons'><i class='fa fa-clock-o'><\/i><\/span>Hor\u00e1rio<\/h3>\r\n\t\t\t\t\t\t\t\t\t\t<p>(S\u00e1bado) 0:00 - 0:00<\/p>\r\n\t\t\t\t\t\t\t\t\t<\/div>\r\n\t\t\t\t\t\t\t\t<\/div>\r\n\t\t\t\t\t\t\t<\/div><div class='evcal_col50'>\r\n\t\t\t\t\t\t\t\t<div class='evcal_evdata_row evo_location'>\r\n\t\t\t\t\t\t\t\t\t<span class='evcal_evdata_icons'><i class='fa fa-map-marker'><\/i><\/span>\r\n\t\t\t\t\t\t\t\t\t<div class='evcal_evdata_cell' data-loc_tax_id='116'>\t\t\t\t\t\t\t\r\n\t\t\t\t\t\t\t\t\t\t<h3 class='evo_h3'><span class='evcal_evdata_icons'><i class='fa fa-map-marker'><\/i><\/span>Localiza\u00e7\u00e3o<\/h3><p class='evo_location_name'>Goleg\u00e3<\/p><p>Equusp\u00f3lis<\/p>\r\n\t\t\t\t\t\t\t\t\t<\/div>\r\n\t\t\t\t\t\t\t\t<\/div>\r\n\t\t\t\t\t\t\t<\/div><div class='clear'><\/div>\r\n\t\t\t\t\t\t\t<\/div><\/div>\r\n\t\t\t\t\t\t<\/div><div class='evo_metarow_organizer evorow evcal_evdata_row bordb evcal_evrow_sm '>\r\n\t\t\t\t\t\t\t<span class='evcal_evdata_icons'><i class='fa fa-headphones'><\/i><\/span>\r\n\t\t\t\t\t\t\t<div class='evcal_evdata_cell'>\t\t\t\t\t\t\t\r\n\t\t\t\t\t\t\t\t<h3 class='evo_h3'>Evento organizado por<\/h3>\r\n\t\t\t\t\t\t\t\t\r\n\t\t\t\t\t\t\t\t<div class='evo_card_organizer'><p class='evo_data_val evo_card_organizer_name'>\r\n\t\t\t\t\t\t\t\t\t<span class='evo_card_organizer_name_t'>FTP \/ C\u00e2mara Municipal da Goleg\u00e3 \/ N\u00facleo Sportinguista da Goleg\u00e3<\/span><span class='evo_card_organizer_contact'>inscricoes@federacao-triatlo.pt<\/span>\r\n\t\t\t\t\t\t\t\t\t\r\n\t\t\t\t\t\t\t\t\t<\/p><\/div><div class='clear'><\/div>\t\t\t\t\t\t\t\r\n\t\t\t\t\t\t\t<\/div>\r\n\t\t\t\t\t\t<\/div>\t\t\t\t\t\t<div class='evo_metarow_learnMICS evorow bordb '>\r\n\t\t\t\t\t\t<div class='tb'>\r\n\t\t\t\t\t\t\t<div class='tbrow'>\r\n\t\t\t\t\t\t\t<a class='evcal_col50 dark1 bordr evo_clik_row' href='http:\/\/xterra-portugal.com\/' target=\"_blank\">\r\n\t\t\t\t\t\t\t\t<span class='evcal_evdata_row ' >\r\n\t\t\t\t\t\t\t\t\t<span class='evcal_evdata_icons'><i class='fa fa-link'><\/i><\/span>\r\n\t\t\t\t\t\t\t\t\t<h3 class='evo_h3'>Website<\/h3>\r\n\t\t\t\t\t\t\t\t<\/span>\r\n\t\t\t\t\t\t\t<\/a>\t\t\t\t\t\t\r\n\t\t\t\t\t\t\t<div class='evo_ics evcal_col50 dark1 evo_clik_row' >\r\n\t\t\t\t\t\t\t\t<div class='evcal_evdata_row'>\r\n\t\t\t\t\t\t\t\t\t<span class=\"evcal_evdata_icons\"><i class=\"fa fa-calendar\"><\/i><\/span>\r\n\t\t\t\t\t\t\t\t\t<div class='evcal_evdata_cell'>\r\n\t\t\t\t\t\t\t\t\t\t<p><a href='https:\/\/www.federacao-triatlo.pt\/ftp2015\/wp-admin\/admin-ajax.php?action=eventon_ics_download&amp;event_id=28076&amp;sunix=20180601T230000Z&amp;eunix=20180601T230000Z&amp;loca=Equusp\u00f3lis&amp;locn=Goleg\u00e3' class='evo_ics_nCal' title='Adicionar ao seu calend\u00e1rio'>Calend\u00e1rio<\/a><a href='\/\/www.google.com\/calendar\/event?action=TEMPLATE&amp;text=Triatlo+da+Goleg%C3%A3&amp;dates=20180601T230000Z\/20180601T230000Z&amp;details=Percursos+Triatlo+XTerra+Goleg%C3%A3+2018%0D%0A%0D%0ARegulamento+XTerra+2018+-+Goleg%C3%A3%0D%0A%0D%0ASite+da+Prova%0D%0A%0D%0ASL+Triatlo+da+Goleg%C3%A3+-+CN+Triatlo+Cross%0D%0A%0D%0ASL+Triatlo+da+Goleg%C3%A3+-+Prova+Aberta%0D%0A%0D%0ASL&amp;location=Goleg%C3%A3 - Equusp%C3%B3lis' target='_blank' class='evo_ics_gCal' title='Adicionar ao calend\u00e1rio Google'>GoogleCal<\/a><\/p>\t\r\n\t\t\t\t\t\t\t\t\t<\/div>\r\n\t\t\t\t\t\t\t\t<\/div>\r\n\t\t\t\t\t\t\t<\/div><\/div><\/div>\r\n\t\t\t\t\t\t<\/div>\r\n\t\t\t\t\t\t<\/div><div class='clear end'><\/div><\/div><div id=\"event_28103\" class=\"eventon_list_event evo_eventtop past_event event\" data-event_id=\"28103\" data-time=\"1528502400-1528502400\" data-colr=\"#0092e0\" itemscope itemtype='http:\/\/schema.org\/Event' 2><div class=\"evo_event_schema\" style=\"display:none\" ><a itemprop='url'  href='https:\/\/www.federacao-triatlo.pt\/ftp2015\/events\/triatlo-de-peniche-4\/'><\/a><span itemprop='name'  >Triatlo de Peniche<\/span><meta itemprop='image' content='https:\/\/www.federacao-triatlo.pt\/ftp2015\/wp-content\/uploads\/2017\/11\/Cartaz-Peniche-212x300.jpg' ><\/meta><meta itemprop='description' content='Regulamento XXXV TRIATLO CIDADE DE PENICHE\r\n\r\nPERCURSOS TRIATLO DE PENICHE PROVA SUPER SPRINT\r\n\r\nPERCURSOS TRIATLO DE PENICHE TA\u00c7A DE PORTUGAL\r\n\r\nLista Inscritos Prova Aberta\r\n\r\nLista Inscritos Camp. Nac. Universit\u00e1rio\r\n\r\n' ><\/meta><meta itemprop='startDate' content='2018-6-9' ><\/meta><meta itemprop='endDate' content='2018-6-9' ><\/meta><meta itemprop='eventStatus' content='on-schedule' ><\/meta>\r\n\t\t\t\t\t\t\t\t\t<item style=\"display:none\" itemprop=\"location\" itemscope itemtype=\"http:\/\/schema.org\/Place\">\r\n\t\t\t\t\t\t\t\t\t\t<span itemprop=\"name\">Peniche<\/span>\r\n\t\t\t\t\t\t\t\t\t\t<span itemprop=\"address\" itemscope itemtype=\"http:\/\/schema.org\/PostalAddress\">\r\n\t\t\t\t\t\t\t\t\t\t\t<item itemprop=\"streetAddress\">Peniche<\/item>\r\n\t\t\t\t\t\t\t\t\t\t<\/span><\/item><script type=\"application\/ld+json\">{\t\"@context\": \"http:\/\/schema.org\",\r\n\t\t\t\t\t\t\t  \t\"@type\": \"Event\",\r\n\t\t\t\t\t\t\t  \t\"name\": \"Triatlo de Peniche\",\r\n\t\t\t\t\t\t\t  \t\"startDate\": \"2018-6-9T00-00-00-00\",\r\n\t\t\t\t\t\t\t  \t\"endDate\": \"2018-6-9T00-00-00-00\",\r\n\t\t\t\t\t\t\t  \t\"image\":\"https:\/\/www.federacao-triatlo.pt\/ftp2015\/wp-content\/uploads\/2017\/11\/Cartaz-Peniche-212x300.jpg\",\r\n\t\t\t\t\t\t\t  \t\"description\":\"Regulamento XXXV TRIATLO CIDADE DE PENICHE\r\n\r\nPERCURSOS TRIATLO DE PENICHE PROVA SUPER SPRINT\r\n\r\nPERCURSOS TRIATLO DE PENICHE TA\u00c7A DE PORTUGAL\r\n\r\nLista Inscritos Prova Aberta\r\n\r\nLista Inscritos Camp. Nac. Universit\u00e1rio\r\n\r\n\",\r\n\t\t\t\t\t\t\t  \t\"location\":{\r\n\t\t\t\t\t\t\t\t\t\t\"@type\":\"Place\",\r\n\t\t\t\t\t\t\t\t\t\t\"name\":\"Peniche\",\r\n\t\t\t\t\t\t\t\t\t\t\"address\":\"Peniche\"\r\n\t\t\t\t\t\t\t  \t\t}\r\n\t\t\t\t\t\t\t }\r\n\t\t\t\t\t\t\t<\/script><\/div>\r\n\t\t\t\t<p class=\"desc_trig_outter\"><a data-gmtrig=\"1\" data-exlk=\"0\" style=\"border-color: #0092e0;\" id=\"evc_152850240028103\" class=\"hasFtIMG desc_trig evo_camp-nac-cadetes evo_camp-nac-universitario evo_taca-de-portugal sin_val evcal_list_a\" data-ux_val=\"1\"  ><span class='ev_ftImg' data-img='https:\/\/www.federacao-triatlo.pt\/ftp2015\/wp-content\/uploads\/2017\/11\/Cartaz-Peniche.jpg' data-thumb='https:\/\/www.federacao-triatlo.pt\/ftp2015\/wp-content\/uploads\/2017\/11\/Cartaz-Peniche-212x300.jpg' style='background-image:url(\"https:\/\/www.federacao-triatlo.pt\/ftp2015\/wp-content\/uploads\/2017\/11\/Cartaz-Peniche-212x300.jpg\")'><\/span><span class='evcal_cblock ' data-bgcolor='#0092e0' data-smon='Junho' data-syr='2018'><span class='evo_start '><em class='date'>09<\/em><em class='month'>jun<\/em><em class='time'>0:00<\/em><\/span><span class='evo_end only_time'><em class='time'>0:00<\/em><\/span><em class='clear'><\/em><\/span><span class='evcal_desc evo_info hide_eventtopdata ' data-latlng=\"39.352933,-9.378449\"  data-location_address=\"Peniche\" data-location_type=\"lonlat\" data-location_name=\"Peniche\" data-location_status=\"true\" ><span class='evo_above_title'><\/span><span class='evcal_desc2 evcal_event_title' itemprop='name'>Triatlo de Peniche<\/span><span class='evo_below_title'><\/span><span class='evcal_desc_info' ><em class=\"evcal_location\" data-latlng=\"39.352933,-9.378449\"  data-add_str=\"\"><em class=\"event_location_name\">Peniche<\/em><\/em><\/span><span class='evcal_desc3'><span class='evcal_event_types ett1'><em><i>Tipo de Evento:<\/i><\/em><em data-filter='event_type'>Camp. Nac. de Cadetes,<\/em><em data-filter='event_type'>Camp. Nac. Universit\u00e1rio,<\/em><em data-filter='event_type'>Ta\u00e7a de Portugal de Triatlo<\/em><i class='clear'><\/i><\/span><\/span><\/span><em class='clear'><\/em><\/p><\/a><div class='event_description evcal_eventcard ' style=\"display:none\"><div class='evo_metarow_directimg'><img src='https:\/\/www.federacao-triatlo.pt\/ftp2015\/wp-content\/uploads\/2017\/11\/Cartaz-Peniche.jpg' \/><\/div><div class='evo_metarow_details evorow evcal_evdata_row bordb evcal_event_details'>\r\n\t\t\t\t\t\t\t<div class=\"event_excerpt\" style=\"display:none\"><h3 class=\"padb5 evo_h3\">Detalhes do Evento<\/h3><p>Regulamento XXXV TRIATLO CIDADE DE PENICHE\r\n\r\nPERCURSOS TRIATLO DE PENICHE PROVA SUPER SPRINT\r\n\r\nPERCURSOS TRIATLO DE PENICHE TA\u00c7A DE PORTUGAL\r\n\r\nLista Inscritos Prova Aberta\r\n\r\nLista Inscritos Camp. Nac. Universit\u00e1rio\r\n\r\n<\/p><\/div><span class='evcal_evdata_icons'><i class='fa fa-align-justify'><\/i><\/span>\r\n\t\t\t\t\t\t\t\r\n\t\t\t\t\t\t\t<div class='evcal_evdata_cell '><div class='eventon_full_description'>\r\n\t\t\t\t\t\t\t\t\t<h3 class='padb5 evo_h3'><span class='evcal_evdata_icons'><i class='fa fa-align-justify'><\/i><\/span>Detalhes do Evento<\/h3><div class='eventon_desc_in' itemprop='description'>\r\n\t\t\t\t\t\t\t\t\t<p><a href=\"https:\/\/www.federacao-triatlo.pt\/ftp2015\/wp-content\/uploads\/2017\/11\/Regulamento-XXXV-TRIATLO-CIDADE-DE-PENICHE-1.pdf\">Regulamento XXXV TRIATLO CIDADE DE PENICHE<\/a><\/p>\n<p><a href=\"https:\/\/www.federacao-triatlo.pt\/ftp2015\/wp-content\/uploads\/2017\/11\/PERCURSOS-TRIATLO-DE-PENICHE-PROVA-SUPER-SPRINT.pdf\">PERCURSOS TRIATLO DE PENICHE PROVA SUPER SPRINT<\/a><\/p>\n<p><a href=\"https:\/\/www.federacao-triatlo.pt\/ftp2015\/wp-content\/uploads\/2017\/11\/PERCURSOS-TRIATLO-DE-PENICHE-TA\u00c7A-DE-PORTUGAL.pdf\">PERCURSOS TRIATLO DE PENICHE TA\u00c7A DE PORTUGAL<\/a><\/p>\n<p><a href=\"https:\/\/www.federacao-triatlo.pt\/ftp2015\/wp-content\/uploads\/2017\/11\/Lista-Inscritos-Prova-Aberta-4.pdf\">Lista Inscritos Prova Aberta<\/a><\/p>\n<p><a href=\"https:\/\/www.federacao-triatlo.pt\/ftp2015\/wp-content\/uploads\/2017\/11\/Lista-Inscritos-Camp.-Nac.-Universit\u00e1rio-1.pdf\">Lista Inscritos Camp. Nac. Universit\u00e1rio<\/a><\/p>\n<p><a href=\"https:\/\/www.federacao-triatlo.pt\/ftp2015\/wp-content\/uploads\/2017\/11\/Lista-Inscritos-Ta\u00e7a-de-Portugal-1.pdf\">Lista Inscritos Ta\u00e7a de Portugal<\/a><\/p>\n<p>&nbsp;<\/p>\n<\/div><div class='clear'><\/div>\r\n\t\t\t\t\t\t\t\t<\/div>\r\n\t\t\t\t\t\t\t<\/div>\r\n\t\t\t\t\t\t<\/div><div class='evo_metarow_gmap evorow evcal_gmaps bordb ' id='evc152850240069f3e02f0090228103_gmap' style='max-width:none'><\/div><div class='evo_metarow_getDr evorow evcal_evdata_row bordb evcal_evrow_sm getdirections'>\r\n\t\t\t\t\t\t<form action='https:\/\/maps.google.com\/maps' method='get' target='_blank'>\r\n\t\t\t\t\t\t<input type='hidden' name='daddr' value='Peniche'\/> \r\n\t\t\t\t\t\t<p><input class='evoInput' type='text' name='saddr' placeholder='Escreva a morada' value=''\/>\r\n\t\t\t\t\t\t<button type='submit' class='evcal_evdata_icons evcalicon_9' title='Clique aqui para obter as dire\u00e7\u00f5es'><i class='fa fa-road'><\/i><\/button>\r\n\t\t\t\t\t\t<\/p><\/form>\r\n\t\t\t\t\t<\/div><div class='evo_metarow_time_location evorow bordb '>\r\n\t\t\t\t\t\t<div class='tb' >\r\n\t\t\t\t\t\t\t<div class='tbrow'>\r\n\t\t\t\t\t\t\t<div class='evcal_col50 bordr'>\r\n\t\t\t\t\t\t\t\t<div class='evcal_evdata_row evo_time'>\r\n\t\t\t\t\t\t\t\t\t<span class='evcal_evdata_icons'><i class='fa fa-clock-o'><\/i><\/span>\r\n\t\t\t\t\t\t\t\t\t<div class='evcal_evdata_cell'>\t\t\t\t\t\t\t\r\n\t\t\t\t\t\t\t\t\t\t<h3 class='evo_h3'><span class='evcal_evdata_icons'><i class='fa fa-clock-o'><\/i><\/span>Hor\u00e1rio<\/h3>\r\n\t\t\t\t\t\t\t\t\t\t<p>(S\u00e1bado) 0:00 - 0:00<\/p>\r\n\t\t\t\t\t\t\t\t\t<\/div>\r\n\t\t\t\t\t\t\t\t<\/div>\r\n\t\t\t\t\t\t\t<\/div><div class='evcal_col50'>\r\n\t\t\t\t\t\t\t\t<div class='evcal_evdata_row evo_location'>\r\n\t\t\t\t\t\t\t\t\t<span class='evcal_evdata_icons'><i class='fa fa-map-marker'><\/i><\/span>\r\n\t\t\t\t\t\t\t\t\t<div class='evcal_evdata_cell' data-loc_tax_id='130'>\t\t\t\t\t\t\t\r\n\t\t\t\t\t\t\t\t\t\t<h3 class='evo_h3'><span class='evcal_evdata_icons'><i class='fa fa-map-marker'><\/i><\/span>Localiza\u00e7\u00e3o<\/h3><p class='evo_location_name'>Peniche<\/p><p>Peniche<\/p>\r\n\t\t\t\t\t\t\t\t\t<\/div>\r\n\t\t\t\t\t\t\t\t<\/div>\r\n\t\t\t\t\t\t\t<\/div><div class='clear'><\/div>\r\n\t\t\t\t\t\t\t<\/div><\/div>\r\n\t\t\t\t\t\t<\/div><div class='evo_metarow_organizer evorow evcal_evdata_row bordb evcal_evrow_sm '>\r\n\t\t\t\t\t\t\t<span class='evcal_evdata_icons'><i class='fa fa-headphones'><\/i><\/span>\r\n\t\t\t\t\t\t\t<div class='evcal_evdata_cell'>\t\t\t\t\t\t\t\r\n\t\t\t\t\t\t\t\t<h3 class='evo_h3'>Evento organizado por<\/h3>\r\n\t\t\t\t\t\t\t\t\r\n\t\t\t\t\t\t\t\t<div class='evo_card_organizer'><p class='evo_data_val evo_card_organizer_name'>\r\n\t\t\t\t\t\t\t\t\t<span class='evo_card_organizer_name_t'>FTP \/ C\u00e2mara Municipal de Peniche<\/span><span class='evo_card_organizer_contact'>inscricoes@federacao-triatlo.pt<\/span>\r\n\t\t\t\t\t\t\t\t\t\r\n\t\t\t\t\t\t\t\t\t<\/p><\/div><div class='clear'><\/div>\t\t\t\t\t\t\t\r\n\t\t\t\t\t\t\t<\/div>\r\n\t\t\t\t\t\t<\/div>\t\t\t\t\t\t<div class='evo_metarow_ICS evorow bordb evcal_evdata_row'>\r\n\t\t\t\t\t\t\t<span class=\"evcal_evdata_icons\"><i class=\"fa fa-calendar\"><\/i><\/span>\r\n\t\t\t\t\t\t\t<div class='evcal_evdata_cell'>\r\n\t\t\t\t\t\t\t\t<p><a href='https:\/\/www.federacao-triatlo.pt\/ftp2015\/wp-admin\/admin-ajax.php?action=eventon_ics_download&amp;event_id=28103&amp;sunix=20180608T230000Z&amp;eunix=20180608T230000Z&amp;loca=Peniche&amp;locn=Peniche' class='evo_ics_nCal' title='Adicionar ao seu calend\u00e1rio'>Calend\u00e1rio<\/a><a href='\/\/www.google.com\/calendar\/event?action=TEMPLATE&amp;text=Triatlo+de+Peniche&amp;dates=20180608T230000Z\/20180608T230000Z&amp;details=Regulamento+XXXV+TRIATLO+CIDADE+DE+PENICHE%0D%0A%0D%0APERCURSOS+TRIATLO+DE+PENICHE+PROVA+SUPER+SPRINT%0D%0A%0D%0APERCURSOS+TRIATLO+DE+PENICHE+TA%C3%87A+DE+PORTUGAL%0D%0A%0D%0ALista+Inscritos+Prova+Aberta%0D%0A%0D%0ALista+Inscritos+Camp.+Nac.+Universit%C3%A1rio%0D%0A%0D%0A&amp;location=Peniche - Peniche' target='_blank' class='evo_ics_gCal' title='Adicionar ao calend\u00e1rio Google'>GoogleCal<\/a><\/p>\t\r\n\t\t\t\t\t\t\t<\/div>\t\t\t\t\t\t<\/div>\r\n\t\t\t\t\t\t<\/div><div class='clear end'><\/div><\/div><div id=\"event_36498\" class=\"eventon_list_event evo_eventtop past_event event\" data-event_id=\"36498\" data-time=\"1528502401-1528588799\" data-colr=\"#0092e0\" itemscope itemtype='http:\/\/schema.org\/Event' 3><div class=\"evo_event_schema\" style=\"display:none\" ><a itemprop='url'  href='https:\/\/www.federacao-triatlo.pt\/ftp2015\/events\/aquatlo-jamor\/'><\/a><span itemprop='name'  >3\u00ba Aquatlo Escola de Nata\u00e7\u00e3o do Jamor<\/span><meta itemprop='image' content='https:\/\/www.federacao-triatlo.pt\/ftp2015\/wp-content\/uploads\/2018\/05\/cartaz_Aquatlo-jamor-2018-214x300.png' ><\/meta><meta itemprop='description' content='Inscri\u00e7\u00f5es\r\n\r\nPercursos por escal\u00e3o\r\n\r\nRegulamento 9 junho aquatlo' ><\/meta><meta itemprop='startDate' content='2018-6-9' ><\/meta><meta itemprop='endDate' content='2018-6-9' ><\/meta><meta itemprop='eventStatus' content='on-schedule' ><\/meta>\r\n\t\t\t\t\t\t\t\t\t<item style=\"display:none\" itemprop=\"location\" itemscope itemtype=\"http:\/\/schema.org\/Place\">\r\n\t\t\t\t\t\t\t\t\t\t<span itemprop=\"name\">JAMOR Centro Desportivo Nacional<\/span>\r\n\t\t\t\t\t\t\t\t\t\t<span itemprop=\"address\" itemscope itemtype=\"http:\/\/schema.org\/PostalAddress\">\r\n\t\t\t\t\t\t\t\t\t\t\t<item itemprop=\"streetAddress\">Pra\u00e7a da Maratona 1495 Cruz Quebrada<\/item>\r\n\t\t\t\t\t\t\t\t\t\t<\/span><\/item><script type=\"application\/ld+json\">{\t\"@context\": \"http:\/\/schema.org\",\r\n\t\t\t\t\t\t\t  \t\"@type\": \"Event\",\r\n\t\t\t\t\t\t\t  \t\"name\": \"3\u00ba Aquatlo Escola de Nata\u00e7\u00e3o do Jamor\",\r\n\t\t\t\t\t\t\t  \t\"startDate\": \"2018-6-9T00-00-00-00\",\r\n\t\t\t\t\t\t\t  \t\"endDate\": \"2018-6-9T23-23-59-00\",\r\n\t\t\t\t\t\t\t  \t\"image\":\"https:\/\/www.federacao-triatlo.pt\/ftp2015\/wp-content\/uploads\/2018\/05\/cartaz_Aquatlo-jamor-2018-214x300.png\",\r\n\t\t\t\t\t\t\t  \t\"description\":\"Inscri\u00e7\u00f5es\r\n\r\nPercursos por escal\u00e3o\r\n\r\nRegulamento 9 junho aquatlo\",\r\n\t\t\t\t\t\t\t  \t\"location\":{\r\n\t\t\t\t\t\t\t\t\t\t\"@type\":\"Place\",\r\n\t\t\t\t\t\t\t\t\t\t\"name\":\"JAMOR Centro Desportivo Nacional\",\r\n\t\t\t\t\t\t\t\t\t\t\"address\":\"Pra\u00e7a da Maratona 1495 Cruz Quebrada\"\r\n\t\t\t\t\t\t\t  \t\t}\r\n\t\t\t\t\t\t\t }\r\n\t\t\t\t\t\t\t<\/script><\/div>\r\n\t\t\t\t<p class=\"desc_trig_outter\"><a data-gmap_status=\"null\" data-exlk=\"0\" style=\"border-color: #0092e0;\" id=\"evc_152850240136498\" class=\"hasFtIMG desc_trig evo_prova-aberta sin_val evcal_list_a\" data-ux_val=\"1\"  ><span class='ev_ftImg' data-img='https:\/\/www.federacao-triatlo.pt\/ftp2015\/wp-content\/uploads\/2018\/05\/cartaz_Aquatlo-jamor-2018.png' data-thumb='https:\/\/www.federacao-triatlo.pt\/ftp2015\/wp-content\/uploads\/2018\/05\/cartaz_Aquatlo-jamor-2018-214x300.png' style='background-image:url(\"https:\/\/www.federacao-triatlo.pt\/ftp2015\/wp-content\/uploads\/2018\/05\/cartaz_Aquatlo-jamor-2018-214x300.png\")'><\/span><span class='evcal_cblock ' data-bgcolor='#0092e0' data-smon='Junho' data-syr='2018'><span class='evo_start '><em class='date'>09<\/em><em class='month'>jun<\/em><em class='time'>allday<\/em><\/span><span class='evo_end only_time'><em class='time'>allday<\/em><\/span><em class='clear'><\/em><\/span><span class='evcal_desc evo_info hide_eventtopdata '  data-location_address=\"Pra\u00e7a da Maratona 1495 Cruz Quebrada\" data-location_type=\"address\" data-location_name=\"JAMOR Centro Desportivo Nacional\" data-location_status=\"true\" ><span class='evo_above_title'><\/span><span class='evcal_desc2 evcal_event_title' itemprop='name'>3\u00ba Aquatlo Escola de Nata\u00e7\u00e3o do Jamor<\/span><span class='evo_below_title'><\/span><span class='evcal_desc_info' ><em class=\"evcal_location\"  data-add_str=\"\"><em class=\"event_location_name\">JAMOR Centro Desportivo Nacional<\/em><\/em><\/span><span class='evcal_desc3'><span class='evcal_event_types ett1'><em><i>Tipo de Evento:<\/i><\/em><em data-filter='event_type'>Prova Aberta<\/em><i class='clear'><\/i><\/span><\/span><\/span><em class='clear'><\/em><\/p><\/a><div class='event_description evcal_eventcard ' style=\"display:none\"><div class='evo_metarow_directimg'><img src='https:\/\/www.federacao-triatlo.pt\/ftp2015\/wp-content\/uploads\/2018\/05\/cartaz_Aquatlo-jamor-2018.png' \/><\/div><div class='evo_metarow_details evorow evcal_evdata_row bordb evcal_event_details'>\r\n\t\t\t\t\t\t\t<div class=\"event_excerpt\" style=\"display:none\"><h3 class=\"padb5 evo_h3\">Detalhes do Evento<\/h3><p>Inscri\u00e7\u00f5es\r\n\r\nPercursos por escal\u00e3o\r\n\r\nRegulamento 9 junho aquatlo<\/p><\/div><span class='evcal_evdata_icons'><i class='fa fa-align-justify'><\/i><\/span>\r\n\t\t\t\t\t\t\t\r\n\t\t\t\t\t\t\t<div class='evcal_evdata_cell '><div class='eventon_full_description'>\r\n\t\t\t\t\t\t\t\t\t<h3 class='padb5 evo_h3'><span class='evcal_evdata_icons'><i class='fa fa-align-justify'><\/i><\/span>Detalhes do Evento<\/h3><div class='eventon_desc_in' itemprop='description'>\r\n\t\t\t\t\t\t\t\t\t<p><a href=\"https:\/\/docs.google.com\/forms\/d\/e\/1FAIpQLScO9mhjUT346PoYUeBLpqeq7FMQfz3bZcoNPuC_H6F9FX1DSQ\/viewform\">Inscri\u00e7\u00f5es<\/a><\/p>\n<p><a href=\"https:\/\/www.federacao-triatlo.pt\/ftp2015\/wp-content\/uploads\/2018\/05\/Percursos-por-escal\u00e3o-1.pdf\">Percursos por escal\u00e3o<\/a><\/p>\n<p><a href=\"https:\/\/www.federacao-triatlo.pt\/ftp2015\/wp-content\/uploads\/2018\/05\/Regulamento_9_junho-aquatlo-1.pdf\">Regulamento 9 junho aquatlo<\/a><\/p>\n<\/div><div class='clear'><\/div>\r\n\t\t\t\t\t\t\t\t<\/div>\r\n\t\t\t\t\t\t\t<\/div>\r\n\t\t\t\t\t\t<\/div><div class='evo_metarow_time_location evorow bordb '>\r\n\t\t\t\t\t\t<div class='tb' >\r\n\t\t\t\t\t\t\t<div class='tbrow'>\r\n\t\t\t\t\t\t\t<div class='evcal_col50 bordr'>\r\n\t\t\t\t\t\t\t\t<div class='evcal_evdata_row evo_time'>\r\n\t\t\t\t\t\t\t\t\t<span class='evcal_evdata_icons'><i class='fa fa-clock-o'><\/i><\/span>\r\n\t\t\t\t\t\t\t\t\t<div class='evcal_evdata_cell'>\t\t\t\t\t\t\t\r\n\t\t\t\t\t\t\t\t\t\t<h3 class='evo_h3'><span class='evcal_evdata_icons'><i class='fa fa-clock-o'><\/i><\/span>Hor\u00e1rio<\/h3>\r\n\t\t\t\t\t\t\t\t\t\t<p>Todo o dia (S\u00e1bado)<\/p>\r\n\t\t\t\t\t\t\t\t\t<\/div>\r\n\t\t\t\t\t\t\t\t<\/div>\r\n\t\t\t\t\t\t\t<\/div><div class='evcal_col50'>\r\n\t\t\t\t\t\t\t\t<div class='evcal_evdata_row evo_location'>\r\n\t\t\t\t\t\t\t\t\t<span class='evcal_evdata_icons'><i class='fa fa-map-marker'><\/i><\/span>\r\n\t\t\t\t\t\t\t\t\t<div class='evcal_evdata_cell' data-loc_tax_id='20'>\t\t\t\t\t\t\t\r\n\t\t\t\t\t\t\t\t\t\t<h3 class='evo_h3'><span class='evcal_evdata_icons'><i class='fa fa-map-marker'><\/i><\/span>Localiza\u00e7\u00e3o<\/h3><p class='evo_location_name'>JAMOR Centro Desportivo Nacional<\/p><p>Pra\u00e7a da Maratona 1495 Cruz Quebrada<\/p>\r\n\t\t\t\t\t\t\t\t\t<\/div>\r\n\t\t\t\t\t\t\t\t<\/div>\r\n\t\t\t\t\t\t\t<\/div><div class='clear'><\/div>\r\n\t\t\t\t\t\t\t<\/div><\/div>\r\n\t\t\t\t\t\t<\/div>\t\t\t\t\t\t<div class='evo_metarow_ICS evorow bordb evcal_evdata_row'>\r\n\t\t\t\t\t\t\t<span class=\"evcal_evdata_icons\"><i class=\"fa fa-calendar\"><\/i><\/span>\r\n\t\t\t\t\t\t\t<div class='evcal_evdata_cell'>\r\n\t\t\t\t\t\t\t\t<p><a href='https:\/\/www.federacao-triatlo.pt\/ftp2015\/wp-admin\/admin-ajax.php?action=eventon_ics_download&amp;event_id=36498&amp;sunix=20180608T230000Z&amp;eunix=20180609T225900Z&amp;loca=Pra\u00e7a da Maratona 1495 Cruz Quebrada&amp;locn=JAMOR Centro Desportivo Nacional' class='evo_ics_nCal' title='Adicionar ao seu calend\u00e1rio'>Calend\u00e1rio<\/a><a href='\/\/www.google.com\/calendar\/event?action=TEMPLATE&amp;text=3%C2%BA+Aquatlo+Escola+de+Nata%C3%A7%C3%A3o+do+Jamor&amp;dates=20180608T230000Z\/20180609T225900Z&amp;details=Inscri%C3%A7%C3%B5es%0D%0A%0D%0APercursos+por+escal%C3%A3o%0D%0A%0D%0ARegulamento+9+junho+aquatlo&amp;location=JAMOR+Centro+Desportivo+Nacional - Pra%C3%A7a+da+Maratona+1495+Cruz+Quebrada' target='_blank' class='evo_ics_gCal' title='Adicionar ao calend\u00e1rio Google'>GoogleCal<\/a><\/p>\t\r\n\t\t\t\t\t\t\t<\/div>\t\t\t\t\t\t<\/div>\r\n\t\t\t\t\t\t<\/div><div class='clear end'><\/div><\/div><div id=\"event_28104\" class=\"eventon_list_event evo_eventtop past_event event\" data-event_id=\"28104\" data-time=\"1529193601-1529279999\" data-colr=\"#0092e0\" itemscope itemtype='http:\/\/schema.org\/Event' 4><div class=\"evo_event_schema\" style=\"display:none\" ><a itemprop='url'  href='https:\/\/www.federacao-triatlo.pt\/ftp2015\/events\/triatlo-david-vaz\/'><\/a><span itemprop='name'  >II Triatlo David Vaz (Triatlo Sprint com \"draft\")<\/span><meta itemprop='image'  ><\/meta><meta itemprop='description' content='Regulamento II Triatlo David Vaz\r\n\r\nPercursos Triatlo do Fund\u00e3o 2018\r\n\r\nPercursos Triatlo Jovem do Fund\u00e3o 2018\r\n\r\nLista Inscritos Ta\u00e7a de Portugal' ><\/meta><meta itemprop='startDate' content='2018-6-17' ><\/meta><meta itemprop='endDate' content='2018-6-17' ><\/meta><meta itemprop='eventStatus' content='on-schedule' ><\/meta>\r\n\t\t\t\t\t\t\t\t\t<item style=\"display:none\" itemprop=\"location\" itemscope itemtype=\"http:\/\/schema.org\/Place\">\r\n\t\t\t\t\t\t\t\t\t\t<span itemprop=\"name\">Fund\u00e3o<\/span>\r\n\t\t\t\t\t\t\t\t\t\t<span itemprop=\"address\" itemscope itemtype=\"http:\/\/schema.org\/PostalAddress\">\r\n\t\t\t\t\t\t\t\t\t\t\t<item itemprop=\"streetAddress\">Fund\u00e3o<\/item>\r\n\t\t\t\t\t\t\t\t\t\t<\/span><\/item><script type=\"application\/ld+json\">{\t\"@context\": \"http:\/\/schema.org\",\r\n\t\t\t\t\t\t\t  \t\"@type\": \"Event\",\r\n\t\t\t\t\t\t\t  \t\"name\": \"II Triatlo David Vaz (Triatlo Sprint com \"draft\")\",\r\n\t\t\t\t\t\t\t  \t\"startDate\": \"2018-6-17T00-00-00-00\",\r\n\t\t\t\t\t\t\t  \t\"endDate\": \"2018-6-17T23-23-59-00\",\r\n\t\t\t\t\t\t\t  \t\"image\":,\r\n\t\t\t\t\t\t\t  \t\"description\":\"Regulamento II Triatlo David Vaz\r\n\r\nPercursos Triatlo do Fund\u00e3o 2018\r\n\r\nPercursos Triatlo Jovem do Fund\u00e3o 2018\r\n\r\nLista Inscritos Ta\u00e7a de Portugal\",\r\n\t\t\t\t\t\t\t  \t\"location\":{\r\n\t\t\t\t\t\t\t\t\t\t\"@type\":\"Place\",\r\n\t\t\t\t\t\t\t\t\t\t\"name\":\"Fund\u00e3o\",\r\n\t\t\t\t\t\t\t\t\t\t\"address\":\"Fund\u00e3o\"\r\n\t\t\t\t\t\t\t  \t\t}\r\n\t\t\t\t\t\t\t }\r\n\t\t\t\t\t\t\t<\/script><\/div>\r\n\t\t\t\t<p class=\"desc_trig_outter\"><a data-gmtrig=\"1\" data-exlk=\"0\" style=\"border-color: #0092e0;\" id=\"evc_152919360128104\" class=\"desc_trig evo_taca-de-portugal sin_val evcal_list_a\" data-ux_val=\"1\"  ><span class='evcal_cblock ' data-bgcolor='#0092e0' data-smon='Junho' data-syr='2018'><span class='evo_start '><em class='date'>17<\/em><em class='month'>jun<\/em><em class='time'>allday<\/em><\/span><span class='evo_end only_time'><em class='time'>allday<\/em><\/span><em class='clear'><\/em><\/span><span class='evcal_desc evo_info hide_eventtopdata '  data-location_address=\"Fund\u00e3o\" data-location_type=\"address\" data-location_name=\"Fund\u00e3o\" data-location_status=\"true\" ><span class='evo_above_title'><\/span><span class='evcal_desc2 evcal_event_title' itemprop='name'>II Triatlo David Vaz (Triatlo Sprint com \"draft\")<\/span><span class='evo_below_title'><\/span><span class='evcal_desc_info' ><em class=\"evcal_location\"  data-add_str=\"\"><em class=\"event_location_name\">Fund\u00e3o<\/em><\/em><\/span><span class='evcal_desc3'><span class='evcal_event_types ett1'><em><i>Tipo de Evento:<\/i><\/em><em data-filter='event_type'>Ta\u00e7a de Portugal de Triatlo<\/em><i class='clear'><\/i><\/span><\/span><\/span><em class='clear'><\/em><\/p><\/a><div class='event_description evcal_eventcard ' style=\"display:none\"><div class='evo_metarow_details evorow evcal_evdata_row bordb evcal_event_details'>\r\n\t\t\t\t\t\t\t<div class=\"event_excerpt\" style=\"display:none\"><h3 class=\"padb5 evo_h3\">Detalhes do Evento<\/h3><p>Regulamento II Triatlo David Vaz\r\n\r\nPercursos Triatlo do Fund\u00e3o 2018\r\n\r\nPercursos Triatlo Jovem do Fund\u00e3o 2018\r\n\r\nLista Inscritos Ta\u00e7a de Portugal<\/p><\/div><span class='evcal_evdata_icons'><i class='fa fa-align-justify'><\/i><\/span>\r\n\t\t\t\t\t\t\t\r\n\t\t\t\t\t\t\t<div class='evcal_evdata_cell '><div class='eventon_full_description'>\r\n\t\t\t\t\t\t\t\t\t<h3 class='padb5 evo_h3'><span class='evcal_evdata_icons'><i class='fa fa-align-justify'><\/i><\/span>Detalhes do Evento<\/h3><div class='eventon_desc_in' itemprop='description'>\r\n\t\t\t\t\t\t\t\t\t<p><a href=\"https:\/\/www.federacao-triatlo.pt\/ftp2015\/wp-content\/uploads\/2017\/11\/Regulamento-II-Triatlo-David-Vaz-1.pdf\">Regulamento II Triatlo David Vaz<\/a><\/p>\n<p><a href=\"https:\/\/www.federacao-triatlo.pt\/ftp2015\/wp-content\/uploads\/2017\/11\/Percursos-Triatlo-do-Fund\u00e3o-2018.pdf\">Percursos Triatlo do Fund\u00e3o 2018<\/a><\/p>\n<p><a href=\"https:\/\/www.federacao-triatlo.pt\/ftp2015\/wp-content\/uploads\/2017\/11\/Percursos-Triatlo-Jovem-do-Fund\u00e3o-2018.pdf\">Percursos Triatlo Jovem do Fund\u00e3o 2018<\/a><\/p>\n<p><a href=\"https:\/\/www.federacao-triatlo.pt\/ftp2015\/wp-content\/uploads\/2017\/11\/Lista-Inscritos-Ta\u00e7a-de-Portugal-2.pdf\">Lista Inscritos Ta\u00e7a de Portugal<\/a><\/p>\n<\/div><div class='clear'><\/div>\r\n\t\t\t\t\t\t\t\t<\/div>\r\n\t\t\t\t\t\t\t<\/div>\r\n\t\t\t\t\t\t<\/div><div class='evo_metarow_gmap evorow evcal_gmaps bordb ' id='evc152919360169f3e02f01b2628104_gmap' style='max-width:none'><\/div><div class='evo_metarow_getDr evorow evcal_evdata_row bordb evcal_evrow_sm getdirections'>\r\n\t\t\t\t\t\t<form action='https:\/\/maps.google.com\/maps' method='get' target='_blank'>\r\n\t\t\t\t\t\t<input type='hidden' name='daddr' value='Fund\u00e3o'\/> \r\n\t\t\t\t\t\t<p><input class='evoInput' type='text' name='saddr' placeholder='Escreva a morada' value=''\/>\r\n\t\t\t\t\t\t<button type='submit' class='evcal_evdata_icons evcalicon_9' title='Clique aqui para obter as dire\u00e7\u00f5es'><i class='fa fa-road'><\/i><\/button>\r\n\t\t\t\t\t\t<\/p><\/form>\r\n\t\t\t\t\t<\/div><div class='evo_metarow_time_location evorow bordb '>\r\n\t\t\t\t\t\t<div class='tb' >\r\n\t\t\t\t\t\t\t<div class='tbrow'>\r\n\t\t\t\t\t\t\t<div class='evcal_col50 bordr'>\r\n\t\t\t\t\t\t\t\t<div class='evcal_evdata_row evo_time'>\r\n\t\t\t\t\t\t\t\t\t<span class='evcal_evdata_icons'><i class='fa fa-clock-o'><\/i><\/span>\r\n\t\t\t\t\t\t\t\t\t<div class='evcal_evdata_cell'>\t\t\t\t\t\t\t\r\n\t\t\t\t\t\t\t\t\t\t<h3 class='evo_h3'><span class='evcal_evdata_icons'><i class='fa fa-clock-o'><\/i><\/span>Hor\u00e1rio<\/h3>\r\n\t\t\t\t\t\t\t\t\t\t<p>Todo o dia (Domingo)<\/p>\r\n\t\t\t\t\t\t\t\t\t<\/div>\r\n\t\t\t\t\t\t\t\t<\/div>\r\n\t\t\t\t\t\t\t<\/div><div class='evcal_col50'>\r\n\t\t\t\t\t\t\t\t<div class='evcal_evdata_row evo_location'>\r\n\t\t\t\t\t\t\t\t\t<span class='evcal_evdata_icons'><i class='fa fa-map-marker'><\/i><\/span>\r\n\t\t\t\t\t\t\t\t\t<div class='evcal_evdata_cell' data-loc_tax_id='133'>\t\t\t\t\t\t\t\r\n\t\t\t\t\t\t\t\t\t\t<h3 class='evo_h3'><span class='evcal_evdata_icons'><i class='fa fa-map-marker'><\/i><\/span>Localiza\u00e7\u00e3o<\/h3><p class='evo_location_name'>Fund\u00e3o<\/p><p>Fund\u00e3o<\/p>\r\n\t\t\t\t\t\t\t\t\t<\/div>\r\n\t\t\t\t\t\t\t\t<\/div>\r\n\t\t\t\t\t\t\t<\/div><div class='clear'><\/div>\r\n\t\t\t\t\t\t\t<\/div><\/div>\r\n\t\t\t\t\t\t<\/div><div class='evo_metarow_organizer evorow evcal_evdata_row bordb evcal_evrow_sm '>\r\n\t\t\t\t\t\t\t<span class='evcal_evdata_icons'><i class='fa fa-headphones'><\/i><\/span>\r\n\t\t\t\t\t\t\t<div class='evcal_evdata_cell'>\t\t\t\t\t\t\t\r\n\t\t\t\t\t\t\t\t<h3 class='evo_h3'>Evento organizado por<\/h3>\r\n\t\t\t\t\t\t\t\t\r\n\t\t\t\t\t\t\t\t<div class='evo_card_organizer'><p class='evo_data_val evo_card_organizer_name'>\r\n\t\t\t\t\t\t\t\t\t<span class='evo_card_organizer_name_t'><a  href='https:\/\/www.federacao-triatlo.pt\/ftp2015'>FTP<\/a><\/span><span class='evo_card_organizer_contact'>secretaria@federacao-triatlo.pt<\/span>\r\n\t\t\t\t\t\t\t\t\t\r\n\t\t\t\t\t\t\t\t\t<\/p><\/div><div class='clear'><\/div>\t\t\t\t\t\t\t\r\n\t\t\t\t\t\t\t<\/div>\r\n\t\t\t\t\t\t<\/div>\t\t\t\t\t\t<div class='evo_metarow_ICS evorow bordb evcal_evdata_row'>\r\n\t\t\t\t\t\t\t<span class=\"evcal_evdata_icons\"><i class=\"fa fa-calendar\"><\/i><\/span>\r\n\t\t\t\t\t\t\t<div class='evcal_evdata_cell'>\r\n\t\t\t\t\t\t\t\t<p><a href='https:\/\/www.federacao-triatlo.pt\/ftp2015\/wp-admin\/admin-ajax.php?action=eventon_ics_download&amp;event_id=28104&amp;sunix=20180616T230000Z&amp;eunix=20180617T225900Z&amp;loca=Fund\u00e3o&amp;locn=Fund\u00e3o' class='evo_ics_nCal' title='Adicionar ao seu calend\u00e1rio'>Calend\u00e1rio<\/a><a href='\/\/www.google.com\/calendar\/event?action=TEMPLATE&amp;text=II+Triatlo+David+Vaz+%28Triatlo+Sprint+com+%22draft%22%29&amp;dates=20180616T230000Z\/20180617T225900Z&amp;details=Regulamento+II+Triatlo+David+Vaz%0D%0A%0D%0APercursos+Triatlo+do+Fund%C3%A3o+2018%0D%0A%0D%0APercursos+Triatlo+Jovem+do+Fund%C3%A3o+2018%0D%0A%0D%0ALista+Inscritos+Ta%C3%A7a+de+Portugal&amp;location=Fund%C3%A3o - Fund%C3%A3o' target='_blank' class='evo_ics_gCal' title='Adicionar ao calend\u00e1rio Google'>GoogleCal<\/a><\/p>\t\r\n\t\t\t\t\t\t\t<\/div>\t\t\t\t\t\t<\/div>\r\n\t\t\t\t\t\t<\/div><div class='clear end'><\/div><\/div><div id=\"event_28077\" class=\"eventon_list_event evo_eventtop past_event event\" data-event_id=\"28077\" data-time=\"1529712000-1529712000\" data-colr=\"#0092e0\" itemscope itemtype='http:\/\/schema.org\/Event' 5><div class=\"evo_event_schema\" style=\"display:none\" ><a itemprop='url'  href='https:\/\/www.federacao-triatlo.pt\/ftp2015\/events\/triatlo-de-alhandra\/'><\/a><span itemprop='name'  >II Triatlo de Alhandra<\/span><meta itemprop='image' content='https:\/\/www.federacao-triatlo.pt\/ftp2015\/wp-content\/uploads\/2017\/11\/AFCartazA3TriatloAlhandra2018-212x300.jpg' ><\/meta><meta itemprop='description' content='II Triatlo de Alhandra - Ta\u00e7a de Portugal - percursos\r\n\r\nII Triatlo de Alhandra - Prova selec\u00e7\u00e3o - percursos\r\n\r\nII Triatlo de Alhandra 2018 - Regulamento\r\n\r\nSL' ><\/meta><meta itemprop='startDate' content='2018-6-23' ><\/meta><meta itemprop='endDate' content='2018-6-23' ><\/meta><meta itemprop='eventStatus' content='on-schedule' ><\/meta>\r\n\t\t\t\t\t\t\t\t\t<item style=\"display:none\" itemprop=\"location\" itemscope itemtype=\"http:\/\/schema.org\/Place\">\r\n\t\t\t\t\t\t\t\t\t\t<span itemprop=\"name\">Vila Franca de Xira<\/span>\r\n\t\t\t\t\t\t\t\t\t\t<span itemprop=\"address\" itemscope itemtype=\"http:\/\/schema.org\/PostalAddress\">\r\n\t\t\t\t\t\t\t\t\t\t\t<item itemprop=\"streetAddress\"><\/item>\r\n\t\t\t\t\t\t\t\t\t\t<\/span><\/item><script type=\"application\/ld+json\">{\t\"@context\": \"http:\/\/schema.org\",\r\n\t\t\t\t\t\t\t  \t\"@type\": \"Event\",\r\n\t\t\t\t\t\t\t  \t\"name\": \"II Triatlo de Alhandra\",\r\n\t\t\t\t\t\t\t  \t\"startDate\": \"2018-6-23T00-00-00-00\",\r\n\t\t\t\t\t\t\t  \t\"endDate\": \"2018-6-23T00-00-00-00\",\r\n\t\t\t\t\t\t\t  \t\"image\":\"https:\/\/www.federacao-triatlo.pt\/ftp2015\/wp-content\/uploads\/2017\/11\/AFCartazA3TriatloAlhandra2018-212x300.jpg\",\r\n\t\t\t\t\t\t\t  \t\"description\":\"II Triatlo de Alhandra - Ta\u00e7a de Portugal - percursos\r\n\r\nII Triatlo de Alhandra - Prova selec\u00e7\u00e3o - percursos\r\n\r\nII Triatlo de Alhandra 2018 - Regulamento\r\n\r\nSL\",\r\n\t\t\t\t\t\t\t  \t\r\n\t\t\t\t\t\t\t }\r\n\t\t\t\t\t\t\t<\/script><\/div>\r\n\t\t\t\t<p class=\"desc_trig_outter\"><a data-gmtrig=\"1\" data-exlk=\"0\" style=\"border-color: #0092e0;\" id=\"evc_152971200028077\" class=\"hasFtIMG desc_trig evo_taca-de-portugal sin_val evcal_list_a\" data-ux_val=\"1\"  ><span class='ev_ftImg' data-img='https:\/\/www.federacao-triatlo.pt\/ftp2015\/wp-content\/uploads\/2017\/11\/AFCartazA3TriatloAlhandra2018.jpg' data-thumb='https:\/\/www.federacao-triatlo.pt\/ftp2015\/wp-content\/uploads\/2017\/11\/AFCartazA3TriatloAlhandra2018-212x300.jpg' style='background-image:url(\"https:\/\/www.federacao-triatlo.pt\/ftp2015\/wp-content\/uploads\/2017\/11\/AFCartazA3TriatloAlhandra2018-212x300.jpg\")'><\/span><span class='evcal_cblock ' data-bgcolor='#0092e0' data-smon='Junho' data-syr='2018'><span class='evo_start '><em class='date'>23<\/em><em class='month'>jun<\/em><em class='time'>0:00<\/em><\/span><span class='evo_end only_time'><em class='time'>0:00<\/em><\/span><em class='clear'><\/em><\/span><span class='evcal_desc evo_info hide_eventtopdata ' data-latlng=\"38.953137,-8.977910\"  data-location_address=\"\" data-location_type=\"lonlat\" data-location_name=\"Vila Franca de Xira\" data-location_status=\"true\" ><span class='evo_above_title'><\/span><span class='evcal_desc2 evcal_event_title' itemprop='name'>II Triatlo de Alhandra<\/span><span class='evo_below_title'><\/span><span class='evcal_desc_info' ><em class=\"evcal_location\" data-latlng=\"38.953137,-8.977910\"  data-add_str=\"\"><em class=\"event_location_name\">Vila Franca de Xira<\/em><\/em><\/span><span class='evcal_desc3'><span class='evcal_event_types ett1'><em><i>Tipo de Evento:<\/i><\/em><em data-filter='event_type'>Ta\u00e7a de Portugal de Triatlo<\/em><i class='clear'><\/i><\/span><\/span><\/span><em class='clear'><\/em><\/p><\/a><div class='event_description evcal_eventcard ' style=\"display:none\"><div class='evo_metarow_directimg'><img src='https:\/\/www.federacao-triatlo.pt\/ftp2015\/wp-content\/uploads\/2017\/11\/AFCartazA3TriatloAlhandra2018.jpg' \/><\/div><div class='evo_metarow_details evorow evcal_evdata_row bordb evcal_event_details'>\r\n\t\t\t\t\t\t\t<div class=\"event_excerpt\" style=\"display:none\"><h3 class=\"padb5 evo_h3\">Detalhes do Evento<\/h3><p>II Triatlo de Alhandra - Ta\u00e7a de Portugal - percursos\r\n\r\nII Triatlo de Alhandra - Prova selec\u00e7\u00e3o - percursos\r\n\r\nII Triatlo de Alhandra 2018 - Regulamento\r\n\r\nSL<\/p><\/div><span class='evcal_evdata_icons'><i class='fa fa-align-justify'><\/i><\/span>\r\n\t\t\t\t\t\t\t\r\n\t\t\t\t\t\t\t<div class='evcal_evdata_cell '><div class='eventon_full_description'>\r\n\t\t\t\t\t\t\t\t\t<h3 class='padb5 evo_h3'><span class='evcal_evdata_icons'><i class='fa fa-align-justify'><\/i><\/span>Detalhes do Evento<\/h3><div class='eventon_desc_in' itemprop='description'>\r\n\t\t\t\t\t\t\t\t\t<p><a href=\"https:\/\/www.federacao-triatlo.pt\/ftp2015\/wp-content\/uploads\/2017\/11\/II-Triatlo-de-Alhandra-Ta\u00e7a-de-Portugal-percursos.pdf\">II Triatlo de Alhandra &#8211; Ta\u00e7a de Portugal &#8211; percursos<\/a><\/p>\n<p><a href=\"https:\/\/www.federacao-triatlo.pt\/ftp2015\/wp-content\/uploads\/2017\/11\/II-Triatlo-de-Alhandra-Prova-selec\u00e7\u00e3o-percursos.pdf\">II Triatlo de Alhandra &#8211; Prova selec\u00e7\u00e3o &#8211; percursos<\/a><\/p>\n<p><a href=\"https:\/\/www.federacao-triatlo.pt\/ftp2015\/wp-content\/uploads\/2017\/11\/II-Triatlo-de-Alhandra-V-F-de-Xira-Regulamento.1.pdf\">II Triatlo de Alhandra 2018 &#8211; Regulamento<\/a><\/p>\n<p><a href=\"https:\/\/www.federacao-triatlo.pt\/ftp2015\/wp-content\/uploads\/2017\/11\/SL-Triatlo-de-Alhandra-Ta\u00e7a-de-Portugal.pdf\" target=\"_blank\" rel=\"noopener\">SL Triatlo de Alhandra &#8211; Ta\u00e7a de Portugal<\/a><\/p>\n<p><a href=\"https:\/\/www.federacao-triatlo.pt\/ftp2015\/wp-content\/uploads\/2017\/11\/SL-Triatlo-de-Alhandra-Prova-Sele\u00e7\u00e3o-Youth.pdf\" target=\"_blank\" rel=\"noopener\">SL Triatlo de Alhandra &#8211; Prova Sele\u00e7\u00e3o Youth<\/a><\/p>\n<\/div><div class='clear'><\/div>\r\n\t\t\t\t\t\t\t\t<\/div>\r\n\t\t\t\t\t\t\t<\/div>\r\n\t\t\t\t\t\t<\/div><div class='evo_metarow_gmap evorow evcal_gmaps bordb ' id='evc152971200069f3e02f0224128077_gmap' style='max-width:none'><\/div><div class='evo_metarow_getDr evorow evcal_evdata_row bordb evcal_evrow_sm getdirections'>\r\n\t\t\t\t\t\t<form action='https:\/\/maps.google.com\/maps' method='get' target='_blank'>\r\n\t\t\t\t\t\t<input type='hidden' name='daddr' value='38.953137,-8.977910'\/> \r\n\t\t\t\t\t\t<p><input class='evoInput' type='text' name='saddr' placeholder='Escreva a morada' value=''\/>\r\n\t\t\t\t\t\t<button type='submit' class='evcal_evdata_icons evcalicon_9' title='Clique aqui para obter as dire\u00e7\u00f5es'><i class='fa fa-road'><\/i><\/button>\r\n\t\t\t\t\t\t<\/p><\/form>\r\n\t\t\t\t\t<\/div><div class='evo_metarow_time_location evorow bordb '>\r\n\t\t\t\t\t\t<div class='tb' >\r\n\t\t\t\t\t\t\t<div class='tbrow'>\r\n\t\t\t\t\t\t\t<div class='evcal_col50 bordr'>\r\n\t\t\t\t\t\t\t\t<div class='evcal_evdata_row evo_time'>\r\n\t\t\t\t\t\t\t\t\t<span class='evcal_evdata_icons'><i class='fa fa-clock-o'><\/i><\/span>\r\n\t\t\t\t\t\t\t\t\t<div class='evcal_evdata_cell'>\t\t\t\t\t\t\t\r\n\t\t\t\t\t\t\t\t\t\t<h3 class='evo_h3'><span class='evcal_evdata_icons'><i class='fa fa-clock-o'><\/i><\/span>Hor\u00e1rio<\/h3>\r\n\t\t\t\t\t\t\t\t\t\t<p>(S\u00e1bado) 0:00 - 0:00<\/p>\r\n\t\t\t\t\t\t\t\t\t<\/div>\r\n\t\t\t\t\t\t\t\t<\/div>\r\n\t\t\t\t\t\t\t<\/div><div class='evcal_col50'>\r\n\t\t\t\t\t\t\t\t<div class='evcal_evdata_row evo_location'>\r\n\t\t\t\t\t\t\t\t\t<span class='evcal_evdata_icons'><i class='fa fa-map-marker'><\/i><\/span>\r\n\t\t\t\t\t\t\t\t\t<div class='evcal_evdata_cell' data-loc_tax_id='31'>\t\t\t\t\t\t\t\r\n\t\t\t\t\t\t\t\t\t\t<h3 class='evo_h3'><span class='evcal_evdata_icons'><i class='fa fa-map-marker'><\/i><\/span>Localiza\u00e7\u00e3o<\/h3><p class='evo_location_name'>Vila Franca de Xira<\/p><p><\/p>\r\n\t\t\t\t\t\t\t\t\t<\/div>\r\n\t\t\t\t\t\t\t\t<\/div>\r\n\t\t\t\t\t\t\t<\/div><div class='clear'><\/div>\r\n\t\t\t\t\t\t\t<\/div><\/div>\r\n\t\t\t\t\t\t<\/div><div class='evo_metarow_organizer evorow evcal_evdata_row bordb evcal_evrow_sm '>\r\n\t\t\t\t\t\t\t<span class='evcal_evdata_icons'><i class='fa fa-headphones'><\/i><\/span>\r\n\t\t\t\t\t\t\t<div class='evcal_evdata_cell'>\t\t\t\t\t\t\t\r\n\t\t\t\t\t\t\t\t<h3 class='evo_h3'>Evento organizado por<\/h3>\r\n\t\t\t\t\t\t\t\t\r\n\t\t\t\t\t\t\t\t<div class='evo_card_organizer'><p class='evo_data_val evo_card_organizer_name'>\r\n\t\t\t\t\t\t\t\t\t<span class='evo_card_organizer_name_t'>FTP \/ C\u00e2mara municipal de Vila Franca e Xira<\/span><span class='evo_card_organizer_contact'>inscricoes@federacao-triatlo.pt<\/span>\r\n\t\t\t\t\t\t\t\t\t\r\n\t\t\t\t\t\t\t\t\t<\/p><\/div><div class='clear'><\/div>\t\t\t\t\t\t\t\r\n\t\t\t\t\t\t\t<\/div>\r\n\t\t\t\t\t\t<\/div>\t\t\t\t\t\t<div class='evo_metarow_ICS evorow bordb evcal_evdata_row'>\r\n\t\t\t\t\t\t\t<span class=\"evcal_evdata_icons\"><i class=\"fa fa-calendar\"><\/i><\/span>\r\n\t\t\t\t\t\t\t<div class='evcal_evdata_cell'>\r\n\t\t\t\t\t\t\t\t<p><a href='https:\/\/www.federacao-triatlo.pt\/ftp2015\/wp-admin\/admin-ajax.php?action=eventon_ics_download&amp;event_id=28077&amp;sunix=20180622T230000Z&amp;eunix=20180622T230000Z&amp;loca=&amp;locn=Vila Franca de Xira' class='evo_ics_nCal' title='Adicionar ao seu calend\u00e1rio'>Calend\u00e1rio<\/a><a href='\/\/www.google.com\/calendar\/event?action=TEMPLATE&amp;text=II+Triatlo+de+Alhandra&amp;dates=20180622T230000Z\/20180622T230000Z&amp;details=II+Triatlo+de+Alhandra+-+Ta%C3%A7a+de+Portugal+-+percursos%0D%0A%0D%0AII+Triatlo+de+Alhandra+-+Prova+selec%C3%A7%C3%A3o+-+percursos%0D%0A%0D%0AII+Triatlo+de+Alhandra+2018+-+Regulamento%0D%0A%0D%0ASL&amp;location=Vila+Franca+de+Xira - ' target='_blank' class='evo_ics_gCal' title='Adicionar ao calend\u00e1rio Google'>GoogleCal<\/a><\/p>\t\r\n\t\t\t\t\t\t\t<\/div>\t\t\t\t\t\t<\/div>\r\n\t\t\t\t\t\t<\/div><div class='clear end'><\/div><\/div><\/div><div class='clear'><\/div><\/div><!-- ajde_evcal_calendar-->\n<div id='evcal_calendar_359' class='ajde_evcal_calendar  ul' ><div class='evo-data' data-cyear=\"2018\" data-cmonth=\"7\" data-runajax=\"1\" data-evc_open=\"0\" data-cal_ver=\"2.6\" data-mapscroll=\"true\" data-mapformat=\"roadmap\" data-mapzoom=\"14\" data-mapiconurl=\"\" data-ev_cnt=\"0\" data-show_limit=\"no\" data-tiles=\"no\" data-sort_by=\"sort_date\" data-filters_on=\"true\" data-range_start=\"0\" data-range_end=\"0\" data-send_unix=\"0\" data-ux_val=\"0\" data-accord=\"0\" data-rtl=\"no\"  ><\/div><div id='evcal_head' class='calendar_header ' ><div class='evo_cal_above'><span class='evo-gototoday-btn' style='display:none' data-mo='7' data-yr='2018' data-dy=''>Dia de Hoje<\/span><\/div><div class='evo_cal_above_content'><\/div><div class='cal_arguments' style='display:none' data-hide_past=\"no\" data-show_et_ft_img=\"yes\" data-event_order=\"ASC\" data-ft_event_priority=\"no\" data-lang=\"L1\" data-month_incre=\"0\" data-only_ft=\"no\" data-evc_open=\"no\" data-show_limit=\"no\" data-etc_override=\"no\" data-show_limit_redir=\"0\" data-tiles=\"no\" data-tile_height=\"0\" data-tile_bg=\"0\" data-tile_count=\"2\" data-tile_style=\"0\" data-s=\"\" data-members_only=\"no\" data-ux_val=\"0\" data-show_limit_ajax=\"no\" data-show_limit_paged=\"1\" ><\/div><div class='clear'><\/div><\/div><div class='evcal_month_line'><p>Julho 2018<\/p><\/div><div id='evcal_list' class='eventon_events_list '><div id=\"event_28080\" class=\"eventon_list_event evo_eventtop past_event event\" data-event_id=\"28080\" data-time=\"1530403201-1530489599\" data-colr=\"#0092e0\" itemscope itemtype='http:\/\/schema.org\/Event' 1><div class=\"evo_event_schema\" style=\"display:none\" ><a itemprop='url'  href='https:\/\/www.federacao-triatlo.pt\/ftp2015\/events\/triatlo-longo-de-caminha-2018\/'><\/a><span itemprop='name'  >Triatlo Longo de Caminha 2018<\/span><meta itemprop='image' content='https:\/\/www.federacao-triatlo.pt\/ftp2015\/wp-content\/uploads\/2017\/11\/tri-300x114.jpg' ><\/meta><meta itemprop='description' content='Regulamento VI Triatlo de Caminha\r\n\r\nPercursos Caminha Aberta 2018\r\n\r\nPercursos Caminha Longo 2018\r\n\r\nLista Inscritos Camp. Nac. Clubes\r\n\r\nLista Inscritos Prova Aberta\r\n\r\n&nbsp;\r\n\r\n&nbsp;' ><\/meta><meta itemprop='startDate' content='2018-7-1' ><\/meta><meta itemprop='endDate' content='2018-7-1' ><\/meta><meta itemprop='eventStatus' content='on-schedule' ><\/meta>\r\n\t\t\t\t\t\t\t\t\t<item style=\"display:none\" itemprop=\"location\" itemscope itemtype=\"http:\/\/schema.org\/Place\">\r\n\t\t\t\t\t\t\t\t\t\t<span itemprop=\"name\">Caminha<\/span>\r\n\t\t\t\t\t\t\t\t\t\t<span itemprop=\"address\" itemscope itemtype=\"http:\/\/schema.org\/PostalAddress\">\r\n\t\t\t\t\t\t\t\t\t\t\t<item itemprop=\"streetAddress\">Caminha<\/item>\r\n\t\t\t\t\t\t\t\t\t\t<\/span><\/item><script type=\"application\/ld+json\">{\t\"@context\": \"http:\/\/schema.org\",\r\n\t\t\t\t\t\t\t  \t\"@type\": \"Event\",\r\n\t\t\t\t\t\t\t  \t\"name\": \"Triatlo Longo de Caminha 2018\",\r\n\t\t\t\t\t\t\t  \t\"startDate\": \"2018-7-1T00-00-00-00\",\r\n\t\t\t\t\t\t\t  \t\"endDate\": \"2018-7-1T23-23-59-00\",\r\n\t\t\t\t\t\t\t  \t\"image\":\"https:\/\/www.federacao-triatlo.pt\/ftp2015\/wp-content\/uploads\/2017\/11\/tri-300x114.jpg\",\r\n\t\t\t\t\t\t\t  \t\"description\":\"Regulamento VI Triatlo de Caminha\r\n\r\nPercursos Caminha Aberta 2018\r\n\r\nPercursos Caminha Longo 2018\r\n\r\nLista Inscritos Camp. Nac. Clubes\r\n\r\nLista Inscritos Prova Aberta\r\n\r\n&nbsp;\r\n\r\n&nbsp;\",\r\n\t\t\t\t\t\t\t  \t\"location\":{\r\n\t\t\t\t\t\t\t\t\t\t\"@type\":\"Place\",\r\n\t\t\t\t\t\t\t\t\t\t\"name\":\"Caminha\",\r\n\t\t\t\t\t\t\t\t\t\t\"address\":\"Caminha\"\r\n\t\t\t\t\t\t\t  \t\t}\r\n\t\t\t\t\t\t\t }\r\n\t\t\t\t\t\t\t<\/script><\/div>\r\n\t\t\t\t<p class=\"desc_trig_outter\"><a data-gmtrig=\"1\" data-exlk=\"0\" style=\"border-color: #0092e0;\" id=\"evc_153040320128080\" class=\"hasFtIMG desc_trig evo_camp-nac-clubes-triatlo-longa-distancia sin_val evcal_list_a\" data-ux_val=\"1\"  ><span class='ev_ftImg' data-img='https:\/\/www.federacao-triatlo.pt\/ftp2015\/wp-content\/uploads\/2017\/11\/tri.jpg' data-thumb='https:\/\/www.federacao-triatlo.pt\/ftp2015\/wp-content\/uploads\/2017\/11\/tri-300x114.jpg' style='background-image:url(\"https:\/\/www.federacao-triatlo.pt\/ftp2015\/wp-content\/uploads\/2017\/11\/tri-300x114.jpg\")'><\/span><span class='evcal_cblock ' data-bgcolor='#0092e0' data-smon='Julho' data-syr='2018'><span class='evo_start '><em class='date'>01<\/em><em class='month'>jul<\/em><em class='time'>allday<\/em><\/span><span class='evo_end only_time'><em class='time'>allday<\/em><\/span><em class='clear'><\/em><\/span><span class='evcal_desc evo_info hide_eventtopdata ' data-latlng=\"41.8732082,-8.8378454\"  data-location_address=\"Caminha\" data-location_type=\"lonlat\" data-location_name=\"Caminha\" data-location_status=\"true\" ><span class='evo_above_title'><\/span><span class='evcal_desc2 evcal_event_title' itemprop='name'>Triatlo Longo de Caminha 2018<\/span><span class='evo_below_title'><\/span><span class='evcal_desc_info' ><em class=\"evcal_location\" data-latlng=\"41.8732082,-8.8378454\"  data-add_str=\"\"><em class=\"event_location_name\">Caminha<\/em><\/em><\/span><span class='evcal_desc3'><span class='evcal_event_types ett1'><em><i>Tipo de Evento:<\/i><\/em><em data-filter='event_type'>Camp. Nac. Clubes Triatlo Longa Dist\u00e2ncia<\/em><i class='clear'><\/i><\/span><\/span><\/span><em class='clear'><\/em><\/p><\/a><div class='event_description evcal_eventcard ' style=\"display:none\"><div class='evo_metarow_directimg'><img src='https:\/\/www.federacao-triatlo.pt\/ftp2015\/wp-content\/uploads\/2017\/11\/tri.jpg' \/><\/div><div class='evo_metarow_details evorow evcal_evdata_row bordb evcal_event_details'>\r\n\t\t\t\t\t\t\t<div class=\"event_excerpt\" style=\"display:none\"><h3 class=\"padb5 evo_h3\">Detalhes do Evento<\/h3><p>Regulamento VI Triatlo de Caminha\r\n\r\nPercursos Caminha Aberta 2018\r\n\r\nPercursos Caminha Longo 2018\r\n\r\nLista Inscritos Camp. Nac. Clubes\r\n\r\nLista Inscritos Prova Aberta\r\n\r\n&nbsp;\r\n\r\n&nbsp;<\/p><\/div><span class='evcal_evdata_icons'><i class='fa fa-align-justify'><\/i><\/span>\r\n\t\t\t\t\t\t\t\r\n\t\t\t\t\t\t\t<div class='evcal_evdata_cell '><div class='eventon_full_description'>\r\n\t\t\t\t\t\t\t\t\t<h3 class='padb5 evo_h3'><span class='evcal_evdata_icons'><i class='fa fa-align-justify'><\/i><\/span>Detalhes do Evento<\/h3><div class='eventon_desc_in' itemprop='description'>\r\n\t\t\t\t\t\t\t\t\t<p><a href=\"https:\/\/www.federacao-triatlo.pt\/ftp2015\/wp-content\/uploads\/2017\/11\/Regulamento_VI-Triatlo-de-Caminha.pdf\">Regulamento VI Triatlo de Caminha<\/a><\/p>\n<p><a href=\"https:\/\/www.federacao-triatlo.pt\/ftp2015\/wp-content\/uploads\/2017\/11\/Percursos-Caminha-Aberta-2018.pdf\">Percursos Caminha Aberta 2018<\/a><\/p>\n<p><a href=\"https:\/\/www.federacao-triatlo.pt\/ftp2015\/wp-content\/uploads\/2017\/11\/Percursos-Caminha-Longo-2018.pdf\">Percursos Caminha Longo 2018<\/a><\/p>\n<p><a href=\"https:\/\/www.federacao-triatlo.pt\/ftp2015\/wp-content\/uploads\/2017\/11\/Lista-Inscritos-Camp.-Nac.-Clubes-3.pdf\">Lista Inscritos Camp. Nac. Clubes<\/a><\/p>\n<p><a href=\"https:\/\/www.federacao-triatlo.pt\/ftp2015\/wp-content\/uploads\/2017\/11\/Lista-Inscritos-Prova-Aberta-5.pdf\">Lista Inscritos Prova Aberta<\/a><\/p>\n<p>&nbsp;<\/p>\n<p>&nbsp;<\/p>\n<\/div><div class='clear'><\/div>\r\n\t\t\t\t\t\t\t\t<\/div>\r\n\t\t\t\t\t\t\t<\/div>\r\n\t\t\t\t\t\t<\/div><div class='evo_metarow_gmap evorow evcal_gmaps bordb ' id='evc153040320169f3e02f04f4128080_gmap' style='max-width:none'><\/div><div class='evo_metarow_getDr evorow evcal_evdata_row bordb evcal_evrow_sm getdirections'>\r\n\t\t\t\t\t\t<form action='https:\/\/maps.google.com\/maps' method='get' target='_blank'>\r\n\t\t\t\t\t\t<input type='hidden' name='daddr' value='Caminha'\/> \r\n\t\t\t\t\t\t<p><input class='evoInput' type='text' name='saddr' placeholder='Escreva a morada' value=''\/>\r\n\t\t\t\t\t\t<button type='submit' class='evcal_evdata_icons evcalicon_9' title='Clique aqui para obter as dire\u00e7\u00f5es'><i class='fa fa-road'><\/i><\/button>\r\n\t\t\t\t\t\t<\/p><\/form>\r\n\t\t\t\t\t<\/div><div class='evo_metarow_time_location evorow bordb '>\r\n\t\t\t\t\t\t<div class='tb' >\r\n\t\t\t\t\t\t\t<div class='tbrow'>\r\n\t\t\t\t\t\t\t<div class='evcal_col50 bordr'>\r\n\t\t\t\t\t\t\t\t<div class='evcal_evdata_row evo_time'>\r\n\t\t\t\t\t\t\t\t\t<span class='evcal_evdata_icons'><i class='fa fa-clock-o'><\/i><\/span>\r\n\t\t\t\t\t\t\t\t\t<div class='evcal_evdata_cell'>\t\t\t\t\t\t\t\r\n\t\t\t\t\t\t\t\t\t\t<h3 class='evo_h3'><span class='evcal_evdata_icons'><i class='fa fa-clock-o'><\/i><\/span>Hor\u00e1rio<\/h3>\r\n\t\t\t\t\t\t\t\t\t\t<p>Todo o dia (Domingo)<\/p>\r\n\t\t\t\t\t\t\t\t\t<\/div>\r\n\t\t\t\t\t\t\t\t<\/div>\r\n\t\t\t\t\t\t\t<\/div><div class='evcal_col50'>\r\n\t\t\t\t\t\t\t\t<div class='evcal_evdata_row evo_location'>\r\n\t\t\t\t\t\t\t\t\t<span class='evcal_evdata_icons'><i class='fa fa-map-marker'><\/i><\/span>\r\n\t\t\t\t\t\t\t\t\t<div class='evcal_evdata_cell' data-loc_tax_id='121'>\t\t\t\t\t\t\t\r\n\t\t\t\t\t\t\t\t\t\t<h3 class='evo_h3'><span class='evcal_evdata_icons'><i class='fa fa-map-marker'><\/i><\/span>Localiza\u00e7\u00e3o<\/h3><p class='evo_location_name'>Caminha<\/p><p>Caminha<\/p>\r\n\t\t\t\t\t\t\t\t\t<\/div>\r\n\t\t\t\t\t\t\t\t<\/div>\r\n\t\t\t\t\t\t\t<\/div><div class='clear'><\/div>\r\n\t\t\t\t\t\t\t<\/div><\/div>\r\n\t\t\t\t\t\t<\/div><div class='evo_metarow_organizer evorow evcal_evdata_row bordb evcal_evrow_sm '>\r\n\t\t\t\t\t\t\t<span class='evcal_evdata_icons'><i class='fa fa-headphones'><\/i><\/span>\r\n\t\t\t\t\t\t\t<div class='evcal_evdata_cell'>\t\t\t\t\t\t\t\r\n\t\t\t\t\t\t\t\t<h3 class='evo_h3'>Evento organizado por<\/h3>\r\n\t\t\t\t\t\t\t\t\r\n\t\t\t\t\t\t\t\t<div class='evo_card_organizer'><p class='evo_data_val evo_card_organizer_name'>\r\n\t\t\t\t\t\t\t\t\t<span class='evo_card_organizer_name_t'>FTP \/ C\u00e2mara Municipal da Caminha \/ Associa\u00e7\u00e3o Triatlo Caminha<\/span><span class='evo_card_organizer_contact'>inscricoes@federacao-triatlo.pt<\/span>\r\n\t\t\t\t\t\t\t\t\t\r\n\t\t\t\t\t\t\t\t\t<\/p><\/div><div class='clear'><\/div>\t\t\t\t\t\t\t\r\n\t\t\t\t\t\t\t<\/div>\r\n\t\t\t\t\t\t<\/div>\t\t\t\t\t\t<div class='evo_metarow_ICS evorow bordb evcal_evdata_row'>\r\n\t\t\t\t\t\t\t<span class=\"evcal_evdata_icons\"><i class=\"fa fa-calendar\"><\/i><\/span>\r\n\t\t\t\t\t\t\t<div class='evcal_evdata_cell'>\r\n\t\t\t\t\t\t\t\t<p><a href='https:\/\/www.federacao-triatlo.pt\/ftp2015\/wp-admin\/admin-ajax.php?action=eventon_ics_download&amp;event_id=28080&amp;sunix=20180630T230000Z&amp;eunix=20180701T225900Z&amp;loca=Caminha&amp;locn=Caminha' class='evo_ics_nCal' title='Adicionar ao seu calend\u00e1rio'>Calend\u00e1rio<\/a><a href='\/\/www.google.com\/calendar\/event?action=TEMPLATE&amp;text=Triatlo+Longo+de+Caminha+2018&amp;dates=20180630T230000Z\/20180701T225900Z&amp;details=Regulamento+VI+Triatlo+de+Caminha%0D%0A%0D%0APercursos+Caminha+Aberta+2018%0D%0A%0D%0APercursos+Caminha+Longo+2018%0D%0A%0D%0ALista+Inscritos+Camp.+Nac.+Clubes%0D%0A%0D%0ALista+Inscritos+Prova+Aberta%0D%0A%0D%0A%26nbsp%3B%0D%0A%0D%0A%26nbsp%3B&amp;location=Caminha - Caminha' target='_blank' class='evo_ics_gCal' title='Adicionar ao calend\u00e1rio Google'>GoogleCal<\/a><\/p>\t\r\n\t\t\t\t\t\t\t<\/div>\t\t\t\t\t\t<\/div>\r\n\t\t\t\t\t\t<\/div><div class='clear end'><\/div><\/div><div id=\"event_37573\" class=\"eventon_list_event evo_eventtop past_event event\" data-event_id=\"37573\" data-time=\"1530921601-1531007999\" data-colr=\"#0092e0\" itemscope itemtype='http:\/\/schema.org\/Event' 2><div class=\"evo_event_schema\" style=\"display:none\" ><a itemprop='url'  href='https:\/\/www.federacao-triatlo.pt\/ftp2015\/events\/triatlo-de-montemor-o-velho-2018\/'><\/a><span itemprop='name'  >Triatlo de Montemor-o-Velho 2018<\/span><meta itemprop='image' content='https:\/\/www.federacao-triatlo.pt\/ftp2015\/wp-content\/uploads\/2018\/06\/Triatlo_MMV_A3_01-212x300.png' ><\/meta><meta itemprop='description' content='Regulamento CN Clubes Triatlo Contra-Rel\u00f3gio Montemor Velho\r\n\r\nPercursos CNClubes Contra-Rel\u00f3gio Triatlo\r\n\r\nNormas especificas para as provas de CONTRARREL\u00d3GIO-DE-TRIATLO-E-DUATLO\r\n\r\nPara formalizar as inscri\u00e7\u00f5es ter\u00e1 de se proceder ao preenchimento e envio' ><\/meta><meta itemprop='startDate' content='2018-7-7' ><\/meta><meta itemprop='endDate' content='2018-7-7' ><\/meta><meta itemprop='eventStatus' content='on-schedule' ><\/meta>\r\n\t\t\t\t\t\t\t\t\t<item style=\"display:none\" itemprop=\"location\" itemscope itemtype=\"http:\/\/schema.org\/Place\">\r\n\t\t\t\t\t\t\t\t\t\t<span itemprop=\"name\">Montemor-O-Velho<\/span>\r\n\t\t\t\t\t\t\t\t\t\t<span itemprop=\"address\" itemscope itemtype=\"http:\/\/schema.org\/PostalAddress\">\r\n\t\t\t\t\t\t\t\t\t\t\t<item itemprop=\"streetAddress\">Montemor-O-Velho<\/item>\r\n\t\t\t\t\t\t\t\t\t\t<\/span><\/item><script type=\"application\/ld+json\">{\t\"@context\": \"http:\/\/schema.org\",\r\n\t\t\t\t\t\t\t  \t\"@type\": \"Event\",\r\n\t\t\t\t\t\t\t  \t\"name\": \"Triatlo de Montemor-o-Velho 2018\",\r\n\t\t\t\t\t\t\t  \t\"startDate\": \"2018-7-7T00-00-00-00\",\r\n\t\t\t\t\t\t\t  \t\"endDate\": \"2018-7-7T23-23-59-00\",\r\n\t\t\t\t\t\t\t  \t\"image\":\"https:\/\/www.federacao-triatlo.pt\/ftp2015\/wp-content\/uploads\/2018\/06\/Triatlo_MMV_A3_01-212x300.png\",\r\n\t\t\t\t\t\t\t  \t\"description\":\"Regulamento CN Clubes Triatlo Contra-Rel\u00f3gio Montemor Velho\r\n\r\nPercursos CNClubes Contra-Rel\u00f3gio Triatlo\r\n\r\nNormas especificas para as provas de CONTRARREL\u00d3GIO-DE-TRIATLO-E-DUATLO\r\n\r\nPara formalizar as inscri\u00e7\u00f5es ter\u00e1 de se proceder ao preenchimento e envio\",\r\n\t\t\t\t\t\t\t  \t\"location\":{\r\n\t\t\t\t\t\t\t\t\t\t\"@type\":\"Place\",\r\n\t\t\t\t\t\t\t\t\t\t\"name\":\"Montemor-O-Velho\",\r\n\t\t\t\t\t\t\t\t\t\t\"address\":\"Montemor-O-Velho\"\r\n\t\t\t\t\t\t\t  \t\t}\r\n\t\t\t\t\t\t\t }\r\n\t\t\t\t\t\t\t<\/script><\/div>\r\n\t\t\t\t<p class=\"desc_trig_outter\"><a data-gmtrig=\"1\" data-exlk=\"0\" style=\"border-color: #0092e0;\" id=\"evc_153092160137573\" class=\"hasFtIMG desc_trig evo_camp-nac-clubes-triatlo-contra-relogio sin_val evcal_list_a\" data-ux_val=\"1\"  ><span class='ev_ftImg' data-img='https:\/\/www.federacao-triatlo.pt\/ftp2015\/wp-content\/uploads\/2018\/06\/Triatlo_MMV_A3_01.png' data-thumb='https:\/\/www.federacao-triatlo.pt\/ftp2015\/wp-content\/uploads\/2018\/06\/Triatlo_MMV_A3_01-212x300.png' style='background-image:url(\"https:\/\/www.federacao-triatlo.pt\/ftp2015\/wp-content\/uploads\/2018\/06\/Triatlo_MMV_A3_01-212x300.png\")'><\/span><span class='evcal_cblock ' data-bgcolor='#0092e0' data-smon='Julho' data-syr='2018'><span class='evo_start '><em class='date'>07<\/em><em class='month'>jul<\/em><em class='time'>allday<\/em><\/span><span class='evo_end only_time'><em class='time'>allday<\/em><\/span><em class='clear'><\/em><\/span><span class='evcal_desc evo_info hide_eventtopdata ' data-latlng=\"40.17518,-8.655031\"  data-location_address=\"Montemor-O-Velho\" data-location_type=\"lonlat\" data-location_name=\"Montemor-O-Velho\" data-location_status=\"true\" ><span class='evo_above_title'><\/span><span class='evcal_desc2 evcal_event_title' itemprop='name'>Triatlo de Montemor-o-Velho 2018<\/span><span class='evo_below_title'><\/span><span class='evcal_desc_info' ><em class=\"evcal_location\" data-latlng=\"40.17518,-8.655031\"  data-add_str=\"\"><em class=\"event_location_name\">Montemor-O-Velho<\/em><\/em><\/span><span class='evcal_desc3'><span class='evcal_event_types ett1'><em><i>Tipo de Evento:<\/i><\/em><em data-filter='event_type'>Camp. Nac. Clubes Triatlo Contra-Rel\u00f3gio<\/em><i class='clear'><\/i><\/span><\/span><\/span><em class='clear'><\/em><\/p><\/a><div class='event_description evcal_eventcard ' style=\"display:none\"><div class='evo_metarow_directimg'><img src='https:\/\/www.federacao-triatlo.pt\/ftp2015\/wp-content\/uploads\/2018\/06\/Triatlo_MMV_A3_01.png' \/><\/div><div class='evo_metarow_details evorow evcal_evdata_row bordb evcal_event_details'>\r\n\t\t\t\t\t\t\t<div class=\"event_excerpt\" style=\"display:none\"><h3 class=\"padb5 evo_h3\">Detalhes do Evento<\/h3><p>Regulamento CN Clubes Triatlo Contra-Rel\u00f3gio Montemor Velho\r\n\r\nPercursos CNClubes Contra-Rel\u00f3gio Triatlo\r\n\r\nNormas especificas para as provas de CONTRARREL\u00d3GIO-DE-TRIATLO-E-DUATLO\r\n\r\nPara formalizar as inscri\u00e7\u00f5es ter\u00e1 de se proceder ao preenchimento e envio<\/p><\/div><span class='evcal_evdata_icons'><i class='fa fa-align-justify'><\/i><\/span>\r\n\t\t\t\t\t\t\t\r\n\t\t\t\t\t\t\t<div class='evcal_evdata_cell '><div class='eventon_full_description'>\r\n\t\t\t\t\t\t\t\t\t<h3 class='padb5 evo_h3'><span class='evcal_evdata_icons'><i class='fa fa-align-justify'><\/i><\/span>Detalhes do Evento<\/h3><div class='eventon_desc_in' itemprop='description'>\r\n\t\t\t\t\t\t\t\t\t<p><a href=\"https:\/\/www.federacao-triatlo.pt\/ftp2015\/wp-content\/uploads\/2018\/06\/Regulamento-CN-Clubes-Triatlo-Contra-Rel\u00f3gio-Montemor-Velho-2.pdf\">Regulamento CN Clubes Triatlo Contra-Rel\u00f3gio Montemor Velho<\/a><\/p>\n<p><a href=\"https:\/\/www.federacao-triatlo.pt\/ftp2015\/wp-content\/uploads\/2018\/06\/Percursos-CNClubes-Contra-Rel\u00f3gio-Triatlo.pdf\">Percursos CNClubes Contra-Rel\u00f3gio Triatlo<\/a><\/p>\n<p><a href=\"https:\/\/www.federacao-triatlo.pt\/ftp2015\/wp-content\/uploads\/2018\/06\/Normas-especificas-para-as-provas-de-COTRARREL\u00d3GIO-DE-TRIATLO-E-DUATLO.pdf\">Normas especificas para as provas de CONTRARREL\u00d3GIO-DE-TRIATLO-E-DUATLO<\/a><\/p>\n<p>Para formalizar as inscri\u00e7\u00f5es ter\u00e1 de se proceder ao preenchimento e envio da respectiva ficha:<\/p>\n<p><a href=\"https:\/\/www.federacao-triatlo.pt\/ftp2015\/wp-content\/uploads\/2018\/06\/Ficha-de-Inscri\u00e7\u00e3o-CN-Clubes-Contra-Rel\u00f3gio.doc\">Ficha de Inscri\u00e7\u00e3o CN Clubes Contra-Rel\u00f3gio<\/a><\/p>\n<p>A constitui\u00e7\u00e3o das equipas n\u00e3o poder\u00e1 ser alterada depois da data de dia 5 Julho. Depois desta data<br \/>\na constitui\u00e7\u00e3o n\u00e3o poder\u00e1 ser alterada o que ao verificar-se, implicar\u00e1 a desclassifica\u00e7\u00e3o da equipa.<br \/>\nFormas de pagamento:<br \/>\n&#8211; Transfer\u00eancia banc\u00e1ria para o IBAN PT50 0035 0277 0001 2426 730 59. Dever\u00e1 enviar<br \/>\ncomprovativo do pagamento identificando a prova para inscricoes@federacao-triatlo.pt.<\/p>\n<p><a href=\"https:\/\/www.federacao-triatlo.pt\/ftp2015\/wp-content\/uploads\/2018\/06\/Lista-Inscritos-Campeonato-Nacional-Clubes-Contrarel\u00f3gio-1.pdf\">Lista Inscritos Campeonato Nacional Clubes Contrarel\u00f3gio<\/a><\/p>\n<p><a href=\"https:\/\/www.federacao-triatlo.pt\/ftp2015\/wp-content\/uploads\/2018\/06\/SL-CN-Clubes-com-horas-de-partida.pdf\">SL CN Clubes com horas de partida<\/a><\/p>\n<\/div><div class='clear'><\/div>\r\n\t\t\t\t\t\t\t\t<\/div>\r\n\t\t\t\t\t\t\t<\/div>\r\n\t\t\t\t\t\t<\/div><div class='evo_metarow_gmap evorow evcal_gmaps bordb ' id='evc153092160169f3e02f05b2637573_gmap' style='max-width:none'><\/div><div class='evo_metarow_getDr evorow evcal_evdata_row bordb evcal_evrow_sm getdirections'>\r\n\t\t\t\t\t\t<form action='https:\/\/maps.google.com\/maps' method='get' target='_blank'>\r\n\t\t\t\t\t\t<input type='hidden' name='daddr' value='Montemor-O-Velho'\/> \r\n\t\t\t\t\t\t<p><input class='evoInput' type='text' name='saddr' placeholder='Escreva a morada' value=''\/>\r\n\t\t\t\t\t\t<button type='submit' class='evcal_evdata_icons evcalicon_9' title='Clique aqui para obter as dire\u00e7\u00f5es'><i class='fa fa-road'><\/i><\/button>\r\n\t\t\t\t\t\t<\/p><\/form>\r\n\t\t\t\t\t<\/div><div class='evo_metarow_time_location evorow bordb '>\r\n\t\t\t\t\t\t<div class='tb' >\r\n\t\t\t\t\t\t\t<div class='tbrow'>\r\n\t\t\t\t\t\t\t<div class='evcal_col50 bordr'>\r\n\t\t\t\t\t\t\t\t<div class='evcal_evdata_row evo_time'>\r\n\t\t\t\t\t\t\t\t\t<span class='evcal_evdata_icons'><i class='fa fa-clock-o'><\/i><\/span>\r\n\t\t\t\t\t\t\t\t\t<div class='evcal_evdata_cell'>\t\t\t\t\t\t\t\r\n\t\t\t\t\t\t\t\t\t\t<h3 class='evo_h3'><span class='evcal_evdata_icons'><i class='fa fa-clock-o'><\/i><\/span>Hor\u00e1rio<\/h3>\r\n\t\t\t\t\t\t\t\t\t\t<p>Todo o dia (S\u00e1bado)<\/p>\r\n\t\t\t\t\t\t\t\t\t<\/div>\r\n\t\t\t\t\t\t\t\t<\/div>\r\n\t\t\t\t\t\t\t<\/div><div class='evcal_col50'>\r\n\t\t\t\t\t\t\t\t<div class='evcal_evdata_row evo_location'>\r\n\t\t\t\t\t\t\t\t\t<span class='evcal_evdata_icons'><i class='fa fa-map-marker'><\/i><\/span>\r\n\t\t\t\t\t\t\t\t\t<div class='evcal_evdata_cell' data-loc_tax_id='191'>\t\t\t\t\t\t\t\r\n\t\t\t\t\t\t\t\t\t\t<h3 class='evo_h3'><span class='evcal_evdata_icons'><i class='fa fa-map-marker'><\/i><\/span>Localiza\u00e7\u00e3o<\/h3><p class='evo_location_name'>Montemor-O-Velho<\/p><p>Montemor-O-Velho<\/p>\r\n\t\t\t\t\t\t\t\t\t<\/div>\r\n\t\t\t\t\t\t\t\t<\/div>\r\n\t\t\t\t\t\t\t<\/div><div class='clear'><\/div>\r\n\t\t\t\t\t\t\t<\/div><\/div>\r\n\t\t\t\t\t\t<\/div><div class='evo_metarow_organizer evorow evcal_evdata_row bordb evcal_evrow_sm '>\r\n\t\t\t\t\t\t\t<span class='evcal_evdata_icons'><i class='fa fa-headphones'><\/i><\/span>\r\n\t\t\t\t\t\t\t<div class='evcal_evdata_cell'>\t\t\t\t\t\t\t\r\n\t\t\t\t\t\t\t\t<h3 class='evo_h3'>Evento organizado por<\/h3>\r\n\t\t\t\t\t\t\t\t\r\n\t\t\t\t\t\t\t\t<div class='evo_card_organizer'><p class='evo_data_val evo_card_organizer_name'>\r\n\t\t\t\t\t\t\t\t\t<span class='evo_card_organizer_name_t'>FTP \/ C\u00e2mara Municipal de Montemor-O-Velho<\/span><span class='evo_card_organizer_contact'>inscricoes@federacao-triatlo.pt<\/span>\r\n\t\t\t\t\t\t\t\t\t\r\n\t\t\t\t\t\t\t\t\t<\/p><\/div><div class='clear'><\/div>\t\t\t\t\t\t\t\r\n\t\t\t\t\t\t\t<\/div>\r\n\t\t\t\t\t\t<\/div>\t\t\t\t\t\t<div class='evo_metarow_ICS evorow bordb evcal_evdata_row'>\r\n\t\t\t\t\t\t\t<span class=\"evcal_evdata_icons\"><i class=\"fa fa-calendar\"><\/i><\/span>\r\n\t\t\t\t\t\t\t<div class='evcal_evdata_cell'>\r\n\t\t\t\t\t\t\t\t<p><a href='https:\/\/www.federacao-triatlo.pt\/ftp2015\/wp-admin\/admin-ajax.php?action=eventon_ics_download&amp;event_id=37573&amp;sunix=20180706T230000Z&amp;eunix=20180707T225900Z&amp;loca=Montemor-O-Velho&amp;locn=Montemor-O-Velho' class='evo_ics_nCal' title='Adicionar ao seu calend\u00e1rio'>Calend\u00e1rio<\/a><a href='\/\/www.google.com\/calendar\/event?action=TEMPLATE&amp;text=Triatlo+de+Montemor-o-Velho+2018&amp;dates=20180706T230000Z\/20180707T225900Z&amp;details=Regulamento+CN+Clubes+Triatlo+Contra-Rel%C3%B3gio+Montemor+Velho%0D%0A%0D%0APercursos+CNClubes+Contra-Rel%C3%B3gio+Triatlo%0D%0A%0D%0ANormas+especificas+para+as+provas+de+CONTRARREL%C3%93GIO-DE-TRIATLO-E-DUATLO%0D%0A%0D%0APara+formalizar+as+inscri%C3%A7%C3%B5es+ter%C3%A1+de+se+proceder+ao+preenchimento+e+envio&amp;location=Montemor-O-Velho - Montemor-O-Velho' target='_blank' class='evo_ics_gCal' title='Adicionar ao calend\u00e1rio Google'>GoogleCal<\/a><\/p>\t\r\n\t\t\t\t\t\t\t<\/div>\t\t\t\t\t\t<\/div>\r\n\t\t\t\t\t\t<\/div><div class='clear end'><\/div><\/div><div id=\"event_28105\" class=\"eventon_list_event evo_eventtop past_event event\" data-event_id=\"28105\" data-time=\"1531558800-1531659600\" data-colr=\"#0092e0\" itemscope itemtype='http:\/\/schema.org\/Event' 3><div class=\"evo_event_schema\" style=\"display:none\" ><a itemprop='url'  href='https:\/\/www.federacao-triatlo.pt\/ftp2015\/events\/triatlo-de-evora\/'><\/a><span itemprop='name'  >Triatlo Jovem de \u00c9vora - Estafetas<\/span><meta itemprop='image' content='https:\/\/www.federacao-triatlo.pt\/ftp2015\/wp-content\/uploads\/2017\/11\/Cartaz-212x300.jpg' ><\/meta><meta itemprop='description' content='O Triatlo Jovem de \u00c9vora ter\u00e1 lugar na manh\u00e3 de domingo dia 15 de Julho nas Piscinas Municipais de \u00c9vora e ser\u00e1 disputada em formato de estafetas de 3 atletas' ><\/meta><meta itemprop='startDate' content='2018-7-14' ><\/meta><meta itemprop='endDate' content='2018-7-15' ><\/meta><meta itemprop='eventStatus' content='on-schedule' ><\/meta><script type=\"application\/ld+json\">{\t\"@context\": \"http:\/\/schema.org\",\r\n\t\t\t\t\t\t\t  \t\"@type\": \"Event\",\r\n\t\t\t\t\t\t\t  \t\"name\": \"Triatlo Jovem de \u00c9vora - Estafetas\",\r\n\t\t\t\t\t\t\t  \t\"startDate\": \"2018-7-14T09-09-00-00\",\r\n\t\t\t\t\t\t\t  \t\"endDate\": \"2018-7-15T13-13-00-00\",\r\n\t\t\t\t\t\t\t  \t\"image\":\"https:\/\/www.federacao-triatlo.pt\/ftp2015\/wp-content\/uploads\/2017\/11\/Cartaz-212x300.jpg\",\r\n\t\t\t\t\t\t\t  \t\"description\":\"O Triatlo Jovem de \u00c9vora ter\u00e1 lugar na manh\u00e3 de domingo dia 15 de Julho nas Piscinas Municipais de \u00c9vora e ser\u00e1 disputada em formato de estafetas de 3 atletas\",\r\n\t\t\t\t\t\t\t  \t\r\n\t\t\t\t\t\t\t }\r\n\t\t\t\t\t\t\t<\/script><\/div>\r\n\t\t\t\t<p class=\"desc_trig_outter\"><a data-gmap_status=\"null\" data-exlk=\"0\" style=\"border-color: #0092e0;\" id=\"evc_153155880028105\" class=\"hasFtIMG desc_trig evo_camp-nac-jovem-estafetas mul_val evcal_list_a\" data-ux_val=\"1\"  ><span class='ev_ftImg' data-img='https:\/\/www.federacao-triatlo.pt\/ftp2015\/wp-content\/uploads\/2017\/11\/Cartaz.jpg' data-thumb='https:\/\/www.federacao-triatlo.pt\/ftp2015\/wp-content\/uploads\/2017\/11\/Cartaz-212x300.jpg' style='background-image:url(\"https:\/\/www.federacao-triatlo.pt\/ftp2015\/wp-content\/uploads\/2017\/11\/Cartaz-212x300.jpg\")'><\/span><span class='evcal_cblock ' data-bgcolor='#0092e0' data-smon='Julho' data-syr='2018'><span class='evo_start '><em class='date'>14<\/em><em class='month'>jul<\/em><em class='time'><i t=\"y\">(jul 14)<\/i>9:00<\/em><\/span><span class='evo_end '><em class='date'>15<\/em><em class='time'><i t=\"y\">(jul 15)<\/i>13:00<\/em><\/span><em class='clear'><\/em><\/span><span class='evcal_desc evo_info hide_eventtopdata '  data-location_status=\"false\" ><span class='evo_above_title'><\/span><span class='evcal_desc2 evcal_event_title' itemprop='name'>Triatlo Jovem de \u00c9vora - Estafetas<\/span><span class='evo_below_title'><\/span><span class='evcal_desc_info' ><\/span><span class='evcal_desc3'><span class='evcal_event_types ett1'><em><i>Tipo de Evento:<\/i><\/em><em data-filter='event_type'>Camp. Nac. Jovem Estafetas<\/em><i class='clear'><\/i><\/span><\/span><\/span><em class='clear'><\/em><\/p><\/a><div class='event_description evcal_eventcard ' style=\"display:none\"><div class='evo_metarow_directimg'><img src='https:\/\/www.federacao-triatlo.pt\/ftp2015\/wp-content\/uploads\/2017\/11\/Cartaz.jpg' \/><\/div><div class='evo_metarow_details evorow evcal_evdata_row bordb evcal_event_details'>\r\n\t\t\t\t\t\t\t<div class=\"event_excerpt\" style=\"display:none\"><h3 class=\"padb5 evo_h3\">Detalhes do Evento<\/h3><p>O Triatlo Jovem de \u00c9vora ter\u00e1 lugar na manh\u00e3 de domingo dia 15 de Julho nas Piscinas Municipais de \u00c9vora e ser\u00e1 disputada em formato de estafetas de 3 atletas<\/p><\/div><span class='evcal_evdata_icons'><i class='fa fa-align-justify'><\/i><\/span>\r\n\t\t\t\t\t\t\t\r\n\t\t\t\t\t\t\t<div class='evcal_evdata_cell '><div class='eventon_full_description'>\r\n\t\t\t\t\t\t\t\t\t<h3 class='padb5 evo_h3'><span class='evcal_evdata_icons'><i class='fa fa-align-justify'><\/i><\/span>Detalhes do Evento<\/h3><div class='eventon_desc_in' itemprop='description'>\r\n\t\t\t\t\t\t\t\t\t<p>O Triatlo Jovem de \u00c9vora ter\u00e1 lugar na manh\u00e3 de domingo dia 15 de Julho nas Piscinas Municipais de \u00c9vora e ser\u00e1 disputada em formato de estafetas de 3 atletas sendo a \u00faltima etapa do Campeonato Nacional Jovem de Clubes de 2018.<\/p>\n<p>Na tarde do dia anterior est\u00e3o previstas v\u00e1ria atividades para todos conforme programa abaixo.<\/p>\n<p><a href=\"https:\/\/www.federacao-triatlo.pt\/ftp2015\/wp-content\/uploads\/2017\/11\/Programa-14-Julho-Tri-Jov-\u00c9vora.jpg\"><img class=\"alignnone size-full wp-image-37574\" src=\"https:\/\/www.federacao-triatlo.pt\/ftp2015\/wp-content\/uploads\/2017\/11\/Programa-14-Julho-Tri-Jov-\u00c9vora.jpg\" alt=\"\" width=\"1754\" height=\"2480\" \/><\/a><\/p>\n<p><a href=\"https:\/\/www.federacao-triatlo.pt\/ftp2015\/wp-content\/uploads\/2017\/11\/Regulamento_Triatlo_Jovem_Evora_3-1.pdf\">Regulamento_Triatlo_Jovem_Evora_3<\/a><\/p>\n<p><a href=\"https:\/\/www.federacao-triatlo.pt\/ftp2015\/wp-content\/uploads\/2017\/11\/Percursos_Triatlo_de_\u00c9vora_2018_1_Agrup.pdf\">Percursos_Triatlo_de_\u00c9vora_2018_1_Agrup<\/a><\/p>\n<p><a href=\"https:\/\/www.federacao-triatlo.pt\/ftp2015\/wp-content\/uploads\/2017\/11\/Percursos_Triatlo_de_\u00c9vora_2018_2\u00ba_Agrup-2.pdf\">Percursos_Triatlo_de_\u00c9vora_2018_2\u00ba_Agrup 2<\/a><\/p>\n<p><a href=\"https:\/\/www.federacao-triatlo.pt\/ftp2015\/wp-content\/uploads\/2017\/11\/Lista-Inscritos-Camp.-Nac.-Jovem-Estafetas.pdf\">Lista Inscritos Camp. Nac. Jovem Estafetas<\/a><\/p>\n<p>&nbsp;<\/p>\n<p>Procedimento de inscri\u00e7\u00e3o:<\/p>\n<p>Dever\u00e1 ser preenchido o formul\u00e1rio abaixo, e enviado para <a href=\"mailto:inscricoes@federacao-triatlo.pt\">inscricoes@federacao-triatlo.pt<\/a>, at\u00e9 ao dia 09 de Julho.<\/p>\n<p><a href=\"https:\/\/www.federacao-triatlo.pt\/ftp2015\/wp-content\/uploads\/2017\/11\/Ficha-de-Inscri\u00e7\u00e3o-CNJovem-Estafetas-2.doc\">Ficha-de-Inscri\u00e7\u00e3o-CNJovem-Estafetas 2<\/a><\/p>\n<p>As equipas ter\u00e3o de ser compostas por atletas do mesmo g\u00e9nero ou mistas.<\/p>\n<p>A composi\u00e7\u00e3o da equipa e a ordem de competi\u00e7\u00e3o dos atletas ser\u00e1 determinada pelo clube no acto da inscri\u00e7\u00e3o.<\/p>\n<p>A inscri\u00e7\u00e3o, a troca na ordem de competi\u00e7\u00e3o ou a substitui\u00e7\u00e3o de atletas poder\u00e3o ser efetuadas por email (<a href=\"mailto:inscricoes@federacao-triatlo.pt\">inscricoes@federacao-triatlo.pt<\/a>) at\u00e9 \u00e0s 24h00 do dia 11 de Julho.<\/p>\n<p>Depois desta data, a composi\u00e7\u00e3o e ordem da equipa n\u00e3o poder\u00e3o ser alteradas, o que, a verificar-se, implica a desclassifica\u00e7\u00e3o da equipa.<\/p>\n<\/div><div class='clear'><\/div>\r\n\t\t\t\t\t\t\t\t<\/div>\r\n\t\t\t\t\t\t\t<\/div>\r\n\t\t\t\t\t\t<\/div><div class='evo_metarow_time evorow evcal_evdata_row bordb evcal_evrow_sm '>\r\n\t\t\t\t\t\t\t<span class='evcal_evdata_icons'><i class='fa fa-clock-o'><\/i><\/span>\r\n\t\t\t\t\t\t\t<div class='evcal_evdata_cell'>\t\t\t\t\t\t\t\r\n\t\t\t\t\t\t\t\t<h3 class='evo_h3'><span class='evcal_evdata_icons'><i class='fa fa-clock-o'><\/i><\/span>Hor\u00e1rio<\/h3><p>14 (S\u00e1bado) 9:00 - 15 (Domingo) 13:00<\/p>\r\n\t\t\t\t\t\t\t<\/div>\r\n\t\t\t\t\t\t<\/div>\t\t\t\t\t\t<div class='evo_metarow_ICS evorow bordb evcal_evdata_row'>\r\n\t\t\t\t\t\t\t<span class=\"evcal_evdata_icons\"><i class=\"fa fa-calendar\"><\/i><\/span>\r\n\t\t\t\t\t\t\t<div class='evcal_evdata_cell'>\r\n\t\t\t\t\t\t\t\t<p><a href='https:\/\/www.federacao-triatlo.pt\/ftp2015\/wp-admin\/admin-ajax.php?action=eventon_ics_download&amp;event_id=28105&amp;sunix=20180714T080000Z&amp;eunix=20180715T120000Z&amp;loca=&amp;locn=' class='evo_ics_nCal' title='Adicionar ao seu calend\u00e1rio'>Calend\u00e1rio<\/a><a href='\/\/www.google.com\/calendar\/event?action=TEMPLATE&amp;text=Triatlo+Jovem+de+%C3%89vora+-+Estafetas&amp;dates=20180714T080000Z\/20180715T120000Z&amp;details=O+Triatlo+Jovem+de+%C3%89vora+ter%C3%A1+lugar+na+manh%C3%A3+de+domingo+dia+15+de+Julho+nas+Piscinas+Municipais+de+%C3%89vora+e+ser%C3%A1+disputada+em+formato+de+estafetas+de+3+atletas&amp;location= - ' target='_blank' class='evo_ics_gCal' title='Adicionar ao calend\u00e1rio Google'>GoogleCal<\/a><\/p>\t\r\n\t\t\t\t\t\t\t<\/div>\t\t\t\t\t\t<\/div>\r\n\t\t\t\t\t\t<\/div><div class='clear end'><\/div><\/div><div id=\"event_28075\" class=\"eventon_list_event evo_eventtop past_event event\" data-event_id=\"28075\" data-time=\"1532217600-1532217600\" data-colr=\"#0092e0\" itemscope itemtype='http:\/\/schema.org\/Event' 4><div class=\"evo_event_schema\" style=\"display:none\" ><a itemprop='url'  href='https:\/\/www.federacao-triatlo.pt\/ftp2015\/events\/duatlo-de-abrantes-2\/'><\/a><span itemprop='name'  >Duatlo de Abrantes<\/span><meta itemprop='image'  ><\/meta><meta itemprop='description' content='Regulamento Duatlo de Abrantes - Jo\u00e3o Campos\r\n\r\nPercursos Duatlo Cross Abrantes\r\n\r\nLista Inscritos Camp. Nac. Clubes' ><\/meta><meta itemprop='startDate' content='2018-7-22' ><\/meta><meta itemprop='endDate' content='2018-7-22' ><\/meta><meta itemprop='eventStatus' content='on-schedule' ><\/meta>\r\n\t\t\t\t\t\t\t\t\t<item style=\"display:none\" itemprop=\"location\" itemscope itemtype=\"http:\/\/schema.org\/Place\">\r\n\t\t\t\t\t\t\t\t\t\t<span itemprop=\"name\">Abrantes<\/span>\r\n\t\t\t\t\t\t\t\t\t\t<span itemprop=\"address\" itemscope itemtype=\"http:\/\/schema.org\/PostalAddress\">\r\n\t\t\t\t\t\t\t\t\t\t\t<item itemprop=\"streetAddress\">Parque Urbano de S. Louren\u00e7o<\/item>\r\n\t\t\t\t\t\t\t\t\t\t<\/span><\/item><script type=\"application\/ld+json\">{\t\"@context\": \"http:\/\/schema.org\",\r\n\t\t\t\t\t\t\t  \t\"@type\": \"Event\",\r\n\t\t\t\t\t\t\t  \t\"name\": \"Duatlo de Abrantes\",\r\n\t\t\t\t\t\t\t  \t\"startDate\": \"2018-7-22T00-00-00-00\",\r\n\t\t\t\t\t\t\t  \t\"endDate\": \"2018-7-22T00-00-00-00\",\r\n\t\t\t\t\t\t\t  \t\"image\":,\r\n\t\t\t\t\t\t\t  \t\"description\":\"Regulamento Duatlo de Abrantes - Jo\u00e3o Campos\r\n\r\nPercursos Duatlo Cross Abrantes\r\n\r\nLista Inscritos Camp. Nac. Clubes\",\r\n\t\t\t\t\t\t\t  \t\"location\":{\r\n\t\t\t\t\t\t\t\t\t\t\"@type\":\"Place\",\r\n\t\t\t\t\t\t\t\t\t\t\"name\":\"Abrantes\",\r\n\t\t\t\t\t\t\t\t\t\t\"address\":\"Parque Urbano de S. Louren\u00e7o\"\r\n\t\t\t\t\t\t\t  \t\t}\r\n\t\t\t\t\t\t\t }\r\n\t\t\t\t\t\t\t<\/script><\/div>\r\n\t\t\t\t<p class=\"desc_trig_outter\"><a data-gmtrig=\"1\" data-exlk=\"0\" style=\"border-color: #0092e0;\" id=\"evc_153221760028075\" class=\"desc_trig evo_camp-nac-clubes-duatlo-cross evo_prova-aberta sin_val evcal_list_a\" data-ux_val=\"1\"  ><span class='evcal_cblock ' data-bgcolor='#0092e0' data-smon='Julho' data-syr='2018'><span class='evo_start '><em class='date'>22<\/em><em class='month'>jul<\/em><em class='time'>0:00<\/em><\/span><span class='evo_end only_time'><em class='time'>0:00<\/em><\/span><em class='clear'><\/em><\/span><span class='evcal_desc evo_info hide_eventtopdata ' data-latlng=\"39.47532496720054 ,-8.217836879260222\"  data-location_address=\"Parque Urbano de S. Louren\u00e7o\" data-location_type=\"lonlat\" data-location_name=\"Abrantes\" data-location_status=\"true\" ><span class='evo_above_title'><\/span><span class='evcal_desc2 evcal_event_title' itemprop='name'>Duatlo de Abrantes<\/span><span class='evo_below_title'><\/span><span class='evcal_desc_info' ><em class=\"evcal_location\" data-latlng=\"39.47532496720054 ,-8.217836879260222\"  data-add_str=\"\"><em class=\"event_location_name\">Abrantes<\/em><\/em><\/span><span class='evcal_desc3'><span class='evcal_event_types ett1'><em><i>Tipo de Evento:<\/i><\/em><em data-filter='event_type'>Camp. Nac. Clubes Duatlo Cross,<\/em><em data-filter='event_type'>Prova Aberta<\/em><i class='clear'><\/i><\/span><\/span><\/span><em class='clear'><\/em><\/p><\/a><div class='event_description evcal_eventcard ' style=\"display:none\"><div class='evo_metarow_details evorow evcal_evdata_row bordb evcal_event_details'>\r\n\t\t\t\t\t\t\t<div class=\"event_excerpt\" style=\"display:none\"><h3 class=\"padb5 evo_h3\">Detalhes do Evento<\/h3><p>Regulamento Duatlo de Abrantes - Jo\u00e3o Campos\r\n\r\nPercursos Duatlo Cross Abrantes\r\n\r\nLista Inscritos Camp. Nac. Clubes<\/p><\/div><span class='evcal_evdata_icons'><i class='fa fa-align-justify'><\/i><\/span>\r\n\t\t\t\t\t\t\t\r\n\t\t\t\t\t\t\t<div class='evcal_evdata_cell '><div class='eventon_full_description'>\r\n\t\t\t\t\t\t\t\t\t<h3 class='padb5 evo_h3'><span class='evcal_evdata_icons'><i class='fa fa-align-justify'><\/i><\/span>Detalhes do Evento<\/h3><div class='eventon_desc_in' itemprop='description'>\r\n\t\t\t\t\t\t\t\t\t<p><a href=\"https:\/\/www.federacao-triatlo.pt\/ftp2015\/wp-content\/uploads\/2017\/11\/Regulamento-Duatlo-de-Abrantes-Jo\u00e3o-Campos-1.pdf\">Regulamento Duatlo de Abrantes &#8211; Jo\u00e3o Campos<\/a><\/p>\n<p><a href=\"https:\/\/www.federacao-triatlo.pt\/ftp2015\/wp-content\/uploads\/2017\/11\/Percursos-Duatlo-Cross-Abrantes.pdf\">Percursos Duatlo Cross Abrantes<\/a><\/p>\n<p><a href=\"https:\/\/www.federacao-triatlo.pt\/ftp2015\/wp-content\/uploads\/2017\/11\/Lista-Inscritos-Camp.-Nac.-Clubes-4.pdf\">Lista Inscritos Camp. Nac. Clubes<\/a><\/p>\n<\/div><div class='clear'><\/div>\r\n\t\t\t\t\t\t\t\t<\/div>\r\n\t\t\t\t\t\t\t<\/div>\r\n\t\t\t\t\t\t<\/div><div class='evo_metarow_gmap evorow evcal_gmaps bordb ' id='evc153221760069f3e02f0720f28075_gmap' style='max-width:none'><\/div><div class='evo_metarow_getDr evorow evcal_evdata_row bordb evcal_evrow_sm getdirections'>\r\n\t\t\t\t\t\t<form action='https:\/\/maps.google.com\/maps' method='get' target='_blank'>\r\n\t\t\t\t\t\t<input type='hidden' name='daddr' value='Parque Urbano de S. Louren\u00e7o'\/> \r\n\t\t\t\t\t\t<p><input class='evoInput' type='text' name='saddr' placeholder='Escreva a morada' value=''\/>\r\n\t\t\t\t\t\t<button type='submit' class='evcal_evdata_icons evcalicon_9' title='Clique aqui para obter as dire\u00e7\u00f5es'><i class='fa fa-road'><\/i><\/button>\r\n\t\t\t\t\t\t<\/p><\/form>\r\n\t\t\t\t\t<\/div><div class='evo_metarow_time_location evorow bordb '>\r\n\t\t\t\t\t\t<div class='tb' >\r\n\t\t\t\t\t\t\t<div class='tbrow'>\r\n\t\t\t\t\t\t\t<div class='evcal_col50 bordr'>\r\n\t\t\t\t\t\t\t\t<div class='evcal_evdata_row evo_time'>\r\n\t\t\t\t\t\t\t\t\t<span class='evcal_evdata_icons'><i class='fa fa-clock-o'><\/i><\/span>\r\n\t\t\t\t\t\t\t\t\t<div class='evcal_evdata_cell'>\t\t\t\t\t\t\t\r\n\t\t\t\t\t\t\t\t\t\t<h3 class='evo_h3'><span class='evcal_evdata_icons'><i class='fa fa-clock-o'><\/i><\/span>Hor\u00e1rio<\/h3>\r\n\t\t\t\t\t\t\t\t\t\t<p>(Domingo) 0:00 - 0:00<\/p>\r\n\t\t\t\t\t\t\t\t\t<\/div>\r\n\t\t\t\t\t\t\t\t<\/div>\r\n\t\t\t\t\t\t\t<\/div><div class='evcal_col50'>\r\n\t\t\t\t\t\t\t\t<div class='evcal_evdata_row evo_location'>\r\n\t\t\t\t\t\t\t\t\t<span class='evcal_evdata_icons'><i class='fa fa-map-marker'><\/i><\/span>\r\n\t\t\t\t\t\t\t\t\t<div class='evcal_evdata_cell' data-loc_tax_id='107'>\t\t\t\t\t\t\t\r\n\t\t\t\t\t\t\t\t\t\t<h3 class='evo_h3'><span class='evcal_evdata_icons'><i class='fa fa-map-marker'><\/i><\/span><a target=\"_blank\" href=\"https:\/\/goo.gl\/maps\/QYh16C1JxxEjREpH9\">Localiza\u00e7\u00e3o<\/a><\/h3><p class='evo_location_name'>Abrantes<\/p><p>Parque Urbano de S. Louren\u00e7o<\/p>\r\n\t\t\t\t\t\t\t\t\t<\/div>\r\n\t\t\t\t\t\t\t\t<\/div>\r\n\t\t\t\t\t\t\t<\/div><div class='clear'><\/div>\r\n\t\t\t\t\t\t\t<\/div><\/div>\r\n\t\t\t\t\t\t<\/div><div class='evo_metarow_organizer evorow evcal_evdata_row bordb evcal_evrow_sm '>\r\n\t\t\t\t\t\t\t<span class='evcal_evdata_icons'><i class='fa fa-headphones'><\/i><\/span>\r\n\t\t\t\t\t\t\t<div class='evcal_evdata_cell'>\t\t\t\t\t\t\t\r\n\t\t\t\t\t\t\t\t<h3 class='evo_h3'>Evento organizado por<\/h3>\r\n\t\t\t\t\t\t\t\t\r\n\t\t\t\t\t\t\t\t<div class='evo_card_organizer'><p class='evo_data_val evo_card_organizer_name'>\r\n\t\t\t\t\t\t\t\t\t<span class='evo_card_organizer_name_t'>FTP \/ Camara municipal de Abrantes<\/span>\r\n\t\t\t\t\t\t\t\t\t\r\n\t\t\t\t\t\t\t\t\t<\/p><\/div><div class='clear'><\/div>\t\t\t\t\t\t\t\r\n\t\t\t\t\t\t\t<\/div>\r\n\t\t\t\t\t\t<\/div>\t\t\t\t\t\t<div class='evo_metarow_ICS evorow bordb evcal_evdata_row'>\r\n\t\t\t\t\t\t\t<span class=\"evcal_evdata_icons\"><i class=\"fa fa-calendar\"><\/i><\/span>\r\n\t\t\t\t\t\t\t<div class='evcal_evdata_cell'>\r\n\t\t\t\t\t\t\t\t<p><a href='https:\/\/www.federacao-triatlo.pt\/ftp2015\/wp-admin\/admin-ajax.php?action=eventon_ics_download&amp;event_id=28075&amp;sunix=20180721T230000Z&amp;eunix=20180721T230000Z&amp;loca=Parque Urbano de S. Louren\u00e7o&amp;locn=Abrantes' class='evo_ics_nCal' title='Adicionar ao seu calend\u00e1rio'>Calend\u00e1rio<\/a><a href='\/\/www.google.com\/calendar\/event?action=TEMPLATE&amp;text=Duatlo+de+Abrantes&amp;dates=20180721T230000Z\/20180721T230000Z&amp;details=Regulamento+Duatlo+de+Abrantes+-+Jo%C3%A3o+Campos%0D%0A%0D%0APercursos+Duatlo+Cross+Abrantes%0D%0A%0D%0ALista+Inscritos+Camp.+Nac.+Clubes&amp;location=Abrantes - Parque+Urbano+de+S.+Louren%C3%A7o' target='_blank' class='evo_ics_gCal' title='Adicionar ao calend\u00e1rio Google'>GoogleCal<\/a><\/p>\t\r\n\t\t\t\t\t\t\t<\/div>\t\t\t\t\t\t<\/div>\r\n\t\t\t\t\t\t<\/div><div class='clear end'><\/div><\/div><div id=\"event_28074\" class=\"eventon_list_event evo_eventtop past_event event\" data-event_id=\"28074\" data-time=\"1532822401-1532908799\" data-colr=\"#0092e0\" itemscope itemtype='http:\/\/schema.org\/Event' 5><div class=\"evo_event_schema\" style=\"display:none\" ><a itemprop='url'  href='https:\/\/www.federacao-triatlo.pt\/ftp2015\/events\/triatlo-de-coruche-2018\/'><\/a><span itemprop='name'  >Triatlo de Coruche 2018<\/span><meta itemprop='image' content='https:\/\/www.federacao-triatlo.pt\/ftp2015\/wp-content\/uploads\/2017\/11\/TRIATLO-CORUCHE-2018-212x300.jpg' ><\/meta><meta itemprop='description' content='Percursos Triatlo Coruche 2018 - Ta\u00e7a Portugal\r\n\r\nII Triatlo de Coruche - Regulamento\r\n\r\nLista Inscritos Prova Sele\u00e7\u00e3o CE Youth\r\n\r\nLista Inscritos Ta\u00e7a de Portugal' ><\/meta><meta itemprop='startDate' content='2018-7-29' ><\/meta><meta itemprop='endDate' content='2018-7-29' ><\/meta><meta itemprop='eventStatus' content='on-schedule' ><\/meta>\r\n\t\t\t\t\t\t\t\t\t<item style=\"display:none\" itemprop=\"location\" itemscope itemtype=\"http:\/\/schema.org\/Place\">\r\n\t\t\t\t\t\t\t\t\t\t<span itemprop=\"name\">Coruche<\/span>\r\n\t\t\t\t\t\t\t\t\t\t<span itemprop=\"address\" itemscope itemtype=\"http:\/\/schema.org\/PostalAddress\">\r\n\t\t\t\t\t\t\t\t\t\t\t<item itemprop=\"streetAddress\">Coruche<\/item>\r\n\t\t\t\t\t\t\t\t\t\t<\/span><\/item><script type=\"application\/ld+json\">{\t\"@context\": \"http:\/\/schema.org\",\r\n\t\t\t\t\t\t\t  \t\"@type\": \"Event\",\r\n\t\t\t\t\t\t\t  \t\"name\": \"Triatlo de Coruche 2018\",\r\n\t\t\t\t\t\t\t  \t\"startDate\": \"2018-7-29T00-00-00-00\",\r\n\t\t\t\t\t\t\t  \t\"endDate\": \"2018-7-29T23-23-59-00\",\r\n\t\t\t\t\t\t\t  \t\"image\":\"https:\/\/www.federacao-triatlo.pt\/ftp2015\/wp-content\/uploads\/2017\/11\/TRIATLO-CORUCHE-2018-212x300.jpg\",\r\n\t\t\t\t\t\t\t  \t\"description\":\"Percursos Triatlo Coruche 2018 - Ta\u00e7a Portugal\r\n\r\nII Triatlo de Coruche - Regulamento\r\n\r\nLista Inscritos Prova Sele\u00e7\u00e3o CE Youth\r\n\r\nLista Inscritos Ta\u00e7a de Portugal\",\r\n\t\t\t\t\t\t\t  \t\"location\":{\r\n\t\t\t\t\t\t\t\t\t\t\"@type\":\"Place\",\r\n\t\t\t\t\t\t\t\t\t\t\"name\":\"Coruche\",\r\n\t\t\t\t\t\t\t\t\t\t\"address\":\"Coruche\"\r\n\t\t\t\t\t\t\t  \t\t}\r\n\t\t\t\t\t\t\t }\r\n\t\t\t\t\t\t\t<\/script><\/div>\r\n\t\t\t\t<p class=\"desc_trig_outter\"><a data-gmtrig=\"1\" data-exlk=\"0\" style=\"border-color: #0092e0;\" id=\"evc_153282240128074\" class=\"hasFtIMG desc_trig evo_camp-nac-cadetes evo_camp-nac-de-juvenis evo_triatlo-super-sprint evo_taca-de-portugal sin_val evcal_list_a\" data-ux_val=\"1\"  ><span class='ev_ftImg' data-img='https:\/\/www.federacao-triatlo.pt\/ftp2015\/wp-content\/uploads\/2017\/11\/TRIATLO-CORUCHE-2018.jpg' data-thumb='https:\/\/www.federacao-triatlo.pt\/ftp2015\/wp-content\/uploads\/2017\/11\/TRIATLO-CORUCHE-2018-212x300.jpg' style='background-image:url(\"https:\/\/www.federacao-triatlo.pt\/ftp2015\/wp-content\/uploads\/2017\/11\/TRIATLO-CORUCHE-2018-212x300.jpg\")'><\/span><span class='evcal_cblock ' data-bgcolor='#0092e0' data-smon='Julho' data-syr='2018'><span class='evo_start '><em class='date'>29<\/em><em class='month'>jul<\/em><em class='time'>allday<\/em><\/span><span class='evo_end only_time'><em class='time'>allday<\/em><\/span><em class='clear'><\/em><\/span><span class='evcal_desc evo_info hide_eventtopdata ' data-latlng=\"38.958250,-8.521869\"  data-location_address=\"Coruche\" data-location_type=\"lonlat\" data-location_name=\"Coruche\" data-location_status=\"true\" ><span class='evo_above_title'><\/span><span class='evcal_desc2 evcal_event_title' itemprop='name'>Triatlo de Coruche 2018<\/span><span class='evo_below_title'><\/span><span class='evcal_desc_info' ><em class=\"evcal_location\" data-latlng=\"38.958250,-8.521869\"  data-add_str=\"\"><em class=\"event_location_name\">Coruche<\/em><\/em><\/span><span class='evcal_desc3'><span class='evcal_event_types ett1'><em><i>Tipo de Evento:<\/i><\/em><em data-filter='event_type'>Camp. Nac. de Cadetes,<\/em><em data-filter='event_type'>Camp. Nac. de Juvenis,<\/em><em data-filter='event_type'>Prova Aberta | Triatlo Super-Sprint,<\/em><em data-filter='event_type'>Ta\u00e7a de Portugal de Triatlo<\/em><i class='clear'><\/i><\/span><\/span><\/span><em class='clear'><\/em><\/p><\/a><div class='event_description evcal_eventcard ' style=\"display:none\"><div class='evo_metarow_directimg'><img src='https:\/\/www.federacao-triatlo.pt\/ftp2015\/wp-content\/uploads\/2017\/11\/TRIATLO-CORUCHE-2018.jpg' \/><\/div><div class='evo_metarow_details evorow evcal_evdata_row bordb evcal_event_details'>\r\n\t\t\t\t\t\t\t<div class=\"event_excerpt\" style=\"display:none\"><h3 class=\"padb5 evo_h3\">Detalhes do Evento<\/h3><p>Percursos Triatlo Coruche 2018 - Ta\u00e7a Portugal\r\n\r\nII Triatlo de Coruche - Regulamento\r\n\r\nLista Inscritos Prova Sele\u00e7\u00e3o CE Youth\r\n\r\nLista Inscritos Ta\u00e7a de Portugal<\/p><\/div><span class='evcal_evdata_icons'><i class='fa fa-align-justify'><\/i><\/span>\r\n\t\t\t\t\t\t\t\r\n\t\t\t\t\t\t\t<div class='evcal_evdata_cell '><div class='eventon_full_description'>\r\n\t\t\t\t\t\t\t\t\t<h3 class='padb5 evo_h3'><span class='evcal_evdata_icons'><i class='fa fa-align-justify'><\/i><\/span>Detalhes do Evento<\/h3><div class='eventon_desc_in' itemprop='description'>\r\n\t\t\t\t\t\t\t\t\t<p><a href=\"https:\/\/www.federacao-triatlo.pt\/ftp2015\/wp-content\/uploads\/2017\/11\/PercursosTa\u00e7aPortugal-Coruche-2018.pdf\">Percursos Triatlo Coruche 2018 &#8211; Ta\u00e7a Portugal<\/a><\/p>\n<p><a href=\"https:\/\/www.federacao-triatlo.pt\/ftp2015\/wp-content\/uploads\/2017\/11\/II-Triatlo-de-Coruche-Regulamento_3-versao-2-1.pdf\">II Triatlo de Coruche &#8211; Regulamento<\/a><\/p>\n<p><a href=\"https:\/\/www.federacao-triatlo.pt\/ftp2015\/wp-content\/uploads\/2017\/11\/Lista-Inscritos-Prova-Sele\u00e7\u00e3o-CE-Youth.pdf\">Lista Inscritos Prova Sele\u00e7\u00e3o CE Youth<\/a><\/p>\n<p><a href=\"https:\/\/www.federacao-triatlo.pt\/ftp2015\/wp-content\/uploads\/2017\/11\/Lista-Inscritos-Ta\u00e7a-de-Portugal-3.pdf\">Lista Inscritos Ta\u00e7a de Portugal<\/a><\/p>\n<\/div><div class='clear'><\/div>\r\n\t\t\t\t\t\t\t\t<\/div>\r\n\t\t\t\t\t\t\t<\/div>\r\n\t\t\t\t\t\t<\/div><div class='evo_metarow_gmap evorow evcal_gmaps bordb ' id='evc153282240169f3e02f079e428074_gmap' style='max-width:none'><\/div><div class='evo_metarow_getDr evorow evcal_evdata_row bordb evcal_evrow_sm getdirections'>\r\n\t\t\t\t\t\t<form action='https:\/\/maps.google.com\/maps' method='get' target='_blank'>\r\n\t\t\t\t\t\t<input type='hidden' name='daddr' value='Coruche'\/> \r\n\t\t\t\t\t\t<p><input class='evoInput' type='text' name='saddr' placeholder='Escreva a morada' value=''\/>\r\n\t\t\t\t\t\t<button type='submit' class='evcal_evdata_icons evcalicon_9' title='Clique aqui para obter as dire\u00e7\u00f5es'><i class='fa fa-road'><\/i><\/button>\r\n\t\t\t\t\t\t<\/p><\/form>\r\n\t\t\t\t\t<\/div><div class='evo_metarow_time_location evorow bordb '>\r\n\t\t\t\t\t\t<div class='tb' >\r\n\t\t\t\t\t\t\t<div class='tbrow'>\r\n\t\t\t\t\t\t\t<div class='evcal_col50 bordr'>\r\n\t\t\t\t\t\t\t\t<div class='evcal_evdata_row evo_time'>\r\n\t\t\t\t\t\t\t\t\t<span class='evcal_evdata_icons'><i class='fa fa-clock-o'><\/i><\/span>\r\n\t\t\t\t\t\t\t\t\t<div class='evcal_evdata_cell'>\t\t\t\t\t\t\t\r\n\t\t\t\t\t\t\t\t\t\t<h3 class='evo_h3'><span class='evcal_evdata_icons'><i class='fa fa-clock-o'><\/i><\/span>Hor\u00e1rio<\/h3>\r\n\t\t\t\t\t\t\t\t\t\t<p>Todo o dia (Domingo)<\/p>\r\n\t\t\t\t\t\t\t\t\t<\/div>\r\n\t\t\t\t\t\t\t\t<\/div>\r\n\t\t\t\t\t\t\t<\/div><div class='evcal_col50'>\r\n\t\t\t\t\t\t\t\t<div class='evcal_evdata_row evo_location'>\r\n\t\t\t\t\t\t\t\t\t<span class='evcal_evdata_icons'><i class='fa fa-map-marker'><\/i><\/span>\r\n\t\t\t\t\t\t\t\t\t<div class='evcal_evdata_cell' data-loc_tax_id='141'>\t\t\t\t\t\t\t\r\n\t\t\t\t\t\t\t\t\t\t<h3 class='evo_h3'><span class='evcal_evdata_icons'><i class='fa fa-map-marker'><\/i><\/span>Localiza\u00e7\u00e3o<\/h3><p class='evo_location_name'>Coruche<\/p><p>Coruche<\/p>\r\n\t\t\t\t\t\t\t\t\t<\/div>\r\n\t\t\t\t\t\t\t\t<\/div>\r\n\t\t\t\t\t\t\t<\/div><div class='clear'><\/div>\r\n\t\t\t\t\t\t\t<\/div><\/div>\r\n\t\t\t\t\t\t<\/div><div class='evo_metarow_organizer evorow evcal_evdata_row bordb evcal_evrow_sm '>\r\n\t\t\t\t\t\t\t<span class='evcal_evdata_icons'><i class='fa fa-headphones'><\/i><\/span>\r\n\t\t\t\t\t\t\t<div class='evcal_evdata_cell'>\t\t\t\t\t\t\t\r\n\t\t\t\t\t\t\t\t<h3 class='evo_h3'>Evento organizado por<\/h3>\r\n\t\t\t\t\t\t\t\t\r\n\t\t\t\t\t\t\t\t<div class='evo_card_organizer'><p class='evo_data_val evo_card_organizer_name'>\r\n\t\t\t\t\t\t\t\t\t<span class='evo_card_organizer_name_t'>FTP \/ C\u00e2mara Municipal de Coruche<\/span><span class='evo_card_organizer_contact'>inscricoes@federacao-triatlo.pt<\/span>\r\n\t\t\t\t\t\t\t\t\t\r\n\t\t\t\t\t\t\t\t\t<\/p><\/div><div class='clear'><\/div>\t\t\t\t\t\t\t\r\n\t\t\t\t\t\t\t<\/div>\r\n\t\t\t\t\t\t<\/div>\t\t\t\t\t\t<div class='evo_metarow_ICS evorow bordb evcal_evdata_row'>\r\n\t\t\t\t\t\t\t<span class=\"evcal_evdata_icons\"><i class=\"fa fa-calendar\"><\/i><\/span>\r\n\t\t\t\t\t\t\t<div class='evcal_evdata_cell'>\r\n\t\t\t\t\t\t\t\t<p><a href='https:\/\/www.federacao-triatlo.pt\/ftp2015\/wp-admin\/admin-ajax.php?action=eventon_ics_download&amp;event_id=28074&amp;sunix=20180728T230000Z&amp;eunix=20180729T225900Z&amp;loca=Coruche&amp;locn=Coruche' class='evo_ics_nCal' title='Adicionar ao seu calend\u00e1rio'>Calend\u00e1rio<\/a><a href='\/\/www.google.com\/calendar\/event?action=TEMPLATE&amp;text=Triatlo+de+Coruche+2018&amp;dates=20180728T230000Z\/20180729T225900Z&amp;details=Percursos+Triatlo+Coruche+2018+-+Ta%C3%A7a+Portugal%0D%0A%0D%0AII+Triatlo+de+Coruche+-+Regulamento%0D%0A%0D%0ALista+Inscritos+Prova+Sele%C3%A7%C3%A3o+CE+Youth%0D%0A%0D%0ALista+Inscritos+Ta%C3%A7a+de+Portugal&amp;location=Coruche - Coruche' target='_blank' class='evo_ics_gCal' title='Adicionar ao calend\u00e1rio Google'>GoogleCal<\/a><\/p>\t\r\n\t\t\t\t\t\t\t<\/div>\t\t\t\t\t\t<\/div>\r\n\t\t\t\t\t\t<\/div><div class='clear end'><\/div><\/div><\/div><div class='clear'><\/div><\/div><!-- ajde_evcal_calendar-->\n<div id='evcal_calendar_630' class='ajde_evcal_calendar  ul' ><div class='evo-data' data-cyear=\"2018\" data-cmonth=\"8\" data-runajax=\"1\" data-evc_open=\"0\" data-cal_ver=\"2.6\" data-mapscroll=\"true\" data-mapformat=\"roadmap\" data-mapzoom=\"14\" data-mapiconurl=\"\" data-ev_cnt=\"0\" data-show_limit=\"no\" data-tiles=\"no\" data-sort_by=\"sort_date\" data-filters_on=\"true\" data-range_start=\"0\" data-range_end=\"0\" data-send_unix=\"0\" data-ux_val=\"0\" data-accord=\"0\" data-rtl=\"no\"  ><\/div><div id='evcal_head' class='calendar_header ' ><div class='evo_cal_above'><span class='evo-gototoday-btn' style='display:none' data-mo='8' data-yr='2018' data-dy=''>Dia de Hoje<\/span><\/div><div class='evo_cal_above_content'><\/div><div class='cal_arguments' style='display:none' data-hide_past=\"no\" data-show_et_ft_img=\"yes\" data-event_order=\"ASC\" data-ft_event_priority=\"no\" data-lang=\"L1\" data-month_incre=\"0\" data-only_ft=\"no\" data-evc_open=\"no\" data-show_limit=\"no\" data-etc_override=\"no\" data-show_limit_redir=\"0\" data-tiles=\"no\" data-tile_height=\"0\" data-tile_bg=\"0\" data-tile_count=\"2\" data-tile_style=\"0\" data-s=\"\" data-members_only=\"no\" data-ux_val=\"0\" data-show_limit_ajax=\"no\" data-show_limit_paged=\"1\" ><\/div><div class='clear'><\/div><\/div><div class='evcal_month_line'><p>Agosto 2018<\/p><\/div><div id='evcal_list' class='eventon_events_list '><div id=\"event_38230\" class=\"eventon_list_event evo_eventtop past_event event\" data-event_id=\"38230\" data-time=\"1535155200-1535327940\" data-colr=\"#0092e0\" itemscope itemtype='http:\/\/schema.org\/Event' 1><div class=\"evo_event_schema\" style=\"display:none\" ><a itemprop='url'  href='https:\/\/www.federacao-triatlo.pt\/ftp2015\/events\/triatlo-longo-do-douro-2018\/'><\/a><span itemprop='name'  >Douro Triatlo M\u00e9dia Dist\u00e2ncia 2018<\/span><meta itemprop='image' content='https:\/\/www.federacao-triatlo.pt\/ftp2015\/wp-content\/uploads\/2018\/07\/DT_2018_cartaz-1-212x300.jpg' ><\/meta><meta itemprop='description' content='Regulamento Douro Triatlo 2018\r\n\r\nLinks dos Percursos:\r\n\r\n\r\n \tM\u00e9dia Dist\u00e2ncia:\r\nhttps:\/\/www.google.pt\/maps\/@41.1517234,-7.7647937,10237m\/data=!3m2!1e3!4b1!4m2!6m1!1s1fxHJ9v--Vsso2eHHEVzYJiOXul2Fk-Ku?hl=pt-PT&amp;authuser=0\r\n \t' ><\/meta><meta itemprop='startDate' content='2018-8-25' ><\/meta><meta itemprop='endDate' content='2018-8-26' ><\/meta><meta itemprop='eventStatus' content='on-schedule' ><\/meta><script type=\"application\/ld+json\">{\t\"@context\": \"http:\/\/schema.org\",\r\n\t\t\t\t\t\t\t  \t\"@type\": \"Event\",\r\n\t\t\t\t\t\t\t  \t\"name\": \"Douro Triatlo M\u00e9dia Dist\u00e2ncia 2018\",\r\n\t\t\t\t\t\t\t  \t\"startDate\": \"2018-8-25T00-00-00-00\",\r\n\t\t\t\t\t\t\t  \t\"endDate\": \"2018-8-26T23-23-59-00\",\r\n\t\t\t\t\t\t\t  \t\"image\":\"https:\/\/www.federacao-triatlo.pt\/ftp2015\/wp-content\/uploads\/2018\/07\/DT_2018_cartaz-1-212x300.jpg\",\r\n\t\t\t\t\t\t\t  \t\"description\":\"Regulamento Douro Triatlo 2018\r\n\r\nLinks dos Percursos:\r\n\r\n\r\n \tM\u00e9dia Dist\u00e2ncia:\r\nhttps:\/\/www.google.pt\/maps\/@41.1517234,-7.7647937,10237m\/data=!3m2!1e3!4b1!4m2!6m1!1s1fxHJ9v--Vsso2eHHEVzYJiOXul2Fk-Ku?hl=pt-PT&amp;authuser=0\r\n \t\",\r\n\t\t\t\t\t\t\t  \t\r\n\t\t\t\t\t\t\t }\r\n\t\t\t\t\t\t\t<\/script><\/div>\r\n\t\t\t\t<p class=\"desc_trig_outter\"><a data-gmap_status=\"null\" data-gmtrig=\"1\" data-exlk=\"0\" style=\"border-color: #0092e0;\" id=\"evc_153515520038230\" class=\"hasFtIMG desc_trig evo_camp-nac-grupos-idade evo_camp-nac-individual-triatlo-media-distancia evo_prova-aberta-triatlo-olimpico evo_prova-aberta-triatlo-sprint mul_val evcal_list_a\" data-ux_val=\"1\"  ><span class='ev_ftImg' data-img='https:\/\/www.federacao-triatlo.pt\/ftp2015\/wp-content\/uploads\/2018\/07\/DT_2018_cartaz-1.jpg' data-thumb='https:\/\/www.federacao-triatlo.pt\/ftp2015\/wp-content\/uploads\/2018\/07\/DT_2018_cartaz-1-212x300.jpg' style='background-image:url(\"https:\/\/www.federacao-triatlo.pt\/ftp2015\/wp-content\/uploads\/2018\/07\/DT_2018_cartaz-1-212x300.jpg\")'><\/span><span class='evcal_cblock ' data-bgcolor='#0092e0' data-smon='Agosto' data-syr='2018'><span class='evo_start '><em class='date'>25<\/em><em class='month'>ago<\/em><em class='time'><i t=\"y\">(ago 25)<\/i>0:00<\/em><\/span><span class='evo_end '><em class='date'>26<\/em><em class='time'><i t=\"y\">(ago 26)<\/i>23:59<\/em><\/span><em class='clear'><\/em><\/span><span class='evcal_desc evo_info hide_eventtopdata '  data-location_status=\"false\" ><span class='evo_above_title'><\/span><span class='evcal_desc2 evcal_event_title' itemprop='name'>Douro Triatlo M\u00e9dia Dist\u00e2ncia 2018<\/span><span class='evo_below_title'><\/span><span class='evcal_desc_info' ><\/span><span class='evcal_desc3'><span class='evcal_event_types ett1'><em><i>Tipo de Evento:<\/i><\/em><em data-filter='event_type'>Camp. Nac. Grupos Idade,<\/em><em data-filter='event_type'>Camp. Nac. Individual Triatlo M\u00e9dia Dist\u00e2ncia,<\/em><em data-filter='event_type'>Prova Aberta | Triatlo Ol\u00edmpico,<\/em><em data-filter='event_type'>Prova Aberta | Triatlo Sprint<\/em><i class='clear'><\/i><\/span><\/span><\/span><em class='clear'><\/em><\/p><\/a><div class='event_description evcal_eventcard ' style=\"display:none\"><div class='evo_metarow_directimg'><img src='https:\/\/www.federacao-triatlo.pt\/ftp2015\/wp-content\/uploads\/2018\/07\/DT_2018_cartaz-1.jpg' \/><\/div><div class='evo_metarow_details evorow evcal_evdata_row bordb evcal_event_details'>\r\n\t\t\t\t\t\t\t<div class=\"event_excerpt\" style=\"display:none\"><h3 class=\"padb5 evo_h3\">Detalhes do Evento<\/h3><p>Regulamento Douro Triatlo 2018\r\n\r\nLinks dos Percursos:\r\n\r\n\r\n \tM\u00e9dia Dist\u00e2ncia:\r\nhttps:\/\/www.google.pt\/maps\/@41.1517234,-7.7647937,10237m\/data=!3m2!1e3!4b1!4m2!6m1!1s1fxHJ9v--Vsso2eHHEVzYJiOXul2Fk-Ku?hl=pt-PT&amp;authuser=0\r\n \t<\/p><\/div><span class='evcal_evdata_icons'><i class='fa fa-align-justify'><\/i><\/span>\r\n\t\t\t\t\t\t\t\r\n\t\t\t\t\t\t\t<div class='evcal_evdata_cell '><div class='eventon_full_description'>\r\n\t\t\t\t\t\t\t\t\t<h3 class='padb5 evo_h3'><span class='evcal_evdata_icons'><i class='fa fa-align-justify'><\/i><\/span>Detalhes do Evento<\/h3><div class='eventon_desc_in' itemprop='description'>\r\n\t\t\t\t\t\t\t\t\t<div><a href=\"https:\/\/www.federacao-triatlo.pt\/ftp2015\/wp-content\/uploads\/2018\/07\/DT_2018_Regulamento_15agosto2018.pdf\">Regulamento Douro Triatlo 2018<\/a><\/div>\n<div><\/div>\n<div><span style=\"color: #000000; font-family: verdana, sans-serif;\">Links dos Percursos:<\/span><\/div>\n<div>\n<ul>\n<li><span style=\"color: #000000; font-family: verdana, sans-serif;\">M\u00e9dia Dist\u00e2ncia:<br \/>\n<\/span><a href=\"https:\/\/www.google.pt\/maps\/@41.1517234,-7.7647937,10237m\/data=!3m2!1e3!4b1!4m2!6m1!1s1fxHJ9v--Vsso2eHHEVzYJiOXul2Fk-Ku?hl=pt-PT&amp;authuser=0\" target=\"_blank\" rel=\"noopener\" data-saferedirecturl=\"https:\/\/www.google.com\/url?q=https:\/\/www.google.pt\/maps\/@41.1517234,-7.7647937,10237m\/data%3D!3m2!1e3!4b1!4m2!6m1!1s1fxHJ9v--Vsso2eHHEVzYJiOXul2Fk-Ku?hl%3Dpt-PT%26authuser%3D0&amp;source=gmail&amp;ust=1531827243038000&amp;usg=AFQjCNGb0UMkCUnZ57K87pizLM9TQjTttg\">https:\/\/www.google.pt\/maps\/@<wbr \/>41.1517234,-7.7647937,10237m\/<wbr \/>data=!3m2!1e3!4b1!4m2!6m1!<wbr \/>1s1fxHJ9v&#8211;<wbr \/>Vsso2eHHEVzYJiOXul2Fk-Ku?hl=<wbr \/>pt-PT&amp;authuser=0<\/a><\/li>\n<li><span style=\"color: #000000; font-family: verdana, sans-serif;\">Standard:<br \/>\n<a href=\"https:\/\/www.google.pt\/maps\/@41.1385014,-7.6518126,7219m\/data=!3m2!1e3!4b1!4m2!6m1!1s14wKqeJekWCbTcpLGNRQ9Y36IL_FOntf1?hl=pt-PT&amp;authuser=0\" target=\"_blank\" rel=\"noopener\" data-saferedirecturl=\"https:\/\/www.google.com\/url?q=https:\/\/www.google.pt\/maps\/@41.1385014,-7.6518126,7219m\/data%3D!3m2!1e3!4b1!4m2!6m1!1s14wKqeJekWCbTcpLGNRQ9Y36IL_FOntf1?hl%3Dpt-PT%26authuser%3D0&amp;source=gmail&amp;ust=1531827243038000&amp;usg=AFQjCNHpagBZGA2VPV96MH3JUofl6gcVgw\">https:\/\/www.google.pt\/maps\/@<wbr \/>41.1385014,-7.6518126,7219m\/<wbr \/>data=!3m2!1e3!4b1!4m2!6m1!<wbr \/>1s14wKqeJekWCbTcpLGNRQ9Y36IL_<wbr \/>FOntf1?hl=pt-PT&amp;authuser=0<\/a><br \/>\n<\/span><\/li>\n<li><span style=\"color: #000000; font-family: verdana, sans-serif;\">Sprint:<br \/>\n<a href=\"https:\/\/www.google.pt\/maps\/@41.1375049,-7.624472,5186m\/data=!3m2!1e3!4b1!4m2!6m1!1s1TmRfW9pCLZZqvDLNpS1LS6xLlJ5N433d?hl=pt-PT&amp;authuser=0\" target=\"_blank\" rel=\"noopener\" data-saferedirecturl=\"https:\/\/www.google.com\/url?q=https:\/\/www.google.pt\/maps\/@41.1375049,-7.624472,5186m\/data%3D!3m2!1e3!4b1!4m2!6m1!1s1TmRfW9pCLZZqvDLNpS1LS6xLlJ5N433d?hl%3Dpt-PT%26authuser%3D0&amp;source=gmail&amp;ust=1531827243038000&amp;usg=AFQjCNG6Y5aZJE9HpxFIiE8oFJSxVgHEkQ\">https:\/\/www.google.pt\/maps\/@<wbr \/>41.1375049,-7.624472,5186m\/<wbr \/>data=!3m2!1e3!4b1!4m2!6m1!<wbr \/>1s1TmRfW9pCLZZqvDLNpS1LS6xLlJ5<wbr \/>N433d?hl=pt-PT&amp;authuser=0<\/a><\/span><\/li>\n<\/ul>\n<\/div>\n<p><a href=\"https:\/\/www.federacao-triatlo.pt\/ftp2015\/wp-content\/uploads\/2018\/07\/Lista-Inscritos-Campeonato-Nacional-Individual.pdf\">Lista Inscritos Campeonato Nacional Individual<\/a><\/p>\n<p><a href=\"https:\/\/www.federacao-triatlo.pt\/ftp2015\/wp-content\/uploads\/2018\/07\/Lista-Inscritos-Campeonato-Nacional-Paratriatlo.pdf\">Lista Inscritos Campeonato Nacional Paratriatlo<\/a><\/p>\n<p><a href=\"https:\/\/www.federacao-triatlo.pt\/ftp2015\/wp-content\/uploads\/2018\/07\/Lista-Inscritos-Douro-Sprint.pdf\">Lista Inscritos Douro Sprint<\/a><\/p>\n<p><a href=\"https:\/\/www.federacao-triatlo.pt\/ftp2015\/wp-content\/uploads\/2018\/07\/Lista-Inscritos-Douro-Standard.pdf\">Lista Inscritos Douro Standard<\/a><\/p>\n<p><a href=\"https:\/\/www.federacao-triatlo.pt\/ftp2015\/wp-content\/uploads\/2018\/07\/Lista-Inscritos-Trof\u00e9u-Douro-Triatlo.pdf\">Lista Inscritos Trof\u00e9u Douro Triatlo<\/a><\/p>\n<p>&nbsp;<\/p>\n<\/div><div class='clear'><\/div>\r\n\t\t\t\t\t\t\t\t<\/div>\r\n\t\t\t\t\t\t\t<\/div>\r\n\t\t\t\t\t\t<\/div><div class='evo_metarow_time evorow evcal_evdata_row bordb evcal_evrow_sm '>\r\n\t\t\t\t\t\t\t<span class='evcal_evdata_icons'><i class='fa fa-clock-o'><\/i><\/span>\r\n\t\t\t\t\t\t\t<div class='evcal_evdata_cell'>\t\t\t\t\t\t\t\r\n\t\t\t\t\t\t\t\t<h3 class='evo_h3'><span class='evcal_evdata_icons'><i class='fa fa-clock-o'><\/i><\/span>Hor\u00e1rio<\/h3><p>25 (S\u00e1bado) 0:00 - 26 (Domingo) 23:59<\/p>\r\n\t\t\t\t\t\t\t<\/div>\r\n\t\t\t\t\t\t<\/div><div class='evo_metarow_organizer evorow evcal_evdata_row bordb evcal_evrow_sm '>\r\n\t\t\t\t\t\t\t<span class='evcal_evdata_icons'><i class='fa fa-headphones'><\/i><\/span>\r\n\t\t\t\t\t\t\t<div class='evcal_evdata_cell'>\t\t\t\t\t\t\t\r\n\t\t\t\t\t\t\t\t<h3 class='evo_h3'>Evento organizado por<\/h3>\r\n\t\t\t\t\t\t\t\t\r\n\t\t\t\t\t\t\t\t<div class='evo_card_organizer'><p class='evo_data_val evo_card_organizer_name'>\r\n\t\t\t\t\t\t\t\t\t<span class='evo_card_organizer_name_t'>FTP \/ DELEGA\u00c7\u00c3O REGIONAL DE TRIATLO DO NORTE<\/span>\r\n\t\t\t\t\t\t\t\t\t\r\n\t\t\t\t\t\t\t\t\t<\/p><\/div><div class='clear'><\/div>\t\t\t\t\t\t\t\r\n\t\t\t\t\t\t\t<\/div>\r\n\t\t\t\t\t\t<\/div>\t\t\t\t\t\t<div class='evo_metarow_ICS evorow bordb evcal_evdata_row'>\r\n\t\t\t\t\t\t\t<span class=\"evcal_evdata_icons\"><i class=\"fa fa-calendar\"><\/i><\/span>\r\n\t\t\t\t\t\t\t<div class='evcal_evdata_cell'>\r\n\t\t\t\t\t\t\t\t<p><a href='https:\/\/www.federacao-triatlo.pt\/ftp2015\/wp-admin\/admin-ajax.php?action=eventon_ics_download&amp;event_id=38230&amp;sunix=20180824T230000Z&amp;eunix=20180826T225900Z&amp;loca=&amp;locn=' class='evo_ics_nCal' title='Adicionar ao seu calend\u00e1rio'>Calend\u00e1rio<\/a><a href='\/\/www.google.com\/calendar\/event?action=TEMPLATE&amp;text=Douro+Triatlo+M%C3%A9dia+Dist%C3%A2ncia+2018&amp;dates=20180824T230000Z\/20180826T225900Z&amp;details=Regulamento+Douro+Triatlo+2018%0D%0A%0D%0ALinks+dos+Percursos%3A%0D%0A%0D%0A%0D%0A+%09M%C3%A9dia+Dist%C3%A2ncia%3A%0D%0Ahttps%3A%2F%2Fwww.google.pt%2Fmaps%2F%4041.1517234%2C-7.7647937%2C10237m%2Fdata%3D%213m2%211e3%214b1%214m2%216m1%211s1fxHJ9v--Vsso2eHHEVzYJiOXul2Fk-Ku%3Fhl%3Dpt-PT%26amp%3Bauthuser%3D0%0D%0A+%09&amp;location= - ' target='_blank' class='evo_ics_gCal' title='Adicionar ao calend\u00e1rio Google'>GoogleCal<\/a><\/p>\t\r\n\t\t\t\t\t\t\t<\/div>\t\t\t\t\t\t<\/div>\r\n\t\t\t\t\t\t<\/div><div class='clear end'><\/div><\/div><\/div><div class='clear'><\/div><\/div><!-- ajde_evcal_calendar-->\n<div id='evcal_calendar_312' class='ajde_evcal_calendar  ul' ><div class='evo-data' data-cyear=\"2018\" data-cmonth=\"9\" data-runajax=\"1\" data-evc_open=\"0\" data-cal_ver=\"2.6\" data-mapscroll=\"true\" data-mapformat=\"roadmap\" data-mapzoom=\"14\" data-mapiconurl=\"\" data-ev_cnt=\"0\" data-show_limit=\"no\" data-tiles=\"no\" data-sort_by=\"sort_date\" data-filters_on=\"true\" data-range_start=\"0\" data-range_end=\"0\" data-send_unix=\"0\" data-ux_val=\"0\" data-accord=\"0\" data-rtl=\"no\"  ><\/div><div id='evcal_head' class='calendar_header ' ><div class='evo_cal_above'><span class='evo-gototoday-btn' style='display:none' data-mo='9' data-yr='2018' data-dy=''>Dia de Hoje<\/span><\/div><div class='evo_cal_above_content'><\/div><div class='cal_arguments' style='display:none' data-hide_past=\"no\" data-show_et_ft_img=\"yes\" data-event_order=\"ASC\" data-ft_event_priority=\"no\" data-lang=\"L1\" data-month_incre=\"0\" data-only_ft=\"no\" data-evc_open=\"no\" data-show_limit=\"no\" data-etc_override=\"no\" data-show_limit_redir=\"0\" data-tiles=\"no\" data-tile_height=\"0\" data-tile_bg=\"0\" data-tile_count=\"2\" data-tile_style=\"0\" data-s=\"\" data-members_only=\"no\" data-ux_val=\"0\" data-show_limit_ajax=\"no\" data-show_limit_paged=\"1\" ><\/div><div class='clear'><\/div><\/div><div class='evcal_month_line'><p>Setembro 2018<\/p><\/div><div id='evcal_list' class='eventon_events_list '><div id=\"event_29909\" class=\"eventon_list_event evo_eventtop past_event event\" data-event_id=\"29909\" data-time=\"1535846401-1535932799\" data-colr=\"#0092e0\" itemscope itemtype='http:\/\/schema.org\/Event' 1><div class=\"evo_event_schema\" style=\"display:none\" ><a itemprop='url'  href='https:\/\/www.federacao-triatlo.pt\/ftp2015\/events\/triatlo-de-viana-do-castelo-2\/'><\/a><span itemprop='name'  >Triatlo de Viana do Castelo<\/span><meta itemprop='image'  ><\/meta><meta itemprop='description' content='Este evento foi cancelado!' ><\/meta><meta itemprop='startDate' content='2018-9-2' ><\/meta><meta itemprop='endDate' content='2018-9-2' ><\/meta><meta itemprop='eventStatus' content='on-schedule' ><\/meta><script type=\"application\/ld+json\">{\t\"@context\": \"http:\/\/schema.org\",\r\n\t\t\t\t\t\t\t  \t\"@type\": \"Event\",\r\n\t\t\t\t\t\t\t  \t\"name\": \"Triatlo de Viana do Castelo\",\r\n\t\t\t\t\t\t\t  \t\"startDate\": \"2018-9-2T00-00-00-00\",\r\n\t\t\t\t\t\t\t  \t\"endDate\": \"2018-9-2T23-23-59-00\",\r\n\t\t\t\t\t\t\t  \t\"image\":,\r\n\t\t\t\t\t\t\t  \t\"description\":\"Este evento foi cancelado!\",\r\n\t\t\t\t\t\t\t  \t\r\n\t\t\t\t\t\t\t }\r\n\t\t\t\t\t\t\t<\/script><\/div>\r\n\t\t\t\t<p class=\"desc_trig_outter\"><a data-gmap_status=\"null\" data-exlk=\"0\" style=\"border-color: #0092e0;\" id=\"evc_153584640129909\" class=\"desc_trig cancel_event 1 evo_prova-aberta-triatlo-sprint evo_taca-de-portugal sin_val evcal_list_a\" data-ux_val=\"1\"  ><span class='evcal_cblock ' data-bgcolor='#0092e0' data-smon='Setembro' data-syr='2018'><span class='evo_start '><em class='date'>02<\/em><em class='month'>set<\/em><em class='time'>allday<\/em><\/span><span class='evo_end only_time'><em class='time'>allday<\/em><\/span><em class='clear'><\/em><\/span><span class='evcal_desc evo_info hide_eventtopdata '  data-location_status=\"false\" ><span class='evo_above_title'><span class='evo_event_headers canceled' title=''>Evento Cancelado<\/span><\/span><span class='evcal_desc2 evcal_event_title' itemprop='name'>Triatlo de Viana do Castelo<\/span><span class='evo_below_title'><\/span><span class='evcal_desc_info' ><\/span><span class='evcal_desc3'><span class='evcal_event_types ett1'><em><i>Tipo de Evento:<\/i><\/em><em data-filter='event_type'>Prova Aberta | Triatlo Sprint,<\/em><em data-filter='event_type'>Ta\u00e7a de Portugal de Triatlo<\/em><i class='clear'><\/i><\/span><\/span><\/span><em class='clear'><\/em><\/p><\/a><div class='event_description evcal_eventcard ' style=\"display:none\"><div class='evo_metarow_details evorow evcal_evdata_row bordb evcal_event_details'>\r\n\t\t\t\t\t\t\t<div class=\"event_excerpt\" style=\"display:none\"><h3 class=\"padb5 evo_h3\">Detalhes do Evento<\/h3><p>Este evento foi cancelado!<\/p><\/div><span class='evcal_evdata_icons'><i class='fa fa-align-justify'><\/i><\/span>\r\n\t\t\t\t\t\t\t\r\n\t\t\t\t\t\t\t<div class='evcal_evdata_cell '><div class='eventon_full_description'>\r\n\t\t\t\t\t\t\t\t\t<h3 class='padb5 evo_h3'><span class='evcal_evdata_icons'><i class='fa fa-align-justify'><\/i><\/span>Detalhes do Evento<\/h3><div class='eventon_desc_in' itemprop='description'>\r\n\t\t\t\t\t\t\t\t\t<p>Este evento foi cancelado!<\/p>\n<\/div><div class='clear'><\/div>\r\n\t\t\t\t\t\t\t\t<\/div>\r\n\t\t\t\t\t\t\t<\/div>\r\n\t\t\t\t\t\t<\/div><div class='evo_metarow_time evorow evcal_evdata_row bordb evcal_evrow_sm '>\r\n\t\t\t\t\t\t\t<span class='evcal_evdata_icons'><i class='fa fa-clock-o'><\/i><\/span>\r\n\t\t\t\t\t\t\t<div class='evcal_evdata_cell'>\t\t\t\t\t\t\t\r\n\t\t\t\t\t\t\t\t<h3 class='evo_h3'><span class='evcal_evdata_icons'><i class='fa fa-clock-o'><\/i><\/span>Hor\u00e1rio<\/h3><p>Todo o dia (Domingo)<\/p>\r\n\t\t\t\t\t\t\t<\/div>\r\n\t\t\t\t\t\t<\/div>\t\t\t\t\t\t<div class='evo_metarow_ICS evorow bordb evcal_evdata_row'>\r\n\t\t\t\t\t\t\t<span class=\"evcal_evdata_icons\"><i class=\"fa fa-calendar\"><\/i><\/span>\r\n\t\t\t\t\t\t\t<div class='evcal_evdata_cell'>\r\n\t\t\t\t\t\t\t\t<p><a href='https:\/\/www.federacao-triatlo.pt\/ftp2015\/wp-admin\/admin-ajax.php?action=eventon_ics_download&amp;event_id=29909&amp;sunix=20180901T230000Z&amp;eunix=20180902T225900Z&amp;loca=&amp;locn=' class='evo_ics_nCal' title='Adicionar ao seu calend\u00e1rio'>Calend\u00e1rio<\/a><a href='\/\/www.google.com\/calendar\/event?action=TEMPLATE&amp;text=Triatlo+de+Viana+do+Castelo&amp;dates=20180901T230000Z\/20180902T225900Z&amp;details=Este+evento+foi+cancelado%21&amp;location= - ' target='_blank' class='evo_ics_gCal' title='Adicionar ao calend\u00e1rio Google'>GoogleCal<\/a><\/p>\t\r\n\t\t\t\t\t\t\t<\/div>\t\t\t\t\t\t<\/div>\r\n\t\t\t\t\t\t<\/div><div class='clear end'><\/div><\/div><div id=\"event_37594\" class=\"eventon_list_event evo_eventtop past_event event\" data-event_id=\"37594\" data-time=\"1536364801-1536451199\" data-colr=\"#0092e0\" itemscope itemtype='http:\/\/schema.org\/Event' 2><div class=\"evo_event_schema\" style=\"display:none\" ><a itemprop='url'  href='https:\/\/www.federacao-triatlo.pt\/ftp2015\/events\/iv-duatlo-jumbo-prova-aberta\/'><\/a><span itemprop='name'  >IV Duatlo Jumbo - Prova Aberta<\/span><meta itemprop='image' content='https:\/\/www.federacao-triatlo.pt\/ftp2015\/wp-content\/uploads\/2018\/06\/5_DUATLO-Iabertas-300x225.png' ><\/meta><meta itemprop='description' content='No dia 08 de setembro ir\u00e1 ter lugar no Circuito do Estoril o IV Duatlo Jumbo.\r\n\r\nInforma\u00e7\u00f5es:\u00a0http:\/\/www.corridajumbo.pt\/site\/\r\n\r\nDuatlo do Jumbo 2018 - Regulamento\r\n\r\nLista Inscritos Duatlo do Jumbo\r\n\r\n' ><\/meta><meta itemprop='startDate' content='2018-9-8' ><\/meta><meta itemprop='endDate' content='2018-9-8' ><\/meta><meta itemprop='eventStatus' content='on-schedule' ><\/meta>\r\n\t\t\t\t\t\t\t\t\t<item style=\"display:none\" itemprop=\"location\" itemscope itemtype=\"http:\/\/schema.org\/Place\">\r\n\t\t\t\t\t\t\t\t\t\t<span itemprop=\"name\">Aut\u00f3dromo do Estoril<\/span>\r\n\t\t\t\t\t\t\t\t\t\t<span itemprop=\"address\" itemscope itemtype=\"http:\/\/schema.org\/PostalAddress\">\r\n\t\t\t\t\t\t\t\t\t\t\t<item itemprop=\"streetAddress\"><\/item>\r\n\t\t\t\t\t\t\t\t\t\t<\/span><\/item><script type=\"application\/ld+json\">{\t\"@context\": \"http:\/\/schema.org\",\r\n\t\t\t\t\t\t\t  \t\"@type\": \"Event\",\r\n\t\t\t\t\t\t\t  \t\"name\": \"IV Duatlo Jumbo - Prova Aberta\",\r\n\t\t\t\t\t\t\t  \t\"startDate\": \"2018-9-8T00-00-00-00\",\r\n\t\t\t\t\t\t\t  \t\"endDate\": \"2018-9-8T23-23-59-00\",\r\n\t\t\t\t\t\t\t  \t\"image\":\"https:\/\/www.federacao-triatlo.pt\/ftp2015\/wp-content\/uploads\/2018\/06\/5_DUATLO-Iabertas-300x225.png\",\r\n\t\t\t\t\t\t\t  \t\"description\":\"No dia 08 de setembro ir\u00e1 ter lugar no Circuito do Estoril o IV Duatlo Jumbo.\r\n\r\nInforma\u00e7\u00f5es:\u00a0http:\/\/www.corridajumbo.pt\/site\/\r\n\r\nDuatlo do Jumbo 2018 - Regulamento\r\n\r\nLista Inscritos Duatlo do Jumbo\r\n\r\n\",\r\n\t\t\t\t\t\t\t  \t\r\n\t\t\t\t\t\t\t }\r\n\t\t\t\t\t\t\t<\/script><\/div>\r\n\t\t\t\t<p class=\"desc_trig_outter\"><a data-gmtrig=\"1\" data-exlk=\"0\" style=\"border-color: #0092e0;\" id=\"evc_153636480137594\" class=\"hasFtIMG desc_trig evo_prova-aberta sin_val evcal_list_a\" data-ux_val=\"1\"  ><span class='ev_ftImg' data-img='https:\/\/www.federacao-triatlo.pt\/ftp2015\/wp-content\/uploads\/2018\/06\/5_DUATLO-Iabertas.png' data-thumb='https:\/\/www.federacao-triatlo.pt\/ftp2015\/wp-content\/uploads\/2018\/06\/5_DUATLO-Iabertas-300x225.png' style='background-image:url(\"https:\/\/www.federacao-triatlo.pt\/ftp2015\/wp-content\/uploads\/2018\/06\/5_DUATLO-Iabertas-300x225.png\")'><\/span><span class='evcal_cblock ' data-bgcolor='#0092e0' data-smon='Setembro' data-syr='2018'><span class='evo_start '><em class='date'>08<\/em><em class='month'>set<\/em><em class='time'>allday<\/em><\/span><span class='evo_end only_time'><em class='time'>allday<\/em><\/span><em class='clear'><\/em><\/span><span class='evcal_desc evo_info hide_eventtopdata ' data-latlng=\"38.744782,-9.393319\"  data-location_address=\"\" data-location_type=\"lonlat\" data-location_name=\"Aut\u00f3dromo do Estoril\" data-location_status=\"true\" ><span class='evo_above_title'><\/span><span class='evcal_desc2 evcal_event_title' itemprop='name'>IV Duatlo Jumbo - Prova Aberta<\/span><span class='evo_below_title'><\/span><span class='evcal_desc_info' ><em class=\"evcal_location\" data-latlng=\"38.744782,-9.393319\"  data-add_str=\"\"><em class=\"event_location_name\">Aut\u00f3dromo do Estoril<\/em><\/em><\/span><span class='evcal_desc3'><span class='evcal_event_types ett1'><em><i>Tipo de Evento:<\/i><\/em><em data-filter='event_type'>Prova Aberta<\/em><i class='clear'><\/i><\/span><\/span><\/span><em class='clear'><\/em><\/p><\/a><div class='event_description evcal_eventcard ' style=\"display:none\"><div class='evo_metarow_directimg'><img src='https:\/\/www.federacao-triatlo.pt\/ftp2015\/wp-content\/uploads\/2018\/06\/5_DUATLO-Iabertas.png' \/><\/div><div class='evo_metarow_details evorow evcal_evdata_row bordb evcal_event_details'>\r\n\t\t\t\t\t\t\t<div class=\"event_excerpt\" style=\"display:none\"><h3 class=\"padb5 evo_h3\">Detalhes do Evento<\/h3><p>No dia 08 de setembro ir\u00e1 ter lugar no Circuito do Estoril o IV Duatlo Jumbo.\r\n\r\nInforma\u00e7\u00f5es:\u00a0http:\/\/www.corridajumbo.pt\/site\/\r\n\r\nDuatlo do Jumbo 2018 - Regulamento\r\n\r\nLista Inscritos Duatlo do Jumbo\r\n\r\n<\/p><\/div><span class='evcal_evdata_icons'><i class='fa fa-align-justify'><\/i><\/span>\r\n\t\t\t\t\t\t\t\r\n\t\t\t\t\t\t\t<div class='evcal_evdata_cell '><div class='eventon_full_description'>\r\n\t\t\t\t\t\t\t\t\t<h3 class='padb5 evo_h3'><span class='evcal_evdata_icons'><i class='fa fa-align-justify'><\/i><\/span>Detalhes do Evento<\/h3><div class='eventon_desc_in' itemprop='description'>\r\n\t\t\t\t\t\t\t\t\t<p>No dia 08 de setembro ir\u00e1 ter lugar no Circuito do Estoril o IV Duatlo Jumbo.<\/p>\n<p>Informa\u00e7\u00f5es:\u00a0<a href=\"http:\/\/www.corridajumbo.pt\/site\/\">http:\/\/www.corridajumbo.pt\/site\/<\/a><\/p>\n<p><a href=\"https:\/\/www.federacao-triatlo.pt\/ftp2015\/wp-content\/uploads\/2018\/06\/Duatlo-do-Jumbo-2018-Regulamento_29.08.18.pdf\">Duatlo do Jumbo 2018 &#8211; Regulamento<\/a><\/p>\n<p><a href=\"https:\/\/www.federacao-triatlo.pt\/ftp2015\/wp-content\/uploads\/2018\/06\/Lista-Inscritos-Duatlo-do-Jumbo.pdf\">Lista Inscritos Duatlo do Jumbo<\/a><\/p>\n<div class=\"b5-file-manager-folder\">\r\n                    <input type=\"hidden\" value=\"87661\" class=\"b5-fm-post-id\" \/>\r\n                            <div class=\"b5-menu-bar\">\r\n                            \t<div class=\"b5-bar-controls\"><input type=\"text\" placeholder=\"Filtrar\" class=\"b5-filter-value\" \/><\/div>\r\n                    \r\n                <ul class=\"b5-breadcrumbs\">\r\n                    <li>\r\n                        <a class=\"b5-folder-name b5-last\" href=\"#\">Duatlo Jumbo 2018<\/a>\r\n                    <\/li>\r\n                <\/ul>\r\n                 <div style=\"clear:both\"><\/div>\r\n             <\/div><div class=\"b5-loading\"><\/div><ul class=\"b5-file-manager-container b5-file-manager b5-list\"><li class=\"b5-item\">\n                    <input type=\"hidden\" class=\"b5-item-data\" data-title=\"duatlo do jumbo 2018 - absoluta feminina\" data-weight=\"13072\" data-date=\"1536587348\" data-type=\"document\" data-identifier=\"b\" \/>\n                    <div class=\"b5-file\">\n                        <div class=\"b5-icon\"><div class=\"dashicons dashicons-media-document\"><\/div><\/div>\n                        <div class=\"b5-info\">\n                            <p class=\"b5-title\">Duatlo do Jumbo 2018 - Absoluta Feminina<\/p>\n                            <ul class=\"b5-infowrapper\">\n                                \n                                \n                                \n                                \n                                <li><a class=\"b5-download b5-download-icon before\" href=\"https:\/\/www.federacao-triatlo.pt\/ftp2015\/events\/encontro-nacional-jovem-de-triatlo\/?b5-file=39645&#038;b5-folder=39627\" data-field_id=\"39645\" data-folder_id=\"39627\" target=\"_self\" title=\"Download file\">Download<\/a><\/li>\n                            <\/ul>\n                         <\/div>\n                    <\/div>\n                <\/li><li class=\"b5-item\">\n                    <input type=\"hidden\" class=\"b5-item-data\" data-title=\"duatlo do jumbo 2018 - equipas masculinas\" data-weight=\"11392\" data-date=\"1536587353\" data-type=\"document\" data-identifier=\"b\" \/>\n                    <div class=\"b5-file\">\n                        <div class=\"b5-icon\"><div class=\"dashicons dashicons-media-document\"><\/div><\/div>\n                        <div class=\"b5-info\">\n                            <p class=\"b5-title\">Duatlo do Jumbo 2018 - Equipas Masculinas<\/p>\n                            <ul class=\"b5-infowrapper\">\n                                \n                                \n                                \n                                \n                                <li><a class=\"b5-download b5-download-icon before\" href=\"https:\/\/www.federacao-triatlo.pt\/ftp2015\/events\/encontro-nacional-jovem-de-triatlo\/?b5-file=39647&#038;b5-folder=39627\" data-field_id=\"39647\" data-folder_id=\"39627\" target=\"_self\" title=\"Download file\">Download<\/a><\/li>\n                            <\/ul>\n                         <\/div>\n                    <\/div>\n                <\/li><li class=\"b5-item\">\n                    <input type=\"hidden\" class=\"b5-item-data\" data-title=\"duatlo do jumbo 2018 - escal\u00f5es femininos\" data-weight=\"13726\" data-date=\"1536587355\" data-type=\"document\" data-identifier=\"b\" \/>\n                    <div class=\"b5-file\">\n                        <div class=\"b5-icon\"><div class=\"dashicons dashicons-media-document\"><\/div><\/div>\n                        <div class=\"b5-info\">\n                            <p class=\"b5-title\">Duatlo do Jumbo 2018 - Escal\u00f5es Femininos<\/p>\n                            <ul class=\"b5-infowrapper\">\n                                \n                                \n                                \n                                \n                                <li><a class=\"b5-download b5-download-icon before\" href=\"https:\/\/www.federacao-triatlo.pt\/ftp2015\/events\/encontro-nacional-jovem-de-triatlo\/?b5-file=39648&#038;b5-folder=39627\" data-field_id=\"39648\" data-folder_id=\"39627\" target=\"_self\" title=\"Download file\">Download<\/a><\/li>\n                            <\/ul>\n                         <\/div>\n                    <\/div>\n                <\/li><li class=\"b5-item\">\n                    <input type=\"hidden\" class=\"b5-item-data\" data-title=\"duatlo do jumbo 2018 - absoluta masculina\" data-weight=\"34909\" data-date=\"1537462628\" data-type=\"document\" data-identifier=\"b\" \/>\n                    <div class=\"b5-file\">\n                        <div class=\"b5-icon\"><div class=\"dashicons dashicons-media-document\"><\/div><\/div>\n                        <div class=\"b5-info\">\n                            <p class=\"b5-title\">Duatlo do Jumbo 2018 - Absoluta Masculina<\/p>\n                            <ul class=\"b5-infowrapper\">\n                                \n                                \n                                \n                                \n                                <li><a class=\"b5-download b5-download-icon before\" href=\"https:\/\/www.federacao-triatlo.pt\/ftp2015\/events\/encontro-nacional-jovem-de-triatlo\/?b5-file=39989&#038;b5-folder=39627\" data-field_id=\"39989\" data-folder_id=\"39627\" target=\"_self\" title=\"Download file\">Download<\/a><\/li>\n                            <\/ul>\n                         <\/div>\n                    <\/div>\n                <\/li><li class=\"b5-item\">\n                    <input type=\"hidden\" class=\"b5-item-data\" data-title=\"duatlo do jumbo 2018 - escal\u00f5es masculinos\" data-weight=\"30090\" data-date=\"1537462631\" data-type=\"document\" data-identifier=\"b\" \/>\n                    <div class=\"b5-file\">\n                        <div class=\"b5-icon\"><div class=\"dashicons dashicons-media-document\"><\/div><\/div>\n                        <div class=\"b5-info\">\n                            <p class=\"b5-title\">Duatlo do Jumbo 2018 - Escal\u00f5es Masculinos<\/p>\n                            <ul class=\"b5-infowrapper\">\n                                \n                                \n                                \n                                \n                                <li><a class=\"b5-download b5-download-icon before\" href=\"https:\/\/www.federacao-triatlo.pt\/ftp2015\/events\/encontro-nacional-jovem-de-triatlo\/?b5-file=39990&#038;b5-folder=39627\" data-field_id=\"39990\" data-folder_id=\"39627\" target=\"_self\" title=\"Download file\">Download<\/a><\/li>\n                            <\/ul>\n                         <\/div>\n                    <\/div>\n                <\/li><li class=\"b5-item\">\n                    <input type=\"hidden\" class=\"b5-item-data\" data-title=\"duatlo do jumbo 2018 - estafetas\" data-weight=\"10589\" data-date=\"1537462635\" data-type=\"document\" data-identifier=\"b\" \/>\n                    <div class=\"b5-file\">\n                        <div class=\"b5-icon\"><div class=\"dashicons dashicons-media-document\"><\/div><\/div>\n                        <div class=\"b5-info\">\n                            <p class=\"b5-title\">Duatlo do Jumbo 2018 - Estafetas<\/p>\n                            <ul class=\"b5-infowrapper\">\n                                \n                                \n                                \n                                \n                                <li><a class=\"b5-download b5-download-icon before\" href=\"https:\/\/www.federacao-triatlo.pt\/ftp2015\/events\/encontro-nacional-jovem-de-triatlo\/?b5-file=39991&#038;b5-folder=39627\" data-field_id=\"39991\" data-folder_id=\"39627\" target=\"_self\" title=\"Download file\">Download<\/a><\/li>\n                            <\/ul>\n                         <\/div>\n                    <\/div>\n                <\/li><\/ul><\/div>\n<\/div><div class='clear'><\/div>\r\n\t\t\t\t\t\t\t\t<\/div>\r\n\t\t\t\t\t\t\t<\/div>\r\n\t\t\t\t\t\t<\/div><div class='evo_metarow_gmap evorow evcal_gmaps bordb ' id='evc153636480169f3e02f0dda737594_gmap' style='max-width:none'><\/div><div class='evo_metarow_getDr evorow evcal_evdata_row bordb evcal_evrow_sm getdirections'>\r\n\t\t\t\t\t\t<form action='https:\/\/maps.google.com\/maps' method='get' target='_blank'>\r\n\t\t\t\t\t\t<input type='hidden' name='daddr' value='38.744782,-9.393319'\/> \r\n\t\t\t\t\t\t<p><input class='evoInput' type='text' name='saddr' placeholder='Escreva a morada' value=''\/>\r\n\t\t\t\t\t\t<button type='submit' class='evcal_evdata_icons evcalicon_9' title='Clique aqui para obter as dire\u00e7\u00f5es'><i class='fa fa-road'><\/i><\/button>\r\n\t\t\t\t\t\t<\/p><\/form>\r\n\t\t\t\t\t<\/div><div class='evo_metarow_time_location evorow bordb '>\r\n\t\t\t\t\t\t<div class='tb' >\r\n\t\t\t\t\t\t\t<div class='tbrow'>\r\n\t\t\t\t\t\t\t<div class='evcal_col50 bordr'>\r\n\t\t\t\t\t\t\t\t<div class='evcal_evdata_row evo_time'>\r\n\t\t\t\t\t\t\t\t\t<span class='evcal_evdata_icons'><i class='fa fa-clock-o'><\/i><\/span>\r\n\t\t\t\t\t\t\t\t\t<div class='evcal_evdata_cell'>\t\t\t\t\t\t\t\r\n\t\t\t\t\t\t\t\t\t\t<h3 class='evo_h3'><span class='evcal_evdata_icons'><i class='fa fa-clock-o'><\/i><\/span>Hor\u00e1rio<\/h3>\r\n\t\t\t\t\t\t\t\t\t\t<p>Todo o dia (S\u00e1bado)<\/p>\r\n\t\t\t\t\t\t\t\t\t<\/div>\r\n\t\t\t\t\t\t\t\t<\/div>\r\n\t\t\t\t\t\t\t<\/div><div class='evcal_col50'>\r\n\t\t\t\t\t\t\t\t<div class='evcal_evdata_row evo_location'>\r\n\t\t\t\t\t\t\t\t\t<span class='evcal_evdata_icons'><i class='fa fa-map-marker'><\/i><\/span>\r\n\t\t\t\t\t\t\t\t\t<div class='evcal_evdata_cell' data-loc_tax_id='272'>\t\t\t\t\t\t\t\r\n\t\t\t\t\t\t\t\t\t\t<h3 class='evo_h3'><span class='evcal_evdata_icons'><i class='fa fa-map-marker'><\/i><\/span>Localiza\u00e7\u00e3o<\/h3><p class='evo_location_name'>Aut\u00f3dromo do Estoril<\/p><p><\/p>\r\n\t\t\t\t\t\t\t\t\t<\/div>\r\n\t\t\t\t\t\t\t\t<\/div>\r\n\t\t\t\t\t\t\t<\/div><div class='clear'><\/div>\r\n\t\t\t\t\t\t\t<\/div><\/div>\r\n\t\t\t\t\t\t<\/div><div class='evo_metarow_organizer evorow evcal_evdata_row bordb evcal_evrow_sm '>\r\n\t\t\t\t\t\t\t<span class='evcal_evdata_icons'><i class='fa fa-headphones'><\/i><\/span>\r\n\t\t\t\t\t\t\t<div class='evcal_evdata_cell'>\t\t\t\t\t\t\t\r\n\t\t\t\t\t\t\t\t<h3 class='evo_h3'>Evento organizado por<\/h3>\r\n\t\t\t\t\t\t\t\t\r\n\t\t\t\t\t\t\t\t<div class='evo_card_organizer'><p class='evo_data_val evo_card_organizer_name'>\r\n\t\t\t\t\t\t\t\t\t<span class='evo_card_organizer_name_t'><a  href='https:\/\/www.federacao-triatlo.pt\/ftp2015'>FTP \/ Funda\u00e7\u00e3o P\u00e3o de A\u00e7\u00facar \u2013 Auchan<\/a><\/span><span class='evo_card_organizer_contact'>inscricoes@federacao-triatlo.pt<\/span>\r\n\t\t\t\t\t\t\t\t\t\r\n\t\t\t\t\t\t\t\t\t<\/p><\/div><div class='clear'><\/div>\t\t\t\t\t\t\t\r\n\t\t\t\t\t\t\t<\/div>\r\n\t\t\t\t\t\t<\/div>\t\t\t\t\t\t<div class='evo_metarow_ICS evorow bordb evcal_evdata_row'>\r\n\t\t\t\t\t\t\t<span class=\"evcal_evdata_icons\"><i class=\"fa fa-calendar\"><\/i><\/span>\r\n\t\t\t\t\t\t\t<div class='evcal_evdata_cell'>\r\n\t\t\t\t\t\t\t\t<p><a href='https:\/\/www.federacao-triatlo.pt\/ftp2015\/wp-admin\/admin-ajax.php?action=eventon_ics_download&amp;event_id=37594&amp;sunix=20180907T230000Z&amp;eunix=20180908T225900Z&amp;loca=&amp;locn=Aut\u00f3dromo do Estoril' class='evo_ics_nCal' title='Adicionar ao seu calend\u00e1rio'>Calend\u00e1rio<\/a><a href='\/\/www.google.com\/calendar\/event?action=TEMPLATE&amp;text=IV+Duatlo+Jumbo+-+Prova+Aberta&amp;dates=20180907T230000Z\/20180908T225900Z&amp;details=No+dia+08+de+setembro+ir%C3%A1+ter+lugar+no+Circuito+do+Estoril+o+IV+Duatlo+Jumbo.%0D%0A%0D%0AInforma%C3%A7%C3%B5es%3A%C2%A0http%3A%2F%2Fwww.corridajumbo.pt%2Fsite%2F%0D%0A%0D%0ADuatlo+do+Jumbo+2018+-+Regulamento%0D%0A%0D%0ALista+Inscritos+Duatlo+do+Jumbo%0D%0A%0D%0A&amp;location=Aut%C3%B3dromo+do+Estoril - ' target='_blank' class='evo_ics_gCal' title='Adicionar ao calend\u00e1rio Google'>GoogleCal<\/a><\/p>\t\r\n\t\t\t\t\t\t\t<\/div>\t\t\t\t\t\t<\/div>\r\n\t\t\t\t\t\t<\/div><div class='clear end'><\/div><\/div><div id=\"event_28089\" class=\"eventon_list_event evo_eventtop past_event event\" data-event_id=\"28089\" data-time=\"1536451200-1536451200\" data-colr=\"#0092e0\" itemscope itemtype='http:\/\/schema.org\/Event' 3><div class=\"evo_event_schema\" style=\"display:none\" ><a itemprop='url'  href='https:\/\/www.federacao-triatlo.pt\/ftp2015\/events\/duatlo-de-santarem-festibike-3\/'><\/a><span itemprop='name'  >Duatlo de Santar\u00e9m ( FESTIBIKE )<\/span><meta itemprop='image'  ><\/meta><meta itemprop='description' content='&nbsp;\r\n\r\nPercursos Duatlo Festibike (Provis\u00f3rios)\r\n\r\n&nbsp;\r\n\r\n&nbsp;' ><\/meta><meta itemprop='startDate' content='2018-9-9' ><\/meta><meta itemprop='endDate' content='2018-9-9' ><\/meta><meta itemprop='eventStatus' content='on-schedule' ><\/meta>\r\n\t\t\t\t\t\t\t\t\t<item style=\"display:none\" itemprop=\"location\" itemscope itemtype=\"http:\/\/schema.org\/Place\">\r\n\t\t\t\t\t\t\t\t\t\t<span itemprop=\"name\">Santar\u00e9m<\/span>\r\n\t\t\t\t\t\t\t\t\t\t<span itemprop=\"address\" itemscope itemtype=\"http:\/\/schema.org\/PostalAddress\">\r\n\t\t\t\t\t\t\t\t\t\t\t<item itemprop=\"streetAddress\">Santar\u00e9m<\/item>\r\n\t\t\t\t\t\t\t\t\t\t<\/span><\/item><script type=\"application\/ld+json\">{\t\"@context\": \"http:\/\/schema.org\",\r\n\t\t\t\t\t\t\t  \t\"@type\": \"Event\",\r\n\t\t\t\t\t\t\t  \t\"name\": \"Duatlo de Santar\u00e9m ( FESTIBIKE )\",\r\n\t\t\t\t\t\t\t  \t\"startDate\": \"2018-9-9T00-00-00-00\",\r\n\t\t\t\t\t\t\t  \t\"endDate\": \"2018-9-9T00-00-00-00\",\r\n\t\t\t\t\t\t\t  \t\"image\":,\r\n\t\t\t\t\t\t\t  \t\"description\":\"&nbsp;\r\n\r\nPercursos Duatlo Festibike (Provis\u00f3rios)\r\n\r\n&nbsp;\r\n\r\n&nbsp;\",\r\n\t\t\t\t\t\t\t  \t\"location\":{\r\n\t\t\t\t\t\t\t\t\t\t\"@type\":\"Place\",\r\n\t\t\t\t\t\t\t\t\t\t\"name\":\"Santar\u00e9m\",\r\n\t\t\t\t\t\t\t\t\t\t\"address\":\"Santar\u00e9m\"\r\n\t\t\t\t\t\t\t  \t\t}\r\n\t\t\t\t\t\t\t }\r\n\t\t\t\t\t\t\t<\/script><\/div>\r\n\t\t\t\t<p class=\"desc_trig_outter\"><a data-gmtrig=\"1\" data-exlk=\"0\" style=\"border-color: #0092e0;\" id=\"evc_153645120028089\" class=\"desc_trig cancel_event 1 evo_camp-nac-clubes-duatlo-cross evo_prova-aberta sin_val evcal_list_a\" data-ux_val=\"1\"  ><span class='evcal_cblock ' data-bgcolor='#0092e0' data-smon='Setembro' data-syr='2018'><span class='evo_start '><em class='date'>09<\/em><em class='month'>set<\/em><em class='time'>0:00<\/em><\/span><span class='evo_end only_time'><em class='time'>0:00<\/em><\/span><em class='clear'><\/em><\/span><span class='evcal_desc evo_info hide_eventtopdata ' data-latlng=\"39.219705,-8.697315\"  data-location_address=\"Santar\u00e9m\" data-location_type=\"lonlat\" data-location_name=\"Santar\u00e9m\" data-location_status=\"true\" ><span class='evo_above_title'><span class='evo_event_headers canceled' title=''>Evento Cancelado<\/span><\/span><span class='evcal_desc2 evcal_event_title' itemprop='name'>Duatlo de Santar\u00e9m ( FESTIBIKE )<\/span><span class='evo_below_title'><\/span><span class='evcal_desc_info' ><em class=\"evcal_location\" data-latlng=\"39.219705,-8.697315\"  data-add_str=\"\"><em class=\"event_location_name\">Santar\u00e9m<\/em><\/em><\/span><span class='evcal_desc3'><span class='evcal_event_types ett1'><em><i>Tipo de Evento:<\/i><\/em><em data-filter='event_type'>Camp. Nac. Clubes Duatlo Cross,<\/em><em data-filter='event_type'>Prova Aberta<\/em><i class='clear'><\/i><\/span><\/span><\/span><em class='clear'><\/em><\/p><\/a><div class='event_description evcal_eventcard ' style=\"display:none\"><div class='evo_metarow_details evorow evcal_evdata_row bordb evcal_event_details'>\r\n\t\t\t\t\t\t\t<div class=\"event_excerpt\" style=\"display:none\"><h3 class=\"padb5 evo_h3\">Detalhes do Evento<\/h3><p>&nbsp;\r\n\r\nPercursos Duatlo Festibike (Provis\u00f3rios)\r\n\r\n&nbsp;\r\n\r\n&nbsp;<\/p><\/div><span class='evcal_evdata_icons'><i class='fa fa-align-justify'><\/i><\/span>\r\n\t\t\t\t\t\t\t\r\n\t\t\t\t\t\t\t<div class='evcal_evdata_cell '><div class='eventon_full_description'>\r\n\t\t\t\t\t\t\t\t\t<h3 class='padb5 evo_h3'><span class='evcal_evdata_icons'><i class='fa fa-align-justify'><\/i><\/span>Detalhes do Evento<\/h3><div class='eventon_desc_in' itemprop='description'>\r\n\t\t\t\t\t\t\t\t\t<p>&nbsp;<\/p>\n<p><a href=\"https:\/\/www.federacao-triatlo.pt\/ftp2015\/wp-content\/uploads\/2017\/02\/Percursos-Duatlo-Festibike-2017.pdf\">Percursos Duatlo Festibike (Provis\u00f3rios)<\/a><\/p>\n<p>&nbsp;<\/p>\n<p>&nbsp;<\/p>\n<\/div><div class='clear'><\/div>\r\n\t\t\t\t\t\t\t\t<\/div>\r\n\t\t\t\t\t\t\t<\/div>\r\n\t\t\t\t\t\t<\/div><div class='evo_metarow_gmap evorow evcal_gmaps bordb ' id='evc153645120069f3e0301f4f128089_gmap' style='max-width:none'><\/div><div class='evo_metarow_getDr evorow evcal_evdata_row bordb evcal_evrow_sm getdirections'>\r\n\t\t\t\t\t\t<form action='https:\/\/maps.google.com\/maps' method='get' target='_blank'>\r\n\t\t\t\t\t\t<input type='hidden' name='daddr' value='Santar\u00e9m'\/> \r\n\t\t\t\t\t\t<p><input class='evoInput' type='text' name='saddr' placeholder='Escreva a morada' value=''\/>\r\n\t\t\t\t\t\t<button type='submit' class='evcal_evdata_icons evcalicon_9' title='Clique aqui para obter as dire\u00e7\u00f5es'><i class='fa fa-road'><\/i><\/button>\r\n\t\t\t\t\t\t<\/p><\/form>\r\n\t\t\t\t\t<\/div><div class='evo_metarow_time_location evorow bordb '>\r\n\t\t\t\t\t\t<div class='tb' >\r\n\t\t\t\t\t\t\t<div class='tbrow'>\r\n\t\t\t\t\t\t\t<div class='evcal_col50 bordr'>\r\n\t\t\t\t\t\t\t\t<div class='evcal_evdata_row evo_time'>\r\n\t\t\t\t\t\t\t\t\t<span class='evcal_evdata_icons'><i class='fa fa-clock-o'><\/i><\/span>\r\n\t\t\t\t\t\t\t\t\t<div class='evcal_evdata_cell'>\t\t\t\t\t\t\t\r\n\t\t\t\t\t\t\t\t\t\t<h3 class='evo_h3'><span class='evcal_evdata_icons'><i class='fa fa-clock-o'><\/i><\/span>Hor\u00e1rio<\/h3>\r\n\t\t\t\t\t\t\t\t\t\t<p>(Domingo) 0:00 - 0:00<\/p>\r\n\t\t\t\t\t\t\t\t\t<\/div>\r\n\t\t\t\t\t\t\t\t<\/div>\r\n\t\t\t\t\t\t\t<\/div><div class='evcal_col50'>\r\n\t\t\t\t\t\t\t\t<div class='evcal_evdata_row evo_location'>\r\n\t\t\t\t\t\t\t\t\t<span class='evcal_evdata_icons'><i class='fa fa-map-marker'><\/i><\/span>\r\n\t\t\t\t\t\t\t\t\t<div class='evcal_evdata_cell' data-loc_tax_id='149'>\t\t\t\t\t\t\t\r\n\t\t\t\t\t\t\t\t\t\t<h3 class='evo_h3'><span class='evcal_evdata_icons'><i class='fa fa-map-marker'><\/i><\/span>Localiza\u00e7\u00e3o<\/h3><p class='evo_location_name'>Santar\u00e9m<\/p><p>Santar\u00e9m<\/p>\r\n\t\t\t\t\t\t\t\t\t<\/div>\r\n\t\t\t\t\t\t\t\t<\/div>\r\n\t\t\t\t\t\t\t<\/div><div class='clear'><\/div>\r\n\t\t\t\t\t\t\t<\/div><\/div>\r\n\t\t\t\t\t\t<\/div><div class='evo_metarow_organizer evorow evcal_evdata_row bordb evcal_evrow_sm '>\r\n\t\t\t\t\t\t\t<span class='evcal_evdata_icons'><i class='fa fa-headphones'><\/i><\/span>\r\n\t\t\t\t\t\t\t<div class='evcal_evdata_cell'>\t\t\t\t\t\t\t\r\n\t\t\t\t\t\t\t\t<h3 class='evo_h3'>Evento organizado por<\/h3>\r\n\t\t\t\t\t\t\t\t\r\n\t\t\t\t\t\t\t\t<div class='evo_card_organizer'><p class='evo_data_val evo_card_organizer_name'>\r\n\t\t\t\t\t\t\t\t\t<span class='evo_card_organizer_name_t'>FTP \/ Centro Nacional de Exposi\u00e7\u00f5es \/ C\u00e2mara Municipal de Santar\u00e9m<\/span><span class='evo_card_organizer_contact'>inscricoes@federacao-triatlo.pt<\/span>\r\n\t\t\t\t\t\t\t\t\t\r\n\t\t\t\t\t\t\t\t\t<\/p><\/div><div class='clear'><\/div>\t\t\t\t\t\t\t\r\n\t\t\t\t\t\t\t<\/div>\r\n\t\t\t\t\t\t<\/div>\t\t\t\t\t\t<div class='evo_metarow_ICS evorow bordb evcal_evdata_row'>\r\n\t\t\t\t\t\t\t<span class=\"evcal_evdata_icons\"><i class=\"fa fa-calendar\"><\/i><\/span>\r\n\t\t\t\t\t\t\t<div class='evcal_evdata_cell'>\r\n\t\t\t\t\t\t\t\t<p><a href='https:\/\/www.federacao-triatlo.pt\/ftp2015\/wp-admin\/admin-ajax.php?action=eventon_ics_download&amp;event_id=28089&amp;sunix=20180908T230000Z&amp;eunix=20180908T230000Z&amp;loca=Santar\u00e9m&amp;locn=Santar\u00e9m' class='evo_ics_nCal' title='Adicionar ao seu calend\u00e1rio'>Calend\u00e1rio<\/a><a href='\/\/www.google.com\/calendar\/event?action=TEMPLATE&amp;text=Duatlo+de+Santar%C3%A9m+%28+FESTIBIKE+%29&amp;dates=20180908T230000Z\/20180908T230000Z&amp;details=%26nbsp%3B%0D%0A%0D%0APercursos+Duatlo+Festibike+%28Provis%C3%B3rios%29%0D%0A%0D%0A%26nbsp%3B%0D%0A%0D%0A%26nbsp%3B&amp;location=Santar%C3%A9m - Santar%C3%A9m' target='_blank' class='evo_ics_gCal' title='Adicionar ao calend\u00e1rio Google'>GoogleCal<\/a><\/p>\t\r\n\t\t\t\t\t\t\t<\/div>\t\t\t\t\t\t<\/div>\r\n\t\t\t\t\t\t<\/div><div class='clear end'><\/div><\/div><div id=\"event_29858\" class=\"eventon_list_event evo_eventtop past_event event\" data-event_id=\"29858\" data-time=\"1537056001-1537142399\" data-colr=\"#0092e0\" itemscope itemtype='http:\/\/schema.org\/Event' 4><div class=\"evo_event_schema\" style=\"display:none\" ><a itemprop='url'  href='https:\/\/www.federacao-triatlo.pt\/ftp2015\/events\/swimrun-arrabida\/'><\/a><span itemprop='name'  >Swimrun  Arr\u00e1bida<\/span><meta itemprop='image'  ><\/meta><meta itemprop='description' content='Swimrun  Arr\u00e1bida' ><\/meta><meta itemprop='startDate' content='2018-9-16' ><\/meta><meta itemprop='endDate' content='2018-9-16' ><\/meta><meta itemprop='eventStatus' content='on-schedule' ><\/meta><script type=\"application\/ld+json\">{\t\"@context\": \"http:\/\/schema.org\",\r\n\t\t\t\t\t\t\t  \t\"@type\": \"Event\",\r\n\t\t\t\t\t\t\t  \t\"name\": \"Swimrun  Arr\u00e1bida\",\r\n\t\t\t\t\t\t\t  \t\"startDate\": \"2018-9-16T00-00-00-00\",\r\n\t\t\t\t\t\t\t  \t\"endDate\": \"2018-9-16T23-23-59-00\",\r\n\t\t\t\t\t\t\t  \t\"image\":,\r\n\t\t\t\t\t\t\t  \t\"description\":\"Swimrun  Arr\u00e1bida\",\r\n\t\t\t\t\t\t\t  \t\r\n\t\t\t\t\t\t\t }\r\n\t\t\t\t\t\t\t<\/script><\/div>\r\n\t\t\t\t<p class=\"desc_trig_outter\"><a data-gmap_status=\"null\" data-exlk=\"0\" style=\"border-color: #0092e0;\" id=\"evc_153705600129858\" class=\"desc_trig evo_camp-nac sin_val evcal_list_a\" data-ux_val=\"1\"  ><span class='evcal_cblock ' data-bgcolor='#0092e0' data-smon='Setembro' data-syr='2018'><span class='evo_start '><em class='date'>16<\/em><em class='month'>set<\/em><em class='time'>allday<\/em><\/span><span class='evo_end only_time'><em class='time'>allday<\/em><\/span><em class='clear'><\/em><\/span><span class='evcal_desc evo_info hide_eventtopdata '  data-location_status=\"false\" ><span class='evo_above_title'><\/span><span class='evcal_desc2 evcal_event_title' itemprop='name'>Swimrun  Arr\u00e1bida<\/span><span class='evo_below_title'><\/span><span class='evcal_desc_info' ><\/span><span class='evcal_desc3'><span class='evcal_event_types ett1'><em><i>Tipo de Evento:<\/i><\/em><em data-filter='event_type'>Camp. Nac.<\/em><i class='clear'><\/i><\/span><\/span><\/span><em class='clear'><\/em><\/p><\/a><div class='event_description evcal_eventcard ' style=\"display:none\"><div class='evo_metarow_time evorow evcal_evdata_row bordb evcal_evrow_sm '>\r\n\t\t\t\t\t\t\t<span class='evcal_evdata_icons'><i class='fa fa-clock-o'><\/i><\/span>\r\n\t\t\t\t\t\t\t<div class='evcal_evdata_cell'>\t\t\t\t\t\t\t\r\n\t\t\t\t\t\t\t\t<h3 class='evo_h3'><span class='evcal_evdata_icons'><i class='fa fa-clock-o'><\/i><\/span>Hor\u00e1rio<\/h3><p>Todo o dia (Domingo)<\/p>\r\n\t\t\t\t\t\t\t<\/div>\r\n\t\t\t\t\t\t<\/div>\t\t\t\t\t\t<div class='evo_metarow_ICS evorow bordb evcal_evdata_row'>\r\n\t\t\t\t\t\t\t<span class=\"evcal_evdata_icons\"><i class=\"fa fa-calendar\"><\/i><\/span>\r\n\t\t\t\t\t\t\t<div class='evcal_evdata_cell'>\r\n\t\t\t\t\t\t\t\t<p><a href='https:\/\/www.federacao-triatlo.pt\/ftp2015\/wp-admin\/admin-ajax.php?action=eventon_ics_download&amp;event_id=29858&amp;sunix=20180915T230000Z&amp;eunix=20180916T225900Z&amp;loca=&amp;locn=' class='evo_ics_nCal' title='Adicionar ao seu calend\u00e1rio'>Calend\u00e1rio<\/a><a href='\/\/www.google.com\/calendar\/event?action=TEMPLATE&amp;text=Swimrun++Arr%C3%A1bida&amp;dates=20180915T230000Z\/20180916T225900Z&amp;details=Swimrun++Arr%C3%A1bida&amp;location= - ' target='_blank' class='evo_ics_gCal' title='Adicionar ao calend\u00e1rio Google'>GoogleCal<\/a><\/p>\t\r\n\t\t\t\t\t\t\t<\/div>\t\t\t\t\t\t<\/div>\r\n\t\t\t\t\t\t<\/div><div class='clear end'><\/div><\/div><div id=\"event_28065\" class=\"eventon_list_event evo_eventtop past_event event\" data-event_id=\"28065\" data-time=\"1537574400-1537574400\" data-colr=\"#0092e0\" itemscope itemtype='http:\/\/schema.org\/Event' 5><div class=\"evo_event_schema\" style=\"display:none\" ><a itemprop='url'  href='https:\/\/www.federacao-triatlo.pt\/ftp2015\/events\/triatlo-de-sines-2\/'><\/a><span itemprop='name'  >Triatlo de Sines 2018<\/span><meta itemprop='image'  ><\/meta><meta itemprop='description' content='Triatlo-de-Sines-2018-Regulamento-atualizado\r\n\r\nPercursos CNI-Triatlo Sines 2018\r\n\r\nLista Inscritos Campeonato Nacional Grupos Idade\r\n\r\nLista Inscritos Campeonato Nacional Individual Elites' ><\/meta><meta itemprop='startDate' content='2018-9-22' ><\/meta><meta itemprop='endDate' content='2018-9-22' ><\/meta><meta itemprop='eventStatus' content='on-schedule' ><\/meta>\r\n\t\t\t\t\t\t\t\t\t<item style=\"display:none\" itemprop=\"location\" itemscope itemtype=\"http:\/\/schema.org\/Place\">\r\n\t\t\t\t\t\t\t\t\t\t<span itemprop=\"name\">Sines<\/span>\r\n\t\t\t\t\t\t\t\t\t\t<span itemprop=\"address\" itemscope itemtype=\"http:\/\/schema.org\/PostalAddress\">\r\n\t\t\t\t\t\t\t\t\t\t\t<item itemprop=\"streetAddress\">Sines<\/item>\r\n\t\t\t\t\t\t\t\t\t\t<\/span><\/item><script type=\"application\/ld+json\">{\t\"@context\": \"http:\/\/schema.org\",\r\n\t\t\t\t\t\t\t  \t\"@type\": \"Event\",\r\n\t\t\t\t\t\t\t  \t\"name\": \"Triatlo de Sines 2018\",\r\n\t\t\t\t\t\t\t  \t\"startDate\": \"2018-9-22T00-00-00-00\",\r\n\t\t\t\t\t\t\t  \t\"endDate\": \"2018-9-22T00-00-00-00\",\r\n\t\t\t\t\t\t\t  \t\"image\":,\r\n\t\t\t\t\t\t\t  \t\"description\":\"Triatlo-de-Sines-2018-Regulamento-atualizado\r\n\r\nPercursos CNI-Triatlo Sines 2018\r\n\r\nLista Inscritos Campeonato Nacional Grupos Idade\r\n\r\nLista Inscritos Campeonato Nacional Individual Elites\",\r\n\t\t\t\t\t\t\t  \t\"location\":{\r\n\t\t\t\t\t\t\t\t\t\t\"@type\":\"Place\",\r\n\t\t\t\t\t\t\t\t\t\t\"name\":\"Sines\",\r\n\t\t\t\t\t\t\t\t\t\t\"address\":\"Sines\"\r\n\t\t\t\t\t\t\t  \t\t}\r\n\t\t\t\t\t\t\t }\r\n\t\t\t\t\t\t\t<\/script><\/div>\r\n\t\t\t\t<p class=\"desc_trig_outter\"><a data-gmtrig=\"1\" data-exlk=\"0\" style=\"border-color: #0092e0;\" id=\"evc_153757440028065\" class=\"desc_trig evo_camp-nac-individual-triatlo-elite evo_camp-nac-individual-triatlo-grupos-idade sin_val evcal_list_a\" data-ux_val=\"1\"  ><span class='evcal_cblock ' data-bgcolor='#0092e0' data-smon='Setembro' data-syr='2018'><span class='evo_start '><em class='date'>22<\/em><em class='month'>set<\/em><em class='time'>0:00<\/em><\/span><span class='evo_end only_time'><em class='time'>0:00<\/em><\/span><em class='clear'><\/em><\/span><span class='evcal_desc evo_info hide_eventtopdata '  data-location_address=\"Sines\" data-location_type=\"address\" data-location_name=\"Sines\" data-location_status=\"true\" ><span class='evo_above_title'><\/span><span class='evcal_desc2 evcal_event_title' itemprop='name'>Triatlo de Sines 2018<\/span><span class='evo_below_title'><\/span><span class='evcal_desc_info' ><em class=\"evcal_location\"  data-add_str=\"\"><em class=\"event_location_name\">Sines<\/em><\/em><\/span><span class='evcal_desc3'><span class='evcal_event_types ett1'><em><i>Tipo de Evento:<\/i><\/em><em data-filter='event_type'>Camp. Nac. Individual Triatlo Elite,<\/em><em data-filter='event_type'>Camp. Nac. Individual Triatlo Grupos Idade<\/em><i class='clear'><\/i><\/span><\/span><\/span><em class='clear'><\/em><\/p><\/a><div class='event_description evcal_eventcard ' style=\"display:none\"><div class='evo_metarow_details evorow evcal_evdata_row bordb evcal_event_details'>\r\n\t\t\t\t\t\t\t<div class=\"event_excerpt\" style=\"display:none\"><h3 class=\"padb5 evo_h3\">Detalhes do Evento<\/h3><p>Triatlo-de-Sines-2018-Regulamento-atualizado\r\n\r\nPercursos CNI-Triatlo Sines 2018\r\n\r\nLista Inscritos Campeonato Nacional Grupos Idade\r\n\r\nLista Inscritos Campeonato Nacional Individual Elites<\/p><\/div><span class='evcal_evdata_icons'><i class='fa fa-align-justify'><\/i><\/span>\r\n\t\t\t\t\t\t\t\r\n\t\t\t\t\t\t\t<div class='evcal_evdata_cell '><div class='eventon_full_description'>\r\n\t\t\t\t\t\t\t\t\t<h3 class='padb5 evo_h3'><span class='evcal_evdata_icons'><i class='fa fa-align-justify'><\/i><\/span>Detalhes do Evento<\/h3><div class='eventon_desc_in' itemprop='description'>\r\n\t\t\t\t\t\t\t\t\t<p><a href=\"https:\/\/www.federacao-triatlo.pt\/ftp2015\/wp-content\/uploads\/2017\/11\/Triatlo-de-Sines-2018-Regulamento-atualizado.pdf\">Triatlo-de-Sines-2018-Regulamento-atualizado<\/a><\/p>\n<p><a href=\"https:\/\/www.federacao-triatlo.pt\/ftp2015\/wp-content\/uploads\/2017\/11\/Percursos-CNI-Triatlo-Sines-2018-1.pdf\">Percursos CNI-Triatlo Sines 2018<\/a><\/p>\n<p><a href=\"https:\/\/www.federacao-triatlo.pt\/ftp2015\/wp-content\/uploads\/2017\/11\/Lista-Inscritos-Campeonato-Nacional-Grupos-Idade-1.pdf\">Lista Inscritos Campeonato Nacional Grupos Idade<\/a><\/p>\n<p><a href=\"https:\/\/www.federacao-triatlo.pt\/ftp2015\/wp-content\/uploads\/2017\/11\/Lista-Inscritos-Campeonato-Nacional-Individual-Elites.pdf\">Lista Inscritos Campeonato Nacional Individual Elites<\/a><\/p>\n<\/div><div class='clear'><\/div>\r\n\t\t\t\t\t\t\t\t<\/div>\r\n\t\t\t\t\t\t\t<\/div>\r\n\t\t\t\t\t\t<\/div><div class='evo_metarow_gmap evorow evcal_gmaps bordb ' id='evc153757440069f3e0302042e28065_gmap' style='max-width:none'><\/div><div class='evo_metarow_getDr evorow evcal_evdata_row bordb evcal_evrow_sm getdirections'>\r\n\t\t\t\t\t\t<form action='https:\/\/maps.google.com\/maps' method='get' target='_blank'>\r\n\t\t\t\t\t\t<input type='hidden' name='daddr' value='Sines'\/> \r\n\t\t\t\t\t\t<p><input class='evoInput' type='text' name='saddr' placeholder='Escreva a morada' value=''\/>\r\n\t\t\t\t\t\t<button type='submit' class='evcal_evdata_icons evcalicon_9' title='Clique aqui para obter as dire\u00e7\u00f5es'><i class='fa fa-road'><\/i><\/button>\r\n\t\t\t\t\t\t<\/p><\/form>\r\n\t\t\t\t\t<\/div><div class='evo_metarow_time_location evorow bordb '>\r\n\t\t\t\t\t\t<div class='tb' >\r\n\t\t\t\t\t\t\t<div class='tbrow'>\r\n\t\t\t\t\t\t\t<div class='evcal_col50 bordr'>\r\n\t\t\t\t\t\t\t\t<div class='evcal_evdata_row evo_time'>\r\n\t\t\t\t\t\t\t\t\t<span class='evcal_evdata_icons'><i class='fa fa-clock-o'><\/i><\/span>\r\n\t\t\t\t\t\t\t\t\t<div class='evcal_evdata_cell'>\t\t\t\t\t\t\t\r\n\t\t\t\t\t\t\t\t\t\t<h3 class='evo_h3'><span class='evcal_evdata_icons'><i class='fa fa-clock-o'><\/i><\/span>Hor\u00e1rio<\/h3>\r\n\t\t\t\t\t\t\t\t\t\t<p>(S\u00e1bado) 0:00 - 0:00<\/p>\r\n\t\t\t\t\t\t\t\t\t<\/div>\r\n\t\t\t\t\t\t\t\t<\/div>\r\n\t\t\t\t\t\t\t<\/div><div class='evcal_col50'>\r\n\t\t\t\t\t\t\t\t<div class='evcal_evdata_row evo_location'>\r\n\t\t\t\t\t\t\t\t\t<span class='evcal_evdata_icons'><i class='fa fa-map-marker'><\/i><\/span>\r\n\t\t\t\t\t\t\t\t\t<div class='evcal_evdata_cell' data-loc_tax_id='315'>\t\t\t\t\t\t\t\r\n\t\t\t\t\t\t\t\t\t\t<h3 class='evo_h3'><span class='evcal_evdata_icons'><i class='fa fa-map-marker'><\/i><\/span>Localiza\u00e7\u00e3o<\/h3><p class='evo_location_name'>Sines<\/p><p>Sines<\/p>\r\n\t\t\t\t\t\t\t\t\t<\/div>\r\n\t\t\t\t\t\t\t\t<\/div>\r\n\t\t\t\t\t\t\t<\/div><div class='clear'><\/div>\r\n\t\t\t\t\t\t\t<\/div><\/div>\r\n\t\t\t\t\t\t<\/div><div class='evo_metarow_organizer evorow evcal_evdata_row bordb evcal_evrow_sm '>\r\n\t\t\t\t\t\t\t<span class='evcal_evdata_icons'><i class='fa fa-headphones'><\/i><\/span>\r\n\t\t\t\t\t\t\t<div class='evcal_evdata_cell'>\t\t\t\t\t\t\t\r\n\t\t\t\t\t\t\t\t<h3 class='evo_h3'>Evento organizado por<\/h3>\r\n\t\t\t\t\t\t\t\t\r\n\t\t\t\t\t\t\t\t<div class='evo_card_organizer'><p class='evo_data_val evo_card_organizer_name'>\r\n\t\t\t\t\t\t\t\t\t<span class='evo_card_organizer_name_t'>FTP \/ C\u00e2mara Municipal de Sines<\/span><span class='evo_card_organizer_contact'>inscricoes@federacao-triatlo.pt<\/span>\r\n\t\t\t\t\t\t\t\t\t\r\n\t\t\t\t\t\t\t\t\t<\/p><\/div><div class='clear'><\/div>\t\t\t\t\t\t\t\r\n\t\t\t\t\t\t\t<\/div>\r\n\t\t\t\t\t\t<\/div>\t\t\t\t\t\t<div class='evo_metarow_ICS evorow bordb evcal_evdata_row'>\r\n\t\t\t\t\t\t\t<span class=\"evcal_evdata_icons\"><i class=\"fa fa-calendar\"><\/i><\/span>\r\n\t\t\t\t\t\t\t<div class='evcal_evdata_cell'>\r\n\t\t\t\t\t\t\t\t<p><a href='https:\/\/www.federacao-triatlo.pt\/ftp2015\/wp-admin\/admin-ajax.php?action=eventon_ics_download&amp;event_id=28065&amp;sunix=20180921T230000Z&amp;eunix=20180921T230000Z&amp;loca=Sines&amp;locn=Sines' class='evo_ics_nCal' title='Adicionar ao seu calend\u00e1rio'>Calend\u00e1rio<\/a><a href='\/\/www.google.com\/calendar\/event?action=TEMPLATE&amp;text=Triatlo+de+Sines+2018&amp;dates=20180921T230000Z\/20180921T230000Z&amp;details=Triatlo-de-Sines-2018-Regulamento-atualizado%0D%0A%0D%0APercursos+CNI-Triatlo+Sines+2018%0D%0A%0D%0ALista+Inscritos+Campeonato+Nacional+Grupos+Idade%0D%0A%0D%0ALista+Inscritos+Campeonato+Nacional+Individual+Elites&amp;location=Sines - Sines' target='_blank' class='evo_ics_gCal' title='Adicionar ao calend\u00e1rio Google'>GoogleCal<\/a><\/p>\t\r\n\t\t\t\t\t\t\t<\/div>\t\t\t\t\t\t<\/div>\r\n\t\t\t\t\t\t<\/div><div class='clear end'><\/div><\/div><div id=\"event_28110\" class=\"eventon_list_event evo_eventtop past_event event\" data-event_id=\"28110\" data-time=\"1538265600-1538265600\" data-colr=\"#0092e0\" itemscope itemtype='http:\/\/schema.org\/Event' 6><div class=\"evo_event_schema\" style=\"display:none\" ><a itemprop='url'  href='https:\/\/www.federacao-triatlo.pt\/ftp2015\/events\/ironman-70-3-cascais\/'><\/a><span itemprop='name'  >Ironman 70.3 Cascais<\/span><meta itemprop='image'  ><\/meta><meta itemprop='description' content='Regulamento Ironman 70.3PT 2018 ' ><\/meta><meta itemprop='startDate' content='2018-9-30' ><\/meta><meta itemprop='endDate' content='2018-9-30' ><\/meta><meta itemprop='eventStatus' content='on-schedule' ><\/meta>\r\n\t\t\t\t\t\t\t\t\t<item style=\"display:none\" itemprop=\"location\" itemscope itemtype=\"http:\/\/schema.org\/Place\">\r\n\t\t\t\t\t\t\t\t\t\t<span itemprop=\"name\">Cascais<\/span>\r\n\t\t\t\t\t\t\t\t\t\t<span itemprop=\"address\" itemscope itemtype=\"http:\/\/schema.org\/PostalAddress\">\r\n\t\t\t\t\t\t\t\t\t\t\t<item itemprop=\"streetAddress\">Pra\u00e7a 5 de Outubro, Cascais, Portugal<\/item>\r\n\t\t\t\t\t\t\t\t\t\t<\/span><\/item><script type=\"application\/ld+json\">{\t\"@context\": \"http:\/\/schema.org\",\r\n\t\t\t\t\t\t\t  \t\"@type\": \"Event\",\r\n\t\t\t\t\t\t\t  \t\"name\": \"Ironman 70.3 Cascais\",\r\n\t\t\t\t\t\t\t  \t\"startDate\": \"2018-9-30T00-00-00-00\",\r\n\t\t\t\t\t\t\t  \t\"endDate\": \"2018-9-30T00-00-00-00\",\r\n\t\t\t\t\t\t\t  \t\"image\":,\r\n\t\t\t\t\t\t\t  \t\"description\":\"Regulamento Ironman 70.3PT 2018 \",\r\n\t\t\t\t\t\t\t  \t\"location\":{\r\n\t\t\t\t\t\t\t\t\t\t\"@type\":\"Place\",\r\n\t\t\t\t\t\t\t\t\t\t\"name\":\"Cascais\",\r\n\t\t\t\t\t\t\t\t\t\t\"address\":\"Pra\u00e7a 5 de Outubro, Cascais, Portugal\"\r\n\t\t\t\t\t\t\t  \t\t}\r\n\t\t\t\t\t\t\t }\r\n\t\t\t\t\t\t\t<\/script><\/div>\r\n\t\t\t\t<p class=\"desc_trig_outter\"><a data-gmtrig=\"1\" data-exlk=\"0\" style=\"border-color: #0092e0;\" id=\"evc_153826560028110\" class=\"desc_trig evo_prova-aberta sin_val evcal_list_a\" data-ux_val=\"1\"  ><span class='evcal_cblock ' data-bgcolor='#0092e0' data-smon='Setembro' data-syr='2018'><span class='evo_start '><em class='date'>30<\/em><em class='month'>set<\/em><em class='time'>0:00<\/em><\/span><span class='evo_end only_time'><em class='time'>0:00<\/em><\/span><em class='clear'><\/em><\/span><span class='evcal_desc evo_info hide_eventtopdata ' data-latlng=\"38.697195,-9.420762\"  data-location_address=\"Pra\u00e7a 5 de Outubro, Cascais, Portugal\" data-location_type=\"lonlat\" data-location_name=\"Cascais\" data-location_status=\"true\" ><span class='evo_above_title'><\/span><span class='evcal_desc2 evcal_event_title' itemprop='name'>Ironman 70.3 Cascais<\/span><span class='evo_below_title'><\/span><span class='evcal_desc_info' ><em class=\"evcal_location\" data-latlng=\"38.697195,-9.420762\"  data-add_str=\"\"><em class=\"event_location_name\">Cascais<\/em><\/em><\/span><span class='evcal_desc3'><span class='evcal_event_types ett1'><em><i>Tipo de Evento:<\/i><\/em><em data-filter='event_type'>Prova Aberta<\/em><i class='clear'><\/i><\/span><\/span><\/span><em class='clear'><\/em><\/p><\/a><div class='event_description evcal_eventcard ' style=\"display:none\"><div class='evo_metarow_details evorow evcal_evdata_row bordb evcal_event_details'>\r\n\t\t\t\t\t\t\t<div class=\"event_excerpt\" style=\"display:none\"><h3 class=\"padb5 evo_h3\">Detalhes do Evento<\/h3><p>Regulamento Ironman 70.3PT 2018 <\/p><\/div><span class='evcal_evdata_icons'><i class='fa fa-align-justify'><\/i><\/span>\r\n\t\t\t\t\t\t\t\r\n\t\t\t\t\t\t\t<div class='evcal_evdata_cell '><div class='eventon_full_description'>\r\n\t\t\t\t\t\t\t\t\t<h3 class='padb5 evo_h3'><span class='evcal_evdata_icons'><i class='fa fa-align-justify'><\/i><\/span>Detalhes do Evento<\/h3><div class='eventon_desc_in' itemprop='description'>\r\n\t\t\t\t\t\t\t\t\t<p><a href=\"https:\/\/www.federacao-triatlo.pt\/ftp2015\/wp-content\/uploads\/2017\/11\/Regulamento-PT-2018.pdf\">Regulamento Ironman 70.3PT 2018 <\/a><\/p>\n<\/div><div class='clear'><\/div>\r\n\t\t\t\t\t\t\t\t<\/div>\r\n\t\t\t\t\t\t\t<\/div>\r\n\t\t\t\t\t\t<\/div><div class='evo_metarow_gmap evorow evcal_gmaps bordb ' id='evc153826560069f3e03020c3428110_gmap' style='max-width:none'><\/div><div class='evo_metarow_getDr evorow evcal_evdata_row bordb evcal_evrow_sm getdirections'>\r\n\t\t\t\t\t\t<form action='https:\/\/maps.google.com\/maps' method='get' target='_blank'>\r\n\t\t\t\t\t\t<input type='hidden' name='daddr' value='Pra\u00e7a 5 de Outubro, Cascais, Portugal'\/> \r\n\t\t\t\t\t\t<p><input class='evoInput' type='text' name='saddr' placeholder='Escreva a morada' value=''\/>\r\n\t\t\t\t\t\t<button type='submit' class='evcal_evdata_icons evcalicon_9' title='Clique aqui para obter as dire\u00e7\u00f5es'><i class='fa fa-road'><\/i><\/button>\r\n\t\t\t\t\t\t<\/p><\/form>\r\n\t\t\t\t\t<\/div><div class='evo_metarow_time_location evorow bordb '>\r\n\t\t\t\t\t\t<div class='tb' >\r\n\t\t\t\t\t\t\t<div class='tbrow'>\r\n\t\t\t\t\t\t\t<div class='evcal_col50 bordr'>\r\n\t\t\t\t\t\t\t\t<div class='evcal_evdata_row evo_time'>\r\n\t\t\t\t\t\t\t\t\t<span class='evcal_evdata_icons'><i class='fa fa-clock-o'><\/i><\/span>\r\n\t\t\t\t\t\t\t\t\t<div class='evcal_evdata_cell'>\t\t\t\t\t\t\t\r\n\t\t\t\t\t\t\t\t\t\t<h3 class='evo_h3'><span class='evcal_evdata_icons'><i class='fa fa-clock-o'><\/i><\/span>Hor\u00e1rio<\/h3>\r\n\t\t\t\t\t\t\t\t\t\t<p>(Domingo) 0:00 - 0:00<\/p>\r\n\t\t\t\t\t\t\t\t\t<\/div>\r\n\t\t\t\t\t\t\t\t<\/div>\r\n\t\t\t\t\t\t\t<\/div><div class='evcal_col50'>\r\n\t\t\t\t\t\t\t\t<div class='evcal_evdata_row evo_location'>\r\n\t\t\t\t\t\t\t\t\t<span class='evcal_evdata_icons'><i class='fa fa-map-marker'><\/i><\/span>\r\n\t\t\t\t\t\t\t\t\t<div class='evcal_evdata_cell' data-loc_tax_id='125'>\t\t\t\t\t\t\t\r\n\t\t\t\t\t\t\t\t\t\t<h3 class='evo_h3'><span class='evcal_evdata_icons'><i class='fa fa-map-marker'><\/i><\/span>Localiza\u00e7\u00e3o<\/h3><p class='evo_location_name'>Cascais<\/p><p>Pra\u00e7a 5 de Outubro, Cascais, Portugal<\/p>\r\n\t\t\t\t\t\t\t\t\t<\/div>\r\n\t\t\t\t\t\t\t\t<\/div>\r\n\t\t\t\t\t\t\t<\/div><div class='clear'><\/div>\r\n\t\t\t\t\t\t\t<\/div><\/div>\r\n\t\t\t\t\t\t<\/div><div class='evo_metarow_organizer evorow evcal_evdata_row bordb evcal_evrow_sm '>\r\n\t\t\t\t\t\t\t<span class='evcal_evdata_icons'><i class='fa fa-headphones'><\/i><\/span>\r\n\t\t\t\t\t\t\t<div class='evcal_evdata_cell'>\t\t\t\t\t\t\t\r\n\t\t\t\t\t\t\t\t<h3 class='evo_h3'>Evento organizado por<\/h3>\r\n\t\t\t\t\t\t\t\t\r\n\t\t\t\t\t\t\t\t<div class='evo_card_organizer'><p class='evo_data_val evo_card_organizer_name'>\r\n\t\t\t\t\t\t\t\t\t<span class='evo_card_organizer_name_t'>FTP \/ C\u00e2mara Municipal de Cascais \/ 3 Iron Sports<\/span><span class='evo_card_organizer_contact'>http:\/\/eu.ironman.com\/triathlon\/events\/emea\/ironman-70.3\/cascais\/register.aspx#axzz4jKOpzEee<\/span>\r\n\t\t\t\t\t\t\t\t\t\r\n\t\t\t\t\t\t\t\t\t<\/p><\/div><div class='clear'><\/div>\t\t\t\t\t\t\t\r\n\t\t\t\t\t\t\t<\/div>\r\n\t\t\t\t\t\t<\/div>\t\t\t\t\t\t<div class='evo_metarow_ICS evorow bordb evcal_evdata_row'>\r\n\t\t\t\t\t\t\t<span class=\"evcal_evdata_icons\"><i class=\"fa fa-calendar\"><\/i><\/span>\r\n\t\t\t\t\t\t\t<div class='evcal_evdata_cell'>\r\n\t\t\t\t\t\t\t\t<p><a href='https:\/\/www.federacao-triatlo.pt\/ftp2015\/wp-admin\/admin-ajax.php?action=eventon_ics_download&amp;event_id=28110&amp;sunix=20180929T230000Z&amp;eunix=20180929T230000Z&amp;loca=Pra\u00e7a 5 de Outubro, Cascais, Portugal&amp;locn=Cascais' class='evo_ics_nCal' title='Adicionar ao seu calend\u00e1rio'>Calend\u00e1rio<\/a><a href='\/\/www.google.com\/calendar\/event?action=TEMPLATE&amp;text=Ironman+70.3+Cascais&amp;dates=20180929T230000Z\/20180929T230000Z&amp;details=Regulamento+Ironman+70.3PT+2018+&amp;location=Cascais - Pra%C3%A7a+5+de+Outubro%2C+Cascais%2C+Portugal' target='_blank' class='evo_ics_gCal' title='Adicionar ao calend\u00e1rio Google'>GoogleCal<\/a><\/p>\t\r\n\t\t\t\t\t\t\t<\/div>\t\t\t\t\t\t<\/div>\r\n\t\t\t\t\t\t<\/div><div class='clear end'><\/div><\/div><\/div><div class='clear'><\/div><\/div><!-- ajde_evcal_calendar-->\n<div id='evcal_calendar_762' class='ajde_evcal_calendar  ul' ><div class='evo-data' data-cyear=\"2018\" data-cmonth=\"10\" data-runajax=\"1\" data-evc_open=\"0\" data-cal_ver=\"2.6\" data-mapscroll=\"true\" data-mapformat=\"roadmap\" data-mapzoom=\"14\" data-mapiconurl=\"\" data-ev_cnt=\"0\" data-show_limit=\"no\" data-tiles=\"no\" data-sort_by=\"sort_date\" data-filters_on=\"true\" data-range_start=\"0\" data-range_end=\"0\" data-send_unix=\"0\" data-ux_val=\"0\" data-accord=\"0\" data-rtl=\"no\"  ><\/div><div id='evcal_head' class='calendar_header ' ><div class='evo_cal_above'><span class='evo-gototoday-btn' style='display:none' data-mo='10' data-yr='2018' data-dy=''>Dia de Hoje<\/span><\/div><div class='evo_cal_above_content'><\/div><div class='cal_arguments' style='display:none' data-hide_past=\"no\" data-show_et_ft_img=\"yes\" data-event_order=\"ASC\" data-ft_event_priority=\"no\" data-lang=\"L1\" data-month_incre=\"0\" data-only_ft=\"no\" data-evc_open=\"no\" data-show_limit=\"no\" data-etc_override=\"no\" data-show_limit_redir=\"0\" data-tiles=\"no\" data-tile_height=\"0\" data-tile_bg=\"0\" data-tile_count=\"2\" data-tile_style=\"0\" data-s=\"\" data-members_only=\"no\" data-ux_val=\"0\" data-show_limit_ajax=\"no\" data-show_limit_paged=\"1\" ><\/div><div class='clear'><\/div><\/div><div class='evcal_month_line'><p>Outubro 2018<\/p><\/div><div id='evcal_list' class='eventon_events_list '><div id=\"event_28078\" class=\"eventon_list_event evo_eventtop past_event event\" data-event_id=\"28078\" data-time=\"1538784001-1538956799\" data-colr=\"#0092e0\" itemscope itemtype='http:\/\/schema.org\/Event' 1><div class=\"evo_event_schema\" style=\"display:none\" ><a itemprop='url'  href='https:\/\/www.federacao-triatlo.pt\/ftp2015\/events\/triatlo-de-lisboa-2018\/'><\/a><span itemprop='name'  >Triatlo de Lisboa 2018<\/span><meta itemprop='image'  ><\/meta><meta itemprop='description' content='Percursos Aquatlo Jovem\r\n\r\nPercurso CN Clubes\r\n\r\nPercursos MyLx Triathlon\r\n\r\nRegulamento MxLx Triathlon Experience 2018\r\n\r\nLista Inscritos Aquatlo Jovem\r\n\r\nLista Inscritos Campeonato Nacional Clubes Estafetas\r\n\r\nProcedimento de inscri\u00e7\u00e3o para CN Estafetas:\r\n\r\nCada' ><\/meta><meta itemprop='startDate' content='2018-10-6' ><\/meta><meta itemprop='endDate' content='2018-10-7' ><\/meta><meta itemprop='eventStatus' content='on-schedule' ><\/meta><script type=\"application\/ld+json\">{\t\"@context\": \"http:\/\/schema.org\",\r\n\t\t\t\t\t\t\t  \t\"@type\": \"Event\",\r\n\t\t\t\t\t\t\t  \t\"name\": \"Triatlo de Lisboa 2018\",\r\n\t\t\t\t\t\t\t  \t\"startDate\": \"2018-10-6T00-00-00-00\",\r\n\t\t\t\t\t\t\t  \t\"endDate\": \"2018-10-7T23-23-59-00\",\r\n\t\t\t\t\t\t\t  \t\"image\":,\r\n\t\t\t\t\t\t\t  \t\"description\":\"Percursos Aquatlo Jovem\r\n\r\nPercurso CN Clubes\r\n\r\nPercursos MyLx Triathlon\r\n\r\nRegulamento MxLx Triathlon Experience 2018\r\n\r\nLista Inscritos Aquatlo Jovem\r\n\r\nLista Inscritos Campeonato Nacional Clubes Estafetas\r\n\r\nProcedimento de inscri\u00e7\u00e3o para CN Estafetas:\r\n\r\nCada\",\r\n\t\t\t\t\t\t\t  \t\r\n\t\t\t\t\t\t\t }\r\n\t\t\t\t\t\t\t<\/script><\/div>\r\n\t\t\t\t<p class=\"desc_trig_outter\"><a data-gmap_status=\"null\" data-gmtrig=\"1\" data-exlk=\"0\" style=\"border-color: #0092e0;\" id=\"evc_153878400128078\" class=\"desc_trig evo_camp-europa-clubes evo_camp-nac-clubes-triatlo-estafetas evo_prova-aberta mul_val evcal_list_a\" data-ux_val=\"1\"  ><span class='evcal_cblock ' data-bgcolor='#0092e0' data-smon='Outubro' data-syr='2018'><span class='evo_start '><em class='date'>06<\/em><em class='month'>out<\/em><em class='time'>allday<\/em><\/span><span class='evo_end '><em class='date'>07<\/em><em class='time'>allday<\/em><\/span><em class='clear'><\/em><\/span><span class='evcal_desc evo_info hide_eventtopdata '  data-location_status=\"false\" ><span class='evo_above_title'><\/span><span class='evcal_desc2 evcal_event_title' itemprop='name'>Triatlo de Lisboa 2018<\/span><span class='evo_below_title'><\/span><span class='evcal_desc_info' ><em class=\"evcal_location\"  data-add_str=\"\"><em class=\"event_location_name\">Lisboa<\/em><\/em><\/span><span class='evcal_desc3'><span class='evcal_event_types ett1'><em><i>Tipo de Evento:<\/i><\/em><em data-filter='event_type'>Camp. Europa Clubes,<\/em><em data-filter='event_type'>Camp. Nac. Clubes Triatlo Estafetas,<\/em><em data-filter='event_type'>Prova Aberta<\/em><i class='clear'><\/i><\/span><\/span><\/span><em class='clear'><\/em><\/p><\/a><div class='event_description evcal_eventcard ' style=\"display:none\"><div class='evo_metarow_details evorow evcal_evdata_row bordb evcal_event_details'>\r\n\t\t\t\t\t\t\t<div class=\"event_excerpt\" style=\"display:none\"><h3 class=\"padb5 evo_h3\">Detalhes do Evento<\/h3><p>Percursos Aquatlo Jovem\r\n\r\nPercurso CN Clubes\r\n\r\nPercursos MyLx Triathlon\r\n\r\nRegulamento MxLx Triathlon Experience 2018\r\n\r\nLista Inscritos Aquatlo Jovem\r\n\r\nLista Inscritos Campeonato Nacional Clubes Estafetas\r\n\r\nProcedimento de inscri\u00e7\u00e3o para CN Estafetas:\r\n\r\nCada<\/p><\/div><span class='evcal_evdata_icons'><i class='fa fa-align-justify'><\/i><\/span>\r\n\t\t\t\t\t\t\t\r\n\t\t\t\t\t\t\t<div class='evcal_evdata_cell '><div class='eventon_full_description'>\r\n\t\t\t\t\t\t\t\t\t<h3 class='padb5 evo_h3'><span class='evcal_evdata_icons'><i class='fa fa-align-justify'><\/i><\/span>Detalhes do Evento<\/h3><div class='eventon_desc_in' itemprop='description'>\r\n\t\t\t\t\t\t\t\t\t<p><a href=\"https:\/\/www.federacao-triatlo.pt\/ftp2015\/wp-content\/uploads\/2017\/11\/Percursos-Aquatlo-Jovem.pdf\">Percursos Aquatlo Jovem<\/a><\/p>\n<p><a href=\"https:\/\/www.federacao-triatlo.pt\/ftp2015\/wp-content\/uploads\/2017\/11\/Percurso-CN-Clubes.pdf\">Percurso CN Clubes<\/a><\/p>\n<p><a href=\"https:\/\/www.federacao-triatlo.pt\/ftp2015\/wp-content\/uploads\/2017\/11\/Percursos-MyLx-Triathlon.pdf\">Percursos MyLx Triathlon<\/a><\/p>\n<p><a href=\"https:\/\/www.federacao-triatlo.pt\/ftp2015\/wp-content\/uploads\/2017\/11\/Regulamento-MxLx-Triathlon-Experience-2018-1.pdf\">Regulamento MxLx Triathlon Experience 2018<\/a><\/p>\n<p><a href=\"https:\/\/www.federacao-triatlo.pt\/ftp2015\/wp-content\/uploads\/2017\/11\/Lista-Inscritos-Aquatlo-Jovem.pdf\">Lista Inscritos Aquatlo Jovem<\/a><\/p>\n<p><a href=\"https:\/\/www.federacao-triatlo.pt\/ftp2015\/wp-content\/uploads\/2017\/11\/Lista-Inscritos-Campeonato-Nacional-Clubes-Estafetas-2.pdf\">Lista Inscritos Campeonato Nacional Clubes Estafetas<\/a><\/p>\n<p>Procedimento de inscri\u00e7\u00e3o para CN Estafetas:<\/p>\n<p>Cada clube dever\u00e1 inscrever via plataforma todos os atletas que deseja que participem na prova de Estafetas.<\/p>\n<p>O valor de inscri\u00e7\u00e3o por equipa \u00e9 de 30\u20ac, pelo que ser\u00e1 cobrado por cada atleta 10\u20ac pela presente plataforma.<\/p>\n<p>Posteriormente, ter\u00e1 de ser preenchido o formul\u00e1rio em baixo, e enviado para inscricoes@federacao-triatlo.pt, at\u00e9 ao dia 01 de Outubro.<\/p>\n<p><a href=\"https:\/\/www.federacao-triatlo.pt\/ftp2015\/wp-content\/uploads\/2017\/11\/Ficha-de-Inscri\u00e7\u00e3o-CNC-Estafetas-3-elementos-1.doc\">Ficha de Inscri\u00e7\u00e3o CNC Estafetas (3 elementos)<\/a><\/p>\n<p>&nbsp;<\/p>\n<p>S\u00f3 ser\u00e3o aceites inscri\u00e7\u00f5es de equipas que componham a estafeta completa, mesmo que a inscri\u00e7\u00e3o repartida do atleta individualmente tenha sido feita e paga sem este estar associado a uma equipa completa.<\/p>\n<\/div><div class='clear'><\/div>\r\n\t\t\t\t\t\t\t\t<\/div>\r\n\t\t\t\t\t\t\t<\/div>\r\n\t\t\t\t\t\t<\/div><div class='evo_metarow_time_location evorow bordb '>\r\n\t\t\t\t\t\t<div class='tb' >\r\n\t\t\t\t\t\t\t<div class='tbrow'>\r\n\t\t\t\t\t\t\t<div class='evcal_col50 bordr'>\r\n\t\t\t\t\t\t\t\t<div class='evcal_evdata_row evo_time'>\r\n\t\t\t\t\t\t\t\t\t<span class='evcal_evdata_icons'><i class='fa fa-clock-o'><\/i><\/span>\r\n\t\t\t\t\t\t\t\t\t<div class='evcal_evdata_cell'>\t\t\t\t\t\t\t\r\n\t\t\t\t\t\t\t\t\t\t<h3 class='evo_h3'><span class='evcal_evdata_icons'><i class='fa fa-clock-o'><\/i><\/span>Hor\u00e1rio<\/h3>\r\n\t\t\t\t\t\t\t\t\t\t<p>Outubro 6 (S\u00e1bado) - 7 (Domingo)<\/p>\r\n\t\t\t\t\t\t\t\t\t<\/div>\r\n\t\t\t\t\t\t\t\t<\/div>\r\n\t\t\t\t\t\t\t<\/div><div class='evcal_col50'>\r\n\t\t\t\t\t\t\t\t<div class='evcal_evdata_row evo_location'>\r\n\t\t\t\t\t\t\t\t\t<span class='evcal_evdata_icons'><i class='fa fa-map-marker'><\/i><\/span>\r\n\t\t\t\t\t\t\t\t\t<div class='evcal_evdata_cell' data-loc_tax_id='13'>\t\t\t\t\t\t\t\r\n\t\t\t\t\t\t\t\t\t\t<h3 class='evo_h3'><span class='evcal_evdata_icons'><i class='fa fa-map-marker'><\/i><\/span>Localiza\u00e7\u00e3o<\/h3><p class='evo_location_name'>Lisboa<\/p><p><\/p>\r\n\t\t\t\t\t\t\t\t\t<\/div>\r\n\t\t\t\t\t\t\t\t<\/div>\r\n\t\t\t\t\t\t\t<\/div><div class='clear'><\/div>\r\n\t\t\t\t\t\t\t<\/div><\/div>\r\n\t\t\t\t\t\t<\/div><div class='evo_metarow_organizer evorow evcal_evdata_row bordb evcal_evrow_sm '>\r\n\t\t\t\t\t\t\t<span class='evcal_evdata_icons'><i class='fa fa-headphones'><\/i><\/span>\r\n\t\t\t\t\t\t\t<div class='evcal_evdata_cell'>\t\t\t\t\t\t\t\r\n\t\t\t\t\t\t\t\t<h3 class='evo_h3'>Evento organizado por<\/h3>\r\n\t\t\t\t\t\t\t\t\r\n\t\t\t\t\t\t\t\t<div class='evo_card_organizer'><p class='evo_data_val evo_card_organizer_name'>\r\n\t\t\t\t\t\t\t\t\t<span class='evo_card_organizer_name_t'>FTP \/ C\u00e2mara Municipal de Lisboa<\/span>\r\n\t\t\t\t\t\t\t\t\t\r\n\t\t\t\t\t\t\t\t\t<\/p><\/div><div class='clear'><\/div>\t\t\t\t\t\t\t\r\n\t\t\t\t\t\t\t<\/div>\r\n\t\t\t\t\t\t<\/div><div class='evo_metarow_locImg evorow bordb ' style='height:300px; background-image:url(https:\/\/www.federacao-triatlo.pt\/ftp2015\/wp-content\/uploads\/2014\/12\/slide1.jpg)' id='19_locimg' ><\/div>\t\t\t\t\t\t<div class='evo_metarow_ICS evorow bordb evcal_evdata_row'>\r\n\t\t\t\t\t\t\t<span class=\"evcal_evdata_icons\"><i class=\"fa fa-calendar\"><\/i><\/span>\r\n\t\t\t\t\t\t\t<div class='evcal_evdata_cell'>\r\n\t\t\t\t\t\t\t\t<p><a href='https:\/\/www.federacao-triatlo.pt\/ftp2015\/wp-admin\/admin-ajax.php?action=eventon_ics_download&amp;event_id=28078&amp;sunix=20181005T230000Z&amp;eunix=20181007T225900Z&amp;loca=&amp;locn=Lisboa' class='evo_ics_nCal' title='Adicionar ao seu calend\u00e1rio'>Calend\u00e1rio<\/a><a href='\/\/www.google.com\/calendar\/event?action=TEMPLATE&amp;text=Triatlo+de+Lisboa+2018&amp;dates=20181005T230000Z\/20181007T225900Z&amp;details=Percursos+Aquatlo+Jovem%0D%0A%0D%0APercurso+CN+Clubes%0D%0A%0D%0APercursos+MyLx+Triathlon%0D%0A%0D%0ARegulamento+MxLx+Triathlon+Experience+2018%0D%0A%0D%0ALista+Inscritos+Aquatlo+Jovem%0D%0A%0D%0ALista+Inscritos+Campeonato+Nacional+Clubes+Estafetas%0D%0A%0D%0AProcedimento+de+inscri%C3%A7%C3%A3o+para+CN+Estafetas%3A%0D%0A%0D%0ACada&amp;location=Lisboa - ' target='_blank' class='evo_ics_gCal' title='Adicionar ao calend\u00e1rio Google'>GoogleCal<\/a><\/p>\t\r\n\t\t\t\t\t\t\t<\/div>\t\t\t\t\t\t<\/div>\r\n\t\t\t\t\t\t<\/div><div class='clear end'><\/div><\/div><div id=\"event_40553\" class=\"eventon_list_event evo_eventtop past_event event\" data-event_id=\"40553\" data-time=\"1539388801-1539475199\" data-colr=\"#0092e0\" itemscope itemtype='http:\/\/schema.org\/Event' 2><div class=\"evo_event_schema\" style=\"display:none\" ><a itemprop='url'  href='https:\/\/www.federacao-triatlo.pt\/ftp2015\/events\/triatlo-de-famalicao\/'><\/a><span itemprop='name'  >Triatlo de Famalic\u00e3o<\/span><meta itemprop='image' content='https:\/\/www.federacao-triatlo.pt\/ftp2015\/wp-content\/uploads\/2018\/10\/Imagem-Famali\u00e7\u00e3o-FTP-300x152.png' ><\/meta><meta itemprop='description' content='Percursos Triatlo Famalicao 2018\r\n\r\nRegulamento Triatlo Famalic\u00e3o 2018\r\n\r\nLista Inscritos Triatlo de Famalic\u00e3o' ><\/meta><meta itemprop='startDate' content='2018-10-13' ><\/meta><meta itemprop='endDate' content='2018-10-13' ><\/meta><meta itemprop='eventStatus' content='on-schedule' ><\/meta>\r\n\t\t\t\t\t\t\t\t\t<item style=\"display:none\" itemprop=\"location\" itemscope itemtype=\"http:\/\/schema.org\/Place\">\r\n\t\t\t\t\t\t\t\t\t\t<span itemprop=\"name\">Famalic\u00e3o<\/span>\r\n\t\t\t\t\t\t\t\t\t\t<span itemprop=\"address\" itemscope itemtype=\"http:\/\/schema.org\/PostalAddress\">\r\n\t\t\t\t\t\t\t\t\t\t\t<item itemprop=\"streetAddress\">Famalic\u00e3o<\/item>\r\n\t\t\t\t\t\t\t\t\t\t<\/span><\/item><script type=\"application\/ld+json\">{\t\"@context\": \"http:\/\/schema.org\",\r\n\t\t\t\t\t\t\t  \t\"@type\": \"Event\",\r\n\t\t\t\t\t\t\t  \t\"name\": \"Triatlo de Famalic\u00e3o\",\r\n\t\t\t\t\t\t\t  \t\"startDate\": \"2018-10-13T00-00-00-00\",\r\n\t\t\t\t\t\t\t  \t\"endDate\": \"2018-10-13T23-23-59-00\",\r\n\t\t\t\t\t\t\t  \t\"image\":\"https:\/\/www.federacao-triatlo.pt\/ftp2015\/wp-content\/uploads\/2018\/10\/Imagem-Famali\u00e7\u00e3o-FTP-300x152.png\",\r\n\t\t\t\t\t\t\t  \t\"description\":\"Percursos Triatlo Famalicao 2018\r\n\r\nRegulamento Triatlo Famalic\u00e3o 2018\r\n\r\nLista Inscritos Triatlo de Famalic\u00e3o\",\r\n\t\t\t\t\t\t\t  \t\"location\":{\r\n\t\t\t\t\t\t\t\t\t\t\"@type\":\"Place\",\r\n\t\t\t\t\t\t\t\t\t\t\"name\":\"Famalic\u00e3o\",\r\n\t\t\t\t\t\t\t\t\t\t\"address\":\"Famalic\u00e3o\"\r\n\t\t\t\t\t\t\t  \t\t}\r\n\t\t\t\t\t\t\t }\r\n\t\t\t\t\t\t\t<\/script><\/div>\r\n\t\t\t\t<p class=\"desc_trig_outter\"><a data-gmap_status=\"null\" data-exlk=\"0\" style=\"border-color: #0092e0;\" id=\"evc_153938880140553\" class=\"hasFtIMG desc_trig evo_prova-aberta evo_triatlo-super-sprint sin_val evcal_list_a\" data-ux_val=\"1\"  ><span class='ev_ftImg' data-img='https:\/\/www.federacao-triatlo.pt\/ftp2015\/wp-content\/uploads\/2018\/10\/Imagem-Famali\u00e7\u00e3o-FTP.png' data-thumb='https:\/\/www.federacao-triatlo.pt\/ftp2015\/wp-content\/uploads\/2018\/10\/Imagem-Famali\u00e7\u00e3o-FTP-300x152.png' style='background-image:url(\"https:\/\/www.federacao-triatlo.pt\/ftp2015\/wp-content\/uploads\/2018\/10\/Imagem-Famali\u00e7\u00e3o-FTP-300x152.png\")'><\/span><span class='evcal_cblock ' data-bgcolor='#0092e0' data-smon='Outubro' data-syr='2018'><span class='evo_start '><em class='date'>13<\/em><em class='month'>out<\/em><em class='time'>allday<\/em><\/span><span class='evo_end only_time'><em class='time'>allday<\/em><\/span><em class='clear'><\/em><\/span><span class='evcal_desc evo_info hide_eventtopdata ' data-latlng=\"41\u00b0 24,-8\u00b0 30\"  data-location_address=\"Famalic\u00e3o\" data-location_type=\"lonlat\" data-location_name=\"Famalic\u00e3o\" data-location_status=\"true\" ><span class='evo_above_title'><\/span><span class='evcal_desc2 evcal_event_title' itemprop='name'>Triatlo de Famalic\u00e3o<\/span><span class='evo_below_title'><\/span><span class='evcal_desc_info' ><em class=\"evcal_location\" data-latlng=\"41\u00b0 24,-8\u00b0 30\"  data-add_str=\"\"><em class=\"event_location_name\">Famalic\u00e3o<\/em><\/em><\/span><span class='evcal_desc3'><span class='evcal_event_types ett1'><em><i>Tipo de Evento:<\/i><\/em><em data-filter='event_type'>Prova Aberta,<\/em><em data-filter='event_type'>Prova Aberta | Triatlo Super-Sprint<\/em><i class='clear'><\/i><\/span><\/span><\/span><em class='clear'><\/em><\/p><\/a><div class='event_description evcal_eventcard ' style=\"display:none\"><div class='evo_metarow_directimg'><img src='https:\/\/www.federacao-triatlo.pt\/ftp2015\/wp-content\/uploads\/2018\/10\/Imagem-Famali\u00e7\u00e3o-FTP.png' \/><\/div><div class='evo_metarow_details evorow evcal_evdata_row bordb evcal_event_details'>\r\n\t\t\t\t\t\t\t<div class=\"event_excerpt\" style=\"display:none\"><h3 class=\"padb5 evo_h3\">Detalhes do Evento<\/h3><p>Percursos Triatlo Famalicao 2018\r\n\r\nRegulamento Triatlo Famalic\u00e3o 2018\r\n\r\nLista Inscritos Triatlo de Famalic\u00e3o<\/p><\/div><span class='evcal_evdata_icons'><i class='fa fa-align-justify'><\/i><\/span>\r\n\t\t\t\t\t\t\t\r\n\t\t\t\t\t\t\t<div class='evcal_evdata_cell '><div class='eventon_full_description'>\r\n\t\t\t\t\t\t\t\t\t<h3 class='padb5 evo_h3'><span class='evcal_evdata_icons'><i class='fa fa-align-justify'><\/i><\/span>Detalhes do Evento<\/h3><div class='eventon_desc_in' itemprop='description'>\r\n\t\t\t\t\t\t\t\t\t<p><a href=\"https:\/\/www.federacao-triatlo.pt\/ftp2015\/wp-content\/uploads\/2018\/10\/Percursos-Triatlo-Famalicao-2018-Super-Sprint-27_09_2018.pdf\" target=\"_blank\" rel=\"noopener\">Percursos Triatlo Famalicao 2018<\/a><\/p>\n<p><a href=\"https:\/\/www.federacao-triatlo.pt\/ftp2015\/wp-content\/uploads\/2018\/10\/Regulamento_Triatlo_Famalicao.pdf\" target=\"_blank\" rel=\"noopener\">Regulamento Triatlo Famalic\u00e3o 2018<\/a><\/p>\n<p><a href=\"https:\/\/www.federacao-triatlo.pt\/ftp2015\/wp-content\/uploads\/2018\/10\/Lista-Inscritos-Triatlo-de-Famalic\u00e3o.pdf\">Lista Inscritos Triatlo de Famalic\u00e3o<\/a><\/p>\n<\/div><div class='clear'><\/div>\r\n\t\t\t\t\t\t\t\t<\/div>\r\n\t\t\t\t\t\t\t<\/div>\r\n\t\t\t\t\t\t<\/div><div class='evo_metarow_time_location evorow bordb '>\r\n\t\t\t\t\t\t<div class='tb' >\r\n\t\t\t\t\t\t\t<div class='tbrow'>\r\n\t\t\t\t\t\t\t<div class='evcal_col50 bordr'>\r\n\t\t\t\t\t\t\t\t<div class='evcal_evdata_row evo_time'>\r\n\t\t\t\t\t\t\t\t\t<span class='evcal_evdata_icons'><i class='fa fa-clock-o'><\/i><\/span>\r\n\t\t\t\t\t\t\t\t\t<div class='evcal_evdata_cell'>\t\t\t\t\t\t\t\r\n\t\t\t\t\t\t\t\t\t\t<h3 class='evo_h3'><span class='evcal_evdata_icons'><i class='fa fa-clock-o'><\/i><\/span>Hor\u00e1rio<\/h3>\r\n\t\t\t\t\t\t\t\t\t\t<p>Todo o dia (S\u00e1bado)<\/p>\r\n\t\t\t\t\t\t\t\t\t<\/div>\r\n\t\t\t\t\t\t\t\t<\/div>\r\n\t\t\t\t\t\t\t<\/div><div class='evcal_col50'>\r\n\t\t\t\t\t\t\t\t<div class='evcal_evdata_row evo_location'>\r\n\t\t\t\t\t\t\t\t\t<span class='evcal_evdata_icons'><i class='fa fa-map-marker'><\/i><\/span>\r\n\t\t\t\t\t\t\t\t\t<div class='evcal_evdata_cell' data-loc_tax_id='118'>\t\t\t\t\t\t\t\r\n\t\t\t\t\t\t\t\t\t\t<h3 class='evo_h3'><span class='evcal_evdata_icons'><i class='fa fa-map-marker'><\/i><\/span>Localiza\u00e7\u00e3o<\/h3><p class='evo_location_name'>Famalic\u00e3o<\/p><p>Famalic\u00e3o<\/p>\r\n\t\t\t\t\t\t\t\t\t<\/div>\r\n\t\t\t\t\t\t\t\t<\/div>\r\n\t\t\t\t\t\t\t<\/div><div class='clear'><\/div>\r\n\t\t\t\t\t\t\t<\/div><\/div>\r\n\t\t\t\t\t\t<\/div><div class='evo_metarow_organizer evorow evcal_evdata_row bordb evcal_evrow_sm '>\r\n\t\t\t\t\t\t\t<span class='evcal_evdata_icons'><i class='fa fa-headphones'><\/i><\/span>\r\n\t\t\t\t\t\t\t<div class='evcal_evdata_cell'>\t\t\t\t\t\t\t\r\n\t\t\t\t\t\t\t\t<h3 class='evo_h3'>Evento organizado por<\/h3>\r\n\t\t\t\t\t\t\t\t\r\n\t\t\t\t\t\t\t\t<div class='evo_card_organizer'><p class='evo_data_val evo_card_organizer_name'>\r\n\t\t\t\t\t\t\t\t\t<span class='evo_card_organizer_name_t'>FTP \/ Amigos do Pedal<\/span><span class='evo_card_organizer_contact'>inscricoes@federacao-triatlo.pt<\/span>\r\n\t\t\t\t\t\t\t\t\t\r\n\t\t\t\t\t\t\t\t\t<\/p><\/div><div class='clear'><\/div>\t\t\t\t\t\t\t\r\n\t\t\t\t\t\t\t<\/div>\r\n\t\t\t\t\t\t<\/div>\t\t\t\t\t\t<div class='evo_metarow_ICS evorow bordb evcal_evdata_row'>\r\n\t\t\t\t\t\t\t<span class=\"evcal_evdata_icons\"><i class=\"fa fa-calendar\"><\/i><\/span>\r\n\t\t\t\t\t\t\t<div class='evcal_evdata_cell'>\r\n\t\t\t\t\t\t\t\t<p><a href='https:\/\/www.federacao-triatlo.pt\/ftp2015\/wp-admin\/admin-ajax.php?action=eventon_ics_download&amp;event_id=40553&amp;sunix=20181012T230000Z&amp;eunix=20181013T225900Z&amp;loca=Famalic\u00e3o&amp;locn=Famalic\u00e3o' class='evo_ics_nCal' title='Adicionar ao seu calend\u00e1rio'>Calend\u00e1rio<\/a><a href='\/\/www.google.com\/calendar\/event?action=TEMPLATE&amp;text=Triatlo+de+Famalic%C3%A3o&amp;dates=20181012T230000Z\/20181013T225900Z&amp;details=Percursos+Triatlo+Famalicao+2018%0D%0A%0D%0ARegulamento+Triatlo+Famalic%C3%A3o+2018%0D%0A%0D%0ALista+Inscritos+Triatlo+de+Famalic%C3%A3o&amp;location=Famalic%C3%A3o - Famalic%C3%A3o' target='_blank' class='evo_ics_gCal' title='Adicionar ao calend\u00e1rio Google'>GoogleCal<\/a><\/p>\t\r\n\t\t\t\t\t\t\t<\/div>\t\t\t\t\t\t<\/div>\r\n\t\t\t\t\t\t<\/div><div class='clear end'><\/div><\/div><div id=\"event_29860\" class=\"eventon_list_event evo_eventtop past_event event\" data-event_id=\"29860\" data-time=\"1539475201-1539561599\" data-colr=\"#0092e0\" itemscope itemtype='http:\/\/schema.org\/Event' 3><div class=\"evo_event_schema\" style=\"display:none\" ><a itemprop='url'  href='https:\/\/www.federacao-triatlo.pt\/ftp2015\/events\/xviii-duatlo-do-cadaval-2018\/'><\/a><span itemprop='name'  >XVIII Duatlo do Cadaval<\/span><meta itemprop='image' content='https:\/\/www.federacao-triatlo.pt\/ftp2015\/wp-content\/uploads\/2018\/09\/Cartaz-Duatlo-2018-A3-Formato-JPEG-300x225.jpg' ><\/meta><meta itemprop='description' content='Regulamento XVIII Duatlo do Cadaval 14 Out 2018\r\n\r\nXVIII_Duatlo_Cadaval_Percursos-2018\r\n\r\nLista Inscritos Campeonato Nacional Individual\r\n\r\nLista Inscritos Campeonato Nacional Paratriatlo\r\n\r\n&nbsp;' ><\/meta><meta itemprop='startDate' content='2018-10-14' ><\/meta><meta itemprop='endDate' content='2018-10-14' ><\/meta><meta itemprop='eventStatus' content='on-schedule' ><\/meta>\r\n\t\t\t\t\t\t\t\t\t<item style=\"display:none\" itemprop=\"location\" itemscope itemtype=\"http:\/\/schema.org\/Place\">\r\n\t\t\t\t\t\t\t\t\t\t<span itemprop=\"name\">Cadaval<\/span>\r\n\t\t\t\t\t\t\t\t\t\t<span itemprop=\"address\" itemscope itemtype=\"http:\/\/schema.org\/PostalAddress\">\r\n\t\t\t\t\t\t\t\t\t\t\t<item itemprop=\"streetAddress\">Cadaval<\/item>\r\n\t\t\t\t\t\t\t\t\t\t<\/span><\/item><script type=\"application\/ld+json\">{\t\"@context\": \"http:\/\/schema.org\",\r\n\t\t\t\t\t\t\t  \t\"@type\": \"Event\",\r\n\t\t\t\t\t\t\t  \t\"name\": \"XVIII Duatlo do Cadaval\",\r\n\t\t\t\t\t\t\t  \t\"startDate\": \"2018-10-14T00-00-00-00\",\r\n\t\t\t\t\t\t\t  \t\"endDate\": \"2018-10-14T23-23-59-00\",\r\n\t\t\t\t\t\t\t  \t\"image\":\"https:\/\/www.federacao-triatlo.pt\/ftp2015\/wp-content\/uploads\/2018\/09\/Cartaz-Duatlo-2018-A3-Formato-JPEG-300x225.jpg\",\r\n\t\t\t\t\t\t\t  \t\"description\":\"Regulamento XVIII Duatlo do Cadaval 14 Out 2018\r\n\r\nXVIII_Duatlo_Cadaval_Percursos-2018\r\n\r\nLista Inscritos Campeonato Nacional Individual\r\n\r\nLista Inscritos Campeonato Nacional Paratriatlo\r\n\r\n&nbsp;\",\r\n\t\t\t\t\t\t\t  \t\"location\":{\r\n\t\t\t\t\t\t\t\t\t\t\"@type\":\"Place\",\r\n\t\t\t\t\t\t\t\t\t\t\"name\":\"Cadaval\",\r\n\t\t\t\t\t\t\t\t\t\t\"address\":\"Cadaval\"\r\n\t\t\t\t\t\t\t  \t\t}\r\n\t\t\t\t\t\t\t }\r\n\t\t\t\t\t\t\t<\/script><\/div>\r\n\t\t\t\t<p class=\"desc_trig_outter\"><a data-gmtrig=\"1\" data-exlk=\"0\" style=\"border-color: #0092e0;\" id=\"evc_153947520129860\" class=\"hasFtIMG desc_trig evo_campeonato-nacional-grupos-idade-duatlo evo_campeonato-nacional-individual-duatlo evo_camp-nac-paratriatlo sin_val evcal_list_a\" data-ux_val=\"1\"  ><span class='ev_ftImg' data-img='https:\/\/www.federacao-triatlo.pt\/ftp2015\/wp-content\/uploads\/2018\/09\/Cartaz-Duatlo-2018-A3-Formato-JPEG.jpg' data-thumb='https:\/\/www.federacao-triatlo.pt\/ftp2015\/wp-content\/uploads\/2018\/09\/Cartaz-Duatlo-2018-A3-Formato-JPEG-300x225.jpg' style='background-image:url(\"https:\/\/www.federacao-triatlo.pt\/ftp2015\/wp-content\/uploads\/2018\/09\/Cartaz-Duatlo-2018-A3-Formato-JPEG-300x225.jpg\")'><\/span><span class='evcal_cblock ' data-bgcolor='#0092e0' data-smon='Outubro' data-syr='2018'><span class='evo_start '><em class='date'>14<\/em><em class='month'>out<\/em><em class='time'>allday<\/em><\/span><span class='evo_end only_time'><em class='time'>allday<\/em><\/span><em class='clear'><\/em><\/span><span class='evcal_desc evo_info hide_eventtopdata ' data-latlng=\"39.239537,-9.101216\"  data-location_address=\"Cadaval\" data-location_type=\"lonlat\" data-location_name=\"Cadaval\" data-location_status=\"true\" ><span class='evo_above_title'><\/span><span class='evcal_desc2 evcal_event_title' itemprop='name'>XVIII Duatlo do Cadaval<\/span><span class='evo_below_title'><\/span><span class='evcal_desc_info' ><em class=\"evcal_location\" data-latlng=\"39.239537,-9.101216\"  data-add_str=\"\"><em class=\"event_location_name\">Cadaval<\/em><\/em><\/span><span class='evcal_desc3'><span class='evcal_event_types ett1'><em><i>Tipo de Evento:<\/i><\/em><em data-filter='event_type'>Camp. Nac. Grupos Idade Duatlo,<\/em><em data-filter='event_type'>Camp. Nac. Individual de Duatlo,<\/em><em data-filter='event_type'>Camp. Nac. Paratriatlo<\/em><i class='clear'><\/i><\/span><\/span><\/span><em class='clear'><\/em><\/p><\/a><div class='event_description evcal_eventcard ' style=\"display:none\"><div class='evo_metarow_directimg'><img src='https:\/\/www.federacao-triatlo.pt\/ftp2015\/wp-content\/uploads\/2018\/09\/Cartaz-Duatlo-2018-A3-Formato-JPEG.jpg' \/><\/div><div class='evo_metarow_details evorow evcal_evdata_row bordb evcal_event_details'>\r\n\t\t\t\t\t\t\t<div class=\"event_excerpt\" style=\"display:none\"><h3 class=\"padb5 evo_h3\">Detalhes do Evento<\/h3><p>Regulamento XVIII Duatlo do Cadaval 14 Out 2018\r\n\r\nXVIII_Duatlo_Cadaval_Percursos-2018\r\n\r\nLista Inscritos Campeonato Nacional Individual\r\n\r\nLista Inscritos Campeonato Nacional Paratriatlo\r\n\r\n&nbsp;<\/p><\/div><span class='evcal_evdata_icons'><i class='fa fa-align-justify'><\/i><\/span>\r\n\t\t\t\t\t\t\t\r\n\t\t\t\t\t\t\t<div class='evcal_evdata_cell '><div class='eventon_full_description'>\r\n\t\t\t\t\t\t\t\t\t<h3 class='padb5 evo_h3'><span class='evcal_evdata_icons'><i class='fa fa-align-justify'><\/i><\/span>Detalhes do Evento<\/h3><div class='eventon_desc_in' itemprop='description'>\r\n\t\t\t\t\t\t\t\t\t<p><a href=\"https:\/\/www.federacao-triatlo.pt\/ftp2015\/wp-content\/uploads\/2018\/01\/Regulamento_XVIII_Duatlo_do_Cadaval_14_Out_2018_V2-1.pdf\">Regulamento XVIII Duatlo do Cadaval 14 Out 2018<\/a><\/p>\n<p><a href=\"https:\/\/www.federacao-triatlo.pt\/ftp2015\/wp-content\/uploads\/2018\/01\/XVIII_Duatlo_Cadaval_Percursos-2018.pdf\">XVIII_Duatlo_Cadaval_Percursos-2018<\/a><\/p>\n<p><a href=\"https:\/\/www.federacao-triatlo.pt\/ftp2015\/wp-content\/uploads\/2018\/01\/Lista-Inscritos-Campeonato-Nacional-Individual-1.pdf\">Lista Inscritos Campeonato Nacional Individual<\/a><\/p>\n<p><a href=\"https:\/\/www.federacao-triatlo.pt\/ftp2015\/wp-content\/uploads\/2018\/01\/Lista-Inscritos-Campeonato-Nacional-Paratriatlo-1.pdf\">Lista Inscritos Campeonato Nacional Paratriatlo<\/a><\/p>\n<p>&nbsp;<\/p>\n<\/div><div class='clear'><\/div>\r\n\t\t\t\t\t\t\t\t<\/div>\r\n\t\t\t\t\t\t\t<\/div>\r\n\t\t\t\t\t\t<\/div><div class='evo_metarow_gmap evorow evcal_gmaps bordb ' id='evc153947520169f3e03024e8329860_gmap' style='max-width:none'><\/div><div class='evo_metarow_getDr evorow evcal_evdata_row bordb evcal_evrow_sm getdirections'>\r\n\t\t\t\t\t\t<form action='https:\/\/maps.google.com\/maps' method='get' target='_blank'>\r\n\t\t\t\t\t\t<input type='hidden' name='daddr' value='Cadaval'\/> \r\n\t\t\t\t\t\t<p><input class='evoInput' type='text' name='saddr' placeholder='Escreva a morada' value=''\/>\r\n\t\t\t\t\t\t<button type='submit' class='evcal_evdata_icons evcalicon_9' title='Clique aqui para obter as dire\u00e7\u00f5es'><i class='fa fa-road'><\/i><\/button>\r\n\t\t\t\t\t\t<\/p><\/form>\r\n\t\t\t\t\t<\/div><div class='evo_metarow_time_location evorow bordb '>\r\n\t\t\t\t\t\t<div class='tb' >\r\n\t\t\t\t\t\t\t<div class='tbrow'>\r\n\t\t\t\t\t\t\t<div class='evcal_col50 bordr'>\r\n\t\t\t\t\t\t\t\t<div class='evcal_evdata_row evo_time'>\r\n\t\t\t\t\t\t\t\t\t<span class='evcal_evdata_icons'><i class='fa fa-clock-o'><\/i><\/span>\r\n\t\t\t\t\t\t\t\t\t<div class='evcal_evdata_cell'>\t\t\t\t\t\t\t\r\n\t\t\t\t\t\t\t\t\t\t<h3 class='evo_h3'><span class='evcal_evdata_icons'><i class='fa fa-clock-o'><\/i><\/span>Hor\u00e1rio<\/h3>\r\n\t\t\t\t\t\t\t\t\t\t<p>Todo o dia (Domingo)<\/p>\r\n\t\t\t\t\t\t\t\t\t<\/div>\r\n\t\t\t\t\t\t\t\t<\/div>\r\n\t\t\t\t\t\t\t<\/div><div class='evcal_col50'>\r\n\t\t\t\t\t\t\t\t<div class='evcal_evdata_row evo_location'>\r\n\t\t\t\t\t\t\t\t\t<span class='evcal_evdata_icons'><i class='fa fa-map-marker'><\/i><\/span>\r\n\t\t\t\t\t\t\t\t\t<div class='evcal_evdata_cell' data-loc_tax_id='43'>\t\t\t\t\t\t\t\r\n\t\t\t\t\t\t\t\t\t\t<h3 class='evo_h3'><span class='evcal_evdata_icons'><i class='fa fa-map-marker'><\/i><\/span>Localiza\u00e7\u00e3o<\/h3><p class='evo_location_name'>Cadaval<\/p><p>Cadaval<\/p>\r\n\t\t\t\t\t\t\t\t\t<\/div>\r\n\t\t\t\t\t\t\t\t<\/div>\r\n\t\t\t\t\t\t\t<\/div><div class='clear'><\/div>\r\n\t\t\t\t\t\t\t<\/div><\/div>\r\n\t\t\t\t\t\t<\/div><div class='evo_metarow_organizer evorow evcal_evdata_row bordb evcal_evrow_sm '>\r\n\t\t\t\t\t\t\t<span class='evcal_evdata_icons'><i class='fa fa-headphones'><\/i><\/span>\r\n\t\t\t\t\t\t\t<div class='evcal_evdata_cell'>\t\t\t\t\t\t\t\r\n\t\t\t\t\t\t\t\t<h3 class='evo_h3'>Evento organizado por<\/h3>\r\n\t\t\t\t\t\t\t\t\r\n\t\t\t\t\t\t\t\t<div class='evo_card_organizer'><p class='evo_data_val evo_card_organizer_name'>\r\n\t\t\t\t\t\t\t\t\t<span class='evo_card_organizer_name_t'>FTP \/ C\u00e2mara Municipal do Cadaval<\/span><span class='evo_card_organizer_contact'>inscricoes@federacao-triatlo.pt<\/span>\r\n\t\t\t\t\t\t\t\t\t\r\n\t\t\t\t\t\t\t\t\t<\/p><\/div><div class='clear'><\/div>\t\t\t\t\t\t\t\r\n\t\t\t\t\t\t\t<\/div>\r\n\t\t\t\t\t\t<\/div>\t\t\t\t\t\t<div class='evo_metarow_ICS evorow bordb evcal_evdata_row'>\r\n\t\t\t\t\t\t\t<span class=\"evcal_evdata_icons\"><i class=\"fa fa-calendar\"><\/i><\/span>\r\n\t\t\t\t\t\t\t<div class='evcal_evdata_cell'>\r\n\t\t\t\t\t\t\t\t<p><a href='https:\/\/www.federacao-triatlo.pt\/ftp2015\/wp-admin\/admin-ajax.php?action=eventon_ics_download&amp;event_id=29860&amp;sunix=20181013T230000Z&amp;eunix=20181014T225900Z&amp;loca=Cadaval&amp;locn=Cadaval' class='evo_ics_nCal' title='Adicionar ao seu calend\u00e1rio'>Calend\u00e1rio<\/a><a href='\/\/www.google.com\/calendar\/event?action=TEMPLATE&amp;text=XVIII+Duatlo+do+Cadaval&amp;dates=20181013T230000Z\/20181014T225900Z&amp;details=Regulamento+XVIII+Duatlo+do+Cadaval+14+Out+2018%0D%0A%0D%0AXVIII_Duatlo_Cadaval_Percursos-2018%0D%0A%0D%0ALista+Inscritos+Campeonato+Nacional+Individual%0D%0A%0D%0ALista+Inscritos+Campeonato+Nacional+Paratriatlo%0D%0A%0D%0A%26nbsp%3B&amp;location=Cadaval - Cadaval' target='_blank' class='evo_ics_gCal' title='Adicionar ao calend\u00e1rio Google'>GoogleCal<\/a><\/p>\t\r\n\t\t\t\t\t\t\t<\/div>\t\t\t\t\t\t<\/div>\r\n\t\t\t\t\t\t<\/div><div class='clear end'><\/div><\/div><div id=\"event_28085\" class=\"eventon_list_event evo_eventtop past_event event\" data-event_id=\"28085\" data-time=\"1539993600-1540079940\" data-colr=\"#0092e0\" itemscope itemtype='http:\/\/schema.org\/Event' 4><div class=\"evo_event_schema\" style=\"display:none\" ><a itemprop='url'  href='https:\/\/www.federacao-triatlo.pt\/ftp2015\/events\/triatlo-de-penafiel\/'><\/a><span itemprop='name'  >Triatlo Cross de Penafiel<\/span><meta itemprop='image' content='https:\/\/www.federacao-triatlo.pt\/ftp2015\/wp-content\/uploads\/2017\/11\/IMG-20180831-WA0012-300x212.jpg' ><\/meta><meta itemprop='description' content='Regulamento_Triatlo_Duatlo_Penafiel_17_Out_2018\r\n\r\nPercursos Triatlo Sentir Penafiel 2018 Sprint_novo\r\n\r\nLista Inscritos Camp. Nac. Clubes Triatlo Cross\r\n\r\nLista Inscritos Campeonato Nacional Paratriatlo\r\n\r\n&nbsp;' ><\/meta><meta itemprop='startDate' content='2018-10-20' ><\/meta><meta itemprop='endDate' content='2018-10-20' ><\/meta><meta itemprop='eventStatus' content='on-schedule' ><\/meta><script type=\"application\/ld+json\">{\t\"@context\": \"http:\/\/schema.org\",\r\n\t\t\t\t\t\t\t  \t\"@type\": \"Event\",\r\n\t\t\t\t\t\t\t  \t\"name\": \"Triatlo Cross de Penafiel\",\r\n\t\t\t\t\t\t\t  \t\"startDate\": \"2018-10-20T00-00-00-00\",\r\n\t\t\t\t\t\t\t  \t\"endDate\": \"2018-10-20T23-23-59-00\",\r\n\t\t\t\t\t\t\t  \t\"image\":\"https:\/\/www.federacao-triatlo.pt\/ftp2015\/wp-content\/uploads\/2017\/11\/IMG-20180831-WA0012-300x212.jpg\",\r\n\t\t\t\t\t\t\t  \t\"description\":\"Regulamento_Triatlo_Duatlo_Penafiel_17_Out_2018\r\n\r\nPercursos Triatlo Sentir Penafiel 2018 Sprint_novo\r\n\r\nLista Inscritos Camp. Nac. Clubes Triatlo Cross\r\n\r\nLista Inscritos Campeonato Nacional Paratriatlo\r\n\r\n&nbsp;\",\r\n\t\t\t\t\t\t\t  \t\r\n\t\t\t\t\t\t\t }\r\n\t\t\t\t\t\t\t<\/script><\/div>\r\n\t\t\t\t<p class=\"desc_trig_outter\"><a data-gmap_status=\"null\" data-gmtrig=\"1\" data-exlk=\"0\" style=\"border-color: #0092e0;\" id=\"evc_153999360028085\" class=\"hasFtIMG desc_trig evo_camp-nac-clubes-triatlo-cross evo_camp-nac-cadetes evo_camp-nac-juniores evo_prova-aberta sin_val evcal_list_a\" data-ux_val=\"1\"  ><span class='ev_ftImg' data-img='https:\/\/www.federacao-triatlo.pt\/ftp2015\/wp-content\/uploads\/2017\/11\/IMG-20180831-WA0012.jpg' data-thumb='https:\/\/www.federacao-triatlo.pt\/ftp2015\/wp-content\/uploads\/2017\/11\/IMG-20180831-WA0012-300x212.jpg' style='background-image:url(\"https:\/\/www.federacao-triatlo.pt\/ftp2015\/wp-content\/uploads\/2017\/11\/IMG-20180831-WA0012-300x212.jpg\")'><\/span><span class='evcal_cblock ' data-bgcolor='#0092e0' data-smon='Outubro' data-syr='2018'><span class='evo_start '><em class='date'>20<\/em><em class='month'>out<\/em><em class='time'>0:00<\/em><\/span><span class='evo_end only_time'><em class='time'>23:59<\/em><\/span><em class='clear'><\/em><\/span><span class='evcal_desc evo_info hide_eventtopdata '  data-location_status=\"false\" ><span class='evo_above_title'><\/span><span class='evcal_desc2 evcal_event_title' itemprop='name'>Triatlo Cross de Penafiel<\/span><span class='evo_below_title'><\/span><span class='evcal_desc_info' ><em class=\"evcal_location\"  data-add_str=\"\"><em class=\"event_location_name\">Penafiel<\/em><\/em><\/span><span class='evcal_desc3'><span class='evcal_event_types ett1'><em><i>Tipo de Evento:<\/i><\/em><em data-filter='event_type'>Camp. Nac. Clubes Triatlo Cross,<\/em><em data-filter='event_type'>Camp. Nac. de Cadetes,<\/em><em data-filter='event_type'>Camp. Nac. de Juniores,<\/em><em data-filter='event_type'>Prova Aberta<\/em><i class='clear'><\/i><\/span><\/span><\/span><em class='clear'><\/em><\/p><\/a><div class='event_description evcal_eventcard ' style=\"display:none\"><div class='evo_metarow_directimg'><img src='https:\/\/www.federacao-triatlo.pt\/ftp2015\/wp-content\/uploads\/2017\/11\/IMG-20180831-WA0012.jpg' \/><\/div><div class='evo_metarow_details evorow evcal_evdata_row bordb evcal_event_details'>\r\n\t\t\t\t\t\t\t<div class=\"event_excerpt\" style=\"display:none\"><h3 class=\"padb5 evo_h3\">Detalhes do Evento<\/h3><p>Regulamento_Triatlo_Duatlo_Penafiel_17_Out_2018\r\n\r\nPercursos Triatlo Sentir Penafiel 2018 Sprint_novo\r\n\r\nLista Inscritos Camp. Nac. Clubes Triatlo Cross\r\n\r\nLista Inscritos Campeonato Nacional Paratriatlo\r\n\r\n&nbsp;<\/p><\/div><span class='evcal_evdata_icons'><i class='fa fa-align-justify'><\/i><\/span>\r\n\t\t\t\t\t\t\t\r\n\t\t\t\t\t\t\t<div class='evcal_evdata_cell '><div class='eventon_full_description'>\r\n\t\t\t\t\t\t\t\t\t<h3 class='padb5 evo_h3'><span class='evcal_evdata_icons'><i class='fa fa-align-justify'><\/i><\/span>Detalhes do Evento<\/h3><div class='eventon_desc_in' itemprop='description'>\r\n\t\t\t\t\t\t\t\t\t<p><a href=\"https:\/\/www.federacao-triatlo.pt\/ftp2015\/wp-content\/uploads\/2017\/11\/Regulamento_Triatlo_Duatlo_Penafiel_17_Out_2018_RG.pdf\">Regulamento_Triatlo_Duatlo_Penafiel_17_Out_2018<\/a><\/p>\n<p><a href=\"https:\/\/www.federacao-triatlo.pt\/ftp2015\/wp-content\/uploads\/2017\/11\/Percursos-Triatlo-Sentir-Penafiel-2018-Sprint_novo.pdf\">Percursos Triatlo Sentir Penafiel 2018 Sprint_novo<\/a><\/p>\n<p><a href=\"https:\/\/www.federacao-triatlo.pt\/ftp2015\/wp-content\/uploads\/2017\/11\/Lista-Inscritos-Camp.-Nac.-Clubes-Triatlo-Cross.pdf\">Lista Inscritos Camp. Nac. Clubes Triatlo Cross<\/a><\/p>\n<p><a href=\"https:\/\/www.federacao-triatlo.pt\/ftp2015\/wp-content\/uploads\/2017\/11\/Lista-Inscritos-Campeonato-Nacional-Paratriatlo-1.pdf\">Lista Inscritos Campeonato Nacional Paratriatlo<\/a><\/p>\n<p>&nbsp;<\/p>\n<\/div><div class='clear'><\/div>\r\n\t\t\t\t\t\t\t\t<\/div>\r\n\t\t\t\t\t\t\t<\/div>\r\n\t\t\t\t\t\t<\/div><div class='evo_metarow_time_location evorow bordb '>\r\n\t\t\t\t\t\t<div class='tb' >\r\n\t\t\t\t\t\t\t<div class='tbrow'>\r\n\t\t\t\t\t\t\t<div class='evcal_col50 bordr'>\r\n\t\t\t\t\t\t\t\t<div class='evcal_evdata_row evo_time'>\r\n\t\t\t\t\t\t\t\t\t<span class='evcal_evdata_icons'><i class='fa fa-clock-o'><\/i><\/span>\r\n\t\t\t\t\t\t\t\t\t<div class='evcal_evdata_cell'>\t\t\t\t\t\t\t\r\n\t\t\t\t\t\t\t\t\t\t<h3 class='evo_h3'><span class='evcal_evdata_icons'><i class='fa fa-clock-o'><\/i><\/span>Hor\u00e1rio<\/h3>\r\n\t\t\t\t\t\t\t\t\t\t<p>(S\u00e1bado) 0:00 - 23:59<\/p>\r\n\t\t\t\t\t\t\t\t\t<\/div>\r\n\t\t\t\t\t\t\t\t<\/div>\r\n\t\t\t\t\t\t\t<\/div><div class='evcal_col50'>\r\n\t\t\t\t\t\t\t\t<div class='evcal_evdata_row evo_location'>\r\n\t\t\t\t\t\t\t\t\t<span class='evcal_evdata_icons'><i class='fa fa-map-marker'><\/i><\/span>\r\n\t\t\t\t\t\t\t\t\t<div class='evcal_evdata_cell' data-loc_tax_id='347'>\t\t\t\t\t\t\t\r\n\t\t\t\t\t\t\t\t\t\t<h3 class='evo_h3'><span class='evcal_evdata_icons'><i class='fa fa-map-marker'><\/i><\/span>Localiza\u00e7\u00e3o<\/h3><p class='evo_location_name'>Penafiel<\/p><p><\/p>\r\n\t\t\t\t\t\t\t\t\t<\/div>\r\n\t\t\t\t\t\t\t\t<\/div>\r\n\t\t\t\t\t\t\t<\/div><div class='clear'><\/div>\r\n\t\t\t\t\t\t\t<\/div><\/div>\r\n\t\t\t\t\t\t<\/div><div class='evo_metarow_organizer evorow evcal_evdata_row bordb evcal_evrow_sm '>\r\n\t\t\t\t\t\t\t<span class='evcal_evdata_icons'><i class='fa fa-headphones'><\/i><\/span>\r\n\t\t\t\t\t\t\t<div class='evcal_evdata_cell'>\t\t\t\t\t\t\t\r\n\t\t\t\t\t\t\t\t<h3 class='evo_h3'>Evento organizado por<\/h3>\r\n\t\t\t\t\t\t\t\t\r\n\t\t\t\t\t\t\t\t<div class='evo_card_organizer'><p class='evo_data_val evo_card_organizer_name'>\r\n\t\t\t\t\t\t\t\t\t<span class='evo_card_organizer_name_t'>FTP \/ C\u00e2mara Muncipal de Penafiel \/ Mozinho Racing Team<\/span>\r\n\t\t\t\t\t\t\t\t\t\r\n\t\t\t\t\t\t\t\t\t<\/p><\/div><div class='clear'><\/div>\t\t\t\t\t\t\t\r\n\t\t\t\t\t\t\t<\/div>\r\n\t\t\t\t\t\t<\/div>\t\t\t\t\t\t<div class='evo_metarow_ICS evorow bordb evcal_evdata_row'>\r\n\t\t\t\t\t\t\t<span class=\"evcal_evdata_icons\"><i class=\"fa fa-calendar\"><\/i><\/span>\r\n\t\t\t\t\t\t\t<div class='evcal_evdata_cell'>\r\n\t\t\t\t\t\t\t\t<p><a href='https:\/\/www.federacao-triatlo.pt\/ftp2015\/wp-admin\/admin-ajax.php?action=eventon_ics_download&amp;event_id=28085&amp;sunix=20181019T230000Z&amp;eunix=20181020T225900Z&amp;loca=&amp;locn=Penafiel' class='evo_ics_nCal' title='Adicionar ao seu calend\u00e1rio'>Calend\u00e1rio<\/a><a href='\/\/www.google.com\/calendar\/event?action=TEMPLATE&amp;text=Triatlo+Cross+de+Penafiel&amp;dates=20181019T230000Z\/20181020T225900Z&amp;details=Regulamento_Triatlo_Duatlo_Penafiel_17_Out_2018%0D%0A%0D%0APercursos+Triatlo+Sentir+Penafiel+2018+Sprint_novo%0D%0A%0D%0ALista+Inscritos+Camp.+Nac.+Clubes+Triatlo+Cross%0D%0A%0D%0ALista+Inscritos+Campeonato+Nacional+Paratriatlo%0D%0A%0D%0A%26nbsp%3B&amp;location=Penafiel - ' target='_blank' class='evo_ics_gCal' title='Adicionar ao calend\u00e1rio Google'>GoogleCal<\/a><\/p>\t\r\n\t\t\t\t\t\t\t<\/div>\t\t\t\t\t\t<\/div>\r\n\t\t\t\t\t\t<\/div><div class='clear end'><\/div><\/div><div id=\"event_28084\" class=\"eventon_list_event evo_eventtop past_event event\" data-event_id=\"28084\" data-time=\"1540080000-1540166340\" data-colr=\"#0092e0\" itemscope itemtype='http:\/\/schema.org\/Event' 5><div class=\"evo_event_schema\" style=\"display:none\" ><a itemprop='url'  href='https:\/\/www.federacao-triatlo.pt\/ftp2015\/events\/duatlo-de-penafiel\/'><\/a><span itemprop='name'  >Duatlo Cross de Penafiel<\/span><meta itemprop='image' content='https:\/\/www.federacao-triatlo.pt\/ftp2015\/wp-content\/uploads\/2017\/11\/IMG-20180831-WA0012-300x212.jpg' ><\/meta><meta itemprop='description' content='Regulamento_Triatlo_Duatlo_Penafiel_17_Out_2018\r\n\r\nPercursos Duatlo Sentir Penafiel 2018 Sprint_Novo\r\n\r\nLista Inscritos Camp. Nac. Clubes Duatlo Cross\r\n\r\n&nbsp;' ><\/meta><meta itemprop='startDate' content='2018-10-21' ><\/meta><meta itemprop='endDate' content='2018-10-21' ><\/meta><meta itemprop='eventStatus' content='on-schedule' ><\/meta><script type=\"application\/ld+json\">{\t\"@context\": \"http:\/\/schema.org\",\r\n\t\t\t\t\t\t\t  \t\"@type\": \"Event\",\r\n\t\t\t\t\t\t\t  \t\"name\": \"Duatlo Cross de Penafiel\",\r\n\t\t\t\t\t\t\t  \t\"startDate\": \"2018-10-21T00-00-00-00\",\r\n\t\t\t\t\t\t\t  \t\"endDate\": \"2018-10-21T23-23-59-00\",\r\n\t\t\t\t\t\t\t  \t\"image\":\"https:\/\/www.federacao-triatlo.pt\/ftp2015\/wp-content\/uploads\/2017\/11\/IMG-20180831-WA0012-300x212.jpg\",\r\n\t\t\t\t\t\t\t  \t\"description\":\"Regulamento_Triatlo_Duatlo_Penafiel_17_Out_2018\r\n\r\nPercursos Duatlo Sentir Penafiel 2018 Sprint_Novo\r\n\r\nLista Inscritos Camp. Nac. Clubes Duatlo Cross\r\n\r\n&nbsp;\",\r\n\t\t\t\t\t\t\t  \t\r\n\t\t\t\t\t\t\t }\r\n\t\t\t\t\t\t\t<\/script><\/div>\r\n\t\t\t\t<p class=\"desc_trig_outter\"><a data-gmap_status=\"null\" data-gmtrig=\"1\" data-exlk=\"0\" style=\"border-color: #0092e0;\" id=\"evc_154008000028084\" class=\"hasFtIMG desc_trig evo_camp-nac-clubes-duatlo-cross evo_prova-aberta sin_val evcal_list_a\" data-ux_val=\"1\"  ><span class='ev_ftImg' data-img='https:\/\/www.federacao-triatlo.pt\/ftp2015\/wp-content\/uploads\/2017\/11\/IMG-20180831-WA0012.jpg' data-thumb='https:\/\/www.federacao-triatlo.pt\/ftp2015\/wp-content\/uploads\/2017\/11\/IMG-20180831-WA0012-300x212.jpg' style='background-image:url(\"https:\/\/www.federacao-triatlo.pt\/ftp2015\/wp-content\/uploads\/2017\/11\/IMG-20180831-WA0012-300x212.jpg\")'><\/span><span class='evcal_cblock ' data-bgcolor='#0092e0' data-smon='Outubro' data-syr='2018'><span class='evo_start '><em class='date'>21<\/em><em class='month'>out<\/em><em class='time'>0:00<\/em><\/span><span class='evo_end only_time'><em class='time'>23:59<\/em><\/span><em class='clear'><\/em><\/span><span class='evcal_desc evo_info hide_eventtopdata '  data-location_status=\"false\" ><span class='evo_above_title'><\/span><span class='evcal_desc2 evcal_event_title' itemprop='name'>Duatlo Cross de Penafiel<\/span><span class='evo_below_title'><\/span><span class='evcal_desc_info' ><em class=\"evcal_location\"  data-add_str=\"\"><em class=\"event_location_name\">Penafiel<\/em><\/em><\/span><span class='evcal_desc3'><span class='evcal_event_types ett1'><em><i>Tipo de Evento:<\/i><\/em><em data-filter='event_type'>Camp. Nac. Clubes Duatlo Cross,<\/em><em data-filter='event_type'>Prova Aberta<\/em><i class='clear'><\/i><\/span><\/span><\/span><em class='clear'><\/em><\/p><\/a><div class='event_description evcal_eventcard ' style=\"display:none\"><div class='evo_metarow_directimg'><img src='https:\/\/www.federacao-triatlo.pt\/ftp2015\/wp-content\/uploads\/2017\/11\/IMG-20180831-WA0012.jpg' \/><\/div><div class='evo_metarow_details evorow evcal_evdata_row bordb evcal_event_details'>\r\n\t\t\t\t\t\t\t<div class=\"event_excerpt\" style=\"display:none\"><h3 class=\"padb5 evo_h3\">Detalhes do Evento<\/h3><p>Regulamento_Triatlo_Duatlo_Penafiel_17_Out_2018\r\n\r\nPercursos Duatlo Sentir Penafiel 2018 Sprint_Novo\r\n\r\nLista Inscritos Camp. Nac. Clubes Duatlo Cross\r\n\r\n&nbsp;<\/p><\/div><span class='evcal_evdata_icons'><i class='fa fa-align-justify'><\/i><\/span>\r\n\t\t\t\t\t\t\t\r\n\t\t\t\t\t\t\t<div class='evcal_evdata_cell '><div class='eventon_full_description'>\r\n\t\t\t\t\t\t\t\t\t<h3 class='padb5 evo_h3'><span class='evcal_evdata_icons'><i class='fa fa-align-justify'><\/i><\/span>Detalhes do Evento<\/h3><div class='eventon_desc_in' itemprop='description'>\r\n\t\t\t\t\t\t\t\t\t<p><a href=\"https:\/\/www.federacao-triatlo.pt\/ftp2015\/wp-content\/uploads\/2017\/11\/Regulamento_Triatlo_Duatlo_Penafiel_17_Out_2018_RG.pdf\">Regulamento_Triatlo_Duatlo_Penafiel_17_Out_2018<\/a><\/p>\n<p><a href=\"https:\/\/www.federacao-triatlo.pt\/ftp2015\/wp-content\/uploads\/2017\/11\/Percursos-Duatlo-Sentir-Penafiel-2018-Sprint_Novo.pdf\">Percursos Duatlo Sentir Penafiel 2018 Sprint_Novo<\/a><\/p>\n<p><a href=\"https:\/\/www.federacao-triatlo.pt\/ftp2015\/wp-content\/uploads\/2017\/11\/Lista-Inscritos-Camp.-Nac.-Clubes-Duatlo-Cross.pdf\">Lista Inscritos Camp. Nac. Clubes Duatlo Cross<\/a><\/p>\n<p>&nbsp;<\/p>\n<\/div><div class='clear'><\/div>\r\n\t\t\t\t\t\t\t\t<\/div>\r\n\t\t\t\t\t\t\t<\/div>\r\n\t\t\t\t\t\t<\/div><div class='evo_metarow_time_location evorow bordb '>\r\n\t\t\t\t\t\t<div class='tb' >\r\n\t\t\t\t\t\t\t<div class='tbrow'>\r\n\t\t\t\t\t\t\t<div class='evcal_col50 bordr'>\r\n\t\t\t\t\t\t\t\t<div class='evcal_evdata_row evo_time'>\r\n\t\t\t\t\t\t\t\t\t<span class='evcal_evdata_icons'><i class='fa fa-clock-o'><\/i><\/span>\r\n\t\t\t\t\t\t\t\t\t<div class='evcal_evdata_cell'>\t\t\t\t\t\t\t\r\n\t\t\t\t\t\t\t\t\t\t<h3 class='evo_h3'><span class='evcal_evdata_icons'><i class='fa fa-clock-o'><\/i><\/span>Hor\u00e1rio<\/h3>\r\n\t\t\t\t\t\t\t\t\t\t<p>(Domingo) 0:00 - 23:59<\/p>\r\n\t\t\t\t\t\t\t\t\t<\/div>\r\n\t\t\t\t\t\t\t\t<\/div>\r\n\t\t\t\t\t\t\t<\/div><div class='evcal_col50'>\r\n\t\t\t\t\t\t\t\t<div class='evcal_evdata_row evo_location'>\r\n\t\t\t\t\t\t\t\t\t<span class='evcal_evdata_icons'><i class='fa fa-map-marker'><\/i><\/span>\r\n\t\t\t\t\t\t\t\t\t<div class='evcal_evdata_cell' data-loc_tax_id='347'>\t\t\t\t\t\t\t\r\n\t\t\t\t\t\t\t\t\t\t<h3 class='evo_h3'><span class='evcal_evdata_icons'><i class='fa fa-map-marker'><\/i><\/span>Localiza\u00e7\u00e3o<\/h3><p class='evo_location_name'>Penafiel<\/p><p><\/p>\r\n\t\t\t\t\t\t\t\t\t<\/div>\r\n\t\t\t\t\t\t\t\t<\/div>\r\n\t\t\t\t\t\t\t<\/div><div class='clear'><\/div>\r\n\t\t\t\t\t\t\t<\/div><\/div>\r\n\t\t\t\t\t\t<\/div><div class='evo_metarow_organizer evorow evcal_evdata_row bordb evcal_evrow_sm '>\r\n\t\t\t\t\t\t\t<span class='evcal_evdata_icons'><i class='fa fa-headphones'><\/i><\/span>\r\n\t\t\t\t\t\t\t<div class='evcal_evdata_cell'>\t\t\t\t\t\t\t\r\n\t\t\t\t\t\t\t\t<h3 class='evo_h3'>Evento organizado por<\/h3>\r\n\t\t\t\t\t\t\t\t\r\n\t\t\t\t\t\t\t\t<div class='evo_card_organizer'><p class='evo_data_val evo_card_organizer_name'>\r\n\t\t\t\t\t\t\t\t\t<span class='evo_card_organizer_name_t'>FTP \/ C\u00e2mara Muncipal de Penafiel \/ Mozinho Racing Team<\/span>\r\n\t\t\t\t\t\t\t\t\t\r\n\t\t\t\t\t\t\t\t\t<\/p><\/div><div class='clear'><\/div>\t\t\t\t\t\t\t\r\n\t\t\t\t\t\t\t<\/div>\r\n\t\t\t\t\t\t<\/div>\t\t\t\t\t\t<div class='evo_metarow_ICS evorow bordb evcal_evdata_row'>\r\n\t\t\t\t\t\t\t<span class=\"evcal_evdata_icons\"><i class=\"fa fa-calendar\"><\/i><\/span>\r\n\t\t\t\t\t\t\t<div class='evcal_evdata_cell'>\r\n\t\t\t\t\t\t\t\t<p><a href='https:\/\/www.federacao-triatlo.pt\/ftp2015\/wp-admin\/admin-ajax.php?action=eventon_ics_download&amp;event_id=28084&amp;sunix=20181020T230000Z&amp;eunix=20181021T225900Z&amp;loca=&amp;locn=Penafiel' class='evo_ics_nCal' title='Adicionar ao seu calend\u00e1rio'>Calend\u00e1rio<\/a><a href='\/\/www.google.com\/calendar\/event?action=TEMPLATE&amp;text=Duatlo+Cross+de+Penafiel&amp;dates=20181020T230000Z\/20181021T225900Z&amp;details=Regulamento_Triatlo_Duatlo_Penafiel_17_Out_2018%0D%0A%0D%0APercursos+Duatlo+Sentir+Penafiel+2018+Sprint_Novo%0D%0A%0D%0ALista+Inscritos+Camp.+Nac.+Clubes+Duatlo+Cross%0D%0A%0D%0A%26nbsp%3B&amp;location=Penafiel - ' target='_blank' class='evo_ics_gCal' title='Adicionar ao calend\u00e1rio Google'>GoogleCal<\/a><\/p>\t\r\n\t\t\t\t\t\t\t<\/div>\t\t\t\t\t\t<\/div>\r\n\t\t\t\t\t\t<\/div><div class='clear end'><\/div><\/div><div id=\"event_28107\" class=\"eventon_list_event evo_eventtop past_event event\" data-event_id=\"28107\" data-time=\"1540598400-1540684800\" data-colr=\"#0092e0\" itemscope itemtype='http:\/\/schema.org\/Event' 6><div class=\"evo_event_schema\" style=\"display:none\" ><a itemprop='url'  href='https:\/\/www.federacao-triatlo.pt\/ftp2015\/events\/triatlo-do-funchal\/'><\/a><span itemprop='name'  >Triatlo do Funchal<\/span><meta itemprop='image'  ><\/meta><meta itemprop='description' content='Triatlo do Funchal' ><\/meta><meta itemprop='startDate' content='2018-10-27' ><\/meta><meta itemprop='endDate' content='2018-10-28' ><\/meta><meta itemprop='eventStatus' content='on-schedule' ><\/meta>\r\n\t\t\t\t\t\t\t\t\t<item style=\"display:none\" itemprop=\"location\" itemscope itemtype=\"http:\/\/schema.org\/Place\">\r\n\t\t\t\t\t\t\t\t\t\t<span itemprop=\"name\">Funchal - Madeira<\/span>\r\n\t\t\t\t\t\t\t\t\t\t<span itemprop=\"address\" itemscope itemtype=\"http:\/\/schema.org\/PostalAddress\">\r\n\t\t\t\t\t\t\t\t\t\t\t<item itemprop=\"streetAddress\">Funchal - Madeira<\/item>\r\n\t\t\t\t\t\t\t\t\t\t<\/span><\/item><script type=\"application\/ld+json\">{\t\"@context\": \"http:\/\/schema.org\",\r\n\t\t\t\t\t\t\t  \t\"@type\": \"Event\",\r\n\t\t\t\t\t\t\t  \t\"name\": \"Triatlo do Funchal\",\r\n\t\t\t\t\t\t\t  \t\"startDate\": \"2018-10-27T00-00-00-00\",\r\n\t\t\t\t\t\t\t  \t\"endDate\": \"2018-10-28T00-00-00-00\",\r\n\t\t\t\t\t\t\t  \t\"image\":,\r\n\t\t\t\t\t\t\t  \t\"description\":\"Triatlo do Funchal\",\r\n\t\t\t\t\t\t\t  \t\"location\":{\r\n\t\t\t\t\t\t\t\t\t\t\"@type\":\"Place\",\r\n\t\t\t\t\t\t\t\t\t\t\"name\":\"Funchal - Madeira\",\r\n\t\t\t\t\t\t\t\t\t\t\"address\":\"Funchal - Madeira\"\r\n\t\t\t\t\t\t\t  \t\t}\r\n\t\t\t\t\t\t\t }\r\n\t\t\t\t\t\t\t<\/script><\/div>\r\n\t\t\t\t<p class=\"desc_trig_outter\"><a data-gmtrig=\"1\" data-exlk=\"0\" style=\"border-color: #0092e0;\" id=\"evc_154059840028107\" class=\"desc_trig evo_taca-europa-triatlo evo_taca-do-mundo-paratriatlo mul_val evcal_list_a\" data-ux_val=\"1\"  ><span class='evcal_cblock ' data-bgcolor='#0092e0' data-smon='Outubro' data-syr='2018'><span class='evo_start '><em class='date'>27<\/em><em class='month'>out<\/em><em class='time'><i t=\"y\">(out 27)<\/i>0:00<\/em><\/span><span class='evo_end '><em class='date'>28<\/em><em class='time'><i t=\"y\">(out 28)<\/i>0:00<\/em><\/span><em class='clear'><\/em><\/span><span class='evcal_desc evo_info hide_eventtopdata ' data-latlng=\"32.666933,-16.924055\"  data-location_address=\"Funchal - Madeira\" data-location_type=\"lonlat\" data-location_name=\"Funchal - Madeira\" data-location_status=\"true\" ><span class='evo_above_title'><\/span><span class='evcal_desc2 evcal_event_title' itemprop='name'>Triatlo do Funchal<\/span><span class='evo_below_title'><\/span><span class='evcal_desc_info' ><em class=\"evcal_location\" data-latlng=\"32.666933,-16.924055\"  data-add_str=\"\"><em class=\"event_location_name\">Funchal - Madeira<\/em><\/em><\/span><span class='evcal_desc3'><span class='evcal_event_types ett1'><em><i>Tipo de Evento:<\/i><\/em><em data-filter='event_type'>Ta\u00e7a da Europa de Triatlo,<\/em><em data-filter='event_type'>Ta\u00e7a do Mundo Paratriatlo<\/em><i class='clear'><\/i><\/span><\/span><\/span><em class='clear'><\/em><\/p><\/a><div class='event_description evcal_eventcard ' style=\"display:none\"><div class='evo_metarow_gmap evorow evcal_gmaps bordb ' id='evc154059840069f3e03026d3e28107_gmap' style='max-width:none'><\/div><div class='evo_metarow_getDr evorow evcal_evdata_row bordb evcal_evrow_sm getdirections'>\r\n\t\t\t\t\t\t<form action='https:\/\/maps.google.com\/maps' method='get' target='_blank'>\r\n\t\t\t\t\t\t<input type='hidden' name='daddr' value='Funchal - Madeira'\/> \r\n\t\t\t\t\t\t<p><input class='evoInput' type='text' name='saddr' placeholder='Escreva a morada' value=''\/>\r\n\t\t\t\t\t\t<button type='submit' class='evcal_evdata_icons evcalicon_9' title='Clique aqui para obter as dire\u00e7\u00f5es'><i class='fa fa-road'><\/i><\/button>\r\n\t\t\t\t\t\t<\/p><\/form>\r\n\t\t\t\t\t<\/div><div class='evo_metarow_time_location evorow bordb '>\r\n\t\t\t\t\t\t<div class='tb' >\r\n\t\t\t\t\t\t\t<div class='tbrow'>\r\n\t\t\t\t\t\t\t<div class='evcal_col50 bordr'>\r\n\t\t\t\t\t\t\t\t<div class='evcal_evdata_row evo_time'>\r\n\t\t\t\t\t\t\t\t\t<span class='evcal_evdata_icons'><i class='fa fa-clock-o'><\/i><\/span>\r\n\t\t\t\t\t\t\t\t\t<div class='evcal_evdata_cell'>\t\t\t\t\t\t\t\r\n\t\t\t\t\t\t\t\t\t\t<h3 class='evo_h3'><span class='evcal_evdata_icons'><i class='fa fa-clock-o'><\/i><\/span>Hor\u00e1rio<\/h3>\r\n\t\t\t\t\t\t\t\t\t\t<p>27 (S\u00e1bado) 0:00 - 28 (Domingo) 0:00<\/p>\r\n\t\t\t\t\t\t\t\t\t<\/div>\r\n\t\t\t\t\t\t\t\t<\/div>\r\n\t\t\t\t\t\t\t<\/div><div class='evcal_col50'>\r\n\t\t\t\t\t\t\t\t<div class='evcal_evdata_row evo_location'>\r\n\t\t\t\t\t\t\t\t\t<span class='evcal_evdata_icons'><i class='fa fa-map-marker'><\/i><\/span>\r\n\t\t\t\t\t\t\t\t\t<div class='evcal_evdata_cell' data-loc_tax_id='247'>\t\t\t\t\t\t\t\r\n\t\t\t\t\t\t\t\t\t\t<h3 class='evo_h3'><span class='evcal_evdata_icons'><i class='fa fa-map-marker'><\/i><\/span>Localiza\u00e7\u00e3o<\/h3><p class='evo_location_name'>Funchal - Madeira<\/p><p>Funchal - Madeira<\/p>\r\n\t\t\t\t\t\t\t\t\t<\/div>\r\n\t\t\t\t\t\t\t\t<\/div>\r\n\t\t\t\t\t\t\t<\/div><div class='clear'><\/div>\r\n\t\t\t\t\t\t\t<\/div><\/div>\r\n\t\t\t\t\t\t<\/div><div class='evo_metarow_organizer evorow evcal_evdata_row bordb evcal_evrow_sm '>\r\n\t\t\t\t\t\t\t<span class='evcal_evdata_icons'><i class='fa fa-headphones'><\/i><\/span>\r\n\t\t\t\t\t\t\t<div class='evcal_evdata_cell'>\t\t\t\t\t\t\t\r\n\t\t\t\t\t\t\t\t<h3 class='evo_h3'>Evento organizado por<\/h3>\r\n\t\t\t\t\t\t\t\t\r\n\t\t\t\t\t\t\t\t<div class='evo_card_organizer'><p class='evo_data_val evo_card_organizer_name'>\r\n\t\t\t\t\t\t\t\t\t<span class='evo_card_organizer_name_t'>FTP \/ C\u00e2mara Municipal Funchal \/ ARTM<\/span><span class='evo_card_organizer_contact'>inscricoes@federacao-triatlo.pt<\/span>\r\n\t\t\t\t\t\t\t\t\t\r\n\t\t\t\t\t\t\t\t\t<\/p><\/div><div class='clear'><\/div>\t\t\t\t\t\t\t\r\n\t\t\t\t\t\t\t<\/div>\r\n\t\t\t\t\t\t<\/div>\t\t\t\t\t\t<div class='evo_metarow_ICS evorow bordb evcal_evdata_row'>\r\n\t\t\t\t\t\t\t<span class=\"evcal_evdata_icons\"><i class=\"fa fa-calendar\"><\/i><\/span>\r\n\t\t\t\t\t\t\t<div class='evcal_evdata_cell'>\r\n\t\t\t\t\t\t\t\t<p><a href='https:\/\/www.federacao-triatlo.pt\/ftp2015\/wp-admin\/admin-ajax.php?action=eventon_ics_download&amp;event_id=28107&amp;sunix=20181026T230000Z&amp;eunix=20181027T230000Z&amp;loca=Funchal - Madeira&amp;locn=Funchal - Madeira' class='evo_ics_nCal' title='Adicionar ao seu calend\u00e1rio'>Calend\u00e1rio<\/a><a href='\/\/www.google.com\/calendar\/event?action=TEMPLATE&amp;text=Triatlo+do+Funchal&amp;dates=20181026T230000Z\/20181027T230000Z&amp;details=Triatlo+do+Funchal&amp;location=Funchal+-+Madeira - Funchal+-+Madeira' target='_blank' class='evo_ics_gCal' title='Adicionar ao calend\u00e1rio Google'>GoogleCal<\/a><\/p>\t\r\n\t\t\t\t\t\t\t<\/div>\t\t\t\t\t\t<\/div>\r\n\t\t\t\t\t\t<\/div><div class='clear end'><\/div><\/div><\/div><div class='clear'><\/div><\/div><!-- ajde_evcal_calendar-->\n<div id='evcal_calendar_363' class='ajde_evcal_calendar  ul' ><div class='evo-data' data-cyear=\"2018\" data-cmonth=\"11\" data-runajax=\"1\" data-evc_open=\"0\" data-cal_ver=\"2.6\" data-mapscroll=\"true\" data-mapformat=\"roadmap\" data-mapzoom=\"14\" data-mapiconurl=\"\" data-ev_cnt=\"0\" data-show_limit=\"no\" data-tiles=\"no\" data-sort_by=\"sort_date\" data-filters_on=\"true\" data-range_start=\"0\" data-range_end=\"0\" data-send_unix=\"0\" data-ux_val=\"0\" data-accord=\"0\" data-rtl=\"no\"  ><\/div><div id='evcal_head' class='calendar_header ' ><div class='evo_cal_above'><span class='evo-gototoday-btn' style='display:none' data-mo='11' data-yr='2018' data-dy=''>Dia de Hoje<\/span><\/div><div class='evo_cal_above_content'><\/div><div class='cal_arguments' style='display:none' data-hide_past=\"no\" data-show_et_ft_img=\"yes\" data-event_order=\"ASC\" data-ft_event_priority=\"no\" data-lang=\"L1\" data-month_incre=\"0\" data-only_ft=\"no\" data-evc_open=\"no\" data-show_limit=\"no\" data-etc_override=\"no\" data-show_limit_redir=\"0\" data-tiles=\"no\" data-tile_height=\"0\" data-tile_bg=\"0\" data-tile_count=\"2\" data-tile_style=\"0\" data-s=\"\" data-members_only=\"no\" data-ux_val=\"0\" data-show_limit_ajax=\"no\" data-show_limit_paged=\"1\" ><\/div><div class='clear'><\/div><\/div><div class='evcal_month_line'><p>Novembro 2018<\/p><\/div><div id='evcal_list' class='eventon_events_list '><div id=\"event_28068\" class=\"eventon_list_event evo_eventtop past_event event\" data-event_id=\"28068\" data-time=\"1541203201-1541289599\" data-colr=\"#0092e0\" itemscope itemtype='http:\/\/schema.org\/Event' 1><div class=\"evo_event_schema\" style=\"display:none\" ><a itemprop='url'  href='https:\/\/www.federacao-triatlo.pt\/ftp2015\/events\/triatlo-longo-de-ponta-delgada-2\/'><\/a><span itemprop='name'  >IX AZORES ISLANDS TRIATHLON<\/span><meta itemprop='image'  ><\/meta><meta itemprop='description' content='IX TRIATLO DOS A\u00c7ORES Regulamento\r\n\r\nIX TRIATLO DOS A\u00c7ORES Percursos\r\n\r\nTRIATLO DOS A\u00c7ORES - Altimetria de 1 volta\r\n\r\nLista Inscritos Campeonato Nacional Individual\r\n\r\nLista Inscritos Prova Aberta Sprint\r\n\r\nPara pacotes' ><\/meta><meta itemprop='startDate' content='2018-11-3' ><\/meta><meta itemprop='endDate' content='2018-11-3' ><\/meta><meta itemprop='eventStatus' content='on-schedule' ><\/meta>\r\n\t\t\t\t\t\t\t\t\t<item style=\"display:none\" itemprop=\"location\" itemscope itemtype=\"http:\/\/schema.org\/Place\">\r\n\t\t\t\t\t\t\t\t\t\t<span itemprop=\"name\">Ponta Delgada<\/span>\r\n\t\t\t\t\t\t\t\t\t\t<span itemprop=\"address\" itemscope itemtype=\"http:\/\/schema.org\/PostalAddress\">\r\n\t\t\t\t\t\t\t\t\t\t\t<item itemprop=\"streetAddress\"><\/item>\r\n\t\t\t\t\t\t\t\t\t\t<\/span><\/item><script type=\"application\/ld+json\">{\t\"@context\": \"http:\/\/schema.org\",\r\n\t\t\t\t\t\t\t  \t\"@type\": \"Event\",\r\n\t\t\t\t\t\t\t  \t\"name\": \"IX AZORES ISLANDS TRIATHLON\",\r\n\t\t\t\t\t\t\t  \t\"startDate\": \"2018-11-3T00-00-00-00\",\r\n\t\t\t\t\t\t\t  \t\"endDate\": \"2018-11-3T23-23-59-00\",\r\n\t\t\t\t\t\t\t  \t\"image\":,\r\n\t\t\t\t\t\t\t  \t\"description\":\"IX TRIATLO DOS A\u00c7ORES Regulamento\r\n\r\nIX TRIATLO DOS A\u00c7ORES Percursos\r\n\r\nTRIATLO DOS A\u00c7ORES - Altimetria de 1 volta\r\n\r\nLista Inscritos Campeonato Nacional Individual\r\n\r\nLista Inscritos Prova Aberta Sprint\r\n\r\nPara pacotes\",\r\n\t\t\t\t\t\t\t  \t\r\n\t\t\t\t\t\t\t }\r\n\t\t\t\t\t\t\t<\/script><\/div>\r\n\t\t\t\t<p class=\"desc_trig_outter\"><a data-gmtrig=\"1\" data-exlk=\"0\" style=\"border-color: #0092e0;\" id=\"evc_154120320128068\" class=\"desc_trig evo_camp-nac-clubes-triatlo-longa-distancia evo_camp-nac-individual-triatlo-longa-distancia sin_val evcal_list_a\" data-ux_val=\"1\"  ><span class='evcal_cblock ' data-bgcolor='#0092e0' data-smon='Novembro' data-syr='2018'><span class='evo_start '><em class='date'>03<\/em><em class='month'>nov<\/em><em class='time'>allday<\/em><\/span><span class='evo_end only_time'><em class='time'>allday<\/em><\/span><em class='clear'><\/em><\/span><span class='evcal_desc evo_info hide_eventtopdata ' data-latlng=\"37.738070,-25.669049\"  data-location_address=\"\" data-location_type=\"lonlat\" data-location_name=\"Ponta Delgada\" data-location_status=\"true\" ><span class='evo_above_title'><\/span><span class='evcal_desc2 evcal_event_title' itemprop='name'>IX AZORES ISLANDS TRIATHLON<\/span><span class='evo_below_title'><\/span><span class='evcal_desc_info' ><em class=\"evcal_location\" data-latlng=\"37.738070,-25.669049\"  data-add_str=\"\"><em class=\"event_location_name\">Ponta Delgada<\/em><\/em><\/span><span class='evcal_desc3'><span class='evcal_event_types ett1'><em><i>Tipo de Evento:<\/i><\/em><em data-filter='event_type'>Camp. Nac. Clubes Triatlo Longa Dist\u00e2ncia,<\/em><em data-filter='event_type'>Camp. Nac. Individual Triatlo Longa Dist\u00e2ncia<\/em><i class='clear'><\/i><\/span><\/span><\/span><em class='clear'><\/em><\/p><\/a><div class='event_description evcal_eventcard ' style=\"display:none\"><div class='evo_metarow_details evorow evcal_evdata_row bordb evcal_event_details'>\r\n\t\t\t\t\t\t\t<div class=\"event_excerpt\" style=\"display:none\"><h3 class=\"padb5 evo_h3\">Detalhes do Evento<\/h3><p>IX TRIATLO DOS A\u00c7ORES Regulamento\r\n\r\nIX TRIATLO DOS A\u00c7ORES Percursos\r\n\r\nTRIATLO DOS A\u00c7ORES - Altimetria de 1 volta\r\n\r\nLista Inscritos Campeonato Nacional Individual\r\n\r\nLista Inscritos Prova Aberta Sprint\r\n\r\nPara pacotes<\/p><\/div><span class='evcal_evdata_icons'><i class='fa fa-align-justify'><\/i><\/span>\r\n\t\t\t\t\t\t\t\r\n\t\t\t\t\t\t\t<div class='evcal_evdata_cell '><div class='eventon_full_description'>\r\n\t\t\t\t\t\t\t\t\t<h3 class='padb5 evo_h3'><span class='evcal_evdata_icons'><i class='fa fa-align-justify'><\/i><\/span>Detalhes do Evento<\/h3><div class='eventon_desc_in' itemprop='description'>\r\n\t\t\t\t\t\t\t\t\t<p><a href=\"https:\/\/www.federacao-triatlo.pt\/ftp2015\/wp-content\/uploads\/2017\/11\/IX-TRIATLO-DOS-A\u00c7ORES-Regulamento-2.pdf\">IX TRIATLO DOS A\u00c7ORES Regulamento<\/a><\/p>\n<p><a href=\"https:\/\/www.federacao-triatlo.pt\/ftp2015\/wp-content\/uploads\/2017\/11\/IX-TRIATLO-DOS-A\u00c7ORES-Percursos.pdf\">IX TRIATLO DOS A\u00c7ORES Percursos<\/a><\/p>\n<p><a href=\"https:\/\/www.federacao-triatlo.pt\/ftp2015\/wp-content\/uploads\/2017\/11\/TRIATLO-DOS-A\u00c7ORES-Altimetria-de-1-volta.pdf\">TRIATLO DOS A\u00c7ORES &#8211; Altimetria de 1 volta<\/a><\/p>\n<p><a href=\"https:\/\/www.federacao-triatlo.pt\/ftp2015\/wp-content\/uploads\/2017\/11\/Lista-Inscritos-Campeonato-Nacional-Individual-2.pdf\">Lista Inscritos Campeonato Nacional Individual<\/a><\/p>\n<p><a href=\"https:\/\/www.federacao-triatlo.pt\/ftp2015\/wp-content\/uploads\/2017\/11\/Lista-Inscritos-Prova-Aberta-Sprint-1.pdf\">Lista Inscritos Prova Aberta Sprint<\/a><\/p>\n<p>Para pacotes de viagem contactar\u00a0<a href=\"mailto:turismoativo@abreu.pt\" target=\"_blank\" rel=\"noopener\">turismoativo@abreu.pt.<\/a><\/p>\n<div>\n<p style=\"font-weight: 400;\">Por solicita\u00e7\u00e3o de v\u00e1rios atletas, a Associa\u00e7\u00e3o Portas do Mar, organizador do IX AZORES ISLANDS TRIATHLON, e a Federa\u00e7\u00e3o de Triatlo de Portugal, acordaram em apoiar os atletas a transportar as suas bicicletas via mar\u00edtima, nas seguintes condi\u00e7\u00f5es:<\/p>\n<p style=\"font-weight: 400;\"><strong>Pagamento:<\/strong>\u00a0relativamente a pagamentos n\u00e3o ser\u00e1 necess\u00e1rio efetuar qualquer pagamento junto do transit\u00e1rio, mas dever\u00e1 transferir\u00a0 20\u20ac por bicicleta para o NIB 0018 0008 0693 7055 0203 1 &#8211; do\u00a0\u00a0SANTANDER TOTTA\u00a0referindo o nome do atleta.<\/p>\n<p style=\"font-weight: 400;\"><strong>Data limite de entrega:<\/strong>\u00a0a data limite para deixar as bicicletas quer no transit\u00e1rio quer a norte quer a sul \u00e9\u00a0<strong>24 de outubro<\/strong>.<\/p>\n<p style=\"font-weight: 400;\"><strong>N\u00e3o ser\u00e1 necess\u00e1rio contactar:<\/strong>\u00a0devem dirigir-se ao transit\u00e1rio com o respetivo veiculo a transportar.<\/p>\n<p style=\"font-weight: 400;\"><strong>Recolha de bicicletas em S\u00e3o Miguel, nos A\u00e7ores<\/strong>: a recolha das bicicletas em Ponta Delgada ser\u00e1 da responsabilidade da Associa\u00e7\u00e3o Portas do Mar e ficar\u00e3o armazenadas no Pavilh\u00e3o do Mar.<\/p>\n<p style=\"font-weight: 400;\">LISBOA:<\/p>\n<p style=\"font-weight: 400;\">Rua da Guin\u00e9, 9 &#8211; Loures<\/p>\n<p style=\"font-weight: 400;\">2685-336 Prior Velho<\/p>\n<p style=\"font-weight: 400;\">PORTO:<\/p>\n<p style=\"font-weight: 400;\">Rua da Estrada, n\u00ba546\u00a0 Armaz\u00e9m 7 e 8<\/p>\n<p style=\"font-weight: 400;\">4470-600 Moreira da Maia<\/p>\n<p style=\"font-weight: 400;\">Contactos:<\/p>\n<p style=\"font-weight: 400;\">Carlos Rolim 219 429 562 \/\u00a0918 792 261<\/p>\n<p style=\"font-weight: 400;\">Pedro Sebasti\u00e3o 219 429 563 \/ 917 852 098<\/p>\n<p style=\"font-weight: 400;\">Pedro Cardoso 219 429 564 \/ 918 792 404<\/p>\n<p style=\"font-weight: 400;\">A empresa em S\u00e3o Miguel \u00e9 a Bentrans &#8211; Carga e Transit\u00e1rios S.A.<\/p>\n<\/div>\n<p>&nbsp;<\/p>\n<\/div><div class='clear'><\/div>\r\n\t\t\t\t\t\t\t\t<\/div>\r\n\t\t\t\t\t\t\t<\/div>\r\n\t\t\t\t\t\t<\/div><div class='evo_metarow_gmap evorow evcal_gmaps bordb ' id='evc154120320169f3e0302985328068_gmap' style='max-width:none'><\/div><div class='evo_metarow_getDr evorow evcal_evdata_row bordb evcal_evrow_sm getdirections'>\r\n\t\t\t\t\t\t<form action='https:\/\/maps.google.com\/maps' method='get' target='_blank'>\r\n\t\t\t\t\t\t<input type='hidden' name='daddr' value='37.738070,-25.669049'\/> \r\n\t\t\t\t\t\t<p><input class='evoInput' type='text' name='saddr' placeholder='Escreva a morada' value=''\/>\r\n\t\t\t\t\t\t<button type='submit' class='evcal_evdata_icons evcalicon_9' title='Clique aqui para obter as dire\u00e7\u00f5es'><i class='fa fa-road'><\/i><\/button>\r\n\t\t\t\t\t\t<\/p><\/form>\r\n\t\t\t\t\t<\/div><div class='evo_metarow_time_location evorow bordb '>\r\n\t\t\t\t\t\t<div class='tb' >\r\n\t\t\t\t\t\t\t<div class='tbrow'>\r\n\t\t\t\t\t\t\t<div class='evcal_col50 bordr'>\r\n\t\t\t\t\t\t\t\t<div class='evcal_evdata_row evo_time'>\r\n\t\t\t\t\t\t\t\t\t<span class='evcal_evdata_icons'><i class='fa fa-clock-o'><\/i><\/span>\r\n\t\t\t\t\t\t\t\t\t<div class='evcal_evdata_cell'>\t\t\t\t\t\t\t\r\n\t\t\t\t\t\t\t\t\t\t<h3 class='evo_h3'><span class='evcal_evdata_icons'><i class='fa fa-clock-o'><\/i><\/span>Hor\u00e1rio<\/h3>\r\n\t\t\t\t\t\t\t\t\t\t<p>Todo o dia (S\u00e1bado)<\/p>\r\n\t\t\t\t\t\t\t\t\t<\/div>\r\n\t\t\t\t\t\t\t\t<\/div>\r\n\t\t\t\t\t\t\t<\/div><div class='evcal_col50'>\r\n\t\t\t\t\t\t\t\t<div class='evcal_evdata_row evo_location'>\r\n\t\t\t\t\t\t\t\t\t<span class='evcal_evdata_icons'><i class='fa fa-map-marker'><\/i><\/span>\r\n\t\t\t\t\t\t\t\t\t<div class='evcal_evdata_cell' data-loc_tax_id='165'>\t\t\t\t\t\t\t\r\n\t\t\t\t\t\t\t\t\t\t<h3 class='evo_h3'><span class='evcal_evdata_icons'><i class='fa fa-map-marker'><\/i><\/span>Localiza\u00e7\u00e3o<\/h3><p class='evo_location_name'>Ponta Delgada<\/p><p><\/p>\r\n\t\t\t\t\t\t\t\t\t<\/div>\r\n\t\t\t\t\t\t\t\t<\/div>\r\n\t\t\t\t\t\t\t<\/div><div class='clear'><\/div>\r\n\t\t\t\t\t\t\t<\/div><\/div>\r\n\t\t\t\t\t\t<\/div><div class='evo_metarow_organizer evorow evcal_evdata_row bordb evcal_evrow_sm '>\r\n\t\t\t\t\t\t\t<span class='evcal_evdata_icons'><i class='fa fa-headphones'><\/i><\/span>\r\n\t\t\t\t\t\t\t<div class='evcal_evdata_cell'>\t\t\t\t\t\t\t\r\n\t\t\t\t\t\t\t\t<h3 class='evo_h3'>Evento organizado por<\/h3>\r\n\t\t\t\t\t\t\t\t\r\n\t\t\t\t\t\t\t\t<div class='evo_card_organizer'><p class='evo_data_val evo_card_organizer_name'>\r\n\t\t\t\t\t\t\t\t\t<span class='evo_card_organizer_name_t'>FTP \/ Associa\u00e7\u00e3o Portas do Mar<\/span><span class='evo_card_organizer_contact'>inscricoes@federacao-triatlo.pt<\/span>\r\n\t\t\t\t\t\t\t\t\t\r\n\t\t\t\t\t\t\t\t\t<\/p><\/div><div class='clear'><\/div>\t\t\t\t\t\t\t\r\n\t\t\t\t\t\t\t<\/div>\r\n\t\t\t\t\t\t<\/div>\t\t\t\t\t\t<div class='evo_metarow_ICS evorow bordb evcal_evdata_row'>\r\n\t\t\t\t\t\t\t<span class=\"evcal_evdata_icons\"><i class=\"fa fa-calendar\"><\/i><\/span>\r\n\t\t\t\t\t\t\t<div class='evcal_evdata_cell'>\r\n\t\t\t\t\t\t\t\t<p><a href='https:\/\/www.federacao-triatlo.pt\/ftp2015\/wp-admin\/admin-ajax.php?action=eventon_ics_download&amp;event_id=28068&amp;sunix=20181102T230000Z&amp;eunix=20181103T225900Z&amp;loca=&amp;locn=Ponta Delgada' class='evo_ics_nCal' title='Adicionar ao seu calend\u00e1rio'>Calend\u00e1rio<\/a><a href='\/\/www.google.com\/calendar\/event?action=TEMPLATE&amp;text=IX+AZORES+ISLANDS+TRIATHLON&amp;dates=20181102T230000Z\/20181103T225900Z&amp;details=IX+TRIATLO+DOS+A%C3%87ORES+Regulamento%0D%0A%0D%0AIX+TRIATLO+DOS+A%C3%87ORES+Percursos%0D%0A%0D%0ATRIATLO+DOS+A%C3%87ORES+-+Altimetria+de+1+volta%0D%0A%0D%0ALista+Inscritos+Campeonato+Nacional+Individual%0D%0A%0D%0ALista+Inscritos+Prova+Aberta+Sprint%0D%0A%0D%0APara+pacotes&amp;location=Ponta+Delgada - ' target='_blank' class='evo_ics_gCal' title='Adicionar ao calend\u00e1rio Google'>GoogleCal<\/a><\/p>\t\r\n\t\t\t\t\t\t\t<\/div>\t\t\t\t\t\t<\/div>\r\n\t\t\t\t\t\t<\/div><div class='clear end'><\/div><\/div><div id=\"event_28081\" class=\"eventon_list_event evo_eventtop past_event event\" data-event_id=\"28081\" data-time=\"1542412801-1542585599\" data-colr=\"#0092e0\" itemscope itemtype='http:\/\/schema.org\/Event' 2><div class=\"evo_event_schema\" style=\"display:none\" ><a itemprop='url'  href='https:\/\/www.federacao-triatlo.pt\/ftp2015\/events\/triatlo-longo-de-vilamoura-2\/'><\/a><span itemprop='name'  >Algarve Tri Run 4.0<\/span><meta itemprop='image'  ><\/meta><meta itemprop='description' content='Regulamento IV Triatlo_Longo_Vilamoura (18 Nov 2018)\r\n\r\nPercursos Camp. Nac. Clubes (Provis\u00f3rios)\r\n\r\nLista Inscritos Camp. Nac. Clubes' ><\/meta><meta itemprop='startDate' content='2018-11-17' ><\/meta><meta itemprop='endDate' content='2018-11-18' ><\/meta><meta itemprop='eventStatus' content='on-schedule' ><\/meta>\r\n\t\t\t\t\t\t\t\t\t<item style=\"display:none\" itemprop=\"location\" itemscope itemtype=\"http:\/\/schema.org\/Place\">\r\n\t\t\t\t\t\t\t\t\t\t<span itemprop=\"name\">Vilamoura<\/span>\r\n\t\t\t\t\t\t\t\t\t\t<span itemprop=\"address\" itemscope itemtype=\"http:\/\/schema.org\/PostalAddress\">\r\n\t\t\t\t\t\t\t\t\t\t\t<item itemprop=\"streetAddress\">Vilamoura<\/item>\r\n\t\t\t\t\t\t\t\t\t\t<\/span><\/item><script type=\"application\/ld+json\">{\t\"@context\": \"http:\/\/schema.org\",\r\n\t\t\t\t\t\t\t  \t\"@type\": \"Event\",\r\n\t\t\t\t\t\t\t  \t\"name\": \"Algarve Tri Run 4.0\",\r\n\t\t\t\t\t\t\t  \t\"startDate\": \"2018-11-17T00-00-00-00\",\r\n\t\t\t\t\t\t\t  \t\"endDate\": \"2018-11-18T23-23-59-00\",\r\n\t\t\t\t\t\t\t  \t\"image\":,\r\n\t\t\t\t\t\t\t  \t\"description\":\"Regulamento IV Triatlo_Longo_Vilamoura (18 Nov 2018)\r\n\r\nPercursos Camp. Nac. Clubes (Provis\u00f3rios)\r\n\r\nLista Inscritos Camp. Nac. Clubes\",\r\n\t\t\t\t\t\t\t  \t\"location\":{\r\n\t\t\t\t\t\t\t\t\t\t\"@type\":\"Place\",\r\n\t\t\t\t\t\t\t\t\t\t\"name\":\"Vilamoura\",\r\n\t\t\t\t\t\t\t\t\t\t\"address\":\"Vilamoura\"\r\n\t\t\t\t\t\t\t  \t\t}\r\n\t\t\t\t\t\t\t }\r\n\t\t\t\t\t\t\t<\/script><\/div>\r\n\t\t\t\t<p class=\"desc_trig_outter\"><a data-gmtrig=\"1\" data-exlk=\"0\" style=\"border-color: #0092e0;\" id=\"evc_154241280128081\" class=\"desc_trig evo_camp-nac-clubes-triatlo-longa-distancia mul_val evcal_list_a\" data-ux_val=\"1\"  ><span class='evcal_cblock ' data-bgcolor='#0092e0' data-smon='Novembro' data-syr='2018'><span class='evo_start '><em class='date'>17<\/em><em class='month'>nov<\/em><em class='time'>allday<\/em><\/span><span class='evo_end '><em class='date'>18<\/em><em class='time'>allday<\/em><\/span><em class='clear'><\/em><\/span><span class='evcal_desc evo_info hide_eventtopdata ' data-latlng=\"37.072828,-8.118650\"  data-location_address=\"Vilamoura\" data-location_type=\"lonlat\" data-location_name=\"Vilamoura\" data-location_status=\"true\" ><span class='evo_above_title'><\/span><span class='evcal_desc2 evcal_event_title' itemprop='name'>Algarve Tri Run 4.0<\/span><span class='evo_below_title'><\/span><span class='evcal_desc_info' ><em class=\"evcal_location\" data-latlng=\"37.072828,-8.118650\"  data-add_str=\"\"><em class=\"event_location_name\">Vilamoura<\/em><\/em><\/span><span class='evcal_desc3'><span class='evcal_event_types ett1'><em><i>Tipo de Evento:<\/i><\/em><em data-filter='event_type'>Camp. Nac. Clubes Triatlo Longa Dist\u00e2ncia<\/em><i class='clear'><\/i><\/span><\/span><\/span><em class='clear'><\/em><\/p><\/a><div class='event_description evcal_eventcard ' style=\"display:none\"><div class='evo_metarow_details evorow evcal_evdata_row bordb evcal_event_details'>\r\n\t\t\t\t\t\t\t<div class=\"event_excerpt\" style=\"display:none\"><h3 class=\"padb5 evo_h3\">Detalhes do Evento<\/h3><p>Regulamento IV Triatlo_Longo_Vilamoura (18 Nov 2018)\r\n\r\nPercursos Camp. Nac. Clubes (Provis\u00f3rios)\r\n\r\nLista Inscritos Camp. Nac. Clubes<\/p><\/div><span class='evcal_evdata_icons'><i class='fa fa-align-justify'><\/i><\/span>\r\n\t\t\t\t\t\t\t\r\n\t\t\t\t\t\t\t<div class='evcal_evdata_cell '><div class='eventon_full_description'>\r\n\t\t\t\t\t\t\t\t\t<h3 class='padb5 evo_h3'><span class='evcal_evdata_icons'><i class='fa fa-align-justify'><\/i><\/span>Detalhes do Evento<\/h3><div class='eventon_desc_in' itemprop='description'>\r\n\t\t\t\t\t\t\t\t\t<p><a href=\"https:\/\/www.federacao-triatlo.pt\/ftp2015\/wp-content\/uploads\/2017\/11\/Regulamento_IV_Triatlo_Longo_Vilamoura_18_NOV_2018_c_WheelStation.pdf\">Regulamento IV Triatlo_Longo_Vilamoura (18 Nov 2018)<\/a><\/p>\n<p><a href=\"https:\/\/www.federacao-triatlo.pt\/ftp2015\/wp-content\/uploads\/2016\/04\/PercursosTriatloVilamoura2016-1.pdf\">Percursos Camp. Nac. Clubes (Provis\u00f3rios)<\/a><\/p>\n<p><a href=\"https:\/\/www.federacao-triatlo.pt\/ftp2015\/wp-content\/uploads\/2017\/11\/Lista-Inscritos-Camp.-Nac.-Clubes-5.pdf\">Lista Inscritos Camp. Nac. Clubes<\/a><\/p>\n<\/div><div class='clear'><\/div>\r\n\t\t\t\t\t\t\t\t<\/div>\r\n\t\t\t\t\t\t\t<\/div>\r\n\t\t\t\t\t\t<\/div><div class='evo_metarow_gmap evorow evcal_gmaps bordb ' id='evc154241280169f3e0302a24c28081_gmap' style='max-width:none'><\/div><div class='evo_metarow_getDr evorow evcal_evdata_row bordb evcal_evrow_sm getdirections'>\r\n\t\t\t\t\t\t<form action='https:\/\/maps.google.com\/maps' method='get' target='_blank'>\r\n\t\t\t\t\t\t<input type='hidden' name='daddr' value='Vilamoura'\/> \r\n\t\t\t\t\t\t<p><input class='evoInput' type='text' name='saddr' placeholder='Escreva a morada' value=''\/>\r\n\t\t\t\t\t\t<button type='submit' class='evcal_evdata_icons evcalicon_9' title='Clique aqui para obter as dire\u00e7\u00f5es'><i class='fa fa-road'><\/i><\/button>\r\n\t\t\t\t\t\t<\/p><\/form>\r\n\t\t\t\t\t<\/div><div class='evo_metarow_time_location evorow bordb '>\r\n\t\t\t\t\t\t<div class='tb' >\r\n\t\t\t\t\t\t\t<div class='tbrow'>\r\n\t\t\t\t\t\t\t<div class='evcal_col50 bordr'>\r\n\t\t\t\t\t\t\t\t<div class='evcal_evdata_row evo_time'>\r\n\t\t\t\t\t\t\t\t\t<span class='evcal_evdata_icons'><i class='fa fa-clock-o'><\/i><\/span>\r\n\t\t\t\t\t\t\t\t\t<div class='evcal_evdata_cell'>\t\t\t\t\t\t\t\r\n\t\t\t\t\t\t\t\t\t\t<h3 class='evo_h3'><span class='evcal_evdata_icons'><i class='fa fa-clock-o'><\/i><\/span>Hor\u00e1rio<\/h3>\r\n\t\t\t\t\t\t\t\t\t\t<p>Novembro 17 (S\u00e1bado) - 18 (Domingo)<\/p>\r\n\t\t\t\t\t\t\t\t\t<\/div>\r\n\t\t\t\t\t\t\t\t<\/div>\r\n\t\t\t\t\t\t\t<\/div><div class='evcal_col50'>\r\n\t\t\t\t\t\t\t\t<div class='evcal_evdata_row evo_location'>\r\n\t\t\t\t\t\t\t\t\t<span class='evcal_evdata_icons'><i class='fa fa-map-marker'><\/i><\/span>\r\n\t\t\t\t\t\t\t\t\t<div class='evcal_evdata_cell' data-loc_tax_id='162'>\t\t\t\t\t\t\t\r\n\t\t\t\t\t\t\t\t\t\t<h3 class='evo_h3'><span class='evcal_evdata_icons'><i class='fa fa-map-marker'><\/i><\/span>Localiza\u00e7\u00e3o<\/h3><p class='evo_location_name'>Vilamoura<\/p><p>Vilamoura<\/p>\r\n\t\t\t\t\t\t\t\t\t<\/div>\r\n\t\t\t\t\t\t\t\t<\/div>\r\n\t\t\t\t\t\t\t<\/div><div class='clear'><\/div>\r\n\t\t\t\t\t\t\t<\/div><\/div>\r\n\t\t\t\t\t\t<\/div><div class='evo_metarow_organizer evorow evcal_evdata_row bordb evcal_evrow_sm '>\r\n\t\t\t\t\t\t\t<span class='evcal_evdata_icons'><i class='fa fa-headphones'><\/i><\/span>\r\n\t\t\t\t\t\t\t<div class='evcal_evdata_cell'>\t\t\t\t\t\t\t\r\n\t\t\t\t\t\t\t\t<h3 class='evo_h3'>Evento organizado por<\/h3>\r\n\t\t\t\t\t\t\t\t\r\n\t\t\t\t\t\t\t\t<div class='evo_card_organizer'><p class='evo_data_val evo_card_organizer_name'>\r\n\t\t\t\t\t\t\t\t\t<span class='evo_card_organizer_name_t'><a  href='https:\/\/www.louledesporto.com\/tri-run\/'>FTP \/ C\u00e2mara Municipal de Loul\u00e9<\/a><\/span><span class='evo_card_organizer_contact'>inscricoes@federacao-triatlo.pt<\/span>\r\n\t\t\t\t\t\t\t\t\t\r\n\t\t\t\t\t\t\t\t\t<\/p><\/div><div class='clear'><\/div>\t\t\t\t\t\t\t\r\n\t\t\t\t\t\t\t<\/div>\r\n\t\t\t\t\t\t<\/div>\t\t\t\t\t\t<div class='evo_metarow_ICS evorow bordb evcal_evdata_row'>\r\n\t\t\t\t\t\t\t<span class=\"evcal_evdata_icons\"><i class=\"fa fa-calendar\"><\/i><\/span>\r\n\t\t\t\t\t\t\t<div class='evcal_evdata_cell'>\r\n\t\t\t\t\t\t\t\t<p><a href='https:\/\/www.federacao-triatlo.pt\/ftp2015\/wp-admin\/admin-ajax.php?action=eventon_ics_download&amp;event_id=28081&amp;sunix=20181116T230000Z&amp;eunix=20181118T225900Z&amp;loca=Vilamoura&amp;locn=Vilamoura' class='evo_ics_nCal' title='Adicionar ao seu calend\u00e1rio'>Calend\u00e1rio<\/a><a href='\/\/www.google.com\/calendar\/event?action=TEMPLATE&amp;text=Algarve+Tri+Run+4.0&amp;dates=20181116T230000Z\/20181118T225900Z&amp;details=Regulamento+IV+Triatlo_Longo_Vilamoura+%2818+Nov+2018%29%0D%0A%0D%0APercursos+Camp.+Nac.+Clubes+%28Provis%C3%B3rios%29%0D%0A%0D%0ALista+Inscritos+Camp.+Nac.+Clubes&amp;location=Vilamoura - Vilamoura' target='_blank' class='evo_ics_gCal' title='Adicionar ao calend\u00e1rio Google'>GoogleCal<\/a><\/p>\t\r\n\t\t\t\t\t\t\t<\/div>\t\t\t\t\t\t<\/div>\r\n\t\t\t\t\t\t<\/div><div class='clear end'><\/div><\/div><\/div><div class='clear'><\/div><\/div><!-- ajde_evcal_calendar-->\n<div id='evcal_calendar_844' class='ajde_evcal_calendar  ul' ><div class='evo-data' data-cyear=\"2018\" data-cmonth=\"12\" data-runajax=\"1\" data-evc_open=\"0\" data-cal_ver=\"2.6\" data-mapscroll=\"true\" data-mapformat=\"roadmap\" data-mapzoom=\"14\" data-mapiconurl=\"\" data-ev_cnt=\"0\" data-show_limit=\"no\" data-tiles=\"no\" data-sort_by=\"sort_date\" data-filters_on=\"true\" data-range_start=\"0\" data-range_end=\"0\" data-send_unix=\"0\" data-ux_val=\"0\" data-accord=\"0\" data-rtl=\"no\"  ><\/div><div id='evcal_head' class='calendar_header ' ><div class='evo_cal_above'><span class='evo-gototoday-btn' style='display:none' data-mo='12' data-yr='2018' data-dy=''>Dia de Hoje<\/span><\/div><div class='evo_cal_above_content'><\/div><div class='cal_arguments' style='display:none' data-hide_past=\"no\" data-show_et_ft_img=\"yes\" data-event_order=\"ASC\" data-ft_event_priority=\"no\" data-lang=\"L1\" data-month_incre=\"0\" data-only_ft=\"no\" data-evc_open=\"no\" data-show_limit=\"no\" data-etc_override=\"no\" data-show_limit_redir=\"0\" data-tiles=\"no\" data-tile_height=\"0\" data-tile_bg=\"0\" data-tile_count=\"2\" data-tile_style=\"0\" data-s=\"\" data-members_only=\"no\" data-ux_val=\"0\" data-show_limit_ajax=\"no\" data-show_limit_paged=\"1\" ><\/div><div class='clear'><\/div><\/div><div class='evcal_month_line'><p>Dezembro 2018<\/p><\/div><div id='evcal_list' class='eventon_events_list '><div id=\"event_41633\" class=\"eventon_list_event evo_eventtop past_event event\" data-event_id=\"41633\" data-time=\"1544954400-1544968800\" data-colr=\"#0092e0\" itemscope itemtype='http:\/\/schema.org\/Event' 1><div class=\"evo_event_schema\" style=\"display:none\" ><a itemprop='url'  href='https:\/\/www.federacao-triatlo.pt\/ftp2015\/events\/i-aquatlo-piscina-prof-noronha-feio-barcarena-oeiras-promocao\/'><\/a><span itemprop='name'  >I Aquatlo Piscina Prof. Noronha Feio - Barcarena, Oeiras - Promo\u00e7\u00e3o<\/span><meta itemprop='image' content='https:\/\/www.federacao-triatlo.pt\/ftp2015\/wp-content\/uploads\/2018\/11\/Proposta_Cartaz_3-212x300.png' ><\/meta><meta itemprop='description' content='O I Aquatlo Piscina Prof. Noronha Feio - Barcarena, Oeiras, \u00e9 uma prova a realizar na\u00a0Piscina Prof. Noronha Feio - Barcarena, Oeiras e \u00e9 destinada a todos os atletas.\r\n\r\nInscri\u00e7\u00f5es: Conforme' ><\/meta><meta itemprop='startDate' content='2018-12-16' ><\/meta><meta itemprop='endDate' content='2018-12-16' ><\/meta><meta itemprop='eventStatus' content='on-schedule' ><\/meta><script type=\"application\/ld+json\">{\t\"@context\": \"http:\/\/schema.org\",\r\n\t\t\t\t\t\t\t  \t\"@type\": \"Event\",\r\n\t\t\t\t\t\t\t  \t\"name\": \"I Aquatlo Piscina Prof. Noronha Feio - Barcarena, Oeiras - Promo\u00e7\u00e3o\",\r\n\t\t\t\t\t\t\t  \t\"startDate\": \"2018-12-16T10-10-00-00\",\r\n\t\t\t\t\t\t\t  \t\"endDate\": \"2018-12-16T14-14-00-00\",\r\n\t\t\t\t\t\t\t  \t\"image\":\"https:\/\/www.federacao-triatlo.pt\/ftp2015\/wp-content\/uploads\/2018\/11\/Proposta_Cartaz_3-212x300.png\",\r\n\t\t\t\t\t\t\t  \t\"description\":\"O I Aquatlo Piscina Prof. Noronha Feio - Barcarena, Oeiras, \u00e9 uma prova a realizar na\u00a0Piscina Prof. Noronha Feio - Barcarena, Oeiras e \u00e9 destinada a todos os atletas.\r\n\r\nInscri\u00e7\u00f5es: Conforme\",\r\n\t\t\t\t\t\t\t  \t\r\n\t\t\t\t\t\t\t }\r\n\t\t\t\t\t\t\t<\/script><\/div>\r\n\t\t\t\t<p class=\"desc_trig_outter\"><a data-gmap_status=\"null\" data-exlk=\"0\" style=\"border-color: #0092e0;\" id=\"evc_154495440041633\" class=\"hasFtIMG desc_trig evo_circuito-regional evo_prova-aberta sin_val evcal_list_a\" data-ux_val=\"1\"  ><span class='ev_ftImg' data-img='https:\/\/www.federacao-triatlo.pt\/ftp2015\/wp-content\/uploads\/2018\/11\/Proposta_Cartaz_3.png' data-thumb='https:\/\/www.federacao-triatlo.pt\/ftp2015\/wp-content\/uploads\/2018\/11\/Proposta_Cartaz_3-212x300.png' style='background-image:url(\"https:\/\/www.federacao-triatlo.pt\/ftp2015\/wp-content\/uploads\/2018\/11\/Proposta_Cartaz_3-212x300.png\")'><\/span><span class='evcal_cblock ' data-bgcolor='#0092e0' data-smon='Dezembro' data-syr='2018'><span class='evo_start '><em class='date'>16<\/em><em class='month'>dez<\/em><em class='time'>10:00<\/em><\/span><span class='evo_end only_time'><em class='time'>14:00<\/em><\/span><em class='clear'><\/em><\/span><span class='evcal_desc evo_info hide_eventtopdata '  data-location_status=\"false\" ><span class='evo_above_title'><\/span><span class='evcal_desc2 evcal_event_title' itemprop='name'>I Aquatlo Piscina Prof. Noronha Feio - Barcarena, Oeiras - Promo\u00e7\u00e3o<\/span><span class='evo_below_title'><\/span><span class='evcal_desc_info' ><\/span><span class='evcal_desc3'><span class='evcal_event_types ett1'><em><i>Tipo de Evento:<\/i><\/em><em data-filter='event_type'>Circuito Regional,<\/em><em data-filter='event_type'>Prova Aberta<\/em><i class='clear'><\/i><\/span><\/span><\/span><em class='clear'><\/em><\/p><\/a><div class='event_description evcal_eventcard ' style=\"display:none\"><div class='evo_metarow_directimg'><img src='https:\/\/www.federacao-triatlo.pt\/ftp2015\/wp-content\/uploads\/2018\/11\/Proposta_Cartaz_3.png' \/><\/div><div class='evo_metarow_details evorow evcal_evdata_row bordb evcal_event_details'>\r\n\t\t\t\t\t\t\t<div class=\"event_excerpt\" style=\"display:none\"><h3 class=\"padb5 evo_h3\">Detalhes do Evento<\/h3><p>O I Aquatlo Piscina Prof. Noronha Feio - Barcarena, Oeiras, \u00e9 uma prova a realizar na\u00a0Piscina Prof. Noronha Feio - Barcarena, Oeiras e \u00e9 destinada a todos os atletas.\r\n\r\nInscri\u00e7\u00f5es: Conforme<\/p><\/div><span class='evcal_evdata_icons'><i class='fa fa-align-justify'><\/i><\/span>\r\n\t\t\t\t\t\t\t\r\n\t\t\t\t\t\t\t<div class='evcal_evdata_cell '><div class='eventon_full_description'>\r\n\t\t\t\t\t\t\t\t\t<h3 class='padb5 evo_h3'><span class='evcal_evdata_icons'><i class='fa fa-align-justify'><\/i><\/span>Detalhes do Evento<\/h3><div class='eventon_desc_in' itemprop='description'>\r\n\t\t\t\t\t\t\t\t\t<p>O I Aquatlo Piscina Prof. Noronha Feio &#8211; Barcarena, Oeiras, \u00e9 uma prova a realizar na\u00a0Piscina Prof. Noronha Feio &#8211; Barcarena, Oeiras e \u00e9 destinada a todos os atletas.<\/p>\n<p>Inscri\u00e7\u00f5es: Conforme regulamento<\/p>\n<p><a href=\"https:\/\/www.federacao-triatlo.pt\/ftp2015\/wp-content\/uploads\/2018\/11\/Regulamento_I_Aquatlo_Piscina_Prof_Noronha_Feio_16_DEZ_2018.pdf\">Regulamento_I_Aquatlo_Piscina_Prof_Noronha_Feio_16_DEZ_2018<\/a><\/p>\n<p><a href=\"https:\/\/www.federacao-triatlo.pt\/ftp2015\/wp-content\/uploads\/2018\/11\/Resultados_I_Aquatlo-Segm-Pisc-Noronha-Feio-2018.xlsx\">Resultados_I_Aquatlo Segm Pisc Noronha Feio 2018<\/a><\/p>\n<\/div><div class='clear'><\/div>\r\n\t\t\t\t\t\t\t\t<\/div>\r\n\t\t\t\t\t\t\t<\/div>\r\n\t\t\t\t\t\t<\/div><div class='evo_metarow_time evorow evcal_evdata_row bordb evcal_evrow_sm '>\r\n\t\t\t\t\t\t\t<span class='evcal_evdata_icons'><i class='fa fa-clock-o'><\/i><\/span>\r\n\t\t\t\t\t\t\t<div class='evcal_evdata_cell'>\t\t\t\t\t\t\t\r\n\t\t\t\t\t\t\t\t<h3 class='evo_h3'><span class='evcal_evdata_icons'><i class='fa fa-clock-o'><\/i><\/span>Hor\u00e1rio<\/h3><p>(Domingo) 10:00 - 14:00<\/p>\r\n\t\t\t\t\t\t\t<\/div>\r\n\t\t\t\t\t\t<\/div>\t\t\t\t\t\t<div class='evo_metarow_ICS evorow bordb evcal_evdata_row'>\r\n\t\t\t\t\t\t\t<span class=\"evcal_evdata_icons\"><i class=\"fa fa-calendar\"><\/i><\/span>\r\n\t\t\t\t\t\t\t<div class='evcal_evdata_cell'>\r\n\t\t\t\t\t\t\t\t<p><a href='https:\/\/www.federacao-triatlo.pt\/ftp2015\/wp-admin\/admin-ajax.php?action=eventon_ics_download&amp;event_id=41633&amp;sunix=20181216T090000Z&amp;eunix=20181216T130000Z&amp;loca=&amp;locn=' class='evo_ics_nCal' title='Adicionar ao seu calend\u00e1rio'>Calend\u00e1rio<\/a><a href='\/\/www.google.com\/calendar\/event?action=TEMPLATE&amp;text=I+Aquatlo+Piscina+Prof.+Noronha+Feio+-+Barcarena%2C+Oeiras+-+Promo%C3%A7%C3%A3o&amp;dates=20181216T090000Z\/20181216T130000Z&amp;details=O+I+Aquatlo+Piscina+Prof.+Noronha+Feio+-+Barcarena%2C+Oeiras%2C+%C3%A9+uma+prova+a+realizar+na%C2%A0Piscina+Prof.+Noronha+Feio+-+Barcarena%2C+Oeiras+e+%C3%A9+destinada+a+todos+os+atletas.%0D%0A%0D%0AInscri%C3%A7%C3%B5es%3A+Conforme&amp;location= - ' target='_blank' class='evo_ics_gCal' title='Adicionar ao calend\u00e1rio Google'>GoogleCal<\/a><\/p>\t\r\n\t\t\t\t\t\t\t<\/div>\t\t\t\t\t\t<\/div>\r\n\t\t\t\t\t\t<\/div><div class='clear end'><\/div><\/div><\/div><div class='clear'><\/div><\/div><!-- ajde_evcal_calendar-->\n","protected":false},"excerpt":{"rendered":"<p>CALEND\u00c1RIO NACIONAL Guia do Calend\u00e1rio Nacional 2018\u00a0(atualizado a 11 de [&hellip;]<\/p>\n","protected":false},"author":4,"featured_media":0,"parent":89196,"menu_order":1,"comment_status":"closed","ping_status":"closed","template":"","meta":{"footnotes":""},"_links":{"self":[{"href":"https:\/\/www.federacao-triatlo.pt\/ftp2015\/wp-json\/wp\/v2\/pages\/28111"}],"collection":[{"href":"https:\/\/www.federacao-triatlo.pt\/ftp2015\/wp-json\/wp\/v2\/pages"}],"about":[{"href":"https:\/\/www.federacao-triatlo.pt\/ftp2015\/wp-json\/wp\/v2\/types\/page"}],"author":[{"embeddable":true,"href":"https:\/\/www.federacao-triatlo.pt\/ftp2015\/wp-json\/wp\/v2\/users\/4"}],"replies":[{"embeddable":true,"href":"https:\/\/www.federacao-triatlo.pt\/ftp2015\/wp-json\/wp\/v2\/comments?post=28111"}],"version-history":[{"count":2,"href":"https:\/\/www.federacao-triatlo.pt\/ftp2015\/wp-json\/wp\/v2\/pages\/28111\/revisions"}],"predecessor-version":[{"id":89183,"href":"https:\/\/www.federacao-triatlo.pt\/ftp2015\/wp-json\/wp\/v2\/pages\/28111\/revisions\/89183"}],"up":[{"embeddable":true,"href":"https:\/\/www.federacao-triatlo.pt\/ftp2015\/wp-json\/wp\/v2\/pages\/89196"}],"wp:attachment":[{"href":"https:\/\/www.federacao-triatlo.pt\/ftp2015\/wp-json\/wp\/v2\/media?parent=28111"}],"curies":[{"name":"wp","href":"https:\/\/api.w.org\/{rel}","templated":true}]}}