{"id":20235,"date":"2017-03-22T10:01:20","date_gmt":"2017-03-22T10:01:20","guid":{"rendered":"https:\/\/www.federacao-triatlo.pt\/ftp2015\/?page_id=20235"},"modified":"2026-01-07T15:15:34","modified_gmt":"2026-01-07T15:15:34","slug":"calendario-de-formacao","status":"publish","type":"page","link":"https:\/\/www.federacao-triatlo.pt\/ftp2015\/formacao\/calendario-de-formacao\/","title":{"rendered":"Calend\u00e1rio de Forma\u00e7\u00e3o"},"content":{"rendered":"<div class=\"fusion-fullwidth fullwidth-box fusion-builder-row-1 fusion-flex-container nonhundred-percent-fullwidth non-hundred-percent-height-scrolling\" style=\"--awb-border-radius-top-left:0px;--awb-border-radius-top-right:0px;--awb-border-radius-bottom-right:0px;--awb-border-radius-bottom-left:0px;--awb-flex-wrap:wrap;\" ><div class=\"fusion-builder-row fusion-row fusion-flex-align-items-flex-start fusion-flex-content-wrap\" style=\"max-width:1476px;margin-left: calc(-23% \/ 2 );margin-right: calc(-23% \/ 2 );\"><div class=\"fusion-layout-column fusion_builder_column fusion-builder-column-0 fusion_builder_column_1_1 1_1 fusion-flex-column\" style=\"--awb-bg-size:cover;--awb-width-large:100%;--awb-margin-top-large:0px;--awb-spacing-right-large:8.855%;--awb-margin-bottom-large:0px;--awb-spacing-left-large:8.855%;--awb-width-medium:100%;--awb-spacing-right-medium:8.855%;--awb-spacing-left-medium:8.855%;--awb-width-small:100%;--awb-spacing-right-small:8.855%;--awb-spacing-left-small:8.855%;\"><div class=\"fusion-column-wrapper fusion-flex-justify-content-flex-start fusion-content-layout-column\"><div class=\"fusion-text fusion-text-1\"><div id='evcal_calendar_375' class='ajde_evcal_calendar  ul' ><div class='evo-data' data-cyear=\"2026\" data-cmonth=\"1\" data-runajax=\"1\" data-evc_open=\"0\" data-cal_ver=\"2.6\" data-mapscroll=\"true\" data-mapformat=\"roadmap\" data-mapzoom=\"14\" data-mapiconurl=\"\" data-ev_cnt=\"0\" data-show_limit=\"no\" data-tiles=\"no\" data-sort_by=\"sort_date\" data-filters_on=\"true\" data-range_start=\"0\" data-range_end=\"0\" data-send_unix=\"0\" data-ux_val=\"0\" data-accord=\"0\" data-rtl=\"no\"  ><\/div><div id='evcal_head' class='calendar_header ' ><div class='evo_cal_above'><span class='evo-gototoday-btn' style='display:none' data-mo='1' data-yr='2026' data-dy=''>Dia de Hoje<\/span><\/div><div class='evo_cal_above_content'><\/div><div class='cal_arguments' style='display:none' data-hide_past=\"no\" data-show_et_ft_img=\"no\" data-event_order=\"ASC\" data-ft_event_priority=\"no\" data-lang=\"L1\" data-month_incre=\"0\" data-only_ft=\"no\" data-evc_open=\"no\" data-show_limit=\"no\" data-etc_override=\"no\" data-show_limit_redir=\"0\" data-tiles=\"no\" data-tile_height=\"0\" data-tile_bg=\"0\" data-tile_count=\"2\" data-tile_style=\"0\" data-s=\"\" data-members_only=\"no\" data-ux_val=\"0\" data-show_limit_ajax=\"no\" data-show_limit_paged=\"1\" ><\/div><div class='clear'><\/div><\/div><div class='evcal_month_line'><p>Janeiro 2026<\/p><\/div><div id='evcal_list' class='evcal_list_month eventon_events_list '><div id=\"event_105155\" class=\"eventon_list_event evo_eventtop past_event event\" data-event_id=\"105155\" data-time=\"1769418000-1774213200\" data-colr=\"#088669\" itemscope itemtype='http:\/\/schema.org\/Event' 1><div class=\"evo_event_schema\" style=\"display:none\" ><a itemprop='url'  href='https:\/\/www.federacao-triatlo.pt\/ftp2015\/events\/curso-de-treinadores-de-triatlo-de-grau-i-jamor\/'><\/a><span itemprop='name'  >Curso de Treinadores de Triatlo de Grau I - Jamor<\/span><meta itemprop='image'  ><\/meta><meta itemprop='description' content='Curso de Treinadores de Triatlo de Grau I - Jamor' ><\/meta><meta itemprop='startDate' content='2026-1-26' ><\/meta><meta itemprop='endDate' content='2026-3-22' ><\/meta><meta itemprop='eventStatus' content='on-schedule' ><\/meta>\r\n\t\t\t\t\t\t\t\t\t<item style=\"display:none\" itemprop=\"location\" itemscope itemtype=\"http:\/\/schema.org\/Place\">\r\n\t\t\t\t\t\t\t\t\t\t<span itemprop=\"name\">Jamor<\/span>\r\n\t\t\t\t\t\t\t\t\t\t<span itemprop=\"address\" itemscope itemtype=\"http:\/\/schema.org\/PostalAddress\">\r\n\t\t\t\t\t\t\t\t\t\t\t<item itemprop=\"streetAddress\">Caxias<\/item>\r\n\t\t\t\t\t\t\t\t\t\t<\/span><\/item><script type=\"application\/ld+json\">{\t\"@context\": \"http:\/\/schema.org\",\r\n\t\t\t\t\t\t\t  \t\"@type\": \"Event\",\r\n\t\t\t\t\t\t\t  \t\"name\": \"Curso de Treinadores de Triatlo de Grau I - Jamor\",\r\n\t\t\t\t\t\t\t  \t\"startDate\": \"2026-1-26T09-09-00-00\",\r\n\t\t\t\t\t\t\t  \t\"endDate\": \"2026-3-22T21-21-00-00\",\r\n\t\t\t\t\t\t\t  \t\"image\":,\r\n\t\t\t\t\t\t\t  \t\"description\":\"Curso de Treinadores de Triatlo de Grau I - Jamor\",\r\n\t\t\t\t\t\t\t  \t\"location\":{\r\n\t\t\t\t\t\t\t\t\t\t\"@type\":\"Place\",\r\n\t\t\t\t\t\t\t\t\t\t\"name\":\"Jamor\",\r\n\t\t\t\t\t\t\t\t\t\t\"address\":\"Caxias\"\r\n\t\t\t\t\t\t\t  \t\t}\r\n\t\t\t\t\t\t\t }\r\n\t\t\t\t\t\t\t<\/script><\/div>\r\n\t\t\t\t<p class=\"desc_trig_outter\"><a data-gmap_status=\"null\" data-exlk=\"0\" style=\"border-color: #088669;\" id=\"evc_1769418000105155\" class=\"desc_trig evo_formacao-treinadores mul_val evcal_list_a\" data-ux_val=\"1\"  ><span class='evcal_cblock ' data-bgcolor='#088669' data-smon='Janeiro' data-syr='2026'><span class='evo_start '><em class='date'>26<\/em><em class='month'>jan<\/em><em class='time'><i t=\"y\">(jan 26)<\/i>9:00<\/em><\/span><span class='evo_end '><em class='date'>22<\/em><em class='month'>mar<\/em><em class='time'><i t=\"y\">(mar 22)<\/i>21:00<\/em><\/span><em class='clear'><\/em><\/span><span class='evcal_desc evo_info hide_eventtopdata '  data-location_address=\"Caxias\" data-location_type=\"address\" data-location_name=\"Jamor\" data-location_status=\"true\" ><span class='evo_above_title'><\/span><span class='evcal_desc2 evcal_event_title' itemprop='name'>Curso de Treinadores de Triatlo de Grau I - Jamor<\/span><span class='evo_below_title'><span class='evcal_event_subtitle' >Curso de Treinadores de Triatlo de Grau I<\/span><\/span><span class='evcal_desc_info' ><em class=\"evcal_location\"  data-add_str=\"\"><em class=\"event_location_name\">Jamor<\/em><\/em><\/span><span class='evcal_desc3'><span class='evcal_event_types ett1'><em><i>Tipo de Evento:<\/i><\/em><em data-filter='event_type'>Forma\u00e7\u00e3o de Treinadores<\/em><i class='clear'><\/i><\/span><\/span><\/span><em class='clear'><\/em><\/p><\/a><div class='event_description evcal_eventcard ' style=\"display:none\"><div class='evo_metarow_time_location evorow bordb '>\r\n\t\t\t\t\t\t<div class='tb' >\r\n\t\t\t\t\t\t\t<div class='tbrow'>\r\n\t\t\t\t\t\t\t<div class='evcal_col50 bordr'>\r\n\t\t\t\t\t\t\t\t<div class='evcal_evdata_row evo_time'>\r\n\t\t\t\t\t\t\t\t\t<span class='evcal_evdata_icons'><i class='fa fa-clock-o'><\/i><\/span>\r\n\t\t\t\t\t\t\t\t\t<div class='evcal_evdata_cell'>\t\t\t\t\t\t\t\r\n\t\t\t\t\t\t\t\t\t\t<h3 class='evo_h3'><span class='evcal_evdata_icons'><i class='fa fa-clock-o'><\/i><\/span>Hor\u00e1rio<\/h3>\r\n\t\t\t\t\t\t\t\t\t\t<p>Janeiro 26 (Segunda-feira) 9:00 - Mar\u00e7o 22 (Domingo) 21:00<\/p>\r\n\t\t\t\t\t\t\t\t\t<\/div>\r\n\t\t\t\t\t\t\t\t<\/div>\r\n\t\t\t\t\t\t\t<\/div><div class='evcal_col50'>\r\n\t\t\t\t\t\t\t\t<div class='evcal_evdata_row evo_location'>\r\n\t\t\t\t\t\t\t\t\t<span class='evcal_evdata_icons'><i class='fa fa-map-marker'><\/i><\/span>\r\n\t\t\t\t\t\t\t\t\t<div class='evcal_evdata_cell' data-loc_tax_id='22'>\t\t\t\t\t\t\t\r\n\t\t\t\t\t\t\t\t\t\t<h3 class='evo_h3'><span class='evcal_evdata_icons'><i class='fa fa-map-marker'><\/i><\/span>Localiza\u00e7\u00e3o<\/h3><p class='evo_location_name'>Jamor<\/p><p>Caxias<\/p>\r\n\t\t\t\t\t\t\t\t\t<\/div>\r\n\t\t\t\t\t\t\t\t<\/div>\r\n\t\t\t\t\t\t\t<\/div><div class='clear'><\/div>\r\n\t\t\t\t\t\t\t<\/div><\/div>\r\n\t\t\t\t\t\t<\/div>\t\t\t\t\t\t<div class='evo_metarow_ICS evorow bordb evcal_evdata_row'>\r\n\t\t\t\t\t\t\t<span class=\"evcal_evdata_icons\"><i class=\"fa fa-calendar\"><\/i><\/span>\r\n\t\t\t\t\t\t\t<div class='evcal_evdata_cell'>\r\n\t\t\t\t\t\t\t\t<p><a href='https:\/\/www.federacao-triatlo.pt\/ftp2015\/wp-admin\/admin-ajax.php?action=eventon_ics_download&amp;event_id=105155&amp;sunix=20260126T080000Z&amp;eunix=20260322T200000Z&amp;loca=Caxias&amp;locn=Jamor' class='evo_ics_nCal' title='Adicionar ao seu calend\u00e1rio'>Calend\u00e1rio<\/a><a href='\/\/www.google.com\/calendar\/event?action=TEMPLATE&amp;text=Curso+de+Treinadores+de+Triatlo+de+Grau+I+-+Jamor&amp;dates=20260126T080000Z\/20260322T200000Z&amp;details=Curso+de+Treinadores+de+Triatlo+de+Grau+I+-+Jamor&amp;location=Jamor - Caxias' target='_blank' class='evo_ics_gCal' title='Adicionar ao calend\u00e1rio Google'>GoogleCal<\/a><\/p>\t\r\n\t\t\t\t\t\t\t<\/div>\t\t\t\t\t\t<\/div>\r\n\t\t\t\t\t\t<div class='evo_metarow_cusF1 evorow evcal_evdata_row bordb evcal_evrow_sm '>\r\n\t\t\t\t\t\t<span class='evcal_evdata_custometa_icons'><i class='fa fa-asterisk'><\/i><\/span>\r\n\t\t\t\t\t\t<div class='evcal_evdata_cell'>\t\t\t\t\t\t\t\r\n\t\t\t\t\t\t\t<h3 class='evo_h3'>Inscri\u00e7\u00f5es<\/h3><a href='https:\/\/forms.gle\/7ufBno7NauKnqpc29' target=\"_blank\" class='evcal_btn evo_cusmeta_btn'>Inscri\u00e7\u00f5es Fechadas<\/a><\/div><div class='evcal_evdata_row evcal_close' title='Texto para bot\u00e3o '><\/div><\/div><\/div><div class='clear end'><\/div><\/div><div id=\"event_105158\" class=\"eventon_list_event evo_eventtop past_event event\" data-event_id=\"105158\" data-time=\"1769418000-1774213200\" data-colr=\"#088669\" itemscope itemtype='http:\/\/schema.org\/Event' 2><div class=\"evo_event_schema\" style=\"display:none\" ><a itemprop='url'  href='https:\/\/www.federacao-triatlo.pt\/ftp2015\/events\/curso-de-treinadores-de-triatlo-de-grau-i-maia\/'><\/a><span itemprop='name'  >Curso de Treinadores de Triatlo de Grau I - Maia<\/span><meta itemprop='image'  ><\/meta><meta itemprop='description' content='Curso de Treinadores de Triatlo de Grau I - Maia' ><\/meta><meta itemprop='startDate' content='2026-1-26' ><\/meta><meta itemprop='endDate' content='2026-3-22' ><\/meta><meta itemprop='eventStatus' content='on-schedule' ><\/meta><script type=\"application\/ld+json\">{\t\"@context\": \"http:\/\/schema.org\",\r\n\t\t\t\t\t\t\t  \t\"@type\": \"Event\",\r\n\t\t\t\t\t\t\t  \t\"name\": \"Curso de Treinadores de Triatlo de Grau I - Maia\",\r\n\t\t\t\t\t\t\t  \t\"startDate\": \"2026-1-26T09-09-00-00\",\r\n\t\t\t\t\t\t\t  \t\"endDate\": \"2026-3-22T21-21-00-00\",\r\n\t\t\t\t\t\t\t  \t\"image\":,\r\n\t\t\t\t\t\t\t  \t\"description\":\"Curso de Treinadores de Triatlo de Grau I - Maia\",\r\n\t\t\t\t\t\t\t  \t\r\n\t\t\t\t\t\t\t }\r\n\t\t\t\t\t\t\t<\/script><\/div>\r\n\t\t\t\t<p class=\"desc_trig_outter\"><a data-gmap_status=\"null\" data-exlk=\"0\" style=\"border-color: #088669;\" id=\"evc_1769418000105158\" class=\"desc_trig evo_formacao-treinadores mul_val evcal_list_a\" data-ux_val=\"1\"  ><span class='evcal_cblock ' data-bgcolor='#088669' data-smon='Janeiro' data-syr='2026'><span class='evo_start '><em class='date'>26<\/em><em class='month'>jan<\/em><em class='time'><i t=\"y\">(jan 26)<\/i>9:00<\/em><\/span><span class='evo_end '><em class='date'>22<\/em><em class='month'>mar<\/em><em class='time'><i t=\"y\">(mar 22)<\/i>21:00<\/em><\/span><em class='clear'><\/em><\/span><span class='evcal_desc evo_info hide_eventtopdata '  data-location_status=\"false\" ><span class='evo_above_title'><\/span><span class='evcal_desc2 evcal_event_title' itemprop='name'>Curso de Treinadores de Triatlo de Grau I - Maia<\/span><span class='evo_below_title'><span class='evcal_event_subtitle' >Curso de Treinadores de Triatlo de Grau I<\/span><\/span><span class='evcal_desc_info' ><em class=\"evcal_location\"  data-add_str=\"\"><em class=\"event_location_name\">Maia<\/em><\/em><\/span><span class='evcal_desc3'><span class='evcal_event_types ett1'><em><i>Tipo de Evento:<\/i><\/em><em data-filter='event_type'>Forma\u00e7\u00e3o de Treinadores<\/em><i class='clear'><\/i><\/span><\/span><\/span><em class='clear'><\/em><\/p><\/a><div class='event_description evcal_eventcard ' style=\"display:none\"><div class='evo_metarow_time_location evorow bordb '>\r\n\t\t\t\t\t\t<div class='tb' >\r\n\t\t\t\t\t\t\t<div class='tbrow'>\r\n\t\t\t\t\t\t\t<div class='evcal_col50 bordr'>\r\n\t\t\t\t\t\t\t\t<div class='evcal_evdata_row evo_time'>\r\n\t\t\t\t\t\t\t\t\t<span class='evcal_evdata_icons'><i class='fa fa-clock-o'><\/i><\/span>\r\n\t\t\t\t\t\t\t\t\t<div class='evcal_evdata_cell'>\t\t\t\t\t\t\t\r\n\t\t\t\t\t\t\t\t\t\t<h3 class='evo_h3'><span class='evcal_evdata_icons'><i class='fa fa-clock-o'><\/i><\/span>Hor\u00e1rio<\/h3>\r\n\t\t\t\t\t\t\t\t\t\t<p>Janeiro 26 (Segunda-feira) 9:00 - Mar\u00e7o 22 (Domingo) 21:00<\/p>\r\n\t\t\t\t\t\t\t\t\t<\/div>\r\n\t\t\t\t\t\t\t\t<\/div>\r\n\t\t\t\t\t\t\t<\/div><div class='evcal_col50'>\r\n\t\t\t\t\t\t\t\t<div class='evcal_evdata_row evo_location'>\r\n\t\t\t\t\t\t\t\t\t<span class='evcal_evdata_icons'><i class='fa fa-map-marker'><\/i><\/span>\r\n\t\t\t\t\t\t\t\t\t<div class='evcal_evdata_cell' data-loc_tax_id='1344'>\t\t\t\t\t\t\t\r\n\t\t\t\t\t\t\t\t\t\t<h3 class='evo_h3'><span class='evcal_evdata_icons'><i class='fa fa-map-marker'><\/i><\/span>Localiza\u00e7\u00e3o<\/h3><p class='evo_location_name'>Maia<\/p><p><\/p>\r\n\t\t\t\t\t\t\t\t\t<\/div>\r\n\t\t\t\t\t\t\t\t<\/div>\r\n\t\t\t\t\t\t\t<\/div><div class='clear'><\/div>\r\n\t\t\t\t\t\t\t<\/div><\/div>\r\n\t\t\t\t\t\t<\/div>\t\t\t\t\t\t<div class='evo_metarow_ICS evorow bordb evcal_evdata_row'>\r\n\t\t\t\t\t\t\t<span class=\"evcal_evdata_icons\"><i class=\"fa fa-calendar\"><\/i><\/span>\r\n\t\t\t\t\t\t\t<div class='evcal_evdata_cell'>\r\n\t\t\t\t\t\t\t\t<p><a href='https:\/\/www.federacao-triatlo.pt\/ftp2015\/wp-admin\/admin-ajax.php?action=eventon_ics_download&amp;event_id=105158&amp;sunix=20260126T080000Z&amp;eunix=20260322T200000Z&amp;loca=&amp;locn=Maia' class='evo_ics_nCal' title='Adicionar ao seu calend\u00e1rio'>Calend\u00e1rio<\/a><a href='\/\/www.google.com\/calendar\/event?action=TEMPLATE&amp;text=Curso+de+Treinadores+de+Triatlo+de+Grau+I+-+Maia&amp;dates=20260126T080000Z\/20260322T200000Z&amp;details=Curso+de+Treinadores+de+Triatlo+de+Grau+I+-+Maia&amp;location=Maia - ' target='_blank' class='evo_ics_gCal' title='Adicionar ao calend\u00e1rio Google'>GoogleCal<\/a><\/p>\t\r\n\t\t\t\t\t\t\t<\/div>\t\t\t\t\t\t<\/div>\r\n\t\t\t\t\t\t<div class='evo_metarow_cusF1 evorow evcal_evdata_row bordb evcal_evrow_sm '>\r\n\t\t\t\t\t\t<span class='evcal_evdata_custometa_icons'><i class='fa fa-asterisk'><\/i><\/span>\r\n\t\t\t\t\t\t<div class='evcal_evdata_cell'>\t\t\t\t\t\t\t\r\n\t\t\t\t\t\t\t<h3 class='evo_h3'>Inscri\u00e7\u00f5es<\/h3><a href='https:\/\/forms.gle\/s56C6v1qAAguvUr2A' target=\"_blank\" class='evcal_btn evo_cusmeta_btn'>Inscri\u00e7\u00f5es Abertas<\/a><\/div><div class='evcal_evdata_row evcal_close' title='Texto para bot\u00e3o '><\/div><\/div><\/div><div class='clear end'><\/div><\/div><\/div><div class='evcal_month_line'><p>Fevereiro 2026<\/p><\/div><div id='evcal_list' class='evcal_list_month eventon_events_list '><div id=\"event_105155\" class=\"eventon_list_event evo_eventtop past_event event\" data-event_id=\"105155\" data-time=\"1769418000-1774213200\" data-colr=\"#088669\" itemscope itemtype='http:\/\/schema.org\/Event' 1><div class=\"evo_event_schema\" style=\"display:none\" ><a itemprop='url'  href='https:\/\/www.federacao-triatlo.pt\/ftp2015\/events\/curso-de-treinadores-de-triatlo-de-grau-i-jamor\/'><\/a><span itemprop='name'  >Curso de Treinadores de Triatlo de Grau I - Jamor<\/span><meta itemprop='image'  ><\/meta><meta itemprop='description' content='Curso de Treinadores de Triatlo de Grau I - Jamor' ><\/meta><meta itemprop='startDate' content='2026-1-26' ><\/meta><meta itemprop='endDate' content='2026-3-22' ><\/meta><meta itemprop='eventStatus' content='on-schedule' ><\/meta>\r\n\t\t\t\t\t\t\t\t\t<item style=\"display:none\" itemprop=\"location\" itemscope itemtype=\"http:\/\/schema.org\/Place\">\r\n\t\t\t\t\t\t\t\t\t\t<span itemprop=\"name\">Jamor<\/span>\r\n\t\t\t\t\t\t\t\t\t\t<span itemprop=\"address\" itemscope itemtype=\"http:\/\/schema.org\/PostalAddress\">\r\n\t\t\t\t\t\t\t\t\t\t\t<item itemprop=\"streetAddress\">Caxias<\/item>\r\n\t\t\t\t\t\t\t\t\t\t<\/span><\/item><script type=\"application\/ld+json\">{\t\"@context\": \"http:\/\/schema.org\",\r\n\t\t\t\t\t\t\t  \t\"@type\": \"Event\",\r\n\t\t\t\t\t\t\t  \t\"name\": \"Curso de Treinadores de Triatlo de Grau I - Jamor\",\r\n\t\t\t\t\t\t\t  \t\"startDate\": \"2026-1-26T09-09-00-00\",\r\n\t\t\t\t\t\t\t  \t\"endDate\": \"2026-3-22T21-21-00-00\",\r\n\t\t\t\t\t\t\t  \t\"image\":,\r\n\t\t\t\t\t\t\t  \t\"description\":\"Curso de Treinadores de Triatlo de Grau I - Jamor\",\r\n\t\t\t\t\t\t\t  \t\"location\":{\r\n\t\t\t\t\t\t\t\t\t\t\"@type\":\"Place\",\r\n\t\t\t\t\t\t\t\t\t\t\"name\":\"Jamor\",\r\n\t\t\t\t\t\t\t\t\t\t\"address\":\"Caxias\"\r\n\t\t\t\t\t\t\t  \t\t}\r\n\t\t\t\t\t\t\t }\r\n\t\t\t\t\t\t\t<\/script><\/div>\r\n\t\t\t\t<p class=\"desc_trig_outter\"><a data-gmap_status=\"null\" data-exlk=\"0\" style=\"border-color: #088669;\" id=\"evc_1769418000105155\" class=\"desc_trig evo_formacao-treinadores mul_val evcal_list_a\" data-ux_val=\"1\"  ><span class='evcal_cblock ' data-bgcolor='#088669' data-smon='Janeiro' data-syr='2026'><span class='evo_start '><em class='date'>26<\/em><em class='month'>jan<\/em><em class='time'><i t=\"y\">(jan 26)<\/i>9:00<\/em><\/span><span class='evo_end '><em class='date'>22<\/em><em class='month'>mar<\/em><em class='time'><i t=\"y\">(mar 22)<\/i>21:00<\/em><\/span><em class='clear'><\/em><\/span><span class='evcal_desc evo_info hide_eventtopdata '  data-location_address=\"Caxias\" data-location_type=\"address\" data-location_name=\"Jamor\" data-location_status=\"true\" ><span class='evo_above_title'><\/span><span class='evcal_desc2 evcal_event_title' itemprop='name'>Curso de Treinadores de Triatlo de Grau I - Jamor<\/span><span class='evo_below_title'><span class='evcal_event_subtitle' >Curso de Treinadores de Triatlo de Grau I<\/span><\/span><span class='evcal_desc_info' ><em class=\"evcal_location\"  data-add_str=\"\"><em class=\"event_location_name\">Jamor<\/em><\/em><\/span><span class='evcal_desc3'><span class='evcal_event_types ett1'><em><i>Tipo de Evento:<\/i><\/em><em data-filter='event_type'>Forma\u00e7\u00e3o de Treinadores<\/em><i class='clear'><\/i><\/span><\/span><\/span><em class='clear'><\/em><\/p><\/a><div class='event_description evcal_eventcard ' style=\"display:none\"><div class='evo_metarow_time_location evorow bordb '>\r\n\t\t\t\t\t\t<div class='tb' >\r\n\t\t\t\t\t\t\t<div class='tbrow'>\r\n\t\t\t\t\t\t\t<div class='evcal_col50 bordr'>\r\n\t\t\t\t\t\t\t\t<div class='evcal_evdata_row evo_time'>\r\n\t\t\t\t\t\t\t\t\t<span class='evcal_evdata_icons'><i class='fa fa-clock-o'><\/i><\/span>\r\n\t\t\t\t\t\t\t\t\t<div class='evcal_evdata_cell'>\t\t\t\t\t\t\t\r\n\t\t\t\t\t\t\t\t\t\t<h3 class='evo_h3'><span class='evcal_evdata_icons'><i class='fa fa-clock-o'><\/i><\/span>Hor\u00e1rio<\/h3>\r\n\t\t\t\t\t\t\t\t\t\t<p>Janeiro 26 (Segunda-feira) 9:00 - Mar\u00e7o 22 (Domingo) 21:00<\/p>\r\n\t\t\t\t\t\t\t\t\t<\/div>\r\n\t\t\t\t\t\t\t\t<\/div>\r\n\t\t\t\t\t\t\t<\/div><div class='evcal_col50'>\r\n\t\t\t\t\t\t\t\t<div class='evcal_evdata_row evo_location'>\r\n\t\t\t\t\t\t\t\t\t<span class='evcal_evdata_icons'><i class='fa fa-map-marker'><\/i><\/span>\r\n\t\t\t\t\t\t\t\t\t<div class='evcal_evdata_cell' data-loc_tax_id='22'>\t\t\t\t\t\t\t\r\n\t\t\t\t\t\t\t\t\t\t<h3 class='evo_h3'><span class='evcal_evdata_icons'><i class='fa fa-map-marker'><\/i><\/span>Localiza\u00e7\u00e3o<\/h3><p class='evo_location_name'>Jamor<\/p><p>Caxias<\/p>\r\n\t\t\t\t\t\t\t\t\t<\/div>\r\n\t\t\t\t\t\t\t\t<\/div>\r\n\t\t\t\t\t\t\t<\/div><div class='clear'><\/div>\r\n\t\t\t\t\t\t\t<\/div><\/div>\r\n\t\t\t\t\t\t<\/div>\t\t\t\t\t\t<div class='evo_metarow_ICS evorow bordb evcal_evdata_row'>\r\n\t\t\t\t\t\t\t<span class=\"evcal_evdata_icons\"><i class=\"fa fa-calendar\"><\/i><\/span>\r\n\t\t\t\t\t\t\t<div class='evcal_evdata_cell'>\r\n\t\t\t\t\t\t\t\t<p><a href='https:\/\/www.federacao-triatlo.pt\/ftp2015\/wp-admin\/admin-ajax.php?action=eventon_ics_download&amp;event_id=105155&amp;sunix=20260126T080000Z&amp;eunix=20260322T200000Z&amp;loca=Caxias&amp;locn=Jamor' class='evo_ics_nCal' title='Adicionar ao seu calend\u00e1rio'>Calend\u00e1rio<\/a><a href='\/\/www.google.com\/calendar\/event?action=TEMPLATE&amp;text=Curso+de+Treinadores+de+Triatlo+de+Grau+I+-+Jamor&amp;dates=20260126T080000Z\/20260322T200000Z&amp;details=Curso+de+Treinadores+de+Triatlo+de+Grau+I+-+Jamor&amp;location=Jamor - Caxias' target='_blank' class='evo_ics_gCal' title='Adicionar ao calend\u00e1rio Google'>GoogleCal<\/a><\/p>\t\r\n\t\t\t\t\t\t\t<\/div>\t\t\t\t\t\t<\/div>\r\n\t\t\t\t\t\t<div class='evo_metarow_cusF1 evorow evcal_evdata_row bordb evcal_evrow_sm '>\r\n\t\t\t\t\t\t<span class='evcal_evdata_custometa_icons'><i class='fa fa-asterisk'><\/i><\/span>\r\n\t\t\t\t\t\t<div class='evcal_evdata_cell'>\t\t\t\t\t\t\t\r\n\t\t\t\t\t\t\t<h3 class='evo_h3'>Inscri\u00e7\u00f5es<\/h3><a href='https:\/\/forms.gle\/7ufBno7NauKnqpc29' target=\"_blank\" class='evcal_btn evo_cusmeta_btn'>Inscri\u00e7\u00f5es Fechadas<\/a><\/div><div class='evcal_evdata_row evcal_close' title='Texto para bot\u00e3o '><\/div><\/div><\/div><div class='clear end'><\/div><\/div><div id=\"event_105158\" class=\"eventon_list_event evo_eventtop past_event event\" data-event_id=\"105158\" data-time=\"1769418000-1774213200\" data-colr=\"#088669\" itemscope itemtype='http:\/\/schema.org\/Event' 2><div class=\"evo_event_schema\" style=\"display:none\" ><a itemprop='url'  href='https:\/\/www.federacao-triatlo.pt\/ftp2015\/events\/curso-de-treinadores-de-triatlo-de-grau-i-maia\/'><\/a><span itemprop='name'  >Curso de Treinadores de Triatlo de Grau I - Maia<\/span><meta itemprop='image'  ><\/meta><meta itemprop='description' content='Curso de Treinadores de Triatlo de Grau I - Maia' ><\/meta><meta itemprop='startDate' content='2026-1-26' ><\/meta><meta itemprop='endDate' content='2026-3-22' ><\/meta><meta itemprop='eventStatus' content='on-schedule' ><\/meta><script type=\"application\/ld+json\">{\t\"@context\": \"http:\/\/schema.org\",\r\n\t\t\t\t\t\t\t  \t\"@type\": \"Event\",\r\n\t\t\t\t\t\t\t  \t\"name\": \"Curso de Treinadores de Triatlo de Grau I - Maia\",\r\n\t\t\t\t\t\t\t  \t\"startDate\": \"2026-1-26T09-09-00-00\",\r\n\t\t\t\t\t\t\t  \t\"endDate\": \"2026-3-22T21-21-00-00\",\r\n\t\t\t\t\t\t\t  \t\"image\":,\r\n\t\t\t\t\t\t\t  \t\"description\":\"Curso de Treinadores de Triatlo de Grau I - Maia\",\r\n\t\t\t\t\t\t\t  \t\r\n\t\t\t\t\t\t\t }\r\n\t\t\t\t\t\t\t<\/script><\/div>\r\n\t\t\t\t<p class=\"desc_trig_outter\"><a data-gmap_status=\"null\" data-exlk=\"0\" style=\"border-color: #088669;\" id=\"evc_1769418000105158\" class=\"desc_trig evo_formacao-treinadores mul_val evcal_list_a\" data-ux_val=\"1\"  ><span class='evcal_cblock ' data-bgcolor='#088669' data-smon='Janeiro' data-syr='2026'><span class='evo_start '><em class='date'>26<\/em><em class='month'>jan<\/em><em class='time'><i t=\"y\">(jan 26)<\/i>9:00<\/em><\/span><span class='evo_end '><em class='date'>22<\/em><em class='month'>mar<\/em><em class='time'><i t=\"y\">(mar 22)<\/i>21:00<\/em><\/span><em class='clear'><\/em><\/span><span class='evcal_desc evo_info hide_eventtopdata '  data-location_status=\"false\" ><span class='evo_above_title'><\/span><span class='evcal_desc2 evcal_event_title' itemprop='name'>Curso de Treinadores de Triatlo de Grau I - Maia<\/span><span class='evo_below_title'><span class='evcal_event_subtitle' >Curso de Treinadores de Triatlo de Grau I<\/span><\/span><span class='evcal_desc_info' ><em class=\"evcal_location\"  data-add_str=\"\"><em class=\"event_location_name\">Maia<\/em><\/em><\/span><span class='evcal_desc3'><span class='evcal_event_types ett1'><em><i>Tipo de Evento:<\/i><\/em><em data-filter='event_type'>Forma\u00e7\u00e3o de Treinadores<\/em><i class='clear'><\/i><\/span><\/span><\/span><em class='clear'><\/em><\/p><\/a><div class='event_description evcal_eventcard ' style=\"display:none\"><div class='evo_metarow_time_location evorow bordb '>\r\n\t\t\t\t\t\t<div class='tb' >\r\n\t\t\t\t\t\t\t<div class='tbrow'>\r\n\t\t\t\t\t\t\t<div class='evcal_col50 bordr'>\r\n\t\t\t\t\t\t\t\t<div class='evcal_evdata_row evo_time'>\r\n\t\t\t\t\t\t\t\t\t<span class='evcal_evdata_icons'><i class='fa fa-clock-o'><\/i><\/span>\r\n\t\t\t\t\t\t\t\t\t<div class='evcal_evdata_cell'>\t\t\t\t\t\t\t\r\n\t\t\t\t\t\t\t\t\t\t<h3 class='evo_h3'><span class='evcal_evdata_icons'><i class='fa fa-clock-o'><\/i><\/span>Hor\u00e1rio<\/h3>\r\n\t\t\t\t\t\t\t\t\t\t<p>Janeiro 26 (Segunda-feira) 9:00 - Mar\u00e7o 22 (Domingo) 21:00<\/p>\r\n\t\t\t\t\t\t\t\t\t<\/div>\r\n\t\t\t\t\t\t\t\t<\/div>\r\n\t\t\t\t\t\t\t<\/div><div class='evcal_col50'>\r\n\t\t\t\t\t\t\t\t<div class='evcal_evdata_row evo_location'>\r\n\t\t\t\t\t\t\t\t\t<span class='evcal_evdata_icons'><i class='fa fa-map-marker'><\/i><\/span>\r\n\t\t\t\t\t\t\t\t\t<div class='evcal_evdata_cell' data-loc_tax_id='1344'>\t\t\t\t\t\t\t\r\n\t\t\t\t\t\t\t\t\t\t<h3 class='evo_h3'><span class='evcal_evdata_icons'><i class='fa fa-map-marker'><\/i><\/span>Localiza\u00e7\u00e3o<\/h3><p class='evo_location_name'>Maia<\/p><p><\/p>\r\n\t\t\t\t\t\t\t\t\t<\/div>\r\n\t\t\t\t\t\t\t\t<\/div>\r\n\t\t\t\t\t\t\t<\/div><div class='clear'><\/div>\r\n\t\t\t\t\t\t\t<\/div><\/div>\r\n\t\t\t\t\t\t<\/div>\t\t\t\t\t\t<div class='evo_metarow_ICS evorow bordb evcal_evdata_row'>\r\n\t\t\t\t\t\t\t<span class=\"evcal_evdata_icons\"><i class=\"fa fa-calendar\"><\/i><\/span>\r\n\t\t\t\t\t\t\t<div class='evcal_evdata_cell'>\r\n\t\t\t\t\t\t\t\t<p><a href='https:\/\/www.federacao-triatlo.pt\/ftp2015\/wp-admin\/admin-ajax.php?action=eventon_ics_download&amp;event_id=105158&amp;sunix=20260126T080000Z&amp;eunix=20260322T200000Z&amp;loca=&amp;locn=Maia' class='evo_ics_nCal' title='Adicionar ao seu calend\u00e1rio'>Calend\u00e1rio<\/a><a href='\/\/www.google.com\/calendar\/event?action=TEMPLATE&amp;text=Curso+de+Treinadores+de+Triatlo+de+Grau+I+-+Maia&amp;dates=20260126T080000Z\/20260322T200000Z&amp;details=Curso+de+Treinadores+de+Triatlo+de+Grau+I+-+Maia&amp;location=Maia - ' target='_blank' class='evo_ics_gCal' title='Adicionar ao calend\u00e1rio Google'>GoogleCal<\/a><\/p>\t\r\n\t\t\t\t\t\t\t<\/div>\t\t\t\t\t\t<\/div>\r\n\t\t\t\t\t\t<div class='evo_metarow_cusF1 evorow evcal_evdata_row bordb evcal_evrow_sm '>\r\n\t\t\t\t\t\t<span class='evcal_evdata_custometa_icons'><i class='fa fa-asterisk'><\/i><\/span>\r\n\t\t\t\t\t\t<div class='evcal_evdata_cell'>\t\t\t\t\t\t\t\r\n\t\t\t\t\t\t\t<h3 class='evo_h3'>Inscri\u00e7\u00f5es<\/h3><a href='https:\/\/forms.gle\/s56C6v1qAAguvUr2A' target=\"_blank\" class='evcal_btn evo_cusmeta_btn'>Inscri\u00e7\u00f5es Abertas<\/a><\/div><div class='evcal_evdata_row evcal_close' title='Texto para bot\u00e3o '><\/div><\/div><\/div><div class='clear end'><\/div><\/div><\/div><div class='evcal_month_line'><p>Mar\u00e7o 2026<\/p><\/div><div id='evcal_list' class='evcal_list_month eventon_events_list '><div id=\"event_105158\" class=\"eventon_list_event evo_eventtop past_event event\" data-event_id=\"105158\" data-time=\"1769418000-1774213200\" data-colr=\"#088669\" itemscope itemtype='http:\/\/schema.org\/Event' 1><div class=\"evo_event_schema\" style=\"display:none\" ><a itemprop='url'  href='https:\/\/www.federacao-triatlo.pt\/ftp2015\/events\/curso-de-treinadores-de-triatlo-de-grau-i-maia\/'><\/a><span itemprop='name'  >Curso de Treinadores de Triatlo de Grau I - Maia<\/span><meta itemprop='image'  ><\/meta><meta itemprop='description' content='Curso de Treinadores de Triatlo de Grau I - Maia' ><\/meta><meta itemprop='startDate' content='2026-1-26' ><\/meta><meta itemprop='endDate' content='2026-3-22' ><\/meta><meta itemprop='eventStatus' content='on-schedule' ><\/meta><script type=\"application\/ld+json\">{\t\"@context\": \"http:\/\/schema.org\",\r\n\t\t\t\t\t\t\t  \t\"@type\": \"Event\",\r\n\t\t\t\t\t\t\t  \t\"name\": \"Curso de Treinadores de Triatlo de Grau I - Maia\",\r\n\t\t\t\t\t\t\t  \t\"startDate\": \"2026-1-26T09-09-00-00\",\r\n\t\t\t\t\t\t\t  \t\"endDate\": \"2026-3-22T21-21-00-00\",\r\n\t\t\t\t\t\t\t  \t\"image\":,\r\n\t\t\t\t\t\t\t  \t\"description\":\"Curso de Treinadores de Triatlo de Grau I - Maia\",\r\n\t\t\t\t\t\t\t  \t\r\n\t\t\t\t\t\t\t }\r\n\t\t\t\t\t\t\t<\/script><\/div>\r\n\t\t\t\t<p class=\"desc_trig_outter\"><a data-gmap_status=\"null\" data-exlk=\"0\" style=\"border-color: #088669;\" id=\"evc_1769418000105158\" class=\"desc_trig evo_formacao-treinadores mul_val evcal_list_a\" data-ux_val=\"1\"  ><span class='evcal_cblock ' data-bgcolor='#088669' data-smon='Janeiro' data-syr='2026'><span class='evo_start '><em class='date'>26<\/em><em class='month'>jan<\/em><em class='time'><i t=\"y\">(jan 26)<\/i>9:00<\/em><\/span><span class='evo_end '><em class='date'>22<\/em><em class='month'>mar<\/em><em class='time'><i t=\"y\">(mar 22)<\/i>21:00<\/em><\/span><em class='clear'><\/em><\/span><span class='evcal_desc evo_info hide_eventtopdata '  data-location_status=\"false\" ><span class='evo_above_title'><\/span><span class='evcal_desc2 evcal_event_title' itemprop='name'>Curso de Treinadores de Triatlo de Grau I - Maia<\/span><span class='evo_below_title'><span class='evcal_event_subtitle' >Curso de Treinadores de Triatlo de Grau I<\/span><\/span><span class='evcal_desc_info' ><em class=\"evcal_location\"  data-add_str=\"\"><em class=\"event_location_name\">Maia<\/em><\/em><\/span><span class='evcal_desc3'><span class='evcal_event_types ett1'><em><i>Tipo de Evento:<\/i><\/em><em data-filter='event_type'>Forma\u00e7\u00e3o de Treinadores<\/em><i class='clear'><\/i><\/span><\/span><\/span><em class='clear'><\/em><\/p><\/a><div class='event_description evcal_eventcard ' style=\"display:none\"><div class='evo_metarow_time_location evorow bordb '>\r\n\t\t\t\t\t\t<div class='tb' >\r\n\t\t\t\t\t\t\t<div class='tbrow'>\r\n\t\t\t\t\t\t\t<div class='evcal_col50 bordr'>\r\n\t\t\t\t\t\t\t\t<div class='evcal_evdata_row evo_time'>\r\n\t\t\t\t\t\t\t\t\t<span class='evcal_evdata_icons'><i class='fa fa-clock-o'><\/i><\/span>\r\n\t\t\t\t\t\t\t\t\t<div class='evcal_evdata_cell'>\t\t\t\t\t\t\t\r\n\t\t\t\t\t\t\t\t\t\t<h3 class='evo_h3'><span class='evcal_evdata_icons'><i class='fa fa-clock-o'><\/i><\/span>Hor\u00e1rio<\/h3>\r\n\t\t\t\t\t\t\t\t\t\t<p>Janeiro 26 (Segunda-feira) 9:00 - Mar\u00e7o 22 (Domingo) 21:00<\/p>\r\n\t\t\t\t\t\t\t\t\t<\/div>\r\n\t\t\t\t\t\t\t\t<\/div>\r\n\t\t\t\t\t\t\t<\/div><div class='evcal_col50'>\r\n\t\t\t\t\t\t\t\t<div class='evcal_evdata_row evo_location'>\r\n\t\t\t\t\t\t\t\t\t<span class='evcal_evdata_icons'><i class='fa fa-map-marker'><\/i><\/span>\r\n\t\t\t\t\t\t\t\t\t<div class='evcal_evdata_cell' data-loc_tax_id='1344'>\t\t\t\t\t\t\t\r\n\t\t\t\t\t\t\t\t\t\t<h3 class='evo_h3'><span class='evcal_evdata_icons'><i class='fa fa-map-marker'><\/i><\/span>Localiza\u00e7\u00e3o<\/h3><p class='evo_location_name'>Maia<\/p><p><\/p>\r\n\t\t\t\t\t\t\t\t\t<\/div>\r\n\t\t\t\t\t\t\t\t<\/div>\r\n\t\t\t\t\t\t\t<\/div><div class='clear'><\/div>\r\n\t\t\t\t\t\t\t<\/div><\/div>\r\n\t\t\t\t\t\t<\/div>\t\t\t\t\t\t<div class='evo_metarow_ICS evorow bordb evcal_evdata_row'>\r\n\t\t\t\t\t\t\t<span class=\"evcal_evdata_icons\"><i class=\"fa fa-calendar\"><\/i><\/span>\r\n\t\t\t\t\t\t\t<div class='evcal_evdata_cell'>\r\n\t\t\t\t\t\t\t\t<p><a href='https:\/\/www.federacao-triatlo.pt\/ftp2015\/wp-admin\/admin-ajax.php?action=eventon_ics_download&amp;event_id=105158&amp;sunix=20260126T080000Z&amp;eunix=20260322T200000Z&amp;loca=&amp;locn=Maia' class='evo_ics_nCal' title='Adicionar ao seu calend\u00e1rio'>Calend\u00e1rio<\/a><a href='\/\/www.google.com\/calendar\/event?action=TEMPLATE&amp;text=Curso+de+Treinadores+de+Triatlo+de+Grau+I+-+Maia&amp;dates=20260126T080000Z\/20260322T200000Z&amp;details=Curso+de+Treinadores+de+Triatlo+de+Grau+I+-+Maia&amp;location=Maia - ' target='_blank' class='evo_ics_gCal' title='Adicionar ao calend\u00e1rio Google'>GoogleCal<\/a><\/p>\t\r\n\t\t\t\t\t\t\t<\/div>\t\t\t\t\t\t<\/div>\r\n\t\t\t\t\t\t<div class='evo_metarow_cusF1 evorow evcal_evdata_row bordb evcal_evrow_sm '>\r\n\t\t\t\t\t\t<span class='evcal_evdata_custometa_icons'><i class='fa fa-asterisk'><\/i><\/span>\r\n\t\t\t\t\t\t<div class='evcal_evdata_cell'>\t\t\t\t\t\t\t\r\n\t\t\t\t\t\t\t<h3 class='evo_h3'>Inscri\u00e7\u00f5es<\/h3><a href='https:\/\/forms.gle\/s56C6v1qAAguvUr2A' target=\"_blank\" class='evcal_btn evo_cusmeta_btn'>Inscri\u00e7\u00f5es Abertas<\/a><\/div><div class='evcal_evdata_row evcal_close' title='Texto para bot\u00e3o '><\/div><\/div><\/div><div class='clear end'><\/div><\/div><div id=\"event_105155\" class=\"eventon_list_event evo_eventtop past_event event\" data-event_id=\"105155\" data-time=\"1769418000-1774213200\" data-colr=\"#088669\" itemscope itemtype='http:\/\/schema.org\/Event' 2><div class=\"evo_event_schema\" style=\"display:none\" ><a itemprop='url'  href='https:\/\/www.federacao-triatlo.pt\/ftp2015\/events\/curso-de-treinadores-de-triatlo-de-grau-i-jamor\/'><\/a><span itemprop='name'  >Curso de Treinadores de Triatlo de Grau I - Jamor<\/span><meta itemprop='image'  ><\/meta><meta itemprop='description' content='Curso de Treinadores de Triatlo de Grau I - Jamor' ><\/meta><meta itemprop='startDate' content='2026-1-26' ><\/meta><meta itemprop='endDate' content='2026-3-22' ><\/meta><meta itemprop='eventStatus' content='on-schedule' ><\/meta>\r\n\t\t\t\t\t\t\t\t\t<item style=\"display:none\" itemprop=\"location\" itemscope itemtype=\"http:\/\/schema.org\/Place\">\r\n\t\t\t\t\t\t\t\t\t\t<span itemprop=\"name\">Jamor<\/span>\r\n\t\t\t\t\t\t\t\t\t\t<span itemprop=\"address\" itemscope itemtype=\"http:\/\/schema.org\/PostalAddress\">\r\n\t\t\t\t\t\t\t\t\t\t\t<item itemprop=\"streetAddress\">Caxias<\/item>\r\n\t\t\t\t\t\t\t\t\t\t<\/span><\/item><script type=\"application\/ld+json\">{\t\"@context\": \"http:\/\/schema.org\",\r\n\t\t\t\t\t\t\t  \t\"@type\": \"Event\",\r\n\t\t\t\t\t\t\t  \t\"name\": \"Curso de Treinadores de Triatlo de Grau I - Jamor\",\r\n\t\t\t\t\t\t\t  \t\"startDate\": \"2026-1-26T09-09-00-00\",\r\n\t\t\t\t\t\t\t  \t\"endDate\": \"2026-3-22T21-21-00-00\",\r\n\t\t\t\t\t\t\t  \t\"image\":,\r\n\t\t\t\t\t\t\t  \t\"description\":\"Curso de Treinadores de Triatlo de Grau I - Jamor\",\r\n\t\t\t\t\t\t\t  \t\"location\":{\r\n\t\t\t\t\t\t\t\t\t\t\"@type\":\"Place\",\r\n\t\t\t\t\t\t\t\t\t\t\"name\":\"Jamor\",\r\n\t\t\t\t\t\t\t\t\t\t\"address\":\"Caxias\"\r\n\t\t\t\t\t\t\t  \t\t}\r\n\t\t\t\t\t\t\t }\r\n\t\t\t\t\t\t\t<\/script><\/div>\r\n\t\t\t\t<p class=\"desc_trig_outter\"><a data-gmap_status=\"null\" data-exlk=\"0\" style=\"border-color: #088669;\" id=\"evc_1769418000105155\" class=\"desc_trig evo_formacao-treinadores mul_val evcal_list_a\" data-ux_val=\"1\"  ><span class='evcal_cblock ' data-bgcolor='#088669' data-smon='Janeiro' data-syr='2026'><span class='evo_start '><em class='date'>26<\/em><em class='month'>jan<\/em><em class='time'><i t=\"y\">(jan 26)<\/i>9:00<\/em><\/span><span class='evo_end '><em class='date'>22<\/em><em class='month'>mar<\/em><em class='time'><i t=\"y\">(mar 22)<\/i>21:00<\/em><\/span><em class='clear'><\/em><\/span><span class='evcal_desc evo_info hide_eventtopdata '  data-location_address=\"Caxias\" data-location_type=\"address\" data-location_name=\"Jamor\" data-location_status=\"true\" ><span class='evo_above_title'><\/span><span class='evcal_desc2 evcal_event_title' itemprop='name'>Curso de Treinadores de Triatlo de Grau I - Jamor<\/span><span class='evo_below_title'><span class='evcal_event_subtitle' >Curso de Treinadores de Triatlo de Grau I<\/span><\/span><span class='evcal_desc_info' ><em class=\"evcal_location\"  data-add_str=\"\"><em class=\"event_location_name\">Jamor<\/em><\/em><\/span><span class='evcal_desc3'><span class='evcal_event_types ett1'><em><i>Tipo de Evento:<\/i><\/em><em data-filter='event_type'>Forma\u00e7\u00e3o de Treinadores<\/em><i class='clear'><\/i><\/span><\/span><\/span><em class='clear'><\/em><\/p><\/a><div class='event_description evcal_eventcard ' style=\"display:none\"><div class='evo_metarow_time_location evorow bordb '>\r\n\t\t\t\t\t\t<div class='tb' >\r\n\t\t\t\t\t\t\t<div class='tbrow'>\r\n\t\t\t\t\t\t\t<div class='evcal_col50 bordr'>\r\n\t\t\t\t\t\t\t\t<div class='evcal_evdata_row evo_time'>\r\n\t\t\t\t\t\t\t\t\t<span class='evcal_evdata_icons'><i class='fa fa-clock-o'><\/i><\/span>\r\n\t\t\t\t\t\t\t\t\t<div class='evcal_evdata_cell'>\t\t\t\t\t\t\t\r\n\t\t\t\t\t\t\t\t\t\t<h3 class='evo_h3'><span class='evcal_evdata_icons'><i class='fa fa-clock-o'><\/i><\/span>Hor\u00e1rio<\/h3>\r\n\t\t\t\t\t\t\t\t\t\t<p>Janeiro 26 (Segunda-feira) 9:00 - Mar\u00e7o 22 (Domingo) 21:00<\/p>\r\n\t\t\t\t\t\t\t\t\t<\/div>\r\n\t\t\t\t\t\t\t\t<\/div>\r\n\t\t\t\t\t\t\t<\/div><div class='evcal_col50'>\r\n\t\t\t\t\t\t\t\t<div class='evcal_evdata_row evo_location'>\r\n\t\t\t\t\t\t\t\t\t<span class='evcal_evdata_icons'><i class='fa fa-map-marker'><\/i><\/span>\r\n\t\t\t\t\t\t\t\t\t<div class='evcal_evdata_cell' data-loc_tax_id='22'>\t\t\t\t\t\t\t\r\n\t\t\t\t\t\t\t\t\t\t<h3 class='evo_h3'><span class='evcal_evdata_icons'><i class='fa fa-map-marker'><\/i><\/span>Localiza\u00e7\u00e3o<\/h3><p class='evo_location_name'>Jamor<\/p><p>Caxias<\/p>\r\n\t\t\t\t\t\t\t\t\t<\/div>\r\n\t\t\t\t\t\t\t\t<\/div>\r\n\t\t\t\t\t\t\t<\/div><div class='clear'><\/div>\r\n\t\t\t\t\t\t\t<\/div><\/div>\r\n\t\t\t\t\t\t<\/div>\t\t\t\t\t\t<div class='evo_metarow_ICS evorow bordb evcal_evdata_row'>\r\n\t\t\t\t\t\t\t<span class=\"evcal_evdata_icons\"><i class=\"fa fa-calendar\"><\/i><\/span>\r\n\t\t\t\t\t\t\t<div class='evcal_evdata_cell'>\r\n\t\t\t\t\t\t\t\t<p><a href='https:\/\/www.federacao-triatlo.pt\/ftp2015\/wp-admin\/admin-ajax.php?action=eventon_ics_download&amp;event_id=105155&amp;sunix=20260126T080000Z&amp;eunix=20260322T200000Z&amp;loca=Caxias&amp;locn=Jamor' class='evo_ics_nCal' title='Adicionar ao seu calend\u00e1rio'>Calend\u00e1rio<\/a><a href='\/\/www.google.com\/calendar\/event?action=TEMPLATE&amp;text=Curso+de+Treinadores+de+Triatlo+de+Grau+I+-+Jamor&amp;dates=20260126T080000Z\/20260322T200000Z&amp;details=Curso+de+Treinadores+de+Triatlo+de+Grau+I+-+Jamor&amp;location=Jamor - Caxias' target='_blank' class='evo_ics_gCal' title='Adicionar ao calend\u00e1rio Google'>GoogleCal<\/a><\/p>\t\r\n\t\t\t\t\t\t\t<\/div>\t\t\t\t\t\t<\/div>\r\n\t\t\t\t\t\t<div class='evo_metarow_cusF1 evorow evcal_evdata_row bordb evcal_evrow_sm '>\r\n\t\t\t\t\t\t<span class='evcal_evdata_custometa_icons'><i class='fa fa-asterisk'><\/i><\/span>\r\n\t\t\t\t\t\t<div class='evcal_evdata_cell'>\t\t\t\t\t\t\t\r\n\t\t\t\t\t\t\t<h3 class='evo_h3'>Inscri\u00e7\u00f5es<\/h3><a href='https:\/\/forms.gle\/7ufBno7NauKnqpc29' target=\"_blank\" class='evcal_btn evo_cusmeta_btn'>Inscri\u00e7\u00f5es Fechadas<\/a><\/div><div class='evcal_evdata_row evcal_close' title='Texto para bot\u00e3o '><\/div><\/div><\/div><div class='clear end'><\/div><\/div><div id=\"event_106067\" class=\"eventon_list_event evo_eventtop  event\" data-event_id=\"106067\" data-time=\"1772447640-1780223640\" data-colr=\"#088669\" itemscope itemtype='http:\/\/schema.org\/Event' 3><div class=\"evo_event_schema\" style=\"display:none\" ><a itemprop='url'  href='https:\/\/www.federacao-triatlo.pt\/ftp2015\/events\/curso_treinadores_triatlo_grau_ii_santarem\/'><\/a><span itemprop='name'  >CURSO DE TREINADORES DE TRIATLO DE GRAU II - Santar\u00e9m'26<\/span><meta itemprop='image'  ><\/meta><meta itemprop='description' content='CURSO DE TREINADORES DE TRIATLO DE GRAU II - Santar\u00e9m'26' ><\/meta><meta itemprop='startDate' content='2026-3-2' ><\/meta><meta itemprop='endDate' content='2026-5-31' ><\/meta><meta itemprop='eventStatus' content='on-schedule' ><\/meta>\r\n\t\t\t\t\t\t\t\t\t<item style=\"display:none\" itemprop=\"location\" itemscope itemtype=\"http:\/\/schema.org\/Place\">\r\n\t\t\t\t\t\t\t\t\t\t<span itemprop=\"name\">Santar\u00e9m<\/span>\r\n\t\t\t\t\t\t\t\t\t\t<span itemprop=\"address\" itemscope itemtype=\"http:\/\/schema.org\/PostalAddress\">\r\n\t\t\t\t\t\t\t\t\t\t\t<item itemprop=\"streetAddress\">Santar\u00e9m<\/item>\r\n\t\t\t\t\t\t\t\t\t\t<\/span><\/item><script type=\"application\/ld+json\">{\t\"@context\": \"http:\/\/schema.org\",\r\n\t\t\t\t\t\t\t  \t\"@type\": \"Event\",\r\n\t\t\t\t\t\t\t  \t\"name\": \"CURSO DE TREINADORES DE TRIATLO DE GRAU II - Santar\u00e9m'26\",\r\n\t\t\t\t\t\t\t  \t\"startDate\": \"2026-3-2T10-10-34-00\",\r\n\t\t\t\t\t\t\t  \t\"endDate\": \"2026-5-31T10-10-34-00\",\r\n\t\t\t\t\t\t\t  \t\"image\":,\r\n\t\t\t\t\t\t\t  \t\"description\":\"CURSO DE TREINADORES DE TRIATLO DE GRAU II - Santar\u00e9m'26\",\r\n\t\t\t\t\t\t\t  \t\"location\":{\r\n\t\t\t\t\t\t\t\t\t\t\"@type\":\"Place\",\r\n\t\t\t\t\t\t\t\t\t\t\"name\":\"Santar\u00e9m\",\r\n\t\t\t\t\t\t\t\t\t\t\"address\":\"Santar\u00e9m\"\r\n\t\t\t\t\t\t\t  \t\t}\r\n\t\t\t\t\t\t\t }\r\n\t\t\t\t\t\t\t<\/script><\/div>\r\n\t\t\t\t<p class=\"desc_trig_outter\"><a data-gmap_status=\"null\" data-exlk=\"0\" style=\"border-color: #088669;\" id=\"evc_1772447640106067\" class=\"desc_trig evo_formacoes-federacao-triatlo-portugal evo_formacao evo_formacao-treinadores mul_val evcal_list_a\" data-ux_val=\"1\"  ><span class='evcal_cblock ' data-bgcolor='#088669' data-smon='Mar\u00e7o' data-syr='2026'><span class='evo_start '><em class='date'>02<\/em><em class='month'>mar<\/em><em class='time'><i t=\"y\">(mar 2)<\/i>10:34<\/em><\/span><span class='evo_end '><em class='date'>31<\/em><em class='month'>mai<\/em><em class='time'><i t=\"y\">(mai 31)<\/i>10:34<\/em><\/span><em class='clear'><\/em><\/span><span class='evcal_desc evo_info hide_eventtopdata ' data-latlng=\"39.219705,-8.697315\"  data-location_address=\"Santar\u00e9m\" data-location_type=\"lonlat\" data-location_name=\"Santar\u00e9m\" data-location_status=\"true\" ><span class='evo_above_title'><\/span><span class='evcal_desc2 evcal_event_title' itemprop='name'>CURSO DE TREINADORES DE TRIATLO DE GRAU II - Santar\u00e9m'26<\/span><span class='evo_below_title'><\/span><span class='evcal_desc_info' ><em class=\"evcal_location\" data-latlng=\"39.219705,-8.697315\"  data-add_str=\"\"><em class=\"event_location_name\">Santar\u00e9m<\/em><\/em><\/span><span class='evcal_desc3'><span class='evcal_event_types ett1'><em><i>Tipo de Evento:<\/i><\/em><em data-filter='event_type'>Forma\u00e7\u00e3o,<\/em><em data-filter='event_type'>Forma\u00e7\u00e3o,<\/em><em data-filter='event_type'>Forma\u00e7\u00e3o de Treinadores<\/em><i class='clear'><\/i><\/span><\/span><\/span><em class='clear'><\/em><\/p><\/a><div class='event_description evcal_eventcard ' style=\"display:none\"><div class='evo_metarow_time_location evorow bordb '>\r\n\t\t\t\t\t\t<div class='tb' >\r\n\t\t\t\t\t\t\t<div class='tbrow'>\r\n\t\t\t\t\t\t\t<div class='evcal_col50 bordr'>\r\n\t\t\t\t\t\t\t\t<div class='evcal_evdata_row evo_time'>\r\n\t\t\t\t\t\t\t\t\t<span class='evcal_evdata_icons'><i class='fa fa-clock-o'><\/i><\/span>\r\n\t\t\t\t\t\t\t\t\t<div class='evcal_evdata_cell'>\t\t\t\t\t\t\t\r\n\t\t\t\t\t\t\t\t\t\t<h3 class='evo_h3'><span class='evcal_evdata_icons'><i class='fa fa-clock-o'><\/i><\/span>Hor\u00e1rio<\/h3>\r\n\t\t\t\t\t\t\t\t\t\t<p>Mar\u00e7o 2 (Segunda-feira) 10:34 - Maio 31 (Domingo) 10:34<\/p>\r\n\t\t\t\t\t\t\t\t\t<\/div>\r\n\t\t\t\t\t\t\t\t<\/div>\r\n\t\t\t\t\t\t\t<\/div><div class='evcal_col50'>\r\n\t\t\t\t\t\t\t\t<div class='evcal_evdata_row evo_location'>\r\n\t\t\t\t\t\t\t\t\t<span class='evcal_evdata_icons'><i class='fa fa-map-marker'><\/i><\/span>\r\n\t\t\t\t\t\t\t\t\t<div class='evcal_evdata_cell' data-loc_tax_id='149'>\t\t\t\t\t\t\t\r\n\t\t\t\t\t\t\t\t\t\t<h3 class='evo_h3'><span class='evcal_evdata_icons'><i class='fa fa-map-marker'><\/i><\/span>Localiza\u00e7\u00e3o<\/h3><p class='evo_location_name'>Santar\u00e9m<\/p><p>Santar\u00e9m<\/p>\r\n\t\t\t\t\t\t\t\t\t<\/div>\r\n\t\t\t\t\t\t\t\t<\/div>\r\n\t\t\t\t\t\t\t<\/div><div class='clear'><\/div>\r\n\t\t\t\t\t\t\t<\/div><\/div>\r\n\t\t\t\t\t\t<\/div><div class='evo_metarow_organizer evorow evcal_evdata_row bordb evcal_evrow_sm '>\r\n\t\t\t\t\t\t\t<span class='evcal_evdata_icons'><i class='fa fa-headphones'><\/i><\/span>\r\n\t\t\t\t\t\t\t<div class='evcal_evdata_cell'>\t\t\t\t\t\t\t\r\n\t\t\t\t\t\t\t\t<h3 class='evo_h3'>Evento organizado por<\/h3>\r\n\t\t\t\t\t\t\t\t\r\n\t\t\t\t\t\t\t\t<div class='evo_card_organizer'><p class='evo_data_val evo_card_organizer_name'>\r\n\t\t\t\t\t\t\t\t\t<span class='evo_card_organizer_name_t'>Federa\u00e7\u00e3o de Triatlo de Portugal<\/span>\r\n\t\t\t\t\t\t\t\t\t\r\n\t\t\t\t\t\t\t\t\t<\/p><\/div><div class='clear'><\/div>\t\t\t\t\t\t\t\r\n\t\t\t\t\t\t\t<\/div>\r\n\t\t\t\t\t\t<\/div>\t\t\t\t\t\t<div class='evo_metarow_ICS evorow bordb evcal_evdata_row'>\r\n\t\t\t\t\t\t\t<span class=\"evcal_evdata_icons\"><i class=\"fa fa-calendar\"><\/i><\/span>\r\n\t\t\t\t\t\t\t<div class='evcal_evdata_cell'>\r\n\t\t\t\t\t\t\t\t<p><a href='https:\/\/www.federacao-triatlo.pt\/ftp2015\/wp-admin\/admin-ajax.php?action=eventon_ics_download&amp;event_id=106067&amp;sunix=20260302T093400Z&amp;eunix=20260531T093400Z&amp;loca=Santar\u00e9m&amp;locn=Santar\u00e9m' class='evo_ics_nCal' title='Adicionar ao seu calend\u00e1rio'>Calend\u00e1rio<\/a><a href='\/\/www.google.com\/calendar\/event?action=TEMPLATE&amp;text=CURSO+DE+TREINADORES+DE+TRIATLO+DE+GRAU+II+-+Santar%C3%A9m%2726&amp;dates=20260302T093400Z\/20260531T093400Z&amp;details=CURSO+DE+TREINADORES+DE+TRIATLO+DE+GRAU+II+-+Santar%C3%A9m%2726&amp;location=Santar%C3%A9m - Santar%C3%A9m' target='_blank' class='evo_ics_gCal' title='Adicionar ao calend\u00e1rio Google'>GoogleCal<\/a><\/p>\t\r\n\t\t\t\t\t\t\t<\/div>\t\t\t\t\t\t<\/div>\r\n\t\t\t\t\t\t<div class='evo_metarow_cusF1 evorow evcal_evdata_row bordb evcal_evrow_sm '>\r\n\t\t\t\t\t\t<span class='evcal_evdata_custometa_icons'><i class='fa fa-asterisk'><\/i><\/span>\r\n\t\t\t\t\t\t<div class='evcal_evdata_cell'>\t\t\t\t\t\t\t\r\n\t\t\t\t\t\t\t<h3 class='evo_h3'>Inscri\u00e7\u00f5es<\/h3><a href='https:\/\/forms.gle\/QamRWiPE2D1SU8bs9' target=\"_blank\" class='evcal_btn evo_cusmeta_btn'>Inscri\u00e7\u00f5es Abertas<\/a><\/div><div class='evcal_evdata_row evcal_close' title='Texto para bot\u00e3o '><\/div><\/div><\/div><div class='clear end'><\/div><\/div><\/div><div class='evcal_month_line'><p>Abril 2026<\/p><\/div><div id='evcal_list' class='evcal_list_month eventon_events_list '><div id=\"event_106067\" class=\"eventon_list_event evo_eventtop  event\" data-event_id=\"106067\" data-time=\"1772447640-1780223640\" data-colr=\"#088669\" itemscope itemtype='http:\/\/schema.org\/Event' 1><div class=\"evo_event_schema\" style=\"display:none\" ><a itemprop='url'  href='https:\/\/www.federacao-triatlo.pt\/ftp2015\/events\/curso_treinadores_triatlo_grau_ii_santarem\/'><\/a><span itemprop='name'  >CURSO DE TREINADORES DE TRIATLO DE GRAU II - Santar\u00e9m'26<\/span><meta itemprop='image'  ><\/meta><meta itemprop='description' content='CURSO DE TREINADORES DE TRIATLO DE GRAU II - Santar\u00e9m'26' ><\/meta><meta itemprop='startDate' content='2026-3-2' ><\/meta><meta itemprop='endDate' content='2026-5-31' ><\/meta><meta itemprop='eventStatus' content='on-schedule' ><\/meta>\r\n\t\t\t\t\t\t\t\t\t<item style=\"display:none\" itemprop=\"location\" itemscope itemtype=\"http:\/\/schema.org\/Place\">\r\n\t\t\t\t\t\t\t\t\t\t<span itemprop=\"name\">Santar\u00e9m<\/span>\r\n\t\t\t\t\t\t\t\t\t\t<span itemprop=\"address\" itemscope itemtype=\"http:\/\/schema.org\/PostalAddress\">\r\n\t\t\t\t\t\t\t\t\t\t\t<item itemprop=\"streetAddress\">Santar\u00e9m<\/item>\r\n\t\t\t\t\t\t\t\t\t\t<\/span><\/item><script type=\"application\/ld+json\">{\t\"@context\": \"http:\/\/schema.org\",\r\n\t\t\t\t\t\t\t  \t\"@type\": \"Event\",\r\n\t\t\t\t\t\t\t  \t\"name\": \"CURSO DE TREINADORES DE TRIATLO DE GRAU II - Santar\u00e9m'26\",\r\n\t\t\t\t\t\t\t  \t\"startDate\": \"2026-3-2T10-10-34-00\",\r\n\t\t\t\t\t\t\t  \t\"endDate\": \"2026-5-31T10-10-34-00\",\r\n\t\t\t\t\t\t\t  \t\"image\":,\r\n\t\t\t\t\t\t\t  \t\"description\":\"CURSO DE TREINADORES DE TRIATLO DE GRAU II - Santar\u00e9m'26\",\r\n\t\t\t\t\t\t\t  \t\"location\":{\r\n\t\t\t\t\t\t\t\t\t\t\"@type\":\"Place\",\r\n\t\t\t\t\t\t\t\t\t\t\"name\":\"Santar\u00e9m\",\r\n\t\t\t\t\t\t\t\t\t\t\"address\":\"Santar\u00e9m\"\r\n\t\t\t\t\t\t\t  \t\t}\r\n\t\t\t\t\t\t\t }\r\n\t\t\t\t\t\t\t<\/script><\/div>\r\n\t\t\t\t<p class=\"desc_trig_outter\"><a data-gmap_status=\"null\" data-exlk=\"0\" style=\"border-color: #088669;\" id=\"evc_1772447640106067\" class=\"desc_trig evo_formacoes-federacao-triatlo-portugal evo_formacao evo_formacao-treinadores mul_val evcal_list_a\" data-ux_val=\"1\"  ><span class='evcal_cblock ' data-bgcolor='#088669' data-smon='Mar\u00e7o' data-syr='2026'><span class='evo_start '><em class='date'>02<\/em><em class='month'>mar<\/em><em class='time'><i t=\"y\">(mar 2)<\/i>10:34<\/em><\/span><span class='evo_end '><em class='date'>31<\/em><em class='month'>mai<\/em><em class='time'><i t=\"y\">(mai 31)<\/i>10:34<\/em><\/span><em class='clear'><\/em><\/span><span class='evcal_desc evo_info hide_eventtopdata ' data-latlng=\"39.219705,-8.697315\"  data-location_address=\"Santar\u00e9m\" data-location_type=\"lonlat\" data-location_name=\"Santar\u00e9m\" data-location_status=\"true\" ><span class='evo_above_title'><\/span><span class='evcal_desc2 evcal_event_title' itemprop='name'>CURSO DE TREINADORES DE TRIATLO DE GRAU II - Santar\u00e9m'26<\/span><span class='evo_below_title'><\/span><span class='evcal_desc_info' ><em class=\"evcal_location\" data-latlng=\"39.219705,-8.697315\"  data-add_str=\"\"><em class=\"event_location_name\">Santar\u00e9m<\/em><\/em><\/span><span class='evcal_desc3'><span class='evcal_event_types ett1'><em><i>Tipo de Evento:<\/i><\/em><em data-filter='event_type'>Forma\u00e7\u00e3o,<\/em><em data-filter='event_type'>Forma\u00e7\u00e3o,<\/em><em data-filter='event_type'>Forma\u00e7\u00e3o de Treinadores<\/em><i class='clear'><\/i><\/span><\/span><\/span><em class='clear'><\/em><\/p><\/a><div class='event_description evcal_eventcard ' style=\"display:none\"><div class='evo_metarow_time_location evorow bordb '>\r\n\t\t\t\t\t\t<div class='tb' >\r\n\t\t\t\t\t\t\t<div class='tbrow'>\r\n\t\t\t\t\t\t\t<div class='evcal_col50 bordr'>\r\n\t\t\t\t\t\t\t\t<div class='evcal_evdata_row evo_time'>\r\n\t\t\t\t\t\t\t\t\t<span class='evcal_evdata_icons'><i class='fa fa-clock-o'><\/i><\/span>\r\n\t\t\t\t\t\t\t\t\t<div class='evcal_evdata_cell'>\t\t\t\t\t\t\t\r\n\t\t\t\t\t\t\t\t\t\t<h3 class='evo_h3'><span class='evcal_evdata_icons'><i class='fa fa-clock-o'><\/i><\/span>Hor\u00e1rio<\/h3>\r\n\t\t\t\t\t\t\t\t\t\t<p>Mar\u00e7o 2 (Segunda-feira) 10:34 - Maio 31 (Domingo) 10:34<\/p>\r\n\t\t\t\t\t\t\t\t\t<\/div>\r\n\t\t\t\t\t\t\t\t<\/div>\r\n\t\t\t\t\t\t\t<\/div><div class='evcal_col50'>\r\n\t\t\t\t\t\t\t\t<div class='evcal_evdata_row evo_location'>\r\n\t\t\t\t\t\t\t\t\t<span class='evcal_evdata_icons'><i class='fa fa-map-marker'><\/i><\/span>\r\n\t\t\t\t\t\t\t\t\t<div class='evcal_evdata_cell' data-loc_tax_id='149'>\t\t\t\t\t\t\t\r\n\t\t\t\t\t\t\t\t\t\t<h3 class='evo_h3'><span class='evcal_evdata_icons'><i class='fa fa-map-marker'><\/i><\/span>Localiza\u00e7\u00e3o<\/h3><p class='evo_location_name'>Santar\u00e9m<\/p><p>Santar\u00e9m<\/p>\r\n\t\t\t\t\t\t\t\t\t<\/div>\r\n\t\t\t\t\t\t\t\t<\/div>\r\n\t\t\t\t\t\t\t<\/div><div class='clear'><\/div>\r\n\t\t\t\t\t\t\t<\/div><\/div>\r\n\t\t\t\t\t\t<\/div><div class='evo_metarow_organizer evorow evcal_evdata_row bordb evcal_evrow_sm '>\r\n\t\t\t\t\t\t\t<span class='evcal_evdata_icons'><i class='fa fa-headphones'><\/i><\/span>\r\n\t\t\t\t\t\t\t<div class='evcal_evdata_cell'>\t\t\t\t\t\t\t\r\n\t\t\t\t\t\t\t\t<h3 class='evo_h3'>Evento organizado por<\/h3>\r\n\t\t\t\t\t\t\t\t\r\n\t\t\t\t\t\t\t\t<div class='evo_card_organizer'><p class='evo_data_val evo_card_organizer_name'>\r\n\t\t\t\t\t\t\t\t\t<span class='evo_card_organizer_name_t'>Federa\u00e7\u00e3o de Triatlo de Portugal<\/span>\r\n\t\t\t\t\t\t\t\t\t\r\n\t\t\t\t\t\t\t\t\t<\/p><\/div><div class='clear'><\/div>\t\t\t\t\t\t\t\r\n\t\t\t\t\t\t\t<\/div>\r\n\t\t\t\t\t\t<\/div>\t\t\t\t\t\t<div class='evo_metarow_ICS evorow bordb evcal_evdata_row'>\r\n\t\t\t\t\t\t\t<span class=\"evcal_evdata_icons\"><i class=\"fa fa-calendar\"><\/i><\/span>\r\n\t\t\t\t\t\t\t<div class='evcal_evdata_cell'>\r\n\t\t\t\t\t\t\t\t<p><a href='https:\/\/www.federacao-triatlo.pt\/ftp2015\/wp-admin\/admin-ajax.php?action=eventon_ics_download&amp;event_id=106067&amp;sunix=20260302T093400Z&amp;eunix=20260531T093400Z&amp;loca=Santar\u00e9m&amp;locn=Santar\u00e9m' class='evo_ics_nCal' title='Adicionar ao seu calend\u00e1rio'>Calend\u00e1rio<\/a><a href='\/\/www.google.com\/calendar\/event?action=TEMPLATE&amp;text=CURSO+DE+TREINADORES+DE+TRIATLO+DE+GRAU+II+-+Santar%C3%A9m%2726&amp;dates=20260302T093400Z\/20260531T093400Z&amp;details=CURSO+DE+TREINADORES+DE+TRIATLO+DE+GRAU+II+-+Santar%C3%A9m%2726&amp;location=Santar%C3%A9m - Santar%C3%A9m' target='_blank' class='evo_ics_gCal' title='Adicionar ao calend\u00e1rio Google'>GoogleCal<\/a><\/p>\t\r\n\t\t\t\t\t\t\t<\/div>\t\t\t\t\t\t<\/div>\r\n\t\t\t\t\t\t<div class='evo_metarow_cusF1 evorow evcal_evdata_row bordb evcal_evrow_sm '>\r\n\t\t\t\t\t\t<span class='evcal_evdata_custometa_icons'><i class='fa fa-asterisk'><\/i><\/span>\r\n\t\t\t\t\t\t<div class='evcal_evdata_cell'>\t\t\t\t\t\t\t\r\n\t\t\t\t\t\t\t<h3 class='evo_h3'>Inscri\u00e7\u00f5es<\/h3><a href='https:\/\/forms.gle\/QamRWiPE2D1SU8bs9' target=\"_blank\" class='evcal_btn evo_cusmeta_btn'>Inscri\u00e7\u00f5es Abertas<\/a><\/div><div class='evcal_evdata_row evcal_close' title='Texto para bot\u00e3o '><\/div><\/div><\/div><div class='clear end'><\/div><\/div><div id=\"event_106434\" class=\"eventon_list_event evo_eventtop past_event event\" data-event_id=\"106434\" data-time=\"1776524400-1776535200\" data-colr=\"#088669\" itemscope itemtype='http:\/\/schema.org\/Event' 2><div class=\"evo_event_schema\" style=\"display:none\" ><a itemprop='url'  href='https:\/\/www.federacao-triatlo.pt\/ftp2015\/events\/o-nado-e-a-orientacao-dos-nadadores-em-aguas-abertas\/'><\/a><span itemprop='name'  >O Nado e a Orienta\u00e7\u00e3o dos Nadadores em \u00c1guas Abertas<\/span><meta itemprop='image'  ><\/meta><meta itemprop='description' content='O Nado e a Orienta\u00e7\u00e3o dos Nadadores em \u00c1guas Abertas' ><\/meta><meta itemprop='startDate' content='2026-4-18' ><\/meta><meta itemprop='endDate' content='2026-4-18' ><\/meta><meta itemprop='eventStatus' content='on-schedule' ><\/meta><script type=\"application\/ld+json\">{\t\"@context\": \"http:\/\/schema.org\",\r\n\t\t\t\t\t\t\t  \t\"@type\": \"Event\",\r\n\t\t\t\t\t\t\t  \t\"name\": \"O Nado e a Orienta\u00e7\u00e3o dos Nadadores em \u00c1guas Abertas\",\r\n\t\t\t\t\t\t\t  \t\"startDate\": \"2026-4-18T15-15-00-00\",\r\n\t\t\t\t\t\t\t  \t\"endDate\": \"2026-4-18T18-18-00-00\",\r\n\t\t\t\t\t\t\t  \t\"image\":,\r\n\t\t\t\t\t\t\t  \t\"description\":\"O Nado e a Orienta\u00e7\u00e3o dos Nadadores em \u00c1guas Abertas\",\r\n\t\t\t\t\t\t\t  \t\r\n\t\t\t\t\t\t\t }\r\n\t\t\t\t\t\t\t<\/script><\/div>\r\n\t\t\t\t<p class=\"desc_trig_outter\"><a data-gmap_status=\"null\" data-exlk=\"0\" style=\"border-color: #088669;\" id=\"evc_1776524400106434\" class=\"desc_trig evo_formacoes-federacao-triatlo-portugal evo_formacao evo_formacao-continua sin_val evcal_list_a\" data-ux_val=\"1\"  ><span class='evcal_cblock ' data-bgcolor='#088669' data-smon='Abril' data-syr='2026'><span class='evo_start '><em class='date'>18<\/em><em class='month'>abr<\/em><em class='time'>15:00<\/em><\/span><span class='evo_end only_time'><em class='time'>18:00<\/em><\/span><em class='clear'><\/em><\/span><span class='evcal_desc evo_info hide_eventtopdata '  data-location_status=\"false\" ><span class='evo_above_title'><\/span><span class='evcal_desc2 evcal_event_title' itemprop='name'>O Nado e a Orienta\u00e7\u00e3o dos Nadadores em \u00c1guas Abertas<\/span><span class='evo_below_title'><\/span><span class='evcal_desc_info' ><em class=\"evcal_location\"  data-add_str=\"\"><em class=\"event_location_name\">Audit\u00f3rio do Complexo de Piscinas do Jamor<\/em><\/em><\/span><span class='evcal_desc3'><span class='evcal_event_types ett1'><em><i>Tipo de Evento:<\/i><\/em><em data-filter='event_type'>Forma\u00e7\u00e3o,<\/em><em data-filter='event_type'>Forma\u00e7\u00e3o,<\/em><em data-filter='event_type'>Forma\u00e7\u00e3o Cont\u00ednua<\/em><i class='clear'><\/i><\/span><\/span><\/span><em class='clear'><\/em><\/p><\/a><div class='event_description evcal_eventcard ' style=\"display:none\"><div class='evo_metarow_time_location evorow bordb '>\r\n\t\t\t\t\t\t<div class='tb' >\r\n\t\t\t\t\t\t\t<div class='tbrow'>\r\n\t\t\t\t\t\t\t<div class='evcal_col50 bordr'>\r\n\t\t\t\t\t\t\t\t<div class='evcal_evdata_row evo_time'>\r\n\t\t\t\t\t\t\t\t\t<span class='evcal_evdata_icons'><i class='fa fa-clock-o'><\/i><\/span>\r\n\t\t\t\t\t\t\t\t\t<div class='evcal_evdata_cell'>\t\t\t\t\t\t\t\r\n\t\t\t\t\t\t\t\t\t\t<h3 class='evo_h3'><span class='evcal_evdata_icons'><i class='fa fa-clock-o'><\/i><\/span>Hor\u00e1rio<\/h3>\r\n\t\t\t\t\t\t\t\t\t\t<p>(S\u00e1bado) 15:00 - 18:00<\/p>\r\n\t\t\t\t\t\t\t\t\t<\/div>\r\n\t\t\t\t\t\t\t\t<\/div>\r\n\t\t\t\t\t\t\t<\/div><div class='evcal_col50'>\r\n\t\t\t\t\t\t\t\t<div class='evcal_evdata_row evo_location'>\r\n\t\t\t\t\t\t\t\t\t<span class='evcal_evdata_icons'><i class='fa fa-map-marker'><\/i><\/span>\r\n\t\t\t\t\t\t\t\t\t<div class='evcal_evdata_cell' data-loc_tax_id='1407'>\t\t\t\t\t\t\t\r\n\t\t\t\t\t\t\t\t\t\t<h3 class='evo_h3'><span class='evcal_evdata_icons'><i class='fa fa-map-marker'><\/i><\/span><a target=\"_blank\" href=\"https:\/\/maps.app.goo.gl\/NZNP4uZtU7YCN5CC7\">Localiza\u00e7\u00e3o<\/a><\/h3><p class='evo_location_name'>Audit\u00f3rio do Complexo de Piscinas do Jamor<\/p><p><\/p>\r\n\t\t\t\t\t\t\t\t\t<\/div>\r\n\t\t\t\t\t\t\t\t<\/div>\r\n\t\t\t\t\t\t\t<\/div><div class='clear'><\/div>\r\n\t\t\t\t\t\t\t<\/div><\/div>\r\n\t\t\t\t\t\t<\/div><div class='evo_metarow_organizer evorow evcal_evdata_row bordb evcal_evrow_sm '>\r\n\t\t\t\t\t\t\t<span class='evcal_evdata_icons'><i class='fa fa-headphones'><\/i><\/span>\r\n\t\t\t\t\t\t\t<div class='evcal_evdata_cell'>\t\t\t\t\t\t\t\r\n\t\t\t\t\t\t\t\t<h3 class='evo_h3'>Evento organizado por<\/h3>\r\n\t\t\t\t\t\t\t\t\r\n\t\t\t\t\t\t\t\t<div class='evo_card_organizer'><p class='evo_data_val evo_card_organizer_name'>\r\n\t\t\t\t\t\t\t\t\t<span class='evo_card_organizer_name_t'>Federa\u00e7\u00e3o de Triatlo de Portugal<\/span>\r\n\t\t\t\t\t\t\t\t\t\r\n\t\t\t\t\t\t\t\t\t<\/p><\/div><div class='clear'><\/div>\t\t\t\t\t\t\t\r\n\t\t\t\t\t\t\t<\/div>\r\n\t\t\t\t\t\t<\/div>\t\t\t\t\t\t<div class='evo_metarow_ICS evorow bordb evcal_evdata_row'>\r\n\t\t\t\t\t\t\t<span class=\"evcal_evdata_icons\"><i class=\"fa fa-calendar\"><\/i><\/span>\r\n\t\t\t\t\t\t\t<div class='evcal_evdata_cell'>\r\n\t\t\t\t\t\t\t\t<p><a href='https:\/\/www.federacao-triatlo.pt\/ftp2015\/wp-admin\/admin-ajax.php?action=eventon_ics_download&amp;event_id=106434&amp;sunix=20260418T140000Z&amp;eunix=20260418T170000Z&amp;loca=&amp;locn=Audit\u00f3rio do Complexo de Piscinas do Jamor' class='evo_ics_nCal' title='Adicionar ao seu calend\u00e1rio'>Calend\u00e1rio<\/a><a href='\/\/www.google.com\/calendar\/event?action=TEMPLATE&amp;text=O+Nado+e+a+Orienta%C3%A7%C3%A3o+dos+Nadadores+em+%C3%81guas+Abertas&amp;dates=20260418T140000Z\/20260418T170000Z&amp;details=O+Nado+e+a+Orienta%C3%A7%C3%A3o+dos+Nadadores+em+%C3%81guas+Abertas&amp;location=Audit%C3%B3rio+do+Complexo+de+Piscinas+do+Jamor - ' target='_blank' class='evo_ics_gCal' title='Adicionar ao calend\u00e1rio Google'>GoogleCal<\/a><\/p>\t\r\n\t\t\t\t\t\t\t<\/div>\t\t\t\t\t\t<\/div>\r\n\t\t\t\t\t\t<div class='evo_metarow_cusF1 evorow evcal_evdata_row bordb evcal_evrow_sm '>\r\n\t\t\t\t\t\t<span class='evcal_evdata_custometa_icons'><i class='fa fa-asterisk'><\/i><\/span>\r\n\t\t\t\t\t\t<div class='evcal_evdata_cell'>\t\t\t\t\t\t\t\r\n\t\t\t\t\t\t\t<h3 class='evo_h3'>Inscri\u00e7\u00f5es<\/h3><a href='https:\/\/forms.gle\/dQ7v9FSMrE1epCR49' target=\"_blank\" class='evcal_btn evo_cusmeta_btn'>Inscri\u00e7\u00f5es Abertas<\/a><\/div><div class='evcal_evdata_row evcal_close' title='Texto para bot\u00e3o '><\/div><\/div><\/div><div class='clear end'><\/div><\/div><\/div><div class='evcal_month_line'><p>Maio 2026<\/p><\/div><div id='evcal_list' class='evcal_list_month eventon_events_list '><div id=\"event_106067\" class=\"eventon_list_event evo_eventtop  event\" data-event_id=\"106067\" data-time=\"1772447640-1780223640\" data-colr=\"#088669\" itemscope itemtype='http:\/\/schema.org\/Event' 1><div class=\"evo_event_schema\" style=\"display:none\" ><a itemprop='url'  href='https:\/\/www.federacao-triatlo.pt\/ftp2015\/events\/curso_treinadores_triatlo_grau_ii_santarem\/'><\/a><span itemprop='name'  >CURSO DE TREINADORES DE TRIATLO DE GRAU II - Santar\u00e9m'26<\/span><meta itemprop='image'  ><\/meta><meta itemprop='description' content='CURSO DE TREINADORES DE TRIATLO DE GRAU II - Santar\u00e9m'26' ><\/meta><meta itemprop='startDate' content='2026-3-2' ><\/meta><meta itemprop='endDate' content='2026-5-31' ><\/meta><meta itemprop='eventStatus' content='on-schedule' ><\/meta>\r\n\t\t\t\t\t\t\t\t\t<item style=\"display:none\" itemprop=\"location\" itemscope itemtype=\"http:\/\/schema.org\/Place\">\r\n\t\t\t\t\t\t\t\t\t\t<span itemprop=\"name\">Santar\u00e9m<\/span>\r\n\t\t\t\t\t\t\t\t\t\t<span itemprop=\"address\" itemscope itemtype=\"http:\/\/schema.org\/PostalAddress\">\r\n\t\t\t\t\t\t\t\t\t\t\t<item itemprop=\"streetAddress\">Santar\u00e9m<\/item>\r\n\t\t\t\t\t\t\t\t\t\t<\/span><\/item><script type=\"application\/ld+json\">{\t\"@context\": \"http:\/\/schema.org\",\r\n\t\t\t\t\t\t\t  \t\"@type\": \"Event\",\r\n\t\t\t\t\t\t\t  \t\"name\": \"CURSO DE TREINADORES DE TRIATLO DE GRAU II - Santar\u00e9m'26\",\r\n\t\t\t\t\t\t\t  \t\"startDate\": \"2026-3-2T10-10-34-00\",\r\n\t\t\t\t\t\t\t  \t\"endDate\": \"2026-5-31T10-10-34-00\",\r\n\t\t\t\t\t\t\t  \t\"image\":,\r\n\t\t\t\t\t\t\t  \t\"description\":\"CURSO DE TREINADORES DE TRIATLO DE GRAU II - Santar\u00e9m'26\",\r\n\t\t\t\t\t\t\t  \t\"location\":{\r\n\t\t\t\t\t\t\t\t\t\t\"@type\":\"Place\",\r\n\t\t\t\t\t\t\t\t\t\t\"name\":\"Santar\u00e9m\",\r\n\t\t\t\t\t\t\t\t\t\t\"address\":\"Santar\u00e9m\"\r\n\t\t\t\t\t\t\t  \t\t}\r\n\t\t\t\t\t\t\t }\r\n\t\t\t\t\t\t\t<\/script><\/div>\r\n\t\t\t\t<p class=\"desc_trig_outter\"><a data-gmap_status=\"null\" data-exlk=\"0\" style=\"border-color: #088669;\" id=\"evc_1772447640106067\" class=\"desc_trig evo_formacoes-federacao-triatlo-portugal evo_formacao evo_formacao-treinadores mul_val evcal_list_a\" data-ux_val=\"1\"  ><span class='evcal_cblock ' data-bgcolor='#088669' data-smon='Mar\u00e7o' data-syr='2026'><span class='evo_start '><em class='date'>02<\/em><em class='month'>mar<\/em><em class='time'><i t=\"y\">(mar 2)<\/i>10:34<\/em><\/span><span class='evo_end '><em class='date'>31<\/em><em class='month'>mai<\/em><em class='time'><i t=\"y\">(mai 31)<\/i>10:34<\/em><\/span><em class='clear'><\/em><\/span><span class='evcal_desc evo_info hide_eventtopdata ' data-latlng=\"39.219705,-8.697315\"  data-location_address=\"Santar\u00e9m\" data-location_type=\"lonlat\" data-location_name=\"Santar\u00e9m\" data-location_status=\"true\" ><span class='evo_above_title'><\/span><span class='evcal_desc2 evcal_event_title' itemprop='name'>CURSO DE TREINADORES DE TRIATLO DE GRAU II - Santar\u00e9m'26<\/span><span class='evo_below_title'><\/span><span class='evcal_desc_info' ><em class=\"evcal_location\" data-latlng=\"39.219705,-8.697315\"  data-add_str=\"\"><em class=\"event_location_name\">Santar\u00e9m<\/em><\/em><\/span><span class='evcal_desc3'><span class='evcal_event_types ett1'><em><i>Tipo de Evento:<\/i><\/em><em data-filter='event_type'>Forma\u00e7\u00e3o,<\/em><em data-filter='event_type'>Forma\u00e7\u00e3o,<\/em><em data-filter='event_type'>Forma\u00e7\u00e3o de Treinadores<\/em><i class='clear'><\/i><\/span><\/span><\/span><em class='clear'><\/em><\/p><\/a><div class='event_description evcal_eventcard ' style=\"display:none\"><div class='evo_metarow_time_location evorow bordb '>\r\n\t\t\t\t\t\t<div class='tb' >\r\n\t\t\t\t\t\t\t<div class='tbrow'>\r\n\t\t\t\t\t\t\t<div class='evcal_col50 bordr'>\r\n\t\t\t\t\t\t\t\t<div class='evcal_evdata_row evo_time'>\r\n\t\t\t\t\t\t\t\t\t<span class='evcal_evdata_icons'><i class='fa fa-clock-o'><\/i><\/span>\r\n\t\t\t\t\t\t\t\t\t<div class='evcal_evdata_cell'>\t\t\t\t\t\t\t\r\n\t\t\t\t\t\t\t\t\t\t<h3 class='evo_h3'><span class='evcal_evdata_icons'><i class='fa fa-clock-o'><\/i><\/span>Hor\u00e1rio<\/h3>\r\n\t\t\t\t\t\t\t\t\t\t<p>Mar\u00e7o 2 (Segunda-feira) 10:34 - Maio 31 (Domingo) 10:34<\/p>\r\n\t\t\t\t\t\t\t\t\t<\/div>\r\n\t\t\t\t\t\t\t\t<\/div>\r\n\t\t\t\t\t\t\t<\/div><div class='evcal_col50'>\r\n\t\t\t\t\t\t\t\t<div class='evcal_evdata_row evo_location'>\r\n\t\t\t\t\t\t\t\t\t<span class='evcal_evdata_icons'><i class='fa fa-map-marker'><\/i><\/span>\r\n\t\t\t\t\t\t\t\t\t<div class='evcal_evdata_cell' data-loc_tax_id='149'>\t\t\t\t\t\t\t\r\n\t\t\t\t\t\t\t\t\t\t<h3 class='evo_h3'><span class='evcal_evdata_icons'><i class='fa fa-map-marker'><\/i><\/span>Localiza\u00e7\u00e3o<\/h3><p class='evo_location_name'>Santar\u00e9m<\/p><p>Santar\u00e9m<\/p>\r\n\t\t\t\t\t\t\t\t\t<\/div>\r\n\t\t\t\t\t\t\t\t<\/div>\r\n\t\t\t\t\t\t\t<\/div><div class='clear'><\/div>\r\n\t\t\t\t\t\t\t<\/div><\/div>\r\n\t\t\t\t\t\t<\/div><div class='evo_metarow_organizer evorow evcal_evdata_row bordb evcal_evrow_sm '>\r\n\t\t\t\t\t\t\t<span class='evcal_evdata_icons'><i class='fa fa-headphones'><\/i><\/span>\r\n\t\t\t\t\t\t\t<div class='evcal_evdata_cell'>\t\t\t\t\t\t\t\r\n\t\t\t\t\t\t\t\t<h3 class='evo_h3'>Evento organizado por<\/h3>\r\n\t\t\t\t\t\t\t\t\r\n\t\t\t\t\t\t\t\t<div class='evo_card_organizer'><p class='evo_data_val evo_card_organizer_name'>\r\n\t\t\t\t\t\t\t\t\t<span class='evo_card_organizer_name_t'>Federa\u00e7\u00e3o de Triatlo de Portugal<\/span>\r\n\t\t\t\t\t\t\t\t\t\r\n\t\t\t\t\t\t\t\t\t<\/p><\/div><div class='clear'><\/div>\t\t\t\t\t\t\t\r\n\t\t\t\t\t\t\t<\/div>\r\n\t\t\t\t\t\t<\/div>\t\t\t\t\t\t<div class='evo_metarow_ICS evorow bordb evcal_evdata_row'>\r\n\t\t\t\t\t\t\t<span class=\"evcal_evdata_icons\"><i class=\"fa fa-calendar\"><\/i><\/span>\r\n\t\t\t\t\t\t\t<div class='evcal_evdata_cell'>\r\n\t\t\t\t\t\t\t\t<p><a href='https:\/\/www.federacao-triatlo.pt\/ftp2015\/wp-admin\/admin-ajax.php?action=eventon_ics_download&amp;event_id=106067&amp;sunix=20260302T093400Z&amp;eunix=20260531T093400Z&amp;loca=Santar\u00e9m&amp;locn=Santar\u00e9m' class='evo_ics_nCal' title='Adicionar ao seu calend\u00e1rio'>Calend\u00e1rio<\/a><a href='\/\/www.google.com\/calendar\/event?action=TEMPLATE&amp;text=CURSO+DE+TREINADORES+DE+TRIATLO+DE+GRAU+II+-+Santar%C3%A9m%2726&amp;dates=20260302T093400Z\/20260531T093400Z&amp;details=CURSO+DE+TREINADORES+DE+TRIATLO+DE+GRAU+II+-+Santar%C3%A9m%2726&amp;location=Santar%C3%A9m - Santar%C3%A9m' target='_blank' class='evo_ics_gCal' title='Adicionar ao calend\u00e1rio Google'>GoogleCal<\/a><\/p>\t\r\n\t\t\t\t\t\t\t<\/div>\t\t\t\t\t\t<\/div>\r\n\t\t\t\t\t\t<div class='evo_metarow_cusF1 evorow evcal_evdata_row bordb evcal_evrow_sm '>\r\n\t\t\t\t\t\t<span class='evcal_evdata_custometa_icons'><i class='fa fa-asterisk'><\/i><\/span>\r\n\t\t\t\t\t\t<div class='evcal_evdata_cell'>\t\t\t\t\t\t\t\r\n\t\t\t\t\t\t\t<h3 class='evo_h3'>Inscri\u00e7\u00f5es<\/h3><a href='https:\/\/forms.gle\/QamRWiPE2D1SU8bs9' target=\"_blank\" class='evcal_btn evo_cusmeta_btn'>Inscri\u00e7\u00f5es Abertas<\/a><\/div><div class='evcal_evdata_row evcal_close' title='Texto para bot\u00e3o '><\/div><\/div><\/div><div class='clear end'><\/div><\/div><\/div><div class='clear'><\/div><\/div><!-- ajde_evcal_calendar-->\n<p>&nbsp;<\/p>\n<p><a href=\"https:\/\/www.federacao-triatlo.pt\/ftp2015\/wp-content\/uploads\/2026\/01\/Rodape_Logotipos.png\"><img decoding=\"async\" class=\" wp-image-105159 aligncenter\" src=\"https:\/\/www.federacao-triatlo.pt\/ftp2015\/wp-content\/uploads\/2026\/01\/Rodape_Logotipos-300x52.png\" alt=\"Acredita\u00e7\u00e3o de Forma\u00e7\u00e3o da World Triathlon\" width=\"331\" height=\"57\" srcset=\"https:\/\/www.federacao-triatlo.pt\/ftp2015\/wp-content\/uploads\/2026\/01\/Rodape_Logotipos-200x34.png 200w, https:\/\/www.federacao-triatlo.pt\/ftp2015\/wp-content\/uploads\/2026\/01\/Rodape_Logotipos-300x52.png 300w, https:\/\/www.federacao-triatlo.pt\/ftp2015\/wp-content\/uploads\/2026\/01\/Rodape_Logotipos.png 383w\" sizes=\"(max-width: 331px) 100vw, 331px\" \/><\/a><\/p>\n<\/div><\/div><\/div><\/div><\/div>\n","protected":false},"excerpt":{"rendered":"","protected":false},"author":4,"featured_media":0,"parent":89116,"menu_order":3,"comment_status":"closed","ping_status":"closed","template":"","meta":{"footnotes":""},"_links":{"self":[{"href":"https:\/\/www.federacao-triatlo.pt\/ftp2015\/wp-json\/wp\/v2\/pages\/20235"}],"collection":[{"href":"https:\/\/www.federacao-triatlo.pt\/ftp2015\/wp-json\/wp\/v2\/pages"}],"about":[{"href":"https:\/\/www.federacao-triatlo.pt\/ftp2015\/wp-json\/wp\/v2\/types\/page"}],"author":[{"embeddable":true,"href":"https:\/\/www.federacao-triatlo.pt\/ftp2015\/wp-json\/wp\/v2\/users\/4"}],"replies":[{"embeddable":true,"href":"https:\/\/www.federacao-triatlo.pt\/ftp2015\/wp-json\/wp\/v2\/comments?post=20235"}],"version-history":[{"count":10,"href":"https:\/\/www.federacao-triatlo.pt\/ftp2015\/wp-json\/wp\/v2\/pages\/20235\/revisions"}],"predecessor-version":[{"id":105161,"href":"https:\/\/www.federacao-triatlo.pt\/ftp2015\/wp-json\/wp\/v2\/pages\/20235\/revisions\/105161"}],"up":[{"embeddable":true,"href":"https:\/\/www.federacao-triatlo.pt\/ftp2015\/wp-json\/wp\/v2\/pages\/89116"}],"wp:attachment":[{"href":"https:\/\/www.federacao-triatlo.pt\/ftp2015\/wp-json\/wp\/v2\/media?parent=20235"}],"curies":[{"name":"wp","href":"https:\/\/api.w.org\/{rel}","templated":true}]}}