{"id":2,"date":"2014-11-17T10:18:59","date_gmt":"2014-11-17T10:18:59","guid":{"rendered":"https:\/\/www.federacao-triatlo.pt\/ftp2015\/?page_id=2"},"modified":"2026-03-15T10:36:02","modified_gmt":"2026-03-15T10:36:02","slug":"inicio","status":"publish","type":"page","link":"https:\/\/www.federacao-triatlo.pt\/ftp2015\/","title":{"rendered":"In\u00edcio"},"content":{"rendered":"<div class=\"fusion-fullwidth fullwidth-box fusion-builder-row-1 fusion-flex-container has-pattern-background has-mask-background nonhundred-percent-fullwidth non-hundred-percent-height-scrolling\" style=\"--awb-background-position:left top;--awb-border-sizes-top:0px;--awb-border-sizes-bottom:0px;--awb-border-sizes-left:0px;--awb-border-sizes-right:0px;--awb-border-radius-top-left:0px;--awb-border-radius-top-right:0px;--awb-border-radius-bottom-right:0px;--awb-border-radius-bottom-left:0px;--awb-padding-top:0px;--awb-padding-right:0px;--awb-padding-bottom:20px;--awb-padding-left:0px;--awb-flex-wrap:wrap;\" ><div class=\"fusion-builder-row fusion-row fusion-flex-align-items-flex-start fusion-flex-content-wrap\" style=\"max-width:1476px;margin-left: calc(-23% \/ 2 );margin-right: calc(-23% \/ 2 );\"><div class=\"fusion-layout-column fusion_builder_column fusion-builder-column-0 fusion_builder_column_1_1 1_1 fusion-flex-column fusion-flex-align-self-flex-start fusion-column-no-min-height\" style=\"--awb-bg-blend:overlay;--awb-bg-size:cover;--awb-width-large:100%;--awb-margin-top-large:0px;--awb-spacing-right-large:8.855%;--awb-margin-bottom-large:0px;--awb-spacing-left-large:8.855%;--awb-width-medium:100%;--awb-spacing-right-medium:8.855%;--awb-spacing-left-medium:8.855%;--awb-width-small:100%;--awb-spacing-right-small:8.855%;--awb-spacing-left-small:8.855%;\"><div class=\"fusion-column-wrapper fusion-flex-justify-content-flex-start fusion-content-layout-column\"><div class=\"fusion-blog-shortcode fusion-blog-shortcode-1 fusion-blog-archive fusion-blog-layout-grid-wrapper fusion-blog-no ptm-16px\"><style type=\"text\/css\">.fusion-blog-shortcode-1 .fusion-blog-layout-grid .fusion-post-grid{padding:20px;}.fusion-blog-shortcode-1 .fusion-posts-container{margin-left: -20px !important; margin-right:-20px !important;}<\/style><div class=\"fusion-posts-container fusion-posts-container-no fusion-no-meta-info fusion-blog-rollover fusion-blog-layout-grid fusion-blog-layout-grid-2 isotope\" data-pages=\"213\" data-grid-col-space=\"40\" style=\"margin: -20px -20px 0;min-height:500px;\"><article id=\"blog-1-post-107542\" class=\"fusion-post-grid post-107542 post type-post status-publish format-standard has-post-thumbnail hentry category-destaques category-noticias-federacao-triatlo-portugal\">\n<div class=\"fusion-post-wrapper\" style=\"background-color:rgba(255,255,255,0);border:1px solid #ebeaea;border-bottom-width:3px;\">\n\n\t\t\t<div class=\"fusion-flexslider flexslider fusion-flexslider-loading fusion-post-slideshow\" style=\"border-color:#ebeaea;\">\n\t\t<ul class=\"slides\">\n\t\t\t\n\t\t\t\t\t\t\t\t\t\t\t\t\t\t<li><div  class=\"fusion-image-wrapper\" aria-haspopup=\"true\">\n\t\t\t\t<img width=\"1200\" height=\"630\" src=\"https:\/\/www.federacao-triatlo.pt\/ftp2015\/wp-content\/uploads\/2026\/04\/Promo-Facebook-Facebook-link-image-2026-04-29T093750.619.jpeg\" class=\"attachment-full size-full wp-post-image\" alt=\"\" decoding=\"async\" srcset=\"https:\/\/www.federacao-triatlo.pt\/ftp2015\/wp-content\/uploads\/2026\/04\/Promo-Facebook-Facebook-link-image-2026-04-29T093750.619-200x105.jpeg 200w, https:\/\/www.federacao-triatlo.pt\/ftp2015\/wp-content\/uploads\/2026\/04\/Promo-Facebook-Facebook-link-image-2026-04-29T093750.619-400x210.jpeg 400w, https:\/\/www.federacao-triatlo.pt\/ftp2015\/wp-content\/uploads\/2026\/04\/Promo-Facebook-Facebook-link-image-2026-04-29T093750.619-600x315.jpeg 600w, https:\/\/www.federacao-triatlo.pt\/ftp2015\/wp-content\/uploads\/2026\/04\/Promo-Facebook-Facebook-link-image-2026-04-29T093750.619-800x420.jpeg 800w, https:\/\/www.federacao-triatlo.pt\/ftp2015\/wp-content\/uploads\/2026\/04\/Promo-Facebook-Facebook-link-image-2026-04-29T093750.619.jpeg 1200w\" sizes=\"(min-width: 2200px) 100vw, (min-width: 732px) 580px, (min-width: 640px) 732px, \" \/><div class=\"fusion-rollover\">\n\t<div class=\"fusion-rollover-content\">\n\n\t\t\t\t\t\t\t\t\t\t\t\t\t\t<a class=\"fusion-rollover-link\" href=\"https:\/\/www.federacao-triatlo.pt\/ftp2015\/coimbra-recebe-nacional-de-distancia-standard\/\">Coimbra recebe nacional de dist\u00e2ncia standard<\/a>\n\t\t\t\n\t\t\t\t\t\t\t\t\t\t\t\t\t\t\n\t\t\t\t\t\t\t\t\n\t\t\t\t\t\t\t\t\t\t\t\t\t<div class=\"fusion-rollover-sep\"><\/div>\n\t\t\t\t\n\t\t\t\t\t\t\t\t\t\t\t\t\t\t\t\t\t\t<a class=\"fusion-rollover-gallery\" href=\"https:\/\/www.federacao-triatlo.pt\/ftp2015\/wp-content\/uploads\/2026\/04\/Promo-Facebook-Facebook-link-image-2026-04-29T093750.619.jpeg\" data-id=\"107542\" data-rel=\"iLightbox[gallery]\" data-title=\"Promo-Facebook-Facebook link image - 2026-04-29T093750.619\" data-caption=\"\">\n\t\t\t\t\t\tGallery\t\t\t\t\t<\/a>\n\t\t\t\t\t\t\t\t\t\t\t\t\t\t\n\t\t\n\t\t\t\t\t\t\t\t\t\t\t\t<h4 class=\"fusion-rollover-title\">\n\t\t\t\t\t<a class=\"fusion-rollover-title-link\" href=\"https:\/\/www.federacao-triatlo.pt\/ftp2015\/coimbra-recebe-nacional-de-distancia-standard\/\">\n\t\t\t\t\t\tCoimbra recebe nacional de dist\u00e2ncia standard\t\t\t\t\t<\/a>\n\t\t\t\t<\/h4>\n\t\t\t\n\t\t\t\t\t\t\t\t\t\t<div class=\"fusion-rollover-categories\"><a href=\"https:\/\/www.federacao-triatlo.pt\/ftp2015\/category\/destaques\/\" rel=\"tag\">Destaques<\/a>, <a href=\"https:\/\/www.federacao-triatlo.pt\/ftp2015\/category\/noticias-federacao-triatlo-portugal\/\" rel=\"tag\">Not\u00edcias<\/a><\/div>\t\t\t\t\t\n\t\t\n\t\t\t\t\t\t<a class=\"fusion-link-wrapper\" href=\"https:\/\/www.federacao-triatlo.pt\/ftp2015\/coimbra-recebe-nacional-de-distancia-standard\/\" aria-label=\"Coimbra recebe nacional de dist\u00e2ncia standard\"><\/a>\n\t<\/div>\n<\/div>\n<\/div>\n<\/li>\n\t\t\t\n\t\t\t\n\t\t\t\t\t\t\t\t\t\t\t\t\t\t\t\t\t\t\t\t\t\t\t\t\t\t\t\t\t\t\t\t\t\t\t\t\t\t\t\t\t\t\t\t\t\t\t\t\t\t\t\t\t\t\t\t\t\t\t\t\t\t\t\t\t\t\t\t<\/ul>\n\t<\/div>\n\t<div class=\"fusion-post-content-wrapper\" style=\"padding:30px 25px 20px 25px;\"><div class=\"fusion-post-content post-content\"><h2 class=\"blog-shortcode-post-title entry-title\"><a href=\"https:\/\/www.federacao-triatlo.pt\/ftp2015\/coimbra-recebe-nacional-de-distancia-standard\/\">Coimbra recebe nacional de dist\u00e2ncia standard<\/a><\/h2><div class=\"fusion-post-content-container\"><p>A \u00a0Federa\u00e7\u00e3o de Triatlo de Portugal informa que o Campeonato Nacional Individual de Dist\u00e2ncia Standard ter\u00e1 lugar no pr\u00f3ximo dia 13 de junho, em Coimbra. [...]<\/p><\/div><\/div><\/div><div class=\"fusion-clearfix\"><\/div><\/div>\n<\/article>\n<article id=\"blog-1-post-107547\" class=\"fusion-post-grid post-107547 post type-post status-publish format-standard has-post-thumbnail hentry category-noticias-federacao-triatlo-portugal\">\n<div class=\"fusion-post-wrapper\" style=\"background-color:rgba(255,255,255,0);border:1px solid #ebeaea;border-bottom-width:3px;\">\n\n\t\t\t<div class=\"fusion-flexslider flexslider fusion-flexslider-loading fusion-post-slideshow\" style=\"border-color:#ebeaea;\">\n\t\t<ul class=\"slides\">\n\t\t\t\n\t\t\t\t\t\t\t\t\t\t\t\t\t\t<li><div  class=\"fusion-image-wrapper\" aria-haspopup=\"true\">\n\t\t\t\t<img width=\"1200\" height=\"628\" src=\"https:\/\/www.federacao-triatlo.pt\/ftp2015\/wp-content\/uploads\/2026\/04\/Design-sem-nome-3.png\" class=\"attachment-full size-full wp-post-image\" alt=\"\" decoding=\"async\" srcset=\"https:\/\/www.federacao-triatlo.pt\/ftp2015\/wp-content\/uploads\/2026\/04\/Design-sem-nome-3-200x105.png 200w, https:\/\/www.federacao-triatlo.pt\/ftp2015\/wp-content\/uploads\/2026\/04\/Design-sem-nome-3-400x209.png 400w, https:\/\/www.federacao-triatlo.pt\/ftp2015\/wp-content\/uploads\/2026\/04\/Design-sem-nome-3-600x314.png 600w, https:\/\/www.federacao-triatlo.pt\/ftp2015\/wp-content\/uploads\/2026\/04\/Design-sem-nome-3-800x419.png 800w, https:\/\/www.federacao-triatlo.pt\/ftp2015\/wp-content\/uploads\/2026\/04\/Design-sem-nome-3.png 1200w\" sizes=\"(min-width: 2200px) 100vw, (min-width: 732px) 580px, (min-width: 640px) 732px, \" \/><div class=\"fusion-rollover\">\n\t<div class=\"fusion-rollover-content\">\n\n\t\t\t\t\t\t\t\t\t\t\t\t\t\t<a class=\"fusion-rollover-link\" href=\"https:\/\/www.federacao-triatlo.pt\/ftp2015\/taca-da-europa-seis-juniores-no-top-20-em-torremolinos\/\">Ta\u00e7a da Europa: Seis juniores no top-20 em Torremolinos<\/a>\n\t\t\t\n\t\t\t\t\t\t\t\t\t\t\t\t\t\t\n\t\t\t\t\t\t\t\t\n\t\t\t\t\t\t\t\t\t\t\t\t\t<div class=\"fusion-rollover-sep\"><\/div>\n\t\t\t\t\n\t\t\t\t\t\t\t\t\t\t\t\t\t\t\t\t\t\t<a class=\"fusion-rollover-gallery\" href=\"https:\/\/www.federacao-triatlo.pt\/ftp2015\/wp-content\/uploads\/2026\/04\/Design-sem-nome-3.png\" data-id=\"107547\" data-rel=\"iLightbox[gallery]\" data-title=\"Design sem nome (3)\" data-caption=\"\">\n\t\t\t\t\t\tGallery\t\t\t\t\t<\/a>\n\t\t\t\t\t\t\t\t\t\t\t\t\t\t\n\t\t\n\t\t\t\t\t\t\t\t\t\t\t\t<h4 class=\"fusion-rollover-title\">\n\t\t\t\t\t<a class=\"fusion-rollover-title-link\" href=\"https:\/\/www.federacao-triatlo.pt\/ftp2015\/taca-da-europa-seis-juniores-no-top-20-em-torremolinos\/\">\n\t\t\t\t\t\tTa\u00e7a da Europa: Seis juniores no top-20 em Torremolinos\t\t\t\t\t<\/a>\n\t\t\t\t<\/h4>\n\t\t\t\n\t\t\t\t\t\t\t\t\t\t<div class=\"fusion-rollover-categories\"><a href=\"https:\/\/www.federacao-triatlo.pt\/ftp2015\/category\/noticias-federacao-triatlo-portugal\/\" rel=\"tag\">Not\u00edcias<\/a><\/div>\t\t\t\t\t\n\t\t\n\t\t\t\t\t\t<a class=\"fusion-link-wrapper\" href=\"https:\/\/www.federacao-triatlo.pt\/ftp2015\/taca-da-europa-seis-juniores-no-top-20-em-torremolinos\/\" aria-label=\"Ta\u00e7a da Europa: Seis juniores no top-20 em Torremolinos\"><\/a>\n\t<\/div>\n<\/div>\n<\/div>\n<\/li>\n\t\t\t\n\t\t\t\n\t\t\t\t\t\t\t\t\t\t\t\t\t\t\t\t\t\t\t\t\t\t\t\t\t\t\t\t\t\t\t\t\t\t\t\t\t\t\t\t\t\t\t\t\t\t\t\t\t\t\t\t\t\t\t\t\t\t\t\t\t\t\t\t\t\t\t\t<\/ul>\n\t<\/div>\n\t<div class=\"fusion-post-content-wrapper\" style=\"padding:30px 25px 20px 25px;\"><div class=\"fusion-post-content post-content\"><h2 class=\"blog-shortcode-post-title entry-title\"><a href=\"https:\/\/www.federacao-triatlo.pt\/ftp2015\/taca-da-europa-seis-juniores-no-top-20-em-torremolinos\/\">Ta\u00e7a da Europa: Seis juniores no top-20 em Torremolinos<\/a><\/h2><div class=\"fusion-post-content-container\"><p>Seis triatletas juniores portugueses terminaram no top-20, em Torremolinos, na Ta\u00e7a da Europa que decorreu no passado fim-de-semana, dia 26 de abril. Num evento condicionado [...]<\/p><\/div><\/div><\/div><div class=\"fusion-clearfix\"><\/div><\/div>\n<\/article>\n<article id=\"blog-1-post-107475\" class=\"fusion-post-grid post-107475 post type-post status-publish format-standard has-post-thumbnail hentry category-destaques category-noticias-federacao-triatlo-portugal\">\n<div class=\"fusion-post-wrapper\" style=\"background-color:rgba(255,255,255,0);border:1px solid #ebeaea;border-bottom-width:3px;\">\n\n\t\t\t<div class=\"fusion-flexslider flexslider fusion-flexslider-loading fusion-post-slideshow\" style=\"border-color:#ebeaea;\">\n\t\t<ul class=\"slides\">\n\t\t\t\n\t\t\t\t\t\t\t\t\t\t\t\t\t\t<li><div  class=\"fusion-image-wrapper\" aria-haspopup=\"true\">\n\t\t\t\t<img width=\"1200\" height=\"630\" src=\"https:\/\/www.federacao-triatlo.pt\/ftp2015\/wp-content\/uploads\/2026\/04\/Promo-Facebook-Facebook-link-image-2026-04-27T100215.508.jpeg\" class=\"attachment-full size-full wp-post-image\" alt=\"\" decoding=\"async\" srcset=\"https:\/\/www.federacao-triatlo.pt\/ftp2015\/wp-content\/uploads\/2026\/04\/Promo-Facebook-Facebook-link-image-2026-04-27T100215.508-200x105.jpeg 200w, https:\/\/www.federacao-triatlo.pt\/ftp2015\/wp-content\/uploads\/2026\/04\/Promo-Facebook-Facebook-link-image-2026-04-27T100215.508-400x210.jpeg 400w, https:\/\/www.federacao-triatlo.pt\/ftp2015\/wp-content\/uploads\/2026\/04\/Promo-Facebook-Facebook-link-image-2026-04-27T100215.508-600x315.jpeg 600w, https:\/\/www.federacao-triatlo.pt\/ftp2015\/wp-content\/uploads\/2026\/04\/Promo-Facebook-Facebook-link-image-2026-04-27T100215.508-800x420.jpeg 800w, https:\/\/www.federacao-triatlo.pt\/ftp2015\/wp-content\/uploads\/2026\/04\/Promo-Facebook-Facebook-link-image-2026-04-27T100215.508.jpeg 1200w\" sizes=\"(min-width: 2200px) 100vw, (min-width: 732px) 580px, (min-width: 640px) 732px, \" \/><div class=\"fusion-rollover\">\n\t<div class=\"fusion-rollover-content\">\n\n\t\t\t\t\t\t\t\t\t\t\t\t\t\t<a class=\"fusion-rollover-link\" href=\"https:\/\/www.federacao-triatlo.pt\/ftp2015\/media-distancia-joao-ferreira-e-vanessa-pereira-campeoes-nacionais\/\">M\u00e9dia Dist\u00e2ncia: Jo\u00e3o Ferreira e Vanessa Pereira campe\u00f5es nacionais<\/a>\n\t\t\t\n\t\t\t\t\t\t\t\t\t\t\t\t\t\t\n\t\t\t\t\t\t\t\t\n\t\t\t\t\t\t\t\t\t\t\t\t\t<div class=\"fusion-rollover-sep\"><\/div>\n\t\t\t\t\n\t\t\t\t\t\t\t\t\t\t\t\t\t\t\t\t\t\t<a class=\"fusion-rollover-gallery\" href=\"https:\/\/www.federacao-triatlo.pt\/ftp2015\/wp-content\/uploads\/2026\/04\/Promo-Facebook-Facebook-link-image-2026-04-27T100215.508.jpeg\" data-id=\"107475\" data-rel=\"iLightbox[gallery]\" data-title=\"Promo-Facebook-Facebook link image - 2026-04-27T100215.508\" data-caption=\"\">\n\t\t\t\t\t\tGallery\t\t\t\t\t<\/a>\n\t\t\t\t\t\t\t\t\t\t\t\t\t\t\n\t\t\n\t\t\t\t\t\t\t\t\t\t\t\t<h4 class=\"fusion-rollover-title\">\n\t\t\t\t\t<a class=\"fusion-rollover-title-link\" href=\"https:\/\/www.federacao-triatlo.pt\/ftp2015\/media-distancia-joao-ferreira-e-vanessa-pereira-campeoes-nacionais\/\">\n\t\t\t\t\t\tM\u00e9dia Dist\u00e2ncia: Jo\u00e3o Ferreira e Vanessa Pereira campe\u00f5es nacionais\t\t\t\t\t<\/a>\n\t\t\t\t<\/h4>\n\t\t\t\n\t\t\t\t\t\t\t\t\t\t<div class=\"fusion-rollover-categories\"><a href=\"https:\/\/www.federacao-triatlo.pt\/ftp2015\/category\/destaques\/\" rel=\"tag\">Destaques<\/a>, <a href=\"https:\/\/www.federacao-triatlo.pt\/ftp2015\/category\/noticias-federacao-triatlo-portugal\/\" rel=\"tag\">Not\u00edcias<\/a><\/div>\t\t\t\t\t\n\t\t\n\t\t\t\t\t\t<a class=\"fusion-link-wrapper\" href=\"https:\/\/www.federacao-triatlo.pt\/ftp2015\/media-distancia-joao-ferreira-e-vanessa-pereira-campeoes-nacionais\/\" aria-label=\"M\u00e9dia Dist\u00e2ncia: Jo\u00e3o Ferreira e Vanessa Pereira campe\u00f5es nacionais\"><\/a>\n\t<\/div>\n<\/div>\n<\/div>\n<\/li>\n\t\t\t\n\t\t\t\n\t\t\t\t\t\t\t\t\t\t\t\n\t\t\t\t\t\n\t\t\t\t\t\t\t\t\t\t\t<li>\n\t\t\t\t\t\t\t<div class=\"fusion-image-wrapper\">\n\t\t\t\t\t\t\t\t<a href=\"https:\/\/www.federacao-triatlo.pt\/ftp2015\/media-distancia-joao-ferreira-e-vanessa-pereira-campeoes-nacionais\/\" aria-label=\"M\u00e9dia Dist\u00e2ncia: Jo\u00e3o Ferreira e Vanessa Pereira campe\u00f5es nacionais\">\n\t\t\t\t\t\t\t\t\t<img decoding=\"async\" width=\"1200\" height=\"630\" src=\"https:\/\/www.federacao-triatlo.pt\/ftp2015\/wp-content\/uploads\/2026\/04\/Promo-Facebook-Facebook-link-image-2026-04-27T100244.533.jpeg\" alt=\"\" class=\"wp-image-107477\" role=\"presentation\" srcset=\"https:\/\/www.federacao-triatlo.pt\/ftp2015\/wp-content\/uploads\/2026\/04\/Promo-Facebook-Facebook-link-image-2026-04-27T100244.533-200x105.jpeg 200w, https:\/\/www.federacao-triatlo.pt\/ftp2015\/wp-content\/uploads\/2026\/04\/Promo-Facebook-Facebook-link-image-2026-04-27T100244.533-400x210.jpeg 400w, https:\/\/www.federacao-triatlo.pt\/ftp2015\/wp-content\/uploads\/2026\/04\/Promo-Facebook-Facebook-link-image-2026-04-27T100244.533-600x315.jpeg 600w, https:\/\/www.federacao-triatlo.pt\/ftp2015\/wp-content\/uploads\/2026\/04\/Promo-Facebook-Facebook-link-image-2026-04-27T100244.533-800x420.jpeg 800w, https:\/\/www.federacao-triatlo.pt\/ftp2015\/wp-content\/uploads\/2026\/04\/Promo-Facebook-Facebook-link-image-2026-04-27T100244.533.jpeg 1200w\" sizes=\"(min-width: 2200px) 100vw, (min-width: 732px) 580px, (min-width: 640px) 732px, \" \/>\t\t\t\t\t\t\t\t<\/a>\n\t\t\t\t\t\t\t\t<a style=\"display:none;\" href=\"https:\/\/www.federacao-triatlo.pt\/ftp2015\/wp-content\/uploads\/2026\/04\/Promo-Facebook-Facebook-link-image-2026-04-27T100244.533.jpeg\" data-rel=\"iLightbox[gallery107475]\"  title=\"\" data-title=\"Promo-Facebook-Facebook link image &#8211; 2026-04-27T100244.533\" data-caption=\"\">\n\t\t\t\t\t\t\t\t\t\t\t\t\t\t\t\t\t<\/a>\n\t\t\t\t\t\t\t<\/div>\n\t\t\t\t\t\t<\/li>\n\t\t\t\t\t\t\t\t\t\t\t\t\t\t\t\t\t\t\t\t\t\t\t\t\t\t\t\t\t\t\t\t\t\t\t\t\t\t\t\t\t\t\t\t\t\t\t\t\t\t\t\t\t\t\t\t\t\t\t\t\t\t\t\t\t\t<\/ul>\n\t<\/div>\n\t<div class=\"fusion-post-content-wrapper\" style=\"padding:30px 25px 20px 25px;\"><div class=\"fusion-post-content post-content\"><h2 class=\"blog-shortcode-post-title entry-title\"><a href=\"https:\/\/www.federacao-triatlo.pt\/ftp2015\/media-distancia-joao-ferreira-e-vanessa-pereira-campeoes-nacionais\/\">M\u00e9dia Dist\u00e2ncia: Jo\u00e3o Ferreira e Vanessa Pereira campe\u00f5es nacionais<\/a><\/h2><div class=\"fusion-post-content-container\"><p>Vanessa Pereira e Jo\u00e3o Francisco Ferreira conquistaram o t\u00edtulo de Campe\u00f5es Nacionais de M\u00e9dia Dist\u00e2ncia ao vencerem o Triatlo de Moura, prova disputada este fim [...]<\/p><\/div><\/div><\/div><div class=\"fusion-clearfix\"><\/div><\/div>\n<\/article>\n<article id=\"blog-1-post-107469\" class=\"fusion-post-grid post-107469 post type-post status-publish format-standard has-post-thumbnail hentry category-destaques category-noticias-federacao-triatlo-portugal\">\n<div class=\"fusion-post-wrapper\" style=\"background-color:rgba(255,255,255,0);border:1px solid #ebeaea;border-bottom-width:3px;\">\n\n\t\t\t<div class=\"fusion-flexslider flexslider fusion-flexslider-loading fusion-post-slideshow\" style=\"border-color:#ebeaea;\">\n\t\t<ul class=\"slides\">\n\t\t\t\n\t\t\t\t\t\t\t\t\t\t\t\t\t\t<li><div  class=\"fusion-image-wrapper\" aria-haspopup=\"true\">\n\t\t\t\t<img width=\"1200\" height=\"630\" src=\"https:\/\/www.federacao-triatlo.pt\/ftp2015\/wp-content\/uploads\/2026\/04\/Promo-Facebook-Facebook-link-image-2026-04-25T154524.659.jpeg\" class=\"attachment-full size-full wp-post-image\" alt=\"\" decoding=\"async\" srcset=\"https:\/\/www.federacao-triatlo.pt\/ftp2015\/wp-content\/uploads\/2026\/04\/Promo-Facebook-Facebook-link-image-2026-04-25T154524.659-200x105.jpeg 200w, https:\/\/www.federacao-triatlo.pt\/ftp2015\/wp-content\/uploads\/2026\/04\/Promo-Facebook-Facebook-link-image-2026-04-25T154524.659-400x210.jpeg 400w, https:\/\/www.federacao-triatlo.pt\/ftp2015\/wp-content\/uploads\/2026\/04\/Promo-Facebook-Facebook-link-image-2026-04-25T154524.659-600x315.jpeg 600w, https:\/\/www.federacao-triatlo.pt\/ftp2015\/wp-content\/uploads\/2026\/04\/Promo-Facebook-Facebook-link-image-2026-04-25T154524.659-800x420.jpeg 800w, https:\/\/www.federacao-triatlo.pt\/ftp2015\/wp-content\/uploads\/2026\/04\/Promo-Facebook-Facebook-link-image-2026-04-25T154524.659.jpeg 1200w\" sizes=\"(min-width: 2200px) 100vw, (min-width: 732px) 580px, (min-width: 640px) 732px, \" \/><div class=\"fusion-rollover\">\n\t<div class=\"fusion-rollover-content\">\n\n\t\t\t\t\t\t\t\t\t\t\t\t\t\t<a class=\"fusion-rollover-link\" href=\"https:\/\/www.federacao-triatlo.pt\/ftp2015\/107469-2\/\">Vasco Vila\u00e7a vence no arranque do Mundial<\/a>\n\t\t\t\n\t\t\t\t\t\t\t\t\t\t\t\t\t\t\n\t\t\t\t\t\t\t\t\n\t\t\t\t\t\t\t\t\t\t\t\t\t<div class=\"fusion-rollover-sep\"><\/div>\n\t\t\t\t\n\t\t\t\t\t\t\t\t\t\t\t\t\t\t\t\t\t\t<a class=\"fusion-rollover-gallery\" href=\"https:\/\/www.federacao-triatlo.pt\/ftp2015\/wp-content\/uploads\/2026\/04\/Promo-Facebook-Facebook-link-image-2026-04-25T154524.659.jpeg\" data-id=\"107469\" data-rel=\"iLightbox[gallery]\" data-title=\"Promo-Facebook-Facebook link image - 2026-04-25T154524.659\" data-caption=\"\">\n\t\t\t\t\t\tGallery\t\t\t\t\t<\/a>\n\t\t\t\t\t\t\t\t\t\t\t\t\t\t\n\t\t\n\t\t\t\t\t\t\t\t\t\t\t\t<h4 class=\"fusion-rollover-title\">\n\t\t\t\t\t<a class=\"fusion-rollover-title-link\" href=\"https:\/\/www.federacao-triatlo.pt\/ftp2015\/107469-2\/\">\n\t\t\t\t\t\tVasco Vila\u00e7a vence no arranque do Mundial\t\t\t\t\t<\/a>\n\t\t\t\t<\/h4>\n\t\t\t\n\t\t\t\t\t\t\t\t\t\t<div class=\"fusion-rollover-categories\"><a href=\"https:\/\/www.federacao-triatlo.pt\/ftp2015\/category\/destaques\/\" rel=\"tag\">Destaques<\/a>, <a href=\"https:\/\/www.federacao-triatlo.pt\/ftp2015\/category\/noticias-federacao-triatlo-portugal\/\" rel=\"tag\">Not\u00edcias<\/a><\/div>\t\t\t\t\t\n\t\t\n\t\t\t\t\t\t<a class=\"fusion-link-wrapper\" href=\"https:\/\/www.federacao-triatlo.pt\/ftp2015\/107469-2\/\" aria-label=\"Vasco Vila\u00e7a vence no arranque do Mundial\"><\/a>\n\t<\/div>\n<\/div>\n<\/div>\n<\/li>\n\t\t\t\n\t\t\t\n\t\t\t\t\t\t\t\t\t\t\t\t\t\t\t\t\t\t\t\t\t\t\t\t\t\t\t\t\t\t\t\t\t\t\t\t\t\t\t\t\t\t\t\t\t\t\t\t\t\t\t\t\t\t\t\t\t\t\t\t\t\t\t\t\t\t\t\t<\/ul>\n\t<\/div>\n\t<div class=\"fusion-post-content-wrapper\" style=\"padding:30px 25px 20px 25px;\"><div class=\"fusion-post-content post-content\"><h2 class=\"blog-shortcode-post-title entry-title\"><a href=\"https:\/\/www.federacao-triatlo.pt\/ftp2015\/107469-2\/\">Vasco Vila\u00e7a vence no arranque do Mundial<\/a><\/h2><div class=\"fusion-post-content-container\"><p>Vasco Vila\u00e7a conquistou este s\u00e1bado, em Samarcanda, no Uzbequist\u00e3o, a medalha de ouro na primeira prova do Campeonato do Mundo de 2026. O nosso trialtleta [...]<\/p><\/div><\/div><\/div><div class=\"fusion-clearfix\"><\/div><\/div>\n<\/article>\n<article id=\"blog-1-post-107396\" class=\"fusion-post-grid post-107396 post type-post status-publish format-standard has-post-thumbnail hentry category-noticias-federacao-triatlo-portugal\">\n<div class=\"fusion-post-wrapper\" style=\"background-color:rgba(255,255,255,0);border:1px solid #ebeaea;border-bottom-width:3px;\">\n\n\t\t\t<div class=\"fusion-flexslider flexslider fusion-flexslider-loading fusion-post-slideshow\" style=\"border-color:#ebeaea;\">\n\t\t<ul class=\"slides\">\n\t\t\t\n\t\t\t\t\t\t\t\t\t\t\t\t\t\t<li><div  class=\"fusion-image-wrapper\" aria-haspopup=\"true\">\n\t\t\t\t<img width=\"1200\" height=\"630\" src=\"https:\/\/www.federacao-triatlo.pt\/ftp2015\/wp-content\/uploads\/2026\/04\/Promo-Facebook-Facebook-link-image-2026-04-22T110518.733.jpeg\" class=\"attachment-full size-full wp-post-image\" alt=\"\" decoding=\"async\" srcset=\"https:\/\/www.federacao-triatlo.pt\/ftp2015\/wp-content\/uploads\/2026\/04\/Promo-Facebook-Facebook-link-image-2026-04-22T110518.733-200x105.jpeg 200w, https:\/\/www.federacao-triatlo.pt\/ftp2015\/wp-content\/uploads\/2026\/04\/Promo-Facebook-Facebook-link-image-2026-04-22T110518.733-400x210.jpeg 400w, https:\/\/www.federacao-triatlo.pt\/ftp2015\/wp-content\/uploads\/2026\/04\/Promo-Facebook-Facebook-link-image-2026-04-22T110518.733-600x315.jpeg 600w, https:\/\/www.federacao-triatlo.pt\/ftp2015\/wp-content\/uploads\/2026\/04\/Promo-Facebook-Facebook-link-image-2026-04-22T110518.733-800x420.jpeg 800w, https:\/\/www.federacao-triatlo.pt\/ftp2015\/wp-content\/uploads\/2026\/04\/Promo-Facebook-Facebook-link-image-2026-04-22T110518.733.jpeg 1200w\" sizes=\"(min-width: 2200px) 100vw, (min-width: 732px) 580px, (min-width: 640px) 732px, \" \/><div class=\"fusion-rollover\">\n\t<div class=\"fusion-rollover-content\">\n\n\t\t\t\t\t\t\t\t\t\t\t\t\t\t<a class=\"fusion-rollover-link\" href=\"https:\/\/www.federacao-triatlo.pt\/ftp2015\/swimrunia-e-segue-par\/\">Swimrun arrancou em Tr\u00f3ia com 166 participantes<\/a>\n\t\t\t\n\t\t\t\t\t\t\t\t\t\t\t\t\t\t\n\t\t\t\t\t\t\t\t\n\t\t\t\t\t\t\t\t\t\t\t\t\t<div class=\"fusion-rollover-sep\"><\/div>\n\t\t\t\t\n\t\t\t\t\t\t\t\t\t\t\t\t\t\t\t\t\t\t<a class=\"fusion-rollover-gallery\" href=\"https:\/\/www.federacao-triatlo.pt\/ftp2015\/wp-content\/uploads\/2026\/04\/Promo-Facebook-Facebook-link-image-2026-04-22T110518.733.jpeg\" data-id=\"107396\" data-rel=\"iLightbox[gallery]\" data-title=\"Promo-Facebook-Facebook link image - 2026-04-22T110518.733\" data-caption=\"\">\n\t\t\t\t\t\tGallery\t\t\t\t\t<\/a>\n\t\t\t\t\t\t\t\t\t\t\t\t\t\t\n\t\t\n\t\t\t\t\t\t\t\t\t\t\t\t<h4 class=\"fusion-rollover-title\">\n\t\t\t\t\t<a class=\"fusion-rollover-title-link\" href=\"https:\/\/www.federacao-triatlo.pt\/ftp2015\/swimrunia-e-segue-par\/\">\n\t\t\t\t\t\tSwimrun arrancou em Tr\u00f3ia com 166 participantes\t\t\t\t\t<\/a>\n\t\t\t\t<\/h4>\n\t\t\t\n\t\t\t\t\t\t\t\t\t\t<div class=\"fusion-rollover-categories\"><a href=\"https:\/\/www.federacao-triatlo.pt\/ftp2015\/category\/noticias-federacao-triatlo-portugal\/\" rel=\"tag\">Not\u00edcias<\/a><\/div>\t\t\t\t\t\n\t\t\n\t\t\t\t\t\t<a class=\"fusion-link-wrapper\" href=\"https:\/\/www.federacao-triatlo.pt\/ftp2015\/swimrunia-e-segue-par\/\" aria-label=\"Swimrun arrancou em Tr\u00f3ia com 166 participantes\"><\/a>\n\t<\/div>\n<\/div>\n<\/div>\n<\/li>\n\t\t\t\n\t\t\t\n\t\t\t\t\t\t\t\t\t\t\t\t\t\t\t\t\t\t\t\t\t\t\t\t\t\t\t\t\t\t\t\t\t\t\t\t\t\t\t\t\t\t\t\t\t\t\t\t\t\t\t\t\t\t\t\t\t\t\t\t\t\t\t\t\t\t\t\t<\/ul>\n\t<\/div>\n\t<div class=\"fusion-post-content-wrapper\" style=\"padding:30px 25px 20px 25px;\"><div class=\"fusion-post-content post-content\"><h2 class=\"blog-shortcode-post-title entry-title\"><a href=\"https:\/\/www.federacao-triatlo.pt\/ftp2015\/swimrunia-e-segue-par\/\">Swimrun arrancou em Tr\u00f3ia com 166 participantes<\/a><\/h2><div class=\"fusion-post-content-container\"><p>A \u00e9poca nacional de swimrun teve o seu arranque no passado fim de semana, em Tr\u00f3ia, com 166 participantes e competi\u00e7\u00e3o distribu\u00edda pelas dist\u00e2ncias Standard [...]<\/p><\/div><\/div><\/div><div class=\"fusion-clearfix\"><\/div><\/div>\n<\/article>\n<article id=\"blog-1-post-107398\" class=\"fusion-post-grid post-107398 post type-post status-publish format-standard has-post-thumbnail hentry category-noticias-federacao-triatlo-portugal\">\n<div class=\"fusion-post-wrapper\" style=\"background-color:rgba(255,255,255,0);border:1px solid #ebeaea;border-bottom-width:3px;\">\n\n\t\t\t<div class=\"fusion-flexslider flexslider fusion-flexslider-loading fusion-post-slideshow\" style=\"border-color:#ebeaea;\">\n\t\t<ul class=\"slides\">\n\t\t\t\n\t\t\t\t\t\t\t\t\t\t\t\t\t\t<li><div  class=\"fusion-image-wrapper\" aria-haspopup=\"true\">\n\t\t\t\t<img width=\"1200\" height=\"630\" src=\"https:\/\/www.federacao-triatlo.pt\/ftp2015\/wp-content\/uploads\/2025\/09\/Promo-Facebook-Facebook-link-image-2.jpeg\" class=\"attachment-full size-full wp-post-image\" alt=\"\" decoding=\"async\" srcset=\"https:\/\/www.federacao-triatlo.pt\/ftp2015\/wp-content\/uploads\/2025\/09\/Promo-Facebook-Facebook-link-image-2-200x105.jpeg 200w, https:\/\/www.federacao-triatlo.pt\/ftp2015\/wp-content\/uploads\/2025\/09\/Promo-Facebook-Facebook-link-image-2-400x210.jpeg 400w, https:\/\/www.federacao-triatlo.pt\/ftp2015\/wp-content\/uploads\/2025\/09\/Promo-Facebook-Facebook-link-image-2-600x315.jpeg 600w, https:\/\/www.federacao-triatlo.pt\/ftp2015\/wp-content\/uploads\/2025\/09\/Promo-Facebook-Facebook-link-image-2-800x420.jpeg 800w, https:\/\/www.federacao-triatlo.pt\/ftp2015\/wp-content\/uploads\/2025\/09\/Promo-Facebook-Facebook-link-image-2.jpeg 1200w\" sizes=\"(min-width: 2200px) 100vw, (min-width: 732px) 580px, (min-width: 640px) 732px, \" \/><div class=\"fusion-rollover\">\n\t<div class=\"fusion-rollover-content\">\n\n\t\t\t\t\t\t\t\t\t\t\t\t\t\t<a class=\"fusion-rollover-link\" href=\"https:\/\/www.federacao-triatlo.pt\/ftp2015\/cinco-suplementos-que-podem-fazer-a-diferenca-no-triatlo\/\">Cinco suplementos que podem fazer a diferen\u00e7a no triatlo<\/a>\n\t\t\t\n\t\t\t\t\t\t\t\t\t\t\t\t\t\t\n\t\t\t\t\t\t\t\t\n\t\t\t\t\t\t\t\t\t\t\t\t\t<div class=\"fusion-rollover-sep\"><\/div>\n\t\t\t\t\n\t\t\t\t\t\t\t\t\t\t\t\t\t\t\t\t\t\t<a class=\"fusion-rollover-gallery\" href=\"https:\/\/www.federacao-triatlo.pt\/ftp2015\/wp-content\/uploads\/2025\/09\/Promo-Facebook-Facebook-link-image-2.jpeg\" data-id=\"107398\" data-rel=\"iLightbox[gallery]\" data-title=\"Promo-Facebook-Facebook link image (2)\" data-caption=\"\">\n\t\t\t\t\t\tGallery\t\t\t\t\t<\/a>\n\t\t\t\t\t\t\t\t\t\t\t\t\t\t\n\t\t\n\t\t\t\t\t\t\t\t\t\t\t\t<h4 class=\"fusion-rollover-title\">\n\t\t\t\t\t<a class=\"fusion-rollover-title-link\" href=\"https:\/\/www.federacao-triatlo.pt\/ftp2015\/cinco-suplementos-que-podem-fazer-a-diferenca-no-triatlo\/\">\n\t\t\t\t\t\tCinco suplementos que podem fazer a diferen\u00e7a no triatlo\t\t\t\t\t<\/a>\n\t\t\t\t<\/h4>\n\t\t\t\n\t\t\t\t\t\t\t\t\t\t<div class=\"fusion-rollover-categories\"><a href=\"https:\/\/www.federacao-triatlo.pt\/ftp2015\/category\/noticias-federacao-triatlo-portugal\/\" rel=\"tag\">Not\u00edcias<\/a><\/div>\t\t\t\t\t\n\t\t\n\t\t\t\t\t\t<a class=\"fusion-link-wrapper\" href=\"https:\/\/www.federacao-triatlo.pt\/ftp2015\/cinco-suplementos-que-podem-fazer-a-diferenca-no-triatlo\/\" aria-label=\"Cinco suplementos que podem fazer a diferen\u00e7a no triatlo\"><\/a>\n\t<\/div>\n<\/div>\n<\/div>\n<\/li>\n\t\t\t\n\t\t\t\n\t\t\t\t\t\t\t\t\t\t\t\t\t\t\t\t\t\t\t\t\t\t\t\t\t\t\t\t\t\t\t\t\t\t\t\t\t\t\t\t\t\t\t\t\t\t\t\t\t\t\t\t\t\t\t\t\t\t\t\t\t\t\t\t\t\t\t\t<\/ul>\n\t<\/div>\n\t<div class=\"fusion-post-content-wrapper\" style=\"padding:30px 25px 20px 25px;\"><div class=\"fusion-post-content post-content\"><h2 class=\"blog-shortcode-post-title entry-title\"><a href=\"https:\/\/www.federacao-triatlo.pt\/ftp2015\/cinco-suplementos-que-podem-fazer-a-diferenca-no-triatlo\/\">Cinco suplementos que podem fazer a diferen\u00e7a no triatlo<\/a><\/h2><div class=\"fusion-post-content-container\"><p>No triatlo, a suplementa\u00e7\u00e3o n\u00e3o substitui uma alimenta\u00e7\u00e3o adequada, mas pode ser uma ferramenta \u00fatil quando bem aplicada. A evid\u00eancia cient\u00edfica mostra que apenas alguns [...]<\/p><\/div><\/div><\/div><div class=\"fusion-clearfix\"><\/div><\/div>\n<\/article>\n<article id=\"blog-1-post-107203\" class=\"fusion-post-grid post-107203 post type-post status-publish format-standard has-post-thumbnail hentry category-noticias-federacao-triatlo-portugal\">\n<div class=\"fusion-post-wrapper\" style=\"background-color:rgba(255,255,255,0);border:1px solid #ebeaea;border-bottom-width:3px;\">\n\n\t\t\t<div class=\"fusion-flexslider flexslider fusion-flexslider-loading fusion-post-slideshow\" style=\"border-color:#ebeaea;\">\n\t\t<ul class=\"slides\">\n\t\t\t\n\t\t\t\t\t\t\t\t\t\t\t\t\t\t<li><div  class=\"fusion-image-wrapper\" aria-haspopup=\"true\">\n\t\t\t\t<img width=\"1200\" height=\"630\" src=\"https:\/\/www.federacao-triatlo.pt\/ftp2015\/wp-content\/uploads\/2026\/04\/Promo-Facebook-Facebook-link-image-2026-04-20T140027.988.jpeg\" class=\"attachment-full size-full wp-post-image\" alt=\"\" decoding=\"async\" srcset=\"https:\/\/www.federacao-triatlo.pt\/ftp2015\/wp-content\/uploads\/2026\/04\/Promo-Facebook-Facebook-link-image-2026-04-20T140027.988-200x105.jpeg 200w, https:\/\/www.federacao-triatlo.pt\/ftp2015\/wp-content\/uploads\/2026\/04\/Promo-Facebook-Facebook-link-image-2026-04-20T140027.988-400x210.jpeg 400w, https:\/\/www.federacao-triatlo.pt\/ftp2015\/wp-content\/uploads\/2026\/04\/Promo-Facebook-Facebook-link-image-2026-04-20T140027.988-600x315.jpeg 600w, https:\/\/www.federacao-triatlo.pt\/ftp2015\/wp-content\/uploads\/2026\/04\/Promo-Facebook-Facebook-link-image-2026-04-20T140027.988-800x420.jpeg 800w, https:\/\/www.federacao-triatlo.pt\/ftp2015\/wp-content\/uploads\/2026\/04\/Promo-Facebook-Facebook-link-image-2026-04-20T140027.988.jpeg 1200w\" sizes=\"(min-width: 2200px) 100vw, (min-width: 732px) 580px, (min-width: 640px) 732px, \" \/><div class=\"fusion-rollover\">\n\t<div class=\"fusion-rollover-content\">\n\n\t\t\t\t\t\t\t\t\t\t\t\t\t\t<a class=\"fusion-rollover-link\" href=\"https:\/\/www.federacao-triatlo.pt\/ftp2015\/grupos-de-idade-alargado-o-prazo-de-inscricao-para-o-europeu-de-tarragona\/\">Grupos de idade: Alargado o prazo de inscri\u00e7\u00e3o para o Europeu de Tarragona<\/a>\n\t\t\t\n\t\t\t\t\t\t\t\t\t\t\t\t\t\t\n\t\t\t\t\t\t\t\t\n\t\t\t\t\t\t\t\t\t\t\t\t\t<div class=\"fusion-rollover-sep\"><\/div>\n\t\t\t\t\n\t\t\t\t\t\t\t\t\t\t\t\t\t\t\t\t\t\t<a class=\"fusion-rollover-gallery\" href=\"https:\/\/www.federacao-triatlo.pt\/ftp2015\/wp-content\/uploads\/2026\/04\/Promo-Facebook-Facebook-link-image-2026-04-20T140027.988.jpeg\" data-id=\"107203\" data-rel=\"iLightbox[gallery]\" data-title=\"Promo-Facebook-Facebook link image - 2026-04-20T140027.988\" data-caption=\"\">\n\t\t\t\t\t\tGallery\t\t\t\t\t<\/a>\n\t\t\t\t\t\t\t\t\t\t\t\t\t\t\n\t\t\n\t\t\t\t\t\t\t\t\t\t\t\t<h4 class=\"fusion-rollover-title\">\n\t\t\t\t\t<a class=\"fusion-rollover-title-link\" href=\"https:\/\/www.federacao-triatlo.pt\/ftp2015\/grupos-de-idade-alargado-o-prazo-de-inscricao-para-o-europeu-de-tarragona\/\">\n\t\t\t\t\t\tGrupos de idade: Alargado o prazo de inscri\u00e7\u00e3o para o Europeu de Tarragona\t\t\t\t\t<\/a>\n\t\t\t\t<\/h4>\n\t\t\t\n\t\t\t\t\t\t\t\t\t\t<div class=\"fusion-rollover-categories\"><a href=\"https:\/\/www.federacao-triatlo.pt\/ftp2015\/category\/noticias-federacao-triatlo-portugal\/\" rel=\"tag\">Not\u00edcias<\/a><\/div>\t\t\t\t\t\n\t\t\n\t\t\t\t\t\t<a class=\"fusion-link-wrapper\" href=\"https:\/\/www.federacao-triatlo.pt\/ftp2015\/grupos-de-idade-alargado-o-prazo-de-inscricao-para-o-europeu-de-tarragona\/\" aria-label=\"Grupos de idade: Alargado o prazo de inscri\u00e7\u00e3o para o Europeu de Tarragona\"><\/a>\n\t<\/div>\n<\/div>\n<\/div>\n<\/li>\n\t\t\t\n\t\t\t\n\t\t\t\t\t\t\t\t\t\t\t\n\t\t\t\t\t\n\t\t\t\t\t\t\t\t\t\t\t<li>\n\t\t\t\t\t\t\t<div class=\"fusion-image-wrapper\">\n\t\t\t\t\t\t\t\t<a href=\"https:\/\/www.federacao-triatlo.pt\/ftp2015\/grupos-de-idade-alargado-o-prazo-de-inscricao-para-o-europeu-de-tarragona\/\" aria-label=\"Grupos de idade: Alargado o prazo de inscri\u00e7\u00e3o para o Europeu de Tarragona\">\n\t\t\t\t\t\t\t\t\t<img decoding=\"async\" width=\"1200\" height=\"630\" src=\"https:\/\/www.federacao-triatlo.pt\/ftp2015\/wp-content\/uploads\/2026\/04\/Promo-Facebook-Facebook-link-image-2026-04-20T140027.988.jpeg\" alt=\"\" class=\"wp-image-107205\" role=\"presentation\" srcset=\"https:\/\/www.federacao-triatlo.pt\/ftp2015\/wp-content\/uploads\/2026\/04\/Promo-Facebook-Facebook-link-image-2026-04-20T140027.988-200x105.jpeg 200w, https:\/\/www.federacao-triatlo.pt\/ftp2015\/wp-content\/uploads\/2026\/04\/Promo-Facebook-Facebook-link-image-2026-04-20T140027.988-400x210.jpeg 400w, https:\/\/www.federacao-triatlo.pt\/ftp2015\/wp-content\/uploads\/2026\/04\/Promo-Facebook-Facebook-link-image-2026-04-20T140027.988-600x315.jpeg 600w, https:\/\/www.federacao-triatlo.pt\/ftp2015\/wp-content\/uploads\/2026\/04\/Promo-Facebook-Facebook-link-image-2026-04-20T140027.988-800x420.jpeg 800w, https:\/\/www.federacao-triatlo.pt\/ftp2015\/wp-content\/uploads\/2026\/04\/Promo-Facebook-Facebook-link-image-2026-04-20T140027.988.jpeg 1200w\" sizes=\"(min-width: 2200px) 100vw, (min-width: 732px) 580px, (min-width: 640px) 732px, \" \/>\t\t\t\t\t\t\t\t<\/a>\n\t\t\t\t\t\t\t\t<a style=\"display:none;\" href=\"https:\/\/www.federacao-triatlo.pt\/ftp2015\/wp-content\/uploads\/2026\/04\/Promo-Facebook-Facebook-link-image-2026-04-20T140027.988.jpeg\" data-rel=\"iLightbox[gallery107203]\"  title=\"\" data-title=\"Promo-Facebook-Facebook link image &#8211; 2026-04-20T140027.988\" data-caption=\"\">\n\t\t\t\t\t\t\t\t\t\t\t\t\t\t\t\t\t<\/a>\n\t\t\t\t\t\t\t<\/div>\n\t\t\t\t\t\t<\/li>\n\t\t\t\t\t\t\t\t\t\t\t\t\t\t\t\t\t\t\t\t\t\t\t\t\t\t\t\t\t\t\t\t\t\t\t\t\t\t\t\t\t\t\t\t\t\t\t\t\t\t\t\t\t\t\t\t\t\t\t\t\t\t\t\t\t\t<\/ul>\n\t<\/div>\n\t<div class=\"fusion-post-content-wrapper\" style=\"padding:30px 25px 20px 25px;\"><div class=\"fusion-post-content post-content\"><h2 class=\"blog-shortcode-post-title entry-title\"><a href=\"https:\/\/www.federacao-triatlo.pt\/ftp2015\/grupos-de-idade-alargado-o-prazo-de-inscricao-para-o-europeu-de-tarragona\/\">Grupos de idade: Alargado o prazo de inscri\u00e7\u00e3o para o Europeu de Tarragona<\/a><\/h2><div class=\"fusion-post-content-container\"><p>O prazo de inscri\u00e7\u00e3o para os atletas Age Group no Europe Triathlon Championships Tarragona 2026 foi oficialmente estendido at\u00e9 dia 18 de maio de 2026. [...]<\/p><\/div><\/div><\/div><div class=\"fusion-clearfix\"><\/div><\/div>\n<\/article>\n<article id=\"blog-1-post-106110\" class=\"fusion-post-grid post-106110 post type-post status-publish format-standard has-post-thumbnail hentry category-destaques category-noticias-federacao-triatlo-portugal\">\n<div class=\"fusion-post-wrapper\" style=\"background-color:rgba(255,255,255,0);border:1px solid #ebeaea;border-bottom-width:3px;\">\n\n\t\t\t<div class=\"fusion-flexslider flexslider fusion-flexslider-loading fusion-post-slideshow\" style=\"border-color:#ebeaea;\">\n\t\t<ul class=\"slides\">\n\t\t\t\n\t\t\t\t\t\t\t\t\t\t\t\t\t\t<li><div  class=\"fusion-image-wrapper\" aria-haspopup=\"true\">\n\t\t\t\t<img width=\"1200\" height=\"630\" src=\"https:\/\/www.federacao-triatlo.pt\/ftp2015\/wp-content\/uploads\/2026\/04\/Promo-Facebook-Facebook-link-image-2026-04-20T120037.377.jpeg\" class=\"attachment-full size-full wp-post-image\" alt=\"\" decoding=\"async\" srcset=\"https:\/\/www.federacao-triatlo.pt\/ftp2015\/wp-content\/uploads\/2026\/04\/Promo-Facebook-Facebook-link-image-2026-04-20T120037.377-200x105.jpeg 200w, https:\/\/www.federacao-triatlo.pt\/ftp2015\/wp-content\/uploads\/2026\/04\/Promo-Facebook-Facebook-link-image-2026-04-20T120037.377-400x210.jpeg 400w, https:\/\/www.federacao-triatlo.pt\/ftp2015\/wp-content\/uploads\/2026\/04\/Promo-Facebook-Facebook-link-image-2026-04-20T120037.377-600x315.jpeg 600w, https:\/\/www.federacao-triatlo.pt\/ftp2015\/wp-content\/uploads\/2026\/04\/Promo-Facebook-Facebook-link-image-2026-04-20T120037.377-800x420.jpeg 800w, https:\/\/www.federacao-triatlo.pt\/ftp2015\/wp-content\/uploads\/2026\/04\/Promo-Facebook-Facebook-link-image-2026-04-20T120037.377.jpeg 1200w\" sizes=\"(min-width: 2200px) 100vw, (min-width: 732px) 580px, (min-width: 640px) 732px, \" \/><div class=\"fusion-rollover\">\n\t<div class=\"fusion-rollover-content\">\n\n\t\t\t\t\t\t\t\t\t\t\t\t\t\t<a class=\"fusion-rollover-link\" href=\"https:\/\/www.federacao-triatlo.pt\/ftp2015\/campeonato-do-mundo-arranca-no-uzbequistao-com-jogos-olimpicos-no-horizonte\/\">Campeonato do Mundo arranca no Uzbequist\u00e3o com Jogos Ol\u00edmpicos no horizonte<\/a>\n\t\t\t\n\t\t\t\t\t\t\t\t\t\t\t\t\t\t\n\t\t\t\t\t\t\t\t\n\t\t\t\t\t\t\t\t\t\t\t\t\t<div class=\"fusion-rollover-sep\"><\/div>\n\t\t\t\t\n\t\t\t\t\t\t\t\t\t\t\t\t\t\t\t\t\t\t<a class=\"fusion-rollover-gallery\" href=\"https:\/\/www.federacao-triatlo.pt\/ftp2015\/wp-content\/uploads\/2026\/04\/Promo-Facebook-Facebook-link-image-2026-04-20T120037.377.jpeg\" data-id=\"106110\" data-rel=\"iLightbox[gallery]\" data-title=\"Promo-Facebook-Facebook link image - 2026-04-20T120037.377\" data-caption=\"\">\n\t\t\t\t\t\tGallery\t\t\t\t\t<\/a>\n\t\t\t\t\t\t\t\t\t\t\t\t\t\t\n\t\t\n\t\t\t\t\t\t\t\t\t\t\t\t<h4 class=\"fusion-rollover-title\">\n\t\t\t\t\t<a class=\"fusion-rollover-title-link\" href=\"https:\/\/www.federacao-triatlo.pt\/ftp2015\/campeonato-do-mundo-arranca-no-uzbequistao-com-jogos-olimpicos-no-horizonte\/\">\n\t\t\t\t\t\tCampeonato do Mundo arranca no Uzbequist\u00e3o com Jogos Ol\u00edmpicos no horizonte\t\t\t\t\t<\/a>\n\t\t\t\t<\/h4>\n\t\t\t\n\t\t\t\t\t\t\t\t\t\t<div class=\"fusion-rollover-categories\"><a href=\"https:\/\/www.federacao-triatlo.pt\/ftp2015\/category\/destaques\/\" rel=\"tag\">Destaques<\/a>, <a href=\"https:\/\/www.federacao-triatlo.pt\/ftp2015\/category\/noticias-federacao-triatlo-portugal\/\" rel=\"tag\">Not\u00edcias<\/a><\/div>\t\t\t\t\t\n\t\t\n\t\t\t\t\t\t<a class=\"fusion-link-wrapper\" href=\"https:\/\/www.federacao-triatlo.pt\/ftp2015\/campeonato-do-mundo-arranca-no-uzbequistao-com-jogos-olimpicos-no-horizonte\/\" aria-label=\"Campeonato do Mundo arranca no Uzbequist\u00e3o com Jogos Ol\u00edmpicos no horizonte\"><\/a>\n\t<\/div>\n<\/div>\n<\/div>\n<\/li>\n\t\t\t\n\t\t\t\n\t\t\t\t\t\t\t\t\t\t\t\t\t\t\t\t\t\t\t\t\t\t\t\t\t\t\t\t\t\t\t\t\t\t\t\t\t\t\t\t\t\t\t\t\t\t\t\t\t\t\t\t\t\t\t\t\t\t\t\t\t\t\t\t\t\t\t\t<\/ul>\n\t<\/div>\n\t<div class=\"fusion-post-content-wrapper\" style=\"padding:30px 25px 20px 25px;\"><div class=\"fusion-post-content post-content\"><h2 class=\"blog-shortcode-post-title entry-title\"><a href=\"https:\/\/www.federacao-triatlo.pt\/ftp2015\/campeonato-do-mundo-arranca-no-uzbequistao-com-jogos-olimpicos-no-horizonte\/\">Campeonato do Mundo arranca no Uzbequist\u00e3o com Jogos Ol\u00edmpicos no horizonte<\/a><\/h2><div class=\"fusion-post-content-container\"><p>O campeonato do mundo de triatlo de 2026 arranca no fim-de-semana de 25 de Abril, em Samarkand, Uzbequist\u00e3o e assinala tamb\u00e9m o tiro de partida [...]<\/p><\/div><\/div><\/div><div class=\"fusion-clearfix\"><\/div><\/div>\n<\/article>\n<div class=\"fusion-clearfix\"><\/div><\/div><\/div><\/div><\/div><\/div><\/div>\n","protected":false},"excerpt":{"rendered":"","protected":false},"author":1,"featured_media":0,"parent":0,"menu_order":0,"comment_status":"closed","ping_status":"closed","template":"","meta":{"footnotes":""},"_links":{"self":[{"href":"https:\/\/www.federacao-triatlo.pt\/ftp2015\/wp-json\/wp\/v2\/pages\/2"}],"collection":[{"href":"https:\/\/www.federacao-triatlo.pt\/ftp2015\/wp-json\/wp\/v2\/pages"}],"about":[{"href":"https:\/\/www.federacao-triatlo.pt\/ftp2015\/wp-json\/wp\/v2\/types\/page"}],"author":[{"embeddable":true,"href":"https:\/\/www.federacao-triatlo.pt\/ftp2015\/wp-json\/wp\/v2\/users\/1"}],"replies":[{"embeddable":true,"href":"https:\/\/www.federacao-triatlo.pt\/ftp2015\/wp-json\/wp\/v2\/comments?post=2"}],"version-history":[{"count":23,"href":"https:\/\/www.federacao-triatlo.pt\/ftp2015\/wp-json\/wp\/v2\/pages\/2\/revisions"}],"predecessor-version":[{"id":106472,"href":"https:\/\/www.federacao-triatlo.pt\/ftp2015\/wp-json\/wp\/v2\/pages\/2\/revisions\/106472"}],"wp:attachment":[{"href":"https:\/\/www.federacao-triatlo.pt\/ftp2015\/wp-json\/wp\/v2\/media?parent=2"}],"curies":[{"name":"wp","href":"https:\/\/api.w.org\/{rel}","templated":true}]}}