{"id":16837,"date":"2017-01-23T10:43:03","date_gmt":"2017-01-23T10:43:03","guid":{"rendered":"https:\/\/www.federacao-triatlo.pt\/ftp2015\/?page_id=16837"},"modified":"2025-03-14T12:00:17","modified_gmt":"2025-03-14T12:00:17","slug":"arquivo-noticias","status":"publish","type":"page","link":"https:\/\/www.federacao-triatlo.pt\/ftp2015\/noticias\/arquivo-noticias\/","title":{"rendered":"Arquivo de Not\u00edcias"},"content":{"rendered":"<div class=\"fusion-fullwidth fullwidth-box fusion-builder-row-1 fusion-flex-container has-pattern-background has-mask-background hundred-percent-fullwidth non-hundred-percent-height-scrolling\" style=\"--awb-border-radius-top-left:0px;--awb-border-radius-top-right:0px;--awb-border-radius-bottom-right:0px;--awb-border-radius-bottom-left:0px;--awb-overflow:visible;--awb-flex-wrap:wrap;\" ><div class=\"fusion-builder-row fusion-row fusion-flex-align-items-center fusion-flex-justify-content-space-evenly fusion-flex-content-wrap\" style=\"width:123% !important;max-width:123% !important;margin-left: calc(-23% \/ 2 );margin-right: calc(-23% \/ 2 );\"><div class=\"fusion-layout-column fusion_builder_column fusion-builder-column-0 fusion_builder_column_1_1 1_1 fusion-flex-column fusion-flex-align-self-flex-start fusion-column-no-min-height\" style=\"--awb-bg-size:cover;--awb-width-large:100%;--awb-margin-top-large:0px;--awb-spacing-right-large:8.855%;--awb-margin-bottom-large:0px;--awb-spacing-left-large:8.855%;--awb-width-medium:100%;--awb-spacing-right-medium:8.855%;--awb-spacing-left-medium:8.855%;--awb-width-small:100%;--awb-spacing-right-small:8.855%;--awb-spacing-left-small:8.855%;\"><div class=\"fusion-column-wrapper fusion-flex-justify-content-flex-start fusion-content-layout-column\"><div class=\"fusion-blog-shortcode fusion-blog-shortcode-1 fusion-blog-archive fusion-blog-layout-grid-wrapper fusion-blog-infinite\"><style type=\"text\/css\">.fusion-blog-shortcode-1 .fusion-blog-layout-grid .fusion-post-grid{padding:20px;}.fusion-blog-shortcode-1 .fusion-posts-container{margin-left: -20px !important; margin-right:-20px !important;}<\/style><div class=\"fusion-posts-container fusion-posts-container-infinite fusion-posts-container-load-more fusion-blog-rollover fusion-blog-layout-grid fusion-blog-layout-grid-3 isotope fusion-blog-equal-heights\" data-pages=\"85\" data-grid-col-space=\"40\" style=\"margin: -20px -20px 0;min-height:500px;\"><article id=\"blog-1-post-107570\" class=\"fusion-post-grid post-107570 post type-post status-publish format-standard has-post-thumbnail hentry category-noticias-federacao-triatlo-portugal\">\n<div class=\"fusion-post-wrapper\" style=\"background-color:rgba(255,255,255,0);border:1px solid #ebeaea;border-bottom-width:3px;\">\n\n\t\t\t<div class=\"fusion-flexslider flexslider fusion-flexslider-loading fusion-post-slideshow\" style=\"border-color:#ebeaea;\">\n\t\t<ul class=\"slides\">\n\t\t\t\n\t\t\t\t\t\t\t\t\t\t\t\t\t\t<li><div  class=\"fusion-image-wrapper\" aria-haspopup=\"true\">\n\t\t\t\t<img width=\"1200\" height=\"630\" src=\"https:\/\/www.federacao-triatlo.pt\/ftp2015\/wp-content\/uploads\/2026\/05\/Promo-Facebook-Facebook-link-image-2026-05-02T121127.572.jpeg\" class=\"attachment-full size-full wp-post-image\" alt=\"\" decoding=\"async\" srcset=\"https:\/\/www.federacao-triatlo.pt\/ftp2015\/wp-content\/uploads\/2026\/05\/Promo-Facebook-Facebook-link-image-2026-05-02T121127.572-200x105.jpeg 200w, https:\/\/www.federacao-triatlo.pt\/ftp2015\/wp-content\/uploads\/2026\/05\/Promo-Facebook-Facebook-link-image-2026-05-02T121127.572-400x210.jpeg 400w, https:\/\/www.federacao-triatlo.pt\/ftp2015\/wp-content\/uploads\/2026\/05\/Promo-Facebook-Facebook-link-image-2026-05-02T121127.572-600x315.jpeg 600w, https:\/\/www.federacao-triatlo.pt\/ftp2015\/wp-content\/uploads\/2026\/05\/Promo-Facebook-Facebook-link-image-2026-05-02T121127.572-800x420.jpeg 800w, https:\/\/www.federacao-triatlo.pt\/ftp2015\/wp-content\/uploads\/2026\/05\/Promo-Facebook-Facebook-link-image-2026-05-02T121127.572.jpeg 1200w\" sizes=\"(min-width: 2200px) 100vw, (min-width: 824px) 373px, (min-width: 732px) 560px, (min-width: 640px) 732px, \" \/><div class=\"fusion-rollover\">\n\t<div class=\"fusion-rollover-content\">\n\n\t\t\t\t\t\t\t\t\t\t\t\t\t\t<a class=\"fusion-rollover-link\" href=\"https:\/\/www.federacao-triatlo.pt\/ftp2015\/mais-de-200-jovens-na-festa-do-duatlo-de-cerveira\/\">Mais de 200 jovens na festa do Duatlo de Cerveira<\/a>\n\t\t\t\n\t\t\t\t\t\t\t\t\t\t\t\t\t\t\n\t\t\t\t\t\t\t\t\n\t\t\t\t\t\t\t\t\t\t\t\t\t<div class=\"fusion-rollover-sep\"><\/div>\n\t\t\t\t\n\t\t\t\t\t\t\t\t\t\t\t\t\t\t\t\t\t\t<a class=\"fusion-rollover-gallery\" href=\"https:\/\/www.federacao-triatlo.pt\/ftp2015\/wp-content\/uploads\/2026\/05\/Promo-Facebook-Facebook-link-image-2026-05-02T121127.572.jpeg\" data-id=\"107570\" data-rel=\"iLightbox[gallery]\" data-title=\"Promo-Facebook-Facebook link image - 2026-05-02T121127.572\" data-caption=\"\">\n\t\t\t\t\t\tGallery\t\t\t\t\t<\/a>\n\t\t\t\t\t\t\t\t\t\t\t\t\t\t\n\t\t\n\t\t\t\t\t\t\t\t\t\t\t\t<h4 class=\"fusion-rollover-title\">\n\t\t\t\t\t<a class=\"fusion-rollover-title-link\" href=\"https:\/\/www.federacao-triatlo.pt\/ftp2015\/mais-de-200-jovens-na-festa-do-duatlo-de-cerveira\/\">\n\t\t\t\t\t\tMais de 200 jovens na festa do Duatlo de Cerveira\t\t\t\t\t<\/a>\n\t\t\t\t<\/h4>\n\t\t\t\n\t\t\t\t\t\t\t\t\t\t<div class=\"fusion-rollover-categories\"><a href=\"https:\/\/www.federacao-triatlo.pt\/ftp2015\/category\/noticias-federacao-triatlo-portugal\/\" rel=\"tag\">Not\u00edcias<\/a><\/div>\t\t\t\t\t\n\t\t\n\t\t\t\t\t\t<a class=\"fusion-link-wrapper\" href=\"https:\/\/www.federacao-triatlo.pt\/ftp2015\/mais-de-200-jovens-na-festa-do-duatlo-de-cerveira\/\" aria-label=\"Mais de 200 jovens na festa do Duatlo de Cerveira\"><\/a>\n\t<\/div>\n<\/div>\n<\/div>\n<\/li>\n\t\t\t\n\t\t\t\n\t\t\t\t\t\t\t\t\t\t\t\t\t\t\t\t\t\t\t\t\t\t\t\t\t\t\t\t\t\t\t\t\t\t\t\t\t\t\t\t\t\t\t\t\t\t\t\t\t\t\t\t\t\t\t\t\t\t\t\t\t\t\t\t\t\t\t\t<\/ul>\n\t<\/div>\n\t<div class=\"fusion-post-content-wrapper\" style=\"padding:30px 25px 20px 25px;\"><div class=\"fusion-post-content post-content\"><h2 class=\"blog-shortcode-post-title entry-title\"><a href=\"https:\/\/www.federacao-triatlo.pt\/ftp2015\/mais-de-200-jovens-na-festa-do-duatlo-de-cerveira\/\">Mais de 200 jovens na festa do Duatlo de Cerveira<\/a><\/h2><p class=\"fusion-single-line-meta\"><span class=\"vcard\" style=\"display: none;\"><span class=\"fn\"><a href=\"https:\/\/www.federacao-triatlo.pt\/ftp2015\/author\/filipe-mendonca\/\" title=\"Artigos de Filipe Mendon\u00e7a\" rel=\"author\">Filipe Mendon\u00e7a<\/a><\/span><\/span><span class=\"updated\" style=\"display:none;\">2026-05-02T12:12:56+01:00<\/span><span>Maio 2nd, 2026<\/span><span class=\"fusion-inline-sep\">|<\/span>Categories: <a href=\"https:\/\/www.federacao-triatlo.pt\/ftp2015\/category\/noticias-federacao-triatlo-portugal\/\" rel=\"category tag\">Not\u00edcias<\/a><span class=\"fusion-inline-sep\">|<\/span><\/p><div class=\"fusion-content-sep sep-double sep-solid\"><\/div><div class=\"fusion-post-content-container\"><p>O Duatlo Jovem de Cerveira, realizado esta sexta-feira, 1 de maio, voltou a transformar Vila Nova de Cerveira numa verdadeira festa do desporto de forma\u00e7\u00e3o. A terceira etapa do Campeonato Nacional Jovem contou com cerca [...]<\/p><\/div><\/div><div class=\"fusion-meta-info\"><div class=\"fusion-alignleft\"><a class=\"fusion-read-more\" href=\"https:\/\/www.federacao-triatlo.pt\/ftp2015\/mais-de-200-jovens-na-festa-do-duatlo-de-cerveira\/\" aria-label=\"More on Mais de 200 jovens na festa do Duatlo de Cerveira\">Read More<\/a><\/div><div class=\"fusion-alignright\"><span>Coment\u00e1rios fechados<span class=\"screen-reader-text\"> em Mais de 200 jovens na festa do Duatlo de Cerveira<\/span><\/span><\/div><\/div><\/div><div class=\"fusion-clearfix\"><\/div><\/div>\n<\/article>\n<article id=\"blog-1-post-107562\" class=\"fusion-post-grid post-107562 post type-post status-publish format-standard has-post-thumbnail hentry category-destaques category-formacao-federacao-triatlo-portugal category-noticias-federacao-triatlo-portugal\">\n<div class=\"fusion-post-wrapper\" style=\"background-color:rgba(255,255,255,0);border:1px solid #ebeaea;border-bottom-width:3px;\">\n\n\t\t\t<div class=\"fusion-flexslider flexslider fusion-flexslider-loading fusion-post-slideshow\" style=\"border-color:#ebeaea;\">\n\t\t<ul class=\"slides\">\n\t\t\t\n\t\t\t\t\t\t\t\t\t\t\t\t\t\t<li><div  class=\"fusion-image-wrapper\" aria-haspopup=\"true\">\n\t\t\t\t<img width=\"2040\" height=\"1071\" src=\"https:\/\/www.federacao-triatlo.pt\/ftp2015\/wp-content\/uploads\/2021\/06\/Aguamaiscrescidas-e1777569680400.jpg\" class=\"attachment-full size-full wp-post-image\" alt=\"\" decoding=\"async\" srcset=\"https:\/\/www.federacao-triatlo.pt\/ftp2015\/wp-content\/uploads\/2021\/06\/Aguamaiscrescidas-e1777569680400-200x105.jpg 200w, https:\/\/www.federacao-triatlo.pt\/ftp2015\/wp-content\/uploads\/2021\/06\/Aguamaiscrescidas-e1777569680400-400x210.jpg 400w, https:\/\/www.federacao-triatlo.pt\/ftp2015\/wp-content\/uploads\/2021\/06\/Aguamaiscrescidas-e1777569680400-600x315.jpg 600w, https:\/\/www.federacao-triatlo.pt\/ftp2015\/wp-content\/uploads\/2021\/06\/Aguamaiscrescidas-e1777569680400-800x420.jpg 800w, https:\/\/www.federacao-triatlo.pt\/ftp2015\/wp-content\/uploads\/2021\/06\/Aguamaiscrescidas-e1777569680400-1200x630.jpg 1200w, https:\/\/www.federacao-triatlo.pt\/ftp2015\/wp-content\/uploads\/2021\/06\/Aguamaiscrescidas-e1777569680400.jpg 2040w\" sizes=\"(min-width: 2200px) 100vw, (min-width: 824px) 373px, (min-width: 732px) 560px, (min-width: 640px) 732px, \" \/><div class=\"fusion-rollover\">\n\t<div class=\"fusion-rollover-content\">\n\n\t\t\t\t\t\t\t\t\t\t\t\t\t\t<a class=\"fusion-rollover-link\" href=\"https:\/\/www.federacao-triatlo.pt\/ftp2015\/cursos-iniciais-de-arbitros-em-lisboa-e-sao-mamede-de-infesta\/\">Cursos Iniciais de \u00c1rbitros em Lisboa e S\u00e3o Mamede de Infesta<\/a>\n\t\t\t\n\t\t\t\t\t\t\t\t\t\t\t\t\t\t\n\t\t\t\t\t\t\t\t\n\t\t\t\t\t\t\t\t\t\t\t\t\t<div class=\"fusion-rollover-sep\"><\/div>\n\t\t\t\t\n\t\t\t\t\t\t\t\t\t\t\t\t\t\t\t\t\t\t<a class=\"fusion-rollover-gallery\" href=\"https:\/\/www.federacao-triatlo.pt\/ftp2015\/wp-content\/uploads\/2021\/06\/Aguamaiscrescidas-e1777569680400.jpg\" data-id=\"107562\" data-rel=\"iLightbox[gallery]\" data-title=\"Aguamaiscrescidas\" data-caption=\"\">\n\t\t\t\t\t\tGallery\t\t\t\t\t<\/a>\n\t\t\t\t\t\t\t\t\t\t\t\t\t\t\n\t\t\n\t\t\t\t\t\t\t\t\t\t\t\t<h4 class=\"fusion-rollover-title\">\n\t\t\t\t\t<a class=\"fusion-rollover-title-link\" href=\"https:\/\/www.federacao-triatlo.pt\/ftp2015\/cursos-iniciais-de-arbitros-em-lisboa-e-sao-mamede-de-infesta\/\">\n\t\t\t\t\t\tCursos Iniciais de \u00c1rbitros em Lisboa e S\u00e3o Mamede de Infesta\t\t\t\t\t<\/a>\n\t\t\t\t<\/h4>\n\t\t\t\n\t\t\t\t\t\t\t\t\t\t<div class=\"fusion-rollover-categories\"><a href=\"https:\/\/www.federacao-triatlo.pt\/ftp2015\/category\/destaques\/\" rel=\"tag\">Destaques<\/a>, <a href=\"https:\/\/www.federacao-triatlo.pt\/ftp2015\/category\/formacao-federacao-triatlo-portugal\/\" rel=\"tag\">Forma\u00e7\u00e3o<\/a>, <a href=\"https:\/\/www.federacao-triatlo.pt\/ftp2015\/category\/noticias-federacao-triatlo-portugal\/\" rel=\"tag\">Not\u00edcias<\/a><\/div>\t\t\t\t\t\n\t\t\n\t\t\t\t\t\t<a class=\"fusion-link-wrapper\" href=\"https:\/\/www.federacao-triatlo.pt\/ftp2015\/cursos-iniciais-de-arbitros-em-lisboa-e-sao-mamede-de-infesta\/\" aria-label=\"Cursos Iniciais de \u00c1rbitros em Lisboa e S\u00e3o Mamede de Infesta\"><\/a>\n\t<\/div>\n<\/div>\n<\/div>\n<\/li>\n\t\t\t\n\t\t\t\n\t\t\t\t\t\t\t\t\t\t\t\t\t\t\t\t\t\t\t\t\t\t\t\t\t\t\t\t\t\t\t\t\t\t\t\t\t\t\t\t\t\t\t\t\t\t\t\t\t\t\t\t\t\t\t\t\t\t\t\t\t\t\t\t\t\t\t\t<\/ul>\n\t<\/div>\n\t<div class=\"fusion-post-content-wrapper\" style=\"padding:30px 25px 20px 25px;\"><div class=\"fusion-post-content post-content\"><h2 class=\"blog-shortcode-post-title entry-title\"><a href=\"https:\/\/www.federacao-triatlo.pt\/ftp2015\/cursos-iniciais-de-arbitros-em-lisboa-e-sao-mamede-de-infesta\/\">Cursos Iniciais de \u00c1rbitros em Lisboa e S\u00e3o Mamede de Infesta<\/a><\/h2><p class=\"fusion-single-line-meta\"><span class=\"vcard\" style=\"display: none;\"><span class=\"fn\"><a href=\"https:\/\/www.federacao-triatlo.pt\/ftp2015\/author\/anaproenca\/\" title=\"Artigos de Ana Proen\u00e7a\" rel=\"author\">Ana Proen\u00e7a<\/a><\/span><\/span><span class=\"updated\" style=\"display:none;\">2026-04-30T18:21:29+01:00<\/span><span>Abril 30th, 2026<\/span><span class=\"fusion-inline-sep\">|<\/span>Categories: <a href=\"https:\/\/www.federacao-triatlo.pt\/ftp2015\/category\/destaques\/\" rel=\"category tag\">Destaques<\/a>, <a href=\"https:\/\/www.federacao-triatlo.pt\/ftp2015\/category\/formacao-federacao-triatlo-portugal\/\" rel=\"category tag\">Forma\u00e7\u00e3o<\/a>, <a href=\"https:\/\/www.federacao-triatlo.pt\/ftp2015\/category\/noticias-federacao-triatlo-portugal\/\" rel=\"category tag\">Not\u00edcias<\/a><span class=\"fusion-inline-sep\">|<\/span><\/p><div class=\"fusion-content-sep sep-double sep-solid\"><\/div><div class=\"fusion-post-content-container\"><p>A FTP informa que se encontram abertas as inscri\u00e7\u00f5es para os Cursos Iniciais de \u00c1rbitros, que v\u00e3o decorrer em Lisboa, a 23 de maio, e em S\u00e3o Mamede de Infesta (Concelho de Matosinhos) a 14 [...]<\/p><\/div><\/div><div class=\"fusion-meta-info\"><div class=\"fusion-alignleft\"><a class=\"fusion-read-more\" href=\"https:\/\/www.federacao-triatlo.pt\/ftp2015\/cursos-iniciais-de-arbitros-em-lisboa-e-sao-mamede-de-infesta\/\" aria-label=\"More on Cursos Iniciais de \u00c1rbitros em Lisboa e S\u00e3o Mamede de Infesta\">Read More<\/a><\/div><div class=\"fusion-alignright\"><span>Coment\u00e1rios fechados<span class=\"screen-reader-text\"> em Cursos Iniciais de \u00c1rbitros em Lisboa e S\u00e3o Mamede de Infesta<\/span><\/span><\/div><\/div><\/div><div class=\"fusion-clearfix\"><\/div><\/div>\n<\/article>\n<article id=\"blog-1-post-107542\" class=\"fusion-post-grid post-107542 post type-post status-publish format-standard has-post-thumbnail hentry category-destaques category-noticias-federacao-triatlo-portugal\">\n<div class=\"fusion-post-wrapper\" style=\"background-color:rgba(255,255,255,0);border:1px solid #ebeaea;border-bottom-width:3px;\">\n\n\t\t\t<div class=\"fusion-flexslider flexslider fusion-flexslider-loading fusion-post-slideshow\" style=\"border-color:#ebeaea;\">\n\t\t<ul class=\"slides\">\n\t\t\t\n\t\t\t\t\t\t\t\t\t\t\t\t\t\t<li><div  class=\"fusion-image-wrapper\" aria-haspopup=\"true\">\n\t\t\t\t<img width=\"1200\" height=\"630\" src=\"https:\/\/www.federacao-triatlo.pt\/ftp2015\/wp-content\/uploads\/2026\/04\/Promo-Facebook-Facebook-link-image-2026-04-29T093750.619.jpeg\" class=\"attachment-full size-full wp-post-image\" alt=\"\" decoding=\"async\" srcset=\"https:\/\/www.federacao-triatlo.pt\/ftp2015\/wp-content\/uploads\/2026\/04\/Promo-Facebook-Facebook-link-image-2026-04-29T093750.619-200x105.jpeg 200w, https:\/\/www.federacao-triatlo.pt\/ftp2015\/wp-content\/uploads\/2026\/04\/Promo-Facebook-Facebook-link-image-2026-04-29T093750.619-400x210.jpeg 400w, https:\/\/www.federacao-triatlo.pt\/ftp2015\/wp-content\/uploads\/2026\/04\/Promo-Facebook-Facebook-link-image-2026-04-29T093750.619-600x315.jpeg 600w, https:\/\/www.federacao-triatlo.pt\/ftp2015\/wp-content\/uploads\/2026\/04\/Promo-Facebook-Facebook-link-image-2026-04-29T093750.619-800x420.jpeg 800w, https:\/\/www.federacao-triatlo.pt\/ftp2015\/wp-content\/uploads\/2026\/04\/Promo-Facebook-Facebook-link-image-2026-04-29T093750.619.jpeg 1200w\" sizes=\"(min-width: 2200px) 100vw, (min-width: 824px) 373px, (min-width: 732px) 560px, (min-width: 640px) 732px, \" \/><div class=\"fusion-rollover\">\n\t<div class=\"fusion-rollover-content\">\n\n\t\t\t\t\t\t\t\t\t\t\t\t\t\t<a class=\"fusion-rollover-link\" href=\"https:\/\/www.federacao-triatlo.pt\/ftp2015\/coimbra-recebe-nacional-de-distancia-standard\/\">Coimbra recebe nacional de dist\u00e2ncia standard<\/a>\n\t\t\t\n\t\t\t\t\t\t\t\t\t\t\t\t\t\t\n\t\t\t\t\t\t\t\t\n\t\t\t\t\t\t\t\t\t\t\t\t\t<div class=\"fusion-rollover-sep\"><\/div>\n\t\t\t\t\n\t\t\t\t\t\t\t\t\t\t\t\t\t\t\t\t\t\t<a class=\"fusion-rollover-gallery\" href=\"https:\/\/www.federacao-triatlo.pt\/ftp2015\/wp-content\/uploads\/2026\/04\/Promo-Facebook-Facebook-link-image-2026-04-29T093750.619.jpeg\" data-id=\"107542\" data-rel=\"iLightbox[gallery]\" data-title=\"Promo-Facebook-Facebook link image - 2026-04-29T093750.619\" data-caption=\"\">\n\t\t\t\t\t\tGallery\t\t\t\t\t<\/a>\n\t\t\t\t\t\t\t\t\t\t\t\t\t\t\n\t\t\n\t\t\t\t\t\t\t\t\t\t\t\t<h4 class=\"fusion-rollover-title\">\n\t\t\t\t\t<a class=\"fusion-rollover-title-link\" href=\"https:\/\/www.federacao-triatlo.pt\/ftp2015\/coimbra-recebe-nacional-de-distancia-standard\/\">\n\t\t\t\t\t\tCoimbra recebe nacional de dist\u00e2ncia standard\t\t\t\t\t<\/a>\n\t\t\t\t<\/h4>\n\t\t\t\n\t\t\t\t\t\t\t\t\t\t<div class=\"fusion-rollover-categories\"><a href=\"https:\/\/www.federacao-triatlo.pt\/ftp2015\/category\/destaques\/\" rel=\"tag\">Destaques<\/a>, <a href=\"https:\/\/www.federacao-triatlo.pt\/ftp2015\/category\/noticias-federacao-triatlo-portugal\/\" rel=\"tag\">Not\u00edcias<\/a><\/div>\t\t\t\t\t\n\t\t\n\t\t\t\t\t\t<a class=\"fusion-link-wrapper\" href=\"https:\/\/www.federacao-triatlo.pt\/ftp2015\/coimbra-recebe-nacional-de-distancia-standard\/\" aria-label=\"Coimbra recebe nacional de dist\u00e2ncia standard\"><\/a>\n\t<\/div>\n<\/div>\n<\/div>\n<\/li>\n\t\t\t\n\t\t\t\n\t\t\t\t\t\t\t\t\t\t\t\t\t\t\t\t\t\t\t\t\t\t\t\t\t\t\t\t\t\t\t\t\t\t\t\t\t\t\t\t\t\t\t\t\t\t\t\t\t\t\t\t\t\t\t\t\t\t\t\t\t\t\t\t\t\t\t\t<\/ul>\n\t<\/div>\n\t<div class=\"fusion-post-content-wrapper\" style=\"padding:30px 25px 20px 25px;\"><div class=\"fusion-post-content post-content\"><h2 class=\"blog-shortcode-post-title entry-title\"><a href=\"https:\/\/www.federacao-triatlo.pt\/ftp2015\/coimbra-recebe-nacional-de-distancia-standard\/\">Coimbra recebe nacional de dist\u00e2ncia standard<\/a><\/h2><p class=\"fusion-single-line-meta\"><span class=\"vcard\" style=\"display: none;\"><span class=\"fn\"><a href=\"https:\/\/www.federacao-triatlo.pt\/ftp2015\/author\/filipe-mendonca\/\" title=\"Artigos de Filipe Mendon\u00e7a\" rel=\"author\">Filipe Mendon\u00e7a<\/a><\/span><\/span><span class=\"updated\" style=\"display:none;\">2026-04-29T09:39:40+01:00<\/span><span>Abril 29th, 2026<\/span><span class=\"fusion-inline-sep\">|<\/span>Categories: <a href=\"https:\/\/www.federacao-triatlo.pt\/ftp2015\/category\/destaques\/\" rel=\"category tag\">Destaques<\/a>, <a href=\"https:\/\/www.federacao-triatlo.pt\/ftp2015\/category\/noticias-federacao-triatlo-portugal\/\" rel=\"category tag\">Not\u00edcias<\/a><span class=\"fusion-inline-sep\">|<\/span><\/p><div class=\"fusion-content-sep sep-double sep-solid\"><\/div><div class=\"fusion-post-content-container\"><p>A \u00a0Federa\u00e7\u00e3o de Triatlo de Portugal informa que o Campeonato Nacional Individual de Dist\u00e2ncia Standard ter\u00e1 lugar no pr\u00f3ximo dia 13 de junho, em Coimbra. A competi\u00e7\u00e3o ser\u00e1 disputada no formato standard (1,5 km de [...]<\/p><\/div><\/div><div class=\"fusion-meta-info\"><div class=\"fusion-alignleft\"><a class=\"fusion-read-more\" href=\"https:\/\/www.federacao-triatlo.pt\/ftp2015\/coimbra-recebe-nacional-de-distancia-standard\/\" aria-label=\"More on Coimbra recebe nacional de dist\u00e2ncia standard\">Read More<\/a><\/div><div class=\"fusion-alignright\"><span>Coment\u00e1rios fechados<span class=\"screen-reader-text\"> em Coimbra recebe nacional de dist\u00e2ncia standard<\/span><\/span><\/div><\/div><\/div><div class=\"fusion-clearfix\"><\/div><\/div>\n<\/article>\n<article id=\"blog-1-post-107547\" class=\"fusion-post-grid post-107547 post type-post status-publish format-standard has-post-thumbnail hentry category-noticias-federacao-triatlo-portugal\">\n<div class=\"fusion-post-wrapper\" style=\"background-color:rgba(255,255,255,0);border:1px solid #ebeaea;border-bottom-width:3px;\">\n\n\t\t\t<div class=\"fusion-flexslider flexslider fusion-flexslider-loading fusion-post-slideshow\" style=\"border-color:#ebeaea;\">\n\t\t<ul class=\"slides\">\n\t\t\t\n\t\t\t\t\t\t\t\t\t\t\t\t\t\t<li><div  class=\"fusion-image-wrapper\" aria-haspopup=\"true\">\n\t\t\t\t<img width=\"1200\" height=\"628\" src=\"https:\/\/www.federacao-triatlo.pt\/ftp2015\/wp-content\/uploads\/2026\/04\/Design-sem-nome-3.png\" class=\"attachment-full size-full wp-post-image\" alt=\"\" decoding=\"async\" srcset=\"https:\/\/www.federacao-triatlo.pt\/ftp2015\/wp-content\/uploads\/2026\/04\/Design-sem-nome-3-200x105.png 200w, https:\/\/www.federacao-triatlo.pt\/ftp2015\/wp-content\/uploads\/2026\/04\/Design-sem-nome-3-400x209.png 400w, https:\/\/www.federacao-triatlo.pt\/ftp2015\/wp-content\/uploads\/2026\/04\/Design-sem-nome-3-600x314.png 600w, https:\/\/www.federacao-triatlo.pt\/ftp2015\/wp-content\/uploads\/2026\/04\/Design-sem-nome-3-800x419.png 800w, https:\/\/www.federacao-triatlo.pt\/ftp2015\/wp-content\/uploads\/2026\/04\/Design-sem-nome-3.png 1200w\" sizes=\"(min-width: 2200px) 100vw, (min-width: 824px) 373px, (min-width: 732px) 560px, (min-width: 640px) 732px, \" \/><div class=\"fusion-rollover\">\n\t<div class=\"fusion-rollover-content\">\n\n\t\t\t\t\t\t\t\t\t\t\t\t\t\t<a class=\"fusion-rollover-link\" href=\"https:\/\/www.federacao-triatlo.pt\/ftp2015\/taca-da-europa-seis-juniores-no-top-20-em-torremolinos\/\">Ta\u00e7a da Europa: Seis juniores no top-20 em Torremolinos<\/a>\n\t\t\t\n\t\t\t\t\t\t\t\t\t\t\t\t\t\t\n\t\t\t\t\t\t\t\t\n\t\t\t\t\t\t\t\t\t\t\t\t\t<div class=\"fusion-rollover-sep\"><\/div>\n\t\t\t\t\n\t\t\t\t\t\t\t\t\t\t\t\t\t\t\t\t\t\t<a class=\"fusion-rollover-gallery\" href=\"https:\/\/www.federacao-triatlo.pt\/ftp2015\/wp-content\/uploads\/2026\/04\/Design-sem-nome-3.png\" data-id=\"107547\" data-rel=\"iLightbox[gallery]\" data-title=\"Design sem nome (3)\" data-caption=\"\">\n\t\t\t\t\t\tGallery\t\t\t\t\t<\/a>\n\t\t\t\t\t\t\t\t\t\t\t\t\t\t\n\t\t\n\t\t\t\t\t\t\t\t\t\t\t\t<h4 class=\"fusion-rollover-title\">\n\t\t\t\t\t<a class=\"fusion-rollover-title-link\" href=\"https:\/\/www.federacao-triatlo.pt\/ftp2015\/taca-da-europa-seis-juniores-no-top-20-em-torremolinos\/\">\n\t\t\t\t\t\tTa\u00e7a da Europa: Seis juniores no top-20 em Torremolinos\t\t\t\t\t<\/a>\n\t\t\t\t<\/h4>\n\t\t\t\n\t\t\t\t\t\t\t\t\t\t<div class=\"fusion-rollover-categories\"><a href=\"https:\/\/www.federacao-triatlo.pt\/ftp2015\/category\/noticias-federacao-triatlo-portugal\/\" rel=\"tag\">Not\u00edcias<\/a><\/div>\t\t\t\t\t\n\t\t\n\t\t\t\t\t\t<a class=\"fusion-link-wrapper\" href=\"https:\/\/www.federacao-triatlo.pt\/ftp2015\/taca-da-europa-seis-juniores-no-top-20-em-torremolinos\/\" aria-label=\"Ta\u00e7a da Europa: Seis juniores no top-20 em Torremolinos\"><\/a>\n\t<\/div>\n<\/div>\n<\/div>\n<\/li>\n\t\t\t\n\t\t\t\n\t\t\t\t\t\t\t\t\t\t\t\t\t\t\t\t\t\t\t\t\t\t\t\t\t\t\t\t\t\t\t\t\t\t\t\t\t\t\t\t\t\t\t\t\t\t\t\t\t\t\t\t\t\t\t\t\t\t\t\t\t\t\t\t\t\t\t\t<\/ul>\n\t<\/div>\n\t<div class=\"fusion-post-content-wrapper\" style=\"padding:30px 25px 20px 25px;\"><div class=\"fusion-post-content post-content\"><h2 class=\"blog-shortcode-post-title entry-title\"><a href=\"https:\/\/www.federacao-triatlo.pt\/ftp2015\/taca-da-europa-seis-juniores-no-top-20-em-torremolinos\/\">Ta\u00e7a da Europa: Seis juniores no top-20 em Torremolinos<\/a><\/h2><p class=\"fusion-single-line-meta\"><span class=\"vcard\" style=\"display: none;\"><span class=\"fn\"><a href=\"https:\/\/www.federacao-triatlo.pt\/ftp2015\/author\/filipe-mendonca\/\" title=\"Artigos de Filipe Mendon\u00e7a\" rel=\"author\">Filipe Mendon\u00e7a<\/a><\/span><\/span><span class=\"updated\" style=\"display:none;\">2026-04-29T15:44:24+01:00<\/span><span>Abril 27th, 2026<\/span><span class=\"fusion-inline-sep\">|<\/span>Categories: <a href=\"https:\/\/www.federacao-triatlo.pt\/ftp2015\/category\/noticias-federacao-triatlo-portugal\/\" rel=\"category tag\">Not\u00edcias<\/a><span class=\"fusion-inline-sep\">|<\/span><\/p><div class=\"fusion-content-sep sep-double sep-solid\"><\/div><div class=\"fusion-post-content-container\"><p>Seis triatletas juniores portugueses terminaram no top-20, em Torremolinos, na Ta\u00e7a da Europa que decorreu no passado fim-de-semana, dia 26 de abril. Num evento condicionado pela m\u00e1 qualidade da \u00e1gua, o que obrigou a organiza\u00e7\u00e3o [...]<\/p><\/div><\/div><div class=\"fusion-meta-info\"><div class=\"fusion-alignleft\"><a class=\"fusion-read-more\" href=\"https:\/\/www.federacao-triatlo.pt\/ftp2015\/taca-da-europa-seis-juniores-no-top-20-em-torremolinos\/\" aria-label=\"More on Ta\u00e7a da Europa: Seis juniores no top-20 em Torremolinos\">Read More<\/a><\/div><div class=\"fusion-alignright\"><span>Coment\u00e1rios fechados<span class=\"screen-reader-text\"> em Ta\u00e7a da Europa: Seis juniores no top-20 em Torremolinos<\/span><\/span><\/div><\/div><\/div><div class=\"fusion-clearfix\"><\/div><\/div>\n<\/article>\n<article id=\"blog-1-post-107475\" class=\"fusion-post-grid post-107475 post type-post status-publish format-standard has-post-thumbnail hentry category-destaques category-noticias-federacao-triatlo-portugal\">\n<div class=\"fusion-post-wrapper\" style=\"background-color:rgba(255,255,255,0);border:1px solid #ebeaea;border-bottom-width:3px;\">\n\n\t\t\t<div class=\"fusion-flexslider flexslider fusion-flexslider-loading fusion-post-slideshow\" style=\"border-color:#ebeaea;\">\n\t\t<ul class=\"slides\">\n\t\t\t\n\t\t\t\t\t\t\t\t\t\t\t\t\t\t<li><div  class=\"fusion-image-wrapper\" aria-haspopup=\"true\">\n\t\t\t\t<img width=\"1200\" height=\"630\" src=\"https:\/\/www.federacao-triatlo.pt\/ftp2015\/wp-content\/uploads\/2026\/04\/Promo-Facebook-Facebook-link-image-2026-04-27T100215.508.jpeg\" class=\"attachment-full size-full wp-post-image\" alt=\"\" decoding=\"async\" srcset=\"https:\/\/www.federacao-triatlo.pt\/ftp2015\/wp-content\/uploads\/2026\/04\/Promo-Facebook-Facebook-link-image-2026-04-27T100215.508-200x105.jpeg 200w, https:\/\/www.federacao-triatlo.pt\/ftp2015\/wp-content\/uploads\/2026\/04\/Promo-Facebook-Facebook-link-image-2026-04-27T100215.508-400x210.jpeg 400w, https:\/\/www.federacao-triatlo.pt\/ftp2015\/wp-content\/uploads\/2026\/04\/Promo-Facebook-Facebook-link-image-2026-04-27T100215.508-600x315.jpeg 600w, https:\/\/www.federacao-triatlo.pt\/ftp2015\/wp-content\/uploads\/2026\/04\/Promo-Facebook-Facebook-link-image-2026-04-27T100215.508-800x420.jpeg 800w, https:\/\/www.federacao-triatlo.pt\/ftp2015\/wp-content\/uploads\/2026\/04\/Promo-Facebook-Facebook-link-image-2026-04-27T100215.508.jpeg 1200w\" sizes=\"(min-width: 2200px) 100vw, (min-width: 824px) 373px, (min-width: 732px) 560px, (min-width: 640px) 732px, \" \/><div class=\"fusion-rollover\">\n\t<div class=\"fusion-rollover-content\">\n\n\t\t\t\t\t\t\t\t\t\t\t\t\t\t<a class=\"fusion-rollover-link\" href=\"https:\/\/www.federacao-triatlo.pt\/ftp2015\/media-distancia-joao-ferreira-e-vanessa-pereira-campeoes-nacionais\/\">M\u00e9dia Dist\u00e2ncia: Jo\u00e3o Ferreira e Vanessa Pereira campe\u00f5es nacionais<\/a>\n\t\t\t\n\t\t\t\t\t\t\t\t\t\t\t\t\t\t\n\t\t\t\t\t\t\t\t\n\t\t\t\t\t\t\t\t\t\t\t\t\t<div class=\"fusion-rollover-sep\"><\/div>\n\t\t\t\t\n\t\t\t\t\t\t\t\t\t\t\t\t\t\t\t\t\t\t<a class=\"fusion-rollover-gallery\" href=\"https:\/\/www.federacao-triatlo.pt\/ftp2015\/wp-content\/uploads\/2026\/04\/Promo-Facebook-Facebook-link-image-2026-04-27T100215.508.jpeg\" data-id=\"107475\" data-rel=\"iLightbox[gallery]\" data-title=\"Promo-Facebook-Facebook link image - 2026-04-27T100215.508\" data-caption=\"\">\n\t\t\t\t\t\tGallery\t\t\t\t\t<\/a>\n\t\t\t\t\t\t\t\t\t\t\t\t\t\t\n\t\t\n\t\t\t\t\t\t\t\t\t\t\t\t<h4 class=\"fusion-rollover-title\">\n\t\t\t\t\t<a class=\"fusion-rollover-title-link\" href=\"https:\/\/www.federacao-triatlo.pt\/ftp2015\/media-distancia-joao-ferreira-e-vanessa-pereira-campeoes-nacionais\/\">\n\t\t\t\t\t\tM\u00e9dia Dist\u00e2ncia: Jo\u00e3o Ferreira e Vanessa Pereira campe\u00f5es nacionais\t\t\t\t\t<\/a>\n\t\t\t\t<\/h4>\n\t\t\t\n\t\t\t\t\t\t\t\t\t\t<div class=\"fusion-rollover-categories\"><a href=\"https:\/\/www.federacao-triatlo.pt\/ftp2015\/category\/destaques\/\" rel=\"tag\">Destaques<\/a>, <a href=\"https:\/\/www.federacao-triatlo.pt\/ftp2015\/category\/noticias-federacao-triatlo-portugal\/\" rel=\"tag\">Not\u00edcias<\/a><\/div>\t\t\t\t\t\n\t\t\n\t\t\t\t\t\t<a class=\"fusion-link-wrapper\" href=\"https:\/\/www.federacao-triatlo.pt\/ftp2015\/media-distancia-joao-ferreira-e-vanessa-pereira-campeoes-nacionais\/\" aria-label=\"M\u00e9dia Dist\u00e2ncia: Jo\u00e3o Ferreira e Vanessa Pereira campe\u00f5es nacionais\"><\/a>\n\t<\/div>\n<\/div>\n<\/div>\n<\/li>\n\t\t\t\n\t\t\t\n\t\t\t\t\t\t\t\t\t\t\t\n\t\t\t\t\t\n\t\t\t\t\t\t\t\t\t\t\t<li>\n\t\t\t\t\t\t\t<div class=\"fusion-image-wrapper\">\n\t\t\t\t\t\t\t\t<a href=\"https:\/\/www.federacao-triatlo.pt\/ftp2015\/media-distancia-joao-ferreira-e-vanessa-pereira-campeoes-nacionais\/\" aria-label=\"M\u00e9dia Dist\u00e2ncia: Jo\u00e3o Ferreira e Vanessa Pereira campe\u00f5es nacionais\">\n\t\t\t\t\t\t\t\t\t<img decoding=\"async\" width=\"1200\" height=\"630\" src=\"https:\/\/www.federacao-triatlo.pt\/ftp2015\/wp-content\/uploads\/2026\/04\/Promo-Facebook-Facebook-link-image-2026-04-27T100244.533.jpeg\" alt=\"\" class=\"wp-image-107477\" role=\"presentation\" srcset=\"https:\/\/www.federacao-triatlo.pt\/ftp2015\/wp-content\/uploads\/2026\/04\/Promo-Facebook-Facebook-link-image-2026-04-27T100244.533-200x105.jpeg 200w, https:\/\/www.federacao-triatlo.pt\/ftp2015\/wp-content\/uploads\/2026\/04\/Promo-Facebook-Facebook-link-image-2026-04-27T100244.533-400x210.jpeg 400w, https:\/\/www.federacao-triatlo.pt\/ftp2015\/wp-content\/uploads\/2026\/04\/Promo-Facebook-Facebook-link-image-2026-04-27T100244.533-600x315.jpeg 600w, https:\/\/www.federacao-triatlo.pt\/ftp2015\/wp-content\/uploads\/2026\/04\/Promo-Facebook-Facebook-link-image-2026-04-27T100244.533-800x420.jpeg 800w, https:\/\/www.federacao-triatlo.pt\/ftp2015\/wp-content\/uploads\/2026\/04\/Promo-Facebook-Facebook-link-image-2026-04-27T100244.533.jpeg 1200w\" sizes=\"(min-width: 2200px) 100vw, (min-width: 824px) 373px, (min-width: 732px) 560px, (min-width: 640px) 732px, \" \/>\t\t\t\t\t\t\t\t<\/a>\n\t\t\t\t\t\t\t\t<a style=\"display:none;\" href=\"https:\/\/www.federacao-triatlo.pt\/ftp2015\/wp-content\/uploads\/2026\/04\/Promo-Facebook-Facebook-link-image-2026-04-27T100244.533.jpeg\" data-rel=\"iLightbox[gallery107475]\"  title=\"\" data-title=\"Promo-Facebook-Facebook link image &#8211; 2026-04-27T100244.533\" data-caption=\"\">\n\t\t\t\t\t\t\t\t\t\t\t\t\t\t\t\t\t<\/a>\n\t\t\t\t\t\t\t<\/div>\n\t\t\t\t\t\t<\/li>\n\t\t\t\t\t\t\t\t\t\t\t\t\t\t\t\t\t\t\t\t\t\t\t\t\t\t\t\t\t\t\t\t\t\t\t\t\t\t\t\t\t\t\t\t\t\t\t\t\t\t\t\t\t\t\t\t\t\t\t\t\t\t\t\t\t\t<\/ul>\n\t<\/div>\n\t<div class=\"fusion-post-content-wrapper\" style=\"padding:30px 25px 20px 25px;\"><div class=\"fusion-post-content post-content\"><h2 class=\"blog-shortcode-post-title entry-title\"><a href=\"https:\/\/www.federacao-triatlo.pt\/ftp2015\/media-distancia-joao-ferreira-e-vanessa-pereira-campeoes-nacionais\/\">M\u00e9dia Dist\u00e2ncia: Jo\u00e3o Ferreira e Vanessa Pereira campe\u00f5es nacionais<\/a><\/h2><p class=\"fusion-single-line-meta\"><span class=\"vcard\" style=\"display: none;\"><span class=\"fn\"><a href=\"https:\/\/www.federacao-triatlo.pt\/ftp2015\/author\/filipe-mendonca\/\" title=\"Artigos de Filipe Mendon\u00e7a\" rel=\"author\">Filipe Mendon\u00e7a<\/a><\/span><\/span><span class=\"updated\" style=\"display:none;\">2026-04-27T10:04:16+01:00<\/span><span>Abril 27th, 2026<\/span><span class=\"fusion-inline-sep\">|<\/span>Categories: <a href=\"https:\/\/www.federacao-triatlo.pt\/ftp2015\/category\/destaques\/\" rel=\"category tag\">Destaques<\/a>, <a href=\"https:\/\/www.federacao-triatlo.pt\/ftp2015\/category\/noticias-federacao-triatlo-portugal\/\" rel=\"category tag\">Not\u00edcias<\/a><span class=\"fusion-inline-sep\">|<\/span><\/p><div class=\"fusion-content-sep sep-double sep-solid\"><\/div><div class=\"fusion-post-content-container\"><p>Vanessa Pereira e Jo\u00e3o Francisco Ferreira conquistaram o t\u00edtulo de Campe\u00f5es Nacionais de M\u00e9dia Dist\u00e2ncia ao vencerem o Triatlo de Moura, prova disputada este fim de semana (26 de abril) e que atribuiu os t\u00edtulos [...]<\/p><\/div><\/div><div class=\"fusion-meta-info\"><div class=\"fusion-alignleft\"><a class=\"fusion-read-more\" href=\"https:\/\/www.federacao-triatlo.pt\/ftp2015\/media-distancia-joao-ferreira-e-vanessa-pereira-campeoes-nacionais\/\" aria-label=\"More on M\u00e9dia Dist\u00e2ncia: Jo\u00e3o Ferreira e Vanessa Pereira campe\u00f5es nacionais\">Read More<\/a><\/div><div class=\"fusion-alignright\"><span>Coment\u00e1rios fechados<span class=\"screen-reader-text\"> em M\u00e9dia Dist\u00e2ncia: Jo\u00e3o Ferreira e Vanessa Pereira campe\u00f5es nacionais<\/span><\/span><\/div><\/div><\/div><div class=\"fusion-clearfix\"><\/div><\/div>\n<\/article>\n<article id=\"blog-1-post-107469\" class=\"fusion-post-grid post-107469 post type-post status-publish format-standard has-post-thumbnail hentry category-destaques category-noticias-federacao-triatlo-portugal\">\n<div class=\"fusion-post-wrapper\" style=\"background-color:rgba(255,255,255,0);border:1px solid #ebeaea;border-bottom-width:3px;\">\n\n\t\t\t<div class=\"fusion-flexslider flexslider fusion-flexslider-loading fusion-post-slideshow\" style=\"border-color:#ebeaea;\">\n\t\t<ul class=\"slides\">\n\t\t\t\n\t\t\t\t\t\t\t\t\t\t\t\t\t\t<li><div  class=\"fusion-image-wrapper\" aria-haspopup=\"true\">\n\t\t\t\t<img width=\"1200\" height=\"630\" src=\"https:\/\/www.federacao-triatlo.pt\/ftp2015\/wp-content\/uploads\/2026\/04\/Promo-Facebook-Facebook-link-image-2026-04-25T154524.659.jpeg\" class=\"attachment-full size-full wp-post-image\" alt=\"\" decoding=\"async\" srcset=\"https:\/\/www.federacao-triatlo.pt\/ftp2015\/wp-content\/uploads\/2026\/04\/Promo-Facebook-Facebook-link-image-2026-04-25T154524.659-200x105.jpeg 200w, https:\/\/www.federacao-triatlo.pt\/ftp2015\/wp-content\/uploads\/2026\/04\/Promo-Facebook-Facebook-link-image-2026-04-25T154524.659-400x210.jpeg 400w, https:\/\/www.federacao-triatlo.pt\/ftp2015\/wp-content\/uploads\/2026\/04\/Promo-Facebook-Facebook-link-image-2026-04-25T154524.659-600x315.jpeg 600w, https:\/\/www.federacao-triatlo.pt\/ftp2015\/wp-content\/uploads\/2026\/04\/Promo-Facebook-Facebook-link-image-2026-04-25T154524.659-800x420.jpeg 800w, https:\/\/www.federacao-triatlo.pt\/ftp2015\/wp-content\/uploads\/2026\/04\/Promo-Facebook-Facebook-link-image-2026-04-25T154524.659.jpeg 1200w\" sizes=\"(min-width: 2200px) 100vw, (min-width: 824px) 373px, (min-width: 732px) 560px, (min-width: 640px) 732px, \" \/><div class=\"fusion-rollover\">\n\t<div class=\"fusion-rollover-content\">\n\n\t\t\t\t\t\t\t\t\t\t\t\t\t\t<a class=\"fusion-rollover-link\" href=\"https:\/\/www.federacao-triatlo.pt\/ftp2015\/107469-2\/\">Vasco Vila\u00e7a vence no arranque do Mundial<\/a>\n\t\t\t\n\t\t\t\t\t\t\t\t\t\t\t\t\t\t\n\t\t\t\t\t\t\t\t\n\t\t\t\t\t\t\t\t\t\t\t\t\t<div class=\"fusion-rollover-sep\"><\/div>\n\t\t\t\t\n\t\t\t\t\t\t\t\t\t\t\t\t\t\t\t\t\t\t<a class=\"fusion-rollover-gallery\" href=\"https:\/\/www.federacao-triatlo.pt\/ftp2015\/wp-content\/uploads\/2026\/04\/Promo-Facebook-Facebook-link-image-2026-04-25T154524.659.jpeg\" data-id=\"107469\" data-rel=\"iLightbox[gallery]\" data-title=\"Promo-Facebook-Facebook link image - 2026-04-25T154524.659\" data-caption=\"\">\n\t\t\t\t\t\tGallery\t\t\t\t\t<\/a>\n\t\t\t\t\t\t\t\t\t\t\t\t\t\t\n\t\t\n\t\t\t\t\t\t\t\t\t\t\t\t<h4 class=\"fusion-rollover-title\">\n\t\t\t\t\t<a class=\"fusion-rollover-title-link\" href=\"https:\/\/www.federacao-triatlo.pt\/ftp2015\/107469-2\/\">\n\t\t\t\t\t\tVasco Vila\u00e7a vence no arranque do Mundial\t\t\t\t\t<\/a>\n\t\t\t\t<\/h4>\n\t\t\t\n\t\t\t\t\t\t\t\t\t\t<div class=\"fusion-rollover-categories\"><a href=\"https:\/\/www.federacao-triatlo.pt\/ftp2015\/category\/destaques\/\" rel=\"tag\">Destaques<\/a>, <a href=\"https:\/\/www.federacao-triatlo.pt\/ftp2015\/category\/noticias-federacao-triatlo-portugal\/\" rel=\"tag\">Not\u00edcias<\/a><\/div>\t\t\t\t\t\n\t\t\n\t\t\t\t\t\t<a class=\"fusion-link-wrapper\" href=\"https:\/\/www.federacao-triatlo.pt\/ftp2015\/107469-2\/\" aria-label=\"Vasco Vila\u00e7a vence no arranque do Mundial\"><\/a>\n\t<\/div>\n<\/div>\n<\/div>\n<\/li>\n\t\t\t\n\t\t\t\n\t\t\t\t\t\t\t\t\t\t\t\t\t\t\t\t\t\t\t\t\t\t\t\t\t\t\t\t\t\t\t\t\t\t\t\t\t\t\t\t\t\t\t\t\t\t\t\t\t\t\t\t\t\t\t\t\t\t\t\t\t\t\t\t\t\t\t\t<\/ul>\n\t<\/div>\n\t<div class=\"fusion-post-content-wrapper\" style=\"padding:30px 25px 20px 25px;\"><div class=\"fusion-post-content post-content\"><h2 class=\"blog-shortcode-post-title entry-title\"><a href=\"https:\/\/www.federacao-triatlo.pt\/ftp2015\/107469-2\/\">Vasco Vila\u00e7a vence no arranque do Mundial<\/a><\/h2><p class=\"fusion-single-line-meta\"><span class=\"vcard\" style=\"display: none;\"><span class=\"fn\"><a href=\"https:\/\/www.federacao-triatlo.pt\/ftp2015\/author\/filipe-mendonca\/\" title=\"Artigos de Filipe Mendon\u00e7a\" rel=\"author\">Filipe Mendon\u00e7a<\/a><\/span><\/span><span class=\"updated\" style=\"display:none;\">2026-04-25T15:49:39+01:00<\/span><span>Abril 25th, 2026<\/span><span class=\"fusion-inline-sep\">|<\/span>Categories: <a href=\"https:\/\/www.federacao-triatlo.pt\/ftp2015\/category\/destaques\/\" rel=\"category tag\">Destaques<\/a>, <a href=\"https:\/\/www.federacao-triatlo.pt\/ftp2015\/category\/noticias-federacao-triatlo-portugal\/\" rel=\"category tag\">Not\u00edcias<\/a><span class=\"fusion-inline-sep\">|<\/span><\/p><div class=\"fusion-content-sep sep-double sep-solid\"><\/div><div class=\"fusion-post-content-container\"><p>Vasco Vila\u00e7a conquistou este s\u00e1bado, em Samarcanda, no Uzbequist\u00e3o, a medalha de ouro na primeira prova do Campeonato do Mundo de 2026. O nosso trialtleta concluiu a primeira das nove provas do mundial em 01:43.33 [...]<\/p><\/div><\/div><div class=\"fusion-meta-info\"><div class=\"fusion-alignleft\"><a class=\"fusion-read-more\" href=\"https:\/\/www.federacao-triatlo.pt\/ftp2015\/107469-2\/\" aria-label=\"More on Vasco Vila\u00e7a vence no arranque do Mundial\">Read More<\/a><\/div><div class=\"fusion-alignright\"><span>Coment\u00e1rios fechados<span class=\"screen-reader-text\"> em Vasco Vila\u00e7a vence no arranque do Mundial<\/span><\/span><\/div><\/div><\/div><div class=\"fusion-clearfix\"><\/div><\/div>\n<\/article>\n<article id=\"blog-1-post-107396\" class=\"fusion-post-grid post-107396 post type-post status-publish format-standard has-post-thumbnail hentry category-noticias-federacao-triatlo-portugal\">\n<div class=\"fusion-post-wrapper\" style=\"background-color:rgba(255,255,255,0);border:1px solid #ebeaea;border-bottom-width:3px;\">\n\n\t\t\t<div class=\"fusion-flexslider flexslider fusion-flexslider-loading fusion-post-slideshow\" style=\"border-color:#ebeaea;\">\n\t\t<ul class=\"slides\">\n\t\t\t\n\t\t\t\t\t\t\t\t\t\t\t\t\t\t<li><div  class=\"fusion-image-wrapper\" aria-haspopup=\"true\">\n\t\t\t\t<img width=\"1200\" height=\"630\" src=\"https:\/\/www.federacao-triatlo.pt\/ftp2015\/wp-content\/uploads\/2026\/04\/Promo-Facebook-Facebook-link-image-2026-04-22T110518.733.jpeg\" class=\"attachment-full size-full wp-post-image\" alt=\"\" decoding=\"async\" srcset=\"https:\/\/www.federacao-triatlo.pt\/ftp2015\/wp-content\/uploads\/2026\/04\/Promo-Facebook-Facebook-link-image-2026-04-22T110518.733-200x105.jpeg 200w, https:\/\/www.federacao-triatlo.pt\/ftp2015\/wp-content\/uploads\/2026\/04\/Promo-Facebook-Facebook-link-image-2026-04-22T110518.733-400x210.jpeg 400w, https:\/\/www.federacao-triatlo.pt\/ftp2015\/wp-content\/uploads\/2026\/04\/Promo-Facebook-Facebook-link-image-2026-04-22T110518.733-600x315.jpeg 600w, https:\/\/www.federacao-triatlo.pt\/ftp2015\/wp-content\/uploads\/2026\/04\/Promo-Facebook-Facebook-link-image-2026-04-22T110518.733-800x420.jpeg 800w, https:\/\/www.federacao-triatlo.pt\/ftp2015\/wp-content\/uploads\/2026\/04\/Promo-Facebook-Facebook-link-image-2026-04-22T110518.733.jpeg 1200w\" sizes=\"(min-width: 2200px) 100vw, (min-width: 824px) 373px, (min-width: 732px) 560px, (min-width: 640px) 732px, \" \/><div class=\"fusion-rollover\">\n\t<div class=\"fusion-rollover-content\">\n\n\t\t\t\t\t\t\t\t\t\t\t\t\t\t<a class=\"fusion-rollover-link\" href=\"https:\/\/www.federacao-triatlo.pt\/ftp2015\/swimrunia-e-segue-par\/\">Swimrun arrancou em Tr\u00f3ia com 166 participantes<\/a>\n\t\t\t\n\t\t\t\t\t\t\t\t\t\t\t\t\t\t\n\t\t\t\t\t\t\t\t\n\t\t\t\t\t\t\t\t\t\t\t\t\t<div class=\"fusion-rollover-sep\"><\/div>\n\t\t\t\t\n\t\t\t\t\t\t\t\t\t\t\t\t\t\t\t\t\t\t<a class=\"fusion-rollover-gallery\" href=\"https:\/\/www.federacao-triatlo.pt\/ftp2015\/wp-content\/uploads\/2026\/04\/Promo-Facebook-Facebook-link-image-2026-04-22T110518.733.jpeg\" data-id=\"107396\" data-rel=\"iLightbox[gallery]\" data-title=\"Promo-Facebook-Facebook link image - 2026-04-22T110518.733\" data-caption=\"\">\n\t\t\t\t\t\tGallery\t\t\t\t\t<\/a>\n\t\t\t\t\t\t\t\t\t\t\t\t\t\t\n\t\t\n\t\t\t\t\t\t\t\t\t\t\t\t<h4 class=\"fusion-rollover-title\">\n\t\t\t\t\t<a class=\"fusion-rollover-title-link\" href=\"https:\/\/www.federacao-triatlo.pt\/ftp2015\/swimrunia-e-segue-par\/\">\n\t\t\t\t\t\tSwimrun arrancou em Tr\u00f3ia com 166 participantes\t\t\t\t\t<\/a>\n\t\t\t\t<\/h4>\n\t\t\t\n\t\t\t\t\t\t\t\t\t\t<div class=\"fusion-rollover-categories\"><a href=\"https:\/\/www.federacao-triatlo.pt\/ftp2015\/category\/noticias-federacao-triatlo-portugal\/\" rel=\"tag\">Not\u00edcias<\/a><\/div>\t\t\t\t\t\n\t\t\n\t\t\t\t\t\t<a class=\"fusion-link-wrapper\" href=\"https:\/\/www.federacao-triatlo.pt\/ftp2015\/swimrunia-e-segue-par\/\" aria-label=\"Swimrun arrancou em Tr\u00f3ia com 166 participantes\"><\/a>\n\t<\/div>\n<\/div>\n<\/div>\n<\/li>\n\t\t\t\n\t\t\t\n\t\t\t\t\t\t\t\t\t\t\t\t\t\t\t\t\t\t\t\t\t\t\t\t\t\t\t\t\t\t\t\t\t\t\t\t\t\t\t\t\t\t\t\t\t\t\t\t\t\t\t\t\t\t\t\t\t\t\t\t\t\t\t\t\t\t\t\t<\/ul>\n\t<\/div>\n\t<div class=\"fusion-post-content-wrapper\" style=\"padding:30px 25px 20px 25px;\"><div class=\"fusion-post-content post-content\"><h2 class=\"blog-shortcode-post-title entry-title\"><a href=\"https:\/\/www.federacao-triatlo.pt\/ftp2015\/swimrunia-e-segue-par\/\">Swimrun arrancou em Tr\u00f3ia com 166 participantes<\/a><\/h2><p class=\"fusion-single-line-meta\"><span class=\"vcard\" style=\"display: none;\"><span class=\"fn\"><a href=\"https:\/\/www.federacao-triatlo.pt\/ftp2015\/author\/filipe-mendonca\/\" title=\"Artigos de Filipe Mendon\u00e7a\" rel=\"author\">Filipe Mendon\u00e7a<\/a><\/span><\/span><span class=\"updated\" style=\"display:none;\">2026-04-22T17:15:15+01:00<\/span><span>Abril 22nd, 2026<\/span><span class=\"fusion-inline-sep\">|<\/span>Categories: <a href=\"https:\/\/www.federacao-triatlo.pt\/ftp2015\/category\/noticias-federacao-triatlo-portugal\/\" rel=\"category tag\">Not\u00edcias<\/a><span class=\"fusion-inline-sep\">|<\/span><\/p><div class=\"fusion-content-sep sep-double sep-solid\"><\/div><div class=\"fusion-post-content-container\"><p>A \u00e9poca nacional de swimrun teve o seu arranque no passado fim de semana, em Tr\u00f3ia, com 166 participantes e competi\u00e7\u00e3o distribu\u00edda pelas dist\u00e2ncias Standard (22 km), Sprint (16,3 km) e Experience (9,4 km). A [...]<\/p><\/div><\/div><div class=\"fusion-meta-info\"><div class=\"fusion-alignleft\"><a class=\"fusion-read-more\" href=\"https:\/\/www.federacao-triatlo.pt\/ftp2015\/swimrunia-e-segue-par\/\" aria-label=\"More on Swimrun arrancou em Tr\u00f3ia com 166 participantes\">Read More<\/a><\/div><div class=\"fusion-alignright\"><span>Coment\u00e1rios fechados<span class=\"screen-reader-text\"> em Swimrun arrancou em Tr\u00f3ia com 166 participantes<\/span><\/span><\/div><\/div><\/div><div class=\"fusion-clearfix\"><\/div><\/div>\n<\/article>\n<article id=\"blog-1-post-107398\" class=\"fusion-post-grid post-107398 post type-post status-publish format-standard has-post-thumbnail hentry category-noticias-federacao-triatlo-portugal\">\n<div class=\"fusion-post-wrapper\" style=\"background-color:rgba(255,255,255,0);border:1px solid #ebeaea;border-bottom-width:3px;\">\n\n\t\t\t<div class=\"fusion-flexslider flexslider fusion-flexslider-loading fusion-post-slideshow\" style=\"border-color:#ebeaea;\">\n\t\t<ul class=\"slides\">\n\t\t\t\n\t\t\t\t\t\t\t\t\t\t\t\t\t\t<li><div  class=\"fusion-image-wrapper\" aria-haspopup=\"true\">\n\t\t\t\t<img width=\"1200\" height=\"630\" src=\"https:\/\/www.federacao-triatlo.pt\/ftp2015\/wp-content\/uploads\/2025\/09\/Promo-Facebook-Facebook-link-image-2.jpeg\" class=\"attachment-full size-full wp-post-image\" alt=\"\" decoding=\"async\" srcset=\"https:\/\/www.federacao-triatlo.pt\/ftp2015\/wp-content\/uploads\/2025\/09\/Promo-Facebook-Facebook-link-image-2-200x105.jpeg 200w, https:\/\/www.federacao-triatlo.pt\/ftp2015\/wp-content\/uploads\/2025\/09\/Promo-Facebook-Facebook-link-image-2-400x210.jpeg 400w, https:\/\/www.federacao-triatlo.pt\/ftp2015\/wp-content\/uploads\/2025\/09\/Promo-Facebook-Facebook-link-image-2-600x315.jpeg 600w, https:\/\/www.federacao-triatlo.pt\/ftp2015\/wp-content\/uploads\/2025\/09\/Promo-Facebook-Facebook-link-image-2-800x420.jpeg 800w, https:\/\/www.federacao-triatlo.pt\/ftp2015\/wp-content\/uploads\/2025\/09\/Promo-Facebook-Facebook-link-image-2.jpeg 1200w\" sizes=\"(min-width: 2200px) 100vw, (min-width: 824px) 373px, (min-width: 732px) 560px, (min-width: 640px) 732px, \" \/><div class=\"fusion-rollover\">\n\t<div class=\"fusion-rollover-content\">\n\n\t\t\t\t\t\t\t\t\t\t\t\t\t\t<a class=\"fusion-rollover-link\" href=\"https:\/\/www.federacao-triatlo.pt\/ftp2015\/cinco-suplementos-que-podem-fazer-a-diferenca-no-triatlo\/\">Cinco suplementos que podem fazer a diferen\u00e7a no triatlo<\/a>\n\t\t\t\n\t\t\t\t\t\t\t\t\t\t\t\t\t\t\n\t\t\t\t\t\t\t\t\n\t\t\t\t\t\t\t\t\t\t\t\t\t<div class=\"fusion-rollover-sep\"><\/div>\n\t\t\t\t\n\t\t\t\t\t\t\t\t\t\t\t\t\t\t\t\t\t\t<a class=\"fusion-rollover-gallery\" href=\"https:\/\/www.federacao-triatlo.pt\/ftp2015\/wp-content\/uploads\/2025\/09\/Promo-Facebook-Facebook-link-image-2.jpeg\" data-id=\"107398\" data-rel=\"iLightbox[gallery]\" data-title=\"Promo-Facebook-Facebook link image (2)\" data-caption=\"\">\n\t\t\t\t\t\tGallery\t\t\t\t\t<\/a>\n\t\t\t\t\t\t\t\t\t\t\t\t\t\t\n\t\t\n\t\t\t\t\t\t\t\t\t\t\t\t<h4 class=\"fusion-rollover-title\">\n\t\t\t\t\t<a class=\"fusion-rollover-title-link\" href=\"https:\/\/www.federacao-triatlo.pt\/ftp2015\/cinco-suplementos-que-podem-fazer-a-diferenca-no-triatlo\/\">\n\t\t\t\t\t\tCinco suplementos que podem fazer a diferen\u00e7a no triatlo\t\t\t\t\t<\/a>\n\t\t\t\t<\/h4>\n\t\t\t\n\t\t\t\t\t\t\t\t\t\t<div class=\"fusion-rollover-categories\"><a href=\"https:\/\/www.federacao-triatlo.pt\/ftp2015\/category\/noticias-federacao-triatlo-portugal\/\" rel=\"tag\">Not\u00edcias<\/a><\/div>\t\t\t\t\t\n\t\t\n\t\t\t\t\t\t<a class=\"fusion-link-wrapper\" href=\"https:\/\/www.federacao-triatlo.pt\/ftp2015\/cinco-suplementos-que-podem-fazer-a-diferenca-no-triatlo\/\" aria-label=\"Cinco suplementos que podem fazer a diferen\u00e7a no triatlo\"><\/a>\n\t<\/div>\n<\/div>\n<\/div>\n<\/li>\n\t\t\t\n\t\t\t\n\t\t\t\t\t\t\t\t\t\t\t\t\t\t\t\t\t\t\t\t\t\t\t\t\t\t\t\t\t\t\t\t\t\t\t\t\t\t\t\t\t\t\t\t\t\t\t\t\t\t\t\t\t\t\t\t\t\t\t\t\t\t\t\t\t\t\t\t<\/ul>\n\t<\/div>\n\t<div class=\"fusion-post-content-wrapper\" style=\"padding:30px 25px 20px 25px;\"><div class=\"fusion-post-content post-content\"><h2 class=\"blog-shortcode-post-title entry-title\"><a href=\"https:\/\/www.federacao-triatlo.pt\/ftp2015\/cinco-suplementos-que-podem-fazer-a-diferenca-no-triatlo\/\">Cinco suplementos que podem fazer a diferen\u00e7a no triatlo<\/a><\/h2><p class=\"fusion-single-line-meta\"><span class=\"vcard\" style=\"display: none;\"><span class=\"fn\"><a href=\"https:\/\/www.federacao-triatlo.pt\/ftp2015\/author\/filipe-mendonca\/\" title=\"Artigos de Filipe Mendon\u00e7a\" rel=\"author\">Filipe Mendon\u00e7a<\/a><\/span><\/span><span class=\"updated\" style=\"display:none;\">2026-04-22T11:00:30+01:00<\/span><span>Abril 22nd, 2026<\/span><span class=\"fusion-inline-sep\">|<\/span>Categories: <a href=\"https:\/\/www.federacao-triatlo.pt\/ftp2015\/category\/noticias-federacao-triatlo-portugal\/\" rel=\"category tag\">Not\u00edcias<\/a><span class=\"fusion-inline-sep\">|<\/span><\/p><div class=\"fusion-content-sep sep-double sep-solid\"><\/div><div class=\"fusion-post-content-container\"><p>No triatlo, a suplementa\u00e7\u00e3o n\u00e3o substitui uma alimenta\u00e7\u00e3o adequada, mas pode ser uma ferramenta \u00fatil quando bem aplicada. A evid\u00eancia cient\u00edfica mostra que apenas alguns suplementos apresentam benef\u00edcios reais para performance, recupera\u00e7\u00e3o e sa\u00fade do [...]<\/p><\/div><\/div><div class=\"fusion-meta-info\"><div class=\"fusion-alignleft\"><a class=\"fusion-read-more\" href=\"https:\/\/www.federacao-triatlo.pt\/ftp2015\/cinco-suplementos-que-podem-fazer-a-diferenca-no-triatlo\/\" aria-label=\"More on Cinco suplementos que podem fazer a diferen\u00e7a no triatlo\">Read More<\/a><\/div><div class=\"fusion-alignright\"><span>Coment\u00e1rios fechados<span class=\"screen-reader-text\"> em Cinco suplementos que podem fazer a diferen\u00e7a no triatlo<\/span><\/span><\/div><\/div><\/div><div class=\"fusion-clearfix\"><\/div><\/div>\n<\/article>\n<article id=\"blog-1-post-107203\" class=\"fusion-post-grid post-107203 post type-post status-publish format-standard has-post-thumbnail hentry category-noticias-federacao-triatlo-portugal\">\n<div class=\"fusion-post-wrapper\" style=\"background-color:rgba(255,255,255,0);border:1px solid #ebeaea;border-bottom-width:3px;\">\n\n\t\t\t<div class=\"fusion-flexslider flexslider fusion-flexslider-loading fusion-post-slideshow\" style=\"border-color:#ebeaea;\">\n\t\t<ul class=\"slides\">\n\t\t\t\n\t\t\t\t\t\t\t\t\t\t\t\t\t\t<li><div  class=\"fusion-image-wrapper\" aria-haspopup=\"true\">\n\t\t\t\t<img width=\"1200\" height=\"630\" src=\"https:\/\/www.federacao-triatlo.pt\/ftp2015\/wp-content\/uploads\/2026\/04\/Promo-Facebook-Facebook-link-image-2026-04-20T140027.988.jpeg\" class=\"attachment-full size-full wp-post-image\" alt=\"\" decoding=\"async\" srcset=\"https:\/\/www.federacao-triatlo.pt\/ftp2015\/wp-content\/uploads\/2026\/04\/Promo-Facebook-Facebook-link-image-2026-04-20T140027.988-200x105.jpeg 200w, https:\/\/www.federacao-triatlo.pt\/ftp2015\/wp-content\/uploads\/2026\/04\/Promo-Facebook-Facebook-link-image-2026-04-20T140027.988-400x210.jpeg 400w, https:\/\/www.federacao-triatlo.pt\/ftp2015\/wp-content\/uploads\/2026\/04\/Promo-Facebook-Facebook-link-image-2026-04-20T140027.988-600x315.jpeg 600w, https:\/\/www.federacao-triatlo.pt\/ftp2015\/wp-content\/uploads\/2026\/04\/Promo-Facebook-Facebook-link-image-2026-04-20T140027.988-800x420.jpeg 800w, https:\/\/www.federacao-triatlo.pt\/ftp2015\/wp-content\/uploads\/2026\/04\/Promo-Facebook-Facebook-link-image-2026-04-20T140027.988.jpeg 1200w\" sizes=\"(min-width: 2200px) 100vw, (min-width: 824px) 373px, (min-width: 732px) 560px, (min-width: 640px) 732px, \" \/><div class=\"fusion-rollover\">\n\t<div class=\"fusion-rollover-content\">\n\n\t\t\t\t\t\t\t\t\t\t\t\t\t\t<a class=\"fusion-rollover-link\" href=\"https:\/\/www.federacao-triatlo.pt\/ftp2015\/grupos-de-idade-alargado-o-prazo-de-inscricao-para-o-europeu-de-tarragona\/\">Grupos de idade: Alargado o prazo de inscri\u00e7\u00e3o para o Europeu de Tarragona<\/a>\n\t\t\t\n\t\t\t\t\t\t\t\t\t\t\t\t\t\t\n\t\t\t\t\t\t\t\t\n\t\t\t\t\t\t\t\t\t\t\t\t\t<div class=\"fusion-rollover-sep\"><\/div>\n\t\t\t\t\n\t\t\t\t\t\t\t\t\t\t\t\t\t\t\t\t\t\t<a class=\"fusion-rollover-gallery\" href=\"https:\/\/www.federacao-triatlo.pt\/ftp2015\/wp-content\/uploads\/2026\/04\/Promo-Facebook-Facebook-link-image-2026-04-20T140027.988.jpeg\" data-id=\"107203\" data-rel=\"iLightbox[gallery]\" data-title=\"Promo-Facebook-Facebook link image - 2026-04-20T140027.988\" data-caption=\"\">\n\t\t\t\t\t\tGallery\t\t\t\t\t<\/a>\n\t\t\t\t\t\t\t\t\t\t\t\t\t\t\n\t\t\n\t\t\t\t\t\t\t\t\t\t\t\t<h4 class=\"fusion-rollover-title\">\n\t\t\t\t\t<a class=\"fusion-rollover-title-link\" href=\"https:\/\/www.federacao-triatlo.pt\/ftp2015\/grupos-de-idade-alargado-o-prazo-de-inscricao-para-o-europeu-de-tarragona\/\">\n\t\t\t\t\t\tGrupos de idade: Alargado o prazo de inscri\u00e7\u00e3o para o Europeu de Tarragona\t\t\t\t\t<\/a>\n\t\t\t\t<\/h4>\n\t\t\t\n\t\t\t\t\t\t\t\t\t\t<div class=\"fusion-rollover-categories\"><a href=\"https:\/\/www.federacao-triatlo.pt\/ftp2015\/category\/noticias-federacao-triatlo-portugal\/\" rel=\"tag\">Not\u00edcias<\/a><\/div>\t\t\t\t\t\n\t\t\n\t\t\t\t\t\t<a class=\"fusion-link-wrapper\" href=\"https:\/\/www.federacao-triatlo.pt\/ftp2015\/grupos-de-idade-alargado-o-prazo-de-inscricao-para-o-europeu-de-tarragona\/\" aria-label=\"Grupos de idade: Alargado o prazo de inscri\u00e7\u00e3o para o Europeu de Tarragona\"><\/a>\n\t<\/div>\n<\/div>\n<\/div>\n<\/li>\n\t\t\t\n\t\t\t\n\t\t\t\t\t\t\t\t\t\t\t\n\t\t\t\t\t\n\t\t\t\t\t\t\t\t\t\t\t<li>\n\t\t\t\t\t\t\t<div class=\"fusion-image-wrapper\">\n\t\t\t\t\t\t\t\t<a href=\"https:\/\/www.federacao-triatlo.pt\/ftp2015\/grupos-de-idade-alargado-o-prazo-de-inscricao-para-o-europeu-de-tarragona\/\" aria-label=\"Grupos de idade: Alargado o prazo de inscri\u00e7\u00e3o para o Europeu de Tarragona\">\n\t\t\t\t\t\t\t\t\t<img decoding=\"async\" width=\"1200\" height=\"630\" src=\"https:\/\/www.federacao-triatlo.pt\/ftp2015\/wp-content\/uploads\/2026\/04\/Promo-Facebook-Facebook-link-image-2026-04-20T140027.988.jpeg\" alt=\"\" class=\"wp-image-107205\" role=\"presentation\" srcset=\"https:\/\/www.federacao-triatlo.pt\/ftp2015\/wp-content\/uploads\/2026\/04\/Promo-Facebook-Facebook-link-image-2026-04-20T140027.988-200x105.jpeg 200w, https:\/\/www.federacao-triatlo.pt\/ftp2015\/wp-content\/uploads\/2026\/04\/Promo-Facebook-Facebook-link-image-2026-04-20T140027.988-400x210.jpeg 400w, https:\/\/www.federacao-triatlo.pt\/ftp2015\/wp-content\/uploads\/2026\/04\/Promo-Facebook-Facebook-link-image-2026-04-20T140027.988-600x315.jpeg 600w, https:\/\/www.federacao-triatlo.pt\/ftp2015\/wp-content\/uploads\/2026\/04\/Promo-Facebook-Facebook-link-image-2026-04-20T140027.988-800x420.jpeg 800w, https:\/\/www.federacao-triatlo.pt\/ftp2015\/wp-content\/uploads\/2026\/04\/Promo-Facebook-Facebook-link-image-2026-04-20T140027.988.jpeg 1200w\" sizes=\"(min-width: 2200px) 100vw, (min-width: 824px) 373px, (min-width: 732px) 560px, (min-width: 640px) 732px, \" \/>\t\t\t\t\t\t\t\t<\/a>\n\t\t\t\t\t\t\t\t<a style=\"display:none;\" href=\"https:\/\/www.federacao-triatlo.pt\/ftp2015\/wp-content\/uploads\/2026\/04\/Promo-Facebook-Facebook-link-image-2026-04-20T140027.988.jpeg\" data-rel=\"iLightbox[gallery107203]\"  title=\"\" data-title=\"Promo-Facebook-Facebook link image &#8211; 2026-04-20T140027.988\" data-caption=\"\">\n\t\t\t\t\t\t\t\t\t\t\t\t\t\t\t\t\t<\/a>\n\t\t\t\t\t\t\t<\/div>\n\t\t\t\t\t\t<\/li>\n\t\t\t\t\t\t\t\t\t\t\t\t\t\t\t\t\t\t\t\t\t\t\t\t\t\t\t\t\t\t\t\t\t\t\t\t\t\t\t\t\t\t\t\t\t\t\t\t\t\t\t\t\t\t\t\t\t\t\t\t\t\t\t\t\t\t<\/ul>\n\t<\/div>\n\t<div class=\"fusion-post-content-wrapper\" style=\"padding:30px 25px 20px 25px;\"><div class=\"fusion-post-content post-content\"><h2 class=\"blog-shortcode-post-title entry-title\"><a href=\"https:\/\/www.federacao-triatlo.pt\/ftp2015\/grupos-de-idade-alargado-o-prazo-de-inscricao-para-o-europeu-de-tarragona\/\">Grupos de idade: Alargado o prazo de inscri\u00e7\u00e3o para o Europeu de Tarragona<\/a><\/h2><p class=\"fusion-single-line-meta\"><span class=\"vcard\" style=\"display: none;\"><span class=\"fn\"><a href=\"https:\/\/www.federacao-triatlo.pt\/ftp2015\/author\/filipe-mendonca\/\" title=\"Artigos de Filipe Mendon\u00e7a\" rel=\"author\">Filipe Mendon\u00e7a<\/a><\/span><\/span><span class=\"updated\" style=\"display:none;\">2026-04-21T09:43:27+01:00<\/span><span>Abril 20th, 2026<\/span><span class=\"fusion-inline-sep\">|<\/span>Categories: <a href=\"https:\/\/www.federacao-triatlo.pt\/ftp2015\/category\/noticias-federacao-triatlo-portugal\/\" rel=\"category tag\">Not\u00edcias<\/a><span class=\"fusion-inline-sep\">|<\/span><\/p><div class=\"fusion-content-sep sep-double sep-solid\"><\/div><div class=\"fusion-post-content-container\"><p>O prazo de inscri\u00e7\u00e3o para os atletas Age Group no Europe Triathlon Championships Tarragona 2026 foi oficialmente estendido at\u00e9 dia 18 de maio de 2026. A prova disputa-se no fim-de-semana de 13 e 14 de [...]<\/p><\/div><\/div><div class=\"fusion-meta-info\"><div class=\"fusion-alignleft\"><a class=\"fusion-read-more\" href=\"https:\/\/www.federacao-triatlo.pt\/ftp2015\/grupos-de-idade-alargado-o-prazo-de-inscricao-para-o-europeu-de-tarragona\/\" aria-label=\"More on Grupos de idade: Alargado o prazo de inscri\u00e7\u00e3o para o Europeu de Tarragona\">Read More<\/a><\/div><div class=\"fusion-alignright\"><span>Coment\u00e1rios fechados<span class=\"screen-reader-text\"> em Grupos de idade: Alargado o prazo de inscri\u00e7\u00e3o para o Europeu de Tarragona<\/span><\/span><\/div><\/div><\/div><div class=\"fusion-clearfix\"><\/div><\/div>\n<\/article>\n<article id=\"blog-1-post-106110\" class=\"fusion-post-grid post-106110 post type-post status-publish format-standard has-post-thumbnail hentry category-noticias-federacao-triatlo-portugal\">\n<div class=\"fusion-post-wrapper\" style=\"background-color:rgba(255,255,255,0);border:1px solid #ebeaea;border-bottom-width:3px;\">\n\n\t\t\t<div class=\"fusion-flexslider flexslider fusion-flexslider-loading fusion-post-slideshow\" style=\"border-color:#ebeaea;\">\n\t\t<ul class=\"slides\">\n\t\t\t\n\t\t\t\t\t\t\t\t\t\t\t\t\t\t<li><div  class=\"fusion-image-wrapper\" aria-haspopup=\"true\">\n\t\t\t\t<img width=\"1200\" height=\"630\" src=\"https:\/\/www.federacao-triatlo.pt\/ftp2015\/wp-content\/uploads\/2026\/04\/Promo-Facebook-Facebook-link-image-2026-04-20T120037.377.jpeg\" class=\"attachment-full size-full wp-post-image\" alt=\"\" decoding=\"async\" srcset=\"https:\/\/www.federacao-triatlo.pt\/ftp2015\/wp-content\/uploads\/2026\/04\/Promo-Facebook-Facebook-link-image-2026-04-20T120037.377-200x105.jpeg 200w, https:\/\/www.federacao-triatlo.pt\/ftp2015\/wp-content\/uploads\/2026\/04\/Promo-Facebook-Facebook-link-image-2026-04-20T120037.377-400x210.jpeg 400w, https:\/\/www.federacao-triatlo.pt\/ftp2015\/wp-content\/uploads\/2026\/04\/Promo-Facebook-Facebook-link-image-2026-04-20T120037.377-600x315.jpeg 600w, https:\/\/www.federacao-triatlo.pt\/ftp2015\/wp-content\/uploads\/2026\/04\/Promo-Facebook-Facebook-link-image-2026-04-20T120037.377-800x420.jpeg 800w, https:\/\/www.federacao-triatlo.pt\/ftp2015\/wp-content\/uploads\/2026\/04\/Promo-Facebook-Facebook-link-image-2026-04-20T120037.377.jpeg 1200w\" sizes=\"(min-width: 2200px) 100vw, (min-width: 824px) 373px, (min-width: 732px) 560px, (min-width: 640px) 732px, \" \/><div class=\"fusion-rollover\">\n\t<div class=\"fusion-rollover-content\">\n\n\t\t\t\t\t\t\t\t\t\t\t\t\t\t<a class=\"fusion-rollover-link\" href=\"https:\/\/www.federacao-triatlo.pt\/ftp2015\/campeonato-do-mundo-arranca-no-uzbequistao-com-jogos-olimpicos-no-horizonte\/\">Campeonato do Mundo arranca no Uzbequist\u00e3o com Jogos Ol\u00edmpicos no horizonte<\/a>\n\t\t\t\n\t\t\t\t\t\t\t\t\t\t\t\t\t\t\n\t\t\t\t\t\t\t\t\n\t\t\t\t\t\t\t\t\t\t\t\t\t<div class=\"fusion-rollover-sep\"><\/div>\n\t\t\t\t\n\t\t\t\t\t\t\t\t\t\t\t\t\t\t\t\t\t\t<a class=\"fusion-rollover-gallery\" href=\"https:\/\/www.federacao-triatlo.pt\/ftp2015\/wp-content\/uploads\/2026\/04\/Promo-Facebook-Facebook-link-image-2026-04-20T120037.377.jpeg\" data-id=\"106110\" data-rel=\"iLightbox[gallery]\" data-title=\"Promo-Facebook-Facebook link image - 2026-04-20T120037.377\" data-caption=\"\">\n\t\t\t\t\t\tGallery\t\t\t\t\t<\/a>\n\t\t\t\t\t\t\t\t\t\t\t\t\t\t\n\t\t\n\t\t\t\t\t\t\t\t\t\t\t\t<h4 class=\"fusion-rollover-title\">\n\t\t\t\t\t<a class=\"fusion-rollover-title-link\" href=\"https:\/\/www.federacao-triatlo.pt\/ftp2015\/campeonato-do-mundo-arranca-no-uzbequistao-com-jogos-olimpicos-no-horizonte\/\">\n\t\t\t\t\t\tCampeonato do Mundo arranca no Uzbequist\u00e3o com Jogos Ol\u00edmpicos no horizonte\t\t\t\t\t<\/a>\n\t\t\t\t<\/h4>\n\t\t\t\n\t\t\t\t\t\t\t\t\t\t<div class=\"fusion-rollover-categories\"><a href=\"https:\/\/www.federacao-triatlo.pt\/ftp2015\/category\/noticias-federacao-triatlo-portugal\/\" rel=\"tag\">Not\u00edcias<\/a><\/div>\t\t\t\t\t\n\t\t\n\t\t\t\t\t\t<a class=\"fusion-link-wrapper\" href=\"https:\/\/www.federacao-triatlo.pt\/ftp2015\/campeonato-do-mundo-arranca-no-uzbequistao-com-jogos-olimpicos-no-horizonte\/\" aria-label=\"Campeonato do Mundo arranca no Uzbequist\u00e3o com Jogos Ol\u00edmpicos no horizonte\"><\/a>\n\t<\/div>\n<\/div>\n<\/div>\n<\/li>\n\t\t\t\n\t\t\t\n\t\t\t\t\t\t\t\t\t\t\t\t\t\t\t\t\t\t\t\t\t\t\t\t\t\t\t\t\t\t\t\t\t\t\t\t\t\t\t\t\t\t\t\t\t\t\t\t\t\t\t\t\t\t\t\t\t\t\t\t\t\t\t\t\t\t\t\t<\/ul>\n\t<\/div>\n\t<div class=\"fusion-post-content-wrapper\" style=\"padding:30px 25px 20px 25px;\"><div class=\"fusion-post-content post-content\"><h2 class=\"blog-shortcode-post-title entry-title\"><a href=\"https:\/\/www.federacao-triatlo.pt\/ftp2015\/campeonato-do-mundo-arranca-no-uzbequistao-com-jogos-olimpicos-no-horizonte\/\">Campeonato do Mundo arranca no Uzbequist\u00e3o com Jogos Ol\u00edmpicos no horizonte<\/a><\/h2><p class=\"fusion-single-line-meta\"><span class=\"vcard\" style=\"display: none;\"><span class=\"fn\"><a href=\"https:\/\/www.federacao-triatlo.pt\/ftp2015\/author\/filipe-mendonca\/\" title=\"Artigos de Filipe Mendon\u00e7a\" rel=\"author\">Filipe Mendon\u00e7a<\/a><\/span><\/span><span class=\"updated\" style=\"display:none;\">2026-04-30T16:49:54+01:00<\/span><span>Abril 20th, 2026<\/span><span class=\"fusion-inline-sep\">|<\/span>Categories: <a href=\"https:\/\/www.federacao-triatlo.pt\/ftp2015\/category\/noticias-federacao-triatlo-portugal\/\" rel=\"category tag\">Not\u00edcias<\/a><span class=\"fusion-inline-sep\">|<\/span><\/p><div class=\"fusion-content-sep sep-double sep-solid\"><\/div><div class=\"fusion-post-content-container\"><p>O campeonato do mundo de triatlo de 2026 arranca no fim-de-semana de 25 de Abril, em Samarkand, Uzbequist\u00e3o e assinala tamb\u00e9m o tiro de partida do primeiro ano de qualifica\u00e7\u00e3o ol\u00edmpica, ainda que a primeira [...]<\/p><\/div><\/div><div class=\"fusion-meta-info\"><div class=\"fusion-alignleft\"><a class=\"fusion-read-more\" href=\"https:\/\/www.federacao-triatlo.pt\/ftp2015\/campeonato-do-mundo-arranca-no-uzbequistao-com-jogos-olimpicos-no-horizonte\/\" aria-label=\"More on Campeonato do Mundo arranca no Uzbequist\u00e3o com Jogos Ol\u00edmpicos no horizonte\">Read More<\/a><\/div><div class=\"fusion-alignright\"><span>Coment\u00e1rios fechados<span class=\"screen-reader-text\"> em Campeonato do Mundo arranca no Uzbequist\u00e3o com Jogos Ol\u00edmpicos no horizonte<\/span><\/span><\/div><\/div><\/div><div class=\"fusion-clearfix\"><\/div><\/div>\n<\/article>\n<article id=\"blog-1-post-106435\" class=\"fusion-post-grid post-106435 post type-post status-publish format-standard has-post-thumbnail hentry category-formacao-federacao-triatlo-portugal category-noticias-federacao-triatlo-portugal\">\n<div class=\"fusion-post-wrapper\" style=\"background-color:rgba(255,255,255,0);border:1px solid #ebeaea;border-bottom-width:3px;\">\n\n\t\t\t<div class=\"fusion-flexslider flexslider fusion-flexslider-loading fusion-post-slideshow\" style=\"border-color:#ebeaea;\">\n\t\t<ul class=\"slides\">\n\t\t\t\n\t\t\t\t\t\t\t\t\t\t\t\t\t\t<li><div  class=\"fusion-image-wrapper\" aria-haspopup=\"true\">\n\t\t\t\t<img width=\"1200\" height=\"630\" src=\"https:\/\/www.federacao-triatlo.pt\/ftp2015\/wp-content\/uploads\/2026\/03\/Natacao-Aguas-Abertas-1.jpg\" class=\"attachment-full size-full wp-post-image\" alt=\"\" decoding=\"async\" srcset=\"https:\/\/www.federacao-triatlo.pt\/ftp2015\/wp-content\/uploads\/2026\/03\/Natacao-Aguas-Abertas-1-200x105.jpg 200w, https:\/\/www.federacao-triatlo.pt\/ftp2015\/wp-content\/uploads\/2026\/03\/Natacao-Aguas-Abertas-1-400x210.jpg 400w, https:\/\/www.federacao-triatlo.pt\/ftp2015\/wp-content\/uploads\/2026\/03\/Natacao-Aguas-Abertas-1-600x315.jpg 600w, https:\/\/www.federacao-triatlo.pt\/ftp2015\/wp-content\/uploads\/2026\/03\/Natacao-Aguas-Abertas-1-800x420.jpg 800w, https:\/\/www.federacao-triatlo.pt\/ftp2015\/wp-content\/uploads\/2026\/03\/Natacao-Aguas-Abertas-1.jpg 1200w\" sizes=\"(min-width: 2200px) 100vw, (min-width: 824px) 373px, (min-width: 732px) 560px, (min-width: 640px) 732px, \" \/><div class=\"fusion-rollover\">\n\t<div class=\"fusion-rollover-content\">\n\n\t\t\t\t\t\t\t\t\t\t\t\t\t\t<a class=\"fusion-rollover-link\" href=\"https:\/\/www.federacao-triatlo.pt\/ftp2015\/formacao-continua-sobre-orientacao-dos-nadadores-em-aguas-abertas\/\">Inscri\u00e7\u00f5es Esgotadas &#8211; Forma\u00e7\u00e3o cont\u00ednua sobre Orienta\u00e7\u00e3o em \u00c1guas Abertas<\/a>\n\t\t\t\n\t\t\t\t\t\t\t\t\t\t\t\t\t\t\n\t\t\t\t\t\t\t\t\n\t\t\t\t\t\t\t\t\t\t\t\t\t<div class=\"fusion-rollover-sep\"><\/div>\n\t\t\t\t\n\t\t\t\t\t\t\t\t\t\t\t\t\t\t\t\t\t\t<a class=\"fusion-rollover-gallery\" href=\"https:\/\/www.federacao-triatlo.pt\/ftp2015\/wp-content\/uploads\/2026\/03\/Natacao-Aguas-Abertas-1.jpg\" data-id=\"106435\" data-rel=\"iLightbox[gallery]\" data-title=\"Nata\u00e7\u00e3o \u00c1guas Abertas\" data-caption=\"\">\n\t\t\t\t\t\tGallery\t\t\t\t\t<\/a>\n\t\t\t\t\t\t\t\t\t\t\t\t\t\t\n\t\t\n\t\t\t\t\t\t\t\t\t\t\t\t<h4 class=\"fusion-rollover-title\">\n\t\t\t\t\t<a class=\"fusion-rollover-title-link\" href=\"https:\/\/www.federacao-triatlo.pt\/ftp2015\/formacao-continua-sobre-orientacao-dos-nadadores-em-aguas-abertas\/\">\n\t\t\t\t\t\tInscri\u00e7\u00f5es Esgotadas &#8211; Forma\u00e7\u00e3o cont\u00ednua sobre Orienta\u00e7\u00e3o em \u00c1guas Abertas\t\t\t\t\t<\/a>\n\t\t\t\t<\/h4>\n\t\t\t\n\t\t\t\t\t\t\t\t\t\t<div class=\"fusion-rollover-categories\"><a href=\"https:\/\/www.federacao-triatlo.pt\/ftp2015\/category\/formacao-federacao-triatlo-portugal\/\" rel=\"tag\">Forma\u00e7\u00e3o<\/a>, <a href=\"https:\/\/www.federacao-triatlo.pt\/ftp2015\/category\/noticias-federacao-triatlo-portugal\/\" rel=\"tag\">Not\u00edcias<\/a><\/div>\t\t\t\t\t\n\t\t\n\t\t\t\t\t\t<a class=\"fusion-link-wrapper\" href=\"https:\/\/www.federacao-triatlo.pt\/ftp2015\/formacao-continua-sobre-orientacao-dos-nadadores-em-aguas-abertas\/\" aria-label=\"Inscri\u00e7\u00f5es Esgotadas &#8211; Forma\u00e7\u00e3o cont\u00ednua sobre Orienta\u00e7\u00e3o em \u00c1guas Abertas\"><\/a>\n\t<\/div>\n<\/div>\n<\/div>\n<\/li>\n\t\t\t\n\t\t\t\n\t\t\t\t\t\t\t\t\t\t\t\t\t\t\t\t\t\t\t\t\t\t\t\t\t\t\t\t\t\t\t\t\t\t\t\t\t\t\t\t\t\t\t\t\t\t\t\t\t\t\t\t\t\t\t\t\t\t\t\t\t\t\t\t\t\t\t\t<\/ul>\n\t<\/div>\n\t<div class=\"fusion-post-content-wrapper\" style=\"padding:30px 25px 20px 25px;\"><div class=\"fusion-post-content post-content\"><h2 class=\"blog-shortcode-post-title entry-title\"><a href=\"https:\/\/www.federacao-triatlo.pt\/ftp2015\/formacao-continua-sobre-orientacao-dos-nadadores-em-aguas-abertas\/\">Inscri\u00e7\u00f5es Esgotadas &#8211; Forma\u00e7\u00e3o cont\u00ednua sobre Orienta\u00e7\u00e3o em \u00c1guas Abertas<\/a><\/h2><p class=\"fusion-single-line-meta\"><span class=\"vcard\" style=\"display: none;\"><span class=\"fn\"><a href=\"https:\/\/www.federacao-triatlo.pt\/ftp2015\/author\/anaproenca\/\" title=\"Artigos de Ana Proen\u00e7a\" rel=\"author\">Ana Proen\u00e7a<\/a><\/span><\/span><span class=\"updated\" style=\"display:none;\">2026-04-17T15:08:44+01:00<\/span><span>Abril 14th, 2026<\/span><span class=\"fusion-inline-sep\">|<\/span>Categories: <a href=\"https:\/\/www.federacao-triatlo.pt\/ftp2015\/category\/formacao-federacao-triatlo-portugal\/\" rel=\"category tag\">Forma\u00e7\u00e3o<\/a>, <a href=\"https:\/\/www.federacao-triatlo.pt\/ftp2015\/category\/noticias-federacao-triatlo-portugal\/\" rel=\"category tag\">Not\u00edcias<\/a><span class=\"fusion-inline-sep\">|<\/span><\/p><div class=\"fusion-content-sep sep-double sep-solid\"><\/div><div class=\"fusion-post-content-container\"><p>A FTP vai organizar no dia 18 de abril uma a\u00e7\u00e3o de forma\u00e7\u00e3o sobre \"O Nado e a Orienta\u00e7\u00e3o dos Nadadores em \u00c1guas Abertas\". Vai decorrer no Audit\u00f3rio do Complexo de Piscinas do Jamor, entre [...]<\/p><\/div><\/div><div class=\"fusion-meta-info\"><div class=\"fusion-alignleft\"><a class=\"fusion-read-more\" href=\"https:\/\/www.federacao-triatlo.pt\/ftp2015\/formacao-continua-sobre-orientacao-dos-nadadores-em-aguas-abertas\/\" aria-label=\"More on Inscri\u00e7\u00f5es Esgotadas &#8211; Forma\u00e7\u00e3o cont\u00ednua sobre Orienta\u00e7\u00e3o em \u00c1guas Abertas\">Read More<\/a><\/div><div class=\"fusion-alignright\"><span>Coment\u00e1rios fechados<span class=\"screen-reader-text\"> em Inscri\u00e7\u00f5es Esgotadas &#8211; Forma\u00e7\u00e3o cont\u00ednua sobre Orienta\u00e7\u00e3o em \u00c1guas Abertas<\/span><\/span><\/div><\/div><\/div><div class=\"fusion-clearfix\"><\/div><\/div>\n<\/article>\n<article id=\"blog-1-post-106975\" class=\"fusion-post-grid post-106975 post type-post status-publish format-standard has-post-thumbnail hentry category-destaques category-noticias-federacao-triatlo-portugal\">\n<div class=\"fusion-post-wrapper\" style=\"background-color:rgba(255,255,255,0);border:1px solid #ebeaea;border-bottom-width:3px;\">\n\n\t\t\t<div class=\"fusion-flexslider flexslider fusion-flexslider-loading fusion-post-slideshow\" style=\"border-color:#ebeaea;\">\n\t\t<ul class=\"slides\">\n\t\t\t\n\t\t\t\t\t\t\t\t\t\t\t\t\t\t<li><div  class=\"fusion-image-wrapper\" aria-haspopup=\"true\">\n\t\t\t\t<img width=\"1200\" height=\"630\" src=\"https:\/\/www.federacao-triatlo.pt\/ftp2015\/wp-content\/uploads\/2026\/04\/Promo-Facebook-Facebook-link-image-99.jpeg\" class=\"attachment-full size-full wp-post-image\" alt=\"\" decoding=\"async\" srcset=\"https:\/\/www.federacao-triatlo.pt\/ftp2015\/wp-content\/uploads\/2026\/04\/Promo-Facebook-Facebook-link-image-99-200x105.jpeg 200w, https:\/\/www.federacao-triatlo.pt\/ftp2015\/wp-content\/uploads\/2026\/04\/Promo-Facebook-Facebook-link-image-99-400x210.jpeg 400w, https:\/\/www.federacao-triatlo.pt\/ftp2015\/wp-content\/uploads\/2026\/04\/Promo-Facebook-Facebook-link-image-99-600x315.jpeg 600w, https:\/\/www.federacao-triatlo.pt\/ftp2015\/wp-content\/uploads\/2026\/04\/Promo-Facebook-Facebook-link-image-99-800x420.jpeg 800w, https:\/\/www.federacao-triatlo.pt\/ftp2015\/wp-content\/uploads\/2026\/04\/Promo-Facebook-Facebook-link-image-99.jpeg 1200w\" sizes=\"(min-width: 2200px) 100vw, (min-width: 824px) 373px, (min-width: 732px) 560px, (min-width: 640px) 732px, \" \/><div class=\"fusion-rollover\">\n\t<div class=\"fusion-rollover-content\">\n\n\t\t\t\t\t\t\t\t\t\t\t\t\t\t<a class=\"fusion-rollover-link\" href=\"https:\/\/www.federacao-triatlo.pt\/ftp2015\/taca-de-portugal-sporting-domina-em-monte-gordo\/\">Ta\u00e7a de Portugal: Sporting domina em Monte Gordo<\/a>\n\t\t\t\n\t\t\t\t\t\t\t\t\t\t\t\t\t\t\n\t\t\t\t\t\t\t\t\n\t\t\t\t\t\t\t\t\t\t\t\t\t<div class=\"fusion-rollover-sep\"><\/div>\n\t\t\t\t\n\t\t\t\t\t\t\t\t\t\t\t\t\t\t\t\t\t\t<a class=\"fusion-rollover-gallery\" href=\"https:\/\/www.federacao-triatlo.pt\/ftp2015\/wp-content\/uploads\/2026\/04\/Promo-Facebook-Facebook-link-image-99.jpeg\" data-id=\"106975\" data-rel=\"iLightbox[gallery]\" data-title=\"Promo-Facebook-Facebook link image (99)\" data-caption=\"\">\n\t\t\t\t\t\tGallery\t\t\t\t\t<\/a>\n\t\t\t\t\t\t\t\t\t\t\t\t\t\t\n\t\t\n\t\t\t\t\t\t\t\t\t\t\t\t<h4 class=\"fusion-rollover-title\">\n\t\t\t\t\t<a class=\"fusion-rollover-title-link\" href=\"https:\/\/www.federacao-triatlo.pt\/ftp2015\/taca-de-portugal-sporting-domina-em-monte-gordo\/\">\n\t\t\t\t\t\tTa\u00e7a de Portugal: Sporting domina em Monte Gordo\t\t\t\t\t<\/a>\n\t\t\t\t<\/h4>\n\t\t\t\n\t\t\t\t\t\t\t\t\t\t<div class=\"fusion-rollover-categories\"><a href=\"https:\/\/www.federacao-triatlo.pt\/ftp2015\/category\/destaques\/\" rel=\"tag\">Destaques<\/a>, <a href=\"https:\/\/www.federacao-triatlo.pt\/ftp2015\/category\/noticias-federacao-triatlo-portugal\/\" rel=\"tag\">Not\u00edcias<\/a><\/div>\t\t\t\t\t\n\t\t\n\t\t\t\t\t\t<a class=\"fusion-link-wrapper\" href=\"https:\/\/www.federacao-triatlo.pt\/ftp2015\/taca-de-portugal-sporting-domina-em-monte-gordo\/\" aria-label=\"Ta\u00e7a de Portugal: Sporting domina em Monte Gordo\"><\/a>\n\t<\/div>\n<\/div>\n<\/div>\n<\/li>\n\t\t\t\n\t\t\t\n\t\t\t\t\t\t\t\t\t\t\t\n\t\t\t\t\t\n\t\t\t\t\t\t\t\t\t\t\t<li>\n\t\t\t\t\t\t\t<div class=\"fusion-image-wrapper\">\n\t\t\t\t\t\t\t\t<a href=\"https:\/\/www.federacao-triatlo.pt\/ftp2015\/taca-de-portugal-sporting-domina-em-monte-gordo\/\" aria-label=\"Ta\u00e7a de Portugal: Sporting domina em Monte Gordo\">\n\t\t\t\t\t\t\t\t\t<img decoding=\"async\" width=\"1200\" height=\"630\" src=\"https:\/\/www.federacao-triatlo.pt\/ftp2015\/wp-content\/uploads\/2026\/04\/Promo-Facebook-Facebook-link-image-100.jpeg\" alt=\"\" class=\"wp-image-106978\" role=\"presentation\" srcset=\"https:\/\/www.federacao-triatlo.pt\/ftp2015\/wp-content\/uploads\/2026\/04\/Promo-Facebook-Facebook-link-image-100-200x105.jpeg 200w, https:\/\/www.federacao-triatlo.pt\/ftp2015\/wp-content\/uploads\/2026\/04\/Promo-Facebook-Facebook-link-image-100-400x210.jpeg 400w, https:\/\/www.federacao-triatlo.pt\/ftp2015\/wp-content\/uploads\/2026\/04\/Promo-Facebook-Facebook-link-image-100-600x315.jpeg 600w, https:\/\/www.federacao-triatlo.pt\/ftp2015\/wp-content\/uploads\/2026\/04\/Promo-Facebook-Facebook-link-image-100-800x420.jpeg 800w, https:\/\/www.federacao-triatlo.pt\/ftp2015\/wp-content\/uploads\/2026\/04\/Promo-Facebook-Facebook-link-image-100.jpeg 1200w\" sizes=\"(min-width: 2200px) 100vw, (min-width: 824px) 373px, (min-width: 732px) 560px, (min-width: 640px) 732px, \" \/>\t\t\t\t\t\t\t\t<\/a>\n\t\t\t\t\t\t\t\t<a style=\"display:none;\" href=\"https:\/\/www.federacao-triatlo.pt\/ftp2015\/wp-content\/uploads\/2026\/04\/Promo-Facebook-Facebook-link-image-100.jpeg\" data-rel=\"iLightbox[gallery106975]\"  title=\"\" data-title=\"Promo-Facebook-Facebook link image (100)\" data-caption=\"\">\n\t\t\t\t\t\t\t\t\t\t\t\t\t\t\t\t\t<\/a>\n\t\t\t\t\t\t\t<\/div>\n\t\t\t\t\t\t<\/li>\n\t\t\t\t\t\t\t\t\t\t\t\t\t\t\t\t\t\t\t\t\t\t\t\t\t\t\t\t\t\t\t\t\t\t\t\t\t\t\t\t\t\t\t\t\t\t\t\t\t\t\t\t\t\t\t\t\t\t\t\t\t\t\t\t\t\t<\/ul>\n\t<\/div>\n\t<div class=\"fusion-post-content-wrapper\" style=\"padding:30px 25px 20px 25px;\"><div class=\"fusion-post-content post-content\"><h2 class=\"blog-shortcode-post-title entry-title\"><a href=\"https:\/\/www.federacao-triatlo.pt\/ftp2015\/taca-de-portugal-sporting-domina-em-monte-gordo\/\">Ta\u00e7a de Portugal: Sporting domina em Monte Gordo<\/a><\/h2><p class=\"fusion-single-line-meta\"><span class=\"vcard\" style=\"display: none;\"><span class=\"fn\"><a href=\"https:\/\/www.federacao-triatlo.pt\/ftp2015\/author\/filipe-mendonca\/\" title=\"Artigos de Filipe Mendon\u00e7a\" rel=\"author\">Filipe Mendon\u00e7a<\/a><\/span><\/span><span class=\"updated\" style=\"display:none;\">2026-04-22T10:19:55+01:00<\/span><span>Abril 12th, 2026<\/span><span class=\"fusion-inline-sep\">|<\/span>Categories: <a href=\"https:\/\/www.federacao-triatlo.pt\/ftp2015\/category\/destaques\/\" rel=\"category tag\">Destaques<\/a>, <a href=\"https:\/\/www.federacao-triatlo.pt\/ftp2015\/category\/noticias-federacao-triatlo-portugal\/\" rel=\"category tag\">Not\u00edcias<\/a><span class=\"fusion-inline-sep\">|<\/span><\/p><div class=\"fusion-content-sep sep-double sep-solid\"><\/div><div class=\"fusion-post-content-container\"><p>O Sporting Clube Portugal venceu a etapa de Monte Gordo da Ta\u00e7a de Portugal. O clube de Alvalade superou a concorr\u00eancia, tanto no sector feminino como masculino. Na terceira de oito etapas que comp\u00f5e o [...]<\/p><\/div><\/div><div class=\"fusion-meta-info\"><div class=\"fusion-alignleft\"><a class=\"fusion-read-more\" href=\"https:\/\/www.federacao-triatlo.pt\/ftp2015\/taca-de-portugal-sporting-domina-em-monte-gordo\/\" aria-label=\"More on Ta\u00e7a de Portugal: Sporting domina em Monte Gordo\">Read More<\/a><\/div><div class=\"fusion-alignright\"><span>Coment\u00e1rios fechados<span class=\"screen-reader-text\"> em Ta\u00e7a de Portugal: Sporting domina em Monte Gordo<\/span><\/span><\/div><\/div><\/div><div class=\"fusion-clearfix\"><\/div><\/div>\n<\/article>\n<article id=\"blog-1-post-106957\" class=\"fusion-post-grid post-106957 post type-post status-publish format-standard has-post-thumbnail hentry category-destaques category-noticias-federacao-triatlo-portugal\">\n<div class=\"fusion-post-wrapper\" style=\"background-color:rgba(255,255,255,0);border:1px solid #ebeaea;border-bottom-width:3px;\">\n\n\t\t\t<div class=\"fusion-flexslider flexslider fusion-flexslider-loading fusion-post-slideshow\" style=\"border-color:#ebeaea;\">\n\t\t<ul class=\"slides\">\n\t\t\t\n\t\t\t\t\t\t\t\t\t\t\t\t\t\t<li><div  class=\"fusion-image-wrapper\" aria-haspopup=\"true\">\n\t\t\t\t<img width=\"1200\" height=\"630\" src=\"https:\/\/www.federacao-triatlo.pt\/ftp2015\/wp-content\/uploads\/2026\/04\/Matilde-Santos-Monte-Gordo-01.jpg\" class=\"attachment-full size-full wp-post-image\" alt=\"\" decoding=\"async\" srcset=\"https:\/\/www.federacao-triatlo.pt\/ftp2015\/wp-content\/uploads\/2026\/04\/Matilde-Santos-Monte-Gordo-01-200x105.jpg 200w, https:\/\/www.federacao-triatlo.pt\/ftp2015\/wp-content\/uploads\/2026\/04\/Matilde-Santos-Monte-Gordo-01-400x210.jpg 400w, https:\/\/www.federacao-triatlo.pt\/ftp2015\/wp-content\/uploads\/2026\/04\/Matilde-Santos-Monte-Gordo-01-600x315.jpg 600w, https:\/\/www.federacao-triatlo.pt\/ftp2015\/wp-content\/uploads\/2026\/04\/Matilde-Santos-Monte-Gordo-01-800x420.jpg 800w, https:\/\/www.federacao-triatlo.pt\/ftp2015\/wp-content\/uploads\/2026\/04\/Matilde-Santos-Monte-Gordo-01.jpg 1200w\" sizes=\"(min-width: 2200px) 100vw, (min-width: 824px) 373px, (min-width: 732px) 560px, (min-width: 640px) 732px, \" \/><div class=\"fusion-rollover\">\n\t<div class=\"fusion-rollover-content\">\n\n\t\t\t\t\t\t\t\t\t\t\t\t\t\t<a class=\"fusion-rollover-link\" href=\"https:\/\/www.federacao-triatlo.pt\/ftp2015\/taca-da-europa-matilde-santos-e-jose-ferreira-26o-em-monte-gordo\/\">Ta\u00e7a da Europa: Matilde Santos e Jos\u00e9 Ferreira 26\u00ba em Monte Gordo<\/a>\n\t\t\t\n\t\t\t\t\t\t\t\t\t\t\t\t\t\t\n\t\t\t\t\t\t\t\t\n\t\t\t\t\t\t\t\t\t\t\t\t\t<div class=\"fusion-rollover-sep\"><\/div>\n\t\t\t\t\n\t\t\t\t\t\t\t\t\t\t\t\t\t\t\t\t\t\t<a class=\"fusion-rollover-gallery\" href=\"https:\/\/www.federacao-triatlo.pt\/ftp2015\/wp-content\/uploads\/2026\/04\/Matilde-Santos-Monte-Gordo-01.jpg\" data-id=\"106957\" data-rel=\"iLightbox[gallery]\" data-title=\"Matilde Santos Monte Gordo 01\" data-caption=\"\">\n\t\t\t\t\t\tGallery\t\t\t\t\t<\/a>\n\t\t\t\t\t\t\t\t\t\t\t\t\t\t\n\t\t\n\t\t\t\t\t\t\t\t\t\t\t\t<h4 class=\"fusion-rollover-title\">\n\t\t\t\t\t<a class=\"fusion-rollover-title-link\" href=\"https:\/\/www.federacao-triatlo.pt\/ftp2015\/taca-da-europa-matilde-santos-e-jose-ferreira-26o-em-monte-gordo\/\">\n\t\t\t\t\t\tTa\u00e7a da Europa: Matilde Santos e Jos\u00e9 Ferreira 26\u00ba em Monte Gordo\t\t\t\t\t<\/a>\n\t\t\t\t<\/h4>\n\t\t\t\n\t\t\t\t\t\t\t\t\t\t<div class=\"fusion-rollover-categories\"><a href=\"https:\/\/www.federacao-triatlo.pt\/ftp2015\/category\/destaques\/\" rel=\"tag\">Destaques<\/a>, <a href=\"https:\/\/www.federacao-triatlo.pt\/ftp2015\/category\/noticias-federacao-triatlo-portugal\/\" rel=\"tag\">Not\u00edcias<\/a><\/div>\t\t\t\t\t\n\t\t\n\t\t\t\t\t\t<a class=\"fusion-link-wrapper\" href=\"https:\/\/www.federacao-triatlo.pt\/ftp2015\/taca-da-europa-matilde-santos-e-jose-ferreira-26o-em-monte-gordo\/\" aria-label=\"Ta\u00e7a da Europa: Matilde Santos e Jos\u00e9 Ferreira 26\u00ba em Monte Gordo\"><\/a>\n\t<\/div>\n<\/div>\n<\/div>\n<\/li>\n\t\t\t\n\t\t\t\n\t\t\t\t\t\t\t\t\t\t\t\n\t\t\t\t\t\n\t\t\t\t\t\t\t\t\t\t\t<li>\n\t\t\t\t\t\t\t<div class=\"fusion-image-wrapper\">\n\t\t\t\t\t\t\t\t<a href=\"https:\/\/www.federacao-triatlo.pt\/ftp2015\/taca-da-europa-matilde-santos-e-jose-ferreira-26o-em-monte-gordo\/\" aria-label=\"Ta\u00e7a da Europa: Matilde Santos e Jos\u00e9 Ferreira 26\u00ba em Monte Gordo\">\n\t\t\t\t\t\t\t\t\t<img decoding=\"async\" width=\"1200\" height=\"630\" src=\"https:\/\/www.federacao-triatlo.pt\/ftp2015\/wp-content\/uploads\/2026\/04\/Jose-Ferreira-Monte-Gordo-01.jpg\" alt=\"\" class=\"wp-image-106963\" role=\"presentation\" srcset=\"https:\/\/www.federacao-triatlo.pt\/ftp2015\/wp-content\/uploads\/2026\/04\/Jose-Ferreira-Monte-Gordo-01-200x105.jpg 200w, https:\/\/www.federacao-triatlo.pt\/ftp2015\/wp-content\/uploads\/2026\/04\/Jose-Ferreira-Monte-Gordo-01-400x210.jpg 400w, https:\/\/www.federacao-triatlo.pt\/ftp2015\/wp-content\/uploads\/2026\/04\/Jose-Ferreira-Monte-Gordo-01-600x315.jpg 600w, https:\/\/www.federacao-triatlo.pt\/ftp2015\/wp-content\/uploads\/2026\/04\/Jose-Ferreira-Monte-Gordo-01-800x420.jpg 800w, https:\/\/www.federacao-triatlo.pt\/ftp2015\/wp-content\/uploads\/2026\/04\/Jose-Ferreira-Monte-Gordo-01.jpg 1200w\" sizes=\"(min-width: 2200px) 100vw, (min-width: 824px) 373px, (min-width: 732px) 560px, (min-width: 640px) 732px, \" \/>\t\t\t\t\t\t\t\t<\/a>\n\t\t\t\t\t\t\t\t<a style=\"display:none;\" href=\"https:\/\/www.federacao-triatlo.pt\/ftp2015\/wp-content\/uploads\/2026\/04\/Jose-Ferreira-Monte-Gordo-01.jpg\" data-rel=\"iLightbox[gallery106957]\"  title=\"\" data-title=\"Jos\u00e9 Ferreira Monte Gordo 01\" data-caption=\"\">\n\t\t\t\t\t\t\t\t\t\t\t\t\t\t\t\t\t<\/a>\n\t\t\t\t\t\t\t<\/div>\n\t\t\t\t\t\t<\/li>\n\t\t\t\t\t\t\t\t\t\t\t\t\t\t\t\t\t\t\t\t\t\t\t\t\t\t\t\t\t\t\t\t\t\t\t\t\t\t\t\t\t\t\t\t\t\t\t\t\t\t\t\t\t\t\t\t\t\t\t\t\t\t\t\t\t\t<\/ul>\n\t<\/div>\n\t<div class=\"fusion-post-content-wrapper\" style=\"padding:30px 25px 20px 25px;\"><div class=\"fusion-post-content post-content\"><h2 class=\"blog-shortcode-post-title entry-title\"><a href=\"https:\/\/www.federacao-triatlo.pt\/ftp2015\/taca-da-europa-matilde-santos-e-jose-ferreira-26o-em-monte-gordo\/\">Ta\u00e7a da Europa: Matilde Santos e Jos\u00e9 Ferreira 26\u00ba em Monte Gordo<\/a><\/h2><p class=\"fusion-single-line-meta\"><span class=\"vcard\" style=\"display: none;\"><span class=\"fn\"><a href=\"https:\/\/www.federacao-triatlo.pt\/ftp2015\/author\/anaproenca\/\" title=\"Artigos de Ana Proen\u00e7a\" rel=\"author\">Ana Proen\u00e7a<\/a><\/span><\/span><span class=\"updated\" style=\"display:none;\">2026-04-11T19:26:26+01:00<\/span><span>Abril 11th, 2026<\/span><span class=\"fusion-inline-sep\">|<\/span>Categories: <a href=\"https:\/\/www.federacao-triatlo.pt\/ftp2015\/category\/destaques\/\" rel=\"category tag\">Destaques<\/a>, <a href=\"https:\/\/www.federacao-triatlo.pt\/ftp2015\/category\/noticias-federacao-triatlo-portugal\/\" rel=\"category tag\">Not\u00edcias<\/a><span class=\"fusion-inline-sep\">|<\/span><\/p><div class=\"fusion-content-sep sep-double sep-solid\"><\/div><div class=\"fusion-post-content-container\"><p>Os jovens Matilde Santos e Jos\u00e9 Ferreira foram este s\u00e1bado 26\u00ba na prova de Elites da primeira edi\u00e7\u00e3o da Ta\u00e7a da Europa de Monte Gordo, disputada em dist\u00e2ncia Sprint (750 metros nata\u00e7\u00e3o; 20 km de [...]<\/p><\/div><\/div><div class=\"fusion-meta-info\"><div class=\"fusion-alignleft\"><a class=\"fusion-read-more\" href=\"https:\/\/www.federacao-triatlo.pt\/ftp2015\/taca-da-europa-matilde-santos-e-jose-ferreira-26o-em-monte-gordo\/\" aria-label=\"More on Ta\u00e7a da Europa: Matilde Santos e Jos\u00e9 Ferreira 26\u00ba em Monte Gordo\">Read More<\/a><\/div><div class=\"fusion-alignright\"><span>Coment\u00e1rios fechados<span class=\"screen-reader-text\"> em Ta\u00e7a da Europa: Matilde Santos e Jos\u00e9 Ferreira 26\u00ba em Monte Gordo<\/span><\/span><\/div><\/div><\/div><div class=\"fusion-clearfix\"><\/div><\/div>\n<\/article>\n<article id=\"blog-1-post-106947\" class=\"fusion-post-grid post-106947 post type-post status-publish format-standard has-post-thumbnail hentry category-noticias-federacao-triatlo-portugal\">\n<div class=\"fusion-post-wrapper\" style=\"background-color:rgba(255,255,255,0);border:1px solid #ebeaea;border-bottom-width:3px;\">\n\n\t\t\t<div class=\"fusion-flexslider flexslider fusion-flexslider-loading fusion-post-slideshow\" style=\"border-color:#ebeaea;\">\n\t\t<ul class=\"slides\">\n\t\t\t\n\t\t\t\t\t\t\t\t\t\t\t\t\t\t<li><div  class=\"fusion-image-wrapper\" aria-haspopup=\"true\">\n\t\t\t\t<img width=\"1200\" height=\"630\" src=\"https:\/\/www.federacao-triatlo.pt\/ftp2015\/wp-content\/uploads\/2026\/04\/Promo-Facebook-Facebook-link-image-98.jpeg\" class=\"attachment-full size-full wp-post-image\" alt=\"\" decoding=\"async\" srcset=\"https:\/\/www.federacao-triatlo.pt\/ftp2015\/wp-content\/uploads\/2026\/04\/Promo-Facebook-Facebook-link-image-98-200x105.jpeg 200w, https:\/\/www.federacao-triatlo.pt\/ftp2015\/wp-content\/uploads\/2026\/04\/Promo-Facebook-Facebook-link-image-98-400x210.jpeg 400w, https:\/\/www.federacao-triatlo.pt\/ftp2015\/wp-content\/uploads\/2026\/04\/Promo-Facebook-Facebook-link-image-98-600x315.jpeg 600w, https:\/\/www.federacao-triatlo.pt\/ftp2015\/wp-content\/uploads\/2026\/04\/Promo-Facebook-Facebook-link-image-98-800x420.jpeg 800w, https:\/\/www.federacao-triatlo.pt\/ftp2015\/wp-content\/uploads\/2026\/04\/Promo-Facebook-Facebook-link-image-98.jpeg 1200w\" sizes=\"(min-width: 2200px) 100vw, (min-width: 824px) 373px, (min-width: 732px) 560px, (min-width: 640px) 732px, \" \/><div class=\"fusion-rollover\">\n\t<div class=\"fusion-rollover-content\">\n\n\t\t\t\t\t\t\t\t\t\t\t\t\t\t<a class=\"fusion-rollover-link\" href=\"https:\/\/www.federacao-triatlo.pt\/ftp2015\/taca-da-europa-de-monte-gordo-federacao-pede-mais-apoio-para-fazer-ainda-mais\/\">Ta\u00e7a da Europa: Federa\u00e7\u00e3o pede mais apoio para fazer &#8220;ainda mais&#8221;<\/a>\n\t\t\t\n\t\t\t\t\t\t\t\t\t\t\t\t\t\t\n\t\t\t\t\t\t\t\t\n\t\t\t\t\t\t\t\t\t\t\t\t\t<div class=\"fusion-rollover-sep\"><\/div>\n\t\t\t\t\n\t\t\t\t\t\t\t\t\t\t\t\t\t\t\t\t\t\t<a class=\"fusion-rollover-gallery\" href=\"https:\/\/www.federacao-triatlo.pt\/ftp2015\/wp-content\/uploads\/2026\/04\/Promo-Facebook-Facebook-link-image-98.jpeg\" data-id=\"106947\" data-rel=\"iLightbox[gallery]\" data-title=\"Promo-Facebook-Facebook link image (98)\" data-caption=\"\">\n\t\t\t\t\t\tGallery\t\t\t\t\t<\/a>\n\t\t\t\t\t\t\t\t\t\t\t\t\t\t\n\t\t\n\t\t\t\t\t\t\t\t\t\t\t\t<h4 class=\"fusion-rollover-title\">\n\t\t\t\t\t<a class=\"fusion-rollover-title-link\" href=\"https:\/\/www.federacao-triatlo.pt\/ftp2015\/taca-da-europa-de-monte-gordo-federacao-pede-mais-apoio-para-fazer-ainda-mais\/\">\n\t\t\t\t\t\tTa\u00e7a da Europa: Federa\u00e7\u00e3o pede mais apoio para fazer &#8220;ainda mais&#8221;\t\t\t\t\t<\/a>\n\t\t\t\t<\/h4>\n\t\t\t\n\t\t\t\t\t\t\t\t\t\t<div class=\"fusion-rollover-categories\"><a href=\"https:\/\/www.federacao-triatlo.pt\/ftp2015\/category\/noticias-federacao-triatlo-portugal\/\" rel=\"tag\">Not\u00edcias<\/a><\/div>\t\t\t\t\t\n\t\t\n\t\t\t\t\t\t<a class=\"fusion-link-wrapper\" href=\"https:\/\/www.federacao-triatlo.pt\/ftp2015\/taca-da-europa-de-monte-gordo-federacao-pede-mais-apoio-para-fazer-ainda-mais\/\" aria-label=\"Ta\u00e7a da Europa: Federa\u00e7\u00e3o pede mais apoio para fazer &#8220;ainda mais&#8221;\"><\/a>\n\t<\/div>\n<\/div>\n<\/div>\n<\/li>\n\t\t\t\n\t\t\t\n\t\t\t\t\t\t\t\t\t\t\t\t\t\t\t\t\t\t\t\t\t\t\t\t\t\t\t\t\t\t\t\t\t\t\t\t\t\t\t\t\t\t\t\t\t\t\t\t\t\t\t\t\t\t\t\t\t\t\t\t\t\t\t\t\t\t\t\t<\/ul>\n\t<\/div>\n\t<div class=\"fusion-post-content-wrapper\" style=\"padding:30px 25px 20px 25px;\"><div class=\"fusion-post-content post-content\"><h2 class=\"blog-shortcode-post-title entry-title\"><a href=\"https:\/\/www.federacao-triatlo.pt\/ftp2015\/taca-da-europa-de-monte-gordo-federacao-pede-mais-apoio-para-fazer-ainda-mais\/\">Ta\u00e7a da Europa: Federa\u00e7\u00e3o pede mais apoio para fazer &#8220;ainda mais&#8221;<\/a><\/h2><p class=\"fusion-single-line-meta\"><span class=\"vcard\" style=\"display: none;\"><span class=\"fn\"><a href=\"https:\/\/www.federacao-triatlo.pt\/ftp2015\/author\/filipe-mendonca\/\" title=\"Artigos de Filipe Mendon\u00e7a\" rel=\"author\">Filipe Mendon\u00e7a<\/a><\/span><\/span><span class=\"updated\" style=\"display:none;\">2026-04-10T22:38:52+01:00<\/span><span>Abril 10th, 2026<\/span><span class=\"fusion-inline-sep\">|<\/span>Categories: <a href=\"https:\/\/www.federacao-triatlo.pt\/ftp2015\/category\/noticias-federacao-triatlo-portugal\/\" rel=\"category tag\">Not\u00edcias<\/a><span class=\"fusion-inline-sep\">|<\/span><\/p><div class=\"fusion-content-sep sep-double sep-solid\"><\/div><div class=\"fusion-post-content-container\"><p>A C\u00e2mara Municipal de Vila Real de Santo Ant\u00f3nio est\u00e1 dispon\u00edvel para continuar a apoiar grande eventos, enquanto o presidente da Federa\u00e7\u00e3o de Triatlo de Portugal (FTP) quer mais apoio do poder central para fazer\u00a0 [...]<\/p><\/div><\/div><div class=\"fusion-meta-info\"><div class=\"fusion-alignleft\"><a class=\"fusion-read-more\" href=\"https:\/\/www.federacao-triatlo.pt\/ftp2015\/taca-da-europa-de-monte-gordo-federacao-pede-mais-apoio-para-fazer-ainda-mais\/\" aria-label=\"More on Ta\u00e7a da Europa: Federa\u00e7\u00e3o pede mais apoio para fazer &#8220;ainda mais&#8221;\">Read More<\/a><\/div><div class=\"fusion-alignright\"><span>Coment\u00e1rios fechados<span class=\"screen-reader-text\"> em Ta\u00e7a da Europa: Federa\u00e7\u00e3o pede mais apoio para fazer &#8220;ainda mais&#8221;<\/span><\/span><\/div><\/div><\/div><div class=\"fusion-clearfix\"><\/div><\/div>\n<\/article>\n<article id=\"blog-1-post-106944\" class=\"fusion-post-grid post-106944 post type-post status-publish format-standard has-post-thumbnail hentry category-destaques category-noticias-federacao-triatlo-portugal\">\n<div class=\"fusion-post-wrapper\" style=\"background-color:rgba(255,255,255,0);border:1px solid #ebeaea;border-bottom-width:3px;\">\n\n\t\t\t<div class=\"fusion-flexslider flexslider fusion-flexslider-loading fusion-post-slideshow\" style=\"border-color:#ebeaea;\">\n\t\t<ul class=\"slides\">\n\t\t\t\n\t\t\t\t\t\t\t\t\t\t\t\t\t\t<li><div  class=\"fusion-image-wrapper\" aria-haspopup=\"true\">\n\t\t\t\t<img width=\"1200\" height=\"630\" src=\"https:\/\/www.federacao-triatlo.pt\/ftp2015\/wp-content\/uploads\/2026\/04\/Promo-Facebook-Facebook-link-image-96.jpeg\" class=\"attachment-full size-full wp-post-image\" alt=\"\" decoding=\"async\" srcset=\"https:\/\/www.federacao-triatlo.pt\/ftp2015\/wp-content\/uploads\/2026\/04\/Promo-Facebook-Facebook-link-image-96-200x105.jpeg 200w, https:\/\/www.federacao-triatlo.pt\/ftp2015\/wp-content\/uploads\/2026\/04\/Promo-Facebook-Facebook-link-image-96-400x210.jpeg 400w, https:\/\/www.federacao-triatlo.pt\/ftp2015\/wp-content\/uploads\/2026\/04\/Promo-Facebook-Facebook-link-image-96-600x315.jpeg 600w, https:\/\/www.federacao-triatlo.pt\/ftp2015\/wp-content\/uploads\/2026\/04\/Promo-Facebook-Facebook-link-image-96-800x420.jpeg 800w, https:\/\/www.federacao-triatlo.pt\/ftp2015\/wp-content\/uploads\/2026\/04\/Promo-Facebook-Facebook-link-image-96.jpeg 1200w\" sizes=\"(min-width: 2200px) 100vw, (min-width: 824px) 373px, (min-width: 732px) 560px, (min-width: 640px) 732px, \" \/><div class=\"fusion-rollover\">\n\t<div class=\"fusion-rollover-content\">\n\n\t\t\t\t\t\t\t\t\t\t\t\t\t\t<a class=\"fusion-rollover-link\" href=\"https:\/\/www.federacao-triatlo.pt\/ftp2015\/taca-da-europa-triatletas-elogiam-monte-gordo-como-casa-do-triatlo-europeu\/\">Ta\u00e7a da Europa: Triatletas elogiam Monte Gordo como casa do triatlo europeu<\/a>\n\t\t\t\n\t\t\t\t\t\t\t\t\t\t\t\t\t\t\n\t\t\t\t\t\t\t\t\n\t\t\t\t\t\t\t\t\t\t\t\t\t<div class=\"fusion-rollover-sep\"><\/div>\n\t\t\t\t\n\t\t\t\t\t\t\t\t\t\t\t\t\t\t\t\t\t\t<a class=\"fusion-rollover-gallery\" href=\"https:\/\/www.federacao-triatlo.pt\/ftp2015\/wp-content\/uploads\/2026\/04\/Promo-Facebook-Facebook-link-image-96.jpeg\" data-id=\"106944\" data-rel=\"iLightbox[gallery]\" data-title=\"Promo-Facebook-Facebook link image (96)\" data-caption=\"\">\n\t\t\t\t\t\tGallery\t\t\t\t\t<\/a>\n\t\t\t\t\t\t\t\t\t\t\t\t\t\t\n\t\t\n\t\t\t\t\t\t\t\t\t\t\t\t<h4 class=\"fusion-rollover-title\">\n\t\t\t\t\t<a class=\"fusion-rollover-title-link\" href=\"https:\/\/www.federacao-triatlo.pt\/ftp2015\/taca-da-europa-triatletas-elogiam-monte-gordo-como-casa-do-triatlo-europeu\/\">\n\t\t\t\t\t\tTa\u00e7a da Europa: Triatletas elogiam Monte Gordo como casa do triatlo europeu\t\t\t\t\t<\/a>\n\t\t\t\t<\/h4>\n\t\t\t\n\t\t\t\t\t\t\t\t\t\t<div class=\"fusion-rollover-categories\"><a href=\"https:\/\/www.federacao-triatlo.pt\/ftp2015\/category\/destaques\/\" rel=\"tag\">Destaques<\/a>, <a href=\"https:\/\/www.federacao-triatlo.pt\/ftp2015\/category\/noticias-federacao-triatlo-portugal\/\" rel=\"tag\">Not\u00edcias<\/a><\/div>\t\t\t\t\t\n\t\t\n\t\t\t\t\t\t<a class=\"fusion-link-wrapper\" href=\"https:\/\/www.federacao-triatlo.pt\/ftp2015\/taca-da-europa-triatletas-elogiam-monte-gordo-como-casa-do-triatlo-europeu\/\" aria-label=\"Ta\u00e7a da Europa: Triatletas elogiam Monte Gordo como casa do triatlo europeu\"><\/a>\n\t<\/div>\n<\/div>\n<\/div>\n<\/li>\n\t\t\t\n\t\t\t\n\t\t\t\t\t\t\t\t\t\t\t\t\t\t\t\t\t\t\t\t\t\t\t\t\t\t\t\t\t\t\t\t\t\t\t\t\t\t\t\t\t\t\t\t\t\t\t\t\t\t\t\t\t\t\t\t\t\t\t\t\t\t\t\t\t\t\t\t<\/ul>\n\t<\/div>\n\t<div class=\"fusion-post-content-wrapper\" style=\"padding:30px 25px 20px 25px;\"><div class=\"fusion-post-content post-content\"><h2 class=\"blog-shortcode-post-title entry-title\"><a href=\"https:\/\/www.federacao-triatlo.pt\/ftp2015\/taca-da-europa-triatletas-elogiam-monte-gordo-como-casa-do-triatlo-europeu\/\">Ta\u00e7a da Europa: Triatletas elogiam Monte Gordo como casa do triatlo europeu<\/a><\/h2><p class=\"fusion-single-line-meta\"><span class=\"vcard\" style=\"display: none;\"><span class=\"fn\"><a href=\"https:\/\/www.federacao-triatlo.pt\/ftp2015\/author\/filipe-mendonca\/\" title=\"Artigos de Filipe Mendon\u00e7a\" rel=\"author\">Filipe Mendon\u00e7a<\/a><\/span><\/span><span class=\"updated\" style=\"display:none;\">2026-04-10T16:29:19+01:00<\/span><span>Abril 10th, 2026<\/span><span class=\"fusion-inline-sep\">|<\/span>Categories: <a href=\"https:\/\/www.federacao-triatlo.pt\/ftp2015\/category\/destaques\/\" rel=\"category tag\">Destaques<\/a>, <a href=\"https:\/\/www.federacao-triatlo.pt\/ftp2015\/category\/noticias-federacao-triatlo-portugal\/\" rel=\"category tag\">Not\u00edcias<\/a><span class=\"fusion-inline-sep\">|<\/span><\/p><div class=\"fusion-content-sep sep-double sep-solid\"><\/div><div class=\"fusion-post-content-container\"><p>Monte Gordo oferece condi\u00e7\u00f5es \u00fanicas, tanto emocionais como desportivas, para um arranque de \u00e9poca exigente. Foi desta forma que os triatletas nacionais e internacionais lan\u00e7aram, em confer\u00eancia de imprensa, a estreia da Ta\u00e7a da Europa [...]<\/p><\/div><\/div><div class=\"fusion-meta-info\"><div class=\"fusion-alignleft\"><a class=\"fusion-read-more\" href=\"https:\/\/www.federacao-triatlo.pt\/ftp2015\/taca-da-europa-triatletas-elogiam-monte-gordo-como-casa-do-triatlo-europeu\/\" aria-label=\"More on Ta\u00e7a da Europa: Triatletas elogiam Monte Gordo como casa do triatlo europeu\">Read More<\/a><\/div><div class=\"fusion-alignright\"><span>Coment\u00e1rios fechados<span class=\"screen-reader-text\"> em Ta\u00e7a da Europa: Triatletas elogiam Monte Gordo como casa do triatlo europeu<\/span><\/span><\/div><\/div><\/div><div class=\"fusion-clearfix\"><\/div><\/div>\n<\/article>\n<article id=\"blog-1-post-106851\" class=\"fusion-post-grid post-106851 post type-post status-publish format-standard has-post-thumbnail hentry category-destaques category-noticias-federacao-triatlo-portugal\">\n<div class=\"fusion-post-wrapper\" style=\"background-color:rgba(255,255,255,0);border:1px solid #ebeaea;border-bottom-width:3px;\">\n\n\t\t\t<div class=\"fusion-flexslider flexslider fusion-flexslider-loading fusion-post-slideshow\" style=\"border-color:#ebeaea;\">\n\t\t<ul class=\"slides\">\n\t\t\t\n\t\t\t\t\t\t\t\t\t\t\t\t\t\t<li><div  class=\"fusion-image-wrapper\" aria-haspopup=\"true\">\n\t\t\t\t<img width=\"1200\" height=\"630\" src=\"https:\/\/www.federacao-triatlo.pt\/ftp2015\/wp-content\/uploads\/2026\/04\/Promo-Facebook-Facebook-link-image-95.jpeg\" class=\"attachment-full size-full wp-post-image\" alt=\"\" decoding=\"async\" srcset=\"https:\/\/www.federacao-triatlo.pt\/ftp2015\/wp-content\/uploads\/2026\/04\/Promo-Facebook-Facebook-link-image-95-200x105.jpeg 200w, https:\/\/www.federacao-triatlo.pt\/ftp2015\/wp-content\/uploads\/2026\/04\/Promo-Facebook-Facebook-link-image-95-400x210.jpeg 400w, https:\/\/www.federacao-triatlo.pt\/ftp2015\/wp-content\/uploads\/2026\/04\/Promo-Facebook-Facebook-link-image-95-600x315.jpeg 600w, https:\/\/www.federacao-triatlo.pt\/ftp2015\/wp-content\/uploads\/2026\/04\/Promo-Facebook-Facebook-link-image-95-800x420.jpeg 800w, https:\/\/www.federacao-triatlo.pt\/ftp2015\/wp-content\/uploads\/2026\/04\/Promo-Facebook-Facebook-link-image-95.jpeg 1200w\" sizes=\"(min-width: 2200px) 100vw, (min-width: 824px) 373px, (min-width: 732px) 560px, (min-width: 640px) 732px, \" \/><div class=\"fusion-rollover\">\n\t<div class=\"fusion-rollover-content\">\n\n\t\t\t\t\t\t\t\t\t\t\t\t\t\t<a class=\"fusion-rollover-link\" href=\"https:\/\/www.federacao-triatlo.pt\/ftp2015\/monte-gordo-estreia-taca-da-europa-com-dez-portugueses-em-prova\/\">Monte Gordo estreia Ta\u00e7a da Europa com dez portugueses em prova<\/a>\n\t\t\t\n\t\t\t\t\t\t\t\t\t\t\t\t\t\t\n\t\t\t\t\t\t\t\t\n\t\t\t\t\t\t\t\t\t\t\t\t\t<div class=\"fusion-rollover-sep\"><\/div>\n\t\t\t\t\n\t\t\t\t\t\t\t\t\t\t\t\t\t\t\t\t\t\t<a class=\"fusion-rollover-gallery\" href=\"https:\/\/www.federacao-triatlo.pt\/ftp2015\/wp-content\/uploads\/2026\/04\/Promo-Facebook-Facebook-link-image-95.jpeg\" data-id=\"106851\" data-rel=\"iLightbox[gallery]\" data-title=\"Promo-Facebook-Facebook link image (95)\" data-caption=\"\">\n\t\t\t\t\t\tGallery\t\t\t\t\t<\/a>\n\t\t\t\t\t\t\t\t\t\t\t\t\t\t\n\t\t\n\t\t\t\t\t\t\t\t\t\t\t\t<h4 class=\"fusion-rollover-title\">\n\t\t\t\t\t<a class=\"fusion-rollover-title-link\" href=\"https:\/\/www.federacao-triatlo.pt\/ftp2015\/monte-gordo-estreia-taca-da-europa-com-dez-portugueses-em-prova\/\">\n\t\t\t\t\t\tMonte Gordo estreia Ta\u00e7a da Europa com dez portugueses em prova\t\t\t\t\t<\/a>\n\t\t\t\t<\/h4>\n\t\t\t\n\t\t\t\t\t\t\t\t\t\t<div class=\"fusion-rollover-categories\"><a href=\"https:\/\/www.federacao-triatlo.pt\/ftp2015\/category\/destaques\/\" rel=\"tag\">Destaques<\/a>, <a href=\"https:\/\/www.federacao-triatlo.pt\/ftp2015\/category\/noticias-federacao-triatlo-portugal\/\" rel=\"tag\">Not\u00edcias<\/a><\/div>\t\t\t\t\t\n\t\t\n\t\t\t\t\t\t<a class=\"fusion-link-wrapper\" href=\"https:\/\/www.federacao-triatlo.pt\/ftp2015\/monte-gordo-estreia-taca-da-europa-com-dez-portugueses-em-prova\/\" aria-label=\"Monte Gordo estreia Ta\u00e7a da Europa com dez portugueses em prova\"><\/a>\n\t<\/div>\n<\/div>\n<\/div>\n<\/li>\n\t\t\t\n\t\t\t\n\t\t\t\t\t\t\t\t\t\t\t\t\t\t\t\t\t\t\t\t\t\t\t\t\t\t\t\t\t\t\t\t\t\t\t\t\t\t\t\t\t\t\t\t\t\t\t\t\t\t\t\t\t\t\t\t\t\t\t\t\t\t\t\t\t\t\t\t<\/ul>\n\t<\/div>\n\t<div class=\"fusion-post-content-wrapper\" style=\"padding:30px 25px 20px 25px;\"><div class=\"fusion-post-content post-content\"><h2 class=\"blog-shortcode-post-title entry-title\"><a href=\"https:\/\/www.federacao-triatlo.pt\/ftp2015\/monte-gordo-estreia-taca-da-europa-com-dez-portugueses-em-prova\/\">Monte Gordo estreia Ta\u00e7a da Europa com dez portugueses em prova<\/a><\/h2><p class=\"fusion-single-line-meta\"><span class=\"vcard\" style=\"display: none;\"><span class=\"fn\"><a href=\"https:\/\/www.federacao-triatlo.pt\/ftp2015\/author\/filipe-mendonca\/\" title=\"Artigos de Filipe Mendon\u00e7a\" rel=\"author\">Filipe Mendon\u00e7a<\/a><\/span><\/span><span class=\"updated\" style=\"display:none;\">2026-04-07T12:44:18+01:00<\/span><span>Abril 7th, 2026<\/span><span class=\"fusion-inline-sep\">|<\/span>Categories: <a href=\"https:\/\/www.federacao-triatlo.pt\/ftp2015\/category\/destaques\/\" rel=\"category tag\">Destaques<\/a>, <a href=\"https:\/\/www.federacao-triatlo.pt\/ftp2015\/category\/noticias-federacao-triatlo-portugal\/\" rel=\"category tag\">Not\u00edcias<\/a><span class=\"fusion-inline-sep\">|<\/span><\/p><div class=\"fusion-content-sep sep-double sep-solid\"><\/div><div class=\"fusion-post-content-container\"><p>Monte Gordo recebe a sua primeira Ta\u00e7a da Europa de Triatlo de Elites,\u00a0 no pr\u00f3ximo dia 11 de abril, s\u00e1bado, com dez atletas portugueses nas start lists.\u00a0 \"Este \u00e9 mais um momento de afirma\u00e7\u00e3o do [...]<\/p><\/div><\/div><div class=\"fusion-meta-info\"><div class=\"fusion-alignleft\"><a class=\"fusion-read-more\" href=\"https:\/\/www.federacao-triatlo.pt\/ftp2015\/monte-gordo-estreia-taca-da-europa-com-dez-portugueses-em-prova\/\" aria-label=\"More on Monte Gordo estreia Ta\u00e7a da Europa com dez portugueses em prova\">Read More<\/a><\/div><div class=\"fusion-alignright\"><span>Coment\u00e1rios fechados<span class=\"screen-reader-text\"> em Monte Gordo estreia Ta\u00e7a da Europa com dez portugueses em prova<\/span><\/span><\/div><\/div><\/div><div class=\"fusion-clearfix\"><\/div><\/div>\n<\/article>\n<article id=\"blog-1-post-106853\" class=\"fusion-post-grid post-106853 post type-post status-publish format-standard has-post-thumbnail hentry category-noticias-federacao-triatlo-portugal\">\n<div class=\"fusion-post-wrapper\" style=\"background-color:rgba(255,255,255,0);border:1px solid #ebeaea;border-bottom-width:3px;\">\n\n\t\t\t<div class=\"fusion-flexslider flexslider fusion-flexslider-loading fusion-post-slideshow\" style=\"border-color:#ebeaea;\">\n\t\t<ul class=\"slides\">\n\t\t\t\n\t\t\t\t\t\t\t\t\t\t\t\t\t\t<li><div  class=\"fusion-image-wrapper\" aria-haspopup=\"true\">\n\t\t\t\t<img width=\"1200\" height=\"630\" src=\"https:\/\/www.federacao-triatlo.pt\/ftp2015\/wp-content\/uploads\/2026\/04\/Promo-Facebook-Facebook-link-image-94.jpeg\" class=\"attachment-full size-full wp-post-image\" alt=\"\" decoding=\"async\" srcset=\"https:\/\/www.federacao-triatlo.pt\/ftp2015\/wp-content\/uploads\/2026\/04\/Promo-Facebook-Facebook-link-image-94-200x105.jpeg 200w, https:\/\/www.federacao-triatlo.pt\/ftp2015\/wp-content\/uploads\/2026\/04\/Promo-Facebook-Facebook-link-image-94-400x210.jpeg 400w, https:\/\/www.federacao-triatlo.pt\/ftp2015\/wp-content\/uploads\/2026\/04\/Promo-Facebook-Facebook-link-image-94-600x315.jpeg 600w, https:\/\/www.federacao-triatlo.pt\/ftp2015\/wp-content\/uploads\/2026\/04\/Promo-Facebook-Facebook-link-image-94-800x420.jpeg 800w, https:\/\/www.federacao-triatlo.pt\/ftp2015\/wp-content\/uploads\/2026\/04\/Promo-Facebook-Facebook-link-image-94.jpeg 1200w\" sizes=\"(min-width: 2200px) 100vw, (min-width: 824px) 373px, (min-width: 732px) 560px, (min-width: 640px) 732px, \" \/><div class=\"fusion-rollover\">\n\t<div class=\"fusion-rollover-content\">\n\n\t\t\t\t\t\t\t\t\t\t\t\t\t\t<a class=\"fusion-rollover-link\" href=\"https:\/\/www.federacao-triatlo.pt\/ftp2015\/aquatlo-guilherme-neves-e-filipa-jesus-campeoes-nacionais-em-santa-cruz\/\">Aquatlo: Guilherme Neves e Filipa Jesus campe\u00f5es nacionais em Santa Cruz<\/a>\n\t\t\t\n\t\t\t\t\t\t\t\t\t\t\t\t\t\t\n\t\t\t\t\t\t\t\t\n\t\t\t\t\t\t\t\t\t\t\t\t\t<div class=\"fusion-rollover-sep\"><\/div>\n\t\t\t\t\n\t\t\t\t\t\t\t\t\t\t\t\t\t\t\t\t\t\t<a class=\"fusion-rollover-gallery\" href=\"https:\/\/www.federacao-triatlo.pt\/ftp2015\/wp-content\/uploads\/2026\/04\/Promo-Facebook-Facebook-link-image-94.jpeg\" data-id=\"106853\" data-rel=\"iLightbox[gallery]\" data-title=\"Promo-Facebook-Facebook link image (94)\" data-caption=\"\">\n\t\t\t\t\t\tGallery\t\t\t\t\t<\/a>\n\t\t\t\t\t\t\t\t\t\t\t\t\t\t\n\t\t\n\t\t\t\t\t\t\t\t\t\t\t\t<h4 class=\"fusion-rollover-title\">\n\t\t\t\t\t<a class=\"fusion-rollover-title-link\" href=\"https:\/\/www.federacao-triatlo.pt\/ftp2015\/aquatlo-guilherme-neves-e-filipa-jesus-campeoes-nacionais-em-santa-cruz\/\">\n\t\t\t\t\t\tAquatlo: Guilherme Neves e Filipa Jesus campe\u00f5es nacionais em Santa Cruz\t\t\t\t\t<\/a>\n\t\t\t\t<\/h4>\n\t\t\t\n\t\t\t\t\t\t\t\t\t\t<div class=\"fusion-rollover-categories\"><a href=\"https:\/\/www.federacao-triatlo.pt\/ftp2015\/category\/noticias-federacao-triatlo-portugal\/\" rel=\"tag\">Not\u00edcias<\/a><\/div>\t\t\t\t\t\n\t\t\n\t\t\t\t\t\t<a class=\"fusion-link-wrapper\" href=\"https:\/\/www.federacao-triatlo.pt\/ftp2015\/aquatlo-guilherme-neves-e-filipa-jesus-campeoes-nacionais-em-santa-cruz\/\" aria-label=\"Aquatlo: Guilherme Neves e Filipa Jesus campe\u00f5es nacionais em Santa Cruz\"><\/a>\n\t<\/div>\n<\/div>\n<\/div>\n<\/li>\n\t\t\t\n\t\t\t\n\t\t\t\t\t\t\t\t\t\t\t\t\t\t\t\t\t\t\t\t\t\t\t\t\t\t\t\t\t\t\t\t\t\t\t\t\t\t\t\t\t\t\t\t\t\t\t\t\t\t\t\t\t\t\t\t\t\t\t\t\t\t\t\t\t\t\t\t<\/ul>\n\t<\/div>\n\t<div class=\"fusion-post-content-wrapper\" style=\"padding:30px 25px 20px 25px;\"><div class=\"fusion-post-content post-content\"><h2 class=\"blog-shortcode-post-title entry-title\"><a href=\"https:\/\/www.federacao-triatlo.pt\/ftp2015\/aquatlo-guilherme-neves-e-filipa-jesus-campeoes-nacionais-em-santa-cruz\/\">Aquatlo: Guilherme Neves e Filipa Jesus campe\u00f5es nacionais em Santa Cruz<\/a><\/h2><p class=\"fusion-single-line-meta\"><span class=\"vcard\" style=\"display: none;\"><span class=\"fn\"><a href=\"https:\/\/www.federacao-triatlo.pt\/ftp2015\/author\/filipe-mendonca\/\" title=\"Artigos de Filipe Mendon\u00e7a\" rel=\"author\">Filipe Mendon\u00e7a<\/a><\/span><\/span><span class=\"updated\" style=\"display:none;\">2026-04-05T12:29:26+01:00<\/span><span>Abril 5th, 2026<\/span><span class=\"fusion-inline-sep\">|<\/span>Categories: <a href=\"https:\/\/www.federacao-triatlo.pt\/ftp2015\/category\/noticias-federacao-triatlo-portugal\/\" rel=\"category tag\">Not\u00edcias<\/a><span class=\"fusion-inline-sep\">|<\/span><\/p><div class=\"fusion-content-sep sep-double sep-solid\"><\/div><div class=\"fusion-post-content-container\"><p>Guilherme Neves e Filipa Jesus sagraram-se este s\u00e1bado (4 de abril) os novos campe\u00f5es nacionais de aquatlo, ao vencerem a edi\u00e7\u00e3o de 2026 do Campeonato Nacional disputado em Santa Cruz. No setor feminino, a vit\u00f3ria [...]<\/p><\/div><\/div><div class=\"fusion-meta-info\"><div class=\"fusion-alignleft\"><a class=\"fusion-read-more\" href=\"https:\/\/www.federacao-triatlo.pt\/ftp2015\/aquatlo-guilherme-neves-e-filipa-jesus-campeoes-nacionais-em-santa-cruz\/\" aria-label=\"More on Aquatlo: Guilherme Neves e Filipa Jesus campe\u00f5es nacionais em Santa Cruz\">Read More<\/a><\/div><div class=\"fusion-alignright\"><span>Coment\u00e1rios fechados<span class=\"screen-reader-text\"> em Aquatlo: Guilherme Neves e Filipa Jesus campe\u00f5es nacionais em Santa Cruz<\/span><\/span><\/div><\/div><\/div><div class=\"fusion-clearfix\"><\/div><\/div>\n<\/article>\n<article id=\"blog-1-post-106822\" class=\"fusion-post-grid post-106822 post type-post status-publish format-standard has-post-thumbnail hentry category-noticias-federacao-triatlo-portugal\">\n<div class=\"fusion-post-wrapper\" style=\"background-color:rgba(255,255,255,0);border:1px solid #ebeaea;border-bottom-width:3px;\">\n\n\t\t\t<div class=\"fusion-flexslider flexslider fusion-flexslider-loading fusion-post-slideshow\" style=\"border-color:#ebeaea;\">\n\t\t<ul class=\"slides\">\n\t\t\t\n\t\t\t\t\t\t\t\t\t\t\t\t\t\t<li><div  class=\"fusion-image-wrapper\" aria-haspopup=\"true\">\n\t\t\t\t<img width=\"1200\" height=\"630\" src=\"https:\/\/www.federacao-triatlo.pt\/ftp2015\/wp-content\/uploads\/2026\/04\/Promo-Facebook-Facebook-link-image-93.jpeg\" class=\"attachment-full size-full wp-post-image\" alt=\"\" decoding=\"async\" srcset=\"https:\/\/www.federacao-triatlo.pt\/ftp2015\/wp-content\/uploads\/2026\/04\/Promo-Facebook-Facebook-link-image-93-200x105.jpeg 200w, https:\/\/www.federacao-triatlo.pt\/ftp2015\/wp-content\/uploads\/2026\/04\/Promo-Facebook-Facebook-link-image-93-400x210.jpeg 400w, https:\/\/www.federacao-triatlo.pt\/ftp2015\/wp-content\/uploads\/2026\/04\/Promo-Facebook-Facebook-link-image-93-600x315.jpeg 600w, https:\/\/www.federacao-triatlo.pt\/ftp2015\/wp-content\/uploads\/2026\/04\/Promo-Facebook-Facebook-link-image-93-800x420.jpeg 800w, https:\/\/www.federacao-triatlo.pt\/ftp2015\/wp-content\/uploads\/2026\/04\/Promo-Facebook-Facebook-link-image-93.jpeg 1200w\" sizes=\"(min-width: 2200px) 100vw, (min-width: 824px) 373px, (min-width: 732px) 560px, (min-width: 640px) 732px, \" \/><div class=\"fusion-rollover\">\n\t<div class=\"fusion-rollover-content\">\n\n\t\t\t\t\t\t\t\t\t\t\t\t\t\t<a class=\"fusion-rollover-link\" href=\"https:\/\/www.federacao-triatlo.pt\/ftp2015\/triatlo-de-o10-de-maio-onais\/\">Altera\u00e7\u00e3o: Triatlo de Oeiras realiza-se a 10 de maio<\/a>\n\t\t\t\n\t\t\t\t\t\t\t\t\t\t\t\t\t\t\n\t\t\t\t\t\t\t\t\n\t\t\t\t\t\t\t\t\t\t\t\t\t<div class=\"fusion-rollover-sep\"><\/div>\n\t\t\t\t\n\t\t\t\t\t\t\t\t\t\t\t\t\t\t\t\t\t\t<a class=\"fusion-rollover-gallery\" href=\"https:\/\/www.federacao-triatlo.pt\/ftp2015\/wp-content\/uploads\/2026\/04\/Promo-Facebook-Facebook-link-image-93.jpeg\" data-id=\"106822\" data-rel=\"iLightbox[gallery]\" data-title=\"Promo-Facebook-Facebook link image (93)\" data-caption=\"\">\n\t\t\t\t\t\tGallery\t\t\t\t\t<\/a>\n\t\t\t\t\t\t\t\t\t\t\t\t\t\t\n\t\t\n\t\t\t\t\t\t\t\t\t\t\t\t<h4 class=\"fusion-rollover-title\">\n\t\t\t\t\t<a class=\"fusion-rollover-title-link\" href=\"https:\/\/www.federacao-triatlo.pt\/ftp2015\/triatlo-de-o10-de-maio-onais\/\">\n\t\t\t\t\t\tAltera\u00e7\u00e3o: Triatlo de Oeiras realiza-se a 10 de maio\t\t\t\t\t<\/a>\n\t\t\t\t<\/h4>\n\t\t\t\n\t\t\t\t\t\t\t\t\t\t<div class=\"fusion-rollover-categories\"><a href=\"https:\/\/www.federacao-triatlo.pt\/ftp2015\/category\/noticias-federacao-triatlo-portugal\/\" rel=\"tag\">Not\u00edcias<\/a><\/div>\t\t\t\t\t\n\t\t\n\t\t\t\t\t\t<a class=\"fusion-link-wrapper\" href=\"https:\/\/www.federacao-triatlo.pt\/ftp2015\/triatlo-de-o10-de-maio-onais\/\" aria-label=\"Altera\u00e7\u00e3o: Triatlo de Oeiras realiza-se a 10 de maio\"><\/a>\n\t<\/div>\n<\/div>\n<\/div>\n<\/li>\n\t\t\t\n\t\t\t\n\t\t\t\t\t\t\t\t\t\t\t\t\t\t\t\t\t\t\t\t\t\t\t\t\t\t\t\t\t\t\t\t\t\t\t\t\t\t\t\t\t\t\t\t\t\t\t\t\t\t\t\t\t\t\t\t\t\t\t\t\t\t\t\t\t\t\t\t<\/ul>\n\t<\/div>\n\t<div class=\"fusion-post-content-wrapper\" style=\"padding:30px 25px 20px 25px;\"><div class=\"fusion-post-content post-content\"><h2 class=\"blog-shortcode-post-title entry-title\"><a href=\"https:\/\/www.federacao-triatlo.pt\/ftp2015\/triatlo-de-o10-de-maio-onais\/\">Altera\u00e7\u00e3o: Triatlo de Oeiras realiza-se a 10 de maio<\/a><\/h2><p class=\"fusion-single-line-meta\"><span class=\"vcard\" style=\"display: none;\"><span class=\"fn\"><a href=\"https:\/\/www.federacao-triatlo.pt\/ftp2015\/author\/filipe-mendonca\/\" title=\"Artigos de Filipe Mendon\u00e7a\" rel=\"author\">Filipe Mendon\u00e7a<\/a><\/span><\/span><span class=\"updated\" style=\"display:none;\">2026-04-02T10:42:10+01:00<\/span><span>Abril 2nd, 2026<\/span><span class=\"fusion-inline-sep\">|<\/span>Categories: <a href=\"https:\/\/www.federacao-triatlo.pt\/ftp2015\/category\/noticias-federacao-triatlo-portugal\/\" rel=\"category tag\">Not\u00edcias<\/a><span class=\"fusion-inline-sep\">|<\/span><\/p><div class=\"fusion-content-sep sep-double sep-solid\"><\/div><div class=\"fusion-post-content-container\"><p>Por motivos operacionais, o Triatlo de Oeiras, inicialmente comunicado para os dias 9 e 10 de maio, ser\u00e1 agora disputado exclusivamente no dia 10 de maio. A altera\u00e7\u00e3o permite garantir as melhores condi\u00e7\u00f5es log\u00edsticas e [...]<\/p><\/div><\/div><div class=\"fusion-meta-info\"><div class=\"fusion-alignleft\"><a class=\"fusion-read-more\" href=\"https:\/\/www.federacao-triatlo.pt\/ftp2015\/triatlo-de-o10-de-maio-onais\/\" aria-label=\"More on Altera\u00e7\u00e3o: Triatlo de Oeiras realiza-se a 10 de maio\">Read More<\/a><\/div><div class=\"fusion-alignright\"><span>Coment\u00e1rios fechados<span class=\"screen-reader-text\"> em Altera\u00e7\u00e3o: Triatlo de Oeiras realiza-se a 10 de maio<\/span><\/span><\/div><\/div><\/div><div class=\"fusion-clearfix\"><\/div><\/div>\n<\/article>\n<article id=\"blog-1-post-106725\" class=\"fusion-post-grid post-106725 post type-post status-publish format-standard has-post-thumbnail hentry category-noticias-federacao-triatlo-portugal\">\n<div class=\"fusion-post-wrapper\" style=\"background-color:rgba(255,255,255,0);border:1px solid #ebeaea;border-bottom-width:3px;\">\n\n\t\t\t<div class=\"fusion-flexslider flexslider fusion-flexslider-loading fusion-post-slideshow\" style=\"border-color:#ebeaea;\">\n\t\t<ul class=\"slides\">\n\t\t\t\n\t\t\t\t\t\t\t\t\t\t\t\t\t\t<li><div  class=\"fusion-image-wrapper\" aria-haspopup=\"true\">\n\t\t\t\t<img width=\"1200\" height=\"630\" src=\"https:\/\/www.federacao-triatlo.pt\/ftp2015\/wp-content\/uploads\/2026\/03\/Swim-run-cortado-02.jpg\" class=\"attachment-full size-full wp-post-image\" alt=\"\" decoding=\"async\" srcset=\"https:\/\/www.federacao-triatlo.pt\/ftp2015\/wp-content\/uploads\/2026\/03\/Swim-run-cortado-02-200x105.jpg 200w, https:\/\/www.federacao-triatlo.pt\/ftp2015\/wp-content\/uploads\/2026\/03\/Swim-run-cortado-02-400x210.jpg 400w, https:\/\/www.federacao-triatlo.pt\/ftp2015\/wp-content\/uploads\/2026\/03\/Swim-run-cortado-02-600x315.jpg 600w, https:\/\/www.federacao-triatlo.pt\/ftp2015\/wp-content\/uploads\/2026\/03\/Swim-run-cortado-02-800x420.jpg 800w, https:\/\/www.federacao-triatlo.pt\/ftp2015\/wp-content\/uploads\/2026\/03\/Swim-run-cortado-02.jpg 1200w\" sizes=\"(min-width: 2200px) 100vw, (min-width: 824px) 373px, (min-width: 732px) 560px, (min-width: 640px) 732px, \" \/><div class=\"fusion-rollover\">\n\t<div class=\"fusion-rollover-content\">\n\n\t\t\t\t\t\t\t\t\t\t\t\t\t\t<a class=\"fusion-rollover-link\" href=\"https:\/\/www.federacao-triatlo.pt\/ftp2015\/swimrun-junta-se-a-familia-do-triatlo-com-cinco-provas-em-2026\/\">Swimrun junta-se \u00e0 fam\u00edlia do triatlo com seis provas em 2026<\/a>\n\t\t\t\n\t\t\t\t\t\t\t\t\t\t\t\t\t\t\n\t\t\t\t\t\t\t\t\n\t\t\t\t\t\t\t\t\t\t\t\t\t<div class=\"fusion-rollover-sep\"><\/div>\n\t\t\t\t\n\t\t\t\t\t\t\t\t\t\t\t\t\t\t\t\t\t\t<a class=\"fusion-rollover-gallery\" href=\"https:\/\/www.federacao-triatlo.pt\/ftp2015\/wp-content\/uploads\/2026\/03\/Swim-run-cortado-02.jpg\" data-id=\"106725\" data-rel=\"iLightbox[gallery]\" data-title=\"Swim run cortado 02\" data-caption=\"\">\n\t\t\t\t\t\tGallery\t\t\t\t\t<\/a>\n\t\t\t\t\t\t\t\t\t\t\t\t\t\t\n\t\t\n\t\t\t\t\t\t\t\t\t\t\t\t<h4 class=\"fusion-rollover-title\">\n\t\t\t\t\t<a class=\"fusion-rollover-title-link\" href=\"https:\/\/www.federacao-triatlo.pt\/ftp2015\/swimrun-junta-se-a-familia-do-triatlo-com-cinco-provas-em-2026\/\">\n\t\t\t\t\t\tSwimrun junta-se \u00e0 fam\u00edlia do triatlo com seis provas em 2026\t\t\t\t\t<\/a>\n\t\t\t\t<\/h4>\n\t\t\t\n\t\t\t\t\t\t\t\t\t\t<div class=\"fusion-rollover-categories\"><a href=\"https:\/\/www.federacao-triatlo.pt\/ftp2015\/category\/noticias-federacao-triatlo-portugal\/\" rel=\"tag\">Not\u00edcias<\/a><\/div>\t\t\t\t\t\n\t\t\n\t\t\t\t\t\t<a class=\"fusion-link-wrapper\" href=\"https:\/\/www.federacao-triatlo.pt\/ftp2015\/swimrun-junta-se-a-familia-do-triatlo-com-cinco-provas-em-2026\/\" aria-label=\"Swimrun junta-se \u00e0 fam\u00edlia do triatlo com seis provas em 2026\"><\/a>\n\t<\/div>\n<\/div>\n<\/div>\n<\/li>\n\t\t\t\n\t\t\t\n\t\t\t\t\t\t\t\t\t\t\t\t\t\t\t\t\t\t\t\t\t\t\t\t\t\t\t\t\t\t\t\t\t\t\t\t\t\t\t\t\t\t\t\t\t\t\t\t\t\t\t\t\t\t\t\t\t\t\t\t\t\t\t\t\t\t\t\t<\/ul>\n\t<\/div>\n\t<div class=\"fusion-post-content-wrapper\" style=\"padding:30px 25px 20px 25px;\"><div class=\"fusion-post-content post-content\"><h2 class=\"blog-shortcode-post-title entry-title\"><a href=\"https:\/\/www.federacao-triatlo.pt\/ftp2015\/swimrun-junta-se-a-familia-do-triatlo-com-cinco-provas-em-2026\/\">Swimrun junta-se \u00e0 fam\u00edlia do triatlo com seis provas em 2026<\/a><\/h2><p class=\"fusion-single-line-meta\"><span class=\"vcard\" style=\"display: none;\"><span class=\"fn\"><a href=\"https:\/\/www.federacao-triatlo.pt\/ftp2015\/author\/anaproenca\/\" title=\"Artigos de Ana Proen\u00e7a\" rel=\"author\">Ana Proen\u00e7a<\/a><\/span><\/span><span class=\"updated\" style=\"display:none;\">2026-04-16T10:54:02+01:00<\/span><span>Abril 1st, 2026<\/span><span class=\"fusion-inline-sep\">|<\/span>Categories: <a href=\"https:\/\/www.federacao-triatlo.pt\/ftp2015\/category\/noticias-federacao-triatlo-portugal\/\" rel=\"category tag\">Not\u00edcias<\/a><span class=\"fusion-inline-sep\">|<\/span><\/p><div class=\"fusion-content-sep sep-double sep-solid\"><\/div><div class=\"fusion-post-content-container\"><p>O Swimrun entra no calend\u00e1rio da Federa\u00e7\u00e3o de Triatlo de Portugal, depois de, em 2025, a World Triathlon ter decidido que passaria, definitivamente, a estar sob a sua \u00e9gide. Ser\u00e3o cinco as provas em Portugal [...]<\/p><\/div><\/div><div class=\"fusion-meta-info\"><div class=\"fusion-alignleft\"><a class=\"fusion-read-more\" href=\"https:\/\/www.federacao-triatlo.pt\/ftp2015\/swimrun-junta-se-a-familia-do-triatlo-com-cinco-provas-em-2026\/\" aria-label=\"More on Swimrun junta-se \u00e0 fam\u00edlia do triatlo com seis provas em 2026\">Read More<\/a><\/div><div class=\"fusion-alignright\"><span>Coment\u00e1rios fechados<span class=\"screen-reader-text\"> em Swimrun junta-se \u00e0 fam\u00edlia do triatlo com seis provas em 2026<\/span><\/span><\/div><\/div><\/div><div class=\"fusion-clearfix\"><\/div><\/div>\n<\/article>\n<article id=\"blog-1-post-106782\" class=\"fusion-post-grid post-106782 post type-post status-publish format-standard has-post-thumbnail hentry category-noticias-federacao-triatlo-portugal\">\n<div class=\"fusion-post-wrapper\" style=\"background-color:rgba(255,255,255,0);border:1px solid #ebeaea;border-bottom-width:3px;\">\n\n\t\t\t<div class=\"fusion-flexslider flexslider fusion-flexslider-loading fusion-post-slideshow\" style=\"border-color:#ebeaea;\">\n\t\t<ul class=\"slides\">\n\t\t\t\n\t\t\t\t\t\t\t\t\t\t\t\t\t\t<li><div  class=\"fusion-image-wrapper\" aria-haspopup=\"true\">\n\t\t\t\t<img width=\"1200\" height=\"630\" src=\"https:\/\/www.federacao-triatlo.pt\/ftp2015\/wp-content\/uploads\/2026\/03\/Promo-Facebook-Facebook-link-image-92.jpeg\" class=\"attachment-full size-full wp-post-image\" alt=\"\" decoding=\"async\" srcset=\"https:\/\/www.federacao-triatlo.pt\/ftp2015\/wp-content\/uploads\/2026\/03\/Promo-Facebook-Facebook-link-image-92-200x105.jpeg 200w, https:\/\/www.federacao-triatlo.pt\/ftp2015\/wp-content\/uploads\/2026\/03\/Promo-Facebook-Facebook-link-image-92-400x210.jpeg 400w, https:\/\/www.federacao-triatlo.pt\/ftp2015\/wp-content\/uploads\/2026\/03\/Promo-Facebook-Facebook-link-image-92-600x315.jpeg 600w, https:\/\/www.federacao-triatlo.pt\/ftp2015\/wp-content\/uploads\/2026\/03\/Promo-Facebook-Facebook-link-image-92-800x420.jpeg 800w, https:\/\/www.federacao-triatlo.pt\/ftp2015\/wp-content\/uploads\/2026\/03\/Promo-Facebook-Facebook-link-image-92.jpeg 1200w\" sizes=\"(min-width: 2200px) 100vw, (min-width: 824px) 373px, (min-width: 732px) 560px, (min-width: 640px) 732px, \" \/><div class=\"fusion-rollover\">\n\t<div class=\"fusion-rollover-content\">\n\n\t\t\t\t\t\t\t\t\t\t\t\t\t\t<a class=\"fusion-rollover-link\" href=\"https:\/\/www.federacao-triatlo.pt\/ftp2015\/taca-de-portugal-torres-novas-e-alhandra-vencem-em-quarteira\/\">Ta\u00e7a de Portugal: Torres Novas e Alhandra vencem em Quarteira<\/a>\n\t\t\t\n\t\t\t\t\t\t\t\t\t\t\t\t\t\t\n\t\t\t\t\t\t\t\t\n\t\t\t\t\t\t\t\t\t\t\t\t\t<div class=\"fusion-rollover-sep\"><\/div>\n\t\t\t\t\n\t\t\t\t\t\t\t\t\t\t\t\t\t\t\t\t\t\t<a class=\"fusion-rollover-gallery\" href=\"https:\/\/www.federacao-triatlo.pt\/ftp2015\/wp-content\/uploads\/2026\/03\/Promo-Facebook-Facebook-link-image-92.jpeg\" data-id=\"106782\" data-rel=\"iLightbox[gallery]\" data-title=\"Promo-Facebook-Facebook link image (92)\" data-caption=\"\">\n\t\t\t\t\t\tGallery\t\t\t\t\t<\/a>\n\t\t\t\t\t\t\t\t\t\t\t\t\t\t\n\t\t\n\t\t\t\t\t\t\t\t\t\t\t\t<h4 class=\"fusion-rollover-title\">\n\t\t\t\t\t<a class=\"fusion-rollover-title-link\" href=\"https:\/\/www.federacao-triatlo.pt\/ftp2015\/taca-de-portugal-torres-novas-e-alhandra-vencem-em-quarteira\/\">\n\t\t\t\t\t\tTa\u00e7a de Portugal: Torres Novas e Alhandra vencem em Quarteira\t\t\t\t\t<\/a>\n\t\t\t\t<\/h4>\n\t\t\t\n\t\t\t\t\t\t\t\t\t\t<div class=\"fusion-rollover-categories\"><a href=\"https:\/\/www.federacao-triatlo.pt\/ftp2015\/category\/noticias-federacao-triatlo-portugal\/\" rel=\"tag\">Not\u00edcias<\/a><\/div>\t\t\t\t\t\n\t\t\n\t\t\t\t\t\t<a class=\"fusion-link-wrapper\" href=\"https:\/\/www.federacao-triatlo.pt\/ftp2015\/taca-de-portugal-torres-novas-e-alhandra-vencem-em-quarteira\/\" aria-label=\"Ta\u00e7a de Portugal: Torres Novas e Alhandra vencem em Quarteira\"><\/a>\n\t<\/div>\n<\/div>\n<\/div>\n<\/li>\n\t\t\t\n\t\t\t\n\t\t\t\t\t\t\t\t\t\t\t\t\t\t\t\t\t\t\t\t\t\t\t\t\t\t\t\t\t\t\t\t\t\t\t\t\t\t\t\t\t\t\t\t\t\t\t\t\t\t\t\t\t\t\t\t\t\t\t\t\t\t\t\t\t\t\t\t<\/ul>\n\t<\/div>\n\t<div class=\"fusion-post-content-wrapper\" style=\"padding:30px 25px 20px 25px;\"><div class=\"fusion-post-content post-content\"><h2 class=\"blog-shortcode-post-title entry-title\"><a href=\"https:\/\/www.federacao-triatlo.pt\/ftp2015\/taca-de-portugal-torres-novas-e-alhandra-vencem-em-quarteira\/\">Ta\u00e7a de Portugal: Torres Novas e Alhandra vencem em Quarteira<\/a><\/h2><p class=\"fusion-single-line-meta\"><span class=\"vcard\" style=\"display: none;\"><span class=\"fn\"><a href=\"https:\/\/www.federacao-triatlo.pt\/ftp2015\/author\/filipe-mendonca\/\" title=\"Artigos de Filipe Mendon\u00e7a\" rel=\"author\">Filipe Mendon\u00e7a<\/a><\/span><\/span><span class=\"updated\" style=\"display:none;\">2026-03-31T13:43:58+01:00<\/span><span>Mar\u00e7o 31st, 2026<\/span><span class=\"fusion-inline-sep\">|<\/span>Categories: <a href=\"https:\/\/www.federacao-triatlo.pt\/ftp2015\/category\/noticias-federacao-triatlo-portugal\/\" rel=\"category tag\">Not\u00edcias<\/a><span class=\"fusion-inline-sep\">|<\/span><\/p><div class=\"fusion-content-sep sep-double sep-solid\"><\/div><div class=\"fusion-post-content-container\"><p>O Clube de Nata\u00e7\u00e3o de Torres Novas (masculinos) e o Alhandra SC (femininos) venceram a etapa de Quarteira da Ta\u00e7a de Portugal de Triatlo. Uma prova ganha pelos irm\u00e3os Kropk\u00f3, em representa\u00e7\u00e3o do clube torrejano. [...]<\/p><\/div><\/div><div class=\"fusion-meta-info\"><div class=\"fusion-alignleft\"><a class=\"fusion-read-more\" href=\"https:\/\/www.federacao-triatlo.pt\/ftp2015\/taca-de-portugal-torres-novas-e-alhandra-vencem-em-quarteira\/\" aria-label=\"More on Ta\u00e7a de Portugal: Torres Novas e Alhandra vencem em Quarteira\">Read More<\/a><\/div><div class=\"fusion-alignright\"><span>Coment\u00e1rios fechados<span class=\"screen-reader-text\"> em Ta\u00e7a de Portugal: Torres Novas e Alhandra vencem em Quarteira<\/span><\/span><\/div><\/div><\/div><div class=\"fusion-clearfix\"><\/div><\/div>\n<\/article>\n<div class=\"fusion-clearfix\"><\/div><\/div><div class=\"fusion-infinite-scroll-trigger\"><\/div><div class=\"pagination infinite-scroll clearfix\" style=\"display:none;\"><span class=\"current\">1<\/span><a href=\"https:\/\/www.federacao-triatlo.pt\/ftp2015\/wp-json\/wp\/v2\/pages\/16837\/page\/2\/\" class=\"inactive\">2<\/a><a class=\"pagination-next\" rel=\"next\" href=\"https:\/\/www.federacao-triatlo.pt\/ftp2015\/wp-json\/wp\/v2\/pages\/16837\/page\/2\/\"><span class=\"page-text\">Seguinte<\/span><span class=\"page-next\"><\/span><\/a><\/div><div class=\"fusion-clearfix\"><\/div><button class=\"fusion-load-more-button fusion-blog-button fusion-clearfix\">Load More Posts<\/button><\/div><\/div><\/div><\/div><\/div>\n","protected":false},"excerpt":{"rendered":"","protected":false},"author":4,"featured_media":0,"parent":544,"menu_order":1,"comment_status":"closed","ping_status":"closed","template":"","meta":{"footnotes":""},"_links":{"self":[{"href":"https:\/\/www.federacao-triatlo.pt\/ftp2015\/wp-json\/wp\/v2\/pages\/16837"}],"collection":[{"href":"https:\/\/www.federacao-triatlo.pt\/ftp2015\/wp-json\/wp\/v2\/pages"}],"about":[{"href":"https:\/\/www.federacao-triatlo.pt\/ftp2015\/wp-json\/wp\/v2\/types\/page"}],"author":[{"embeddable":true,"href":"https:\/\/www.federacao-triatlo.pt\/ftp2015\/wp-json\/wp\/v2\/users\/4"}],"replies":[{"embeddable":true,"href":"https:\/\/www.federacao-triatlo.pt\/ftp2015\/wp-json\/wp\/v2\/comments?post=16837"}],"version-history":[{"count":5,"href":"https:\/\/www.federacao-triatlo.pt\/ftp2015\/wp-json\/wp\/v2\/pages\/16837\/revisions"}],"predecessor-version":[{"id":102053,"href":"https:\/\/www.federacao-triatlo.pt\/ftp2015\/wp-json\/wp\/v2\/pages\/16837\/revisions\/102053"}],"up":[{"embeddable":true,"href":"https:\/\/www.federacao-triatlo.pt\/ftp2015\/wp-json\/wp\/v2\/pages\/544"}],"wp:attachment":[{"href":"https:\/\/www.federacao-triatlo.pt\/ftp2015\/wp-json\/wp\/v2\/media?parent=16837"}],"curies":[{"name":"wp","href":"https:\/\/api.w.org\/{rel}","templated":true}]}}