{"id":106,"date":"2014-12-26T12:31:50","date_gmt":"2014-12-26T12:31:50","guid":{"rendered":"https:\/\/www.federacao-triatlo.pt\/ftp2015\/?page_id=106"},"modified":"2026-02-16T18:37:52","modified_gmt":"2026-02-16T18:37:52","slug":"criterios-de-selecao","status":"publish","type":"page","link":"https:\/\/www.federacao-triatlo.pt\/ftp2015\/alto-rendimento\/criterios-de-selecao\/","title":{"rendered":"Crit\u00e9rios de Sele\u00e7\u00e3o"},"content":{"rendered":"<h2>2026<\/h2>\n<div class=\"documents-list__item\"><a href=\"https:\/\/www.federacao-triatlo.pt\/ftp2015\/wp-content\/uploads\/2026\/02\/Criterios-de-Selecao-2026-2_1.pdf\" target=\"_blank\" rel=\"noopener\"><span class=\"documents-list__title\">2026 Crit\u00e9rios de Sele\u00e7\u00e3o [16 de Fevereiro 2026]<\/span><\/a><\/div>\n<div class=\"documents-list__item\"><del><a href=\"https:\/\/www.federacao-triatlo.pt\/ftp2015\/wp-content\/uploads\/2026\/01\/criterios-de-selecao-2026_vs20260118.pdf\" target=\"_blank\" rel=\"noopener\"><span class=\"documents-list__title\">2026 Crit\u00e9rios de Sele\u00e7\u00e3o [18 de Janeiro 2026]<\/span><\/a><\/del><\/div>\n<h2>2025<\/h2>\n<div class=\"documents-list\">\n<div class=\"documents-list__item\"><del><a href=\"https:\/\/www.federacao-triatlo.pt\/ftp2015\/wp-content\/uploads\/2025\/03\/criterios-selecao-2025-rev-3.pdf\" target=\"_blank\" rel=\"noopener\">2025 Crit\u00e9rios de Sele\u00e7\u00e3o [28 de Fevereiro 2025]<\/span><\/a><\/del><\/div>\n<div class=\"documents-list__item\"><del><a href=\"https:\/\/www.federacao-triatlo.pt\/ftp2015\/wp-content\/uploads\/2025\/02\/criterios-selecao-2025-rev-2.pdf\" target=\"_blank\" rel=\"noopener\">2025 Crit\u00e9rios de Sele\u00e7\u00e3o [04 de Fevereiro 2025]<\/span><\/a><\/del><\/div>\n<div class=\"documents-list\">\n<div class=\"documents-list__item\"><del><a href=\"https:\/\/www.federacao-triatlo.pt\/ftp2015\/wp-content\/uploads\/2024\/12\/criterios-selecao-2025.pdf\" target=\"_blank\" rel=\"noopener\">2025 Crit\u00e9rios de Sele\u00e7\u00e3o [30 de Dezembro 2024]<\/span><\/a><\/del><\/div>\n<h2>2024<\/h2>\n<div class=\"documents-list__item\"><a href=\"https:\/\/www.federacao-triatlo.pt\/ftp2015\/wp-content\/uploads\/2024\/08\/criterios-selecao-2024-rev-06.pdf\" target=\"_blank\" rel=\"noopener\">2024 Crit\u00e9rios de Sele\u00e7\u00e3o [28 de Agosto de 2024]<\/a><\/div>\n<div class=\"documents-list__item\"><a style=\"text-decoration: line-through;\" href=\"https:\/\/www.federacao-triatlo.pt\/ftp2015\/wp-content\/uploads\/2024\/06\/criterios-selecao-2024-rev-05.pdf\" target=\"_blank\" rel=\"noopener\">2024 Crit\u00e9rios de Sele\u00e7\u00e3o [26 de Junho de 2024]<\/a><\/div>\n<div class=\"documents-list__item\"><a style=\"text-decoration: line-through;\" href=\"https:\/\/www.federacao-triatlo.pt\/ftp2015\/wp-content\/uploads\/2024\/05\/criterios-selecao-2024-rev-04.pdf\" target=\"_blank\" rel=\"noopener\">2024 Crit\u00e9rios de Sele\u00e7\u00e3o [29 de Maio de 2024]<\/a><\/div>\n<div class=\"documents-list__item\"><a style=\"text-decoration: line-through;\" href=\"https:\/\/www.federacao-triatlo.pt\/ftp2015\/wp-content\/uploads\/2024\/03\/criterios-selecao-2024-rev-03.pdf\" target=\"_blank\" rel=\"noopener\">2024 Crit\u00e9rios de Sele\u00e7\u00e3o [20 de Mar\u00e7o de 2024]<\/a><\/div>\n<div class=\"documents-list__item\"><a style=\"text-decoration: line-through;\" href=\"https:\/\/www.federacao-triatlo.pt\/ftp2015\/wp-content\/uploads\/2024\/01\/criterios-selecao-2024-rev-02.pdf\" target=\"_blank\" rel=\"noopener\">2024 Crit\u00e9rios de Sele\u00e7\u00e3o [9 de Janeiro de 2024]<\/a><\/div>\n<\/div>\n<\/div>\n<h2>2023<\/h2>\n<div class=\"documents-list\">\n<div class=\"results-list__item\"><a href=\"https:\/\/www.federacao-triatlo.pt\/ftp2015\/wp-content\/uploads\/2022\/12\/criterios-selecao-2023-rev-01.pdf\" target=\"_blank\" rel=\"noopener\"> 2023 Crit\u00e9rios de Sele\u00e7\u00e3o<\/a><\/div>\n<\/div>\n<h2>2022<\/h2>\n<div class=\"documents-list\">\n<div class=\"documents-list__item\"><a href=\"https:\/\/www.federacao-triatlo.pt\/ftp2015\/wp-content\/uploads\/2022\/11\/criterios-selecao-jogos-olimpicos-paris-2024-rev-01.pdf\" target=\"_blank\" rel=\"noopener\"> 2022 Crit\u00e9rios de Sele\u00e7\u00e3o Jogos Ol\u00edmpicos Paris 2024<\/a><\/div>\n<div class=\"documents-list__item\"><a href=\"https:\/\/www.federacao-triatlo.pt\/ftp2015\/wp-content\/uploads\/2022\/07\/criterios-selecao-2022-rev-05.pdf\" target=\"_blank\" rel=\"noopener\"> 2022 Crit\u00e9rios de Sele\u00e7\u00e3o<\/a> [22 de Junho de 2022]<\/div>\n<div class=\"documents-list__item\"><a style=\"text-decoration: line-through;\" href=\"https:\/\/www.federacao-triatlo.pt\/ftp2015\/wp-content\/uploads\/2022\/05\/criterios-selecao-2022-rev-04.pdf\" target=\"_blank\" rel=\"noopener\"> 2022 Crit\u00e9rios de Sele\u00e7\u00e3o<\/a> [18 de Maio de 2022]<\/div>\n<div class=\"documents-list__item\"><a style=\"text-decoration: line-through;\" href=\"https:\/\/www.federacao-triatlo.pt\/ftp2015\/wp-content\/uploads\/2022\/04\/criterios-selecao-2022-rev-03.pdf\" target=\"_blank\" rel=\"noopener\"> 2022 Crit\u00e9rios de Sele\u00e7\u00e3o<\/a> [30 de Mar\u00e7o de 2022]<\/div>\n<div class=\"documents-list__item\"><a style=\"text-decoration: line-through;\" href=\"https:\/\/www.federacao-triatlo.pt\/ftp2015\/wp-content\/uploads\/2022\/02\/criterios-selecao-2022-rev-02.pdf target=-blanck\"> 2022 Crit\u00e9rios de Sele\u00e7\u00e3o<\/a> [9 de Fevereiro de 2022]<\/div>\n<div class=\"documents-list__item\"><a style=\"text-decoration: line-through;\" href=\"https:\/\/www.federacao-triatlo.pt\/ftp2015\/wp-content\/uploads\/2021\/12\/Criterios-de-Selecao-2022.pdf\" target=\"_blank\" rel=\"noopener\"> 2022 Crit\u00e9rios de Sele\u00e7\u00e3o<\/a> [27 de Dezembro de 2021]<\/div>\n<\/div>\n<h2>2021<\/h2>\n<p><a href=\"https:\/\/www.federacao-triatlo.pt\/ftp2015\/wp-content\/uploads\/2021\/09\/2021_Competicoes_Estagios_Controlos_V6.pdf\">2021 Competi\u00e7\u00f5es, Est\u00e1gios e Controlos (Atualizado a 28\/09\/2021)<\/a><br \/>\n<a href=\"https:\/\/www.federacao-triatlo.pt\/ftp2015\/wp-content\/uploads\/2021\/03\/2021_Criterios_Selecao_Elites.pdf\" target=\"_blank\" rel=\"noopener noreferrer\">2021 Crit\u00e9rios de Sele\u00e7\u00e3o &#8211; Elites (Atualizado a 29\/03\/2021)<\/a><br \/>\n<a href=\"https:\/\/www.federacao-triatlo.pt\/ftp2015\/wp-content\/uploads\/2021\/03\/2021_Criterios_Selecao_Estafetas_Mistas.pdf\">2021 Crit\u00e9rios de Sele\u00e7\u00e3o &#8211; Estafetas Mistas (Actualizado a 29\/03\/2021)<\/a><br \/>\n<a href=\"https:\/\/www.federacao-triatlo.pt\/ftp2015\/wp-content\/uploads\/2021\/09\/2021_Criterios_Selecao_Jun_Sub23_V6.pdf\">2021 Crit\u00e9rios de Sele\u00e7\u00e3o &#8211; Juniores e Sub23 (Actualizado a 28\/09\/2021)<\/a><br \/>\n<a href=\"https:\/\/www.federacao-triatlo.pt\/ftp2015\/wp-content\/uploads\/2021\/03\/2021_Criterios_Selecao_Multisports.pdf\" target=\"_blank\" rel=\"noopener noreferrer\">2021 Crit\u00e9rios de Sele\u00e7\u00e3o &#8211; Multisports (Actualizado a 29\/03\/2021)<\/a><br \/>\n<a href=\"https:\/\/www.federacao-triatlo.pt\/ftp2015\/wp-content\/uploads\/2021\/03\/2021_Criterios_Selecao_Paratriatlo.pdf\">2021 Crit\u00e9rios de Sele\u00e7\u00e3o &#8211; Paratriatlo (Actualizado a 29\/03\/2021)<\/a><\/p>\n<h2>2020<\/h2>\n<p><a href=\"https:\/\/www.federacao-triatlo.pt\/ftp2015\/wp-content\/uploads\/2020\/01\/2020_Competi\u00e7\u00f5es_Est\u00e1gios_e_Controlos-1.pdf\" target=\"_blank\" rel=\"noopener noreferrer\">2020 Competi\u00e7\u00f5es, Est\u00e1gios e Controlos<\/a><br \/>\n<a href=\"https:\/\/www.federacao-triatlo.pt\/ftp2015\/wp-content\/uploads\/2019\/12\/2020_Crit\u00e9rios_Sele\u00e7\u00e3o_Elites.pdf\" target=\"_blank\" rel=\"noopener noreferrer\">2020 Crit\u00e9rios de Sele\u00e7\u00e3o &#8211; Elites<\/a><br \/>\n<a href=\"https:\/\/www.federacao-triatlo.pt\/ftp2015\/wp-content\/uploads\/2019\/12\/2020_Crit\u00e9rios_Sele\u00e7\u00e3o_Estafetas_Mistas.pdf\" target=\"_blank\" rel=\"noopener noreferrer\">2020 Crit\u00e9rios de Sele\u00e7\u00e3o &#8211; Estafetas Mistas<\/a><br \/>\n<a href=\"https:\/\/www.federacao-triatlo.pt\/ftp2015\/wp-content\/uploads\/2019\/12\/2020_Crit\u00e9rios_Sele\u00e7\u00e3o_Jogos_Ol\u00edmpicos_2020.pdf\" target=\"_blank\" rel=\"noopener noreferrer\">2020 Crit\u00e9rios de Sele\u00e7\u00e3o &#8211; Jogos Ol\u00edmpicos 2020<\/a><br \/>\n<a href=\"https:\/\/www.federacao-triatlo.pt\/ftp2015\/wp-content\/uploads\/2019\/12\/2020_Crit\u00e9rios_Sele\u00e7\u00e3o_Juniores_e_Sub23.pdf\" target=\"_blank\" rel=\"noopener noreferrer\">2020 Crit\u00e9rios de Sele\u00e7\u00e3o &#8211; Juniores e Sub23<\/a><br \/>\n<a href=\"https:\/\/www.federacao-triatlo.pt\/ftp2015\/wp-content\/uploads\/2019\/12\/2020_Crit\u00e9rios_Sele\u00e7\u00e3o_Multisports.pdf\">2020 Crit\u00e9rios de Sele\u00e7\u00e3o &#8211; Multisports<\/a><br \/>\n<a href=\"https:\/\/www.federacao-triatlo.pt\/ftp2015\/wp-content\/uploads\/2019\/12\/2020_Crit\u00e9rios_Sele\u00e7\u00e3o_Paratriatlo.pdf\" target=\"_blank\" rel=\"noopener noreferrer\">2020 Crit\u00e9rios de Sele\u00e7\u00e3o &#8211; Paratriatlo<\/a><\/p>\n<p><a href=\"https:\/\/www.federacao-triatlo.pt\/ftp2015\/wp-content\/uploads\/2020\/07\/2020_Competi\u00e7\u00f5es_Est\u00e1gios_e_Controlos_V2.pdf\">2020 Competi\u00e7\u00f5es, Est\u00e1gios e Controlos (Vers\u00e3o Julho 2020)<\/a><br \/>\n<a href=\"https:\/\/www.federacao-triatlo.pt\/ftp2015\/wp-content\/uploads\/2020\/07\/2020_Crit\u00e9rios_Sele\u00e7\u00e3o_Elites_V2.pdf\">2020 Crit\u00e9rios de Sele\u00e7\u00e3o &#8211; Elites (Vers\u00e3o Julho 2020)<\/a><br \/>\n<a href=\"https:\/\/www.federacao-triatlo.pt\/ftp2015\/wp-content\/uploads\/2020\/07\/2020_Crit\u00e9rios_Sele\u00e7\u00e3o_Estafetas_Mistas_V2.pdf\">2020 Crit\u00e9rios de Sele\u00e7\u00e3o &#8211; Estafetas Mistas (Vers\u00e3o Julho 2020)<\/a><br \/>\n<a href=\"https:\/\/www.federacao-triatlo.pt\/ftp2015\/wp-content\/uploads\/2020\/07\/2020_Crit\u00e9rios_Sele\u00e7\u00e3o_Juniores_e_Sub23_V2.pdf\">2020 Crit\u00e9rios de Sele\u00e7\u00e3o &#8211; Juniores e Sub23 (Vers\u00e3o Julho 2020)<\/a><br \/>\n<a href=\"https:\/\/www.federacao-triatlo.pt\/ftp2015\/wp-content\/uploads\/2020\/07\/2020_Crit\u00e9rios_Sele\u00e7\u00e3o_Multisports_V2.pdf\">2020 Crit\u00e9rios de Sele\u00e7\u00e3o &#8211; Multisports (Vers\u00e3o Julho 2020)<\/a><\/p>\n<p><a href=\"https:\/\/www.federacao-triatlo.pt\/ftp2015\/wp-content\/uploads\/2020\/08\/2020_Crit\u00e9rios_Sele\u00e7\u00e3o_Elites_V3.pdf\">2020 Crit\u00e9rios de Sele\u00e7\u00e3o &#8211; Elites (Vers\u00e3o Agosto 2020)<\/a><br \/>\n<a href=\"https:\/\/www.federacao-triatlo.pt\/ftp2015\/wp-content\/uploads\/2020\/08\/2020_Crit\u00e9rios_Sele\u00e7\u00e3o_Juniores_e_Sub23_V3.pdf\">2020 Crit\u00e9rios de Sele\u00e7\u00e3o &#8211; Juniores e Sub23 (Vers\u00e3o Agosto 2020)<\/a><\/p>\n<h2>2019<\/h2>\n<p><a href=\"https:\/\/www.federacao-triatlo.pt\/ftp2015\/wp-content\/uploads\/2019\/01\/2019-CS-Elites.pdf\">2019 CS Elites<\/a><br \/>\n<a href=\"https:\/\/www.federacao-triatlo.pt\/ftp2015\/wp-content\/uploads\/2019\/01\/2019-CS-Estafetas-Mistas.pdf\">2019 CS Estafetas Mistas<\/a><br \/>\n<a href=\"https:\/\/www.federacao-triatlo.pt\/ftp2015\/wp-content\/uploads\/2019\/01\/2019-CS-Juniores-S23.pdf\">2019 CS Juniores &amp; S23<\/a><br \/>\n<a href=\"https:\/\/www.federacao-triatlo.pt\/ftp2015\/wp-content\/uploads\/2019\/01\/2019-CS-Multisports.pdf\">2019 CS Multisports<\/a><br \/>\n<a href=\"https:\/\/www.federacao-triatlo.pt\/ftp2015\/wp-content\/uploads\/2019\/01\/2019-Participa\u00e7\u00e3o-Internacional-Paratriatlo.pdf\">2019 Participa\u00e7\u00e3o Internacional Paratriatlo<\/a><br \/>\n<a href=\"https:\/\/www.federacao-triatlo.pt\/ftp2015\/wp-content\/uploads\/2019\/01\/2019_PI_Est%C3%A1gios_CT-1.pdf\">2019 Est\u00e1gios, Controlos de Treino e Participa\u00e7\u00f5es Internacionais<\/a><br \/>\n<a href=\"https:\/\/www.federacao-triatlo.pt\/ftp2015\/wp-content\/uploads\/2019\/02\/20190201_Crit%C3%A9rios_Sele%C3%A7%C3%A3o_Aquatlo.pdf\">2019 Crit\u00e9rios de Sele\u00e7\u00e3o de Aquatlo<\/a><\/p>\n<h2>2018<\/h2>\n<p><a href=\"https:\/\/www.federacao-triatlo.pt\/ftp2015\/wp-content\/uploads\/2018\/08\/Crit\u00e9rios-Sele\u00e7\u00e3o-Adenda-TE-Funchal.pdf\">Crit\u00e9rios Sele\u00e7\u00e3o &#8211; Adenda TE Funchal<\/a><br \/>\n<a href=\"https:\/\/www.federacao-triatlo.pt\/ftp2015\/wp-content\/uploads\/2018\/07\/Reg_alto_rendimento_selecoes_nacionais.pdf\">Regulamento de Alto Rendimento e Sele\u00e7\u00f5es Nacionais (25\/07\/2018)<\/a><br \/>\n<a href=\"https:\/\/www.federacao-triatlo.pt\/ftp2015\/wp-content\/uploads\/2018\/07\/Crit\u00e9rios-Sele\u00e7\u00e3o-Jogos-Ol\u00edmpicos-2020.pdf\">Crit\u00e9rios Sele\u00e7\u00e3o &#8211; Jogos Ol\u00edmpicos 2020<\/a><br \/>\n<a href=\"https:\/\/www.federacao-triatlo.pt\/ftp2015\/wp-content\/uploads\/2018\/07\/Crit\u00e9rios-Sele\u00e7\u00e3o-Adenda-Estafetas.pdf\">Crit\u00e9rios Sele\u00e7\u00e3o &#8211; Adenda Estafetas<\/a><br \/>\n<a href=\"https:\/\/www.federacao-triatlo.pt\/ftp2015\/wp-content\/uploads\/2018\/07\/Criterios_Sele\u00e7\u00e3o_2018-1.pdf\">Crit\u00e9rios de Sele\u00e7\u00e3o 2018 (25\/05\/2018)<\/a><a href=\"https:\/\/www.federacao-triatlo.pt\/ftp2015\/wp-content\/uploads\/2018\/05\/Criterios_Sele\u00e7\u00e3o_2018-1.pdf\"><br \/>\n<\/a> <a href=\"https:\/\/www.federacao-triatlo.pt\/ftp2015\/wp-content\/uploads\/2018\/05\/crit\u00e9rio-CM-Universit\u00e1rio.pdf\">Crit\u00e9rios de Sele\u00e7\u00e3o CM Universit\u00e1rio<\/a><br \/>\n<a href=\"https:\/\/www.federacao-triatlo.pt\/ftp2015\/wp-content\/uploads\/2018\/01\/Crit\u00e9rio-de-Sele\u00e7\u00e3o-de-Treinadores-2018.pdf\" target=\"_blank\" rel=\"noopener noreferrer\">Crit\u00e9rio de Sele\u00e7\u00e3o de Treinadores 2018 (26-01-2018)<\/a><br \/>\n<a href=\"https:\/\/www.federacao-triatlo.pt\/ftp2015\/wp-content\/uploads\/2018\/01\/Alto-Rendimento-e-Sele\u00e7\u00f5es-Nacionais-2018.pdf\" target=\"_blank\" rel=\"noopener noreferrer\">Alto Rendimento e Sele\u00e7\u00f5es Nacionais 2018 (26-01-2018)<\/a><br \/>\n<a href=\"https:\/\/www.federacao-triatlo.pt\/ftp2015\/wp-content\/uploads\/2018\/01\/Programa-de-Apoio-ao-Alto-Rendimento-nos-Clubes-2018-1.pdf\" target=\"_blank\" rel=\"noopener noreferrer\">Programa de Apoio ao Alto Rendimento nos Clubes 2018 (26-01-2018)<\/a><br \/>\n<a href=\"https:\/\/www.federacao-triatlo.pt\/ftp2015\/wp-content\/uploads\/2018\/01\/Crit\u00e9rios-para-Atribui\u00e7\u00e3o-de-Pr\u00e9mios-pela-Forma\u00e7\u00e3o-de-Atletas.pdf\" target=\"_blank\" rel=\"noopener noreferrer\">Crit\u00e9rios para Atribui\u00e7\u00e3o de Pr\u00e9mios pela Forma\u00e7\u00e3o de Atletas<\/a><\/p>\n<h2>2017<\/h2>\n<p><a href=\"https:\/\/www.federacao-triatlo.pt\/ftp2015\/wp-content\/uploads\/2014\/12\/Crit\u00e9rios-Sele\u00e7\u00e3o-Adenda-Altafulla_Funchal_Huelva.pdf\">Crit\u00e9rios Sele\u00e7\u00e3o &#8211; Adenda Altafulla_Funchal_Huelva<\/a>\u00a0<a href=\"https:\/\/www.federacao-triatlo.pt\/ftp2015\/wp-content\/uploads\/2017\/01\/Criterios_Sele%C3%A7%C3%A3o_2017.pdf\">(19-05-2017 &#8211; 18:03)<\/a><br \/>\n<a href=\"https:\/\/www.federacao-triatlo.pt\/ftp2015\/wp-content\/uploads\/2014\/12\/Criterios_Sele\u00e7\u00e3o_2017.pdf\">Crit\u00e9rios de Sele\u00e7\u00e3o_2017<\/a><a href=\"https:\/\/www.federacao-triatlo.pt\/ftp2015\/wp-content\/uploads\/2017\/01\/Criterios_Sele%C3%A7%C3%A3o_2017.pdf\"> (29-03-2017 &#8211; 09:57)<\/a><a href=\"https:\/\/www.federacao-triatlo.pt\/ftp2015\/wp-content\/uploads\/2014\/12\/Crit\u00e9rios-Sele\u00e7\u00e3o-Adenda-Campeonato-da-Europa-de-Clubes-de-Triatlo-\u2013-Elite-\u2013-Banyoles.pdf\">Crit\u00e9rios Sele\u00e7\u00e3o &#8211; Adenda &#8211; Campeonato da Europa de Clubes de Triatlo \u2013 Elite \u2013 Banyoles<\/a>\u00a0(07-02-2017 &#8211; 23:20)<br \/>\n<a href=\"https:\/\/www.federacao-triatlo.pt\/ftp2015\/wp-content\/uploads\/2017\/01\/Criterios_Sele\u00e7\u00e3o_2017-1.pdf\">Crit\u00e9rios de Sele\u00e7\u00e3o 2017<\/a>\u00a0(21-01-2017 &#8211; 14:23) (inclus\u00e3o do Cut-Off 5% para os atletas masculinos e 8% para as atletas femininas)<a class=\"doclink\" href=\"https:\/\/www.federacao-triatlo.pt\/index.php?option=com_docman&amp;task=doc_download&amp;gid=1354&amp;Itemid=\"><br \/>\n<\/a> <a href=\"https:\/\/www.federacao-triatlo.pt\/ftp2015\/wp-content\/uploads\/2017\/01\/Criterios_Sele%C3%A7%C3%A3o_2017.pdf\">Crit\u00e9rios de Sele\u00e7\u00e3o 2017\u00a0(18-01-2017 &#8211; 21:54)<\/a><\/p>\n<h2>2016<\/h2>\n<p><a href=\"https:\/\/www.federacao-triatlo.pt\/ftp2015\/wp-content\/uploads\/2014\/12\/18_04_2016_Criterios_Seleccao_2016-1.pdf\">Crit\u00e9rios de Sele\u00e7\u00e3o 2016 (22-04-2016 &#8211; 15:55)<\/a><a class=\"doclink\" href=\"https:\/\/www.federacao-triatlo.pt\/index.php?option=com_docman&amp;task=doc_download&amp;gid=1354&amp;Itemid=\"><br \/>\n<\/a> <a href=\"https:\/\/www.federacao-triatlo.pt\/ftp2015\/wp-content\/uploads\/2014\/12\/06_01_2016_Criterios_Seleccao_2016.pdf\">Crit\u00e9rios de Sele\u00e7\u00e3o 2016 (06-01-2016 &#8211; 19:06)<\/a><br \/>\n<!--\n\n\n<h2>2015<\/h2>\n\n\n<a class=\"doclink\" href=\"https:\/\/www.federacao-triatlo.pt\/index.php?option=com_docman&amp;task=doc_download&amp;gid=1354&amp;Itemid=\">\u00a0Crit\u00e9rios de Sele\u00e7\u00e3o 2015 (<span class=\"small\"> 2015-01-07 11:44:00<\/span>)<\/a>\n\n\n<h2>2014<\/h2>\n\n\n<a class=\"doclink\" href=\"https:\/\/www.federacao-triatlo.pt\/index.php?option=com_docman&amp;task=doc_download&amp;gid=1239&amp;Itemid=\">\u00a0Crit\u00e9rios de Sele\u00e7\u00e3o JOJ2014 e JO2016<\/a>\n<a class=\"doclink\" href=\"https:\/\/www.federacao-triatlo.pt\/index.php?option=com_docman&amp;task=doc_download&amp;gid=1156&amp;Itemid=\">\u00a0Crit\u00e9rios de Sele\u00e7\u00e3o 2014 - 27 de Fevereiro<\/a>\u00a0(altera\u00e7\u00f5es real\u00e7adas a verde)\n<a class=\"doclink\" href=\"https:\/\/www.federacao-triatlo.pt\/index.php?option=com_docman&amp;task=doc_download&amp;gid=1125&amp;Itemid=\" target=\"_blank\" rel=\"noopener noreferrer\">\u00a0Crit\u00e9rios de Selec\u00e7\u00e3o 2014 - 20 de Janeiro<\/a>\u00a0(datas de nascimento corrigidas na p\u00e1g. 17)\n\n\n<h2>2013<\/h2>\n\n\n<a class=\"doclink\" href=\"https:\/\/www.federacao-triatlo.pt\/index.php?option=com_docman&amp;task=doc_download&amp;gid=1031&amp;Itemid=\">\u00a0Crit\u00e9rios de Selec\u00e7\u00e3o 2013 - 28 de Maio<\/a>\n<a class=\"doclink\" href=\"https:\/\/www.federacao-triatlo.pt\/index.php?option=com_docman&amp;task=doc_download&amp;gid=1003&amp;Itemid=\">\u00a0Crit\u00e9rios de Selec\u00e7\u00e3o 2013 - 30 de Abril<\/a>\n<a class=\"doclink\" href=\"https:\/\/www.federacao-triatlo.pt\/index.php?option=com_docman&amp;task=doc_download&amp;gid=1004&amp;Itemid=\">\u00a0Quotas Nacionais para participa\u00e7\u00e3o nos Europeus Triatlo 2013<\/a>\n\n\n<h2>2012<\/h2>\n\n\n<a class=\"doclink\" href=\"https:\/\/www.federacao-triatlo.pt\/index.php?option=com_docman&amp;task=doc_download&amp;gid=839&amp;Itemid=\">\u00a0Crit\u00e9rios de Selec\u00e7\u00e3o 2012 (c\/ adenda relativa \u00e0 participa\u00e7\u00e3o em Ta\u00e7as Continentais)<\/a>\n--><\/p>\n","protected":false},"excerpt":{"rendered":"<p>2026 2026 Crit\u00e9rios de Sele\u00e7\u00e3o [16 de Fevereiro 2026] 2026 [&hellip;]<\/p>\n","protected":false},"author":1,"featured_media":0,"parent":531,"menu_order":4,"comment_status":"closed","ping_status":"closed","template":"","meta":{"footnotes":""},"_links":{"self":[{"href":"https:\/\/www.federacao-triatlo.pt\/ftp2015\/wp-json\/wp\/v2\/pages\/106"}],"collection":[{"href":"https:\/\/www.federacao-triatlo.pt\/ftp2015\/wp-json\/wp\/v2\/pages"}],"about":[{"href":"https:\/\/www.federacao-triatlo.pt\/ftp2015\/wp-json\/wp\/v2\/types\/page"}],"author":[{"embeddable":true,"href":"https:\/\/www.federacao-triatlo.pt\/ftp2015\/wp-json\/wp\/v2\/users\/1"}],"replies":[{"embeddable":true,"href":"https:\/\/www.federacao-triatlo.pt\/ftp2015\/wp-json\/wp\/v2\/comments?post=106"}],"version-history":[{"count":58,"href":"https:\/\/www.federacao-triatlo.pt\/ftp2015\/wp-json\/wp\/v2\/pages\/106\/revisions"}],"predecessor-version":[{"id":106165,"href":"https:\/\/www.federacao-triatlo.pt\/ftp2015\/wp-json\/wp\/v2\/pages\/106\/revisions\/106165"}],"up":[{"embeddable":true,"href":"https:\/\/www.federacao-triatlo.pt\/ftp2015\/wp-json\/wp\/v2\/pages\/531"}],"wp:attachment":[{"href":"https:\/\/www.federacao-triatlo.pt\/ftp2015\/wp-json\/wp\/v2\/media?parent=106"}],"curies":[{"name":"wp","href":"https:\/\/api.w.org\/{rel}","templated":true}]}}