{"id":101406,"date":"2025-01-06T13:58:04","date_gmt":"2025-01-06T13:58:04","guid":{"rendered":"https:\/\/www.federacao-triatlo.pt\/ftp2015\/?page_id=101406"},"modified":"2025-07-02T15:59:14","modified_gmt":"2025-07-02T14:59:14","slug":"calendario-litoral-e-interior-centro-2025","status":"publish","type":"page","link":"https:\/\/www.federacao-triatlo.pt\/ftp2015\/competicoes\/calendario\/calendario-2025\/calendario-nacional-2025\/calendario-litoral-e-interior-centro-2025\/","title":{"rendered":"Calend\u00e1rio Litoral e Interior Centro 2025"},"content":{"rendered":"<p><a href=\"https:\/\/www.federacao-triatlo.pt\/ftp2015\/wp-content\/uploads\/2025\/07\/guia-calendario-regional-2025-litoral-interior-centro-rev05.pdf\" target=\"_blank\" rel=\"noopener\"><span class=\"documents-list__title\" style=\"line-height: 29.568px;\" data-fusion-font=\"true\">Guia do Calend\u00e1rio &#8211; Litoral e Interior Centro<\/a><\/p>\n<div id='evcal_calendar_755' class='ajde_evcal_calendar  ul' ><div class='evo-data' data-cyear=\"2025\" data-cmonth=\"1\" data-runajax=\"1\" data-evc_open=\"0\" data-cal_ver=\"2.6\" data-mapscroll=\"true\" data-mapformat=\"roadmap\" data-mapzoom=\"14\" data-mapiconurl=\"\" data-ev_cnt=\"0\" data-show_limit=\"no\" data-tiles=\"no\" data-sort_by=\"sort_date\" data-filters_on=\"true\" data-range_start=\"0\" data-range_end=\"0\" data-send_unix=\"0\" data-ux_val=\"4\" data-accord=\"0\" data-rtl=\"no\"  ><\/div><div id='evcal_head' class='calendar_header ' ><div class='evo_cal_above'><span class='evo-gototoday-btn' style='display:none' data-mo='1' data-yr='2025' data-dy=''>Dia de Hoje<\/span><\/div><div class='evo_cal_above_content'><\/div><div class='cal_arguments' style='display:none' data-hide_past=\"no\" data-show_et_ft_img=\"no\" data-event_order=\"ASC\" data-ft_event_priority=\"no\" data-lang=\"L1\" data-month_incre=\"0\" data-only_ft=\"no\" data-evc_open=\"no\" data-show_limit=\"no\" data-etc_override=\"no\" data-show_limit_redir=\"0\" data-tiles=\"no\" data-tile_height=\"0\" data-tile_bg=\"0\" data-tile_count=\"2\" data-tile_style=\"0\" data-s=\"\" data-members_only=\"no\" data-ux_val=\"4\" data-show_limit_ajax=\"no\" data-show_limit_paged=\"1\" ><\/div><div class='clear'><\/div><\/div><div class='evcal_month_line'><p>Fevereiro 2025<\/p><\/div><div id='evcal_list' class='evcal_list_month eventon_events_list '><div id=\"event_101403\" class=\"eventon_list_event evo_eventtop past_event event\" data-event_id=\"101403\" data-time=\"1738504080-1738504080\" data-colr=\"#088669\" itemscope itemtype='http:\/\/schema.org\/Event' 1><div class=\"evo_event_schema\" style=\"display:none\" ><a itemprop='url'  href='https:\/\/www.federacao-triatlo.pt\/ftp2015\/events\/xv-duatlo-cross-joao-campos-campeonato-litoral-e-interior-centro-jovem\/'><\/a><span itemprop='name'  >XV Duatlo Jovem Jo\u00e3o Campos<\/span><meta itemprop='image' content='https:\/\/www.federacao-triatlo.pt\/ftp2015\/wp-content\/uploads\/2024\/11\/DUATLOS_2025_2-159x300.png' ><\/meta><meta itemprop='description' content='Regulamento XV Duatlo Cross Jo\u00e3o Campos - Campeonato Regional Jovem de Clubes Litoral e Interior Centro\r\n\r\nPercursos XV Duatlo Cross Jo\u00e3o Campos - Campeonato Regional Jovem de Clubes Litoral' ><\/meta><meta itemprop='startDate' content='2025-2-2' ><\/meta><meta itemprop='endDate' content='2025-2-2' ><\/meta><meta itemprop='eventStatus' content='on-schedule' ><\/meta><script type=\"application\/ld+json\">{\t\"@context\": \"http:\/\/schema.org\",\r\n\t\t\t\t\t\t\t  \t\"@type\": \"Event\",\r\n\t\t\t\t\t\t\t  \t\"name\": \"XV Duatlo Jovem Jo\u00e3o Campos\",\r\n\t\t\t\t\t\t\t  \t\"startDate\": \"2025-2-2T13-13-48-00\",\r\n\t\t\t\t\t\t\t  \t\"endDate\": \"2025-2-2T13-13-48-00\",\r\n\t\t\t\t\t\t\t  \t\"image\":\"https:\/\/www.federacao-triatlo.pt\/ftp2015\/wp-content\/uploads\/2024\/11\/DUATLOS_2025_2-159x300.png\",\r\n\t\t\t\t\t\t\t  \t\"description\":\"Regulamento XV Duatlo Cross Jo\u00e3o Campos - Campeonato Regional Jovem de Clubes Litoral e Interior Centro\r\n\r\nPercursos XV Duatlo Cross Jo\u00e3o Campos - Campeonato Regional Jovem de Clubes Litoral\",\r\n\t\t\t\t\t\t\t  \t\r\n\t\t\t\t\t\t\t }\r\n\t\t\t\t\t\t\t<\/script><\/div>\r\n\t\t\t\t<p class=\"desc_trig_outter\"><a data-gmap_status=\"null\" data-exlk=\"0\" style=\"border-color: #088669;\" id=\"evc_1738504080101403\" class=\"desc_trig evo_litoral-interior-centro-competicao-regional sin_val evcal_list_a\" data-ux_val=\"4\"  ><span class='evcal_cblock ' data-bgcolor='#088669' data-smon='Fevereiro' data-syr='2025'><span class='evo_start '><em class='date'>02<\/em><em class='month'>fev<\/em><em class='time'>13:48<\/em><\/span><span class='evo_end only_time'><em class='time'>13:48<\/em><\/span><em class='clear'><\/em><\/span><span class='evcal_desc evo_info hide_eventtopdata '  data-location_status=\"false\" ><span class='evo_above_title'><\/span><span class='evcal_desc2 evcal_event_title' itemprop='name'>XV Duatlo Jovem Jo\u00e3o Campos<\/span><span class='evo_below_title'><span class='evcal_event_subtitle' >CAMPEONATO LITORAL E INTERIOR CENTRO JOVEM<\/span><\/span><span class='evcal_desc_info' ><\/span><span class='evcal_desc3'><span class='evcal_event_types ett1'><em><i>Tipo de Evento:<\/i><\/em><em data-filter='event_type'>Litoral e Interior Centro<\/em><i class='clear'><\/i><\/span><\/span><\/span><em class='clear'><\/em><\/p><\/a><div class='clear end'><\/div><\/div><\/div><div class='evcal_month_line'><p>Abril 2025<\/p><\/div><div id='evcal_list' class='evcal_list_month eventon_events_list '><div id=\"event_101690\" class=\"eventon_list_event evo_eventtop past_event event\" data-event_id=\"101690\" data-time=\"1744558680-1744558680\" data-colr=\"#088669\" itemscope itemtype='http:\/\/schema.org\/Event' 1><div class=\"evo_event_schema\" style=\"display:none\" ><a itemprop='url'  href='https:\/\/www.federacao-triatlo.pt\/ftp2015\/events\/ii-triatlo-da-batalha\/'><\/a><span itemprop='name'  >IV Triatlo da Batalha<\/span><meta itemprop='image' content='https:\/\/www.federacao-triatlo.pt\/ftp2015\/wp-content\/uploads\/2025\/02\/Cartaz-IV-Triatlo-Jovem-da-Batalha-212x300.jpeg' ><\/meta><meta itemprop='description' content='Regulamento IV Triatlo da Batalha\r\n\r\nPercursos IV Triatlo da Batalha\r\n\r\nLista Inscritos Campeonato Litoral e Interior Centro Jovem' ><\/meta><meta itemprop='startDate' content='2025-4-13' ><\/meta><meta itemprop='endDate' content='2025-4-13' ><\/meta><meta itemprop='eventStatus' content='on-schedule' ><\/meta><script type=\"application\/ld+json\">{\t\"@context\": \"http:\/\/schema.org\",\r\n\t\t\t\t\t\t\t  \t\"@type\": \"Event\",\r\n\t\t\t\t\t\t\t  \t\"name\": \"IV Triatlo da Batalha\",\r\n\t\t\t\t\t\t\t  \t\"startDate\": \"2025-4-13T15-15-38-00\",\r\n\t\t\t\t\t\t\t  \t\"endDate\": \"2025-4-13T15-15-38-00\",\r\n\t\t\t\t\t\t\t  \t\"image\":\"https:\/\/www.federacao-triatlo.pt\/ftp2015\/wp-content\/uploads\/2025\/02\/Cartaz-IV-Triatlo-Jovem-da-Batalha-212x300.jpeg\",\r\n\t\t\t\t\t\t\t  \t\"description\":\"Regulamento IV Triatlo da Batalha\r\n\r\nPercursos IV Triatlo da Batalha\r\n\r\nLista Inscritos Campeonato Litoral e Interior Centro Jovem\",\r\n\t\t\t\t\t\t\t  \t\r\n\t\t\t\t\t\t\t }\r\n\t\t\t\t\t\t\t<\/script><\/div>\r\n\t\t\t\t<p class=\"desc_trig_outter\"><a data-gmap_status=\"null\" data-exlk=\"0\" style=\"border-color: #088669;\" id=\"evc_1744558680101690\" class=\"desc_trig evo_litoral-interior-centro-competicao-regional sin_val evcal_list_a\" data-ux_val=\"4\"  ><span class='evcal_cblock ' data-bgcolor='#088669' data-smon='Abril' data-syr='2025'><span class='evo_start '><em class='date'>13<\/em><em class='month'>abr<\/em><em class='time'>15:38<\/em><\/span><span class='evo_end only_time'><em class='time'>15:38<\/em><\/span><em class='clear'><\/em><\/span><span class='evcal_desc evo_info hide_eventtopdata '  data-location_status=\"false\" ><span class='evo_above_title'><\/span><span class='evcal_desc2 evcal_event_title' itemprop='name'>IV Triatlo da Batalha<\/span><span class='evo_below_title'><span class='evcal_event_subtitle' >CAMPEONATO LITORAL E INTERIOR CENTRO JOVEM<\/span><\/span><span class='evcal_desc_info' ><\/span><span class='evcal_desc3'><span class='evcal_event_types ett1'><em><i>Tipo de Evento:<\/i><\/em><em data-filter='event_type'>Litoral e Interior Centro<\/em><i class='clear'><\/i><\/span><\/span><\/span><em class='clear'><\/em><\/p><\/a><div class='clear end'><\/div><\/div><\/div><div class='evcal_month_line'><p>Junho 2025<\/p><\/div><div id='evcal_list' class='evcal_list_month eventon_events_list '><div id=\"event_101693\" class=\"eventon_list_event evo_eventtop past_event event\" data-event_id=\"101693\" data-time=\"1749297720-1749297720\" data-colr=\"#088669\" itemscope itemtype='http:\/\/schema.org\/Event' 1><div class=\"evo_event_schema\" style=\"display:none\" ><a itemprop='url'  href='https:\/\/www.federacao-triatlo.pt\/ftp2015\/events\/vi-triatlo-das-caldas-da-rainha\/'><\/a><span itemprop='name'  >VI Triatlo das Caldas da Rainha<\/span><meta itemprop='image' content='https:\/\/www.federacao-triatlo.pt\/ftp2015\/wp-content\/uploads\/2025\/02\/IMG-20250513-WA0002-212x300.jpg' ><\/meta><meta itemprop='description' content='Regulamento VI Triatlo das Caldas da Rainha\r\n\r\nPercursos VI Triatlo das Caldas da Rainha\r\n\r\nLista Inscritos Campeonato Litoral e Interior Centro Jovem' ><\/meta><meta itemprop='startDate' content='2025-6-7' ><\/meta><meta itemprop='endDate' content='2025-6-7' ><\/meta><meta itemprop='eventStatus' content='on-schedule' ><\/meta><script type=\"application\/ld+json\">{\t\"@context\": \"http:\/\/schema.org\",\r\n\t\t\t\t\t\t\t  \t\"@type\": \"Event\",\r\n\t\t\t\t\t\t\t  \t\"name\": \"VI Triatlo das Caldas da Rainha\",\r\n\t\t\t\t\t\t\t  \t\"startDate\": \"2025-6-7T12-12-02-00\",\r\n\t\t\t\t\t\t\t  \t\"endDate\": \"2025-6-7T12-12-02-00\",\r\n\t\t\t\t\t\t\t  \t\"image\":\"https:\/\/www.federacao-triatlo.pt\/ftp2015\/wp-content\/uploads\/2025\/02\/IMG-20250513-WA0002-212x300.jpg\",\r\n\t\t\t\t\t\t\t  \t\"description\":\"Regulamento VI Triatlo das Caldas da Rainha\r\n\r\nPercursos VI Triatlo das Caldas da Rainha\r\n\r\nLista Inscritos Campeonato Litoral e Interior Centro Jovem\",\r\n\t\t\t\t\t\t\t  \t\r\n\t\t\t\t\t\t\t }\r\n\t\t\t\t\t\t\t<\/script><\/div>\r\n\t\t\t\t<p class=\"desc_trig_outter\"><a data-gmap_status=\"null\" data-exlk=\"0\" style=\"border-color: #088669;\" id=\"evc_1749297720101693\" class=\"desc_trig evo_litoral-interior-centro-competicao-regional sin_val evcal_list_a\" data-ux_val=\"4\"  ><span class='evcal_cblock ' data-bgcolor='#088669' data-smon='Junho' data-syr='2025'><span class='evo_start '><em class='date'>07<\/em><em class='month'>jun<\/em><em class='time'>12:02<\/em><\/span><span class='evo_end only_time'><em class='time'>12:02<\/em><\/span><em class='clear'><\/em><\/span><span class='evcal_desc evo_info hide_eventtopdata '  data-location_status=\"false\" ><span class='evo_above_title'><\/span><span class='evcal_desc2 evcal_event_title' itemprop='name'>VI Triatlo das Caldas da Rainha<\/span><span class='evo_below_title'><span class='evcal_event_subtitle' >CAMPEONATO LITORAL E INTERIOR CENTRO JOVEM<\/span><\/span><span class='evcal_desc_info' ><\/span><span class='evcal_desc3'><span class='evcal_event_types ett1'><em><i>Tipo de Evento:<\/i><\/em><em data-filter='event_type'>Litoral e Interior Centro<\/em><i class='clear'><\/i><\/span><\/span><\/span><em class='clear'><\/em><\/p><\/a><div class='clear end'><\/div><\/div><div id=\"event_101692\" class=\"eventon_list_event evo_eventtop past_event event\" data-event_id=\"101692\" data-time=\"1750593060-1750593060\" data-colr=\"#088669\" itemscope itemtype='http:\/\/schema.org\/Event' 2><div class=\"evo_event_schema\" style=\"display:none\" ><a itemprop='url'  href='https:\/\/www.federacao-triatlo.pt\/ftp2015\/events\/ii-aquatlo-de-macao\/'><\/a><span itemprop='name'  >II Aquatlo de Ma\u00e7\u00e3o<\/span><meta itemprop='image'  ><\/meta><meta itemprop='description' content='Regulamento II Aquatlo Munic\u00edpio de Ma\u00e7\u00e3o\r\n\r\nPercursos II Aquatlo Munic\u00edpio de Ma\u00e7\u00e3o - Campeonato Regional Absoluto\r\n\r\nPercursos II Aquatlo Munic\u00edpio de Ma\u00e7\u00e3o - Campeonato Regional Jovem de Clubes\r\n\r\nLista' ><\/meta><meta itemprop='startDate' content='2025-6-22' ><\/meta><meta itemprop='endDate' content='2025-6-22' ><\/meta><meta itemprop='eventStatus' content='on-schedule' ><\/meta><script type=\"application\/ld+json\">{\t\"@context\": \"http:\/\/schema.org\",\r\n\t\t\t\t\t\t\t  \t\"@type\": \"Event\",\r\n\t\t\t\t\t\t\t  \t\"name\": \"II Aquatlo de Ma\u00e7\u00e3o\",\r\n\t\t\t\t\t\t\t  \t\"startDate\": \"2025-6-22T11-11-51-00\",\r\n\t\t\t\t\t\t\t  \t\"endDate\": \"2025-6-22T11-11-51-00\",\r\n\t\t\t\t\t\t\t  \t\"image\":,\r\n\t\t\t\t\t\t\t  \t\"description\":\"Regulamento II Aquatlo Munic\u00edpio de Ma\u00e7\u00e3o\r\n\r\nPercursos II Aquatlo Munic\u00edpio de Ma\u00e7\u00e3o - Campeonato Regional Absoluto\r\n\r\nPercursos II Aquatlo Munic\u00edpio de Ma\u00e7\u00e3o - Campeonato Regional Jovem de Clubes\r\n\r\nLista\",\r\n\t\t\t\t\t\t\t  \t\r\n\t\t\t\t\t\t\t }\r\n\t\t\t\t\t\t\t<\/script><\/div>\r\n\t\t\t\t<p class=\"desc_trig_outter\"><a data-gmap_status=\"null\" data-exlk=\"0\" style=\"border-color: #088669;\" id=\"evc_1750593060101692\" class=\"desc_trig evo_litoral-interior-centro-competicao-regional sin_val evcal_list_a\" data-ux_val=\"4\"  ><span class='evcal_cblock ' data-bgcolor='#088669' data-smon='Junho' data-syr='2025'><span class='evo_start '><em class='date'>22<\/em><em class='month'>jun<\/em><em class='time'>11:51<\/em><\/span><span class='evo_end only_time'><em class='time'>11:51<\/em><\/span><em class='clear'><\/em><\/span><span class='evcal_desc evo_info hide_eventtopdata '  data-location_status=\"false\" ><span class='evo_above_title'><\/span><span class='evcal_desc2 evcal_event_title' itemprop='name'>II Aquatlo de Ma\u00e7\u00e3o<\/span><span class='evo_below_title'><span class='evcal_event_subtitle' >CAMPEONATO LITORAL E INTERIOR CENTRO - CAMPEONATO LITORAL E INTERIOR CENTRO JOVEM<\/span><\/span><span class='evcal_desc_info' ><\/span><span class='evcal_desc3'><span class='evcal_event_types ett1'><em><i>Tipo de Evento:<\/i><\/em><em data-filter='event_type'>Litoral e Interior Centro<\/em><i class='clear'><\/i><\/span><\/span><\/span><em class='clear'><\/em><\/p><\/a><div class='clear end'><\/div><\/div><\/div><div class='evcal_month_line'><p>Julho 2025<\/p><\/div><div id='evcal_list' class='evcal_list_month eventon_events_list '><div id=\"event_101694\" class=\"eventon_list_event evo_eventtop past_event event\" data-event_id=\"101694\" data-time=\"1752421680-1752421680\" data-colr=\"#088669\" itemscope itemtype='http:\/\/schema.org\/Event' 1><div class=\"evo_event_schema\" style=\"display:none\" ><a itemprop='url'  href='https:\/\/www.federacao-triatlo.pt\/ftp2015\/events\/i-triatlo-de-ponte-de-sor\/'><\/a><span itemprop='name'  >I Triatlo de Ponte de Sor<\/span><meta itemprop='image' content='https:\/\/www.federacao-triatlo.pt\/ftp2015\/wp-content\/uploads\/2025\/02\/IMG-20250530-WA0008-212x300.jpg' ><\/meta><meta itemprop='description' content='Regulamento I Triatlo de Ponte de Sor\r\n\r\nPercursos I Triatlo de Ponte de Sor - Campeonato Regional Absoluto\r\n\r\nPercursos I Triatlo de Ponte' ><\/meta><meta itemprop='startDate' content='2025-7-13' ><\/meta><meta itemprop='endDate' content='2025-7-13' ><\/meta><meta itemprop='eventStatus' content='on-schedule' ><\/meta><script type=\"application\/ld+json\">{\t\"@context\": \"http:\/\/schema.org\",\r\n\t\t\t\t\t\t\t  \t\"@type\": \"Event\",\r\n\t\t\t\t\t\t\t  \t\"name\": \"I Triatlo de Ponte de Sor\",\r\n\t\t\t\t\t\t\t  \t\"startDate\": \"2025-7-13T15-15-48-00\",\r\n\t\t\t\t\t\t\t  \t\"endDate\": \"2025-7-13T15-15-48-00\",\r\n\t\t\t\t\t\t\t  \t\"image\":\"https:\/\/www.federacao-triatlo.pt\/ftp2015\/wp-content\/uploads\/2025\/02\/IMG-20250530-WA0008-212x300.jpg\",\r\n\t\t\t\t\t\t\t  \t\"description\":\"Regulamento I Triatlo de Ponte de Sor\r\n\r\nPercursos I Triatlo de Ponte de Sor - Campeonato Regional Absoluto\r\n\r\nPercursos I Triatlo de Ponte\",\r\n\t\t\t\t\t\t\t  \t\r\n\t\t\t\t\t\t\t }\r\n\t\t\t\t\t\t\t<\/script><\/div>\r\n\t\t\t\t<p class=\"desc_trig_outter\"><a data-gmap_status=\"null\" data-exlk=\"0\" style=\"border-color: #088669;\" id=\"evc_1752421680101694\" class=\"desc_trig evo_litoral-interior-centro-competicao-regional sin_val evcal_list_a\" data-ux_val=\"4\"  ><span class='evcal_cblock ' data-bgcolor='#088669' data-smon='Julho' data-syr='2025'><span class='evo_start '><em class='date'>13<\/em><em class='month'>jul<\/em><em class='time'>15:48<\/em><\/span><span class='evo_end only_time'><em class='time'>15:48<\/em><\/span><em class='clear'><\/em><\/span><span class='evcal_desc evo_info hide_eventtopdata '  data-location_status=\"false\" ><span class='evo_above_title'><\/span><span class='evcal_desc2 evcal_event_title' itemprop='name'>I Triatlo de Ponte de Sor<\/span><span class='evo_below_title'><span class='evcal_event_subtitle' >CAMPEONATO LITORAL E INTERIOR CENTRO JOVEM - CAMPEONATO LITORAL E INTERIOR CENTRO<\/span><\/span><span class='evcal_desc_info' ><\/span><span class='evcal_desc3'><span class='evcal_event_types ett1'><em><i>Tipo de Evento:<\/i><\/em><em data-filter='event_type'>Litoral e Interior Centro<\/em><i class='clear'><\/i><\/span><\/span><\/span><em class='clear'><\/em><\/p><\/a><div class='clear end'><\/div><\/div><\/div><div class='evcal_month_line'><p>Setembro 2025<\/p><\/div><div id='evcal_list' class='evcal_list_month eventon_events_list '><div id=\"event_102338\" class=\"eventon_list_event evo_eventtop past_event event\" data-event_id=\"102338\" data-time=\"1757251080-1757251080\" data-colr=\"#088669\" itemscope itemtype='http:\/\/schema.org\/Event' 1><div class=\"evo_event_schema\" style=\"display:none\" ><a itemprop='url'  href='https:\/\/www.federacao-triatlo.pt\/ftp2015\/events\/duatlo-de-fatima-4\/'><\/a><span itemprop='name'  >IX Duatlo de F\u00e1tima<\/span><meta itemprop='image' content='https:\/\/www.federacao-triatlo.pt\/ftp2015\/wp-content\/uploads\/2025\/04\/2025-09-07-cartaz-ix-duatlo-fatima-rev02-214x300.jpeg' ><\/meta><meta itemprop='description' content='Regulamento IX Duatlo de F\u00e1tima\r\n\r\nPercursos IX Duatlo de F\u00e1tima - Campeonato Litoral e Interior Centro\r\n\r\nPercursos IX Duatlo de F\u00e1tima - Campeonato' ><\/meta><meta itemprop='startDate' content='2025-9-7' ><\/meta><meta itemprop='endDate' content='2025-9-7' ><\/meta><meta itemprop='eventStatus' content='on-schedule' ><\/meta><script type=\"application\/ld+json\">{\t\"@context\": \"http:\/\/schema.org\",\r\n\t\t\t\t\t\t\t  \t\"@type\": \"Event\",\r\n\t\t\t\t\t\t\t  \t\"name\": \"IX Duatlo de F\u00e1tima\",\r\n\t\t\t\t\t\t\t  \t\"startDate\": \"2025-9-7T13-13-18-00\",\r\n\t\t\t\t\t\t\t  \t\"endDate\": \"2025-9-7T13-13-18-00\",\r\n\t\t\t\t\t\t\t  \t\"image\":\"https:\/\/www.federacao-triatlo.pt\/ftp2015\/wp-content\/uploads\/2025\/04\/2025-09-07-cartaz-ix-duatlo-fatima-rev02-214x300.jpeg\",\r\n\t\t\t\t\t\t\t  \t\"description\":\"Regulamento IX Duatlo de F\u00e1tima\r\n\r\nPercursos IX Duatlo de F\u00e1tima - Campeonato Litoral e Interior Centro\r\n\r\nPercursos IX Duatlo de F\u00e1tima - Campeonato\",\r\n\t\t\t\t\t\t\t  \t\r\n\t\t\t\t\t\t\t }\r\n\t\t\t\t\t\t\t<\/script><\/div>\r\n\t\t\t\t<p class=\"desc_trig_outter\"><a data-gmap_status=\"null\" data-exlk=\"0\" style=\"border-color: #088669;\" id=\"evc_1757251080102338\" class=\"desc_trig evo_litoral-interior-centro-competicao-regional sin_val evcal_list_a\" data-ux_val=\"4\"  ><span class='evcal_cblock ' data-bgcolor='#088669' data-smon='Setembro' data-syr='2025'><span class='evo_start '><em class='date'>07<\/em><em class='month'>set<\/em><em class='time'>13:18<\/em><\/span><span class='evo_end only_time'><em class='time'>13:18<\/em><\/span><em class='clear'><\/em><\/span><span class='evcal_desc evo_info hide_eventtopdata '  data-location_status=\"false\" ><span class='evo_above_title'><\/span><span class='evcal_desc2 evcal_event_title' itemprop='name'>IX Duatlo de F\u00e1tima<\/span><span class='evo_below_title'><span class='evcal_event_subtitle' >CAMPEONATO LITORAL E INTERIOR CENTRO - CAMPEONATO LITORAL E INTERIOR CENTRO JOVEM<\/span><\/span><span class='evcal_desc_info' ><\/span><span class='evcal_desc3'><span class='evcal_event_types ett1'><em><i>Tipo de Evento:<\/i><\/em><em data-filter='event_type'>Litoral e Interior Centro<\/em><i class='clear'><\/i><\/span><\/span><\/span><em class='clear'><\/em><\/p><\/a><div class='clear end'><\/div><\/div><div id=\"event_101695\" class=\"eventon_list_event evo_eventtop past_event event\" data-event_id=\"101695\" data-time=\"1757850840-1757850840\" data-colr=\"#088669\" itemscope itemtype='http:\/\/schema.org\/Event' 2><div class=\"evo_event_schema\" style=\"display:none\" ><a itemprop='url'  href='https:\/\/www.federacao-triatlo.pt\/ftp2015\/events\/iii-triatlo-da-casconha-campeonato-litoral-interior-centro\/'><\/a><span itemprop='name'  >III Triatlo da Casconha<\/span><meta itemprop='image' content='https:\/\/www.federacao-triatlo.pt\/ftp2015\/wp-content\/uploads\/2025\/07\/WhatsApp-Image-2025-09-08-at-23.19.03-212x300.jpeg' ><\/meta><meta itemprop='description' content='Regulamento III Triatlo da Casconha\r\n\r\nPercursos Campeonato Litoral e Interior Centro\r\n\r\nLista de Inscritos Campeonato Litoral e Interior Centro\r\n\r\nLista de' ><\/meta><meta itemprop='startDate' content='2025-9-14' ><\/meta><meta itemprop='endDate' content='2025-9-14' ><\/meta><meta itemprop='eventStatus' content='on-schedule' ><\/meta><script type=\"application\/ld+json\">{\t\"@context\": \"http:\/\/schema.org\",\r\n\t\t\t\t\t\t\t  \t\"@type\": \"Event\",\r\n\t\t\t\t\t\t\t  \t\"name\": \"III Triatlo da Casconha\",\r\n\t\t\t\t\t\t\t  \t\"startDate\": \"2025-9-14T11-11-54-00\",\r\n\t\t\t\t\t\t\t  \t\"endDate\": \"2025-9-14T11-11-54-00\",\r\n\t\t\t\t\t\t\t  \t\"image\":\"https:\/\/www.federacao-triatlo.pt\/ftp2015\/wp-content\/uploads\/2025\/07\/WhatsApp-Image-2025-09-08-at-23.19.03-212x300.jpeg\",\r\n\t\t\t\t\t\t\t  \t\"description\":\"Regulamento III Triatlo da Casconha\r\n\r\nPercursos Campeonato Litoral e Interior Centro\r\n\r\nLista de Inscritos Campeonato Litoral e Interior Centro\r\n\r\nLista de\",\r\n\t\t\t\t\t\t\t  \t\r\n\t\t\t\t\t\t\t }\r\n\t\t\t\t\t\t\t<\/script><\/div>\r\n\t\t\t\t<p class=\"desc_trig_outter\"><a data-gmap_status=\"null\" data-exlk=\"0\" style=\"border-color: #088669;\" id=\"evc_1757850840101695\" class=\"desc_trig evo_litoral-interior-centro-competicao-regional sin_val evcal_list_a\" data-ux_val=\"4\"  ><span class='evcal_cblock ' data-bgcolor='#088669' data-smon='Setembro' data-syr='2025'><span class='evo_start '><em class='date'>14<\/em><em class='month'>set<\/em><em class='time'>11:54<\/em><\/span><span class='evo_end only_time'><em class='time'>11:54<\/em><\/span><em class='clear'><\/em><\/span><span class='evcal_desc evo_info hide_eventtopdata '  data-location_status=\"false\" ><span class='evo_above_title'><\/span><span class='evcal_desc2 evcal_event_title' itemprop='name'>III Triatlo da Casconha<\/span><span class='evo_below_title'><span class='evcal_event_subtitle' >CAMPEONATO LITORAL E INTERIOR CENTRO<\/span><\/span><span class='evcal_desc_info' ><\/span><span class='evcal_desc3'><span class='evcal_event_types ett1'><em><i>Tipo de Evento:<\/i><\/em><em data-filter='event_type'>Litoral e Interior Centro<\/em><i class='clear'><\/i><\/span><\/span><\/span><em class='clear'><\/em><\/p><\/a><div class='clear end'><\/div><\/div><div id=\"event_101707\" class=\"eventon_list_event evo_eventtop past_event event\" data-event_id=\"101707\" data-time=\"1759059840-1759059840\" data-colr=\"#088669\" itemscope itemtype='http:\/\/schema.org\/Event' 3><div class=\"evo_event_schema\" style=\"display:none\" ><a itemprop='url'  href='https:\/\/www.federacao-triatlo.pt\/ftp2015\/events\/tricross-urbano-de-oliveira-do-hospital\/'><\/a><span itemprop='name'  >TriCross Urbano de Oliveira do Hospital<\/span><meta itemprop='image' content='https:\/\/www.federacao-triatlo.pt\/ftp2015\/wp-content\/uploads\/2025\/02\/WhatsApp-Image-2025-09-18-at-06.23.55-225x300.jpeg' ><\/meta><meta itemprop='description' content='Regulamento TriCross Urbano de Oliveira do Hospital\r\n\r\nPercursos TriCross Urbano de Oliveira do Hospital\r\n\r\nLista Inscritos Campeonato Litoral e Interior Centro Jovem' ><\/meta><meta itemprop='startDate' content='2025-9-28' ><\/meta><meta itemprop='endDate' content='2025-9-28' ><\/meta><meta itemprop='eventStatus' content='on-schedule' ><\/meta><script type=\"application\/ld+json\">{\t\"@context\": \"http:\/\/schema.org\",\r\n\t\t\t\t\t\t\t  \t\"@type\": \"Event\",\r\n\t\t\t\t\t\t\t  \t\"name\": \"TriCross Urbano de Oliveira do Hospital\",\r\n\t\t\t\t\t\t\t  \t\"startDate\": \"2025-9-28T11-11-44-00\",\r\n\t\t\t\t\t\t\t  \t\"endDate\": \"2025-9-28T11-11-44-00\",\r\n\t\t\t\t\t\t\t  \t\"image\":\"https:\/\/www.federacao-triatlo.pt\/ftp2015\/wp-content\/uploads\/2025\/02\/WhatsApp-Image-2025-09-18-at-06.23.55-225x300.jpeg\",\r\n\t\t\t\t\t\t\t  \t\"description\":\"Regulamento TriCross Urbano de Oliveira do Hospital\r\n\r\nPercursos TriCross Urbano de Oliveira do Hospital\r\n\r\nLista Inscritos Campeonato Litoral e Interior Centro Jovem\",\r\n\t\t\t\t\t\t\t  \t\r\n\t\t\t\t\t\t\t }\r\n\t\t\t\t\t\t\t<\/script><\/div>\r\n\t\t\t\t<p class=\"desc_trig_outter\"><a data-gmap_status=\"null\" data-exlk=\"0\" style=\"border-color: #088669;\" id=\"evc_1759059840101707\" class=\"desc_trig evo_litoral-interior-centro-competicao-regional sin_val evcal_list_a\" data-ux_val=\"4\"  ><span class='evcal_cblock ' data-bgcolor='#088669' data-smon='Setembro' data-syr='2025'><span class='evo_start '><em class='date'>28<\/em><em class='month'>set<\/em><em class='time'>11:44<\/em><\/span><span class='evo_end only_time'><em class='time'>11:44<\/em><\/span><em class='clear'><\/em><\/span><span class='evcal_desc evo_info hide_eventtopdata '  data-location_status=\"false\" ><span class='evo_above_title'><\/span><span class='evcal_desc2 evcal_event_title' itemprop='name'>TriCross Urbano de Oliveira do Hospital<\/span><span class='evo_below_title'><span class='evcal_event_subtitle' >CAMPEONATO LITORAL E INTERIOR CENTRO JOVEM<\/span><\/span><span class='evcal_desc_info' ><\/span><span class='evcal_desc3'><span class='evcal_event_types ett1'><em><i>Tipo de Evento:<\/i><\/em><em data-filter='event_type'>Litoral e Interior Centro<\/em><i class='clear'><\/i><\/span><\/span><\/span><em class='clear'><\/em><\/p><\/a><div class='clear end'><\/div><\/div><\/div><div class='clear'><\/div><\/div><!-- ajde_evcal_calendar-->\n","protected":false},"excerpt":{"rendered":"<p>Guia do Calend\u00e1rio &#8211; Litoral e Interior Centro<\/p>\n","protected":false},"author":4707,"featured_media":0,"parent":101188,"menu_order":5,"comment_status":"closed","ping_status":"closed","template":"","meta":{"footnotes":""},"_links":{"self":[{"href":"https:\/\/www.federacao-triatlo.pt\/ftp2015\/wp-json\/wp\/v2\/pages\/101406"}],"collection":[{"href":"https:\/\/www.federacao-triatlo.pt\/ftp2015\/wp-json\/wp\/v2\/pages"}],"about":[{"href":"https:\/\/www.federacao-triatlo.pt\/ftp2015\/wp-json\/wp\/v2\/types\/page"}],"author":[{"embeddable":true,"href":"https:\/\/www.federacao-triatlo.pt\/ftp2015\/wp-json\/wp\/v2\/users\/4707"}],"replies":[{"embeddable":true,"href":"https:\/\/www.federacao-triatlo.pt\/ftp2015\/wp-json\/wp\/v2\/comments?post=101406"}],"version-history":[{"count":10,"href":"https:\/\/www.federacao-triatlo.pt\/ftp2015\/wp-json\/wp\/v2\/pages\/101406\/revisions"}],"predecessor-version":[{"id":103301,"href":"https:\/\/www.federacao-triatlo.pt\/ftp2015\/wp-json\/wp\/v2\/pages\/101406\/revisions\/103301"}],"up":[{"embeddable":true,"href":"https:\/\/www.federacao-triatlo.pt\/ftp2015\/wp-json\/wp\/v2\/pages\/101188"}],"wp:attachment":[{"href":"https:\/\/www.federacao-triatlo.pt\/ftp2015\/wp-json\/wp\/v2\/media?parent=101406"}],"curies":[{"name":"wp","href":"https:\/\/api.w.org\/{rel}","templated":true}]}}