{"id":101188,"date":"2024-11-11T21:43:02","date_gmt":"2024-11-11T21:43:02","guid":{"rendered":"https:\/\/www.federacao-triatlo.pt\/ftp2015\/?page_id=101188"},"modified":"2025-08-29T09:15:54","modified_gmt":"2025-08-29T08:15:54","slug":"calendario-nacional-2025","status":"publish","type":"page","link":"https:\/\/www.federacao-triatlo.pt\/ftp2015\/competicoes\/calendario\/calendario-2025\/calendario-nacional-2025\/","title":{"rendered":"Calend\u00e1rio Nacional 2025"},"content":{"rendered":"<div class=\"fusion-fullwidth fullwidth-box fusion-builder-row-1 fusion-flex-container nonhundred-percent-fullwidth non-hundred-percent-height-scrolling\" style=\"--awb-border-radius-top-left:0px;--awb-border-radius-top-right:0px;--awb-border-radius-bottom-right:0px;--awb-border-radius-bottom-left:0px;--awb-flex-wrap:wrap;\" ><div class=\"fusion-builder-row fusion-row fusion-flex-align-items-flex-start fusion-flex-content-wrap\" style=\"max-width:1476px;margin-left: calc(-23% \/ 2 );margin-right: calc(-23% \/ 2 );\"><div class=\"fusion-layout-column fusion_builder_column fusion-builder-column-0 fusion_builder_column_1_1 1_1 fusion-flex-column\" style=\"--awb-bg-blend:overlay;--awb-bg-size:cover;--awb-width-large:100%;--awb-margin-top-large:0px;--awb-spacing-right-large:8.855%;--awb-margin-bottom-large:0px;--awb-spacing-left-large:8.855%;--awb-width-medium:100%;--awb-spacing-right-medium:8.855%;--awb-spacing-left-medium:8.855%;--awb-width-small:100%;--awb-spacing-right-small:8.855%;--awb-spacing-left-small:8.855%;\"><div class=\"fusion-column-wrapper fusion-flex-justify-content-flex-start fusion-content-layout-column\"><div class=\"fusion-text fusion-text-1\"><p><a href=\"https:\/\/www.federacao-triatlo.pt\/ftp2015\/wp-content\/uploads\/2025\/08\/guia-calendario-nacional-2025-rev09.pdf\" target=\"_blank\" rel=\"noopener\"><span class=\"documents-list__title\" style=\"line-height: 29.568px;\" data-fusion-font=\"true\">Guia do Calend\u00e1rio Nacional 2025 PDF &#8211; Atualizado a 29 de Agosto<\/span><\/a><br \/><a href=\"https:\/\/www.federacao-triatlo.pt\/ftp2015\/wp-content\/uploads\/2025\/06\/calendario-nacional-2025-rev04.pdf\" target=\"_blank\" rel=\"noopener\"><span class=\"documents-list__title\" style=\"line-height: 29.568px;\" data-fusion-font=\"true\">Calend\u00e1rio Nacional 2025 PDF &#8211; Atualizado a 04 de Junho<\/span><\/a><div id='evcal_calendar_627' class='ajde_evcal_calendar  ul' ><div class='evo-data' data-cyear=\"2025\" data-cmonth=\"1\" data-runajax=\"1\" data-evc_open=\"0\" data-cal_ver=\"2.6\" data-mapscroll=\"true\" data-mapformat=\"roadmap\" data-mapzoom=\"14\" data-mapiconurl=\"\" data-ev_cnt=\"0\" data-show_limit=\"no\" data-tiles=\"no\" data-sort_by=\"sort_date\" data-filters_on=\"true\" data-range_start=\"0\" data-range_end=\"0\" data-send_unix=\"0\" data-ux_val=\"4\" data-accord=\"0\" data-rtl=\"no\"  ><\/div><div id='evcal_head' class='calendar_header ' ><div class='evo_cal_above'><span class='evo-gototoday-btn' style='display:none' data-mo='1' data-yr='2025' data-dy=''>Dia de Hoje<\/span><\/div><div class='evo_cal_above_content'><\/div><div class='cal_arguments' style='display:none' data-hide_past=\"no\" data-show_et_ft_img=\"no\" data-event_order=\"ASC\" data-ft_event_priority=\"no\" data-lang=\"L1\" data-month_incre=\"0\" data-only_ft=\"no\" data-evc_open=\"no\" data-show_limit=\"no\" data-etc_override=\"no\" data-show_limit_redir=\"0\" data-tiles=\"no\" data-tile_height=\"0\" data-tile_bg=\"0\" data-tile_count=\"2\" data-tile_style=\"0\" data-s=\"\" data-members_only=\"no\" data-ux_val=\"4\" data-show_limit_ajax=\"no\" data-show_limit_paged=\"1\" ><\/div><div class='clear'><\/div><\/div><div class='evcal_month_line'><p>Fevereiro 2025<\/p><\/div><div id='evcal_list' class='evcal_list_month eventon_events_list '><div id=\"event_101199\" class=\"eventon_list_event evo_eventtop past_event event\" data-event_id=\"101199\" data-time=\"1738492740-1738492740\" data-colr=\"#088669\" itemscope itemtype='http:\/\/schema.org\/Event' 1><div class=\"evo_event_schema\" style=\"display:none\" ><a itemprop='url'  href='https:\/\/www.federacao-triatlo.pt\/ftp2015\/events\/xv-duatlo-cross-joao-campos\/'><\/a><span itemprop='name'  >XV Duatlo Cross Jo\u00e3o Campos<\/span><meta itemprop='image' content='https:\/\/www.federacao-triatlo.pt\/ftp2015\/wp-content\/uploads\/2024\/11\/DUATLOS_2025_2-159x300.png' ><\/meta><meta itemprop='description' content='Regulamento XV Duatlo Cross Jo\u00e3o Campos\r\n\r\nPercursos XV Duatlo Cross Jo\u00e3o Campos\r\n\r\nLista Inscritos Campeonato Nacional de Clubes Cross\r\n\r\nLista Inscritos Prova Aberta' ><\/meta><meta itemprop='startDate' content='2025-2-2' ><\/meta><meta itemprop='endDate' content='2025-2-2' ><\/meta><meta itemprop='eventStatus' content='on-schedule' ><\/meta><script type=\"application\/ld+json\">{\t\"@context\": \"http:\/\/schema.org\",\r\n\t\t\t\t\t\t\t  \t\"@type\": \"Event\",\r\n\t\t\t\t\t\t\t  \t\"name\": \"XV Duatlo Cross Jo\u00e3o Campos\",\r\n\t\t\t\t\t\t\t  \t\"startDate\": \"2025-2-2T10-10-39-00\",\r\n\t\t\t\t\t\t\t  \t\"endDate\": \"2025-2-2T10-10-39-00\",\r\n\t\t\t\t\t\t\t  \t\"image\":\"https:\/\/www.federacao-triatlo.pt\/ftp2015\/wp-content\/uploads\/2024\/11\/DUATLOS_2025_2-159x300.png\",\r\n\t\t\t\t\t\t\t  \t\"description\":\"Regulamento XV Duatlo Cross Jo\u00e3o Campos\r\n\r\nPercursos XV Duatlo Cross Jo\u00e3o Campos\r\n\r\nLista Inscritos Campeonato Nacional de Clubes Cross\r\n\r\nLista Inscritos Prova Aberta\",\r\n\t\t\t\t\t\t\t  \t\r\n\t\t\t\t\t\t\t }\r\n\t\t\t\t\t\t\t<\/script><\/div>\r\n\t\t\t\t<p class=\"desc_trig_outter\"><a data-gmap_status=\"null\" data-exlk=\"0\" style=\"border-color: #088669;\" id=\"evc_1738492740101199\" class=\"desc_trig evo_competicao-nacional sin_val evcal_list_a\" data-ux_val=\"4\"  ><span class='evcal_cblock ' data-bgcolor='#088669' data-smon='Fevereiro' data-syr='2025'><span class='evo_start '><em class='date'>02<\/em><em class='month'>fev<\/em><em class='time'>10:39<\/em><\/span><span class='evo_end only_time'><em class='time'>10:39<\/em><\/span><em class='clear'><\/em><\/span><span class='evcal_desc evo_info hide_eventtopdata '  data-location_status=\"false\" ><span class='evo_above_title'><\/span><span class='evcal_desc2 evcal_event_title' itemprop='name'>XV Duatlo Cross Jo\u00e3o Campos<\/span><span class='evo_below_title'><span class='evcal_event_subtitle' >Campeonato Nacional de Clubes Cross<\/span><\/span><span class='evcal_desc_info' ><\/span><span class='evcal_desc3'><span class='evcal_event_types ett1'><em><i>Tipo de Evento:<\/i><\/em><em data-filter='event_type'>Competi\u00e7\u00e3o Nacional<\/em><i class='clear'><\/i><\/span><\/span><\/span><em class='clear'><\/em><\/p><\/a><div class='clear end'><\/div><\/div><div id=\"event_101200\" class=\"eventon_list_event evo_eventtop past_event event\" data-event_id=\"101200\" data-time=\"1739616120-1739616120\" data-colr=\"#088669\" itemscope itemtype='http:\/\/schema.org\/Event' 2><div class=\"evo_event_schema\" style=\"display:none\" ><a itemprop='url'  href='https:\/\/www.federacao-triatlo.pt\/ftp2015\/events\/xvii-duatlo-de-arronches\/'><\/a><span itemprop='name'  >XVII Duatlo de Arronches<\/span><meta itemprop='image' content='https:\/\/www.federacao-triatlo.pt\/ftp2015\/wp-content\/uploads\/2024\/11\/cartaz-212x300.jpg' ><\/meta><meta itemprop='description' content='Regulamento XVII Duatlo de Arronches\r\n\r\nPercursos XVII Duatlo de Arronches - CN Clubes Duatlo\r\n\r\nPercursos XVII Duatlo de Arronches - Prova Aberta\r\n\r\n' ><\/meta><meta itemprop='startDate' content='2025-2-15' ><\/meta><meta itemprop='endDate' content='2025-2-15' ><\/meta><meta itemprop='eventStatus' content='on-schedule' ><\/meta><script type=\"application\/ld+json\">{\t\"@context\": \"http:\/\/schema.org\",\r\n\t\t\t\t\t\t\t  \t\"@type\": \"Event\",\r\n\t\t\t\t\t\t\t  \t\"name\": \"XVII Duatlo de Arronches\",\r\n\t\t\t\t\t\t\t  \t\"startDate\": \"2025-2-15T10-10-42-00\",\r\n\t\t\t\t\t\t\t  \t\"endDate\": \"2025-2-15T10-10-42-00\",\r\n\t\t\t\t\t\t\t  \t\"image\":\"https:\/\/www.federacao-triatlo.pt\/ftp2015\/wp-content\/uploads\/2024\/11\/cartaz-212x300.jpg\",\r\n\t\t\t\t\t\t\t  \t\"description\":\"Regulamento XVII Duatlo de Arronches\r\n\r\nPercursos XVII Duatlo de Arronches - CN Clubes Duatlo\r\n\r\nPercursos XVII Duatlo de Arronches - Prova Aberta\r\n\r\n\",\r\n\t\t\t\t\t\t\t  \t\r\n\t\t\t\t\t\t\t }\r\n\t\t\t\t\t\t\t<\/script><\/div>\r\n\t\t\t\t<p class=\"desc_trig_outter\"><a data-gmap_status=\"null\" data-exlk=\"0\" style=\"border-color: #088669;\" id=\"evc_1739616120101200\" class=\"desc_trig evo_competicao-nacional sin_val evcal_list_a\" data-ux_val=\"4\"  ><span class='evcal_cblock ' data-bgcolor='#088669' data-smon='Fevereiro' data-syr='2025'><span class='evo_start '><em class='date'>15<\/em><em class='month'>fev<\/em><em class='time'>10:42<\/em><\/span><span class='evo_end only_time'><em class='time'>10:42<\/em><\/span><em class='clear'><\/em><\/span><span class='evcal_desc evo_info hide_eventtopdata '  data-location_status=\"false\" ><span class='evo_above_title'><\/span><span class='evcal_desc2 evcal_event_title' itemprop='name'>XVII Duatlo de Arronches<\/span><span class='evo_below_title'><span class='evcal_event_subtitle' >Campeonato Nacional de Clubes de Duatlo - Prova Aberta<\/span><\/span><span class='evcal_desc_info' ><\/span><span class='evcal_desc3'><span class='evcal_event_types ett1'><em><i>Tipo de Evento:<\/i><\/em><em data-filter='event_type'>Competi\u00e7\u00e3o Nacional<\/em><i class='clear'><\/i><\/span><\/span><\/span><em class='clear'><\/em><\/p><\/a><div class='clear end'><\/div><\/div><div id=\"event_101201\" class=\"eventon_list_event evo_eventtop past_event event\" data-event_id=\"101201\" data-time=\"1740307380-1740307380\" data-colr=\"#088669\" itemscope itemtype='http:\/\/schema.org\/Event' 3><div class=\"evo_event_schema\" style=\"display:none\" ><a itemprop='url'  href='https:\/\/www.federacao-triatlo.pt\/ftp2015\/events\/iv-triatlo-de-santo-andre\/'><\/a><span itemprop='name'  >IV Triatlo de Santo Andr\u00e9<\/span><meta itemprop='image' content='https:\/\/www.federacao-triatlo.pt\/ftp2015\/wp-content\/uploads\/2024\/11\/Cartaz-A3-212x300.png' ><\/meta><meta itemprop='description' content='Regulamento IV Triatlo de Santo Andr\u00e9\r\n\r\nPercursos IV Triatlo de Santo Andr\u00e9\r\n\r\nLista Inscritos Ta\u00e7a de Portugal' ><\/meta><meta itemprop='startDate' content='2025-2-23' ><\/meta><meta itemprop='endDate' content='2025-2-23' ><\/meta><meta itemprop='eventStatus' content='on-schedule' ><\/meta><script type=\"application\/ld+json\">{\t\"@context\": \"http:\/\/schema.org\",\r\n\t\t\t\t\t\t\t  \t\"@type\": \"Event\",\r\n\t\t\t\t\t\t\t  \t\"name\": \"IV Triatlo de Santo Andr\u00e9\",\r\n\t\t\t\t\t\t\t  \t\"startDate\": \"2025-2-23T10-10-43-00\",\r\n\t\t\t\t\t\t\t  \t\"endDate\": \"2025-2-23T10-10-43-00\",\r\n\t\t\t\t\t\t\t  \t\"image\":\"https:\/\/www.federacao-triatlo.pt\/ftp2015\/wp-content\/uploads\/2024\/11\/Cartaz-A3-212x300.png\",\r\n\t\t\t\t\t\t\t  \t\"description\":\"Regulamento IV Triatlo de Santo Andr\u00e9\r\n\r\nPercursos IV Triatlo de Santo Andr\u00e9\r\n\r\nLista Inscritos Ta\u00e7a de Portugal\",\r\n\t\t\t\t\t\t\t  \t\r\n\t\t\t\t\t\t\t }\r\n\t\t\t\t\t\t\t<\/script><\/div>\r\n\t\t\t\t<p class=\"desc_trig_outter\"><a data-gmap_status=\"null\" data-exlk=\"0\" style=\"border-color: #088669;\" id=\"evc_1740307380101201\" class=\"desc_trig evo_competicao-nacional sin_val evcal_list_a\" data-ux_val=\"4\"  ><span class='evcal_cblock ' data-bgcolor='#088669' data-smon='Fevereiro' data-syr='2025'><span class='evo_start '><em class='date'>23<\/em><em class='month'>fev<\/em><em class='time'>10:43<\/em><\/span><span class='evo_end only_time'><em class='time'>10:43<\/em><\/span><em class='clear'><\/em><\/span><span class='evcal_desc evo_info hide_eventtopdata '  data-location_status=\"false\" ><span class='evo_above_title'><\/span><span class='evcal_desc2 evcal_event_title' itemprop='name'>IV Triatlo de Santo Andr\u00e9<\/span><span class='evo_below_title'><span class='evcal_event_subtitle' >Ta\u00e7a de Portugal<\/span><\/span><span class='evcal_desc_info' ><\/span><span class='evcal_desc3'><span class='evcal_event_types ett1'><em><i>Tipo de Evento:<\/i><\/em><em data-filter='event_type'>Competi\u00e7\u00e3o Nacional<\/em><i class='clear'><\/i><\/span><\/span><\/span><em class='clear'><\/em><\/p><\/a><div class='clear end'><\/div><\/div><\/div><div class='evcal_month_line'><p>Mar\u00e7o 2025<\/p><\/div><div id='evcal_list' class='evcal_list_month eventon_events_list '><div id=\"event_101204\" class=\"eventon_list_event evo_eventtop past_event event\" data-event_id=\"101204\" data-time=\"1742122020-1742122020\" data-colr=\"#088669\" itemscope itemtype='http:\/\/schema.org\/Event' 1><div class=\"evo_event_schema\" style=\"display:none\" ><a itemprop='url'  href='https:\/\/www.federacao-triatlo.pt\/ftp2015\/events\/xxix-duatlo-de-grandola\/'><\/a><span itemprop='name'  >XXIX Duatlo de Gr\u00e2ndola<\/span><meta itemprop='image' content='https:\/\/www.federacao-triatlo.pt\/ftp2015\/wp-content\/uploads\/2024\/11\/Cartaz-Duatlo-de-Grandola-2025-212x300.png' ><\/meta><meta itemprop='description' content='Regulamento XXIX Duatlo de Gr\u00e2ndola\r\n\r\nPercursos XXIX Duatlo de Gr\u00e2ndola - CN Individual\r\n\r\nPercursos XXIX Duatlo de Gr\u00e2ndola - CN Jovem\r\n\r\nLista Inscritos' ><\/meta><meta itemprop='startDate' content='2025-3-16' ><\/meta><meta itemprop='endDate' content='2025-3-16' ><\/meta><meta itemprop='eventStatus' content='on-schedule' ><\/meta><script type=\"application\/ld+json\">{\t\"@context\": \"http:\/\/schema.org\",\r\n\t\t\t\t\t\t\t  \t\"@type\": \"Event\",\r\n\t\t\t\t\t\t\t  \t\"name\": \"XXIX Duatlo de Gr\u00e2ndola\",\r\n\t\t\t\t\t\t\t  \t\"startDate\": \"2025-3-16T10-10-47-00\",\r\n\t\t\t\t\t\t\t  \t\"endDate\": \"2025-3-16T10-10-47-00\",\r\n\t\t\t\t\t\t\t  \t\"image\":\"https:\/\/www.federacao-triatlo.pt\/ftp2015\/wp-content\/uploads\/2024\/11\/Cartaz-Duatlo-de-Grandola-2025-212x300.png\",\r\n\t\t\t\t\t\t\t  \t\"description\":\"Regulamento XXIX Duatlo de Gr\u00e2ndola\r\n\r\nPercursos XXIX Duatlo de Gr\u00e2ndola - CN Individual\r\n\r\nPercursos XXIX Duatlo de Gr\u00e2ndola - CN Jovem\r\n\r\nLista Inscritos\",\r\n\t\t\t\t\t\t\t  \t\r\n\t\t\t\t\t\t\t }\r\n\t\t\t\t\t\t\t<\/script><\/div>\r\n\t\t\t\t<p class=\"desc_trig_outter\"><a data-gmap_status=\"null\" data-exlk=\"0\" style=\"border-color: #088669;\" id=\"evc_1742122020101204\" class=\"desc_trig evo_competicao-nacional sin_val evcal_list_a\" data-ux_val=\"4\"  ><span class='evcal_cblock ' data-bgcolor='#088669' data-smon='Mar\u00e7o' data-syr='2025'><span class='evo_start '><em class='date'>16<\/em><em class='month'>mar<\/em><em class='time'>10:47<\/em><\/span><span class='evo_end only_time'><em class='time'>10:47<\/em><\/span><em class='clear'><\/em><\/span><span class='evcal_desc evo_info hide_eventtopdata '  data-location_status=\"false\" ><span class='evo_above_title'><\/span><span class='evcal_desc2 evcal_event_title' itemprop='name'>XXIX Duatlo de Gr\u00e2ndola<\/span><span class='evo_below_title'><span class='evcal_event_subtitle' >Campeonato Nacional de Clubes de Duatlo - Campeonato Nacional Individual de Duatlo Sprint - Campeonato Nacional de Duatlo de Juniores - Campeonato Nacional de Duatlo de Cadetes - Campeonato Nacional de Duatlo de Paratriatlo - Campeonato Nacional Jovem - Campeonato Nacional de Juvenis - Prova Aberta<\/span><\/span><span class='evcal_desc_info' ><\/span><span class='evcal_desc3'><span class='evcal_event_types ett1'><em><i>Tipo de Evento:<\/i><\/em><em data-filter='event_type'>Competi\u00e7\u00e3o Nacional<\/em><i class='clear'><\/i><\/span><\/span><\/span><em class='clear'><\/em><\/p><\/a><div class='clear end'><\/div><\/div><div id=\"event_101206\" class=\"eventon_list_event evo_eventtop past_event event\" data-event_id=\"101206\" data-time=\"1743245400-1743245400\" data-colr=\"#088669\" itemscope itemtype='http:\/\/schema.org\/Event' 2><div class=\"evo_event_schema\" style=\"display:none\" ><a itemprop='url'  href='https:\/\/www.federacao-triatlo.pt\/ftp2015\/events\/xxii-triatlo-internacional-de-quarteira\/'><\/a><span itemprop='name'  >XXII Triatlo Internacional de Quarteira<\/span><meta itemprop='image' content='https:\/\/www.federacao-triatlo.pt\/ftp2015\/wp-content\/uploads\/2024\/11\/Cartaz_TIDQ2025_previo_JPG-212x300.jpg' ><\/meta><meta itemprop='description' content='XXII Triatlo Internacional de Quarteira' ><\/meta><meta itemprop='startDate' content='2025-3-29' ><\/meta><meta itemprop='endDate' content='2025-3-29' ><\/meta><meta itemprop='eventStatus' content='on-schedule' ><\/meta><script type=\"application\/ld+json\">{\t\"@context\": \"http:\/\/schema.org\",\r\n\t\t\t\t\t\t\t  \t\"@type\": \"Event\",\r\n\t\t\t\t\t\t\t  \t\"name\": \"XXII Triatlo Internacional de Quarteira\",\r\n\t\t\t\t\t\t\t  \t\"startDate\": \"2025-3-29T10-10-50-00\",\r\n\t\t\t\t\t\t\t  \t\"endDate\": \"2025-3-29T10-10-50-00\",\r\n\t\t\t\t\t\t\t  \t\"image\":\"https:\/\/www.federacao-triatlo.pt\/ftp2015\/wp-content\/uploads\/2024\/11\/Cartaz_TIDQ2025_previo_JPG-212x300.jpg\",\r\n\t\t\t\t\t\t\t  \t\"description\":\"XXII Triatlo Internacional de Quarteira\",\r\n\t\t\t\t\t\t\t  \t\r\n\t\t\t\t\t\t\t }\r\n\t\t\t\t\t\t\t<\/script><\/div>\r\n\t\t\t\t<p class=\"desc_trig_outter\"><a data-gmap_status=\"null\" data-exlk=\"0\" style=\"border-color: #088669;\" id=\"evc_1743245400101206\" class=\"desc_trig evo_competicao-internacional sin_val evcal_list_a\" data-ux_val=\"4\"  ><span class='evcal_cblock ' data-bgcolor='#088669' data-smon='Mar\u00e7o' data-syr='2025'><span class='evo_start '><em class='date'>29<\/em><em class='month'>mar<\/em><em class='time'>10:50<\/em><\/span><span class='evo_end only_time'><em class='time'>10:50<\/em><\/span><em class='clear'><\/em><\/span><span class='evcal_desc evo_info hide_eventtopdata '  data-location_status=\"false\" ><span class='evo_above_title'><\/span><span class='evcal_desc2 evcal_event_title' itemprop='name'>XXII Triatlo Internacional de Quarteira<\/span><span class='evo_below_title'><span class='evcal_event_subtitle' >Ta\u00e7a da Europa de Elites - Ta\u00e7a da Europa de Juniores<\/span><\/span><span class='evcal_desc_info' ><\/span><span class='evcal_desc3'><span class='evcal_event_types ett1'><em><i>Tipo de Evento:<\/i><\/em><em data-filter='event_type'>Competi\u00e7\u00e3o Internacional<\/em><i class='clear'><\/i><\/span><\/span><\/span><em class='clear'><\/em><\/p><\/a><div class='clear end'><\/div><\/div><div id=\"event_101207\" class=\"eventon_list_event evo_eventtop past_event event\" data-event_id=\"101207\" data-time=\"1743331980-1743331980\" data-colr=\"#088669\" itemscope itemtype='http:\/\/schema.org\/Event' 3><div class=\"evo_event_schema\" style=\"display:none\" ><a itemprop='url'  href='https:\/\/www.federacao-triatlo.pt\/ftp2015\/events\/xxiii-triatlo-cidade-de-quarteira\/'><\/a><span itemprop='name'  >XXIII Triatlo Cidade de Quarteira<\/span><meta itemprop='image' content='https:\/\/www.federacao-triatlo.pt\/ftp2015\/wp-content\/uploads\/2024\/11\/Cartaz_TIDQ2025_previo_JPG-212x300.jpg' ><\/meta><meta itemprop='description' content='Regulamento XXIII Triatlo Cidade de Quarteira\r\n\r\nPercursos XXIII Triatlo Cidade de Quarteira\r\n\r\nLista Inscritos Ta\u00e7a de Portugal\r\n\r\n&nbsp;' ><\/meta><meta itemprop='startDate' content='2025-3-30' ><\/meta><meta itemprop='endDate' content='2025-3-30' ><\/meta><meta itemprop='eventStatus' content='on-schedule' ><\/meta><script type=\"application\/ld+json\">{\t\"@context\": \"http:\/\/schema.org\",\r\n\t\t\t\t\t\t\t  \t\"@type\": \"Event\",\r\n\t\t\t\t\t\t\t  \t\"name\": \"XXIII Triatlo Cidade de Quarteira\",\r\n\t\t\t\t\t\t\t  \t\"startDate\": \"2025-3-30T10-10-53-00\",\r\n\t\t\t\t\t\t\t  \t\"endDate\": \"2025-3-30T10-10-53-00\",\r\n\t\t\t\t\t\t\t  \t\"image\":\"https:\/\/www.federacao-triatlo.pt\/ftp2015\/wp-content\/uploads\/2024\/11\/Cartaz_TIDQ2025_previo_JPG-212x300.jpg\",\r\n\t\t\t\t\t\t\t  \t\"description\":\"Regulamento XXIII Triatlo Cidade de Quarteira\r\n\r\nPercursos XXIII Triatlo Cidade de Quarteira\r\n\r\nLista Inscritos Ta\u00e7a de Portugal\r\n\r\n&nbsp;\",\r\n\t\t\t\t\t\t\t  \t\r\n\t\t\t\t\t\t\t }\r\n\t\t\t\t\t\t\t<\/script><\/div>\r\n\t\t\t\t<p class=\"desc_trig_outter\"><a data-gmap_status=\"null\" data-exlk=\"0\" style=\"border-color: #088669;\" id=\"evc_1743331980101207\" class=\"desc_trig evo_competicao-nacional sin_val evcal_list_a\" data-ux_val=\"4\"  ><span class='evcal_cblock ' data-bgcolor='#088669' data-smon='Mar\u00e7o' data-syr='2025'><span class='evo_start '><em class='date'>30<\/em><em class='month'>mar<\/em><em class='time'>10:53<\/em><\/span><span class='evo_end only_time'><em class='time'>10:53<\/em><\/span><em class='clear'><\/em><\/span><span class='evcal_desc evo_info hide_eventtopdata '  data-location_status=\"false\" ><span class='evo_above_title'><\/span><span class='evcal_desc2 evcal_event_title' itemprop='name'>XXIII Triatlo Cidade de Quarteira<\/span><span class='evo_below_title'><span class='evcal_event_subtitle' >Ta\u00e7a de Portugal<\/span><\/span><span class='evcal_desc_info' ><\/span><span class='evcal_desc3'><span class='evcal_event_types ett1'><em><i>Tipo de Evento:<\/i><\/em><em data-filter='event_type'>Competi\u00e7\u00e3o Nacional<\/em><i class='clear'><\/i><\/span><\/span><\/span><em class='clear'><\/em><\/p><\/a><div class='clear end'><\/div><\/div><\/div><div class='evcal_month_line'><p>Abril 2025<\/p><\/div><div id='evcal_list' class='evcal_list_month eventon_events_list '><div id=\"event_101209\" class=\"eventon_list_event evo_eventtop past_event event\" data-event_id=\"101209\" data-time=\"1744541640-1744541640\" data-colr=\"#088669\" itemscope itemtype='http:\/\/schema.org\/Event' 1><div class=\"evo_event_schema\" style=\"display:none\" ><a itemprop='url'  href='https:\/\/www.federacao-triatlo.pt\/ftp2015\/events\/ii-duatlo-cross-da-raia\/'><\/a><span itemprop='name'  >II Duatlo Cross da Raia Ib\u00e9rica<\/span><meta itemprop='image' content='https:\/\/www.federacao-triatlo.pt\/ftp2015\/wp-content\/uploads\/2024\/11\/1e50f75d-6ef9-46dc-bdcf-911b7a2da0b6-212x300.jpg' ><\/meta><meta itemprop='description' content='Regulamento II Duatlo Cross da Raia Ib\u00e9rica\r\n\r\nPercursos II Duatlo Cross da Raia Ib\u00e9rica\r\n\r\nLista Inscritos Camp. Nac. Individual Duatlo Cross\r\n\r\n' ><\/meta><meta itemprop='startDate' content='2025-4-13' ><\/meta><meta itemprop='endDate' content='2025-4-13' ><\/meta><meta itemprop='eventStatus' content='on-schedule' ><\/meta><script type=\"application\/ld+json\">{\t\"@context\": \"http:\/\/schema.org\",\r\n\t\t\t\t\t\t\t  \t\"@type\": \"Event\",\r\n\t\t\t\t\t\t\t  \t\"name\": \"II Duatlo Cross da Raia Ib\u00e9rica\",\r\n\t\t\t\t\t\t\t  \t\"startDate\": \"2025-4-13T10-10-54-00\",\r\n\t\t\t\t\t\t\t  \t\"endDate\": \"2025-4-13T10-10-54-00\",\r\n\t\t\t\t\t\t\t  \t\"image\":\"https:\/\/www.federacao-triatlo.pt\/ftp2015\/wp-content\/uploads\/2024\/11\/1e50f75d-6ef9-46dc-bdcf-911b7a2da0b6-212x300.jpg\",\r\n\t\t\t\t\t\t\t  \t\"description\":\"Regulamento II Duatlo Cross da Raia Ib\u00e9rica\r\n\r\nPercursos II Duatlo Cross da Raia Ib\u00e9rica\r\n\r\nLista Inscritos Camp. Nac. Individual Duatlo Cross\r\n\r\n\",\r\n\t\t\t\t\t\t\t  \t\r\n\t\t\t\t\t\t\t }\r\n\t\t\t\t\t\t\t<\/script><\/div>\r\n\t\t\t\t<p class=\"desc_trig_outter\"><a data-gmap_status=\"null\" data-exlk=\"0\" style=\"border-color: #088669;\" id=\"evc_1744541640101209\" class=\"desc_trig evo_competicao-nacional sin_val evcal_list_a\" data-ux_val=\"4\"  ><span class='evcal_cblock ' data-bgcolor='#088669' data-smon='Abril' data-syr='2025'><span class='evo_start '><em class='date'>13<\/em><em class='month'>abr<\/em><em class='time'>10:54<\/em><\/span><span class='evo_end only_time'><em class='time'>10:54<\/em><\/span><em class='clear'><\/em><\/span><span class='evcal_desc evo_info hide_eventtopdata '  data-location_status=\"false\" ><span class='evo_above_title'><\/span><span class='evcal_desc2 evcal_event_title' itemprop='name'>II Duatlo Cross da Raia Ib\u00e9rica<\/span><span class='evo_below_title'><span class='evcal_event_subtitle' >Campeonato Nacional de Clubes Cross - Campeonato Nacional Individual de Duatlo Cross - Campeonato Nacional de Duatlo Cross de Juniores - Campeonato Nacional de Duatlo Cross de Cadetes - Campeonato Nacional de Duatlo Cross de Paratriatlo<\/span><\/span><span class='evcal_desc_info' ><\/span><span class='evcal_desc3'><span class='evcal_event_types ett1'><em><i>Tipo de Evento:<\/i><\/em><em data-filter='event_type'>Competi\u00e7\u00e3o Nacional<\/em><i class='clear'><\/i><\/span><\/span><\/span><em class='clear'><\/em><\/p><\/a><div class='clear end'><\/div><\/div><div id=\"event_101203\" class=\"eventon_list_event evo_eventtop past_event event\" data-event_id=\"101203\" data-time=\"1745577960-1745577960\" data-colr=\"#088669\" itemscope itemtype='http:\/\/schema.org\/Event' 2><div class=\"evo_event_schema\" style=\"display:none\" ><a itemprop='url'  href='https:\/\/www.federacao-triatlo.pt\/ftp2015\/events\/duatlo-4\/'><\/a><span itemprop='name'  >VIII Duatlo de Ferreiras<\/span><meta itemprop='image'  ><\/meta><meta itemprop='description' content='Regulamento VIII Duatlo de Ferreiras\r\n\r\nPercursos VIII Duatlo de Ferreiras\r\n\r\nLista Inscritos Camp. Nac. Clubes de Duatlo\r\n\r\nLista Inscritos Prova Aberta' ><\/meta><meta itemprop='startDate' content='2025-4-25' ><\/meta><meta itemprop='endDate' content='2025-4-25' ><\/meta><meta itemprop='eventStatus' content='on-schedule' ><\/meta><script type=\"application\/ld+json\">{\t\"@context\": \"http:\/\/schema.org\",\r\n\t\t\t\t\t\t\t  \t\"@type\": \"Event\",\r\n\t\t\t\t\t\t\t  \t\"name\": \"VIII Duatlo de Ferreiras\",\r\n\t\t\t\t\t\t\t  \t\"startDate\": \"2025-4-25T10-10-46-00\",\r\n\t\t\t\t\t\t\t  \t\"endDate\": \"2025-4-25T10-10-46-00\",\r\n\t\t\t\t\t\t\t  \t\"image\":,\r\n\t\t\t\t\t\t\t  \t\"description\":\"Regulamento VIII Duatlo de Ferreiras\r\n\r\nPercursos VIII Duatlo de Ferreiras\r\n\r\nLista Inscritos Camp. Nac. Clubes de Duatlo\r\n\r\nLista Inscritos Prova Aberta\",\r\n\t\t\t\t\t\t\t  \t\r\n\t\t\t\t\t\t\t }\r\n\t\t\t\t\t\t\t<\/script><\/div>\r\n\t\t\t\t<p class=\"desc_trig_outter\"><a data-gmap_status=\"null\" data-exlk=\"0\" style=\"border-color: #088669;\" id=\"evc_1745577960101203\" class=\"desc_trig evo_competicao-nacional sin_val evcal_list_a\" data-ux_val=\"4\"  ><span class='evcal_cblock ' data-bgcolor='#088669' data-smon='Abril' data-syr='2025'><span class='evo_start '><em class='date'>25<\/em><em class='month'>abr<\/em><em class='time'>10:46<\/em><\/span><span class='evo_end only_time'><em class='time'>10:46<\/em><\/span><em class='clear'><\/em><\/span><span class='evcal_desc evo_info hide_eventtopdata '  data-location_status=\"false\" ><span class='evo_above_title'><\/span><span class='evcal_desc2 evcal_event_title' itemprop='name'>VIII Duatlo de Ferreiras<\/span><span class='evo_below_title'><span class='evcal_event_subtitle' >Campeonato Nacional de Clubes de Duatlo<\/span><\/span><span class='evcal_desc_info' ><\/span><span class='evcal_desc3'><span class='evcal_event_types ett1'><em><i>Tipo de Evento:<\/i><\/em><em data-filter='event_type'>Competi\u00e7\u00e3o Nacional<\/em><i class='clear'><\/i><\/span><\/span><\/span><em class='clear'><\/em><\/p><\/a><div class='clear end'><\/div><\/div><\/div><div class='evcal_month_line'><p>Maio 2025<\/p><\/div><div id='evcal_list' class='evcal_list_month eventon_events_list '><div id=\"event_101308\" class=\"eventon_list_event evo_eventtop past_event event\" data-event_id=\"101308\" data-time=\"1746267780-1746267780\" data-colr=\"#088669\" itemscope itemtype='http:\/\/schema.org\/Event' 1><div class=\"evo_event_schema\" style=\"display:none\" ><a itemprop='url'  href='https:\/\/www.federacao-triatlo.pt\/ftp2015\/events\/aquatlo-de-monte-gordo\/'><\/a><span itemprop='name'  >Aquatlo de Monte Gordo<\/span><meta itemprop='image' content='https:\/\/www.federacao-triatlo.pt\/ftp2015\/wp-content\/uploads\/2024\/12\/LUSITANO-1_page-0001-236x300.jpg' ><\/meta><meta itemprop='description' content='Regulamento Triatlo e Aquatlo de Monte Gordo\r\n\r\nPercursos Aquatlo de Monte Gordo - CN Jovem\r\n\r\nLista Inscritos Camp. Nac. Jovem\r\n\r\nTriatlo' ><\/meta><meta itemprop='startDate' content='2025-5-3' ><\/meta><meta itemprop='endDate' content='2025-5-3' ><\/meta><meta itemprop='eventStatus' content='on-schedule' ><\/meta><script type=\"application\/ld+json\">{\t\"@context\": \"http:\/\/schema.org\",\r\n\t\t\t\t\t\t\t  \t\"@type\": \"Event\",\r\n\t\t\t\t\t\t\t  \t\"name\": \"Aquatlo de Monte Gordo\",\r\n\t\t\t\t\t\t\t  \t\"startDate\": \"2025-5-3T10-10-23-00\",\r\n\t\t\t\t\t\t\t  \t\"endDate\": \"2025-5-3T10-10-23-00\",\r\n\t\t\t\t\t\t\t  \t\"image\":\"https:\/\/www.federacao-triatlo.pt\/ftp2015\/wp-content\/uploads\/2024\/12\/LUSITANO-1_page-0001-236x300.jpg\",\r\n\t\t\t\t\t\t\t  \t\"description\":\"Regulamento Triatlo e Aquatlo de Monte Gordo\r\n\r\nPercursos Aquatlo de Monte Gordo - CN Jovem\r\n\r\nLista Inscritos Camp. Nac. Jovem\r\n\r\nTriatlo\",\r\n\t\t\t\t\t\t\t  \t\r\n\t\t\t\t\t\t\t }\r\n\t\t\t\t\t\t\t<\/script><\/div>\r\n\t\t\t\t<p class=\"desc_trig_outter\"><a data-gmap_status=\"null\" data-exlk=\"0\" style=\"border-color: #088669;\" id=\"evc_1746267780101308\" class=\"desc_trig cancel_event 1 evo_competicao-nacional sin_val evcal_list_a\" data-ux_val=\"4\"  ><span class='evcal_cblock ' data-bgcolor='#088669' data-smon='Maio' data-syr='2025'><span class='evo_start '><em class='date'>03<\/em><em class='month'>mai<\/em><em class='time'>10:23<\/em><\/span><span class='evo_end only_time'><em class='time'>10:23<\/em><\/span><em class='clear'><\/em><\/span><span class='evcal_desc evo_info hide_eventtopdata '  data-location_status=\"false\" ><span class='evo_above_title'><span class='evo_event_headers canceled' title='Condi\u00e7\u00f5es Atmosf\u00e9ricas'>Evento Cancelado<\/span><\/span><span class='evcal_desc2 evcal_event_title' itemprop='name'>Aquatlo de Monte Gordo<\/span><span class='evo_below_title'><span class='evcal_event_subtitle' >Campeonato Nacional Jovem<\/span><\/span><span class='evcal_desc_info' ><\/span><span class='evcal_desc3'><span class='evcal_event_types ett1'><em><i>Tipo de Evento:<\/i><\/em><em data-filter='event_type'>Competi\u00e7\u00e3o Nacional<\/em><i class='clear'><\/i><\/span><\/span><\/span><em class='clear'><\/em><\/p><\/a><div class='clear end'><\/div><\/div><div id=\"event_101211\" class=\"eventon_list_event evo_eventtop past_event event\" data-event_id=\"101211\" data-time=\"1746356280-1746356280\" data-colr=\"#088669\" itemscope itemtype='http:\/\/schema.org\/Event' 2><div class=\"evo_event_schema\" style=\"display:none\" ><a itemprop='url'  href='https:\/\/www.federacao-triatlo.pt\/ftp2015\/events\/triatlo-5\/'><\/a><span itemprop='name'  >Triatlo de Monte Gordo<\/span><meta itemprop='image' content='https:\/\/www.federacao-triatlo.pt\/ftp2015\/wp-content\/uploads\/2024\/12\/LUSITANO-1_page-0001-236x300.jpg' ><\/meta><meta itemprop='description' content='Regulamento Triatlo e Aquatlo de Monte Gordo\r\n\r\nPercursos Triatlo de Monte Gordo - Ta\u00e7a de Portugal\r\n\r\nLista Inscritos Ta\u00e7a de Portugal\r\n\r\n' ><\/meta><meta itemprop='startDate' content='2025-5-4' ><\/meta><meta itemprop='endDate' content='2025-5-4' ><\/meta><meta itemprop='eventStatus' content='on-schedule' ><\/meta><script type=\"application\/ld+json\">{\t\"@context\": \"http:\/\/schema.org\",\r\n\t\t\t\t\t\t\t  \t\"@type\": \"Event\",\r\n\t\t\t\t\t\t\t  \t\"name\": \"Triatlo de Monte Gordo\",\r\n\t\t\t\t\t\t\t  \t\"startDate\": \"2025-5-4T10-10-58-00\",\r\n\t\t\t\t\t\t\t  \t\"endDate\": \"2025-5-4T10-10-58-00\",\r\n\t\t\t\t\t\t\t  \t\"image\":\"https:\/\/www.federacao-triatlo.pt\/ftp2015\/wp-content\/uploads\/2024\/12\/LUSITANO-1_page-0001-236x300.jpg\",\r\n\t\t\t\t\t\t\t  \t\"description\":\"Regulamento Triatlo e Aquatlo de Monte Gordo\r\n\r\nPercursos Triatlo de Monte Gordo - Ta\u00e7a de Portugal\r\n\r\nLista Inscritos Ta\u00e7a de Portugal\r\n\r\n\",\r\n\t\t\t\t\t\t\t  \t\r\n\t\t\t\t\t\t\t }\r\n\t\t\t\t\t\t\t<\/script><\/div>\r\n\t\t\t\t<p class=\"desc_trig_outter\"><a data-gmap_status=\"null\" data-exlk=\"0\" style=\"border-color: #088669;\" id=\"evc_1746356280101211\" class=\"desc_trig evo_competicao-nacional sin_val evcal_list_a\" data-ux_val=\"4\"  ><span class='evcal_cblock ' data-bgcolor='#088669' data-smon='Maio' data-syr='2025'><span class='evo_start '><em class='date'>04<\/em><em class='month'>mai<\/em><em class='time'>10:58<\/em><\/span><span class='evo_end only_time'><em class='time'>10:58<\/em><\/span><em class='clear'><\/em><\/span><span class='evcal_desc evo_info hide_eventtopdata '  data-location_status=\"false\" ><span class='evo_above_title'><\/span><span class='evcal_desc2 evcal_event_title' itemprop='name'>Triatlo de Monte Gordo<\/span><span class='evo_below_title'><span class='evcal_event_subtitle' >Ta\u00e7a de Portugal <\/span><\/span><span class='evcal_desc_info' ><\/span><span class='evcal_desc3'><span class='evcal_event_types ett1'><em><i>Tipo de Evento:<\/i><\/em><em data-filter='event_type'>Competi\u00e7\u00e3o Nacional<\/em><i class='clear'><\/i><\/span><\/span><\/span><em class='clear'><\/em><\/p><\/a><div class='clear end'><\/div><\/div><div id=\"event_101212\" class=\"eventon_list_event evo_eventtop past_event event\" data-event_id=\"101212\" data-time=\"1746961440-1746961440\" data-colr=\"#088669\" itemscope itemtype='http:\/\/schema.org\/Event' 3><div class=\"evo_event_schema\" style=\"display:none\" ><a itemprop='url'  href='https:\/\/www.federacao-triatlo.pt\/ftp2015\/events\/xxxviii-triatlo-de-oeiras\/'><\/a><span itemprop='name'  >XXXVIII Triatlo de Oeiras<\/span><meta itemprop='image'  ><\/meta><meta itemprop='description' content='Regulamento XXXVIII Triatlo de Oeiras\r\n\r\nPercursos XXXVIII Triatlo de Oeiras - Camp. Nacional Individual de Triatlo Sprint Elites e CN Cadetes\r\n\r\nPercursos XXXVIII' ><\/meta><meta itemprop='startDate' content='2025-5-11' ><\/meta><meta itemprop='endDate' content='2025-5-11' ><\/meta><meta itemprop='eventStatus' content='on-schedule' ><\/meta><script type=\"application\/ld+json\">{\t\"@context\": \"http:\/\/schema.org\",\r\n\t\t\t\t\t\t\t  \t\"@type\": \"Event\",\r\n\t\t\t\t\t\t\t  \t\"name\": \"XXXVIII Triatlo de Oeiras\",\r\n\t\t\t\t\t\t\t  \t\"startDate\": \"2025-5-11T11-11-04-00\",\r\n\t\t\t\t\t\t\t  \t\"endDate\": \"2025-5-11T11-11-04-00\",\r\n\t\t\t\t\t\t\t  \t\"image\":,\r\n\t\t\t\t\t\t\t  \t\"description\":\"Regulamento XXXVIII Triatlo de Oeiras\r\n\r\nPercursos XXXVIII Triatlo de Oeiras - Camp. Nacional Individual de Triatlo Sprint Elites e CN Cadetes\r\n\r\nPercursos XXXVIII\",\r\n\t\t\t\t\t\t\t  \t\r\n\t\t\t\t\t\t\t }\r\n\t\t\t\t\t\t\t<\/script><\/div>\r\n\t\t\t\t<p class=\"desc_trig_outter\"><a data-gmap_status=\"null\" data-exlk=\"0\" style=\"border-color: #088669;\" id=\"evc_1746961440101212\" class=\"desc_trig evo_competicao-nacional sin_val evcal_list_a\" data-ux_val=\"4\"  ><span class='evcal_cblock ' data-bgcolor='#088669' data-smon='Maio' data-syr='2025'><span class='evo_start '><em class='date'>11<\/em><em class='month'>mai<\/em><em class='time'>11:04<\/em><\/span><span class='evo_end only_time'><em class='time'>11:04<\/em><\/span><em class='clear'><\/em><\/span><span class='evcal_desc evo_info hide_eventtopdata '  data-location_status=\"false\" ><span class='evo_above_title'><\/span><span class='evcal_desc2 evcal_event_title' itemprop='name'>XXXVIII Triatlo de Oeiras<\/span><span class='evo_below_title'><span class='evcal_event_subtitle' >Campeonato Nacional Individual de Triatlo Sprint - Campeonato Nacional de Triatlo Sprint de Juniores - Campeonato Nacional de Triatlo de Cadetes - Campeonato Nacional Individual de Paratriatlo - Prova Aberta<\/span><\/span><span class='evcal_desc_info' ><\/span><span class='evcal_desc3'><span class='evcal_event_types ett1'><em><i>Tipo de Evento:<\/i><\/em><em data-filter='event_type'>Competi\u00e7\u00e3o Nacional<\/em><i class='clear'><\/i><\/span><\/span><\/span><em class='clear'><\/em><\/p><\/a><div class='clear end'><\/div><\/div><div id=\"event_101213\" class=\"eventon_list_event evo_eventtop past_event event\" data-event_id=\"101213\" data-time=\"1748084760-1748084760\" data-colr=\"#088669\" itemscope itemtype='http:\/\/schema.org\/Event' 4><div class=\"evo_event_schema\" style=\"display:none\" ><a itemprop='url'  href='https:\/\/www.federacao-triatlo.pt\/ftp2015\/events\/xiii-triatlo-longo-de-caminha\/'><\/a><span itemprop='name'  >XIII Triatlo Longo de Caminha<\/span><meta itemprop='image' content='https:\/\/www.federacao-triatlo.pt\/ftp2015\/wp-content\/uploads\/2024\/11\/IMG-20250127-WA0000-300x300.jpg' ><\/meta><meta itemprop='description' content='Regulamento XIII Triatlo Longo de Caminha\r\n\r\nPercursos XIII Triatlo Longo de Caminha - CN Individual\r\n\r\nPercursos XIII Triatlo Longo de Caminha - Prova Aberta\r\n\r\nBriefing XIII Triatlo' ><\/meta><meta itemprop='startDate' content='2025-5-24' ><\/meta><meta itemprop='endDate' content='2025-5-24' ><\/meta><meta itemprop='eventStatus' content='on-schedule' ><\/meta><script type=\"application\/ld+json\">{\t\"@context\": \"http:\/\/schema.org\",\r\n\t\t\t\t\t\t\t  \t\"@type\": \"Event\",\r\n\t\t\t\t\t\t\t  \t\"name\": \"XIII Triatlo Longo de Caminha\",\r\n\t\t\t\t\t\t\t  \t\"startDate\": \"2025-5-24T11-11-06-00\",\r\n\t\t\t\t\t\t\t  \t\"endDate\": \"2025-5-24T11-11-06-00\",\r\n\t\t\t\t\t\t\t  \t\"image\":\"https:\/\/www.federacao-triatlo.pt\/ftp2015\/wp-content\/uploads\/2024\/11\/IMG-20250127-WA0000-300x300.jpg\",\r\n\t\t\t\t\t\t\t  \t\"description\":\"Regulamento XIII Triatlo Longo de Caminha\r\n\r\nPercursos XIII Triatlo Longo de Caminha - CN Individual\r\n\r\nPercursos XIII Triatlo Longo de Caminha - Prova Aberta\r\n\r\nBriefing XIII Triatlo\",\r\n\t\t\t\t\t\t\t  \t\r\n\t\t\t\t\t\t\t }\r\n\t\t\t\t\t\t\t<\/script><\/div>\r\n\t\t\t\t<p class=\"desc_trig_outter\"><a data-gmap_status=\"null\" data-exlk=\"0\" style=\"border-color: #088669;\" id=\"evc_1748084760101213\" class=\"desc_trig evo_competicao-nacional sin_val evcal_list_a\" data-ux_val=\"4\"  ><span class='evcal_cblock ' data-bgcolor='#088669' data-smon='Maio' data-syr='2025'><span class='evo_start '><em class='date'>24<\/em><em class='month'>mai<\/em><em class='time'>11:06<\/em><\/span><span class='evo_end only_time'><em class='time'>11:06<\/em><\/span><em class='clear'><\/em><\/span><span class='evcal_desc evo_info hide_eventtopdata '  data-location_status=\"false\" ><span class='evo_above_title'><\/span><span class='evcal_desc2 evcal_event_title' itemprop='name'>XIII Triatlo Longo de Caminha<\/span><span class='evo_below_title'><span class='evcal_event_subtitle' >Campeonato Nacional Individual de Triatlo de M\u00e9dia Dist\u00e2ncia - Campeonato Nacional de Clubes de Triatlo Longo<\/span><\/span><span class='evcal_desc_info' ><\/span><span class='evcal_desc3'><span class='evcal_event_types ett1'><em><i>Tipo de Evento:<\/i><\/em><em data-filter='event_type'>Competi\u00e7\u00e3o Nacional<\/em><i class='clear'><\/i><\/span><\/span><\/span><em class='clear'><\/em><\/p><\/a><div class='clear end'><\/div><\/div><div id=\"event_101214\" class=\"eventon_list_event evo_eventtop past_event event\" data-event_id=\"101214\" data-time=\"1748689620-1748776020\" data-colr=\"#088669\" itemscope itemtype='http:\/\/schema.org\/Event' 5><div class=\"evo_event_schema\" style=\"display:none\" ><a itemprop='url'  href='https:\/\/www.federacao-triatlo.pt\/ftp2015\/events\/xterra-portugal-2025\/'><\/a><span itemprop='name'  >XTERRA PORTUGAL 2025<\/span><meta itemprop='image'  ><\/meta><meta itemprop='description' content='Regulamento XTERRA PORTUGAL 2025\r\n\r\nPercursos XTERRA PORTUGAL 2025\r\n\r\nPercursos XTERRA PORTUGAL 2025 - Camp. Nac. Jovem\r\n\r\nPercursos XTERRA PORTUGAL 2025 - XTERRA Sprint\r\n\r\nLista Inscritos Camp. Nac.' ><\/meta><meta itemprop='startDate' content='2025-5-31' ><\/meta><meta itemprop='endDate' content='2025-6-1' ><\/meta><meta itemprop='eventStatus' content='on-schedule' ><\/meta><script type=\"application\/ld+json\">{\t\"@context\": \"http:\/\/schema.org\",\r\n\t\t\t\t\t\t\t  \t\"@type\": \"Event\",\r\n\t\t\t\t\t\t\t  \t\"name\": \"XTERRA PORTUGAL 2025\",\r\n\t\t\t\t\t\t\t  \t\"startDate\": \"2025-5-31T11-11-07-00\",\r\n\t\t\t\t\t\t\t  \t\"endDate\": \"2025-6-1T11-11-07-00\",\r\n\t\t\t\t\t\t\t  \t\"image\":,\r\n\t\t\t\t\t\t\t  \t\"description\":\"Regulamento XTERRA PORTUGAL 2025\r\n\r\nPercursos XTERRA PORTUGAL 2025\r\n\r\nPercursos XTERRA PORTUGAL 2025 - Camp. Nac. Jovem\r\n\r\nPercursos XTERRA PORTUGAL 2025 - XTERRA Sprint\r\n\r\nLista Inscritos Camp. Nac.\",\r\n\t\t\t\t\t\t\t  \t\r\n\t\t\t\t\t\t\t }\r\n\t\t\t\t\t\t\t<\/script><\/div>\r\n\t\t\t\t<p class=\"desc_trig_outter\"><a data-gmap_status=\"null\" data-exlk=\"0\" style=\"border-color: #088669;\" id=\"evc_1748689620101214\" class=\"desc_trig evo_competicao-nacional mul_val evcal_list_a\" data-ux_val=\"4\"  ><span class='evcal_cblock ' data-bgcolor='#088669' data-smon='Maio' data-syr='2025'><span class='evo_start '><em class='date'>31<\/em><em class='month'>mai<\/em><\/span><span class='evo_end '><em class='date'>01<\/em><em class='month'>jun<\/em><\/span><em class='clear'><\/em><\/span><span class='evcal_desc evo_info hide_eventtopdata '  data-location_status=\"false\" ><span class='evo_above_title'><\/span><span class='evcal_desc2 evcal_event_title' itemprop='name'>XTERRA PORTUGAL 2025<\/span><span class='evo_below_title'><span class='evcal_event_subtitle' > Campeonato Nacional de Clubes Cross - Campeonato Nacional Individual de Triatlo Cross - Campeonato Nacional Jovem<\/span><\/span><span class='evcal_desc_info' ><\/span><span class='evcal_desc3'><span class='evcal_event_types ett1'><em><i>Tipo de Evento:<\/i><\/em><em data-filter='event_type'>Competi\u00e7\u00e3o Nacional<\/em><i class='clear'><\/i><\/span><\/span><\/span><em class='clear'><\/em><\/p><\/a><div class='clear end'><\/div><\/div><\/div><div class='evcal_month_line'><p>Junho 2025<\/p><\/div><div id='evcal_list' class='evcal_list_month eventon_events_list '><div id=\"event_101214\" class=\"eventon_list_event evo_eventtop past_event event\" data-event_id=\"101214\" data-time=\"1748689620-1748776020\" data-colr=\"#088669\" itemscope itemtype='http:\/\/schema.org\/Event' 1><div class=\"evo_event_schema\" style=\"display:none\" ><a itemprop='url'  href='https:\/\/www.federacao-triatlo.pt\/ftp2015\/events\/xterra-portugal-2025\/'><\/a><span itemprop='name'  >XTERRA PORTUGAL 2025<\/span><meta itemprop='image'  ><\/meta><meta itemprop='description' content='Regulamento XTERRA PORTUGAL 2025\r\n\r\nPercursos XTERRA PORTUGAL 2025\r\n\r\nPercursos XTERRA PORTUGAL 2025 - Camp. Nac. Jovem\r\n\r\nPercursos XTERRA PORTUGAL 2025 - XTERRA Sprint\r\n\r\nLista Inscritos Camp. Nac.' ><\/meta><meta itemprop='startDate' content='2025-5-31' ><\/meta><meta itemprop='endDate' content='2025-6-1' ><\/meta><meta itemprop='eventStatus' content='on-schedule' ><\/meta><script type=\"application\/ld+json\">{\t\"@context\": \"http:\/\/schema.org\",\r\n\t\t\t\t\t\t\t  \t\"@type\": \"Event\",\r\n\t\t\t\t\t\t\t  \t\"name\": \"XTERRA PORTUGAL 2025\",\r\n\t\t\t\t\t\t\t  \t\"startDate\": \"2025-5-31T11-11-07-00\",\r\n\t\t\t\t\t\t\t  \t\"endDate\": \"2025-6-1T11-11-07-00\",\r\n\t\t\t\t\t\t\t  \t\"image\":,\r\n\t\t\t\t\t\t\t  \t\"description\":\"Regulamento XTERRA PORTUGAL 2025\r\n\r\nPercursos XTERRA PORTUGAL 2025\r\n\r\nPercursos XTERRA PORTUGAL 2025 - Camp. Nac. Jovem\r\n\r\nPercursos XTERRA PORTUGAL 2025 - XTERRA Sprint\r\n\r\nLista Inscritos Camp. Nac.\",\r\n\t\t\t\t\t\t\t  \t\r\n\t\t\t\t\t\t\t }\r\n\t\t\t\t\t\t\t<\/script><\/div>\r\n\t\t\t\t<p class=\"desc_trig_outter\"><a data-gmap_status=\"null\" data-exlk=\"0\" style=\"border-color: #088669;\" id=\"evc_1748689620101214\" class=\"desc_trig evo_competicao-nacional mul_val evcal_list_a\" data-ux_val=\"4\"  ><span class='evcal_cblock ' data-bgcolor='#088669' data-smon='Maio' data-syr='2025'><span class='evo_start '><em class='date'>31<\/em><em class='month'>mai<\/em><\/span><span class='evo_end '><em class='date'>01<\/em><em class='month'>jun<\/em><\/span><em class='clear'><\/em><\/span><span class='evcal_desc evo_info hide_eventtopdata '  data-location_status=\"false\" ><span class='evo_above_title'><\/span><span class='evcal_desc2 evcal_event_title' itemprop='name'>XTERRA PORTUGAL 2025<\/span><span class='evo_below_title'><span class='evcal_event_subtitle' > Campeonato Nacional de Clubes Cross - Campeonato Nacional Individual de Triatlo Cross - Campeonato Nacional Jovem<\/span><\/span><span class='evcal_desc_info' ><\/span><span class='evcal_desc3'><span class='evcal_event_types ett1'><em><i>Tipo de Evento:<\/i><\/em><em data-filter='event_type'>Competi\u00e7\u00e3o Nacional<\/em><i class='clear'><\/i><\/span><\/span><\/span><em class='clear'><\/em><\/p><\/a><div class='clear end'><\/div><\/div><div id=\"event_101548\" class=\"eventon_list_event evo_eventtop past_event event\" data-event_id=\"101548\" data-time=\"1749285840-1749285840\" data-colr=\"#088669\" itemscope itemtype='http:\/\/schema.org\/Event' 2><div class=\"evo_event_schema\" style=\"display:none\" ><a itemprop='url'  href='https:\/\/www.federacao-triatlo.pt\/ftp2015\/events\/triatlo-de-coimbra-elites\/'><\/a><span itemprop='name'  >Triatlo de Coimbra - Elites<\/span><meta itemprop='image'  ><\/meta><meta itemprop='description' content='Triatlo de Coimbra - Elites' ><\/meta><meta itemprop='startDate' content='2025-6-7' ><\/meta><meta itemprop='endDate' content='2025-6-7' ><\/meta><meta itemprop='eventStatus' content='on-schedule' ><\/meta><script type=\"application\/ld+json\">{\t\"@context\": \"http:\/\/schema.org\",\r\n\t\t\t\t\t\t\t  \t\"@type\": \"Event\",\r\n\t\t\t\t\t\t\t  \t\"name\": \"Triatlo de Coimbra - Elites\",\r\n\t\t\t\t\t\t\t  \t\"startDate\": \"2025-6-7T08-08-44-00\",\r\n\t\t\t\t\t\t\t  \t\"endDate\": \"2025-6-7T08-08-44-00\",\r\n\t\t\t\t\t\t\t  \t\"image\":,\r\n\t\t\t\t\t\t\t  \t\"description\":\"Triatlo de Coimbra - Elites\",\r\n\t\t\t\t\t\t\t  \t\r\n\t\t\t\t\t\t\t }\r\n\t\t\t\t\t\t\t<\/script><\/div>\r\n\t\t\t\t<p class=\"desc_trig_outter\"><a data-gmap_status=\"null\" data-exlk=\"0\" style=\"border-color: #088669;\" id=\"evc_1749285840101548\" class=\"desc_trig cancel_event 1 evo_competicao-nacional sin_val evcal_list_a\" data-ux_val=\"4\"  ><span class='evcal_cblock ' data-bgcolor='#088669' data-smon='Junho' data-syr='2025'><span class='evo_start '><em class='date'>07<\/em><em class='month'>jun<\/em><em class='time'>8:44<\/em><\/span><span class='evo_end only_time'><em class='time'>8:44<\/em><\/span><em class='clear'><\/em><\/span><span class='evcal_desc evo_info hide_eventtopdata '  data-location_status=\"false\" ><span class='evo_above_title'><span class='evo_event_headers canceled' title=''>Evento Cancelado<\/span><\/span><span class='evcal_desc2 evcal_event_title' itemprop='name'>Triatlo de Coimbra - Elites<\/span><span class='evo_below_title'><span class='evcal_event_subtitle' >Campeonato Nacional Individual de Triatlo Standard<\/span><\/span><span class='evcal_desc_info' ><\/span><span class='evcal_desc3'><span class='evcal_event_types ett1'><em><i>Tipo de Evento:<\/i><\/em><em data-filter='event_type'>Competi\u00e7\u00e3o Nacional<\/em><i class='clear'><\/i><\/span><\/span><\/span><em class='clear'><\/em><\/p><\/a><div class='clear end'><\/div><\/div><div id=\"event_101222\" class=\"eventon_list_event evo_eventtop past_event event\" data-event_id=\"101222\" data-time=\"1749295380-1749295380\" data-colr=\"#088669\" itemscope itemtype='http:\/\/schema.org\/Event' 3><div class=\"evo_event_schema\" style=\"display:none\" ><a itemprop='url'  href='https:\/\/www.federacao-triatlo.pt\/ftp2015\/events\/triatlo-9\/'><\/a><span itemprop='name'  >II Triatlo de Faro<\/span><meta itemprop='image' content='https:\/\/www.federacao-triatlo.pt\/ftp2015\/wp-content\/uploads\/2024\/11\/poster_campeonato_nacional_triatlo_01-1_page-0001-212x300.jpg' ><\/meta><meta itemprop='description' content='Regulamento II Triatlo de Faro\r\n\r\nPercursos II Triatlo de Faro\r\n\r\nLista Inscritos Camp. Nac. Individual \u2013 Elites\r\n\r\nLista Inscritos Camp. Nac.' ><\/meta><meta itemprop='startDate' content='2025-6-7' ><\/meta><meta itemprop='endDate' content='2025-6-7' ><\/meta><meta itemprop='eventStatus' content='on-schedule' ><\/meta><script type=\"application\/ld+json\">{\t\"@context\": \"http:\/\/schema.org\",\r\n\t\t\t\t\t\t\t  \t\"@type\": \"Event\",\r\n\t\t\t\t\t\t\t  \t\"name\": \"II Triatlo de Faro\",\r\n\t\t\t\t\t\t\t  \t\"startDate\": \"2025-6-7T11-11-23-00\",\r\n\t\t\t\t\t\t\t  \t\"endDate\": \"2025-6-7T11-11-23-00\",\r\n\t\t\t\t\t\t\t  \t\"image\":\"https:\/\/www.federacao-triatlo.pt\/ftp2015\/wp-content\/uploads\/2024\/11\/poster_campeonato_nacional_triatlo_01-1_page-0001-212x300.jpg\",\r\n\t\t\t\t\t\t\t  \t\"description\":\"Regulamento II Triatlo de Faro\r\n\r\nPercursos II Triatlo de Faro\r\n\r\nLista Inscritos Camp. Nac. Individual \u2013 Elites\r\n\r\nLista Inscritos Camp. Nac.\",\r\n\t\t\t\t\t\t\t  \t\r\n\t\t\t\t\t\t\t }\r\n\t\t\t\t\t\t\t<\/script><\/div>\r\n\t\t\t\t<p class=\"desc_trig_outter\"><a data-gmap_status=\"null\" data-exlk=\"0\" style=\"border-color: #088669;\" id=\"evc_1749295380101222\" class=\"desc_trig evo_competicao-nacional sin_val evcal_list_a\" data-ux_val=\"4\"  ><span class='evcal_cblock ' data-bgcolor='#088669' data-smon='Junho' data-syr='2025'><span class='evo_start '><em class='date'>07<\/em><em class='month'>jun<\/em><em class='time'>11:23<\/em><\/span><span class='evo_end only_time'><em class='time'>11:23<\/em><\/span><em class='clear'><\/em><\/span><span class='evcal_desc evo_info hide_eventtopdata '  data-location_status=\"false\" ><span class='evo_above_title'><\/span><span class='evcal_desc2 evcal_event_title' itemprop='name'>II Triatlo de Faro<\/span><span class='evo_below_title'><span class='evcal_event_subtitle' >Campeonato Nacional Individual de Triatlo Standard - Campeonato Nacional de Triatlo Standard de Juniores<\/span><\/span><span class='evcal_desc_info' ><\/span><span class='evcal_desc3'><span class='evcal_event_types ett1'><em><i>Tipo de Evento:<\/i><\/em><em data-filter='event_type'>Competi\u00e7\u00e3o Nacional<\/em><i class='clear'><\/i><\/span><\/span><\/span><em class='clear'><\/em><\/p><\/a><div class='clear end'><\/div><\/div><div id=\"event_101215\" class=\"eventon_list_event evo_eventtop past_event event\" data-event_id=\"101215\" data-time=\"1749380880-1749380880\" data-colr=\"#088669\" itemscope itemtype='http:\/\/schema.org\/Event' 4><div class=\"evo_event_schema\" style=\"display:none\" ><a itemprop='url'  href='https:\/\/www.federacao-triatlo.pt\/ftp2015\/events\/triatlo-de-coimbra\/'><\/a><span itemprop='name'  >Triatlo de Coimbra<\/span><meta itemprop='image'  ><\/meta><meta itemprop='description' content='Triatlo de Coimbra' ><\/meta><meta itemprop='startDate' content='2025-6-8' ><\/meta><meta itemprop='endDate' content='2025-6-8' ><\/meta><meta itemprop='eventStatus' content='on-schedule' ><\/meta><script type=\"application\/ld+json\">{\t\"@context\": \"http:\/\/schema.org\",\r\n\t\t\t\t\t\t\t  \t\"@type\": \"Event\",\r\n\t\t\t\t\t\t\t  \t\"name\": \"Triatlo de Coimbra\",\r\n\t\t\t\t\t\t\t  \t\"startDate\": \"2025-6-8T11-11-08-00\",\r\n\t\t\t\t\t\t\t  \t\"endDate\": \"2025-6-8T11-11-08-00\",\r\n\t\t\t\t\t\t\t  \t\"image\":,\r\n\t\t\t\t\t\t\t  \t\"description\":\"Triatlo de Coimbra\",\r\n\t\t\t\t\t\t\t  \t\r\n\t\t\t\t\t\t\t }\r\n\t\t\t\t\t\t\t<\/script><\/div>\r\n\t\t\t\t<p class=\"desc_trig_outter\"><a data-gmap_status=\"null\" data-exlk=\"0\" style=\"border-color: #088669;\" id=\"evc_1749380880101215\" class=\"desc_trig cancel_event 1 evo_competicao-nacional sin_val evcal_list_a\" data-ux_val=\"4\"  ><span class='evcal_cblock ' data-bgcolor='#088669' data-smon='Junho' data-syr='2025'><span class='evo_start '><em class='date'>08<\/em><em class='month'>jun<\/em><em class='time'>11:08<\/em><\/span><span class='evo_end only_time'><em class='time'>11:08<\/em><\/span><em class='clear'><\/em><\/span><span class='evcal_desc evo_info hide_eventtopdata '  data-location_status=\"false\" ><span class='evo_above_title'><span class='evo_event_headers canceled' title=''>Evento Cancelado<\/span><\/span><span class='evcal_desc2 evcal_event_title' itemprop='name'>Triatlo de Coimbra<\/span><span class='evo_below_title'><span class='evcal_event_subtitle' >Campeonato Nacional Individual de Triatlo de Longa Dist\u00e2ncia<\/span><\/span><span class='evcal_desc_info' ><\/span><span class='evcal_desc3'><span class='evcal_event_types ett1'><em><i>Tipo de Evento:<\/i><\/em><em data-filter='event_type'>Competi\u00e7\u00e3o Nacional<\/em><i class='clear'><\/i><\/span><\/span><\/span><em class='clear'><\/em><\/p><\/a><div class='clear end'><\/div><\/div><div id=\"event_101216\" class=\"eventon_list_event evo_eventtop past_event event\" data-event_id=\"101216\" data-time=\"1749899400-1749899400\" data-colr=\"#088669\" itemscope itemtype='http:\/\/schema.org\/Event' 5><div class=\"evo_event_schema\" style=\"display:none\" ><a itemprop='url'  href='https:\/\/www.federacao-triatlo.pt\/ftp2015\/events\/xl-triatlo-cidade-de-peniche\/'><\/a><span itemprop='name'  >XL Triatlo Cidade de Peniche<\/span><meta itemprop='image'  ><\/meta><meta itemprop='description' content='Regulamento XL Triatlo Cidade de Peniche\r\n\r\nPercursos XL Triatlo Cidade de Peniche - CN Clubes Triatlo\r\n\r\nPercursos XL Triatlo Cidade de Peniche -' ><\/meta><meta itemprop='startDate' content='2025-6-14' ><\/meta><meta itemprop='endDate' content='2025-6-14' ><\/meta><meta itemprop='eventStatus' content='on-schedule' ><\/meta><script type=\"application\/ld+json\">{\t\"@context\": \"http:\/\/schema.org\",\r\n\t\t\t\t\t\t\t  \t\"@type\": \"Event\",\r\n\t\t\t\t\t\t\t  \t\"name\": \"XL Triatlo Cidade de Peniche\",\r\n\t\t\t\t\t\t\t  \t\"startDate\": \"2025-6-14T11-11-10-00\",\r\n\t\t\t\t\t\t\t  \t\"endDate\": \"2025-6-14T11-11-10-00\",\r\n\t\t\t\t\t\t\t  \t\"image\":,\r\n\t\t\t\t\t\t\t  \t\"description\":\"Regulamento XL Triatlo Cidade de Peniche\r\n\r\nPercursos XL Triatlo Cidade de Peniche - CN Clubes Triatlo\r\n\r\nPercursos XL Triatlo Cidade de Peniche -\",\r\n\t\t\t\t\t\t\t  \t\r\n\t\t\t\t\t\t\t }\r\n\t\t\t\t\t\t\t<\/script><\/div>\r\n\t\t\t\t<p class=\"desc_trig_outter\"><a data-gmap_status=\"null\" data-exlk=\"0\" style=\"border-color: #088669;\" id=\"evc_1749899400101216\" class=\"desc_trig evo_competicao-nacional sin_val evcal_list_a\" data-ux_val=\"4\"  ><span class='evcal_cblock ' data-bgcolor='#088669' data-smon='Junho' data-syr='2025'><span class='evo_start '><em class='date'>14<\/em><em class='month'>jun<\/em><em class='time'>11:10<\/em><\/span><span class='evo_end only_time'><em class='time'>11:10<\/em><\/span><em class='clear'><\/em><\/span><span class='evcal_desc evo_info hide_eventtopdata '  data-location_status=\"false\" ><span class='evo_above_title'><\/span><span class='evcal_desc2 evcal_event_title' itemprop='name'>XL Triatlo Cidade de Peniche<\/span><span class='evo_below_title'><span class='evcal_event_subtitle' > Campeonato Nacional de Clubes de Triatlo - Campeonato Nacional Universit\u00e1rio - Campeonato Nacional Jovem<\/span><\/span><span class='evcal_desc_info' ><\/span><span class='evcal_desc3'><span class='evcal_event_types ett1'><em><i>Tipo de Evento:<\/i><\/em><em data-filter='event_type'>Competi\u00e7\u00e3o Nacional<\/em><i class='clear'><\/i><\/span><\/span><\/span><em class='clear'><\/em><\/p><\/a><div class='clear end'><\/div><\/div><div id=\"event_101217\" class=\"eventon_list_event evo_eventtop past_event event\" data-event_id=\"101217\" data-time=\"1750518420-1750518420\" data-colr=\"#088669\" itemscope itemtype='http:\/\/schema.org\/Event' 6><div class=\"evo_event_schema\" style=\"display:none\" ><a itemprop='url'  href='https:\/\/www.federacao-triatlo.pt\/ftp2015\/events\/ii-triatlo-cidade-de-serpa\/'><\/a><span itemprop='name'  >II Triatlo Cidade de Serpa<\/span><meta itemprop='image'  ><\/meta><meta itemprop='description' content='Regulamento II Triatlo Cidade de Serpa\r\n\r\nPercursos II Triatlo Cidade de Serpa\r\n\r\nLista Inscritos Ta\u00e7a de Portugal' ><\/meta><meta itemprop='startDate' content='2025-6-21' ><\/meta><meta itemprop='endDate' content='2025-6-21' ><\/meta><meta itemprop='eventStatus' content='on-schedule' ><\/meta><script type=\"application\/ld+json\">{\t\"@context\": \"http:\/\/schema.org\",\r\n\t\t\t\t\t\t\t  \t\"@type\": \"Event\",\r\n\t\t\t\t\t\t\t  \t\"name\": \"II Triatlo Cidade de Serpa\",\r\n\t\t\t\t\t\t\t  \t\"startDate\": \"2025-6-21T15-15-07-00\",\r\n\t\t\t\t\t\t\t  \t\"endDate\": \"2025-6-21T15-15-07-00\",\r\n\t\t\t\t\t\t\t  \t\"image\":,\r\n\t\t\t\t\t\t\t  \t\"description\":\"Regulamento II Triatlo Cidade de Serpa\r\n\r\nPercursos II Triatlo Cidade de Serpa\r\n\r\nLista Inscritos Ta\u00e7a de Portugal\",\r\n\t\t\t\t\t\t\t  \t\r\n\t\t\t\t\t\t\t }\r\n\t\t\t\t\t\t\t<\/script><\/div>\r\n\t\t\t\t<p class=\"desc_trig_outter\"><a data-gmap_status=\"null\" data-exlk=\"0\" style=\"border-color: #088669;\" id=\"evc_1750518420101217\" class=\"desc_trig evo_competicao-nacional sin_val evcal_list_a\" data-ux_val=\"4\"  ><span class='evcal_cblock ' data-bgcolor='#088669' data-smon='Junho' data-syr='2025'><span class='evo_start '><em class='date'>21<\/em><em class='month'>jun<\/em><em class='time'>15:07<\/em><\/span><span class='evo_end only_time'><em class='time'>15:07<\/em><\/span><em class='clear'><\/em><\/span><span class='evcal_desc evo_info hide_eventtopdata '  data-location_status=\"false\" ><span class='evo_above_title'><\/span><span class='evcal_desc2 evcal_event_title' itemprop='name'>II Triatlo Cidade de Serpa<\/span><span class='evo_below_title'><\/span><span class='evcal_desc_info' ><\/span><span class='evcal_desc3'><span class='evcal_event_types ett1'><em><i>Tipo de Evento:<\/i><\/em><em data-filter='event_type'>Competi\u00e7\u00e3o Nacional<\/em><i class='clear'><\/i><\/span><\/span><\/span><em class='clear'><\/em><\/p><\/a><div class='clear end'><\/div><\/div><div id=\"event_101219\" class=\"eventon_list_event evo_eventtop past_event event\" data-event_id=\"101219\" data-time=\"1751195820-1751195820\" data-colr=\"#088669\" itemscope itemtype='http:\/\/schema.org\/Event' 7><div class=\"evo_event_schema\" style=\"display:none\" ><a itemprop='url'  href='https:\/\/www.federacao-triatlo.pt\/ftp2015\/events\/triatlo-7\/'><\/a><span itemprop='name'  >Triatlo de Coruche<\/span><meta itemprop='image'  ><\/meta><meta itemprop='description' content='Triatlo de Coruche' ><\/meta><meta itemprop='startDate' content='2025-6-29' ><\/meta><meta itemprop='endDate' content='2025-6-29' ><\/meta><meta itemprop='eventStatus' content='on-schedule' ><\/meta><script type=\"application\/ld+json\">{\t\"@context\": \"http:\/\/schema.org\",\r\n\t\t\t\t\t\t\t  \t\"@type\": \"Event\",\r\n\t\t\t\t\t\t\t  \t\"name\": \"Triatlo de Coruche\",\r\n\t\t\t\t\t\t\t  \t\"startDate\": \"2025-6-29T11-11-17-00\",\r\n\t\t\t\t\t\t\t  \t\"endDate\": \"2025-6-29T11-11-17-00\",\r\n\t\t\t\t\t\t\t  \t\"image\":,\r\n\t\t\t\t\t\t\t  \t\"description\":\"Triatlo de Coruche\",\r\n\t\t\t\t\t\t\t  \t\r\n\t\t\t\t\t\t\t }\r\n\t\t\t\t\t\t\t<\/script><\/div>\r\n\t\t\t\t<p class=\"desc_trig_outter\"><a data-gmap_status=\"null\" data-exlk=\"0\" style=\"border-color: #088669;\" id=\"evc_1751195820101219\" class=\"desc_trig cancel_event 1 evo_competicao-nacional sin_val evcal_list_a\" data-ux_val=\"4\"  ><span class='evcal_cblock ' data-bgcolor='#088669' data-smon='Junho' data-syr='2025'><span class='evo_start '><em class='date'>29<\/em><em class='month'>jun<\/em><em class='time'>11:17<\/em><\/span><span class='evo_end only_time'><em class='time'>11:17<\/em><\/span><em class='clear'><\/em><\/span><span class='evcal_desc evo_info hide_eventtopdata '  data-location_status=\"false\" ><span class='evo_above_title'><span class='evo_event_headers canceled' title=''>Evento Cancelado<\/span><\/span><span class='evcal_desc2 evcal_event_title' itemprop='name'>Triatlo de Coruche<\/span><span class='evo_below_title'><span class='evcal_event_subtitle' >Campeonato Nacional de Clubes de Estafetas Mistas - Campeonato Nacional Jovem<\/span><\/span><span class='evcal_desc_info' ><\/span><span class='evcal_desc3'><span class='evcal_event_types ett1'><em><i>Tipo de Evento:<\/i><\/em><em data-filter='event_type'>Competi\u00e7\u00e3o Nacional<\/em><i class='clear'><\/i><\/span><\/span><\/span><em class='clear'><\/em><\/p><\/a><div class='clear end'><\/div><\/div><\/div><div class='evcal_month_line'><p>Julho 2025<\/p><\/div><div id='evcal_list' class='evcal_list_month eventon_events_list '><div id=\"event_101218\" class=\"eventon_list_event evo_eventtop past_event event\" data-event_id=\"101218\" data-time=\"1751800440-1751800440\" data-colr=\"#088669\" itemscope itemtype='http:\/\/schema.org\/Event' 1><div class=\"evo_event_schema\" style=\"display:none\" ><a itemprop='url'  href='https:\/\/www.federacao-triatlo.pt\/ftp2015\/events\/vi-aquatlo-de-amora\/'><\/a><span itemprop='name'  >XIII Triatlo Jovem da Amora<\/span><meta itemprop='image' content='https:\/\/www.federacao-triatlo.pt\/ftp2015\/wp-content\/uploads\/2024\/11\/CARTAZ-7_page-0001-212x300.jpg' ><\/meta><meta itemprop='description' content='Regulamento XIII Triatlo Jovem da Amora\r\n\r\nPercursos XIII Triatlo Jovem da Amora\r\n\r\nLista Inscritos Camp. Nac. Jovem' ><\/meta><meta itemprop='startDate' content='2025-7-6' ><\/meta><meta itemprop='endDate' content='2025-7-6' ><\/meta><meta itemprop='eventStatus' content='on-schedule' ><\/meta><script type=\"application\/ld+json\">{\t\"@context\": \"http:\/\/schema.org\",\r\n\t\t\t\t\t\t\t  \t\"@type\": \"Event\",\r\n\t\t\t\t\t\t\t  \t\"name\": \"XIII Triatlo Jovem da Amora\",\r\n\t\t\t\t\t\t\t  \t\"startDate\": \"2025-7-6T11-11-14-00\",\r\n\t\t\t\t\t\t\t  \t\"endDate\": \"2025-7-6T11-11-14-00\",\r\n\t\t\t\t\t\t\t  \t\"image\":\"https:\/\/www.federacao-triatlo.pt\/ftp2015\/wp-content\/uploads\/2024\/11\/CARTAZ-7_page-0001-212x300.jpg\",\r\n\t\t\t\t\t\t\t  \t\"description\":\"Regulamento XIII Triatlo Jovem da Amora\r\n\r\nPercursos XIII Triatlo Jovem da Amora\r\n\r\nLista Inscritos Camp. Nac. Jovem\",\r\n\t\t\t\t\t\t\t  \t\r\n\t\t\t\t\t\t\t }\r\n\t\t\t\t\t\t\t<\/script><\/div>\r\n\t\t\t\t<p class=\"desc_trig_outter\"><a data-gmap_status=\"null\" data-exlk=\"0\" style=\"border-color: #088669;\" id=\"evc_1751800440101218\" class=\"desc_trig evo_competicao-nacional sin_val evcal_list_a\" data-ux_val=\"4\"  ><span class='evcal_cblock ' data-bgcolor='#088669' data-smon='Julho' data-syr='2025'><span class='evo_start '><em class='date'>06<\/em><em class='month'>jul<\/em><em class='time'>11:14<\/em><\/span><span class='evo_end only_time'><em class='time'>11:14<\/em><\/span><em class='clear'><\/em><\/span><span class='evcal_desc evo_info hide_eventtopdata '  data-location_status=\"false\" ><span class='evo_above_title'><\/span><span class='evcal_desc2 evcal_event_title' itemprop='name'>XIII Triatlo Jovem da Amora<\/span><span class='evo_below_title'><span class='evcal_event_subtitle' >Campeonato Nacional Jovem<\/span><\/span><span class='evcal_desc_info' ><\/span><span class='evcal_desc3'><span class='evcal_event_types ett1'><em><i>Tipo de Evento:<\/i><\/em><em data-filter='event_type'>Competi\u00e7\u00e3o Nacional<\/em><i class='clear'><\/i><\/span><\/span><\/span><em class='clear'><\/em><\/p><\/a><div class='clear end'><\/div><\/div><div id=\"event_101221\" class=\"eventon_list_event evo_eventtop past_event event\" data-event_id=\"101221\" data-time=\"1752405720-1752405720\" data-colr=\"#088669\" itemscope itemtype='http:\/\/schema.org\/Event' 2><div class=\"evo_event_schema\" style=\"display:none\" ><a itemprop='url'  href='https:\/\/www.federacao-triatlo.pt\/ftp2015\/events\/triatlo-8\/'><\/a><span itemprop='name'  >Rios Ib\u00e9ricos Remax Advanced<\/span><meta itemprop='image' content='https:\/\/www.federacao-triatlo.pt\/ftp2015\/wp-content\/uploads\/2024\/11\/Cartaz-domingo-300x168.jpg' ><\/meta><meta itemprop='description' content='Regulamento Rios Ib\u00e9ricos Remax Advanced\r\n\r\nPercursos Rios Ib\u00e9ricos Remax Advanced - Camp. Nac. Cadetes\r\n\r\nPercursos Rios Ib\u00e9ricos Remax Advanced - Duatlo Promo\u00e7\u00e3o\r\n\r\n' ><\/meta><meta itemprop='startDate' content='2025-7-13' ><\/meta><meta itemprop='endDate' content='2025-7-13' ><\/meta><meta itemprop='eventStatus' content='on-schedule' ><\/meta><script type=\"application\/ld+json\">{\t\"@context\": \"http:\/\/schema.org\",\r\n\t\t\t\t\t\t\t  \t\"@type\": \"Event\",\r\n\t\t\t\t\t\t\t  \t\"name\": \"Rios Ib\u00e9ricos Remax Advanced\",\r\n\t\t\t\t\t\t\t  \t\"startDate\": \"2025-7-13T11-11-22-00\",\r\n\t\t\t\t\t\t\t  \t\"endDate\": \"2025-7-13T11-11-22-00\",\r\n\t\t\t\t\t\t\t  \t\"image\":\"https:\/\/www.federacao-triatlo.pt\/ftp2015\/wp-content\/uploads\/2024\/11\/Cartaz-domingo-300x168.jpg\",\r\n\t\t\t\t\t\t\t  \t\"description\":\"Regulamento Rios Ib\u00e9ricos Remax Advanced\r\n\r\nPercursos Rios Ib\u00e9ricos Remax Advanced - Camp. Nac. Cadetes\r\n\r\nPercursos Rios Ib\u00e9ricos Remax Advanced - Duatlo Promo\u00e7\u00e3o\r\n\r\n\",\r\n\t\t\t\t\t\t\t  \t\r\n\t\t\t\t\t\t\t }\r\n\t\t\t\t\t\t\t<\/script><\/div>\r\n\t\t\t\t<p class=\"desc_trig_outter\"><a data-gmap_status=\"null\" data-exlk=\"0\" style=\"border-color: #088669;\" id=\"evc_1752405720101221\" class=\"desc_trig evo_competicao-nacional sin_val evcal_list_a\" data-ux_val=\"4\"  ><span class='evcal_cblock ' data-bgcolor='#088669' data-smon='Julho' data-syr='2025'><span class='evo_start '><em class='date'>13<\/em><em class='month'>jul<\/em><em class='time'>11:22<\/em><\/span><span class='evo_end only_time'><em class='time'>11:22<\/em><\/span><em class='clear'><\/em><\/span><span class='evcal_desc evo_info hide_eventtopdata '  data-location_status=\"false\" ><span class='evo_above_title'><\/span><span class='evcal_desc2 evcal_event_title' itemprop='name'>Rios Ib\u00e9ricos Remax Advanced<\/span><span class='evo_below_title'><span class='evcal_event_subtitle' >Ta\u00e7a de Portugal - Campeonato Nacional de Cadetes<\/span><\/span><span class='evcal_desc_info' ><\/span><span class='evcal_desc3'><span class='evcal_event_types ett1'><em><i>Tipo de Evento:<\/i><\/em><em data-filter='event_type'>Competi\u00e7\u00e3o Nacional<\/em><i class='clear'><\/i><\/span><\/span><\/span><em class='clear'><\/em><\/p><\/a><div class='clear end'><\/div><\/div><div id=\"event_101220\" class=\"eventon_list_event evo_eventtop past_event event\" data-event_id=\"101220\" data-time=\"1753010340-1753010340\" data-colr=\"#088669\" itemscope itemtype='http:\/\/schema.org\/Event' 3><div class=\"evo_event_schema\" style=\"display:none\" ><a itemprop='url'  href='https:\/\/www.federacao-triatlo.pt\/ftp2015\/events\/iii-triatlo-cross-de-fornos-de-algodres\/'><\/a><span itemprop='name'  >III Triatlo Cross de Fornos de Algodres<\/span><meta itemprop='image'  ><\/meta><meta itemprop='description' content='Regulamento III Triatlo Cross de Fornos de Algodres\r\n\r\nPercursos III Triatlo Cross de Fornos de Algodres\r\n\r\nLista Inscritos Camp. Nac. Clubes Cross\r\n\r\n' ><\/meta><meta itemprop='startDate' content='2025-7-20' ><\/meta><meta itemprop='endDate' content='2025-7-20' ><\/meta><meta itemprop='eventStatus' content='on-schedule' ><\/meta><script type=\"application\/ld+json\">{\t\"@context\": \"http:\/\/schema.org\",\r\n\t\t\t\t\t\t\t  \t\"@type\": \"Event\",\r\n\t\t\t\t\t\t\t  \t\"name\": \"III Triatlo Cross de Fornos de Algodres\",\r\n\t\t\t\t\t\t\t  \t\"startDate\": \"2025-7-20T11-11-19-00\",\r\n\t\t\t\t\t\t\t  \t\"endDate\": \"2025-7-20T11-11-19-00\",\r\n\t\t\t\t\t\t\t  \t\"image\":,\r\n\t\t\t\t\t\t\t  \t\"description\":\"Regulamento III Triatlo Cross de Fornos de Algodres\r\n\r\nPercursos III Triatlo Cross de Fornos de Algodres\r\n\r\nLista Inscritos Camp. Nac. Clubes Cross\r\n\r\n\",\r\n\t\t\t\t\t\t\t  \t\r\n\t\t\t\t\t\t\t }\r\n\t\t\t\t\t\t\t<\/script><\/div>\r\n\t\t\t\t<p class=\"desc_trig_outter\"><a data-gmap_status=\"null\" data-exlk=\"0\" style=\"border-color: #088669;\" id=\"evc_1753010340101220\" class=\"desc_trig evo_competicao-nacional sin_val evcal_list_a\" data-ux_val=\"4\"  ><span class='evcal_cblock ' data-bgcolor='#088669' data-smon='Julho' data-syr='2025'><span class='evo_start '><em class='date'>20<\/em><em class='month'>jul<\/em><em class='time'>11:19<\/em><\/span><span class='evo_end only_time'><em class='time'>11:19<\/em><\/span><em class='clear'><\/em><\/span><span class='evcal_desc evo_info hide_eventtopdata '  data-location_status=\"false\" ><span class='evo_above_title'><\/span><span class='evcal_desc2 evcal_event_title' itemprop='name'>III Triatlo Cross de Fornos de Algodres<\/span><span class='evo_below_title'><span class='evcal_event_subtitle' >Campeonato Nacional de Clubes Cross - Campeonato Nacional de Juniores - Campeonato Nacional de Cadetes - Campeonato Nacional de Paratriatlo<\/span><\/span><span class='evcal_desc_info' ><\/span><span class='evcal_desc3'><span class='evcal_event_types ett1'><em><i>Tipo de Evento:<\/i><\/em><em data-filter='event_type'>Competi\u00e7\u00e3o Nacional<\/em><i class='clear'><\/i><\/span><\/span><\/span><em class='clear'><\/em><\/p><\/a><div class='clear end'><\/div><\/div><\/div><div class='evcal_month_line'><p>Setembro 2025<\/p><\/div><div id='evcal_list' class='evcal_list_month eventon_events_list '><div id=\"event_101223\" class=\"eventon_list_event evo_eventtop past_event event\" data-event_id=\"101223\" data-time=\"1757157840-1757157840\" data-colr=\"#088669\" itemscope itemtype='http:\/\/schema.org\/Event' 1><div class=\"evo_event_schema\" style=\"display:none\" ><a itemprop='url'  href='https:\/\/www.federacao-triatlo.pt\/ftp2015\/events\/vi-triatlo-internacional-de-alhandra\/'><\/a><span itemprop='name'  >VI Triatlo Internacional de Alhandra<\/span><meta itemprop='image'  ><\/meta><meta itemprop='description' content='VI Triatlo Internacional de Alhandra' ><\/meta><meta itemprop='startDate' content='2025-9-6' ><\/meta><meta itemprop='endDate' content='2025-9-6' ><\/meta><meta itemprop='eventStatus' content='on-schedule' ><\/meta><script type=\"application\/ld+json\">{\t\"@context\": \"http:\/\/schema.org\",\r\n\t\t\t\t\t\t\t  \t\"@type\": \"Event\",\r\n\t\t\t\t\t\t\t  \t\"name\": \"VI Triatlo Internacional de Alhandra\",\r\n\t\t\t\t\t\t\t  \t\"startDate\": \"2025-9-6T11-11-24-00\",\r\n\t\t\t\t\t\t\t  \t\"endDate\": \"2025-9-6T11-11-24-00\",\r\n\t\t\t\t\t\t\t  \t\"image\":,\r\n\t\t\t\t\t\t\t  \t\"description\":\"VI Triatlo Internacional de Alhandra\",\r\n\t\t\t\t\t\t\t  \t\r\n\t\t\t\t\t\t\t }\r\n\t\t\t\t\t\t\t<\/script><\/div>\r\n\t\t\t\t<p class=\"desc_trig_outter\"><a data-gmap_status=\"null\" data-exlk=\"0\" style=\"border-color: #088669;\" id=\"evc_1757157840101223\" class=\"desc_trig evo_competicao-nacional sin_val evcal_list_a\" data-ux_val=\"4\"  ><span class='evcal_cblock ' data-bgcolor='#088669' data-smon='Setembro' data-syr='2025'><span class='evo_start '><em class='date'>06<\/em><em class='month'>set<\/em><em class='time'>11:24<\/em><\/span><span class='evo_end only_time'><em class='time'>11:24<\/em><\/span><em class='clear'><\/em><\/span><span class='evcal_desc evo_info hide_eventtopdata '  data-location_status=\"false\" ><span class='evo_above_title'><\/span><span class='evcal_desc2 evcal_event_title' itemprop='name'>VI Triatlo Internacional de Alhandra<\/span><span class='evo_below_title'><span class='evcal_event_subtitle' >Ta\u00e7a do Mundo de Paratriatlo<\/span><\/span><span class='evcal_desc_info' ><\/span><span class='evcal_desc3'><span class='evcal_event_types ett1'><em><i>Tipo de Evento:<\/i><\/em><em data-filter='event_type'>Competi\u00e7\u00e3o Nacional<\/em><i class='clear'><\/i><\/span><\/span><\/span><em class='clear'><\/em><\/p><\/a><div class='clear end'><\/div><\/div><div id=\"event_103295\" class=\"eventon_list_event evo_eventtop past_event event\" data-event_id=\"103295\" data-time=\"1757860800-1757860800\" data-colr=\"#088669\" itemscope itemtype='http:\/\/schema.org\/Event' 2><div class=\"evo_event_schema\" style=\"display:none\" ><a itemprop='url'  href='https:\/\/www.federacao-triatlo.pt\/ftp2015\/events\/iii-triatlo-da-casconha-campeonato-nacional-jovem\/'><\/a><span itemprop='name'  >III Triatlo da Casconha<\/span><meta itemprop='image' content='https:\/\/www.federacao-triatlo.pt\/ftp2015\/wp-content\/uploads\/2025\/07\/WhatsApp-Image-2025-09-08-at-23.19.03-212x300.jpeg' ><\/meta><meta itemprop='description' content='Regulamento III Triatlo da Casconha\r\n\r\nPercursos Campeonato Nacional Jovem - Agrupamento 1\r\n\r\nPercursos Campeonato Nacional Jovem - Agrupamento 2\r\n\r\nLista Inscritos' ><\/meta><meta itemprop='startDate' content='2025-9-14' ><\/meta><meta itemprop='endDate' content='2025-9-14' ><\/meta><meta itemprop='eventStatus' content='on-schedule' ><\/meta><script type=\"application\/ld+json\">{\t\"@context\": \"http:\/\/schema.org\",\r\n\t\t\t\t\t\t\t  \t\"@type\": \"Event\",\r\n\t\t\t\t\t\t\t  \t\"name\": \"III Triatlo da Casconha\",\r\n\t\t\t\t\t\t\t  \t\"startDate\": \"2025-9-14T14-14-40-00\",\r\n\t\t\t\t\t\t\t  \t\"endDate\": \"2025-9-14T14-14-40-00\",\r\n\t\t\t\t\t\t\t  \t\"image\":\"https:\/\/www.federacao-triatlo.pt\/ftp2015\/wp-content\/uploads\/2025\/07\/WhatsApp-Image-2025-09-08-at-23.19.03-212x300.jpeg\",\r\n\t\t\t\t\t\t\t  \t\"description\":\"Regulamento III Triatlo da Casconha\r\n\r\nPercursos Campeonato Nacional Jovem - Agrupamento 1\r\n\r\nPercursos Campeonato Nacional Jovem - Agrupamento 2\r\n\r\nLista Inscritos\",\r\n\t\t\t\t\t\t\t  \t\r\n\t\t\t\t\t\t\t }\r\n\t\t\t\t\t\t\t<\/script><\/div>\r\n\t\t\t\t<p class=\"desc_trig_outter\"><a data-gmap_status=\"null\" data-exlk=\"0\" style=\"border-color: #088669;\" id=\"evc_1757860800103295\" class=\"desc_trig evo_competicao-nacional sin_val evcal_list_a\" data-ux_val=\"4\"  ><span class='evcal_cblock ' data-bgcolor='#088669' data-smon='Setembro' data-syr='2025'><span class='evo_start '><em class='date'>14<\/em><em class='month'>set<\/em><em class='time'>14:40<\/em><\/span><span class='evo_end only_time'><em class='time'>14:40<\/em><\/span><em class='clear'><\/em><\/span><span class='evcal_desc evo_info hide_eventtopdata '  data-location_status=\"false\" ><span class='evo_above_title'><\/span><span class='evcal_desc2 evcal_event_title' itemprop='name'>III Triatlo da Casconha<\/span><span class='evo_below_title'><span class='evcal_event_subtitle' >Campeonato Nacional Jovem Estafetas<\/span><\/span><span class='evcal_desc_info' ><\/span><span class='evcal_desc3'><span class='evcal_event_types ett1'><em><i>Tipo de Evento:<\/i><\/em><em data-filter='event_type'>Competi\u00e7\u00e3o Nacional<\/em><i class='clear'><\/i><\/span><\/span><\/span><em class='clear'><\/em><\/p><\/a><div class='clear end'><\/div><\/div><div id=\"event_101225\" class=\"eventon_list_event evo_eventtop past_event event\" data-event_id=\"101225\" data-time=\"1758367620-1758454020\" data-colr=\"#088669\" itemscope itemtype='http:\/\/schema.org\/Event' 3><div class=\"evo_event_schema\" style=\"display:none\" ><a itemprop='url'  href='https:\/\/www.federacao-triatlo.pt\/ftp2015\/events\/iv-triatlo-de-sao-martinho-do-porto\/'><\/a><span itemprop='name'  >IV Triatlo de S\u00e3o Martinho do Porto<\/span><meta itemprop='image' content='https:\/\/www.federacao-triatlo.pt\/ftp2015\/wp-content\/uploads\/2025\/09\/Promo-Facebook-Facebook-link-image-2025-09-11T121937.556-300x158.jpg' ><\/meta><meta itemprop='description' content='Regulamento IV Triatlo de S\u00e3o Martinho do Porto - CN Clubes e CN Jovem\r\n\r\nRegulamento IV Triatlo de S\u00e3o Martinho do Porto - Ta\u00e7a de' ><\/meta><meta itemprop='startDate' content='2025-9-20' ><\/meta><meta itemprop='endDate' content='2025-9-21' ><\/meta><meta itemprop='eventStatus' content='on-schedule' ><\/meta><script type=\"application\/ld+json\">{\t\"@context\": \"http:\/\/schema.org\",\r\n\t\t\t\t\t\t\t  \t\"@type\": \"Event\",\r\n\t\t\t\t\t\t\t  \t\"name\": \"IV Triatlo de S\u00e3o Martinho do Porto\",\r\n\t\t\t\t\t\t\t  \t\"startDate\": \"2025-9-20T11-11-27-00\",\r\n\t\t\t\t\t\t\t  \t\"endDate\": \"2025-9-21T11-11-27-00\",\r\n\t\t\t\t\t\t\t  \t\"image\":\"https:\/\/www.federacao-triatlo.pt\/ftp2015\/wp-content\/uploads\/2025\/09\/Promo-Facebook-Facebook-link-image-2025-09-11T121937.556-300x158.jpg\",\r\n\t\t\t\t\t\t\t  \t\"description\":\"Regulamento IV Triatlo de S\u00e3o Martinho do Porto - CN Clubes e CN Jovem\r\n\r\nRegulamento IV Triatlo de S\u00e3o Martinho do Porto - Ta\u00e7a de\",\r\n\t\t\t\t\t\t\t  \t\r\n\t\t\t\t\t\t\t }\r\n\t\t\t\t\t\t\t<\/script><\/div>\r\n\t\t\t\t<p class=\"desc_trig_outter\"><a data-gmap_status=\"null\" data-exlk=\"0\" style=\"border-color: #088669;\" id=\"evc_1758367620101225\" class=\"desc_trig evo_competicao-nacional mul_val evcal_list_a\" data-ux_val=\"4\"  ><span class='evcal_cblock ' data-bgcolor='#088669' data-smon='Setembro' data-syr='2025'><span class='evo_start '><em class='date'>20<\/em><em class='month'>set<\/em><em class='time'><i t=\"y\">(set 20)<\/i>11:27<\/em><\/span><span class='evo_end '><em class='date'>21<\/em><em class='time'><i t=\"y\">(set 21)<\/i>11:27<\/em><\/span><em class='clear'><\/em><\/span><span class='evcal_desc evo_info hide_eventtopdata '  data-location_status=\"false\" ><span class='evo_above_title'><\/span><span class='evcal_desc2 evcal_event_title' itemprop='name'>IV Triatlo de S\u00e3o Martinho do Porto<\/span><span class='evo_below_title'><span class='evcal_event_subtitle' >Campeonato Nacional de Clubes de Triatlo em Estafetas - Campeonato Nacional Jovem - Ta\u00e7a de Portugal<\/span><\/span><span class='evcal_desc_info' ><\/span><span class='evcal_desc3'><span class='evcal_event_types ett1'><em><i>Tipo de Evento:<\/i><\/em><em data-filter='event_type'>Competi\u00e7\u00e3o Nacional<\/em><i class='clear'><\/i><\/span><\/span><\/span><em class='clear'><\/em><\/p><\/a><div class='clear end'><\/div><\/div><\/div><div class='evcal_month_line'><p>Outubro 2025<\/p><\/div><div id='evcal_list' class='evcal_list_month eventon_events_list '><div id=\"event_101553\" class=\"eventon_list_event evo_eventtop past_event event\" data-event_id=\"101553\" data-time=\"1759654980-1759654980\" data-colr=\"#088669\" itemscope itemtype='http:\/\/schema.org\/Event' 1><div class=\"evo_event_schema\" style=\"display:none\" ><a itemprop='url'  href='https:\/\/www.federacao-triatlo.pt\/ftp2015\/events\/triatlo-das-caldas-da-rainha-3\/'><\/a><span itemprop='name'  >III Triatlo das Caldas da Rainha<\/span><meta itemprop='image' content='https:\/\/www.federacao-triatlo.pt\/ftp2015\/wp-content\/uploads\/2025\/01\/2025-10-05-cartaz-iii-triatlo-caldas-rainha-rev01-212x300.jpg' ><\/meta><meta itemprop='description' content='Regulamento III Triatlo das Caldas da Rainha\r\n\r\nPercursos III Triatlo das Caldas da Rainha\r\n\r\nLista Inscritos Prova Aberta\r\n\r\nLista Inscritos Ta\u00e7a' ><\/meta><meta itemprop='startDate' content='2025-10-5' ><\/meta><meta itemprop='endDate' content='2025-10-5' ><\/meta><meta itemprop='eventStatus' content='on-schedule' ><\/meta><script type=\"application\/ld+json\">{\t\"@context\": \"http:\/\/schema.org\",\r\n\t\t\t\t\t\t\t  \t\"@type\": \"Event\",\r\n\t\t\t\t\t\t\t  \t\"name\": \"III Triatlo das Caldas da Rainha\",\r\n\t\t\t\t\t\t\t  \t\"startDate\": \"2025-10-5T09-09-03-00\",\r\n\t\t\t\t\t\t\t  \t\"endDate\": \"2025-10-5T09-09-03-00\",\r\n\t\t\t\t\t\t\t  \t\"image\":\"https:\/\/www.federacao-triatlo.pt\/ftp2015\/wp-content\/uploads\/2025\/01\/2025-10-05-cartaz-iii-triatlo-caldas-rainha-rev01-212x300.jpg\",\r\n\t\t\t\t\t\t\t  \t\"description\":\"Regulamento III Triatlo das Caldas da Rainha\r\n\r\nPercursos III Triatlo das Caldas da Rainha\r\n\r\nLista Inscritos Prova Aberta\r\n\r\nLista Inscritos Ta\u00e7a\",\r\n\t\t\t\t\t\t\t  \t\r\n\t\t\t\t\t\t\t }\r\n\t\t\t\t\t\t\t<\/script><\/div>\r\n\t\t\t\t<p class=\"desc_trig_outter\"><a data-gmap_status=\"null\" data-exlk=\"0\" style=\"border-color: #088669;\" id=\"evc_1759654980101553\" class=\"desc_trig evo_competicao-nacional sin_val evcal_list_a\" data-ux_val=\"4\"  ><span class='evcal_cblock ' data-bgcolor='#088669' data-smon='Outubro' data-syr='2025'><span class='evo_start '><em class='date'>05<\/em><em class='month'>out<\/em><em class='time'>9:03<\/em><\/span><span class='evo_end only_time'><em class='time'>9:03<\/em><\/span><em class='clear'><\/em><\/span><span class='evcal_desc evo_info hide_eventtopdata '  data-location_status=\"false\" ><span class='evo_above_title'><\/span><span class='evcal_desc2 evcal_event_title' itemprop='name'>III Triatlo das Caldas da Rainha<\/span><span class='evo_below_title'><span class='evcal_event_subtitle' >Ta\u00e7a de Portugal<\/span><\/span><span class='evcal_desc_info' ><\/span><span class='evcal_desc3'><span class='evcal_event_types ett1'><em><i>Tipo de Evento:<\/i><\/em><em data-filter='event_type'>Competi\u00e7\u00e3o Nacional<\/em><i class='clear'><\/i><\/span><\/span><\/span><em class='clear'><\/em><\/p><\/a><div class='clear end'><\/div><\/div><div id=\"event_101227\" class=\"eventon_list_event evo_eventtop past_event event\" data-event_id=\"101227\" data-time=\"1761478260-1761478260\" data-colr=\"#088669\" itemscope itemtype='http:\/\/schema.org\/Event' 2><div class=\"evo_event_schema\" style=\"display:none\" ><a itemprop='url'  href='https:\/\/www.federacao-triatlo.pt\/ftp2015\/events\/iv-triatlo-sesimbra\/'><\/a><span itemprop='name'  >IV Triatlo de Sesimbra<\/span><meta itemprop='image'  ><\/meta><meta itemprop='description' content='Regulamento IV Triatlo de Sesimbra\r\n\r\nPercursos IV Triatlo de Sesimbra\r\n\r\nLista Inscritos Prova Aberta\r\n\r\nLista Inscritos Ta\u00e7a de Portugal' ><\/meta><meta itemprop='startDate' content='2025-10-26' ><\/meta><meta itemprop='endDate' content='2025-10-26' ><\/meta><meta itemprop='eventStatus' content='on-schedule' ><\/meta><script type=\"application\/ld+json\">{\t\"@context\": \"http:\/\/schema.org\",\r\n\t\t\t\t\t\t\t  \t\"@type\": \"Event\",\r\n\t\t\t\t\t\t\t  \t\"name\": \"IV Triatlo de Sesimbra\",\r\n\t\t\t\t\t\t\t  \t\"startDate\": \"2025-10-26T11-11-31-00\",\r\n\t\t\t\t\t\t\t  \t\"endDate\": \"2025-10-26T11-11-31-00\",\r\n\t\t\t\t\t\t\t  \t\"image\":,\r\n\t\t\t\t\t\t\t  \t\"description\":\"Regulamento IV Triatlo de Sesimbra\r\n\r\nPercursos IV Triatlo de Sesimbra\r\n\r\nLista Inscritos Prova Aberta\r\n\r\nLista Inscritos Ta\u00e7a de Portugal\",\r\n\t\t\t\t\t\t\t  \t\r\n\t\t\t\t\t\t\t }\r\n\t\t\t\t\t\t\t<\/script><\/div>\r\n\t\t\t\t<p class=\"desc_trig_outter\"><a data-gmap_status=\"null\" data-exlk=\"0\" style=\"border-color: #088669;\" id=\"evc_1761478260101227\" class=\"desc_trig evo_competicao-nacional sin_val evcal_list_a\" data-ux_val=\"4\"  ><span class='evcal_cblock ' data-bgcolor='#088669' data-smon='Outubro' data-syr='2025'><span class='evo_start '><em class='date'>26<\/em><em class='month'>out<\/em><em class='time'>11:31<\/em><\/span><span class='evo_end only_time'><em class='time'>11:31<\/em><\/span><em class='clear'><\/em><\/span><span class='evcal_desc evo_info hide_eventtopdata '  data-location_status=\"false\" ><span class='evo_above_title'><\/span><span class='evcal_desc2 evcal_event_title' itemprop='name'>IV Triatlo de Sesimbra<\/span><span class='evo_below_title'><span class='evcal_event_subtitle' >Ta\u00e7a de Portugal<\/span><\/span><span class='evcal_desc_info' ><\/span><span class='evcal_desc3'><span class='evcal_event_types ett1'><em><i>Tipo de Evento:<\/i><\/em><em data-filter='event_type'>Competi\u00e7\u00e3o Nacional<\/em><i class='clear'><\/i><\/span><\/span><\/span><em class='clear'><\/em><\/p><\/a><div class='clear end'><\/div><\/div><\/div><div class='evcal_month_line'><p>Novembro 2025<\/p><\/div><div id='evcal_list' class='evcal_list_month eventon_events_list '><div id=\"event_102931\" class=\"eventon_list_event evo_eventtop past_event event\" data-event_id=\"102931\" data-time=\"1761998580-1762084980\" data-colr=\"#088669\" itemscope itemtype='http:\/\/schema.org\/Event' 1><div class=\"evo_event_schema\" style=\"display:none\" ><a itemprop='url'  href='https:\/\/www.federacao-triatlo.pt\/ftp2015\/events\/triatlo-e-aquatlo-da-amora\/'><\/a><span itemprop='name'  >VI Aquatlo da Amora<\/span><meta itemprop='image'  ><\/meta><meta itemprop='description' content='Regulamento VI Aquatlo da Amora\r\n\r\nPercursos VI Aquatlo da Amora - CN Individual e de Clubes\r\n\r\nPercursos VI Aquatlo da Amora - CN' ><\/meta><meta itemprop='startDate' content='2025-11-1' ><\/meta><meta itemprop='endDate' content='2025-11-2' ><\/meta><meta itemprop='eventStatus' content='on-schedule' ><\/meta><script type=\"application\/ld+json\">{\t\"@context\": \"http:\/\/schema.org\",\r\n\t\t\t\t\t\t\t  \t\"@type\": \"Event\",\r\n\t\t\t\t\t\t\t  \t\"name\": \"VI Aquatlo da Amora\",\r\n\t\t\t\t\t\t\t  \t\"startDate\": \"2025-11-1T12-12-03-00\",\r\n\t\t\t\t\t\t\t  \t\"endDate\": \"2025-11-2T12-12-03-00\",\r\n\t\t\t\t\t\t\t  \t\"image\":,\r\n\t\t\t\t\t\t\t  \t\"description\":\"Regulamento VI Aquatlo da Amora\r\n\r\nPercursos VI Aquatlo da Amora - CN Individual e de Clubes\r\n\r\nPercursos VI Aquatlo da Amora - CN\",\r\n\t\t\t\t\t\t\t  \t\r\n\t\t\t\t\t\t\t }\r\n\t\t\t\t\t\t\t<\/script><\/div>\r\n\t\t\t\t<p class=\"desc_trig_outter\"><a data-gmap_status=\"null\" data-exlk=\"0\" style=\"border-color: #088669;\" id=\"evc_1761998580102931\" class=\"desc_trig evo_competicao-nacional mul_val evcal_list_a\" data-ux_val=\"4\"  ><span class='evcal_cblock ' data-bgcolor='#088669' data-smon='Novembro' data-syr='2025'><span class='evo_start '><em class='date'>01<\/em><em class='month'>nov<\/em><em class='time'>12:03<\/em><\/span><span class='evo_end '><em class='date'>02<\/em><em class='time'><i>(nov 2)<\/i>12:03<\/em><\/span><em class='clear'><\/em><\/span><span class='evcal_desc evo_info hide_eventtopdata '  data-location_status=\"false\" ><span class='evo_above_title'><\/span><span class='evcal_desc2 evcal_event_title' itemprop='name'>VI Aquatlo da Amora<\/span><span class='evo_below_title'><span class='evcal_event_subtitle' >Campeonato Nacional de Clubes de Aquatlo - Campeonato Nacional Individual de Aquatlo - Campeonato Nacional de Clubes de Triatlo Contrarrel\u00f3gio Equipas<\/span><\/span><span class='evcal_desc_info' ><\/span><span class='evcal_desc3'><span class='evcal_event_types ett1'><em><i>Tipo de Evento:<\/i><\/em><em data-filter='event_type'>Competi\u00e7\u00e3o Nacional<\/em><i class='clear'><\/i><\/span><\/span><\/span><em class='clear'><\/em><\/p><\/a><div class='clear end'><\/div><\/div><\/div><div class='clear'><\/div><\/div><!-- ajde_evcal_calendar--><\/p>\n<\/div><\/div><\/div><\/div><\/div>\n","protected":false},"excerpt":{"rendered":"","protected":false},"author":15430,"featured_media":0,"parent":101184,"menu_order":1,"comment_status":"closed","ping_status":"closed","template":"","meta":{"footnotes":""},"_links":{"self":[{"href":"https:\/\/www.federacao-triatlo.pt\/ftp2015\/wp-json\/wp\/v2\/pages\/101188"}],"collection":[{"href":"https:\/\/www.federacao-triatlo.pt\/ftp2015\/wp-json\/wp\/v2\/pages"}],"about":[{"href":"https:\/\/www.federacao-triatlo.pt\/ftp2015\/wp-json\/wp\/v2\/types\/page"}],"author":[{"embeddable":true,"href":"https:\/\/www.federacao-triatlo.pt\/ftp2015\/wp-json\/wp\/v2\/users\/15430"}],"replies":[{"embeddable":true,"href":"https:\/\/www.federacao-triatlo.pt\/ftp2015\/wp-json\/wp\/v2\/comments?post=101188"}],"version-history":[{"count":47,"href":"https:\/\/www.federacao-triatlo.pt\/ftp2015\/wp-json\/wp\/v2\/pages\/101188\/revisions"}],"predecessor-version":[{"id":105050,"href":"https:\/\/www.federacao-triatlo.pt\/ftp2015\/wp-json\/wp\/v2\/pages\/101188\/revisions\/105050"}],"up":[{"embeddable":true,"href":"https:\/\/www.federacao-triatlo.pt\/ftp2015\/wp-json\/wp\/v2\/pages\/101184"}],"wp:attachment":[{"href":"https:\/\/www.federacao-triatlo.pt\/ftp2015\/wp-json\/wp\/v2\/media?parent=101188"}],"curies":[{"name":"wp","href":"https:\/\/api.w.org\/{rel}","templated":true}]}}